{"id":136521,"date":"2026-09-03T00:07:45","date_gmt":"2026-09-03T00:07:45","guid":{"rendered":"https:\/\/iwell-guard.com\/?page_id=136521"},"modified":"2026-09-03T01:04:58","modified_gmt":"2026-09-03T01:04:58","slug":"lucifer","status":"publish","type":"page","link":"https:\/\/iwell-guard.com\/sv\/lucifer\/","title":{"rendered":"Lucifer"},"content":{"rendered":"\t\t<div data-elementor-type=\"wp-page\" data-elementor-id=\"136521\" class=\"elementor elementor-136521 elementor-1019\" data-elementor-post-type=\"page\">\n\t\t\t\t<div class=\"elementor-element elementor-element-10fdade e-flex e-con-boxed e-con e-parent\" data-id=\"10fdade\" data-element_type=\"container\" data-e-type=\"container\" data-settings=\"{&quot;background_background&quot;:&quot;classic&quot;}\">\n\t\t\t\t\t<div class=\"e-con-inner\">\n\t\t<div class=\"elementor-element elementor-element-herohlft0 e-flex e-con-boxed e-con e-child\" data-id=\"herohlft0\" data-element_type=\"container\" data-e-type=\"container\">\n\t\t\t\t\t<div class=\"e-con-inner\">\n\t\t<div class=\"elementor-element elementor-element-c3ceb64 e-con-full e-flex e-con e-child\" data-id=\"c3ceb64\" data-element_type=\"container\" data-e-type=\"container\">\n\t\t\t\t<div class=\"elementor-element elementor-element-96ae5e1 elementor-widget elementor-widget-heading\" data-id=\"96ae5e1\" data-element_type=\"widget\" data-e-type=\"widget\" data-widget_type=\"heading.default\">\n\t\t\t\t\t<h1 class=\"elementor-heading-title elementor-size-default\">Lucifer, gud i den kristna traditionen<\/h1>\t\t\t\t<\/div>\n\t\t\t\t<div class=\"elementor-element elementor-element-e45238a elementor-widget elementor-widget-text-editor\" data-id=\"e45238a\" data-element_type=\"widget\" data-e-type=\"widget\" data-widget_type=\"text-editor.default\">\n\t\t\t\t\t\t\t\t\t<p><strong>Ljusb\u00e4raren som f\u00f6ll, h\u00f6gmodets <span class=\"iwg-fachbegriff\" data-tooltip=\"I de abrahamitiska religionerna ett himmelskt s\u00e4ndebud fr\u00e5n Gud.\" tabindex=\"0\">\u00e4ngel<\/span>.<\/strong><\/p>\t\t\t\t\t\t\t\t<\/div>\n\t\t\t\t<\/div>\n\t\t<div class=\"elementor-element elementor-element-klsbdg01 e-con-full e-flex e-con e-parent\" data-id=\"klsbdg01\" data-element_type=\"container\" data-e-type=\"container\">\n\t\t\t\t<div class=\"elementor-element elementor-element-klshtm01 elementor-widget elementor-widget-html\" data-id=\"klshtm01\" data-element_type=\"widget\" data-e-type=\"widget\" data-widget_type=\"html.default\">\n\t\t\t\t\t<div class=\"iwg-pill-row\"><span class=\"iwg-klasse-badge\" tabindex=\"0\" data-tooltip=\"Gud\/Gudinna: Personifierad h\u00f6gsta makt i en kulturs pantheon, med tydliga ansvarsomr\u00e5den s\u00e5som naturkrafter, \u00f6de, krig, fruktbarhet. Dyrkad genom kulter, offer och tempelinstitutioner.\">Gud<\/span><a href=\"https:\/\/iwell-guard.com\/sv\/kristendomen\/\" class=\"iwg-kultur-badge\" tabindex=\"0\" data-tooltip=\"Kristen tradition med sina \u00e4nglar, demoner och mystiska v\u00e4sen.\">Kristendom<\/a><a href=\"https:\/\/iwell-guard.com\/sv\/anti-gudar\/\" class=\"iwg-tradition-badge\" tabindex=\"0\" data-tooltip=\"Kaosmakter och kosmiska motst\u00e5ndare, motspelare i den religionshistoriska dualismen.\">Anti-Gud<\/a><\/div>\t\t\t\t<\/div>\n\t\t\t\t<\/div>\n\t\t<div class=\"elementor-element elementor-element-3f74855 e-con-full e-flex e-con e-child\" data-id=\"3f74855\" data-element_type=\"container\" data-e-type=\"container\">\n\t\t\t\t<div class=\"elementor-element elementor-element-1c30362 elementor-toc--minimized-on-tablet elementor-widget elementor-widget-table-of-contents\" data-id=\"1c30362\" data-element_type=\"widget\" data-e-type=\"widget\" data-settings=\"{&quot;exclude_headings_by_selector&quot;:[],&quot;no_headings_message&quot;:&quot;Inga rubriker hittades p\\u00e5 den h\\u00e4r sidan.&quot;,&quot;headings_by_tags&quot;:[&quot;h2&quot;,&quot;h3&quot;],&quot;marker_view&quot;:&quot;bullets&quot;,&quot;icon&quot;:{&quot;value&quot;:&quot;fas fa-circle&quot;,&quot;library&quot;:&quot;fa-solid&quot;,&quot;rendered_tag&quot;:&quot;&lt;svg class=\\&quot;e-font-icon-svg e-fas-circle\\&quot; viewBox=\\&quot;0 0 512 512\\&quot; xmlns=\\&quot;http:\\\/\\\/www.w3.org\\\/2000\\\/svg\\&quot;&gt;&lt;path d=\\&quot;M256 8C119 8 8 119 8 256s111 248 248 248 248-111 248-248S393 8 256 8z\\&quot;&gt;&lt;\\\/path&gt;&lt;\\\/svg&gt;&quot;},&quot;minimize_box&quot;:&quot;yes&quot;,&quot;minimized_on&quot;:&quot;tablet&quot;,&quot;hierarchical_view&quot;:&quot;yes&quot;,&quot;min_height&quot;:{&quot;unit&quot;:&quot;px&quot;,&quot;size&quot;:&quot;&quot;,&quot;sizes&quot;:[]},&quot;min_height_tablet&quot;:{&quot;unit&quot;:&quot;px&quot;,&quot;size&quot;:&quot;&quot;,&quot;sizes&quot;:[]},&quot;min_height_mobile&quot;:{&quot;unit&quot;:&quot;px&quot;,&quot;size&quot;:&quot;&quot;,&quot;sizes&quot;:[]}}\" data-widget_type=\"table-of-contents.default\">\n\t\t\t\t\t\t\t\t\t<div class=\"elementor-toc__header\">\n\t\t\t\t\t\t<h2 class=\"elementor-toc__header-title\">\n\t\t\t\tInneh\u00e5llsf\u00f6rteckning\t\t\t<\/h2>\n\t\t\t\t\t\t\t\t\t\t<div class=\"elementor-toc__toggle-button elementor-toc__toggle-button--expand\" role=\"button\" tabindex=\"0\" aria-controls=\"elementor-toc__1c30362\" aria-expanded=\"true\" aria-label=\"\u00d6ppna inneh\u00e5llsf\u00f6rteckning\"><svg aria-hidden=\"true\" class=\"e-font-icon-svg e-fas-chevron-down\" viewBox=\"0 0 448 512\" xmlns=\"http:\/\/www.w3.org\/2000\/svg\"><path d=\"M207.029 381.476L12.686 187.132c-9.373-9.373-9.373-24.569 0-33.941l22.667-22.667c9.357-9.357 24.522-9.375 33.901-.04L224 284.505l154.745-154.021c9.379-9.335 24.544-9.317 33.901.04l22.667 22.667c9.373 9.373 9.373 24.569 0 33.941L240.971 381.476c-9.373 9.372-24.569 9.372-33.942 0z\"><\/path><\/svg><\/div>\n\t\t\t\t<div class=\"elementor-toc__toggle-button elementor-toc__toggle-button--collapse\" role=\"button\" tabindex=\"0\" aria-controls=\"elementor-toc__1c30362\" aria-expanded=\"true\" aria-label=\"St\u00e4ng inneh\u00e5llsf\u00f6rteckning\"><svg aria-hidden=\"true\" class=\"e-font-icon-svg e-fas-chevron-up\" viewBox=\"0 0 448 512\" xmlns=\"http:\/\/www.w3.org\/2000\/svg\"><path d=\"M240.971 130.524l194.343 194.343c9.373 9.373 9.373 24.569 0 33.941l-22.667 22.667c-9.357 9.357-24.522 9.375-33.901.04L224 227.495 69.255 381.516c-9.379 9.335-24.544 9.317-33.901-.04l-22.667-22.667c-9.373-9.373-9.373-24.569 0-33.941L207.03 130.525c9.372-9.373 24.568-9.373 33.941-.001z\"><\/path><\/svg><\/div>\n\t\t\t\t\t<\/div>\n\t\t\t\t<div id=\"elementor-toc__1c30362\" class=\"elementor-toc__body\">\n\t\t\t<div class=\"elementor-toc__spinner-container\">\n\t\t\t\t<svg class=\"elementor-toc__spinner eicon-animation-spin e-font-icon-svg e-eicon-loading\" aria-hidden=\"true\" viewBox=\"0 0 1000 1000\" xmlns=\"http:\/\/www.w3.org\/2000\/svg\"><path d=\"M500 975V858C696 858 858 696 858 500S696 142 500 142 142 304 142 500H25C25 237 238 25 500 25S975 237 975 500 763 975 500 975Z\"><\/path><\/svg>\t\t\t<\/div>\n\t\t<\/div>\n\t\t\t\t\t\t<\/div>\n\t\t\t\t<\/div>\n\t\t\t\t\t<\/div>\n\t\t\t\t<\/div>\n\t\t<div class=\"elementor-element elementor-element-herorght0 e-con-full e-flex e-con e-child\" data-id=\"herorght0\" data-element_type=\"container\" data-e-type=\"container\">\n\t\t\t\t<div class=\"elementor-element elementor-element-heroimg00 iwg-hero-image elementor-widget elementor-widget-image\" data-id=\"heroimg00\" data-element_type=\"widget\" data-e-type=\"widget\" data-widget_type=\"image.default\">\n\t\t\t\t\t\t\t\t\t\t\t\t\t\t\t<img fetchpriority=\"high\" decoding=\"async\" width=\"683\" height=\"1024\" src=\"https:\/\/iwell-guard.com\/wp-content\/uploads\/2026\/04\/goetter_christentum_luzifer-683x1024.webp\" class=\"attachment-large size-large wp-image-136419\" alt=\"Lucifer - gudar fr\u00e5n den kristna traditionen, historiskt-illustrativt\" srcset=\"https:\/\/iwell-guard.com\/wp-content\/uploads\/2026\/04\/goetter_christentum_luzifer-683x1024.webp 683w, https:\/\/iwell-guard.com\/wp-content\/uploads\/2026\/04\/goetter_christentum_luzifer-200x300.webp 200w, https:\/\/iwell-guard.com\/wp-content\/uploads\/2026\/04\/goetter_christentum_luzifer-768x1152.webp 768w, https:\/\/iwell-guard.com\/wp-content\/uploads\/2026\/04\/goetter_christentum_luzifer.webp 1024w\" sizes=\"(max-width: 683px) 100vw, 683px\" \/>\t\t\t\t\t\t\t\t\t\t\t\t\t\t\t<\/div>\n\t\t\t\t<\/div>\n\t\t\t\t\t<\/div>\n\t\t\t\t<\/div>\n\t\t<div class=\"elementor-element elementor-element-32917199 e-flex e-con-boxed e-con e-parent\" data-id=\"32917199\" data-element_type=\"container\" data-e-type=\"container\">\n\t\t\t\t\t<div class=\"e-con-inner\">\n\t\t<div class=\"elementor-element elementor-element-26e916cb e-flex e-con-boxed e-con e-child\" data-id=\"26e916cb\" data-element_type=\"container\" data-e-type=\"container\">\n\t\t\t\t\t<div class=\"e-con-inner\">\n\t\t<div class=\"elementor-element elementor-element-253a40d4 e-flex e-con-boxed e-con e-child\" data-id=\"253a40d4\" data-element_type=\"container\" data-e-type=\"container\">\n\t\t\t\t\t<div class=\"e-con-inner\">\n\t\t\t\t<div class=\"elementor-element elementor-element-1200c304 elementor-widget elementor-widget-heading\" data-id=\"1200c304\" data-element_type=\"widget\" data-e-type=\"widget\" data-widget_type=\"heading.default\">\n\t\t\t\t\t<h2 class=\"elementor-heading-title elementor-size-default\">Lucifer<\/h2>\t\t\t\t<\/div>\n\t\t\t\t<div class=\"elementor-element elementor-element-11758e7f elementor-widget elementor-widget-text-editor\" data-id=\"11758e7f\" data-element_type=\"widget\" data-e-type=\"widget\" data-widget_type=\"text-editor.default\">\n\t\t\t\t\t\t\t\t\t<p>Lucifer \u00e4r gud i den kristna traditionen.<\/p><p>Lucifer \u00e4r i den kristna traditionen gestalten av den h\u00f6gsta fallna \u00e4ngeln. Likst\u00e4llandet med Satan \u00e4r medeltida; ursprungligen \u00e4r \u201dLucifer\u201d (lat. \u201dljusb\u00e4rare\u201d) bara namnet p\u00e5 morgonstj\u00e4rnan och syftar i Jesaja 14:12 bildligt p\u00e5 en fallen h\u00e4rskare. Kyrkof\u00e4derna l\u00e4ser detta st\u00e4lle som urscenen f\u00f6r \u00e4nglafallet och skapar d\u00e4rmed huvudgestalten i den medeltida demonologin.<\/p><p>I den moderna eran f\u00e5r Lucifer en komplex mottagande: Miltons <em>Paradise Lost<\/em> ger honom v\u00e4rdighet och tragiskt djup; Goethes Mefistofeles \u00e4r en ironisk avkomling; inom <span class=\"iwg-fachbegriff\" data-tooltip=\"Samlingsbegrepp f\u00f6r l\u00e4ror som g\u00f6r anspr\u00e5k p\u00e5 dold kunskap som endast \u00e4r tillg\u00e4nglig f\u00f6r invigda.\" tabindex=\"0\">esoterik<\/span> och i moderniteten tolkas Lucifer delvis positivt som en <span class=\"iwg-fachbegriff\" data-tooltip=\"Ett tecken som representerar en f\u00f6rest\u00e4llning eller betydelse.\" tabindex=\"0\">symbol<\/span> f\u00f6r uppror mot heteronom auktoritet.<\/p><div><p><strong>Jesaja 14:12 som nyckeltext<\/strong><\/p><p>Lucifer-gestalten som fallen <span class=\"iwg-fachbegriff\" data-tooltip=\"I de abrahamitiska religionerna ett himmelskt s\u00e4ndebud fr\u00e5n Gud.\" tabindex=\"0\">\u00e4ngel<\/span> g\u00e5r religionshistoriskt tillbaka p\u00e5 en senantik-kristen tolkning av Jesaja 14:12. Versen (<em>Hur har du fallit fr\u00e5n himlen, du morgonstj\u00e4rna, du gryningens son<\/em>) syftar i sitt ursprungliga profetiska sammanhang p\u00e5 den babyloniske kungen och \u00e4r en h\u00e5nfull klagos\u00e5ng \u00f6ver dennes politiska fall.<\/p><p>Den patristiska tolkningen sedan Origenes (<em>De principiis<\/em>, ca. 230) tolkar versen typologiskt som \u00e4nglafallet: det hebreiska <em>Helel ben Shahar<\/em> \u00f6vers\u00e4tts i Vulgata med <em>Lucifer<\/em> (lat. \u201dljusb\u00e4rare\u201d). Hieronymus identifierar versen med \u00e4nglafallet f\u00f6re skapelsen och bef\u00e4ster d\u00e4rmed den lucifer-mytologiska traditionen f\u00f6r den latinska medeltiden.<\/p><\/div>\t\t\t\t\t\t\t\t<\/div>\n\t\t\t\t\t<\/div>\n\t\t\t\t<\/div>\n\t\t<div class=\"elementor-element elementor-element-159dcf9a e-flex e-con-boxed e-con e-child\" data-id=\"159dcf9a\" data-element_type=\"container\" data-e-type=\"container\">\n\t\t\t\t\t<div class=\"e-con-inner\">\n\t\t\t\t<div class=\"elementor-element elementor-element-48cee66f elementor-widget elementor-widget-heading\" data-id=\"48cee66f\" data-element_type=\"widget\" data-e-type=\"widget\" data-widget_type=\"heading.default\">\n\t\t\t\t\t<h2 class=\"elementor-heading-title elementor-size-default\">Kortprofil: Lucifer<\/h2>\t\t\t\t<\/div>\n\t\t\t\t<div class=\"elementor-element elementor-element-3f50d82c elementor-widget elementor-widget-text-editor\" data-id=\"3f50d82c\" data-element_type=\"widget\" data-e-type=\"widget\" data-widget_type=\"text-editor.default\">\n\t\t\t\t\t\t\t\t\t<p><strong>Typ:<\/strong> Fallen ljus-<span class=\"iwg-fachbegriff\" data-tooltip=\"I de abrahamitiska religionerna ett himmelskt s\u00e4ndebud fr\u00e5n Gud.\" tabindex=\"0\">\u00e4ngel<\/span><br>H\u00e4rkomst: Senantik-kristen tolkning av Jes 14<br>Texter: Jes 14, Luk 10:18, patristik, Milton<br>Tidsperiod: 300-talet till nutid<br>Tillnamn: Ljusb\u00e4rare, morgonstj\u00e4rna, gryningens son<\/p>\t\t\t\t\t\t\t\t<\/div>\n\t\t\t\t\t<\/div>\n\t\t\t\t<\/div>\n\t\t\t\t\t<\/div>\n\t\t\t\t<\/div>\n\t\t\t\t\t<\/div>\n\t\t\t\t<\/div>\n\t\t<div class=\"elementor-element elementor-element-18613602 e-flex e-con-boxed e-con e-parent\" data-id=\"18613602\" data-element_type=\"container\" data-e-type=\"container\">\n\t\t\t\t\t<div class=\"e-con-inner\">\n\t\t\t\t<div class=\"elementor-element elementor-element-262b8a9f elementor-widget elementor-widget-heading\" data-id=\"262b8a9f\" data-element_type=\"widget\" data-e-type=\"widget\" data-widget_type=\"heading.default\">\n\t\t\t\t\t<h2 class=\"elementor-heading-title elementor-size-default\">Inordning<\/h2>\t\t\t\t<\/div>\n\t\t<div class=\"elementor-element elementor-element-46dcb7d e-con-full e-flex e-con e-child\" data-id=\"46dcb7d\" data-element_type=\"container\" data-e-type=\"container\">\n\t\t<div class=\"elementor-element elementor-element-61d3ab3 e-flex e-con-boxed e-con e-child\" data-id=\"61d3ab3\" data-element_type=\"container\" data-e-type=\"container\">\n\t\t\t\t\t<div class=\"e-con-inner\">\n\t\t\t\t<div class=\"elementor-element elementor-element-117c166 elementor-widget elementor-widget-heading\" data-id=\"117c166\" data-element_type=\"widget\" data-e-type=\"widget\" data-widget_type=\"heading.default\">\n\t\t\t\t\t<div class=\"elementor-heading-title elementor-size-default\">Texternas tidsperiod<\/div>\t\t\t\t<\/div>\n\t\t\t\t<div class=\"elementor-element elementor-element-73997a0 elementor-widget elementor-widget-text-editor\" data-id=\"73997a0\" data-element_type=\"widget\" data-e-type=\"widget\" data-widget_type=\"text-editor.default\">\n\t\t\t\t\t\t\t\t\t<p>Patristiken under 300- och 400-talen tolkar Jes 14:12 som \u00e4nglafallet. Medeltida <span class=\"iwg-fachbegriff\" data-tooltip=\"Den vetenskapliga l\u00e4ran om Gud och om en religions tro.\" tabindex=\"0\">teologi<\/span> (Thomas av Aquino) vidareutvecklar detta. Milton (1600-talet) skapar den litter\u00e4ra huvudgestalten. Romantiken och moderniteten uppt\u00e4cker Lucifer som en symbolfigur f\u00f6r uppror.<\/p>\t\t\t\t\t\t\t\t<\/div>\n\t\t\t\t\t<\/div>\n\t\t\t\t<\/div>\n\t\t<div class=\"elementor-element elementor-element-d47b156 e-flex e-con-boxed e-con e-child\" data-id=\"d47b156\" data-element_type=\"container\" data-e-type=\"container\">\n\t\t\t\t\t<div class=\"e-con-inner\">\n\t\t\t\t<div class=\"elementor-element elementor-element-ff38c2b elementor-widget elementor-widget-heading\" data-id=\"ff38c2b\" data-element_type=\"widget\" data-e-type=\"widget\" data-widget_type=\"heading.default\">\n\t\t\t\t\t<div class=\"elementor-heading-title elementor-size-default\">Utbredningsomr\u00e5de<\/div>\t\t\t\t<\/div>\n\t\t\t\t<div class=\"elementor-element elementor-element-4e49fcc elementor-widget elementor-widget-text-editor\" data-id=\"4e49fcc\" data-element_type=\"widget\" data-e-type=\"widget\" data-widget_type=\"text-editor.default\">\n\t\t\t\t\t\t\t\t\t<p>Hela den kristna kulturkretsen; s\u00e4rskilt framtr\u00e4dande i v\u00e4steuropeisk ikonografi och litteratur. I den moderna tiden v\u00e4rldsomsp\u00e4nnande genom litteratur, m\u00e5leri och popul\u00e4rkultur.<\/p>\t\t\t\t\t\t\t\t<\/div>\n\t\t\t\t\t<\/div>\n\t\t\t\t<\/div>\n\t\t\t\t<\/div>\n\t\t<div class=\"elementor-element elementor-element-db03c39 e-con-full e-flex e-con e-child\" data-id=\"db03c39\" data-element_type=\"container\" data-e-type=\"container\">\n\t\t<div class=\"elementor-element elementor-element-229a87b e-flex e-con-boxed e-con e-child\" data-id=\"229a87b\" data-element_type=\"container\" data-e-type=\"container\">\n\t\t\t\t\t<div class=\"e-con-inner\">\n\t\t\t\t<div class=\"elementor-element elementor-element-1f471fc elementor-widget elementor-widget-heading\" data-id=\"1f471fc\" data-element_type=\"widget\" data-e-type=\"widget\" data-widget_type=\"heading.default\">\n\t\t\t\t\t<div class=\"elementor-heading-title elementor-size-default\">K\u00e4ll\u00e4ge<\/div>\t\t\t\t<\/div>\n\t\t\t\t<div class=\"elementor-element elementor-element-36b1201 elementor-widget elementor-widget-text-editor\" data-id=\"36b1201\" data-element_type=\"widget\" data-e-type=\"widget\" data-widget_type=\"text-editor.default\">\n\t\t\t\t\t\t\t\t\t<p>Jes 14:12; Luk 10:18; 2 Kor 11:14; patristik (Origenes, Hieronymus, Augustinus), Milton, Goethe, Byron, romantikens <span class=\"iwg-fachbegriff\" data-tooltip=\"L\u00e4ran om bildinneh\u00e5ll och deras betydelse.\" tabindex=\"0\">ikonografi<\/span>, nyesoterisk litteratur.<\/p>\t\t\t\t\t\t\t\t<\/div>\n\t\t\t\t\t<\/div>\n\t\t\t\t<\/div>\n\t\t\t\t<\/div>\n\t\t\t\t\t<\/div>\n\t\t\t\t<\/div>\n\t\t<div class=\"elementor-element elementor-element-3ae0637c e-flex e-con-boxed e-con e-parent\" data-id=\"3ae0637c\" data-element_type=\"container\" data-e-type=\"container\">\n\t\t\t\t\t<div class=\"e-con-inner\">\n\t\t\t\t<div class=\"elementor-element elementor-element-31d07739 elementor-widget elementor-widget-heading\" data-id=\"31d07739\" data-element_type=\"widget\" data-e-type=\"widget\" data-widget_type=\"heading.default\">\n\t\t\t\t\t<h2 class=\"elementor-heading-title elementor-size-default\">Beteckning och stavningar<\/h2>\t\t\t\t<\/div>\n\t\t<div class=\"elementor-element elementor-element-b7642947 e-con-full e-flex e-con e-child\" data-id=\"b7642947\" data-element_type=\"container\" data-e-type=\"container\">\n\t\t\t\t<div class=\"elementor-element elementor-element-a086266 elementor-widget elementor-widget-text-editor\" data-id=\"a086266\" data-element_type=\"widget\" data-e-type=\"widget\" data-widget_type=\"text-editor.default\">\n\t\t\t\t\t\t\t\t\t<p><strong>Latin:<\/strong> <em>Lucifer<\/em>, \u201dljusb\u00e4rare\u201d (av <em>lux<\/em> + <em>ferre<\/em>).<br>Hebreiska (Jes 14:12): <em>Heulel ben Schachar<\/em>, \u201dDen str\u00e5lande, gryningens son\u201d.<br>Grekiska: <em>Phosphoros<\/em>, \u201dljusb\u00e4rare\u201d.<br>Medeltida: Lucifer, oftast identifierad med Satan.<\/p><p>Namnet \u00e4r astronomiskt: morgonstj\u00e4rnan (Venus). Jesaja 14 \u00e4r en h\u00e5nfull klagos\u00e5ng mot en babylonisk kung som f\u00f6ll fr\u00e5n himlen som \u201dmorgonstj\u00e4rna\u201d. Den tidiga kyrkan l\u00e4ste detta typologiskt som den h\u00f6gsta \u00e4ngelns fall.<\/p>\t\t\t\t\t\t\t\t<\/div>\n\t\t\t\t<\/div>\n\t\t\t\t\t<\/div>\n\t\t\t\t<\/div>\n\t\t<div class=\"elementor-element elementor-element-709a44a8 e-flex e-con-boxed e-con e-parent\" data-id=\"709a44a8\" data-element_type=\"container\" data-e-type=\"container\">\n\t\t\t\t\t<div class=\"e-con-inner\">\n\t\t\t\t<div class=\"elementor-element elementor-element-2f585873 elementor-widget elementor-widget-heading\" data-id=\"2f585873\" data-element_type=\"widget\" data-e-type=\"widget\" data-widget_type=\"heading.default\">\n\t\t\t\t\t<h2 class=\"elementor-heading-title elementor-size-default\">V\u00e4sensdrag<\/h2>\t\t\t\t<\/div>\n\t\t<div class=\"elementor-element elementor-element-70621c12 e-con-full e-flex e-con e-child\" data-id=\"70621c12\" data-element_type=\"container\" data-e-type=\"container\">\n\t\t\t\t<div class=\"elementor-element elementor-element-4296eb49 elementor-widget elementor-widget-text-editor\" data-id=\"4296eb49\" data-element_type=\"widget\" data-e-type=\"widget\" data-widget_type=\"text-editor.default\">\n\t\t\t\t\t\t\t\t\t<p><strong>Utseende<\/strong><\/p><p>Ursprungligen den sk\u00f6naste av <span class=\"iwg-fachbegriff\" data-tooltip=\"I de abrahamitiska religionerna en himmelsk budb\u00e4rare fr\u00e5n Gud.\" tabindex=\"0\">\u00e4nglarna<\/span>. Efter fallet: m\u00f6rk och vanst\u00e4lld (patristiken) eller v\u00e4rdig och tragisk (Milton). Modern <span class=\"iwg-fachbegriff\" data-tooltip=\"L\u00e4ran om bildinneh\u00e5ll och deras betydelse.\" tabindex=\"0\">ikonografi<\/span> str\u00e4cker sig fr\u00e5n den hornade dj\u00e4vulen till den romantiskt-melankoliska geniusen.<\/p><p><strong>Beteende<\/strong><\/p><p>F\u00f6re fallet: den h\u00f6gsta <span class=\"iwg-fachbegriff\" data-tooltip=\"I de abrahamitiska religionerna en himmelsk budb\u00e4rare fr\u00e5n Gud.\" tabindex=\"0\">\u00e4ngeln<\/span> i Guds n\u00e4rvaro. Vid fallet: vill vara som Gud, uppmanar till uppror. Efter fallet: frestare, h\u00e4rskare \u00f6ver helvetet, samtidigt en <span class=\"iwg-fachbegriff\" data-tooltip=\"Ett tecken som representerar en f\u00f6rest\u00e4llning eller betydelse.\" tabindex=\"0\">symbol<\/span> f\u00f6r om\u00e4tlig f\u00f6rlust.<\/p><p><strong>Verkningsomr\u00e5de<\/strong><\/p><p>Kosmiskt som nyckelfigur i \u00e4nglafalls-<span class=\"iwg-fachbegriff\" data-tooltip=\"En traderad ber\u00e4ttelse om gudar, ursprung och v\u00e4rldens ordning.\" tabindex=\"0\">myten<\/span>. Etiskt som en <span class=\"iwg-fachbegriff\" data-tooltip=\"Ett tecken som representerar en f\u00f6rest\u00e4llning eller betydelse.\" tabindex=\"0\">symbol<\/span> f\u00f6r h\u00f6gmod. Litter\u00e4rt-kulturellt som pr\u00f6vosten f\u00f6r m\u00e4nsklig sj\u00e4lvbest\u00e4mmelse.<\/p><p><strong>Mytologiskt ursprung<\/strong><\/p><p>Astronomiskt namn f\u00f6r Venus, teologiskt laddat genom Jes 14 och nytestamentliga fallber\u00e4ttelser. I patristiken utvecklad till urgestalten f\u00f6r det onda.<\/p><div><p><strong>Medeltida \u00e4nglahierarki och Dante<\/strong><\/p><p>I den medeltida \u00e4nglahierarkin enligt Pseudo-Dionysios Areopagita (<em>De caelesti hierarchia<\/em>, ca. 500) h\u00f6rde Lucifer ursprungligen till den h\u00f6gsta k\u00f6ren, seraferna, vars uppror och fall \u00e4r det paradigmatiska exemplet p\u00e5 h\u00f6gmod (<em>superbia<\/em>).<\/p><p>Dantes <em>Divina Commedia<\/em> (ca. 1308, 1320) placerar Lucifer i den nionde och djupaste helvetescirkeln (<em>Cocytus<\/em>), som en treh\u00f6vdad, tre g\u00e5nger tv\u00e5ansiktad varelse som tuggar p\u00e5 m\u00e4nsklighetens tre st\u00f6rsta f\u00f6rr\u00e4dare: Judas, Brutus och Cassius.<\/p><p><span data-nosnippet>Denna position g\u00f6r Dantes Lucifer till den ikonografiska standardformen under flera \u00e5rhundraden. Det \u00e4r f\u00f6rst John Miltons <em>Paradise Lost<\/em> (1667) som f\u00f6rskjuter sympati-axeln: hans Lucifer \u00e4r en upph\u00f6jd tragisk gestalt vars fall ber\u00f6r l\u00e4saren; denna l\u00e4sart pr\u00e4glar den romantiska Lucifer-receptionen (William Blake, <em>The Marriage of Heaven and Hell<\/em>, 1790; Lord Byron, <em>Cain<\/em>, 1821).<\/span><\/p><\/div>\t\t\t\t\t\t\t\t<\/div>\n\t\t\t\t<\/div>\n\t\t\t\t\t<\/div>\n\t\t\t\t<\/div>\n\t\t<div class=\"elementor-element elementor-element-44e71476 e-flex e-con-boxed e-con e-parent\" data-id=\"44e71476\" data-element_type=\"container\" data-e-type=\"container\">\n\t\t\t\t\t<div class=\"e-con-inner\">\n\t\t\t\t<div class=\"elementor-element elementor-element-3c1fc3f0 elementor-widget elementor-widget-heading\" data-id=\"3c1fc3f0\" data-element_type=\"widget\" data-e-type=\"widget\" data-widget_type=\"heading.default\">\n\t\t\t\t\t<h2 class=\"elementor-heading-title elementor-size-default\">Profil: Lucifer<\/h2>\t\t\t\t<\/div>\n\t\t<div class=\"elementor-element elementor-element-84f33b8e e-con-full e-flex e-con e-child\" data-id=\"84f33b8e\" data-element_type=\"container\" data-e-type=\"container\">\n\t\t\t\t<div class=\"elementor-element elementor-element-hqkdc67p elementor-widget elementor-widget-text-editor\" data-id=\"hqkdc67p\" data-element_type=\"widget\" data-e-type=\"widget\" data-widget_type=\"text-editor.default\">\n\t\t\t\t\t\t\t\t\t<p>De viktigaste aspekterna av Lucifer i korthet. Utf\u00f6rliga beskrivningar av namn, beskrivning, avv\u00e4rjning och paralleller finns i f\u00f6ljande avsnitt.<\/p>\t\t\t\t\t\t\t\t<\/div>\n\t\t\t\t<\/div>\n\t\t<div class=\"elementor-element elementor-element-pemmx7c5 e-con-full e-flex e-con e-child\" data-id=\"pemmx7c5\" data-element_type=\"container\" data-e-type=\"container\">\n\t\t<div class=\"elementor-element elementor-element-pemmx7c1 e-con-full e-flex e-con e-child\" data-id=\"pemmx7c1\" data-element_type=\"container\" data-e-type=\"container\">\n\t\t<div class=\"elementor-element elementor-element-qh9oavvu iwg-steckbrief-card e-flex e-con-boxed e-con e-child\" data-id=\"qh9oavvu\" data-element_type=\"container\" data-e-type=\"container\">\n\t\t\t\t\t<div class=\"e-con-inner\">\n\t\t\t\t<div class=\"elementor-element elementor-element-awzx8k2k elementor-widget elementor-widget-heading\" data-id=\"awzx8k2k\" data-element_type=\"widget\" data-e-type=\"widget\" data-widget_type=\"heading.default\">\n\t\t\t\t\t<div class=\"elementor-heading-title elementor-size-default\">Lucifers ursprung<\/div>\t\t\t\t<\/div>\n\t\t\t\t<div class=\"elementor-element elementor-element-x6rowhv0 elementor-widget elementor-widget-text-editor\" data-id=\"x6rowhv0\" data-element_type=\"widget\" data-e-type=\"widget\" data-widget_type=\"text-editor.default\">\n\t\t\t\t\t\t\t\t\t<p>Namn p\u00e5 morgonstj\u00e4rnan (Venus); typologiskt kopplat till \u00e4nglafallet i Jes 14. Under medeltiden identifierad med Satan.<\/p>\t\t\t\t\t\t\t\t<\/div>\n\t\t\t\t\t<\/div>\n\t\t\t\t<\/div>\n\t\t<div class=\"elementor-element elementor-element-8e3o4kxs iwg-steckbrief-card e-flex e-con-boxed e-con e-child\" data-id=\"8e3o4kxs\" data-element_type=\"container\" data-e-type=\"container\">\n\t\t\t\t\t<div class=\"e-con-inner\">\n\t\t\t\t<div class=\"elementor-element elementor-element-08rkdgov elementor-widget elementor-widget-heading\" data-id=\"08rkdgov\" data-element_type=\"widget\" data-e-type=\"widget\" data-widget_type=\"heading.default\">\n\t\t\t\t\t<div class=\"elementor-heading-title elementor-size-default\">Verkningsobjekt<\/div>\t\t\t\t<\/div>\n\t\t\t\t<div class=\"elementor-element elementor-element-uwjelx8s elementor-widget elementor-widget-text-editor\" data-id=\"uwjelx8s\" data-element_type=\"widget\" data-e-type=\"widget\" data-widget_type=\"text-editor.default\">\n\t\t\t\t\t\t\t\t\t<p>Str\u00e4vande, h\u00f6gmodiga, den andliga eliten (patristiskt); som litter\u00e4r gestalt: den moderna m\u00e4nniskan p\u00e5 jakt efter sj\u00e4lvbest\u00e4mmande.<\/p>\t\t\t\t\t\t\t\t<\/div>\n\t\t\t\t\t<\/div>\n\t\t\t\t<\/div>\n\t\t<div class=\"elementor-element elementor-element-jm2n74ec iwg-steckbrief-card e-flex e-con-boxed e-con e-child\" data-id=\"jm2n74ec\" data-element_type=\"container\" data-e-type=\"container\">\n\t\t\t\t\t<div class=\"e-con-inner\">\n\t\t\t\t<div class=\"elementor-element elementor-element-8vufse4c elementor-widget elementor-widget-heading\" data-id=\"8vufse4c\" data-element_type=\"widget\" data-e-type=\"widget\" data-widget_type=\"heading.default\">\n\t\t\t\t\t<div class=\"elementor-heading-title elementor-size-default\">Lucifers utseende<\/div>\t\t\t\t<\/div>\n\t\t\t\t<div class=\"elementor-element elementor-element-mwb9u015 elementor-widget elementor-widget-text-editor\" data-id=\"mwb9u015\" data-element_type=\"widget\" data-e-type=\"widget\" data-widget_type=\"text-editor.default\">\n\t\t\t\t\t\t\t\t\t<p>Den sk\u00f6naste av <span class=\"iwg-fachbegriff\" data-tooltip=\"I de abrahamitiska religionerna en himmelsk budb\u00e4rare fr\u00e5n Gud.\" tabindex=\"0\">\u00e4nglarna<\/span>; m\u00f6rk efter fallet. Miltons Lucifer: v\u00e4rdig, tragisk. <span class=\"iwg-fachbegriff\" data-tooltip=\"L\u00e4ran om bildinneh\u00e5ll och deras betydelse.\" tabindex=\"0\">Ikonografin<\/span> varierar fr\u00e5n dj\u00e4vulsgestalt till melankolisk genius.<\/p>\t\t\t\t\t\t\t\t<\/div>\n\t\t\t\t\t<\/div>\n\t\t\t\t<\/div>\n\t\t\t\t<\/div>\n\t\t<div class=\"elementor-element elementor-element-pemmx7c2 e-con-full e-flex e-con e-child\" data-id=\"pemmx7c2\" data-element_type=\"container\" data-e-type=\"container\">\n\t\t<div class=\"elementor-element elementor-element-37ss2yr6 iwg-steckbrief-card e-flex e-con-boxed e-con e-child\" data-id=\"37ss2yr6\" data-element_type=\"container\" data-e-type=\"container\">\n\t\t\t\t\t<div class=\"e-con-inner\">\n\t\t\t\t<div class=\"elementor-element elementor-element-3v0wp3wx elementor-widget elementor-widget-heading\" data-id=\"3v0wp3wx\" data-element_type=\"widget\" data-e-type=\"widget\" data-widget_type=\"heading.default\">\n\t\t\t\t\t<div class=\"elementor-heading-title elementor-size-default\">Verkningsomr\u00e5de<\/div>\t\t\t\t<\/div>\n\t\t\t\t<div class=\"elementor-element elementor-element-w3247g2m elementor-widget elementor-widget-text-editor\" data-id=\"w3247g2m\" data-element_type=\"widget\" data-e-type=\"widget\" data-widget_type=\"text-editor.default\">\n\t\t\t\t\t\t\t\t\t<p>Frestelse till h\u00f6gmod och sj\u00e4lvbest\u00e4mmande. Orsakar \u00e4nglafallet. Samtidigt en <span class=\"iwg-fachbegriff\" data-tooltip=\"Ett tecken som representerar en f\u00f6rest\u00e4llning eller betydelse.\" tabindex=\"0\">symbol<\/span> f\u00f6r den tragiska f\u00f6rlusten av gudomlig n\u00e4rhet.<\/p>\t\t\t\t\t\t\t\t<\/div>\n\t\t\t\t\t<\/div>\n\t\t\t\t<\/div>\n\t\t<div class=\"elementor-element elementor-element-0qpjal9w iwg-steckbrief-card e-flex e-con-boxed e-con e-child\" data-id=\"0qpjal9w\" data-element_type=\"container\" data-e-type=\"container\">\n\t\t\t\t\t<div class=\"e-con-inner\">\n\t\t\t\t<div class=\"elementor-element elementor-element-6ndoih0o elementor-widget elementor-widget-heading\" data-id=\"6ndoih0o\" data-element_type=\"widget\" data-e-type=\"widget\" data-widget_type=\"heading.default\">\n\t\t\t\t\t<div class=\"elementor-heading-title elementor-size-default\">Skydd<\/div>\t\t\t\t<\/div>\n\t\t\t\t<div class=\"elementor-element elementor-element-6684tyh9 elementor-widget elementor-widget-text-editor\" data-id=\"6684tyh9\" data-element_type=\"widget\" data-e-type=\"widget\" data-widget_type=\"text-editor.default\">\n\t\t\t\t\t\t\t\t\t<p>Som med Satan: sakrament, <span class=\"iwg-fachbegriff\" data-tooltip=\"M\u00e4nniskans spr\u00e5kliga v\u00e4ndning till en gudom.\" tabindex=\"0\">b\u00f6n<\/span>, helgon\u00e5kallan, <span class=\"iwg-fachbegriff\" data-tooltip=\"Rituell utdrivning av en ande eller demon som uppfattas som skadlig.\" tabindex=\"0\">exorcism<\/span>. Andlig tradition: s\u00e4rskilt \u00f6dmjukhet som motmedel mot det luciferiska h\u00f6gmodet.<\/p>\t\t\t\t\t\t\t\t<\/div>\n\t\t\t\t\t<\/div>\n\t\t\t\t<\/div>\n\t\t<div class=\"elementor-element elementor-element-3lfi7x32 iwg-steckbrief-card e-flex e-con-boxed e-con e-child\" data-id=\"3lfi7x32\" data-element_type=\"container\" data-e-type=\"container\">\n\t\t\t\t\t<div class=\"e-con-inner\">\n\t\t\t\t<div class=\"elementor-element elementor-element-0kg99ga1 elementor-widget elementor-widget-heading\" data-id=\"0kg99ga1\" data-element_type=\"widget\" data-e-type=\"widget\" data-widget_type=\"heading.default\">\n\t\t\t\t\t<div class=\"elementor-heading-title elementor-size-default\">Lucifers paralleller<\/div>\t\t\t\t<\/div>\n\t\t\t\t<div class=\"elementor-element elementor-element-n0fum6kp elementor-widget elementor-widget-text-editor\" data-id=\"n0fum6kp\" data-element_type=\"widget\" data-e-type=\"widget\" data-widget_type=\"text-editor.default\">\n\t\t\t\t\t\t\t\t\t<p>Ikaros-<span class=\"iwg-fachbegriff\" data-tooltip=\"Ett \u00e5terkommande inneh\u00e5llselement i konst eller ber\u00e4ttelse.\" tabindex=\"0\">motivet<\/span> (antiken), Prometheus (titanuppror), Samael (judiskt), Iblis (islam), moderna rebellgestalter (Byrons Kain, Miltons Satan).<\/p>\t\t\t\t\t\t\t\t<\/div>\n\t\t\t\t\t<\/div>\n\t\t\t\t<\/div>\n\t\t\t\t<\/div>\n\t\t\t\t<\/div>\n\t\t\t\t\t<\/div>\n\t\t\t\t<\/div>\n\t\t<div class=\"elementor-element elementor-element-7533bc7a e-flex e-con-boxed e-con e-parent\" data-id=\"7533bc7a\" data-element_type=\"container\" data-e-type=\"container\">\n\t\t\t\t\t<div class=\"e-con-inner\">\n\t\t\t\t<div class=\"elementor-element elementor-element-2447d18d elementor-widget elementor-widget-heading\" data-id=\"2447d18d\" data-element_type=\"widget\" data-e-type=\"widget\" data-widget_type=\"heading.default\">\n\t\t\t\t\t<h2 class=\"elementor-heading-title elementor-size-default\">Skyddspraxis<\/h2>\t\t\t\t<\/div>\n\t\t<div class=\"elementor-element elementor-element-d5d0260c e-con-full e-flex e-con e-child\" data-id=\"d5d0260c\" data-element_type=\"container\" data-e-type=\"container\">\n\t\t\t\t<div class=\"elementor-element elementor-element-341be2ac elementor-widget elementor-widget-text-editor\" data-id=\"341be2ac\" data-element_type=\"widget\" data-e-type=\"widget\" data-widget_type=\"text-editor.default\">\n\t\t\t\t\t\t\t\t\t<p><strong>Ritualer f\u00f6r avv\u00e4rjning<\/strong><\/p><p>Som allm\u00e4n kristen demonavv\u00e4rjning. S\u00e4rskilt betonat i det monastiska och asketiska livet: \u00f6dmjukhet som en riktad dygd mot h\u00f6gmodet, regelbunden bek\u00e4nnelse, lectio som skyddspraktik.<\/p><p><strong>Besv\u00e4rjelser<\/strong><\/p><p>Exorcismformler n\u00e4mner oftast Lucifer tillsammans med Satan. Medeltida predikningar och exempelsamlingar varnar f\u00f6r <em>superbia luciferina<\/em> (\u201dluciferiskt h\u00f6gmod\u201d).<\/p><p><strong>Amuletter och skyddssymboler<\/strong><\/p><p>Avbildningar av Mikael som visar Lucifers fall har egen apotropeisk kraft. Benedictus-medaljongen med \u201dVRS NSMV SMQL IVB\u201d, det klassiska latinska skyddsuttrycket mot Satan\/Lucifer.<\/p>\t\t\t\t\t\t\t\t<\/div>\n\t\t\t\t<\/div>\n\t\t\t\t\t<\/div>\n\t\t\t\t<\/div>\n\t\t<div class=\"elementor-element elementor-element-5a584676 e-flex e-con-boxed e-con e-parent\" data-id=\"5a584676\" data-element_type=\"container\" data-e-type=\"container\">\n\t\t\t\t\t<div class=\"e-con-inner\">\n\t\t\t\t<div class=\"elementor-element elementor-element-6d0757bf elementor-widget elementor-widget-heading\" data-id=\"6d0757bf\" data-element_type=\"widget\" data-e-type=\"widget\" data-widget_type=\"heading.default\">\n\t\t\t\t\t<h2 class=\"elementor-heading-title elementor-size-default\">Reception<\/h2>\t\t\t\t<\/div>\n\t\t<div class=\"elementor-element elementor-element-60563f68 e-con-full e-flex e-con e-child\" data-id=\"60563f68\" data-element_type=\"container\" data-e-type=\"container\">\n\t\t\t\t<div class=\"elementor-element elementor-element-5a93fdd6 elementor-widget elementor-widget-text-editor\" data-id=\"5a93fdd6\" data-element_type=\"widget\" data-e-type=\"widget\" data-widget_type=\"text-editor.default\">\n\t\t\t\t\t\t\t\t\t<p><strong>Medeltida <span class=\"iwg-fachbegriff\" data-tooltip=\"L\u00e4ran om bildinneh\u00e5ll och deras betydelse.\" tabindex=\"0\">ikonografi<\/span>:<\/strong> Dante placerar Lucifer i den understa helvetescirkeln, i evig is. Medeltida kyrkom\u00e5leri visar fallet som ett kraftfullt bildmotiv; Mikael med sv\u00e4rdet mot den fallande ljus-<span class=\"iwg-fachbegriff\" data-tooltip=\"Inom de abrahamitiska religionerna en himmelsk budb\u00e4rare fr\u00e5n Gud.\" tabindex=\"0\">\u00e4ngeln<\/span>.<\/p><p><span data-nosnippet><strong>Miltons Paradise Lost:<\/strong> John Miltons epos (1667) tecknar en Lucifer av tragisk storhet: \u201eBetter to reign in Hell than serve in Heaven.&#8221; Denna gestalt pr\u00e4glar den moderna litter\u00e4ra receptionen.<\/span><\/p><p><strong>Romantiken, symbolismen, moderniteten:<\/strong> Byron, Baudelaire, Stefan George ser Lucifer som en <span class=\"iwg-fachbegriff\" data-tooltip=\"Ett tecken som representerar en f\u00f6rest\u00e4llning eller betydelse.\" tabindex=\"0\">symbol<\/span> f\u00f6r m\u00e4nsklig sj\u00e4lvbem\u00e4ktigande. I modern <span class=\"iwg-fachbegriff\" data-tooltip=\"Samlingsbegrepp f\u00f6r l\u00e4ror som g\u00f6r anspr\u00e5k p\u00e5 en dold kunskap som endast de invigda har tillg\u00e5ng till.\" tabindex=\"0\">esoterik<\/span> (luciferianism) v\u00e4nds han delvis till n\u00e5got positivt, en omv\u00e4ndning som inte delas inom den etablerade <span class=\"iwg-fachbegriff\" data-tooltip=\"Den vetenskapliga l\u00e4ran om Gud och om en religions tro.\" tabindex=\"0\">teologin<\/span>.<\/p><div><p><strong>Teologisk och litter\u00e4r bearbetning<\/strong><\/p><p><span data-nosnippet>Standardverk om Lucifer-traditionen: Jeffrey Burton Russell, <em>Lucifer. The Devil in the Middle Ages<\/em> (Cornell University Press, Ithaca 1984); Bernard McGinn, <em>Antichrist. Two Thousand Years of the Human Fascination with Evil<\/em> (Harper, San Francisco 1994); Jonathan A. Glenn (red.), <em>Lucifer in the Middle Ages<\/em> (1990).<\/span><\/p><p><span data-nosnippet>F\u00f6r den litter\u00e4ra bearbetningen se Helen Gardner, <em>Religion and Literature<\/em> (Faber, London 1971); Christopher Ricks, <em>Milton&#8217;s Grand Style<\/em> (Clarendon, Oxford 1963).<\/span><\/p><p><span data-nosnippet>Identifikationen av Lucifer med Satan \u00e4r patristiskt standardiserad, men diskuteras teologiskt i enstaka fall; n\u00e5gra nyare teologer (Avraham Yarmolinsky, Elaine Pagels, <em>The Origin of Satan<\/em>, 1995) f\u00f6respr\u00e5kar en tydligare \u00e5tskillnad mellan den judiska, f\u00f6rebildsrelaterade Satan-traditionen och den kristet-mytologiska Lucifer-traditionen.<\/span><\/p><\/div>\t\t\t\t\t\t\t\t<\/div>\n\t\t\t\t<\/div>\n\t\t\t\t\t<\/div>\n\t\t\t\t<\/div>\n\t\t<div class=\"elementor-element elementor-element-cp4b958d3 e-flex e-con-boxed e-con e-parent\" data-id=\"cp4b958d3\" data-element_type=\"container\" data-e-type=\"container\">\n\t\t\t\t\t<div class=\"e-con-inner\">\n\t\t\t\t<div class=\"elementor-element elementor-element-cpd88c54d elementor-widget elementor-widget-heading\" data-id=\"cpd88c54d\" data-element_type=\"widget\" data-e-type=\"widget\" data-widget_type=\"heading.default\">\n\t\t\t\t\t<h2 class=\"elementor-heading-title elementor-size-default\">Jesaja 14: morgonstj\u00e4rnans fall<\/h2>\t\t\t\t<\/div>\n\t\t<div class=\"elementor-element elementor-element-cpee5ce79 e-con-full e-flex e-con e-child\" data-id=\"cpee5ce79\" data-element_type=\"container\" data-e-type=\"container\">\n\t\t\t\t<div class=\"elementor-element elementor-element-cp31210db elementor-widget elementor-widget-text-editor\" data-id=\"cp31210db\" data-element_type=\"widget\" data-e-type=\"widget\" data-widget_type=\"text-editor.default\">\n\t\t\t\t\t\t\t\t\t<p>Namnet Lucifer har ett exakt best\u00e4mbart ursprung.<\/p><p>Det kommer fr\u00e5n Hieronymus latinska bibel\u00f6vers\u00e4ttning, Vulgata, och st\u00e5r d\u00e4r i Jesajas bok, kapitel 14, vers 12. Det hebreiska ordet p\u00e5 detta st\u00e4lle \u00e4r <em>helel ben schachar<\/em>, vilket ungef\u00e4r betyder &#8222;den str\u00e5lande, gryningens son&#8220; och syftar p\u00e5 morgonstj\u00e4rnan, det vill s\u00e4ga planeten Venus p\u00e5 morgonhimlen.<\/p><p>Hieronymus \u00e5tergav det med <em>lucifer<\/em>, &#8222;ljusb\u00e4rare&#8220;, ett i latinet vanligt ord f\u00f6r morgonstj\u00e4rnan.<\/p><p>Sammanhanget vid detta st\u00e4lle \u00e4r en h\u00e5nfull klagos\u00e5ng. Jesaja 14 \u00e4r ett uttalande riktat mot kungen av Babylon.<\/p><p>Texten h\u00e5nar: &#8222;Hur har du fallit fr\u00e5n himlen, du str\u00e5lande morgonstj\u00e4rna.&#8220; Vad som avses \u00e4r fallet f\u00f6r en h\u00f6gmodig jordisk h\u00e4rskare som ville h\u00f6ja sig \u00f6ver stj\u00e4rnorna och som st\u00f6rtas ner i underjorden. I den ursprungliga betydelsen handlar det inte om en fallen <span class=\"iwg-fachbegriff\" data-tooltip=\"Inom de abrahamitiska religionerna en himmelsk budb\u00e4rare fr\u00e5n Gud.\" tabindex=\"0\">\u00e4ngel<\/span>.<\/p><p>F\u00f6rst den kristna uttolkningen f\u00f6rknippade detta st\u00e4lle med f\u00f6rest\u00e4llningen om en h\u00f6gmodig \u00e4ngels fall. Tidigkristna teologer som Origenes l\u00e4ste Jesaja 14, tillsammans med Hesekiel 28, en klagos\u00e5ng om kungen av Tyros, som en f\u00f6rt\u00e4ckt skildring av en \u00e4ngelfurstes fall. Ur den babyloniska h\u00e5ns\u00e5ngens &#8222;morgonstj\u00e4rna&#8220; blev p\u00e5 s\u00e5 s\u00e4tt egennamnet f\u00f6r en fallen \u00e4ngel.<\/p><p>Denna tolkningshistoria \u00e4r v\u00e4l dokumenterad och delas i stor utstr\u00e4ckning av den historisk-kritiska forskningen. Den visar att Lucifer som egennamn inte \u00e4r ett bibliskt faktum, utan resultatet av ett l\u00e5ngt tolkningsarbete som f\u00f6rvandlade en poetisk bild till en sj\u00e4lvst\u00e4ndig gestalt.<\/p>\t\t\t\t\t\t\t\t<\/div>\n\t\t\t\t<\/div>\n\t\t\t\t\t<\/div>\n\t\t\t\t<\/div>\n\t\t<div class=\"elementor-element elementor-element-cp6947b00 e-flex e-con-boxed e-con e-parent\" data-id=\"cp6947b00\" data-element_type=\"container\" data-e-type=\"container\">\n\t\t\t\t\t<div class=\"e-con-inner\">\n\t\t\t\t<div class=\"elementor-element elementor-element-cp7ba27cb elementor-widget elementor-widget-heading\" data-id=\"cp7ba27cb\" data-element_type=\"widget\" data-e-type=\"widget\" data-widget_type=\"heading.default\">\n\t\t\t\t\t<h2 class=\"elementor-heading-title elementor-size-default\">Lucifer, Satan, dj\u00e4vulen: tre begrepp och deras sammansm\u00e4ltning<\/h2>\t\t\t\t<\/div>\n\t\t<div class=\"elementor-element elementor-element-cp7556b0e e-con-full e-flex e-con e-child\" data-id=\"cp7556b0e\" data-element_type=\"container\" data-e-type=\"container\">\n\t\t\t\t<div class=\"elementor-element elementor-element-cpef87bcc elementor-widget elementor-widget-text-editor\" data-id=\"cpef87bcc\" data-element_type=\"widget\" data-e-type=\"widget\" data-widget_type=\"text-editor.default\">\n\t\t\t\t\t\t\t\t\t<p>I den popul\u00e4ra f\u00f6rest\u00e4llningen \u00e4r Lucifer, <a href=\"https:\/\/iwell-guard.com\/sv\/satan\/\">Satan<\/a> och dj\u00e4vulen en och samma gestalt. Religionshistoriskt r\u00f6r det sig om tre begrepp med olika ursprung, som f\u00f6rst med tiden likst\u00e4lldes med varandra.<\/p><p><em>Satan<\/em> \u00e4r ett hebreiskt ord och betyder &#8222;motst\u00e5ndare&#8220; eller &#8222;anklagare&#8220;. I Jobs bok \u00e4r Satan en medlem av det himmelska hovet, en anklagare i Guds tj\u00e4nst, ingen sj\u00e4lvst\u00e4ndig motgud.<\/p><p><em>Dj\u00e4vul<\/em> kommer via grekiskan fr\u00e5n <em>diabolos<\/em>, likas\u00e5 &#8222;f\u00f6rtalare, anklagare&#8220;, vilket den grekiska bibel\u00f6vers\u00e4ttningen anv\u00e4nde f\u00f6r att \u00e5terge det hebreiska <em>satan<\/em>. <em>Lucifer<\/em> slutligen \u00e4r, som redan visats, ett latinskt ord fr\u00e5n Jesaja 14.<\/p><p>De tre tr\u00e5darna v\u00e4xte samman till en gestalt inom den tidigkristna och medeltida <span class=\"iwg-fachbegriff\" data-tooltip=\"Den vetenskapliga l\u00e4ran om Gud och om en religions tro.\" tabindex=\"0\">teologin<\/span>. Till detta kom ber\u00e4ttelsen om de upproriska <span class=\"iwg-fachbegriff\" data-tooltip=\"Inom de abrahamitiska religionerna en himmelsk budb\u00e4rare fr\u00e5n Gud.\" tabindex=\"0\">\u00e4nglarnas<\/span> fall, som h\u00e4mtade n\u00e4ring ur spridda bibliska anspelningar och den mellantestamentliga litteraturen, till exempel den etiopiska Henoksboken.<\/p><p>Resultatet blev den slutna f\u00f6rest\u00e4llningen: en tidigare h\u00f6g <span class=\"iwg-fachbegriff\" data-tooltip=\"Inom de abrahamitiska religionerna en himmelsk budb\u00e4rare fr\u00e5n Gud.\" tabindex=\"0\">\u00e4ngel<\/span> vid namn Lucifer, som gjorde uppror mot Gud, st\u00f6rtades ur himlen tillsammans med sina anh\u00e4ngare och sedan dess f\u00f6rleder m\u00e4nniskorna som Satan eller dj\u00e4vulen.<\/p><p>Vissa kyrkliga traditioner skiljer fortfarande n\u00e5got mellan <span class=\"iwg-fachbegriff\" data-tooltip=\"Inom de abrahamitiska religionerna en himmelsk budb\u00e4rare fr\u00e5n Gud.\" tabindex=\"0\">\u00e4ngeln<\/span> f\u00f6re fallet, Lucifer, och <span class=\"iwg-fachbegriff\" data-tooltip=\"Andligt v\u00e4sen som tillskrivs skadlig eller mots\u00e4gelsefull verkan.\" tabindex=\"0\">demonen<\/span> efter fallet, Satan. Andra riktningar anv\u00e4nder namnen synonymt. F\u00f6r en exakt f\u00f6rst\u00e5else \u00e4r det viktigt att ha det olika ursprunget i minnet, i st\u00e4llet f\u00f6r att ta sammansm\u00e4ltningen f\u00f6r given.<\/p>\t\t\t\t\t\t\t\t<\/div>\n\t\t\t\t<\/div>\n\t\t\t\t\t<\/div>\n\t\t\t\t<\/div>\n\t\t<div class=\"elementor-element elementor-element-cpa39bbe1 e-flex e-con-boxed e-con e-parent\" data-id=\"cpa39bbe1\" data-element_type=\"container\" data-e-type=\"container\">\n\t\t\t\t\t<div class=\"e-con-inner\">\n\t\t\t\t<div class=\"elementor-element elementor-element-cp26a230c elementor-widget elementor-widget-heading\" data-id=\"cp26a230c\" data-element_type=\"widget\" data-e-type=\"widget\" data-widget_type=\"heading.default\">\n\t\t\t\t\t<h2 class=\"elementor-heading-title elementor-size-default\">Det forntida kyrkliga arvet: varf\u00f6r Lucifer ocks\u00e5 var ett helgonnamn<\/h2>\t\t\t\t<\/div>\n\t\t<div class=\"elementor-element elementor-element-cp1b5e939 e-con-full e-flex e-con e-child\" data-id=\"cp1b5e939\" data-element_type=\"container\" data-e-type=\"container\">\n\t\t\t\t<div class=\"elementor-element elementor-element-cpc2ca524 elementor-widget elementor-widget-text-editor\" data-id=\"cpc2ca524\" data-element_type=\"widget\" data-e-type=\"widget\" data-widget_type=\"text-editor.default\">\n\t\t\t\t\t\t\t\t\t<p>Ett ofta f\u00f6rbisett faktum visar hur sent namnets negativa inneb\u00f6rd fastst\u00e4lldes. I den latinska kristenheten under <span class=\"iwg-fachbegriff\" data-tooltip=\"\u00d6verg\u00e5ngsepok mellan antiken och medeltiden, ungef\u00e4r 3:e till 7:e \u00e5rhundradet.\" tabindex=\"0\">senantiken<\/span> var <em>Lucifer<\/em> ett vanligt personnamn utan negativa bibetydelser.<\/p><p>Den mest k\u00e4nde b\u00e4raren av namnet \u00e4r Lucifer av Cagliari, en biskop p\u00e5 Sardinien under 400-talet, som upptr\u00e4dde som en kompromissl\u00f6s motst\u00e5ndare till arianismen. I delar av <span class=\"iwg-fachbegriff\" data-tooltip=\"Vidaref\u00f6randet av kunskap och ber\u00e4ttelser genom generationer.\" tabindex=\"0\">traditionen<\/span> r\u00e4knas han till och med som helgon.<\/p><p>\u00c4ven i den kristna diktningen under <span class=\"iwg-fachbegriff\" data-tooltip=\"Epoken f\u00f6r den grekiska och romerska kulturen, ungef\u00e4r 800 f.Kr. till 600 e.Kr.\" tabindex=\"0\">antiken<\/span> kunde <em>lucifer<\/em> anv\u00e4ndas of\u00f6rhindrat som beteckning f\u00f6r morgonstj\u00e4rnan, ibland till och med i en positiv, till Kristus relaterad betydelse. I <em>Exsultet<\/em>, p\u00e5sknattens lovs\u00e5ng, talas om Kristus som den sanna morgonstj\u00e4rnan; den latinska texten anv\u00e4nder h\u00e4r ordet <em>lucifer<\/em> i sin ursprungliga, oskyldiga betydelse.<\/p><p>Det var f\u00f6rst under medeltiden som namnet slutgiltigt kom att beteckna den fallne \u00e4ngeln, vilket gjorde det om\u00f6jligt att anv\u00e4nda som personnamn. Forskningen ser detta som en process d\u00e4r den teologiska tolkningen av Jesaja 14 gradvis tr\u00e4ngde undan den vardagsspr\u00e5kliga betydelsen.<\/p><p>Detta faktum \u00e4r religionshistoriskt upplysande. Det visar att identifikationen &#8222;Lucifer \u00e4r detsamma som dj\u00e4vulen&#8220; inte var given fr\u00e5n b\u00f6rjan, utan utvecklades under flera \u00e5rhundraden. Den som h\u00f6r namnet i dag t\u00e4nker oundvikligen p\u00e5 dj\u00e4vulen; en senantik kristen hade i st\u00e4llet t\u00e4nkt p\u00e5 morgonstj\u00e4rnan eller p\u00e5 en biskop.<\/p>\t\t\t\t\t\t\t\t<\/div>\n\t\t\t\t<\/div>\n\t\t\t\t\t<\/div>\n\t\t\t\t<\/div>\n\t\t<div class=\"elementor-element elementor-element-cp75fe370 e-flex e-con-boxed e-con e-parent\" data-id=\"cp75fe370\" data-element_type=\"container\" data-e-type=\"container\">\n\t\t\t\t\t<div class=\"e-con-inner\">\n\t\t\t\t<div class=\"elementor-element elementor-element-cp3d0a0fb elementor-widget elementor-widget-heading\" data-id=\"cp3d0a0fb\" data-element_type=\"widget\" data-e-type=\"widget\" data-widget_type=\"heading.default\">\n\t\t\t\t\t<h2 class=\"elementor-heading-title elementor-size-default\">Miltons Lucifer och romantiken: en litter\u00e4r gestalts uppg\u00e5ng<\/h2>\t\t\t\t<\/div>\n\t\t<div class=\"elementor-element elementor-element-cp0b17e71 e-con-full e-flex e-con e-child\" data-id=\"cp0b17e71\" data-element_type=\"container\" data-e-type=\"container\">\n\t\t\t\t<div class=\"elementor-element elementor-element-cpfd18aa3 elementor-widget elementor-widget-text-editor\" data-id=\"cpfd18aa3\" data-element_type=\"widget\" data-e-type=\"widget\" data-widget_type=\"text-editor.default\">\n\t\t\t\t\t\t\t\t\t<p><span data-nosnippet>Lucifers litter\u00e4ra karri\u00e4r \u00e4r n\u00e4ra f\u00f6rbunden med John Miltons epos <em>Paradise Lost<\/em> (1667). Milton skildrar <span class=\"iwg-fachbegriff\" data-tooltip=\"Inom de abrahamitiska religionerna ett himmelskt budb\u00e4rarv\u00e4sen tillh\u00f6rande Gud.\" tabindex=\"0\">\u00e4nglarnas<\/span> fall och g\u00f6r gestalten, som han mestadels kallar <a href=\"https:\/\/iwell-guard.com\/sv\/satan\/\">Satan<\/a>, till den dramatiska huvudpersonen i de f\u00f6rsta b\u00f6ckerna.<\/span><\/p><p>Hans Satan \u00e4r talf\u00f6r, viljestark och tragisk; den ber\u00f6mda repliken om att det \u00e4r b\u00e4ttre att h\u00e4rska i helvetet \u00e4n att tj\u00e4na i himlen sammanfattar hans trots.<\/p><p>Milton avs\u00e5g med s\u00e4kerhet inte att skapa en hj\u00e4lte, men verkan blev tvetydig. Redan under 1700-talet och s\u00e4rskilt under 1800-talet l\u00e4ste romantiska diktare och kritiker Miltons Satan som en fascinerande, n\u00e4stan beundransv\u00e4rd gestalt av uppror. William Blake formulerade den provocerande tesen att Milton var &#8222;av dj\u00e4vulens parti utan att veta det&#8220;.<\/p><p>Under romantiken blev den fallna ljusgestalten en <span class=\"iwg-fachbegriff\" data-tooltip=\"En \u00e5sk\u00e5dlig bild som representerar en abstrakt tanke.\" tabindex=\"0\">symbol<\/span> f\u00f6r rebellen, frihetss\u00f6karen, den som g\u00f6r uppror mot en ordning som upplevs som tyrannisk. Lord Byron, Percy Shelley och andra tog upp <span class=\"iwg-fachbegriff\" data-tooltip=\"Ett \u00e5terkommande inneh\u00e5llsm\u00e4ssigt element i konst eller ber\u00e4ttelse.\" tabindex=\"0\">motivet<\/span>. Denna &#8222;sympatiska&#8220; Lucifergestalt \u00e4r en litter\u00e4r konstruktion som har avl\u00e4gsnat sig l\u00e5ngt fr\u00e5n det teologiska faktumet.<\/p><p>I den moderna popul\u00e4rkulturen finns b\u00e5da sidorna representerade: den hotfulla dj\u00e4vulen fr\u00e5n den kristna traditionen och den karismatiska, ambivalenta Lucifer fr\u00e5n den litter\u00e4ra linjen. TV-serier, romaner och serietidningar h\u00e4mtar framf\u00f6r allt fr\u00e5n den senare. F\u00f6r en vetenskaplig betraktelse \u00e4r det viktigt att skilja detta rezeptionslager fr\u00e5n den bibliska och forntida kyrkliga <span class=\"iwg-fachbegriff\" data-tooltip=\"Vidaref\u00f6randet av kunskap och ber\u00e4ttelser genom generationer.\" tabindex=\"0\">traditionen<\/span>, i st\u00e4llet f\u00f6r att blanda ihop dem.<\/p>\t\t\t\t\t\t\t\t<\/div>\n\t\t\t\t<\/div>\n\t\t\t\t\t<\/div>\n\t\t\t\t<\/div>\n\t\t<div class=\"elementor-element elementor-element-36dd7469 e-flex e-con-boxed e-con e-parent\" data-id=\"36dd7469\" data-element_type=\"container\" data-e-type=\"container\">\n\t\t\t\t\t<div class=\"e-con-inner\">\n\t\t\t\t<div class=\"elementor-element elementor-element-13760ab4 elementor-widget elementor-widget-heading\" data-id=\"13760ab4\" data-element_type=\"widget\" data-e-type=\"widget\" data-widget_type=\"heading.default\">\n\t\t\t\t\t<h2 class=\"elementor-heading-title elementor-size-default\">Vidare l\u00e4nkar<\/h2>\t\t\t\t<\/div>\n\t\t<div class=\"elementor-element elementor-element-28c87796 e-con-full e-flex e-con e-child\" data-id=\"28c87796\" data-element_type=\"container\" data-e-type=\"container\">\n\t\t\t\t<div class=\"elementor-element elementor-element-5d6538df elementor-widget elementor-widget-text-editor\" data-id=\"5d6538df\" data-element_type=\"widget\" data-e-type=\"widget\" data-widget_type=\"text-editor.default\">\n\t\t\t\t\t\t\t\t\t<p>Rekommenderade interna l\u00e4nkar:<\/p><ul><li><a href=\"https:\/\/iwell-guard.com\/sv\/kristendomen\/\">Kristendom<\/a><\/li><li><a href=\"https:\/\/iwell-guard.com\/sv\/satan\/\">Satan<\/a> (ofta identisk)<\/li><li><a href=\"https:\/\/iwell-guard.com\/sv\/azazel\/\">Azazel<\/a> (f\u00f6rhistoria)<\/li><li>\u00c4nglafall och apokalyptisk tradition<\/li><li>Milton, Paradise Lost<\/li><\/ul>\t\t\t\t\t\t\t\t<\/div>\n\t\t\t\t<\/div>\n\t\t\t\t\t<\/div>\n\t\t\t\t<\/div>\n\t\t<div class=\"elementor-element elementor-element-grl4kl40 e-flex e-con-boxed e-con e-parent\" data-id=\"grl4kl40\" data-element_type=\"container\" data-e-type=\"container\">\n\t\t\t\t\t<div class=\"e-con-inner\">\n\t\t\t\t<div class=\"elementor-element elementor-element-bzsbfrmh elementor-widget elementor-widget-heading\" data-id=\"bzsbfrmh\" data-element_type=\"widget\" data-e-type=\"widget\" data-widget_type=\"heading.default\">\n\t\t\t\t\t<h2 class=\"elementor-heading-title elementor-size-default\">Forskningslitteratur<\/h2>\t\t\t\t<\/div>\n\t\t<div class=\"elementor-element elementor-element-2c13224a e-con-full e-flex e-con e-child\" data-id=\"2c13224a\" data-element_type=\"container\" data-e-type=\"container\">\n\t\t\t\t<div class=\"elementor-element elementor-element-0eymh9ub elementor-widget elementor-widget-text-editor\" data-id=\"0eymh9ub\" data-element_type=\"widget\" data-e-type=\"widget\" data-widget_type=\"text-editor.default\">\n\t\t\t\t\t\t\t\t\t<footer class=\"iwg-literatur\"><p>Ett urval centrala arbeten om Lucifer:<\/p><ul><li><span data-nosnippet>Russell, Jeffrey Burton: <em>Lucifer. The Devil in the Middle Ages<\/em>. Ithaca 1984.<\/span><\/li><li><span data-nosnippet>Forsyth, Neil: <em>The Satanic Epic<\/em>. Princeton 2003 (om Milton).<\/span><\/li><li><span data-nosnippet>Kelly, Henry Ansgar: <em>Satan. A Biography<\/em>. Cambridge 2006.<\/span><\/li><li>Schrock, Chad: <em>Lucifer. The Devil in the Middle Ages<\/em>. Recension.<\/li><li><span data-nosnippet>Pagels, Elaine: <em><a href=\"https:\/\/archive.org\/details\/originofsatan00page\" target=\"_blank\" rel=\"noopener noreferrer\">The Origin of Satan<\/a><\/em>. New York 1995.<\/span><\/li><\/ul><div data-nosnippet=\"true\" class=\"iwg-litliste\"><p><strong>Standardlitteratur (kristendom):<\/strong><\/p><ul><li><span data-nosnippet><strong>Markschies, Christoph<\/strong>: <em>Das <span class=\"iwg-fachbegriff\" data-tooltip=\"Epoken f\u00f6r den grekiska och romerska kulturen, ungef\u00e4r 800 f.Kr. till 600 e.Kr.\" tabindex=\"0\">antike<\/span> Christentum. <span class=\"iwg-fachbegriff\" data-tooltip=\"En m\u00e4nniskas levda religi\u00f6sa h\u00e5llning och praktik.\" tabindex=\"0\">Fr\u00f6mmigkeit<\/span>, Lebensformen, Institutionen. Beck, M\u00fcnchen 2006.<\/em><\/span><\/li><\/ul><\/div><\/footer>\n<p class=\"iwg-bib-more\"><span data-nosnippet>Fler standardverk i <a href=\"https:\/\/iwell-guard.com\/sv\/litteratur\/\">litteraturf\u00f6rteckningen<\/a>.<\/span><\/p>\t\t\t\t\t\t\t\t<\/div>\n\t\t\t\t<\/div>\n\t\t\t\t\t<\/div>\n\t\t\t\t<\/div>\n\t\t<div class=\"elementor-element elementor-element-f696167 e-con-boxed e-flex e-con e-parent\" data-id=\"f696167\" data-element_type=\"container\" data-e-type=\"container\">\n\t\t\t\t\t<div class=\"e-con-inner\">\n\t\t\t\t<div class=\"elementor-element elementor-element-17ff7e5 elementor-widget elementor-widget-text-editor\" data-id=\"17ff7e5\" data-element_type=\"widget\" data-e-type=\"widget\" data-widget_type=\"text-editor.default\">\n\t\t\t\t\t\t\t\t\t\n<h2>Vanliga fr\u00e5gor om Lucifer<\/h2>\n<div class=\"iwg-faq-q\"><h3>Vem \u00e4r Lucifer i den kristna traditionen?<\/h3><p>Lucifer (latin Lucifer, ljusb\u00e4rare) betecknade ursprungligen morgonstj\u00e4rnan Venus, den ljusstarkaste stj\u00e4rnan f\u00f6re soluppg\u00e5ngen. F\u00f6rst i Vulgata-\u00f6vers\u00e4ttningen av Jesaja 14,12 till\u00e4mpades begreppet p\u00e5 en <span class=\"iwg-fachbegriff\" data-tooltip=\"I de abrahamitiska religionerna ett himmelskt s\u00e4ndebud fr\u00e5n Gud.\" tabindex=\"0\">\u00e4ngel<\/span> som st\u00f6rtats fr\u00e5n himlen.<\/p><p>Under den kristna medeltiden sm\u00e4lte Lucifer samman med Satansgestalten till den fallne \u00e4rke\u00e4ngeln, som i h\u00f6gmod gjorde uppror mot Gud. I den moderna <span class=\"iwg-fachbegriff\" data-tooltip=\"Samlingsbegrepp f\u00f6r l\u00e4ror som g\u00f6r anspr\u00e5k p\u00e5 en dold kunskap som endast \u00e4r tillg\u00e4nglig f\u00f6r invigda.\" tabindex=\"0\">esoteriken<\/span> (teosofi, antroposofi) tolkas Lucifer mer nyanserat som en luciferisk andlig kraft av stolthet och sj\u00e4lvupph\u00f6jelse.<\/p><\/div>\n<div class=\"iwg-faq-q\"><h3>Vad \u00e4r skillnaden mellan Lucifer och Satan?<\/h3><p>Historiskt \u00e4r det tv\u00e5 olika gestalter. Satan kommer fr\u00e5n hebreiskan (anklagare) och upptr\u00e4der i Gamla testamentet ursprungligen som en neutral figur.<\/p><p>Lucifer \u00e4r en latinsk beteckning f\u00f6r morgonstj\u00e4rnan, som genom en \u00f6vers\u00e4ttning av Jesaja 14,12 kopplades samman med en fallen <span class=\"iwg-fachbegriff\" data-tooltip=\"I de abrahamitiska religionerna ett himmelskt s\u00e4ndebud fr\u00e5n Gud.\" tabindex=\"0\">\u00e4ngel<\/span>-gestalt. F\u00f6rst den medeltida <span class=\"iwg-fachbegriff\" data-tooltip=\"Den vetenskapliga l\u00e4ran om Gud och om en religions tro.\" tabindex=\"0\">teologin<\/span> sm\u00e4lte samman de b\u00e5da till en gestalt. Moderna teologiska och esoteriska riktningar skiljer ofta \u00e5ter mellan dem.<\/p><\/div>\n<script type=\"application\/ld+json\">{\"@context\":\"https:\/\/schema.org\",\"@type\":\"FAQPage\",\"mainEntity\":[{\"@type\":\"Question\",\"name\":\"Vem \u00e4r Lucifer i den kristna traditionen?\",\"acceptedAnswer\":{\"@type\":\"Answer\",\"text\":\"Lucifer (latin Lucifer, ljusb\u00e4rare) betecknade ursprungligen morgonstj\u00e4rnan Venus, den ljusstarkaste stj\u00e4rnan f\u00f6re soluppg\u00e5ngen. F\u00f6rst i Vulgata-\u00f6vers\u00e4ttningen av Jesaja 14,12 till\u00e4mpades begreppet p\u00e5 en \u00e4ngel som st\u00f6rtats fr\u00e5n himlen.Under den kristna medeltiden sm\u00e4lte Lucifer samman med Satansgestalten till den fallne \u00e4rke\u00e4ngeln, som i h\u00f6gmod gjorde uppror mot Gud. I den moderna esoteriken (teosofi, antroposofi) tolkas Lucifer mer nyanserat som en luciferisk andlig kraft av stolthet och sj\u00e4lvupph\u00f6jelse.\"}},{\"@type\":\"Question\",\"name\":\"Vad \u00e4r skillnaden mellan Lucifer och Satan?\",\"acceptedAnswer\":{\"@type\":\"Answer\",\"text\":\"Historiskt \u00e4r det tv\u00e5 olika gestalter. Satan kommer fr\u00e5n hebreiskan (anklagare) och upptr\u00e4der i Gamla testamentet ursprungligen som en neutral figur.Lucifer \u00e4r en latinsk beteckning f\u00f6r morgonstj\u00e4rnan, som genom en \u00f6vers\u00e4ttning av Jesaja 14,12 kopplades samman med en fallen \u00e4ngel-gestalt. F\u00f6rst den medeltida teologin sm\u00e4lte samman de b\u00e5da till en gestalt. Moderna teologiska och esoteriska riktningar skiljer ofta \u00e5ter mellan dem.\"}}]}<\/script>\t\t\t\t\t\t\t\t<\/div>\n\t\t\t\t\t<\/div>\n\t\t\t\t<\/div>\n\t\t\t\t<\/div>\n\t\t","protected":false},"excerpt":{"rendered":"","protected":false},"author":3,"featured_media":1567,"parent":0,"menu_order":0,"comment_status":"closed","ping_status":"closed","template":"elementor_header_footer","meta":{"_yoast_wpseo_focuskw":"Lucifer","_yoast_wpseo_title":"Lucifer - Ljusb\u00e4raren som f\u00f6ll, h\u00f6gmodets \u00e4ngel","_yoast_wpseo_metadesc":"Lucifer \u00e4r i den kristna traditionen gestalten av den h\u00f6gsta fallna \u00e4ngeln. Likst\u00e4llandet med Satan \u00e4r medeltida; ursprungligen \u00e4r...","_yoast_wpseo_meta-robots-noindex":"","_yoast_wpseo_canonical":"","_angie_page":false,"gefaehrdungsstufe":"5","wesen_kultur":"christentum","wesen_klasse":"goetter","footnotes":""},"categories":[],"class_list":["post-136521","page","type-page","status-publish","has-post-thumbnail","hentry"],"yoast_head":"<!-- This site is optimized with the Yoast SEO Premium plugin v27.7 (Yoast SEO v28.3) - https:\/\/yoast.com\/product\/yoast-seo-premium-wordpress\/ -->\n<title>Lucifer - Ljusb\u00e4raren som f\u00f6ll, h\u00f6gmodets \u00e4ngel<\/title>\n<meta name=\"description\" content=\"Lucifer \u00e4r i den kristna traditionen gestalten av den h\u00f6gsta fallna \u00e4ngeln. Likst\u00e4llandet med Satan \u00e4r medeltida; ursprungligen \u00e4r...\" \/>\n<meta name=\"robots\" content=\"index, follow, max-snippet:-1, max-image-preview:large, max-video-preview:-1\" \/>\n<link rel=\"canonical\" href=\"https:\/\/iwell-guard.com\/sv\/lucifer\/\" \/>\n<meta property=\"og:locale\" content=\"sv_SE\" \/>\n<meta property=\"og:type\" content=\"article\" \/>\n<meta property=\"og:title\" content=\"Lucifer\" \/>\n<meta property=\"og:description\" content=\"Lucifer \u00e4r i den kristna traditionen gestalten av den h\u00f6gsta fallna \u00e4ngeln. Likst\u00e4llandet med Satan \u00e4r medeltida; ursprungligen \u00e4r...\" \/>\n<meta property=\"og:url\" content=\"https:\/\/iwell-guard.com\/sv\/lucifer\/\" \/>\n<meta property=\"og:site_name\" content=\"iWell Guard\" \/>\n<meta property=\"article:modified_time\" content=\"2026-09-03T01:04:58+00:00\" \/>\n<meta property=\"og:image\" content=\"https:\/\/iwell-guard.com\/wp-content\/uploads\/2026\/04\/goetter_christentum_luzifer.webp\" \/>\n\t<meta property=\"og:image:width\" content=\"1024\" \/>\n\t<meta property=\"og:image:height\" content=\"1536\" \/>\n\t<meta property=\"og:image:type\" content=\"image\/webp\" \/>\n<meta name=\"twitter:card\" content=\"summary_large_image\" \/>\n<script type=\"application\/ld+json\" class=\"yoast-schema-graph\">{\"@context\":\"https:\\\/\\\/schema.org\",\"@graph\":[{\"@type\":\"WebPage\",\"@id\":\"https:\\\/\\\/iwell-guard.com\\\/sv\\\/lucifer\\\/\",\"url\":\"https:\\\/\\\/iwell-guard.com\\\/sv\\\/lucifer\\\/\",\"name\":\"Lucifer - Ljusb\u00e4raren som f\u00f6ll, h\u00f6gmodets \u00e4ngel\",\"isPartOf\":{\"@id\":\"https:\\\/\\\/iwell-guard.com\\\/sv\\\/#website\"},\"primaryImageOfPage\":{\"@id\":\"https:\\\/\\\/iwell-guard.com\\\/sv\\\/lucifer\\\/#primaryimage\"},\"image\":{\"@id\":\"https:\\\/\\\/iwell-guard.com\\\/sv\\\/lucifer\\\/#primaryimage\"},\"thumbnailUrl\":\"https:\\\/\\\/iwell-guard.com\\\/wp-content\\\/uploads\\\/2026\\\/04\\\/goetter_christentum_luzifer.webp\",\"datePublished\":\"2026-09-03T00:07:45+00:00\",\"dateModified\":\"2026-09-03T01:04:58+00:00\",\"description\":\"Lucifer \u00e4r i den kristna traditionen gestalten av den h\u00f6gsta fallna \u00e4ngeln. Likst\u00e4llandet med Satan \u00e4r medeltida; ursprungligen \u00e4r...\",\"breadcrumb\":{\"@id\":\"https:\\\/\\\/iwell-guard.com\\\/sv\\\/lucifer\\\/#breadcrumb\"},\"inLanguage\":\"sv-SE\",\"potentialAction\":[{\"@type\":\"ReadAction\",\"target\":[\"https:\\\/\\\/iwell-guard.com\\\/sv\\\/lucifer\\\/\"]}]},{\"@type\":\"ImageObject\",\"inLanguage\":\"sv-SE\",\"@id\":\"https:\\\/\\\/iwell-guard.com\\\/sv\\\/lucifer\\\/#primaryimage\",\"url\":\"https:\\\/\\\/iwell-guard.com\\\/wp-content\\\/uploads\\\/2026\\\/04\\\/goetter_christentum_luzifer.webp\",\"contentUrl\":\"https:\\\/\\\/iwell-guard.com\\\/wp-content\\\/uploads\\\/2026\\\/04\\\/goetter_christentum_luzifer.webp\",\"width\":1024,\"height\":1536,\"caption\":\"Gudar fr\u00e5n kristendomens tradition.\"},{\"@type\":\"BreadcrumbList\",\"@id\":\"https:\\\/\\\/iwell-guard.com\\\/sv\\\/lucifer\\\/#breadcrumb\",\"itemListElement\":[{\"@type\":\"ListItem\",\"position\":1,\"name\":\"Start\",\"item\":\"https:\\\/\\\/iwell-guard.com\\\/sv\\\/?page_id=136483\"},{\"@type\":\"ListItem\",\"position\":2,\"name\":\"Lucifer\"}]},{\"@type\":\"WebSite\",\"@id\":\"https:\\\/\\\/iwell-guard.com\\\/sv\\\/#website\",\"url\":\"https:\\\/\\\/iwell-guard.com\\\/sv\\\/\",\"name\":\"iWell Guard\",\"description\":\"Schutz vor dunklen Einfl\u00fcssen\",\"publisher\":{\"@id\":\"https:\\\/\\\/iwell-guard.com\\\/sv\\\/#organization\"},\"potentialAction\":[{\"@type\":\"SearchAction\",\"target\":{\"@type\":\"EntryPoint\",\"urlTemplate\":\"https:\\\/\\\/iwell-guard.com\\\/sv\\\/?s={search_term_string}\"},\"query-input\":{\"@type\":\"PropertyValueSpecification\",\"valueRequired\":true,\"valueName\":\"search_term_string\"}}],\"inLanguage\":\"sv-SE\"},{\"@type\":\"Organization\",\"@id\":\"https:\\\/\\\/iwell-guard.com\\\/sv\\\/#organization\",\"name\":\"Ittermann electronic GmbH\",\"url\":\"https:\\\/\\\/iwell-guard.com\\\/sv\\\/\",\"logo\":{\"@type\":\"ImageObject\",\"inLanguage\":\"sv-SE\",\"@id\":\"https:\\\/\\\/iwell-guard.com\\\/sv\\\/#\\\/schema\\\/logo\\\/image\\\/\",\"url\":\"https:\\\/\\\/iwell-guard.com\\\/wp-content\\\/uploads\\\/2026\\\/05\\\/Ittermann-Logo-1182x237-1.png\",\"contentUrl\":\"https:\\\/\\\/iwell-guard.com\\\/wp-content\\\/uploads\\\/2026\\\/05\\\/Ittermann-Logo-1182x237-1.png\",\"width\":1182,\"height\":237,\"caption\":\"Ittermann electronic GmbH\"},\"image\":{\"@id\":\"https:\\\/\\\/iwell-guard.com\\\/sv\\\/#\\\/schema\\\/logo\\\/image\\\/\"},\"sameAs\":[\"https:\\\/\\\/pantip.com\\\/profile\\\/9367242\",\"https:\\\/\\\/micro.blog\\\/iwellguard\",\"https:\\\/\\\/www.diggerslist.com\\\/iwellguard\\\/about\",\"https:\\\/\\\/skitterphoto.com\\\/photographers\\\/2870314\\\/iwell-guard\",\"https:\\\/\\\/iwellguard.wordpress.com\\\/2026\\\/06\\\/06\\\/iwell-guard\\\/\",\"https:\\\/\\\/hub.docker.com\\\/u\\\/iwellguard\",\"https:\\\/\\\/www.pinterest.com\\\/iwellguard\\\/\",\"https:\\\/\\\/bit.ly\\\/m\\\/iwellguard\",\"https:\\\/\\\/entre-vos-mains.alsace.eu\\\/profiles\\\/iwellguard\\\/activity\",\"https:\\\/\\\/gravatar.com\\\/reallybeded8fd34\",\"https:\\\/\\\/naijamatta.com\\\/iwellguard\",\"https:\\\/\\\/www.goodreads.com\\\/iwellguard\",\"https:\\\/\\\/profile.hatena.ne.jp\\\/iwellguard\\\/\",\"https:\\\/\\\/experiment.com\\\/users\\\/iwellguard\",\"https:\\\/\\\/wakelet.com\\\/@iWellGuard82270\",\"https:\\\/\\\/www.chordie.com\\\/forum\\\/profile.php?id=2555664\",\"https:\\\/\\\/www.instapaper.com\\\/p\\\/17757966\",\"https:\\\/\\\/www.mapleprimes.com\\\/users\\\/iwellguard\",\"https:\\\/\\\/businesslistingplus.com\\\/profile\\\/iwell-guard\\\/\",\"https:\\\/\\\/telegra.ph\\\/iWell-Guard-06-06\",\"https:\\\/\\\/pbase.com\\\/iwellguard\\\/iwellguard\",\"https:\\\/\\\/b.hatena.ne.jp\\\/iwellguard\\\/20260607#bookmark-4788405196491818882\",\"https:\\\/\\\/fliphtml5.com\\\/home\\\/iwellguard\",\"https:\\\/\\\/anyflip.com\\\/homepage\\\/cmiwl#About\",\"https:\\\/\\\/transfur.com\\\/Users\\\/iwellguard\",\"http:\\\/\\\/delphi.larsbo.org\\\/user\\\/iwellguard\",\"https:\\\/\\\/jobs.lajobsportal.org\\\/profiles\\\/8380803-iwell-guard\",\"https:\\\/\\\/md.chaosdorf.de\\\/s\\\/jfbe5SBdJD\",\"https:\\\/\\\/www.lingvolive.com\\\/en-us\\\/profile\\\/9ecaeaca-ce11-4e51-9e71-01d55e2bff36\\\/translations\",\"https:\\\/\\\/www.fitday.com\\\/fitness\\\/forums\\\/members\\\/iwellguard.html\",\"https:\\\/\\\/www.mymeetbook.com\\\/iwellguard\",\"https:\\\/\\\/pxhere.com\\\/en\\\/photographer-me\\\/5040798\",\"https:\\\/\\\/disqus.com\\\/by\\\/iwellguard\\\/about\\\/\",\"https:\\\/\\\/pastelink.net\\\/hjwciqwq\",\"https:\\\/\\\/pubhtml5.com\\\/homepage\\\/scjhn\\\/\",\"https:\\\/\\\/www.bitchute.com\\\/channel\\\/2O2eOKzNqujT\",\"https:\\\/\\\/audiomack.com\\\/iwellguard\"]},{\"@type\":\"Article\",\"@id\":\"https:\\\/\\\/iwell-guard.com\\\/sv\\\/lucifer\\\/#article\",\"isPartOf\":{\"@id\":\"https:\\\/\\\/iwell-guard.com\\\/sv\\\/lucifer\\\/\"},\"author\":{\"name\":\"Ralf Ittermann\",\"@id\":\"https:\\\/\\\/iwell-guard.com\\\/sv\\\/#\\\/schema\\\/person\\\/ee2a27f1cac3406c7c6fb5820cb7349f\"},\"headline\":\"Lucifer\",\"datePublished\":\"2026-09-03T00:07:45+00:00\",\"dateModified\":\"2026-09-03T01:04:58+00:00\",\"mainEntityOfPage\":{\"@id\":\"https:\\\/\\\/iwell-guard.com\\\/sv\\\/lucifer\\\/\"},\"publisher\":{\"@id\":\"https:\\\/\\\/iwell-guard.com\\\/sv\\\/#organization\"},\"image\":{\"@id\":\"https:\\\/\\\/iwell-guard.com\\\/sv\\\/lucifer\\\/#primaryimage\"},\"thumbnailUrl\":\"https:\\\/\\\/iwell-guard.com\\\/wp-content\\\/uploads\\\/2026\\\/04\\\/goetter_christentum_luzifer.webp\",\"inLanguage\":\"sv-SE\",\"description\":\"Lucifer \u00e4r i den kristna traditionen gestalten av den h\u00f6gsta fallna \u00e4ngeln. Likst\u00e4llandet med Satan \u00e4r medeltida; ursprungligen \u00e4r...\"}]}<\/script>\n<!-- \/ Yoast SEO Premium plugin. -->","yoast_head_json":{"title":"Lucifer - Ljusb\u00e4raren som f\u00f6ll, h\u00f6gmodets \u00e4ngel","description":"Lucifer \u00e4r i den kristna traditionen gestalten av den h\u00f6gsta fallna \u00e4ngeln. Likst\u00e4llandet med Satan \u00e4r medeltida; ursprungligen \u00e4r...","robots":{"index":"index","follow":"follow","max-snippet":"max-snippet:-1","max-image-preview":"max-image-preview:large","max-video-preview":"max-video-preview:-1"},"canonical":"https:\/\/iwell-guard.com\/sv\/lucifer\/","og_locale":"sv_SE","og_type":"article","og_title":"Lucifer","og_description":"Lucifer \u00e4r i den kristna traditionen gestalten av den h\u00f6gsta fallna \u00e4ngeln. Likst\u00e4llandet med Satan \u00e4r medeltida; ursprungligen \u00e4r...","og_url":"https:\/\/iwell-guard.com\/sv\/lucifer\/","og_site_name":"iWell Guard","article_modified_time":"2026-09-03T01:04:58+00:00","og_image":[{"width":1024,"height":1536,"url":"https:\/\/iwell-guard.com\/wp-content\/uploads\/2026\/04\/goetter_christentum_luzifer.webp","type":"image\/webp"}],"twitter_card":"summary_large_image","schema":{"@context":"https:\/\/schema.org","@graph":[{"@type":"Article","@id":"https:\/\/iwell-guard.com\/sv\/lucifer\/#article","isPartOf":{"@id":"https:\/\/iwell-guard.com\/sv\/lucifer\/"},"author":{"name":"Ralf Ittermann","@id":"https:\/\/iwell-guard.com\/sv\/#\/schema\/person\/ee2a27f1cac3406c7c6fb5820cb7349f"},"headline":"Lucifer","datePublished":"2026-09-03T00:07:45+00:00","dateModified":"2026-09-03T01:04:58+00:00","mainEntityOfPage":{"@id":"https:\/\/iwell-guard.com\/sv\/lucifer\/"},"publisher":{"@id":"https:\/\/iwell-guard.com\/sv\/#organization"},"image":{"@id":"https:\/\/iwell-guard.com\/sv\/lucifer\/#primaryimage"},"thumbnailUrl":"https:\/\/iwell-guard.com\/wp-content\/uploads\/2026\/04\/goetter_christentum_luzifer.webp","inLanguage":"sv-SE","description":"Lucifer \u00e4r i den kristna traditionen gestalten av den h\u00f6gsta fallna \u00e4ngeln. Likst\u00e4llandet med Satan \u00e4r medeltida; ursprungligen \u00e4r..."},{"@type":"WebPage","@id":"https:\/\/iwell-guard.com\/sv\/lucifer\/","url":"https:\/\/iwell-guard.com\/sv\/lucifer\/","name":"Lucifer - Ljusb\u00e4raren som f\u00f6ll, h\u00f6gmodets \u00e4ngel","isPartOf":{"@id":"https:\/\/iwell-guard.com\/sv\/#website"},"primaryImageOfPage":{"@id":"https:\/\/iwell-guard.com\/sv\/lucifer\/#primaryimage"},"image":{"@id":"https:\/\/iwell-guard.com\/sv\/lucifer\/#primaryimage"},"thumbnailUrl":"https:\/\/iwell-guard.com\/wp-content\/uploads\/2026\/04\/goetter_christentum_luzifer.webp","datePublished":"2026-09-03T00:07:45+00:00","dateModified":"2026-09-03T01:04:58+00:00","description":"Lucifer \u00e4r i den kristna traditionen gestalten av den h\u00f6gsta fallna \u00e4ngeln. Likst\u00e4llandet med Satan \u00e4r medeltida; ursprungligen \u00e4r...","breadcrumb":{"@id":"https:\/\/iwell-guard.com\/sv\/lucifer\/#breadcrumb"},"inLanguage":"sv-SE","potentialAction":[{"@type":"ReadAction","target":["https:\/\/iwell-guard.com\/sv\/lucifer\/"]}]},{"@type":"ImageObject","inLanguage":"sv-SE","@id":"https:\/\/iwell-guard.com\/sv\/lucifer\/#primaryimage","url":"https:\/\/iwell-guard.com\/wp-content\/uploads\/2026\/04\/goetter_christentum_luzifer.webp","contentUrl":"https:\/\/iwell-guard.com\/wp-content\/uploads\/2026\/04\/goetter_christentum_luzifer.webp","width":1024,"height":1536,"caption":"Gudar fr\u00e5n kristendomens tradition."},{"@type":"BreadcrumbList","@id":"https:\/\/iwell-guard.com\/sv\/lucifer\/#breadcrumb","itemListElement":[{"@type":"ListItem","position":1,"name":"Start","item":"https:\/\/iwell-guard.com\/sv\/?page_id=136483"},{"@type":"ListItem","position":2,"name":"Lucifer"}]},{"@type":"WebSite","@id":"https:\/\/iwell-guard.com\/sv\/#website","url":"https:\/\/iwell-guard.com\/sv\/","name":"iWell Guard","description":"Schutz vor dunklen Einfl\u00fcssen","publisher":{"@id":"https:\/\/iwell-guard.com\/sv\/#organization"},"potentialAction":[{"@type":"SearchAction","target":{"@type":"EntryPoint","urlTemplate":"https:\/\/iwell-guard.com\/sv\/?s={search_term_string}"},"query-input":{"@type":"PropertyValueSpecification","valueRequired":true,"valueName":"search_term_string"}}],"inLanguage":"sv-SE"},{"@type":"Organization","@id":"https:\/\/iwell-guard.com\/sv\/#organization","name":"Ittermann electronic GmbH","url":"https:\/\/iwell-guard.com\/sv\/","logo":{"@type":"ImageObject","inLanguage":"sv-SE","@id":"https:\/\/iwell-guard.com\/sv\/#\/schema\/logo\/image\/","url":"https:\/\/iwell-guard.com\/wp-content\/uploads\/2026\/05\/Ittermann-Logo-1182x237-1.png","contentUrl":"https:\/\/iwell-guard.com\/wp-content\/uploads\/2026\/05\/Ittermann-Logo-1182x237-1.png","width":1182,"height":237,"caption":"Ittermann electronic GmbH"},"image":{"@id":"https:\/\/iwell-guard.com\/sv\/#\/schema\/logo\/image\/"},"sameAs":["https:\/\/pantip.com\/profile\/9367242","https:\/\/micro.blog\/iwellguard","https:\/\/www.diggerslist.com\/iwellguard\/about","https:\/\/skitterphoto.com\/photographers\/2870314\/iwell-guard","https:\/\/iwellguard.wordpress.com\/2026\/06\/06\/iwell-guard\/","https:\/\/hub.docker.com\/u\/iwellguard","https:\/\/www.pinterest.com\/iwellguard\/","https:\/\/bit.ly\/m\/iwellguard","https:\/\/entre-vos-mains.alsace.eu\/profiles\/iwellguard\/activity","https:\/\/gravatar.com\/reallybeded8fd34","https:\/\/naijamatta.com\/iwellguard","https:\/\/www.goodreads.com\/iwellguard","https:\/\/profile.hatena.ne.jp\/iwellguard\/","https:\/\/experiment.com\/users\/iwellguard","https:\/\/wakelet.com\/@iWellGuard82270","https:\/\/www.chordie.com\/forum\/profile.php?id=2555664","https:\/\/www.instapaper.com\/p\/17757966","https:\/\/www.mapleprimes.com\/users\/iwellguard","https:\/\/businesslistingplus.com\/profile\/iwell-guard\/","https:\/\/telegra.ph\/iWell-Guard-06-06","https:\/\/pbase.com\/iwellguard\/iwellguard","https:\/\/b.hatena.ne.jp\/iwellguard\/20260607#bookmark-4788405196491818882","https:\/\/fliphtml5.com\/home\/iwellguard","https:\/\/anyflip.com\/homepage\/cmiwl#About","https:\/\/transfur.com\/Users\/iwellguard","http:\/\/delphi.larsbo.org\/user\/iwellguard","https:\/\/jobs.lajobsportal.org\/profiles\/8380803-iwell-guard","https:\/\/md.chaosdorf.de\/s\/jfbe5SBdJD","https:\/\/www.lingvolive.com\/en-us\/profile\/9ecaeaca-ce11-4e51-9e71-01d55e2bff36\/translations","https:\/\/www.fitday.com\/fitness\/forums\/members\/iwellguard.html","https:\/\/www.mymeetbook.com\/iwellguard","https:\/\/pxhere.com\/en\/photographer-me\/5040798","https:\/\/disqus.com\/by\/iwellguard\/about\/","https:\/\/pastelink.net\/hjwciqwq","https:\/\/pubhtml5.com\/homepage\/scjhn\/","https:\/\/www.bitchute.com\/channel\/2O2eOKzNqujT","https:\/\/audiomack.com\/iwellguard"]},{"@type":"Person","@id":"https:\/\/iwell-guard.com\/sv\/#\/schema\/person\/ee2a27f1cac3406c7c6fb5820cb7349f","name":"Ralf Ittermann","image":{"@type":"ImageObject","inLanguage":"sv-SE","@id":"https:\/\/secure.gravatar.com\/avatar\/073c0153e350a5005b68eb752b445fea71f6b24a26da9449ad7e155e6b446c9d?s=96&d=mm&r=g","url":"https:\/\/secure.gravatar.com\/avatar\/073c0153e350a5005b68eb752b445fea71f6b24a26da9449ad7e155e6b446c9d?s=96&d=mm&r=g","contentUrl":"https:\/\/secure.gravatar.com\/avatar\/073c0153e350a5005b68eb752b445fea71f6b24a26da9449ad7e155e6b446c9d?s=96&d=mm&r=g","caption":"Ralf Ittermann"},"givenName":"Ralf","familyName":"Ittermann","jobTitle":"Gesch\u00e4ftsf\u00fchrer und redaktioneller Verantwortlicher","url":"https:\/\/iwell-guard.com\/sv\/author\/claude\/","description":"Ralf Ittermann ist Gesch\u00e4ftsf\u00fchrer der Ittermann electronic GmbH und redaktioneller Verantwortlicher des iWell-Guard-Lexikons. Er verbindet langj\u00e4hrige Erfahrung in der Pr\u00e4zisionsfertigung mit medialer Praxis und religionsgeschichtlicher Quellenarbeit.","worksFor":{"@type":"Organization","name":"Ittermann electronic GmbH","url":"https:\/\/ittermann.de\/","address":{"@type":"PostalAddress","streetAddress":"K\u00f6hlergasse 16-18","postalCode":"99842","addressLocality":"Ruhla","addressCountry":"DE"}},"knowsAbout":["Religionsgeschichte","Mythologie","Mediale Praxis","Energetische Diagnostik","Schutzpraxis","Volksglauben","Westliche Esoterik"]},{"@type":"Article","@id":"https:\/\/iwell-guard.com\/sv\/lucifer\/#article","isPartOf":{"@id":"https:\/\/iwell-guard.com\/sv\/lucifer\/"},"author":{"name":"Ralf Ittermann","@id":"https:\/\/iwell-guard.com\/sv\/#\/schema\/person\/ee2a27f1cac3406c7c6fb5820cb7349f"},"headline":"Lucifer","datePublished":"2026-09-03T00:07:45+00:00","dateModified":"2026-09-03T01:04:58+00:00","mainEntityOfPage":{"@id":"https:\/\/iwell-guard.com\/sv\/lucifer\/"},"publisher":{"@id":"https:\/\/iwell-guard.com\/sv\/#organization"},"image":{"@id":"https:\/\/iwell-guard.com\/sv\/lucifer\/#primaryimage"},"thumbnailUrl":"https:\/\/iwell-guard.com\/wp-content\/uploads\/2026\/04\/goetter_christentum_luzifer.webp","inLanguage":"sv-SE","description":"Lucifer \u00e4r i den kristna traditionen gestalten av den h\u00f6gsta fallna \u00e4ngeln. Likst\u00e4llandet med Satan \u00e4r medeltida; ursprungligen \u00e4r..."}]}},"_links":{"self":[{"href":"https:\/\/iwell-guard.com\/sv\/wp-json\/wp\/v2\/pages\/136521","targetHints":{"allow":["GET"]}}],"collection":[{"href":"https:\/\/iwell-guard.com\/sv\/wp-json\/wp\/v2\/pages"}],"about":[{"href":"https:\/\/iwell-guard.com\/sv\/wp-json\/wp\/v2\/types\/page"}],"author":[{"embeddable":true,"href":"https:\/\/iwell-guard.com\/sv\/wp-json\/wp\/v2\/users\/3"}],"replies":[{"embeddable":true,"href":"https:\/\/iwell-guard.com\/sv\/wp-json\/wp\/v2\/comments?post=136521"}],"version-history":[{"count":0,"href":"https:\/\/iwell-guard.com\/sv\/wp-json\/wp\/v2\/pages\/136521\/revisions"}],"wp:featuredmedia":[{"embeddable":true,"href":"https:\/\/iwell-guard.com\/sv\/wp-json\/wp\/v2\/media\/1567"}],"wp:attachment":[{"href":"https:\/\/iwell-guard.com\/sv\/wp-json\/wp\/v2\/media?parent=136521"}],"wp:term":[{"taxonomy":"category","embeddable":true,"href":"https:\/\/iwell-guard.com\/sv\/wp-json\/wp\/v2\/categories?post=136521"}],"curies":[{"name":"wp","href":"https:\/\/api.w.org\/{rel}","templated":true}]}}