{"id":136517,"date":"2026-09-03T00:07:43","date_gmt":"2026-09-03T00:07:43","guid":{"rendered":"https:\/\/iwell-guard.com\/?page_id=136517"},"modified":"2026-09-03T01:04:49","modified_gmt":"2026-09-03T01:04:49","slug":"germanskt","status":"publish","type":"page","link":"https:\/\/iwell-guard.com\/sv\/germanskt\/","title":{"rendered":"Germansk"},"content":{"rendered":"\t\t<div data-elementor-type=\"wp-page\" data-elementor-id=\"136517\" class=\"elementor elementor-136517 elementor-1015\" data-elementor-post-type=\"page\">\n\t\t\t\t<div class=\"elementor-element elementor-element-k-hero-rebuilt-german iwg-kultur-hero e-flex e-con-boxed e-con e-parent\" data-id=\"k-hero-rebuilt-german\" data-element_type=\"container\" data-e-type=\"container\">\n\t\t\t\t\t<div class=\"e-con-inner\">\n\t\t<div class=\"elementor-element elementor-element-khleft-german iwg-kultur-hero-left e-flex e-con-boxed e-con e-child\" data-id=\"khleft-german\" data-element_type=\"container\" data-e-type=\"container\">\n\t\t\t\t\t<div class=\"e-con-inner\">\n\t\t\t\t<div class=\"elementor-element elementor-element-k-h1-germanisch elementor-widget elementor-widget-heading\" data-id=\"k-h1-germanisch\" data-element_type=\"widget\" data-e-type=\"widget\" data-widget_type=\"heading.default\">\n\t\t\t\t\t<h1 class=\"elementor-heading-title elementor-size-default\">Nordiska gudar, asar, vaner och germansk mytologi<\/h1>\t\t\t\t<\/div>\n\t\t<div class=\"elementor-element elementor-element-aj11-hero-lead-german e-con-full e-flex e-con e-child\" data-id=\"aj11-hero-lead-german\" data-element_type=\"container\" data-e-type=\"container\">\n\t\t\t\t<div class=\"elementor-element elementor-element-k-lead-germanisch elementor-widget elementor-widget-text-editor\" data-id=\"k-lead-germanisch\" data-element_type=\"widget\" data-e-type=\"widget\" data-widget_type=\"text-editor.default\">\n\t\t\t\t\t\t\t\t\t<p><strong>V\u00e4sen fr\u00e5n den germanska traditionen<\/strong> p\u00e5 iWell Guard. F\u00f6rkristen gud- och andev\u00e4rld i Nord- och Mellaneuropa. Huvudk\u00e4llor: Snorra-Edda, den poetiska Eddan, skaldediktning, arkeologiska fynd.<\/p>\t\t\t\t\t\t\t\t<\/div>\n\t\t\t\t<\/div>\n\t\t<div class=\"elementor-element elementor-element-aj11-hero-toc-german e-con-full e-flex e-con e-child\" data-id=\"aj11-hero-toc-german\" data-element_type=\"container\" data-e-type=\"container\">\n\t\t\t\t<div class=\"elementor-element elementor-element-k-toc-germanisch elementor-widget elementor-widget-text-editor\" data-id=\"k-toc-germanisch\" data-element_type=\"widget\" data-e-type=\"widget\" data-widget_type=\"text-editor.default\">\n\t\t\t\t\t\t\t\t\t<p><strong>Inneh\u00e5ll p\u00e5 denna sida:<\/strong><\/p><ul><li><a href=\"#k-germanisch-h1\">Inordning<\/a><\/li><li><a href=\"#x-germanisch-h100\">Historia och pantheon<\/a><\/li><li><a href=\"#x-germanisch-h101\">V\u00e4sen i vardagen<\/a><\/li><li><a href=\"#x-germanisch-h102\">Betydelse idag<\/a><\/li><li><a href=\"#k-germanisch-h2\">Gudar (6)<\/a><\/li><li><a href=\"#k-germanisch-h3\">Andar (6)<\/a><\/li><li><a href=\"#72d1854\">F\u00f6rdjupning<\/a><\/li><\/ul>\t\t\t\t\t\t\t\t<\/div>\n\t\t\t\t<\/div>\n\t\t\t\t\t<\/div>\n\t\t\t\t<\/div>\n\t\t<div class=\"elementor-element elementor-element-khrght-german iwg-kultur-hero-right e-flex e-con-boxed e-con e-child\" data-id=\"khrght-german\" data-element_type=\"container\" data-e-type=\"container\">\n\t\t\t\t\t<div class=\"e-con-inner\">\n\t\t\t\t<div class=\"elementor-element elementor-element-k-img-germanisch iwg-hero-image elementor-widget elementor-widget-image\" data-id=\"k-img-germanisch\" data-element_type=\"widget\" data-e-type=\"widget\" data-widget_type=\"image.default\">\n\t\t\t\t\t\t\t\t\t\t\t\t\t\t\t<img fetchpriority=\"high\" decoding=\"async\" width=\"683\" height=\"1024\" src=\"https:\/\/iwell-guard.com\/wp-content\/uploads\/2026\/04\/goetter_germanisch_odin-683x1024.webp\" class=\"attachment-large size-large wp-image-136265\" alt=\"Oden (Odin) - Gudar fr\u00e5n den germanska traditionen, historiskt-illustrativt\" srcset=\"https:\/\/iwell-guard.com\/wp-content\/uploads\/2026\/04\/goetter_germanisch_odin-683x1024.webp 683w, https:\/\/iwell-guard.com\/wp-content\/uploads\/2026\/04\/goetter_germanisch_odin-200x300.webp 200w, https:\/\/iwell-guard.com\/wp-content\/uploads\/2026\/04\/goetter_germanisch_odin-768x1152.webp 768w, https:\/\/iwell-guard.com\/wp-content\/uploads\/2026\/04\/goetter_germanisch_odin.webp 1024w\" sizes=\"(max-width: 683px) 100vw, 683px\" \/>\t\t\t\t\t\t\t\t\t\t\t\t\t\t\t<\/div>\n\t\t\t\t\t<\/div>\n\t\t\t\t<\/div>\n\t\t\t\t\t<\/div>\n\t\t\t\t<\/div>\n\t\t\t\t<section class=\"elementor-section elementor-top-section elementor-element elementor-element-sec-iwgcomp2-germanisch elementor-section-boxed elementor-section-height-default elementor-section-height-default\" data-id=\"sec-iwgcomp2-germanisch\" data-element_type=\"section\" data-e-type=\"section\">\n\t\t\t\t\t\t<div class=\"elementor-container elementor-column-gap-default\">\n\t\t\t\t\t<div class=\"elementor-column elementor-col-100 elementor-top-column elementor-element elementor-element-col-iwgcomp2-germanisch\" data-id=\"col-iwgcomp2-germanisch\" data-element_type=\"column\" data-e-type=\"column\">\n\t\t\t<div class=\"elementor-widget-wrap elementor-element-populated\">\n\t\t\t\t\t\t<div class=\"elementor-element elementor-element-iwgcomp2-germanisch elementor-widget elementor-widget-text-editor\" data-id=\"iwgcomp2-germanisch\" data-element_type=\"widget\" data-e-type=\"widget\" data-widget_type=\"text-editor.default\">\n\t\t\t\t\t\t\t\t\t<p>Denna sida dokumenterar den <strong>germanska<\/strong> religionen fr\u00e5n <span class=\"iwg-fachbegriff\" data-tooltip=\"F\u00f6rhistorisk epok efter brons\u00e5ldern, pr\u00e4glad av j\u00e4rnbearbetning.\" tabindex=\"0\">J\u00e4rn\u00e5lder<\/span>&#8211;<span class=\"iwg-fachbegriff\" data-tooltip=\"Samlingen av gudar inom en religion eller kultur.\" tabindex=\"0\">pantheon<\/span> till eddatiden.<\/p>\t\t\t\t\t\t\t\t<\/div>\n\t\t\t\t\t<\/div>\n\t\t<\/div>\n\t\t\t\t\t<\/div>\n\t\t<\/section>\n\t\t<div class=\"elementor-element elementor-element-clstrsec-aj12-germanis e-con-boxed e-flex e-con e-parent\" data-id=\"clstrsec-aj12-germanis\" data-element_type=\"container\" data-e-type=\"container\">\n\t\t\t\t\t<div class=\"e-con-inner\">\n\t\t\t\t<div class=\"elementor-element elementor-element-clstrh2-aj12-german elementor-widget elementor-widget-heading\" data-id=\"clstrh2-aj12-german\" data-element_type=\"widget\" data-e-type=\"widget\" data-widget_type=\"heading.default\">\n\t\t\t\t\t<h2 class=\"elementor-heading-title elementor-size-default\">Edda, gudarnas hov och nordiska myter<\/h2>\t\t\t\t<\/div>\n\t\t<div class=\"elementor-element elementor-element-aj12-cluster-text-germanis e-con-full e-flex e-con e-child\" data-id=\"aj12-cluster-text-germanis\" data-element_type=\"container\" data-e-type=\"container\">\n\t\t\t\t<div class=\"elementor-element elementor-element-aj12-cluster-text-german-t elementor-widget elementor-widget-text-editor\" data-id=\"aj12-cluster-text-german-t\" data-element_type=\"widget\" data-e-type=\"widget\" data-widget_type=\"text-editor.default\">\n\t\t\t\t\t\t\t\t\t<p>Den germanska religionen \u00e4r k\u00e4llkritiskt en sv\u00e5r tradition. Det vi vet kommer n\u00e4stan uteslutande fr\u00e5n kristen-isl\u00e4ndsk sen\u00f6verlevering: den poetiska Eddan och Snorra-Edda kompilerades under 1200-talet, l\u00e5ngt efter att den nordiska hedendomen upph\u00f6rt att vara en levande religion.<\/p><p>F\u00f6rkristna inskriptioner, runor och ortnamn kompletterar bilden, men ers\u00e4tter den inte.<\/p>\n<p>I centrum st\u00e5r tv\u00e5 guda\u00e4tter: de krigiska asarna kring Oden, Tor, Tyr och Frigg, samt de fruktbarhetsinriktade vanerna kring Frej, Freja och Njord.<\/p><p>Mytologiskt \u00e4r systemet dynamiskt: det slutar i Ragnar\u00f6k, gudarnas underg\u00e5ng, och f\u00e5r d\u00e4rigenom ett eskatologiskt djup som andra polyteistiska system saknar.<\/p>\n<p><strong>Folkreligionen<\/strong> kretsade kring skyddsandar: husandar (husv\u00e4ttar), landandar (landv\u00e4ttar), fylgjor (personliga \u00f6desandar), diser (kvinnliga anf\u00e4derandar). Detta lager \u00e4r religionshistoriskt ofta djupare och \u00e4ldre \u00e4n asa-<span class=\"iwg-fachbegriff\" data-tooltip=\"Samlingen av en kulturs \u00f6verlevererade gudaber\u00e4ttelser.\" tabindex=\"0\">mytologin<\/span> och har levt vidare i skandinaviska folkseder \u00e4nda in p\u00e5 1800-talet.<\/p>\t\t\t\t\t\t\t\t<\/div>\n\t\t\t\t<\/div>\n\t\t\t\t\t<\/div>\n\t\t\t\t<\/div>\n\t\t<div class=\"elementor-element elementor-element-k-germanisch-s1 e-con-boxed e-flex e-con e-parent\" data-id=\"k-germanisch-s1\" data-element_type=\"container\" data-e-type=\"container\">\n\t\t\t\t\t<div class=\"e-con-inner\">\n\t\t\t\t<div class=\"elementor-element elementor-element-k-germanisch-h1 elementor-widget elementor-widget-heading\" data-id=\"k-germanisch-h1\" data-element_type=\"widget\" data-e-type=\"widget\" data-widget_type=\"heading.default\">\n\t\t\t\t\t<h2 class=\"elementor-heading-title elementor-size-default\">Inordning<\/h2>\t\t\t\t<\/div>\n\t\t<div class=\"elementor-element elementor-element-aj11-inner-0003 e-con-full e-flex e-con e-child\" data-id=\"aj11-inner-0003\" data-element_type=\"container\" data-e-type=\"container\">\n\t\t\t\t<div class=\"elementor-element elementor-element-k-germanisch-t1 elementor-widget elementor-widget-text-editor\" data-id=\"k-germanisch-t1\" data-element_type=\"widget\" data-e-type=\"widget\" data-widget_type=\"text-editor.default\">\n\t\t\t\t\t\t\t\t\t<p><strong>Tidsperiod:<\/strong> <span class=\"iwg-fachbegriff\" data-tooltip=\"F\u00f6rhistorisk epok d\u00e4r brons var det viktigaste metallen f\u00f6r verktyg.\" tabindex=\"0\">Brons\u00e5ldern<\/span> (1500 f.Kr.) fram till kristnandet (900- till 1100-talet). Texter: Snorra-Edda (1220), den poetiska Eddan.<\/p><p>Utbredning: Skandinavien, fastlandsgermanska omr\u00e5den, Brittiska \u00f6arna. Vikingatidens expansion till Ryssland och Nordamerika.<\/p><p>K\u00e4llor: Snorra-Edda, den poetiska Eddan, skaldediktning, Saxo Grammaticus, Tacitus&#8217; Germania, runinskrifter.<\/p><p><span class=\"iwg-fachbegriff\" data-tooltip=\"Samlingen av gudar inom en religion eller kultur.\" tabindex=\"0\">Pantheon<\/span> och v\u00e4sensklasser: asar (Oden, Tor, Frigg), vaner (Frej, Freja), j\u00e4ttar, dv\u00e4rgar, alver, nornor.<\/p>\t\t\t\t\t\t\t\t<\/div>\n\t\t\t\t<\/div>\n\t\t\t\t\t<\/div>\n\t\t\t\t<\/div>\n\t\t<div class=\"elementor-element elementor-element-x-germanisch-s100 e-con-boxed e-flex e-con e-parent\" data-id=\"x-germanisch-s100\" data-element_type=\"container\" data-e-type=\"container\">\n\t\t\t\t\t<div class=\"e-con-inner\">\n\t\t\t\t<div class=\"elementor-element elementor-element-x-germanisch-h100 elementor-widget elementor-widget-heading\" data-id=\"x-germanisch-h100\" data-element_type=\"widget\" data-e-type=\"widget\" data-widget_type=\"heading.default\">\n\t\t\t\t\t<h2 class=\"elementor-heading-title elementor-size-default\">Historia och pantheon<\/h2>\t\t\t\t<\/div>\n\t\t<div class=\"elementor-element elementor-element-aj11-inner-0004 e-con-full e-flex e-con e-child\" data-id=\"aj11-inner-0004\" data-element_type=\"container\" data-e-type=\"container\">\n\t\t\t\t<div class=\"elementor-element elementor-element-x-germanisch-t100 elementor-widget elementor-widget-text-editor\" data-id=\"x-germanisch-t100\" data-element_type=\"widget\" data-e-type=\"widget\" data-widget_type=\"text-editor.default\">\n\t\t\t\t\t\t\t\t\t<p>Den germanska religionen f\u00f6re kristnandet \u00e4r endast k\u00e4nd genom arkeologiska fynd, sena skriftliga \u00f6verleveranser (Eddorna) och <span class=\"iwg-fachbegriff\" data-tooltip=\"Epok av grekisk och romersk kultur, ungef\u00e4r 800 f.Kr. till 600 e.Kr.\" tabindex=\"0\">antika<\/span> k\u00e4llor (Tacitus). Det rekonstruerade <span class=\"iwg-fachbegriff\" data-tooltip=\"Samlingen av gudar inom en religion eller kultur.\" tabindex=\"0\">pantheon<\/span> delas i tv\u00e5 kosmiska dynastier: asarna (ordningens och krigets gudar, ledda av Oden och Tor) och vanerna (fruktbarhetens och <span class=\"iwg-fachbegriff\" data-tooltip=\"Praktiker som genom s\u00e4rskilda handlingar eller formler f\u00f6rs\u00f6ker p\u00e5verka tingens g\u00e5ng.\" tabindex=\"0\">magins<\/span> gudar). Mytologiskt \u00e4r detta bevarat som ett tidigare krig mellan dynastierna.<\/p><p>Det kosmiska sluttillst\u00e5ndet Ragnar\u00f6k beskriver v\u00e4rldens cykliska f\u00f6rst\u00f6relse och \u00e5terf\u00f6delse. Viktiga gestalter \u00e4r Oden (vishet, krig, <span class=\"iwg-fachbegriff\" data-tooltip=\"Praktiker som genom s\u00e4rskilda handlingar eller formler f\u00f6rs\u00f6ker p\u00e5verka tingens g\u00e5ng.\" tabindex=\"0\">magi<\/span>), Tor (\u00e5ska, ordning), Freja (k\u00e4rlek, krig, <span class=\"iwg-fachbegriff\" data-tooltip=\"Praktiker som genom s\u00e4rskilda handlingar eller formler f\u00f6rs\u00f6ker p\u00e5verka tingens g\u00e5ng.\" tabindex=\"0\">magi<\/span>) och Loke (kaos, gr\u00e4ns\u00f6verskridande).<\/p><p>De skriftliga k\u00e4llorna kommer fr\u00e5n f\u00f6rfattare i den kristna tiden och \u00e4r d\u00e4rf\u00f6r ideologiskt f\u00e4rgade; de ursprungliga riterna \u00e4r f\u00f6rlorade.<\/p>\t\t\t\t\t\t\t\t<\/div>\n\t\t\t\t<\/div>\n\t\t\t\t\t<\/div>\n\t\t\t\t<\/div>\n\t\t<div class=\"elementor-element elementor-element-x-germanisch-s101 e-con-boxed e-flex e-con e-parent\" data-id=\"x-germanisch-s101\" data-element_type=\"container\" data-e-type=\"container\">\n\t\t\t\t\t<div class=\"e-con-inner\">\n\t\t\t\t<div class=\"elementor-element elementor-element-x-germanisch-h101 elementor-widget elementor-widget-heading\" data-id=\"x-germanisch-h101\" data-element_type=\"widget\" data-e-type=\"widget\" data-widget_type=\"heading.default\">\n\t\t\t\t\t<h2 class=\"elementor-heading-title elementor-size-default\">Varelser i vardagen<\/h2>\t\t\t\t<\/div>\n\t\t<div class=\"elementor-element elementor-element-aj11-inner-0005 e-con-full e-flex e-con e-child\" data-id=\"aj11-inner-0005\" data-element_type=\"container\" data-e-type=\"container\">\n\t\t\t\t<div class=\"elementor-element elementor-element-x-germanisch-t101 elementor-widget elementor-widget-text-editor\" data-id=\"x-germanisch-t101\" data-element_type=\"widget\" data-e-type=\"widget\" data-widget_type=\"text-editor.default\">\n\t\t\t\t\t\t\t\t\t<p>Rekonstruerbara praktiker omfattar offerritualer (blot), runedivination och rituella handlingar f\u00f6r sk\u00f6rd och krig. Heliga lundar och k\u00e4llor var kultplatser, skalder och pr\u00e4ster f\u00f6rvaltade den mytologiska kunskapen, och skyddsritualer samt runskrift anv\u00e4ndes f\u00f6r andligt f\u00f6rsvar.<\/p><p>Kristnandet fr\u00e5n 700- till 1100-talet tr\u00e4ngde undan dessa praktiker, men de levde vidare i folktraditioner (valborgsm\u00e4ssoafton, majfester) och i den regionala andetron. Andev\u00e4sen som alfer (\u00e4lvor) och diser (skyddsandar) f\u00f6rblev n\u00e4rvarande i folktraditionen, och siare (v\u00f6lvor) var specialiserade experter p\u00e5 andekontakt.<\/p>\t\t\t\t\t\t\t\t<\/div>\n\t\t\t\t<\/div>\n\t\t\t\t\t<\/div>\n\t\t\t\t<\/div>\n\t\t<div class=\"elementor-element elementor-element-x-germanisch-s102 e-con-boxed e-flex e-con e-parent\" data-id=\"x-germanisch-s102\" data-element_type=\"container\" data-e-type=\"container\">\n\t\t\t\t\t<div class=\"e-con-inner\">\n\t\t\t\t<div class=\"elementor-element elementor-element-x-germanisch-h102 elementor-widget elementor-widget-heading\" data-id=\"x-germanisch-h102\" data-element_type=\"widget\" data-e-type=\"widget\" data-widget_type=\"heading.default\">\n\t\t\t\t\t<h2 class=\"elementor-heading-title elementor-size-default\">Betydelse idag<\/h2>\t\t\t\t<\/div>\n\t\t<div class=\"elementor-element elementor-element-aj11-inner-0006 e-con-full e-flex e-con e-child\" data-id=\"aj11-inner-0006\" data-element_type=\"container\" data-e-type=\"container\">\n\t\t\t\t<div class=\"elementor-element elementor-element-x-germanisch-t102 elementor-widget elementor-widget-text-editor\" data-id=\"x-germanisch-t102\" data-element_type=\"widget\" data-e-type=\"widget\" data-widget_type=\"text-editor.default\">\n\t\t\t\t\t\t\t\t\t<p>Den germanska religionen existerar inte l\u00e4ngre som en levande tradition. Dess arkeologiska och litter\u00e4ra rekonstruktion \u00e4r akademiskt str\u00e4ng men f\u00f6rblir spekulativ. Den moderna asatror\u00f6relsen har sedan 1900-talet f\u00f6rs\u00f6kt en \u00e5terupplivning, men \u00e4r ideologiskt heterogen och har utnyttjats av h\u00f6gerextrema grupper.<\/p><p>Popul\u00e4rkulturen (Tolkien, Marvel-Tor, dataspel) har estetiserat den nordiska <span class=\"iwg-fachbegriff\" data-tooltip=\"Samlingen av en kulturs \u00f6verlevererade gudaber\u00e4ttelser.\" tabindex=\"0\">mytologin<\/span> och gjort den tillg\u00e4nglig f\u00f6r masskulturen. Myterna fungerar idag som metaforer f\u00f6r psykologiska och existentiella teman, inte som ett levande trossystem.<\/p>\t\t\t\t\t\t\t\t<\/div>\n\t\t\t\t<\/div>\n\t\t\t\t\t<\/div>\n\t\t\t\t<\/div>\n\t\t<div class=\"elementor-element elementor-element-k-germanisch-s2 e-con-boxed e-flex e-con e-parent\" data-id=\"k-germanisch-s2\" data-element_type=\"container\" data-e-type=\"container\">\n\t\t\t\t\t<div class=\"e-con-inner\">\n\t\t\t\t<div class=\"elementor-element elementor-element-k-germanisch-h2 elementor-widget elementor-widget-heading\" data-id=\"k-germanisch-h2\" data-element_type=\"widget\" data-e-type=\"widget\" data-widget_type=\"heading.default\">\n\t\t\t\t\t<h2 class=\"elementor-heading-title elementor-size-default\">Gudar (12)<\/h2>\t\t\t\t<\/div>\n\t\t<div class=\"elementor-element elementor-element-aj11-inner-0007 e-con-full e-flex e-con e-child\" data-id=\"aj11-inner-0007\" data-element_type=\"container\" data-e-type=\"container\">\n\t\t\t\t<div class=\"elementor-element elementor-element-k-germanisch-t2 elementor-widget elementor-widget-text-editor\" data-id=\"k-germanisch-t2\" data-element_type=\"widget\" data-e-type=\"widget\" data-widget_type=\"text-editor.default\">\n\t\t\t\t\t\t\t\t\t<div class=\"iwg-wesen-grid\"><a class=\"iwg-wesen-card\" href=\"https:\/\/iwell-guard.com\/sv\/freja\/\" aria-label=\"Freja (Freyja)\"><div class=\"iwg-wesen-card-imgwrap\"><img decoding=\"async\" src=\"https:\/\/iwell-guard.com\/wp-content\/uploads\/2026\/04\/goetter_germanisch_freyja-200x300.webp\" alt=\"Freja (Freyja)\" loading=\"lazy\"><\/div><div class=\"iwg-wesen-card-body\"><div class=\"iwg-wesen-card-name\">Freja (Freyja)<\/div><div class=\"iwg-wesen-card-arrow\">\u2192 Till v\u00e4sendet<\/div><\/div><\/a><a class=\"iwg-wesen-card\" href=\"https:\/\/iwell-guard.com\/sv\/frigg\/\" aria-label=\"Frigg\"><div class=\"iwg-wesen-card-imgwrap\"><img decoding=\"async\" src=\"https:\/\/iwell-guard.com\/wp-content\/uploads\/2026\/04\/goetter_germanisch_frigg-200x300.webp\" alt=\"Frigg\" loading=\"lazy\"><\/div><div class=\"iwg-wesen-card-body\"><div class=\"iwg-wesen-card-name\">Frigg<\/div><div class=\"iwg-wesen-card-arrow\">\u2192 Till v\u00e4sendet<\/div><\/div><\/a><a class=\"iwg-wesen-card\" href=\"https:\/\/iwell-guard.com\/sv\/hel\/\" aria-label=\"Hel\"><div class=\"iwg-wesen-card-imgwrap\"><img decoding=\"async\" src=\"https:\/\/iwell-guard.com\/wp-content\/uploads\/2026\/04\/goetter_germanisch_hel-200x300.webp\" alt=\"Hel\" loading=\"lazy\"><\/div><div class=\"iwg-wesen-card-body\"><div class=\"iwg-wesen-card-name\">Hel<\/div><div class=\"iwg-wesen-card-arrow\">\u2192 Till v\u00e4sendet<\/div><\/div><\/a><a class=\"iwg-wesen-card\" href=\"https:\/\/iwell-guard.com\/sv\/loki\/\" aria-label=\"Loki\"><div class=\"iwg-wesen-card-imgwrap\"><img decoding=\"async\" src=\"https:\/\/iwell-guard.com\/wp-content\/uploads\/2026\/04\/goetter_germanisch_loki-200x300.webp\" alt=\"Loki\" loading=\"lazy\"><\/div><div class=\"iwg-wesen-card-body\"><div class=\"iwg-wesen-card-name\">Loki<\/div><div class=\"iwg-wesen-card-arrow\">\u2192 Till v\u00e4sendet<\/div><\/div><\/a><a class=\"iwg-wesen-card\" href=\"https:\/\/iwell-guard.com\/sv\/odin\/\" aria-label=\"Odin\"><div class=\"iwg-wesen-card-imgwrap\"><img decoding=\"async\" src=\"https:\/\/iwell-guard.com\/wp-content\/uploads\/2026\/04\/goetter_germanisch_odin-200x300.webp\" alt=\"Odin\" loading=\"lazy\"><\/div><div class=\"iwg-wesen-card-body\"><div class=\"iwg-wesen-card-name\">Odin<\/div><div class=\"iwg-wesen-card-arrow\">\u2192 Till v\u00e4sendet<\/div><\/div><\/a><a class=\"iwg-wesen-card\" href=\"https:\/\/iwell-guard.com\/sv\/thor\/\" aria-label=\"Thor\"><div class=\"iwg-wesen-card-imgwrap\"><img decoding=\"async\" src=\"https:\/\/iwell-guard.com\/wp-content\/uploads\/2026\/04\/goetter_germanisch_thor-200x300.webp\" alt=\"Thor\" loading=\"lazy\"><\/div><div class=\"iwg-wesen-card-body\"><div class=\"iwg-wesen-card-name\">Thor<\/div><div class=\"iwg-wesen-card-arrow\">\u2192 Till v\u00e4sendet<\/div><\/div><\/a><a class=\"iwg-wesen-card\" href=\"https:\/\/iwell-guard.com\/sv\/tyr\/\" aria-label=\"Tyr\"><div class=\"iwg-wesen-card-imgwrap\"><img decoding=\"async\" src=\"https:\/\/iwell-guard.com\/wp-content\/uploads\/2026\/05\/goetter_germanisch_tyr-1-200x300.webp\" alt=\"Tyr\" loading=\"lazy\"><\/div><div class=\"iwg-wesen-card-body\"><div class=\"iwg-wesen-card-name\">Tyr<\/div><div class=\"iwg-wesen-card-arrow\">\u2192 Till v\u00e4sendet<\/div><\/div><\/a><a class=\"iwg-wesen-card\" href=\"https:\/\/iwell-guard.com\/sv\/heimdall\/\" aria-label=\"Heimdall\"><div class=\"iwg-wesen-card-imgwrap\"><img decoding=\"async\" src=\"https:\/\/iwell-guard.com\/wp-content\/uploads\/2026\/05\/goetter_germanisch_heimdall-200x300.webp\" alt=\"Heimdall\" loading=\"lazy\"><\/div><div class=\"iwg-wesen-card-body\"><div class=\"iwg-wesen-card-name\">Heimdall<\/div><div class=\"iwg-wesen-card-arrow\">\u2192 Till v\u00e4sendet<\/div><\/div><\/a><a class=\"iwg-wesen-card\" href=\"https:\/\/iwell-guard.com\/sv\/baldur\/\" aria-label=\"Baldur\"><div class=\"iwg-wesen-card-imgwrap\"><img decoding=\"async\" src=\"https:\/\/iwell-guard.com\/wp-content\/uploads\/2026\/05\/goetter_germanisch_baldur-200x300.webp\" alt=\"Baldur\" loading=\"lazy\"><\/div><div class=\"iwg-wesen-card-body\"><div class=\"iwg-wesen-card-name\">Baldur<\/div><div class=\"iwg-wesen-card-arrow\">\u2192 Till v\u00e4sendet<\/div><\/div><\/a><a class=\"iwg-wesen-card\" href=\"https:\/\/iwell-guard.com\/sv\/idun\/\" aria-label=\"Idun\"><div class=\"iwg-wesen-card-imgwrap\"><img decoding=\"async\" src=\"https:\/\/iwell-guard.com\/wp-content\/uploads\/2026\/05\/goetter_germanisch_idun-200x300.webp\" alt=\"Idun\" loading=\"lazy\"><\/div><div class=\"iwg-wesen-card-body\"><div class=\"iwg-wesen-card-name\">Idun<\/div><div class=\"iwg-wesen-card-arrow\">\u2192 Till v\u00e4sendet<\/div><\/div><\/a><a class=\"iwg-wesen-card\" href=\"https:\/\/iwell-guard.com\/sv\/njord\/\" aria-label=\"Njord\"><div class=\"iwg-wesen-card-imgwrap\"><img decoding=\"async\" src=\"https:\/\/iwell-guard.com\/wp-content\/uploads\/2026\/05\/goetter_germanisch_njord-200x300.webp\" alt=\"Njord\" loading=\"lazy\"><\/div><div class=\"iwg-wesen-card-body\"><div class=\"iwg-wesen-card-name\">Njord<\/div><div class=\"iwg-wesen-card-arrow\">\u2192 Till v\u00e4sendet<\/div><\/div><\/a><a class=\"iwg-wesen-card\" href=\"https:\/\/iwell-guard.com\/sv\/freyr\/\" aria-label=\"Freyr\"><div class=\"iwg-wesen-card-imgwrap\"><img decoding=\"async\" src=\"https:\/\/iwell-guard.com\/wp-content\/uploads\/2026\/05\/goetter_germanisch_freyr-200x300.webp\" alt=\"Freyr\" loading=\"lazy\"><\/div><div class=\"iwg-wesen-card-body\"><div class=\"iwg-wesen-card-name\">Freyr<\/div><div class=\"iwg-wesen-card-arrow\">\u2192 Till v\u00e4sendet<\/div><\/div><\/a><\/div>\t\t\t\t\t\t\t\t<\/div>\n\t\t\t\t<\/div>\n\t\t\t\t\t<\/div>\n\t\t\t\t<\/div>\n\t\t<div class=\"elementor-element elementor-element-k-germanisch-s3 e-con-boxed e-flex e-con e-parent\" data-id=\"k-germanisch-s3\" data-element_type=\"container\" data-e-type=\"container\">\n\t\t\t\t\t<div class=\"e-con-inner\">\n\t\t\t\t<div class=\"elementor-element elementor-element-k-germanisch-h3 elementor-widget elementor-widget-heading\" data-id=\"k-germanisch-h3\" data-element_type=\"widget\" data-e-type=\"widget\" data-widget_type=\"heading.default\">\n\t\t\t\t\t<h2 class=\"elementor-heading-title elementor-size-default\">Andar (6)<\/h2>\t\t\t\t<\/div>\n\t\t<div class=\"elementor-element elementor-element-aj11-inner-0008 e-con-full e-flex e-con e-child\" data-id=\"aj11-inner-0008\" data-element_type=\"container\" data-e-type=\"container\">\n\t\t\t\t<div class=\"elementor-element elementor-element-k-germanisch-t3 elementor-widget elementor-widget-text-editor\" data-id=\"k-germanisch-t3\" data-element_type=\"widget\" data-e-type=\"widget\" data-widget_type=\"text-editor.default\">\n\t\t\t\t\t\t\t\t\t<div class=\"iwg-wesen-grid\"><a class=\"iwg-wesen-card\" href=\"https:\/\/iwell-guard.com\/sv\/alp\/\" aria-label=\"Alp\"><div class=\"iwg-wesen-card-imgwrap\"><img decoding=\"async\" src=\"https:\/\/iwell-guard.com\/wp-content\/uploads\/2026\/04\/geister_germanisch_alp-200x300.webp\" alt=\"Alp\" loading=\"lazy\"><\/div><div class=\"iwg-wesen-card-body\"><div class=\"iwg-wesen-card-name\">Alp<\/div><div class=\"iwg-wesen-card-arrow\">\u2192 Till v\u00e4sendet<\/div><\/div><\/a><a class=\"iwg-wesen-card\" href=\"https:\/\/iwell-guard.com\/sv\/draugr\/\" aria-label=\"Draugr\"><div class=\"iwg-wesen-card-imgwrap\"><img decoding=\"async\" src=\"https:\/\/iwell-guard.com\/wp-content\/uploads\/2026\/04\/geister_germanisch_draugr-200x300.webp\" alt=\"Draugr\" loading=\"lazy\"><\/div><div class=\"iwg-wesen-card-body\"><div class=\"iwg-wesen-card-name\">Draugr<\/div><div class=\"iwg-wesen-card-arrow\">\u2192 Till v\u00e4sendet<\/div><\/div><\/a><a class=\"iwg-wesen-card\" href=\"https:\/\/iwell-guard.com\/sv\/mahr\/\" aria-label=\"Mahr\"><div class=\"iwg-wesen-card-imgwrap\"><img decoding=\"async\" src=\"https:\/\/iwell-guard.com\/wp-content\/uploads\/2026\/04\/geister_germanisch_mahr-200x300.webp\" alt=\"Mahr\" loading=\"lazy\"><\/div><div class=\"iwg-wesen-card-body\"><div class=\"iwg-wesen-card-name\">Mahr<\/div><div class=\"iwg-wesen-card-arrow\">\u2192 Till v\u00e4sendet<\/div><\/div><\/a><a class=\"iwg-wesen-card\" href=\"https:\/\/iwell-guard.com\/sv\/nix\/\" aria-label=\"Nix\"><div class=\"iwg-wesen-card-imgwrap\"><img decoding=\"async\" src=\"https:\/\/iwell-guard.com\/wp-content\/uploads\/2026\/04\/geister_germanisch_nix-200x300.webp\" alt=\"Nix\" loading=\"lazy\"><\/div><div class=\"iwg-wesen-card-body\"><div class=\"iwg-wesen-card-name\">Nix<\/div><div class=\"iwg-wesen-card-arrow\">\u2192 Till v\u00e4sendet<\/div><\/div><\/a><a class=\"iwg-wesen-card\" href=\"https:\/\/iwell-guard.com\/sv\/troll\/\" aria-label=\"Troll\"><div class=\"iwg-wesen-card-imgwrap\"><img decoding=\"async\" src=\"https:\/\/iwell-guard.com\/wp-content\/uploads\/2026\/04\/geister_germanisch_troll-200x300.webp\" alt=\"Troll\" loading=\"lazy\"><\/div><div class=\"iwg-wesen-card-body\"><div class=\"iwg-wesen-card-name\">Troll<\/div><div class=\"iwg-wesen-card-arrow\">\u2192 Till v\u00e4sendet<\/div><\/div><\/a><a class=\"iwg-wesen-card\" href=\"https:\/\/iwell-guard.com\/sv\/ragnarok-varldens-undergang-nordisk-mytologi\/\" aria-label=\"Ragnar\u00f6k \u2013 v\u00e4rldens underg\u00e5ng i den nordiska mytologin\"><div class=\"iwg-wesen-card-imgwrap\"><img decoding=\"async\" src=\"https:\/\/iwell-guard.com\/wp-content\/uploads\/2026\/05\/phaenomene_germanisch_ragnaroek-200x300.webp\" alt=\"Ragnar\u00f6k \u2013 v\u00e4rldens underg\u00e5ng i den nordiska mytologin\" loading=\"lazy\"><\/div><div class=\"iwg-wesen-card-body\"><div class=\"iwg-wesen-card-name\">Ragnar\u00f6k \u2013 v\u00e4rldens underg\u00e5ng i den nordiska mytologin<\/div><div class=\"iwg-wesen-card-arrow\">\u2192 Till v\u00e4sendet<\/div><\/div><\/a><\/div>\t\t\t\t\t\t\t\t<\/div>\n\t\t\t\t<\/div>\n\t\t\t\t\t<\/div>\n\t\t\t\t<\/div>\n\t\t<div class=\"elementor-element elementor-element-x-germanisch-s-faq e-con-boxed e-flex e-con e-parent\" data-id=\"x-germanisch-s-faq\" data-element_type=\"container\" data-e-type=\"container\">\n\t\t\t\t\t<div class=\"e-con-inner\">\n\t\t\t\t<div class=\"elementor-element elementor-element-x-germanisch-h-faq elementor-widget elementor-widget-heading\" data-id=\"x-germanisch-h-faq\" data-element_type=\"widget\" data-e-type=\"widget\" data-widget_type=\"heading.default\">\n\t\t\t\t\t<h2 class=\"elementor-heading-title elementor-size-default\">Vanliga fr\u00e5gor om de nordiska gudarna<\/h2>\t\t\t\t<\/div>\n\t\t<div class=\"elementor-element elementor-element-aj11-inner-0006 e-con-full e-flex e-con e-child\" data-id=\"aj11-inner-0006\" data-element_type=\"container\" data-e-type=\"container\">\n\t\t\t\t<div class=\"elementor-element elementor-element-x-germanisch-t-faq elementor-widget elementor-widget-text-editor\" data-id=\"x-germanisch-t-faq\" data-element_type=\"widget\" data-e-type=\"widget\" data-widget_type=\"text-editor.default\">\n\t\t\t\t\t\t\t\t\t<h3>Hur m\u00e5nga nordiska gudar finns det?<\/h3>\n<p>Det nordiska <span class=\"iwg-fachbegriff\" data-tooltip=\"Helheten av gudar i en religion eller kultur.\" tabindex=\"0\">panteonet<\/span> omfattar tv\u00e5 guda\u00e4tter: asarna (Aesir) med cirka 13 huvudgudar (Oden, Tor, Tyr, Heimdall, Balder, Brage, Forsete, H\u00f6der, Vidar, Vale, Ull med flera) och vanerna (Vanir) med Njord, Frej och Freja som centrala gestalter.<\/p><p>Dessutom finns asinnorna (Frigg, Idun, Sif, Skade, Saga) och otaliga naturv\u00e4sen, j\u00e4ttar, dv\u00e4rgar, alver och valkyrior. Sammanlagt n\u00e4mner Eddan omkring 50 till 60 namngivna gudar och gudinnor.<\/p>\n<h3>Vem \u00e4r den h\u00f6gste nordiske guden?<\/h3>\n<p>Oden (\u00e4ven Wodan eller Woden) \u00e4r asarnas huvudgud, gud f\u00f6r visdom, diktkonst, <span class=\"iwg-fachbegriff\" data-tooltip=\"Praktiker som genom s\u00e4rskilda handlingar eller formler f\u00f6rs\u00f6ker p\u00e5verka h\u00e4ndelsef\u00f6rloppet.\" tabindex=\"0\">magi<\/span>, krig och de d\u00f6da. Han gav sitt \u00f6ga f\u00f6r en klunk ur Mimers brunn och h\u00e4ngde nio dagar i v\u00e4rldstr\u00e4det Yggdrasil f\u00f6r att vinna runorna.<\/p><p>Tor \u00e4r hans son och mer folkk\u00e4r, s\u00e4rskilt bland b\u00f6nder och sj\u00f6farare, men Oden innehar den kosmiska f\u00f6rstaplatsen.<\/p>\n<h3>Vad skiljer asar och vaner \u00e5t?<\/h3>\n<p>Asar och vaner \u00e4r tv\u00e5 guda\u00e4tter. Asarna (Oden, Tor, Tyr, Heimdall, Balder) st\u00e5r f\u00f6r krig, r\u00e4tt, kungamakt och \u00f6de; vanerna (Njord, Frej, Freja) st\u00e5r f\u00f6r fruktbarhet, fred och rikedom.<\/p><p>Efter vanakriget utbytte de b\u00e5da \u00e4tterna gisslan, och Njord, Frej och Freja kom till asarna. Religionsvetenskapligt ses uppdelningen som ett minne av sammansm\u00e4ltningen av tv\u00e5 fornnordiska religi\u00f6sa lager.<\/p>\n<h3>Vad \u00e4r Ragnar\u00f6k och n\u00e4r intr\u00e4ffar det?<\/h3>\n<p>Ragnar\u00f6k \u00e4r gudaskymningen, slutet p\u00e5 den nuvarande v\u00e4rldsordningen. F\u00f6rebuden \u00e4r tre vintrar utan sommar (Fimbulvintern), br\u00f6drakrig och sedernas f\u00f6rfall.<\/p><p>Vid Ragnar\u00f6k bryter sig Loke loss ur sina bojor, Fenrisulven sv\u00e4ljer Oden, Tor d\u00f6dar Midg\u00e5rdsormen och d\u00f6r av dess gift, Frej faller mot Surt, och Heimdall bl\u00e5ser i Gjallarhornet. Efter katastrofen reser sig en ny, renad v\u00e4rld n\u00e4r Balder \u00e5terv\u00e4nder.<\/p>\n<h3>Vad \u00e4r Yggdrasil?<\/h3>\n<p>Yggdrasil \u00e4r v\u00e4rldstr\u00e4det, en vintergr\u00f6n ask som b\u00e4r upp universum. Tre r\u00f6tter n\u00e5r till Asg\u00e5rd (till gudarna), till Jotunheim (till j\u00e4ttarna) och till Niflheim (till underjorden Hel); vid dem ligger de tre brunnarna Urd (\u00f6de), Mimer (visdom) och Hvergelmer (urk\u00e4lla).<\/p><p>Stammen f\u00f6rbinder de nio v\u00e4rldarna. Ekorren Ratatosk springer mellan \u00f6rnen i kronan och draken Nidh\u00f6gg vid roten och f\u00f6r f\u00f6rol\u00e4mpningar mellan dem.<\/p>\n<h3>Vilken veckodag \u00e4r <span class=\"iwg-fachbegriff\" data-tooltip=\"Genom en religi\u00f6s handling \u00f6verl\u00e4mnad \u00e5t det heliga och d\u00e4rmed lyft ur vardagen.\" tabindex=\"0\">helgad<\/span> \u00e5t vilken nordisk gud?<\/h3>\n<p>De germanska veckodagarna speglar <span class=\"iwg-fachbegriff\" data-tooltip=\"Helheten av gudar i en religion eller kultur.\" tabindex=\"0\">panteonet<\/span>: tisdagen (engelska Tuesday) tillh\u00f6r Tyr (Tiwaz, Tiu), onsdagen (Wednesday) Oden\/Wodan, p\u00e5 engelska direkt igenk\u00e4nnbart som \u201dWoden&#8217;s day\u201d.<\/p><p>Torsdagen (Thursday) \u00e4r Tors dag; det tyska namnet Donnerstag visar Donar, en \u00e4ldre form av Tor. Fredagen (Friday) tillh\u00f6r Freja eller Frigg, vilket forskningen diskuterar. Dessa dagsnamn ersatte den romerska planetveckan i det germanska omr\u00e5det.<\/p>\n<script type=\"application\/ld+json\">{\"@context\": \"https:\/\/schema.org\", \"@type\": \"FAQPage\", \"mainEntity\": [{\"@type\": \"Question\", \"name\": \"Hur m\u00e5nga nordiska gudar finns det?\", \"acceptedAnswer\": {\"@type\": \"Answer\", \"text\": \"Det nordiska panteonet omfattar tv\u00e5 guda\u00e4tter: asarna (Aesir) med cirka 13 huvudgudar (Oden, Tor, Tyr, Heimdall, Balder, Brage, Forsete, H\u00f6der, Vidar, Vale, Ull med flera) och vanerna (Vanir) med Njord, Frej och Freja som centrala gestalter. Dessutom finns asinnorna (Frigg, Idun, Sif, Skade, Saga) och otaliga naturv\u00e4sen, j\u00e4ttar, dv\u00e4rgar, alver och valkyrior. Sammanlagt n\u00e4mner Eddan omkring 50 till 60 namngivna gudar och gudinnor.\"}}, {\"@type\": \"Question\", \"name\": \"Vem \u00e4r den h\u00f6gste nordiske guden?\", \"acceptedAnswer\": {\"@type\": \"Answer\", \"text\": \"Oden (\u00e4ven Wodan eller Woden) \u00e4r asarnas huvudgud, gud f\u00f6r visdom, diktkonst, magi, krig och de d\u00f6da. Han gav sitt \u00f6ga f\u00f6r en klunk ur Mimers brunn och h\u00e4ngde nio dagar i v\u00e4rldstr\u00e4det Yggdrasil f\u00f6r att vinna runorna. Tor \u00e4r hans son och mer folkk\u00e4r, s\u00e4rskilt bland b\u00f6nder och sj\u00f6farare, men Oden innehar den kosmiska f\u00f6rstaplatsen.\"}}, {\"@type\": \"Question\", \"name\": \"Vad skiljer asar och vaner \u00e5t?\", \"acceptedAnswer\": {\"@type\": \"Answer\", \"text\": \"Asar och vaner \u00e4r tv\u00e5 guda\u00e4tter. Asarna (Oden, Tor, Tyr, Heimdall, Balder) st\u00e5r f\u00f6r krig, r\u00e4tt, kungamakt och \u00f6de; vanerna (Njord, Frej, Freja) st\u00e5r f\u00f6r fruktbarhet, fred och rikedom. Efter vanakriget utbytte de b\u00e5da \u00e4tterna gisslan, och Njord, Frej och Freja kom till asarna. Vetenskapligt ses uppdelningen som ett minne av sammansm\u00e4ltningen av tv\u00e5 fornnordiska religi\u00f6sa lager.\"}}, {\"@type\": \"Question\", \"name\": \"Vad \u00e4r Ragnar\u00f6k och n\u00e4r intr\u00e4ffar det?\", \"acceptedAnswer\": {\"@type\": \"Answer\", \"text\": \"Ragnar\u00f6k \u00e4r gudaskymningen, slutet p\u00e5 den nuvarande v\u00e4rldsordningen. F\u00f6rebuden \u00e4r tre vintrar utan sommar (Fimbulvintern), br\u00f6drakrig och sedernas f\u00f6rfall. Vid Ragnar\u00f6k bryter sig Loke loss ur sina bojor, Fenrisulven sv\u00e4ljer Oden, Tor d\u00f6dar Midg\u00e5rdsormen och d\u00f6r av dess gift, Frej faller mot Surt, och Heimdall bl\u00e5ser i Gjallarhornet. Efter katastrofen reser sig en ny, renad v\u00e4rld n\u00e4r Balder \u00e5terv\u00e4nder.\"}}, {\"@type\": \"Question\", \"name\": \"Vad \u00e4r Yggdrasil?\", \"acceptedAnswer\": {\"@type\": \"Answer\", \"text\": \"Yggdrasil \u00e4r v\u00e4rldstr\u00e4det, en vintergr\u00f6n ask som b\u00e4r upp universum. Tre r\u00f6tter n\u00e5r till Asg\u00e5rd (till gudarna), till Jotunheim (till j\u00e4ttarna) och till Niflheim (till underjorden Hel); vid dem ligger de tre brunnarna Urd (\u00f6de), Mimer (visdom) och Hvergelmer (urk\u00e4lla). Stammen f\u00f6rbinder de nio v\u00e4rldarna. Ekorren Ratatosk springer mellan \u00f6rnen i kronan och draken Nidh\u00f6gg vid roten och f\u00f6r f\u00f6rol\u00e4mpningar mellan dem.\"}}, {\"@type\": \"Question\", \"name\": \"Vilken veckodag \u00e4r helgad \u00e5t vilken nordisk gud?\", \"acceptedAnswer\": {\"@type\": \"Answer\", \"text\": \"De germanska veckodagarna speglar panteonet: tisdagen (engelska Tuesday) tillh\u00f6r Tyr (Tiwaz, Tiu), onsdagen (Wednesday) Oden\/Wodan, p\u00e5 engelska direkt igenk\u00e4nnbart som \u201eWoden's day\\\" . Torsdagen (Thursday) \u00e4r Tors dag; det tyska namnet Donnerstag visar Donar, en \u00e4ldre form av Tor. Fredagen (Friday) tillh\u00f6r Freja eller Frigg, vilket forskningen diskuterar. Dessa dagsnamn ersatte den romerska planetveckan i det germanska omr\u00e5det.\"}}]}<\/script>\t\t\t\t\t\t\t\t<\/div>\n\t\t\t\t<\/div>\n\t\t\t\t\t<\/div>\n\t\t\t\t<\/div>\n\t\t<div class=\"elementor-element elementor-element-9f85551 e-con-boxed e-flex e-con e-parent\" data-id=\"9f85551\" data-element_type=\"container\" data-e-type=\"container\">\n\t\t\t\t\t<div class=\"e-con-inner\">\n\t\t\t\t<div class=\"elementor-element elementor-element-72d1854 elementor-widget elementor-widget-heading\" data-id=\"72d1854\" data-element_type=\"widget\" data-e-type=\"widget\" data-widget_type=\"heading.default\">\n\t\t\t\t\t<h2 class=\"elementor-heading-title elementor-size-default\">F\u00f6rdjupning<\/h2>\t\t\t\t<\/div>\n\t\t\t\t<div class=\"elementor-element elementor-element-1421b68 elementor-widget elementor-widget-heading\" data-id=\"1421b68\" data-element_type=\"widget\" data-e-type=\"widget\" data-widget_type=\"heading.default\">\n\t\t\t\t\t<h3 class=\"elementor-heading-title elementor-size-default\">K\u00e4llproblematik<\/h3>\t\t\t\t<\/div>\n\t\t<div class=\"elementor-element elementor-element-aj11-inner-0009 e-con-full e-flex e-con e-child\" data-id=\"aj11-inner-0009\" data-element_type=\"container\" data-e-type=\"container\">\n\t\t\t\t<div class=\"elementor-element elementor-element-1faa1dd elementor-widget elementor-widget-text-editor\" data-id=\"1faa1dd\" data-element_type=\"widget\" data-e-type=\"widget\" data-widget_type=\"text-editor.default\">\n\t\t\t\t\t\t\t\t\t<p>Den germanska religionen \u00e4r betydligt s\u00e4mre dokumenterad \u00e4n den grekiska eller mesopotamiska. De viktigaste k\u00e4llorna, Snorri Sturlusons Prosaeddan och den anonyma Poetiska eddan, nedtecknades p\u00e5 1200-talet p\u00e5 Island, allts\u00e5 \u00e5rhundraden efter kristnandet.<\/p><p>Till detta kommer Tacitus&#8217; Germania, de isl\u00e4ndska sagorna och arkeologiska fynd. Den kontinentalgermanska traditionen \u00e4r n\u00e4stan uteslutande k\u00e4nd i andra hand.<\/p>\t\t\t\t\t\t\t\t<\/div>\n\t\t\t\t<\/div>\n\t\t\t\t<div class=\"elementor-element elementor-element-4f78a30 elementor-widget elementor-widget-heading\" data-id=\"4f78a30\" data-element_type=\"widget\" data-e-type=\"widget\" data-widget_type=\"heading.default\">\n\t\t\t\t\t<h3 class=\"elementor-heading-title elementor-size-default\">Asar, vaner och j\u00e4ttar<\/h3>\t\t\t\t<\/div>\n\t\t<div class=\"elementor-element elementor-element-bw-90dac6c-19472f9 e-flex e-con-boxed e-con e-parent\" data-id=\"bw-90dac6c-19472f9\" data-element_type=\"container\" data-e-type=\"container\" data-settings=\"{&quot;background_background&quot;:&quot;classic&quot;}\">\n\t\t\t\t\t<div class=\"e-con-inner\">\n\t\t\t\t<div class=\"elementor-element elementor-element-90dac6c elementor-widget elementor-widget-text-editor\" data-id=\"90dac6c\" data-element_type=\"widget\" data-e-type=\"widget\" data-widget_type=\"text-editor.default\">\n\t\t\t\t\t\t\t\t\t<p>Det germanska <span class=\"iwg-fachbegriff\" data-tooltip=\"Samlingen av gudar inom en religion eller kultur.\" tabindex=\"0\">pantheon<\/span> k\u00e4nner till tv\u00e5 guda\u00e4tter: asarna (Oden, Tor, Tyr, Frigg, Loke) och de \u00e4ldre, fruktbarhetsknutna vanerna (Njord, Frej, Freja).<\/p><p>B\u00e5da f\u00f6rde ett krig som avslutades med ett gisslanutbyte, ett mytologem f\u00f6r den historiska sammansm\u00e4ltningen av tv\u00e5 kultiska skikt. Vid sidan av dem finns j\u00e4ttarna (j\u00f6tnar) som kosmiska urkrafter.<\/p>\t\t\t\t\t\t\t\t<\/div>\n\t\t\t\t\t<\/div>\n\t\t\t\t<\/div>\n\t\t\t\t<div class=\"elementor-element elementor-element-7034308 elementor-widget elementor-widget-heading\" data-id=\"7034308\" data-element_type=\"widget\" data-e-type=\"widget\" data-widget_type=\"heading.default\">\n\t\t\t\t\t<h3 class=\"elementor-heading-title elementor-size-default\">Ragnar\u00f6k och cyklisk tid<\/h3>\t\t\t\t<\/div>\n\t\t<div class=\"elementor-element elementor-element-bw-4c66308-86a31f7 e-flex e-con-boxed e-con e-parent\" data-id=\"bw-4c66308-86a31f7\" data-element_type=\"container\" data-e-type=\"container\" data-settings=\"{&quot;background_background&quot;:&quot;classic&quot;}\">\n\t\t\t\t\t<div class=\"e-con-inner\">\n\t\t\t\t<div class=\"elementor-element elementor-element-4c66308 elementor-widget elementor-widget-text-editor\" data-id=\"4c66308\" data-element_type=\"widget\" data-e-type=\"widget\" data-widget_type=\"text-editor.default\">\n\t\t\t\t\t\t\t\t\t<p>Till skillnad fr\u00e5n de flesta antika mytologier har den germanska traditionen en tydlig slutpunkt: Ragnar\u00f6k, gudarnas \u00f6de. V\u00f6lusp\u00e1 beskriver slutstriden i detalj, Tor d\u00f6r i striden mot Midg\u00e5rdsormen, Oden i k\u00e4karna p\u00e5 vargen Fenrir.<\/p><p>Men d\u00e4refter reser sig en ny jord ur havet, och n\u00e5gra gudar \u00e5terv\u00e4nder.<\/p>\t\t\t\t\t\t\t\t<\/div>\n\t\t\t\t\t<\/div>\n\t\t\t\t<\/div>\n\t\t\t\t<div class=\"elementor-element elementor-element-5a0ae0b elementor-widget elementor-widget-heading\" data-id=\"5a0ae0b\" data-element_type=\"widget\" data-e-type=\"widget\" data-widget_type=\"heading.default\">\n\t\t\t\t\t<h3 class=\"elementor-heading-title elementor-size-default\">Magisk praktik och runor<\/h3>\t\t\t\t<\/div>\n\t\t<div class=\"elementor-element elementor-element-bw-874aa76-27ff3bf e-flex e-con-boxed e-con e-parent\" data-id=\"bw-874aa76-27ff3bf\" data-element_type=\"container\" data-e-type=\"container\" data-settings=\"{&quot;background_background&quot;:&quot;classic&quot;}\">\n\t\t\t\t\t<div class=\"e-con-inner\">\n\t\t\t\t<div class=\"elementor-element elementor-element-874aa76 elementor-widget elementor-widget-text-editor\" data-id=\"874aa76\" data-element_type=\"widget\" data-e-type=\"widget\" data-widget_type=\"text-editor.default\">\n\t\t\t\t\t\t\t\t\t<p>Runorna, det \u00e4ldre <span class=\"iwg-fachbegriff\" data-tooltip=\"Ordningsf\u00f6ljden i det germanska runalfabetet, uppkallad efter dess f\u00f6rsta tecken.\" tabindex=\"0\">futharken<\/span>, den yngre och den anglosaxiska, var mer \u00e4n ett skriftsystem. Inskriptioner p\u00e5 vapen, amuletter och gravstenar visar deras rituella bruk, och Odens sj\u00e4lvoffer vid v\u00e4rldstr\u00e4det Yggdrasil g\u00e4ller som mytologisk grund f\u00f6r runmagin.<\/p><p>K\u00e4llorna k\u00e4nner ocks\u00e5 till galder (sjungen trolldom) och seid, en shamansk transpraktik.<\/p><h3>Forskningsl\u00e4ge<\/h3><p>Den germanska religionen \u00e4r metodiskt vansklig att utforska, eftersom en stor del av k\u00e4llorna, Snorra-Eddan och Gylfaginning, redigerades f\u00f6rst p\u00e5 1200-talet p\u00e5 ett redan kristnat Island.<\/p><p>Standardverk \u00e4r Hilda Ellis Davidson (<em>Gods and Myths of Northern Europe<\/em>, 1964), Rudolf Simek (<em>Lexikon der germanischen <span class=\"iwg-fachbegriff\" data-tooltip=\"Samlingen av \u00f6verl\u00e4mnade gudaber\u00e4ttelser inom en kultur.\" tabindex=\"0\">Mythologie<\/span><\/em>, 1995) och Anders Hultg\u00e5rd med flera bidrag till den indoeuropeiska religionshistorien.<\/p>\t\t\t\t\t\t\t\t<\/div>\n\t\t\t\t\t<\/div>\n\t\t\t\t<\/div>\n\t\t\t\t\t<\/div>\n\t\t\t\t<\/div>\n\t\t<div class=\"elementor-element elementor-element-iwgcc-germanis-sec e-flex e-con-boxed e-con e-parent\" data-id=\"iwgcc-germanis-sec\" data-element_type=\"container\" data-e-type=\"container\" id=\"iwg-cc-germanisch\">\n\t\t\t\t\t<div class=\"e-con-inner\">\n\t\t<div class=\"elementor-element elementor-element-iwgcc-germanis-inner e-flex e-con-boxed e-con e-parent\" data-id=\"iwgcc-germanis-inner\" data-element_type=\"container\" data-e-type=\"container\" data-settings=\"{&quot;background_background&quot;:&quot;classic&quot;}\">\n\t\t\t\t\t<div class=\"e-con-inner\">\n\t\t\t\t<div class=\"elementor-element elementor-element-iwgcc-germanis-h elementor-widget elementor-widget-heading\" data-id=\"iwgcc-germanis-h\" data-element_type=\"widget\" data-e-type=\"widget\" data-widget_type=\"heading.default\">\n\t\t\t\t\t<h2 class=\"elementor-heading-title elementor-size-default\">Skyddsobjekt i denna kulturtradition<\/h2>\t\t\t\t<\/div>\n\t\t\t\t<div class=\"elementor-element elementor-element-iwgcc-germanis-t elementor-widget elementor-widget-text-editor\" data-id=\"iwgcc-germanis-t\" data-element_type=\"widget\" data-e-type=\"widget\" data-widget_type=\"text-editor.default\">\n\t\t\t\t\t\t\t\t\t<div data-nosnippet=\"true\"><p>I den germansk-nordiska traditionen var Torshammar-h\u00e4ngen (Mj\u00f6lnir) och runstenar de vanligaste b\u00e4rbara skyddstecknen.<\/p><div data-nosnippet=\"true\"><p>iWell Guard ansluter sig till denna kulturhistoriska linje av b\u00e4rbara skyddsobjekt, i en samtida materialarkitektur, tillverkad i Tyskland. 41 lager, \u00e4kta guld, platina, silver. 30 dagars returr\u00e4tt.<\/p><\/div><\/div>\t\t\t\t\t\t\t\t<\/div>\n\t\t\t\t<div class=\"elementor-element elementor-element-iwgcc-germanis-b iwg-cc-button iwg-cc-cta-2026-05-13 elementor-widget elementor-widget-jet-button\" data-id=\"iwgcc-germanis-b\" data-element_type=\"widget\" data-e-type=\"widget\" data-widget_type=\"jet-button.default\">\n\t\t\t\t<div class=\"elementor-widget-container\">\n\t\t\t\t\t<div class=\"elementor-jet-button jet-elements\"><div class=\"jet-button__container\"><a class=\"jet-button__instance jet-button__instance--icon-left hover-effect-1\" href=\"\/ueber-iwell-guard\/?utm_source=iwell-guard.com&amp;utm_medium=info-box&amp;utm_campaign=kultur-tradition\"><div class=\"jet-button__plane jet-button__plane-normal\"><\/div><div class=\"jet-button__plane jet-button__plane-hover\"><\/div><div class=\"jet-button__state jet-button__state-normal\"><span class=\"jet-button__label\">Mer om iWell Guard<\/span><\/div><div class=\"jet-button__state jet-button__state-hover\"><span class=\"jet-button__label\">Mer om iWell Guard<\/span><\/div><\/a><\/div><\/div><style>.elementor-element.elementor-element-iwgcc-germanis-b .jet-button__instance{width:320px;height:56px;}.elementor-element.elementor-element-iwgcc-germanis-b .jet-button__state-normal .jet-button__label{text-align:center;margin:0px 0px 0px 0px;color:#1a1b20;font-family:Montserrat,sans-serif;font-size:13px;font-weight:400;letter-spacing:4px;line-height:1.714em;text-transform:uppercase;}.elementor-element.elementor-element-iwgcc-germanis-b .jet-button__state-hover .jet-button__label{text-align:center;margin:0px 0px 0px 0px;color:#FECC76;font-family:Montserrat,sans-serif;font-size:13px;font-weight:400;letter-spacing:4px;line-height:1.714em;text-transform:uppercase;}.elementor-element.elementor-element-iwgcc-germanis-b .jet-button__plane-normal{background-color:#FECC76;border-style:solid;border-color:#C99540;border-width:2px 2px 2px 2px;}.elementor-element.elementor-element-iwgcc-germanis-b .jet-button__plane-hover{background-color:rgba(0,0,0,0.55);border-style:solid;border-color:#FECC76;border-width:2px 2px 2px 2px;}<\/style>\t\t\t\t<\/div>\n\t\t\t\t<\/div>\n\t\t\t\t<div class=\"elementor-element elementor-element-iwgcc-germanis-d elementor-widget elementor-widget-text-editor\" data-id=\"iwgcc-germanis-d\" data-element_type=\"widget\" data-e-type=\"widget\" data-widget_type=\"text-editor.default\">\n\t\t\t\t\t\t\t\t\t<div data-nosnippet=\"true\"><p style=\"text-align:center;font-size:13px;opacity:0.7;margin-top:14px\" data-nosnippet=\"true\">Personliga erfarenheter kan variera. Ingen medicinteknisk produkt. Inget l\u00f6fte om l\u00e4kning.<\/p><\/div>\t\t\t\t\t\t\t\t<\/div>\n\t\t\t\t\t<\/div>\n\t\t\t\t<\/div>\n\t\t\t\t\t<\/div>\n\t\t\t\t<\/div>\n\t\t<div class=\"elementor-element elementor-element-iwgssrev-germanisch e-flex e-con-boxed e-con e-parent\" data-id=\"iwgssrev-germanisch\" data-element_type=\"container\" data-e-type=\"container\">\n\t\t\t\t\t<div class=\"e-con-inner\">\n\t\t\t\t<div class=\"elementor-element elementor-element-iwgssrev-germanisch-h elementor-widget elementor-widget-heading\" data-id=\"iwgssrev-germanisch-h\" data-element_type=\"widget\" data-e-type=\"widget\" data-widget_type=\"heading.default\">\n\t\t\t\t\t<h2 class=\"elementor-heading-title elementor-size-default\">Skyddssymboler fr\u00e5n den germanska v\u00e4rlden<\/h2>\t\t\t\t<\/div>\n\t\t\t\t<div class=\"elementor-element elementor-element-iwgssrev-germanisch-t elementor-widget elementor-widget-text-editor\" data-id=\"iwgssrev-germanisch-t\" data-element_type=\"widget\" data-e-type=\"widget\" data-widget_type=\"text-editor.default\">\n\t\t\t\t\t\t\t\t\t<p>Lexikonet \u00f6ver skyddssymboler behandlar flera tecken och objekt fr\u00e5n den germanska v\u00e4rlden p\u00e5 egna sidor: <a href=\"https:\/\/iwell-guard.com\/sv\/brakteat-gyllene-skyddsmedaljong-folkvandringstiden\/\">brakteat<\/a>, <a href=\"https:\/\/iwell-guard.com\/sv\/skyddsrunor-germanska-skyddstecken\/\">skyddsrunor<\/a>, <a href=\"https:\/\/iwell-guard.com\/sv\/torshammare-mjolner-som-germanskt-skyddssymbol\/\">Torshammare<\/a>, <a href=\"https:\/\/iwell-guard.com\/sv\/trollkors-jarnamulett-mot-troll\/\">trollkors<\/a>, <a href=\"https:\/\/iwell-guard.com\/sv\/valknut-nordiska-knuten-for-de-fallna\/\">valknut<\/a>, <a href=\"https:\/\/iwell-guard.com\/sv\/vegvisir-islandska-vagvisaren-skyddstecken\/\">vegv\u00edsir<\/a> och <a href=\"https:\/\/iwell-guard.com\/sv\/aegishjalmur-skrackens-hjalm\/\">\u00c6gishj\u00e1lmur<\/a>. En kultur\u00f6vergripande \u00f6verblick ges p\u00e5 sidan om <a href=\"https:\/\/iwell-guard.com\/sv\/skyddssymboler\/\">skyddssymboler<\/a>.<\/p>\t\t\t\t\t\t\t\t<\/div>\n\t\t\t\t\t<\/div>\n\t\t\t\t<\/div>\n\t\t\t\t<\/div>\n\t\t","protected":false},"excerpt":{"rendered":"","protected":false},"author":3,"featured_media":1723,"parent":0,"menu_order":0,"comment_status":"closed","ping_status":"closed","template":"elementor_header_footer","meta":{"_yoast_wpseo_focuskw":"nordiska gudar","_yoast_wpseo_title":"Nordiska gudar \u2013 Asar, Vaner, Edda | iWell Guard","_yoast_wpseo_metadesc":"Nordiska gudar och germansk mytologi: Oden, Tor, Freja, Loke, Hel. Edda-tradition, Yggdrasil, Ragnar\u00f6k. Asarnas och vanernas pantheon.","_yoast_wpseo_meta-robots-noindex":"","_yoast_wpseo_canonical":"","_angie_page":false,"gefaehrdungsstufe":"","wesen_kultur":"","wesen_klasse":"","footnotes":""},"categories":[],"class_list":["post-136517","page","type-page","status-publish","has-post-thumbnail","hentry"],"yoast_head":"<!-- This site is optimized with the Yoast SEO Premium plugin v27.7 (Yoast SEO v28.3) - https:\/\/yoast.com\/product\/yoast-seo-premium-wordpress\/ -->\n<title>Nordiska gudar \u2013 Asar, Vaner, Edda | iWell Guard<\/title>\n<meta name=\"description\" content=\"Nordiska gudar och germansk mytologi: Oden, Tor, Freja, Loke, Hel. Edda-tradition, Yggdrasil, Ragnar\u00f6k. Asarnas och vanernas pantheon.\" \/>\n<meta name=\"robots\" content=\"index, follow, max-snippet:-1, max-image-preview:large, max-video-preview:-1\" \/>\n<link rel=\"canonical\" href=\"https:\/\/iwell-guard.com\/sv\/germanskt\/\" \/>\n<meta property=\"og:locale\" content=\"sv_SE\" \/>\n<meta property=\"og:type\" content=\"article\" \/>\n<meta property=\"og:title\" content=\"Germansk\" \/>\n<meta property=\"og:description\" content=\"Nordiska gudar och germansk mytologi: Oden, Tor, Freja, Loke, Hel. Edda-tradition, Yggdrasil, Ragnar\u00f6k. Asarnas och vanernas pantheon.\" \/>\n<meta property=\"og:url\" content=\"https:\/\/iwell-guard.com\/sv\/germanskt\/\" \/>\n<meta property=\"og:site_name\" content=\"iWell Guard\" \/>\n<meta property=\"article:modified_time\" content=\"2026-09-03T01:04:49+00:00\" \/>\n<meta property=\"og:image\" content=\"https:\/\/iwell-guard.com\/wp-content\/uploads\/2026\/04\/goetter_germanisch_odin.webp\" \/>\n\t<meta property=\"og:image:width\" content=\"1024\" \/>\n\t<meta property=\"og:image:height\" content=\"1536\" \/>\n\t<meta property=\"og:image:type\" content=\"image\/webp\" \/>\n<meta name=\"twitter:card\" content=\"summary_large_image\" \/>\n<script type=\"application\/ld+json\" class=\"yoast-schema-graph\">{\"@context\":\"https:\\\/\\\/schema.org\",\"@graph\":[{\"@type\":\"WebPage\",\"@id\":\"https:\\\/\\\/iwell-guard.com\\\/sv\\\/germanskt\\\/\",\"url\":\"https:\\\/\\\/iwell-guard.com\\\/sv\\\/germanskt\\\/\",\"name\":\"Nordiska gudar \u2013 Asar, Vaner, Edda | iWell Guard\",\"isPartOf\":{\"@id\":\"https:\\\/\\\/iwell-guard.com\\\/sv\\\/#website\"},\"primaryImageOfPage\":{\"@id\":\"https:\\\/\\\/iwell-guard.com\\\/sv\\\/germanskt\\\/#primaryimage\"},\"image\":{\"@id\":\"https:\\\/\\\/iwell-guard.com\\\/sv\\\/germanskt\\\/#primaryimage\"},\"thumbnailUrl\":\"https:\\\/\\\/iwell-guard.com\\\/wp-content\\\/uploads\\\/2026\\\/04\\\/goetter_germanisch_odin.webp\",\"datePublished\":\"2026-09-03T00:07:43+00:00\",\"dateModified\":\"2026-09-03T01:04:49+00:00\",\"description\":\"Nordiska gudar och germansk mytologi: Oden, Tor, Freja, Loke, Hel. Edda-tradition, Yggdrasil, Ragnar\u00f6k. Asarnas och vanernas pantheon.\",\"breadcrumb\":{\"@id\":\"https:\\\/\\\/iwell-guard.com\\\/sv\\\/germanskt\\\/#breadcrumb\"},\"inLanguage\":\"sv-SE\",\"potentialAction\":[{\"@type\":\"ReadAction\",\"target\":[\"https:\\\/\\\/iwell-guard.com\\\/sv\\\/germanskt\\\/\"]}]},{\"@type\":\"ImageObject\",\"inLanguage\":\"sv-SE\",\"@id\":\"https:\\\/\\\/iwell-guard.com\\\/sv\\\/germanskt\\\/#primaryimage\",\"url\":\"https:\\\/\\\/iwell-guard.com\\\/wp-content\\\/uploads\\\/2026\\\/04\\\/goetter_germanisch_odin.webp\",\"contentUrl\":\"https:\\\/\\\/iwell-guard.com\\\/wp-content\\\/uploads\\\/2026\\\/04\\\/goetter_germanisch_odin.webp\",\"width\":1024,\"height\":1536,\"caption\":\"Gudar fr\u00e5n den germanska traditionen.\"},{\"@type\":\"BreadcrumbList\",\"@id\":\"https:\\\/\\\/iwell-guard.com\\\/sv\\\/germanskt\\\/#breadcrumb\",\"itemListElement\":[{\"@type\":\"ListItem\",\"position\":1,\"name\":\"Start\",\"item\":\"https:\\\/\\\/iwell-guard.com\\\/sv\\\/?page_id=136483\"},{\"@type\":\"ListItem\",\"position\":2,\"name\":\"Germansk\"}]},{\"@type\":\"WebSite\",\"@id\":\"https:\\\/\\\/iwell-guard.com\\\/sv\\\/#website\",\"url\":\"https:\\\/\\\/iwell-guard.com\\\/sv\\\/\",\"name\":\"iWell Guard\",\"description\":\"Schutz vor dunklen Einfl\u00fcssen\",\"publisher\":{\"@id\":\"https:\\\/\\\/iwell-guard.com\\\/sv\\\/#organization\"},\"potentialAction\":[{\"@type\":\"SearchAction\",\"target\":{\"@type\":\"EntryPoint\",\"urlTemplate\":\"https:\\\/\\\/iwell-guard.com\\\/sv\\\/?s={search_term_string}\"},\"query-input\":{\"@type\":\"PropertyValueSpecification\",\"valueRequired\":true,\"valueName\":\"search_term_string\"}}],\"inLanguage\":\"sv-SE\"},{\"@type\":\"Organization\",\"@id\":\"https:\\\/\\\/iwell-guard.com\\\/sv\\\/#organization\",\"name\":\"Ittermann electronic GmbH\",\"url\":\"https:\\\/\\\/iwell-guard.com\\\/sv\\\/\",\"logo\":{\"@type\":\"ImageObject\",\"inLanguage\":\"sv-SE\",\"@id\":\"https:\\\/\\\/iwell-guard.com\\\/sv\\\/#\\\/schema\\\/logo\\\/image\\\/\",\"url\":\"https:\\\/\\\/iwell-guard.com\\\/wp-content\\\/uploads\\\/2026\\\/05\\\/Ittermann-Logo-1182x237-1.png\",\"contentUrl\":\"https:\\\/\\\/iwell-guard.com\\\/wp-content\\\/uploads\\\/2026\\\/05\\\/Ittermann-Logo-1182x237-1.png\",\"width\":1182,\"height\":237,\"caption\":\"Ittermann electronic GmbH\"},\"image\":{\"@id\":\"https:\\\/\\\/iwell-guard.com\\\/sv\\\/#\\\/schema\\\/logo\\\/image\\\/\"},\"sameAs\":[\"https:\\\/\\\/pantip.com\\\/profile\\\/9367242\",\"https:\\\/\\\/micro.blog\\\/iwellguard\",\"https:\\\/\\\/www.diggerslist.com\\\/iwellguard\\\/about\",\"https:\\\/\\\/skitterphoto.com\\\/photographers\\\/2870314\\\/iwell-guard\",\"https:\\\/\\\/iwellguard.wordpress.com\\\/2026\\\/06\\\/06\\\/iwell-guard\\\/\",\"https:\\\/\\\/hub.docker.com\\\/u\\\/iwellguard\",\"https:\\\/\\\/www.pinterest.com\\\/iwellguard\\\/\",\"https:\\\/\\\/bit.ly\\\/m\\\/iwellguard\",\"https:\\\/\\\/entre-vos-mains.alsace.eu\\\/profiles\\\/iwellguard\\\/activity\",\"https:\\\/\\\/gravatar.com\\\/reallybeded8fd34\",\"https:\\\/\\\/naijamatta.com\\\/iwellguard\",\"https:\\\/\\\/www.goodreads.com\\\/iwellguard\",\"https:\\\/\\\/profile.hatena.ne.jp\\\/iwellguard\\\/\",\"https:\\\/\\\/experiment.com\\\/users\\\/iwellguard\",\"https:\\\/\\\/wakelet.com\\\/@iWellGuard82270\",\"https:\\\/\\\/www.chordie.com\\\/forum\\\/profile.php?id=2555664\",\"https:\\\/\\\/www.instapaper.com\\\/p\\\/17757966\",\"https:\\\/\\\/www.mapleprimes.com\\\/users\\\/iwellguard\",\"https:\\\/\\\/businesslistingplus.com\\\/profile\\\/iwell-guard\\\/\",\"https:\\\/\\\/telegra.ph\\\/iWell-Guard-06-06\",\"https:\\\/\\\/pbase.com\\\/iwellguard\\\/iwellguard\",\"https:\\\/\\\/b.hatena.ne.jp\\\/iwellguard\\\/20260607#bookmark-4788405196491818882\",\"https:\\\/\\\/fliphtml5.com\\\/home\\\/iwellguard\",\"https:\\\/\\\/anyflip.com\\\/homepage\\\/cmiwl#About\",\"https:\\\/\\\/transfur.com\\\/Users\\\/iwellguard\",\"http:\\\/\\\/delphi.larsbo.org\\\/user\\\/iwellguard\",\"https:\\\/\\\/jobs.lajobsportal.org\\\/profiles\\\/8380803-iwell-guard\",\"https:\\\/\\\/md.chaosdorf.de\\\/s\\\/jfbe5SBdJD\",\"https:\\\/\\\/www.lingvolive.com\\\/en-us\\\/profile\\\/9ecaeaca-ce11-4e51-9e71-01d55e2bff36\\\/translations\",\"https:\\\/\\\/www.fitday.com\\\/fitness\\\/forums\\\/members\\\/iwellguard.html\",\"https:\\\/\\\/www.mymeetbook.com\\\/iwellguard\",\"https:\\\/\\\/pxhere.com\\\/en\\\/photographer-me\\\/5040798\",\"https:\\\/\\\/disqus.com\\\/by\\\/iwellguard\\\/about\\\/\",\"https:\\\/\\\/pastelink.net\\\/hjwciqwq\",\"https:\\\/\\\/pubhtml5.com\\\/homepage\\\/scjhn\\\/\",\"https:\\\/\\\/www.bitchute.com\\\/channel\\\/2O2eOKzNqujT\",\"https:\\\/\\\/audiomack.com\\\/iwellguard\"]}]}<\/script>\n<!-- \/ Yoast SEO Premium plugin. -->","yoast_head_json":{"title":"Nordiska gudar \u2013 Asar, Vaner, Edda | iWell Guard","description":"Nordiska gudar och germansk mytologi: Oden, Tor, Freja, Loke, Hel. Edda-tradition, Yggdrasil, Ragnar\u00f6k. Asarnas och vanernas pantheon.","robots":{"index":"index","follow":"follow","max-snippet":"max-snippet:-1","max-image-preview":"max-image-preview:large","max-video-preview":"max-video-preview:-1"},"canonical":"https:\/\/iwell-guard.com\/sv\/germanskt\/","og_locale":"sv_SE","og_type":"article","og_title":"Germansk","og_description":"Nordiska gudar och germansk mytologi: Oden, Tor, Freja, Loke, Hel. Edda-tradition, Yggdrasil, Ragnar\u00f6k. Asarnas och vanernas pantheon.","og_url":"https:\/\/iwell-guard.com\/sv\/germanskt\/","og_site_name":"iWell Guard","article_modified_time":"2026-09-03T01:04:49+00:00","og_image":[{"width":1024,"height":1536,"url":"https:\/\/iwell-guard.com\/wp-content\/uploads\/2026\/04\/goetter_germanisch_odin.webp","type":"image\/webp"}],"twitter_card":"summary_large_image","schema":{"@context":"https:\/\/schema.org","@graph":[{"@type":"WebPage","@id":"https:\/\/iwell-guard.com\/sv\/germanskt\/","url":"https:\/\/iwell-guard.com\/sv\/germanskt\/","name":"Nordiska gudar \u2013 Asar, Vaner, Edda | iWell Guard","isPartOf":{"@id":"https:\/\/iwell-guard.com\/sv\/#website"},"primaryImageOfPage":{"@id":"https:\/\/iwell-guard.com\/sv\/germanskt\/#primaryimage"},"image":{"@id":"https:\/\/iwell-guard.com\/sv\/germanskt\/#primaryimage"},"thumbnailUrl":"https:\/\/iwell-guard.com\/wp-content\/uploads\/2026\/04\/goetter_germanisch_odin.webp","datePublished":"2026-09-03T00:07:43+00:00","dateModified":"2026-09-03T01:04:49+00:00","description":"Nordiska gudar och germansk mytologi: Oden, Tor, Freja, Loke, Hel. Edda-tradition, Yggdrasil, Ragnar\u00f6k. Asarnas och vanernas pantheon.","breadcrumb":{"@id":"https:\/\/iwell-guard.com\/sv\/germanskt\/#breadcrumb"},"inLanguage":"sv-SE","potentialAction":[{"@type":"ReadAction","target":["https:\/\/iwell-guard.com\/sv\/germanskt\/"]}]},{"@type":"ImageObject","inLanguage":"sv-SE","@id":"https:\/\/iwell-guard.com\/sv\/germanskt\/#primaryimage","url":"https:\/\/iwell-guard.com\/wp-content\/uploads\/2026\/04\/goetter_germanisch_odin.webp","contentUrl":"https:\/\/iwell-guard.com\/wp-content\/uploads\/2026\/04\/goetter_germanisch_odin.webp","width":1024,"height":1536,"caption":"Gudar fr\u00e5n den germanska traditionen."},{"@type":"BreadcrumbList","@id":"https:\/\/iwell-guard.com\/sv\/germanskt\/#breadcrumb","itemListElement":[{"@type":"ListItem","position":1,"name":"Start","item":"https:\/\/iwell-guard.com\/sv\/?page_id=136483"},{"@type":"ListItem","position":2,"name":"Germansk"}]},{"@type":"WebSite","@id":"https:\/\/iwell-guard.com\/sv\/#website","url":"https:\/\/iwell-guard.com\/sv\/","name":"iWell Guard","description":"Schutz vor dunklen Einfl\u00fcssen","publisher":{"@id":"https:\/\/iwell-guard.com\/sv\/#organization"},"potentialAction":[{"@type":"SearchAction","target":{"@type":"EntryPoint","urlTemplate":"https:\/\/iwell-guard.com\/sv\/?s={search_term_string}"},"query-input":{"@type":"PropertyValueSpecification","valueRequired":true,"valueName":"search_term_string"}}],"inLanguage":"sv-SE"},{"@type":"Organization","@id":"https:\/\/iwell-guard.com\/sv\/#organization","name":"Ittermann electronic GmbH","url":"https:\/\/iwell-guard.com\/sv\/","logo":{"@type":"ImageObject","inLanguage":"sv-SE","@id":"https:\/\/iwell-guard.com\/sv\/#\/schema\/logo\/image\/","url":"https:\/\/iwell-guard.com\/wp-content\/uploads\/2026\/05\/Ittermann-Logo-1182x237-1.png","contentUrl":"https:\/\/iwell-guard.com\/wp-content\/uploads\/2026\/05\/Ittermann-Logo-1182x237-1.png","width":1182,"height":237,"caption":"Ittermann electronic GmbH"},"image":{"@id":"https:\/\/iwell-guard.com\/sv\/#\/schema\/logo\/image\/"},"sameAs":["https:\/\/pantip.com\/profile\/9367242","https:\/\/micro.blog\/iwellguard","https:\/\/www.diggerslist.com\/iwellguard\/about","https:\/\/skitterphoto.com\/photographers\/2870314\/iwell-guard","https:\/\/iwellguard.wordpress.com\/2026\/06\/06\/iwell-guard\/","https:\/\/hub.docker.com\/u\/iwellguard","https:\/\/www.pinterest.com\/iwellguard\/","https:\/\/bit.ly\/m\/iwellguard","https:\/\/entre-vos-mains.alsace.eu\/profiles\/iwellguard\/activity","https:\/\/gravatar.com\/reallybeded8fd34","https:\/\/naijamatta.com\/iwellguard","https:\/\/www.goodreads.com\/iwellguard","https:\/\/profile.hatena.ne.jp\/iwellguard\/","https:\/\/experiment.com\/users\/iwellguard","https:\/\/wakelet.com\/@iWellGuard82270","https:\/\/www.chordie.com\/forum\/profile.php?id=2555664","https:\/\/www.instapaper.com\/p\/17757966","https:\/\/www.mapleprimes.com\/users\/iwellguard","https:\/\/businesslistingplus.com\/profile\/iwell-guard\/","https:\/\/telegra.ph\/iWell-Guard-06-06","https:\/\/pbase.com\/iwellguard\/iwellguard","https:\/\/b.hatena.ne.jp\/iwellguard\/20260607#bookmark-4788405196491818882","https:\/\/fliphtml5.com\/home\/iwellguard","https:\/\/anyflip.com\/homepage\/cmiwl#About","https:\/\/transfur.com\/Users\/iwellguard","http:\/\/delphi.larsbo.org\/user\/iwellguard","https:\/\/jobs.lajobsportal.org\/profiles\/8380803-iwell-guard","https:\/\/md.chaosdorf.de\/s\/jfbe5SBdJD","https:\/\/www.lingvolive.com\/en-us\/profile\/9ecaeaca-ce11-4e51-9e71-01d55e2bff36\/translations","https:\/\/www.fitday.com\/fitness\/forums\/members\/iwellguard.html","https:\/\/www.mymeetbook.com\/iwellguard","https:\/\/pxhere.com\/en\/photographer-me\/5040798","https:\/\/disqus.com\/by\/iwellguard\/about\/","https:\/\/pastelink.net\/hjwciqwq","https:\/\/pubhtml5.com\/homepage\/scjhn\/","https:\/\/www.bitchute.com\/channel\/2O2eOKzNqujT","https:\/\/audiomack.com\/iwellguard"]}]}},"_links":{"self":[{"href":"https:\/\/iwell-guard.com\/sv\/wp-json\/wp\/v2\/pages\/136517","targetHints":{"allow":["GET"]}}],"collection":[{"href":"https:\/\/iwell-guard.com\/sv\/wp-json\/wp\/v2\/pages"}],"about":[{"href":"https:\/\/iwell-guard.com\/sv\/wp-json\/wp\/v2\/types\/page"}],"author":[{"embeddable":true,"href":"https:\/\/iwell-guard.com\/sv\/wp-json\/wp\/v2\/users\/3"}],"replies":[{"embeddable":true,"href":"https:\/\/iwell-guard.com\/sv\/wp-json\/wp\/v2\/comments?post=136517"}],"version-history":[{"count":0,"href":"https:\/\/iwell-guard.com\/sv\/wp-json\/wp\/v2\/pages\/136517\/revisions"}],"wp:featuredmedia":[{"embeddable":true,"href":"https:\/\/iwell-guard.com\/sv\/wp-json\/wp\/v2\/media\/1723"}],"wp:attachment":[{"href":"https:\/\/iwell-guard.com\/sv\/wp-json\/wp\/v2\/media?parent=136517"}],"wp:term":[{"taxonomy":"category","embeddable":true,"href":"https:\/\/iwell-guard.com\/sv\/wp-json\/wp\/v2\/categories?post=136517"}],"curies":[{"name":"wp","href":"https:\/\/api.w.org\/{rel}","templated":true}]}}