{"id":136503,"date":"2026-09-03T00:07:37","date_gmt":"2026-09-03T00:07:37","guid":{"rendered":"https:\/\/iwell-guard.com\/?page_id=136503"},"modified":"2026-09-03T01:04:30","modified_gmt":"2026-09-03T01:04:30","slug":"erinyerna","status":"publish","type":"page","link":"https:\/\/iwell-guard.com\/sv\/erinyerna\/","title":{"rendered":"Erinyerna"},"content":{"rendered":"\t\t<div data-elementor-type=\"wp-page\" data-elementor-id=\"136503\" class=\"elementor elementor-136503 elementor-842\" data-elementor-post-type=\"page\">\n\t\t\t\t<div class=\"elementor-element elementor-element-10fdade e-flex e-con-boxed e-con e-parent\" data-id=\"10fdade\" data-element_type=\"container\" data-e-type=\"container\" data-settings=\"{&quot;background_background&quot;:&quot;classic&quot;}\">\n\t\t\t\t\t<div class=\"e-con-inner\">\n\t\t<div class=\"elementor-element elementor-element-herohlft0 e-flex e-con-boxed e-con e-child\" data-id=\"herohlft0\" data-element_type=\"container\" data-e-type=\"container\">\n\t\t\t\t\t<div class=\"e-con-inner\">\n\t\t<div class=\"elementor-element elementor-element-c3ceb64 e-con-full e-flex e-con e-child\" data-id=\"c3ceb64\" data-element_type=\"container\" data-e-type=\"container\">\n\t\t\t\t<div class=\"elementor-element elementor-element-96ae5e1 elementor-widget elementor-widget-heading\" data-id=\"96ae5e1\" data-element_type=\"widget\" data-e-type=\"widget\" data-widget_type=\"heading.default\">\n\t\t\t\t\t<h1 class=\"elementor-heading-title elementor-size-default\">Erinyerna, ande i den grekiska traditionen<\/h1>\t\t\t\t<\/div>\n\t\t\t\t<div class=\"elementor-element elementor-element-e45238a elementor-widget elementor-widget-text-editor\" data-id=\"e45238a\" data-element_type=\"widget\" data-e-type=\"widget\" data-widget_type=\"text-editor.default\">\n\t\t\t\t\t\t\t\t\t<p>Erinyerna \u00e4r en <span class=\"iwg-fachbegriff\" data-tooltip=\"En kroppsl\u00f6s varelse som tillskrivs verkan i v\u00e4rlden.\" tabindex=\"0\">ande<\/span> i den grekiska traditionen.<\/p><p><strong>H\u00e4mnargudinnorna, blodsskuldens f\u00f6rf\u00f6ljare i den grekiska v\u00e4rlden.<\/strong><\/p>\n<h2 id=\"dif-erinyen\">Erinyerna som f\u00f6rf\u00f6ljare av modersblod<\/h2>\n<p>Erinyerna (lat. <em>Furiae<\/em>, \u2019h\u00e4mnargudinnorna\u2019) framst\u00e4lls i den grekiska <span class=\"iwg-fachbegriff\" data-tooltip=\"Den samlade m\u00e4ngden av en kulturs \u00f6verl\u00e4mnade gudaber\u00e4ttelser.\" tabindex=\"0\">mytologin<\/span> som tre systrar, <strong>Alekto, Megaira och Tisiphone<\/strong>. De uppst\u00e5r ur blodet som droppar p\u00e5 Gaia n\u00e4r den kastrerade Uranos st\u00f6rtas (Hesiod, Theogonin 183). Deras huvudsakliga verksamhetsomr\u00e5de \u00e4r att f\u00f6rf\u00f6lja <strong>brott mot moderns blod<\/strong>, modermord, mord p\u00e5 anh\u00f6riga och brutna eder gentemot f\u00f6r\u00e4ldrar.<\/p><p>Deras paradigmatiska scen \u00e4r <strong>f\u00f6rf\u00f6ljelsen av Orestes<\/strong> efter mordet p\u00e5 Klytaimnestra (Aischylos, Eumeniderna). P\u00e5 Athenas initiativ sammantr\u00e4der Areopagos-domstolen, frik\u00e4nner Orestes och inf\u00f6rlivar Erinyerna som <strong>Eumeniderna<\/strong> (\u201dde v\u00e4lvilliga\u201d) i Athens stadskult.<\/p><p>Ikonografi: svarta kl\u00e4dnader, ormh\u00e5r, piskliknande gissel, facklor. I den romerska <span class=\"iwg-fachbegriff\" data-tooltip=\"Den samlade m\u00e4ngden av religi\u00f6sa v\u00f6rdnadshandlingar f\u00f6r en gudom eller helig gestalt.\" tabindex=\"0\">kulten<\/span> sm\u00e4lter de samman med Furiae eller Dirae, med ett eget tempelomr\u00e5de p\u00e5 Caeliuskullen.<\/p>\n\t\t\t\t\t\t\t\t<\/div>\n\t\t\t\t<\/div>\n\t\t<div class=\"elementor-element elementor-element-klsbdg01 e-con-full e-flex e-con e-parent\" data-id=\"klsbdg01\" data-element_type=\"container\" data-e-type=\"container\">\n\t\t\t\t<div class=\"elementor-element elementor-element-klshtm01 elementor-widget elementor-widget-html\" data-id=\"klshtm01\" data-element_type=\"widget\" data-e-type=\"widget\" data-widget_type=\"html.default\">\n\t\t\t\t\t<div class=\"iwg-pill-row\"><span class=\"iwg-klasse-badge\" tabindex=\"0\" data-tooltip=\"Ande: Kroppsl\u00f6s eller halvkroppslig varelse, avliden, naturv\u00e4sen, husande eller v\u00e4ktare av tr\u00f6sklar. Verkar i vardagslivet, ofta bunden till platser eller familjer.\">Ande<\/span><a href=\"https:\/\/iwell-guard.com\/sv\/grekland\/\" class=\"iwg-kultur-badge\" tabindex=\"0\" data-tooltip=\"Religion och mytologi i det antika Grekland, fr\u00e5n den mykenska tiden till senantiken.\">Grekland<\/a><a href=\"https:\/\/iwell-guard.com\/sv\/hamndeandar\/\" class=\"iwg-tradition-badge\" tabindex=\"0\" data-tooltip=\"Andar som ut\u00f6var vederg\u00e4llning, f\u00f6rf\u00f6ljare av edsbrott, mord eller blodsskuld.\">H\u00e4mnaranda<\/a><\/div>\t\t\t\t<\/div>\n\t\t\t\t<\/div>\n\t\t<div class=\"elementor-element elementor-element-3f74855 e-con-full e-flex e-con e-child\" data-id=\"3f74855\" data-element_type=\"container\" data-e-type=\"container\">\n\t\t\t\t<div class=\"elementor-element elementor-element-1c30362 elementor-toc--minimized-on-tablet elementor-widget elementor-widget-table-of-contents\" data-id=\"1c30362\" data-element_type=\"widget\" data-e-type=\"widget\" data-settings=\"{&quot;exclude_headings_by_selector&quot;:[],&quot;no_headings_message&quot;:&quot;Inga rubriker hittades p\\u00e5 den h\\u00e4r sidan.&quot;,&quot;headings_by_tags&quot;:[&quot;h2&quot;,&quot;h3&quot;],&quot;marker_view&quot;:&quot;bullets&quot;,&quot;icon&quot;:{&quot;value&quot;:&quot;fas fa-circle&quot;,&quot;library&quot;:&quot;fa-solid&quot;,&quot;rendered_tag&quot;:&quot;&lt;svg class=\\&quot;e-font-icon-svg e-fas-circle\\&quot; viewBox=\\&quot;0 0 512 512\\&quot; xmlns=\\&quot;http:\\\/\\\/www.w3.org\\\/2000\\\/svg\\&quot;&gt;&lt;path d=\\&quot;M256 8C119 8 8 119 8 256s111 248 248 248 248-111 248-248S393 8 256 8z\\&quot;&gt;&lt;\\\/path&gt;&lt;\\\/svg&gt;&quot;},&quot;minimize_box&quot;:&quot;yes&quot;,&quot;minimized_on&quot;:&quot;tablet&quot;,&quot;hierarchical_view&quot;:&quot;yes&quot;,&quot;min_height&quot;:{&quot;unit&quot;:&quot;px&quot;,&quot;size&quot;:&quot;&quot;,&quot;sizes&quot;:[]},&quot;min_height_tablet&quot;:{&quot;unit&quot;:&quot;px&quot;,&quot;size&quot;:&quot;&quot;,&quot;sizes&quot;:[]},&quot;min_height_mobile&quot;:{&quot;unit&quot;:&quot;px&quot;,&quot;size&quot;:&quot;&quot;,&quot;sizes&quot;:[]}}\" data-widget_type=\"table-of-contents.default\">\n\t\t\t\t\t\t\t\t\t<div class=\"elementor-toc__header\">\n\t\t\t\t\t\t<h2 class=\"elementor-toc__header-title\">\n\t\t\t\tInneh\u00e5llsf\u00f6rteckning\t\t\t<\/h2>\n\t\t\t\t\t\t\t\t\t\t<div class=\"elementor-toc__toggle-button elementor-toc__toggle-button--expand\" role=\"button\" tabindex=\"0\" aria-controls=\"elementor-toc__1c30362\" aria-expanded=\"true\" aria-label=\"\u00d6ppna inneh\u00e5llsf\u00f6rteckning\"><svg aria-hidden=\"true\" class=\"e-font-icon-svg e-fas-chevron-down\" viewBox=\"0 0 448 512\" xmlns=\"http:\/\/www.w3.org\/2000\/svg\"><path d=\"M207.029 381.476L12.686 187.132c-9.373-9.373-9.373-24.569 0-33.941l22.667-22.667c9.357-9.357 24.522-9.375 33.901-.04L224 284.505l154.745-154.021c9.379-9.335 24.544-9.317 33.901.04l22.667 22.667c9.373 9.373 9.373 24.569 0 33.941L240.971 381.476c-9.373 9.372-24.569 9.372-33.942 0z\"><\/path><\/svg><\/div>\n\t\t\t\t<div class=\"elementor-toc__toggle-button elementor-toc__toggle-button--collapse\" role=\"button\" tabindex=\"0\" aria-controls=\"elementor-toc__1c30362\" aria-expanded=\"true\" aria-label=\"St\u00e4ng inneh\u00e5llsf\u00f6rteckning\"><svg aria-hidden=\"true\" class=\"e-font-icon-svg e-fas-chevron-up\" viewBox=\"0 0 448 512\" xmlns=\"http:\/\/www.w3.org\/2000\/svg\"><path d=\"M240.971 130.524l194.343 194.343c9.373 9.373 9.373 24.569 0 33.941l-22.667 22.667c-9.357 9.357-24.522 9.375-33.901.04L224 227.495 69.255 381.516c-9.379 9.335-24.544 9.317-33.901-.04l-22.667-22.667c-9.373-9.373-9.373-24.569 0-33.941L207.03 130.525c9.372-9.373 24.568-9.373 33.941-.001z\"><\/path><\/svg><\/div>\n\t\t\t\t\t<\/div>\n\t\t\t\t<div id=\"elementor-toc__1c30362\" class=\"elementor-toc__body\">\n\t\t\t<div class=\"elementor-toc__spinner-container\">\n\t\t\t\t<svg class=\"elementor-toc__spinner eicon-animation-spin e-font-icon-svg e-eicon-loading\" aria-hidden=\"true\" viewBox=\"0 0 1000 1000\" xmlns=\"http:\/\/www.w3.org\/2000\/svg\"><path d=\"M500 975V858C696 858 858 696 858 500S696 142 500 142 142 304 142 500H25C25 237 238 25 500 25S975 237 975 500 763 975 500 975Z\"><\/path><\/svg>\t\t\t<\/div>\n\t\t<\/div>\n\t\t\t\t\t\t<\/div>\n\t\t\t\t<\/div>\n\t\t\t\t\t<\/div>\n\t\t\t\t<\/div>\n\t\t<div class=\"elementor-element elementor-element-herorght0 e-con-full e-flex e-con e-child\" data-id=\"herorght0\" data-element_type=\"container\" data-e-type=\"container\">\n\t\t\t\t<div class=\"elementor-element elementor-element-heroimg00 iwg-hero-image elementor-widget elementor-widget-image\" data-id=\"heroimg00\" data-element_type=\"widget\" data-e-type=\"widget\" data-widget_type=\"image.default\">\n\t\t\t\t\t\t\t\t\t\t\t\t\t\t\t<img fetchpriority=\"high\" decoding=\"async\" width=\"683\" height=\"1024\" src=\"https:\/\/iwell-guard.com\/wp-content\/uploads\/2026\/04\/geister_griechenland_erinyen-683x1024.webp\" class=\"attachment-large size-large wp-image-136306\" alt=\"Erinyerna \u2013 andar fr\u00e5n den grekiska traditionen, historiskt-illustrativt\" srcset=\"https:\/\/iwell-guard.com\/wp-content\/uploads\/2026\/04\/geister_griechenland_erinyen-683x1024.webp 683w, https:\/\/iwell-guard.com\/wp-content\/uploads\/2026\/04\/geister_griechenland_erinyen-200x300.webp 200w, https:\/\/iwell-guard.com\/wp-content\/uploads\/2026\/04\/geister_griechenland_erinyen-768x1152.webp 768w, https:\/\/iwell-guard.com\/wp-content\/uploads\/2026\/04\/geister_griechenland_erinyen.webp 1024w\" sizes=\"(max-width: 683px) 100vw, 683px\" \/>\t\t\t\t\t\t\t\t\t\t\t\t\t\t\t<\/div>\n\t\t\t\t<\/div>\n\t\t\t\t\t<\/div>\n\t\t\t\t<\/div>\n\t\t<div class=\"elementor-element elementor-element-32917199 e-flex e-con-boxed e-con e-parent\" data-id=\"32917199\" data-element_type=\"container\" data-e-type=\"container\">\n\t\t\t\t\t<div class=\"e-con-inner\">\n\t\t<div class=\"elementor-element elementor-element-26e916cb e-flex e-con-boxed e-con e-child\" data-id=\"26e916cb\" data-element_type=\"container\" data-e-type=\"container\">\n\t\t\t\t\t<div class=\"e-con-inner\">\n\t\t<div class=\"elementor-element elementor-element-253a40d4 e-flex e-con-boxed e-con e-child\" data-id=\"253a40d4\" data-element_type=\"container\" data-e-type=\"container\">\n\t\t\t\t\t<div class=\"e-con-inner\">\n\t\t\t\t<div class=\"elementor-element elementor-element-1200c304 elementor-widget elementor-widget-heading\" data-id=\"1200c304\" data-element_type=\"widget\" data-e-type=\"widget\" data-widget_type=\"heading.default\">\n\t\t\t\t\t<div class=\"elementor-heading-title elementor-size-default\">Erinyerna<\/div>\t\t\t\t<\/div>\n\t\t\t\t<div class=\"elementor-element elementor-element-11758e7f elementor-widget elementor-widget-text-editor\" data-id=\"11758e7f\" data-element_type=\"widget\" data-e-type=\"widget\" data-widget_type=\"text-editor.default\">\n\t\t\t\t\t\t\t\t\t<p>Erinyerna \u00e4r de mest arkaiska gestalterna i den grekiska demonologin. De tre systrarna Alekto, Megaira och Tisiphone, f\u00f6dda ur den kastrerade Uranos blod, f\u00f6rf\u00f6ljer blodsskuld, mened och brott mot familjens pietet. D\u00e4r de sl\u00e5r till driver de g\u00e4rningsmannen till vansinne, tills han d\u00f6ms eller <span class=\"iwg-fachbegriff\" data-tooltip=\"Tillh\u00f6rande ett fastst\u00e4llt religi\u00f6st handlingsf\u00f6rlopp.\" tabindex=\"0\">rituellt<\/span> renas.<\/p><p>Deras mest framtr\u00e4dande litter\u00e4ra skildring finns i Aischylos Orestien, d\u00e4r de f\u00f6rf\u00f6ljer Orestes \u00e4nda till Athen efter modermordet. D\u00e4r f\u00f6rvandlas de genom en gudomlig dom och kultisk omtolkning till Eumeniderna, \u201dde v\u00e4lsinnade\u201d, en av antikens mest klassiska f\u00f6rvandlingar inom <span class=\"iwg-fachbegriff\" data-tooltip=\"Den samlade m\u00e4ngden av en kulturs \u00f6verl\u00e4mnade gudaber\u00e4ttelser.\" tabindex=\"0\">mytologin<\/span>.<\/p><div><p><strong>Erinyerna i Aischylos Orestien<\/strong><\/p><p>Aischylos tragedi <em>Eumeniderna<\/em> (458 f.Kr.) visar Erinyerna i deras mest k\u00e4nda dramaturgiska form: som fruktansv\u00e4rda kvinnogestalter med ormar ist\u00e4llet f\u00f6r h\u00e5r, brinnande \u00f6gon och fuktigt blod p\u00e5 kinderna.<\/p><p>De f\u00f6rf\u00f6ljer Orestes, som har d\u00f6dat sin mor Klytaimnestra, skoningsl\u00f6st \u00f6ver land och hav. Aischylos framst\u00e4ller dem inte enbart som straffande krafter utan som arkaiska gudomligheter med egen v\u00e4rdighet och logik.<\/p><p>I pj\u00e4sen blidkas de slutligen genom Athenas skiljedom och inf\u00f6rlivas i Athens stadsordning; de blir <em>Eumeniderna<\/em>, de v\u00e4lsinnade. Denna f\u00f6rvandling markerar \u00f6verg\u00e5ngen fr\u00e5n r\u00e5, oordnad blodsh\u00e4mnd till institutionaliserad r\u00e4ttvisa. Erinyerna representerar den \u00e4ldre, ktoniska r\u00e4ttsordningen som ers\u00e4tts av rationellt-demokratiska strukturer.<\/p><\/div>\t\t\t\t\t\t\t\t<\/div>\n\t\t\t\t\t<\/div>\n\t\t\t\t<\/div>\n\t\t<div class=\"elementor-element elementor-element-159dcf9a e-flex e-con-boxed e-con e-child\" data-id=\"159dcf9a\" data-element_type=\"container\" data-e-type=\"container\">\n\t\t\t\t\t<div class=\"e-con-inner\">\n\t\t\t\t<div class=\"elementor-element elementor-element-48cee66f elementor-widget elementor-widget-heading\" data-id=\"48cee66f\" data-element_type=\"widget\" data-e-type=\"widget\" data-widget_type=\"heading.default\">\n\t\t\t\t\t<h2 class=\"elementor-heading-title elementor-size-default\">Kortprofil: Erinyerna<\/h2>\t\t\t\t<\/div>\n\t\t\t\t<div class=\"elementor-element elementor-element-3f50d82c elementor-widget elementor-widget-text-editor\" data-id=\"3f50d82c\" data-element_type=\"widget\" data-e-type=\"widget\" data-widget_type=\"text-editor.default\">\n\t\t\t\t\t\t\t\t\t<p><strong>Typ:<\/strong> H\u00e4mnardemoner, v\u00e4ktare av blodsordningen<br>Ursprung: blodet fr\u00e5n den kastrerade Uranos (Hesiod)<br>Namn: Alekto, Megaira, Tisiphone<br>Texter: Homeros, Hesiod, Aischylos, Euripides, Vergilius<br>Tidsperiod: fr\u00e5n arkaisk tid till <span class=\"iwg-fachbegriff\" data-tooltip=\"\u00d6verg\u00e5ngsepok mellan antiken och medeltiden, ungef\u00e4r 3:e till 7:e \u00e5rhundradet.\" tabindex=\"0\">senantiken<\/span><br>Avv\u00e4rjande \/ f\u00f6rsoning: reningsritualer, Aischylos f\u00f6rvandling till Eumeniderna, kult i Athen<\/p>\t\t\t\t\t\t\t\t<\/div>\n\t\t\t\t\t<\/div>\n\t\t\t\t<\/div>\n\t\t\t\t\t<\/div>\n\t\t\t\t<\/div>\n\t\t\t\t\t<\/div>\n\t\t\t\t<\/div>\n\t\t<div class=\"elementor-element elementor-element-18613602 e-flex e-con-boxed e-con e-parent\" data-id=\"18613602\" data-element_type=\"container\" data-e-type=\"container\">\n\t\t\t\t\t<div class=\"e-con-inner\">\n\t\t\t\t<div class=\"elementor-element elementor-element-262b8a9f elementor-widget elementor-widget-heading\" data-id=\"262b8a9f\" data-element_type=\"widget\" data-e-type=\"widget\" data-widget_type=\"heading.default\">\n\t\t\t\t\t<h2 class=\"elementor-heading-title elementor-size-default\">Historisk inordning<\/h2>\t\t\t\t<\/div>\n\t\t<div class=\"elementor-element elementor-element-46dcb7d e-con-full e-flex e-con e-child\" data-id=\"46dcb7d\" data-element_type=\"container\" data-e-type=\"container\">\n\t\t<div class=\"elementor-element elementor-element-61d3ab3 e-flex e-con-boxed e-con e-child\" data-id=\"61d3ab3\" data-element_type=\"container\" data-e-type=\"container\">\n\t\t\t\t\t<div class=\"e-con-inner\">\n\t\t\t\t<div class=\"elementor-element elementor-element-117c166 elementor-widget elementor-widget-heading\" data-id=\"117c166\" data-element_type=\"widget\" data-e-type=\"widget\" data-widget_type=\"heading.default\">\n\t\t\t\t\t<div class=\"elementor-heading-title elementor-size-default\">Texternas tidsperiod<\/div>\t\t\t\t<\/div>\n\t\t\t\t<div class=\"elementor-element elementor-element-73997a0 elementor-widget elementor-widget-text-editor\" data-id=\"73997a0\" data-element_type=\"widget\" data-e-type=\"widget\" data-widget_type=\"text-editor.default\">\n\t\t\t\t\t\t\t\t\t<p>De tidigaste sp\u00e5ren finns hos Homeros (Iliaden, Odyss\u00e9en) som h\u00e4mnare av mened och blodsskuld. Hesiod ger genealogin. Aischylos Orestien (458 f.Kr.) tecknar den klassiska gestalten. Euripides och romerska f\u00f6rfattare (Vergilius, Seneca) f\u00f6r vidare bilden.<\/p>\t\t\t\t\t\t\t\t<\/div>\n\t\t\t\t\t<\/div>\n\t\t\t\t<\/div>\n\t\t<div class=\"elementor-element elementor-element-d47b156 e-flex e-con-boxed e-con e-child\" data-id=\"d47b156\" data-element_type=\"container\" data-e-type=\"container\">\n\t\t\t\t\t<div class=\"e-con-inner\">\n\t\t\t\t<div class=\"elementor-element elementor-element-ff38c2b elementor-widget elementor-widget-heading\" data-id=\"ff38c2b\" data-element_type=\"widget\" data-e-type=\"widget\" data-widget_type=\"heading.default\">\n\t\t\t\t\t<div class=\"elementor-heading-title elementor-size-default\">Utbredningsomr\u00e5de<\/div>\t\t\t\t<\/div>\n\t\t\t\t<div class=\"elementor-element elementor-element-4e49fcc elementor-widget elementor-widget-text-editor\" data-id=\"4e49fcc\" data-element_type=\"widget\" data-e-type=\"widget\" data-widget_type=\"text-editor.default\">\n\t\t\t\t\t\t\t\t\t<p>Grekisk kulturrymd. Som Eumeniderna har de en viktig <span class=\"iwg-fachbegriff\" data-tooltip=\"En helig plats till\u00e4gnad v\u00f6rdnaden av en gudom.\" tabindex=\"0\">helgedom<\/span> i Athen vid Areopagos och en till i Sikyon. Den romerska receptionen tar upp dem som Dirae och Furiae i den latinska repertoaren.<\/p>\t\t\t\t\t\t\t\t<\/div>\n\t\t\t\t\t<\/div>\n\t\t\t\t<\/div>\n\t\t\t\t<\/div>\n\t\t<div class=\"elementor-element elementor-element-db03c39 e-con-full e-flex e-con e-child\" data-id=\"db03c39\" data-element_type=\"container\" data-e-type=\"container\">\n\t\t<div class=\"elementor-element elementor-element-229a87b e-flex e-con-boxed e-con e-child\" data-id=\"229a87b\" data-element_type=\"container\" data-e-type=\"container\">\n\t\t\t\t\t<div class=\"e-con-inner\">\n\t\t\t\t<div class=\"elementor-element elementor-element-1f471fc elementor-widget elementor-widget-heading\" data-id=\"1f471fc\" data-element_type=\"widget\" data-e-type=\"widget\" data-widget_type=\"heading.default\">\n\t\t\t\t\t<div class=\"elementor-heading-title elementor-size-default\">K\u00e4ll\u00e4ge<\/div>\t\t\t\t<\/div>\n\t\t\t\t<div class=\"elementor-element elementor-element-36b1201 elementor-widget elementor-widget-text-editor\" data-id=\"36b1201\" data-element_type=\"widget\" data-e-type=\"widget\" data-widget_type=\"text-editor.default\">\n\t\t\t\t\t\t\t\t\t<p>Den huvudsakliga litter\u00e4ra k\u00e4llan \u00e4r Orestien. D\u00e4rtill kommer vasm\u00e5leri (Erinyerna med ormh\u00e5r och facklor), inskrifter fr\u00e5n Eumeniderna-<span class=\"iwg-fachbegriff\" data-tooltip=\"Den samlade m\u00e4ngden av religi\u00f6sa v\u00f6rdnadshandlingar f\u00f6r en gudom eller helig gestalt.\" tabindex=\"0\">kulten<\/span>, retoriska och filosofiska h\u00e4nvisningar hos Platon och senare f\u00f6rfattare.<\/p>\t\t\t\t\t\t\t\t<\/div>\n\t\t\t\t\t<\/div>\n\t\t\t\t<\/div>\n\t\t\t\t<\/div>\n\t\t\t\t\t<\/div>\n\t\t\t\t<\/div>\n\t\t<div class=\"elementor-element elementor-element-3ae0637c e-flex e-con-boxed e-con e-parent\" data-id=\"3ae0637c\" data-element_type=\"container\" data-e-type=\"container\">\n\t\t\t\t\t<div class=\"e-con-inner\">\n\t\t\t\t<div class=\"elementor-element elementor-element-31d07739 elementor-widget elementor-widget-heading\" data-id=\"31d07739\" data-element_type=\"widget\" data-e-type=\"widget\" data-widget_type=\"heading.default\">\n\t\t\t\t\t<h2 class=\"elementor-heading-title elementor-size-default\">Namn och varianter<\/h2>\t\t\t\t<\/div>\n\t\t<div class=\"elementor-element elementor-element-b7642947 e-con-full e-flex e-con e-child\" data-id=\"b7642947\" data-element_type=\"container\" data-e-type=\"container\">\n\t\t\t\t<div class=\"elementor-element elementor-element-a086266 elementor-widget elementor-widget-text-editor\" data-id=\"a086266\" data-element_type=\"widget\" data-e-type=\"widget\" data-widget_type=\"text-editor.default\">\n\t\t\t\t\t\t\t\t\t<p><strong>Grekiska:<\/strong> <em>\u1f18\u03c1\u03b9\u03bd\u03cd\u03b5\u03c2<\/em> (Erinyes).<br>Eufemistiskt: <em>\u0395\u1f50\u03bc\u03b5\u03bd\u03af\u03b4\u03b5\u03c2<\/em> (Eumeniderna, \u201dde v\u00e4lsinnade\u201d), <em>\u03a3\u03b5\u03bc\u03bd\u03b1\u03af<\/em> (Semnai, \u201dde v\u00f6rdnadsv\u00e4rda\u201d).<br>Enskilda namn: Alekto (den aldrig vilande), Megaira (den avundsjuka), Tisiphone (mordets h\u00e4mnare).<\/p><p>Eufemismen \u00e4r karakteristisk: deras makt \u00e4r s\u00e5 stor att man inte vill kalla dem vid deras direkta namn. Omvandlingen till Eumeniderna i Aischylos drama \u00e4r samtidigt en kultstiftelse: ist\u00e4llet f\u00f6r att f\u00f6rg\u00f6ras inf\u00f6rlivas de <span class=\"iwg-fachbegriff\" data-tooltip=\"Tillh\u00f6rande ett fastst\u00e4llt religi\u00f6st handlingsf\u00f6rlopp.\" tabindex=\"0\">rituellt<\/span> i polisordningen.<\/p>\t\t\t\t\t\t\t\t<\/div>\n\t\t\t\t<\/div>\n\t\t\t\t\t<\/div>\n\t\t\t\t<\/div>\n\t\t<div class=\"elementor-element elementor-element-709a44a8 e-flex e-con-boxed e-con e-parent\" data-id=\"709a44a8\" data-element_type=\"container\" data-e-type=\"container\">\n\t\t\t\t\t<div class=\"e-con-inner\">\n\t\t\t\t<div class=\"elementor-element elementor-element-2f585873 elementor-widget elementor-widget-heading\" data-id=\"2f585873\" data-element_type=\"widget\" data-e-type=\"widget\" data-widget_type=\"heading.default\">\n\t\t\t\t\t<h2 class=\"elementor-heading-title elementor-size-default\">Beskrivning<\/h2>\t\t\t\t<\/div>\n\t\t<div class=\"elementor-element elementor-element-70621c12 e-con-full e-flex e-con e-child\" data-id=\"70621c12\" data-element_type=\"container\" data-e-type=\"container\">\n\t\t\t\t<div class=\"elementor-element elementor-element-4296eb49 elementor-widget elementor-widget-text-editor\" data-id=\"4296eb49\" data-element_type=\"widget\" data-e-type=\"widget\" data-widget_type=\"text-editor.default\">\n\t\t\t\t\t\t\t\t\t<p><strong>Utseende<\/strong><\/p><p>Bevingade kvinnor med ormh\u00e5r, facklor och piskor; m\u00f6rka kl\u00e4dnader, blodindr\u00e4nkta \u00f6gon. I den klassiska vasm\u00e5lningen framst\u00e4llda frontalt, skr\u00e4mmande men med formell v\u00e4rdighet. De \u00e4r inga vackra nattv\u00e4sen som Empusa, Erinyerna \u00e4r \u00f6ppet skr\u00e4ckinjagande.<\/p><p><strong>Beteende<\/strong><\/p><p>De f\u00f6rf\u00f6ljer f\u00f6r\u00f6varen systematiskt, ofta under flera \u00e5r. De driver honom till vansinne, ber\u00f6var honom s\u00f6mnen och leder honom till isolering. Deras makt upph\u00f6r inte med d\u00f6den: de f\u00f6rf\u00f6ljer sj\u00e4larna \u00e4ven till underjorden, tills uppr\u00e4ttelse har uppn\u00e5tts.<\/p><p><strong>Verkningsomr\u00e5de<\/strong><\/p><p>Blodskuld (s\u00e4rskilt inom familjen), mened, brott mot f\u00f6r\u00e4ldrars auktoritet, g\u00e4str\u00e4tt, skyddsb\u00f6n. Deras omr\u00e5de \u00e4r den of\u00f6rl\u00e5tliga moraliska \u00f6vertr\u00e4delsen.<\/p><p><strong>Mytologiskt ursprung<\/strong><\/p><p>Ur blodet fr\u00e5n den kastrerade Uranos (Hesiodos, Theogonie), och d\u00e4rmed \u00e4ldre \u00e4n de olympiska gudarna. De representerar en pre-olympisk, ktonisk r\u00e4ttsordning som s\u00e4tter gr\u00e4nser \u00e4ven f\u00f6r gudarna.<\/p><div><p><strong>Erinyerna och Furierna i antik tradition<\/strong><\/p><p>Hesiodos <em>Theogonie<\/em> n\u00e4mner Erinyerna f\u00f6rst i f\u00f6rbig\u00e5ende som Nattens d\u00f6ttrar eller, i andra versioner, som frukten av den st\u00f6rtade Uranos blod.<\/p><p>Homeros kallar dem i <em>Ilias<\/em> 9.571 osynliga straffande kvinnor som f\u00f6ljer t\u00e4tt i sp\u00e5ren av <span class=\"iwg-fachbegriff\" data-tooltip=\"Ett spr\u00e5kligt uttryck genom vilket olycka ska drabba en person eller sak.\" tabindex=\"0\">f\u00f6rbannelsens<\/span> ord och mened. Romarna \u00f6vertog dem som <em>Dirae<\/em> (de fasansfulla) och betonade \u00e4nnu mer deras koppling till vansinne och kroppsligt f\u00f6rfall.<\/p><p>Vergilius laddar i <em>Aeneis<\/em> furierna med mystiskt m\u00f6rker: de vaktar underjordens portar och f\u00f6rkroppsligar sj\u00e4lva kosmos h\u00e4mndlogik.<\/p><p>I hellenistiska mysteriekulter och <span class=\"iwg-fachbegriff\" data-tooltip=\"Praktiker som genom s\u00e4rskilda handlingar eller formler f\u00f6rs\u00f6ker p\u00e5verka h\u00e4ndelsef\u00f6rloppet.\" tabindex=\"0\">magi<\/span>papyrer \u00e5kallas de som en kraft f\u00f6r att st\u00e4rka f\u00f6rbannelser eller f\u00f6r att bestraffa edsbrott. Att anv\u00e4nda dem i magiska texter f\u00f6ruts\u00e4tter att den som f\u00f6rbannar har r\u00e4tten p\u00e5 sin sida, annars v\u00e4nder sig Erinyerna mot f\u00f6rbannaren sj\u00e4lv.<\/p><\/div>\t\t\t\t\t\t\t\t<\/div>\n\t\t\t\t<\/div>\n\t\t\t\t\t<\/div>\n\t\t\t\t<\/div>\n\t\t<div class=\"elementor-element elementor-element-44e71476 e-flex e-con-boxed e-con e-parent\" data-id=\"44e71476\" data-element_type=\"container\" data-e-type=\"container\">\n\t\t\t\t\t<div class=\"e-con-inner\">\n\t\t\t\t<div class=\"elementor-element elementor-element-3c1fc3f0 elementor-widget elementor-widget-heading\" data-id=\"3c1fc3f0\" data-element_type=\"widget\" data-e-type=\"widget\" data-widget_type=\"heading.default\">\n\t\t\t\t\t<h2 class=\"elementor-heading-title elementor-size-default\">Profil: Erinyerna<\/h2>\t\t\t\t<\/div>\n\t\t<div class=\"elementor-element elementor-element-84f33b8e e-con-full e-flex e-con e-child\" data-id=\"84f33b8e\" data-element_type=\"container\" data-e-type=\"container\">\n\t\t\t\t<div class=\"elementor-element elementor-element-hqkdc67p elementor-widget elementor-widget-text-editor\" data-id=\"hqkdc67p\" data-element_type=\"widget\" data-e-type=\"widget\" data-widget_type=\"text-editor.default\">\n\t\t\t\t\t\t\t\t\t<p>De viktigaste aspekterna av Erinyerna i korthet. En utf\u00f6rligare beskrivning av namn, beskrivning, avv\u00e4rjning och paralleller finns i de f\u00f6ljande avsnitten.<\/p>\t\t\t\t\t\t\t\t<\/div>\n\t\t\t\t<\/div>\n\t\t<div class=\"elementor-element elementor-element-pemmx7c5 e-con-full e-flex e-con e-child\" data-id=\"pemmx7c5\" data-element_type=\"container\" data-e-type=\"container\">\n\t\t<div class=\"elementor-element elementor-element-pemmx7c1 e-con-full e-flex e-con e-child\" data-id=\"pemmx7c1\" data-element_type=\"container\" data-e-type=\"container\">\n\t\t<div class=\"elementor-element elementor-element-qh9oavvu iwg-steckbrief-card e-flex e-con-boxed e-con e-child\" data-id=\"qh9oavvu\" data-element_type=\"container\" data-e-type=\"container\">\n\t\t\t\t\t<div class=\"e-con-inner\">\n\t\t\t\t<div class=\"elementor-element elementor-element-awzx8k2k elementor-widget elementor-widget-heading\" data-id=\"awzx8k2k\" data-element_type=\"widget\" data-e-type=\"widget\" data-widget_type=\"heading.default\">\n\t\t\t\t\t<div class=\"elementor-heading-title elementor-size-default\">Kulturell kontext<\/div>\t\t\t\t<\/div>\n\t\t\t\t<div class=\"elementor-element elementor-element-x6rowhv0 elementor-widget elementor-widget-text-editor\" data-id=\"x6rowhv0\" data-element_type=\"widget\" data-e-type=\"widget\" data-widget_type=\"text-editor.default\">\n\t\t\t\t\t\t\t\t\t<p>Ur blodet fr\u00e5n den kastrerade Uranos. Pre-olympiska, \u00e4ldre \u00e4n olympierna, de representerar en arkaisk r\u00e4ttsordning.<\/p>\t\t\t\t\t\t\t\t<\/div>\n\t\t\t\t\t<\/div>\n\t\t\t\t<\/div>\n\t\t<div class=\"elementor-element elementor-element-8e3o4kxs iwg-steckbrief-card e-flex e-con-boxed e-con e-child\" data-id=\"8e3o4kxs\" data-element_type=\"container\" data-e-type=\"container\">\n\t\t\t\t\t<div class=\"e-con-inner\">\n\t\t\t\t<div class=\"elementor-element elementor-element-08rkdgov elementor-widget elementor-widget-heading\" data-id=\"08rkdgov\" data-element_type=\"widget\" data-e-type=\"widget\" data-widget_type=\"heading.default\">\n\t\t\t\t\t<div class=\"elementor-heading-title elementor-size-default\">Erinyernas m\u00e5lgrupp<\/div>\t\t\t\t<\/div>\n\t\t\t\t<div class=\"elementor-element elementor-element-uwjelx8s elementor-widget elementor-widget-text-editor\" data-id=\"uwjelx8s\" data-element_type=\"widget\" data-e-type=\"widget\" data-widget_type=\"text-editor.default\">\n\t\t\t\t\t\t\t\t\t<p>F\u00f6r\u00f6vare av blodskuld (s\u00e4rskilt inom familjen), mened, brott mot g\u00e4str\u00e4tten, missaktning av f\u00f6r\u00e4ldrars auktoritet.<\/p>\t\t\t\t\t\t\t\t<\/div>\n\t\t\t\t\t<\/div>\n\t\t\t\t<\/div>\n\t\t<div class=\"elementor-element elementor-element-jm2n74ec iwg-steckbrief-card e-flex e-con-boxed e-con e-child\" data-id=\"jm2n74ec\" data-element_type=\"container\" data-e-type=\"container\">\n\t\t\t\t\t<div class=\"e-con-inner\">\n\t\t\t\t<div class=\"elementor-element elementor-element-8vufse4c elementor-widget elementor-widget-heading\" data-id=\"8vufse4c\" data-element_type=\"widget\" data-e-type=\"widget\" data-widget_type=\"heading.default\">\n\t\t\t\t\t<div class=\"elementor-heading-title elementor-size-default\">Utseende<\/div>\t\t\t\t<\/div>\n\t\t\t\t<div class=\"elementor-element elementor-element-mwb9u015 elementor-widget elementor-widget-text-editor\" data-id=\"mwb9u015\" data-element_type=\"widget\" data-e-type=\"widget\" data-widget_type=\"text-editor.default\">\n\t\t\t\t\t\t\t\t\t<p>Bevingade, med ormh\u00e5r, facklor, piskor, m\u00f6rk kl\u00e4dnad och blodiga \u00f6gon. I den klassiska bildtraditionen framst\u00e4llda frontalt, v\u00e4rdiga och skr\u00e4mmande.<\/p>\t\t\t\t\t\t\t\t<\/div>\n\t\t\t\t\t<\/div>\n\t\t\t\t<\/div>\n\t\t\t\t<\/div>\n\t\t<div class=\"elementor-element elementor-element-pemmx7c2 e-con-full e-flex e-con e-child\" data-id=\"pemmx7c2\" data-element_type=\"container\" data-e-type=\"container\">\n\t\t<div class=\"elementor-element elementor-element-37ss2yr6 iwg-steckbrief-card e-flex e-con-boxed e-con e-child\" data-id=\"37ss2yr6\" data-element_type=\"container\" data-e-type=\"container\">\n\t\t\t\t\t<div class=\"e-con-inner\">\n\t\t\t\t<div class=\"elementor-element elementor-element-3v0wp3wx elementor-widget elementor-widget-heading\" data-id=\"3v0wp3wx\" data-element_type=\"widget\" data-e-type=\"widget\" data-widget_type=\"heading.default\">\n\t\t\t\t\t<div class=\"elementor-heading-title elementor-size-default\">Verksamhet<\/div>\t\t\t\t<\/div>\n\t\t\t\t<div class=\"elementor-element elementor-element-w3247g2m elementor-widget elementor-widget-text-editor\" data-id=\"w3247g2m\" data-element_type=\"widget\" data-e-type=\"widget\" data-widget_type=\"text-editor.default\">\n\t\t\t\t\t\t\t\t\t<p>Vansinne, s\u00f6mnl\u00f6shet, isolering, f\u00f6rf\u00f6ljelse \u00e4nda till underjorden. De medf\u00f6r ingen d\u00f6d, utan ett olidligt fortsatt liv fram till gottg\u00f6relsen.<\/p>\t\t\t\t\t\t\t\t<\/div>\n\t\t\t\t\t<\/div>\n\t\t\t\t<\/div>\n\t\t<div class=\"elementor-element elementor-element-0qpjal9w iwg-steckbrief-card e-flex e-con-boxed e-con e-child\" data-id=\"0qpjal9w\" data-element_type=\"container\" data-e-type=\"container\">\n\t\t\t\t\t<div class=\"e-con-inner\">\n\t\t\t\t<div class=\"elementor-element elementor-element-6ndoih0o elementor-widget elementor-widget-heading\" data-id=\"6ndoih0o\" data-element_type=\"widget\" data-e-type=\"widget\" data-widget_type=\"heading.default\">\n\t\t\t\t\t<div class=\"elementor-heading-title elementor-size-default\">Skydd<\/div>\t\t\t\t<\/div>\n\t\t\t\t<div class=\"elementor-element elementor-element-6684tyh9 elementor-widget elementor-widget-text-editor\" data-id=\"6684tyh9\" data-element_type=\"widget\" data-e-type=\"widget\" data-widget_type=\"text-editor.default\">\n\t\t\t\t\t\t\t\t\t<p>Inte avv\u00e4rjning utan f\u00f6rsoning: reningsriter (katharmos), offentlig r\u00e4tteg\u00e5ng (Areopagen), inramning som Eumenidernas <span class=\"iwg-fachbegriff\" data-tooltip=\"Summan av de religi\u00f6sa v\u00f6rdnadshandlingar som \u00e4gnas en gudom eller helig gestalt.\" tabindex=\"0\">kult<\/span>. Stadsstaten binder deras kraft genom <span class=\"iwg-fachbegriff\" data-tooltip=\"Summan av de religi\u00f6sa v\u00f6rdnadshandlingar som \u00e4gnas en gudom eller helig gestalt.\" tabindex=\"0\">kult<\/span> i st\u00e4llet f\u00f6r bek\u00e4mpning.<\/p>\t\t\t\t\t\t\t\t<\/div>\n\t\t\t\t\t<\/div>\n\t\t\t\t<\/div>\n\t\t<div class=\"elementor-element elementor-element-3lfi7x32 iwg-steckbrief-card e-flex e-con-boxed e-con e-child\" data-id=\"3lfi7x32\" data-element_type=\"container\" data-e-type=\"container\">\n\t\t\t\t\t<div class=\"e-con-inner\">\n\t\t\t\t<div class=\"elementor-element elementor-element-0kg99ga1 elementor-widget elementor-widget-heading\" data-id=\"0kg99ga1\" data-element_type=\"widget\" data-e-type=\"widget\" data-widget_type=\"heading.default\">\n\t\t\t\t\t<div class=\"elementor-heading-title elementor-size-default\">Besl\u00e4ktade v\u00e4sen<\/div>\t\t\t\t<\/div>\n\t\t\t\t<div class=\"elementor-element elementor-element-n0fum6kp elementor-widget elementor-widget-text-editor\" data-id=\"n0fum6kp\" data-element_type=\"widget\" data-e-type=\"widget\" data-widget_type=\"text-editor.default\">\n\t\t\t\t\t\t\t\t\t<p>Dirae\/Furier (Rom), Gall\u00fb (Mesopotamien), Tzitzimime, motivet med Liemannen; funktionellt \u00e4ven valkyrior som slagf\u00e4ltets exekut\u00f6rer.<\/p>\t\t\t\t\t\t\t\t<\/div>\n\t\t\t\t\t<\/div>\n\t\t\t\t<\/div>\n\t\t\t\t<\/div>\n\t\t\t\t<\/div>\n\t\t\t\t\t<\/div>\n\t\t\t\t<\/div>\n\t\t<div class=\"elementor-element elementor-element-7533bc7a e-flex e-con-boxed e-con e-parent\" data-id=\"7533bc7a\" data-element_type=\"container\" data-e-type=\"container\">\n\t\t\t\t\t<div class=\"e-con-inner\">\n\t\t\t\t<div class=\"elementor-element elementor-element-2447d18d elementor-widget elementor-widget-heading\" data-id=\"2447d18d\" data-element_type=\"widget\" data-e-type=\"widget\" data-widget_type=\"heading.default\">\n\t\t\t\t\t<h2 class=\"elementor-heading-title elementor-size-default\">Demonologi i vardagen<\/h2>\t\t\t\t<\/div>\n\t\t<div class=\"elementor-element elementor-element-d5d0260c e-con-full e-flex e-con e-child\" data-id=\"d5d0260c\" data-element_type=\"container\" data-e-type=\"container\">\n\t\t\t\t<div class=\"elementor-element elementor-element-341be2ac elementor-widget elementor-widget-text-editor\" data-id=\"341be2ac\" data-element_type=\"widget\" data-e-type=\"widget\" data-widget_type=\"text-editor.default\">\n\t\t\t\t\t\t\t\t\t<p><strong>Riter f\u00f6r f\u00f6rsoning<\/strong><\/p><p>Reningsrit efter blodsutgjutelse (<em>katharmos<\/em>), oftast genom ett svinoffer och rituella handlingar vid flod eller hav. Den som renats f\u00e5r \u00e5ter betr\u00e4da stadsstaten.<\/p><p><strong><span class=\"iwg-fachbegriff\" data-tooltip=\"Summan av de religi\u00f6sa v\u00f6rdnadshandlingar som \u00e4gnas en gudom eller helig gestalt.\" tabindex=\"0\">Kult<\/span> och <span class=\"iwg-fachbegriff\" data-tooltip=\"Ett spr\u00e5kligt ritual som avser att \u00e5kalla eller binda en makt.\" tabindex=\"0\">besv\u00e4rjelse<\/span><\/strong><\/p><p>I Aten vid Areopagen (Ares klippa) fanns Eumenidernas <span class=\"iwg-fachbegriff\" data-tooltip=\"En helig plats till\u00e4gnad v\u00f6rdnaden av en gudom.\" tabindex=\"0\">helgedom<\/span>, d\u00e4r de f\u00f6rvandlade Erinyerna v\u00f6rdades. Deras makt bands kultiskt och erk\u00e4ndes samtidigt. I defixioner \u00e5kallas de som opersonliga h\u00e4mnare.<\/p><p><strong>Amuletter och skyddssymboler<\/strong><\/p><p>Inga apotrop\u00e4iska vardagsamuletter. Den som vill undvika Erinyerna m\u00e5ste undvika blodskulden. Deras makt kan bara begr\u00e4nsas genom rituell handling och domslut, f\u00f6rem\u00e5l har ingen verkan mot dem.<\/p>\t\t\t\t\t\t\t\t<\/div>\n\t\t\t\t<\/div>\n\t\t\t\t\t<\/div>\n\t\t\t\t<\/div>\n\t\t<div class=\"elementor-element elementor-element-5a584676 e-flex e-con-boxed e-con e-parent\" data-id=\"5a584676\" data-element_type=\"container\" data-e-type=\"container\">\n\t\t\t\t\t<div class=\"e-con-inner\">\n\t\t\t\t<div class=\"elementor-element elementor-element-6d0757bf elementor-widget elementor-widget-heading\" data-id=\"6d0757bf\" data-element_type=\"widget\" data-e-type=\"widget\" data-widget_type=\"heading.default\">\n\t\t\t\t\t<h2 class=\"elementor-heading-title elementor-size-default\">Erinyerna, paralleller i andra kulturer<\/h2>\t\t\t\t<\/div>\n\t\t<div class=\"elementor-element elementor-element-60563f68 e-con-full e-flex e-con e-child\" data-id=\"60563f68\" data-element_type=\"container\" data-e-type=\"container\">\n\t\t\t\t<div class=\"elementor-element elementor-element-5a93fdd6 elementor-widget elementor-widget-text-editor\" data-id=\"5a93fdd6\" data-element_type=\"widget\" data-e-type=\"widget\" data-widget_type=\"text-editor.default\">\n\t\t\t\t\t\t\t\t\t<p><strong>Rom:<\/strong> Dirae och Furiae \u00e4r de direkta romerska motsvarigheterna, framtr\u00e4dande i Vergilius Aeneis och Senecas tragedier. <span class=\"iwg-fachbegriff\" data-tooltip=\"Ett \u00e5terkommande inneh\u00e5llselement i konst eller ber\u00e4ttande.\" tabindex=\"0\">Motivet<\/span> f\u00f6rblir strukturellt identiskt.<\/p><p><strong>Mesopotamien:<\/strong> Underjordens Gall\u00fb verkst\u00e4ller likas\u00e5 den kosmiska ordningen, dock som d\u00f6dsbud och inte som h\u00e4mnare av en moralisk \u00f6vertr\u00e4delse.<\/p><p><strong>Modern reception:<\/strong> Freuds \u00f6verjag tar upp <span class=\"iwg-fachbegriff\" data-tooltip=\"Ett \u00e5terkommande inneh\u00e5llselement i konst eller ber\u00e4ttande.\" tabindex=\"0\">motivet<\/span> av den f\u00f6rf\u00f6ljande inre r\u00f6sten. Litteratur och film \u00e5terkommer st\u00e4ndigt till Erinyerna som <span class=\"iwg-fachbegriff\" data-tooltip=\"En bildlig framst\u00e4llning som representerar en abstrakt tanke.\" tabindex=\"0\">sinnebild<\/span> f\u00f6r den skuld som inte kan skjutas upp.<\/p><div><p><strong>Erinyerna som kosmisk h\u00e4mndkraft och f\u00f6rmedlare av gottg\u00f6relse<\/strong><\/p><p>Den <span class=\"iwg-fachbegriff\" data-tooltip=\"Epok f\u00f6r den grekiska och romerska kulturen, ungef\u00e4r 800 f.Kr. till 600 e.Kr.\" tabindex=\"0\">antika<\/span> uppfattningen av Erinyerna var mindre personifierad \u00e4n funktionell: de f\u00f6rkroppsligar den oundvikliga konsekvensen av or\u00e4tt och blodskuld, ingen godtycklig grymhet. De \u00e4r p\u00e5 s\u00e4tt och vis den kosmiska skuldens bokf\u00f6rare, som sj\u00e4lva universum f\u00f6ljer.<\/p><p>S\u00e4rskilt i den atenska r\u00e4tten efter Aischylos blir de symboler f\u00f6r utj\u00e4mnande r\u00e4ttvisa: inget brott f\u00f6rblir osonat, men ingen f\u00f6r\u00f6vare saknar en v\u00e4g till r\u00e4ddning om han s\u00f6ker och finner gottg\u00f6relse.<\/p><p>Detta skilde den grekiska h\u00e4mndgudsuppfattningen fr\u00e5n andra kulturers rena vederg\u00e4llningsvrede. Erinyerna kr\u00e4ver gottg\u00f6relse, inte evig f\u00f6rd\u00f6melse. I mysteriekulter som Eleusis spelade de en roll i reningsritualen: de var vittnen till eder och mordtabun, vars kr\u00e4nkning medf\u00f6rde rituell vanhelgning.<\/p><\/div>\t\t\t\t\t\t\t\t<\/div>\n\t\t\t\t<\/div>\n\t\t\t\t\t<\/div>\n\t\t\t\t<\/div>\n\t\t<div class=\"elementor-element elementor-element-cpf03202d e-flex e-con-boxed e-con e-parent\" data-id=\"cpf03202d\" data-element_type=\"container\" data-e-type=\"container\">\n\t\t\t\t\t<div class=\"e-con-inner\">\n\t\t\t\t<div class=\"elementor-element elementor-element-cpf59c0c8 elementor-widget elementor-widget-heading\" data-id=\"cpf59c0c8\" data-element_type=\"widget\" data-e-type=\"widget\" data-widget_type=\"heading.default\">\n\t\t\t\t\t<h2 class=\"elementor-heading-title elementor-size-default\">Erinyerna i Aischylos Orestien<\/h2>\t\t\t\t<\/div>\n\t\t<div class=\"elementor-element elementor-element-cp9db56f4 e-con-full e-flex e-con e-child\" data-id=\"cp9db56f4\" data-element_type=\"container\" data-e-type=\"container\">\n\t\t\t\t<div class=\"elementor-element elementor-element-cpe38e471 elementor-widget elementor-widget-text-editor\" data-id=\"cpe38e471\" data-element_type=\"widget\" data-e-type=\"widget\" data-widget_type=\"text-editor.default\">\n\t\t\t\t\t\t\t\t\t<p>Den mest gripande och betydelsefulla gestaltningen av erinyerna i den antika litteraturen \u00e4r Aischylos <em>Orestien<\/em>, en trilogi som uppf\u00f6rdes i Aten 458 f.Kr. I den f\u00f6rblir erinyerna inte enbart omtalade makter: de framtr\u00e4der som en k\u00f6r levande p\u00e5 scenen, framf\u00f6r allt i det tredje stycket, <em>Eumeniderna<\/em>.<\/p><p>Handlingen str\u00e4cker sig fr\u00e5n Klytaimnestras mord p\u00e5 sin make Agamemnon, via sonen Orestes h\u00e4mnd d\u00e5 han d\u00f6dar sin mor, till f\u00f6ljderna av denna blodsd\u00e5d. Eftersom Orestes har dr\u00e4pt sin egen mor, det vill s\u00e4ga utgjutit sl\u00e4ktblod, s\u00e4tter erinyerna efter honom.<\/p><p>De \u00e4r moderblodets h\u00e4mnare, de f\u00f6rf\u00f6ljer Orestes fr\u00e5n Argos till Delfi och vidare till Aten, de driver honom till vansinne och ger honom ingen ro.<\/p><p>Aischylos skildrar dem som fasansfulla gestalter. I stycket sj\u00e4lv ber\u00e4ttas att redan \u00e5synen av dem f\u00e4llde pr\u00e4stinnan i Delfi till marken. De sover, fl\u00e5sar och sp\u00e5rar upp blod som hundar. Deras anspr\u00e5k \u00e4r gammalt, \u00e4ldre \u00e4n de yngre olympiska gudarna, och de h\u00e4vdar envist att deras r\u00e4tt, blodsh\u00e4mndens r\u00e4tt, inte f\u00e5r kr\u00e4nkas.<\/p><p>K\u00e4rnan i trilogin utg\u00f6rs av konflikten mellan denna gamla r\u00e4tt och en ny ordning. Apollon och Athena st\u00e5r p\u00e5 Orestes sida, erinyerna p\u00e5 sidan av den ovillkorliga f\u00f6rsoningen. <em>Orestien<\/em> \u00e4r d\u00e4rmed det centrala <span class=\"iwg-fachbegriff\" data-tooltip=\"Epok inom den grekiska och romerska kulturen, ungef\u00e4r 800 f.Kr. till 600 e.Kr.\" tabindex=\"0\">antika<\/span> vittnesb\u00f6rdet om hur erinyerna uppfattades som f\u00f6rkroppsligandet av en f\u00f6rstatlig, automatisk vederg\u00e4llning.<\/p>\t\t\t\t\t\t\t\t<\/div>\n\t\t\t\t<\/div>\n\t\t\t\t\t<\/div>\n\t\t\t\t<\/div>\n\t\t<div class=\"elementor-element elementor-element-cp6f04794 e-flex e-con-boxed e-con e-parent\" data-id=\"cp6f04794\" data-element_type=\"container\" data-e-type=\"container\">\n\t\t\t\t\t<div class=\"e-con-inner\">\n\t\t\t\t<div class=\"elementor-element elementor-element-cp09010be elementor-widget elementor-widget-heading\" data-id=\"cp09010be\" data-element_type=\"widget\" data-e-type=\"widget\" data-widget_type=\"heading.default\">\n\t\t\t\t\t<h2 class=\"elementor-heading-title elementor-size-default\">Fr\u00e5n f\u00f6rbannelse till v\u00e4lsignelse: f\u00f6rvandlingen till eumeniderna<\/h2>\t\t\t\t<\/div>\n\t\t<div class=\"elementor-element elementor-element-cp089b896 e-con-full e-flex e-con e-child\" data-id=\"cp089b896\" data-element_type=\"container\" data-e-type=\"container\">\n\t\t\t\t<div class=\"elementor-element elementor-element-cpc197b86 elementor-widget elementor-widget-text-editor\" data-id=\"cpc197b86\" data-element_type=\"widget\" data-e-type=\"widget\" data-widget_type=\"text-editor.default\">\n\t\t\t\t\t\t\t\t\t<p>Det avg\u00f6rande skeendet i slutet av <em>Orestien<\/em> \u00e4r erinyernas f\u00f6rvandling till eumeniderna, de v\u00e4lvilliga. Den \u00e4r religionshistoriskt av stor betydelse, eftersom den visar hur en kultur kan infoga en hotfull makt i sin egen ordning i st\u00e4llet f\u00f6r att avskaffa den.<\/p><p>I <em>Eumeniderna<\/em> pr\u00f6vas Orestes fall inf\u00f6r en domstol p\u00e5 Areopagen i Aten, som gudinnan Athena inr\u00e4ttar.<\/p><p>Atens medborgare r\u00f6star som jurym\u00e4n, r\u00f6sterna blir lika, och Athena avg\u00f6r med sin r\u00f6st att Orestes frik\u00e4nns. D\u00e4rmed har f\u00f6r f\u00f6rsta g\u00e5ngen en ordnad domstol tr\u00e4tt in i st\u00e4llet f\u00f6r den \u00e4ndl\u00f6sa blodsh\u00e4mnden.<\/p><p>Erinyerna \u00e4r till att b\u00f6rja med f\u00f6rbittrade \u00f6ver domen. De ser sitt urgamla \u00e4mbete f\u00f6rringat och hotar att straffa landet med ofruktbarhet och sjukdom. Athena f\u00f6rhandlar med dem.<\/p><p>Hon erbjuder dem en fast kultplats i Aten, st\u00e4ndig hedersbevisning fr\u00e5n medborgarna och en ny, v\u00e4lsignelsebringande uppgift: de ska vaka \u00f6ver fruktbarhet, \u00e4ktenskaplig lycka och stadens v\u00e4lg\u00e5ng och forts\u00e4tta att straffa illg\u00e4rningsm\u00e4n, nu inom den statliga ordningen.<\/p><p>Erinyerna antar erbjudandet och drar i slutet av trilogin i h\u00f6gtidligt t\u00e5g till sitt <span class=\"iwg-fachbegriff\" data-tooltip=\"En helig plats vigd \u00e5t dyrkan av en gudom.\" tabindex=\"0\">helgedom<\/span>. Fr\u00e5n f\u00f6rf\u00f6ljande h\u00e4mndeandar har de blivit eumenider, som verkligen dyrkades genom en <span class=\"iwg-fachbegriff\" data-tooltip=\"Summan av de religi\u00f6sa v\u00f6rdnadshandlingar som \u00e4gnas en gudom eller helig gestalt.\" tabindex=\"0\">kult<\/span> i Aten och p\u00e5 andra platser.<\/p><p>Tragedin antyder d\u00e4rmed en verklig <span class=\"iwg-fachbegriff\" data-tooltip=\"Summan av de religi\u00f6sa v\u00f6rdnadshandlingar som \u00e4gnas en gudom eller helig gestalt.\" tabindex=\"0\">kult<\/span> och ger samtidigt en tolkning: den gamla vederg\u00e4llningsmakten bevaras, men g\u00f6rs tj\u00e4nande \u00e5t polis. V\u00e4sendenas dubbla namn, erinyer och eumenider, h\u00e5ller dessa tv\u00e5 sidor levande.<\/p>\t\t\t\t\t\t\t\t<\/div>\n\t\t\t\t<\/div>\n\t\t\t\t\t<\/div>\n\t\t\t\t<\/div>\n\t\t<div class=\"elementor-element elementor-element-cp91c4cbf e-flex e-con-boxed e-con e-parent\" data-id=\"cp91c4cbf\" data-element_type=\"container\" data-e-type=\"container\">\n\t\t\t\t\t<div class=\"e-con-inner\">\n\t\t\t\t<div class=\"elementor-element elementor-element-cp631815e elementor-widget elementor-widget-heading\" data-id=\"cp631815e\" data-element_type=\"widget\" data-e-type=\"widget\" data-widget_type=\"heading.default\">\n\t\t\t\t\t<h2 class=\"elementor-heading-title elementor-size-default\">Erinyernas ursprung, antal och namn<\/h2>\t\t\t\t<\/div>\n\t\t<div class=\"elementor-element elementor-element-cpb1f28f8 e-con-full e-flex e-con e-child\" data-id=\"cpb1f28f8\" data-element_type=\"container\" data-e-type=\"container\">\n\t\t\t\t<div class=\"elementor-element elementor-element-cp2460745 elementor-widget elementor-widget-text-editor\" data-id=\"cp2460745\" data-element_type=\"widget\" data-e-type=\"widget\" data-widget_type=\"text-editor.default\">\n\t\t\t\t\t\t\t\t\t<p>Om erinyernas h\u00e4rkomst ger de antika k\u00e4llorna flera, sinsemellan avvikande uppgifter.<\/p><p>Den mest inflytelserika versionen st\u00e5r hos Hesiod i <em>Theogonin<\/em>. D\u00e4r uppst\u00e5r erinyerna ur Uranos blod: n\u00e4r Kronos sn\u00f6per sin far Uranos och dropparna faller p\u00e5 jorden, Gaia, f\u00f6der jorden erinyerna, tillsammans med giganterna och nymferna.<\/p><p>Denna h\u00e4rkomst binder erinyerna fr\u00e5n b\u00f6rjan till ett sl\u00e4ktbrott, till sonens uppror mot fadern.<\/p><p>Andra traditioner n\u00e4mner natten, Nyx, som moder, vilket f\u00f6r erinyerna n\u00e4rmare de \u00f6vriga m\u00f6rka makterna, eller de h\u00e4rleder dem fr\u00e5n underjordens gudinnor. Denna m\u00e5ngfald \u00e4r typisk f\u00f6r grekiska genealogier och visar att erinyerna kunde tillskrivas olika tolkningslinjer.<\/p><p>\u00c4ven antalet erinyer var ursprungligen inte fastst\u00e4llt. I de \u00e4ldsta texterna, till exempel hos Homeros och Aischylos, upptr\u00e4der de som en obest\u00e4md m\u00e4ngd, som en skara.<\/p><p>F\u00f6rst den senare, framf\u00f6r allt hellenistiska och romerska traditionen fastst\u00e4llde deras antal till tre och gav dem namn: Alekto, den oavl\u00e5tliga, Tisiphone, mordd\u00e5ds-h\u00e4mnaren, och Megaira, den avundsjuka eller gr\u00e4lsjuka. I denna trefaldiga, namngivna form framtr\u00e4der de sedan hos romerska diktare som Vergilius.<\/p><p>Vanlig var ocks\u00e5 skygghet inf\u00f6r att n\u00e4mna erinyerna direkt vid namn. Man betecknade dem med f\u00f6rt\u00e4ckta, lugnande namn, just som eumenider, de v\u00e4lvilliga, eller som Semnai Theai, de v\u00f6rdnadsv\u00e4rda gudinnorna, ett namn under vilket de hade en <span class=\"iwg-fachbegriff\" data-tooltip=\"En helig plats vigd \u00e5t dyrkan av en gudom.\" tabindex=\"0\">helgedom<\/span> vid Areopagen i Aten.<\/p><p>Denna spr\u00e5kliga f\u00f6rsiktighet \u00e4r i sig ett vittnesb\u00f6rd om den fruktan som dessa v\u00e4sen inspirerade.<\/p>\t\t\t\t\t\t\t\t<\/div>\n\t\t\t\t<\/div>\n\t\t\t\t\t<\/div>\n\t\t\t\t<\/div>\n\t\t<div class=\"elementor-element elementor-element-36dd7469 e-flex e-con-boxed e-con e-parent\" data-id=\"36dd7469\" data-element_type=\"container\" data-e-type=\"container\">\n\t\t\t\t\t<div class=\"e-con-inner\">\n\t\t\t\t<div class=\"elementor-element elementor-element-13760ab4 elementor-widget elementor-widget-heading\" data-id=\"13760ab4\" data-element_type=\"widget\" data-e-type=\"widget\" data-widget_type=\"heading.default\">\n\t\t\t\t\t<div class=\"elementor-heading-title elementor-size-default\">Vidare l\u00e4nkar<\/div>\t\t\t\t<\/div>\n\t\t<div class=\"elementor-element elementor-element-28c87796 e-con-full e-flex e-con e-child\" data-id=\"28c87796\" data-element_type=\"container\" data-e-type=\"container\">\n\t\t\t\t<div class=\"elementor-element elementor-element-5d6538df elementor-widget elementor-widget-text-editor\" data-id=\"5d6538df\" data-element_type=\"widget\" data-e-type=\"widget\" data-widget_type=\"text-editor.default\">\n\t\t\t\t\t\t\t\t\t<p>Rekommenderade interna l\u00e4nkar:<\/p><ul><li><a href=\"https:\/\/iwell-guard.com\/sv\/grekland\/\">Grekland<\/a><\/li><li><a href=\"https:\/\/iwell-guard.com\/sv\/keres\/\">Keres<\/a> (n\u00e4ra besl\u00e4ktade)<\/li><li><a href=\"https:\/\/iwell-guard.com\/sv\/dirae\/\">Dirae<\/a> (romersk parallell, detaljsida kommer)<\/li><li><a href=\"https:\/\/iwell-guard.com\/sv\/gallu\/\">Gallu<\/a> (mesopotamisk parallell)<\/li><li>Reningsriter och Areopagens <span class=\"iwg-fachbegriff\" data-tooltip=\"Summan av de religi\u00f6sa v\u00f6rdnadshandlingar som \u00e4gnas en gudom eller helig gestalt.\" tabindex=\"0\">kult<\/span><\/li><\/ul>\t\t\t\t\t\t\t\t<\/div>\n\t\t\t\t<\/div>\n\t\t\t\t\t<\/div>\n\t\t\t\t<\/div>\n\t\t<div class=\"elementor-element elementor-element-grl4kl40 e-flex e-con-boxed e-con e-parent\" data-id=\"grl4kl40\" data-element_type=\"container\" data-e-type=\"container\">\n\t\t\t\t\t<div class=\"e-con-inner\">\n\t\t\t\t<div class=\"elementor-element elementor-element-bzsbfrmh elementor-widget elementor-widget-heading\" data-id=\"bzsbfrmh\" data-element_type=\"widget\" data-e-type=\"widget\" data-widget_type=\"heading.default\">\n\t\t\t\t\t<h2 class=\"elementor-heading-title elementor-size-default\">Forskningslitteratur<\/h2>\t\t\t\t<\/div>\n\t\t<div class=\"elementor-element elementor-element-2c13224a e-con-full e-flex e-con e-child\" data-id=\"2c13224a\" data-element_type=\"container\" data-e-type=\"container\">\n\t\t\t\t<div class=\"elementor-element elementor-element-0eymh9ub elementor-widget elementor-widget-text-editor\" data-id=\"0eymh9ub\" data-element_type=\"widget\" data-e-type=\"widget\" data-widget_type=\"text-editor.default\">\n\t\t\t\t\t\t\t\t\t<footer class=\"iwg-literatur\"><p>Ett urval av centrala arbeten om Erinyerna och den grekiska h\u00e4mnde-<span class=\"iwg-fachbegriff\" data-tooltip=\"Den vetenskapliga l\u00e4ran om Gud och om en religions tro.\" tabindex=\"0\">teologin<\/span>:<\/p><ul><li><span data-nosnippet>Zeitlin, Froma I.: <em>Playing the Other. Gender and Society in Classical Greek Literature<\/em>. Chicago 1996.<\/span><\/li><li><span data-nosnippet>Parker, Robert: <em><a href=\"https:\/\/archive.org\/details\/greekreligion0000burk\" target=\"_blank\" rel=\"noopener noreferrer\">Miasma. Pollution and Purification in Early Greek Religion<\/a><\/em>. Oxford 1983.<\/span><\/li><li><span data-nosnippet>Sommerstein, Alan: <em>Aeschylus: Eumenides<\/em>. Cambridge 1989 (kommentar).<\/span><\/li><li><span data-nosnippet>Lloyd-Jones, Hugh: <em>The Justice of Zeus<\/em>. Berkeley 1971.<\/span><\/li><\/ul><div data-nosnippet=\"true\" class=\"iwg-litliste\"><p><strong>Standardlitteratur (Grekland):<\/strong><\/p><ul><li><span data-nosnippet><strong>Bremmer, Jan N.<\/strong>: <em>Greek Religion. Cambridge University Press, Cambridge 1999.<\/em><\/span><\/li><li><span data-nosnippet><strong>Bonnefoy, Yves<\/strong>: <em>Greek and Egyptian Mythologies. University of Chicago Press, Chicago 1992.<\/em><\/span><\/li><\/ul><\/div><\/footer>\n<p class=\"iwg-bib-more\"><span data-nosnippet>Fler standardverk i <a href=\"https:\/\/iwell-guard.com\/sv\/litteratur\/\">litteraturf\u00f6rteckningen<\/a>.<\/span><\/p>\t\t\t\t\t\t\t\t<\/div>\n\t\t\t\t<\/div>\n\t\t\t\t\t<\/div>\n\t\t\t\t<\/div>\n\t\t<div class=\"elementor-element elementor-element-iwgca-erinyen-sec e-flex e-con-boxed e-con e-parent\" data-id=\"iwgca-erinyen-sec\" data-element_type=\"container\" data-e-type=\"container\" id=\"iwg-ca-erinyen\">\n\t\t\t\t\t<div class=\"e-con-inner\">\n\t\t\t\t<div class=\"elementor-element elementor-element-iwgca-erinyen-te iwg-ca-textwrap elementor-widget elementor-widget-text-editor\" data-id=\"iwgca-erinyen-te\" data-element_type=\"widget\" data-e-type=\"widget\" data-widget_type=\"text-editor.default\">\n\t\t\t\t\t\t\t\t\t<div data-nosnippet=\"true\"><p class=\"iwg-ca-bridge\">Den skyddspraktik som beskrivs h\u00e4r \u00e4r en religionsvetenskaplig tolkning av historiska traditioner. iWell Guard ansluter till denna kulturhistoriska linje av b\u00e4rbara skyddsobjekt och utg\u00f6r en samtida form av den. <a href=\"\/ueber-iwell-guard\/?utm_source=iwell-guard.com&#038;utm_medium=text-link&#038;utm_campaign=schadwesen-tradition\">Mer om iWell Guard \u2192<\/a><\/p><\/div>\t\t\t\t\t\t\t\t<\/div>\n\t\t\t\t\t<\/div>\n\t\t\t\t<\/div>\n\t\t\t\t<\/div>\n\t\t","protected":false},"excerpt":{"rendered":"","protected":false},"author":3,"featured_media":1682,"parent":0,"menu_order":0,"comment_status":"closed","ping_status":"closed","template":"elementor_header_footer","meta":{"_yoast_wpseo_focuskw":"Erinyerna H\u00e4mnargudinnorna","_yoast_wpseo_title":"Erinyerna - H\u00e4mnargudinnorna, blodsskuldens f\u00f6rf\u00f6ljare","_yoast_wpseo_metadesc":"Erinyerna, h\u00e4mnargudinnorna i grekisk mytologi. Blodsskuldens f\u00f6rf\u00f6ljare, med koppling till Aischylos Orestien och deras f\u00f6rvandling till Eumeniderna.","_yoast_wpseo_meta-robots-noindex":"","_yoast_wpseo_canonical":"","_angie_page":false,"gefaehrdungsstufe":"4","wesen_kultur":"griechenland","wesen_klasse":"geister","footnotes":""},"categories":[],"class_list":["post-136503","page","type-page","status-publish","has-post-thumbnail","hentry"],"yoast_head":"<!-- This site is optimized with the Yoast SEO Premium plugin v27.7 (Yoast SEO v28.3) - https:\/\/yoast.com\/product\/yoast-seo-premium-wordpress\/ -->\n<title>Erinyerna - H\u00e4mnargudinnorna, blodsskuldens f\u00f6rf\u00f6ljare<\/title>\n<meta name=\"description\" content=\"Erinyerna, h\u00e4mnargudinnorna i grekisk mytologi. Blodsskuldens f\u00f6rf\u00f6ljare, med koppling till Aischylos Orestien och deras f\u00f6rvandling till Eumeniderna.\" \/>\n<meta name=\"robots\" content=\"index, follow, max-snippet:-1, max-image-preview:large, max-video-preview:-1\" \/>\n<link rel=\"canonical\" href=\"https:\/\/iwell-guard.com\/sv\/erinyerna\/\" \/>\n<meta property=\"og:locale\" content=\"sv_SE\" \/>\n<meta property=\"og:type\" content=\"article\" \/>\n<meta property=\"og:title\" content=\"Erinyerna\" \/>\n<meta property=\"og:description\" content=\"Erinyerna, h\u00e4mnargudinnorna i grekisk mytologi. Blodsskuldens f\u00f6rf\u00f6ljare, med koppling till Aischylos Orestien och deras f\u00f6rvandling till Eumeniderna.\" \/>\n<meta property=\"og:url\" content=\"https:\/\/iwell-guard.com\/sv\/erinyerna\/\" \/>\n<meta property=\"og:site_name\" content=\"iWell Guard\" \/>\n<meta property=\"article:modified_time\" content=\"2026-09-03T01:04:30+00:00\" \/>\n<meta property=\"og:image\" content=\"https:\/\/iwell-guard.com\/wp-content\/uploads\/2026\/04\/geister_griechenland_erinyen.webp\" \/>\n\t<meta property=\"og:image:width\" content=\"1024\" \/>\n\t<meta property=\"og:image:height\" content=\"1536\" \/>\n\t<meta property=\"og:image:type\" content=\"image\/webp\" \/>\n<meta name=\"twitter:card\" content=\"summary_large_image\" \/>\n<script type=\"application\/ld+json\" class=\"yoast-schema-graph\">{\"@context\":\"https:\\\/\\\/schema.org\",\"@graph\":[{\"@type\":\"WebPage\",\"@id\":\"https:\\\/\\\/iwell-guard.com\\\/sv\\\/erinyerna\\\/\",\"url\":\"https:\\\/\\\/iwell-guard.com\\\/sv\\\/erinyerna\\\/\",\"name\":\"Erinyerna - H\u00e4mnargudinnorna, blodsskuldens f\u00f6rf\u00f6ljare\",\"isPartOf\":{\"@id\":\"https:\\\/\\\/iwell-guard.com\\\/sv\\\/#website\"},\"primaryImageOfPage\":{\"@id\":\"https:\\\/\\\/iwell-guard.com\\\/sv\\\/erinyerna\\\/#primaryimage\"},\"image\":{\"@id\":\"https:\\\/\\\/iwell-guard.com\\\/sv\\\/erinyerna\\\/#primaryimage\"},\"thumbnailUrl\":\"https:\\\/\\\/iwell-guard.com\\\/wp-content\\\/uploads\\\/2026\\\/04\\\/geister_griechenland_erinyen.webp\",\"datePublished\":\"2026-09-03T00:07:37+00:00\",\"dateModified\":\"2026-09-03T01:04:30+00:00\",\"description\":\"Erinyerna, h\u00e4mnargudinnorna i grekisk mytologi. Blodsskuldens f\u00f6rf\u00f6ljare, med koppling till Aischylos Orestien och deras f\u00f6rvandling till Eumeniderna.\",\"breadcrumb\":{\"@id\":\"https:\\\/\\\/iwell-guard.com\\\/sv\\\/erinyerna\\\/#breadcrumb\"},\"inLanguage\":\"sv-SE\",\"potentialAction\":[{\"@type\":\"ReadAction\",\"target\":[\"https:\\\/\\\/iwell-guard.com\\\/sv\\\/erinyerna\\\/\"]}]},{\"@type\":\"ImageObject\",\"inLanguage\":\"sv-SE\",\"@id\":\"https:\\\/\\\/iwell-guard.com\\\/sv\\\/erinyerna\\\/#primaryimage\",\"url\":\"https:\\\/\\\/iwell-guard.com\\\/wp-content\\\/uploads\\\/2026\\\/04\\\/geister_griechenland_erinyen.webp\",\"contentUrl\":\"https:\\\/\\\/iwell-guard.com\\\/wp-content\\\/uploads\\\/2026\\\/04\\\/geister_griechenland_erinyen.webp\",\"width\":1024,\"height\":1536,\"caption\":\"Andar fr\u00e5n den grekiska traditionen.\"},{\"@type\":\"BreadcrumbList\",\"@id\":\"https:\\\/\\\/iwell-guard.com\\\/sv\\\/erinyerna\\\/#breadcrumb\",\"itemListElement\":[{\"@type\":\"ListItem\",\"position\":1,\"name\":\"Start\",\"item\":\"https:\\\/\\\/iwell-guard.com\\\/sv\\\/?page_id=136483\"},{\"@type\":\"ListItem\",\"position\":2,\"name\":\"Erinyerna\"}]},{\"@type\":\"WebSite\",\"@id\":\"https:\\\/\\\/iwell-guard.com\\\/sv\\\/#website\",\"url\":\"https:\\\/\\\/iwell-guard.com\\\/sv\\\/\",\"name\":\"iWell Guard\",\"description\":\"Schutz vor dunklen Einfl\u00fcssen\",\"publisher\":{\"@id\":\"https:\\\/\\\/iwell-guard.com\\\/sv\\\/#organization\"},\"potentialAction\":[{\"@type\":\"SearchAction\",\"target\":{\"@type\":\"EntryPoint\",\"urlTemplate\":\"https:\\\/\\\/iwell-guard.com\\\/sv\\\/?s={search_term_string}\"},\"query-input\":{\"@type\":\"PropertyValueSpecification\",\"valueRequired\":true,\"valueName\":\"search_term_string\"}}],\"inLanguage\":\"sv-SE\"},{\"@type\":\"Organization\",\"@id\":\"https:\\\/\\\/iwell-guard.com\\\/sv\\\/#organization\",\"name\":\"Ittermann electronic GmbH\",\"url\":\"https:\\\/\\\/iwell-guard.com\\\/sv\\\/\",\"logo\":{\"@type\":\"ImageObject\",\"inLanguage\":\"sv-SE\",\"@id\":\"https:\\\/\\\/iwell-guard.com\\\/sv\\\/#\\\/schema\\\/logo\\\/image\\\/\",\"url\":\"https:\\\/\\\/iwell-guard.com\\\/wp-content\\\/uploads\\\/2026\\\/05\\\/Ittermann-Logo-1182x237-1.png\",\"contentUrl\":\"https:\\\/\\\/iwell-guard.com\\\/wp-content\\\/uploads\\\/2026\\\/05\\\/Ittermann-Logo-1182x237-1.png\",\"width\":1182,\"height\":237,\"caption\":\"Ittermann electronic GmbH\"},\"image\":{\"@id\":\"https:\\\/\\\/iwell-guard.com\\\/sv\\\/#\\\/schema\\\/logo\\\/image\\\/\"},\"sameAs\":[\"https:\\\/\\\/pantip.com\\\/profile\\\/9367242\",\"https:\\\/\\\/micro.blog\\\/iwellguard\",\"https:\\\/\\\/www.diggerslist.com\\\/iwellguard\\\/about\",\"https:\\\/\\\/skitterphoto.com\\\/photographers\\\/2870314\\\/iwell-guard\",\"https:\\\/\\\/iwellguard.wordpress.com\\\/2026\\\/06\\\/06\\\/iwell-guard\\\/\",\"https:\\\/\\\/hub.docker.com\\\/u\\\/iwellguard\",\"https:\\\/\\\/www.pinterest.com\\\/iwellguard\\\/\",\"https:\\\/\\\/bit.ly\\\/m\\\/iwellguard\",\"https:\\\/\\\/entre-vos-mains.alsace.eu\\\/profiles\\\/iwellguard\\\/activity\",\"https:\\\/\\\/gravatar.com\\\/reallybeded8fd34\",\"https:\\\/\\\/naijamatta.com\\\/iwellguard\",\"https:\\\/\\\/www.goodreads.com\\\/iwellguard\",\"https:\\\/\\\/profile.hatena.ne.jp\\\/iwellguard\\\/\",\"https:\\\/\\\/experiment.com\\\/users\\\/iwellguard\",\"https:\\\/\\\/wakelet.com\\\/@iWellGuard82270\",\"https:\\\/\\\/www.chordie.com\\\/forum\\\/profile.php?id=2555664\",\"https:\\\/\\\/www.instapaper.com\\\/p\\\/17757966\",\"https:\\\/\\\/www.mapleprimes.com\\\/users\\\/iwellguard\",\"https:\\\/\\\/businesslistingplus.com\\\/profile\\\/iwell-guard\\\/\",\"https:\\\/\\\/telegra.ph\\\/iWell-Guard-06-06\",\"https:\\\/\\\/pbase.com\\\/iwellguard\\\/iwellguard\",\"https:\\\/\\\/b.hatena.ne.jp\\\/iwellguard\\\/20260607#bookmark-4788405196491818882\",\"https:\\\/\\\/fliphtml5.com\\\/home\\\/iwellguard\",\"https:\\\/\\\/anyflip.com\\\/homepage\\\/cmiwl#About\",\"https:\\\/\\\/transfur.com\\\/Users\\\/iwellguard\",\"http:\\\/\\\/delphi.larsbo.org\\\/user\\\/iwellguard\",\"https:\\\/\\\/jobs.lajobsportal.org\\\/profiles\\\/8380803-iwell-guard\",\"https:\\\/\\\/md.chaosdorf.de\\\/s\\\/jfbe5SBdJD\",\"https:\\\/\\\/www.lingvolive.com\\\/en-us\\\/profile\\\/9ecaeaca-ce11-4e51-9e71-01d55e2bff36\\\/translations\",\"https:\\\/\\\/www.fitday.com\\\/fitness\\\/forums\\\/members\\\/iwellguard.html\",\"https:\\\/\\\/www.mymeetbook.com\\\/iwellguard\",\"https:\\\/\\\/pxhere.com\\\/en\\\/photographer-me\\\/5040798\",\"https:\\\/\\\/disqus.com\\\/by\\\/iwellguard\\\/about\\\/\",\"https:\\\/\\\/pastelink.net\\\/hjwciqwq\",\"https:\\\/\\\/pubhtml5.com\\\/homepage\\\/scjhn\\\/\",\"https:\\\/\\\/www.bitchute.com\\\/channel\\\/2O2eOKzNqujT\",\"https:\\\/\\\/audiomack.com\\\/iwellguard\"]},{\"@type\":\"Article\",\"@id\":\"https:\\\/\\\/iwell-guard.com\\\/sv\\\/erinyerna\\\/#article\",\"isPartOf\":{\"@id\":\"https:\\\/\\\/iwell-guard.com\\\/sv\\\/erinyerna\\\/\"},\"author\":{\"name\":\"Ralf Ittermann\",\"@id\":\"https:\\\/\\\/iwell-guard.com\\\/sv\\\/#\\\/schema\\\/person\\\/ee2a27f1cac3406c7c6fb5820cb7349f\"},\"headline\":\"Erinyerna\",\"datePublished\":\"2026-09-03T00:07:37+00:00\",\"dateModified\":\"2026-09-03T01:04:30+00:00\",\"mainEntityOfPage\":{\"@id\":\"https:\\\/\\\/iwell-guard.com\\\/sv\\\/erinyerna\\\/\"},\"publisher\":{\"@id\":\"https:\\\/\\\/iwell-guard.com\\\/sv\\\/#organization\"},\"image\":{\"@id\":\"https:\\\/\\\/iwell-guard.com\\\/sv\\\/erinyerna\\\/#primaryimage\"},\"thumbnailUrl\":\"https:\\\/\\\/iwell-guard.com\\\/wp-content\\\/uploads\\\/2026\\\/04\\\/geister_griechenland_erinyen.webp\",\"inLanguage\":\"sv-SE\",\"description\":\"Erinyerna, h\u00e4mnargudinnorna i grekisk mytologi. Blodsskuldens f\u00f6rf\u00f6ljare, med koppling till Aischylos Orestien och deras f\u00f6rvandling till Eumeniderna.\"}]}<\/script>\n<!-- \/ Yoast SEO Premium plugin. -->","yoast_head_json":{"title":"Erinyerna - H\u00e4mnargudinnorna, blodsskuldens f\u00f6rf\u00f6ljare","description":"Erinyerna, h\u00e4mnargudinnorna i grekisk mytologi. Blodsskuldens f\u00f6rf\u00f6ljare, med koppling till Aischylos Orestien och deras f\u00f6rvandling till Eumeniderna.","robots":{"index":"index","follow":"follow","max-snippet":"max-snippet:-1","max-image-preview":"max-image-preview:large","max-video-preview":"max-video-preview:-1"},"canonical":"https:\/\/iwell-guard.com\/sv\/erinyerna\/","og_locale":"sv_SE","og_type":"article","og_title":"Erinyerna","og_description":"Erinyerna, h\u00e4mnargudinnorna i grekisk mytologi. Blodsskuldens f\u00f6rf\u00f6ljare, med koppling till Aischylos Orestien och deras f\u00f6rvandling till Eumeniderna.","og_url":"https:\/\/iwell-guard.com\/sv\/erinyerna\/","og_site_name":"iWell Guard","article_modified_time":"2026-09-03T01:04:30+00:00","og_image":[{"width":1024,"height":1536,"url":"https:\/\/iwell-guard.com\/wp-content\/uploads\/2026\/04\/geister_griechenland_erinyen.webp","type":"image\/webp"}],"twitter_card":"summary_large_image","schema":{"@context":"https:\/\/schema.org","@graph":[{"@type":"Article","@id":"https:\/\/iwell-guard.com\/sv\/erinyerna\/#article","isPartOf":{"@id":"https:\/\/iwell-guard.com\/sv\/erinyerna\/"},"author":{"name":"Ralf Ittermann","@id":"https:\/\/iwell-guard.com\/sv\/#\/schema\/person\/ee2a27f1cac3406c7c6fb5820cb7349f"},"headline":"Erinyerna","datePublished":"2026-09-03T00:07:37+00:00","dateModified":"2026-09-03T01:04:30+00:00","mainEntityOfPage":{"@id":"https:\/\/iwell-guard.com\/sv\/erinyerna\/"},"publisher":{"@id":"https:\/\/iwell-guard.com\/sv\/#organization"},"image":{"@id":"https:\/\/iwell-guard.com\/sv\/erinyerna\/#primaryimage"},"thumbnailUrl":"https:\/\/iwell-guard.com\/wp-content\/uploads\/2026\/04\/geister_griechenland_erinyen.webp","inLanguage":"sv-SE","description":"Erinyerna, h\u00e4mnargudinnorna i grekisk mytologi. Blodsskuldens f\u00f6rf\u00f6ljare, med koppling till Aischylos Orestien och deras f\u00f6rvandling till Eumeniderna."},{"@type":"WebPage","@id":"https:\/\/iwell-guard.com\/sv\/erinyerna\/","url":"https:\/\/iwell-guard.com\/sv\/erinyerna\/","name":"Erinyerna - H\u00e4mnargudinnorna, blodsskuldens f\u00f6rf\u00f6ljare","isPartOf":{"@id":"https:\/\/iwell-guard.com\/sv\/#website"},"primaryImageOfPage":{"@id":"https:\/\/iwell-guard.com\/sv\/erinyerna\/#primaryimage"},"image":{"@id":"https:\/\/iwell-guard.com\/sv\/erinyerna\/#primaryimage"},"thumbnailUrl":"https:\/\/iwell-guard.com\/wp-content\/uploads\/2026\/04\/geister_griechenland_erinyen.webp","datePublished":"2026-09-03T00:07:37+00:00","dateModified":"2026-09-03T01:04:30+00:00","description":"Erinyerna, h\u00e4mnargudinnorna i grekisk mytologi. Blodsskuldens f\u00f6rf\u00f6ljare, med koppling till Aischylos Orestien och deras f\u00f6rvandling till Eumeniderna.","breadcrumb":{"@id":"https:\/\/iwell-guard.com\/sv\/erinyerna\/#breadcrumb"},"inLanguage":"sv-SE","potentialAction":[{"@type":"ReadAction","target":["https:\/\/iwell-guard.com\/sv\/erinyerna\/"]}]},{"@type":"ImageObject","inLanguage":"sv-SE","@id":"https:\/\/iwell-guard.com\/sv\/erinyerna\/#primaryimage","url":"https:\/\/iwell-guard.com\/wp-content\/uploads\/2026\/04\/geister_griechenland_erinyen.webp","contentUrl":"https:\/\/iwell-guard.com\/wp-content\/uploads\/2026\/04\/geister_griechenland_erinyen.webp","width":1024,"height":1536,"caption":"Andar fr\u00e5n den grekiska traditionen."},{"@type":"BreadcrumbList","@id":"https:\/\/iwell-guard.com\/sv\/erinyerna\/#breadcrumb","itemListElement":[{"@type":"ListItem","position":1,"name":"Start","item":"https:\/\/iwell-guard.com\/sv\/?page_id=136483"},{"@type":"ListItem","position":2,"name":"Erinyerna"}]},{"@type":"WebSite","@id":"https:\/\/iwell-guard.com\/sv\/#website","url":"https:\/\/iwell-guard.com\/sv\/","name":"iWell Guard","description":"Schutz vor dunklen Einfl\u00fcssen","publisher":{"@id":"https:\/\/iwell-guard.com\/sv\/#organization"},"potentialAction":[{"@type":"SearchAction","target":{"@type":"EntryPoint","urlTemplate":"https:\/\/iwell-guard.com\/sv\/?s={search_term_string}"},"query-input":{"@type":"PropertyValueSpecification","valueRequired":true,"valueName":"search_term_string"}}],"inLanguage":"sv-SE"},{"@type":"Organization","@id":"https:\/\/iwell-guard.com\/sv\/#organization","name":"Ittermann electronic GmbH","url":"https:\/\/iwell-guard.com\/sv\/","logo":{"@type":"ImageObject","inLanguage":"sv-SE","@id":"https:\/\/iwell-guard.com\/sv\/#\/schema\/logo\/image\/","url":"https:\/\/iwell-guard.com\/wp-content\/uploads\/2026\/05\/Ittermann-Logo-1182x237-1.png","contentUrl":"https:\/\/iwell-guard.com\/wp-content\/uploads\/2026\/05\/Ittermann-Logo-1182x237-1.png","width":1182,"height":237,"caption":"Ittermann electronic GmbH"},"image":{"@id":"https:\/\/iwell-guard.com\/sv\/#\/schema\/logo\/image\/"},"sameAs":["https:\/\/pantip.com\/profile\/9367242","https:\/\/micro.blog\/iwellguard","https:\/\/www.diggerslist.com\/iwellguard\/about","https:\/\/skitterphoto.com\/photographers\/2870314\/iwell-guard","https:\/\/iwellguard.wordpress.com\/2026\/06\/06\/iwell-guard\/","https:\/\/hub.docker.com\/u\/iwellguard","https:\/\/www.pinterest.com\/iwellguard\/","https:\/\/bit.ly\/m\/iwellguard","https:\/\/entre-vos-mains.alsace.eu\/profiles\/iwellguard\/activity","https:\/\/gravatar.com\/reallybeded8fd34","https:\/\/naijamatta.com\/iwellguard","https:\/\/www.goodreads.com\/iwellguard","https:\/\/profile.hatena.ne.jp\/iwellguard\/","https:\/\/experiment.com\/users\/iwellguard","https:\/\/wakelet.com\/@iWellGuard82270","https:\/\/www.chordie.com\/forum\/profile.php?id=2555664","https:\/\/www.instapaper.com\/p\/17757966","https:\/\/www.mapleprimes.com\/users\/iwellguard","https:\/\/businesslistingplus.com\/profile\/iwell-guard\/","https:\/\/telegra.ph\/iWell-Guard-06-06","https:\/\/pbase.com\/iwellguard\/iwellguard","https:\/\/b.hatena.ne.jp\/iwellguard\/20260607#bookmark-4788405196491818882","https:\/\/fliphtml5.com\/home\/iwellguard","https:\/\/anyflip.com\/homepage\/cmiwl#About","https:\/\/transfur.com\/Users\/iwellguard","http:\/\/delphi.larsbo.org\/user\/iwellguard","https:\/\/jobs.lajobsportal.org\/profiles\/8380803-iwell-guard","https:\/\/md.chaosdorf.de\/s\/jfbe5SBdJD","https:\/\/www.lingvolive.com\/en-us\/profile\/9ecaeaca-ce11-4e51-9e71-01d55e2bff36\/translations","https:\/\/www.fitday.com\/fitness\/forums\/members\/iwellguard.html","https:\/\/www.mymeetbook.com\/iwellguard","https:\/\/pxhere.com\/en\/photographer-me\/5040798","https:\/\/disqus.com\/by\/iwellguard\/about\/","https:\/\/pastelink.net\/hjwciqwq","https:\/\/pubhtml5.com\/homepage\/scjhn\/","https:\/\/www.bitchute.com\/channel\/2O2eOKzNqujT","https:\/\/audiomack.com\/iwellguard"]},{"@type":"Person","@id":"https:\/\/iwell-guard.com\/sv\/#\/schema\/person\/ee2a27f1cac3406c7c6fb5820cb7349f","name":"Ralf Ittermann","image":{"@type":"ImageObject","inLanguage":"sv-SE","@id":"https:\/\/secure.gravatar.com\/avatar\/073c0153e350a5005b68eb752b445fea71f6b24a26da9449ad7e155e6b446c9d?s=96&d=mm&r=g","url":"https:\/\/secure.gravatar.com\/avatar\/073c0153e350a5005b68eb752b445fea71f6b24a26da9449ad7e155e6b446c9d?s=96&d=mm&r=g","contentUrl":"https:\/\/secure.gravatar.com\/avatar\/073c0153e350a5005b68eb752b445fea71f6b24a26da9449ad7e155e6b446c9d?s=96&d=mm&r=g","caption":"Ralf Ittermann"},"givenName":"Ralf","familyName":"Ittermann","jobTitle":"Gesch\u00e4ftsf\u00fchrer und redaktioneller Verantwortlicher","url":"https:\/\/iwell-guard.com\/sv\/author\/claude\/","description":"Ralf Ittermann ist Gesch\u00e4ftsf\u00fchrer der Ittermann electronic GmbH und redaktioneller Verantwortlicher des iWell-Guard-Lexikons. Er verbindet langj\u00e4hrige Erfahrung in der Pr\u00e4zisionsfertigung mit medialer Praxis und religionsgeschichtlicher Quellenarbeit.","worksFor":{"@type":"Organization","name":"Ittermann electronic GmbH","url":"https:\/\/ittermann.de\/","address":{"@type":"PostalAddress","streetAddress":"K\u00f6hlergasse 16-18","postalCode":"99842","addressLocality":"Ruhla","addressCountry":"DE"}},"knowsAbout":["Religionsgeschichte","Mythologie","Mediale Praxis","Energetische Diagnostik","Schutzpraxis","Volksglauben","Westliche Esoterik"]},{"@type":"Article","@id":"https:\/\/iwell-guard.com\/sv\/erinyerna\/#article","isPartOf":{"@id":"https:\/\/iwell-guard.com\/sv\/erinyerna\/"},"author":{"name":"Ralf Ittermann","@id":"https:\/\/iwell-guard.com\/sv\/#\/schema\/person\/ee2a27f1cac3406c7c6fb5820cb7349f"},"headline":"Erinyerna","datePublished":"2026-09-03T00:07:37+00:00","dateModified":"2026-09-03T01:04:30+00:00","mainEntityOfPage":{"@id":"https:\/\/iwell-guard.com\/sv\/erinyerna\/"},"publisher":{"@id":"https:\/\/iwell-guard.com\/sv\/#organization"},"image":{"@id":"https:\/\/iwell-guard.com\/sv\/erinyerna\/#primaryimage"},"thumbnailUrl":"https:\/\/iwell-guard.com\/wp-content\/uploads\/2026\/04\/geister_griechenland_erinyen.webp","inLanguage":"sv-SE","description":"Erinyerna, h\u00e4mnargudinnorna i grekisk mytologi. Blodsskuldens f\u00f6rf\u00f6ljare, med koppling till Aischylos Orestien och deras f\u00f6rvandling till Eumeniderna."}]}},"_links":{"self":[{"href":"https:\/\/iwell-guard.com\/sv\/wp-json\/wp\/v2\/pages\/136503","targetHints":{"allow":["GET"]}}],"collection":[{"href":"https:\/\/iwell-guard.com\/sv\/wp-json\/wp\/v2\/pages"}],"about":[{"href":"https:\/\/iwell-guard.com\/sv\/wp-json\/wp\/v2\/types\/page"}],"author":[{"embeddable":true,"href":"https:\/\/iwell-guard.com\/sv\/wp-json\/wp\/v2\/users\/3"}],"replies":[{"embeddable":true,"href":"https:\/\/iwell-guard.com\/sv\/wp-json\/wp\/v2\/comments?post=136503"}],"version-history":[{"count":0,"href":"https:\/\/iwell-guard.com\/sv\/wp-json\/wp\/v2\/pages\/136503\/revisions"}],"wp:featuredmedia":[{"embeddable":true,"href":"https:\/\/iwell-guard.com\/sv\/wp-json\/wp\/v2\/media\/1682"}],"wp:attachment":[{"href":"https:\/\/iwell-guard.com\/sv\/wp-json\/wp\/v2\/media?parent=136503"}],"wp:term":[{"taxonomy":"category","embeddable":true,"href":"https:\/\/iwell-guard.com\/sv\/wp-json\/wp\/v2\/categories?post=136503"}],"curies":[{"name":"wp","href":"https:\/\/api.w.org\/{rel}","templated":true}]}}