{"id":136502,"date":"2026-09-03T00:07:35","date_gmt":"2026-09-03T00:07:35","guid":{"rendered":"https:\/\/iwell-guard.com\/?page_id=136502"},"modified":"2026-09-03T01:04:26","modified_gmt":"2026-09-03T01:04:26","slug":"keres","status":"publish","type":"page","link":"https:\/\/iwell-guard.com\/sv\/keres\/","title":{"rendered":"Keres"},"content":{"rendered":"\t\t<div data-elementor-type=\"wp-page\" data-elementor-id=\"136502\" class=\"elementor elementor-136502 elementor-841\" data-elementor-post-type=\"page\">\n\t\t\t\t<div class=\"elementor-element elementor-element-10fdade e-flex e-con-boxed e-con e-parent\" data-id=\"10fdade\" data-element_type=\"container\" data-e-type=\"container\" data-settings=\"{&quot;background_background&quot;:&quot;classic&quot;}\">\n\t\t\t\t\t<div class=\"e-con-inner\">\n\t\t<div class=\"elementor-element elementor-element-herohlft0 e-flex e-con-boxed e-con e-child\" data-id=\"herohlft0\" data-element_type=\"container\" data-e-type=\"container\">\n\t\t\t\t\t<div class=\"e-con-inner\">\n\t\t<div class=\"elementor-element elementor-element-c3ceb64 e-con-full e-flex e-con e-child\" data-id=\"c3ceb64\" data-element_type=\"container\" data-e-type=\"container\">\n\t\t\t\t<div class=\"elementor-element elementor-element-96ae5e1 elementor-widget elementor-widget-heading\" data-id=\"96ae5e1\" data-element_type=\"widget\" data-e-type=\"widget\" data-widget_type=\"heading.default\">\n\t\t\t\t\t<h1 class=\"elementor-heading-title elementor-size-default\">Keres, ande i den grekiska traditionen<\/h1>\t\t\t\t<\/div>\n\t\t\t\t<div class=\"elementor-element elementor-element-e45238a elementor-widget elementor-widget-text-editor\" data-id=\"e45238a\" data-element_type=\"widget\" data-e-type=\"widget\" data-widget_type=\"text-editor.default\">\n\t\t\t\t\t\t\t\t\t<p>Keres \u00e4r <span class=\"iwg-fachbegriff\" data-tooltip=\"En kroppsl\u00f6s varelse som tillskrivs verkan i v\u00e4rlden.\" tabindex=\"0\">ande<\/span> i den grekiska traditionen.<\/p><p><strong>Demoner p\u00e5 slagf\u00e4ltet, d\u00f6dsbud i den grekiska <span class=\"iwg-fachbegriff\" data-tooltip=\"Helheten av en kulturs \u00f6verl\u00e4mnade gudaber\u00e4ttelser.\" tabindex=\"0\">mytologin<\/span>.<\/strong><\/p>\n<h2 id=\"dif-keres\">Keres p\u00e5 Hesiods slagf\u00e4lt<\/h2>\n<p>Keres \u00e4r <strong>slagf\u00e4ltsdemoner<\/strong> i den grekiska <span class=\"iwg-fachbegriff\" data-tooltip=\"Helheten av en kulturs \u00f6verl\u00e4mnade gudaber\u00e4ttelser.\" tabindex=\"0\">mytologin<\/span>, som enligt Hesiod (Herakles sk\u00f6ld 248-257; Theogonin 211) h\u00e4rstammar tillsammans med Thanatos och Hypnos fr\u00e5n Nyx-familjen. De \u00e4r <strong>svarta, med l\u00e5nga klor och huggt\u00e4nder, blodfl\u00e4ckade kl\u00e4der<\/strong>, sv\u00e4var \u00f6ver slagf\u00e4lten och river ut sj\u00e4larna fr\u00e5n d\u00f6ende krigare.<\/p><p>Till skillnad fr\u00e5n erinyerna f\u00f6rf\u00f6ljer de inga moraliskt-juridiska f\u00f6rbrytelser, utan f\u00f6rkroppsligar krigets <strong>statistiska v\u00e5ld<\/strong>. I <em>Herakles sk\u00f6ld<\/em> sl\u00e5ss de om lik som asf\u00e5glar.<\/p><p>I <strong>Pandora-ber\u00e4ttelsen<\/strong> flyr Keres ut ur den ask som Pandora \u00f6ppnat, som sjukdoms- och ondskeandar tillsammans med m\u00f6da, bekymmer och sjukdomar. Pausanias ber\u00e4ttar om tempelbilder som visar Keres som magra, sv\u00e4ltande nattgestalter. Besl\u00e4ktade gestalter: Moirerna (\u00f6desspinnerskorna), Eris (tvedr\u00e4kt), Achlys (d\u00f6dsdimma).<\/p>\n\t\t\t\t\t\t\t\t<\/div>\n\t\t\t\t<\/div>\n\t\t<div class=\"elementor-element elementor-element-klsbdg01 e-con-full e-flex e-con e-parent\" data-id=\"klsbdg01\" data-element_type=\"container\" data-e-type=\"container\">\n\t\t\t\t<div class=\"elementor-element elementor-element-klshtm01 elementor-widget elementor-widget-html\" data-id=\"klshtm01\" data-element_type=\"widget\" data-e-type=\"widget\" data-widget_type=\"html.default\">\n\t\t\t\t\t<div class=\"iwg-pill-row\"><span class=\"iwg-klasse-badge\" tabindex=\"0\" data-tooltip=\"Ande: Kroppsl\u00f6s eller halvkroppslig varelse, avlidna, naturv\u00e4sen, husandar eller tr\u00f6skelv\u00e4ktare. Verkar i vardagslivet, ofta bunden till platser eller familjer.\">Ande<\/span><a href=\"https:\/\/iwell-guard.com\/sv\/grekland\/\" class=\"iwg-kultur-badge\" tabindex=\"0\" data-tooltip=\"Religion och mytologi i det antika Grekland fr\u00e5n mykensk tid till senantiken.\">Grekland<\/a><a href=\"https:\/\/iwell-guard.com\/sv\/dodsandar\/\" class=\"iwg-tradition-badge\" tabindex=\"0\" data-tooltip=\"Avlidna vars andar forts\u00e4tter verka i den h\u00e4r v\u00e4rlden, husandar, f\u00f6rf\u00e4der, oroliga d\u00f6da.\">D\u00f6dsande<\/a><\/div>\t\t\t\t<\/div>\n\t\t\t\t<\/div>\n\t\t<div class=\"elementor-element elementor-element-3f74855 e-con-full e-flex e-con e-child\" data-id=\"3f74855\" data-element_type=\"container\" data-e-type=\"container\">\n\t\t\t\t<div class=\"elementor-element elementor-element-1c30362 elementor-toc--minimized-on-tablet elementor-widget elementor-widget-table-of-contents\" data-id=\"1c30362\" data-element_type=\"widget\" data-e-type=\"widget\" data-settings=\"{&quot;exclude_headings_by_selector&quot;:[],&quot;no_headings_message&quot;:&quot;Inga rubriker hittades p\\u00e5 den h\\u00e4r sidan.&quot;,&quot;headings_by_tags&quot;:[&quot;h2&quot;,&quot;h3&quot;],&quot;marker_view&quot;:&quot;bullets&quot;,&quot;icon&quot;:{&quot;value&quot;:&quot;fas fa-circle&quot;,&quot;library&quot;:&quot;fa-solid&quot;,&quot;rendered_tag&quot;:&quot;&lt;svg class=\\&quot;e-font-icon-svg e-fas-circle\\&quot; viewBox=\\&quot;0 0 512 512\\&quot; xmlns=\\&quot;http:\\\/\\\/www.w3.org\\\/2000\\\/svg\\&quot;&gt;&lt;path d=\\&quot;M256 8C119 8 8 119 8 256s111 248 248 248 248-111 248-248S393 8 256 8z\\&quot;&gt;&lt;\\\/path&gt;&lt;\\\/svg&gt;&quot;},&quot;minimize_box&quot;:&quot;yes&quot;,&quot;minimized_on&quot;:&quot;tablet&quot;,&quot;hierarchical_view&quot;:&quot;yes&quot;,&quot;min_height&quot;:{&quot;unit&quot;:&quot;px&quot;,&quot;size&quot;:&quot;&quot;,&quot;sizes&quot;:[]},&quot;min_height_tablet&quot;:{&quot;unit&quot;:&quot;px&quot;,&quot;size&quot;:&quot;&quot;,&quot;sizes&quot;:[]},&quot;min_height_mobile&quot;:{&quot;unit&quot;:&quot;px&quot;,&quot;size&quot;:&quot;&quot;,&quot;sizes&quot;:[]}}\" data-widget_type=\"table-of-contents.default\">\n\t\t\t\t\t\t\t\t\t<div class=\"elementor-toc__header\">\n\t\t\t\t\t\t<h2 class=\"elementor-toc__header-title\">\n\t\t\t\tInneh\u00e5llsf\u00f6rteckning\t\t\t<\/h2>\n\t\t\t\t\t\t\t\t\t\t<div class=\"elementor-toc__toggle-button elementor-toc__toggle-button--expand\" role=\"button\" tabindex=\"0\" aria-controls=\"elementor-toc__1c30362\" aria-expanded=\"true\" aria-label=\"\u00d6ppna inneh\u00e5llsf\u00f6rteckning\"><svg aria-hidden=\"true\" class=\"e-font-icon-svg e-fas-chevron-down\" viewBox=\"0 0 448 512\" xmlns=\"http:\/\/www.w3.org\/2000\/svg\"><path d=\"M207.029 381.476L12.686 187.132c-9.373-9.373-9.373-24.569 0-33.941l22.667-22.667c9.357-9.357 24.522-9.375 33.901-.04L224 284.505l154.745-154.021c9.379-9.335 24.544-9.317 33.901.04l22.667 22.667c9.373 9.373 9.373 24.569 0 33.941L240.971 381.476c-9.373 9.372-24.569 9.372-33.942 0z\"><\/path><\/svg><\/div>\n\t\t\t\t<div class=\"elementor-toc__toggle-button elementor-toc__toggle-button--collapse\" role=\"button\" tabindex=\"0\" aria-controls=\"elementor-toc__1c30362\" aria-expanded=\"true\" aria-label=\"St\u00e4ng inneh\u00e5llsf\u00f6rteckning\"><svg aria-hidden=\"true\" class=\"e-font-icon-svg e-fas-chevron-up\" viewBox=\"0 0 448 512\" xmlns=\"http:\/\/www.w3.org\/2000\/svg\"><path d=\"M240.971 130.524l194.343 194.343c9.373 9.373 9.373 24.569 0 33.941l-22.667 22.667c-9.357 9.357-24.522 9.375-33.901.04L224 227.495 69.255 381.516c-9.379 9.335-24.544 9.317-33.901-.04l-22.667-22.667c-9.373-9.373-9.373-24.569 0-33.941L207.03 130.525c9.372-9.373 24.568-9.373 33.941-.001z\"><\/path><\/svg><\/div>\n\t\t\t\t\t<\/div>\n\t\t\t\t<div id=\"elementor-toc__1c30362\" class=\"elementor-toc__body\">\n\t\t\t<div class=\"elementor-toc__spinner-container\">\n\t\t\t\t<svg class=\"elementor-toc__spinner eicon-animation-spin e-font-icon-svg e-eicon-loading\" aria-hidden=\"true\" viewBox=\"0 0 1000 1000\" xmlns=\"http:\/\/www.w3.org\/2000\/svg\"><path d=\"M500 975V858C696 858 858 696 858 500S696 142 500 142 142 304 142 500H25C25 237 238 25 500 25S975 237 975 500 763 975 500 975Z\"><\/path><\/svg>\t\t\t<\/div>\n\t\t<\/div>\n\t\t\t\t\t\t<\/div>\n\t\t\t\t<\/div>\n\t\t\t\t\t<\/div>\n\t\t\t\t<\/div>\n\t\t<div class=\"elementor-element elementor-element-herorght0 e-con-full e-flex e-con e-child\" data-id=\"herorght0\" data-element_type=\"container\" data-e-type=\"container\">\n\t\t\t\t<div class=\"elementor-element elementor-element-heroimg00 iwg-hero-image elementor-widget elementor-widget-image\" data-id=\"heroimg00\" data-element_type=\"widget\" data-e-type=\"widget\" data-widget_type=\"image.default\">\n\t\t\t\t\t\t\t\t\t\t\t\t\t\t\t<img fetchpriority=\"high\" decoding=\"async\" width=\"683\" height=\"1024\" src=\"https:\/\/iwell-guard.com\/wp-content\/uploads\/2026\/04\/geister_griechenland_keres-683x1024.webp\" class=\"attachment-large size-large wp-image-136305\" alt=\"Keres - andar fr\u00e5n den grekiska traditionen, historiskt-illustrativ\" srcset=\"https:\/\/iwell-guard.com\/wp-content\/uploads\/2026\/04\/geister_griechenland_keres-683x1024.webp 683w, https:\/\/iwell-guard.com\/wp-content\/uploads\/2026\/04\/geister_griechenland_keres-200x300.webp 200w, https:\/\/iwell-guard.com\/wp-content\/uploads\/2026\/04\/geister_griechenland_keres-768x1152.webp 768w, https:\/\/iwell-guard.com\/wp-content\/uploads\/2026\/04\/geister_griechenland_keres.webp 1024w\" sizes=\"(max-width: 683px) 100vw, 683px\" \/>\t\t\t\t\t\t\t\t\t\t\t\t\t\t\t<\/div>\n\t\t\t\t<\/div>\n\t\t\t\t\t<\/div>\n\t\t\t\t<\/div>\n\t\t<div class=\"elementor-element elementor-element-32917199 e-flex e-con-boxed e-con e-parent\" data-id=\"32917199\" data-element_type=\"container\" data-e-type=\"container\">\n\t\t\t\t\t<div class=\"e-con-inner\">\n\t\t<div class=\"elementor-element elementor-element-26e916cb e-flex e-con-boxed e-con e-child\" data-id=\"26e916cb\" data-element_type=\"container\" data-e-type=\"container\">\n\t\t\t\t\t<div class=\"e-con-inner\">\n\t\t<div class=\"elementor-element elementor-element-253a40d4 e-flex e-con-boxed e-con e-child\" data-id=\"253a40d4\" data-element_type=\"container\" data-e-type=\"container\">\n\t\t\t\t\t<div class=\"e-con-inner\">\n\t\t\t\t<div class=\"elementor-element elementor-element-1200c304 elementor-widget elementor-widget-heading\" data-id=\"1200c304\" data-element_type=\"widget\" data-e-type=\"widget\" data-widget_type=\"heading.default\">\n\t\t\t\t\t<div class=\"elementor-heading-title elementor-size-default\">Keres<\/div>\t\t\t\t<\/div>\n\t\t\t\t<div class=\"elementor-element elementor-element-11758e7f elementor-widget elementor-widget-text-editor\" data-id=\"11758e7f\" data-element_type=\"widget\" data-e-type=\"widget\" data-widget_type=\"text-editor.default\">\n\t\t\t\t\t\t\t\t\t<p>Keres \u00e4r d\u00f6dsdemonerna i den grekiska traditionen. De upptr\u00e4der oftast i grupp, framtr\u00e4der \u00f6ver slagf\u00e4lten och h\u00e4mtar de d\u00f6endes sj\u00e4lar. Redan Homeros beskriver dem i Iliaden, och Hesiod fastst\u00e4ller deras <span class=\"iwg-fachbegriff\" data-tooltip=\"L\u00e4ran om bildinneh\u00e5ll och deras betydelse.\" tabindex=\"0\">ikonografi<\/span>. Till skillnad fr\u00e5n enskilt namngivna gestalter \u00e4r Keres till stor del anonyma, en klass snarare \u00e4n en varelse.<\/p><p>Typiskt \u00e4r deras framtr\u00e4dande d\u00e4r d\u00f6den sker pl\u00f6tsligt och v\u00e5ldsamt: i krig, vid farsoter, vid tragiska olyckor. De personifierar sj\u00e4lva det v\u00e5ldsamma d\u00f6den, och deras antal och gestalt f\u00f6r\u00e4ndras d\u00e4refter. I den senantika mottagningen n\u00e4rmar de sig erinyerna, och n\u00e5gra f\u00f6rfattare anv\u00e4nder begreppen synonymt.<\/p><div><p><strong>Keres i den homeriska <span class=\"iwg-fachbegriff\" data-tooltip=\"F\u00f6rest\u00e4llningen om v\u00e4rldens uppbyggnad och ordning inom en kultur.\" tabindex=\"0\">kosmologin<\/span><\/strong><\/p><p>I Homeros <em>Iliaden<\/em> 18.535 beskrivs Keres som demoniska varelser som sv\u00e4var \u00f6ver slagf\u00e4lten och r\u00f6var bort de d\u00f6dligas liv. De \u00e4r inga gudomligheter med egen <span class=\"iwg-fachbegriff\" data-tooltip=\"Helheten av de religi\u00f6sa v\u00f6rdnadshandlingarna f\u00f6r en gudomlighet eller helig gestalt.\" tabindex=\"0\">kult<\/span>, utan instrumentella krafter, personifierade tendenser till d\u00f6d och f\u00f6rd\u00e4rv. Homeros n\u00e4mner dem alltid kollektivt, aldrig i singular: de agerar som en sv\u00e4rm, och deras n\u00e4rvaro inneb\u00e4r omedelbar d\u00f6dsfara.<\/p><p>Hesiods <em>Verk och dagar<\/em> och <em>Theogonin<\/em> placerar dem som Nattens d\u00f6ttrar, besl\u00e4ktade med Ker (d\u00f6dsfunktionen i singular). I denna tidiga epik saknar de \u00e4nnu fast gestalt, mer abstraktion \u00e4n framtr\u00e4dande. Deras funktion \u00e4r kosmiskt n\u00f6dv\u00e4ndig: de f\u00f6rkroppsligar gr\u00e4nsen mellan liv och d\u00f6d.<\/p><\/div>\t\t\t\t\t\t\t\t<\/div>\n\t\t\t\t\t<\/div>\n\t\t\t\t<\/div>\n\t\t<div class=\"elementor-element elementor-element-159dcf9a e-flex e-con-boxed e-con e-child\" data-id=\"159dcf9a\" data-element_type=\"container\" data-e-type=\"container\">\n\t\t\t\t\t<div class=\"e-con-inner\">\n\t\t\t\t<div class=\"elementor-element elementor-element-48cee66f elementor-widget elementor-widget-heading\" data-id=\"48cee66f\" data-element_type=\"widget\" data-e-type=\"widget\" data-widget_type=\"heading.default\">\n\t\t\t\t\t<h2 class=\"elementor-heading-title elementor-size-default\">Kortprofil: Keres<\/h2>\t\t\t\t<\/div>\n\t\t\t\t<div class=\"elementor-element elementor-element-3f50d82c elementor-widget elementor-widget-text-editor\" data-id=\"3f50d82c\" data-element_type=\"widget\" data-e-type=\"widget\" data-widget_type=\"text-editor.default\">\n\t\t\t\t\t\t\t\t\t<p><strong>Typ:<\/strong> D\u00f6dsdemoner, sj\u00e4lsamlare<br>Ursprung: Nyx (Natten), Hesiod; eller fr\u00e5n skapelsens urtid<br>Texter: Homeros, Hesiod, vasm\u00e5leri<br>Tidsperiod: Arkaisk tid till <span class=\"iwg-fachbegriff\" data-tooltip=\"\u00d6verg\u00e5ngsepok mellan antiken och medeltiden, ungef\u00e4r 3:e till 7:e \u00e5rhundradet.\" tabindex=\"0\">senantiken<\/span><br>Utbredning: Grekiska kulturomr\u00e5det<br>Skydd: Begravningsriter; ingen specifik skyddsmagi, eftersom Keres framtr\u00e4der d\u00e4r d\u00f6den redan \u00e4r ett faktum<\/p>\t\t\t\t\t\t\t\t<\/div>\n\t\t\t\t\t<\/div>\n\t\t\t\t<\/div>\n\t\t\t\t\t<\/div>\n\t\t\t\t<\/div>\n\t\t\t\t\t<\/div>\n\t\t\t\t<\/div>\n\t\t<div class=\"elementor-element elementor-element-18613602 e-flex e-con-boxed e-con e-parent\" data-id=\"18613602\" data-element_type=\"container\" data-e-type=\"container\">\n\t\t\t\t\t<div class=\"e-con-inner\">\n\t\t\t\t<div class=\"elementor-element elementor-element-262b8a9f elementor-widget elementor-widget-heading\" data-id=\"262b8a9f\" data-element_type=\"widget\" data-e-type=\"widget\" data-widget_type=\"heading.default\">\n\t\t\t\t\t<h2 class=\"elementor-heading-title elementor-size-default\">Kontext<\/h2>\t\t\t\t<\/div>\n\t\t<div class=\"elementor-element elementor-element-46dcb7d e-con-full e-flex e-con e-child\" data-id=\"46dcb7d\" data-element_type=\"container\" data-e-type=\"container\">\n\t\t<div class=\"elementor-element elementor-element-61d3ab3 e-flex e-con-boxed e-con e-child\" data-id=\"61d3ab3\" data-element_type=\"container\" data-e-type=\"container\">\n\t\t\t\t\t<div class=\"e-con-inner\">\n\t\t\t\t<div class=\"elementor-element elementor-element-117c166 elementor-widget elementor-widget-heading\" data-id=\"117c166\" data-element_type=\"widget\" data-e-type=\"widget\" data-widget_type=\"heading.default\">\n\t\t\t\t\t<div class=\"elementor-heading-title elementor-size-default\">Texternas tidsperiod<\/div>\t\t\t\t<\/div>\n\t\t\t\t<div class=\"elementor-element elementor-element-73997a0 elementor-widget elementor-widget-text-editor\" data-id=\"73997a0\" data-element_type=\"widget\" data-e-type=\"widget\" data-widget_type=\"text-editor.default\">\n\t\t\t\t\t\t\t\t\t<p>F\u00f6rsta omn\u00e4mnandet hos Homeros (Iliaden). Hesiod (Theogonin, Herakles sk\u00f6ld) utvecklar deras <span class=\"iwg-fachbegriff\" data-tooltip=\"L\u00e4ran om bildinneh\u00e5ll och deras betydelse.\" tabindex=\"0\">ikonografi<\/span>. Trag\u00f6derna anv\u00e4nder dem som bildliga d\u00f6dsmetaforer. Under den senklassiska och hellenistiska tiden n\u00e4rmar de sig erinyerna i litteraturen.<\/p>\t\t\t\t\t\t\t\t<\/div>\n\t\t\t\t\t<\/div>\n\t\t\t\t<\/div>\n\t\t<div class=\"elementor-element elementor-element-d47b156 e-flex e-con-boxed e-con e-child\" data-id=\"d47b156\" data-element_type=\"container\" data-e-type=\"container\">\n\t\t\t\t\t<div class=\"e-con-inner\">\n\t\t\t\t<div class=\"elementor-element elementor-element-ff38c2b elementor-widget elementor-widget-heading\" data-id=\"ff38c2b\" data-element_type=\"widget\" data-e-type=\"widget\" data-widget_type=\"heading.default\">\n\t\t\t\t\t<div class=\"elementor-heading-title elementor-size-default\">Utbredningsomr\u00e5de<\/div>\t\t\t\t<\/div>\n\t\t\t\t<div class=\"elementor-element elementor-element-4e49fcc elementor-widget elementor-widget-text-editor\" data-id=\"4e49fcc\" data-element_type=\"widget\" data-e-type=\"widget\" data-widget_type=\"text-editor.default\">\n\t\t\t\t\t\t\t\t\t<p>Det grekiska k\u00e4rnomr\u00e5det. Ingen egen vandringshistoria, <span class=\"iwg-fachbegriff\" data-tooltip=\"Ett \u00e5terkommande inneh\u00e5llselement i konst eller ber\u00e4ttelse.\" tabindex=\"0\">motivet<\/span> f\u00f6rblir bundet till den homeriskt-hesiodiska <span class=\"iwg-fachbegriff\" data-tooltip=\"\u00d6verf\u00f6ringen av kunskap och ber\u00e4ttelser genom generationer.\" tabindex=\"0\">traditionen<\/span>, men verkar vidare motivm\u00e4ssigt \u00e4nda in i romersk och bysantinsk litteratur.<\/p>\t\t\t\t\t\t\t\t<\/div>\n\t\t\t\t\t<\/div>\n\t\t\t\t<\/div>\n\t\t\t\t<\/div>\n\t\t<div class=\"elementor-element elementor-element-db03c39 e-con-full e-flex e-con e-child\" data-id=\"db03c39\" data-element_type=\"container\" data-e-type=\"container\">\n\t\t<div class=\"elementor-element elementor-element-229a87b e-flex e-con-boxed e-con e-child\" data-id=\"229a87b\" data-element_type=\"container\" data-e-type=\"container\">\n\t\t\t\t\t<div class=\"e-con-inner\">\n\t\t\t\t<div class=\"elementor-element elementor-element-1f471fc elementor-widget elementor-widget-heading\" data-id=\"1f471fc\" data-element_type=\"widget\" data-e-type=\"widget\" data-widget_type=\"heading.default\">\n\t\t\t\t\t<div class=\"elementor-heading-title elementor-size-default\">K\u00e4ll\u00e4ge<\/div>\t\t\t\t<\/div>\n\t\t\t\t<div class=\"elementor-element elementor-element-36b1201 elementor-widget elementor-widget-text-editor\" data-id=\"36b1201\" data-element_type=\"widget\" data-e-type=\"widget\" data-widget_type=\"text-editor.default\">\n\t\t\t\t\t\t\t\t\t<p>Episk och tragisk litteratur; beskrivningar i Hesiods &#8221;Herakles sk\u00f6ld&#8221;; ikonografiskt i vasm\u00e5leri. Till skillnad fr\u00e5n Lamia eller Empusa saknas en folkmagisk amulettkultur mot dem.<\/p>\t\t\t\t\t\t\t\t<\/div>\n\t\t\t\t\t<\/div>\n\t\t\t\t<\/div>\n\t\t\t\t<\/div>\n\t\t\t\t\t<\/div>\n\t\t\t\t<\/div>\n\t\t<div class=\"elementor-element elementor-element-3ae0637c e-flex e-con-boxed e-con e-parent\" data-id=\"3ae0637c\" data-element_type=\"container\" data-e-type=\"container\">\n\t\t\t\t\t<div class=\"e-con-inner\">\n\t\t\t\t<div class=\"elementor-element elementor-element-31d07739 elementor-widget elementor-widget-heading\" data-id=\"31d07739\" data-element_type=\"widget\" data-e-type=\"widget\" data-widget_type=\"heading.default\">\n\t\t\t\t\t<h2 class=\"elementor-heading-title elementor-size-default\">Namn och varianter<\/h2>\t\t\t\t<\/div>\n\t\t<div class=\"elementor-element elementor-element-b7642947 e-con-full e-flex e-con e-child\" data-id=\"b7642947\" data-element_type=\"container\" data-e-type=\"container\">\n\t\t\t\t<div class=\"elementor-element elementor-element-a086266 elementor-widget elementor-widget-text-editor\" data-id=\"a086266\" data-element_type=\"widget\" data-e-type=\"widget\" data-widget_type=\"text-editor.default\">\n\t\t\t\t\t\t\t\t\t<p><strong>Grekiska:<\/strong> <em>\u039a\u03ae\u03c1<\/em> (Ker, singular), <em>\u039a\u1fc6\u03c1\u03b5\u03c2<\/em> (Keres, plural).<br>Etymologi: f\u00f6rknippas med begrepp f\u00f6r &#8221;f\u00f6rd\u00e4rv&#8221;, &#8221;\u00f6desslag&#8221;.<\/p><p>Under <span class=\"iwg-fachbegriff\" data-tooltip=\"Epok av grekisk och romersk kultur, ungef\u00e4r 800 f.Kr. till 600 e.Kr.\" tabindex=\"0\">antiken<\/span> varierar antalet. Hos Hesiod \u00e4r de or\u00e4kneliga och formbara; trag\u00f6derna anv\u00e4nder &#8221;Ker&#8221; \u00e4ven metaforiskt f\u00f6r d\u00f6den sj\u00e4lv. Det finns ingen enskild person med namn och biografi, Keres f\u00f6rblir en anonym klass.<\/p>\t\t\t\t\t\t\t\t<\/div>\n\t\t\t\t<\/div>\n\t\t\t\t\t<\/div>\n\t\t\t\t<\/div>\n\t\t<div class=\"elementor-element elementor-element-709a44a8 e-flex e-con-boxed e-con e-parent\" data-id=\"709a44a8\" data-element_type=\"container\" data-e-type=\"container\">\n\t\t\t\t\t<div class=\"e-con-inner\">\n\t\t\t\t<div class=\"elementor-element elementor-element-2f585873 elementor-widget elementor-widget-heading\" data-id=\"2f585873\" data-element_type=\"widget\" data-e-type=\"widget\" data-widget_type=\"heading.default\">\n\t\t\t\t\t<h2 class=\"elementor-heading-title elementor-size-default\">Beskrivning<\/h2>\t\t\t\t<\/div>\n\t\t<div class=\"elementor-element elementor-element-70621c12 e-con-full e-flex e-con e-child\" data-id=\"70621c12\" data-element_type=\"container\" data-e-type=\"container\">\n\t\t\t\t<div class=\"elementor-element elementor-element-4296eb49 elementor-widget elementor-widget-text-editor\" data-id=\"4296eb49\" data-element_type=\"widget\" data-e-type=\"widget\" data-widget_type=\"text-editor.default\">\n\t\t\t\t\t\t\t\t\t<p><strong>Utseende<\/strong><\/p><p>Bevingade kvinnor i m\u00f6rka kl\u00e4dnader, med l\u00e5nga huggt\u00e4nder och blodfl\u00e4ckade klor. Hesiod beskriver deras t\u00e4nder som vita och deras \u00f6gon som blixtrande. De upptr\u00e4der i flockar, ofta kretsande \u00f6ver slagf\u00e4lt.<\/p><p><strong>Beteende<\/strong><\/p><p>De h\u00e4mtar de d\u00f6endes sj\u00e4lar, dricker deras blod och sl\u00e5ss om liken. Till skillnad fr\u00e5n Thanatos, som f\u00f6r en lugn d\u00f6d, \u00e4r Keres gestalter f\u00f6r den v\u00e5ldsamma, blodiga och kaotiska d\u00f6den.<\/p><p><strong>Verkningsomr\u00e5de<\/strong><\/p><p>Slagf\u00e4lt, pestdrabbade platser, katastrofer. De verkar d\u00e4r m\u00e4nniskor d\u00f6r i massor och p\u00e5 v\u00e5ldsamt s\u00e4tt. I fredstid \u00e4r de i stort sett fr\u00e5nvarande.<\/p><p><strong>Mytologiskt ursprung<\/strong><\/p><p>Hos Hesiod \u00e4r de d\u00f6ttrar till Nyx, systrar till Moirerna och Thanatos. Vissa traditioner g\u00f6r dem till avkommor av Chaos. I b\u00e5da fallen tillh\u00f6r de det arkaisk-nattliga skapelseskiktet.<\/p><div><p><strong>Keres och f\u00f6rd\u00e4rvskoncept hos Platon och den hellenistiska <span class=\"iwg-fachbegriff\" data-tooltip=\"Den vetenskapliga l\u00e4ran om Gud och om en religions tro.\" tabindex=\"0\">teologin<\/span><\/strong><\/p><p>Platon anv\u00e4nder inte Keres direkt i sina dialoger, men konceptet med ktoniska f\u00f6rd\u00e4rvsandar pr\u00e4glar hans hierarki av demoner. I <em>Politeia<\/em> klassificeras l\u00e4gre andar som verkst\u00e4llare av kosmisk ordning, liknande Keres.<\/p><p>Den hellenistiska <span class=\"iwg-fachbegriff\" data-tooltip=\"Den vetenskapliga l\u00e4ran om Gud och om en religions tro.\" tabindex=\"0\">teologin<\/span>, s\u00e4rskilt inom den orfiska och nyplatonska traditionen, gjorde skillnad mellan h\u00f6ga gudomar och l\u00e4gre demoniska makter, bland vilka Keres rangordnades som d\u00f6dsdemoner.<\/p><p>De uppfattades inte l\u00e4ngre bara som homeriska slagf\u00e4ltsattribut, utan som en genuin ontologisk klass: varelser som f\u00f6rmedlade mellan gudar och m\u00e4nniskor, med specialiserade funktioner i livets och d\u00f6dens oms\u00e4ttning. Ur detta perspektiv blev Keres exempel p\u00e5 v\u00e4rldens demiurgiska uppdelning: varje kraft hade sin kosmologiska nisch.<\/p><\/div>\t\t\t\t\t\t\t\t<\/div>\n\t\t\t\t<\/div>\n\t\t\t\t\t<\/div>\n\t\t\t\t<\/div>\n\t\t<div class=\"elementor-element elementor-element-44e71476 e-flex e-con-boxed e-con e-parent\" data-id=\"44e71476\" data-element_type=\"container\" data-e-type=\"container\">\n\t\t\t\t\t<div class=\"e-con-inner\">\n\t\t\t\t<div class=\"elementor-element elementor-element-3c1fc3f0 elementor-widget elementor-widget-heading\" data-id=\"3c1fc3f0\" data-element_type=\"widget\" data-e-type=\"widget\" data-widget_type=\"heading.default\">\n\t\t\t\t\t<h2 class=\"elementor-heading-title elementor-size-default\">Profil: Keres<\/h2>\t\t\t\t<\/div>\n\t\t<div class=\"elementor-element elementor-element-84f33b8e e-con-full e-flex e-con e-child\" data-id=\"84f33b8e\" data-element_type=\"container\" data-e-type=\"container\">\n\t\t\t\t<div class=\"elementor-element elementor-element-hqkdc67p elementor-widget elementor-widget-text-editor\" data-id=\"hqkdc67p\" data-element_type=\"widget\" data-e-type=\"widget\" data-widget_type=\"text-editor.default\">\n\t\t\t\t\t\t\t\t\t<p>De viktigaste aspekterna av Keres i korthet. Utf\u00f6rligare information om namn, beskrivning, avv\u00e4rjning och paralleller finns i f\u00f6ljande avsnitt.<\/p>\t\t\t\t\t\t\t\t<\/div>\n\t\t\t\t<\/div>\n\t\t<div class=\"elementor-element elementor-element-pemmx7c5 e-con-full e-flex e-con e-child\" data-id=\"pemmx7c5\" data-element_type=\"container\" data-e-type=\"container\">\n\t\t<div class=\"elementor-element elementor-element-pemmx7c1 e-con-full e-flex e-con e-child\" data-id=\"pemmx7c1\" data-element_type=\"container\" data-e-type=\"container\">\n\t\t<div class=\"elementor-element elementor-element-qh9oavvu iwg-steckbrief-card e-flex e-con-boxed e-con e-child\" data-id=\"qh9oavvu\" data-element_type=\"container\" data-e-type=\"container\">\n\t\t\t\t\t<div class=\"e-con-inner\">\n\t\t\t\t<div class=\"elementor-element elementor-element-awzx8k2k elementor-widget elementor-widget-heading\" data-id=\"awzx8k2k\" data-element_type=\"widget\" data-e-type=\"widget\" data-widget_type=\"heading.default\">\n\t\t\t\t\t<div class=\"elementor-heading-title elementor-size-default\">Keres ursprung<\/div>\t\t\t\t<\/div>\n\t\t\t\t<div class=\"elementor-element elementor-element-x6rowhv0 elementor-widget elementor-widget-text-editor\" data-id=\"x6rowhv0\" data-element_type=\"widget\" data-e-type=\"widget\" data-widget_type=\"text-editor.default\">\n\t\t\t\t\t\t\t\t\t<p>D\u00f6ttrar till Nyx, natten. Systrar till Moirerna och Thanatos, tillh\u00f6rande skapelsens nattlig-arkaiska skikt.<\/p>\t\t\t\t\t\t\t\t<\/div>\n\t\t\t\t\t<\/div>\n\t\t\t\t<\/div>\n\t\t<div class=\"elementor-element elementor-element-8e3o4kxs iwg-steckbrief-card e-flex e-con-boxed e-con e-child\" data-id=\"8e3o4kxs\" data-element_type=\"container\" data-e-type=\"container\">\n\t\t\t\t\t<div class=\"e-con-inner\">\n\t\t\t\t<div class=\"elementor-element elementor-element-08rkdgov elementor-widget elementor-widget-heading\" data-id=\"08rkdgov\" data-element_type=\"widget\" data-e-type=\"widget\" data-widget_type=\"heading.default\">\n\t\t\t\t\t<div class=\"elementor-heading-title elementor-size-default\">Keres m\u00e5lgrupp<\/div>\t\t\t\t<\/div>\n\t\t\t\t<div class=\"elementor-element elementor-element-uwjelx8s elementor-widget elementor-widget-text-editor\" data-id=\"uwjelx8s\" data-element_type=\"widget\" data-e-type=\"widget\" data-widget_type=\"text-editor.default\">\n\t\t\t\t\t\t\t\t\t<p>Soldater, pestsjuka, <span class=\"iwg-fachbegriff\" data-tooltip=\"G\u00e5va till en gudom f\u00f6r att uttrycka tack, b\u00f6n eller v\u00f6rdnad.\" tabindex=\"0\">offer<\/span> f\u00f6r olyckor och katastrofer. De upptr\u00e4der d\u00e4r d\u00f6den \u00e4r v\u00e5ldsam och pl\u00f6tslig.<\/p>\t\t\t\t\t\t\t\t<\/div>\n\t\t\t\t\t<\/div>\n\t\t\t\t<\/div>\n\t\t<div class=\"elementor-element elementor-element-jm2n74ec iwg-steckbrief-card e-flex e-con-boxed e-con e-child\" data-id=\"jm2n74ec\" data-element_type=\"container\" data-e-type=\"container\">\n\t\t\t\t\t<div class=\"e-con-inner\">\n\t\t\t\t<div class=\"elementor-element elementor-element-8vufse4c elementor-widget elementor-widget-heading\" data-id=\"8vufse4c\" data-element_type=\"widget\" data-e-type=\"widget\" data-widget_type=\"heading.default\">\n\t\t\t\t\t<div class=\"elementor-heading-title elementor-size-default\">Keres utseende<\/div>\t\t\t\t<\/div>\n\t\t\t\t<div class=\"elementor-element elementor-element-mwb9u015 elementor-widget elementor-widget-text-editor\" data-id=\"mwb9u015\" data-element_type=\"widget\" data-e-type=\"widget\" data-widget_type=\"text-editor.default\">\n\t\t\t\t\t\t\t\t\t<p>Bevingade kvinnor, m\u00f6rka kl\u00e4dnader, l\u00e5nga huggt\u00e4nder, blodiga klor. I flock, ofta kretsande \u00f6ver slagf\u00e4lt.<\/p>\t\t\t\t\t\t\t\t<\/div>\n\t\t\t\t\t<\/div>\n\t\t\t\t<\/div>\n\t\t\t\t<\/div>\n\t\t<div class=\"elementor-element elementor-element-pemmx7c2 e-con-full e-flex e-con e-child\" data-id=\"pemmx7c2\" data-element_type=\"container\" data-e-type=\"container\">\n\t\t<div class=\"elementor-element elementor-element-37ss2yr6 iwg-steckbrief-card e-flex e-con-boxed e-con e-child\" data-id=\"37ss2yr6\" data-element_type=\"container\" data-e-type=\"container\">\n\t\t\t\t\t<div class=\"e-con-inner\">\n\t\t\t\t<div class=\"elementor-element elementor-element-3v0wp3wx elementor-widget elementor-widget-heading\" data-id=\"3v0wp3wx\" data-element_type=\"widget\" data-e-type=\"widget\" data-widget_type=\"heading.default\">\n\t\t\t\t\t<div class=\"elementor-heading-title elementor-size-default\">Keres verkan<\/div>\t\t\t\t<\/div>\n\t\t\t\t<div class=\"elementor-element elementor-element-w3247g2m elementor-widget elementor-widget-text-editor\" data-id=\"w3247g2m\" data-element_type=\"widget\" data-e-type=\"widget\" data-widget_type=\"text-editor.default\">\n\t\t\t\t\t\t\t\t\t<p>De h\u00e4mtar sj\u00e4lar, dricker blod, sl\u00e5ss om liken. De f\u00f6r ingen ny d\u00f6d, utan f\u00f6rbrukar den som redan skett.<\/p>\t\t\t\t\t\t\t\t<\/div>\n\t\t\t\t\t<\/div>\n\t\t\t\t<\/div>\n\t\t<div class=\"elementor-element elementor-element-0qpjal9w iwg-steckbrief-card e-flex e-con-boxed e-con e-child\" data-id=\"0qpjal9w\" data-element_type=\"container\" data-e-type=\"container\">\n\t\t\t\t\t<div class=\"e-con-inner\">\n\t\t\t\t<div class=\"elementor-element elementor-element-6ndoih0o elementor-widget elementor-widget-heading\" data-id=\"6ndoih0o\" data-element_type=\"widget\" data-e-type=\"widget\" data-widget_type=\"heading.default\">\n\t\t\t\t\t<div class=\"elementor-heading-title elementor-size-default\">Keres avv\u00e4rjning<\/div>\t\t\t\t<\/div>\n\t\t\t\t<div class=\"elementor-element elementor-element-6684tyh9 elementor-widget elementor-widget-text-editor\" data-id=\"6684tyh9\" data-element_type=\"widget\" data-e-type=\"widget\" data-widget_type=\"text-editor.default\">\n\t\t\t\t\t\t\t\t\t<p>Ingen specifik avv\u00e4rjningsmagi finns; Keres \u00e4r en del av d\u00f6den sj\u00e4lv. Skydd erbjuder enbart undvikande av slagf\u00e4lt, pestdrabbade platser och v\u00e5ldsamma situationer.<\/p>\t\t\t\t\t\t\t\t<\/div>\n\t\t\t\t\t<\/div>\n\t\t\t\t<\/div>\n\t\t<div class=\"elementor-element elementor-element-3lfi7x32 iwg-steckbrief-card e-flex e-con-boxed e-con e-child\" data-id=\"3lfi7x32\" data-element_type=\"container\" data-e-type=\"container\">\n\t\t\t\t\t<div class=\"e-con-inner\">\n\t\t\t\t<div class=\"elementor-element elementor-element-0kg99ga1 elementor-widget elementor-widget-heading\" data-id=\"0kg99ga1\" data-element_type=\"widget\" data-e-type=\"widget\" data-widget_type=\"heading.default\">\n\t\t\t\t\t<div class=\"elementor-heading-title elementor-size-default\">Keres paralleller<\/div>\t\t\t\t<\/div>\n\t\t\t\t<div class=\"elementor-element elementor-element-n0fum6kp elementor-widget elementor-widget-text-editor\" data-id=\"n0fum6kp\" data-element_type=\"widget\" data-e-type=\"widget\" data-widget_type=\"text-editor.default\">\n\t\t\t\t\t\t\t\t\t<p>Erinyerna (glidande \u00f6verg\u00e5ng), valkyrjor (germanskt), Gall\u00fb (mesopotamiskt), Tzitzimime (aztekiskt), motiv med Liemannen.<\/p>\t\t\t\t\t\t\t\t<\/div>\n\t\t\t\t\t<\/div>\n\t\t\t\t<\/div>\n\t\t\t\t<\/div>\n\t\t\t\t<\/div>\n\t\t\t\t\t<\/div>\n\t\t\t\t<\/div>\n\t\t<div class=\"elementor-element elementor-element-7533bc7a e-flex e-con-boxed e-con e-parent\" data-id=\"7533bc7a\" data-element_type=\"container\" data-e-type=\"container\">\n\t\t\t\t\t<div class=\"e-con-inner\">\n\t\t\t\t<div class=\"elementor-element elementor-element-2447d18d elementor-widget elementor-widget-heading\" data-id=\"2447d18d\" data-element_type=\"widget\" data-e-type=\"widget\" data-widget_type=\"heading.default\">\n\t\t\t\t\t<h2 class=\"elementor-heading-title elementor-size-default\">Demonologi i vardagen<\/h2>\t\t\t\t<\/div>\n\t\t<div class=\"elementor-element elementor-element-d5d0260c e-con-full e-flex e-con e-child\" data-id=\"d5d0260c\" data-element_type=\"container\" data-e-type=\"container\">\n\t\t\t\t<div class=\"elementor-element elementor-element-341be2ac elementor-widget elementor-widget-text-editor\" data-id=\"341be2ac\" data-element_type=\"widget\" data-e-type=\"widget\" data-widget_type=\"text-editor.default\">\n\t\t\t\t\t\t\t\t\t<p><strong>Ritualer f\u00f6r avv\u00e4rjning<\/strong><\/p><p>Enskilda Keres tilltalas eller avv\u00e4rjs inte; de tillh\u00f6r d\u00f6den, som inte \u00e4r f\u00f6rhandlingsbar. Rituellt viktiga \u00e4r korrekt begravning och d\u00f6dsklagan, de reglerar det som Keres inte reglerar: avskedets v\u00e4rdighet.<\/p><p><strong>Besv\u00e4rjelser<\/strong><\/p><p>Inga specifika besv\u00e4rjelser mot Keres finns. I magiska papyrer och fluktavlor kan &#8221;Keres&#8221; f\u00f6rekomma som begrepp f\u00f6r olyckan i en f\u00f6rbannelseformel, men inte som individuella mottagare.<\/p><p><strong>Amuletter och skyddssymboler<\/strong><\/p><p>Allm\u00e4n d\u00f6dsavv\u00e4rjning genom apotropaia (Gorgoneion, fallos, <span class=\"iwg-fachbegriff\" data-tooltip=\"Utbredd f\u00f6rest\u00e4llning att en avundsjuk blick fr\u00e5n en annan person kan orsaka skada.\" tabindex=\"0\">onda \u00f6gat<\/span>). Specifika Keres-amuletter saknas. Skydd erbjuder snarare undvikande av de situationer d\u00e4r Keres upptr\u00e4der.<\/p>\t\t\t\t\t\t\t\t<\/div>\n\t\t\t\t<\/div>\n\t\t\t\t\t<\/div>\n\t\t\t\t<\/div>\n\t\t<div class=\"elementor-element elementor-element-5a584676 e-flex e-con-boxed e-con e-parent\" data-id=\"5a584676\" data-element_type=\"container\" data-e-type=\"container\">\n\t\t\t\t\t<div class=\"e-con-inner\">\n\t\t\t\t<div class=\"elementor-element elementor-element-6d0757bf elementor-widget elementor-widget-heading\" data-id=\"6d0757bf\" data-element_type=\"widget\" data-e-type=\"widget\" data-widget_type=\"heading.default\">\n\t\t\t\t\t<h2 class=\"elementor-heading-title elementor-size-default\">Keres, paralleller i andra kulturer<\/h2>\t\t\t\t<\/div>\n\t\t<div class=\"elementor-element elementor-element-60563f68 e-con-full e-flex e-con e-child\" data-id=\"60563f68\" data-element_type=\"container\" data-e-type=\"container\">\n\t\t\t\t<div class=\"elementor-element elementor-element-5a93fdd6 elementor-widget elementor-widget-text-editor\" data-id=\"5a93fdd6\" data-element_type=\"widget\" data-e-type=\"widget\" data-widget_type=\"text-editor.default\">\n\t\t\t\t\t\t\t\t\t<p><strong>Rom:<\/strong> Dirae\/Furiae \u00f6vertar h\u00e4mnarinne-aspekten, medan Keres som rena d\u00f6dsgestalter \u00e4r mindre framtr\u00e4dande i den romerska <span class=\"iwg-fachbegriff\" data-tooltip=\"Den samlade upps\u00e4ttningen gudar i en religion eller kultur.\" tabindex=\"0\">panteon<\/span>. I st\u00e4llet \u00f6vertar Mors (d\u00f6den) funktionen ensam.<\/p><p><strong>Germansk tradition:<\/strong> Valkyriorna h\u00e4mtar de fallna fr\u00e5n slagf\u00e4ltet. Strukturellt n\u00e4ra besl\u00e4ktat, men i en annan teologisk ram.<\/p><p><strong>Mesopotamien och vidare:<\/strong> Underjordens gall\u00fb-fullbordare \u00e4r funktionellt besl\u00e4ktade, om \u00e4n inom ett helt annat mytiskt ramverk. I talrika kulturer finns d\u00f6dsbud som upptr\u00e4der i skaror och h\u00e4mtar sj\u00e4lar.<\/p><div><p><strong>Keres i <span class=\"iwg-fachbegriff\" data-tooltip=\"Praktiker som genom s\u00e4rskilda handlingar eller formler f\u00f6rs\u00f6ker p\u00e5verka tingens g\u00e5ng.\" tabindex=\"0\">magi<\/span>-papyrer och magisk praxis<\/strong><\/p><p>I de hellenistiska trolldomspapyrerna (PGM) \u00e5kallas Keres s\u00e4llan direkt, men f\u00f6rest\u00e4llningen om d\u00f6ds- och f\u00f6rd\u00e4rvsdemonerna genomsyrar magiska <span class=\"iwg-fachbegriff\" data-tooltip=\"Spr\u00e5kformel avsedd att tillfoga en person eller sak olycka.\" tabindex=\"0\">f\u00f6rbannelse<\/span>texter. Papyrer som inneh\u00e5ller s\u00f6ndersliknings-, uttorknings- eller f\u00f6rlamningsf\u00f6rbannelser \u00e5kallar ofta anonyma ktoniska makter vars funktion motsvarar Keres: avskiljande, f\u00f6rst\u00f6relse, rov av livskraft.<\/p><p>Papyrerna visar att trollkarlar under <span class=\"iwg-fachbegriff\" data-tooltip=\"\u00d6verg\u00e5ngsperioden mellan antiken och medeltiden, ungef\u00e4r 300\u2013700-talet.\" tabindex=\"0\">senantiken<\/span> hade en differentierad teori om l\u00e4gre makter; inte alla var onda, men alla var specialiserade. Keres tillh\u00f6rde klassen av n\u00f6dv\u00e4ndiga krafter som inte beh\u00f6vde moral, eftersom deras uppdrag h\u00e4rr\u00f6rde fr\u00e5n den kosmiska ordningen.<\/p><p>En trollkarl som ville g\u00f6ra n\u00e5gon sjuk eller f\u00f6rsvaga n\u00e5gon \u00e5kallade s\u00e5dana makter inte som fiender, utan som tekniska redskap vars anv\u00e4ndning f\u00f6rutsatte etisk motivering.<\/p><\/div>\t\t\t\t\t\t\t\t<\/div>\n\t\t\t\t<\/div>\n\t\t\t\t\t<\/div>\n\t\t\t\t<\/div>\n\t\t<div class=\"elementor-element elementor-element-cp8602301 e-flex e-con-boxed e-con e-parent\" data-id=\"cp8602301\" data-element_type=\"container\" data-e-type=\"container\">\n\t\t\t\t\t<div class=\"e-con-inner\">\n\t\t\t\t<div class=\"elementor-element elementor-element-cp7b7edad elementor-widget elementor-widget-heading\" data-id=\"cp7b7edad\" data-element_type=\"widget\" data-e-type=\"widget\" data-widget_type=\"heading.default\">\n\t\t\t\t\t<h2 class=\"elementor-heading-title elementor-size-default\">Keres hos Homeros: D\u00f6den p\u00e5 slagf\u00e4ltet<\/h2>\t\t\t\t<\/div>\n\t\t<div class=\"elementor-element elementor-element-cpbfea484 e-con-full e-flex e-con e-child\" data-id=\"cpbfea484\" data-element_type=\"container\" data-e-type=\"container\">\n\t\t\t\t<div class=\"elementor-element elementor-element-cp74cc2f1 elementor-widget elementor-widget-text-editor\" data-id=\"cp74cc2f1\" data-element_type=\"widget\" data-e-type=\"widget\" data-widget_type=\"text-editor.default\">\n\t\t\t\t\t\t\t\t\t<p>De \u00e4ldsta och mest omfattande bel\u00e4gen f\u00f6r keres kommer fr\u00e5n de homeriska epiken, framf\u00f6r allt fr\u00e5n <em>Iliaden<\/em>. D\u00e4r \u00e4r keres inga abstrakta personifikationer, utan n\u00e4ra f\u00f6rbundna med erfarenheten av den v\u00e5ldsamma d\u00f6den i krig.<\/p><p>Det grekiska ordet <em>k\u0113r<\/em> betecknar ursprungligen det d\u00f6dslott som tilldelats en m\u00e4nniska, det f\u00f6rd\u00e4rv som n\u00e5r henne. I plural upptr\u00e4der keres sedan som sp\u00f6klika gestalter som framkallar eller f\u00f6rkroppsligar denna d\u00f6d.<\/p><p>Ett ber\u00f6mt st\u00e4lle \u00e4r v\u00e4gningen av d\u00f6dslotterna: i nittonde s\u00e5ngen av <em>Iliaden<\/em> l\u00e4gger Zeus Achilleus och Hektors keres i sin v\u00e5g, och den tyngre lotten s\u00e4nker sig mot underjorden, varmed Hektors d\u00f6d avg\u00f6rs.<\/p><p>H\u00e4r \u00e4r ker n\u00e4stan liktydig med hj\u00e4ltens personliga \u00f6de. P\u00e5 ett annat st\u00e4lle, i artonde s\u00e5ngen, framtr\u00e4der p\u00e5 Achilleus sk\u00f6ld en fasansfull ker mitt i slaktvimlet, i blodfl\u00e4ckat plagg, som drar de fallna och s\u00e5rade fr\u00e5n striden med f\u00f6tterna.<\/p><p>Av dessa st\u00e4llen framtr\u00e4der en dubbel bild. \u00c5 ena sidan \u00e4r ker det individuella d\u00f6ds\u00f6det som redan \u00e4r fastst\u00e4llt vid f\u00f6dseln; Achilleus talar om de tv\u00e5 keres mellan vilka han kan v\u00e4lja, ett kort och ryktbart eller ett l\u00e5ngt och ryktl\u00f6st liv. \u00c5 andra sidan \u00e4r keres handlande, blodt\u00f6rstiga v\u00e4sen som vandrar p\u00e5 slagf\u00e4ltet.<\/p><p>Forskningen har l\u00e4nge diskuterat om det r\u00f6r sig om tv\u00e5 skilda f\u00f6rest\u00e4llningar eller om aspekter av en och samma. Mycket talar f\u00f6r att grekerna kunde uppleva d\u00f6den b\u00e5de som ett tilldelat m\u00e5tt och som en angripande makt, utan att se n\u00e5gon mots\u00e4gelse i detta.<\/p>\t\t\t\t\t\t\t\t<\/div>\n\t\t\t\t<\/div>\n\t\t\t\t\t<\/div>\n\t\t\t\t<\/div>\n\t\t<div class=\"elementor-element elementor-element-cpbd673b2 e-flex e-con-boxed e-con e-parent\" data-id=\"cpbd673b2\" data-element_type=\"container\" data-e-type=\"container\">\n\t\t\t\t\t<div class=\"e-con-inner\">\n\t\t\t\t<div class=\"elementor-element elementor-element-cp0a14da8 elementor-widget elementor-widget-heading\" data-id=\"cp0a14da8\" data-element_type=\"widget\" data-e-type=\"widget\" data-widget_type=\"heading.default\">\n\t\t\t\t\t<h2 class=\"elementor-heading-title elementor-size-default\">Keres, moirerna och Thanatos: avgr\u00e4nsning mot besl\u00e4ktade d\u00f6dsmakter<\/h2>\t\t\t\t<\/div>\n\t\t<div class=\"elementor-element elementor-element-cp890fc3c e-con-full e-flex e-con e-child\" data-id=\"cp890fc3c\" data-element_type=\"container\" data-e-type=\"container\">\n\t\t\t\t<div class=\"elementor-element elementor-element-cp209632e elementor-widget elementor-widget-text-editor\" data-id=\"cp209632e\" data-element_type=\"widget\" data-e-type=\"widget\" data-widget_type=\"text-editor.default\">\n\t\t\t\t\t\t\t\t\t<p>Keres st\u00e5r i den grekiska tankev\u00e4rlden bredvid flera andra makter som har att g\u00f6ra med d\u00f6d och \u00f6de, och den exakta avgr\u00e4nsningen var inte alltid klar \u00e4ven f\u00f6r de antika f\u00f6rfattarna sj\u00e4lva. Viktigast \u00e4r skillnaden mot <a href=\"https:\/\/iwell-guard.com\/sv\/moirerna-odesgudinnor-livstraden\/\">moirerna<\/a>, de tre \u00f6desspinnerskorna.<\/p><p>Medan moirerna hos Hesiod och i den senare traditionen tilldelar, m\u00e4ter upp och klipper av livsm\u00e5ttet, allts\u00e5 f\u00f6rkroppsligar \u00f6dets ordnande sida, st\u00e5r keres starkare f\u00f6r det konkreta, ofta v\u00e5ldsamma och olycksb\u00e5dande d\u00f6dsfallet.<\/p><p>Hesiod f\u00f6r i <em>Theogonin<\/em> b\u00e5da i n\u00e4rheten av Nyx, natten, som f\u00f6der dem utan fader; i hans uppr\u00e4kning framtr\u00e4der keres, moirerna, Thanatos, Hypnos och andra dunkla gestalter som syskon.<\/p><p>Denna genealogi ordnar keres till kosmos nattliga, kusliga sida. Fr\u00e5n Thanatos, den lugna personifikationen av d\u00f6den sj\u00e4lv, skiljer sig keres genom sin aktiva, rovdjursartade karakt\u00e4r. Thanatos h\u00e4mtar, keres river.<\/p><p>I <em>Aspis<\/em>, det sk\u00f6ldpoem som traderats under Hesiods namn, finns en s\u00e4rskilt drastisk skildring: keres beskrivs d\u00e4r som bl\u00e5 och med vitt gnistrande t\u00e4nder, hur de tvistar om de fallna, sl\u00e5r sina klor i deras kroppar och dricker det m\u00f6rka blodet.<\/p><p>Denna vampyrlika teckning h\u00f6r till de mest utf\u00f6rliga fr\u00e5n <span class=\"iwg-fachbegriff\" data-tooltip=\"Epok inom den grekiska och romerska kulturen, cirka 800 f.Kr. till 600 e.Kr.\" tabindex=\"0\">antiken<\/span>. Forskningen har p\u00e5pekat att keres d\u00e4rmed n\u00e4rmast motsvarar f\u00f6rest\u00e4llningen om blodsugande slagf\u00e4ltsdemoner, och att de just d\u00e4rigenom skiljer sig fr\u00e5n de mer f\u00f6rn\u00e4mt t\u00e4nkta moirerna.<\/p>\t\t\t\t\t\t\t\t<\/div>\n\t\t\t\t<\/div>\n\t\t\t\t\t<\/div>\n\t\t\t\t<\/div>\n\t\t<div class=\"elementor-element elementor-element-cpe357717 e-flex e-con-boxed e-con e-parent\" data-id=\"cpe357717\" data-element_type=\"container\" data-e-type=\"container\">\n\t\t\t\t\t<div class=\"e-con-inner\">\n\t\t\t\t<div class=\"elementor-element elementor-element-cp2d7b0d1 elementor-widget elementor-widget-heading\" data-id=\"cp2d7b0d1\" data-element_type=\"widget\" data-e-type=\"widget\" data-widget_type=\"heading.default\">\n\t\t\t\t\t<h2 class=\"elementor-heading-title elementor-size-default\">Athens fest anthesterierna och f\u00f6rdrivningen av keres<\/h2>\t\t\t\t<\/div>\n\t\t<div class=\"elementor-element elementor-element-cp7d73762 e-con-full e-flex e-con e-child\" data-id=\"cp7d73762\" data-element_type=\"container\" data-e-type=\"container\">\n\t\t\t\t<div class=\"elementor-element elementor-element-cpba9eef3 elementor-widget elementor-widget-text-editor\" data-id=\"cpba9eef3\" data-element_type=\"widget\" data-e-type=\"widget\" data-widget_type=\"text-editor.default\">\n\t\t\t\t\t\t\t\t\t<p>Ut\u00f6ver den episka diktningen \u00e4r keres f\u00f6rbundna med den atenska festkalendern, n\u00e4rmare best\u00e4mt med <em>anthesterierna<\/em>, en v\u00e5rfest till Dionysos \u00e4ra i m\u00e5naden anthesterion. Den tredagarsfesten hade en uttalat ambivalent karakt\u00e4r.<\/p><p>Man firade det nya vinet, men det ans\u00e5gs samtidigt vara en tid d\u00e5 de d\u00f6da och kusliga andar vandrade i staden. Den sista dagen, <em>chytroi<\/em>, var \u00e4gnad de avlidna och de ktoniska makterna.<\/p><p>Fr\u00e5n den antika <span class=\"iwg-fachbegriff\" data-tooltip=\"\u00d6verf\u00f6ringen av kunskap och ber\u00e4ttelser genom generationer.\" tabindex=\"0\">traditionen<\/span>, framf\u00f6r allt fr\u00e5n senare lexikografer och scholier, \u00e4r uttrycket k\u00e4nt: &#8221;Ut, ni keres, anthesterierna \u00e4r \u00f6ver&#8221;. Det uttalades tydligen vid festens slut f\u00f6r att \u00e5ter driva ut de andar som under festtiden hade till\u00e5tits eller sl\u00e4ppts in i husen och staden.<\/p><p>Vissa k\u00e4llor l\u00e4ser ist\u00e4llet f\u00f6r &#8221;keres&#8221; &#8221;kares&#8221;, det vill s\u00e4ga karer, vilket har lett till skilda tolkningar. Den religionshistoriska forskningen, till exempel i de klassiska arbetena av Erwin Rohde och Jane Harrison, har diskuterat detta st\u00e4lle grundligt.<\/p><p>Om l\u00e4sningen &#8221;keres&#8221; \u00e4r korrekt, framtr\u00e4der ett viktigt resultat: keres var inte bara litter\u00e4ra gestalter i epiken, utan en del av den levda ritualpraxisen. Under anthesterierna bestr\u00f6k man d\u00f6rrkarmarna med beck och h\u00f6ll fast vid vissa bruk som inramade den kusliga festtiden.<\/p><p>Keres framtr\u00e4der h\u00e4r som en \u00f6ppen klass av d\u00f6dsandar och olycksmakter, som man tolererade under en begr\u00e4nsad tid och sedan visade ut <span class=\"iwg-fachbegriff\" data-tooltip=\"Tillh\u00f6rande ett fastst\u00e4llt religi\u00f6st handlingsf\u00f6rlopp.\" tabindex=\"0\">rituellt<\/span>. D\u00e4rmed h\u00f6r keres till den breda grekiska f\u00f6rest\u00e4llningskretsen om andar som tr\u00e4nger in i m\u00e4nniskornas v\u00e4rld vid \u00e5rets tr\u00f6skeltider och som m\u00e5ste bannlysas igen genom fasta <span class=\"iwg-fachbegriff\" data-tooltip=\"En reglerad f\u00f6ljd av symboliska handlingar med religi\u00f6s eller kulturell betydelse.\" tabindex=\"0\">ritualer<\/span>.<\/p>\t\t\t\t\t\t\t\t<\/div>\n\t\t\t\t<\/div>\n\t\t\t\t\t<\/div>\n\t\t\t\t<\/div>\n\t\t<div class=\"elementor-element elementor-element-cpa2f747d e-flex e-con-boxed e-con e-parent\" data-id=\"cpa2f747d\" data-element_type=\"container\" data-e-type=\"container\">\n\t\t\t\t\t<div class=\"e-con-inner\">\n\t\t\t\t<div class=\"elementor-element elementor-element-cpe0b90e8 elementor-widget elementor-widget-heading\" data-id=\"cpe0b90e8\" data-element_type=\"widget\" data-e-type=\"widget\" data-widget_type=\"heading.default\">\n\t\t\t\t\t<h2 class=\"elementor-heading-title elementor-size-default\">Utvidgning av begreppet: keres som sjukdoms- och olycksdemoner<\/h2>\t\t\t\t<\/div>\n\t\t<div class=\"elementor-element elementor-element-cp33e1509 e-con-full e-flex e-con e-child\" data-id=\"cp33e1509\" data-element_type=\"container\" data-e-type=\"container\">\n\t\t\t\t<div class=\"elementor-element elementor-element-cp11c849e elementor-widget elementor-widget-text-editor\" data-id=\"cp11c849e\" data-element_type=\"widget\" data-e-type=\"widget\" data-widget_type=\"text-editor.default\">\n\t\t\t\t\t\t\t\t\t<p>I den efterhomeriska litteraturen vidgas begreppet ker bortom d\u00f6den p\u00e5 slagf\u00e4ltet. Hos Hesiod och i senare texter kan <em>k\u0113r<\/em> beteckna alla former av f\u00f6rd\u00e4rv: sjukdom, \u00e5lderdom, hunger, vansinne, varje ondska som drabbar m\u00e4nniskan. Keresna blir d\u00e4rmed en samlingskategori f\u00f6r allt som f\u00f6rkortar, skadar och avslutar livet.<\/p><p>Denna betydelseutvidgning syns s\u00e4rskilt tydligt i ber\u00e4ttelsen om Pandora. Ur det \u00f6ppnade k\u00e4rlet som Pandora enligt Hesiod b\u00e4r med sig str\u00f6mmar ondskan ut \u00f6ver m\u00e4nskligheten; i den antika tolkningen likst\u00e4lldes dessa pl\u00e5gor ofta med keresna eller f\u00f6rdes n\u00e4ra dem.<\/p><p>\u00c4ven i bildkonsten f\u00f6rekommer bevingade gestalter f\u00f6rknippade med sjukdom och d\u00f6d som s\u00e4tts i samband med keresna, \u00e4ven om den ikonografiska tillskrivningen ofta \u00e4r os\u00e4ker, eftersom keres, <a href=\"https:\/\/iwell-guard.com\/sv\/erinyerna\/\">erinyer<\/a>, harpyor och sirener glider samman i framst\u00e4llningen.<\/p><p>Denna begreppsliga \u00f6ppenhet \u00e4r central f\u00f6r f\u00f6rst\u00e5elsen av keresna. De var aldrig ett klart avgr\u00e4nsat <span class=\"iwg-fachbegriff\" data-tooltip=\"Samtliga gudar inom en religion eller kultur.\" tabindex=\"0\">pantheon<\/span> med fasta namn och funktioner, s\u00e5 som de tolv olympiska gudarna var.<\/p><p>Forskningen beskriver keresna snarare som en f\u00f6rest\u00e4llningskategori: som den personifierade m\u00e5ngfalden av d\u00f6dss\u00e4tt och livets olyckor. Just denna obest\u00e4mdhet gjorde dem anv\u00e4ndbara f\u00f6r grekiska diktare och t\u00e4nkare.<\/p><p>Var man ville uppfatta olyckan som en handlande makt, utan att ge den full rang av en namngiven <span class=\"iwg-fachbegriff\" data-tooltip=\"En varelse som dyrkas som gudomlig inom en religion.\" tabindex=\"0\">gudom<\/span>, kunde man tala om en ker eller om keresna. De befinner sig d\u00e4rmed p\u00e5 gr\u00e4nsen mellan personifikation, \u00f6desbegrepp och demonologi, och det \u00e4r just vid denna gr\u00e4ns som deras religionshistoriska intresse ligger.<\/p>\t\t\t\t\t\t\t\t<\/div>\n\t\t\t\t<\/div>\n\t\t\t\t\t<\/div>\n\t\t\t\t<\/div>\n\t\t<div class=\"elementor-element elementor-element-cpaa4ebda e-flex e-con-boxed e-con e-parent\" data-id=\"cpaa4ebda\" data-element_type=\"container\" data-e-type=\"container\">\n\t\t\t\t\t<div class=\"e-con-inner\">\n\t\t\t\t<div class=\"elementor-element elementor-element-cpf7b01df elementor-widget elementor-widget-heading\" data-id=\"cpf7b01df\" data-element_type=\"widget\" data-e-type=\"widget\" data-widget_type=\"heading.default\">\n\t\t\t\t\t<h2 class=\"elementor-heading-title elementor-size-default\">Keresnas efterliv i senantik och nygrekisk tradition<\/h2>\t\t\t\t<\/div>\n\t\t<div class=\"elementor-element elementor-element-cp70a8cae e-con-full e-flex e-con e-child\" data-id=\"cp70a8cae\" data-element_type=\"container\" data-e-type=\"container\">\n\t\t\t\t<div class=\"elementor-element elementor-element-cp316af1f elementor-widget elementor-widget-text-editor\" data-id=\"cp316af1f\" data-element_type=\"widget\" data-e-type=\"widget\" data-widget_type=\"text-editor.default\">\n\t\t\t\t\t\t\t\t\t<p>Fr\u00e5gan om och hur keresna levde vidare efter den antika religionens slut har diskuterats flitigt inom folklivsforskningen. En ofta citerad tolkningslinje f\u00f6rbinder de antika keresna med den nygrekiska <em>Charos<\/em> eller <em>Charontas<\/em> och med andra d\u00f6dsgestalter i den grekiska folktraditionen.<\/p><p>Namnet p\u00e5 den antika f\u00e4rjkarlen Charon har verkligen i den nygrekiska folktron f\u00f6rvandlats till en aktiv, ofta ridande d\u00f6dsgestalt som h\u00e4mtar m\u00e4nniskorna.<\/p><p>Forskare fr\u00e5n 1800-talet och det tidiga 1900-talet, bland andra Bernhard Schmidt i sitt arbete om nygrekernas folkliv, har f\u00f6rs\u00f6kt se ett fortlevande av de antika d\u00f6dsdemonerna i s\u00e5dana gestalter. Dagens forskning \u00e4r h\u00e4r mer f\u00f6rsiktig.<\/p><p>Den betonar att det inte g\u00e5r att bel\u00e4gga n\u00e5gon obruten linje mellan de antika keresna och de nygrekiska d\u00f6dsf\u00f6rest\u00e4llningarna, och att kristna, bysantinska och folkkulturella lager ligger d\u00e4remellan. En direkt identitet mellan antikens ker och den nygrekiska Charos kan inte styrkas.<\/p><p>Vad man d\u00e4remot seri\u00f6st kan s\u00e4ga \u00e4r att den grekiska kulturen genom seklerna har beh\u00e5llit en ben\u00e4genhet att t\u00e4nka sig d\u00f6den som en handlande, ofta hotfull gestalt, snarare \u00e4n bara som ett tillst\u00e5nd.<\/p><p>I denna l\u00e5nga linje st\u00e5r ker i begynnelsen. I den moderna receptionen, i uppslagsverk om <span class=\"iwg-fachbegriff\" data-tooltip=\"Samtliga \u00f6verl\u00e4mnade gudaber\u00e4ttelser inom en kultur.\" tabindex=\"0\">mytologi<\/span>, i fantasylitteratur och i datorspel, har keresna dykt upp igen, oftast som bevingade d\u00f6dsandar eller som generiska slagf\u00e4ltsdemoner.<\/p><p>Dessa framst\u00e4llningar tar framf\u00f6r allt fasta p\u00e5 den drastiska beskrivningen i <em>Aspis<\/em> och bortser i stort sett fr\u00e5n de sv\u00e5rare aspekterna, \u00f6desbegreppet och den rituella inb\u00e4ddningen. F\u00f6r den vetenskapliga betraktelsen \u00e4r det avg\u00f6rande att skilja den popul\u00e4ra f\u00f6renklingen fr\u00e5n den m\u00e5ngskiktade antika <span class=\"iwg-fachbegriff\" data-tooltip=\"\u00d6verf\u00f6ringen av kunskap och ber\u00e4ttelser genom generationer.\" tabindex=\"0\">traditionen<\/span>.<\/p>\t\t\t\t\t\t\t\t<\/div>\n\t\t\t\t<\/div>\n\t\t\t\t\t<\/div>\n\t\t\t\t<\/div>\n\t\t<div class=\"elementor-element elementor-element-36dd7469 e-flex e-con-boxed e-con e-parent\" data-id=\"36dd7469\" data-element_type=\"container\" data-e-type=\"container\">\n\t\t\t\t\t<div class=\"e-con-inner\">\n\t\t\t\t<div class=\"elementor-element elementor-element-13760ab4 elementor-widget elementor-widget-heading\" data-id=\"13760ab4\" data-element_type=\"widget\" data-e-type=\"widget\" data-widget_type=\"heading.default\">\n\t\t\t\t\t<div class=\"elementor-heading-title elementor-size-default\">Vidare l\u00e4nkar<\/div>\t\t\t\t<\/div>\n\t\t<div class=\"elementor-element elementor-element-28c87796 e-con-full e-flex e-con e-child\" data-id=\"28c87796\" data-element_type=\"container\" data-e-type=\"container\">\n\t\t\t\t<div class=\"elementor-element elementor-element-5d6538df elementor-widget elementor-widget-text-editor\" data-id=\"5d6538df\" data-element_type=\"widget\" data-e-type=\"widget\" data-widget_type=\"text-editor.default\">\n\t\t\t\t\t\t\t\t\t<p>Rekommenderade interna l\u00e4nkar:<\/p><ul><li><a href=\"https:\/\/iwell-guard.com\/sv\/grekland\/\">Grekland<\/a><\/li><li><a href=\"https:\/\/iwell-guard.com\/sv\/erinyerna\/\">Erinyer<\/a> (n\u00e4ra \u00f6verg\u00e5ng)<\/li><li><a href=\"https:\/\/iwell-guard.com\/sv\/gallu\/\">Gallu<\/a> (mesopotamisk parallell)<\/li><li><a href=\"https:\/\/iwell-guard.com\/sv\/thanatos\/\">Thanatos<\/a> och moirerna (mytologisk kontext)<\/li><li>Slagf\u00e4lts<span class=\"iwg-fachbegriff\" data-tooltip=\"Samtliga \u00f6verl\u00e4mnade gudaber\u00e4ttelser inom en kultur.\" tabindex=\"0\">mytologi<\/span> och d\u00f6dskult<\/li><\/ul>\t\t\t\t\t\t\t\t<\/div>\n\t\t\t\t<\/div>\n\t\t\t\t\t<\/div>\n\t\t\t\t<\/div>\n\t\t<div class=\"elementor-element elementor-element-grl4kl40 e-flex e-con-boxed e-con e-parent\" data-id=\"grl4kl40\" data-element_type=\"container\" data-e-type=\"container\">\n\t\t\t\t\t<div class=\"e-con-inner\">\n\t\t\t\t<div class=\"elementor-element elementor-element-bzsbfrmh elementor-widget elementor-widget-heading\" data-id=\"bzsbfrmh\" data-element_type=\"widget\" data-e-type=\"widget\" data-widget_type=\"heading.default\">\n\t\t\t\t\t<h2 class=\"elementor-heading-title elementor-size-default\">K\u00e4llor och litteratur<\/h2>\t\t\t\t<\/div>\n\t\t<div class=\"elementor-element elementor-element-2c13224a e-con-full e-flex e-con e-child\" data-id=\"2c13224a\" data-element_type=\"container\" data-e-type=\"container\">\n\t\t\t\t<div class=\"elementor-element elementor-element-0eymh9ub elementor-widget elementor-widget-text-editor\" data-id=\"0eymh9ub\" data-element_type=\"widget\" data-e-type=\"widget\" data-widget_type=\"text-editor.default\">\n\t\t\t\t\t\t\t\t\t<footer class=\"iwg-literatur\"><p>Ett urval av centrala arbeten om keres och om grekiska d\u00f6dsf\u00f6rest\u00e4llningar:<\/p><ul><li><span data-nosnippet>Vermeule, Emily: <em>Aspects of Death in Early Greek Art and Poetry<\/em>. Berkeley 1979.<\/span><\/li><li><span data-nosnippet>Burkert, Walter: <em>Griechische Religion der archaischen und klassischen Epoche<\/em>. Stuttgart 1977.<\/span><\/li><li>Wachsmuth, Dietrich: \u201eKeres&#8221;, i: <em>Der kleine Pauly<\/em>, bd. 3.<\/li><li><span data-nosnippet>Sourvinou-Inwood, Christiane: <em>&#39;Reading&#39; Greek Death<\/em>. Oxford 1995.<\/span><\/li><\/ul><div data-nosnippet=\"true\" class=\"iwg-litliste\"><p><strong>Standardlitteratur (Grekland):<\/strong><\/p><ul><li><span data-nosnippet><strong>Bremmer, Jan N.<\/strong>: <em>Greek Religion. Cambridge University Press, Cambridge 1999.<\/em><\/span><\/li><li><span data-nosnippet><strong>Bonnefoy, Yves<\/strong>: <em>Greek and Egyptian Mythologies. University of Chicago Press, Chicago 1992.<\/em><\/span><\/li><\/ul><\/div><\/footer>\n<p class=\"iwg-bib-more\"><span data-nosnippet>Fler standardverk i <a href=\"https:\/\/iwell-guard.com\/sv\/litteratur\/\">litteraturf\u00f6rteckningen<\/a>.<\/span><\/p>\t\t\t\t\t\t\t\t<\/div>\n\t\t\t\t<\/div>\n\t\t\t\t\t<\/div>\n\t\t\t\t<\/div>\n\t\t<div class=\"elementor-element elementor-element-iwgca-keres-sec e-flex e-con-boxed e-con e-parent\" data-id=\"iwgca-keres-sec\" data-element_type=\"container\" data-e-type=\"container\" id=\"iwg-ca-keres\">\n\t\t\t\t\t<div class=\"e-con-inner\">\n\t\t\t\t<div class=\"elementor-element elementor-element-iwgca-keres-te iwg-ca-textwrap elementor-widget elementor-widget-text-editor\" data-id=\"iwgca-keres-te\" data-element_type=\"widget\" data-e-type=\"widget\" data-widget_type=\"text-editor.default\">\n\t\t\t\t\t\t\t\t\t<div data-nosnippet=\"true\"><p class=\"iwg-ca-bridge\">Den skyddspraktik som beskrivs h\u00e4r \u00e4r en vetenskaplig tolkning av historiska traditioner. iWell Guard ansluter till denna kulturhistoriska linje av b\u00e4rbara skyddsobjekt och utg\u00f6r en samtida form av den. <a href=\"\/ueber-iwell-guard\/?utm_source=iwell-guard.com&#038;utm_medium=text-link&#038;utm_campaign=schadwesen-tradition\">Mer om iWell Guard \u2192<\/a><\/p><\/div>\t\t\t\t\t\t\t\t<\/div>\n\t\t\t\t\t<\/div>\n\t\t\t\t<\/div>\n\t\t\t\t<\/div>\n\t\t","protected":false},"excerpt":{"rendered":"","protected":false},"author":3,"featured_media":1683,"parent":0,"menu_order":0,"comment_status":"closed","ping_status":"closed","template":"elementor_header_footer","meta":{"_yoast_wpseo_focuskw":"Keres, slagf\u00e4ltsdemoner","_yoast_wpseo_title":"Keres - demoner p\u00e5 slagf\u00e4ltet","_yoast_wpseo_metadesc":"Keres, demoner p\u00e5 slagf\u00e4ltet och d\u00f6dsbud i den grekiska mytologin. Hesiod och Homeros, deras plats vid sidan av Thanatos och d\u00f6dsmotivet.","_yoast_wpseo_meta-robots-noindex":"","_yoast_wpseo_canonical":"","_angie_page":false,"gefaehrdungsstufe":"4","wesen_kultur":"griechenland","wesen_klasse":"geister","footnotes":""},"categories":[],"class_list":["post-136502","page","type-page","status-publish","has-post-thumbnail","hentry"],"yoast_head":"<!-- This site is optimized with the Yoast SEO Premium plugin v27.7 (Yoast SEO v28.3) - https:\/\/yoast.com\/product\/yoast-seo-premium-wordpress\/ -->\n<title>Keres - demoner p\u00e5 slagf\u00e4ltet<\/title>\n<meta name=\"description\" content=\"Keres, demoner p\u00e5 slagf\u00e4ltet och d\u00f6dsbud i den grekiska mytologin. Hesiod och Homeros, deras plats vid sidan av Thanatos och d\u00f6dsmotivet.\" \/>\n<meta name=\"robots\" content=\"index, follow, max-snippet:-1, max-image-preview:large, max-video-preview:-1\" \/>\n<link rel=\"canonical\" href=\"https:\/\/iwell-guard.com\/sv\/keres\/\" \/>\n<meta property=\"og:locale\" content=\"sv_SE\" \/>\n<meta property=\"og:type\" content=\"article\" \/>\n<meta property=\"og:title\" content=\"Keres\" \/>\n<meta property=\"og:description\" content=\"Keres, demoner p\u00e5 slagf\u00e4ltet och d\u00f6dsbud i den grekiska mytologin. Hesiod och Homeros, deras plats vid sidan av Thanatos och d\u00f6dsmotivet.\" \/>\n<meta property=\"og:url\" content=\"https:\/\/iwell-guard.com\/sv\/keres\/\" \/>\n<meta property=\"og:site_name\" content=\"iWell Guard\" \/>\n<meta property=\"article:modified_time\" content=\"2026-09-03T01:04:26+00:00\" \/>\n<meta property=\"og:image\" content=\"https:\/\/iwell-guard.com\/wp-content\/uploads\/2026\/04\/geister_griechenland_keres.webp\" \/>\n\t<meta property=\"og:image:width\" content=\"1024\" \/>\n\t<meta property=\"og:image:height\" content=\"1536\" \/>\n\t<meta property=\"og:image:type\" content=\"image\/webp\" \/>\n<meta name=\"twitter:card\" content=\"summary_large_image\" \/>\n<script type=\"application\/ld+json\" class=\"yoast-schema-graph\">{\"@context\":\"https:\\\/\\\/schema.org\",\"@graph\":[{\"@type\":\"WebPage\",\"@id\":\"https:\\\/\\\/iwell-guard.com\\\/sv\\\/keres\\\/\",\"url\":\"https:\\\/\\\/iwell-guard.com\\\/sv\\\/keres\\\/\",\"name\":\"Keres - demoner p\u00e5 slagf\u00e4ltet\",\"isPartOf\":{\"@id\":\"https:\\\/\\\/iwell-guard.com\\\/sv\\\/#website\"},\"primaryImageOfPage\":{\"@id\":\"https:\\\/\\\/iwell-guard.com\\\/sv\\\/keres\\\/#primaryimage\"},\"image\":{\"@id\":\"https:\\\/\\\/iwell-guard.com\\\/sv\\\/keres\\\/#primaryimage\"},\"thumbnailUrl\":\"https:\\\/\\\/iwell-guard.com\\\/wp-content\\\/uploads\\\/2026\\\/04\\\/geister_griechenland_keres.webp\",\"datePublished\":\"2026-09-03T00:07:35+00:00\",\"dateModified\":\"2026-09-03T01:04:26+00:00\",\"description\":\"Keres, demoner p\u00e5 slagf\u00e4ltet och d\u00f6dsbud i den grekiska mytologin. Hesiod och Homeros, deras plats vid sidan av Thanatos och d\u00f6dsmotivet.\",\"breadcrumb\":{\"@id\":\"https:\\\/\\\/iwell-guard.com\\\/sv\\\/keres\\\/#breadcrumb\"},\"inLanguage\":\"sv-SE\",\"potentialAction\":[{\"@type\":\"ReadAction\",\"target\":[\"https:\\\/\\\/iwell-guard.com\\\/sv\\\/keres\\\/\"]}]},{\"@type\":\"ImageObject\",\"inLanguage\":\"sv-SE\",\"@id\":\"https:\\\/\\\/iwell-guard.com\\\/sv\\\/keres\\\/#primaryimage\",\"url\":\"https:\\\/\\\/iwell-guard.com\\\/wp-content\\\/uploads\\\/2026\\\/04\\\/geister_griechenland_keres.webp\",\"contentUrl\":\"https:\\\/\\\/iwell-guard.com\\\/wp-content\\\/uploads\\\/2026\\\/04\\\/geister_griechenland_keres.webp\",\"width\":1024,\"height\":1536,\"caption\":\"Andar fr\u00e5n den grekiska traditionen.\"},{\"@type\":\"BreadcrumbList\",\"@id\":\"https:\\\/\\\/iwell-guard.com\\\/sv\\\/keres\\\/#breadcrumb\",\"itemListElement\":[{\"@type\":\"ListItem\",\"position\":1,\"name\":\"Start\",\"item\":\"https:\\\/\\\/iwell-guard.com\\\/sv\\\/?page_id=136483\"},{\"@type\":\"ListItem\",\"position\":2,\"name\":\"Keres\"}]},{\"@type\":\"WebSite\",\"@id\":\"https:\\\/\\\/iwell-guard.com\\\/sv\\\/#website\",\"url\":\"https:\\\/\\\/iwell-guard.com\\\/sv\\\/\",\"name\":\"iWell Guard\",\"description\":\"Schutz vor dunklen Einfl\u00fcssen\",\"publisher\":{\"@id\":\"https:\\\/\\\/iwell-guard.com\\\/sv\\\/#organization\"},\"potentialAction\":[{\"@type\":\"SearchAction\",\"target\":{\"@type\":\"EntryPoint\",\"urlTemplate\":\"https:\\\/\\\/iwell-guard.com\\\/sv\\\/?s={search_term_string}\"},\"query-input\":{\"@type\":\"PropertyValueSpecification\",\"valueRequired\":true,\"valueName\":\"search_term_string\"}}],\"inLanguage\":\"sv-SE\"},{\"@type\":\"Organization\",\"@id\":\"https:\\\/\\\/iwell-guard.com\\\/sv\\\/#organization\",\"name\":\"Ittermann electronic GmbH\",\"url\":\"https:\\\/\\\/iwell-guard.com\\\/sv\\\/\",\"logo\":{\"@type\":\"ImageObject\",\"inLanguage\":\"sv-SE\",\"@id\":\"https:\\\/\\\/iwell-guard.com\\\/sv\\\/#\\\/schema\\\/logo\\\/image\\\/\",\"url\":\"https:\\\/\\\/iwell-guard.com\\\/wp-content\\\/uploads\\\/2026\\\/05\\\/Ittermann-Logo-1182x237-1.png\",\"contentUrl\":\"https:\\\/\\\/iwell-guard.com\\\/wp-content\\\/uploads\\\/2026\\\/05\\\/Ittermann-Logo-1182x237-1.png\",\"width\":1182,\"height\":237,\"caption\":\"Ittermann electronic GmbH\"},\"image\":{\"@id\":\"https:\\\/\\\/iwell-guard.com\\\/sv\\\/#\\\/schema\\\/logo\\\/image\\\/\"},\"sameAs\":[\"https:\\\/\\\/pantip.com\\\/profile\\\/9367242\",\"https:\\\/\\\/micro.blog\\\/iwellguard\",\"https:\\\/\\\/www.diggerslist.com\\\/iwellguard\\\/about\",\"https:\\\/\\\/skitterphoto.com\\\/photographers\\\/2870314\\\/iwell-guard\",\"https:\\\/\\\/iwellguard.wordpress.com\\\/2026\\\/06\\\/06\\\/iwell-guard\\\/\",\"https:\\\/\\\/hub.docker.com\\\/u\\\/iwellguard\",\"https:\\\/\\\/www.pinterest.com\\\/iwellguard\\\/\",\"https:\\\/\\\/bit.ly\\\/m\\\/iwellguard\",\"https:\\\/\\\/entre-vos-mains.alsace.eu\\\/profiles\\\/iwellguard\\\/activity\",\"https:\\\/\\\/gravatar.com\\\/reallybeded8fd34\",\"https:\\\/\\\/naijamatta.com\\\/iwellguard\",\"https:\\\/\\\/www.goodreads.com\\\/iwellguard\",\"https:\\\/\\\/profile.hatena.ne.jp\\\/iwellguard\\\/\",\"https:\\\/\\\/experiment.com\\\/users\\\/iwellguard\",\"https:\\\/\\\/wakelet.com\\\/@iWellGuard82270\",\"https:\\\/\\\/www.chordie.com\\\/forum\\\/profile.php?id=2555664\",\"https:\\\/\\\/www.instapaper.com\\\/p\\\/17757966\",\"https:\\\/\\\/www.mapleprimes.com\\\/users\\\/iwellguard\",\"https:\\\/\\\/businesslistingplus.com\\\/profile\\\/iwell-guard\\\/\",\"https:\\\/\\\/telegra.ph\\\/iWell-Guard-06-06\",\"https:\\\/\\\/pbase.com\\\/iwellguard\\\/iwellguard\",\"https:\\\/\\\/b.hatena.ne.jp\\\/iwellguard\\\/20260607#bookmark-4788405196491818882\",\"https:\\\/\\\/fliphtml5.com\\\/home\\\/iwellguard\",\"https:\\\/\\\/anyflip.com\\\/homepage\\\/cmiwl#About\",\"https:\\\/\\\/transfur.com\\\/Users\\\/iwellguard\",\"http:\\\/\\\/delphi.larsbo.org\\\/user\\\/iwellguard\",\"https:\\\/\\\/jobs.lajobsportal.org\\\/profiles\\\/8380803-iwell-guard\",\"https:\\\/\\\/md.chaosdorf.de\\\/s\\\/jfbe5SBdJD\",\"https:\\\/\\\/www.lingvolive.com\\\/en-us\\\/profile\\\/9ecaeaca-ce11-4e51-9e71-01d55e2bff36\\\/translations\",\"https:\\\/\\\/www.fitday.com\\\/fitness\\\/forums\\\/members\\\/iwellguard.html\",\"https:\\\/\\\/www.mymeetbook.com\\\/iwellguard\",\"https:\\\/\\\/pxhere.com\\\/en\\\/photographer-me\\\/5040798\",\"https:\\\/\\\/disqus.com\\\/by\\\/iwellguard\\\/about\\\/\",\"https:\\\/\\\/pastelink.net\\\/hjwciqwq\",\"https:\\\/\\\/pubhtml5.com\\\/homepage\\\/scjhn\\\/\",\"https:\\\/\\\/www.bitchute.com\\\/channel\\\/2O2eOKzNqujT\",\"https:\\\/\\\/audiomack.com\\\/iwellguard\"]},{\"@type\":\"Article\",\"@id\":\"https:\\\/\\\/iwell-guard.com\\\/sv\\\/keres\\\/#article\",\"isPartOf\":{\"@id\":\"https:\\\/\\\/iwell-guard.com\\\/sv\\\/keres\\\/\"},\"author\":{\"name\":\"Ralf Ittermann\",\"@id\":\"https:\\\/\\\/iwell-guard.com\\\/sv\\\/#\\\/schema\\\/person\\\/ee2a27f1cac3406c7c6fb5820cb7349f\"},\"headline\":\"Keres\",\"datePublished\":\"2026-09-03T00:07:35+00:00\",\"dateModified\":\"2026-09-03T01:04:26+00:00\",\"mainEntityOfPage\":{\"@id\":\"https:\\\/\\\/iwell-guard.com\\\/sv\\\/keres\\\/\"},\"publisher\":{\"@id\":\"https:\\\/\\\/iwell-guard.com\\\/sv\\\/#organization\"},\"image\":{\"@id\":\"https:\\\/\\\/iwell-guard.com\\\/sv\\\/keres\\\/#primaryimage\"},\"thumbnailUrl\":\"https:\\\/\\\/iwell-guard.com\\\/wp-content\\\/uploads\\\/2026\\\/04\\\/geister_griechenland_keres.webp\",\"inLanguage\":\"sv-SE\",\"description\":\"Keres, demoner p\u00e5 slagf\u00e4ltet och d\u00f6dsbud i den grekiska mytologin. Hesiod och Homeros, deras plats vid sidan av Thanatos och d\u00f6dsmotivet.\"}]}<\/script>\n<!-- \/ Yoast SEO Premium plugin. -->","yoast_head_json":{"title":"Keres - demoner p\u00e5 slagf\u00e4ltet","description":"Keres, demoner p\u00e5 slagf\u00e4ltet och d\u00f6dsbud i den grekiska mytologin. Hesiod och Homeros, deras plats vid sidan av Thanatos och d\u00f6dsmotivet.","robots":{"index":"index","follow":"follow","max-snippet":"max-snippet:-1","max-image-preview":"max-image-preview:large","max-video-preview":"max-video-preview:-1"},"canonical":"https:\/\/iwell-guard.com\/sv\/keres\/","og_locale":"sv_SE","og_type":"article","og_title":"Keres","og_description":"Keres, demoner p\u00e5 slagf\u00e4ltet och d\u00f6dsbud i den grekiska mytologin. Hesiod och Homeros, deras plats vid sidan av Thanatos och d\u00f6dsmotivet.","og_url":"https:\/\/iwell-guard.com\/sv\/keres\/","og_site_name":"iWell Guard","article_modified_time":"2026-09-03T01:04:26+00:00","og_image":[{"width":1024,"height":1536,"url":"https:\/\/iwell-guard.com\/wp-content\/uploads\/2026\/04\/geister_griechenland_keres.webp","type":"image\/webp"}],"twitter_card":"summary_large_image","schema":{"@context":"https:\/\/schema.org","@graph":[{"@type":"Article","@id":"https:\/\/iwell-guard.com\/sv\/keres\/#article","isPartOf":{"@id":"https:\/\/iwell-guard.com\/sv\/keres\/"},"author":{"name":"Ralf Ittermann","@id":"https:\/\/iwell-guard.com\/sv\/#\/schema\/person\/ee2a27f1cac3406c7c6fb5820cb7349f"},"headline":"Keres","datePublished":"2026-09-03T00:07:35+00:00","dateModified":"2026-09-03T01:04:26+00:00","mainEntityOfPage":{"@id":"https:\/\/iwell-guard.com\/sv\/keres\/"},"publisher":{"@id":"https:\/\/iwell-guard.com\/sv\/#organization"},"image":{"@id":"https:\/\/iwell-guard.com\/sv\/keres\/#primaryimage"},"thumbnailUrl":"https:\/\/iwell-guard.com\/wp-content\/uploads\/2026\/04\/geister_griechenland_keres.webp","inLanguage":"sv-SE","description":"Keres, demoner p\u00e5 slagf\u00e4ltet och d\u00f6dsbud i den grekiska mytologin. Hesiod och Homeros, deras plats vid sidan av Thanatos och d\u00f6dsmotivet."},{"@type":"WebPage","@id":"https:\/\/iwell-guard.com\/sv\/keres\/","url":"https:\/\/iwell-guard.com\/sv\/keres\/","name":"Keres - demoner p\u00e5 slagf\u00e4ltet","isPartOf":{"@id":"https:\/\/iwell-guard.com\/sv\/#website"},"primaryImageOfPage":{"@id":"https:\/\/iwell-guard.com\/sv\/keres\/#primaryimage"},"image":{"@id":"https:\/\/iwell-guard.com\/sv\/keres\/#primaryimage"},"thumbnailUrl":"https:\/\/iwell-guard.com\/wp-content\/uploads\/2026\/04\/geister_griechenland_keres.webp","datePublished":"2026-09-03T00:07:35+00:00","dateModified":"2026-09-03T01:04:26+00:00","description":"Keres, demoner p\u00e5 slagf\u00e4ltet och d\u00f6dsbud i den grekiska mytologin. Hesiod och Homeros, deras plats vid sidan av Thanatos och d\u00f6dsmotivet.","breadcrumb":{"@id":"https:\/\/iwell-guard.com\/sv\/keres\/#breadcrumb"},"inLanguage":"sv-SE","potentialAction":[{"@type":"ReadAction","target":["https:\/\/iwell-guard.com\/sv\/keres\/"]}]},{"@type":"ImageObject","inLanguage":"sv-SE","@id":"https:\/\/iwell-guard.com\/sv\/keres\/#primaryimage","url":"https:\/\/iwell-guard.com\/wp-content\/uploads\/2026\/04\/geister_griechenland_keres.webp","contentUrl":"https:\/\/iwell-guard.com\/wp-content\/uploads\/2026\/04\/geister_griechenland_keres.webp","width":1024,"height":1536,"caption":"Andar fr\u00e5n den grekiska traditionen."},{"@type":"BreadcrumbList","@id":"https:\/\/iwell-guard.com\/sv\/keres\/#breadcrumb","itemListElement":[{"@type":"ListItem","position":1,"name":"Start","item":"https:\/\/iwell-guard.com\/sv\/?page_id=136483"},{"@type":"ListItem","position":2,"name":"Keres"}]},{"@type":"WebSite","@id":"https:\/\/iwell-guard.com\/sv\/#website","url":"https:\/\/iwell-guard.com\/sv\/","name":"iWell Guard","description":"Schutz vor dunklen Einfl\u00fcssen","publisher":{"@id":"https:\/\/iwell-guard.com\/sv\/#organization"},"potentialAction":[{"@type":"SearchAction","target":{"@type":"EntryPoint","urlTemplate":"https:\/\/iwell-guard.com\/sv\/?s={search_term_string}"},"query-input":{"@type":"PropertyValueSpecification","valueRequired":true,"valueName":"search_term_string"}}],"inLanguage":"sv-SE"},{"@type":"Organization","@id":"https:\/\/iwell-guard.com\/sv\/#organization","name":"Ittermann electronic GmbH","url":"https:\/\/iwell-guard.com\/sv\/","logo":{"@type":"ImageObject","inLanguage":"sv-SE","@id":"https:\/\/iwell-guard.com\/sv\/#\/schema\/logo\/image\/","url":"https:\/\/iwell-guard.com\/wp-content\/uploads\/2026\/05\/Ittermann-Logo-1182x237-1.png","contentUrl":"https:\/\/iwell-guard.com\/wp-content\/uploads\/2026\/05\/Ittermann-Logo-1182x237-1.png","width":1182,"height":237,"caption":"Ittermann electronic GmbH"},"image":{"@id":"https:\/\/iwell-guard.com\/sv\/#\/schema\/logo\/image\/"},"sameAs":["https:\/\/pantip.com\/profile\/9367242","https:\/\/micro.blog\/iwellguard","https:\/\/www.diggerslist.com\/iwellguard\/about","https:\/\/skitterphoto.com\/photographers\/2870314\/iwell-guard","https:\/\/iwellguard.wordpress.com\/2026\/06\/06\/iwell-guard\/","https:\/\/hub.docker.com\/u\/iwellguard","https:\/\/www.pinterest.com\/iwellguard\/","https:\/\/bit.ly\/m\/iwellguard","https:\/\/entre-vos-mains.alsace.eu\/profiles\/iwellguard\/activity","https:\/\/gravatar.com\/reallybeded8fd34","https:\/\/naijamatta.com\/iwellguard","https:\/\/www.goodreads.com\/iwellguard","https:\/\/profile.hatena.ne.jp\/iwellguard\/","https:\/\/experiment.com\/users\/iwellguard","https:\/\/wakelet.com\/@iWellGuard82270","https:\/\/www.chordie.com\/forum\/profile.php?id=2555664","https:\/\/www.instapaper.com\/p\/17757966","https:\/\/www.mapleprimes.com\/users\/iwellguard","https:\/\/businesslistingplus.com\/profile\/iwell-guard\/","https:\/\/telegra.ph\/iWell-Guard-06-06","https:\/\/pbase.com\/iwellguard\/iwellguard","https:\/\/b.hatena.ne.jp\/iwellguard\/20260607#bookmark-4788405196491818882","https:\/\/fliphtml5.com\/home\/iwellguard","https:\/\/anyflip.com\/homepage\/cmiwl#About","https:\/\/transfur.com\/Users\/iwellguard","http:\/\/delphi.larsbo.org\/user\/iwellguard","https:\/\/jobs.lajobsportal.org\/profiles\/8380803-iwell-guard","https:\/\/md.chaosdorf.de\/s\/jfbe5SBdJD","https:\/\/www.lingvolive.com\/en-us\/profile\/9ecaeaca-ce11-4e51-9e71-01d55e2bff36\/translations","https:\/\/www.fitday.com\/fitness\/forums\/members\/iwellguard.html","https:\/\/www.mymeetbook.com\/iwellguard","https:\/\/pxhere.com\/en\/photographer-me\/5040798","https:\/\/disqus.com\/by\/iwellguard\/about\/","https:\/\/pastelink.net\/hjwciqwq","https:\/\/pubhtml5.com\/homepage\/scjhn\/","https:\/\/www.bitchute.com\/channel\/2O2eOKzNqujT","https:\/\/audiomack.com\/iwellguard"]},{"@type":"Person","@id":"https:\/\/iwell-guard.com\/sv\/#\/schema\/person\/ee2a27f1cac3406c7c6fb5820cb7349f","name":"Ralf Ittermann","image":{"@type":"ImageObject","inLanguage":"sv-SE","@id":"https:\/\/secure.gravatar.com\/avatar\/073c0153e350a5005b68eb752b445fea71f6b24a26da9449ad7e155e6b446c9d?s=96&d=mm&r=g","url":"https:\/\/secure.gravatar.com\/avatar\/073c0153e350a5005b68eb752b445fea71f6b24a26da9449ad7e155e6b446c9d?s=96&d=mm&r=g","contentUrl":"https:\/\/secure.gravatar.com\/avatar\/073c0153e350a5005b68eb752b445fea71f6b24a26da9449ad7e155e6b446c9d?s=96&d=mm&r=g","caption":"Ralf Ittermann"},"givenName":"Ralf","familyName":"Ittermann","jobTitle":"Gesch\u00e4ftsf\u00fchrer und redaktioneller Verantwortlicher","url":"https:\/\/iwell-guard.com\/sv\/author\/claude\/","description":"Ralf Ittermann ist Gesch\u00e4ftsf\u00fchrer der Ittermann electronic GmbH und redaktioneller Verantwortlicher des iWell-Guard-Lexikons. Er verbindet langj\u00e4hrige Erfahrung in der Pr\u00e4zisionsfertigung mit medialer Praxis und religionsgeschichtlicher Quellenarbeit.","worksFor":{"@type":"Organization","name":"Ittermann electronic GmbH","url":"https:\/\/ittermann.de\/","address":{"@type":"PostalAddress","streetAddress":"K\u00f6hlergasse 16-18","postalCode":"99842","addressLocality":"Ruhla","addressCountry":"DE"}},"knowsAbout":["Religionsgeschichte","Mythologie","Mediale Praxis","Energetische Diagnostik","Schutzpraxis","Volksglauben","Westliche Esoterik"]},{"@type":"Article","@id":"https:\/\/iwell-guard.com\/sv\/keres\/#article","isPartOf":{"@id":"https:\/\/iwell-guard.com\/sv\/keres\/"},"author":{"name":"Ralf Ittermann","@id":"https:\/\/iwell-guard.com\/sv\/#\/schema\/person\/ee2a27f1cac3406c7c6fb5820cb7349f"},"headline":"Keres","datePublished":"2026-09-03T00:07:35+00:00","dateModified":"2026-09-03T01:04:26+00:00","mainEntityOfPage":{"@id":"https:\/\/iwell-guard.com\/sv\/keres\/"},"publisher":{"@id":"https:\/\/iwell-guard.com\/sv\/#organization"},"image":{"@id":"https:\/\/iwell-guard.com\/sv\/keres\/#primaryimage"},"thumbnailUrl":"https:\/\/iwell-guard.com\/wp-content\/uploads\/2026\/04\/geister_griechenland_keres.webp","inLanguage":"sv-SE","description":"Keres, demoner p\u00e5 slagf\u00e4ltet och d\u00f6dsbud i den grekiska mytologin. Hesiod och Homeros, deras plats vid sidan av Thanatos och d\u00f6dsmotivet."}]}},"_links":{"self":[{"href":"https:\/\/iwell-guard.com\/sv\/wp-json\/wp\/v2\/pages\/136502","targetHints":{"allow":["GET"]}}],"collection":[{"href":"https:\/\/iwell-guard.com\/sv\/wp-json\/wp\/v2\/pages"}],"about":[{"href":"https:\/\/iwell-guard.com\/sv\/wp-json\/wp\/v2\/types\/page"}],"author":[{"embeddable":true,"href":"https:\/\/iwell-guard.com\/sv\/wp-json\/wp\/v2\/users\/3"}],"replies":[{"embeddable":true,"href":"https:\/\/iwell-guard.com\/sv\/wp-json\/wp\/v2\/comments?post=136502"}],"version-history":[{"count":0,"href":"https:\/\/iwell-guard.com\/sv\/wp-json\/wp\/v2\/pages\/136502\/revisions"}],"wp:featuredmedia":[{"embeddable":true,"href":"https:\/\/iwell-guard.com\/sv\/wp-json\/wp\/v2\/media\/1683"}],"wp:attachment":[{"href":"https:\/\/iwell-guard.com\/sv\/wp-json\/wp\/v2\/media?parent=136502"}],"wp:term":[{"taxonomy":"category","embeddable":true,"href":"https:\/\/iwell-guard.com\/sv\/wp-json\/wp\/v2\/categories?post=136502"}],"curies":[{"name":"wp","href":"https:\/\/api.w.org\/{rel}","templated":true}]}}