{"id":155894,"date":"2026-09-04T20:22:55","date_gmt":"2026-09-04T20:22:55","guid":{"rendered":"https:\/\/iwell-guard.com\/?page_id=155894"},"modified":"2026-09-04T20:59:24","modified_gmt":"2026-09-04T20:59:24","slug":"aderyn-y-corff","status":"publish","type":"page","link":"https:\/\/iwell-guard.com\/sr\/aderyn-y-corff\/","title":{"rendered":"Aderyn y Corff"},"content":{"rendered":"\t\t<div data-elementor-type=\"wp-page\" data-elementor-id=\"155894\" class=\"elementor elementor-155894 elementor-19559\" data-elementor-post-type=\"page\">\n\t\t\t\t<div class=\"elementor-element elementor-element-10fdade e-flex e-con-boxed e-con e-parent\" data-id=\"10fdade\" data-element_type=\"container\" data-e-type=\"container\" data-settings=\"{&quot;background_background&quot;:&quot;classic&quot;}\">\n\t\t\t\t\t<div class=\"e-con-inner\">\n\t\t<div class=\"elementor-element elementor-element-herohlft0 e-flex e-con-boxed e-con e-child\" data-id=\"herohlft0\" data-element_type=\"container\" data-e-type=\"container\">\n\t\t\t\t\t<div class=\"e-con-inner\">\n\t\t<div class=\"elementor-element elementor-element-c3ceb64 e-con-full e-flex e-con e-child\" data-id=\"c3ceb64\" data-element_type=\"container\" data-e-type=\"container\">\n\t\t\t\t<div class=\"elementor-element elementor-element-96ae5e1 elementor-widget elementor-widget-heading\" data-id=\"96ae5e1\" data-element_type=\"widget\" data-e-type=\"widget\" data-widget_type=\"heading.default\">\n\t\t\t\t\t<h1 class=\"elementor-heading-title elementor-size-default\">Aderyn y Corff, ptica na prozoru umiru\u0107eg<\/h1>\t\t\t\t<\/div>\n\t\t\t\t<div class=\"elementor-element elementor-element-e45238a elementor-widget elementor-widget-text-editor\" data-id=\"e45238a\" data-element_type=\"widget\" data-e-type=\"widget\" data-widget_type=\"text-editor.default\">\n\t\t\t\t\t\t\t\t\t<p>Aderyn y Corff je <span class=\"iwg-fachbegriff\" data-tooltip=\"Netelesno bi\u0107e kome se pripisuje dejstvo u svetu.\" tabindex=\"0\">duh<\/span> vel\u0161ke tradicije.<\/p><p><strong>Njegovo kucanje na vratima najavljuje skora\u0161nju smrt u ku\u0107i.<\/strong><\/p>\t\t\t\t\t\t\t\t<\/div>\n\t\t\t\t<\/div>\n\t\t<div class=\"elementor-element elementor-element-klsbdg01 e-con-full e-flex e-con e-parent\" data-id=\"klsbdg01\" data-element_type=\"container\" data-e-type=\"container\">\n\t\t\t\t<div class=\"elementor-element elementor-element-klshtm01 elementor-widget elementor-widget-html\" data-id=\"klshtm01\" data-element_type=\"widget\" data-e-type=\"widget\" data-widget_type=\"html.default\">\n\t\t\t\t\t<div class=\"iwg-pill-row\"><span class=\"iwg-klasse-badge\" tabindex=\"0\" data-tooltip=\"Duh: Netelesno ili polutelesno bi\u0107e, pokojnici, prirodna bi\u0107a, ku\u0107ni duhovi ili \u010duvari granica. Deluje u svakodnevnom \u017eivotu, \u010desto vezano za mesta ili porodice.\">\u0414\u0443\u0445<\/span><a href=\"https:\/\/iwell-guard.com\/sr\/keltska\/\" class=\"iwg-kultur-badge\" tabindex=\"0\" data-tooltip=\"Keltska religija zapadne Evrope i Britanskih ostrva, mitolo\u0161ki preno\u0161ena kroz irsko-vel\u0161ke tekstove.\">\u041a\u0435\u043b\u0442\u0441\u043a\u0438<\/a><\/div>\t\t\t\t<\/div>\n\t\t\t\t<\/div>\n\t\t<div class=\"elementor-element elementor-element-3f74855 e-con-full e-flex e-con e-child\" data-id=\"3f74855\" data-element_type=\"container\" data-e-type=\"container\">\n\t\t\t\t<div class=\"elementor-element elementor-element-1c30362 elementor-toc--minimized-on-tablet elementor-widget elementor-widget-table-of-contents\" data-id=\"1c30362\" data-element_type=\"widget\" data-e-type=\"widget\" data-settings=\"{&quot;exclude_headings_by_selector&quot;:[],&quot;no_headings_message&quot;:&quot;\\u041d\\u0430 \\u043e\\u0432\\u043e\\u0458 \\u0441\\u0442\\u0440\\u0430\\u043d\\u0438\\u0446\\u0438 \\u043d\\u0438\\u0441\\u0443 \\u043f\\u0440\\u043e\\u043d\\u0430\\u0452\\u0435\\u043d\\u0438 \\u043d\\u0430\\u0441\\u043b\\u043e\\u0432\\u0438.&quot;,&quot;headings_by_tags&quot;:[&quot;h2&quot;,&quot;h3&quot;],&quot;marker_view&quot;:&quot;bullets&quot;,&quot;icon&quot;:{&quot;value&quot;:&quot;fas fa-circle&quot;,&quot;library&quot;:&quot;fa-solid&quot;,&quot;rendered_tag&quot;:&quot;&lt;svg class=\\&quot;e-font-icon-svg e-fas-circle\\&quot; viewBox=\\&quot;0 0 512 512\\&quot; xmlns=\\&quot;http:\\\/\\\/www.w3.org\\\/2000\\\/svg\\&quot;&gt;&lt;path d=\\&quot;M256 8C119 8 8 119 8 256s111 248 248 248 248-111 248-248S393 8 256 8z\\&quot;&gt;&lt;\\\/path&gt;&lt;\\\/svg&gt;&quot;},&quot;minimize_box&quot;:&quot;yes&quot;,&quot;minimized_on&quot;:&quot;tablet&quot;,&quot;hierarchical_view&quot;:&quot;yes&quot;,&quot;min_height&quot;:{&quot;unit&quot;:&quot;px&quot;,&quot;size&quot;:&quot;&quot;,&quot;sizes&quot;:[]},&quot;min_height_tablet&quot;:{&quot;unit&quot;:&quot;px&quot;,&quot;size&quot;:&quot;&quot;,&quot;sizes&quot;:[]},&quot;min_height_mobile&quot;:{&quot;unit&quot;:&quot;px&quot;,&quot;size&quot;:&quot;&quot;,&quot;sizes&quot;:[]}}\" data-widget_type=\"table-of-contents.default\">\n\t\t\t\t\t\t\t\t\t<div class=\"elementor-toc__header\">\n\t\t\t\t\t\t<h2 class=\"elementor-toc__header-title\">\n\t\t\t\t\u0421\u0430\u0434\u0440\u0436\u0430\u0458\t\t\t<\/h2>\n\t\t\t\t\t\t\t\t\t\t<div class=\"elementor-toc__toggle-button elementor-toc__toggle-button--expand\" role=\"button\" tabindex=\"0\" aria-controls=\"elementor-toc__1c30362\" aria-expanded=\"true\" aria-label=\"Open table of contents\"><svg aria-hidden=\"true\" class=\"e-font-icon-svg e-fas-chevron-down\" viewBox=\"0 0 448 512\" xmlns=\"http:\/\/www.w3.org\/2000\/svg\"><path d=\"M207.029 381.476L12.686 187.132c-9.373-9.373-9.373-24.569 0-33.941l22.667-22.667c9.357-9.357 24.522-9.375 33.901-.04L224 284.505l154.745-154.021c9.379-9.335 24.544-9.317 33.901.04l22.667 22.667c9.373 9.373 9.373 24.569 0 33.941L240.971 381.476c-9.373 9.372-24.569 9.372-33.942 0z\"><\/path><\/svg><\/div>\n\t\t\t\t<div class=\"elementor-toc__toggle-button elementor-toc__toggle-button--collapse\" role=\"button\" tabindex=\"0\" aria-controls=\"elementor-toc__1c30362\" aria-expanded=\"true\" aria-label=\"Close table of contents\"><svg aria-hidden=\"true\" class=\"e-font-icon-svg e-fas-chevron-up\" viewBox=\"0 0 448 512\" xmlns=\"http:\/\/www.w3.org\/2000\/svg\"><path d=\"M240.971 130.524l194.343 194.343c9.373 9.373 9.373 24.569 0 33.941l-22.667 22.667c-9.357 9.357-24.522 9.375-33.901.04L224 227.495 69.255 381.516c-9.379 9.335-24.544 9.317-33.901-.04l-22.667-22.667c-9.373-9.373-9.373-24.569 0-33.941L207.03 130.525c9.372-9.373 24.568-9.373 33.941-.001z\"><\/path><\/svg><\/div>\n\t\t\t\t\t<\/div>\n\t\t\t\t<div id=\"elementor-toc__1c30362\" class=\"elementor-toc__body\">\n\t\t\t<div class=\"elementor-toc__spinner-container\">\n\t\t\t\t<svg class=\"elementor-toc__spinner eicon-animation-spin e-font-icon-svg e-eicon-loading\" aria-hidden=\"true\" viewBox=\"0 0 1000 1000\" xmlns=\"http:\/\/www.w3.org\/2000\/svg\"><path d=\"M500 975V858C696 858 858 696 858 500S696 142 500 142 142 304 142 500H25C25 237 238 25 500 25S975 237 975 500 763 975 500 975Z\"><\/path><\/svg>\t\t\t<\/div>\n\t\t<\/div>\n\t\t\t\t\t\t<\/div>\n\t\t\t\t<\/div>\n\t\t\t\t\t<\/div>\n\t\t\t\t<\/div>\n\t\t<div class=\"elementor-element elementor-element-herorght0 e-con-full e-flex e-con e-child\" data-id=\"herorght0\" data-element_type=\"container\" data-e-type=\"container\">\n\t\t\t\t<div class=\"elementor-element elementor-element-heroimg00 iwg-hero-image elementor-widget elementor-widget-image\" data-id=\"heroimg00\" data-element_type=\"widget\" data-e-type=\"widget\" data-widget_type=\"image.default\">\n\t\t\t\t\t\t\t\t\t\t\t\t\t\t\t<img fetchpriority=\"high\" decoding=\"async\" width=\"683\" height=\"1024\" src=\"https:\/\/iwell-guard.com\/wp-content\/uploads\/2026\/07\/geister_keltisch_aderyn-y-corff-683x1024.webp\" class=\"attachment-large size-large wp-image-156386\" alt=\"Adern \u0438 \u041a\u043e\u0440, \u0434\u0443\u0445 \u043a\u0435\u043b\u0442\u0441\u043a\u043e\u0433 \u043f\u0440\u0435\u0434\u0430\u045a\u0430&quot;}\n```\n\nSa\u010dekaj, dozvoli mi da ponovo pogledam ovo pa\u017eljivije.\n\n```json\n{&quot;4396ae2a3e03eb29&quot;: &quot;\u0410\u0434\u0435\u0440\u0438\u043d \u0443 \u041a\u043e\u0440, \u0434\u0443\u0445 \u043a\u0435\u043b\u0442\u0441\u043a\u043e\u0433 \u043f\u0440\u0435\u0434\u0430\u045a\u0430\" srcset=\"https:\/\/iwell-guard.com\/wp-content\/uploads\/2026\/07\/geister_keltisch_aderyn-y-corff-683x1024.webp 683w, https:\/\/iwell-guard.com\/wp-content\/uploads\/2026\/07\/geister_keltisch_aderyn-y-corff-200x300.webp 200w, https:\/\/iwell-guard.com\/wp-content\/uploads\/2026\/07\/geister_keltisch_aderyn-y-corff-768x1152.webp 768w, https:\/\/iwell-guard.com\/wp-content\/uploads\/2026\/07\/geister_keltisch_aderyn-y-corff.webp 1024w\" sizes=\"(max-width: 683px) 100vw, 683px\" \/>\t\t\t\t\t\t\t\t\t\t\t\t\t\t\t<\/div>\n\t\t\t\t<\/div>\n\t\t\t\t\t<\/div>\n\t\t\t\t<\/div>\n\t\t<div class=\"elementor-element elementor-element-32917199 e-flex e-con-boxed e-con e-parent\" data-id=\"32917199\" data-element_type=\"container\" data-e-type=\"container\">\n\t\t\t\t\t<div class=\"e-con-inner\">\n\t\t<div class=\"elementor-element elementor-element-26e916cb e-flex e-con-boxed e-con e-child\" data-id=\"26e916cb\" data-element_type=\"container\" data-e-type=\"container\">\n\t\t\t\t\t<div class=\"e-con-inner\">\n\t\t<div class=\"elementor-element elementor-element-253a40d4 e-flex e-con-boxed e-con e-child\" data-id=\"253a40d4\" data-element_type=\"container\" data-e-type=\"container\">\n\t\t\t\t\t<div class=\"e-con-inner\">\n\t\t\t\t<div class=\"elementor-element elementor-element-1200c304 elementor-widget elementor-widget-heading\" data-id=\"1200c304\" data-element_type=\"widget\" data-e-type=\"widget\" data-widget_type=\"heading.default\">\n\t\t\t\t\t<div class=\"elementor-heading-title elementor-size-default\">Aderyn y Corff<\/div>\t\t\t\t<\/div>\n\t\t\t\t<div class=\"elementor-element elementor-element-11758e7f elementor-widget elementor-widget-text-editor\" data-id=\"11758e7f\" data-element_type=\"widget\" data-e-type=\"widget\" data-widget_type=\"text-editor.default\">\n\t\t\t\t\t\t\t\t\t<p>Aderyn y Corff, le\u0161-ptica, jeste vel\u0161ki predznak smrti. Njegovo kucanje ili dozivanje na vratima ili prozoru ku\u0107e smatra se znakom da \u0107e tamo uskoro umreti \u010dovek. Narodno tuma\u010denje ga poistove\u0107uje sa sovom, dok starija predanja ga poimaju kao samostalno, natprirodno bi\u0107e.<\/p><p>Ime se sastoji od re\u010di <em>aderyn<\/em>, ptica, i <em>corff<\/em> ili <em>corph<\/em>, telo i le\u0161, i u prevodu zna\u010di le\u0161-ptica. Njegov zov se onomatopejski prenosi kao <em>dewch, dewch<\/em>, na vel\u0161kom \u201edo\u0111i, do\u0111i&#8220;, \u0161to se tuma\u010di kao poziv umiru\u0107em da po\u0111e na onaj svet. Ovo bi\u0107e zabele\u017eeno je pre svega kod Virta Sajksa (Wirt Sikes) i Meri Trevelijan (Marie Trevelyan); izvorna gra\u0111a ostaje osetno oskudnija nego kod Canwyll Corff, le\u0161-sve\u0107e, ili Cyhyraeth.<\/p>\t\t\t\t\t\t\t\t<\/div>\n\t\t\t\t\t<\/div>\n\t\t\t\t<\/div>\n\t\t<div class=\"elementor-element elementor-element-159dcf9a e-flex e-con-boxed e-con e-child\" data-id=\"159dcf9a\" data-element_type=\"container\" data-e-type=\"container\">\n\t\t\t\t\t<div class=\"e-con-inner\">\n\t\t\t\t<div class=\"elementor-element elementor-element-48cee66f elementor-widget elementor-widget-heading\" data-id=\"48cee66f\" data-element_type=\"widget\" data-e-type=\"widget\" data-widget_type=\"heading.default\">\n\t\t\t\t\t<div class=\"elementor-heading-title elementor-size-default\">Na prvi pogled: Aderyn y Corff<\/div>\t\t\t\t<\/div>\n\t\t\t\t<div class=\"elementor-element elementor-element-3f50d82c elementor-widget elementor-widget-text-editor\" data-id=\"3f50d82c\" data-element_type=\"widget\" data-e-type=\"widget\" data-widget_type=\"text-editor.default\">\n\t\t\t\t\t\t\t\t\t<p><strong>Tip:<\/strong> predznak smrti u obli\u010dju ptice, naj\u010de\u0161\u0107e tuma\u010den kao sova<br>Poreklo: vel\u0161ko narodno verovanje o smrti i predznacima, seoski Vels<br>Tekstovi: relativno oskudno zabele\u017eeno, pre svega kod Sajksa i Trevelijan<br>Period: pre svega 18. i 19. vek, zabele\u017eeno kod skuplja\u010da folklora<br>Izgled: ptica, naj\u010de\u0161\u0107e poistove\u0107ena sa sovom, u starijim predanjima bez perja i krila<\/p>\t\t\t\t\t\t\t\t<\/div>\n\t\t\t\t\t<\/div>\n\t\t\t\t<\/div>\n\t\t\t\t\t<\/div>\n\t\t\t\t<\/div>\n\t\t\t\t\t<\/div>\n\t\t\t\t<\/div>\n\t\t<div class=\"elementor-element elementor-element-18613602 e-flex e-con-boxed e-con e-parent\" data-id=\"18613602\" data-element_type=\"container\" data-e-type=\"container\">\n\t\t\t\t\t<div class=\"e-con-inner\">\n\t\t\t\t<div class=\"elementor-element elementor-element-262b8a9f elementor-widget elementor-widget-heading\" data-id=\"262b8a9f\" data-element_type=\"widget\" data-e-type=\"widget\" data-widget_type=\"heading.default\">\n\t\t\t\t\t<h2 class=\"elementor-heading-title elementor-size-default\">Kontekst izvora<\/h2>\t\t\t\t<\/div>\n\t\t<div class=\"elementor-element elementor-element-46dcb7d e-con-full e-flex e-con e-child\" data-id=\"46dcb7d\" data-element_type=\"container\" data-e-type=\"container\">\n\t\t<div class=\"elementor-element elementor-element-61d3ab3 e-flex e-con-boxed e-con e-child\" data-id=\"61d3ab3\" data-element_type=\"container\" data-e-type=\"container\">\n\t\t\t\t\t<div class=\"e-con-inner\">\n\t\t\t\t<div class=\"elementor-element elementor-element-117c166 elementor-widget elementor-widget-heading\" data-id=\"117c166\" data-element_type=\"widget\" data-e-type=\"widget\" data-widget_type=\"heading.default\">\n\t\t\t\t\t<h3 class=\"elementor-heading-title elementor-size-default\">\u0420\u0430\u0437\u0434\u043e\u0431\u0459\u0435 \u0442\u0435\u043a\u0441\u0442\u043e\u0432\u0430<\/h3>\t\t\t\t<\/div>\n\t\t\t\t<div class=\"elementor-element elementor-element-73997a0 elementor-widget elementor-widget-text-editor\" data-id=\"73997a0\" data-element_type=\"widget\" data-e-type=\"widget\" data-widget_type=\"text-editor.default\">\n\t\t\t\t\t\t\t\t\t<p>Pre svega 18. i 19. vek: u tom periodu vel\u0161ki skuplja\u010di folklora bilo je zabele\u017eeno ovo predznamenje u svojim delima.<\/p>\t\t\t\t\t\t\t\t<\/div>\n\t\t\t\t\t<\/div>\n\t\t\t\t<\/div>\n\t\t<div class=\"elementor-element elementor-element-d47b156 e-flex e-con-boxed e-con e-child\" data-id=\"d47b156\" data-element_type=\"container\" data-e-type=\"container\">\n\t\t\t\t\t<div class=\"e-con-inner\">\n\t\t\t\t<div class=\"elementor-element elementor-element-ff38c2b elementor-widget elementor-widget-heading\" data-id=\"ff38c2b\" data-element_type=\"widget\" data-e-type=\"widget\" data-widget_type=\"heading.default\">\n\t\t\t\t\t<h3 class=\"elementor-heading-title elementor-size-default\">\u041f\u0440\u043e\u0441\u0442\u043e\u0440 \u0440\u0430\u0441\u043f\u0440\u043e\u0441\u0442\u0440\u0430\u045a\u0435\u043d\u043e\u0441\u0442\u0438<\/h3>\t\t\t\t<\/div>\n\t\t\t\t<div class=\"elementor-element elementor-element-4e49fcc elementor-widget elementor-widget-text-editor\" data-id=\"4e49fcc\" data-element_type=\"widget\" data-e-type=\"widget\" data-widget_type=\"text-editor.default\">\n\t\t\t\t\t\t\t\t\t<p>Seoski Vels, posebno vel\u0161kogovorne oblasti, u kojima je verovanje u ovaj predznak bilo \u017eivo.<\/p>\t\t\t\t\t\t\t\t<\/div>\n\t\t\t\t\t<\/div>\n\t\t\t\t<\/div>\n\t\t\t\t<\/div>\n\t\t<div class=\"elementor-element elementor-element-db03c39 e-con-full e-flex e-con e-child\" data-id=\"db03c39\" data-element_type=\"container\" data-e-type=\"container\">\n\t\t<div class=\"elementor-element elementor-element-229a87b e-flex e-con-boxed e-con e-child\" data-id=\"229a87b\" data-element_type=\"container\" data-e-type=\"container\">\n\t\t\t\t\t<div class=\"e-con-inner\">\n\t\t\t\t<div class=\"elementor-element elementor-element-1f471fc elementor-widget elementor-widget-heading\" data-id=\"1f471fc\" data-element_type=\"widget\" data-e-type=\"widget\" data-widget_type=\"heading.default\">\n\t\t\t\t\t<h3 class=\"elementor-heading-title elementor-size-default\">\u0421\u0442\u0430\u045a\u0435 \u0438\u0437\u0432\u043e\u0440\u0430<\/h3>\t\t\t\t<\/div>\n\t\t\t\t<div class=\"elementor-element elementor-element-36b1201 elementor-widget elementor-widget-text-editor\" data-id=\"36b1201\" data-element_type=\"widget\" data-e-type=\"widget\" data-widget_type=\"text-editor.default\">\n\t\t\t\t\t\t\t\t\t<p>Relativno oskudno: glavni izvori poti\u010du od Virta Sajksa i Meri Trevelijan, znatno oskudnije nego kod le\u0161-sve\u0107e ili Cyhyraeth.<\/p>\t\t\t\t\t\t\t\t<\/div>\n\t\t\t\t\t<\/div>\n\t\t\t\t<\/div>\n\t\t\t\t<\/div>\n\t\t\t\t\t<\/div>\n\t\t\t\t<\/div>\n\t\t<div class=\"elementor-element elementor-element-3ae0637c e-flex e-con-boxed e-con e-parent\" data-id=\"3ae0637c\" data-element_type=\"container\" data-e-type=\"container\">\n\t\t\t\t\t<div class=\"e-con-inner\">\n\t\t\t\t<div class=\"elementor-element elementor-element-31d07739 elementor-widget elementor-widget-heading\" data-id=\"31d07739\" data-element_type=\"widget\" data-e-type=\"widget\" data-widget_type=\"heading.default\">\n\t\t\t\t\t<h2 class=\"elementor-heading-title elementor-size-default\">\u0418\u043c\u0435 \u0438 \u0432\u0430\u0440\u0438\u0458\u0430\u043d\u0442\u0435<\/h2>\t\t\t\t<\/div>\n\t\t<div class=\"elementor-element elementor-element-b7642947 e-con-full e-flex e-con e-child\" data-id=\"b7642947\" data-element_type=\"container\" data-e-type=\"container\">\n\t\t\t\t<div class=\"elementor-element elementor-element-a086266 elementor-widget elementor-widget-text-editor\" data-id=\"a086266\" data-element_type=\"widget\" data-e-type=\"widget\" data-widget_type=\"text-editor.default\">\n\t\t\t\t\t\t\t\t\t<p><strong>Vel\u0161ki:<\/strong> <em>aderyn<\/em> zna\u010di ptica, <em>corff<\/em> ili <em>corph<\/em> zna\u010di telo ili le\u0161: Aderyn y Corff u prevodu zna\u010di le\u0161-ptica. Starije pisanje glasi Aderyn y Corph, uz to je ra\u0161iren i jednostavniji oblik aderyn corph, bez veznika y.<\/p>\t\t\t\t\t\t\t\t<\/div>\n\t\t\t\t<\/div>\n\t\t\t\t\t<\/div>\n\t\t\t\t<\/div>\n\t\t<div class=\"elementor-element elementor-element-709a44a8 e-flex e-con-boxed e-con e-parent\" data-id=\"709a44a8\" data-element_type=\"container\" data-e-type=\"container\">\n\t\t\t\t\t<div class=\"e-con-inner\">\n\t\t\t\t<div class=\"elementor-element elementor-element-2f585873 elementor-widget elementor-widget-heading\" data-id=\"2f585873\" data-element_type=\"widget\" data-e-type=\"widget\" data-widget_type=\"heading.default\">\n\t\t\t\t\t<h2 class=\"elementor-heading-title elementor-size-default\">\u041e\u043f\u0438\u0441<\/h2>\t\t\t\t<\/div>\n\t\t<div class=\"elementor-element elementor-element-70621c12 e-con-full e-flex e-con e-child\" data-id=\"70621c12\" data-element_type=\"container\" data-e-type=\"container\">\n\t\t\t\t<div class=\"elementor-element elementor-element-4296eb49 elementor-widget elementor-widget-text-editor\" data-id=\"4296eb49\" data-element_type=\"widget\" data-e-type=\"widget\" data-widget_type=\"text-editor.default\">\n\t\t\t\t\t\t\t\t\t<p><strong>Izgled<\/strong><\/p><p>Aderyn y Corff se pojavljuje u obliku ptice, u narodnom tuma\u010denju naj\u010de\u0161\u0107e kao sova. Starija predanja ga poznaju i kao bi\u0107e bez perja i krila, koje izme\u0111u svojih pojavljivanja boravi na drugom nivou postojanja. Kao no\u0107na ptica i ptica granice, sova simbolizuje prelaz izme\u0111u \u017eivota i smrti.<\/p><p><strong>Dejstvo<\/strong><\/p><p>Ptica no\u0107u kuca ili doziva na vratima ili prozoru ku\u0107e u kojoj \u0107e uskoro neko umreti, i time obele\u017eava ku\u0107ni prag kao granicu izme\u0111u ovog i onog sveta. Njeno dejstvo je isklju\u010divo najavljiva\u010dko: ona ne prouzrokuje smrt, ve\u0107 je samo javlja, a ko \u010duje njen zov, tuma\u010di to kao znak skorog smrtnog slu\u010daja u ku\u0107i.<\/p>\t\t\t\t\t\t\t\t<\/div>\n\t\t\t\t<\/div>\n\t\t\t\t\t<\/div>\n\t\t\t\t<\/div>\n\t\t<div class=\"elementor-element elementor-element-44e71476 e-flex e-con-boxed e-con e-parent\" data-id=\"44e71476\" data-element_type=\"container\" data-e-type=\"container\">\n\t\t\t\t\t<div class=\"e-con-inner\">\n\t\t\t\t<div class=\"elementor-element elementor-element-3c1fc3f0 elementor-widget elementor-widget-heading\" data-id=\"3c1fc3f0\" data-element_type=\"widget\" data-e-type=\"widget\" data-widget_type=\"heading.default\">\n\t\t\t\t\t<h2 class=\"elementor-heading-title elementor-size-default\">Profil: Aderyn y Corff<\/h2>\t\t\t\t<\/div>\n\t\t<div class=\"elementor-element elementor-element-84f33b8e e-con-full e-flex e-con e-child\" data-id=\"84f33b8e\" data-element_type=\"container\" data-e-type=\"container\">\n\t\t\t\t<div class=\"elementor-element elementor-element-hqkdc67p elementor-widget elementor-widget-text-editor\" data-id=\"hqkdc67p\" data-element_type=\"widget\" data-e-type=\"widget\" data-widget_type=\"text-editor.default\">\n\t\t\t\t\t\t\t\t\t<p>Najva\u017eniji aspekti le\u0161-ptice na prvi pogled.<\/p>\t\t\t\t\t\t\t\t<\/div>\n\t\t\t\t<\/div>\n\t\t<div class=\"elementor-element elementor-element-pemmx7c5 e-con-full e-flex e-con e-child\" data-id=\"pemmx7c5\" data-element_type=\"container\" data-e-type=\"container\">\n\t\t<div class=\"elementor-element elementor-element-pemmx7c1 e-con-full e-flex e-con e-child\" data-id=\"pemmx7c1\" data-element_type=\"container\" data-e-type=\"container\">\n\t\t<div class=\"elementor-element elementor-element-qh9oavvu iwg-steckbrief-card e-flex e-con-boxed e-con e-child\" data-id=\"qh9oavvu\" data-element_type=\"container\" data-e-type=\"container\">\n\t\t\t\t\t<div class=\"e-con-inner\">\n\t\t\t\t<div class=\"elementor-element elementor-element-awzx8k2k elementor-widget elementor-widget-heading\" data-id=\"awzx8k2k\" data-element_type=\"widget\" data-e-type=\"widget\" data-widget_type=\"heading.default\">\n\t\t\t\t\t<div class=\"elementor-heading-title elementor-size-default\">Kulturni kontekst<\/div>\t\t\t\t<\/div>\n\t\t\t\t<div class=\"elementor-element elementor-element-x6rowhv0 elementor-widget elementor-widget-text-editor\" data-id=\"x6rowhv0\" data-element_type=\"widget\" data-e-type=\"widget\" data-widget_type=\"text-editor.default\">\n\t\t\t\t\t\t\t\t\t<p>Deo vel\u0161ke tradicije predznaka smrti, koja poznaje najave umiranja u obliku \u017eivotinja, svetlosti i zvuka.<\/p>\t\t\t\t\t\t\t\t<\/div>\n\t\t\t\t\t<\/div>\n\t\t\t\t<\/div>\n\t\t<div class=\"elementor-element elementor-element-8e3o4kxs iwg-steckbrief-card e-flex e-con-boxed e-con e-child\" data-id=\"8e3o4kxs\" data-element_type=\"container\" data-e-type=\"container\">\n\t\t\t\t\t<div class=\"e-con-inner\">\n\t\t\t\t<div class=\"elementor-element elementor-element-08rkdgov elementor-widget elementor-widget-heading\" data-id=\"08rkdgov\" data-element_type=\"widget\" data-e-type=\"widget\" data-widget_type=\"heading.default\">\n\t\t\t\t\t<div class=\"elementor-heading-title elementor-size-default\">\u041e\u0434\u043d\u043e\u0441\u0438 \u0441\u0435 \u043d\u0430<\/div>\t\t\t\t<\/div>\n\t\t\t\t<div class=\"elementor-element elementor-element-uwjelx8s elementor-widget elementor-widget-text-editor\" data-id=\"uwjelx8s\" data-element_type=\"widget\" data-e-type=\"widget\" data-widget_type=\"text-editor.default\">\n\t\t\t\t\t\t\t\t\t<p>Onome ko \u0107e uskoro umreti i njegovom doma\u0107instvu, na \u010dijim vratima ili prozoru se ptica pojavljuje.<\/p>\t\t\t\t\t\t\t\t<\/div>\n\t\t\t\t\t<\/div>\n\t\t\t\t<\/div>\n\t\t<div class=\"elementor-element elementor-element-jm2n74ec iwg-steckbrief-card e-flex e-con-boxed e-con e-child\" data-id=\"jm2n74ec\" data-element_type=\"container\" data-e-type=\"container\">\n\t\t\t\t\t<div class=\"e-con-inner\">\n\t\t\t\t<div class=\"elementor-element elementor-element-8vufse4c elementor-widget elementor-widget-heading\" data-id=\"8vufse4c\" data-element_type=\"widget\" data-e-type=\"widget\" data-widget_type=\"heading.default\">\n\t\t\t\t\t<div class=\"elementor-heading-title elementor-size-default\">Prikaz<\/div>\t\t\t\t<\/div>\n\t\t\t\t<div class=\"elementor-element elementor-element-mwb9u015 elementor-widget elementor-widget-text-editor\" data-id=\"mwb9u015\" data-element_type=\"widget\" data-e-type=\"widget\" data-widget_type=\"text-editor.default\">\n\t\t\t\t\t\t\t\t\t<p>Naj\u010de\u0161\u0107e tuma\u010dena kao sova, u starijim predanjima i kao bi\u0107e bez perja i krila, bez stalnog pti\u010djeg tela.<\/p>\t\t\t\t\t\t\t\t<\/div>\n\t\t\t\t\t<\/div>\n\t\t\t\t<\/div>\n\t\t\t\t<\/div>\n\t\t<div class=\"elementor-element elementor-element-pemmx7c2 e-con-full e-flex e-con e-child\" data-id=\"pemmx7c2\" data-element_type=\"container\" data-e-type=\"container\">\n\t\t<div class=\"elementor-element elementor-element-37ss2yr6 iwg-steckbrief-card e-flex e-con-boxed e-con e-child\" data-id=\"37ss2yr6\" data-element_type=\"container\" data-e-type=\"container\">\n\t\t\t\t\t<div class=\"e-con-inner\">\n\t\t\t\t<div class=\"elementor-element elementor-element-3v0wp3wx elementor-widget elementor-widget-heading\" data-id=\"3v0wp3wx\" data-element_type=\"widget\" data-e-type=\"widget\" data-widget_type=\"heading.default\">\n\t\t\t\t\t<div class=\"elementor-heading-title elementor-size-default\">\u0424\u0443\u043d\u043a\u0446\u0438\u0458\u0430<\/div>\t\t\t\t<\/div>\n\t\t\t\t<div class=\"elementor-element elementor-element-w3247g2m elementor-widget elementor-widget-text-editor\" data-id=\"w3247g2m\" data-element_type=\"widget\" data-e-type=\"widget\" data-widget_type=\"text-editor.default\">\n\t\t\t\t\t\t\t\t\t<p>\u010cisto predznamenje: njegovo kucanje najavljuje skora\u0161nju smrt u ku\u0107i, ali je ne prouzrokuje.<\/p>\t\t\t\t\t\t\t\t<\/div>\n\t\t\t\t\t<\/div>\n\t\t\t\t<\/div>\n\t\t<div class=\"elementor-element elementor-element-0qpjal9w iwg-steckbrief-card e-flex e-con-boxed e-con e-child\" data-id=\"0qpjal9w\" data-element_type=\"container\" data-e-type=\"container\">\n\t\t\t\t\t<div class=\"e-con-inner\">\n\t\t\t\t<div class=\"elementor-element elementor-element-6ndoih0o elementor-widget elementor-widget-heading\" data-id=\"6ndoih0o\" data-element_type=\"widget\" data-e-type=\"widget\" data-widget_type=\"heading.default\">\n\t\t\t\t\t<div class=\"elementor-heading-title elementor-size-default\">\u041e\u0434\u043d\u043e\u0441<\/div>\t\t\t\t<\/div>\n\t\t\t\t<div class=\"elementor-element elementor-element-6684tyh9 elementor-widget elementor-widget-text-editor\" data-id=\"6684tyh9\" data-element_type=\"widget\" data-e-type=\"widget\" data-widget_type=\"text-editor.default\">\n\t\t\t\t\t\t\t\t\t<p>Nije zabele\u017een nikakav ritual proterivanja; zov se tuma\u010di i priprema se za predstoje\u0107u smrt.<\/p>\t\t\t\t\t\t\t\t<\/div>\n\t\t\t\t\t<\/div>\n\t\t\t\t<\/div>\n\t\t<div class=\"elementor-element elementor-element-3lfi7x32 iwg-steckbrief-card e-flex e-con-boxed e-con e-child\" data-id=\"3lfi7x32\" data-element_type=\"container\" data-e-type=\"container\">\n\t\t\t\t\t<div class=\"e-con-inner\">\n\t\t\t\t<div class=\"elementor-element elementor-element-0kg99ga1 elementor-widget elementor-widget-heading\" data-id=\"0kg99ga1\" data-element_type=\"widget\" data-e-type=\"widget\" data-widget_type=\"heading.default\">\n\t\t\t\t\t<div class=\"elementor-heading-title elementor-size-default\">\u0421\u0440\u043e\u0434\u043d\u043e<\/div>\t\t\t\t<\/div>\n\t\t\t\t<div class=\"elementor-element elementor-element-n0fum6kp elementor-widget elementor-widget-text-editor\" data-id=\"n0fum6kp\" data-element_type=\"widget\" data-e-type=\"widget\" data-widget_type=\"text-editor.default\">\n\t\t\t\t\t\t\t\t\t<p><a href=\"https:\/\/iwell-guard.com\/sr\/?page_id=155908\">Cyhyraeth<\/a>, <a href=\"https:\/\/iwell-guard.com\/sr\/?page_id=155917\">Gwrach y Rhibyn<\/a> i <a href=\"https:\/\/iwell-guard.com\/sr\/?page_id=155890\">Cwn Annwn<\/a> kao dalji vel\u0161ki glasnici smrti.<\/p>\t\t\t\t\t\t\t\t<\/div>\n\t\t\t\t\t<\/div>\n\t\t\t\t<\/div>\n\t\t\t\t<\/div>\n\t\t\t\t<\/div>\n\t\t\t\t\t<\/div>\n\t\t\t\t<\/div>\n\t\t<div class=\"elementor-element elementor-element-7533bc7a e-flex e-con-boxed e-con e-parent\" data-id=\"7533bc7a\" data-element_type=\"container\" data-e-type=\"container\">\n\t\t\t\t\t<div class=\"e-con-inner\">\n\t\t\t\t<div class=\"elementor-element elementor-element-2447d18d elementor-widget elementor-widget-heading\" data-id=\"2447d18d\" data-element_type=\"widget\" data-e-type=\"widget\" data-widget_type=\"heading.default\">\n\t\t\t\t\t<h2 class=\"elementor-heading-title elementor-size-default\">Zov \u201edo\u0111i, do\u0111i\" i tuma\u010denje kao sova<\/h2>\t\t\t\t<\/div>\n\t\t<div class=\"elementor-element elementor-element-d5d0260c e-con-full e-flex e-con e-child\" data-id=\"d5d0260c\" data-element_type=\"container\" data-e-type=\"container\">\n\t\t\t\t<div class=\"elementor-element elementor-element-341be2ac elementor-widget elementor-widget-text-editor\" data-id=\"341be2ac\" data-element_type=\"widget\" data-e-type=\"widget\" data-widget_type=\"text-editor.default\">\n\t\t\t\t\t\t\t\t\t<p>Zov ptice se onomatopejski prenosi kao <em>dewch, dewch<\/em>, na vel\u0161kom \u201edo\u0111i, do\u0111i&#8220;, i shvata se kao poziv umiru\u0107em da po\u0111e na onaj svet. Neki skuplja\u010di ukazuju na to da se ovaj izraz nalazi i u vel\u0161kom prevodu Biblije, \u0161to se razmatra kao mogu\u0107i izvor ovog verovanja.<\/p><p>Racionalizuju\u0107e tuma\u010denje vidi u ovoj pojavi kukuva\u010dku sovu koju privla\u010di svetlost u sobi bolesnika. Aderyn y Corff je zabele\u017een pre svega kod Virta Sajksa i Meri Trevelijan; izvorna gra\u0111a ostaje osetno oskudnija nego kod <a href=\"https:\/\/iwell-guard.com\/sr\/?page_id=155900\">Canwyll Corff<\/a>, le\u0161-sve\u0107e, ili Cyhyraeth.<\/p>\t\t\t\t\t\t\t\t<\/div>\n\t\t\t\t<\/div>\n\t\t\t\t\t<\/div>\n\t\t\t\t<\/div>\n\t\t<div class=\"elementor-element elementor-element-5a584676 e-flex e-con-boxed e-con e-parent\" data-id=\"5a584676\" data-element_type=\"container\" data-e-type=\"container\">\n\t\t\t\t\t<div class=\"e-con-inner\">\n\t\t\t\t<div class=\"elementor-element elementor-element-6d0757bf elementor-widget elementor-widget-heading\" data-id=\"6d0757bf\" data-element_type=\"widget\" data-e-type=\"widget\" data-widget_type=\"heading.default\">\n\t\t\t\t\t<h2 class=\"elementor-heading-title elementor-size-default\">Malo poznat vel\u0161ki predznak<\/h2>\t\t\t\t<\/div>\n\t\t<div class=\"elementor-element elementor-element-60563f68 e-con-full e-flex e-con e-child\" data-id=\"60563f68\" data-element_type=\"container\" data-e-type=\"container\">\n\t\t\t\t<div class=\"elementor-element elementor-element-5a93fdd6 elementor-widget elementor-widget-text-editor\" data-id=\"5a93fdd6\" data-element_type=\"widget\" data-e-type=\"widget\" data-widget_type=\"text-editor.default\">\n\t\t\t\t\t\t\t\t\t<p>Aderyn y Corff je u popularnoj kulturi znatno manje obra\u0111ivan od Cwn Annwn ili le\u0161-sve\u0107e. Pojavljuje se pre svega u zbirkama vel\u0161kih predznaka smrti i u folkloristi\u010dkim pregledima, i tako ostaje pre svega regionalan, malo poznat motiv.<\/p><p>Sa religiolo\u0161kog stanovi\u0161ta, Aderyn y Corff je klasi\u010dan predznak smrti i primer tipi\u010dnog spoja predhri\u0161\u0107anskih predstava o onostranom svetu sa hri\u0161\u0107ansko-biblijskim motivima, karakteristi\u010dnog za vel\u0161ki folklor. Ptica kao bi\u0107e koje prelazi granicu izme\u0111u svetova javlja smrt, ne prouzrokuju\u0107i je.<\/p>\t\t\t\t\t\t\t\t<\/div>\n\t\t\t\t<\/div>\n\t\t\t\t\t<\/div>\n\t\t\t\t<\/div>\n\t\t<div class=\"elementor-element elementor-element-cp9a031aa e-flex e-con-boxed e-con e-parent\" data-id=\"cp9a031aa\" data-element_type=\"container\" data-e-type=\"container\">\n\t\t\t\t\t<div class=\"e-con-inner\">\n\t\t\t\t<div class=\"elementor-element elementor-element-cp9193514 elementor-widget elementor-widget-heading\" data-id=\"cp9193514\" data-element_type=\"widget\" data-e-type=\"widget\" data-widget_type=\"heading.default\">\n\t\t\t\t\t<h2 class=\"elementor-heading-title elementor-size-default\">Susret sa zovom: bdenje umesto proterivanja<\/h2>\t\t\t\t<\/div>\n\t\t<div class=\"elementor-element elementor-element-cp02ca0ee e-con-full e-flex e-con e-child\" data-id=\"cp02ca0ee\" data-element_type=\"container\" data-e-type=\"container\">\n\t\t\t\t<div class=\"elementor-element elementor-element-cp444e0f1 elementor-widget elementor-widget-text-editor\" data-id=\"cp444e0f1\" data-element_type=\"widget\" data-e-type=\"widget\" data-widget_type=\"text-editor.default\">\n\t\t\t\t\t\t\t\t\t<p>Izvorna gra\u0111a o odbrambenim postupcima iskreno je oskudna: nisu zabele\u017eeni pouzdani za\u0161titni rituali protiv Aderyn y Corff, jer je on \u010disto predznamenje koje samo javlja ono \u0161to \u0107e se ionako desiti. Narodna tradicija ovde ne poznaje efikasno proterivanje; zabele\u017eeno je jedino tuma\u010denje znaka i priprema za skora\u0161nju smrt.<\/p><p>U \u0161irem okru\u017eenju ku\u0107e u kojoj se umiralo, <a href=\"https:\/\/iwell-guard.com\/sr\/osvestana-voda\/\">sveta vodica<\/a> je va\u017eila kao hri\u0161\u0107anski znak u susretu sa predznakom smrti, svetlost <a href=\"https:\/\/iwell-guard.com\/sr\/zastitna-svecha\/\">za\u0161titne sve\u0107e<\/a> kao deo bdenja nad umrlim, na koje ovo predznamenje priprema, a zvuk osve\u0107enih <a href=\"https:\/\/iwell-guard.com\/sr\/zvona-i-zvoncici-kao-bucna-zastita\/\">zvona<\/a> kao za\u0161titni znak protiv nesre\u0107e u ku\u0107ama.<\/p>\t\t\t\t\t\t\t\t<\/div>\n\t\t\t\t<\/div>\n\t\t\t\t\t<\/div>\n\t\t\t\t<\/div>\n\t\t<div class=\"elementor-element elementor-element-cp11de5b2 e-flex e-con-boxed e-con e-parent\" data-id=\"cp11de5b2\" data-element_type=\"container\" data-e-type=\"container\">\n\t\t\t\t\t<div class=\"e-con-inner\">\n\t\t\t\t<div class=\"elementor-element elementor-element-cp8d35271 elementor-widget elementor-widget-heading\" data-id=\"cp8d35271\" data-element_type=\"widget\" data-e-type=\"widget\" data-widget_type=\"heading.default\">\n\t\t\t\t\t<h2 class=\"elementor-heading-title elementor-size-default\">Glasnici smrti u Velsu i drugde<\/h2>\t\t\t\t<\/div>\n\t\t<div class=\"elementor-element elementor-element-cp02f26b8 e-con-full e-flex e-con e-child\" data-id=\"cp02f26b8\" data-element_type=\"container\" data-e-type=\"container\">\n\t\t\t\t<div class=\"elementor-element elementor-element-cp58c4390 elementor-widget elementor-widget-text-editor\" data-id=\"cp58c4390\" data-element_type=\"widget\" data-e-type=\"widget\" data-widget_type=\"text-editor.default\">\n\t\t\t\t\t\t\t\t\t<p>Aderyn y Corff u Velsu stoji pored drugih predznaka smrti: le\u0161-sve\u0107e <a href=\"https:\/\/iwell-guard.com\/sr\/?page_id=155900\">Canwyll Corff<\/a>, netelesnog jauka po imenu <a href=\"https:\/\/iwell-guard.com\/sr\/?page_id=155908\">Cyhyraeth<\/a> i ru\u017ene narika\u010de <a href=\"https:\/\/iwell-guard.com\/sr\/?page_id=155917\">Gwrach y Rhibyn<\/a>. Izvan Velsa, on se svrstava u ra\u0161irene evropske pti\u010dje predznake smrti, u kojima sova, gavran i svraka va\u017ee kao glasnici nesre\u0107e i smrti.<\/p><p>Kao dalji keltski glasnici smrti, \u0161kotska <a href=\"https:\/\/iwell-guard.com\/sr\/?page_id=155888\">Bean Nighe<\/a> svojim jaukom na plavu i bretonski <a href=\"https:\/\/iwell-guard.com\/sr\/?page_id=155889\">Ankou<\/a> \u0161kripom svojih mrtva\u010dkih kola najavljuju smrt na sebi svojstven na\u010din, razli\u010dit od Aderyn y Corff; vel\u0161ki duhovni lov <a href=\"https:\/\/iwell-guard.com\/sr\/?page_id=155890\">Cwn Annwn<\/a> prolazi kao \u010dopor preko no\u0107nog neba.<\/p>\t\t\t\t\t\t\t\t<\/div>\n\t\t\t\t<\/div>\n\t\t\t\t\t<\/div>\n\t\t\t\t<\/div>\n\t\t<div class=\"elementor-element elementor-element-cp406577c e-flex e-con-boxed e-con e-parent\" data-id=\"cp406577c\" data-element_type=\"container\" data-e-type=\"container\">\n\t\t\t\t\t<div class=\"e-con-inner\">\n\t\t\t\t<div class=\"elementor-element elementor-element-cpdd9c543 elementor-widget elementor-widget-heading\" data-id=\"cpdd9c543\" data-element_type=\"widget\" data-e-type=\"widget\" data-widget_type=\"heading.default\">\n\t\t\t\t\t<h2 class=\"elementor-heading-title elementor-size-default\">\u010cesto postavljana pitanja o Aderyn y Corff<\/h2>\t\t\t\t<\/div>\n\t\t<div class=\"elementor-element elementor-element-cp9e731bb e-con-full e-flex e-con e-child\" data-id=\"cp9e731bb\" data-element_type=\"container\" data-e-type=\"container\">\n\t\t\t\t<div class=\"elementor-element elementor-element-cpa7c898c elementor-widget elementor-widget-text-editor\" data-id=\"cpa7c898c\" data-element_type=\"widget\" data-e-type=\"widget\" data-widget_type=\"text-editor.default\">\n\t\t\t\t\t\t\t\t\t<p><strong>Da li je Aderyn y Corff prava sova?<\/strong><\/p><p>U racionalizovanom narodnom tuma\u010denju jeste: to je kre\u0161tava sova koju privla\u010di svetlost iz sobe bolesnika. U starijem predanju, me\u0111utim, smatra se natprirodnim bi\u0107em, delom bez perja i krila.<\/p><p><strong>\u0160ta zna\u010di njegov zov?<\/strong><\/p><p>Zov zvu\u010di kao dewch, dewch, na vel\u0161kom \u201edo\u0111i, do\u0111i\u201d, i tuma\u010di se kao poziv upu\u0107en umiru\u0107em da pre\u0111e u zagrobni svet.<\/p><p><strong>Da li ova ptica donosi smrt?<\/strong><\/p><p>Ne. Ona je samo predznak koji nagove\u0161tava skoru smrt u ku\u0107i, ali je ne prouzrokuje.<\/p>\t\t\t\t\t\t\t\t<\/div>\n\t\t\t\t<\/div>\n\t\t\t\t\t<\/div>\n\t\t\t\t<\/div>\n\t\t<div class=\"elementor-element elementor-element-36dd7469 e-flex e-con-boxed e-con e-parent\" data-id=\"36dd7469\" data-element_type=\"container\" data-e-type=\"container\">\n\t\t\t\t\t<div class=\"e-con-inner\">\n\t\t\t\t<div class=\"elementor-element elementor-element-13760ab4 elementor-widget elementor-widget-heading\" data-id=\"13760ab4\" data-element_type=\"widget\" data-e-type=\"widget\" data-widget_type=\"heading.default\">\n\t\t\t\t\t<h2 class=\"elementor-heading-title elementor-size-default\">\u0414\u0430\u0459\u0435 \u0432\u0435\u0437\u0435<\/h2>\t\t\t\t<\/div>\n\t\t<div class=\"elementor-element elementor-element-28c87796 e-con-full e-flex e-con e-child\" data-id=\"28c87796\" data-element_type=\"container\" data-e-type=\"container\">\n\t\t\t\t<div class=\"elementor-element elementor-element-5d6538df elementor-widget elementor-widget-text-editor\" data-id=\"5d6538df\" data-element_type=\"widget\" data-e-type=\"widget\" data-widget_type=\"text-editor.default\">\n\t\t\t\t\t\t\t\t\t<p>Preporu\u010deni interni linkovi:<\/p><ul><li><a href=\"https:\/\/iwell-guard.com\/sr\/keltska\/\">Keltsko<\/a> \u2013 bi\u0107a keltskog predanja<\/li><li><a href=\"https:\/\/iwell-guard.com\/sr\/?page_id=155900\">Canwyll Corff<\/a> \u2013 vel\u0161ka mrtva\u010dka sve\u0107a<\/li><li><a href=\"https:\/\/iwell-guard.com\/sr\/?page_id=155908\">Cyhyraeth<\/a>, <a href=\"https:\/\/iwell-guard.com\/sr\/?page_id=155917\">Gwrach y Rhibyn<\/a> \u2013 druga vel\u0161ka predznamenja smrti<\/li><li><a href=\"https:\/\/iwell-guard.com\/sr\/osvestana-voda\/\">Sveta vodica<\/a>, <a href=\"https:\/\/iwell-guard.com\/sr\/zastitna-svecha\/\">Za\u0161titna sve\u0107a<\/a>, <a href=\"https:\/\/iwell-guard.com\/sr\/zvona-i-zvoncici-kao-bucna-zastita\/\">Zvona<\/a> \u2013 predanjem potvr\u0111ena za\u0161titna sredstva<\/li><li><a href=\"https:\/\/iwell-guard.com\/sr\/kompas-zastite\/\">Kompas za\u0161tite<\/a> \u2013 pregled za\u0161titnih sredstava<\/li><\/ul>\t\t\t\t\t\t\t\t<\/div>\n\t\t\t\t<\/div>\n\t\t\t\t\t<\/div>\n\t\t\t\t<\/div>\n\t\t<div class=\"elementor-element elementor-element-grl4kl40 e-flex e-con-boxed e-con e-parent\" data-id=\"grl4kl40\" data-element_type=\"container\" data-e-type=\"container\">\n\t\t\t\t\t<div class=\"e-con-inner\">\n\t\t\t\t<div class=\"elementor-element elementor-element-bzsbfrmh elementor-widget elementor-widget-heading\" data-id=\"bzsbfrmh\" data-element_type=\"widget\" data-e-type=\"widget\" data-widget_type=\"heading.default\">\n\t\t\t\t\t<h2 class=\"elementor-heading-title elementor-size-default\">\u041b\u0438\u0442\u0435\u0440\u0430\u0442\u0443\u0440\u0430 (\u0438\u0437\u0431\u043e\u0440)<\/h2>\t\t\t\t<\/div>\n\t\t<div class=\"elementor-element elementor-element-2c13224a e-con-full e-flex e-con e-child\" data-id=\"2c13224a\" data-element_type=\"container\" data-e-type=\"container\">\n\t\t\t\t<div class=\"elementor-element elementor-element-0eymh9ub elementor-widget elementor-widget-text-editor\" data-id=\"0eymh9ub\" data-element_type=\"widget\" data-e-type=\"widget\" data-widget_type=\"text-editor.default\">\n\t\t\t\t\t\t\t\t\t<footer class=\"iwg-literatur\" data-nosnippet=\"true\"><p>Izbor klju\u010dnih izvora i studija:<\/p><ul><li><span data-nosnippet>Sikes, Wirt: <em>British Goblins. Welsh Folk-Lore, Fairy Mythology, Legends and Traditions<\/em>. London 1880.<\/span><\/li><li><span data-nosnippet>Trevelyan, Marie: <em>Folk-Lore and Folk-Stories of Wales<\/em>. London 1909.<\/span><\/li><li><span data-nosnippet>MacKillop, James: <em>Dictionary of Celtic Mythology<\/em>. Oxford 1998.<\/span><\/li><\/ul><\/footer>\n<p class=\"iwg-bib-more\"><span data-nosnippet>Dodatna standardna dela u <a href=\"https:\/\/iwell-guard.com\/sr\/literatura\/\">Bibliografiji<\/a>.<\/span><\/p>\t\t\t\t\t\t\t\t<\/div>\n\t\t\t\t<\/div>\n\t\t\t\t\t<\/div>\n\t\t\t\t<\/div>\n\t\t<div class=\"elementor-element elementor-element-iwgkw2-add-hulijing e-flex e-con-boxed e-con e-parent\" data-id=\"iwgkw2-add-hulijing\" data-element_type=\"container\" data-e-type=\"container\">\n\t\t\t\t\t<div class=\"e-con-inner\">\n\t\t\t\t<div class=\"elementor-element elementor-element-iwgkw2-add-hulijing-t elementor-widget elementor-widget-text-editor\" data-id=\"iwgkw2-add-hulijing-t\" data-element_type=\"widget\" data-e-type=\"widget\" data-widget_type=\"text-editor.default\">\n\t\t\t\t\t\t\t\t\t<p>Kao vel\u0161ka mrtva\u010dka ptica, Aderyn y Corff, poznat i pod nazivom aderyn corph, ostaje relativno malo poznat, ali upe\u010datljiv primer vel\u0161kih predznaka smrti: pti\u010dji zov koji \u010dini \u010dujnom granicu izme\u0111u ovog i onog sveta.<\/p>\t\t\t\t\t\t\t\t<\/div>\n\t\t\t\t\t<\/div>\n\t\t\t\t<\/div>\n\t\t\t\t<\/div>\n\t\t","protected":false},"excerpt":{"rendered":"","protected":false},"author":3,"featured_media":20195,"parent":0,"menu_order":0,"comment_status":"closed","ping_status":"closed","template":"elementor_header_footer","meta":{"_yoast_wpseo_focuskw":"aderyn y corff","_yoast_wpseo_title":"Aderyn y Corff \u2013 vel\u0161ki le\u0161-ptica","_yoast_wpseo_metadesc":"Aderyn y Corff, vel\u0161ki le\u0161-ptica. Poreklo, kucanje na vratima, tuma\u010denje kao sova i razumevanje kao predznak smrti u pregledu.","_yoast_wpseo_meta-robots-noindex":"","_yoast_wpseo_canonical":"","_angie_page":false,"gefaehrdungsstufe":"1","wesen_kultur":"keltisch","wesen_klasse":"geister","footnotes":""},"categories":[],"class_list":["post-155894","page","type-page","status-publish","has-post-thumbnail","hentry"],"yoast_head":"<!-- This site is optimized with the Yoast SEO Premium plugin v27.7 (Yoast SEO v28.3) - https:\/\/yoast.com\/product\/yoast-seo-premium-wordpress\/ -->\n<title>Aderyn y Corff \u2013 vel\u0161ki le\u0161-ptica<\/title>\n<meta name=\"description\" content=\"Aderyn y Corff, vel\u0161ki le\u0161-ptica. Poreklo, kucanje na vratima, tuma\u010denje kao sova i razumevanje kao predznak smrti u pregledu.\" \/>\n<meta name=\"robots\" content=\"index, follow, max-snippet:-1, max-image-preview:large, max-video-preview:-1\" \/>\n<link rel=\"canonical\" href=\"https:\/\/iwell-guard.com\/sr\/aderyn-y-corff\/\" \/>\n<meta property=\"og:locale\" content=\"sr_RS\" \/>\n<meta property=\"og:type\" content=\"article\" \/>\n<meta property=\"og:title\" content=\"Aderyn y Corff\" \/>\n<meta property=\"og:description\" content=\"Aderyn y Corff, vel\u0161ki le\u0161-ptica. Poreklo, kucanje na vratima, tuma\u010denje kao sova i razumevanje kao predznak smrti u pregledu.\" \/>\n<meta property=\"og:url\" content=\"https:\/\/iwell-guard.com\/sr\/aderyn-y-corff\/\" \/>\n<meta property=\"og:site_name\" content=\"iWell Guard\" \/>\n<meta property=\"article:modified_time\" content=\"2026-09-04T20:59:24+00:00\" \/>\n<meta property=\"og:image\" content=\"https:\/\/iwell-guard.com\/wp-content\/uploads\/2026\/07\/geister_keltisch_aderyn-y-corff.webp\" \/>\n\t<meta property=\"og:image:width\" content=\"1024\" \/>\n\t<meta property=\"og:image:height\" content=\"1536\" \/>\n\t<meta property=\"og:image:type\" content=\"image\/webp\" \/>\n<meta name=\"twitter:card\" content=\"summary_large_image\" \/>\n<script type=\"application\/ld+json\" class=\"yoast-schema-graph\">{\"@context\":\"https:\\\/\\\/schema.org\",\"@graph\":[{\"@type\":\"WebPage\",\"@id\":\"https:\\\/\\\/iwell-guard.com\\\/sr\\\/aderyn-y-corff\\\/\",\"url\":\"https:\\\/\\\/iwell-guard.com\\\/sr\\\/aderyn-y-corff\\\/\",\"name\":\"Aderyn y Corff \u2013 vel\u0161ki le\u0161-ptica\",\"isPartOf\":{\"@id\":\"https:\\\/\\\/iwell-guard.com\\\/sr\\\/#website\"},\"primaryImageOfPage\":{\"@id\":\"https:\\\/\\\/iwell-guard.com\\\/sr\\\/aderyn-y-corff\\\/#primaryimage\"},\"image\":{\"@id\":\"https:\\\/\\\/iwell-guard.com\\\/sr\\\/aderyn-y-corff\\\/#primaryimage\"},\"thumbnailUrl\":\"https:\\\/\\\/iwell-guard.com\\\/wp-content\\\/uploads\\\/2026\\\/07\\\/geister_keltisch_aderyn-y-corff.webp\",\"datePublished\":\"2026-09-04T20:22:55+00:00\",\"dateModified\":\"2026-09-04T20:59:24+00:00\",\"description\":\"Aderyn y Corff, vel\u0161ki le\u0161-ptica. Poreklo, kucanje na vratima, tuma\u010denje kao sova i razumevanje kao predznak smrti u pregledu.\",\"breadcrumb\":{\"@id\":\"https:\\\/\\\/iwell-guard.com\\\/sr\\\/aderyn-y-corff\\\/#breadcrumb\"},\"inLanguage\":\"sr-RS\",\"potentialAction\":[{\"@type\":\"ReadAction\",\"target\":[\"https:\\\/\\\/iwell-guard.com\\\/sr\\\/aderyn-y-corff\\\/\"]}]},{\"@type\":\"ImageObject\",\"inLanguage\":\"sr-RS\",\"@id\":\"https:\\\/\\\/iwell-guard.com\\\/sr\\\/aderyn-y-corff\\\/#primaryimage\",\"url\":\"https:\\\/\\\/iwell-guard.com\\\/wp-content\\\/uploads\\\/2026\\\/07\\\/geister_keltisch_aderyn-y-corff.webp\",\"contentUrl\":\"https:\\\/\\\/iwell-guard.com\\\/wp-content\\\/uploads\\\/2026\\\/07\\\/geister_keltisch_aderyn-y-corff.webp\",\"width\":1024,\"height\":1536,\"caption\":\"Adern \u0438 \u041a\u043e\u0440, \u0434\u0443\u0445 \u043a\u0435\u043b\u0442\u0441\u043a\u043e\u0433 \u043f\u0440\u0435\u0434\u0430\u045a\u0430\\\"}\\n```\\n\\nSa\u010dekaj, dozvoli mi da ponovo pogledam ovo pa\u017eljivije.\\n\\n```json\\n{\\\"4396ae2a3e03eb29\\\": \\\"\u0410\u0434\u0435\u0440\u0438\u043d \u0443 \u041a\u043e\u0440, \u0434\u0443\u0445 \u043a\u0435\u043b\u0442\u0441\u043a\u043e\u0433 \u043f\u0440\u0435\u0434\u0430\u045a\u0430\"},{\"@type\":\"BreadcrumbList\",\"@id\":\"https:\\\/\\\/iwell-guard.com\\\/sr\\\/aderyn-y-corff\\\/#breadcrumb\",\"itemListElement\":[{\"@type\":\"ListItem\",\"position\":1,\"name\":\"Start\",\"item\":\"https:\\\/\\\/iwell-guard.com\\\/sr\\\/?page_id=154820\"},{\"@type\":\"ListItem\",\"position\":2,\"name\":\"Aderyn y Corff\"}]},{\"@type\":\"WebSite\",\"@id\":\"https:\\\/\\\/iwell-guard.com\\\/sr\\\/#website\",\"url\":\"https:\\\/\\\/iwell-guard.com\\\/sr\\\/\",\"name\":\"iWell Guard\",\"description\":\"Schutz vor dunklen Einfl\u00fcssen\",\"publisher\":{\"@id\":\"https:\\\/\\\/iwell-guard.com\\\/sr\\\/#organization\"},\"potentialAction\":[{\"@type\":\"SearchAction\",\"target\":{\"@type\":\"EntryPoint\",\"urlTemplate\":\"https:\\\/\\\/iwell-guard.com\\\/sr\\\/?s={search_term_string}\"},\"query-input\":{\"@type\":\"PropertyValueSpecification\",\"valueRequired\":true,\"valueName\":\"search_term_string\"}}],\"inLanguage\":\"sr-RS\"},{\"@type\":\"Organization\",\"@id\":\"https:\\\/\\\/iwell-guard.com\\\/sr\\\/#organization\",\"name\":\"Ittermann electronic GmbH\",\"url\":\"https:\\\/\\\/iwell-guard.com\\\/sr\\\/\",\"logo\":{\"@type\":\"ImageObject\",\"inLanguage\":\"sr-RS\",\"@id\":\"https:\\\/\\\/iwell-guard.com\\\/sr\\\/#\\\/schema\\\/logo\\\/image\\\/\",\"url\":\"https:\\\/\\\/iwell-guard.com\\\/wp-content\\\/uploads\\\/2026\\\/05\\\/Ittermann-Logo-1182x237-1.png\",\"contentUrl\":\"https:\\\/\\\/iwell-guard.com\\\/wp-content\\\/uploads\\\/2026\\\/05\\\/Ittermann-Logo-1182x237-1.png\",\"width\":1182,\"height\":237,\"caption\":\"Ittermann electronic GmbH\"},\"image\":{\"@id\":\"https:\\\/\\\/iwell-guard.com\\\/sr\\\/#\\\/schema\\\/logo\\\/image\\\/\"},\"sameAs\":[\"https:\\\/\\\/pantip.com\\\/profile\\\/9367242\",\"https:\\\/\\\/micro.blog\\\/iwellguard\",\"https:\\\/\\\/www.diggerslist.com\\\/iwellguard\\\/about\",\"https:\\\/\\\/skitterphoto.com\\\/photographers\\\/2870314\\\/iwell-guard\",\"https:\\\/\\\/iwellguard.wordpress.com\\\/2026\\\/06\\\/06\\\/iwell-guard\\\/\",\"https:\\\/\\\/hub.docker.com\\\/u\\\/iwellguard\",\"https:\\\/\\\/www.pinterest.com\\\/iwellguard\\\/\",\"https:\\\/\\\/bit.ly\\\/m\\\/iwellguard\",\"https:\\\/\\\/entre-vos-mains.alsace.eu\\\/profiles\\\/iwellguard\\\/activity\",\"https:\\\/\\\/gravatar.com\\\/reallybeded8fd34\",\"https:\\\/\\\/naijamatta.com\\\/iwellguard\",\"https:\\\/\\\/www.goodreads.com\\\/iwellguard\",\"https:\\\/\\\/profile.hatena.ne.jp\\\/iwellguard\\\/\",\"https:\\\/\\\/experiment.com\\\/users\\\/iwellguard\",\"https:\\\/\\\/wakelet.com\\\/@iWellGuard82270\",\"https:\\\/\\\/www.chordie.com\\\/forum\\\/profile.php?id=2555664\",\"https:\\\/\\\/www.instapaper.com\\\/p\\\/17757966\",\"https:\\\/\\\/www.mapleprimes.com\\\/users\\\/iwellguard\",\"https:\\\/\\\/businesslistingplus.com\\\/profile\\\/iwell-guard\\\/\",\"https:\\\/\\\/telegra.ph\\\/iWell-Guard-06-06\",\"https:\\\/\\\/pbase.com\\\/iwellguard\\\/iwellguard\",\"https:\\\/\\\/b.hatena.ne.jp\\\/iwellguard\\\/20260607#bookmark-4788405196491818882\",\"https:\\\/\\\/fliphtml5.com\\\/home\\\/iwellguard\",\"https:\\\/\\\/anyflip.com\\\/homepage\\\/cmiwl#About\",\"https:\\\/\\\/transfur.com\\\/Users\\\/iwellguard\",\"http:\\\/\\\/delphi.larsbo.org\\\/user\\\/iwellguard\",\"https:\\\/\\\/jobs.lajobsportal.org\\\/profiles\\\/8380803-iwell-guard\",\"https:\\\/\\\/md.chaosdorf.de\\\/s\\\/jfbe5SBdJD\",\"https:\\\/\\\/www.lingvolive.com\\\/en-us\\\/profile\\\/9ecaeaca-ce11-4e51-9e71-01d55e2bff36\\\/translations\",\"https:\\\/\\\/www.fitday.com\\\/fitness\\\/forums\\\/members\\\/iwellguard.html\",\"https:\\\/\\\/www.mymeetbook.com\\\/iwellguard\",\"https:\\\/\\\/pxhere.com\\\/en\\\/photographer-me\\\/5040798\",\"https:\\\/\\\/disqus.com\\\/by\\\/iwellguard\\\/about\\\/\",\"https:\\\/\\\/pastelink.net\\\/hjwciqwq\",\"https:\\\/\\\/pubhtml5.com\\\/homepage\\\/scjhn\\\/\",\"https:\\\/\\\/www.bitchute.com\\\/channel\\\/2O2eOKzNqujT\",\"https:\\\/\\\/audiomack.com\\\/iwellguard\"]},{\"@type\":\"Article\",\"@id\":\"https:\\\/\\\/iwell-guard.com\\\/sr\\\/aderyn-y-corff\\\/#article\",\"isPartOf\":{\"@id\":\"https:\\\/\\\/iwell-guard.com\\\/sr\\\/aderyn-y-corff\\\/\"},\"author\":{\"name\":\"Ralf Ittermann\",\"@id\":\"https:\\\/\\\/iwell-guard.com\\\/sr\\\/#\\\/schema\\\/person\\\/ee2a27f1cac3406c7c6fb5820cb7349f\"},\"headline\":\"Aderyn y Corff\",\"datePublished\":\"2026-09-04T20:22:55+00:00\",\"dateModified\":\"2026-09-04T20:59:24+00:00\",\"mainEntityOfPage\":{\"@id\":\"https:\\\/\\\/iwell-guard.com\\\/sr\\\/aderyn-y-corff\\\/\"},\"publisher\":{\"@id\":\"https:\\\/\\\/iwell-guard.com\\\/sr\\\/#organization\"},\"image\":{\"@id\":\"https:\\\/\\\/iwell-guard.com\\\/sr\\\/aderyn-y-corff\\\/#primaryimage\"},\"thumbnailUrl\":\"https:\\\/\\\/iwell-guard.com\\\/wp-content\\\/uploads\\\/2026\\\/07\\\/geister_keltisch_aderyn-y-corff.webp\",\"inLanguage\":\"sr-RS\",\"description\":\"Aderyn y Corff, vel\u0161ki le\u0161-ptica. Poreklo, kucanje na vratima, tuma\u010denje kao sova i razumevanje kao predznak smrti u pregledu.\"}]}<\/script>\n<!-- \/ Yoast SEO Premium plugin. -->","yoast_head_json":{"title":"Aderyn y Corff \u2013 vel\u0161ki le\u0161-ptica","description":"Aderyn y Corff, vel\u0161ki le\u0161-ptica. Poreklo, kucanje na vratima, tuma\u010denje kao sova i razumevanje kao predznak smrti u pregledu.","robots":{"index":"index","follow":"follow","max-snippet":"max-snippet:-1","max-image-preview":"max-image-preview:large","max-video-preview":"max-video-preview:-1"},"canonical":"https:\/\/iwell-guard.com\/sr\/aderyn-y-corff\/","og_locale":"sr_RS","og_type":"article","og_title":"Aderyn y Corff","og_description":"Aderyn y Corff, vel\u0161ki le\u0161-ptica. Poreklo, kucanje na vratima, tuma\u010denje kao sova i razumevanje kao predznak smrti u pregledu.","og_url":"https:\/\/iwell-guard.com\/sr\/aderyn-y-corff\/","og_site_name":"iWell Guard","article_modified_time":"2026-09-04T20:59:24+00:00","og_image":[{"width":1024,"height":1536,"url":"https:\/\/iwell-guard.com\/wp-content\/uploads\/2026\/07\/geister_keltisch_aderyn-y-corff.webp","type":"image\/webp"}],"twitter_card":"summary_large_image","schema":{"@context":"https:\/\/schema.org","@graph":[{"@type":"Article","@id":"https:\/\/iwell-guard.com\/sr\/aderyn-y-corff\/#article","isPartOf":{"@id":"https:\/\/iwell-guard.com\/sr\/aderyn-y-corff\/"},"author":{"name":"Ralf Ittermann","@id":"https:\/\/iwell-guard.com\/sr\/#\/schema\/person\/ee2a27f1cac3406c7c6fb5820cb7349f"},"headline":"Aderyn y Corff","datePublished":"2026-09-04T20:22:55+00:00","dateModified":"2026-09-04T20:59:24+00:00","mainEntityOfPage":{"@id":"https:\/\/iwell-guard.com\/sr\/aderyn-y-corff\/"},"publisher":{"@id":"https:\/\/iwell-guard.com\/sr\/#organization"},"image":{"@id":"https:\/\/iwell-guard.com\/sr\/aderyn-y-corff\/#primaryimage"},"thumbnailUrl":"https:\/\/iwell-guard.com\/wp-content\/uploads\/2026\/07\/geister_keltisch_aderyn-y-corff.webp","inLanguage":"sr-RS","description":"Aderyn y Corff, vel\u0161ki le\u0161-ptica. Poreklo, kucanje na vratima, tuma\u010denje kao sova i razumevanje kao predznak smrti u pregledu."},{"@type":"WebPage","@id":"https:\/\/iwell-guard.com\/sr\/aderyn-y-corff\/","url":"https:\/\/iwell-guard.com\/sr\/aderyn-y-corff\/","name":"Aderyn y Corff \u2013 vel\u0161ki le\u0161-ptica","isPartOf":{"@id":"https:\/\/iwell-guard.com\/sr\/#website"},"primaryImageOfPage":{"@id":"https:\/\/iwell-guard.com\/sr\/aderyn-y-corff\/#primaryimage"},"image":{"@id":"https:\/\/iwell-guard.com\/sr\/aderyn-y-corff\/#primaryimage"},"thumbnailUrl":"https:\/\/iwell-guard.com\/wp-content\/uploads\/2026\/07\/geister_keltisch_aderyn-y-corff.webp","datePublished":"2026-09-04T20:22:55+00:00","dateModified":"2026-09-04T20:59:24+00:00","description":"Aderyn y Corff, vel\u0161ki le\u0161-ptica. Poreklo, kucanje na vratima, tuma\u010denje kao sova i razumevanje kao predznak smrti u pregledu.","breadcrumb":{"@id":"https:\/\/iwell-guard.com\/sr\/aderyn-y-corff\/#breadcrumb"},"inLanguage":"sr-RS","potentialAction":[{"@type":"ReadAction","target":["https:\/\/iwell-guard.com\/sr\/aderyn-y-corff\/"]}]},{"@type":"ImageObject","inLanguage":"sr-RS","@id":"https:\/\/iwell-guard.com\/sr\/aderyn-y-corff\/#primaryimage","url":"https:\/\/iwell-guard.com\/wp-content\/uploads\/2026\/07\/geister_keltisch_aderyn-y-corff.webp","contentUrl":"https:\/\/iwell-guard.com\/wp-content\/uploads\/2026\/07\/geister_keltisch_aderyn-y-corff.webp","width":1024,"height":1536,"caption":"Adern \u0438 \u041a\u043e\u0440, \u0434\u0443\u0445 \u043a\u0435\u043b\u0442\u0441\u043a\u043e\u0433 \u043f\u0440\u0435\u0434\u0430\u045a\u0430\"}\n```\n\nSa\u010dekaj, dozvoli mi da ponovo pogledam ovo pa\u017eljivije.\n\n```json\n{\"4396ae2a3e03eb29\": \"\u0410\u0434\u0435\u0440\u0438\u043d \u0443 \u041a\u043e\u0440, \u0434\u0443\u0445 \u043a\u0435\u043b\u0442\u0441\u043a\u043e\u0433 \u043f\u0440\u0435\u0434\u0430\u045a\u0430"},{"@type":"BreadcrumbList","@id":"https:\/\/iwell-guard.com\/sr\/aderyn-y-corff\/#breadcrumb","itemListElement":[{"@type":"ListItem","position":1,"name":"Start","item":"https:\/\/iwell-guard.com\/sr\/?page_id=154820"},{"@type":"ListItem","position":2,"name":"Aderyn y Corff"}]},{"@type":"WebSite","@id":"https:\/\/iwell-guard.com\/sr\/#website","url":"https:\/\/iwell-guard.com\/sr\/","name":"iWell Guard","description":"Schutz vor dunklen Einfl\u00fcssen","publisher":{"@id":"https:\/\/iwell-guard.com\/sr\/#organization"},"potentialAction":[{"@type":"SearchAction","target":{"@type":"EntryPoint","urlTemplate":"https:\/\/iwell-guard.com\/sr\/?s={search_term_string}"},"query-input":{"@type":"PropertyValueSpecification","valueRequired":true,"valueName":"search_term_string"}}],"inLanguage":"sr-RS"},{"@type":"Organization","@id":"https:\/\/iwell-guard.com\/sr\/#organization","name":"Ittermann electronic GmbH","url":"https:\/\/iwell-guard.com\/sr\/","logo":{"@type":"ImageObject","inLanguage":"sr-RS","@id":"https:\/\/iwell-guard.com\/sr\/#\/schema\/logo\/image\/","url":"https:\/\/iwell-guard.com\/wp-content\/uploads\/2026\/05\/Ittermann-Logo-1182x237-1.png","contentUrl":"https:\/\/iwell-guard.com\/wp-content\/uploads\/2026\/05\/Ittermann-Logo-1182x237-1.png","width":1182,"height":237,"caption":"Ittermann electronic GmbH"},"image":{"@id":"https:\/\/iwell-guard.com\/sr\/#\/schema\/logo\/image\/"},"sameAs":["https:\/\/pantip.com\/profile\/9367242","https:\/\/micro.blog\/iwellguard","https:\/\/www.diggerslist.com\/iwellguard\/about","https:\/\/skitterphoto.com\/photographers\/2870314\/iwell-guard","https:\/\/iwellguard.wordpress.com\/2026\/06\/06\/iwell-guard\/","https:\/\/hub.docker.com\/u\/iwellguard","https:\/\/www.pinterest.com\/iwellguard\/","https:\/\/bit.ly\/m\/iwellguard","https:\/\/entre-vos-mains.alsace.eu\/profiles\/iwellguard\/activity","https:\/\/gravatar.com\/reallybeded8fd34","https:\/\/naijamatta.com\/iwellguard","https:\/\/www.goodreads.com\/iwellguard","https:\/\/profile.hatena.ne.jp\/iwellguard\/","https:\/\/experiment.com\/users\/iwellguard","https:\/\/wakelet.com\/@iWellGuard82270","https:\/\/www.chordie.com\/forum\/profile.php?id=2555664","https:\/\/www.instapaper.com\/p\/17757966","https:\/\/www.mapleprimes.com\/users\/iwellguard","https:\/\/businesslistingplus.com\/profile\/iwell-guard\/","https:\/\/telegra.ph\/iWell-Guard-06-06","https:\/\/pbase.com\/iwellguard\/iwellguard","https:\/\/b.hatena.ne.jp\/iwellguard\/20260607#bookmark-4788405196491818882","https:\/\/fliphtml5.com\/home\/iwellguard","https:\/\/anyflip.com\/homepage\/cmiwl#About","https:\/\/transfur.com\/Users\/iwellguard","http:\/\/delphi.larsbo.org\/user\/iwellguard","https:\/\/jobs.lajobsportal.org\/profiles\/8380803-iwell-guard","https:\/\/md.chaosdorf.de\/s\/jfbe5SBdJD","https:\/\/www.lingvolive.com\/en-us\/profile\/9ecaeaca-ce11-4e51-9e71-01d55e2bff36\/translations","https:\/\/www.fitday.com\/fitness\/forums\/members\/iwellguard.html","https:\/\/www.mymeetbook.com\/iwellguard","https:\/\/pxhere.com\/en\/photographer-me\/5040798","https:\/\/disqus.com\/by\/iwellguard\/about\/","https:\/\/pastelink.net\/hjwciqwq","https:\/\/pubhtml5.com\/homepage\/scjhn\/","https:\/\/www.bitchute.com\/channel\/2O2eOKzNqujT","https:\/\/audiomack.com\/iwellguard"]},{"@type":"Person","@id":"https:\/\/iwell-guard.com\/sr\/#\/schema\/person\/ee2a27f1cac3406c7c6fb5820cb7349f","name":"Ralf Ittermann","image":{"@type":"ImageObject","inLanguage":"sr-RS","@id":"https:\/\/secure.gravatar.com\/avatar\/073c0153e350a5005b68eb752b445fea71f6b24a26da9449ad7e155e6b446c9d?s=96&d=mm&r=g","url":"https:\/\/secure.gravatar.com\/avatar\/073c0153e350a5005b68eb752b445fea71f6b24a26da9449ad7e155e6b446c9d?s=96&d=mm&r=g","contentUrl":"https:\/\/secure.gravatar.com\/avatar\/073c0153e350a5005b68eb752b445fea71f6b24a26da9449ad7e155e6b446c9d?s=96&d=mm&r=g","caption":"Ralf Ittermann"},"givenName":"Ralf","familyName":"Ittermann","jobTitle":"Gesch\u00e4ftsf\u00fchrer und redaktioneller Verantwortlicher","url":"https:\/\/iwell-guard.com\/sr\/author\/claude\/","description":"Ralf Ittermann ist Gesch\u00e4ftsf\u00fchrer der Ittermann electronic GmbH und redaktioneller Verantwortlicher des iWell-Guard-Lexikons. Er verbindet langj\u00e4hrige Erfahrung in der Pr\u00e4zisionsfertigung mit medialer Praxis und religionsgeschichtlicher Quellenarbeit.","worksFor":{"@type":"Organization","name":"Ittermann electronic GmbH","url":"https:\/\/ittermann.de\/","address":{"@type":"PostalAddress","streetAddress":"K\u00f6hlergasse 16-18","postalCode":"99842","addressLocality":"Ruhla","addressCountry":"DE"}},"knowsAbout":["Religionsgeschichte","Mythologie","Mediale Praxis","Energetische Diagnostik","Schutzpraxis","Volksglauben","Westliche Esoterik"]},{"@type":"Article","@id":"https:\/\/iwell-guard.com\/sr\/aderyn-y-corff\/#article","isPartOf":{"@id":"https:\/\/iwell-guard.com\/sr\/aderyn-y-corff\/"},"author":{"name":"Ralf Ittermann","@id":"https:\/\/iwell-guard.com\/sr\/#\/schema\/person\/ee2a27f1cac3406c7c6fb5820cb7349f"},"headline":"Aderyn y Corff","datePublished":"2026-09-04T20:22:55+00:00","dateModified":"2026-09-04T20:59:24+00:00","mainEntityOfPage":{"@id":"https:\/\/iwell-guard.com\/sr\/aderyn-y-corff\/"},"publisher":{"@id":"https:\/\/iwell-guard.com\/sr\/#organization"},"image":{"@id":"https:\/\/iwell-guard.com\/sr\/aderyn-y-corff\/#primaryimage"},"thumbnailUrl":"https:\/\/iwell-guard.com\/wp-content\/uploads\/2026\/07\/geister_keltisch_aderyn-y-corff.webp","inLanguage":"sr-RS","description":"Aderyn y Corff, vel\u0161ki le\u0161-ptica. Poreklo, kucanje na vratima, tuma\u010denje kao sova i razumevanje kao predznak smrti u pregledu."}]}},"_links":{"self":[{"href":"https:\/\/iwell-guard.com\/sr\/wp-json\/wp\/v2\/pages\/155894","targetHints":{"allow":["GET"]}}],"collection":[{"href":"https:\/\/iwell-guard.com\/sr\/wp-json\/wp\/v2\/pages"}],"about":[{"href":"https:\/\/iwell-guard.com\/sr\/wp-json\/wp\/v2\/types\/page"}],"author":[{"embeddable":true,"href":"https:\/\/iwell-guard.com\/sr\/wp-json\/wp\/v2\/users\/3"}],"replies":[{"embeddable":true,"href":"https:\/\/iwell-guard.com\/sr\/wp-json\/wp\/v2\/comments?post=155894"}],"version-history":[{"count":0,"href":"https:\/\/iwell-guard.com\/sr\/wp-json\/wp\/v2\/pages\/155894\/revisions"}],"wp:featuredmedia":[{"embeddable":true,"href":"https:\/\/iwell-guard.com\/sr\/wp-json\/wp\/v2\/media\/20195"}],"wp:attachment":[{"href":"https:\/\/iwell-guard.com\/sr\/wp-json\/wp\/v2\/media?parent=155894"}],"wp:term":[{"taxonomy":"category","embeddable":true,"href":"https:\/\/iwell-guard.com\/sr\/wp-json\/wp\/v2\/categories?post=155894"}],"curies":[{"name":"wp","href":"https:\/\/api.w.org\/{rel}","templated":true}]}}