{"id":155674,"date":"2026-09-04T20:20:23","date_gmt":"2026-09-04T20:20:23","guid":{"rendered":"https:\/\/iwell-guard.com\/?page_id=155674"},"modified":"2026-09-04T20:53:10","modified_gmt":"2026-09-04T20:53:10","slug":"fei-lian","status":"publish","type":"page","link":"https:\/\/iwell-guard.com\/sr\/fei-lian\/","title":{"rendered":"Fei Lian"},"content":{"rendered":"\t\t<div data-elementor-type=\"wp-page\" data-elementor-id=\"155674\" class=\"elementor elementor-155674 elementor-19118\" data-elementor-post-type=\"page\">\n\t\t\t\t<div class=\"elementor-element elementor-element-10fdade e-flex e-con-boxed e-con e-parent\" data-id=\"10fdade\" data-element_type=\"container\" data-e-type=\"container\" data-settings=\"{&quot;background_background&quot;:&quot;classic&quot;}\">\n\t\t\t\t\t<div class=\"e-con-inner\">\n\t\t<div class=\"elementor-element elementor-element-herohlft0 e-flex e-con-boxed e-con e-child\" data-id=\"herohlft0\" data-element_type=\"container\" data-e-type=\"container\">\n\t\t\t\t\t<div class=\"e-con-inner\">\n\t\t<div class=\"elementor-element elementor-element-c3ceb64 e-con-full e-flex e-con e-child\" data-id=\"c3ceb64\" data-element_type=\"container\" data-e-type=\"container\">\n\t\t\t\t<div class=\"elementor-element elementor-element-96ae5e1 elementor-widget elementor-widget-heading\" data-id=\"96ae5e1\" data-element_type=\"widget\" data-e-type=\"widget\" data-widget_type=\"heading.default\">\n\t\t\t\t\t<h1 class=\"elementor-heading-title elementor-size-default\">Fei Lian, olujna himera starog Kine<\/h1>\t\t\t\t<\/div>\n\t\t\t\t<div class=\"elementor-element elementor-element-e45238a elementor-widget elementor-widget-text-editor\" data-id=\"e45238a\" data-element_type=\"widget\" data-e-type=\"widget\" data-widget_type=\"text-editor.default\">\n\t\t\t\t\t\t\t\t\t<p>Fei Lian je <span class=\"iwg-fachbegriff\" data-tooltip=\"Personifikovana najvi\u0161a mo\u0107 u panteonu jedne kulture, po\u0161tovana kroz kultove i \u017ertve.\" tabindex=\"0\">bog<\/span> kineske tradicije.<\/p><p><strong>Me\u0161oliko bi\u0107e nastalo od jelena, ptice i zmije, gospodar vetra.<\/strong><\/p>\t\t\t\t\t\t\t\t<\/div>\n\t\t\t\t<\/div>\n\t\t<div class=\"elementor-element elementor-element-klsbdg01 e-con-full e-flex e-con e-parent\" data-id=\"klsbdg01\" data-element_type=\"container\" data-e-type=\"container\">\n\t\t\t\t<div class=\"elementor-element elementor-element-klshtm01 elementor-widget elementor-widget-html\" data-id=\"klshtm01\" data-element_type=\"widget\" data-e-type=\"widget\" data-widget_type=\"html.default\">\n\t\t\t\t\t<div class=\"iwg-pill-row\"><span class=\"iwg-klasse-badge\" tabindex=\"0\" data-tooltip=\"Bog \/ boginja: Personifikovana najvi\u0161a mo\u0107 u panteonu jedne kulture, sa jasnim nadle\u017enostima, prirodne sile, sudbina, rat, plodnost. Po\u0161tovan kroz kultove, \u017ertve i hramske institucije.\">Bog<\/span><a href=\"https:\/\/iwell-guard.com\/sr\/kina\/\" class=\"iwg-kultur-badge\" tabindex=\"0\" data-tooltip=\"Kineska bogovska, duhovska i narodna religija, daoisti\u010dka, budisti\u010dka, konfu\u010dijanska.\">Kina<\/a><\/div>\t\t\t\t<\/div>\n\t\t\t\t<\/div>\n\t\t<div class=\"elementor-element elementor-element-3f74855 e-con-full e-flex e-con e-child\" data-id=\"3f74855\" data-element_type=\"container\" data-e-type=\"container\">\n\t\t\t\t<div class=\"elementor-element elementor-element-1c30362 elementor-toc--minimized-on-tablet elementor-widget elementor-widget-table-of-contents\" data-id=\"1c30362\" data-element_type=\"widget\" data-e-type=\"widget\" data-settings=\"{&quot;exclude_headings_by_selector&quot;:[],&quot;no_headings_message&quot;:&quot;\\u041d\\u0430 \\u043e\\u0432\\u043e\\u0458 \\u0441\\u0442\\u0440\\u0430\\u043d\\u0438\\u0446\\u0438 \\u043d\\u0438\\u0441\\u0443 \\u043f\\u0440\\u043e\\u043d\\u0430\\u0452\\u0435\\u043d\\u0438 \\u043d\\u0430\\u0441\\u043b\\u043e\\u0432\\u0438.&quot;,&quot;headings_by_tags&quot;:[&quot;h2&quot;,&quot;h3&quot;],&quot;marker_view&quot;:&quot;bullets&quot;,&quot;icon&quot;:{&quot;value&quot;:&quot;fas fa-circle&quot;,&quot;library&quot;:&quot;fa-solid&quot;,&quot;rendered_tag&quot;:&quot;&lt;svg class=\\&quot;e-font-icon-svg e-fas-circle\\&quot; viewBox=\\&quot;0 0 512 512\\&quot; xmlns=\\&quot;http:\\\/\\\/www.w3.org\\\/2000\\\/svg\\&quot;&gt;&lt;path d=\\&quot;M256 8C119 8 8 119 8 256s111 248 248 248 248-111 248-248S393 8 256 8z\\&quot;&gt;&lt;\\\/path&gt;&lt;\\\/svg&gt;&quot;},&quot;minimize_box&quot;:&quot;yes&quot;,&quot;minimized_on&quot;:&quot;tablet&quot;,&quot;hierarchical_view&quot;:&quot;yes&quot;,&quot;min_height&quot;:{&quot;unit&quot;:&quot;px&quot;,&quot;size&quot;:&quot;&quot;,&quot;sizes&quot;:[]},&quot;min_height_tablet&quot;:{&quot;unit&quot;:&quot;px&quot;,&quot;size&quot;:&quot;&quot;,&quot;sizes&quot;:[]},&quot;min_height_mobile&quot;:{&quot;unit&quot;:&quot;px&quot;,&quot;size&quot;:&quot;&quot;,&quot;sizes&quot;:[]}}\" data-widget_type=\"table-of-contents.default\">\n\t\t\t\t\t\t\t\t\t<div class=\"elementor-toc__header\">\n\t\t\t\t\t\t<h2 class=\"elementor-toc__header-title\">\n\t\t\t\t\u0421\u0430\u0434\u0440\u0436\u0430\u0458\t\t\t<\/h2>\n\t\t\t\t\t\t\t\t\t\t<div class=\"elementor-toc__toggle-button elementor-toc__toggle-button--expand\" role=\"button\" tabindex=\"0\" aria-controls=\"elementor-toc__1c30362\" aria-expanded=\"true\" aria-label=\"Open table of contents\"><svg aria-hidden=\"true\" class=\"e-font-icon-svg e-fas-chevron-down\" viewBox=\"0 0 448 512\" xmlns=\"http:\/\/www.w3.org\/2000\/svg\"><path d=\"M207.029 381.476L12.686 187.132c-9.373-9.373-9.373-24.569 0-33.941l22.667-22.667c9.357-9.357 24.522-9.375 33.901-.04L224 284.505l154.745-154.021c9.379-9.335 24.544-9.317 33.901.04l22.667 22.667c9.373 9.373 9.373 24.569 0 33.941L240.971 381.476c-9.373 9.372-24.569 9.372-33.942 0z\"><\/path><\/svg><\/div>\n\t\t\t\t<div class=\"elementor-toc__toggle-button elementor-toc__toggle-button--collapse\" role=\"button\" tabindex=\"0\" aria-controls=\"elementor-toc__1c30362\" aria-expanded=\"true\" aria-label=\"Close table of contents\"><svg aria-hidden=\"true\" class=\"e-font-icon-svg e-fas-chevron-up\" viewBox=\"0 0 448 512\" xmlns=\"http:\/\/www.w3.org\/2000\/svg\"><path d=\"M240.971 130.524l194.343 194.343c9.373 9.373 9.373 24.569 0 33.941l-22.667 22.667c-9.357 9.357-24.522 9.375-33.901.04L224 227.495 69.255 381.516c-9.379 9.335-24.544 9.317-33.901-.04l-22.667-22.667c-9.373-9.373-9.373-24.569 0-33.941L207.03 130.525c9.372-9.373 24.568-9.373 33.941-.001z\"><\/path><\/svg><\/div>\n\t\t\t\t\t<\/div>\n\t\t\t\t<div id=\"elementor-toc__1c30362\" class=\"elementor-toc__body\">\n\t\t\t<div class=\"elementor-toc__spinner-container\">\n\t\t\t\t<svg class=\"elementor-toc__spinner eicon-animation-spin e-font-icon-svg e-eicon-loading\" aria-hidden=\"true\" viewBox=\"0 0 1000 1000\" xmlns=\"http:\/\/www.w3.org\/2000\/svg\"><path d=\"M500 975V858C696 858 858 696 858 500S696 142 500 142 142 304 142 500H25C25 237 238 25 500 25S975 237 975 500 763 975 500 975Z\"><\/path><\/svg>\t\t\t<\/div>\n\t\t<\/div>\n\t\t\t\t\t\t<\/div>\n\t\t\t\t<\/div>\n\t\t\t\t\t<\/div>\n\t\t\t\t<\/div>\n\t\t<div class=\"elementor-element elementor-element-herorght0 e-con-full e-flex e-con e-child\" data-id=\"herorght0\" data-element_type=\"container\" data-e-type=\"container\">\n\t\t\t\t<div class=\"elementor-element elementor-element-heroimg00 iwg-hero-image elementor-widget elementor-widget-image\" data-id=\"heroimg00\" data-element_type=\"widget\" data-e-type=\"widget\" data-widget_type=\"image.default\">\n\t\t\t\t\t\t\t\t\t\t\t\t\t\t\t<img fetchpriority=\"high\" decoding=\"async\" width=\"683\" height=\"1024\" src=\"https:\/\/iwell-guard.com\/wp-content\/uploads\/2026\/07\/goetter_china_fei-lian-683x1024.webp\" class=\"attachment-large size-large wp-image-156523\" alt=\"\u0424\u0435\u0438 \u041b\u0438\u0458\u0430\u043d, \u0433\u043e\u0441\u043f\u043e\u0434\u0430\u0440 \u0432\u0435\u0442\u0440\u0430 \u0434\u0440\u0435\u0432\u043d\u0435 \u041a\u0438\u043d\u0435\" srcset=\"https:\/\/iwell-guard.com\/wp-content\/uploads\/2026\/07\/goetter_china_fei-lian-683x1024.webp 683w, https:\/\/iwell-guard.com\/wp-content\/uploads\/2026\/07\/goetter_china_fei-lian-200x300.webp 200w, https:\/\/iwell-guard.com\/wp-content\/uploads\/2026\/07\/goetter_china_fei-lian-768x1152.webp 768w, https:\/\/iwell-guard.com\/wp-content\/uploads\/2026\/07\/goetter_china_fei-lian.webp 1024w\" sizes=\"(max-width: 683px) 100vw, 683px\" \/>\t\t\t\t\t\t\t\t\t\t\t\t\t\t\t<\/div>\n\t\t\t\t<\/div>\n\t\t\t\t\t<\/div>\n\t\t\t\t<\/div>\n\t\t<div class=\"elementor-element elementor-element-32917199 e-flex e-con-boxed e-con e-parent\" data-id=\"32917199\" data-element_type=\"container\" data-e-type=\"container\">\n\t\t\t\t\t<div class=\"e-con-inner\">\n\t\t<div class=\"elementor-element elementor-element-26e916cb e-flex e-con-boxed e-con e-child\" data-id=\"26e916cb\" data-element_type=\"container\" data-e-type=\"container\">\n\t\t\t\t\t<div class=\"e-con-inner\">\n\t\t<div class=\"elementor-element elementor-element-253a40d4 e-flex e-con-boxed e-con e-child\" data-id=\"253a40d4\" data-element_type=\"container\" data-e-type=\"container\">\n\t\t\t\t\t<div class=\"e-con-inner\">\n\t\t\t\t<div class=\"elementor-element elementor-element-1200c304 elementor-widget elementor-widget-heading\" data-id=\"1200c304\" data-element_type=\"widget\" data-e-type=\"widget\" data-widget_type=\"heading.default\">\n\t\t\t\t\t<div class=\"elementor-heading-title elementor-size-default\">Fei Lian<\/div>\t\t\t\t<\/div>\n\t\t\t\t<div class=\"elementor-element elementor-element-11758e7f elementor-widget elementor-widget-text-editor\" data-id=\"11758e7f\" data-element_type=\"widget\" data-e-type=\"widget\" data-widget_type=\"text-editor.default\">\n\t\t\t\t\t\t\t\t\t<p>Fei Lian je kineski bog vetra kojeg han-komentar izjedna\u010dava sa zvani\u010dnom titulom Feng Bo, Grof Vetar ili Gospodar vetra. Fei Lian je lik, Feng Bo je zvani\u010dna titula istog bo\u017eanstva, a ne dva razli\u010dita boga.<\/p><p>U najstarijem sloju predanja javlja se kao me\u0161oliko bi\u0107e sli\u010dno zmaju, jelenu i ptici, a kasnije kao starac s vre\u0107om vetra, i gospodar je vetra i vremenskih prilika: nekad buntovnik uz \u010cijoua, nekad ure\u0111eni \u010dinovnik u daoisti\u010dkom panteonu.<\/p>\t\t\t\t\t\t\t\t<\/div>\n\t\t\t\t\t<\/div>\n\t\t\t\t<\/div>\n\t\t<div class=\"elementor-element elementor-element-159dcf9a e-flex e-con-boxed e-con e-child\" data-id=\"159dcf9a\" data-element_type=\"container\" data-e-type=\"container\">\n\t\t\t\t\t<div class=\"e-con-inner\">\n\t\t\t\t<div class=\"elementor-element elementor-element-48cee66f elementor-widget elementor-widget-heading\" data-id=\"48cee66f\" data-element_type=\"widget\" data-e-type=\"widget\" data-widget_type=\"heading.default\">\n\t\t\t\t\t<div class=\"elementor-heading-title elementor-size-default\">Na prvi pogled: Fei Lian<\/div>\t\t\t\t<\/div>\n\t\t\t\t<div class=\"elementor-element elementor-element-3f50d82c elementor-widget elementor-widget-text-editor\" data-id=\"3f50d82c\" data-element_type=\"widget\" data-e-type=\"widget\" data-widget_type=\"text-editor.default\">\n\t\t\t\t\t\t\t\t\t<p><strong>Tip:<\/strong> bog vetra, lik iza zvani\u010dne titule Feng Bo<br>Poreklo: Kina, izvorno tradicija \u010cu<br>Tekstovi: \u010cuci, \u0160i\u0111i, Huainanzi<br>Period: \u010cuci oko 300. p. n. e. do dinastije Ming<br>Izgled: me\u0161oliko bi\u0107e od jelena, ptice i zmije, kasnije starac s vre\u0107om vetra<\/p>\t\t\t\t\t\t\t\t<\/div>\n\t\t\t\t\t<\/div>\n\t\t\t\t<\/div>\n\t\t\t\t\t<\/div>\n\t\t\t\t<\/div>\n\t\t\t\t\t<\/div>\n\t\t\t\t<\/div>\n\t\t<div class=\"elementor-element elementor-element-18613602 e-flex e-con-boxed e-con e-parent\" data-id=\"18613602\" data-element_type=\"container\" data-e-type=\"container\">\n\t\t\t\t\t<div class=\"e-con-inner\">\n\t\t\t\t<div class=\"elementor-element elementor-element-262b8a9f elementor-widget elementor-widget-heading\" data-id=\"262b8a9f\" data-element_type=\"widget\" data-e-type=\"widget\" data-widget_type=\"heading.default\">\n\t\t\t\t\t<h2 class=\"elementor-heading-title elementor-size-default\">\u0418\u0441\u0442\u043e\u0440\u0438\u0458\u0430 \u0442\u0435\u043a\u0441\u0442\u043e\u0432\u0430<\/h2>\t\t\t\t<\/div>\n\t\t<div class=\"elementor-element elementor-element-46dcb7d e-con-full e-flex e-con e-child\" data-id=\"46dcb7d\" data-element_type=\"container\" data-e-type=\"container\">\n\t\t<div class=\"elementor-element elementor-element-61d3ab3 e-flex e-con-boxed e-con e-child\" data-id=\"61d3ab3\" data-element_type=\"container\" data-e-type=\"container\">\n\t\t\t\t\t<div class=\"e-con-inner\">\n\t\t\t\t<div class=\"elementor-element elementor-element-117c166 elementor-widget elementor-widget-heading\" data-id=\"117c166\" data-element_type=\"widget\" data-e-type=\"widget\" data-widget_type=\"heading.default\">\n\t\t\t\t\t<h3 class=\"elementor-heading-title elementor-size-default\">\u0420\u0430\u0437\u0434\u043e\u0431\u0459\u0435 \u0442\u0435\u043a\u0441\u0442\u043e\u0432\u0430<\/h3>\t\t\t\t<\/div>\n\t\t\t\t<div class=\"elementor-element elementor-element-73997a0 elementor-widget elementor-widget-text-editor\" data-id=\"73997a0\" data-element_type=\"widget\" data-e-type=\"widget\" data-widget_type=\"text-editor.default\">\n\t\t\t\t\t\t\t\t\t<p>Prvi pomen zabele\u017een je u Li Sau iz \u010cucija, oko 300. do 200. p. n. e.; predanje se preko \u0160i\u0111ija i Huainanzija prenosi sve do dinastije Ming.<\/p>\t\t\t\t\t\t\t\t<\/div>\n\t\t\t\t\t<\/div>\n\t\t\t\t<\/div>\n\t\t<div class=\"elementor-element elementor-element-d47b156 e-flex e-con-boxed e-con e-child\" data-id=\"d47b156\" data-element_type=\"container\" data-e-type=\"container\">\n\t\t\t\t\t<div class=\"e-con-inner\">\n\t\t\t\t<div class=\"elementor-element elementor-element-ff38c2b elementor-widget elementor-widget-heading\" data-id=\"ff38c2b\" data-element_type=\"widget\" data-e-type=\"widget\" data-widget_type=\"heading.default\">\n\t\t\t\t\t<h3 class=\"elementor-heading-title elementor-size-default\">\u041f\u0440\u043e\u0441\u0442\u043e\u0440 \u0440\u0430\u0441\u043f\u0440\u043e\u0441\u0442\u0440\u0430\u045a\u0435\u043d\u043e\u0441\u0442\u0438<\/h3>\t\t\t\t<\/div>\n\t\t\t\t<div class=\"elementor-element elementor-element-4e49fcc elementor-widget elementor-widget-text-editor\" data-id=\"4e49fcc\" data-element_type=\"widget\" data-e-type=\"widget\" data-widget_type=\"text-editor.default\">\n\t\t\t\t\t\t\t\t\t<p>Kina, izvorno tradicija \u010cu na jugu; kasnije je Gospodar vetra deo dr\u017eavnog kulta \u0161irom carstva i daoisti\u010dkog panteona.<\/p>\t\t\t\t\t\t\t\t<\/div>\n\t\t\t\t\t<\/div>\n\t\t\t\t<\/div>\n\t\t\t\t<\/div>\n\t\t<div class=\"elementor-element elementor-element-db03c39 e-con-full e-flex e-con e-child\" data-id=\"db03c39\" data-element_type=\"container\" data-e-type=\"container\">\n\t\t<div class=\"elementor-element elementor-element-229a87b e-flex e-con-boxed e-con e-child\" data-id=\"229a87b\" data-element_type=\"container\" data-e-type=\"container\">\n\t\t\t\t\t<div class=\"e-con-inner\">\n\t\t\t\t<div class=\"elementor-element elementor-element-1f471fc elementor-widget elementor-widget-heading\" data-id=\"1f471fc\" data-element_type=\"widget\" data-e-type=\"widget\" data-widget_type=\"heading.default\">\n\t\t\t\t\t<h3 class=\"elementor-heading-title elementor-size-default\">\u0421\u0442\u0430\u045a\u0435 \u0438\u0437\u0432\u043e\u0440\u0430<\/h3>\t\t\t\t<\/div>\n\t\t\t\t<div class=\"elementor-element elementor-element-36b1201 elementor-widget elementor-widget-text-editor\" data-id=\"36b1201\" data-element_type=\"widget\" data-e-type=\"widget\" data-widget_type=\"text-editor.default\">\n\t\t\t\t\t\t\t\t\t<p>Dobro potvr\u0111eno: \u010cuci s han-komentarom Vang Ji, \u0160i\u0111i i Huainanzi, uz priru\u010dnike kineske mitologije.<\/p>\t\t\t\t\t\t\t\t<\/div>\n\t\t\t\t\t<\/div>\n\t\t\t\t<\/div>\n\t\t\t\t<\/div>\n\t\t\t\t\t<\/div>\n\t\t\t\t<\/div>\n\t\t<div class=\"elementor-element elementor-element-3ae0637c e-flex e-con-boxed e-con e-parent\" data-id=\"3ae0637c\" data-element_type=\"container\" data-e-type=\"container\">\n\t\t\t\t\t<div class=\"e-con-inner\">\n\t\t\t\t<div class=\"elementor-element elementor-element-31d07739 elementor-widget elementor-widget-heading\" data-id=\"31d07739\" data-element_type=\"widget\" data-e-type=\"widget\" data-widget_type=\"heading.default\">\n\t\t\t\t\t<h2 class=\"elementor-heading-title elementor-size-default\">\u0418\u043c\u0435 \u0438 \u0432\u0430\u0440\u0438\u0458\u0430\u043d\u0442\u0435<\/h2>\t\t\t\t<\/div>\n\t\t<div class=\"elementor-element elementor-element-b7642947 e-con-full e-flex e-con e-child\" data-id=\"b7642947\" data-element_type=\"container\" data-e-type=\"container\">\n\t\t\t\t<div class=\"elementor-element elementor-element-a086266 elementor-widget elementor-widget-text-editor\" data-id=\"a086266\" data-element_type=\"widget\" data-e-type=\"widget\" data-widget_type=\"text-editor.default\">\n\t\t\t\t\t\t\t\t\t<p><strong>Kineski:<\/strong> Feng Bo zna\u010di Grof vetra ili Stare\u0161ina vetra, zvani\u010dna titula u daoisti\u010dkom panteonu, sa sporednim oblikom Feng\u0161i, Majstor vetra. Sam naziv Fei Lian etimolo\u0161ki je nejasan, plauzibilno se tuma\u010di kao lete\u0107i vetar. \u0160i\u0111i ga obja\u0161njava kao zli vetar i pored njega pominje istoimenog ministra dinastije \u0160ang kao pretka \u0106ina.<\/p>\t\t\t\t\t\t\t\t<\/div>\n\t\t\t\t<\/div>\n\t\t\t\t\t<\/div>\n\t\t\t\t<\/div>\n\t\t<div class=\"elementor-element elementor-element-709a44a8 e-flex e-con-boxed e-con e-parent\" data-id=\"709a44a8\" data-element_type=\"container\" data-e-type=\"container\">\n\t\t\t\t\t<div class=\"e-con-inner\">\n\t\t\t\t<div class=\"elementor-element elementor-element-2f585873 elementor-widget elementor-widget-heading\" data-id=\"2f585873\" data-element_type=\"widget\" data-e-type=\"widget\" data-widget_type=\"heading.default\">\n\t\t\t\t\t<h2 class=\"elementor-heading-title elementor-size-default\">Oblik i dejstvo<\/h2>\t\t\t\t<\/div>\n\t\t<div class=\"elementor-element elementor-element-70621c12 e-con-full e-flex e-con e-child\" data-id=\"70621c12\" data-element_type=\"container\" data-e-type=\"container\">\n\t\t\t\t<div class=\"elementor-element elementor-element-4296eb49 elementor-widget elementor-widget-text-editor\" data-id=\"4296eb49\" data-element_type=\"widget\" data-e-type=\"widget\" data-widget_type=\"text-editor.default\">\n\t\t\t\t\t\t\t\t\t<p><strong>Izgled<\/strong><\/p><p>Kao himera, Fei Lian ima jelensko telo, pti\u010dju glavu, rogove i zmijski rep sa \u0161arama poput leopardovih. Kao \u010dinovni\u010dka figura Feng Bo, javlja se najkasnije u dinastiji Ming kao starac sa belom bradom, \u017eutim pla\u0161tom i vre\u0107om vetra od kozje ko\u017ee.<\/p><p><strong>Dejstvo<\/strong><\/p><p>Fei Lian je gospodar vetra i vremenskih prilika. U ratu kod Zhuolu\u0430, prema Huainanziju, bori se uz buntovnika \u010cijoua i Gospodara ki\u0161e protiv Huang Dija; postoji i suprotna verzija u kojoj slu\u017ei istom Huang Diju i \u010disti mu put. U jednoj pri\u010di buntovnog duha vetra pripitomljava Houji.<\/p>\t\t\t\t\t\t\t\t<\/div>\n\t\t\t\t<\/div>\n\t\t\t\t\t<\/div>\n\t\t\t\t<\/div>\n\t\t<div class=\"elementor-element elementor-element-44e71476 e-flex e-con-boxed e-con e-parent\" data-id=\"44e71476\" data-element_type=\"container\" data-e-type=\"container\">\n\t\t\t\t\t<div class=\"e-con-inner\">\n\t\t\t\t<div class=\"elementor-element elementor-element-3c1fc3f0 elementor-widget elementor-widget-heading\" data-id=\"3c1fc3f0\" data-element_type=\"widget\" data-e-type=\"widget\" data-widget_type=\"heading.default\">\n\t\t\t\t\t<h2 class=\"elementor-heading-title elementor-size-default\">Profil: Fei Lian<\/h2>\t\t\t\t<\/div>\n\t\t<div class=\"elementor-element elementor-element-84f33b8e e-con-full e-flex e-con e-child\" data-id=\"84f33b8e\" data-element_type=\"container\" data-e-type=\"container\">\n\t\t\t\t<div class=\"elementor-element elementor-element-hqkdc67p elementor-widget elementor-widget-text-editor\" data-id=\"hqkdc67p\" data-element_type=\"widget\" data-e-type=\"widget\" data-widget_type=\"text-editor.default\">\n\t\t\t\t\t\t\t\t\t<p>Najva\u017eniji aspekti Gospodara vetra na prvi pogled.<\/p>\t\t\t\t\t\t\t\t<\/div>\n\t\t\t\t<\/div>\n\t\t<div class=\"elementor-element elementor-element-pemmx7c5 e-con-full e-flex e-con e-child\" data-id=\"pemmx7c5\" data-element_type=\"container\" data-e-type=\"container\">\n\t\t<div class=\"elementor-element elementor-element-pemmx7c1 e-con-full e-flex e-con e-child\" data-id=\"pemmx7c1\" data-element_type=\"container\" data-e-type=\"container\">\n\t\t<div class=\"elementor-element elementor-element-qh9oavvu iwg-steckbrief-card e-flex e-con-boxed e-con e-child\" data-id=\"qh9oavvu\" data-element_type=\"container\" data-e-type=\"container\">\n\t\t\t\t\t<div class=\"e-con-inner\">\n\t\t\t\t<div class=\"elementor-element elementor-element-awzx8k2k elementor-widget elementor-widget-heading\" data-id=\"awzx8k2k\" data-element_type=\"widget\" data-e-type=\"widget\" data-widget_type=\"heading.default\">\n\t\t\t\t\t<div class=\"elementor-heading-title elementor-size-default\">Kulturni kontekst<\/div>\t\t\t\t<\/div>\n\t\t\t\t<div class=\"elementor-element elementor-element-x6rowhv0 elementor-widget elementor-widget-text-editor\" data-id=\"x6rowhv0\" data-element_type=\"widget\" data-e-type=\"widget\" data-widget_type=\"text-editor.default\">\n\t\t\t\t\t\t\t\t\t<p>Bog vetra tradicije \u010cu, u han-komentaru izjedna\u010den sa zvani\u010dnom titulom Feng Bo, a kasnije deo daoisti\u010dkog ministarstva za gromove i oluje.<\/p>\t\t\t\t\t\t\t\t<\/div>\n\t\t\t\t\t<\/div>\n\t\t\t\t<\/div>\n\t\t<div class=\"elementor-element elementor-element-8e3o4kxs iwg-steckbrief-card e-flex e-con-boxed e-con e-child\" data-id=\"8e3o4kxs\" data-element_type=\"container\" data-e-type=\"container\">\n\t\t\t\t\t<div class=\"e-con-inner\">\n\t\t\t\t<div class=\"elementor-element elementor-element-08rkdgov elementor-widget elementor-widget-heading\" data-id=\"08rkdgov\" data-element_type=\"widget\" data-e-type=\"widget\" data-widget_type=\"heading.default\">\n\t\t\t\t\t<div class=\"elementor-heading-title elementor-size-default\">Zadu\u017een za<\/div>\t\t\t\t<\/div>\n\t\t\t\t<div class=\"elementor-element elementor-element-uwjelx8s elementor-widget elementor-widget-text-editor\" data-id=\"uwjelx8s\" data-element_type=\"widget\" data-e-type=\"widget\" data-widget_type=\"text-editor.default\">\n\t\t\t\t\t\t\t\t\t<p>Vetar i vreme: Dr\u017eavni kult mu je iskazivao po\u0161tovanje hramovima i \u017ertvama, potvr\u0111eno u vreme cara Vua od Hana.<\/p>\t\t\t\t\t\t\t\t<\/div>\n\t\t\t\t\t<\/div>\n\t\t\t\t<\/div>\n\t\t<div class=\"elementor-element elementor-element-jm2n74ec iwg-steckbrief-card e-flex e-con-boxed e-con e-child\" data-id=\"jm2n74ec\" data-element_type=\"container\" data-e-type=\"container\">\n\t\t\t\t\t<div class=\"e-con-inner\">\n\t\t\t\t<div class=\"elementor-element elementor-element-8vufse4c elementor-widget elementor-widget-heading\" data-id=\"8vufse4c\" data-element_type=\"widget\" data-e-type=\"widget\" data-widget_type=\"heading.default\">\n\t\t\t\t\t<div class=\"elementor-heading-title elementor-size-default\">Prikaz<\/div>\t\t\t\t<\/div>\n\t\t\t\t<div class=\"elementor-element elementor-element-mwb9u015 elementor-widget elementor-widget-text-editor\" data-id=\"mwb9u015\" data-element_type=\"widget\" data-e-type=\"widget\" data-widget_type=\"text-editor.default\">\n\t\t\t\t\t\t\t\t\t<p>Jelensko telo, pti\u010dja glava, rogovi i pegavi zmijski rep; u dinastiji Ming starac sa belom bradom i vre\u0107om vetra od kozje ko\u017ee.<\/p>\t\t\t\t\t\t\t\t<\/div>\n\t\t\t\t\t<\/div>\n\t\t\t\t<\/div>\n\t\t\t\t<\/div>\n\t\t<div class=\"elementor-element elementor-element-pemmx7c2 e-con-full e-flex e-con e-child\" data-id=\"pemmx7c2\" data-element_type=\"container\" data-e-type=\"container\">\n\t\t<div class=\"elementor-element elementor-element-37ss2yr6 iwg-steckbrief-card e-flex e-con-boxed e-con e-child\" data-id=\"37ss2yr6\" data-element_type=\"container\" data-e-type=\"container\">\n\t\t\t\t\t<div class=\"e-con-inner\">\n\t\t\t\t<div class=\"elementor-element elementor-element-3v0wp3wx elementor-widget elementor-widget-heading\" data-id=\"3v0wp3wx\" data-element_type=\"widget\" data-e-type=\"widget\" data-widget_type=\"heading.default\">\n\t\t\t\t\t<div class=\"elementor-heading-title elementor-size-default\">\u0424\u0443\u043d\u043a\u0446\u0438\u0458\u0430<\/div>\t\t\t\t<\/div>\n\t\t\t\t<div class=\"elementor-element elementor-element-w3247g2m elementor-widget elementor-widget-text-editor\" data-id=\"w3247g2m\" data-element_type=\"widget\" data-e-type=\"widget\" data-widget_type=\"text-editor.default\">\n\t\t\t\t\t\t\t\t\t<p>Gospodar vetra i vremenskih prilika, nekad haoti\u010dni saveznik \u010cijoua, nekad ure\u0111eni \u010dinovnik i duh-vodi\u010d Huang Dija.<\/p>\t\t\t\t\t\t\t\t<\/div>\n\t\t\t\t\t<\/div>\n\t\t\t\t<\/div>\n\t\t<div class=\"elementor-element elementor-element-0qpjal9w iwg-steckbrief-card e-flex e-con-boxed e-con e-child\" data-id=\"0qpjal9w\" data-element_type=\"container\" data-e-type=\"container\">\n\t\t\t\t\t<div class=\"e-con-inner\">\n\t\t\t\t<div class=\"elementor-element elementor-element-6ndoih0o elementor-widget elementor-widget-heading\" data-id=\"6ndoih0o\" data-element_type=\"widget\" data-e-type=\"widget\" data-widget_type=\"heading.default\">\n\t\t\t\t\t<div class=\"elementor-heading-title elementor-size-default\">Kult<\/div>\t\t\t\t<\/div>\n\t\t\t\t<div class=\"elementor-element elementor-element-6684tyh9 elementor-widget elementor-widget-text-editor\" data-id=\"6684tyh9\" data-element_type=\"widget\" data-e-type=\"widget\" data-widget_type=\"text-editor.default\">\n\t\t\t\t\t\t\t\t\t<p>Rano potvr\u0111en dr\u017eavni kult sa hramovima i \u017ertvama prema \u0160i\u0111iju; posebna privatna za\u0161titna sredstva protiv Fei Liana nisu sa\u010duvana.<\/p>\t\t\t\t\t\t\t\t<\/div>\n\t\t\t\t\t<\/div>\n\t\t\t\t<\/div>\n\t\t<div class=\"elementor-element elementor-element-3lfi7x32 iwg-steckbrief-card e-flex e-con-boxed e-con e-child\" data-id=\"3lfi7x32\" data-element_type=\"container\" data-e-type=\"container\">\n\t\t\t\t\t<div class=\"e-con-inner\">\n\t\t\t\t<div class=\"elementor-element elementor-element-0kg99ga1 elementor-widget elementor-widget-heading\" data-id=\"0kg99ga1\" data-element_type=\"widget\" data-e-type=\"widget\" data-widget_type=\"heading.default\">\n\t\t\t\t\t<div class=\"elementor-heading-title elementor-size-default\">\u0423\u043f\u043e\u0440\u0435\u0434\u0438\u0432\u043e<\/div>\t\t\t\t<\/div>\n\t\t\t\t<div class=\"elementor-element elementor-element-n0fum6kp elementor-widget elementor-widget-text-editor\" data-id=\"n0fum6kp\" data-element_type=\"widget\" data-e-type=\"widget\" data-widget_type=\"text-editor.default\">\n\t\t\t\t\t\t\t\t\t<p>Motiv vre\u0107e vetra sli\u010dan je gr\u010dkom <a href=\"https:\/\/iwell-guard.com\/sr\/?page_id=155680\">Eolu<\/a>, bez istorijske veze; kao \u017eensku paralelu smatraju <a href=\"https:\/\/iwell-guard.com\/sr\/?page_id=155675\">Feng Po Po<\/a>.<\/p>\t\t\t\t\t\t\t\t<\/div>\n\t\t\t\t\t<\/div>\n\t\t\t\t<\/div>\n\t\t\t\t<\/div>\n\t\t\t\t<\/div>\n\t\t\t\t\t<\/div>\n\t\t\t\t<\/div>\n\t\t<div class=\"elementor-element elementor-element-7533bc7a e-flex e-con-boxed e-con e-parent\" data-id=\"7533bc7a\" data-element_type=\"container\" data-e-type=\"container\">\n\t\t\t\t\t<div class=\"e-con-inner\">\n\t\t\t\t<div class=\"elementor-element elementor-element-2447d18d elementor-widget elementor-widget-heading\" data-id=\"2447d18d\" data-element_type=\"widget\" data-e-type=\"widget\" data-widget_type=\"heading.default\">\n\t\t\t\t\t<h2 class=\"elementor-heading-title elementor-size-default\">Od \u010cucija do kulta pod carem Vuom<\/h2>\t\t\t\t<\/div>\n\t\t<div class=\"elementor-element elementor-element-d5d0260c e-con-full e-flex e-con e-child\" data-id=\"d5d0260c\" data-element_type=\"container\" data-e-type=\"container\">\n\t\t\t\t<div class=\"elementor-element elementor-element-341be2ac elementor-widget elementor-widget-text-editor\" data-id=\"341be2ac\" data-element_type=\"widget\" data-e-type=\"widget\" data-widget_type=\"text-editor.default\">\n\t\t\t\t\t\t\t\t\t<p>Prvi pomen Fei Liana javlja se u Li Sau iz \u010cucija, nastalom oko 300. do 200. p. n. e.; han-komentator Vang Ji ga tamo izjedna\u010dava sa Feng Boom. \u0160i\u0111i ga obja\u0161njava kao zli vetar, pominje istoimenog ministra dinastije \u0160ang kao pretka \u0106ina i potvr\u0111uje postojanje Fei-Lianovih kultnih gra\u0111evina u vreme cara Vua od Hana.<\/p><p>Pri\u010de prikazuju dvostruku sliku: prema Huainanziju, Gospodar vetra se u ratu kod Zhuolu\u0430 borio uz buntovnika \u010cijoua i Gospodara ki\u0161e protiv Huang Dija; u suprotnom predanju slu\u017ei istom Huang Diju i \u010disti mu put. Druga pri\u010da govori kako strelac Houji pripitomljava buntovnog duha vetra. Obe uloge, buntovnik i \u010dinovnik, postoje jedna uz drugu u predanju.<\/p>\t\t\t\t\t\t\t\t<\/div>\n\t\t\t\t<\/div>\n\t\t\t\t\t<\/div>\n\t\t\t\t<\/div>\n\t\t<div class=\"elementor-element elementor-element-5a584676 e-flex e-con-boxed e-con e-parent\" data-id=\"5a584676\" data-element_type=\"container\" data-e-type=\"container\">\n\t\t\t\t\t<div class=\"e-con-inner\">\n\t\t\t\t<div class=\"elementor-element elementor-element-6d0757bf elementor-widget elementor-widget-heading\" data-id=\"6d0757bf\" data-element_type=\"widget\" data-e-type=\"widget\" data-widget_type=\"heading.default\">\n\t\t\t\t\t<h2 class=\"elementor-heading-title elementor-size-default\">Istorija umetnosti i dalji \u017eivot<\/h2>\t\t\t\t<\/div>\n\t\t<div class=\"elementor-element elementor-element-60563f68 e-con-full e-flex e-con e-child\" data-id=\"60563f68\" data-element_type=\"container\" data-e-type=\"container\">\n\t\t\t\t<div class=\"elementor-element elementor-element-5a93fdd6 elementor-widget elementor-widget-text-editor\" data-id=\"5a93fdd6\" data-element_type=\"widget\" data-e-type=\"widget\" data-widget_type=\"text-editor.default\">\n\t\t\t\t\t\t\t\t\t<p>Krilate me\u0161olike bronzane figure iz vremena Han i Tang dinastija smatraju se u istoriji umetnosti prikazima Fei Liana; u popularnoj kulturi se javlja, izme\u0111u ostalog, u video-igrama.<\/p><p>Religiologijski gledano, Fei Lian je ambivalentan: haoti\u010dni duh oluje i saveznik \u010cijoua, a istovremeno koristan duh-vodi\u010d i ure\u0111eni \u010dinovnik. Tri stvari treba razjasniti: Fei Lian i Feng Bo nisu dva boga, ve\u0107 lik i zvani\u010dna titula istog bo\u017eanstva. On nije samo zmaj, njegova najstarija slika je himera od jelena, ptice i zmije. I ne bori se uvek protiv Huang Dija, obe uloge postoje.<\/p>\t\t\t\t\t\t\t\t<\/div>\n\t\t\t\t<\/div>\n\t\t\t\t\t<\/div>\n\t\t\t\t<\/div>\n\t\t<div class=\"elementor-element elementor-element-cp9a031aa e-flex e-con-boxed e-con e-parent\" data-id=\"cp9a031aa\" data-element_type=\"container\" data-e-type=\"container\">\n\t\t\t\t\t<div class=\"e-con-inner\">\n\t\t\t\t<div class=\"elementor-element elementor-element-cp9193514 elementor-widget elementor-widget-heading\" data-id=\"cp9193514\" data-element_type=\"widget\" data-e-type=\"widget\" data-widget_type=\"heading.default\">\n\t\t\t\t\t<h2 class=\"elementor-heading-title elementor-size-default\">Dr\u017eavni kult i ministarstvo vetra<\/h2>\t\t\t\t<\/div>\n\t\t<div class=\"elementor-element elementor-element-cp02ca0ee e-con-full e-flex e-con e-child\" data-id=\"cp02ca0ee\" data-element_type=\"container\" data-e-type=\"container\">\n\t\t\t\t<div class=\"elementor-element elementor-element-cp444e0f1 elementor-widget elementor-widget-text-editor\" data-id=\"cp444e0f1\" data-element_type=\"widget\" data-e-type=\"widget\" data-widget_type=\"text-editor.default\">\n\t\t\t\t\t\t\t\t\t<p>Dr\u017eavni kult Gospodara vetra rano je potvr\u0111en, sa hramovima i \u017ertvama, kao \u0161to \u0160i\u0111i svedo\u010di za vreme cara Vua od Hana; u daoisti\u010dkom panteonu Feng Bo pripada ministarstvu za gromove i oluje. Privatna apotropejska za\u0161titna sredstva posebno usmerena protiv Fei Liana, me\u0111utim, nisu sa\u010duvana. I trik sa tkaninom, kojim se u jednoj pri\u010di pripitomljava duh vetra, deo je pripovesti, a ne kultne prakse.<\/p>\t\t\t\t\t\t\t\t<\/div>\n\t\t\t\t<\/div>\n\t\t\t\t\t<\/div>\n\t\t\t\t<\/div>\n\t\t<div class=\"elementor-element elementor-element-cp11de5b2 e-flex e-con-boxed e-con e-parent\" data-id=\"cp11de5b2\" data-element_type=\"container\" data-e-type=\"container\">\n\t\t\t\t\t<div class=\"e-con-inner\">\n\t\t\t\t<div class=\"elementor-element elementor-element-cp8d35271 elementor-widget elementor-widget-heading\" data-id=\"cp8d35271\" data-element_type=\"widget\" data-e-type=\"widget\" data-widget_type=\"heading.default\">\n\t\t\t\t\t<h2 class=\"elementor-heading-title elementor-size-default\">Vre\u0107e vetra i grofice vetra: paralele<\/h2>\t\t\t\t<\/div>\n\t\t<div class=\"elementor-element elementor-element-cp02f26b8 e-con-full e-flex e-con e-child\" data-id=\"cp02f26b8\" data-element_type=\"container\" data-e-type=\"container\">\n\t\t\t\t<div class=\"elementor-element elementor-element-cp58c4390 elementor-widget elementor-widget-text-editor\" data-id=\"cp58c4390\" data-element_type=\"widget\" data-e-type=\"widget\" data-widget_type=\"text-editor.default\">\n\t\t\t\t\t\t\t\t\t<p>Feng \u0160en je samo op\u0161ti naziv za boga vetra, a ne posebno bo\u017eanstvo pored Fei Liana. Motiv vre\u0107e vetra sli\u010dan je gr\u010dkom <a href=\"https:\/\/iwell-guard.com\/sr\/?page_id=155680\">Eolu<\/a>, ali ne postoji istorijska veza. Kao \u017eensku paralelu smatraju baku vetra <a href=\"https:\/\/iwell-guard.com\/sr\/?page_id=155675\">Feng Po Po<\/a>: dok je Fei Lian stari, tekstualno i kultno duboko ukorenjeni Gospodar vetra dr\u017eavnog kulta, ona je narodnoreligijski i popularno sna\u017eno preoblikovan lik bez dr\u017eavnog kulta.<\/p>\t\t\t\t\t\t\t\t<\/div>\n\t\t\t\t<\/div>\n\t\t\t\t\t<\/div>\n\t\t\t\t<\/div>\n\t\t<div class=\"elementor-element elementor-element-cp406577c e-flex e-con-boxed e-con e-parent\" data-id=\"cp406577c\" data-element_type=\"container\" data-e-type=\"container\">\n\t\t\t\t\t<div class=\"e-con-inner\">\n\t\t\t\t<div class=\"elementor-element elementor-element-cpdd9c543 elementor-widget elementor-widget-heading\" data-id=\"cpdd9c543\" data-element_type=\"widget\" data-e-type=\"widget\" data-widget_type=\"heading.default\">\n\t\t\t\t\t<h2 class=\"elementor-heading-title elementor-size-default\">\u010cesto postavljana pitanja o Fei Lianu<\/h2>\t\t\t\t<\/div>\n\t\t<div class=\"elementor-element elementor-element-cp9e731bb e-con-full e-flex e-con e-child\" data-id=\"cp9e731bb\" data-element_type=\"container\" data-e-type=\"container\">\n\t\t\t\t<div class=\"elementor-element elementor-element-cpa7c898c elementor-widget elementor-widget-text-editor\" data-id=\"cpa7c898c\" data-element_type=\"widget\" data-e-type=\"widget\" data-widget_type=\"text-editor.default\">\n\t\t\t\t\t\t\t\t\t<p><strong>Da li su Fei Lian i Feng Bo dva boga?<\/strong><\/p><p>Ne. Fei Lian je lik, a Feng Bo, Grof Vetar, zvani\u010dna titula istog bo\u017eanstva vetra; izjedna\u010davanje poti\u010de iz han-komentara Vang Jija.<\/p><p><strong>Kako izgleda Fei Lian?<\/strong><\/p><p>U najstarijem sloju kao himera od jelena, ptice i zmije, s rogovima i pegavim zmijskim repom, a kasnije kao starac sa belom bradom, \u017eutim pla\u0161tom i vre\u0107om vetra.<\/p><p><strong>Da li je dobar ili zao?<\/strong><\/p><p>Ambivalentan: nekad haoti\u010dni duh oluje i saveznik \u010cijoua, nekad ure\u0111eni \u010dinovnik i duh-vodi\u010d Huang Dija.<\/p>\t\t\t\t\t\t\t\t<\/div>\n\t\t\t\t<\/div>\n\t\t\t\t\t<\/div>\n\t\t\t\t<\/div>\n\t\t<div class=\"elementor-element elementor-element-36dd7469 e-flex e-con-boxed e-con e-parent\" data-id=\"36dd7469\" data-element_type=\"container\" data-e-type=\"container\">\n\t\t\t\t\t<div class=\"e-con-inner\">\n\t\t\t\t<div class=\"elementor-element elementor-element-13760ab4 elementor-widget elementor-widget-heading\" data-id=\"13760ab4\" data-element_type=\"widget\" data-e-type=\"widget\" data-widget_type=\"heading.default\">\n\t\t\t\t\t<h2 class=\"elementor-heading-title elementor-size-default\">\u0414\u0430\u0459\u0435 \u0432\u0435\u0437\u0435<\/h2>\t\t\t\t<\/div>\n\t\t<div class=\"elementor-element elementor-element-28c87796 e-con-full e-flex e-con e-child\" data-id=\"28c87796\" data-element_type=\"container\" data-e-type=\"container\">\n\t\t\t\t<div class=\"elementor-element elementor-element-5d6538df elementor-widget elementor-widget-text-editor\" data-id=\"5d6538df\" data-element_type=\"widget\" data-e-type=\"widget\" data-widget_type=\"text-editor.default\">\n\t\t\t\t\t\t\t\t\t<p>\u041f\u0440\u0435\u043f\u043e\u0440\u0443\u0447\u0435\u043d\u0435 \u0438\u043d\u0442\u0435\u0440\u043d\u0435 \u0432\u0435\u0437\u0435:<\/p><ul><li><a href=\"https:\/\/iwell-guard.com\/sr\/kina\/\">\u041a\u0438\u043d\u0430<\/a> \u2013 \u0441\u0432\u0430 \u0431\u0438\u045b\u0430 \u043a\u0438\u043d\u0435\u0441\u043a\u043e\u0433 \u0434\u0443\u0445\u043e\u0432\u043d\u043e\u0433 \u0441\u0432\u0435\u0442\u0430<\/li><li><a href=\"https:\/\/iwell-guard.com\/sr\/?page_id=155675\">\u0424\u0435\u043d\u0433 \u041f\u043e \u041f\u043e<\/a> \u2013 \u0412\u0435\u0442\u0440\u0435\u043d\u0430 \u0431\u0430\u043a\u0430 \u043a\u0430\u043e \u0436\u0435\u043d\u0441\u043a\u0438 \u043f\u0430\u043d\u0434\u0430\u043d<\/li><li><a href=\"https:\/\/iwell-guard.com\/sr\/?page_id=155680\">\u0410\u0458\u043e\u043b\u043e\u0441<\/a> \u2013 \u0433\u0440\u0447\u043a\u0438 \u0433\u043e\u0441\u043f\u043e\u0434\u0430\u0440 \u0432\u0435\u0442\u0440\u043e\u0432\u0430 \u0443 \u043c\u0435\u0448\u0438\u043d\u0430\u043c\u0430<\/li><li><a href=\"https:\/\/iwell-guard.com\/sr\/?page_id=155499\">\u0430\u043c\u0443\u043b\u0435\u0442<\/a>, <a href=\"https:\/\/iwell-guard.com\/sr\/?page_id=155520\">\u0437\u0430\u0448\u0442\u0438\u0442\u043d\u0430 \u0441\u0432\u0435\u045b\u0430<\/a>, <a href=\"https:\/\/iwell-guard.com\/sr\/?page_id=155515\">\u0441\u043e<\/a> \u2013 \u0442\u0440\u0430\u0434\u0438\u0446\u0438\u043e\u043d\u0430\u043b\u043d\u0430 \u0437\u0430\u0448\u0442\u0438\u0442\u043d\u0430 \u0441\u0440\u0435\u0434\u0441\u0442\u0432\u0430<\/li><li><a href=\"https:\/\/iwell-guard.com\/sr\/?page_id=155516\">\u041a\u043e\u043c\u043f\u0430\u0441 \u0437\u0430\u0448\u0442\u0438\u0442\u0435<\/a> \u2013 \u043f\u0440\u0435\u0433\u043b\u0435\u0434 \u0437\u0430\u0448\u0442\u0438\u0442\u043d\u0438\u0445 \u0441\u0440\u0435\u0434\u0441\u0442\u0432\u0430<\/li><\/ul>\t\t\t\t\t\t\t\t<\/div>\n\t\t\t\t<\/div>\n\t\t\t\t\t<\/div>\n\t\t\t\t<\/div>\n\t\t<div class=\"elementor-element elementor-element-grl4kl40 e-flex e-con-boxed e-con e-parent\" data-id=\"grl4kl40\" data-element_type=\"container\" data-e-type=\"container\">\n\t\t\t\t\t<div class=\"e-con-inner\">\n\t\t\t\t<div class=\"elementor-element elementor-element-bzsbfrmh elementor-widget elementor-widget-heading\" data-id=\"bzsbfrmh\" data-element_type=\"widget\" data-e-type=\"widget\" data-widget_type=\"heading.default\">\n\t\t\t\t\t<h2 class=\"elementor-heading-title elementor-size-default\">\u041b\u0438\u0442\u0435\u0440\u0430\u0442\u0443\u0440\u0430 (\u0438\u0437\u0431\u043e\u0440)<\/h2>\t\t\t\t<\/div>\n\t\t<div class=\"elementor-element elementor-element-2c13224a e-con-full e-flex e-con e-child\" data-id=\"2c13224a\" data-element_type=\"container\" data-e-type=\"container\">\n\t\t\t\t<div class=\"elementor-element elementor-element-0eymh9ub elementor-widget elementor-widget-text-editor\" data-id=\"0eymh9ub\" data-element_type=\"widget\" data-e-type=\"widget\" data-widget_type=\"text-editor.default\">\n\t\t\t\t\t\t\t\t\t<footer class=\"iwg-literatur\" data-nosnippet=\"true\"><p>\u0418\u0437\u0431\u043e\u0440 \u043a\u0459\u0443\u0447\u043d\u0438\u0445 \u0438\u0437\u0432\u043e\u0440\u0430 \u0438 \u0441\u0442\u0443\u0434\u0438\u0458\u0430:<\/p><ul><li><span data-nosnippet>Hawkes, David: <em>The Songs of the South<\/em>. London 1985.<\/span><\/li><li><span data-nosnippet>Yang, Lihui \/ An, Deming \/ Turner, Jessica A.: <em>Handbook of Chinese Mythology<\/em>. Oxford 2005.<\/span><\/li><\/ul><\/footer>\n<p class=\"iwg-bib-more\"><span data-nosnippet>\u0412\u0438\u0448\u0435 \u0441\u0442\u0430\u043d\u0434\u0430\u0440\u0434\u043d\u0438\u0445 \u0434\u0435\u043b\u0430 \u0443 <a href=\"https:\/\/iwell-guard.com\/sr\/literatura\/\">\u0441\u043f\u0438\u0441\u043a\u0443 \u043b\u0438\u0442\u0435\u0440\u0430\u0442\u0443\u0440\u0435<\/a>.<\/span><\/p>\t\t\t\t\t\t\t\t<\/div>\n\t\t\t\t<\/div>\n\t\t\t\t\t<\/div>\n\t\t\t\t<\/div>\n\t\t<div class=\"elementor-element elementor-element-iwgkw2-add-hulijing e-flex e-con-boxed e-con e-parent\" data-id=\"iwgkw2-add-hulijing\" data-element_type=\"container\" data-e-type=\"container\">\n\t\t\t\t\t<div class=\"e-con-inner\">\n\t\t\t\t<div class=\"elementor-element elementor-element-iwgkw2-add-hulijing-t elementor-widget elementor-widget-text-editor\" data-id=\"iwgkw2-add-hulijing-t\" data-element_type=\"widget\" data-e-type=\"widget\" data-widget_type=\"text-editor.default\">\n\t\t\t\t\t\t\t\t\t<p>\u041a\u0430\u043e \u043a\u0438\u043d\u0435\u0441\u043a\u0438 \u0431\u043e\u0433 \u0432\u0435\u0442\u0440\u0430, \u0424\u0435\u0438 \u041b\u0438\u0430\u043d (Fei Lian) \u043e\u0431\u0458\u0435\u0434\u0438\u045a\u0443\u0458\u0435 \u0434\u0432\u0430 \u043b\u0438\u0446\u0430 \u0443 \u0458\u0435\u0434\u043d\u043e\u043c \u0431\u0438\u045b\u0443: \u0434\u0438\u0432\u0459\u0443 \u043e\u043b\u0443\u0458\u043d\u0443 \u0445\u0438\u043c\u0435\u0440\u0443 \u0438\u0437 \u0441\u0442\u0430\u0440\u0435 \u0427\u0443 \u043f\u043e\u0435\u0437\u0438\u0458\u0435 \u0438 \u0437\u0432\u0430\u043d\u0438\u0447\u043d\u043e \u0431\u043e\u0436\u0430\u043d\u0441\u0442\u0432\u043e \u0424\u0435\u043d\u0433 \u0411\u043e\u0430, \u0413\u0440\u043e\u0444\u0430 \u0412\u0435\u0442\u0440\u0430, \u043a\u043e\u0458\u0438 \u0443 \u0443\u0440\u0435\u0452\u0435\u043d\u043e\u043c \u043f\u0430\u043d\u0442\u0435\u043e\u043d\u0443 \u0431\u0434\u0438 \u043d\u0430\u0434 \u0432\u0435\u0442\u0440\u043e\u043c \u0438 \u0432\u0440\u0435\u043c\u0435\u043d\u0441\u043a\u0438\u043c \u0443\u0441\u043b\u043e\u0432\u0438\u043c\u0430.<\/p>\t\t\t\t\t\t\t\t<\/div>\n\t\t\t\t\t<\/div>\n\t\t\t\t<\/div>\n\t\t\t\t<\/div>\n\t\t","protected":false},"excerpt":{"rendered":"","protected":false},"author":3,"featured_media":20058,"parent":0,"menu_order":0,"comment_status":"closed","ping_status":"closed","template":"elementor_header_footer","meta":{"_yoast_wpseo_focuskw":"fei lian","_yoast_wpseo_title":"Fei Lian \u2013 Gospodar vetra starog Kine","_yoast_wpseo_metadesc":"Fei Lian, kineski bog vetra, poznat i kao Feng Bo, Grof Vetar. Poreklo, me\u0161oliko bi\u0107e i religiologijsko tuma\u010denje u pregledu.","_yoast_wpseo_meta-robots-noindex":"","_yoast_wpseo_canonical":"","_angie_page":false,"gefaehrdungsstufe":"3","wesen_kultur":"china","wesen_klasse":"goetter","footnotes":""},"categories":[],"class_list":["post-155674","page","type-page","status-publish","has-post-thumbnail","hentry"],"yoast_head":"<!-- This site is optimized with the Yoast SEO Premium plugin v27.7 (Yoast SEO v28.3) - https:\/\/yoast.com\/product\/yoast-seo-premium-wordpress\/ -->\n<title>Fei Lian \u2013 Gospodar vetra starog Kine<\/title>\n<meta name=\"description\" content=\"Fei Lian, kineski bog vetra, poznat i kao Feng Bo, Grof Vetar. Poreklo, me\u0161oliko bi\u0107e i religiologijsko tuma\u010denje u pregledu.\" \/>\n<meta name=\"robots\" content=\"index, follow, max-snippet:-1, max-image-preview:large, max-video-preview:-1\" \/>\n<link rel=\"canonical\" href=\"https:\/\/iwell-guard.com\/sr\/fei-lian\/\" \/>\n<meta property=\"og:locale\" content=\"sr_RS\" \/>\n<meta property=\"og:type\" content=\"article\" \/>\n<meta property=\"og:title\" content=\"Fei Lian\" \/>\n<meta property=\"og:description\" content=\"Fei Lian, kineski bog vetra, poznat i kao Feng Bo, Grof Vetar. Poreklo, me\u0161oliko bi\u0107e i religiologijsko tuma\u010denje u pregledu.\" \/>\n<meta property=\"og:url\" content=\"https:\/\/iwell-guard.com\/sr\/fei-lian\/\" \/>\n<meta property=\"og:site_name\" content=\"iWell Guard\" \/>\n<meta property=\"article:modified_time\" content=\"2026-09-04T20:53:10+00:00\" \/>\n<meta property=\"og:image\" content=\"https:\/\/iwell-guard.com\/wp-content\/uploads\/2026\/07\/goetter_china_fei-lian.webp\" \/>\n\t<meta property=\"og:image:width\" content=\"1024\" \/>\n\t<meta property=\"og:image:height\" content=\"1536\" \/>\n\t<meta property=\"og:image:type\" content=\"image\/webp\" \/>\n<meta name=\"twitter:card\" content=\"summary_large_image\" \/>\n<script type=\"application\/ld+json\" class=\"yoast-schema-graph\">{\"@context\":\"https:\\\/\\\/schema.org\",\"@graph\":[{\"@type\":\"WebPage\",\"@id\":\"https:\\\/\\\/iwell-guard.com\\\/sr\\\/fei-lian\\\/\",\"url\":\"https:\\\/\\\/iwell-guard.com\\\/sr\\\/fei-lian\\\/\",\"name\":\"Fei Lian \u2013 Gospodar vetra starog Kine\",\"isPartOf\":{\"@id\":\"https:\\\/\\\/iwell-guard.com\\\/sr\\\/#website\"},\"primaryImageOfPage\":{\"@id\":\"https:\\\/\\\/iwell-guard.com\\\/sr\\\/fei-lian\\\/#primaryimage\"},\"image\":{\"@id\":\"https:\\\/\\\/iwell-guard.com\\\/sr\\\/fei-lian\\\/#primaryimage\"},\"thumbnailUrl\":\"https:\\\/\\\/iwell-guard.com\\\/wp-content\\\/uploads\\\/2026\\\/07\\\/goetter_china_fei-lian.webp\",\"datePublished\":\"2026-09-04T20:20:23+00:00\",\"dateModified\":\"2026-09-04T20:53:10+00:00\",\"description\":\"Fei Lian, kineski bog vetra, poznat i kao Feng Bo, Grof Vetar. Poreklo, me\u0161oliko bi\u0107e i religiologijsko tuma\u010denje u pregledu.\",\"breadcrumb\":{\"@id\":\"https:\\\/\\\/iwell-guard.com\\\/sr\\\/fei-lian\\\/#breadcrumb\"},\"inLanguage\":\"sr-RS\",\"potentialAction\":[{\"@type\":\"ReadAction\",\"target\":[\"https:\\\/\\\/iwell-guard.com\\\/sr\\\/fei-lian\\\/\"]}]},{\"@type\":\"ImageObject\",\"inLanguage\":\"sr-RS\",\"@id\":\"https:\\\/\\\/iwell-guard.com\\\/sr\\\/fei-lian\\\/#primaryimage\",\"url\":\"https:\\\/\\\/iwell-guard.com\\\/wp-content\\\/uploads\\\/2026\\\/07\\\/goetter_china_fei-lian.webp\",\"contentUrl\":\"https:\\\/\\\/iwell-guard.com\\\/wp-content\\\/uploads\\\/2026\\\/07\\\/goetter_china_fei-lian.webp\",\"width\":1024,\"height\":1536,\"caption\":\"\u0424\u0435\u0438 \u041b\u0438\u0458\u0430\u043d, \u0433\u043e\u0441\u043f\u043e\u0434\u0430\u0440 \u0432\u0435\u0442\u0440\u0430 \u0434\u0440\u0435\u0432\u043d\u0435 \u041a\u0438\u043d\u0435\"},{\"@type\":\"BreadcrumbList\",\"@id\":\"https:\\\/\\\/iwell-guard.com\\\/sr\\\/fei-lian\\\/#breadcrumb\",\"itemListElement\":[{\"@type\":\"ListItem\",\"position\":1,\"name\":\"Start\",\"item\":\"https:\\\/\\\/iwell-guard.com\\\/sr\\\/?page_id=154820\"},{\"@type\":\"ListItem\",\"position\":2,\"name\":\"Fei Lian\"}]},{\"@type\":\"WebSite\",\"@id\":\"https:\\\/\\\/iwell-guard.com\\\/sr\\\/#website\",\"url\":\"https:\\\/\\\/iwell-guard.com\\\/sr\\\/\",\"name\":\"iWell Guard\",\"description\":\"Schutz vor dunklen Einfl\u00fcssen\",\"publisher\":{\"@id\":\"https:\\\/\\\/iwell-guard.com\\\/sr\\\/#organization\"},\"potentialAction\":[{\"@type\":\"SearchAction\",\"target\":{\"@type\":\"EntryPoint\",\"urlTemplate\":\"https:\\\/\\\/iwell-guard.com\\\/sr\\\/?s={search_term_string}\"},\"query-input\":{\"@type\":\"PropertyValueSpecification\",\"valueRequired\":true,\"valueName\":\"search_term_string\"}}],\"inLanguage\":\"sr-RS\"},{\"@type\":\"Organization\",\"@id\":\"https:\\\/\\\/iwell-guard.com\\\/sr\\\/#organization\",\"name\":\"Ittermann electronic GmbH\",\"url\":\"https:\\\/\\\/iwell-guard.com\\\/sr\\\/\",\"logo\":{\"@type\":\"ImageObject\",\"inLanguage\":\"sr-RS\",\"@id\":\"https:\\\/\\\/iwell-guard.com\\\/sr\\\/#\\\/schema\\\/logo\\\/image\\\/\",\"url\":\"https:\\\/\\\/iwell-guard.com\\\/wp-content\\\/uploads\\\/2026\\\/05\\\/Ittermann-Logo-1182x237-1.png\",\"contentUrl\":\"https:\\\/\\\/iwell-guard.com\\\/wp-content\\\/uploads\\\/2026\\\/05\\\/Ittermann-Logo-1182x237-1.png\",\"width\":1182,\"height\":237,\"caption\":\"Ittermann electronic GmbH\"},\"image\":{\"@id\":\"https:\\\/\\\/iwell-guard.com\\\/sr\\\/#\\\/schema\\\/logo\\\/image\\\/\"},\"sameAs\":[\"https:\\\/\\\/pantip.com\\\/profile\\\/9367242\",\"https:\\\/\\\/micro.blog\\\/iwellguard\",\"https:\\\/\\\/www.diggerslist.com\\\/iwellguard\\\/about\",\"https:\\\/\\\/skitterphoto.com\\\/photographers\\\/2870314\\\/iwell-guard\",\"https:\\\/\\\/iwellguard.wordpress.com\\\/2026\\\/06\\\/06\\\/iwell-guard\\\/\",\"https:\\\/\\\/hub.docker.com\\\/u\\\/iwellguard\",\"https:\\\/\\\/www.pinterest.com\\\/iwellguard\\\/\",\"https:\\\/\\\/bit.ly\\\/m\\\/iwellguard\",\"https:\\\/\\\/entre-vos-mains.alsace.eu\\\/profiles\\\/iwellguard\\\/activity\",\"https:\\\/\\\/gravatar.com\\\/reallybeded8fd34\",\"https:\\\/\\\/naijamatta.com\\\/iwellguard\",\"https:\\\/\\\/www.goodreads.com\\\/iwellguard\",\"https:\\\/\\\/profile.hatena.ne.jp\\\/iwellguard\\\/\",\"https:\\\/\\\/experiment.com\\\/users\\\/iwellguard\",\"https:\\\/\\\/wakelet.com\\\/@iWellGuard82270\",\"https:\\\/\\\/www.chordie.com\\\/forum\\\/profile.php?id=2555664\",\"https:\\\/\\\/www.instapaper.com\\\/p\\\/17757966\",\"https:\\\/\\\/www.mapleprimes.com\\\/users\\\/iwellguard\",\"https:\\\/\\\/businesslistingplus.com\\\/profile\\\/iwell-guard\\\/\",\"https:\\\/\\\/telegra.ph\\\/iWell-Guard-06-06\",\"https:\\\/\\\/pbase.com\\\/iwellguard\\\/iwellguard\",\"https:\\\/\\\/b.hatena.ne.jp\\\/iwellguard\\\/20260607#bookmark-4788405196491818882\",\"https:\\\/\\\/fliphtml5.com\\\/home\\\/iwellguard\",\"https:\\\/\\\/anyflip.com\\\/homepage\\\/cmiwl#About\",\"https:\\\/\\\/transfur.com\\\/Users\\\/iwellguard\",\"http:\\\/\\\/delphi.larsbo.org\\\/user\\\/iwellguard\",\"https:\\\/\\\/jobs.lajobsportal.org\\\/profiles\\\/8380803-iwell-guard\",\"https:\\\/\\\/md.chaosdorf.de\\\/s\\\/jfbe5SBdJD\",\"https:\\\/\\\/www.lingvolive.com\\\/en-us\\\/profile\\\/9ecaeaca-ce11-4e51-9e71-01d55e2bff36\\\/translations\",\"https:\\\/\\\/www.fitday.com\\\/fitness\\\/forums\\\/members\\\/iwellguard.html\",\"https:\\\/\\\/www.mymeetbook.com\\\/iwellguard\",\"https:\\\/\\\/pxhere.com\\\/en\\\/photographer-me\\\/5040798\",\"https:\\\/\\\/disqus.com\\\/by\\\/iwellguard\\\/about\\\/\",\"https:\\\/\\\/pastelink.net\\\/hjwciqwq\",\"https:\\\/\\\/pubhtml5.com\\\/homepage\\\/scjhn\\\/\",\"https:\\\/\\\/www.bitchute.com\\\/channel\\\/2O2eOKzNqujT\",\"https:\\\/\\\/audiomack.com\\\/iwellguard\"]},{\"@type\":\"Article\",\"@id\":\"https:\\\/\\\/iwell-guard.com\\\/sr\\\/fei-lian\\\/#article\",\"isPartOf\":{\"@id\":\"https:\\\/\\\/iwell-guard.com\\\/sr\\\/fei-lian\\\/\"},\"author\":{\"name\":\"Ralf Ittermann\",\"@id\":\"https:\\\/\\\/iwell-guard.com\\\/sr\\\/#\\\/schema\\\/person\\\/ee2a27f1cac3406c7c6fb5820cb7349f\"},\"headline\":\"Fei Lian\",\"datePublished\":\"2026-09-04T20:20:23+00:00\",\"dateModified\":\"2026-09-04T20:53:10+00:00\",\"mainEntityOfPage\":{\"@id\":\"https:\\\/\\\/iwell-guard.com\\\/sr\\\/fei-lian\\\/\"},\"publisher\":{\"@id\":\"https:\\\/\\\/iwell-guard.com\\\/sr\\\/#organization\"},\"image\":{\"@id\":\"https:\\\/\\\/iwell-guard.com\\\/sr\\\/fei-lian\\\/#primaryimage\"},\"thumbnailUrl\":\"https:\\\/\\\/iwell-guard.com\\\/wp-content\\\/uploads\\\/2026\\\/07\\\/goetter_china_fei-lian.webp\",\"inLanguage\":\"sr-RS\",\"description\":\"Fei Lian, kineski bog vetra, poznat i kao Feng Bo, Grof Vetar. Poreklo, me\u0161oliko bi\u0107e i religiologijsko tuma\u010denje u pregledu.\"}]}<\/script>\n<!-- \/ Yoast SEO Premium plugin. -->","yoast_head_json":{"title":"Fei Lian \u2013 Gospodar vetra starog Kine","description":"Fei Lian, kineski bog vetra, poznat i kao Feng Bo, Grof Vetar. Poreklo, me\u0161oliko bi\u0107e i religiologijsko tuma\u010denje u pregledu.","robots":{"index":"index","follow":"follow","max-snippet":"max-snippet:-1","max-image-preview":"max-image-preview:large","max-video-preview":"max-video-preview:-1"},"canonical":"https:\/\/iwell-guard.com\/sr\/fei-lian\/","og_locale":"sr_RS","og_type":"article","og_title":"Fei Lian","og_description":"Fei Lian, kineski bog vetra, poznat i kao Feng Bo, Grof Vetar. Poreklo, me\u0161oliko bi\u0107e i religiologijsko tuma\u010denje u pregledu.","og_url":"https:\/\/iwell-guard.com\/sr\/fei-lian\/","og_site_name":"iWell Guard","article_modified_time":"2026-09-04T20:53:10+00:00","og_image":[{"width":1024,"height":1536,"url":"https:\/\/iwell-guard.com\/wp-content\/uploads\/2026\/07\/goetter_china_fei-lian.webp","type":"image\/webp"}],"twitter_card":"summary_large_image","schema":{"@context":"https:\/\/schema.org","@graph":[{"@type":"Article","@id":"https:\/\/iwell-guard.com\/sr\/fei-lian\/#article","isPartOf":{"@id":"https:\/\/iwell-guard.com\/sr\/fei-lian\/"},"author":{"name":"Ralf Ittermann","@id":"https:\/\/iwell-guard.com\/sr\/#\/schema\/person\/ee2a27f1cac3406c7c6fb5820cb7349f"},"headline":"Fei Lian","datePublished":"2026-09-04T20:20:23+00:00","dateModified":"2026-09-04T20:53:10+00:00","mainEntityOfPage":{"@id":"https:\/\/iwell-guard.com\/sr\/fei-lian\/"},"publisher":{"@id":"https:\/\/iwell-guard.com\/sr\/#organization"},"image":{"@id":"https:\/\/iwell-guard.com\/sr\/fei-lian\/#primaryimage"},"thumbnailUrl":"https:\/\/iwell-guard.com\/wp-content\/uploads\/2026\/07\/goetter_china_fei-lian.webp","inLanguage":"sr-RS","description":"Fei Lian, kineski bog vetra, poznat i kao Feng Bo, Grof Vetar. Poreklo, me\u0161oliko bi\u0107e i religiologijsko tuma\u010denje u pregledu."},{"@type":"WebPage","@id":"https:\/\/iwell-guard.com\/sr\/fei-lian\/","url":"https:\/\/iwell-guard.com\/sr\/fei-lian\/","name":"Fei Lian \u2013 Gospodar vetra starog Kine","isPartOf":{"@id":"https:\/\/iwell-guard.com\/sr\/#website"},"primaryImageOfPage":{"@id":"https:\/\/iwell-guard.com\/sr\/fei-lian\/#primaryimage"},"image":{"@id":"https:\/\/iwell-guard.com\/sr\/fei-lian\/#primaryimage"},"thumbnailUrl":"https:\/\/iwell-guard.com\/wp-content\/uploads\/2026\/07\/goetter_china_fei-lian.webp","datePublished":"2026-09-04T20:20:23+00:00","dateModified":"2026-09-04T20:53:10+00:00","description":"Fei Lian, kineski bog vetra, poznat i kao Feng Bo, Grof Vetar. Poreklo, me\u0161oliko bi\u0107e i religiologijsko tuma\u010denje u pregledu.","breadcrumb":{"@id":"https:\/\/iwell-guard.com\/sr\/fei-lian\/#breadcrumb"},"inLanguage":"sr-RS","potentialAction":[{"@type":"ReadAction","target":["https:\/\/iwell-guard.com\/sr\/fei-lian\/"]}]},{"@type":"ImageObject","inLanguage":"sr-RS","@id":"https:\/\/iwell-guard.com\/sr\/fei-lian\/#primaryimage","url":"https:\/\/iwell-guard.com\/wp-content\/uploads\/2026\/07\/goetter_china_fei-lian.webp","contentUrl":"https:\/\/iwell-guard.com\/wp-content\/uploads\/2026\/07\/goetter_china_fei-lian.webp","width":1024,"height":1536,"caption":"\u0424\u0435\u0438 \u041b\u0438\u0458\u0430\u043d, \u0433\u043e\u0441\u043f\u043e\u0434\u0430\u0440 \u0432\u0435\u0442\u0440\u0430 \u0434\u0440\u0435\u0432\u043d\u0435 \u041a\u0438\u043d\u0435"},{"@type":"BreadcrumbList","@id":"https:\/\/iwell-guard.com\/sr\/fei-lian\/#breadcrumb","itemListElement":[{"@type":"ListItem","position":1,"name":"Start","item":"https:\/\/iwell-guard.com\/sr\/?page_id=154820"},{"@type":"ListItem","position":2,"name":"Fei Lian"}]},{"@type":"WebSite","@id":"https:\/\/iwell-guard.com\/sr\/#website","url":"https:\/\/iwell-guard.com\/sr\/","name":"iWell Guard","description":"Schutz vor dunklen Einfl\u00fcssen","publisher":{"@id":"https:\/\/iwell-guard.com\/sr\/#organization"},"potentialAction":[{"@type":"SearchAction","target":{"@type":"EntryPoint","urlTemplate":"https:\/\/iwell-guard.com\/sr\/?s={search_term_string}"},"query-input":{"@type":"PropertyValueSpecification","valueRequired":true,"valueName":"search_term_string"}}],"inLanguage":"sr-RS"},{"@type":"Organization","@id":"https:\/\/iwell-guard.com\/sr\/#organization","name":"Ittermann electronic GmbH","url":"https:\/\/iwell-guard.com\/sr\/","logo":{"@type":"ImageObject","inLanguage":"sr-RS","@id":"https:\/\/iwell-guard.com\/sr\/#\/schema\/logo\/image\/","url":"https:\/\/iwell-guard.com\/wp-content\/uploads\/2026\/05\/Ittermann-Logo-1182x237-1.png","contentUrl":"https:\/\/iwell-guard.com\/wp-content\/uploads\/2026\/05\/Ittermann-Logo-1182x237-1.png","width":1182,"height":237,"caption":"Ittermann electronic GmbH"},"image":{"@id":"https:\/\/iwell-guard.com\/sr\/#\/schema\/logo\/image\/"},"sameAs":["https:\/\/pantip.com\/profile\/9367242","https:\/\/micro.blog\/iwellguard","https:\/\/www.diggerslist.com\/iwellguard\/about","https:\/\/skitterphoto.com\/photographers\/2870314\/iwell-guard","https:\/\/iwellguard.wordpress.com\/2026\/06\/06\/iwell-guard\/","https:\/\/hub.docker.com\/u\/iwellguard","https:\/\/www.pinterest.com\/iwellguard\/","https:\/\/bit.ly\/m\/iwellguard","https:\/\/entre-vos-mains.alsace.eu\/profiles\/iwellguard\/activity","https:\/\/gravatar.com\/reallybeded8fd34","https:\/\/naijamatta.com\/iwellguard","https:\/\/www.goodreads.com\/iwellguard","https:\/\/profile.hatena.ne.jp\/iwellguard\/","https:\/\/experiment.com\/users\/iwellguard","https:\/\/wakelet.com\/@iWellGuard82270","https:\/\/www.chordie.com\/forum\/profile.php?id=2555664","https:\/\/www.instapaper.com\/p\/17757966","https:\/\/www.mapleprimes.com\/users\/iwellguard","https:\/\/businesslistingplus.com\/profile\/iwell-guard\/","https:\/\/telegra.ph\/iWell-Guard-06-06","https:\/\/pbase.com\/iwellguard\/iwellguard","https:\/\/b.hatena.ne.jp\/iwellguard\/20260607#bookmark-4788405196491818882","https:\/\/fliphtml5.com\/home\/iwellguard","https:\/\/anyflip.com\/homepage\/cmiwl#About","https:\/\/transfur.com\/Users\/iwellguard","http:\/\/delphi.larsbo.org\/user\/iwellguard","https:\/\/jobs.lajobsportal.org\/profiles\/8380803-iwell-guard","https:\/\/md.chaosdorf.de\/s\/jfbe5SBdJD","https:\/\/www.lingvolive.com\/en-us\/profile\/9ecaeaca-ce11-4e51-9e71-01d55e2bff36\/translations","https:\/\/www.fitday.com\/fitness\/forums\/members\/iwellguard.html","https:\/\/www.mymeetbook.com\/iwellguard","https:\/\/pxhere.com\/en\/photographer-me\/5040798","https:\/\/disqus.com\/by\/iwellguard\/about\/","https:\/\/pastelink.net\/hjwciqwq","https:\/\/pubhtml5.com\/homepage\/scjhn\/","https:\/\/www.bitchute.com\/channel\/2O2eOKzNqujT","https:\/\/audiomack.com\/iwellguard"]},{"@type":"Person","@id":"https:\/\/iwell-guard.com\/sr\/#\/schema\/person\/ee2a27f1cac3406c7c6fb5820cb7349f","name":"Ralf Ittermann","image":{"@type":"ImageObject","inLanguage":"sr-RS","@id":"https:\/\/secure.gravatar.com\/avatar\/073c0153e350a5005b68eb752b445fea71f6b24a26da9449ad7e155e6b446c9d?s=96&d=mm&r=g","url":"https:\/\/secure.gravatar.com\/avatar\/073c0153e350a5005b68eb752b445fea71f6b24a26da9449ad7e155e6b446c9d?s=96&d=mm&r=g","contentUrl":"https:\/\/secure.gravatar.com\/avatar\/073c0153e350a5005b68eb752b445fea71f6b24a26da9449ad7e155e6b446c9d?s=96&d=mm&r=g","caption":"Ralf Ittermann"},"givenName":"Ralf","familyName":"Ittermann","jobTitle":"Gesch\u00e4ftsf\u00fchrer und redaktioneller Verantwortlicher","url":"https:\/\/iwell-guard.com\/sr\/author\/claude\/","description":"Ralf Ittermann ist Gesch\u00e4ftsf\u00fchrer der Ittermann electronic GmbH und redaktioneller Verantwortlicher des iWell-Guard-Lexikons. Er verbindet langj\u00e4hrige Erfahrung in der Pr\u00e4zisionsfertigung mit medialer Praxis und religionsgeschichtlicher Quellenarbeit.","worksFor":{"@type":"Organization","name":"Ittermann electronic GmbH","url":"https:\/\/ittermann.de\/","address":{"@type":"PostalAddress","streetAddress":"K\u00f6hlergasse 16-18","postalCode":"99842","addressLocality":"Ruhla","addressCountry":"DE"}},"knowsAbout":["Religionsgeschichte","Mythologie","Mediale Praxis","Energetische Diagnostik","Schutzpraxis","Volksglauben","Westliche Esoterik"]},{"@type":"Article","@id":"https:\/\/iwell-guard.com\/sr\/fei-lian\/#article","isPartOf":{"@id":"https:\/\/iwell-guard.com\/sr\/fei-lian\/"},"author":{"name":"Ralf Ittermann","@id":"https:\/\/iwell-guard.com\/sr\/#\/schema\/person\/ee2a27f1cac3406c7c6fb5820cb7349f"},"headline":"Fei Lian","datePublished":"2026-09-04T20:20:23+00:00","dateModified":"2026-09-04T20:53:10+00:00","mainEntityOfPage":{"@id":"https:\/\/iwell-guard.com\/sr\/fei-lian\/"},"publisher":{"@id":"https:\/\/iwell-guard.com\/sr\/#organization"},"image":{"@id":"https:\/\/iwell-guard.com\/sr\/fei-lian\/#primaryimage"},"thumbnailUrl":"https:\/\/iwell-guard.com\/wp-content\/uploads\/2026\/07\/goetter_china_fei-lian.webp","inLanguage":"sr-RS","description":"Fei Lian, kineski bog vetra, poznat i kao Feng Bo, Grof Vetar. Poreklo, me\u0161oliko bi\u0107e i religiologijsko tuma\u010denje u pregledu."}]}},"_links":{"self":[{"href":"https:\/\/iwell-guard.com\/sr\/wp-json\/wp\/v2\/pages\/155674","targetHints":{"allow":["GET"]}}],"collection":[{"href":"https:\/\/iwell-guard.com\/sr\/wp-json\/wp\/v2\/pages"}],"about":[{"href":"https:\/\/iwell-guard.com\/sr\/wp-json\/wp\/v2\/types\/page"}],"author":[{"embeddable":true,"href":"https:\/\/iwell-guard.com\/sr\/wp-json\/wp\/v2\/users\/3"}],"replies":[{"embeddable":true,"href":"https:\/\/iwell-guard.com\/sr\/wp-json\/wp\/v2\/comments?post=155674"}],"version-history":[{"count":0,"href":"https:\/\/iwell-guard.com\/sr\/wp-json\/wp\/v2\/pages\/155674\/revisions"}],"wp:featuredmedia":[{"embeddable":true,"href":"https:\/\/iwell-guard.com\/sr\/wp-json\/wp\/v2\/media\/20058"}],"wp:attachment":[{"href":"https:\/\/iwell-guard.com\/sr\/wp-json\/wp\/v2\/media?parent=155674"}],"wp:term":[{"taxonomy":"category","embeddable":true,"href":"https:\/\/iwell-guard.com\/sr\/wp-json\/wp\/v2\/categories?post=155674"}],"curies":[{"name":"wp","href":"https:\/\/api.w.org\/{rel}","templated":true}]}}