{"id":155107,"date":"2026-09-04T20:14:04","date_gmt":"2026-09-04T20:14:04","guid":{"rendered":"https:\/\/iwell-guard.com\/?page_id=155107"},"modified":"2026-09-04T20:34:07","modified_gmt":"2026-09-04T20:34:07","slug":"gelo","status":"publish","type":"page","link":"https:\/\/iwell-guard.com\/sr\/gelo\/","title":{"rendered":"Gello"},"content":{"rendered":"\t\t<div data-elementor-type=\"wp-page\" data-elementor-id=\"155107\" class=\"elementor elementor-155107 elementor-2207 elementor-bc-flex-widget\" data-elementor-post-type=\"page\">\n\t\t\t\t<div class=\"elementor-element elementor-element-x-h1-2207 e-con-boxed e-flex e-con e-parent\" data-id=\"x-h1-2207\" data-element_type=\"container\" data-e-type=\"container\">\n\t\t\t\t\t<div class=\"e-con-inner\">\n\t\t\t\t<div class=\"elementor-element elementor-element-x-h1w-2207 elementor-widget elementor-widget-heading\" data-id=\"x-h1w-2207\" data-element_type=\"widget\" data-e-type=\"widget\" data-widget_type=\"heading.default\">\n\t\t\t\t\t<h1 class=\"elementor-heading-title elementor-size-default\">Gelo, de\u010dji demon gr\u010dke tradicije<\/h1>\t\t\t\t<\/div>\n\t\t\t\t\t<\/div>\n\t\t\t\t<\/div>\n\t\t<div class=\"elementor-element elementor-element-bld-h-gello e-con-boxed e-flex e-con e-parent\" data-id=\"bld-h-gello\" data-element_type=\"container\" data-e-type=\"container\">\n\t\t\t\t\t<div class=\"e-con-inner\">\n\t\t\t\t<div class=\"elementor-element elementor-element-bld-i-gello elementor-widget elementor-widget-image\" data-id=\"bld-i-gello\" data-element_type=\"widget\" data-e-type=\"widget\" data-widget_type=\"image.default\">\n\t\t\t\t\t\t\t\t\t\t\t\t\t\t\t<img fetchpriority=\"high\" decoding=\"async\" width=\"683\" height=\"1024\" src=\"https:\/\/iwell-guard.com\/wp-content\/uploads\/2026\/05\/daemonen_griechenland_gello-683x1024.webp\" class=\"attachment-large size-large wp-image-157147\" alt=\"\u0413\u0435\u043b\u043e - \u0434\u0435\u043c\u043e\u043d\u0438 \u0438\u0437 \u0433\u0440\u0447\u043a\u0435 \u0442\u0440\u0430\u0434\u0438\u0446\u0438\u0458\u0435, \u0438\u0441\u0442\u043e\u0440\u0438\u0458\u0441\u043a\u0438-\u0438\u043b\u0443\u0441\u0442\u0440\u0430\u0442\u0438\u0432\u043d\u043e\" srcset=\"https:\/\/iwell-guard.com\/wp-content\/uploads\/2026\/05\/daemonen_griechenland_gello-683x1024.webp 683w, https:\/\/iwell-guard.com\/wp-content\/uploads\/2026\/05\/daemonen_griechenland_gello-200x300.webp 200w, https:\/\/iwell-guard.com\/wp-content\/uploads\/2026\/05\/daemonen_griechenland_gello-768x1152.webp 768w, https:\/\/iwell-guard.com\/wp-content\/uploads\/2026\/05\/daemonen_griechenland_gello.webp 1024w\" sizes=\"(max-width: 683px) 100vw, 683px\" \/>\t\t\t\t\t\t\t\t\t\t\t\t\t\t\t<\/div>\n\t\t\t\t\t<\/div>\n\t\t\t\t<\/div>\n\t\t<div class=\"elementor-element elementor-element-x404-s0 e-con-boxed e-flex e-con e-parent\" data-id=\"x404-s0\" data-element_type=\"container\" data-e-type=\"container\">\n\t\t\t\t\t<div class=\"e-con-inner\">\n\t\t\t\t<div class=\"elementor-element elementor-element-x404-h0 elementor-widget elementor-widget-heading\" data-id=\"x404-h0\" data-element_type=\"widget\" data-e-type=\"widget\" data-widget_type=\"heading.default\">\n\t\t\t\t\t<h2 class=\"elementor-heading-title elementor-size-default\">Gello<\/h2>\t\t\t\t<\/div>\n\t\t<div class=\"elementor-element elementor-element-x404-s0-bw e-flex e-con-boxed e-con e-parent\" data-id=\"x404-s0-bw\" data-element_type=\"container\" data-e-type=\"container\" data-settings=\"{&quot;background_background&quot;:&quot;classic&quot;}\">\n\t\t\t\t\t<div class=\"e-con-inner\">\n\t\t\t\t<div class=\"elementor-element elementor-element-x404-t0 elementor-widget elementor-widget-text-editor\" data-id=\"x404-t0\" data-element_type=\"widget\" data-e-type=\"widget\" data-widget_type=\"text-editor.default\">\n\t\t\t\t\t\t\t\t\t<p>Gelo (\u0393\u03b5\u03bb\u03bb\u03ce) je demon koji ugro\u017eava decu u gr\u010dkoj tradiciji, sa korenima u kasnoanti\u010dkoj i vizantijskoj narodnoj magiji.<\/p><p>Pripada \u0161irokoj kulturno-antropolo\u0161koj porodici bi\u0107a koja ugro\u017eavaju trudnice, \u017eene na poro\u0111aju i odoj\u010dad, i srodna je mesopotamskoj Lama\u0161tu, jevrejskoj Lilit, rimskoj Striks i sirijskoj Lilitu. Ko \u017eeli da razume ovaj kompleks u celini, u pregledu <a href=\"https:\/\/iwell-guard.com\/sr\/?page_id=154985\">De\u010dji demoni<\/a> mo\u017ee na\u0107i me\u0111ukulturno uklapanje.<\/p><p>Ime Gelo se prvi put javlja kod gr\u010dke pesnikinje Sapfo (oko 600. p. n. e., fragment 178 Lobel-Page) kao poslovica, izraz &#8222;voli decu manje nego Gelo&#8220; bio je ironi\u010dan opis za bezose\u0107ajnu osobu.<\/p><p>Kasnija tradicija iz ovog nagove\u0161taja razvija potpun profil bi\u0107a: Gelo je prerano umrla mlada \u017eena koja se kao osvetoljubiv <span class=\"iwg-fachbegriff\" data-tooltip=\"Netelesno bi\u0107e kome se pripisuje delovanje u svetu.\" tabindex=\"0\">duh<\/span> vra\u0107a u ovaj svet i napada decu drugih majki, jer sama nije mogla da rodi ili podigne decu.<\/p><div><h3>Gelo u gr\u010dko-vizantijskoj tradiciji<\/h3><p>Gelo (tako\u0111e <em>Gilu<\/em>, <em>Geloudes<\/em> ili <em>Gilo<\/em>) je \u017eensko demonsko bi\u0107e gr\u010dko-vizantijske tradicije, koje strukturno pripada pro\u0161irenoj klasi sukubusa, sa specijalizacijom na ugro\u017eavanje trudnica, \u017eena na poro\u0111aju i odoj\u010dadi. Najstariji pomen nalazi se kod Sapfo (fragment 178), gde se Gelo javlja kao bi\u0107e koje personifikuje rano umrle devojke.<\/p><p>U vizantijskoj tradiciji ona postaje razra\u0111ena figura demona bolesti, protiv koje se koriste amuleti i liturgijske za\u0161titne formule. Novija istra\u017eivanja (Sarah Iles Johnston, <em>Restless Dead<\/em>, 1999; Richard Greenfield, <em>Traditions of Belief in Late Byzantine Demonology<\/em>, 1988) su obradila religijsko-istorijsku dubinu Gelo-tradicije.<\/p><\/div>\t\t\t\t\t\t\t\t<\/div>\n\t\t\t\t\t<\/div>\n\t\t\t\t<\/div>\n\t\t\t\t\t<\/div>\n\t\t\t\t<\/div>\n\t\t<div class=\"elementor-element elementor-element-x404-s1 e-con-boxed e-flex e-con e-parent\" data-id=\"x404-s1\" data-element_type=\"container\" data-e-type=\"container\">\n\t\t\t\t\t<div class=\"e-con-inner\">\n\t\t\t\t<div class=\"elementor-element elementor-element-x404-h1 elementor-widget elementor-widget-heading\" data-id=\"x404-h1\" data-element_type=\"widget\" data-e-type=\"widget\" data-widget_type=\"heading.default\">\n\t\t\t\t\t<h2 class=\"elementor-heading-title elementor-size-default\">Kontekst i pozadina<\/h2>\t\t\t\t<\/div>\n\t\t<div class=\"elementor-element elementor-element-x404-s1-bw e-flex e-con-boxed e-con e-parent\" data-id=\"x404-s1-bw\" data-element_type=\"container\" data-e-type=\"container\" data-settings=\"{&quot;background_background&quot;:&quot;classic&quot;}\">\n\t\t\t\t\t<div class=\"e-con-inner\">\n\t\t\t\t<div class=\"elementor-element elementor-element-x404-t1 elementor-widget elementor-widget-text-editor\" data-id=\"x404-t1\" data-element_type=\"widget\" data-e-type=\"widget\" data-widget_type=\"text-editor.default\">\n\t\t\t\t\t\t\t\t\t<p>Tradicija poti\u010de iz kasnoanti\u010dke gr\u010dke i vizantijske narodne magije i dobro je dokumentovana u religijsko-istorijskim istra\u017eivanjima kao kasnoanti\u010dki kompleks de\u010djih demona.<\/p>\t\t\t\t\t\t\t\t<\/div>\n\t\t\t\t\t<\/div>\n\t\t\t\t<\/div>\n\t\t\t\t\t<\/div>\n\t\t\t\t<\/div>\n\t\t<div class=\"elementor-element elementor-element-add-gello-s0 e-con-boxed e-flex e-con e-parent\" data-id=\"add-gello-s0\" data-element_type=\"container\" data-e-type=\"container\">\n\t\t\t\t\t<div class=\"e-con-inner\">\n\t\t\t\t<div class=\"elementor-element elementor-element-add-gello-h0 elementor-widget elementor-widget-heading\" data-id=\"add-gello-h0\" data-element_type=\"widget\" data-e-type=\"widget\" data-widget_type=\"heading.default\">\n\t\t\t\t\t<h2 class=\"elementor-heading-title elementor-size-default\">Mitolo\u0161ka pozadina<\/h2>\t\t\t\t<\/div>\n\t\t<div class=\"elementor-element elementor-element-add-gello-s0-bw e-flex e-con-boxed e-con e-parent\" data-id=\"add-gello-s0-bw\" data-element_type=\"container\" data-e-type=\"container\" data-settings=\"{&quot;background_background&quot;:&quot;classic&quot;}\">\n\t\t\t\t\t<div class=\"e-con-inner\">\n\t\t\t\t<div class=\"elementor-element elementor-element-add-gello-t0 elementor-widget elementor-widget-text-editor\" data-id=\"add-gello-t0\" data-element_type=\"widget\" data-e-type=\"widget\" data-widget_type=\"text-editor.default\">\n\t\t\t\t\t\t\t\t\t<p>Najva\u017eniji izvori o Gelo-tradiciji jesu kasnoanti\u010dki i vizantijski za\u0161titni tekstovi protiv de\u010djih demona. Centralni tekst je &#8222;Pri\u010da o svetom Sisiniju&#8220;, apokrifna legenda o svecu, u kojoj sveti Sisinije i njegova bra\u0107a Sinidoros i Sinodoros progone de\u010djeg demona po imenu Gilu (tako glasi vizantijska varijanta pisanja) i teraju ga da otkrije svojih dvanaest imena.<\/p><p>Ova lista imena je <span class=\"iwg-fachbegriff\" tabindex=\"0\" data-tooltip=\"Za\u0161tita od zla; apotropejski simboli (Pazuzu, Hamsa, Nazar) \u0161tite od \u0161tetne magije i urokljivog pogleda.\">apotropejska<\/span>, ko poznaje svih dvanaest imena, ima mo\u0107 nad demonom.<\/p><p>Osim toga, sa\u010duvane su olovne plo\u010dice iz 6. do 10. veka, koje su no\u0161ene kao za\u0161titni amuleti i na kojima su ugravirane za\u0161titne formule protiv Gelo. Ova epigrafska grupa izvora posebno je vredna za religijsku istoriju, jer pokazuje da je tradicija bila prisutna i u knji\u017eevnosti, i u konkretnoj praksi.<\/p><p>Va\u017ene filolo\u0161ke studije su A. Greenfield (&#8222;Traditions of Belief in Late Byzantine Demonology&#8220;, 1988) i R. P. H. Greenfield (&#8222;St. Sisinnios, the Archangel Michael and the Female Demon Gylou&#8220;, 1989).<\/p><div><h3>Srodnost sa Lilit i Lamijom<\/h3><p>Gelo, zajedno sa jevrejskom Lilit, gr\u010dkom Lamijom i mesopotamskom Lama\u0161tu, \u010dini klasu \u017eenskih demona vezanih za poro\u0111aj, \u010dija istorijska povezanost je u komparativnoj <span class=\"iwg-fachbegriff\" data-tooltip=\"Nauka koja upore\u0111uju\u0107i i bez verske pripadnosti istra\u017euje religije.\" tabindex=\"0\">religiologiji<\/span> sistematski istra\u017eena od Bernharda Barea (<em>The Demon Child Killer in Greek and Mesopotamian Tradition<\/em>, 1976).<\/p><p>Strukturalne paralele su tako blizu da se mora pretpostaviti zajedni\u010dki staroorijentalni koren, koji je u razli\u010ditim mediteranskim kulturama razvio svoje sopstvene oblike. Vizantijsko-pravoslavna marijanska tradicija poznaje svoj sopstveni aparat za\u0161titnih prizivanja i amuleta protiv Gelo, koji se delom nastavljaju u gr\u010dko-pravoslavnoj narodnoj religiji do danas.<\/p><\/div>\t\t\t\t\t\t\t\t<\/div>\n\t\t\t\t\t<\/div>\n\t\t\t\t<\/div>\n\t\t\t\t\t<\/div>\n\t\t\t\t<\/div>\n\t\t<div class=\"elementor-element elementor-element-add-gello-s1 e-con-boxed e-flex e-con e-parent\" data-id=\"add-gello-s1\" data-element_type=\"container\" data-e-type=\"container\">\n\t\t\t\t\t<div class=\"e-con-inner\">\n\t\t\t\t<div class=\"elementor-element elementor-element-add-gello-h1 elementor-widget elementor-widget-heading\" data-id=\"add-gello-h1\" data-element_type=\"widget\" data-e-type=\"widget\" data-widget_type=\"heading.default\">\n\t\t\t\t\t<h2 class=\"elementor-heading-title elementor-size-default\">Izvori<\/h2>\t\t\t\t<\/div>\n\t\t<div class=\"elementor-element elementor-element-add-gello-s1-bw e-flex e-con-boxed e-con e-parent\" data-id=\"add-gello-s1-bw\" data-element_type=\"container\" data-e-type=\"container\" data-settings=\"{&quot;background_background&quot;:&quot;classic&quot;}\">\n\t\t\t\t\t<div class=\"e-con-inner\">\n\t\t\t\t<div class=\"elementor-element elementor-element-add-gello-t1 elementor-widget elementor-widget-text-editor\" data-id=\"add-gello-t1\" data-element_type=\"widget\" data-e-type=\"widget\" data-widget_type=\"text-editor.default\">\n\t\t\t\t\t\t\t\t\t<p>Glavna literatura: A. Greenfield, &#8222;Traditions of Belief in Late Byzantine Demonology&#8220; (1988); R. P. H. Greenfield o Sisiniju i Gilu (1989); Karl Preisendanz, &#8222;Papyri Graecae Magicae&#8220; za <span class=\"iwg-fachbegriff\" data-tooltip=\"Prelazna epoha izme\u0111u antike i srednjeg veka, otprilike 3. do 7. veka.\" tabindex=\"0\">kasnoanti\u010dku<\/span> tradiciju <span class=\"iwg-fachbegriff\" data-tooltip=\"Prakse koje poku\u0161avaju posebnim radnjama ili formulama da uti\u010du na tok stvari.\" tabindex=\"0\">magije<\/span>. Uz to postoji arheolo\u0161ko-epigrafska grupa izvora olovnih amuleta iz 6. do 10. veka, koji su objavljeni u nekoliko zbirnih publikacija.<\/p><div><h3>Gelo u za\u0161titnom polju iWell Guard<\/h3><p>Gelo spada u drugi sloj za\u0161titnog polja iWell Guard (vidi <a href=\"https:\/\/iwell-guard.com\/sr\/?page_id=155114\">Pregled funkcija<\/a>): poku\u0161aji duhova i demona da ugroze nosioca ili njegovu trudno\u0107u, poro\u0111aj ili odoj\u010dad, za\u0161titni \u0161tit odbija.<\/p><p>Istorijska tradicija za\u0161tite od Gelo predstavlja religijsko-istorijsku pouku: prakse za\u0161tite protiv ove klase demona razvijene su u skoro svim naprednim mediteranskim kulturama, \u0161to nagove\u0161tava univerzalnu iskustvenu osnovu iza tih svedo\u010denja.<\/p><\/div>\t\t\t\t\t\t\t\t<\/div>\n\t\t\t\t\t<\/div>\n\t\t\t\t<\/div>\n\t\t\t\t\t<\/div>\n\t\t\t\t<\/div>\n\t\t<div class=\"elementor-element elementor-element-add-gello-s2 e-con-boxed e-flex e-con e-parent\" data-id=\"add-gello-s2\" data-element_type=\"container\" data-e-type=\"container\">\n\t\t\t\t\t<div class=\"e-con-inner\">\n\t\t\t\t<div class=\"elementor-element elementor-element-add-gello-h2 elementor-widget elementor-widget-heading\" data-id=\"add-gello-h2\" data-element_type=\"widget\" data-e-type=\"widget\" data-widget_type=\"heading.default\">\n\t\t\t\t\t<h2 class=\"elementor-heading-title elementor-size-default\">\u041f\u0430\u0440\u0430\u043b\u0435\u043b\u0435<\/h2>\t\t\t\t<\/div>\n\t\t<div class=\"elementor-element elementor-element-add-gello-s2-bw e-flex e-con-boxed e-con e-parent\" data-id=\"add-gello-s2-bw\" data-element_type=\"container\" data-e-type=\"container\" data-settings=\"{&quot;background_background&quot;:&quot;classic&quot;}\">\n\t\t\t\t\t<div class=\"e-con-inner\">\n\t\t\t\t<div class=\"elementor-element elementor-element-add-gello-t2 elementor-widget elementor-widget-text-editor\" data-id=\"add-gello-t2\" data-element_type=\"widget\" data-e-type=\"widget\" data-widget_type=\"text-editor.default\">\n\t\t\t\t\t\t\t\t\t<footer class=\"iwg-literatur\"><p>Gelo ima brojne paralele u susednim tradicijama: u semitskom svetu njoj u velikoj meri odgovaraju Lilit (Lilith) i akadska Lama\u0161tu (Lamashtu), s kojima deli profil bi\u0107a opasnog za decu, \u017eenskog roda, sa visokom pokretljivo\u0161\u0107u (putovanje kroz vazduh) i ambivalentnim statusom izme\u0111u duha i demona.<\/p><p>U rimskoj tradiciji najbli\u017ei srodnik joj je Striks (pti\u010dje obli\u010dje demona koji ugro\u017eava decu), u slovenskoj tradiciji Mora ili Mara, a u jevrejskoj tradiciji Lilit sa svojim prethodnicama.<\/p><p>Kulturnoantropolo\u0161ka istra\u017eivanja u ovoj me\u0111ukulturnoj postojanosti vide manje efekat difuzije, a vi\u0161e funkcionalnu konvergenciju: visoka smrtnost odoj\u010dadi i porodilja u predmodernim dru\u0161tvima stvorila je potrebu za obja\u0161njenjem i za\u0161titom, koja je u brojnim kulturama iznedrila sli\u010dna profila bi\u0107a.<\/p><p>Tradicija za\u0161tite od Gelo i njenih srodnica predstavlja istorijski naj\u0161iru osnovu za kasniju tradiciju za\u0161tite uop\u0161te. Apotropejski amuleti, zazivanja za\u0161tite i ritualizovane prakse \u010di\u0161\u0107enja imaju upravo ovde svoje najstarije i kulturno najpostojanije podru\u010dje primene.<\/p><h3>Veze sa iWell Guard<\/h3><p>Na iWell Guard, Gelo je jedan od unosa u leksikonu gr\u010dke tradicije (vidi <a href=\"https:\/\/iwell-guard.com\/sr\/?page_id=154834\">Gr\u010dka<\/a>) i istovremeno deo preglednog pregleda klase <a href=\"https:\/\/iwell-guard.com\/sr\/?page_id=154985\">Demoni koji ugro\u017eavaju decu<\/a>. Srodni pojedina\u010dni \u010dlanci su <a href=\"https:\/\/iwell-guard.com\/sr\/?page_id=154837\">Lamija (Lamia)<\/a> kao najpoznatija gr\u010dka demonica koja ugro\u017eava decu, <a href=\"https:\/\/iwell-guard.com\/sr\/?page_id=154838\">Empusa<\/a> iz srodnog kompleksa sukubusa i <a href=\"https:\/\/iwell-guard.com\/sr\/?page_id=154847\">Lilit (Lilith)<\/a> kao jevrejski pandan.<\/p><p>Tradicija o Gelo je deo kasnoanti\u010dke gr\u010dke <span class=\"iwg-fachbegriff\" data-tooltip=\"Ukupnost predanih pripovesti o bogovima jedne kulture.\" tabindex=\"0\">mitologije<\/span> i istra\u017eivanja narodnih verovanja o demonima koji ugro\u017eavaju decu.<\/p><p>Tradicija o Gelo je deo kasnoanti\u010dke gr\u010dke <span class=\"iwg-fachbegriff\" data-tooltip=\"Ukupnost predanih pripovesti o bogovima jedne kulture.\" tabindex=\"0\">mitologije<\/span> i istra\u017eivanja narodnih verovanja o demonima koji ugro\u017eavaju decu.<\/p><p>Tradicija o Gelo je deo kasnoanti\u010dke gr\u010dke <span class=\"iwg-fachbegriff\" data-tooltip=\"Ukupnost predanih pripovesti o bogovima jedne kulture.\" tabindex=\"0\">mitologije<\/span> i tradicije narodnog verovanja.<\/p><\/footer>\t\t\t\t\t\t\t\t<\/div>\n\t\t\t\t\t<\/div>\n\t\t\t\t<\/div>\n\t\t\t\t\t<\/div>\n\t\t\t\t<\/div>\n\t\t\t\t<\/div>\n\t\t","protected":false},"excerpt":{"rendered":"","protected":false},"author":3,"featured_media":2279,"parent":0,"menu_order":0,"comment_status":"closed","ping_status":"closed","template":"elementor_header_footer","meta":{"_yoast_wpseo_focuskw":"gelo","_yoast_wpseo_title":"Gello \u2013 de\u010dji demon vizantijske tradicije","_yoast_wpseo_metadesc":"De\u010dji demon gr\u010dko-vizantijske tradicije, uporediva sa Lamijom i Mormo. Navodno nanosi \u0161tetu trudnicama i novoro\u0111en\u010dadi. O njoj se govori u ranim","_yoast_wpseo_meta-robots-noindex":"1","_yoast_wpseo_canonical":"","_angie_page":false,"gefaehrdungsstufe":"","wesen_kultur":"","wesen_klasse":"","footnotes":""},"categories":[],"class_list":["post-155107","page","type-page","status-publish","has-post-thumbnail","hentry"],"yoast_head":"<!-- This site is optimized with the Yoast SEO Premium plugin v27.7 (Yoast SEO v28.3) - https:\/\/yoast.com\/product\/yoast-seo-premium-wordpress\/ -->\n<title>Gello \u2013 de\u010dji demon vizantijske tradicije<\/title>\n<meta name=\"description\" content=\"De\u010dji demon gr\u010dko-vizantijske tradicije, uporediva sa Lamijom i Mormo. Navodno nanosi \u0161tetu trudnicama i novoro\u0111en\u010dadi. O njoj se govori u ranim\" \/>\n<meta name=\"robots\" content=\"noindex, follow\" \/>\n<meta property=\"og:locale\" content=\"sr_RS\" \/>\n<meta property=\"og:type\" content=\"article\" \/>\n<meta property=\"og:title\" content=\"Gello\" \/>\n<meta property=\"og:description\" content=\"De\u010dji demon gr\u010dko-vizantijske tradicije, uporediva sa Lamijom i Mormo. Navodno nanosi \u0161tetu trudnicama i novoro\u0111en\u010dadi. O njoj se govori u ranim\" \/>\n<meta property=\"og:url\" content=\"https:\/\/iwell-guard.com\/sr\/gelo\/\" \/>\n<meta property=\"og:site_name\" content=\"iWell Guard\" \/>\n<meta property=\"article:modified_time\" content=\"2026-09-04T20:34:07+00:00\" \/>\n<meta property=\"og:image\" content=\"https:\/\/iwell-guard.com\/wp-content\/uploads\/2026\/05\/daemonen_griechenland_gello.webp\" \/>\n\t<meta property=\"og:image:width\" content=\"1024\" \/>\n\t<meta property=\"og:image:height\" content=\"1536\" \/>\n\t<meta property=\"og:image:type\" content=\"image\/webp\" \/>\n<meta name=\"twitter:card\" content=\"summary_large_image\" \/>\n<script type=\"application\/ld+json\" class=\"yoast-schema-graph\">{\"@context\":\"https:\\\/\\\/schema.org\",\"@graph\":[{\"@type\":\"WebPage\",\"@id\":\"https:\\\/\\\/iwell-guard.com\\\/sr\\\/gelo\\\/\",\"url\":\"https:\\\/\\\/iwell-guard.com\\\/sr\\\/gelo\\\/\",\"name\":\"Gello \u2013 de\u010dji demon vizantijske tradicije\",\"isPartOf\":{\"@id\":\"https:\\\/\\\/iwell-guard.com\\\/sr\\\/#website\"},\"primaryImageOfPage\":{\"@id\":\"https:\\\/\\\/iwell-guard.com\\\/sr\\\/gelo\\\/#primaryimage\"},\"image\":{\"@id\":\"https:\\\/\\\/iwell-guard.com\\\/sr\\\/gelo\\\/#primaryimage\"},\"thumbnailUrl\":\"https:\\\/\\\/iwell-guard.com\\\/wp-content\\\/uploads\\\/2026\\\/05\\\/daemonen_griechenland_gello.webp\",\"datePublished\":\"2026-09-04T20:14:04+00:00\",\"dateModified\":\"2026-09-04T20:34:07+00:00\",\"description\":\"De\u010dji demon gr\u010dko-vizantijske tradicije, uporediva sa Lamijom i Mormo. Navodno nanosi \u0161tetu trudnicama i novoro\u0111en\u010dadi. O njoj se govori u ranim\",\"breadcrumb\":{\"@id\":\"https:\\\/\\\/iwell-guard.com\\\/sr\\\/gelo\\\/#breadcrumb\"},\"inLanguage\":\"sr-RS\",\"potentialAction\":[{\"@type\":\"ReadAction\",\"target\":[\"https:\\\/\\\/iwell-guard.com\\\/sr\\\/gelo\\\/\"]}]},{\"@type\":\"ImageObject\",\"inLanguage\":\"sr-RS\",\"@id\":\"https:\\\/\\\/iwell-guard.com\\\/sr\\\/gelo\\\/#primaryimage\",\"url\":\"https:\\\/\\\/iwell-guard.com\\\/wp-content\\\/uploads\\\/2026\\\/05\\\/daemonen_griechenland_gello.webp\",\"contentUrl\":\"https:\\\/\\\/iwell-guard.com\\\/wp-content\\\/uploads\\\/2026\\\/05\\\/daemonen_griechenland_gello.webp\",\"width\":1024,\"height\":1536,\"caption\":\"Demoni iz gr\u010dke tradicije.\"},{\"@type\":\"BreadcrumbList\",\"@id\":\"https:\\\/\\\/iwell-guard.com\\\/sr\\\/gelo\\\/#breadcrumb\",\"itemListElement\":[{\"@type\":\"ListItem\",\"position\":1,\"name\":\"Start\",\"item\":\"https:\\\/\\\/iwell-guard.com\\\/sr\\\/?page_id=154820\"},{\"@type\":\"ListItem\",\"position\":2,\"name\":\"Gello\"}]},{\"@type\":\"WebSite\",\"@id\":\"https:\\\/\\\/iwell-guard.com\\\/sr\\\/#website\",\"url\":\"https:\\\/\\\/iwell-guard.com\\\/sr\\\/\",\"name\":\"iWell Guard\",\"description\":\"Schutz vor dunklen Einfl\u00fcssen\",\"publisher\":{\"@id\":\"https:\\\/\\\/iwell-guard.com\\\/sr\\\/#organization\"},\"potentialAction\":[{\"@type\":\"SearchAction\",\"target\":{\"@type\":\"EntryPoint\",\"urlTemplate\":\"https:\\\/\\\/iwell-guard.com\\\/sr\\\/?s={search_term_string}\"},\"query-input\":{\"@type\":\"PropertyValueSpecification\",\"valueRequired\":true,\"valueName\":\"search_term_string\"}}],\"inLanguage\":\"sr-RS\"},{\"@type\":\"Organization\",\"@id\":\"https:\\\/\\\/iwell-guard.com\\\/sr\\\/#organization\",\"name\":\"Ittermann electronic GmbH\",\"url\":\"https:\\\/\\\/iwell-guard.com\\\/sr\\\/\",\"logo\":{\"@type\":\"ImageObject\",\"inLanguage\":\"sr-RS\",\"@id\":\"https:\\\/\\\/iwell-guard.com\\\/sr\\\/#\\\/schema\\\/logo\\\/image\\\/\",\"url\":\"https:\\\/\\\/iwell-guard.com\\\/wp-content\\\/uploads\\\/2026\\\/05\\\/Ittermann-Logo-1182x237-1.png\",\"contentUrl\":\"https:\\\/\\\/iwell-guard.com\\\/wp-content\\\/uploads\\\/2026\\\/05\\\/Ittermann-Logo-1182x237-1.png\",\"width\":1182,\"height\":237,\"caption\":\"Ittermann electronic GmbH\"},\"image\":{\"@id\":\"https:\\\/\\\/iwell-guard.com\\\/sr\\\/#\\\/schema\\\/logo\\\/image\\\/\"},\"sameAs\":[\"https:\\\/\\\/pantip.com\\\/profile\\\/9367242\",\"https:\\\/\\\/micro.blog\\\/iwellguard\",\"https:\\\/\\\/www.diggerslist.com\\\/iwellguard\\\/about\",\"https:\\\/\\\/skitterphoto.com\\\/photographers\\\/2870314\\\/iwell-guard\",\"https:\\\/\\\/iwellguard.wordpress.com\\\/2026\\\/06\\\/06\\\/iwell-guard\\\/\",\"https:\\\/\\\/hub.docker.com\\\/u\\\/iwellguard\",\"https:\\\/\\\/www.pinterest.com\\\/iwellguard\\\/\",\"https:\\\/\\\/bit.ly\\\/m\\\/iwellguard\",\"https:\\\/\\\/entre-vos-mains.alsace.eu\\\/profiles\\\/iwellguard\\\/activity\",\"https:\\\/\\\/gravatar.com\\\/reallybeded8fd34\",\"https:\\\/\\\/naijamatta.com\\\/iwellguard\",\"https:\\\/\\\/www.goodreads.com\\\/iwellguard\",\"https:\\\/\\\/profile.hatena.ne.jp\\\/iwellguard\\\/\",\"https:\\\/\\\/experiment.com\\\/users\\\/iwellguard\",\"https:\\\/\\\/wakelet.com\\\/@iWellGuard82270\",\"https:\\\/\\\/www.chordie.com\\\/forum\\\/profile.php?id=2555664\",\"https:\\\/\\\/www.instapaper.com\\\/p\\\/17757966\",\"https:\\\/\\\/www.mapleprimes.com\\\/users\\\/iwellguard\",\"https:\\\/\\\/businesslistingplus.com\\\/profile\\\/iwell-guard\\\/\",\"https:\\\/\\\/telegra.ph\\\/iWell-Guard-06-06\",\"https:\\\/\\\/pbase.com\\\/iwellguard\\\/iwellguard\",\"https:\\\/\\\/b.hatena.ne.jp\\\/iwellguard\\\/20260607#bookmark-4788405196491818882\",\"https:\\\/\\\/fliphtml5.com\\\/home\\\/iwellguard\",\"https:\\\/\\\/anyflip.com\\\/homepage\\\/cmiwl#About\",\"https:\\\/\\\/transfur.com\\\/Users\\\/iwellguard\",\"http:\\\/\\\/delphi.larsbo.org\\\/user\\\/iwellguard\",\"https:\\\/\\\/jobs.lajobsportal.org\\\/profiles\\\/8380803-iwell-guard\",\"https:\\\/\\\/md.chaosdorf.de\\\/s\\\/jfbe5SBdJD\",\"https:\\\/\\\/www.lingvolive.com\\\/en-us\\\/profile\\\/9ecaeaca-ce11-4e51-9e71-01d55e2bff36\\\/translations\",\"https:\\\/\\\/www.fitday.com\\\/fitness\\\/forums\\\/members\\\/iwellguard.html\",\"https:\\\/\\\/www.mymeetbook.com\\\/iwellguard\",\"https:\\\/\\\/pxhere.com\\\/en\\\/photographer-me\\\/5040798\",\"https:\\\/\\\/disqus.com\\\/by\\\/iwellguard\\\/about\\\/\",\"https:\\\/\\\/pastelink.net\\\/hjwciqwq\",\"https:\\\/\\\/pubhtml5.com\\\/homepage\\\/scjhn\\\/\",\"https:\\\/\\\/www.bitchute.com\\\/channel\\\/2O2eOKzNqujT\",\"https:\\\/\\\/audiomack.com\\\/iwellguard\"]}]}<\/script>\n<!-- \/ Yoast SEO Premium plugin. -->","yoast_head_json":{"title":"Gello \u2013 de\u010dji demon vizantijske tradicije","description":"De\u010dji demon gr\u010dko-vizantijske tradicije, uporediva sa Lamijom i Mormo. Navodno nanosi \u0161tetu trudnicama i novoro\u0111en\u010dadi. O njoj se govori u ranim","robots":{"index":"noindex","follow":"follow"},"og_locale":"sr_RS","og_type":"article","og_title":"Gello","og_description":"De\u010dji demon gr\u010dko-vizantijske tradicije, uporediva sa Lamijom i Mormo. Navodno nanosi \u0161tetu trudnicama i novoro\u0111en\u010dadi. O njoj se govori u ranim","og_url":"https:\/\/iwell-guard.com\/sr\/gelo\/","og_site_name":"iWell Guard","article_modified_time":"2026-09-04T20:34:07+00:00","og_image":[{"width":1024,"height":1536,"url":"https:\/\/iwell-guard.com\/wp-content\/uploads\/2026\/05\/daemonen_griechenland_gello.webp","type":"image\/webp"}],"twitter_card":"summary_large_image","schema":{"@context":"https:\/\/schema.org","@graph":[{"@type":"WebPage","@id":"https:\/\/iwell-guard.com\/sr\/gelo\/","url":"https:\/\/iwell-guard.com\/sr\/gelo\/","name":"Gello \u2013 de\u010dji demon vizantijske tradicije","isPartOf":{"@id":"https:\/\/iwell-guard.com\/sr\/#website"},"primaryImageOfPage":{"@id":"https:\/\/iwell-guard.com\/sr\/gelo\/#primaryimage"},"image":{"@id":"https:\/\/iwell-guard.com\/sr\/gelo\/#primaryimage"},"thumbnailUrl":"https:\/\/iwell-guard.com\/wp-content\/uploads\/2026\/05\/daemonen_griechenland_gello.webp","datePublished":"2026-09-04T20:14:04+00:00","dateModified":"2026-09-04T20:34:07+00:00","description":"De\u010dji demon gr\u010dko-vizantijske tradicije, uporediva sa Lamijom i Mormo. Navodno nanosi \u0161tetu trudnicama i novoro\u0111en\u010dadi. O njoj se govori u ranim","breadcrumb":{"@id":"https:\/\/iwell-guard.com\/sr\/gelo\/#breadcrumb"},"inLanguage":"sr-RS","potentialAction":[{"@type":"ReadAction","target":["https:\/\/iwell-guard.com\/sr\/gelo\/"]}]},{"@type":"ImageObject","inLanguage":"sr-RS","@id":"https:\/\/iwell-guard.com\/sr\/gelo\/#primaryimage","url":"https:\/\/iwell-guard.com\/wp-content\/uploads\/2026\/05\/daemonen_griechenland_gello.webp","contentUrl":"https:\/\/iwell-guard.com\/wp-content\/uploads\/2026\/05\/daemonen_griechenland_gello.webp","width":1024,"height":1536,"caption":"Demoni iz gr\u010dke tradicije."},{"@type":"BreadcrumbList","@id":"https:\/\/iwell-guard.com\/sr\/gelo\/#breadcrumb","itemListElement":[{"@type":"ListItem","position":1,"name":"Start","item":"https:\/\/iwell-guard.com\/sr\/?page_id=154820"},{"@type":"ListItem","position":2,"name":"Gello"}]},{"@type":"WebSite","@id":"https:\/\/iwell-guard.com\/sr\/#website","url":"https:\/\/iwell-guard.com\/sr\/","name":"iWell Guard","description":"Schutz vor dunklen Einfl\u00fcssen","publisher":{"@id":"https:\/\/iwell-guard.com\/sr\/#organization"},"potentialAction":[{"@type":"SearchAction","target":{"@type":"EntryPoint","urlTemplate":"https:\/\/iwell-guard.com\/sr\/?s={search_term_string}"},"query-input":{"@type":"PropertyValueSpecification","valueRequired":true,"valueName":"search_term_string"}}],"inLanguage":"sr-RS"},{"@type":"Organization","@id":"https:\/\/iwell-guard.com\/sr\/#organization","name":"Ittermann electronic GmbH","url":"https:\/\/iwell-guard.com\/sr\/","logo":{"@type":"ImageObject","inLanguage":"sr-RS","@id":"https:\/\/iwell-guard.com\/sr\/#\/schema\/logo\/image\/","url":"https:\/\/iwell-guard.com\/wp-content\/uploads\/2026\/05\/Ittermann-Logo-1182x237-1.png","contentUrl":"https:\/\/iwell-guard.com\/wp-content\/uploads\/2026\/05\/Ittermann-Logo-1182x237-1.png","width":1182,"height":237,"caption":"Ittermann electronic GmbH"},"image":{"@id":"https:\/\/iwell-guard.com\/sr\/#\/schema\/logo\/image\/"},"sameAs":["https:\/\/pantip.com\/profile\/9367242","https:\/\/micro.blog\/iwellguard","https:\/\/www.diggerslist.com\/iwellguard\/about","https:\/\/skitterphoto.com\/photographers\/2870314\/iwell-guard","https:\/\/iwellguard.wordpress.com\/2026\/06\/06\/iwell-guard\/","https:\/\/hub.docker.com\/u\/iwellguard","https:\/\/www.pinterest.com\/iwellguard\/","https:\/\/bit.ly\/m\/iwellguard","https:\/\/entre-vos-mains.alsace.eu\/profiles\/iwellguard\/activity","https:\/\/gravatar.com\/reallybeded8fd34","https:\/\/naijamatta.com\/iwellguard","https:\/\/www.goodreads.com\/iwellguard","https:\/\/profile.hatena.ne.jp\/iwellguard\/","https:\/\/experiment.com\/users\/iwellguard","https:\/\/wakelet.com\/@iWellGuard82270","https:\/\/www.chordie.com\/forum\/profile.php?id=2555664","https:\/\/www.instapaper.com\/p\/17757966","https:\/\/www.mapleprimes.com\/users\/iwellguard","https:\/\/businesslistingplus.com\/profile\/iwell-guard\/","https:\/\/telegra.ph\/iWell-Guard-06-06","https:\/\/pbase.com\/iwellguard\/iwellguard","https:\/\/b.hatena.ne.jp\/iwellguard\/20260607#bookmark-4788405196491818882","https:\/\/fliphtml5.com\/home\/iwellguard","https:\/\/anyflip.com\/homepage\/cmiwl#About","https:\/\/transfur.com\/Users\/iwellguard","http:\/\/delphi.larsbo.org\/user\/iwellguard","https:\/\/jobs.lajobsportal.org\/profiles\/8380803-iwell-guard","https:\/\/md.chaosdorf.de\/s\/jfbe5SBdJD","https:\/\/www.lingvolive.com\/en-us\/profile\/9ecaeaca-ce11-4e51-9e71-01d55e2bff36\/translations","https:\/\/www.fitday.com\/fitness\/forums\/members\/iwellguard.html","https:\/\/www.mymeetbook.com\/iwellguard","https:\/\/pxhere.com\/en\/photographer-me\/5040798","https:\/\/disqus.com\/by\/iwellguard\/about\/","https:\/\/pastelink.net\/hjwciqwq","https:\/\/pubhtml5.com\/homepage\/scjhn\/","https:\/\/www.bitchute.com\/channel\/2O2eOKzNqujT","https:\/\/audiomack.com\/iwellguard"]}]}},"_links":{"self":[{"href":"https:\/\/iwell-guard.com\/sr\/wp-json\/wp\/v2\/pages\/155107","targetHints":{"allow":["GET"]}}],"collection":[{"href":"https:\/\/iwell-guard.com\/sr\/wp-json\/wp\/v2\/pages"}],"about":[{"href":"https:\/\/iwell-guard.com\/sr\/wp-json\/wp\/v2\/types\/page"}],"author":[{"embeddable":true,"href":"https:\/\/iwell-guard.com\/sr\/wp-json\/wp\/v2\/users\/3"}],"replies":[{"embeddable":true,"href":"https:\/\/iwell-guard.com\/sr\/wp-json\/wp\/v2\/comments?post=155107"}],"version-history":[{"count":0,"href":"https:\/\/iwell-guard.com\/sr\/wp-json\/wp\/v2\/pages\/155107\/revisions"}],"wp:featuredmedia":[{"embeddable":true,"href":"https:\/\/iwell-guard.com\/sr\/wp-json\/wp\/v2\/media\/2279"}],"wp:attachment":[{"href":"https:\/\/iwell-guard.com\/sr\/wp-json\/wp\/v2\/media?parent=155107"}],"wp:term":[{"taxonomy":"category","embeddable":true,"href":"https:\/\/iwell-guard.com\/sr\/wp-json\/wp\/v2\/categories?post=155107"}],"curies":[{"name":"wp","href":"https:\/\/api.w.org\/{rel}","templated":true}]}}