{"id":161605,"date":"2026-09-05T00:33:52","date_gmt":"2026-09-05T00:33:52","guid":{"rendered":"https:\/\/iwell-guard.com\/?page_id=161605"},"modified":"2026-09-05T01:08:51","modified_gmt":"2026-09-05T01:08:51","slug":"alpske-pripovedke","status":"publish","type":"page","link":"https:\/\/iwell-guard.com\/sl\/alpske-pripovedke\/","title":{"rendered":"Alpske pripovedke"},"content":{"rendered":"\t\t<div data-elementor-type=\"wp-page\" data-elementor-id=\"161605\" class=\"elementor elementor-161605 elementor-20578 elementor-bc-flex-widget\" data-elementor-post-type=\"page\">\n\t\t\t\t<div class=\"elementor-element elementor-element-iwgcn-sami-hero iwg-kultur-hero e-flex e-con-boxed e-con e-parent\" data-id=\"iwgcn-sami-hero\" data-element_type=\"container\" data-e-type=\"container\">\n\t\t\t\t\t<div class=\"e-con-inner\">\n\t\t<div class=\"elementor-element elementor-element-iwgcn-sami-hl iwg-kultur-hero-left e-flex e-con-boxed e-con e-child\" data-id=\"iwgcn-sami-hl\" data-element_type=\"container\" data-e-type=\"container\">\n\t\t\t\t\t<div class=\"e-con-inner\">\n\t\t\t\t<div class=\"elementor-element elementor-element-iwgcn-sami-h1 elementor-widget elementor-widget-heading\" data-id=\"iwgcn-sami-h1\" data-element_type=\"widget\" data-e-type=\"widget\" data-widget_type=\"heading.default\">\n\t\t\t\t\t<h1 class=\"elementor-heading-title elementor-size-default\">Perchta, Krampus in svet alpskih pripovedk<\/h1>\t\t\t\t<\/div>\n\t\t<div class=\"elementor-element elementor-element-iwgcn-sami-leadc e-con-full e-flex e-con e-child\" data-id=\"iwgcn-sami-leadc\" data-element_type=\"container\" data-e-type=\"container\">\n\t\t\t\t<div class=\"elementor-element elementor-element-iwgcn-sami-lead elementor-widget elementor-widget-text-editor\" data-id=\"iwgcn-sami-lead\" data-element_type=\"widget\" data-e-type=\"widget\" data-widget_type=\"text-editor.default\">\n\t\t\t\t\t\t\t\t\t<p>Svet pripovedk alpskega prostora, od Bavarske prek Avstrije in \u0160vice do Ju\u017ene Tirolske, povezuje zimski krog \u0161eg okoli Rauhn\u00e4chte (dvanajst no\u010di med bo\u017ei\u010dem in svetimi tremi kralji, ki jim ljudsko izro\u010dilo pripisuje posebne mo\u010di) s Perchto in Krampusom, planinskimi duhovi, kot je Kasermandl, no\u010dnomorskimi prikaznimi, kot sta Drud in Toggeli, ter gorskimi pripovedkami o Tatzelwurmu. To izro\u010dilo je tesno povezano s kme\u010dko planinsko in gorsko gospodarsko dejavnostjo, katoli\u0161kim cerkvenim letom ter lokalnimi \u0161egami, kot so pohodi Perchtnov.<\/p>\n<p class=\"iwg-kwfix\">Alpske pripovedke obsegajo mno\u017eico regionalno razli\u010dnih bitij, od gozdne \u017eene do gorskega \u0161krata, ki so \u0161e danes \u017eive v \u0161egah, pripovedovanju in turizmu alpskih regij.<\/p>\t\t\t\t\t\t\t\t<\/div>\n\t\t\t\t<\/div>\n\t\t\t\t\t<\/div>\n\t\t\t\t<\/div>\n\t\t<div class=\"elementor-element elementor-element-iwgcn-sami-hr iwg-kultur-hero-right e-flex e-con-boxed e-con e-child\" data-id=\"iwgcn-sami-hr\" data-element_type=\"container\" data-e-type=\"container\">\n\t\t\t\t\t<div class=\"e-con-inner\">\n\t\t\t\t<div class=\"elementor-element elementor-element-iwgcn-sami-himg iwg-hero-image elementor-widget elementor-widget-image\" data-id=\"iwgcn-sami-himg\" data-element_type=\"widget\" data-e-type=\"widget\" data-widget_type=\"image.default\">\n\t\t\t\t\t\t\t\t\t\t\t\t\t\t\t<img fetchpriority=\"high\" decoding=\"async\" width=\"683\" height=\"1024\" src=\"https:\/\/iwell-guard.com\/wp-content\/uploads\/2026\/05\/goetter_sami_beaivi-683x1024.webp\" class=\"attachment-large size-large wp-image-162513\" alt=\"Beaivi - bogovi iz samijske tradicije, zgodovinsko-ilustrativno\" srcset=\"https:\/\/iwell-guard.com\/wp-content\/uploads\/2026\/05\/goetter_sami_beaivi-683x1024.webp 683w, https:\/\/iwell-guard.com\/wp-content\/uploads\/2026\/05\/goetter_sami_beaivi-200x300.webp 200w, https:\/\/iwell-guard.com\/wp-content\/uploads\/2026\/05\/goetter_sami_beaivi-768x1152.webp 768w, https:\/\/iwell-guard.com\/wp-content\/uploads\/2026\/05\/goetter_sami_beaivi.webp 1024w\" sizes=\"(max-width: 683px) 100vw, 683px\" \/>\t\t\t\t\t\t\t\t\t\t\t\t\t\t\t<\/div>\n\t\t\t\t\t<\/div>\n\t\t\t\t<\/div>\n\t\t\t\t\t<\/div>\n\t\t\t\t<\/div>\n\t\t\t\t<section class=\"elementor-section elementor-top-section elementor-element elementor-element-sec-iwgcomp-sami elementor-section-boxed elementor-section-height-default elementor-section-height-default\" data-id=\"sec-iwgcomp-sami\" data-element_type=\"section\" data-e-type=\"section\">\n\t\t\t\t\t\t<div class=\"elementor-container elementor-column-gap-default\">\n\t\t\t\t\t<div class=\"elementor-column elementor-col-100 elementor-top-column elementor-element elementor-element-col-iwgcomp-sami\" data-id=\"col-iwgcomp-sami\" data-element_type=\"column\" data-e-type=\"column\">\n\t\t\t<div class=\"elementor-widget-wrap elementor-element-populated\">\n\t\t\t\t\t\t<div class=\"elementor-element elementor-element-iwgcomp-sami elementor-widget elementor-widget-text-editor\" data-id=\"iwgcomp-sami\" data-element_type=\"widget\" data-e-type=\"widget\" data-widget_type=\"text-editor.default\">\n\t\t\t\t\t\t\t\t\t<p>Alpsko izro\u010dilo <strong><span class=\"iwg-fachbegriff\" data-tooltip=\"Dvanajst no\u010di med bo\u017ei\u010dem in svetimi tremi kralji, ki jim ljudsko verovanje pripisuje posebne mo\u010di.\" tabindex=\"0\">Rauhn\u00e4chte<\/span><\/strong> tvori okvir za velik del zimskih pripovednih figur alpskega prostora.<\/p>\n<p class=\"iwg-kwfix\">Alpske pripovedke se delijo na prikazni iz Rauhn\u00e4chte, kot sta <a href=\"https:\/\/iwell-guard.com\/sl\/?page_id=161568\">Perchta<\/a> in <a href=\"https:\/\/iwell-guard.com\/sl\/?page_id=161567\">Krampus<\/a>, planinske duhove, kot sta <a href=\"https:\/\/iwell-guard.com\/sl\/?page_id=161579\">Kasermandl<\/a> in <a href=\"https:\/\/iwell-guard.com\/sl\/?page_id=161580\">Venedigermandl<\/a>, no\u010dnomorska bitja, kot sta <a href=\"https:\/\/iwell-guard.com\/sl\/?page_id=161571\">Drud<\/a> in <a href=\"https:\/\/iwell-guard.com\/sl\/?page_id=161573\">Toggeli<\/a>, ter gorske pripovedke o <a href=\"https:\/\/iwell-guard.com\/sl\/tatzelwurm\/\">Tatzelwurmu<\/a>. Pripovedujejo jih \u0161e danes na Bavarskem, v Avstriji, \u0160vici in na Ju\u017enem Tirolskem.<\/p>\t\t\t\t\t\t\t\t<\/div>\n\t\t\t\t\t<\/div>\n\t\t<\/div>\n\t\t\t\t\t<\/div>\n\t\t<\/section>\n\t\t<div class=\"elementor-element elementor-element-iwgcn-sami-s0 e-flex e-con-boxed e-con e-parent\" data-id=\"iwgcn-sami-s0\" data-element_type=\"container\" data-e-type=\"container\">\n\t\t\t\t\t<div class=\"e-con-inner\">\n\t\t\t\t<div class=\"elementor-element elementor-element-iwgcn-sami-s0h elementor-widget elementor-widget-heading\" data-id=\"iwgcn-sami-s0h\" data-element_type=\"widget\" data-e-type=\"widget\" data-widget_type=\"heading.default\">\n\t\t\t\t\t<h2 class=\"elementor-heading-title elementor-size-default\">Bavarska, Avstrija, \u0160vica, Ju\u017ena Tirolska: religiozna pokrajina Alp<\/h2>\t\t\t\t<\/div>\n\t\t<div class=\"elementor-element elementor-element-iwgcn-sami-s0-c e-con-full e-flex e-con e-child\" data-id=\"iwgcn-sami-s0-c\" data-element_type=\"container\" data-e-type=\"container\">\n\t\t\t\t<div class=\"elementor-element elementor-element-iwgcn-sami-s0t elementor-widget elementor-widget-text-editor\" data-id=\"iwgcn-sami-s0t\" data-element_type=\"widget\" data-e-type=\"widget\" data-widget_type=\"text-editor.default\">\n\t\t\t\t\t\t\t\t\t<p>Alpski prostor je ve\u010dinoma rimskokatoli\u0161ko zaznamovan, z reformiranimi ve\u010dinami v delih \u0160vice. Svet pripovedk se je razvijal skozi stoletja v napetostnem polju med cerkveno pobo\u017enostjo in starej\u0161imi, predkr\u0161\u010danskimi predstavami o naravnih in gorskih bitjih, ki so imela prakti\u010den pomen v kme\u010dki planinski in gorski gospodarski dejavnosti.<\/p>\n<p>Od Bavarske prek Tirolske, Vorarlberga in \u0160vice do Ju\u017ene Tirolske se imena in oblike pripovednih figur precej razlikujejo; Kasermandl na Tirolskem ni nujno enak primerljivi prikazni v bernskem Oberlandu. Ta raznolikost odseva majhno prostorsko razdrobljenost alpskih dolinskih pokrajin, kjer so se pripovedna izro\u010dila skozi stoletja lahko razvijala razmeroma izolirano.<\/p>\n<p class=\"iwg-kwfix\">Osnovne poteze tega izro\u010dila: letni koledar z Rauhn\u00e4chte kot prehodnim \u010dasom, planinski duhovi kot varuhi planin in \u017eivine, no\u010dnomorske prikazni kot razlaga za no\u010dne more, ter gorske pripovedke kot razlaga nepojasnjenih naravnih pojavov v visokogorju.<\/p>\t\t\t\t\t\t\t\t<\/div>\n\t\t\t\t<\/div>\n\t\t\t\t\t<\/div>\n\t\t\t\t<\/div>\n\t\t<div class=\"elementor-element elementor-element-iwgcn-sami-s1 e-flex e-con-boxed e-con e-parent\" data-id=\"iwgcn-sami-s1\" data-element_type=\"container\" data-e-type=\"container\">\n\t\t\t\t\t<div class=\"e-con-inner\">\n\t\t\t\t<div class=\"elementor-element elementor-element-iwgcn-sami-s1h elementor-widget elementor-widget-heading\" data-id=\"iwgcn-sami-s1h\" data-element_type=\"widget\" data-e-type=\"widget\" data-widget_type=\"heading.default\">\n\t\t\t\t\t<h2 class=\"elementor-heading-title elementor-size-default\">Perchta in Rauhn\u00e4chte<\/h2>\t\t\t\t<\/div>\n\t\t<div class=\"elementor-element elementor-element-iwgcn-sami-s1-c e-con-full e-flex e-con e-child\" data-id=\"iwgcn-sami-s1-c\" data-element_type=\"container\" data-e-type=\"container\">\n\t\t\t\t<div class=\"elementor-element elementor-element-iwgcn-sami-s1t elementor-widget elementor-widget-text-editor\" data-id=\"iwgcn-sami-s1t\" data-element_type=\"widget\" data-e-type=\"widget\" data-widget_type=\"text-editor.default\">\n\t\t\t\t\t\t\t\t\t<p><a href=\"https:\/\/iwell-guard.com\/sl\/?page_id=161568\">Perchta<\/a>, imenovana tudi Frau Percht ali Berchta, je ena od osrednjih prikazni zimskih alpskih \u0161eg, hkrati \u010da\u0161\u010dena in strah zbujajo\u010da gospodarica divjadi, hi\u0161e in slu\u017ein\u010dadi. Med Rauhn\u00e4chte, med bo\u017ei\u010dem in svetimi tremi kralji, naj bi po izro\u010dilu s svojim spremstvom hodila po vaseh in doma\u010dijah, preverjala delavnost in urejenost ter kaznovala malomarnost.<\/p>\n<p>Na pohodih Perchtnov \u0161e danes nastopajo Schiachperchten, torej grde prikazni z groteskimi maskami in ko\u017eami, ter Sch\u00f6nperchten v razko\u0161nih kostumih; \u0161ega je \u0161e posebej \u017eiva na Salzbur\u0161kem, Tirolskem in v sosednjih regijah, kjer naj bi s hrupom pregnala zle duhove.<\/p>\t\t\t\t\t\t\t\t<\/div>\n\t\t\t\t<\/div>\n\t\t\t\t\t<\/div>\n\t\t\t\t<\/div>\n\t\t<div class=\"elementor-element elementor-element-iwgcn-sami-s2 e-flex e-con-boxed e-con e-parent\" data-id=\"iwgcn-sami-s2\" data-element_type=\"container\" data-e-type=\"container\">\n\t\t\t\t\t<div class=\"e-con-inner\">\n\t\t\t\t<div class=\"elementor-element elementor-element-iwgcn-sami-s2h elementor-widget elementor-widget-heading\" data-id=\"iwgcn-sami-s2h\" data-element_type=\"widget\" data-e-type=\"widget\" data-widget_type=\"heading.default\">\n\t\t\t\t\t<h2 class=\"elementor-heading-title elementor-size-default\">Krampus: spremljevalec svetega Nikolaja<\/h2>\t\t\t\t<\/div>\n\t\t<div class=\"elementor-element elementor-element-iwgcn-sami-s2-c e-con-full e-flex e-con e-child\" data-id=\"iwgcn-sami-s2-c\" data-element_type=\"container\" data-e-type=\"container\">\n\t\t\t\t<div class=\"elementor-element elementor-element-iwgcn-sami-s2t elementor-widget elementor-widget-text-editor\" data-id=\"iwgcn-sami-s2t\" data-element_type=\"widget\" data-e-type=\"widget\" data-widget_type=\"text-editor.default\">\n\t\t\t\t\t\t\t\t\t<p><a href=\"https:\/\/iwell-guard.com\/sl\/?page_id=161567\">Krampus<\/a> se v alpskem prostoru pojavlja na predve\u010der Nikolajevega dneva, 5. decembra, kot mra\u010dni nasprotnik svetega Nikolaja, z rogovi, ko\u017euhom, verigo in \u0161ibo, da bi prestra\u0161il nemarne otroke. Natan\u010den izvor te prikazni religiologijsko ni dokon\u010dno pojasnjen; domneva se prepletanje predkr\u0161\u010danskih predstav o zimskih demonih s cerkveno \u0161ego svetega Nikolaja.<\/p>\n<p>Pohodi Krampusov, odvisno od regije imenovani tudi Krampuslauf ali Perchtenlauf in v\u010dasih pome\u0161ani, sodijo danes med najbolj znane zimske \u0161ege Avstrije, Bavarske in Ju\u017ene Tirolske ter vzbujajo vse ve\u010dje turisti\u010dno zanimanje.<\/p>\t\t\t\t\t\t\t\t<\/div>\n\t\t\t\t<\/div>\n\t\t\t\t\t<\/div>\n\t\t\t\t<\/div>\n\t\t<div class=\"elementor-element elementor-element-iwgcn-sami-s3 e-flex e-con-boxed e-con e-parent\" data-id=\"iwgcn-sami-s3\" data-element_type=\"container\" data-e-type=\"container\">\n\t\t\t\t\t<div class=\"e-con-inner\">\n\t\t\t\t<div class=\"elementor-element elementor-element-iwgcn-sami-s3h elementor-widget elementor-widget-heading\" data-id=\"iwgcn-sami-s3h\" data-element_type=\"widget\" data-e-type=\"widget\" data-widget_type=\"heading.default\">\n\t\t\t\t\t<h2 class=\"elementor-heading-title elementor-size-default\">Planinski duhovi: Kasermandl, Venedigermandl in Barbegazi<\/h2>\t\t\t\t<\/div>\n\t\t<div class=\"elementor-element elementor-element-iwgcn-sami-s3-c e-con-full e-flex e-con e-child\" data-id=\"iwgcn-sami-s3-c\" data-element_type=\"container\" data-e-type=\"container\">\n\t\t\t\t<div class=\"elementor-element elementor-element-iwgcn-sami-s3t elementor-widget elementor-widget-text-editor\" data-id=\"iwgcn-sami-s3t\" data-element_type=\"widget\" data-e-type=\"widget\" data-widget_type=\"text-editor.default\">\n\t\t\t\t\t\t\t\t\t<p><a href=\"https:\/\/iwell-guard.com\/sl\/?page_id=161579\">Kasermandl<\/a> velja za majhnega, ve\u010dinoma dobrohotnega duha, ki prebiva na oddaljenih planinskih ko\u010dah (Kasern), pono\u010di \u010duva \u017eivino in ko\u010do ter pomaga sirarju pri delu, dokler ta izkazuje spo\u0161tovanje in mu pusti nekaj mleka ali hrane; nehvale\u017enost ali zasmehovanje naj bi po izro\u010dilu popla\u010dal z nagajanjem ali nesre\u010do.<\/p>\n<p><a href=\"https:\/\/iwell-guard.com\/sl\/?page_id=161580\">Venedigermandl<\/a> je majhna postava iz tirolskih in salzbur\u0161kih gorskih pripovedk, ki jo povezujejo s tako imenovanimi Venedigerji, tujimi iskalci zakladov z juga; naj bi poznal skrita nahajali\u0161\u010da rude in zlata ter ob\u010dasno dajal namige pastirjem ali rudarjem. <a href=\"https:\/\/iwell-guard.com\/sl\/?page_id=161578\">Barbegazi<\/a> je sne\u017ena prikazen francosko-\u0161vicarskih Alp, s prevelikimi, smu\u010dem podobnimi nogami in poledenelo bradato zunanjostjo, ki opozarja na plazove in poleti izgine v gorskih razpokah.<\/p>\t\t\t\t\t\t\t\t<\/div>\n\t\t\t\t<\/div>\n\t\t\t\t\t<\/div>\n\t\t\t\t<\/div>\n\t\t<div class=\"elementor-element elementor-element-x-sami-s-faq e-flex e-con-boxed e-con e-parent\" data-id=\"x-sami-s-faq\" data-element_type=\"container\" data-e-type=\"container\">\n\t\t\t\t\t<div class=\"e-con-inner\">\n\t\t\t\t<div class=\"elementor-element elementor-element-x-sami-h-faq elementor-widget elementor-widget-heading\" data-id=\"x-sami-h-faq\" data-element_type=\"widget\" data-e-type=\"widget\" data-widget_type=\"heading.default\">\n\t\t\t\t\t<h2 class=\"elementor-heading-title elementor-size-default\">Pogosta vpra\u0161anja o alpskih pripovedkah<\/h2>\t\t\t\t<\/div>\n\t\t<div class=\"elementor-element elementor-element-iwgcn-sami-s3-c e-con-full e-flex e-con e-child\" data-id=\"iwgcn-sami-s3-c\" data-element_type=\"container\" data-e-type=\"container\">\n\t\t\t\t<div class=\"elementor-element elementor-element-x-sami-t-faq elementor-widget elementor-widget-text-editor\" data-id=\"x-sami-t-faq\" data-element_type=\"widget\" data-e-type=\"widget\" data-widget_type=\"text-editor.default\">\n\t\t\t\t\t\t\t\t\t<h3>Kaj so Rauhn\u00e4chte?<\/h3>\n<p>Rauhn\u00e4chte so dvanajst no\u010di med bo\u017ei\u010dem in svetimi tremi kralji, ki v alpskem prostoru veljajo za prehodni \u010das med leti, v katerem naj bi hodili Perchta in druge duhovne prikazni. K temu izro\u010dilu spadata kajenje z dimom (kajenje z zeli\u0161\u010dnim dimom) in razli\u010dna prerokovanja.<\/p>\n<h3>Kak\u0161na je razlika med Perchto in Krampusom?<\/h3>\n<p>Perchta je Rauhn\u00e4chte-prikazen, ki preverja delavnost in urejenost ter s svojim spremstvom hodi po kmetijah, medtem ko se Krampus pojavlja kot mra\u010dni spremljevalec svetega Miklav\u017ea 5. decembra in stra\u0161i nagajive otroke. V nekaterih pokrajinah se oba obi\u010daja zdru\u017eujeta ali zamenjujeta.<\/p>\n<h3>Kaj je Kasermandl?<\/h3>\n<p>Kasermandl je planinski duh, ki prebiva v osamljenih planinskih ko\u010dah, pono\u010di \u010duva \u017eivino in ko\u010do ter pomaga plan\u0161arju, dokler mu ta izkazuje spo\u0161tovanje in mu pusti majhen dar, na primer mleko.<\/p>\n<h3>Je Tatzelwurm resni\u010den?<\/h3>\n<p>Zoolo\u0161ki dokaz za Tatzelwurma ne obstaja. Velja za motiv gorskih pripovedk alpskega prostora, ki mu pripisujejo \u0161tevilna poro\u010dila o opazovanjih, nekatera vse do 20. stoletja, iz katerih pa ni mogo\u010de izpeljati potrjene \u017eivali.<\/p>\n<script type=\"application\/ld+json\">{\"@context\": \"https:\/\/schema.org\", \"@type\": \"FAQPage\", \"mainEntity\": [{\"@type\": \"Question\", \"name\": \"Kaj so Rauhn\u00e4chte?\", \"acceptedAnswer\": {\"@type\": \"Answer\", \"text\": \"Rauhn\u00e4chte so dvanajst no\u010di med bo\u017ei\u010dem in svetimi tremi kralji, ki v alpskem prostoru veljajo za prehodni \u010das med leti, v katerem naj bi hodili Perchta in druge duhovne prikazni. K temu izro\u010dilu spadata kajenje z dimom in razli\u010dna prerokovanja.\"}}, {\"@type\": \"Question\", \"name\": \"Kak\u0161na je razlika med Perchto in Krampusom?\", \"acceptedAnswer\": {\"@type\": \"Answer\", \"text\": \"Perchta je Rauhn\u00e4chte-prikazen, ki preverja delavnost in urejenost ter s svojim spremstvom hodi po kmetijah, medtem ko se Krampus pojavlja kot mra\u010dni spremljevalec svetega Miklav\u017ea 5. decembra in stra\u0161i nagajive otroke. V nekaterih pokrajinah se oba obi\u010daja zdru\u017eujeta ali zamenjujeta.\"}}, {\"@type\": \"Question\", \"name\": \"Kaj je Kasermandl?\", \"acceptedAnswer\": {\"@type\": \"Answer\", \"text\": \"Kasermandl je planinski duh, ki prebiva v osamljenih planinskih ko\u010dah, pono\u010di \u010duva \u017eivino in ko\u010do ter pomaga plan\u0161arju, dokler mu ta izkazuje spo\u0161tovanje in mu pusti majhen dar, na primer mleko.\"}}, {\"@type\": \"Question\", \"name\": \"Je Tatzelwurm resni\u010den?\", \"acceptedAnswer\": {\"@type\": \"Answer\", \"text\": \"Zoolo\u0161ki dokaz za Tatzelwurma ne obstaja. Velja za motiv gorskih pripovedk alpskega prostora, ki mu pripisujejo \u0161tevilna poro\u010dila o opazovanjih, nekatera vse do 20. stoletja, iz katerih pa ni mogo\u010de izpeljati potrjene \u017eivali.\"}}]}<\/script>\t\t\t\t\t\t\t\t<\/div>\n\t\t\t\t<\/div>\n\t\t\t\t\t<\/div>\n\t\t\t\t<\/div>\n\t\t<div class=\"elementor-element elementor-element-iwgcn-sami-s4 e-flex e-con-boxed e-con e-parent\" data-id=\"iwgcn-sami-s4\" data-element_type=\"container\" data-e-type=\"container\">\n\t\t\t\t\t<div class=\"e-con-inner\">\n\t\t\t\t<div class=\"elementor-element elementor-element-iwgcn-sami-s4h elementor-widget elementor-widget-heading\" data-id=\"iwgcn-sami-s4h\" data-element_type=\"widget\" data-e-type=\"widget\" data-widget_type=\"heading.default\">\n\t\t\t\t\t<h2 class=\"elementor-heading-title elementor-size-default\">Prikazni no\u010dne more: Drud, Toggeli in no\u010dni pritisk<\/h2>\t\t\t\t<\/div>\n\t\t<div class=\"elementor-element elementor-element-iwgcn-sami-s4-c e-con-full e-flex e-con e-child\" data-id=\"iwgcn-sami-s4-c\" data-element_type=\"container\" data-e-type=\"container\">\n\t\t\t\t<div class=\"elementor-element elementor-element-iwgcn-sami-s4t elementor-widget elementor-widget-text-editor\" data-id=\"iwgcn-sami-s4t\" data-element_type=\"widget\" data-e-type=\"widget\" data-widget_type=\"text-editor.default\">\n\t\t\t\t\t\t\t\t\t<p><a href=\"https:\/\/iwell-guard.com\/sl\/?page_id=161571\">Drud<\/a>, tudi Trud, je bavarsko-avstrijska predstava no\u010dnega mu\u010ditelja, ki spe\u010dim pritiska na prsi in povzro\u010da no\u010dne more, imenovane no\u010dni pritisk (Alpdruck). Kot za\u0161\u010ditni znak je veljal Drudenfu\u00df, peterokraka zvezda, ki so jo name\u0161\u010dali nad vrata in postelje.<\/p>\n<p>V \u0160vici je ustrezna prikazen znana kot <a href=\"https:\/\/iwell-guard.com\/sl\/?page_id=161573\">Toggeli<\/a>, no\u010dno bitje, ki si v podobi ma\u010dke ali druge \u017eivali priskrbi dostop do spalnice in prav tako naj bi povzro\u010dalo no\u010dne more in ob\u010dutek ohromelosti. Obe predstavi spadata med raz\u0161irjen evropski razlagalni vzorec no\u010dnega pritiska, ki je ljudsko razlagal fiziolo\u0161ke pojave spanja, kot je spalna paraliza.<\/p>\t\t\t\t\t\t\t\t<\/div>\n\t\t\t\t<\/div>\n\t\t\t\t\t<\/div>\n\t\t\t\t<\/div>\n\t\t<div class=\"elementor-element elementor-element-iwgcn-sami-s5 e-flex e-con-boxed e-con e-parent\" data-id=\"iwgcn-sami-s5\" data-element_type=\"container\" data-e-type=\"container\">\n\t\t\t\t\t<div class=\"e-con-inner\">\n\t\t\t\t<div class=\"elementor-element elementor-element-iwgcn-sami-s5h elementor-widget elementor-widget-heading\" data-id=\"iwgcn-sami-s5h\" data-element_type=\"widget\" data-e-type=\"widget\" data-widget_type=\"heading.default\">\n\t\t\t\t\t<h2 class=\"elementor-heading-title elementor-size-default\">Gorske pripovedke: Tatzelwurm, Habergeiss in Nachtkrapp<\/h2>\t\t\t\t<\/div>\n\t\t<div class=\"elementor-element elementor-element-iwgcn-sami-s5-c e-con-full e-flex e-con e-child\" data-id=\"iwgcn-sami-s5-c\" data-element_type=\"container\" data-e-type=\"container\">\n\t\t\t\t<div class=\"elementor-element elementor-element-iwgcn-sami-s5t elementor-widget elementor-widget-text-editor\" data-id=\"iwgcn-sami-s5t\" data-element_type=\"widget\" data-e-type=\"widget\" data-widget_type=\"text-editor.default\">\n\t\t\t\t\t\t\t\t\t<p><a href=\"https:\/\/iwell-guard.com\/sl\/tatzelwurm\/\">Tatzelwurm<\/a> je ena najbolj znanih gorskih pripovedk alpskega prostora, bitje z ma\u010dji podobno glavo in \u010drviformnim ali ku\u0161\u010darjevim telesom s kratkima sprednjima nogama, ki mu pripisujejo \u0161tevilna poro\u010dila o opazovanjih iz \u0160vice, Bavarske in Avstrije, nekatera vse do 20. stoletja. Naravoslovno velja Tatzelwurm za nerazjasnjen pripovedni motiv brez potrjenega zoolo\u0161kega ozadja, kriptozoolo\u0161ko pa ga v\u010dasih povezujejo z neodkritimi plazilci.<\/p>\n<p><a href=\"https:\/\/iwell-guard.com\/sl\/?page_id=161569\">Habergeiss<\/a>, duhovito, kozam podobno me\u0161ano bitje, se pojavlja predvsem v izro\u010dilu Perchtnov kot hrupna prestra\u0161ljiva prikazen. <a href=\"https:\/\/iwell-guard.com\/sl\/?page_id=161576\">Nachtkrapp<\/a>, velikanska vranasta ptica, in <a href=\"https:\/\/iwell-guard.com\/sl\/?page_id=161574\">Butz<\/a>, tudi Butzemann, iz alemansko-\u0161vabskega prostora, sta otrokom veljala za no\u010dni stra\u0161ili za tiste, ki niso pravo\u010dasno \u0161li spat, pripovedne like z vzgojno funkcijo, kakr\u0161ni so v podobni obliki znani v velikem delu srednje Evrope.<\/p>\t\t\t\t\t\t\t\t<\/div>\n\t\t\t\t<\/div>\n\t\t\t\t\t<\/div>\n\t\t\t\t<\/div>\n\t\t<div class=\"elementor-element elementor-element-iwgcn-sami-s6 e-flex e-con-boxed e-con e-parent\" data-id=\"iwgcn-sami-s6\" data-element_type=\"container\" data-e-type=\"container\">\n\t\t\t\t\t<div class=\"e-con-inner\">\n\t\t\t\t<div class=\"elementor-element elementor-element-iwgcn-sami-s6h elementor-widget elementor-widget-heading\" data-id=\"iwgcn-sami-s6h\" data-element_type=\"widget\" data-e-type=\"widget\" data-widget_type=\"heading.default\">\n\t\t\t\t\t<h2 class=\"elementor-heading-title elementor-size-default\">\u0160ege Rauhn\u00e4chte: kajenje z dimom, Drudenfu\u00df in za\u0161\u010ditni obi\u010daji<\/h2>\t\t\t\t<\/div>\n\t\t<div class=\"elementor-element elementor-element-iwgcn-sami-s6-c e-con-full e-flex e-con e-child\" data-id=\"iwgcn-sami-s6-c\" data-element_type=\"container\" data-e-type=\"container\">\n\t\t\t\t<div class=\"elementor-element elementor-element-iwgcn-sami-s6t elementor-widget elementor-widget-text-editor\" data-id=\"iwgcn-sami-s6t\" data-element_type=\"widget\" data-e-type=\"widget\" data-widget_type=\"text-editor.default\">\n\t\t\t\t\t\t\t\t\t<p>K zimskim za\u0161\u010ditnim \u0161egam alpskega prostora spada kajenje hi\u0161e, hleva in planine z dimom kadila in blagoslovljenih zeli\u0161\u010d v \u010dasu Rauhn\u00e4chte, da bi se od prihajajo\u010dega leta odvrnili hudobni duhovi in bolezen. Drudenfu\u00df, peterokraka zvezda, je bila name\u0161\u010dena nad vrata, hleve in postelje, da bi Druda in Toggelija odganjala od no\u010dnega pritiska.<\/p>\n<p>Na praznik Marijinega vnebovzetja 15. avgusta v katoli\u0161kih pokrajinah alpskega prostora ve\u017eejo \u0161opke zeli\u0161\u010d iz sedmih, devetih ali ve\u010d rastlinskih vrst in jih blagoslovijo v cerkvi, nato jih hranijo v hi\u0161i in jih ob nevihtah ali boleznih v\u010dasih tudi delno za\u017egejo kot kadilo. Te\u017eki zvonci in kolute pri sprevodih Perchtnov in Krampusov slu\u017eijo istemu osnovnemu namenu: s hrupom pregnati zimske demone in hudobne duhove.<\/p>\t\t\t\t\t\t\t\t<\/div>\n\t\t\t\t<\/div>\n\t\t\t\t\t<\/div>\n\t\t\t\t<\/div>\n\t\t<div class=\"elementor-element elementor-element-cp2d9a92a3 e-flex e-con-boxed e-con e-parent\" data-id=\"cp2d9a92a3\" data-element_type=\"container\" data-e-type=\"container\">\n\t\t\t\t\t<div class=\"e-con-inner\">\n\t\t\t\t<div class=\"elementor-element elementor-element-cp2515827f elementor-widget elementor-widget-heading\" data-id=\"cp2515827f\" data-element_type=\"widget\" data-e-type=\"widget\" data-widget_type=\"heading.default\">\n\t\t\t\t\t<h2 class=\"elementor-heading-title elementor-size-default\">Regionalna raznolikost: od Bavarske do Ju\u017ene Tirolske<\/h2>\t\t\t\t<\/div>\n\t\t<div class=\"elementor-element elementor-element-cp25cbddf2 e-flex e-con-boxed e-con e-child\" data-id=\"cp25cbddf2\" data-element_type=\"container\" data-e-type=\"container\">\n\t\t\t\t\t<div class=\"e-con-inner\">\n\t\t\t\t<div class=\"elementor-element elementor-element-cp240cdc6c elementor-widget elementor-widget-text-editor\" data-id=\"cp240cdc6c\" data-element_type=\"widget\" data-e-type=\"widget\" data-widget_type=\"text-editor.default\">\n\t\t\t\t\t\t\t\t\t<p>Alpske pripovedke niso enoten korpus, temve\u010d zbirno poimenovanje za pripovedne tradicije prostora, ki se razteza \u010dez Bavarsko, Avstrijo, \u0160vico, Lihten\u0161tajn in Ju\u017eno Tirolsko, z lastnimi nare\u010dji, pokrajinami in zgodovinskim razvojem.<\/p>\n<p>Bitja, kot sta <a href=\"https:\/\/iwell-guard.com\/sl\/norgel\/\">N\u00f6rgel<\/a> (N\u00f6rggele) in <a href=\"https:\/\/iwell-guard.com\/sl\/fangge\/\">F\u00e4nggen<\/a>, so izpri\u010dana predvsem na Ju\u017enem Tirolskem in v delih Tirolske, tesno povezana s <a href=\"https:\/\/iwell-guard.com\/sl\/salige-frau\/\">Salige Frau<\/a>, plaho, a pripravljeno pomagati gorsko \u017eensko, ki naj bi po izro\u010dilu pastirje u\u010dila tkanja in poljedelstva. <a href=\"https:\/\/iwell-guard.com\/sl\/dellermannle\/\">Dellerm\u00e4nnle<\/a> izvira iz izro\u010dila Vorarlberga, <a href=\"https:\/\/iwell-guard.com\/sl\/?page_id=161577\">Isarnixe<\/a> je vezana na bavarsko reko Izaro (Isar), <a href=\"https:\/\/iwell-guard.com\/sl\/?page_id=161575\">Wolpertinger<\/a>, bajeslovno bitje, sestavljeno iz delov razli\u010dnih \u017eivali, pa velja za posebej bavarsko pripovedno lik s humornim, lovsko pretiravajo\u010dim zna\u010dajem.<\/p>\n<p>Nekateri motivi teh zimskih sprevodov preoble\u010denih likov ka\u017eejo oddaljene vzporednice z <a href=\"https:\/\/iwell-guard.com\/sl\/germanska\/\">germansko mitologijo<\/a>, na primer v predstavah o divjih no\u010dnih sprevodih, brez da bi iz tega mogli izpeljati dosledno, dokazano kontinuiteto.<\/p>\n<p>Ta drobno raz\u010dlenjena razporeditev ote\u017euje splo\u0161ne trditve o alpski pripovedki; natan\u010dneje je govoriti o mre\u017ei lokalnih in regionalnih izro\u010dil, ki povezujejo skupne osnovne vzorce, planinske duhove, bitja no\u010dne more, gorske po\u0161asti, vsak s svojim imenom in obliko.<\/p>\t\t\t\t\t\t\t\t<\/div>\n\t\t\t\t\t<\/div>\n\t\t\t\t<\/div>\n\t\t\t\t\t<\/div>\n\t\t\t\t<\/div>\n\t\t<div class=\"elementor-element elementor-element-cp2b1a3dae e-flex e-con-boxed e-con e-parent\" data-id=\"cp2b1a3dae\" data-element_type=\"container\" data-e-type=\"container\">\n\t\t\t\t\t<div class=\"e-con-inner\">\n\t\t\t\t<div class=\"elementor-element elementor-element-cp282c06ff elementor-widget elementor-widget-heading\" data-id=\"cp282c06ff\" data-element_type=\"widget\" data-e-type=\"widget\" data-widget_type=\"heading.default\">\n\t\t\t\t\t<h2 class=\"elementor-heading-title elementor-size-default\">Koledar Rauhn\u00e4chte<\/h2>\t\t\t\t<\/div>\n\t\t<div class=\"elementor-element elementor-element-cp228b4522 e-flex e-con-boxed e-con e-child\" data-id=\"cp228b4522\" data-element_type=\"container\" data-e-type=\"container\">\n\t\t\t\t\t<div class=\"e-con-inner\">\n\t\t\t\t<div class=\"elementor-element elementor-element-cp261454c5 elementor-widget elementor-widget-text-editor\" data-id=\"cp261454c5\" data-element_type=\"widget\" data-e-type=\"widget\" data-widget_type=\"text-editor.default\">\n\t\t\t\t\t\t\t\t\t<p>Dvanajst no\u010di Rauhn\u00e4chte (nem\u0161ko poimenovanje za dvanajst no\u010di med bo\u017ei\u010dem in svetimi tremi kralji) med bo\u017ei\u010dem, 24.\/25. decembrom, in svetimi tremi kralji, 6. januarjem, v alpskem prostoru tradicionalno veljajo za mejni \u010das med letoma, v katerem naj bi bila meja med tostranstvom in duhovnim svetom prehodna. V tem \u010dasu naj bi se podili Perchta in njeno spremstvo, pa tudi druga duhovna in demonska bitja.<\/p>\n<p>K \u0161egam Rauhn\u00e4chte spada kajenje hi\u0161e in hleva z zeli\u0161\u010di in kadilom, da bi se odganjalo hudobne duhove in blagoslovilo prihajajo\u010de leto, poleg tega pa tudi razna vede\u017eevanja in vremenska prerokovanja. Perchtenl\u00e4ufe pogosto zaznamujejo prehod iz Rauhn\u00e4chte v obi\u010dajen \u010das, s hrupnimi sprevodi, ki naj bi simboli\u010dno pregnali zimske demone.<\/p>\n<p>\u0160ega Krampus na predve\u010der Miklav\u017eevega dneva \u010dasovno sicer sledi pred pravimi Rauhn\u00e4chte, v javnem dojemanju pa se pogosto obravnava skupaj z njimi kot del \u0161ir\u0161ega zimskega kompleksa <span class=\"iwg-fachbegriff\" data-tooltip=\"Dnevi ali no\u010di, ki jim ljudsko verovanje pripisuje posebne, pogosto nevarne mo\u010di.\" tabindex=\"0\">mejnega \u010dasa<\/span>.<\/p>\t\t\t\t\t\t\t\t<\/div>\n\t\t\t\t\t<\/div>\n\t\t\t\t<\/div>\n\t\t\t\t\t<\/div>\n\t\t\t\t<\/div>\n\t\t<div class=\"elementor-element elementor-element-cp295547c2 e-flex e-con-boxed e-con e-parent\" data-id=\"cp295547c2\" data-element_type=\"container\" data-e-type=\"container\">\n\t\t\t\t\t<div class=\"e-con-inner\">\n\t\t\t\t<div class=\"elementor-element elementor-element-cp28944fb0 elementor-widget elementor-widget-heading\" data-id=\"cp28944fb0\" data-element_type=\"widget\" data-e-type=\"widget\" data-widget_type=\"heading.default\">\n\t\t\t\t\t<h2 class=\"elementor-heading-title elementor-size-default\">Viri: zbirke pripovedk iz 19. in 20. stoletja<\/h2>\t\t\t\t<\/div>\n\t\t<div class=\"elementor-element elementor-element-cp23d59da4 e-flex e-con-boxed e-con e-child\" data-id=\"cp23d59da4\" data-element_type=\"container\" data-e-type=\"container\">\n\t\t\t\t\t<div class=\"e-con-inner\">\n\t\t\t\t<div class=\"elementor-element elementor-element-cp2ce157b6 elementor-widget elementor-widget-text-editor\" data-id=\"cp2ce157b6\" data-element_type=\"widget\" data-e-type=\"widget\" data-widget_type=\"text-editor.default\">\n\t\t\t\t\t\t\t\t\t<p>Velik del danes znanih alpskih pripovedk so v 19. in za\u010detku 20. stoletja zapisali regionalni zbiralci pripovedk, v okviru romanti\u010dne ljudoslovne raziskave po zgledu bratov Grimm. Za Tirolsko je treba omeniti zbirke Ignaza Vinzenza Zingerleja, za druge regije pa so nastala primerljiva dela lokalnih domoznanskih raziskovalcev.<\/p>\n<p>Te zgodnje zbirke so pomembni, vendar ne nesporni viri: pogosto so bile naknadno literarno obdelane, regionalno zdru\u017eene in prilagojene tedanjim estetskim predstavam, tako da je izvirne ustne razli\u010dice in njihov prvotni pripovedni okvir mogo\u010de rekonstruirati le omejeno.<\/p>\n<p>Sodobno ljudoslovno in religiologijsko raziskovanje uvr\u0161\u010da te pripovedne figure v \u0161ir\u0161e okvire, na primer v evropski kompleks predstav o morastih (Drud in Toggeli), razlage nepojasnjenih naravnih pojavov (Tatzelwurm) ali stra\u0161ilne like za otroke z vzgojno funkcijo (Nachtkrapp in Habergeiss). Digitalni arhivi pripovedk so v zadnjih desetletjih olaj\u0161ali dostop do tega razpr\u0161enega gradiva.<\/p>\t\t\t\t\t\t\t\t<\/div>\n\t\t\t\t\t<\/div>\n\t\t\t\t<\/div>\n\t\t\t\t\t<\/div>\n\t\t\t\t<\/div>\n\t\t<div class=\"elementor-element elementor-element-cp2c009332 e-flex e-con-boxed e-con e-parent\" data-id=\"cp2c009332\" data-element_type=\"container\" data-e-type=\"container\">\n\t\t\t\t\t<div class=\"e-con-inner\">\n\t\t\t\t<div class=\"elementor-element elementor-element-cp225c94da elementor-widget elementor-widget-heading\" data-id=\"cp225c94da\" data-element_type=\"widget\" data-e-type=\"widget\" data-widget_type=\"heading.default\">\n\t\t\t\t\t<h2 class=\"elementor-heading-title elementor-size-default\">Od hlevske skedne do odra za Perchtenlauf: \u0161ege v spremembi<\/h2>\t\t\t\t<\/div>\n\t\t<div class=\"elementor-element elementor-element-cp2c7191ab e-flex e-con-boxed e-con e-child\" data-id=\"cp2c7191ab\" data-element_type=\"container\" data-e-type=\"container\">\n\t\t\t\t\t<div class=\"e-con-inner\">\n\t\t\t\t<div class=\"elementor-element elementor-element-cp23f4061d elementor-widget elementor-widget-text-editor\" data-id=\"cp23f4061d\" data-element_type=\"widget\" data-e-type=\"widget\" data-widget_type=\"text-editor.default\">\n\t\t\t\t\t\t\t\t\t<p>Veliko alpskih pripovedk je tesno povezanih s konkretnimi kme\u010dkimi delovnimi okoli\u0161\u010dinami: planinski duhovi, kot sta Kasermandl ali Barbegazi, so nastali v okviru planinske in pa\u0161ni\u0161ke gospodarske dejavnosti, bitja no\u010dne more, kot sta Drud in Toggeli, so razlagala no\u010dne stiske, gorske pripovedke, kot je Tatzelwurm, pa so pojasnjevale nerazlo\u017eljiva opa\u017eanja v visokogorju.<\/p>\n<p>V 20. in 21. stoletju se je del teh \u0161eg, zlasti Perchtenl\u00e4ufe in Krampusl\u00e4ufe, odmaknil od prvotne kme\u010dke umestitve in se razvil v javno uprizorjen, turisti\u010dno tr\u017eeni dogodek, z dovr\u0161eno izrezljanimi maskami, organiziranimi dru\u0161tvi in deloma nadregionalno publiko.<\/p>\n<p>Liki, kot je <a href=\"https:\/\/iwell-guard.com\/sl\/?page_id=161572\">Sennentuntschi<\/a>, pripovedka o lutki, ustvarjeni iz slame in blaga na planini, ki o\u017eivi in se ma\u0161\u010duje svojim ustvarjalcem, ka\u017eejo obenem, da svet alpskih pripovedk vklju\u010duje tudi mra\u010dne, moralno nabite zgodbe o osamljenosti, izolaciji in prestopanju meja na planini, ki se mo\u010dno razlikujejo od bolj za\u0161\u010ditni\u0161kih planinskih duhov.<\/p>\n<p>Religiologijsko je to spremembo mogo\u010de opisati kot prehod od v vsakdanjem \u017eivljenju zasidranega <span class=\"iwg-fachbegriff\" data-tooltip=\"Prena\u0161anje znanja in pripovedi skozi generacije.\" tabindex=\"0\">izro\u010dila<\/span> k zavestno gojeni kulturni dedi\u0161\u010dini, ne da bi ob tem starej\u0161e za\u0161\u010ditne in razlagalne funkcije pripovedk povsem izginile.<\/p>\t\t\t\t\t\t\t\t<\/div>\n\t\t\t\t\t<\/div>\n\t\t\t\t<\/div>\n\t\t\t\t\t<\/div>\n\t\t\t\t<\/div>\n\t\t<div class=\"elementor-element elementor-element-iwgha-sami-sec e-flex e-con-boxed e-con e-parent\" data-id=\"iwgha-sami-sec\" data-element_type=\"container\" data-e-type=\"container\">\n\t\t\t\t\t<div class=\"e-con-inner\">\n\t\t\t\t<div class=\"elementor-element elementor-element-iwgha-sami-h elementor-widget elementor-widget-heading\" data-id=\"iwgha-sami-h\" data-element_type=\"widget\" data-e-type=\"widget\" data-widget_type=\"heading.default\">\n\t\t\t\t\t<h2 class=\"elementor-heading-title elementor-size-default\">Bitja te tradicije (18)<\/h2>\t\t\t\t<\/div>\n\t\t<div class=\"elementor-element elementor-element-iwgha-sami-gc e-flex e-con-boxed e-con e-parent\" data-id=\"iwgha-sami-gc\" data-element_type=\"container\" data-e-type=\"container\">\n\t\t\t\t\t<div class=\"e-con-inner\">\n\t\t\t\t<div class=\"elementor-element elementor-element-iwgha-sami-grid elementor-widget elementor-widget-text-editor\" data-id=\"iwgha-sami-grid\" data-element_type=\"widget\" data-e-type=\"widget\" data-widget_type=\"text-editor.default\">\n\t\t\t\t\t\t\t\t\t<div class=\"iwg-wesen-grid\"><a class=\"iwg-wesen-card\" href=\"https:\/\/iwell-guard.com\/sl\/venedigermandl\/\" aria-label=\"Venedigermandl\"><div class=\"iwg-wesen-card-imgwrap\"><img decoding=\"async\" src=\"https:\/\/iwell-guard.com\/wp-content\/uploads\/2026\/07\/geister_alpin_venedigermandl-200x300.webp\" alt=\"Venedigermandl\" loading=\"lazy\"><\/div><div class=\"iwg-wesen-card-body\"><div class=\"iwg-wesen-card-name\">Venedigermandl<\/div><div class=\"iwg-wesen-card-arrow\">\u2192 K bitju<\/div><\/div><\/a><a class=\"iwg-wesen-card\" href=\"https:\/\/iwell-guard.com\/sl\/kasermandl\/\" aria-label=\"Kasermandl\"><div class=\"iwg-wesen-card-imgwrap\"><img decoding=\"async\" src=\"https:\/\/iwell-guard.com\/wp-content\/uploads\/2026\/07\/geister_alpin_kasermandl-200x300.webp\" alt=\"Kasermandl\" loading=\"lazy\"><\/div><div class=\"iwg-wesen-card-body\"><div class=\"iwg-wesen-card-name\">Kasermandl<\/div><div class=\"iwg-wesen-card-arrow\">\u2192 K bitju<\/div><\/div><\/a><a class=\"iwg-wesen-card\" href=\"https:\/\/iwell-guard.com\/sl\/barbegazi\/\" aria-label=\"Barbegazi\"><div class=\"iwg-wesen-card-imgwrap\"><img decoding=\"async\" src=\"https:\/\/iwell-guard.com\/wp-content\/uploads\/2026\/07\/geister_alpin_barbegazi-200x300.webp\" alt=\"Barbegazi\" loading=\"lazy\"><\/div><div class=\"iwg-wesen-card-body\"><div class=\"iwg-wesen-card-name\">Barbegazi<\/div><div class=\"iwg-wesen-card-arrow\">\u2192 K bitju<\/div><\/div><\/a><a class=\"iwg-wesen-card\" href=\"https:\/\/iwell-guard.com\/sl\/nachtkrapp\/\" aria-label=\"Nachtkrapp\"><div class=\"iwg-wesen-card-imgwrap\"><img decoding=\"async\" src=\"https:\/\/iwell-guard.com\/wp-content\/uploads\/2026\/07\/geister_alpin_nachtkrapp-200x300.webp\" alt=\"Nachtkrapp\" loading=\"lazy\"><\/div><div class=\"iwg-wesen-card-body\"><div class=\"iwg-wesen-card-name\">Nachtkrapp<\/div><div class=\"iwg-wesen-card-arrow\">\u2192 K bitju<\/div><\/div><\/a><a class=\"iwg-wesen-card\" href=\"https:\/\/iwell-guard.com\/sl\/wolpertinger\/\" aria-label=\"Wolpertinger\"><div class=\"iwg-wesen-card-imgwrap\"><img decoding=\"async\" src=\"https:\/\/iwell-guard.com\/wp-content\/uploads\/2026\/07\/geister_alpin_wolpertinger-200x300.webp\" alt=\"Wolpertinger\" loading=\"lazy\"><\/div><div class=\"iwg-wesen-card-body\"><div class=\"iwg-wesen-card-name\">Wolpertinger<\/div><div class=\"iwg-wesen-card-arrow\">\u2192 K bitju<\/div><\/div><\/a><a class=\"iwg-wesen-card\" href=\"https:\/\/iwell-guard.com\/sl\/isarnixe\/\" aria-label=\"Isarnixe\"><div class=\"iwg-wesen-card-imgwrap\"><img decoding=\"async\" src=\"https:\/\/iwell-guard.com\/wp-content\/uploads\/2026\/07\/geister_alpin_isarnixe-200x300.webp\" alt=\"Isarnixe\" loading=\"lazy\"><\/div><div class=\"iwg-wesen-card-body\"><div class=\"iwg-wesen-card-name\">Isarnixe<\/div><div class=\"iwg-wesen-card-arrow\">\u2192 K bitju<\/div><\/div><\/a><a class=\"iwg-wesen-card\" href=\"https:\/\/iwell-guard.com\/sl\/butz\/\" aria-label=\"Butz\"><div class=\"iwg-wesen-card-imgwrap\"><img decoding=\"async\" src=\"https:\/\/iwell-guard.com\/wp-content\/uploads\/2026\/07\/geister_alpin_butz-200x300.webp\" alt=\"Butz\" loading=\"lazy\"><\/div><div class=\"iwg-wesen-card-body\"><div class=\"iwg-wesen-card-name\">Butz<\/div><div class=\"iwg-wesen-card-arrow\">\u2192 K bitju<\/div><\/div><\/a><a class=\"iwg-wesen-card\" href=\"https:\/\/iwell-guard.com\/sl\/toggeli\/\" aria-label=\"Toggeli\"><div class=\"iwg-wesen-card-imgwrap\"><img decoding=\"async\" src=\"https:\/\/iwell-guard.com\/wp-content\/uploads\/2026\/07\/daemonen_alpin_toggeli-200x300.webp\" alt=\"Toggeli\" loading=\"lazy\"><\/div><div class=\"iwg-wesen-card-body\"><div class=\"iwg-wesen-card-name\">Toggeli<\/div><div class=\"iwg-wesen-card-arrow\">\u2192 K bitju<\/div><\/div><\/a><a class=\"iwg-wesen-card\" href=\"https:\/\/iwell-guard.com\/sl\/sennentuntschi\/\" aria-label=\"Sennentuntschi\"><div class=\"iwg-wesen-card-imgwrap\"><img decoding=\"async\" src=\"https:\/\/iwell-guard.com\/wp-content\/uploads\/2026\/07\/daemonen_alpin_sennentuntschi-200x300.webp\" alt=\"Sennentuntschi\" loading=\"lazy\"><\/div><div class=\"iwg-wesen-card-body\"><div class=\"iwg-wesen-card-name\">Sennentuntschi<\/div><div class=\"iwg-wesen-card-arrow\">\u2192 K bitju<\/div><\/div><\/a><a class=\"iwg-wesen-card\" href=\"https:\/\/iwell-guard.com\/sl\/drud\/\" aria-label=\"Drud\"><div class=\"iwg-wesen-card-imgwrap\"><img decoding=\"async\" src=\"https:\/\/iwell-guard.com\/wp-content\/uploads\/2026\/07\/daemonen_alpin_drud-200x300.webp\" alt=\"Drud\" loading=\"lazy\"><\/div><div class=\"iwg-wesen-card-body\"><div class=\"iwg-wesen-card-name\">Drud<\/div><div class=\"iwg-wesen-card-arrow\">\u2192 K bitju<\/div><\/div><\/a><a class=\"iwg-wesen-card\" href=\"https:\/\/iwell-guard.com\/sl\/habergeiss\/\" aria-label=\"Habergei\u00df\"><div class=\"iwg-wesen-card-imgwrap\"><img decoding=\"async\" src=\"https:\/\/iwell-guard.com\/wp-content\/uploads\/2026\/07\/daemonen_alpin_habergeiss-200x300.webp\" alt=\"Habergei\u00df\" loading=\"lazy\"><\/div><div class=\"iwg-wesen-card-body\"><div class=\"iwg-wesen-card-name\">Habergei\u00df<\/div><div class=\"iwg-wesen-card-arrow\">\u2192 K bitju<\/div><\/div><\/a><a class=\"iwg-wesen-card\" href=\"https:\/\/iwell-guard.com\/sl\/frau-perchta\/\" aria-label=\"Frau Perchta\"><div class=\"iwg-wesen-card-imgwrap\"><img decoding=\"async\" src=\"https:\/\/iwell-guard.com\/wp-content\/uploads\/2026\/07\/geister_alpin_perchta-200x300.webp\" alt=\"Frau Perchta\" loading=\"lazy\"><\/div><div class=\"iwg-wesen-card-body\"><div class=\"iwg-wesen-card-name\">Frau Perchta<\/div><div class=\"iwg-wesen-card-arrow\">\u2192 K bitju<\/div><\/div><\/a><a class=\"iwg-wesen-card\" href=\"https:\/\/iwell-guard.com\/sl\/krampus\/\" aria-label=\"Krampus\"><div class=\"iwg-wesen-card-imgwrap\"><img decoding=\"async\" src=\"https:\/\/iwell-guard.com\/wp-content\/uploads\/2026\/07\/daemonen_alpin_krampus-200x300.webp\" alt=\"Krampus\" loading=\"lazy\"><\/div><div class=\"iwg-wesen-card-body\"><div class=\"iwg-wesen-card-name\">Krampus<\/div><div class=\"iwg-wesen-card-arrow\">\u2192 K bitju<\/div><\/div><\/a><a class=\"iwg-wesen-card\" href=\"https:\/\/iwell-guard.com\/sl\/tatzelwurm\/\" aria-label=\"Tatzelwurm\"><div class=\"iwg-wesen-card-imgwrap\"><img decoding=\"async\" src=\"https:\/\/iwell-guard.com\/wp-content\/uploads\/2026\/07\/daemonen_alpin_tatzelwurm-200x300.webp\" alt=\"Tatzelwurm\" loading=\"lazy\"><\/div><div class=\"iwg-wesen-card-body\"><div class=\"iwg-wesen-card-name\">Tatzelwurm<\/div><div class=\"iwg-wesen-card-arrow\">\u2192 K bitju<\/div><\/div><\/a><a class=\"iwg-wesen-card\" href=\"https:\/\/iwell-guard.com\/sl\/salige-frau\/\" aria-label=\"Salige Frau\"><div class=\"iwg-wesen-card-imgwrap\"><img decoding=\"async\" src=\"https:\/\/iwell-guard.com\/wp-content\/uploads\/2026\/07\/geister_alpin_salige-frau-200x300.webp\" alt=\"Salige Frau\" loading=\"lazy\"><\/div><div class=\"iwg-wesen-card-body\"><div class=\"iwg-wesen-card-name\">Salige Frau<\/div><div class=\"iwg-wesen-card-arrow\">\u2192 K bitju<\/div><\/div><\/a><a class=\"iwg-wesen-card\" href=\"https:\/\/iwell-guard.com\/sl\/norgel\/\" aria-label=\"N\u00f6rgel\"><div class=\"iwg-wesen-card-imgwrap\"><img decoding=\"async\" src=\"https:\/\/iwell-guard.com\/wp-content\/uploads\/2026\/07\/geister_alpin_noergel-200x300.webp\" alt=\"N\u00f6rgel\" loading=\"lazy\"><\/div><div class=\"iwg-wesen-card-body\"><div class=\"iwg-wesen-card-name\">N\u00f6rgel<\/div><div class=\"iwg-wesen-card-arrow\">\u2192 K bitju<\/div><\/div><\/a><a class=\"iwg-wesen-card\" href=\"https:\/\/iwell-guard.com\/sl\/fangge\/\" aria-label=\"F\u00e4nggen\"><div class=\"iwg-wesen-card-imgwrap\"><img decoding=\"async\" src=\"https:\/\/iwell-guard.com\/wp-content\/uploads\/2026\/07\/geister_alpin_faenggen-200x300.webp\" alt=\"F\u00e4nggen\" loading=\"lazy\"><\/div><div class=\"iwg-wesen-card-body\"><div class=\"iwg-wesen-card-name\">F\u00e4nggen<\/div><div class=\"iwg-wesen-card-arrow\">\u2192 K bitju<\/div><\/div><\/a><a class=\"iwg-wesen-card\" href=\"https:\/\/iwell-guard.com\/sl\/dellermannle\/\" aria-label=\"Dellerm\u00e4nnle\"><div class=\"iwg-wesen-card-imgwrap\"><img decoding=\"async\" src=\"https:\/\/iwell-guard.com\/wp-content\/uploads\/2026\/07\/geister_alpin_dellermaennle-200x300.webp\" alt=\"Dellerm\u00e4nnle\" loading=\"lazy\"><\/div><div class=\"iwg-wesen-card-body\"><div class=\"iwg-wesen-card-name\">Dellerm\u00e4nnle<\/div><div class=\"iwg-wesen-card-arrow\">\u2192 K bitju<\/div><\/div><\/a><\/div>\t\t\t\t\t\t\t\t<\/div>\n\t\t\t\t\t<\/div>\n\t\t\t\t<\/div>\n\t\t\t\t\t<\/div>\n\t\t\t\t<\/div>\n\t\t<div class=\"elementor-element elementor-element-iwgkw2-add-sami e-flex e-con-boxed e-con e-parent\" data-id=\"iwgkw2-add-sami\" data-element_type=\"container\" data-e-type=\"container\">\n\t\t\t\t\t<div class=\"e-con-inner\">\n\t\t\t\t<div class=\"elementor-element elementor-element-iwgkw2-add-sami-t elementor-widget elementor-widget-text-editor\" data-id=\"iwgkw2-add-sami-t\" data-element_type=\"widget\" data-e-type=\"widget\" data-widget_type=\"text-editor.default\">\n\t\t\t\t\t\t\t\t\t<p><em>Perchtenlauf brauchtum<\/em> in drugi <em>almgeister alpen<\/em>, torej planinski duhovi, kot so Kasermandl, Venedigermandl in Barbegazi, povezujejo kajenje ob Rauhn\u00e4chte, Drudenfu\u00df in blagoslovljene zeli\u0161\u010dne \u0161opke v samostojno za\u0161\u010ditno prakso, ki naj bi hi\u0161o, dvori\u0161\u010de in planino varovala pred zimskimi demoni in bitji no\u010dne more.<\/p>\t\t\t\t\t\t\t\t<\/div>\n\t\t\t\t\t<\/div>\n\t\t\t\t<\/div>\n\t\t<div class=\"elementor-element elementor-element-iwgcn-sami-kwd e-flex e-con-boxed e-con e-parent\" data-id=\"iwgcn-sami-kwd\" data-element_type=\"container\" data-e-type=\"container\">\n\t\t\t\t\t<div class=\"e-con-inner\">\n\t\t<div class=\"elementor-element elementor-element-iwgcn-sami-kwd-c e-con-full e-flex e-con e-child\" data-id=\"iwgcn-sami-kwd-c\" data-element_type=\"container\" data-e-type=\"container\">\n\t\t\t\t<div class=\"elementor-element elementor-element-iwgcn-sami-kwdt elementor-widget elementor-widget-text-editor\" data-id=\"iwgcn-sami-kwdt\" data-element_type=\"widget\" data-e-type=\"widget\" data-widget_type=\"text-editor.default\">\n\t\t\t\t\t\t\t\t\t<p><em>Sorodni klju\u010dni pojmi: Perchta, Krampus, Rauhn\u00e4chte, Kasermandl, Drud, Toggeli, Tatzelwurm, Habergeiss, Salige Frau, Alpski prostor, Ju\u017ena Tirolska, Tirolska.<\/em><\/p>\t\t\t\t\t\t\t\t<\/div>\n\t\t\t\t<\/div>\n\t\t\t\t\t<\/div>\n\t\t\t\t<\/div>\n\t\t<div class=\"elementor-element elementor-element-iwgcn-sami-cc e-flex e-con-boxed e-con e-parent\" data-id=\"iwgcn-sami-cc\" data-element_type=\"container\" data-e-type=\"container\" id=\"iwg-cc-sami\">\n\t\t\t\t\t<div class=\"e-con-inner\">\n\t\t<div class=\"elementor-element elementor-element-iwgcn-sami-ccinner e-flex e-con-boxed e-con e-parent\" data-id=\"iwgcn-sami-ccinner\" data-element_type=\"container\" data-e-type=\"container\" data-settings=\"{&quot;background_background&quot;:&quot;classic&quot;}\">\n\t\t\t\t\t<div class=\"e-con-inner\">\n\t\t\t\t<div class=\"elementor-element elementor-element-iwgcn-sami-cch elementor-widget elementor-widget-heading\" data-id=\"iwgcn-sami-cch\" data-element_type=\"widget\" data-e-type=\"widget\" data-widget_type=\"heading.default\">\n\t\t\t\t\t<h2 class=\"elementor-heading-title elementor-size-default\">Za\u0161\u010ditni predmeti v tej kulturni tradiciji<\/h2>\t\t\t\t<\/div>\n\t\t\t\t<div class=\"elementor-element elementor-element-iwgcn-sami-cct elementor-widget elementor-widget-text-editor\" data-id=\"iwgcn-sami-cct\" data-element_type=\"widget\" data-e-type=\"widget\" data-widget_type=\"text-editor.default\">\n\t\t\t\t\t\t\t\t\t<p>Alpsko izro\u010dilo pozna <a href=\"https:\/\/iwell-guard.com\/sl\/drudenfuss-pentagram\/\">Drudenfu\u00df<\/a> nad vrati in postelji, blagoslovljene <a href=\"https:\/\/iwell-guard.com\/sl\/?page_id=161581\">zeli\u0161\u010dne \u0161opke<\/a> ob Marijinem vnebovzetju, <a href=\"https:\/\/iwell-guard.com\/sl\/kajenje-in-ciscenje\/\">kajenje ob Rauhn\u00e4chte<\/a> hi\u0161e in hleva s <a href=\"https:\/\/iwell-guard.com\/sl\/kadilo\/\">kadilom<\/a>, ter te\u017eke <a href=\"https:\/\/iwell-guard.com\/sl\/zvonovi-in-zvoncki-kot-hrupna-zascita\/\">zvonce<\/a> sprevodov Perchten in Krampus, katerih hrup naj bi odganjal zimske demone. Kulturno primerjalen pregled ponuja <a href=\"https:\/\/iwell-guard.com\/sl\/kompas-zascite\/\">Kompas za\u0161\u010dite<\/a>.<\/p>\n<div data-nosnippet=\"true\"><p>iWell Guard se vklju\u010duje v to kulturnozgodovinsko linijo prenosljivih za\u0161\u010ditnih predmetov, v sodobni materialni arhitekturi, izdelan v Nem\u010diji. 41 plasti, pravo zlato, platina, srebro. 30-dnevna pravica do vra\u010dila.<\/p><\/div>\t\t\t\t\t\t\t\t<\/div>\n\t\t\t\t<div class=\"elementor-element elementor-element-iwgcn-sami-ccb iwg-cc-button iwg-cc-cta-2026-05-13 elementor-widget elementor-widget-jet-button\" data-id=\"iwgcn-sami-ccb\" data-element_type=\"widget\" data-e-type=\"widget\" data-widget_type=\"jet-button.default\">\n\t\t\t\t<div class=\"elementor-widget-container\">\n\t\t\t\t\t<div class=\"elementor-jet-button jet-elements\"><div class=\"jet-button__container\"><a class=\"jet-button__instance jet-button__instance--icon-left hover-effect-1\" href=\"\/ueber-iwell-guard\/?utm_source=iwell-guard.com&amp;utm_medium=info-box&amp;utm_campaign=kultur-tradition\"><div class=\"jet-button__plane jet-button__plane-normal\"><\/div><div class=\"jet-button__plane jet-button__plane-hover\"><\/div><div class=\"jet-button__state jet-button__state-normal\"><span class=\"jet-button__label\">Ve\u010d o iWell Guard<\/span><\/div><div class=\"jet-button__state jet-button__state-hover\"><span class=\"jet-button__label\">Ve\u010d o iWell Guard<\/span><\/div><\/a><\/div><\/div><style>.elementor-element.elementor-element-iwgcn-sami-ccb .jet-button__instance{width:320px;height:56px;}.elementor-element.elementor-element-iwgcn-sami-ccb .jet-button__state-normal .jet-button__label{text-align:center;margin:0px 0px 0px 0px;color:#1a1b20;font-family:Montserrat,sans-serif;font-size:13px;font-weight:400;letter-spacing:4px;line-height:1.714em;text-transform:uppercase;}.elementor-element.elementor-element-iwgcn-sami-ccb .jet-button__state-hover .jet-button__label{text-align:center;margin:0px 0px 0px 0px;color:#FECC76;font-family:Montserrat,sans-serif;font-size:13px;font-weight:400;letter-spacing:4px;line-height:1.714em;text-transform:uppercase;}.elementor-element.elementor-element-iwgcn-sami-ccb .jet-button__plane-normal{background-color:#FECC76;border-style:solid;border-color:#C99540;border-width:2px 2px 2px 2px;}.elementor-element.elementor-element-iwgcn-sami-ccb .jet-button__plane-hover{background-color:rgba(0,0,0,0.55);border-style:solid;border-color:#FECC76;border-width:2px 2px 2px 2px;}<\/style>\t\t\t\t<\/div>\n\t\t\t\t<\/div>\n\t\t\t\t<div class=\"elementor-element elementor-element-iwgcn-sami-ccd elementor-widget elementor-widget-text-editor\" data-id=\"iwgcn-sami-ccd\" data-element_type=\"widget\" data-e-type=\"widget\" data-widget_type=\"text-editor.default\">\n\t\t\t\t\t\t\t\t\t<div data-nosnippet=\"true\"><p style=\"text-align:center;font-size:13px;opacity:0.7;margin-top:14px\" data-nosnippet=\"true\">Osebne izku\u0161nje se lahko razlikujejo. Ni medicinski pripomo\u010dek. Brez obljube o ozdravitvi.<\/p><\/div>\t\t\t\t\t\t\t\t<\/div>\n\t\t\t\t\t<\/div>\n\t\t\t\t<\/div>\n\t\t\t\t\t<\/div>\n\t\t\t\t<\/div>\n\t\t<div class=\"elementor-element elementor-element-iwgcn-sami-disc e-flex e-con-boxed e-con e-parent\" data-id=\"iwgcn-sami-disc\" data-element_type=\"container\" data-e-type=\"container\">\n\t\t\t\t\t<div class=\"e-con-inner\">\n\t\t\t\t<div class=\"elementor-element elementor-element-iwgcn-sami-discw elementor-widget elementor-widget-html\" data-id=\"iwgcn-sami-discw\" data-element_type=\"widget\" data-e-type=\"widget\" data-widget_type=\"html.default\">\n\t\t\t\t\t<footer data-nosnippet=\"true\" class=\"iwg-disclaimer-block\"><p data-nosnippet=\"true\">iWell Guard <strong>ni medicinski pripomo\u010dek<\/strong> in ne nadome\u0161\u010da zdravni\u0161ke ali psihoterapevtske obravnave. Religiologske vsebine so kulturnozgodovinska umestitev, ne priporo\u010dilo za duhovno prakso.<\/p><\/footer>\t\t\t\t<\/div>\n\t\t\t\t\t<\/div>\n\t\t\t\t<\/div>\n\t\t\t\t<\/div>\n\t\t","protected":false},"excerpt":{"rendered":"","protected":false},"author":3,"featured_media":20516,"parent":0,"menu_order":0,"comment_status":"closed","ping_status":"closed","template":"elementor_header_footer","meta":{"_yoast_wpseo_focuskw":"alpske pripovedke","_yoast_wpseo_title":"Alpske pripovedke: Perchta, Krampus in Tatzelwurm","_yoast_wpseo_metadesc":"Perchta, Krampus, Kasermandl in Tatzelwurm: svet alpskih pripovedk religiologijsko razlo\u017een, z izro\u010dilom Rauhn\u00e4chte iz Bavarske in Ju\u017ene Tirolske.","_yoast_wpseo_meta-robots-noindex":"","_yoast_wpseo_canonical":"","_angie_page":false,"gefaehrdungsstufe":"","wesen_kultur":"","wesen_klasse":"","footnotes":""},"categories":[],"class_list":["post-161605","page","type-page","status-publish","has-post-thumbnail","hentry"],"yoast_head":"<!-- This site is optimized with the Yoast SEO Premium plugin v27.7 (Yoast SEO v28.3) - https:\/\/yoast.com\/product\/yoast-seo-premium-wordpress\/ -->\n<title>Alpske pripovedke: Perchta, Krampus in Tatzelwurm<\/title>\n<meta name=\"description\" content=\"Perchta, Krampus, Kasermandl in Tatzelwurm: svet alpskih pripovedk religiologijsko razlo\u017een, z izro\u010dilom Rauhn\u00e4chte iz Bavarske in Ju\u017ene Tirolske.\" \/>\n<meta name=\"robots\" content=\"index, follow, max-snippet:-1, max-image-preview:large, max-video-preview:-1\" \/>\n<link rel=\"canonical\" href=\"https:\/\/iwell-guard.com\/sl\/alpske-pripovedke\/\" \/>\n<meta property=\"og:locale\" content=\"sl_SI\" \/>\n<meta property=\"og:type\" content=\"article\" \/>\n<meta property=\"og:title\" content=\"Alpske pripovedke\" \/>\n<meta property=\"og:description\" content=\"Perchta, Krampus, Kasermandl in Tatzelwurm: svet alpskih pripovedk religiologijsko razlo\u017een, z izro\u010dilom Rauhn\u00e4chte iz Bavarske in Ju\u017ene Tirolske.\" \/>\n<meta property=\"og:url\" content=\"https:\/\/iwell-guard.com\/sl\/alpske-pripovedke\/\" \/>\n<meta property=\"og:site_name\" content=\"iWell Guard\" \/>\n<meta property=\"article:modified_time\" content=\"2026-09-05T01:08:51+00:00\" \/>\n<meta property=\"og:image\" content=\"https:\/\/iwell-guard.com\/wp-content\/uploads\/2026\/07\/daemonen_alpin_krampus.webp\" \/>\n\t<meta property=\"og:image:width\" content=\"1024\" \/>\n\t<meta property=\"og:image:height\" content=\"1536\" \/>\n\t<meta property=\"og:image:type\" content=\"image\/webp\" \/>\n<meta name=\"twitter:card\" content=\"summary_large_image\" \/>\n<script type=\"application\/ld+json\" class=\"yoast-schema-graph\">{\"@context\":\"https:\\\/\\\/schema.org\",\"@graph\":[{\"@type\":\"WebPage\",\"@id\":\"https:\\\/\\\/iwell-guard.com\\\/sl\\\/alpske-pripovedke\\\/\",\"url\":\"https:\\\/\\\/iwell-guard.com\\\/sl\\\/alpske-pripovedke\\\/\",\"name\":\"Alpske pripovedke: Perchta, Krampus in Tatzelwurm\",\"isPartOf\":{\"@id\":\"https:\\\/\\\/iwell-guard.com\\\/sl\\\/#website\"},\"primaryImageOfPage\":{\"@id\":\"https:\\\/\\\/iwell-guard.com\\\/sl\\\/alpske-pripovedke\\\/#primaryimage\"},\"image\":{\"@id\":\"https:\\\/\\\/iwell-guard.com\\\/sl\\\/alpske-pripovedke\\\/#primaryimage\"},\"thumbnailUrl\":\"https:\\\/\\\/iwell-guard.com\\\/wp-content\\\/uploads\\\/2026\\\/07\\\/daemonen_alpin_krampus.webp\",\"datePublished\":\"2026-09-05T00:33:52+00:00\",\"dateModified\":\"2026-09-05T01:08:51+00:00\",\"description\":\"Perchta, Krampus, Kasermandl in Tatzelwurm: svet alpskih pripovedk religiologijsko razlo\u017een, z izro\u010dilom Rauhn\u00e4chte iz Bavarske in Ju\u017ene Tirolske.\",\"breadcrumb\":{\"@id\":\"https:\\\/\\\/iwell-guard.com\\\/sl\\\/alpske-pripovedke\\\/#breadcrumb\"},\"inLanguage\":\"sl-SI\",\"potentialAction\":[{\"@type\":\"ReadAction\",\"target\":[\"https:\\\/\\\/iwell-guard.com\\\/sl\\\/alpske-pripovedke\\\/\"]}]},{\"@type\":\"ImageObject\",\"inLanguage\":\"sl-SI\",\"@id\":\"https:\\\/\\\/iwell-guard.com\\\/sl\\\/alpske-pripovedke\\\/#primaryimage\",\"url\":\"https:\\\/\\\/iwell-guard.com\\\/wp-content\\\/uploads\\\/2026\\\/07\\\/daemonen_alpin_krampus.webp\",\"contentUrl\":\"https:\\\/\\\/iwell-guard.com\\\/wp-content\\\/uploads\\\/2026\\\/07\\\/daemonen_alpin_krampus.webp\",\"width\":1024,\"height\":1536,\"caption\":\"Krampus \u2013 demoni iz alpske tradicije, zgodovinsko-ilustrativno\"},{\"@type\":\"BreadcrumbList\",\"@id\":\"https:\\\/\\\/iwell-guard.com\\\/sl\\\/alpske-pripovedke\\\/#breadcrumb\",\"itemListElement\":[{\"@type\":\"ListItem\",\"position\":1,\"name\":\"Start\",\"item\":\"https:\\\/\\\/iwell-guard.com\\\/sl\\\/?page_id=160323\"},{\"@type\":\"ListItem\",\"position\":2,\"name\":\"Alpske pripovedke\"}]},{\"@type\":\"WebSite\",\"@id\":\"https:\\\/\\\/iwell-guard.com\\\/sl\\\/#website\",\"url\":\"https:\\\/\\\/iwell-guard.com\\\/sl\\\/\",\"name\":\"iWell Guard\",\"description\":\"Schutz vor dunklen Einfl\u00fcssen\",\"publisher\":{\"@id\":\"https:\\\/\\\/iwell-guard.com\\\/sl\\\/#organization\"},\"potentialAction\":[{\"@type\":\"SearchAction\",\"target\":{\"@type\":\"EntryPoint\",\"urlTemplate\":\"https:\\\/\\\/iwell-guard.com\\\/sl\\\/?s={search_term_string}\"},\"query-input\":{\"@type\":\"PropertyValueSpecification\",\"valueRequired\":true,\"valueName\":\"search_term_string\"}}],\"inLanguage\":\"sl-SI\"},{\"@type\":\"Organization\",\"@id\":\"https:\\\/\\\/iwell-guard.com\\\/sl\\\/#organization\",\"name\":\"Ittermann electronic GmbH\",\"url\":\"https:\\\/\\\/iwell-guard.com\\\/sl\\\/\",\"logo\":{\"@type\":\"ImageObject\",\"inLanguage\":\"sl-SI\",\"@id\":\"https:\\\/\\\/iwell-guard.com\\\/sl\\\/#\\\/schema\\\/logo\\\/image\\\/\",\"url\":\"https:\\\/\\\/iwell-guard.com\\\/wp-content\\\/uploads\\\/2026\\\/05\\\/Ittermann-Logo-1182x237-1.png\",\"contentUrl\":\"https:\\\/\\\/iwell-guard.com\\\/wp-content\\\/uploads\\\/2026\\\/05\\\/Ittermann-Logo-1182x237-1.png\",\"width\":1182,\"height\":237,\"caption\":\"Ittermann electronic GmbH\"},\"image\":{\"@id\":\"https:\\\/\\\/iwell-guard.com\\\/sl\\\/#\\\/schema\\\/logo\\\/image\\\/\"},\"sameAs\":[\"https:\\\/\\\/pantip.com\\\/profile\\\/9367242\",\"https:\\\/\\\/micro.blog\\\/iwellguard\",\"https:\\\/\\\/www.diggerslist.com\\\/iwellguard\\\/about\",\"https:\\\/\\\/skitterphoto.com\\\/photographers\\\/2870314\\\/iwell-guard\",\"https:\\\/\\\/iwellguard.wordpress.com\\\/2026\\\/06\\\/06\\\/iwell-guard\\\/\",\"https:\\\/\\\/hub.docker.com\\\/u\\\/iwellguard\",\"https:\\\/\\\/www.pinterest.com\\\/iwellguard\\\/\",\"https:\\\/\\\/bit.ly\\\/m\\\/iwellguard\",\"https:\\\/\\\/entre-vos-mains.alsace.eu\\\/profiles\\\/iwellguard\\\/activity\",\"https:\\\/\\\/gravatar.com\\\/reallybeded8fd34\",\"https:\\\/\\\/naijamatta.com\\\/iwellguard\",\"https:\\\/\\\/www.goodreads.com\\\/iwellguard\",\"https:\\\/\\\/profile.hatena.ne.jp\\\/iwellguard\\\/\",\"https:\\\/\\\/experiment.com\\\/users\\\/iwellguard\",\"https:\\\/\\\/wakelet.com\\\/@iWellGuard82270\",\"https:\\\/\\\/www.chordie.com\\\/forum\\\/profile.php?id=2555664\",\"https:\\\/\\\/www.instapaper.com\\\/p\\\/17757966\",\"https:\\\/\\\/www.mapleprimes.com\\\/users\\\/iwellguard\",\"https:\\\/\\\/businesslistingplus.com\\\/profile\\\/iwell-guard\\\/\",\"https:\\\/\\\/telegra.ph\\\/iWell-Guard-06-06\",\"https:\\\/\\\/pbase.com\\\/iwellguard\\\/iwellguard\",\"https:\\\/\\\/b.hatena.ne.jp\\\/iwellguard\\\/20260607#bookmark-4788405196491818882\",\"https:\\\/\\\/fliphtml5.com\\\/home\\\/iwellguard\",\"https:\\\/\\\/anyflip.com\\\/homepage\\\/cmiwl#About\",\"https:\\\/\\\/transfur.com\\\/Users\\\/iwellguard\",\"http:\\\/\\\/delphi.larsbo.org\\\/user\\\/iwellguard\",\"https:\\\/\\\/jobs.lajobsportal.org\\\/profiles\\\/8380803-iwell-guard\",\"https:\\\/\\\/md.chaosdorf.de\\\/s\\\/jfbe5SBdJD\",\"https:\\\/\\\/www.lingvolive.com\\\/en-us\\\/profile\\\/9ecaeaca-ce11-4e51-9e71-01d55e2bff36\\\/translations\",\"https:\\\/\\\/www.fitday.com\\\/fitness\\\/forums\\\/members\\\/iwellguard.html\",\"https:\\\/\\\/www.mymeetbook.com\\\/iwellguard\",\"https:\\\/\\\/pxhere.com\\\/en\\\/photographer-me\\\/5040798\",\"https:\\\/\\\/disqus.com\\\/by\\\/iwellguard\\\/about\\\/\",\"https:\\\/\\\/pastelink.net\\\/hjwciqwq\",\"https:\\\/\\\/pubhtml5.com\\\/homepage\\\/scjhn\\\/\",\"https:\\\/\\\/www.bitchute.com\\\/channel\\\/2O2eOKzNqujT\",\"https:\\\/\\\/audiomack.com\\\/iwellguard\"]}]}<\/script>\n<!-- \/ Yoast SEO Premium plugin. -->","yoast_head_json":{"title":"Alpske pripovedke: Perchta, Krampus in Tatzelwurm","description":"Perchta, Krampus, Kasermandl in Tatzelwurm: svet alpskih pripovedk religiologijsko razlo\u017een, z izro\u010dilom Rauhn\u00e4chte iz Bavarske in Ju\u017ene Tirolske.","robots":{"index":"index","follow":"follow","max-snippet":"max-snippet:-1","max-image-preview":"max-image-preview:large","max-video-preview":"max-video-preview:-1"},"canonical":"https:\/\/iwell-guard.com\/sl\/alpske-pripovedke\/","og_locale":"sl_SI","og_type":"article","og_title":"Alpske pripovedke","og_description":"Perchta, Krampus, Kasermandl in Tatzelwurm: svet alpskih pripovedk religiologijsko razlo\u017een, z izro\u010dilom Rauhn\u00e4chte iz Bavarske in Ju\u017ene Tirolske.","og_url":"https:\/\/iwell-guard.com\/sl\/alpske-pripovedke\/","og_site_name":"iWell Guard","article_modified_time":"2026-09-05T01:08:51+00:00","og_image":[{"width":1024,"height":1536,"url":"https:\/\/iwell-guard.com\/wp-content\/uploads\/2026\/07\/daemonen_alpin_krampus.webp","type":"image\/webp"}],"twitter_card":"summary_large_image","schema":{"@context":"https:\/\/schema.org","@graph":[{"@type":"WebPage","@id":"https:\/\/iwell-guard.com\/sl\/alpske-pripovedke\/","url":"https:\/\/iwell-guard.com\/sl\/alpske-pripovedke\/","name":"Alpske pripovedke: Perchta, Krampus in Tatzelwurm","isPartOf":{"@id":"https:\/\/iwell-guard.com\/sl\/#website"},"primaryImageOfPage":{"@id":"https:\/\/iwell-guard.com\/sl\/alpske-pripovedke\/#primaryimage"},"image":{"@id":"https:\/\/iwell-guard.com\/sl\/alpske-pripovedke\/#primaryimage"},"thumbnailUrl":"https:\/\/iwell-guard.com\/wp-content\/uploads\/2026\/07\/daemonen_alpin_krampus.webp","datePublished":"2026-09-05T00:33:52+00:00","dateModified":"2026-09-05T01:08:51+00:00","description":"Perchta, Krampus, Kasermandl in Tatzelwurm: svet alpskih pripovedk religiologijsko razlo\u017een, z izro\u010dilom Rauhn\u00e4chte iz Bavarske in Ju\u017ene Tirolske.","breadcrumb":{"@id":"https:\/\/iwell-guard.com\/sl\/alpske-pripovedke\/#breadcrumb"},"inLanguage":"sl-SI","potentialAction":[{"@type":"ReadAction","target":["https:\/\/iwell-guard.com\/sl\/alpske-pripovedke\/"]}]},{"@type":"ImageObject","inLanguage":"sl-SI","@id":"https:\/\/iwell-guard.com\/sl\/alpske-pripovedke\/#primaryimage","url":"https:\/\/iwell-guard.com\/wp-content\/uploads\/2026\/07\/daemonen_alpin_krampus.webp","contentUrl":"https:\/\/iwell-guard.com\/wp-content\/uploads\/2026\/07\/daemonen_alpin_krampus.webp","width":1024,"height":1536,"caption":"Krampus \u2013 demoni iz alpske tradicije, zgodovinsko-ilustrativno"},{"@type":"BreadcrumbList","@id":"https:\/\/iwell-guard.com\/sl\/alpske-pripovedke\/#breadcrumb","itemListElement":[{"@type":"ListItem","position":1,"name":"Start","item":"https:\/\/iwell-guard.com\/sl\/?page_id=160323"},{"@type":"ListItem","position":2,"name":"Alpske pripovedke"}]},{"@type":"WebSite","@id":"https:\/\/iwell-guard.com\/sl\/#website","url":"https:\/\/iwell-guard.com\/sl\/","name":"iWell Guard","description":"Schutz vor dunklen Einfl\u00fcssen","publisher":{"@id":"https:\/\/iwell-guard.com\/sl\/#organization"},"potentialAction":[{"@type":"SearchAction","target":{"@type":"EntryPoint","urlTemplate":"https:\/\/iwell-guard.com\/sl\/?s={search_term_string}"},"query-input":{"@type":"PropertyValueSpecification","valueRequired":true,"valueName":"search_term_string"}}],"inLanguage":"sl-SI"},{"@type":"Organization","@id":"https:\/\/iwell-guard.com\/sl\/#organization","name":"Ittermann electronic GmbH","url":"https:\/\/iwell-guard.com\/sl\/","logo":{"@type":"ImageObject","inLanguage":"sl-SI","@id":"https:\/\/iwell-guard.com\/sl\/#\/schema\/logo\/image\/","url":"https:\/\/iwell-guard.com\/wp-content\/uploads\/2026\/05\/Ittermann-Logo-1182x237-1.png","contentUrl":"https:\/\/iwell-guard.com\/wp-content\/uploads\/2026\/05\/Ittermann-Logo-1182x237-1.png","width":1182,"height":237,"caption":"Ittermann electronic GmbH"},"image":{"@id":"https:\/\/iwell-guard.com\/sl\/#\/schema\/logo\/image\/"},"sameAs":["https:\/\/pantip.com\/profile\/9367242","https:\/\/micro.blog\/iwellguard","https:\/\/www.diggerslist.com\/iwellguard\/about","https:\/\/skitterphoto.com\/photographers\/2870314\/iwell-guard","https:\/\/iwellguard.wordpress.com\/2026\/06\/06\/iwell-guard\/","https:\/\/hub.docker.com\/u\/iwellguard","https:\/\/www.pinterest.com\/iwellguard\/","https:\/\/bit.ly\/m\/iwellguard","https:\/\/entre-vos-mains.alsace.eu\/profiles\/iwellguard\/activity","https:\/\/gravatar.com\/reallybeded8fd34","https:\/\/naijamatta.com\/iwellguard","https:\/\/www.goodreads.com\/iwellguard","https:\/\/profile.hatena.ne.jp\/iwellguard\/","https:\/\/experiment.com\/users\/iwellguard","https:\/\/wakelet.com\/@iWellGuard82270","https:\/\/www.chordie.com\/forum\/profile.php?id=2555664","https:\/\/www.instapaper.com\/p\/17757966","https:\/\/www.mapleprimes.com\/users\/iwellguard","https:\/\/businesslistingplus.com\/profile\/iwell-guard\/","https:\/\/telegra.ph\/iWell-Guard-06-06","https:\/\/pbase.com\/iwellguard\/iwellguard","https:\/\/b.hatena.ne.jp\/iwellguard\/20260607#bookmark-4788405196491818882","https:\/\/fliphtml5.com\/home\/iwellguard","https:\/\/anyflip.com\/homepage\/cmiwl#About","https:\/\/transfur.com\/Users\/iwellguard","http:\/\/delphi.larsbo.org\/user\/iwellguard","https:\/\/jobs.lajobsportal.org\/profiles\/8380803-iwell-guard","https:\/\/md.chaosdorf.de\/s\/jfbe5SBdJD","https:\/\/www.lingvolive.com\/en-us\/profile\/9ecaeaca-ce11-4e51-9e71-01d55e2bff36\/translations","https:\/\/www.fitday.com\/fitness\/forums\/members\/iwellguard.html","https:\/\/www.mymeetbook.com\/iwellguard","https:\/\/pxhere.com\/en\/photographer-me\/5040798","https:\/\/disqus.com\/by\/iwellguard\/about\/","https:\/\/pastelink.net\/hjwciqwq","https:\/\/pubhtml5.com\/homepage\/scjhn\/","https:\/\/www.bitchute.com\/channel\/2O2eOKzNqujT","https:\/\/audiomack.com\/iwellguard"]}]}},"_links":{"self":[{"href":"https:\/\/iwell-guard.com\/sl\/wp-json\/wp\/v2\/pages\/161605","targetHints":{"allow":["GET"]}}],"collection":[{"href":"https:\/\/iwell-guard.com\/sl\/wp-json\/wp\/v2\/pages"}],"about":[{"href":"https:\/\/iwell-guard.com\/sl\/wp-json\/wp\/v2\/types\/page"}],"author":[{"embeddable":true,"href":"https:\/\/iwell-guard.com\/sl\/wp-json\/wp\/v2\/users\/3"}],"replies":[{"embeddable":true,"href":"https:\/\/iwell-guard.com\/sl\/wp-json\/wp\/v2\/comments?post=161605"}],"version-history":[{"count":0,"href":"https:\/\/iwell-guard.com\/sl\/wp-json\/wp\/v2\/pages\/161605\/revisions"}],"wp:featuredmedia":[{"embeddable":true,"href":"https:\/\/iwell-guard.com\/sl\/wp-json\/wp\/v2\/media\/20516"}],"wp:attachment":[{"href":"https:\/\/iwell-guard.com\/sl\/wp-json\/wp\/v2\/media?parent=161605"}],"wp:term":[{"taxonomy":"category","embeddable":true,"href":"https:\/\/iwell-guard.com\/sl\/wp-json\/wp\/v2\/categories?post=161605"}],"curies":[{"name":"wp","href":"https:\/\/api.w.org\/{rel}","templated":true}]}}