{"id":161603,"date":"2026-09-05T00:33:51","date_gmt":"2026-09-05T00:33:51","guid":{"rendered":"https:\/\/iwell-guard.com\/?page_id=161603"},"modified":"2026-09-05T01:08:48","modified_gmt":"2026-09-05T01:08:48","slug":"romunska-mitologija","status":"publish","type":"page","link":"https:\/\/iwell-guard.com\/sl\/romunska-mitologija\/","title":{"rendered":"Romunska mitologija"},"content":{"rendered":"\t\t<div data-elementor-type=\"wp-page\" data-elementor-id=\"161603\" class=\"elementor elementor-161603 elementor-20574 elementor-bc-flex-widget\" data-elementor-post-type=\"page\">\n\t\t\t\t<div class=\"elementor-element elementor-element-iwgcn-sami-hero iwg-kultur-hero e-flex e-con-boxed e-con e-parent\" data-id=\"iwgcn-sami-hero\" data-element_type=\"container\" data-e-type=\"container\">\n\t\t\t\t\t<div class=\"e-con-inner\">\n\t\t<div class=\"elementor-element elementor-element-iwgcn-sami-hl iwg-kultur-hero-left e-flex e-con-boxed e-con e-child\" data-id=\"iwgcn-sami-hl\" data-element_type=\"container\" data-e-type=\"container\">\n\t\t\t\t\t<div class=\"e-con-inner\">\n\t\t\t\t<div class=\"elementor-element elementor-element-iwgcn-sami-h1 elementor-widget elementor-widget-heading\" data-id=\"iwgcn-sami-h1\" data-element_type=\"widget\" data-e-type=\"widget\" data-widget_type=\"heading.default\">\n\t\t\t\t\t<h1 class=\"elementor-heading-title elementor-size-default\">Strigoi, iele in duhovni svet romunskih Karpatov<\/h1>\t\t\t\t<\/div>\n\t\t<div class=\"elementor-element elementor-element-iwgcn-sami-leadc e-con-full e-flex e-con e-child\" data-id=\"iwgcn-sami-leadc\" data-element_type=\"container\" data-e-type=\"container\">\n\t\t\t\t<div class=\"elementor-element elementor-element-iwgcn-sami-lead elementor-widget elementor-widget-text-editor\" data-id=\"iwgcn-sami-lead\" data-element_type=\"widget\" data-e-type=\"widget\" data-widget_type=\"text-editor.default\">\n\t\t\t\t\t\t\t\t\t<p>Romunsko ljudsko izro\u010dilo povezuje izrazito vero v mrtve okrog strigojev in morojev z naravnimi bitji, kot so ple\u0161o\u010de iele, gozdna mati Muma P\u0103durii, in verovanjem v volkodlake okrog pricolicija. Te predstave so nastale v pode\u017eelski dru\u017ebi, ki je poleg romunske pravoslavne cerkve skozi stoletja gojila svoje lastne \u0161ege za za\u0161\u010dito pred nemrtvimi in duhovi, zlasti v Transilvaniji, Moldaviji in Vla\u0161ki.<\/p>\n<p class=\"iwg-kwfix\">Romunska mitologija se bistveno razlikuje od literarnega mita o Drakuli, ki izhaja iz romana Brama Stokerja iz leta 1897 in je le ohlapno povezan z dejanskim romunskim ljudskim izro\u010dilom. Prispevek predstavlja duhovni svet romunskih Karpatov, ki se jasno razlikuje od literarnega mita o Drakuli.<\/p>\t\t\t\t\t\t\t\t<\/div>\n\t\t\t\t<\/div>\n\t\t\t\t\t<\/div>\n\t\t\t\t<\/div>\n\t\t<div class=\"elementor-element elementor-element-iwgcn-sami-hr iwg-kultur-hero-right e-flex e-con-boxed e-con e-child\" data-id=\"iwgcn-sami-hr\" data-element_type=\"container\" data-e-type=\"container\">\n\t\t\t\t\t<div class=\"e-con-inner\">\n\t\t\t\t<div class=\"elementor-element elementor-element-iwgcn-sami-himg iwg-hero-image elementor-widget elementor-widget-image\" data-id=\"iwgcn-sami-himg\" data-element_type=\"widget\" data-e-type=\"widget\" data-widget_type=\"image.default\">\n\t\t\t\t\t\t\t\t\t\t\t\t\t\t\t<img fetchpriority=\"high\" decoding=\"async\" width=\"683\" height=\"1024\" src=\"https:\/\/iwell-guard.com\/wp-content\/uploads\/2026\/05\/goetter_sami_beaivi-683x1024.webp\" class=\"attachment-large size-large wp-image-162513\" alt=\"Beaivi - bogovi iz samijske tradicije, zgodovinsko-ilustrativno\" srcset=\"https:\/\/iwell-guard.com\/wp-content\/uploads\/2026\/05\/goetter_sami_beaivi-683x1024.webp 683w, https:\/\/iwell-guard.com\/wp-content\/uploads\/2026\/05\/goetter_sami_beaivi-200x300.webp 200w, https:\/\/iwell-guard.com\/wp-content\/uploads\/2026\/05\/goetter_sami_beaivi-768x1152.webp 768w, https:\/\/iwell-guard.com\/wp-content\/uploads\/2026\/05\/goetter_sami_beaivi.webp 1024w\" sizes=\"(max-width: 683px) 100vw, 683px\" \/>\t\t\t\t\t\t\t\t\t\t\t\t\t\t\t<\/div>\n\t\t\t\t\t<\/div>\n\t\t\t\t<\/div>\n\t\t\t\t\t<\/div>\n\t\t\t\t<\/div>\n\t\t\t\t<section class=\"elementor-section elementor-top-section elementor-element elementor-element-sec-iwgcomp-sami elementor-section-boxed elementor-section-height-default elementor-section-height-default\" data-id=\"sec-iwgcomp-sami\" data-element_type=\"section\" data-e-type=\"section\">\n\t\t\t\t\t\t<div class=\"elementor-container elementor-column-gap-default\">\n\t\t\t\t\t<div class=\"elementor-column elementor-col-100 elementor-top-column elementor-element elementor-element-col-iwgcomp-sami\" data-id=\"col-iwgcomp-sami\" data-element_type=\"column\" data-e-type=\"column\">\n\t\t\t<div class=\"elementor-widget-wrap elementor-element-populated\">\n\t\t\t\t\t\t<div class=\"elementor-element elementor-element-iwgcomp-sami elementor-widget elementor-widget-text-editor\" data-id=\"iwgcomp-sami\" data-element_type=\"widget\" data-e-type=\"widget\" data-widget_type=\"text-editor.default\">\n\t\t\t\t\t\t\t\t\t<p>Romunsko verovanje v <strong><span class=\"iwg-fachbegriff\" data-tooltip=\"Predstava, da se pokojniki pod dolo\u010denimi pogoji vra\u010dajo v svet \u017eivih kot nemrtvi.\" tabindex=\"0\">vrnitev mrtvih<\/span><\/strong> okrog <a href=\"https:\/\/iwell-guard.com\/sl\/strigoi\/\">strigojev<\/a> in <a href=\"https:\/\/iwell-guard.com\/sl\/moroi\/\">morojev<\/a> predstavlja hrbtenico ljudskega izro\u010dila v vaseh Karpatov.<\/p>\n<p class=\"iwg-kwfix\">Romunska mitologija se deli na verovanje v prednike in mrtve, zra\u010dne \u017eene <a href=\"https:\/\/iwell-guard.com\/sl\/iele\/\">iele<\/a>, gozdno bitje <a href=\"https:\/\/iwell-guard.com\/sl\/muma-padurii\/\">Muma P\u0103durii<\/a> in verovanje v volkodlake okrog <a href=\"https:\/\/iwell-guard.com\/sl\/pricolici\/\">pricolicija<\/a>. Ta izro\u010dila se \u0161e danes pripovedujejo predvsem v pode\u017eelskih predelih Transilvanije in Moldavije.<\/p>\t\t\t\t\t\t\t\t<\/div>\n\t\t\t\t\t<\/div>\n\t\t<\/div>\n\t\t\t\t\t<\/div>\n\t\t<\/section>\n\t\t<div class=\"elementor-element elementor-element-iwgcn-sami-s0 e-flex e-con-boxed e-con e-parent\" data-id=\"iwgcn-sami-s0\" data-element_type=\"container\" data-e-type=\"container\">\n\t\t\t\t\t<div class=\"e-con-inner\">\n\t\t\t\t<div class=\"elementor-element elementor-element-iwgcn-sami-s0h elementor-widget elementor-widget-heading\" data-id=\"iwgcn-sami-s0h\" data-element_type=\"widget\" data-e-type=\"widget\" data-widget_type=\"heading.default\">\n\t\t\t\t\t<h2 class=\"elementor-heading-title elementor-size-default\">Transilvanija, Moldavija, Vla\u0161ka: religiozna pokrajina Romunije<\/h2>\t\t\t\t<\/div>\n\t\t<div class=\"elementor-element elementor-element-iwgcn-sami-s0-c e-con-full e-flex e-con e-child\" data-id=\"iwgcn-sami-s0-c\" data-element_type=\"container\" data-e-type=\"container\">\n\t\t\t\t<div class=\"elementor-element elementor-element-iwgcn-sami-s0t elementor-widget elementor-widget-text-editor\" data-id=\"iwgcn-sami-s0t\" data-element_type=\"widget\" data-e-type=\"widget\" data-widget_type=\"text-editor.default\">\n\t\t\t\t\t\t\t\t\t<p>Romunija je ve\u010dinoma romunsko pravoslavna, s katoli\u0161kimi in reformiranimi manj\u0161inami predvsem v Transilvaniji, kjer so skozi stoletja skupaj \u017eivele romunske, mad\u017earske in nem\u0161ko govore\u010de, transilvanijsko-sa\u0161ke skupnosti prebivalstva. Ljudsko verovanje v strigoje, iele in sorodna bitja se je razvijalo vzporedno s cerkveno pobo\u017enostjo, pogosto tesno prepleteno s kr\u0161\u010danskimi prazniki in koledarji svetnikov.<\/p>\n<p>Zlasti v odro\u010dnih obmo\u010djih, kot so Maramure\u0161, karpatske dolineMoldavije in deli Vla\u0161ke, so arhai\u010dne pogrebne in za\u0161\u010ditne \u0161ege ostale \u017eiv\u0435 vse do 20. stoletja. Etnografi so ta izro\u010dila za\u010deli dokumentirati konec 19. stoletja, ko se je romunska folkloristika uveljavila kot samostojna disciplina.<\/p>\n<p class=\"iwg-kwfix\">Osnovne poteze tega izro\u010dila: kult prednikov in mrtvih okrog strigojev in morojev, koledar nevarnih no\u010di, v katerih hodijo iele in duhovi, ter za\u0161\u010ditne \u0161ege, ki se \u0161e danes prena\u0161ajo v pode\u017eelskih predelih Romunije.<\/p>\t\t\t\t\t\t\t\t<\/div>\n\t\t\t\t<\/div>\n\t\t\t\t\t<\/div>\n\t\t\t\t<\/div>\n\t\t<div class=\"elementor-element elementor-element-iwgcn-sami-s1 e-flex e-con-boxed e-con e-parent\" data-id=\"iwgcn-sami-s1\" data-element_type=\"container\" data-e-type=\"container\">\n\t\t\t\t\t<div class=\"e-con-inner\">\n\t\t\t\t<div class=\"elementor-element elementor-element-iwgcn-sami-s1h elementor-widget elementor-widget-heading\" data-id=\"iwgcn-sami-s1h\" data-element_type=\"widget\" data-e-type=\"widget\" data-widget_type=\"heading.default\">\n\t\t\t\t\t<h2 class=\"elementor-heading-title elementor-size-default\">Strigoi in moroi: dve obliki romunske vrnitve mrtvih<\/h2>\t\t\t\t<\/div>\n\t\t<div class=\"elementor-element elementor-element-iwgcn-sami-s1-c e-con-full e-flex e-con e-child\" data-id=\"iwgcn-sami-s1-c\" data-element_type=\"container\" data-e-type=\"container\">\n\t\t\t\t<div class=\"elementor-element elementor-element-iwgcn-sami-s1t elementor-widget elementor-widget-text-editor\" data-id=\"iwgcn-sami-s1t\" data-element_type=\"widget\" data-e-type=\"widget\" data-widget_type=\"text-editor.default\">\n\t\t\t\t\t\t\t\t\t<p><a href=\"https:\/\/iwell-guard.com\/sl\/strigoi\/\">Strigoi<\/a> je po romunskem ljudskem verovanju pokojnik, ki se vrne iz groba, da bi \u017eivim odvzel mo\u010d ali kri. Izro\u010dilo razlikuje med strigoi vii, \u017eivimi ljudmi s to nagnjenostjo, na primer kot sedmi otrok istega spola v dru\u017eini ali kot nezakonsko rojeni, in strigoi mor\u021bi, pokojniki, ki se vrnejo po smrti, pogosto ker pogrebni obredi niso bili pravilno izvedeni.<\/p>\n<p><a href=\"https:\/\/iwell-guard.com\/sl\/moroi\/\">Moroi<\/a> v mnogih regijah velja za milej\u0161o, manj agresivno obliko vrnitve mrtvih, v drugih izro\u010dilih pa se izraz uporablja skoraj izmeni\u010dno s strigoi; enotne, vsedr\u017eavne sistematike v ustnem izro\u010dilu ni. Besedno polje izhaja iz latinskega striga\/strix, prvotno povezanega z no\u010dnimi sovami in \u010darovni\u0161kimi bitji, sorodnega z italijanskim strega in predstavno sfero \u010darovnice.<\/p>\n<p>Za obrambo so veljali \u010desen na vratih in oknih, \u017eelezni \u017eeblji v krsti, kol iz hrastovega ali tisovega lesa skozi srce, v trdovratnih primerih pa dekapitacija in ponovni pogreb z obrazom navzdol.<\/p>\t\t\t\t\t\t\t\t<\/div>\n\t\t\t\t<\/div>\n\t\t\t\t\t<\/div>\n\t\t\t\t<\/div>\n\t\t<div class=\"elementor-element elementor-element-iwgcn-sami-s2 e-flex e-con-boxed e-con e-parent\" data-id=\"iwgcn-sami-s2\" data-element_type=\"container\" data-e-type=\"container\">\n\t\t\t\t\t<div class=\"e-con-inner\">\n\t\t\t\t<div class=\"elementor-element elementor-element-iwgcn-sami-s2h elementor-widget elementor-widget-heading\" data-id=\"iwgcn-sami-s2h\" data-element_type=\"widget\" data-e-type=\"widget\" data-widget_type=\"heading.default\">\n\t\t\t\t\t<h2 class=\"elementor-heading-title elementor-size-default\">Iele: ple\u0161o\u010de zra\u010dne \u017eene<\/h2>\t\t\t\t<\/div>\n\t\t<div class=\"elementor-element elementor-element-iwgcn-sami-s2-c e-con-full e-flex e-con e-child\" data-id=\"iwgcn-sami-s2-c\" data-element_type=\"container\" data-e-type=\"container\">\n\t\t\t\t<div class=\"elementor-element elementor-element-iwgcn-sami-s2t elementor-widget elementor-widget-text-editor\" data-id=\"iwgcn-sami-s2t\" data-element_type=\"widget\" data-e-type=\"widget\" data-widget_type=\"text-editor.default\">\n\t\t\t\t\t\t\t\t\t<p><a href=\"https:\/\/iwell-guard.com\/sl\/iele\/\">Iele<\/a> veljajo za lepe, a nevarne zra\u010dne \u017eene, ki pono\u010di ple\u0161ejo na osamljenih krajih. Njihov praznik tradicionalno sovpada s S\u00e2nziene, romunskim praznikom kresne no\u010di okrog 24. junija, ki povezuje predkr\u0161\u010danske \u0161ege ob solsticiju s praznikom sv. Janeza. To no\u010d velja nebo za posebej prehodno za magijo.<\/p>\n<p>Kdor opazuje ples iele, po izro\u010dilu tvega ohromitev, izgubo govora, izgubo sluha ali norost; mo\u0161ki so veljali za posebej ogro\u017eene. Za\u0161\u010dito so nudili ognjeni obredi, kot je preskakovanje kresnih ognjev, ter izogibanje dolo\u010denim jasam in razpotjem v no\u010deh S\u00e2nziene.<\/p>\t\t\t\t\t\t\t\t<\/div>\n\t\t\t\t<\/div>\n\t\t\t\t\t<\/div>\n\t\t\t\t<\/div>\n\t\t<div class=\"elementor-element elementor-element-iwgcn-sami-s3 e-flex e-con-boxed e-con e-parent\" data-id=\"iwgcn-sami-s3\" data-element_type=\"container\" data-e-type=\"container\">\n\t\t\t\t\t<div class=\"e-con-inner\">\n\t\t\t\t<div class=\"elementor-element elementor-element-iwgcn-sami-s3h elementor-widget elementor-widget-heading\" data-id=\"iwgcn-sami-s3h\" data-element_type=\"widget\" data-e-type=\"widget\" data-widget_type=\"heading.default\">\n\t\t\t\t\t<h2 class=\"elementor-heading-title elementor-size-default\">Muma P\u0103durii, gozdna mati<\/h2>\t\t\t\t<\/div>\n\t\t<div class=\"elementor-element elementor-element-iwgcn-sami-s3-c e-con-full e-flex e-con e-child\" data-id=\"iwgcn-sami-s3-c\" data-element_type=\"container\" data-e-type=\"container\">\n\t\t\t\t<div class=\"elementor-element elementor-element-iwgcn-sami-s3t elementor-widget elementor-widget-text-editor\" data-id=\"iwgcn-sami-s3t\" data-element_type=\"widget\" data-e-type=\"widget\" data-widget_type=\"text-editor.default\">\n\t\t\t\t\t\t\t\t\t<p><a href=\"https:\/\/iwell-guard.com\/sl\/muma-padurii\/\">Muma P\u0103durii<\/a>, dobesedno gozdna mati, je stara, grda \u017eensk podoba, ki prebiva globoko v gozdu, v ko\u010di ali v duplini drevesa. Velja za dvoumno bitje: po eni strani varuje \u017eivali in rastline ter zdravi bolne dele gozda, po drugi pa preganja vsiljivce, tako da jih spravi v norost, in velja pri otrocih za stra\u0161ilo, ki nepokorne otroke privabi v gozd.<\/p>\n<p>V pripovedih, ki spominjajo na motiv Janka in Metke, otrok prelisi\u010di gozdno mater in jo potisne v njeno lastno pe\u010d. Muma P\u0103durii raziskovalci primerjajo z drugimi evropskimi podobami gozdne matere in stra\u0161ila za otroke, kot je Baba Jaga, brez da bi bila z njimi enaka.<\/p>\t\t\t\t\t\t\t\t<\/div>\n\t\t\t\t<\/div>\n\t\t\t\t\t<\/div>\n\t\t\t\t<\/div>\n\t\t<div class=\"elementor-element elementor-element-x-sami-s-faq e-flex e-con-boxed e-con e-parent\" data-id=\"x-sami-s-faq\" data-element_type=\"container\" data-e-type=\"container\">\n\t\t\t\t\t<div class=\"e-con-inner\">\n\t\t\t\t<div class=\"elementor-element elementor-element-x-sami-h-faq elementor-widget elementor-widget-heading\" data-id=\"x-sami-h-faq\" data-element_type=\"widget\" data-e-type=\"widget\" data-widget_type=\"heading.default\">\n\t\t\t\t\t<h2 class=\"elementor-heading-title elementor-size-default\">Pogosta vpra\u0161anja o romunski mitologiji<\/h2>\t\t\t\t<\/div>\n\t\t<div class=\"elementor-element elementor-element-iwgcn-sami-s3-c e-con-full e-flex e-con e-child\" data-id=\"iwgcn-sami-s3-c\" data-element_type=\"container\" data-e-type=\"container\">\n\t\t\t\t<div class=\"elementor-element elementor-element-x-sami-t-faq elementor-widget elementor-widget-text-editor\" data-id=\"x-sami-t-faq\" data-element_type=\"widget\" data-e-type=\"widget\" data-widget_type=\"text-editor.default\">\n\t\t\t\t\t\t\t\t\t<h3>Kak\u0161na je razlika med strigojem in morojem?<\/h3>\n<p>V romunskem ljudskem verovanju velja strigoj za pokojnika, ki se vrne iz groba, medtem ko je moroj v mnogih regijah opisan kot milej\u0161a, manj agresivna oblika vra\u010danja mrtvih. Enotna, vseromunska razmejitev v ustnem izro\u010dilu vendarle ne obstaja.<\/p>\n<h3>Kdo je Muma P\u0103durii?<\/h3>\n<p>Muma P\u0103durii, gozdna mati, je ambivalentna postava romunske folklore: varuje gozd in \u017eivali, otrokom pa hkrati velja za stra\u0161ilo, ki neubogljive vabi v gozd.<\/p>\n<h3>Ali je Drakula del romunskega ljudskega izro\u010dila?<\/h3>\n<p>Ne. Drakula je literarska figura, ki jo je leta 1897 ustvaril Bram Stoker in ki je prevzela le ime zgodovinskega Vlada III. Ljudsko verovanje v strigoje na Romunskem je precej starej\u0161e in se v bistvenih potezah razlikuje od zahodnega vampirskega kli\u0161eja.<\/p>\n<h3>Kaj so iele?<\/h3>\n<p>Iele so ple\u0161o\u010de zra\u010dne \u017eene romunske mitologije, katerih pojavljanje je tradicionalno povezano s praznovanjem poletnega solsticija S\u00e2nziene. Kdor po izro\u010dilu opazuje njihov no\u010dni ples, tvega ohromitev ali norost.<\/p>\n<script type=\"application\/ld+json\">{\"@context\": \"https:\/\/schema.org\", \"@type\": \"FAQPage\", \"mainEntity\": [{\"@type\": \"Question\", \"name\": \"Kak\u0161na je razlika med strigojem in morojem?\", \"acceptedAnswer\": {\"@type\": \"Answer\", \"text\": \"V romunskem ljudskem verovanju velja strigoj za pokojnika, ki se vrne iz groba, medtem ko je moroj v mnogih regijah opisan kot milej\u0161a, manj agresivna oblika vra\u010danja mrtvih. Enotna, vseromunska razmejitev v ustnem izro\u010dilu vendarle ne obstaja.\"}}, {\"@type\": \"Question\", \"name\": \"Kdo je Muma P\u0103durii?\", \"acceptedAnswer\": {\"@type\": \"Answer\", \"text\": \"Muma P\u0103durii, gozdna mati, je ambivalentna postava romunske folklore: varuje gozd in \u017eivali, otrokom pa hkrati velja za stra\u0161ilo, ki neubogljive vabi v gozd.\"}}, {\"@type\": \"Question\", \"name\": \"Ali je Drakula del romunskega ljudskega izro\u010dila?\", \"acceptedAnswer\": {\"@type\": \"Answer\", \"text\": \"Ne. Drakula je literarska figura, ki jo je leta 1897 ustvaril Bram Stoker in ki je prevzela le ime zgodovinskega Vlada III. Ljudsko verovanje v strigoje na Romunskem je precej starej\u0161e in se v bistvenih potezah razlikuje od zahodnega vampirskega kli\u0161eja.\"}}, {\"@type\": \"Question\", \"name\": \"Kaj so iele?\", \"acceptedAnswer\": {\"@type\": \"Answer\", \"text\": \"Iele so ple\u0161o\u010de zra\u010dne \u017eene romunske mitologije, katerih pojavljanje je tradicionalno povezano s praznovanjem poletnega solsticija S\u00e2nziene. Kdor po izro\u010dilu opazuje njihov no\u010dni ples, tvega ohromitev ali norost.\"}}]}<\/script>\t\t\t\t\t\t\t\t<\/div>\n\t\t\t\t<\/div>\n\t\t\t\t\t<\/div>\n\t\t\t\t<\/div>\n\t\t<div class=\"elementor-element elementor-element-iwgcn-sami-s4 e-flex e-con-boxed e-con e-parent\" data-id=\"iwgcn-sami-s4\" data-element_type=\"container\" data-e-type=\"container\">\n\t\t\t\t\t<div class=\"e-con-inner\">\n\t\t\t\t<div class=\"elementor-element elementor-element-iwgcn-sami-s4h elementor-widget elementor-widget-heading\" data-id=\"iwgcn-sami-s4h\" data-element_type=\"widget\" data-e-type=\"widget\" data-widget_type=\"heading.default\">\n\t\t\t\t\t<h2 class=\"elementor-heading-title elementor-size-default\">Pricolici in v\u00e2rcolac: romunsko verovanje v volkodlake<\/h2>\t\t\t\t<\/div>\n\t\t<div class=\"elementor-element elementor-element-iwgcn-sami-s4-c e-con-full e-flex e-con e-child\" data-id=\"iwgcn-sami-s4-c\" data-element_type=\"container\" data-e-type=\"container\">\n\t\t\t\t<div class=\"elementor-element elementor-element-iwgcn-sami-s4t elementor-widget elementor-widget-text-editor\" data-id=\"iwgcn-sami-s4t\" data-element_type=\"widget\" data-e-type=\"widget\" data-widget_type=\"text-editor.default\">\n\t\t\t\t\t\t\t\t\t<p><a href=\"https:\/\/iwell-guard.com\/sl\/pricolici\/\">Pricolici<\/a> velja za volkodlaka med nemrtvimi: \u010dloveka, pogosto nasilnega mo\u0161kega, ki se \u0161e v \u017eivljenju ali po smrti spremeni v volka ali psa. V nasprotju s strigojem pricolici vedno ohrani volku podobne poteze; soroden, vendar ne enak, je v\u00e2rcolac, ki mu v nekaterih regijah pripisujejo tudi \u0161kratovske poteze ali zmo\u017enost, da po\u017eira sonce in luno ter tako povzro\u010da mrke.<\/p>\n<p>Na pode\u017eelju Romunije nenavadno velike ali agresivne volkove \u0161e danes ob\u010dasno v ljudskem izro\u010dilu povezujejo s pricolicijem. Za\u0161\u010ditni obi\u010daji so podobni tistim proti strigoju: \u010desen, \u017eelezo in skrbno izvedeni pogrebni obredi.<\/p>\t\t\t\t\t\t\t\t<\/div>\n\t\t\t\t<\/div>\n\t\t\t\t\t<\/div>\n\t\t\t\t<\/div>\n\t\t<div class=\"elementor-element elementor-element-iwgcn-sami-s5 e-flex e-con-boxed e-con e-parent\" data-id=\"iwgcn-sami-s5\" data-element_type=\"container\" data-e-type=\"container\">\n\t\t\t\t\t<div class=\"e-con-inner\">\n\t\t\t\t<div class=\"elementor-element elementor-element-iwgcn-sami-s5h elementor-widget elementor-widget-heading\" data-id=\"iwgcn-sami-s5h\" data-element_type=\"widget\" data-e-type=\"widget\" data-widget_type=\"heading.default\">\n\t\t\t\t\t<h2 class=\"elementor-heading-title elementor-size-default\">Sf\u00e2ntul Andrei: koledar za\u0161\u010ditnih obi\u010dajev<\/h2>\t\t\t\t<\/div>\n\t\t<div class=\"elementor-element elementor-element-iwgcn-sami-s5-c e-con-full e-flex e-con e-child\" data-id=\"iwgcn-sami-s5-c\" data-element_type=\"container\" data-e-type=\"container\">\n\t\t\t\t<div class=\"elementor-element elementor-element-iwgcn-sami-s5t elementor-widget elementor-widget-text-editor\" data-id=\"iwgcn-sami-s5t\" data-element_type=\"widget\" data-e-type=\"widget\" data-widget_type=\"text-editor.default\">\n\t\t\t\t\t\t\t\t\t<p>No\u010d svetega Andreja (Sf\u00e2ntul Andrei) z 29. na 30. november velja v mnogih romunskih regijah za no\u010d, ko so strigoji in volkovi \u0161e posebej dejavni. Kmetje so zato obe\u0161ali \u010desen na vrata in okenske okvirje, doma\u010de \u017eivali ozna\u010devali s znaki \u010desna in se, kolikor je bilo mogo\u010de, izogibali osamljenim potem.<\/p>\n<p>Nadaljnji za\u0161\u010ditni ukrepi so zadevali sam pogreb: \u017eeblji iz \u017eeleza v krsti, prebadanje groba s trnovo vejo ali obte\u017eitev telesa naj bi prepre\u010dili, da bi pokojnik postal strigoj. Romunska pravoslavna cerkev je te obi\u010daje razli\u010dno tolerirala, uradno jih je obsojala, v va\u0161ki praksi pa so se ohranjali skozi generacije.<\/p>\t\t\t\t\t\t\t\t<\/div>\n\t\t\t\t<\/div>\n\t\t\t\t\t<\/div>\n\t\t\t\t<\/div>\n\t\t<div class=\"elementor-element elementor-element-iwgcn-sami-s6 e-flex e-con-boxed e-con e-parent\" data-id=\"iwgcn-sami-s6\" data-element_type=\"container\" data-e-type=\"container\">\n\t\t\t\t\t<div class=\"e-con-inner\">\n\t\t\t\t<div class=\"elementor-element elementor-element-iwgcn-sami-s6h elementor-widget elementor-widget-heading\" data-id=\"iwgcn-sami-s6h\" data-element_type=\"widget\" data-e-type=\"widget\" data-widget_type=\"heading.default\">\n\t\t\t\t\t<h2 class=\"elementor-heading-title elementor-size-default\">Od ljudskega verovanja do literarnega mita o Drakuli<\/h2>\t\t\t\t<\/div>\n\t\t<div class=\"elementor-element elementor-element-iwgcn-sami-s6-c e-con-full e-flex e-con e-child\" data-id=\"iwgcn-sami-s6-c\" data-element_type=\"container\" data-e-type=\"container\">\n\t\t\t\t<div class=\"elementor-element elementor-element-iwgcn-sami-s6t elementor-widget elementor-widget-text-editor\" data-id=\"iwgcn-sami-s6t\" data-element_type=\"widget\" data-e-type=\"widget\" data-widget_type=\"text-editor.default\">\n\t\t\t\t\t\t\t\t\t<p>Zgodovinski Vlad III. (Vlad \u021aepe\u0219, Suli\u010d), vala\u0161ki vojvoda 15. stoletja, prvotno ni bil povezan z verovanjem v strigoje. Njegov vzdevek Dracul se nana\u0161a na pripadnost njegovega o\u010deta Dragonovemu redu, ne na hudi\u010da ali vampirja. Bram Stoker je leta 1897 zgolj prevzel ime za svoj roman <em>Dracula<\/em>, pri \u010demer se je oprl predvsem na potopisna poro\u010dila, kot je delo Emily Gerard <em>The Land Beyond the Forest<\/em> iz leta 1888, ne pa na potovanje v Romunijo ali sistemati\u010dno poznavanje romunskega ljudskega izro\u010dila.<\/p>\n<p>Literarna vampirska figura se v bistvenih potezah razlikuje od ljudskega strigoja: strah pred kri\u017eem, pla\u0161\u010d in aristokratsko nastopanje so izmi\u0161ljotine zahodne popularne kulture 19. in 20. stoletja. Strigoj ustnega izro\u010dila je nasprotno praviloma va\u0161\u010dan, \u010digar vrnitev je razlo\u017eena s konkretnimi napakami pri pogrebu ali z \u017eivljenjskimi okoli\u0161\u010dinami. Z religiologovega vidika velja lo\u010devanje med ljudskim verovanjem v mrtve in literarnim mitom o Drakuli za potrebno, da lahko obe izro\u010dili ustrezno umestimo.<\/p>\t\t\t\t\t\t\t\t<\/div>\n\t\t\t\t<\/div>\n\t\t\t\t\t<\/div>\n\t\t\t\t<\/div>\n\t\t<div class=\"elementor-element elementor-element-cp2d9a92a3 e-flex e-con-boxed e-con e-parent\" data-id=\"cp2d9a92a3\" data-element_type=\"container\" data-e-type=\"container\">\n\t\t\t\t\t<div class=\"e-con-inner\">\n\t\t\t\t<div class=\"elementor-element elementor-element-cp2515827f elementor-widget elementor-widget-heading\" data-id=\"cp2515827f\" data-element_type=\"widget\" data-e-type=\"widget\" data-widget_type=\"heading.default\">\n\t\t\t\t\t<h2 class=\"elementor-heading-title elementor-size-default\">Regionalna raznolikost: Transilvanija, Moldavija in Vla\u0161ka<\/h2>\t\t\t\t<\/div>\n\t\t<div class=\"elementor-element elementor-element-cp25cbddf2 e-flex e-con-boxed e-con e-child\" data-id=\"cp25cbddf2\" data-element_type=\"container\" data-e-type=\"container\">\n\t\t\t\t\t<div class=\"e-con-inner\">\n\t\t\t\t<div class=\"elementor-element elementor-element-cp240cdc6c elementor-widget elementor-widget-text-editor\" data-id=\"cp240cdc6c\" data-element_type=\"widget\" data-e-type=\"widget\" data-widget_type=\"text-editor.default\">\n\t\t\t\t\t\t\t\t\t<p>Romunija ni religijsko in ljudsko enotna pokrajina. Transilvanija (Ardeal), Moldavija in Vla\u0161ka so prehodile lastne zgodovinske razvoje, z razli\u010dnimi sosedstvi, oblikami oblasti in prebivalstvenimi me\u0161anicami. Ta raznolikost se odra\u017ea tudi v ljudskem verovanju.<\/p>\n<p>V Transilvaniji so Romuni skozi stoletja \u017eiveli ob mad\u017earsko govore\u010dih Sekeljcih in transilvanskih Sasih, naseljencih nem\u0161kega izvora. Izmenjava med temi skupinami je oblikovala lokalne motive pripovedk, brez da bi nastala enotna pripovedna tradicija. V Moldaviji in Vla\u0161ki so se prav tako razvile lastne oblike verovanja v strigoje in iele, ki so se lahko razlikovale od doline do doline.<\/p>\n<p>Zlasti v odro\u010dnih gorskih regijah, kot sta Maramure\u0161 ali gorovje Apuseni, so se starej\u0161i pogrebni in za\u0161\u010ditni obi\u010daji ohranili dlje kot v mestnih sredi\u0161\u010dih. Potniki in etnografi 19. stoletja so te kraje ve\u010dkrat opisovali kot zato\u010di\u0161\u010da arhai\u010dnih predstav, kar je treba z dana\u0161njega religiolo\u0161kega vidika brati previdno, saj taka ocena predpostavlja stopnjo modernizacijskega zamika, ki ni vedno dokazljiva.<\/p>\n<p>Splo\u0161ne trditve o romunski mitologiji zato zakrivajo regionalne razlike, ki ostajajo pomembne za natan\u010dnej\u0161e razumevanje.<\/p>\t\t\t\t\t\t\t\t<\/div>\n\t\t\t\t\t<\/div>\n\t\t\t\t<\/div>\n\t\t\t\t\t<\/div>\n\t\t\t\t<\/div>\n\t\t<div class=\"elementor-element elementor-element-cp2b1a3dae e-flex e-con-boxed e-con e-parent\" data-id=\"cp2b1a3dae\" data-element_type=\"container\" data-e-type=\"container\">\n\t\t\t\t\t<div class=\"e-con-inner\">\n\t\t\t\t<div class=\"elementor-element elementor-element-cp282c06ff elementor-widget elementor-widget-heading\" data-id=\"cp282c06ff\" data-element_type=\"widget\" data-e-type=\"widget\" data-widget_type=\"heading.default\">\n\t\t\t\t\t<h2 class=\"elementor-heading-title elementor-size-default\">Koledar duhov: Sf\u00e2ntul Andrei in Rusalii<\/h2>\t\t\t\t<\/div>\n\t\t<div class=\"elementor-element elementor-element-cp228b4522 e-flex e-con-boxed e-con e-child\" data-id=\"cp228b4522\" data-element_type=\"container\" data-e-type=\"container\">\n\t\t\t\t\t<div class=\"e-con-inner\">\n\t\t\t\t<div class=\"elementor-element elementor-element-cp261454c5 elementor-widget elementor-widget-text-editor\" data-id=\"cp261454c5\" data-element_type=\"widget\" data-e-type=\"widget\" data-widget_type=\"text-editor.default\">\n\t\t\t\t\t\t\t\t\t<p>Romunsko ljudsko verovanje razvr\u0161\u010da nevarne duhovne \u010dase v cerkveni letni koledar. No\u010d svetega Andreja, 29.\/30. novembra, v mnogih regijah velja za no\u010d, ko so strigoji in volkovi \u0161e posebej dejavni; kmetje so zato obesili \u010desen na vrata in okenske okvire ter s \u010desnovimi znamenji zaznamovali doma\u010de \u017eivali.<\/p>\n<p>Teden okrog Rusalij, pravoslavnega binko\u0161tnega praznika, se v izro\u010dilu tradicionalno povezuje z <a href=\"https:\/\/iwell-guard.com\/sl\/iele\/\">Iele<\/a>; v tem \u010dasu naj bi se izogibali nekaterim opravilom, kot je perilo na prostem, da ne bi razjezili zra\u010dnih \u017eensk. Tudi no\u010d S\u00e2nziene konec junija, romunski praznik kresne no\u010di, sodi med v letu veljajo\u010de \u010darobne <span class=\"iwg-fachbegriff\" data-tooltip=\"Dnevi ali no\u010di, ki jim ljudsko verovanje pripisuje posebne, pogosto nevarne mo\u010di.\" tabindex=\"0\">mejne \u010dase<\/span>.<\/p>\n<p>Ta koledar nevarnih no\u010di povezuje predkr\u0161\u010danske predstave o prehodih med letnimi \u010dasi s prazni\u010dno krogo pravoslavne cerkve, vzorec, ki ga v podobni obliki najdemo tudi v drugih delih jugovzhodne in srednje Evrope.<\/p>\t\t\t\t\t\t\t\t<\/div>\n\t\t\t\t\t<\/div>\n\t\t\t\t<\/div>\n\t\t\t\t\t<\/div>\n\t\t\t\t<\/div>\n\t\t<div class=\"elementor-element elementor-element-cp295547c2 e-flex e-con-boxed e-con e-parent\" data-id=\"cp295547c2\" data-element_type=\"container\" data-e-type=\"container\">\n\t\t\t\t\t<div class=\"e-con-inner\">\n\t\t\t\t<div class=\"elementor-element elementor-element-cp28944fb0 elementor-widget elementor-widget-heading\" data-id=\"cp28944fb0\" data-element_type=\"widget\" data-e-type=\"widget\" data-widget_type=\"heading.default\">\n\t\t\t\t\t<h2 class=\"elementor-heading-title elementor-size-default\">Viri: etnografske zbirke in terensko raziskovanje<\/h2>\t\t\t\t<\/div>\n\t\t<div class=\"elementor-element elementor-element-cp23d59da4 e-flex e-con-boxed e-con e-child\" data-id=\"cp23d59da4\" data-element_type=\"container\" data-e-type=\"container\">\n\t\t\t\t\t<div class=\"e-con-inner\">\n\t\t\t\t<div class=\"elementor-element elementor-element-cp2ce157b6 elementor-widget elementor-widget-text-editor\" data-id=\"cp2ce157b6\" data-element_type=\"widget\" data-e-type=\"widget\" data-widget_type=\"text-editor.default\">\n\t\t\t\t\t\t\t\t\t<p>Pisno izro\u010dilo o romunski ljudski religiji izvira predvsem iz etnografskih zbirk poznega 19. in zgodnjega 20. stoletja. Romunski folkloristi, kot so Simion Florea Marian, Tudor Pamfile in Elena Niculi\u021b\u0103-Voronca, so zapisovali pripovedi, obrede in \u0161ege v vaseh, pogosto v neposrednem sodelovanju z lokalnimi pripovedovalci.<\/p>\n<p>Zunaj Romunije zelo odmevna je \u0161tudija <em>The Vampire in Roumania<\/em> britanske etnografinje Agnes Murgoci, ki je leta 1926 na podlagi lastnih terenskih zapiskov in romunskih predhodnih del predstavila verovanje o strigojih angle\u0161ko govore\u010demu strokovnemu ob\u010dinstvu. V njej je \u017ee sistemati\u010dno razlo\u010devala med pogoji, pod katerimi je nekdo lahko postal strigoj \u017ee v \u017eivljenju ali \u0161ele po smrti.<\/p>\n<p>Sodobna romunska etnologija, na primer delo Iona Ghinoiuja in Iona Talo\u0219a, te starej\u0161e zbirke ume\u0161\u010da v \u0161ir\u0161i okvir jugovzhodnoevropskega kme\u010dkega koledarja in kulta mrtvih. Kot pri \u0161tevilnih ustnih <span class=\"iwg-fachbegriff\" data-tooltip=\"Prena\u0161anje znanja in pripovedi skozi generacije.\" tabindex=\"0\">izro\u010dilih<\/span> ostaja vira slika pomanjkljiva, regionalno neenotna in mo\u010dno zaznamovana s perspektivo posameznih zbiralcev.<\/p>\t\t\t\t\t\t\t\t<\/div>\n\t\t\t\t\t<\/div>\n\t\t\t\t<\/div>\n\t\t\t\t\t<\/div>\n\t\t\t\t<\/div>\n\t\t<div class=\"elementor-element elementor-element-cp2c009332 e-flex e-con-boxed e-con e-parent\" data-id=\"cp2c009332\" data-element_type=\"container\" data-e-type=\"container\">\n\t\t\t\t\t<div class=\"e-con-inner\">\n\t\t\t\t<div class=\"elementor-element elementor-element-cp225c94da elementor-widget elementor-widget-heading\" data-id=\"cp225c94da\" data-element_type=\"widget\" data-e-type=\"widget\" data-widget_type=\"heading.default\">\n\t\t\t\t\t<h2 class=\"elementor-heading-title elementor-size-default\">Dracula, Vlad \u021aepe\u0219 in lo\u010devanje mitov<\/h2>\t\t\t\t<\/div>\n\t\t<div class=\"elementor-element elementor-element-cp2c7191ab e-flex e-con-boxed e-con e-child\" data-id=\"cp2c7191ab\" data-element_type=\"container\" data-e-type=\"container\">\n\t\t\t\t\t<div class=\"e-con-inner\">\n\t\t\t\t<div class=\"elementor-element elementor-element-cp23f4061d elementor-widget elementor-widget-text-editor\" data-id=\"cp23f4061d\" data-element_type=\"widget\" data-e-type=\"widget\" data-widget_type=\"text-editor.default\">\n\t\t\t\t\t\t\t\t\t<p>Le malo likov je tako zaznamovalo mednarodno podobo Romunije kot Dracula, \u010deprav je romaneskna figura z dejanskim ljudskim izro\u010dilom povezana le ohlapno. Bram Stoker je svoj roman napisal leta 1897 v Londonu, ne da bi sam kdaj potoval v Romunijo. Kot vire je uporabil predvsem potopisne opise, na primer tiste Emily Gerard, ter starej\u0161o zahodno vampirsko literaturo 18. in 19. stoletja.<\/p>\n<p>Ime Dracula izhaja iz zgodovinskega vla\u0161kega vojvode Vlada III., imenovanega Vlad \u021aepe\u0219, Nabijalec, po njegovi zloglasni metodi usmrtitve. Njegov vzdevek Dracul se je nana\u0161al na to, da je bil njegov o\u010de \u010dlan Dragonskega redu (latinsko draco), vite\u0161kega reda za obrambo pred Osmani, ne pa na povezavo z vampirji ali hudi\u010dem.<\/p>\n<p>Romunski <a href=\"https:\/\/iwell-guard.com\/sl\/strigoi\/\">strigoi<\/a> iz ustnega izro\u010dila se v bistvenih to\u010dkah razlikuje od zahodnega vampirja popularne kulture: nima pla\u0161\u010da, sprva se ne izogiba nujno kri\u017eu ali cerkvi, njegova vrnitev pa je ve\u010dinoma pojasnjena s konkretnimi kr\u0161itvami pogrebnih \u0161eg, ne pa z nadnaravnim prekletstvom aristokratskega izvora.<\/p>\n<p>Z religiolo\u0161kega vidika velja za pomembno, da se literarni mit o Draculi obravnava kot samostojen pojav zahodnega <span class=\"iwg-fachbegriff\" data-tooltip=\"Prena\u0161anje znanja in pripovedi skozi generacije.\" tabindex=\"0\">izro\u010dila<\/span>, lo\u010den od dejanske romunske ljudske religije o strigojih in morojih. Obe tradiciji imata lastne vire, lastne funkcije in lastno zgodovino nastanka.<\/p>\t\t\t\t\t\t\t\t<\/div>\n\t\t\t\t\t<\/div>\n\t\t\t\t<\/div>\n\t\t\t\t\t<\/div>\n\t\t\t\t<\/div>\n\t\t<div class=\"elementor-element elementor-element-iwgha-sami-sec e-flex e-con-boxed e-con e-parent\" data-id=\"iwgha-sami-sec\" data-element_type=\"container\" data-e-type=\"container\">\n\t\t\t\t\t<div class=\"e-con-inner\">\n\t\t\t\t<div class=\"elementor-element elementor-element-iwgha-sami-h elementor-widget elementor-widget-heading\" data-id=\"iwgha-sami-h\" data-element_type=\"widget\" data-e-type=\"widget\" data-widget_type=\"heading.default\">\n\t\t\t\t\t<h2 class=\"elementor-heading-title elementor-size-default\">Bitja tega izro\u010dila (5)<\/h2>\t\t\t\t<\/div>\n\t\t<div class=\"elementor-element elementor-element-iwgha-sami-gc e-flex e-con-boxed e-con e-parent\" data-id=\"iwgha-sami-gc\" data-element_type=\"container\" data-e-type=\"container\">\n\t\t\t\t\t<div class=\"e-con-inner\">\n\t\t\t\t<div class=\"elementor-element elementor-element-iwgha-sami-grid elementor-widget elementor-widget-text-editor\" data-id=\"iwgha-sami-grid\" data-element_type=\"widget\" data-e-type=\"widget\" data-widget_type=\"text-editor.default\">\n\t\t\t\t\t\t\t\t\t<div class=\"iwg-wesen-grid\"><a class=\"iwg-wesen-card\" href=\"https:\/\/iwell-guard.com\/sl\/muma-padurii\/\" aria-label=\"Muma P\u0103durii\"><div class=\"iwg-wesen-card-imgwrap\"><img decoding=\"async\" src=\"https:\/\/iwell-guard.com\/wp-content\/uploads\/2026\/07\/geister_rumaenisch_muma-padurii-200x300.webp\" alt=\"Muma P\u0103durii\" loading=\"lazy\"><\/div><div class=\"iwg-wesen-card-body\"><div class=\"iwg-wesen-card-name\">Muma P\u0103durii<\/div><div class=\"iwg-wesen-card-arrow\">\u2192 K bitju<\/div><\/div><\/a><a class=\"iwg-wesen-card\" href=\"https:\/\/iwell-guard.com\/sl\/iele\/\" aria-label=\"Iele\"><div class=\"iwg-wesen-card-imgwrap\"><img decoding=\"async\" src=\"https:\/\/iwell-guard.com\/wp-content\/uploads\/2026\/07\/geister_rumaenisch_iele-200x300.webp\" alt=\"Iele\" loading=\"lazy\"><\/div><div class=\"iwg-wesen-card-body\"><div class=\"iwg-wesen-card-name\">Iele<\/div><div class=\"iwg-wesen-card-arrow\">\u2192 K bitju<\/div><\/div><\/a><a class=\"iwg-wesen-card\" href=\"https:\/\/iwell-guard.com\/sl\/strigoi\/\" aria-label=\"Strigoi\"><div class=\"iwg-wesen-card-imgwrap\"><img decoding=\"async\" src=\"https:\/\/iwell-guard.com\/wp-content\/uploads\/2026\/07\/daemonen_rumaenisch_strigoi-200x300.webp\" alt=\"Strigoi\" loading=\"lazy\"><\/div><div class=\"iwg-wesen-card-body\"><div class=\"iwg-wesen-card-name\">Strigoi<\/div><div class=\"iwg-wesen-card-arrow\">\u2192 K bitju<\/div><\/div><\/a><a class=\"iwg-wesen-card\" href=\"https:\/\/iwell-guard.com\/sl\/pricolici\/\" aria-label=\"Pricolici\"><div class=\"iwg-wesen-card-imgwrap\"><img decoding=\"async\" src=\"https:\/\/iwell-guard.com\/wp-content\/uploads\/2026\/07\/daemonen_rumaenisch_pricolici-200x300.webp\" alt=\"Pricolici\" loading=\"lazy\"><\/div><div class=\"iwg-wesen-card-body\"><div class=\"iwg-wesen-card-name\">Pricolici<\/div><div class=\"iwg-wesen-card-arrow\">\u2192 K bitju<\/div><\/div><\/a><a class=\"iwg-wesen-card\" href=\"https:\/\/iwell-guard.com\/sl\/moroi\/\" aria-label=\"Moroi\"><div class=\"iwg-wesen-card-imgwrap\"><img decoding=\"async\" src=\"https:\/\/iwell-guard.com\/wp-content\/uploads\/2026\/07\/daemonen_rumaenisch_moroi-200x300.webp\" alt=\"Moroi\" loading=\"lazy\"><\/div><div class=\"iwg-wesen-card-body\"><div class=\"iwg-wesen-card-name\">Moroi<\/div><div class=\"iwg-wesen-card-arrow\">\u2192 K bitju<\/div><\/div><\/a><\/div>\t\t\t\t\t\t\t\t<\/div>\n\t\t\t\t\t<\/div>\n\t\t\t\t<\/div>\n\t\t\t\t\t<\/div>\n\t\t\t\t<\/div>\n\t\t<div class=\"elementor-element elementor-element-iwgkw2-add-sami e-flex e-con-boxed e-con e-parent\" data-id=\"iwgkw2-add-sami\" data-element_type=\"container\" data-e-type=\"container\">\n\t\t\t\t\t<div class=\"e-con-inner\">\n\t\t\t\t<div class=\"elementor-element elementor-element-iwgkw2-add-sami-t elementor-widget elementor-widget-text-editor\" data-id=\"iwgkw2-add-sami-t\" data-element_type=\"widget\" data-e-type=\"widget\" data-widget_type=\"text-editor.default\">\n\t\t\t\t\t\t\t\t\t<p><em>Verovanje v strigoje<\/em> in \u0161ir\u0161e <em>romunsko ljudsko verovanje<\/em> o Iele, Muma P\u0103durii in Pricolici povezujejo kult prednikov, pogrebne \u0161ege in obredno za\u0161\u010dito v samostojno za\u0161\u010ditno prakso, ki naj bi dru\u017eine in vasi varovala pred nemrtvimi in naravnimi duhovi.<\/p>\t\t\t\t\t\t\t\t<\/div>\n\t\t\t\t\t<\/div>\n\t\t\t\t<\/div>\n\t\t<div class=\"elementor-element elementor-element-iwgcn-sami-kwd e-flex e-con-boxed e-con e-parent\" data-id=\"iwgcn-sami-kwd\" data-element_type=\"container\" data-e-type=\"container\">\n\t\t\t\t\t<div class=\"e-con-inner\">\n\t\t<div class=\"elementor-element elementor-element-iwgcn-sami-kwd-c e-con-full e-flex e-con e-child\" data-id=\"iwgcn-sami-kwd-c\" data-element_type=\"container\" data-e-type=\"container\">\n\t\t\t\t<div class=\"elementor-element elementor-element-iwgcn-sami-kwdt elementor-widget elementor-widget-text-editor\" data-id=\"iwgcn-sami-kwdt\" data-element_type=\"widget\" data-e-type=\"widget\" data-widget_type=\"text-editor.default\">\n\t\t\t\t\t\t\t\t\t<p><em>Sorodni klju\u010dni pojmi: Strigoi Moroi Iele Pricolici Muma Padurii S\u00e2nziene V\u00e2rcolac Transilvanija Karpati Vla\u0161ka.<\/em><\/p>\t\t\t\t\t\t\t\t<\/div>\n\t\t\t\t<\/div>\n\t\t\t\t\t<\/div>\n\t\t\t\t<\/div>\n\t\t<div class=\"elementor-element elementor-element-iwgcn-sami-cc e-flex e-con-boxed e-con e-parent\" data-id=\"iwgcn-sami-cc\" data-element_type=\"container\" data-e-type=\"container\" id=\"iwg-cc-sami\">\n\t\t\t\t\t<div class=\"e-con-inner\">\n\t\t<div class=\"elementor-element elementor-element-iwgcn-sami-ccinner e-flex e-con-boxed e-con e-parent\" data-id=\"iwgcn-sami-ccinner\" data-element_type=\"container\" data-e-type=\"container\" data-settings=\"{&quot;background_background&quot;:&quot;classic&quot;}\">\n\t\t\t\t\t<div class=\"e-con-inner\">\n\t\t\t\t<div class=\"elementor-element elementor-element-iwgcn-sami-cch elementor-widget elementor-widget-heading\" data-id=\"iwgcn-sami-cch\" data-element_type=\"widget\" data-e-type=\"widget\" data-widget_type=\"heading.default\">\n\t\t\t\t\t<h2 class=\"elementor-heading-title elementor-size-default\">Za\u0161\u010ditni predmeti v tej kulturni tradiciji<\/h2>\t\t\t\t<\/div>\n\t\t\t\t<div class=\"elementor-element elementor-element-iwgcn-sami-cct elementor-widget elementor-widget-text-editor\" data-id=\"iwgcn-sami-cct\" data-element_type=\"widget\" data-e-type=\"widget\" data-widget_type=\"text-editor.default\">\n\t\t\t\t\t\t\t\t\t<p>Romunsko izro\u010dilo poznaeni <a href=\"https:\/\/iwell-guard.com\/sl\/cesen-kot-zascita\/\">\u010desen<\/a> na vratih in okenskih okvirih, <a href=\"https:\/\/iwell-guard.com\/sl\/zelezo-in-mrzlo-zelezo\/\">\u017eelezne<\/a> \u017eeblje in no\u017ee v krsti, blagoslovljene trnove in glogove veje ter zvonjenje <a href=\"https:\/\/iwell-guard.com\/sl\/zvonovi-in-zvoncki-kot-hrupna-zascita\/\">cerkvenih zvonov<\/a> za obrambo pred strigoji in hudimi duhovi; prenosni osebni amuleti so v ljudskem izro\u010dilu redkeje izpri\u010dani kot za\u0161\u010dita hi\u0161e in groba. Kulturno primerjalni pregled ponuja <a href=\"https:\/\/iwell-guard.com\/sl\/kompas-zascite\/\">Kompas za\u0161\u010dite<\/a>.<\/p>\n<div data-nosnippet=\"true\"><p>iWell Guard se ume\u0161\u010da v to kulturnozgodovinsko linijo prenosnih za\u0161\u010ditnih predmetov, v sodobni materialni arhitekturi, izdelan v Nem\u010diji. 41 plasti, pravo zlato, platina, srebro. 30-dnevna pravica do vra\u010dila.<\/p><\/div>\t\t\t\t\t\t\t\t<\/div>\n\t\t\t\t<div class=\"elementor-element elementor-element-iwgcn-sami-ccb iwg-cc-button iwg-cc-cta-2026-05-13 elementor-widget elementor-widget-jet-button\" data-id=\"iwgcn-sami-ccb\" data-element_type=\"widget\" data-e-type=\"widget\" data-widget_type=\"jet-button.default\">\n\t\t\t\t<div class=\"elementor-widget-container\">\n\t\t\t\t\t<div class=\"elementor-jet-button jet-elements\"><div class=\"jet-button__container\"><a class=\"jet-button__instance jet-button__instance--icon-left hover-effect-1\" href=\"\/ueber-iwell-guard\/?utm_source=iwell-guard.com&amp;utm_medium=info-box&amp;utm_campaign=kultur-tradition\"><div class=\"jet-button__plane jet-button__plane-normal\"><\/div><div class=\"jet-button__plane jet-button__plane-hover\"><\/div><div class=\"jet-button__state jet-button__state-normal\"><span class=\"jet-button__label\">Ve\u010d o iWell Guard<\/span><\/div><div class=\"jet-button__state jet-button__state-hover\"><span class=\"jet-button__label\">Ve\u010d o iWell Guard<\/span><\/div><\/a><\/div><\/div><style>.elementor-element.elementor-element-iwgcn-sami-ccb .jet-button__instance{width:320px;height:56px;}.elementor-element.elementor-element-iwgcn-sami-ccb .jet-button__state-normal .jet-button__label{text-align:center;margin:0px 0px 0px 0px;color:#1a1b20;font-family:Montserrat,sans-serif;font-size:13px;font-weight:400;letter-spacing:4px;line-height:1.714em;text-transform:uppercase;}.elementor-element.elementor-element-iwgcn-sami-ccb .jet-button__state-hover .jet-button__label{text-align:center;margin:0px 0px 0px 0px;color:#FECC76;font-family:Montserrat,sans-serif;font-size:13px;font-weight:400;letter-spacing:4px;line-height:1.714em;text-transform:uppercase;}.elementor-element.elementor-element-iwgcn-sami-ccb .jet-button__plane-normal{background-color:#FECC76;border-style:solid;border-color:#C99540;border-width:2px 2px 2px 2px;}.elementor-element.elementor-element-iwgcn-sami-ccb .jet-button__plane-hover{background-color:rgba(0,0,0,0.55);border-style:solid;border-color:#FECC76;border-width:2px 2px 2px 2px;}<\/style>\t\t\t\t<\/div>\n\t\t\t\t<\/div>\n\t\t\t\t<div class=\"elementor-element elementor-element-iwgcn-sami-ccd elementor-widget elementor-widget-text-editor\" data-id=\"iwgcn-sami-ccd\" data-element_type=\"widget\" data-e-type=\"widget\" data-widget_type=\"text-editor.default\">\n\t\t\t\t\t\t\t\t\t<div data-nosnippet=\"true\"><p style=\"text-align:center;font-size:13px;opacity:0.7;margin-top:14px\" data-nosnippet=\"true\">Osebne izku\u0161nje se lahko razlikujejo. Ni medicinski pripomo\u010dek. Brez obljube o ozdravitvi.<\/p><\/div>\t\t\t\t\t\t\t\t<\/div>\n\t\t\t\t\t<\/div>\n\t\t\t\t<\/div>\n\t\t\t\t\t<\/div>\n\t\t\t\t<\/div>\n\t\t<div class=\"elementor-element elementor-element-iwgcn-sami-disc e-flex e-con-boxed e-con e-parent\" data-id=\"iwgcn-sami-disc\" data-element_type=\"container\" data-e-type=\"container\">\n\t\t\t\t\t<div class=\"e-con-inner\">\n\t\t\t\t<div class=\"elementor-element elementor-element-iwgcn-sami-discw elementor-widget elementor-widget-html\" data-id=\"iwgcn-sami-discw\" data-element_type=\"widget\" data-e-type=\"widget\" data-widget_type=\"html.default\">\n\t\t\t\t\t<footer data-nosnippet=\"true\" class=\"iwg-disclaimer-block\"><p data-nosnippet=\"true\">iWell Guard <strong>ni medicinski pripomo\u010dek<\/strong> in ne nadome\u0161\u010da zdravni\u0161ke ali psihoterapevtske obravnave. Religiologske vsebine so kulturnozgodovinska umestitev, ne priporo\u010dilo za duhovno prakso.<\/p><\/footer>\t\t\t\t<\/div>\n\t\t\t\t\t<\/div>\n\t\t\t\t<\/div>\n\t\t\t\t<\/div>\n\t\t","protected":false},"excerpt":{"rendered":"","protected":false},"author":3,"featured_media":20175,"parent":0,"menu_order":0,"comment_status":"closed","ping_status":"closed","template":"elementor_header_footer","meta":{"_yoast_wpseo_focuskw":"romunska mitologija","_yoast_wpseo_title":"Romunska mitologija: strigoi, iele in moroi","_yoast_wpseo_metadesc":"Strigoi, moroi, iele in pricolici: romunsko ljudsko izro\u010dilo, religiologijsko razlo\u017eeno, z razmejitvijo od literarnega mita o Drakuli.","_yoast_wpseo_meta-robots-noindex":"","_yoast_wpseo_canonical":"","_angie_page":false,"gefaehrdungsstufe":"","wesen_kultur":"","wesen_klasse":"","footnotes":""},"categories":[],"class_list":["post-161603","page","type-page","status-publish","has-post-thumbnail","hentry"],"yoast_head":"<!-- This site is optimized with the Yoast SEO Premium plugin v27.7 (Yoast SEO v28.3) - https:\/\/yoast.com\/product\/yoast-seo-premium-wordpress\/ -->\n<title>Romunska mitologija: strigoi, iele in moroi<\/title>\n<meta name=\"description\" content=\"Strigoi, moroi, iele in pricolici: romunsko ljudsko izro\u010dilo, religiologijsko razlo\u017eeno, z razmejitvijo od literarnega mita o Drakuli.\" \/>\n<meta name=\"robots\" content=\"index, follow, max-snippet:-1, max-image-preview:large, max-video-preview:-1\" \/>\n<link rel=\"canonical\" href=\"https:\/\/iwell-guard.com\/sl\/romunska-mitologija\/\" \/>\n<meta property=\"og:locale\" content=\"sl_SI\" \/>\n<meta property=\"og:type\" content=\"article\" \/>\n<meta property=\"og:title\" content=\"Romunska mitologija\" \/>\n<meta property=\"og:description\" content=\"Strigoi, moroi, iele in pricolici: romunsko ljudsko izro\u010dilo, religiologijsko razlo\u017eeno, z razmejitvijo od literarnega mita o Drakuli.\" \/>\n<meta property=\"og:url\" content=\"https:\/\/iwell-guard.com\/sl\/romunska-mitologija\/\" \/>\n<meta property=\"og:site_name\" content=\"iWell Guard\" \/>\n<meta property=\"article:modified_time\" content=\"2026-09-05T01:08:48+00:00\" \/>\n<meta property=\"og:image\" content=\"https:\/\/iwell-guard.com\/wp-content\/uploads\/2026\/07\/daemonen_rumaenisch_strigoi.webp\" \/>\n\t<meta property=\"og:image:width\" content=\"1024\" \/>\n\t<meta property=\"og:image:height\" content=\"1536\" \/>\n\t<meta property=\"og:image:type\" content=\"image\/webp\" \/>\n<meta name=\"twitter:card\" content=\"summary_large_image\" \/>\n<script type=\"application\/ld+json\" class=\"yoast-schema-graph\">{\"@context\":\"https:\\\/\\\/schema.org\",\"@graph\":[{\"@type\":\"WebPage\",\"@id\":\"https:\\\/\\\/iwell-guard.com\\\/sl\\\/romunska-mitologija\\\/\",\"url\":\"https:\\\/\\\/iwell-guard.com\\\/sl\\\/romunska-mitologija\\\/\",\"name\":\"Romunska mitologija: strigoi, iele in moroi\",\"isPartOf\":{\"@id\":\"https:\\\/\\\/iwell-guard.com\\\/sl\\\/#website\"},\"primaryImageOfPage\":{\"@id\":\"https:\\\/\\\/iwell-guard.com\\\/sl\\\/romunska-mitologija\\\/#primaryimage\"},\"image\":{\"@id\":\"https:\\\/\\\/iwell-guard.com\\\/sl\\\/romunska-mitologija\\\/#primaryimage\"},\"thumbnailUrl\":\"https:\\\/\\\/iwell-guard.com\\\/wp-content\\\/uploads\\\/2026\\\/07\\\/daemonen_rumaenisch_strigoi.webp\",\"datePublished\":\"2026-09-05T00:33:51+00:00\",\"dateModified\":\"2026-09-05T01:08:48+00:00\",\"description\":\"Strigoi, moroi, iele in pricolici: romunsko ljudsko izro\u010dilo, religiologijsko razlo\u017eeno, z razmejitvijo od literarnega mita o Drakuli.\",\"breadcrumb\":{\"@id\":\"https:\\\/\\\/iwell-guard.com\\\/sl\\\/romunska-mitologija\\\/#breadcrumb\"},\"inLanguage\":\"sl-SI\",\"potentialAction\":[{\"@type\":\"ReadAction\",\"target\":[\"https:\\\/\\\/iwell-guard.com\\\/sl\\\/romunska-mitologija\\\/\"]}]},{\"@type\":\"ImageObject\",\"inLanguage\":\"sl-SI\",\"@id\":\"https:\\\/\\\/iwell-guard.com\\\/sl\\\/romunska-mitologija\\\/#primaryimage\",\"url\":\"https:\\\/\\\/iwell-guard.com\\\/wp-content\\\/uploads\\\/2026\\\/07\\\/daemonen_rumaenisch_strigoi.webp\",\"contentUrl\":\"https:\\\/\\\/iwell-guard.com\\\/wp-content\\\/uploads\\\/2026\\\/07\\\/daemonen_rumaenisch_strigoi.webp\",\"width\":1024,\"height\":1536,\"caption\":\"Strigoi, demon romunskega izro\u010dila\"},{\"@type\":\"BreadcrumbList\",\"@id\":\"https:\\\/\\\/iwell-guard.com\\\/sl\\\/romunska-mitologija\\\/#breadcrumb\",\"itemListElement\":[{\"@type\":\"ListItem\",\"position\":1,\"name\":\"Start\",\"item\":\"https:\\\/\\\/iwell-guard.com\\\/sl\\\/?page_id=160323\"},{\"@type\":\"ListItem\",\"position\":2,\"name\":\"Romunska mitologija\"}]},{\"@type\":\"WebSite\",\"@id\":\"https:\\\/\\\/iwell-guard.com\\\/sl\\\/#website\",\"url\":\"https:\\\/\\\/iwell-guard.com\\\/sl\\\/\",\"name\":\"iWell Guard\",\"description\":\"Schutz vor dunklen Einfl\u00fcssen\",\"publisher\":{\"@id\":\"https:\\\/\\\/iwell-guard.com\\\/sl\\\/#organization\"},\"potentialAction\":[{\"@type\":\"SearchAction\",\"target\":{\"@type\":\"EntryPoint\",\"urlTemplate\":\"https:\\\/\\\/iwell-guard.com\\\/sl\\\/?s={search_term_string}\"},\"query-input\":{\"@type\":\"PropertyValueSpecification\",\"valueRequired\":true,\"valueName\":\"search_term_string\"}}],\"inLanguage\":\"sl-SI\"},{\"@type\":\"Organization\",\"@id\":\"https:\\\/\\\/iwell-guard.com\\\/sl\\\/#organization\",\"name\":\"Ittermann electronic GmbH\",\"url\":\"https:\\\/\\\/iwell-guard.com\\\/sl\\\/\",\"logo\":{\"@type\":\"ImageObject\",\"inLanguage\":\"sl-SI\",\"@id\":\"https:\\\/\\\/iwell-guard.com\\\/sl\\\/#\\\/schema\\\/logo\\\/image\\\/\",\"url\":\"https:\\\/\\\/iwell-guard.com\\\/wp-content\\\/uploads\\\/2026\\\/05\\\/Ittermann-Logo-1182x237-1.png\",\"contentUrl\":\"https:\\\/\\\/iwell-guard.com\\\/wp-content\\\/uploads\\\/2026\\\/05\\\/Ittermann-Logo-1182x237-1.png\",\"width\":1182,\"height\":237,\"caption\":\"Ittermann electronic GmbH\"},\"image\":{\"@id\":\"https:\\\/\\\/iwell-guard.com\\\/sl\\\/#\\\/schema\\\/logo\\\/image\\\/\"},\"sameAs\":[\"https:\\\/\\\/pantip.com\\\/profile\\\/9367242\",\"https:\\\/\\\/micro.blog\\\/iwellguard\",\"https:\\\/\\\/www.diggerslist.com\\\/iwellguard\\\/about\",\"https:\\\/\\\/skitterphoto.com\\\/photographers\\\/2870314\\\/iwell-guard\",\"https:\\\/\\\/iwellguard.wordpress.com\\\/2026\\\/06\\\/06\\\/iwell-guard\\\/\",\"https:\\\/\\\/hub.docker.com\\\/u\\\/iwellguard\",\"https:\\\/\\\/www.pinterest.com\\\/iwellguard\\\/\",\"https:\\\/\\\/bit.ly\\\/m\\\/iwellguard\",\"https:\\\/\\\/entre-vos-mains.alsace.eu\\\/profiles\\\/iwellguard\\\/activity\",\"https:\\\/\\\/gravatar.com\\\/reallybeded8fd34\",\"https:\\\/\\\/naijamatta.com\\\/iwellguard\",\"https:\\\/\\\/www.goodreads.com\\\/iwellguard\",\"https:\\\/\\\/profile.hatena.ne.jp\\\/iwellguard\\\/\",\"https:\\\/\\\/experiment.com\\\/users\\\/iwellguard\",\"https:\\\/\\\/wakelet.com\\\/@iWellGuard82270\",\"https:\\\/\\\/www.chordie.com\\\/forum\\\/profile.php?id=2555664\",\"https:\\\/\\\/www.instapaper.com\\\/p\\\/17757966\",\"https:\\\/\\\/www.mapleprimes.com\\\/users\\\/iwellguard\",\"https:\\\/\\\/businesslistingplus.com\\\/profile\\\/iwell-guard\\\/\",\"https:\\\/\\\/telegra.ph\\\/iWell-Guard-06-06\",\"https:\\\/\\\/pbase.com\\\/iwellguard\\\/iwellguard\",\"https:\\\/\\\/b.hatena.ne.jp\\\/iwellguard\\\/20260607#bookmark-4788405196491818882\",\"https:\\\/\\\/fliphtml5.com\\\/home\\\/iwellguard\",\"https:\\\/\\\/anyflip.com\\\/homepage\\\/cmiwl#About\",\"https:\\\/\\\/transfur.com\\\/Users\\\/iwellguard\",\"http:\\\/\\\/delphi.larsbo.org\\\/user\\\/iwellguard\",\"https:\\\/\\\/jobs.lajobsportal.org\\\/profiles\\\/8380803-iwell-guard\",\"https:\\\/\\\/md.chaosdorf.de\\\/s\\\/jfbe5SBdJD\",\"https:\\\/\\\/www.lingvolive.com\\\/en-us\\\/profile\\\/9ecaeaca-ce11-4e51-9e71-01d55e2bff36\\\/translations\",\"https:\\\/\\\/www.fitday.com\\\/fitness\\\/forums\\\/members\\\/iwellguard.html\",\"https:\\\/\\\/www.mymeetbook.com\\\/iwellguard\",\"https:\\\/\\\/pxhere.com\\\/en\\\/photographer-me\\\/5040798\",\"https:\\\/\\\/disqus.com\\\/by\\\/iwellguard\\\/about\\\/\",\"https:\\\/\\\/pastelink.net\\\/hjwciqwq\",\"https:\\\/\\\/pubhtml5.com\\\/homepage\\\/scjhn\\\/\",\"https:\\\/\\\/www.bitchute.com\\\/channel\\\/2O2eOKzNqujT\",\"https:\\\/\\\/audiomack.com\\\/iwellguard\"]}]}<\/script>\n<!-- \/ Yoast SEO Premium plugin. -->","yoast_head_json":{"title":"Romunska mitologija: strigoi, iele in moroi","description":"Strigoi, moroi, iele in pricolici: romunsko ljudsko izro\u010dilo, religiologijsko razlo\u017eeno, z razmejitvijo od literarnega mita o Drakuli.","robots":{"index":"index","follow":"follow","max-snippet":"max-snippet:-1","max-image-preview":"max-image-preview:large","max-video-preview":"max-video-preview:-1"},"canonical":"https:\/\/iwell-guard.com\/sl\/romunska-mitologija\/","og_locale":"sl_SI","og_type":"article","og_title":"Romunska mitologija","og_description":"Strigoi, moroi, iele in pricolici: romunsko ljudsko izro\u010dilo, religiologijsko razlo\u017eeno, z razmejitvijo od literarnega mita o Drakuli.","og_url":"https:\/\/iwell-guard.com\/sl\/romunska-mitologija\/","og_site_name":"iWell Guard","article_modified_time":"2026-09-05T01:08:48+00:00","og_image":[{"width":1024,"height":1536,"url":"https:\/\/iwell-guard.com\/wp-content\/uploads\/2026\/07\/daemonen_rumaenisch_strigoi.webp","type":"image\/webp"}],"twitter_card":"summary_large_image","schema":{"@context":"https:\/\/schema.org","@graph":[{"@type":"WebPage","@id":"https:\/\/iwell-guard.com\/sl\/romunska-mitologija\/","url":"https:\/\/iwell-guard.com\/sl\/romunska-mitologija\/","name":"Romunska mitologija: strigoi, iele in moroi","isPartOf":{"@id":"https:\/\/iwell-guard.com\/sl\/#website"},"primaryImageOfPage":{"@id":"https:\/\/iwell-guard.com\/sl\/romunska-mitologija\/#primaryimage"},"image":{"@id":"https:\/\/iwell-guard.com\/sl\/romunska-mitologija\/#primaryimage"},"thumbnailUrl":"https:\/\/iwell-guard.com\/wp-content\/uploads\/2026\/07\/daemonen_rumaenisch_strigoi.webp","datePublished":"2026-09-05T00:33:51+00:00","dateModified":"2026-09-05T01:08:48+00:00","description":"Strigoi, moroi, iele in pricolici: romunsko ljudsko izro\u010dilo, religiologijsko razlo\u017eeno, z razmejitvijo od literarnega mita o Drakuli.","breadcrumb":{"@id":"https:\/\/iwell-guard.com\/sl\/romunska-mitologija\/#breadcrumb"},"inLanguage":"sl-SI","potentialAction":[{"@type":"ReadAction","target":["https:\/\/iwell-guard.com\/sl\/romunska-mitologija\/"]}]},{"@type":"ImageObject","inLanguage":"sl-SI","@id":"https:\/\/iwell-guard.com\/sl\/romunska-mitologija\/#primaryimage","url":"https:\/\/iwell-guard.com\/wp-content\/uploads\/2026\/07\/daemonen_rumaenisch_strigoi.webp","contentUrl":"https:\/\/iwell-guard.com\/wp-content\/uploads\/2026\/07\/daemonen_rumaenisch_strigoi.webp","width":1024,"height":1536,"caption":"Strigoi, demon romunskega izro\u010dila"},{"@type":"BreadcrumbList","@id":"https:\/\/iwell-guard.com\/sl\/romunska-mitologija\/#breadcrumb","itemListElement":[{"@type":"ListItem","position":1,"name":"Start","item":"https:\/\/iwell-guard.com\/sl\/?page_id=160323"},{"@type":"ListItem","position":2,"name":"Romunska mitologija"}]},{"@type":"WebSite","@id":"https:\/\/iwell-guard.com\/sl\/#website","url":"https:\/\/iwell-guard.com\/sl\/","name":"iWell Guard","description":"Schutz vor dunklen Einfl\u00fcssen","publisher":{"@id":"https:\/\/iwell-guard.com\/sl\/#organization"},"potentialAction":[{"@type":"SearchAction","target":{"@type":"EntryPoint","urlTemplate":"https:\/\/iwell-guard.com\/sl\/?s={search_term_string}"},"query-input":{"@type":"PropertyValueSpecification","valueRequired":true,"valueName":"search_term_string"}}],"inLanguage":"sl-SI"},{"@type":"Organization","@id":"https:\/\/iwell-guard.com\/sl\/#organization","name":"Ittermann electronic GmbH","url":"https:\/\/iwell-guard.com\/sl\/","logo":{"@type":"ImageObject","inLanguage":"sl-SI","@id":"https:\/\/iwell-guard.com\/sl\/#\/schema\/logo\/image\/","url":"https:\/\/iwell-guard.com\/wp-content\/uploads\/2026\/05\/Ittermann-Logo-1182x237-1.png","contentUrl":"https:\/\/iwell-guard.com\/wp-content\/uploads\/2026\/05\/Ittermann-Logo-1182x237-1.png","width":1182,"height":237,"caption":"Ittermann electronic GmbH"},"image":{"@id":"https:\/\/iwell-guard.com\/sl\/#\/schema\/logo\/image\/"},"sameAs":["https:\/\/pantip.com\/profile\/9367242","https:\/\/micro.blog\/iwellguard","https:\/\/www.diggerslist.com\/iwellguard\/about","https:\/\/skitterphoto.com\/photographers\/2870314\/iwell-guard","https:\/\/iwellguard.wordpress.com\/2026\/06\/06\/iwell-guard\/","https:\/\/hub.docker.com\/u\/iwellguard","https:\/\/www.pinterest.com\/iwellguard\/","https:\/\/bit.ly\/m\/iwellguard","https:\/\/entre-vos-mains.alsace.eu\/profiles\/iwellguard\/activity","https:\/\/gravatar.com\/reallybeded8fd34","https:\/\/naijamatta.com\/iwellguard","https:\/\/www.goodreads.com\/iwellguard","https:\/\/profile.hatena.ne.jp\/iwellguard\/","https:\/\/experiment.com\/users\/iwellguard","https:\/\/wakelet.com\/@iWellGuard82270","https:\/\/www.chordie.com\/forum\/profile.php?id=2555664","https:\/\/www.instapaper.com\/p\/17757966","https:\/\/www.mapleprimes.com\/users\/iwellguard","https:\/\/businesslistingplus.com\/profile\/iwell-guard\/","https:\/\/telegra.ph\/iWell-Guard-06-06","https:\/\/pbase.com\/iwellguard\/iwellguard","https:\/\/b.hatena.ne.jp\/iwellguard\/20260607#bookmark-4788405196491818882","https:\/\/fliphtml5.com\/home\/iwellguard","https:\/\/anyflip.com\/homepage\/cmiwl#About","https:\/\/transfur.com\/Users\/iwellguard","http:\/\/delphi.larsbo.org\/user\/iwellguard","https:\/\/jobs.lajobsportal.org\/profiles\/8380803-iwell-guard","https:\/\/md.chaosdorf.de\/s\/jfbe5SBdJD","https:\/\/www.lingvolive.com\/en-us\/profile\/9ecaeaca-ce11-4e51-9e71-01d55e2bff36\/translations","https:\/\/www.fitday.com\/fitness\/forums\/members\/iwellguard.html","https:\/\/www.mymeetbook.com\/iwellguard","https:\/\/pxhere.com\/en\/photographer-me\/5040798","https:\/\/disqus.com\/by\/iwellguard\/about\/","https:\/\/pastelink.net\/hjwciqwq","https:\/\/pubhtml5.com\/homepage\/scjhn\/","https:\/\/www.bitchute.com\/channel\/2O2eOKzNqujT","https:\/\/audiomack.com\/iwellguard"]}]}},"_links":{"self":[{"href":"https:\/\/iwell-guard.com\/sl\/wp-json\/wp\/v2\/pages\/161603","targetHints":{"allow":["GET"]}}],"collection":[{"href":"https:\/\/iwell-guard.com\/sl\/wp-json\/wp\/v2\/pages"}],"about":[{"href":"https:\/\/iwell-guard.com\/sl\/wp-json\/wp\/v2\/types\/page"}],"author":[{"embeddable":true,"href":"https:\/\/iwell-guard.com\/sl\/wp-json\/wp\/v2\/users\/3"}],"replies":[{"embeddable":true,"href":"https:\/\/iwell-guard.com\/sl\/wp-json\/wp\/v2\/comments?post=161603"}],"version-history":[{"count":0,"href":"https:\/\/iwell-guard.com\/sl\/wp-json\/wp\/v2\/pages\/161603\/revisions"}],"wp:featuredmedia":[{"embeddable":true,"href":"https:\/\/iwell-guard.com\/sl\/wp-json\/wp\/v2\/media\/20175"}],"wp:attachment":[{"href":"https:\/\/iwell-guard.com\/sl\/wp-json\/wp\/v2\/media?parent=161603"}],"wp:term":[{"taxonomy":"category","embeddable":true,"href":"https:\/\/iwell-guard.com\/sl\/wp-json\/wp\/v2\/categories?post=161603"}],"curies":[{"name":"wp","href":"https:\/\/api.w.org\/{rel}","templated":true}]}}