{"id":161600,"date":"2026-09-05T00:33:50","date_gmt":"2026-09-05T00:33:50","guid":{"rendered":"https:\/\/iwell-guard.com\/?page_id=161600"},"modified":"2026-09-05T01:08:42","modified_gmt":"2026-09-05T01:08:42","slug":"baltska-mitologija","status":"publish","type":"page","link":"https:\/\/iwell-guard.com\/sl\/baltska-mitologija\/","title":{"rendered":"Baltska mitologija"},"content":{"rendered":"\t\t<div data-elementor-type=\"wp-page\" data-elementor-id=\"161600\" class=\"elementor elementor-161600 elementor-20568 elementor-bc-flex-widget\" data-elementor-post-type=\"page\">\n\t\t\t\t<div class=\"elementor-element elementor-element-iwgcn-sami-hero iwg-kultur-hero e-flex e-con-boxed e-con e-parent\" data-id=\"iwgcn-sami-hero\" data-element_type=\"container\" data-e-type=\"container\">\n\t\t\t\t\t<div class=\"e-con-inner\">\n\t\t<div class=\"elementor-element elementor-element-iwgcn-sami-hl iwg-kultur-hero-left e-flex e-con-boxed e-con e-child\" data-id=\"iwgcn-sami-hl\" data-element_type=\"container\" data-e-type=\"container\">\n\t\t\t\t\t<div class=\"e-con-inner\">\n\t\t\t\t<div class=\"elementor-element elementor-element-iwgcn-sami-h1 elementor-widget elementor-widget-heading\" data-id=\"iwgcn-sami-h1\" data-element_type=\"widget\" data-e-type=\"widget\" data-widget_type=\"heading.default\">\n\t\t\t\t\t<h1 class=\"elementor-heading-title elementor-size-default\">Baltski bogovi, Perk\u016bnas in mitologija Litve in Latvije<\/h1>\t\t\t\t<\/div>\n\t\t<div class=\"elementor-element elementor-element-iwgcn-sami-leadc e-con-full e-flex e-con e-child\" data-id=\"iwgcn-sami-leadc\" data-element_type=\"container\" data-e-type=\"container\">\n\t\t\t\t<div class=\"elementor-element elementor-element-iwgcn-sami-lead elementor-widget elementor-widget-text-editor\" data-id=\"iwgcn-sami-lead\" data-element_type=\"widget\" data-e-type=\"widget\" data-widget_type=\"text-editor.default\">\n\t\t\t\t\t\t\t\t\t<p>Balti, Litovci in Latvijci, razseljeni po dana\u0161njih dr\u017eavah Litvi in Latviji, so s pokristjanjenjem, ki je bilo dokon\u010dano \u0161ele leta 1387, na obmo\u010dju \u017demaitije pa celo \u0161ele leta 1413, ohranili najdlje predkr\u0161\u010dansko religijo Evrope. Ljudske pesmi, znane kot daine, kult hi\u0161nega ognja okoli boginje Gabije in \u010da\u0161\u010denje hi\u0161ne ka\u010de \u017daltys tvorijo samostojno, indoevropsko posebej arhai\u010dno versko plast.<\/p>\n<p class=\"iwg-kwfix\">Baltski svet bogov je tesno povezan z domom, ognji\u0161\u010dem in silami pokrajine.<\/p>\t\t\t\t\t\t\t\t<\/div>\n\t\t\t\t<\/div>\n\t\t\t\t\t<\/div>\n\t\t\t\t<\/div>\n\t\t<div class=\"elementor-element elementor-element-iwgcn-sami-hr iwg-kultur-hero-right e-flex e-con-boxed e-con e-child\" data-id=\"iwgcn-sami-hr\" data-element_type=\"container\" data-e-type=\"container\">\n\t\t\t\t\t<div class=\"e-con-inner\">\n\t\t\t\t<div class=\"elementor-element elementor-element-iwgcn-sami-himg iwg-hero-image elementor-widget elementor-widget-image\" data-id=\"iwgcn-sami-himg\" data-element_type=\"widget\" data-e-type=\"widget\" data-widget_type=\"image.default\">\n\t\t\t\t\t\t\t\t\t\t\t\t\t\t\t<img fetchpriority=\"high\" decoding=\"async\" width=\"683\" height=\"1024\" src=\"https:\/\/iwell-guard.com\/wp-content\/uploads\/2026\/05\/goetter_sami_beaivi-683x1024.webp\" class=\"attachment-large size-large wp-image-162513\" alt=\"Beaivi - bogovi iz samijske tradicije, zgodovinsko-ilustrativno\" srcset=\"https:\/\/iwell-guard.com\/wp-content\/uploads\/2026\/05\/goetter_sami_beaivi-683x1024.webp 683w, https:\/\/iwell-guard.com\/wp-content\/uploads\/2026\/05\/goetter_sami_beaivi-200x300.webp 200w, https:\/\/iwell-guard.com\/wp-content\/uploads\/2026\/05\/goetter_sami_beaivi-768x1152.webp 768w, https:\/\/iwell-guard.com\/wp-content\/uploads\/2026\/05\/goetter_sami_beaivi.webp 1024w\" sizes=\"(max-width: 683px) 100vw, 683px\" \/>\t\t\t\t\t\t\t\t\t\t\t\t\t\t\t<\/div>\n\t\t\t\t\t<\/div>\n\t\t\t\t<\/div>\n\t\t\t\t\t<\/div>\n\t\t\t\t<\/div>\n\t\t\t\t<section class=\"elementor-section elementor-top-section elementor-element elementor-element-sec-iwgcomp-sami elementor-section-boxed elementor-section-height-default elementor-section-height-default\" data-id=\"sec-iwgcomp-sami\" data-element_type=\"section\" data-e-type=\"section\">\n\t\t\t\t\t\t<div class=\"elementor-container elementor-column-gap-default\">\n\t\t\t\t\t<div class=\"elementor-column elementor-col-100 elementor-top-column elementor-element elementor-element-col-iwgcomp-sami\" data-id=\"col-iwgcomp-sami\" data-element_type=\"column\" data-e-type=\"column\">\n\t\t\t<div class=\"elementor-widget-wrap elementor-element-populated\">\n\t\t\t\t\t\t<div class=\"elementor-element elementor-element-iwgcomp-sami elementor-widget elementor-widget-text-editor\" data-id=\"iwgcomp-sami\" data-element_type=\"widget\" data-e-type=\"widget\" data-widget_type=\"text-editor.default\">\n\t\t\t\t\t\t\t\t\t<p>Baltsko izro\u010dilo <strong><span class=\"iwg-fachbegriff\" data-tooltip=\"Kratke, ustno izro\u010dene ljudske pesmi Litve in Latvije, najpomembnej\u0161i vir predkr\u0161\u010danskih predstav.\" tabindex=\"0\">dain<\/span><\/strong> je hrbtenica rekonstrukcije predkr\u0161\u010danske religije v Baltiku.<\/p>\n<p class=\"iwg-kwfix\">Baltski bogovi se delijo na nebesne in vremenske sile okoli boga groma Perk\u016bnasa, hi\u0161ne duhove, kot sta Kaukas in Aitvaras, ter mno\u017eico boginj-mater, ki gospodujejo gozdu, ognju in vodi. Ti motivi se \u0161e danes gojijo v Litvi in Latviji.<\/p>\t\t\t\t\t\t\t\t<\/div>\n\t\t\t\t\t<\/div>\n\t\t<\/div>\n\t\t\t\t\t<\/div>\n\t\t<\/section>\n\t\t<div class=\"elementor-element elementor-element-iwgcn-sami-s0 e-flex e-con-boxed e-con e-parent\" data-id=\"iwgcn-sami-s0\" data-element_type=\"container\" data-e-type=\"container\">\n\t\t\t\t\t<div class=\"e-con-inner\">\n\t\t\t\t<div class=\"elementor-element elementor-element-iwgcn-sami-s0h elementor-widget elementor-widget-heading\" data-id=\"iwgcn-sami-s0h\" data-element_type=\"widget\" data-e-type=\"widget\" data-widget_type=\"heading.default\">\n\t\t\t\t\t<h2 class=\"elementor-heading-title elementor-size-default\">Balti, jezik in poselitveno obmo\u010dje<\/h2>\t\t\t\t<\/div>\n\t\t<div class=\"elementor-element elementor-element-iwgcn-sami-s0-c e-con-full e-flex e-con e-child\" data-id=\"iwgcn-sami-s0-c\" data-element_type=\"container\" data-e-type=\"container\">\n\t\t\t\t<div class=\"elementor-element elementor-element-iwgcn-sami-s0t elementor-widget elementor-widget-text-editor\" data-id=\"iwgcn-sami-s0t\" data-element_type=\"widget\" data-e-type=\"widget\" data-widget_type=\"text-editor.default\">\n\t\t\t\t\t\t\t\t\t<p>Baltska jezikovna dru\u017eina, samostojna veja indoevropskih jezikov, obsega \u017eiva jezika litov\u0161\u010dino in latvij\u0161\u010dino ter zapadnobaltski jezik Prusov, ki je izumrl v 17. stoletju. Jezikoslovno veljajo baltski jeziki za posebej arhai\u010dne in so zato pomembni za rekonstrukcijo indoevropskih razmerij.<\/p><p>Poselitveno obmo\u010dje obsega dana\u0161nji dr\u017eavi Litvo in Latvijo ob Baltskem morju. Pokristjanjenje Litve je uradno potekalo \u0161ele leta 1387 pod velikim knezom Jogailo, obmo\u010dje \u017demaitije (Ni\u017eje Litve) je sledilo leta 1413 kot eno zadnjih poganskih obmo\u010dij Evrope; poro\u010dila o predkr\u0161\u010danskih praksah posami\u010d segajo vse do 18. stoletja.<\/p>\n<p class=\"iwg-kwfix\">Nebo in ognji\u0161\u010de urejata svet baltskih bogov, zgoraj bog groma Perk\u016bnas, v hi\u0161i boginja ognja Gabija, v pokrajini pa \u0161tevilne boginje-matere. Izro\u010dilo dain Litve in Latvije to znanje ohranja \u017eivo vse do danes.<\/p>\t\t\t\t\t\t\t\t<\/div>\n\t\t\t\t<\/div>\n\t\t\t\t\t<\/div>\n\t\t\t\t<\/div>\n\t\t<div class=\"elementor-element elementor-element-iwgcn-sami-s1 e-flex e-con-boxed e-con e-parent\" data-id=\"iwgcn-sami-s1\" data-element_type=\"container\" data-e-type=\"container\">\n\t\t\t\t\t<div class=\"e-con-inner\">\n\t\t\t\t<div class=\"elementor-element elementor-element-iwgcn-sami-s1h elementor-widget elementor-widget-heading\" data-id=\"iwgcn-sami-s1h\" data-element_type=\"widget\" data-e-type=\"widget\" data-widget_type=\"heading.default\">\n\t\t\t\t\t<h2 class=\"elementor-heading-title elementor-size-default\">Panteon: Dievas, Perk\u016bnas, Laima, Saul\u0117<\/h2>\t\t\t\t<\/div>\n\t\t<div class=\"elementor-element elementor-element-iwgcn-sami-s1-c e-con-full e-flex e-con e-child\" data-id=\"iwgcn-sami-s1-c\" data-element_type=\"container\" data-e-type=\"container\">\n\t\t\t\t<div class=\"elementor-element elementor-element-iwgcn-sami-s1t elementor-widget elementor-widget-text-editor\" data-id=\"iwgcn-sami-s1t\" data-element_type=\"widget\" data-e-type=\"widget\" data-widget_type=\"text-editor.default\">\n\t\t\t\t\t\t\t\t\t<p>Dievas, litovsko, oziroma Dievs, latvijsko, ozna\u010duje nebe\u0161kega boga, oddaljeno, urejajo\u010do postavo. Perk\u016bnas, litovsko, in P\u0113rkons, latvijsko, je bog groma, pristojen za nevihte, rodovitnost in pravi\u010dnost. Laima je boginja usode in sre\u010de, ki varuje rojstvo in \u017eivljenjsko pot, Saul\u0117, litovsko, oziroma Saule, latvijsko, pa je \u017eenska son\u010dna boginja. V Latviji se poleg Dievsa in Laime pojavlja \u0161e M\u0101ra kot zemeljska in mati\u010dna boginja.<\/p><p>Velinas, litovsko, oziroma Velns, latvijsko, je podzemna in mrtva\u0161ka postava, ki se je po pokristjanjenju vse bolj zlivala s kr\u0161\u010danskim hudi\u010dem. Poleg teh velikih postav izro\u010dilo pozna tudi lastna bo\u017eanstva za posamezna podro\u010dja, na primer boga vetra <a href=\"https:\/\/iwell-guard.com\/sl\/vejopatis\/\">V\u0117jopatisa<\/a> ali latvijskega hi\u0161nega duha <a href=\"https:\/\/iwell-guard.com\/sl\/majas-gars\/\">M\u0101jas gars<\/a>, ki varuje hi\u0161o in dvori\u0161\u010de. Latvijsko izro\u010dilo poleg tega pozna razse\u017een sistem pribli\u017eno sedemdesetih \u201emater&#8221; (m\u0101tes), poosebljenih vladarks posameznih naravnih podro\u010dij, kot so gozd, morje, veter ali ogenj.<\/p>\t\t\t\t\t\t\t\t<\/div>\n\t\t\t\t<\/div>\n\t\t\t\t\t<\/div>\n\t\t\t\t<\/div>\n\t\t<div class=\"elementor-element elementor-element-iwgcn-sami-s2 e-flex e-con-boxed e-con e-parent\" data-id=\"iwgcn-sami-s2\" data-element_type=\"container\" data-e-type=\"container\">\n\t\t\t\t\t<div class=\"e-con-inner\">\n\t\t\t\t<div class=\"elementor-element elementor-element-iwgcn-sami-s2h elementor-widget elementor-widget-heading\" data-id=\"iwgcn-sami-s2h\" data-element_type=\"widget\" data-e-type=\"widget\" data-widget_type=\"heading.default\">\n\t\t\t\t\t<h2 class=\"elementor-heading-title elementor-size-default\">Daine kot verskozgodovinski vir<\/h2>\t\t\t\t<\/div>\n\t\t<div class=\"elementor-element elementor-element-iwgcn-sami-s2-c e-con-full e-flex e-con e-child\" data-id=\"iwgcn-sami-s2-c\" data-element_type=\"container\" data-e-type=\"container\">\n\t\t\t\t<div class=\"elementor-element elementor-element-iwgcn-sami-s2t elementor-widget elementor-widget-text-editor\" data-id=\"iwgcn-sami-s2t\" data-element_type=\"widget\" data-e-type=\"widget\" data-widget_type=\"text-editor.default\">\n\t\t\t\t\t\t\t\t\t<p>Daine so kratke, ve\u010dinoma \u0161tirivrsti\u010dne litovske in latvijske ljudske pesmi, ki so se ustno prena\u0161ale skozi rodove in veljajo za skoraj neokrnjeno okno v predkr\u0161\u010danske predstave, komaj prevzeto s kr\u0161\u010danskimi vplivi. Latvijski pravnik in folklorist Kri\u0161j\u0101nis Barons je med letoma 1894 in 1915 zbral skoraj 218.000 dain v \u0161estih zvezkih, celoten latvijski korpus vseh zbiralcev pa obsega ocenjeno ve\u010d kot milijon besedil.<\/p><p>Omara dain, izdelana okoli leta 1880 po Baronsovi zasnovi z ve\u010d kot 350.000 listki, je od leta 2001 del Unescove svetovne dedi\u0161\u010dine dokumentov in je danes shranjena v Latvijski narodni knji\u017enici. Tudi v Litvi zbrane ljudske pesmi, pravljice in krajevna imena predstavljajo osrednji vir za verskozgodovinsko rekonstrukcijo.<\/p>\t\t\t\t\t\t\t\t<\/div>\n\t\t\t\t<\/div>\n\t\t\t\t\t<\/div>\n\t\t\t\t<\/div>\n\t\t<div class=\"elementor-element elementor-element-iwgcn-sami-s3 e-flex e-con-boxed e-con e-parent\" data-id=\"iwgcn-sami-s3\" data-element_type=\"container\" data-e-type=\"container\">\n\t\t\t\t\t<div class=\"e-con-inner\">\n\t\t\t\t<div class=\"elementor-element elementor-element-iwgcn-sami-s3h elementor-widget elementor-widget-heading\" data-id=\"iwgcn-sami-s3h\" data-element_type=\"widget\" data-e-type=\"widget\" data-widget_type=\"heading.default\">\n\t\t\t\t\t<h2 class=\"elementor-heading-title elementor-size-default\">Kult ognja okoli Gabije<\/h2>\t\t\t\t<\/div>\n\t\t<div class=\"elementor-element elementor-element-iwgcn-sami-s3-c e-con-full e-flex e-con e-child\" data-id=\"iwgcn-sami-s3-c\" data-element_type=\"container\" data-e-type=\"container\">\n\t\t\t\t<div class=\"elementor-element elementor-element-iwgcn-sami-s3t elementor-widget elementor-widget-text-editor\" data-id=\"iwgcn-sami-s3t\" data-element_type=\"widget\" data-e-type=\"widget\" data-widget_type=\"text-editor.default\">\n\t\t\t\t\t\t\t\t\t<p><a href=\"https:\/\/iwell-guard.com\/sl\/gabija\/\">Gabija<\/a> je litovska boginja doma\u010dega ognja, varuhinja hi\u0161e in dru\u017eine, ki so si jo predstavljali v zoomorfni podobi kot ma\u010dko, \u0161torkljo ali petelina, ali kot \u017eensko, oble\u010deno v rde\u010de. Njen kult je zahteval spo\u0161tljivo ravnanje z ognjem, vanj ni bilo dovoljeno pljuvati ali stopati, \u017eerjavico so pono\u010di skrbno pokrivali namesto gasili, kruh in sol pa sta veljala za primerni <span class=\"iwg-fachbegriff\" data-tooltip=\"Dar bo\u017eanstvu za izra\u017eanje zahvale, pro\u0161nje ali \u010da\u0161\u010denja.\" tabindex=\"0\">daritvi<\/span>.<\/p><p>Glavni vir za ta kult je spis De diis Samagitarum poljskega u\u010denjaka Jana \u0141asickega iz leta 1615. V Latviji se v okviru latvijskega sistema mater pojavlja sorodna postava Uguns m\u0101te, mati ognja.<\/p>\t\t\t\t\t\t\t\t<\/div>\n\t\t\t\t<\/div>\n\t\t\t\t\t<\/div>\n\t\t\t\t<\/div>\n\t\t<div class=\"elementor-element elementor-element-x-sami-s-faq e-flex e-con-boxed e-con e-parent\" data-id=\"x-sami-s-faq\" data-element_type=\"container\" data-e-type=\"container\">\n\t\t\t\t\t<div class=\"e-con-inner\">\n\t\t\t\t<div class=\"elementor-element elementor-element-x-sami-h-faq elementor-widget elementor-widget-heading\" data-id=\"x-sami-h-faq\" data-element_type=\"widget\" data-e-type=\"widget\" data-widget_type=\"heading.default\">\n\t\t\t\t\t<h2 class=\"elementor-heading-title elementor-size-default\">Pogosta vpra\u0161anja o baltski mitologiji<\/h2>\t\t\t\t<\/div>\n\t\t<div class=\"elementor-element elementor-element-iwgcn-sami-s3-c e-con-full e-flex e-con e-child\" data-id=\"iwgcn-sami-s3-c\" data-element_type=\"container\" data-e-type=\"container\">\n\t\t\t\t<div class=\"elementor-element elementor-element-x-sami-t-faq elementor-widget elementor-widget-text-editor\" data-id=\"x-sami-t-faq\" data-element_type=\"widget\" data-e-type=\"widget\" data-widget_type=\"text-editor.default\">\n\t\t\t\t\t\t\t\t\t<h3>Kdo so Balti?<\/h3>\n<p>K Baltom \u0161tejemo Litvance in Latvijce ter Prusi, ki so izumrli v 17. stoletju. Govorijo jezike posebne, izjemno arhai\u010dne veje indoevropske jezikovne dru\u017eine in so naseljeni v dana\u0161nji Litvi in Latviji ob Baltskem morju.<\/p>\n<h3>Zakaj je bila Litva pokristjanjena tako pozno?<\/h3>\n<p>Litva je kr\u0161\u010danstvo uradno sprejela leta 1387, obmo\u010dje \u017demaitije (Ni\u017eja Litva) \u0161ele leta 1413. Litva zato velja za najdlje predkr\u0161\u010dansko ostalo obmo\u010dje Evrope, kar so omogo\u010dili njena politi\u010dna mo\u010d kot velike kne\u017eine in obrobna lega.<\/p>\n<h3>Kaj so daine?<\/h3>\n<p>Daine so kratke litvanske in latvijske ljudske pesmi, ki so se prena\u0161ale ustno in sodijo med najpomembnej\u0161e vire predkr\u0161\u010danske religije. Kri\u0161j\u0101nis Barons je samo v Latviji zbral skoraj 218.000 teh pesmi, ki so shranjene v Skrinji dain Latvijske narodne knji\u017enice.<\/p>\n<h3>Kaj je hi\u0161na ka\u010da \u017daltys?<\/h3>\n<p>\u017daltys, litvansko, oziroma Zalktis, latvijsko, je belou\u0161ka, ki je veljala za sveto hi\u0161no \u017eival, hranjeno z mlekom in je ni bilo dovoljeno ubiti. Veljala je za za\u0161\u010ditnico hi\u0161e in \u017eivine, ponekod so jo povezovali z latvijsko materjo mleka Piena m\u0101te.<\/p>\n<script type=\"application\/ld+json\">{\"@context\": \"https:\/\/schema.org\", \"@type\": \"FAQPage\", \"mainEntity\": [{\"@type\": \"Question\", \"name\": \"Kdo so Balti?\", \"acceptedAnswer\": {\"@type\": \"Answer\", \"text\": \"K Baltom \u0161tejemo Litvance in Latvijce ter Prusi, ki so izumrli v 17. stoletju. Govorijo jezike posebne, izjemno arhai\u010dne veje indoevropske jezikovne dru\u017eine in so naseljeni v dana\u0161nji Litvi in Latviji ob Baltskem morju.\"}}, {\"@type\": \"Question\", \"name\": \"Zakaj je bila Litva pokristjanjena tako pozno?\", \"acceptedAnswer\": {\"@type\": \"Answer\", \"text\": \"Litva je kr\u0161\u010danstvo uradno sprejela leta 1387, obmo\u010dje \u017demaitije (Ni\u017eja Litva) \u0161ele leta 1413. Litva zato velja za najdlje predkr\u0161\u010dansko ostalo obmo\u010dje Evrope, kar so omogo\u010dili njena politi\u010dna mo\u010d kot velike kne\u017eine in obrobna lega.\"}}, {\"@type\": \"Question\", \"name\": \"Kaj so daine?\", \"acceptedAnswer\": {\"@type\": \"Answer\", \"text\": \"Daine so kratke litvanske in latvijske ljudske pesmi, ki so se prena\u0161ale ustno in sodijo med najpomembnej\u0161e vire predkr\u0161\u010danske religije. Kri\u0161j\u0101nis Barons je samo v Latviji zbral skoraj 218.000 teh pesmi, ki so shranjene v Skrinji dain Latvijske narodne knji\u017enice.\"}}, {\"@type\": \"Question\", \"name\": \"Kaj je hi\u0161na ka\u010da \u017daltys?\", \"acceptedAnswer\": {\"@type\": \"Answer\", \"text\": \"\u017daltys, litvansko, oziroma Zalktis, latvijsko, je belou\u0161ka, ki je veljala za sveto hi\u0161no \u017eival, hranjeno z mlekom in je ni bilo dovoljeno ubiti. Veljala je za za\u0161\u010ditnico hi\u0161e in \u017eivine, ponekod so jo povezovali z latvijsko materjo mleka Piena m\u0101te.\"}}]}<\/script>\t\t\t\t\t\t\t\t<\/div>\n\t\t\t\t<\/div>\n\t\t\t\t\t<\/div>\n\t\t\t\t<\/div>\n\t\t<div class=\"elementor-element elementor-element-iwgcn-sami-s4 e-flex e-con-boxed e-con e-parent\" data-id=\"iwgcn-sami-s4\" data-element_type=\"container\" data-e-type=\"container\">\n\t\t\t\t\t<div class=\"e-con-inner\">\n\t\t\t\t<div class=\"elementor-element elementor-element-iwgcn-sami-s4h elementor-widget elementor-widget-heading\" data-id=\"iwgcn-sami-s4h\" data-element_type=\"widget\" data-e-type=\"widget\" data-widget_type=\"heading.default\">\n\t\t\t\t\t<h2 class=\"elementor-heading-title elementor-size-default\">Hi\u0161na ka\u010da \u017daltys in njeno \u010da\u0161\u010denje<\/h2>\t\t\t\t<\/div>\n\t\t<div class=\"elementor-element elementor-element-iwgcn-sami-s4-c e-con-full e-flex e-con e-child\" data-id=\"iwgcn-sami-s4-c\" data-element_type=\"container\" data-e-type=\"container\">\n\t\t\t\t<div class=\"elementor-element elementor-element-iwgcn-sami-s4t elementor-widget elementor-widget-text-editor\" data-id=\"iwgcn-sami-s4t\" data-element_type=\"widget\" data-e-type=\"widget\" data-widget_type=\"text-editor.default\">\n\t\t\t\t\t\t\t\t\t<p><a href=\"https:\/\/iwell-guard.com\/sl\/zaltys\/\">\u017daltys<\/a>, litvansko, oziroma Zalktis, latvijsko, ozna\u010duje belou\u0161ko, ki je v baltski tradiciji veljala za sveto, sre\u010do prina\u0161ajo\u010do hi\u0161no \u017eival. Redno so jo hranili z mlekom, njena prisotnost v hi\u0161i ali hlevu je pomenila za\u0161\u010dito za prebivalce in \u017eivino; raz\u0161irjen pregovor pravi, da ob pogledu na mrtvo \u017daltys jokajo sonce.<\/p><p>Prepoved uboja belou\u0161ke je etnografsko dokumentirana vse do novej\u0161ega \u010dasa, med drugim so jo opisali religiologi Jonas Balys in Haralds Biezais ter Marija Gimbutas. Posami\u010dno je \u010da\u0161\u010denje \u017daltys pri\u010dano tudi pri Prusih.<\/p>\t\t\t\t\t\t\t\t<\/div>\n\t\t\t\t<\/div>\n\t\t\t\t\t<\/div>\n\t\t\t\t<\/div>\n\t\t<div class=\"elementor-element elementor-element-iwgcn-sami-s5 e-flex e-con-boxed e-con e-parent\" data-id=\"iwgcn-sami-s5\" data-element_type=\"container\" data-e-type=\"container\">\n\t\t\t\t\t<div class=\"e-con-inner\">\n\t\t\t\t<div class=\"elementor-element elementor-element-iwgcn-sami-s5h elementor-widget elementor-widget-heading\" data-id=\"iwgcn-sami-s5h\" data-element_type=\"widget\" data-e-type=\"widget\" data-widget_type=\"heading.default\">\n\t\t\t\t\t<h2 class=\"elementor-heading-title elementor-size-default\">Gozdne matere: Me\u017ea m\u0101te in Medeina<\/h2>\t\t\t\t<\/div>\n\t\t<div class=\"elementor-element elementor-element-iwgcn-sami-s5-c e-con-full e-flex e-con e-child\" data-id=\"iwgcn-sami-s5-c\" data-element_type=\"container\" data-e-type=\"container\">\n\t\t\t\t<div class=\"elementor-element elementor-element-iwgcn-sami-s5t elementor-widget elementor-widget-text-editor\" data-id=\"iwgcn-sami-s5t\" data-element_type=\"widget\" data-e-type=\"widget\" data-widget_type=\"text-editor.default\">\n\t\t\t\t\t\t\t\t\t<p><a href=\"https:\/\/iwell-guard.com\/sl\/meza-mate\/\">Me\u017ea m\u0101te<\/a>, latvijska gozdna mati, spada v obse\u017een sistem latvijskih materinskih bo\u017eanstev (m\u0101tes) in varuje lovce, gozdne delavce ter pastirje; kot partner ji je v\u010dasih pridru\u017een Me\u017eat\u0113vs, gozdni o\u010de. V Litvi ima podobno funkcijo <a href=\"https:\/\/iwell-guard.com\/sl\/medeina\/\">Medeina<\/a>, vladarica gozda in divjadi, ki ji kot atribut pripada zajec.<\/p><p>\u017de Hipatijeva kronika iz leta 1252 in pozneje poljski kronist Jan D\u0142ugosz v 15. stoletju sta Medeino primerjala z rimsko boginjo lova Diano. Litvanisti\u010dni raziskovalec Algirdas Julien Greimas jo je razlagal kot devi\u010dansko, lovkam podobno postavo, ki so si jo ponekod predstavljali tudi kot volkuljo.<\/p>\t\t\t\t\t\t\t\t<\/div>\n\t\t\t\t<\/div>\n\t\t\t\t\t<\/div>\n\t\t\t\t<\/div>\n\t\t<div class=\"elementor-element elementor-element-iwgcn-sami-s6 e-flex e-con-boxed e-con e-parent\" data-id=\"iwgcn-sami-s6\" data-element_type=\"container\" data-e-type=\"container\">\n\t\t\t\t\t<div class=\"e-con-inner\">\n\t\t\t\t<div class=\"elementor-element elementor-element-iwgcn-sami-s6h elementor-widget elementor-widget-heading\" data-id=\"iwgcn-sami-s6h\" data-element_type=\"widget\" data-e-type=\"widget\" data-widget_type=\"heading.default\">\n\t\t\t\t\t<h2 class=\"elementor-heading-title elementor-size-default\">Prisilna kristjanizacija in dana\u0161nje ponovno prisvajanje<\/h2>\t\t\t\t<\/div>\n\t\t<div class=\"elementor-element elementor-element-iwgcn-sami-s6-c e-con-full e-flex e-con e-child\" data-id=\"iwgcn-sami-s6-c\" data-element_type=\"container\" data-e-type=\"container\">\n\t\t\t\t<div class=\"elementor-element elementor-element-iwgcn-sami-s6t elementor-widget elementor-widget-text-editor\" data-id=\"iwgcn-sami-s6t\" data-element_type=\"widget\" data-e-type=\"widget\" data-widget_type=\"text-editor.default\">\n\t\t\t\t\t\t\t\t\t<p>Kristjanizacija Baltov je bila posebej dolg in deloma nasilen proces. Dr\u017eavi redov, Nem\u0161ki red in Me\u010d-red, sta od 13. stoletja misijonarila pod voja\u0161kim pritiskom, medtem ko je Litva kot samostojna velika kne\u017eina krst sprejela \u0161ele leta 1387 iz politi\u010dnega prera\u010duna. Poro\u010dila o prepovedanih daritvah ognju, drevesom in ka\u010dam segajo vse do 18. stoletja.<\/p><p>Od konca 20. stoletja, okrepljeno po osamosvojitvi Litve in Latvije leta 1990 in 1991, poteka kulturno ponovno prisvajanje, ki se ka\u017ee v novopoganskem gibanju Romuva v Litvi in gibanju Dievtur\u012bba v Latviji, pa tudi v ohranjanju dain, ljudskih pevskih praznikov in \u0161eg okoli hi\u0161nih duhov, kot sta <a href=\"https:\/\/iwell-guard.com\/sl\/kaukas\/\">Kaukas<\/a> in <a href=\"https:\/\/iwell-guard.com\/sl\/aitvaras\/\">Aitvaras<\/a>. Temeljna religiolo\u0161ka dela so napisali Marija Gimbutas, Algirdas Julien Greimas, Haralds Biezais in Norbertas V\u0117lius.<\/p>\t\t\t\t\t\t\t\t<\/div>\n\t\t\t\t<\/div>\n\t\t\t\t\t<\/div>\n\t\t\t\t<\/div>\n\t\t<div class=\"elementor-element elementor-element-cp2d9a92a3 e-flex e-con-boxed e-con e-parent\" data-id=\"cp2d9a92a3\" data-element_type=\"container\" data-e-type=\"container\">\n\t\t\t\t\t<div class=\"e-con-inner\">\n\t\t\t\t<div class=\"elementor-element elementor-element-cp2515827f elementor-widget elementor-widget-heading\" data-id=\"cp2515827f\" data-element_type=\"widget\" data-e-type=\"widget\" data-widget_type=\"heading.default\">\n\t\t\t\t\t<h2 class=\"elementor-heading-title elementor-size-default\">Dva jezika, en kulturni prostor in njegove notranje razlike<\/h2>\t\t\t\t<\/div>\n\t\t<div class=\"elementor-element elementor-element-cp25cbddf2 e-flex e-con-boxed e-con e-child\" data-id=\"cp25cbddf2\" data-element_type=\"container\" data-e-type=\"container\">\n\t\t\t\t\t<div class=\"e-con-inner\">\n\t\t\t\t<div class=\"elementor-element elementor-element-cp240cdc6c elementor-widget elementor-widget-text-editor\" data-id=\"cp240cdc6c\" data-element_type=\"widget\" data-e-type=\"widget\" data-widget_type=\"text-editor.default\">\n\t\t\t\t\t\t\t\t\t<p>K baltskemu kulturnemu prostoru \u0161tejemo Litvance in Latvijce ter Pruse, ki so izumrli v 17. stoletju in katerih jezik je ohranjen le fragmentarno. Litvan\u0161\u010dina in latvij\u0161\u010dina sta si sicer tesno sorodni, vendar \u017ee dolgo samostojni jeziki, tudi verske predstave obeh ljudstev se v podrobnostih precej razlikujejo.<\/p><p>Posebej opazna je razlika v latvijskem materinskem sistemu, ki je s ocenjenimi sedemdesetimi personificiranimi naravnimi materami (m\u0101tes) precej bolj raz\u010dlenjen kot litvansko izro\u010dilo, v katerem so v ospredju posamezne, jasno za\u010drtane postave, kot sta Medeina ali Gabija.<\/p><p>Tudi \u0161ege so se razlikovale glede na regijo, obalno ali celinsko lego in gospodarsko usmeritev, na primer poljedelstvo, ribolov ali gozdarstvo. Splo\u0161ne trditve o \u00bbbaltski religiji\u00ab zakrivajo to notranjo raznolikost med obema ljudstvoma in znotraj njiju.<\/p><p>Skupno obema izro\u010diloma je osrednje mesto boga groma, litvansko Perk\u016bnas, latvijsko P\u0113rkons, pomen ognji\u0161\u010da, \u010da\u0161\u010denje hi\u0161ne ka\u010de \u017daltys in daine kot najpomembnej\u0161a vrsta ustnih virov. Toda tudi ti skupni elementi so regionalno razli\u010dno pri\u010dani.<\/p>\t\t\t\t\t\t\t\t<\/div>\n\t\t\t\t\t<\/div>\n\t\t\t\t<\/div>\n\t\t\t\t\t<\/div>\n\t\t\t\t<\/div>\n\t\t<div class=\"elementor-element elementor-element-cp2b1a3dae e-flex e-con-boxed e-con e-parent\" data-id=\"cp2b1a3dae\" data-element_type=\"container\" data-e-type=\"container\">\n\t\t\t\t\t<div class=\"e-con-inner\">\n\t\t\t\t<div class=\"elementor-element elementor-element-cp282c06ff elementor-widget elementor-widget-heading\" data-id=\"cp282c06ff\" data-element_type=\"widget\" data-e-type=\"widget\" data-widget_type=\"heading.default\">\n\t\t\t\t\t<h2 class=\"elementor-heading-title elementor-size-default\">Daine, materinska bo\u017eanstva in mo\u010di baltskega svetovnega nazora<\/h2>\t\t\t\t<\/div>\n\t\t<div class=\"elementor-element elementor-element-cp228b4522 e-flex e-con-boxed e-con e-child\" data-id=\"cp228b4522\" data-element_type=\"container\" data-e-type=\"container\">\n\t\t\t\t\t<div class=\"e-con-inner\">\n\t\t\t\t<div class=\"elementor-element elementor-element-cp261454c5 elementor-widget elementor-widget-text-editor\" data-id=\"cp261454c5\" data-element_type=\"widget\" data-e-type=\"widget\" data-widget_type=\"text-editor.default\">\n\t\t\t\t\t\t\t\t\t<p>Najbolj znana religiozna dedi\u0161\u010dina Baltov so daine, kratke, ve\u010dinoma \u0161tirivrsti\u010dne ljudske pesmi, ki v strnjenem, formulai\u010dnem jeziku ohranjajo religiozne predstave. Opevajo vsakdanje \u017eivljenje doma, na polju in v dru\u017eini, pa tudi velike postave panteona, in veljajo za razmeroma malo pre\u017eete s kr\u0161\u010danstvom.<\/p><p>Latvijski folklorist Kri\u0161j\u0101nis Barons je med letoma 1894 in 1915 zbral skoraj 218.000 dain in jih razvrstil v \u0161est zvezkov; njegov sistem \u0161e danes predstavlja temelj latvijskega raziskovanja ljudskih pesmi. Celoten latvijski korpus, vklju\u010dno s poznej\u0161imi zbirkami, naj bi obsegal ve\u010d kot milijon besedil, primerljivo obse\u017ene zbirke pa obstajajo tudi v Litvi.<\/p><p>Baltski svetovni nazor pozna oddaljenega nebe\u0161kega boga, Dievas oziroma Dievs, osrednjega boga groma, Perk\u016bnas oziroma P\u0113rkons, ter bo\u017eanstva usode, sonca in zemlje, kot so Laima, Saul\u0117 in, v Latviji, M\u0101ra. Poleg tega v Latviji obstaja obse\u017een sistem pribli\u017eno sedemdesetih materinskih bo\u017eanstev, ki vladajo posameznim podro\u010djem pokrajine in \u017eivljenja, od gozdne matere <a href=\"https:\/\/iwell-guard.com\/sl\/meza-mate\/\">Me\u017ea m\u0101te<\/a> preko matere ognja Uguns m\u0101te do matere morja J\u016bras m\u0101te.<\/p><p>Hi\u0161a in dom imata svoje varovalne mo\u010di: boginjo ognja <a href=\"https:\/\/iwell-guard.com\/sl\/gabija\/\">Gabija<\/a>, hi\u0161no ka\u010do <a href=\"https:\/\/iwell-guard.com\/sl\/zaltys\/\">Zaltys<\/a> ter ambivalentne hi\u0161ne duhove, kot sta <a href=\"https:\/\/iwell-guard.com\/sl\/kaukas\/\">Kaukas<\/a> in ognjeni <a href=\"https:\/\/iwell-guard.com\/sl\/aitvaras\/\">Aitvaras<\/a>, ki prina\u0161ajo bogastvo, ob nespo\u0161tovanju pa tudi nesre\u010do. Za posamezna podro\u010dja narave stojijo \u0161e druge postave, kot je litovski bog vetra <a href=\"https:\/\/iwell-guard.com\/sl\/vejopatis\/\">V\u0117jopatis<\/a>, latvijski hi\u0161ni duh <a href=\"https:\/\/iwell-guard.com\/sl\/majas-gars\/\">M\u0101jas gars<\/a> in v zgodnjenovove\u0161kih virih omenjeno bo\u017eanstvo <a href=\"https:\/\/iwell-guard.com\/sl\/jagaubis\/\">Jagaubis<\/a>.<\/p><p>O natan\u010dni sistematiki tega panteona v raziskovanju ni popolnega soglasja, ker izvirajo zgodnji pisni viri izpod peresa kr\u0161\u010danskih kronistov in misijonarjev, poznej\u0161e zbiranje ljudskih pesmi pa se je za\u010delo \u0161ele v 19. stoletju. Marija Gimbutas, Algirdas Julien Greimas in Haralds Biezais so predstavili razli\u010dne, deloma nasprotujo\u010de si razlage tega gradiva.<\/p>\t\t\t\t\t\t\t\t<\/div>\n\t\t\t\t\t<\/div>\n\t\t\t\t<\/div>\n\t\t\t\t\t<\/div>\n\t\t\t\t<\/div>\n\t\t<div class=\"elementor-element elementor-element-cp295547c2 e-flex e-con-boxed e-con e-parent\" data-id=\"cp295547c2\" data-element_type=\"container\" data-e-type=\"container\">\n\t\t\t\t\t<div class=\"e-con-inner\">\n\t\t\t\t<div class=\"elementor-element elementor-element-cp28944fb0 elementor-widget elementor-widget-heading\" data-id=\"cp28944fb0\" data-element_type=\"widget\" data-e-type=\"widget\" data-widget_type=\"heading.default\">\n\t\t\t\t\t<h2 class=\"elementor-heading-title elementor-size-default\">Viri: kronike, misijonarska poro\u010dila in zbirke ljudskih pesmi<\/h2>\t\t\t\t<\/div>\n\t\t<div class=\"elementor-element elementor-element-cp23d59da4 e-flex e-con-boxed e-con e-child\" data-id=\"cp23d59da4\" data-element_type=\"container\" data-e-type=\"container\">\n\t\t\t\t\t<div class=\"e-con-inner\">\n\t\t\t\t<div class=\"elementor-element elementor-element-cp2ce157b6 elementor-widget elementor-widget-text-editor\" data-id=\"cp2ce157b6\" data-element_type=\"widget\" data-e-type=\"widget\" data-widget_type=\"text-editor.default\">\n\t\t\t\t\t\t\t\t\t<p>Najzgodnej\u0161e pisno <span class=\"iwg-fachbegriff\" data-tooltip=\"Predajanje znanja in pripovedi skozi generacije.\" tabindex=\"0\">izro\u010dilo<\/span> o baltski religiji izvira od zunaj, predvsem od kr\u0161\u010danskih kronistov in misijonarjev v povezavi s kri\u017earskimi vojnami Nem\u0161kega vite\u0161kega reda in Me\u0161kega redu v Baltiku. Med najzgodnej\u0161e vire spada kronika Henrika Latvijskega iz let 1225 do 1227 ter Livonska rimana kronika.<\/p><p>V 14. stoletju je redovni kronist Peter iz Dusburga (1326) poro\u010dal o praksah Prusov, v 16. stoletju so sledili sporni zapisi Simona Grunaua (1519 do 1529). Kot eden najpomembnej\u0161ih zgodnjenovove\u0161kih virov velja leta 1615 natisnjeno delo De diis Samagitarum poljskega u\u010denjaka Jana \u0141asickega, ki navaja \u0161tevilna bo\u017eanstva in obrede Litve in \u017demaitije, med drugim tudi omembe bo\u017eanstva imenovanega <a href=\"https:\/\/iwell-guard.com\/sl\/jagaubis\/\">Jagaubis<\/a>, katerega natan\u010dna pristojnost v virih ni enotno izpri\u010dana.<\/p><p>Ti zgodnji besedila so vsebinsko bogata, vendar globoko enostranska, saj je bil njihov namen predvsem opravi\u010devanje misijona ali boj proti \u0161egam, ki so veljale za <span class=\"iwg-fachbegriff\" data-tooltip=\"S kr\u0161\u010danskega vidika: pripadajo\u010d predkr\u0161\u010danski ali nekr\u0161\u010danski religiji.\" tabindex=\"0\">poganske<\/span>, ne pa njihov nevtralen opis.<\/p><p>Drugo, mlaj\u0161o skupino virov predstavljajo v 19. in zgodnjem 20. stoletju zbrane daine, pravljice in krajevna imena. Latvijski pravnik Kri\u0161j\u0101nis Barons in pozneje raziskovalci, kot je Jonas Balys v Litvi, so tako predstavili obse\u017een, ve\u010dinoma ustno izro\u010den korpus, ki je bistveno manj pre\u017eet s kr\u0161\u010dansko interpretacijsko namero kot zgodnej\u0161e kronike.<\/p><p>V 20. stoletju so se pridru\u017eile sistemati\u010dne znanstvene obravnave, na primer Marije Gimbutas, ki je povezovala arheolo\u0161ke in jezikoslovne najdbe, Algirdasa Juliena Greimasa, ki je mite analiziral strukturalisti\u010dno, in Haraldsa Biezaisa, ki je v \u0161vedskem eksilu predvsem preu\u010deval latvijsko gradivo in kriti\u010dno presojal teze o matriarhatu. Norbertas V\u0117lius je z ve\u010dzvez\u010dno zbirko virov postavil pomembno osnovo za nadaljnje raziskovanje.<\/p><p>Raziskovalci na splo\u0161no poudarjajo, da je stanje virov o baltski religiji neenotno in razpr\u0161eno skozi stoletja, zato mora vsaka celovita predstavitev ra\u010dunati s precej\u0161njimi negotovostmi in regionalnimi vrzelmi.<\/p>\t\t\t\t\t\t\t\t<\/div>\n\t\t\t\t\t<\/div>\n\t\t\t\t<\/div>\n\t\t\t\t\t<\/div>\n\t\t\t\t<\/div>\n\t\t<div class=\"elementor-element elementor-element-cp2c009332 e-flex e-con-boxed e-con e-parent\" data-id=\"cp2c009332\" data-element_type=\"container\" data-e-type=\"container\">\n\t\t\t\t\t<div class=\"e-con-inner\">\n\t\t\t\t<div class=\"elementor-element elementor-element-cp225c94da elementor-widget elementor-widget-heading\" data-id=\"cp225c94da\" data-element_type=\"widget\" data-e-type=\"widget\" data-widget_type=\"heading.default\">\n\t\t\t\t\t<h2 class=\"elementor-heading-title elementor-size-default\">Prisilno misijonarjenje, zatiranje in dana\u0161nja ponovna prilastitev<\/h2>\t\t\t\t<\/div>\n\t\t<div class=\"elementor-element elementor-element-cp2c7191ab e-flex e-con-boxed e-con e-child\" data-id=\"cp2c7191ab\" data-element_type=\"container\" data-e-type=\"container\">\n\t\t\t\t\t<div class=\"e-con-inner\">\n\t\t\t\t<div class=\"elementor-element elementor-element-cp23f4061d elementor-widget elementor-widget-text-editor\" data-id=\"cp23f4061d\" data-element_type=\"widget\" data-e-type=\"widget\" data-widget_type=\"text-editor.default\">\n\t\t\t\t\t\t\t\t\t<p>Kr\u0161\u010danizacija Baltov je bila dolgotrajen in deloma nasilen proces. Nem\u0161ki red in Livonski me\u010d nosilski red sta od 13. stoletja pod voja\u0161kim pritiskom pokristjanjevala Pruse ter prebivalce Latvije in Estonije, kar je terjalo velike \u017ertve v smislu \u017eivljenj in samostojne kulture, jezik Prusov je izumrl v 17. stoletju.<\/p><p>Litva kot samostojna velika vojvodina je leta 1387 pod velikim knezom Jogailo iz politi\u010dnega prera\u010duna sprejela kr\u0161\u010danstvo, da bi utrdila zvezo s Poljsko in Nem\u0161kemu redu odvzela podlago za kri\u017earske vojne. Obmo\u010dje \u017demaitija (Ni\u017eja Litva) je sledilo \u0161ele leta 1413, po zmagi nad redom pri Grunwaldu (Tannenbergu) leta 1410. Poro\u010dila o nadaljnjih daritvah ognju, drevesom, ka\u010dam in drugim svetim predmetom segajo posami\u010dno vse do 18. stoletja.<\/p><p>V 19. in 20. stoletju se je religiozni pritisk povezal z jezikovnim in kulturnim, pod carsko in kasneje sovjetsko oblastjo sta bili litovski in latvijski jezik ter kultura ob\u010dasno mo\u010dno omejeni.<\/p><p>Od konca 20. stoletja, zlasti po ponovni pridobitvi neodvisnosti Litve in Latvije leta 1990 in 1991, opa\u017eamo novo zanimanje za predkr\u0161\u010dansko <span class=\"iwg-fachbegriff\" data-tooltip=\"Prena\u0161anje znanja in pripovedi skozi generacije.\" tabindex=\"0\">izro\u010dilo<\/span>. To se ka\u017ee v neopaganskem gibanju Romuva v Litvi, ki je leta 2015 tam prestalo uradni postopek priznanja, in v gibanju Dievtur\u012bba v Latviji, ki je nastalo \u017ee v medvojnem obdobju.<\/p><p>To zanimanje se ka\u017ee tudi v ohranjanju dain, na festivalih ljudskih pesmi, ki so uvr\u0161\u010deni na UNESCOv Reprezentativni seznam nesnovne kulturne dedi\u0161\u010dine \u010dlove\u0161tva, ter v vse ve\u010djem akademskem in umetni\u0161kem ukvarjanju s predkr\u0161\u010danskimi motivi.<\/p><p>O \u0161ir\u0161i o\u017eivitvi starodavne religije kot \u017eivi ve\u010dinski praksi pa ne moremo govoriti. Ve\u010dina Litovcev in Latvijcev je konfesionalno kr\u0161\u010danska, ukvarjanje s predkr\u0161\u010dansko preteklostjo pa je predvsem oblika kulturne samopotrditve in zgodovinske obdelave.<\/p>\t\t\t\t\t\t\t\t<\/div>\n\t\t\t\t\t<\/div>\n\t\t\t\t<\/div>\n\t\t\t\t\t<\/div>\n\t\t\t\t<\/div>\n\t\t<div class=\"elementor-element elementor-element-iwgha-sami-sec e-flex e-con-boxed e-con e-parent\" data-id=\"iwgha-sami-sec\" data-element_type=\"container\" data-e-type=\"container\">\n\t\t\t\t\t<div class=\"e-con-inner\">\n\t\t\t\t<div class=\"elementor-element elementor-element-iwgha-sami-h elementor-widget elementor-widget-heading\" data-id=\"iwgha-sami-h\" data-element_type=\"widget\" data-e-type=\"widget\" data-widget_type=\"heading.default\">\n\t\t\t\t\t<h2 class=\"elementor-heading-title elementor-size-default\">Bitja tega izro\u010dila (9)<\/h2>\t\t\t\t<\/div>\n\t\t<div class=\"elementor-element elementor-element-iwgha-sami-gc e-flex e-con-boxed e-con e-parent\" data-id=\"iwgha-sami-gc\" data-element_type=\"container\" data-e-type=\"container\">\n\t\t\t\t\t<div class=\"e-con-inner\">\n\t\t\t\t<div class=\"elementor-element elementor-element-iwgha-sami-grid elementor-widget elementor-widget-text-editor\" data-id=\"iwgha-sami-grid\" data-element_type=\"widget\" data-e-type=\"widget\" data-widget_type=\"text-editor.default\">\n\t\t\t\t\t\t\t\t\t<div class=\"iwg-wesen-grid\"><a class=\"iwg-wesen-card\" href=\"https:\/\/iwell-guard.com\/sl\/meza-mate\/\" aria-label=\"Me\u017ea m\u0101te\"><div class=\"iwg-wesen-card-imgwrap\"><img decoding=\"async\" src=\"https:\/\/iwell-guard.com\/wp-content\/uploads\/2026\/07\/goetter_baltikum_meza-mate-200x300.webp\" alt=\"Me\u017ea m\u0101te\" loading=\"lazy\"><\/div><div class=\"iwg-wesen-card-body\"><div class=\"iwg-wesen-card-name\">Me\u017ea m\u0101te<\/div><div class=\"iwg-wesen-card-arrow\">\u2192 K bitju<\/div><\/div><\/a><a class=\"iwg-wesen-card\" href=\"https:\/\/iwell-guard.com\/sl\/medeina\/\" aria-label=\"Medeina\"><div class=\"iwg-wesen-card-imgwrap\"><img decoding=\"async\" src=\"https:\/\/iwell-guard.com\/wp-content\/uploads\/2026\/07\/goetter_baltikum_medeina-200x300.webp\" alt=\"Medeina\" loading=\"lazy\"><\/div><div class=\"iwg-wesen-card-body\"><div class=\"iwg-wesen-card-name\">Medeina<\/div><div class=\"iwg-wesen-card-arrow\">\u2192 K bitju<\/div><\/div><\/a><a class=\"iwg-wesen-card\" href=\"https:\/\/iwell-guard.com\/sl\/jagaubis\/\" aria-label=\"Jagaubis\"><div class=\"iwg-wesen-card-imgwrap\"><img decoding=\"async\" src=\"https:\/\/iwell-guard.com\/wp-content\/uploads\/2026\/07\/geister_baltisch_jagaubis-200x300.webp\" alt=\"Jagaubis\" loading=\"lazy\"><\/div><div class=\"iwg-wesen-card-body\"><div class=\"iwg-wesen-card-name\">Jagaubis<\/div><div class=\"iwg-wesen-card-arrow\">\u2192 K bitju<\/div><\/div><\/a><a class=\"iwg-wesen-card\" href=\"https:\/\/iwell-guard.com\/sl\/gabija\/\" aria-label=\"Gabija\"><div class=\"iwg-wesen-card-imgwrap\"><img decoding=\"async\" src=\"https:\/\/iwell-guard.com\/wp-content\/uploads\/2026\/07\/goetter_baltisch_gabija-200x300.webp\" alt=\"Gabija\" loading=\"lazy\"><\/div><div class=\"iwg-wesen-card-body\"><div class=\"iwg-wesen-card-name\">Gabija<\/div><div class=\"iwg-wesen-card-arrow\">\u2192 K bitju<\/div><\/div><\/a><a class=\"iwg-wesen-card\" href=\"https:\/\/iwell-guard.com\/sl\/vejopatis\/\" aria-label=\"Vejopatis\"><div class=\"iwg-wesen-card-imgwrap\"><img decoding=\"async\" src=\"https:\/\/iwell-guard.com\/wp-content\/uploads\/2026\/07\/goetter_baltisch_vejopatis-200x300.webp\" alt=\"Vejopatis\" loading=\"lazy\"><\/div><div class=\"iwg-wesen-card-body\"><div class=\"iwg-wesen-card-name\">Vejopatis<\/div><div class=\"iwg-wesen-card-arrow\">\u2192 K bitju<\/div><\/div><\/a><a class=\"iwg-wesen-card\" href=\"https:\/\/iwell-guard.com\/sl\/zaltys\/\" aria-label=\"\u017daltys\"><div class=\"iwg-wesen-card-imgwrap\"><img decoding=\"async\" src=\"https:\/\/iwell-guard.com\/wp-content\/uploads\/2026\/07\/geister_baltisch_zaltys-200x300.webp\" alt=\"\u017daltys\" loading=\"lazy\"><\/div><div class=\"iwg-wesen-card-body\"><div class=\"iwg-wesen-card-name\">\u017daltys<\/div><div class=\"iwg-wesen-card-arrow\">\u2192 K bitju<\/div><\/div><\/a><a class=\"iwg-wesen-card\" href=\"https:\/\/iwell-guard.com\/sl\/majas-gars\/\" aria-label=\"M\u0101jas gars\"><div class=\"iwg-wesen-card-imgwrap\"><img decoding=\"async\" src=\"https:\/\/iwell-guard.com\/wp-content\/uploads\/2026\/07\/geister_baltisch_majas-gars-200x300.webp\" alt=\"M\u0101jas gars\" loading=\"lazy\"><\/div><div class=\"iwg-wesen-card-body\"><div class=\"iwg-wesen-card-name\">M\u0101jas gars<\/div><div class=\"iwg-wesen-card-arrow\">\u2192 K bitju<\/div><\/div><\/a><a class=\"iwg-wesen-card\" href=\"https:\/\/iwell-guard.com\/sl\/kaukas\/\" aria-label=\"Kaukas\"><div class=\"iwg-wesen-card-imgwrap\"><img decoding=\"async\" src=\"https:\/\/iwell-guard.com\/wp-content\/uploads\/2026\/07\/geister_baltisch_kaukas-200x300.webp\" alt=\"Kaukas\" loading=\"lazy\"><\/div><div class=\"iwg-wesen-card-body\"><div class=\"iwg-wesen-card-name\">Kaukas<\/div><div class=\"iwg-wesen-card-arrow\">\u2192 K bitju<\/div><\/div><\/a><a class=\"iwg-wesen-card\" href=\"https:\/\/iwell-guard.com\/sl\/aitvaras\/\" aria-label=\"Aitvaras\"><div class=\"iwg-wesen-card-imgwrap\"><img decoding=\"async\" src=\"https:\/\/iwell-guard.com\/wp-content\/uploads\/2026\/07\/geister_baltisch_aitvaras-200x300.webp\" alt=\"Aitvaras\" loading=\"lazy\"><\/div><div class=\"iwg-wesen-card-body\"><div class=\"iwg-wesen-card-name\">Aitvaras<\/div><div class=\"iwg-wesen-card-arrow\">\u2192 K bitju<\/div><\/div><\/a><\/div>\t\t\t\t\t\t\t\t<\/div>\n\t\t\t\t\t<\/div>\n\t\t\t\t<\/div>\n\t\t\t\t\t<\/div>\n\t\t\t\t<\/div>\n\t\t<div class=\"elementor-element elementor-element-iwgkw2-add-sami e-flex e-con-boxed e-con e-parent\" data-id=\"iwgkw2-add-sami\" data-element_type=\"container\" data-e-type=\"container\">\n\t\t\t\t\t<div class=\"e-con-inner\">\n\t\t\t\t<div class=\"elementor-element elementor-element-iwgkw2-add-sami-t elementor-widget elementor-widget-text-editor\" data-id=\"iwgkw2-add-sami-t\" data-element_type=\"widget\" data-e-type=\"widget\" data-widget_type=\"text-editor.default\">\n\t\t\t\t\t\t\t\t\t<p>Litovsko-latvijski <em>kult ognja Gabija<\/em> povezuje doma\u010de ognji\u0161\u010de, darove in zapovedi \u010distosti v samostojno za\u0161\u010ditno prakso za hi\u0161o in dru\u017eino, medtem ko je <em>hi\u0161na ka\u010da \u017daltys<\/em> veljala za \u017eivo za\u0161\u010ditno \u017eival za blaginjo in varnost dvori\u0161\u010da ter \u017eivine.<\/p>\t\t\t\t\t\t\t\t<\/div>\n\t\t\t\t\t<\/div>\n\t\t\t\t<\/div>\n\t\t<div class=\"elementor-element elementor-element-iwgcn-sami-kwd e-flex e-con-boxed e-con e-parent\" data-id=\"iwgcn-sami-kwd\" data-element_type=\"container\" data-e-type=\"container\">\n\t\t\t\t\t<div class=\"e-con-inner\">\n\t\t<div class=\"elementor-element elementor-element-iwgcn-sami-kwd-c e-con-full e-flex e-con e-child\" data-id=\"iwgcn-sami-kwd-c\" data-element_type=\"container\" data-e-type=\"container\">\n\t\t\t\t<div class=\"elementor-element elementor-element-iwgcn-sami-kwdt elementor-widget elementor-widget-text-editor\" data-id=\"iwgcn-sami-kwdt\" data-element_type=\"widget\" data-e-type=\"widget\" data-widget_type=\"text-editor.default\">\n\t\t\t\t\t\t\t\t\t<p><em>Sorodni klju\u010dni pojmi: Perk\u016bnas P\u0113rkons Dievas Dievs Laima Saul\u0117 Gabija \u017daltys daine Litva Latvija.<\/em><\/p>\t\t\t\t\t\t\t\t<\/div>\n\t\t\t\t<\/div>\n\t\t\t\t\t<\/div>\n\t\t\t\t<\/div>\n\t\t<div class=\"elementor-element elementor-element-iwgcn-sami-cc e-flex e-con-boxed e-con e-parent\" data-id=\"iwgcn-sami-cc\" data-element_type=\"container\" data-e-type=\"container\" id=\"iwg-cc-sami\">\n\t\t\t\t\t<div class=\"e-con-inner\">\n\t\t<div class=\"elementor-element elementor-element-iwgcn-sami-ccinner e-flex e-con-boxed e-con e-parent\" data-id=\"iwgcn-sami-ccinner\" data-element_type=\"container\" data-e-type=\"container\" data-settings=\"{&quot;background_background&quot;:&quot;classic&quot;}\">\n\t\t\t\t\t<div class=\"e-con-inner\">\n\t\t\t\t<div class=\"elementor-element elementor-element-iwgcn-sami-cch elementor-widget elementor-widget-heading\" data-id=\"iwgcn-sami-cch\" data-element_type=\"widget\" data-e-type=\"widget\" data-widget_type=\"heading.default\">\n\t\t\t\t\t<h2 class=\"elementor-heading-title elementor-size-default\">Za\u0161\u010ditni predmeti v tej kulturni tradiciji<\/h2>\t\t\t\t<\/div>\n\t\t\t\t<div class=\"elementor-element elementor-element-iwgcn-sami-cct elementor-widget elementor-widget-text-editor\" data-id=\"iwgcn-sami-cct\" data-element_type=\"widget\" data-e-type=\"widget\" data-widget_type=\"text-editor.default\">\n\t\t\t\t\t\t\t\t\t<p>Baltsko izro\u010dilo poznaznano skrbno varovano ognji\u0161\u010de Gabije, z mlekom hranjeno hi\u0161no ka\u010do \u017daltys kot \u017eivo za\u0161\u010ditno \u017eival ter ambivalentne hi\u0161ne duhove, kot sta Kaukas in ognjeni Aitvaras, ki prina\u0161ajo blaginjo, ob nespo\u0161tovanju pa tudi nesre\u010do; nosljivi amuleti so v virih izpri\u010dani redkeje kot te na hi\u0161o in dvori\u0161\u010de vezane oblike za\u0161\u010dite, primerljive kve\u010djemu z <a href=\"https:\/\/iwell-guard.com\/sl\/zelezo-in-mrzlo-zelezo\/\">\u017eelezom<\/a> ali <a href=\"https:\/\/iwell-guard.com\/sl\/zascitna-vrecka-in-breverl\/\">za\u0161\u010ditnimi vre\u010dkami<\/a> drugih kultur. Pregled za\u0161\u010ditnih predmetov razli\u010dnih izro\u010dil ponuja <a href=\"https:\/\/iwell-guard.com\/sl\/kompas-zascite\/\">Kompas za\u0161\u010dite<\/a>.<\/p><div data-nosnippet=\"true\"><p>iWell Guard se ume\u0161\u010da v to kulturnozgodovinsko linijo nosljivih za\u0161\u010ditnih predmetov, v sodobni materialni arhitekturi, izdelan v Nem\u010diji. 41 plasti, pravo zlato, platina, srebro. 30-dnevna pravica do vra\u010dila.<\/p><\/div>\t\t\t\t\t\t\t\t<\/div>\n\t\t\t\t<div class=\"elementor-element elementor-element-iwgcn-sami-ccb iwg-cc-button iwg-cc-cta-2026-05-13 elementor-widget elementor-widget-jet-button\" data-id=\"iwgcn-sami-ccb\" data-element_type=\"widget\" data-e-type=\"widget\" data-widget_type=\"jet-button.default\">\n\t\t\t\t<div class=\"elementor-widget-container\">\n\t\t\t\t\t<div class=\"elementor-jet-button jet-elements\"><div class=\"jet-button__container\"><a class=\"jet-button__instance jet-button__instance--icon-left hover-effect-1\" href=\"\/ueber-iwell-guard\/?utm_source=iwell-guard.com&amp;utm_medium=info-box&amp;utm_campaign=kultur-tradition\"><div class=\"jet-button__plane jet-button__plane-normal\"><\/div><div class=\"jet-button__plane jet-button__plane-hover\"><\/div><div class=\"jet-button__state jet-button__state-normal\"><span class=\"jet-button__label\">Ve\u010d o iWell Guard<\/span><\/div><div class=\"jet-button__state jet-button__state-hover\"><span class=\"jet-button__label\">Ve\u010d o iWell Guard<\/span><\/div><\/a><\/div><\/div><style>.elementor-element.elementor-element-iwgcn-sami-ccb .jet-button__instance{width:320px;height:56px;}.elementor-element.elementor-element-iwgcn-sami-ccb .jet-button__state-normal .jet-button__label{text-align:center;margin:0px 0px 0px 0px;color:#1a1b20;font-family:Montserrat,sans-serif;font-size:13px;font-weight:400;letter-spacing:4px;line-height:1.714em;text-transform:uppercase;}.elementor-element.elementor-element-iwgcn-sami-ccb .jet-button__state-hover .jet-button__label{text-align:center;margin:0px 0px 0px 0px;color:#FECC76;font-family:Montserrat,sans-serif;font-size:13px;font-weight:400;letter-spacing:4px;line-height:1.714em;text-transform:uppercase;}.elementor-element.elementor-element-iwgcn-sami-ccb .jet-button__plane-normal{background-color:#FECC76;border-style:solid;border-color:#C99540;border-width:2px 2px 2px 2px;}.elementor-element.elementor-element-iwgcn-sami-ccb .jet-button__plane-hover{background-color:rgba(0,0,0,0.55);border-style:solid;border-color:#FECC76;border-width:2px 2px 2px 2px;}<\/style>\t\t\t\t<\/div>\n\t\t\t\t<\/div>\n\t\t\t\t<div class=\"elementor-element elementor-element-iwgcn-sami-ccd elementor-widget elementor-widget-text-editor\" data-id=\"iwgcn-sami-ccd\" data-element_type=\"widget\" data-e-type=\"widget\" data-widget_type=\"text-editor.default\">\n\t\t\t\t\t\t\t\t\t<div data-nosnippet=\"true\"><p style=\"text-align:center;font-size:13px;opacity:0.7;margin-top:14px\" data-nosnippet=\"true\">Osebne izku\u0161nje se lahko razlikujejo. Ni medicinski pripomo\u010dek. Brez obljube o ozdravitvi.<\/p><\/div>\t\t\t\t\t\t\t\t<\/div>\n\t\t\t\t\t<\/div>\n\t\t\t\t<\/div>\n\t\t\t\t\t<\/div>\n\t\t\t\t<\/div>\n\t\t<div class=\"elementor-element elementor-element-iwgcn-sami-disc e-flex e-con-boxed e-con e-parent\" data-id=\"iwgcn-sami-disc\" data-element_type=\"container\" data-e-type=\"container\">\n\t\t\t\t\t<div class=\"e-con-inner\">\n\t\t\t\t<div class=\"elementor-element elementor-element-iwgcn-sami-discw elementor-widget elementor-widget-html\" data-id=\"iwgcn-sami-discw\" data-element_type=\"widget\" data-e-type=\"widget\" data-widget_type=\"html.default\">\n\t\t\t\t\t<footer data-nosnippet=\"true\" class=\"iwg-disclaimer-block\"><p data-nosnippet=\"true\">iWell Guard <strong>ni medicinski pripomo\u010dek<\/strong> in ne nadome\u0161\u010da zdravni\u0161ke ali psihoterapevtske obravnave. Religiologske vsebine so kulturnozgodovinska umestitev, ne priporo\u010dilo za duhovno prakso.<\/p><\/footer>\t\t\t\t<\/div>\n\t\t\t\t\t<\/div>\n\t\t\t\t<\/div>\n\t\t\t\t<\/div>\n\t\t","protected":false},"excerpt":{"rendered":"","protected":false},"author":3,"featured_media":20404,"parent":0,"menu_order":0,"comment_status":"closed","ping_status":"closed","template":"elementor_header_footer","meta":{"_yoast_wpseo_focuskw":"baltska mitologija","_yoast_wpseo_title":"Baltska mitologija: bogovi Litve in Latvije","_yoast_wpseo_metadesc":"Perk\u016bnas, Gabija in hi\u0161na ka\u010da \u017daltys: baltska mitologija Litve in Latvije, religiologsko utemeljeno razlo\u017eena.","_yoast_wpseo_meta-robots-noindex":"","_yoast_wpseo_canonical":"","_angie_page":false,"gefaehrdungsstufe":"","wesen_kultur":"","wesen_klasse":"","footnotes":""},"categories":[],"class_list":["post-161600","page","type-page","status-publish","has-post-thumbnail","hentry"],"yoast_head":"<!-- This site is optimized with the Yoast SEO Premium plugin v27.7 (Yoast SEO v28.3) - https:\/\/yoast.com\/product\/yoast-seo-premium-wordpress\/ -->\n<title>Baltska mitologija: bogovi Litve in Latvije<\/title>\n<meta name=\"description\" content=\"Perk\u016bnas, Gabija in hi\u0161na ka\u010da \u017daltys: baltska mitologija Litve in Latvije, religiologsko utemeljeno razlo\u017eena.\" \/>\n<meta name=\"robots\" content=\"index, follow, max-snippet:-1, max-image-preview:large, max-video-preview:-1\" \/>\n<link rel=\"canonical\" href=\"https:\/\/iwell-guard.com\/sl\/baltska-mitologija\/\" \/>\n<meta property=\"og:locale\" content=\"sl_SI\" \/>\n<meta property=\"og:type\" content=\"article\" \/>\n<meta property=\"og:title\" content=\"Baltska mitologija\" \/>\n<meta property=\"og:description\" content=\"Perk\u016bnas, Gabija in hi\u0161na ka\u010da \u017daltys: baltska mitologija Litve in Latvije, religiologsko utemeljeno razlo\u017eena.\" \/>\n<meta property=\"og:url\" content=\"https:\/\/iwell-guard.com\/sl\/baltska-mitologija\/\" \/>\n<meta property=\"og:site_name\" content=\"iWell Guard\" \/>\n<meta property=\"article:modified_time\" content=\"2026-09-05T01:08:42+00:00\" \/>\n<meta property=\"og:image\" content=\"https:\/\/iwell-guard.com\/wp-content\/uploads\/2026\/07\/goetter_baltikum_medeina.webp\" \/>\n\t<meta property=\"og:image:width\" content=\"1024\" \/>\n\t<meta property=\"og:image:height\" content=\"1536\" \/>\n\t<meta property=\"og:image:type\" content=\"image\/webp\" \/>\n<meta name=\"twitter:card\" content=\"summary_large_image\" \/>\n<script type=\"application\/ld+json\" class=\"yoast-schema-graph\">{\"@context\":\"https:\\\/\\\/schema.org\",\"@graph\":[{\"@type\":\"WebPage\",\"@id\":\"https:\\\/\\\/iwell-guard.com\\\/sl\\\/baltska-mitologija\\\/\",\"url\":\"https:\\\/\\\/iwell-guard.com\\\/sl\\\/baltska-mitologija\\\/\",\"name\":\"Baltska mitologija: bogovi Litve in Latvije\",\"isPartOf\":{\"@id\":\"https:\\\/\\\/iwell-guard.com\\\/sl\\\/#website\"},\"primaryImageOfPage\":{\"@id\":\"https:\\\/\\\/iwell-guard.com\\\/sl\\\/baltska-mitologija\\\/#primaryimage\"},\"image\":{\"@id\":\"https:\\\/\\\/iwell-guard.com\\\/sl\\\/baltska-mitologija\\\/#primaryimage\"},\"thumbnailUrl\":\"https:\\\/\\\/iwell-guard.com\\\/wp-content\\\/uploads\\\/2026\\\/07\\\/goetter_baltikum_medeina.webp\",\"datePublished\":\"2026-09-05T00:33:50+00:00\",\"dateModified\":\"2026-09-05T01:08:42+00:00\",\"description\":\"Perk\u016bnas, Gabija in hi\u0161na ka\u010da \u017daltys: baltska mitologija Litve in Latvije, religiologsko utemeljeno razlo\u017eena.\",\"breadcrumb\":{\"@id\":\"https:\\\/\\\/iwell-guard.com\\\/sl\\\/baltska-mitologija\\\/#breadcrumb\"},\"inLanguage\":\"sl-SI\",\"potentialAction\":[{\"@type\":\"ReadAction\",\"target\":[\"https:\\\/\\\/iwell-guard.com\\\/sl\\\/baltska-mitologija\\\/\"]}]},{\"@type\":\"ImageObject\",\"inLanguage\":\"sl-SI\",\"@id\":\"https:\\\/\\\/iwell-guard.com\\\/sl\\\/baltska-mitologija\\\/#primaryimage\",\"url\":\"https:\\\/\\\/iwell-guard.com\\\/wp-content\\\/uploads\\\/2026\\\/07\\\/goetter_baltikum_medeina.webp\",\"contentUrl\":\"https:\\\/\\\/iwell-guard.com\\\/wp-content\\\/uploads\\\/2026\\\/07\\\/goetter_baltikum_medeina.webp\",\"width\":1024,\"height\":1536,\"caption\":\"Medeina, boginja baltskega izro\u010dila\"},{\"@type\":\"BreadcrumbList\",\"@id\":\"https:\\\/\\\/iwell-guard.com\\\/sl\\\/baltska-mitologija\\\/#breadcrumb\",\"itemListElement\":[{\"@type\":\"ListItem\",\"position\":1,\"name\":\"Start\",\"item\":\"https:\\\/\\\/iwell-guard.com\\\/sl\\\/?page_id=160323\"},{\"@type\":\"ListItem\",\"position\":2,\"name\":\"Baltska mitologija\"}]},{\"@type\":\"WebSite\",\"@id\":\"https:\\\/\\\/iwell-guard.com\\\/sl\\\/#website\",\"url\":\"https:\\\/\\\/iwell-guard.com\\\/sl\\\/\",\"name\":\"iWell Guard\",\"description\":\"Schutz vor dunklen Einfl\u00fcssen\",\"publisher\":{\"@id\":\"https:\\\/\\\/iwell-guard.com\\\/sl\\\/#organization\"},\"potentialAction\":[{\"@type\":\"SearchAction\",\"target\":{\"@type\":\"EntryPoint\",\"urlTemplate\":\"https:\\\/\\\/iwell-guard.com\\\/sl\\\/?s={search_term_string}\"},\"query-input\":{\"@type\":\"PropertyValueSpecification\",\"valueRequired\":true,\"valueName\":\"search_term_string\"}}],\"inLanguage\":\"sl-SI\"},{\"@type\":\"Organization\",\"@id\":\"https:\\\/\\\/iwell-guard.com\\\/sl\\\/#organization\",\"name\":\"Ittermann electronic GmbH\",\"url\":\"https:\\\/\\\/iwell-guard.com\\\/sl\\\/\",\"logo\":{\"@type\":\"ImageObject\",\"inLanguage\":\"sl-SI\",\"@id\":\"https:\\\/\\\/iwell-guard.com\\\/sl\\\/#\\\/schema\\\/logo\\\/image\\\/\",\"url\":\"https:\\\/\\\/iwell-guard.com\\\/wp-content\\\/uploads\\\/2026\\\/05\\\/Ittermann-Logo-1182x237-1.png\",\"contentUrl\":\"https:\\\/\\\/iwell-guard.com\\\/wp-content\\\/uploads\\\/2026\\\/05\\\/Ittermann-Logo-1182x237-1.png\",\"width\":1182,\"height\":237,\"caption\":\"Ittermann electronic GmbH\"},\"image\":{\"@id\":\"https:\\\/\\\/iwell-guard.com\\\/sl\\\/#\\\/schema\\\/logo\\\/image\\\/\"},\"sameAs\":[\"https:\\\/\\\/pantip.com\\\/profile\\\/9367242\",\"https:\\\/\\\/micro.blog\\\/iwellguard\",\"https:\\\/\\\/www.diggerslist.com\\\/iwellguard\\\/about\",\"https:\\\/\\\/skitterphoto.com\\\/photographers\\\/2870314\\\/iwell-guard\",\"https:\\\/\\\/iwellguard.wordpress.com\\\/2026\\\/06\\\/06\\\/iwell-guard\\\/\",\"https:\\\/\\\/hub.docker.com\\\/u\\\/iwellguard\",\"https:\\\/\\\/www.pinterest.com\\\/iwellguard\\\/\",\"https:\\\/\\\/bit.ly\\\/m\\\/iwellguard\",\"https:\\\/\\\/entre-vos-mains.alsace.eu\\\/profiles\\\/iwellguard\\\/activity\",\"https:\\\/\\\/gravatar.com\\\/reallybeded8fd34\",\"https:\\\/\\\/naijamatta.com\\\/iwellguard\",\"https:\\\/\\\/www.goodreads.com\\\/iwellguard\",\"https:\\\/\\\/profile.hatena.ne.jp\\\/iwellguard\\\/\",\"https:\\\/\\\/experiment.com\\\/users\\\/iwellguard\",\"https:\\\/\\\/wakelet.com\\\/@iWellGuard82270\",\"https:\\\/\\\/www.chordie.com\\\/forum\\\/profile.php?id=2555664\",\"https:\\\/\\\/www.instapaper.com\\\/p\\\/17757966\",\"https:\\\/\\\/www.mapleprimes.com\\\/users\\\/iwellguard\",\"https:\\\/\\\/businesslistingplus.com\\\/profile\\\/iwell-guard\\\/\",\"https:\\\/\\\/telegra.ph\\\/iWell-Guard-06-06\",\"https:\\\/\\\/pbase.com\\\/iwellguard\\\/iwellguard\",\"https:\\\/\\\/b.hatena.ne.jp\\\/iwellguard\\\/20260607#bookmark-4788405196491818882\",\"https:\\\/\\\/fliphtml5.com\\\/home\\\/iwellguard\",\"https:\\\/\\\/anyflip.com\\\/homepage\\\/cmiwl#About\",\"https:\\\/\\\/transfur.com\\\/Users\\\/iwellguard\",\"http:\\\/\\\/delphi.larsbo.org\\\/user\\\/iwellguard\",\"https:\\\/\\\/jobs.lajobsportal.org\\\/profiles\\\/8380803-iwell-guard\",\"https:\\\/\\\/md.chaosdorf.de\\\/s\\\/jfbe5SBdJD\",\"https:\\\/\\\/www.lingvolive.com\\\/en-us\\\/profile\\\/9ecaeaca-ce11-4e51-9e71-01d55e2bff36\\\/translations\",\"https:\\\/\\\/www.fitday.com\\\/fitness\\\/forums\\\/members\\\/iwellguard.html\",\"https:\\\/\\\/www.mymeetbook.com\\\/iwellguard\",\"https:\\\/\\\/pxhere.com\\\/en\\\/photographer-me\\\/5040798\",\"https:\\\/\\\/disqus.com\\\/by\\\/iwellguard\\\/about\\\/\",\"https:\\\/\\\/pastelink.net\\\/hjwciqwq\",\"https:\\\/\\\/pubhtml5.com\\\/homepage\\\/scjhn\\\/\",\"https:\\\/\\\/www.bitchute.com\\\/channel\\\/2O2eOKzNqujT\",\"https:\\\/\\\/audiomack.com\\\/iwellguard\"]}]}<\/script>\n<!-- \/ Yoast SEO Premium plugin. -->","yoast_head_json":{"title":"Baltska mitologija: bogovi Litve in Latvije","description":"Perk\u016bnas, Gabija in hi\u0161na ka\u010da \u017daltys: baltska mitologija Litve in Latvije, religiologsko utemeljeno razlo\u017eena.","robots":{"index":"index","follow":"follow","max-snippet":"max-snippet:-1","max-image-preview":"max-image-preview:large","max-video-preview":"max-video-preview:-1"},"canonical":"https:\/\/iwell-guard.com\/sl\/baltska-mitologija\/","og_locale":"sl_SI","og_type":"article","og_title":"Baltska mitologija","og_description":"Perk\u016bnas, Gabija in hi\u0161na ka\u010da \u017daltys: baltska mitologija Litve in Latvije, religiologsko utemeljeno razlo\u017eena.","og_url":"https:\/\/iwell-guard.com\/sl\/baltska-mitologija\/","og_site_name":"iWell Guard","article_modified_time":"2026-09-05T01:08:42+00:00","og_image":[{"width":1024,"height":1536,"url":"https:\/\/iwell-guard.com\/wp-content\/uploads\/2026\/07\/goetter_baltikum_medeina.webp","type":"image\/webp"}],"twitter_card":"summary_large_image","schema":{"@context":"https:\/\/schema.org","@graph":[{"@type":"WebPage","@id":"https:\/\/iwell-guard.com\/sl\/baltska-mitologija\/","url":"https:\/\/iwell-guard.com\/sl\/baltska-mitologija\/","name":"Baltska mitologija: bogovi Litve in Latvije","isPartOf":{"@id":"https:\/\/iwell-guard.com\/sl\/#website"},"primaryImageOfPage":{"@id":"https:\/\/iwell-guard.com\/sl\/baltska-mitologija\/#primaryimage"},"image":{"@id":"https:\/\/iwell-guard.com\/sl\/baltska-mitologija\/#primaryimage"},"thumbnailUrl":"https:\/\/iwell-guard.com\/wp-content\/uploads\/2026\/07\/goetter_baltikum_medeina.webp","datePublished":"2026-09-05T00:33:50+00:00","dateModified":"2026-09-05T01:08:42+00:00","description":"Perk\u016bnas, Gabija in hi\u0161na ka\u010da \u017daltys: baltska mitologija Litve in Latvije, religiologsko utemeljeno razlo\u017eena.","breadcrumb":{"@id":"https:\/\/iwell-guard.com\/sl\/baltska-mitologija\/#breadcrumb"},"inLanguage":"sl-SI","potentialAction":[{"@type":"ReadAction","target":["https:\/\/iwell-guard.com\/sl\/baltska-mitologija\/"]}]},{"@type":"ImageObject","inLanguage":"sl-SI","@id":"https:\/\/iwell-guard.com\/sl\/baltska-mitologija\/#primaryimage","url":"https:\/\/iwell-guard.com\/wp-content\/uploads\/2026\/07\/goetter_baltikum_medeina.webp","contentUrl":"https:\/\/iwell-guard.com\/wp-content\/uploads\/2026\/07\/goetter_baltikum_medeina.webp","width":1024,"height":1536,"caption":"Medeina, boginja baltskega izro\u010dila"},{"@type":"BreadcrumbList","@id":"https:\/\/iwell-guard.com\/sl\/baltska-mitologija\/#breadcrumb","itemListElement":[{"@type":"ListItem","position":1,"name":"Start","item":"https:\/\/iwell-guard.com\/sl\/?page_id=160323"},{"@type":"ListItem","position":2,"name":"Baltska mitologija"}]},{"@type":"WebSite","@id":"https:\/\/iwell-guard.com\/sl\/#website","url":"https:\/\/iwell-guard.com\/sl\/","name":"iWell Guard","description":"Schutz vor dunklen Einfl\u00fcssen","publisher":{"@id":"https:\/\/iwell-guard.com\/sl\/#organization"},"potentialAction":[{"@type":"SearchAction","target":{"@type":"EntryPoint","urlTemplate":"https:\/\/iwell-guard.com\/sl\/?s={search_term_string}"},"query-input":{"@type":"PropertyValueSpecification","valueRequired":true,"valueName":"search_term_string"}}],"inLanguage":"sl-SI"},{"@type":"Organization","@id":"https:\/\/iwell-guard.com\/sl\/#organization","name":"Ittermann electronic GmbH","url":"https:\/\/iwell-guard.com\/sl\/","logo":{"@type":"ImageObject","inLanguage":"sl-SI","@id":"https:\/\/iwell-guard.com\/sl\/#\/schema\/logo\/image\/","url":"https:\/\/iwell-guard.com\/wp-content\/uploads\/2026\/05\/Ittermann-Logo-1182x237-1.png","contentUrl":"https:\/\/iwell-guard.com\/wp-content\/uploads\/2026\/05\/Ittermann-Logo-1182x237-1.png","width":1182,"height":237,"caption":"Ittermann electronic GmbH"},"image":{"@id":"https:\/\/iwell-guard.com\/sl\/#\/schema\/logo\/image\/"},"sameAs":["https:\/\/pantip.com\/profile\/9367242","https:\/\/micro.blog\/iwellguard","https:\/\/www.diggerslist.com\/iwellguard\/about","https:\/\/skitterphoto.com\/photographers\/2870314\/iwell-guard","https:\/\/iwellguard.wordpress.com\/2026\/06\/06\/iwell-guard\/","https:\/\/hub.docker.com\/u\/iwellguard","https:\/\/www.pinterest.com\/iwellguard\/","https:\/\/bit.ly\/m\/iwellguard","https:\/\/entre-vos-mains.alsace.eu\/profiles\/iwellguard\/activity","https:\/\/gravatar.com\/reallybeded8fd34","https:\/\/naijamatta.com\/iwellguard","https:\/\/www.goodreads.com\/iwellguard","https:\/\/profile.hatena.ne.jp\/iwellguard\/","https:\/\/experiment.com\/users\/iwellguard","https:\/\/wakelet.com\/@iWellGuard82270","https:\/\/www.chordie.com\/forum\/profile.php?id=2555664","https:\/\/www.instapaper.com\/p\/17757966","https:\/\/www.mapleprimes.com\/users\/iwellguard","https:\/\/businesslistingplus.com\/profile\/iwell-guard\/","https:\/\/telegra.ph\/iWell-Guard-06-06","https:\/\/pbase.com\/iwellguard\/iwellguard","https:\/\/b.hatena.ne.jp\/iwellguard\/20260607#bookmark-4788405196491818882","https:\/\/fliphtml5.com\/home\/iwellguard","https:\/\/anyflip.com\/homepage\/cmiwl#About","https:\/\/transfur.com\/Users\/iwellguard","http:\/\/delphi.larsbo.org\/user\/iwellguard","https:\/\/jobs.lajobsportal.org\/profiles\/8380803-iwell-guard","https:\/\/md.chaosdorf.de\/s\/jfbe5SBdJD","https:\/\/www.lingvolive.com\/en-us\/profile\/9ecaeaca-ce11-4e51-9e71-01d55e2bff36\/translations","https:\/\/www.fitday.com\/fitness\/forums\/members\/iwellguard.html","https:\/\/www.mymeetbook.com\/iwellguard","https:\/\/pxhere.com\/en\/photographer-me\/5040798","https:\/\/disqus.com\/by\/iwellguard\/about\/","https:\/\/pastelink.net\/hjwciqwq","https:\/\/pubhtml5.com\/homepage\/scjhn\/","https:\/\/www.bitchute.com\/channel\/2O2eOKzNqujT","https:\/\/audiomack.com\/iwellguard"]}]}},"_links":{"self":[{"href":"https:\/\/iwell-guard.com\/sl\/wp-json\/wp\/v2\/pages\/161600","targetHints":{"allow":["GET"]}}],"collection":[{"href":"https:\/\/iwell-guard.com\/sl\/wp-json\/wp\/v2\/pages"}],"about":[{"href":"https:\/\/iwell-guard.com\/sl\/wp-json\/wp\/v2\/types\/page"}],"author":[{"embeddable":true,"href":"https:\/\/iwell-guard.com\/sl\/wp-json\/wp\/v2\/users\/3"}],"replies":[{"embeddable":true,"href":"https:\/\/iwell-guard.com\/sl\/wp-json\/wp\/v2\/comments?post=161600"}],"version-history":[{"count":0,"href":"https:\/\/iwell-guard.com\/sl\/wp-json\/wp\/v2\/pages\/161600\/revisions"}],"wp:featuredmedia":[{"embeddable":true,"href":"https:\/\/iwell-guard.com\/sl\/wp-json\/wp\/v2\/media\/20404"}],"wp:attachment":[{"href":"https:\/\/iwell-guard.com\/sl\/wp-json\/wp\/v2\/media?parent=161600"}],"wp:term":[{"taxonomy":"category","embeddable":true,"href":"https:\/\/iwell-guard.com\/sl\/wp-json\/wp\/v2\/categories?post=161600"}],"curies":[{"name":"wp","href":"https:\/\/api.w.org\/{rel}","templated":true}]}}