{"id":161012,"date":"2026-09-05T00:28:17","date_gmt":"2026-09-05T00:28:17","guid":{"rendered":"https:\/\/iwell-guard.com\/?page_id=161012"},"modified":"2026-09-05T00:51:47","modified_gmt":"2026-09-05T00:51:47","slug":"zvok-in-svetloba-za-obrambo","status":"publish","type":"page","link":"https:\/\/iwell-guard.com\/sl\/zvok-in-svetloba-za-obrambo\/","title":{"rendered":"Zvok in svetloba kot obramba"},"content":{"rendered":"\t\t<div data-elementor-type=\"wp-page\" data-elementor-id=\"161012\" class=\"elementor elementor-161012 elementor-3777 elementor-bc-flex-widget\" data-elementor-post-type=\"page\">\n\t\t\t\t<div class=\"elementor-element elementor-element-iwgs-klang-und-licht-hero e-flex e-con-boxed e-con e-parent\" data-id=\"iwgs-klang-und-licht-hero\" data-element_type=\"container\" data-e-type=\"container\">\n\t\t\t\t\t<div class=\"e-con-inner\">\n\t\t<div class=\"elementor-element elementor-element-iw-klang-und-licht-hero-left e-con-full e-flex e-con e-child\" data-id=\"iw-klang-und-licht-hero-left\" data-element_type=\"container\" data-e-type=\"container\">\n\t\t\t\t<div class=\"elementor-element elementor-element-iwgs-klang-und-licht-h1 elementor-widget elementor-widget-heading\" data-id=\"iwgs-klang-und-licht-h1\" data-element_type=\"widget\" data-e-type=\"widget\" data-widget_type=\"heading.default\">\n\t\t\t\t\t<h1 class=\"elementor-heading-title elementor-size-default\">Zvok in svetloba kot obramba<\/h1>\t\t\t\t<\/div>\n\t\t<div class=\"elementor-element elementor-element-iw-klang-und-licht-hero-bw e-con-full e-flex e-con e-child\" data-id=\"iw-klang-und-licht-hero-bw\" data-element_type=\"container\" data-e-type=\"container\">\n\t\t\t\t<div class=\"elementor-element elementor-element-iwgs-klang-und-licht-pills elementor-widget elementor-widget-html\" data-id=\"iwgs-klang-und-licht-pills\" data-element_type=\"widget\" data-e-type=\"widget\" data-widget_type=\"html.default\">\n\t\t\t\t\t<div class=\"iwg-pill-row\"><span class=\"iwg-klasse-badge\" tabindex=\"0\" data-tooltip=\"Vrsta za\u0161\u010ditnega sredstva.\">Vrsta za\u0161\u010ditnega sredstva<\/span><a href=\"https:\/\/iwell-guard.com\/sl\/?page_id=161020\" class=\"iwg-kultur-badge\" tabindex=\"0\" data-tooltip=\"K pregledu.\">Za\u0161\u010ditni kompas<\/a><\/div>\t\t\t\t<\/div>\n\t\t\t\t<div class=\"elementor-element elementor-element-iwgs-klang-und-licht-lead elementor-widget elementor-widget-text-editor\" data-id=\"iwgs-klang-und-licht-lead\" data-element_type=\"widget\" data-e-type=\"widget\" data-widget_type=\"text-editor.default\">\n\t\t\t\t\t\t\t\t\t<p>Med za\u0161\u010ditnimi sredstvi, ki jih poznamo iz ljudskega izro\u010dila, imata zvok in svetloba posebno mesto: sta minljiva, dragocena in ju je mogo\u010de ustvariti povsod. Zvonjenja ni mogo\u010de nosti v \u017eepu, sve\u010de ni mogo\u010de prikleniti na stavbo.<\/p><p>Njihov u\u010dinek se poka\u017ee v trenutku uporabe, ne trajno. Ravno v tem je njun zna\u010daj aktivnih za\u0161\u010ditnih sredstev, ki jih ljudje zavestno uporabijo, ko zaznajo gro\u017enjo ali \u017eelijo zaznamovati mejo.<\/p>\n<p>Kulture na vseh celinah so zvok in svetlobo opisovale kot sredstvo obrambe. Oblike se razlikujejo: cerkveni zvonovi v Evropi, cimbale v budisti\u010dni Aziji, bobni v zapadnoafri\u0161kih obredih.<\/p><p>Bakle na pragu, sve\u010de na <span class=\"iwg-fachbegriff\" data-tooltip=\"Povi\u0161ano mesto ali miza za daritve in verska opravila.\" tabindex=\"0\">altarju<\/span>, kresovi ob son\u010dnem obratu. Kar jih povezuje, je temeljno na\u010delo: zvok in svetloba pre\u017eemata prostor, oznanjata prisotnost in po <span class=\"iwg-fachbegriff\" data-tooltip=\"Prena\u0161anje znanja in pripovedi skozi generacije.\" tabindex=\"0\">izro\u010dilu<\/span> veljata za nezdru\u017eljiva s tem, kar \u0161koduje.<\/p>\n<p>Na tej strani boste na\u0161li pregled kategorije, skupne zna\u010dilnosti njunega delovanja in kratko predstavitev treh podrobnej\u0161ih strani: <a href=\"https:\/\/iwell-guard.com\/sl\/?page_id=161023\">za\u0161\u010ditni zvonovi<\/a>, <a href=\"https:\/\/iwell-guard.com\/sl\/?page_id=161024\">za\u0161\u010ditna sve\u010da<\/a> in <a href=\"https:\/\/iwell-guard.com\/sl\/?page_id=161022\">za\u0161\u010ditni ogenj<\/a>. Tako zvok in svetloba po izro\u010dilu slu\u017eita obrambi pred \u0161kodljivimi bitji, katerih bli\u017eino izro\u010dilo povezuje s ti\u0161ino in temo.<\/p>\t\t\t\t\t\t\t\t<\/div>\n\t\t\t\t<\/div>\n\t\t\t\t<\/div>\n\t\t<div class=\"elementor-element elementor-element-iw-klang-und-licht-hero-img e-con-full e-flex e-con e-child\" data-id=\"iw-klang-und-licht-hero-img\" data-element_type=\"container\" data-e-type=\"container\">\n\t\t\t\t<div class=\"elementor-element elementor-element-iwgs-klang-und-licht-himg iwg-hero-image elementor-widget elementor-widget-image\" data-id=\"iwgs-klang-und-licht-himg\" data-element_type=\"widget\" data-e-type=\"widget\" data-widget_type=\"image.default\">\n\t\t\t\t\t\t\t\t\t\t\t\t\t\t\t<img fetchpriority=\"high\" decoding=\"async\" width=\"683\" height=\"1024\" src=\"https:\/\/iwell-guard.com\/wp-content\/uploads\/2026\/05\/schutzsymbol_universell_klang-und-licht-683x1024.png\" class=\"attachment-large size-large wp-image-162186\" alt=\"Zvok in svetloba za odganjanje zla \u2013 kolokol in svetlobni \u017earek&quot;}\n\nPopravek: pravilna slovenska beseda za &quot;Glocke&quot; je &quot;kolokol\u010dek&quot; ali bolje &quot;zvonec&quot;. Tukaj je popravljen odgovor:\n\n{&quot;9a2dd3d4326948f2&quot;: &quot;Zvok in svetloba za odganjanje zla \u2013 zvonec in svetlobni \u017earek\" srcset=\"https:\/\/iwell-guard.com\/wp-content\/uploads\/2026\/05\/schutzsymbol_universell_klang-und-licht-683x1024.png 683w, https:\/\/iwell-guard.com\/wp-content\/uploads\/2026\/05\/schutzsymbol_universell_klang-und-licht-200x300.png 200w, https:\/\/iwell-guard.com\/wp-content\/uploads\/2026\/05\/schutzsymbol_universell_klang-und-licht-768x1152.png 768w, https:\/\/iwell-guard.com\/wp-content\/uploads\/2026\/05\/schutzsymbol_universell_klang-und-licht.png 1024w\" sizes=\"(max-width: 683px) 100vw, 683px\" \/>\t\t\t\t\t\t\t\t\t\t\t\t\t\t\t<\/div>\n\t\t\t\t<\/div>\n\t\t\t\t\t<\/div>\n\t\t\t\t<\/div>\n\t\t<div class=\"elementor-element elementor-element-iwgs-klang-und-licht-s0 e-flex e-con-boxed e-con e-parent\" data-id=\"iwgs-klang-und-licht-s0\" data-element_type=\"container\" data-e-type=\"container\">\n\t\t\t\t\t<div class=\"e-con-inner\">\n\t\t\t\t<div class=\"elementor-element elementor-element-iwgs-klang-und-licht-s0h elementor-widget elementor-widget-heading\" data-id=\"iwgs-klang-und-licht-s0h\" data-element_type=\"widget\" data-e-type=\"widget\" data-widget_type=\"heading.default\">\n\t\t\t\t\t<h2 class=\"elementor-heading-title elementor-size-default\">Skupne zna\u010dilnosti in na\u010delo delovanja<\/h2>\t\t\t\t<\/div>\n\t\t<div class=\"elementor-element elementor-element-iw-klang-und-licht-s0-bw e-con-full e-flex e-con e-child\" data-id=\"iw-klang-und-licht-s0-bw\" data-element_type=\"container\" data-e-type=\"container\">\n\t\t\t\t<div class=\"elementor-element elementor-element-iwgs-klang-und-licht-s0t elementor-widget elementor-widget-text-editor\" data-id=\"iwgs-klang-und-licht-s0t\" data-element_type=\"widget\" data-e-type=\"widget\" data-widget_type=\"text-editor.default\">\n\t\t\t\t\t\t\t\t\t<p>Zvok in svetloba si v <span class=\"iwg-fachbegriff\" data-tooltip=\"Prena\u0161anje znanja in pripovedi skozi generacije.\" tabindex=\"0\">izro\u010dilu<\/span> delita ve\u010d lastnosti, na katerih temelji njun za\u0161\u010ditni zna\u010daj.<\/p>\n<p>Prvi\u010d, oba veljata za obliki energije, ki prostor spreminjata od znotraj navzven. Pri\u017egana sve\u010da vzdu\u0161je sobe spremeni druga\u010de kot obe\u0161en <span class=\"iwg-fachbegriff\" data-tooltip=\"No\u0161en predmet, ki naj bi imel za\u0161\u010ditno, zlo odvra\u010dajo\u010do mo\u010d.\" tabindex=\"0\">amulet<\/span>. Zvok zvona prodre skozi stene, ki jih naslikan znak ne more pre\u010dkati.<\/p><p><span class=\"iwg-fachbegriff\" data-tooltip=\"Prena\u0161anje znanja in pripovedi skozi generacije.\" tabindex=\"0\">Izro\u010dilo<\/span> to prodorno mo\u010d opisuje kot bistveno: kar deluje v temi, postane vidno; kar deluje v ti\u0161ini, je moteno.<\/p>\n<p>Drugi\u010d, zvok in svetloba sta vezana na \u010dlove\u0161ko dejanje. Nekdo mora zazvoniti, pri\u017egati, zanetiti ogenj. To dejanje v mnogih izro\u010dilih velja za del za\u0161\u010dite samo po sebi, saj zdru\u017euje namero in zbranost. Zgolj obstoj zvona brez zvonjenja ali sve\u010de brez plamena po <span class=\"iwg-fachbegriff\" data-tooltip=\"Prena\u0161anje znanja in pripovedi skozi generacije.\" tabindex=\"0\">izro\u010dilu<\/span> praviloma nima za\u0161\u010ditnega u\u010dinka.<\/p>\n<p>Tretji\u010d, skupna jima je povezava s pragovi in prehodi. Zvonovi zvonijo ob posebnih trenutkih, ne neprestano. Sve\u010de gorijo pono\u010di, ne podnevi. Ognji plapolajo ob solsticiju in za\u010detku zime. <span class=\"iwg-fachbegriff\" data-tooltip=\"Prena\u0161anje znanja in pripovedi skozi generacije.\" tabindex=\"0\">Izro\u010dilo<\/span> nevarnost ume\u0161\u010da na meje: med dnevom in no\u010djo, med letnimi \u010dasi, med znanim in neznanim.<\/p>\t\t\t\t\t\t\t\t<\/div>\n\t\t\t\t<\/div>\n\t\t\t\t\t<\/div>\n\t\t\t\t<\/div>\n\t\t<div class=\"elementor-element elementor-element-iwgs-klang-und-licht-s1 e-flex e-con-boxed e-con e-parent\" data-id=\"iwgs-klang-und-licht-s1\" data-element_type=\"container\" data-e-type=\"container\">\n\t\t\t\t\t<div class=\"e-con-inner\">\n\t\t\t\t<div class=\"elementor-element elementor-element-iwgs-klang-und-licht-s1h elementor-widget elementor-widget-heading\" data-id=\"iwgs-klang-und-licht-s1h\" data-element_type=\"widget\" data-e-type=\"widget\" data-widget_type=\"heading.default\">\n\t\t\t\t\t<h2 class=\"elementor-heading-title elementor-size-default\">Medkulturni pregled<\/h2>\t\t\t\t<\/div>\n\t\t<div class=\"elementor-element elementor-element-iw-klang-und-licht-s1-bw e-con-full e-flex e-con e-child\" data-id=\"iw-klang-und-licht-s1-bw\" data-element_type=\"container\" data-e-type=\"container\">\n\t\t\t\t<div class=\"elementor-element elementor-element-iwgs-klang-und-licht-s1t elementor-widget elementor-widget-text-editor\" data-id=\"iwgs-klang-und-licht-s1t\" data-element_type=\"widget\" data-e-type=\"widget\" data-widget_type=\"text-editor.default\">\n\t\t\t\t\t\t\t\t\t<p>Tri podrobnej\u0161e strani te kategorije obravnavajo najpomembnej\u0161e oblike.<\/p>\n<p><strong><a href=\"https:\/\/iwell-guard.com\/sl\/?page_id=161023\">Za\u0161\u010ditni zvonovi in zvonjenje<\/a>:<\/strong> Zvok zvonca ali kravc\u00e1 v evropskem, japonskem in tibetanskem <span class=\"iwg-fachbegriff\" data-tooltip=\"Prena\u0161anje znanja in pripovedi skozi generacije.\" tabindex=\"0\">izro\u010dilu<\/span> velja za sredstvo, ki odganja \u0161kodljiva bitja in dolo\u010da svete prostore. Cerkveni zvonovi naj bi po srednjeve\u0161kih virih odganjali demone in pomirjali nevihte. Majhni zvon\u010dki na \u017eivalskih ovratnicah, otro\u0161kih vozi\u010dkih in kljukah vrat so imeli isto apotropejsko funkcijo v malem.<\/p>\n<p><strong><a href=\"https:\/\/iwell-guard.com\/sl\/?page_id=161024\">Za\u0161\u010ditna sve\u010da<\/a>:<\/strong> Svetloba v nadzorovani, strnjeni obliki. Sve\u010da stoji na prehodu med golo svetlobo in obredno dejanjem: pri\u017ege se z namenom, pogosto blagoslovljena, v\u010dasih oznamenjena. V kr\u0161\u010danskih, judovskih, poganskih in sinkreti\u010dnih izro\u010dilih sve\u010da gori za obrambo pred no\u010dno dejavnimi bitji, za za\u0161\u010dito umirajo\u010dih in za ohranjanje povezave s svetim.<\/p>\n<p><strong><a href=\"https:\/\/iwell-guard.com\/sl\/?page_id=161022\">Za\u0161\u010ditni ogenj in svetloba na pragu<\/a>:<\/strong> Odprti ogenj je starej\u0161a, ve\u010dja oblika. Silni ognji, kresovi ob son\u010dnem obratu in ognji v hlevih so v evropskem ljudskem izro\u010dilu slu\u017eili kolektivnemu o\u010di\u0161\u010denju in oznamovanju letnih mej, na katerih so \u0161kodljive sile veljale za posebej dejavne. Ogenj pred vhodnimi vrati, bakle okrog polja, oglenasti kri\u017ei nad pragom: svetloba kot za\u010drtanje meje.<\/p>\t\t\t\t\t\t\t\t<\/div>\n\t\t\t\t<\/div>\n\t\t\t\t\t<\/div>\n\t\t\t\t<\/div>\n\t\t<div class=\"elementor-element elementor-element-iwgs-klang-und-licht-s2 e-flex e-con-boxed e-con e-parent\" data-id=\"iwgs-klang-und-licht-s2\" data-element_type=\"container\" data-e-type=\"container\">\n\t\t\t\t\t<div class=\"e-con-inner\">\n\t\t\t\t<div class=\"elementor-element elementor-element-iwgs-klang-und-licht-s2h elementor-widget elementor-widget-heading\" data-id=\"iwgs-klang-und-licht-s2h\" data-element_type=\"widget\" data-e-type=\"widget\" data-widget_type=\"heading.default\">\n\t\t\t\t\t<h2 class=\"elementor-heading-title elementor-size-default\">Uporaba in meje<\/h2>\t\t\t\t<\/div>\n\t\t<div class=\"elementor-element elementor-element-iw-klang-und-licht-s2-bw e-con-full e-flex e-con e-child\" data-id=\"iw-klang-und-licht-s2-bw\" data-element_type=\"container\" data-e-type=\"container\">\n\t\t\t\t<div class=\"elementor-element elementor-element-iwgs-klang-und-licht-s2t elementor-widget elementor-widget-text-editor\" data-id=\"iwgs-klang-und-licht-s2t\" data-element_type=\"widget\" data-e-type=\"widget\" data-widget_type=\"text-editor.default\">\n\t\t\t\t\t\t\t\t\t<p><span class=\"iwg-fachbegriff\" data-tooltip=\"Prena\u0161anje znanja in pripovedi skozi generacije.\" tabindex=\"0\">Izro\u010dilo<\/span> opisuje zvok in svetlobo kot u\u010dinkovita proti \u0161tevilnim gro\u017enjam, obenem pa poudarja pogoje in meje. Zvonjenje brez vere in vednosti o namenu je bilo po mnenju mnogih izro\u010devalcev brez u\u010dinka. Sve\u010da, ki gori nepazljivo, ima v obredni ljudski praksi druga\u010den status kot tista, ki je pri\u017egana zavestno.<\/p>\n<p>Zvok in svetloba po skladnem izro\u010dilu nista trajne za\u0161\u010ditne pregrade. Ustvarjata okno varnosti, ne zidu. Kdor gre pono\u010di s sve\u010do skozi nezaupljivo pokrajino, je po <span class=\"iwg-fachbegriff\" data-tooltip=\"Prena\u0161anje znanja in pripovedi skozi generacije.\" tabindex=\"0\">izro\u010dilu<\/span> bolje za\u0161\u010diten kot nekdo brez svetlobe. Vendar pa <span class=\"iwg-fachbegriff\" data-tooltip=\"Prena\u0161anje znanja in pripovedi skozi generacije.\" tabindex=\"0\">izro\u010dilo<\/span> hkrati poudarja, da ugasnitev plamena za\u0161\u010ditni u\u010dinek takoj prekine.<\/p>\n<p>Nadaljnja meja je v vrsti gro\u017enje. Ne veljajo vsa \u0161kodljiva bitja po ljudskem izro\u010dilu za ob\u010dutljiva na zvok ali svetlobo. Nekateri zemeljski duhovi ali bitja, ki so izrecno povezana z ognjem, se s temi sredstvi ne pustijo odgnati. Katera bitja so opisana v povezavi s katerimi za\u0161\u010ditnimi sredstvi, prikazuje <a href=\"https:\/\/iwell-guard.com\/sl\/?page_id=161020\">Kompas za\u0161\u010dite<\/a>.<\/p>\t\t\t\t\t\t\t\t<\/div>\n\t\t\t\t<\/div>\n\t\t\t\t\t<\/div>\n\t\t\t\t<\/div>\n\t\t<div class=\"elementor-element elementor-element-iwgs-klang-und-licht-s3 e-flex e-con-boxed e-con e-parent\" data-id=\"iwgs-klang-und-licht-s3\" data-element_type=\"container\" data-e-type=\"container\">\n\t\t\t\t\t<div class=\"e-con-inner\">\n\t\t\t\t<div class=\"elementor-element elementor-element-iwgs-klang-und-licht-s3h elementor-widget elementor-widget-heading\" data-id=\"iwgs-klang-und-licht-s3h\" data-element_type=\"widget\" data-e-type=\"widget\" data-widget_type=\"heading.default\">\n\t\t\t\t\t<h2 class=\"elementor-heading-title elementor-size-default\">V Kompasu za\u0161\u010dite<\/h2>\t\t\t\t<\/div>\n\t\t<div class=\"elementor-element elementor-element-iw-klang-und-licht-s3-bw e-con-full e-flex e-con e-child\" data-id=\"iw-klang-und-licht-s3-bw\" data-element_type=\"container\" data-e-type=\"container\">\n\t\t\t\t<div class=\"elementor-element elementor-element-iwgs-klang-und-licht-s3t elementor-widget elementor-widget-text-editor\" data-id=\"iwgs-klang-und-licht-s3t\" data-element_type=\"widget\" data-e-type=\"widget\" data-widget_type=\"text-editor.default\">\n\t\t\t\t\t\t\t\t\t<p>V <a href=\"https:\/\/iwell-guard.com\/sl\/?page_id=161020\">Kompasu za\u0161\u010dite<\/a> so za\u0161\u010ditni zvonci, za\u0161\u010ditna sve\u010da in za\u0161\u010ditni ogenj vsak povezani z bitji, proti katerim so bili po <span class=\"iwg-fachbegriff\" data-tooltip=\"Prena\u0161anje znanja in pripovedi skozi generacije.\" tabindex=\"0\">izro\u010dilu<\/span> uporabljeni. Tam na prvi pogled vidite, katere razrede bitij in katere kulture ta za\u0161\u010ditna sredstva opisujejo ter pri kateri stopnji ogro\u017eenosti so priporo\u010dena.<\/p>\t\t\t\t\t\t\t\t<\/div>\n\t\t\t\t<\/div>\n\t\t\t\t\t<\/div>\n\t\t\t\t<\/div>\n\t\t<div class=\"elementor-element elementor-element-iwgs-klang-und-licht-lit e-flex e-con-boxed e-con e-parent\" data-id=\"iwgs-klang-und-licht-lit\" data-element_type=\"container\" data-e-type=\"container\">\n\t\t\t\t\t<div class=\"e-con-inner\">\n\t\t\t\t<div class=\"elementor-element elementor-element-iwgs-klang-und-licht-lith elementor-widget elementor-widget-heading\" data-id=\"iwgs-klang-und-licht-lith\" data-element_type=\"widget\" data-e-type=\"widget\" data-widget_type=\"heading.default\">\n\t\t\t\t\t<h2 class=\"elementor-heading-title elementor-size-default\">Literatura (izbor)<\/h2>\t\t\t\t<\/div>\n\t\t<div class=\"elementor-element elementor-element-iw-klang-und-licht-lit-bw e-con-full e-flex e-con e-child\" data-id=\"iw-klang-und-licht-lit-bw\" data-element_type=\"container\" data-e-type=\"container\">\n\t\t\t\t<div class=\"elementor-element elementor-element-iwgs-klang-und-licht-litt elementor-widget elementor-widget-html\" data-id=\"iwgs-klang-und-licht-litt\" data-element_type=\"widget\" data-e-type=\"widget\" data-widget_type=\"html.default\">\n\t\t\t\t\t<footer data-nosnippet=\"true\"><ul><li>Handw\u00f6rterbuch des deutschen Aberglaubens, hrsg. von Hanns B\u00e4chtold-St\u00e4ubli, 10 Bde., Berlin\/Leipzig 1927-1942 (Neudr. Berlin 1987).<\/li><li>P\u00f3cs, \u00c9va: Between the Living and the Dead. A Perspective on Witches and Seers in the Early Modern Age. Budapest 1999.<\/li><li>Eliade, Mircea: Das Heilige und das Profane. Vom Wesen des Religi\u00f6sen. Hamburg 1957.<\/li><li>Frazer, James George: Der goldene Zweig. Das Geheimnis von Glauben und Sitten der V\u00f6lker. K\u00f6ln 1968.<\/li><li>Lurker, Manfred: W\u00f6rterbuch der Symbolik. Stuttgart 1988.<\/li><\/ul><\/footer>\t\t\t\t<\/div>\n\t\t\t\t<\/div>\n\t\t\t\t\t<\/div>\n\t\t\t\t<\/div>\n\t\t<div class=\"elementor-element elementor-element-iwgs-klang-und-licht-kwd e-flex e-con-boxed e-con e-parent\" data-id=\"iwgs-klang-und-licht-kwd\" data-element_type=\"container\" data-e-type=\"container\">\n\t\t\t\t\t<div class=\"e-con-inner\">\n\t\t<div class=\"elementor-element elementor-element-iw-klang-und-licht-kwd-bw e-con-full e-flex e-con e-child\" data-id=\"iw-klang-und-licht-kwd-bw\" data-element_type=\"container\" data-e-type=\"container\">\n\t\t\t\t<div class=\"elementor-element elementor-element-iwgs-klang-und-licht-kwdt elementor-widget elementor-widget-text-editor\" data-id=\"iwgs-klang-und-licht-kwdt\" data-element_type=\"widget\" data-e-type=\"widget\" data-widget_type=\"text-editor.default\">\n\t\t\t\t\t\t\t\t\t<p><em>Sorodni klju\u010dni pojmi: zvok in svetloba za\u0161\u010dita zvonci obramba za\u0161\u010ditna sve\u010da za\u0161\u010ditni ogenj hrup duhovi.<\/em><\/p>\t\t\t\t\t\t\t\t<\/div>\n\t\t\t\t<\/div>\n\t\t\t\t\t<\/div>\n\t\t\t\t<\/div>\n\t\t<div class=\"elementor-element elementor-element-iwgs-klang-und-licht-cc e-flex e-con-boxed e-con e-parent\" data-id=\"iwgs-klang-und-licht-cc\" data-element_type=\"container\" data-e-type=\"container\" id=\"iwg-cc-klang-und-licht\">\n\t\t\t\t\t<div class=\"e-con-inner\">\n\t\t<div class=\"elementor-element elementor-element-iwgs-klang-und-licht-ccinner e-flex e-con-boxed e-con e-parent\" data-id=\"iwgs-klang-und-licht-ccinner\" data-element_type=\"container\" data-e-type=\"container\" data-settings=\"{&quot;background_background&quot;:&quot;classic&quot;}\">\n\t\t\t\t\t<div class=\"e-con-inner\">\n\t\t\t\t<div class=\"elementor-element elementor-element-iwgs-klang-und-licht-cch elementor-widget elementor-widget-heading\" data-id=\"iwgs-klang-und-licht-cch\" data-element_type=\"widget\" data-e-type=\"widget\" data-widget_type=\"heading.default\">\n\t\t\t\t\t<h2 class=\"elementor-heading-title elementor-size-default\">iWell Guard in tradicije za\u0161\u010dite<\/h2>\t\t\t\t<\/div>\n\t\t\t\t<div class=\"elementor-element elementor-element-iwgs-klang-und-licht-cct elementor-widget elementor-widget-text-editor\" data-id=\"iwgs-klang-und-licht-cct\" data-element_type=\"widget\" data-e-type=\"widget\" data-widget_type=\"text-editor.default\">\n\t\t\t\t\t\t\t\t\t<p>Povezava zvoka, svetlobe in za\u0161\u010dite se pojavlja v kulturah, ki druga o drugi niso ni\u010desar vedele. Evropski zvonci, tibetanske cimbale, staroegip\u010danske plamenice: povsod se je oblikovalo spoznanje, da zvok in svetloba nekaj spremenita v prostoru.<\/p><p><a href=\"https:\/\/iwell-guard.com\/sl\/zascitni-obesek-iwell-guard-kupiti\/\">iWell Guard<\/a> je bil zasnovan z namenom, da take za\u0161\u010ditne tradicije zdru\u017ei v obliki, ki jo lahko nosite s seboj, ne glede na \u010das in kraj. Ne nadome\u0161\u010da obredne uporabe zvoka in svetlobe, kot jo opisuje <span class=\"iwg-fachbegriff\" data-tooltip=\"Prena\u0161anje znanja in pripovedi skozi generacije.\" tabindex=\"0\">izro\u010dilo<\/span>, temve\u010d jo dopolnjuje kot trajno no\u0161en opomnik na ta na\u010dela.<\/p>\t\t\t\t\t\t\t\t<\/div>\n\t\t\t\t<div class=\"elementor-element elementor-element-iwgs-klang-und-licht-ccb iwg-cc-button iwg-cc-cta-2026-05-13 elementor-widget elementor-widget-jet-button\" data-id=\"iwgs-klang-und-licht-ccb\" data-element_type=\"widget\" data-e-type=\"widget\" data-widget_type=\"jet-button.default\">\n\t\t\t\t<div class=\"elementor-widget-container\">\n\t\t\t\t\t<div class=\"elementor-jet-button jet-elements\"><div class=\"jet-button__container\"><a class=\"jet-button__instance jet-button__instance--icon-left hover-effect-1\" href=\"\/schutzanhaenger-iwell-guard-kaufen\/?utm_source=iwell-guard.com&amp;utm_medium=info-box&amp;utm_campaign=schutzsymbole\"><div class=\"jet-button__plane jet-button__plane-normal\"><\/div><div class=\"jet-button__plane jet-button__plane-hover\"><\/div><div class=\"jet-button__state jet-button__state-normal\"><span class=\"jet-button__label\">Ve\u010d o iWell Guard<\/span><\/div><div class=\"jet-button__state jet-button__state-hover\"><span class=\"jet-button__label\">Ve\u010d o iWell Guard<\/span><\/div><\/a><\/div><\/div><style>.elementor-element.elementor-element-iwgs-klang-und-licht-ccb .jet-button__instance{width:320px;height:56px;}.elementor-element.elementor-element-iwgs-klang-und-licht-ccb .jet-button__state-normal .jet-button__label{text-align:center;margin:0px 0px 0px 0px;color:#1a1b20;font-family:Montserrat,sans-serif;font-size:13px;font-weight:400;letter-spacing:4px;line-height:1.714em;text-transform:uppercase;}.elementor-element.elementor-element-iwgs-klang-und-licht-ccb .jet-button__state-hover .jet-button__label{text-align:center;margin:0px 0px 0px 0px;color:#FECC76;font-family:Montserrat,sans-serif;font-size:13px;font-weight:400;letter-spacing:4px;line-height:1.714em;text-transform:uppercase;}.elementor-element.elementor-element-iwgs-klang-und-licht-ccb .jet-button__plane-normal{background-color:#FECC76;border-style:solid;border-color:#C99540;border-width:2px 2px 2px 2px;}.elementor-element.elementor-element-iwgs-klang-und-licht-ccb .jet-button__plane-hover{background-color:rgba(0,0,0,0.55);border-style:solid;border-color:#FECC76;border-width:2px 2px 2px 2px;}<\/style>\t\t\t\t<\/div>\n\t\t\t\t<\/div>\n\t\t\t\t<div class=\"elementor-element elementor-element-iwgs-klang-und-licht-ccd elementor-widget elementor-widget-text-editor\" data-id=\"iwgs-klang-und-licht-ccd\" data-element_type=\"widget\" data-e-type=\"widget\" data-widget_type=\"text-editor.default\">\n\t\t\t\t\t\t\t\t\t<p style=\"text-align:center;font-size:13px;opacity:0.7;margin-top:14px\" data-nosnippet=\"true\">Osebne izku\u0161nje se lahko razlikujejo. Ni medicinski izdelek. Brez zdravilnih obljub.<\/p>\t\t\t\t\t\t\t\t<\/div>\n\t\t\t\t\t<\/div>\n\t\t\t\t<\/div>\n\t\t\t\t\t<\/div>\n\t\t\t\t<\/div>\n\t\t<div class=\"elementor-element elementor-element-iwgs-klang-und-licht-disc e-flex e-con-boxed e-con e-parent\" data-id=\"iwgs-klang-und-licht-disc\" data-element_type=\"container\" data-e-type=\"container\">\n\t\t\t\t\t<div class=\"e-con-inner\">\n\t\t<div class=\"elementor-element elementor-element-iw-klang-und-licht-disc-bw e-con-full e-flex e-con e-child\" data-id=\"iw-klang-und-licht-disc-bw\" data-element_type=\"container\" data-e-type=\"container\">\n\t\t\t\t<div class=\"elementor-element elementor-element-iwgs-klang-und-licht-discw elementor-widget elementor-widget-html\" data-id=\"iwgs-klang-und-licht-discw\" data-element_type=\"widget\" data-e-type=\"widget\" data-widget_type=\"html.default\">\n\t\t\t\t\t<footer data-nosnippet=\"true\" class=\"iwg-disclaimer-block\"><p data-nosnippet=\"true\">iWell Guard <strong>ni medicinski izdelek<\/strong> in ne nadome\u0161\u010da zdravni\u0161ke ali psihoterapevtske obravnave. Vsebine, predstavljene tukaj, so religiolo\u0161ka in kulturnozgodovinska umestitev, ne pa zagotovilo o duhovnem u\u010dinku.<\/p><\/footer>\t\t\t\t<\/div>\n\t\t\t\t<\/div>\n\t\t\t\t\t<\/div>\n\t\t\t\t<\/div>\n\t\t\t\t<\/div>\n\t\t","protected":false},"excerpt":{"rendered":"","protected":false},"author":3,"featured_media":4141,"parent":0,"menu_order":0,"comment_status":"closed","ping_status":"closed","template":"elementor_header_footer","meta":{"_yoast_wpseo_focuskw":"zvok in svetloba zascita","_yoast_wpseo_title":"Zvok in svetloba za obrambo pred \u0161kodljivimi bitji","_yoast_wpseo_metadesc":"Zvonovi, sve\u010de in ogenj kot za\u0161\u010ditna sredstva: kaj izro\u010dilo pripisuje zvoku in svetlobi proti \u0161kodljivim bitjem.","_yoast_wpseo_meta-robots-noindex":"","_yoast_wpseo_canonical":"","_angie_page":false,"gefaehrdungsstufe":"","wesen_kultur":"","wesen_klasse":"","footnotes":""},"categories":[],"class_list":["post-161012","page","type-page","status-publish","has-post-thumbnail","hentry"],"yoast_head":"<!-- This site is optimized with the Yoast SEO Premium plugin v27.7 (Yoast SEO v28.3) - https:\/\/yoast.com\/product\/yoast-seo-premium-wordpress\/ -->\n<title>Zvok in svetloba za obrambo pred \u0161kodljivimi bitji<\/title>\n<meta name=\"description\" content=\"Zvonovi, sve\u010de in ogenj kot za\u0161\u010ditna sredstva: kaj izro\u010dilo pripisuje zvoku in svetlobi proti \u0161kodljivim bitjem.\" \/>\n<meta name=\"robots\" content=\"index, follow, max-snippet:-1, max-image-preview:large, max-video-preview:-1\" \/>\n<link rel=\"canonical\" href=\"https:\/\/iwell-guard.com\/sl\/zvok-in-svetloba-za-obrambo\/\" \/>\n<meta property=\"og:locale\" content=\"sl_SI\" \/>\n<meta property=\"og:type\" content=\"article\" \/>\n<meta property=\"og:title\" content=\"Zvok in svetloba kot obramba\" \/>\n<meta property=\"og:description\" content=\"Zvonovi, sve\u010de in ogenj kot za\u0161\u010ditna sredstva: kaj izro\u010dilo pripisuje zvoku in svetlobi proti \u0161kodljivim bitjem.\" \/>\n<meta property=\"og:url\" content=\"https:\/\/iwell-guard.com\/sl\/zvok-in-svetloba-za-obrambo\/\" \/>\n<meta property=\"og:site_name\" content=\"iWell Guard\" \/>\n<meta property=\"article:modified_time\" content=\"2026-09-05T00:51:47+00:00\" \/>\n<meta property=\"og:image\" content=\"https:\/\/iwell-guard.com\/wp-content\/uploads\/2026\/05\/schutzsymbol_universell_klang-und-licht.png\" \/>\n\t<meta property=\"og:image:width\" content=\"1024\" \/>\n\t<meta property=\"og:image:height\" content=\"1536\" \/>\n\t<meta property=\"og:image:type\" content=\"image\/png\" \/>\n<meta name=\"twitter:card\" content=\"summary_large_image\" \/>\n<script type=\"application\/ld+json\" class=\"yoast-schema-graph\">{\"@context\":\"https:\\\/\\\/schema.org\",\"@graph\":[{\"@type\":\"WebPage\",\"@id\":\"https:\\\/\\\/iwell-guard.com\\\/sl\\\/zvok-in-svetloba-za-obrambo\\\/\",\"url\":\"https:\\\/\\\/iwell-guard.com\\\/sl\\\/zvok-in-svetloba-za-obrambo\\\/\",\"name\":\"Zvok in svetloba za obrambo pred \u0161kodljivimi bitji\",\"isPartOf\":{\"@id\":\"https:\\\/\\\/iwell-guard.com\\\/sl\\\/#website\"},\"primaryImageOfPage\":{\"@id\":\"https:\\\/\\\/iwell-guard.com\\\/sl\\\/zvok-in-svetloba-za-obrambo\\\/#primaryimage\"},\"image\":{\"@id\":\"https:\\\/\\\/iwell-guard.com\\\/sl\\\/zvok-in-svetloba-za-obrambo\\\/#primaryimage\"},\"thumbnailUrl\":\"https:\\\/\\\/iwell-guard.com\\\/wp-content\\\/uploads\\\/2026\\\/05\\\/schutzsymbol_universell_klang-und-licht.png\",\"datePublished\":\"2026-09-05T00:28:17+00:00\",\"dateModified\":\"2026-09-05T00:51:47+00:00\",\"description\":\"Zvonovi, sve\u010de in ogenj kot za\u0161\u010ditna sredstva: kaj izro\u010dilo pripisuje zvoku in svetlobi proti \u0161kodljivim bitjem.\",\"breadcrumb\":{\"@id\":\"https:\\\/\\\/iwell-guard.com\\\/sl\\\/zvok-in-svetloba-za-obrambo\\\/#breadcrumb\"},\"inLanguage\":\"sl-SI\",\"potentialAction\":[{\"@type\":\"ReadAction\",\"target\":[\"https:\\\/\\\/iwell-guard.com\\\/sl\\\/zvok-in-svetloba-za-obrambo\\\/\"]}]},{\"@type\":\"ImageObject\",\"inLanguage\":\"sl-SI\",\"@id\":\"https:\\\/\\\/iwell-guard.com\\\/sl\\\/zvok-in-svetloba-za-obrambo\\\/#primaryimage\",\"url\":\"https:\\\/\\\/iwell-guard.com\\\/wp-content\\\/uploads\\\/2026\\\/05\\\/schutzsymbol_universell_klang-und-licht.png\",\"contentUrl\":\"https:\\\/\\\/iwell-guard.com\\\/wp-content\\\/uploads\\\/2026\\\/05\\\/schutzsymbol_universell_klang-und-licht.png\",\"width\":1024,\"height\":1536,\"caption\":\"Zvok in svetloba za odganjanje zla \u2013 kolokol in svetlobni \u017earek\\\"}\\n\\nPopravek: pravilna slovenska beseda za \\\"Glocke\\\" je \\\"kolokol\u010dek\\\" ali bolje \\\"zvonec\\\". Tukaj je popravljen odgovor:\\n\\n{\\\"9a2dd3d4326948f2\\\": \\\"Zvok in svetloba za odganjanje zla \u2013 zvonec in svetlobni \u017earek\"},{\"@type\":\"BreadcrumbList\",\"@id\":\"https:\\\/\\\/iwell-guard.com\\\/sl\\\/zvok-in-svetloba-za-obrambo\\\/#breadcrumb\",\"itemListElement\":[{\"@type\":\"ListItem\",\"position\":1,\"name\":\"Start\",\"item\":\"https:\\\/\\\/iwell-guard.com\\\/sl\\\/?page_id=160323\"},{\"@type\":\"ListItem\",\"position\":2,\"name\":\"Zvok in svetloba kot obramba\"}]},{\"@type\":\"WebSite\",\"@id\":\"https:\\\/\\\/iwell-guard.com\\\/sl\\\/#website\",\"url\":\"https:\\\/\\\/iwell-guard.com\\\/sl\\\/\",\"name\":\"iWell Guard\",\"description\":\"Schutz vor dunklen Einfl\u00fcssen\",\"publisher\":{\"@id\":\"https:\\\/\\\/iwell-guard.com\\\/sl\\\/#organization\"},\"potentialAction\":[{\"@type\":\"SearchAction\",\"target\":{\"@type\":\"EntryPoint\",\"urlTemplate\":\"https:\\\/\\\/iwell-guard.com\\\/sl\\\/?s={search_term_string}\"},\"query-input\":{\"@type\":\"PropertyValueSpecification\",\"valueRequired\":true,\"valueName\":\"search_term_string\"}}],\"inLanguage\":\"sl-SI\"},{\"@type\":\"Organization\",\"@id\":\"https:\\\/\\\/iwell-guard.com\\\/sl\\\/#organization\",\"name\":\"Ittermann electronic GmbH\",\"url\":\"https:\\\/\\\/iwell-guard.com\\\/sl\\\/\",\"logo\":{\"@type\":\"ImageObject\",\"inLanguage\":\"sl-SI\",\"@id\":\"https:\\\/\\\/iwell-guard.com\\\/sl\\\/#\\\/schema\\\/logo\\\/image\\\/\",\"url\":\"https:\\\/\\\/iwell-guard.com\\\/wp-content\\\/uploads\\\/2026\\\/05\\\/Ittermann-Logo-1182x237-1.png\",\"contentUrl\":\"https:\\\/\\\/iwell-guard.com\\\/wp-content\\\/uploads\\\/2026\\\/05\\\/Ittermann-Logo-1182x237-1.png\",\"width\":1182,\"height\":237,\"caption\":\"Ittermann electronic GmbH\"},\"image\":{\"@id\":\"https:\\\/\\\/iwell-guard.com\\\/sl\\\/#\\\/schema\\\/logo\\\/image\\\/\"},\"sameAs\":[\"https:\\\/\\\/pantip.com\\\/profile\\\/9367242\",\"https:\\\/\\\/micro.blog\\\/iwellguard\",\"https:\\\/\\\/www.diggerslist.com\\\/iwellguard\\\/about\",\"https:\\\/\\\/skitterphoto.com\\\/photographers\\\/2870314\\\/iwell-guard\",\"https:\\\/\\\/iwellguard.wordpress.com\\\/2026\\\/06\\\/06\\\/iwell-guard\\\/\",\"https:\\\/\\\/hub.docker.com\\\/u\\\/iwellguard\",\"https:\\\/\\\/www.pinterest.com\\\/iwellguard\\\/\",\"https:\\\/\\\/bit.ly\\\/m\\\/iwellguard\",\"https:\\\/\\\/entre-vos-mains.alsace.eu\\\/profiles\\\/iwellguard\\\/activity\",\"https:\\\/\\\/gravatar.com\\\/reallybeded8fd34\",\"https:\\\/\\\/naijamatta.com\\\/iwellguard\",\"https:\\\/\\\/www.goodreads.com\\\/iwellguard\",\"https:\\\/\\\/profile.hatena.ne.jp\\\/iwellguard\\\/\",\"https:\\\/\\\/experiment.com\\\/users\\\/iwellguard\",\"https:\\\/\\\/wakelet.com\\\/@iWellGuard82270\",\"https:\\\/\\\/www.chordie.com\\\/forum\\\/profile.php?id=2555664\",\"https:\\\/\\\/www.instapaper.com\\\/p\\\/17757966\",\"https:\\\/\\\/www.mapleprimes.com\\\/users\\\/iwellguard\",\"https:\\\/\\\/businesslistingplus.com\\\/profile\\\/iwell-guard\\\/\",\"https:\\\/\\\/telegra.ph\\\/iWell-Guard-06-06\",\"https:\\\/\\\/pbase.com\\\/iwellguard\\\/iwellguard\",\"https:\\\/\\\/b.hatena.ne.jp\\\/iwellguard\\\/20260607#bookmark-4788405196491818882\",\"https:\\\/\\\/fliphtml5.com\\\/home\\\/iwellguard\",\"https:\\\/\\\/anyflip.com\\\/homepage\\\/cmiwl#About\",\"https:\\\/\\\/transfur.com\\\/Users\\\/iwellguard\",\"http:\\\/\\\/delphi.larsbo.org\\\/user\\\/iwellguard\",\"https:\\\/\\\/jobs.lajobsportal.org\\\/profiles\\\/8380803-iwell-guard\",\"https:\\\/\\\/md.chaosdorf.de\\\/s\\\/jfbe5SBdJD\",\"https:\\\/\\\/www.lingvolive.com\\\/en-us\\\/profile\\\/9ecaeaca-ce11-4e51-9e71-01d55e2bff36\\\/translations\",\"https:\\\/\\\/www.fitday.com\\\/fitness\\\/forums\\\/members\\\/iwellguard.html\",\"https:\\\/\\\/www.mymeetbook.com\\\/iwellguard\",\"https:\\\/\\\/pxhere.com\\\/en\\\/photographer-me\\\/5040798\",\"https:\\\/\\\/disqus.com\\\/by\\\/iwellguard\\\/about\\\/\",\"https:\\\/\\\/pastelink.net\\\/hjwciqwq\",\"https:\\\/\\\/pubhtml5.com\\\/homepage\\\/scjhn\\\/\",\"https:\\\/\\\/www.bitchute.com\\\/channel\\\/2O2eOKzNqujT\",\"https:\\\/\\\/audiomack.com\\\/iwellguard\"]}]}<\/script>\n<!-- \/ Yoast SEO Premium plugin. -->","yoast_head_json":{"title":"Zvok in svetloba za obrambo pred \u0161kodljivimi bitji","description":"Zvonovi, sve\u010de in ogenj kot za\u0161\u010ditna sredstva: kaj izro\u010dilo pripisuje zvoku in svetlobi proti \u0161kodljivim bitjem.","robots":{"index":"index","follow":"follow","max-snippet":"max-snippet:-1","max-image-preview":"max-image-preview:large","max-video-preview":"max-video-preview:-1"},"canonical":"https:\/\/iwell-guard.com\/sl\/zvok-in-svetloba-za-obrambo\/","og_locale":"sl_SI","og_type":"article","og_title":"Zvok in svetloba kot obramba","og_description":"Zvonovi, sve\u010de in ogenj kot za\u0161\u010ditna sredstva: kaj izro\u010dilo pripisuje zvoku in svetlobi proti \u0161kodljivim bitjem.","og_url":"https:\/\/iwell-guard.com\/sl\/zvok-in-svetloba-za-obrambo\/","og_site_name":"iWell Guard","article_modified_time":"2026-09-05T00:51:47+00:00","og_image":[{"width":1024,"height":1536,"url":"https:\/\/iwell-guard.com\/wp-content\/uploads\/2026\/05\/schutzsymbol_universell_klang-und-licht.png","type":"image\/png"}],"twitter_card":"summary_large_image","schema":{"@context":"https:\/\/schema.org","@graph":[{"@type":"WebPage","@id":"https:\/\/iwell-guard.com\/sl\/zvok-in-svetloba-za-obrambo\/","url":"https:\/\/iwell-guard.com\/sl\/zvok-in-svetloba-za-obrambo\/","name":"Zvok in svetloba za obrambo pred \u0161kodljivimi bitji","isPartOf":{"@id":"https:\/\/iwell-guard.com\/sl\/#website"},"primaryImageOfPage":{"@id":"https:\/\/iwell-guard.com\/sl\/zvok-in-svetloba-za-obrambo\/#primaryimage"},"image":{"@id":"https:\/\/iwell-guard.com\/sl\/zvok-in-svetloba-za-obrambo\/#primaryimage"},"thumbnailUrl":"https:\/\/iwell-guard.com\/wp-content\/uploads\/2026\/05\/schutzsymbol_universell_klang-und-licht.png","datePublished":"2026-09-05T00:28:17+00:00","dateModified":"2026-09-05T00:51:47+00:00","description":"Zvonovi, sve\u010de in ogenj kot za\u0161\u010ditna sredstva: kaj izro\u010dilo pripisuje zvoku in svetlobi proti \u0161kodljivim bitjem.","breadcrumb":{"@id":"https:\/\/iwell-guard.com\/sl\/zvok-in-svetloba-za-obrambo\/#breadcrumb"},"inLanguage":"sl-SI","potentialAction":[{"@type":"ReadAction","target":["https:\/\/iwell-guard.com\/sl\/zvok-in-svetloba-za-obrambo\/"]}]},{"@type":"ImageObject","inLanguage":"sl-SI","@id":"https:\/\/iwell-guard.com\/sl\/zvok-in-svetloba-za-obrambo\/#primaryimage","url":"https:\/\/iwell-guard.com\/wp-content\/uploads\/2026\/05\/schutzsymbol_universell_klang-und-licht.png","contentUrl":"https:\/\/iwell-guard.com\/wp-content\/uploads\/2026\/05\/schutzsymbol_universell_klang-und-licht.png","width":1024,"height":1536,"caption":"Zvok in svetloba za odganjanje zla \u2013 kolokol in svetlobni \u017earek\"}\n\nPopravek: pravilna slovenska beseda za \"Glocke\" je \"kolokol\u010dek\" ali bolje \"zvonec\". Tukaj je popravljen odgovor:\n\n{\"9a2dd3d4326948f2\": \"Zvok in svetloba za odganjanje zla \u2013 zvonec in svetlobni \u017earek"},{"@type":"BreadcrumbList","@id":"https:\/\/iwell-guard.com\/sl\/zvok-in-svetloba-za-obrambo\/#breadcrumb","itemListElement":[{"@type":"ListItem","position":1,"name":"Start","item":"https:\/\/iwell-guard.com\/sl\/?page_id=160323"},{"@type":"ListItem","position":2,"name":"Zvok in svetloba kot obramba"}]},{"@type":"WebSite","@id":"https:\/\/iwell-guard.com\/sl\/#website","url":"https:\/\/iwell-guard.com\/sl\/","name":"iWell Guard","description":"Schutz vor dunklen Einfl\u00fcssen","publisher":{"@id":"https:\/\/iwell-guard.com\/sl\/#organization"},"potentialAction":[{"@type":"SearchAction","target":{"@type":"EntryPoint","urlTemplate":"https:\/\/iwell-guard.com\/sl\/?s={search_term_string}"},"query-input":{"@type":"PropertyValueSpecification","valueRequired":true,"valueName":"search_term_string"}}],"inLanguage":"sl-SI"},{"@type":"Organization","@id":"https:\/\/iwell-guard.com\/sl\/#organization","name":"Ittermann electronic GmbH","url":"https:\/\/iwell-guard.com\/sl\/","logo":{"@type":"ImageObject","inLanguage":"sl-SI","@id":"https:\/\/iwell-guard.com\/sl\/#\/schema\/logo\/image\/","url":"https:\/\/iwell-guard.com\/wp-content\/uploads\/2026\/05\/Ittermann-Logo-1182x237-1.png","contentUrl":"https:\/\/iwell-guard.com\/wp-content\/uploads\/2026\/05\/Ittermann-Logo-1182x237-1.png","width":1182,"height":237,"caption":"Ittermann electronic GmbH"},"image":{"@id":"https:\/\/iwell-guard.com\/sl\/#\/schema\/logo\/image\/"},"sameAs":["https:\/\/pantip.com\/profile\/9367242","https:\/\/micro.blog\/iwellguard","https:\/\/www.diggerslist.com\/iwellguard\/about","https:\/\/skitterphoto.com\/photographers\/2870314\/iwell-guard","https:\/\/iwellguard.wordpress.com\/2026\/06\/06\/iwell-guard\/","https:\/\/hub.docker.com\/u\/iwellguard","https:\/\/www.pinterest.com\/iwellguard\/","https:\/\/bit.ly\/m\/iwellguard","https:\/\/entre-vos-mains.alsace.eu\/profiles\/iwellguard\/activity","https:\/\/gravatar.com\/reallybeded8fd34","https:\/\/naijamatta.com\/iwellguard","https:\/\/www.goodreads.com\/iwellguard","https:\/\/profile.hatena.ne.jp\/iwellguard\/","https:\/\/experiment.com\/users\/iwellguard","https:\/\/wakelet.com\/@iWellGuard82270","https:\/\/www.chordie.com\/forum\/profile.php?id=2555664","https:\/\/www.instapaper.com\/p\/17757966","https:\/\/www.mapleprimes.com\/users\/iwellguard","https:\/\/businesslistingplus.com\/profile\/iwell-guard\/","https:\/\/telegra.ph\/iWell-Guard-06-06","https:\/\/pbase.com\/iwellguard\/iwellguard","https:\/\/b.hatena.ne.jp\/iwellguard\/20260607#bookmark-4788405196491818882","https:\/\/fliphtml5.com\/home\/iwellguard","https:\/\/anyflip.com\/homepage\/cmiwl#About","https:\/\/transfur.com\/Users\/iwellguard","http:\/\/delphi.larsbo.org\/user\/iwellguard","https:\/\/jobs.lajobsportal.org\/profiles\/8380803-iwell-guard","https:\/\/md.chaosdorf.de\/s\/jfbe5SBdJD","https:\/\/www.lingvolive.com\/en-us\/profile\/9ecaeaca-ce11-4e51-9e71-01d55e2bff36\/translations","https:\/\/www.fitday.com\/fitness\/forums\/members\/iwellguard.html","https:\/\/www.mymeetbook.com\/iwellguard","https:\/\/pxhere.com\/en\/photographer-me\/5040798","https:\/\/disqus.com\/by\/iwellguard\/about\/","https:\/\/pastelink.net\/hjwciqwq","https:\/\/pubhtml5.com\/homepage\/scjhn\/","https:\/\/www.bitchute.com\/channel\/2O2eOKzNqujT","https:\/\/audiomack.com\/iwellguard"]}]}},"_links":{"self":[{"href":"https:\/\/iwell-guard.com\/sl\/wp-json\/wp\/v2\/pages\/161012","targetHints":{"allow":["GET"]}}],"collection":[{"href":"https:\/\/iwell-guard.com\/sl\/wp-json\/wp\/v2\/pages"}],"about":[{"href":"https:\/\/iwell-guard.com\/sl\/wp-json\/wp\/v2\/types\/page"}],"author":[{"embeddable":true,"href":"https:\/\/iwell-guard.com\/sl\/wp-json\/wp\/v2\/users\/3"}],"replies":[{"embeddable":true,"href":"https:\/\/iwell-guard.com\/sl\/wp-json\/wp\/v2\/comments?post=161012"}],"version-history":[{"count":0,"href":"https:\/\/iwell-guard.com\/sl\/wp-json\/wp\/v2\/pages\/161012\/revisions"}],"wp:featuredmedia":[{"embeddable":true,"href":"https:\/\/iwell-guard.com\/sl\/wp-json\/wp\/v2\/media\/4141"}],"wp:attachment":[{"href":"https:\/\/iwell-guard.com\/sl\/wp-json\/wp\/v2\/media?parent=161012"}],"wp:term":[{"taxonomy":"category","embeddable":true,"href":"https:\/\/iwell-guard.com\/sl\/wp-json\/wp\/v2\/categories?post=161012"}],"curies":[{"name":"wp","href":"https:\/\/api.w.org\/{rel}","templated":true}]}}