{"id":160990,"date":"2026-09-05T00:28:03","date_gmt":"2026-09-05T00:28:03","guid":{"rendered":"https:\/\/iwell-guard.com\/?page_id=160990"},"modified":"2026-09-05T00:51:13","modified_gmt":"2026-09-05T00:51:13","slug":"jerebika-zascitno-drevo-in-zascitni-les","status":"publish","type":"page","link":"https:\/\/iwell-guard.com\/sl\/jerebika-zascitno-drevo-in-zascitni-les\/","title":{"rendered":"Jerebika \u2013 za\u0161\u010ditno drevo in za\u0161\u010ditni les ljudske magije"},"content":{"rendered":"\t\t<div data-elementor-type=\"wp-page\" data-elementor-id=\"160990\" class=\"elementor elementor-160990 elementor-3737 elementor-bc-flex-widget\" data-elementor-post-type=\"page\">\n\t\t\t\t<div class=\"elementor-element elementor-element-iwgs-eberesche-hero e-flex e-con-boxed e-con e-parent\" data-id=\"iwgs-eberesche-hero\" data-element_type=\"container\" data-e-type=\"container\">\n\t\t\t\t\t<div class=\"e-con-inner\">\n\t\t<div class=\"elementor-element elementor-element-iw-eberesche-hero-bw e-con-full e-flex e-con e-child\" data-id=\"iw-eberesche-hero-bw\" data-element_type=\"container\" data-e-type=\"container\">\n\t\t<div class=\"elementor-element elementor-element-iwgs-eberesche-hl e-flex e-con-boxed e-con e-parent\" data-id=\"iwgs-eberesche-hl\" data-element_type=\"container\" data-e-type=\"container\">\n\t\t\t\t\t<div class=\"e-con-inner\">\n\t\t<div class=\"elementor-element elementor-element-iwgs-eberesche-hlbox e-con-full e-flex e-con e-parent\" data-id=\"iwgs-eberesche-hlbox\" data-element_type=\"container\" data-e-type=\"container\">\n\t\t\t\t<div class=\"elementor-element elementor-element-iwgs-eberesche-h1 elementor-widget elementor-widget-heading\" data-id=\"iwgs-eberesche-h1\" data-element_type=\"widget\" data-e-type=\"widget\" data-widget_type=\"heading.default\">\n\t\t\t\t\t<h1 class=\"elementor-heading-title elementor-size-default\">Jerebika: za\u0161\u010ditno drevo in za\u0161\u010ditni les evropske ljudske magije<\/h1>\t\t\t\t<\/div>\n\t\t\t\t<div class=\"elementor-element elementor-element-iwgs-eberesche-lead elementor-widget elementor-widget-text-editor\" data-id=\"iwgs-eberesche-lead\" data-element_type=\"widget\" data-e-type=\"widget\" data-widget_type=\"text-editor.default\">\n\t\t\t\t\t\t\t\t\t<p>Jerebika, imenovana tudi pti\u010dja jerebika, je v evropski ljudski magiji veljala za za\u0161\u010ditno drevo. Njenemu lesu, vejam in svetlo rde\u010dim jagodam so pripisovali mo\u010d, da odganjajo \u010darovni\u0161tvo, strelo in \u0161kodljive uroke.<\/p><p>Predvsem v srednji in severni Evropi je bilo drevo povezano s \u0161tevilnimi za\u0161\u010ditnimi obi\u010daji. V ljudskem izro\u010dilu jerebika spada med za\u0161\u010ditne rastline <span class=\"iwg-fachbegriff\" data-tooltip=\"Verska praksa, ki se \u017eivi v vsakdanjem \u017eivljenju, pogosto poleg uradnega nauka.\" tabindex=\"0\">ljudske religioznosti<\/span>. Ta prispevek predstavlja izvor, <span class=\"iwg-fachbegriff\" data-tooltip=\"Izro\u010deno dejanje, ki se v skupnosti redno ponavlja.\" tabindex=\"0\">obi\u010daj<\/span> in razlago za\u0161\u010ditnega drevesa.<\/p>\t\t\t\t\t\t\t\t<\/div>\n\t\t\t\t<\/div>\n\t\t\t\t<div class=\"elementor-element elementor-element-iwgs-eberesche-pills elementor-widget elementor-widget-html\" data-id=\"iwgs-eberesche-pills\" data-element_type=\"widget\" data-e-type=\"widget\" data-widget_type=\"html.default\">\n\t\t\t\t\t<div class=\"iwg-pill-row\"><span class=\"iwg-klasse-badge\" tabindex=\"0\" data-tooltip=\"Za\u0161\u010ditni simbol, amulet ali apotropajski predmet.\">Za\u0161\u010ditni simbol<\/span><a href=\"https:\/\/iwell-guard.com\/sl\/zascitni-simboli\/\" class=\"iwg-kultur-badge\" tabindex=\"0\" data-tooltip=\"Za\u0161\u010ditna tradicija: Evropska ljudska magija\">Evropska ljudska magija<\/a><span class=\"iwg-tradition-badge\" tabindex=\"0\" data-tooltip=\"Kos lesa, ki mu pripisujejo za\u0161\u010ditno mo\u010d.\">Za\u0161\u010ditni les<\/span><\/div>\t\t\t\t<\/div>\n\t\t\t\t\t<\/div>\n\t\t\t\t<\/div>\n\t\t<div class=\"elementor-element elementor-element-iwgs-eberesche-hr e-con-full e-flex e-con e-parent\" data-id=\"iwgs-eberesche-hr\" data-element_type=\"container\" data-e-type=\"container\">\n\t\t\t\t<div class=\"elementor-element elementor-element-iwgs-eberesche-himg iwg-hero-image elementor-widget elementor-widget-image\" data-id=\"iwgs-eberesche-himg\" data-element_type=\"widget\" data-e-type=\"widget\" data-widget_type=\"image.default\">\n\t\t\t\t\t\t\t\t\t\t\t\t\t\t\t<img fetchpriority=\"high\" decoding=\"async\" width=\"683\" height=\"1024\" src=\"https:\/\/iwell-guard.com\/wp-content\/uploads\/2026\/05\/schutzsymbol_volksmagie_eberesche-683x1024.webp\" class=\"attachment-large size-large wp-image-162224\" alt=\"Jerebika - za\u0161\u010ditni simbol, muzejska ilustracija\" srcset=\"https:\/\/iwell-guard.com\/wp-content\/uploads\/2026\/05\/schutzsymbol_volksmagie_eberesche-683x1024.webp 683w, https:\/\/iwell-guard.com\/wp-content\/uploads\/2026\/05\/schutzsymbol_volksmagie_eberesche-200x300.webp 200w, https:\/\/iwell-guard.com\/wp-content\/uploads\/2026\/05\/schutzsymbol_volksmagie_eberesche-768x1152.webp 768w, https:\/\/iwell-guard.com\/wp-content\/uploads\/2026\/05\/schutzsymbol_volksmagie_eberesche.webp 1024w\" sizes=\"(max-width: 683px) 100vw, 683px\" \/>\t\t\t\t\t\t\t\t\t\t\t\t\t\t\t<\/div>\n\t\t\t\t<\/div>\n\t\t\t\t<\/div>\n\t\t\t\t\t<\/div>\n\t\t\t\t<\/div>\n\t\t<div class=\"elementor-element elementor-element-iwgs-eberesche-s0 e-flex e-con-boxed e-con e-parent\" data-id=\"iwgs-eberesche-s0\" data-element_type=\"container\" data-e-type=\"container\">\n\t\t\t\t\t<div class=\"e-con-inner\">\n\t\t\t\t<div class=\"elementor-element elementor-element-iwgs-eberesche-s0h elementor-widget elementor-widget-heading\" data-id=\"iwgs-eberesche-s0h\" data-element_type=\"widget\" data-e-type=\"widget\" data-widget_type=\"heading.default\">\n\t\t\t\t\t<h2 class=\"elementor-heading-title elementor-size-default\">Uvrstitev<\/h2>\t\t\t\t<\/div>\n\t\t<div class=\"elementor-element elementor-element-iw-eberesche-s0-bw e-con-full e-flex e-con e-child\" data-id=\"iw-eberesche-s0-bw\" data-element_type=\"container\" data-e-type=\"container\">\n\t\t<div class=\"elementor-element elementor-element-iwgs-eberesche-s0box e-con-full e-flex e-con e-parent\" data-id=\"iwgs-eberesche-s0box\" data-element_type=\"container\" data-e-type=\"container\">\n\t\t\t\t<div class=\"elementor-element elementor-element-iwgs-eberesche-s0t elementor-widget elementor-widget-text-editor\" data-id=\"iwgs-eberesche-s0t\" data-element_type=\"widget\" data-e-type=\"widget\" data-widget_type=\"text-editor.default\">\n\t\t\t\t\t\t\t\t\t<p>Jerebika, botani\u010dno Sorbus aucuparia, je v Evropi zelo raz\u0161irjeno listopadno drevo. V ljudski magiji je veljala za eno najpomembnej\u0161ih za\u0161\u010ditnih dreves. Pripisovali so ji mo\u010d, da odganja \u010darovni\u0161tvo, strelo in \u0161kodljive sile.<\/p><p>Drevo ima \u0161tevilna ljudska imena. Raz\u0161irjena so poimenovanja pti\u010dja jerebika, ve\u0161\u010da drevo, jerebikovec in podobna. Ime pti\u010dja jerebika izhaja iz tega, da pti\u010di jedo jagode, ime ve\u0161\u010da drevo pa iz pripisane za\u0161\u010ditne funkcije pred ve\u0161\u010da bitji.<\/p><p>V ljudskem izro\u010dilu jerebika spada med za\u0161\u010ditne rastline, skupino dreves in zeli\u0161\u010d, katerim je bila pripisana odganjalna mo\u010d. Tako je uvr\u0161\u010dena ob bezeg, brin in leskovec.<\/p><p>V nasprotju z izdelanimi <a href=\"https:\/\/iwell-guard.com\/sl\/zascitni-simboli\/\">za\u0161\u010ditnimi simboli<\/a> je bila jerebika \u017eiva za\u0161\u010dita. Celo drevo, posamezne veje, les in jagode so se uporabljali glede na <span class=\"iwg-fachbegriff\" data-tooltip=\"Izro\u010deno dejanje, ki se v skupnosti redno ponavlja.\" tabindex=\"0\">obi\u010daj<\/span>.<\/p><p>Za\u0161\u010ditni pomen se je razdelil na razli\u010dne dele rastline. Les je bil uporabljen za izdelavo orodij in palic, veje za name\u0161\u010danje ob hi\u0161i in hlevu, rde\u010de jagode pa kot okras in odganjalno sredstvo.<\/p><p data-nosnippet=\"true\">Poudariti je treba, da za\u0161\u010ditni u\u010dinek jerebike opisuje zgodovinsko verovanje. Drevo je ljudsko izro\u010dilo, ne pa u\u010dinkovito za\u0161\u010ditno sredstvo v naravoslovnem smislu. S tem niso povezane nobene obljube zdravljenja.<\/p>\t\t\t\t\t\t\t\t<\/div>\n\t\t\t\t<\/div>\n\t\t\t\t<\/div>\n\t\t\t\t\t<\/div>\n\t\t\t\t<\/div>\n\t\t<div class=\"elementor-element elementor-element-iwgs-eberesche-s1 e-flex e-con-boxed e-con e-parent\" data-id=\"iwgs-eberesche-s1\" data-element_type=\"container\" data-e-type=\"container\">\n\t\t\t\t\t<div class=\"e-con-inner\">\n\t\t\t\t<div class=\"elementor-element elementor-element-iwgs-eberesche-s1h elementor-widget elementor-widget-heading\" data-id=\"iwgs-eberesche-s1h\" data-element_type=\"widget\" data-e-type=\"widget\" data-widget_type=\"heading.default\">\n\t\t\t\t\t<h2 class=\"elementor-heading-title elementor-size-default\">Izvor in zgodovina<\/h2>\t\t\t\t<\/div>\n\t\t<div class=\"elementor-element elementor-element-iw-eberesche-s1-bw e-con-full e-flex e-con e-child\" data-id=\"iw-eberesche-s1-bw\" data-element_type=\"container\" data-e-type=\"container\">\n\t\t<div class=\"elementor-element elementor-element-iwgs-eberesche-s1box e-con-full e-flex e-con e-parent\" data-id=\"iwgs-eberesche-s1box\" data-element_type=\"container\" data-e-type=\"container\">\n\t\t\t\t<div class=\"elementor-element elementor-element-iwgs-eberesche-s1t elementor-widget elementor-widget-text-editor\" data-id=\"iwgs-eberesche-s1t\" data-element_type=\"widget\" data-e-type=\"widget\" data-widget_type=\"text-editor.default\">\n\t\t\t\t\t\t\t\t\t<p>Jerebika rase skoraj po vsej Evropi, od ni\u017ein do gorskih obmo\u010dij. Njena velika raz\u0161irjenost in opaznost zaradi rde\u010dih jagod sta jo zgodaj naredili za drevo, ki je imelo v ljudskem verovanju posebno vlogo.<\/p><p>\u017de v predkr\u0161\u010danskem \u010dasu je imelo drevo verjetno kultni pomen, \u010deprav so viri za to redki. V severnem <span class=\"iwg-fachbegriff\" data-tooltip=\"Prena\u0161anje znanja in pripovedi skozi generacije.\" tabindex=\"0\">izro\u010dilu<\/span> se jerebika pojavlja v povezavi z bogom Thorjem, kar ka\u017ee na staro spo\u0161tovanje drevesa.<\/p><p>Zanesljiva pri\u010devanja o za\u0161\u010ditnih obi\u010dajih izvirajo iz srednjega veka in zgodnjega novega veka. V tem \u010dasu je bilo raz\u0161irjeno verovanje v \u010darovni\u0161tvo, jerebika pa je veljala za preizku\u0161eno sredstvo pred \u0161kodljivimi silami.<\/p><p>Ljudoslovne zbirke iz 19. stoletja podrobno bele\u017eijo obi\u010daje z jerebiko. Ka\u017eejo, da je bilo drevo v Nem\u010diji, Angliji, Skandinaviji in na Baltiku povezano s podobnimi za\u0161\u010ditnimi predstavami.<\/p><p>Zlasti na pode\u017eelju se je <span class=\"iwg-fachbegriff\" data-tooltip=\"Izro\u010deno dejanje, ki se v skupnosti redno ponavlja.\" tabindex=\"0\">obi\u010daj<\/span> ohranil dolgo. \u0160e v 19. in ponekod v 20. stoletju so veje jerebike kot za\u0161\u010dito namestili ob hlevih in hi\u0161ah, zlasti na predve\u010der 1. maja.<\/p><p>Zgodovina jerebike kot za\u0161\u010ditnega drevesa ka\u017ee dolgo kontinuiteto. Od domnevno predkr\u0161\u010danskega kultnega drevesa prek za\u0161\u010ditnega sredstva zgodnjega novega veka do dokumentiranega <span class=\"iwg-fachbegriff\" data-tooltip=\"Izro\u010deno dejanje, ki se v skupnosti redno ponavlja.\" tabindex=\"0\">obi\u010daja<\/span> 19. stoletja jo je mogo\u010de spremljati skozi \u010das.<\/p><p>V anglosa\u0161kem in severnem <span class=\"iwg-fachbegriff\" data-tooltip=\"Prena\u0161anje znanja in pripovedi skozi generacije.\" tabindex=\"0\">izro\u010dilu<\/span> se jerebika prav tako pojavlja v pripovedi, da je drevo bogu Thorju pomagalo pri pre\u010dkanju dero\u010de reke.<\/p><p>Tak\u0161ni pripovedni motivi so izpri\u010dani le v srednjeve\u0161kih zapisih in ne omogo\u010dajo zanesljivih sklepov o predkr\u0161\u010danskem <span class=\"iwg-fachbegriff\" data-tooltip=\"Celota verskih \u010da\u0161\u010denja dolo\u010denega bo\u017eanstva ali svete osebe.\" tabindex=\"0\">kultu<\/span>, vendar ka\u017eejo staro povezavo drevesa s predstavo o za\u0161\u010diti in trdnosti.<\/p>\t\t\t\t\t\t\t\t<\/div>\n\t\t\t\t<\/div>\n\t\t\t\t<\/div>\n\t\t\t\t\t<\/div>\n\t\t\t\t<\/div>\n\t\t<div class=\"elementor-element elementor-element-iwgs-eberesche-s2 e-flex e-con-boxed e-con e-parent\" data-id=\"iwgs-eberesche-s2\" data-element_type=\"container\" data-e-type=\"container\">\n\t\t\t\t\t<div class=\"e-con-inner\">\n\t\t\t\t<div class=\"elementor-element elementor-element-iwgs-eberesche-s2h elementor-widget elementor-widget-heading\" data-id=\"iwgs-eberesche-s2h\" data-element_type=\"widget\" data-e-type=\"widget\" data-widget_type=\"heading.default\">\n\t\t\t\t\t<h2 class=\"elementor-heading-title elementor-size-default\">Oblika, material in izdelava<\/h2>\t\t\t\t<\/div>\n\t\t<div class=\"elementor-element elementor-element-iw-eberesche-s2-bw e-con-full e-flex e-con e-child\" data-id=\"iw-eberesche-s2-bw\" data-element_type=\"container\" data-e-type=\"container\">\n\t\t<div class=\"elementor-element elementor-element-iwgs-eberesche-s2box e-con-full e-flex e-con e-parent\" data-id=\"iwgs-eberesche-s2box\" data-element_type=\"container\" data-e-type=\"container\">\n\t\t\t\t<div class=\"elementor-element elementor-element-iwgs-eberesche-s2t elementor-widget elementor-widget-text-editor\" data-id=\"iwgs-eberesche-s2t\" data-element_type=\"widget\" data-e-type=\"widget\" data-widget_type=\"text-editor.default\">\n\t\t\t\t\t\t\t\t\t<p>Jerebika je manj\u0161e do srednje veliko listavo drevo z pernato deljenimi listi. Poleti v pozni jeseni izstopajo \u017eivo rde\u010de jagode, ki visijo v gostih kobulih. Te rde\u010de jagode imajo v ljudskem verovanju pomembno vlogo.<\/p><p>Uporabljali so razli\u010dne dele drevesa. Sve\u017ee veje z listi in jagodami so slu\u017eile za pripenjanje. Odrezali so jih ob dolo\u010denih \u010dasih in jih pritrdili na vrata, okna in stebre hlevov.<\/p><p>Les jerebike je trd in pro\u017een. Iz njega so izdelovali ro\u010daje za orodje, sprehajalne in pastirske palice, ro\u010daje za bi\u010d in majhne pripomo\u010dke. Takim predmetom iz lesa jerebike so pripisovali za\u0161\u010ditno lastnost.<\/p><p>Iz jagod so izdelovali veri\u017eice. Nizi rde\u010dih jagod jerebike so jih nosili kot okrasek ali obe\u0161ali v hi\u0161i. Pri tem je veljala mo\u010dna rde\u010da barva za pomembno.<\/p><p>Posebna obredna izdelava ve\u010dinoma ni bila potrebna. Pomemben pa je bil pravi trenutek rezanja. Nekateri obi\u010daji so predpisovali, naj se veje odre\u017eejo ob dolo\u010denih dneh ali brez \u017eeleznega orodja.<\/p><p>Tudi lega drevesa je imela pomen. Jerebika, ki je rasla na skali ali v razcepu vej drugega drevesa, torej ni koreninila v tleh, je veljala za posebej mogo\u010dno. Take drevesa so imenovali lete\u010da jerebika.<\/p><p>Marsikje je jerebika veljala tudi za vremensko drevo, katerega obilje jagod naj bi napovedovalo prihajajo\u010do zimo. Drevo, obilno obraslo z jagodami, naj bi po tem verovanju napovedovalo trdo, sne\u017eno zimo. To vremensko pravilo sicer nima neposredne zveze z za\u0161\u010ditno funkcijo, vendar ka\u017ee, kako tesno je bila jerebika povezana s kme\u010dkim svetom.<\/p>\t\t\t\t\t\t\t\t<\/div>\n\t\t\t\t<\/div>\n\t\t\t\t<\/div>\n\t\t\t\t\t<\/div>\n\t\t\t\t<\/div>\n\t\t<div class=\"elementor-element elementor-element-iwgs-eberesche-s3 e-flex e-con-boxed e-con e-parent\" data-id=\"iwgs-eberesche-s3\" data-element_type=\"container\" data-e-type=\"container\">\n\t\t\t\t\t<div class=\"e-con-inner\">\n\t\t\t\t<div class=\"elementor-element elementor-element-iwgs-eberesche-s3h elementor-widget elementor-widget-heading\" data-id=\"iwgs-eberesche-s3h\" data-element_type=\"widget\" data-e-type=\"widget\" data-widget_type=\"heading.default\">\n\t\t\t\t\t<h2 class=\"elementor-heading-title elementor-size-default\">Ljudsko izro\u010dilo in verska ozadja<\/h2>\t\t\t\t<\/div>\n\t\t<div class=\"elementor-element elementor-element-iw-eberesche-s3-bw e-con-full e-flex e-con e-child\" data-id=\"iw-eberesche-s3-bw\" data-element_type=\"container\" data-e-type=\"container\">\n\t\t<div class=\"elementor-element elementor-element-iwgs-eberesche-s3box e-con-full e-flex e-con e-parent\" data-id=\"iwgs-eberesche-s3box\" data-element_type=\"container\" data-e-type=\"container\">\n\t\t\t\t<div class=\"elementor-element elementor-element-iwgs-eberesche-s3t elementor-widget elementor-widget-text-editor\" data-id=\"iwgs-eberesche-s3t\" data-element_type=\"widget\" data-e-type=\"widget\" data-widget_type=\"text-editor.default\">\n\t\t\t\t\t\t\t\t\t<p>Jerebiki je bila pripisana zamisel, da imajo nekatera drevesa za\u0161\u010ditno mo\u010d, nasprotno \u010darovni\u0161tvu. Jerebika je veljala za enega naju\u010dinkovitej\u0161ih med njimi.<\/p><p>Osrednjo vlogo je imela rde\u010da barva jagod. Rde\u010da barva je v evropskem ljudskem verovanju na splo\u0161no veljala za odvra\u010dajo\u010do barvo, ki naj bi odganjala \u0161kodljive mo\u010di in urok. Rde\u010de jagode jerebike so to za\u0161\u010ditno barvo utele\u0161ale v naravi.<\/p><p>Drevo so uporabljali proti razli\u010dnim nevarnostim. Naj bi odganjalo \u010darovnice in njihove uroke, prepre\u010devalo no\u010dno moro ter varovalo ljudi in \u017eivino pred urokom. Tak\u0161no kopi\u010denje funkcij je zna\u010dilno za za\u0161\u010ditne rastline.<\/p><p>Jerebika je veljala za za\u0161\u010dito tudi pred strelo. V tej vlogi je bila v tekmi in hkrati v povezavi z drugimi drevesi, ki so jim pripisovali za\u0161\u010dito pred strelo. Tu se \u010duti nordijska navezava na boga groma Thora.<\/p><p>Posebno spo\u0161tovanje lete\u010de jerebike, torej drevesa, ki ni koreninilo v tleh, izhaja iz raz\u0161irjene logike ljudskega verovanja. Kar je zraslo na nenavaden na\u010din in je na videz nasprotovalo naravnemu redu, je veljalo za posebej mogo\u010dno.<\/p><p>Jerebika je tako povezovala ve\u010d predstav. Bila je drevo za odvra\u010danje \u010darovni\u0161tva, za\u0161\u010dita pred strelo in nosilka pomembne rde\u010de barve. Ta bogastvo pomenov jo je naredilo za eno najpomembnej\u0161ih dreves ljudskega verovanja.<\/p><p>Glede \u0161kodljivega uroka je obstajala predstava, da je \u010dlovek ali \u017eival z vejo jerebike za\u0161\u010diten pred urokom.<\/p><p>Veja naj bi po tej logiki nanjo usmerila \u0161kodljivo pozornost, podobno kot izstopajo\u010d <span class=\"iwg-fachbegriff\" data-tooltip=\"Predmet, ki ga nosimo pri sebi in mu pripisujemo za\u0161\u010ditno, uroku odvra\u010dajo\u010do mo\u010d.\" tabindex=\"0\">amulet<\/span>, in tako varovala dejanskega nosilca. Ta predstava je za\u0161\u010ditno drevo povezala s \u0161irokim podro\u010djem odvra\u010danja uroka.<\/p>\t\t\t\t\t\t\t\t<\/div>\n\t\t\t\t<\/div>\n\t\t\t\t<\/div>\n\t\t\t\t\t<\/div>\n\t\t\t\t<\/div>\n\t\t<div class=\"elementor-element elementor-element-iwgs-eberesche-s4 e-flex e-con-boxed e-con e-parent\" data-id=\"iwgs-eberesche-s4\" data-element_type=\"container\" data-e-type=\"container\">\n\t\t\t\t\t<div class=\"e-con-inner\">\n\t\t\t\t<div class=\"elementor-element elementor-element-iwgs-eberesche-s4h elementor-widget elementor-widget-heading\" data-id=\"iwgs-eberesche-s4h\" data-element_type=\"widget\" data-e-type=\"widget\" data-widget_type=\"heading.default\">\n\t\t\t\t\t<h2 class=\"elementor-heading-title elementor-size-default\">Uporaba in obi\u010daj<\/h2>\t\t\t\t<\/div>\n\t\t<div class=\"elementor-element elementor-element-iw-eberesche-s4-bw e-con-full e-flex e-con e-child\" data-id=\"iw-eberesche-s4-bw\" data-element_type=\"container\" data-e-type=\"container\">\n\t\t<div class=\"elementor-element elementor-element-iwgs-eberesche-s4box e-con-full e-flex e-con e-parent\" data-id=\"iwgs-eberesche-s4box\" data-element_type=\"container\" data-e-type=\"container\">\n\t\t\t\t<div class=\"elementor-element elementor-element-iwgs-eberesche-s4t elementor-widget elementor-widget-text-editor\" data-id=\"iwgs-eberesche-s4t\" data-element_type=\"widget\" data-e-type=\"widget\" data-widget_type=\"text-editor.default\">\n\t\t\t\t\t\t\t\t\t<p>Raz\u0161irjen <span class=\"iwg-fachbegriff\" data-tooltip=\"Izro\u010deno, v skupnosti redno ponavljano dejanje.\" tabindex=\"0\">obi\u010daj<\/span> je bilo pripenjanje vej jerebike na hi\u0161o in hlev. Zlasti na predve\u010der prvega maja, ko naj bi bile \u010darovnice posebej dejavne, so na vrata in stebre hlevov pripenjali sve\u017ee veje.<\/p><p>V hlevu naj bi jerebika varovala \u017eivino. Veje so pritrjevali nad vrata hleva ali jih vtaknili v notranjost hleva, da bi konje in govedo obvarovali pred boleznimi, no\u010dno moro in uroki.<\/p><p>Predmeti in palice iz lesa jerebike so imeli svoj pomen. Pastirska palica iz jerebikovega lesa naj bi varovala \u010dredo, ro\u010daj bi\u010da pa vpre\u017eno \u017eivino. Tudi kvedrala in me\u0161alna orodja iz tega lesa so veljala za koristna.<\/p><p>Pri vratih in pragovih so jerebiko uporabljali podobno kot druga za\u0161\u010ditna sredstva za stavbe. Vtaknjena veja ali kos lesa na pragu naj bi prepre\u010deval vstop \u0161kodljivim mo\u010dem.<\/p><p>Rde\u010de jagode so nizali v veri\u017eice in jih obe\u0161ali otrokom ali \u017eivalim okoli vratu. Te niz jagod je povezoval za\u0161\u010dito drevesa z odvra\u010dajo\u010dim u\u010dinkom rde\u010de barve.<\/p><p><span class=\"iwg-fachbegriff\" data-tooltip=\"Izro\u010deno, v skupnosti redno ponavljano dejanje.\" tabindex=\"0\">Obi\u010daj<\/span> je bil enostavno izvedljiv in ni bil vezan na posebno osebo. Vsako gospodinjstvo je lahko odrezalo in pripelo veje. Ta preprostost je pripomogla k \u0161irokemu razmahu obi\u010dajev povezanih z jerebiko.<\/p><p>Raz\u0161irjen je bil tudi <span class=\"iwg-fachbegriff\" data-tooltip=\"Izro\u010deno, v skupnosti redno ponavljano dejanje.\" tabindex=\"0\">obi\u010daj<\/span>, da so sve\u017ee stepeno maslo me\u0161ali s kvedrom iz lesa jerebike. \u010ce maslo ni uspelo, so to pogosto razlagali kot delo \u010darovnice, ki naj bi mleku odvzela njegovo mo\u010d. Me\u0161alno orodje iz za\u0161\u010ditnega lesa naj bi tak\u0161nemu uroku prepre\u010dilo \u0161kodo in zagotovilo uspeh dela.<\/p>\t\t\t\t\t\t\t\t<\/div>\n\t\t\t\t<\/div>\n\t\t\t\t<\/div>\n\t\t\t\t\t<\/div>\n\t\t\t\t<\/div>\n\t\t<div class=\"elementor-element elementor-element-iwgs-eberesche-s5 e-flex e-con-boxed e-con e-parent\" data-id=\"iwgs-eberesche-s5\" data-element_type=\"container\" data-e-type=\"container\">\n\t\t\t\t\t<div class=\"e-con-inner\">\n\t\t\t\t<div class=\"elementor-element elementor-element-iwgs-eberesche-s5h elementor-widget elementor-widget-heading\" data-id=\"iwgs-eberesche-s5h\" data-element_type=\"widget\" data-e-type=\"widget\" data-widget_type=\"heading.default\">\n\t\t\t\t\t<h2 class=\"elementor-heading-title elementor-size-default\">Regionalne razli\u010dice in sorodno<\/h2>\t\t\t\t<\/div>\n\t\t<div class=\"elementor-element elementor-element-iw-eberesche-s5-bw e-con-full e-flex e-con e-child\" data-id=\"iw-eberesche-s5-bw\" data-element_type=\"container\" data-e-type=\"container\">\n\t\t<div class=\"elementor-element elementor-element-iwgs-eberesche-s5box e-con-full e-flex e-con e-parent\" data-id=\"iwgs-eberesche-s5box\" data-element_type=\"container\" data-e-type=\"container\">\n\t\t\t\t<div class=\"elementor-element elementor-element-iwgs-eberesche-s5t elementor-widget elementor-widget-text-editor\" data-id=\"iwgs-eberesche-s5t\" data-element_type=\"widget\" data-e-type=\"widget\" data-widget_type=\"text-editor.default\">\n\t\t\t\t\t\t\t\t\t<p>\u0160ege v zvezi s jerebiko se razlikujejo glede na obmo\u010dje. V severni Nem\u010diji in ob Baltskem morju je bil poudarek na za\u0161\u010diti \u017eivine z nataknjenimi vejicami. V sredogorju je bila bolj poudarjena za\u0161\u010dita pred \u010darovnicami in m\u00f2ro.<\/p><p>Na \u0160kotskem in Irskem je jerebika, tam imenovana rowan, veljala za posebej mo\u010dno za\u0161\u010ditno drevo. Kri\u017ei, spleteni iz dveh jerebikovih vejic in povezani z rde\u010do nitko, so bili raz\u0161irjeno obrambno sredstvo.<\/p><p>V Skandinaviji je bila jerebika tesno povezana z za\u0161\u010dito hi\u0161e in doma. Tudi tam je posebno vlogo igrala tako imenovana lete\u010da jerebika, ki raste na drugih drevesih.<\/p><p>Jerebika je sorodna drugim za\u0161\u010ditnim rastlinam evropske ljudske magije. Bezeg je veljal za hi\u0161no drevo in za\u0161\u010dito, brin za \u010distilni kadilni les, leska pa za \u0161ibo s posebno mo\u010djo.<\/p><p>Podobno kot <a href=\"https:\/\/iwell-guard.com\/sl\/zascitni-simboli\/\">hagstein<\/a> spada jerebika med naravne predmete, katerih za\u0161\u010ditna mo\u010d ni izhajala iz \u010dlove\u0161ke izdelave, temve\u010d iz same rastline. Oboje predstavlja za\u0161\u010ditno magijo, ki se naslanja na naravo.<\/p><p>Kljub regionalnim razlikam se ka\u017ee skupen vzorec. Povsod veljajo rde\u010de jagode za pomembne, povsod je za\u0161\u010dita usmerjena proti \u010darovni\u0161tvu in m\u00f2ri, in povsod ima drevo trdno mesto pri za\u0161\u010diti hi\u0161e in \u017eivine.<\/p><p>V Walesu so jerebikov les uporabljali za ro\u010daje nihalnih palic in za vretenca, na nekaterih pokopali\u0161\u010dih pa so drevo namensko sadili, da bi zagotovili mir mrtvim. Ta cerkvi bli\u017enja uporaba ka\u017ee, da so jerebiko, podobno kot druge za\u0161\u010ditne rastline, uporabljali brez nasprotja med ljudsko-magi\u010dnim in kr\u0161\u010danskim podro\u010djem.<\/p>\t\t\t\t\t\t\t\t<\/div>\n\t\t\t\t<\/div>\n\t\t\t\t<\/div>\n\t\t\t\t\t<\/div>\n\t\t\t\t<\/div>\n\t\t<div class=\"elementor-element elementor-element-iwgs-eberesche-s6 e-flex e-con-boxed e-con e-parent\" data-id=\"iwgs-eberesche-s6\" data-element_type=\"container\" data-e-type=\"container\">\n\t\t\t\t\t<div class=\"e-con-inner\">\n\t\t\t\t<div class=\"elementor-element elementor-element-iwgs-eberesche-s6h elementor-widget elementor-widget-heading\" data-id=\"iwgs-eberesche-s6h\" data-element_type=\"widget\" data-e-type=\"widget\" data-widget_type=\"heading.default\">\n\t\t\t\t\t<h2 class=\"elementor-heading-title elementor-size-default\">Pomen kot za\u0161\u010ditno sredstvo<\/h2>\t\t\t\t<\/div>\n\t\t<div class=\"elementor-element elementor-element-iw-eberesche-s6-bw e-con-full e-flex e-con e-child\" data-id=\"iw-eberesche-s6-bw\" data-element_type=\"container\" data-e-type=\"container\">\n\t\t<div class=\"elementor-element elementor-element-iwgs-eberesche-s6box e-con-full e-flex e-con e-parent\" data-id=\"iwgs-eberesche-s6box\" data-element_type=\"container\" data-e-type=\"container\">\n\t\t\t\t<div class=\"elementor-element elementor-element-iwgs-eberesche-s6t elementor-widget elementor-widget-text-editor\" data-id=\"iwgs-eberesche-s6t\" data-element_type=\"widget\" data-e-type=\"widget\" data-widget_type=\"text-editor.default\">\n\t\t\t\t\t\t\t\t\t<p>Za\u0161\u010ditni pomen jerebike temelji na povezavi ve\u010d predstav. Drevo je veljalo za po naravi nasprotujo\u010de \u010darovni\u0161tvu, njegove rde\u010de jagode pa so nosile odbojno za\u0161\u010ditno barvo.<\/p><p>Osrednjo vlogo je imela za\u0161\u010dita \u017eivine. Ker so bolezni \u017eivine pogosto razlagali kot posledico \u0161kodljivega uroka, je bilo verjeto u\u010dinkovito obrambno sredstvo za kmetijsko gospodarstvo zelo pomembno. Jerebika je izpolnjevala to pri\u010dakovanje.<\/p><p>Za\u0161\u010dito \u017eivine je dopolnjevala za\u0161\u010dita hi\u0161e. Nataknjene vejice na vratih in oknih naj bi celotno posestvo varovale pred vdorom \u0161kodljivih sil, podobno kot vrezani obrambni znaki.<\/p><p>Pripisana za\u0161\u010dita pred strelo je za\u0161\u010ditno funkcijo raz\u0161irila na naravno nevarnost. V \u010dasu brez tehni\u010dne za\u0161\u010dite pred strelo je bilo verovanje v drevo, ki odganja strelo, za ljudi izjemno pomembno.<\/p><p>Za ljudi je vrednost jerebike le\u017eala v njeni dostopnosti. Drevo je raslo skoraj povsod, njegove vejice pa so lahko brezpla\u010dno odrezali. Za\u0161\u010dita je bila tako dosegljiva vsakemu gospodinjstvu.<\/p><p>Treba je poudariti, da ta za\u0161\u010ditni pomen odra\u017ea zgodovinske verske predstave. Dejanske obrambe pred boleznimi, \u0161kodljivim urokom ali strelo z jerebiko ni mogo\u010de povezati. Njena vrednost je v kulturnozgodovinski izpovedi o nekdanjem mi\u0161ljenju.<\/p>\t\t\t\t\t\t\t\t<\/div>\n\t\t\t\t<\/div>\n\t\t\t\t<\/div>\n\t\t\t\t\t<\/div>\n\t\t\t\t<\/div>\n\t\t<div class=\"elementor-element elementor-element-iwgs-eberesche-s7 e-flex e-con-boxed e-con e-parent\" data-id=\"iwgs-eberesche-s7\" data-element_type=\"container\" data-e-type=\"container\">\n\t\t\t\t\t<div class=\"e-con-inner\">\n\t\t\t\t<div class=\"elementor-element elementor-element-iwgs-eberesche-s7h elementor-widget elementor-widget-heading\" data-id=\"iwgs-eberesche-s7h\" data-element_type=\"widget\" data-e-type=\"widget\" data-widget_type=\"heading.default\">\n\t\t\t\t\t<h2 class=\"elementor-heading-title elementor-size-default\">Stanje virov in zgodovina raziskav<\/h2>\t\t\t\t<\/div>\n\t\t<div class=\"elementor-element elementor-element-iw-eberesche-s7-bw e-con-full e-flex e-con e-child\" data-id=\"iw-eberesche-s7-bw\" data-element_type=\"container\" data-e-type=\"container\">\n\t\t<div class=\"elementor-element elementor-element-iwgs-eberesche-s7box e-con-full e-flex e-con e-parent\" data-id=\"iwgs-eberesche-s7box\" data-element_type=\"container\" data-e-type=\"container\">\n\t\t\t\t<div class=\"elementor-element elementor-element-iwgs-eberesche-s7t elementor-widget elementor-widget-text-editor\" data-id=\"iwgs-eberesche-s7t\" data-element_type=\"widget\" data-e-type=\"widget\" data-widget_type=\"text-editor.default\">\n\t\t\t\t\t\t\t\t\t<p>Viri o jerebiki kot za\u0161\u010ditnem drevesu so za <span class=\"iwg-fachbegriff\" data-tooltip=\"Obdobje pribli\u017eno od 15. do 18. stoletja.\" tabindex=\"0\">novi vek<\/span> in 19. stoletje obse\u017eni, za starej\u0161a obdobja pa pomanjkljivi. Marsikaj o predkr\u0161\u010danskem \u010dasu ostaja zgolj domneva.<\/p><p>Za severno <span class=\"iwg-fachbegriff\" data-tooltip=\"Prena\u0161anje znanja in pripovedi skozi generacije.\" tabindex=\"0\">izro\u010dilo<\/span> ponujajo srednjeve\u0161ki islandski spisi namige o pomenu jerebike v povezavi z bogom Thorom. Ti dokazi so vendar skopi in jih je treba tolma\u010diti previdno.<\/p><p>Najpomembnej\u0161o podlago tvorijo folkloristi\u010dne zbirke iz 19. in za\u010detka 20. stoletja. Raziskovalci so z anketiranjem zbrali obse\u017eno gradivo o \u0161egah, ki ka\u017ee regionalno raznolikost jerebikinih \u0161eg.<\/p><p>Priro\u010dni slovar nem\u0161kega praznoverja ponuja iz\u010drpen vnos o jerebiki. Sistemati\u010dno razvr\u0161\u010da \u0161ege in jih povezuje s predstavami o \u010darovni\u0161tvu, m\u00f2ri in za\u0161\u010ditni barvi.<\/p><p>Metodolo\u0161ka te\u017eava je v sklepanju iz mlaj\u0161ih \u0161eg na predkr\u0161\u010danski kultni pomen. Raziskave tu svarijo k previdnosti, saj poznej\u0161ih \u0161eg ni mogo\u010de kar tako projicirati nazaj v daljno preteklost.<\/p><p>Zgodovina raziskovanja ka\u017ee, da jerebika spada med najbolje dokumentirana za\u0161\u010ditna drevesa Evrope. Folkloristi\u010dno zbiranje je njeno raznoliko vlogo v ljudski magiji iz\u010drpno osvetlilo.<\/p><p>Ponavljajo\u010da se te\u017eava raziskav je zamenjevanje jerebike z drugimi drevesi v starej\u0161ih besedilih. Ljudska poimenovanja niso enozna\u010dna, izrazi kot Quitsche ali Drudenbaum pa so bili regionalno razli\u010dno uporabljani. Natan\u010dna dolo\u010ditev, katero drevo je v posameznem viru mi\u0161ljeno, zato zahteva primerjavo z regionalno rabo jezika.<\/p>\t\t\t\t\t\t\t\t<\/div>\n\t\t\t\t<\/div>\n\t\t\t\t<\/div>\n\t\t\t\t\t<\/div>\n\t\t\t\t<\/div>\n\t\t<div class=\"elementor-element elementor-element-iwgs-eberesche-s8 e-flex e-con-boxed e-con e-parent\" data-id=\"iwgs-eberesche-s8\" data-element_type=\"container\" data-e-type=\"container\">\n\t\t\t\t\t<div class=\"e-con-inner\">\n\t\t\t\t<div class=\"elementor-element elementor-element-iwgs-eberesche-s8h elementor-widget elementor-widget-heading\" data-id=\"iwgs-eberesche-s8h\" data-element_type=\"widget\" data-e-type=\"widget\" data-widget_type=\"heading.default\">\n\t\t\t\t\t<h2 class=\"elementor-heading-title elementor-size-default\">Sodobna recepcija<\/h2>\t\t\t\t<\/div>\n\t\t<div class=\"elementor-element elementor-element-iw-eberesche-s8-bw e-con-full e-flex e-con e-child\" data-id=\"iw-eberesche-s8-bw\" data-element_type=\"container\" data-e-type=\"container\">\n\t\t<div class=\"elementor-element elementor-element-iwgs-eberesche-s8box e-con-full e-flex e-con e-parent\" data-id=\"iwgs-eberesche-s8box\" data-element_type=\"container\" data-e-type=\"container\">\n\t\t\t\t<div class=\"elementor-element elementor-element-iwgs-eberesche-s8t elementor-widget elementor-widget-text-editor\" data-id=\"iwgs-eberesche-s8t\" data-element_type=\"widget\" data-e-type=\"widget\" data-widget_type=\"text-editor.default\">\n\t\t\t\t\t\t\t\t\t<p>Jerebika je danes znana predvsem kot okrasna in pti\u010djim vrstam prijazna lesnata rastlina. Njeni rde\u010di plodovi so pomemben vir hrane za ptice, zaradi \u010desar je priljubljena v naravnih vrtovih.<\/p><p>V sodobni naravni medicini in <span class=\"iwg-fachbegriff\" data-tooltip=\"Skupno poimenovanje za nauke, ki zahtevajo skrito, dostopno le vpeljanim znanje.\" tabindex=\"0\">ezoteriki<\/span> se jerebika ob\u010dasno pojavlja kot drevo za\u0161\u010dite. Priro\u010dniki jo opisujejo kot drevo z odvra\u010dalno mo\u010djo. Ti opisi se navezujejo na stare predstave, vendar jih je treba razlikovati od zgodovinskega <span class=\"iwg-fachbegriff\" data-tooltip=\"Prena\u0161anje znanja in pripovedi skozi generacije.\" tabindex=\"0\">izro\u010dila<\/span>.<\/p><p>V ohranjanju ljudskih \u0161eg in domoznanstvu znanje o jerebiki kot za\u0161\u010ditnem drevesu \u017eivi naprej. Pri posredovanju regionalne ljudske kulture se drevo in njegov stari <span class=\"iwg-fachbegriff\" data-tooltip=\"Izro\u010dena, v skupnosti redno ponavljajo\u010da se dejavnost.\" tabindex=\"0\">obi\u010daj<\/span> razlagata.<\/p><p>V keltsko navdihnjenem sodobnem paganizmu ima jerebika pod imenom Rowan pomembno vlogo. Tam jo razumejo kot za\u0161\u010ditno drevo, pri \u010demer se zgodovinsko <span class=\"iwg-fachbegriff\" data-tooltip=\"Prena\u0161anje znanja in pripovedi skozi generacije.\" tabindex=\"0\">izro\u010dilo<\/span> in sodobna reinterpretacija med seboj prepletata.<\/p><div data-nosnippet=\"true\"><p>Kdor \u017eeli natan\u010dneje razumeti vlogo jerebike v nordijskem in keltskem ljudskem verovanju, naj pose\u017ee po etnolo\u0161kih priro\u010dnikih in pregledu za\u0161\u010ditnih simbolov. Ezoteri\u010dni priro\u010dniki pogosto zgodovino za\u0161\u010ditnega drevesa prikazujejo zelo poenostavljeno.<\/p><\/div><p>Dana\u0161nje dojemanje tako ka\u017ee dve smeri. Jerebika je cenjena naravna lesnata rastlina, hkrati pa kot za\u0161\u010ditno drevo \u017eivi naprej v ohranjanju ljudskih \u0161eg in sodobnem paganizmu, tam pa v na novo razlo\u017eeni obliki.<\/p>\t\t\t\t\t\t\t\t<\/div>\n\t\t\t\t<\/div>\n\t\t\t\t<\/div>\n\t\t\t\t\t<\/div>\n\t\t\t\t<\/div>\n\t\t<div class=\"elementor-element elementor-element-iwgs-eberesche-lit e-flex e-con-boxed e-con e-parent\" data-id=\"iwgs-eberesche-lit\" data-element_type=\"container\" data-e-type=\"container\">\n\t\t\t\t\t<div class=\"e-con-inner\">\n\t\t\t\t<div class=\"elementor-element elementor-element-iwgs-eberesche-lith elementor-widget elementor-widget-heading\" data-id=\"iwgs-eberesche-lith\" data-element_type=\"widget\" data-e-type=\"widget\" data-widget_type=\"heading.default\">\n\t\t\t\t\t<h2 class=\"elementor-heading-title elementor-size-default\">Literatura (izbor)<\/h2>\t\t\t\t<\/div>\n\t\t<div class=\"elementor-element elementor-element-iw-eberesche-lit-bw e-con-full e-flex e-con e-child\" data-id=\"iw-eberesche-lit-bw\" data-element_type=\"container\" data-e-type=\"container\">\n\t\t<div class=\"elementor-element elementor-element-iwgs-eberesche-litbox e-con-full e-flex e-con e-parent\" data-id=\"iwgs-eberesche-litbox\" data-element_type=\"container\" data-e-type=\"container\">\n\t\t\t\t<div class=\"elementor-element elementor-element-iwgs-eberesche-litt elementor-widget elementor-widget-html\" data-id=\"iwgs-eberesche-litt\" data-element_type=\"widget\" data-e-type=\"widget\" data-widget_type=\"html.default\">\n\t\t\t\t\t<footer data-nosnippet=\"true\"><ul><li>Hanns B\u00e4chtold-St\u00e4ubli (ur.): <em>Handw\u00f6rterbuch des deutschen Aberglaubens<\/em> (1927-1942)<\/li><li>Heinrich Marzell: <em>W\u00f6rterbuch der deutschen Pflanzennamen<\/em> (1943-1979)<\/li><li>Adolf Wuttke: <em>Der deutsche Volksaberglaube der Gegenwart<\/em> (1869)<\/li><li>Wolf-Dieter Storl: <em>Pflanzen der Kelten<\/em> (2000)<\/li><li>Doris Laudert: <em>Mythos Baum. Geschichte, Brauchtum, 40 Baumportr\u00e4ts<\/em> (1998)<\/li><\/ul><\/footer>\t\t\t\t<\/div>\n\t\t\t\t<\/div>\n\t\t\t\t<\/div>\n\t\t\t\t\t<\/div>\n\t\t\t\t<\/div>\n\t\t<div class=\"elementor-element elementor-element-iwgs-eberesche-kwd e-flex e-con-boxed e-con e-parent\" data-id=\"iwgs-eberesche-kwd\" data-element_type=\"container\" data-e-type=\"container\">\n\t\t\t\t\t<div class=\"e-con-inner\">\n\t\t<div class=\"elementor-element elementor-element-iw-eberesche-kwd-bw e-con-full e-flex e-con e-child\" data-id=\"iw-eberesche-kwd-bw\" data-element_type=\"container\" data-e-type=\"container\">\n\t\t\t\t<div class=\"elementor-element elementor-element-iwgs-eberesche-kwdt elementor-widget elementor-widget-text-editor\" data-id=\"iwgs-eberesche-kwdt\" data-element_type=\"widget\" data-e-type=\"widget\" data-widget_type=\"text-editor.default\">\n\t\t\t\t\t\t\t\t\t<p><em>Sorodni klju\u010dni pojmi: jerebika Sorbus aucuparia za\u0161\u010ditno drevo drevo strig Rowan valpurgina no\u010d obramba pred \u010darovnicami lete\u010da jerebika za\u0161\u010ditni les za\u0161\u010dita \u017eivine za\u0161\u010dita pred strelami.<\/em><\/p>\t\t\t\t\t\t\t\t<\/div>\n\t\t\t\t<\/div>\n\t\t\t\t\t<\/div>\n\t\t\t\t<\/div>\n\t\t<div class=\"elementor-element elementor-element-iwgs-eberesche-cc e-flex e-con-boxed e-con e-parent\" data-id=\"iwgs-eberesche-cc\" data-element_type=\"container\" data-e-type=\"container\" id=\"iwg-cc-eberesche\">\n\t\t\t\t\t<div class=\"e-con-inner\">\n\t\t<div class=\"elementor-element elementor-element-iwgs-eberesche-ccinner e-flex e-con-boxed e-con e-parent\" data-id=\"iwgs-eberesche-ccinner\" data-element_type=\"container\" data-e-type=\"container\" data-settings=\"{&quot;background_background&quot;:&quot;classic&quot;}\">\n\t\t\t\t\t<div class=\"e-con-inner\">\n\t\t\t\t<div class=\"elementor-element elementor-element-iwgs-eberesche-cch elementor-widget elementor-widget-heading\" data-id=\"iwgs-eberesche-cch\" data-element_type=\"widget\" data-e-type=\"widget\" data-widget_type=\"heading.default\">\n\t\t\t\t\t<h2 class=\"elementor-heading-title elementor-size-default\">iWell Guard in tradicije za\u0161\u010dite<\/h2>\t\t\t\t<\/div>\n\t\t\t\t<div class=\"elementor-element elementor-element-iwgs-eberesche-cct elementor-widget elementor-widget-text-editor\" data-id=\"iwgs-eberesche-cct\" data-element_type=\"widget\" data-e-type=\"widget\" data-widget_type=\"text-editor.default\">\n\t\t\t\t\t\t\t\t\t<p>iWell Guard se uvr\u0161\u010da v kulturnozgodovinsko linijo prenosnih za\u0161\u010ditnih predmetov, med katere spada tudi jerebika. Sodoben spremljevalec za ljudi, ki \u017eivijo z za\u0161\u010ditnimi simboli: izdelan v Nem\u010diji, 41 plasti iz pravega zlata, platine in srebra, s 30-dnevno pravico do vra\u010dila.<\/p>\t\t\t\t\t\t\t\t<\/div>\n\t\t\t\t<div class=\"elementor-element elementor-element-iwgs-eberesche-ccb iwg-cc-button iwg-cc-cta-2026-05-13 elementor-widget elementor-widget-jet-button\" data-id=\"iwgs-eberesche-ccb\" data-element_type=\"widget\" data-e-type=\"widget\" data-widget_type=\"jet-button.default\">\n\t\t\t\t<div class=\"elementor-widget-container\">\n\t\t\t\t\t<div class=\"elementor-jet-button jet-elements\"><div class=\"jet-button__container\"><a class=\"jet-button__instance jet-button__instance--icon-left hover-effect-1\" href=\"\/schutzanhaenger-iwell-guard-kaufen\/?utm_source=iwell-guard.com&amp;utm_medium=info-box&amp;utm_campaign=schutzsymbole\"><div class=\"jet-button__plane jet-button__plane-normal\"><\/div><div class=\"jet-button__plane jet-button__plane-hover\"><\/div><div class=\"jet-button__state jet-button__state-normal\"><span class=\"jet-button__label\">Ve\u010d o iWell Guard<\/span><\/div><div class=\"jet-button__state jet-button__state-hover\"><span class=\"jet-button__label\">Ve\u010d o iWell Guard<\/span><\/div><\/a><\/div><\/div><style>.elementor-element.elementor-element-iwgs-eberesche-ccb .jet-button__instance{width:320px;height:56px;}.elementor-element.elementor-element-iwgs-eberesche-ccb .jet-button__state-normal .jet-button__label{text-align:center;margin:0px 0px 0px 0px;color:#1a1b20;font-family:Montserrat,sans-serif;font-size:13px;font-weight:400;letter-spacing:4px;line-height:1.714em;text-transform:uppercase;}.elementor-element.elementor-element-iwgs-eberesche-ccb .jet-button__state-hover .jet-button__label{text-align:center;margin:0px 0px 0px 0px;color:#FECC76;font-family:Montserrat,sans-serif;font-size:13px;font-weight:400;letter-spacing:4px;line-height:1.714em;text-transform:uppercase;}.elementor-element.elementor-element-iwgs-eberesche-ccb .jet-button__plane-normal{background-color:#FECC76;border-style:solid;border-color:#C99540;border-width:2px 2px 2px 2px;}.elementor-element.elementor-element-iwgs-eberesche-ccb .jet-button__plane-hover{background-color:rgba(0,0,0,0.55);border-style:solid;border-color:#FECC76;border-width:2px 2px 2px 2px;}<\/style>\t\t\t\t<\/div>\n\t\t\t\t<\/div>\n\t\t\t\t<div class=\"elementor-element elementor-element-iwgs-eberesche-ccd elementor-widget elementor-widget-text-editor\" data-id=\"iwgs-eberesche-ccd\" data-element_type=\"widget\" data-e-type=\"widget\" data-widget_type=\"text-editor.default\">\n\t\t\t\t\t\t\t\t\t<p style=\"text-align:center;font-size:13px;opacity:0.7;margin-top:14px\" data-nosnippet=\"true\">Osebne izku\u0161nje se lahko razlikujejo. Ni medicinski izdelek. Brez zdravilnih obljub.<\/p>\t\t\t\t\t\t\t\t<\/div>\n\t\t\t\t\t<\/div>\n\t\t\t\t<\/div>\n\t\t\t\t\t<\/div>\n\t\t\t\t<\/div>\n\t\t<div class=\"elementor-element elementor-element-iwgs-eberesche-disc e-flex e-con-boxed e-con e-parent\" data-id=\"iwgs-eberesche-disc\" data-element_type=\"container\" data-e-type=\"container\">\n\t\t\t\t\t<div class=\"e-con-inner\">\n\t\t<div class=\"elementor-element elementor-element-iw-eberesche-disc-bw e-con-full e-flex e-con e-child\" data-id=\"iw-eberesche-disc-bw\" data-element_type=\"container\" data-e-type=\"container\">\n\t\t\t\t<div class=\"elementor-element elementor-element-iwgs-eberesche-discw elementor-widget elementor-widget-html\" data-id=\"iwgs-eberesche-discw\" data-element_type=\"widget\" data-e-type=\"widget\" data-widget_type=\"html.default\">\n\t\t\t\t\t<footer data-nosnippet=\"true\" class=\"iwg-disclaimer-block\"><p data-nosnippet=\"true\">iWell Guard <strong>ni medicinski izdelek<\/strong> in ne nadome\u0161\u010da zdravni\u0161ke ali psihoterapevtske obravnave. Vsebine, predstavljene tukaj, so religiolo\u0161ka in kulturnozgodovinska umestitev, ne pa zagotovilo o duhovnem u\u010dinku.<\/p><\/footer>\t\t\t\t<\/div>\n\t\t\t\t<\/div>\n\t\t\t\t\t<\/div>\n\t\t\t\t<\/div>\n\t\t\t\t<\/div>\n\t\t","protected":false},"excerpt":{"rendered":"","protected":false},"author":3,"featured_media":3573,"parent":0,"menu_order":0,"comment_status":"closed","ping_status":"closed","template":"elementor_header_footer","meta":{"_yoast_wpseo_focuskw":"Jerebika","_yoast_wpseo_title":"Jerebika: za\u0161\u010ditno drevo evropske ljudske magije","_yoast_wpseo_metadesc":"Jerebika je veljala za za\u0161\u010ditno drevo in za\u0161\u010ditni les pred \u010darovni\u0161tvom in strelo. Izvor, obi\u010daj in ljudsko izro\u010dilo za\u0161\u010ditnega drevesa.","_yoast_wpseo_meta-robots-noindex":"","_yoast_wpseo_canonical":"","_angie_page":false,"gefaehrdungsstufe":"","wesen_kultur":"","wesen_klasse":"","footnotes":""},"categories":[],"class_list":["post-160990","page","type-page","status-publish","has-post-thumbnail","hentry"],"yoast_head":"<!-- This site is optimized with the Yoast SEO Premium plugin v27.7 (Yoast SEO v28.3) - https:\/\/yoast.com\/product\/yoast-seo-premium-wordpress\/ -->\n<title>Jerebika: za\u0161\u010ditno drevo evropske ljudske magije<\/title>\n<meta name=\"description\" content=\"Jerebika je veljala za za\u0161\u010ditno drevo in za\u0161\u010ditni les pred \u010darovni\u0161tvom in strelo. Izvor, obi\u010daj in ljudsko izro\u010dilo za\u0161\u010ditnega drevesa.\" \/>\n<meta name=\"robots\" content=\"index, follow, max-snippet:-1, max-image-preview:large, max-video-preview:-1\" \/>\n<link rel=\"canonical\" href=\"https:\/\/iwell-guard.com\/sl\/jerebika-zascitno-drevo-in-zascitni-les\/\" \/>\n<meta property=\"og:locale\" content=\"sl_SI\" \/>\n<meta property=\"og:type\" content=\"article\" \/>\n<meta property=\"og:title\" content=\"Jerebika \u2013 za\u0161\u010ditno drevo in za\u0161\u010ditni les ljudske magije\" \/>\n<meta property=\"og:description\" content=\"Jerebika je veljala za za\u0161\u010ditno drevo in za\u0161\u010ditni les pred \u010darovni\u0161tvom in strelo. Izvor, obi\u010daj in ljudsko izro\u010dilo za\u0161\u010ditnega drevesa.\" \/>\n<meta property=\"og:url\" content=\"https:\/\/iwell-guard.com\/sl\/jerebika-zascitno-drevo-in-zascitni-les\/\" \/>\n<meta property=\"og:site_name\" content=\"iWell Guard\" \/>\n<meta property=\"article:modified_time\" content=\"2026-09-05T00:51:13+00:00\" \/>\n<meta property=\"og:image\" content=\"https:\/\/iwell-guard.com\/wp-content\/uploads\/2026\/05\/schutzsymbol_volksmagie_eberesche.webp\" \/>\n\t<meta property=\"og:image:width\" content=\"1024\" \/>\n\t<meta property=\"og:image:height\" content=\"1536\" \/>\n\t<meta property=\"og:image:type\" content=\"image\/webp\" \/>\n<meta name=\"twitter:card\" content=\"summary_large_image\" \/>\n<script type=\"application\/ld+json\" class=\"yoast-schema-graph\">{\"@context\":\"https:\\\/\\\/schema.org\",\"@graph\":[{\"@type\":\"WebPage\",\"@id\":\"https:\\\/\\\/iwell-guard.com\\\/sl\\\/jerebika-zascitno-drevo-in-zascitni-les\\\/\",\"url\":\"https:\\\/\\\/iwell-guard.com\\\/sl\\\/jerebika-zascitno-drevo-in-zascitni-les\\\/\",\"name\":\"Jerebika: za\u0161\u010ditno drevo evropske ljudske magije\",\"isPartOf\":{\"@id\":\"https:\\\/\\\/iwell-guard.com\\\/sl\\\/#website\"},\"primaryImageOfPage\":{\"@id\":\"https:\\\/\\\/iwell-guard.com\\\/sl\\\/jerebika-zascitno-drevo-in-zascitni-les\\\/#primaryimage\"},\"image\":{\"@id\":\"https:\\\/\\\/iwell-guard.com\\\/sl\\\/jerebika-zascitno-drevo-in-zascitni-les\\\/#primaryimage\"},\"thumbnailUrl\":\"https:\\\/\\\/iwell-guard.com\\\/wp-content\\\/uploads\\\/2026\\\/05\\\/schutzsymbol_volksmagie_eberesche.webp\",\"datePublished\":\"2026-09-05T00:28:03+00:00\",\"dateModified\":\"2026-09-05T00:51:13+00:00\",\"description\":\"Jerebika je veljala za za\u0161\u010ditno drevo in za\u0161\u010ditni les pred \u010darovni\u0161tvom in strelo. Izvor, obi\u010daj in ljudsko izro\u010dilo za\u0161\u010ditnega drevesa.\",\"breadcrumb\":{\"@id\":\"https:\\\/\\\/iwell-guard.com\\\/sl\\\/jerebika-zascitno-drevo-in-zascitni-les\\\/#breadcrumb\"},\"inLanguage\":\"sl-SI\",\"potentialAction\":[{\"@type\":\"ReadAction\",\"target\":[\"https:\\\/\\\/iwell-guard.com\\\/sl\\\/jerebika-zascitno-drevo-in-zascitni-les\\\/\"]}]},{\"@type\":\"ImageObject\",\"inLanguage\":\"sl-SI\",\"@id\":\"https:\\\/\\\/iwell-guard.com\\\/sl\\\/jerebika-zascitno-drevo-in-zascitni-les\\\/#primaryimage\",\"url\":\"https:\\\/\\\/iwell-guard.com\\\/wp-content\\\/uploads\\\/2026\\\/05\\\/schutzsymbol_volksmagie_eberesche.webp\",\"contentUrl\":\"https:\\\/\\\/iwell-guard.com\\\/wp-content\\\/uploads\\\/2026\\\/05\\\/schutzsymbol_volksmagie_eberesche.webp\",\"width\":1024,\"height\":1536,\"caption\":\"Za\u0161\u010ditni simbol. Muzejska ilustracija tiho\u017eitja.\"},{\"@type\":\"BreadcrumbList\",\"@id\":\"https:\\\/\\\/iwell-guard.com\\\/sl\\\/jerebika-zascitno-drevo-in-zascitni-les\\\/#breadcrumb\",\"itemListElement\":[{\"@type\":\"ListItem\",\"position\":1,\"name\":\"Start\",\"item\":\"https:\\\/\\\/iwell-guard.com\\\/sl\\\/?page_id=160323\"},{\"@type\":\"ListItem\",\"position\":2,\"name\":\"Jerebika \u2013 za\u0161\u010ditno drevo in za\u0161\u010ditni les ljudske magije\"}]},{\"@type\":\"WebSite\",\"@id\":\"https:\\\/\\\/iwell-guard.com\\\/sl\\\/#website\",\"url\":\"https:\\\/\\\/iwell-guard.com\\\/sl\\\/\",\"name\":\"iWell Guard\",\"description\":\"Schutz vor dunklen Einfl\u00fcssen\",\"publisher\":{\"@id\":\"https:\\\/\\\/iwell-guard.com\\\/sl\\\/#organization\"},\"potentialAction\":[{\"@type\":\"SearchAction\",\"target\":{\"@type\":\"EntryPoint\",\"urlTemplate\":\"https:\\\/\\\/iwell-guard.com\\\/sl\\\/?s={search_term_string}\"},\"query-input\":{\"@type\":\"PropertyValueSpecification\",\"valueRequired\":true,\"valueName\":\"search_term_string\"}}],\"inLanguage\":\"sl-SI\"},{\"@type\":\"Organization\",\"@id\":\"https:\\\/\\\/iwell-guard.com\\\/sl\\\/#organization\",\"name\":\"Ittermann electronic GmbH\",\"url\":\"https:\\\/\\\/iwell-guard.com\\\/sl\\\/\",\"logo\":{\"@type\":\"ImageObject\",\"inLanguage\":\"sl-SI\",\"@id\":\"https:\\\/\\\/iwell-guard.com\\\/sl\\\/#\\\/schema\\\/logo\\\/image\\\/\",\"url\":\"https:\\\/\\\/iwell-guard.com\\\/wp-content\\\/uploads\\\/2026\\\/05\\\/Ittermann-Logo-1182x237-1.png\",\"contentUrl\":\"https:\\\/\\\/iwell-guard.com\\\/wp-content\\\/uploads\\\/2026\\\/05\\\/Ittermann-Logo-1182x237-1.png\",\"width\":1182,\"height\":237,\"caption\":\"Ittermann electronic GmbH\"},\"image\":{\"@id\":\"https:\\\/\\\/iwell-guard.com\\\/sl\\\/#\\\/schema\\\/logo\\\/image\\\/\"},\"sameAs\":[\"https:\\\/\\\/pantip.com\\\/profile\\\/9367242\",\"https:\\\/\\\/micro.blog\\\/iwellguard\",\"https:\\\/\\\/www.diggerslist.com\\\/iwellguard\\\/about\",\"https:\\\/\\\/skitterphoto.com\\\/photographers\\\/2870314\\\/iwell-guard\",\"https:\\\/\\\/iwellguard.wordpress.com\\\/2026\\\/06\\\/06\\\/iwell-guard\\\/\",\"https:\\\/\\\/hub.docker.com\\\/u\\\/iwellguard\",\"https:\\\/\\\/www.pinterest.com\\\/iwellguard\\\/\",\"https:\\\/\\\/bit.ly\\\/m\\\/iwellguard\",\"https:\\\/\\\/entre-vos-mains.alsace.eu\\\/profiles\\\/iwellguard\\\/activity\",\"https:\\\/\\\/gravatar.com\\\/reallybeded8fd34\",\"https:\\\/\\\/naijamatta.com\\\/iwellguard\",\"https:\\\/\\\/www.goodreads.com\\\/iwellguard\",\"https:\\\/\\\/profile.hatena.ne.jp\\\/iwellguard\\\/\",\"https:\\\/\\\/experiment.com\\\/users\\\/iwellguard\",\"https:\\\/\\\/wakelet.com\\\/@iWellGuard82270\",\"https:\\\/\\\/www.chordie.com\\\/forum\\\/profile.php?id=2555664\",\"https:\\\/\\\/www.instapaper.com\\\/p\\\/17757966\",\"https:\\\/\\\/www.mapleprimes.com\\\/users\\\/iwellguard\",\"https:\\\/\\\/businesslistingplus.com\\\/profile\\\/iwell-guard\\\/\",\"https:\\\/\\\/telegra.ph\\\/iWell-Guard-06-06\",\"https:\\\/\\\/pbase.com\\\/iwellguard\\\/iwellguard\",\"https:\\\/\\\/b.hatena.ne.jp\\\/iwellguard\\\/20260607#bookmark-4788405196491818882\",\"https:\\\/\\\/fliphtml5.com\\\/home\\\/iwellguard\",\"https:\\\/\\\/anyflip.com\\\/homepage\\\/cmiwl#About\",\"https:\\\/\\\/transfur.com\\\/Users\\\/iwellguard\",\"http:\\\/\\\/delphi.larsbo.org\\\/user\\\/iwellguard\",\"https:\\\/\\\/jobs.lajobsportal.org\\\/profiles\\\/8380803-iwell-guard\",\"https:\\\/\\\/md.chaosdorf.de\\\/s\\\/jfbe5SBdJD\",\"https:\\\/\\\/www.lingvolive.com\\\/en-us\\\/profile\\\/9ecaeaca-ce11-4e51-9e71-01d55e2bff36\\\/translations\",\"https:\\\/\\\/www.fitday.com\\\/fitness\\\/forums\\\/members\\\/iwellguard.html\",\"https:\\\/\\\/www.mymeetbook.com\\\/iwellguard\",\"https:\\\/\\\/pxhere.com\\\/en\\\/photographer-me\\\/5040798\",\"https:\\\/\\\/disqus.com\\\/by\\\/iwellguard\\\/about\\\/\",\"https:\\\/\\\/pastelink.net\\\/hjwciqwq\",\"https:\\\/\\\/pubhtml5.com\\\/homepage\\\/scjhn\\\/\",\"https:\\\/\\\/www.bitchute.com\\\/channel\\\/2O2eOKzNqujT\",\"https:\\\/\\\/audiomack.com\\\/iwellguard\"]}]}<\/script>\n<!-- \/ Yoast SEO Premium plugin. -->","yoast_head_json":{"title":"Jerebika: za\u0161\u010ditno drevo evropske ljudske magije","description":"Jerebika je veljala za za\u0161\u010ditno drevo in za\u0161\u010ditni les pred \u010darovni\u0161tvom in strelo. Izvor, obi\u010daj in ljudsko izro\u010dilo za\u0161\u010ditnega drevesa.","robots":{"index":"index","follow":"follow","max-snippet":"max-snippet:-1","max-image-preview":"max-image-preview:large","max-video-preview":"max-video-preview:-1"},"canonical":"https:\/\/iwell-guard.com\/sl\/jerebika-zascitno-drevo-in-zascitni-les\/","og_locale":"sl_SI","og_type":"article","og_title":"Jerebika \u2013 za\u0161\u010ditno drevo in za\u0161\u010ditni les ljudske magije","og_description":"Jerebika je veljala za za\u0161\u010ditno drevo in za\u0161\u010ditni les pred \u010darovni\u0161tvom in strelo. Izvor, obi\u010daj in ljudsko izro\u010dilo za\u0161\u010ditnega drevesa.","og_url":"https:\/\/iwell-guard.com\/sl\/jerebika-zascitno-drevo-in-zascitni-les\/","og_site_name":"iWell Guard","article_modified_time":"2026-09-05T00:51:13+00:00","og_image":[{"width":1024,"height":1536,"url":"https:\/\/iwell-guard.com\/wp-content\/uploads\/2026\/05\/schutzsymbol_volksmagie_eberesche.webp","type":"image\/webp"}],"twitter_card":"summary_large_image","schema":{"@context":"https:\/\/schema.org","@graph":[{"@type":"WebPage","@id":"https:\/\/iwell-guard.com\/sl\/jerebika-zascitno-drevo-in-zascitni-les\/","url":"https:\/\/iwell-guard.com\/sl\/jerebika-zascitno-drevo-in-zascitni-les\/","name":"Jerebika: za\u0161\u010ditno drevo evropske ljudske magije","isPartOf":{"@id":"https:\/\/iwell-guard.com\/sl\/#website"},"primaryImageOfPage":{"@id":"https:\/\/iwell-guard.com\/sl\/jerebika-zascitno-drevo-in-zascitni-les\/#primaryimage"},"image":{"@id":"https:\/\/iwell-guard.com\/sl\/jerebika-zascitno-drevo-in-zascitni-les\/#primaryimage"},"thumbnailUrl":"https:\/\/iwell-guard.com\/wp-content\/uploads\/2026\/05\/schutzsymbol_volksmagie_eberesche.webp","datePublished":"2026-09-05T00:28:03+00:00","dateModified":"2026-09-05T00:51:13+00:00","description":"Jerebika je veljala za za\u0161\u010ditno drevo in za\u0161\u010ditni les pred \u010darovni\u0161tvom in strelo. Izvor, obi\u010daj in ljudsko izro\u010dilo za\u0161\u010ditnega drevesa.","breadcrumb":{"@id":"https:\/\/iwell-guard.com\/sl\/jerebika-zascitno-drevo-in-zascitni-les\/#breadcrumb"},"inLanguage":"sl-SI","potentialAction":[{"@type":"ReadAction","target":["https:\/\/iwell-guard.com\/sl\/jerebika-zascitno-drevo-in-zascitni-les\/"]}]},{"@type":"ImageObject","inLanguage":"sl-SI","@id":"https:\/\/iwell-guard.com\/sl\/jerebika-zascitno-drevo-in-zascitni-les\/#primaryimage","url":"https:\/\/iwell-guard.com\/wp-content\/uploads\/2026\/05\/schutzsymbol_volksmagie_eberesche.webp","contentUrl":"https:\/\/iwell-guard.com\/wp-content\/uploads\/2026\/05\/schutzsymbol_volksmagie_eberesche.webp","width":1024,"height":1536,"caption":"Za\u0161\u010ditni simbol. Muzejska ilustracija tiho\u017eitja."},{"@type":"BreadcrumbList","@id":"https:\/\/iwell-guard.com\/sl\/jerebika-zascitno-drevo-in-zascitni-les\/#breadcrumb","itemListElement":[{"@type":"ListItem","position":1,"name":"Start","item":"https:\/\/iwell-guard.com\/sl\/?page_id=160323"},{"@type":"ListItem","position":2,"name":"Jerebika \u2013 za\u0161\u010ditno drevo in za\u0161\u010ditni les ljudske magije"}]},{"@type":"WebSite","@id":"https:\/\/iwell-guard.com\/sl\/#website","url":"https:\/\/iwell-guard.com\/sl\/","name":"iWell Guard","description":"Schutz vor dunklen Einfl\u00fcssen","publisher":{"@id":"https:\/\/iwell-guard.com\/sl\/#organization"},"potentialAction":[{"@type":"SearchAction","target":{"@type":"EntryPoint","urlTemplate":"https:\/\/iwell-guard.com\/sl\/?s={search_term_string}"},"query-input":{"@type":"PropertyValueSpecification","valueRequired":true,"valueName":"search_term_string"}}],"inLanguage":"sl-SI"},{"@type":"Organization","@id":"https:\/\/iwell-guard.com\/sl\/#organization","name":"Ittermann electronic GmbH","url":"https:\/\/iwell-guard.com\/sl\/","logo":{"@type":"ImageObject","inLanguage":"sl-SI","@id":"https:\/\/iwell-guard.com\/sl\/#\/schema\/logo\/image\/","url":"https:\/\/iwell-guard.com\/wp-content\/uploads\/2026\/05\/Ittermann-Logo-1182x237-1.png","contentUrl":"https:\/\/iwell-guard.com\/wp-content\/uploads\/2026\/05\/Ittermann-Logo-1182x237-1.png","width":1182,"height":237,"caption":"Ittermann electronic GmbH"},"image":{"@id":"https:\/\/iwell-guard.com\/sl\/#\/schema\/logo\/image\/"},"sameAs":["https:\/\/pantip.com\/profile\/9367242","https:\/\/micro.blog\/iwellguard","https:\/\/www.diggerslist.com\/iwellguard\/about","https:\/\/skitterphoto.com\/photographers\/2870314\/iwell-guard","https:\/\/iwellguard.wordpress.com\/2026\/06\/06\/iwell-guard\/","https:\/\/hub.docker.com\/u\/iwellguard","https:\/\/www.pinterest.com\/iwellguard\/","https:\/\/bit.ly\/m\/iwellguard","https:\/\/entre-vos-mains.alsace.eu\/profiles\/iwellguard\/activity","https:\/\/gravatar.com\/reallybeded8fd34","https:\/\/naijamatta.com\/iwellguard","https:\/\/www.goodreads.com\/iwellguard","https:\/\/profile.hatena.ne.jp\/iwellguard\/","https:\/\/experiment.com\/users\/iwellguard","https:\/\/wakelet.com\/@iWellGuard82270","https:\/\/www.chordie.com\/forum\/profile.php?id=2555664","https:\/\/www.instapaper.com\/p\/17757966","https:\/\/www.mapleprimes.com\/users\/iwellguard","https:\/\/businesslistingplus.com\/profile\/iwell-guard\/","https:\/\/telegra.ph\/iWell-Guard-06-06","https:\/\/pbase.com\/iwellguard\/iwellguard","https:\/\/b.hatena.ne.jp\/iwellguard\/20260607#bookmark-4788405196491818882","https:\/\/fliphtml5.com\/home\/iwellguard","https:\/\/anyflip.com\/homepage\/cmiwl#About","https:\/\/transfur.com\/Users\/iwellguard","http:\/\/delphi.larsbo.org\/user\/iwellguard","https:\/\/jobs.lajobsportal.org\/profiles\/8380803-iwell-guard","https:\/\/md.chaosdorf.de\/s\/jfbe5SBdJD","https:\/\/www.lingvolive.com\/en-us\/profile\/9ecaeaca-ce11-4e51-9e71-01d55e2bff36\/translations","https:\/\/www.fitday.com\/fitness\/forums\/members\/iwellguard.html","https:\/\/www.mymeetbook.com\/iwellguard","https:\/\/pxhere.com\/en\/photographer-me\/5040798","https:\/\/disqus.com\/by\/iwellguard\/about\/","https:\/\/pastelink.net\/hjwciqwq","https:\/\/pubhtml5.com\/homepage\/scjhn\/","https:\/\/www.bitchute.com\/channel\/2O2eOKzNqujT","https:\/\/audiomack.com\/iwellguard"]}]}},"_links":{"self":[{"href":"https:\/\/iwell-guard.com\/sl\/wp-json\/wp\/v2\/pages\/160990","targetHints":{"allow":["GET"]}}],"collection":[{"href":"https:\/\/iwell-guard.com\/sl\/wp-json\/wp\/v2\/pages"}],"about":[{"href":"https:\/\/iwell-guard.com\/sl\/wp-json\/wp\/v2\/types\/page"}],"author":[{"embeddable":true,"href":"https:\/\/iwell-guard.com\/sl\/wp-json\/wp\/v2\/users\/3"}],"replies":[{"embeddable":true,"href":"https:\/\/iwell-guard.com\/sl\/wp-json\/wp\/v2\/comments?post=160990"}],"version-history":[{"count":0,"href":"https:\/\/iwell-guard.com\/sl\/wp-json\/wp\/v2\/pages\/160990\/revisions"}],"wp:featuredmedia":[{"embeddable":true,"href":"https:\/\/iwell-guard.com\/sl\/wp-json\/wp\/v2\/media\/3573"}],"wp:attachment":[{"href":"https:\/\/iwell-guard.com\/sl\/wp-json\/wp\/v2\/media?parent=160990"}],"wp:term":[{"taxonomy":"category","embeddable":true,"href":"https:\/\/iwell-guard.com\/sl\/wp-json\/wp\/v2\/categories?post=160990"}],"curies":[{"name":"wp","href":"https:\/\/api.w.org\/{rel}","templated":true}]}}