{"id":160851,"date":"2026-09-05T00:26:43","date_gmt":"2026-09-05T00:26:43","guid":{"rendered":"https:\/\/iwell-guard.com\/?page_id=160851"},"modified":"2026-09-05T00:47:44","modified_gmt":"2026-09-05T00:47:44","slug":"ceridwen","status":"publish","type":"page","link":"https:\/\/iwell-guard.com\/sl\/ceridwen\/","title":{"rendered":"Ceridwen"},"content":{"rendered":"\t\t<div data-elementor-type=\"wp-page\" data-elementor-id=\"160851\" class=\"elementor elementor-160851 elementor-3050 elementor-bc-flex-widget\" data-elementor-post-type=\"page\">\n\t\t\t\t<div class=\"elementor-element elementor-element-4574f70 e-flex e-con-boxed e-con e-parent\" data-id=\"4574f70\" data-element_type=\"container\" data-e-type=\"container\" data-settings=\"{&quot;background_background&quot;:&quot;classic&quot;}\">\n\t\t\t\t\t<div class=\"e-con-inner\">\n\t\t<div class=\"elementor-element elementor-element-e92efab e-flex e-con-boxed e-con e-child\" data-id=\"e92efab\" data-element_type=\"container\" data-e-type=\"container\">\n\t\t\t\t\t<div class=\"e-con-inner\">\n\t\t<div class=\"elementor-element elementor-element-7241c66 e-con-full e-flex e-con e-child\" data-id=\"7241c66\" data-element_type=\"container\" data-e-type=\"container\">\n\t\t\t\t<div class=\"elementor-element elementor-element-f71b140 elementor-widget elementor-widget-heading\" data-id=\"f71b140\" data-element_type=\"widget\" data-e-type=\"widget\" data-widget_type=\"heading.default\">\n\t\t\t\t\t<h1 class=\"elementor-heading-title elementor-size-default\">Ceridwen, vali\u017eanska boginja navdiha<\/h1>\t\t\t\t<\/div>\n\t\t\t\t<div class=\"elementor-element elementor-element-e0cb8c4 elementor-widget elementor-widget-text-editor\" data-id=\"e0cb8c4\" data-element_type=\"widget\" data-e-type=\"widget\" data-widget_type=\"text-editor.default\">\n\t\t\t\t\t\t\t\t\t<p>Ceridwen, tudi Cerridwen, je osrednja figura vali\u017eanske <span class=\"iwg-fachbegriff\" data-tooltip=\"Celota izro\u010denih pripovedi o bogovih neke kulture.\" tabindex=\"0\">mitologije<\/span> in v srednjeve\u0161kem izro\u010dilu velja za gospodarico kotla navdiha.<\/p><p>Njena pripoved je v sredi\u0161\u010du dela \u00abHanes Taliesin\u00bb, \u017eivljenjske zgodbe legendarnega vali\u017eanskega pesnika Taliesina, katere najstarej\u0161i fragmentarni zapisi segajo v 9. stoletje, medtem ko je celotna oblika ohranjena \u0161ele v poznosrednjeve\u0161kih rokopisih.<\/p>\t\t\t\t\t\t\t\t<\/div>\n\t\t\t\t<\/div>\n\t\t<div class=\"elementor-element elementor-element-9182ee4 e-con-full e-flex e-con e-parent\" data-id=\"9182ee4\" data-element_type=\"container\" data-e-type=\"container\">\n\t\t\t\t<div class=\"elementor-element elementor-element-b9737c5 elementor-widget elementor-widget-html\" data-id=\"b9737c5\" data-element_type=\"widget\" data-e-type=\"widget\" data-widget_type=\"html.default\">\n\t\t\t\t\t<div class=\"iwg-pill-row\"><span class=\"iwg-klasse-badge\" tabindex=\"0\" data-tooltip=\"Bog \/ boginja: Poosebljena najvi\u0161ja mo\u010d v panteonu neke kulture, z jasnimi pristojnostmi \u2014 naravne sile, usoda, vojna, rodovitnost. \u010ca\u0161\u010dena skozi kulte, daritve in templjanske institucije.\">Boginja<\/span><a href=\"https:\/\/iwell-guard.com\/sl\/keltsko\/\" class=\"iwg-kultur-badge\" tabindex=\"0\" data-tooltip=\"Keltska religija zahodne Evrope in britanskih otokov, mitolo\u0161ko izpri\u010dana skozi irska in vali\u017eanska besedila.\">Keltsko<\/a><\/div>\t\t\t\t<\/div>\n\t\t\t\t<\/div>\n\t\t<div class=\"elementor-element elementor-element-d0b42c6 e-con-full e-flex e-con e-child\" data-id=\"d0b42c6\" data-element_type=\"container\" data-e-type=\"container\">\n\t\t\t\t<div class=\"elementor-element elementor-element-1a79296 elementor-toc--minimized-on-tablet elementor-widget elementor-widget-table-of-contents\" data-id=\"1a79296\" data-element_type=\"widget\" data-e-type=\"widget\" data-settings=\"{&quot;exclude_headings_by_selector&quot;:[],&quot;no_headings_message&quot;:&quot;Na tej strani ni najdenih naslovov.&quot;,&quot;headings_by_tags&quot;:[&quot;h2&quot;,&quot;h3&quot;],&quot;marker_view&quot;:&quot;bullets&quot;,&quot;icon&quot;:{&quot;value&quot;:&quot;fas fa-circle&quot;,&quot;library&quot;:&quot;fa-solid&quot;,&quot;rendered_tag&quot;:&quot;&lt;svg class=\\&quot;e-font-icon-svg e-fas-circle\\&quot; viewBox=\\&quot;0 0 512 512\\&quot; xmlns=\\&quot;http:\\\/\\\/www.w3.org\\\/2000\\\/svg\\&quot;&gt;&lt;path d=\\&quot;M256 8C119 8 8 119 8 256s111 248 248 248 248-111 248-248S393 8 256 8z\\&quot;&gt;&lt;\\\/path&gt;&lt;\\\/svg&gt;&quot;},&quot;minimize_box&quot;:&quot;yes&quot;,&quot;minimized_on&quot;:&quot;tablet&quot;,&quot;hierarchical_view&quot;:&quot;yes&quot;,&quot;min_height&quot;:{&quot;unit&quot;:&quot;px&quot;,&quot;size&quot;:&quot;&quot;,&quot;sizes&quot;:[]},&quot;min_height_tablet&quot;:{&quot;unit&quot;:&quot;px&quot;,&quot;size&quot;:&quot;&quot;,&quot;sizes&quot;:[]},&quot;min_height_mobile&quot;:{&quot;unit&quot;:&quot;px&quot;,&quot;size&quot;:&quot;&quot;,&quot;sizes&quot;:[]}}\" data-widget_type=\"table-of-contents.default\">\n\t\t\t\t\t\t\t\t\t<div class=\"elementor-toc__header\">\n\t\t\t\t\t\t<h2 class=\"elementor-toc__header-title\">\n\t\t\t\tKazalo vsebine\t\t\t<\/h2>\n\t\t\t\t\t\t\t\t\t\t<div class=\"elementor-toc__toggle-button elementor-toc__toggle-button--expand\" role=\"button\" tabindex=\"0\" aria-controls=\"elementor-toc__1a79296\" aria-expanded=\"true\" aria-label=\"Open table of contents\"><svg aria-hidden=\"true\" class=\"e-font-icon-svg e-fas-chevron-down\" viewBox=\"0 0 448 512\" xmlns=\"http:\/\/www.w3.org\/2000\/svg\"><path d=\"M207.029 381.476L12.686 187.132c-9.373-9.373-9.373-24.569 0-33.941l22.667-22.667c9.357-9.357 24.522-9.375 33.901-.04L224 284.505l154.745-154.021c9.379-9.335 24.544-9.317 33.901.04l22.667 22.667c9.373 9.373 9.373 24.569 0 33.941L240.971 381.476c-9.373 9.372-24.569 9.372-33.942 0z\"><\/path><\/svg><\/div>\n\t\t\t\t<div class=\"elementor-toc__toggle-button elementor-toc__toggle-button--collapse\" role=\"button\" tabindex=\"0\" aria-controls=\"elementor-toc__1a79296\" aria-expanded=\"true\" aria-label=\"Close table of contents\"><svg aria-hidden=\"true\" class=\"e-font-icon-svg e-fas-chevron-up\" viewBox=\"0 0 448 512\" xmlns=\"http:\/\/www.w3.org\/2000\/svg\"><path d=\"M240.971 130.524l194.343 194.343c9.373 9.373 9.373 24.569 0 33.941l-22.667 22.667c-9.357 9.357-24.522 9.375-33.901.04L224 227.495 69.255 381.516c-9.379 9.335-24.544 9.317-33.901-.04l-22.667-22.667c-9.373-9.373-9.373-24.569 0-33.941L207.03 130.525c9.372-9.373 24.568-9.373 33.941-.001z\"><\/path><\/svg><\/div>\n\t\t\t\t\t<\/div>\n\t\t\t\t<div id=\"elementor-toc__1a79296\" class=\"elementor-toc__body\">\n\t\t\t<div class=\"elementor-toc__spinner-container\">\n\t\t\t\t<svg class=\"elementor-toc__spinner eicon-animation-spin e-font-icon-svg e-eicon-loading\" aria-hidden=\"true\" viewBox=\"0 0 1000 1000\" xmlns=\"http:\/\/www.w3.org\/2000\/svg\"><path d=\"M500 975V858C696 858 858 696 858 500S696 142 500 142 142 304 142 500H25C25 237 238 25 500 25S975 237 975 500 763 975 500 975Z\"><\/path><\/svg>\t\t\t<\/div>\n\t\t<\/div>\n\t\t\t\t\t\t<\/div>\n\t\t\t\t<\/div>\n\t\t\t\t\t<\/div>\n\t\t\t\t<\/div>\n\t\t<div class=\"elementor-element elementor-element-3e12ecb e-con-full e-flex e-con e-child\" data-id=\"3e12ecb\" data-element_type=\"container\" data-e-type=\"container\">\n\t\t\t\t<div class=\"elementor-element elementor-element-8e63264 iwg-hero-image elementor-widget elementor-widget-image\" data-id=\"8e63264\" data-element_type=\"widget\" data-e-type=\"widget\" data-widget_type=\"image.default\">\n\t\t\t\t\t\t\t\t\t\t\t\t\t\t\t<img fetchpriority=\"high\" decoding=\"async\" width=\"683\" height=\"1024\" src=\"https:\/\/iwell-guard.com\/wp-content\/uploads\/2026\/05\/goetter_keltisch_ceridwen-683x1024.webp\" class=\"attachment-large size-large wp-image-162458\" alt=\"Ceridwen - Bo\u017eanstva iz keltske tradicije, zgodovinsko-ilustrativno\" srcset=\"https:\/\/iwell-guard.com\/wp-content\/uploads\/2026\/05\/goetter_keltisch_ceridwen-683x1024.webp 683w, https:\/\/iwell-guard.com\/wp-content\/uploads\/2026\/05\/goetter_keltisch_ceridwen-200x300.webp 200w, https:\/\/iwell-guard.com\/wp-content\/uploads\/2026\/05\/goetter_keltisch_ceridwen-768x1152.webp 768w, https:\/\/iwell-guard.com\/wp-content\/uploads\/2026\/05\/goetter_keltisch_ceridwen.webp 1024w\" sizes=\"(max-width: 683px) 100vw, 683px\" \/>\t\t\t\t\t\t\t\t\t\t\t\t\t\t\t<\/div>\n\t\t\t\t<\/div>\n\t\t\t\t\t<\/div>\n\t\t\t\t<\/div>\n\t\t<div class=\"elementor-element elementor-element-166156e e-con-boxed e-flex e-con e-parent\" data-id=\"166156e\" data-element_type=\"container\" data-e-type=\"container\">\n\t\t\t\t\t<div class=\"e-con-inner\">\n\t\t<div class=\"elementor-element elementor-element-02670c8 e-con-full e-flex e-con e-child\" data-id=\"02670c8\" data-element_type=\"container\" data-e-type=\"container\">\n\t\t\t\t<div class=\"elementor-element elementor-element-bad60e7 elementor-widget elementor-widget-heading\" data-id=\"bad60e7\" data-element_type=\"widget\" data-e-type=\"widget\" data-widget_type=\"heading.default\">\n\t\t\t\t\t<h2 class=\"elementor-heading-title elementor-size-default\">Viri in literarno izro\u010dilo<\/h2>\t\t\t\t<\/div>\n\t\t\t\t<div class=\"elementor-element elementor-element-247b67c elementor-widget elementor-widget-text-editor\" data-id=\"247b67c\" data-element_type=\"widget\" data-e-type=\"widget\" data-widget_type=\"text-editor.default\">\n\t\t\t\t\t\t\t\t\t<p>Najpomembnej\u0161i vir za Ceridwen je \u00abHanes Taliesin\u00bb, ki je v celoti ohranjena pri Elisu Gruffyddu v 16. stoletju in pri Johnu Jonesu v \u00abrokopisih Llanstephan\u00bb. Fragmenti, ki ka\u017eejo na precej starej\u0161e izro\u010dilo, se nahajajo v \u00abKnjigi Taliesina\u00bb in \u00abKnjigi Aneirina\u00bb, obeh iz 13. stoletja.<\/p><p>Patrick K. Ford je v delu \u00abThe Mabinogi and Other Medieval Welsh Tales\u00bb (1977) obdelal zgodovinsko zapletenost izro\u010dila o Ceridwen in pokazal, da osrednja pripoved o preobrazbi ob kotlu obstaja v ve\u010d vali\u017eanskih in bretonskih razli\u010dicah.<\/p>\n\n<p>Marged Haycock je v svojih delih o \u00abKnjigi Taliesina\u00bb opozorila, da so bile mnoge pesmi, pripisane Taliesinu, nastale \u0161ele med 9. in 12. stoletjem, medtem ko pripoved o Ceridwen vsebuje literarno starej\u0161e plasti. Raziskovanje se tako soo\u010da s tipi\u010dnim problemom rekonstruiranja morda starodavne mitske snovi iz poznosrednjeve\u0161ke besedilne oblike.<\/p>\t\t\t\t\t\t\t\t<\/div>\n\t\t\t\t<\/div>\n\t\t<div class=\"elementor-element elementor-element-35cf2c8 e-con-full e-flex e-con e-child\" data-id=\"35cf2c8\" data-element_type=\"container\" data-e-type=\"container\">\n\t\t\t\t<div class=\"elementor-element elementor-element-20f5c6c elementor-widget elementor-widget-heading\" data-id=\"20f5c6c\" data-element_type=\"widget\" data-e-type=\"widget\" data-widget_type=\"heading.default\">\n\t\t\t\t\t<h2 class=\"elementor-heading-title elementor-size-default\">Pripoved o kotlu<\/h2>\t\t\t\t<\/div>\n\t\t\t\t<div class=\"elementor-element elementor-element-2172be2 elementor-widget elementor-widget-text-editor\" data-id=\"2172be2\" data-element_type=\"widget\" data-e-type=\"widget\" data-widget_type=\"text-editor.default\">\n\t\t\t\t\t\t\t\t\t<p>Osrednja pripoved pravi: Ceridwen \u017eivi s svojim mo\u017eem Tegidom Foelom ob jezeru Llyn Tegid (danes Bala Lake v Gwyneddu) in ima dva otroka, lepo Creirwy in nelepega Morfrana (tudi Afagddu).<\/p><p>Da bi Morfranu kljub njegovi neprivla\u010dni zunanjosti podarila modrost in navdih, Ceridwen v kotlu navdiha (\u00abpair awen\u00bb) pripravi posebno me\u0161anico. Napoj mora vreti leto in en dan, in le prve tri kaplje imajo magi\u010dno mo\u010d; preostanek je smrtonosen strup.<\/p>\n\n<p>Kotel varuje de\u010dek Gwion Bach. Med me\u0161anjem tri kaplje brizgnejo na njegov palec, ki ga nagonsko vtakne v usta. Takoj pridobi celovito znanje, ki je bilo pravzaprav namenjeno Morfranu. Prestra\u0161en zbe\u017ei, kotel pa se razbije.<\/p><p>Ceridwen ga preganja skozi vrsto preobrazb: Gwion se spremeni v zajca, ona v psico, on v ribo, ona v vidro, on v ptico, ona v sokola, on v zrno, ona v koko\u0161, ki zrno pogoltne. Devet mesecev pozneje rodi otroka Taliesina, ki ga vr\u017ee v morje v usnjeni vre\u010di, kjer ga najde in vzgoji mladi princ Elphin.<\/p>\t\t\t\t\t\t\t\t<\/div>\n\t\t\t\t<\/div>\n\t\t<div class=\"elementor-element elementor-element-1953bdc e-con-full e-flex e-con e-child\" data-id=\"1953bdc\" data-element_type=\"container\" data-e-type=\"container\">\n\t\t\t\t<div class=\"elementor-element elementor-element-0dce562 elementor-widget elementor-widget-heading\" data-id=\"0dce562\" data-element_type=\"widget\" data-e-type=\"widget\" data-widget_type=\"heading.default\">\n\t\t\t\t\t<h2 class=\"elementor-heading-title elementor-size-default\">Simbolika kotla<\/h2>\t\t\t\t<\/div>\n\t\t\t\t<div class=\"elementor-element elementor-element-ce22367 elementor-widget elementor-widget-text-editor\" data-id=\"ce22367\" data-element_type=\"widget\" data-e-type=\"widget\" data-widget_type=\"text-editor.default\">\n\t\t\t\t\t\t\t\t\t<p>Kotel Ceridwen sodi med najpomembnej\u0161e simbole vali\u017eanskega izro\u010dila. Uvr\u0161\u010da se ob druge \u010dude\u017ene kotle, kot je kotel Brana v \u00abMabinogiju\u00bb, ki obuja mrtve, ali kotel Dagde v irskem izro\u010dilu, ki daje neizmerno hrano.<\/p><p>Helmut Birkhan je v delu \u00abKelten\u00bb (1997) prepoznal kotel kot osrednji sakralni predmet keltske religije, ki je konkretno pri\u010devanje mogo\u010de najti v arheolo\u0161kih najdbah, kot je Gundestrupski kotel ter kotli iz Br\u00e5 in Rynkebyja.<\/p>\n\n<p>Miranda Aldhouse-Green je v delu \u00abThe Quest for the Shaman\u00bb (2005) razmi\u0161ljala o mo\u017enosti, da simbolika kotla izvira iz \u0161amanskih obredov navdiha in vpeljanja, v katerih je bila sestavina v teko\u010di obliki povezana s pridobitvijo izjemnega znanja. Ta hipoteza ostaja spekulativna, spodbuja pa jo pogostost motiva kotla v keltski likovni umetnosti in pripovednem izro\u010dilu.<\/p>\t\t\t\t\t\t\t\t<\/div>\n\t\t\t\t<\/div>\n\t\t<div class=\"elementor-element elementor-element-f058627 e-con-full e-flex e-con e-child\" data-id=\"f058627\" data-element_type=\"container\" data-e-type=\"container\">\n\t\t\t\t<div class=\"elementor-element elementor-element-36a825d elementor-widget elementor-widget-heading\" data-id=\"36a825d\" data-element_type=\"widget\" data-e-type=\"widget\" data-widget_type=\"heading.default\">\n\t\t\t\t\t<h2 class=\"elementor-heading-title elementor-size-default\">Je bila Ceridwen boginja?<\/h2>\t\t\t\t<\/div>\n\t\t\t\t<div class=\"elementor-element elementor-element-19b670d elementor-widget elementor-widget-text-editor\" data-id=\"19b670d\" data-element_type=\"widget\" data-e-type=\"widget\" data-widget_type=\"text-editor.default\">\n\t\t\t\t\t\t\t\t\t<p>Ali je bila Ceridwen prvotno boginja, je v raziskovanju sporno. \u00abHanes Taliesin\u00bb jo predstavlja kot mogo\u010dno \u010darovnico, brez da bi jo izrecno imenovala boginjo.<\/p><p>Bernhard Maier jo v delu \u00abDie Religion der Kelten\u00bb (2001) uvr\u0161\u010da bolj kot literarno oblikovano figuro, ki v sebi zdru\u017euje lastnosti starej\u0161ih bo\u017eanstev navdiha in preobrazbe. John T. Koch pa je v ve\u010d razpravah zagovarjal identifikacijo s staro vali\u017eansko boginjo pesni\u0161tva in preobrazbe.<\/p>\n\n<p>Poimensko pri\u010devane galoromske boginje navdiha ni, vendar napisi o Sironi, Belisami in Brigantiji ka\u017eejo obstoj \u017eenskih lokalnih bo\u017eanstev s pristojnostmi za navdih in zdravljenje. Strukturno bli\u017eino irski Brigid, ki med drugim vlada nad pesni\u0161tvom, je zgodaj izpostavila Marie-Louise Sjoestedt.<\/p><p>Neposredno identifikacijo pa zavra\u010da. Dana\u0161nje ve\u010dinsko mnenje vidi Ceridwen kot literarno oblikovano mitsko figuro, v kateri odzvanja starej\u0161a mitska snov, ne da bi bilo mogo\u010de rekonstruirati zaklju\u010deno \u00abreligijo Ceridwen\u00bb.<\/p>\t\t\t\t\t\t\t\t<\/div>\n\t\t\t\t<\/div>\n\t\t<div class=\"elementor-element elementor-element-f2120e1 e-con-full e-flex e-con e-child\" data-id=\"f2120e1\" data-element_type=\"container\" data-e-type=\"container\">\n\t\t\t\t<div class=\"elementor-element elementor-element-499463a elementor-widget elementor-widget-heading\" data-id=\"499463a\" data-element_type=\"widget\" data-e-type=\"widget\" data-widget_type=\"heading.default\">\n\t\t\t\t\t<h2 class=\"elementor-heading-title elementor-size-default\">Ceridwen in Taliesin<\/h2>\t\t\t\t<\/div>\n\t\t\t\t<div class=\"elementor-element elementor-element-2ce9478 elementor-widget elementor-widget-text-editor\" data-id=\"2ce9478\" data-element_type=\"widget\" data-e-type=\"widget\" data-widget_type=\"text-editor.default\">\n\t\t\t\t\t\t\t\t\t<p>Ponovno rojstvo Gwiona Bacha kot Taliesina povezuje izro\u010dilo o Ceridwen z zgodovinsko izpri\u010danim Taliesinom, vali\u017eanskim dvornim pesnikom iz 6. stoletja, ki mu \u00abKnjiga Taliesina\u00bb pripisuje del njegovih pesmi.<\/p><p>V poznej\u0161ih pripovedih postane Taliesin arhetipska figura navdihnjenega pesnika, ki pozna vse veke in preobrazbe. Njegove znamenite avtobiografske pesmi (\u00abBil sem pri stvarjenju sveta\u00bb; \u00abBil sem modri losos\u00bb) predpostavljajo izku\u0161nje mitskega pregona s strani Ceridwen.<\/p>\n\n<p>Tako ima Ceridwen dvojno vlogo: hkrati je preganjalka in porodnica pesnika. Marged Haycock je ta vidik razlo\u017eila kot model iniciacijske materinske figure, ki \u0161ele s svojim pregonom sploh ustvari poznej\u0161o spretnost vpeljanega.<\/p><p>S tem se Ceridwen uvr\u0161\u010da v tipolo\u0161ko vrsto u\u010diteljic in nasprotnic, kot je irska Sc\u00e1thach, ki izuri C\u00fachulainna, ali severna Gunnl\u00f6d, ki varuje medico pesni\u0161tva.<\/p>\t\t\t\t\t\t\t\t<\/div>\n\t\t\t\t<\/div>\n\t\t<div class=\"elementor-element elementor-element-9d40b4c e-con-full e-flex e-con e-child\" data-id=\"9d40b4c\" data-element_type=\"container\" data-e-type=\"container\">\n\t\t\t\t<div class=\"elementor-element elementor-element-657e109 elementor-widget elementor-widget-heading\" data-id=\"657e109\" data-element_type=\"widget\" data-e-type=\"widget\" data-widget_type=\"heading.default\">\n\t\t\t\t\t<h2 class=\"elementor-heading-title elementor-size-default\">Llyn Tegid in povezanost s krajino<\/h2>\t\t\t\t<\/div>\n\t\t\t\t<div class=\"elementor-element elementor-element-07226c8 elementor-widget elementor-widget-text-editor\" data-id=\"07226c8\" data-element_type=\"widget\" data-e-type=\"widget\" data-widget_type=\"text-editor.default\">\n\t\t\t\t\t\t\t\t\t<p>Jezero Llyn Tegid (Bala Lake) na severozahodu Walesa je glavno prizori\u0161\u010de pripovedi o Ceridwen. S dol\u017eino 6 kilometrov je najve\u010dje naravno jezero v Walesu in je od <span class=\"iwg-fachbegriff\" data-tooltip=\"Obdobje gr\u0161ke in rimske kulture, pribli\u017eno od 800 pr. n. \u0161t. do 600 n. \u0161t.\" tabindex=\"0\">antike<\/span> naprej povezano s \u0161tevilnimi legendami.<\/p><p>Srednjeve\u0161ka besedila ga prikazujejo kot bivali\u0161\u010de Tegida Foela, \u010digar ime pomeni \u00abTegid Ple\u0161asti\u00bb in bi lahko nakazovalo na starej\u0161e jezersko bo\u017eanstvo. Povezava Ceridwen z jezerom jo ume\u0161\u010da v za keltsko <span class=\"iwg-fachbegriff\" data-tooltip=\"Celota izro\u010denih pripovedi o bogovih neke kulture.\" tabindex=\"0\">mitologijo<\/span> zna\u010dilno povezovanje \u017eensk likov s stoje\u010do vodo.<\/p>\n\n<p>Brynley Roberts je v svojih \u0161tudijah vali\u017eanske toponimije opozoril na mo\u017enost, da je jezero prvotno slu\u017eilo kot <span class=\"iwg-fachbegriff\" data-tooltip=\"Sveto mesto, posve\u010deno \u010da\u0161\u010denju bo\u017eanstva.\" tabindex=\"0\">sveti\u0161\u010de<\/span>, kjer so potekali obredi navdiha in vpeljave. Arheolo\u0161kih dokazov ni, vendar gostota legend, povezanih z Llyn Tegidom, podpira domnevo o starem sakralnem pomenu.<\/p>\t\t\t\t\t\t\t\t<\/div>\n\t\t\t\t<\/div>\n\t\t<div class=\"elementor-element elementor-element-c283f72 e-con-full e-flex e-con e-child\" data-id=\"c283f72\" data-element_type=\"container\" data-e-type=\"container\">\n\t\t\t\t<div class=\"elementor-element elementor-element-6b2f780 elementor-widget elementor-widget-heading\" data-id=\"6b2f780\" data-element_type=\"widget\" data-e-type=\"widget\" data-widget_type=\"heading.default\">\n\t\t\t\t\t<h2 class=\"elementor-heading-title elementor-size-default\">Sprejemanje in sodobno preoblikovanje<\/h2>\t\t\t\t<\/div>\n\t\t\t\t<div class=\"elementor-element elementor-element-e7c3738 elementor-widget elementor-widget-text-editor\" data-id=\"e7c3738\" data-element_type=\"widget\" data-e-type=\"widget\" data-widget_type=\"text-editor.default\">\n\t\t\t\t\t\t\t\t\t<p>V vali\u017eanskem romantizmu 18. in 19. stoletja je Ceridwen do\u017eivela literarno renesanso, predvsem po zaslugi Iola Morganwga (Edwarda Williamsa), ki je izumil velik del sodobnega \u00abkeltskega\u00bb bardovskega izro\u010dila in Ceridwen predstavil kot vrhovno boginjo vali\u017eanskih druidov.<\/p><p>Ta rekonstrukcija je danes prepoznana kot izum 19. stoletja, vendar je trajno zaznamovala javno podobo Ceridwen. Ronald Hutton je v \u00abBlood and Mistletoe\u00bb (2009) to zgodovino sprejemanja natan\u010dno raz\u010dlenil.<\/p>\n\n<p>V sodobnem novopoganskem izro\u010dilu, predvsem v vali\u017eansko obarvani druidski smeri in v gibanju Wicca, je Ceridwen osrednja boginja navdiha in \u010darovni\u0161ke umetnosti. Njen kotel velja za <span class=\"iwg-fachbegriff\" data-tooltip=\"Znak, ki predstavlja neko predstavo ali pomen.\" tabindex=\"0\">simbol<\/span> preobrazbe, ustvarjalnega spoznanja in \u017eenske mo\u010di.<\/p><p>To sodobno sprejemanje se manj naslanja na srednjeve\u0161ka besedila in bolj na podobo druidov, ki jo je ustvaril Iolo Morganwg in njegovi nasledniki. Neposredna povezava s predkr\u0161\u010dansko vali\u017eansko religijo ni dokazana, kar sta ve\u010dkrat poudarila Bernhard Maier in Ronald Hutton.<\/p>\t\t\t\t\t\t\t\t<\/div>\n\t\t\t\t<\/div>\n\t\t<div class=\"elementor-element elementor-element-f42b448 e-con-full e-flex e-con e-child\" data-id=\"f42b448\" data-element_type=\"container\" data-e-type=\"container\">\n\t\t\t\t<div class=\"elementor-element elementor-element-d155c5e elementor-widget elementor-widget-heading\" data-id=\"d155c5e\" data-element_type=\"widget\" data-e-type=\"widget\" data-widget_type=\"heading.default\">\n\t\t\t\t\t<h2 class=\"elementor-heading-title elementor-size-default\">Awen kot osrednji pojem<\/h2>\t\t\t\t<\/div>\n\t\t\t\t<div class=\"elementor-element elementor-element-a91c6ee elementor-widget elementor-widget-text-editor\" data-id=\"a91c6ee\" data-element_type=\"widget\" data-e-type=\"widget\" data-widget_type=\"text-editor.default\">\n\t\t\t\t\t\t\t\t\t<p>Tesno povezan s Ceridwen je pojem awen, ki v vali\u017eanskem izro\u010dilu ozna\u010duje \u00abbo\u017eanski navdih\u00bb, ki pesnika naredi za popolnega bardda. Pojem se pojavlja \u017ee v zgodnjih pesmih o Taliesinu in je v srednjeve\u0161ki bardovski \u0161oli obravnavan kot nepogre\u0161ljiva lastnost pesni\u0161tva.<\/p><p>Tri kapljice iz Ceridwenega kotla so v besedilih razumljene kot materialna manifestacija awen, ki se tu ne ka\u017ee kot abstraktna lastnost, temve\u010d kot fizi\u010dno prenosljiva snov.<\/p>\n\n<p>Patrick Sims-Williams je v \u00abReligion and Literature in Western England, 600-800\u00bb (1990) pokazal, da je bila predstava o awen globoko zakoreninjena v keltsko-kr\u0161\u010danskih prehodnih oblikah, tako v vali\u017eanskem kot v irskem izro\u010dilu.<\/p><p>Pripoved o Ceridwen velja za njihovo najpomembnej\u0161o mitsko strnitev na vali\u017eanskem ozemlju. Poznej\u0161a vali\u017eanska bardovska \u0161ola, zlasti v okolju izro\u010dila Eisteddfod, je awen ohranila kot temeljni pojem, vendar brez neposredne mitske vezi s Ceridwen.<\/p>\t\t\t\t\t\t\t\t<\/div>\n\t\t\t\t<\/div>\n\t\t<div class=\"elementor-element elementor-element-9033a31 e-con-full e-flex e-con e-child\" data-id=\"9033a31\" data-element_type=\"container\" data-e-type=\"container\">\n\t\t\t\t<div class=\"elementor-element elementor-element-b392acd elementor-widget elementor-widget-heading\" data-id=\"b392acd\" data-element_type=\"widget\" data-e-type=\"widget\" data-widget_type=\"heading.default\">\n\t\t\t\t\t<h2 class=\"elementor-heading-title elementor-size-default\">Rokopisno izro\u010dilo Hanes Taliesin<\/h2>\t\t\t\t<\/div>\n\t\t\t\t<div class=\"elementor-element elementor-element-e07c572 elementor-widget elementor-widget-text-editor\" data-id=\"e07c572\" data-element_type=\"widget\" data-e-type=\"widget\" data-widget_type=\"text-editor.default\">\n\t\t\t\t\t\t\t\t\t<p>Najpomembnej\u0161i vir za Ceridwen je \u00abYstoria Taliesin\u00bb oziroma \u00abHanes Taliesin\u00bb.<\/p><p>Ni vsebovana v najstarej\u0161ih vali\u017eanskih zbirnih rokopisih, \u00abLlyfr Aneirin\u00bb in \u00abLlyfr Taliesin\u00bb iz 13. in 14. stoletja, temve\u010d je izro\u010dena \u0161ele v prozni pripovedni obliki, katere najstarej\u0161o popolno besedilno pri\u010do predstavlja rokopis \u00abNLW MS 5276D\u00bb (imenovan tudi \u00abKronika Elisa Gruffydda\u00bb, sredina 16. stoletja).<\/p><p>Patrick Ford je v \u00abYstoria Taliesin\u00bb (Cardiff 1992) rekonstruiral zgodovino izdaj in pokazal, da je pripoved v ustnem izro\u010dilu bistveno starej\u0161a, medtem ko njena literarna oblika ka\u017ee plasti iz zgodnjega novega veka.<\/p><p>Izdaja z angle\u0161kim prevodom je prvi\u010d iz\u0161la v zbirki \u00abMabinogion\u00bb Lady Charlotte Guest (1838 do 1849), ki je besedilo vklju\u010dila kot prilogo v <span class=\"iwg-fachbegriff\" data-tooltip=\"Kot zavezujo\u010d priznan nabor svetih spisov neke religije.\" tabindex=\"0\">kanon<\/span> Mabinogi.<\/p>\n<p>Marged Haycock je v \u00abLegendary Poems from the Book of Taliesin\u00bb (Aberystwyth 2007 in druga izdaja 2015) filolo\u0161ko obdelala tako imenovane \u00ablegendarne\u00bb pesmi, vsebovane v najstarej\u0161ih rokopisih o Taliesinu, in poka\u017ee, da je figura Ceridwen tam ve\u010dkrat omenjena kot \u00abpeiryanvic ceridwen\u00bb, \u00abbojujo\u010da se Ceridwen\u00bb, oziroma kot varuhinja kotla (\u00abpeir ceridwen\u00bb), brez da bi se razvila pripovedna epizoda.<\/p><p>Te kratke omembe so najstarej\u0161e pesni\u0161ke besedilne pri\u010de za to figuro in verjetno segajo v 9. do 11. stoletje. Ka\u017eejo, da je kompleks kotla bistveno starej\u0161i od izdelane pripovedi zgodnjenovove\u0161ke proze.<\/p>\t\t\t\t\t\t\t\t<\/div>\n\t\t\t\t<\/div>\n\t\t<div class=\"elementor-element elementor-element-947832b e-con-full e-flex e-con e-child\" data-id=\"947832b\" data-element_type=\"container\" data-e-type=\"container\">\n\t\t\t\t<div class=\"elementor-element elementor-element-6e1b492 elementor-widget elementor-widget-heading\" data-id=\"6e1b492\" data-element_type=\"widget\" data-e-type=\"widget\" data-widget_type=\"heading.default\">\n\t\t\t\t\t<h2 class=\"elementor-heading-title elementor-size-default\">Awen, navdih in bardovska kultura<\/h2>\t\t\t\t<\/div>\n\t\t\t\t<div class=\"elementor-element elementor-element-e0a1d98 elementor-widget elementor-widget-text-editor\" data-id=\"e0a1d98\" data-element_type=\"widget\" data-e-type=\"widget\" data-widget_type=\"text-editor.default\">\n\t\t\t\t\t\t\t\t\t<p>Snov, ki je v pripovedi o Ceridwen osrednjega pomena, tri kapljice iz kotla navdiha, je v vali\u017eanskem izvirniku poimenovana \u00abawen\u00bb. Izraz je jezikovnozgodovinsko povezan s korenom *au- \u00bbpihati, dihati\u00ab in dobesedno pomeni \u00bbnavdih\u00ab, \u00bbbo\u017eji dih\u00ab.<\/p><p>V \u00bbCyfraith Hywel Dda\u00ab (\u00bbZakoni Hywela Dda\u00ab, rokopisi od 12. stoletja dalje) je \u00bbawen\u00ab izpri\u010dan \u017ee kot strokovni izraz dvornih pesnikov (pencerdd).<\/p><p>Vali\u017eanski pesnik Iolo Goch (14. stoletje), ki je bil dvorni pesnik Owaina Glynd\u0175ra, se v ve\u010d pesmih sklicuje na \u00bbawen Ceridwen\u00ab kot vir svoje pesni\u0161ke mo\u010di.<\/p><p>Iolo Morganwg (Edward Williams, 1747\u20131826) je to izro\u010dilo v 18. in za\u010detku 19. stoletja prenesel v neodruidski kontekst in v \u00bbBarddasu\u00ab povezal simboliko awen z grafi\u010dnim znakom treh \u017earkov, ki \u017eivi naprej v dana\u0161njem izro\u010dilu eisteddfoda.<\/p>\n<p>John T. Koch je v \u00bbCeltic Culture. A Historical Encyclopedia\u00ab (Santa Barbara, 2006) in v svojih razpravah o vali\u017eanski bardski kulturi poudaril tehni\u010dno funkcijo koncepta awen. To vlogo je imela tako v srednjeve\u0161kem usposabljanju bardov kot v poznej\u0161ih pravilih eisteddfoda. Slu\u017eila je kot samolegitimacija poklicnih pesnikov, ki so tako svojo umetnost lahko prikazali kot bo\u017eje dano, ne le kot priu\u010deno.<\/p><p>Pripoved o Ceridwen s svojim nihanjem med naporno pripravo, ki traja leto dni, in nenadnim navdihom skozi tri kapljice literarno kodificira ta dvojni vidik bardske umetnosti.<\/p>\t\t\t\t\t\t\t\t<\/div>\n\t\t\t\t<\/div>\n\t\t<div class=\"elementor-element elementor-element-345679a e-con-full e-flex e-con e-child\" data-id=\"345679a\" data-element_type=\"container\" data-e-type=\"container\">\n\t\t\t\t<div class=\"elementor-element elementor-element-dd21ba4 elementor-widget elementor-widget-heading\" data-id=\"dd21ba4\" data-element_type=\"widget\" data-e-type=\"widget\" data-widget_type=\"heading.default\">\n\t\t\t\t\t<h2 class=\"elementor-heading-title elementor-size-default\">Motiv preobrazbe v primerjalni perspektivi<\/h2>\t\t\t\t<\/div>\n\t\t\t\t<div class=\"elementor-element elementor-element-bc4739c elementor-widget elementor-widget-text-editor\" data-id=\"bc4739c\" data-element_type=\"widget\" data-e-type=\"widget\" data-widget_type=\"text-editor.default\">\n\t\t\t\t\t\t\t\t\t<p>Pregon med Ceridwen in Gwionom sodi med raz\u0161irjene pripovedne <span class=\"iwg-fachbegriff\" data-tooltip=\"Ponavljajo\u010d se vsebinski element v umetnosti ali pripovedi.\" tabindex=\"0\">motive<\/span>, ki ga imenujemo \u00bbtekma v preobrazbah\u00ab.<\/p><p>Primerljive zaporedja najdemo v gr\u0161ki tradiciji (pregon Nemezide, ki ga izvajajo Zevs, Apolon in Dafne), v keltskem prostoru (pregon \u00c9ta\u00edn v \u00bbTochmarc \u00c9ta\u00edne\u00ab), v nordijski Eddi (Loki in Heimdallr) in v \u0161kotskem ljudskem izro\u010dilu. Stith Thompson je ta <span class=\"iwg-fachbegriff\" data-tooltip=\"Ponavljajo\u010d se vsebinski element v umetnosti ali pripovedi.\" tabindex=\"0\">motiv<\/span> v svojem \u00bbMotif-Index of Folk-Literature\u00ab pod oznako D610 uvrstil med univerzalne pripovedne vzorce.<\/p>\n\n<p>Znotraj keltskega izro\u010dila je to zaporedje posebej razdelano, saj ne vsebuje le dramatike pregona, temve\u010d tudi odnos u\u010diteljice in u\u010denca ter odnos rodnice in otroka.<\/p><p>John Carey je to ve\u010dplastnost razlo\u017eil kot namig na arhai\u010dno strukturo iniciacije, v kateri je iniciant simboli\u010dno po\u017ert s strani u\u010diteljice in nato ponovno rojen. Neposrednega obrednega dokaza za to prakso ni, vendar je <span class=\"iwg-fachbegriff\" data-tooltip=\"Ponavljajo\u010d se vsebinski element v umetnosti ali pripovedi.\" tabindex=\"0\">motiv<\/span> mogo\u010de utemeljiti s \u0161tevilnimi primerjalnimi religijskimi zgledi.<\/p>\t\t\t\t\t\t\t\t<\/div>\n\t\t\t\t<\/div>\n\t\t\t\t\t<\/div>\n\t\t\t\t<\/div>\n\t\t\t\t<\/div>\n\t\t","protected":false},"excerpt":{"rendered":"","protected":false},"author":3,"featured_media":3240,"parent":0,"menu_order":0,"comment_status":"closed","ping_status":"closed","template":"elementor_header_footer","meta":{"_yoast_wpseo_focuskw":"Ceridwen","_yoast_wpseo_title":"Ceridwen \u2013 vali\u017eanska boginja navdiha | iWell Guard","_yoast_wpseo_metadesc":"Ceridwen je vali\u017eanska \u010darovni\u0161ka boginja in varuhinja kotla navdiha Awen. Mati Taliesina. Mit, druidizem in bardovska tradicija.","_yoast_wpseo_meta-robots-noindex":"","_yoast_wpseo_canonical":"","_angie_page":false,"gefaehrdungsstufe":"3","wesen_kultur":"keltisch","wesen_klasse":"goetter","footnotes":""},"categories":[],"class_list":["post-160851","page","type-page","status-publish","has-post-thumbnail","hentry"],"yoast_head":"<!-- This site is optimized with the Yoast SEO Premium plugin v27.7 (Yoast SEO v28.3) - https:\/\/yoast.com\/product\/yoast-seo-premium-wordpress\/ -->\n<title>Ceridwen \u2013 vali\u017eanska boginja navdiha | iWell Guard<\/title>\n<meta name=\"description\" content=\"Ceridwen je vali\u017eanska \u010darovni\u0161ka boginja in varuhinja kotla navdiha Awen. Mati Taliesina. Mit, druidizem in bardovska tradicija.\" \/>\n<meta name=\"robots\" content=\"index, follow, max-snippet:-1, max-image-preview:large, max-video-preview:-1\" \/>\n<link rel=\"canonical\" href=\"https:\/\/iwell-guard.com\/sl\/ceridwen\/\" \/>\n<meta property=\"og:locale\" content=\"sl_SI\" \/>\n<meta property=\"og:type\" content=\"article\" \/>\n<meta property=\"og:title\" content=\"Ceridwen\" \/>\n<meta property=\"og:description\" content=\"Ceridwen je vali\u017eanska \u010darovni\u0161ka boginja in varuhinja kotla navdiha Awen. Mati Taliesina. Mit, druidizem in bardovska tradicija.\" \/>\n<meta property=\"og:url\" content=\"https:\/\/iwell-guard.com\/sl\/ceridwen\/\" \/>\n<meta property=\"og:site_name\" content=\"iWell Guard\" \/>\n<meta property=\"article:modified_time\" content=\"2026-09-05T00:47:44+00:00\" \/>\n<meta property=\"og:image\" content=\"https:\/\/iwell-guard.com\/wp-content\/uploads\/2026\/05\/goetter_keltisch_ceridwen.webp\" \/>\n\t<meta property=\"og:image:width\" content=\"1024\" \/>\n\t<meta property=\"og:image:height\" content=\"1536\" \/>\n\t<meta property=\"og:image:type\" content=\"image\/webp\" \/>\n<meta name=\"twitter:card\" content=\"summary_large_image\" \/>\n<script type=\"application\/ld+json\" class=\"yoast-schema-graph\">{\"@context\":\"https:\\\/\\\/schema.org\",\"@graph\":[{\"@type\":\"WebPage\",\"@id\":\"https:\\\/\\\/iwell-guard.com\\\/sl\\\/ceridwen\\\/\",\"url\":\"https:\\\/\\\/iwell-guard.com\\\/sl\\\/ceridwen\\\/\",\"name\":\"Ceridwen \u2013 vali\u017eanska boginja navdiha | iWell Guard\",\"isPartOf\":{\"@id\":\"https:\\\/\\\/iwell-guard.com\\\/sl\\\/#website\"},\"primaryImageOfPage\":{\"@id\":\"https:\\\/\\\/iwell-guard.com\\\/sl\\\/ceridwen\\\/#primaryimage\"},\"image\":{\"@id\":\"https:\\\/\\\/iwell-guard.com\\\/sl\\\/ceridwen\\\/#primaryimage\"},\"thumbnailUrl\":\"https:\\\/\\\/iwell-guard.com\\\/wp-content\\\/uploads\\\/2026\\\/05\\\/goetter_keltisch_ceridwen.webp\",\"datePublished\":\"2026-09-05T00:26:43+00:00\",\"dateModified\":\"2026-09-05T00:47:44+00:00\",\"description\":\"Ceridwen je vali\u017eanska \u010darovni\u0161ka boginja in varuhinja kotla navdiha Awen. Mati Taliesina. Mit, druidizem in bardovska tradicija.\",\"breadcrumb\":{\"@id\":\"https:\\\/\\\/iwell-guard.com\\\/sl\\\/ceridwen\\\/#breadcrumb\"},\"inLanguage\":\"sl-SI\",\"potentialAction\":[{\"@type\":\"ReadAction\",\"target\":[\"https:\\\/\\\/iwell-guard.com\\\/sl\\\/ceridwen\\\/\"]}]},{\"@type\":\"ImageObject\",\"inLanguage\":\"sl-SI\",\"@id\":\"https:\\\/\\\/iwell-guard.com\\\/sl\\\/ceridwen\\\/#primaryimage\",\"url\":\"https:\\\/\\\/iwell-guard.com\\\/wp-content\\\/uploads\\\/2026\\\/05\\\/goetter_keltisch_ceridwen.webp\",\"contentUrl\":\"https:\\\/\\\/iwell-guard.com\\\/wp-content\\\/uploads\\\/2026\\\/05\\\/goetter_keltisch_ceridwen.webp\",\"width\":1024,\"height\":1536,\"caption\":\"Bo\u017eanstva iz keltske tradicije.\"},{\"@type\":\"BreadcrumbList\",\"@id\":\"https:\\\/\\\/iwell-guard.com\\\/sl\\\/ceridwen\\\/#breadcrumb\",\"itemListElement\":[{\"@type\":\"ListItem\",\"position\":1,\"name\":\"Start\",\"item\":\"https:\\\/\\\/iwell-guard.com\\\/sl\\\/?page_id=160323\"},{\"@type\":\"ListItem\",\"position\":2,\"name\":\"Ceridwen\"}]},{\"@type\":\"WebSite\",\"@id\":\"https:\\\/\\\/iwell-guard.com\\\/sl\\\/#website\",\"url\":\"https:\\\/\\\/iwell-guard.com\\\/sl\\\/\",\"name\":\"iWell Guard\",\"description\":\"Schutz vor dunklen Einfl\u00fcssen\",\"publisher\":{\"@id\":\"https:\\\/\\\/iwell-guard.com\\\/sl\\\/#organization\"},\"potentialAction\":[{\"@type\":\"SearchAction\",\"target\":{\"@type\":\"EntryPoint\",\"urlTemplate\":\"https:\\\/\\\/iwell-guard.com\\\/sl\\\/?s={search_term_string}\"},\"query-input\":{\"@type\":\"PropertyValueSpecification\",\"valueRequired\":true,\"valueName\":\"search_term_string\"}}],\"inLanguage\":\"sl-SI\"},{\"@type\":\"Organization\",\"@id\":\"https:\\\/\\\/iwell-guard.com\\\/sl\\\/#organization\",\"name\":\"Ittermann electronic GmbH\",\"url\":\"https:\\\/\\\/iwell-guard.com\\\/sl\\\/\",\"logo\":{\"@type\":\"ImageObject\",\"inLanguage\":\"sl-SI\",\"@id\":\"https:\\\/\\\/iwell-guard.com\\\/sl\\\/#\\\/schema\\\/logo\\\/image\\\/\",\"url\":\"https:\\\/\\\/iwell-guard.com\\\/wp-content\\\/uploads\\\/2026\\\/05\\\/Ittermann-Logo-1182x237-1.png\",\"contentUrl\":\"https:\\\/\\\/iwell-guard.com\\\/wp-content\\\/uploads\\\/2026\\\/05\\\/Ittermann-Logo-1182x237-1.png\",\"width\":1182,\"height\":237,\"caption\":\"Ittermann electronic GmbH\"},\"image\":{\"@id\":\"https:\\\/\\\/iwell-guard.com\\\/sl\\\/#\\\/schema\\\/logo\\\/image\\\/\"},\"sameAs\":[\"https:\\\/\\\/pantip.com\\\/profile\\\/9367242\",\"https:\\\/\\\/micro.blog\\\/iwellguard\",\"https:\\\/\\\/www.diggerslist.com\\\/iwellguard\\\/about\",\"https:\\\/\\\/skitterphoto.com\\\/photographers\\\/2870314\\\/iwell-guard\",\"https:\\\/\\\/iwellguard.wordpress.com\\\/2026\\\/06\\\/06\\\/iwell-guard\\\/\",\"https:\\\/\\\/hub.docker.com\\\/u\\\/iwellguard\",\"https:\\\/\\\/www.pinterest.com\\\/iwellguard\\\/\",\"https:\\\/\\\/bit.ly\\\/m\\\/iwellguard\",\"https:\\\/\\\/entre-vos-mains.alsace.eu\\\/profiles\\\/iwellguard\\\/activity\",\"https:\\\/\\\/gravatar.com\\\/reallybeded8fd34\",\"https:\\\/\\\/naijamatta.com\\\/iwellguard\",\"https:\\\/\\\/www.goodreads.com\\\/iwellguard\",\"https:\\\/\\\/profile.hatena.ne.jp\\\/iwellguard\\\/\",\"https:\\\/\\\/experiment.com\\\/users\\\/iwellguard\",\"https:\\\/\\\/wakelet.com\\\/@iWellGuard82270\",\"https:\\\/\\\/www.chordie.com\\\/forum\\\/profile.php?id=2555664\",\"https:\\\/\\\/www.instapaper.com\\\/p\\\/17757966\",\"https:\\\/\\\/www.mapleprimes.com\\\/users\\\/iwellguard\",\"https:\\\/\\\/businesslistingplus.com\\\/profile\\\/iwell-guard\\\/\",\"https:\\\/\\\/telegra.ph\\\/iWell-Guard-06-06\",\"https:\\\/\\\/pbase.com\\\/iwellguard\\\/iwellguard\",\"https:\\\/\\\/b.hatena.ne.jp\\\/iwellguard\\\/20260607#bookmark-4788405196491818882\",\"https:\\\/\\\/fliphtml5.com\\\/home\\\/iwellguard\",\"https:\\\/\\\/anyflip.com\\\/homepage\\\/cmiwl#About\",\"https:\\\/\\\/transfur.com\\\/Users\\\/iwellguard\",\"http:\\\/\\\/delphi.larsbo.org\\\/user\\\/iwellguard\",\"https:\\\/\\\/jobs.lajobsportal.org\\\/profiles\\\/8380803-iwell-guard\",\"https:\\\/\\\/md.chaosdorf.de\\\/s\\\/jfbe5SBdJD\",\"https:\\\/\\\/www.lingvolive.com\\\/en-us\\\/profile\\\/9ecaeaca-ce11-4e51-9e71-01d55e2bff36\\\/translations\",\"https:\\\/\\\/www.fitday.com\\\/fitness\\\/forums\\\/members\\\/iwellguard.html\",\"https:\\\/\\\/www.mymeetbook.com\\\/iwellguard\",\"https:\\\/\\\/pxhere.com\\\/en\\\/photographer-me\\\/5040798\",\"https:\\\/\\\/disqus.com\\\/by\\\/iwellguard\\\/about\\\/\",\"https:\\\/\\\/pastelink.net\\\/hjwciqwq\",\"https:\\\/\\\/pubhtml5.com\\\/homepage\\\/scjhn\\\/\",\"https:\\\/\\\/www.bitchute.com\\\/channel\\\/2O2eOKzNqujT\",\"https:\\\/\\\/audiomack.com\\\/iwellguard\"]},{\"@type\":\"Article\",\"@id\":\"https:\\\/\\\/iwell-guard.com\\\/sl\\\/ceridwen\\\/#article\",\"isPartOf\":{\"@id\":\"https:\\\/\\\/iwell-guard.com\\\/sl\\\/ceridwen\\\/\"},\"author\":{\"name\":\"Ralf Ittermann\",\"@id\":\"https:\\\/\\\/iwell-guard.com\\\/sl\\\/#\\\/schema\\\/person\\\/ee2a27f1cac3406c7c6fb5820cb7349f\"},\"headline\":\"Ceridwen\",\"datePublished\":\"2026-09-05T00:26:43+00:00\",\"dateModified\":\"2026-09-05T00:47:44+00:00\",\"mainEntityOfPage\":{\"@id\":\"https:\\\/\\\/iwell-guard.com\\\/sl\\\/ceridwen\\\/\"},\"publisher\":{\"@id\":\"https:\\\/\\\/iwell-guard.com\\\/sl\\\/#organization\"},\"image\":{\"@id\":\"https:\\\/\\\/iwell-guard.com\\\/sl\\\/ceridwen\\\/#primaryimage\"},\"thumbnailUrl\":\"https:\\\/\\\/iwell-guard.com\\\/wp-content\\\/uploads\\\/2026\\\/05\\\/goetter_keltisch_ceridwen.webp\",\"inLanguage\":\"sl-SI\",\"description\":\"Ceridwen je vali\u017eanska \u010darovni\u0161ka boginja in varuhinja kotla navdiha Awen. Mati Taliesina. Mit, druidizem in bardovska tradicija.\"}]}<\/script>\n<!-- \/ Yoast SEO Premium plugin. -->","yoast_head_json":{"title":"Ceridwen \u2013 vali\u017eanska boginja navdiha | iWell Guard","description":"Ceridwen je vali\u017eanska \u010darovni\u0161ka boginja in varuhinja kotla navdiha Awen. Mati Taliesina. Mit, druidizem in bardovska tradicija.","robots":{"index":"index","follow":"follow","max-snippet":"max-snippet:-1","max-image-preview":"max-image-preview:large","max-video-preview":"max-video-preview:-1"},"canonical":"https:\/\/iwell-guard.com\/sl\/ceridwen\/","og_locale":"sl_SI","og_type":"article","og_title":"Ceridwen","og_description":"Ceridwen je vali\u017eanska \u010darovni\u0161ka boginja in varuhinja kotla navdiha Awen. Mati Taliesina. Mit, druidizem in bardovska tradicija.","og_url":"https:\/\/iwell-guard.com\/sl\/ceridwen\/","og_site_name":"iWell Guard","article_modified_time":"2026-09-05T00:47:44+00:00","og_image":[{"width":1024,"height":1536,"url":"https:\/\/iwell-guard.com\/wp-content\/uploads\/2026\/05\/goetter_keltisch_ceridwen.webp","type":"image\/webp"}],"twitter_card":"summary_large_image","schema":{"@context":"https:\/\/schema.org","@graph":[{"@type":"Article","@id":"https:\/\/iwell-guard.com\/sl\/ceridwen\/#article","isPartOf":{"@id":"https:\/\/iwell-guard.com\/sl\/ceridwen\/"},"author":{"name":"Ralf Ittermann","@id":"https:\/\/iwell-guard.com\/sl\/#\/schema\/person\/ee2a27f1cac3406c7c6fb5820cb7349f"},"headline":"Ceridwen","datePublished":"2026-09-05T00:26:43+00:00","dateModified":"2026-09-05T00:47:44+00:00","mainEntityOfPage":{"@id":"https:\/\/iwell-guard.com\/sl\/ceridwen\/"},"publisher":{"@id":"https:\/\/iwell-guard.com\/sl\/#organization"},"image":{"@id":"https:\/\/iwell-guard.com\/sl\/ceridwen\/#primaryimage"},"thumbnailUrl":"https:\/\/iwell-guard.com\/wp-content\/uploads\/2026\/05\/goetter_keltisch_ceridwen.webp","inLanguage":"sl-SI","description":"Ceridwen je vali\u017eanska \u010darovni\u0161ka boginja in varuhinja kotla navdiha Awen. Mati Taliesina. Mit, druidizem in bardovska tradicija."},{"@type":"WebPage","@id":"https:\/\/iwell-guard.com\/sl\/ceridwen\/","url":"https:\/\/iwell-guard.com\/sl\/ceridwen\/","name":"Ceridwen \u2013 vali\u017eanska boginja navdiha | iWell Guard","isPartOf":{"@id":"https:\/\/iwell-guard.com\/sl\/#website"},"primaryImageOfPage":{"@id":"https:\/\/iwell-guard.com\/sl\/ceridwen\/#primaryimage"},"image":{"@id":"https:\/\/iwell-guard.com\/sl\/ceridwen\/#primaryimage"},"thumbnailUrl":"https:\/\/iwell-guard.com\/wp-content\/uploads\/2026\/05\/goetter_keltisch_ceridwen.webp","datePublished":"2026-09-05T00:26:43+00:00","dateModified":"2026-09-05T00:47:44+00:00","description":"Ceridwen je vali\u017eanska \u010darovni\u0161ka boginja in varuhinja kotla navdiha Awen. Mati Taliesina. Mit, druidizem in bardovska tradicija.","breadcrumb":{"@id":"https:\/\/iwell-guard.com\/sl\/ceridwen\/#breadcrumb"},"inLanguage":"sl-SI","potentialAction":[{"@type":"ReadAction","target":["https:\/\/iwell-guard.com\/sl\/ceridwen\/"]}]},{"@type":"ImageObject","inLanguage":"sl-SI","@id":"https:\/\/iwell-guard.com\/sl\/ceridwen\/#primaryimage","url":"https:\/\/iwell-guard.com\/wp-content\/uploads\/2026\/05\/goetter_keltisch_ceridwen.webp","contentUrl":"https:\/\/iwell-guard.com\/wp-content\/uploads\/2026\/05\/goetter_keltisch_ceridwen.webp","width":1024,"height":1536,"caption":"Bo\u017eanstva iz keltske tradicije."},{"@type":"BreadcrumbList","@id":"https:\/\/iwell-guard.com\/sl\/ceridwen\/#breadcrumb","itemListElement":[{"@type":"ListItem","position":1,"name":"Start","item":"https:\/\/iwell-guard.com\/sl\/?page_id=160323"},{"@type":"ListItem","position":2,"name":"Ceridwen"}]},{"@type":"WebSite","@id":"https:\/\/iwell-guard.com\/sl\/#website","url":"https:\/\/iwell-guard.com\/sl\/","name":"iWell Guard","description":"Schutz vor dunklen Einfl\u00fcssen","publisher":{"@id":"https:\/\/iwell-guard.com\/sl\/#organization"},"potentialAction":[{"@type":"SearchAction","target":{"@type":"EntryPoint","urlTemplate":"https:\/\/iwell-guard.com\/sl\/?s={search_term_string}"},"query-input":{"@type":"PropertyValueSpecification","valueRequired":true,"valueName":"search_term_string"}}],"inLanguage":"sl-SI"},{"@type":"Organization","@id":"https:\/\/iwell-guard.com\/sl\/#organization","name":"Ittermann electronic GmbH","url":"https:\/\/iwell-guard.com\/sl\/","logo":{"@type":"ImageObject","inLanguage":"sl-SI","@id":"https:\/\/iwell-guard.com\/sl\/#\/schema\/logo\/image\/","url":"https:\/\/iwell-guard.com\/wp-content\/uploads\/2026\/05\/Ittermann-Logo-1182x237-1.png","contentUrl":"https:\/\/iwell-guard.com\/wp-content\/uploads\/2026\/05\/Ittermann-Logo-1182x237-1.png","width":1182,"height":237,"caption":"Ittermann electronic GmbH"},"image":{"@id":"https:\/\/iwell-guard.com\/sl\/#\/schema\/logo\/image\/"},"sameAs":["https:\/\/pantip.com\/profile\/9367242","https:\/\/micro.blog\/iwellguard","https:\/\/www.diggerslist.com\/iwellguard\/about","https:\/\/skitterphoto.com\/photographers\/2870314\/iwell-guard","https:\/\/iwellguard.wordpress.com\/2026\/06\/06\/iwell-guard\/","https:\/\/hub.docker.com\/u\/iwellguard","https:\/\/www.pinterest.com\/iwellguard\/","https:\/\/bit.ly\/m\/iwellguard","https:\/\/entre-vos-mains.alsace.eu\/profiles\/iwellguard\/activity","https:\/\/gravatar.com\/reallybeded8fd34","https:\/\/naijamatta.com\/iwellguard","https:\/\/www.goodreads.com\/iwellguard","https:\/\/profile.hatena.ne.jp\/iwellguard\/","https:\/\/experiment.com\/users\/iwellguard","https:\/\/wakelet.com\/@iWellGuard82270","https:\/\/www.chordie.com\/forum\/profile.php?id=2555664","https:\/\/www.instapaper.com\/p\/17757966","https:\/\/www.mapleprimes.com\/users\/iwellguard","https:\/\/businesslistingplus.com\/profile\/iwell-guard\/","https:\/\/telegra.ph\/iWell-Guard-06-06","https:\/\/pbase.com\/iwellguard\/iwellguard","https:\/\/b.hatena.ne.jp\/iwellguard\/20260607#bookmark-4788405196491818882","https:\/\/fliphtml5.com\/home\/iwellguard","https:\/\/anyflip.com\/homepage\/cmiwl#About","https:\/\/transfur.com\/Users\/iwellguard","http:\/\/delphi.larsbo.org\/user\/iwellguard","https:\/\/jobs.lajobsportal.org\/profiles\/8380803-iwell-guard","https:\/\/md.chaosdorf.de\/s\/jfbe5SBdJD","https:\/\/www.lingvolive.com\/en-us\/profile\/9ecaeaca-ce11-4e51-9e71-01d55e2bff36\/translations","https:\/\/www.fitday.com\/fitness\/forums\/members\/iwellguard.html","https:\/\/www.mymeetbook.com\/iwellguard","https:\/\/pxhere.com\/en\/photographer-me\/5040798","https:\/\/disqus.com\/by\/iwellguard\/about\/","https:\/\/pastelink.net\/hjwciqwq","https:\/\/pubhtml5.com\/homepage\/scjhn\/","https:\/\/www.bitchute.com\/channel\/2O2eOKzNqujT","https:\/\/audiomack.com\/iwellguard"]},{"@type":"Person","@id":"https:\/\/iwell-guard.com\/sl\/#\/schema\/person\/ee2a27f1cac3406c7c6fb5820cb7349f","name":"Ralf Ittermann","image":{"@type":"ImageObject","inLanguage":"sl-SI","@id":"https:\/\/secure.gravatar.com\/avatar\/073c0153e350a5005b68eb752b445fea71f6b24a26da9449ad7e155e6b446c9d?s=96&d=mm&r=g","url":"https:\/\/secure.gravatar.com\/avatar\/073c0153e350a5005b68eb752b445fea71f6b24a26da9449ad7e155e6b446c9d?s=96&d=mm&r=g","contentUrl":"https:\/\/secure.gravatar.com\/avatar\/073c0153e350a5005b68eb752b445fea71f6b24a26da9449ad7e155e6b446c9d?s=96&d=mm&r=g","caption":"Ralf Ittermann"},"givenName":"Ralf","familyName":"Ittermann","jobTitle":"Gesch\u00e4ftsf\u00fchrer und redaktioneller Verantwortlicher","url":"https:\/\/iwell-guard.com\/sl\/author\/claude\/","description":"Ralf Ittermann ist Gesch\u00e4ftsf\u00fchrer der Ittermann electronic GmbH und redaktioneller Verantwortlicher des iWell-Guard-Lexikons. Er verbindet langj\u00e4hrige Erfahrung in der Pr\u00e4zisionsfertigung mit medialer Praxis und religionsgeschichtlicher Quellenarbeit.","worksFor":{"@type":"Organization","name":"Ittermann electronic GmbH","url":"https:\/\/ittermann.de\/","address":{"@type":"PostalAddress","streetAddress":"K\u00f6hlergasse 16-18","postalCode":"99842","addressLocality":"Ruhla","addressCountry":"DE"}},"knowsAbout":["Religionsgeschichte","Mythologie","Mediale Praxis","Energetische Diagnostik","Schutzpraxis","Volksglauben","Westliche Esoterik"]},{"@type":"Article","@id":"https:\/\/iwell-guard.com\/sl\/ceridwen\/#article","isPartOf":{"@id":"https:\/\/iwell-guard.com\/sl\/ceridwen\/"},"author":{"name":"Ralf Ittermann","@id":"https:\/\/iwell-guard.com\/sl\/#\/schema\/person\/ee2a27f1cac3406c7c6fb5820cb7349f"},"headline":"Ceridwen","datePublished":"2026-09-05T00:26:43+00:00","dateModified":"2026-09-05T00:47:44+00:00","mainEntityOfPage":{"@id":"https:\/\/iwell-guard.com\/sl\/ceridwen\/"},"publisher":{"@id":"https:\/\/iwell-guard.com\/sl\/#organization"},"image":{"@id":"https:\/\/iwell-guard.com\/sl\/ceridwen\/#primaryimage"},"thumbnailUrl":"https:\/\/iwell-guard.com\/wp-content\/uploads\/2026\/05\/goetter_keltisch_ceridwen.webp","inLanguage":"sl-SI","description":"Ceridwen je vali\u017eanska \u010darovni\u0161ka boginja in varuhinja kotla navdiha Awen. Mati Taliesina. Mit, druidizem in bardovska tradicija."}]}},"_links":{"self":[{"href":"https:\/\/iwell-guard.com\/sl\/wp-json\/wp\/v2\/pages\/160851","targetHints":{"allow":["GET"]}}],"collection":[{"href":"https:\/\/iwell-guard.com\/sl\/wp-json\/wp\/v2\/pages"}],"about":[{"href":"https:\/\/iwell-guard.com\/sl\/wp-json\/wp\/v2\/types\/page"}],"author":[{"embeddable":true,"href":"https:\/\/iwell-guard.com\/sl\/wp-json\/wp\/v2\/users\/3"}],"replies":[{"embeddable":true,"href":"https:\/\/iwell-guard.com\/sl\/wp-json\/wp\/v2\/comments?post=160851"}],"version-history":[{"count":0,"href":"https:\/\/iwell-guard.com\/sl\/wp-json\/wp\/v2\/pages\/160851\/revisions"}],"wp:featuredmedia":[{"embeddable":true,"href":"https:\/\/iwell-guard.com\/sl\/wp-json\/wp\/v2\/media\/3240"}],"wp:attachment":[{"href":"https:\/\/iwell-guard.com\/sl\/wp-json\/wp\/v2\/media?parent=160851"}],"wp:term":[{"taxonomy":"category","embeddable":true,"href":"https:\/\/iwell-guard.com\/sl\/wp-json\/wp\/v2\/categories?post=160851"}],"curies":[{"name":"wp","href":"https:\/\/api.w.org\/{rel}","templated":true}]}}