{"id":160817,"date":"2026-09-05T00:26:16","date_gmt":"2026-09-05T00:26:16","guid":{"rendered":"https:\/\/iwell-guard.com\/?page_id=160817"},"modified":"2026-09-05T00:46:54","modified_gmt":"2026-09-05T00:46:54","slug":"vesta","status":"publish","type":"page","link":"https:\/\/iwell-guard.com\/sl\/vesta\/","title":{"rendered":"Vesta"},"content":{"rendered":"\t\t<div data-elementor-type=\"wp-page\" data-elementor-id=\"160817\" class=\"elementor elementor-160817 elementor-3014 elementor-bc-flex-widget\" data-elementor-post-type=\"page\">\n\t\t\t\t<div class=\"elementor-element elementor-element-71afdde e-flex e-con-boxed e-con e-parent\" data-id=\"71afdde\" data-element_type=\"container\" data-e-type=\"container\" data-settings=\"{&quot;background_background&quot;:&quot;classic&quot;}\">\n\t\t\t\t\t<div class=\"e-con-inner\">\n\t\t<div class=\"elementor-element elementor-element-0aac197 e-flex e-con-boxed e-con e-child\" data-id=\"0aac197\" data-element_type=\"container\" data-e-type=\"container\">\n\t\t\t\t\t<div class=\"e-con-inner\">\n\t\t<div class=\"elementor-element elementor-element-f18f2e5 e-con-full e-flex e-con e-child\" data-id=\"f18f2e5\" data-element_type=\"container\" data-e-type=\"container\">\n\t\t\t\t<div class=\"elementor-element elementor-element-ec8ab80 elementor-widget elementor-widget-heading\" data-id=\"ec8ab80\" data-element_type=\"widget\" data-e-type=\"widget\" data-widget_type=\"heading.default\">\n\t\t\t\t\t<h1 class=\"elementor-heading-title elementor-size-default\">Vesta, rimska boginja doma\u010dega ognji\u0161\u010da<\/h1>\t\t\t\t<\/div>\n\t\t\t\t<div class=\"elementor-element elementor-element-60c7f8f elementor-widget elementor-widget-text-editor\" data-id=\"60c7f8f\" data-element_type=\"widget\" data-e-type=\"widget\" data-widget_type=\"text-editor.default\">\n\t\t\t\t\t\t\t\t\t<p>Vesta je rimska boginja doma\u010dega ognji\u0161\u010da in dr\u017eavnega kulta. Njeno <span class=\"iwg-fachbegriff\" data-tooltip=\"Kraj, posve\u010den \u010da\u0161\u010denju bo\u017eanstva.\" tabindex=\"0\">sveti\u0161\u010de<\/span> na Forumu Romanumu je bilo eno najstarej\u0161ih in politi\u010dno najpomembnej\u0161ih v Rimu. Ogenj, ki je neprekinjeno gorel v njenem <span class=\"iwg-fachbegriff\" data-tooltip=\"Zgradba, namenjena \u010da\u0161\u010denju enega ali ve\u010d bo\u017eanstev.\" tabindex=\"0\">templju<\/span>, je veljal za porok blaginje mesta.<\/p><p><span class=\"iwg-fachbegriff\" data-tooltip=\"Celota verskih \u010da\u0161\u010denj, namenjenih bo\u017eanstvu ali sveti osebi.\" tabindex=\"0\">Kult<\/span> so upravljale vestalke, posve\u010den kolegij sve\u010denic najvi\u0161jega obredneg ranga. Njihova zgodovina sega v same za\u010detke italske religije in se kon\u010da \u0161ele s formalno razpustitvijo kulta leta 391 pod cesarjem Teodozijem.<\/p>\t\t\t\t\t\t\t\t<\/div>\n\t\t\t\t<\/div>\n\t\t<div class=\"elementor-element elementor-element-c3542be e-con-full e-flex e-con e-parent\" data-id=\"c3542be\" data-element_type=\"container\" data-e-type=\"container\">\n\t\t\t\t<div class=\"elementor-element elementor-element-9981897 elementor-widget elementor-widget-html\" data-id=\"9981897\" data-element_type=\"widget\" data-e-type=\"widget\" data-widget_type=\"html.default\">\n\t\t\t\t\t<div class=\"iwg-pill-row\"><span class=\"iwg-klasse-badge\" tabindex=\"0\" data-tooltip=\"Bog \/ boginja: Poosebljena najvi\u0161ja mo\u010d v panteonu kulture, z jasnimi pristojnostmi \u2014 naravne sile, usoda, vojna, rodovitnost. \u010ca\u0161\u010dena prek kultov, \u017ertvovanj in tempeljskih institucij.\">Bog<\/span><a href=\"https:\/\/iwell-guard.com\/sl\/rim\/\" class=\"iwg-kultur-badge\" tabindex=\"0\" data-tooltip=\"Rimska religija od kraljevske dobe do pozne antike \u2014 sinkretisti\u010dna, prepletena z gr\u0161kimi in etru\u0161\u010danskimi plastmi.\">Rim<\/a><\/div>\t\t\t\t<\/div>\n\t\t\t\t<\/div>\n\t\t<div class=\"elementor-element elementor-element-3ac9319 e-con-full e-flex e-con e-child\" data-id=\"3ac9319\" data-element_type=\"container\" data-e-type=\"container\">\n\t\t\t\t<div class=\"elementor-element elementor-element-63ca525 elementor-toc--minimized-on-tablet elementor-widget elementor-widget-table-of-contents\" data-id=\"63ca525\" data-element_type=\"widget\" data-e-type=\"widget\" data-settings=\"{&quot;exclude_headings_by_selector&quot;:[],&quot;no_headings_message&quot;:&quot;Na tej strani ni najdenih naslovov.&quot;,&quot;headings_by_tags&quot;:[&quot;h2&quot;,&quot;h3&quot;],&quot;marker_view&quot;:&quot;bullets&quot;,&quot;icon&quot;:{&quot;value&quot;:&quot;fas fa-circle&quot;,&quot;library&quot;:&quot;fa-solid&quot;,&quot;rendered_tag&quot;:&quot;&lt;svg class=\\&quot;e-font-icon-svg e-fas-circle\\&quot; viewBox=\\&quot;0 0 512 512\\&quot; xmlns=\\&quot;http:\\\/\\\/www.w3.org\\\/2000\\\/svg\\&quot;&gt;&lt;path d=\\&quot;M256 8C119 8 8 119 8 256s111 248 248 248 248-111 248-248S393 8 256 8z\\&quot;&gt;&lt;\\\/path&gt;&lt;\\\/svg&gt;&quot;},&quot;minimize_box&quot;:&quot;yes&quot;,&quot;minimized_on&quot;:&quot;tablet&quot;,&quot;hierarchical_view&quot;:&quot;yes&quot;,&quot;min_height&quot;:{&quot;unit&quot;:&quot;px&quot;,&quot;size&quot;:&quot;&quot;,&quot;sizes&quot;:[]},&quot;min_height_tablet&quot;:{&quot;unit&quot;:&quot;px&quot;,&quot;size&quot;:&quot;&quot;,&quot;sizes&quot;:[]},&quot;min_height_mobile&quot;:{&quot;unit&quot;:&quot;px&quot;,&quot;size&quot;:&quot;&quot;,&quot;sizes&quot;:[]}}\" data-widget_type=\"table-of-contents.default\">\n\t\t\t\t\t\t\t\t\t<div class=\"elementor-toc__header\">\n\t\t\t\t\t\t<h2 class=\"elementor-toc__header-title\">\n\t\t\t\tKazalo vsebine\t\t\t<\/h2>\n\t\t\t\t\t\t\t\t\t\t<div class=\"elementor-toc__toggle-button elementor-toc__toggle-button--expand\" role=\"button\" tabindex=\"0\" aria-controls=\"elementor-toc__63ca525\" aria-expanded=\"true\" aria-label=\"Open table of contents\"><svg aria-hidden=\"true\" class=\"e-font-icon-svg e-fas-chevron-down\" viewBox=\"0 0 448 512\" xmlns=\"http:\/\/www.w3.org\/2000\/svg\"><path d=\"M207.029 381.476L12.686 187.132c-9.373-9.373-9.373-24.569 0-33.941l22.667-22.667c9.357-9.357 24.522-9.375 33.901-.04L224 284.505l154.745-154.021c9.379-9.335 24.544-9.317 33.901.04l22.667 22.667c9.373 9.373 9.373 24.569 0 33.941L240.971 381.476c-9.373 9.372-24.569 9.372-33.942 0z\"><\/path><\/svg><\/div>\n\t\t\t\t<div class=\"elementor-toc__toggle-button elementor-toc__toggle-button--collapse\" role=\"button\" tabindex=\"0\" aria-controls=\"elementor-toc__63ca525\" aria-expanded=\"true\" aria-label=\"Close table of contents\"><svg aria-hidden=\"true\" class=\"e-font-icon-svg e-fas-chevron-up\" viewBox=\"0 0 448 512\" xmlns=\"http:\/\/www.w3.org\/2000\/svg\"><path d=\"M240.971 130.524l194.343 194.343c9.373 9.373 9.373 24.569 0 33.941l-22.667 22.667c-9.357 9.357-24.522 9.375-33.901.04L224 227.495 69.255 381.516c-9.379 9.335-24.544 9.317-33.901-.04l-22.667-22.667c-9.373-9.373-9.373-24.569 0-33.941L207.03 130.525c9.372-9.373 24.568-9.373 33.941-.001z\"><\/path><\/svg><\/div>\n\t\t\t\t\t<\/div>\n\t\t\t\t<div id=\"elementor-toc__63ca525\" class=\"elementor-toc__body\">\n\t\t\t<div class=\"elementor-toc__spinner-container\">\n\t\t\t\t<svg class=\"elementor-toc__spinner eicon-animation-spin e-font-icon-svg e-eicon-loading\" aria-hidden=\"true\" viewBox=\"0 0 1000 1000\" xmlns=\"http:\/\/www.w3.org\/2000\/svg\"><path d=\"M500 975V858C696 858 858 696 858 500S696 142 500 142 142 304 142 500H25C25 237 238 25 500 25S975 237 975 500 763 975 500 975Z\"><\/path><\/svg>\t\t\t<\/div>\n\t\t<\/div>\n\t\t\t\t\t\t<\/div>\n\t\t\t\t<\/div>\n\t\t\t\t\t<\/div>\n\t\t\t\t<\/div>\n\t\t<div class=\"elementor-element elementor-element-b2cea55 e-con-full e-flex e-con e-child\" data-id=\"b2cea55\" data-element_type=\"container\" data-e-type=\"container\">\n\t\t\t\t<div class=\"elementor-element elementor-element-227b75e iwg-hero-image elementor-widget elementor-widget-image\" data-id=\"227b75e\" data-element_type=\"widget\" data-e-type=\"widget\" data-widget_type=\"image.default\">\n\t\t\t\t\t\t\t\t\t\t\t\t\t\t\t<img fetchpriority=\"high\" decoding=\"async\" width=\"683\" height=\"1024\" src=\"https:\/\/iwell-guard.com\/wp-content\/uploads\/2026\/05\/goetter_rom_vesta-683x1024.webp\" class=\"attachment-large size-large wp-image-162439\" alt=\"Vesta \u2013 bogovi iz rimskega izro\u010dila, zgodovinsko-ilustrativno\" srcset=\"https:\/\/iwell-guard.com\/wp-content\/uploads\/2026\/05\/goetter_rom_vesta-683x1024.webp 683w, https:\/\/iwell-guard.com\/wp-content\/uploads\/2026\/05\/goetter_rom_vesta-200x300.webp 200w, https:\/\/iwell-guard.com\/wp-content\/uploads\/2026\/05\/goetter_rom_vesta-768x1152.webp 768w, https:\/\/iwell-guard.com\/wp-content\/uploads\/2026\/05\/goetter_rom_vesta.webp 1024w\" sizes=\"(max-width: 683px) 100vw, 683px\" \/>\t\t\t\t\t\t\t\t\t\t\t\t\t\t\t<\/div>\n\t\t\t\t<\/div>\n\t\t\t\t\t<\/div>\n\t\t\t\t<\/div>\n\t\t<div class=\"elementor-element elementor-element-db85b49 e-con-boxed e-flex e-con e-parent\" data-id=\"db85b49\" data-element_type=\"container\" data-e-type=\"container\">\n\t\t\t\t\t<div class=\"e-con-inner\">\n\t\t<div class=\"elementor-element elementor-element-72e7923 e-con-full e-flex e-con e-child\" data-id=\"72e7923\" data-element_type=\"container\" data-e-type=\"container\">\n\t\t\t\t<div class=\"elementor-element elementor-element-83c732e elementor-widget elementor-widget-heading\" data-id=\"83c732e\" data-element_type=\"widget\" data-e-type=\"widget\" data-widget_type=\"heading.default\">\n\t\t\t\t\t<h2 class=\"elementor-heading-title elementor-size-default\">Mit in izvor<\/h2>\t\t\t\t<\/div>\n\t\t\t\t<div class=\"elementor-element elementor-element-8370d14 elementor-widget elementor-widget-text-editor\" data-id=\"8370d14\" data-element_type=\"widget\" data-e-type=\"widget\" data-widget_type=\"text-editor.default\">\n\t\t\t\t\t\t\t\t\t<p>Vesta spada med najstarej\u0161e prvine italske religije in je jezikovnozgodovinsko sorodna gr\u0161ki Hestiji. Obe imeni je mogo\u010de izpeljati iz indoevropskega korena, ki pomeni gorenje ali \u017earenje.<\/p><p>V nasprotju z gr\u0161ko Hestijo je Vesta v Rimu razvila izrazito dr\u017eavno-politi\u010dno razse\u017enost. \u017de Numa Pompilij naj bi po Liviju organiziral Vestin <span class=\"iwg-fachbegriff\" data-tooltip=\"Celota verskih \u010da\u0161\u010denj, namenjenih bo\u017eanstvu ali sveti osebi.\" tabindex=\"0\">kult<\/span> in ustanovil kolegij vestalk. Plutarh poro\u010da podobno v svojem \u017eivljenjepisu Nume in poudarja versko urejevalno mo\u010d tega legendarnega kralja.<\/p>\n<p><span class=\"iwg-fachbegriff\" data-tooltip=\"Izro\u010dena pripoved o bogovih, izvorih in ureditvi svetu.\" tabindex=\"0\">Mit<\/span> o Vesti sami je razmeroma reven z zgodbami. V literarnem izro\u010dilu se redko pojavlja kot delujo\u010da boginja, temve\u010d se ka\u017ee kot alegori\u010dno poosebljenje doma\u010dega ognja. Ovidij ji v \u00abFastih\u00bb posveti obse\u017een odlomek o prazniku Vestalij 9. junija in poudari, kako te\u017eko si je boginjo predstavljati podobno.<\/p><p>Naj bi imela \u00able \u017eivi ogenj\u00bb in naj bi jo \u010dastili ne v podobah, temve\u010d v samem plamenu. Ta osredoto\u010denost na golo prvino Vesti v rimski religiji daje posebno teolo\u0161ko mesto.<\/p>\n<p>Tesna povezava Veste s Penati, za\u0161\u010ditniki hi\u0161e, in s Paladijem, iz Troje re\u0161enim <span class=\"iwg-fachbegriff\" data-tooltip=\"Slikovna upodobitev bo\u017eanstva, \u010da\u0161\u010dena v templju ali sveti\u0161\u010du.\" tabindex=\"0\">kultnim znamenjem<\/span> Minerve, jo je naredila za referen\u010dno to\u010dko rimskega dr\u017eavnega mita.<\/p><p>Vergilij v \u00abEneidi\u00bb prika\u017ee Eneja, kako z Penati in Vestinim ognjem be\u017ei iz Troje. Ta prepletenost trojanskega izvora, dr\u017eavnega doma\u010dega ognja in za\u0161\u010ditnih bo\u017eanstev je oblikovala versko samorazumevanje avgustejskega Rima.<\/p>\n<p>V italski predzgodovini je bilo varovanje doma\u010dega ognja osrednja naloga tedaj neporo\u010denih h\u010der hi\u0161e. Vestalke so v verskozgodovinskem smislu odraz te prakse, povzdignjene v dr\u017eavni kult. Arhai\u010dni model italske kme\u010dke hi\u0161e, v kateri je osrednje ognji\u0161\u010de oskrbovalo celo hi\u0161o, je arhitekturno ohranjen v kro\u017enem <span class=\"iwg-fachbegriff\" data-tooltip=\"Zgradba, namenjena \u010da\u0161\u010denju enega ali ve\u010d bo\u017eanstev.\" tabindex=\"0\">templju<\/span> Veste.<\/p>\t\t\t\t\t\t\t\t<\/div>\n\t\t\t\t<\/div>\n\t\t<div class=\"elementor-element elementor-element-17c3c2b e-con-full e-flex e-con e-child\" data-id=\"17c3c2b\" data-element_type=\"container\" data-e-type=\"container\">\n\t\t\t\t<div class=\"elementor-element elementor-element-71f5ee9 elementor-widget elementor-widget-heading\" data-id=\"71f5ee9\" data-element_type=\"widget\" data-e-type=\"widget\" data-widget_type=\"heading.default\">\n\t\t\t\t\t<h2 class=\"elementor-heading-title elementor-size-default\">Simboli in atributi<\/h2>\t\t\t\t<\/div>\n\t\t\t\t<div class=\"elementor-element elementor-element-5337f4e elementor-widget elementor-widget-text-editor\" data-id=\"5337f4e\" data-element_type=\"widget\" data-e-type=\"widget\" data-widget_type=\"text-editor.default\">\n\t\t\t\t\t\t\t\t\t<p>Vestin najpomembnej\u0161i <span class=\"iwg-fachbegriff\" data-tooltip=\"Znamenje, ki nadome\u0161\u010da predstavo ali pomen.\" tabindex=\"0\">simbol<\/span> je plamen. Ve\u010dni ogenj v njenem <span class=\"iwg-fachbegriff\" data-tooltip=\"Zgradba, namenjena \u010da\u0161\u010denju enega ali ve\u010d bo\u017eanstev.\" tabindex=\"0\">templju<\/span> ni veljal za podobo, temve\u010d za resni\u010dno navzo\u010dnost boginje. Hranili so ga z lesom iz svetega <span class=\"iwg-fachbegriff\" data-tooltip=\"Sveti gozd, ki je slu\u017eil kot kultni kraj.\" tabindex=\"0\">gaja<\/span> na Veliji in v nobenem primeru ni smel ugasniti.<\/p><p>\u010ce je vseeno ugasnil, kar Cicero in Livij opisujeta kot nevaren znak, ga je bilo treba znova pri\u017egati z drgnjenjem dveh lesenih palic ali s son\u010dno svetlobo in le\u010da, nikoli iz posvetnega vira. Ta zahteva po \u010distosti ka\u017ee teolo\u0161ko strogost tega kulta.<\/p>\n<p>Pomembno vlogo je imela tudi voda. Vestalke so vsak dan zajemale vodo iz vira Egerije ali iz vodnjaka Kamen in je niso mogle postaviti na tla.<\/p><p>Ta voda je slu\u017eila obrednemu \u010di\u0161\u010denju templja. Kombinacija ognja in vode, obeh v \u010disti obliki, je Vesto naredila za boginjo temeljnih pogojev \u010dlove\u0161kega \u017eivljenja.<\/p>\n<p>Sveti <span class=\"iwg-fachbegriff\" data-tooltip=\"Sveti gozd, ki je slu\u017eil kot kultni kraj.\" tabindex=\"0\">gaj<\/span> Veste pri Laviniju je bil vir mola salse, posve\u010dene solene moke, ki so jo vestalke pripravljale iz pire in soli.<\/p><p>Mola salsa so pri javnih \u017ertvovanjih sipali na \u017eival in <span class=\"iwg-fachbegriff\" data-tooltip=\"Dvignjeno mesto ali miza za \u017ertvovanje in verske obrede.\" tabindex=\"0\">altar<\/span>, in po njej ima ime beseda \u00bbimmolare\u00ab, torej \u00bb\u017ertvovati\u00ab. Tako je bila skoraj vsaka javna <span class=\"iwg-fachbegriff\" data-tooltip=\"Dar bo\u017eanstvu za izra\u017eanje zahvale, pro\u0161nje ali \u010da\u0161\u010denja.\" tabindex=\"0\">\u017ertev<\/span> soposve\u010dena s vestalskim izdelkom.<\/p>\n<p>V likovni umetnosti se Vesta redko pojavlja v poosebljeni obliki, kve\u010djemu kot zakrita matrona s skledico in plamenico. Pogosteje je v sredi\u0161\u010du reliefov, kovancev in stenskih poslikav njeno ikoni\u010dno znamenje, plamen na <span class=\"iwg-fachbegriff\" data-tooltip=\"Dvignjeno mesto ali miza za \u017ertvovanje in verske obrede.\" tabindex=\"0\">altarju<\/span>.<\/p><p>Na \u0161tevilnih cesarskih kovancih je Vesta upodobljena sede\u010da s pateno in \u017eezlom, pogosto z napisom Vesta Mater ali Vesta Sancta. Ta ikonografska zadr\u017eanost poudarja abstraktni zna\u010daj njenega \u010da\u0161\u010denja.<\/p>\t\t\t\t\t\t\t\t<\/div>\n\t\t\t\t<\/div>\n\t\t<div class=\"elementor-element elementor-element-35ac3ab e-con-full e-flex e-con e-child\" data-id=\"35ac3ab\" data-element_type=\"container\" data-e-type=\"container\">\n\t\t\t\t<div class=\"elementor-element elementor-element-0f58371 elementor-widget elementor-widget-heading\" data-id=\"0f58371\" data-element_type=\"widget\" data-e-type=\"widget\" data-widget_type=\"heading.default\">\n\t\t\t\t\t<h2 class=\"elementor-heading-title elementor-size-default\">Kult in \u010da\u0161\u010denje<\/h2>\t\t\t\t<\/div>\n\t\t\t\t<div class=\"elementor-element elementor-element-5b9f4f6 elementor-widget elementor-widget-text-editor\" data-id=\"5b9f4f6\" data-element_type=\"widget\" data-e-type=\"widget\" data-widget_type=\"text-editor.default\">\n\t\t\t\t\t\t\t\t\t<p>Vestino <span class=\"iwg-fachbegriff\" data-tooltip=\"Kraju, posve\u010denemu \u010da\u0161\u010denju bo\u017eanstva.\" tabindex=\"0\">sveti\u0161\u010de<\/span> na Forumu, Aedes Vestae, je bila kro\u017ena stavba v bli\u017eini Regije, nekdanjega uradnega sede\u017ea ponti\u00adfexa maximusa. Poleg njega je stal Atrium Vestae, bivali\u0161\u010de \u0161estih vestalk.<\/p><p>Kro\u017ena oblika templja je najverjetneje povzemala arhai\u010dno latinsko obliko hi\u0161e in tako simbolizirala pradavno italsko bivalno stavbo, v sredini katere je gorel doma\u010di ogenj. Arheolo\u0161ka izkopavanja so odkrila ve\u010d gradbenih faz, od zgodnje lesene ureditve do marmorne novogradnje Julije Domne v 3. stoletju n. \u0161t.<\/p>\n<p>Vestalke so bile izbrane med \u0161estim in desetim letom starosti s seznama rimskih dru\u017ein in jih je <span class=\"iwg-fachbegriff\" data-tooltip=\"Z religioznim dejanjem izro\u010deno svetemu in tako izvzeto iz vsakdanjega.\" tabindex=\"0\">posvetil<\/span> pontifex maximus. Njihova slu\u017eba je trajala trideset let. Niso bile podrejene o\u010detovski patria potestas, lahko so sestavljale oporoke in v gledali\u0161\u010du sedele na posebnih mestih.<\/p><p>Ta pravni posebni status je bil edinstven v rimski dru\u017ebi. V zameno je bila njihova \u010distost nedotakljiva. Kr\u0161itve so kaznovali z \u017eivim pogrebom v bli\u017eini Porta Collina. Tak\u0161ni primeri so ve\u010dkrat izpri\u010dani v virih, na primer Kornelija pod Domicijanom in Postumija v \u010dasu republike.<\/p>\n<p>Glavni praznik je bila Vestalia, od 7. do 15. junija. V tem \u010dasu je bil <span class=\"iwg-fachbegriff\" data-tooltip=\"Zgradba, namenjena \u010da\u0161\u010denju enega ali ve\u010d bo\u017eanstev.\" tabindex=\"0\">tempelj<\/span> izjemoma odprt tudi za rimske gospodinje, ki so bosonoge prina\u0161ale <span class=\"iwg-fachbegriff\" data-tooltip=\"Dar bo\u017eanstvu v izraz zahvale, pro\u0161nje ali \u010da\u0161\u010denja.\" tabindex=\"0\">daritve<\/span>. Na zadnji dan so <span class=\"iwg-fachbegriff\" data-tooltip=\"Zgradba, namenjena \u010da\u0161\u010denju enega ali ve\u010d bo\u017eanstev.\" tabindex=\"0\">tempelj<\/span> <span class=\"iwg-fachbegriff\" data-tooltip=\"Pripadajo\u010d dolo\u010denemu, ustaljenemu religioznemu obredu.\" tabindex=\"0\">obredno<\/span> o\u010distili in pomete odnesli k Tiberi.<\/p><p>Ustrezen dan, 15. junij, je nato veljal za posveten dan in se je lahko uporabljal za opravke. Posebej izpostavljen je bil tudi 9. junij, ko so osle kronali s hlebci kruha v spomin na osla, ki naj bi Vesto re\u0161il pred napadom Priapa.<\/p>\n<p>Z Avgustovo religiozno reformo je bil Vestin <span class=\"iwg-fachbegriff\" data-tooltip=\"Celota \u010da\u0161\u010denja, posve\u010denega bo\u017eanstvu ali svetemu bitju.\" tabindex=\"0\">kult<\/span> tesno povezan s cesarsko hi\u0161o. Avgust je prevzel pontifikat in v svoji palatinski rezidenci zgradil novo Vestino <span class=\"iwg-fachbegriff\" data-tooltip=\"Kraju, posve\u010denemu \u010da\u0161\u010denju bo\u017eanstva.\" tabindex=\"0\">sveti\u0161\u010de<\/span>, s \u010dimer so bili dr\u017eava, pontifikat in cesarska hi\u0161a simbolno prepleteni.<\/p><p>Vestina prisotnost v pala\u010di je poudarjala, da je princeps osebno poro\u0161tvo za ve\u010dni ogenj dr\u017eave. V severski dinastiji je Julija Domna <span class=\"iwg-fachbegriff\" data-tooltip=\"Celota \u010da\u0161\u010denja, posve\u010denega bo\u017eanstvu ali svetemu bitju.\" tabindex=\"0\">kult<\/span> \u0161e dodatno povzdignila.<\/p>\n<p><span class=\"iwg-fachbegriff\" data-tooltip=\"Celota \u010da\u0161\u010denja, posve\u010denega bo\u017eanstvu ali svetemu bitju.\" tabindex=\"0\">Kult<\/span> je bil uradno ukinjen leta 391 n. \u0161t. pod cesarjem Teodozijem. Ve\u010dni ogenj so pogasili, Atrium Vestae zaprli, zadnje vestalke pa so izgubile svoje privilegije. Simeon Stilit in drugi kr\u0161\u010danski asketi so bili v <span class=\"iwg-fachbegriff\" data-tooltip=\"Prehodna doba med antiko in srednjim vekom, pribli\u017eno od 3. do 7. stoletja.\" tabindex=\"0\">pozni antiki<\/span> deloma razumljeni kot duhovni odmev vestalskih idealov, kar poudarja dolgotrajen sijaj te institucije.<\/p>\t\t\t\t\t\t\t\t<\/div>\n\t\t\t\t<\/div>\n\t\t<div class=\"elementor-element elementor-element-7a4855b e-con-full e-flex e-con e-child\" data-id=\"7a4855b\" data-element_type=\"container\" data-e-type=\"container\">\n\t\t\t\t<div class=\"elementor-element elementor-element-3a56f95 elementor-widget elementor-widget-heading\" data-id=\"3a56f95\" data-element_type=\"widget\" data-e-type=\"widget\" data-widget_type=\"heading.default\">\n\t\t\t\t\t<h2 class=\"elementor-heading-title elementor-size-default\">Pomembni miti<\/h2>\t\t\t\t<\/div>\n\t\t\t\t<div class=\"elementor-element elementor-element-82e7b4b elementor-widget elementor-widget-text-editor\" data-id=\"82e7b4b\" data-element_type=\"widget\" data-e-type=\"widget\" data-widget_type=\"text-editor.default\">\n\t\t\t\t\t\t\t\t\t<p>Pripoved o Reji Silviji in dvoj\u010dkih Romulu in Remu je najpomembnej\u0161a mitska vez med Vesto in Rimom. Po Liviju je bila Reja Silvija, mati dvoj\u010dkov, vestalka v Albi Longi. Bogovana od boga vojne Marsa je rodila ustanovitelja Rima in bila po strogem pravu, ki je veljalo za vestalke, obsojena na smrt.<\/p><p>Ta zgodba povezuje najstro\u017ejo vestalsko disciplino z rojstvom Rima in tako boginjo dela za tiho spremljevalko ustanovitve mesta. V prenesenem pomenu od tedaj velja, da rimska zgodovina sama izvira iz posve\u010dene, nato pa oskrunjene \u010distosti.<\/p>\n<p>Druga zgodba pripoveduje o vestalki Tucciji, ki je bila osumljena ne\u010distosti. Da bi dokazala svojo nedol\u017enost, je zajela vodo iz Tiber\u0435 s sitom in jo brez izgube niti ene kapljice prinesla do <span class=\"iwg-fachbegriff\" data-tooltip=\"Zgradba, namenjena \u010da\u0161\u010denju enega ali ve\u010d bo\u017eanstev.\" tabindex=\"0\">templja<\/span>. Plinij starej\u0161i in Avgu\u0161tin navajata to \u010dude\u017eno zgodbo, ki je v srednjem veku postala alegorija \u010diste vztrajnosti.<\/p><p>Namige na to zgodbo najdemo v Mantegnovem delu \u00abZmaga vrlin\u00bb ter na Vermeerjevi \u00abAlegoriji slikarstva\u00bb.<\/p>\n<p>Tretja zgodba opisuje re\u0161itev Paladija in svetega ognja s strani L. Cecilija Metela leta 241 pr. n. \u0161t. Ko je Vestin <span class=\"iwg-fachbegriff\" data-tooltip=\"Zgradba, namenjena \u010da\u0161\u010denju enega ali ve\u010d bo\u017eanstev.\" tabindex=\"0\">tempelj<\/span> zajel ogenj, je Metel vdrl v <span class=\"iwg-fachbegriff\" data-tooltip=\"Kraju, posve\u010denemu \u010da\u0161\u010denju bo\u017eanstva.\" tabindex=\"0\">sveti\u0161\u010de<\/span> in re\u0161il svete predmete.<\/p><p>Ob tem je izgubil vid in je od tedaj veljal za heroja dr\u017eavnega kulta. Senat mu je podelil izjemno pravico, da se je na seje peljal z vozom. Zgodba pri\u010da, kako mo\u010dno je bil obstoj dr\u017eave odvisen od varnosti Vestinega sveti\u0161\u010da.<\/p>\n<p>\u010cetrta zgodba govori o vestalki Emiliji, ki je svojo krivdo za poga\u0161en ogenj lahko odkupila s \u010dude\u017eem. Svoj pokrivalo je vrgla na poga\u0161en <span class=\"iwg-fachbegriff\" data-tooltip=\"Vzvi\u0161eno mesto ali miza za daritve in religiozne obrede.\" tabindex=\"0\">altar<\/span>, nakar se je plamen sam znova v\u017egal. Dionizij Halikarna\u0161ki poro\u010da o tej zgodbi, ki nazorno ka\u017ee zaupanje v bo\u017eje posredovanje v prid \u010distim sve\u010denicam.<\/p>\t\t\t\t\t\t\t\t<\/div>\n\t\t\t\t<\/div>\n\t\t<div class=\"elementor-element elementor-element-25f756b e-con-full e-flex e-con e-child\" data-id=\"25f756b\" data-element_type=\"container\" data-e-type=\"container\">\n\t\t\t\t<div class=\"elementor-element elementor-element-cc7d506 elementor-widget elementor-widget-heading\" data-id=\"cc7d506\" data-element_type=\"widget\" data-e-type=\"widget\" data-widget_type=\"heading.default\">\n\t\t\t\t\t<h2 class=\"elementor-heading-title elementor-size-default\">Odnosi v panteonu<\/h2>\t\t\t\t<\/div>\n\t\t\t\t<div class=\"elementor-element elementor-element-1565b58 elementor-widget elementor-widget-text-editor\" data-id=\"1565b58\" data-element_type=\"widget\" data-e-type=\"widget\" data-widget_type=\"text-editor.default\">\n\t\t\t\t\t\t\t\t\t<p>Vesta je tesno povezana s Penates Publici, javnimi za\u0161\u010ditnimi bo\u017eanstvi Rima. Skupaj tvorita najo\u017eji krog dr\u017eavnih bo\u017eanstev.<\/p><p>Prav tako je tesno povezana z Jupitrom, saj je Vestin ogenj veljal za ogenj najvi\u0161jega boga, a Pontifex Maximus je bil hkrati tudi nadzornik Vestinega kulta. Ta osebna povezava je Vesto naredila za najpomembnej\u0161o boginjo Rima z vidika dr\u017eavne teologije.<\/p>\n<p>Z Juno si Vesta deli skrb za \u017eenske, dru\u017eino in porod, vendar v povsem druga\u010dni usmeritvi. Medtem ko Juno varuje zakon, Vesta predstavlja posve\u010deno devi\u0161tvo. Z Minervo jo povezuje palladij, ki je bil shranjen v Vestinem <span class=\"iwg-fachbegriff\" data-tooltip=\"Zgradba, namenjena \u010da\u0161\u010denju enega ali ve\u010d bo\u017eanstev.\" tabindex=\"0\">templju<\/span>, ter vidik dr\u017eavno varovanega znanja.<\/p>\n<p>V helenisti\u010dnem <span class=\"iwg-fachbegriff\" data-tooltip=\"Zlivanje predstav ali bo\u017eanstev iz razli\u010dnih religijskih izro\u010dil.\" tabindex=\"0\">sinkretizmu<\/span> je bila Vesta ena\u010dena s Hestijo, vendar je zaradi svoje izrazito dr\u017eavne funkcije ostala samostojna.<\/p><p>Vzporednica s staroorientalskimi boginjami ognja, kot je skitska Tabiti ali indoiranski Atar, je bila v zgodovini religij pogosto obravnavana, vendar je genealo\u0161ko ni mogo\u010de neposredno dokazati. Raziskovalci v tem prej vidijo tipolo\u0161ko sorodnost, ki temelji na indoevropski nagnjenosti k \u010da\u0161\u010denju ognja.<\/p>\n<p>Vesta in Jupiter Pistor se v prazni\u010dnem koledarju skupaj pojavljata pri obredu darovanja peke, ki zagotavlja \u010distost moke za darovalni kruh. Ta redka povezava ka\u017ee, da je bila moka razumljena kot sveti medij med ognji\u0161\u010dem in <span class=\"iwg-fachbegriff\" data-tooltip=\"Povi\u0161an prostor ali miza za daritve in verska opravila.\" tabindex=\"0\">altarjem<\/span>. Robert Schilling je to kombinacijo v svojih raziskavah razlagal kot dokaz arhai\u010dnega kompleksa ognja, moke in gospodarjenja z zalogami.<\/p>\n<p>Redko zlitje se ka\u017ee s helenisti\u010dno Hestijo, katere <span class=\"iwg-fachbegriff\" data-tooltip=\"Izro\u010dena pripoved o bogovih, izvorih in ureditvi sveta.\" tabindex=\"0\">mit<\/span> v rimskih besedilih ve\u010dinoma diskretno prikrivajo, ker bi prisotnost motiva preganjanja med o\u010detom in h\u010derko nasprotovala arhai\u010dnemu rimskemu dostojanstvu Veste. Ovid to napetost zavestno izkori\u0161\u010da v svojih \u00bbFastih\u00ab, saj vklju\u010duje gr\u0161ke pripovedi, vendar jih vedno omili z rimskim obratom.<\/p>\t\t\t\t\t\t\t\t<\/div>\n\t\t\t\t<\/div>\n\t\t<div class=\"elementor-element elementor-element-380eea3 e-con-full e-flex e-con e-child\" data-id=\"380eea3\" data-element_type=\"container\" data-e-type=\"container\">\n\t\t\t\t<div class=\"elementor-element elementor-element-4c9c507 elementor-widget elementor-widget-heading\" data-id=\"4c9c507\" data-element_type=\"widget\" data-e-type=\"widget\" data-widget_type=\"heading.default\">\n\t\t\t\t\t<h2 class=\"elementor-heading-title elementor-size-default\">Recepcija in vpliv<\/h2>\t\t\t\t<\/div>\n\t\t\t\t<div class=\"elementor-element elementor-element-99dc7c3 elementor-widget elementor-widget-text-editor\" data-id=\"99dc7c3\" data-element_type=\"widget\" data-e-type=\"widget\" data-widget_type=\"text-editor.default\">\n\t\t\t\t\t\t\t\t\t<p>Vesta je v likovni umetnosti <span class=\"iwg-fachbegriff\" data-tooltip=\"Prehodno obdobje med antiko in srednjim vekom, pribli\u017eno od 3. do 7. stoletja.\" tabindex=\"0\">pozne antike<\/span> in renesanse ostala <span class=\"iwg-fachbegriff\" data-tooltip=\"Znak, ki predstavlja dolo\u010deno predstavo ali pomen.\" tabindex=\"0\">simbol<\/span> \u010distosti in tihe mo\u010di. Alegorije \u010distosti, zvestobe in vztrajnosti so v 16. in 17. stoletju pogosto oblikovali v diani\u010dno-vestalskem tonu. Podoba Tuccije s sitom je postala priljubljen <span class=\"iwg-fachbegriff\" data-tooltip=\"Ponavljajo\u010d se vsebinski element v umetnosti ali pripovedi.\" tabindex=\"0\">motiv<\/span> v knjigah emblemov in na slavolokih.<\/p>\n<p>V klasicizmu je podoba vestalke stopila v ospredje. Antonio Canova je ustvaril ve\u010d kipov, ki prikazujejo ideal \u010diste, resnobne sve\u010denice.<\/p><p>Tudi v delih Jacques-Louisa Davida in v alegoriki francoske revolucije je bila vestalka poveli\u010dana kot zavetnica republikanske vrline. Marija Antonija Habsbur\u0161ko-Lotarin\u0161ka se je leta 1769 dala upodobiti v vestalskem slikovnem programu, ki povzema avgustejsko teologijo vrline.<\/p>\n<p>V moderni dobi je Vesta prek besede \u00bbvestalka\u00ab postala pregovorna metafora za \u010disto izpolnjevanje dol\u017enosti. Astronomija je leta 1807 poimenovala \u010detrti odkriti asteroid Vesta, s \u010dimer je simbolno nadaljevala vlogo boginje kot varujo\u010de, red vzpostavljajo\u010de mo\u010di.<\/p><p>Astrologija danes pomen varujo\u010dega ognja jemlje kot <span class=\"iwg-fachbegriff\" data-tooltip=\"Znak, ki predstavlja dolo\u010deno predstavo ali pomen.\" tabindex=\"0\">simbol<\/span> osredoto\u010dene samopredanosti. Sonda NASA Dawn je leta 2011 prvi\u010d posredovala podrobne posnetke tega asteroida.<\/p>\n<p>V srednjem veku je Vesta ostala prisotna kot alegorija. Dante jo v Convivio II omenja kot <span class=\"iwg-fachbegriff\" data-tooltip=\"Nazorna podoba, ki predstavlja abstraktno misel.\" tabindex=\"0\">simbolno podobo<\/span> kontinuitete in doma\u010de zvestobe. V renesansi se je pojavljala na \u0161tevilnih poro\u010dnih skrinjah kot varuhinja svetega ognja, pogosto skupaj z Diano kot alegori\u010dni par \u017eenske vrline.<\/p><p>V baroku je bil tip Vestinega templja uporabljen v arhitekturnih citatih, na primer pri Andrei Palladiu v njegovem osnutku Tempietta in pri Donatu Bramanteju v Tempiettu pri San Pietro in Montorio.<\/p>\n<p>V sodobni astronomiji je Vesta eden izmed prvih \u0161tirih odkritih asteroidov. Heinrich Olbers je leta 1807 odkriti planetoid poimenoval po predlogu Carla Friedricha Gaussa.<\/p><p>Sonda Dawn Nase je Vesto kro\u017eila med letoma 2011 in 2012 ter kartirala njeno kraterjih polno povr\u0161ino. Tudi vrsta znamk in imen podjetij, od italijanske znamke skuterjev Vespa do skandinavskih proizvajalcev v\u017eigalic, izvira iz Vestinega imenskega kompleksa.<\/p>\t\t\t\t\t\t\t\t<\/div>\n\t\t\t\t<\/div>\n\t\t<div class=\"elementor-element elementor-element-b508720 e-con-full e-flex e-con e-child\" data-id=\"b508720\" data-element_type=\"container\" data-e-type=\"container\">\n\t\t\t\t<div class=\"elementor-element elementor-element-1fc41cb elementor-widget elementor-widget-heading\" data-id=\"1fc41cb\" data-element_type=\"widget\" data-e-type=\"widget\" data-widget_type=\"heading.default\">\n\t\t\t\t\t<h2 class=\"elementor-heading-title elementor-size-default\">Religiologska umestitev<\/h2>\t\t\t\t<\/div>\n\t\t\t\t<div class=\"elementor-element elementor-element-a8f1f09 elementor-widget elementor-widget-text-editor\" data-id=\"a8f1f09\" data-element_type=\"widget\" data-e-type=\"widget\" data-widget_type=\"text-editor.default\">\n\t\t\t\t\t\t\t\t\t<p>Robert Schilling in Kurt Latte ume\u0161\u010data Vesto v krog doma\u010dih za\u0161\u010ditnih boginj Lacija, katerih vloga se je v rimski dr\u017eavi razvila v javni <span class=\"iwg-fachbegriff\" data-tooltip=\"Celota verskih \u010da\u0161\u010denj, namenjenih neki bo\u017eanstvu ali sveti podobi.\" tabindex=\"0\">kult<\/span>. S tega vidika je Aedes Vestae kultna raz\u0161iritev kmetijskega ognji\u0161\u010da v dr\u017eavno raven.<\/p>\n<p>Georges Dum\u00e9zil vidi v Vesti utele\u0161enje prve od treh indoevropskih funkcij, torej duhovni\u0161ko-pravne suverenosti, in jo tipolo\u0161ko primerja z vedsko Aramati.<\/p><p>Mary Beard je v svojih vplivnih \u0161tudijah analizirala dru\u017ebeni polo\u017eaj vestalk in pokazala, da je njihov posebni pravni status bil zavesten konstrukt, ki je zaznamoval lo\u010ditev med \u00bbnavadno\u00ab \u017eenskostjo in versko funkcijo.<\/p>\n<p>John Scheid poudarja tesno povezavo med Vestinim <span class=\"iwg-fachbegriff\" data-tooltip=\"Celota verskih \u010da\u0161\u010denj, namenjenih neki bo\u017eanstvu ali sveti podobi.\" tabindex=\"0\">kultom<\/span> in pontifikatom, ki je Vestino <span class=\"iwg-fachbegriff\" data-tooltip=\"Sveti\u0161\u010de, posve\u010deno \u010da\u0161\u010denju neke bo\u017eanstva.\" tabindex=\"0\">sveti\u0161\u010de<\/span> naredila za eno redkih mest, kjer sta se dr\u017eava in religija neposredno stapljali v isti osebi.<\/p><p>J\u00f6rg R\u00fcpke avgustejsko reformo uvr\u0161\u010da kot premik perspektive verske suverenosti, saj je cesarska hi\u0161a stopila na mesto republike. Robin Lorsch Wildfang je v monografiji iz leta 2006 celovito rekonstruirala vestalke in na novo pregledala arheolo\u0161ko gradivo.<\/p>\t\t\t\t\t\t\t\t<\/div>\n\t\t\t\t<\/div>\n\t\t<div class=\"elementor-element elementor-element-61270dc e-con-full e-flex e-con e-child\" data-id=\"61270dc\" data-element_type=\"container\" data-e-type=\"container\">\n\t\t\t\t<div class=\"elementor-element elementor-element-1f3fb6d elementor-widget elementor-widget-heading\" data-id=\"1f3fb6d\" data-element_type=\"widget\" data-e-type=\"widget\" data-widget_type=\"heading.default\">\n\t\t\t\t\t<h2 class=\"elementor-heading-title elementor-size-default\">Atrium Vestae in sveti\u0161\u010de<\/h2>\t\t\t\t<\/div>\n\t\t\t\t<div class=\"elementor-element elementor-element-63e7a71 elementor-widget elementor-widget-text-editor\" data-id=\"63e7a71\" data-element_type=\"widget\" data-e-type=\"widget\" data-widget_type=\"text-editor.default\">\n\t\t\t\t\t\t\t\t\t<p><span class=\"iwg-fachbegriff\" data-tooltip=\"Zgradba, namenjena \u010da\u0161\u010denju enega ali ve\u010d bo\u017eanstev.\" tabindex=\"0\">Tempelj<\/span> Veste na Forumu Romanumu je bila okrogla stavba, obdana z dvajsetimi stebri, s koni\u010dasto streho in odprtino na vrhu, skozi katero je uhajal dim svetega ognja.<\/p><p>Okrogla oblika je bila v rimski hramski arhitekturi edinstvena, antikvarji, kot sta Plutarh in Fest, pa so jo razlagali kot znamenje arhai\u010dnega pastirskega izvora boginje. Ovid v \u00bbFastih\u00ab VI poro\u010da, da je bilo prvotno <span class=\"iwg-fachbegriff\" data-tooltip=\"Sveti\u0161\u010de, posve\u010deno \u010da\u0161\u010denju neke bo\u017eanstva.\" tabindex=\"0\">sveti\u0161\u010de<\/span> preprosta slamnata ko\u010da, ki jo je na mestnem ozemlju postavil sam Romul. Poznej\u0161a izvedba v kamnu in marmorju je ohranila arhai\u010dno osnovno obliko.<\/p>\n<p>Sosednji Atrium Vestae je slu\u017eil kot bivali\u0161\u010de \u0161estih vestalk. Bil je tri\u00e8ta\u017eni kompleks z notranjim dvori\u0161\u010dem, vodnjakom in galerijo kipov. V 19. stoletju je bilo izkopano veliko \u0161tevilo kipov predstojnic, Virgines Maximae, ki pri\u010dajo o visokem dru\u017ebenem polo\u017eaju te slu\u017ebe.<\/p><p>Ta ureditev je bila ena redkih \u017eensko namenjenih prostorov v javnem sredi\u0161\u010du Rima in je bila pod neposrednim varstvom pontifeksa maksimusa. V kleteh naj bi po anti\u010dnem prepri\u010danju bili skriti mestni penati in Paladij, sveta podoba Atene, ki naj bi izvirala iz Troje.<\/p>\n<p>V templju je na osrednjem ognji\u0161\u010du gorel ignis perpetuus. Njegov ugasnitev je veljala za prodigium, znamenje najhuj\u0161e nesre\u010de, ki jo je bilo mogo\u010de odpraviti le s spravno daritvijo in ponovnim pri\u017eigom ognja s trenjem lesa iz usodnega drevesa.<\/p><p>Gradbeni napisi na stenah kompleksa, zlasti <span class=\"iwg-fachbegriff\" data-tooltip=\"Besedilo, vrezano ali vklesano v trden nosilec.\" tabindex=\"0\">napis<\/span> CIL VI 32421 s seznamom vestalk, ki jih je po\u010dastil senat, ponujajo podroben vpogled v to slu\u017ebo.<\/p>\t\t\t\t\t\t\t\t<\/div>\n\t\t\t\t<\/div>\n\t\t<div class=\"elementor-element elementor-element-8a7f535 e-con-full e-flex e-con e-child\" data-id=\"8a7f535\" data-element_type=\"container\" data-e-type=\"container\">\n\t\t\t\t<div class=\"elementor-element elementor-element-b5c5151 elementor-widget elementor-widget-heading\" data-id=\"b5c5151\" data-element_type=\"widget\" data-e-type=\"widget\" data-widget_type=\"heading.default\">\n\t\t\t\t\t<h2 class=\"elementor-heading-title elementor-size-default\">Vestalke, slu\u017eba in kazensko pravo<\/h2>\t\t\t\t<\/div>\n\t\t\t\t<div class=\"elementor-element elementor-element-22a84d1 elementor-widget elementor-widget-text-editor\" data-id=\"22a84d1\" data-element_type=\"widget\" data-e-type=\"widget\" data-widget_type=\"text-editor.default\">\n\t\t\t\t\t\t\t\t\t<p>\u0160est vestalk je bilo izbranih med \u0161estim in desetim letom starosti iz patricijskih, pozneje tudi plebejskih dru\u017ein. Zaobljubile so se k devi\u0161tvu za trideset let, kar je pontifeks maksimus izvedel v slovesni obredni <span class=\"iwg-fachbegriff\" data-tooltip=\"Slovesno dejanje, ki poteka po dolo\u010denih pravilih.\" tabindex=\"0\">ceremoniji<\/span> captio.<\/p><p>Po izteku tega obdobja so se lahko poro\u010dile ali ostale v Atrium Vestae. Vestalke so bile imune pred sodi\u0161\u010dem, lahko so samostojno pisale oporoke, imele so pravico do prednosti na ulici podobno liktorjem, in \u010de so po naklju\u010dju naletele na obsojenca, je bilo to povezano z njegovo pomilostitvijo.<\/p>\n<p>Kr\u0161itve zaobljube devi\u0161tva so veljale za veleizdajo zoper dr\u017eavo, saj je bil sveti ogenj povezan s \u010distostjo vestalk.<\/p><p>Kazen je bila \u017eiva pogreznitev na Campus Sceleratus blizu Porta Collina, kot jo ve\u010dkrat opisuje Livij, na primer v primeru Minucije leta 337 pr. Kr. ali Kornelije pod Domicianom leta 91 n. Kr.<\/p><p>Te kazni ni izvajal rabelj, ker kri vestalke ni smela biti prelita; obsojenke so namesto tega zaprli v podzemno komoro s kruhom, vodo in svetilko, kjer so morale umreti od lakote.<\/p><p>To izjemno ritualno strogost je Mary Beard v svoji \u0161tudiji o Vestini religiji razlagala kot izraz paradoksnega dvojnega polo\u017eaja, v katerem so bile vestalke hkrati ljubljene med ljudstvom in izpostavljene skrajni ritualni nevarnosti.<\/p>\n<p>Vestalke so poleg varovanja ognja pripravljale mola salsa, posve\u010deno zmes moke in soli, ki so jo pri javnih daritvah nasipale na \u010delo \u017ertvene \u017eivali.<\/p><p>Hranile so penate in Paladij, zbirale vodo iz vira Egerije v <span class=\"iwg-fachbegriff\" data-tooltip=\"Sveti\u0161\u010de, posve\u010deno \u010da\u0161\u010denju neke bo\u017eanstva.\" tabindex=\"0\">sveti\u0161\u010du<\/span> Kamen in opravljale nalogo fordicidije, obreda rodovitnosti aprila. Te raznolike naloge so njihovo slu\u017ebo povezovale s tremi osrednjimi vidiki, ognjem, \u010distostjo in rodovitnostjo.<\/p>\t\t\t\t\t\t\t\t<\/div>\n\t\t\t\t<\/div>\n\t\t<div class=\"elementor-element elementor-element-d843f38 e-con-full e-flex e-con e-child\" data-id=\"d843f38\" data-element_type=\"container\" data-e-type=\"container\">\n\t\t\t\t<div class=\"elementor-element elementor-element-384bba4 elementor-widget elementor-widget-heading\" data-id=\"384bba4\" data-element_type=\"widget\" data-e-type=\"widget\" data-widget_type=\"heading.default\">\n\t\t\t\t\t<h2 class=\"elementor-heading-title elementor-size-default\">Vestalije in prazni\u010dni koledar<\/h2>\t\t\t\t<\/div>\n\t\t\t\t<div class=\"elementor-element elementor-element-9012021 elementor-widget elementor-widget-text-editor\" data-id=\"9012021\" data-element_type=\"widget\" data-e-type=\"widget\" data-widget_type=\"text-editor.default\">\n\t\t\t\t\t\t\t\t\t<p>Vestalije, ki so potekale od 7. do 15. junija, so bile glavni praznik boginje. Na prvi dan so se odprla vrata Penus Vestae, obi\u010dajno zaklenjenega notranjega sveti\u0161\u010da, za rimske matrone, ki so vstopale bosonoge in darovale kruh.<\/p><p>Ovidij v \u00abFasti\u00bb VI, 311 in nasl. poro\u010da o mitologizaciji praznika prek epizode, v kateri je Vesto Silen opozoril na nadle\u017enega Priapa.<\/p><p>Zadnji dan so tempelj Veste sve\u010dano o\u010distili, nakopi\u010dene smeti pa so po Cloaci Maximi odvedli v strugo Tibere. Ta dan \u010di\u0161\u010denja, imenovan Q. St. D. F. (quando stercus delatum fas), je veljal za primernega za poslovne opravke \u0161ele po zaklju\u010denem \u010di\u0161\u010denju.<\/p>\n<p>9. junij je veljal za dan osla, saj je osel v <span class=\"iwg-fachbegriff\" data-tooltip=\"Celota izro\u010denih zgodb o bogovih neke kulture.\" tabindex=\"0\">mitologiji<\/span> igral vlogo pomo\u010dnika Veste. Osli, ki so v rimskih pekarnah poganjali mlinski kamen, so ta dan dobili okoli vratu obe\u0161ene ven\u010dke iz kruha in niso smeli delati.<\/p><p>Ta gesta je zgled arhai\u010dne povezave med boginjo, gospodinjstvom in \u017eivalmi. Praznik je bil obenem za\u0161\u010ditni praznik pistores, pekov, katerih poklicno zdru\u017eenje je v Rimu na dan Veste izvajalo lastne volitve.<\/p>\n<p>Skozi letni cikel se Vesta pojavlja v \u0161tevilnih drugih praznikih, \u010deprav njeno ime v koledarjih praznikov ni neposredno zapisano. Tako je bilo pri nastopnem obredju novega pontifeksa maksimusa, pri obnovitvi ognja 1. marca, staro rimsko novo leto, in pri vestalijah.<\/p><p>Mar\u010dne ide so veljale za dan obnove Vestinega ognja, pogosto z bojno-ognjenim pomenom. To prekrivanje s koledarjem Marsa pri\u010da o starodavni povezavi med doma\u010dim ognji\u0161\u010dem in usodo mesta.<\/p>\t\t\t\t\t\t\t\t<\/div>\n\t\t\t\t<\/div>\n\t\t<div class=\"elementor-element elementor-element-a1b6cbd e-con-full e-flex e-con e-child\" data-id=\"a1b6cbd\" data-element_type=\"container\" data-e-type=\"container\">\n\t\t\t\t<div class=\"elementor-element elementor-element-5ef5247 elementor-widget elementor-widget-heading\" data-id=\"5ef5247\" data-element_type=\"widget\" data-e-type=\"widget\" data-widget_type=\"heading.default\">\n\t\t\t\t\t<h2 class=\"elementor-heading-title elementor-size-default\">Simboli, prisega in pravo<\/h2>\t\t\t\t<\/div>\n\t\t\t\t<div class=\"elementor-element elementor-element-99f466d elementor-widget elementor-widget-text-editor\" data-id=\"99f466d\" data-element_type=\"widget\" data-e-type=\"widget\" data-widget_type=\"text-editor.default\">\n\t\t\t\t\t\t\t\t\t<p>Na podro\u010dju prisege je bila Vesta najvi\u0161ja instanca, zlasti pri prisegah o notranji dr\u017eavni zvestobi. Ciceron v svojih govorih ve\u010dkrat prisega \u00abper Vestam\u00bb, formulo, ki je veljala za bolj zavezujo\u010do kot druge zaklinjanja bogov.<\/p><p>V postopkih zaradi veleizdaje je bila Vestina prisega najvi\u0161ja oblika zaklinjanja, kar pri\u010da o tesni povezanosti boginje, dr\u017eave in prava. Prav tako so pogodbe sklepali pred templjem Veste ali s simboli\u010dnim sklicevanjem na ignis perpetuus.<\/p>\n<p>Prisega je stala v ozadju tudi posvojitvenega prava, saj so Vestini penati zagotavljali rodovno za\u0161\u010dito dru\u017eine. Ciceron in Plinij omenjata, da je vsak novoporo\u010deni mo\u017e postavil majhno Vestino skledico v zakonski atrij. To prakti\u010dno pobo\u017enost visokih slojev pri\u010dajo \u0161tevilni napisi na doma\u010dih altarjih z omembami Veste, zlasti v Pompejih in Herkulanumu.<\/p>\t\t\t\t\t\t\t\t<\/div>\n\t\t\t\t<\/div>\n\t\t<div class=\"elementor-element elementor-element-36f8cae e-con-full e-flex e-con e-child\" data-id=\"36f8cae\" data-element_type=\"container\" data-e-type=\"container\">\n\t\t\t\t<div class=\"elementor-element elementor-element-bcc6a03 elementor-widget elementor-widget-heading\" data-id=\"bcc6a03\" data-element_type=\"widget\" data-e-type=\"widget\" data-widget_type=\"heading.default\">\n\t\t\t\t\t<h2 class=\"elementor-heading-title elementor-size-default\">Viri in dodatna literatura<\/h2>\t\t\t\t<\/div>\n\t\t\t\t<div class=\"elementor-element elementor-element-1e556ca elementor-widget elementor-widget-text-editor\" data-id=\"1e556ca\" data-element_type=\"widget\" data-e-type=\"widget\" data-widget_type=\"text-editor.default\">\n\t\t\t\t\t\t\t\t\t<div data-nosnippet=\"true\"><p><span class=\"iwg-fachbegriff\" data-tooltip=\"Obdobje gr\u0161ke in rimske kulture, pribli\u017eno od 800 pr. n. \u0161t. do 600 n. \u0161t.\" tabindex=\"0\">Antika<\/span> Viri: Vergilij \u00abEneida\u00bb, Ovidij \u00abFasti\u00bb, Livij \u00abAb urbe condita\u00bb, Ciceron \u00abDe natura deorum\u00bb in \u00abDe legibus\u00bb, Plutarh \u00abNuma\u00bb, Plinij \u00abNaturalis historia\u00bb, Avgu\u0161tin \u00abDe civitate Dei\u00bb, Dionizij iz Halikarnasa \u00abRimske starine\u00bb.<\/p>\n<p>Raziskovalna literatura: Robert Schilling, \u00abRites, cultes, dieux de Rome\u00bb, Pariz 1979. Kurt Latte, \u00abR\u00f6mische Religionsgeschichte\u00bb, M\u00fcnchen 1960. Georges Dum\u00e9zil, \u00abLa religion romaine archa\u00efque\u00bb, Pariz 1966. Mary Beard, \u00abThe Sexual Status of Vestal Virgins\u00bb, JRS 1980. Robin Lorsch Wildfang, \u00abRome&#8217;s Vestal Virgins\u00bb, London 2006. John Scheid, \u00abAn Introduction to Roman Religion\u00bb, Edinburgh 2003. J\u00f6rg R\u00fcpke, \u00abDie Religion der R\u00f6mer\u00bb, M\u00fcnchen 2001.<\/p><\/div>\t\t\t\t\t\t\t\t<\/div>\n\t\t\t\t<\/div>\n\t\t\t\t\t<\/div>\n\t\t\t\t<\/div>\n\t\t\t\t<\/div>\n\t\t","protected":false},"excerpt":{"rendered":"","protected":false},"author":3,"featured_media":3260,"parent":0,"menu_order":0,"comment_status":"closed","ping_status":"closed","template":"elementor_header_footer","meta":{"_yoast_wpseo_focuskw":"Vesta","_yoast_wpseo_title":"Vesta \u2013 rimska boginja doma\u010dega ognji\u0161\u010da | iWell Guard","_yoast_wpseo_metadesc":"Vesta je rimska boginja doma\u010dega ognji\u0161\u010da, doma in mesta. Vestalke, ve\u010dni ogenj na Forumu, praznik Vestalij. Mit.","_yoast_wpseo_meta-robots-noindex":"","_yoast_wpseo_canonical":"","_angie_page":false,"gefaehrdungsstufe":"","wesen_kultur":"","wesen_klasse":"","footnotes":""},"categories":[],"class_list":["post-160817","page","type-page","status-publish","has-post-thumbnail","hentry"],"yoast_head":"<!-- This site is optimized with the Yoast SEO Premium plugin v27.7 (Yoast SEO v28.3) - https:\/\/yoast.com\/product\/yoast-seo-premium-wordpress\/ -->\n<title>Vesta \u2013 rimska boginja doma\u010dega ognji\u0161\u010da | iWell Guard<\/title>\n<meta name=\"description\" content=\"Vesta je rimska boginja doma\u010dega ognji\u0161\u010da, doma in mesta. Vestalke, ve\u010dni ogenj na Forumu, praznik Vestalij. Mit.\" \/>\n<meta name=\"robots\" content=\"index, follow, max-snippet:-1, max-image-preview:large, max-video-preview:-1\" \/>\n<link rel=\"canonical\" href=\"https:\/\/iwell-guard.com\/sl\/vesta\/\" \/>\n<meta property=\"og:locale\" content=\"sl_SI\" \/>\n<meta property=\"og:type\" content=\"article\" \/>\n<meta property=\"og:title\" content=\"Vesta\" \/>\n<meta property=\"og:description\" content=\"Vesta je rimska boginja doma\u010dega ognji\u0161\u010da, doma in mesta. Vestalke, ve\u010dni ogenj na Forumu, praznik Vestalij. Mit.\" \/>\n<meta property=\"og:url\" content=\"https:\/\/iwell-guard.com\/sl\/vesta\/\" \/>\n<meta property=\"og:site_name\" content=\"iWell Guard\" \/>\n<meta property=\"article:modified_time\" content=\"2026-09-05T00:46:54+00:00\" \/>\n<meta property=\"og:image\" content=\"https:\/\/iwell-guard.com\/wp-content\/uploads\/2026\/05\/goetter_rom_vesta.webp\" \/>\n\t<meta property=\"og:image:width\" content=\"1024\" \/>\n\t<meta property=\"og:image:height\" content=\"1536\" \/>\n\t<meta property=\"og:image:type\" content=\"image\/webp\" \/>\n<meta name=\"twitter:card\" content=\"summary_large_image\" \/>\n<script type=\"application\/ld+json\" class=\"yoast-schema-graph\">{\"@context\":\"https:\\\/\\\/schema.org\",\"@graph\":[{\"@type\":\"WebPage\",\"@id\":\"https:\\\/\\\/iwell-guard.com\\\/sl\\\/vesta\\\/\",\"url\":\"https:\\\/\\\/iwell-guard.com\\\/sl\\\/vesta\\\/\",\"name\":\"Vesta \u2013 rimska boginja doma\u010dega ognji\u0161\u010da | iWell Guard\",\"isPartOf\":{\"@id\":\"https:\\\/\\\/iwell-guard.com\\\/sl\\\/#website\"},\"primaryImageOfPage\":{\"@id\":\"https:\\\/\\\/iwell-guard.com\\\/sl\\\/vesta\\\/#primaryimage\"},\"image\":{\"@id\":\"https:\\\/\\\/iwell-guard.com\\\/sl\\\/vesta\\\/#primaryimage\"},\"thumbnailUrl\":\"https:\\\/\\\/iwell-guard.com\\\/wp-content\\\/uploads\\\/2026\\\/05\\\/goetter_rom_vesta.webp\",\"datePublished\":\"2026-09-05T00:26:16+00:00\",\"dateModified\":\"2026-09-05T00:46:54+00:00\",\"description\":\"Vesta je rimska boginja doma\u010dega ognji\u0161\u010da, doma in mesta. Vestalke, ve\u010dni ogenj na Forumu, praznik Vestalij. Mit.\",\"breadcrumb\":{\"@id\":\"https:\\\/\\\/iwell-guard.com\\\/sl\\\/vesta\\\/#breadcrumb\"},\"inLanguage\":\"sl-SI\",\"potentialAction\":[{\"@type\":\"ReadAction\",\"target\":[\"https:\\\/\\\/iwell-guard.com\\\/sl\\\/vesta\\\/\"]}]},{\"@type\":\"ImageObject\",\"inLanguage\":\"sl-SI\",\"@id\":\"https:\\\/\\\/iwell-guard.com\\\/sl\\\/vesta\\\/#primaryimage\",\"url\":\"https:\\\/\\\/iwell-guard.com\\\/wp-content\\\/uploads\\\/2026\\\/05\\\/goetter_rom_vesta.webp\",\"contentUrl\":\"https:\\\/\\\/iwell-guard.com\\\/wp-content\\\/uploads\\\/2026\\\/05\\\/goetter_rom_vesta.webp\",\"width\":1024,\"height\":1536,\"caption\":\"Bogovi iz rimske tradicije.\"},{\"@type\":\"BreadcrumbList\",\"@id\":\"https:\\\/\\\/iwell-guard.com\\\/sl\\\/vesta\\\/#breadcrumb\",\"itemListElement\":[{\"@type\":\"ListItem\",\"position\":1,\"name\":\"Start\",\"item\":\"https:\\\/\\\/iwell-guard.com\\\/sl\\\/?page_id=160323\"},{\"@type\":\"ListItem\",\"position\":2,\"name\":\"Vesta\"}]},{\"@type\":\"WebSite\",\"@id\":\"https:\\\/\\\/iwell-guard.com\\\/sl\\\/#website\",\"url\":\"https:\\\/\\\/iwell-guard.com\\\/sl\\\/\",\"name\":\"iWell Guard\",\"description\":\"Schutz vor dunklen Einfl\u00fcssen\",\"publisher\":{\"@id\":\"https:\\\/\\\/iwell-guard.com\\\/sl\\\/#organization\"},\"potentialAction\":[{\"@type\":\"SearchAction\",\"target\":{\"@type\":\"EntryPoint\",\"urlTemplate\":\"https:\\\/\\\/iwell-guard.com\\\/sl\\\/?s={search_term_string}\"},\"query-input\":{\"@type\":\"PropertyValueSpecification\",\"valueRequired\":true,\"valueName\":\"search_term_string\"}}],\"inLanguage\":\"sl-SI\"},{\"@type\":\"Organization\",\"@id\":\"https:\\\/\\\/iwell-guard.com\\\/sl\\\/#organization\",\"name\":\"Ittermann electronic GmbH\",\"url\":\"https:\\\/\\\/iwell-guard.com\\\/sl\\\/\",\"logo\":{\"@type\":\"ImageObject\",\"inLanguage\":\"sl-SI\",\"@id\":\"https:\\\/\\\/iwell-guard.com\\\/sl\\\/#\\\/schema\\\/logo\\\/image\\\/\",\"url\":\"https:\\\/\\\/iwell-guard.com\\\/wp-content\\\/uploads\\\/2026\\\/05\\\/Ittermann-Logo-1182x237-1.png\",\"contentUrl\":\"https:\\\/\\\/iwell-guard.com\\\/wp-content\\\/uploads\\\/2026\\\/05\\\/Ittermann-Logo-1182x237-1.png\",\"width\":1182,\"height\":237,\"caption\":\"Ittermann electronic GmbH\"},\"image\":{\"@id\":\"https:\\\/\\\/iwell-guard.com\\\/sl\\\/#\\\/schema\\\/logo\\\/image\\\/\"},\"sameAs\":[\"https:\\\/\\\/pantip.com\\\/profile\\\/9367242\",\"https:\\\/\\\/micro.blog\\\/iwellguard\",\"https:\\\/\\\/www.diggerslist.com\\\/iwellguard\\\/about\",\"https:\\\/\\\/skitterphoto.com\\\/photographers\\\/2870314\\\/iwell-guard\",\"https:\\\/\\\/iwellguard.wordpress.com\\\/2026\\\/06\\\/06\\\/iwell-guard\\\/\",\"https:\\\/\\\/hub.docker.com\\\/u\\\/iwellguard\",\"https:\\\/\\\/www.pinterest.com\\\/iwellguard\\\/\",\"https:\\\/\\\/bit.ly\\\/m\\\/iwellguard\",\"https:\\\/\\\/entre-vos-mains.alsace.eu\\\/profiles\\\/iwellguard\\\/activity\",\"https:\\\/\\\/gravatar.com\\\/reallybeded8fd34\",\"https:\\\/\\\/naijamatta.com\\\/iwellguard\",\"https:\\\/\\\/www.goodreads.com\\\/iwellguard\",\"https:\\\/\\\/profile.hatena.ne.jp\\\/iwellguard\\\/\",\"https:\\\/\\\/experiment.com\\\/users\\\/iwellguard\",\"https:\\\/\\\/wakelet.com\\\/@iWellGuard82270\",\"https:\\\/\\\/www.chordie.com\\\/forum\\\/profile.php?id=2555664\",\"https:\\\/\\\/www.instapaper.com\\\/p\\\/17757966\",\"https:\\\/\\\/www.mapleprimes.com\\\/users\\\/iwellguard\",\"https:\\\/\\\/businesslistingplus.com\\\/profile\\\/iwell-guard\\\/\",\"https:\\\/\\\/telegra.ph\\\/iWell-Guard-06-06\",\"https:\\\/\\\/pbase.com\\\/iwellguard\\\/iwellguard\",\"https:\\\/\\\/b.hatena.ne.jp\\\/iwellguard\\\/20260607#bookmark-4788405196491818882\",\"https:\\\/\\\/fliphtml5.com\\\/home\\\/iwellguard\",\"https:\\\/\\\/anyflip.com\\\/homepage\\\/cmiwl#About\",\"https:\\\/\\\/transfur.com\\\/Users\\\/iwellguard\",\"http:\\\/\\\/delphi.larsbo.org\\\/user\\\/iwellguard\",\"https:\\\/\\\/jobs.lajobsportal.org\\\/profiles\\\/8380803-iwell-guard\",\"https:\\\/\\\/md.chaosdorf.de\\\/s\\\/jfbe5SBdJD\",\"https:\\\/\\\/www.lingvolive.com\\\/en-us\\\/profile\\\/9ecaeaca-ce11-4e51-9e71-01d55e2bff36\\\/translations\",\"https:\\\/\\\/www.fitday.com\\\/fitness\\\/forums\\\/members\\\/iwellguard.html\",\"https:\\\/\\\/www.mymeetbook.com\\\/iwellguard\",\"https:\\\/\\\/pxhere.com\\\/en\\\/photographer-me\\\/5040798\",\"https:\\\/\\\/disqus.com\\\/by\\\/iwellguard\\\/about\\\/\",\"https:\\\/\\\/pastelink.net\\\/hjwciqwq\",\"https:\\\/\\\/pubhtml5.com\\\/homepage\\\/scjhn\\\/\",\"https:\\\/\\\/www.bitchute.com\\\/channel\\\/2O2eOKzNqujT\",\"https:\\\/\\\/audiomack.com\\\/iwellguard\"]}]}<\/script>\n<!-- \/ Yoast SEO Premium plugin. -->","yoast_head_json":{"title":"Vesta \u2013 rimska boginja doma\u010dega ognji\u0161\u010da | iWell Guard","description":"Vesta je rimska boginja doma\u010dega ognji\u0161\u010da, doma in mesta. Vestalke, ve\u010dni ogenj na Forumu, praznik Vestalij. Mit.","robots":{"index":"index","follow":"follow","max-snippet":"max-snippet:-1","max-image-preview":"max-image-preview:large","max-video-preview":"max-video-preview:-1"},"canonical":"https:\/\/iwell-guard.com\/sl\/vesta\/","og_locale":"sl_SI","og_type":"article","og_title":"Vesta","og_description":"Vesta je rimska boginja doma\u010dega ognji\u0161\u010da, doma in mesta. Vestalke, ve\u010dni ogenj na Forumu, praznik Vestalij. Mit.","og_url":"https:\/\/iwell-guard.com\/sl\/vesta\/","og_site_name":"iWell Guard","article_modified_time":"2026-09-05T00:46:54+00:00","og_image":[{"width":1024,"height":1536,"url":"https:\/\/iwell-guard.com\/wp-content\/uploads\/2026\/05\/goetter_rom_vesta.webp","type":"image\/webp"}],"twitter_card":"summary_large_image","schema":{"@context":"https:\/\/schema.org","@graph":[{"@type":"WebPage","@id":"https:\/\/iwell-guard.com\/sl\/vesta\/","url":"https:\/\/iwell-guard.com\/sl\/vesta\/","name":"Vesta \u2013 rimska boginja doma\u010dega ognji\u0161\u010da | iWell Guard","isPartOf":{"@id":"https:\/\/iwell-guard.com\/sl\/#website"},"primaryImageOfPage":{"@id":"https:\/\/iwell-guard.com\/sl\/vesta\/#primaryimage"},"image":{"@id":"https:\/\/iwell-guard.com\/sl\/vesta\/#primaryimage"},"thumbnailUrl":"https:\/\/iwell-guard.com\/wp-content\/uploads\/2026\/05\/goetter_rom_vesta.webp","datePublished":"2026-09-05T00:26:16+00:00","dateModified":"2026-09-05T00:46:54+00:00","description":"Vesta je rimska boginja doma\u010dega ognji\u0161\u010da, doma in mesta. Vestalke, ve\u010dni ogenj na Forumu, praznik Vestalij. Mit.","breadcrumb":{"@id":"https:\/\/iwell-guard.com\/sl\/vesta\/#breadcrumb"},"inLanguage":"sl-SI","potentialAction":[{"@type":"ReadAction","target":["https:\/\/iwell-guard.com\/sl\/vesta\/"]}]},{"@type":"ImageObject","inLanguage":"sl-SI","@id":"https:\/\/iwell-guard.com\/sl\/vesta\/#primaryimage","url":"https:\/\/iwell-guard.com\/wp-content\/uploads\/2026\/05\/goetter_rom_vesta.webp","contentUrl":"https:\/\/iwell-guard.com\/wp-content\/uploads\/2026\/05\/goetter_rom_vesta.webp","width":1024,"height":1536,"caption":"Bogovi iz rimske tradicije."},{"@type":"BreadcrumbList","@id":"https:\/\/iwell-guard.com\/sl\/vesta\/#breadcrumb","itemListElement":[{"@type":"ListItem","position":1,"name":"Start","item":"https:\/\/iwell-guard.com\/sl\/?page_id=160323"},{"@type":"ListItem","position":2,"name":"Vesta"}]},{"@type":"WebSite","@id":"https:\/\/iwell-guard.com\/sl\/#website","url":"https:\/\/iwell-guard.com\/sl\/","name":"iWell Guard","description":"Schutz vor dunklen Einfl\u00fcssen","publisher":{"@id":"https:\/\/iwell-guard.com\/sl\/#organization"},"potentialAction":[{"@type":"SearchAction","target":{"@type":"EntryPoint","urlTemplate":"https:\/\/iwell-guard.com\/sl\/?s={search_term_string}"},"query-input":{"@type":"PropertyValueSpecification","valueRequired":true,"valueName":"search_term_string"}}],"inLanguage":"sl-SI"},{"@type":"Organization","@id":"https:\/\/iwell-guard.com\/sl\/#organization","name":"Ittermann electronic GmbH","url":"https:\/\/iwell-guard.com\/sl\/","logo":{"@type":"ImageObject","inLanguage":"sl-SI","@id":"https:\/\/iwell-guard.com\/sl\/#\/schema\/logo\/image\/","url":"https:\/\/iwell-guard.com\/wp-content\/uploads\/2026\/05\/Ittermann-Logo-1182x237-1.png","contentUrl":"https:\/\/iwell-guard.com\/wp-content\/uploads\/2026\/05\/Ittermann-Logo-1182x237-1.png","width":1182,"height":237,"caption":"Ittermann electronic GmbH"},"image":{"@id":"https:\/\/iwell-guard.com\/sl\/#\/schema\/logo\/image\/"},"sameAs":["https:\/\/pantip.com\/profile\/9367242","https:\/\/micro.blog\/iwellguard","https:\/\/www.diggerslist.com\/iwellguard\/about","https:\/\/skitterphoto.com\/photographers\/2870314\/iwell-guard","https:\/\/iwellguard.wordpress.com\/2026\/06\/06\/iwell-guard\/","https:\/\/hub.docker.com\/u\/iwellguard","https:\/\/www.pinterest.com\/iwellguard\/","https:\/\/bit.ly\/m\/iwellguard","https:\/\/entre-vos-mains.alsace.eu\/profiles\/iwellguard\/activity","https:\/\/gravatar.com\/reallybeded8fd34","https:\/\/naijamatta.com\/iwellguard","https:\/\/www.goodreads.com\/iwellguard","https:\/\/profile.hatena.ne.jp\/iwellguard\/","https:\/\/experiment.com\/users\/iwellguard","https:\/\/wakelet.com\/@iWellGuard82270","https:\/\/www.chordie.com\/forum\/profile.php?id=2555664","https:\/\/www.instapaper.com\/p\/17757966","https:\/\/www.mapleprimes.com\/users\/iwellguard","https:\/\/businesslistingplus.com\/profile\/iwell-guard\/","https:\/\/telegra.ph\/iWell-Guard-06-06","https:\/\/pbase.com\/iwellguard\/iwellguard","https:\/\/b.hatena.ne.jp\/iwellguard\/20260607#bookmark-4788405196491818882","https:\/\/fliphtml5.com\/home\/iwellguard","https:\/\/anyflip.com\/homepage\/cmiwl#About","https:\/\/transfur.com\/Users\/iwellguard","http:\/\/delphi.larsbo.org\/user\/iwellguard","https:\/\/jobs.lajobsportal.org\/profiles\/8380803-iwell-guard","https:\/\/md.chaosdorf.de\/s\/jfbe5SBdJD","https:\/\/www.lingvolive.com\/en-us\/profile\/9ecaeaca-ce11-4e51-9e71-01d55e2bff36\/translations","https:\/\/www.fitday.com\/fitness\/forums\/members\/iwellguard.html","https:\/\/www.mymeetbook.com\/iwellguard","https:\/\/pxhere.com\/en\/photographer-me\/5040798","https:\/\/disqus.com\/by\/iwellguard\/about\/","https:\/\/pastelink.net\/hjwciqwq","https:\/\/pubhtml5.com\/homepage\/scjhn\/","https:\/\/www.bitchute.com\/channel\/2O2eOKzNqujT","https:\/\/audiomack.com\/iwellguard"]}]}},"_links":{"self":[{"href":"https:\/\/iwell-guard.com\/sl\/wp-json\/wp\/v2\/pages\/160817","targetHints":{"allow":["GET"]}}],"collection":[{"href":"https:\/\/iwell-guard.com\/sl\/wp-json\/wp\/v2\/pages"}],"about":[{"href":"https:\/\/iwell-guard.com\/sl\/wp-json\/wp\/v2\/types\/page"}],"author":[{"embeddable":true,"href":"https:\/\/iwell-guard.com\/sl\/wp-json\/wp\/v2\/users\/3"}],"replies":[{"embeddable":true,"href":"https:\/\/iwell-guard.com\/sl\/wp-json\/wp\/v2\/comments?post=160817"}],"version-history":[{"count":0,"href":"https:\/\/iwell-guard.com\/sl\/wp-json\/wp\/v2\/pages\/160817\/revisions"}],"wp:featuredmedia":[{"embeddable":true,"href":"https:\/\/iwell-guard.com\/sl\/wp-json\/wp\/v2\/media\/3260"}],"wp:attachment":[{"href":"https:\/\/iwell-guard.com\/sl\/wp-json\/wp\/v2\/media?parent=160817"}],"wp:term":[{"taxonomy":"category","embeddable":true,"href":"https:\/\/iwell-guard.com\/sl\/wp-json\/wp\/v2\/categories?post=160817"}],"curies":[{"name":"wp","href":"https:\/\/api.w.org\/{rel}","templated":true}]}}