{"id":160778,"date":"2026-09-05T00:25:47","date_gmt":"2026-09-05T00:25:47","guid":{"rendered":"https:\/\/iwell-guard.com\/?page_id=160778"},"modified":"2026-09-05T00:45:58","modified_gmt":"2026-09-05T00:45:58","slug":"sin-bog-meseca-ur-haran","status":"publish","type":"page","link":"https:\/\/iwell-guard.com\/sl\/sin-bog-meseca-ur-haran\/","title":{"rendered":"Sin \u2013 bog Meseca iz Ura in Harana"},"content":{"rendered":"\t\t<div data-elementor-type=\"wp-page\" data-elementor-id=\"160778\" class=\"elementor elementor-160778 elementor-2921 elementor-bc-flex-widget\" data-elementor-post-type=\"page\">\n\t\t\t\t<div class=\"elementor-element elementor-element-hero2b91e78 e-flex e-con-boxed e-con e-parent\" data-id=\"hero2b91e78\" data-element_type=\"container\" data-e-type=\"container\">\n\t\t\t\t\t<div class=\"e-con-inner\">\n\t\t\t\t<div class=\"elementor-element elementor-element-heroimg44d3a7a iwg-hero-image elementor-widget elementor-widget-image\" data-id=\"heroimg44d3a7a\" data-element_type=\"widget\" data-e-type=\"widget\" data-widget_type=\"image.default\">\n\t\t\t\t\t\t\t\t\t\t\t\t\t\t\t<img fetchpriority=\"high\" decoding=\"async\" width=\"683\" height=\"1024\" src=\"https:\/\/iwell-guard.com\/wp-content\/uploads\/2026\/05\/goetter_mesopotamien_sin-683x1024.webp\" class=\"attachment-large size-large wp-image-162399\" alt=\"Sin \u2013 bogovi iz mezopotamske tradicije, zgodovinsko-ilustrativno\" srcset=\"https:\/\/iwell-guard.com\/wp-content\/uploads\/2026\/05\/goetter_mesopotamien_sin-683x1024.webp 683w, https:\/\/iwell-guard.com\/wp-content\/uploads\/2026\/05\/goetter_mesopotamien_sin-200x300.webp 200w, https:\/\/iwell-guard.com\/wp-content\/uploads\/2026\/05\/goetter_mesopotamien_sin-768x1152.webp 768w, https:\/\/iwell-guard.com\/wp-content\/uploads\/2026\/05\/goetter_mesopotamien_sin.webp 1024w\" sizes=\"(max-width: 683px) 100vw, 683px\" \/>\t\t\t\t\t\t\t\t\t\t\t\t\t\t\t<\/div>\n\t\t\t\t\t<\/div>\n\t\t\t\t<\/div>\n\t\t<div class=\"elementor-element elementor-element-iwgw-sin-hero e-flex e-con-boxed e-con e-parent\" data-id=\"iwgw-sin-hero\" data-element_type=\"container\" data-e-type=\"container\">\n\t\t\t\t\t<div class=\"e-con-inner\">\n\t\t\t\t<div class=\"elementor-element elementor-element-iwgw-sin-h1 elementor-widget elementor-widget-heading\" data-id=\"iwgw-sin-h1\" data-element_type=\"widget\" data-e-type=\"widget\" data-widget_type=\"heading.default\">\n\t\t\t\t\t<h1 class=\"elementor-heading-title elementor-size-default\">Sin \u2013 mezopotamski bog Meseca in gospodar no\u010di<\/h1>\t\t\t\t<\/div>\n\t\t\t\t<div class=\"elementor-element elementor-element-iwgw-sin-pills elementor-widget elementor-widget-html\" data-id=\"iwgw-sin-pills\" data-element_type=\"widget\" data-e-type=\"widget\" data-widget_type=\"html.default\">\n\t\t\t\t\t<div class=\"iwg-pill-row\"><span class=\"iwg-klasse-badge\" tabindex=\"0\" data-tooltip=\"Bog tradicije Mezopotamija.\">Bog<\/span><a href=\"https:\/\/iwell-guard.com\/sl\/mezopotamija\/\" class=\"iwg-kultur-badge\" tabindex=\"0\" data-tooltip=\"Mitologija tradicije Mezopotamija.\">Mezopotamija<\/a><span class=\"iwg-tradition-badge\" tabindex=\"0\" data-tooltip=\"Bo\u017eanstvo Meseca.\">Bo\u017eanstvo Meseca<\/span><\/div>\t\t\t\t<\/div>\n\t\t\t\t<div class=\"elementor-element elementor-element-iwgw-sin-lead elementor-widget elementor-widget-text-editor\" data-id=\"iwgw-sin-lead\" data-element_type=\"widget\" data-e-type=\"widget\" data-widget_type=\"text-editor.default\">\n\t\t\t\t\t\t\t\t\t\nSin (imenovan tudi bog Meseca Nanna v sumerskem <span class=\"iwg-fachbegriff\" data-tooltip=\"Celota bogov neke religije ali kulture.\" tabindex=\"0\">panteonu<\/span>) je uosebljal Mesec in s tem ureditev \u010dasa. Kot gospodar no\u010dnega neba je urejal mesece in praznike, veljal je za modrega \u0161tetja dni in za o\u010deta pomembnih bogov babilonskega panteona. V Uru in Haranu so se njegovi templjski kulti ohranili vse do pozne <span class=\"iwg-fachbegriff\" data-tooltip=\"Prehodna doba med antiko in srednjim vekom, pribli\u017eno 3. do 7. stoletje.\" tabindex=\"0\">antike<\/span> v islamskem obdobju.\t\t\t\t\t\t\t\t<\/div>\n\t\t\t\t\t<\/div>\n\t\t\t\t<\/div>\n\t\t<div class=\"elementor-element elementor-element-iwgw-sin-s0 e-flex e-con-boxed e-con e-parent\" data-id=\"iwgw-sin-s0\" data-element_type=\"container\" data-e-type=\"container\">\n\t\t\t\t\t<div class=\"e-con-inner\">\n\t\t\t\t<div class=\"elementor-element elementor-element-iwgw-sin-s0h elementor-widget elementor-widget-heading\" data-id=\"iwgw-sin-s0h\" data-element_type=\"widget\" data-e-type=\"widget\" data-widget_type=\"heading.default\">\n\t\t\t\t\t<h2 class=\"elementor-heading-title elementor-size-default\">Uvrstitev<\/h2>\t\t\t\t<\/div>\n\t\t\t\t<div class=\"elementor-element elementor-element-iwgw-sin-s0t elementor-widget elementor-widget-text-editor\" data-id=\"iwgw-sin-s0t\" data-element_type=\"widget\" data-e-type=\"widget\" data-widget_type=\"text-editor.default\">\n\t\t\t\t\t\t\t\t\t<p>Sin, v sumer\u0161\u010dini imenovan Nanna ali Suen, spada med najstarej\u0161a in najbolj trajna bo\u017eanstva <a href=\"https:\/\/iwell-guard.com\/sl\/mezopotamija\/\">Mezopotamije<\/a>. Kot bog Meseca je znotraj panteona zavzemal posebno mesto, saj je Mesec strukturiral koledar in s tem celotno religiozno in gospodarsko \u017eivljenje.<\/p><p>V teolo\u0161ki sistematiki je Sin veljal za sina Enlila in Ninlil, s \u010dimer je bil trdno zasidran v najvi\u0161ji bo\u017eji dru\u017eini.<\/p><p>Iz Sina so iz\u0161la nadaljnja pomembna bo\u017eanstva. Njegov otrok je bil son\u010dni bog \u0160ama\u0161, poleg tega tudi boginja I\u0161tar v svoji podobi kot zvezda Venera.<\/p><p>Sin je tako stal na izvoru tistih nebesnih bo\u017eanstev, ki so bila osrednja za mezopotamsko astralno religijo. Mesec kot o\u010de Sonca in Venere odseva visoko spo\u0161tovanje, ki ga je no\u010dno nebo u\u017eivalo v tej kulturi.<\/p><p>Religijskozgodovinsko je zanimiva dolgo\u017eivost Sinovega kulta. Medtem ko so druga bo\u017eanstva izgubljala pomen, je Sin skozi tiso\u010dletja ohranil zvesto privr\u017eenost. Zlasti <span class=\"iwg-fachbegriff\" data-tooltip=\"Sveto mesto, posve\u010deno \u010da\u0161\u010denju bo\u017eanstva.\" tabindex=\"0\">sveti\u0161\u010de<\/span> v Haranu na severu Mezopotamije je vse do pozne <span class=\"iwg-fachbegriff\" data-tooltip=\"Prehodna doba med antiko in srednjim vekom, pribli\u017eno 3. do 7. stoletje.\" tabindex=\"0\">antike<\/span> ostalo \u017eivo sredi\u0161\u010de \u010da\u0161\u010denja Meseca.<\/p>\t\t\t\t\t\t\t\t<\/div>\n\t\t\t\t\t<\/div>\n\t\t\t\t<\/div>\n\t\t<div class=\"elementor-element elementor-element-iwgw-sin-s1 e-flex e-con-boxed e-con e-parent\" data-id=\"iwgw-sin-s1\" data-element_type=\"container\" data-e-type=\"container\">\n\t\t\t\t\t<div class=\"e-con-inner\">\n\t\t\t\t<div class=\"elementor-element elementor-element-iwgw-sin-s1h elementor-widget elementor-widget-heading\" data-id=\"iwgw-sin-s1h\" data-element_type=\"widget\" data-e-type=\"widget\" data-widget_type=\"heading.default\">\n\t\t\t\t\t<h2 class=\"elementor-heading-title elementor-size-default\">Ime in etimologija<\/h2>\t\t\t\t<\/div>\n\t\t\t\t<div class=\"elementor-element elementor-element-iwgw-sin-s1t elementor-widget elementor-widget-text-editor\" data-id=\"iwgw-sin-s1t\" data-element_type=\"widget\" data-e-type=\"widget\" data-widget_type=\"text-editor.default\">\n\t\t\t\t\t\t\t\t\t<p>Bog nosi dve glavni imeni, katerih razmerje je dolgo zaposlovalo raziskovalce. Sumersko ime Nanna je starej\u0161e; ob njem stoji oblika Suen, iz katere je z jezikovnim razvojem v akad\u0161\u010dini nastalo ime Sin. V mnogih besedilih se pojavlja zapis kot povezava znakov, ki predstavljajo Nanno in Suena.<\/p><p>Natan\u010den pomen imena Nanna ni povsem pojasnjen. Predlagane so razlage, ki ga povezujejo s svetle\u010dim nebesnim telesom ali z izrazi za bli\u0161\u010d in vzvi\u0161enost. Tudi za Suena je etimologija negotova. Pomembnej\u0161e od jezikovnozgodovinske izpeljave je opa\u017eanje, da sta se obe imeni uporabljali skozi celotno mezopotamsko zgodovino, pogosto drug ob drugem.<\/p><p>Sin je nosil \u0161tevilne vzdevke, ki opisujejo njegove funkcije. Imenovali so ga svetle\u010di bik, gospodar krone, modri gospodar ali \u0161tevec dni. Povezava z bikom izhaja iz mese\u010deve krivine, katere oblika je spominjala na bikove rogove. Te podobe se prepletajo skozi hvalnice in molitve ter oblikujejo religiozno razumevanje boga.<\/p>\t\t\t\t\t\t\t\t<\/div>\n\t\t\t\t\t<\/div>\n\t\t\t\t<\/div>\n\t\t<div class=\"elementor-element elementor-element-iwgw-sin-s2 e-flex e-con-boxed e-con e-parent\" data-id=\"iwgw-sin-s2\" data-element_type=\"container\" data-e-type=\"container\">\n\t\t\t\t\t<div class=\"e-con-inner\">\n\t\t\t\t<div class=\"elementor-element elementor-element-iwgw-sin-s2h elementor-widget elementor-widget-heading\" data-id=\"iwgw-sin-s2h\" data-element_type=\"widget\" data-e-type=\"widget\" data-widget_type=\"heading.default\">\n\t\t\t\t\t<h2 class=\"elementor-heading-title elementor-size-default\">Opis in ikonografija<\/h2>\t\t\t\t<\/div>\n\t\t\t\t<div class=\"elementor-element elementor-element-iwgw-sin-s2t elementor-widget elementor-widget-text-editor\" data-id=\"iwgw-sin-s2t\" data-element_type=\"widget\" data-e-type=\"widget\" data-widget_type=\"text-editor.default\">\n\t\t\t\t\t\t\t\t\t<p>Nedvoumen in skozi stoletja stabilen <span class=\"iwg-fachbegriff\" data-tooltip=\"Znak, ki nadome\u0161\u010da dolo\u010deno predstavo ali pomen.\" tabindex=\"0\">simbol<\/span> Sina je le\u017ee\u010da mese\u010deva krivina. Pojavlja se na valjastih pe\u010datih, mejnikih, stelah in v templjski umetnosti. Pogosto je krivina prikazana tako, da spominja na \u010doln, kar se sklada s predstavo, da bog Meseca pono\u010di pre\u010dka nebo kot na plovilu.<\/p><p>V antropomorfnih upodobitvah se Sin prikazuje kot bradat, na tronu sede\u010d bog z rogato krono. Nekatere podobe ga prikazujejo s polmesecem nad glavo ali v roki.<\/p><p>Na babilonskih mejnikih, imenovanih kudurru, spada mese\u010deva krivina med najpogosteje upodobljene bo\u017eanske simbole in tam ve\u010dinoma stoji ob son\u010dni zvezdi \u0160ama\u0161a in Venerini zvezdi I\u0161tar.<\/p><p>Literarni opisi poudarjajo Sinovo svetlobo. Njegov sij je opisan kot mil, a tudi prodoren. Razsvetljuje no\u010d, ne da bi jo pregnal, in omogo\u010da orientacijo v temi.<\/p><p>Nara\u0161\u010danje in upadanje Meseca je bilo mitsko razlagano in povezano z rednim pojavljanjem in izginjanjem boga. Ta cikli\u010dna narava je Sina naredila za podobo zanesljivega, samoobnavljajo\u010dega se reda.<\/p>\t\t\t\t\t\t\t\t<\/div>\n\t\t\t\t\t<\/div>\n\t\t\t\t<\/div>\n\t\t<div class=\"elementor-element elementor-element-iwgw-sin-s3 e-flex e-con-boxed e-con e-parent\" data-id=\"iwgw-sin-s3\" data-element_type=\"container\" data-e-type=\"container\">\n\t\t\t\t\t<div class=\"e-con-inner\">\n\t\t\t\t<div class=\"elementor-element elementor-element-iwgw-sin-s3h elementor-widget elementor-widget-heading\" data-id=\"iwgw-sin-s3h\" data-element_type=\"widget\" data-e-type=\"widget\" data-widget_type=\"heading.default\">\n\t\t\t\t\t<h2 class=\"elementor-heading-title elementor-size-default\">Mitolo\u0161ka pripovedovanja<\/h2>\t\t\t\t<\/div>\n\t\t\t\t<div class=\"elementor-element elementor-element-iwgw-sin-s3t elementor-widget elementor-widget-text-editor\" data-id=\"iwgw-sin-s3t\" data-element_type=\"widget\" data-e-type=\"widget\" data-widget_type=\"text-editor.default\">\n\t\t\t\t\t\t\t\t\t<p>Rojstvo Sina je opisano v pripovedi o Enlilu in Ninlil. Potem ko je Enlil nasilno pristopil h boginji Ninlil, ga je zbor bogov izgnal v podzemni svet. Ninlil, ki je od njega spo\u010dela mese\u010dnega boga, mu sledi.<\/p><p>Da otrok, ki naj bi pripadal svetlemu nebu, ne bi ostal v podzemlju, Enlil in Ninlil ob nadaljnjih sre\u010danjih podzemlju izro\u010dita nadomestna bo\u017eanstva. Tako Sin pride v nebo, medtem ko podzemna bo\u017eanstva prebivajo v globini.<\/p><p>Sin nastopa tudi v mitih, v katerih ga nadlegujejo demoni. Neka rotitvena pripoved opisuje, kako zle sile zatemnijo luno. V ohranjeni pripovedi se sedem zlih demonov zdru\u017ei, da bi Sina na nebu obkolili in pogasili njegovo svetlobo.<\/p><p>Mese\u010dni mrk je veljal za slabo znamenje, za napad sovra\u017enih bitij na boga. V takih primerih so rotitveni duhovniki na pomo\u010d klicali druge bogove, da bi Sin ponovno pridobil svojo svetlobo. Ta pripovedni motiv neposredno povezuje <span class=\"iwg-fachbegriff\" data-tooltip=\"Izro\u010dena pripoved o bogovih, izvorih in ureditvi sveta.\" tabindex=\"0\">mit<\/span> in <span class=\"iwg-fachbegriff\" data-tooltip=\"Urejeno zaporedje simbolnih dejanj z religioznim ali kulturnim pomenom.\" tabindex=\"0\">ritual<\/span>.<\/p><p>V hvalnicah je Sin opisan kot modri svetovalec, ki skupaj s svojim sinom \u0160ama\u0161em varuje pravico in resnico. Medtem ko \u0160ama\u0161 kot son\u010dni bog vidi vse podnevi, Sin pre\u017earja no\u010d.<\/p><p>Iz te razporeditve izhaja predstava o neprekinjenem bo\u017eanskem pogledu, ki ne pu\u0161\u010da ni\u010d skritega. Pravijo, da usodo meseca dolo\u010da Sin, zato so njegovo mese\u010dno prikazovanje spremljali s posebno pozornostjo.<\/p><p>Poseben pripovedni motiv se nana\u0161a na sanje, v katerih se Sin razodene ljudem. Zadnji babilonski kralj Nabonid v svojih napisih poro\u010da, da se mu je mese\u010dni bog prikazal v sanjah in mu naro\u010dil, naj obnovi njegov razpadli <span class=\"iwg-fachbegriff\" data-tooltip=\"Zgradba, namenjena \u010da\u0161\u010denju enega ali ve\u010d bo\u017eanstev.\" tabindex=\"0\">tempelj<\/span> v Harranu.<\/p><p>Tak\u0161na besedila niso miti v strogem pomenu besede, vendar ka\u017eejo, kako so mitske predstave o govore\u010dem, usmerjajo\u010dem bogu segale vse do kraljevske samopredstavitve.<\/p><p>Tudi v hvalnicah, ki so pripisane Enheduani, in v molitvah velikih duhovnic se Sin prikazuje kot bog, ki usli\u0161i pro\u0161nje in po\u0161ilja znamenja. Razlaga teh znamenj, zlasti luninih men in lege lunine srenje, je bila predmet izdelane prakse opazovanja in razlaganja.<\/p>\t\t\t\t\t\t\t\t<\/div>\n\t\t\t\t\t<\/div>\n\t\t\t\t<\/div>\n\t\t<div class=\"elementor-element elementor-element-iwgw-sin-s4 e-flex e-con-boxed e-con e-parent\" data-id=\"iwgw-sin-s4\" data-element_type=\"container\" data-e-type=\"container\">\n\t\t\t\t\t<div class=\"e-con-inner\">\n\t\t\t\t<div class=\"elementor-element elementor-element-iwgw-sin-s4h elementor-widget elementor-widget-heading\" data-id=\"iwgw-sin-s4h\" data-element_type=\"widget\" data-e-type=\"widget\" data-widget_type=\"heading.default\">\n\t\t\t\t\t<h2 class=\"elementor-heading-title elementor-size-default\">Kult in \u010da\u0161\u010denje<\/h2>\t\t\t\t<\/div>\n\t\t\t\t<div class=\"elementor-element elementor-element-iwgw-sin-s4t elementor-widget elementor-widget-text-editor\" data-id=\"iwgw-sin-s4t\" data-element_type=\"widget\" data-e-type=\"widget\" data-widget_type=\"text-editor.default\">\n\t\t\t\t\t\t\t\t\t<p>Najpomembnej\u0161e kultno sredi\u0161\u010de Sina na jugu Mezopotamije je bilo mesto Ur. Tam je stal <span class=\"iwg-fachbegriff\" data-tooltip=\"Zgradba, namenjena \u010da\u0161\u010denju enega ali ve\u010d bo\u017eanstev.\" tabindex=\"0\">tempelj<\/span> Eki\u0161nugal, znamenita zigurat Ura, stopni\u010dasta templjska plo\u0161\u010dad, pa je bila <span class=\"iwg-fachbegriff\" data-tooltip=\"Skozi versko dejanje izro\u010deno svetemu in s tem dvignjeno iz vsakdanjega.\" tabindex=\"0\">posve\u010dena<\/span> mese\u010dnemu bogu. Kralj Ur-Nammu in njegov sin \u0160ulgi sta zgradila monumentalni zigurat v obliki, v kateri so njegove ru\u0161evine prepoznavne \u0161e danes.<\/p><p>Pod tretjo dinastijo Ura je <span class=\"iwg-fachbegriff\" data-tooltip=\"Celota verskih \u010da\u0161\u010devalnih dejanj, namenjenih bo\u017eanstvu ali sveti podobi.\" tabindex=\"0\">kult<\/span> do\u017eivel posebno razcvet.<\/p><p>Posebno vlogo je imel polo\u017eaj velike duhovnice mese\u010dnega boga, ki so ga pogosto zasedale kraljevske h\u010dere. Najbolj znana nosilka tega polo\u017eaja je bila Enheduana, h\u010di kralja Sargona Akadskega, kateremu so pripisane literarne hvalnice.<\/p><p>Ta polo\u017eaj je obstajal skozi stoletja, in \u0161e kralj Nabonid je svojo h\u010der postavil za duhovnico v Uru, pri \u010demer se je skliceval na bo\u017ejo izbiro, nakazano z lunino znamenjo.<\/p><p>Na severu Mezopotamije je bil Harran drugo veliko sredi\u0161\u010de \u010da\u0161\u010denja lune. Tamkaj\u0161nji <span class=\"iwg-fachbegriff\" data-tooltip=\"Zgradba, namenjena \u010da\u0161\u010denju enega ali ve\u010d bo\u017eanstev.\" tabindex=\"0\">tempelj<\/span> Sina, imenovan Ehulhul, je bil izjemno dolgo \u010dasa spo\u0161tovan.<\/p><p>\u0160e v prvem tiso\u010dletju pred na\u0161im \u0161tetjem so novoasirski in novobabilonski vladarji izkazovali veliko zanimanje za to <span class=\"iwg-fachbegriff\" data-tooltip=\"Sveto mesto, posve\u010deno \u010da\u0161\u010denju bo\u017eanstva.\" tabindex=\"0\">sveti\u0161\u010de<\/span>. Zadnji babilonski kralj Nabonid je Sinu iz Harrana namenil posebno pozornost, obnovil je <span class=\"iwg-fachbegriff\" data-tooltip=\"Zgradba, namenjena \u010da\u0161\u010denju enega ali ve\u010d bo\u017eanstev.\" tabindex=\"0\">tempelj<\/span> in pre\u017eivel ve\u010d let stran od Babilona, kar je pri duhovni\u0161tvu drugih bogov, zlasti Marduka, naletelo na odpor.<\/p><p>Tudi Nabonidova mati, katere dolgo \u017eivljenjsko dobo ovekove\u010da lasten <span class=\"iwg-fachbegriff\" data-tooltip=\"Besedilo, vrezano ali vklesano v trden material.\" tabindex=\"0\">napis<\/span>, je bila tesno povezana s Sinovim <span class=\"iwg-fachbegriff\" data-tooltip=\"Celota verskih \u010da\u0161\u010devalnih dejanj, namenjenih bo\u017eanstvu ali sveti podobi.\" tabindex=\"0\">kultom<\/span> v Harranu.<\/p><p><span class=\"iwg-fachbegriff\" data-tooltip=\"Celota verskih \u010da\u0161\u010devalnih dejanj, namenjenih bo\u017eanstvu ali sveti podobi.\" tabindex=\"0\">Kult<\/span> je obsegal dnevne <span class=\"iwg-fachbegriff\" data-tooltip=\"Dar bo\u017eanstvu, s katerim se izra\u017ea zahvala, pro\u0161nja ali \u010da\u0161\u010denje.\" tabindex=\"0\">daritve<\/span>, mese\u010dne praznike ob luninih menah in molitve. Mlaj, polna luna in izginotje lune so bili <span class=\"iwg-fachbegriff\" data-tooltip=\"Pripadajo\u010d dolo\u010denemu verskemu obredu.\" tabindex=\"0\">obredno<\/span> pomembni trenutki, ob katerih so izvajali posebne obrede. Dan izginjajo\u010de lune je veljal za nevaren in je bil povezan z obredi \u017ealovanja in sprave.<\/p><p><span class=\"iwg-fachbegriff\" data-tooltip=\"Zgradba, namenjena \u010da\u0161\u010denju enega ali ve\u010d bo\u017eanstev.\" tabindex=\"0\">Templji<\/span> so imeli obse\u017eno zemlji\u0161ko posest in raz\u010dlenjeno duhovni\u0161tvo s pevci, \u017ealnimi duhovniki in upravnim osebjem. Iz Ura izvirajo bogata arheolo\u0161ka odkritja, med njimi <span class=\"iwg-fachbegriff\" data-tooltip=\"Sveto mesto, posve\u010deno \u010da\u0161\u010denju bo\u017eanstva.\" tabindex=\"0\">sveti\u0161\u010de<\/span> velike duhovnice, imenovano Gipar, ki ponuja vpogled v materialno kulturo Sinovega kulta.<\/p>\t\t\t\t\t\t\t\t<\/div>\n\t\t\t\t\t<\/div>\n\t\t\t\t<\/div>\n\t\t<div class=\"elementor-element elementor-element-iwgw-sin-s5 e-flex e-con-boxed e-con e-parent\" data-id=\"iwgw-sin-s5\" data-element_type=\"container\" data-e-type=\"container\">\n\t\t\t\t\t<div class=\"e-con-inner\">\n\t\t\t\t<div class=\"elementor-element elementor-element-iwgw-sin-s5h elementor-widget elementor-widget-heading\" data-id=\"iwgw-sin-s5h\" data-element_type=\"widget\" data-e-type=\"widget\" data-widget_type=\"heading.default\">\n\t\t\t\t\t<h2 class=\"elementor-heading-title elementor-size-default\">Za\u0161\u010ditna praksa in apotropejsko<\/h2>\t\t\t\t<\/div>\n\t\t\t\t<div class=\"elementor-element elementor-element-iwgw-sin-s5t elementor-widget elementor-widget-text-editor\" data-id=\"iwgw-sin-s5t\" data-element_type=\"widget\" data-e-type=\"widget\" data-widget_type=\"text-editor.default\">\n\t\t\t\t\t\t\t\t\t<p>Sin je bil tesno povezan s podro\u010djem za\u0161\u010dite in odganjanja nesre\u010d, saj je njegova svetloba razsvetljevala no\u010dno temo, v kateri naj bi bile demonske sile posebej dejavne.<\/p><p>V molitvah k Sinu so prosili za njegovo svetlobo kot pomo\u010d in vodstvo. Ker je Luna urejala koledar, je bila njena zanesljivost tudi za\u0161\u010dita pred kaosom nepre\u0161tetega \u010dasa.<\/p><p>Posebno vlogo je imel Sin v zvezi z lunskimi mrki. Mrk je veljal za napad sovra\u017enih bitij na boga in za usodno znamenje, zlasti za kralja.<\/p><p>Obstajala so posebna ritualna besedila, s katerimi so posku\u0161ali odvrniti \u0161kodljive posledice mrka. Znan postopek je bil ritual nadomestnega kralja, pri katerem je namestnik simbolno prevzel nesre\u010do, ki jo je napovedovalo znamenje, medtem ko je bil pravi kralj za\u0161\u010diten.<\/p><p>V zarotitvah so Sina klicali skupaj z drugimi bo\u017eanstvami, da bi ozdravili bolne in pregnali hudobne duhove. Lunin bog se tu ne pojavlja kot samostojna za\u0161\u010ditna sila, temve\u010d kot del \u0161ir\u0161e bo\u017eje pomo\u010di.<\/p><p>Ker je Sin veljal za modrega in pravi\u010dnega boga, so verjeli, da podpira tiste, ki jim je bila storjena krivica. Njegova blaga, vendar vztrajna svetloba je bila <span class=\"iwg-fachbegriff\" data-tooltip=\"Nazorna podoba, ki predstavlja abstraktno misel.\" tabindex=\"0\">simbol<\/span> upanja, da se kon\u010da tudi najtemnej\u0161a no\u010d.<\/p>\t\t\t\t\t\t\t\t<\/div>\n\t\t\t\t\t<\/div>\n\t\t\t\t<\/div>\n\t\t<div class=\"elementor-element elementor-element-iwgw-sin-s6 e-flex e-con-boxed e-con e-parent\" data-id=\"iwgw-sin-s6\" data-element_type=\"container\" data-e-type=\"container\">\n\t\t\t\t\t<div class=\"e-con-inner\">\n\t\t\t\t<div class=\"elementor-element elementor-element-iwgw-sin-s6h elementor-widget elementor-widget-heading\" data-id=\"iwgw-sin-s6h\" data-element_type=\"widget\" data-e-type=\"widget\" data-widget_type=\"heading.default\">\n\t\t\t\t\t<h2 class=\"elementor-heading-title elementor-size-default\">Vzporednice v drugih kulturah<\/h2>\t\t\t\t<\/div>\n\t\t\t\t<div class=\"elementor-element elementor-element-iwgw-sin-s6t elementor-widget elementor-widget-text-editor\" data-id=\"iwgw-sin-s6t\" data-element_type=\"widget\" data-e-type=\"widget\" data-widget_type=\"text-editor.default\">\n\t\t\t\t\t\t\t\t\t<p>Lunina bo\u017eanstva so izpri\u010dana v \u0161tevilnih kulturah starega Orienta in tudi drugod. V zahodnosemitskem prostoru so obstajala lastna lunina bo\u017eanstva, tudi v Ju\u017eni Arabiji je bila Luna v sredi\u0161\u010du pomembnih kultov. Povezava med Luno, koledarjem in ureditvijo \u010dasa je ponavljajo\u010d se vzorec, saj je lunin cikel za predmoderne dru\u017ebe predstavljal najnaravnej\u0161o osnovo za \u0161tetje \u010dasa.<\/p><p>Zanimivo je, da v mezopotamskem sistemu lunin bog Sin velja za o\u010deta son\u010dnega boga. V mnogih drugih mitolo\u0161kih sistemih, na primer v gr\u0161kem, je razmerje obrnjeno ali druga\u010de ovrednoteno, in Sonce ima prednostni polo\u017eaj. Mezopotamska nadvlada Lune odra\u017ea pomen no\u010dnega opazovanja neba in lunarnega koledarja.<\/p><p>Sinov <span class=\"iwg-fachbegriff\" data-tooltip=\"Celota verskih \u010da\u0161\u010denj dolo\u010denega bo\u017eanstva ali svete osebnosti.\" tabindex=\"0\">kult<\/span> v Harranu je posebni primer verske kontinuitete. Medtem ko je drugod stara mezopotamska religija \u017ee zdavnaj ugasnila, so se v Harranu oblike \u010da\u0161\u010denja zvezd ohranile vse do <span class=\"iwg-fachbegriff\" data-tooltip=\"Prehodno obdobje med antiko in srednjim vekom, pribli\u017eno 3. do 7. stoletje.\" tabindex=\"0\">pozne antike<\/span>. Poznej\u0161i viri poro\u010dajo o skupnosti v Harranu, ki je gojila astralne kulte.<\/p><p>Vrednotenje teh poro\u010dil je v znanosti sporno, vendar ka\u017eejo, kako trajno je \u010da\u0161\u010denje Lune delovalo na tem mestu.<\/p>\t\t\t\t\t\t\t\t<\/div>\n\t\t\t\t\t<\/div>\n\t\t\t\t<\/div>\n\t\t<div class=\"elementor-element elementor-element-iwgw-sin-s7 e-flex e-con-boxed e-con e-parent\" data-id=\"iwgw-sin-s7\" data-element_type=\"container\" data-e-type=\"container\">\n\t\t\t\t\t<div class=\"e-con-inner\">\n\t\t\t\t<div class=\"elementor-element elementor-element-iwgw-sin-s7h elementor-widget elementor-widget-heading\" data-id=\"iwgw-sin-s7h\" data-element_type=\"widget\" data-e-type=\"widget\" data-widget_type=\"heading.default\">\n\t\t\t\t\t<h2 class=\"elementor-heading-title elementor-size-default\">Sodobno sprejemanje in raziskave<\/h2>\t\t\t\t<\/div>\n\t\t\t\t<div class=\"elementor-element elementor-element-iwgw-sin-s7t elementor-widget elementor-widget-text-editor\" data-id=\"iwgw-sin-s7t\" data-element_type=\"widget\" data-e-type=\"widget\" data-widget_type=\"text-editor.default\">\n\t\t\t\t\t\t\t\t\t<p>Raziskovanje Sinovega kulta temelji na \u0161irokem naboru virov. Izkopavanja v Uru, zlasti delo Leonarda Woolleyja v prvi polovici dvajsetega stoletja, so razkrila <span class=\"iwg-fachbegriff\" data-tooltip=\"Zgradba, namenjena \u010da\u0161\u010denju enega ali ve\u010d bo\u017eanstev.\" tabindex=\"0\">templje<\/span>, ziguraturo, gipar in \u0161tevilne najdbe.<\/p><p>K temu se dodajajo klinopisna besedila, med njimi hvalnice, molitve, ritualna besedila in upravni dokumenti, ki dokumentirajo <span class=\"iwg-fachbegriff\" data-tooltip=\"Celota verskih \u010da\u0161\u010denj dolo\u010denega bo\u017eanstva ali svete osebnosti.\" tabindex=\"0\">kult<\/span> v njegovih razli\u010dnih obdobjih. Napisi Nabonida predstavljajo lasten, obse\u017eno raziskan sklop virov o pozni fazi \u010da\u0161\u010denja Lune.<\/p><p>Ena od vztrajno obravnavanih tem je verska politika Nabonida. Njegovo naklonjenost Sinu nasproti Marduku so v poznej\u0161ih, njemu sovra\u017enih besedilih prikazovali kot napako. Znanost se prizadeva lo\u010diti te tendenciozne vire od lastnih izjav kralja in rekonstruirati ozadje spora med duhovni\u0161kimi skupinami.<\/p><p>Pomembna raziskovalna tema je astralna razse\u017enost mezopotamske religije. Sin je v sredi\u0161\u010du vpra\u0161anja, kako so opazovanje neba, koledarski sistem in verska razlaga delovali skupaj.<\/p><p>Mezopotamski u\u010denjaki so razvili izpopolnjeno razlago znamenj, v kateri so imeli lunini pojavi osrednjo vlogo. Ta besedila so zanimiva ne le z religiozgodovinskega, temve\u010d tudi z znanstvenozgodovinskega vidika, saj sodijo med korenine poznej\u0161e astronomije.<\/p><p>Tudi lik Enheduanne je v zadnjih desetletjih pritegnil veliko zanimanja. Kot velika duhovnica lunega boga in domnevna avtorica hvalnic velja za eno prvih poimensko znanih avtoric v zgodovini knji\u017eevnosti.<\/p><p>Pripisovanje besedil je v strokovnih krogih razlogov za razlikovanje. Na splo\u0161no Sin ostaja lik, na katerem je mogo\u010de vzor\u010dno preu\u010devati osrednje teme zgodovine mezopotamske religije.<\/p>\t\t\t\t\t\t\t\t<\/div>\n\t\t\t\t\t<\/div>\n\t\t\t\t<\/div>\n\t\t<div class=\"elementor-element elementor-element-iwgw-sin-lit e-flex e-con-boxed e-con e-parent\" data-id=\"iwgw-sin-lit\" data-element_type=\"container\" data-e-type=\"container\">\n\t\t\t\t\t<div class=\"e-con-inner\">\n\t\t\t\t<div class=\"elementor-element elementor-element-iwgw-sin-lith elementor-widget elementor-widget-heading\" data-id=\"iwgw-sin-lith\" data-element_type=\"widget\" data-e-type=\"widget\" data-widget_type=\"heading.default\">\n\t\t\t\t\t<h2 class=\"elementor-heading-title elementor-size-default\">Literatura (izbor)<\/h2>\t\t\t\t<\/div>\n\t\t\t\t<div class=\"elementor-element elementor-element-iwgw-sin-litt elementor-widget elementor-widget-text-editor\" data-id=\"iwgw-sin-litt\" data-element_type=\"widget\" data-e-type=\"widget\" data-widget_type=\"text-editor.default\">\n\t\t\t\t\t\t\t\t\t<ul><li><span data-nosnippet>Jeremy Black, Anthony Green: <em>Gods, Demons and Symbols of Ancient Mesopotamia<\/em> (1992)<\/span><\/li><li>Jean Bott\u00e9ro: <em>Die \u00e4lteste Religion. Mesopotamien<\/em> (2001)<\/li><li>Thorkild Jacobsen: <em>The Treasures of Darkness. A History of Mesopotamian Religion<\/em> (1976)<\/li><li>Mark E. Cohen: <em>The Cultic Calendars of the Ancient Near East<\/em> (1993)<\/li><li>Wilfred G. Lambert: <em>Babylonian Oracle Questions<\/em> (2007)<\/li><\/ul>\t\t\t\t\t\t\t\t<\/div>\n\t\t\t\t\t<\/div>\n\t\t\t\t<\/div>\n\t\t<div class=\"elementor-element elementor-element-iwgkw2-add-sin e-flex e-con-boxed e-con e-parent\" data-id=\"iwgkw2-add-sin\" data-element_type=\"container\" data-e-type=\"container\">\n\t\t\t\t\t<div class=\"e-con-inner\">\n\t\t\t\t<div class=\"elementor-element elementor-element-iwgkw2-add-sin-t elementor-widget elementor-widget-text-editor\" data-id=\"iwgkw2-add-sin-t\" data-element_type=\"widget\" data-e-type=\"widget\" data-widget_type=\"text-editor.default\">\n\t\t\t\t\t\t\t\t\t<p>Sin velja za <em>mezopotamskega<\/em> lunega boga Ura in Harrana, \u010digar rogata krona in simbolika lunine srpaste oblike se je prena\u0161ala od starosumerske Nanne vse do poznobabilonske kraljeve ideologije.<\/p>\t\t\t\t\t\t\t\t<\/div>\n\t\t\t\t\t<\/div>\n\t\t\t\t<\/div>\n\t\t<div class=\"elementor-element elementor-element-iwgw-sin-kwd e-flex e-con-boxed e-con e-parent\" data-id=\"iwgw-sin-kwd\" data-element_type=\"container\" data-e-type=\"container\">\n\t\t\t\t\t<div class=\"e-con-inner\">\n\t\t\t\t<div class=\"elementor-element elementor-element-iwgw-sin-kwdt elementor-widget elementor-widget-text-editor\" data-id=\"iwgw-sin-kwdt\" data-element_type=\"widget\" data-e-type=\"widget\" data-widget_type=\"text-editor.default\">\n\t\t\t\t\t\t\t\t\t<p><em>Sorodni klju\u010dni pojmi: Sin Nana Suen Ur Harran lunin bog zigurat Enheduanna \u0160ama\u0161.<\/em><\/p>\t\t\t\t\t\t\t\t<\/div>\n\t\t\t\t\t<\/div>\n\t\t\t\t<\/div>\n\t\t<div class=\"elementor-element elementor-element-iwgw-sin-cc e-flex e-con-boxed e-con e-parent\" data-id=\"iwgw-sin-cc\" data-element_type=\"container\" data-e-type=\"container\" id=\"iwg-cc-sin\">\n\t\t\t\t\t<div class=\"e-con-inner\">\n\t\t<div class=\"elementor-element elementor-element-iwgw-sin-ccinner e-flex e-con-boxed e-con e-parent\" data-id=\"iwgw-sin-ccinner\" data-element_type=\"container\" data-e-type=\"container\" data-settings=\"{&quot;background_background&quot;:&quot;classic&quot;}\">\n\t\t\t\t\t<div class=\"e-con-inner\">\n\t\t\t\t<div class=\"elementor-element elementor-element-iwgw-sin-cch elementor-widget elementor-widget-heading\" data-id=\"iwgw-sin-cch\" data-element_type=\"widget\" data-e-type=\"widget\" data-widget_type=\"heading.default\">\n\t\t\t\t\t<h2 class=\"elementor-heading-title elementor-size-default\">iWell Guard in tradicije za\u0161\u010dite<\/h2>\t\t\t\t<\/div>\n\t\t\t\t<div class=\"elementor-element elementor-element-iwgw-sin-cct elementor-widget elementor-widget-text-editor\" data-id=\"iwgw-sin-cct\" data-element_type=\"widget\" data-e-type=\"widget\" data-widget_type=\"text-editor.default\">\n\t\t\t\t\t\t\t\t\t<div data-nosnippet=\"true\"><p>iWell Guard se navezuje na kulturnozgodovinsko tradicijo prenosnih za\u0161\u010ditnih predmetov, v tradiciji <a href=\"https:\/\/iwell-guard.com\/sl\/mezopotamija\/\">Mezopotamije<\/a> in mnogih drugih kultur po svetu. 41 plasti, pravo zlato, platina, srebro, izdelano v Nem\u010diji. 30-dnevna pravica do vra\u010dila.<\/p><\/div>\t\t\t\t\t\t\t\t<\/div>\n\t\t\t\t<div class=\"elementor-element elementor-element-iwgw-sin-ccb iwg-cc-button iwg-cc-cta-2026-05-13 elementor-widget elementor-widget-jet-button\" data-id=\"iwgw-sin-ccb\" data-element_type=\"widget\" data-e-type=\"widget\" data-widget_type=\"jet-button.default\">\n\t\t\t\t<div class=\"elementor-widget-container\">\n\t\t\t\t\t<div class=\"elementor-jet-button jet-elements\"><div class=\"jet-button__container\"><a class=\"jet-button__instance jet-button__instance--icon-left hover-effect-1\" href=\"\/ueber-iwell-guard\/?utm_source=iwell-guard.com&amp;utm_medium=info-box&amp;utm_campaign=wesen-tradition\"><div class=\"jet-button__plane jet-button__plane-normal\"><\/div><div class=\"jet-button__plane jet-button__plane-hover\"><\/div><div class=\"jet-button__state jet-button__state-normal\"><span class=\"jet-button__label\">Ve\u010d o iWell Guard<\/span><\/div><div class=\"jet-button__state jet-button__state-hover\"><span class=\"jet-button__label\">Ve\u010d o iWell Guard<\/span><\/div><\/a><\/div><\/div><style>.elementor-element.elementor-element-iwgw-sin-ccb .jet-button__instance{width:320px;height:56px;}.elementor-element.elementor-element-iwgw-sin-ccb .jet-button__state-normal .jet-button__label{text-align:center;margin:0px 0px 0px 0px;color:#1a1b20;font-family:Montserrat,sans-serif;font-size:13px;font-weight:400;letter-spacing:4px;line-height:1.714em;text-transform:uppercase;}.elementor-element.elementor-element-iwgw-sin-ccb .jet-button__state-hover .jet-button__label{text-align:center;margin:0px 0px 0px 0px;color:#FECC76;font-family:Montserrat,sans-serif;font-size:13px;font-weight:400;letter-spacing:4px;line-height:1.714em;text-transform:uppercase;}.elementor-element.elementor-element-iwgw-sin-ccb .jet-button__plane-normal{background-color:#FECC76;border-style:solid;border-color:#C99540;border-width:2px 2px 2px 2px;}.elementor-element.elementor-element-iwgw-sin-ccb .jet-button__plane-hover{background-color:rgba(0,0,0,0.55);border-style:solid;border-color:#FECC76;border-width:2px 2px 2px 2px;}<\/style>\t\t\t\t<\/div>\n\t\t\t\t<\/div>\n\t\t\t\t<div class=\"elementor-element elementor-element-iwgw-sin-ccd elementor-widget elementor-widget-text-editor\" data-id=\"iwgw-sin-ccd\" data-element_type=\"widget\" data-e-type=\"widget\" data-widget_type=\"text-editor.default\">\n\t\t\t\t\t\t\t\t\t<div data-nosnippet=\"true\"><p style=\"text-align:center;font-size:13px;opacity:0.7;margin-top:14px\" data-nosnippet=\"true\">Osebne izku\u0161nje se lahko razlikujejo. Ni medicinski pripomo\u010dek. Brez obljube o ozdravitvi.<\/p><\/div>\t\t\t\t\t\t\t\t<\/div>\n\t\t\t\t\t<\/div>\n\t\t\t\t<\/div>\n\t\t\t\t\t<\/div>\n\t\t\t\t<\/div>\n\t\t<div class=\"elementor-element elementor-element-iwgw-sin-disc e-flex e-con-boxed e-con e-parent\" data-id=\"iwgw-sin-disc\" data-element_type=\"container\" data-e-type=\"container\">\n\t\t\t\t\t<div class=\"e-con-inner\">\n\t\t\t\t<div class=\"elementor-element elementor-element-iwgw-sin-discw elementor-widget elementor-widget-html\" data-id=\"iwgw-sin-discw\" data-element_type=\"widget\" data-e-type=\"widget\" data-widget_type=\"html.default\">\n\t\t\t\t\t<footer data-nosnippet=\"true\" class=\"iwg-disclaimer-block\"><p data-nosnippet=\"true\">iWell Guard <strong>ni medicinski pripomo\u010dek<\/strong> in ne nadome\u0161\u010da zdravni\u0161ke ali psihoterapevtske obravnave. Religiologske vsebine so kulturnozgodovinska umestitev, ne priporo\u010dilo za duhovno prakso.<\/p><\/footer>\t\t\t\t<\/div>\n\t\t\t\t\t<\/div>\n\t\t\t\t<\/div>\n\t\t\t\t<\/div>\n\t\t","protected":false},"excerpt":{"rendered":"","protected":false},"author":3,"featured_media":3382,"parent":0,"menu_order":0,"comment_status":"closed","ping_status":"closed","template":"elementor_header_footer","meta":{"_yoast_wpseo_focuskw":"Sin, mezopotamski bog Meseca","_yoast_wpseo_title":"Sin \u2013 mezopotamski bog Meseca iz Ura in Harana","_yoast_wpseo_metadesc":"Sin, v sumer\u0161\u010dini Nanna, je bil mezopotamski bog Meseca s kultnimi sredi\u0161\u010di v Uru in Haranu, varuh \u010dasa in koledarja.","_yoast_wpseo_meta-robots-noindex":"","_yoast_wpseo_canonical":"","_angie_page":false,"gefaehrdungsstufe":"2","wesen_kultur":"mesopotamien","wesen_klasse":"goetter","footnotes":""},"categories":[],"class_list":["post-160778","page","type-page","status-publish","has-post-thumbnail","hentry"],"yoast_head":"<!-- This site is optimized with the Yoast SEO Premium plugin v27.7 (Yoast SEO v28.3) - https:\/\/yoast.com\/product\/yoast-seo-premium-wordpress\/ -->\n<title>Sin \u2013 mezopotamski bog Meseca iz Ura in Harana<\/title>\n<meta name=\"description\" content=\"Sin, v sumer\u0161\u010dini Nanna, je bil mezopotamski bog Meseca s kultnimi sredi\u0161\u010di v Uru in Haranu, varuh \u010dasa in koledarja.\" \/>\n<meta name=\"robots\" content=\"index, follow, max-snippet:-1, max-image-preview:large, max-video-preview:-1\" \/>\n<link rel=\"canonical\" href=\"https:\/\/iwell-guard.com\/sl\/sin-bog-meseca-ur-haran\/\" \/>\n<meta property=\"og:locale\" content=\"sl_SI\" \/>\n<meta property=\"og:type\" content=\"article\" \/>\n<meta property=\"og:title\" content=\"Sin \u2013 bog Meseca iz Ura in Harana\" \/>\n<meta property=\"og:description\" content=\"Sin, v sumer\u0161\u010dini Nanna, je bil mezopotamski bog Meseca s kultnimi sredi\u0161\u010di v Uru in Haranu, varuh \u010dasa in koledarja.\" \/>\n<meta property=\"og:url\" content=\"https:\/\/iwell-guard.com\/sl\/sin-bog-meseca-ur-haran\/\" \/>\n<meta property=\"og:site_name\" content=\"iWell Guard\" \/>\n<meta property=\"article:modified_time\" content=\"2026-09-05T00:45:58+00:00\" \/>\n<meta property=\"og:image\" content=\"https:\/\/iwell-guard.com\/wp-content\/uploads\/2026\/05\/goetter_mesopotamien_sin.webp\" \/>\n\t<meta property=\"og:image:width\" content=\"1024\" \/>\n\t<meta property=\"og:image:height\" content=\"1536\" \/>\n\t<meta property=\"og:image:type\" content=\"image\/webp\" \/>\n<meta name=\"twitter:card\" content=\"summary_large_image\" \/>\n<script type=\"application\/ld+json\" class=\"yoast-schema-graph\">{\"@context\":\"https:\\\/\\\/schema.org\",\"@graph\":[{\"@type\":\"WebPage\",\"@id\":\"https:\\\/\\\/iwell-guard.com\\\/sl\\\/sin-bog-meseca-ur-haran\\\/\",\"url\":\"https:\\\/\\\/iwell-guard.com\\\/sl\\\/sin-bog-meseca-ur-haran\\\/\",\"name\":\"Sin \u2013 mezopotamski bog Meseca iz Ura in Harana\",\"isPartOf\":{\"@id\":\"https:\\\/\\\/iwell-guard.com\\\/sl\\\/#website\"},\"primaryImageOfPage\":{\"@id\":\"https:\\\/\\\/iwell-guard.com\\\/sl\\\/sin-bog-meseca-ur-haran\\\/#primaryimage\"},\"image\":{\"@id\":\"https:\\\/\\\/iwell-guard.com\\\/sl\\\/sin-bog-meseca-ur-haran\\\/#primaryimage\"},\"thumbnailUrl\":\"https:\\\/\\\/iwell-guard.com\\\/wp-content\\\/uploads\\\/2026\\\/05\\\/goetter_mesopotamien_sin.webp\",\"datePublished\":\"2026-09-05T00:25:47+00:00\",\"dateModified\":\"2026-09-05T00:45:58+00:00\",\"description\":\"Sin, v sumer\u0161\u010dini Nanna, je bil mezopotamski bog Meseca s kultnimi sredi\u0161\u010di v Uru in Haranu, varuh \u010dasa in koledarja.\",\"breadcrumb\":{\"@id\":\"https:\\\/\\\/iwell-guard.com\\\/sl\\\/sin-bog-meseca-ur-haran\\\/#breadcrumb\"},\"inLanguage\":\"sl-SI\",\"potentialAction\":[{\"@type\":\"ReadAction\",\"target\":[\"https:\\\/\\\/iwell-guard.com\\\/sl\\\/sin-bog-meseca-ur-haran\\\/\"]}]},{\"@type\":\"ImageObject\",\"inLanguage\":\"sl-SI\",\"@id\":\"https:\\\/\\\/iwell-guard.com\\\/sl\\\/sin-bog-meseca-ur-haran\\\/#primaryimage\",\"url\":\"https:\\\/\\\/iwell-guard.com\\\/wp-content\\\/uploads\\\/2026\\\/05\\\/goetter_mesopotamien_sin.webp\",\"contentUrl\":\"https:\\\/\\\/iwell-guard.com\\\/wp-content\\\/uploads\\\/2026\\\/05\\\/goetter_mesopotamien_sin.webp\",\"width\":1024,\"height\":1536,\"caption\":\"Bogovi iz mezopotamske tradicije.\"},{\"@type\":\"BreadcrumbList\",\"@id\":\"https:\\\/\\\/iwell-guard.com\\\/sl\\\/sin-bog-meseca-ur-haran\\\/#breadcrumb\",\"itemListElement\":[{\"@type\":\"ListItem\",\"position\":1,\"name\":\"Start\",\"item\":\"https:\\\/\\\/iwell-guard.com\\\/sl\\\/?page_id=160323\"},{\"@type\":\"ListItem\",\"position\":2,\"name\":\"Sin \u2013 bog Meseca iz Ura in Harana\"}]},{\"@type\":\"WebSite\",\"@id\":\"https:\\\/\\\/iwell-guard.com\\\/sl\\\/#website\",\"url\":\"https:\\\/\\\/iwell-guard.com\\\/sl\\\/\",\"name\":\"iWell Guard\",\"description\":\"Schutz vor dunklen Einfl\u00fcssen\",\"publisher\":{\"@id\":\"https:\\\/\\\/iwell-guard.com\\\/sl\\\/#organization\"},\"potentialAction\":[{\"@type\":\"SearchAction\",\"target\":{\"@type\":\"EntryPoint\",\"urlTemplate\":\"https:\\\/\\\/iwell-guard.com\\\/sl\\\/?s={search_term_string}\"},\"query-input\":{\"@type\":\"PropertyValueSpecification\",\"valueRequired\":true,\"valueName\":\"search_term_string\"}}],\"inLanguage\":\"sl-SI\"},{\"@type\":\"Organization\",\"@id\":\"https:\\\/\\\/iwell-guard.com\\\/sl\\\/#organization\",\"name\":\"Ittermann electronic GmbH\",\"url\":\"https:\\\/\\\/iwell-guard.com\\\/sl\\\/\",\"logo\":{\"@type\":\"ImageObject\",\"inLanguage\":\"sl-SI\",\"@id\":\"https:\\\/\\\/iwell-guard.com\\\/sl\\\/#\\\/schema\\\/logo\\\/image\\\/\",\"url\":\"https:\\\/\\\/iwell-guard.com\\\/wp-content\\\/uploads\\\/2026\\\/05\\\/Ittermann-Logo-1182x237-1.png\",\"contentUrl\":\"https:\\\/\\\/iwell-guard.com\\\/wp-content\\\/uploads\\\/2026\\\/05\\\/Ittermann-Logo-1182x237-1.png\",\"width\":1182,\"height\":237,\"caption\":\"Ittermann electronic GmbH\"},\"image\":{\"@id\":\"https:\\\/\\\/iwell-guard.com\\\/sl\\\/#\\\/schema\\\/logo\\\/image\\\/\"},\"sameAs\":[\"https:\\\/\\\/pantip.com\\\/profile\\\/9367242\",\"https:\\\/\\\/micro.blog\\\/iwellguard\",\"https:\\\/\\\/www.diggerslist.com\\\/iwellguard\\\/about\",\"https:\\\/\\\/skitterphoto.com\\\/photographers\\\/2870314\\\/iwell-guard\",\"https:\\\/\\\/iwellguard.wordpress.com\\\/2026\\\/06\\\/06\\\/iwell-guard\\\/\",\"https:\\\/\\\/hub.docker.com\\\/u\\\/iwellguard\",\"https:\\\/\\\/www.pinterest.com\\\/iwellguard\\\/\",\"https:\\\/\\\/bit.ly\\\/m\\\/iwellguard\",\"https:\\\/\\\/entre-vos-mains.alsace.eu\\\/profiles\\\/iwellguard\\\/activity\",\"https:\\\/\\\/gravatar.com\\\/reallybeded8fd34\",\"https:\\\/\\\/naijamatta.com\\\/iwellguard\",\"https:\\\/\\\/www.goodreads.com\\\/iwellguard\",\"https:\\\/\\\/profile.hatena.ne.jp\\\/iwellguard\\\/\",\"https:\\\/\\\/experiment.com\\\/users\\\/iwellguard\",\"https:\\\/\\\/wakelet.com\\\/@iWellGuard82270\",\"https:\\\/\\\/www.chordie.com\\\/forum\\\/profile.php?id=2555664\",\"https:\\\/\\\/www.instapaper.com\\\/p\\\/17757966\",\"https:\\\/\\\/www.mapleprimes.com\\\/users\\\/iwellguard\",\"https:\\\/\\\/businesslistingplus.com\\\/profile\\\/iwell-guard\\\/\",\"https:\\\/\\\/telegra.ph\\\/iWell-Guard-06-06\",\"https:\\\/\\\/pbase.com\\\/iwellguard\\\/iwellguard\",\"https:\\\/\\\/b.hatena.ne.jp\\\/iwellguard\\\/20260607#bookmark-4788405196491818882\",\"https:\\\/\\\/fliphtml5.com\\\/home\\\/iwellguard\",\"https:\\\/\\\/anyflip.com\\\/homepage\\\/cmiwl#About\",\"https:\\\/\\\/transfur.com\\\/Users\\\/iwellguard\",\"http:\\\/\\\/delphi.larsbo.org\\\/user\\\/iwellguard\",\"https:\\\/\\\/jobs.lajobsportal.org\\\/profiles\\\/8380803-iwell-guard\",\"https:\\\/\\\/md.chaosdorf.de\\\/s\\\/jfbe5SBdJD\",\"https:\\\/\\\/www.lingvolive.com\\\/en-us\\\/profile\\\/9ecaeaca-ce11-4e51-9e71-01d55e2bff36\\\/translations\",\"https:\\\/\\\/www.fitday.com\\\/fitness\\\/forums\\\/members\\\/iwellguard.html\",\"https:\\\/\\\/www.mymeetbook.com\\\/iwellguard\",\"https:\\\/\\\/pxhere.com\\\/en\\\/photographer-me\\\/5040798\",\"https:\\\/\\\/disqus.com\\\/by\\\/iwellguard\\\/about\\\/\",\"https:\\\/\\\/pastelink.net\\\/hjwciqwq\",\"https:\\\/\\\/pubhtml5.com\\\/homepage\\\/scjhn\\\/\",\"https:\\\/\\\/www.bitchute.com\\\/channel\\\/2O2eOKzNqujT\",\"https:\\\/\\\/audiomack.com\\\/iwellguard\"]},{\"@type\":\"Article\",\"@id\":\"https:\\\/\\\/iwell-guard.com\\\/sl\\\/sin-bog-meseca-ur-haran\\\/#article\",\"isPartOf\":{\"@id\":\"https:\\\/\\\/iwell-guard.com\\\/sl\\\/sin-bog-meseca-ur-haran\\\/\"},\"author\":{\"name\":\"Ralf Ittermann\",\"@id\":\"https:\\\/\\\/iwell-guard.com\\\/sl\\\/#\\\/schema\\\/person\\\/ee2a27f1cac3406c7c6fb5820cb7349f\"},\"headline\":\"Sin \u2013 bog Meseca iz Ura in Harana\",\"datePublished\":\"2026-09-05T00:25:47+00:00\",\"dateModified\":\"2026-09-05T00:45:58+00:00\",\"mainEntityOfPage\":{\"@id\":\"https:\\\/\\\/iwell-guard.com\\\/sl\\\/sin-bog-meseca-ur-haran\\\/\"},\"publisher\":{\"@id\":\"https:\\\/\\\/iwell-guard.com\\\/sl\\\/#organization\"},\"image\":{\"@id\":\"https:\\\/\\\/iwell-guard.com\\\/sl\\\/sin-bog-meseca-ur-haran\\\/#primaryimage\"},\"thumbnailUrl\":\"https:\\\/\\\/iwell-guard.com\\\/wp-content\\\/uploads\\\/2026\\\/05\\\/goetter_mesopotamien_sin.webp\",\"inLanguage\":\"sl-SI\",\"description\":\"Sin, v sumer\u0161\u010dini Nanna, je bil mezopotamski bog Meseca s kultnimi sredi\u0161\u010di v Uru in Haranu, varuh \u010dasa in koledarja.\"}]}<\/script>\n<!-- \/ Yoast SEO Premium plugin. -->","yoast_head_json":{"title":"Sin \u2013 mezopotamski bog Meseca iz Ura in Harana","description":"Sin, v sumer\u0161\u010dini Nanna, je bil mezopotamski bog Meseca s kultnimi sredi\u0161\u010di v Uru in Haranu, varuh \u010dasa in koledarja.","robots":{"index":"index","follow":"follow","max-snippet":"max-snippet:-1","max-image-preview":"max-image-preview:large","max-video-preview":"max-video-preview:-1"},"canonical":"https:\/\/iwell-guard.com\/sl\/sin-bog-meseca-ur-haran\/","og_locale":"sl_SI","og_type":"article","og_title":"Sin \u2013 bog Meseca iz Ura in Harana","og_description":"Sin, v sumer\u0161\u010dini Nanna, je bil mezopotamski bog Meseca s kultnimi sredi\u0161\u010di v Uru in Haranu, varuh \u010dasa in koledarja.","og_url":"https:\/\/iwell-guard.com\/sl\/sin-bog-meseca-ur-haran\/","og_site_name":"iWell Guard","article_modified_time":"2026-09-05T00:45:58+00:00","og_image":[{"width":1024,"height":1536,"url":"https:\/\/iwell-guard.com\/wp-content\/uploads\/2026\/05\/goetter_mesopotamien_sin.webp","type":"image\/webp"}],"twitter_card":"summary_large_image","schema":{"@context":"https:\/\/schema.org","@graph":[{"@type":"Article","@id":"https:\/\/iwell-guard.com\/sl\/sin-bog-meseca-ur-haran\/#article","isPartOf":{"@id":"https:\/\/iwell-guard.com\/sl\/sin-bog-meseca-ur-haran\/"},"author":{"name":"Ralf Ittermann","@id":"https:\/\/iwell-guard.com\/sl\/#\/schema\/person\/ee2a27f1cac3406c7c6fb5820cb7349f"},"headline":"Sin \u2013 bog Meseca iz Ura in Harana","datePublished":"2026-09-05T00:25:47+00:00","dateModified":"2026-09-05T00:45:58+00:00","mainEntityOfPage":{"@id":"https:\/\/iwell-guard.com\/sl\/sin-bog-meseca-ur-haran\/"},"publisher":{"@id":"https:\/\/iwell-guard.com\/sl\/#organization"},"image":{"@id":"https:\/\/iwell-guard.com\/sl\/sin-bog-meseca-ur-haran\/#primaryimage"},"thumbnailUrl":"https:\/\/iwell-guard.com\/wp-content\/uploads\/2026\/05\/goetter_mesopotamien_sin.webp","inLanguage":"sl-SI","description":"Sin, v sumer\u0161\u010dini Nanna, je bil mezopotamski bog Meseca s kultnimi sredi\u0161\u010di v Uru in Haranu, varuh \u010dasa in koledarja."},{"@type":"WebPage","@id":"https:\/\/iwell-guard.com\/sl\/sin-bog-meseca-ur-haran\/","url":"https:\/\/iwell-guard.com\/sl\/sin-bog-meseca-ur-haran\/","name":"Sin \u2013 mezopotamski bog Meseca iz Ura in Harana","isPartOf":{"@id":"https:\/\/iwell-guard.com\/sl\/#website"},"primaryImageOfPage":{"@id":"https:\/\/iwell-guard.com\/sl\/sin-bog-meseca-ur-haran\/#primaryimage"},"image":{"@id":"https:\/\/iwell-guard.com\/sl\/sin-bog-meseca-ur-haran\/#primaryimage"},"thumbnailUrl":"https:\/\/iwell-guard.com\/wp-content\/uploads\/2026\/05\/goetter_mesopotamien_sin.webp","datePublished":"2026-09-05T00:25:47+00:00","dateModified":"2026-09-05T00:45:58+00:00","description":"Sin, v sumer\u0161\u010dini Nanna, je bil mezopotamski bog Meseca s kultnimi sredi\u0161\u010di v Uru in Haranu, varuh \u010dasa in koledarja.","breadcrumb":{"@id":"https:\/\/iwell-guard.com\/sl\/sin-bog-meseca-ur-haran\/#breadcrumb"},"inLanguage":"sl-SI","potentialAction":[{"@type":"ReadAction","target":["https:\/\/iwell-guard.com\/sl\/sin-bog-meseca-ur-haran\/"]}]},{"@type":"ImageObject","inLanguage":"sl-SI","@id":"https:\/\/iwell-guard.com\/sl\/sin-bog-meseca-ur-haran\/#primaryimage","url":"https:\/\/iwell-guard.com\/wp-content\/uploads\/2026\/05\/goetter_mesopotamien_sin.webp","contentUrl":"https:\/\/iwell-guard.com\/wp-content\/uploads\/2026\/05\/goetter_mesopotamien_sin.webp","width":1024,"height":1536,"caption":"Bogovi iz mezopotamske tradicije."},{"@type":"BreadcrumbList","@id":"https:\/\/iwell-guard.com\/sl\/sin-bog-meseca-ur-haran\/#breadcrumb","itemListElement":[{"@type":"ListItem","position":1,"name":"Start","item":"https:\/\/iwell-guard.com\/sl\/?page_id=160323"},{"@type":"ListItem","position":2,"name":"Sin \u2013 bog Meseca iz Ura in Harana"}]},{"@type":"WebSite","@id":"https:\/\/iwell-guard.com\/sl\/#website","url":"https:\/\/iwell-guard.com\/sl\/","name":"iWell Guard","description":"Schutz vor dunklen Einfl\u00fcssen","publisher":{"@id":"https:\/\/iwell-guard.com\/sl\/#organization"},"potentialAction":[{"@type":"SearchAction","target":{"@type":"EntryPoint","urlTemplate":"https:\/\/iwell-guard.com\/sl\/?s={search_term_string}"},"query-input":{"@type":"PropertyValueSpecification","valueRequired":true,"valueName":"search_term_string"}}],"inLanguage":"sl-SI"},{"@type":"Organization","@id":"https:\/\/iwell-guard.com\/sl\/#organization","name":"Ittermann electronic GmbH","url":"https:\/\/iwell-guard.com\/sl\/","logo":{"@type":"ImageObject","inLanguage":"sl-SI","@id":"https:\/\/iwell-guard.com\/sl\/#\/schema\/logo\/image\/","url":"https:\/\/iwell-guard.com\/wp-content\/uploads\/2026\/05\/Ittermann-Logo-1182x237-1.png","contentUrl":"https:\/\/iwell-guard.com\/wp-content\/uploads\/2026\/05\/Ittermann-Logo-1182x237-1.png","width":1182,"height":237,"caption":"Ittermann electronic GmbH"},"image":{"@id":"https:\/\/iwell-guard.com\/sl\/#\/schema\/logo\/image\/"},"sameAs":["https:\/\/pantip.com\/profile\/9367242","https:\/\/micro.blog\/iwellguard","https:\/\/www.diggerslist.com\/iwellguard\/about","https:\/\/skitterphoto.com\/photographers\/2870314\/iwell-guard","https:\/\/iwellguard.wordpress.com\/2026\/06\/06\/iwell-guard\/","https:\/\/hub.docker.com\/u\/iwellguard","https:\/\/www.pinterest.com\/iwellguard\/","https:\/\/bit.ly\/m\/iwellguard","https:\/\/entre-vos-mains.alsace.eu\/profiles\/iwellguard\/activity","https:\/\/gravatar.com\/reallybeded8fd34","https:\/\/naijamatta.com\/iwellguard","https:\/\/www.goodreads.com\/iwellguard","https:\/\/profile.hatena.ne.jp\/iwellguard\/","https:\/\/experiment.com\/users\/iwellguard","https:\/\/wakelet.com\/@iWellGuard82270","https:\/\/www.chordie.com\/forum\/profile.php?id=2555664","https:\/\/www.instapaper.com\/p\/17757966","https:\/\/www.mapleprimes.com\/users\/iwellguard","https:\/\/businesslistingplus.com\/profile\/iwell-guard\/","https:\/\/telegra.ph\/iWell-Guard-06-06","https:\/\/pbase.com\/iwellguard\/iwellguard","https:\/\/b.hatena.ne.jp\/iwellguard\/20260607#bookmark-4788405196491818882","https:\/\/fliphtml5.com\/home\/iwellguard","https:\/\/anyflip.com\/homepage\/cmiwl#About","https:\/\/transfur.com\/Users\/iwellguard","http:\/\/delphi.larsbo.org\/user\/iwellguard","https:\/\/jobs.lajobsportal.org\/profiles\/8380803-iwell-guard","https:\/\/md.chaosdorf.de\/s\/jfbe5SBdJD","https:\/\/www.lingvolive.com\/en-us\/profile\/9ecaeaca-ce11-4e51-9e71-01d55e2bff36\/translations","https:\/\/www.fitday.com\/fitness\/forums\/members\/iwellguard.html","https:\/\/www.mymeetbook.com\/iwellguard","https:\/\/pxhere.com\/en\/photographer-me\/5040798","https:\/\/disqus.com\/by\/iwellguard\/about\/","https:\/\/pastelink.net\/hjwciqwq","https:\/\/pubhtml5.com\/homepage\/scjhn\/","https:\/\/www.bitchute.com\/channel\/2O2eOKzNqujT","https:\/\/audiomack.com\/iwellguard"]},{"@type":"Person","@id":"https:\/\/iwell-guard.com\/sl\/#\/schema\/person\/ee2a27f1cac3406c7c6fb5820cb7349f","name":"Ralf Ittermann","image":{"@type":"ImageObject","inLanguage":"sl-SI","@id":"https:\/\/secure.gravatar.com\/avatar\/073c0153e350a5005b68eb752b445fea71f6b24a26da9449ad7e155e6b446c9d?s=96&d=mm&r=g","url":"https:\/\/secure.gravatar.com\/avatar\/073c0153e350a5005b68eb752b445fea71f6b24a26da9449ad7e155e6b446c9d?s=96&d=mm&r=g","contentUrl":"https:\/\/secure.gravatar.com\/avatar\/073c0153e350a5005b68eb752b445fea71f6b24a26da9449ad7e155e6b446c9d?s=96&d=mm&r=g","caption":"Ralf Ittermann"},"givenName":"Ralf","familyName":"Ittermann","jobTitle":"Gesch\u00e4ftsf\u00fchrer und redaktioneller Verantwortlicher","url":"https:\/\/iwell-guard.com\/sl\/author\/claude\/","description":"Ralf Ittermann ist Gesch\u00e4ftsf\u00fchrer der Ittermann electronic GmbH und redaktioneller Verantwortlicher des iWell-Guard-Lexikons. Er verbindet langj\u00e4hrige Erfahrung in der Pr\u00e4zisionsfertigung mit medialer Praxis und religionsgeschichtlicher Quellenarbeit.","worksFor":{"@type":"Organization","name":"Ittermann electronic GmbH","url":"https:\/\/ittermann.de\/","address":{"@type":"PostalAddress","streetAddress":"K\u00f6hlergasse 16-18","postalCode":"99842","addressLocality":"Ruhla","addressCountry":"DE"}},"knowsAbout":["Religionsgeschichte","Mythologie","Mediale Praxis","Energetische Diagnostik","Schutzpraxis","Volksglauben","Westliche Esoterik"]},{"@type":"Article","@id":"https:\/\/iwell-guard.com\/sl\/sin-bog-meseca-ur-haran\/#article","isPartOf":{"@id":"https:\/\/iwell-guard.com\/sl\/sin-bog-meseca-ur-haran\/"},"author":{"name":"Ralf Ittermann","@id":"https:\/\/iwell-guard.com\/sl\/#\/schema\/person\/ee2a27f1cac3406c7c6fb5820cb7349f"},"headline":"Sin \u2013 bog Meseca iz Ura in Harana","datePublished":"2026-09-05T00:25:47+00:00","dateModified":"2026-09-05T00:45:58+00:00","mainEntityOfPage":{"@id":"https:\/\/iwell-guard.com\/sl\/sin-bog-meseca-ur-haran\/"},"publisher":{"@id":"https:\/\/iwell-guard.com\/sl\/#organization"},"image":{"@id":"https:\/\/iwell-guard.com\/sl\/sin-bog-meseca-ur-haran\/#primaryimage"},"thumbnailUrl":"https:\/\/iwell-guard.com\/wp-content\/uploads\/2026\/05\/goetter_mesopotamien_sin.webp","inLanguage":"sl-SI","description":"Sin, v sumer\u0161\u010dini Nanna, je bil mezopotamski bog Meseca s kultnimi sredi\u0161\u010di v Uru in Haranu, varuh \u010dasa in koledarja."}]}},"_links":{"self":[{"href":"https:\/\/iwell-guard.com\/sl\/wp-json\/wp\/v2\/pages\/160778","targetHints":{"allow":["GET"]}}],"collection":[{"href":"https:\/\/iwell-guard.com\/sl\/wp-json\/wp\/v2\/pages"}],"about":[{"href":"https:\/\/iwell-guard.com\/sl\/wp-json\/wp\/v2\/types\/page"}],"author":[{"embeddable":true,"href":"https:\/\/iwell-guard.com\/sl\/wp-json\/wp\/v2\/users\/3"}],"replies":[{"embeddable":true,"href":"https:\/\/iwell-guard.com\/sl\/wp-json\/wp\/v2\/comments?post=160778"}],"version-history":[{"count":0,"href":"https:\/\/iwell-guard.com\/sl\/wp-json\/wp\/v2\/pages\/160778\/revisions"}],"wp:featuredmedia":[{"embeddable":true,"href":"https:\/\/iwell-guard.com\/sl\/wp-json\/wp\/v2\/media\/3382"}],"wp:attachment":[{"href":"https:\/\/iwell-guard.com\/sl\/wp-json\/wp\/v2\/media?parent=160778"}],"wp:term":[{"taxonomy":"category","embeddable":true,"href":"https:\/\/iwell-guard.com\/sl\/wp-json\/wp\/v2\/categories?post=160778"}],"curies":[{"name":"wp","href":"https:\/\/api.w.org\/{rel}","templated":true}]}}