{"id":160770,"date":"2026-09-05T00:25:40","date_gmt":"2026-09-05T00:25:40","guid":{"rendered":"https:\/\/iwell-guard.com\/?page_id=160770"},"modified":"2026-09-05T00:45:45","modified_gmt":"2026-09-05T00:45:45","slug":"lari-rimski-zascitni-duhovi-hise","status":"publish","type":"page","link":"https:\/\/iwell-guard.com\/sl\/lari-rimski-zascitni-duhovi-hise\/","title":{"rendered":"Lari \u2013 rimski za\u0161\u010ditni duhovi hi\u0161e"},"content":{"rendered":"\t\t<div data-elementor-type=\"wp-page\" data-elementor-id=\"160770\" class=\"elementor elementor-160770 elementor-2912 elementor-bc-flex-widget\" data-elementor-post-type=\"page\">\n\t\t\t\t<div class=\"elementor-element elementor-element-heroddfb9ef e-flex e-con-boxed e-con e-parent\" data-id=\"heroddfb9ef\" data-element_type=\"container\" data-e-type=\"container\">\n\t\t\t\t\t<div class=\"e-con-inner\">\n\t\t\t\t<div class=\"elementor-element elementor-element-heroimg581263b iwg-hero-image elementor-widget elementor-widget-image\" data-id=\"heroimg581263b\" data-element_type=\"widget\" data-e-type=\"widget\" data-widget_type=\"image.default\">\n\t\t\t\t\t\t\t\t\t\t\t\t\t\t\t<img fetchpriority=\"high\" decoding=\"async\" width=\"683\" height=\"1024\" src=\"https:\/\/iwell-guard.com\/wp-content\/uploads\/2026\/05\/geister_rom_laren-1-683x1024.webp\" class=\"attachment-large size-large wp-image-162395\" alt=\"Lari \u2013 duhovi iz rimske tradicije, zgodovinsko-ilustrativno\" srcset=\"https:\/\/iwell-guard.com\/wp-content\/uploads\/2026\/05\/geister_rom_laren-1-683x1024.webp 683w, https:\/\/iwell-guard.com\/wp-content\/uploads\/2026\/05\/geister_rom_laren-1-200x300.webp 200w, https:\/\/iwell-guard.com\/wp-content\/uploads\/2026\/05\/geister_rom_laren-1-768x1152.webp 768w, https:\/\/iwell-guard.com\/wp-content\/uploads\/2026\/05\/geister_rom_laren-1.webp 1024w\" sizes=\"(max-width: 683px) 100vw, 683px\" \/>\t\t\t\t\t\t\t\t\t\t\t\t\t\t\t<\/div>\n\t\t\t\t\t<\/div>\n\t\t\t\t<\/div>\n\t\t<div class=\"elementor-element elementor-element-iwgw-laren-hero e-flex e-con-boxed e-con e-parent\" data-id=\"iwgw-laren-hero\" data-element_type=\"container\" data-e-type=\"container\">\n\t\t\t\t\t<div class=\"e-con-inner\">\n\t\t\t\t<div class=\"elementor-element elementor-element-iwgw-laren-h1 elementor-widget elementor-widget-heading\" data-id=\"iwgw-laren-h1\" data-element_type=\"widget\" data-e-type=\"widget\" data-widget_type=\"heading.default\">\n\t\t\t\t\t<h1 class=\"elementor-heading-title elementor-size-default\">Lari \u2013 za\u0161\u010ditni duhovi hi\u0161e, dru\u017eine in cestnih kri\u017ei\u0161\u010d<\/h1>\t\t\t\t<\/div>\n\t\t\t\t<div class=\"elementor-element elementor-element-iwgw-laren-pills elementor-widget elementor-widget-html\" data-id=\"iwgw-laren-pills\" data-element_type=\"widget\" data-e-type=\"widget\" data-widget_type=\"html.default\">\n\t\t\t\t\t<div class=\"iwg-pill-row\"><span class=\"iwg-klasse-badge\" tabindex=\"0\" data-tooltip=\"Za\u0161\u010ditni duhovi tradicije Rim.\">Za\u0161\u010ditni duhovi<\/span><a href=\"https:\/\/iwell-guard.com\/sl\/rim\/\" class=\"iwg-kultur-badge\" tabindex=\"0\" data-tooltip=\"Mitologija tradicije Rim.\">Rim<\/a><span class=\"iwg-tradition-badge\" tabindex=\"0\" data-tooltip=\"Hi\u0161ni duhovi.\">Hi\u0161ni duhovi<\/span><\/div>\t\t\t\t<\/div>\n\t\t\t\t<div class=\"elementor-element elementor-element-iwgw-laren-lead elementor-widget elementor-widget-text-editor\" data-id=\"iwgw-laren-lead\" data-element_type=\"widget\" data-e-type=\"widget\" data-widget_type=\"text-editor.default\">\n\t\t\t\t\t\t\t\t\t<p>Lari sodijo med najbolj doma\u010de podobe rimske vsakdanje religije. Kot za\u0161\u010ditni duhovi so varovali hi\u0161o, dru\u017eino in kri\u017ei\u0161\u010da poti. Njihov <span class=\"iwg-fachbegriff\" data-tooltip=\"Skupek verskih \u010da\u0161\u010denj neke bo\u017eanstva ali svete podobe.\" tabindex=\"0\">kult<\/span> je povezoval zasebni dom in javni prostor.<\/p>\t\t\t\t\t\t\t\t<\/div>\n\t\t\t\t\t<\/div>\n\t\t\t\t<\/div>\n\t\t<div class=\"elementor-element elementor-element-iwgw-laren-s0 e-flex e-con-boxed e-con e-parent\" data-id=\"iwgw-laren-s0\" data-element_type=\"container\" data-e-type=\"container\">\n\t\t\t\t\t<div class=\"e-con-inner\">\n\t\t\t\t<div class=\"elementor-element elementor-element-iwgw-laren-s0h elementor-widget elementor-widget-heading\" data-id=\"iwgw-laren-s0h\" data-element_type=\"widget\" data-e-type=\"widget\" data-widget_type=\"heading.default\">\n\t\t\t\t\t<h2 class=\"elementor-heading-title elementor-size-default\">Uvrstitev<\/h2>\t\t\t\t<\/div>\n\t\t\t\t<div class=\"elementor-element elementor-element-iwgw-laren-s0t elementor-widget elementor-widget-text-editor\" data-id=\"iwgw-laren-s0t\" data-element_type=\"widget\" data-e-type=\"widget\" data-widget_type=\"text-editor.default\">\n\t\t\t\t\t\t\t\t\t<p>Lari sodijo med najbolj zna\u010dilne podobe rimske religije. Niso bili veliki bogovi z izdelano mitologijo, temve\u010d za\u0161\u010ditni duhovi, tesno povezani s konkretnimi kraji in dru\u017ebenimi skupnostmi.<\/p><p>V ospredju je stal <em>Lar familiaris<\/em>, za\u0161\u010ditni duh posamezne hi\u0161e in njenih prebivalcev, med katere so po rimskem razumevanju spadali tudi su\u017enji. Poleg njega so bili <em>Lares compitales<\/em>, ki so jih \u010dastili na <em>compita<\/em>, cestnih kri\u017ei\u0161\u010dih, in so varovali sosesko.<\/p><p>Z vidika zgodovine religije so lari primer tesne povezanosti religije in dru\u017ebenega reda v rimskem mi\u0161ljenju. Kjer so ljudje \u017eiveli skupaj ali kjer se je stikala meja, so bili po tedanjem prepri\u010danju dejavni tudi lari. Njihov <span class=\"iwg-fachbegriff\" data-tooltip=\"Skupek verskih \u010da\u0161\u010denj neke bo\u017eanstva ali svete podobe.\" tabindex=\"0\">kult<\/span> je bil zato manj vezan na nauk kot na prakso in kraj.<\/p><p>V starej\u0161ih raziskavah so lare pogosto razlagali kot prednike, v novej\u0161ih delih pa bolj kot duhove kraja, ki so zagotavljali uspevanje dolo\u010denega obmo\u010dja. Natan\u010dna razmejitev do <a href=\"https:\/\/iwell-guard.com\/sl\/rim\/\">rimskih<\/a> manov in penatov je ostala nejasna tudi v <span class=\"iwg-fachbegriff\" data-tooltip=\"Obdobje gr\u0161ke in rimske kulture, pribli\u017eno od 800 pr. n. \u0161t. do 600 n. \u0161t.\" tabindex=\"0\">antiki<\/span>.<\/p><p>Pomen larov je segal od najmanj\u0161e kmetije do same prestolnice. Cesar Avgust je kult larov povezal z reformo mestnih okro\u017eij in ga navezal na svojega lastnega genija. Tako je iz ljudskega hi\u0161nega kulta nastal del dr\u017eavne verske ureditve.<\/p>\t\t\t\t\t\t\t\t<\/div>\n\t\t\t\t\t<\/div>\n\t\t\t\t<\/div>\n\t\t<div class=\"elementor-element elementor-element-iwgw-laren-s1 e-flex e-con-boxed e-con e-parent\" data-id=\"iwgw-laren-s1\" data-element_type=\"container\" data-e-type=\"container\">\n\t\t\t\t\t<div class=\"e-con-inner\">\n\t\t\t\t<div class=\"elementor-element elementor-element-iwgw-laren-s1h elementor-widget elementor-widget-heading\" data-id=\"iwgw-laren-s1h\" data-element_type=\"widget\" data-e-type=\"widget\" data-widget_type=\"heading.default\">\n\t\t\t\t\t<h2 class=\"elementor-heading-title elementor-size-default\">Ime in etimologija<\/h2>\t\t\t\t<\/div>\n\t\t\t\t<div class=\"elementor-element elementor-element-iwgw-laren-s1t elementor-widget elementor-widget-text-editor\" data-id=\"iwgw-laren-s1t\" data-element_type=\"widget\" data-e-type=\"widget\" data-widget_type=\"text-editor.default\">\n\t\t\t\t\t\t\t\t\t<p>Ime <em>Lar<\/em>, v mno\u017eini <em>Lares<\/em>, jezikovno ni povsem razjasnjeno. \u017de <span class=\"iwg-fachbegriff\" data-tooltip=\"Obdobje gr\u0161ke in rimske kulture, pribli\u017eno od 800 pr. n. \u0161t. do 600 n. \u0161t.\" tabindex=\"0\">antika<\/span> je poznala ve\u010d razlag, ne da bi se ena od njih dokon\u010dno uveljavila.<\/p><p>Pogosta domneva sodobnih raziskav povezuje besedo z etru\u0161\u010danskim korenom, saj se <em>lar<\/em> v etru\u0161\u010danskem jeziku pojavlja kot del lastnih imen in kot ozna\u010dba za gospoda ali vladarja. Ali je iz tega nastal verski izraz ali pa je bila, nasprotno, sposojena latinska beseda, ni mogo\u010de zanesljivo ugotoviti.<\/p><p>Druga smer razlage povezuje ime z izrazi za mrtve ali za pogreb in s tem podpira starej\u0161o tezo o duhu prednika. Viri sami govorijo tudi o <em>Lares<\/em> kot sinovih boginje z imenom <em>Mania<\/em> ali <em>Lara<\/em>, kar prav tako namiguje na povezavo s podzemljem.<\/p><p>Pomembno je, da so Rimljani dajali prednost mno\u017eini. \u010ceprav govorijo o <em>Lar familiaris<\/em> v ednini, se v hi\u0161ni kapelici obi\u010dajno pojavljata dve figuri larov.<\/p><p>Mno\u017eina je ustrezala predstavi, da gre za skupino enakovrstnih za\u0161\u010ditnih duhov, ne za posami\u010dno osebo z biografijo. Pojem je zato ostal prilagodljiv in se je lahko prena\u0161al na razli\u010dna podro\u010dja, od hi\u0161e prek kri\u017ei\u0161\u010da do polj, morskih poti in celih potovanj.<\/p>\t\t\t\t\t\t\t\t<\/div>\n\t\t\t\t\t<\/div>\n\t\t\t\t<\/div>\n\t\t<div class=\"elementor-element elementor-element-iwgw-laren-s2 e-flex e-con-boxed e-con e-parent\" data-id=\"iwgw-laren-s2\" data-element_type=\"container\" data-e-type=\"container\">\n\t\t\t\t\t<div class=\"e-con-inner\">\n\t\t\t\t<div class=\"elementor-element elementor-element-iwgw-laren-s2h elementor-widget elementor-widget-heading\" data-id=\"iwgw-laren-s2h\" data-element_type=\"widget\" data-e-type=\"widget\" data-widget_type=\"heading.default\">\n\t\t\t\t\t<h2 class=\"elementor-heading-title elementor-size-default\">Opis in ikonografija<\/h2>\t\t\t\t<\/div>\n\t\t\t\t<div class=\"elementor-element elementor-element-iwgw-laren-s2t elementor-widget elementor-widget-text-editor\" data-id=\"iwgw-laren-s2t\" data-element_type=\"widget\" data-e-type=\"widget\" data-widget_type=\"text-editor.default\">\n\t\t\t\t\t\t\t\t\t<p>Slikovna upodobitev larov je dobro znana po \u0161tevilnih najdbah iz Pompejev, Herkulaneuma in drugih krajev. Tipi\u010den lar se pojavlja kot mladeni\u0161ka mo\u0161ka podoba v kratki, pasani tuniki, pogosto v plesnem koraku ali z dvignjeno nogo, v \u017eivahnem gibanju.<\/p><p>V rokah ponavadi dr\u017eita pivski rog, <em>rhyton<\/em>, in plosko darilno skledo, <em>patero<\/em>, v\u010dasih tudi vedro.<\/p><p>Figure so stale v <em>lararium<\/em>, hi\u0161ni sveti\u0161\u010dici, ki je bila glede na premo\u017eenje hi\u0161e oblikovana bodisi kot poslikana ni\u0161a, kot majhna lesena tempeljska stavba ali kot dovr\u0161ena stenska poslikava. Pogosto sta upodobljena dva ple\u0161o\u010da lara ob straneh osrednje podobe.<\/p><p>Ta osrednja figura je navadno <em>genij<\/em> gospodarja hi\u0161e, prikazan kot mo\u0161ki v togi in z zakritim glavo pri <span class=\"iwg-fachbegriff\" data-tooltip=\"Dar bo\u017eanstvu, s katerim se izra\u017ea zahvala, pro\u0161nja ali \u010da\u0161\u010denje.\" tabindex=\"0\">daritvi<\/span>. Pod prizorom se pogosto vije ka\u010da, ki jo razlagajo kot za\u0161\u010ditnega duha kraja ali kot pooseblitev rodovitne mo\u010di hi\u0161e.<\/p><p>Gibljivost figur larov je opazna in jih razlikuje od mirne dostojnosti mnogih drugih rimskih bo\u017eanskih podob. Delujejo bolj kot uslu\u017eni, \u017eivahni duhovi kot kot vzvi\u0161ena bo\u017eanstva. Ta ikonografija je ostala presenetljivo stabilna skozi stoletja in je bila raz\u0161irjena po vsem rimskem zahodu, kar ka\u017ee na trdno slikovno tradicijo hi\u0161nega kulta.<\/p>\t\t\t\t\t\t\t\t<\/div>\n\t\t\t\t\t<\/div>\n\t\t\t\t<\/div>\n\t\t<div class=\"elementor-element elementor-element-iwgw-laren-s3 e-flex e-con-boxed e-con e-parent\" data-id=\"iwgw-laren-s3\" data-element_type=\"container\" data-e-type=\"container\">\n\t\t\t\t\t<div class=\"e-con-inner\">\n\t\t\t\t<div class=\"elementor-element elementor-element-iwgw-laren-s3h elementor-widget elementor-widget-heading\" data-id=\"iwgw-laren-s3h\" data-element_type=\"widget\" data-e-type=\"widget\" data-widget_type=\"heading.default\">\n\t\t\t\t\t<h2 class=\"elementor-heading-title elementor-size-default\">Mitolo\u0161ke pripovedi in izro\u010dilo<\/h2>\t\t\t\t<\/div>\n\t\t\t\t<div class=\"elementor-element elementor-element-iwgw-laren-s3t elementor-widget elementor-widget-text-editor\" data-id=\"iwgw-laren-s3t\" data-element_type=\"widget\" data-e-type=\"widget\" data-widget_type=\"text-editor.default\">\n\t\t\t\t\t\t\t\t\t<p>V nasprotju z velikimi bo\u017eanstvi lari niso imeli veliko izdelanih mitov. Bili so funkcijski duhovi, katerih pomen je bil v praksi, ne v pripovedih. Kljub temu obstaja nekaj literarnih mest, ki jim dajejo neko predzgodovino.<\/p><p>Pesnik Ovidij v svojih <em>Fasti<\/em> pripoveduje o nimfi Lari, ki jo je Jupiter zaradi njene \u010den\u010davosti kaznoval in poslal v podzemlje.<\/p><p>Na poti tja z njo Merkur zaplodi dvoj\u010dke, <em>Lares<\/em>, ki naprej stra\u017eijo na kri\u017ei\u0161\u010dih. Ta pripoved je literarna konstrukcija cesarske dobe, ki naj bi larskemu kultu dala mitski izvor.<\/p><p>V komediji Plavta nastopi <em>Lar familiaris<\/em> celo kot govore\u010da odrska oseba. V prologu <em>Aulularije<\/em> pojasni, da \u010duva hi\u0161o in v njej skrit zaklad ter da skrbi za prebivalce hi\u0161e, odvisno od tega, kako skrbno ga \u010dastijo.<\/p><p>To mesto je religiozno-zgodovinsko vredno, ker ka\u017ee, kako je bil hi\u0161ni duh razumljen v vsakdanjem \u017eivljenju, kot pazljiv opazovalec, ki <span class=\"iwg-fachbegriff\" data-tooltip=\"\u017diveta verska dr\u017ea in praksa \u010dloveka.\" tabindex=\"0\">pobo\u017enost<\/span> nagrajuje in zanemarjanje kaznuje.<\/p><p>Skupno je <span class=\"iwg-fachbegriff\" data-tooltip=\"Prenos znanja in pripovedi skozi generacije.\" tabindex=\"0\">izro\u010dilo<\/span> o larih ostalo fragmentarno. Njihovo zgodovino je treba rekonstruirati bolj iz arheolo\u0161kih najdb, napisov in mimobe\u017enih omemb v literaturi kot iz zaklju\u010denega mitskega kroga. Prav ta viroslovna slika jih dela pomembno pri\u010devanje o tem, da je bila rimska religija v veliki meri religija dejanja.<\/p>\t\t\t\t\t\t\t\t<\/div>\n\t\t\t\t\t<\/div>\n\t\t\t\t<\/div>\n\t\t<div class=\"elementor-element elementor-element-iwgw-laren-s4 e-flex e-con-boxed e-con e-parent\" data-id=\"iwgw-laren-s4\" data-element_type=\"container\" data-e-type=\"container\">\n\t\t\t\t\t<div class=\"e-con-inner\">\n\t\t\t\t<div class=\"elementor-element elementor-element-iwgw-laren-s4h elementor-widget elementor-widget-heading\" data-id=\"iwgw-laren-s4h\" data-element_type=\"widget\" data-e-type=\"widget\" data-widget_type=\"heading.default\">\n\t\t\t\t\t<h2 class=\"elementor-heading-title elementor-size-default\">Kult in \u010da\u0161\u010denje<\/h2>\t\t\t\t<\/div>\n\t\t\t\t<div class=\"elementor-element elementor-element-iwgw-laren-s4t elementor-widget elementor-widget-text-editor\" data-id=\"iwgw-laren-s4t\" data-element_type=\"widget\" data-e-type=\"widget\" data-widget_type=\"text-editor.default\">\n\t\t\t\t\t\t\t\t\t<p>Larski kult je bil globoko zasidran v doma\u010dem okolju. Vsak dan lahko gospodar ali gospodinja larom prinese majhne darove, nekaj hrane, kadilo, vino ali cvetje.<\/p><p>Posebno pozornost so lari prejeli na kalende, none in ide vsakega meseca ter ob dru\u017einskih prelomnicah. Ko je mladeni\u010d oblekel <em>togo virilis<\/em>, ko je nevesta pri\u0161la v novo hi\u0161o ali ko se je nekdo vrnil s potovanja, je bilo <span class=\"iwg-fachbegriff\" data-tooltip=\"Dar bo\u017eanstvu za izra\u017eanje zahvale, pro\u0161nje ali \u010da\u0161\u010denja.\" tabindex=\"0\">daritev<\/span> larom del obredja.<\/p><p>V javnem prostoru so stali <em>Lares compitales<\/em>. Na cestnih kri\u017ei\u0161\u010dih so bile majhne sveti\u0161\u010da, katerih <span class=\"iwg-fachbegriff\" data-tooltip=\"Celota verskih \u010da\u0161\u010denjskih dejanj za bo\u017eanstvo ali sveto bitje.\" tabindex=\"0\">kult<\/span> so vzdr\u017eevala sosedska zdru\u017eenja. Letni praznik <em>Compitalia<\/em> pozimi je bil premakljiv praznik, katerega datum je vsaki\u010d dolo\u010dil magistrat.<\/p><p>Ob tej prilo\u017enosti so sveti\u0161\u010da okrasili, potekale so daritve in skupno praznovanje sosedov. Ta zdru\u017eenja, <em>collegia compitalicia<\/em>, so imela v\u010dasih precej\u0161njo politi\u010dno mo\u010d, zato so bila v pozni republiki ve\u010dkrat omejena.<\/p><p>Avgust je kompitalni kult od leta 7 pred na\u0161im \u0161tetjem reorganiziral. Mesto je razdelil na okraje in na kri\u017ei\u0161\u010dih ukazal \u010da\u0161\u010denje <em>Lares Augusti<\/em> skupaj s svojim lastnim genijem.<\/p><p>Nosilci kulta so bili <em>vicomagistri<\/em>, pogosto osvobojenci, ki so s tem prevzeli versko in dru\u017ebeno vlogo. Tako je bil doma\u010di kult vklju\u010den v strukturo cesarske religije.<\/p><p>\u010casovna globina larskega kulta sega po <span class=\"iwg-fachbegriff\" data-tooltip=\"Prenos znanja in pripovedi skozi generacije.\" tabindex=\"0\">izro\u010dilu<\/span> dale\u010d v zgodnjo dobo. Compitalia so bili med stalnimi datumi republikanskega praznovalnega koledarja, njihov natan\u010den datum pa ni bil togo dolo\u010den, temve\u010d je bil vsako leto kmalu po saturnalijah dolo\u010den s razglasom pretorja ali drugega magistrata.<\/p><p>Ta premakljiva dolo\u010ditev je praznik povezovala z zaklju\u010dkom kmetijskega delovnega leta. Katon Starej\u0161i v svojem spisu o kmetijstvu omenja \u010da\u0161\u010denje larov, ki ga izvajata upravitelj posestva in njegova \u017eena, in tako ka\u017ee, da je <span class=\"iwg-fachbegriff\" data-tooltip=\"Celota verskih \u010da\u0161\u010denjskih dejanj za bo\u017eanstvo ali sveto bitje.\" tabindex=\"0\">kult<\/span> imel svoje trdno mesto tudi na velikem pode\u017eelskem posestvu.<\/p><p>Dionizij iz Halikarnasa pripisuje ustanovitev kri\u017ei\u0161\u010dnih sveti\u0161\u010d kralju Serviju Tuliju, kar je etiolo\u0161ka retrodatacija, namenjena poudarjanju visokega ranga kulta. V pozni republiki so bila collegia compitalicia ve\u010dkrat razpu\u0161\u010dena s senatskim sklepom, saj so veljala za zbirna mesta mestnih nemirov, pod Cezarjem pa so bila spet omejena.<\/p><p>Avgustejska reorganizacija od leta 7 pred na\u0161im \u0161tetjem je iz te potencialno nemirne ustanove naredila urejen del mestne uprave. Rim je bil razdeljen na \u0161tirinajst regij in \u0161tevilne vice, in na vsakem urejenem kri\u017ei\u0161\u010du je od tedaj stalo <span class=\"iwg-fachbegriff\" data-tooltip=\"Majhen svet kraj shranjevanja ali \u010da\u0161\u010denja.\" tabindex=\"0\">sveti\u0161\u010de<\/span> Lares Augusti.<\/p>\t\t\t\t\t\t\t\t<\/div>\n\t\t\t\t\t<\/div>\n\t\t\t\t<\/div>\n\t\t<div class=\"elementor-element elementor-element-iwgw-laren-s5 e-flex e-con-boxed e-con e-parent\" data-id=\"iwgw-laren-s5\" data-element_type=\"container\" data-e-type=\"container\">\n\t\t\t\t\t<div class=\"e-con-inner\">\n\t\t\t\t<div class=\"elementor-element elementor-element-iwgw-laren-s5h elementor-widget elementor-widget-heading\" data-id=\"iwgw-laren-s5h\" data-element_type=\"widget\" data-e-type=\"widget\" data-widget_type=\"heading.default\">\n\t\t\t\t\t<h2 class=\"elementor-heading-title elementor-size-default\">Za\u0161\u010ditna praksa in apotropejsko<\/h2>\t\t\t\t<\/div>\n\t\t\t\t<div class=\"elementor-element elementor-element-iwgw-laren-s5t elementor-widget elementor-widget-text-editor\" data-id=\"iwgw-laren-s5t\" data-element_type=\"widget\" data-e-type=\"widget\" data-widget_type=\"text-editor.default\">\n\t\t\t\t\t\t\t\t\t<p>Lari so veljali za varuhe blaginje jasno omejenega obmo\u010dja. V hi\u0161i so po rimskem prepri\u010danju zagotavljali blagostanje dru\u017eine, ohranitev premo\u017eenja in urejen potek vsakdanjega \u017eivljenja. Hi\u0161no sveti\u0161\u010de je bilo tako verski center bivali\u0161\u010da, kjer se je gojila povezava med prebivalci in varovalnimi silami.<\/p><p>Za\u0161\u010ditna praksa je bila predvsem v redni pozornosti. Kdor je skrbel za lare, se je po rimskem prepri\u010danju lahko zana\u0161al, da bodo varovali hi\u0161o. Kdor jih je zanemarjal, je tvegal njihovo nejevoljo, kot jasno ka\u017ee odrska oseba pri Plavtu.<\/p><p>\u0160lo je torej za razmerje medsebojne obveznosti, ki je ustrezalo splo\u0161nemu rimskemu na\u010delu dajanja in vra\u010danja v odnosu z bogovi.<\/p><p>Na kri\u017ei\u0161\u010dih je imel larski kult dodaten, prostorsko vezan pomen. Cestna kri\u017ei\u0161\u010da so veljala za kraje, kjer se stikajo meje in kjer se zliva gibanje. <em>Lares compitales<\/em> naj bi to nepregledno obmo\u010dje urejali in varovali okolico prebivalcev.<\/p><p>Ob prazniku Compitalia so ponekod obe\u0161ali tudi volnene pun\u010dke in volnene \u017eoge, kar raziskovalci razlagajo kot dejanje za\u0161\u010dite ali sprave. Vsem tem \u0161egam je skupno, da niso bile usmerjene predvsem v obrambo pred posameznimi gro\u017enjami, temve\u010d v trajno skrb za urejen, za\u0161\u010diten prostor.<\/p>\t\t\t\t\t\t\t\t<\/div>\n\t\t\t\t\t<\/div>\n\t\t\t\t<\/div>\n\t\t<div class=\"elementor-element elementor-element-iwgw-laren-s6 e-flex e-con-boxed e-con e-parent\" data-id=\"iwgw-laren-s6\" data-element_type=\"container\" data-e-type=\"container\">\n\t\t\t\t\t<div class=\"e-con-inner\">\n\t\t\t\t<div class=\"elementor-element elementor-element-iwgw-laren-s6h elementor-widget elementor-widget-heading\" data-id=\"iwgw-laren-s6h\" data-element_type=\"widget\" data-e-type=\"widget\" data-widget_type=\"heading.default\">\n\t\t\t\t\t<h2 class=\"elementor-heading-title elementor-size-default\">Vzporednice v drugih kulturah<\/h2>\t\t\t\t<\/div>\n\t\t\t\t<div class=\"elementor-element elementor-element-iwgw-laren-s6t elementor-widget elementor-widget-text-editor\" data-id=\"iwgw-laren-s6t\" data-element_type=\"widget\" data-e-type=\"widget\" data-widget_type=\"text-editor.default\">\n\t\t\t\t\t\t\t\t\t<p>Lari predstavljajo tip za\u0161\u010ditnih duhov, ki ima ustreznice v mnogih kulturah. Znotraj rimske religije so tesno povezani s penati, za\u0161\u010ditnimi duhovi shrambe, in z genijem gospodarja hi\u0161e.<\/p><p>Penate in lare so pogosto skupaj \u010dastili v doma\u010dem sveti\u0161\u010du, vendar so pojmovno ostajali lo\u010deni. Penati so bili bolj vezani na snovno bistvo hi\u0161e in njene zaloge hrane, lari pa na kraj in skupnost.<\/p><p>Gr\u0161ko vzporednico je najla\u017ee najti v predstavah o hi\u0161nih bo\u017eanstvih in za\u0161\u010ditnih demonih, na primer v <em>agathos daimonu<\/em>, dobrem <span class=\"iwg-fachbegriff\" data-tooltip=\"Netelesno bitje, ki naj bi delovalo v svetu.\" tabindex=\"0\">duhu<\/span>, ki so ga v nekaterih gr\u0161kih okoljih upodabljali kot ka\u010do in ga \u010dastili za blaginjo hi\u0161e.<\/p><p>Neposredne ena\u010dbe pa ni. Lari so specifi\u010dno rimski pojav, verjetno soobli\u010den tudi z etru\u0161\u010danskimi predstavami.<\/p><p>Znanstveno gledano lari sodijo na \u0161ir\u0161e podro\u010dje hi\u0161nih in krajevnih duhov, ki obsega od hi\u0161nih bo\u017eanstev razli\u010dnih kultur do prednikovskih in mejnih duhov.<\/p><p>Tem podobam je skupno, da se ne ukvarjajo z velikimi kozmi\u010dnimi vpra\u0161anji, temve\u010d varujejo bli\u017enji bivalni prostor. Lari so za to posebej dobro dokumentiran primer, saj arheolo\u0161ko <span class=\"iwg-fachbegriff\" data-tooltip=\"Prena\u0161anje znanja in pripovedi skozi generacije.\" tabindex=\"0\">izro\u010dilo<\/span> rimskega sveta nazorno prikazuje doma\u010do <span class=\"iwg-fachbegriff\" data-tooltip=\"\u017diva verska dr\u017ea in praksa posameznika.\" tabindex=\"0\">pobo\u017enost<\/span>.<\/p><p>Posebno vlogo so imeli lari pri gibanju \u010dez meje. Poleg lares familiares in compitales so obstajali tudi lares viales kot za\u0161\u010ditniki cest, lares permarini za morske poti in lares praestites, ki so veljali za varuhe celotnega mesta in imeli lastno <span class=\"iwg-fachbegriff\" data-tooltip=\"Svet kraj, posve\u010den \u010da\u0161\u010denju bo\u017eanstva.\" tabindex=\"0\">sveti\u0161\u010de<\/span>.<\/p><p>Ta raznolikost ka\u017ee, da so pojem larov uporabljali povsod, kjer je bilo treba pod za\u0161\u010dito postaviti prostor ali pot. Ovid v Fastih omenja stari <span class=\"iwg-fachbegriff\" data-tooltip=\"Zgradba, namenjena \u010da\u0161\u010denju enega ali ve\u010d bo\u017eanstev.\" tabindex=\"0\">tempelj<\/span> larov praestites ob Sveti poti (Sacra Via), na katerem je podoba prikazovala dve postavi s psom, pri \u010demer so psa razlagali kot <span class=\"iwg-fachbegriff\" data-tooltip=\"Nazorna podoba, ki predstavlja abstraktno zamisel.\" tabindex=\"0\">simbol<\/span> budnosti.<\/p>\t\t\t\t\t\t\t\t<\/div>\n\t\t\t\t\t<\/div>\n\t\t\t\t<\/div>\n\t\t<div class=\"elementor-element elementor-element-iwgw-laren-s7 e-flex e-con-boxed e-con e-parent\" data-id=\"iwgw-laren-s7\" data-element_type=\"container\" data-e-type=\"container\">\n\t\t\t\t\t<div class=\"e-con-inner\">\n\t\t\t\t<div class=\"elementor-element elementor-element-iwgw-laren-s7h elementor-widget elementor-widget-heading\" data-id=\"iwgw-laren-s7h\" data-element_type=\"widget\" data-e-type=\"widget\" data-widget_type=\"heading.default\">\n\t\t\t\t\t<h2 class=\"elementor-heading-title elementor-size-default\">Sodobno sprejemanje in raziskave<\/h2>\t\t\t\t<\/div>\n\t\t\t\t<div class=\"elementor-element elementor-element-iwgw-laren-s7t elementor-widget elementor-widget-text-editor\" data-id=\"iwgw-laren-s7t\" data-element_type=\"widget\" data-e-type=\"widget\" data-widget_type=\"text-editor.default\">\n\t\t\t\t\t\t\t\t\t<p>V sodobnem raziskovanju so lari pogosto obravnavana tema, predvsem ker omogo\u010dajo vpogled v \u017eiveto religijo zunaj velikih dr\u017eavnih kultov. \u017de Georg Wissowa jih je obravnaval v svojem prikazu rimske religije, Kurt Latte pa se je posvetil vpra\u0161anju njihovega izvora.<\/p><p>Starej\u0161a raziskovalna smer je lare razlagala kot pobo\u017eevane prednike, novej\u0161a smer, ki jo med drugimi zastopa John Scheid, pa bolj poudarja njihov zna\u010daj krajevnih duhov.<\/p><p>Arheolo\u0161ko raziskovanje lararijev v Pompejih in Herkulaneju je znatno izostrilo podobo hi\u0161nega kulta. Ka\u017ee, da je skoraj vsaka hi\u0161a, ne glede na premo\u017eenje, imela larsko sveti\u0161\u010de, in nazorno prikazuje povezavo med larom, genijem in ka\u010do.<\/p><p>Tudi avgustejski kompitalni kult je dobro dokumentiran z napisi in reliefi ter velja za vzoren primer vklju\u010devanja ljudske religije v cesarski red.<\/p><p>V dana\u0161nji splo\u0161ni kulturi so lari manj znani kot veliki bogovi, se pa redno pojavljajo v prikazih rimskega vsakdanjega \u017eivljenja, na primer v muzejih, v zgodovinskem izobra\u017eevanju in v poljudnih knjigah o <span class=\"iwg-fachbegriff\" data-tooltip=\"Obdobje gr\u0161ke in rimske kulture, pribli\u017eno od 800 pr. n. \u0161t. do 600 n. \u0161t.\" tabindex=\"0\">anti\u010dnem<\/span> Rimu.<\/p><p>Za <span class=\"iwg-fachbegriff\" data-tooltip=\"Znanost, ki primerjalno in brez verske pripadnosti raziskuje religije.\" tabindex=\"0\">religiologijo<\/span> ostajajo pomemben primer tega, da je bila rimska religija predvsem stvar prakse, kraja in socialne skupnosti.<\/p>\t\t\t\t\t\t\t\t<\/div>\n\t\t\t\t\t<\/div>\n\t\t\t\t<\/div>\n\t\t<div class=\"elementor-element elementor-element-iwgw-laren-lit e-flex e-con-boxed e-con e-parent\" data-id=\"iwgw-laren-lit\" data-element_type=\"container\" data-e-type=\"container\">\n\t\t\t\t\t<div class=\"e-con-inner\">\n\t\t\t\t<div class=\"elementor-element elementor-element-iwgw-laren-lith elementor-widget elementor-widget-heading\" data-id=\"iwgw-laren-lith\" data-element_type=\"widget\" data-e-type=\"widget\" data-widget_type=\"heading.default\">\n\t\t\t\t\t<h2 class=\"elementor-heading-title elementor-size-default\">Literatura (izbor)<\/h2>\t\t\t\t<\/div>\n\t\t\t\t<div class=\"elementor-element elementor-element-iwgw-laren-litt elementor-widget elementor-widget-text-editor\" data-id=\"iwgw-laren-litt\" data-element_type=\"widget\" data-e-type=\"widget\" data-widget_type=\"text-editor.default\">\n\t\t\t\t\t\t\t\t\t<div data-nosnippet=\"true\"><ul><li>Georg Wissowa: <em>Religion und Kultus der R\u00f6mer<\/em> (1912)<\/li><li>Kurt Latte: <em>R\u00f6mische Religionsgeschichte<\/em> (1960)<\/li><li><span data-nosnippet>Mary Beard, John North, Simon Price: <em>Religions of Rome<\/em> (1998)<\/span><\/li><li>John Scheid: <em>An Introduction to Roman Religion<\/em> (2003)<\/li><li>J\u00f6rg R\u00fcpke: <em>Die Religion der R\u00f6mer<\/em> (2001)<\/li><\/ul><\/div>\t\t\t\t\t\t\t\t<\/div>\n\t\t\t\t\t<\/div>\n\t\t\t\t<\/div>\n\t\t<div class=\"elementor-element elementor-element-iwgw-laren-kwd e-flex e-con-boxed e-con e-parent\" data-id=\"iwgw-laren-kwd\" data-element_type=\"container\" data-e-type=\"container\">\n\t\t\t\t\t<div class=\"e-con-inner\">\n\t\t\t\t<div class=\"elementor-element elementor-element-iwgw-laren-kwdt elementor-widget elementor-widget-text-editor\" data-id=\"iwgw-laren-kwdt\" data-element_type=\"widget\" data-e-type=\"widget\" data-widget_type=\"text-editor.default\">\n\t\t\t\t\t\t\t\t\t<p><em>Sorodni klju\u010dni pojmi: Lari Lares familiares compitales Lararium Penati Compitalia Gospodinjstvo Cestno razpotje.<\/em><\/p>\t\t\t\t\t\t\t\t<\/div>\n\t\t\t\t\t<\/div>\n\t\t\t\t<\/div>\n\t\t<div class=\"elementor-element elementor-element-iwgw-laren-cc e-flex e-con-boxed e-con e-parent\" data-id=\"iwgw-laren-cc\" data-element_type=\"container\" data-e-type=\"container\" id=\"iwg-cc-laren\">\n\t\t\t\t\t<div class=\"e-con-inner\">\n\t\t<div class=\"elementor-element elementor-element-iwgw-laren-ccinner e-flex e-con-boxed e-con e-parent\" data-id=\"iwgw-laren-ccinner\" data-element_type=\"container\" data-e-type=\"container\" data-settings=\"{&quot;background_background&quot;:&quot;classic&quot;}\">\n\t\t\t\t\t<div class=\"e-con-inner\">\n\t\t\t\t<div class=\"elementor-element elementor-element-iwgw-laren-cch elementor-widget elementor-widget-heading\" data-id=\"iwgw-laren-cch\" data-element_type=\"widget\" data-e-type=\"widget\" data-widget_type=\"heading.default\">\n\t\t\t\t\t<h2 class=\"elementor-heading-title elementor-size-default\">iWell Guard in tradicije za\u0161\u010dite<\/h2>\t\t\t\t<\/div>\n\t\t\t\t<div class=\"elementor-element elementor-element-iwgw-laren-cct elementor-widget elementor-widget-text-editor\" data-id=\"iwgw-laren-cct\" data-element_type=\"widget\" data-e-type=\"widget\" data-widget_type=\"text-editor.default\">\n\t\t\t\t\t\t\t\t\t<div data-nosnippet=\"true\"><p>iWell Guard navezuje na kulturnozgodovinsko tradicijo nosljivih za\u0161\u010ditnih predmetov, v tradiciji <a href=\"https:\/\/iwell-guard.com\/sl\/rim\/\">Rima<\/a> in \u0161tevilnih drugih kultur po svetu. 41 nivojev, pravo zlato, platina, srebro, izdelano v Nem\u010diji. 30-dnevna pravica do vra\u010dila.<\/p><\/div>\t\t\t\t\t\t\t\t<\/div>\n\t\t\t\t<div class=\"elementor-element elementor-element-iwgw-laren-ccb iwg-cc-button iwg-cc-cta-2026-05-13 elementor-widget elementor-widget-jet-button\" data-id=\"iwgw-laren-ccb\" data-element_type=\"widget\" data-e-type=\"widget\" data-widget_type=\"jet-button.default\">\n\t\t\t\t<div class=\"elementor-widget-container\">\n\t\t\t\t\t<div class=\"elementor-jet-button jet-elements\"><div class=\"jet-button__container\"><a class=\"jet-button__instance jet-button__instance--icon-left hover-effect-1\" href=\"\/ueber-iwell-guard\/?utm_source=iwell-guard.com&amp;utm_medium=info-box&amp;utm_campaign=wesen-tradition\"><div class=\"jet-button__plane jet-button__plane-normal\"><\/div><div class=\"jet-button__plane jet-button__plane-hover\"><\/div><div class=\"jet-button__state jet-button__state-normal\"><span class=\"jet-button__label\">Ve\u010d o iWell Guard<\/span><\/div><div class=\"jet-button__state jet-button__state-hover\"><span class=\"jet-button__label\">Ve\u010d o iWell Guard<\/span><\/div><\/a><\/div><\/div><style>.elementor-element.elementor-element-iwgw-laren-ccb .jet-button__instance{width:320px;height:56px;}.elementor-element.elementor-element-iwgw-laren-ccb .jet-button__state-normal .jet-button__label{text-align:center;margin:0px 0px 0px 0px;color:#1a1b20;font-family:Montserrat,sans-serif;font-size:13px;font-weight:400;letter-spacing:4px;line-height:1.714em;text-transform:uppercase;}.elementor-element.elementor-element-iwgw-laren-ccb .jet-button__state-hover .jet-button__label{text-align:center;margin:0px 0px 0px 0px;color:#FECC76;font-family:Montserrat,sans-serif;font-size:13px;font-weight:400;letter-spacing:4px;line-height:1.714em;text-transform:uppercase;}.elementor-element.elementor-element-iwgw-laren-ccb .jet-button__plane-normal{background-color:#FECC76;border-style:solid;border-color:#C99540;border-width:2px 2px 2px 2px;}.elementor-element.elementor-element-iwgw-laren-ccb .jet-button__plane-hover{background-color:rgba(0,0,0,0.55);border-style:solid;border-color:#FECC76;border-width:2px 2px 2px 2px;}<\/style>\t\t\t\t<\/div>\n\t\t\t\t<\/div>\n\t\t\t\t<div class=\"elementor-element elementor-element-iwgw-laren-ccd elementor-widget elementor-widget-text-editor\" data-id=\"iwgw-laren-ccd\" data-element_type=\"widget\" data-e-type=\"widget\" data-widget_type=\"text-editor.default\">\n\t\t\t\t\t\t\t\t\t<div data-nosnippet=\"true\"><p style=\"text-align:center;font-size:13px;opacity:0.7;margin-top:14px\" data-nosnippet=\"true\">Osebne izku\u0161nje se lahko razlikujejo. Ni medicinski pripomo\u010dek. Brez obljube o ozdravitvi.<\/p><\/div>\t\t\t\t\t\t\t\t<\/div>\n\t\t\t\t\t<\/div>\n\t\t\t\t<\/div>\n\t\t\t\t\t<\/div>\n\t\t\t\t<\/div>\n\t\t<div class=\"elementor-element elementor-element-iwgw-laren-disc e-flex e-con-boxed e-con e-parent\" data-id=\"iwgw-laren-disc\" data-element_type=\"container\" data-e-type=\"container\">\n\t\t\t\t\t<div class=\"e-con-inner\">\n\t\t\t\t<div class=\"elementor-element elementor-element-iwgw-laren-discw elementor-widget elementor-widget-html\" data-id=\"iwgw-laren-discw\" data-element_type=\"widget\" data-e-type=\"widget\" data-widget_type=\"html.default\">\n\t\t\t\t\t<footer data-nosnippet=\"true\" class=\"iwg-disclaimer-block\"><p data-nosnippet=\"true\">iWell Guard <strong>ni medicinski pripomo\u010dek<\/strong> in ne nadome\u0161\u010da zdravni\u0161ke ali psihoterapevtske obravnave. Religiologske vsebine so kulturnozgodovinska umestitev, ne priporo\u010dilo za duhovno prakso.<\/p><\/footer>\t\t\t\t<\/div>\n\t\t\t\t\t<\/div>\n\t\t\t\t<\/div>\n\t\t\t\t<section class=\"elementor-section elementor-top-section elementor-element elementor-element-p3-laren-cl-780abb elementor-section-boxed elementor-section-height-default elementor-section-height-default\" data-id=\"p3-laren-cl-780abb\" data-element_type=\"section\" data-e-type=\"section\">\n\t\t\t\t\t\t<div class=\"elementor-container elementor-column-gap-default\">\n\t\t\t\t\t<div class=\"elementor-column elementor-col-100 elementor-top-column elementor-element elementor-element-p3-laren-cl-col-d67ccc\" data-id=\"p3-laren-cl-col-d67ccc\" data-element_type=\"column\" data-e-type=\"column\">\n\t\t\t<div class=\"elementor-widget-wrap elementor-element-populated\">\n\t\t\t\t\t\t<div class=\"elementor-element elementor-element-p3-laren-cl-h elementor-widget elementor-widget-heading\" data-id=\"p3-laren-cl-h\" data-element_type=\"widget\" data-e-type=\"widget\" data-widget_type=\"heading.default\">\n\t\t\t\t\t<h2 class=\"elementor-heading-title elementor-size-default\">Pregled rimskih hi\u0161nih duhov<\/h2>\t\t\t\t<\/div>\n\t\t\t\t<div class=\"elementor-element elementor-element-p3-laren-cl-t elementor-widget elementor-widget-text-editor\" data-id=\"p3-laren-cl-t\" data-element_type=\"widget\" data-e-type=\"widget\" data-widget_type=\"text-editor.default\">\n\t\t\t\t\t\t\t\t\t\nLari so le del obse\u017enej\u0161ega sistema rimskih hi\u0161nih duhov in hi\u0161nih bo\u017eanstev. Rimska religija je poznala ve\u010d razredov bitij, ki so varovala dru\u017einsko \u017eivljenje, vsak s svojo funkcijo in lastnim <span class=\"iwg-fachbegriff\" data-tooltip=\"Ustaljeno, ponavljajo\u010de se versko dejanje.\" tabindex=\"0\">obredom<\/span>. Kdor prebira o rimskih hi\u0161nih duhovih, naj pozna celotno strukturo.<\/p>\n<p>Najpomembnej\u0161i rimski hi\u0161ni duhovi in hi\u0161na bo\u017eanstva so: <strong>lari<\/strong> (za\u0161\u010ditni duhovi hi\u0161e in cestnih razpotij, prisotni ob pragu in ognji\u0161\u010du), <strong>penati<\/strong> (za\u0161\u010ditni bogovi shrambe in doma\u010de oskrbe), <a href=\"https:\/\/iwell-guard.com\/sl\/?page_id=160771\">mani<\/a> (pobo\u017eevani duhovi umrlih dru\u017einskih \u010dlanov) ter <a href=\"https:\/\/iwell-guard.com\/sl\/genius\/\">genij<\/a> oziroma <a href=\"https:\/\/iwell-guard.com\/sl\/juno\/\">Iuno<\/a> (osebni za\u0161\u010ditni duh mo\u0161kega in \u017eenske).<\/p><p>Skupaj so sestavljali lararij, hi\u0161no sveti\u0161\u010de, kjer so vsak dan darovali kruh, vino in kadilo. Lari in penati tako sodijo v en sam pomenski sistem, ki je strukturiral rimsko hi\u0161no religijo.<\/p>\t\t\t\t\t\t\t\t<\/div>\n\t\t\t\t\t<\/div>\n\t\t<\/div>\n\t\t\t\t\t<\/div>\n\t\t<\/section>\n\t\t\t\t<section class=\"elementor-section elementor-top-section elementor-element elementor-element-p3-laren-faq-647c32 elementor-section-boxed elementor-section-height-default elementor-section-height-default\" data-id=\"p3-laren-faq-647c32\" data-element_type=\"section\" data-e-type=\"section\">\n\t\t\t\t\t\t<div class=\"elementor-container elementor-column-gap-default\">\n\t\t\t\t\t<div class=\"elementor-column elementor-col-100 elementor-top-column elementor-element elementor-element-p3-laren-faq-col-23f703\" data-id=\"p3-laren-faq-col-23f703\" data-element_type=\"column\" data-e-type=\"column\">\n\t\t\t<div class=\"elementor-widget-wrap elementor-element-populated\">\n\t\t\t\t\t\t<div class=\"elementor-element elementor-element-p3-laren-faq-h elementor-widget elementor-widget-heading\" data-id=\"p3-laren-faq-h\" data-element_type=\"widget\" data-e-type=\"widget\" data-widget_type=\"heading.default\">\n\t\t\t\t\t<h2 class=\"elementor-heading-title elementor-size-default\">Pogosta vpra\u0161anja o pregledu rimskih hi\u0161nih duhov<\/h2>\t\t\t\t<\/div>\n\t\t\t\t<div class=\"elementor-element elementor-element-p3-laren-faq-t elementor-widget elementor-widget-text-editor\" data-id=\"p3-laren-faq-t\" data-element_type=\"widget\" data-e-type=\"widget\" data-widget_type=\"text-editor.default\">\n\t\t\t\t\t\t\t\t\t\n<details class=\"iwg-faq-item\">\n  <summary><strong>Kateri rimski hi\u0161ni duhovi obstajajo?<\/strong><\/summary>\n  <p>Rimska religija pozn\u0430 \u0161tiri glavne razrede hi\u0161nih duhov: lare (za\u0161\u010ditne duhove pri pragu in ognji\u0161\u010du), penate (bogove zalog in preskrbe), mane (pobo\u017eenstvene prednike) ter genija oziroma Iuno (osebnega za\u0161\u010ditnega duha). Vse so skupaj \u010dastili pri lararijU, hi\u0161ni sveti\u0161nici.<\/p>\n<\/details>\n\n<details class=\"iwg-faq-item\">\n  <summary><strong>Kak\u0161na je razlika med lari in penati?<\/strong><\/summary>\n  <p>Lari so varovali hi\u0161o in dru\u017eino kot celoto, \u0161e posebej pri pragu, ognji\u0161\u010du in razpotjih. Penati so bili posebej pristojni za shrambo in gospodinjsko preskrbo. Oba so skupaj \u010dastili pri larariju, vendar sta imela dopolnjujo\u010di si funkciji: lari = za\u0161\u010dita, penati = preskrba.<\/p>\n<\/details>\t\t\t\t\t\t\t\t<\/div>\n\t\t\t\t<div class=\"elementor-element elementor-element-p3-laren-faq-s elementor-widget elementor-widget-html\" data-id=\"p3-laren-faq-s\" data-element_type=\"widget\" data-e-type=\"widget\" data-widget_type=\"html.default\">\n\t\t\t\t\t<script type=\"application\/ld+json\">{\"@context\": \"https:\/\/schema.org\", \"@type\": \"FAQPage\", \"mainEntity\": [{\"@type\": \"Question\", \"name\": \"Kateri rimski hi\u0161ni duhovi obstajajo?\", \"acceptedAnswer\": {\"@type\": \"Answer\", \"text\": \"Rimska religija pozn\u0430 \u0161tiri glavne razrede hi\u0161nih duhov: lare (za\u0161\u010ditne duhove pri pragu in ognji\u0161\u010du), penate (bogove zalog in preskrbe), mane (pobo\u017eenstvene prednike) ter genija oziroma Iuno (osebnega za\u0161\u010ditnega duha). Vse so skupaj \u010dastili pri larariju, hi\u0161ni sveti\u0161nici.\"}}, {\"@type\": \"Question\", \"name\": \"Kak\u0161na je razlika med lari in penati?\", \"acceptedAnswer\": {\"@type\": \"Answer\", \"text\": \"Lari so varovali hi\u0161o in dru\u017eino kot celoto, \u0161e posebej pri pragu, ognji\u0161\u010du in razpotjih. Penati so bili posebej pristojni za shrambo in gospodinjsko preskrbo. Oba so skupaj \u010dastili pri larariju, vendar sta imela dopolnjujo\u010di si funkciji: lari = za\u0161\u010dita, penati = preskrba.\"}}]}<\/script>\t\t\t\t<\/div>\n\t\t\t\t\t<\/div>\n\t\t<\/div>\n\t\t\t\t\t<\/div>\n\t\t<\/section>\n\t\t\t\t<\/div>\n\t\t","protected":false},"excerpt":{"rendered":"","protected":false},"author":3,"featured_media":3387,"parent":0,"menu_order":0,"comment_status":"closed","ping_status":"closed","template":"elementor_header_footer","meta":{"_yoast_wpseo_focuskw":"Lari, rimski za\u0161\u010ditni duhovi","_yoast_wpseo_title":"Lari \u2013 rimski za\u0161\u010ditni duhovi hi\u0161e","_yoast_wpseo_metadesc":"Lari so rimski za\u0161\u010ditni duhovi hi\u0161e, dru\u017eine in cestnih kri\u017ei\u0161\u010d. Religiologska umestitev s kultom in viri.","_yoast_wpseo_meta-robots-noindex":"","_yoast_wpseo_canonical":"","_angie_page":false,"gefaehrdungsstufe":"","wesen_kultur":"","wesen_klasse":"","footnotes":""},"categories":[],"class_list":["post-160770","page","type-page","status-publish","has-post-thumbnail","hentry"],"yoast_head":"<!-- This site is optimized with the Yoast SEO Premium plugin v27.7 (Yoast SEO v28.3) - https:\/\/yoast.com\/product\/yoast-seo-premium-wordpress\/ -->\n<title>Lari \u2013 rimski za\u0161\u010ditni duhovi hi\u0161e<\/title>\n<meta name=\"description\" content=\"Lari so rimski za\u0161\u010ditni duhovi hi\u0161e, dru\u017eine in cestnih kri\u017ei\u0161\u010d. Religiologska umestitev s kultom in viri.\" \/>\n<meta name=\"robots\" content=\"index, follow, max-snippet:-1, max-image-preview:large, max-video-preview:-1\" \/>\n<link rel=\"canonical\" href=\"https:\/\/iwell-guard.com\/sl\/lari-rimski-zascitni-duhovi-hise\/\" \/>\n<meta property=\"og:locale\" content=\"sl_SI\" \/>\n<meta property=\"og:type\" content=\"article\" \/>\n<meta property=\"og:title\" content=\"Lari \u2013 rimski za\u0161\u010ditni duhovi hi\u0161e\" \/>\n<meta property=\"og:description\" content=\"Lari so rimski za\u0161\u010ditni duhovi hi\u0161e, dru\u017eine in cestnih kri\u017ei\u0161\u010d. Religiologska umestitev s kultom in viri.\" \/>\n<meta property=\"og:url\" content=\"https:\/\/iwell-guard.com\/sl\/lari-rimski-zascitni-duhovi-hise\/\" \/>\n<meta property=\"og:site_name\" content=\"iWell Guard\" \/>\n<meta property=\"article:modified_time\" content=\"2026-09-05T00:45:45+00:00\" \/>\n<meta property=\"og:image\" content=\"https:\/\/iwell-guard.com\/wp-content\/uploads\/2026\/05\/geister_rom_laren-1.webp\" \/>\n\t<meta property=\"og:image:width\" content=\"1024\" \/>\n\t<meta property=\"og:image:height\" content=\"1536\" \/>\n\t<meta property=\"og:image:type\" content=\"image\/webp\" \/>\n<meta name=\"twitter:card\" content=\"summary_large_image\" \/>\n<script type=\"application\/ld+json\" class=\"yoast-schema-graph\">{\"@context\":\"https:\\\/\\\/schema.org\",\"@graph\":[{\"@type\":\"WebPage\",\"@id\":\"https:\\\/\\\/iwell-guard.com\\\/sl\\\/lari-rimski-zascitni-duhovi-hise\\\/\",\"url\":\"https:\\\/\\\/iwell-guard.com\\\/sl\\\/lari-rimski-zascitni-duhovi-hise\\\/\",\"name\":\"Lari \u2013 rimski za\u0161\u010ditni duhovi hi\u0161e\",\"isPartOf\":{\"@id\":\"https:\\\/\\\/iwell-guard.com\\\/sl\\\/#website\"},\"primaryImageOfPage\":{\"@id\":\"https:\\\/\\\/iwell-guard.com\\\/sl\\\/lari-rimski-zascitni-duhovi-hise\\\/#primaryimage\"},\"image\":{\"@id\":\"https:\\\/\\\/iwell-guard.com\\\/sl\\\/lari-rimski-zascitni-duhovi-hise\\\/#primaryimage\"},\"thumbnailUrl\":\"https:\\\/\\\/iwell-guard.com\\\/wp-content\\\/uploads\\\/2026\\\/05\\\/geister_rom_laren-1.webp\",\"datePublished\":\"2026-09-05T00:25:40+00:00\",\"dateModified\":\"2026-09-05T00:45:45+00:00\",\"description\":\"Lari so rimski za\u0161\u010ditni duhovi hi\u0161e, dru\u017eine in cestnih kri\u017ei\u0161\u010d. Religiologska umestitev s kultom in viri.\",\"breadcrumb\":{\"@id\":\"https:\\\/\\\/iwell-guard.com\\\/sl\\\/lari-rimski-zascitni-duhovi-hise\\\/#breadcrumb\"},\"inLanguage\":\"sl-SI\",\"potentialAction\":[{\"@type\":\"ReadAction\",\"target\":[\"https:\\\/\\\/iwell-guard.com\\\/sl\\\/lari-rimski-zascitni-duhovi-hise\\\/\"]}]},{\"@type\":\"ImageObject\",\"inLanguage\":\"sl-SI\",\"@id\":\"https:\\\/\\\/iwell-guard.com\\\/sl\\\/lari-rimski-zascitni-duhovi-hise\\\/#primaryimage\",\"url\":\"https:\\\/\\\/iwell-guard.com\\\/wp-content\\\/uploads\\\/2026\\\/05\\\/geister_rom_laren-1.webp\",\"contentUrl\":\"https:\\\/\\\/iwell-guard.com\\\/wp-content\\\/uploads\\\/2026\\\/05\\\/geister_rom_laren-1.webp\",\"width\":1024,\"height\":1536,\"caption\":\"Duhovi iz rimskega izro\u010dila.\"},{\"@type\":\"BreadcrumbList\",\"@id\":\"https:\\\/\\\/iwell-guard.com\\\/sl\\\/lari-rimski-zascitni-duhovi-hise\\\/#breadcrumb\",\"itemListElement\":[{\"@type\":\"ListItem\",\"position\":1,\"name\":\"Start\",\"item\":\"https:\\\/\\\/iwell-guard.com\\\/sl\\\/?page_id=160323\"},{\"@type\":\"ListItem\",\"position\":2,\"name\":\"Lari \u2013 rimski za\u0161\u010ditni duhovi hi\u0161e\"}]},{\"@type\":\"WebSite\",\"@id\":\"https:\\\/\\\/iwell-guard.com\\\/sl\\\/#website\",\"url\":\"https:\\\/\\\/iwell-guard.com\\\/sl\\\/\",\"name\":\"iWell Guard\",\"description\":\"Schutz vor dunklen Einfl\u00fcssen\",\"publisher\":{\"@id\":\"https:\\\/\\\/iwell-guard.com\\\/sl\\\/#organization\"},\"potentialAction\":[{\"@type\":\"SearchAction\",\"target\":{\"@type\":\"EntryPoint\",\"urlTemplate\":\"https:\\\/\\\/iwell-guard.com\\\/sl\\\/?s={search_term_string}\"},\"query-input\":{\"@type\":\"PropertyValueSpecification\",\"valueRequired\":true,\"valueName\":\"search_term_string\"}}],\"inLanguage\":\"sl-SI\"},{\"@type\":\"Organization\",\"@id\":\"https:\\\/\\\/iwell-guard.com\\\/sl\\\/#organization\",\"name\":\"Ittermann electronic GmbH\",\"url\":\"https:\\\/\\\/iwell-guard.com\\\/sl\\\/\",\"logo\":{\"@type\":\"ImageObject\",\"inLanguage\":\"sl-SI\",\"@id\":\"https:\\\/\\\/iwell-guard.com\\\/sl\\\/#\\\/schema\\\/logo\\\/image\\\/\",\"url\":\"https:\\\/\\\/iwell-guard.com\\\/wp-content\\\/uploads\\\/2026\\\/05\\\/Ittermann-Logo-1182x237-1.png\",\"contentUrl\":\"https:\\\/\\\/iwell-guard.com\\\/wp-content\\\/uploads\\\/2026\\\/05\\\/Ittermann-Logo-1182x237-1.png\",\"width\":1182,\"height\":237,\"caption\":\"Ittermann electronic GmbH\"},\"image\":{\"@id\":\"https:\\\/\\\/iwell-guard.com\\\/sl\\\/#\\\/schema\\\/logo\\\/image\\\/\"},\"sameAs\":[\"https:\\\/\\\/pantip.com\\\/profile\\\/9367242\",\"https:\\\/\\\/micro.blog\\\/iwellguard\",\"https:\\\/\\\/www.diggerslist.com\\\/iwellguard\\\/about\",\"https:\\\/\\\/skitterphoto.com\\\/photographers\\\/2870314\\\/iwell-guard\",\"https:\\\/\\\/iwellguard.wordpress.com\\\/2026\\\/06\\\/06\\\/iwell-guard\\\/\",\"https:\\\/\\\/hub.docker.com\\\/u\\\/iwellguard\",\"https:\\\/\\\/www.pinterest.com\\\/iwellguard\\\/\",\"https:\\\/\\\/bit.ly\\\/m\\\/iwellguard\",\"https:\\\/\\\/entre-vos-mains.alsace.eu\\\/profiles\\\/iwellguard\\\/activity\",\"https:\\\/\\\/gravatar.com\\\/reallybeded8fd34\",\"https:\\\/\\\/naijamatta.com\\\/iwellguard\",\"https:\\\/\\\/www.goodreads.com\\\/iwellguard\",\"https:\\\/\\\/profile.hatena.ne.jp\\\/iwellguard\\\/\",\"https:\\\/\\\/experiment.com\\\/users\\\/iwellguard\",\"https:\\\/\\\/wakelet.com\\\/@iWellGuard82270\",\"https:\\\/\\\/www.chordie.com\\\/forum\\\/profile.php?id=2555664\",\"https:\\\/\\\/www.instapaper.com\\\/p\\\/17757966\",\"https:\\\/\\\/www.mapleprimes.com\\\/users\\\/iwellguard\",\"https:\\\/\\\/businesslistingplus.com\\\/profile\\\/iwell-guard\\\/\",\"https:\\\/\\\/telegra.ph\\\/iWell-Guard-06-06\",\"https:\\\/\\\/pbase.com\\\/iwellguard\\\/iwellguard\",\"https:\\\/\\\/b.hatena.ne.jp\\\/iwellguard\\\/20260607#bookmark-4788405196491818882\",\"https:\\\/\\\/fliphtml5.com\\\/home\\\/iwellguard\",\"https:\\\/\\\/anyflip.com\\\/homepage\\\/cmiwl#About\",\"https:\\\/\\\/transfur.com\\\/Users\\\/iwellguard\",\"http:\\\/\\\/delphi.larsbo.org\\\/user\\\/iwellguard\",\"https:\\\/\\\/jobs.lajobsportal.org\\\/profiles\\\/8380803-iwell-guard\",\"https:\\\/\\\/md.chaosdorf.de\\\/s\\\/jfbe5SBdJD\",\"https:\\\/\\\/www.lingvolive.com\\\/en-us\\\/profile\\\/9ecaeaca-ce11-4e51-9e71-01d55e2bff36\\\/translations\",\"https:\\\/\\\/www.fitday.com\\\/fitness\\\/forums\\\/members\\\/iwellguard.html\",\"https:\\\/\\\/www.mymeetbook.com\\\/iwellguard\",\"https:\\\/\\\/pxhere.com\\\/en\\\/photographer-me\\\/5040798\",\"https:\\\/\\\/disqus.com\\\/by\\\/iwellguard\\\/about\\\/\",\"https:\\\/\\\/pastelink.net\\\/hjwciqwq\",\"https:\\\/\\\/pubhtml5.com\\\/homepage\\\/scjhn\\\/\",\"https:\\\/\\\/www.bitchute.com\\\/channel\\\/2O2eOKzNqujT\",\"https:\\\/\\\/audiomack.com\\\/iwellguard\"]}]}<\/script>\n<!-- \/ Yoast SEO Premium plugin. -->","yoast_head_json":{"title":"Lari \u2013 rimski za\u0161\u010ditni duhovi hi\u0161e","description":"Lari so rimski za\u0161\u010ditni duhovi hi\u0161e, dru\u017eine in cestnih kri\u017ei\u0161\u010d. Religiologska umestitev s kultom in viri.","robots":{"index":"index","follow":"follow","max-snippet":"max-snippet:-1","max-image-preview":"max-image-preview:large","max-video-preview":"max-video-preview:-1"},"canonical":"https:\/\/iwell-guard.com\/sl\/lari-rimski-zascitni-duhovi-hise\/","og_locale":"sl_SI","og_type":"article","og_title":"Lari \u2013 rimski za\u0161\u010ditni duhovi hi\u0161e","og_description":"Lari so rimski za\u0161\u010ditni duhovi hi\u0161e, dru\u017eine in cestnih kri\u017ei\u0161\u010d. Religiologska umestitev s kultom in viri.","og_url":"https:\/\/iwell-guard.com\/sl\/lari-rimski-zascitni-duhovi-hise\/","og_site_name":"iWell Guard","article_modified_time":"2026-09-05T00:45:45+00:00","og_image":[{"width":1024,"height":1536,"url":"https:\/\/iwell-guard.com\/wp-content\/uploads\/2026\/05\/geister_rom_laren-1.webp","type":"image\/webp"}],"twitter_card":"summary_large_image","schema":{"@context":"https:\/\/schema.org","@graph":[{"@type":"WebPage","@id":"https:\/\/iwell-guard.com\/sl\/lari-rimski-zascitni-duhovi-hise\/","url":"https:\/\/iwell-guard.com\/sl\/lari-rimski-zascitni-duhovi-hise\/","name":"Lari \u2013 rimski za\u0161\u010ditni duhovi hi\u0161e","isPartOf":{"@id":"https:\/\/iwell-guard.com\/sl\/#website"},"primaryImageOfPage":{"@id":"https:\/\/iwell-guard.com\/sl\/lari-rimski-zascitni-duhovi-hise\/#primaryimage"},"image":{"@id":"https:\/\/iwell-guard.com\/sl\/lari-rimski-zascitni-duhovi-hise\/#primaryimage"},"thumbnailUrl":"https:\/\/iwell-guard.com\/wp-content\/uploads\/2026\/05\/geister_rom_laren-1.webp","datePublished":"2026-09-05T00:25:40+00:00","dateModified":"2026-09-05T00:45:45+00:00","description":"Lari so rimski za\u0161\u010ditni duhovi hi\u0161e, dru\u017eine in cestnih kri\u017ei\u0161\u010d. Religiologska umestitev s kultom in viri.","breadcrumb":{"@id":"https:\/\/iwell-guard.com\/sl\/lari-rimski-zascitni-duhovi-hise\/#breadcrumb"},"inLanguage":"sl-SI","potentialAction":[{"@type":"ReadAction","target":["https:\/\/iwell-guard.com\/sl\/lari-rimski-zascitni-duhovi-hise\/"]}]},{"@type":"ImageObject","inLanguage":"sl-SI","@id":"https:\/\/iwell-guard.com\/sl\/lari-rimski-zascitni-duhovi-hise\/#primaryimage","url":"https:\/\/iwell-guard.com\/wp-content\/uploads\/2026\/05\/geister_rom_laren-1.webp","contentUrl":"https:\/\/iwell-guard.com\/wp-content\/uploads\/2026\/05\/geister_rom_laren-1.webp","width":1024,"height":1536,"caption":"Duhovi iz rimskega izro\u010dila."},{"@type":"BreadcrumbList","@id":"https:\/\/iwell-guard.com\/sl\/lari-rimski-zascitni-duhovi-hise\/#breadcrumb","itemListElement":[{"@type":"ListItem","position":1,"name":"Start","item":"https:\/\/iwell-guard.com\/sl\/?page_id=160323"},{"@type":"ListItem","position":2,"name":"Lari \u2013 rimski za\u0161\u010ditni duhovi hi\u0161e"}]},{"@type":"WebSite","@id":"https:\/\/iwell-guard.com\/sl\/#website","url":"https:\/\/iwell-guard.com\/sl\/","name":"iWell Guard","description":"Schutz vor dunklen Einfl\u00fcssen","publisher":{"@id":"https:\/\/iwell-guard.com\/sl\/#organization"},"potentialAction":[{"@type":"SearchAction","target":{"@type":"EntryPoint","urlTemplate":"https:\/\/iwell-guard.com\/sl\/?s={search_term_string}"},"query-input":{"@type":"PropertyValueSpecification","valueRequired":true,"valueName":"search_term_string"}}],"inLanguage":"sl-SI"},{"@type":"Organization","@id":"https:\/\/iwell-guard.com\/sl\/#organization","name":"Ittermann electronic GmbH","url":"https:\/\/iwell-guard.com\/sl\/","logo":{"@type":"ImageObject","inLanguage":"sl-SI","@id":"https:\/\/iwell-guard.com\/sl\/#\/schema\/logo\/image\/","url":"https:\/\/iwell-guard.com\/wp-content\/uploads\/2026\/05\/Ittermann-Logo-1182x237-1.png","contentUrl":"https:\/\/iwell-guard.com\/wp-content\/uploads\/2026\/05\/Ittermann-Logo-1182x237-1.png","width":1182,"height":237,"caption":"Ittermann electronic GmbH"},"image":{"@id":"https:\/\/iwell-guard.com\/sl\/#\/schema\/logo\/image\/"},"sameAs":["https:\/\/pantip.com\/profile\/9367242","https:\/\/micro.blog\/iwellguard","https:\/\/www.diggerslist.com\/iwellguard\/about","https:\/\/skitterphoto.com\/photographers\/2870314\/iwell-guard","https:\/\/iwellguard.wordpress.com\/2026\/06\/06\/iwell-guard\/","https:\/\/hub.docker.com\/u\/iwellguard","https:\/\/www.pinterest.com\/iwellguard\/","https:\/\/bit.ly\/m\/iwellguard","https:\/\/entre-vos-mains.alsace.eu\/profiles\/iwellguard\/activity","https:\/\/gravatar.com\/reallybeded8fd34","https:\/\/naijamatta.com\/iwellguard","https:\/\/www.goodreads.com\/iwellguard","https:\/\/profile.hatena.ne.jp\/iwellguard\/","https:\/\/experiment.com\/users\/iwellguard","https:\/\/wakelet.com\/@iWellGuard82270","https:\/\/www.chordie.com\/forum\/profile.php?id=2555664","https:\/\/www.instapaper.com\/p\/17757966","https:\/\/www.mapleprimes.com\/users\/iwellguard","https:\/\/businesslistingplus.com\/profile\/iwell-guard\/","https:\/\/telegra.ph\/iWell-Guard-06-06","https:\/\/pbase.com\/iwellguard\/iwellguard","https:\/\/b.hatena.ne.jp\/iwellguard\/20260607#bookmark-4788405196491818882","https:\/\/fliphtml5.com\/home\/iwellguard","https:\/\/anyflip.com\/homepage\/cmiwl#About","https:\/\/transfur.com\/Users\/iwellguard","http:\/\/delphi.larsbo.org\/user\/iwellguard","https:\/\/jobs.lajobsportal.org\/profiles\/8380803-iwell-guard","https:\/\/md.chaosdorf.de\/s\/jfbe5SBdJD","https:\/\/www.lingvolive.com\/en-us\/profile\/9ecaeaca-ce11-4e51-9e71-01d55e2bff36\/translations","https:\/\/www.fitday.com\/fitness\/forums\/members\/iwellguard.html","https:\/\/www.mymeetbook.com\/iwellguard","https:\/\/pxhere.com\/en\/photographer-me\/5040798","https:\/\/disqus.com\/by\/iwellguard\/about\/","https:\/\/pastelink.net\/hjwciqwq","https:\/\/pubhtml5.com\/homepage\/scjhn\/","https:\/\/www.bitchute.com\/channel\/2O2eOKzNqujT","https:\/\/audiomack.com\/iwellguard"]}]}},"_links":{"self":[{"href":"https:\/\/iwell-guard.com\/sl\/wp-json\/wp\/v2\/pages\/160770","targetHints":{"allow":["GET"]}}],"collection":[{"href":"https:\/\/iwell-guard.com\/sl\/wp-json\/wp\/v2\/pages"}],"about":[{"href":"https:\/\/iwell-guard.com\/sl\/wp-json\/wp\/v2\/types\/page"}],"author":[{"embeddable":true,"href":"https:\/\/iwell-guard.com\/sl\/wp-json\/wp\/v2\/users\/3"}],"replies":[{"embeddable":true,"href":"https:\/\/iwell-guard.com\/sl\/wp-json\/wp\/v2\/comments?post=160770"}],"version-history":[{"count":0,"href":"https:\/\/iwell-guard.com\/sl\/wp-json\/wp\/v2\/pages\/160770\/revisions"}],"wp:featuredmedia":[{"embeddable":true,"href":"https:\/\/iwell-guard.com\/sl\/wp-json\/wp\/v2\/media\/3387"}],"wp:attachment":[{"href":"https:\/\/iwell-guard.com\/sl\/wp-json\/wp\/v2\/media?parent=160770"}],"wp:term":[{"taxonomy":"category","embeddable":true,"href":"https:\/\/iwell-guard.com\/sl\/wp-json\/wp\/v2\/categories?post=160770"}],"curies":[{"name":"wp","href":"https:\/\/api.w.org\/{rel}","templated":true}]}}