{"id":160769,"date":"2026-09-05T00:25:38","date_gmt":"2026-09-05T00:25:38","guid":{"rendered":"https:\/\/iwell-guard.com\/?page_id=160769"},"modified":"2026-09-05T00:45:44","modified_gmt":"2026-09-05T00:45:44","slug":"aos-si-ljudstvo-gricev-irskega-drugega-sveta","status":"publish","type":"page","link":"https:\/\/iwell-guard.com\/sl\/aos-si-ljudstvo-gricev-irskega-drugega-sveta\/","title":{"rendered":"Aos S\u00ed \u2013 ljudstvo gri\u010dev irskega drugega sveta"},"content":{"rendered":"\t\t<div data-elementor-type=\"wp-page\" data-elementor-id=\"160769\" class=\"elementor elementor-160769 elementor-2910 elementor-bc-flex-widget\" data-elementor-post-type=\"page\">\n\t\t\t\t<div class=\"elementor-element elementor-element-hero54b1247 e-flex e-con-boxed e-con e-parent\" data-id=\"hero54b1247\" data-element_type=\"container\" data-e-type=\"container\">\n\t\t\t\t\t<div class=\"e-con-inner\">\n\t\t\t\t<div class=\"elementor-element elementor-element-heroimg9062374 iwg-hero-image elementor-widget elementor-widget-image\" data-id=\"heroimg9062374\" data-element_type=\"widget\" data-e-type=\"widget\" data-widget_type=\"image.default\">\n\t\t\t\t\t\t\t\t\t\t\t\t\t\t\t<img fetchpriority=\"high\" decoding=\"async\" width=\"683\" height=\"1024\" src=\"https:\/\/iwell-guard.com\/wp-content\/uploads\/2026\/05\/geister_keltisch_aos-si-683x1024.webp\" class=\"attachment-large size-large wp-image-162402\" alt=\"Aos S\u00ed \u2013 duhovi iz keltskega izro\u010dila, zgodovinsko-ilustrativno\" srcset=\"https:\/\/iwell-guard.com\/wp-content\/uploads\/2026\/05\/geister_keltisch_aos-si-683x1024.webp 683w, https:\/\/iwell-guard.com\/wp-content\/uploads\/2026\/05\/geister_keltisch_aos-si-200x300.webp 200w, https:\/\/iwell-guard.com\/wp-content\/uploads\/2026\/05\/geister_keltisch_aos-si-768x1152.webp 768w, https:\/\/iwell-guard.com\/wp-content\/uploads\/2026\/05\/geister_keltisch_aos-si.webp 1024w\" sizes=\"(max-width: 683px) 100vw, 683px\" \/>\t\t\t\t\t\t\t\t\t\t\t\t\t\t\t<\/div>\n\t\t\t\t\t<\/div>\n\t\t\t\t<\/div>\n\t\t<div class=\"elementor-element elementor-element-iwgw-aossi-hero e-flex e-con-boxed e-con e-parent\" data-id=\"iwgw-aossi-hero\" data-element_type=\"container\" data-e-type=\"container\">\n\t\t\t\t\t<div class=\"e-con-inner\">\n\t\t\t\t<div class=\"elementor-element elementor-element-iwgw-aossi-h1 elementor-widget elementor-widget-heading\" data-id=\"iwgw-aossi-h1\" data-element_type=\"widget\" data-e-type=\"widget\" data-widget_type=\"heading.default\">\n\t\t\t\t\t<h1 class=\"elementor-heading-title elementor-size-default\">Aos S\u00ed \u2013 vilinska bitja in ljudstvo gri\u010dev<\/h1>\t\t\t\t<\/div>\n\t\t\t\t<div class=\"elementor-element elementor-element-iwgw-aossi-pills elementor-widget elementor-widget-html\" data-id=\"iwgw-aossi-pills\" data-element_type=\"widget\" data-e-type=\"widget\" data-widget_type=\"html.default\">\n\t\t\t\t\t<div class=\"iwg-pill-row\"><span class=\"iwg-klasse-badge\" tabindex=\"0\" data-tooltip=\"Duhovi tradicije Keltsko.\">Duhovi<\/span><a href=\"https:\/\/iwell-guard.com\/sl\/keltsko\/\" class=\"iwg-kultur-badge\" tabindex=\"0\" data-tooltip=\"Mitologija tradicije Keltsko.\">Keltsko<\/a><span class=\"iwg-tradition-badge\" tabindex=\"0\" data-tooltip=\"Vilinska bitja.\">Vilinska bitja<\/span><\/div>\t\t\t\t<\/div>\n\t\t\t\t<div class=\"elementor-element elementor-element-iwgw-aossi-lead elementor-widget elementor-widget-text-editor\" data-id=\"iwgw-aossi-lead\" data-element_type=\"widget\" data-e-type=\"widget\" data-widget_type=\"text-editor.default\">\n\t\t\t\t\t\t\t\t\t<p>Aos S\u00ed je irski skupni izraz za ljudstvo gri\u010dev, vilinska bitja keltskega drugega sveta. Veljajo za prebivalce starih grobnih gomil in za potomce miti\u010dnega prvotnega prebivalstva Irske. Ta prispevek religiologsko umesti Aos S\u00ed ter obravnava ime, <span class=\"iwg-fachbegriff\" data-tooltip=\"Izro\u010dena pripoved o bogovih, izvorih in ureditvi sveta.\" tabindex=\"0\">mit<\/span>, <span class=\"iwg-fachbegriff\" data-tooltip=\"Izro\u010deno dejanje, ki se v skupnosti redno ponavlja.\" tabindex=\"0\">\u0161ego<\/span> in raziskave.<\/p>\t\t\t\t\t\t\t\t<\/div>\n\t\t\t\t\t<\/div>\n\t\t\t\t<\/div>\n\t\t<div class=\"elementor-element elementor-element-iwgw-aossi-s0 e-flex e-con-boxed e-con e-parent\" data-id=\"iwgw-aossi-s0\" data-element_type=\"container\" data-e-type=\"container\">\n\t\t\t\t\t<div class=\"e-con-inner\">\n\t\t\t\t<div class=\"elementor-element elementor-element-iwgw-aossi-s0h elementor-widget elementor-widget-heading\" data-id=\"iwgw-aossi-s0h\" data-element_type=\"widget\" data-e-type=\"widget\" data-widget_type=\"heading.default\">\n\t\t\t\t\t<h2 class=\"elementor-heading-title elementor-size-default\">Uvrstitev<\/h2>\t\t\t\t<\/div>\n\t\t\t\t<div class=\"elementor-element elementor-element-iwgw-aossi-s0t elementor-widget elementor-widget-text-editor\" data-id=\"iwgw-aossi-s0t\" data-element_type=\"widget\" data-e-type=\"widget\" data-widget_type=\"text-editor.default\">\n\t\t\t\t\t\t\t\t\t<p>Aos S\u00ed, v starej\u0161em zapisu tudi Aes S\u00eddhe, je irski izraz za razred nadnaravnih bitij, ki imajo izjemno vlogo v izro\u010dilu <a href=\"https:\/\/iwell-guard.com\/sl\/keltsko\/\">Irske<\/a> in gelsko\u0161kotskih de\u017eel.<\/p><p>Izraz dobesedno pomeni pribli\u017eno &#8216;ljudstvo gri\u010dev&#8217; ali &#8216;ljudje grobnih gomil&#8217;. S tem so mi\u0161ljeni prebivalci nevidnega paralelnega sveta, tako imenovanega drugega sveta, katerega vstopi naj bi bili na dolo\u010denih mestih v pokrajini, predvsem pri prazgodovinskih grobnih gomilah in zemeljskih utrdbah.<\/p><p>Z religiolo\u0161kega vidika je Aos S\u00ed te\u017eko spraviti pod en sam pojem. Niso povsem bogovi niti povsem mrtvi, niso zgolj naravni duhovi niti \u010disti demoni. So torej svojevrstna kategorija bitij, ki stoji med drugimi kategorijami.<\/p><p>V starej\u0161em srednjeve\u0161kem <span class=\"iwg-fachbegriff\" data-tooltip=\"Prena\u0161anje znanja in pripovedi skozi generacije.\" tabindex=\"0\">izro\u010dilu<\/span> so tesno povezani s Tuatha D\u00e9 Danann, miti\u010dnim ljudstvom bogov, ki je po irskih pseudozgodovinah neko\u010d vladalo Irski in se po porazu umaknilo v gri\u010de in pod zemljo. S tega vidika so Aos S\u00ed kot padli bogovi, ki naprej \u017eivijo v drugem svetu.<\/p><p>V poznej\u0161em ljudskem izro\u010dilu, kakor so ga od 18. do 20. stoletja zapisovali zbiralci, se Aos S\u00ed ka\u017eejo bolj kot vilinska bitja v o\u017ejem pomenu, kot lastno ljudstvo s svojo dru\u017ebo, ki \u017eivi v neposredni bli\u017eini ljudi in je z njimi nenehno v stiku.<\/p><p>Ti dve plasti, mitolo\u0161ka in ljudska, se ne moreta strogo lo\u010diti, temve\u010d prehajata druga v drugo.<\/p><p>Predstava o Aos S\u00ed je globoko zakoreninjena v irski in \u0161kotski kulturi in je stoletja oblikovala odnos ljudi do svoje pokrajine, do dolo\u010denih krajev, do bolezni, smrti in sre\u010de. Sodi med najbolj zna\u010dilne prvine keltskojezi\u010dnega <span class=\"iwg-fachbegriff\" data-tooltip=\"Prena\u0161anje znanja in pripovedi skozi generacije.\" tabindex=\"0\">izro\u010dila<\/span> nasploh in je osrednji predmet raziskovanja keltske dedi\u0161\u010dine.<\/p>\t\t\t\t\t\t\t\t<\/div>\n\t\t\t\t\t<\/div>\n\t\t\t\t<\/div>\n\t\t<div class=\"elementor-element elementor-element-iwgw-aossi-s1 e-flex e-con-boxed e-con e-parent\" data-id=\"iwgw-aossi-s1\" data-element_type=\"container\" data-e-type=\"container\">\n\t\t\t\t\t<div class=\"e-con-inner\">\n\t\t\t\t<div class=\"elementor-element elementor-element-iwgw-aossi-s1h elementor-widget elementor-widget-heading\" data-id=\"iwgw-aossi-s1h\" data-element_type=\"widget\" data-e-type=\"widget\" data-widget_type=\"heading.default\">\n\t\t\t\t\t<h2 class=\"elementor-heading-title elementor-size-default\">Ime in etimologija<\/h2>\t\t\t\t<\/div>\n\t\t\t\t<div class=\"elementor-element elementor-element-iwgw-aossi-s1t elementor-widget elementor-widget-text-editor\" data-id=\"iwgw-aossi-s1t\" data-element_type=\"widget\" data-e-type=\"widget\" data-widget_type=\"text-editor.default\">\n\t\t\t\t\t\t\t\t\t<p>Izraz Aos S\u00ed je sestavljen iz dveh delov. <em>Aos<\/em> pomeni &#8216;ljudje&#8217; ali &#8216;ljudstvo&#8217;, <em>s\u00ed<\/em> ozna\u010duje gri\u010d, natan\u010dneje prazgodovinsko grobno gomilo ali zemeljsko utrdbo. Beseda <em>s\u00ed<\/em> pri tem pomeni tako viden gri\u010d v pokrajini kakor tudi drugi svet, ki naj bi bil v njem.<\/p><p>Iz te besede izhaja tudi izraz <em>shee<\/em>, raz\u0161irjen v angle\u0161kem <span class=\"iwg-fachbegriff\" data-tooltip=\"Prena\u0161anje znanja in pripovedi skozi generacije.\" tabindex=\"0\">izro\u010dilu<\/span>, ter znano poimenovanje banshee, &#8216;\u017eene gri\u010dev&#8217;, o kateri bo govor spodaj.<\/p><p>Poleg Aos S\u00ed je v rabi \u0161e mnogo drugih poimenovanj. Raz\u0161irjena je fraza, ki jo lahko prevedemo kot &#8216;dobro ljudstvo&#8217; ali &#8216;dobri sosedje&#8217;. Ta poevfemisti\u010dna oznaka ni naklju\u010dna.<\/p><p>Sledi raz\u0161irjeni predstavi, da vilinskih bitij ne ka\u017ee klicati po njihovem pravem imenu in jih zagotovo ne \u017ealiti, ker naj bi prisluhnila in se ma\u0161\u010devala. Prijazna opisna oznaka je tako sama del za\u0161\u010ditne prakse.<\/p><p>Na \u0160kotskem irskim Aos S\u00ed ustreza gelsko &#8216;ljudstvo miru&#8217; ali &#8216;Daoine S\u00ecth&#8217;. Tudi tu se ka\u017ee nagnjenje, da se bitja nagovarja s pomirjujo\u010dim, spravljivim imenom. V angle\u0161ko govore\u010dem okolju so Aos S\u00ed kasneje uvrstili pod skupni izraz vile ali vilinsko ljudstvo, kar pa zabri\u0161e njihovo specifi\u010dno keltsko zaznamovanost.<\/p><p>Pomembno je, da etimologija razkriva tesno vezanost bitij na konkreten kraj v pokrajini. Ime ne ka\u017ee na dolo\u010deno podobo ali lastnost, temve\u010d na bivali\u0161\u010de, gri\u010d.<\/p><p>S tem je vnaprej opredeljena ena osrednja zna\u010dilnost: Aos S\u00ed so bitja, vezana na kraj, in odnos ljudi do njih je vedno tudi odnos do dolo\u010denih mest v lastni okolici.<\/p>\t\t\t\t\t\t\t\t<\/div>\n\t\t\t\t\t<\/div>\n\t\t\t\t<\/div>\n\t\t<div class=\"elementor-element elementor-element-iwgw-aossi-s2 e-flex e-con-boxed e-con e-parent\" data-id=\"iwgw-aossi-s2\" data-element_type=\"container\" data-e-type=\"container\">\n\t\t\t\t\t<div class=\"e-con-inner\">\n\t\t\t\t<div class=\"elementor-element elementor-element-iwgw-aossi-s2h elementor-widget elementor-widget-heading\" data-id=\"iwgw-aossi-s2h\" data-element_type=\"widget\" data-e-type=\"widget\" data-widget_type=\"heading.default\">\n\t\t\t\t\t<h2 class=\"elementor-heading-title elementor-size-default\">Opis in ikonografija<\/h2>\t\t\t\t<\/div>\n\t\t\t\t<div class=\"elementor-element elementor-element-iwgw-aossi-s2t elementor-widget elementor-widget-text-editor\" data-id=\"iwgw-aossi-s2t\" data-element_type=\"widget\" data-e-type=\"widget\" data-widget_type=\"text-editor.default\">\n\t\t\t\t\t\t\t\t\t<p>Aos S\u00ed se izmikajo enotnemu opisu, ker jih <span class=\"iwg-fachbegriff\" data-tooltip=\"Predajanje znanja in pripovedi skozi generacije.\" tabindex=\"0\">izro\u010dilo<\/span> prikazuje na zelo razli\u010dne na\u010dine. V starej\u0161i mitolo\u0161ki literaturi se ka\u017eejo kot lepo, plemenito ljudstvo, ki je zunanje podobno ljudem, jih pa dale\u010d preka\u0161a po ljubkosti, mo\u010di in dolgo\u017eivosti.<\/p><p>\u017divijo v veli\u010dastnih dvoranah pod gri\u010devjem, prirejajo praznovanja, jezdijo na konjih in nosijo dragocena obla\u010dila. V tej podobi so manj stra\u0161ljivi kot nadzemeljski in vzvi\u0161eni.<\/p><p>Folklorno <span class=\"iwg-fachbegriff\" data-tooltip=\"Predajanje znanja in pripovedi skozi generacije.\" tabindex=\"0\">izro\u010dilo<\/span> ri\u0161e bolj razgibano podobo. Tu so lahko Aos S\u00ed veliki ali majhni, lepi ali odbijajo\u010di, nastopajo posami\u010dno ali v skupinah.<\/p><p>Nekatere pripovedi jih opisujejo kot drobne postave, druge kot velike kot ljudje. Pogosto je z njimi povezana zelena barva, v\u010dasih rde\u010da. Lahko se naredijo nevidne, spremenijo svojo podobo in se prika\u017eejo v \u017eivalski obliki.<\/p><p>Ustaljene ikonografije v smislu kanoni\u010dnega slikovnega tipa Aos S\u00ed niso razvili, saj je njihovo <span class=\"iwg-fachbegriff\" data-tooltip=\"Predajanje znanja in pripovedi skozi generacije.\" tabindex=\"0\">izro\u010dilo<\/span> predvsem pripovedno in ustno. Kjer so upodobljeni, se to obi\u010dajno zgodi v okviru poznej\u0161ih literarnih in umetni\u0161kih obdelav.<\/p><p>Nekatere oblike njihovega pojavljanja pa so vendarle trdno dolo\u010dene. Med njimi je divji lov ali povorka fej, skupina jezdecev, ki se ob mraku premika po de\u017eeli. Sem spada tudi posamezna \u017ealujo\u010da \u017eensko lika, banshee, katere tarnanje naznanja bli\u017eajo\u010do se smrt \u010dloveka.<\/p><p>Zna\u010dilna je nadalje povezava z glasbo in plesom. Aos S\u00ed veljajo za mojstre o\u010darljivo lepe glasbe, pripovedi pa govorijo o ljudeh, ki so prislu\u0161kovali njihovim napevom ali so jih fejevski krogi zapeljali v ples.<\/p><p>Na splo\u0161no je podoba Aos S\u00ed zaznamovana z temeljno dvoli\u010dnostjo: so obenem privla\u010dno lepi in nevarni, mikavni in ogro\u017eajo\u010di.<\/p>\t\t\t\t\t\t\t\t<\/div>\n\t\t\t\t\t<\/div>\n\t\t\t\t<\/div>\n\t\t<div class=\"elementor-element elementor-element-iwgw-aossi-s3 e-flex e-con-boxed e-con e-parent\" data-id=\"iwgw-aossi-s3\" data-element_type=\"container\" data-e-type=\"container\">\n\t\t\t\t\t<div class=\"e-con-inner\">\n\t\t\t\t<div class=\"elementor-element elementor-element-iwgw-aossi-s3h elementor-widget elementor-widget-heading\" data-id=\"iwgw-aossi-s3h\" data-element_type=\"widget\" data-e-type=\"widget\" data-widget_type=\"heading.default\">\n\t\t\t\t\t<h2 class=\"elementor-heading-title elementor-size-default\">Mitolo\u0161ka pripovedovanja<\/h2>\t\t\t\t<\/div>\n\t\t\t\t<div class=\"elementor-element elementor-element-iwgw-aossi-s3t elementor-widget elementor-widget-text-editor\" data-id=\"iwgw-aossi-s3t\" data-element_type=\"widget\" data-e-type=\"widget\" data-widget_type=\"text-editor.default\">\n\t\t\t\t\t\t\t\t\t<p>Mitolo\u0161ka podlaga Aos S\u00ed je v pripovednem krogu o Tuatha D\u00e9 Danann, ljudstvu bogov irskega <span class=\"iwg-fachbegriff\" data-tooltip=\"Predajanje znanja in pripovedi skozi generacije.\" tabindex=\"0\">izro\u010dila<\/span>.<\/p><p>Po srednjeve\u0161kih psevdozgodovinah, predvsem po tako imenovani Knjigi zavzetij, so Tuatha D\u00e9 Danann pri\u0161li na Irsko kot eno od ljudskih valov in tam vladali, dokler jih niso premagali poznej\u0161i Sinovi M\u00edla, mitski predniki Ircev.<\/p><p>Po porazu se niso umaknili iz de\u017eele, temve\u010d globlje vanjo, pod gri\u010de in v Onostranstvo. Ta pripoved razlo\u017ei, zakaj so v Aos S\u00ed videli bogove, ki so se umaknili in propadli v manj\u0161e bitja.<\/p><p>Iz tega mitolo\u0161kega jedra izvira veliko znanih pripovedi. Govorijo o veli\u010dastnih grajskih bivali\u0161\u010dih posameznih vodij Tuatha D\u00e9 Danann, o praznovanjih v Onostranstvu, o ljubezenskih razmerjih med bitji Onostranstva in ljudmi ter o rojstvu junakov, katerih eden od star\u0161ev prihaja iz Onostranstva.<\/p><p>Ponavljajo\u010d se <span class=\"iwg-fachbegriff\" data-tooltip=\"Ponavljajo\u010d se vsebinski element v umetnosti ali pripovedi.\" tabindex=\"0\">motiv<\/span> je povabilo ali ugrabitev \u010dloveka v Onostranstvo, kjer \u010das te\u010de druga\u010de. Kdor se vrne iz Onostranstva, pogosto ugotovi, da je v \u010dlove\u0161kem svetu minilo stoletje ali ve\u010d.<\/p><p>Poznej\u0161e ljudsko pripovedno izro\u010dilo je ta zaklad raz\u0161irilo in ga preneslo v vsakdanje \u017eivljenje.<\/p><p>Tu najdemo zgodbe o babicah, ki so poklicane k fejevskemu porodu. Druge pripovedujejo o podmenkih, torej o fejevskih otrocih, ki so skrivaj postavljeni na mesto \u010dlove\u0161kega otroka. Spet druge govorijo o ljudeh, ki zaidejo v fejevski gri\u010d in se le s te\u017eavo znajdejo nazaj. Nazadnje so tu kmetje, ki nakli\u010dejo jezo Aos S\u00ed, ker so podrli fejevsko drevo ali zazidali fejevsko pot.<\/p><p>Pomembna pripovedna nit se nana\u0161a na banshee. Ta samostojna \u017eenska podoba iz Onostranstva je povezana z dolo\u010denimi dru\u017einami in s svojim tarnanjem naznanja smrt \u010dlana dru\u017eine. Ni zlonamerno bitje, temve\u010d napovedovalka neizogibne usode.<\/p><p>Vse skupaj pripovedi ka\u017eejo Aos S\u00ed kot bitja, s katerimi je \u010dlovek nenehno v ob\u010dutljivem odnosu, dolo\u010denem z medsebojnimi obveznostmi in nevarnostmi.<\/p>\t\t\t\t\t\t\t\t<\/div>\n\t\t\t\t\t<\/div>\n\t\t\t\t<\/div>\n\t\t<div class=\"elementor-element elementor-element-iwgw-aossi-s4 e-flex e-con-boxed e-con e-parent\" data-id=\"iwgw-aossi-s4\" data-element_type=\"container\" data-e-type=\"container\">\n\t\t\t\t\t<div class=\"e-con-inner\">\n\t\t\t\t<div class=\"elementor-element elementor-element-iwgw-aossi-s4h elementor-widget elementor-widget-heading\" data-id=\"iwgw-aossi-s4h\" data-element_type=\"widget\" data-e-type=\"widget\" data-widget_type=\"heading.default\">\n\t\t\t\t\t<h2 class=\"elementor-heading-title elementor-size-default\">Kult in \u010da\u0161\u010denje<\/h2>\t\t\t\t<\/div>\n\t\t\t\t<div class=\"elementor-element elementor-element-iwgw-aossi-s4t elementor-widget elementor-widget-text-editor\" data-id=\"iwgw-aossi-s4t\" data-element_type=\"widget\" data-e-type=\"widget\" data-widget_type=\"text-editor.default\">\n\t\t\t\t\t\t\t\t\t<p>Druga\u010de kot pri bogovih velikih templjaskih religij pri Aos S\u00ed ne moremo govoriti o <span class=\"iwg-fachbegriff\" data-tooltip=\"Celota verskih \u010da\u0161\u010denj bo\u017eanstva ali svete podobe.\" tabindex=\"0\">kultu<\/span> v ozkem pomenu, s duhovni\u0161tvom, templji in ustaljenimi liturgi\u010dnimi oblikami.<\/p><p>Odnos ljudi do Aos S\u00ed je bil vpet v vsakdanje \u017eivljenje in v kme\u010dki letni krog ter je obsegal mno\u017eico pravil upo\u0161tevanja in izogibanja ter redne majhne darove.<\/p><p>Raz\u0161irjena praksa je bilo darovanje, predvsem hrane. Na mnogih krajih je bil <span class=\"iwg-fachbegriff\" data-tooltip=\"Izro\u010deno, v skupnosti redno ponavljano dejanje.\" tabindex=\"0\">obi\u010daj<\/span>, da so del obroka, \u017elico mleka ali prvo pivo iz vrenja odlo\u017eili ob strani ali izlili na tla za dobro ljudstvo.<\/p><p>Na dolo\u010denih krajih v pokrajini, na primer pri virih, pri posameznih drevesih ali pri samih gri\u010dih, so odlagali darove. Ta dejanja niso bila toliko \u010da\u0161\u010denje kot pomirjanje. Ljudje so si \u017eeleli ohraniti dobro voljo Aos S\u00ed in se izogniti njihovi jezi.<\/p><p>Posebno pomembni so bili prehodni \u010dasi v letnem krogu, predvsem stara praznika Samhain v pozni jeseni in Bealtaine ob za\u010detku poletja.<\/p><p>Na te dneve je meja med \u010dlove\u0161kim svetom in Onostranstvom veljala za \u0161e posebej prehodno, zato so Aos S\u00ed takrat veljali za posebej dejavne in nevarne. Skladno s tem so se na te datume kopi\u010dili za\u0161\u010ditni in pomirjevalni obi\u010daji.<\/p><p>Tudi dolo\u010deni kraji so bili posebej varovani. Fejevskih gri\u010dev, fejevskih dreves, pogosto posami\u010dno stoje\u010dih glogovih dreves, ter domnevnih fejevskih poti ni bilo dovoljeno po\u0161kodovati, na njih graditi ali jih preplati.<\/p><p>Upo\u0161tevanje teh pravil je bilo trajna zna\u010dilnost pode\u017eelskega na\u010dina \u017eivljenja in se je delno ohranilo do bli\u017enje preteklosti. Odnos do Aos S\u00ed je bil torej manj religija \u010da\u0161\u010denja kot religija previdnega sosedstva.<\/p>\t\t\t\t\t\t\t\t<\/div>\n\t\t\t\t\t<\/div>\n\t\t\t\t<\/div>\n\t\t<div class=\"elementor-element elementor-element-iwgw-aossi-s5 e-flex e-con-boxed e-con e-parent\" data-id=\"iwgw-aossi-s5\" data-element_type=\"container\" data-e-type=\"container\">\n\t\t\t\t\t<div class=\"e-con-inner\">\n\t\t\t\t<div class=\"elementor-element elementor-element-iwgw-aossi-s5h elementor-widget elementor-widget-heading\" data-id=\"iwgw-aossi-s5h\" data-element_type=\"widget\" data-e-type=\"widget\" data-widget_type=\"heading.default\">\n\t\t\t\t\t<h2 class=\"elementor-heading-title elementor-size-default\">Za\u0161\u010ditna praksa in apotropejsko<\/h2>\t\t\t\t<\/div>\n\t\t\t\t<div class=\"elementor-element elementor-element-iwgw-aossi-s5t elementor-widget elementor-widget-text-editor\" data-id=\"iwgw-aossi-s5t\" data-element_type=\"widget\" data-e-type=\"widget\" data-widget_type=\"text-editor.default\">\n\t\t\t\t\t\t\t\t\t<p>V odnosu do bitij Aos S\u00ed se je izoblikovala izjemno bogata za\u0161\u010ditna praksa. Gre za zgodovinsko in etnolo\u0161ko dobro dokumentirane \u0161ege, katerih predstavitev ne pomeni izjave o njihovi u\u010dinkovitosti.<\/p><p>Temeljno za\u0161\u010ditno pravilo je zadevalo govor. Aos S\u00ed se ni klicalo neposredno po imenu, temve\u010d se je uporabljalo prijazne opise, kot sta &#8216;dobro ljudstvo&#8217; ali &#8216;dobri sosedje&#8217;. Ljudje so se izogibali slabemu govorjenju o njih, zahvaljevanju ali \u017ealjenju. Ta jezikovna previdnost je bila ena najpomembnej\u0161ih oblik za\u0161\u010dite.<\/p><p>Druga skupina \u0161eg je zadevala dolo\u010dene snovi in predmete, ki so jim pripisovali odvra\u010dilno mo\u010d. \u017delezo, zlasti mrzlo kovano \u017eelezo, je veljalo za u\u010dinkovito sredstvo zoper Aos S\u00ed. \u017delezen \u017eebelj, \u0161karje ali podkev so uporabljali za za\u0161\u010dito hi\u0161, zibelk in vratnih pragov.<\/p><p>Za za\u0161\u010ditne so veljale tudi nekatere rastline, predvsem jerebika, poleg tega \u0161entjan\u017eevka in druge zeli. Sol, ogenj ter v pokristjanjenem okolju blagoslovljena voda in znamenje kri\u017ea so prav tako uporabljali za odvra\u010danje.<\/p><p>Posebna skrb je bila namenjena za\u0161\u010diti otro\u010dnic in novorojen\u010dkov, saj so po ljudskem verovanju nekr\u0161\u010deni otroci in \u017eenske v poporodnem obdobju veljali za \u0161e posebej izpostavljene nevarnosti, da jih Aos S\u00ed ugrabijo in nadomestijo s podmenkom. Tu so se za\u0161\u010ditni ukrepi kopi\u010dili, od \u017eeleza v zibelki do prebedenih no\u010di.<\/p><p>K apotropejskemu vedenju je poleg tega spadalo strogo spo\u0161tovanje krajev, povezanih s pravlji\u010dnim ljudstvom. Kdor je prizanesel \u010darobnemu drevesu in ohranjal prehodno pot prosto, se je izognil temu, da bi sploh vzbudil jezo Aos S\u00ed. Vse skupaj ka\u017ee, da je bil namen za\u0161\u010ditne prakse predvsem ta, da se ob\u010dutljivo sosedstvo z Onstranstvom ohranja znosno s spo\u0161tovanjem, previdnostjo in upo\u0161tevanjem izro\u010denih meja.<\/p>\t\t\t\t\t\t\t\t<\/div>\n\t\t\t\t\t<\/div>\n\t\t\t\t<\/div>\n\t\t<div class=\"elementor-element elementor-element-iwgw-aossi-s6 e-flex e-con-boxed e-con e-parent\" data-id=\"iwgw-aossi-s6\" data-element_type=\"container\" data-e-type=\"container\">\n\t\t\t\t\t<div class=\"e-con-inner\">\n\t\t\t\t<div class=\"elementor-element elementor-element-iwgw-aossi-s6h elementor-widget elementor-widget-heading\" data-id=\"iwgw-aossi-s6h\" data-element_type=\"widget\" data-e-type=\"widget\" data-widget_type=\"heading.default\">\n\t\t\t\t\t<h2 class=\"elementor-heading-title elementor-size-default\">Vzporednice v drugih kulturah<\/h2>\t\t\t\t<\/div>\n\t\t\t\t<div class=\"elementor-element elementor-element-iwgw-aossi-s6t elementor-widget elementor-widget-text-editor\" data-id=\"iwgw-aossi-s6t\" data-element_type=\"widget\" data-e-type=\"widget\" data-widget_type=\"text-editor.default\">\n\t\t\t\t\t\t\t\t\t<p>Aos S\u00ed spadajo v veliko religijsko-zgodovinsko skupino bitij, ki jih lahko opi\u0161emo kot naravne duhove, duhove de\u017eele ali kraja in ki jih najdemo v \u0161tevilnih kulturah Evrope in tudi drugod. Skupna jim je predstava, da pokrajino, ki jo poseljuje \u010dlovek, hkrati deli tudi nevidno ljudstvo, do katerega je treba ravnati previdno in s spo\u0161tovanjem.<\/p><p>V skandinavskem prostoru Aos S\u00ed ustrezajo bitja iz nordijskega <span class=\"iwg-fachbegrij\" data-tooltip=\"Prena\u0161anje znanja in pripovedi skozi generacije.\" tabindex=\"0\">izro\u010dila<\/span>, denimo elfi ter bitja, ki naj bi prebivala pod zemljo ali v gomilah, katerim so darovali podobne daritve in do katerih so veljala podobna pravila izogibanja.<\/p><p>Na Islandiji so predstave o skritem ljudstvu \u017eive vse do danes. V nem\u0161ko govore\u010dem prostoru je mogo\u010de primerjati \u0161krate, zemeljske duhove in hi\u0161ne duhove, v slovanskih izro\u010dilih pa razli\u010dne hi\u0161ne, poljske in gozdne duhove.<\/p><p>\u0160e posebej tesna je povezava znotraj samega keltskega jezikovnega sveta.<\/p><p>\u0160kotski Daoine S\u00ecth, vali\u017eanske in kornske predstave o pravlji\u010dnem ljudstvu ter <span class=\"iwg-fachbegriff\" data-tooltip=\"Prena\u0161anje znanja in pripovedi skozi generacije.\" tabindex=\"0\">izro\u010dilo<\/span> Bretanje in ostrva Man skupaj z irskimi Aos S\u00ed tvorijo povezan izro\u010dilni prostor, v katerem se vra\u010dajo \u0161tevilni motivi, od podmenka prek druga\u010de teko\u010dega \u010dasa v Onstranstvu do za\u0161\u010ditnega sredstva \u017eeleza.<\/p><p>Skupni <span class=\"iwg-fachbegriff\" data-tooltip=\"Ponavljajo\u010d se vsebinski element v umetnosti ali pripovedi.\" tabindex=\"0\">motiv<\/span>, ki povezuje Aos S\u00ed z drugimi izro\u010dili, je predstava o Onstranstvu kot vzporedno obstoje\u010dem kraljestvu, katerega vstopi se nahajajo na dolo\u010denih mestih v pokrajini in so odprti ob dolo\u010denih \u010dasih.<\/p><p>Tudi <span class=\"iwg-fachbegriff\" data-tooltip=\"Ponavljajo\u010d se vsebinski element v umetnosti ali pripovedi.\" tabindex=\"0\">motiv<\/span> razli\u010dno teko\u010dega \u010dasa, <span class=\"iwg-fachbegriff\" data-tooltip=\"Ponavljajo\u010d se vsebinski element v umetnosti ali pripovedi.\" tabindex=\"0\">motiv<\/span> nevarne gostoljubnosti in prepoved u\u017eivanja hrane v Onstranstvu se pojavljajo v \u0161tevilnih mitologijah. Primerjava razkriva, da so Aos S\u00ed kulturno specifi\u010dna, nezamenljivo irska izraznost raz\u0161irjene verske temeljne predstave.<\/p>\t\t\t\t\t\t\t\t<\/div>\n\t\t\t\t\t<\/div>\n\t\t\t\t<\/div>\n\t\t<div class=\"elementor-element elementor-element-iwgw-aossi-s7 e-flex e-con-boxed e-con e-parent\" data-id=\"iwgw-aossi-s7\" data-element_type=\"container\" data-e-type=\"container\">\n\t\t\t\t\t<div class=\"e-con-inner\">\n\t\t\t\t<div class=\"elementor-element elementor-element-iwgw-aossi-s7h elementor-widget elementor-widget-heading\" data-id=\"iwgw-aossi-s7h\" data-element_type=\"widget\" data-e-type=\"widget\" data-widget_type=\"heading.default\">\n\t\t\t\t\t<h2 class=\"elementor-heading-title elementor-size-default\">Sodobno sprejemanje in raziskave<\/h2>\t\t\t\t<\/div>\n\t\t\t\t<div class=\"elementor-element elementor-element-iwgw-aossi-s7t elementor-widget elementor-widget-text-editor\" data-id=\"iwgw-aossi-s7t\" data-element_type=\"widget\" data-e-type=\"widget\" data-widget_type=\"text-editor.default\">\n\t\t\t\t\t\t\t\t\t<p>Predstava o Aos S\u00ed je na <a href=\"https:\/\/iwell-guard.com\/sl\/keltsko\/\">Irskem<\/a> in \u0160kotskem kulturno \u017eiva vse do danes. Vera v dobro ljudstvo v strogem pomenu je sicer ve\u010dinoma upadla, vendar so s njo povezani obi\u010daji, pripovedi in vezanost na kraje v mnogih pokrajinah ostali prisotni.<\/p><p>Znani so primeri, ko so bili gradbeni na\u010drti spremenjeni ali zamaknjeni, da bi ohranili glogovo drevo, ki velja za vilinsko drevo. Taki dogodki ka\u017eejo, kako globoko je tradicija \u0161e vedno zasidrana v dojemanju pokrajine.<\/p><p>V literaturi in umetnosti so Aos S\u00ed do\u017eiveli obse\u017eno recepcijo. Irska literarna prenova poznega 19. in zgodnjega 20. stoletja, z avtorji, kot sta William Butler Yeats in Lady Augusta Gregory, je vilinsko ljudstvo naredila za osrednjo snov moderne irske literature.<\/p><p>Yeats je zbiral ljudske pripovedi in jih vklju\u010deval v svoje delo. Vse do dana\u0161nje fantazijske literature, filma, glasbe in popularne kulture so keltska vilinska bitja pogosto uporabljena snov.<\/p><p>V raziskovanju se z Aos S\u00ed ukvarja ve\u010d disciplin. Keltologija preu\u010duje srednjeve\u0161ka mitolo\u0161ka besedila in povezavo Aos S\u00ed s Tuatha D\u00e9 Danann.<\/p><p><span class=\"iwg-fachbegriff\" data-tooltip=\"Znanost, ki raziskuje vsakdanjo kulturo, obi\u010daje in izro\u010dene predstave.\" tabindex=\"0\">Folkloristika<\/span> in raziskovanje pripovedni\u0161tva sta od 19. stoletja naprej ustvarili obse\u017ene zbirke ljudskih vilinskih pripovedi in jih analizirali. <span class=\"iwg-fachbegriff\" data-tooltip=\"Znanost, ki primerjalno in brez verske pripadnosti raziskuje religije.\" tabindex=\"0\">Religiologija<\/span> se spra\u0161uje o mestu Aos S\u00ed med bogovi, mrtvimi in naravnimi duhovi ter o razmerju med predkr\u0161\u010danskimi predstavami in kr\u0161\u010danskim preoblikovanjem.<\/p><p>Raziskovanje poudarja, da <span class=\"iwg-fachbegriff\" data-tooltip=\"Prena\u0161anje znanja in pripovedi skozi generacije.\" tabindex=\"0\">izro\u010dilo<\/span> nikoli ni tvorilo enotnega, zaklju\u010denega sistema, temve\u010d se je razvijalo ve\u010dplastno, regionalno razli\u010dno in skozi dolga obdobja.<\/p><p>Preu\u010duje se tudi dru\u017ebena vloga vere v vile, na primer kot razlagalni model za nerazlo\u017eljive dogodke, bolezen in smrt, ter kot sredstvo za dajanje pomena in meja pokrajini. Aos S\u00ed zato v raziskovanju veljajo za posebej bogat primer nadaljnjega delovanja predkr\u0161\u010danskih predstav v \u017eivi kulturi neke de\u017eele.<\/p>\t\t\t\t\t\t\t\t<\/div>\n\t\t\t\t\t<\/div>\n\t\t\t\t<\/div>\n\t\t<div class=\"elementor-element elementor-element-iwgw-aossi-lit e-flex e-con-boxed e-con e-parent\" data-id=\"iwgw-aossi-lit\" data-element_type=\"container\" data-e-type=\"container\">\n\t\t\t\t\t<div class=\"e-con-inner\">\n\t\t\t\t<div class=\"elementor-element elementor-element-iwgw-aossi-lith elementor-widget elementor-widget-heading\" data-id=\"iwgw-aossi-lith\" data-element_type=\"widget\" data-e-type=\"widget\" data-widget_type=\"heading.default\">\n\t\t\t\t\t<h2 class=\"elementor-heading-title elementor-size-default\">Literatura (izbor)<\/h2>\t\t\t\t<\/div>\n\t\t\t\t<div class=\"elementor-element elementor-element-iwgw-aossi-litt elementor-widget elementor-widget-text-editor\" data-id=\"iwgw-aossi-litt\" data-element_type=\"widget\" data-e-type=\"widget\" data-widget_type=\"text-editor.default\">\n\t\t\t\t\t\t\t\t\t<ul><li>Proinsias Mac Cana: <em>Celtic Mythology<\/em> (1970)<\/li><li>Miranda Green: <em>Dictionary of Celtic Myth and Legend<\/em> (1992)<\/li><li>John T. Koch (ur.): <em>Celtic Culture. A Historical Encyclopedia<\/em> (2006)<\/li><li>William Butler Yeats: <em>Fairy and Folk Tales of the Irish Peasantry<\/em> (1888)<\/li><li>James MacKillop: <em>Dictionary of Celtic Mythology<\/em> (1998)<\/li><\/ul>\t\t\t\t\t\t\t\t<\/div>\n\t\t\t\t\t<\/div>\n\t\t\t\t<\/div>\n\t\t<div class=\"elementor-element elementor-element-iwgw-aossi-kwd e-flex e-con-boxed e-con e-parent\" data-id=\"iwgw-aossi-kwd\" data-element_type=\"container\" data-e-type=\"container\">\n\t\t\t\t\t<div class=\"e-con-inner\">\n\t\t\t\t<div class=\"elementor-element elementor-element-iwgw-aossi-kwdt elementor-widget elementor-widget-text-editor\" data-id=\"iwgw-aossi-kwdt\" data-element_type=\"widget\" data-e-type=\"widget\" data-widget_type=\"text-editor.default\">\n\t\t\t\t\t\t\t\t\t<p><em>Sorodni klju\u010dni pojmi: Aos S\u00ed Onstranstvo Tuatha D\u00e9 Danann vilinska bitja S\u00eddhe Banshee Samhain podmenek.<\/em><\/p>\t\t\t\t\t\t\t\t<\/div>\n\t\t\t\t\t<\/div>\n\t\t\t\t<\/div>\n\t\t<div class=\"elementor-element elementor-element-iwgw-aossi-cc e-flex e-con-boxed e-con e-parent\" data-id=\"iwgw-aossi-cc\" data-element_type=\"container\" data-e-type=\"container\" id=\"iwg-cc-aos-si\">\n\t\t\t\t\t<div class=\"e-con-inner\">\n\t\t<div class=\"elementor-element elementor-element-iwgw-aossi-ccinner e-flex e-con-boxed e-con e-parent\" data-id=\"iwgw-aossi-ccinner\" data-element_type=\"container\" data-e-type=\"container\" data-settings=\"{&quot;background_background&quot;:&quot;classic&quot;}\">\n\t\t\t\t\t<div class=\"e-con-inner\">\n\t\t\t\t<div class=\"elementor-element elementor-element-iwgw-aossi-cch elementor-widget elementor-widget-heading\" data-id=\"iwgw-aossi-cch\" data-element_type=\"widget\" data-e-type=\"widget\" data-widget_type=\"heading.default\">\n\t\t\t\t\t<h2 class=\"elementor-heading-title elementor-size-default\">iWell Guard in tradicije za\u0161\u010dite<\/h2>\t\t\t\t<\/div>\n\t\t\t\t<div class=\"elementor-element elementor-element-iwgw-aossi-cct elementor-widget elementor-widget-text-editor\" data-id=\"iwgw-aossi-cct\" data-element_type=\"widget\" data-e-type=\"widget\" data-widget_type=\"text-editor.default\">\n\t\t\t\t\t\t\t\t\t<div data-nosnippet=\"true\"><p>iWell Guard se navezuje na kulturnozgodovinsko tradicijo prenosnih za\u0161\u010ditnih predmetov, v tradiciji <a href=\"https:\/\/iwell-guard.com\/sl\/keltsko\/\">Keltov<\/a> in \u0161tevilnih drugih kultur po svetu. 41 plasti, pravo zlato, platina, srebro, izdelano v Nem\u010diji. 30-dnevna pravica do vra\u010dila.<\/p><\/div>\t\t\t\t\t\t\t\t<\/div>\n\t\t\t\t<div class=\"elementor-element elementor-element-iwgw-aossi-ccb iwg-cc-button iwg-cc-cta-2026-05-13 elementor-widget elementor-widget-jet-button\" data-id=\"iwgw-aossi-ccb\" data-element_type=\"widget\" data-e-type=\"widget\" data-widget_type=\"jet-button.default\">\n\t\t\t\t<div class=\"elementor-widget-container\">\n\t\t\t\t\t<div class=\"elementor-jet-button jet-elements\"><div class=\"jet-button__container\"><a class=\"jet-button__instance jet-button__instance--icon-left hover-effect-1\" href=\"\/ueber-iwell-guard\/?utm_source=iwell-guard.com&amp;utm_medium=info-box&amp;utm_campaign=wesen-tradition\"><div class=\"jet-button__plane jet-button__plane-normal\"><\/div><div class=\"jet-button__plane jet-button__plane-hover\"><\/div><div class=\"jet-button__state jet-button__state-normal\"><span class=\"jet-button__label\">Ve\u010d o iWell Guard<\/span><\/div><div class=\"jet-button__state jet-button__state-hover\"><span class=\"jet-button__label\">Ve\u010d o iWell Guard<\/span><\/div><\/a><\/div><\/div><style>.elementor-element.elementor-element-iwgw-aossi-ccb .jet-button__instance{width:320px;height:56px;}.elementor-element.elementor-element-iwgw-aossi-ccb .jet-button__state-normal .jet-button__label{text-align:center;margin:0px 0px 0px 0px;color:#1a1b20;font-family:Montserrat,sans-serif;font-size:13px;font-weight:400;letter-spacing:4px;line-height:1.714em;text-transform:uppercase;}.elementor-element.elementor-element-iwgw-aossi-ccb .jet-button__state-hover .jet-button__label{text-align:center;margin:0px 0px 0px 0px;color:#FECC76;font-family:Montserrat,sans-serif;font-size:13px;font-weight:400;letter-spacing:4px;line-height:1.714em;text-transform:uppercase;}.elementor-element.elementor-element-iwgw-aossi-ccb .jet-button__plane-normal{background-color:#FECC76;border-style:solid;border-color:#C99540;border-width:2px 2px 2px 2px;}.elementor-element.elementor-element-iwgw-aossi-ccb .jet-button__plane-hover{background-color:rgba(0,0,0,0.55);border-style:solid;border-color:#FECC76;border-width:2px 2px 2px 2px;}<\/style>\t\t\t\t<\/div>\n\t\t\t\t<\/div>\n\t\t\t\t<div class=\"elementor-element elementor-element-iwgw-aossi-ccd elementor-widget elementor-widget-text-editor\" data-id=\"iwgw-aossi-ccd\" data-element_type=\"widget\" data-e-type=\"widget\" data-widget_type=\"text-editor.default\">\n\t\t\t\t\t\t\t\t\t<div data-nosnippet=\"true\"><p style=\"text-align:center;font-size:13px;opacity:0.7;margin-top:14px\" data-nosnippet=\"true\">Osebne izku\u0161nje se lahko razlikujejo. Ni medicinski pripomo\u010dek. Brez obljube o ozdravitvi.<\/p><\/div>\t\t\t\t\t\t\t\t<\/div>\n\t\t\t\t\t<\/div>\n\t\t\t\t<\/div>\n\t\t\t\t\t<\/div>\n\t\t\t\t<\/div>\n\t\t<div class=\"elementor-element elementor-element-iwgw-aossi-disc e-flex e-con-boxed e-con e-parent\" data-id=\"iwgw-aossi-disc\" data-element_type=\"container\" data-e-type=\"container\">\n\t\t\t\t\t<div class=\"e-con-inner\">\n\t\t\t\t<div class=\"elementor-element elementor-element-iwgw-aossi-discw elementor-widget elementor-widget-html\" data-id=\"iwgw-aossi-discw\" data-element_type=\"widget\" data-e-type=\"widget\" data-widget_type=\"html.default\">\n\t\t\t\t\t<footer data-nosnippet=\"true\" class=\"iwg-disclaimer-block\"><p data-nosnippet=\"true\">iWell Guard <strong>ni medicinski pripomo\u010dek<\/strong> in ne nadome\u0161\u010da zdravni\u0161ke ali psihoterapevtske obravnave. Religiologske vsebine so kulturnozgodovinska umestitev, ne priporo\u010dilo za duhovno prakso.<\/p><\/footer>\t\t\t\t<\/div>\n\t\t\t\t\t<\/div>\n\t\t\t\t<\/div>\n\t\t\t\t<\/div>\n\t\t","protected":false},"excerpt":{"rendered":"","protected":false},"author":3,"featured_media":3379,"parent":0,"menu_order":0,"comment_status":"closed","ping_status":"closed","template":"elementor_header_footer","meta":{"_yoast_wpseo_focuskw":"Vilinska bitja Aos S\u00ed","_yoast_wpseo_title":"Aos S\u00ed \u2013 ljudstvo gri\u010dev irskega izro\u010dila","_yoast_wpseo_metadesc":"Aos S\u00ed, ljudstvo gri\u010dev irskega izro\u010dila, so vilinska bitja drugega sveta. Religiologska umestitev z mitom, \u0161egami in viri.","_yoast_wpseo_meta-robots-noindex":"","_yoast_wpseo_canonical":"","_angie_page":false,"gefaehrdungsstufe":"","wesen_kultur":"","wesen_klasse":"","footnotes":""},"categories":[],"class_list":["post-160769","page","type-page","status-publish","has-post-thumbnail","hentry"],"yoast_head":"<!-- This site is optimized with the Yoast SEO Premium plugin v27.7 (Yoast SEO v28.3) - https:\/\/yoast.com\/product\/yoast-seo-premium-wordpress\/ -->\n<title>Aos S\u00ed \u2013 ljudstvo gri\u010dev irskega izro\u010dila<\/title>\n<meta name=\"description\" content=\"Aos S\u00ed, ljudstvo gri\u010dev irskega izro\u010dila, so vilinska bitja drugega sveta. Religiologska umestitev z mitom, \u0161egami in viri.\" \/>\n<meta name=\"robots\" content=\"index, follow, max-snippet:-1, max-image-preview:large, max-video-preview:-1\" \/>\n<link rel=\"canonical\" href=\"https:\/\/iwell-guard.com\/sl\/aos-si-ljudstvo-gricev-irskega-drugega-sveta\/\" \/>\n<meta property=\"og:locale\" content=\"sl_SI\" \/>\n<meta property=\"og:type\" content=\"article\" \/>\n<meta property=\"og:title\" content=\"Aos S\u00ed \u2013 ljudstvo gri\u010dev irskega drugega sveta\" \/>\n<meta property=\"og:description\" content=\"Aos S\u00ed, ljudstvo gri\u010dev irskega izro\u010dila, so vilinska bitja drugega sveta. Religiologska umestitev z mitom, \u0161egami in viri.\" \/>\n<meta property=\"og:url\" content=\"https:\/\/iwell-guard.com\/sl\/aos-si-ljudstvo-gricev-irskega-drugega-sveta\/\" \/>\n<meta property=\"og:site_name\" content=\"iWell Guard\" \/>\n<meta property=\"article:modified_time\" content=\"2026-09-05T00:45:44+00:00\" \/>\n<meta property=\"og:image\" content=\"https:\/\/iwell-guard.com\/wp-content\/uploads\/2026\/05\/geister_keltisch_aos-si.webp\" \/>\n\t<meta property=\"og:image:width\" content=\"1024\" \/>\n\t<meta property=\"og:image:height\" content=\"1536\" \/>\n\t<meta property=\"og:image:type\" content=\"image\/webp\" \/>\n<meta name=\"twitter:card\" content=\"summary_large_image\" \/>\n<script type=\"application\/ld+json\" class=\"yoast-schema-graph\">{\"@context\":\"https:\\\/\\\/schema.org\",\"@graph\":[{\"@type\":\"WebPage\",\"@id\":\"https:\\\/\\\/iwell-guard.com\\\/sl\\\/aos-si-ljudstvo-gricev-irskega-drugega-sveta\\\/\",\"url\":\"https:\\\/\\\/iwell-guard.com\\\/sl\\\/aos-si-ljudstvo-gricev-irskega-drugega-sveta\\\/\",\"name\":\"Aos S\u00ed \u2013 ljudstvo gri\u010dev irskega izro\u010dila\",\"isPartOf\":{\"@id\":\"https:\\\/\\\/iwell-guard.com\\\/sl\\\/#website\"},\"primaryImageOfPage\":{\"@id\":\"https:\\\/\\\/iwell-guard.com\\\/sl\\\/aos-si-ljudstvo-gricev-irskega-drugega-sveta\\\/#primaryimage\"},\"image\":{\"@id\":\"https:\\\/\\\/iwell-guard.com\\\/sl\\\/aos-si-ljudstvo-gricev-irskega-drugega-sveta\\\/#primaryimage\"},\"thumbnailUrl\":\"https:\\\/\\\/iwell-guard.com\\\/wp-content\\\/uploads\\\/2026\\\/05\\\/geister_keltisch_aos-si.webp\",\"datePublished\":\"2026-09-05T00:25:38+00:00\",\"dateModified\":\"2026-09-05T00:45:44+00:00\",\"description\":\"Aos S\u00ed, ljudstvo gri\u010dev irskega izro\u010dila, so vilinska bitja drugega sveta. Religiologska umestitev z mitom, \u0161egami in viri.\",\"breadcrumb\":{\"@id\":\"https:\\\/\\\/iwell-guard.com\\\/sl\\\/aos-si-ljudstvo-gricev-irskega-drugega-sveta\\\/#breadcrumb\"},\"inLanguage\":\"sl-SI\",\"potentialAction\":[{\"@type\":\"ReadAction\",\"target\":[\"https:\\\/\\\/iwell-guard.com\\\/sl\\\/aos-si-ljudstvo-gricev-irskega-drugega-sveta\\\/\"]}]},{\"@type\":\"ImageObject\",\"inLanguage\":\"sl-SI\",\"@id\":\"https:\\\/\\\/iwell-guard.com\\\/sl\\\/aos-si-ljudstvo-gricev-irskega-drugega-sveta\\\/#primaryimage\",\"url\":\"https:\\\/\\\/iwell-guard.com\\\/wp-content\\\/uploads\\\/2026\\\/05\\\/geister_keltisch_aos-si.webp\",\"contentUrl\":\"https:\\\/\\\/iwell-guard.com\\\/wp-content\\\/uploads\\\/2026\\\/05\\\/geister_keltisch_aos-si.webp\",\"width\":1024,\"height\":1536,\"caption\":\"Duhovi iz keltskega izro\u010dila.\"},{\"@type\":\"BreadcrumbList\",\"@id\":\"https:\\\/\\\/iwell-guard.com\\\/sl\\\/aos-si-ljudstvo-gricev-irskega-drugega-sveta\\\/#breadcrumb\",\"itemListElement\":[{\"@type\":\"ListItem\",\"position\":1,\"name\":\"Start\",\"item\":\"https:\\\/\\\/iwell-guard.com\\\/sl\\\/?page_id=160323\"},{\"@type\":\"ListItem\",\"position\":2,\"name\":\"Aos S\u00ed \u2013 ljudstvo gri\u010dev irskega drugega sveta\"}]},{\"@type\":\"WebSite\",\"@id\":\"https:\\\/\\\/iwell-guard.com\\\/sl\\\/#website\",\"url\":\"https:\\\/\\\/iwell-guard.com\\\/sl\\\/\",\"name\":\"iWell Guard\",\"description\":\"Schutz vor dunklen Einfl\u00fcssen\",\"publisher\":{\"@id\":\"https:\\\/\\\/iwell-guard.com\\\/sl\\\/#organization\"},\"potentialAction\":[{\"@type\":\"SearchAction\",\"target\":{\"@type\":\"EntryPoint\",\"urlTemplate\":\"https:\\\/\\\/iwell-guard.com\\\/sl\\\/?s={search_term_string}\"},\"query-input\":{\"@type\":\"PropertyValueSpecification\",\"valueRequired\":true,\"valueName\":\"search_term_string\"}}],\"inLanguage\":\"sl-SI\"},{\"@type\":\"Organization\",\"@id\":\"https:\\\/\\\/iwell-guard.com\\\/sl\\\/#organization\",\"name\":\"Ittermann electronic GmbH\",\"url\":\"https:\\\/\\\/iwell-guard.com\\\/sl\\\/\",\"logo\":{\"@type\":\"ImageObject\",\"inLanguage\":\"sl-SI\",\"@id\":\"https:\\\/\\\/iwell-guard.com\\\/sl\\\/#\\\/schema\\\/logo\\\/image\\\/\",\"url\":\"https:\\\/\\\/iwell-guard.com\\\/wp-content\\\/uploads\\\/2026\\\/05\\\/Ittermann-Logo-1182x237-1.png\",\"contentUrl\":\"https:\\\/\\\/iwell-guard.com\\\/wp-content\\\/uploads\\\/2026\\\/05\\\/Ittermann-Logo-1182x237-1.png\",\"width\":1182,\"height\":237,\"caption\":\"Ittermann electronic GmbH\"},\"image\":{\"@id\":\"https:\\\/\\\/iwell-guard.com\\\/sl\\\/#\\\/schema\\\/logo\\\/image\\\/\"},\"sameAs\":[\"https:\\\/\\\/pantip.com\\\/profile\\\/9367242\",\"https:\\\/\\\/micro.blog\\\/iwellguard\",\"https:\\\/\\\/www.diggerslist.com\\\/iwellguard\\\/about\",\"https:\\\/\\\/skitterphoto.com\\\/photographers\\\/2870314\\\/iwell-guard\",\"https:\\\/\\\/iwellguard.wordpress.com\\\/2026\\\/06\\\/06\\\/iwell-guard\\\/\",\"https:\\\/\\\/hub.docker.com\\\/u\\\/iwellguard\",\"https:\\\/\\\/www.pinterest.com\\\/iwellguard\\\/\",\"https:\\\/\\\/bit.ly\\\/m\\\/iwellguard\",\"https:\\\/\\\/entre-vos-mains.alsace.eu\\\/profiles\\\/iwellguard\\\/activity\",\"https:\\\/\\\/gravatar.com\\\/reallybeded8fd34\",\"https:\\\/\\\/naijamatta.com\\\/iwellguard\",\"https:\\\/\\\/www.goodreads.com\\\/iwellguard\",\"https:\\\/\\\/profile.hatena.ne.jp\\\/iwellguard\\\/\",\"https:\\\/\\\/experiment.com\\\/users\\\/iwellguard\",\"https:\\\/\\\/wakelet.com\\\/@iWellGuard82270\",\"https:\\\/\\\/www.chordie.com\\\/forum\\\/profile.php?id=2555664\",\"https:\\\/\\\/www.instapaper.com\\\/p\\\/17757966\",\"https:\\\/\\\/www.mapleprimes.com\\\/users\\\/iwellguard\",\"https:\\\/\\\/businesslistingplus.com\\\/profile\\\/iwell-guard\\\/\",\"https:\\\/\\\/telegra.ph\\\/iWell-Guard-06-06\",\"https:\\\/\\\/pbase.com\\\/iwellguard\\\/iwellguard\",\"https:\\\/\\\/b.hatena.ne.jp\\\/iwellguard\\\/20260607#bookmark-4788405196491818882\",\"https:\\\/\\\/fliphtml5.com\\\/home\\\/iwellguard\",\"https:\\\/\\\/anyflip.com\\\/homepage\\\/cmiwl#About\",\"https:\\\/\\\/transfur.com\\\/Users\\\/iwellguard\",\"http:\\\/\\\/delphi.larsbo.org\\\/user\\\/iwellguard\",\"https:\\\/\\\/jobs.lajobsportal.org\\\/profiles\\\/8380803-iwell-guard\",\"https:\\\/\\\/md.chaosdorf.de\\\/s\\\/jfbe5SBdJD\",\"https:\\\/\\\/www.lingvolive.com\\\/en-us\\\/profile\\\/9ecaeaca-ce11-4e51-9e71-01d55e2bff36\\\/translations\",\"https:\\\/\\\/www.fitday.com\\\/fitness\\\/forums\\\/members\\\/iwellguard.html\",\"https:\\\/\\\/www.mymeetbook.com\\\/iwellguard\",\"https:\\\/\\\/pxhere.com\\\/en\\\/photographer-me\\\/5040798\",\"https:\\\/\\\/disqus.com\\\/by\\\/iwellguard\\\/about\\\/\",\"https:\\\/\\\/pastelink.net\\\/hjwciqwq\",\"https:\\\/\\\/pubhtml5.com\\\/homepage\\\/scjhn\\\/\",\"https:\\\/\\\/www.bitchute.com\\\/channel\\\/2O2eOKzNqujT\",\"https:\\\/\\\/audiomack.com\\\/iwellguard\"]}]}<\/script>\n<!-- \/ Yoast SEO Premium plugin. -->","yoast_head_json":{"title":"Aos S\u00ed \u2013 ljudstvo gri\u010dev irskega izro\u010dila","description":"Aos S\u00ed, ljudstvo gri\u010dev irskega izro\u010dila, so vilinska bitja drugega sveta. Religiologska umestitev z mitom, \u0161egami in viri.","robots":{"index":"index","follow":"follow","max-snippet":"max-snippet:-1","max-image-preview":"max-image-preview:large","max-video-preview":"max-video-preview:-1"},"canonical":"https:\/\/iwell-guard.com\/sl\/aos-si-ljudstvo-gricev-irskega-drugega-sveta\/","og_locale":"sl_SI","og_type":"article","og_title":"Aos S\u00ed \u2013 ljudstvo gri\u010dev irskega drugega sveta","og_description":"Aos S\u00ed, ljudstvo gri\u010dev irskega izro\u010dila, so vilinska bitja drugega sveta. Religiologska umestitev z mitom, \u0161egami in viri.","og_url":"https:\/\/iwell-guard.com\/sl\/aos-si-ljudstvo-gricev-irskega-drugega-sveta\/","og_site_name":"iWell Guard","article_modified_time":"2026-09-05T00:45:44+00:00","og_image":[{"width":1024,"height":1536,"url":"https:\/\/iwell-guard.com\/wp-content\/uploads\/2026\/05\/geister_keltisch_aos-si.webp","type":"image\/webp"}],"twitter_card":"summary_large_image","schema":{"@context":"https:\/\/schema.org","@graph":[{"@type":"WebPage","@id":"https:\/\/iwell-guard.com\/sl\/aos-si-ljudstvo-gricev-irskega-drugega-sveta\/","url":"https:\/\/iwell-guard.com\/sl\/aos-si-ljudstvo-gricev-irskega-drugega-sveta\/","name":"Aos S\u00ed \u2013 ljudstvo gri\u010dev irskega izro\u010dila","isPartOf":{"@id":"https:\/\/iwell-guard.com\/sl\/#website"},"primaryImageOfPage":{"@id":"https:\/\/iwell-guard.com\/sl\/aos-si-ljudstvo-gricev-irskega-drugega-sveta\/#primaryimage"},"image":{"@id":"https:\/\/iwell-guard.com\/sl\/aos-si-ljudstvo-gricev-irskega-drugega-sveta\/#primaryimage"},"thumbnailUrl":"https:\/\/iwell-guard.com\/wp-content\/uploads\/2026\/05\/geister_keltisch_aos-si.webp","datePublished":"2026-09-05T00:25:38+00:00","dateModified":"2026-09-05T00:45:44+00:00","description":"Aos S\u00ed, ljudstvo gri\u010dev irskega izro\u010dila, so vilinska bitja drugega sveta. Religiologska umestitev z mitom, \u0161egami in viri.","breadcrumb":{"@id":"https:\/\/iwell-guard.com\/sl\/aos-si-ljudstvo-gricev-irskega-drugega-sveta\/#breadcrumb"},"inLanguage":"sl-SI","potentialAction":[{"@type":"ReadAction","target":["https:\/\/iwell-guard.com\/sl\/aos-si-ljudstvo-gricev-irskega-drugega-sveta\/"]}]},{"@type":"ImageObject","inLanguage":"sl-SI","@id":"https:\/\/iwell-guard.com\/sl\/aos-si-ljudstvo-gricev-irskega-drugega-sveta\/#primaryimage","url":"https:\/\/iwell-guard.com\/wp-content\/uploads\/2026\/05\/geister_keltisch_aos-si.webp","contentUrl":"https:\/\/iwell-guard.com\/wp-content\/uploads\/2026\/05\/geister_keltisch_aos-si.webp","width":1024,"height":1536,"caption":"Duhovi iz keltskega izro\u010dila."},{"@type":"BreadcrumbList","@id":"https:\/\/iwell-guard.com\/sl\/aos-si-ljudstvo-gricev-irskega-drugega-sveta\/#breadcrumb","itemListElement":[{"@type":"ListItem","position":1,"name":"Start","item":"https:\/\/iwell-guard.com\/sl\/?page_id=160323"},{"@type":"ListItem","position":2,"name":"Aos S\u00ed \u2013 ljudstvo gri\u010dev irskega drugega sveta"}]},{"@type":"WebSite","@id":"https:\/\/iwell-guard.com\/sl\/#website","url":"https:\/\/iwell-guard.com\/sl\/","name":"iWell Guard","description":"Schutz vor dunklen Einfl\u00fcssen","publisher":{"@id":"https:\/\/iwell-guard.com\/sl\/#organization"},"potentialAction":[{"@type":"SearchAction","target":{"@type":"EntryPoint","urlTemplate":"https:\/\/iwell-guard.com\/sl\/?s={search_term_string}"},"query-input":{"@type":"PropertyValueSpecification","valueRequired":true,"valueName":"search_term_string"}}],"inLanguage":"sl-SI"},{"@type":"Organization","@id":"https:\/\/iwell-guard.com\/sl\/#organization","name":"Ittermann electronic GmbH","url":"https:\/\/iwell-guard.com\/sl\/","logo":{"@type":"ImageObject","inLanguage":"sl-SI","@id":"https:\/\/iwell-guard.com\/sl\/#\/schema\/logo\/image\/","url":"https:\/\/iwell-guard.com\/wp-content\/uploads\/2026\/05\/Ittermann-Logo-1182x237-1.png","contentUrl":"https:\/\/iwell-guard.com\/wp-content\/uploads\/2026\/05\/Ittermann-Logo-1182x237-1.png","width":1182,"height":237,"caption":"Ittermann electronic GmbH"},"image":{"@id":"https:\/\/iwell-guard.com\/sl\/#\/schema\/logo\/image\/"},"sameAs":["https:\/\/pantip.com\/profile\/9367242","https:\/\/micro.blog\/iwellguard","https:\/\/www.diggerslist.com\/iwellguard\/about","https:\/\/skitterphoto.com\/photographers\/2870314\/iwell-guard","https:\/\/iwellguard.wordpress.com\/2026\/06\/06\/iwell-guard\/","https:\/\/hub.docker.com\/u\/iwellguard","https:\/\/www.pinterest.com\/iwellguard\/","https:\/\/bit.ly\/m\/iwellguard","https:\/\/entre-vos-mains.alsace.eu\/profiles\/iwellguard\/activity","https:\/\/gravatar.com\/reallybeded8fd34","https:\/\/naijamatta.com\/iwellguard","https:\/\/www.goodreads.com\/iwellguard","https:\/\/profile.hatena.ne.jp\/iwellguard\/","https:\/\/experiment.com\/users\/iwellguard","https:\/\/wakelet.com\/@iWellGuard82270","https:\/\/www.chordie.com\/forum\/profile.php?id=2555664","https:\/\/www.instapaper.com\/p\/17757966","https:\/\/www.mapleprimes.com\/users\/iwellguard","https:\/\/businesslistingplus.com\/profile\/iwell-guard\/","https:\/\/telegra.ph\/iWell-Guard-06-06","https:\/\/pbase.com\/iwellguard\/iwellguard","https:\/\/b.hatena.ne.jp\/iwellguard\/20260607#bookmark-4788405196491818882","https:\/\/fliphtml5.com\/home\/iwellguard","https:\/\/anyflip.com\/homepage\/cmiwl#About","https:\/\/transfur.com\/Users\/iwellguard","http:\/\/delphi.larsbo.org\/user\/iwellguard","https:\/\/jobs.lajobsportal.org\/profiles\/8380803-iwell-guard","https:\/\/md.chaosdorf.de\/s\/jfbe5SBdJD","https:\/\/www.lingvolive.com\/en-us\/profile\/9ecaeaca-ce11-4e51-9e71-01d55e2bff36\/translations","https:\/\/www.fitday.com\/fitness\/forums\/members\/iwellguard.html","https:\/\/www.mymeetbook.com\/iwellguard","https:\/\/pxhere.com\/en\/photographer-me\/5040798","https:\/\/disqus.com\/by\/iwellguard\/about\/","https:\/\/pastelink.net\/hjwciqwq","https:\/\/pubhtml5.com\/homepage\/scjhn\/","https:\/\/www.bitchute.com\/channel\/2O2eOKzNqujT","https:\/\/audiomack.com\/iwellguard"]}]}},"_links":{"self":[{"href":"https:\/\/iwell-guard.com\/sl\/wp-json\/wp\/v2\/pages\/160769","targetHints":{"allow":["GET"]}}],"collection":[{"href":"https:\/\/iwell-guard.com\/sl\/wp-json\/wp\/v2\/pages"}],"about":[{"href":"https:\/\/iwell-guard.com\/sl\/wp-json\/wp\/v2\/types\/page"}],"author":[{"embeddable":true,"href":"https:\/\/iwell-guard.com\/sl\/wp-json\/wp\/v2\/users\/3"}],"replies":[{"embeddable":true,"href":"https:\/\/iwell-guard.com\/sl\/wp-json\/wp\/v2\/comments?post=160769"}],"version-history":[{"count":0,"href":"https:\/\/iwell-guard.com\/sl\/wp-json\/wp\/v2\/pages\/160769\/revisions"}],"wp:featuredmedia":[{"embeddable":true,"href":"https:\/\/iwell-guard.com\/sl\/wp-json\/wp\/v2\/media\/3379"}],"wp:attachment":[{"href":"https:\/\/iwell-guard.com\/sl\/wp-json\/wp\/v2\/media?parent=160769"}],"wp:term":[{"taxonomy":"category","embeddable":true,"href":"https:\/\/iwell-guard.com\/sl\/wp-json\/wp\/v2\/categories?post=160769"}],"curies":[{"name":"wp","href":"https:\/\/api.w.org\/{rel}","templated":true}]}}