{"id":160762,"date":"2026-09-05T00:25:31","date_gmt":"2026-09-05T00:25:31","guid":{"rendered":"https:\/\/iwell-guard.com\/?page_id=160762"},"modified":"2026-09-05T00:45:32","modified_gmt":"2026-09-05T00:45:32","slug":"saivo-sveti-gorski-jezerski-svet-samov","status":"publish","type":"page","link":"https:\/\/iwell-guard.com\/sl\/saivo-sveti-gorski-jezerski-svet-samov\/","title":{"rendered":"Saivo &#8211; sveti gorski in jezerski svet Samov"},"content":{"rendered":"\t\t<div data-elementor-type=\"wp-page\" data-elementor-id=\"160762\" class=\"elementor elementor-160762 elementor-2673 elementor-bc-flex-widget\" data-elementor-post-type=\"page\">\n\t\t\t\t<div class=\"elementor-element elementor-element-iwgw-saivo-hero e-flex e-con-boxed e-con e-parent\" data-id=\"iwgw-saivo-hero\" data-element_type=\"container\" data-e-type=\"container\" data-settings=\"{&quot;background_background&quot;:&quot;classic&quot;}\">\n\t\t\t\t\t<div class=\"e-con-inner\">\n\t\t<div class=\"elementor-element elementor-element-iwgw-saivo-hl e-flex e-con-boxed e-con e-child\" data-id=\"iwgw-saivo-hl\" data-element_type=\"container\" data-e-type=\"container\">\n\t\t\t\t\t<div class=\"e-con-inner\">\n\t\t<div class=\"elementor-element elementor-element-iwgw-saivo-htxt e-con-full e-flex e-con e-child\" data-id=\"iwgw-saivo-htxt\" data-element_type=\"container\" data-e-type=\"container\">\n\t\t\t\t<div class=\"elementor-element elementor-element-iwgw-saivo-h1 elementor-widget elementor-widget-heading\" data-id=\"iwgw-saivo-h1\" data-element_type=\"widget\" data-e-type=\"widget\" data-widget_type=\"heading.default\">\n\t\t\t\t\t<h1 class=\"elementor-heading-title elementor-size-default\">Saivo - sveti gorski in jezerski svet Samov ter bivali\u0161\u010de \u0161amanskih pomo\u010dnikov<\/h1>\t\t\t\t<\/div>\n\t\t\t\t<div class=\"elementor-element elementor-element-iwgw-saivo-lead elementor-widget elementor-widget-text-editor\" data-id=\"iwgw-saivo-lead\" data-element_type=\"widget\" data-e-type=\"widget\" data-widget_type=\"text-editor.default\">\n\t\t\t\t\t\t\t\t\t<p>Saivo, zapisano tudi kot S\u00e1jvva ali Saaivo, je v predkr\u0161\u010danski <a href=\"https:\/\/iwell-guard.com\/sl\/sami-in-ugrofinska-tradicija-noaidi-boben\/\">samski<\/a> religiji posebni svet duhov, ki se ga ume\u0161\u010da v dolo\u010dene gore in pod dolo\u010dena jezera. Tu prebivajo duhovi Saivo, ki delujejo kot osebni pomo\u010dni duhovi \u0161amanov. Z religiolo\u0161kega vidika sodi Saivo med najbolj svojevrstne konfiguracije samske <span class=\"iwg-fachbegriff\" data-tooltip=\"Znanstveni nauk o Bogu in o veri neke religije.\" tabindex=\"0\">teologije<\/span>.<\/p>\t\t\t\t\t\t\t\t<\/div>\n\t\t\t\t<\/div>\n\t\t<div class=\"elementor-element elementor-element-iwgw-saivo-pillc e-con-full e-flex e-con e-child\" data-id=\"iwgw-saivo-pillc\" data-element_type=\"container\" data-e-type=\"container\">\n\t\t\t\t<div class=\"elementor-element elementor-element-iwgw-saivo-pills elementor-widget elementor-widget-html\" data-id=\"iwgw-saivo-pills\" data-element_type=\"widget\" data-e-type=\"widget\" data-widget_type=\"html.default\">\n\t\t\t\t\t<div class=\"iwg-pill-row\"><span class=\"iwg-klasse-badge\" tabindex=\"0\" data-tooltip=\"Duh tradicije Sami.\">Duh<\/span><a href=\"https:\/\/iwell-guard.com\/sl\/sami-in-ugrofinska-tradicija-noaidi-boben\/\" class=\"iwg-kultur-badge\" tabindex=\"0\" data-tooltip=\"Mitologija tradicije Sami.\">Sami<\/a><span class=\"iwg-tradition-badge\" tabindex=\"0\" data-tooltip=\"Sveti svet in bivali\u0161\u010de duhov.\">Sveti svet in bivali\u0161\u010de duhov<\/span><\/div>\t\t\t\t<\/div>\n\t\t\t\t<\/div>\n\t\t<div class=\"elementor-element elementor-element-iwgw-saivo-tocc e-con-full e-flex e-con e-child\" data-id=\"iwgw-saivo-tocc\" data-element_type=\"container\" data-e-type=\"container\">\n\t\t\t\t<div class=\"elementor-element elementor-element-iwgw-saivo-toc elementor-toc--minimized-on-tablet elementor-widget elementor-widget-table-of-contents\" data-id=\"iwgw-saivo-toc\" data-element_type=\"widget\" data-e-type=\"widget\" data-settings=\"{&quot;headings_by_tags&quot;:[&quot;h2&quot;,&quot;h3&quot;],&quot;minimize_box&quot;:&quot;yes&quot;,&quot;marker_view&quot;:&quot;bullets&quot;,&quot;no_headings_message&quot;:&quot;Na tej strani ni najdenih naslovov.&quot;,&quot;exclude_headings_by_selector&quot;:[],&quot;icon&quot;:{&quot;value&quot;:&quot;fas fa-circle&quot;,&quot;library&quot;:&quot;fa-solid&quot;,&quot;rendered_tag&quot;:&quot;&lt;svg class=\\&quot;e-font-icon-svg e-fas-circle\\&quot; viewBox=\\&quot;0 0 512 512\\&quot; xmlns=\\&quot;http:\\\/\\\/www.w3.org\\\/2000\\\/svg\\&quot;&gt;&lt;path d=\\&quot;M256 8C119 8 8 119 8 256s111 248 248 248 248-111 248-248S393 8 256 8z\\&quot;&gt;&lt;\\\/path&gt;&lt;\\\/svg&gt;&quot;},&quot;minimized_on&quot;:&quot;tablet&quot;,&quot;hierarchical_view&quot;:&quot;yes&quot;,&quot;min_height&quot;:{&quot;unit&quot;:&quot;px&quot;,&quot;size&quot;:&quot;&quot;,&quot;sizes&quot;:[]},&quot;min_height_tablet&quot;:{&quot;unit&quot;:&quot;px&quot;,&quot;size&quot;:&quot;&quot;,&quot;sizes&quot;:[]},&quot;min_height_mobile&quot;:{&quot;unit&quot;:&quot;px&quot;,&quot;size&quot;:&quot;&quot;,&quot;sizes&quot;:[]}}\" data-widget_type=\"table-of-contents.default\">\n\t\t\t\t\t\t\t\t\t<div class=\"elementor-toc__header\">\n\t\t\t\t\t\t<h2 class=\"elementor-toc__header-title\">\n\t\t\t\tKazalo vsebine\t\t\t<\/h2>\n\t\t\t\t\t\t\t\t\t\t<div class=\"elementor-toc__toggle-button elementor-toc__toggle-button--expand\" role=\"button\" tabindex=\"0\" aria-controls=\"elementor-toc__iwgw-saivo-toc\" aria-expanded=\"true\" aria-label=\"Open table of contents\"><svg aria-hidden=\"true\" class=\"e-font-icon-svg e-fas-chevron-down\" viewBox=\"0 0 448 512\" xmlns=\"http:\/\/www.w3.org\/2000\/svg\"><path d=\"M207.029 381.476L12.686 187.132c-9.373-9.373-9.373-24.569 0-33.941l22.667-22.667c9.357-9.357 24.522-9.375 33.901-.04L224 284.505l154.745-154.021c9.379-9.335 24.544-9.317 33.901.04l22.667 22.667c9.373 9.373 9.373 24.569 0 33.941L240.971 381.476c-9.373 9.372-24.569 9.372-33.942 0z\"><\/path><\/svg><\/div>\n\t\t\t\t<div class=\"elementor-toc__toggle-button elementor-toc__toggle-button--collapse\" role=\"button\" tabindex=\"0\" aria-controls=\"elementor-toc__iwgw-saivo-toc\" aria-expanded=\"true\" aria-label=\"Close table of contents\"><svg aria-hidden=\"true\" class=\"e-font-icon-svg e-fas-chevron-up\" viewBox=\"0 0 448 512\" xmlns=\"http:\/\/www.w3.org\/2000\/svg\"><path d=\"M240.971 130.524l194.343 194.343c9.373 9.373 9.373 24.569 0 33.941l-22.667 22.667c-9.357 9.357-24.522 9.375-33.901.04L224 227.495 69.255 381.516c-9.379 9.335-24.544 9.317-33.901-.04l-22.667-22.667c-9.373-9.373-9.373-24.569 0-33.941L207.03 130.525c9.372-9.373 24.568-9.373 33.941-.001z\"><\/path><\/svg><\/div>\n\t\t\t\t\t<\/div>\n\t\t\t\t<div id=\"elementor-toc__iwgw-saivo-toc\" class=\"elementor-toc__body\">\n\t\t\t<div class=\"elementor-toc__spinner-container\">\n\t\t\t\t<svg class=\"elementor-toc__spinner eicon-animation-spin e-font-icon-svg e-eicon-loading\" aria-hidden=\"true\" viewBox=\"0 0 1000 1000\" xmlns=\"http:\/\/www.w3.org\/2000\/svg\"><path d=\"M500 975V858C696 858 858 696 858 500S696 142 500 142 142 304 142 500H25C25 237 238 25 500 25S975 237 975 500 763 975 500 975Z\"><\/path><\/svg>\t\t\t<\/div>\n\t\t<\/div>\n\t\t\t\t\t\t<\/div>\n\t\t\t\t<\/div>\n\t\t\t\t\t<\/div>\n\t\t\t\t<\/div>\n\t\t<div class=\"elementor-element elementor-element-iwgw-saivo-hr e-con-full e-flex e-con e-child\" data-id=\"iwgw-saivo-hr\" data-element_type=\"container\" data-e-type=\"container\">\n\t\t\t\t<div class=\"elementor-element elementor-element-iwgw-saivo-heroimg iwg-hero-image elementor-widget elementor-widget-image\" data-id=\"iwgw-saivo-heroimg\" data-element_type=\"widget\" data-e-type=\"widget\" data-widget_type=\"image.default\">\n\t\t\t\t\t\t\t\t\t\t\t\t\t\t\t<img fetchpriority=\"high\" decoding=\"async\" width=\"683\" height=\"1024\" src=\"https:\/\/iwell-guard.com\/wp-content\/uploads\/2026\/05\/geister_sami_saivo-683x1024.webp\" class=\"attachment-large size-large wp-image-162514\" alt=\"Saivo - duhovi iz tradicije Samijev, zgodovinsko-ilustrativno\" srcset=\"https:\/\/iwell-guard.com\/wp-content\/uploads\/2026\/05\/geister_sami_saivo-683x1024.webp 683w, https:\/\/iwell-guard.com\/wp-content\/uploads\/2026\/05\/geister_sami_saivo-200x300.webp 200w, https:\/\/iwell-guard.com\/wp-content\/uploads\/2026\/05\/geister_sami_saivo-768x1152.webp 768w, https:\/\/iwell-guard.com\/wp-content\/uploads\/2026\/05\/geister_sami_saivo.webp 1024w\" sizes=\"(max-width: 683px) 100vw, 683px\" \/>\t\t\t\t\t\t\t\t\t\t\t\t\t\t\t<\/div>\n\t\t\t\t<\/div>\n\t\t\t\t\t<\/div>\n\t\t\t\t<\/div>\n\t\t\t\t<section class=\"elementor-section elementor-top-section elementor-element elementor-element-sec-iwgcomp2-saivo elementor-section-boxed elementor-section-height-default elementor-section-height-default\" data-id=\"sec-iwgcomp2-saivo\" data-element_type=\"section\" data-e-type=\"section\">\n\t\t\t\t\t\t<div class=\"elementor-container elementor-column-gap-default\">\n\t\t\t\t\t<div class=\"elementor-column elementor-col-100 elementor-top-column elementor-element elementor-element-col-iwgcomp2-saivo\" data-id=\"col-iwgcomp2-saivo\" data-element_type=\"column\" data-e-type=\"column\">\n\t\t\t<div class=\"elementor-widget-wrap elementor-element-populated\">\n\t\t\t\t\t\t<div class=\"elementor-element elementor-element-iwgcomp2-saivo elementor-widget elementor-widget-text-editor\" data-id=\"iwgcomp2-saivo\" data-element_type=\"widget\" data-e-type=\"widget\" data-widget_type=\"text-editor.default\">\n\t\t\t\t\t\t\t\t\t<p>Saivo je v samskem verovanju bivali\u0161\u010de <strong>\u0161amanskih pomo\u010dnikov<\/strong>, v svetih gorah in jezerih.<\/p>\t\t\t\t\t\t\t\t<\/div>\n\t\t\t\t\t<\/div>\n\t\t<\/div>\n\t\t\t\t\t<\/div>\n\t\t<\/section>\n\t\t<div class=\"elementor-element elementor-element-iwgw-saivo-s0 e-flex e-con-boxed e-con e-parent\" data-id=\"iwgw-saivo-s0\" data-element_type=\"container\" data-e-type=\"container\">\n\t\t\t\t\t<div class=\"e-con-inner\">\n\t\t\t\t<div class=\"elementor-element elementor-element-iwgw-saivo-s0h elementor-widget elementor-widget-heading\" data-id=\"iwgw-saivo-s0h\" data-element_type=\"widget\" data-e-type=\"widget\" data-widget_type=\"heading.default\">\n\t\t\t\t\t<h2 class=\"elementor-heading-title elementor-size-default\">Umestitev in kratek profil<\/h2>\t\t\t\t<\/div>\n\t\t<div class=\"elementor-element elementor-element-iwgw-saivo-s0c e-con-full e-flex e-con e-child\" data-id=\"iwgw-saivo-s0c\" data-element_type=\"container\" data-e-type=\"container\">\n\t\t\t\t<div class=\"elementor-element elementor-element-iwgw-saivo-s0t elementor-widget elementor-widget-text-editor\" data-id=\"iwgw-saivo-s0t\" data-element_type=\"widget\" data-e-type=\"widget\" data-widget_type=\"text-editor.default\">\n\t\t\t\t\t\t\t\t\t<p>Saivo je hkrati topografska in religiozna dvojna dolo\u010ditev: sveto mesto v pokrajini (svete gore, sveta jezera) in svet duhov, ki prebivajo na teh krajih. Ta dvojna dolo\u010ditev je religiofenomenolo\u0161ko samostojna in lo\u010di Saivo od povsem topografskih ali povsem teolo\u0161kih konceptov.<\/p><p>Duhovi Saivo so najpomembnej\u0161i osebni pomo\u010dni duhovi samskih \u0161amanov (Noaidi). Vsak <span class=\"iwg-fachbegriff\" data-tooltip=\"Religiozni strokovnjak, ki naj bi posredoval med ljudmi in svetom duhov.\" tabindex=\"0\">\u0161aman<\/span> je imel enega ali ve\u010d pomo\u010dnikov Saivo, ki so mu stali ob strani v transu. Ti pomo\u010dni duhovi so lahko privzeli razli\u010dne oblike: \u017eival, \u010dloveka, <span class=\"iwg-fachbegriff\" data-tooltip=\"Bitje, ki v sebi zdru\u017euje lastnosti razli\u010dnih \u017eivih bitij.\" tabindex=\"0\">me\u0161ano bitje<\/span>.<\/p><p>Z religiolo\u0161kega vidika je Saivo samostojna konfiguracija, ki je strukturno podobna predstavi o Tornarssuku pri <a href=\"https:\/\/iwell-guard.com\/sl\/inuiti-in-arktika-sedna-tornit-zascitna-praksa\/\">Inuitih<\/a>, vendar se razlikuje v topografski zasidranosti. Ta zasidranost je religiofenomenolo\u0161ko lasten pojav in dela Saivo posebej zanimiv predmet raziskovanja.<\/p><p>Sveti gorski in jezerski svet Saivo je v novej\u0161ih raziskavah obravnavan z raz\u0161irjenimi pristopi, ki zdru\u017eujejo etnografsko natan\u010dnost, jezikoslovno kritiko virov in primerjalno perspektivo. Samski znanstveniki in znanstvenice danes sami sodelujejo pri tem delu in popravljajo starej\u0161e zahodne pripise, ki so deloma nosili kolonialne poteze.<\/p><p>S svojo dvojno naravo svetega kraja in sveta duhov se Saivo uklaplja v vzorec cirkumpolarne religiozne topografije, ki se pojavlja na \u0161irokih prostorih. Da ta struktura ostaja stabilna na tiso\u010de kilometrov, primerjalna <span class=\"iwg-fachbegriff\" data-tooltip=\"Znanost, ki primerjalno in brez verske pripadnosti raziskuje religije.\" tabindex=\"0\">religiologija<\/span> \u0161teje med svoje najbolj presenetljive ugotovitve, kar ostaja predmet trajajo\u010de razprave.<\/p>\t\t\t\t\t\t\t\t<\/div>\n\t\t\t\t<\/div>\n\t\t\t\t\t<\/div>\n\t\t\t\t<\/div>\n\t\t<div class=\"elementor-element elementor-element-iwgw-saivo-s1 e-flex e-con-boxed e-con e-parent\" data-id=\"iwgw-saivo-s1\" data-element_type=\"container\" data-e-type=\"container\">\n\t\t\t\t\t<div class=\"e-con-inner\">\n\t\t\t\t<div class=\"elementor-element elementor-element-iwgw-saivo-s1h elementor-widget elementor-widget-heading\" data-id=\"iwgw-saivo-s1h\" data-element_type=\"widget\" data-e-type=\"widget\" data-widget_type=\"heading.default\">\n\t\t\t\t\t<h2 class=\"elementor-heading-title elementor-size-default\">Ime in etimologija<\/h2>\t\t\t\t<\/div>\n\t\t<div class=\"elementor-element elementor-element-iwgw-saivo-s1c e-con-full e-flex e-con e-child\" data-id=\"iwgw-saivo-s1c\" data-element_type=\"container\" data-e-type=\"container\">\n\t\t\t\t<div class=\"elementor-element elementor-element-iwgw-saivo-s1t elementor-widget elementor-widget-text-editor\" data-id=\"iwgw-saivo-s1t\" data-element_type=\"widget\" data-e-type=\"widget\" data-widget_type=\"text-editor.default\">\n\t\t\t\t\t\t\t\t\t<p>Izvor imena Saivo jezikoslovno ni dokon\u010dno pojasnjen. Ena hipoteza ga povezuje s staronordijskim <em>s\u00e6<\/em> za morje ali jezero, kar se ujema z vodno simboliko. Druga hipoteza vidi samostojni uralski koren s pomenom <span class=\"iwg-fachbegriff\" data-tooltip=\"Pripadajo\u010d bo\u017eanskemu in s tem izvzet iz vsakdanje rabe.\" tabindex=\"0\">sveto<\/span> ali skrito.<\/p><p>Etimolo\u0161ko je bila obravnavana sorodnost s finskim <em>s\u00e4iv\u00f6<\/em>, ki ozna\u010duje podobne svete kraje. Ta povezava je religiofenomenolo\u0161ko plodna in ka\u017ee na staro fino-ugrsko plast.<\/p><p>Dialektne razli\u010dice so Saivve v ju\u017enosamski, S\u00e1jvva v umesamski, S\u00e1ivvu v severnosamski rabi. Ta raznolikost ustreza splo\u0161ni dialektni raz\u010dlenjenosti samskega jezika.<\/p><p>Z religiosociolo\u0161kega vidika se je treba vpra\u0161ati, kak\u0161no funkcijo je Saivo imel v dru\u017ebenem redu tradicionalne samske skupnosti. Ker so duhovi Saivo kot osebni pomo\u010dniki \u0161amanov Noaidi nosili obredno prakso, je bila religiozna struktura tesno prepletena z dru\u017ebenim \u017eivljenjem.<\/p><p>Ta povezava tvori samostojno religiozno-antropolo\u0161ko raziskovalno podro\u010dje, ki sta ga sistemati\u010dno preu\u010devala predvsem H\u00e5kan Rydving in Konsta Kaikkonen.<\/p><p>K temu se pridru\u017euje sodobni pomen Saivoa za samsko identitetno politiko. V okviru samske samouprave in mednarodnopravnega priznanja pravic avtohtonih ljudstev sveti kraji in njihov svet duhov ponovno pridobivajo vidnost. Prepletenost religiolo\u0161kih raziskav in politi\u010dnega priznanja je pri tem samostojno podro\u010dje preu\u010devanja, ki se v zadnjih letih obravnava s pove\u010dano pozornostjo.<\/p>\t\t\t\t\t\t\t\t<\/div>\n\t\t\t\t<\/div>\n\t\t\t\t\t<\/div>\n\t\t\t\t<\/div>\n\t\t<div class=\"elementor-element elementor-element-iwgw-saivo-s2 e-flex e-con-boxed e-con e-parent\" data-id=\"iwgw-saivo-s2\" data-element_type=\"container\" data-e-type=\"container\">\n\t\t\t\t\t<div class=\"e-con-inner\">\n\t\t\t\t<div class=\"elementor-element elementor-element-iwgw-saivo-s2h elementor-widget elementor-widget-heading\" data-id=\"iwgw-saivo-s2h\" data-element_type=\"widget\" data-e-type=\"widget\" data-widget_type=\"heading.default\">\n\t\t\t\t\t<h2 class=\"elementor-heading-title elementor-size-default\">Topografija krajev Saivo<\/h2>\t\t\t\t<\/div>\n\t\t<div class=\"elementor-element elementor-element-iwgw-saivo-s2c e-con-full e-flex e-con e-child\" data-id=\"iwgw-saivo-s2c\" data-element_type=\"container\" data-e-type=\"container\">\n\t\t\t\t<div class=\"elementor-element elementor-element-iwgw-saivo-s2t elementor-widget elementor-widget-text-editor\" data-id=\"iwgw-saivo-s2t\" data-element_type=\"widget\" data-e-type=\"widget\" data-widget_type=\"text-editor.default\">\n\t\t\t\t\t\t\t\t\t<p>Kraji Saivo so v samski pokrajini konkretno ume\u0161\u010deni. Kot Saivo se prepoznavajo dolo\u010dene gore, dolo\u010dena jezera, dolo\u010dene skalne formacije. Ti kraji so naslovi za daritve in klice.<\/p><p>Zna\u010dilna je predstava o obrnjenem svetu pod goro Saivo ali jezerom Saivo. Medtem ko Sami \u017eivijo na povr\u0161ju, duhovi Saivo \u017eivijo v zrcalnem svetu pod njim. Ta zrcalna predstava je religiofenomenolo\u0161ko lasten pojav.<\/p><p>Konkretni kraji Saivo so etnografsko dokumentirani. Le\u017eijo na tradicionalnih samskih bivalnih obmo\u010djih in so pogosto opremljeni s posebnimi vizualnimi zna\u010dilnostmi, na primer izrazitimi skalnimi formacijami, nenavadnimi jezeri ali gorami posebne oblike.<\/p>\t\t\t\t\t\t\t\t<\/div>\n\t\t\t\t<\/div>\n\t\t\t\t\t<\/div>\n\t\t\t\t<\/div>\n\t\t<div class=\"elementor-element elementor-element-iwgw-saivo-s3 e-flex e-con-boxed e-con e-parent\" data-id=\"iwgw-saivo-s3\" data-element_type=\"container\" data-e-type=\"container\">\n\t\t\t\t\t<div class=\"e-con-inner\">\n\t\t\t\t<div class=\"elementor-element elementor-element-iwgw-saivo-s3h elementor-widget elementor-widget-heading\" data-id=\"iwgw-saivo-s3h\" data-element_type=\"widget\" data-e-type=\"widget\" data-widget_type=\"heading.default\">\n\t\t\t\t\t<h2 class=\"elementor-heading-title elementor-size-default\">Duhovi Saivo kot pomo\u010dni duhovi<\/h2>\t\t\t\t<\/div>\n\t\t<div class=\"elementor-element elementor-element-iwgw-saivo-s3c e-con-full e-flex e-con e-child\" data-id=\"iwgw-saivo-s3c\" data-element_type=\"container\" data-e-type=\"container\">\n\t\t\t\t<div class=\"elementor-element elementor-element-iwgw-saivo-s3t elementor-widget elementor-widget-text-editor\" data-id=\"iwgw-saivo-s3t\" data-element_type=\"widget\" data-e-type=\"widget\" data-widget_type=\"text-editor.default\">\n\t\t\t\t\t\t\t\t\t<p>Saivo duhovi so osebni pomo\u010dniki \u0161amanov. Lahko se pojavijo v razli\u010dnih oblikah: Saivo-Lodde kot pti\u010dji <span class=\"iwg-fachbegriff\" data-tooltip=\"Brezteleseno bitje, ki naj bi delovalo v svetu.\" tabindex=\"0\">duh<\/span>, Saivo-Guelie kot ribji <span class=\"iwg-fachbegriff\" data-tooltip=\"Brezteleseno bitje, ki naj bi delovalo v svetu.\" tabindex=\"0\">duh<\/span>, Saivo-Sarvva kot severnojelenov <span class=\"iwg-fachbegriff\" data-tooltip=\"Brezteleseno bitje, ki naj bi delovalo v svetu.\" tabindex=\"0\">duh<\/span>, Saivo-Olmm\u00e1i kot \u010dlove\u0161ki <span class=\"iwg-fachbegriff\" data-tooltip=\"Brezteleseno bitje, ki naj bi delovalo v svetu.\" tabindex=\"0\">duh<\/span>.<\/p><p>Vsak <span class=\"iwg-fachbegriff\" data-tooltip=\"Religiozni strokovnjak, ki naj bi posredoval med ljudmi in svetom duhov.\" tabindex=\"0\">\u0161aman<\/span> je imel enega ali ve\u010d osebnih Saivo duhov, ki so mu bili dodeljeni ob za\u010detku njegovega \u0161amanskega poklica. Ti pomo\u017eni duhovi so bili s \u0161amanom povezani vse njegovo \u017eivljenje in so se lahko prenesli na naslednjo generacijo.<\/p><p>Znanstveno je ta konstelacija pomo\u017enih duhov strukturno sorodna predstavi o tornaitih pri <a href=\"https:\/\/iwell-guard.com\/sl\/inuiti-in-arktika-sedna-tornit-zascitna-praksa\/\">Inuitih<\/a> (glej <a href=\"https:\/\/iwell-guard.com\/sl\/?page_id=160745\">Tornarssuk<\/a>). Strukturna skladnost je religiofenomenolo\u0161ko samostojna ugotovitev in ka\u017ee na cirkumpolarne \u0161amanske univerzalije.<\/p>\t\t\t\t\t\t\t\t<\/div>\n\t\t\t\t<\/div>\n\t\t\t\t\t<\/div>\n\t\t\t\t<\/div>\n\t\t<div class=\"elementor-element elementor-element-iwgw-saivo-s4 e-flex e-con-boxed e-con e-parent\" data-id=\"iwgw-saivo-s4\" data-element_type=\"container\" data-e-type=\"container\">\n\t\t\t\t\t<div class=\"e-con-inner\">\n\t\t\t\t<div class=\"elementor-element elementor-element-iwgw-saivo-s4h elementor-widget elementor-widget-heading\" data-id=\"iwgw-saivo-s4h\" data-element_type=\"widget\" data-e-type=\"widget\" data-widget_type=\"heading.default\">\n\t\t\t\t\t<h2 class=\"elementor-heading-title elementor-size-default\">\u0160amanska praksa s Saivo<\/h2>\t\t\t\t<\/div>\n\t\t<div class=\"elementor-element elementor-element-iwgw-saivo-s4c e-con-full e-flex e-con e-child\" data-id=\"iwgw-saivo-s4c\" data-element_type=\"container\" data-e-type=\"container\">\n\t\t\t\t<div class=\"elementor-element elementor-element-iwgw-saivo-s4t elementor-widget elementor-widget-text-editor\" data-id=\"iwgw-saivo-s4t\" data-element_type=\"widget\" data-e-type=\"widget\" data-widget_type=\"text-editor.default\">\n\t\t\t\t\t\t\t\t\t<p>Praksa noaidi je bila tesno povezana s Saivo. Ob vsakem transnem potovanju je <span class=\"iwg-fachbegriff\" data-tooltip=\"Religiozni strokovnjak, ki naj bi posredoval med ljudmi in svetom duhov.\" tabindex=\"0\">\u0161aman<\/span> priklical svoje pomo\u010dnike iz Saivo, ki so mu kazali pot v drugi svet. Trans je bil vzbujen s bobnom in petjem joik.<\/p><p>Pomo\u010dniki iz Saivo so \u0161amanu lahko stali ob strani pri razli\u010dnih nalogah: zdravljenju bolezni, napovedovanju vremena, iskanju izgubljenih \u017eivali, stiku z mrtvimi v <a href=\"https:\/\/iwell-guard.com\/sl\/?page_id=160760\">Jabmiidaibmu<\/a>. Ta raznolikost funkcij je religiofenomenolo\u0161ko zna\u010dilna.<\/p><p>Konkretna poro\u010dila o \u0161amanskih potovanjih so podrobno dokumentirana v virih Schefferusa, Leema in L\u00e6stadiusa. Ta poro\u010dila so religioznoetnolo\u0161ko klju\u010dna za razumevanje samske \u0161amanske prakse.<\/p>\t\t\t\t\t\t\t\t<\/div>\n\t\t\t\t<\/div>\n\t\t\t\t\t<\/div>\n\t\t\t\t<\/div>\n\t\t<div class=\"elementor-element elementor-element-iwgw-saivo-s5 e-flex e-con-boxed e-con e-parent\" data-id=\"iwgw-saivo-s5\" data-element_type=\"container\" data-e-type=\"container\">\n\t\t\t\t\t<div class=\"e-con-inner\">\n\t\t\t\t<div class=\"elementor-element elementor-element-iwgw-saivo-s5h elementor-widget elementor-widget-heading\" data-id=\"iwgw-saivo-s5h\" data-element_type=\"widget\" data-e-type=\"widget\" data-widget_type=\"heading.default\">\n\t\t\t\t\t<h2 class=\"elementor-heading-title elementor-size-default\">Saivo in umrli<\/h2>\t\t\t\t<\/div>\n\t\t<div class=\"elementor-element elementor-element-iwgw-saivo-s5c e-con-full e-flex e-con e-child\" data-id=\"iwgw-saivo-s5c\" data-element_type=\"container\" data-e-type=\"container\">\n\t\t\t\t<div class=\"elementor-element elementor-element-iwgw-saivo-s5t elementor-widget elementor-widget-text-editor\" data-id=\"iwgw-saivo-s5t\" data-element_type=\"widget\" data-e-type=\"widget\" data-widget_type=\"text-editor.default\">\n\t\t\t\t\t\t\t\t\t<p>V nekaterih virih Saivo ni opisan le kot svet duhov, temve\u010d tudi kot bivali\u0161\u010de dolo\u010denih umrlih. Predniki \u0161amanov, torej prej\u0161nji noaidi, prebivajo v Saivo in postanejo pomo\u017eni duhovi svojim naslednikom.<\/p><p>Ta predstava povezuje Saivo z <a href=\"https:\/\/iwell-guard.com\/sl\/?page_id=160760\">Jabmiidaibmu<\/a> v podvojitvi svetov mrtvih. Medtem ko je Jabmiidaibmu namenjen navadnim umrlim, je Saivo posebno mesto za prednike verskih nadarjenih posameznikov.<\/p><p>Znanstveno je ta podvojitev svetov mrtvih samostojna konfiguracija. Samsko tradicijo razlikuje od tradicij z enim samim svetom mrtvih in je religiofenomenolo\u0161ko izdelana.<\/p>\t\t\t\t\t\t\t\t<\/div>\n\t\t\t\t<\/div>\n\t\t\t\t\t<\/div>\n\t\t\t\t<\/div>\n\t\t<div class=\"elementor-element elementor-element-iwgw-saivo-s6 e-flex e-con-boxed e-con e-parent\" data-id=\"iwgw-saivo-s6\" data-element_type=\"container\" data-e-type=\"container\">\n\t\t\t\t\t<div class=\"e-con-inner\">\n\t\t\t\t<div class=\"elementor-element elementor-element-iwgw-saivo-s6h elementor-widget elementor-widget-heading\" data-id=\"iwgw-saivo-s6h\" data-element_type=\"widget\" data-e-type=\"widget\" data-widget_type=\"heading.default\">\n\t\t\t\t\t<h2 class=\"elementor-heading-title elementor-size-default\">Tabuji in daritvena praksa v Saivo<\/h2>\t\t\t\t<\/div>\n\t\t<div class=\"elementor-element elementor-element-iwgw-saivo-s6c e-con-full e-flex e-con e-child\" data-id=\"iwgw-saivo-s6c\" data-element_type=\"container\" data-e-type=\"container\">\n\t\t\t\t<div class=\"elementor-element elementor-element-iwgw-saivo-s6t elementor-widget elementor-widget-text-editor\" data-id=\"iwgw-saivo-s6t\" data-element_type=\"widget\" data-e-type=\"widget\" data-widget_type=\"text-editor.default\">\n\t\t\t\t\t\t\t\t\t<p>Kraje Saivo je obdajalo veliko tabujev. Kdor je obiskal goro Saivo, je moral biti <span class=\"iwg-fachbegriff\" data-tooltip=\"Kar spada k dolo\u010denemu utrjenemu religioznemu poteku dejanj.\" tabindex=\"0\">obredno<\/span> \u010dist, ni smel izrekati dolo\u010denih besed in je moral prinesti daritvene darove. Kr\u0161itve tabujev Saivo so lahko povzro\u010dile bolezen, nesre\u010do na lovu ali smrt.<\/p><p>Daritveni darovi na krajih Saivo so bili navadno rogovi severnih jelenov, kosti, kosi blaga ali majhne rezljane figure. Ta praksa je delno arheolo\u0161ko dokazljiva, saj so na nekaterih krajih Saivo na\u0161li ostanke daritev.<\/p><p>Ohranjenost te daritvene prakse je znanstveno pomenljiva. Omogo\u010da arheolo\u0161ko preverjanje etnografskih zapisov in dela religijo Saivo za posebej dobro dokumentiran predmet raziskovanja.<\/p>\t\t\t\t\t\t\t\t<\/div>\n\t\t\t\t<\/div>\n\t\t\t\t\t<\/div>\n\t\t\t\t<\/div>\n\t\t<div class=\"elementor-element elementor-element-iwgw-saivo-s7 e-flex e-con-boxed e-con e-parent\" data-id=\"iwgw-saivo-s7\" data-element_type=\"container\" data-e-type=\"container\">\n\t\t\t\t\t<div class=\"e-con-inner\">\n\t\t\t\t<div class=\"elementor-element elementor-element-iwgw-saivo-s7h elementor-widget elementor-widget-heading\" data-id=\"iwgw-saivo-s7h\" data-element_type=\"widget\" data-e-type=\"widget\" data-widget_type=\"heading.default\">\n\t\t\t\t\t<h2 class=\"elementor-heading-title elementor-size-default\">Primerjava z drugimi svetovi duhov<\/h2>\t\t\t\t<\/div>\n\t\t<div class=\"elementor-element elementor-element-iwgw-saivo-s7c e-con-full e-flex e-con e-child\" data-id=\"iwgw-saivo-s7c\" data-element_type=\"container\" data-e-type=\"container\">\n\t\t\t\t<div class=\"elementor-element elementor-element-iwgw-saivo-s7t elementor-widget elementor-widget-text-editor\" data-id=\"iwgw-saivo-s7t\" data-element_type=\"widget\" data-e-type=\"widget\" data-widget_type=\"text-editor.default\">\n\t\t\t\t\t\t\t\t\t<p>Saivo spada v skupino topografsko ume\u0161\u010denih svetov duhov, ki jih najdemo v \u0161tevilnih avtohtonih religijah. Strukturno primerljivi so finska Tuonela s svojo topografsko umestitvijo, sveti gorski vrhovi Nencev in severnoameri\u0161ka bivali\u0161\u010da manido.<\/p><p>Posebnost Saivo je v dvojni dolo\u010ditvi kot topografski kraj in kot bivali\u0161\u010de osebnih pomo\u017enih duhov. Ta dvojna dolo\u010ditev je religiofenomenolo\u0161ko samostojna in Saivo razlikuje od povsem topografskih ali povsem teolo\u0161kih konfiguracij.<\/p><p>Znotraj finsko-ugrske tradicije je Saivo sorodna finski predstavi <em>s\u00e4iv\u00f6<\/em>. Strukturna sorodnost ka\u017ee na staro skupno plast. Ta plast je religijskozgodovinsko dobro dokumentirana.<\/p>\t\t\t\t\t\t\t\t<\/div>\n\t\t\t\t<\/div>\n\t\t\t\t\t<\/div>\n\t\t\t\t<\/div>\n\t\t<div class=\"elementor-element elementor-element-iwgw-saivo-s8 e-flex e-con-boxed e-con e-parent\" data-id=\"iwgw-saivo-s8\" data-element_type=\"container\" data-e-type=\"container\">\n\t\t\t\t\t<div class=\"e-con-inner\">\n\t\t\t\t<div class=\"elementor-element elementor-element-iwgw-saivo-s8h elementor-widget elementor-widget-heading\" data-id=\"iwgw-saivo-s8h\" data-element_type=\"widget\" data-e-type=\"widget\" data-widget_type=\"heading.default\">\n\t\t\t\t\t<h2 class=\"elementor-heading-title elementor-size-default\">Raziskave in sodobno stanje<\/h2>\t\t\t\t<\/div>\n\t\t<div class=\"elementor-element elementor-element-iwgw-saivo-s8c e-con-full e-flex e-con e-child\" data-id=\"iwgw-saivo-s8c\" data-element_type=\"container\" data-e-type=\"container\">\n\t\t\t\t<div class=\"elementor-element elementor-element-iwgw-saivo-s8t elementor-widget elementor-widget-text-editor\" data-id=\"iwgw-saivo-s8t\" data-element_type=\"widget\" data-e-type=\"widget\" data-widget_type=\"text-editor.default\">\n\t\t\t\t\t\t\t\t\t<p>Raziskovanje Saivo je \u0161iroko zastavljeno. H\u00e5kan Rydving, Juha Pentik\u00e4inen, Anna Lia Berthelsen in Konsta Kaikkonen so sistemati\u010dno raziskali <span class=\"iwg-fachbegriff\" data-tooltip=\"Znanstveni nauk o Bogu in o veri neke religije.\" tabindex=\"0\">teologijo<\/span> Saivo. Arheolo\u0161ka dela na krajih Saivo dopolnjujejo etnografsko virsko gradivo.<\/p><p>V sodobni samski kulturni revitalizaciji je Saivo pomembna figura. Svete gore in jezera so danes za\u0161\u010diteni kot del samske kulturne dedi\u0161\u010dine, kar je religijskopoliti\u010dno pomemben uspeh.<\/p><p>Znanstveno je obravnava Saivo produktivno raziskovalno podro\u010dje. Konkretne raziskovalne vrzeli obstajajo pri arheolo\u0161kem raziskovanju drugih krajev Saivo in pri natan\u010dni religiofenomenolo\u0161ki raz\u010dlenitvi duhov Saivo.<\/p>\t\t\t\t\t\t\t\t<\/div>\n\t\t\t\t<\/div>\n\t\t\t\t\t<\/div>\n\t\t\t\t<\/div>\n\t\t<div class=\"elementor-element elementor-element-iwgw-saivo-s9 e-flex e-con-boxed e-con e-parent\" data-id=\"iwgw-saivo-s9\" data-element_type=\"container\" data-e-type=\"container\">\n\t\t\t\t\t<div class=\"e-con-inner\">\n\t\t\t\t<div class=\"elementor-element elementor-element-iwgw-saivo-s9h elementor-widget elementor-widget-heading\" data-id=\"iwgw-saivo-s9h\" data-element_type=\"widget\" data-e-type=\"widget\" data-widget_type=\"heading.default\">\n\t\t\t\t\t<h2 class=\"elementor-heading-title elementor-size-default\">Kri\u017ene povezave v leksikonu<\/h2>\t\t\t\t<\/div>\n\t\t<div class=\"elementor-element elementor-element-iwgw-saivo-s9c e-con-full e-flex e-con e-child\" data-id=\"iwgw-saivo-s9c\" data-element_type=\"container\" data-e-type=\"container\">\n\t\t\t\t<div class=\"elementor-element elementor-element-iwgw-saivo-s9t elementor-widget elementor-widget-text-editor\" data-id=\"iwgw-saivo-s9t\" data-element_type=\"widget\" data-e-type=\"widget\" data-widget_type=\"text-editor.default\">\n\t\t\t\t\t\t\t\t\t<p>Saivo se povezuje z <a href=\"https:\/\/iwell-guard.com\/sl\/?page_id=160760\">Jabmiidaibmu<\/a>, <a href=\"https:\/\/iwell-guard.com\/sl\/?page_id=160753\">Beaivi<\/a>, <a href=\"https:\/\/iwell-guard.com\/sl\/?page_id=160754\">M\u00e1nnu<\/a>, <a href=\"https:\/\/iwell-guard.com\/sl\/?page_id=160755\">R\u00e1hka<\/a>, <a href=\"https:\/\/iwell-guard.com\/sl\/?page_id=160756\">Stallo<\/a>, <a href=\"https:\/\/iwell-guard.com\/sl\/?page_id=160757\">Sara-Akka<\/a>, <a href=\"https:\/\/iwell-guard.com\/sl\/?page_id=160759\">Uksakka<\/a>, <a href=\"https:\/\/iwell-guard.com\/sl\/?page_id=160758\">Juksakka<\/a> in <a href=\"https:\/\/iwell-guard.com\/sl\/?page_id=160761\">Madderakka<\/a>. Kulturno vozli\u0161\u010de <a href=\"https:\/\/iwell-guard.com\/sl\/sami-in-ugrofinska-tradicija-noaidi-boben\/\">Samska tradicija<\/a> okvirja svete gorske svetove. Strukturno podobna bivali\u0161\u010da pomo\u017enih duhov najdemo v vrsti gesel <a href=\"https:\/\/iwell-guard.com\/sl\/inuiti-in-arktika-sedna-tornit-zascitna-praksa\/\">Inuitov<\/a> pri <em>Tornarssuk<\/em>.<\/p>\t\t\t\t\t\t\t\t<\/div>\n\t\t\t\t<\/div>\n\t\t\t\t\t<\/div>\n\t\t\t\t<\/div>\n\t\t<div class=\"elementor-element elementor-element-cp2fc47813 e-flex e-con-boxed e-con e-parent\" data-id=\"cp2fc47813\" data-element_type=\"container\" data-e-type=\"container\">\n\t\t\t\t\t<div class=\"e-con-inner\">\n\t\t\t\t<div class=\"elementor-element elementor-element-cp2a94fa09 elementor-widget elementor-widget-heading\" data-id=\"cp2a94fa09\" data-element_type=\"widget\" data-e-type=\"widget\" data-widget_type=\"heading.default\">\n\t\t\t\t\t<h2 class=\"elementor-heading-title elementor-size-default\">Saivo kot kraj in kot podro\u010dje bitij: o pomenu pojma<\/h2>\t\t\t\t<\/div>\n\t\t<div class=\"elementor-element elementor-element-cp2ffcc7ba e-flex e-con-boxed e-con e-child\" data-id=\"cp2ffcc7ba\" data-element_type=\"container\" data-e-type=\"container\">\n\t\t\t\t\t<div class=\"e-con-inner\">\n\t\t\t\t<div class=\"elementor-element elementor-element-cp2493c457 elementor-widget elementor-widget-text-editor\" data-id=\"cp2493c457\" data-element_type=\"widget\" data-e-type=\"widget\" data-widget_type=\"text-editor.default\">\n\t\t\t\t\t\t\t\t\t<p>Samski izraz <em>saivo<\/em> (v regionalnih razli\u010dicah tudi <em>saiva<\/em>, <em>s\u00e1iva<\/em>) ne ozna\u010duje toliko posameznega bitja kot celotno obmo\u010dje onostranskega sveta. V virih se Saivo pojavlja kot sfera, povezana z dolo\u010denimi svetimi jezeri, gorami in kraji v pokrajini.<\/p><p>Zna\u010dilna je predstava o jezerih z dvojnim dnom: pod vidno vodno gladino naj bi le\u017ealo drugo, v katerem obstaja svoj svet s svojimi ribami in bitji.<\/p><p>S Saivom je bila povezana predstava, da tam \u017eivijo bitja <em>saivo<\/em>, med katera so pri\u0161tevali pomo\u010dni\u0161ke duhove <em>noaidijev<\/em>, samskih obrednih strokovnjakov. Ti duhovi so lahko prevzeli \u017eivalsko podobo, na primer kot riba, ptica ali severni jelen saivo, in so noaidiju pomagali pri njegovih potovanjih v onostranske sfere.<\/p><p>Hkrati je Saivo v nekaterih izro\u010dilih veljal za prebivali\u0161\u010de mrtvih ali dolo\u010denih prednikov, tako da izraz ozna\u010duje prostor, v katerem se dotikata svet duhov in svet mrtvih.<\/p><p>Natan\u010dna razmejitev Saivo od drugih onostranskih obmo\u010dij samske <span class=\"iwg-fachbegriff\" data-tooltip=\"Predstava o zgradbi in ureditvi sveta znotraj neke kulture.\" tabindex=\"0\">kozmologije<\/span> v virih ni enotna. Poleg Saivo omenjajo tudi podzemni svet pod zemljo in nebesne sfere, poro\u010dila pa si delno nasprotujejo.<\/p><p>To je posledica po eni strani regionalne raznolikosti samske religije na ogromnem naselitvenem obmo\u010dju, po drugi strani pa fragmentarnega izro\u010dila, ki so ga filtrirali kr\u0161\u010danski opazovalci, torej <span class=\"iwg-fachbegriff\" data-tooltip=\"Prena\u0161anje znanja in pripovedi skozi generacije.\" tabindex=\"0\">izro\u010dilo<\/span>. Lahko re\u010demo, da je Saivo osrednji, a pojmovno nejasen sestavni del samske predstave o ve\u010dplastnem svetu. Sorodne koncepte svetih krajev poznajo tudi druge <a href=\"https:\/\/iwell-guard.com\/sl\/sami-in-ugrofinska-tradicija-noaidi-boben\/\">severnoazijske kulture<\/a>.<\/p>\t\t\t\t\t\t\t\t<\/div>\n\t\t\t\t\t<\/div>\n\t\t\t\t<\/div>\n\t\t\t\t\t<\/div>\n\t\t\t\t<\/div>\n\t\t<div class=\"elementor-element elementor-element-cp2a7ae17a e-flex e-con-boxed e-con e-parent\" data-id=\"cp2a7ae17a\" data-element_type=\"container\" data-e-type=\"container\">\n\t\t\t\t\t<div class=\"e-con-inner\">\n\t\t\t\t<div class=\"elementor-element elementor-element-cp2b8c42db elementor-widget elementor-widget-heading\" data-id=\"cp2b8c42db\" data-element_type=\"widget\" data-e-type=\"widget\" data-widget_type=\"heading.default\">\n\t\t\t\t\t<h2 class=\"elementor-heading-title elementor-size-default\">Duhovi Saivo in \u0161amanska praksa: izro\u010dilo, izkrivljeno zaradi misijonarstva<\/h2>\t\t\t\t<\/div>\n\t\t<div class=\"elementor-element elementor-element-cp2ac09e8f e-flex e-con-boxed e-con e-child\" data-id=\"cp2ac09e8f\" data-element_type=\"container\" data-e-type=\"container\">\n\t\t\t\t\t<div class=\"e-con-inner\">\n\t\t\t\t<div class=\"elementor-element elementor-element-cp21d51adc elementor-widget elementor-widget-text-editor\" data-id=\"cp21d51adc\" data-element_type=\"widget\" data-e-type=\"widget\" data-widget_type=\"text-editor.default\">\n\t\t\t\t\t\t\t\t\t<p>Povezava Saiva s prakso noaidijev naredi ta izraz pomemben za religiologijo, obenem pa je z virokriti\u010dnega vidika posebej problemati\u010den.<\/p><p>Skoraj vse, kar je znano o pomo\u010dni\u0161kih duhovih saivo, izhaja iz zapisov kr\u0161\u010danskih misijonarjev iz 17. in 18. stoletja, ki so noaidija in njegov boben imeli za orodje hudi\u010da. Poro\u010dila o duhovih saivo so torej nastala v okviru aktivnega zatiranja doma\u010de religije.<\/p><p>Ta okoli\u0161\u010dina nastanka je na ve\u010d na\u010dinov zaznamovala <span class=\"iwg-fachbegriff\" data-tooltip=\"Prena\u0161anje znanja in pripovedi skozi generacije.\" tabindex=\"0\">izro\u010dilo<\/span>. Prvi\u010d, opazovalci so duhove saivo demonizirali in jih vklopili v kr\u0161\u010dansko shemo pakta in obsedenosti.<\/p><p>Drugi\u010d, zapisovalce je zanimalo predvsem spektakularno, na primer trans noaidija, medtem ko so vsakdanje vezi Saiva s pokrajino in lovom dele\u017ene manj pozornosti. Tretji\u010d, veliko podatkov izhaja iz zasli\u0161anj, na primer v povezavi s procesi zoper samske obredne strokovnjake, kar dodatno zmanj\u0161uje zanesljivost.<\/p><p>Novej\u0161e raziskave, med drugim delo H\u00e5kana Rydvinga in drugih skandinavistk ter religiologov, zato poudarjajo, da izro\u010dene podobe duhov saivo ne moremo brati kot neposrednega odraza samskih predstav. Nekatere podrobnosti so verjetno misijonarska konstrukcija, druge pa vsaj v jedru odra\u017eajo doma\u010de izro\u010dilo.<\/p><p>Za relativno dobro utemeljeno velja temeljna predstava o Saivu kot onstranskem podro\u010dju, poseljenem z duhovi, ki je bilo povezano s konkretnimi svetimi kraji v pokrajini. Podrobnosti o duhovih saivo in njihovi vlogi v praksi noaidijev pa ostajajo obremenjene z veliko negotovostjo.<\/p>\t\t\t\t\t\t\t\t<\/div>\n\t\t\t\t\t<\/div>\n\t\t\t\t<\/div>\n\t\t\t\t\t<\/div>\n\t\t\t\t<\/div>\n\t\t<div class=\"elementor-element elementor-element-iwgw-saivo-lit e-flex e-con-boxed e-con e-parent\" data-id=\"iwgw-saivo-lit\" data-element_type=\"container\" data-e-type=\"container\">\n\t\t\t\t\t<div class=\"e-con-inner\">\n\t\t\t\t<div class=\"elementor-element elementor-element-iwgw-saivo-lith elementor-widget elementor-widget-heading\" data-id=\"iwgw-saivo-lith\" data-element_type=\"widget\" data-e-type=\"widget\" data-widget_type=\"heading.default\">\n\t\t\t\t\t<h2 class=\"elementor-heading-title elementor-size-default\">Literatura (izbor)<\/h2>\t\t\t\t<\/div>\n\t\t<div class=\"elementor-element elementor-element-iwgw-saivo-litc e-con-full e-flex e-con e-child\" data-id=\"iwgw-saivo-litc\" data-element_type=\"container\" data-e-type=\"container\">\n\t\t\t\t<div class=\"elementor-element elementor-element-iwgw-saivo-litt elementor-widget elementor-widget-text-editor\" data-id=\"iwgw-saivo-litt\" data-element_type=\"widget\" data-e-type=\"widget\" data-widget_type=\"text-editor.default\">\n\t\t\t\t\t\t\t\t\t<div data-nosnippet=\"true\"><ul><li>Johannes Schefferus: <em>Lapponia<\/em> (Frankfurt 1673)<\/li><li>Knud Leem: <em>Beskrivelse over Finmarkens Lapper<\/em> (Kopenhagen 1767)<\/li><li>Lars Levi L\u00e6stadius: <em>Fragmenter i lappska mythologien<\/em> (rokopis pribl. 1840)<\/li><li>H\u00e5kan Rydving: <em>The End of Drum-Time<\/em> (Uppsala 1993)<\/li><li>Juha Pentik\u00e4inen: <em>Saamelaiset<\/em> (Helsinki 1995)<\/li><li>Konsta Kaikkonen: <em>Sami Pre-Christian Religion<\/em> (Helsinki 2020)<\/li><\/ul><\/div>\t\t\t\t\t\t\t\t<\/div>\n\t\t\t\t<\/div>\n\t\t\t\t\t<\/div>\n\t\t\t\t<\/div>\n\t\t<div class=\"elementor-element elementor-element-iwgkw2-add-saivo e-flex e-con-boxed e-con e-parent\" data-id=\"iwgkw2-add-saivo\" data-element_type=\"container\" data-e-type=\"container\">\n\t\t\t\t\t<div class=\"e-con-inner\">\n\t\t\t\t<div class=\"elementor-element elementor-element-iwgkw2-add-saivo-t elementor-widget elementor-widget-text-editor\" data-id=\"iwgkw2-add-saivo-t\" data-element_type=\"widget\" data-e-type=\"widget\" data-widget_type=\"text-editor.default\">\n\t\t\t\t\t\t\t\t\t<p>Saivo v starej\u0161em samskem <span class=\"iwg-fachbegriff\" data-tooltip=\"Prena\u0161anje znanja in pripovedi skozi generacije.\" tabindex=\"0\">izro\u010dilu<\/span> velja za sveto <em>domovanje duhov<\/em> znotraj gora in jezer, kjer prebivajo predniki in \u0161amanske pomo\u010dni\u0161ke \u017eivali ter kamor jih na bobnovih potovanjih obiskuje noaidi.<\/p>\t\t\t\t\t\t\t\t<\/div>\n\t\t\t\t\t<\/div>\n\t\t\t\t<\/div>\n\t\t<div class=\"elementor-element elementor-element-iwgw-saivo-kwd e-flex e-con-boxed e-con e-parent\" data-id=\"iwgw-saivo-kwd\" data-element_type=\"container\" data-e-type=\"container\">\n\t\t\t\t\t<div class=\"e-con-inner\">\n\t\t<div class=\"elementor-element elementor-element-iwgw-saivo-kwdc e-con-full e-flex e-con e-child\" data-id=\"iwgw-saivo-kwdc\" data-element_type=\"container\" data-e-type=\"container\">\n\t\t\t\t<div class=\"elementor-element elementor-element-iwgw-saivo-kwdt elementor-widget elementor-widget-text-editor\" data-id=\"iwgw-saivo-kwdt\" data-element_type=\"widget\" data-e-type=\"widget\" data-widget_type=\"text-editor.default\">\n\t\t\t\t\t\t\t\t\t<p><em>Sorodni klju\u010dni pojmi: Saivo S\u00e1jvva Saaivo Sami sveti svet bivali\u0161\u010de duhov noaidi pomo\u010dni\u0161ki duhovi.<\/em><\/p>\t\t\t\t\t\t\t\t<\/div>\n\t\t\t\t<\/div>\n\t\t\t\t\t<\/div>\n\t\t\t\t<\/div>\n\t\t<div class=\"elementor-element elementor-element-iwgw-saivo-cc e-flex e-con-boxed e-con e-parent\" data-id=\"iwgw-saivo-cc\" data-element_type=\"container\" data-e-type=\"container\" id=\"iwg-cc-saivo\">\n\t\t\t\t\t<div class=\"e-con-inner\">\n\t\t<div class=\"elementor-element elementor-element-iwgw-saivo-ccinner e-flex e-con-boxed e-con e-parent\" data-id=\"iwgw-saivo-ccinner\" data-element_type=\"container\" data-e-type=\"container\" data-settings=\"{&quot;background_background&quot;:&quot;classic&quot;}\">\n\t\t\t\t\t<div class=\"e-con-inner\">\n\t\t\t\t<div class=\"elementor-element elementor-element-iwgw-saivo-cch elementor-widget elementor-widget-heading\" data-id=\"iwgw-saivo-cch\" data-element_type=\"widget\" data-e-type=\"widget\" data-widget_type=\"heading.default\">\n\t\t\t\t\t<h2 class=\"elementor-heading-title elementor-size-default\">iWell Guard in tradicije za\u0161\u010dite<\/h2>\t\t\t\t<\/div>\n\t\t\t\t<div class=\"elementor-element elementor-element-iwgw-saivo-cct elementor-widget elementor-widget-text-editor\" data-id=\"iwgw-saivo-cct\" data-element_type=\"widget\" data-e-type=\"widget\" data-widget_type=\"text-editor.default\">\n\t\t\t\t\t\t\t\t\t<div data-nosnippet=\"true\"><p>iWell Guard nadaljuje kulturnozgodovinsko tradicijo prenosljivih za\u0161\u010ditnih predmetov, v tradiciji <a href=\"https:\/\/iwell-guard.com\/sl\/sami-in-ugrofinska-tradicija-noaidi-boben\/\">Samov<\/a> in \u0161tevilnih drugih kultur po vsem svetu. 41 plasti, pravo zlato, platina, srebro, izdelano v Nem\u010diji. 30-dnevna pravica do vra\u010dila.<\/p><\/div>\t\t\t\t\t\t\t\t<\/div>\n\t\t\t\t<div class=\"elementor-element elementor-element-iwgw-saivo-ccb iwg-cc-button iwg-cc-cta-2026-05-13 elementor-widget elementor-widget-jet-button\" data-id=\"iwgw-saivo-ccb\" data-element_type=\"widget\" data-e-type=\"widget\" data-widget_type=\"jet-button.default\">\n\t\t\t\t<div class=\"elementor-widget-container\">\n\t\t\t\t\t<div class=\"elementor-jet-button jet-elements\"><div class=\"jet-button__container\"><a class=\"jet-button__instance jet-button__instance--icon-left hover-effect-1\" href=\"\/ueber-iwell-guard\/?utm_source=iwell-guard.com&amp;utm_medium=info-box&amp;utm_campaign=wesen-tradition\"><div class=\"jet-button__plane jet-button__plane-normal\"><\/div><div class=\"jet-button__plane jet-button__plane-hover\"><\/div><div class=\"jet-button__state jet-button__state-normal\"><span class=\"jet-button__label\">Ve\u010d o iWell Guard<\/span><\/div><div class=\"jet-button__state jet-button__state-hover\"><span class=\"jet-button__label\">Ve\u010d o iWell Guard<\/span><\/div><\/a><\/div><\/div><style>.elementor-element.elementor-element-iwgw-saivo-ccb .jet-button__instance{width:320px;height:56px;}.elementor-element.elementor-element-iwgw-saivo-ccb .jet-button__state-normal .jet-button__label{text-align:center;margin:0px 0px 0px 0px;color:#1a1b20;font-family:Montserrat,sans-serif;font-size:13px;font-weight:400;letter-spacing:4px;line-height:1.714em;text-transform:uppercase;}.elementor-element.elementor-element-iwgw-saivo-ccb .jet-button__state-hover .jet-button__label{text-align:center;margin:0px 0px 0px 0px;color:#FECC76;font-family:Montserrat,sans-serif;font-size:13px;font-weight:400;letter-spacing:4px;line-height:1.714em;text-transform:uppercase;}.elementor-element.elementor-element-iwgw-saivo-ccb .jet-button__plane-normal{background-color:#FECC76;border-style:solid;border-color:#C99540;border-width:2px 2px 2px 2px;}.elementor-element.elementor-element-iwgw-saivo-ccb .jet-button__plane-hover{background-color:rgba(0,0,0,0.55);border-style:solid;border-color:#FECC76;border-width:2px 2px 2px 2px;}<\/style>\t\t\t\t<\/div>\n\t\t\t\t<\/div>\n\t\t\t\t<div class=\"elementor-element elementor-element-iwgw-saivo-ccd elementor-widget elementor-widget-text-editor\" data-id=\"iwgw-saivo-ccd\" data-element_type=\"widget\" data-e-type=\"widget\" data-widget_type=\"text-editor.default\">\n\t\t\t\t\t\t\t\t\t<div data-nosnippet=\"true\"><p style=\"text-align:center;font-size:13px;opacity:0.7;margin-top:14px\" data-nosnippet=\"true\">Osebne izku\u0161nje se lahko razlikujejo. Ni medicinski pripomo\u010dek. Brez obljube o ozdravitvi.<\/p><\/div>\t\t\t\t\t\t\t\t<\/div>\n\t\t\t\t\t<\/div>\n\t\t\t\t<\/div>\n\t\t\t\t\t<\/div>\n\t\t\t\t<\/div>\n\t\t<div class=\"elementor-element elementor-element-iwgw-saivo-disc e-flex e-con-boxed e-con e-parent\" data-id=\"iwgw-saivo-disc\" data-element_type=\"container\" data-e-type=\"container\">\n\t\t\t\t\t<div class=\"e-con-inner\">\n\t\t\t\t<div class=\"elementor-element elementor-element-iwgw-saivo-discw elementor-widget elementor-widget-html\" data-id=\"iwgw-saivo-discw\" data-element_type=\"widget\" data-e-type=\"widget\" data-widget_type=\"html.default\">\n\t\t\t\t\t<footer data-nosnippet=\"true\" class=\"iwg-disclaimer-block\"><p data-nosnippet=\"true\">iWell Guard <strong>ni medicinski pripomo\u010dek<\/strong> in ne nadome\u0161\u010da zdravni\u0161ke ali psihoterapevtske obravnave. Religiologske vsebine so kulturnozgodovinska umestitev, ne priporo\u010dilo za duhovno prakso.<\/p><\/footer>\t\t\t\t<\/div>\n\t\t\t\t\t<\/div>\n\t\t\t\t<\/div>\n\t\t\t\t<\/div>\n\t\t","protected":false},"excerpt":{"rendered":"","protected":false},"author":3,"featured_media":2889,"parent":0,"menu_order":0,"comment_status":"closed","ping_status":"closed","template":"elementor_header_footer","meta":{"_yoast_wpseo_focuskw":"Saivo Sami sveti svet","_yoast_wpseo_title":"Saivo - sveti svet in dom duhov Samov","_yoast_wpseo_metadesc":"Saivo je sveti gorski in jezerski svet samske religije, bivali\u0161\u010de \u0161amanskih pomo\u010dnikov. Religiologska umestitev.","_yoast_wpseo_meta-robots-noindex":"","_yoast_wpseo_canonical":"","_angie_page":false,"gefaehrdungsstufe":"1","wesen_kultur":"sami","wesen_klasse":"geister","footnotes":""},"categories":[],"class_list":["post-160762","page","type-page","status-publish","has-post-thumbnail","hentry"],"yoast_head":"<!-- This site is optimized with the Yoast SEO Premium plugin v27.7 (Yoast SEO v28.3) - https:\/\/yoast.com\/product\/yoast-seo-premium-wordpress\/ -->\n<title>Saivo - sveti svet in dom duhov Samov<\/title>\n<meta name=\"description\" content=\"Saivo je sveti gorski in jezerski svet samske religije, bivali\u0161\u010de \u0161amanskih pomo\u010dnikov. Religiologska umestitev.\" \/>\n<meta name=\"robots\" content=\"index, follow, max-snippet:-1, max-image-preview:large, max-video-preview:-1\" \/>\n<link rel=\"canonical\" href=\"https:\/\/iwell-guard.com\/sl\/saivo-sveti-gorski-jezerski-svet-samov\/\" \/>\n<meta property=\"og:locale\" content=\"sl_SI\" \/>\n<meta property=\"og:type\" content=\"article\" \/>\n<meta property=\"og:title\" content=\"Saivo - sveti gorski in jezerski svet Samov\" \/>\n<meta property=\"og:description\" content=\"Saivo je sveti gorski in jezerski svet samske religije, bivali\u0161\u010de \u0161amanskih pomo\u010dnikov. Religiologska umestitev.\" \/>\n<meta property=\"og:url\" content=\"https:\/\/iwell-guard.com\/sl\/saivo-sveti-gorski-jezerski-svet-samov\/\" \/>\n<meta property=\"og:site_name\" content=\"iWell Guard\" \/>\n<meta property=\"article:modified_time\" content=\"2026-09-05T00:45:32+00:00\" \/>\n<meta property=\"og:image\" content=\"https:\/\/iwell-guard.com\/wp-content\/uploads\/2026\/05\/geister_sami_saivo.webp\" \/>\n\t<meta property=\"og:image:width\" content=\"1024\" \/>\n\t<meta property=\"og:image:height\" content=\"1536\" \/>\n\t<meta property=\"og:image:type\" content=\"image\/webp\" \/>\n<meta name=\"twitter:card\" content=\"summary_large_image\" \/>\n<script type=\"application\/ld+json\" class=\"yoast-schema-graph\">{\"@context\":\"https:\\\/\\\/schema.org\",\"@graph\":[{\"@type\":\"WebPage\",\"@id\":\"https:\\\/\\\/iwell-guard.com\\\/sl\\\/saivo-sveti-gorski-jezerski-svet-samov\\\/\",\"url\":\"https:\\\/\\\/iwell-guard.com\\\/sl\\\/saivo-sveti-gorski-jezerski-svet-samov\\\/\",\"name\":\"Saivo - sveti svet in dom duhov Samov\",\"isPartOf\":{\"@id\":\"https:\\\/\\\/iwell-guard.com\\\/sl\\\/#website\"},\"primaryImageOfPage\":{\"@id\":\"https:\\\/\\\/iwell-guard.com\\\/sl\\\/saivo-sveti-gorski-jezerski-svet-samov\\\/#primaryimage\"},\"image\":{\"@id\":\"https:\\\/\\\/iwell-guard.com\\\/sl\\\/saivo-sveti-gorski-jezerski-svet-samov\\\/#primaryimage\"},\"thumbnailUrl\":\"https:\\\/\\\/iwell-guard.com\\\/wp-content\\\/uploads\\\/2026\\\/05\\\/geister_sami_saivo.webp\",\"datePublished\":\"2026-09-05T00:25:31+00:00\",\"dateModified\":\"2026-09-05T00:45:32+00:00\",\"description\":\"Saivo je sveti gorski in jezerski svet samske religije, bivali\u0161\u010de \u0161amanskih pomo\u010dnikov. Religiologska umestitev.\",\"breadcrumb\":{\"@id\":\"https:\\\/\\\/iwell-guard.com\\\/sl\\\/saivo-sveti-gorski-jezerski-svet-samov\\\/#breadcrumb\"},\"inLanguage\":\"sl-SI\",\"potentialAction\":[{\"@type\":\"ReadAction\",\"target\":[\"https:\\\/\\\/iwell-guard.com\\\/sl\\\/saivo-sveti-gorski-jezerski-svet-samov\\\/\"]}]},{\"@type\":\"ImageObject\",\"inLanguage\":\"sl-SI\",\"@id\":\"https:\\\/\\\/iwell-guard.com\\\/sl\\\/saivo-sveti-gorski-jezerski-svet-samov\\\/#primaryimage\",\"url\":\"https:\\\/\\\/iwell-guard.com\\\/wp-content\\\/uploads\\\/2026\\\/05\\\/geister_sami_saivo.webp\",\"contentUrl\":\"https:\\\/\\\/iwell-guard.com\\\/wp-content\\\/uploads\\\/2026\\\/05\\\/geister_sami_saivo.webp\",\"width\":1024,\"height\":1536,\"caption\":\"Duhovi iz tradicije Samijev.\"},{\"@type\":\"BreadcrumbList\",\"@id\":\"https:\\\/\\\/iwell-guard.com\\\/sl\\\/saivo-sveti-gorski-jezerski-svet-samov\\\/#breadcrumb\",\"itemListElement\":[{\"@type\":\"ListItem\",\"position\":1,\"name\":\"Start\",\"item\":\"https:\\\/\\\/iwell-guard.com\\\/sl\\\/?page_id=160323\"},{\"@type\":\"ListItem\",\"position\":2,\"name\":\"Saivo &#8211; sveti gorski in jezerski svet Samov\"}]},{\"@type\":\"WebSite\",\"@id\":\"https:\\\/\\\/iwell-guard.com\\\/sl\\\/#website\",\"url\":\"https:\\\/\\\/iwell-guard.com\\\/sl\\\/\",\"name\":\"iWell Guard\",\"description\":\"Schutz vor dunklen Einfl\u00fcssen\",\"publisher\":{\"@id\":\"https:\\\/\\\/iwell-guard.com\\\/sl\\\/#organization\"},\"potentialAction\":[{\"@type\":\"SearchAction\",\"target\":{\"@type\":\"EntryPoint\",\"urlTemplate\":\"https:\\\/\\\/iwell-guard.com\\\/sl\\\/?s={search_term_string}\"},\"query-input\":{\"@type\":\"PropertyValueSpecification\",\"valueRequired\":true,\"valueName\":\"search_term_string\"}}],\"inLanguage\":\"sl-SI\"},{\"@type\":\"Organization\",\"@id\":\"https:\\\/\\\/iwell-guard.com\\\/sl\\\/#organization\",\"name\":\"Ittermann electronic GmbH\",\"url\":\"https:\\\/\\\/iwell-guard.com\\\/sl\\\/\",\"logo\":{\"@type\":\"ImageObject\",\"inLanguage\":\"sl-SI\",\"@id\":\"https:\\\/\\\/iwell-guard.com\\\/sl\\\/#\\\/schema\\\/logo\\\/image\\\/\",\"url\":\"https:\\\/\\\/iwell-guard.com\\\/wp-content\\\/uploads\\\/2026\\\/05\\\/Ittermann-Logo-1182x237-1.png\",\"contentUrl\":\"https:\\\/\\\/iwell-guard.com\\\/wp-content\\\/uploads\\\/2026\\\/05\\\/Ittermann-Logo-1182x237-1.png\",\"width\":1182,\"height\":237,\"caption\":\"Ittermann electronic GmbH\"},\"image\":{\"@id\":\"https:\\\/\\\/iwell-guard.com\\\/sl\\\/#\\\/schema\\\/logo\\\/image\\\/\"},\"sameAs\":[\"https:\\\/\\\/pantip.com\\\/profile\\\/9367242\",\"https:\\\/\\\/micro.blog\\\/iwellguard\",\"https:\\\/\\\/www.diggerslist.com\\\/iwellguard\\\/about\",\"https:\\\/\\\/skitterphoto.com\\\/photographers\\\/2870314\\\/iwell-guard\",\"https:\\\/\\\/iwellguard.wordpress.com\\\/2026\\\/06\\\/06\\\/iwell-guard\\\/\",\"https:\\\/\\\/hub.docker.com\\\/u\\\/iwellguard\",\"https:\\\/\\\/www.pinterest.com\\\/iwellguard\\\/\",\"https:\\\/\\\/bit.ly\\\/m\\\/iwellguard\",\"https:\\\/\\\/entre-vos-mains.alsace.eu\\\/profiles\\\/iwellguard\\\/activity\",\"https:\\\/\\\/gravatar.com\\\/reallybeded8fd34\",\"https:\\\/\\\/naijamatta.com\\\/iwellguard\",\"https:\\\/\\\/www.goodreads.com\\\/iwellguard\",\"https:\\\/\\\/profile.hatena.ne.jp\\\/iwellguard\\\/\",\"https:\\\/\\\/experiment.com\\\/users\\\/iwellguard\",\"https:\\\/\\\/wakelet.com\\\/@iWellGuard82270\",\"https:\\\/\\\/www.chordie.com\\\/forum\\\/profile.php?id=2555664\",\"https:\\\/\\\/www.instapaper.com\\\/p\\\/17757966\",\"https:\\\/\\\/www.mapleprimes.com\\\/users\\\/iwellguard\",\"https:\\\/\\\/businesslistingplus.com\\\/profile\\\/iwell-guard\\\/\",\"https:\\\/\\\/telegra.ph\\\/iWell-Guard-06-06\",\"https:\\\/\\\/pbase.com\\\/iwellguard\\\/iwellguard\",\"https:\\\/\\\/b.hatena.ne.jp\\\/iwellguard\\\/20260607#bookmark-4788405196491818882\",\"https:\\\/\\\/fliphtml5.com\\\/home\\\/iwellguard\",\"https:\\\/\\\/anyflip.com\\\/homepage\\\/cmiwl#About\",\"https:\\\/\\\/transfur.com\\\/Users\\\/iwellguard\",\"http:\\\/\\\/delphi.larsbo.org\\\/user\\\/iwellguard\",\"https:\\\/\\\/jobs.lajobsportal.org\\\/profiles\\\/8380803-iwell-guard\",\"https:\\\/\\\/md.chaosdorf.de\\\/s\\\/jfbe5SBdJD\",\"https:\\\/\\\/www.lingvolive.com\\\/en-us\\\/profile\\\/9ecaeaca-ce11-4e51-9e71-01d55e2bff36\\\/translations\",\"https:\\\/\\\/www.fitday.com\\\/fitness\\\/forums\\\/members\\\/iwellguard.html\",\"https:\\\/\\\/www.mymeetbook.com\\\/iwellguard\",\"https:\\\/\\\/pxhere.com\\\/en\\\/photographer-me\\\/5040798\",\"https:\\\/\\\/disqus.com\\\/by\\\/iwellguard\\\/about\\\/\",\"https:\\\/\\\/pastelink.net\\\/hjwciqwq\",\"https:\\\/\\\/pubhtml5.com\\\/homepage\\\/scjhn\\\/\",\"https:\\\/\\\/www.bitchute.com\\\/channel\\\/2O2eOKzNqujT\",\"https:\\\/\\\/audiomack.com\\\/iwellguard\"]},{\"@type\":\"Article\",\"@id\":\"https:\\\/\\\/iwell-guard.com\\\/sl\\\/saivo-sveti-gorski-jezerski-svet-samov\\\/#article\",\"isPartOf\":{\"@id\":\"https:\\\/\\\/iwell-guard.com\\\/sl\\\/saivo-sveti-gorski-jezerski-svet-samov\\\/\"},\"author\":{\"name\":\"Ralf Ittermann\",\"@id\":\"https:\\\/\\\/iwell-guard.com\\\/sl\\\/#\\\/schema\\\/person\\\/ee2a27f1cac3406c7c6fb5820cb7349f\"},\"headline\":\"Saivo &#8211; sveti gorski in jezerski svet Samov\",\"datePublished\":\"2026-09-05T00:25:31+00:00\",\"dateModified\":\"2026-09-05T00:45:32+00:00\",\"mainEntityOfPage\":{\"@id\":\"https:\\\/\\\/iwell-guard.com\\\/sl\\\/saivo-sveti-gorski-jezerski-svet-samov\\\/\"},\"publisher\":{\"@id\":\"https:\\\/\\\/iwell-guard.com\\\/sl\\\/#organization\"},\"image\":{\"@id\":\"https:\\\/\\\/iwell-guard.com\\\/sl\\\/saivo-sveti-gorski-jezerski-svet-samov\\\/#primaryimage\"},\"thumbnailUrl\":\"https:\\\/\\\/iwell-guard.com\\\/wp-content\\\/uploads\\\/2026\\\/05\\\/geister_sami_saivo.webp\",\"inLanguage\":\"sl-SI\",\"description\":\"Saivo je sveti gorski in jezerski svet samske religije, bivali\u0161\u010de \u0161amanskih pomo\u010dnikov. Religiologska umestitev.\"}]}<\/script>\n<!-- \/ Yoast SEO Premium plugin. -->","yoast_head_json":{"title":"Saivo - sveti svet in dom duhov Samov","description":"Saivo je sveti gorski in jezerski svet samske religije, bivali\u0161\u010de \u0161amanskih pomo\u010dnikov. Religiologska umestitev.","robots":{"index":"index","follow":"follow","max-snippet":"max-snippet:-1","max-image-preview":"max-image-preview:large","max-video-preview":"max-video-preview:-1"},"canonical":"https:\/\/iwell-guard.com\/sl\/saivo-sveti-gorski-jezerski-svet-samov\/","og_locale":"sl_SI","og_type":"article","og_title":"Saivo - sveti gorski in jezerski svet Samov","og_description":"Saivo je sveti gorski in jezerski svet samske religije, bivali\u0161\u010de \u0161amanskih pomo\u010dnikov. Religiologska umestitev.","og_url":"https:\/\/iwell-guard.com\/sl\/saivo-sveti-gorski-jezerski-svet-samov\/","og_site_name":"iWell Guard","article_modified_time":"2026-09-05T00:45:32+00:00","og_image":[{"width":1024,"height":1536,"url":"https:\/\/iwell-guard.com\/wp-content\/uploads\/2026\/05\/geister_sami_saivo.webp","type":"image\/webp"}],"twitter_card":"summary_large_image","schema":{"@context":"https:\/\/schema.org","@graph":[{"@type":"Article","@id":"https:\/\/iwell-guard.com\/sl\/saivo-sveti-gorski-jezerski-svet-samov\/#article","isPartOf":{"@id":"https:\/\/iwell-guard.com\/sl\/saivo-sveti-gorski-jezerski-svet-samov\/"},"author":{"name":"Ralf Ittermann","@id":"https:\/\/iwell-guard.com\/sl\/#\/schema\/person\/ee2a27f1cac3406c7c6fb5820cb7349f"},"headline":"Saivo &#8211; sveti gorski in jezerski svet Samov","datePublished":"2026-09-05T00:25:31+00:00","dateModified":"2026-09-05T00:45:32+00:00","mainEntityOfPage":{"@id":"https:\/\/iwell-guard.com\/sl\/saivo-sveti-gorski-jezerski-svet-samov\/"},"publisher":{"@id":"https:\/\/iwell-guard.com\/sl\/#organization"},"image":{"@id":"https:\/\/iwell-guard.com\/sl\/saivo-sveti-gorski-jezerski-svet-samov\/#primaryimage"},"thumbnailUrl":"https:\/\/iwell-guard.com\/wp-content\/uploads\/2026\/05\/geister_sami_saivo.webp","inLanguage":"sl-SI","description":"Saivo je sveti gorski in jezerski svet samske religije, bivali\u0161\u010de \u0161amanskih pomo\u010dnikov. Religiologska umestitev."},{"@type":"WebPage","@id":"https:\/\/iwell-guard.com\/sl\/saivo-sveti-gorski-jezerski-svet-samov\/","url":"https:\/\/iwell-guard.com\/sl\/saivo-sveti-gorski-jezerski-svet-samov\/","name":"Saivo - sveti svet in dom duhov Samov","isPartOf":{"@id":"https:\/\/iwell-guard.com\/sl\/#website"},"primaryImageOfPage":{"@id":"https:\/\/iwell-guard.com\/sl\/saivo-sveti-gorski-jezerski-svet-samov\/#primaryimage"},"image":{"@id":"https:\/\/iwell-guard.com\/sl\/saivo-sveti-gorski-jezerski-svet-samov\/#primaryimage"},"thumbnailUrl":"https:\/\/iwell-guard.com\/wp-content\/uploads\/2026\/05\/geister_sami_saivo.webp","datePublished":"2026-09-05T00:25:31+00:00","dateModified":"2026-09-05T00:45:32+00:00","description":"Saivo je sveti gorski in jezerski svet samske religije, bivali\u0161\u010de \u0161amanskih pomo\u010dnikov. Religiologska umestitev.","breadcrumb":{"@id":"https:\/\/iwell-guard.com\/sl\/saivo-sveti-gorski-jezerski-svet-samov\/#breadcrumb"},"inLanguage":"sl-SI","potentialAction":[{"@type":"ReadAction","target":["https:\/\/iwell-guard.com\/sl\/saivo-sveti-gorski-jezerski-svet-samov\/"]}]},{"@type":"ImageObject","inLanguage":"sl-SI","@id":"https:\/\/iwell-guard.com\/sl\/saivo-sveti-gorski-jezerski-svet-samov\/#primaryimage","url":"https:\/\/iwell-guard.com\/wp-content\/uploads\/2026\/05\/geister_sami_saivo.webp","contentUrl":"https:\/\/iwell-guard.com\/wp-content\/uploads\/2026\/05\/geister_sami_saivo.webp","width":1024,"height":1536,"caption":"Duhovi iz tradicije Samijev."},{"@type":"BreadcrumbList","@id":"https:\/\/iwell-guard.com\/sl\/saivo-sveti-gorski-jezerski-svet-samov\/#breadcrumb","itemListElement":[{"@type":"ListItem","position":1,"name":"Start","item":"https:\/\/iwell-guard.com\/sl\/?page_id=160323"},{"@type":"ListItem","position":2,"name":"Saivo &#8211; sveti gorski in jezerski svet Samov"}]},{"@type":"WebSite","@id":"https:\/\/iwell-guard.com\/sl\/#website","url":"https:\/\/iwell-guard.com\/sl\/","name":"iWell Guard","description":"Schutz vor dunklen Einfl\u00fcssen","publisher":{"@id":"https:\/\/iwell-guard.com\/sl\/#organization"},"potentialAction":[{"@type":"SearchAction","target":{"@type":"EntryPoint","urlTemplate":"https:\/\/iwell-guard.com\/sl\/?s={search_term_string}"},"query-input":{"@type":"PropertyValueSpecification","valueRequired":true,"valueName":"search_term_string"}}],"inLanguage":"sl-SI"},{"@type":"Organization","@id":"https:\/\/iwell-guard.com\/sl\/#organization","name":"Ittermann electronic GmbH","url":"https:\/\/iwell-guard.com\/sl\/","logo":{"@type":"ImageObject","inLanguage":"sl-SI","@id":"https:\/\/iwell-guard.com\/sl\/#\/schema\/logo\/image\/","url":"https:\/\/iwell-guard.com\/wp-content\/uploads\/2026\/05\/Ittermann-Logo-1182x237-1.png","contentUrl":"https:\/\/iwell-guard.com\/wp-content\/uploads\/2026\/05\/Ittermann-Logo-1182x237-1.png","width":1182,"height":237,"caption":"Ittermann electronic GmbH"},"image":{"@id":"https:\/\/iwell-guard.com\/sl\/#\/schema\/logo\/image\/"},"sameAs":["https:\/\/pantip.com\/profile\/9367242","https:\/\/micro.blog\/iwellguard","https:\/\/www.diggerslist.com\/iwellguard\/about","https:\/\/skitterphoto.com\/photographers\/2870314\/iwell-guard","https:\/\/iwellguard.wordpress.com\/2026\/06\/06\/iwell-guard\/","https:\/\/hub.docker.com\/u\/iwellguard","https:\/\/www.pinterest.com\/iwellguard\/","https:\/\/bit.ly\/m\/iwellguard","https:\/\/entre-vos-mains.alsace.eu\/profiles\/iwellguard\/activity","https:\/\/gravatar.com\/reallybeded8fd34","https:\/\/naijamatta.com\/iwellguard","https:\/\/www.goodreads.com\/iwellguard","https:\/\/profile.hatena.ne.jp\/iwellguard\/","https:\/\/experiment.com\/users\/iwellguard","https:\/\/wakelet.com\/@iWellGuard82270","https:\/\/www.chordie.com\/forum\/profile.php?id=2555664","https:\/\/www.instapaper.com\/p\/17757966","https:\/\/www.mapleprimes.com\/users\/iwellguard","https:\/\/businesslistingplus.com\/profile\/iwell-guard\/","https:\/\/telegra.ph\/iWell-Guard-06-06","https:\/\/pbase.com\/iwellguard\/iwellguard","https:\/\/b.hatena.ne.jp\/iwellguard\/20260607#bookmark-4788405196491818882","https:\/\/fliphtml5.com\/home\/iwellguard","https:\/\/anyflip.com\/homepage\/cmiwl#About","https:\/\/transfur.com\/Users\/iwellguard","http:\/\/delphi.larsbo.org\/user\/iwellguard","https:\/\/jobs.lajobsportal.org\/profiles\/8380803-iwell-guard","https:\/\/md.chaosdorf.de\/s\/jfbe5SBdJD","https:\/\/www.lingvolive.com\/en-us\/profile\/9ecaeaca-ce11-4e51-9e71-01d55e2bff36\/translations","https:\/\/www.fitday.com\/fitness\/forums\/members\/iwellguard.html","https:\/\/www.mymeetbook.com\/iwellguard","https:\/\/pxhere.com\/en\/photographer-me\/5040798","https:\/\/disqus.com\/by\/iwellguard\/about\/","https:\/\/pastelink.net\/hjwciqwq","https:\/\/pubhtml5.com\/homepage\/scjhn\/","https:\/\/www.bitchute.com\/channel\/2O2eOKzNqujT","https:\/\/audiomack.com\/iwellguard"]},{"@type":"Person","@id":"https:\/\/iwell-guard.com\/sl\/#\/schema\/person\/ee2a27f1cac3406c7c6fb5820cb7349f","name":"Ralf Ittermann","image":{"@type":"ImageObject","inLanguage":"sl-SI","@id":"https:\/\/secure.gravatar.com\/avatar\/073c0153e350a5005b68eb752b445fea71f6b24a26da9449ad7e155e6b446c9d?s=96&d=mm&r=g","url":"https:\/\/secure.gravatar.com\/avatar\/073c0153e350a5005b68eb752b445fea71f6b24a26da9449ad7e155e6b446c9d?s=96&d=mm&r=g","contentUrl":"https:\/\/secure.gravatar.com\/avatar\/073c0153e350a5005b68eb752b445fea71f6b24a26da9449ad7e155e6b446c9d?s=96&d=mm&r=g","caption":"Ralf Ittermann"},"givenName":"Ralf","familyName":"Ittermann","jobTitle":"Gesch\u00e4ftsf\u00fchrer und redaktioneller Verantwortlicher","url":"https:\/\/iwell-guard.com\/sl\/author\/claude\/","description":"Ralf Ittermann ist Gesch\u00e4ftsf\u00fchrer der Ittermann electronic GmbH und redaktioneller Verantwortlicher des iWell-Guard-Lexikons. Er verbindet langj\u00e4hrige Erfahrung in der Pr\u00e4zisionsfertigung mit medialer Praxis und religionsgeschichtlicher Quellenarbeit.","worksFor":{"@type":"Organization","name":"Ittermann electronic GmbH","url":"https:\/\/ittermann.de\/","address":{"@type":"PostalAddress","streetAddress":"K\u00f6hlergasse 16-18","postalCode":"99842","addressLocality":"Ruhla","addressCountry":"DE"}},"knowsAbout":["Religionsgeschichte","Mythologie","Mediale Praxis","Energetische Diagnostik","Schutzpraxis","Volksglauben","Westliche Esoterik"]},{"@type":"Article","@id":"https:\/\/iwell-guard.com\/sl\/saivo-sveti-gorski-jezerski-svet-samov\/#article","isPartOf":{"@id":"https:\/\/iwell-guard.com\/sl\/saivo-sveti-gorski-jezerski-svet-samov\/"},"author":{"name":"Ralf Ittermann","@id":"https:\/\/iwell-guard.com\/sl\/#\/schema\/person\/ee2a27f1cac3406c7c6fb5820cb7349f"},"headline":"Saivo &#8211; sveti gorski in jezerski svet Samov","datePublished":"2026-09-05T00:25:31+00:00","dateModified":"2026-09-05T00:45:32+00:00","mainEntityOfPage":{"@id":"https:\/\/iwell-guard.com\/sl\/saivo-sveti-gorski-jezerski-svet-samov\/"},"publisher":{"@id":"https:\/\/iwell-guard.com\/sl\/#organization"},"image":{"@id":"https:\/\/iwell-guard.com\/sl\/saivo-sveti-gorski-jezerski-svet-samov\/#primaryimage"},"thumbnailUrl":"https:\/\/iwell-guard.com\/wp-content\/uploads\/2026\/05\/geister_sami_saivo.webp","inLanguage":"sl-SI","description":"Saivo je sveti gorski in jezerski svet samske religije, bivali\u0161\u010de \u0161amanskih pomo\u010dnikov. Religiologska umestitev."}]}},"_links":{"self":[{"href":"https:\/\/iwell-guard.com\/sl\/wp-json\/wp\/v2\/pages\/160762","targetHints":{"allow":["GET"]}}],"collection":[{"href":"https:\/\/iwell-guard.com\/sl\/wp-json\/wp\/v2\/pages"}],"about":[{"href":"https:\/\/iwell-guard.com\/sl\/wp-json\/wp\/v2\/types\/page"}],"author":[{"embeddable":true,"href":"https:\/\/iwell-guard.com\/sl\/wp-json\/wp\/v2\/users\/3"}],"replies":[{"embeddable":true,"href":"https:\/\/iwell-guard.com\/sl\/wp-json\/wp\/v2\/comments?post=160762"}],"version-history":[{"count":0,"href":"https:\/\/iwell-guard.com\/sl\/wp-json\/wp\/v2\/pages\/160762\/revisions"}],"wp:featuredmedia":[{"embeddable":true,"href":"https:\/\/iwell-guard.com\/sl\/wp-json\/wp\/v2\/media\/2889"}],"wp:attachment":[{"href":"https:\/\/iwell-guard.com\/sl\/wp-json\/wp\/v2\/media?parent=160762"}],"wp:term":[{"taxonomy":"category","embeddable":true,"href":"https:\/\/iwell-guard.com\/sl\/wp-json\/wp\/v2\/categories?post=160762"}],"curies":[{"name":"wp","href":"https:\/\/api.w.org\/{rel}","templated":true}]}}