{"id":160756,"date":"2026-09-05T00:25:24","date_gmt":"2026-09-05T00:25:24","guid":{"rendered":"https:\/\/iwell-guard.com\/?page_id=160756"},"modified":"2026-09-05T00:45:23","modified_gmt":"2026-09-05T00:45:23","slug":"stallo-ljudozerski-velikan-samske-tradicije","status":"publish","type":"page","link":"https:\/\/iwell-guard.com\/sl\/stallo-ljudozerski-velikan-samske-tradicije\/","title":{"rendered":"Stallo \u2013 Ljudo\u017eerski velikan iz samske tradicije"},"content":{"rendered":"\t\t<div data-elementor-type=\"wp-page\" data-elementor-id=\"160756\" class=\"elementor elementor-160756 elementor-2667 elementor-bc-flex-widget\" data-elementor-post-type=\"page\">\n\t\t\t\t<div class=\"elementor-element elementor-element-iwgw-stallo-hero e-flex e-con-boxed e-con e-parent\" data-id=\"iwgw-stallo-hero\" data-element_type=\"container\" data-e-type=\"container\" data-settings=\"{&quot;background_background&quot;:&quot;classic&quot;}\">\n\t\t\t\t\t<div class=\"e-con-inner\">\n\t\t<div class=\"elementor-element elementor-element-iwgw-stallo-hl e-flex e-con-boxed e-con e-child\" data-id=\"iwgw-stallo-hl\" data-element_type=\"container\" data-e-type=\"container\">\n\t\t\t\t\t<div class=\"e-con-inner\">\n\t\t<div class=\"elementor-element elementor-element-iwgw-stallo-htxt e-con-full e-flex e-con e-child\" data-id=\"iwgw-stallo-htxt\" data-element_type=\"container\" data-e-type=\"container\">\n\t\t\t\t<div class=\"elementor-element elementor-element-iwgw-stallo-h1 elementor-widget elementor-widget-heading\" data-id=\"iwgw-stallo-h1\" data-element_type=\"widget\" data-e-type=\"widget\" data-widget_type=\"heading.default\">\n\t\t\t\t\t<h1 class=\"elementor-heading-title elementor-size-default\">Stallo \u2013 Ljudo\u017eerski velikan in prevarantski antagonist samske tradicije<\/h1>\t\t\t\t<\/div>\n\t\t\t\t<div class=\"elementor-element elementor-element-iwgw-stallo-lead elementor-widget elementor-widget-text-editor\" data-id=\"iwgw-stallo-lead\" data-element_type=\"widget\" data-e-type=\"widget\" data-widget_type=\"text-editor.default\">\n\t\t\t\t\t\t\t\t\t<p>Stallo, v dialektalnih razli\u010dicah tudi Staaloe ali Staaloh, je ljudo\u017eerski velikan samske pripovedne tradicije. Nastopa kot antagonist v \u0161tevilnih pripovedih, v katerih ga samski protagonisti premagajo z zvija\u010do. Religiolo\u0161ko sodi v \u0161irok razred velikanskih antagonistov severnoevropskih mitologij.<\/p>\t\t\t\t\t\t\t\t<\/div>\n\t\t\t\t<\/div>\n\t\t<div class=\"elementor-element elementor-element-iwgw-stallo-pillc e-con-full e-flex e-con e-child\" data-id=\"iwgw-stallo-pillc\" data-element_type=\"container\" data-e-type=\"container\">\n\t\t\t\t<div class=\"elementor-element elementor-element-iwgw-stallo-pills elementor-widget elementor-widget-html\" data-id=\"iwgw-stallo-pills\" data-element_type=\"widget\" data-e-type=\"widget\" data-widget_type=\"html.default\">\n\t\t\t\t\t<div class=\"iwg-pill-row\"><span class=\"iwg-klasse-badge\" tabindex=\"0\" data-tooltip=\"Velikan tradicije Sami.\">Velikan<\/span><a href=\"https:\/\/iwell-guard.com\/sl\/sami-in-ugrofinska-tradicija-noaidi-boben\/\" class=\"iwg-kultur-badge\" tabindex=\"0\" data-tooltip=\"Mitologija tradicije Sami.\">Sami<\/a><span class=\"iwg-tradition-badge\" tabindex=\"0\" data-tooltip=\"Velikansko bitje in antagonist.\">Velikansko bitje in antagonist<\/span><\/div>\t\t\t\t<\/div>\n\t\t\t\t<\/div>\n\t\t<div class=\"elementor-element elementor-element-iwgw-stallo-tocc e-con-full e-flex e-con e-child\" data-id=\"iwgw-stallo-tocc\" data-element_type=\"container\" data-e-type=\"container\">\n\t\t\t\t<div class=\"elementor-element elementor-element-iwgw-stallo-toc elementor-toc--minimized-on-tablet elementor-widget elementor-widget-table-of-contents\" data-id=\"iwgw-stallo-toc\" data-element_type=\"widget\" data-e-type=\"widget\" data-settings=\"{&quot;headings_by_tags&quot;:[&quot;h2&quot;,&quot;h3&quot;],&quot;minimize_box&quot;:&quot;yes&quot;,&quot;marker_view&quot;:&quot;bullets&quot;,&quot;no_headings_message&quot;:&quot;Na tej strani ni najdenih naslovov.&quot;,&quot;exclude_headings_by_selector&quot;:[],&quot;icon&quot;:{&quot;value&quot;:&quot;fas fa-circle&quot;,&quot;library&quot;:&quot;fa-solid&quot;,&quot;rendered_tag&quot;:&quot;&lt;svg class=\\&quot;e-font-icon-svg e-fas-circle\\&quot; viewBox=\\&quot;0 0 512 512\\&quot; xmlns=\\&quot;http:\\\/\\\/www.w3.org\\\/2000\\\/svg\\&quot;&gt;&lt;path d=\\&quot;M256 8C119 8 8 119 8 256s111 248 248 248 248-111 248-248S393 8 256 8z\\&quot;&gt;&lt;\\\/path&gt;&lt;\\\/svg&gt;&quot;},&quot;minimized_on&quot;:&quot;tablet&quot;,&quot;hierarchical_view&quot;:&quot;yes&quot;,&quot;min_height&quot;:{&quot;unit&quot;:&quot;px&quot;,&quot;size&quot;:&quot;&quot;,&quot;sizes&quot;:[]},&quot;min_height_tablet&quot;:{&quot;unit&quot;:&quot;px&quot;,&quot;size&quot;:&quot;&quot;,&quot;sizes&quot;:[]},&quot;min_height_mobile&quot;:{&quot;unit&quot;:&quot;px&quot;,&quot;size&quot;:&quot;&quot;,&quot;sizes&quot;:[]}}\" data-widget_type=\"table-of-contents.default\">\n\t\t\t\t\t\t\t\t\t<div class=\"elementor-toc__header\">\n\t\t\t\t\t\t<h2 class=\"elementor-toc__header-title\">\n\t\t\t\tKazalo vsebine\t\t\t<\/h2>\n\t\t\t\t\t\t\t\t\t\t<div class=\"elementor-toc__toggle-button elementor-toc__toggle-button--expand\" role=\"button\" tabindex=\"0\" aria-controls=\"elementor-toc__iwgw-stallo-toc\" aria-expanded=\"true\" aria-label=\"Open table of contents\"><svg aria-hidden=\"true\" class=\"e-font-icon-svg e-fas-chevron-down\" viewBox=\"0 0 448 512\" xmlns=\"http:\/\/www.w3.org\/2000\/svg\"><path d=\"M207.029 381.476L12.686 187.132c-9.373-9.373-9.373-24.569 0-33.941l22.667-22.667c9.357-9.357 24.522-9.375 33.901-.04L224 284.505l154.745-154.021c9.379-9.335 24.544-9.317 33.901.04l22.667 22.667c9.373 9.373 9.373 24.569 0 33.941L240.971 381.476c-9.373 9.372-24.569 9.372-33.942 0z\"><\/path><\/svg><\/div>\n\t\t\t\t<div class=\"elementor-toc__toggle-button elementor-toc__toggle-button--collapse\" role=\"button\" tabindex=\"0\" aria-controls=\"elementor-toc__iwgw-stallo-toc\" aria-expanded=\"true\" aria-label=\"Close table of contents\"><svg aria-hidden=\"true\" class=\"e-font-icon-svg e-fas-chevron-up\" viewBox=\"0 0 448 512\" xmlns=\"http:\/\/www.w3.org\/2000\/svg\"><path d=\"M240.971 130.524l194.343 194.343c9.373 9.373 9.373 24.569 0 33.941l-22.667 22.667c-9.357 9.357-24.522 9.375-33.901.04L224 227.495 69.255 381.516c-9.379 9.335-24.544 9.317-33.901-.04l-22.667-22.667c-9.373-9.373-9.373-24.569 0-33.941L207.03 130.525c9.372-9.373 24.568-9.373 33.941-.001z\"><\/path><\/svg><\/div>\n\t\t\t\t\t<\/div>\n\t\t\t\t<div id=\"elementor-toc__iwgw-stallo-toc\" class=\"elementor-toc__body\">\n\t\t\t<div class=\"elementor-toc__spinner-container\">\n\t\t\t\t<svg class=\"elementor-toc__spinner eicon-animation-spin e-font-icon-svg e-eicon-loading\" aria-hidden=\"true\" viewBox=\"0 0 1000 1000\" xmlns=\"http:\/\/www.w3.org\/2000\/svg\"><path d=\"M500 975V858C696 858 858 696 858 500S696 142 500 142 142 304 142 500H25C25 237 238 25 500 25S975 237 975 500 763 975 500 975Z\"><\/path><\/svg>\t\t\t<\/div>\n\t\t<\/div>\n\t\t\t\t\t\t<\/div>\n\t\t\t\t<\/div>\n\t\t\t\t\t<\/div>\n\t\t\t\t<\/div>\n\t\t<div class=\"elementor-element elementor-element-iwgw-stallo-hr e-con-full e-flex e-con e-child\" data-id=\"iwgw-stallo-hr\" data-element_type=\"container\" data-e-type=\"container\">\n\t\t\t\t<div class=\"elementor-element elementor-element-iwgw-stallo-heroimg iwg-hero-image elementor-widget elementor-widget-image\" data-id=\"iwgw-stallo-heroimg\" data-element_type=\"widget\" data-e-type=\"widget\" data-widget_type=\"image.default\">\n\t\t\t\t\t\t\t\t\t\t\t\t\t\t\t<img fetchpriority=\"high\" decoding=\"async\" width=\"683\" height=\"1024\" src=\"https:\/\/iwell-guard.com\/wp-content\/uploads\/2026\/05\/goetter_sami_stallo-683x1024.webp\" class=\"attachment-large size-large wp-image-162507\" alt=\"Stallo - bogovi iz samske (samijske) tradicije, zgodovinsko-ilustrativno\" srcset=\"https:\/\/iwell-guard.com\/wp-content\/uploads\/2026\/05\/goetter_sami_stallo-683x1024.webp 683w, https:\/\/iwell-guard.com\/wp-content\/uploads\/2026\/05\/goetter_sami_stallo-200x300.webp 200w, https:\/\/iwell-guard.com\/wp-content\/uploads\/2026\/05\/goetter_sami_stallo-768x1152.webp 768w, https:\/\/iwell-guard.com\/wp-content\/uploads\/2026\/05\/goetter_sami_stallo.webp 1024w\" sizes=\"(max-width: 683px) 100vw, 683px\" \/>\t\t\t\t\t\t\t\t\t\t\t\t\t\t\t<\/div>\n\t\t\t\t<\/div>\n\t\t\t\t\t<\/div>\n\t\t\t\t<\/div>\n\t\t\t\t<section class=\"elementor-section elementor-top-section elementor-element elementor-element-sec-iwgcomp-stallo elementor-section-boxed elementor-section-height-default elementor-section-height-default\" data-id=\"sec-iwgcomp-stallo\" data-element_type=\"section\" data-e-type=\"section\">\n\t\t\t\t\t\t<div class=\"elementor-container elementor-column-gap-default\">\n\t\t\t\t\t<div class=\"elementor-column elementor-col-100 elementor-top-column elementor-element elementor-element-col-iwgcomp-stallo\" data-id=\"col-iwgcomp-stallo\" data-element_type=\"column\" data-e-type=\"column\">\n\t\t\t<div class=\"elementor-widget-wrap elementor-element-populated\">\n\t\t\t\t\t\t<div class=\"elementor-element elementor-element-iwgcomp-stallo elementor-widget elementor-widget-text-editor\" data-id=\"iwgcomp-stallo\" data-element_type=\"widget\" data-e-type=\"widget\" data-widget_type=\"text-editor.default\">\n\t\t\t\t\t\t\t\t\t<p>Stallo velja za <strong>velikanskega antagonista<\/strong> v pripovedih samskih kme\u010dkih skupnosti, ljudo\u017eerskega izob\u010denca.<\/p>\t\t\t\t\t\t\t\t<\/div>\n\t\t\t\t\t<\/div>\n\t\t<\/div>\n\t\t\t\t\t<\/div>\n\t\t<\/section>\n\t\t<div class=\"elementor-element elementor-element-iwgw-stallo-s0 e-flex e-con-boxed e-con e-parent\" data-id=\"iwgw-stallo-s0\" data-element_type=\"container\" data-e-type=\"container\">\n\t\t\t\t\t<div class=\"e-con-inner\">\n\t\t\t\t<div class=\"elementor-element elementor-element-iwgw-stallo-s0h elementor-widget elementor-widget-heading\" data-id=\"iwgw-stallo-s0h\" data-element_type=\"widget\" data-e-type=\"widget\" data-widget_type=\"heading.default\">\n\t\t\t\t\t<h2 class=\"elementor-heading-title elementor-size-default\">Umestitev in kratek profil<\/h2>\t\t\t\t<\/div>\n\t\t<div class=\"elementor-element elementor-element-iwgw-stallo-s0c e-con-full e-flex e-con e-child\" data-id=\"iwgw-stallo-s0c\" data-element_type=\"container\" data-e-type=\"container\">\n\t\t\t\t<div class=\"elementor-element elementor-element-iwgw-stallo-s0t elementor-widget elementor-widget-text-editor\" data-id=\"iwgw-stallo-s0t\" data-element_type=\"widget\" data-e-type=\"widget\" data-widget_type=\"text-editor.default\">\n\t\t\t\t\t\t\t\t\t<p>Stallo spada v pripovedno plast samske tradicije, ki je bolj kot lastni religiozni <span class=\"iwg-fachbegriff\" data-tooltip=\"Znanstveni nauk o Bogu in veri neke religije.\" tabindex=\"0\">teologiji<\/span> pripisana mitolo\u0161ko-narativni tradiciji. Za razliko od <a href=\"https:\/\/iwell-guard.com\/sl\/?page_id=160753\">Beaivi<\/a>, <a href=\"https:\/\/iwell-guard.com\/sl\/?page_id=160755\">R\u00e1hka<\/a> ali Akk Stallo ni kultna figura, temve\u010d narativno bitje, ki se pojavlja v \u0161tevilnih pripovedih.<\/p><p>Pripovedi o Stallu so raz\u0161irjene v samskih jezikovnih regijah, od severne \u0160vedske preko Norve\u0161ke do Finske in Rusije. V njih je Stallo ve\u010dinoma prikazan kot topoumen in surov velikan, ki ga premetenej\u0161i Sami premagajo z zvija\u010do. Ta konstelacija prevaranta in antiheroja je religiofenomenolo\u0161ko lasten pojav.<\/p><p>Religiologsko je natan\u010den polo\u017eaj Stalla med religijo in <span class=\"iwg-fachbegriff\" data-tooltip=\"Izro\u010dena ljudska kultura z obi\u010daji, pripovedmi in pesmimi.\" tabindex=\"0\">folkloro<\/span> sporen. Nekateri raziskovalci (Pentik\u00e4inen) v njem vidijo zgodovinsko poveli\u010danega antagonista, drugi (Rydving) povsem narativno figuro, spet drugi (Kaikkonen) pa opozarjajo na njegovo \u0161amansko funkcijo iniciacijske figure.<\/p><p>Tudi narativna velikanska podoba Stalla je bila v novej\u0161ih raziskavah obravnavana z raz\u0161irjenimi pristopi, ki povezujejo etnografsko natan\u010dnost, jezikovno-kriti\u010dno preverjanje <span class=\"iwg-fachbegriff\" data-tooltip=\"Prena\u0161anje znanja in pripovedi skozi generacije.\" tabindex=\"0\">izro\u010dila<\/span> in primerjalno uvrstitev. Samski znanstveniki in znanstvenice danes sami pripadajo tej raziskovalni skupnosti in popravljajo starej\u0161e zahodne razlage Stalla, v katerih so se ponekod odra\u017eala kolonialna stali\u0161\u010da.<\/p><p>V \u0161ir\u0161i znanstveni primerjavi se Stallo, o katerem pripovedujejo od severne \u0160vedske preko Norve\u0161ke do Finske in Rusije, uvr\u0161\u010da v vzorec cirkumpolarne religiozno-narativne topografije. Dejstvo, da njena osnovna struktura ostaja stabilna preko tiso\u010de kilometrov, velja za eno najbolj presenetljivih ugotovitev stroke in se \u0161e danes obravnava.<\/p>\t\t\t\t\t\t\t\t<\/div>\n\t\t\t\t<\/div>\n\t\t\t\t\t<\/div>\n\t\t\t\t<\/div>\n\t\t<div class=\"elementor-element elementor-element-iwgw-stallo-s1 e-flex e-con-boxed e-con e-parent\" data-id=\"iwgw-stallo-s1\" data-element_type=\"container\" data-e-type=\"container\">\n\t\t\t\t\t<div class=\"e-con-inner\">\n\t\t\t\t<div class=\"elementor-element elementor-element-iwgw-stallo-s1h elementor-widget elementor-widget-heading\" data-id=\"iwgw-stallo-s1h\" data-element_type=\"widget\" data-e-type=\"widget\" data-widget_type=\"heading.default\">\n\t\t\t\t\t<h2 class=\"elementor-heading-title elementor-size-default\">Ime in etimologija<\/h2>\t\t\t\t<\/div>\n\t\t<div class=\"elementor-element elementor-element-iwgw-stallo-s1c e-con-full e-flex e-con e-child\" data-id=\"iwgw-stallo-s1c\" data-element_type=\"container\" data-e-type=\"container\">\n\t\t\t\t<div class=\"elementor-element elementor-element-iwgw-stallo-s1t elementor-widget elementor-widget-text-editor\" data-id=\"iwgw-stallo-s1t\" data-element_type=\"widget\" data-e-type=\"widget\" data-widget_type=\"text-editor.default\">\n\t\t\t\t\t\t\t\t\t<p>Etimologija imena Stallo ni dokon\u010dno pojasnjena. Ena hipoteza ga povezuje s staronordijskim <em>stallari<\/em>, kar je prvotno pomenilo konju\u0161ni\u010dar ali mar\u0161al in je v staronordijski sagni literaturi ozna\u010devalo \u010dastno funkcijo.<\/p><p>Druga hipoteza opozarja na lasten samski koren s pomenom velikan ali veliki. To vpra\u0161anje je metodolo\u0161ko pomembno, saj bi etimolo\u0161ka povezava s staronordijskim izrazom govorila za kulturnozgodovinsko sti\u010dno plast.<\/p><p>Dialektalne razli\u010dice so Staaloe v ju\u017enosamskem, Staaloh v umskosamskem, St\u00e1llu v lulskosamskem jezikovnem rabi. Raznolikost oblik ustreza splo\u0161ni dialektalni raz\u010dlenjenosti samskega jezika in potrjuje \u0161iroko raz\u0161irjenost figure.<\/p><p>Dopolnilno se lahko religiosociolo\u0161ko vpra\u0161amo, kak\u0161no funkcijo so imele pripovedi o Stallu v dru\u017ebeni ureditvi tradicionalne samske skupnosti, na primer kot nau\u010dne pripovedi o zvija\u010di, nevarnosti in povezanosti.<\/p><p>Religiozna predstava in dru\u017ebena praksa tudi tu nista bili lo\u010deni, temve\u010d tesno povezani. Ta prepletenost predstavlja lastno religioantropolo\u0161ko raziskovalno podro\u010dje, ki sta ga sistemati\u010dno preu\u010devala zlasti H\u00e5kan Rydving in Konsta Kaikkonen.<\/p><p>Nadaljnja raven se nana\u0161a na dana\u0161nji pomen Stalla za samsko identitetno politiko. V okviru samske samoupravi in mednarodnopravnega priznanja pravic avtohtonih ljudstev tudi narativne podobe tradicije pridobivajo novo vidnost. Razmerje med religiologijo in politi\u010dno samopotrditvijo pri tem predstavlja lastno delovno podro\u010dje, ki se v zadnjih letih intenzivneje obdeluje.<\/p>\t\t\t\t\t\t\t\t<\/div>\n\t\t\t\t<\/div>\n\t\t\t\t\t<\/div>\n\t\t\t\t<\/div>\n\t\t<div class=\"elementor-element elementor-element-iwgw-stallo-s2 e-flex e-con-boxed e-con e-parent\" data-id=\"iwgw-stallo-s2\" data-element_type=\"container\" data-e-type=\"container\">\n\t\t\t\t\t<div class=\"e-con-inner\">\n\t\t\t\t<div class=\"elementor-element elementor-element-iwgw-stallo-s2h elementor-widget elementor-widget-heading\" data-id=\"iwgw-stallo-s2h\" data-element_type=\"widget\" data-e-type=\"widget\" data-widget_type=\"heading.default\">\n\t\t\t\t\t<h2 class=\"elementor-heading-title elementor-size-default\">Opis in zna\u010daj<\/h2>\t\t\t\t<\/div>\n\t\t<div class=\"elementor-element elementor-element-iwgw-stallo-s2c e-con-full e-flex e-con e-child\" data-id=\"iwgw-stallo-s2c\" data-element_type=\"container\" data-e-type=\"container\">\n\t\t\t\t<div class=\"elementor-element elementor-element-iwgw-stallo-s2t elementor-widget elementor-widget-text-editor\" data-id=\"iwgw-stallo-s2t\" data-element_type=\"widget\" data-e-type=\"widget\" data-widget_type=\"text-editor.default\">\n\t\t\t\t\t\t\t\t\t<p>Stallo je v pripovedih ve\u010dinoma opisan kot velik, mo\u010dan, a topoumen in surov velikan. Pogosto je opremljen z \u017eelezno opremo, kar ga lo\u010di od Samov, ki so tradicionalno uporabljali les, kosti in rogovino. Ta asimetrija materialov je znanstveno zanimiva.<\/p><p>Po zna\u010daju je Stallo po\u017ere\u0161en, nasilen, a ga je zlahka prelisi\u010diti. V pripovedih ga Sami ve\u010dinoma premagajo z zvija\u010do, na primer tako, da ga zvabijo v zanko, ga opijanijo ali ga preslepijo z alegorijo. Ta konstelacija prevare in zvija\u010de je pripovedno-fenomenolo\u0161ko zna\u010dilna.<\/p><p>Ikonografsko Stallo v tradicionalni kulturi ni bil upodobljen. V sodobni samski umetnosti in literaturi se pogosteje pojavlja, ve\u010dinoma kot kriti\u010dno-humorna figura, v\u010dasih kot alegorija kolonialne gro\u017enje. To sodobno prila\u0161\u010danje je religiofenomenolo\u0161ko lasten pojav.<\/p>\t\t\t\t\t\t\t\t<\/div>\n\t\t\t\t<\/div>\n\t\t\t\t\t<\/div>\n\t\t\t\t<\/div>\n\t\t<div class=\"elementor-element elementor-element-iwgw-stallo-s3 e-flex e-con-boxed e-con e-parent\" data-id=\"iwgw-stallo-s3\" data-element_type=\"container\" data-e-type=\"container\">\n\t\t\t\t\t<div class=\"e-con-inner\">\n\t\t\t\t<div class=\"elementor-element elementor-element-iwgw-stallo-s3h elementor-widget elementor-widget-heading\" data-id=\"iwgw-stallo-s3h\" data-element_type=\"widget\" data-e-type=\"widget\" data-widget_type=\"heading.default\">\n\t\t\t\t\t<h2 class=\"elementor-heading-title elementor-size-default\">Pripovedi o Stallu in njihova zgradba<\/h2>\t\t\t\t<\/div>\n\t\t<div class=\"elementor-element elementor-element-iwgw-stallo-s3c e-con-full e-flex e-con e-child\" data-id=\"iwgw-stallo-s3c\" data-element_type=\"container\" data-e-type=\"container\">\n\t\t\t\t<div class=\"elementor-element elementor-element-iwgw-stallo-s3t elementor-widget elementor-widget-text-editor\" data-id=\"iwgw-stallo-s3t\" data-element_type=\"widget\" data-e-type=\"widget\" data-widget_type=\"text-editor.default\">\n\t\t\t\t\t\t\t\t\t<p>Tipi\u010dna pripoved o Stallu sledi ustaljenemu pripovednemu vzorcu: Sami sre\u010da Stalla, znajde se v nevarnosti, poi\u0161\u010de premeteno re\u0161itev, premaga Stalla in se vrne z bogato zaplembo. Ta struktura je podobna trickstrskim pripovedim mnogih kultur.<\/p><p>Konkretne pripovedi se v podrobnostih razlikujejo. V eni znani pripovedi Sami lovec premaga Stalla s predlogom, naj skupaj pojedeta, ga zvabi v skalno razpoko in ga tam ubije.<\/p><p>V drugi pripovedi dva brata Stalla zvabita v ko\u010do, kjer mu v grlo zabodeta razbeljeno \u017eelezno palico. Te nasilne re\u0161itve so pripovedno-fenomenolo\u0161ko zna\u010dilne.<\/p><p>Znanstveno je pripovedno gradivo o Stallu obse\u017eno dokumentirano v velikih samskih zbirkah pripovedk, na primer pri Justu Knudu Qvigstadu in Konradu Nielsenu. Te zbirke tvorijo svoje raziskovalno podro\u010dje in so religiozno-etnolo\u0161ko dragocene.<\/p>\t\t\t\t\t\t\t\t<\/div>\n\t\t\t\t<\/div>\n\t\t\t\t\t<\/div>\n\t\t\t\t<\/div>\n\t\t<div class=\"elementor-element elementor-element-iwgw-stallo-s4 e-flex e-con-boxed e-con e-parent\" data-id=\"iwgw-stallo-s4\" data-element_type=\"container\" data-e-type=\"container\">\n\t\t\t\t\t<div class=\"e-con-inner\">\n\t\t\t\t<div class=\"elementor-element elementor-element-iwgw-stallo-s4h elementor-widget elementor-widget-heading\" data-id=\"iwgw-stallo-s4h\" data-element_type=\"widget\" data-e-type=\"widget\" data-widget_type=\"heading.default\">\n\t\t\t\t\t<h2 class=\"elementor-heading-title elementor-size-default\">Zgodovinske razlage<\/h2>\t\t\t\t<\/div>\n\t\t<div class=\"elementor-element elementor-element-iwgw-stallo-s4c e-con-full e-flex e-con e-child\" data-id=\"iwgw-stallo-s4c\" data-element_type=\"container\" data-e-type=\"container\">\n\t\t\t\t<div class=\"elementor-element elementor-element-iwgw-stallo-s4t elementor-widget elementor-widget-text-editor\" data-id=\"iwgw-stallo-s4t\" data-element_type=\"widget\" data-e-type=\"widget\" data-widget_type=\"text-editor.default\">\n\t\t\t\t\t\t\t\t\t<p>Ena vidnej\u0161ih hipotez starej\u0161ega raziskovanja je Stalla razlagala kot poveli\u010dan spomin na nesamske vsiljivce, na primer na skandinavske vikin\u0161ke roparske pohode ali ruske kolonizatorje. Prednost te hipoteze je, da razlo\u017ei asimetrijo materialov (Stallo z \u017eelezom, Sami z lesom).<\/p><p>Znanstveno je ta hipoteza verjetna, vendar ne povsem prepri\u010dljiva. Pripovedi o Stallu obstajajo tudi v obmo\u010djih, kjer neposreden stik s tujimi vsiljivci ni izpri\u010dan. Zgolj zgodovinsko-racionalizirajo\u010da razlaga torej ne zado\u0161\u010da.<\/p><p>Alternativna razlaga v Stallu vidi kozmolo\u0161ko antagonisti\u010dno figuro, ki v vsaki kulturi slu\u017ei kot potreben nasprotni pol kulturnemu jazu. To strukturalisti\u010dno branje je religiozno-fenomenolo\u0161ko plodno in ustreza \u0161ir\u0161emu razredu velikanskih antagonistov v mnogih mitologijah.<\/p>\t\t\t\t\t\t\t\t<\/div>\n\t\t\t\t<\/div>\n\t\t\t\t\t<\/div>\n\t\t\t\t<\/div>\n\t\t<div class=\"elementor-element elementor-element-iwgw-stallo-s5 e-flex e-con-boxed e-con e-parent\" data-id=\"iwgw-stallo-s5\" data-element_type=\"container\" data-e-type=\"container\">\n\t\t\t\t\t<div class=\"e-con-inner\">\n\t\t\t\t<div class=\"elementor-element elementor-element-iwgw-stallo-s5h elementor-widget elementor-widget-heading\" data-id=\"iwgw-stallo-s5h\" data-element_type=\"widget\" data-e-type=\"widget\" data-widget_type=\"heading.default\">\n\t\t\t\t\t<h2 class=\"elementor-heading-title elementor-size-default\">Stallo in \u0161amanski obred iniciacije<\/h2>\t\t\t\t<\/div>\n\t\t<div class=\"elementor-element elementor-element-iwgw-stallo-s5c e-con-full e-flex e-con e-child\" data-id=\"iwgw-stallo-s5c\" data-element_type=\"container\" data-e-type=\"container\">\n\t\t\t\t<div class=\"elementor-element elementor-element-iwgw-stallo-s5t elementor-widget elementor-widget-text-editor\" data-id=\"iwgw-stallo-s5t\" data-element_type=\"widget\" data-e-type=\"widget\" data-widget_type=\"text-editor.default\">\n\t\t\t\t\t\t\t\t\t<p>Konsta Kaikkonen in nekateri drugi raziskovalci so predlagali branje Stalla kot iniciacijske figure samskega <span class=\"iwg-fachbegriff\" data-tooltip=\"Religiozni sistem, v katerem specialisti ob\u010dujejo z duhovnim svetom.\" tabindex=\"0\">\u0161amanizma<\/span>. Mladi kandidati za <em>noaidi<\/em> so morali svojo usposobljenost izkazati v simbolnem soo\u010denju s Stallu podobnimi figurami. Ta hipoteza je sporna, ima pa hevristi\u010dno vrednost.<\/p><p>\u010ce bi to branje dr\u017ei, Stallo ne bi bil le pripovedna, temve\u010d tudi obredna figura. Religiozno-fenomenolo\u0161ki pomen bi bil velik, saj bi premaknil mejo med <span class=\"iwg-fachbegriff\" data-tooltip=\"Izro\u010dena ljudska kultura z obi\u010daji, pripovedmi in pesmimi.\" tabindex=\"0\">folkloro<\/span> in religijo v samski tradiciji.<\/p><p>Metodolo\u0161ko je to hipotezo te\u017eko preveriti, ker je neposredna obredna praksa zaradi misijonarjenja ve\u010dinoma prekinjena. Posredni namigi v pripovedih lahko hipotezo podprejo, ne morejo pa je dokon\u010dno potrditi. Ta metodolo\u0161ka previdnost je znanstveno potrebna.<\/p>\t\t\t\t\t\t\t\t<\/div>\n\t\t\t\t<\/div>\n\t\t\t\t\t<\/div>\n\t\t\t\t<\/div>\n\t\t<div class=\"elementor-element elementor-element-iwgw-stallo-s6 e-flex e-con-boxed e-con e-parent\" data-id=\"iwgw-stallo-s6\" data-element_type=\"container\" data-e-type=\"container\">\n\t\t\t\t\t<div class=\"e-con-inner\">\n\t\t\t\t<div class=\"elementor-element elementor-element-iwgw-stallo-s6h elementor-widget elementor-widget-heading\" data-id=\"iwgw-stallo-s6h\" data-element_type=\"widget\" data-e-type=\"widget\" data-widget_type=\"heading.default\">\n\t\t\t\t\t<h2 class=\"elementor-heading-title elementor-size-default\">Stallo v primerjavi z velikanskimi antagonisti<\/h2>\t\t\t\t<\/div>\n\t\t<div class=\"elementor-element elementor-element-iwgw-stallo-s6c e-con-full e-flex e-con e-child\" data-id=\"iwgw-stallo-s6c\" data-element_type=\"container\" data-e-type=\"container\">\n\t\t\t\t<div class=\"elementor-element elementor-element-iwgw-stallo-s6t elementor-widget elementor-widget-text-editor\" data-id=\"iwgw-stallo-s6t\" data-element_type=\"widget\" data-e-type=\"widget\" data-widget_type=\"text-editor.default\">\n\t\t\t\t\t\t\t\t\t<p>Stallo spada v \u0161ir\u0161i razred velikanskih antagonistov v severnoevropskih mitologijah. Strukturno primerljivi so staronordijski j\u00f6tuni, finski <em>j\u00e4tit<\/em>, ruski velikani <em>volot<\/em> in pripovedi o velikanih pri <a href=\"https:\/\/iwell-guard.com\/sl\/inuiti-in-arktika-sedna-tornit-zascitna-praksa\/\">Inuitih<\/a>, v katerih so premagana mitolo\u0161ka predhodna bitja.<\/p><p>V primerjavi s staronordijskimi j\u00f6tuni je Stallo bistveno preprosteje zasnovan. Nima lastne mitolo\u0161ke genealogije, kakr\u0161no predstavlja svet j\u00f6tunov \u00datgardr, nima lastnih bogov, nima lastne <span class=\"iwg-fachbegriff\" data-tooltip=\"Znanstveni nauk o Bogu in o verovanju neke religije.\" tabindex=\"0\">teologije<\/span>. Stallo je bolj tipska figura kot polno razvit mitolo\u0161ki nasprotni pol.<\/p><p>Ta pripovedna preprostost je znanstveno pomenljiva. Ka\u017ee, da samska tradicija velikanske antagoniste uporablja kot pripovedno orodje, brez da bi jih razvila v celoten mitolo\u0161ki svet. Religiozno-fenomenolo\u0161ko je ta funkcionalnost samostojna.<\/p>\t\t\t\t\t\t\t\t<\/div>\n\t\t\t\t<\/div>\n\t\t\t\t\t<\/div>\n\t\t\t\t<\/div>\n\t\t<div class=\"elementor-element elementor-element-iwgw-stallo-s7 e-flex e-con-boxed e-con e-parent\" data-id=\"iwgw-stallo-s7\" data-element_type=\"container\" data-e-type=\"container\">\n\t\t\t\t\t<div class=\"e-con-inner\">\n\t\t\t\t<div class=\"elementor-element elementor-element-iwgw-stallo-s7h elementor-widget elementor-widget-heading\" data-id=\"iwgw-stallo-s7h\" data-element_type=\"widget\" data-e-type=\"widget\" data-widget_type=\"heading.default\">\n\t\t\t\t\t<h2 class=\"elementor-heading-title elementor-size-default\">Stallo v sodobnem lastninjenju<\/h2>\t\t\t\t<\/div>\n\t\t<div class=\"elementor-element elementor-element-iwgw-stallo-s7c e-con-full e-flex e-con e-child\" data-id=\"iwgw-stallo-s7c\" data-element_type=\"container\" data-e-type=\"container\">\n\t\t\t\t<div class=\"elementor-element elementor-element-iwgw-stallo-s7t elementor-widget elementor-widget-text-editor\" data-id=\"iwgw-stallo-s7t\" data-element_type=\"widget\" data-e-type=\"widget\" data-widget_type=\"text-editor.default\">\n\t\t\t\t\t\t\t\t\t<p>V sodobni samski kulturi je Stallo plodna figura. Pisatelji, kot je Nils-Aslak Valkeap\u00e4\u00e4, umetniki, kot je Britta Marakatt-Labba, in filmski ustvarjalci, kot je Nils Gaup, so Stalla uporabili, pogosto kot alegorijo kolonialne gro\u017enje ali kot <span class=\"iwg-fachbegriff\" data-tooltip=\"Znak, ki nadomestno stoji za neko predstavo ali pomen.\" tabindex=\"0\">simbol<\/span> samopotrditve proti zunanjim silam.<\/p><p>Film <em>Pathfinder<\/em> (Ofela\u0161, 1987) re\u017eiserja Nilsa Gaupa je Stallu podobne figure vidno postavil na oder in tako figuro odprl mednarodni javnosti. Ta recepcija je religiozno-fenomenolo\u0161ko lasten pojav.<\/p><p>V pedago\u0161ki praksi samskih \u0161ol se Stallo uporablja kot identifikacijska figura. Didakti\u010dna funkcija je v zgledu premetenega Samija, ki z zvija\u010do premaga grobo silo. To pedago\u0161ko lastninjenje je religijsko-didakti\u010dno svoje podro\u010dje.<\/p>\t\t\t\t\t\t\t\t<\/div>\n\t\t\t\t<\/div>\n\t\t\t\t\t<\/div>\n\t\t\t\t<\/div>\n\t\t<div class=\"elementor-element elementor-element-iwgw-stallo-s8 e-flex e-con-boxed e-con e-parent\" data-id=\"iwgw-stallo-s8\" data-element_type=\"container\" data-e-type=\"container\">\n\t\t\t\t\t<div class=\"e-con-inner\">\n\t\t\t\t<div class=\"elementor-element elementor-element-iwgw-stallo-s8h elementor-widget elementor-widget-heading\" data-id=\"iwgw-stallo-s8h\" data-element_type=\"widget\" data-e-type=\"widget\" data-widget_type=\"heading.default\">\n\t\t\t\t\t<h2 class=\"elementor-heading-title elementor-size-default\">Raziskave in sodobno stanje<\/h2>\t\t\t\t<\/div>\n\t\t<div class=\"elementor-element elementor-element-iwgw-stallo-s8c e-con-full e-flex e-con e-child\" data-id=\"iwgw-stallo-s8c\" data-element_type=\"container\" data-e-type=\"container\">\n\t\t\t\t<div class=\"elementor-element elementor-element-iwgw-stallo-s8t elementor-widget elementor-widget-text-editor\" data-id=\"iwgw-stallo-s8t\" data-element_type=\"widget\" data-e-type=\"widget\" data-widget_type=\"text-editor.default\">\n\t\t\t\t\t\t\t\t\t<p>Raziskovanje Stalla je obse\u017eno. Just Knud Qvigstad je v svojih <em>Lappische M\u00e4rchen- und Sagenvarianten<\/em> (1925-1929) predstavil temeljno zbirko. Juha Pentik\u00e4inen, H\u00e5kan Rydving in Konsta Kaikkonen so opravili religiozno-antropolo\u0161ko obdelavo.<\/p><p>V primerjalni religiozni fenomenologiji se Stallo obravnava kot zgleden primer severnoevropskih velikanskih antagonistov. Ta umestitev omogo\u010da strukturne primerjave, ki so znanstveno plodne.<\/p><p>Konkretne raziskovalne vrzeli obstajajo pri natan\u010dnem razlo\u010devanju med <span class=\"iwg-fachbegriff\" data-tooltip=\"Kar sodi k dolo\u010denemu religioznemu obrednemu poteku.\" tabindex=\"0\">obredno<\/span>-religiozno in pripovedno-folkloristi\u010dno funkcijo Stalla. To razlo\u010devanje je metodolo\u0161ko zahtevno, vendar pomembno za natan\u010dno znanstveno umestitev figure.<\/p>\t\t\t\t\t\t\t\t<\/div>\n\t\t\t\t<\/div>\n\t\t\t\t\t<\/div>\n\t\t\t\t<\/div>\n\t\t<div class=\"elementor-element elementor-element-iwgw-stallo-s9 e-flex e-con-boxed e-con e-parent\" data-id=\"iwgw-stallo-s9\" data-element_type=\"container\" data-e-type=\"container\">\n\t\t\t\t\t<div class=\"e-con-inner\">\n\t\t\t\t<div class=\"elementor-element elementor-element-iwgw-stallo-s9h elementor-widget elementor-widget-heading\" data-id=\"iwgw-stallo-s9h\" data-element_type=\"widget\" data-e-type=\"widget\" data-widget_type=\"heading.default\">\n\t\t\t\t\t<h2 class=\"elementor-heading-title elementor-size-default\">Kri\u017ene povezave v leksikonu<\/h2>\t\t\t\t<\/div>\n\t\t<div class=\"elementor-element elementor-element-iwgw-stallo-s9c e-con-full e-flex e-con e-child\" data-id=\"iwgw-stallo-s9c\" data-element_type=\"container\" data-e-type=\"container\">\n\t\t\t\t<div class=\"elementor-element elementor-element-iwgw-stallo-s9t elementor-widget elementor-widget-text-editor\" data-id=\"iwgw-stallo-s9t\" data-element_type=\"widget\" data-e-type=\"widget\" data-widget_type=\"text-editor.default\">\n\t\t\t\t\t\t\t\t\t<p>Stallo se povezuje z <a href=\"https:\/\/iwell-guard.com\/sl\/?page_id=160753\">Beavijem<\/a>, <a href=\"https:\/\/iwell-guard.com\/sl\/?page_id=160754\">M\u00e1nnujem<\/a>, <a href=\"https:\/\/iwell-guard.com\/sl\/?page_id=160755\">R\u00e1hko<\/a>, <a href=\"https:\/\/iwell-guard.com\/sl\/?page_id=160757\">Sara-Akko<\/a>, <a href=\"https:\/\/iwell-guard.com\/sl\/?page_id=160759\">Uksakko<\/a>, <a href=\"https:\/\/iwell-guard.com\/sl\/?page_id=160758\">Juksakko<\/a>, <a href=\"https:\/\/iwell-guard.com\/sl\/?page_id=160761\">Madderakko<\/a>, <a href=\"https:\/\/iwell-guard.com\/sl\/?page_id=160760\">Jabmiidaibmujem<\/a> in <a href=\"https:\/\/iwell-guard.com\/sl\/?page_id=160762\">Saivom<\/a>. Kulturni vozel <a href=\"https:\/\/iwell-guard.com\/sl\/sami-in-ugrofinska-tradicija-noaidi-boben\/\">Samska tradicija<\/a> okvirja pripovedno izro\u010dilo. Strukturno podobni velikanski antagonisti se pojavljajo v mnogih severnoevropskih mitologijah, na primer pri staronordijskih j\u00f6tunih.<\/p>\t\t\t\t\t\t\t\t<\/div>\n\t\t\t\t<\/div>\n\t\t\t\t\t<\/div>\n\t\t\t\t<\/div>\n\t\t<div class=\"elementor-element elementor-element-cp27f479d8 e-flex e-con-boxed e-con e-parent\" data-id=\"cp27f479d8\" data-element_type=\"container\" data-e-type=\"container\">\n\t\t\t\t\t<div class=\"e-con-inner\">\n\t\t\t\t<div class=\"elementor-element elementor-element-cp22e03f85 elementor-widget elementor-widget-heading\" data-id=\"cp22e03f85\" data-element_type=\"widget\" data-e-type=\"widget\" data-widget_type=\"heading.default\">\n\t\t\t\t\t<h2 class=\"elementor-heading-title elementor-size-default\">Stallo v samskem pripovednem izro\u010dilu<\/h2>\t\t\t\t<\/div>\n\t\t<div class=\"elementor-element elementor-element-cp2d7af954 e-flex e-con-boxed e-con e-child\" data-id=\"cp2d7af954\" data-element_type=\"container\" data-e-type=\"container\">\n\t\t\t\t\t<div class=\"e-con-inner\">\n\t\t\t\t<div class=\"elementor-element elementor-element-cp2d72ad29 elementor-widget elementor-widget-text-editor\" data-id=\"cp2d72ad29\" data-element_type=\"widget\" data-e-type=\"widget\" data-widget_type=\"text-editor.default\">\n\t\t\t\t\t\t\t\t\t<p>Stallo, v severnosamski obliki <em>St\u00e1llu<\/em>, ni <span class=\"iwg-fachbegriff\" data-tooltip=\"Bitje, ki ga znotraj neke religije \u010dastijo kot bo\u017eansko.\" tabindex=\"0\">bo\u017eanstvo<\/span>, temve\u010d pripovedna pojava iz samskega ljudskega izro\u010dila, iz ustno prena\u0161anih pravljic in pripovedk.<\/p><p>V teh pripovedih se pojavlja kot velik, neumen in po\u017ere\u0161en zlobnik, ki \u017eivi v divjini, ogro\u017ea ljudi in \u0161e posebej pre\u017ei na otroke in posamezne popotnike. Kljub svoji nevarnosti je zabit, zato ga \u010dlove\u0161ki junaki redno premagajo z zvija\u010do.<\/p><p>Zna\u010dilen je pripovedni vzorec, v katerem otrok ali modra \u017eena Stalla preslepi: privede ga do tega, da se sam po\u0161koduje, pade v jamo ali napade svoje lastne sorodnike.<\/p><p>V nekaterih zgodbah ima Stallo psa, s katerim se je treba prav tako spopasti, in bogastvo iz srebra, ki ga zmagoviti junak na koncu odnese kot plen. Stallo je pogosto povezan z \u017eeleznim orodjem, na primer z \u017eelezno palico, s katero privabi ali poi\u0161\u010de svoj <span class=\"iwg-fachbegriff\" data-tooltip=\"Dar bo\u017eanstvu, s katerim se izra\u017ea zahvala, pro\u0161nja ali \u010da\u0161\u010denje.\" tabindex=\"0\">dar<\/span>.<\/p><p>Finsko in norve\u0161ko folkloristi\u010dno raziskovanje, denimo v okviru zbirk Justa Knuda Qvigstada, ki je v za\u010detku 20. stoletja zapisal in izdal obse\u017eno samsko pripovedno gradivo, je dokumentiralo veliko \u0161tevilo pripovedk o Stallu.<\/p><p>Te zbirke so najpomembnej\u0161i vir, ker samska kultura dolgo ni imela lastne pisne tradicije in je bilo pripovedno gradivo zapisano \u0161ele pozno. Stallo v tem <span class=\"iwg-fachbegriff\" data-tooltip=\"Prena\u0161anje znanja in pripovedi skozi generacije.\" tabindex=\"0\">izro\u010dilu<\/span> spada med najpogosteje izpri\u010dane pojave in je v pripovedih hkrati slu\u017eil kot vzgojna figura, s katero so otroke svarili pred nevarnostmi divjine.<\/p>\t\t\t\t\t\t\t\t<\/div>\n\t\t\t\t\t<\/div>\n\t\t\t\t<\/div>\n\t\t\t\t\t<\/div>\n\t\t\t\t<\/div>\n\t\t<div class=\"elementor-element elementor-element-cp2cec7cfd e-flex e-con-boxed e-con e-parent\" data-id=\"cp2cec7cfd\" data-element_type=\"container\" data-e-type=\"container\">\n\t\t\t\t\t<div class=\"e-con-inner\">\n\t\t\t\t<div class=\"elementor-element elementor-element-cp239c0ae7 elementor-widget elementor-widget-heading\" data-id=\"cp239c0ae7\" data-element_type=\"widget\" data-e-type=\"widget\" data-widget_type=\"heading.default\">\n\t\t\t\t\t<h2 class=\"elementor-heading-title elementor-size-default\">Stallove kotanje in arheolo\u0161ka razprava<\/h2>\t\t\t\t<\/div>\n\t\t<div class=\"elementor-element elementor-element-cp2fca4ed6 e-flex e-con-boxed e-con e-child\" data-id=\"cp2fca4ed6\" data-element_type=\"container\" data-e-type=\"container\">\n\t\t\t\t\t<div class=\"e-con-inner\">\n\t\t\t\t<div class=\"elementor-element elementor-element-cp235194de elementor-widget elementor-widget-text-editor\" data-id=\"cp235194de\" data-element_type=\"widget\" data-e-type=\"widget\" data-widget_type=\"text-editor.default\">\n\t\t\t\t\t\t\t\t\t<p>V severno\u0161vedski in norve\u0161ki gorski pokrajini pozna <span class=\"iwg-fachbegriff\" data-tooltip=\"Znanost, ki raziskuje pretekle kulture na podlagi materialnih najdb.\" tabindex=\"0\">arheologija<\/span> dolo\u010deno vrsto hi\u0161nih tlorisov, ki jih stroka ozna\u010duje kot Stallove kotanje ali Stallova najdi\u0161\u010da.<\/p><p>Gre za okrogle ali ovalne, v tla nekoliko poglobljene strukture, ki najve\u010dkrat le\u017eijo v vrstah vzdol\u017e vi\u0161inskih leg in segajo v <span class=\"iwg-fachbegriff\" data-tooltip=\"Predzgodovinska doba po bronasti dobi, za katero je zna\u010dilna predelava \u017eeleza.\" tabindex=\"0\">\u017eelezno dobo<\/span> in zgodnji srednji vek, torej pribli\u017eno v prvo tiso\u010dletje na\u0161ega \u0161tetja.<\/p><p>Poimenovanje izvira od samskih informatorjev, ki so te sledi v tleh v novej\u0161em \u010dasu povezali z pripovednim bitjem Stallo, ne da bi med njima obstajala zgodovinska povezava. V <span class=\"iwg-fachbegriff\" data-tooltip=\"Znanost, ki raziskuje pretekle kulture na podlagi materialnih najdb.\" tabindex=\"0\">arheologiji<\/span> je \u017ee desetletja spor o tem, kdo je te kraje dejansko zgradil in uporabljal.<\/p><p>Starej\u0161e stali\u0161\u010de je v njih videlo sledi norve\u0161kih davkarjev ali tujih lovcev. Inge Zachrisson in drugi so nasprotno zagovarjali, da gre za naselbinske sledi samskega prebivalstva samega, morda povezane z zgodnej\u0161o, bolj intenzivno obliko rejenja severnih jelenov.<\/p><p>Razprava se dotika temeljnega vpra\u0161anja severnoskandinavske zgodovine, namre\u010d od kdaj in v kak\u0161ni obliki so Sami uporabljali visokogorje in kako se je njihov gospodarski na\u010din spreminjal. Stallove kotanje so pri tem osrednja najdba, saj jih je mogo\u010de dobro datirati.<\/p><p>Znanstveno je zanimivo predvsem poznej\u0161e poimenovanje: ka\u017ee, kako je poznej\u0161e prebivalstvo nerazumljene sledi preteklosti povezalo s pripovednim bitjem in jih na ta na\u010din razlo\u017eilo. Ime Stallo se je tako iz pripovednega bitja spremenilo v arheolo\u0161ki strokovni izraz, ne da bi <span class=\"iwg-fachbegriff\" data-tooltip=\"Izro\u010dena pripoved, ki ima pogosto zgodovinsko jedro in \u010dude\u017ene poteze.\" tabindex=\"0\">pripovedka<\/span> sama povedala kaj o resni\u010dnih graditeljih.<\/p>\t\t\t\t\t\t\t\t<\/div>\n\t\t\t\t\t<\/div>\n\t\t\t\t<\/div>\n\t\t\t\t\t<\/div>\n\t\t\t\t<\/div>\n\t\t<div class=\"elementor-element elementor-element-cp2c949df5 e-flex e-con-boxed e-con e-parent\" data-id=\"cp2c949df5\" data-element_type=\"container\" data-e-type=\"container\">\n\t\t\t\t\t<div class=\"e-con-inner\">\n\t\t\t\t<div class=\"elementor-element elementor-element-cp266503be elementor-widget elementor-widget-heading\" data-id=\"cp266503be\" data-element_type=\"widget\" data-e-type=\"widget\" data-widget_type=\"heading.default\">\n\t\t\t\t\t<h2 class=\"elementor-heading-title elementor-size-default\">Razlage Stallove figure v raziskovanju<\/h2>\t\t\t\t<\/div>\n\t\t<div class=\"elementor-element elementor-element-cp2900f5e8 e-flex e-con-boxed e-con e-child\" data-id=\"cp2900f5e8\" data-element_type=\"container\" data-e-type=\"container\">\n\t\t\t\t\t<div class=\"e-con-inner\">\n\t\t\t\t<div class=\"elementor-element elementor-element-cp2fff0e3e elementor-widget elementor-widget-text-editor\" data-id=\"cp2fff0e3e\" data-element_type=\"widget\" data-e-type=\"widget\" data-widget_type=\"text-editor.default\">\n\t\t\t\t\t\t\t\t\t<p>Vpra\u0161anje, kaj je Stallo izvirno predstavljal, se v <span class=\"iwg-fachbegriff\" data-tooltip=\"Znanost, ki raziskuje vsakdanjo kulturo, \u0161ege in izro\u010dene predstave.\" tabindex=\"0\">folkloristiki<\/span> in <span class=\"iwg-fachbegriff\" data-tooltip=\"Znanost, ki primerjalno in brez verske pripadnosti raziskuje religije.\" tabindex=\"0\">religiologiji<\/span> obravnava \u017ee od 19. stoletja. Poleg drug drugega obstaja ve\u010d razlag, ne da bi se katera dokon\u010dno uveljavila.<\/p><p>Raz\u0161irjena razlaga vidi v Stallu pripovedno predelavo zgodovinskih izku\u0161enj ogro\u017eanja. Sami so bili stoletja izpostavljeni tujemu izterjevanju davkov, napadom in konkuren\u010dnim skupinam prebivalstva. Nevarni, a neumni Stallo, ki ga je mogo\u010de premagati z zvija\u010do, bi po tem branju predstavljal podobo premo\u010dnega, vendar preslepljivega tujca.<\/p><p>Za to razlago govori dejstvo, da je Stallo v mnogih pripovedih povezan z \u017eelezom, srebrom in bogastvom, torej z dobrinami, ki so bile povezane s tujimi trgovci in oblastmi. Jezikovno se ime v\u010dasih povezuje s staronordijsko besedo za jeklo, kar bi to smer podpiralo, vendar to ni potrjeno.<\/p><p>Druga razlaga poudarja funkcijo Stalla znotraj same pripovedne skupnosti. Kot stra\u0161na pojava je slu\u017eil vzgoji in posredovanju vedenjskih pravil, na primer opozorilu, naj se \u010dlovek sam ne oddalji preve\u010d od naselja. Spet drugi so Stalla povezovali s starej\u0161imi predstavami o duhovih divjine ali z mrtvimi.<\/p><p>Novej\u0161e raziskave, denimo dela v okviru samske folkloristike, se nagibajo k temu, da domnevajo ve\u010d teh plasti hkrati in Stalla ne izvajajo iz enega samega izvora. Tako ostaja ve\u010dplastna pojava, katere priljubljenost v pripovednem izro\u010dilu morda prav v tem, da v eni figuri zdru\u017euje gro\u017enjo in njeno obvladovanje.<\/p>\t\t\t\t\t\t\t\t<\/div>\n\t\t\t\t\t<\/div>\n\t\t\t\t<\/div>\n\t\t\t\t\t<\/div>\n\t\t\t\t<\/div>\n\t\t<div class=\"elementor-element elementor-element-iwgw-stallo-lit e-flex e-con-boxed e-con e-parent\" data-id=\"iwgw-stallo-lit\" data-element_type=\"container\" data-e-type=\"container\">\n\t\t\t\t\t<div class=\"e-con-inner\">\n\t\t\t\t<div class=\"elementor-element elementor-element-iwgw-stallo-lith elementor-widget elementor-widget-heading\" data-id=\"iwgw-stallo-lith\" data-element_type=\"widget\" data-e-type=\"widget\" data-widget_type=\"heading.default\">\n\t\t\t\t\t<h2 class=\"elementor-heading-title elementor-size-default\">Literatura (izbor)<\/h2>\t\t\t\t<\/div>\n\t\t<div class=\"elementor-element elementor-element-iwgw-stallo-litc e-con-full e-flex e-con e-child\" data-id=\"iwgw-stallo-litc\" data-element_type=\"container\" data-e-type=\"container\">\n\t\t\t\t<div class=\"elementor-element elementor-element-iwgw-stallo-litt elementor-widget elementor-widget-text-editor\" data-id=\"iwgw-stallo-litt\" data-element_type=\"widget\" data-e-type=\"widget\" data-widget_type=\"text-editor.default\">\n\t\t\t\t\t\t\t\t\t<ul><li>Just Knud Qvigstad: <em>Lappische M\u00e4rchen- und Sagenvarianten<\/em> (Oslo 1925-1929)<\/li><li>H\u00e5kan Rydving: <em>The End of Drum-Time<\/em> (Uppsala 1993)<\/li><li>Juha Pentik\u00e4inen: <em>Saamelaiset. Pohjoisen kansan mytologia<\/em> (Helsinki 1995)<\/li><li>Konsta Kaikkonen: <em>Sami Pre-Christian Religion<\/em> (Helsinki 2020)<\/li><li><span data-nosnippet>Nils Gaup: <em>Ofela\u0161 (Pathfinder)<\/em> (Film, 1987)<\/span><\/li><li>Anna Lia Berthelsen: <em>The Sami People<\/em> (Fairbanks 2002)<\/li><\/ul>\t\t\t\t\t\t\t\t<\/div>\n\t\t\t\t<\/div>\n\t\t\t\t\t<\/div>\n\t\t\t\t<\/div>\n\t\t<div class=\"elementor-element elementor-element-iwgkw2-add-stallo e-flex e-con-boxed e-con e-parent\" data-id=\"iwgkw2-add-stallo\" data-element_type=\"container\" data-e-type=\"container\">\n\t\t\t\t\t<div class=\"e-con-inner\">\n\t\t\t\t<div class=\"elementor-element elementor-element-iwgkw2-add-stallo-t elementor-widget elementor-widget-text-editor\" data-id=\"iwgkw2-add-stallo-t\" data-element_type=\"widget\" data-e-type=\"widget\" data-widget_type=\"text-editor.default\">\n\t\t\t\t\t\t\t\t\t<p>Stallo se v samskih pripovedih pojavlja kot <em>ljudo\u017eerski<\/em> velikan in trikster-antagonist, ki preizku\u0161a junake in v pou\u010dnih pripovedih zaznamuje meje med divjino in bivali\u0161\u010dem.<\/p>\t\t\t\t\t\t\t\t<\/div>\n\t\t\t\t\t<\/div>\n\t\t\t\t<\/div>\n\t\t<div class=\"elementor-element elementor-element-iwgw-stallo-kwd e-flex e-con-boxed e-con e-parent\" data-id=\"iwgw-stallo-kwd\" data-element_type=\"container\" data-e-type=\"container\">\n\t\t\t\t\t<div class=\"e-con-inner\">\n\t\t<div class=\"elementor-element elementor-element-iwgw-stallo-kwdc e-con-full e-flex e-con e-child\" data-id=\"iwgw-stallo-kwdc\" data-element_type=\"container\" data-e-type=\"container\">\n\t\t\t\t<div class=\"elementor-element elementor-element-iwgw-stallo-kwdt elementor-widget elementor-widget-text-editor\" data-id=\"iwgw-stallo-kwdt\" data-element_type=\"widget\" data-e-type=\"widget\" data-widget_type=\"text-editor.default\">\n\t\t\t\t\t\t\t\t\t<p><em>Sorodni klju\u010dni pojmi: Stallo Staaloe St\u00e1llu Sami velikan antagonist trikster-pripoved Qvigstad.<\/em><\/p>\t\t\t\t\t\t\t\t<\/div>\n\t\t\t\t<\/div>\n\t\t\t\t\t<\/div>\n\t\t\t\t<\/div>\n\t\t<div class=\"elementor-element elementor-element-iwgw-stallo-cc e-flex e-con-boxed e-con e-parent\" data-id=\"iwgw-stallo-cc\" data-element_type=\"container\" data-e-type=\"container\" id=\"iwg-cc-stallo\">\n\t\t\t\t\t<div class=\"e-con-inner\">\n\t\t<div class=\"elementor-element elementor-element-iwgw-stallo-ccinner e-flex e-con-boxed e-con e-parent\" data-id=\"iwgw-stallo-ccinner\" data-element_type=\"container\" data-e-type=\"container\" data-settings=\"{&quot;background_background&quot;:&quot;classic&quot;}\">\n\t\t\t\t\t<div class=\"e-con-inner\">\n\t\t\t\t<div class=\"elementor-element elementor-element-iwgw-stallo-cch elementor-widget elementor-widget-heading\" data-id=\"iwgw-stallo-cch\" data-element_type=\"widget\" data-e-type=\"widget\" data-widget_type=\"heading.default\">\n\t\t\t\t\t<h2 class=\"elementor-heading-title elementor-size-default\">iWell Guard in tradicije za\u0161\u010dite<\/h2>\t\t\t\t<\/div>\n\t\t\t\t<div class=\"elementor-element elementor-element-iwgw-stallo-cct elementor-widget elementor-widget-text-editor\" data-id=\"iwgw-stallo-cct\" data-element_type=\"widget\" data-e-type=\"widget\" data-widget_type=\"text-editor.default\">\n\t\t\t\t\t\t\t\t\t<div data-nosnippet=\"true\"><p>iWell Guard nadaljuje kulturnozgodovinsko tradicijo prenosljivih za\u0161\u010ditnih predmetov, v tradiciji <a href=\"https:\/\/iwell-guard.com\/sl\/sami-in-ugrofinska-tradicija-noaidi-boben\/\">Samov<\/a> in \u0161tevilnih drugih kultur po vsem svetu. 41 plasti, pravo zlato, platina, srebro, izdelano v Nem\u010diji. 30-dnevna pravica do vra\u010dila.<\/p><\/div>\t\t\t\t\t\t\t\t<\/div>\n\t\t\t\t<div class=\"elementor-element elementor-element-iwgw-stallo-ccb iwg-cc-button iwg-cc-cta-2026-05-13 elementor-widget elementor-widget-jet-button\" data-id=\"iwgw-stallo-ccb\" data-element_type=\"widget\" data-e-type=\"widget\" data-widget_type=\"jet-button.default\">\n\t\t\t\t<div class=\"elementor-widget-container\">\n\t\t\t\t\t<div class=\"elementor-jet-button jet-elements\"><div class=\"jet-button__container\"><a class=\"jet-button__instance jet-button__instance--icon-left hover-effect-1\" href=\"\/ueber-iwell-guard\/?utm_source=iwell-guard.com&amp;utm_medium=info-box&amp;utm_campaign=wesen-tradition\"><div class=\"jet-button__plane jet-button__plane-normal\"><\/div><div class=\"jet-button__plane jet-button__plane-hover\"><\/div><div class=\"jet-button__state jet-button__state-normal\"><span class=\"jet-button__label\">Ve\u010d o iWell Guard<\/span><\/div><div class=\"jet-button__state jet-button__state-hover\"><span class=\"jet-button__label\">Ve\u010d o iWell Guard<\/span><\/div><\/a><\/div><\/div><style>.elementor-element.elementor-element-iwgw-stallo-ccb .jet-button__instance{width:320px;height:56px;}.elementor-element.elementor-element-iwgw-stallo-ccb .jet-button__state-normal .jet-button__label{text-align:center;margin:0px 0px 0px 0px;color:#1a1b20;font-family:Montserrat,sans-serif;font-size:13px;font-weight:400;letter-spacing:4px;line-height:1.714em;text-transform:uppercase;}.elementor-element.elementor-element-iwgw-stallo-ccb .jet-button__state-hover .jet-button__label{text-align:center;margin:0px 0px 0px 0px;color:#FECC76;font-family:Montserrat,sans-serif;font-size:13px;font-weight:400;letter-spacing:4px;line-height:1.714em;text-transform:uppercase;}.elementor-element.elementor-element-iwgw-stallo-ccb .jet-button__plane-normal{background-color:#FECC76;border-style:solid;border-color:#C99540;border-width:2px 2px 2px 2px;}.elementor-element.elementor-element-iwgw-stallo-ccb .jet-button__plane-hover{background-color:rgba(0,0,0,0.55);border-style:solid;border-color:#FECC76;border-width:2px 2px 2px 2px;}<\/style>\t\t\t\t<\/div>\n\t\t\t\t<\/div>\n\t\t\t\t<div class=\"elementor-element elementor-element-iwgw-stallo-ccd elementor-widget elementor-widget-text-editor\" data-id=\"iwgw-stallo-ccd\" data-element_type=\"widget\" data-e-type=\"widget\" data-widget_type=\"text-editor.default\">\n\t\t\t\t\t\t\t\t\t<div data-nosnippet=\"true\"><p style=\"text-align:center;font-size:13px;opacity:0.7;margin-top:14px\" data-nosnippet=\"true\">Osebne izku\u0161nje se lahko razlikujejo. Ni medicinski pripomo\u010dek. Brez obljube o ozdravitvi.<\/p><\/div>\t\t\t\t\t\t\t\t<\/div>\n\t\t\t\t\t<\/div>\n\t\t\t\t<\/div>\n\t\t\t\t\t<\/div>\n\t\t\t\t<\/div>\n\t\t<div class=\"elementor-element elementor-element-iwgw-stallo-disc e-flex e-con-boxed e-con e-parent\" data-id=\"iwgw-stallo-disc\" data-element_type=\"container\" data-e-type=\"container\">\n\t\t\t\t\t<div class=\"e-con-inner\">\n\t\t\t\t<div class=\"elementor-element elementor-element-iwgw-stallo-discw elementor-widget elementor-widget-html\" data-id=\"iwgw-stallo-discw\" data-element_type=\"widget\" data-e-type=\"widget\" data-widget_type=\"html.default\">\n\t\t\t\t\t<footer data-nosnippet=\"true\" class=\"iwg-disclaimer-block\"><p data-nosnippet=\"true\">iWell Guard <strong>ni medicinski pripomo\u010dek<\/strong> in ne nadome\u0161\u010da zdravni\u0161ke ali psihoterapevtske obravnave. Religiologske vsebine so kulturnozgodovinska umestitev, ne priporo\u010dilo za duhovno prakso.<\/p><\/footer>\t\t\t\t<\/div>\n\t\t\t\t\t<\/div>\n\t\t\t\t<\/div>\n\t\t\t\t<\/div>\n\t\t","protected":false},"excerpt":{"rendered":"","protected":false},"author":3,"featured_media":2896,"parent":0,"menu_order":0,"comment_status":"closed","ping_status":"closed","template":"elementor_header_footer","meta":{"_yoast_wpseo_focuskw":"Stallo, samski velikan","_yoast_wpseo_title":"Stallo \u2013 Velikanski antagonist samskih pripovedi","_yoast_wpseo_metadesc":"Stallo je ljudo\u017eerski velikan samske tradicije. Religiologska uvrstitev pripovedi o antagonistu.","_yoast_wpseo_meta-robots-noindex":"","_yoast_wpseo_canonical":"","_angie_page":false,"gefaehrdungsstufe":"4","wesen_kultur":"sami","wesen_klasse":"geister","footnotes":""},"categories":[],"class_list":["post-160756","page","type-page","status-publish","has-post-thumbnail","hentry"],"yoast_head":"<!-- This site is optimized with the Yoast SEO Premium plugin v27.7 (Yoast SEO v28.3) - https:\/\/yoast.com\/product\/yoast-seo-premium-wordpress\/ -->\n<title>Stallo \u2013 Velikanski antagonist samskih pripovedi<\/title>\n<meta name=\"description\" content=\"Stallo je ljudo\u017eerski velikan samske tradicije. Religiologska uvrstitev pripovedi o antagonistu.\" \/>\n<meta name=\"robots\" content=\"index, follow, max-snippet:-1, max-image-preview:large, max-video-preview:-1\" \/>\n<link rel=\"canonical\" href=\"https:\/\/iwell-guard.com\/sl\/stallo-ljudozerski-velikan-samske-tradicije\/\" \/>\n<meta property=\"og:locale\" content=\"sl_SI\" \/>\n<meta property=\"og:type\" content=\"article\" \/>\n<meta property=\"og:title\" content=\"Stallo \u2013 Ljudo\u017eerski velikan iz samske tradicije\" \/>\n<meta property=\"og:description\" content=\"Stallo je ljudo\u017eerski velikan samske tradicije. Religiologska uvrstitev pripovedi o antagonistu.\" \/>\n<meta property=\"og:url\" content=\"https:\/\/iwell-guard.com\/sl\/stallo-ljudozerski-velikan-samske-tradicije\/\" \/>\n<meta property=\"og:site_name\" content=\"iWell Guard\" \/>\n<meta property=\"article:modified_time\" content=\"2026-09-05T00:45:23+00:00\" \/>\n<meta property=\"og:image\" content=\"https:\/\/iwell-guard.com\/wp-content\/uploads\/2026\/05\/goetter_sami_stallo.webp\" \/>\n\t<meta property=\"og:image:width\" content=\"1024\" \/>\n\t<meta property=\"og:image:height\" content=\"1536\" \/>\n\t<meta property=\"og:image:type\" content=\"image\/webp\" \/>\n<meta name=\"twitter:card\" content=\"summary_large_image\" \/>\n<script type=\"application\/ld+json\" class=\"yoast-schema-graph\">{\"@context\":\"https:\\\/\\\/schema.org\",\"@graph\":[{\"@type\":\"WebPage\",\"@id\":\"https:\\\/\\\/iwell-guard.com\\\/sl\\\/stallo-ljudozerski-velikan-samske-tradicije\\\/\",\"url\":\"https:\\\/\\\/iwell-guard.com\\\/sl\\\/stallo-ljudozerski-velikan-samske-tradicije\\\/\",\"name\":\"Stallo \u2013 Velikanski antagonist samskih pripovedi\",\"isPartOf\":{\"@id\":\"https:\\\/\\\/iwell-guard.com\\\/sl\\\/#website\"},\"primaryImageOfPage\":{\"@id\":\"https:\\\/\\\/iwell-guard.com\\\/sl\\\/stallo-ljudozerski-velikan-samske-tradicije\\\/#primaryimage\"},\"image\":{\"@id\":\"https:\\\/\\\/iwell-guard.com\\\/sl\\\/stallo-ljudozerski-velikan-samske-tradicije\\\/#primaryimage\"},\"thumbnailUrl\":\"https:\\\/\\\/iwell-guard.com\\\/wp-content\\\/uploads\\\/2026\\\/05\\\/goetter_sami_stallo.webp\",\"datePublished\":\"2026-09-05T00:25:24+00:00\",\"dateModified\":\"2026-09-05T00:45:23+00:00\",\"description\":\"Stallo je ljudo\u017eerski velikan samske tradicije. Religiologska uvrstitev pripovedi o antagonistu.\",\"breadcrumb\":{\"@id\":\"https:\\\/\\\/iwell-guard.com\\\/sl\\\/stallo-ljudozerski-velikan-samske-tradicije\\\/#breadcrumb\"},\"inLanguage\":\"sl-SI\",\"potentialAction\":[{\"@type\":\"ReadAction\",\"target\":[\"https:\\\/\\\/iwell-guard.com\\\/sl\\\/stallo-ljudozerski-velikan-samske-tradicije\\\/\"]}]},{\"@type\":\"ImageObject\",\"inLanguage\":\"sl-SI\",\"@id\":\"https:\\\/\\\/iwell-guard.com\\\/sl\\\/stallo-ljudozerski-velikan-samske-tradicije\\\/#primaryimage\",\"url\":\"https:\\\/\\\/iwell-guard.com\\\/wp-content\\\/uploads\\\/2026\\\/05\\\/goetter_sami_stallo.webp\",\"contentUrl\":\"https:\\\/\\\/iwell-guard.com\\\/wp-content\\\/uploads\\\/2026\\\/05\\\/goetter_sami_stallo.webp\",\"width\":1024,\"height\":1536,\"caption\":\"Bogovi iz samske tradicije.\"},{\"@type\":\"BreadcrumbList\",\"@id\":\"https:\\\/\\\/iwell-guard.com\\\/sl\\\/stallo-ljudozerski-velikan-samske-tradicije\\\/#breadcrumb\",\"itemListElement\":[{\"@type\":\"ListItem\",\"position\":1,\"name\":\"Start\",\"item\":\"https:\\\/\\\/iwell-guard.com\\\/sl\\\/?page_id=160323\"},{\"@type\":\"ListItem\",\"position\":2,\"name\":\"Stallo \u2013 Ljudo\u017eerski velikan iz samske tradicije\"}]},{\"@type\":\"WebSite\",\"@id\":\"https:\\\/\\\/iwell-guard.com\\\/sl\\\/#website\",\"url\":\"https:\\\/\\\/iwell-guard.com\\\/sl\\\/\",\"name\":\"iWell Guard\",\"description\":\"Schutz vor dunklen Einfl\u00fcssen\",\"publisher\":{\"@id\":\"https:\\\/\\\/iwell-guard.com\\\/sl\\\/#organization\"},\"potentialAction\":[{\"@type\":\"SearchAction\",\"target\":{\"@type\":\"EntryPoint\",\"urlTemplate\":\"https:\\\/\\\/iwell-guard.com\\\/sl\\\/?s={search_term_string}\"},\"query-input\":{\"@type\":\"PropertyValueSpecification\",\"valueRequired\":true,\"valueName\":\"search_term_string\"}}],\"inLanguage\":\"sl-SI\"},{\"@type\":\"Organization\",\"@id\":\"https:\\\/\\\/iwell-guard.com\\\/sl\\\/#organization\",\"name\":\"Ittermann electronic GmbH\",\"url\":\"https:\\\/\\\/iwell-guard.com\\\/sl\\\/\",\"logo\":{\"@type\":\"ImageObject\",\"inLanguage\":\"sl-SI\",\"@id\":\"https:\\\/\\\/iwell-guard.com\\\/sl\\\/#\\\/schema\\\/logo\\\/image\\\/\",\"url\":\"https:\\\/\\\/iwell-guard.com\\\/wp-content\\\/uploads\\\/2026\\\/05\\\/Ittermann-Logo-1182x237-1.png\",\"contentUrl\":\"https:\\\/\\\/iwell-guard.com\\\/wp-content\\\/uploads\\\/2026\\\/05\\\/Ittermann-Logo-1182x237-1.png\",\"width\":1182,\"height\":237,\"caption\":\"Ittermann electronic GmbH\"},\"image\":{\"@id\":\"https:\\\/\\\/iwell-guard.com\\\/sl\\\/#\\\/schema\\\/logo\\\/image\\\/\"},\"sameAs\":[\"https:\\\/\\\/pantip.com\\\/profile\\\/9367242\",\"https:\\\/\\\/micro.blog\\\/iwellguard\",\"https:\\\/\\\/www.diggerslist.com\\\/iwellguard\\\/about\",\"https:\\\/\\\/skitterphoto.com\\\/photographers\\\/2870314\\\/iwell-guard\",\"https:\\\/\\\/iwellguard.wordpress.com\\\/2026\\\/06\\\/06\\\/iwell-guard\\\/\",\"https:\\\/\\\/hub.docker.com\\\/u\\\/iwellguard\",\"https:\\\/\\\/www.pinterest.com\\\/iwellguard\\\/\",\"https:\\\/\\\/bit.ly\\\/m\\\/iwellguard\",\"https:\\\/\\\/entre-vos-mains.alsace.eu\\\/profiles\\\/iwellguard\\\/activity\",\"https:\\\/\\\/gravatar.com\\\/reallybeded8fd34\",\"https:\\\/\\\/naijamatta.com\\\/iwellguard\",\"https:\\\/\\\/www.goodreads.com\\\/iwellguard\",\"https:\\\/\\\/profile.hatena.ne.jp\\\/iwellguard\\\/\",\"https:\\\/\\\/experiment.com\\\/users\\\/iwellguard\",\"https:\\\/\\\/wakelet.com\\\/@iWellGuard82270\",\"https:\\\/\\\/www.chordie.com\\\/forum\\\/profile.php?id=2555664\",\"https:\\\/\\\/www.instapaper.com\\\/p\\\/17757966\",\"https:\\\/\\\/www.mapleprimes.com\\\/users\\\/iwellguard\",\"https:\\\/\\\/businesslistingplus.com\\\/profile\\\/iwell-guard\\\/\",\"https:\\\/\\\/telegra.ph\\\/iWell-Guard-06-06\",\"https:\\\/\\\/pbase.com\\\/iwellguard\\\/iwellguard\",\"https:\\\/\\\/b.hatena.ne.jp\\\/iwellguard\\\/20260607#bookmark-4788405196491818882\",\"https:\\\/\\\/fliphtml5.com\\\/home\\\/iwellguard\",\"https:\\\/\\\/anyflip.com\\\/homepage\\\/cmiwl#About\",\"https:\\\/\\\/transfur.com\\\/Users\\\/iwellguard\",\"http:\\\/\\\/delphi.larsbo.org\\\/user\\\/iwellguard\",\"https:\\\/\\\/jobs.lajobsportal.org\\\/profiles\\\/8380803-iwell-guard\",\"https:\\\/\\\/md.chaosdorf.de\\\/s\\\/jfbe5SBdJD\",\"https:\\\/\\\/www.lingvolive.com\\\/en-us\\\/profile\\\/9ecaeaca-ce11-4e51-9e71-01d55e2bff36\\\/translations\",\"https:\\\/\\\/www.fitday.com\\\/fitness\\\/forums\\\/members\\\/iwellguard.html\",\"https:\\\/\\\/www.mymeetbook.com\\\/iwellguard\",\"https:\\\/\\\/pxhere.com\\\/en\\\/photographer-me\\\/5040798\",\"https:\\\/\\\/disqus.com\\\/by\\\/iwellguard\\\/about\\\/\",\"https:\\\/\\\/pastelink.net\\\/hjwciqwq\",\"https:\\\/\\\/pubhtml5.com\\\/homepage\\\/scjhn\\\/\",\"https:\\\/\\\/www.bitchute.com\\\/channel\\\/2O2eOKzNqujT\",\"https:\\\/\\\/audiomack.com\\\/iwellguard\"]},{\"@type\":\"Article\",\"@id\":\"https:\\\/\\\/iwell-guard.com\\\/sl\\\/stallo-ljudozerski-velikan-samske-tradicije\\\/#article\",\"isPartOf\":{\"@id\":\"https:\\\/\\\/iwell-guard.com\\\/sl\\\/stallo-ljudozerski-velikan-samske-tradicije\\\/\"},\"author\":{\"name\":\"Ralf Ittermann\",\"@id\":\"https:\\\/\\\/iwell-guard.com\\\/sl\\\/#\\\/schema\\\/person\\\/ee2a27f1cac3406c7c6fb5820cb7349f\"},\"headline\":\"Stallo \u2013 Ljudo\u017eerski velikan iz samske tradicije\",\"datePublished\":\"2026-09-05T00:25:24+00:00\",\"dateModified\":\"2026-09-05T00:45:23+00:00\",\"mainEntityOfPage\":{\"@id\":\"https:\\\/\\\/iwell-guard.com\\\/sl\\\/stallo-ljudozerski-velikan-samske-tradicije\\\/\"},\"publisher\":{\"@id\":\"https:\\\/\\\/iwell-guard.com\\\/sl\\\/#organization\"},\"image\":{\"@id\":\"https:\\\/\\\/iwell-guard.com\\\/sl\\\/stallo-ljudozerski-velikan-samske-tradicije\\\/#primaryimage\"},\"thumbnailUrl\":\"https:\\\/\\\/iwell-guard.com\\\/wp-content\\\/uploads\\\/2026\\\/05\\\/goetter_sami_stallo.webp\",\"inLanguage\":\"sl-SI\",\"description\":\"Stallo je ljudo\u017eerski velikan samske tradicije. Religiologska uvrstitev pripovedi o antagonistu.\"}]}<\/script>\n<!-- \/ Yoast SEO Premium plugin. -->","yoast_head_json":{"title":"Stallo \u2013 Velikanski antagonist samskih pripovedi","description":"Stallo je ljudo\u017eerski velikan samske tradicije. Religiologska uvrstitev pripovedi o antagonistu.","robots":{"index":"index","follow":"follow","max-snippet":"max-snippet:-1","max-image-preview":"max-image-preview:large","max-video-preview":"max-video-preview:-1"},"canonical":"https:\/\/iwell-guard.com\/sl\/stallo-ljudozerski-velikan-samske-tradicije\/","og_locale":"sl_SI","og_type":"article","og_title":"Stallo \u2013 Ljudo\u017eerski velikan iz samske tradicije","og_description":"Stallo je ljudo\u017eerski velikan samske tradicije. Religiologska uvrstitev pripovedi o antagonistu.","og_url":"https:\/\/iwell-guard.com\/sl\/stallo-ljudozerski-velikan-samske-tradicije\/","og_site_name":"iWell Guard","article_modified_time":"2026-09-05T00:45:23+00:00","og_image":[{"width":1024,"height":1536,"url":"https:\/\/iwell-guard.com\/wp-content\/uploads\/2026\/05\/goetter_sami_stallo.webp","type":"image\/webp"}],"twitter_card":"summary_large_image","schema":{"@context":"https:\/\/schema.org","@graph":[{"@type":"Article","@id":"https:\/\/iwell-guard.com\/sl\/stallo-ljudozerski-velikan-samske-tradicije\/#article","isPartOf":{"@id":"https:\/\/iwell-guard.com\/sl\/stallo-ljudozerski-velikan-samske-tradicije\/"},"author":{"name":"Ralf Ittermann","@id":"https:\/\/iwell-guard.com\/sl\/#\/schema\/person\/ee2a27f1cac3406c7c6fb5820cb7349f"},"headline":"Stallo \u2013 Ljudo\u017eerski velikan iz samske tradicije","datePublished":"2026-09-05T00:25:24+00:00","dateModified":"2026-09-05T00:45:23+00:00","mainEntityOfPage":{"@id":"https:\/\/iwell-guard.com\/sl\/stallo-ljudozerski-velikan-samske-tradicije\/"},"publisher":{"@id":"https:\/\/iwell-guard.com\/sl\/#organization"},"image":{"@id":"https:\/\/iwell-guard.com\/sl\/stallo-ljudozerski-velikan-samske-tradicije\/#primaryimage"},"thumbnailUrl":"https:\/\/iwell-guard.com\/wp-content\/uploads\/2026\/05\/goetter_sami_stallo.webp","inLanguage":"sl-SI","description":"Stallo je ljudo\u017eerski velikan samske tradicije. Religiologska uvrstitev pripovedi o antagonistu."},{"@type":"WebPage","@id":"https:\/\/iwell-guard.com\/sl\/stallo-ljudozerski-velikan-samske-tradicije\/","url":"https:\/\/iwell-guard.com\/sl\/stallo-ljudozerski-velikan-samske-tradicije\/","name":"Stallo \u2013 Velikanski antagonist samskih pripovedi","isPartOf":{"@id":"https:\/\/iwell-guard.com\/sl\/#website"},"primaryImageOfPage":{"@id":"https:\/\/iwell-guard.com\/sl\/stallo-ljudozerski-velikan-samske-tradicije\/#primaryimage"},"image":{"@id":"https:\/\/iwell-guard.com\/sl\/stallo-ljudozerski-velikan-samske-tradicije\/#primaryimage"},"thumbnailUrl":"https:\/\/iwell-guard.com\/wp-content\/uploads\/2026\/05\/goetter_sami_stallo.webp","datePublished":"2026-09-05T00:25:24+00:00","dateModified":"2026-09-05T00:45:23+00:00","description":"Stallo je ljudo\u017eerski velikan samske tradicije. Religiologska uvrstitev pripovedi o antagonistu.","breadcrumb":{"@id":"https:\/\/iwell-guard.com\/sl\/stallo-ljudozerski-velikan-samske-tradicije\/#breadcrumb"},"inLanguage":"sl-SI","potentialAction":[{"@type":"ReadAction","target":["https:\/\/iwell-guard.com\/sl\/stallo-ljudozerski-velikan-samske-tradicije\/"]}]},{"@type":"ImageObject","inLanguage":"sl-SI","@id":"https:\/\/iwell-guard.com\/sl\/stallo-ljudozerski-velikan-samske-tradicije\/#primaryimage","url":"https:\/\/iwell-guard.com\/wp-content\/uploads\/2026\/05\/goetter_sami_stallo.webp","contentUrl":"https:\/\/iwell-guard.com\/wp-content\/uploads\/2026\/05\/goetter_sami_stallo.webp","width":1024,"height":1536,"caption":"Bogovi iz samske tradicije."},{"@type":"BreadcrumbList","@id":"https:\/\/iwell-guard.com\/sl\/stallo-ljudozerski-velikan-samske-tradicije\/#breadcrumb","itemListElement":[{"@type":"ListItem","position":1,"name":"Start","item":"https:\/\/iwell-guard.com\/sl\/?page_id=160323"},{"@type":"ListItem","position":2,"name":"Stallo \u2013 Ljudo\u017eerski velikan iz samske tradicije"}]},{"@type":"WebSite","@id":"https:\/\/iwell-guard.com\/sl\/#website","url":"https:\/\/iwell-guard.com\/sl\/","name":"iWell Guard","description":"Schutz vor dunklen Einfl\u00fcssen","publisher":{"@id":"https:\/\/iwell-guard.com\/sl\/#organization"},"potentialAction":[{"@type":"SearchAction","target":{"@type":"EntryPoint","urlTemplate":"https:\/\/iwell-guard.com\/sl\/?s={search_term_string}"},"query-input":{"@type":"PropertyValueSpecification","valueRequired":true,"valueName":"search_term_string"}}],"inLanguage":"sl-SI"},{"@type":"Organization","@id":"https:\/\/iwell-guard.com\/sl\/#organization","name":"Ittermann electronic GmbH","url":"https:\/\/iwell-guard.com\/sl\/","logo":{"@type":"ImageObject","inLanguage":"sl-SI","@id":"https:\/\/iwell-guard.com\/sl\/#\/schema\/logo\/image\/","url":"https:\/\/iwell-guard.com\/wp-content\/uploads\/2026\/05\/Ittermann-Logo-1182x237-1.png","contentUrl":"https:\/\/iwell-guard.com\/wp-content\/uploads\/2026\/05\/Ittermann-Logo-1182x237-1.png","width":1182,"height":237,"caption":"Ittermann electronic GmbH"},"image":{"@id":"https:\/\/iwell-guard.com\/sl\/#\/schema\/logo\/image\/"},"sameAs":["https:\/\/pantip.com\/profile\/9367242","https:\/\/micro.blog\/iwellguard","https:\/\/www.diggerslist.com\/iwellguard\/about","https:\/\/skitterphoto.com\/photographers\/2870314\/iwell-guard","https:\/\/iwellguard.wordpress.com\/2026\/06\/06\/iwell-guard\/","https:\/\/hub.docker.com\/u\/iwellguard","https:\/\/www.pinterest.com\/iwellguard\/","https:\/\/bit.ly\/m\/iwellguard","https:\/\/entre-vos-mains.alsace.eu\/profiles\/iwellguard\/activity","https:\/\/gravatar.com\/reallybeded8fd34","https:\/\/naijamatta.com\/iwellguard","https:\/\/www.goodreads.com\/iwellguard","https:\/\/profile.hatena.ne.jp\/iwellguard\/","https:\/\/experiment.com\/users\/iwellguard","https:\/\/wakelet.com\/@iWellGuard82270","https:\/\/www.chordie.com\/forum\/profile.php?id=2555664","https:\/\/www.instapaper.com\/p\/17757966","https:\/\/www.mapleprimes.com\/users\/iwellguard","https:\/\/businesslistingplus.com\/profile\/iwell-guard\/","https:\/\/telegra.ph\/iWell-Guard-06-06","https:\/\/pbase.com\/iwellguard\/iwellguard","https:\/\/b.hatena.ne.jp\/iwellguard\/20260607#bookmark-4788405196491818882","https:\/\/fliphtml5.com\/home\/iwellguard","https:\/\/anyflip.com\/homepage\/cmiwl#About","https:\/\/transfur.com\/Users\/iwellguard","http:\/\/delphi.larsbo.org\/user\/iwellguard","https:\/\/jobs.lajobsportal.org\/profiles\/8380803-iwell-guard","https:\/\/md.chaosdorf.de\/s\/jfbe5SBdJD","https:\/\/www.lingvolive.com\/en-us\/profile\/9ecaeaca-ce11-4e51-9e71-01d55e2bff36\/translations","https:\/\/www.fitday.com\/fitness\/forums\/members\/iwellguard.html","https:\/\/www.mymeetbook.com\/iwellguard","https:\/\/pxhere.com\/en\/photographer-me\/5040798","https:\/\/disqus.com\/by\/iwellguard\/about\/","https:\/\/pastelink.net\/hjwciqwq","https:\/\/pubhtml5.com\/homepage\/scjhn\/","https:\/\/www.bitchute.com\/channel\/2O2eOKzNqujT","https:\/\/audiomack.com\/iwellguard"]},{"@type":"Person","@id":"https:\/\/iwell-guard.com\/sl\/#\/schema\/person\/ee2a27f1cac3406c7c6fb5820cb7349f","name":"Ralf Ittermann","image":{"@type":"ImageObject","inLanguage":"sl-SI","@id":"https:\/\/secure.gravatar.com\/avatar\/073c0153e350a5005b68eb752b445fea71f6b24a26da9449ad7e155e6b446c9d?s=96&d=mm&r=g","url":"https:\/\/secure.gravatar.com\/avatar\/073c0153e350a5005b68eb752b445fea71f6b24a26da9449ad7e155e6b446c9d?s=96&d=mm&r=g","contentUrl":"https:\/\/secure.gravatar.com\/avatar\/073c0153e350a5005b68eb752b445fea71f6b24a26da9449ad7e155e6b446c9d?s=96&d=mm&r=g","caption":"Ralf Ittermann"},"givenName":"Ralf","familyName":"Ittermann","jobTitle":"Gesch\u00e4ftsf\u00fchrer und redaktioneller Verantwortlicher","url":"https:\/\/iwell-guard.com\/sl\/author\/claude\/","description":"Ralf Ittermann ist Gesch\u00e4ftsf\u00fchrer der Ittermann electronic GmbH und redaktioneller Verantwortlicher des iWell-Guard-Lexikons. Er verbindet langj\u00e4hrige Erfahrung in der Pr\u00e4zisionsfertigung mit medialer Praxis und religionsgeschichtlicher Quellenarbeit.","worksFor":{"@type":"Organization","name":"Ittermann electronic GmbH","url":"https:\/\/ittermann.de\/","address":{"@type":"PostalAddress","streetAddress":"K\u00f6hlergasse 16-18","postalCode":"99842","addressLocality":"Ruhla","addressCountry":"DE"}},"knowsAbout":["Religionsgeschichte","Mythologie","Mediale Praxis","Energetische Diagnostik","Schutzpraxis","Volksglauben","Westliche Esoterik"]},{"@type":"Article","@id":"https:\/\/iwell-guard.com\/sl\/stallo-ljudozerski-velikan-samske-tradicije\/#article","isPartOf":{"@id":"https:\/\/iwell-guard.com\/sl\/stallo-ljudozerski-velikan-samske-tradicije\/"},"author":{"name":"Ralf Ittermann","@id":"https:\/\/iwell-guard.com\/sl\/#\/schema\/person\/ee2a27f1cac3406c7c6fb5820cb7349f"},"headline":"Stallo \u2013 Ljudo\u017eerski velikan iz samske tradicije","datePublished":"2026-09-05T00:25:24+00:00","dateModified":"2026-09-05T00:45:23+00:00","mainEntityOfPage":{"@id":"https:\/\/iwell-guard.com\/sl\/stallo-ljudozerski-velikan-samske-tradicije\/"},"publisher":{"@id":"https:\/\/iwell-guard.com\/sl\/#organization"},"image":{"@id":"https:\/\/iwell-guard.com\/sl\/stallo-ljudozerski-velikan-samske-tradicije\/#primaryimage"},"thumbnailUrl":"https:\/\/iwell-guard.com\/wp-content\/uploads\/2026\/05\/goetter_sami_stallo.webp","inLanguage":"sl-SI","description":"Stallo je ljudo\u017eerski velikan samske tradicije. Religiologska uvrstitev pripovedi o antagonistu."}]}},"_links":{"self":[{"href":"https:\/\/iwell-guard.com\/sl\/wp-json\/wp\/v2\/pages\/160756","targetHints":{"allow":["GET"]}}],"collection":[{"href":"https:\/\/iwell-guard.com\/sl\/wp-json\/wp\/v2\/pages"}],"about":[{"href":"https:\/\/iwell-guard.com\/sl\/wp-json\/wp\/v2\/types\/page"}],"author":[{"embeddable":true,"href":"https:\/\/iwell-guard.com\/sl\/wp-json\/wp\/v2\/users\/3"}],"replies":[{"embeddable":true,"href":"https:\/\/iwell-guard.com\/sl\/wp-json\/wp\/v2\/comments?post=160756"}],"version-history":[{"count":0,"href":"https:\/\/iwell-guard.com\/sl\/wp-json\/wp\/v2\/pages\/160756\/revisions"}],"wp:featuredmedia":[{"embeddable":true,"href":"https:\/\/iwell-guard.com\/sl\/wp-json\/wp\/v2\/media\/2896"}],"wp:attachment":[{"href":"https:\/\/iwell-guard.com\/sl\/wp-json\/wp\/v2\/media?parent=160756"}],"wp:term":[{"taxonomy":"category","embeddable":true,"href":"https:\/\/iwell-guard.com\/sl\/wp-json\/wp\/v2\/categories?post=160756"}],"curies":[{"name":"wp","href":"https:\/\/api.w.org\/{rel}","templated":true}]}}