{"id":160751,"date":"2026-09-05T00:25:21","date_gmt":"2026-09-05T00:25:21","guid":{"rendered":"https:\/\/iwell-guard.com\/?page_id=160751"},"modified":"2026-09-05T00:45:18","modified_gmt":"2026-09-05T00:45:18","slug":"malina-boginja-sonca-inuiti","status":"publish","type":"page","link":"https:\/\/iwell-guard.com\/sl\/malina-boginja-sonca-inuiti\/","title":{"rendered":"Malina &#8211; boginja Sonca pri Inuitih"},"content":{"rendered":"\t\t<div data-elementor-type=\"wp-page\" data-elementor-id=\"160751\" class=\"elementor elementor-160751 elementor-2662 elementor-bc-flex-widget\" data-elementor-post-type=\"page\">\n\t\t\t\t<div class=\"elementor-element elementor-element-iwgw-malinainui-hero e-flex e-con-boxed e-con e-parent\" data-id=\"iwgw-malinainui-hero\" data-element_type=\"container\" data-e-type=\"container\" data-settings=\"{&quot;background_background&quot;:&quot;classic&quot;}\">\n\t\t\t\t\t<div class=\"e-con-inner\">\n\t\t<div class=\"elementor-element elementor-element-iwgw-malinainui-hl e-flex e-con-boxed e-con e-child\" data-id=\"iwgw-malinainui-hl\" data-element_type=\"container\" data-e-type=\"container\">\n\t\t\t\t\t<div class=\"e-con-inner\">\n\t\t<div class=\"elementor-element elementor-element-iwgw-malinainui-htxt e-con-full e-flex e-con e-child\" data-id=\"iwgw-malinainui-htxt\" data-element_type=\"container\" data-e-type=\"container\">\n\t\t\t\t<div class=\"elementor-element elementor-element-iwgw-malinainui-h1 elementor-widget elementor-widget-heading\" data-id=\"iwgw-malinainui-h1\" data-element_type=\"widget\" data-e-type=\"widget\" data-widget_type=\"heading.default\">\n\t\t\t\t\t<h1 class=\"elementor-heading-title elementor-size-default\">Malina - boginja Sonca in sestra Meseca v inuitski tradiciji<\/h1>\t\t\t\t<\/div>\n\t\t\t\t<div class=\"elementor-element elementor-element-iwgw-malinainui-lead elementor-widget elementor-widget-text-editor\" data-id=\"iwgw-malinainui-lead\" data-element_type=\"widget\" data-e-type=\"widget\" data-widget_type=\"text-editor.default\">\n\t\t\t\t\t\t\t\t\t<p>Malina je v tradiciji osrednjearkti\u010dnih <a href=\"https:\/\/iwell-guard.com\/sl\/inuiti-in-arktika-sedna-tornit-zascitna-praksa\/\">Inuitov<\/a> boginja Sonca, sestra Meseca <a href=\"https:\/\/iwell-guard.com\/sl\/?page_id=160750\">Igaluka<\/a> in protagonistka enega osrednjih inuitskih mitov. Njen pobeg pred bratom razlaga lo\u010ditev dneva in no\u010di. Religiologsko je paradigmatska \u017eenska boginja Sonca cirkumpolarnega obmo\u010dja.<\/p>\t\t\t\t\t\t\t\t<\/div>\n\t\t\t\t<\/div>\n\t\t<div class=\"elementor-element elementor-element-iwgw-malinainui-pillc e-con-full e-flex e-con e-child\" data-id=\"iwgw-malinainui-pillc\" data-element_type=\"container\" data-e-type=\"container\">\n\t\t\t\t<div class=\"elementor-element elementor-element-iwgw-malinainui-pills elementor-widget elementor-widget-html\" data-id=\"iwgw-malinainui-pills\" data-element_type=\"widget\" data-e-type=\"widget\" data-widget_type=\"html.default\">\n\t\t\t\t\t<div class=\"iwg-pill-row\"><span class=\"iwg-klasse-badge\" tabindex=\"0\" data-tooltip=\"Boginja tradicije Inuiti.\">Boginja<\/span><a href=\"https:\/\/iwell-guard.com\/sl\/inuiti-in-arktika-sedna-tornit-zascitna-praksa\/\" class=\"iwg-kultur-badge\" tabindex=\"0\" data-tooltip=\"Mitologija tradicije Inuiti.\">Inuiti<\/a><span class=\"iwg-tradition-badge\" tabindex=\"0\" data-tooltip=\"Boginja Sonca.\">Boginja Sonca<\/span><\/div>\t\t\t\t<\/div>\n\t\t\t\t<\/div>\n\t\t<div class=\"elementor-element elementor-element-iwgw-malinainui-tocc e-con-full e-flex e-con e-child\" data-id=\"iwgw-malinainui-tocc\" data-element_type=\"container\" data-e-type=\"container\">\n\t\t\t\t<div class=\"elementor-element elementor-element-iwgw-malinainui-toc elementor-toc--minimized-on-tablet elementor-widget elementor-widget-table-of-contents\" data-id=\"iwgw-malinainui-toc\" data-element_type=\"widget\" data-e-type=\"widget\" data-settings=\"{&quot;headings_by_tags&quot;:[&quot;h2&quot;,&quot;h3&quot;],&quot;minimize_box&quot;:&quot;yes&quot;,&quot;marker_view&quot;:&quot;bullets&quot;,&quot;no_headings_message&quot;:&quot;Na tej strani ni najdenih naslovov.&quot;,&quot;exclude_headings_by_selector&quot;:[],&quot;icon&quot;:{&quot;value&quot;:&quot;fas fa-circle&quot;,&quot;library&quot;:&quot;fa-solid&quot;,&quot;rendered_tag&quot;:&quot;&lt;svg class=\\&quot;e-font-icon-svg e-fas-circle\\&quot; viewBox=\\&quot;0 0 512 512\\&quot; xmlns=\\&quot;http:\\\/\\\/www.w3.org\\\/2000\\\/svg\\&quot;&gt;&lt;path d=\\&quot;M256 8C119 8 8 119 8 256s111 248 248 248 248-111 248-248S393 8 256 8z\\&quot;&gt;&lt;\\\/path&gt;&lt;\\\/svg&gt;&quot;},&quot;minimized_on&quot;:&quot;tablet&quot;,&quot;hierarchical_view&quot;:&quot;yes&quot;,&quot;min_height&quot;:{&quot;unit&quot;:&quot;px&quot;,&quot;size&quot;:&quot;&quot;,&quot;sizes&quot;:[]},&quot;min_height_tablet&quot;:{&quot;unit&quot;:&quot;px&quot;,&quot;size&quot;:&quot;&quot;,&quot;sizes&quot;:[]},&quot;min_height_mobile&quot;:{&quot;unit&quot;:&quot;px&quot;,&quot;size&quot;:&quot;&quot;,&quot;sizes&quot;:[]}}\" data-widget_type=\"table-of-contents.default\">\n\t\t\t\t\t\t\t\t\t<div class=\"elementor-toc__header\">\n\t\t\t\t\t\t<h2 class=\"elementor-toc__header-title\">\n\t\t\t\tKazalo vsebine\t\t\t<\/h2>\n\t\t\t\t\t\t\t\t\t\t<div class=\"elementor-toc__toggle-button elementor-toc__toggle-button--expand\" role=\"button\" tabindex=\"0\" aria-controls=\"elementor-toc__iwgw-malinainui-toc\" aria-expanded=\"true\" aria-label=\"Open table of contents\"><svg aria-hidden=\"true\" class=\"e-font-icon-svg e-fas-chevron-down\" viewBox=\"0 0 448 512\" xmlns=\"http:\/\/www.w3.org\/2000\/svg\"><path d=\"M207.029 381.476L12.686 187.132c-9.373-9.373-9.373-24.569 0-33.941l22.667-22.667c9.357-9.357 24.522-9.375 33.901-.04L224 284.505l154.745-154.021c9.379-9.335 24.544-9.317 33.901.04l22.667 22.667c9.373 9.373 9.373 24.569 0 33.941L240.971 381.476c-9.373 9.372-24.569 9.372-33.942 0z\"><\/path><\/svg><\/div>\n\t\t\t\t<div class=\"elementor-toc__toggle-button elementor-toc__toggle-button--collapse\" role=\"button\" tabindex=\"0\" aria-controls=\"elementor-toc__iwgw-malinainui-toc\" aria-expanded=\"true\" aria-label=\"Close table of contents\"><svg aria-hidden=\"true\" class=\"e-font-icon-svg e-fas-chevron-up\" viewBox=\"0 0 448 512\" xmlns=\"http:\/\/www.w3.org\/2000\/svg\"><path d=\"M240.971 130.524l194.343 194.343c9.373 9.373 9.373 24.569 0 33.941l-22.667 22.667c-9.357 9.357-24.522 9.375-33.901.04L224 227.495 69.255 381.516c-9.379 9.335-24.544 9.317-33.901-.04l-22.667-22.667c-9.373-9.373-9.373-24.569 0-33.941L207.03 130.525c9.372-9.373 24.568-9.373 33.941-.001z\"><\/path><\/svg><\/div>\n\t\t\t\t\t<\/div>\n\t\t\t\t<div id=\"elementor-toc__iwgw-malinainui-toc\" class=\"elementor-toc__body\">\n\t\t\t<div class=\"elementor-toc__spinner-container\">\n\t\t\t\t<svg class=\"elementor-toc__spinner eicon-animation-spin e-font-icon-svg e-eicon-loading\" aria-hidden=\"true\" viewBox=\"0 0 1000 1000\" xmlns=\"http:\/\/www.w3.org\/2000\/svg\"><path d=\"M500 975V858C696 858 858 696 858 500S696 142 500 142 142 304 142 500H25C25 237 238 25 500 25S975 237 975 500 763 975 500 975Z\"><\/path><\/svg>\t\t\t<\/div>\n\t\t<\/div>\n\t\t\t\t\t\t<\/div>\n\t\t\t\t<\/div>\n\t\t\t\t\t<\/div>\n\t\t\t\t<\/div>\n\t\t<div class=\"elementor-element elementor-element-iwgw-malinainui-hr e-con-full e-flex e-con e-child\" data-id=\"iwgw-malinainui-hr\" data-element_type=\"container\" data-e-type=\"container\">\n\t\t\t\t<div class=\"elementor-element elementor-element-iwgw-malinainui-heroimg iwg-hero-image elementor-widget elementor-widget-image\" data-id=\"iwgw-malinainui-heroimg\" data-element_type=\"widget\" data-e-type=\"widget\" data-widget_type=\"image.default\">\n\t\t\t\t\t\t\t\t\t\t\t\t\t\t\t<img fetchpriority=\"high\" decoding=\"async\" width=\"683\" height=\"1024\" src=\"https:\/\/iwell-guard.com\/wp-content\/uploads\/2026\/05\/goetter_inuit_malina-inuit-683x1024.webp\" class=\"attachment-large size-large wp-image-162518\" alt=\"Malina Inuit \u2013 bogovi iz inuitske tradicije, zgodovinsko-ilustrativno\" srcset=\"https:\/\/iwell-guard.com\/wp-content\/uploads\/2026\/05\/goetter_inuit_malina-inuit-683x1024.webp 683w, https:\/\/iwell-guard.com\/wp-content\/uploads\/2026\/05\/goetter_inuit_malina-inuit-200x300.webp 200w, https:\/\/iwell-guard.com\/wp-content\/uploads\/2026\/05\/goetter_inuit_malina-inuit-768x1152.webp 768w, https:\/\/iwell-guard.com\/wp-content\/uploads\/2026\/05\/goetter_inuit_malina-inuit.webp 1024w\" sizes=\"(max-width: 683px) 100vw, 683px\" \/>\t\t\t\t\t\t\t\t\t\t\t\t\t\t\t<\/div>\n\t\t\t\t<\/div>\n\t\t\t\t\t<\/div>\n\t\t\t\t<\/div>\n\t\t\t\t<section class=\"elementor-section elementor-top-section elementor-element elementor-element-sec-iwgcomp-malina-inuit elementor-section-boxed elementor-section-height-default elementor-section-height-default\" data-id=\"sec-iwgcomp-malina-inuit\" data-element_type=\"section\" data-e-type=\"section\">\n\t\t\t\t\t\t<div class=\"elementor-container elementor-column-gap-default\">\n\t\t\t\t\t<div class=\"elementor-column elementor-col-100 elementor-top-column elementor-element elementor-element-col-iwgcomp-malina-inuit\" data-id=\"col-iwgcomp-malina-inuit\" data-element_type=\"column\" data-e-type=\"column\">\n\t\t\t<div class=\"elementor-widget-wrap elementor-element-populated\">\n\t\t\t\t\t\t<div class=\"elementor-element elementor-element-iwgcomp-malina-inuit elementor-widget elementor-widget-text-editor\" data-id=\"iwgcomp-malina-inuit\" data-element_type=\"widget\" data-e-type=\"widget\" data-widget_type=\"text-editor.default\">\n\t\t\t\t\t\t\t\t\t<p>Malina je <strong>inuitska boginja Sonca<\/strong> in sestra boga Meseca Igaluka v arkti\u010dni <span class=\"iwg-fachbegriff\" data-tooltip=\"Celota izro\u010denih pripovedi o bogovih neke kulture.\" tabindex=\"0\">mitologiji<\/span>.<\/p>\t\t\t\t\t\t\t\t<\/div>\n\t\t\t\t\t<\/div>\n\t\t<\/div>\n\t\t\t\t\t<\/div>\n\t\t<\/section>\n\t\t<div class=\"elementor-element elementor-element-iwgw-malinainui-s0 e-flex e-con-boxed e-con e-parent\" data-id=\"iwgw-malinainui-s0\" data-element_type=\"container\" data-e-type=\"container\">\n\t\t\t\t\t<div class=\"e-con-inner\">\n\t\t\t\t<div class=\"elementor-element elementor-element-iwgw-malinainui-s0h elementor-widget elementor-widget-heading\" data-id=\"iwgw-malinainui-s0h\" data-element_type=\"widget\" data-e-type=\"widget\" data-widget_type=\"heading.default\">\n\t\t\t\t\t<h2 class=\"elementor-heading-title elementor-size-default\">Umestitev in kratek profil<\/h2>\t\t\t\t<\/div>\n\t\t<div class=\"elementor-element elementor-element-iwgw-malinainui-s0c e-con-full e-flex e-con e-child\" data-id=\"iwgw-malinainui-s0c\" data-element_type=\"container\" data-e-type=\"container\">\n\t\t\t\t<div class=\"elementor-element elementor-element-iwgw-malinainui-s0t elementor-widget elementor-widget-text-editor\" data-id=\"iwgw-malinainui-s0t\" data-element_type=\"widget\" data-e-type=\"widget\" data-widget_type=\"text-editor.default\">\n\t\t\t\t\t\t\t\t\t<p>Malina je v inuitskem <span class=\"iwg-fachbegriff\" data-tooltip=\"Celota bogov neke religije ali kulture.\" tabindex=\"0\">panteonu<\/span> Sonce v personificirani \u017eenski obliki. Religiologsko je pomembno, da inuitska tradicija, tako kot ve\u010dina cirkumpolarnih in severnoevropskih tradicij, Sonce zami\u0161lja kot \u017eensko, Mesec pa kot mo\u0161kega, v nasprotju s \u0161tevilnimi mediteranskimi tradicijami, kjer je polarnost obrnjena. Ta razporeditev spolov je pomembna religiofenomenolo\u0161ka zna\u010dilnost.<\/p><p>Malina ni samostojno <span class=\"iwg-fachbegriff\" data-tooltip=\"Bitje, ki je znotraj neke religije \u010da\u0161\u010deno kot bo\u017eansko.\" tabindex=\"0\">bo\u017eanstvo<\/span>, temve\u010d se vedno omenja v povezavi z <span class=\"iwg-fachbegriff\" data-tooltip=\"Izro\u010dena pripoved o bogovih, izvorih in ureditvi sveta.\" tabindex=\"0\">mitom<\/span> o bratu Igaluku. Njen beg na nebo in nenehno preganjanje s strani Igaluka strukturirata dnevni cikel in s tem temeljni red \u010dasa. Ta pripovedna vezanost na Igaluka je religiofenomenolo\u0161ko samostojen pojav.<\/p><p>Kljub tej pripovedni vezanosti ima Malina lastne obredne funkcije, predvsem na podro\u010dju \u017eensk praks, \u010distosti, rojstva in mrzle zime, katere konec ozna\u010duje njena vrnitev po polarni no\u010di. Njen religiozni pomen je tesno povezan z arkti\u010dnim letnim ciklom, kar jo dela za klju\u010dno figuro cikli\u010dne predstave \u010dasa pri Inuitih.<\/p><p>Boginjo Sonca Malino, ki se vedno izro\u010da v povezavi z <span class=\"iwg-fachbegriff\" data-tooltip=\"Izro\u010dena pripoved o bogovih, izvorih in ureditvi sveta.\" tabindex=\"0\">mitom<\/span> o bratu Igaluku, je novej\u0161e raziskovanje osvetlilo z raz\u0161irjenimi metodolo\u0161kimi pristopi, ki zdru\u017eujejo etnografsko natan\u010dnost, jezikovno kritiko virov in primerjalno perspektivo. Danes k temu raziskovanju sodi tudi inuitska skupnost znanja sama, ki popravlja starej\u0161e, deloma kolonialno zaznamovane zahodne pripise.<\/p><p>Dodatno pojasnilo ponuja religiosociolo\u0161ko vpra\u0161anje o funkciji Maline v dru\u017ebeni ureditvi tradicionalne inuitske skupnosti. Ker je bil njen obredni pomen vezan na \u017eenske prakse, rojstvo in letni cikel, se na njej ka\u017ee, da religiozna struktura ni bila lo\u010dena od dru\u017ebene prakse, temve\u010d z njo tesno prepletena.<\/p><p>To prepletenost predstavlja samostojno religioantropolo\u0161ko raziskovalno podro\u010dje, ki sta ga sistemati\u010dno preu\u010dila predvsem Fr\u00e9d\u00e9ric Laugrand in Jarich Oosten.<\/p>\t\t\t\t\t\t\t\t<\/div>\n\t\t\t\t<\/div>\n\t\t\t\t\t<\/div>\n\t\t\t\t<\/div>\n\t\t<div class=\"elementor-element elementor-element-iwgw-malinainui-s1 e-flex e-con-boxed e-con e-parent\" data-id=\"iwgw-malinainui-s1\" data-element_type=\"container\" data-e-type=\"container\">\n\t\t\t\t\t<div class=\"e-con-inner\">\n\t\t\t\t<div class=\"elementor-element elementor-element-iwgw-malinainui-s1h elementor-widget elementor-widget-heading\" data-id=\"iwgw-malinainui-s1h\" data-element_type=\"widget\" data-e-type=\"widget\" data-widget_type=\"heading.default\">\n\t\t\t\t\t<h2 class=\"elementor-heading-title elementor-size-default\">Ime in etimologija<\/h2>\t\t\t\t<\/div>\n\t\t<div class=\"elementor-element elementor-element-iwgw-malinainui-s1c e-con-full e-flex e-con e-child\" data-id=\"iwgw-malinainui-s1c\" data-element_type=\"container\" data-e-type=\"container\">\n\t\t\t\t<div class=\"elementor-element elementor-element-iwgw-malinainui-s1t elementor-widget elementor-widget-text-editor\" data-id=\"iwgw-malinainui-s1t\" data-element_type=\"widget\" data-e-type=\"widget\" data-widget_type=\"text-editor.default\">\n\t\t\t\t\t\t\t\t\t<p>Ime Malina je najpogosteje izpri\u010dano v zapadnogrenlandskem nare\u010dju. Etimolo\u0161ko ni dokon\u010dno pojasnjeno, lahko pa je povezano s korenom <em>mali\u014b\u014buq<\/em>, ki ozna\u010duje preganjanje. Znanstveno se to ujema s pripovedjo, v kateri je struktura preganjanja osrednji <span class=\"iwg-fachbegriff\" data-tooltip=\"Ponavljajo\u010d se vsebinski element v umetnosti ali pripovedi.\" tabindex=\"0\">motiv<\/span>.<\/p><p>Druga imena za Sonce v inuitskih jezikih so <em>seqineq<\/em>, <em>siqiniq<\/em> ali <em>siqinniq<\/em>. Ta imena pa ozna\u010dujejo predvsem nebesni objekt, ne personificirane boginje. Ta razlika je znanstveno pomembna: ne vsako poimenovanje Sonca nosi teolo\u0161ko podobo Maline. Metodolo\u0161ka natan\u010dnost pri delu z viri je tu odlo\u010dilna.<\/p><p>V Iglulikju se pojavlja oblika Akycha ali Malik, v Vzhodni Grenlandiji Naajaa. Regionalna raznolikost ustreza splo\u0161ni jezikovni pestrosti inuitskega sveta in bi jo bilo treba upo\u0161tevati pri znanstveni obravnavi. Sistemati\u010dna jezikovna sinteza \u0161e manjka.<\/p><p>V primerjalni <span class=\"iwg-fachbegriff\" data-tooltip=\"Znanost, ki religije raziskuje primerjalno in brez verske zavezanosti.\" tabindex=\"0\">religiologiji<\/span> se Malina uklada v vzorec cirkumpolarne religiozne topografije, ki se ohranja v presenetljivo enaki strukturi \u010dez tiso\u010de kilometrov. Ta strukturna stabilnost sodi religiofenomenolo\u0161ko med najbolj opazne ugotovitve discipline in se \u0161e danes razpravlja.<\/p>\t\t\t\t\t\t\t\t<\/div>\n\t\t\t\t<\/div>\n\t\t\t\t\t<\/div>\n\t\t\t\t<\/div>\n\t\t<div class=\"elementor-element elementor-element-iwgw-malinainui-s2 e-flex e-con-boxed e-con e-parent\" data-id=\"iwgw-malinainui-s2\" data-element_type=\"container\" data-e-type=\"container\">\n\t\t\t\t\t<div class=\"e-con-inner\">\n\t\t\t\t<div class=\"elementor-element elementor-element-iwgw-malinainui-s2h elementor-widget elementor-widget-heading\" data-id=\"iwgw-malinainui-s2h\" data-element_type=\"widget\" data-e-type=\"widget\" data-widget_type=\"heading.default\">\n\t\t\t\t\t<h2 class=\"elementor-heading-title elementor-size-default\">Mit o begu pred incestom<\/h2>\t\t\t\t<\/div>\n\t\t<div class=\"elementor-element elementor-element-iwgw-malinainui-s2c e-con-full e-flex e-con e-child\" data-id=\"iwgw-malinainui-s2c\" data-element_type=\"container\" data-e-type=\"container\">\n\t\t\t\t<div class=\"elementor-element elementor-element-iwgw-malinainui-s2t elementor-widget elementor-widget-text-editor\" data-id=\"iwgw-malinainui-s2t\" data-element_type=\"widget\" data-e-type=\"widget\" data-widget_type=\"text-editor.default\">\n\t\t\t\t\t\t\t\t\t<p>Osrednji mit o Malini je istoveten z mitom o Igaluku, ki je bil tam \u017ee opisan. Z Malininega vidika gre za pripoved o \u017eenski samopotrditvi in ustvarjanju kozmi\u010dnega reda z lastnim, samostojnim begom. Ta perspektiva je znanstveno plodna in sta jo izrecno izpostavili Birgitte Sonne in Pamela Stern.<\/p><p>Malina svojega brata ozna\u010di s sajami, prepozna njegovo identi\u010dnost, si iz sramu odre\u017ee prsi, mu jih vr\u017ee in z gore\u010do baklo pobegne v nebo. Njena svetlost presega svetlobo njenega brata, ker je pobegnila prva in si prisvojila svetlej\u0161o baklo. Igaluk ji sledi, a zaostaja.<\/p><p>Znanstveno gledano ta pripoved ni pasivna pripoved o <span class=\"iwg-fachbegriff\" data-tooltip=\"Dar bo\u017eanstvu v izraz hvale\u017enosti, pro\u0161nje ali \u010da\u0161\u010denja.\" tabindex=\"0\">daritvi<\/span>, temve\u010d dejanje: Malina ravna tako, da se sama ozna\u010di, se sama pohabi in pobegne. Sonce postane po lastni iniciativi, ne po bo\u017ejem posegu. Ta aktivna razse\u017enost si zaslu\u017ei posebno pozornost s fenomenologije religije in se razlikuje od povsem na daritev usmerjenih son\u010dnih mitov.<\/p>\t\t\t\t\t\t\t\t<\/div>\n\t\t\t\t<\/div>\n\t\t\t\t\t<\/div>\n\t\t\t\t<\/div>\n\t\t<div class=\"elementor-element elementor-element-iwgw-malinainui-s3 e-flex e-con-boxed e-con e-parent\" data-id=\"iwgw-malinainui-s3\" data-element_type=\"container\" data-e-type=\"container\">\n\t\t\t\t\t<div class=\"e-con-inner\">\n\t\t\t\t<div class=\"elementor-element elementor-element-iwgw-malinainui-s3h elementor-widget elementor-widget-heading\" data-id=\"iwgw-malinainui-s3h\" data-element_type=\"widget\" data-e-type=\"widget\" data-widget_type=\"heading.default\">\n\t\t\t\t\t<h2 class=\"elementor-heading-title elementor-size-default\">Sonce, tema in arkti\u010dni letni cikel<\/h2>\t\t\t\t<\/div>\n\t\t<div class=\"elementor-element elementor-element-iwgw-malinainui-s3c e-con-full e-flex e-con e-child\" data-id=\"iwgw-malinainui-s3c\" data-element_type=\"container\" data-e-type=\"container\">\n\t\t\t\t<div class=\"elementor-element elementor-element-iwgw-malinainui-s3t elementor-widget elementor-widget-text-editor\" data-id=\"iwgw-malinainui-s3t\" data-element_type=\"widget\" data-e-type=\"widget\" data-widget_type=\"text-editor.default\">\n\t\t\t\t\t\t\t\t\t<p>Malinin religiozni pomen zaznamuje arkti\u010dni letni cikel. Polarna no\u010d, med katero sonce ve\u010d tednov ne pride nad horizont, je bila religiozno nabito stanje. Malinino vrnitev spomladi so <span class=\"iwg-fachbegriff\" data-tooltip=\"Pripadajo\u010d dolo\u010denemu, ustaljenemu religioznemu poteku dejanj.\" tabindex=\"0\">obredno<\/span> pozdravljali, v nekaterih pokrajinah z manj\u0161imi slavji, drugod s posebnimi tabuji.<\/p><p>Rasmussen poro\u010da iz Iglulika, da so ob prvem pogledu na sonce po polarni no\u010di otroci peli posebne pesmi, s katerimi so pozdravljali vrnitev son\u010dne boginje. Ta praksa ni bila primerljiva z intenzivno prazni\u010dno kulturo ju\u017enih son\u010dnih kultov, imela pa je lastno obredno globino in znanstveni pomen kot arkti\u010dni obred pozdravljanja sonca.<\/p><p>Poleti, ko sonce ne zaide, je bila Malina druga\u010dna prisotnost: nenehno vidna, svetla, v nekem pogledu premo\u010dna. Podvojitev odsotnosti in vseprisotnosti je s stali\u0161\u010da fenomenologije religije posebnost arkti\u010dnega \u010da\u0161\u010denja sonca in ustvarja religiozni ritem izku\u0161nje, ki v zmernih podnebnih pasovih ni mogo\u010d.<\/p>\t\t\t\t\t\t\t\t<\/div>\n\t\t\t\t<\/div>\n\t\t\t\t\t<\/div>\n\t\t\t\t<\/div>\n\t\t<div class=\"elementor-element elementor-element-iwgw-malinainui-s4 e-flex e-con-boxed e-con e-parent\" data-id=\"iwgw-malinainui-s4\" data-element_type=\"container\" data-e-type=\"container\">\n\t\t\t\t\t<div class=\"e-con-inner\">\n\t\t\t\t<div class=\"elementor-element elementor-element-iwgw-malinainui-s4h elementor-widget elementor-widget-heading\" data-id=\"iwgw-malinainui-s4h\" data-element_type=\"widget\" data-e-type=\"widget\" data-widget_type=\"heading.default\">\n\t\t\t\t\t<h2 class=\"elementor-heading-title elementor-size-default\">Malina in \u017eenska praksa<\/h2>\t\t\t\t<\/div>\n\t\t<div class=\"elementor-element elementor-element-iwgw-malinainui-s4c e-con-full e-flex e-con e-child\" data-id=\"iwgw-malinainui-s4c\" data-element_type=\"container\" data-e-type=\"container\">\n\t\t\t\t<div class=\"elementor-element elementor-element-iwgw-malinainui-s4t elementor-widget elementor-widget-text-editor\" data-id=\"iwgw-malinainui-s4t\" data-element_type=\"widget\" data-e-type=\"widget\" data-widget_type=\"text-editor.default\">\n\t\t\t\t\t\t\t\t\t<p>Malina je religiozno-prakti\u010dno posebej blizu \u017eenskam. Klicali so jo ob rojstvu, menstruaciji in v tabujskih obdobjih, ki zaznamujejo \u017eensko \u017eivljenje. Religiozna predstava je bila, da je sonce kot starej\u0161a, preizku\u0161ena \u017eenska dovzetno za izku\u0161nje \u010dlove\u0161kih \u017eensk. Ta empati\u010dna konstelacija je s stali\u0161\u010da fenomenologije religije samostojen pojav.<\/p><p>Z Malino so bili povezani dolo\u010deni obredi, na primer \u010distilne kopeli v snegu ali no\u0161enje dolo\u010denih amuletov. Znanstveno to spada v \u0161ir\u0161i razred \u017eenskih \u010da\u0161\u010denj sonca, ki so v variacijah izpri\u010dana v cirkumpolarni regiji in tvorijo lastno primerjalno raziskovalno podro\u010dje.<\/p><p>Pri Karibujskih Inuitih je bila ta povezava manj izrazita kot pri Iglulikih. Regionalna raznolikost je precej\u0161nja in je ne bi smeli zdru\u017eiti v enotno Malinino <span class=\"iwg-fachbegriff\" data-tooltip=\"Znanstveni nauk o Bogu in veri neke religije.\" tabindex=\"0\">teologijo<\/span>. Znanstvena naloga je diferencirano regionalno opisovanje, ne pa poenotujo\u010da sinteza.<\/p>\t\t\t\t\t\t\t\t<\/div>\n\t\t\t\t<\/div>\n\t\t\t\t\t<\/div>\n\t\t\t\t<\/div>\n\t\t<div class=\"elementor-element elementor-element-iwgw-malinainui-s5 e-flex e-con-boxed e-con e-parent\" data-id=\"iwgw-malinainui-s5\" data-element_type=\"container\" data-e-type=\"container\">\n\t\t\t\t\t<div class=\"e-con-inner\">\n\t\t\t\t<div class=\"elementor-element elementor-element-iwgw-malinainui-s5h elementor-widget elementor-widget-heading\" data-id=\"iwgw-malinainui-s5h\" data-element_type=\"widget\" data-e-type=\"widget\" data-widget_type=\"heading.default\">\n\t\t\t\t\t<h2 class=\"elementor-heading-title elementor-size-default\">Sonce kot simbol upanja in \u010dasa<\/h2>\t\t\t\t<\/div>\n\t\t<div class=\"elementor-element elementor-element-iwgw-malinainui-s5c e-con-full e-flex e-con e-child\" data-id=\"iwgw-malinainui-s5c\" data-element_type=\"container\" data-e-type=\"container\">\n\t\t\t\t<div class=\"elementor-element elementor-element-iwgw-malinainui-s5t elementor-widget elementor-widget-text-editor\" data-id=\"iwgw-malinainui-s5t\" data-element_type=\"widget\" data-e-type=\"widget\" data-widget_type=\"text-editor.default\">\n\t\t\t\t\t\t\t\t\t<p>V \u0161amanski praksi je bilo mogo\u010de Malino priklicati kot simbol upanja. Ob bolezni, lakoti ali obupu je bila njena vrnitev iz polarne no\u010di razumljena kot vzor vzpona. \u0160amani so v transu potovali predvsem k lunu, ne toliko k soncu, a so lahko njeno mo\u010d prizivali kot oporo.<\/p><p>\u010casovno Malina strukturira dnevni cikel. Medtem ko lunini cikli dolo\u010dajo mesece, sonce daje dan in letni \u010das. Znanstveno je ta komplementarna \u010dasovna struktura pomemben element inuitske <span class=\"iwg-fachbegriff\" data-tooltip=\"Predstava o zgradbi in redu sveta znotraj neke kulture.\" tabindex=\"0\">kozmologije<\/span> in naredi bratsko-sestrski par Malina-Igaluk za koledarsko-religijsko diado.<\/p><p>V sodobni inuitski umetnosti je Malina prisotna, pogosto v diptihu z Igalukom. Asimetrija med obema sorojenoma, njun konflikt in preganjanje so umetni\u0161ko plodno uporabljeni. Fenomenologija religije v tem vidi trajno \u017eivost <span class=\"iwg-fachbegriff\" data-tooltip=\"Izro\u010dena pripoved o bogovih, izvorih in redu sveta.\" tabindex=\"0\">mita<\/span> in njegovo nosilnost kot umetni\u0161kega navdiha.<\/p>\t\t\t\t\t\t\t\t<\/div>\n\t\t\t\t<\/div>\n\t\t\t\t\t<\/div>\n\t\t\t\t<\/div>\n\t\t<div class=\"elementor-element elementor-element-iwgw-malinainui-s6 e-flex e-con-boxed e-con e-parent\" data-id=\"iwgw-malinainui-s6\" data-element_type=\"container\" data-e-type=\"container\">\n\t\t\t\t\t<div class=\"e-con-inner\">\n\t\t\t\t<div class=\"elementor-element elementor-element-iwgw-malinainui-s6h elementor-widget elementor-widget-heading\" data-id=\"iwgw-malinainui-s6h\" data-element_type=\"widget\" data-e-type=\"widget\" data-widget_type=\"heading.default\">\n\t\t\t\t\t<h2 class=\"elementor-heading-title elementor-size-default\">Primerjava z drugimi son\u010dnimi boginjami<\/h2>\t\t\t\t<\/div>\n\t\t<div class=\"elementor-element elementor-element-iwgw-malinainui-s6c e-con-full e-flex e-con e-child\" data-id=\"iwgw-malinainui-s6c\" data-element_type=\"container\" data-e-type=\"container\">\n\t\t\t\t<div class=\"elementor-element elementor-element-iwgw-malinainui-s6t elementor-widget elementor-widget-text-editor\" data-id=\"iwgw-malinainui-s6t\" data-element_type=\"widget\" data-e-type=\"widget\" data-widget_type=\"text-editor.default\">\n\t\t\t\t\t\t\t\t\t<p>\u017denska son\u010dna bo\u017eanstva so raz\u0161irjena v cirkumpolarni in severnoevropski regiji. <a href=\"https:\/\/iwell-guard.com\/sl\/sami-in-ugrofinska-tradicija-noaidi-boben\/\">Samijska<\/a> Beaivi, finsko-ugrska P\u00e4iv\u00e4t\u00e4r, germanska S\u00f3l, baltska Saul\u0117 in japonska Amaterasu tvorijo primerljiv razred son\u010dnih boginj.<\/p><p>Ta raz\u0161irjenost znanstveno ni naklju\u010dna. Odra\u017ea \u0161ir\u0161o severno spolno pripisovanje nebesnih teles, ki v globalni primerjalni perspektivi tvori lastno regijo. Verskozgodovinska globina te plasti je predmet stalnih raziskav in ne bi smela vodilo v prehitre univerzalisti\u010dne konstrukcije.<\/p><p>Znotraj inuitske tradicije je Malina v dopolnjujo\u010dem odnosu z Igalukom, podobno kot <a href=\"https:\/\/iwell-guard.com\/sl\/?page_id=160741\">Sedna<\/a> z <a href=\"https:\/\/iwell-guard.com\/sl\/?page_id=160747\">Angutom<\/a>. Pari bratov in sester tvorijo ponavljajo\u010d se religiozni vzorec in so s stali\u0161\u010da fenomenologije religije lasten strukturni vzorec inuitske <span class=\"iwg-fachbegriff\" data-tooltip=\"Znanstveni nauk o Bogu in veri neke religije.\" tabindex=\"0\">teologije<\/span>.<\/p>\t\t\t\t\t\t\t\t<\/div>\n\t\t\t\t<\/div>\n\t\t\t\t\t<\/div>\n\t\t\t\t<\/div>\n\t\t<div class=\"elementor-element elementor-element-iwgw-malinainui-s7 e-flex e-con-boxed e-con e-parent\" data-id=\"iwgw-malinainui-s7\" data-element_type=\"container\" data-e-type=\"container\">\n\t\t\t\t\t<div class=\"e-con-inner\">\n\t\t\t\t<div class=\"elementor-element elementor-element-iwgw-malinainui-s7h elementor-widget elementor-widget-heading\" data-id=\"iwgw-malinainui-s7h\" data-element_type=\"widget\" data-e-type=\"widget\" data-widget_type=\"heading.default\">\n\t\t\t\t\t<h2 class=\"elementor-heading-title elementor-size-default\">Misijon in sodobno sprejemanje<\/h2>\t\t\t\t<\/div>\n\t\t<div class=\"elementor-element elementor-element-iwgw-malinainui-s7c e-con-full e-flex e-con e-child\" data-id=\"iwgw-malinainui-s7c\" data-element_type=\"container\" data-e-type=\"container\">\n\t\t\t\t<div class=\"elementor-element elementor-element-iwgw-malinainui-s7t elementor-widget elementor-widget-text-editor\" data-id=\"iwgw-malinainui-s7t\" data-element_type=\"widget\" data-e-type=\"widget\" data-widget_type=\"text-editor.default\">\n\t\t\t\t\t\t\t\t\t<p>Misijoni so Malino napadali manj kot Sedno ali Tornarssuka, ker njena funkcija ni bila neposredno povezana s <span class=\"iwg-fachbegriff\" data-tooltip=\"Religiozni sistem, v katerem specialisti vzpostavljajo stik s svetom duhov.\" tabindex=\"0\">\u0161amanizmom<\/span> ali strukturami tabujev. Kljub temu je bil incestni <span class=\"iwg-fachbegriff\" data-tooltip=\"Izro\u010deno pripoved o bogovih, izvorih in ureditvi sveta.\" tabindex=\"0\">mit<\/span> ponekod dojet kot \u017ealjiv in v javnem pripovedovanju zadr\u017ean.<\/p><p>V sodobni inuitski kulturi je Malina prisotna kot simbolna figura, pogosto v feministi\u010dni razlagi kot primer \u017eensko samopotrditve proti spolnemu nasilju. Ta sodobna prilastitev znanstveno ni zgodovinsko dokazljiva, je pa kulturno relevantna in primer aktiviranja tradicionalnih pripovedi v aktualnih diskurzih.<\/p><p>V \u0161olskih u\u010dbenikih in muzejih se Malina posreduje previdno. Zgodovinska globina njene podobe je vse bolj priznana, ne da bi se rekonstruirala sistemati\u010dna <span class=\"iwg-fachbegriff\" data-tooltip=\"Znanstveni nauk o Bogu in veri neke religije.\" tabindex=\"0\">teologija<\/span>. Ta previdnost je religiologodidakti\u010dno ustrezna, saj stanje virov ne dopu\u0161\u010da harmonizirajo\u010de sinteze.<\/p>\t\t\t\t\t\t\t\t<\/div>\n\t\t\t\t<\/div>\n\t\t\t\t\t<\/div>\n\t\t\t\t<\/div>\n\t\t<div class=\"elementor-element elementor-element-iwgw-malinainui-s8 e-flex e-con-boxed e-con e-parent\" data-id=\"iwgw-malinainui-s8\" data-element_type=\"container\" data-e-type=\"container\">\n\t\t\t\t\t<div class=\"e-con-inner\">\n\t\t\t\t<div class=\"elementor-element elementor-element-iwgw-malinainui-s8h elementor-widget elementor-widget-heading\" data-id=\"iwgw-malinainui-s8h\" data-element_type=\"widget\" data-e-type=\"widget\" data-widget_type=\"heading.default\">\n\t\t\t\t\t<h2 class=\"elementor-heading-title elementor-size-default\">Raziskave in sodobno stanje<\/h2>\t\t\t\t<\/div>\n\t\t<div class=\"elementor-element elementor-element-iwgw-malinainui-s8c e-con-full e-flex e-con e-child\" data-id=\"iwgw-malinainui-s8c\" data-element_type=\"container\" data-e-type=\"container\">\n\t\t\t\t<div class=\"elementor-element elementor-element-iwgw-malinainui-s8t elementor-widget elementor-widget-text-editor\" data-id=\"iwgw-malinainui-s8t\" data-element_type=\"widget\" data-e-type=\"widget\" data-widget_type=\"text-editor.default\">\n\t\t\t\t\t\t\t\t\t<p>Raziskave o Malini so tesno povezane z raziskavami o Igaluku. Rasmussen, Boas, Birket-Smith in Merkur so glavni viri. Samostojne monografije o Malini ni, kar odseva zgodovino raziskovanja same: mo\u0161ka stran <span class=\"iwg-fachbegriff\" data-tooltip=\"Izro\u010deno pripoved o bogovih, izvorih in ureditvi sveta.\" tabindex=\"0\">mita<\/span> je dlje \u010dasa dele\u017ena pozornosti kot \u017eenska.<\/p><p>Novej\u0161e raziskave, zlasti pri Birgitte Sonne in Pameli Stern, mo\u010dneje poudarjajo Malinino lastno religiozno funkcijo in je ne prikazujejo le kot preganjano od brata. Ta premik perspektive je znanstveno produktiven in ustreza \u0161ir\u0161i feministi\u010dni preosnovi zgodovine religije avtohtonih kultur.<\/p><p>V prihodnji inuitski religijski raziskavi bi bila za\u017eelena natan\u010dnej\u0161a obravnava \u017eenskih obredov, povezanih z Malino, kolikor to dopu\u0161\u010dajo viri. Ta obravnava bi bistveno dopolnila celotno podobo inuitskega panteona in popravila enostransko mo\u0161ko zaznamovano raziskovalno stanje.<\/p>\t\t\t\t\t\t\t\t<\/div>\n\t\t\t\t<\/div>\n\t\t\t\t\t<\/div>\n\t\t\t\t<\/div>\n\t\t<div class=\"elementor-element elementor-element-iwgw-malinainui-s9 e-flex e-con-boxed e-con e-parent\" data-id=\"iwgw-malinainui-s9\" data-element_type=\"container\" data-e-type=\"container\">\n\t\t\t\t\t<div class=\"e-con-inner\">\n\t\t\t\t<div class=\"elementor-element elementor-element-iwgw-malinainui-s9h elementor-widget elementor-widget-heading\" data-id=\"iwgw-malinainui-s9h\" data-element_type=\"widget\" data-e-type=\"widget\" data-widget_type=\"heading.default\">\n\t\t\t\t\t<h2 class=\"elementor-heading-title elementor-size-default\">Kri\u017ene povezave v leksikonu<\/h2>\t\t\t\t<\/div>\n\t\t<div class=\"elementor-element elementor-element-iwgw-malinainui-s9c e-con-full e-flex e-con e-child\" data-id=\"iwgw-malinainui-s9c\" data-element_type=\"container\" data-e-type=\"container\">\n\t\t\t\t<div class=\"elementor-element elementor-element-iwgw-malinainui-s9t elementor-widget elementor-widget-text-editor\" data-id=\"iwgw-malinainui-s9t\" data-element_type=\"widget\" data-e-type=\"widget\" data-widget_type=\"text-editor.default\">\n\t\t\t\t\t\t\t\t\t<p>Malina se povezuje z <a href=\"https:\/\/iwell-guard.com\/sl\/?page_id=160750\">Igalukom<\/a>, <a href=\"https:\/\/iwell-guard.com\/sl\/?page_id=160741\">Sedno<\/a>, <a href=\"https:\/\/iwell-guard.com\/sl\/?page_id=160744\">Silo<\/a>, <a href=\"https:\/\/iwell-guard.com\/sl\/?page_id=160748\">Pingo<\/a>, <a href=\"https:\/\/iwell-guard.com\/sl\/?page_id=160747\">Angutom<\/a>, <a href=\"https:\/\/iwell-guard.com\/sl\/?page_id=160749\">Nanookom<\/a>, <a href=\"https:\/\/iwell-guard.com\/sl\/?page_id=160745\">Tornarssukom<\/a>, <a href=\"https:\/\/iwell-guard.com\/sl\/?page_id=160746\">Tupilakom<\/a> in <a href=\"https:\/\/iwell-guard.com\/sl\/?page_id=160752\">Qailertetangom<\/a>. Kulturno vozli\u0161\u010de <a href=\"https:\/\/iwell-guard.com\/sl\/inuiti-in-arktika-sedna-tornit-zascitna-praksa\/\">inuitska tradicija<\/a> uokvirja son\u010dno <span class=\"iwg-fachbegriff\" data-tooltip=\"Znanstveni nauk o Bogu in veri neke religije.\" tabindex=\"0\">teologijo<\/span>. Strukturno podobne son\u010dne boginje najdemo v <a href=\"https:\/\/iwell-guard.com\/sl\/sami-in-ugrofinska-tradicija-noaidi-boben\/\">samski<\/a> vrsti gesel pri <em>Beaivi<\/em>.<\/p>\t\t\t\t\t\t\t\t<\/div>\n\t\t\t\t<\/div>\n\t\t\t\t\t<\/div>\n\t\t\t\t<\/div>\n\t\t<div class=\"elementor-element elementor-element-cp2f9cc2de e-flex e-con-boxed e-con e-parent\" data-id=\"cp2f9cc2de\" data-element_type=\"container\" data-e-type=\"container\">\n\t\t\t\t\t<div class=\"e-con-inner\">\n\t\t\t\t<div class=\"elementor-element elementor-element-cp2aefe3ab elementor-widget elementor-widget-heading\" data-id=\"cp2aefe3ab\" data-element_type=\"widget\" data-e-type=\"widget\" data-widget_type=\"heading.default\">\n\t\t\t\t\t<h2 class=\"elementor-heading-title elementor-size-default\">Pripoved o preganjanju Sonca in Lune<\/h2>\t\t\t\t<\/div>\n\t\t<div class=\"elementor-element elementor-element-cp24aa4a16 e-flex e-con-boxed e-con e-child\" data-id=\"cp24aa4a16\" data-element_type=\"container\" data-e-type=\"container\">\n\t\t\t\t\t<div class=\"e-con-inner\">\n\t\t\t\t<div class=\"elementor-element elementor-element-cp2de6ed82 elementor-widget elementor-widget-text-editor\" data-id=\"cp2de6ed82\" data-element_type=\"widget\" data-e-type=\"widget\" data-widget_type=\"text-editor.default\">\n\t\t\t\t\t\t\t\t\t<p>Najbolj znano <span class=\"iwg-fachbegriff\" data-tooltip=\"Prena\u0161anje znanja in pripovedi skozi generacije.\" tabindex=\"0\">izro\u010dilo<\/span> o Malini, ki jo v angle\u0161ko govore\u010di etnografiji pogosto imenujejo <em>Sun Sister<\/em>, je pripoved o sorojencih, ki po prekr\u0161ku dru\u017ebenega tabuja postaneta sonce in luna.<\/p><p>V razli\u010dicah, ki jih je zapisal Knud Rasmussen med peto Thule ekspedicijo (1921 do 1924), na primer v delu <em>Intellectual Culture of the Iglulik Eskimos<\/em>, pripoved opisuje, kako brat v temi zbornice na skrivaj nadleguje svojo sestro.<\/p><p>Sestra si roke pobarva s sajami, da bi ozna\u010dila neznanega napadalca. Ko naslednji dan odkrije sledi saj na obrazu svojega brata, zgrabi gore\u010do baklo in pobegne.<\/p><p>Brat jo preganja, vendar njegova bakla delno ugasne in le \u0161e tli. Oba se povzpneta na nebo: sestra postane svetlo sijo\u010de sonce, brat pa \u0161ibkeje svetle\u010da luna, ki jo od takrat naprej preganja, ne da bi jo kdaj dohitel.<\/p><p>Pripoved hkrati pojasnjuje ve\u010d opa\u017eanj: zakaj si sonce in luna na nebu sledita, zakaj luna sveti manj mo\u010dno kot sonce, in v nekaterih razli\u010dicah tudi lise na lunini povr\u0161ini kot sledi saj. Znanstveno jo je treba brati kot etiolo\u0161ki <span class=\"iwg-fachbegriff\" data-tooltip=\"Izro\u010dena pripoved o bogovih, izvorih in redu sveta.\" tabindex=\"0\">mit<\/span>, ki hkrati najte\u017eji dru\u017ebeni prestopek, incest, ozna\u010duje kot izvor kozmi\u010dnega reda. Regionalna raz\u0161irjenost pripovedi sega od Grenlandije prek kanadske Arktike do Aljaske, z znatnimi razlikami v imenih in podrobnostih. Ime Malina je izpri\u010dano predvsem v grenlandskem izro\u010dilu, medtem ko druge inuitske skupine son\u010dno sestro imenujejo druga\u010de ali ji ne dajejo stalnega imena.<\/p>\t\t\t\t\t\t\t\t<\/div>\n\t\t\t\t\t<\/div>\n\t\t\t\t<\/div>\n\t\t\t\t\t<\/div>\n\t\t\t\t<\/div>\n\t\t<div class=\"elementor-element elementor-element-cp2a334bb7 e-flex e-con-boxed e-con e-parent\" data-id=\"cp2a334bb7\" data-element_type=\"container\" data-e-type=\"container\">\n\t\t\t\t\t<div class=\"e-con-inner\">\n\t\t\t\t<div class=\"elementor-element elementor-element-cp26328bea elementor-widget elementor-widget-heading\" data-id=\"cp26328bea\" data-element_type=\"widget\" data-e-type=\"widget\" data-widget_type=\"heading.default\">\n\t\t\t\t\t<h2 class=\"elementor-heading-title elementor-size-default\">Stanje virov in nevarnost posplo\u0161evanja<\/h2>\t\t\t\t<\/div>\n\t\t<div class=\"elementor-element elementor-element-cp2ded0565 e-flex e-con-boxed e-con e-child\" data-id=\"cp2ded0565\" data-element_type=\"container\" data-e-type=\"container\">\n\t\t\t\t\t<div class=\"e-con-inner\">\n\t\t\t\t<div class=\"elementor-element elementor-element-cp2d14b225 elementor-widget elementor-widget-text-editor\" data-id=\"cp2d14b225\" data-element_type=\"widget\" data-e-type=\"widget\" data-widget_type=\"text-editor.default\">\n\t\t\t\t\t\t\t\t\t<p>Ustno <span class=\"iwg-fachbegriff\" data-tooltip=\"Predajanje znanja in pripovedi skozi generacije.\" tabindex=\"0\">izro\u010dilo<\/span> o Malini je z viroznanstvenega vidika zahtevno, in vsak prikaz mora to omejitev razkriti. Predkolonialnih pisnih virov ni; celotno znanje izhaja iz zapisov, ki so jih od 19. stoletja naprej ustvarili misijonarji, kitolovci, trgovci in etnografi.<\/p><p>Najpomembnej\u0161o zbirko dolgujemo Knudu Rasmussenu, ki je kot sin dru\u017eine z delno inuitskimi koreninami govoril grenlandsko in imel s tem neposrednej\u0161i dostop do pripovedovalcev kot \u0161tevilni drugi raziskovalci.<\/p><p>Kljub temu je gradivo pomanjkljivo. Inuiti niso enotna kultura, temve\u010d skupina regionalno samostojnih skupnosti, razporejenih po celotni cirkumpolarni arktiki, z razli\u010dnimi nare\u010dji in izro\u010dili.<\/p><p>Ime Malina in z njim povezana pripoved o son\u010dni sestri nista povsod enako izpri\u010dana. V zahodni Grenlandiji je oblika bolje dokumentirana kot drugod, in metodolo\u0161ko ni dopustno iz grenlandske razli\u010dice sklepati na panuitsko son\u010dno bo\u017eanstvo.<\/p><p>K temu je treba dodati, da so \u0161tevilni zgodnji zbiralci pripovedi iztrgali iz konteksta, v katerem so bile pripovedovane. Inuitske pripovedi so bile vezane na letni \u010das, prilo\u017enost in pripovedovalca; pisna fiksacija je iz njih naredila stati\u010dna besedila. Z znanstvenega vidika je zato Malino treba razumeti bolj kot regionalno vezano podobo splo\u0161no raz\u0161irjenega pripovednega motiva kot kot jasno opredeljeno boginjo v smislu sredozemskih panteonov. Raziskave, na primer pri Danielu Merkurju v <em>Becoming Half Hidden<\/em> (1985), poudarjajo, da inuitsko <span class=\"iwg-fachbegriff\" data-tooltip=\"Predstava o zgradbi in ureditvi sveta znotraj dolo\u010dene kulture.\" tabindex=\"0\">kozmologijo<\/span> niso oblikovala poimenovana visoka bo\u017eanstva, temve\u010d bitja, kot je morska \u017eena, ter \u0161amanske prakse.\t\t\t\t\t\t\t\t<\/div>\n\t\t\t\t\t<\/div>\n\t\t\t\t<\/div>\n\t\t\t\t\t<\/div>\n\t\t\t\t<\/div>\n\t\t<div class=\"elementor-element elementor-element-iwgw-malinainui-lit e-flex e-con-boxed e-con e-parent\" data-id=\"iwgw-malinainui-lit\" data-element_type=\"container\" data-e-type=\"container\">\n\t\t\t\t\t<div class=\"e-con-inner\">\n\t\t\t\t<div class=\"elementor-element elementor-element-iwgw-malinainui-lith elementor-widget elementor-widget-heading\" data-id=\"iwgw-malinainui-lith\" data-element_type=\"widget\" data-e-type=\"widget\" data-widget_type=\"heading.default\">\n\t\t\t\t\t<h2 class=\"elementor-heading-title elementor-size-default\">Literatura (izbor)<\/h2>\t\t\t\t<\/div>\n\t\t<div class=\"elementor-element elementor-element-iwgw-malinainui-litc e-con-full e-flex e-con e-child\" data-id=\"iwgw-malinainui-litc\" data-element_type=\"container\" data-e-type=\"container\">\n\t\t\t\t<div class=\"elementor-element elementor-element-iwgw-malinainui-litt elementor-widget elementor-widget-text-editor\" data-id=\"iwgw-malinainui-litt\" data-element_type=\"widget\" data-e-type=\"widget\" data-widget_type=\"text-editor.default\">\n\t\t\t\t\t\t\t\t\t<ul><li>Knud Rasmussen: <em>Intellectual Culture of the Iglulik Eskimos<\/em> (Kopenhagen 1929)<\/li><li>Franz Boas: <em>The Central Eskimo<\/em> (Washington 1888)<\/li><li>Daniel Merkur: <em>Becoming Half Hidden<\/em> (Stockholm 1985)<\/li><li>Birgitte Sonne: <em>Heaven Negotiated. Hell Imagined<\/em> (Kopenhagen 2017)<\/li><li>Pamela Stern: <em>Historical Dictionary of the Inuit<\/em> (Lanham 2013)<\/li><li>Hinrich Rink: <em>Tales and Traditions of the Eskimo<\/em> (Edinburgh 1875)<\/li><\/ul>\t\t\t\t\t\t\t\t<\/div>\n\t\t\t\t<\/div>\n\t\t\t\t\t<\/div>\n\t\t\t\t<\/div>\n\t\t<div class=\"elementor-element elementor-element-iwgkw2-add-malinainuit e-flex e-con-boxed e-con e-parent\" data-id=\"iwgkw2-add-malinainuit\" data-element_type=\"container\" data-e-type=\"container\">\n\t\t\t\t\t<div class=\"e-con-inner\">\n\t\t\t\t<div class=\"elementor-element elementor-element-iwgkw2-add-malinainuit-t elementor-widget elementor-widget-text-editor\" data-id=\"iwgkw2-add-malinainuit-t\" data-element_type=\"widget\" data-e-type=\"widget\" data-widget_type=\"text-editor.default\">\n\t\t\t\t\t\t\t\t\t<p>V pripovedih Inuitov je Malina sestra <strong>Igaluka<\/strong>, meseca, pred \u010digar nadlegovanjem zbe\u017ei na nebo in od takrat kot sonce potuje po svoji poti.<\/p>\t\t\t\t\t\t\t\t<\/div>\n\t\t\t\t\t<\/div>\n\t\t\t\t<\/div>\n\t\t<div class=\"elementor-element elementor-element-iwgw-malinainui-kwd e-flex e-con-boxed e-con e-parent\" data-id=\"iwgw-malinainui-kwd\" data-element_type=\"container\" data-e-type=\"container\">\n\t\t\t\t\t<div class=\"e-con-inner\">\n\t\t<div class=\"elementor-element elementor-element-iwgw-malinainui-kwdc e-con-full e-flex e-con e-child\" data-id=\"iwgw-malinainui-kwdc\" data-element_type=\"container\" data-e-type=\"container\">\n\t\t\t\t<div class=\"elementor-element elementor-element-iwgw-malinainui-kwdt elementor-widget elementor-widget-text-editor\" data-id=\"iwgw-malinainui-kwdt\" data-element_type=\"widget\" data-e-type=\"widget\" data-widget_type=\"text-editor.default\">\n\t\t\t\t\t\t\t\t\t<p><em>Sorodni klju\u010dni pojmi: Malina Inuiti son\u010dna boginja Akycha Iglulik polarna no\u010d mit o luni in soncu <span class=\"iwg-fachbegriff\" data-tooltip=\"Izro\u010dena pripoved o bogovih, izvorih in ureditvi sveta.\" tabindex=\"0\">mit<\/span> beg pred incestom.<\/em><\/p>\t\t\t\t\t\t\t\t<\/div>\n\t\t\t\t<\/div>\n\t\t\t\t\t<\/div>\n\t\t\t\t<\/div>\n\t\t<div class=\"elementor-element elementor-element-iwgw-malinainui-cc e-flex e-con-boxed e-con e-parent\" data-id=\"iwgw-malinainui-cc\" data-element_type=\"container\" data-e-type=\"container\" id=\"iwg-cc-malina-inuit\">\n\t\t\t\t\t<div class=\"e-con-inner\">\n\t\t<div class=\"elementor-element elementor-element-iwgw-malinainui-ccinner e-flex e-con-boxed e-con e-parent\" data-id=\"iwgw-malinainui-ccinner\" data-element_type=\"container\" data-e-type=\"container\" data-settings=\"{&quot;background_background&quot;:&quot;classic&quot;}\">\n\t\t\t\t\t<div class=\"e-con-inner\">\n\t\t\t\t<div class=\"elementor-element elementor-element-iwgw-malinainui-cch elementor-widget elementor-widget-heading\" data-id=\"iwgw-malinainui-cch\" data-element_type=\"widget\" data-e-type=\"widget\" data-widget_type=\"heading.default\">\n\t\t\t\t\t<h2 class=\"elementor-heading-title elementor-size-default\">iWell Guard in tradicije za\u0161\u010dite<\/h2>\t\t\t\t<\/div>\n\t\t\t\t<div class=\"elementor-element elementor-element-iwgw-malinainui-cct elementor-widget elementor-widget-text-editor\" data-id=\"iwgw-malinainui-cct\" data-element_type=\"widget\" data-e-type=\"widget\" data-widget_type=\"text-editor.default\">\n\t\t\t\t\t\t\t\t\t<div data-nosnippet=\"true\"><p>iWell Guard nadaljuje kulturnozgodovinsko tradicijo nosljivih za\u0161\u010ditnih predmetov, v tradiciji <a href=\"https:\/\/iwell-guard.com\/sl\/inuiti-in-arktika-sedna-tornit-zascitna-praksa\/\">Inuitov<\/a> in mnogih drugih kultur po svetu. 41 plasti, pravo zlato, platina, srebro, izdelano v Nem\u010diji. 30-dnevna pravica do vra\u010dila.<\/p><\/div>\t\t\t\t\t\t\t\t<\/div>\n\t\t\t\t<div class=\"elementor-element elementor-element-iwgw-malinainui-ccb iwg-cc-button iwg-cc-cta-2026-05-13 elementor-widget elementor-widget-jet-button\" data-id=\"iwgw-malinainui-ccb\" data-element_type=\"widget\" data-e-type=\"widget\" data-widget_type=\"jet-button.default\">\n\t\t\t\t<div class=\"elementor-widget-container\">\n\t\t\t\t\t<div class=\"elementor-jet-button jet-elements\"><div class=\"jet-button__container\"><a class=\"jet-button__instance jet-button__instance--icon-left hover-effect-1\" href=\"\/ueber-iwell-guard\/?utm_source=iwell-guard.com&amp;utm_medium=info-box&amp;utm_campaign=wesen-tradition\"><div class=\"jet-button__plane jet-button__plane-normal\"><\/div><div class=\"jet-button__plane jet-button__plane-hover\"><\/div><div class=\"jet-button__state jet-button__state-normal\"><span class=\"jet-button__label\">Ve\u010d o iWell Guard<\/span><\/div><div class=\"jet-button__state jet-button__state-hover\"><span class=\"jet-button__label\">Ve\u010d o iWell Guard<\/span><\/div><\/a><\/div><\/div><style>.elementor-element.elementor-element-iwgw-malinainui-ccb .jet-button__instance{width:320px;height:56px;}.elementor-element.elementor-element-iwgw-malinainui-ccb .jet-button__state-normal .jet-button__label{text-align:center;margin:0px 0px 0px 0px;color:#1a1b20;font-family:Montserrat,sans-serif;font-size:13px;font-weight:400;letter-spacing:4px;line-height:1.714em;text-transform:uppercase;}.elementor-element.elementor-element-iwgw-malinainui-ccb .jet-button__state-hover .jet-button__label{text-align:center;margin:0px 0px 0px 0px;color:#FECC76;font-family:Montserrat,sans-serif;font-size:13px;font-weight:400;letter-spacing:4px;line-height:1.714em;text-transform:uppercase;}.elementor-element.elementor-element-iwgw-malinainui-ccb .jet-button__plane-normal{background-color:#FECC76;border-style:solid;border-color:#C99540;border-width:2px 2px 2px 2px;}.elementor-element.elementor-element-iwgw-malinainui-ccb .jet-button__plane-hover{background-color:rgba(0,0,0,0.55);border-style:solid;border-color:#FECC76;border-width:2px 2px 2px 2px;}<\/style>\t\t\t\t<\/div>\n\t\t\t\t<\/div>\n\t\t\t\t<div class=\"elementor-element elementor-element-iwgw-malinainui-ccd elementor-widget elementor-widget-text-editor\" data-id=\"iwgw-malinainui-ccd\" data-element_type=\"widget\" data-e-type=\"widget\" data-widget_type=\"text-editor.default\">\n\t\t\t\t\t\t\t\t\t<div data-nosnippet=\"true\"><p style=\"text-align:center;font-size:13px;opacity:0.7;margin-top:14px\" data-nosnippet=\"true\">Osebne izku\u0161nje se lahko razlikujejo. Ni medicinski pripomo\u010dek. Brez obljube o ozdravitvi.<\/p><\/div>\t\t\t\t\t\t\t\t<\/div>\n\t\t\t\t\t<\/div>\n\t\t\t\t<\/div>\n\t\t\t\t\t<\/div>\n\t\t\t\t<\/div>\n\t\t<div class=\"elementor-element elementor-element-iwgw-malinainui-disc e-flex e-con-boxed e-con e-parent\" data-id=\"iwgw-malinainui-disc\" data-element_type=\"container\" data-e-type=\"container\">\n\t\t\t\t\t<div class=\"e-con-inner\">\n\t\t\t\t<div class=\"elementor-element elementor-element-iwgw-malinainui-discw elementor-widget elementor-widget-html\" data-id=\"iwgw-malinainui-discw\" data-element_type=\"widget\" data-e-type=\"widget\" data-widget_type=\"html.default\">\n\t\t\t\t\t<footer data-nosnippet=\"true\" class=\"iwg-disclaimer-block\"><p data-nosnippet=\"true\">iWell Guard <strong>ni medicinski pripomo\u010dek<\/strong> in ne nadome\u0161\u010da zdravni\u0161ke ali psihoterapevtske obravnave. Religiologske vsebine so kulturnozgodovinska umestitev, ne priporo\u010dilo za duhovno prakso.<\/p><\/footer>\t\t\t\t<\/div>\n\t\t\t\t\t<\/div>\n\t\t\t\t<\/div>\n\t\t\t\t<\/div>\n\t\t","protected":false},"excerpt":{"rendered":"","protected":false},"author":3,"featured_media":2883,"parent":0,"menu_order":0,"comment_status":"closed","ping_status":"closed","template":"elementor_header_footer","meta":{"_yoast_wpseo_focuskw":"Malina inuitska boginja Sonca","_yoast_wpseo_title":"Malina - inuitska boginja Sonca in sestra Igaluka","_yoast_wpseo_metadesc":"Malina je boginja Sonca pri Inuitih, sestra in preganjana be\u017ee\u010dka pred Mesecem Igalukom. Religiologska umestitev z mitom in viri.","_yoast_wpseo_meta-robots-noindex":"","_yoast_wpseo_canonical":"","_angie_page":false,"gefaehrdungsstufe":"1","wesen_kultur":"inuit","wesen_klasse":"goetter","footnotes":""},"categories":[],"class_list":["post-160751","page","type-page","status-publish","has-post-thumbnail","hentry"],"yoast_head":"<!-- This site is optimized with the Yoast SEO Premium plugin v27.7 (Yoast SEO v28.3) - https:\/\/yoast.com\/product\/yoast-seo-premium-wordpress\/ -->\n<title>Malina - inuitska boginja Sonca in sestra Igaluka<\/title>\n<meta name=\"description\" content=\"Malina je boginja Sonca pri Inuitih, sestra in preganjana be\u017ee\u010dka pred Mesecem Igalukom. Religiologska umestitev z mitom in viri.\" \/>\n<meta name=\"robots\" content=\"index, follow, max-snippet:-1, max-image-preview:large, max-video-preview:-1\" \/>\n<link rel=\"canonical\" href=\"https:\/\/iwell-guard.com\/sl\/malina-boginja-sonca-inuiti\/\" \/>\n<meta property=\"og:locale\" content=\"sl_SI\" \/>\n<meta property=\"og:type\" content=\"article\" \/>\n<meta property=\"og:title\" content=\"Malina - boginja Sonca pri Inuitih\" \/>\n<meta property=\"og:description\" content=\"Malina je boginja Sonca pri Inuitih, sestra in preganjana be\u017ee\u010dka pred Mesecem Igalukom. Religiologska umestitev z mitom in viri.\" \/>\n<meta property=\"og:url\" content=\"https:\/\/iwell-guard.com\/sl\/malina-boginja-sonca-inuiti\/\" \/>\n<meta property=\"og:site_name\" content=\"iWell Guard\" \/>\n<meta property=\"article:modified_time\" content=\"2026-09-05T00:45:18+00:00\" \/>\n<meta property=\"og:image\" content=\"https:\/\/iwell-guard.com\/wp-content\/uploads\/2026\/05\/goetter_inuit_malina-inuit.webp\" \/>\n\t<meta property=\"og:image:width\" content=\"1024\" \/>\n\t<meta property=\"og:image:height\" content=\"1536\" \/>\n\t<meta property=\"og:image:type\" content=\"image\/webp\" \/>\n<meta name=\"twitter:card\" content=\"summary_large_image\" \/>\n<script type=\"application\/ld+json\" class=\"yoast-schema-graph\">{\"@context\":\"https:\\\/\\\/schema.org\",\"@graph\":[{\"@type\":\"WebPage\",\"@id\":\"https:\\\/\\\/iwell-guard.com\\\/sl\\\/malina-boginja-sonca-inuiti\\\/\",\"url\":\"https:\\\/\\\/iwell-guard.com\\\/sl\\\/malina-boginja-sonca-inuiti\\\/\",\"name\":\"Malina - inuitska boginja Sonca in sestra Igaluka\",\"isPartOf\":{\"@id\":\"https:\\\/\\\/iwell-guard.com\\\/sl\\\/#website\"},\"primaryImageOfPage\":{\"@id\":\"https:\\\/\\\/iwell-guard.com\\\/sl\\\/malina-boginja-sonca-inuiti\\\/#primaryimage\"},\"image\":{\"@id\":\"https:\\\/\\\/iwell-guard.com\\\/sl\\\/malina-boginja-sonca-inuiti\\\/#primaryimage\"},\"thumbnailUrl\":\"https:\\\/\\\/iwell-guard.com\\\/wp-content\\\/uploads\\\/2026\\\/05\\\/goetter_inuit_malina-inuit.webp\",\"datePublished\":\"2026-09-05T00:25:21+00:00\",\"dateModified\":\"2026-09-05T00:45:18+00:00\",\"description\":\"Malina je boginja Sonca pri Inuitih, sestra in preganjana be\u017ee\u010dka pred Mesecem Igalukom. Religiologska umestitev z mitom in viri.\",\"breadcrumb\":{\"@id\":\"https:\\\/\\\/iwell-guard.com\\\/sl\\\/malina-boginja-sonca-inuiti\\\/#breadcrumb\"},\"inLanguage\":\"sl-SI\",\"potentialAction\":[{\"@type\":\"ReadAction\",\"target\":[\"https:\\\/\\\/iwell-guard.com\\\/sl\\\/malina-boginja-sonca-inuiti\\\/\"]}]},{\"@type\":\"ImageObject\",\"inLanguage\":\"sl-SI\",\"@id\":\"https:\\\/\\\/iwell-guard.com\\\/sl\\\/malina-boginja-sonca-inuiti\\\/#primaryimage\",\"url\":\"https:\\\/\\\/iwell-guard.com\\\/wp-content\\\/uploads\\\/2026\\\/05\\\/goetter_inuit_malina-inuit.webp\",\"contentUrl\":\"https:\\\/\\\/iwell-guard.com\\\/wp-content\\\/uploads\\\/2026\\\/05\\\/goetter_inuit_malina-inuit.webp\",\"width\":1024,\"height\":1536,\"caption\":\"Bogovi iz inuitskega izro\u010dila.\"},{\"@type\":\"BreadcrumbList\",\"@id\":\"https:\\\/\\\/iwell-guard.com\\\/sl\\\/malina-boginja-sonca-inuiti\\\/#breadcrumb\",\"itemListElement\":[{\"@type\":\"ListItem\",\"position\":1,\"name\":\"Start\",\"item\":\"https:\\\/\\\/iwell-guard.com\\\/sl\\\/?page_id=160323\"},{\"@type\":\"ListItem\",\"position\":2,\"name\":\"Malina &#8211; boginja Sonca pri Inuitih\"}]},{\"@type\":\"WebSite\",\"@id\":\"https:\\\/\\\/iwell-guard.com\\\/sl\\\/#website\",\"url\":\"https:\\\/\\\/iwell-guard.com\\\/sl\\\/\",\"name\":\"iWell Guard\",\"description\":\"Schutz vor dunklen Einfl\u00fcssen\",\"publisher\":{\"@id\":\"https:\\\/\\\/iwell-guard.com\\\/sl\\\/#organization\"},\"potentialAction\":[{\"@type\":\"SearchAction\",\"target\":{\"@type\":\"EntryPoint\",\"urlTemplate\":\"https:\\\/\\\/iwell-guard.com\\\/sl\\\/?s={search_term_string}\"},\"query-input\":{\"@type\":\"PropertyValueSpecification\",\"valueRequired\":true,\"valueName\":\"search_term_string\"}}],\"inLanguage\":\"sl-SI\"},{\"@type\":\"Organization\",\"@id\":\"https:\\\/\\\/iwell-guard.com\\\/sl\\\/#organization\",\"name\":\"Ittermann electronic GmbH\",\"url\":\"https:\\\/\\\/iwell-guard.com\\\/sl\\\/\",\"logo\":{\"@type\":\"ImageObject\",\"inLanguage\":\"sl-SI\",\"@id\":\"https:\\\/\\\/iwell-guard.com\\\/sl\\\/#\\\/schema\\\/logo\\\/image\\\/\",\"url\":\"https:\\\/\\\/iwell-guard.com\\\/wp-content\\\/uploads\\\/2026\\\/05\\\/Ittermann-Logo-1182x237-1.png\",\"contentUrl\":\"https:\\\/\\\/iwell-guard.com\\\/wp-content\\\/uploads\\\/2026\\\/05\\\/Ittermann-Logo-1182x237-1.png\",\"width\":1182,\"height\":237,\"caption\":\"Ittermann electronic GmbH\"},\"image\":{\"@id\":\"https:\\\/\\\/iwell-guard.com\\\/sl\\\/#\\\/schema\\\/logo\\\/image\\\/\"},\"sameAs\":[\"https:\\\/\\\/pantip.com\\\/profile\\\/9367242\",\"https:\\\/\\\/micro.blog\\\/iwellguard\",\"https:\\\/\\\/www.diggerslist.com\\\/iwellguard\\\/about\",\"https:\\\/\\\/skitterphoto.com\\\/photographers\\\/2870314\\\/iwell-guard\",\"https:\\\/\\\/iwellguard.wordpress.com\\\/2026\\\/06\\\/06\\\/iwell-guard\\\/\",\"https:\\\/\\\/hub.docker.com\\\/u\\\/iwellguard\",\"https:\\\/\\\/www.pinterest.com\\\/iwellguard\\\/\",\"https:\\\/\\\/bit.ly\\\/m\\\/iwellguard\",\"https:\\\/\\\/entre-vos-mains.alsace.eu\\\/profiles\\\/iwellguard\\\/activity\",\"https:\\\/\\\/gravatar.com\\\/reallybeded8fd34\",\"https:\\\/\\\/naijamatta.com\\\/iwellguard\",\"https:\\\/\\\/www.goodreads.com\\\/iwellguard\",\"https:\\\/\\\/profile.hatena.ne.jp\\\/iwellguard\\\/\",\"https:\\\/\\\/experiment.com\\\/users\\\/iwellguard\",\"https:\\\/\\\/wakelet.com\\\/@iWellGuard82270\",\"https:\\\/\\\/www.chordie.com\\\/forum\\\/profile.php?id=2555664\",\"https:\\\/\\\/www.instapaper.com\\\/p\\\/17757966\",\"https:\\\/\\\/www.mapleprimes.com\\\/users\\\/iwellguard\",\"https:\\\/\\\/businesslistingplus.com\\\/profile\\\/iwell-guard\\\/\",\"https:\\\/\\\/telegra.ph\\\/iWell-Guard-06-06\",\"https:\\\/\\\/pbase.com\\\/iwellguard\\\/iwellguard\",\"https:\\\/\\\/b.hatena.ne.jp\\\/iwellguard\\\/20260607#bookmark-4788405196491818882\",\"https:\\\/\\\/fliphtml5.com\\\/home\\\/iwellguard\",\"https:\\\/\\\/anyflip.com\\\/homepage\\\/cmiwl#About\",\"https:\\\/\\\/transfur.com\\\/Users\\\/iwellguard\",\"http:\\\/\\\/delphi.larsbo.org\\\/user\\\/iwellguard\",\"https:\\\/\\\/jobs.lajobsportal.org\\\/profiles\\\/8380803-iwell-guard\",\"https:\\\/\\\/md.chaosdorf.de\\\/s\\\/jfbe5SBdJD\",\"https:\\\/\\\/www.lingvolive.com\\\/en-us\\\/profile\\\/9ecaeaca-ce11-4e51-9e71-01d55e2bff36\\\/translations\",\"https:\\\/\\\/www.fitday.com\\\/fitness\\\/forums\\\/members\\\/iwellguard.html\",\"https:\\\/\\\/www.mymeetbook.com\\\/iwellguard\",\"https:\\\/\\\/pxhere.com\\\/en\\\/photographer-me\\\/5040798\",\"https:\\\/\\\/disqus.com\\\/by\\\/iwellguard\\\/about\\\/\",\"https:\\\/\\\/pastelink.net\\\/hjwciqwq\",\"https:\\\/\\\/pubhtml5.com\\\/homepage\\\/scjhn\\\/\",\"https:\\\/\\\/www.bitchute.com\\\/channel\\\/2O2eOKzNqujT\",\"https:\\\/\\\/audiomack.com\\\/iwellguard\"]},{\"@type\":\"Article\",\"@id\":\"https:\\\/\\\/iwell-guard.com\\\/sl\\\/malina-boginja-sonca-inuiti\\\/#article\",\"isPartOf\":{\"@id\":\"https:\\\/\\\/iwell-guard.com\\\/sl\\\/malina-boginja-sonca-inuiti\\\/\"},\"author\":{\"name\":\"Ralf Ittermann\",\"@id\":\"https:\\\/\\\/iwell-guard.com\\\/sl\\\/#\\\/schema\\\/person\\\/ee2a27f1cac3406c7c6fb5820cb7349f\"},\"headline\":\"Malina &#8211; boginja Sonca pri Inuitih\",\"datePublished\":\"2026-09-05T00:25:21+00:00\",\"dateModified\":\"2026-09-05T00:45:18+00:00\",\"mainEntityOfPage\":{\"@id\":\"https:\\\/\\\/iwell-guard.com\\\/sl\\\/malina-boginja-sonca-inuiti\\\/\"},\"publisher\":{\"@id\":\"https:\\\/\\\/iwell-guard.com\\\/sl\\\/#organization\"},\"image\":{\"@id\":\"https:\\\/\\\/iwell-guard.com\\\/sl\\\/malina-boginja-sonca-inuiti\\\/#primaryimage\"},\"thumbnailUrl\":\"https:\\\/\\\/iwell-guard.com\\\/wp-content\\\/uploads\\\/2026\\\/05\\\/goetter_inuit_malina-inuit.webp\",\"inLanguage\":\"sl-SI\",\"description\":\"Malina je boginja Sonca pri Inuitih, sestra in preganjana be\u017ee\u010dka pred Mesecem Igalukom. Religiologska umestitev z mitom in viri.\"}]}<\/script>\n<!-- \/ Yoast SEO Premium plugin. -->","yoast_head_json":{"title":"Malina - inuitska boginja Sonca in sestra Igaluka","description":"Malina je boginja Sonca pri Inuitih, sestra in preganjana be\u017ee\u010dka pred Mesecem Igalukom. Religiologska umestitev z mitom in viri.","robots":{"index":"index","follow":"follow","max-snippet":"max-snippet:-1","max-image-preview":"max-image-preview:large","max-video-preview":"max-video-preview:-1"},"canonical":"https:\/\/iwell-guard.com\/sl\/malina-boginja-sonca-inuiti\/","og_locale":"sl_SI","og_type":"article","og_title":"Malina - boginja Sonca pri Inuitih","og_description":"Malina je boginja Sonca pri Inuitih, sestra in preganjana be\u017ee\u010dka pred Mesecem Igalukom. Religiologska umestitev z mitom in viri.","og_url":"https:\/\/iwell-guard.com\/sl\/malina-boginja-sonca-inuiti\/","og_site_name":"iWell Guard","article_modified_time":"2026-09-05T00:45:18+00:00","og_image":[{"width":1024,"height":1536,"url":"https:\/\/iwell-guard.com\/wp-content\/uploads\/2026\/05\/goetter_inuit_malina-inuit.webp","type":"image\/webp"}],"twitter_card":"summary_large_image","schema":{"@context":"https:\/\/schema.org","@graph":[{"@type":"Article","@id":"https:\/\/iwell-guard.com\/sl\/malina-boginja-sonca-inuiti\/#article","isPartOf":{"@id":"https:\/\/iwell-guard.com\/sl\/malina-boginja-sonca-inuiti\/"},"author":{"name":"Ralf Ittermann","@id":"https:\/\/iwell-guard.com\/sl\/#\/schema\/person\/ee2a27f1cac3406c7c6fb5820cb7349f"},"headline":"Malina &#8211; boginja Sonca pri Inuitih","datePublished":"2026-09-05T00:25:21+00:00","dateModified":"2026-09-05T00:45:18+00:00","mainEntityOfPage":{"@id":"https:\/\/iwell-guard.com\/sl\/malina-boginja-sonca-inuiti\/"},"publisher":{"@id":"https:\/\/iwell-guard.com\/sl\/#organization"},"image":{"@id":"https:\/\/iwell-guard.com\/sl\/malina-boginja-sonca-inuiti\/#primaryimage"},"thumbnailUrl":"https:\/\/iwell-guard.com\/wp-content\/uploads\/2026\/05\/goetter_inuit_malina-inuit.webp","inLanguage":"sl-SI","description":"Malina je boginja Sonca pri Inuitih, sestra in preganjana be\u017ee\u010dka pred Mesecem Igalukom. Religiologska umestitev z mitom in viri."},{"@type":"WebPage","@id":"https:\/\/iwell-guard.com\/sl\/malina-boginja-sonca-inuiti\/","url":"https:\/\/iwell-guard.com\/sl\/malina-boginja-sonca-inuiti\/","name":"Malina - inuitska boginja Sonca in sestra Igaluka","isPartOf":{"@id":"https:\/\/iwell-guard.com\/sl\/#website"},"primaryImageOfPage":{"@id":"https:\/\/iwell-guard.com\/sl\/malina-boginja-sonca-inuiti\/#primaryimage"},"image":{"@id":"https:\/\/iwell-guard.com\/sl\/malina-boginja-sonca-inuiti\/#primaryimage"},"thumbnailUrl":"https:\/\/iwell-guard.com\/wp-content\/uploads\/2026\/05\/goetter_inuit_malina-inuit.webp","datePublished":"2026-09-05T00:25:21+00:00","dateModified":"2026-09-05T00:45:18+00:00","description":"Malina je boginja Sonca pri Inuitih, sestra in preganjana be\u017ee\u010dka pred Mesecem Igalukom. Religiologska umestitev z mitom in viri.","breadcrumb":{"@id":"https:\/\/iwell-guard.com\/sl\/malina-boginja-sonca-inuiti\/#breadcrumb"},"inLanguage":"sl-SI","potentialAction":[{"@type":"ReadAction","target":["https:\/\/iwell-guard.com\/sl\/malina-boginja-sonca-inuiti\/"]}]},{"@type":"ImageObject","inLanguage":"sl-SI","@id":"https:\/\/iwell-guard.com\/sl\/malina-boginja-sonca-inuiti\/#primaryimage","url":"https:\/\/iwell-guard.com\/wp-content\/uploads\/2026\/05\/goetter_inuit_malina-inuit.webp","contentUrl":"https:\/\/iwell-guard.com\/wp-content\/uploads\/2026\/05\/goetter_inuit_malina-inuit.webp","width":1024,"height":1536,"caption":"Bogovi iz inuitskega izro\u010dila."},{"@type":"BreadcrumbList","@id":"https:\/\/iwell-guard.com\/sl\/malina-boginja-sonca-inuiti\/#breadcrumb","itemListElement":[{"@type":"ListItem","position":1,"name":"Start","item":"https:\/\/iwell-guard.com\/sl\/?page_id=160323"},{"@type":"ListItem","position":2,"name":"Malina &#8211; boginja Sonca pri Inuitih"}]},{"@type":"WebSite","@id":"https:\/\/iwell-guard.com\/sl\/#website","url":"https:\/\/iwell-guard.com\/sl\/","name":"iWell Guard","description":"Schutz vor dunklen Einfl\u00fcssen","publisher":{"@id":"https:\/\/iwell-guard.com\/sl\/#organization"},"potentialAction":[{"@type":"SearchAction","target":{"@type":"EntryPoint","urlTemplate":"https:\/\/iwell-guard.com\/sl\/?s={search_term_string}"},"query-input":{"@type":"PropertyValueSpecification","valueRequired":true,"valueName":"search_term_string"}}],"inLanguage":"sl-SI"},{"@type":"Organization","@id":"https:\/\/iwell-guard.com\/sl\/#organization","name":"Ittermann electronic GmbH","url":"https:\/\/iwell-guard.com\/sl\/","logo":{"@type":"ImageObject","inLanguage":"sl-SI","@id":"https:\/\/iwell-guard.com\/sl\/#\/schema\/logo\/image\/","url":"https:\/\/iwell-guard.com\/wp-content\/uploads\/2026\/05\/Ittermann-Logo-1182x237-1.png","contentUrl":"https:\/\/iwell-guard.com\/wp-content\/uploads\/2026\/05\/Ittermann-Logo-1182x237-1.png","width":1182,"height":237,"caption":"Ittermann electronic GmbH"},"image":{"@id":"https:\/\/iwell-guard.com\/sl\/#\/schema\/logo\/image\/"},"sameAs":["https:\/\/pantip.com\/profile\/9367242","https:\/\/micro.blog\/iwellguard","https:\/\/www.diggerslist.com\/iwellguard\/about","https:\/\/skitterphoto.com\/photographers\/2870314\/iwell-guard","https:\/\/iwellguard.wordpress.com\/2026\/06\/06\/iwell-guard\/","https:\/\/hub.docker.com\/u\/iwellguard","https:\/\/www.pinterest.com\/iwellguard\/","https:\/\/bit.ly\/m\/iwellguard","https:\/\/entre-vos-mains.alsace.eu\/profiles\/iwellguard\/activity","https:\/\/gravatar.com\/reallybeded8fd34","https:\/\/naijamatta.com\/iwellguard","https:\/\/www.goodreads.com\/iwellguard","https:\/\/profile.hatena.ne.jp\/iwellguard\/","https:\/\/experiment.com\/users\/iwellguard","https:\/\/wakelet.com\/@iWellGuard82270","https:\/\/www.chordie.com\/forum\/profile.php?id=2555664","https:\/\/www.instapaper.com\/p\/17757966","https:\/\/www.mapleprimes.com\/users\/iwellguard","https:\/\/businesslistingplus.com\/profile\/iwell-guard\/","https:\/\/telegra.ph\/iWell-Guard-06-06","https:\/\/pbase.com\/iwellguard\/iwellguard","https:\/\/b.hatena.ne.jp\/iwellguard\/20260607#bookmark-4788405196491818882","https:\/\/fliphtml5.com\/home\/iwellguard","https:\/\/anyflip.com\/homepage\/cmiwl#About","https:\/\/transfur.com\/Users\/iwellguard","http:\/\/delphi.larsbo.org\/user\/iwellguard","https:\/\/jobs.lajobsportal.org\/profiles\/8380803-iwell-guard","https:\/\/md.chaosdorf.de\/s\/jfbe5SBdJD","https:\/\/www.lingvolive.com\/en-us\/profile\/9ecaeaca-ce11-4e51-9e71-01d55e2bff36\/translations","https:\/\/www.fitday.com\/fitness\/forums\/members\/iwellguard.html","https:\/\/www.mymeetbook.com\/iwellguard","https:\/\/pxhere.com\/en\/photographer-me\/5040798","https:\/\/disqus.com\/by\/iwellguard\/about\/","https:\/\/pastelink.net\/hjwciqwq","https:\/\/pubhtml5.com\/homepage\/scjhn\/","https:\/\/www.bitchute.com\/channel\/2O2eOKzNqujT","https:\/\/audiomack.com\/iwellguard"]},{"@type":"Person","@id":"https:\/\/iwell-guard.com\/sl\/#\/schema\/person\/ee2a27f1cac3406c7c6fb5820cb7349f","name":"Ralf Ittermann","image":{"@type":"ImageObject","inLanguage":"sl-SI","@id":"https:\/\/secure.gravatar.com\/avatar\/073c0153e350a5005b68eb752b445fea71f6b24a26da9449ad7e155e6b446c9d?s=96&d=mm&r=g","url":"https:\/\/secure.gravatar.com\/avatar\/073c0153e350a5005b68eb752b445fea71f6b24a26da9449ad7e155e6b446c9d?s=96&d=mm&r=g","contentUrl":"https:\/\/secure.gravatar.com\/avatar\/073c0153e350a5005b68eb752b445fea71f6b24a26da9449ad7e155e6b446c9d?s=96&d=mm&r=g","caption":"Ralf Ittermann"},"givenName":"Ralf","familyName":"Ittermann","jobTitle":"Gesch\u00e4ftsf\u00fchrer und redaktioneller Verantwortlicher","url":"https:\/\/iwell-guard.com\/sl\/author\/claude\/","description":"Ralf Ittermann ist Gesch\u00e4ftsf\u00fchrer der Ittermann electronic GmbH und redaktioneller Verantwortlicher des iWell-Guard-Lexikons. Er verbindet langj\u00e4hrige Erfahrung in der Pr\u00e4zisionsfertigung mit medialer Praxis und religionsgeschichtlicher Quellenarbeit.","worksFor":{"@type":"Organization","name":"Ittermann electronic GmbH","url":"https:\/\/ittermann.de\/","address":{"@type":"PostalAddress","streetAddress":"K\u00f6hlergasse 16-18","postalCode":"99842","addressLocality":"Ruhla","addressCountry":"DE"}},"knowsAbout":["Religionsgeschichte","Mythologie","Mediale Praxis","Energetische Diagnostik","Schutzpraxis","Volksglauben","Westliche Esoterik"]},{"@type":"Article","@id":"https:\/\/iwell-guard.com\/sl\/malina-boginja-sonca-inuiti\/#article","isPartOf":{"@id":"https:\/\/iwell-guard.com\/sl\/malina-boginja-sonca-inuiti\/"},"author":{"name":"Ralf Ittermann","@id":"https:\/\/iwell-guard.com\/sl\/#\/schema\/person\/ee2a27f1cac3406c7c6fb5820cb7349f"},"headline":"Malina &#8211; boginja Sonca pri Inuitih","datePublished":"2026-09-05T00:25:21+00:00","dateModified":"2026-09-05T00:45:18+00:00","mainEntityOfPage":{"@id":"https:\/\/iwell-guard.com\/sl\/malina-boginja-sonca-inuiti\/"},"publisher":{"@id":"https:\/\/iwell-guard.com\/sl\/#organization"},"image":{"@id":"https:\/\/iwell-guard.com\/sl\/malina-boginja-sonca-inuiti\/#primaryimage"},"thumbnailUrl":"https:\/\/iwell-guard.com\/wp-content\/uploads\/2026\/05\/goetter_inuit_malina-inuit.webp","inLanguage":"sl-SI","description":"Malina je boginja Sonca pri Inuitih, sestra in preganjana be\u017ee\u010dka pred Mesecem Igalukom. Religiologska umestitev z mitom in viri."}]}},"_links":{"self":[{"href":"https:\/\/iwell-guard.com\/sl\/wp-json\/wp\/v2\/pages\/160751","targetHints":{"allow":["GET"]}}],"collection":[{"href":"https:\/\/iwell-guard.com\/sl\/wp-json\/wp\/v2\/pages"}],"about":[{"href":"https:\/\/iwell-guard.com\/sl\/wp-json\/wp\/v2\/types\/page"}],"author":[{"embeddable":true,"href":"https:\/\/iwell-guard.com\/sl\/wp-json\/wp\/v2\/users\/3"}],"replies":[{"embeddable":true,"href":"https:\/\/iwell-guard.com\/sl\/wp-json\/wp\/v2\/comments?post=160751"}],"version-history":[{"count":0,"href":"https:\/\/iwell-guard.com\/sl\/wp-json\/wp\/v2\/pages\/160751\/revisions"}],"wp:featuredmedia":[{"embeddable":true,"href":"https:\/\/iwell-guard.com\/sl\/wp-json\/wp\/v2\/media\/2883"}],"wp:attachment":[{"href":"https:\/\/iwell-guard.com\/sl\/wp-json\/wp\/v2\/media?parent=160751"}],"wp:term":[{"taxonomy":"category","embeddable":true,"href":"https:\/\/iwell-guard.com\/sl\/wp-json\/wp\/v2\/categories?post=160751"}],"curies":[{"name":"wp","href":"https:\/\/api.w.org\/{rel}","templated":true}]}}