{"id":160744,"date":"2026-09-05T00:25:15","date_gmt":"2026-09-05T00:25:15","guid":{"rendered":"https:\/\/iwell-guard.com\/?page_id=160744"},"modified":"2026-09-05T00:45:00","modified_gmt":"2026-09-05T00:45:00","slug":"sila-vesoljni-dih-in-gospodar-vremena-inuiti","status":"publish","type":"page","link":"https:\/\/iwell-guard.com\/sl\/sila-vesoljni-dih-in-gospodar-vremena-inuiti\/","title":{"rendered":"Sila &#8211; vesoljni dih in gospodar vremena pri Inuitih"},"content":{"rendered":"\t\t<div data-elementor-type=\"wp-page\" data-elementor-id=\"160744\" class=\"elementor elementor-160744 elementor-2655 elementor-bc-flex-widget\" data-elementor-post-type=\"page\">\n\t\t\t\t<div class=\"elementor-element elementor-element-iwgw-sila-hero e-flex e-con-boxed e-con e-parent\" data-id=\"iwgw-sila-hero\" data-element_type=\"container\" data-e-type=\"container\" data-settings=\"{&quot;background_background&quot;:&quot;classic&quot;}\">\n\t\t\t\t\t<div class=\"e-con-inner\">\n\t\t<div class=\"elementor-element elementor-element-iwgw-sila-hl e-flex e-con-boxed e-con e-child\" data-id=\"iwgw-sila-hl\" data-element_type=\"container\" data-e-type=\"container\">\n\t\t\t\t\t<div class=\"e-con-inner\">\n\t\t<div class=\"elementor-element elementor-element-iwgw-sila-htxt e-con-full e-flex e-con e-child\" data-id=\"iwgw-sila-htxt\" data-element_type=\"container\" data-e-type=\"container\">\n\t\t\t\t<div class=\"elementor-element elementor-element-iwgw-sila-h1 elementor-widget elementor-widget-heading\" data-id=\"iwgw-sila-h1\" data-element_type=\"widget\" data-e-type=\"widget\" data-widget_type=\"heading.default\">\n\t\t\t\t\t<h1 class=\"elementor-heading-title elementor-size-default\">Sila - vesoljni dih, vreme in zavest v inuitskem mi\u0161ljenju<\/h1>\t\t\t\t<\/div>\n\t\t\t\t<div class=\"elementor-element elementor-element-iwgw-sila-lead elementor-widget elementor-widget-text-editor\" data-id=\"iwgw-sila-lead\" data-element_type=\"widget\" data-e-type=\"widget\" data-widget_type=\"text-editor.default\">\n\t\t\t\t\t\t\t\t\t<p>Sila v predstavah osrednjearkti\u010dnih <a href=\"https:\/\/iwell-guard.com\/sl\/inuiti-in-arktika-sedna-tornit-zascitna-praksa\/\">Inuitov<\/a> ni bog v osebnem smislu, temve\u010d urejevalno na\u010delo zraka, vremena, diha in razuma.<\/p><p>Kdor pozna Silo, pozna hkrati vreme, mi\u0161ljenje in ureditev sveta, saj inuitski jezik te sfere zdru\u017euje v enem samem pojmu. Z religiolo\u0161kega vidika je Sila eden izmed pojmovno najgloblje utemeljenih pojmov v celotni kro\u017enopolarni zgodovini religij.<\/p>\t\t\t\t\t\t\t\t<\/div>\n\t\t\t\t<\/div>\n\t\t<div class=\"elementor-element elementor-element-iwgw-sila-pillc e-con-full e-flex e-con e-child\" data-id=\"iwgw-sila-pillc\" data-element_type=\"container\" data-e-type=\"container\">\n\t\t\t\t<div class=\"elementor-element elementor-element-iwgw-sila-pills elementor-widget elementor-widget-html\" data-id=\"iwgw-sila-pills\" data-element_type=\"widget\" data-e-type=\"widget\" data-widget_type=\"html.default\">\n\t\t\t\t\t<div class=\"iwg-pill-row\"><span class=\"iwg-klasse-badge\" tabindex=\"0\" data-tooltip=\"Vremenski duh tradicije Inuit.\">Vremenski duh<\/span><a href=\"https:\/\/iwell-guard.com\/sl\/inuiti-in-arktika-sedna-tornit-zascitna-praksa\/\" class=\"iwg-kultur-badge\" tabindex=\"0\" data-tooltip=\"Mitologija tradicije Inuit.\">Inuiti<\/a><span class=\"iwg-tradition-badge\" tabindex=\"0\" data-tooltip=\"Svetovno in vremensko na\u010delo.\">Svetovno in vremensko na\u010delo<\/span><\/div>\t\t\t\t<\/div>\n\t\t\t\t<\/div>\n\t\t<div class=\"elementor-element elementor-element-iwgw-sila-tocc e-con-full e-flex e-con e-child\" data-id=\"iwgw-sila-tocc\" data-element_type=\"container\" data-e-type=\"container\">\n\t\t\t\t<div class=\"elementor-element elementor-element-iwgw-sila-toc elementor-toc--minimized-on-tablet elementor-widget elementor-widget-table-of-contents\" data-id=\"iwgw-sila-toc\" data-element_type=\"widget\" data-e-type=\"widget\" data-settings=\"{&quot;headings_by_tags&quot;:[&quot;h2&quot;,&quot;h3&quot;],&quot;minimize_box&quot;:&quot;yes&quot;,&quot;marker_view&quot;:&quot;bullets&quot;,&quot;no_headings_message&quot;:&quot;Na tej strani ni najdenih naslovov.&quot;,&quot;exclude_headings_by_selector&quot;:[],&quot;icon&quot;:{&quot;value&quot;:&quot;fas fa-circle&quot;,&quot;library&quot;:&quot;fa-solid&quot;,&quot;rendered_tag&quot;:&quot;&lt;svg class=\\&quot;e-font-icon-svg e-fas-circle\\&quot; viewBox=\\&quot;0 0 512 512\\&quot; xmlns=\\&quot;http:\\\/\\\/www.w3.org\\\/2000\\\/svg\\&quot;&gt;&lt;path d=\\&quot;M256 8C119 8 8 119 8 256s111 248 248 248 248-111 248-248S393 8 256 8z\\&quot;&gt;&lt;\\\/path&gt;&lt;\\\/svg&gt;&quot;},&quot;minimized_on&quot;:&quot;tablet&quot;,&quot;hierarchical_view&quot;:&quot;yes&quot;,&quot;min_height&quot;:{&quot;unit&quot;:&quot;px&quot;,&quot;size&quot;:&quot;&quot;,&quot;sizes&quot;:[]},&quot;min_height_tablet&quot;:{&quot;unit&quot;:&quot;px&quot;,&quot;size&quot;:&quot;&quot;,&quot;sizes&quot;:[]},&quot;min_height_mobile&quot;:{&quot;unit&quot;:&quot;px&quot;,&quot;size&quot;:&quot;&quot;,&quot;sizes&quot;:[]}}\" data-widget_type=\"table-of-contents.default\">\n\t\t\t\t\t\t\t\t\t<div class=\"elementor-toc__header\">\n\t\t\t\t\t\t<h2 class=\"elementor-toc__header-title\">\n\t\t\t\tKazalo vsebine\t\t\t<\/h2>\n\t\t\t\t\t\t\t\t\t\t<div class=\"elementor-toc__toggle-button elementor-toc__toggle-button--expand\" role=\"button\" tabindex=\"0\" aria-controls=\"elementor-toc__iwgw-sila-toc\" aria-expanded=\"true\" aria-label=\"Open table of contents\"><svg aria-hidden=\"true\" class=\"e-font-icon-svg e-fas-chevron-down\" viewBox=\"0 0 448 512\" xmlns=\"http:\/\/www.w3.org\/2000\/svg\"><path d=\"M207.029 381.476L12.686 187.132c-9.373-9.373-9.373-24.569 0-33.941l22.667-22.667c9.357-9.357 24.522-9.375 33.901-.04L224 284.505l154.745-154.021c9.379-9.335 24.544-9.317 33.901.04l22.667 22.667c9.373 9.373 9.373 24.569 0 33.941L240.971 381.476c-9.373 9.372-24.569 9.372-33.942 0z\"><\/path><\/svg><\/div>\n\t\t\t\t<div class=\"elementor-toc__toggle-button elementor-toc__toggle-button--collapse\" role=\"button\" tabindex=\"0\" aria-controls=\"elementor-toc__iwgw-sila-toc\" aria-expanded=\"true\" aria-label=\"Close table of contents\"><svg aria-hidden=\"true\" class=\"e-font-icon-svg e-fas-chevron-up\" viewBox=\"0 0 448 512\" xmlns=\"http:\/\/www.w3.org\/2000\/svg\"><path d=\"M240.971 130.524l194.343 194.343c9.373 9.373 9.373 24.569 0 33.941l-22.667 22.667c-9.357 9.357-24.522 9.375-33.901.04L224 227.495 69.255 381.516c-9.379 9.335-24.544 9.317-33.901-.04l-22.667-22.667c-9.373-9.373-9.373-24.569 0-33.941L207.03 130.525c9.372-9.373 24.568-9.373 33.941-.001z\"><\/path><\/svg><\/div>\n\t\t\t\t\t<\/div>\n\t\t\t\t<div id=\"elementor-toc__iwgw-sila-toc\" class=\"elementor-toc__body\">\n\t\t\t<div class=\"elementor-toc__spinner-container\">\n\t\t\t\t<svg class=\"elementor-toc__spinner eicon-animation-spin e-font-icon-svg e-eicon-loading\" aria-hidden=\"true\" viewBox=\"0 0 1000 1000\" xmlns=\"http:\/\/www.w3.org\/2000\/svg\"><path d=\"M500 975V858C696 858 858 696 858 500S696 142 500 142 142 304 142 500H25C25 237 238 25 500 25S975 237 975 500 763 975 500 975Z\"><\/path><\/svg>\t\t\t<\/div>\n\t\t<\/div>\n\t\t\t\t\t\t<\/div>\n\t\t\t\t<\/div>\n\t\t\t\t\t<\/div>\n\t\t\t\t<\/div>\n\t\t<div class=\"elementor-element elementor-element-iwgw-sila-hr e-con-full e-flex e-con e-child\" data-id=\"iwgw-sila-hr\" data-element_type=\"container\" data-e-type=\"container\">\n\t\t\t\t<div class=\"elementor-element elementor-element-iwgw-sila-heroimg iwg-hero-image elementor-widget elementor-widget-image\" data-id=\"iwgw-sila-heroimg\" data-element_type=\"widget\" data-e-type=\"widget\" data-widget_type=\"image.default\">\n\t\t\t\t\t\t\t\t\t\t\t\t\t\t\t<img fetchpriority=\"high\" decoding=\"async\" width=\"683\" height=\"1024\" src=\"https:\/\/iwell-guard.com\/wp-content\/uploads\/2026\/05\/geister_inuit_sila-683x1024.webp\" class=\"attachment-large size-large wp-image-162522\" alt=\"Sila - duhovi iz inuitske tradicije, zgodovinsko-ilustrativno\" srcset=\"https:\/\/iwell-guard.com\/wp-content\/uploads\/2026\/05\/geister_inuit_sila-683x1024.webp 683w, https:\/\/iwell-guard.com\/wp-content\/uploads\/2026\/05\/geister_inuit_sila-200x300.webp 200w, https:\/\/iwell-guard.com\/wp-content\/uploads\/2026\/05\/geister_inuit_sila-768x1152.webp 768w, https:\/\/iwell-guard.com\/wp-content\/uploads\/2026\/05\/geister_inuit_sila.webp 1024w\" sizes=\"(max-width: 683px) 100vw, 683px\" \/>\t\t\t\t\t\t\t\t\t\t\t\t\t\t\t<\/div>\n\t\t\t\t<\/div>\n\t\t\t\t\t<\/div>\n\t\t\t\t<\/div>\n\t\t<div class=\"elementor-element elementor-element-iwgw-sila-s0 e-flex e-con-boxed e-con e-parent\" data-id=\"iwgw-sila-s0\" data-element_type=\"container\" data-e-type=\"container\">\n\t\t\t\t\t<div class=\"e-con-inner\">\n\t\t\t\t<div class=\"elementor-element elementor-element-iwgw-sila-s0h elementor-widget elementor-widget-heading\" data-id=\"iwgw-sila-s0h\" data-element_type=\"widget\" data-e-type=\"widget\" data-widget_type=\"heading.default\">\n\t\t\t\t\t<h2 class=\"elementor-heading-title elementor-size-default\">Umestitev in kratek profil<\/h2>\t\t\t\t<\/div>\n\t\t<div class=\"elementor-element elementor-element-iwgw-sila-s0c e-con-full e-flex e-con e-child\" data-id=\"iwgw-sila-s0c\" data-element_type=\"container\" data-e-type=\"container\">\n\t\t\t\t<div class=\"elementor-element elementor-element-iwgw-sila-s0t elementor-widget elementor-widget-text-editor\" data-id=\"iwgw-sila-s0t\" data-element_type=\"widget\" data-e-type=\"widget\" data-widget_type=\"text-editor.default\">\n\t\t\t\t\t\t\t\t\t<p>Sila spada v religiolo\u0161ki klasifikaciji med redke pojme, ki hkrati ozna\u010dujejo kozmolo\u0161ko, meteorolo\u0161ko in spoznavno na\u010delo. Knud Rasmussen, ki je pojem v svojih zapisih 5. Thulejske ekspedicije razkril kot religiozni klju\u010d osrednjearkti\u010dnih Inuitov, ga je prevedel kot svetovni razum, drugi avtorji, kot Daniel Merkur in Fr\u00e9d\u00e9ric Laugrand, pa govorijo o vesoljnem dihu.<\/p><p>Ta razpon prevodov ni izraz nejasnosti, temve\u010d ustreza semanti\u010dni globini besede same, ki v zahodnem besednjaku nima neposredne ustreznice.<\/p><p>Sila, druga\u010de kot <a href=\"https:\/\/iwell-guard.com\/sl\/?page_id=160741\">Sedna<\/a>, ni vpeta v pripovedno biografijo. Sila nima \u010dlenov na prstih, \u010dolna, o\u010deta, snubcev. Sila je nevidni, vsepre\u017eemajo\u010di pogoj, v katerem se gibljejo \u017eivali in ljudje.<\/p><p>Prav zato velja vreme Inuitom za manifestacijo premi\u0161ljene, opazujo\u010de, v\u010dasih kaznujo\u010de instance. Posredovanje med \u010dlovekom in svetom se dogaja skozi dihanje sveta samega, ne da bi moral biti predstavljen kak\u0161en bog.<\/p><p>Ta dvojna dolo\u010denost kot vreme in kot razum dela Silo za mostovni pojem med dojemanjem narave in religiozno refleksijo. Dana\u0161nja podnebna razprava je pojem prevzela: kadar inuitski stare\u0161ine pravijo, da se je Sila spremenila, s tem mislijo veliko ve\u010d kot vreme, namre\u010d svetovni red v krizi.<\/p><p>Ta aktualnost dela Silo morda za najbolj \u017eiv pojem inuitske zgodovine religij in ga razlo\u010duje od povsem zgodovinskih konceptov drugih religij.<\/p>\t\t\t\t\t\t\t\t<\/div>\n\t\t\t\t<\/div>\n\t\t\t\t\t<\/div>\n\t\t\t\t<\/div>\n\t\t<div class=\"elementor-element elementor-element-iwgw-sila-s1 e-flex e-con-boxed e-con e-parent\" data-id=\"iwgw-sila-s1\" data-element_type=\"container\" data-e-type=\"container\">\n\t\t\t\t\t<div class=\"e-con-inner\">\n\t\t\t\t<div class=\"elementor-element elementor-element-iwgw-sila-s1h elementor-widget elementor-widget-heading\" data-id=\"iwgw-sila-s1h\" data-element_type=\"widget\" data-e-type=\"widget\" data-widget_type=\"heading.default\">\n\t\t\t\t\t<h2 class=\"elementor-heading-title elementor-size-default\">Etimologija in jezikovna plastovitost<\/h2>\t\t\t\t<\/div>\n\t\t<div class=\"elementor-element elementor-element-iwgw-sila-s1c e-con-full e-flex e-con e-child\" data-id=\"iwgw-sila-s1c\" data-element_type=\"container\" data-e-type=\"container\">\n\t\t\t\t<div class=\"elementor-element elementor-element-iwgw-sila-s1t elementor-widget elementor-widget-text-editor\" data-id=\"iwgw-sila-s1t\" data-element_type=\"widget\" data-e-type=\"widget\" data-widget_type=\"text-editor.default\">\n\t\t\t\t\t\t\t\t\t<p>Beseda <em>sila<\/em> je izpri\u010dana v skoraj enaki obliki po vsem inuitskem jezikovnem prostoru, od \u010cukotke do Grenlandije, kar ka\u017ee na veliko globino predstave. Pomeni obsegajo: vreme zunaj, zunanji svet, nebo, razum, razumnost, modrost, pravilno presojo razmer.<\/p><p>Iz tega izpeljana beseda <em>silatujuq<\/em> ozna\u010duje pametnega, modrega \u010dloveka, dobesedno tistega, ki ima Silo. Ta besedna tvorba je religiofenomenolo\u0161ko osrednja, saj ka\u017ee, da se modrost tu razume predvsem kot posest Sile, manj pa kot kognitivna zmo\u017enost.<\/p><p>Da isti koren nosi meteorolo\u0161ki in intelektualni pomen, ni jezikovnozgodovinsko naklju\u010dje. Znanstveno se v tem vidi doma\u010dinska teorija spoznanja, v kateri pravilna presoja okolja in pravilno mi\u0161ljenje tvorita enoto.<\/p><p>Kdor ne znajo brati vremena, ni moder, in obratno: kdor ni moder, spregleda znamenja vremena. To prepletanje je religiofenomenolo\u0161ko samostojen pojav brez neposredne vzporednice v evropskih jezikih.<\/p><p>V religioznem jezikovnem izrazju se poleg tega pojavlja sestavljeni izraz <em>sila inua<\/em>, dobesedno oseba Sile ali mo\u017e vremena. Ta ozna\u010duje kvazi-osebno instanco, na katero se je mogo\u010de nasloviti v \u0161amanskem diskurzu, ne da bi s tem nastala popolnoma razvita bo\u017eja podoba.<\/p><p>To nihanje med na\u010delom in osebo je znanstveno posebej pomenljivo in ustreza nekak\u0161ni modalni <span class=\"iwg-fachbegriff\" data-tooltip=\"Znanstveni nauk o Bogu in o veri neke religije.\" tabindex=\"0\">teologiji<\/span>: Sila je glede na okoli\u0161\u010dine nagovorjena bolj ali manj osebno.<\/p>\t\t\t\t\t\t\t\t<\/div>\n\t\t\t\t<\/div>\n\t\t\t\t\t<\/div>\n\t\t\t\t<\/div>\n\t\t<div class=\"elementor-element elementor-element-iwgw-sila-s2 e-flex e-con-boxed e-con e-parent\" data-id=\"iwgw-sila-s2\" data-element_type=\"container\" data-e-type=\"container\">\n\t\t\t\t\t<div class=\"e-con-inner\">\n\t\t\t\t<div class=\"elementor-element elementor-element-iwgw-sila-s2h elementor-widget elementor-widget-heading\" data-id=\"iwgw-sila-s2h\" data-element_type=\"widget\" data-e-type=\"widget\" data-widget_type=\"heading.default\">\n\t\t\t\t\t<h2 class=\"elementor-heading-title elementor-size-default\">Opis v etnografskih virih<\/h2>\t\t\t\t<\/div>\n\t\t<div class=\"elementor-element elementor-element-iwgw-sila-s2c e-con-full e-flex e-con e-child\" data-id=\"iwgw-sila-s2c\" data-element_type=\"container\" data-e-type=\"container\">\n\t\t\t\t<div class=\"elementor-element elementor-element-iwgw-sila-s2t elementor-widget elementor-widget-text-editor\" data-id=\"iwgw-sila-s2t\" data-element_type=\"widget\" data-e-type=\"widget\" data-widget_type=\"text-editor.default\">\n\t\t\t\t\t\t\t\t\t<p>Najstarej\u0161i in najbolj poglobljeni opisi Sile izvirajo iz Rasmussenovih pogovorov z igluli\u0161kimi \u0161amani Aua, Ivaluardjukom in Kibkarjukom v 1920-ih letih.<\/p><p>Aua je Rasmussenu razlo\u017eil, da je Sila mo\u010d, katere glas je tako tih, da ga sli\u0161ijo le otroci, in katere sporo\u010dilo, kadar se oglasi, lahko preide v nevihto, sne\u017eni mete\u017e in lakoto. Ta izjava je v znanstvenem standardnem repertoarju o arkti\u010dni religiji postala klasi\u010dno mesto.<\/p><p>Sila je torej v vsakem pogledu hkrati bila okoli\u0161ko vreme in budna instanca, ki zaznamuje \u010dlove\u0161ko ravnanje. Drug igluli\u0161ki <span class=\"iwg-fachbegriff\" data-tooltip=\"Religiozni strokovnjak, ki naj bi posredoval med ljudmi in duhovnim svetom.\" tabindex=\"0\">\u0161aman<\/span> je rekel: Mrtvi in sonce in luna, vsi ti pripadajo Sili, kajti vse, kar se dogaja, je Sila.<\/p><p>Iz tega Merkur sklepa, da je Sila v igluli\u0161ki <span class=\"iwg-fachbegriff\" data-tooltip=\"Znanstveni nauk o Bogu in o veri neke religije.\" tabindex=\"0\">teologiji<\/span> nekak\u0161no monisti\u010dno ozadje na\u010delo, ki obsega osebna bo\u017eanstva, ne da bi jih absorbiralo. Ta razlaga je znanstveno spora, vendar je v poznej\u0161em raziskovanju pridobila precej\u0161en vpliv.<\/p><p>Na Grenlandiji Hinrich Rink pojem izpri\u010duje v obliki <em>silap inua<\/em>, v osrednjekanadski tundri kot <em>sila<\/em>, pri Mackenziejevih Inuitih deloma kot <em>hila<\/em>. Kljub nare\u010dni raznolikosti je religiozna funkcija dosledna.<\/p><p>Stabilnost pojma na tiso\u010de kilometrov je znanstveno izjemna in ka\u017ee na zelo staro pojmovno plast, ki najverjetneje sega v protoeskimsko-aleutsko jezikovno stopnjo in bi tako lahko bila stara ve\u010d tiso\u010dletij.<\/p>\t\t\t\t\t\t\t\t<\/div>\n\t\t\t\t<\/div>\n\t\t\t\t\t<\/div>\n\t\t\t\t<\/div>\n\t\t<div class=\"elementor-element elementor-element-iwgw-sila-s3 e-flex e-con-boxed e-con e-parent\" data-id=\"iwgw-sila-s3\" data-element_type=\"container\" data-e-type=\"container\">\n\t\t\t\t\t<div class=\"e-con-inner\">\n\t\t\t\t<div class=\"elementor-element elementor-element-iwgw-sila-s3h elementor-widget elementor-widget-heading\" data-id=\"iwgw-sila-s3h\" data-element_type=\"widget\" data-e-type=\"widget\" data-widget_type=\"heading.default\">\n\t\t\t\t\t<h2 class=\"elementor-heading-title elementor-size-default\">Sila kot vreme in kozmolo\u0161ko na\u010delo<\/h2>\t\t\t\t<\/div>\n\t\t<div class=\"elementor-element elementor-element-iwgw-sila-s3c e-con-full e-flex e-con e-child\" data-id=\"iwgw-sila-s3c\" data-element_type=\"container\" data-e-type=\"container\">\n\t\t\t\t<div class=\"elementor-element elementor-element-iwgw-sila-s3t elementor-widget elementor-widget-text-editor\" data-id=\"iwgw-sila-s3t\" data-element_type=\"widget\" data-e-type=\"widget\" data-widget_type=\"text-editor.default\">\n\t\t\t\t\t\t\t\t\t<p>V arkti\u010dnem vsakdanjiku Sila kot vreme odlo\u010da o \u017eivljenju in smrti. Nenaden whiteout, sne\u017eni viharji, razpad morskega ledu veljajo za izraz sile, ki se odziva na \u010dlove\u0161ko ravnanje, in nikakor ne za naklju\u010dne naravne dogodke.<\/p><p>Znanstveno to ni <span class=\"iwg-fachbegriff\" data-tooltip=\"Predstava, po kateri imajo tudi \u017eivali, rastline in stvari du\u0161o.\" tabindex=\"0\">animizem<\/span> v klasi\u010dnem pomenu, temve\u010d ekolo\u0161ka <span class=\"iwg-fachbegriff\" data-tooltip=\"Znanstveni nauk o Bogu in o verovanju neke religije.\" tabindex=\"0\">teologija<\/span>, v kateri vreme velja za osebno naslovljivo veli\u010dino. Ta razlika glede na <span class=\"iwg-fachbegriff\" data-tooltip=\"Predstava, po kateri imajo tudi \u017eivali, rastline in stvari du\u0161o.\" tabindex=\"0\">animizem<\/span> starej\u0161ih raziskovalnih opredelitev je analiti\u010dno pomembna.<\/p><p>Kozmolo\u0161ko je Sila v nekaterih iglulijskih izjavah opisan kot nekdanji velikan, ki je bil po svoji smrti razprostrt \u010dez svet in katerega dih zdaj poganja veter.<\/p><p>Druge pripovedi poznajo Silo le kot obdajajo\u010d element, brez genealo\u0161ke zgodbe. Ta variacija znanstveno ni protislovje, temve\u010d odraz dejstva, da inuitska religija ni dogmatski sistem, temve\u010d \u017eivi v ustnem izro\u010dilu in se konfigurira glede na kontekst.<\/p><p>Pomembna je povezanost z drugimi silami. Sila stoji ob strani <a href=\"https:\/\/iwell-guard.com\/sl\/?page_id=160741\">Sedne<\/a> kot gospodarice morskih \u017eivali, ob strani <a href=\"https:\/\/iwell-guard.com\/sl\/?page_id=160750\">Igaluka<\/a>, lune, in ob strani <a href=\"https:\/\/iwell-guard.com\/sl\/?page_id=160748\">Pinge<\/a>, ki varuje kopenske \u017eivali.<\/p><p>Mo\u010d je porazdeljena, Sila tvori vseobsegajo\u010d okvir. Ta porazdelitev je religiofenomenolo\u0161ko lasten vzorec in dela inuitsko religijo relacijsko teologijo namesto hierarhije. Svet bogov je organiziran mre\u017eno, o piramidalnem redu ne moremo govoriti.<\/p>\t\t\t\t\t\t\t\t<\/div>\n\t\t\t\t<\/div>\n\t\t\t\t\t<\/div>\n\t\t\t\t<\/div>\n\t\t<div class=\"elementor-element elementor-element-iwgw-sila-s4 e-flex e-con-boxed e-con e-parent\" data-id=\"iwgw-sila-s4\" data-element_type=\"container\" data-e-type=\"container\">\n\t\t\t\t\t<div class=\"e-con-inner\">\n\t\t\t\t<div class=\"elementor-element elementor-element-iwgw-sila-s4h elementor-widget elementor-widget-heading\" data-id=\"iwgw-sila-s4h\" data-element_type=\"widget\" data-e-type=\"widget\" data-widget_type=\"heading.default\">\n\t\t\t\t\t<h2 class=\"elementor-heading-title elementor-size-default\">Sila kot razum in eti\u010dna sila<\/h2>\t\t\t\t<\/div>\n\t\t<div class=\"elementor-element elementor-element-iwgw-sila-s4c e-con-full e-flex e-con e-child\" data-id=\"iwgw-sila-s4c\" data-element_type=\"container\" data-e-type=\"container\">\n\t\t\t\t<div class=\"elementor-element elementor-element-iwgw-sila-s4t elementor-widget elementor-widget-text-editor\" data-id=\"iwgw-sila-s4t\" data-element_type=\"widget\" data-e-type=\"widget\" data-widget_type=\"text-editor.default\">\n\t\t\t\t\t\t\t\t\t<p>Semanti\u010dna dvopomenskost dela Silo eti\u010dno veli\u010dino. Kdor prekr\u0161i <em>pittailiniq<\/em>, tabuje, bo izgubil \u017eivali, poleg tega pa tudi svoj sila, torej postal nespameten, napa\u010dno bo ocenil vreme, se izgubil, zmrznil.<\/p><p>Napaka razuma in vremenska nesre\u010da sta tako dve pojavni obliki iste kr\u0161itve svetovnega reda. Ta povezanost je znanstveno globoka, ker ka\u017ee, da inuitska etika deluje prek kategorij modrosti namesto prek kategorij krivde.<\/p><p>Pri Iglulikih Rasmussen poro\u010da o pojmu, ki ga opisuje kot inuitski stoicizem: pravilna dr\u017ea v viharju naj bo potrpe\u017eljivo, jasno, silo-skladno vzdr\u017eanje, ne obupano upiranje.<\/p><p>Kdor gre skozi vreme, ne da bi izgubil svoj sila, ne bo zmrznil. Disciplina obvladovanja afektov je religiozno oblika predanosti Sili. Ta nadzor afektov je v etnopsiholo\u0161kem raziskovanju na\u0161el precej\u0161en prostor za razpravo.<\/p><p>Ta povezava med vremenom, razumom in eti\u010dno samodisciplino je v religijski filozofiji druge polovice 20. stoletja po\u017eela precej\u0161njo pozornost, na primer v delih Merkurja in v razpravi o arkti\u010dni <span class=\"iwg-fachbegriff\" data-tooltip=\"Netelesno bitje, ki mu je pripisano delovanje v svetu.\" tabindex=\"0\">duhovni<\/span> ekologiji pri Timu Ingoldu.<\/p><p>Strukturna bli\u017eina anti\u010dnim stoi\u0161kim etikam je opazna, vendar ne bi smela vodila v prenagljeno ena\u010denje, saj so kulturnozgodovinski konteksti razli\u010dni in je inuitska etika iz\u0161la iz druga\u010dne zgodovinske situacije.<\/p>\t\t\t\t\t\t\t\t<\/div>\n\t\t\t\t<\/div>\n\t\t\t\t\t<\/div>\n\t\t\t\t<\/div>\n\t\t<div class=\"elementor-element elementor-element-iwgw-sila-s5 e-flex e-con-boxed e-con e-parent\" data-id=\"iwgw-sila-s5\" data-element_type=\"container\" data-e-type=\"container\">\n\t\t\t\t\t<div class=\"e-con-inner\">\n\t\t\t\t<div class=\"elementor-element elementor-element-iwgw-sila-s5h elementor-widget elementor-widget-heading\" data-id=\"iwgw-sila-s5h\" data-element_type=\"widget\" data-e-type=\"widget\" data-widget_type=\"heading.default\">\n\t\t\t\t\t<h2 class=\"elementor-heading-title elementor-size-default\">\u0160amanska praksa in vremenski ritual<\/h2>\t\t\t\t<\/div>\n\t\t<div class=\"elementor-element elementor-element-iwgw-sila-s5c e-con-full e-flex e-con e-child\" data-id=\"iwgw-sila-s5c\" data-element_type=\"container\" data-e-type=\"container\">\n\t\t\t\t<div class=\"elementor-element elementor-element-iwgw-sila-s5t elementor-widget elementor-widget-text-editor\" data-id=\"iwgw-sila-s5t\" data-element_type=\"widget\" data-e-type=\"widget\" data-widget_type=\"text-editor.default\">\n\t\t\t\t\t\t\t\t\t<p>Angakkuiti, \u0161amani, so imeli poleg potovanja k Sedni \u0161e drugo, manj dramati\u010dno, a v vsakdanjem \u017eivljenju bolj prisotno nalogo: pomiriti ali spremeniti vreme. Ta praksa je bila naslovljena na Silo.<\/p><p>Ob groze\u010dem viharju je lahko <span class=\"iwg-fachbegriff\" data-tooltip=\"Religijski specialist, ki mu je pripisano posredovanje med ljudmi in duhovnim svetom.\" tabindex=\"0\">\u0161aman<\/span> stopil v trans in klical Silo, v\u010dasih tako, da je zadr\u017eeval dih, v\u010dasih tako, da je z bi\u010dem iz tjulnje ko\u017ee udarjal po zraku. Te prakse so manj dramati\u010dno dokumentirane kot Sednina potovanja, vendar so v vsakdanji religiozni praksi enako pomembne.<\/p><p>Druge prakse so obsegale risanje majhnih podob ali izrekanje starih besed, ki so veljale za oblike Sile. Pomembna je bila dr\u017ea: Sile niso prosili, temve\u010d so se do Sile pravilno postavljali.<\/p><p>Razlika glede na magi\u010dno-instrumentalno <span class=\"iwg-fachbegriff\" data-tooltip=\"Jezikovni ritual, ki naj prikli\u010de ali zve\u017ee neko mo\u010d.\" tabindex=\"0\">rotenje<\/span> je znanstveno odlo\u010dilna in lo\u010di inuitsko prakso od sorodnih sibirskih izro\u010dil, v katerih je bilo vremensko rotenje pogosto bolj konkretno in manipulativno oblikovano.<\/p><p><span class=\"iwg-fachbegriff\" data-tooltip=\"Odganjajo\u010d nesre\u010do: o znamenjih in predmetih, ki naj bi oddaljili \u0161kodljive vplive.\" tabindex=\"0\">Apotropejsko<\/span> so Inuiti poleg tega delali tudi z jezikom. Dolo\u010dene besede v odnosu do Sile so bile prepovedane, druge so morale biti izre\u010dene. Kdor je grajal otroka, ga ni ostro nagovoril, ker naj bi Sila to zaznal in vreme zaradi tega obrnil proti grajajo\u010demu.<\/p><p>Ta subtilna konstelacija ka\u017ee, kako so bili religiozni red, vzgoja in uravnavanje vremena med seboj prepleteni. Znanstveno je to paradigmati\u010den primer pre\u017eemajo\u010de religioznosti, ki ni omejena na ritualne otoke.<\/p>\t\t\t\t\t\t\t\t<\/div>\n\t\t\t\t<\/div>\n\t\t\t\t\t<\/div>\n\t\t\t\t<\/div>\n\t\t<div class=\"elementor-element elementor-element-iwgw-sila-s6 e-flex e-con-boxed e-con e-parent\" data-id=\"iwgw-sila-s6\" data-element_type=\"container\" data-e-type=\"container\">\n\t\t\t\t\t<div class=\"e-con-inner\">\n\t\t\t\t<div class=\"elementor-element elementor-element-iwgw-sila-s6h elementor-widget elementor-widget-heading\" data-id=\"iwgw-sila-s6h\" data-element_type=\"widget\" data-e-type=\"widget\" data-widget_type=\"heading.default\">\n\t\t\t\t\t<h2 class=\"elementor-heading-title elementor-size-default\">Sila v primerjavi z drugimi vremenskimi koncepti<\/h2>\t\t\t\t<\/div>\n\t\t<div class=\"elementor-element elementor-element-iwgw-sila-s6c e-con-full e-flex e-con e-child\" data-id=\"iwgw-sila-s6c\" data-element_type=\"container\" data-e-type=\"container\">\n\t\t\t\t<div class=\"elementor-element elementor-element-iwgw-sila-s6t elementor-widget elementor-widget-text-editor\" data-id=\"iwgw-sila-s6t\" data-element_type=\"widget\" data-e-type=\"widget\" data-widget_type=\"text-editor.default\">\n\t\t\t\t\t\t\t\t\t<p>Znanstveno je Sila posebna, ker je ni mogo\u010de primerjati niti s sredozemskim tipom Zevsa niti z indoevropskim modelom boga groma. Bolj je sorodna kitajskemu <em><span class=\"iwg-fachbegriff\" data-tooltip=\"V kitajski predstavi delujo\u010da \u017eivljenjska sila, ki pre\u017eema vse.\" tabindex=\"0\">qiju<\/span><\/em>, stoi\u0161kemu <em>pnevmi<\/em> in polinezijskemu <em>mani<\/em>, vendar je specifi\u010dno arkti\u010dno zasidrana v vremenski odvisnosti lovske dru\u017ebe. Ta primerljivost je z vidika fenomenologije religije plodna, vendar ne bi smela vodila v prenagljene univerzalisti\u010dne konstrukcije.<\/p><p>Znotraj cirkumpolarne regije se najbolje poka\u017ee vzporednica s samsko predstavo <em>Ilmarisa<\/em> ali z nenetskim <em>Numom<\/em>, ki tudi zajema vreme in nebo kot monisti\u010dno na\u010delo.<\/p><p>Tudi tu je personalizacija \u0161ibka, obseg pojma pa velik. To ujemanje nakazuje staro cirkumpolarno plast religijskega oblikovanja pojmov, katere natan\u010dna zgodovina \u0161e ni raziskana.<\/p><p>Mostove do evropske naravne filozofije so \u017ee ve\u010dkrat potegnili. Hugh Brody in Tim Ingold sta argumentirala, da je Silo mogo\u010de brati kot domorodno varianto \u0161ir\u0161e zasnovanega pojma atmosferskega, ki se v zahodni fenomenologiji pojavlja na primer pri Hermannu Schmitzu ali Gernotu B\u00f6hmeju.<\/p><p>Religiozna globina Sile pa presega vsako zahodno filozofijo atmosfere, ker je poleg opisnega tudi relevantna za delovanje.<\/p>\t\t\t\t\t\t\t\t<\/div>\n\t\t\t\t<\/div>\n\t\t\t\t\t<\/div>\n\t\t\t\t<\/div>\n\t\t<div class=\"elementor-element elementor-element-iwgw-sila-s7 e-flex e-con-boxed e-con e-parent\" data-id=\"iwgw-sila-s7\" data-element_type=\"container\" data-e-type=\"container\">\n\t\t\t\t\t<div class=\"e-con-inner\">\n\t\t\t\t<div class=\"elementor-element elementor-element-iwgw-sila-s7h elementor-widget elementor-widget-heading\" data-id=\"iwgw-sila-s7h\" data-element_type=\"widget\" data-e-type=\"widget\" data-widget_type=\"heading.default\">\n\t\t\t\t\t<h2 class=\"elementor-heading-title elementor-size-default\">Sila in podnebne spremembe<\/h2>\t\t\t\t<\/div>\n\t\t<div class=\"elementor-element elementor-element-iwgw-sila-s7c e-con-full e-flex e-con e-child\" data-id=\"iwgw-sila-s7c\" data-element_type=\"container\" data-e-type=\"container\">\n\t\t\t\t<div class=\"elementor-element elementor-element-iwgw-sila-s7t elementor-widget elementor-widget-text-editor\" data-id=\"iwgw-sila-s7t\" data-element_type=\"widget\" data-e-type=\"widget\" data-widget_type=\"text-editor.default\">\n\t\t\t\t\t\t\t\t\t<p>Od devetdesetih let 20. stoletja je Sila postala osrednji pojem inuitskega govora o podnebju. Inuitski starej\u0161i, na primer v poro\u010dilih Inuit Tapiriit Kanatami in Inuit Circumpolar Council, opisujejo podnebne spremembe predvsem kot izgubo napovedljivosti Sile, manj pa kot dvig temperature. Vreme naj bi postalo nepredvidljivo, kar pomeni tudi, da se ne ujema ve\u010d s podedovano razumnostjo.<\/p><p>Znanstveno je to zanimivo, ker tradicionalni religiozni pojem postane jezik ekolo\u0161ke krize, ne da bi to pre\u0161lo v fundamentalisti\u010dno obnovitev. Znanstvenica Sheila Watt-Cloutier je v knjigi <em>The Right to Be Cold<\/em> uporabila Silo kot pojem za prevajanje mednarodnopravne razprave o podnebju in s tem pokazala, kako lahko domorodni religiozni koncepti postanejo globalno politi\u010dno u\u010dinkoviti.<\/p><p>Ta aktualnost ka\u017ee, da Sila ni preteklo religijsko pojavno stanje, temve\u010d \u017eiv, spreminjajo\u010d se pojem. Inuitski nauk o vremenski etiki tu naleti na globalne znanstvene in politi\u010dne diskurze, ne da bi izgubil svojo lastno globino.<\/p><p>Znanstveno je to paradigmati\u010den primer aktiviranja tradicionalnih pojmov za sodobne globalne diskurze, ki ima pomen dale\u010d onkraj inuitske tradicije.<\/p>\t\t\t\t\t\t\t\t<\/div>\n\t\t\t\t<\/div>\n\t\t\t\t\t<\/div>\n\t\t\t\t<\/div>\n\t\t<div class=\"elementor-element elementor-element-iwgw-sila-s8 e-flex e-con-boxed e-con e-parent\" data-id=\"iwgw-sila-s8\" data-element_type=\"container\" data-e-type=\"container\">\n\t\t\t\t\t<div class=\"e-con-inner\">\n\t\t\t\t<div class=\"elementor-element elementor-element-iwgw-sila-s8h elementor-widget elementor-widget-heading\" data-id=\"iwgw-sila-s8h\" data-element_type=\"widget\" data-e-type=\"widget\" data-widget_type=\"heading.default\">\n\t\t\t\t\t<h2 class=\"elementor-heading-title elementor-size-default\">Zgodovina raziskovanja in odmevi<\/h2>\t\t\t\t<\/div>\n\t\t<div class=\"elementor-element elementor-element-iwgw-sila-s8c e-con-full e-flex e-con e-child\" data-id=\"iwgw-sila-s8c\" data-element_type=\"container\" data-e-type=\"container\">\n\t\t\t\t<div class=\"elementor-element elementor-element-iwgw-sila-s8t elementor-widget elementor-widget-text-editor\" data-id=\"iwgw-sila-s8t\" data-element_type=\"widget\" data-e-type=\"widget\" data-widget_type=\"text-editor.default\">\n\t\t\t\t\t\t\t\t\t<p>Raziskovanje Sile poteka skozi tri faze. Sprva so polarni raziskovalci poznega 19. in zgodnjega 20. stoletja pojem dokumentirali fragmentarno (Boas, Rink, Birket-Smith). Rasmussen je leta 1929 postavil temelje, ki so desetletja veljali za nesporne. Daniel Merkur in Mircea Eliade sta iz tega izdelala znanstveno sintezo, ki je bila v drugi polovici 20. stoletja <span class=\"iwg-fachbegriff\" data-tooltip=\"Kar spada k zavezujo\u010de priznanemu spisu neke religije.\" tabindex=\"0\">kanoni\u010dna<\/span>.<\/p><p>Od devetdesetih let se Fr\u00e9d\u00e9ric Laugrand in Jarich Oosten posve\u010data natan\u010dnej\u0161emu regionalnemu raz\u010dlenjevanju pojma Sila. Poka\u017eeta, da Iglulik, Netsilik, Baffin in Grenlandija razvijejo nekoliko razli\u010dne konotacije, ne da bi se osnovna struktura razgradila.<\/p><p>\u010cetrto fazo zaznamuje ekolo\u0161ko in politi\u010dno posodabljanje od 2000-ih let naprej, v katerem inuitski avtorji in avtorice same objavljajo o Sili in s tem bistveno spreminjajo stanje raziskav.<\/p><p>Znotraj samega inuitskega kulturnega prostora je Sila na\u0161la pot v \u0161olsko in visoko\u0161olsko izobra\u017eevanje. Posredovanje pojma mlaj\u0161i generaciji je danes del zavestnega ohranjanja jezika in znanja, ki ga znanost spremlja, ne pa nadome\u0161\u010da.<\/p><p>Ta podvojitev med domorodno skupnostjo znanja in akademskim raziskovanjem je z vidika fenomenologije religije samostojna tema in primer postkolonialnega preoblikovanja <span class=\"iwg-fachbegriff\" data-tooltip=\"Veda, ki primerjalno in brez verske vezanosti raziskuje religije.\" tabindex=\"0\">religiologije<\/span>.<\/p>\t\t\t\t\t\t\t\t<\/div>\n\t\t\t\t<\/div>\n\t\t\t\t\t<\/div>\n\t\t\t\t<\/div>\n\t\t<div class=\"elementor-element elementor-element-iwgw-sila-s9 e-flex e-con-boxed e-con e-parent\" data-id=\"iwgw-sila-s9\" data-element_type=\"container\" data-e-type=\"container\">\n\t\t\t\t\t<div class=\"e-con-inner\">\n\t\t\t\t<div class=\"elementor-element elementor-element-iwgw-sila-s9h elementor-widget elementor-widget-heading\" data-id=\"iwgw-sila-s9h\" data-element_type=\"widget\" data-e-type=\"widget\" data-widget_type=\"heading.default\">\n\t\t\t\t\t<h2 class=\"elementor-heading-title elementor-size-default\">Navzkri\u017ene povezave v inuitskem leksikonu<\/h2>\t\t\t\t<\/div>\n\t\t<div class=\"elementor-element elementor-element-iwgw-sila-s9c e-con-full e-flex e-con e-child\" data-id=\"iwgw-sila-s9c\" data-element_type=\"container\" data-e-type=\"container\">\n\t\t\t\t<div class=\"elementor-element elementor-element-iwgw-sila-s9t elementor-widget elementor-widget-text-editor\" data-id=\"iwgw-sila-s9t\" data-element_type=\"widget\" data-e-type=\"widget\" data-widget_type=\"text-editor.default\">\n\t\t\t\t\t\t\t\t\t<p>Kdor \u017eeli poglobiti povezanost Sile z drugimi instancami, najde v leksikonu gesla o <a href=\"https:\/\/iwell-guard.com\/sl\/?page_id=160741\">Sedni<\/a>, <a href=\"https:\/\/iwell-guard.com\/sl\/?page_id=160750\">Igaluku<\/a>, <a href=\"https:\/\/iwell-guard.com\/sl\/?page_id=160748\">Pingi<\/a>, <a href=\"https:\/\/iwell-guard.com\/sl\/?page_id=160745\">Tornarssuku<\/a>, <a href=\"https:\/\/iwell-guard.com\/sl\/?page_id=160749\">Nanooku<\/a>, <a href=\"https:\/\/iwell-guard.com\/sl\/?page_id=160746\">Tupilaku<\/a>, <a href=\"https:\/\/iwell-guard.com\/sl\/?page_id=160747\">Angutu<\/a>, <a href=\"https:\/\/iwell-guard.com\/sl\/?page_id=160751\">Malini<\/a> in <a href=\"https:\/\/iwell-guard.com\/sl\/?page_id=160752\">Qailertetangu<\/a>. Nad njimi okvir religijske topografije osrednje Arktike postavlja kulturno vozli\u0161\u010de <a href=\"https:\/\/iwell-guard.com\/sl\/inuiti-in-arktika-sedna-tornit-zascitna-praksa\/\">Inuitska tradicija<\/a>.<\/p><p>Kdor \u017eeli razumeti Silo v \u0161ir\u0161i cirkumpolarni primerjavi, najde pomembne vzporednice pri <a href=\"https:\/\/iwell-guard.com\/sl\/sami-in-ugrofinska-tradicija-noaidi-boben\/\">samskih<\/a> pojmih vremena in atmosfere, zlasti pri konstelaciji Beaivi-Sara.<\/p>\t\t\t\t\t\t\t\t<\/div>\n\t\t\t\t<\/div>\n\t\t\t\t\t<\/div>\n\t\t\t\t<\/div>\n\t\t<div class=\"elementor-element elementor-element-cp2cd38ede e-flex e-con-boxed e-con e-parent\" data-id=\"cp2cd38ede\" data-element_type=\"container\" data-e-type=\"container\">\n\t\t\t\t\t<div class=\"e-con-inner\">\n\t\t\t\t<div class=\"elementor-element elementor-element-cp20442d65 elementor-widget elementor-widget-heading\" data-id=\"cp20442d65\" data-element_type=\"widget\" data-e-type=\"widget\" data-widget_type=\"heading.default\">\n\t\t\t\t\t<h2 class=\"elementor-heading-title elementor-size-default\">Zrak, razum in vreme: te\u017eavnost prevajanja pojma Sila<\/h2>\t\t\t\t<\/div>\n\t\t<div class=\"elementor-element elementor-element-cp2b5f2985 e-flex e-con-boxed e-con e-child\" data-id=\"cp2b5f2985\" data-element_type=\"container\" data-e-type=\"container\">\n\t\t\t\t\t<div class=\"e-con-inner\">\n\t\t\t\t<div class=\"elementor-element elementor-element-cp266dd50f elementor-widget elementor-widget-text-editor\" data-id=\"cp266dd50f\" data-element_type=\"widget\" data-e-type=\"widget\" data-widget_type=\"text-editor.default\">\n\t\t\t\t\t\t\t\t\t<p>Izraz <em>Sila<\/em>, izpri\u010dan v razli\u010dnih zapisih kot <em>Silap Inua<\/em> ali <em>Sila Inua<\/em>, sodi med predstave inuitskih izro\u010dil, ki se posebej vztrajno upirajo zahodnim prevajalskim kategorijam. Beseda pokriva pomensko polje, ki je v sloven\u0161\u010dini razdeljeno na ve\u010d lo\u010denih pojmov.<\/p><p><em>Sila<\/em> lahko ozna\u010duje zunanji svet v smislu vremena in podnebja, lahko pomeni zrak in nebo, hkrati pa lahko pomeni razum, razumnost ali zavest. Otroka, ki postaja razumen, lahko opi\u0161emo z besedno zvezo, ki vsebuje Silo.<\/p><p>Ta pomenska \u0161irina ni pomanjkljivost jezika, temve\u010d izraz druga\u010dne zasnove sveta. Sila povezuje obse\u017eno zunanje s razumevanjem v notranjosti. Predstava o <em>Silap Inua<\/em>, Inui oziroma lastniku Sile, to povezavo zami\u0161lja kot osebnostno mo\u010d.<\/p><p>Inua, pogosto prevedeno kot lastnik ali prebivalec, v inuitskih izro\u010dilih ozna\u010duje notranjo osebo kraja, \u017eivali ali pojava. Silap Inua je torej osebnostna notranja stran celotnega okoli\u0161kega reda, ne vremenski bog v evropskem pomenu.<\/p><p>Knud Rasmussen, ki je med Peto Thulejsko odpravo zapisoval pogovore s \u0161amani, je zabele\u017eil izjave, v katerih se Sila ka\u017ee kot velika, nedoumljiva mo\u010d, ki je ni mogo\u010de nagovoriti z navadnimi besedami in ki se izra\u017ea skozi vreme, nevihte in vedenje \u017eivali.<\/p><p>Rasmussenovi zapisi so vredni, vendar so prevodi prevodov, posredovani prek tolma\u010dev in njegovega lastnega iskanja opredmetene <span class=\"iwg-fachbegriff\" data-tooltip=\"Znanstveni nauk o Bogu in o veri neke religije.\" tabindex=\"0\">teologije<\/span>. Nekateri raziskovalci domnevajo, da je zaklju\u010denost, s katero se Sila v delu sekundarne literature ka\u017ee kot vrhovno bo\u017eanstvo, delno posledica te zapisovalne situacije.<\/p><p>Za natan\u010den prikaz iz tega sledi dvoje. Prvi\u010d, Sile ne bi smeli prehitro skr\u010diti na vremenskega boga, saj bi s tem izgubili povezavo z razumom in \u017eivljenjskim redom, ki je za inuitsko predstavo bistvena.<\/p><p>Drugi\u010d, pri vsaki izjavi o Sili je treba upo\u0161tevati kolonialno posredovanje. Viri so omejeni, enojezi\u010dno te\u017eko preverljivi in obarvani z interesom zbiralcev po urejenem religijskem sistemu.<\/p>\t\t\t\t\t\t\t\t<\/div>\n\t\t\t\t\t<\/div>\n\t\t\t\t<\/div>\n\t\t\t\t\t<\/div>\n\t\t\t\t<\/div>\n\t\t<div class=\"elementor-element elementor-element-iwgw-sila-lit e-flex e-con-boxed e-con e-parent\" data-id=\"iwgw-sila-lit\" data-element_type=\"container\" data-e-type=\"container\">\n\t\t\t\t\t<div class=\"e-con-inner\">\n\t\t\t\t<div class=\"elementor-element elementor-element-iwgw-sila-lith elementor-widget elementor-widget-heading\" data-id=\"iwgw-sila-lith\" data-element_type=\"widget\" data-e-type=\"widget\" data-widget_type=\"heading.default\">\n\t\t\t\t\t<h2 class=\"elementor-heading-title elementor-size-default\">Literatura (izbor)<\/h2>\t\t\t\t<\/div>\n\t\t<div class=\"elementor-element elementor-element-iwgw-sila-litc e-con-full e-flex e-con e-child\" data-id=\"iwgw-sila-litc\" data-element_type=\"container\" data-e-type=\"container\">\n\t\t\t\t<div class=\"elementor-element elementor-element-iwgw-sila-litt elementor-widget elementor-widget-text-editor\" data-id=\"iwgw-sila-litt\" data-element_type=\"widget\" data-e-type=\"widget\" data-widget_type=\"text-editor.default\">\n\t\t\t\t\t\t\t\t\t<ul><li>Knud Rasmussen: <em>Intellectual Culture of the Iglulik Eskimos<\/em> (Kopenhagen 1929)<\/li><li>Daniel Merkur: <em>Powers Which We Do Not Know<\/em> (Moscow ID 1991)<\/li><li>Fr\u00e9d\u00e9ric Laugrand in Jarich Oosten: <em>Inuit Shamanism and Christianity<\/em> (Montreal 2010)<\/li><li>Hinrich Rink: <em>Tales and Traditions of the Eskimo<\/em> (Edinburgh 1875)<\/li><li>Sheila Watt-Cloutier: <em>The Right to Be Cold<\/em> (Toronto 2015)<\/li><li>Tim Ingold: <em>The Perception of the Environment<\/em> (London 2000)<\/li><\/ul>\t\t\t\t\t\t\t\t<\/div>\n\t\t\t\t<\/div>\n\t\t\t\t\t<\/div>\n\t\t\t\t<\/div>\n\t\t<div class=\"elementor-element elementor-element-iwgw-sila-kwd e-flex e-con-boxed e-con e-parent\" data-id=\"iwgw-sila-kwd\" data-element_type=\"container\" data-e-type=\"container\">\n\t\t\t\t\t<div class=\"e-con-inner\">\n\t\t<div class=\"elementor-element elementor-element-iwgw-sila-kwdc e-con-full e-flex e-con e-child\" data-id=\"iwgw-sila-kwdc\" data-element_type=\"container\" data-e-type=\"container\">\n\t\t\t\t<div class=\"elementor-element elementor-element-iwgw-sila-kwdt elementor-widget elementor-widget-text-editor\" data-id=\"iwgw-sila-kwdt\" data-element_type=\"widget\" data-e-type=\"widget\" data-widget_type=\"text-editor.default\">\n\t\t\t\t\t\t\t\t\t<p><em>Sorodni klju\u010dni pojmi: Sila Silap Inua svetovni dih vremensko na\u010delo inuitski razum Pittailiniq Iglulik.<\/em><\/p>\t\t\t\t\t\t\t\t<\/div>\n\t\t\t\t<\/div>\n\t\t\t\t\t<\/div>\n\t\t\t\t<\/div>\n\t\t<div class=\"elementor-element elementor-element-iwgw-sila-cc e-flex e-con-boxed e-con e-parent\" data-id=\"iwgw-sila-cc\" data-element_type=\"container\" data-e-type=\"container\" id=\"iwg-cc-sila\">\n\t\t\t\t\t<div class=\"e-con-inner\">\n\t\t<div class=\"elementor-element elementor-element-iwgw-sila-ccinner e-flex e-con-boxed e-con e-parent\" data-id=\"iwgw-sila-ccinner\" data-element_type=\"container\" data-e-type=\"container\" data-settings=\"{&quot;background_background&quot;:&quot;classic&quot;}\">\n\t\t\t\t\t<div class=\"e-con-inner\">\n\t\t\t\t<div class=\"elementor-element elementor-element-iwgw-sila-cch elementor-widget elementor-widget-heading\" data-id=\"iwgw-sila-cch\" data-element_type=\"widget\" data-e-type=\"widget\" data-widget_type=\"heading.default\">\n\t\t\t\t\t<h2 class=\"elementor-heading-title elementor-size-default\">iWell Guard in tradicije za\u0161\u010dite<\/h2>\t\t\t\t<\/div>\n\t\t\t\t<div class=\"elementor-element elementor-element-iwgw-sila-cct elementor-widget elementor-widget-text-editor\" data-id=\"iwgw-sila-cct\" data-element_type=\"widget\" data-e-type=\"widget\" data-widget_type=\"text-editor.default\">\n\t\t\t\t\t\t\t\t\t<div data-nosnippet=\"true\"><p>iWell Guard nadaljuje kulturnozgodovinsko tradicijo nosljivih za\u0161\u010ditnih predmetov, v tradiciji <a href=\"https:\/\/iwell-guard.com\/sl\/inuiti-in-arktika-sedna-tornit-zascitna-praksa\/\">Inuitov<\/a> in mnogih drugih kultur po svetu. 41 plasti, pravo zlato, platina, srebro, izdelano v Nem\u010diji. 30-dnevna pravica do vra\u010dila.<\/p><\/div>\t\t\t\t\t\t\t\t<\/div>\n\t\t\t\t<div class=\"elementor-element elementor-element-iwgw-sila-ccb iwg-cc-button iwg-cc-cta-2026-05-13 elementor-widget elementor-widget-jet-button\" data-id=\"iwgw-sila-ccb\" data-element_type=\"widget\" data-e-type=\"widget\" data-widget_type=\"jet-button.default\">\n\t\t\t\t<div class=\"elementor-widget-container\">\n\t\t\t\t\t<div class=\"elementor-jet-button jet-elements\"><div class=\"jet-button__container\"><a class=\"jet-button__instance jet-button__instance--icon-left hover-effect-1\" href=\"\/ueber-iwell-guard\/?utm_source=iwell-guard.com&amp;utm_medium=info-box&amp;utm_campaign=wesen-tradition\"><div class=\"jet-button__plane jet-button__plane-normal\"><\/div><div class=\"jet-button__plane jet-button__plane-hover\"><\/div><div class=\"jet-button__state jet-button__state-normal\"><span class=\"jet-button__label\">Ve\u010d o iWell Guard<\/span><\/div><div class=\"jet-button__state jet-button__state-hover\"><span class=\"jet-button__label\">Ve\u010d o iWell Guard<\/span><\/div><\/a><\/div><\/div><style>.elementor-element.elementor-element-iwgw-sila-ccb .jet-button__instance{width:320px;height:56px;}.elementor-element.elementor-element-iwgw-sila-ccb .jet-button__state-normal .jet-button__label{text-align:center;margin:0px 0px 0px 0px;color:#1a1b20;font-family:Montserrat,sans-serif;font-size:13px;font-weight:400;letter-spacing:4px;line-height:1.714em;text-transform:uppercase;}.elementor-element.elementor-element-iwgw-sila-ccb .jet-button__state-hover .jet-button__label{text-align:center;margin:0px 0px 0px 0px;color:#FECC76;font-family:Montserrat,sans-serif;font-size:13px;font-weight:400;letter-spacing:4px;line-height:1.714em;text-transform:uppercase;}.elementor-element.elementor-element-iwgw-sila-ccb .jet-button__plane-normal{background-color:#FECC76;border-style:solid;border-color:#C99540;border-width:2px 2px 2px 2px;}.elementor-element.elementor-element-iwgw-sila-ccb .jet-button__plane-hover{background-color:rgba(0,0,0,0.55);border-style:solid;border-color:#FECC76;border-width:2px 2px 2px 2px;}<\/style>\t\t\t\t<\/div>\n\t\t\t\t<\/div>\n\t\t\t\t<div class=\"elementor-element elementor-element-iwgw-sila-ccd elementor-widget elementor-widget-text-editor\" data-id=\"iwgw-sila-ccd\" data-element_type=\"widget\" data-e-type=\"widget\" data-widget_type=\"text-editor.default\">\n\t\t\t\t\t\t\t\t\t<div data-nosnippet=\"true\"><p style=\"text-align:center;font-size:13px;opacity:0.7;margin-top:14px\" data-nosnippet=\"true\">Osebne izku\u0161nje se lahko razlikujejo. Ni medicinski pripomo\u010dek. Brez obljube o ozdravitvi.<\/p><\/div>\t\t\t\t\t\t\t\t<\/div>\n\t\t\t\t\t<\/div>\n\t\t\t\t<\/div>\n\t\t\t\t\t<\/div>\n\t\t\t\t<\/div>\n\t\t<div class=\"elementor-element elementor-element-iwgw-sila-disc e-flex e-con-boxed e-con e-parent\" data-id=\"iwgw-sila-disc\" data-element_type=\"container\" data-e-type=\"container\">\n\t\t\t\t\t<div class=\"e-con-inner\">\n\t\t\t\t<div class=\"elementor-element elementor-element-iwgw-sila-discw elementor-widget elementor-widget-html\" data-id=\"iwgw-sila-discw\" data-element_type=\"widget\" data-e-type=\"widget\" data-widget_type=\"html.default\">\n\t\t\t\t\t<footer data-nosnippet=\"true\" class=\"iwg-disclaimer-block\"><p data-nosnippet=\"true\">iWell Guard <strong>ni medicinski pripomo\u010dek<\/strong> in ne nadome\u0161\u010da zdravni\u0161ke ali psihoterapevtske obravnave. Religiologske vsebine so kulturnozgodovinska umestitev, ne priporo\u010dilo za duhovno prakso.<\/p><\/footer>\t\t\t\t<\/div>\n\t\t\t\t\t<\/div>\n\t\t\t\t<\/div>\n\t\t\t\t<\/div>\n\t\t","protected":false},"excerpt":{"rendered":"","protected":false},"author":3,"featured_media":2879,"parent":0,"menu_order":0,"comment_status":"closed","ping_status":"closed","template":"elementor_header_footer","meta":{"_yoast_wpseo_focuskw":"Sila vesoljni dih Inuitov","_yoast_wpseo_title":"Sila - vesoljni dih Inuitov, vreme in razum","_yoast_wpseo_metadesc":"Sila je arkti\u010dno vesoljno na\u010delo vremena, zraka in razuma. Religiologska umestitev z mitom, \u0161amansko prakso, viri in tabuji.","_yoast_wpseo_meta-robots-noindex":"","_yoast_wpseo_canonical":"","_angie_page":false,"gefaehrdungsstufe":"2","wesen_kultur":"inuit","wesen_klasse":"geister","footnotes":""},"categories":[],"class_list":["post-160744","page","type-page","status-publish","has-post-thumbnail","hentry"],"yoast_head":"<!-- This site is optimized with the Yoast SEO Premium plugin v27.7 (Yoast SEO v28.3) - https:\/\/yoast.com\/product\/yoast-seo-premium-wordpress\/ -->\n<title>Sila - vesoljni dih Inuitov, vreme in razum<\/title>\n<meta name=\"description\" content=\"Sila je arkti\u010dno vesoljno na\u010delo vremena, zraka in razuma. Religiologska umestitev z mitom, \u0161amansko prakso, viri in tabuji.\" \/>\n<meta name=\"robots\" content=\"index, follow, max-snippet:-1, max-image-preview:large, max-video-preview:-1\" \/>\n<link rel=\"canonical\" href=\"https:\/\/iwell-guard.com\/sl\/sila-vesoljni-dih-in-gospodar-vremena-inuiti\/\" \/>\n<meta property=\"og:locale\" content=\"sl_SI\" \/>\n<meta property=\"og:type\" content=\"article\" \/>\n<meta property=\"og:title\" content=\"Sila - vesoljni dih in gospodar vremena pri Inuitih\" \/>\n<meta property=\"og:description\" content=\"Sila je arkti\u010dno vesoljno na\u010delo vremena, zraka in razuma. Religiologska umestitev z mitom, \u0161amansko prakso, viri in tabuji.\" \/>\n<meta property=\"og:url\" content=\"https:\/\/iwell-guard.com\/sl\/sila-vesoljni-dih-in-gospodar-vremena-inuiti\/\" \/>\n<meta property=\"og:site_name\" content=\"iWell Guard\" \/>\n<meta property=\"article:modified_time\" content=\"2026-09-05T00:45:00+00:00\" \/>\n<meta property=\"og:image\" content=\"https:\/\/iwell-guard.com\/wp-content\/uploads\/2026\/05\/geister_inuit_sila.webp\" \/>\n\t<meta property=\"og:image:width\" content=\"1024\" \/>\n\t<meta property=\"og:image:height\" content=\"1536\" \/>\n\t<meta property=\"og:image:type\" content=\"image\/webp\" \/>\n<meta name=\"twitter:card\" content=\"summary_large_image\" \/>\n<script type=\"application\/ld+json\" class=\"yoast-schema-graph\">{\"@context\":\"https:\\\/\\\/schema.org\",\"@graph\":[{\"@type\":\"WebPage\",\"@id\":\"https:\\\/\\\/iwell-guard.com\\\/sl\\\/sila-vesoljni-dih-in-gospodar-vremena-inuiti\\\/\",\"url\":\"https:\\\/\\\/iwell-guard.com\\\/sl\\\/sila-vesoljni-dih-in-gospodar-vremena-inuiti\\\/\",\"name\":\"Sila - vesoljni dih Inuitov, vreme in razum\",\"isPartOf\":{\"@id\":\"https:\\\/\\\/iwell-guard.com\\\/sl\\\/#website\"},\"primaryImageOfPage\":{\"@id\":\"https:\\\/\\\/iwell-guard.com\\\/sl\\\/sila-vesoljni-dih-in-gospodar-vremena-inuiti\\\/#primaryimage\"},\"image\":{\"@id\":\"https:\\\/\\\/iwell-guard.com\\\/sl\\\/sila-vesoljni-dih-in-gospodar-vremena-inuiti\\\/#primaryimage\"},\"thumbnailUrl\":\"https:\\\/\\\/iwell-guard.com\\\/wp-content\\\/uploads\\\/2026\\\/05\\\/geister_inuit_sila.webp\",\"datePublished\":\"2026-09-05T00:25:15+00:00\",\"dateModified\":\"2026-09-05T00:45:00+00:00\",\"description\":\"Sila je arkti\u010dno vesoljno na\u010delo vremena, zraka in razuma. Religiologska umestitev z mitom, \u0161amansko prakso, viri in tabuji.\",\"breadcrumb\":{\"@id\":\"https:\\\/\\\/iwell-guard.com\\\/sl\\\/sila-vesoljni-dih-in-gospodar-vremena-inuiti\\\/#breadcrumb\"},\"inLanguage\":\"sl-SI\",\"potentialAction\":[{\"@type\":\"ReadAction\",\"target\":[\"https:\\\/\\\/iwell-guard.com\\\/sl\\\/sila-vesoljni-dih-in-gospodar-vremena-inuiti\\\/\"]}]},{\"@type\":\"ImageObject\",\"inLanguage\":\"sl-SI\",\"@id\":\"https:\\\/\\\/iwell-guard.com\\\/sl\\\/sila-vesoljni-dih-in-gospodar-vremena-inuiti\\\/#primaryimage\",\"url\":\"https:\\\/\\\/iwell-guard.com\\\/wp-content\\\/uploads\\\/2026\\\/05\\\/geister_inuit_sila.webp\",\"contentUrl\":\"https:\\\/\\\/iwell-guard.com\\\/wp-content\\\/uploads\\\/2026\\\/05\\\/geister_inuit_sila.webp\",\"width\":1024,\"height\":1536,\"caption\":\"Duhovi iz inuitskega izro\u010dila.\"},{\"@type\":\"BreadcrumbList\",\"@id\":\"https:\\\/\\\/iwell-guard.com\\\/sl\\\/sila-vesoljni-dih-in-gospodar-vremena-inuiti\\\/#breadcrumb\",\"itemListElement\":[{\"@type\":\"ListItem\",\"position\":1,\"name\":\"Start\",\"item\":\"https:\\\/\\\/iwell-guard.com\\\/sl\\\/?page_id=160323\"},{\"@type\":\"ListItem\",\"position\":2,\"name\":\"Sila &#8211; vesoljni dih in gospodar vremena pri Inuitih\"}]},{\"@type\":\"WebSite\",\"@id\":\"https:\\\/\\\/iwell-guard.com\\\/sl\\\/#website\",\"url\":\"https:\\\/\\\/iwell-guard.com\\\/sl\\\/\",\"name\":\"iWell Guard\",\"description\":\"Schutz vor dunklen Einfl\u00fcssen\",\"publisher\":{\"@id\":\"https:\\\/\\\/iwell-guard.com\\\/sl\\\/#organization\"},\"potentialAction\":[{\"@type\":\"SearchAction\",\"target\":{\"@type\":\"EntryPoint\",\"urlTemplate\":\"https:\\\/\\\/iwell-guard.com\\\/sl\\\/?s={search_term_string}\"},\"query-input\":{\"@type\":\"PropertyValueSpecification\",\"valueRequired\":true,\"valueName\":\"search_term_string\"}}],\"inLanguage\":\"sl-SI\"},{\"@type\":\"Organization\",\"@id\":\"https:\\\/\\\/iwell-guard.com\\\/sl\\\/#organization\",\"name\":\"Ittermann electronic GmbH\",\"url\":\"https:\\\/\\\/iwell-guard.com\\\/sl\\\/\",\"logo\":{\"@type\":\"ImageObject\",\"inLanguage\":\"sl-SI\",\"@id\":\"https:\\\/\\\/iwell-guard.com\\\/sl\\\/#\\\/schema\\\/logo\\\/image\\\/\",\"url\":\"https:\\\/\\\/iwell-guard.com\\\/wp-content\\\/uploads\\\/2026\\\/05\\\/Ittermann-Logo-1182x237-1.png\",\"contentUrl\":\"https:\\\/\\\/iwell-guard.com\\\/wp-content\\\/uploads\\\/2026\\\/05\\\/Ittermann-Logo-1182x237-1.png\",\"width\":1182,\"height\":237,\"caption\":\"Ittermann electronic GmbH\"},\"image\":{\"@id\":\"https:\\\/\\\/iwell-guard.com\\\/sl\\\/#\\\/schema\\\/logo\\\/image\\\/\"},\"sameAs\":[\"https:\\\/\\\/pantip.com\\\/profile\\\/9367242\",\"https:\\\/\\\/micro.blog\\\/iwellguard\",\"https:\\\/\\\/www.diggerslist.com\\\/iwellguard\\\/about\",\"https:\\\/\\\/skitterphoto.com\\\/photographers\\\/2870314\\\/iwell-guard\",\"https:\\\/\\\/iwellguard.wordpress.com\\\/2026\\\/06\\\/06\\\/iwell-guard\\\/\",\"https:\\\/\\\/hub.docker.com\\\/u\\\/iwellguard\",\"https:\\\/\\\/www.pinterest.com\\\/iwellguard\\\/\",\"https:\\\/\\\/bit.ly\\\/m\\\/iwellguard\",\"https:\\\/\\\/entre-vos-mains.alsace.eu\\\/profiles\\\/iwellguard\\\/activity\",\"https:\\\/\\\/gravatar.com\\\/reallybeded8fd34\",\"https:\\\/\\\/naijamatta.com\\\/iwellguard\",\"https:\\\/\\\/www.goodreads.com\\\/iwellguard\",\"https:\\\/\\\/profile.hatena.ne.jp\\\/iwellguard\\\/\",\"https:\\\/\\\/experiment.com\\\/users\\\/iwellguard\",\"https:\\\/\\\/wakelet.com\\\/@iWellGuard82270\",\"https:\\\/\\\/www.chordie.com\\\/forum\\\/profile.php?id=2555664\",\"https:\\\/\\\/www.instapaper.com\\\/p\\\/17757966\",\"https:\\\/\\\/www.mapleprimes.com\\\/users\\\/iwellguard\",\"https:\\\/\\\/businesslistingplus.com\\\/profile\\\/iwell-guard\\\/\",\"https:\\\/\\\/telegra.ph\\\/iWell-Guard-06-06\",\"https:\\\/\\\/pbase.com\\\/iwellguard\\\/iwellguard\",\"https:\\\/\\\/b.hatena.ne.jp\\\/iwellguard\\\/20260607#bookmark-4788405196491818882\",\"https:\\\/\\\/fliphtml5.com\\\/home\\\/iwellguard\",\"https:\\\/\\\/anyflip.com\\\/homepage\\\/cmiwl#About\",\"https:\\\/\\\/transfur.com\\\/Users\\\/iwellguard\",\"http:\\\/\\\/delphi.larsbo.org\\\/user\\\/iwellguard\",\"https:\\\/\\\/jobs.lajobsportal.org\\\/profiles\\\/8380803-iwell-guard\",\"https:\\\/\\\/md.chaosdorf.de\\\/s\\\/jfbe5SBdJD\",\"https:\\\/\\\/www.lingvolive.com\\\/en-us\\\/profile\\\/9ecaeaca-ce11-4e51-9e71-01d55e2bff36\\\/translations\",\"https:\\\/\\\/www.fitday.com\\\/fitness\\\/forums\\\/members\\\/iwellguard.html\",\"https:\\\/\\\/www.mymeetbook.com\\\/iwellguard\",\"https:\\\/\\\/pxhere.com\\\/en\\\/photographer-me\\\/5040798\",\"https:\\\/\\\/disqus.com\\\/by\\\/iwellguard\\\/about\\\/\",\"https:\\\/\\\/pastelink.net\\\/hjwciqwq\",\"https:\\\/\\\/pubhtml5.com\\\/homepage\\\/scjhn\\\/\",\"https:\\\/\\\/www.bitchute.com\\\/channel\\\/2O2eOKzNqujT\",\"https:\\\/\\\/audiomack.com\\\/iwellguard\"]},{\"@type\":\"Article\",\"@id\":\"https:\\\/\\\/iwell-guard.com\\\/sl\\\/sila-vesoljni-dih-in-gospodar-vremena-inuiti\\\/#article\",\"isPartOf\":{\"@id\":\"https:\\\/\\\/iwell-guard.com\\\/sl\\\/sila-vesoljni-dih-in-gospodar-vremena-inuiti\\\/\"},\"author\":{\"name\":\"Ralf Ittermann\",\"@id\":\"https:\\\/\\\/iwell-guard.com\\\/sl\\\/#\\\/schema\\\/person\\\/ee2a27f1cac3406c7c6fb5820cb7349f\"},\"headline\":\"Sila &#8211; vesoljni dih in gospodar vremena pri Inuitih\",\"datePublished\":\"2026-09-05T00:25:15+00:00\",\"dateModified\":\"2026-09-05T00:45:00+00:00\",\"mainEntityOfPage\":{\"@id\":\"https:\\\/\\\/iwell-guard.com\\\/sl\\\/sila-vesoljni-dih-in-gospodar-vremena-inuiti\\\/\"},\"publisher\":{\"@id\":\"https:\\\/\\\/iwell-guard.com\\\/sl\\\/#organization\"},\"image\":{\"@id\":\"https:\\\/\\\/iwell-guard.com\\\/sl\\\/sila-vesoljni-dih-in-gospodar-vremena-inuiti\\\/#primaryimage\"},\"thumbnailUrl\":\"https:\\\/\\\/iwell-guard.com\\\/wp-content\\\/uploads\\\/2026\\\/05\\\/geister_inuit_sila.webp\",\"inLanguage\":\"sl-SI\",\"description\":\"Sila je arkti\u010dno vesoljno na\u010delo vremena, zraka in razuma. Religiologska umestitev z mitom, \u0161amansko prakso, viri in tabuji.\"}]}<\/script>\n<!-- \/ Yoast SEO Premium plugin. -->","yoast_head_json":{"title":"Sila - vesoljni dih Inuitov, vreme in razum","description":"Sila je arkti\u010dno vesoljno na\u010delo vremena, zraka in razuma. Religiologska umestitev z mitom, \u0161amansko prakso, viri in tabuji.","robots":{"index":"index","follow":"follow","max-snippet":"max-snippet:-1","max-image-preview":"max-image-preview:large","max-video-preview":"max-video-preview:-1"},"canonical":"https:\/\/iwell-guard.com\/sl\/sila-vesoljni-dih-in-gospodar-vremena-inuiti\/","og_locale":"sl_SI","og_type":"article","og_title":"Sila - vesoljni dih in gospodar vremena pri Inuitih","og_description":"Sila je arkti\u010dno vesoljno na\u010delo vremena, zraka in razuma. Religiologska umestitev z mitom, \u0161amansko prakso, viri in tabuji.","og_url":"https:\/\/iwell-guard.com\/sl\/sila-vesoljni-dih-in-gospodar-vremena-inuiti\/","og_site_name":"iWell Guard","article_modified_time":"2026-09-05T00:45:00+00:00","og_image":[{"width":1024,"height":1536,"url":"https:\/\/iwell-guard.com\/wp-content\/uploads\/2026\/05\/geister_inuit_sila.webp","type":"image\/webp"}],"twitter_card":"summary_large_image","schema":{"@context":"https:\/\/schema.org","@graph":[{"@type":"Article","@id":"https:\/\/iwell-guard.com\/sl\/sila-vesoljni-dih-in-gospodar-vremena-inuiti\/#article","isPartOf":{"@id":"https:\/\/iwell-guard.com\/sl\/sila-vesoljni-dih-in-gospodar-vremena-inuiti\/"},"author":{"name":"Ralf Ittermann","@id":"https:\/\/iwell-guard.com\/sl\/#\/schema\/person\/ee2a27f1cac3406c7c6fb5820cb7349f"},"headline":"Sila &#8211; vesoljni dih in gospodar vremena pri Inuitih","datePublished":"2026-09-05T00:25:15+00:00","dateModified":"2026-09-05T00:45:00+00:00","mainEntityOfPage":{"@id":"https:\/\/iwell-guard.com\/sl\/sila-vesoljni-dih-in-gospodar-vremena-inuiti\/"},"publisher":{"@id":"https:\/\/iwell-guard.com\/sl\/#organization"},"image":{"@id":"https:\/\/iwell-guard.com\/sl\/sila-vesoljni-dih-in-gospodar-vremena-inuiti\/#primaryimage"},"thumbnailUrl":"https:\/\/iwell-guard.com\/wp-content\/uploads\/2026\/05\/geister_inuit_sila.webp","inLanguage":"sl-SI","description":"Sila je arkti\u010dno vesoljno na\u010delo vremena, zraka in razuma. Religiologska umestitev z mitom, \u0161amansko prakso, viri in tabuji."},{"@type":"WebPage","@id":"https:\/\/iwell-guard.com\/sl\/sila-vesoljni-dih-in-gospodar-vremena-inuiti\/","url":"https:\/\/iwell-guard.com\/sl\/sila-vesoljni-dih-in-gospodar-vremena-inuiti\/","name":"Sila - vesoljni dih Inuitov, vreme in razum","isPartOf":{"@id":"https:\/\/iwell-guard.com\/sl\/#website"},"primaryImageOfPage":{"@id":"https:\/\/iwell-guard.com\/sl\/sila-vesoljni-dih-in-gospodar-vremena-inuiti\/#primaryimage"},"image":{"@id":"https:\/\/iwell-guard.com\/sl\/sila-vesoljni-dih-in-gospodar-vremena-inuiti\/#primaryimage"},"thumbnailUrl":"https:\/\/iwell-guard.com\/wp-content\/uploads\/2026\/05\/geister_inuit_sila.webp","datePublished":"2026-09-05T00:25:15+00:00","dateModified":"2026-09-05T00:45:00+00:00","description":"Sila je arkti\u010dno vesoljno na\u010delo vremena, zraka in razuma. Religiologska umestitev z mitom, \u0161amansko prakso, viri in tabuji.","breadcrumb":{"@id":"https:\/\/iwell-guard.com\/sl\/sila-vesoljni-dih-in-gospodar-vremena-inuiti\/#breadcrumb"},"inLanguage":"sl-SI","potentialAction":[{"@type":"ReadAction","target":["https:\/\/iwell-guard.com\/sl\/sila-vesoljni-dih-in-gospodar-vremena-inuiti\/"]}]},{"@type":"ImageObject","inLanguage":"sl-SI","@id":"https:\/\/iwell-guard.com\/sl\/sila-vesoljni-dih-in-gospodar-vremena-inuiti\/#primaryimage","url":"https:\/\/iwell-guard.com\/wp-content\/uploads\/2026\/05\/geister_inuit_sila.webp","contentUrl":"https:\/\/iwell-guard.com\/wp-content\/uploads\/2026\/05\/geister_inuit_sila.webp","width":1024,"height":1536,"caption":"Duhovi iz inuitskega izro\u010dila."},{"@type":"BreadcrumbList","@id":"https:\/\/iwell-guard.com\/sl\/sila-vesoljni-dih-in-gospodar-vremena-inuiti\/#breadcrumb","itemListElement":[{"@type":"ListItem","position":1,"name":"Start","item":"https:\/\/iwell-guard.com\/sl\/?page_id=160323"},{"@type":"ListItem","position":2,"name":"Sila &#8211; vesoljni dih in gospodar vremena pri Inuitih"}]},{"@type":"WebSite","@id":"https:\/\/iwell-guard.com\/sl\/#website","url":"https:\/\/iwell-guard.com\/sl\/","name":"iWell Guard","description":"Schutz vor dunklen Einfl\u00fcssen","publisher":{"@id":"https:\/\/iwell-guard.com\/sl\/#organization"},"potentialAction":[{"@type":"SearchAction","target":{"@type":"EntryPoint","urlTemplate":"https:\/\/iwell-guard.com\/sl\/?s={search_term_string}"},"query-input":{"@type":"PropertyValueSpecification","valueRequired":true,"valueName":"search_term_string"}}],"inLanguage":"sl-SI"},{"@type":"Organization","@id":"https:\/\/iwell-guard.com\/sl\/#organization","name":"Ittermann electronic GmbH","url":"https:\/\/iwell-guard.com\/sl\/","logo":{"@type":"ImageObject","inLanguage":"sl-SI","@id":"https:\/\/iwell-guard.com\/sl\/#\/schema\/logo\/image\/","url":"https:\/\/iwell-guard.com\/wp-content\/uploads\/2026\/05\/Ittermann-Logo-1182x237-1.png","contentUrl":"https:\/\/iwell-guard.com\/wp-content\/uploads\/2026\/05\/Ittermann-Logo-1182x237-1.png","width":1182,"height":237,"caption":"Ittermann electronic GmbH"},"image":{"@id":"https:\/\/iwell-guard.com\/sl\/#\/schema\/logo\/image\/"},"sameAs":["https:\/\/pantip.com\/profile\/9367242","https:\/\/micro.blog\/iwellguard","https:\/\/www.diggerslist.com\/iwellguard\/about","https:\/\/skitterphoto.com\/photographers\/2870314\/iwell-guard","https:\/\/iwellguard.wordpress.com\/2026\/06\/06\/iwell-guard\/","https:\/\/hub.docker.com\/u\/iwellguard","https:\/\/www.pinterest.com\/iwellguard\/","https:\/\/bit.ly\/m\/iwellguard","https:\/\/entre-vos-mains.alsace.eu\/profiles\/iwellguard\/activity","https:\/\/gravatar.com\/reallybeded8fd34","https:\/\/naijamatta.com\/iwellguard","https:\/\/www.goodreads.com\/iwellguard","https:\/\/profile.hatena.ne.jp\/iwellguard\/","https:\/\/experiment.com\/users\/iwellguard","https:\/\/wakelet.com\/@iWellGuard82270","https:\/\/www.chordie.com\/forum\/profile.php?id=2555664","https:\/\/www.instapaper.com\/p\/17757966","https:\/\/www.mapleprimes.com\/users\/iwellguard","https:\/\/businesslistingplus.com\/profile\/iwell-guard\/","https:\/\/telegra.ph\/iWell-Guard-06-06","https:\/\/pbase.com\/iwellguard\/iwellguard","https:\/\/b.hatena.ne.jp\/iwellguard\/20260607#bookmark-4788405196491818882","https:\/\/fliphtml5.com\/home\/iwellguard","https:\/\/anyflip.com\/homepage\/cmiwl#About","https:\/\/transfur.com\/Users\/iwellguard","http:\/\/delphi.larsbo.org\/user\/iwellguard","https:\/\/jobs.lajobsportal.org\/profiles\/8380803-iwell-guard","https:\/\/md.chaosdorf.de\/s\/jfbe5SBdJD","https:\/\/www.lingvolive.com\/en-us\/profile\/9ecaeaca-ce11-4e51-9e71-01d55e2bff36\/translations","https:\/\/www.fitday.com\/fitness\/forums\/members\/iwellguard.html","https:\/\/www.mymeetbook.com\/iwellguard","https:\/\/pxhere.com\/en\/photographer-me\/5040798","https:\/\/disqus.com\/by\/iwellguard\/about\/","https:\/\/pastelink.net\/hjwciqwq","https:\/\/pubhtml5.com\/homepage\/scjhn\/","https:\/\/www.bitchute.com\/channel\/2O2eOKzNqujT","https:\/\/audiomack.com\/iwellguard"]},{"@type":"Person","@id":"https:\/\/iwell-guard.com\/sl\/#\/schema\/person\/ee2a27f1cac3406c7c6fb5820cb7349f","name":"Ralf Ittermann","image":{"@type":"ImageObject","inLanguage":"sl-SI","@id":"https:\/\/secure.gravatar.com\/avatar\/073c0153e350a5005b68eb752b445fea71f6b24a26da9449ad7e155e6b446c9d?s=96&d=mm&r=g","url":"https:\/\/secure.gravatar.com\/avatar\/073c0153e350a5005b68eb752b445fea71f6b24a26da9449ad7e155e6b446c9d?s=96&d=mm&r=g","contentUrl":"https:\/\/secure.gravatar.com\/avatar\/073c0153e350a5005b68eb752b445fea71f6b24a26da9449ad7e155e6b446c9d?s=96&d=mm&r=g","caption":"Ralf Ittermann"},"givenName":"Ralf","familyName":"Ittermann","jobTitle":"Gesch\u00e4ftsf\u00fchrer und redaktioneller Verantwortlicher","url":"https:\/\/iwell-guard.com\/sl\/author\/claude\/","description":"Ralf Ittermann ist Gesch\u00e4ftsf\u00fchrer der Ittermann electronic GmbH und redaktioneller Verantwortlicher des iWell-Guard-Lexikons. Er verbindet langj\u00e4hrige Erfahrung in der Pr\u00e4zisionsfertigung mit medialer Praxis und religionsgeschichtlicher Quellenarbeit.","worksFor":{"@type":"Organization","name":"Ittermann electronic GmbH","url":"https:\/\/ittermann.de\/","address":{"@type":"PostalAddress","streetAddress":"K\u00f6hlergasse 16-18","postalCode":"99842","addressLocality":"Ruhla","addressCountry":"DE"}},"knowsAbout":["Religionsgeschichte","Mythologie","Mediale Praxis","Energetische Diagnostik","Schutzpraxis","Volksglauben","Westliche Esoterik"]},{"@type":"Article","@id":"https:\/\/iwell-guard.com\/sl\/sila-vesoljni-dih-in-gospodar-vremena-inuiti\/#article","isPartOf":{"@id":"https:\/\/iwell-guard.com\/sl\/sila-vesoljni-dih-in-gospodar-vremena-inuiti\/"},"author":{"name":"Ralf Ittermann","@id":"https:\/\/iwell-guard.com\/sl\/#\/schema\/person\/ee2a27f1cac3406c7c6fb5820cb7349f"},"headline":"Sila &#8211; vesoljni dih in gospodar vremena pri Inuitih","datePublished":"2026-09-05T00:25:15+00:00","dateModified":"2026-09-05T00:45:00+00:00","mainEntityOfPage":{"@id":"https:\/\/iwell-guard.com\/sl\/sila-vesoljni-dih-in-gospodar-vremena-inuiti\/"},"publisher":{"@id":"https:\/\/iwell-guard.com\/sl\/#organization"},"image":{"@id":"https:\/\/iwell-guard.com\/sl\/sila-vesoljni-dih-in-gospodar-vremena-inuiti\/#primaryimage"},"thumbnailUrl":"https:\/\/iwell-guard.com\/wp-content\/uploads\/2026\/05\/geister_inuit_sila.webp","inLanguage":"sl-SI","description":"Sila je arkti\u010dno vesoljno na\u010delo vremena, zraka in razuma. Religiologska umestitev z mitom, \u0161amansko prakso, viri in tabuji."}]}},"_links":{"self":[{"href":"https:\/\/iwell-guard.com\/sl\/wp-json\/wp\/v2\/pages\/160744","targetHints":{"allow":["GET"]}}],"collection":[{"href":"https:\/\/iwell-guard.com\/sl\/wp-json\/wp\/v2\/pages"}],"about":[{"href":"https:\/\/iwell-guard.com\/sl\/wp-json\/wp\/v2\/types\/page"}],"author":[{"embeddable":true,"href":"https:\/\/iwell-guard.com\/sl\/wp-json\/wp\/v2\/users\/3"}],"replies":[{"embeddable":true,"href":"https:\/\/iwell-guard.com\/sl\/wp-json\/wp\/v2\/comments?post=160744"}],"version-history":[{"count":0,"href":"https:\/\/iwell-guard.com\/sl\/wp-json\/wp\/v2\/pages\/160744\/revisions"}],"wp:featuredmedia":[{"embeddable":true,"href":"https:\/\/iwell-guard.com\/sl\/wp-json\/wp\/v2\/media\/2879"}],"wp:attachment":[{"href":"https:\/\/iwell-guard.com\/sl\/wp-json\/wp\/v2\/media?parent=160744"}],"wp:term":[{"taxonomy":"category","embeddable":true,"href":"https:\/\/iwell-guard.com\/sl\/wp-json\/wp\/v2\/categories?post=160744"}],"curies":[{"name":"wp","href":"https:\/\/api.w.org\/{rel}","templated":true}]}}