{"id":160742,"date":"2026-09-05T00:25:13","date_gmt":"2026-09-05T00:25:13","guid":{"rendered":"https:\/\/iwell-guard.com\/?page_id=160742"},"modified":"2026-09-05T00:45:00","modified_gmt":"2026-09-05T00:45:00","slug":"namarrkon-strela-moz-kunwinjku","status":"publish","type":"page","link":"https:\/\/iwell-guard.com\/sl\/namarrkon-strela-moz-kunwinjku\/","title":{"rendered":"Namarrkon \u2013 Strela-mo\u017e ljudstva Kunwinjku"},"content":{"rendered":"\t\t<div data-elementor-type=\"wp-page\" data-elementor-id=\"160742\" class=\"elementor elementor-160742 elementor-2653 elementor-bc-flex-widget\" data-elementor-post-type=\"page\">\n\t\t\t\t<div class=\"elementor-element elementor-element-iwgw-namarrkon-hero e-flex e-con-boxed e-con e-parent\" data-id=\"iwgw-namarrkon-hero\" data-element_type=\"container\" data-e-type=\"container\" data-settings=\"{&quot;background_background&quot;:&quot;classic&quot;}\">\n\t\t\t\t\t<div class=\"e-con-inner\">\n\t\t<div class=\"elementor-element elementor-element-iwgw-namarrkon-hl e-flex e-con-boxed e-con e-child\" data-id=\"iwgw-namarrkon-hl\" data-element_type=\"container\" data-e-type=\"container\">\n\t\t\t\t\t<div class=\"e-con-inner\">\n\t\t<div class=\"elementor-element elementor-element-iwgw-namarrkon-htxt e-con-full e-flex e-con e-child\" data-id=\"iwgw-namarrkon-htxt\" data-element_type=\"container\" data-e-type=\"container\">\n\t\t\t\t<div class=\"elementor-element elementor-element-iwgw-namarrkon-h1 elementor-widget elementor-widget-heading\" data-id=\"iwgw-namarrkon-h1\" data-element_type=\"widget\" data-e-type=\"widget\" data-widget_type=\"heading.default\">\n\t\t\t\t\t<h1 class=\"elementor-heading-title elementor-size-default\">Namarrkon, ustvarjalec strele in groma v aboriginskem izro\u010dilu zahodnega Arnhem Landa<\/h1>\t\t\t\t<\/div>\n\t\t\t\t<div class=\"elementor-element elementor-element-iwgw-namarrkon-lead elementor-widget elementor-widget-text-editor\" data-id=\"iwgw-namarrkon-lead\" data-element_type=\"widget\" data-e-type=\"widget\" data-widget_type=\"text-editor.default\">\n\t\t\t\t\t\t\t\t\t<p>Namarrkon je \u201estrela-mo\u017e\u201c ljudstva Kunwinjku in sosednjih aboriginskih skupin v zahodnem Arnhem Landu, na severu Avstralije. Prina\u0161a monsunske nevihte de\u017eevne sezone, s kamnitimi sekirami udarja po drevesih in je osrednje ustvarjalno bitje te regije.<\/p>\t\t\t\t\t\t\t\t<\/div>\n\t\t\t\t<\/div>\n\t\t<div class=\"elementor-element elementor-element-iwgw-namarrkon-pillc e-con-full e-flex e-con e-child\" data-id=\"iwgw-namarrkon-pillc\" data-element_type=\"container\" data-e-type=\"container\">\n\t\t\t\t<div class=\"elementor-element elementor-element-iwgw-namarrkon-pills elementor-widget elementor-widget-html\" data-id=\"iwgw-namarrkon-pills\" data-element_type=\"widget\" data-e-type=\"widget\" data-widget_type=\"html.default\">\n\t\t\t\t\t<div class=\"iwg-pill-row\"><span class=\"iwg-klasse-badge\" tabindex=\"0\" data-tooltip=\"Ustvarjalec izro\u010dila Aboriginov.\">Ustvarjalec<\/span><a href=\"https:\/\/iwell-guard.com\/sl\/aboriginal-avstralija-dreamtime-tjukurpa-zascitni-predmeti\/\" class=\"iwg-kultur-badge\" tabindex=\"0\" data-tooltip=\"Mitologija izro\u010dila Aboriginov.\">Aboriginsko<\/a><span class=\"iwg-tradition-badge\" tabindex=\"0\" data-tooltip=\"Bitje strele in groma.\">Bitje strele in groma<\/span><\/div>\t\t\t\t<\/div>\n\t\t\t\t<\/div>\n\t\t<div class=\"elementor-element elementor-element-iwgw-namarrkon-tocc e-con-full e-flex e-con e-child\" data-id=\"iwgw-namarrkon-tocc\" data-element_type=\"container\" data-e-type=\"container\">\n\t\t\t\t<div class=\"elementor-element elementor-element-iwgw-namarrkon-toc elementor-toc--minimized-on-tablet elementor-widget elementor-widget-table-of-contents\" data-id=\"iwgw-namarrkon-toc\" data-element_type=\"widget\" data-e-type=\"widget\" data-settings=\"{&quot;headings_by_tags&quot;:[&quot;h2&quot;,&quot;h3&quot;],&quot;minimize_box&quot;:&quot;yes&quot;,&quot;marker_view&quot;:&quot;bullets&quot;,&quot;no_headings_message&quot;:&quot;Na tej strani ni najdenih naslovov.&quot;,&quot;exclude_headings_by_selector&quot;:[],&quot;icon&quot;:{&quot;value&quot;:&quot;fas fa-circle&quot;,&quot;library&quot;:&quot;fa-solid&quot;,&quot;rendered_tag&quot;:&quot;&lt;svg class=\\&quot;e-font-icon-svg e-fas-circle\\&quot; viewBox=\\&quot;0 0 512 512\\&quot; xmlns=\\&quot;http:\\\/\\\/www.w3.org\\\/2000\\\/svg\\&quot;&gt;&lt;path d=\\&quot;M256 8C119 8 8 119 8 256s111 248 248 248 248-111 248-248S393 8 256 8z\\&quot;&gt;&lt;\\\/path&gt;&lt;\\\/svg&gt;&quot;},&quot;minimized_on&quot;:&quot;tablet&quot;,&quot;hierarchical_view&quot;:&quot;yes&quot;,&quot;min_height&quot;:{&quot;unit&quot;:&quot;px&quot;,&quot;size&quot;:&quot;&quot;,&quot;sizes&quot;:[]},&quot;min_height_tablet&quot;:{&quot;unit&quot;:&quot;px&quot;,&quot;size&quot;:&quot;&quot;,&quot;sizes&quot;:[]},&quot;min_height_mobile&quot;:{&quot;unit&quot;:&quot;px&quot;,&quot;size&quot;:&quot;&quot;,&quot;sizes&quot;:[]}}\" data-widget_type=\"table-of-contents.default\">\n\t\t\t\t\t\t\t\t\t<div class=\"elementor-toc__header\">\n\t\t\t\t\t\t<h2 class=\"elementor-toc__header-title\">\n\t\t\t\tKazalo vsebine\t\t\t<\/h2>\n\t\t\t\t\t\t\t\t\t\t<div class=\"elementor-toc__toggle-button elementor-toc__toggle-button--expand\" role=\"button\" tabindex=\"0\" aria-controls=\"elementor-toc__iwgw-namarrkon-toc\" aria-expanded=\"true\" aria-label=\"Open table of contents\"><svg aria-hidden=\"true\" class=\"e-font-icon-svg e-fas-chevron-down\" viewBox=\"0 0 448 512\" xmlns=\"http:\/\/www.w3.org\/2000\/svg\"><path d=\"M207.029 381.476L12.686 187.132c-9.373-9.373-9.373-24.569 0-33.941l22.667-22.667c9.357-9.357 24.522-9.375 33.901-.04L224 284.505l154.745-154.021c9.379-9.335 24.544-9.317 33.901.04l22.667 22.667c9.373 9.373 9.373 24.569 0 33.941L240.971 381.476c-9.373 9.372-24.569 9.372-33.942 0z\"><\/path><\/svg><\/div>\n\t\t\t\t<div class=\"elementor-toc__toggle-button elementor-toc__toggle-button--collapse\" role=\"button\" tabindex=\"0\" aria-controls=\"elementor-toc__iwgw-namarrkon-toc\" aria-expanded=\"true\" aria-label=\"Close table of contents\"><svg aria-hidden=\"true\" class=\"e-font-icon-svg e-fas-chevron-up\" viewBox=\"0 0 448 512\" xmlns=\"http:\/\/www.w3.org\/2000\/svg\"><path d=\"M240.971 130.524l194.343 194.343c9.373 9.373 9.373 24.569 0 33.941l-22.667 22.667c-9.357 9.357-24.522 9.375-33.901.04L224 227.495 69.255 381.516c-9.379 9.335-24.544 9.317-33.901-.04l-22.667-22.667c-9.373-9.373-9.373-24.569 0-33.941L207.03 130.525c9.372-9.373 24.568-9.373 33.941-.001z\"><\/path><\/svg><\/div>\n\t\t\t\t\t<\/div>\n\t\t\t\t<div id=\"elementor-toc__iwgw-namarrkon-toc\" class=\"elementor-toc__body\">\n\t\t\t<div class=\"elementor-toc__spinner-container\">\n\t\t\t\t<svg class=\"elementor-toc__spinner eicon-animation-spin e-font-icon-svg e-eicon-loading\" aria-hidden=\"true\" viewBox=\"0 0 1000 1000\" xmlns=\"http:\/\/www.w3.org\/2000\/svg\"><path d=\"M500 975V858C696 858 858 696 858 500S696 142 500 142 142 304 142 500H25C25 237 238 25 500 25S975 237 975 500 763 975 500 975Z\"><\/path><\/svg>\t\t\t<\/div>\n\t\t<\/div>\n\t\t\t\t\t\t<\/div>\n\t\t\t\t<\/div>\n\t\t\t\t\t<\/div>\n\t\t\t\t<\/div>\n\t\t<div class=\"elementor-element elementor-element-iwgw-namarrkon-hr e-con-full e-flex e-con e-child\" data-id=\"iwgw-namarrkon-hr\" data-element_type=\"container\" data-e-type=\"container\">\n\t\t\t\t<div class=\"elementor-element elementor-element-iwgw-namarrkon-heroimg iwg-hero-image elementor-widget elementor-widget-image\" data-id=\"iwgw-namarrkon-heroimg\" data-element_type=\"widget\" data-e-type=\"widget\" data-widget_type=\"image.default\">\n\t\t\t\t\t\t\t\t\t\t\t\t\t\t\t<img fetchpriority=\"high\" decoding=\"async\" width=\"683\" height=\"1024\" src=\"https:\/\/iwell-guard.com\/wp-content\/uploads\/2026\/05\/goetter_aboriginal_namarrkon-683x1024.webp\" class=\"attachment-large size-large wp-image-162527\" alt=\"Namarrkon \u2013 bogovi iz aboriginske tradicije, zgodovinsko-ilustrativno\" srcset=\"https:\/\/iwell-guard.com\/wp-content\/uploads\/2026\/05\/goetter_aboriginal_namarrkon-683x1024.webp 683w, https:\/\/iwell-guard.com\/wp-content\/uploads\/2026\/05\/goetter_aboriginal_namarrkon-200x300.webp 200w, https:\/\/iwell-guard.com\/wp-content\/uploads\/2026\/05\/goetter_aboriginal_namarrkon-768x1152.webp 768w, https:\/\/iwell-guard.com\/wp-content\/uploads\/2026\/05\/goetter_aboriginal_namarrkon.webp 1024w\" sizes=\"(max-width: 683px) 100vw, 683px\" \/>\t\t\t\t\t\t\t\t\t\t\t\t\t\t\t<\/div>\n\t\t\t\t<\/div>\n\t\t\t\t\t<\/div>\n\t\t\t\t<\/div>\n\t\t\t\t<section class=\"elementor-section elementor-top-section elementor-element elementor-element-sec-iwgcomp2-namarrkon elementor-section-boxed elementor-section-height-default elementor-section-height-default\" data-id=\"sec-iwgcomp2-namarrkon\" data-element_type=\"section\" data-e-type=\"section\">\n\t\t\t\t\t\t<div class=\"elementor-container elementor-column-gap-default\">\n\t\t\t\t\t<div class=\"elementor-column elementor-col-100 elementor-top-column elementor-element elementor-element-col-iwgcomp2-namarrkon\" data-id=\"col-iwgcomp2-namarrkon\" data-element_type=\"column\" data-e-type=\"column\">\n\t\t\t<div class=\"elementor-widget-wrap elementor-element-populated\">\n\t\t\t\t\t\t<div class=\"elementor-element elementor-element-iwgcomp2-namarrkon elementor-widget elementor-widget-text-editor\" data-id=\"iwgcomp2-namarrkon\" data-element_type=\"widget\" data-e-type=\"widget\" data-widget_type=\"text-editor.default\">\n\t\t\t\t\t\t\t\t\t<p>Namarrkon, <strong>ustvarjalec groma<\/strong> v aboriginskem izro\u010dilu zahodnega Arnhem Landa, s svojimi kamnitimi sekirami povzro\u010da grom.<\/p>\t\t\t\t\t\t\t\t<\/div>\n\t\t\t\t\t<\/div>\n\t\t<\/div>\n\t\t\t\t\t<\/div>\n\t\t<\/section>\n\t\t<div class=\"elementor-element elementor-element-iwgw-namarrkon-s0 e-flex e-con-boxed e-con e-parent\" data-id=\"iwgw-namarrkon-s0\" data-element_type=\"container\" data-e-type=\"container\">\n\t\t\t\t\t<div class=\"e-con-inner\">\n\t\t\t\t<div class=\"elementor-element elementor-element-iwgw-namarrkon-s0h elementor-widget elementor-widget-heading\" data-id=\"iwgw-namarrkon-s0h\" data-element_type=\"widget\" data-e-type=\"widget\" data-widget_type=\"heading.default\">\n\t\t\t\t\t<h2 class=\"elementor-heading-title elementor-size-default\">Umestitev in kratek profil<\/h2>\t\t\t\t<\/div>\n\t\t<div class=\"elementor-element elementor-element-iwgw-namarrkon-s0c e-con-full e-flex e-con e-child\" data-id=\"iwgw-namarrkon-s0c\" data-element_type=\"container\" data-e-type=\"container\">\n\t\t\t\t<div class=\"elementor-element elementor-element-iwgw-namarrkon-s0t elementor-widget elementor-widget-text-editor\" data-id=\"iwgw-namarrkon-s0t\" data-element_type=\"widget\" data-e-type=\"widget\" data-widget_type=\"text-editor.default\">\n\t\t\t\t\t\t\t\t\t<p>Namarrkon (tudi <em>Namarrgon<\/em>, <em>Namarrgun<\/em>) je \u201estrela-mo\u017e\u201c ljudstva Kunwinjku in sosednjih aboriginskih jezikovnih skupin v zahodnem delu Arnhem Landa (Severno teritorij). Je ena od osrednjih figur <span class=\"iwg-fachbegriff\" data-tooltip=\"Celota izro\u010denih pripovedi o bogovih neke kulture.\" tabindex=\"0\">mitologije<\/span> Kunwinjku in obenem ena najpogostej\u0161ih upodobitev v skalnih poslikavah narodnega parka Kakadu.<\/p><p>V okviru <a href=\"https:\/\/iwell-guard.com\/sl\/aboriginal-avstralija-dreamtime-tjukurpa-zascitni-predmeti\/\">aboriginskega izro\u010dila<\/a> je Namarrkon ustvarjalna postava monsunske de\u017eevne sezone; prina\u0161a nevihte, ki zaznamujejo tropsko-monsunsko podnebje severne Avstralije. Njegov odnos s <a href=\"https:\/\/iwell-guard.com\/sl\/?page_id=160734\">Mavri\u010dno ka\u010do<\/a> je tesen, vendar funkcijsko lo\u010den: medtem ko je Mavri\u010dna ka\u010da na splo\u0161no povezana z vodo, je Namarrkon specializiran za strelo in grom.<\/p><p>Religiofenomenolo\u0161ko spada Namarrkon v razred \u201egromovnikov\u201c, \u0161ir\u0161e raz\u0161irjene skupine bogov, ki vklju\u010duje Indro (vedski), Tora (germanski), Zevsa (v njegovi funkciji gromovnika, gr\u0161ki), \u0160anga (jorubski) in Tlaloca (mezoameri\u0161ki).<\/p>\t\t\t\t\t\t\t\t<\/div>\n\t\t\t\t<\/div>\n\t\t\t\t\t<\/div>\n\t\t\t\t<\/div>\n\t\t<div class=\"elementor-element elementor-element-iwgw-namarrkon-s1 e-flex e-con-boxed e-con e-parent\" data-id=\"iwgw-namarrkon-s1\" data-element_type=\"container\" data-e-type=\"container\">\n\t\t\t\t\t<div class=\"e-con-inner\">\n\t\t\t\t<div class=\"elementor-element elementor-element-iwgw-namarrkon-s1h elementor-widget elementor-widget-heading\" data-id=\"iwgw-namarrkon-s1h\" data-element_type=\"widget\" data-e-type=\"widget\" data-widget_type=\"heading.default\">\n\t\t\t\t\t<h2 class=\"elementor-heading-title elementor-size-default\">Ime in etimologija<\/h2>\t\t\t\t<\/div>\n\t\t<div class=\"elementor-element elementor-element-iwgw-namarrkon-s1c e-con-full e-flex e-con e-child\" data-id=\"iwgw-namarrkon-s1c\" data-element_type=\"container\" data-e-type=\"container\">\n\t\t\t\t<div class=\"elementor-element elementor-element-iwgw-namarrkon-s1t elementor-widget elementor-widget-text-editor\" data-id=\"iwgw-namarrkon-s1t\" data-element_type=\"widget\" data-e-type=\"widget\" data-widget_type=\"text-editor.default\">\n\t\t\t\t\t\t\t\t\t<p>Ime <em>Namarrkon<\/em> je v jeziku Kunwinjku sestavljenka: <em>namarr-<\/em> je predpona, ki nakazuje \u201esvetlobni blisk\u201c ali \u201eelektri\u010dni izpust\u201c, s pripono za osebo <em>-kon<\/em>. Dobesedno torej pribli\u017eno \u201estrela-mo\u017e\u201c ali \u201eprina\u0161alec strel\u201c.<\/p><p>V sosednjih jezikih se imenuje nekoliko druga\u010de: <em>Namarrgun<\/em> v standardni razli\u010dici Kunwinjku, <em>Wagilag-Namarrkon<\/em> v nekaterih izro\u010dilih, povezanih z ljudstvom Yolngu, <em>Walarringgu<\/em> v izro\u010dilu ljudstva Rembarrnga. Ta raznolikost ka\u017ee krajevno raz\u010dlenjenost aboriginske religije.<\/p><p>Howard Morphy je v delu <em>Aboriginal Art<\/em> (1998) sistemati\u010dno opisal regionalne razli\u010dice namarrkonskega kompleksa. Njegova jezikovna in slikovna tradicija je eden najbolj\u0161ih primerov tesne povezave med jezikoslovjem in etnologijo religije.<\/p>\t\t\t\t\t\t\t\t<\/div>\n\t\t\t\t<\/div>\n\t\t\t\t\t<\/div>\n\t\t\t\t<\/div>\n\t\t<div class=\"elementor-element elementor-element-iwgw-namarrkon-s2 e-flex e-con-boxed e-con e-parent\" data-id=\"iwgw-namarrkon-s2\" data-element_type=\"container\" data-e-type=\"container\">\n\t\t\t\t\t<div class=\"e-con-inner\">\n\t\t\t\t<div class=\"elementor-element elementor-element-iwgw-namarrkon-s2h elementor-widget elementor-widget-heading\" data-id=\"iwgw-namarrkon-s2h\" data-element_type=\"widget\" data-e-type=\"widget\" data-widget_type=\"heading.default\">\n\t\t\t\t\t<h2 class=\"elementor-heading-title elementor-size-default\">Opis in ikonografija<\/h2>\t\t\t\t<\/div>\n\t\t<div class=\"elementor-element elementor-element-iwgw-namarrkon-s2c e-con-full e-flex e-con e-child\" data-id=\"iwgw-namarrkon-s2c\" data-element_type=\"container\" data-e-type=\"container\">\n\t\t\t\t<div class=\"elementor-element elementor-element-iwgw-namarrkon-s2t elementor-widget elementor-widget-text-editor\" data-id=\"iwgw-namarrkon-s2t\" data-element_type=\"widget\" data-e-type=\"widget\" data-widget_type=\"text-editor.default\">\n\t\t\t\t\t\t\t\t\t<p>V izro\u010dilu Kunwinjku je Namarrkon opisan kot mo\u010dan mo\u017e, obdan s strelami. Na skalnih poslikavah je obi\u010dajno upodobljen v \u201erentgenskem slogu\u201c (X-ray style): z vidnimi notranjimi organi, obdan z loki strel, s kamnitimi sekirami v kolenih, komolcih in gle\u017enjih. Te kamnite sekire ustvarjajo grom.<\/p><p>\u201eRentgenski slog\u201c je zna\u010dilen za skalno slikarsko izro\u010dilo Kunwinjku in velja za enega najmlaj\u0161ih slogov, ki se je razvil predvidoma v zadnjih 2000 do 4000 letih. Charles P. Mountford ga je prvi\u010d sistemati\u010dno opisal v delu <em>Records of the American-Australian Scientific Expedition<\/em> (1956).<\/p><p>V sodobnem izro\u010dilu slikanja na lubje regije Maningrida in Gunbalanya je Namarrkon \u0161e naprej upodobljen v \u201erentgenskem slogu\u201c. Umetniki, kot so Bardayal \u201eLofty\u201c Nadjamerrek, Spider Namirrkki in John Mawurndjul, so ustvarili ikoni\u010dna dela o Namarrkonu, ki jih je mogo\u010de videti v \u0161tevilnih muzejih po svetu.<\/p>\t\t\t\t\t\t\t\t<\/div>\n\t\t\t\t<\/div>\n\t\t\t\t\t<\/div>\n\t\t\t\t<\/div>\n\t\t<div class=\"elementor-element elementor-element-iwgw-namarrkon-s3 e-flex e-con-boxed e-con e-parent\" data-id=\"iwgw-namarrkon-s3\" data-element_type=\"container\" data-e-type=\"container\">\n\t\t\t\t\t<div class=\"e-con-inner\">\n\t\t\t\t<div class=\"elementor-element elementor-element-iwgw-namarrkon-s3h elementor-widget elementor-widget-heading\" data-id=\"iwgw-namarrkon-s3h\" data-element_type=\"widget\" data-e-type=\"widget\" data-widget_type=\"heading.default\">\n\t\t\t\t\t<h2 class=\"elementor-heading-title elementor-size-default\">Mitolo\u0161ka pripovedovanja<\/h2>\t\t\t\t<\/div>\n\t\t<div class=\"elementor-element elementor-element-iwgw-namarrkon-s3c e-con-full e-flex e-con e-child\" data-id=\"iwgw-namarrkon-s3c\" data-element_type=\"container\" data-e-type=\"container\">\n\t\t\t\t<div class=\"elementor-element elementor-element-iwgw-namarrkon-s3t elementor-widget elementor-widget-text-editor\" data-id=\"iwgw-namarrkon-s3t\" data-element_type=\"widget\" data-e-type=\"widget\" data-widget_type=\"text-editor.default\">\n\t\t\t\t\t\t\t\t\t<p>Osrednja pripoved o Namarrkonu opisuje njegovo vlogo v de\u017eevni sezoni: v suhem obdobju Namarrkon po\u010diva v svetem vodnjaku v de\u017eeli Lightning Dreaming Country (vzhodno od Gunbalanye).<\/p><p>Ko se za\u010dne de\u017eevna sezona, se prebudi, dvigne se v nebo in prinese monsunske nevihte. Strele so udarci njegovih kamnitih sekir, grom pa je njihovo odmevanje.<\/p><p>Druga pripoved govori, kako je Namarrkon ustvaril prve kamnite sekire in jih pritrdil na svoje telo. Ta stvarjenjska pripoved povezuje njegovo funkcijo (prina\u0161alca strel) s tehnologijo kamnitih sekir ljudstva Kunwinjku, ki arheolo\u0161ko sega dale\u010d v prazgodovino.<\/p><p>Tretja pripoved opisuje spopad med Namarrkonom in \u0161kodljivo postavo, ki \u017eeli prepre\u010diti prihod de\u017eja. Namarrkon zmaga z metanjem svojih kamnitih sekir, kar je etiolo\u0161ki <span class=\"iwg-fachbegriff\" data-tooltip=\"Izro\u010dena pripoved o bogovih, izvorih in redu sveta.\" tabindex=\"0\">mit<\/span>, ki razlaga letno vra\u010danje de\u017eevne sezone.<\/p>\t\t\t\t\t\t\t\t<\/div>\n\t\t\t\t<\/div>\n\t\t\t\t\t<\/div>\n\t\t\t\t<\/div>\n\t\t<div class=\"elementor-element elementor-element-iwgw-namarrkon-s4 e-flex e-con-boxed e-con e-parent\" data-id=\"iwgw-namarrkon-s4\" data-element_type=\"container\" data-e-type=\"container\">\n\t\t\t\t\t<div class=\"e-con-inner\">\n\t\t\t\t<div class=\"elementor-element elementor-element-iwgw-namarrkon-s4h elementor-widget elementor-widget-heading\" data-id=\"iwgw-namarrkon-s4h\" data-element_type=\"widget\" data-e-type=\"widget\" data-widget_type=\"heading.default\">\n\t\t\t\t\t<h2 class=\"elementor-heading-title elementor-size-default\">Kult in \u010da\u0161\u010denje<\/h2>\t\t\t\t<\/div>\n\t\t<div class=\"elementor-element elementor-element-iwgw-namarrkon-s4c e-con-full e-flex e-con e-child\" data-id=\"iwgw-namarrkon-s4c\" data-element_type=\"container\" data-e-type=\"container\">\n\t\t\t\t<div class=\"elementor-element elementor-element-iwgw-namarrkon-s4t elementor-widget elementor-widget-text-editor\" data-id=\"iwgw-namarrkon-s4t\" data-element_type=\"widget\" data-e-type=\"widget\" data-widget_type=\"text-editor.default\">\n\t\t\t\t\t\t\t\t\t<p>Namarrkon v izro\u010dilu Kunwinjku nima samostojnega <span class=\"iwg-fachbegriff\" data-tooltip=\"Celota religioznih \u010da\u0161\u010denjskih dejanj za bo\u017eanstvo ali sveto postavo.\" tabindex=\"0\">kulta<\/span>, je pa del ve\u010d iniciacijskih in sezonskih obredov. Pred za\u010detkom de\u017eevne sezone ga stare\u0161ine skupnosti \u201epovabijo\u201c; obiskujejo se in <span class=\"iwg-fachbegriff\" data-tooltip=\"Kar sodi k dolo\u010denemu religioznemu obrednemu poteku.\" tabindex=\"0\">obredno<\/span> vzdr\u017eujejo dolo\u010deni sveti vodnjaki na njegovem ozemlju.<\/p><p>Med samo de\u017eevno sezono se upo\u0161tevajo dolo\u010deni tabuji: glasni zvoki, \u017evi\u017eganje, dotikanje dolo\u010denih dreves lahko \u201evznemirijo Namarrkona\u201c. Ta pravila imajo jasno ekolo\u0161ko ozadje: previdnost pred udarom strele med nevihtami.<\/p><p>V sodobni praksi ljudstva Kunwinjku je Namarrkon \u017eiv predvsem prek izro\u010dila slikanja na lubje. Letni \u201eManingrida Festivals\u201c in druge aboriginske umetni\u0161ke prireditve prina\u0161ajo podobe Namarrkona v mednarodno javnost.<\/p>\t\t\t\t\t\t\t\t<\/div>\n\t\t\t\t<\/div>\n\t\t\t\t\t<\/div>\n\t\t\t\t<\/div>\n\t\t<div class=\"elementor-element elementor-element-iwgw-namarrkon-s5 e-flex e-con-boxed e-con e-parent\" data-id=\"iwgw-namarrkon-s5\" data-element_type=\"container\" data-e-type=\"container\">\n\t\t\t\t\t<div class=\"e-con-inner\">\n\t\t\t\t<div class=\"elementor-element elementor-element-iwgw-namarrkon-s5h elementor-widget elementor-widget-heading\" data-id=\"iwgw-namarrkon-s5h\" data-element_type=\"widget\" data-e-type=\"widget\" data-widget_type=\"heading.default\">\n\t\t\t\t\t<h2 class=\"elementor-heading-title elementor-size-default\">Za\u0161\u010ditna praksa in apotropejsko<\/h2>\t\t\t\t<\/div>\n\t\t<div class=\"elementor-element elementor-element-iwgw-namarrkon-s5c e-con-full e-flex e-con e-child\" data-id=\"iwgw-namarrkon-s5c\" data-element_type=\"container\" data-e-type=\"container\">\n\t\t\t\t<div class=\"elementor-element elementor-element-iwgw-namarrkon-s5t elementor-widget elementor-widget-text-editor\" data-id=\"iwgw-namarrkon-s5t\" data-element_type=\"widget\" data-e-type=\"widget\" data-widget_type=\"text-editor.default\">\n\t\t\t\t\t\t\t\t\t<p>Religiologovsko opisano: apotropejske prakse v kompleksu Namarrkona so usmerjene v prepre\u010devanje \u0161kode zaradi strele v vla\u017eni sezoni (Wet Season). Prepovedano je: glasno govorjenje med nevihto, stanje pod samostojnimi drevesi, plavanje v odprtih vodah med nevihto.<\/p><p>Posebna za\u0161\u010ditna praksa je izogibanje dolo\u010denim mestom s skalnimi poslikavami v vla\u017eni sezoni; Namarrkonovih skalnih poslikav se ne obiskuje, kadar je \u201eaktiven\u201c. To pravilo je del \u0161ir\u0161e aboriginske prakse sezonsko razli\u010dnega obravnavanja svetih krajev.<\/p><p>Z etnografskega zunanjega pogleda so te prakse pravila, ki strukturirajo vsakdanje \u017eivljenje in povezujejo ekolo\u0161ko previdnost (za\u0161\u010dito pred strelo) z versko prakso. Fenomenologija religije v tem vidi klasi\u010den primer \u201eekolo\u0161ke funkcije\u201c tradicionalnih tabujev.<\/p>\t\t\t\t\t\t\t\t<\/div>\n\t\t\t\t<\/div>\n\t\t\t\t\t<\/div>\n\t\t\t\t<\/div>\n\t\t<div class=\"elementor-element elementor-element-iwgw-namarrkon-s6 e-flex e-con-boxed e-con e-parent\" data-id=\"iwgw-namarrkon-s6\" data-element_type=\"container\" data-e-type=\"container\">\n\t\t\t\t\t<div class=\"e-con-inner\">\n\t\t\t\t<div class=\"elementor-element elementor-element-iwgw-namarrkon-s6h elementor-widget elementor-widget-heading\" data-id=\"iwgw-namarrkon-s6h\" data-element_type=\"widget\" data-e-type=\"widget\" data-widget_type=\"heading.default\">\n\t\t\t\t\t<h2 class=\"elementor-heading-title elementor-size-default\">Vzporednice v drugih kulturah<\/h2>\t\t\t\t<\/div>\n\t\t<div class=\"elementor-element elementor-element-iwgw-namarrkon-s6c e-con-full e-flex e-con e-child\" data-id=\"iwgw-namarrkon-s6c\" data-element_type=\"container\" data-e-type=\"container\">\n\t\t\t\t<div class=\"elementor-element elementor-element-iwgw-namarrkon-s6t elementor-widget elementor-widget-text-editor\" data-id=\"iwgw-namarrkon-s6t\" data-element_type=\"widget\" data-e-type=\"widget\" data-widget_type=\"text-editor.default\">\n\t\t\t\t\t\t\t\t\t<p>Bogovi gromovniki so fenomenolo\u0161ko religiologovsko izpri\u010dani po vsem svetu. Strukturno primerljivi so: Indra (vedski), Thor (germanski), Zevs v svoji gromovni\u0161ki funkciji (gr\u0161ki), Jupiter Tonans (rimski), \u0160ango (jorubski), Tlaloc (mezoameri\u0161ki), Raijin (japonski). V Sibiriji je <a href=\"https:\/\/iwell-guard.com\/sl\/?page_id=160728\">Khormusta<\/a> v svoji vajra-funkciji tipolo\u0161ko soroden.<\/p><p>Fenomenolo\u0161ka poanta gromovnikov je njihova dvojna funkcija: prina\u0161ajo \u017eivljenje dajajo\u010d de\u017e, hkrati pa smrtonosno strelo. Namarrkon je tu klasi\u010den primer; tradicija Kunwinjku to dvojno naravo izrecno odra\u017ea.<\/p><p>Povezava Namarrkona z monsunsko vla\u017eno sezono je religijsko-zgodovinsko specifi\u010dna: dela ga v poosebitev severnoavstralskega tropskega podnebnega cikla. V ju\u017enej\u0161ih aboriginskih tradicijah Avstralije te specializacije ni; tam so gromovniki manj izraziti.<\/p>\t\t\t\t\t\t\t\t<\/div>\n\t\t\t\t<\/div>\n\t\t\t\t\t<\/div>\n\t\t\t\t<\/div>\n\t\t<div class=\"elementor-element elementor-element-iwgw-namarrkon-s7 e-flex e-con-boxed e-con e-parent\" data-id=\"iwgw-namarrkon-s7\" data-element_type=\"container\" data-e-type=\"container\">\n\t\t\t\t\t<div class=\"e-con-inner\">\n\t\t\t\t<div class=\"elementor-element elementor-element-iwgw-namarrkon-s7h elementor-widget elementor-widget-heading\" data-id=\"iwgw-namarrkon-s7h\" data-element_type=\"widget\" data-e-type=\"widget\" data-widget_type=\"heading.default\">\n\t\t\t\t\t<h2 class=\"elementor-heading-title elementor-size-default\">Sodobno sprejemanje in raziskave<\/h2>\t\t\t\t<\/div>\n\t\t<div class=\"elementor-element elementor-element-iwgw-namarrkon-s7c e-con-full e-flex e-con e-child\" data-id=\"iwgw-namarrkon-s7c\" data-element_type=\"container\" data-e-type=\"container\">\n\t\t\t\t<div class=\"elementor-element elementor-element-iwgw-namarrkon-s7t elementor-widget elementor-widget-text-editor\" data-id=\"iwgw-namarrkon-s7t\" data-element_type=\"widget\" data-e-type=\"widget\" data-widget_type=\"text-editor.default\">\n\t\t\t\t\t\t\t\t\t<p><span data-nosnippet>Najpomembnej\u0161i zgodnji vir je Charles P. Mountford, <em>Records of the American-Australian Scientific Expedition to Arnhem Land<\/em> (1956), zv. 1 (Art, Myth and Symbolism). Ta obse\u017ena dokumentacija vsebuje veliko gradiva, povezanega z Namarrkonom.<\/span><\/p><p>Howard Morphy, <em>Aboriginal Art<\/em> (Phaidon 1998), in Luke Taylor, <em>Seeing the Inside<\/em> (1996), sta najpomembnej\u0161i sodobni umetnostnozgodovinski \u0161tudiji o tradiciji Namarrkona. Obe deli povezujeta gradivo skalnih poslikav s sodobno prakso poslikav na lubju (bark painting).<\/p><p>George Chaloupka, <em>Journey in Time<\/em> (1993), je najpomembnej\u0161a \u0161tudija o skalnih poslikavah Kakadu, kjer je Namarrkon izrazito zastopan. Chaloupkova kronologija stilov skalnih poslikav je danes standard.<\/p>\t\t\t\t\t\t\t\t<\/div>\n\t\t\t\t<\/div>\n\t\t\t\t\t<\/div>\n\t\t\t\t<\/div>\n\t\t<div class=\"elementor-element elementor-element-iwgw-namarrkon-s8 e-flex e-con-boxed e-con e-parent\" data-id=\"iwgw-namarrkon-s8\" data-element_type=\"container\" data-e-type=\"container\">\n\t\t\t\t\t<div class=\"e-con-inner\">\n\t\t\t\t<div class=\"elementor-element elementor-element-iwgw-namarrkon-s8h elementor-widget elementor-widget-heading\" data-id=\"iwgw-namarrkon-s8h\" data-element_type=\"widget\" data-e-type=\"widget\" data-widget_type=\"heading.default\">\n\t\t\t\t\t<h2 class=\"elementor-heading-title elementor-size-default\">Raziskovalne razprave in odprta vpra\u0161anja<\/h2>\t\t\t\t<\/div>\n\t\t<div class=\"elementor-element elementor-element-iwgw-namarrkon-s8c e-con-full e-flex e-con e-child\" data-id=\"iwgw-namarrkon-s8c\" data-element_type=\"container\" data-e-type=\"container\">\n\t\t\t\t<div class=\"elementor-element elementor-element-iwgw-namarrkon-s8t elementor-widget elementor-widget-text-editor\" data-id=\"iwgw-namarrkon-s8t\" data-element_type=\"widget\" data-e-type=\"widget\" data-widget_type=\"text-editor.default\">\n\t\t\t\t\t\t\t\t\t<p><span data-nosnippet>Namarrkona zaznamujejo \u0161tevilne raziskovalne razprave. Prvi\u010d: kako stara je predstava o Namarrkonu? Skalne poslikave v \u201erentgenskem slogu\u201c (X-ray style) so razmeroma mlade (morda 2000 do 4000 let); starej\u0161i slogi skalnih poslikav prikazujejo bliskovita bitja, ki so tipolo\u0161ko sorodna, vendar ne nujno identi\u010dna.<\/span><\/p><p>Drugi\u010d: kak\u0161no je razmerje med Namarrkonom in Mavri\u010dno ka\u010do (Rainbow Serpent)? V nekaterih pripovedih sta povezana (Namarrkon kot \u201estreloka\u010da\u201c); v drugih sta jasno lo\u010dena bitja. Razmerje se razlikuje glede na regijo.<\/p><p>Tretji\u010d: kako se tradicija Namarrkona spreminja zaradi podnebnih sprememb? Monsunska vla\u017ena sezona severne Avstralije je vse bolj podvr\u017eena nepravilnostim, kar zadeva versko pomembnost Namarrkona. Domorodna podnebna kritika ta vidik vse bolj vklju\u010duje.<\/p>\t\t\t\t\t\t\t\t<\/div>\n\t\t\t\t<\/div>\n\t\t\t\t\t<\/div>\n\t\t\t\t<\/div>\n\t\t<div class=\"elementor-element elementor-element-iwgw-namarrkon-s9 e-flex e-con-boxed e-con e-parent\" data-id=\"iwgw-namarrkon-s9\" data-element_type=\"container\" data-e-type=\"container\">\n\t\t\t\t\t<div class=\"e-con-inner\">\n\t\t\t\t<div class=\"elementor-element elementor-element-iwgw-namarrkon-s9h elementor-widget elementor-widget-heading\" data-id=\"iwgw-namarrkon-s9h\" data-element_type=\"widget\" data-e-type=\"widget\" data-widget_type=\"heading.default\">\n\t\t\t\t\t<h2 class=\"elementor-heading-title elementor-size-default\">Namarrkon in kompleks skalnih poslikav Kakadu<\/h2>\t\t\t\t<\/div>\n\t\t<div class=\"elementor-element elementor-element-iwgw-namarrkon-s9c e-con-full e-flex e-con e-child\" data-id=\"iwgw-namarrkon-s9c\" data-element_type=\"container\" data-e-type=\"container\">\n\t\t\t\t<div class=\"elementor-element elementor-element-iwgw-namarrkon-s9t elementor-widget elementor-widget-text-editor\" data-id=\"iwgw-namarrkon-s9t\" data-element_type=\"widget\" data-e-type=\"widget\" data-widget_type=\"text-editor.default\">\n\t\t\t\t\t\t\t\t\t<p><span data-nosnippet>Poglobitev si zaslu\u017ei vloga Namarrkona v kompleksu skalnih poslikav Kakadu. Narodni park Kakadu, od leta 1981 na Unescovem seznamu svetovne kulturne dedi\u0161\u010dine, vsebuje tiso\u010de skalnih poslikav, od katerih je ve\u010d sto upodobitev Namarrkona. Ta koncentracija dela Kakadu najpomembnej\u0161i vizualni arhiv tradicije Namarrkona.<\/span><\/p><p>George Chaloupka je v <em>Journey in Time<\/em> (1993) predstavil obse\u017eno \u0161tudijo o tradiciji skalnih poslikav Kakadu. Njegovo temeljno delo velja danes za najpomembnej\u0161i referen\u010dni vir; vsebuje podrobne opise in datacije upodobitev Namarrkona iz ve\u010d tiso\u010dletij.<\/p><p>Znanstveno posebej zanimivo je, da tradicionalni lastniki (dana\u0161nje skupnosti Kunwinjku) skalne poslikave \u0161e naprej vzdr\u017eujejo; nekatere so <span class=\"iwg-fachbegriff\" data-tooltip=\"Kar spada k dolo\u010denemu, ustaljenemu verskemu obredu.\" tabindex=\"0\">obredno<\/span> \u201eobnovljene\u201c (prepleskane). Ta skrb je del \u017eive tradicije Namarrkona, ne le arheolo\u0161kega ohranjanja.<\/p>\t\t\t\t\t\t\t\t<\/div>\n\t\t\t\t<\/div>\n\t\t\t\t\t<\/div>\n\t\t\t\t<\/div>\n\t\t<div class=\"elementor-element elementor-element-iwgw-namarrkon-s10 e-flex e-con-boxed e-con e-parent\" data-id=\"iwgw-namarrkon-s10\" data-element_type=\"container\" data-e-type=\"container\">\n\t\t\t\t\t<div class=\"e-con-inner\">\n\t\t\t\t<div class=\"elementor-element elementor-element-iwgw-namarrkon-s10h elementor-widget elementor-widget-heading\" data-id=\"iwgw-namarrkon-s10h\" data-element_type=\"widget\" data-e-type=\"widget\" data-widget_type=\"heading.default\">\n\t\t\t\t\t<h2 class=\"elementor-heading-title elementor-size-default\">Namarrkon v sodobnem slikarstvu na lubju<\/h2>\t\t\t\t<\/div>\n\t\t<div class=\"elementor-element elementor-element-iwgw-namarrkon-s10c e-con-full e-flex e-con e-child\" data-id=\"iwgw-namarrkon-s10c\" data-element_type=\"container\" data-e-type=\"container\">\n\t\t\t\t<div class=\"elementor-element elementor-element-iwgw-namarrkon-s10t elementor-widget elementor-widget-text-editor\" data-id=\"iwgw-namarrkon-s10t\" data-element_type=\"widget\" data-e-type=\"widget\" data-widget_type=\"text-editor.default\">\n\t\t\t\t\t\t\t\t\t<p><span data-nosnippet>Tradicija poslikav na lubju (bark painting) regije Kunwinjku je od petdesetih let 20. stoletja pridobila mednarodno pozornost. Namarrkon je eden najpogostej\u0161ih motivov te tradicije. Znani umetniki, kot so Bardayal \u201eLofty\u201c Nadjamerrek (1926, 2009), Spider Namirrkki in John Mawurndjul, so ustvarili ikoni\u010dna dela z Namarrkonom.<\/span><\/p><p>Howard Morphy je v ve\u010d razpravah pokazal, kako je prehod od obredne skalne poslikave k tr\u017eno naravnani poslikavi na lubju spremenil versko funkcijo, ne da bi ponaredil tradicijo. Dela so danes razstavljena v \u0161tevilnih velikih muzejih: Mus\u00e9e du Quai Branly v Parizu, British Museum v Londonu, National Gallery of Australia v Canberri.<\/p><p>Religiosociolo\u0161ko je ta razvoj u\u010dni primer: domorodna religija se \u0161e naprej ohranja prek umetni\u0161ke ekonomije, ne da bi opustila svoj verski zna\u010daj. Aboriginske skupnosti so razvile mehanizme za obvladovanje te dvojne funkcije.<\/p>\t\t\t\t\t\t\t\t<\/div>\n\t\t\t\t<\/div>\n\t\t\t\t\t<\/div>\n\t\t\t\t<\/div>\n\t\t<div class=\"elementor-element elementor-element-iwgw-namarrkon-s11 e-flex e-con-boxed e-con e-parent\" data-id=\"iwgw-namarrkon-s11\" data-element_type=\"container\" data-e-type=\"container\">\n\t\t\t\t\t<div class=\"e-con-inner\">\n\t\t\t\t<div class=\"elementor-element elementor-element-iwgw-namarrkon-s11h elementor-widget elementor-widget-heading\" data-id=\"iwgw-namarrkon-s11h\" data-element_type=\"widget\" data-e-type=\"widget\" data-widget_type=\"heading.default\">\n\t\t\t\t\t<h2 class=\"elementor-heading-title elementor-size-default\">Metodolo\u0161ki premislek in viri<\/h2>\t\t\t\t<\/div>\n\t\t<div class=\"elementor-element elementor-element-iwgw-namarrkon-s11c e-con-full e-flex e-con e-child\" data-id=\"iwgw-namarrkon-s11c\" data-element_type=\"container\" data-e-type=\"container\">\n\t\t\t\t<div class=\"elementor-element elementor-element-iwgw-namarrkon-s11t elementor-widget elementor-widget-text-editor\" data-id=\"iwgw-namarrkon-s11t\" data-element_type=\"widget\" data-e-type=\"widget\" data-widget_type=\"text-editor.default\">\n\t\t\t\t\t\t\t\t\t<p>Pri raziskovanju Namarrkona se pojavljajo \u0161tevilni metodolo\u0161ki problemi. Prvi\u010d: arheolo\u0161ko datiranje \u201erentgenskega sloga\u201c je spor\u00adno; razli\u010dne metode dajejo razli\u010dne rezultate. Konsenzna kronologija \u0161e ne obstaja.<\/p><p>Drugi\u010d: veliko znanja o Namarrkonu ni \u201eomejeno\u201c v najstro\u017ejem pomenu, je pa globoko vpeto v lokalno prakso. Potrebno je spo\u0161tljivo delo z viri, usklajeno s tradicionalnimi lastniki.<\/p><p>Tretji\u010d: umetnostnozgodovinska in religijsko-antropolo\u0161ka perspektiva na Namarrkona bi morali sodelovati. Obe disciplini imata svoje prednosti; izolirana obravnava zgre\u0161i globino tradicije Namarrkona.<\/p><p>Kdor \u017eeli preu\u010diti kompleks Namarrkona v celoti, najde na pregledni strani <a href=\"https:\/\/iwell-guard.com\/sl\/aboriginal-avstralija-dreamtime-tjukurpa-zascitni-predmeti\/\">Aboriginska tradicija<\/a> najpomembnej\u0161e navzkri\u017ene povezave na sorodne like, kot so <a href=\"https:\/\/iwell-guard.com\/sl\/?page_id=160734\">Mavri\u010dna ka\u010da<\/a>, <a href=\"https:\/\/iwell-guard.com\/sl\/?page_id=160740\">duhovi mimi<\/a> in <a href=\"https:\/\/iwell-guard.com\/sl\/?page_id=160733\">Wandjina<\/a>.<\/p>\t\t\t\t\t\t\t\t<\/div>\n\t\t\t\t<\/div>\n\t\t\t\t\t<\/div>\n\t\t\t\t<\/div>\n\t\t<div class=\"elementor-element elementor-element-iwgw-namarrkon-s12 e-flex e-con-boxed e-con e-parent\" data-id=\"iwgw-namarrkon-s12\" data-element_type=\"container\" data-e-type=\"container\">\n\t\t\t\t\t<div class=\"e-con-inner\">\n\t\t\t\t<div class=\"elementor-element elementor-element-iwgw-namarrkon-s12h elementor-widget elementor-widget-heading\" data-id=\"iwgw-namarrkon-s12h\" data-element_type=\"widget\" data-e-type=\"widget\" data-widget_type=\"heading.default\">\n\t\t\t\t\t<h2 class=\"elementor-heading-title elementor-size-default\">Namarrkon in Unescov status Kakadu<\/h2>\t\t\t\t<\/div>\n\t\t<div class=\"elementor-element elementor-element-iwgw-namarrkon-s12c e-con-full e-flex e-con e-child\" data-id=\"iwgw-namarrkon-s12c\" data-element_type=\"container\" data-e-type=\"container\">\n\t\t\t\t<div class=\"elementor-element elementor-element-iwgw-namarrkon-s12t elementor-widget elementor-widget-text-editor\" data-id=\"iwgw-namarrkon-s12t\" data-element_type=\"widget\" data-e-type=\"widget\" data-widget_type=\"text-editor.default\">\n\t\t\t\t\t\t\t\t\t<p><span data-nosnippet>Narodni park Kakadu je od leta 1981 na Unescovem seznamu svetovne kulturne dedi\u0161\u010dine, in sicer zaradi svojega naravnega bogastva in kulturne globine. Skalne poslikave, na katerih se Namarrkon pojavlja na osrednjem mestu, so klju\u010dni del te Unescove priznanje vredne dedi\u0161\u010dine.<\/span><\/p><p>To mednarodno priznanje ima protislovne posledice. Po eni strani zagotavlja ohranitev skalnih poslikav, po drugi pa jih spreminja v \u201eobjekte svetovne kulturne dedi\u0161\u010dine\u201c, kar spreminja samo religiozno prakso. Tradicionalni lastniki (Bininj\/Mungguy) danes park upravljajo skupaj z avstralsko vlado.<\/p><p>Z religiosociolo\u0161kega vidika je Kakadu u\u010dni primer sodobnega prepletanja domorodne religije, varstva narave, turizma in mednarodnega varstva kulturne dedi\u0161\u010dine. To prepletanje bo v prihodnjih desetletjih \u0161e pridobivalo na pomenu.<\/p>\t\t\t\t\t\t\t\t<\/div>\n\t\t\t\t<\/div>\n\t\t\t\t\t<\/div>\n\t\t\t\t<\/div>\n\t\t<div class=\"elementor-element elementor-element-iwgw-namarrkon-s13 e-flex e-con-boxed e-con e-parent\" data-id=\"iwgw-namarrkon-s13\" data-element_type=\"container\" data-e-type=\"container\">\n\t\t\t\t\t<div class=\"e-con-inner\">\n\t\t\t\t<div class=\"elementor-element elementor-element-iwgw-namarrkon-s13h elementor-widget elementor-widget-heading\" data-id=\"iwgw-namarrkon-s13h\" data-element_type=\"widget\" data-e-type=\"widget\" data-widget_type=\"heading.default\">\n\t\t\t\t\t<h2 class=\"elementor-heading-title elementor-size-default\">Namarrkon in podnebne spremembe na Top Endu<\/h2>\t\t\t\t<\/div>\n\t\t<div class=\"elementor-element elementor-element-iwgw-namarrkon-s13c e-con-full e-flex e-con e-child\" data-id=\"iwgw-namarrkon-s13c\" data-element_type=\"container\" data-e-type=\"container\">\n\t\t\t\t<div class=\"elementor-element elementor-element-iwgw-namarrkon-s13t elementor-widget elementor-widget-text-editor\" data-id=\"iwgw-namarrkon-s13t\" data-element_type=\"widget\" data-e-type=\"widget\" data-widget_type=\"text-editor.default\">\n\t\t\t\t\t\t\t\t\t<p>Novej\u0161a raziskovalna perspektiva povezuje izro\u010dilo o Namarrkonu s posledicami podnebnih sprememb za skupnosti Aboriginov na Top Endu. Monsunski cikel de\u017eevne dobe, ki je za regijo klju\u010den v gospodarskem, ekolo\u0161kem in religioznem pogledu, je vse bolj podvr\u017een anomalijam.<\/p><p>Spremenjeni vzorci padavin, dvig gladine morja (ki ogro\u017ea obmorska najdi\u0161\u010da skalnih poslikav), pogostej\u0161i ekstremni vremenski dogodki: vse to neposredno vpliva na izro\u010dilo o Namarrkonu. Domorodna podnebna kritika te vidike vse bolj vklju\u010duje.<\/p><p>Z religioznoantropolo\u0161kega vidika je ta preobrat zanimiv. Religiozno izro\u010dilo, ki je tiso\u010dletja prepleteno z monsunskim ciklom, zaradi antropogenih podnebnih sprememb prihaja v novo vrsto napetosti. Znanstveniki, kot sta Tyson Yunkaporta in Marcia Langton, so to napetost konceptualizirali kot \u201edomorodno podnebno <span class=\"iwg-fachbegriff\" data-tooltip=\"Znanstveni nauk o Bogu in o veri neke religije.\" tabindex=\"0\">teologijo<\/span>\u201c.<\/p>\t\t\t\t\t\t\t\t<\/div>\n\t\t\t\t<\/div>\n\t\t\t\t\t<\/div>\n\t\t\t\t<\/div>\n\t\t<div class=\"elementor-element elementor-element-iwgw-namarrkon-s14 e-flex e-con-boxed e-con e-parent\" data-id=\"iwgw-namarrkon-s14\" data-element_type=\"container\" data-e-type=\"container\">\n\t\t\t\t\t<div class=\"e-con-inner\">\n\t\t\t\t<div class=\"elementor-element elementor-element-iwgw-namarrkon-s14h elementor-widget elementor-widget-heading\" data-id=\"iwgw-namarrkon-s14h\" data-element_type=\"widget\" data-e-type=\"widget\" data-widget_type=\"heading.default\">\n\t\t\t\t\t<h2 class=\"elementor-heading-title elementor-size-default\">Namarrkon in astronomija Aboriginov<\/h2>\t\t\t\t<\/div>\n\t\t<div class=\"elementor-element elementor-element-iwgw-namarrkon-s14c e-con-full e-flex e-con e-child\" data-id=\"iwgw-namarrkon-s14c\" data-element_type=\"container\" data-e-type=\"container\">\n\t\t\t\t<div class=\"elementor-element elementor-element-iwgw-namarrkon-s14t elementor-widget elementor-widget-text-editor\" data-id=\"iwgw-namarrkon-s14t\" data-element_type=\"widget\" data-e-type=\"widget\" data-widget_type=\"text-editor.default\">\n\t\t\t\t\t\t\t\t\t<p>Poglobljeno pozornost si zaslu\u017ei tudi ume\u0161\u010denost Namarrkona v zvezdno nebo Aboriginov. V izro\u010dilih ljudstva Kunwinjku je Namarrkon povezan z dolo\u010denimi zvezdami ali zvezdnimi ozvezdji, ki se na nebu vzpnejo z za\u010detkom de\u017eevne dobe.<\/p><p>Astronomija Aboriginov skupin Top Enda je v zadnjih desetletjih postala samostojno raziskovalno podro\u010dje. Duane Hamacher in drugi so pokazali, da so tradicionalna astronomska opazovanja presenetljivo natan\u010dna in ustrezajo sodobnim znanstvenim opazovanjem.<\/p><p>Z religiofenomenolo\u0161kega vidika je ta astronomska umestitev pomembna. Namarrkon ni le religiozno bitje, temve\u010d kozmolo\u0161ka konstanta. \u201eNaznanja se\u201c z dolo\u010denimi zvezdnimi ozvezdji, obredne prakse pa sledijo temu astronomskemu koledarju.<\/p>\t\t\t\t\t\t\t\t<\/div>\n\t\t\t\t<\/div>\n\t\t\t\t\t<\/div>\n\t\t\t\t<\/div>\n\t\t<div class=\"elementor-element elementor-element-iwgw-namarrkon-s15 e-flex e-con-boxed e-con e-parent\" data-id=\"iwgw-namarrkon-s15\" data-element_type=\"container\" data-e-type=\"container\">\n\t\t\t\t\t<div class=\"e-con-inner\">\n\t\t\t\t<div class=\"elementor-element elementor-element-iwgw-namarrkon-s15h elementor-widget elementor-widget-heading\" data-id=\"iwgw-namarrkon-s15h\" data-element_type=\"widget\" data-e-type=\"widget\" data-widget_type=\"heading.default\">\n\t\t\t\t\t<h2 class=\"elementor-heading-title elementor-size-default\">Namarrkon in skupni upravljavski na\u010drt Kakadu<\/h2>\t\t\t\t<\/div>\n\t\t<div class=\"elementor-element elementor-element-iwgw-namarrkon-s15c e-con-full e-flex e-con e-child\" data-id=\"iwgw-namarrkon-s15c\" data-element_type=\"container\" data-e-type=\"container\">\n\t\t\t\t<div class=\"elementor-element elementor-element-iwgw-namarrkon-s15t elementor-widget elementor-widget-text-editor\" data-id=\"iwgw-namarrkon-s15t\" data-element_type=\"widget\" data-e-type=\"widget\" data-widget_type=\"text-editor.default\">\n\t\t\t\t\t\t\t\t\t<p>Narodni park Kakadu se od leta 1976 upravlja po skupnem upravljavskem na\u010drtu med tradicionalnimi lastniki (Bininj\/Mungguy) in avstralsko vlado. Ta upravljavska struktura je ena prvih te vrste v svetu; postala je vzor za podobne strukture drugod.<\/p><p>Na\u010drt vklju\u010duje vzdr\u017eevanje najdi\u0161\u010d skalnih poslikav, tudi podob Namarrkona, po tradicionalnih pravilih. Ponovno poslikavanje se izvaja pod nadzorom tradicionalnih lastnikov; turisti\u010dne poti so zasnovane tako, da so ob\u010dutljiva najdi\u0161\u010da za\u0161\u010ditena.<\/p><p>Z religiosociolo\u0161kega vidika je Kakadu u\u010dni primer vklju\u010devanja domorodne religije v sodobne upravljavske strukture. Namarrkon je tu hkrati religiozna podoba in upravljavska referen\u010dna to\u010dka. Ta dvojna funkcija spreminja samo religijo, pojav, ki ga je treba z religioznoantropolo\u0161kega vidika natan\u010dno analizirati.<\/p>\t\t\t\t\t\t\t\t<\/div>\n\t\t\t\t<\/div>\n\t\t\t\t\t<\/div>\n\t\t\t\t<\/div>\n\t\t<div class=\"elementor-element elementor-element-iwgw-namarrkon-s16 e-flex e-con-boxed e-con e-parent\" data-id=\"iwgw-namarrkon-s16\" data-element_type=\"container\" data-e-type=\"container\">\n\t\t\t\t\t<div class=\"e-con-inner\">\n\t\t\t\t<div class=\"elementor-element elementor-element-iwgw-namarrkon-s16h elementor-widget elementor-widget-heading\" data-id=\"iwgw-namarrkon-s16h\" data-element_type=\"widget\" data-e-type=\"widget\" data-widget_type=\"heading.default\">\n\t\t\t\t\t<h2 class=\"elementor-heading-title elementor-size-default\">Namarrkon in vremensko znanje Aboriginov<\/h2>\t\t\t\t<\/div>\n\t\t<div class=\"elementor-element elementor-element-iwgw-namarrkon-s16c e-con-full e-flex e-con e-child\" data-id=\"iwgw-namarrkon-s16c\" data-element_type=\"container\" data-e-type=\"container\">\n\t\t\t\t<div class=\"elementor-element elementor-element-iwgw-namarrkon-s16t elementor-widget elementor-widget-text-editor\" data-id=\"iwgw-namarrkon-s16t\" data-element_type=\"widget\" data-e-type=\"widget\" data-widget_type=\"text-editor.default\">\n\t\t\t\t\t\t\t\t\t<p>Etnolo\u0161ko zanimivo poglobitev si zaslu\u017ei tudi povezava med Namarrkonom in vremenskim znanjem Aboriginov. Aboriginske skupnosti Top Enda poznajo \u0161eststopenjski sezonski koledar, ki je precej bolj raz\u010dlenjen kot zahodni koledar \u0161tirih letnih \u010dasov.<\/p><p>Pri ljudstvu Kunwinjku lo\u010dijo: <em>Gunumeleng<\/em> (predmonsun), <em>Gudjewg<\/em> (monsun), <em>Banggerreng<\/em> (konec neviht), <em>Yegge<\/em> (hladno prehodno obdobje), <em>Wurrgeng<\/em> (mrzla suha doba), <em>Gurrung<\/em> (vro\u010da suha doba). Namarrkon je povezan z obdobjema Gunumeleng in Gudjewg.<\/p><p>Ta finokalibrirana razvrstitev vremena je izjemen primer domorodnega ekolo\u0161kega znanja. Povezuje opazovanje, religijo in prakti\u010dno organizacijo \u017eivljenja v celostno obliko. Tudi tu Namarrkon precej presega vlogo \u201ele\u201c religiozne podobe: je del obse\u017ene ekologije znanja.<\/p>\t\t\t\t\t\t\t\t<\/div>\n\t\t\t\t<\/div>\n\t\t\t\t\t<\/div>\n\t\t\t\t<\/div>\n\t\t<div class=\"elementor-element elementor-element-iwgw-namarrkon-s17 e-flex e-con-boxed e-con e-parent\" data-id=\"iwgw-namarrkon-s17\" data-element_type=\"container\" data-e-type=\"container\">\n\t\t\t\t\t<div class=\"e-con-inner\">\n\t\t\t\t<div class=\"elementor-element elementor-element-iwgw-namarrkon-s17h elementor-widget elementor-widget-heading\" data-id=\"iwgw-namarrkon-s17h\" data-element_type=\"widget\" data-e-type=\"widget\" data-widget_type=\"heading.default\">\n\t\t\t\t\t<h2 class=\"elementor-heading-title elementor-size-default\">Namarrkon in umetni\u0161ko zdru\u017eenje Maningrida<\/h2>\t\t\t\t<\/div>\n\t\t<div class=\"elementor-element elementor-element-iwgw-namarrkon-s17c e-con-full e-flex e-con e-child\" data-id=\"iwgw-namarrkon-s17c\" data-element_type=\"container\" data-e-type=\"container\">\n\t\t\t\t<div class=\"elementor-element elementor-element-iwgw-namarrkon-s17t elementor-widget elementor-widget-text-editor\" data-id=\"iwgw-namarrkon-s17t\" data-element_type=\"widget\" data-e-type=\"widget\" data-widget_type=\"text-editor.default\">\n\t\t\t\t\t\t\t\t\t<p>Umetni\u0161ko zdru\u017eenje Maningrida (Maningrida Arts and Culture) je eno najpomembnej\u0161ih sredi\u0161\u010d sodobne domorodne umetnosti severne Avstralije. Zastopa ve\u010d sto umetnikov iz razli\u010dnih jezikovnih skupin regije. Motivi Namarrkona sodijo v trajni repertoar teh umetnic in umetnikov.<\/p><p>Zdru\u017eenje je z religiosociolo\u0161kega vidika zanimivo, ker povezuje tradicionalno prakso s sodobnim tr\u017eenjem. Umetniki za svoja dela prejmejo pravi\u010dno pla\u010dilo; zdru\u017eenje zagotavlja kulturno kontinuiteto in gospodarsko trajnost. Ta dvojna funkcija je postala vzor za podobne pobude drugod.<\/p><p>Z religioznoantropolo\u0161kega vidika se tu ka\u017ee sodoben na\u010din obstoja domorodne religije: pre\u017eivi po zaslugi tradicije, pa tudi zaradi inovacij. Namarrkon ne pripada zaklju\u010deni preteklosti, temve\u010d je nenehno na novo interpretirana religiozna resni\u010dnost v regiji Maningrida.<\/p>\t\t\t\t\t\t\t\t<\/div>\n\t\t\t\t<\/div>\n\t\t\t\t\t<\/div>\n\t\t\t\t<\/div>\n\t\t<div class=\"elementor-element elementor-element-cp20809a4c e-flex e-con-boxed e-con e-parent\" data-id=\"cp20809a4c\" data-element_type=\"container\" data-e-type=\"container\">\n\t\t\t\t\t<div class=\"e-con-inner\">\n\t\t\t\t<div class=\"elementor-element elementor-element-cp210b3415 elementor-widget elementor-widget-heading\" data-id=\"cp210b3415\" data-element_type=\"widget\" data-e-type=\"widget\" data-widget_type=\"heading.default\">\n\t\t\t\t\t<h2 class=\"elementor-heading-title elementor-size-default\">\u0160kr\u017eat, ki naznanja grom: Namarrkon v letnem ciklu de\u017eele Arnhem Land<\/h2>\t\t\t\t<\/div>\n\t\t<div class=\"elementor-element elementor-element-cp21efe7cf e-flex e-con-boxed e-con e-child\" data-id=\"cp21efe7cf\" data-element_type=\"container\" data-e-type=\"container\">\n\t\t\t\t\t<div class=\"e-con-inner\">\n\t\t\t\t<div class=\"elementor-element elementor-element-cp2e05b38b elementor-widget elementor-widget-text-editor\" data-id=\"cp2e05b38b\" data-element_type=\"widget\" data-e-type=\"widget\" data-widget_type=\"text-editor.default\">\n\t\t\t\t\t\t\t\t\t<p>Bliskovni mo\u017e <em>Namarrkon<\/em>, ki se pi\u0161e tudi <em>Namarrgon<\/em>, je v <span class=\"iwg-fachbegriff\" data-tooltip=\"Prena\u0161anje znanja in pripovedi skozi generacije.\" tabindex=\"0\">izro\u010dilu<\/span> zahodnega dela Arnhem Landa tesno povezan z natan\u010dno opazovanim naravnim potekom. V nasprotju z abstraktnim bogom vremena je Namarrkon povezan s konkretnim sezonskim dogajanjem, ki ga govorci jezika kunwinjku in sosednjih jezikov zajemajo v raz\u010dlenjenem koledarju letnih \u010dasov.<\/p><p>Ta koledar poznavse do \u0161est letnih \u010dasov namesto dveh ali \u0161tirih. Vezani so na veter, vlago, \u010das cvetenja in vedenje \u017eivali.<\/p><p>V ta sistem sodi vez med Namarrkonom in dolo\u010deno vrsto \u0161kr\u017eata, ki ga v tej regiji imenujejo <em>Leichhardtov \u0161kr\u017eat<\/em> in ki v lokalnih jezikih nosi svoje ime. Ta \u017eivo obarvana \u017eu\u017eelka se pojavi proti koncu suhe dobe, tik pred prvimi silovitimi nevihtami prihajajo\u010de de\u017eevne dobe.<\/p><p>V <span class=\"iwg-fachbegriff\" data-tooltip=\"Prena\u0161anje znanja in pripovedi skozi generacije.\" tabindex=\"0\">izro\u010dilu<\/span> velja \u0161kr\u017eat za otroka ali glasnika bliskovnega mo\u017ea. Njegov pojav napoveduje, da bo Namarrkon kmalu spet dejaven, da se bosta vrnila grom in blisk in da se je treba za\u010deti pripravljati na de\u017eevno dobo. S tem gestalt pojasnjuje nevihto in je hkrati del prakti\u010dnega znanja, ki uravnava potek leta.<\/p><p>Namarrkon je v pripovedih in v skalni umetnosti upodobljen s kamnitimi sekirami, ki se nahajajo na njegovih komolcih in kolenih in s katerimi povzro\u010da grmenje oblakov in razpiranje zemlje.<\/p><p>Sijo\u010d trak, ki ga obdaja, razlagajo kot blisk. Znana naslikana upodobitev te gestalti se nahaja na skalni steni v dana\u0161njem narodnem parku Kakadu in sodi med najbolj obiskana najdi\u0161\u010da skalne umetnosti v Avstraliji, kar odpira lastna vpra\u0161anja varstva in ustreznega ravnanja.<\/p><p>Za natan\u010den prikaz je pomembno, da je povezava med \u0161kr\u017eatom, za\u010detkom neviht in bliskovnim mo\u017eem del ustnega <span class=\"iwg-fachbegriff\" data-tooltip=\"Prena\u0161anje znanja in pripovedi skozi generacije.\" tabindex=\"0\">izro\u010dila<\/span> tradicionalnih lastnikov, ne pa razlaga, vnesena od zunaj, in je bila potrjena v etnografskih delih o poznavanju narave v Arnhem Landu.<\/p><p>Ka\u017ee, da je gestalt Namarrkona religiozna oblika natan\u010dnega opazovanja narave in tej nikakor ni v nasprotju. Sezonska napoved in mitska pripoved sta v tem izro\u010dilu dve plati istega znanja.<\/p>\t\t\t\t\t\t\t\t<\/div>\n\t\t\t\t\t<\/div>\n\t\t\t\t<\/div>\n\t\t\t\t\t<\/div>\n\t\t\t\t<\/div>\n\t\t<div class=\"elementor-element elementor-element-iwgw-namarrkon-lit e-flex e-con-boxed e-con e-parent\" data-id=\"iwgw-namarrkon-lit\" data-element_type=\"container\" data-e-type=\"container\">\n\t\t\t\t\t<div class=\"e-con-inner\">\n\t\t\t\t<div class=\"elementor-element elementor-element-iwgw-namarrkon-lith elementor-widget elementor-widget-heading\" data-id=\"iwgw-namarrkon-lith\" data-element_type=\"widget\" data-e-type=\"widget\" data-widget_type=\"heading.default\">\n\t\t\t\t\t<h2 class=\"elementor-heading-title elementor-size-default\">Literatura (izbor)<\/h2>\t\t\t\t<\/div>\n\t\t<div class=\"elementor-element elementor-element-iwgw-namarrkon-litc e-con-full e-flex e-con e-child\" data-id=\"iwgw-namarrkon-litc\" data-element_type=\"container\" data-e-type=\"container\">\n\t\t\t\t<div class=\"elementor-element elementor-element-iwgw-namarrkon-litt elementor-widget elementor-widget-text-editor\" data-id=\"iwgw-namarrkon-litt\" data-element_type=\"widget\" data-e-type=\"widget\" data-widget_type=\"text-editor.default\">\n\t\t\t\t\t\t\t\t\t<ul><li>Howard Morphy: <em>Aboriginal Art<\/em> (Phaidon 1998)<\/li><li>Luke Taylor: <em>Seeing the Inside<\/em> (1996)<\/li><li>Charles P. Mountford: <em>Records of the American-Australian Scientific Expedition<\/em> (1956)<\/li><li><span data-nosnippet>Ronald M. Berndt &#038; Catherine H. Berndt: <em>Man, Land and Myth<\/em> (1970)<\/span><\/li><li>George Chaloupka: <em>Journey in Time<\/em> (1993)<\/li><li>Tony Swain: <em>A Place for Strangers<\/em> (1993)<\/li><li>Lynne Hume: <em>Ancestral Power<\/em> (2002)<\/li><\/ul>\t\t\t\t\t\t\t\t<\/div>\n\t\t\t\t<\/div>\n\t\t\t\t\t<\/div>\n\t\t\t\t<\/div>\n\t\t<div class=\"elementor-element elementor-element-iwgkw-add-namarrkon e-flex e-con-boxed e-con e-parent\" data-id=\"iwgkw-add-namarrkon\" data-element_type=\"container\" data-e-type=\"container\">\n\t\t\t\t\t<div class=\"e-con-inner\">\n\t\t\t\t<div class=\"elementor-element elementor-element-iwgkw-add-namarrkon-t elementor-widget elementor-widget-text-editor\" data-id=\"iwgkw-add-namarrkon-t\" data-element_type=\"widget\" data-e-type=\"widget\" data-widget_type=\"text-editor.default\">\n\t\t\t\t\t\t\t\t\t<p>Namarrkon je stvaritelj bliska in groma v aboriginskem izro\u010dilu West-Arnhem-<em>Landa<\/em> na severu Avstralije. V slikovnem jeziku skalnih poslikav podro\u010dja Kakadu se prikazuje kot \u010dloveku podobna gestalt s kamnitimi sekirami na komolcih in kolenih, s katerimi razbija oblake. Njegovo delovanje je tesno povezano z vla\u017eno monsunsko dobo med oktobrom in marcem.<\/p>\t\t\t\t\t\t\t\t<\/div>\n\t\t\t\t\t<\/div>\n\t\t\t\t<\/div>\n\t\t<div class=\"elementor-element elementor-element-iwgkw2-add-namarrkon e-flex e-con-boxed e-con e-parent\" data-id=\"iwgkw2-add-namarrkon\" data-element_type=\"container\" data-e-type=\"container\">\n\t\t\t\t\t<div class=\"e-con-inner\">\n\t\t\t\t<div class=\"elementor-element elementor-element-iwgkw2-add-namarrkon-t elementor-widget elementor-widget-text-editor\" data-id=\"iwgkw2-add-namarrkon-t\" data-element_type=\"widget\" data-e-type=\"widget\" data-widget_type=\"text-editor.default\">\n\t\t\t\t\t\t\t\t\t<p>Kot <em>bliskovni duh<\/em> West-Arnhem-Landa Namarrkon s kamnitimi sekirami na kolenih in komolcih udarja oblake; ustni <em>viri<\/em> ljudstva kunwinjku ga povezujejo z monsunsko dobo in s skalnimi poslikavami na obmo\u010dju Kakadu.<\/p>\t\t\t\t\t\t\t\t<\/div>\n\t\t\t\t\t<\/div>\n\t\t\t\t<\/div>\n\t\t<div class=\"elementor-element elementor-element-iwgw-namarrkon-kwd e-flex e-con-boxed e-con e-parent\" data-id=\"iwgw-namarrkon-kwd\" data-element_type=\"container\" data-e-type=\"container\">\n\t\t\t\t\t<div class=\"e-con-inner\">\n\t\t<div class=\"elementor-element elementor-element-iwgw-namarrkon-kwdc e-con-full e-flex e-con e-child\" data-id=\"iwgw-namarrkon-kwdc\" data-element_type=\"container\" data-e-type=\"container\">\n\t\t\t\t<div class=\"elementor-element elementor-element-iwgw-namarrkon-kwdt elementor-widget elementor-widget-text-editor\" data-id=\"iwgw-namarrkon-kwdt\" data-element_type=\"widget\" data-e-type=\"widget\" data-widget_type=\"text-editor.default\">\n\t\t\t\t\t\t\t\t\t<p><em>Sorodni klju\u010dni pojmi: Namarrkon, kunwinjku, Arnhem Land, blisk, de\u017eevna doba, skalne poslikave.<\/em><\/p>\t\t\t\t\t\t\t\t<\/div>\n\t\t\t\t<\/div>\n\t\t\t\t\t<\/div>\n\t\t\t\t<\/div>\n\t\t<div class=\"elementor-element elementor-element-iwgw-namarrkon-cc e-flex e-con-boxed e-con e-parent\" data-id=\"iwgw-namarrkon-cc\" data-element_type=\"container\" data-e-type=\"container\" id=\"iwg-cc-namarrkon\">\n\t\t\t\t\t<div class=\"e-con-inner\">\n\t\t<div class=\"elementor-element elementor-element-iwgw-namarrkon-ccinner e-flex e-con-boxed e-con e-parent\" data-id=\"iwgw-namarrkon-ccinner\" data-element_type=\"container\" data-e-type=\"container\" data-settings=\"{&quot;background_background&quot;:&quot;classic&quot;}\">\n\t\t\t\t\t<div class=\"e-con-inner\">\n\t\t\t\t<div class=\"elementor-element elementor-element-iwgw-namarrkon-cch elementor-widget elementor-widget-heading\" data-id=\"iwgw-namarrkon-cch\" data-element_type=\"widget\" data-e-type=\"widget\" data-widget_type=\"heading.default\">\n\t\t\t\t\t<h2 class=\"elementor-heading-title elementor-size-default\">iWell Guard in tradicije za\u0161\u010dite<\/h2>\t\t\t\t<\/div>\n\t\t\t\t<div class=\"elementor-element elementor-element-iwgw-namarrkon-cct elementor-widget elementor-widget-text-editor\" data-id=\"iwgw-namarrkon-cct\" data-element_type=\"widget\" data-e-type=\"widget\" data-widget_type=\"text-editor.default\">\n\t\t\t\t\t\t\t\t\t<div data-nosnippet=\"true\"><p>iWell Guard navezuje na kulturnozgodovinsko tradicijo nosljivih za\u0161\u010ditnih predmetov, v tradiciji <a href=\"https:\/\/iwell-guard.com\/sl\/aboriginal-avstralija-dreamtime-tjukurpa-zascitni-predmeti\/\">Aboriginov<\/a> in \u0161tevilnih drugih kultur po svetu. 41 nivojev, pravo zlato, platina, srebro, izdelano v Nem\u010diji. 30-dnevna pravica do vra\u010dila.<\/p><\/div>\t\t\t\t\t\t\t\t<\/div>\n\t\t\t\t<div class=\"elementor-element elementor-element-iwgw-namarrkon-ccb iwg-cc-button iwg-cc-cta-2026-05-13 elementor-widget elementor-widget-jet-button\" data-id=\"iwgw-namarrkon-ccb\" data-element_type=\"widget\" data-e-type=\"widget\" data-widget_type=\"jet-button.default\">\n\t\t\t\t<div class=\"elementor-widget-container\">\n\t\t\t\t\t<div class=\"elementor-jet-button jet-elements\"><div class=\"jet-button__container\"><a class=\"jet-button__instance jet-button__instance--icon-left hover-effect-1\" href=\"\/ueber-iwell-guard\/?utm_source=iwell-guard.com&amp;utm_medium=info-box&amp;utm_campaign=wesen-tradition\"><div class=\"jet-button__plane jet-button__plane-normal\"><\/div><div class=\"jet-button__plane jet-button__plane-hover\"><\/div><div class=\"jet-button__state jet-button__state-normal\"><span class=\"jet-button__label\">Ve\u010d o iWell Guard<\/span><\/div><div class=\"jet-button__state jet-button__state-hover\"><span class=\"jet-button__label\">Ve\u010d o iWell Guard<\/span><\/div><\/a><\/div><\/div><style>.elementor-element.elementor-element-iwgw-namarrkon-ccb .jet-button__instance{width:320px;height:56px;}.elementor-element.elementor-element-iwgw-namarrkon-ccb .jet-button__state-normal .jet-button__label{text-align:center;margin:0px 0px 0px 0px;color:#1a1b20;font-family:Montserrat,sans-serif;font-size:13px;font-weight:400;letter-spacing:4px;line-height:1.714em;text-transform:uppercase;}.elementor-element.elementor-element-iwgw-namarrkon-ccb .jet-button__state-hover .jet-button__label{text-align:center;margin:0px 0px 0px 0px;color:#FECC76;font-family:Montserrat,sans-serif;font-size:13px;font-weight:400;letter-spacing:4px;line-height:1.714em;text-transform:uppercase;}.elementor-element.elementor-element-iwgw-namarrkon-ccb .jet-button__plane-normal{background-color:#FECC76;border-style:solid;border-color:#C99540;border-width:2px 2px 2px 2px;}.elementor-element.elementor-element-iwgw-namarrkon-ccb .jet-button__plane-hover{background-color:rgba(0,0,0,0.55);border-style:solid;border-color:#FECC76;border-width:2px 2px 2px 2px;}<\/style>\t\t\t\t<\/div>\n\t\t\t\t<\/div>\n\t\t\t\t<div class=\"elementor-element elementor-element-iwgw-namarrkon-ccd elementor-widget elementor-widget-text-editor\" data-id=\"iwgw-namarrkon-ccd\" data-element_type=\"widget\" data-e-type=\"widget\" data-widget_type=\"text-editor.default\">\n\t\t\t\t\t\t\t\t\t<div data-nosnippet=\"true\"><p style=\"text-align:center;font-size:13px;opacity:0.7;margin-top:14px\" data-nosnippet=\"true\">Osebne izku\u0161nje se lahko razlikujejo. Ni medicinski pripomo\u010dek. Brez obljube o ozdravitvi.<\/p><\/div>\t\t\t\t\t\t\t\t<\/div>\n\t\t\t\t\t<\/div>\n\t\t\t\t<\/div>\n\t\t\t\t\t<\/div>\n\t\t\t\t<\/div>\n\t\t<div class=\"elementor-element elementor-element-iwgw-namarrkon-disc e-flex e-con-boxed e-con e-parent\" data-id=\"iwgw-namarrkon-disc\" data-element_type=\"container\" data-e-type=\"container\">\n\t\t\t\t\t<div class=\"e-con-inner\">\n\t\t\t\t<div class=\"elementor-element elementor-element-iwgw-namarrkon-discw elementor-widget elementor-widget-html\" data-id=\"iwgw-namarrkon-discw\" data-element_type=\"widget\" data-e-type=\"widget\" data-widget_type=\"html.default\">\n\t\t\t\t\t<footer data-nosnippet=\"true\" class=\"iwg-disclaimer-block\"><p data-nosnippet=\"true\">iWell Guard <strong>ni medicinski pripomo\u010dek<\/strong> in ne nadome\u0161\u010da zdravni\u0161ke ali psihoterapevtske obravnave. Religiologske vsebine so kulturnozgodovinska umestitev, ne priporo\u010dilo za duhovno prakso.<\/p><\/footer>\t\t\t\t<\/div>\n\t\t\t\t\t<\/div>\n\t\t\t\t<\/div>\n\t\t\t\t<\/div>\n\t\t","protected":false},"excerpt":{"rendered":"","protected":false},"author":3,"featured_media":2874,"parent":0,"menu_order":0,"comment_status":"closed","ping_status":"closed","template":"elementor_header_footer","meta":{"_yoast_wpseo_focuskw":"Namarrkon aboriginska strela","_yoast_wpseo_title":"Namarrkon \u2013 Aboriginski duh strele, mit in viri","_yoast_wpseo_metadesc":"Namarrkon je strela-mo\u017e ljudstva Kunwinjku, avstralskih Aboriginov v zahodnem Arnhem Landu. Religiologska umestitev z mitom in viri.","_yoast_wpseo_meta-robots-noindex":"","_yoast_wpseo_canonical":"","_angie_page":false,"gefaehrdungsstufe":"3","wesen_kultur":"aboriginal","wesen_klasse":"goetter","footnotes":""},"categories":[],"class_list":["post-160742","page","type-page","status-publish","has-post-thumbnail","hentry"],"yoast_head":"<!-- This site is optimized with the Yoast SEO Premium plugin v27.7 (Yoast SEO v28.3) - https:\/\/yoast.com\/product\/yoast-seo-premium-wordpress\/ -->\n<title>Namarrkon \u2013 Aboriginski duh strele, mit in viri<\/title>\n<meta name=\"description\" content=\"Namarrkon je strela-mo\u017e ljudstva Kunwinjku, avstralskih Aboriginov v zahodnem Arnhem Landu. Religiologska umestitev z mitom in viri.\" \/>\n<meta name=\"robots\" content=\"index, follow, max-snippet:-1, max-image-preview:large, max-video-preview:-1\" \/>\n<link rel=\"canonical\" href=\"https:\/\/iwell-guard.com\/sl\/namarrkon-strela-moz-kunwinjku\/\" \/>\n<meta property=\"og:locale\" content=\"sl_SI\" \/>\n<meta property=\"og:type\" content=\"article\" \/>\n<meta property=\"og:title\" content=\"Namarrkon \u2013 Strela-mo\u017e ljudstva Kunwinjku\" \/>\n<meta property=\"og:description\" content=\"Namarrkon je strela-mo\u017e ljudstva Kunwinjku, avstralskih Aboriginov v zahodnem Arnhem Landu. Religiologska umestitev z mitom in viri.\" \/>\n<meta property=\"og:url\" content=\"https:\/\/iwell-guard.com\/sl\/namarrkon-strela-moz-kunwinjku\/\" \/>\n<meta property=\"og:site_name\" content=\"iWell Guard\" \/>\n<meta property=\"article:modified_time\" content=\"2026-09-05T00:45:00+00:00\" \/>\n<meta property=\"og:image\" content=\"https:\/\/iwell-guard.com\/wp-content\/uploads\/2026\/05\/goetter_aboriginal_namarrkon.webp\" \/>\n\t<meta property=\"og:image:width\" content=\"1024\" \/>\n\t<meta property=\"og:image:height\" content=\"1536\" \/>\n\t<meta property=\"og:image:type\" content=\"image\/webp\" \/>\n<meta name=\"twitter:card\" content=\"summary_large_image\" \/>\n<script type=\"application\/ld+json\" class=\"yoast-schema-graph\">{\"@context\":\"https:\\\/\\\/schema.org\",\"@graph\":[{\"@type\":\"WebPage\",\"@id\":\"https:\\\/\\\/iwell-guard.com\\\/sl\\\/namarrkon-strela-moz-kunwinjku\\\/\",\"url\":\"https:\\\/\\\/iwell-guard.com\\\/sl\\\/namarrkon-strela-moz-kunwinjku\\\/\",\"name\":\"Namarrkon \u2013 Aboriginski duh strele, mit in viri\",\"isPartOf\":{\"@id\":\"https:\\\/\\\/iwell-guard.com\\\/sl\\\/#website\"},\"primaryImageOfPage\":{\"@id\":\"https:\\\/\\\/iwell-guard.com\\\/sl\\\/namarrkon-strela-moz-kunwinjku\\\/#primaryimage\"},\"image\":{\"@id\":\"https:\\\/\\\/iwell-guard.com\\\/sl\\\/namarrkon-strela-moz-kunwinjku\\\/#primaryimage\"},\"thumbnailUrl\":\"https:\\\/\\\/iwell-guard.com\\\/wp-content\\\/uploads\\\/2026\\\/05\\\/goetter_aboriginal_namarrkon.webp\",\"datePublished\":\"2026-09-05T00:25:13+00:00\",\"dateModified\":\"2026-09-05T00:45:00+00:00\",\"description\":\"Namarrkon je strela-mo\u017e ljudstva Kunwinjku, avstralskih Aboriginov v zahodnem Arnhem Landu. Religiologska umestitev z mitom in viri.\",\"breadcrumb\":{\"@id\":\"https:\\\/\\\/iwell-guard.com\\\/sl\\\/namarrkon-strela-moz-kunwinjku\\\/#breadcrumb\"},\"inLanguage\":\"sl-SI\",\"potentialAction\":[{\"@type\":\"ReadAction\",\"target\":[\"https:\\\/\\\/iwell-guard.com\\\/sl\\\/namarrkon-strela-moz-kunwinjku\\\/\"]}]},{\"@type\":\"ImageObject\",\"inLanguage\":\"sl-SI\",\"@id\":\"https:\\\/\\\/iwell-guard.com\\\/sl\\\/namarrkon-strela-moz-kunwinjku\\\/#primaryimage\",\"url\":\"https:\\\/\\\/iwell-guard.com\\\/wp-content\\\/uploads\\\/2026\\\/05\\\/goetter_aboriginal_namarrkon.webp\",\"contentUrl\":\"https:\\\/\\\/iwell-guard.com\\\/wp-content\\\/uploads\\\/2026\\\/05\\\/goetter_aboriginal_namarrkon.webp\",\"width\":1024,\"height\":1536,\"caption\":\"Bogovi iz aboriginske tradicije.\"},{\"@type\":\"BreadcrumbList\",\"@id\":\"https:\\\/\\\/iwell-guard.com\\\/sl\\\/namarrkon-strela-moz-kunwinjku\\\/#breadcrumb\",\"itemListElement\":[{\"@type\":\"ListItem\",\"position\":1,\"name\":\"Start\",\"item\":\"https:\\\/\\\/iwell-guard.com\\\/sl\\\/?page_id=160323\"},{\"@type\":\"ListItem\",\"position\":2,\"name\":\"Namarrkon \u2013 Strela-mo\u017e ljudstva Kunwinjku\"}]},{\"@type\":\"WebSite\",\"@id\":\"https:\\\/\\\/iwell-guard.com\\\/sl\\\/#website\",\"url\":\"https:\\\/\\\/iwell-guard.com\\\/sl\\\/\",\"name\":\"iWell Guard\",\"description\":\"Schutz vor dunklen Einfl\u00fcssen\",\"publisher\":{\"@id\":\"https:\\\/\\\/iwell-guard.com\\\/sl\\\/#organization\"},\"potentialAction\":[{\"@type\":\"SearchAction\",\"target\":{\"@type\":\"EntryPoint\",\"urlTemplate\":\"https:\\\/\\\/iwell-guard.com\\\/sl\\\/?s={search_term_string}\"},\"query-input\":{\"@type\":\"PropertyValueSpecification\",\"valueRequired\":true,\"valueName\":\"search_term_string\"}}],\"inLanguage\":\"sl-SI\"},{\"@type\":\"Organization\",\"@id\":\"https:\\\/\\\/iwell-guard.com\\\/sl\\\/#organization\",\"name\":\"Ittermann electronic GmbH\",\"url\":\"https:\\\/\\\/iwell-guard.com\\\/sl\\\/\",\"logo\":{\"@type\":\"ImageObject\",\"inLanguage\":\"sl-SI\",\"@id\":\"https:\\\/\\\/iwell-guard.com\\\/sl\\\/#\\\/schema\\\/logo\\\/image\\\/\",\"url\":\"https:\\\/\\\/iwell-guard.com\\\/wp-content\\\/uploads\\\/2026\\\/05\\\/Ittermann-Logo-1182x237-1.png\",\"contentUrl\":\"https:\\\/\\\/iwell-guard.com\\\/wp-content\\\/uploads\\\/2026\\\/05\\\/Ittermann-Logo-1182x237-1.png\",\"width\":1182,\"height\":237,\"caption\":\"Ittermann electronic GmbH\"},\"image\":{\"@id\":\"https:\\\/\\\/iwell-guard.com\\\/sl\\\/#\\\/schema\\\/logo\\\/image\\\/\"},\"sameAs\":[\"https:\\\/\\\/pantip.com\\\/profile\\\/9367242\",\"https:\\\/\\\/micro.blog\\\/iwellguard\",\"https:\\\/\\\/www.diggerslist.com\\\/iwellguard\\\/about\",\"https:\\\/\\\/skitterphoto.com\\\/photographers\\\/2870314\\\/iwell-guard\",\"https:\\\/\\\/iwellguard.wordpress.com\\\/2026\\\/06\\\/06\\\/iwell-guard\\\/\",\"https:\\\/\\\/hub.docker.com\\\/u\\\/iwellguard\",\"https:\\\/\\\/www.pinterest.com\\\/iwellguard\\\/\",\"https:\\\/\\\/bit.ly\\\/m\\\/iwellguard\",\"https:\\\/\\\/entre-vos-mains.alsace.eu\\\/profiles\\\/iwellguard\\\/activity\",\"https:\\\/\\\/gravatar.com\\\/reallybeded8fd34\",\"https:\\\/\\\/naijamatta.com\\\/iwellguard\",\"https:\\\/\\\/www.goodreads.com\\\/iwellguard\",\"https:\\\/\\\/profile.hatena.ne.jp\\\/iwellguard\\\/\",\"https:\\\/\\\/experiment.com\\\/users\\\/iwellguard\",\"https:\\\/\\\/wakelet.com\\\/@iWellGuard82270\",\"https:\\\/\\\/www.chordie.com\\\/forum\\\/profile.php?id=2555664\",\"https:\\\/\\\/www.instapaper.com\\\/p\\\/17757966\",\"https:\\\/\\\/www.mapleprimes.com\\\/users\\\/iwellguard\",\"https:\\\/\\\/businesslistingplus.com\\\/profile\\\/iwell-guard\\\/\",\"https:\\\/\\\/telegra.ph\\\/iWell-Guard-06-06\",\"https:\\\/\\\/pbase.com\\\/iwellguard\\\/iwellguard\",\"https:\\\/\\\/b.hatena.ne.jp\\\/iwellguard\\\/20260607#bookmark-4788405196491818882\",\"https:\\\/\\\/fliphtml5.com\\\/home\\\/iwellguard\",\"https:\\\/\\\/anyflip.com\\\/homepage\\\/cmiwl#About\",\"https:\\\/\\\/transfur.com\\\/Users\\\/iwellguard\",\"http:\\\/\\\/delphi.larsbo.org\\\/user\\\/iwellguard\",\"https:\\\/\\\/jobs.lajobsportal.org\\\/profiles\\\/8380803-iwell-guard\",\"https:\\\/\\\/md.chaosdorf.de\\\/s\\\/jfbe5SBdJD\",\"https:\\\/\\\/www.lingvolive.com\\\/en-us\\\/profile\\\/9ecaeaca-ce11-4e51-9e71-01d55e2bff36\\\/translations\",\"https:\\\/\\\/www.fitday.com\\\/fitness\\\/forums\\\/members\\\/iwellguard.html\",\"https:\\\/\\\/www.mymeetbook.com\\\/iwellguard\",\"https:\\\/\\\/pxhere.com\\\/en\\\/photographer-me\\\/5040798\",\"https:\\\/\\\/disqus.com\\\/by\\\/iwellguard\\\/about\\\/\",\"https:\\\/\\\/pastelink.net\\\/hjwciqwq\",\"https:\\\/\\\/pubhtml5.com\\\/homepage\\\/scjhn\\\/\",\"https:\\\/\\\/www.bitchute.com\\\/channel\\\/2O2eOKzNqujT\",\"https:\\\/\\\/audiomack.com\\\/iwellguard\"]},{\"@type\":\"Article\",\"@id\":\"https:\\\/\\\/iwell-guard.com\\\/sl\\\/namarrkon-strela-moz-kunwinjku\\\/#article\",\"isPartOf\":{\"@id\":\"https:\\\/\\\/iwell-guard.com\\\/sl\\\/namarrkon-strela-moz-kunwinjku\\\/\"},\"author\":{\"name\":\"Ralf Ittermann\",\"@id\":\"https:\\\/\\\/iwell-guard.com\\\/sl\\\/#\\\/schema\\\/person\\\/ee2a27f1cac3406c7c6fb5820cb7349f\"},\"headline\":\"Namarrkon \u2013 Strela-mo\u017e ljudstva Kunwinjku\",\"datePublished\":\"2026-09-05T00:25:13+00:00\",\"dateModified\":\"2026-09-05T00:45:00+00:00\",\"mainEntityOfPage\":{\"@id\":\"https:\\\/\\\/iwell-guard.com\\\/sl\\\/namarrkon-strela-moz-kunwinjku\\\/\"},\"publisher\":{\"@id\":\"https:\\\/\\\/iwell-guard.com\\\/sl\\\/#organization\"},\"image\":{\"@id\":\"https:\\\/\\\/iwell-guard.com\\\/sl\\\/namarrkon-strela-moz-kunwinjku\\\/#primaryimage\"},\"thumbnailUrl\":\"https:\\\/\\\/iwell-guard.com\\\/wp-content\\\/uploads\\\/2026\\\/05\\\/goetter_aboriginal_namarrkon.webp\",\"inLanguage\":\"sl-SI\",\"description\":\"Namarrkon je strela-mo\u017e ljudstva Kunwinjku, avstralskih Aboriginov v zahodnem Arnhem Landu. Religiologska umestitev z mitom in viri.\"}]}<\/script>\n<!-- \/ Yoast SEO Premium plugin. -->","yoast_head_json":{"title":"Namarrkon \u2013 Aboriginski duh strele, mit in viri","description":"Namarrkon je strela-mo\u017e ljudstva Kunwinjku, avstralskih Aboriginov v zahodnem Arnhem Landu. Religiologska umestitev z mitom in viri.","robots":{"index":"index","follow":"follow","max-snippet":"max-snippet:-1","max-image-preview":"max-image-preview:large","max-video-preview":"max-video-preview:-1"},"canonical":"https:\/\/iwell-guard.com\/sl\/namarrkon-strela-moz-kunwinjku\/","og_locale":"sl_SI","og_type":"article","og_title":"Namarrkon \u2013 Strela-mo\u017e ljudstva Kunwinjku","og_description":"Namarrkon je strela-mo\u017e ljudstva Kunwinjku, avstralskih Aboriginov v zahodnem Arnhem Landu. Religiologska umestitev z mitom in viri.","og_url":"https:\/\/iwell-guard.com\/sl\/namarrkon-strela-moz-kunwinjku\/","og_site_name":"iWell Guard","article_modified_time":"2026-09-05T00:45:00+00:00","og_image":[{"width":1024,"height":1536,"url":"https:\/\/iwell-guard.com\/wp-content\/uploads\/2026\/05\/goetter_aboriginal_namarrkon.webp","type":"image\/webp"}],"twitter_card":"summary_large_image","schema":{"@context":"https:\/\/schema.org","@graph":[{"@type":"Article","@id":"https:\/\/iwell-guard.com\/sl\/namarrkon-strela-moz-kunwinjku\/#article","isPartOf":{"@id":"https:\/\/iwell-guard.com\/sl\/namarrkon-strela-moz-kunwinjku\/"},"author":{"name":"Ralf Ittermann","@id":"https:\/\/iwell-guard.com\/sl\/#\/schema\/person\/ee2a27f1cac3406c7c6fb5820cb7349f"},"headline":"Namarrkon \u2013 Strela-mo\u017e ljudstva Kunwinjku","datePublished":"2026-09-05T00:25:13+00:00","dateModified":"2026-09-05T00:45:00+00:00","mainEntityOfPage":{"@id":"https:\/\/iwell-guard.com\/sl\/namarrkon-strela-moz-kunwinjku\/"},"publisher":{"@id":"https:\/\/iwell-guard.com\/sl\/#organization"},"image":{"@id":"https:\/\/iwell-guard.com\/sl\/namarrkon-strela-moz-kunwinjku\/#primaryimage"},"thumbnailUrl":"https:\/\/iwell-guard.com\/wp-content\/uploads\/2026\/05\/goetter_aboriginal_namarrkon.webp","inLanguage":"sl-SI","description":"Namarrkon je strela-mo\u017e ljudstva Kunwinjku, avstralskih Aboriginov v zahodnem Arnhem Landu. Religiologska umestitev z mitom in viri."},{"@type":"WebPage","@id":"https:\/\/iwell-guard.com\/sl\/namarrkon-strela-moz-kunwinjku\/","url":"https:\/\/iwell-guard.com\/sl\/namarrkon-strela-moz-kunwinjku\/","name":"Namarrkon \u2013 Aboriginski duh strele, mit in viri","isPartOf":{"@id":"https:\/\/iwell-guard.com\/sl\/#website"},"primaryImageOfPage":{"@id":"https:\/\/iwell-guard.com\/sl\/namarrkon-strela-moz-kunwinjku\/#primaryimage"},"image":{"@id":"https:\/\/iwell-guard.com\/sl\/namarrkon-strela-moz-kunwinjku\/#primaryimage"},"thumbnailUrl":"https:\/\/iwell-guard.com\/wp-content\/uploads\/2026\/05\/goetter_aboriginal_namarrkon.webp","datePublished":"2026-09-05T00:25:13+00:00","dateModified":"2026-09-05T00:45:00+00:00","description":"Namarrkon je strela-mo\u017e ljudstva Kunwinjku, avstralskih Aboriginov v zahodnem Arnhem Landu. Religiologska umestitev z mitom in viri.","breadcrumb":{"@id":"https:\/\/iwell-guard.com\/sl\/namarrkon-strela-moz-kunwinjku\/#breadcrumb"},"inLanguage":"sl-SI","potentialAction":[{"@type":"ReadAction","target":["https:\/\/iwell-guard.com\/sl\/namarrkon-strela-moz-kunwinjku\/"]}]},{"@type":"ImageObject","inLanguage":"sl-SI","@id":"https:\/\/iwell-guard.com\/sl\/namarrkon-strela-moz-kunwinjku\/#primaryimage","url":"https:\/\/iwell-guard.com\/wp-content\/uploads\/2026\/05\/goetter_aboriginal_namarrkon.webp","contentUrl":"https:\/\/iwell-guard.com\/wp-content\/uploads\/2026\/05\/goetter_aboriginal_namarrkon.webp","width":1024,"height":1536,"caption":"Bogovi iz aboriginske tradicije."},{"@type":"BreadcrumbList","@id":"https:\/\/iwell-guard.com\/sl\/namarrkon-strela-moz-kunwinjku\/#breadcrumb","itemListElement":[{"@type":"ListItem","position":1,"name":"Start","item":"https:\/\/iwell-guard.com\/sl\/?page_id=160323"},{"@type":"ListItem","position":2,"name":"Namarrkon \u2013 Strela-mo\u017e ljudstva Kunwinjku"}]},{"@type":"WebSite","@id":"https:\/\/iwell-guard.com\/sl\/#website","url":"https:\/\/iwell-guard.com\/sl\/","name":"iWell Guard","description":"Schutz vor dunklen Einfl\u00fcssen","publisher":{"@id":"https:\/\/iwell-guard.com\/sl\/#organization"},"potentialAction":[{"@type":"SearchAction","target":{"@type":"EntryPoint","urlTemplate":"https:\/\/iwell-guard.com\/sl\/?s={search_term_string}"},"query-input":{"@type":"PropertyValueSpecification","valueRequired":true,"valueName":"search_term_string"}}],"inLanguage":"sl-SI"},{"@type":"Organization","@id":"https:\/\/iwell-guard.com\/sl\/#organization","name":"Ittermann electronic GmbH","url":"https:\/\/iwell-guard.com\/sl\/","logo":{"@type":"ImageObject","inLanguage":"sl-SI","@id":"https:\/\/iwell-guard.com\/sl\/#\/schema\/logo\/image\/","url":"https:\/\/iwell-guard.com\/wp-content\/uploads\/2026\/05\/Ittermann-Logo-1182x237-1.png","contentUrl":"https:\/\/iwell-guard.com\/wp-content\/uploads\/2026\/05\/Ittermann-Logo-1182x237-1.png","width":1182,"height":237,"caption":"Ittermann electronic GmbH"},"image":{"@id":"https:\/\/iwell-guard.com\/sl\/#\/schema\/logo\/image\/"},"sameAs":["https:\/\/pantip.com\/profile\/9367242","https:\/\/micro.blog\/iwellguard","https:\/\/www.diggerslist.com\/iwellguard\/about","https:\/\/skitterphoto.com\/photographers\/2870314\/iwell-guard","https:\/\/iwellguard.wordpress.com\/2026\/06\/06\/iwell-guard\/","https:\/\/hub.docker.com\/u\/iwellguard","https:\/\/www.pinterest.com\/iwellguard\/","https:\/\/bit.ly\/m\/iwellguard","https:\/\/entre-vos-mains.alsace.eu\/profiles\/iwellguard\/activity","https:\/\/gravatar.com\/reallybeded8fd34","https:\/\/naijamatta.com\/iwellguard","https:\/\/www.goodreads.com\/iwellguard","https:\/\/profile.hatena.ne.jp\/iwellguard\/","https:\/\/experiment.com\/users\/iwellguard","https:\/\/wakelet.com\/@iWellGuard82270","https:\/\/www.chordie.com\/forum\/profile.php?id=2555664","https:\/\/www.instapaper.com\/p\/17757966","https:\/\/www.mapleprimes.com\/users\/iwellguard","https:\/\/businesslistingplus.com\/profile\/iwell-guard\/","https:\/\/telegra.ph\/iWell-Guard-06-06","https:\/\/pbase.com\/iwellguard\/iwellguard","https:\/\/b.hatena.ne.jp\/iwellguard\/20260607#bookmark-4788405196491818882","https:\/\/fliphtml5.com\/home\/iwellguard","https:\/\/anyflip.com\/homepage\/cmiwl#About","https:\/\/transfur.com\/Users\/iwellguard","http:\/\/delphi.larsbo.org\/user\/iwellguard","https:\/\/jobs.lajobsportal.org\/profiles\/8380803-iwell-guard","https:\/\/md.chaosdorf.de\/s\/jfbe5SBdJD","https:\/\/www.lingvolive.com\/en-us\/profile\/9ecaeaca-ce11-4e51-9e71-01d55e2bff36\/translations","https:\/\/www.fitday.com\/fitness\/forums\/members\/iwellguard.html","https:\/\/www.mymeetbook.com\/iwellguard","https:\/\/pxhere.com\/en\/photographer-me\/5040798","https:\/\/disqus.com\/by\/iwellguard\/about\/","https:\/\/pastelink.net\/hjwciqwq","https:\/\/pubhtml5.com\/homepage\/scjhn\/","https:\/\/www.bitchute.com\/channel\/2O2eOKzNqujT","https:\/\/audiomack.com\/iwellguard"]},{"@type":"Person","@id":"https:\/\/iwell-guard.com\/sl\/#\/schema\/person\/ee2a27f1cac3406c7c6fb5820cb7349f","name":"Ralf Ittermann","image":{"@type":"ImageObject","inLanguage":"sl-SI","@id":"https:\/\/secure.gravatar.com\/avatar\/073c0153e350a5005b68eb752b445fea71f6b24a26da9449ad7e155e6b446c9d?s=96&d=mm&r=g","url":"https:\/\/secure.gravatar.com\/avatar\/073c0153e350a5005b68eb752b445fea71f6b24a26da9449ad7e155e6b446c9d?s=96&d=mm&r=g","contentUrl":"https:\/\/secure.gravatar.com\/avatar\/073c0153e350a5005b68eb752b445fea71f6b24a26da9449ad7e155e6b446c9d?s=96&d=mm&r=g","caption":"Ralf Ittermann"},"givenName":"Ralf","familyName":"Ittermann","jobTitle":"Gesch\u00e4ftsf\u00fchrer und redaktioneller Verantwortlicher","url":"https:\/\/iwell-guard.com\/sl\/author\/claude\/","description":"Ralf Ittermann ist Gesch\u00e4ftsf\u00fchrer der Ittermann electronic GmbH und redaktioneller Verantwortlicher des iWell-Guard-Lexikons. Er verbindet langj\u00e4hrige Erfahrung in der Pr\u00e4zisionsfertigung mit medialer Praxis und religionsgeschichtlicher Quellenarbeit.","worksFor":{"@type":"Organization","name":"Ittermann electronic GmbH","url":"https:\/\/ittermann.de\/","address":{"@type":"PostalAddress","streetAddress":"K\u00f6hlergasse 16-18","postalCode":"99842","addressLocality":"Ruhla","addressCountry":"DE"}},"knowsAbout":["Religionsgeschichte","Mythologie","Mediale Praxis","Energetische Diagnostik","Schutzpraxis","Volksglauben","Westliche Esoterik"]},{"@type":"Article","@id":"https:\/\/iwell-guard.com\/sl\/namarrkon-strela-moz-kunwinjku\/#article","isPartOf":{"@id":"https:\/\/iwell-guard.com\/sl\/namarrkon-strela-moz-kunwinjku\/"},"author":{"name":"Ralf Ittermann","@id":"https:\/\/iwell-guard.com\/sl\/#\/schema\/person\/ee2a27f1cac3406c7c6fb5820cb7349f"},"headline":"Namarrkon \u2013 Strela-mo\u017e ljudstva Kunwinjku","datePublished":"2026-09-05T00:25:13+00:00","dateModified":"2026-09-05T00:45:00+00:00","mainEntityOfPage":{"@id":"https:\/\/iwell-guard.com\/sl\/namarrkon-strela-moz-kunwinjku\/"},"publisher":{"@id":"https:\/\/iwell-guard.com\/sl\/#organization"},"image":{"@id":"https:\/\/iwell-guard.com\/sl\/namarrkon-strela-moz-kunwinjku\/#primaryimage"},"thumbnailUrl":"https:\/\/iwell-guard.com\/wp-content\/uploads\/2026\/05\/goetter_aboriginal_namarrkon.webp","inLanguage":"sl-SI","description":"Namarrkon je strela-mo\u017e ljudstva Kunwinjku, avstralskih Aboriginov v zahodnem Arnhem Landu. Religiologska umestitev z mitom in viri."}]}},"_links":{"self":[{"href":"https:\/\/iwell-guard.com\/sl\/wp-json\/wp\/v2\/pages\/160742","targetHints":{"allow":["GET"]}}],"collection":[{"href":"https:\/\/iwell-guard.com\/sl\/wp-json\/wp\/v2\/pages"}],"about":[{"href":"https:\/\/iwell-guard.com\/sl\/wp-json\/wp\/v2\/types\/page"}],"author":[{"embeddable":true,"href":"https:\/\/iwell-guard.com\/sl\/wp-json\/wp\/v2\/users\/3"}],"replies":[{"embeddable":true,"href":"https:\/\/iwell-guard.com\/sl\/wp-json\/wp\/v2\/comments?post=160742"}],"version-history":[{"count":0,"href":"https:\/\/iwell-guard.com\/sl\/wp-json\/wp\/v2\/pages\/160742\/revisions"}],"wp:featuredmedia":[{"embeddable":true,"href":"https:\/\/iwell-guard.com\/sl\/wp-json\/wp\/v2\/media\/2874"}],"wp:attachment":[{"href":"https:\/\/iwell-guard.com\/sl\/wp-json\/wp\/v2\/media?parent=160742"}],"wp:term":[{"taxonomy":"category","embeddable":true,"href":"https:\/\/iwell-guard.com\/sl\/wp-json\/wp\/v2\/categories?post=160742"}],"curies":[{"name":"wp","href":"https:\/\/api.w.org\/{rel}","templated":true}]}}