{"id":160741,"date":"2026-09-05T00:25:12","date_gmt":"2026-09-05T00:25:12","guid":{"rendered":"https:\/\/iwell-guard.com\/?page_id=160741"},"modified":"2026-09-05T00:45:00","modified_gmt":"2026-09-05T00:45:00","slug":"sedna-morska-gospodarica-inuitov","status":"publish","type":"page","link":"https:\/\/iwell-guard.com\/sl\/sedna-morska-gospodarica-inuitov\/","title":{"rendered":"Sedna \u2013 morska gospodarica Inuitov"},"content":{"rendered":"\t\t<div data-elementor-type=\"wp-page\" data-elementor-id=\"160741\" class=\"elementor elementor-160741 elementor-2654 elementor-bc-flex-widget\" data-elementor-post-type=\"page\">\n\t\t\t\t<div class=\"elementor-element elementor-element-iwgw-sedna-hero e-flex e-con-boxed e-con e-parent\" data-id=\"iwgw-sedna-hero\" data-element_type=\"container\" data-e-type=\"container\" data-settings=\"{&quot;background_background&quot;:&quot;classic&quot;}\">\n\t\t\t\t\t<div class=\"e-con-inner\">\n\t\t<div class=\"elementor-element elementor-element-iwgw-sedna-hl e-flex e-con-boxed e-con e-child\" data-id=\"iwgw-sedna-hl\" data-element_type=\"container\" data-e-type=\"container\">\n\t\t\t\t\t<div class=\"e-con-inner\">\n\t\t<div class=\"elementor-element elementor-element-iwgw-sedna-htxt e-con-full e-flex e-con e-child\" data-id=\"iwgw-sedna-htxt\" data-element_type=\"container\" data-e-type=\"container\">\n\t\t\t\t<div class=\"elementor-element elementor-element-iwgw-sedna-h1 elementor-widget elementor-widget-heading\" data-id=\"iwgw-sedna-h1\" data-element_type=\"widget\" data-e-type=\"widget\" data-widget_type=\"heading.default\">\n\t\t\t\t\t<h1 class=\"elementor-heading-title elementor-size-default\">Sedna \u2013 morska gospodarica in varuhinja \u017eivali v inuitskem panteonu<\/h1>\t\t\t\t<\/div>\n\t\t\t\t<div class=\"elementor-element elementor-element-iwgw-sedna-lead elementor-widget elementor-widget-text-editor\" data-id=\"iwgw-sedna-lead\" data-element_type=\"widget\" data-e-type=\"widget\" data-widget_type=\"text-editor.default\">\n\t\t\t\t\t\t\t\t\t<p>Sedna, v polarni tradiciji Inuitov znana pod \u0161tevilnimi imeni, kot so Nuliajuk, Takannakapsaluk ali Arnakuagsak, velja za gospodarico morskih \u017eivali in spada med najbolje dokumentirane like v zgodovini kro\u017enopolarnih religij. Zapisi Knuda Rasmussena iz 5. Thulejske ekspedicije so njeno figuro postavili v sredi\u0161\u010de vsakega resnega religiolo\u0161kega obravnavanja arkti\u010dnih pre\u017eivetvenih dru\u017eb.<\/p>\t\t\t\t\t\t\t\t<\/div>\n\t\t\t\t<\/div>\n\t\t<div class=\"elementor-element elementor-element-iwgw-sedna-pillc e-con-full e-flex e-con e-child\" data-id=\"iwgw-sedna-pillc\" data-element_type=\"container\" data-e-type=\"container\">\n\t\t\t\t<div class=\"elementor-element elementor-element-iwgw-sedna-pills elementor-widget elementor-widget-html\" data-id=\"iwgw-sedna-pills\" data-element_type=\"widget\" data-e-type=\"widget\" data-widget_type=\"html.default\">\n\t\t\t\t\t<div class=\"iwg-pill-row\"><span class=\"iwg-klasse-badge\" tabindex=\"0\" data-tooltip=\"Morsko bitje iz tradicije Inuitov.\">Morsko bitje<\/span><a href=\"https:\/\/iwell-guard.com\/sl\/inuiti-in-arktika-sedna-tornit-zascitna-praksa\/\" class=\"iwg-kultur-badge\" tabindex=\"0\" data-tooltip=\"Mitologija tradicije Inuitov.\">Inuiti<\/a><span class=\"iwg-tradition-badge\" tabindex=\"0\" data-tooltip=\"Gospodarica \u017eivali.\">Gospodarica \u017eivali<\/span><\/div>\t\t\t\t<\/div>\n\t\t\t\t<\/div>\n\t\t<div class=\"elementor-element elementor-element-iwgw-sedna-tocc e-con-full e-flex e-con e-child\" data-id=\"iwgw-sedna-tocc\" data-element_type=\"container\" data-e-type=\"container\">\n\t\t\t\t<div class=\"elementor-element elementor-element-iwgw-sedna-toc elementor-toc--minimized-on-tablet elementor-widget elementor-widget-table-of-contents\" data-id=\"iwgw-sedna-toc\" data-element_type=\"widget\" data-e-type=\"widget\" data-settings=\"{&quot;headings_by_tags&quot;:[&quot;h2&quot;,&quot;h3&quot;],&quot;minimize_box&quot;:&quot;yes&quot;,&quot;marker_view&quot;:&quot;bullets&quot;,&quot;no_headings_message&quot;:&quot;Na tej strani ni najdenih naslovov.&quot;,&quot;exclude_headings_by_selector&quot;:[],&quot;icon&quot;:{&quot;value&quot;:&quot;fas fa-circle&quot;,&quot;library&quot;:&quot;fa-solid&quot;,&quot;rendered_tag&quot;:&quot;&lt;svg class=\\&quot;e-font-icon-svg e-fas-circle\\&quot; viewBox=\\&quot;0 0 512 512\\&quot; xmlns=\\&quot;http:\\\/\\\/www.w3.org\\\/2000\\\/svg\\&quot;&gt;&lt;path d=\\&quot;M256 8C119 8 8 119 8 256s111 248 248 248 248-111 248-248S393 8 256 8z\\&quot;&gt;&lt;\\\/path&gt;&lt;\\\/svg&gt;&quot;},&quot;minimized_on&quot;:&quot;tablet&quot;,&quot;hierarchical_view&quot;:&quot;yes&quot;,&quot;min_height&quot;:{&quot;unit&quot;:&quot;px&quot;,&quot;size&quot;:&quot;&quot;,&quot;sizes&quot;:[]},&quot;min_height_tablet&quot;:{&quot;unit&quot;:&quot;px&quot;,&quot;size&quot;:&quot;&quot;,&quot;sizes&quot;:[]},&quot;min_height_mobile&quot;:{&quot;unit&quot;:&quot;px&quot;,&quot;size&quot;:&quot;&quot;,&quot;sizes&quot;:[]}}\" data-widget_type=\"table-of-contents.default\">\n\t\t\t\t\t\t\t\t\t<div class=\"elementor-toc__header\">\n\t\t\t\t\t\t<h2 class=\"elementor-toc__header-title\">\n\t\t\t\tKazalo vsebine\t\t\t<\/h2>\n\t\t\t\t\t\t\t\t\t\t<div class=\"elementor-toc__toggle-button elementor-toc__toggle-button--expand\" role=\"button\" tabindex=\"0\" aria-controls=\"elementor-toc__iwgw-sedna-toc\" aria-expanded=\"true\" aria-label=\"Open table of contents\"><svg aria-hidden=\"true\" class=\"e-font-icon-svg e-fas-chevron-down\" viewBox=\"0 0 448 512\" xmlns=\"http:\/\/www.w3.org\/2000\/svg\"><path d=\"M207.029 381.476L12.686 187.132c-9.373-9.373-9.373-24.569 0-33.941l22.667-22.667c9.357-9.357 24.522-9.375 33.901-.04L224 284.505l154.745-154.021c9.379-9.335 24.544-9.317 33.901.04l22.667 22.667c9.373 9.373 9.373 24.569 0 33.941L240.971 381.476c-9.373 9.372-24.569 9.372-33.942 0z\"><\/path><\/svg><\/div>\n\t\t\t\t<div class=\"elementor-toc__toggle-button elementor-toc__toggle-button--collapse\" role=\"button\" tabindex=\"0\" aria-controls=\"elementor-toc__iwgw-sedna-toc\" aria-expanded=\"true\" aria-label=\"Close table of contents\"><svg aria-hidden=\"true\" class=\"e-font-icon-svg e-fas-chevron-up\" viewBox=\"0 0 448 512\" xmlns=\"http:\/\/www.w3.org\/2000\/svg\"><path d=\"M240.971 130.524l194.343 194.343c9.373 9.373 9.373 24.569 0 33.941l-22.667 22.667c-9.357 9.357-24.522 9.375-33.901.04L224 227.495 69.255 381.516c-9.379 9.335-24.544 9.317-33.901-.04l-22.667-22.667c-9.373-9.373-9.373-24.569 0-33.941L207.03 130.525c9.372-9.373 24.568-9.373 33.941-.001z\"><\/path><\/svg><\/div>\n\t\t\t\t\t<\/div>\n\t\t\t\t<div id=\"elementor-toc__iwgw-sedna-toc\" class=\"elementor-toc__body\">\n\t\t\t<div class=\"elementor-toc__spinner-container\">\n\t\t\t\t<svg class=\"elementor-toc__spinner eicon-animation-spin e-font-icon-svg e-eicon-loading\" aria-hidden=\"true\" viewBox=\"0 0 1000 1000\" xmlns=\"http:\/\/www.w3.org\/2000\/svg\"><path d=\"M500 975V858C696 858 858 696 858 500S696 142 500 142 142 304 142 500H25C25 237 238 25 500 25S975 237 975 500 763 975 500 975Z\"><\/path><\/svg>\t\t\t<\/div>\n\t\t<\/div>\n\t\t\t\t\t\t<\/div>\n\t\t\t\t<\/div>\n\t\t\t\t\t<\/div>\n\t\t\t\t<\/div>\n\t\t<div class=\"elementor-element elementor-element-iwgw-sedna-hr e-con-full e-flex e-con e-child\" data-id=\"iwgw-sedna-hr\" data-element_type=\"container\" data-e-type=\"container\">\n\t\t\t\t<div class=\"elementor-element elementor-element-iwgw-sedna-heroimg iwg-hero-image elementor-widget elementor-widget-image\" data-id=\"iwgw-sedna-heroimg\" data-element_type=\"widget\" data-e-type=\"widget\" data-widget_type=\"image.default\">\n\t\t\t\t\t\t\t\t\t\t\t\t\t\t\t<img fetchpriority=\"high\" decoding=\"async\" width=\"683\" height=\"1024\" src=\"https:\/\/iwell-guard.com\/wp-content\/uploads\/2026\/05\/goetter_inuit_sedna-1-683x1024.webp\" class=\"attachment-large size-large wp-image-162516\" alt=\"Sedna \u2013 bogovi iz inuitskega izro\u010dila, zgodovinsko-ilustrativno\" srcset=\"https:\/\/iwell-guard.com\/wp-content\/uploads\/2026\/05\/goetter_inuit_sedna-1-683x1024.webp 683w, https:\/\/iwell-guard.com\/wp-content\/uploads\/2026\/05\/goetter_inuit_sedna-1-200x300.webp 200w, https:\/\/iwell-guard.com\/wp-content\/uploads\/2026\/05\/goetter_inuit_sedna-1-768x1152.webp 768w, https:\/\/iwell-guard.com\/wp-content\/uploads\/2026\/05\/goetter_inuit_sedna-1.webp 1024w\" sizes=\"(max-width: 683px) 100vw, 683px\" \/>\t\t\t\t\t\t\t\t\t\t\t\t\t\t\t<\/div>\n\t\t\t\t<\/div>\n\t\t\t\t\t<\/div>\n\t\t\t\t<\/div>\n\t\t\t\t<section class=\"elementor-section elementor-top-section elementor-element elementor-element-sec-iwgcomp-sedna elementor-section-boxed elementor-section-height-default elementor-section-height-default\" data-id=\"sec-iwgcomp-sedna\" data-element_type=\"section\" data-e-type=\"section\">\n\t\t\t\t\t\t<div class=\"elementor-container elementor-column-gap-default\">\n\t\t\t\t\t<div class=\"elementor-column elementor-col-100 elementor-top-column elementor-element elementor-element-col-iwgcomp-sedna\" data-id=\"col-iwgcomp-sedna\" data-element_type=\"column\" data-e-type=\"column\">\n\t\t\t<div class=\"elementor-widget-wrap elementor-element-populated\">\n\t\t\t\t\t\t<div class=\"elementor-element elementor-element-iwgcomp-sedna elementor-widget elementor-widget-text-editor\" data-id=\"iwgcomp-sedna\" data-element_type=\"widget\" data-e-type=\"widget\" data-widget_type=\"text-editor.default\">\n\t\t\t\t\t\t\t\t\t<p><strong><span class=\"iwg-fachbegriff\" data-tooltip=\"Skupnost vseh verskih \u010da\u0161\u010denj bo\u017eanstva ali svete osebnosti.\" tabindex=\"0\">Kult<\/span><\/strong> inuitske morske gospodarice Sedne \u0161e danes zaznamuje lovska in za\u0161\u010ditna obredja arkti\u010dne regije.<\/p>\t\t\t\t\t\t\t\t<\/div>\n\t\t\t\t\t<\/div>\n\t\t<\/div>\n\t\t\t\t\t<\/div>\n\t\t<\/section>\n\t\t<div class=\"elementor-element elementor-element-iwgw-sedna-s0 e-flex e-con-boxed e-con e-parent\" data-id=\"iwgw-sedna-s0\" data-element_type=\"container\" data-e-type=\"container\">\n\t\t\t\t\t<div class=\"e-con-inner\">\n\t\t\t\t<div class=\"elementor-element elementor-element-iwgw-sedna-s0h elementor-widget elementor-widget-heading\" data-id=\"iwgw-sedna-s0h\" data-element_type=\"widget\" data-e-type=\"widget\" data-widget_type=\"heading.default\">\n\t\t\t\t\t<h2 class=\"elementor-heading-title elementor-size-default\">Umestitev in kratek profil<\/h2>\t\t\t\t<\/div>\n\t\t<div class=\"elementor-element elementor-element-iwgw-sedna-s0c e-con-full e-flex e-con e-child\" data-id=\"iwgw-sedna-s0c\" data-element_type=\"container\" data-e-type=\"container\">\n\t\t\t\t<div class=\"elementor-element elementor-element-iwgw-sedna-s0t elementor-widget elementor-widget-text-editor\" data-id=\"iwgw-sedna-s0t\" data-element_type=\"widget\" data-e-type=\"widget\" data-widget_type=\"text-editor.default\">\n\t\t\t\t\t\t\t\t\t<p>Sedna je najvidnej\u0161a numinozna postava osrednjearkti\u010dne tradicije <a href=\"https:\/\/iwell-guard.com\/sl\/inuiti-in-arktika-sedna-tornit-zascitna-praksa\/\">Inuitov<\/a>. Po izro\u010dilu prebiva na dnu morja in nadzoruje populacije tjulnjev, kitov in morskih mro\u017eev, ki so klju\u010dni za pre\u017eivetje.<\/p><p>V nasprotju z mnogimi panarkti\u010dnimi bo\u017eanstvi ima Sedna dosledno pripovedno biografijo, ki jo opredeljuje kot nekdanjo \u010dlove\u0161ko \u017eensko, katere pohabljenje in potopitev sta jo postavila v vlogo gospodarice \u017eivali. Ta pripovedna globina jo dela za religiolo\u0161ko posebej dobro obravnavljivo postavo.<\/p><p>Znanstveno je Sedna uvr\u0161\u010dena med inkarnacije raz\u0161irjenega tipa gospodarice \u017eivali, znanega v Sibiriji in Severni Ameriki. Knud Rasmussen, Ann Fienup-Riordan in Daniel Merkur so skladno pokazali, da njen nadzor nad lovnim divjadjo predstavlja osrednje ekonomsko-religijsko vozli\u0161\u010de tradicionalne inuitske dru\u017ebe. Kdor kr\u0161i tabuje zoper njo, po inuitskem izro\u010dilu zapre lovi\u0161\u010da.<\/p><p>Sednina mo\u010d ni moralno-sodni\u0161ka v zahodnem smislu, temve\u010d je urejena vzajemno. \u017divali zadr\u017euje ali spro\u0161\u010da glede na to, ali na\u010din \u017eivljenja ljudi spo\u0161tuje njen sistem tabujev.<\/p><p>Ta mehanizem se v raziskavah obravnava kot religijska ekonomija virov, ki povezuje dru\u017ebeno kohezijo in urejanje lova. S tem je hkrati teolo\u0161ka in dru\u017ebenopoliti\u010dna instanca, kar jo lo\u010di od mnogih drugih bo\u017eanskih postav.<\/p><p>Ker ima Sedna nenavadno sklenjeno pripovedno biografijo, je novej\u0161a znanstvena raziskava ravno na njej preizkusila svoje metodolo\u0161ko raz\u0161irjene pristope: povezuje etnografsko natan\u010dnost, jezikovno kritiko virov in primerjalno perspektivo. Danes so pri tem odlo\u010dilno udele\u017eeni znanstveniki in znanstvenice iz same inuitske skupnosti, ki preverjajo in popravljajo starej\u0161e, deloma kolonialno obarvane razlage morske gospodarice.<\/p>\t\t\t\t\t\t\t\t<\/div>\n\t\t\t\t<\/div>\n\t\t\t\t\t<\/div>\n\t\t\t\t<\/div>\n\t\t<div class=\"elementor-element elementor-element-iwgw-sedna-s1 e-flex e-con-boxed e-con e-parent\" data-id=\"iwgw-sedna-s1\" data-element_type=\"container\" data-e-type=\"container\">\n\t\t\t\t\t<div class=\"e-con-inner\">\n\t\t\t\t<div class=\"elementor-element elementor-element-iwgw-sedna-s1h elementor-widget elementor-widget-heading\" data-id=\"iwgw-sedna-s1h\" data-element_type=\"widget\" data-e-type=\"widget\" data-widget_type=\"heading.default\">\n\t\t\t\t\t<h2 class=\"elementor-heading-title elementor-size-default\">Ime, etimologija in regionalne razli\u010dice<\/h2>\t\t\t\t<\/div>\n\t\t<div class=\"elementor-element elementor-element-iwgw-sedna-s1c e-con-full e-flex e-con e-child\" data-id=\"iwgw-sedna-s1c\" data-element_type=\"container\" data-e-type=\"container\">\n\t\t\t\t<div class=\"elementor-element elementor-element-iwgw-sedna-s1t elementor-widget elementor-widget-text-editor\" data-id=\"iwgw-sedna-s1t\" data-element_type=\"widget\" data-e-type=\"widget\" data-widget_type=\"text-editor.default\">\n\t\t\t\t\t\t\t\t\t<p>Danes uveljavljeno ime Sedna izvira iz inuktitut\u0161\u010dine regije Baffin in je postalo <span class=\"iwg-fachbegriff\" data-tooltip=\"Ki spada k uradno priznanemu naboru besedil neke religije.\" tabindex=\"0\">kanoni\u010dno<\/span> po zaslugi zapisov Franza Boasa konec 19. stoletja. Sednino pravo ime, ki je <span class=\"iwg-fachbegriff\" data-tooltip=\"Odvra\u010dajo\u010d nesre\u010do: o znakih in predmetih, ki naj bi odvrnili \u0161kodljive vplive.\" tabindex=\"0\">apotropejsko<\/span> tabuizirano, se v pripovednih situacijah pogosto obide. Namesto tega so v rabi \u010dastna imena, kot je Nuliajuk, kar dobesedno pomeni vedno snubljena, in ki prevladuje v regijah Netsilik in Iglulik.<\/p><p>Pri ljudstvih Aivilingmiut in Iglulingmiut je v rabi oblika Takannakapsaluk, na Grenlandiji pa Arnakuagsak ali Arnarquassaaq. Regionalna razpr\u0161enost presega jezikovno raven in prina\u0161a tudi rahlo druga\u010dne mitske pripovedne niti.<\/p><p>Tako iglulikska razli\u010dica bolj poudarja niti posvojitve in poroke, medtem ko baffinska razli\u010dica v ospredje postavlja o\u010deta Angutaja in dramo z \u010dolnom. Na Aljaski obstajajo sorodni koncepti, ki pa funkcijsko delno odstopajo od osrednjearkti\u010dne Sedne.<\/p><p>Etimolo\u0161ko Daniel Merkur ime Nuliajuk razlaga v smislu \u017eenske, ki jo duhovi nenehno snubijo, in v tem vidi zrcaljenje \u0161amanskega potovanja: <span class=\"iwg-fachbegriff\" data-tooltip=\"Verski specialist, ki naj bi posredoval med ljudmi in duhovnim svetom.\" tabindex=\"0\">\u0161aman<\/span> jo mora obiskati kakor snubec, ki si prizadeva za njeno naklonjenost.<\/p><p>Druge oblike imena odra\u017eajo funkcijo: <em>Arnaq<\/em> preprosto pomeni \u017eenska, <em>nuna<\/em> de\u017eela ali svet, tako da vzdevki, kot je \u017eenska pod morjem, ostajajo pomensko pregledni. Raznolikost imen ustreza religiofenomenolo\u0161kemu opa\u017eanju, da se mogo\u010dne numinozne postave pogosto nagovarjajo le prek opisnih izrazov.<\/p>\t\t\t\t\t\t\t\t<\/div>\n\t\t\t\t<\/div>\n\t\t\t\t\t<\/div>\n\t\t\t\t<\/div>\n\t\t<div class=\"elementor-element elementor-element-iwgw-sedna-s2 e-flex e-con-boxed e-con e-parent\" data-id=\"iwgw-sedna-s2\" data-element_type=\"container\" data-e-type=\"container\">\n\t\t\t\t\t<div class=\"e-con-inner\">\n\t\t\t\t<div class=\"elementor-element elementor-element-iwgw-sedna-s2h elementor-widget elementor-widget-heading\" data-id=\"iwgw-sedna-s2h\" data-element_type=\"widget\" data-e-type=\"widget\" data-widget_type=\"heading.default\">\n\t\t\t\t\t<h2 class=\"elementor-heading-title elementor-size-default\">Opis in ikonografija<\/h2>\t\t\t\t<\/div>\n\t\t<div class=\"elementor-element elementor-element-iwgw-sedna-s2c e-con-full e-flex e-con e-child\" data-id=\"iwgw-sedna-s2c\" data-element_type=\"container\" data-e-type=\"container\">\n\t\t\t\t<div class=\"elementor-element elementor-element-iwgw-sedna-s2t elementor-widget elementor-widget-text-editor\" data-id=\"iwgw-sedna-s2t\" data-element_type=\"widget\" data-e-type=\"widget\" data-widget_type=\"text-editor.default\">\n\t\t\t\t\t\t\t\t\t<p>V izro\u010denih pripovedih je Sedna opisana kot mogo\u010dna \u017eenska na morskem dnu, katere roke bodisi popolnoma manjkajo, bodisi so se spremenile v tjulnje plavuti.<\/p><p>Njeni lasje so dolgi, te\u017eki in nenehno zapleteni, saj jih brez prstov ne more ve\u010d sama raz\u010desati. Po ve\u010d pripovedih iz teh zapletenih las nastajajo bolezni in pomanjkanje lovnih \u017eivali. Ta telesna ranljivost je z vidika fenomenologije religije samostojen <span class=\"iwg-fachbegriff\" data-tooltip=\"Ponavljajo\u010d se vsebinski element v umetnosti ali pripovedi.\" tabindex=\"0\">motiv<\/span>.<\/p><p>Vizualni prikazi so bili v tradicionalni inuitski kulturi redki, saj je bila figurativna upodobitev gospodarice morja sama tabu. \u0160ele sodobna inuitska umetnost od petdesetih let 20. stoletja naprej, na primer v Cape Dorsetu (Kinngait) in Pangnirtungu, je Sedno spremenila v ikonografsko prijemljiv <span class=\"iwg-fachbegriff\" data-tooltip=\"Ponavljajo\u010d se vsebinski element v umetnosti ali pripovedi.\" tabindex=\"0\">motiv<\/span>.<\/p><p>Kamnoreze umetnikov, kot so Ningiukulu Teevee, Kenojuak Ashevak ali Pitseolak Ashoona, jo pogosto prikazujejo kot bitje s \u010dlove\u0161kim zgornjim delom telesa in ribjim repom.<\/p><p>Sodobno slikovno izro\u010dilo je treba znanstveno lo\u010devati od predkr\u0161\u010danskega izro\u010dila. V zapisih Rasmussena \u0161amani poro\u010dajo, da so lahko Sedno videli le v posebnih transnih stanjih in da je vsaka vnaprej\u0161nja upodobitev veljala za nespo\u0161tljivo. Dana\u0161nje slikovno izro\u010dilo je torej manj posnetek zgodovinske ikonografije kot lastna sodobna prilastitev te podobe.<\/p><p>Simbolno so ji pripisane same vodne \u017eivali: ko\u017euhovke, morske tjulnje, morske mro\u017ee, belune, narvale. V pripovedih o njenem nastanku so te \u017eivali iz\u0161le iz odsekanih \u010dlenov prstov, etiolo\u0161ki <span class=\"iwg-fachbegriff\" data-tooltip=\"Ponavljajo\u010d se vsebinski element v umetnosti ali pripovedi.\" tabindex=\"0\">motiv<\/span>, ki nazorno prikazuje ekonomsko odvisnost od <span class=\"iwg-fachbegriff\" data-tooltip=\"Urejeno zaporedje simbolnih dejanj z religioznim ali kulturnim pomenom.\" tabindex=\"0\">obreda<\/span>.<\/p><p>Kdor ubije tjulnja, je po religiozno-mitski logiki dobil delec Sednine lastne telesa, kar utemeljuje dol\u017enost spo\u0161tljivega ravnanja z njim.<\/p>\t\t\t\t\t\t\t\t<\/div>\n\t\t\t\t<\/div>\n\t\t\t\t\t<\/div>\n\t\t\t\t<\/div>\n\t\t<div class=\"elementor-element elementor-element-iwgw-sedna-s3 e-flex e-con-boxed e-con e-parent\" data-id=\"iwgw-sedna-s3\" data-element_type=\"container\" data-e-type=\"container\">\n\t\t\t\t\t<div class=\"e-con-inner\">\n\t\t\t\t<div class=\"elementor-element elementor-element-iwgw-sedna-s3h elementor-widget elementor-widget-heading\" data-id=\"iwgw-sedna-s3h\" data-element_type=\"widget\" data-e-type=\"widget\" data-widget_type=\"heading.default\">\n\t\t\t\t\t<h2 class=\"elementor-heading-title elementor-size-default\">Osrednji mit o pohabljenju<\/h2>\t\t\t\t<\/div>\n\t\t<div class=\"elementor-element elementor-element-iwgw-sedna-s3c e-con-full e-flex e-con e-child\" data-id=\"iwgw-sedna-s3c\" data-element_type=\"container\" data-e-type=\"container\">\n\t\t\t\t<div class=\"elementor-element elementor-element-iwgw-sedna-s3t elementor-widget elementor-widget-text-editor\" data-id=\"iwgw-sedna-s3t\" data-element_type=\"widget\" data-e-type=\"widget\" data-widget_type=\"text-editor.default\">\n\t\t\t\t\t\t\t\t\t<p>Osrednja pripoved v skoraj vseh razli\u010dicah sledi trdni osnovni zgradbi, kot so dokumentirali Franz Boas, Knud Rasmussen in pozneje Daniel Merkur. Sedna je h\u010di mo\u017ea <a href=\"https:\/\/iwell-guard.com\/sl\/?page_id=160747\">Angute<\/a>. Zavra\u010da poroko s \u010dlove\u0161kim mo\u0161kim.<\/p><p>Nazadnje sprejme snubca, ki se izka\u017ee za viharnika, psa ali neznanega tujca. Po poroki spozna resni\u010dno naravo svojega mo\u017ea in kli\u010de na pomo\u010d o\u010deta.<\/p><p>Anguta jo pripelje s \u010dolnom umiak, \u017eensko lopatico. Med begom viharnik-mo\u017e spro\u017ei nevihto. Da bi re\u0161il \u010doln pred pogubo, Anguta vr\u017ee svojo h\u010der v morje.<\/p><p>Ko se oprijema roba \u010dolna, ji odseka \u010dlenke prstov. Iz prvega \u010dlena nastanejo majhne tjulnje, iz drugega morski tjulnji, iz tretjega morski mro\u017ei in kiti. Ta postopna geneza morskih \u017eivali je zna\u010dilen <span class=\"iwg-fachbegriff\" data-tooltip=\"Ponavljajo\u010d se vsebinski element v umetnosti ali pripovedi.\" tabindex=\"0\">motiv<\/span> etiolo\u0161ke pripovedne literature.<\/p><p>Pohabljena Sedna potone na morsko dno in tam postane gospodarica \u017eivali. Ostaja ambivalentna do o\u010deta, ki jo je izdal, do ljudi, katerih kr\u0161itve tabujev ji zapletajo lase, in do \u0161amanov, ki v transu stopajo dol k njej.<\/p><p>Ta <span class=\"iwg-fachbegriff\" data-tooltip=\"Izro\u010dena pripoved o bogovih, izvorih in ureditvi svet.\" tabindex=\"0\">mit<\/span> je primarno etiolo\u0161ki model za nastanek lovske ekonomije, ne kaznovalni mit. Znanstveno je paradigmati\u010den primer stvariteljske mitologije, v kateri svet nastane iz po\u0161kodbe namesto iz reda.<\/p>\t\t\t\t\t\t\t\t<\/div>\n\t\t\t\t<\/div>\n\t\t\t\t\t<\/div>\n\t\t\t\t<\/div>\n\t\t<div class=\"elementor-element elementor-element-iwgw-sedna-s4 e-flex e-con-boxed e-con e-parent\" data-id=\"iwgw-sedna-s4\" data-element_type=\"container\" data-e-type=\"container\">\n\t\t\t\t\t<div class=\"e-con-inner\">\n\t\t\t\t<div class=\"elementor-element elementor-element-iwgw-sedna-s4h elementor-widget elementor-widget-heading\" data-id=\"iwgw-sedna-s4h\" data-element_type=\"widget\" data-e-type=\"widget\" data-widget_type=\"heading.default\">\n\t\t\t\t\t<h2 class=\"elementor-heading-title elementor-size-default\">\u0160amansko potovanje navzdol<\/h2>\t\t\t\t<\/div>\n\t\t<div class=\"elementor-element elementor-element-iwgw-sedna-s4c e-con-full e-flex e-con e-child\" data-id=\"iwgw-sedna-s4c\" data-element_type=\"container\" data-e-type=\"container\">\n\t\t\t\t<div class=\"elementor-element elementor-element-iwgw-sedna-s4t elementor-widget elementor-widget-text-editor\" data-id=\"iwgw-sedna-s4t\" data-element_type=\"widget\" data-e-type=\"widget\" data-widget_type=\"text-editor.default\">\n\t\t\t\t\t\t\t\t\t<p>Kadar lovska sre\u010da dlje \u010dasa ni prihajala, je bila po inuitskem prepri\u010danju osrednja naloga angakkuq, \u0161amana, sestop k Sedni. Rasmussen je v delu <em>Intellectual Culture of the Iglulik Eskimos<\/em> podal enega najbolj podrobnih opisov tega potovanja, ki je v znanstvenem diskurzu postal standardno mesto kro\u017enopolarnega raziskovanja \u0161amanizma.<\/p><p><span class=\"iwg-fachbegriff\" data-tooltip=\"Religiozni specialist, ki naj bi posredoval med ljudmi in duhovnim svetom.\" tabindex=\"0\">\u0160aman<\/span> z bobnanjem, petjem in dihalnimi tehnikami zapade v trans. Njegov dvojnik ali njegova du\u0161a zapusti telo, pre\u010dka ledeno tundro, premaga rotirajo\u010d prehod med ledenimi gorami, dero\u010do reko z britko ostrimi ledenimi plo\u0161\u010dami in nazadnje psa, ki varuje vhod v Sednino hi\u0161o.<\/p><p>Ko pride v hi\u0161o, najde Sedno z zapletenimi lasmi, v katerih so se ujele \u017eivali.<\/p><p>Naloga \u0161amana je, da ji lase raz\u010de\u0161e, jih o\u010disti in se do nje vede spravljivo. Med tem dejanjem \u010dlove\u0161ka skupnost v igluju pod vodstvom pomo\u017enega \u0161amana priznava svoje kr\u0161itve tabujev.<\/p><p>\u0160ele ko so prestopki izgovorjeni, Sedna sprosti \u017eivali. To prakso je Mircea Eliade v delu <em><span class=\"iwg-fachbegriff\" data-tooltip=\"Religiozni sistem, v katerem specialisti komunicirajo z duhovnim svetom.\" tabindex=\"0\">\u0161amanizem<\/span> in arhai\u010dne tehnike ekstaze<\/em> obravnaval kot vzor\u010dni primer \u0161amanske mediacije.<\/p><p>Daniel Merkur poudarja, da je treba potovanje razumeti kot kolektivni krizni obred, v katerem se ekonomska kriza religiozno simbolizira in skupnostno razre\u0161i. Kot individualna zdravilna praksa bi bila napa\u010dno razumljena. Dru\u017ebena funkcija je vsaj tako pomembna kot teolo\u0161ka, in v praksi ju ni mogo\u010de lo\u010diti.<\/p>\t\t\t\t\t\t\t\t<\/div>\n\t\t\t\t<\/div>\n\t\t\t\t\t<\/div>\n\t\t\t\t<\/div>\n\t\t<div class=\"elementor-element elementor-element-iwgw-sedna-s5 e-flex e-con-boxed e-con e-parent\" data-id=\"iwgw-sedna-s5\" data-element_type=\"container\" data-e-type=\"container\">\n\t\t\t\t\t<div class=\"e-con-inner\">\n\t\t\t\t<div class=\"elementor-element elementor-element-iwgw-sedna-s5h elementor-widget elementor-widget-heading\" data-id=\"iwgw-sedna-s5h\" data-element_type=\"widget\" data-e-type=\"widget\" data-widget_type=\"heading.default\">\n\t\t\t\t\t<h2 class=\"elementor-heading-title elementor-size-default\">Tabu, pittailiniq in apotropejska praksa<\/h2>\t\t\t\t<\/div>\n\t\t<div class=\"elementor-element elementor-element-iwgw-sedna-s5c e-con-full e-flex e-con e-child\" data-id=\"iwgw-sedna-s5c\" data-element_type=\"container\" data-e-type=\"container\">\n\t\t\t\t<div class=\"elementor-element elementor-element-iwgw-sedna-s5t elementor-widget elementor-widget-text-editor\" data-id=\"iwgw-sedna-s5t\" data-element_type=\"widget\" data-e-type=\"widget\" data-widget_type=\"text-editor.default\">\n\t\t\t\t\t\t\t\t\t<p>Sistem tabujev, ki obdaja Sedno, je v inuitskem jeziku znan kot <em>pittailiniq<\/em>, kar dobesedno pomeni tisto, \u010desar se je treba izogibati. Ta pravila so utemeljena v lovski in pre\u017eivetveni ekonomiji, moralnega pomena v kr\u0161\u010danskem smislu pa nimajo.<\/p><p>Kdor pome\u0161a kopensko in morsko meso v isti jedi, kdor ne obdeluje tjulnjevega mesa na predpisan na\u010din, kdor med menstruacijo razkosava tjulnje ali kdor prikrije smrtni primer, po tem prepri\u010danju umazuje Sednine lase.<\/p><p><span class=\"iwg-fachbegriff\" data-tooltip=\"Odganjajo\u010d nesre\u010do: o znamenjih in predmetih, ki naj bi odganjali \u0161kodljive vplive.\" tabindex=\"0\">Apotropejsko<\/span> u\u010dinkujejo predvsem obredi \u010di\u0161\u010denja po porodu in smrti, lo\u010deno hranjenje orodij za tjulnje in za karibuje, ravnanje s prvo ulovljeno \u017eival ter vra\u010danje vode v gobec ubitega tjulnja kot znak spo\u0161tovanja.<\/p><p>Slednja gesta, v raziskavah imenovana pogreb tjulnja, velja za osrednje darilo tola\u017ebe du\u0161i \u017eivali in posredno Sedni.<\/p><p>Izpri\u010dani so tudi za\u0161\u010ditni amuleti, imenovani <em>aarnguaq<\/em>. Ti so lahko izdelani iz kosti, krempljev ali ostankov kljunov ubitih \u017eivali in jih obesijo dojen\u010dkom ali lovcem.<\/p><p>Namesto da bi delovali magi\u010dno v smislu mehanskega u\u010dinka, ka\u017eejo na skrbno vzdr\u017eevan odnos do neljudi, od katerih je odvisno pre\u017eivetje. Ta etika odnosov jasno lo\u010di inuitsko religijo od magi\u010dno-instrumentalnih tradicij.<\/p>\t\t\t\t\t\t\t\t<\/div>\n\t\t\t\t<\/div>\n\t\t\t\t\t<\/div>\n\t\t\t\t<\/div>\n\t\t<div class=\"elementor-element elementor-element-iwgw-sedna-s6 e-flex e-con-boxed e-con e-parent\" data-id=\"iwgw-sedna-s6\" data-element_type=\"container\" data-e-type=\"container\">\n\t\t\t\t\t<div class=\"e-con-inner\">\n\t\t\t\t<div class=\"elementor-element elementor-element-iwgw-sedna-s6h elementor-widget elementor-widget-heading\" data-id=\"iwgw-sedna-s6h\" data-element_type=\"widget\" data-e-type=\"widget\" data-widget_type=\"heading.default\">\n\t\t\t\t\t<h2 class=\"elementor-heading-title elementor-size-default\">Sedna v kontekstu cirkumpolarne religije<\/h2>\t\t\t\t<\/div>\n\t\t<div class=\"elementor-element elementor-element-iwgw-sedna-s6c e-con-full e-flex e-con e-child\" data-id=\"iwgw-sedna-s6c\" data-element_type=\"container\" data-e-type=\"container\">\n\t\t\t\t<div class=\"elementor-element elementor-element-iwgw-sedna-s6t elementor-widget elementor-widget-text-editor\" data-id=\"iwgw-sedna-s6t\" data-element_type=\"widget\" data-e-type=\"widget\" data-widget_type=\"text-editor.default\">\n\t\t\t\t\t\t\t\t\t<p>Fenomenolo\u0161ko religiologijsko Sedna spada v \u0161ir\u0161o dru\u017eino gospodaric \u017eivali, ki sta jih sistemati\u010dno opisala Adolf Friedrich in kasneje Otto Zerries za severno Evrazijo in Severno Ameriko. Vzporednice najdemo pri \u010dukotski predstavi <em>kelet<\/em>, pri korja\u0161kih in itelmenskih morskih gospodaricah ter pri jupi\u0161ki <a href=\"https:\/\/iwell-guard.com\/sl\/?page_id=160752\">Qailertetang<\/a>, ki v nekaterih pripovedih celo nastopa kot Sednina spremljevalka.<\/p><p>V \u0161ir\u0161i cirkumpolarni primerjavi se pribli\u017euje finsko-ugrski <em>Mehts\u00e4-Em\u00e4<\/em> oziroma Gozdni materi ter <a href=\"https:\/\/iwell-guard.com\/sl\/sami-in-ugrofinska-tradicija-noaidi-boben\/\">samskim<\/a> gospodaricam \u017eivali, kot je <em>Leibolmm\u00e1i<\/em>. Strukturna skladnost je v reciprociteti: lovska \u017eival velja za dar numinozne osebe, nikakor ne za zgolj vir.<\/p><p>Ann Fienup-Riordan je v subarkti\u010dnem cirkumpolarnem diskurzu za <em>jupi\u0161ko<\/em> tradicijo pokazala, da se strukturno podobne like tam pojavljajo kot skupek odnosov in tabujev. Enotne personifikacije tam ni.<\/p><p>Inuitska tradicija centralno-arkti\u010dnega tipa pa se bolj nagiba k personalizaciji v eni veliki podobi, Sedni. Ta razlika znotraj cirkumpolarnega prostora je znanstveno pomenljiva, ker ka\u017ee, da religiozna oblika ne izhaja nujno iz ekolo\u0161ke konfiguracije.<\/p>\t\t\t\t\t\t\t\t<\/div>\n\t\t\t\t<\/div>\n\t\t\t\t\t<\/div>\n\t\t\t\t<\/div>\n\t\t<div class=\"elementor-element elementor-element-iwgw-sedna-s7 e-flex e-con-boxed e-con e-parent\" data-id=\"iwgw-sedna-s7\" data-element_type=\"container\" data-e-type=\"container\">\n\t\t\t\t\t<div class=\"e-con-inner\">\n\t\t\t\t<div class=\"elementor-element elementor-element-iwgw-sedna-s7h elementor-widget elementor-widget-heading\" data-id=\"iwgw-sedna-s7h\" data-element_type=\"widget\" data-e-type=\"widget\" data-widget_type=\"heading.default\">\n\t\t\t\t\t<h2 class=\"elementor-heading-title elementor-size-default\">Kolonialna zgodovina in kr\u0161\u010danska prekritost<\/h2>\t\t\t\t<\/div>\n\t\t<div class=\"elementor-element elementor-element-iwgw-sedna-s7c e-con-full e-flex e-con e-child\" data-id=\"iwgw-sedna-s7c\" data-element_type=\"container\" data-e-type=\"container\">\n\t\t\t\t<div class=\"elementor-element elementor-element-iwgw-sedna-s7t elementor-widget elementor-widget-text-editor\" data-id=\"iwgw-sedna-s7t\" data-element_type=\"widget\" data-e-type=\"widget\" data-widget_type=\"text-editor.default\">\n\t\t\t\t\t\t\t\t\t<p>Z misijonarjenjem med Inuiti, ki so ga od 18. stoletja izvajali moravski in anglikanski misijonarji, v Kanadi pa se je zaostrilo v 19. in zgodnjem 20. stoletju, je <span class=\"iwg-fachbegriff\" data-tooltip=\"Celota verskih \u010da\u0161\u010denj bo\u017eanstva ali svete podobe.\" tabindex=\"0\">kult<\/span> Sedne pri\u0161el pod velik pritisk.<\/p><p>\u0160amane so marsikje obrekovali kot \u010darovnike, njihove bobne pa javno se\u017eigali. Praksa angakkuqa je v mnogih pokrajinah formalno izumrla, kar pa ne pomeni, da so izginile tudi pripovedi o Sedni.<\/p><p>Znanstveno dobro dokumentirana je preobrazba v pripovedno slovstvo in kasneje v sodobno umetnost. Sedna je postala literarno-umetni\u0161ki simbol identitete kulture, ki jo je stiskal kolonializem. Po ustanovitvi teritorija Nunavut leta 1999 je postala del \u0161olskih u\u010dnih na\u010drtov in muzejske pedagogike.<\/p><p>Gibanje za obnovo domorodnih religij je od 2000-ih let privedlo do ponovnega odkrivanja \u0161amanskih praks v neversko obarvani obliki. Znanstveno opazovanje je tu opisno: gre za me\u0161ano obliko spominske prakse, oblikovanja identitete in delnega obujanja ritualov, ne za neprekinjeno kontinuiteto. Ta postkolonialna konfiguracija je samostojno znanstveno raziskovalno podro\u010dje.<\/p>\t\t\t\t\t\t\t\t<\/div>\n\t\t\t\t<\/div>\n\t\t\t\t\t<\/div>\n\t\t\t\t<\/div>\n\t\t<div class=\"elementor-element elementor-element-iwgw-sedna-s8 e-flex e-con-boxed e-con e-parent\" data-id=\"iwgw-sedna-s8\" data-element_type=\"container\" data-e-type=\"container\">\n\t\t\t\t\t<div class=\"e-con-inner\">\n\t\t\t\t<div class=\"elementor-element elementor-element-iwgw-sedna-s8h elementor-widget elementor-widget-heading\" data-id=\"iwgw-sedna-s8h\" data-element_type=\"widget\" data-e-type=\"widget\" data-widget_type=\"heading.default\">\n\t\t\t\t\t<h2 class=\"elementor-heading-title elementor-size-default\">Sodobna recepcija, raziskave in umetnost<\/h2>\t\t\t\t<\/div>\n\t\t<div class=\"elementor-element elementor-element-iwgw-sedna-s8c e-con-full e-flex e-con e-child\" data-id=\"iwgw-sedna-s8c\" data-element_type=\"container\" data-e-type=\"container\">\n\t\t\t\t<div class=\"elementor-element elementor-element-iwgw-sedna-s8t elementor-widget elementor-widget-text-editor\" data-id=\"iwgw-sedna-s8t\" data-element_type=\"widget\" data-e-type=\"widget\" data-widget_type=\"text-editor.default\">\n\t\t\t\t\t\t\t\t\t<p>V nekolonialni recepciji je Sedna postala najbolj prepoznaven lik arkti\u010dne religije. Astronomsko ime nosi transneptunsko telo 90377 Sedna, odkrito leta 2003, kar pri\u010da o razse\u017enosti lika dale\u010d zunaj o\u017ejega znanstvenega podro\u010dja.<\/p><p>V popularni kulturi je prisotna v romanih, filmih, stripih in igrah, pogosto v mo\u010dno poenostavljeni, v\u010dasih problemati\u010dno romantizirani obliki.<\/p><p>Znotraj inuitskih skupnosti samih je odnos do te zunanje recepcije ambivalenten. Medtem ko se prepoznavnost pozdravlja kot kulturno priznanje, glasovi, kot sta inuitska kustosinja Heather Igloliorte ali pisateljica Rachel Qitsualik, kritizirajo, da zunanje uporabe pogosto zanemarjajo religiozne razse\u017enosti in lik skr\u010dijo na estetsko morsko deklico.<\/p><p>Znanstvene raziskave zadnjih dvajsetih let, na primer pri Fr\u00e9d\u00e9ricu Laugrandu, Jarichu Oostenu in Anni Lii Berthelsen, poudarjajo potrebo po branju Sedne kot vozli\u0161\u010da mre\u017ee odnosov med ljudmi, \u017eivalmi in zemljo, ne pa kot izoliranega bo\u017eanskega lika.<\/p><p>V tem branju postane klju\u010dna figura ekolo\u0161ke religijske antropologije Arktike. Ta teoretski premik ima pomembne posledice za dojemanje celotne arkti\u010dne religiozne zgodovine.<\/p>\t\t\t\t\t\t\t\t<\/div>\n\t\t\t\t<\/div>\n\t\t\t\t\t<\/div>\n\t\t\t\t<\/div>\n\t\t<div class=\"elementor-element elementor-element-iwgw-sedna-s9 e-flex e-con-boxed e-con e-parent\" data-id=\"iwgw-sedna-s9\" data-element_type=\"container\" data-e-type=\"container\">\n\t\t\t\t\t<div class=\"e-con-inner\">\n\t\t\t\t<div class=\"elementor-element elementor-element-iwgw-sedna-s9h elementor-widget elementor-widget-heading\" data-id=\"iwgw-sedna-s9h\" data-element_type=\"widget\" data-e-type=\"widget\" data-widget_type=\"heading.default\">\n\t\t\t\t\t<h2 class=\"elementor-heading-title elementor-size-default\">Sedna v leksikonu inuitske tradicije<\/h2>\t\t\t\t<\/div>\n\t\t<div class=\"elementor-element elementor-element-iwgw-sedna-s9c e-con-full e-flex e-con e-child\" data-id=\"iwgw-sedna-s9c\" data-element_type=\"container\" data-e-type=\"container\">\n\t\t\t\t<div class=\"elementor-element elementor-element-iwgw-sedna-s9t elementor-widget elementor-widget-text-editor\" data-id=\"iwgw-sedna-s9t\" data-element_type=\"widget\" data-e-type=\"widget\" data-widget_type=\"text-editor.default\">\n\t\t\t\t\t\t\t\t\t<p>Za poglobljeno umestitev v inuitski svet predstav priporo\u010damo gesla o <a href=\"https:\/\/iwell-guard.com\/sl\/?page_id=160744\">Sili<\/a>, dihalnem prostoru sveta, o <a href=\"https:\/\/iwell-guard.com\/sl\/?page_id=160747\">Anguti<\/a>, njenem o\u010detu, o <a href=\"https:\/\/iwell-guard.com\/sl\/?page_id=160745\">Tornarssuku<\/a>, \u0161amanskem pomo\u010dni\u0161kem duhu, o <a href=\"https:\/\/iwell-guard.com\/sl\/?page_id=160749\">Nanooku<\/a>, duhu ledenega medveda, in o <a href=\"https:\/\/iwell-guard.com\/sl\/?page_id=160752\">Qailertetang<\/a>, spremljevalki, ki prina\u0161a vreme.<\/p><p>Celovit okvir zgodovine religije podaja kulturno vozli\u0161\u010de <a href=\"https:\/\/iwell-guard.com\/sl\/inuiti-in-arktika-sedna-tornit-zascitna-praksa\/\">Inuitska tradicija<\/a>. Kdor i\u0161\u010de povezave z gospodaricami \u017eivali drugih kultur, bo pri <a href=\"https:\/\/iwell-guard.com\/sl\/sami-in-ugrofinska-tradicija-noaidi-boben\/\">samskih<\/a> geslih na\u0161el strukturno podobne konfiguracije, na primer pri <em>Madderakki<\/em>.<\/p>\t\t\t\t\t\t\t\t<\/div>\n\t\t\t\t<\/div>\n\t\t\t\t\t<\/div>\n\t\t\t\t<\/div>\n\t\t<div class=\"elementor-element elementor-element-cp29452ded e-flex e-con-boxed e-con e-parent\" data-id=\"cp29452ded\" data-element_type=\"container\" data-e-type=\"container\">\n\t\t\t\t\t<div class=\"e-con-inner\">\n\t\t\t\t<div class=\"elementor-element elementor-element-cp24dd8067 elementor-widget elementor-widget-heading\" data-id=\"cp24dd8067\" data-element_type=\"widget\" data-e-type=\"widget\" data-widget_type=\"heading.default\">\n\t\t\t\t\t<h2 class=\"elementor-heading-title elementor-size-default\">Regionalna raznolikost pripovedi in njenih imen<\/h2>\t\t\t\t<\/div>\n\t\t<div class=\"elementor-element elementor-element-cp24eec498 e-flex e-con-boxed e-con e-child\" data-id=\"cp24eec498\" data-element_type=\"container\" data-e-type=\"container\">\n\t\t\t\t\t<div class=\"e-con-inner\">\n\t\t\t\t<div class=\"elementor-element elementor-element-cp27817669 elementor-widget elementor-widget-text-editor\" data-id=\"cp27817669\" data-element_type=\"widget\" data-e-type=\"widget\" data-widget_type=\"text-editor.default\">\n\t\t\t\t\t\t\t\t\t<p>Sedna ni enotno ime neke vsearkti\u010dne <span class=\"iwg-fachbegriff\" data-tooltip=\"Bitje, ki je znotraj neke religije \u010da\u0161\u010deno kot bo\u017eansko.\" tabindex=\"0\">bo\u017eanstvo<\/span>, temve\u010d v raziskovalni literaturi uveljavljeno poimenovanje za lik, ki se v razli\u010dnih inuitskih in jupi\u0161kih regijah pojavlja pod zelo razli\u010dnimi imeni.<\/p><p>Pri Inuitih ob Hudsonovem zalivu in v vzhodni Arktiki je znana kot Nuliajuk ali Takannaaluk, na zahodu se pojavljajo oblike kot Arnakuagsak, ime Sedna pa izhaja iz zapisov Franza Boasa o otoku Baffin iz poznega 19. stoletja.<\/p><p>Ta raznolikost ni postranska podrobnost, temve\u010d ka\u017ee na regionalno samostojnost posameznih skupnosti. Tudi pripoved sama se razlikuje. V nekaterih razli\u010dicah je poznej\u0161a vladarica morja \u017eenska, ki se poro\u010di s psom ali s pticami v podobi pti\u010da, v drugih pa dekle, ki se no\u010de poro\u010diti.<\/p><p>Skupno mnogim razli\u010dicam je, da jo o\u010de vzame s seboj v kajaku, med neurjem jo vr\u017ee \u010dez krov in se oklepa boka \u010dolna, dokler ji ne odre\u017eejo prstov. Iz odsekanih prstov nastanejo morski sesalci.<\/p><p>Glavni viri za Sedno so zapisi Franza Boasa ter obse\u017eno gradivo Pete Thulejske ekspedicije pod vodstvom Knuda Rasmussena v dvajsetih letih 20. stoletja.<\/p><p>Oba korpusa virov sta vredna, vendar filtrirana skozi jezik, izbor in interese zapisovalcev. Panarkti\u010dna Sedna je konstrukt zunanje perspektive. Vsaka trditev bi zato morala navesti ustrezno regijo in tam uveljavljeno ime.<\/p>\t\t\t\t\t\t\t\t<\/div>\n\t\t\t\t\t<\/div>\n\t\t\t\t<\/div>\n\t\t\t\t\t<\/div>\n\t\t\t\t<\/div>\n\t\t<div class=\"elementor-element elementor-element-cp22aea445 e-flex e-con-boxed e-con e-parent\" data-id=\"cp22aea445\" data-element_type=\"container\" data-e-type=\"container\">\n\t\t\t\t\t<div class=\"e-con-inner\">\n\t\t\t\t<div class=\"elementor-element elementor-element-cp292b3d5a elementor-widget elementor-widget-heading\" data-id=\"cp292b3d5a\" data-element_type=\"widget\" data-e-type=\"widget\" data-widget_type=\"heading.default\">\n\t\t\t\t\t<h2 class=\"elementor-heading-title elementor-size-default\">\u0160amanov spust k vladarici morja<\/h2>\t\t\t\t<\/div>\n\t\t<div class=\"elementor-element elementor-element-cp2e8a031f e-flex e-con-boxed e-con e-child\" data-id=\"cp2e8a031f\" data-element_type=\"container\" data-e-type=\"container\">\n\t\t\t\t\t<div class=\"e-con-inner\">\n\t\t\t\t<div class=\"elementor-element elementor-element-cp26b91245 elementor-widget elementor-widget-text-editor\" data-id=\"cp26b91245\" data-element_type=\"widget\" data-e-type=\"widget\" data-widget_type=\"text-editor.default\">\n\t\t\t\t\t\t\t\t\t<p>S predstavo, da vladarica morja nadzoruje dostop do morskih sesalcev, se povezuje lastna obredna tradicija. \u010ce so tjulnji, morski mrgolji in kiti izostali, skupnost pa je bila zato ogro\u017eena z lakoto, je to veljalo za znamenje, da je vladarica jezna.<\/p><p>Kot vzrok so navajali kr\u0161itve tabujev, na primer prestopke ob rojstvu, smrti ali pri ravnanju z ulovljenimi \u017eivalmi. Po tej predstavi so se prestopki ljudi zbirali kot nesnaga ali zamotanost v laseh vladarice.<\/p><p>V takem polo\u017eaju je ukrepal <em>angakkuq<\/em>, <span class=\"iwg-fachbegriff\" data-tooltip=\"Religiozni strokovnjak, ki naj bi posredoval med ljudmi in svetom duhov.\" tabindex=\"0\">\u0161aman<\/span>. Knud Rasmussen je iz obmo\u010dja ob Hudsonovem zalivu zapisal podroben opis takega <span class=\"iwg-fachbegriff\" data-tooltip=\"Dolo\u010deno, ponavljajo\u010de se religiozno dejanje.\" tabindex=\"0\">obreda<\/span>.<\/p><p><span class=\"iwg-fachbegriff\" data-tooltip=\"Religiozni strokovnjak, ki naj bi posredoval med ljudmi in svetom duhov.\" tabindex=\"0\">\u0160aman<\/span> se v transu poda na duhovno potovanje na morsko dno, pri \u010demer mora premagati ovire, na primer prepad, vrte\u010d se ledeni blok ali psa, ki varuje vhod.<\/p><p>Ko prispe v hi\u0161o vladarice, ji glavo, saj tega zaradi manjkajo\u010dih prstov ne more storiti sama. Tako odstrani nakopi\u010deno nesnago in prestopke.<\/p><p>V zameno mora vladarica morske sesalce spet izpustiti. Ob vrnitvi iz transa je <span class=\"iwg-fachbegriff\" data-tooltip=\"Religiozni strokovnjak, ki naj bi posredoval med ljudmi in svetom duhov.\" tabindex=\"0\">\u0161aman<\/span> pogosto pozval zbrane, naj odkrito priznajo svoje kr\u0161itve tabujev.<\/p><p>Znanstveno ta <span class=\"iwg-fachbegriff\" data-tooltip=\"Dolo\u010deno, ponavljajo\u010de se religiozno dejanje.\" tabindex=\"0\">obred<\/span> povezuje kozmolo\u0161ko razlago neuspeha pri lovu s socialno funkcijo: skrito prekr\u0161kovsko ravnanje je razkril javnosti in ponovno vzpostavil red med ljudmi, \u017eivalmi in vladarico morja.<\/p>\t\t\t\t\t\t\t\t<\/div>\n\t\t\t\t\t<\/div>\n\t\t\t\t<\/div>\n\t\t\t\t\t<\/div>\n\t\t\t\t<\/div>\n\t\t<div class=\"elementor-element elementor-element-iwgw-sedna-lit e-flex e-con-boxed e-con e-parent\" data-id=\"iwgw-sedna-lit\" data-element_type=\"container\" data-e-type=\"container\">\n\t\t\t\t\t<div class=\"e-con-inner\">\n\t\t\t\t<div class=\"elementor-element elementor-element-iwgw-sedna-lith elementor-widget elementor-widget-heading\" data-id=\"iwgw-sedna-lith\" data-element_type=\"widget\" data-e-type=\"widget\" data-widget_type=\"heading.default\">\n\t\t\t\t\t<h2 class=\"elementor-heading-title elementor-size-default\">Literatura (izbor)<\/h2>\t\t\t\t<\/div>\n\t\t<div class=\"elementor-element elementor-element-iwgw-sedna-litc e-con-full e-flex e-con e-child\" data-id=\"iwgw-sedna-litc\" data-element_type=\"container\" data-e-type=\"container\">\n\t\t\t\t<div class=\"elementor-element elementor-element-iwgw-sedna-litt elementor-widget elementor-widget-text-editor\" data-id=\"iwgw-sedna-litt\" data-element_type=\"widget\" data-e-type=\"widget\" data-widget_type=\"text-editor.default\">\n\t\t\t\t\t\t\t\t\t<ul><li><span data-nosnippet>Knud Rasmussen: <em>Intellectual Culture of the Iglulik Eskimos<\/em> (Report of the Fifth Thule Expedition, zv. VII.1, Kopenhagen 1929)<\/span><\/li><li>Franz Boas: <em>The Central Eskimo<\/em> (Washington 1888)<\/li><li><span data-nosnippet>Daniel Merkur: <em>Becoming Half Hidden: Shamanism and <span class=\"iwg-fachbegriff\" data-tooltip=\"Obredni prehod, s katerim je nekdo sprejet v nov status ali skupnost.\" tabindex=\"0\">iniciacija<\/span> among the Inuit<\/em> (Stockholm 1985)<\/span><\/li><li><span data-nosnippet>Ann Fienup-Riordan: <em>Boundaries and Passages: Rule and <span class=\"iwg-fachbegriff\" data-tooltip=\"Urejeno zaporedje simbolnih dejanj z religioznim ali kulturnim pomenom.\" tabindex=\"0\">ritual<\/span> in Yup&#8217;ik Eskimo Oral Tradition<\/em> (Norman 1994)<\/span><\/li><li>Fr\u00e9d\u00e9ric Laugrand in Jarich Oosten: <em>Inuit Shamanism and Christianity<\/em> (Montreal 2010)<\/li><li>Mircea Eliade: <em><span class=\"iwg-fachbegriff\" data-tooltip=\"Religiozni sistem, v katerem strokovnjaki komunicirajo s svetom duhov.\" tabindex=\"0\">\u0161amanizem<\/span> und archaische Ekstasetechnik<\/em> (Stuttgart 1957)<\/li><\/ul>\t\t\t\t\t\t\t\t<\/div>\n\t\t\t\t<\/div>\n\t\t\t\t\t<\/div>\n\t\t\t\t<\/div>\n\t\t<div class=\"elementor-element elementor-element-iwgkw-add-sedna e-flex e-con-boxed e-con e-parent\" data-id=\"iwgkw-add-sedna\" data-element_type=\"container\" data-e-type=\"container\">\n\t\t\t\t\t<div class=\"e-con-inner\">\n\t\t\t\t<div class=\"elementor-element elementor-element-iwgkw-add-sedna-t elementor-widget elementor-widget-text-editor\" data-id=\"iwgkw-add-sedna-t\" data-element_type=\"widget\" data-e-type=\"widget\" data-widget_type=\"text-editor.default\">\n\t\t\t\t\t\t\t\t\t<p>V inuitskem <span class=\"iwg-fachbegriff\" data-tooltip=\"Celota bogov neke religije ali kulture.\" tabindex=\"0\">panteonu<\/span> velja Sedna za <em>varuhinjo<\/em> morskih \u017eivali: tjulnji, kiti in ribe po tradicionalni predstavi izhajajo iz njenega telesa in so pod njenim nadzorom.<\/p><p>\u010ce skupnost prekr\u0161i lovska in \u010distostna pravila, varuhinja \u017eivali pridr\u017ei, in <em>angakkoq<\/em> mora v transu stopiti k njej, da ji pokramlja lase in tako spet odpre lovi\u0161\u010da.<\/p>\t\t\t\t\t\t\t\t<\/div>\n\t\t\t\t\t<\/div>\n\t\t\t\t<\/div>\n\t\t<div class=\"elementor-element elementor-element-iwgw-sedna-kwd e-flex e-con-boxed e-con e-parent\" data-id=\"iwgw-sedna-kwd\" data-element_type=\"container\" data-e-type=\"container\">\n\t\t\t\t\t<div class=\"e-con-inner\">\n\t\t<div class=\"elementor-element elementor-element-iwgw-sedna-kwdc e-con-full e-flex e-con e-child\" data-id=\"iwgw-sedna-kwdc\" data-element_type=\"container\" data-e-type=\"container\">\n\t\t\t\t<div class=\"elementor-element elementor-element-iwgw-sedna-kwdt elementor-widget elementor-widget-text-editor\" data-id=\"iwgw-sedna-kwdt\" data-element_type=\"widget\" data-e-type=\"widget\" data-widget_type=\"text-editor.default\">\n\t\t\t\t\t\t\t\t\t<p><em>Sorodni klju\u010dni izrazi: Sedna Nuliajuk Takannakapsaluk Angakkuq Iglulik vladarica morja tjulnja vladarica Pittailiniq.<\/em><\/p>\t\t\t\t\t\t\t\t<\/div>\n\t\t\t\t<\/div>\n\t\t\t\t\t<\/div>\n\t\t\t\t<\/div>\n\t\t<div class=\"elementor-element elementor-element-iwgw-sedna-cc e-flex e-con-boxed e-con e-parent\" data-id=\"iwgw-sedna-cc\" data-element_type=\"container\" data-e-type=\"container\" id=\"iwg-cc-sedna\">\n\t\t\t\t\t<div class=\"e-con-inner\">\n\t\t<div class=\"elementor-element elementor-element-iwgw-sedna-ccinner e-flex e-con-boxed e-con e-parent\" data-id=\"iwgw-sedna-ccinner\" data-element_type=\"container\" data-e-type=\"container\" data-settings=\"{&quot;background_background&quot;:&quot;classic&quot;}\">\n\t\t\t\t\t<div class=\"e-con-inner\">\n\t\t\t\t<div class=\"elementor-element elementor-element-iwgw-sedna-cch elementor-widget elementor-widget-heading\" data-id=\"iwgw-sedna-cch\" data-element_type=\"widget\" data-e-type=\"widget\" data-widget_type=\"heading.default\">\n\t\t\t\t\t<h2 class=\"elementor-heading-title elementor-size-default\">iWell Guard in tradicije za\u0161\u010dite<\/h2>\t\t\t\t<\/div>\n\t\t\t\t<div class=\"elementor-element elementor-element-iwgw-sedna-cct elementor-widget elementor-widget-text-editor\" data-id=\"iwgw-sedna-cct\" data-element_type=\"widget\" data-e-type=\"widget\" data-widget_type=\"text-editor.default\">\n\t\t\t\t\t\t\t\t\t<div data-nosnippet=\"true\"><p>iWell Guard nadaljuje kulturnozgodovinsko tradicijo nosljivih za\u0161\u010ditnih predmetov, v tradiciji <a href=\"https:\/\/iwell-guard.com\/sl\/inuiti-in-arktika-sedna-tornit-zascitna-praksa\/\">Inuitov<\/a> in mnogih drugih kultur po svetu. 41 plasti, pravo zlato, platina, srebro, izdelano v Nem\u010diji. 30-dnevna pravica do vra\u010dila.<\/p><\/div>\t\t\t\t\t\t\t\t<\/div>\n\t\t\t\t<div class=\"elementor-element elementor-element-iwgw-sedna-ccb iwg-cc-button iwg-cc-cta-2026-05-13 elementor-widget elementor-widget-jet-button\" data-id=\"iwgw-sedna-ccb\" data-element_type=\"widget\" data-e-type=\"widget\" data-widget_type=\"jet-button.default\">\n\t\t\t\t<div class=\"elementor-widget-container\">\n\t\t\t\t\t<div class=\"elementor-jet-button jet-elements\"><div class=\"jet-button__container\"><a class=\"jet-button__instance jet-button__instance--icon-left hover-effect-1\" href=\"\/ueber-iwell-guard\/?utm_source=iwell-guard.com&amp;utm_medium=info-box&amp;utm_campaign=wesen-tradition\"><div class=\"jet-button__plane jet-button__plane-normal\"><\/div><div class=\"jet-button__plane jet-button__plane-hover\"><\/div><div class=\"jet-button__state jet-button__state-normal\"><span class=\"jet-button__label\">Ve\u010d o iWell Guard<\/span><\/div><div class=\"jet-button__state jet-button__state-hover\"><span class=\"jet-button__label\">Ve\u010d o iWell Guard<\/span><\/div><\/a><\/div><\/div><style>.elementor-element.elementor-element-iwgw-sedna-ccb .jet-button__instance{width:320px;height:56px;}.elementor-element.elementor-element-iwgw-sedna-ccb .jet-button__state-normal .jet-button__label{text-align:center;margin:0px 0px 0px 0px;color:#1a1b20;font-family:Montserrat,sans-serif;font-size:13px;font-weight:400;letter-spacing:4px;line-height:1.714em;text-transform:uppercase;}.elementor-element.elementor-element-iwgw-sedna-ccb .jet-button__state-hover .jet-button__label{text-align:center;margin:0px 0px 0px 0px;color:#FECC76;font-family:Montserrat,sans-serif;font-size:13px;font-weight:400;letter-spacing:4px;line-height:1.714em;text-transform:uppercase;}.elementor-element.elementor-element-iwgw-sedna-ccb .jet-button__plane-normal{background-color:#FECC76;border-style:solid;border-color:#C99540;border-width:2px 2px 2px 2px;}.elementor-element.elementor-element-iwgw-sedna-ccb .jet-button__plane-hover{background-color:rgba(0,0,0,0.55);border-style:solid;border-color:#FECC76;border-width:2px 2px 2px 2px;}<\/style>\t\t\t\t<\/div>\n\t\t\t\t<\/div>\n\t\t\t\t<div class=\"elementor-element elementor-element-iwgw-sedna-ccd elementor-widget elementor-widget-text-editor\" data-id=\"iwgw-sedna-ccd\" data-element_type=\"widget\" data-e-type=\"widget\" data-widget_type=\"text-editor.default\">\n\t\t\t\t\t\t\t\t\t<div data-nosnippet=\"true\"><p style=\"text-align:center;font-size:13px;opacity:0.7;margin-top:14px\" data-nosnippet=\"true\">Osebne izku\u0161nje se lahko razlikujejo. Ni medicinski pripomo\u010dek. Brez obljube o ozdravitvi.<\/p><\/div>\t\t\t\t\t\t\t\t<\/div>\n\t\t\t\t\t<\/div>\n\t\t\t\t<\/div>\n\t\t\t\t\t<\/div>\n\t\t\t\t<\/div>\n\t\t<div class=\"elementor-element elementor-element-iwgw-sedna-disc e-flex e-con-boxed e-con e-parent\" data-id=\"iwgw-sedna-disc\" data-element_type=\"container\" data-e-type=\"container\">\n\t\t\t\t\t<div class=\"e-con-inner\">\n\t\t\t\t<div class=\"elementor-element elementor-element-iwgw-sedna-discw elementor-widget elementor-widget-html\" data-id=\"iwgw-sedna-discw\" data-element_type=\"widget\" data-e-type=\"widget\" data-widget_type=\"html.default\">\n\t\t\t\t\t<footer data-nosnippet=\"true\" class=\"iwg-disclaimer-block\"><p data-nosnippet=\"true\">iWell Guard <strong>ni medicinski pripomo\u010dek<\/strong> in ne nadome\u0161\u010da zdravni\u0161ke ali psihoterapevtske obravnave. Religiologske vsebine so kulturnozgodovinska umestitev, ne priporo\u010dilo za duhovno prakso.<\/p><\/footer>\t\t\t\t<\/div>\n\t\t\t\t\t<\/div>\n\t\t\t\t<\/div>\n\t\t\t\t<\/div>\n\t\t","protected":false},"excerpt":{"rendered":"","protected":false},"author":3,"featured_media":2885,"parent":0,"menu_order":0,"comment_status":"closed","ping_status":"closed","template":"elementor_header_footer","meta":{"_yoast_wpseo_focuskw":"Sedna inuitska morska boginja","_yoast_wpseo_title":"Sedna \u2013 morska gospodarica Inuitov, mit in kult","_yoast_wpseo_metadesc":"Sedna velja za gospodarico morskih \u017eivali v inuitskem panteonu. Religiologska umestitev: mit, \u0161amanska praksa, viri.","_yoast_wpseo_meta-robots-noindex":"","_yoast_wpseo_canonical":"","_angie_page":false,"gefaehrdungsstufe":"3","wesen_kultur":"inuit","wesen_klasse":"geister","footnotes":""},"categories":[],"class_list":["post-160741","page","type-page","status-publish","has-post-thumbnail","hentry"],"yoast_head":"<!-- This site is optimized with the Yoast SEO Premium plugin v27.7 (Yoast SEO v28.3) - https:\/\/yoast.com\/product\/yoast-seo-premium-wordpress\/ -->\n<title>Sedna \u2013 morska gospodarica Inuitov, mit in kult<\/title>\n<meta name=\"description\" content=\"Sedna velja za gospodarico morskih \u017eivali v inuitskem panteonu. Religiologska umestitev: mit, \u0161amanska praksa, viri.\" \/>\n<meta name=\"robots\" content=\"index, follow, max-snippet:-1, max-image-preview:large, max-video-preview:-1\" \/>\n<link rel=\"canonical\" href=\"https:\/\/iwell-guard.com\/sl\/sedna-morska-gospodarica-inuitov\/\" \/>\n<meta property=\"og:locale\" content=\"sl_SI\" \/>\n<meta property=\"og:type\" content=\"article\" \/>\n<meta property=\"og:title\" content=\"Sedna \u2013 morska gospodarica Inuitov\" \/>\n<meta property=\"og:description\" content=\"Sedna velja za gospodarico morskih \u017eivali v inuitskem panteonu. Religiologska umestitev: mit, \u0161amanska praksa, viri.\" \/>\n<meta property=\"og:url\" content=\"https:\/\/iwell-guard.com\/sl\/sedna-morska-gospodarica-inuitov\/\" \/>\n<meta property=\"og:site_name\" content=\"iWell Guard\" \/>\n<meta property=\"article:modified_time\" content=\"2026-09-05T00:45:00+00:00\" \/>\n<meta property=\"og:image\" content=\"https:\/\/iwell-guard.com\/wp-content\/uploads\/2026\/05\/goetter_inuit_sedna-1.webp\" \/>\n\t<meta property=\"og:image:width\" content=\"1024\" \/>\n\t<meta property=\"og:image:height\" content=\"1536\" \/>\n\t<meta property=\"og:image:type\" content=\"image\/webp\" \/>\n<meta name=\"twitter:card\" content=\"summary_large_image\" \/>\n<script type=\"application\/ld+json\" class=\"yoast-schema-graph\">{\"@context\":\"https:\\\/\\\/schema.org\",\"@graph\":[{\"@type\":\"WebPage\",\"@id\":\"https:\\\/\\\/iwell-guard.com\\\/sl\\\/sedna-morska-gospodarica-inuitov\\\/\",\"url\":\"https:\\\/\\\/iwell-guard.com\\\/sl\\\/sedna-morska-gospodarica-inuitov\\\/\",\"name\":\"Sedna \u2013 morska gospodarica Inuitov, mit in kult\",\"isPartOf\":{\"@id\":\"https:\\\/\\\/iwell-guard.com\\\/sl\\\/#website\"},\"primaryImageOfPage\":{\"@id\":\"https:\\\/\\\/iwell-guard.com\\\/sl\\\/sedna-morska-gospodarica-inuitov\\\/#primaryimage\"},\"image\":{\"@id\":\"https:\\\/\\\/iwell-guard.com\\\/sl\\\/sedna-morska-gospodarica-inuitov\\\/#primaryimage\"},\"thumbnailUrl\":\"https:\\\/\\\/iwell-guard.com\\\/wp-content\\\/uploads\\\/2026\\\/05\\\/goetter_inuit_sedna-1.webp\",\"datePublished\":\"2026-09-05T00:25:12+00:00\",\"dateModified\":\"2026-09-05T00:45:00+00:00\",\"description\":\"Sedna velja za gospodarico morskih \u017eivali v inuitskem panteonu. Religiologska umestitev: mit, \u0161amanska praksa, viri.\",\"breadcrumb\":{\"@id\":\"https:\\\/\\\/iwell-guard.com\\\/sl\\\/sedna-morska-gospodarica-inuitov\\\/#breadcrumb\"},\"inLanguage\":\"sl-SI\",\"potentialAction\":[{\"@type\":\"ReadAction\",\"target\":[\"https:\\\/\\\/iwell-guard.com\\\/sl\\\/sedna-morska-gospodarica-inuitov\\\/\"]}]},{\"@type\":\"ImageObject\",\"inLanguage\":\"sl-SI\",\"@id\":\"https:\\\/\\\/iwell-guard.com\\\/sl\\\/sedna-morska-gospodarica-inuitov\\\/#primaryimage\",\"url\":\"https:\\\/\\\/iwell-guard.com\\\/wp-content\\\/uploads\\\/2026\\\/05\\\/goetter_inuit_sedna-1.webp\",\"contentUrl\":\"https:\\\/\\\/iwell-guard.com\\\/wp-content\\\/uploads\\\/2026\\\/05\\\/goetter_inuit_sedna-1.webp\",\"width\":1024,\"height\":1536,\"caption\":\"Bogovi iz inuitskega izro\u010dila.\"},{\"@type\":\"BreadcrumbList\",\"@id\":\"https:\\\/\\\/iwell-guard.com\\\/sl\\\/sedna-morska-gospodarica-inuitov\\\/#breadcrumb\",\"itemListElement\":[{\"@type\":\"ListItem\",\"position\":1,\"name\":\"Start\",\"item\":\"https:\\\/\\\/iwell-guard.com\\\/sl\\\/?page_id=160323\"},{\"@type\":\"ListItem\",\"position\":2,\"name\":\"Sedna \u2013 morska gospodarica Inuitov\"}]},{\"@type\":\"WebSite\",\"@id\":\"https:\\\/\\\/iwell-guard.com\\\/sl\\\/#website\",\"url\":\"https:\\\/\\\/iwell-guard.com\\\/sl\\\/\",\"name\":\"iWell Guard\",\"description\":\"Schutz vor dunklen Einfl\u00fcssen\",\"publisher\":{\"@id\":\"https:\\\/\\\/iwell-guard.com\\\/sl\\\/#organization\"},\"potentialAction\":[{\"@type\":\"SearchAction\",\"target\":{\"@type\":\"EntryPoint\",\"urlTemplate\":\"https:\\\/\\\/iwell-guard.com\\\/sl\\\/?s={search_term_string}\"},\"query-input\":{\"@type\":\"PropertyValueSpecification\",\"valueRequired\":true,\"valueName\":\"search_term_string\"}}],\"inLanguage\":\"sl-SI\"},{\"@type\":\"Organization\",\"@id\":\"https:\\\/\\\/iwell-guard.com\\\/sl\\\/#organization\",\"name\":\"Ittermann electronic GmbH\",\"url\":\"https:\\\/\\\/iwell-guard.com\\\/sl\\\/\",\"logo\":{\"@type\":\"ImageObject\",\"inLanguage\":\"sl-SI\",\"@id\":\"https:\\\/\\\/iwell-guard.com\\\/sl\\\/#\\\/schema\\\/logo\\\/image\\\/\",\"url\":\"https:\\\/\\\/iwell-guard.com\\\/wp-content\\\/uploads\\\/2026\\\/05\\\/Ittermann-Logo-1182x237-1.png\",\"contentUrl\":\"https:\\\/\\\/iwell-guard.com\\\/wp-content\\\/uploads\\\/2026\\\/05\\\/Ittermann-Logo-1182x237-1.png\",\"width\":1182,\"height\":237,\"caption\":\"Ittermann electronic GmbH\"},\"image\":{\"@id\":\"https:\\\/\\\/iwell-guard.com\\\/sl\\\/#\\\/schema\\\/logo\\\/image\\\/\"},\"sameAs\":[\"https:\\\/\\\/pantip.com\\\/profile\\\/9367242\",\"https:\\\/\\\/micro.blog\\\/iwellguard\",\"https:\\\/\\\/www.diggerslist.com\\\/iwellguard\\\/about\",\"https:\\\/\\\/skitterphoto.com\\\/photographers\\\/2870314\\\/iwell-guard\",\"https:\\\/\\\/iwellguard.wordpress.com\\\/2026\\\/06\\\/06\\\/iwell-guard\\\/\",\"https:\\\/\\\/hub.docker.com\\\/u\\\/iwellguard\",\"https:\\\/\\\/www.pinterest.com\\\/iwellguard\\\/\",\"https:\\\/\\\/bit.ly\\\/m\\\/iwellguard\",\"https:\\\/\\\/entre-vos-mains.alsace.eu\\\/profiles\\\/iwellguard\\\/activity\",\"https:\\\/\\\/gravatar.com\\\/reallybeded8fd34\",\"https:\\\/\\\/naijamatta.com\\\/iwellguard\",\"https:\\\/\\\/www.goodreads.com\\\/iwellguard\",\"https:\\\/\\\/profile.hatena.ne.jp\\\/iwellguard\\\/\",\"https:\\\/\\\/experiment.com\\\/users\\\/iwellguard\",\"https:\\\/\\\/wakelet.com\\\/@iWellGuard82270\",\"https:\\\/\\\/www.chordie.com\\\/forum\\\/profile.php?id=2555664\",\"https:\\\/\\\/www.instapaper.com\\\/p\\\/17757966\",\"https:\\\/\\\/www.mapleprimes.com\\\/users\\\/iwellguard\",\"https:\\\/\\\/businesslistingplus.com\\\/profile\\\/iwell-guard\\\/\",\"https:\\\/\\\/telegra.ph\\\/iWell-Guard-06-06\",\"https:\\\/\\\/pbase.com\\\/iwellguard\\\/iwellguard\",\"https:\\\/\\\/b.hatena.ne.jp\\\/iwellguard\\\/20260607#bookmark-4788405196491818882\",\"https:\\\/\\\/fliphtml5.com\\\/home\\\/iwellguard\",\"https:\\\/\\\/anyflip.com\\\/homepage\\\/cmiwl#About\",\"https:\\\/\\\/transfur.com\\\/Users\\\/iwellguard\",\"http:\\\/\\\/delphi.larsbo.org\\\/user\\\/iwellguard\",\"https:\\\/\\\/jobs.lajobsportal.org\\\/profiles\\\/8380803-iwell-guard\",\"https:\\\/\\\/md.chaosdorf.de\\\/s\\\/jfbe5SBdJD\",\"https:\\\/\\\/www.lingvolive.com\\\/en-us\\\/profile\\\/9ecaeaca-ce11-4e51-9e71-01d55e2bff36\\\/translations\",\"https:\\\/\\\/www.fitday.com\\\/fitness\\\/forums\\\/members\\\/iwellguard.html\",\"https:\\\/\\\/www.mymeetbook.com\\\/iwellguard\",\"https:\\\/\\\/pxhere.com\\\/en\\\/photographer-me\\\/5040798\",\"https:\\\/\\\/disqus.com\\\/by\\\/iwellguard\\\/about\\\/\",\"https:\\\/\\\/pastelink.net\\\/hjwciqwq\",\"https:\\\/\\\/pubhtml5.com\\\/homepage\\\/scjhn\\\/\",\"https:\\\/\\\/www.bitchute.com\\\/channel\\\/2O2eOKzNqujT\",\"https:\\\/\\\/audiomack.com\\\/iwellguard\"]},{\"@type\":\"Article\",\"@id\":\"https:\\\/\\\/iwell-guard.com\\\/sl\\\/sedna-morska-gospodarica-inuitov\\\/#article\",\"isPartOf\":{\"@id\":\"https:\\\/\\\/iwell-guard.com\\\/sl\\\/sedna-morska-gospodarica-inuitov\\\/\"},\"author\":{\"name\":\"Ralf Ittermann\",\"@id\":\"https:\\\/\\\/iwell-guard.com\\\/sl\\\/#\\\/schema\\\/person\\\/ee2a27f1cac3406c7c6fb5820cb7349f\"},\"headline\":\"Sedna \u2013 morska gospodarica Inuitov\",\"datePublished\":\"2026-09-05T00:25:12+00:00\",\"dateModified\":\"2026-09-05T00:45:00+00:00\",\"mainEntityOfPage\":{\"@id\":\"https:\\\/\\\/iwell-guard.com\\\/sl\\\/sedna-morska-gospodarica-inuitov\\\/\"},\"publisher\":{\"@id\":\"https:\\\/\\\/iwell-guard.com\\\/sl\\\/#organization\"},\"image\":{\"@id\":\"https:\\\/\\\/iwell-guard.com\\\/sl\\\/sedna-morska-gospodarica-inuitov\\\/#primaryimage\"},\"thumbnailUrl\":\"https:\\\/\\\/iwell-guard.com\\\/wp-content\\\/uploads\\\/2026\\\/05\\\/goetter_inuit_sedna-1.webp\",\"inLanguage\":\"sl-SI\",\"description\":\"Sedna velja za gospodarico morskih \u017eivali v inuitskem panteonu. Religiologska umestitev: mit, \u0161amanska praksa, viri.\"}]}<\/script>\n<!-- \/ Yoast SEO Premium plugin. -->","yoast_head_json":{"title":"Sedna \u2013 morska gospodarica Inuitov, mit in kult","description":"Sedna velja za gospodarico morskih \u017eivali v inuitskem panteonu. Religiologska umestitev: mit, \u0161amanska praksa, viri.","robots":{"index":"index","follow":"follow","max-snippet":"max-snippet:-1","max-image-preview":"max-image-preview:large","max-video-preview":"max-video-preview:-1"},"canonical":"https:\/\/iwell-guard.com\/sl\/sedna-morska-gospodarica-inuitov\/","og_locale":"sl_SI","og_type":"article","og_title":"Sedna \u2013 morska gospodarica Inuitov","og_description":"Sedna velja za gospodarico morskih \u017eivali v inuitskem panteonu. Religiologska umestitev: mit, \u0161amanska praksa, viri.","og_url":"https:\/\/iwell-guard.com\/sl\/sedna-morska-gospodarica-inuitov\/","og_site_name":"iWell Guard","article_modified_time":"2026-09-05T00:45:00+00:00","og_image":[{"width":1024,"height":1536,"url":"https:\/\/iwell-guard.com\/wp-content\/uploads\/2026\/05\/goetter_inuit_sedna-1.webp","type":"image\/webp"}],"twitter_card":"summary_large_image","schema":{"@context":"https:\/\/schema.org","@graph":[{"@type":"Article","@id":"https:\/\/iwell-guard.com\/sl\/sedna-morska-gospodarica-inuitov\/#article","isPartOf":{"@id":"https:\/\/iwell-guard.com\/sl\/sedna-morska-gospodarica-inuitov\/"},"author":{"name":"Ralf Ittermann","@id":"https:\/\/iwell-guard.com\/sl\/#\/schema\/person\/ee2a27f1cac3406c7c6fb5820cb7349f"},"headline":"Sedna \u2013 morska gospodarica Inuitov","datePublished":"2026-09-05T00:25:12+00:00","dateModified":"2026-09-05T00:45:00+00:00","mainEntityOfPage":{"@id":"https:\/\/iwell-guard.com\/sl\/sedna-morska-gospodarica-inuitov\/"},"publisher":{"@id":"https:\/\/iwell-guard.com\/sl\/#organization"},"image":{"@id":"https:\/\/iwell-guard.com\/sl\/sedna-morska-gospodarica-inuitov\/#primaryimage"},"thumbnailUrl":"https:\/\/iwell-guard.com\/wp-content\/uploads\/2026\/05\/goetter_inuit_sedna-1.webp","inLanguage":"sl-SI","description":"Sedna velja za gospodarico morskih \u017eivali v inuitskem panteonu. Religiologska umestitev: mit, \u0161amanska praksa, viri."},{"@type":"WebPage","@id":"https:\/\/iwell-guard.com\/sl\/sedna-morska-gospodarica-inuitov\/","url":"https:\/\/iwell-guard.com\/sl\/sedna-morska-gospodarica-inuitov\/","name":"Sedna \u2013 morska gospodarica Inuitov, mit in kult","isPartOf":{"@id":"https:\/\/iwell-guard.com\/sl\/#website"},"primaryImageOfPage":{"@id":"https:\/\/iwell-guard.com\/sl\/sedna-morska-gospodarica-inuitov\/#primaryimage"},"image":{"@id":"https:\/\/iwell-guard.com\/sl\/sedna-morska-gospodarica-inuitov\/#primaryimage"},"thumbnailUrl":"https:\/\/iwell-guard.com\/wp-content\/uploads\/2026\/05\/goetter_inuit_sedna-1.webp","datePublished":"2026-09-05T00:25:12+00:00","dateModified":"2026-09-05T00:45:00+00:00","description":"Sedna velja za gospodarico morskih \u017eivali v inuitskem panteonu. Religiologska umestitev: mit, \u0161amanska praksa, viri.","breadcrumb":{"@id":"https:\/\/iwell-guard.com\/sl\/sedna-morska-gospodarica-inuitov\/#breadcrumb"},"inLanguage":"sl-SI","potentialAction":[{"@type":"ReadAction","target":["https:\/\/iwell-guard.com\/sl\/sedna-morska-gospodarica-inuitov\/"]}]},{"@type":"ImageObject","inLanguage":"sl-SI","@id":"https:\/\/iwell-guard.com\/sl\/sedna-morska-gospodarica-inuitov\/#primaryimage","url":"https:\/\/iwell-guard.com\/wp-content\/uploads\/2026\/05\/goetter_inuit_sedna-1.webp","contentUrl":"https:\/\/iwell-guard.com\/wp-content\/uploads\/2026\/05\/goetter_inuit_sedna-1.webp","width":1024,"height":1536,"caption":"Bogovi iz inuitskega izro\u010dila."},{"@type":"BreadcrumbList","@id":"https:\/\/iwell-guard.com\/sl\/sedna-morska-gospodarica-inuitov\/#breadcrumb","itemListElement":[{"@type":"ListItem","position":1,"name":"Start","item":"https:\/\/iwell-guard.com\/sl\/?page_id=160323"},{"@type":"ListItem","position":2,"name":"Sedna \u2013 morska gospodarica Inuitov"}]},{"@type":"WebSite","@id":"https:\/\/iwell-guard.com\/sl\/#website","url":"https:\/\/iwell-guard.com\/sl\/","name":"iWell Guard","description":"Schutz vor dunklen Einfl\u00fcssen","publisher":{"@id":"https:\/\/iwell-guard.com\/sl\/#organization"},"potentialAction":[{"@type":"SearchAction","target":{"@type":"EntryPoint","urlTemplate":"https:\/\/iwell-guard.com\/sl\/?s={search_term_string}"},"query-input":{"@type":"PropertyValueSpecification","valueRequired":true,"valueName":"search_term_string"}}],"inLanguage":"sl-SI"},{"@type":"Organization","@id":"https:\/\/iwell-guard.com\/sl\/#organization","name":"Ittermann electronic GmbH","url":"https:\/\/iwell-guard.com\/sl\/","logo":{"@type":"ImageObject","inLanguage":"sl-SI","@id":"https:\/\/iwell-guard.com\/sl\/#\/schema\/logo\/image\/","url":"https:\/\/iwell-guard.com\/wp-content\/uploads\/2026\/05\/Ittermann-Logo-1182x237-1.png","contentUrl":"https:\/\/iwell-guard.com\/wp-content\/uploads\/2026\/05\/Ittermann-Logo-1182x237-1.png","width":1182,"height":237,"caption":"Ittermann electronic GmbH"},"image":{"@id":"https:\/\/iwell-guard.com\/sl\/#\/schema\/logo\/image\/"},"sameAs":["https:\/\/pantip.com\/profile\/9367242","https:\/\/micro.blog\/iwellguard","https:\/\/www.diggerslist.com\/iwellguard\/about","https:\/\/skitterphoto.com\/photographers\/2870314\/iwell-guard","https:\/\/iwellguard.wordpress.com\/2026\/06\/06\/iwell-guard\/","https:\/\/hub.docker.com\/u\/iwellguard","https:\/\/www.pinterest.com\/iwellguard\/","https:\/\/bit.ly\/m\/iwellguard","https:\/\/entre-vos-mains.alsace.eu\/profiles\/iwellguard\/activity","https:\/\/gravatar.com\/reallybeded8fd34","https:\/\/naijamatta.com\/iwellguard","https:\/\/www.goodreads.com\/iwellguard","https:\/\/profile.hatena.ne.jp\/iwellguard\/","https:\/\/experiment.com\/users\/iwellguard","https:\/\/wakelet.com\/@iWellGuard82270","https:\/\/www.chordie.com\/forum\/profile.php?id=2555664","https:\/\/www.instapaper.com\/p\/17757966","https:\/\/www.mapleprimes.com\/users\/iwellguard","https:\/\/businesslistingplus.com\/profile\/iwell-guard\/","https:\/\/telegra.ph\/iWell-Guard-06-06","https:\/\/pbase.com\/iwellguard\/iwellguard","https:\/\/b.hatena.ne.jp\/iwellguard\/20260607#bookmark-4788405196491818882","https:\/\/fliphtml5.com\/home\/iwellguard","https:\/\/anyflip.com\/homepage\/cmiwl#About","https:\/\/transfur.com\/Users\/iwellguard","http:\/\/delphi.larsbo.org\/user\/iwellguard","https:\/\/jobs.lajobsportal.org\/profiles\/8380803-iwell-guard","https:\/\/md.chaosdorf.de\/s\/jfbe5SBdJD","https:\/\/www.lingvolive.com\/en-us\/profile\/9ecaeaca-ce11-4e51-9e71-01d55e2bff36\/translations","https:\/\/www.fitday.com\/fitness\/forums\/members\/iwellguard.html","https:\/\/www.mymeetbook.com\/iwellguard","https:\/\/pxhere.com\/en\/photographer-me\/5040798","https:\/\/disqus.com\/by\/iwellguard\/about\/","https:\/\/pastelink.net\/hjwciqwq","https:\/\/pubhtml5.com\/homepage\/scjhn\/","https:\/\/www.bitchute.com\/channel\/2O2eOKzNqujT","https:\/\/audiomack.com\/iwellguard"]},{"@type":"Person","@id":"https:\/\/iwell-guard.com\/sl\/#\/schema\/person\/ee2a27f1cac3406c7c6fb5820cb7349f","name":"Ralf Ittermann","image":{"@type":"ImageObject","inLanguage":"sl-SI","@id":"https:\/\/secure.gravatar.com\/avatar\/073c0153e350a5005b68eb752b445fea71f6b24a26da9449ad7e155e6b446c9d?s=96&d=mm&r=g","url":"https:\/\/secure.gravatar.com\/avatar\/073c0153e350a5005b68eb752b445fea71f6b24a26da9449ad7e155e6b446c9d?s=96&d=mm&r=g","contentUrl":"https:\/\/secure.gravatar.com\/avatar\/073c0153e350a5005b68eb752b445fea71f6b24a26da9449ad7e155e6b446c9d?s=96&d=mm&r=g","caption":"Ralf Ittermann"},"givenName":"Ralf","familyName":"Ittermann","jobTitle":"Gesch\u00e4ftsf\u00fchrer und redaktioneller Verantwortlicher","url":"https:\/\/iwell-guard.com\/sl\/author\/claude\/","description":"Ralf Ittermann ist Gesch\u00e4ftsf\u00fchrer der Ittermann electronic GmbH und redaktioneller Verantwortlicher des iWell-Guard-Lexikons. Er verbindet langj\u00e4hrige Erfahrung in der Pr\u00e4zisionsfertigung mit medialer Praxis und religionsgeschichtlicher Quellenarbeit.","worksFor":{"@type":"Organization","name":"Ittermann electronic GmbH","url":"https:\/\/ittermann.de\/","address":{"@type":"PostalAddress","streetAddress":"K\u00f6hlergasse 16-18","postalCode":"99842","addressLocality":"Ruhla","addressCountry":"DE"}},"knowsAbout":["Religionsgeschichte","Mythologie","Mediale Praxis","Energetische Diagnostik","Schutzpraxis","Volksglauben","Westliche Esoterik"]},{"@type":"Article","@id":"https:\/\/iwell-guard.com\/sl\/sedna-morska-gospodarica-inuitov\/#article","isPartOf":{"@id":"https:\/\/iwell-guard.com\/sl\/sedna-morska-gospodarica-inuitov\/"},"author":{"name":"Ralf Ittermann","@id":"https:\/\/iwell-guard.com\/sl\/#\/schema\/person\/ee2a27f1cac3406c7c6fb5820cb7349f"},"headline":"Sedna \u2013 morska gospodarica Inuitov","datePublished":"2026-09-05T00:25:12+00:00","dateModified":"2026-09-05T00:45:00+00:00","mainEntityOfPage":{"@id":"https:\/\/iwell-guard.com\/sl\/sedna-morska-gospodarica-inuitov\/"},"publisher":{"@id":"https:\/\/iwell-guard.com\/sl\/#organization"},"image":{"@id":"https:\/\/iwell-guard.com\/sl\/sedna-morska-gospodarica-inuitov\/#primaryimage"},"thumbnailUrl":"https:\/\/iwell-guard.com\/wp-content\/uploads\/2026\/05\/goetter_inuit_sedna-1.webp","inLanguage":"sl-SI","description":"Sedna velja za gospodarico morskih \u017eivali v inuitskem panteonu. Religiologska umestitev: mit, \u0161amanska praksa, viri."}]}},"_links":{"self":[{"href":"https:\/\/iwell-guard.com\/sl\/wp-json\/wp\/v2\/pages\/160741","targetHints":{"allow":["GET"]}}],"collection":[{"href":"https:\/\/iwell-guard.com\/sl\/wp-json\/wp\/v2\/pages"}],"about":[{"href":"https:\/\/iwell-guard.com\/sl\/wp-json\/wp\/v2\/types\/page"}],"author":[{"embeddable":true,"href":"https:\/\/iwell-guard.com\/sl\/wp-json\/wp\/v2\/users\/3"}],"replies":[{"embeddable":true,"href":"https:\/\/iwell-guard.com\/sl\/wp-json\/wp\/v2\/comments?post=160741"}],"version-history":[{"count":0,"href":"https:\/\/iwell-guard.com\/sl\/wp-json\/wp\/v2\/pages\/160741\/revisions"}],"wp:featuredmedia":[{"embeddable":true,"href":"https:\/\/iwell-guard.com\/sl\/wp-json\/wp\/v2\/media\/2885"}],"wp:attachment":[{"href":"https:\/\/iwell-guard.com\/sl\/wp-json\/wp\/v2\/media?parent=160741"}],"wp:term":[{"taxonomy":"category","embeddable":true,"href":"https:\/\/iwell-guard.com\/sl\/wp-json\/wp\/v2\/categories?post=160741"}],"curies":[{"name":"wp","href":"https:\/\/api.w.org\/{rel}","templated":true}]}}