{"id":160727,"date":"2026-09-05T00:24:59","date_gmt":"2026-09-05T00:24:59","guid":{"rendered":"https:\/\/iwell-guard.com\/?page_id=160727"},"modified":"2026-09-05T00:44:37","modified_gmt":"2026-09-05T00:44:37","slug":"yer-sub-zemeljski-vodni-duh-turkov","status":"publish","type":"page","link":"https:\/\/iwell-guard.com\/sl\/yer-sub-zemeljski-vodni-duh-turkov\/","title":{"rendered":"Yer-Sub \u2013 zemeljski in vodni duh Turkov"},"content":{"rendered":"\t\t<div data-elementor-type=\"wp-page\" data-elementor-id=\"160727\" class=\"elementor elementor-160727 elementor-2638 elementor-bc-flex-widget\" data-elementor-post-type=\"page\">\n\t\t\t\t<div class=\"elementor-element elementor-element-iwgw-yersub-hero e-flex e-con-boxed e-con e-parent\" data-id=\"iwgw-yersub-hero\" data-element_type=\"container\" data-e-type=\"container\" data-settings=\"{&quot;background_background&quot;:&quot;classic&quot;}\">\n\t\t\t\t\t<div class=\"e-con-inner\">\n\t\t<div class=\"elementor-element elementor-element-iwgw-yersub-hl e-flex e-con-boxed e-con e-child\" data-id=\"iwgw-yersub-hl\" data-element_type=\"container\" data-e-type=\"container\">\n\t\t\t\t\t<div class=\"e-con-inner\">\n\t\t<div class=\"elementor-element elementor-element-iwgw-yersub-htxt e-con-full e-flex e-con e-child\" data-id=\"iwgw-yersub-htxt\" data-element_type=\"container\" data-e-type=\"container\">\n\t\t\t\t<div class=\"elementor-element elementor-element-iwgw-yersub-h1 elementor-widget elementor-widget-heading\" data-id=\"iwgw-yersub-h1\" data-element_type=\"widget\" data-e-type=\"widget\" data-widget_type=\"heading.default\">\n\t\t\t\t\t<h1 class=\"elementor-heading-title elementor-size-default\">Yer-Sub, starot\u00fcr\u0161ka zemeljsko-vodna mo\u010d svete zemlje<\/h1>\t\t\t\t<\/div>\n\t\t\t\t<div class=\"elementor-element elementor-element-iwgw-yersub-lead elementor-widget elementor-widget-text-editor\" data-id=\"iwgw-yersub-lead\" data-element_type=\"widget\" data-e-type=\"widget\" data-widget_type=\"text-editor.default\">\n\t\t\t\t\t\t\t\t\t<p>Yer-Sub (starot\u00fcr\u0161ko <em>Yer-Sub<\/em>, \u201ezemlja-voda\u201c) je zdru\u017eena numinozna mo\u010d svete zemlje in svetih voda v starot\u00fcr\u0161kem in sibirsko-tengristi\u010dnem verskem sistemu. Dopolnjuje Tengrija zgoraj in Umaj vmes v kozmolo\u0161ko trojico. Tur\u0161ki in sibirsko-tengristi\u010dni viri opisujejo Yer-Sub kot zemeljsko in vodno mo\u010d svete zemlje.<\/p>\t\t\t\t\t\t\t\t<\/div>\n\t\t\t\t<\/div>\n\t\t<div class=\"elementor-element elementor-element-iwgw-yersub-pillc e-con-full e-flex e-con e-child\" data-id=\"iwgw-yersub-pillc\" data-element_type=\"container\" data-e-type=\"container\">\n\t\t\t\t<div class=\"elementor-element elementor-element-iwgw-yersub-pills elementor-widget elementor-widget-html\" data-id=\"iwgw-yersub-pills\" data-element_type=\"widget\" data-e-type=\"widget\" data-widget_type=\"html.default\">\n\t\t\t\t\t<div class=\"iwg-pill-row\"><span class=\"iwg-klasse-badge\" tabindex=\"0\" data-tooltip=\"Naravni duh tradicije Sibirija \/ tengrizem.\">Naravni duh<\/span><a href=\"https:\/\/iwell-guard.com\/sl\/sibirski-samanizem-in-tengrizem-step-in-tajga\/\" class=\"iwg-kultur-badge\" tabindex=\"0\" data-tooltip=\"Mitologija tradicije Sibirija \/ tengrizem.\">Sibirija \/ tengrizem<\/a><span class=\"iwg-tradition-badge\" tabindex=\"0\" data-tooltip=\"Zemeljsko-vodna mo\u010d.\">Zemeljsko-vodna mo\u010d<\/span><\/div>\t\t\t\t<\/div>\n\t\t\t\t<\/div>\n\t\t<div class=\"elementor-element elementor-element-iwgw-yersub-tocc e-con-full e-flex e-con e-child\" data-id=\"iwgw-yersub-tocc\" data-element_type=\"container\" data-e-type=\"container\">\n\t\t\t\t<div class=\"elementor-element elementor-element-iwgw-yersub-toc elementor-toc--minimized-on-tablet elementor-widget elementor-widget-table-of-contents\" data-id=\"iwgw-yersub-toc\" data-element_type=\"widget\" data-e-type=\"widget\" data-settings=\"{&quot;headings_by_tags&quot;:[&quot;h2&quot;,&quot;h3&quot;],&quot;minimize_box&quot;:&quot;yes&quot;,&quot;marker_view&quot;:&quot;bullets&quot;,&quot;no_headings_message&quot;:&quot;Na tej strani ni najdenih naslovov.&quot;,&quot;exclude_headings_by_selector&quot;:[],&quot;icon&quot;:{&quot;value&quot;:&quot;fas fa-circle&quot;,&quot;library&quot;:&quot;fa-solid&quot;,&quot;rendered_tag&quot;:&quot;&lt;svg class=\\&quot;e-font-icon-svg e-fas-circle\\&quot; viewBox=\\&quot;0 0 512 512\\&quot; xmlns=\\&quot;http:\\\/\\\/www.w3.org\\\/2000\\\/svg\\&quot;&gt;&lt;path d=\\&quot;M256 8C119 8 8 119 8 256s111 248 248 248 248-111 248-248S393 8 256 8z\\&quot;&gt;&lt;\\\/path&gt;&lt;\\\/svg&gt;&quot;},&quot;minimized_on&quot;:&quot;tablet&quot;,&quot;hierarchical_view&quot;:&quot;yes&quot;,&quot;min_height&quot;:{&quot;unit&quot;:&quot;px&quot;,&quot;size&quot;:&quot;&quot;,&quot;sizes&quot;:[]},&quot;min_height_tablet&quot;:{&quot;unit&quot;:&quot;px&quot;,&quot;size&quot;:&quot;&quot;,&quot;sizes&quot;:[]},&quot;min_height_mobile&quot;:{&quot;unit&quot;:&quot;px&quot;,&quot;size&quot;:&quot;&quot;,&quot;sizes&quot;:[]}}\" data-widget_type=\"table-of-contents.default\">\n\t\t\t\t\t\t\t\t\t<div class=\"elementor-toc__header\">\n\t\t\t\t\t\t<h2 class=\"elementor-toc__header-title\">\n\t\t\t\tKazalo vsebine\t\t\t<\/h2>\n\t\t\t\t\t\t\t\t\t\t<div class=\"elementor-toc__toggle-button elementor-toc__toggle-button--expand\" role=\"button\" tabindex=\"0\" aria-controls=\"elementor-toc__iwgw-yersub-toc\" aria-expanded=\"true\" aria-label=\"Open table of contents\"><svg aria-hidden=\"true\" class=\"e-font-icon-svg e-fas-chevron-down\" viewBox=\"0 0 448 512\" xmlns=\"http:\/\/www.w3.org\/2000\/svg\"><path d=\"M207.029 381.476L12.686 187.132c-9.373-9.373-9.373-24.569 0-33.941l22.667-22.667c9.357-9.357 24.522-9.375 33.901-.04L224 284.505l154.745-154.021c9.379-9.335 24.544-9.317 33.901.04l22.667 22.667c9.373 9.373 9.373 24.569 0 33.941L240.971 381.476c-9.373 9.372-24.569 9.372-33.942 0z\"><\/path><\/svg><\/div>\n\t\t\t\t<div class=\"elementor-toc__toggle-button elementor-toc__toggle-button--collapse\" role=\"button\" tabindex=\"0\" aria-controls=\"elementor-toc__iwgw-yersub-toc\" aria-expanded=\"true\" aria-label=\"Close table of contents\"><svg aria-hidden=\"true\" class=\"e-font-icon-svg e-fas-chevron-up\" viewBox=\"0 0 448 512\" xmlns=\"http:\/\/www.w3.org\/2000\/svg\"><path d=\"M240.971 130.524l194.343 194.343c9.373 9.373 9.373 24.569 0 33.941l-22.667 22.667c-9.357 9.357-24.522 9.375-33.901.04L224 227.495 69.255 381.516c-9.379 9.335-24.544 9.317-33.901-.04l-22.667-22.667c-9.373-9.373-9.373-24.569 0-33.941L207.03 130.525c9.372-9.373 24.568-9.373 33.941-.001z\"><\/path><\/svg><\/div>\n\t\t\t\t\t<\/div>\n\t\t\t\t<div id=\"elementor-toc__iwgw-yersub-toc\" class=\"elementor-toc__body\">\n\t\t\t<div class=\"elementor-toc__spinner-container\">\n\t\t\t\t<svg class=\"elementor-toc__spinner eicon-animation-spin e-font-icon-svg e-eicon-loading\" aria-hidden=\"true\" viewBox=\"0 0 1000 1000\" xmlns=\"http:\/\/www.w3.org\/2000\/svg\"><path d=\"M500 975V858C696 858 858 696 858 500S696 142 500 142 142 304 142 500H25C25 237 238 25 500 25S975 237 975 500 763 975 500 975Z\"><\/path><\/svg>\t\t\t<\/div>\n\t\t<\/div>\n\t\t\t\t\t\t<\/div>\n\t\t\t\t<\/div>\n\t\t\t\t\t<\/div>\n\t\t\t\t<\/div>\n\t\t<div class=\"elementor-element elementor-element-iwgw-yersub-hr e-con-full e-flex e-con e-child\" data-id=\"iwgw-yersub-hr\" data-element_type=\"container\" data-e-type=\"container\">\n\t\t\t\t<div class=\"elementor-element elementor-element-iwgw-yersub-heroimg iwg-hero-image elementor-widget elementor-widget-image\" data-id=\"iwgw-yersub-heroimg\" data-element_type=\"widget\" data-e-type=\"widget\" data-widget_type=\"image.default\">\n\t\t\t\t\t\t\t\t\t\t\t\t\t\t\t<img fetchpriority=\"high\" decoding=\"async\" width=\"683\" height=\"1024\" src=\"https:\/\/iwell-guard.com\/wp-content\/uploads\/2026\/05\/geister_sibirisch-tengrismus_yer-sub-683x1024.webp\" class=\"attachment-large size-large wp-image-162545\" alt=\"Yer Sub \u2013 duhovi iz sibirsko-tengrijske tradicije, zgodovinsko-ilustrativno\" srcset=\"https:\/\/iwell-guard.com\/wp-content\/uploads\/2026\/05\/geister_sibirisch-tengrismus_yer-sub-683x1024.webp 683w, https:\/\/iwell-guard.com\/wp-content\/uploads\/2026\/05\/geister_sibirisch-tengrismus_yer-sub-200x300.webp 200w, https:\/\/iwell-guard.com\/wp-content\/uploads\/2026\/05\/geister_sibirisch-tengrismus_yer-sub-768x1152.webp 768w, https:\/\/iwell-guard.com\/wp-content\/uploads\/2026\/05\/geister_sibirisch-tengrismus_yer-sub.webp 1024w\" sizes=\"(max-width: 683px) 100vw, 683px\" \/>\t\t\t\t\t\t\t\t\t\t\t\t\t\t\t<\/div>\n\t\t\t\t<\/div>\n\t\t\t\t\t<\/div>\n\t\t\t\t<\/div>\n\t\t\t\t<section class=\"elementor-section elementor-top-section elementor-element elementor-element-sec-iwgcomp-yer-sub elementor-section-boxed elementor-section-height-default elementor-section-height-default\" data-id=\"sec-iwgcomp-yer-sub\" data-element_type=\"section\" data-e-type=\"section\">\n\t\t\t\t\t\t<div class=\"elementor-container elementor-column-gap-default\">\n\t\t\t\t\t<div class=\"elementor-column elementor-col-100 elementor-top-column elementor-element elementor-element-col-iwgcomp-yer-sub\" data-id=\"col-iwgcomp-yer-sub\" data-element_type=\"column\" data-e-type=\"column\">\n\t\t\t<div class=\"elementor-widget-wrap elementor-element-populated\">\n\t\t\t\t\t\t<div class=\"elementor-element elementor-element-iwgcomp-yer-sub elementor-widget elementor-widget-text-editor\" data-id=\"iwgcomp-yer-sub\" data-element_type=\"widget\" data-e-type=\"widget\" data-widget_type=\"text-editor.default\">\n\t\t\t\t\t\t\t\t\t<p>Yer-Sub, <strong>zemeljsko-vodna mo\u010d<\/strong>, v starot\u00fcr\u0161ki tradiciji obenem utele\u0161a sveto zemljo in teko\u010d element.<\/p>\t\t\t\t\t\t\t\t<\/div>\n\t\t\t\t\t<\/div>\n\t\t<\/div>\n\t\t\t\t\t<\/div>\n\t\t<\/section>\n\t\t<div class=\"elementor-element elementor-element-iwgw-yersub-s0 e-flex e-con-boxed e-con e-parent\" data-id=\"iwgw-yersub-s0\" data-element_type=\"container\" data-e-type=\"container\">\n\t\t\t\t\t<div class=\"e-con-inner\">\n\t\t\t\t<div class=\"elementor-element elementor-element-iwgw-yersub-s0h elementor-widget elementor-widget-heading\" data-id=\"iwgw-yersub-s0h\" data-element_type=\"widget\" data-e-type=\"widget\" data-widget_type=\"heading.default\">\n\t\t\t\t\t<h2 class=\"elementor-heading-title elementor-size-default\">Umestitev in kratek profil<\/h2>\t\t\t\t<\/div>\n\t\t<div class=\"elementor-element elementor-element-iwgw-yersub-s0c e-con-full e-flex e-con e-child\" data-id=\"iwgw-yersub-s0c\" data-element_type=\"container\" data-e-type=\"container\">\n\t\t\t\t<div class=\"elementor-element elementor-element-iwgw-yersub-s0t elementor-widget elementor-widget-text-editor\" data-id=\"iwgw-yersub-s0t\" data-element_type=\"widget\" data-e-type=\"widget\" data-widget_type=\"text-editor.default\">\n\t\t\t\t\t\t\t\t\t<p>V nasprotju z osebnimi bogovi <a href=\"https:\/\/iwell-guard.com\/sl\/?page_id=160723\">Tengrijem<\/a>, <a href=\"https:\/\/iwell-guard.com\/sl\/?page_id=160724\">Umaj<\/a> ali <a href=\"https:\/\/iwell-guard.com\/sl\/?page_id=160726\">\u00dclgenom<\/a> Yer-Sub ni posameznik, temve\u010d skupna, s krajem povezana mo\u010d.<\/p><p>V orhonskih napisih iz 8. stoletja (K\u00fcl-Tigin, Bilge Kagan, Tonjukuk) se Yer-Sub redno pojavlja v trojni formuli: \u201eTengri (Nebo), Umaj (Mati) in Yer-Sub (Zemlja-Voda) so nam podelili zmago.\u201c Ta formula je eden najpomembnej\u0161ih dokazov za kozmolo\u0161ko strukturo starot\u00fcr\u0161kega tengrizma.<\/p><p>Znotraj <a href=\"https:\/\/iwell-guard.com\/sl\/sibirski-samanizem-in-tengrizem-step-in-tajga\/\">sibirsko-tengristi\u010dne tradicije<\/a> mlaj\u0161e specializirane figure, gospodarji gora, duhovi virov, duhovi rek, prevzemajo konkretne funkcije, ki so bile prvotno skupno pripisane Yer-Subu. Tako se Yer-Sub v poznej\u0161i religijski zgodovini zgo\u0161\u010da v mno\u0161tvo poimenovanih posameznih duhov, brez da bi kot koncept izginil.<\/p><p>Religiofenomenolo\u0161ko je Yer-Sub u\u010dni primer \u201elokalne numinoznosti\u201c: v nasprotju z univerzalnimi visokimi bo\u017eanstvi je ta mo\u010d vezana na prostor in se zbira na konkretnih mestih, gorskih prehodih, virih, izlivih rek, skalah. S tem je v isti liniji kot rimski <em>genii loci<\/em> in japonski <em>jinushigami<\/em>.<\/p>\t\t\t\t\t\t\t\t<\/div>\n\t\t\t\t<\/div>\n\t\t\t\t\t<\/div>\n\t\t\t\t<\/div>\n\t\t<div class=\"elementor-element elementor-element-iwgw-yersub-s1 e-flex e-con-boxed e-con e-parent\" data-id=\"iwgw-yersub-s1\" data-element_type=\"container\" data-e-type=\"container\">\n\t\t\t\t\t<div class=\"e-con-inner\">\n\t\t\t\t<div class=\"elementor-element elementor-element-iwgw-yersub-s1h elementor-widget elementor-widget-heading\" data-id=\"iwgw-yersub-s1h\" data-element_type=\"widget\" data-e-type=\"widget\" data-widget_type=\"heading.default\">\n\t\t\t\t\t<h2 class=\"elementor-heading-title elementor-size-default\">Ime in etimologija<\/h2>\t\t\t\t<\/div>\n\t\t<div class=\"elementor-element elementor-element-iwgw-yersub-s1c e-con-full e-flex e-con e-child\" data-id=\"iwgw-yersub-s1c\" data-element_type=\"container\" data-e-type=\"container\">\n\t\t\t\t<div class=\"elementor-element elementor-element-iwgw-yersub-s1t elementor-widget elementor-widget-text-editor\" data-id=\"iwgw-yersub-s1t\" data-element_type=\"widget\" data-e-type=\"widget\" data-widget_type=\"text-editor.default\">\n\t\t\t\t\t\t\t\t\t<p>Ime je klasi\u010den starot\u00fcr\u0161ki dvandva sestav: <em>yer<\/em> (\u201ezemlja, de\u017eela, kraj\u201c) in <em>sub<\/em> (\u201evoda, izvir, reka\u201c). Podobne tvorbe najdemo v mnogih indoevropskih in altajskih jezikih; izra\u017eajo, da zemlja in voda tu nista pojmovani kot dve lo\u010deni stvari, temve\u010d kot nelo\u010dljiv par temeljev \u017eivljenja.<\/p><p>V mongolskem svetu ta pojem delno ustreza izrazoma <em>gazar usu<\/em> (\u201ezemlja-voda\u201c) oziroma <em>Et\u00fcgen Eke<\/em> (\u201emati zemlja\u201c). V sami Sibiriji Burjati poznajo <em>lus<\/em> (duhove izvirov), Jakuti pa <em>Aan Alakhchyn<\/em>, zemeljsko slu\u017eabnico boga <em>Aar Tojona<\/em>.<\/p><p>Talat Tekin (1968) je razjasnil slovni\u010dni status besede <em>yer sub<\/em> kot sestavljenke: ne gre za dva zaporedoma imenovana bogova, temve\u010d za eno samo silo z dvodelnim imenom. To jezikoslovno spoznanje ima religiolo\u0161ke posledice, saj nakazuje enotno predstavo o mo\u010di zemlje in vode.<\/p>\t\t\t\t\t\t\t\t<\/div>\n\t\t\t\t<\/div>\n\t\t\t\t\t<\/div>\n\t\t\t\t<\/div>\n\t\t<div class=\"elementor-element elementor-element-iwgw-yersub-s2 e-flex e-con-boxed e-con e-parent\" data-id=\"iwgw-yersub-s2\" data-element_type=\"container\" data-e-type=\"container\">\n\t\t\t\t\t<div class=\"e-con-inner\">\n\t\t\t\t<div class=\"elementor-element elementor-element-iwgw-yersub-s2h elementor-widget elementor-widget-heading\" data-id=\"iwgw-yersub-s2h\" data-element_type=\"widget\" data-e-type=\"widget\" data-widget_type=\"heading.default\">\n\t\t\t\t\t<h2 class=\"elementor-heading-title elementor-size-default\">Opis in ikonografija<\/h2>\t\t\t\t<\/div>\n\t\t<div class=\"elementor-element elementor-element-iwgw-yersub-s2c e-con-full e-flex e-con e-child\" data-id=\"iwgw-yersub-s2c\" data-element_type=\"container\" data-e-type=\"container\">\n\t\t\t\t<div class=\"elementor-element elementor-element-iwgw-yersub-s2t elementor-widget elementor-widget-text-editor\" data-id=\"iwgw-yersub-s2t\" data-element_type=\"widget\" data-e-type=\"widget\" data-widget_type=\"text-editor.default\">\n\t\t\t\t\t\t\t\t\t<p>Yer-Sub nima lastne ikonografije. Kjer so s krajem povezani specializirani duhovi upodobljeni, se to zgodi s kamnitimi gomilami (<em>obo<\/em>), popisanimi lesenimi drogovi (<em>serge<\/em>), tkaninami na macesnih (<em>kyira<\/em>) in majhnimi lesenimi figurami ob robu vira. Yer-Sub kot celota ostaja neviden; snov sama je njegovo telo.<\/p><p>Ta brezobli\u010dnost je skupna Yer-Subu z oddaljenim <a href=\"https:\/\/iwell-guard.com\/sl\/?page_id=160723\">Tengrijem<\/a>, v nasprotju z osebno-antropomorfnimi <a href=\"https:\/\/iwell-guard.com\/sl\/?page_id=160726\">\u00dclgenom<\/a>, <a href=\"https:\/\/iwell-guard.com\/sl\/?page_id=160724\">Umaj<\/a> ali <a href=\"https:\/\/iwell-guard.com\/sl\/?page_id=160725\">Erlik Kanom<\/a>. Religiofenomenolo\u0161ko to zaznamuje razliko med skupno-numinoznimi in individualno-personaliziranimi mo\u010dmi v <span class=\"iwg-fachbegriff\" data-tooltip=\"Celota bogov neke religije ali kulture.\" tabindex=\"0\">panteonu<\/span>.<\/p><p>V sodobni mongolski praksi je Yer-Sub deloma utele\u0161en v kamnitih gomilah ovoo; ob ve\u010djih praznovanjih se okoli ovoojev napenjajo dolge modre rute <em>khadag<\/em>, katerih modrina namensko ka\u017ee na <em>M\u00f6ngke K\u00f6ke Tengri<\/em>, medtem ko kamni sami predstavljajo Yer-Sub.<\/p>\t\t\t\t\t\t\t\t<\/div>\n\t\t\t\t<\/div>\n\t\t\t\t\t<\/div>\n\t\t\t\t<\/div>\n\t\t<div class=\"elementor-element elementor-element-iwgw-yersub-s3 e-flex e-con-boxed e-con e-parent\" data-id=\"iwgw-yersub-s3\" data-element_type=\"container\" data-e-type=\"container\">\n\t\t\t\t\t<div class=\"e-con-inner\">\n\t\t\t\t<div class=\"elementor-element elementor-element-iwgw-yersub-s3h elementor-widget elementor-widget-heading\" data-id=\"iwgw-yersub-s3h\" data-element_type=\"widget\" data-e-type=\"widget\" data-widget_type=\"heading.default\">\n\t\t\t\t\t<h2 class=\"elementor-heading-title elementor-size-default\">Mitolo\u0161ka pripovedovanja<\/h2>\t\t\t\t<\/div>\n\t\t<div class=\"elementor-element elementor-element-iwgw-yersub-s3c e-con-full e-flex e-con e-child\" data-id=\"iwgw-yersub-s3c\" data-element_type=\"container\" data-e-type=\"container\">\n\t\t\t\t<div class=\"elementor-element elementor-element-iwgw-yersub-s3t elementor-widget elementor-widget-text-editor\" data-id=\"iwgw-yersub-s3t\" data-element_type=\"widget\" data-e-type=\"widget\" data-widget_type=\"text-editor.default\">\n\t\t\t\t\t\t\t\t\t<p>K\u00f6kt\u00fcr\u0161ki napisi ne vsebujejo pripovedi o Yer-Subu, temve\u010d zaklicevanja. \u0160ele v etnografskih zapisih 19. stoletja (Radlov, Anohin, Verbickij) se pojavijo pripovedi o posameznih gospodarjih gora in rek, ki skupaj zapolnjujejo spektrum Yer-Suba.<\/p><p>Pri Burjatih se na primer Bajkalsko jezero nagovarja kot \u201eo\u010de\u201c, okoli\u0161ke gore pa kot \u201ebratje\u201c, dru\u017einska shema, ki mo\u010d Yer-Suba razre\u0161uje v sorodstvene metafore.<\/p><p>Posebna altajska pripoved poro\u010da, kako so nastale gore, ko se je Yer-Sub uprl poskusu Erlika, da bi si zemljo lastil za svojo rabo: gore so okamneli valovi kozmi\u010dnega spopada. Ta pripoved stoji na sredini med stvarjenjskimi in etiolo\u0161kimi miti.<\/p><p>V jakutskih epih olonho zemeljska boginja <em>Aan Alakhchyn Khotun<\/em> utele\u0161a vidik funkcije Yer-Suba. Prebiva v svetem drevesu v sredi\u0161\u010du sveta in vsem \u017eivim bitjem podeljuje dele\u017e svoje \u017eivljenjske vode, <span class=\"iwg-fachbegriff\" data-tooltip=\"Ponavljajo\u010d se vsebinski element v umetnosti ali pripovedi.\" tabindex=\"0\">motiv<\/span>, ki epsko izoblikuje integralni koncept zemlje in vode.<\/p>\t\t\t\t\t\t\t\t<\/div>\n\t\t\t\t<\/div>\n\t\t\t\t\t<\/div>\n\t\t\t\t<\/div>\n\t\t<div class=\"elementor-element elementor-element-iwgw-yersub-s4 e-flex e-con-boxed e-con e-parent\" data-id=\"iwgw-yersub-s4\" data-element_type=\"container\" data-e-type=\"container\">\n\t\t\t\t\t<div class=\"e-con-inner\">\n\t\t\t\t<div class=\"elementor-element elementor-element-iwgw-yersub-s4h elementor-widget elementor-widget-heading\" data-id=\"iwgw-yersub-s4h\" data-element_type=\"widget\" data-e-type=\"widget\" data-widget_type=\"heading.default\">\n\t\t\t\t\t<h2 class=\"elementor-heading-title elementor-size-default\">Kult in \u010da\u0161\u010denje<\/h2>\t\t\t\t<\/div>\n\t\t<div class=\"elementor-element elementor-element-iwgw-yersub-s4c e-con-full e-flex e-con e-child\" data-id=\"iwgw-yersub-s4c\" data-element_type=\"container\" data-e-type=\"container\">\n\t\t\t\t<div class=\"elementor-element elementor-element-iwgw-yersub-s4t elementor-widget elementor-widget-text-editor\" data-id=\"iwgw-yersub-s4t\" data-element_type=\"widget\" data-e-type=\"widget\" data-widget_type=\"text-editor.default\">\n\t\t\t\t\t\t\t\t\t<p>Najpomembnej\u0161a kultna oblika je obredje <em>ovoo<\/em>&#8211;<span class=\"iwg-fachbegriff\" data-tooltip=\"Urejeno zaporedje simbolnih dejanj z religioznim ali kulturnim pomenom.\" tabindex=\"0\">ritual<\/span>: na gorskem prelazu ali ob zna\u010dilnem viru se nakopi\u010di kup kamnov, okrasi s trakovi blaga in po\u010dasti s trikratnim obhodom v smeri urinega kazalca. Popotniki dodajo kamen, pastirji pa na tla vlijejo malo mleka ali kumisa.<\/p><p>Na dr\u017eavni ravni je bil Yer-Sub del kanovih zaobljub: kdor je varal kana, je \u201eprekr\u0161il Yer-Sub\u201c in padel iz reda. To politi\u010dno funkcijo posredno omenja tudi bizantinsko poro\u010dilo Teofilakta Simokate (zgodnje 7. stoletje), ko govori o tur\u0161kih obredih zaobljube.<\/p><p>V sodobni Mongoliji je ovoo-<span class=\"iwg-fachbegriff\" data-tooltip=\"Urejeno zaporedje simbolnih dejanj z religioznim ali kulturnim pomenom.\" tabindex=\"0\">ritual<\/span> do\u017eivel opazno renesanso; po letu 1990 je nastalo ali bilo obnovljenih tiso\u010de novih ovoojev. Caroline Humphrey je to renesanso podrobno dokumentirala v delih <em>The Marxist Anthropology of Mongolia<\/em> in <em>Inside and Outside the Mongol Tent<\/em> (2002).<\/p>\t\t\t\t\t\t\t\t<\/div>\n\t\t\t\t<\/div>\n\t\t\t\t\t<\/div>\n\t\t\t\t<\/div>\n\t\t<div class=\"elementor-element elementor-element-iwgw-yersub-s5 e-flex e-con-boxed e-con e-parent\" data-id=\"iwgw-yersub-s5\" data-element_type=\"container\" data-e-type=\"container\">\n\t\t\t\t\t<div class=\"e-con-inner\">\n\t\t\t\t<div class=\"elementor-element elementor-element-iwgw-yersub-s5h elementor-widget elementor-widget-heading\" data-id=\"iwgw-yersub-s5h\" data-element_type=\"widget\" data-e-type=\"widget\" data-widget_type=\"heading.default\">\n\t\t\t\t\t<h2 class=\"elementor-heading-title elementor-size-default\">Za\u0161\u010ditna praksa in apotropejsko<\/h2>\t\t\t\t<\/div>\n\t\t<div class=\"elementor-element elementor-element-iwgw-yersub-s5c e-con-full e-flex e-con e-child\" data-id=\"iwgw-yersub-s5c\" data-element_type=\"container\" data-e-type=\"container\">\n\t\t\t\t<div class=\"elementor-element elementor-element-iwgw-yersub-s5t elementor-widget elementor-widget-text-editor\" data-id=\"iwgw-yersub-s5t\" data-element_type=\"widget\" data-e-type=\"widget\" data-widget_type=\"text-editor.default\">\n\t\t\t\t\t\t\t\t\t<p>Religiologi\u010dno gledano se za\u0161\u010ditne prakse znotraj kompleksa Yer-Sub ne usmerjajo toliko v odganjanje \u0161kode, kolikor v ohranjanje \u010distosti kraja.<\/p><p>Prepovedano je bilo na primer pljuvanje v vir, lomljenje svetih dreves ali opravljanje potreb na <em>obo<\/em>. Kr\u0161itev teh tabujev je veljala za \u201epo\u0161kodbo Yer-Sub\u201c in je znotraj tradicije lahko naletela na odziv v obliki neuspeha na lovu ali bolezni.<\/p><p><span class=\"iwg-fachbegriff\" data-tooltip=\"Mno\u017eina od apotropaikon: predmeti in znamenja, ki naj bi odganjali nesre\u010do.\" tabindex=\"0\">Apotropaji<\/span> v o\u017ejem pomenu so bili no\u0161enje majhnih kamnov s svete gore, vrezovanje za\u0161\u010ditnih formul v kolce ob virih ter obe\u0161anje \u0161opov konjske dlake na pragove. Te prakse so \u0161e danes \u017eive v Mongoliji in v Tuvi.<\/p><p>Zanimiva podrobnost iz jakutske tradicije: preden nekdo zapusti sveti kraj, ga formalno \u201eprosi\u201c za dovoljenje, pogosto z besedami \u201e<em>Bahyy bolokhtuun<\/em>\u201c (\u201ebodi milostljiv, izpusti me\u201c). Ta oblika vljudnosti do pokrajine je v religiofenomenologiji klasi\u010den primer animisti\u010dne etikete.<\/p>\t\t\t\t\t\t\t\t<\/div>\n\t\t\t\t<\/div>\n\t\t\t\t\t<\/div>\n\t\t\t\t<\/div>\n\t\t<div class=\"elementor-element elementor-element-iwgw-yersub-s6 e-flex e-con-boxed e-con e-parent\" data-id=\"iwgw-yersub-s6\" data-element_type=\"container\" data-e-type=\"container\">\n\t\t\t\t\t<div class=\"e-con-inner\">\n\t\t\t\t<div class=\"elementor-element elementor-element-iwgw-yersub-s6h elementor-widget elementor-widget-heading\" data-id=\"iwgw-yersub-s6h\" data-element_type=\"widget\" data-e-type=\"widget\" data-widget_type=\"heading.default\">\n\t\t\t\t\t<h2 class=\"elementor-heading-title elementor-size-default\">Vzporednice v drugih kulturah<\/h2>\t\t\t\t<\/div>\n\t\t<div class=\"elementor-element elementor-element-iwgw-yersub-s6c e-con-full e-flex e-con e-child\" data-id=\"iwgw-yersub-s6c\" data-element_type=\"container\" data-e-type=\"container\">\n\t\t\t\t<div class=\"elementor-element elementor-element-iwgw-yersub-s6t elementor-widget elementor-widget-text-editor\" data-id=\"iwgw-yersub-s6t\" data-element_type=\"widget\" data-e-type=\"widget\" data-widget_type=\"text-editor.default\">\n\t\t\t\t\t\t\t\t\t<p>Strukturno je primerljiv z rimskimi <em>genii loci<\/em>, germanskimi krajevnimi duhovi, keltskimi prebivalci <em>s\u00eddh<\/em>, japonskimi <em>jinushigami<\/em> v tradiciji <span class=\"iwg-fachbegriff\" data-tooltip=\"Doma\u010da religija Japonske, zaznamovana s \u010da\u0161\u010denjem kamijev.\" tabindex=\"0\">\u0161intoizma<\/span> ter z andskimi <em>apus<\/em> in <em>huacas<\/em> v Latinski Ameriki. V vseh primerih gre za krajevno vezano, kolektivno mo\u010d, ki se \u010dasti prek tabujev \u010distosti in ne prek osebnih mitov.<\/p><p>Posebej tesna je tipolo\u0161ka bli\u017eina s kitajskim sistemom lokalnih zemeljskih bo\u017eanstev <em>tudi gong<\/em> in tibetanskimi \u201egospodarji zemlje\u201c, <em>sa-bdag<\/em>. Tu se ka\u017eejo kulturni mostovi znotraj Notranje Azije, ne da bi bila zagotovljena neposredna zgodovinska izpeljava.<\/p><p>Religiofenomenolo\u0161ko Yer-Sub zaznamuje tisto, kar je Mircea Eliade v delu <em>Le sacr\u00e9 et le profane<\/em> (1957) ozna\u010dil kot \u201ehierofanijo kraja\u201c: dolo\u010dena mesta postanejo sveto sredi\u0161\u010de zaradi svoje obredne zaznamovanosti, ne da bi tam moral bivati osebni bog.<\/p>\t\t\t\t\t\t\t\t<\/div>\n\t\t\t\t<\/div>\n\t\t\t\t\t<\/div>\n\t\t\t\t<\/div>\n\t\t<div class=\"elementor-element elementor-element-iwgw-yersub-s7 e-flex e-con-boxed e-con e-parent\" data-id=\"iwgw-yersub-s7\" data-element_type=\"container\" data-e-type=\"container\">\n\t\t\t\t\t<div class=\"e-con-inner\">\n\t\t\t\t<div class=\"elementor-element elementor-element-iwgw-yersub-s7h elementor-widget elementor-widget-heading\" data-id=\"iwgw-yersub-s7h\" data-element_type=\"widget\" data-e-type=\"widget\" data-widget_type=\"heading.default\">\n\t\t\t\t\t<h2 class=\"elementor-heading-title elementor-size-default\">Sodobno sprejemanje in raziskave<\/h2>\t\t\t\t<\/div>\n\t\t<div class=\"elementor-element elementor-element-iwgw-yersub-s7c e-con-full e-flex e-con e-child\" data-id=\"iwgw-yersub-s7c\" data-element_type=\"container\" data-e-type=\"container\">\n\t\t\t\t<div class=\"elementor-element elementor-element-iwgw-yersub-s7t elementor-widget elementor-widget-text-editor\" data-id=\"iwgw-yersub-s7t\" data-element_type=\"widget\" data-e-type=\"widget\" data-widget_type=\"text-editor.default\">\n\t\t\t\t\t\t\t\t\t<p>V sodobni mongolsko-tuvinski resni\u010dnosti je Yer-Sub (kot <em>gazar usu<\/em> oziroma <em>cher-sug<\/em>) postal osrednja kategorija okoljske etike. Ve\u010d ekolo\u0161ko usmerjenih nevladnih organizacij se sklicuje na tradicionalni ovoo-kompleks kot argumentacijsko podlago. Akademska referen\u010dna dela: Caroline Humphrey (<em>The Marxist Anthropology of Mongolia<\/em>, 1983; <em>Inside and Outside the Mongol Tent<\/em>, 2002), Roberte Hamayon, Sergei Nekljudov.<\/p><p>Posebna raziskovalna smer povezuje prakso Yer-Sub z dana\u0161njimi spori glede rudarjenja in vodnih pravic v Mongoliji: domorodne skupine se sklicujejo na religiozno nedotakljivost krajev Yer-Sub, da bi zaustavile velike projekte. Ta politi\u010dna razse\u017enost ima znanstvene implikacije, ki jih Caroline Humphrey podrobno obravnava.<\/p><p>V Tuvi se je od leta 1990 oblikovalo zdru\u017eenje \u0161amanskih praktikov <em>D\u00fcng\u00fcr<\/em>, ki javno kodificira ritual Yer-Sub. Z znanstvenega vidika je ta kodifikacija zanimiv primer \u201epopisovanja\u201c prvotno razpr\u0161ene prakse s pomo\u010djo sodobnih dru\u0161tvenih struktur.<\/p>\t\t\t\t\t\t\t\t<\/div>\n\t\t\t\t<\/div>\n\t\t\t\t\t<\/div>\n\t\t\t\t<\/div>\n\t\t<div class=\"elementor-element elementor-element-iwgw-yersub-s8 e-flex e-con-boxed e-con e-parent\" data-id=\"iwgw-yersub-s8\" data-element_type=\"container\" data-e-type=\"container\">\n\t\t\t\t\t<div class=\"e-con-inner\">\n\t\t\t\t<div class=\"elementor-element elementor-element-iwgw-yersub-s8h elementor-widget elementor-widget-heading\" data-id=\"iwgw-yersub-s8h\" data-element_type=\"widget\" data-e-type=\"widget\" data-widget_type=\"heading.default\">\n\t\t\t\t\t<h2 class=\"elementor-heading-title elementor-size-default\">Raziskovalne razprave in odprta vpra\u0161anja<\/h2>\t\t\t\t<\/div>\n\t\t<div class=\"elementor-element elementor-element-iwgw-yersub-s8c e-con-full e-flex e-con e-child\" data-id=\"iwgw-yersub-s8c\" data-element_type=\"container\" data-e-type=\"container\">\n\t\t\t\t<div class=\"elementor-element elementor-element-iwgw-yersub-s8t elementor-widget elementor-widget-text-editor\" data-id=\"iwgw-yersub-s8t\" data-element_type=\"widget\" data-e-type=\"widget\" data-widget_type=\"text-editor.default\">\n\t\t\t\t\t\t\t\t\t<p>Osrednja razprava se vrti okoli vpra\u0161anja, ali je Yer-Sub <em>enoten<\/em> pojem ali <em>zbirni<\/em> pojem. Talat Tekin in Sergei Nekljudov sta se zavzemala za integrirano razlago; novej\u0161e raziskave (na primer B. Kellner-Heinkele) pa nagibajo k domnevi o regionalno razli\u010dnih personifikacijah.<\/p><p>Drugo odprto vpra\u0161anje zadeva razmerje med Yer-Sub in budisti\u010dno predstavo lokalnega <span class=\"iwg-fachbegriff\" data-tooltip=\"Netelesno bitje, ki naj bi imelo u\u010dinek v svetu.\" tabindex=\"0\">duha<\/span> v Mongoliji: koliko dana\u0161nje prakse ovoo je predbudisti\u010dne, koliko pa jo je preoblikoval budizem? Walther Heissig je predlagal teorijo plastenja, ki jo novej\u0161e raziskave kriti\u010dno preverjajo.<\/p><p>Nazadnje pa se poraja najpomembnej\u0161e prakti\u010dno vpra\u0161anje: kako se danes \u017eivi kompleks Yer-Sub odziva na okoljska gibanja, ne da bi ga ta instrumentalizirala? Notranjemongolska civilna iniciativa <em>Onggi River Movement<\/em> to vpra\u0161anje sama izpostavlja in ponuja raziskovalno polje za religijsko etnologijo 2020. let.<\/p>\t\t\t\t\t\t\t\t<\/div>\n\t\t\t\t<\/div>\n\t\t\t\t\t<\/div>\n\t\t\t\t<\/div>\n\t\t<div class=\"elementor-element elementor-element-iwgw-yersub-s9 e-flex e-con-boxed e-con e-parent\" data-id=\"iwgw-yersub-s9\" data-element_type=\"container\" data-e-type=\"container\">\n\t\t\t\t\t<div class=\"e-con-inner\">\n\t\t\t\t<div class=\"elementor-element elementor-element-iwgw-yersub-s9h elementor-widget elementor-widget-heading\" data-id=\"iwgw-yersub-s9h\" data-element_type=\"widget\" data-e-type=\"widget\" data-widget_type=\"heading.default\">\n\t\t\t\t\t<h2 class=\"elementor-heading-title elementor-size-default\">Yer-Sub v sodobni okoljski razpravi<\/h2>\t\t\t\t<\/div>\n\t\t<div class=\"elementor-element elementor-element-iwgw-yersub-s9c e-con-full e-flex e-con e-child\" data-id=\"iwgw-yersub-s9c\" data-element_type=\"container\" data-e-type=\"container\">\n\t\t\t\t<div class=\"elementor-element elementor-element-iwgw-yersub-s9t elementor-widget elementor-widget-text-editor\" data-id=\"iwgw-yersub-s9t\" data-element_type=\"widget\" data-e-type=\"widget\" data-widget_type=\"text-editor.default\">\n\t\t\t\t\t\t\t\t\t<p>Eden od najbolj presenetljivih obratov v novej\u0161em raziskovanju tengrizma je ponovno odkritje Yer-Suba kot referen\u010dne to\u010dke sodobnih okoljskih gibanj. Mongolska civilna iniciativa <em>Onggi River Movement<\/em> (ustanovljena leta 2001) protestira proti zlatim rudnikom, ki uni\u010dujejo svete vire in vodotoke, in se pri tem izrecno sklicuje na tradicionalno \u010da\u0161\u010denje Yer-Suba. Caroline Humphrey je to gibanje dokumentirala v ve\u010d razpravah.<\/p><p>Znanstveno je ta obrat ambivalenten. Po eni strani ka\u017ee na trajno vitalnost navidezno \u201earhai\u010dnega\u201c religijskega koncepta, po drugi pa vsebuje nevarnost, da se religijske vsebine selektivno mobilizirajo za politi\u010dne namene. Oba vidika je treba upo\u0161tevati v diferencirani analizi.<\/p><p>V Tuvi in Republiki Saha so opazna podobna gibanja, ki ustvarjajo novo sti\u010di\u0161\u010de med religijsko etnologijo in politi\u010dno ekologijo. Fenomenologi religije, kot je Bron Taylor (<em>Dark Green Religion<\/em>, 2010), so to konstelacijo analizirali kot \u201ezeleno religijo\u201c in Yer-Sub navedli kot enega od primerov.<\/p>\t\t\t\t\t\t\t\t<\/div>\n\t\t\t\t<\/div>\n\t\t\t\t\t<\/div>\n\t\t\t\t<\/div>\n\t\t<div class=\"elementor-element elementor-element-iwgw-yersub-s10 e-flex e-con-boxed e-con e-parent\" data-id=\"iwgw-yersub-s10\" data-element_type=\"container\" data-e-type=\"container\">\n\t\t\t\t\t<div class=\"e-con-inner\">\n\t\t\t\t<div class=\"elementor-element elementor-element-iwgw-yersub-s10h elementor-widget elementor-widget-heading\" data-id=\"iwgw-yersub-s10h\" data-element_type=\"widget\" data-e-type=\"widget\" data-widget_type=\"heading.default\">\n\t\t\t\t\t<h2 class=\"elementor-heading-title elementor-size-default\">Viri in povezava s kulturnim vozli\u0161\u010dem<\/h2>\t\t\t\t<\/div>\n\t\t<div class=\"elementor-element elementor-element-iwgw-yersub-s10c e-con-full e-flex e-con e-child\" data-id=\"iwgw-yersub-s10c\" data-element_type=\"container\" data-e-type=\"container\">\n\t\t\t\t<div class=\"elementor-element elementor-element-iwgw-yersub-s10t elementor-widget elementor-widget-text-editor\" data-id=\"iwgw-yersub-s10t\" data-element_type=\"widget\" data-e-type=\"widget\" data-widget_type=\"text-editor.default\">\n\t\t\t\t\t\t\t\t\t<p>Kdor \u017eeli celovito preu\u010diti kompleks Yer-Sub, na pregledni strani <a href=\"https:\/\/iwell-guard.com\/sl\/sibirski-samanizem-in-tengrizem-step-in-tajga\/\">Sibirsko-tengristi\u010dna tradicija<\/a> najde najpomembnej\u0161e navezave na sorodne figure, kot so <a href=\"https:\/\/iwell-guard.com\/sl\/?page_id=160723\">Tengri<\/a>, <a href=\"https:\/\/iwell-guard.com\/sl\/?page_id=160724\">Umai<\/a> (v Tonjukukovi trojni formuli) in kraju vezane svetove duhov.<\/p><p>Talat Tekinova <em>A Grammar of Orkhon Turkic<\/em> (1968) ostaja najpomembnej\u0161a filolo\u0161ka osnova za starotursko plast. Deli Caroline Humphrey <em>Inside and Outside the Mongol Tent<\/em> (2002) in <em>Marx Went Away, But Karl Stayed Behind<\/em> (s Frankom Piekejem, 1998) ponujajo sodobno etnografsko poglobitev.<\/p><p>Delo Sergeja Nekljudova <em>Mify narodov mira<\/em>, zv. 2 (Moskva 1992), vsebuje najbolj strnjeno rusko standardno obravnavo kompleksa Yer-Sub in bi moralo biti navedeno v vsaki resni bibliografiji.<\/p>\t\t\t\t\t\t\t\t<\/div>\n\t\t\t\t<\/div>\n\t\t\t\t\t<\/div>\n\t\t\t\t<\/div>\n\t\t<div class=\"elementor-element elementor-element-iwgw-yersub-s11 e-flex e-con-boxed e-con e-parent\" data-id=\"iwgw-yersub-s11\" data-element_type=\"container\" data-e-type=\"container\">\n\t\t\t\t\t<div class=\"e-con-inner\">\n\t\t\t\t<div class=\"elementor-element elementor-element-iwgw-yersub-s11h elementor-widget elementor-widget-heading\" data-id=\"iwgw-yersub-s11h\" data-element_type=\"widget\" data-e-type=\"widget\" data-widget_type=\"heading.default\">\n\t\t\t\t\t<h2 class=\"elementor-heading-title elementor-size-default\">Fenomenologija religije kraja<\/h2>\t\t\t\t<\/div>\n\t\t<div class=\"elementor-element elementor-element-iwgw-yersub-s11c e-con-full e-flex e-con e-child\" data-id=\"iwgw-yersub-s11c\" data-element_type=\"container\" data-e-type=\"container\">\n\t\t\t\t<div class=\"elementor-element elementor-element-iwgw-yersub-s11t elementor-widget elementor-widget-text-editor\" data-id=\"iwgw-yersub-s11t\" data-element_type=\"widget\" data-e-type=\"widget\" data-widget_type=\"text-editor.default\">\n\t\t\t\t\t\t\t\t\t<p>Yer-Sub fenomenolo\u0161ko religijsko ponazarja kategorijo \u201ekraju vezane numinoznosti\u201c, ki jo je Mircea Eliade v <em>Le sacr\u00e9 et le profane<\/em> (1957) opredelil kot \u201ehierofanijo kraja\u201c. V nasprotju z univerzalnimi visokimi bo\u017eanstvi je ta oblika numinoznosti vezana na prostor in konkretna.<\/p><p>Obredno ozna\u010devanje kraja (s kupi kamnov, trakovi blaga, lesenimi kol\u010dki) je klasi\u010den primer tega, kar je van Gennep imenoval \u201esakralizacija pokrajine\u201c. Yer-Sub tu ni oseba, ki prebiva na kraju, temve\u010d sama mo\u010d, ki kraj \u0161ele naredi kraj, razlikovanje, ki je religijsko-fenomenolo\u0161ko pomembno.<\/p><p>Primerjava z japonskim konceptom <em><span class=\"iwg-fachbegriff\" data-tooltip=\"V japonskem \u0161intoizmu \u010da\u0161\u010dena duhovna bitja in bo\u017eanske mo\u010di.\" tabindex=\"0\">kami<\/span><\/em> in rimskim <em>genius loci<\/em> poka\u017ee, da je kraju vezana numinoznost po svetu raz\u0161irjen koncept, ki pa je v vsaki tradiciji izoblikovan na svoj na\u010din. Yer-Sub je posebej strnjena in dobro dokumentirana razli\u010dica.<\/p>\t\t\t\t\t\t\t\t<\/div>\n\t\t\t\t<\/div>\n\t\t\t\t\t<\/div>\n\t\t\t\t<\/div>\n\t\t<div class=\"elementor-element elementor-element-iwgw-yersub-s12 e-flex e-con-boxed e-con e-parent\" data-id=\"iwgw-yersub-s12\" data-element_type=\"container\" data-e-type=\"container\">\n\t\t\t\t\t<div class=\"e-con-inner\">\n\t\t\t\t<div class=\"elementor-element elementor-element-iwgw-yersub-s12h elementor-widget elementor-widget-heading\" data-id=\"iwgw-yersub-s12h\" data-element_type=\"widget\" data-e-type=\"widget\" data-widget_type=\"heading.default\">\n\t\t\t\t\t<h2 class=\"elementor-heading-title elementor-size-default\">Metodolo\u0161ki premislek<\/h2>\t\t\t\t<\/div>\n\t\t<div class=\"elementor-element elementor-element-iwgw-yersub-s12c e-con-full e-flex e-con e-child\" data-id=\"iwgw-yersub-s12c\" data-element_type=\"container\" data-e-type=\"container\">\n\t\t\t\t<div class=\"elementor-element elementor-element-iwgw-yersub-s12t elementor-widget elementor-widget-text-editor\" data-id=\"iwgw-yersub-s12t\" data-element_type=\"widget\" data-e-type=\"widget\" data-widget_type=\"text-editor.default\">\n\t\t\t\t\t\t\t\t\t<p>Pri raziskovanju Yer-Suba se pojavlja ve\u010d metodolo\u0161kih problemov. Prvi\u010d: sama beseda je zlo\u017eenka, njena natan\u010dna slovni\u010dna obravnava v starotur\u0161kem jeziku pa je predmet razprav. Talat Tekinova opredelitev kot \u201eena sama mo\u010d z dvodelnim imenom\u201c je ve\u010dinsko sprejeta, ni pa nesporna.<\/p><p>Drugi\u010d: identifikacija Yer-Suba v Tonjukukovem <span class=\"iwg-fachbegriff\" data-tooltip=\"Besedilo, vrezano ali vklesano v trden nosilec.\" tabindex=\"0\">napisu<\/span> z etnografsko izpri\u010danim svetom gorskih in vodnih <span class=\"iwg-fachbegriff\" data-tooltip=\"Netelesno bitje, ki naj bi delovalo v svetu.\" tabindex=\"0\">duhov<\/span> iz 19. in 20. stoletja je hipoteza; raziskovalci so tu postali previdnej\u0161i.<\/p><p>Tretji\u010d: sodobna mobilizacija Yer-Suba za okoljska gibanja je znanstveno zahtevna. Caroline Humphrey in Bron Taylor sta k tej razpravi prispevala pomembna dela, ne da bi jo zaklju\u010dila.<\/p>\t\t\t\t\t\t\t\t<\/div>\n\t\t\t\t<\/div>\n\t\t\t\t\t<\/div>\n\t\t\t\t<\/div>\n\t\t<div class=\"elementor-element elementor-element-iwgw-yersub-s13 e-flex e-con-boxed e-con e-parent\" data-id=\"iwgw-yersub-s13\" data-element_type=\"container\" data-e-type=\"container\">\n\t\t\t\t\t<div class=\"e-con-inner\">\n\t\t\t\t<div class=\"elementor-element elementor-element-iwgw-yersub-s13h elementor-widget elementor-widget-heading\" data-id=\"iwgw-yersub-s13h\" data-element_type=\"widget\" data-e-type=\"widget\" data-widget_type=\"heading.default\">\n\t\t\t\t\t<h2 class=\"elementor-heading-title elementor-size-default\">Yer-Sub in mongolski Naadam<\/h2>\t\t\t\t<\/div>\n\t\t<div class=\"elementor-element elementor-element-iwgw-yersub-s13c e-con-full e-flex e-con e-child\" data-id=\"iwgw-yersub-s13c\" data-element_type=\"container\" data-e-type=\"container\">\n\t\t\t\t<div class=\"elementor-element elementor-element-iwgw-yersub-s13t elementor-widget elementor-widget-text-editor\" data-id=\"iwgw-yersub-s13t\" data-element_type=\"widget\" data-e-type=\"widget\" data-widget_type=\"text-editor.default\">\n\t\t\t\t\t\t\t\t\t<p>Poglobitev si zaslu\u017ei odnos med Yer-Subom in mongolskim poletnim praznikom <em>Naadam<\/em>. Naadam, ki ga praznujejo vsako leto julija, izvira iz priklicevanja gorskih in vodnih bo\u017eanstev, s tem pa je zgodovinsko povezan s kompleksom Yer-Sub.<\/p><p>Tri klasi\u010dne \u201emo\u0161ke igre\u201c Naadama, konjske dirke, lokostrelstvo in rokoborba, so bile prvotno obredne demonstracije mo\u010di plemena pred gorskim varuhom in pred Yer-Subom. Christopher Atwood je to obredno zasidranost podrobno opisal v svoji Encyclopediji (2004).<\/p><p>V dana\u0161nji Mongoliji je Naadam veliko nacionalno praznovanje, ki je hkrati dr\u017eavno-posvetno in religiozno-tradicionalno naravnano. Obredi ovoo ob za\u010detku praznovanja Yer-Subovo plast \u0161e naprej ohranjajo vidno.<\/p>\t\t\t\t\t\t\t\t<\/div>\n\t\t\t\t<\/div>\n\t\t\t\t\t<\/div>\n\t\t\t\t<\/div>\n\t\t<div class=\"elementor-element elementor-element-iwgw-yersub-s14 e-flex e-con-boxed e-con e-parent\" data-id=\"iwgw-yersub-s14\" data-element_type=\"container\" data-e-type=\"container\">\n\t\t\t\t\t<div class=\"e-con-inner\">\n\t\t\t\t<div class=\"elementor-element elementor-element-iwgw-yersub-s14h elementor-widget elementor-widget-heading\" data-id=\"iwgw-yersub-s14h\" data-element_type=\"widget\" data-e-type=\"widget\" data-widget_type=\"heading.default\">\n\t\t\t\t\t<h2 class=\"elementor-heading-title elementor-size-default\">Yer-Sub in arheolo\u0161ka najdi\u0161\u010da<\/h2>\t\t\t\t<\/div>\n\t\t<div class=\"elementor-element elementor-element-iwgw-yersub-s14c e-con-full e-flex e-con e-child\" data-id=\"iwgw-yersub-s14c\" data-element_type=\"container\" data-e-type=\"container\">\n\t\t\t\t<div class=\"elementor-element elementor-element-iwgw-yersub-s14t elementor-widget elementor-widget-text-editor\" data-id=\"iwgw-yersub-s14t\" data-element_type=\"widget\" data-e-type=\"widget\" data-widget_type=\"text-editor.default\">\n\t\t\t\t\t\t\t\t\t<p>Arheolo\u0161ka najdi\u0161\u010da, povezana z Yer-Subom, so omejena, vendar pou\u010dna. V ju\u017enosibirskih visokih stepah (Tuva, Altaj) so ohranjeni gomilni nasipi <em>kurgan<\/em> in stoje\u010di kamniti stebri iz skitskega in hunskega \u010dasa, ki jih razlagajo kot obredno ozna\u010devanje \u201esvetih krajev\u201c. Ali so ti znaki identi\u010dni poznej\u0161emu konceptu Yer-Sub, ni nujno zanesljivo dokazano.<\/p><p>Posebej pomemben arheolo\u0161ki material so kamniti stebri <em>balbal<\/em> iz obdobja G\u00f6kt\u00fcrkov, ki so bili postavljeni v vrstah ob kraljevih grobovih. Sergej Klja\u0161torni je v delu <em>Drevnetjurkskie pis&#8217;mennye pamjatniki<\/em> (1964) obravnaval religiozno vsebino teh stebrov.<\/p><p>Povezovalna teza povezuje arheolo\u0161ke kamnite stebre z etnografsko izpri\u010danimi stebri <em>serge<\/em> pri Sahih: oboji bi lahko bili odraz vztrajnega ozna\u010devanja krajev z Yer-Subom, s dolgimi kontinuitetami in preobrazbami skozi dve tiso\u010dletji.<\/p>\t\t\t\t\t\t\t\t<\/div>\n\t\t\t\t<\/div>\n\t\t\t\t\t<\/div>\n\t\t\t\t<\/div>\n\t\t<div class=\"elementor-element elementor-element-cp21aa3e2d e-flex e-con-boxed e-con e-parent\" data-id=\"cp21aa3e2d\" data-element_type=\"container\" data-e-type=\"container\">\n\t\t\t\t\t<div class=\"e-con-inner\">\n\t\t\t\t<div class=\"elementor-element elementor-element-cp2524783c elementor-widget elementor-widget-heading\" data-id=\"cp2524783c\" data-element_type=\"widget\" data-e-type=\"widget\" data-widget_type=\"heading.default\">\n\t\t\t\t\t<h2 class=\"elementor-heading-title elementor-size-default\">Yer-Sub kot dvo\u010dlenski pojem: zemlja in voda v tengrizmu<\/h2>\t\t\t\t<\/div>\n\t\t<div class=\"elementor-element elementor-element-cp274b5427 e-flex e-con-boxed e-con e-child\" data-id=\"cp274b5427\" data-element_type=\"container\" data-e-type=\"container\">\n\t\t\t\t\t<div class=\"e-con-inner\">\n\t\t\t\t<div class=\"elementor-element elementor-element-cp2c867c66 elementor-widget elementor-widget-text-editor\" data-id=\"cp2c867c66\" data-element_type=\"widget\" data-e-type=\"widget\" data-widget_type=\"text-editor.default\">\n\t\t\t\t\t\t\t\t\t<p>Ime <em>Yer-Sub<\/em>, ki v tur\u0161kih jezikih pomeni dobesedno zemlja-voda, ne ozna\u010duje ene same natan\u010dno opredeljene <span class=\"iwg-fachbegriff\" data-tooltip=\"Bitje, ki je znotraj neke religije \u010da\u0161\u010deno kot bo\u017eansko.\" tabindex=\"0\">bo\u017eanstva<\/span>, temve\u010d zbirno kategorijo: celoto srednjega sveta z njegovimi gorami, rekami, viri in gozdovi, ki je zami\u0161ljena kot poduhovljena, \u010da\u0161\u010denja vredna mo\u010d.<\/p><p>\u017de starotur\u0161ki napisi iz doline Orhon iz 8. stoletja, najstarej\u0161a ohranjena strnjena besedila v katerem koli tur\u0161kem jeziku, poleg boga neba <em>Tengrija<\/em> omenjajo <em>yer sub<\/em> kot instanco, ki varuje usodo ljudstva.<\/p><p>To zgodnje pri\u010devanje je pomembno, ker ka\u017ee, da gre za staro, pisno izpri\u010dano predstavo in ne za poznej\u0161o etnografsko konstrukcijo. V orhonskih napisih se <em>yer sub<\/em> pojavlja v isti sapi s <em>Tengrijem<\/em> kot mo\u010di, ki pose\u017eeta, kadar se ljudstvo znajde v stiski.<\/p><p>Natan\u010den teolo\u0161ki polo\u017eaj pa ostaja odprt: iz jedrnatih besedil napisov ni mogo\u010de zanesljivo ugotoviti, ali je bil <em>Yer-Sub<\/em> zami\u0161ljen kot enotnost, kot mno\u017eica lokalnih duhov ali kot oboje hkrati.<\/p><p>V poznej\u0161ih, etnografsko dokumentiranih izro\u010dilih ju\u017enosibirskih tur\u0161kih ljudstev, na primer Altajcev in Hakasov, se <em>Yer-Sub<\/em> pogosto pojavlja v mno\u017eini kot mno\u017eica gospodarjev dolo\u010denih gora, rek in prelazov, ki so jim potniki darovali majhne darove.<\/p><p>Tu se ka\u017ee enako nihanje med enotnostjo in mno\u017ei\u010dnostjo kot pri \u0161tevilnih tengrijanskih pojmih. Raziskave, na primer o altajski religiji, to razlagajo kot izraz religioznosti, ki strogo ne lo\u010di lokalnega od splo\u0161nega. Sorodne predstave obravnava prispevek o <a href=\"https:\/\/iwell-guard.com\/sl\/?page_id=160731\">Bugi<\/a>.<\/p>\t\t\t\t\t\t\t\t<\/div>\n\t\t\t\t\t<\/div>\n\t\t\t\t<\/div>\n\t\t\t\t\t<\/div>\n\t\t\t\t<\/div>\n\t\t<div class=\"elementor-element elementor-element-iwgw-yersub-lit e-flex e-con-boxed e-con e-parent\" data-id=\"iwgw-yersub-lit\" data-element_type=\"container\" data-e-type=\"container\">\n\t\t\t\t\t<div class=\"e-con-inner\">\n\t\t\t\t<div class=\"elementor-element elementor-element-iwgw-yersub-lith elementor-widget elementor-widget-heading\" data-id=\"iwgw-yersub-lith\" data-element_type=\"widget\" data-e-type=\"widget\" data-widget_type=\"heading.default\">\n\t\t\t\t\t<h2 class=\"elementor-heading-title elementor-size-default\">Literatura (izbor)<\/h2>\t\t\t\t<\/div>\n\t\t<div class=\"elementor-element elementor-element-iwgw-yersub-litc e-con-full e-flex e-con e-child\" data-id=\"iwgw-yersub-litc\" data-element_type=\"container\" data-e-type=\"container\">\n\t\t\t\t<div class=\"elementor-element elementor-element-iwgw-yersub-litt elementor-widget elementor-widget-text-editor\" data-id=\"iwgw-yersub-litt\" data-element_type=\"widget\" data-e-type=\"widget\" data-widget_type=\"text-editor.default\">\n\t\t\t\t\t\t\t\t\t<ul><li>Talat Tekin: <em>A Grammar of Orkhon Turkic<\/em> (1968)<\/li><li>Caroline Humphrey: <em>Inside and Outside the Mongol Tent<\/em> (2002)<\/li><li>Jean-Paul Roux: <em>La religion des Turcs et des Mongols<\/em> (1984)<\/li><li>Wilhelm Radloff: <em>Aus Sibirien<\/em> (1893)<\/li><li>Roberte Hamayon: <em>La chasse \u00e0 l&#8217;\u00e2me<\/em> (1990)<\/li><li>Sergei Neklyudov: <em>Mify narodov mira<\/em>, zv. 2 (Moskva 1992)<\/li><li>Vladimir Basilov: <em>Shamanism in Siberia<\/em> (1984)<\/li><\/ul>\t\t\t\t\t\t\t\t<\/div>\n\t\t\t\t<\/div>\n\t\t\t\t\t<\/div>\n\t\t\t\t<\/div>\n\t\t<div class=\"elementor-element elementor-element-iwgkw2-add-yersub e-flex e-con-boxed e-con e-parent\" data-id=\"iwgkw2-add-yersub\" data-element_type=\"container\" data-e-type=\"container\">\n\t\t\t\t\t<div class=\"e-con-inner\">\n\t\t\t\t<div class=\"elementor-element elementor-element-iwgkw2-add-yersub-t elementor-widget elementor-widget-text-editor\" data-id=\"iwgkw2-add-yersub-t\" data-element_type=\"widget\" data-e-type=\"widget\" data-widget_type=\"text-editor.default\">\n\t\t\t\t\t\t\t\t\t<p>Staro<em>tur\u0161ki<\/em> <em><span class=\"iwg-fachbegriff\" data-tooltip=\"Izro\u010deno pripovedovanje o bogovih, izvorih in ureditvi svet.\" tabindex=\"0\">mit<\/span><\/em> orhonskih napisov iz osmega stoletja omenja Yer-Sub kot sveto dvojno mo\u010d zemlje in vode, ki je poleg boga neba Tengrija poro\u0161tvo za blaginjo vladarja in ljudstva.<\/p>\t\t\t\t\t\t\t\t<\/div>\n\t\t\t\t\t<\/div>\n\t\t\t\t<\/div>\n\t\t<div class=\"elementor-element elementor-element-iwgw-yersub-kwd e-flex e-con-boxed e-con e-parent\" data-id=\"iwgw-yersub-kwd\" data-element_type=\"container\" data-e-type=\"container\">\n\t\t\t\t\t<div class=\"e-con-inner\">\n\t\t<div class=\"elementor-element elementor-element-iwgw-yersub-kwdc e-con-full e-flex e-con e-child\" data-id=\"iwgw-yersub-kwdc\" data-element_type=\"container\" data-e-type=\"container\">\n\t\t\t\t<div class=\"elementor-element elementor-element-iwgw-yersub-kwdt elementor-widget elementor-widget-text-editor\" data-id=\"iwgw-yersub-kwdt\" data-element_type=\"widget\" data-e-type=\"widget\" data-widget_type=\"text-editor.default\">\n\t\t\t\t\t\t\t\t\t<p><em>Sorodni klju\u010dni pojmi: Yer-Sub, Orhon, Bilge Kagan, obo, ovoo, gazar usu, Et\u00fcgen Eke.<\/em><\/p>\t\t\t\t\t\t\t\t<\/div>\n\t\t\t\t<\/div>\n\t\t\t\t\t<\/div>\n\t\t\t\t<\/div>\n\t\t<div class=\"elementor-element elementor-element-iwgw-yersub-cc e-flex e-con-boxed e-con e-parent\" data-id=\"iwgw-yersub-cc\" data-element_type=\"container\" data-e-type=\"container\" id=\"iwg-cc-yer-sub\">\n\t\t\t\t\t<div class=\"e-con-inner\">\n\t\t<div class=\"elementor-element elementor-element-iwgw-yersub-ccinner e-flex e-con-boxed e-con e-parent\" data-id=\"iwgw-yersub-ccinner\" data-element_type=\"container\" data-e-type=\"container\" data-settings=\"{&quot;background_background&quot;:&quot;classic&quot;}\">\n\t\t\t\t\t<div class=\"e-con-inner\">\n\t\t\t\t<div class=\"elementor-element elementor-element-iwgw-yersub-cch elementor-widget elementor-widget-heading\" data-id=\"iwgw-yersub-cch\" data-element_type=\"widget\" data-e-type=\"widget\" data-widget_type=\"heading.default\">\n\t\t\t\t\t<h2 class=\"elementor-heading-title elementor-size-default\">iWell Guard in tradicije za\u0161\u010dite<\/h2>\t\t\t\t<\/div>\n\t\t\t\t<div class=\"elementor-element elementor-element-iwgw-yersub-cct elementor-widget elementor-widget-text-editor\" data-id=\"iwgw-yersub-cct\" data-element_type=\"widget\" data-e-type=\"widget\" data-widget_type=\"text-editor.default\">\n\t\t\t\t\t\t\t\t\t<div data-nosnippet=\"true\"><p>iWell Guard se navezuje na kulturnozgodovinsko tradicijo nosljivih za\u0161\u010ditnih predmetov, po zgledu tradicije <a href=\"https:\/\/iwell-guard.com\/sl\/sibirski-samanizem-in-tengrizem-step-in-tajga\/\">Sibirije \/ tengrizma<\/a> in \u0161tevilnih drugih kultur po svetu. 41 ravni, pravo zlato, platina, srebro, izdelano v Nem\u010diji. 30-dnevna pravica do vra\u010dila.<\/p><\/div>\t\t\t\t\t\t\t\t<\/div>\n\t\t\t\t<div class=\"elementor-element elementor-element-iwgw-yersub-ccb iwg-cc-button iwg-cc-cta-2026-05-13 elementor-widget elementor-widget-jet-button\" data-id=\"iwgw-yersub-ccb\" data-element_type=\"widget\" data-e-type=\"widget\" data-widget_type=\"jet-button.default\">\n\t\t\t\t<div class=\"elementor-widget-container\">\n\t\t\t\t\t<div class=\"elementor-jet-button jet-elements\"><div class=\"jet-button__container\"><a class=\"jet-button__instance jet-button__instance--icon-left hover-effect-1\" href=\"\/ueber-iwell-guard\/?utm_source=iwell-guard.com&amp;utm_medium=info-box&amp;utm_campaign=wesen-tradition\"><div class=\"jet-button__plane jet-button__plane-normal\"><\/div><div class=\"jet-button__plane jet-button__plane-hover\"><\/div><div class=\"jet-button__state jet-button__state-normal\"><span class=\"jet-button__label\">Ve\u010d o iWell Guard<\/span><\/div><div class=\"jet-button__state jet-button__state-hover\"><span class=\"jet-button__label\">Ve\u010d o iWell Guard<\/span><\/div><\/a><\/div><\/div><style>.elementor-element.elementor-element-iwgw-yersub-ccb .jet-button__instance{width:320px;height:56px;}.elementor-element.elementor-element-iwgw-yersub-ccb .jet-button__state-normal .jet-button__label{text-align:center;margin:0px 0px 0px 0px;color:#1a1b20;font-family:Montserrat,sans-serif;font-size:13px;font-weight:400;letter-spacing:4px;line-height:1.714em;text-transform:uppercase;}.elementor-element.elementor-element-iwgw-yersub-ccb .jet-button__state-hover .jet-button__label{text-align:center;margin:0px 0px 0px 0px;color:#FECC76;font-family:Montserrat,sans-serif;font-size:13px;font-weight:400;letter-spacing:4px;line-height:1.714em;text-transform:uppercase;}.elementor-element.elementor-element-iwgw-yersub-ccb .jet-button__plane-normal{background-color:#FECC76;border-style:solid;border-color:#C99540;border-width:2px 2px 2px 2px;}.elementor-element.elementor-element-iwgw-yersub-ccb .jet-button__plane-hover{background-color:rgba(0,0,0,0.55);border-style:solid;border-color:#FECC76;border-width:2px 2px 2px 2px;}<\/style>\t\t\t\t<\/div>\n\t\t\t\t<\/div>\n\t\t\t\t<div class=\"elementor-element elementor-element-iwgw-yersub-ccd elementor-widget elementor-widget-text-editor\" data-id=\"iwgw-yersub-ccd\" data-element_type=\"widget\" data-e-type=\"widget\" data-widget_type=\"text-editor.default\">\n\t\t\t\t\t\t\t\t\t<div data-nosnippet=\"true\"><p style=\"text-align:center;font-size:13px;opacity:0.7;margin-top:14px\" data-nosnippet=\"true\">Osebne izku\u0161nje se lahko razlikujejo. Ni medicinski pripomo\u010dek. Brez obljube o ozdravitvi.<\/p><\/div>\t\t\t\t\t\t\t\t<\/div>\n\t\t\t\t\t<\/div>\n\t\t\t\t<\/div>\n\t\t\t\t\t<\/div>\n\t\t\t\t<\/div>\n\t\t<div class=\"elementor-element elementor-element-iwgw-yersub-disc e-flex e-con-boxed e-con e-parent\" data-id=\"iwgw-yersub-disc\" data-element_type=\"container\" data-e-type=\"container\">\n\t\t\t\t\t<div class=\"e-con-inner\">\n\t\t\t\t<div class=\"elementor-element elementor-element-iwgw-yersub-discw elementor-widget elementor-widget-html\" data-id=\"iwgw-yersub-discw\" data-element_type=\"widget\" data-e-type=\"widget\" data-widget_type=\"html.default\">\n\t\t\t\t\t<footer data-nosnippet=\"true\" class=\"iwg-disclaimer-block\"><p data-nosnippet=\"true\">iWell Guard <strong>ni medicinski pripomo\u010dek<\/strong> in ne nadome\u0161\u010da zdravni\u0161ke ali psihoterapevtske obravnave. Religiologske vsebine so kulturnozgodovinska umestitev, ne priporo\u010dilo za duhovno prakso.<\/p><\/footer>\t\t\t\t<\/div>\n\t\t\t\t\t<\/div>\n\t\t\t\t<\/div>\n\t\t\t\t<\/div>\n\t\t","protected":false},"excerpt":{"rendered":"","protected":false},"author":3,"featured_media":2856,"parent":0,"menu_order":0,"comment_status":"closed","ping_status":"closed","template":"elementor_header_footer","meta":{"_yoast_wpseo_focuskw":"Yer-Sub zemlja voda tengrizem","_yoast_wpseo_title":"Yer-Sub \u2013 tur\u0161ka zemeljsko-vodna mo\u010d, mit in viri","_yoast_wpseo_metadesc":"Yer-Sub v starot\u00fcr\u0161kem tengristi\u010dnem verovanju ozna\u010duje sveti\u0161no mo\u010d zemlje in vode. Religiologska umestitev z viri.","_yoast_wpseo_meta-robots-noindex":"","_yoast_wpseo_canonical":"","_angie_page":false,"gefaehrdungsstufe":"2","wesen_kultur":"sibirisch-tengrismus","wesen_klasse":"geister","footnotes":""},"categories":[],"class_list":["post-160727","page","type-page","status-publish","has-post-thumbnail","hentry"],"yoast_head":"<!-- This site is optimized with the Yoast SEO Premium plugin v27.7 (Yoast SEO v28.3) - https:\/\/yoast.com\/product\/yoast-seo-premium-wordpress\/ -->\n<title>Yer-Sub \u2013 tur\u0161ka zemeljsko-vodna mo\u010d, mit in viri<\/title>\n<meta name=\"description\" content=\"Yer-Sub v starot\u00fcr\u0161kem tengristi\u010dnem verovanju ozna\u010duje sveti\u0161no mo\u010d zemlje in vode. Religiologska umestitev z viri.\" \/>\n<meta name=\"robots\" content=\"index, follow, max-snippet:-1, max-image-preview:large, max-video-preview:-1\" \/>\n<link rel=\"canonical\" href=\"https:\/\/iwell-guard.com\/sl\/yer-sub-zemeljski-vodni-duh-turkov\/\" \/>\n<meta property=\"og:locale\" content=\"sl_SI\" \/>\n<meta property=\"og:type\" content=\"article\" \/>\n<meta property=\"og:title\" content=\"Yer-Sub \u2013 zemeljski in vodni duh Turkov\" \/>\n<meta property=\"og:description\" content=\"Yer-Sub v starot\u00fcr\u0161kem tengristi\u010dnem verovanju ozna\u010duje sveti\u0161no mo\u010d zemlje in vode. Religiologska umestitev z viri.\" \/>\n<meta property=\"og:url\" content=\"https:\/\/iwell-guard.com\/sl\/yer-sub-zemeljski-vodni-duh-turkov\/\" \/>\n<meta property=\"og:site_name\" content=\"iWell Guard\" \/>\n<meta property=\"article:modified_time\" content=\"2026-09-05T00:44:37+00:00\" \/>\n<meta property=\"og:image\" content=\"https:\/\/iwell-guard.com\/wp-content\/uploads\/2026\/05\/geister_sibirisch-tengrismus_yer-sub.webp\" \/>\n\t<meta property=\"og:image:width\" content=\"1024\" \/>\n\t<meta property=\"og:image:height\" content=\"1536\" \/>\n\t<meta property=\"og:image:type\" content=\"image\/webp\" \/>\n<meta name=\"twitter:card\" content=\"summary_large_image\" \/>\n<script type=\"application\/ld+json\" class=\"yoast-schema-graph\">{\"@context\":\"https:\\\/\\\/schema.org\",\"@graph\":[{\"@type\":\"WebPage\",\"@id\":\"https:\\\/\\\/iwell-guard.com\\\/sl\\\/yer-sub-zemeljski-vodni-duh-turkov\\\/\",\"url\":\"https:\\\/\\\/iwell-guard.com\\\/sl\\\/yer-sub-zemeljski-vodni-duh-turkov\\\/\",\"name\":\"Yer-Sub \u2013 tur\u0161ka zemeljsko-vodna mo\u010d, mit in viri\",\"isPartOf\":{\"@id\":\"https:\\\/\\\/iwell-guard.com\\\/sl\\\/#website\"},\"primaryImageOfPage\":{\"@id\":\"https:\\\/\\\/iwell-guard.com\\\/sl\\\/yer-sub-zemeljski-vodni-duh-turkov\\\/#primaryimage\"},\"image\":{\"@id\":\"https:\\\/\\\/iwell-guard.com\\\/sl\\\/yer-sub-zemeljski-vodni-duh-turkov\\\/#primaryimage\"},\"thumbnailUrl\":\"https:\\\/\\\/iwell-guard.com\\\/wp-content\\\/uploads\\\/2026\\\/05\\\/geister_sibirisch-tengrismus_yer-sub.webp\",\"datePublished\":\"2026-09-05T00:24:59+00:00\",\"dateModified\":\"2026-09-05T00:44:37+00:00\",\"description\":\"Yer-Sub v starot\u00fcr\u0161kem tengristi\u010dnem verovanju ozna\u010duje sveti\u0161no mo\u010d zemlje in vode. Religiologska umestitev z viri.\",\"breadcrumb\":{\"@id\":\"https:\\\/\\\/iwell-guard.com\\\/sl\\\/yer-sub-zemeljski-vodni-duh-turkov\\\/#breadcrumb\"},\"inLanguage\":\"sl-SI\",\"potentialAction\":[{\"@type\":\"ReadAction\",\"target\":[\"https:\\\/\\\/iwell-guard.com\\\/sl\\\/yer-sub-zemeljski-vodni-duh-turkov\\\/\"]}]},{\"@type\":\"ImageObject\",\"inLanguage\":\"sl-SI\",\"@id\":\"https:\\\/\\\/iwell-guard.com\\\/sl\\\/yer-sub-zemeljski-vodni-duh-turkov\\\/#primaryimage\",\"url\":\"https:\\\/\\\/iwell-guard.com\\\/wp-content\\\/uploads\\\/2026\\\/05\\\/geister_sibirisch-tengrismus_yer-sub.webp\",\"contentUrl\":\"https:\\\/\\\/iwell-guard.com\\\/wp-content\\\/uploads\\\/2026\\\/05\\\/geister_sibirisch-tengrismus_yer-sub.webp\",\"width\":1024,\"height\":1536,\"caption\":\"Duhovi iz tradicije sibirskega tengrizma.\"},{\"@type\":\"BreadcrumbList\",\"@id\":\"https:\\\/\\\/iwell-guard.com\\\/sl\\\/yer-sub-zemeljski-vodni-duh-turkov\\\/#breadcrumb\",\"itemListElement\":[{\"@type\":\"ListItem\",\"position\":1,\"name\":\"Start\",\"item\":\"https:\\\/\\\/iwell-guard.com\\\/sl\\\/?page_id=160323\"},{\"@type\":\"ListItem\",\"position\":2,\"name\":\"Yer-Sub \u2013 zemeljski in vodni duh Turkov\"}]},{\"@type\":\"WebSite\",\"@id\":\"https:\\\/\\\/iwell-guard.com\\\/sl\\\/#website\",\"url\":\"https:\\\/\\\/iwell-guard.com\\\/sl\\\/\",\"name\":\"iWell Guard\",\"description\":\"Schutz vor dunklen Einfl\u00fcssen\",\"publisher\":{\"@id\":\"https:\\\/\\\/iwell-guard.com\\\/sl\\\/#organization\"},\"potentialAction\":[{\"@type\":\"SearchAction\",\"target\":{\"@type\":\"EntryPoint\",\"urlTemplate\":\"https:\\\/\\\/iwell-guard.com\\\/sl\\\/?s={search_term_string}\"},\"query-input\":{\"@type\":\"PropertyValueSpecification\",\"valueRequired\":true,\"valueName\":\"search_term_string\"}}],\"inLanguage\":\"sl-SI\"},{\"@type\":\"Organization\",\"@id\":\"https:\\\/\\\/iwell-guard.com\\\/sl\\\/#organization\",\"name\":\"Ittermann electronic GmbH\",\"url\":\"https:\\\/\\\/iwell-guard.com\\\/sl\\\/\",\"logo\":{\"@type\":\"ImageObject\",\"inLanguage\":\"sl-SI\",\"@id\":\"https:\\\/\\\/iwell-guard.com\\\/sl\\\/#\\\/schema\\\/logo\\\/image\\\/\",\"url\":\"https:\\\/\\\/iwell-guard.com\\\/wp-content\\\/uploads\\\/2026\\\/05\\\/Ittermann-Logo-1182x237-1.png\",\"contentUrl\":\"https:\\\/\\\/iwell-guard.com\\\/wp-content\\\/uploads\\\/2026\\\/05\\\/Ittermann-Logo-1182x237-1.png\",\"width\":1182,\"height\":237,\"caption\":\"Ittermann electronic GmbH\"},\"image\":{\"@id\":\"https:\\\/\\\/iwell-guard.com\\\/sl\\\/#\\\/schema\\\/logo\\\/image\\\/\"},\"sameAs\":[\"https:\\\/\\\/pantip.com\\\/profile\\\/9367242\",\"https:\\\/\\\/micro.blog\\\/iwellguard\",\"https:\\\/\\\/www.diggerslist.com\\\/iwellguard\\\/about\",\"https:\\\/\\\/skitterphoto.com\\\/photographers\\\/2870314\\\/iwell-guard\",\"https:\\\/\\\/iwellguard.wordpress.com\\\/2026\\\/06\\\/06\\\/iwell-guard\\\/\",\"https:\\\/\\\/hub.docker.com\\\/u\\\/iwellguard\",\"https:\\\/\\\/www.pinterest.com\\\/iwellguard\\\/\",\"https:\\\/\\\/bit.ly\\\/m\\\/iwellguard\",\"https:\\\/\\\/entre-vos-mains.alsace.eu\\\/profiles\\\/iwellguard\\\/activity\",\"https:\\\/\\\/gravatar.com\\\/reallybeded8fd34\",\"https:\\\/\\\/naijamatta.com\\\/iwellguard\",\"https:\\\/\\\/www.goodreads.com\\\/iwellguard\",\"https:\\\/\\\/profile.hatena.ne.jp\\\/iwellguard\\\/\",\"https:\\\/\\\/experiment.com\\\/users\\\/iwellguard\",\"https:\\\/\\\/wakelet.com\\\/@iWellGuard82270\",\"https:\\\/\\\/www.chordie.com\\\/forum\\\/profile.php?id=2555664\",\"https:\\\/\\\/www.instapaper.com\\\/p\\\/17757966\",\"https:\\\/\\\/www.mapleprimes.com\\\/users\\\/iwellguard\",\"https:\\\/\\\/businesslistingplus.com\\\/profile\\\/iwell-guard\\\/\",\"https:\\\/\\\/telegra.ph\\\/iWell-Guard-06-06\",\"https:\\\/\\\/pbase.com\\\/iwellguard\\\/iwellguard\",\"https:\\\/\\\/b.hatena.ne.jp\\\/iwellguard\\\/20260607#bookmark-4788405196491818882\",\"https:\\\/\\\/fliphtml5.com\\\/home\\\/iwellguard\",\"https:\\\/\\\/anyflip.com\\\/homepage\\\/cmiwl#About\",\"https:\\\/\\\/transfur.com\\\/Users\\\/iwellguard\",\"http:\\\/\\\/delphi.larsbo.org\\\/user\\\/iwellguard\",\"https:\\\/\\\/jobs.lajobsportal.org\\\/profiles\\\/8380803-iwell-guard\",\"https:\\\/\\\/md.chaosdorf.de\\\/s\\\/jfbe5SBdJD\",\"https:\\\/\\\/www.lingvolive.com\\\/en-us\\\/profile\\\/9ecaeaca-ce11-4e51-9e71-01d55e2bff36\\\/translations\",\"https:\\\/\\\/www.fitday.com\\\/fitness\\\/forums\\\/members\\\/iwellguard.html\",\"https:\\\/\\\/www.mymeetbook.com\\\/iwellguard\",\"https:\\\/\\\/pxhere.com\\\/en\\\/photographer-me\\\/5040798\",\"https:\\\/\\\/disqus.com\\\/by\\\/iwellguard\\\/about\\\/\",\"https:\\\/\\\/pastelink.net\\\/hjwciqwq\",\"https:\\\/\\\/pubhtml5.com\\\/homepage\\\/scjhn\\\/\",\"https:\\\/\\\/www.bitchute.com\\\/channel\\\/2O2eOKzNqujT\",\"https:\\\/\\\/audiomack.com\\\/iwellguard\"]},{\"@type\":\"Article\",\"@id\":\"https:\\\/\\\/iwell-guard.com\\\/sl\\\/yer-sub-zemeljski-vodni-duh-turkov\\\/#article\",\"isPartOf\":{\"@id\":\"https:\\\/\\\/iwell-guard.com\\\/sl\\\/yer-sub-zemeljski-vodni-duh-turkov\\\/\"},\"author\":{\"name\":\"Ralf Ittermann\",\"@id\":\"https:\\\/\\\/iwell-guard.com\\\/sl\\\/#\\\/schema\\\/person\\\/ee2a27f1cac3406c7c6fb5820cb7349f\"},\"headline\":\"Yer-Sub \u2013 zemeljski in vodni duh Turkov\",\"datePublished\":\"2026-09-05T00:24:59+00:00\",\"dateModified\":\"2026-09-05T00:44:37+00:00\",\"mainEntityOfPage\":{\"@id\":\"https:\\\/\\\/iwell-guard.com\\\/sl\\\/yer-sub-zemeljski-vodni-duh-turkov\\\/\"},\"publisher\":{\"@id\":\"https:\\\/\\\/iwell-guard.com\\\/sl\\\/#organization\"},\"image\":{\"@id\":\"https:\\\/\\\/iwell-guard.com\\\/sl\\\/yer-sub-zemeljski-vodni-duh-turkov\\\/#primaryimage\"},\"thumbnailUrl\":\"https:\\\/\\\/iwell-guard.com\\\/wp-content\\\/uploads\\\/2026\\\/05\\\/geister_sibirisch-tengrismus_yer-sub.webp\",\"inLanguage\":\"sl-SI\",\"description\":\"Yer-Sub v starot\u00fcr\u0161kem tengristi\u010dnem verovanju ozna\u010duje sveti\u0161no mo\u010d zemlje in vode. Religiologska umestitev z viri.\"}]}<\/script>\n<!-- \/ Yoast SEO Premium plugin. -->","yoast_head_json":{"title":"Yer-Sub \u2013 tur\u0161ka zemeljsko-vodna mo\u010d, mit in viri","description":"Yer-Sub v starot\u00fcr\u0161kem tengristi\u010dnem verovanju ozna\u010duje sveti\u0161no mo\u010d zemlje in vode. Religiologska umestitev z viri.","robots":{"index":"index","follow":"follow","max-snippet":"max-snippet:-1","max-image-preview":"max-image-preview:large","max-video-preview":"max-video-preview:-1"},"canonical":"https:\/\/iwell-guard.com\/sl\/yer-sub-zemeljski-vodni-duh-turkov\/","og_locale":"sl_SI","og_type":"article","og_title":"Yer-Sub \u2013 zemeljski in vodni duh Turkov","og_description":"Yer-Sub v starot\u00fcr\u0161kem tengristi\u010dnem verovanju ozna\u010duje sveti\u0161no mo\u010d zemlje in vode. Religiologska umestitev z viri.","og_url":"https:\/\/iwell-guard.com\/sl\/yer-sub-zemeljski-vodni-duh-turkov\/","og_site_name":"iWell Guard","article_modified_time":"2026-09-05T00:44:37+00:00","og_image":[{"width":1024,"height":1536,"url":"https:\/\/iwell-guard.com\/wp-content\/uploads\/2026\/05\/geister_sibirisch-tengrismus_yer-sub.webp","type":"image\/webp"}],"twitter_card":"summary_large_image","schema":{"@context":"https:\/\/schema.org","@graph":[{"@type":"Article","@id":"https:\/\/iwell-guard.com\/sl\/yer-sub-zemeljski-vodni-duh-turkov\/#article","isPartOf":{"@id":"https:\/\/iwell-guard.com\/sl\/yer-sub-zemeljski-vodni-duh-turkov\/"},"author":{"name":"Ralf Ittermann","@id":"https:\/\/iwell-guard.com\/sl\/#\/schema\/person\/ee2a27f1cac3406c7c6fb5820cb7349f"},"headline":"Yer-Sub \u2013 zemeljski in vodni duh Turkov","datePublished":"2026-09-05T00:24:59+00:00","dateModified":"2026-09-05T00:44:37+00:00","mainEntityOfPage":{"@id":"https:\/\/iwell-guard.com\/sl\/yer-sub-zemeljski-vodni-duh-turkov\/"},"publisher":{"@id":"https:\/\/iwell-guard.com\/sl\/#organization"},"image":{"@id":"https:\/\/iwell-guard.com\/sl\/yer-sub-zemeljski-vodni-duh-turkov\/#primaryimage"},"thumbnailUrl":"https:\/\/iwell-guard.com\/wp-content\/uploads\/2026\/05\/geister_sibirisch-tengrismus_yer-sub.webp","inLanguage":"sl-SI","description":"Yer-Sub v starot\u00fcr\u0161kem tengristi\u010dnem verovanju ozna\u010duje sveti\u0161no mo\u010d zemlje in vode. Religiologska umestitev z viri."},{"@type":"WebPage","@id":"https:\/\/iwell-guard.com\/sl\/yer-sub-zemeljski-vodni-duh-turkov\/","url":"https:\/\/iwell-guard.com\/sl\/yer-sub-zemeljski-vodni-duh-turkov\/","name":"Yer-Sub \u2013 tur\u0161ka zemeljsko-vodna mo\u010d, mit in viri","isPartOf":{"@id":"https:\/\/iwell-guard.com\/sl\/#website"},"primaryImageOfPage":{"@id":"https:\/\/iwell-guard.com\/sl\/yer-sub-zemeljski-vodni-duh-turkov\/#primaryimage"},"image":{"@id":"https:\/\/iwell-guard.com\/sl\/yer-sub-zemeljski-vodni-duh-turkov\/#primaryimage"},"thumbnailUrl":"https:\/\/iwell-guard.com\/wp-content\/uploads\/2026\/05\/geister_sibirisch-tengrismus_yer-sub.webp","datePublished":"2026-09-05T00:24:59+00:00","dateModified":"2026-09-05T00:44:37+00:00","description":"Yer-Sub v starot\u00fcr\u0161kem tengristi\u010dnem verovanju ozna\u010duje sveti\u0161no mo\u010d zemlje in vode. Religiologska umestitev z viri.","breadcrumb":{"@id":"https:\/\/iwell-guard.com\/sl\/yer-sub-zemeljski-vodni-duh-turkov\/#breadcrumb"},"inLanguage":"sl-SI","potentialAction":[{"@type":"ReadAction","target":["https:\/\/iwell-guard.com\/sl\/yer-sub-zemeljski-vodni-duh-turkov\/"]}]},{"@type":"ImageObject","inLanguage":"sl-SI","@id":"https:\/\/iwell-guard.com\/sl\/yer-sub-zemeljski-vodni-duh-turkov\/#primaryimage","url":"https:\/\/iwell-guard.com\/wp-content\/uploads\/2026\/05\/geister_sibirisch-tengrismus_yer-sub.webp","contentUrl":"https:\/\/iwell-guard.com\/wp-content\/uploads\/2026\/05\/geister_sibirisch-tengrismus_yer-sub.webp","width":1024,"height":1536,"caption":"Duhovi iz tradicije sibirskega tengrizma."},{"@type":"BreadcrumbList","@id":"https:\/\/iwell-guard.com\/sl\/yer-sub-zemeljski-vodni-duh-turkov\/#breadcrumb","itemListElement":[{"@type":"ListItem","position":1,"name":"Start","item":"https:\/\/iwell-guard.com\/sl\/?page_id=160323"},{"@type":"ListItem","position":2,"name":"Yer-Sub \u2013 zemeljski in vodni duh Turkov"}]},{"@type":"WebSite","@id":"https:\/\/iwell-guard.com\/sl\/#website","url":"https:\/\/iwell-guard.com\/sl\/","name":"iWell Guard","description":"Schutz vor dunklen Einfl\u00fcssen","publisher":{"@id":"https:\/\/iwell-guard.com\/sl\/#organization"},"potentialAction":[{"@type":"SearchAction","target":{"@type":"EntryPoint","urlTemplate":"https:\/\/iwell-guard.com\/sl\/?s={search_term_string}"},"query-input":{"@type":"PropertyValueSpecification","valueRequired":true,"valueName":"search_term_string"}}],"inLanguage":"sl-SI"},{"@type":"Organization","@id":"https:\/\/iwell-guard.com\/sl\/#organization","name":"Ittermann electronic GmbH","url":"https:\/\/iwell-guard.com\/sl\/","logo":{"@type":"ImageObject","inLanguage":"sl-SI","@id":"https:\/\/iwell-guard.com\/sl\/#\/schema\/logo\/image\/","url":"https:\/\/iwell-guard.com\/wp-content\/uploads\/2026\/05\/Ittermann-Logo-1182x237-1.png","contentUrl":"https:\/\/iwell-guard.com\/wp-content\/uploads\/2026\/05\/Ittermann-Logo-1182x237-1.png","width":1182,"height":237,"caption":"Ittermann electronic GmbH"},"image":{"@id":"https:\/\/iwell-guard.com\/sl\/#\/schema\/logo\/image\/"},"sameAs":["https:\/\/pantip.com\/profile\/9367242","https:\/\/micro.blog\/iwellguard","https:\/\/www.diggerslist.com\/iwellguard\/about","https:\/\/skitterphoto.com\/photographers\/2870314\/iwell-guard","https:\/\/iwellguard.wordpress.com\/2026\/06\/06\/iwell-guard\/","https:\/\/hub.docker.com\/u\/iwellguard","https:\/\/www.pinterest.com\/iwellguard\/","https:\/\/bit.ly\/m\/iwellguard","https:\/\/entre-vos-mains.alsace.eu\/profiles\/iwellguard\/activity","https:\/\/gravatar.com\/reallybeded8fd34","https:\/\/naijamatta.com\/iwellguard","https:\/\/www.goodreads.com\/iwellguard","https:\/\/profile.hatena.ne.jp\/iwellguard\/","https:\/\/experiment.com\/users\/iwellguard","https:\/\/wakelet.com\/@iWellGuard82270","https:\/\/www.chordie.com\/forum\/profile.php?id=2555664","https:\/\/www.instapaper.com\/p\/17757966","https:\/\/www.mapleprimes.com\/users\/iwellguard","https:\/\/businesslistingplus.com\/profile\/iwell-guard\/","https:\/\/telegra.ph\/iWell-Guard-06-06","https:\/\/pbase.com\/iwellguard\/iwellguard","https:\/\/b.hatena.ne.jp\/iwellguard\/20260607#bookmark-4788405196491818882","https:\/\/fliphtml5.com\/home\/iwellguard","https:\/\/anyflip.com\/homepage\/cmiwl#About","https:\/\/transfur.com\/Users\/iwellguard","http:\/\/delphi.larsbo.org\/user\/iwellguard","https:\/\/jobs.lajobsportal.org\/profiles\/8380803-iwell-guard","https:\/\/md.chaosdorf.de\/s\/jfbe5SBdJD","https:\/\/www.lingvolive.com\/en-us\/profile\/9ecaeaca-ce11-4e51-9e71-01d55e2bff36\/translations","https:\/\/www.fitday.com\/fitness\/forums\/members\/iwellguard.html","https:\/\/www.mymeetbook.com\/iwellguard","https:\/\/pxhere.com\/en\/photographer-me\/5040798","https:\/\/disqus.com\/by\/iwellguard\/about\/","https:\/\/pastelink.net\/hjwciqwq","https:\/\/pubhtml5.com\/homepage\/scjhn\/","https:\/\/www.bitchute.com\/channel\/2O2eOKzNqujT","https:\/\/audiomack.com\/iwellguard"]},{"@type":"Person","@id":"https:\/\/iwell-guard.com\/sl\/#\/schema\/person\/ee2a27f1cac3406c7c6fb5820cb7349f","name":"Ralf Ittermann","image":{"@type":"ImageObject","inLanguage":"sl-SI","@id":"https:\/\/secure.gravatar.com\/avatar\/073c0153e350a5005b68eb752b445fea71f6b24a26da9449ad7e155e6b446c9d?s=96&d=mm&r=g","url":"https:\/\/secure.gravatar.com\/avatar\/073c0153e350a5005b68eb752b445fea71f6b24a26da9449ad7e155e6b446c9d?s=96&d=mm&r=g","contentUrl":"https:\/\/secure.gravatar.com\/avatar\/073c0153e350a5005b68eb752b445fea71f6b24a26da9449ad7e155e6b446c9d?s=96&d=mm&r=g","caption":"Ralf Ittermann"},"givenName":"Ralf","familyName":"Ittermann","jobTitle":"Gesch\u00e4ftsf\u00fchrer und redaktioneller Verantwortlicher","url":"https:\/\/iwell-guard.com\/sl\/author\/claude\/","description":"Ralf Ittermann ist Gesch\u00e4ftsf\u00fchrer der Ittermann electronic GmbH und redaktioneller Verantwortlicher des iWell-Guard-Lexikons. Er verbindet langj\u00e4hrige Erfahrung in der Pr\u00e4zisionsfertigung mit medialer Praxis und religionsgeschichtlicher Quellenarbeit.","worksFor":{"@type":"Organization","name":"Ittermann electronic GmbH","url":"https:\/\/ittermann.de\/","address":{"@type":"PostalAddress","streetAddress":"K\u00f6hlergasse 16-18","postalCode":"99842","addressLocality":"Ruhla","addressCountry":"DE"}},"knowsAbout":["Religionsgeschichte","Mythologie","Mediale Praxis","Energetische Diagnostik","Schutzpraxis","Volksglauben","Westliche Esoterik"]},{"@type":"Article","@id":"https:\/\/iwell-guard.com\/sl\/yer-sub-zemeljski-vodni-duh-turkov\/#article","isPartOf":{"@id":"https:\/\/iwell-guard.com\/sl\/yer-sub-zemeljski-vodni-duh-turkov\/"},"author":{"name":"Ralf Ittermann","@id":"https:\/\/iwell-guard.com\/sl\/#\/schema\/person\/ee2a27f1cac3406c7c6fb5820cb7349f"},"headline":"Yer-Sub \u2013 zemeljski in vodni duh Turkov","datePublished":"2026-09-05T00:24:59+00:00","dateModified":"2026-09-05T00:44:37+00:00","mainEntityOfPage":{"@id":"https:\/\/iwell-guard.com\/sl\/yer-sub-zemeljski-vodni-duh-turkov\/"},"publisher":{"@id":"https:\/\/iwell-guard.com\/sl\/#organization"},"image":{"@id":"https:\/\/iwell-guard.com\/sl\/yer-sub-zemeljski-vodni-duh-turkov\/#primaryimage"},"thumbnailUrl":"https:\/\/iwell-guard.com\/wp-content\/uploads\/2026\/05\/geister_sibirisch-tengrismus_yer-sub.webp","inLanguage":"sl-SI","description":"Yer-Sub v starot\u00fcr\u0161kem tengristi\u010dnem verovanju ozna\u010duje sveti\u0161no mo\u010d zemlje in vode. Religiologska umestitev z viri."}]}},"_links":{"self":[{"href":"https:\/\/iwell-guard.com\/sl\/wp-json\/wp\/v2\/pages\/160727","targetHints":{"allow":["GET"]}}],"collection":[{"href":"https:\/\/iwell-guard.com\/sl\/wp-json\/wp\/v2\/pages"}],"about":[{"href":"https:\/\/iwell-guard.com\/sl\/wp-json\/wp\/v2\/types\/page"}],"author":[{"embeddable":true,"href":"https:\/\/iwell-guard.com\/sl\/wp-json\/wp\/v2\/users\/3"}],"replies":[{"embeddable":true,"href":"https:\/\/iwell-guard.com\/sl\/wp-json\/wp\/v2\/comments?post=160727"}],"version-history":[{"count":0,"href":"https:\/\/iwell-guard.com\/sl\/wp-json\/wp\/v2\/pages\/160727\/revisions"}],"wp:featuredmedia":[{"embeddable":true,"href":"https:\/\/iwell-guard.com\/sl\/wp-json\/wp\/v2\/media\/2856"}],"wp:attachment":[{"href":"https:\/\/iwell-guard.com\/sl\/wp-json\/wp\/v2\/media?parent=160727"}],"wp:term":[{"taxonomy":"category","embeddable":true,"href":"https:\/\/iwell-guard.com\/sl\/wp-json\/wp\/v2\/categories?post=160727"}],"curies":[{"name":"wp","href":"https:\/\/api.w.org\/{rel}","templated":true}]}}