{"id":160726,"date":"2026-09-05T00:24:59","date_gmt":"2026-09-05T00:24:59","guid":{"rendered":"https:\/\/iwell-guard.com\/?page_id=160726"},"modified":"2026-09-05T00:44:33","modified_gmt":"2026-09-05T00:44:33","slug":"ulgen-bog-svetlobe-altajcev","status":"publish","type":"page","link":"https:\/\/iwell-guard.com\/sl\/ulgen-bog-svetlobe-altajcev\/","title":{"rendered":"\u00dclgen \u2013 bog svetlobe Altajcev"},"content":{"rendered":"\t\t<div data-elementor-type=\"wp-page\" data-elementor-id=\"160726\" class=\"elementor elementor-160726 elementor-2637 elementor-bc-flex-widget\" data-elementor-post-type=\"page\">\n\t\t\t\t<div class=\"elementor-element elementor-element-iwgw-uelgen-hero e-flex e-con-boxed e-con e-parent\" data-id=\"iwgw-uelgen-hero\" data-element_type=\"container\" data-e-type=\"container\" data-settings=\"{&quot;background_background&quot;:&quot;classic&quot;}\">\n\t\t\t\t\t<div class=\"e-con-inner\">\n\t\t<div class=\"elementor-element elementor-element-iwgw-uelgen-hl e-flex e-con-boxed e-con e-child\" data-id=\"iwgw-uelgen-hl\" data-element_type=\"container\" data-e-type=\"container\">\n\t\t\t\t\t<div class=\"e-con-inner\">\n\t\t<div class=\"elementor-element elementor-element-iwgw-uelgen-htxt e-con-full e-flex e-con e-child\" data-id=\"iwgw-uelgen-htxt\" data-element_type=\"container\" data-e-type=\"container\">\n\t\t\t\t<div class=\"elementor-element elementor-element-iwgw-uelgen-h1 elementor-widget elementor-widget-heading\" data-id=\"iwgw-uelgen-h1\" data-element_type=\"widget\" data-e-type=\"widget\" data-widget_type=\"heading.default\">\n\t\t\t\t\t<h1 class=\"elementor-heading-title elementor-size-default\">\u00dclgen, altajski bog svetlobe in stvarnik zgornjega sveta<\/h1>\t\t\t\t<\/div>\n\t\t\t\t<div class=\"elementor-element elementor-element-iwgw-uelgen-lead elementor-widget elementor-widget-text-editor\" data-id=\"iwgw-uelgen-lead\" data-element_type=\"widget\" data-e-type=\"widget\" data-widget_type=\"text-editor.default\">\n\t\t\t\t\t\t\t\t\t<p>\u00dclgen (starotursko <em>\u00dclg\u00e4n<\/em>) je v ju\u017enosibirsko-tengristi\u010dni veri stvarnik in bog svetlobe zgornjega sveta, varuh belih \u0161amanov in mitolo\u0161ki nasprotnik vladarja podzemlja <a href=\"https:\/\/iwell-guard.com\/sl\/?page_id=160725\">Erlik Kana<\/a>.<\/p>\t\t\t\t\t\t\t\t<\/div>\n\t\t\t\t<\/div>\n\t\t<div class=\"elementor-element elementor-element-iwgw-uelgen-pillc e-con-full e-flex e-con e-child\" data-id=\"iwgw-uelgen-pillc\" data-element_type=\"container\" data-e-type=\"container\">\n\t\t\t\t<div class=\"elementor-element elementor-element-iwgw-uelgen-pills elementor-widget elementor-widget-html\" data-id=\"iwgw-uelgen-pills\" data-element_type=\"widget\" data-e-type=\"widget\" data-widget_type=\"html.default\">\n\t\t\t\t\t<div class=\"iwg-pill-row\"><span class=\"iwg-klasse-badge\" tabindex=\"0\" data-tooltip=\"Stvarnik tradicije Sibirija \/ tengrizem.\">Stvarnik<\/span><a href=\"https:\/\/iwell-guard.com\/sl\/sibirski-samanizem-in-tengrizem-step-in-tajga\/\" class=\"iwg-kultur-badge\" tabindex=\"0\" data-tooltip=\"Mitologija tradicije Sibirija \/ tengrizem.\">Sibirija \/ tengrizem<\/a><span class=\"iwg-tradition-badge\" tabindex=\"0\" data-tooltip=\"Visoko bo\u017eanstvo.\">Visoko bo\u017eanstvo<\/span><\/div>\t\t\t\t<\/div>\n\t\t\t\t<\/div>\n\t\t<div class=\"elementor-element elementor-element-iwgw-uelgen-tocc e-con-full e-flex e-con e-child\" data-id=\"iwgw-uelgen-tocc\" data-element_type=\"container\" data-e-type=\"container\">\n\t\t\t\t<div class=\"elementor-element elementor-element-iwgw-uelgen-toc elementor-toc--minimized-on-tablet elementor-widget elementor-widget-table-of-contents\" data-id=\"iwgw-uelgen-toc\" data-element_type=\"widget\" data-e-type=\"widget\" data-settings=\"{&quot;headings_by_tags&quot;:[&quot;h2&quot;,&quot;h3&quot;],&quot;minimize_box&quot;:&quot;yes&quot;,&quot;marker_view&quot;:&quot;bullets&quot;,&quot;no_headings_message&quot;:&quot;Na tej strani ni najdenih naslovov.&quot;,&quot;exclude_headings_by_selector&quot;:[],&quot;icon&quot;:{&quot;value&quot;:&quot;fas fa-circle&quot;,&quot;library&quot;:&quot;fa-solid&quot;,&quot;rendered_tag&quot;:&quot;&lt;svg class=\\&quot;e-font-icon-svg e-fas-circle\\&quot; viewBox=\\&quot;0 0 512 512\\&quot; xmlns=\\&quot;http:\\\/\\\/www.w3.org\\\/2000\\\/svg\\&quot;&gt;&lt;path d=\\&quot;M256 8C119 8 8 119 8 256s111 248 248 248 248-111 248-248S393 8 256 8z\\&quot;&gt;&lt;\\\/path&gt;&lt;\\\/svg&gt;&quot;},&quot;minimized_on&quot;:&quot;tablet&quot;,&quot;hierarchical_view&quot;:&quot;yes&quot;,&quot;min_height&quot;:{&quot;unit&quot;:&quot;px&quot;,&quot;size&quot;:&quot;&quot;,&quot;sizes&quot;:[]},&quot;min_height_tablet&quot;:{&quot;unit&quot;:&quot;px&quot;,&quot;size&quot;:&quot;&quot;,&quot;sizes&quot;:[]},&quot;min_height_mobile&quot;:{&quot;unit&quot;:&quot;px&quot;,&quot;size&quot;:&quot;&quot;,&quot;sizes&quot;:[]}}\" data-widget_type=\"table-of-contents.default\">\n\t\t\t\t\t\t\t\t\t<div class=\"elementor-toc__header\">\n\t\t\t\t\t\t<h2 class=\"elementor-toc__header-title\">\n\t\t\t\tKazalo vsebine\t\t\t<\/h2>\n\t\t\t\t\t\t\t\t\t\t<div class=\"elementor-toc__toggle-button elementor-toc__toggle-button--expand\" role=\"button\" tabindex=\"0\" aria-controls=\"elementor-toc__iwgw-uelgen-toc\" aria-expanded=\"true\" aria-label=\"Open table of contents\"><svg aria-hidden=\"true\" class=\"e-font-icon-svg e-fas-chevron-down\" viewBox=\"0 0 448 512\" xmlns=\"http:\/\/www.w3.org\/2000\/svg\"><path d=\"M207.029 381.476L12.686 187.132c-9.373-9.373-9.373-24.569 0-33.941l22.667-22.667c9.357-9.357 24.522-9.375 33.901-.04L224 284.505l154.745-154.021c9.379-9.335 24.544-9.317 33.901.04l22.667 22.667c9.373 9.373 9.373 24.569 0 33.941L240.971 381.476c-9.373 9.372-24.569 9.372-33.942 0z\"><\/path><\/svg><\/div>\n\t\t\t\t<div class=\"elementor-toc__toggle-button elementor-toc__toggle-button--collapse\" role=\"button\" tabindex=\"0\" aria-controls=\"elementor-toc__iwgw-uelgen-toc\" aria-expanded=\"true\" aria-label=\"Close table of contents\"><svg aria-hidden=\"true\" class=\"e-font-icon-svg e-fas-chevron-up\" viewBox=\"0 0 448 512\" xmlns=\"http:\/\/www.w3.org\/2000\/svg\"><path d=\"M240.971 130.524l194.343 194.343c9.373 9.373 9.373 24.569 0 33.941l-22.667 22.667c-9.357 9.357-24.522 9.375-33.901.04L224 227.495 69.255 381.516c-9.379 9.335-24.544 9.317-33.901-.04l-22.667-22.667c-9.373-9.373-9.373-24.569 0-33.941L207.03 130.525c9.372-9.373 24.568-9.373 33.941-.001z\"><\/path><\/svg><\/div>\n\t\t\t\t\t<\/div>\n\t\t\t\t<div id=\"elementor-toc__iwgw-uelgen-toc\" class=\"elementor-toc__body\">\n\t\t\t<div class=\"elementor-toc__spinner-container\">\n\t\t\t\t<svg class=\"elementor-toc__spinner eicon-animation-spin e-font-icon-svg e-eicon-loading\" aria-hidden=\"true\" viewBox=\"0 0 1000 1000\" xmlns=\"http:\/\/www.w3.org\/2000\/svg\"><path d=\"M500 975V858C696 858 858 696 858 500S696 142 500 142 142 304 142 500H25C25 237 238 25 500 25S975 237 975 500 763 975 500 975Z\"><\/path><\/svg>\t\t\t<\/div>\n\t\t<\/div>\n\t\t\t\t\t\t<\/div>\n\t\t\t\t<\/div>\n\t\t\t\t\t<\/div>\n\t\t\t\t<\/div>\n\t\t<div class=\"elementor-element elementor-element-iwgw-uelgen-hr e-con-full e-flex e-con e-child\" data-id=\"iwgw-uelgen-hr\" data-element_type=\"container\" data-e-type=\"container\">\n\t\t\t\t<div class=\"elementor-element elementor-element-iwgw-uelgen-heroimg iwg-hero-image elementor-widget elementor-widget-image\" data-id=\"iwgw-uelgen-heroimg\" data-element_type=\"widget\" data-e-type=\"widget\" data-widget_type=\"image.default\">\n\t\t\t\t\t\t\t\t\t\t\t\t\t\t\t<img fetchpriority=\"high\" decoding=\"async\" width=\"683\" height=\"1024\" src=\"https:\/\/iwell-guard.com\/wp-content\/uploads\/2026\/05\/goetter_sibirisch-tengrismus_uelgen-683x1024.webp\" class=\"attachment-large size-large wp-image-162543\" alt=\"Uelgen - bogovi iz sibirsko-tengrijske tradicije, zgodovinsko-ilustrativno\" srcset=\"https:\/\/iwell-guard.com\/wp-content\/uploads\/2026\/05\/goetter_sibirisch-tengrismus_uelgen-683x1024.webp 683w, https:\/\/iwell-guard.com\/wp-content\/uploads\/2026\/05\/goetter_sibirisch-tengrismus_uelgen-200x300.webp 200w, https:\/\/iwell-guard.com\/wp-content\/uploads\/2026\/05\/goetter_sibirisch-tengrismus_uelgen-768x1152.webp 768w, https:\/\/iwell-guard.com\/wp-content\/uploads\/2026\/05\/goetter_sibirisch-tengrismus_uelgen.webp 1024w\" sizes=\"(max-width: 683px) 100vw, 683px\" \/>\t\t\t\t\t\t\t\t\t\t\t\t\t\t\t<\/div>\n\t\t\t\t<\/div>\n\t\t\t\t\t<\/div>\n\t\t\t\t<\/div>\n\t\t\t\t<section class=\"elementor-section elementor-top-section elementor-element elementor-element-sec-iwgcomp-uelgen elementor-section-boxed elementor-section-height-default elementor-section-height-default\" data-id=\"sec-iwgcomp-uelgen\" data-element_type=\"section\" data-e-type=\"section\">\n\t\t\t\t\t\t<div class=\"elementor-container elementor-column-gap-default\">\n\t\t\t\t\t<div class=\"elementor-column elementor-col-100 elementor-top-column elementor-element elementor-element-col-iwgcomp-uelgen\" data-id=\"col-iwgcomp-uelgen\" data-element_type=\"column\" data-e-type=\"column\">\n\t\t\t<div class=\"elementor-widget-wrap elementor-element-populated\">\n\t\t\t\t\t\t<div class=\"elementor-element elementor-element-iwgcomp-uelgen elementor-widget elementor-widget-text-editor\" data-id=\"iwgcomp-uelgen\" data-element_type=\"widget\" data-e-type=\"widget\" data-widget_type=\"text-editor.default\">\n\t\t\t\t\t\t\t\t\t<p>\u00dclgen, <strong>altajski bog svetlobe<\/strong>, velja v altajskem <span class=\"iwg-fachbegriff\" data-tooltip=\"Religiozni sistem, v katerem specialisti ob\u010dujejo z duhovnim svetom.\" tabindex=\"0\">\u0161amanizmu<\/span> za stvarnika in najvi\u0161je vrhovno bo\u017eanstvo zgornjega sveta.<\/p>\t\t\t\t\t\t\t\t<\/div>\n\t\t\t\t\t<\/div>\n\t\t<\/div>\n\t\t\t\t\t<\/div>\n\t\t<\/section>\n\t\t<div class=\"elementor-element elementor-element-iwgw-uelgen-s0 e-flex e-con-boxed e-con e-parent\" data-id=\"iwgw-uelgen-s0\" data-element_type=\"container\" data-e-type=\"container\">\n\t\t\t\t\t<div class=\"e-con-inner\">\n\t\t\t\t<div class=\"elementor-element elementor-element-iwgw-uelgen-s0h elementor-widget elementor-widget-heading\" data-id=\"iwgw-uelgen-s0h\" data-element_type=\"widget\" data-e-type=\"widget\" data-widget_type=\"heading.default\">\n\t\t\t\t\t<h2 class=\"elementor-heading-title elementor-size-default\">Umestitev in kratek profil<\/h2>\t\t\t\t<\/div>\n\t\t<div class=\"elementor-element elementor-element-iwgw-uelgen-s0c e-con-full e-flex e-con e-child\" data-id=\"iwgw-uelgen-s0c\" data-element_type=\"container\" data-e-type=\"container\">\n\t\t\t\t<div class=\"elementor-element elementor-element-iwgw-uelgen-s0t elementor-widget elementor-widget-text-editor\" data-id=\"iwgw-uelgen-s0t\" data-element_type=\"widget\" data-e-type=\"widget\" data-widget_type=\"text-editor.default\">\n\t\t\t\t\t\t\t\t\t<p>\u00dclgen je specializacija kompleksa vrhovnega bo\u017eanstva <a href=\"https:\/\/iwell-guard.com\/sl\/?page_id=160723\">Tengrija<\/a> znotraj altajske, telengitske, \u0161orske in tuvinske religije. Medtem ko je Tengri celoten nebesni svod, \u00dclgen prebiva v zgornjih devetih nebesih in velja za osebno nagovorljivega stvarni\u0161kega akterja. Anohin ga je leta 1924 opredelil kot \u00bbpravega pro\u0161enega vrhovnega boga Altajcev\u00ab.<\/p><p>Znotraj <a href=\"https:\/\/iwell-guard.com\/sl\/sibirski-samanizem-in-tengrizem-step-in-tajga\/\">sibirsko-tengristi\u010dne tradicije<\/a> je \u00dclgen zgornja konica ve\u010d\u010dlenske bo\u017eje hi\u0161e; <a href=\"https:\/\/iwell-guard.com\/sl\/?page_id=160725\">Erlik Kan<\/a> je njegov dualni nasprotnik, <a href=\"https:\/\/iwell-guard.com\/sl\/?page_id=160727\">Yer-Sub<\/a> pa njegova z zemljo povezana dopolnitev.<\/p><p>Religiosociolo\u0161ka poanta \u00dclgena je, da za razliko od oddaljenega Tengrija predstavlja aktivnega stvarni\u0161kega akterja, ki ga je mogo\u010de neposredno nagovoriti. S tem zapolnjuje vrzel, ki jo pu\u0161\u010da <em>deus otiosus<\/em> Tengri; v tej funkciji je tipolo\u0161ko bolj primerljiv z gr\u0161kim Zevsom ali severnim Odinom kot z brezmejnim nebom samim.<\/p>\t\t\t\t\t\t\t\t<\/div>\n\t\t\t\t<\/div>\n\t\t\t\t\t<\/div>\n\t\t\t\t<\/div>\n\t\t<div class=\"elementor-element elementor-element-iwgw-uelgen-s1 e-flex e-con-boxed e-con e-parent\" data-id=\"iwgw-uelgen-s1\" data-element_type=\"container\" data-e-type=\"container\">\n\t\t\t\t\t<div class=\"e-con-inner\">\n\t\t\t\t<div class=\"elementor-element elementor-element-iwgw-uelgen-s1h elementor-widget elementor-widget-heading\" data-id=\"iwgw-uelgen-s1h\" data-element_type=\"widget\" data-e-type=\"widget\" data-widget_type=\"heading.default\">\n\t\t\t\t\t<h2 class=\"elementor-heading-title elementor-size-default\">Ime in etimologija<\/h2>\t\t\t\t<\/div>\n\t\t<div class=\"elementor-element elementor-element-iwgw-uelgen-s1c e-con-full e-flex e-con e-child\" data-id=\"iwgw-uelgen-s1c\" data-element_type=\"container\" data-e-type=\"container\">\n\t\t\t\t<div class=\"elementor-element elementor-element-iwgw-uelgen-s1t elementor-widget elementor-widget-text-editor\" data-id=\"iwgw-uelgen-s1t\" data-element_type=\"widget\" data-e-type=\"widget\" data-widget_type=\"text-editor.default\">\n\t\t\t\t\t\t\t\t\t<p>Beseda <em>\u00fclg\u00e4n \/ \u00fclgen<\/em> je starotursko in v raziskavah povezana s pomeni \u00bbvelik, vzvi\u0161en, mogo\u010den\u00ab; v nekaterih slovarjih tudi \u00bbdelitelj, ta, ki razdeljuje\u00ab (iz <em>\u00fcl\u0113-<\/em>, \u00bbdeliti, razdeljevati\u00ab), kar se ujema s predstavo, da razdeljuje \u017eivljenjske dele\u017ee med ljudi. Sorodne oblike so haka\u0161ka <em>\u00dclg\u00e4n<\/em>, \u0161orska <em>\u00dclgen<\/em>.<\/p><p>Pri Mongolih ne obstaja neposredna vzporednica; tam to vlogo delno prevzema <em>M\u00f6ngke Tngri<\/em>, delno pa budisti\u010dno zaznamovani bodhisattve, kot je <a href=\"https:\/\/iwell-guard.com\/sl\/?page_id=160728\">Khormusta<\/a>. Ta asimetrija dela \u00dclgena za specifi\u010dno ju\u017enosibirsko-tur\u0161ko pojavo.<\/p><p>Alternativna etimologija povezuje ime z <em>\u00fcligen<\/em>, \u00bbta, ki podarja\u00ab, kar se sklada z mitolo\u0161ko predstavo, da \u00dclgen razdeljuje bogastvo in rodovitnost. Obe etimologiji sta jezikovnozgodovinsko zdru\u017eljivi in sta morda zgodovinsko delovali skupaj.<\/p>\t\t\t\t\t\t\t\t<\/div>\n\t\t\t\t<\/div>\n\t\t\t\t\t<\/div>\n\t\t\t\t<\/div>\n\t\t<div class=\"elementor-element elementor-element-iwgw-uelgen-s2 e-flex e-con-boxed e-con e-parent\" data-id=\"iwgw-uelgen-s2\" data-element_type=\"container\" data-e-type=\"container\">\n\t\t\t\t\t<div class=\"e-con-inner\">\n\t\t\t\t<div class=\"elementor-element elementor-element-iwgw-uelgen-s2h elementor-widget elementor-widget-heading\" data-id=\"iwgw-uelgen-s2h\" data-element_type=\"widget\" data-e-type=\"widget\" data-widget_type=\"heading.default\">\n\t\t\t\t\t<h2 class=\"elementor-heading-title elementor-size-default\">Opis in ikonografija<\/h2>\t\t\t\t<\/div>\n\t\t<div class=\"elementor-element elementor-element-iwgw-uelgen-s2c e-con-full e-flex e-con e-child\" data-id=\"iwgw-uelgen-s2c\" data-element_type=\"container\" data-e-type=\"container\">\n\t\t\t\t<div class=\"elementor-element elementor-element-iwgw-uelgen-s2t elementor-widget elementor-widget-text-editor\" data-id=\"iwgw-uelgen-s2t\" data-element_type=\"widget\" data-e-type=\"widget\" data-widget_type=\"text-editor.default\">\n\t\t\t\t\t\t\t\t\t<p>\u00dclgen je opisan kot starec z belo brado, ki sedi na zlatem prestolu v najvi\u0161jem nebu. Nosi pla\u0161\u010d, vtkan s soncem in luno, v desni roki dr\u017ei svetle\u010d lok iz mavri\u010dne snovi, v levi pa kupo, polno kobiljega mleka. Njegov sel je bel orel.<\/p><p>V altajskih diagramih bobna pri Anohinu in Potapovu stoji \u00dclgen na samem vrhu; pod njim se vejijo devet h\u010der (<em>Kysh-Kyz<\/em>) in devet sinov, ki vladajo posameznim nebesnim obmo\u010djem. Ta mitologija devetih sinov in h\u010der je klasi\u010dna sibirska ikonografija vrhovnega bo\u017eanstva, ki se ponovi tudi pri <a href=\"https:\/\/iwell-guard.com\/sl\/?page_id=160725\">Erlik Kanu<\/a>, vendar zrcalno navzdol.<\/p><p>V sodobnem kontekstu Republike Altaj je bila ikonografija \u00dclgena poenotena; znana stenska slika v kulturnem domu v Gorno-Altajsku ga prikazuje v standardni obliki belobradega starca. Ta sodobna ikonografija izhaja iz Anohinovih etnografskih skic in ustvarja zaklju\u010deno podobo, ki v zgodovinskem gradivu v tak\u0161ni obliki nikoli ni obstajala.<\/p>\t\t\t\t\t\t\t\t<\/div>\n\t\t\t\t<\/div>\n\t\t\t\t\t<\/div>\n\t\t\t\t<\/div>\n\t\t<div class=\"elementor-element elementor-element-iwgw-uelgen-s3 e-flex e-con-boxed e-con e-parent\" data-id=\"iwgw-uelgen-s3\" data-element_type=\"container\" data-e-type=\"container\">\n\t\t\t\t\t<div class=\"e-con-inner\">\n\t\t\t\t<div class=\"elementor-element elementor-element-iwgw-uelgen-s3h elementor-widget elementor-widget-heading\" data-id=\"iwgw-uelgen-s3h\" data-element_type=\"widget\" data-e-type=\"widget\" data-widget_type=\"heading.default\">\n\t\t\t\t\t<h2 class=\"elementor-heading-title elementor-size-default\">Mitolo\u0161ka pripovedovanja<\/h2>\t\t\t\t<\/div>\n\t\t<div class=\"elementor-element elementor-element-iwgw-uelgen-s3c e-con-full e-flex e-con e-child\" data-id=\"iwgw-uelgen-s3c\" data-element_type=\"container\" data-e-type=\"container\">\n\t\t\t\t<div class=\"elementor-element elementor-element-iwgw-uelgen-s3t elementor-widget elementor-widget-text-editor\" data-id=\"iwgw-uelgen-s3t\" data-element_type=\"widget\" data-e-type=\"widget\" data-widget_type=\"text-editor.default\">\n\t\t\t\t\t\t\t\t\t<p>Altajska pripoved o stvarjenju opisuje, kako \u00dclgen sam plava v prvotnih vodah, naro\u010di ptici (v\u010dasih racu, v\u010dasih Erliku v podobi ptice), naj prinese blato z dna, in iz njega oblikuje zemljo.<\/p><p>Ko se je Erlik lo\u010dil, \u00dclgen iz ila ustvari prvega \u010dloveka in ga o\u017eivi tako, da mu v glavo polo\u017ei sonce \u2013 <span class=\"iwg-fachbegriff\" data-tooltip=\"Ponavljajo\u010d se vsebinski element v umetnosti ali pripovedi.\" tabindex=\"0\">motiv<\/span>, ki ima vzporednice vse do kr\u0161\u010danske miselnosti o stvarjenju, vendar je gotovo oblikovan neodvisno.<\/p><p>Druga pripoved opisuje postavitev svetovnega drevesa, kozmi\u010dnega macesna, katerega korenine segajo v Erlikovo kraljestvo, vrh pa se izteka pod \u00dclgenov prestol. Po tej osi se pri svojem vzpenjanju navzgor giblje beli <span class=\"iwg-fachbegriff\" data-tooltip=\"Religiozni specialist, ki naj bi posredoval med ljudmi in duhovnim svetom.\" tabindex=\"0\">\u0161aman<\/span>. Mircea Eliade je ta <span class=\"iwg-fachbegriff\" data-tooltip=\"Ponavljajo\u010d se vsebinski element v umetnosti ali pripovedi.\" tabindex=\"0\">motiv<\/span> kot \u00bbaxis mundi\u00ab postavil za osrednjo kategorijo svojega modela <span class=\"iwg-fachbegriff\" data-tooltip=\"Religiozni sistem, v katerem specialisti ob\u010dujejo z duhovnim svetom.\" tabindex=\"0\">\u0161amanizma<\/span>.<\/p><p>Tretja pripoved opisuje spor med \u00dclgenom in Erlikom glede prvega \u010dloveka: Erlik posku\u0161a ilnatemu telesu vpihniti svoj dih, vendar ga \u00dclgen prehiti. V jezi Erlik ustvari prve bolezni in komarje \u2013 tipi\u010den etiolo\u0161ki <span class=\"iwg-fachbegriff\" data-tooltip=\"Izro\u010dena pripoved o bogovih, izvorih in ureditvi sveta.\" tabindex=\"0\">mit<\/span>, ki brez moralnega dualizma razlaga obstoj zla.<\/p>\t\t\t\t\t\t\t\t<\/div>\n\t\t\t\t<\/div>\n\t\t\t\t\t<\/div>\n\t\t\t\t<\/div>\n\t\t<div class=\"elementor-element elementor-element-iwgw-uelgen-s4 e-flex e-con-boxed e-con e-parent\" data-id=\"iwgw-uelgen-s4\" data-element_type=\"container\" data-e-type=\"container\">\n\t\t\t\t\t<div class=\"e-con-inner\">\n\t\t\t\t<div class=\"elementor-element elementor-element-iwgw-uelgen-s4h elementor-widget elementor-widget-heading\" data-id=\"iwgw-uelgen-s4h\" data-element_type=\"widget\" data-e-type=\"widget\" data-widget_type=\"heading.default\">\n\t\t\t\t\t<h2 class=\"elementor-heading-title elementor-size-default\">Kult in \u010da\u0161\u010denje<\/h2>\t\t\t\t<\/div>\n\t\t<div class=\"elementor-element elementor-element-iwgw-uelgen-s4c e-con-full e-flex e-con e-child\" data-id=\"iwgw-uelgen-s4c\" data-element_type=\"container\" data-e-type=\"container\">\n\t\t\t\t<div class=\"elementor-element elementor-element-iwgw-uelgen-s4t elementor-widget elementor-widget-text-editor\" data-id=\"iwgw-uelgen-s4t\" data-element_type=\"widget\" data-e-type=\"widget\" data-widget_type=\"text-editor.default\">\n\t\t\t\t\t\t\t\t\t<p>\u00dclgenov <span class=\"iwg-fachbegriff\" data-tooltip=\"Celota verskih \u010da\u0161\u010denj dolo\u010denega bo\u017eanstva ali svete osebnosti.\" tabindex=\"0\">kult<\/span> je bil na altajski visoki planoti javni pomladni kult. Na svetem gorovju so maja \u017ertvovali mladega svetlega konja (belega ali svetlo rumenega); \u0161amani so v ekstati\u010dnih sejah jezdili \u00bbskozi devet nebes\u00ab in \u00dclgenu prena\u0161ali pro\u0161nje plemena. Anokhin je eno od teh sej podrobno zabele\u017eil (1909, objavljeno 1924).<\/p><p>Na osebni ravni je bil \u00dclgen osrednji predmet <span class=\"iwg-fachbegriff\" data-tooltip=\"Pro\u0161nja ali klic k bo\u017eanstvu ali mo\u010di.\" tabindex=\"0\">klica<\/span> belih \u0161amanov (<em>aq kam<\/em>), medtem ko so se \u010drni \u0161amani obra\u010dali na <a href=\"https:\/\/iwell-guard.com\/sl\/?page_id=160725\">Erlik Khana<\/a>. Njegov praznik je pogosto sovpadal s praznovanjem poletnega son\u010devega obrata in se je prekrival s poznej\u0161im mongolskim kompleksom Naadam.<\/p><p>Posebna oblika \u010da\u0161\u010denja \u00dclgena je bil obred <em>tagyl<\/em>: na ravni skali so postavili majhen kamnit oltar, na katerem so darovali kobilje mleko in maslen pecivo. Tak\u0161ni skalni oltarji so se v ju\u017enosibirskih visokih stepah delno arheolo\u0161ko ohranili in lahko segajo vse do <span class=\"iwg-fachbegriff\" data-tooltip=\"Prazgodovinsko obdobje, v katerem je bila bron najpomembnej\u0161a kovina za orodja.\" tabindex=\"0\">bronaste dobe<\/span>, ne da bi bila verska identifikacija nujno neprekinjena.<\/p>\t\t\t\t\t\t\t\t<\/div>\n\t\t\t\t<\/div>\n\t\t\t\t\t<\/div>\n\t\t\t\t<\/div>\n\t\t<div class=\"elementor-element elementor-element-iwgw-uelgen-s5 e-flex e-con-boxed e-con e-parent\" data-id=\"iwgw-uelgen-s5\" data-element_type=\"container\" data-e-type=\"container\">\n\t\t\t\t\t<div class=\"e-con-inner\">\n\t\t\t\t<div class=\"elementor-element elementor-element-iwgw-uelgen-s5h elementor-widget elementor-widget-heading\" data-id=\"iwgw-uelgen-s5h\" data-element_type=\"widget\" data-e-type=\"widget\" data-widget_type=\"heading.default\">\n\t\t\t\t\t<h2 class=\"elementor-heading-title elementor-size-default\">Za\u0161\u010ditna praksa in apotropejsko<\/h2>\t\t\t\t<\/div>\n\t\t<div class=\"elementor-element elementor-element-iwgw-uelgen-s5c e-con-full e-flex e-con e-child\" data-id=\"iwgw-uelgen-s5c\" data-element_type=\"container\" data-e-type=\"container\">\n\t\t\t\t<div class=\"elementor-element elementor-element-iwgw-uelgen-s5t elementor-widget elementor-widget-text-editor\" data-id=\"iwgw-uelgen-s5t\" data-element_type=\"widget\" data-e-type=\"widget\" data-widget_type=\"text-editor.default\">\n\t\t\t\t\t\t\t\t\t<p>Za\u0161\u010ditna praksa v \u00dclgenovem kompleksu je imela pozitiven prizvok: ni \u0161lo toliko za odganjanje kot za \u201evzpostavljanje reda\u201c. Apotropejski elementi so bili privezovanje belih tkanih trakov (<em>kyira<\/em>) na macesne na gorskih prehodih, postavljanje majhnih kamnitih piramid (<em>obo<\/em>) in izogibanje hrupu in prepirom na prehodih.<\/p><p data-nosnippet=\"true\">Ob bolezni otroka je bilo mogo\u010de poklicati belega <span class=\"iwg-fachbegriff\" data-tooltip=\"Verski specialist, ki naj bi posredoval med ljudmi in duhovnim svetom.\" tabindex=\"0\">\u0161amana<\/span>, ki je \u00dclgena prosil za \u201evrnitev dele\u017ea \u017eivljenja\u201c. V pojmovnem smislu gre za pro\u0161njo za kozmi\u010dni red, ne za obljubo ozdravitve. Religiologovsko gledano ta praksa spada med \u201eobrede obnove\u201c, ki so dokumentirani tudi v mnogih drugih ljudstvenih izro\u010dilih.<\/p><p>Bistvena je lo\u010dnica: \u00dclgen je bil naslovnik pro\u0161enj, ne pa sam zdravilec. Zdravljenje je bilo naloga \u0161amana kot posrednika, kar je pomembna religiosociolo\u0161ka razmejitev, ki jo je Roberte Hamayon (1990) odlo\u010dno postavila nasproti Eliadejevemu modelu.<\/p>\t\t\t\t\t\t\t\t<\/div>\n\t\t\t\t<\/div>\n\t\t\t\t\t<\/div>\n\t\t\t\t<\/div>\n\t\t<div class=\"elementor-element elementor-element-iwgw-uelgen-s6 e-flex e-con-boxed e-con e-parent\" data-id=\"iwgw-uelgen-s6\" data-element_type=\"container\" data-e-type=\"container\">\n\t\t\t\t\t<div class=\"e-con-inner\">\n\t\t\t\t<div class=\"elementor-element elementor-element-iwgw-uelgen-s6h elementor-widget elementor-widget-heading\" data-id=\"iwgw-uelgen-s6h\" data-element_type=\"widget\" data-e-type=\"widget\" data-widget_type=\"heading.default\">\n\t\t\t\t\t<h2 class=\"elementor-heading-title elementor-size-default\">Vzporednice v drugih kulturah<\/h2>\t\t\t\t<\/div>\n\t\t<div class=\"elementor-element elementor-element-iwgw-uelgen-s6c e-con-full e-flex e-con e-child\" data-id=\"iwgw-uelgen-s6c\" data-element_type=\"container\" data-e-type=\"container\">\n\t\t\t\t<div class=\"elementor-element elementor-element-iwgw-uelgen-s6t elementor-widget elementor-widget-text-editor\" data-id=\"iwgw-uelgen-s6t\" data-element_type=\"widget\" data-e-type=\"widget\" data-widget_type=\"text-editor.default\">\n\t\t\t\t\t\t\t\t\t<p>Strukturno je \u00dclgen primerljiv z germanskim Tyrom, vedskim Varuno v njegovi svetlobni funkciji, rimskim Jupitrom kot bogom prava in reda ter, v Sibiriji, z jakutskim <em>Aar Tojonom<\/em>. Fenomenolo\u0161ko religiologovsko je opazno, da ima \u00dclgen, druga\u010de kot odmaknjeni Tengri, konkretno stvariteljsko zgodbo, brez da bi zato postal stvariteljski demiurg, kakr\u0161en je Yaldabaoth v gnosticizmu.<\/p><p>Tesna vzporednica se najde pri finskem Ukku, ki je prav tako \u201ebolj dejaven visoki bog\u201c pod abstraktno nebesno plastjo. Finski raziskovalec Kalevale Juha Pentik\u00e4inen je v delu <em>Shamanism and Culture<\/em> (1998) potegnil tipolo\u0161ke primerjave med sibirskimi in finsko-ugrskimi visokimi bo\u017eanstvi.<\/p><p>Posebna altajska poteza je stroga delitev na \u201ebele\u201c in \u201e\u010drne\u201c \u0161amane z lo\u010denimi naslovniki klicanja. Ta model je v sibirski primerjavi redek in \u00dclgena naredi religiofenomenolo\u0161ko posebej zanimivega.<\/p>\t\t\t\t\t\t\t\t<\/div>\n\t\t\t\t<\/div>\n\t\t\t\t\t<\/div>\n\t\t\t\t<\/div>\n\t\t<div class=\"elementor-element elementor-element-iwgw-uelgen-s7 e-flex e-con-boxed e-con e-parent\" data-id=\"iwgw-uelgen-s7\" data-element_type=\"container\" data-e-type=\"container\">\n\t\t\t\t\t<div class=\"e-con-inner\">\n\t\t\t\t<div class=\"elementor-element elementor-element-iwgw-uelgen-s7h elementor-widget elementor-widget-heading\" data-id=\"iwgw-uelgen-s7h\" data-element_type=\"widget\" data-e-type=\"widget\" data-widget_type=\"heading.default\">\n\t\t\t\t\t<h2 class=\"elementor-heading-title elementor-size-default\">Sodobno sprejemanje in raziskave<\/h2>\t\t\t\t<\/div>\n\t\t<div class=\"elementor-element elementor-element-iwgw-uelgen-s7c e-con-full e-flex e-con e-child\" data-id=\"iwgw-uelgen-s7c\" data-element_type=\"container\" data-e-type=\"container\">\n\t\t\t\t<div class=\"elementor-element elementor-element-iwgw-uelgen-s7t elementor-widget elementor-widget-text-editor\" data-id=\"iwgw-uelgen-s7t\" data-element_type=\"widget\" data-e-type=\"widget\" data-widget_type=\"text-editor.default\">\n\t\t\t\t\t\t\t\t\t<p>V sodobnem altajskem kulturnem delu je \u00dclgen znova visoko \u010da\u0161\u010den, upodobljen je na znamkah, ljudskih praznikih, \u0161olskih u\u010dbenikih Republike Altaj. Znanstveno klasi\u010dne predstavitve: Anokhin (1924), L. P. Potapov (<em>Altaiskij \u0161amanizm<\/em>, 1991), Mircea Eliade (1951), Vladimir Basilov (1984) in v novej\u0161em \u010dasu Andrei Znamenski (2007).<\/p><p>Finski religiolog Juha Pentik\u00e4inen (<em>Shamanism and Culture<\/em>, 1998) uvr\u0161\u010da \u00dclgena v \u0161ir\u0161o cirkumpolarno vrsto svetlobnih bogov.<\/p><p>V sodobnem altajskem okolju je \u00dclgenov <span class=\"iwg-fachbegriff\" data-tooltip=\"Celota verovanjskih dejanj in obredov, namenjenih \u010da\u0161\u010denju bo\u017eanstva ali svete osebnosti.\" tabindex=\"0\">kult<\/span> v napetosti: po eni strani je postavljen kot \u201epristna staroselska vera\u201c v nasprotju s rusko kr\u0161\u010danstvom, po drugi strani pa je sam prepleten z elementi novodobne duhovnosti (new age), ki niso del etnografskega izro\u010dila. Andrei Znamenski je to napetost podrobno analiziral v svoji oxfordski monografiji.<\/p><p>Posebna raziskovalna smer se ukvarja z arheolo\u0161kimi sledmi obredov, osredinjenih na \u00dclgena; M. P. Grjaznow in V. D. Kubarew sta dokumentirala skalne slike v Tuvi in na Altaju, ki so bile razlagane kot upodobitve \u00dclgenovega jezdeca, \u010deprav identifikacija ni zanesljivo potrjena.<\/p>\t\t\t\t\t\t\t\t<\/div>\n\t\t\t\t<\/div>\n\t\t\t\t\t<\/div>\n\t\t\t\t<\/div>\n\t\t<div class=\"elementor-element elementor-element-iwgw-uelgen-s8 e-flex e-con-boxed e-con e-parent\" data-id=\"iwgw-uelgen-s8\" data-element_type=\"container\" data-e-type=\"container\">\n\t\t\t\t\t<div class=\"e-con-inner\">\n\t\t\t\t<div class=\"elementor-element elementor-element-iwgw-uelgen-s8h elementor-widget elementor-widget-heading\" data-id=\"iwgw-uelgen-s8h\" data-element_type=\"widget\" data-e-type=\"widget\" data-widget_type=\"heading.default\">\n\t\t\t\t\t<h2 class=\"elementor-heading-title elementor-size-default\">Raziskovalne razprave in odprta vpra\u0161anja<\/h2>\t\t\t\t<\/div>\n\t\t<div class=\"elementor-element elementor-element-iwgw-uelgen-s8c e-con-full e-flex e-con e-child\" data-id=\"iwgw-uelgen-s8c\" data-element_type=\"container\" data-e-type=\"container\">\n\t\t\t\t<div class=\"elementor-element elementor-element-iwgw-uelgen-s8t elementor-widget elementor-widget-text-editor\" data-id=\"iwgw-uelgen-s8t\" data-element_type=\"widget\" data-e-type=\"widget\" data-widget_type=\"text-editor.default\">\n\t\t\t\t\t\t\t\t\t<p>Tri raziskovalne razprave zaznamujejo preu\u010devanje \u00dclgena. Prvi\u010d: ali je \u00dclgen odcep Tengrija ali samostojna altajska plast? Anokhin in Potapov sta nagibala k prvi razlagi, Roux in Hamayon pa k drugi.<\/p><p>Drugi\u010d: kako neprekinjeno je \u010da\u0161\u010denje \u00dclgena od predislamskega \u010dasa do 19.\/20. stoletja? Pisnih virov skoraj ni; etnografsko <span class=\"iwg-fachbegriff\" data-tooltip=\"Prena\u0161anje znanja in pripovedi skozi generacije.\" tabindex=\"0\">izro\u010dilo<\/span> je sistemati\u010dno zabele\u017eeno \u0161ele od Radloffa (1860. leta) naprej.<\/p><p>Tretji\u010d: kolik\u0161en dele\u017e ima pri utrjevanju podobe \u00dclgena rusko zbirateljsko delo samo? Andrei Znamenski je tu podal pomembno samokriti\u010dno razmi\u0161ljanje: veliko tega, kar vemo o \u00dclgenu, je tudi proizvod carske in sovjetske etnografije in ne le altajske notranje perspektive.<\/p>\t\t\t\t\t\t\t\t<\/div>\n\t\t\t\t<\/div>\n\t\t\t\t\t<\/div>\n\t\t\t\t<\/div>\n\t\t<div class=\"elementor-element elementor-element-iwgw-uelgen-s9 e-flex e-con-boxed e-con e-parent\" data-id=\"iwgw-uelgen-s9\" data-element_type=\"container\" data-e-type=\"container\">\n\t\t\t\t\t<div class=\"e-con-inner\">\n\t\t\t\t<div class=\"elementor-element elementor-element-iwgw-uelgen-s9h elementor-widget elementor-widget-heading\" data-id=\"iwgw-uelgen-s9h\" data-element_type=\"widget\" data-e-type=\"widget\" data-widget_type=\"heading.default\">\n\t\t\t\t\t<h2 class=\"elementor-heading-title elementor-size-default\">\u00dclgen v primerjavi z visokimi bo\u017eanstvi sosednjih ljudstev<\/h2>\t\t\t\t<\/div>\n\t\t<div class=\"elementor-element elementor-element-iwgw-uelgen-s9c e-con-full e-flex e-con e-child\" data-id=\"iwgw-uelgen-s9c\" data-element_type=\"container\" data-e-type=\"container\">\n\t\t\t\t<div class=\"elementor-element elementor-element-iwgw-uelgen-s9t elementor-widget elementor-widget-text-editor\" data-id=\"iwgw-uelgen-s9t\" data-element_type=\"widget\" data-e-type=\"widget\" data-widget_type=\"text-editor.default\">\n\t\t\t\t\t\t\t\t\t<p>Sistemati\u010dna primerjava \u00dclgena z drugimi sibirskimi visokimi bo\u017eanstvi je religioznoznanstveno zelo pou\u010dna. V primerjavi s tungu\u0161kim <a href=\"https:\/\/iwell-guard.com\/sl\/?page_id=160731\">Bugo<\/a> je \u00dclgen precej bolj osebnosten in obdan z bogatej\u0161o mitologijo; v primerjavi z jakutskim <em>\u00dcr\u00fcn Aar Tojonom<\/em> pa je zasnovan bolj kot dejavno ustvarjalno bitje. V primerjavi z mongolskim <a href=\"https:\/\/iwell-guard.com\/sl\/?page_id=160728\">Khormusto<\/a> pri njem manjkajo iransko-budisti\u010dne plasti.<\/p><p>Te primerjave ka\u017eejo, da sibirska religija ni enotna plast, temve\u010d spekter razli\u010dno profiliranih visokih bo\u017eanstev, vsako s svojo mitologijo, ikonografijo in obredno prakso. Vladimir Basilov je v delu <em>Shamanism in Siberia<\/em> (1984) predlo\u017eil prvo sistemati\u010dno primerjalno \u0161tudijo.<\/p><p>Fenomenolo\u0161ko religiologi\u010dno je \u00dclgen posebej zanimiv, ker zapolnjuje vrzel med oddaljenim Tengrijem in konkretnimi specializiranimi bo\u017eanstvi. Ta vloga posrednika ga uvr\u0161\u010da med \u201enajbolj \u017eive\u201c visoke bogove Sibirije.<\/p>\t\t\t\t\t\t\t\t<\/div>\n\t\t\t\t<\/div>\n\t\t\t\t\t<\/div>\n\t\t\t\t<\/div>\n\t\t<div class=\"elementor-element elementor-element-iwgw-uelgen-s10 e-flex e-con-boxed e-con e-parent\" data-id=\"iwgw-uelgen-s10\" data-element_type=\"container\" data-e-type=\"container\">\n\t\t\t\t\t<div class=\"e-con-inner\">\n\t\t\t\t<div class=\"elementor-element elementor-element-iwgw-uelgen-s10h elementor-widget elementor-widget-heading\" data-id=\"iwgw-uelgen-s10h\" data-element_type=\"widget\" data-e-type=\"widget\" data-widget_type=\"heading.default\">\n\t\t\t\t\t<h2 class=\"elementor-heading-title elementor-size-default\">Viri in povezava s kulturnim vozli\u0161\u010dem<\/h2>\t\t\t\t<\/div>\n\t\t<div class=\"elementor-element elementor-element-iwgw-uelgen-s10c e-con-full e-flex e-con e-child\" data-id=\"iwgw-uelgen-s10c\" data-element_type=\"container\" data-e-type=\"container\">\n\t\t\t\t<div class=\"elementor-element elementor-element-iwgw-uelgen-s10t elementor-widget elementor-widget-text-editor\" data-id=\"iwgw-uelgen-s10t\" data-element_type=\"widget\" data-e-type=\"widget\" data-widget_type=\"text-editor.default\">\n\t\t\t\t\t\t\t\t\t<p>Kdor \u017eeli celovito preu\u010diti \u00dclgenov kompleks, na pregledni strani <a href=\"https:\/\/iwell-guard.com\/sl\/sibirski-samanizem-in-tengrizem-step-in-tajga\/\">Sibirsko-tengristi\u010dno izro\u010dilo<\/a> najde najpomembnej\u0161e navzkri\u017ene povezave s sorodnimi liki, kot so <a href=\"https:\/\/iwell-guard.com\/sl\/?page_id=160723\">Tengri<\/a>, <a href=\"https:\/\/iwell-guard.com\/sl\/?page_id=160725\">Erlik Khan<\/a> in za\u0161\u010ditna materinska figura <a href=\"https:\/\/iwell-guard.com\/sl\/?page_id=160724\">Umai<\/a>.<\/p><p>Delo A. V. Anokhina <em>Materiali o <span class=\"iwg-fachbegriff\" data-tooltip=\"Verski sistem, v katerem specialisti ob\u010dujejo z duhovnim svetom.\" tabindex=\"0\">\u0161amanizmu<\/span> Altajcev<\/em> (1924) je najpomembnej\u0161i prvotni vir in ponuja podrobne opise \u0161estih celotnih \u0161amanskih sej, ki jih je sam zabele\u017eil. Delo L. P. Potapova <em>Altaiskij \u0161amanizm<\/em> (1991) je najpomembnej\u0161a sovjetsko-ruska sinteza.<\/p><p>Za umestitev v cirkumpolarni kontekst velja omeniti delo Juha Pentik\u00e4inena <em>Shamanism and Culture<\/em> (1998), ki \u00dclgena ume\u0161\u010da v \u0161ir\u0161o vrsto svetlobnih bogov od Skandinavije do Sibirije.<\/p>\t\t\t\t\t\t\t\t<\/div>\n\t\t\t\t<\/div>\n\t\t\t\t\t<\/div>\n\t\t\t\t<\/div>\n\t\t<div class=\"elementor-element elementor-element-iwgw-uelgen-s11 e-flex e-con-boxed e-con e-parent\" data-id=\"iwgw-uelgen-s11\" data-element_type=\"container\" data-e-type=\"container\">\n\t\t\t\t\t<div class=\"e-con-inner\">\n\t\t\t\t<div class=\"elementor-element elementor-element-iwgw-uelgen-s11h elementor-widget elementor-widget-heading\" data-id=\"iwgw-uelgen-s11h\" data-element_type=\"widget\" data-e-type=\"widget\" data-widget_type=\"heading.default\">\n\t\t\t\t\t<h2 class=\"elementor-heading-title elementor-size-default\">Religijska fenomenologija svetlobe<\/h2>\t\t\t\t<\/div>\n\t\t<div class=\"elementor-element elementor-element-iwgw-uelgen-s11c e-con-full e-flex e-con e-child\" data-id=\"iwgw-uelgen-s11c\" data-element_type=\"container\" data-e-type=\"container\">\n\t\t\t\t<div class=\"elementor-element elementor-element-iwgw-uelgen-s11t elementor-widget elementor-widget-text-editor\" data-id=\"iwgw-uelgen-s11t\" data-element_type=\"widget\" data-e-type=\"widget\" data-widget_type=\"text-editor.default\">\n\t\t\t\t\t\t\t\t\t<p>\u00dclgen je u\u010dni primer religiofenomenolo\u0161ke kategorije \u201ebog svetlobe\u201c, ki jo je Wilhelm Schmidt razdelal v svoji teoriji visokega boga, kasneje pa \u0161e Friedrich Heiler v delu <em>Erscheinungsformen und Wesen der Religion<\/em> (1961). Zna\u010dilna je povezava svetlobe, vi\u0161ine, stvarjenja in eti\u010dnega reda.<\/p><p>V primerjavi z drugimi bo\u017eanstvi svetlobe, na primer vedskim Suryo, egiptovskim Ra ali zoroastrskim Hvar Khshaeto, pri \u00dclgenu manjka neposredna identifikacija s son\u010dno plo\u0161\u010do; je bolj \u201esvetle\u010di visoki bog\u201c za astralnimi pojavi. To ga tipolo\u0161ko pribli\u017ea indoevropskim visokim bo\u017eanstvom, kot sta Varuna ali Tyr, bolj kot indoiranskim solarnim bo\u017eanstvom.<\/p><p>Povezava s Kozmi\u010dnim drevesom je osrednji motiv, ki je odlo\u010dilno oblikoval Eliadovo zamisel o \u201eAxis Mundi\u201c. \u010ceprav je Eliadova teorija danes dele\u017ena kritike, ostaja gradivo iz \u00dclgenovega kompleksa eden najprepri\u010dljivej\u0161ih primerov vertikalnih kozmi\u010dnih posredni\u0161kih struktur.<\/p>\t\t\t\t\t\t\t\t<\/div>\n\t\t\t\t<\/div>\n\t\t\t\t\t<\/div>\n\t\t\t\t<\/div>\n\t\t<div class=\"elementor-element elementor-element-iwgw-uelgen-s12 e-flex e-con-boxed e-con e-parent\" data-id=\"iwgw-uelgen-s12\" data-element_type=\"container\" data-e-type=\"container\">\n\t\t\t\t\t<div class=\"e-con-inner\">\n\t\t\t\t<div class=\"elementor-element elementor-element-iwgw-uelgen-s12h elementor-widget elementor-widget-heading\" data-id=\"iwgw-uelgen-s12h\" data-element_type=\"widget\" data-e-type=\"widget\" data-widget_type=\"heading.default\">\n\t\t\t\t\t<h2 class=\"elementor-heading-title elementor-size-default\">Metodolo\u0161ki premislek<\/h2>\t\t\t\t<\/div>\n\t\t<div class=\"elementor-element elementor-element-iwgw-uelgen-s12c e-con-full e-flex e-con e-child\" data-id=\"iwgw-uelgen-s12c\" data-element_type=\"container\" data-e-type=\"container\">\n\t\t\t\t<div class=\"elementor-element elementor-element-iwgw-uelgen-s12t elementor-widget elementor-widget-text-editor\" data-id=\"iwgw-uelgen-s12t\" data-element_type=\"widget\" data-e-type=\"widget\" data-widget_type=\"text-editor.default\">\n\t\t\t\t\t\t\t\t\t<p>Pri raziskovanju \u00dclgena se pojavlja ve\u010d metodolo\u0161kih problemov. Prvi\u010d: altajsko religijo so v 19. stoletju zapisovali predvsem rusko-ortodoksni misijonarji, nekoliko kasneje pa ruski etnografi. Obe skupini sta imeli interpretativne predpostavke, ki izkrivljajo izro\u010deno podobo.<\/p><p>Drugi\u010d: podrobni zapisi Anokhinovih seans (1909) so izjemen vir, vendar so zaznamovani z navzo\u010dnostjo opazovalca samega. Metodolo\u0161ka razprava o \u201eudele\u017eenem opazovanju\u201c v verski etnologiji neposredno zadeva Anokhinovo gradivo.<\/p><p>Tretji\u010d: sodobna retengrizacija v Altajski republiki oblikuje konsolidirano podobo \u00dclgena, ki v zgodovinskem gradivu ni obstajala v tako sklenjeni obliki. Ta konstrukcija je religijsko-sociolo\u0161ko zanimiva, vendar je ne bi smeli zamenjevati z zgodovinsko plastjo.<\/p>\t\t\t\t\t\t\t\t<\/div>\n\t\t\t\t<\/div>\n\t\t\t\t\t<\/div>\n\t\t\t\t<\/div>\n\t\t<div class=\"elementor-element elementor-element-iwgw-uelgen-s13 e-flex e-con-boxed e-con e-parent\" data-id=\"iwgw-uelgen-s13\" data-element_type=\"container\" data-e-type=\"container\">\n\t\t\t\t\t<div class=\"e-con-inner\">\n\t\t\t\t<div class=\"elementor-element elementor-element-iwgw-uelgen-s13h elementor-widget elementor-widget-heading\" data-id=\"iwgw-uelgen-s13h\" data-element_type=\"widget\" data-e-type=\"widget\" data-widget_type=\"heading.default\">\n\t\t\t\t\t<h2 class=\"elementor-heading-title elementor-size-default\">\u00dclgen in predstava o Kozmi\u010dnem drevesu<\/h2>\t\t\t\t<\/div>\n\t\t<div class=\"elementor-element elementor-element-iwgw-uelgen-s13c e-con-full e-flex e-con e-child\" data-id=\"iwgw-uelgen-s13c\" data-element_type=\"container\" data-e-type=\"container\">\n\t\t\t\t<div class=\"elementor-element elementor-element-iwgw-uelgen-s13t elementor-widget elementor-widget-text-editor\" data-id=\"iwgw-uelgen-s13t\" data-element_type=\"widget\" data-e-type=\"widget\" data-widget_type=\"text-editor.default\">\n\t\t\t\t\t\t\t\t\t<p>Osrednja religijsko-simbolna predstava v \u00dclgenovem kompleksu je Kozmi\u010dno drevo, <em>baj-terek<\/em>: kozmi\u010dni macesen ali breza, katere korenine segajo v podzemni svet, kro\u0161nja pa se izteka pod \u00dclgenovim tronom. Vzdol\u017e te osi poteka vzpon belega <span class=\"iwg-fachbegriff\" data-tooltip=\"Verski specialist, ki mu pripisujejo posredovanje med ljudmi in duhovnim svetom.\" tabindex=\"0\">\u0161amana<\/span>.<\/p><p>Mircea Eliade je ta <span class=\"iwg-fachbegriff\" data-tooltip=\"Ponavljajo\u010d se vsebinski element v umetnosti ali pripovedovanju.\" tabindex=\"0\">motiv<\/span> naredil za osrednjo kategorijo svojega modela <span class=\"iwg-fachbegriff\" data-tooltip=\"Religiozni sistem, v katerem specialisti vzpostavljajo stik z duhovnim svetom.\" tabindex=\"0\">\u0161amanizma<\/span> in ga sistemati\u010dno razdelal pod pojmom \u201eAxis Mundi\u201c v delih <em>Le sacr\u00e9 et le profane<\/em> (1957) in <em>Le chamanisme<\/em> (1951). \u010ceprav je Eliadov model danes dele\u017een kritike, ostaja \u00dclgenovo Kozmi\u010dno drevo eden najprepri\u010dljivej\u0161ih primerov vertikalne kozmi\u010dne posredni\u0161ke strukture v avtohtoni religiji.<\/p><p>Sodobni altajski umetniki se pogosto navezujejo na predstavo Kozmi\u010dnega drevesa; upodobljena je na \u0161tevilnih poslikavah, spominkih in na razstavah ljudske umetnosti. Ta recepcija je religijsko-sociolo\u0161ko zanimiva, ker verski <span class=\"iwg-fachbegriff\" data-tooltip=\"Ponavljajo\u010d se vsebinski element v umetnosti ali pripovedovanju.\" tabindex=\"0\">motiv<\/span> preoblikuje v kulturni identitetni znak.<\/p>\t\t\t\t\t\t\t\t<\/div>\n\t\t\t\t<\/div>\n\t\t\t\t\t<\/div>\n\t\t\t\t<\/div>\n\t\t<div class=\"elementor-element elementor-element-iwgw-uelgen-s14 e-flex e-con-boxed e-con e-parent\" data-id=\"iwgw-uelgen-s14\" data-element_type=\"container\" data-e-type=\"container\">\n\t\t\t\t\t<div class=\"e-con-inner\">\n\t\t\t\t<div class=\"elementor-element elementor-element-iwgw-uelgen-s14h elementor-widget elementor-widget-heading\" data-id=\"iwgw-uelgen-s14h\" data-element_type=\"widget\" data-e-type=\"widget\" data-widget_type=\"heading.default\">\n\t\t\t\t\t<h2 class=\"elementor-heading-title elementor-size-default\">\u00dclgen v lu\u010di sodobnih raziskovalnih razprav<\/h2>\t\t\t\t<\/div>\n\t\t<div class=\"elementor-element elementor-element-iwgw-uelgen-s14c e-con-full e-flex e-con e-child\" data-id=\"iwgw-uelgen-s14c\" data-element_type=\"container\" data-e-type=\"container\">\n\t\t\t\t<div class=\"elementor-element elementor-element-iwgw-uelgen-s14t elementor-widget elementor-widget-text-editor\" data-id=\"iwgw-uelgen-s14t\" data-element_type=\"widget\" data-e-type=\"widget\" data-widget_type=\"text-editor.default\">\n\t\t\t\t\t\t\t\t\t<p>Sodobno raziskovanje \u00dclgena se giblje v ve\u010d produktivnih napetostih. Na eni strani je uveljavljena rusko-sovjetska \u0161ola (Potapov, Tokarev), ki deluje z obilico empiri\u010dnega gradiva; na drugi strani zahodna religijska fenomenologija (Eliade, Pentik\u00e4inen), ki i\u0161\u010de splo\u0161ne religijske strukture.<\/p><p>Obe \u0161oli se dopolnjujeta, ne da bi se povsem prekrivali. Roberte Hamayon je to napetost izrecno izpostavila v delu <em>La chasse \u00e0 l&#8217;\u00e2me<\/em> (1990) in se zavzela za tretje, sociolo\u0161ko-ekonomsko utemeljeno branje.<\/p><p>Andrei Znamenski je v svojih delih od leta 2003 sistemati\u010dno obravnaval metodolo\u0161ke probleme raziskovanja <span class=\"iwg-fachbegriff\" data-tooltip=\"Religiozni sistem, v katerem specialisti vzpostavljajo stik z duhovnim svetom.\" tabindex=\"0\">\u0161amanizma<\/span>: koliko je raziskovalna podoba pravzaprav u\u010dinek samega raziskovanja? Ta refleksivni preobrat danes zaznamuje tudi raziskovanje \u00dclgena. Za mlade religiologe je to pou\u010den primer.<\/p>\t\t\t\t\t\t\t\t<\/div>\n\t\t\t\t<\/div>\n\t\t\t\t\t<\/div>\n\t\t\t\t<\/div>\n\t\t<div class=\"elementor-element elementor-element-cp2bb9b29e e-flex e-con-boxed e-con e-parent\" data-id=\"cp2bb9b29e\" data-element_type=\"container\" data-e-type=\"container\">\n\t\t\t\t\t<div class=\"e-con-inner\">\n\t\t\t\t<div class=\"elementor-element elementor-element-cp26f84b97 elementor-widget elementor-widget-heading\" data-id=\"cp26f84b97\" data-element_type=\"widget\" data-e-type=\"widget\" data-widget_type=\"heading.default\">\n\t\t\t\t\t<h2 class=\"elementor-heading-title elementor-size-default\">\u00dclgen v religiji altajskih Turkov: viri in zapisovalci<\/h2>\t\t\t\t<\/div>\n\t\t<div class=\"elementor-element elementor-element-cp237ddc15 e-flex e-con-boxed e-con e-child\" data-id=\"cp237ddc15\" data-element_type=\"container\" data-e-type=\"container\">\n\t\t\t\t\t<div class=\"e-con-inner\">\n\t\t\t\t<div class=\"elementor-element elementor-element-cp28067a54 elementor-widget elementor-widget-text-editor\" data-id=\"cp28067a54\" data-element_type=\"widget\" data-e-type=\"widget\" data-widget_type=\"text-editor.default\">\n\t\t\t\t\t\t\t\t\t<p><span class=\"iwg-fachbegriff\" data-tooltip=\"Kot bo\u017eansko \u010da\u0161\u010deno bitje znotraj neke religije.\" tabindex=\"0\">Bo\u017eanstvo<\/span> \u00dclgen, v zapisu tudi <em>\u00dclg\u00e4n<\/em> ali <em>Bai \u00dclgen<\/em>, je poznano predvsem iz religije tur\u0161ko govore\u010dih ljudstev Altaja. Najpomembnej\u0161e opise dolgujemo etnografiji 19. in zgodnjega 20. stoletja.<\/p><p>Posebno pomembna so dela raziskovalca Wilhelma Radloffa ter misijonarja in jezikoslovca Wassilija Werbizkega, ki sta v 19. stoletju delovala med Altajci in zbirala besedila, molitve ter opise obredne prakse.<\/p><p>V teh virih se \u00dclgen ka\u017ee kot visok, dobrohoten bog neba, ki prebiva v eni od zgornjih plasti neba. V mnogih izro\u010dilih mu nasproti stoji Erlik, gospodar podzemlja. \u00dclgen je povezan z ustvarjanjem, rodovitnostjo, \u017eivino in blaginjo ljudi.<\/p><p>Druga\u010de kot oddaljen, nedejaven bog neba je bil \u00dclgen naslovnik konkretnih obredov; darovali so mu \u017eivalske daritve, zlasti konje, \u0161amanski specialist pa je z njim stopal v stik z obrednimi petji.<\/p><p>Pri uporabi teh virov je treba upo\u0161tevati, da je bil Werbizki misijonar in je altajsko religijo opazoval s kr\u0161\u010danskega zornega kota, medtem ko je bil Radloff bolj jezikoslovno in etnografsko usmerjen. Oba sta poleg tega dokumentirala religijo, ki jo je \u017ee zaznamoval stik z budizmom, s kr\u0161\u010danstvom in z rusko oblastjo.<\/p><p>Nekateri raziskovalci so v dualisti\u010dni zoperstavitvi \u00dclgena in Erlika celo domnevali morebiten iransko-zoroastrski ali kr\u0161\u010danski vpliv. To vpra\u0161anje ni dokon\u010dno razjasnjeno, vendar opozarja, da izro\u010dene podobe \u00dclgena ne gre nekriti\u010dno razumeti kot pradavne in nevplivane. Sorodna nebesna bo\u017eanstva poznajo tudi sosednje <a href=\"https:\/\/iwell-guard.com\/sl\/sibirski-samanizem-in-tengrizem-step-in-tajga\/\">notranjeazijske kulture<\/a>.<\/p>\t\t\t\t\t\t\t\t<\/div>\n\t\t\t\t\t<\/div>\n\t\t\t\t<\/div>\n\t\t\t\t\t<\/div>\n\t\t\t\t<\/div>\n\t\t<div class=\"elementor-element elementor-element-cp299b431d e-flex e-con-boxed e-con e-parent\" data-id=\"cp299b431d\" data-element_type=\"container\" data-e-type=\"container\">\n\t\t\t\t\t<div class=\"e-con-inner\">\n\t\t\t\t<div class=\"elementor-element elementor-element-cp206c9790 elementor-widget elementor-widget-heading\" data-id=\"cp206c9790\" data-element_type=\"widget\" data-e-type=\"widget\" data-widget_type=\"heading.default\">\n\t\t\t\t\t<h2 class=\"elementor-heading-title elementor-size-default\">\u0160amansko potovanje v nebo k \u00dclgenu: obredno besedilo v podrobnostih<\/h2>\t\t\t\t<\/div>\n\t\t<div class=\"elementor-element elementor-element-cp262fe7ef e-flex e-con-boxed e-con e-child\" data-id=\"cp262fe7ef\" data-element_type=\"container\" data-e-type=\"container\">\n\t\t\t\t\t<div class=\"e-con-inner\">\n\t\t\t\t<div class=\"elementor-element elementor-element-cp213fcfa0 elementor-widget elementor-widget-text-editor\" data-id=\"cp213fcfa0\" data-element_type=\"widget\" data-e-type=\"widget\" data-widget_type=\"text-editor.default\">\n\t\t\t\t\t\t\t\t\t<p>K najbolj vtisljivim pri\u010devanjem altajske religije spada opis obrednega potovanja v nebo k \u00dclgenu, kakor ga med drugim izro\u010da Wilhelm Radloff in kakor ga je pozneje podrobno obravnaval religiolog Mircea Eliade v svoji razpravi o <span class=\"iwg-fachbegriff\" data-tooltip=\"Religijski sistem, v katerem specialisti ob\u010dujejo s svetom duhov.\" tabindex=\"0\">\u0161amanizmu<\/span>. <span class=\"iwg-fachbegriff\" data-tooltip=\"Urejeno zaporedje simbolnih dejanj z religijskim ali kulturnim pomenom.\" tabindex=\"0\">Obred<\/span> je slu\u017eil daritvi konja \u00dclgenu in naj bi zagotovil njegovo naklonjenost skupnosti.<\/p><p>Potek, kakor je opisan v virih, je ve\u010dstopenjski. Po pripravah, med katere je spadala izbira in obredna obdelava \u017ertvene \u017eivali, je \u0161amanski specialist simboli\u010dno splezal po vrsti zarez, vrezanih v brezo, ki so ponazarjale zaporedne plasti neba.<\/p><p>V obrednih petjih je opisoval vzpon iz plasti v plast, na poti sre\u010deval razna bitja in se nazadnje pribli\u017eal \u00dclgenovemu bivali\u0161\u010du. Na tej to\u010dki je predstavil pro\u0161nje skupnosti in posku\u0161al iz odgovorov razbrati napovedi za prihodnost, na primer o prihajajo\u010di letini ali pove\u010danju \u010dred.<\/p><p>Pri presoji tega opisa je potrebna zadr\u017eanost. Besedilo, ki ga je zapisal Radloff, je konkretna, na kraj in \u010das vezana uprizoritev, ne brez\u010dasen scenarij. Eliade ga je posplo\u0161il kot zgleden primer \u0161amanskega potovanja v nebo, poznej\u0161e raziskave pa so kritizirale njegovo nagnjenje k poenotenju.<\/p><p>Ostaja mogo\u010de trditi, da \u00dclgen v altajski praksi ni bil le teolo\u0161ka predstava, temve\u010d cilj zahtevnega obrednega dejanja, v katerem sta bila stopnjevanje neba in vzpon specialista konkretno uprizorjena.<\/p>\t\t\t\t\t\t\t\t<\/div>\n\t\t\t\t\t<\/div>\n\t\t\t\t<\/div>\n\t\t\t\t\t<\/div>\n\t\t\t\t<\/div>\n\t\t<div class=\"elementor-element elementor-element-cp25359e9f e-flex e-con-boxed e-con e-parent\" data-id=\"cp25359e9f\" data-element_type=\"container\" data-e-type=\"container\">\n\t\t\t\t\t<div class=\"e-con-inner\">\n\t\t\t\t<div class=\"elementor-element elementor-element-cp239a60e9 elementor-widget elementor-widget-heading\" data-id=\"cp239a60e9\" data-element_type=\"widget\" data-e-type=\"widget\" data-widget_type=\"heading.default\">\n\t\t\t\t\t<h2 class=\"elementor-heading-title elementor-size-default\">\u00dclgen in Erlik: dualisti\u010dna zgradba in njene razlage<\/h2>\t\t\t\t<\/div>\n\t\t<div class=\"elementor-element elementor-element-cp2c94b71a e-flex e-con-boxed e-con e-child\" data-id=\"cp2c94b71a\" data-element_type=\"container\" data-e-type=\"container\">\n\t\t\t\t\t<div class=\"e-con-inner\">\n\t\t\t\t<div class=\"elementor-element elementor-element-cp27d463c9 elementor-widget elementor-widget-text-editor\" data-id=\"cp27d463c9\" data-element_type=\"widget\" data-e-type=\"widget\" data-widget_type=\"text-editor.default\">\n\t\t\t\t\t\t\t\t\t<p>Zna\u010dilna za izro\u010deno podobo \u00dclgena je njegova tesna povezava z nasprotno figuro <a href=\"https:\/\/iwell-guard.com\/sl\/sibirski-samanizem-in-tengrizem-step-in-tajga\/\">Erlikom<\/a>. V \u0161tevilnih altajskih pripovedih se oba pojavljata kot dopolnjujo\u010d se par: \u00dclgen zgoraj v nebu, povezan s svetlobo, ustvarjanjem in \u017eivljenjem, Erlik spodaj, povezan s podzemljem, boleznijo in smrtjo.<\/p><p>Nekatere pripovedi o stvarjenju obema pripisujejo sodelovanje pri ustvarjanju svetu, pri \u010demer Erlikov prispevek pogosto v svet prina\u0161a nepopolno ali \u0161kodljivo.<\/p><p>Ta dualisti\u010dna zgradba je raziskovalce intenzivno zaposlovala. Eno vpra\u0161anje je, ali je izrazit dualizem prvotna zna\u010dilnost altajske religije ali pa je bil okrepljen s stiki z dualisti\u010dnimi religijskimi sistemi, na primer z zoroastrskimi predstavami preko notranjeazijskih trgovskih poti ali s kr\u0161\u010danskimi predstavami o Bogu in hudi\u010du prek ruskega misijonarstva.<\/p><p>Enozna\u010den odgovor ni mogo\u010d, saj viri izvirajo \u0161ele iz \u010dasa, ko so tak\u0161ni stiki \u017ee dolgo obstajali.<\/p><p>Pomembno je tudi, da nasprotja med \u00dclgenom in Erlikom ne gre razumeti kot preprost boj med dobrim in zlim. V \u0161tevilnih pripovedih Erlik ni \u010dist nasprotnik, temve\u010d nujen del svetovnega reda, s katerim se je bilo treba sporazumeti prav tako kot z \u00dclgenom.<\/p><p>\u0160amanski specialisti so ob\u010devali tako z zgornjim kakor tudi s spodnjim svetom. Razmerje med obema silama je zato bolje opisati kot napeto dopolnjevanje kot moralni dualizem. Za razumevanje \u00dclgena iz tega sledi, da se njegov pomen v celoti razkrije \u0161ele v razmerju do Erlika: on je nebesni pol dvopolne razlage sveta.<\/p>\t\t\t\t\t\t\t\t<\/div>\n\t\t\t\t\t<\/div>\n\t\t\t\t<\/div>\n\t\t\t\t\t<\/div>\n\t\t\t\t<\/div>\n\t\t<div class=\"elementor-element elementor-element-iwgw-uelgen-lit e-flex e-con-boxed e-con e-parent\" data-id=\"iwgw-uelgen-lit\" data-element_type=\"container\" data-e-type=\"container\">\n\t\t\t\t\t<div class=\"e-con-inner\">\n\t\t\t\t<div class=\"elementor-element elementor-element-iwgw-uelgen-lith elementor-widget elementor-widget-heading\" data-id=\"iwgw-uelgen-lith\" data-element_type=\"widget\" data-e-type=\"widget\" data-widget_type=\"heading.default\">\n\t\t\t\t\t<h2 class=\"elementor-heading-title elementor-size-default\">Literatura (izbor)<\/h2>\t\t\t\t<\/div>\n\t\t<div class=\"elementor-element elementor-element-iwgw-uelgen-litc e-con-full e-flex e-con e-child\" data-id=\"iwgw-uelgen-litc\" data-element_type=\"container\" data-e-type=\"container\">\n\t\t\t\t<div class=\"elementor-element elementor-element-iwgw-uelgen-litt elementor-widget elementor-widget-text-editor\" data-id=\"iwgw-uelgen-litt\" data-element_type=\"widget\" data-e-type=\"widget\" data-widget_type=\"text-editor.default\">\n\t\t\t\t\t\t\t\t\t<ul><li>A. V. Anokhin: <em>Materiali o <span class=\"iwg-fachbegriff\" data-tooltip=\"Verski sistem, v katerem specialisti ob\u010dujejo z duhovnim svetom.\" tabindex=\"0\">\u0161amanizmu<\/span> Altajcev<\/em> (1924)<\/li><li>L. P. Potapov: <em>Altaiskij \u0161amanizm<\/em> (1991)<\/li><li>Mircea Eliade: <em>Le chamanisme<\/em> (1951)<\/li><li>Vladimir Basilov: <em>Shamanism in Siberia<\/em> (1984)<\/li><li>Juha Pentik\u00e4inen: <em>Shamanism and Culture<\/em> (1998)<\/li><li>Andrei Znamenski: <em>Shamanism and Western Imagination<\/em> (2007)<\/li><li>Roberte Hamayon: <em>La chasse \u00e0 l&#8217;\u00e2me<\/em> (1990)<\/li><\/ul>\t\t\t\t\t\t\t\t<\/div>\n\t\t\t\t<\/div>\n\t\t\t\t\t<\/div>\n\t\t\t\t<\/div>\n\t\t<div class=\"elementor-element elementor-element-iwgkw-add-uelgen e-flex e-con-boxed e-con e-parent\" data-id=\"iwgkw-add-uelgen\" data-element_type=\"container\" data-e-type=\"container\">\n\t\t\t\t\t<div class=\"e-con-inner\">\n\t\t\t\t<div class=\"elementor-element elementor-element-iwgkw-add-uelgen-t elementor-widget elementor-widget-text-editor\" data-id=\"iwgkw-add-uelgen-t\" data-element_type=\"widget\" data-e-type=\"widget\" data-widget_type=\"text-editor.default\">\n\t\t\t\t\t\t\t\t\t<p>Altajski bog svetlobe je v virih izpri\u010dan v dveh uveljavljenih transkripcijah: <strong>\u00dclgen<\/strong> v turkolo\u0161ki standardni obliki in <strong>Uelgen<\/strong> v nem\u0161ko govore\u010dih besedilih brez posebnih znakov.<\/p><p>Oba zapisa ozna\u010dujeta isto bitje, ki se v zapisih Wilhelma Radloffa in poznej\u0161ih sibirskih religiolo\u0161kih raziskavah pojavlja kot stvarnik zgornjega sveta in nasprotnik podzemnega Erlika. Dvojni zapis olaj\u0161a iskanje v starej\u0161ih bibliografijah in digitalnih katalogih, kjer se preglasi obravnavajo razli\u010dno.<\/p>\t\t\t\t\t\t\t\t<\/div>\n\t\t\t\t\t<\/div>\n\t\t\t\t<\/div>\n\t\t<div class=\"elementor-element elementor-element-iwgkw2-add-uelgen e-flex e-con-boxed e-con e-parent\" data-id=\"iwgkw2-add-uelgen\" data-element_type=\"container\" data-e-type=\"container\">\n\t\t\t\t\t<div class=\"e-con-inner\">\n\t\t\t\t<div class=\"elementor-element elementor-element-iwgkw2-add-uelgen-t elementor-widget elementor-widget-text-editor\" data-id=\"iwgkw2-add-uelgen-t\" data-element_type=\"widget\" data-e-type=\"widget\" data-widget_type=\"text-editor.default\">\n\t\t\t\t\t\t\t\t\t<p><em>Altajski<\/em> stvarjenjski mit pozna \u00dclgena kot svetlega gospodarja neba zgornjega sveta, \u010digar nasprotnik Erlik vlada podzemlju; etnografski zapisi Wilhelma Radloffa iz devetnajstega stoletja podrobno dokumentirajo <span class=\"iwg-fachbegriff\" data-tooltip=\"Celota bogov neke religije ali kulture.\" tabindex=\"0\">panteon<\/span>.<\/p>\t\t\t\t\t\t\t\t<\/div>\n\t\t\t\t\t<\/div>\n\t\t\t\t<\/div>\n\t\t<div class=\"elementor-element elementor-element-iwgw-uelgen-kwd e-flex e-con-boxed e-con e-parent\" data-id=\"iwgw-uelgen-kwd\" data-element_type=\"container\" data-e-type=\"container\">\n\t\t\t\t\t<div class=\"e-con-inner\">\n\t\t<div class=\"elementor-element elementor-element-iwgw-uelgen-kwdc e-con-full e-flex e-con e-child\" data-id=\"iwgw-uelgen-kwdc\" data-element_type=\"container\" data-e-type=\"container\">\n\t\t\t\t<div class=\"elementor-element elementor-element-iwgw-uelgen-kwdt elementor-widget elementor-widget-text-editor\" data-id=\"iwgw-uelgen-kwdt\" data-element_type=\"widget\" data-e-type=\"widget\" data-widget_type=\"text-editor.default\">\n\t\t\t\t\t\t\t\t\t<p><em>Sorodni klju\u010dni pojmi: \u00dclgen, Aq Kam, beli \u0161amani, devet neb, altajsko stvarjenje.<\/em><\/p>\t\t\t\t\t\t\t\t<\/div>\n\t\t\t\t<\/div>\n\t\t\t\t\t<\/div>\n\t\t\t\t<\/div>\n\t\t<div class=\"elementor-element elementor-element-iwgw-uelgen-cc e-flex e-con-boxed e-con e-parent\" data-id=\"iwgw-uelgen-cc\" data-element_type=\"container\" data-e-type=\"container\" id=\"iwg-cc-uelgen\">\n\t\t\t\t\t<div class=\"e-con-inner\">\n\t\t<div class=\"elementor-element elementor-element-iwgw-uelgen-ccinner e-flex e-con-boxed e-con e-parent\" data-id=\"iwgw-uelgen-ccinner\" data-element_type=\"container\" data-e-type=\"container\" data-settings=\"{&quot;background_background&quot;:&quot;classic&quot;}\">\n\t\t\t\t\t<div class=\"e-con-inner\">\n\t\t\t\t<div class=\"elementor-element elementor-element-iwgw-uelgen-cch elementor-widget elementor-widget-heading\" data-id=\"iwgw-uelgen-cch\" data-element_type=\"widget\" data-e-type=\"widget\" data-widget_type=\"heading.default\">\n\t\t\t\t\t<h2 class=\"elementor-heading-title elementor-size-default\">iWell Guard in tradicije za\u0161\u010dite<\/h2>\t\t\t\t<\/div>\n\t\t\t\t<div class=\"elementor-element elementor-element-iwgw-uelgen-cct elementor-widget elementor-widget-text-editor\" data-id=\"iwgw-uelgen-cct\" data-element_type=\"widget\" data-e-type=\"widget\" data-widget_type=\"text-editor.default\">\n\t\t\t\t\t\t\t\t\t<div data-nosnippet=\"true\"><p>iWell Guard se navezuje na kulturnozgodovinsko tradicijo nosljivih za\u0161\u010ditnih predmetov, po zgledu tradicije <a href=\"https:\/\/iwell-guard.com\/sl\/sibirski-samanizem-in-tengrizem-step-in-tajga\/\">Sibirije \/ tengrizma<\/a> in \u0161tevilnih drugih kultur po svetu. 41 ravni, pravo zlato, platina, srebro, izdelano v Nem\u010diji. 30-dnevna pravica do vra\u010dila.<\/p><\/div>\t\t\t\t\t\t\t\t<\/div>\n\t\t\t\t<div class=\"elementor-element elementor-element-iwgw-uelgen-ccb iwg-cc-button iwg-cc-cta-2026-05-13 elementor-widget elementor-widget-jet-button\" data-id=\"iwgw-uelgen-ccb\" data-element_type=\"widget\" data-e-type=\"widget\" data-widget_type=\"jet-button.default\">\n\t\t\t\t<div class=\"elementor-widget-container\">\n\t\t\t\t\t<div class=\"elementor-jet-button jet-elements\"><div class=\"jet-button__container\"><a class=\"jet-button__instance jet-button__instance--icon-left hover-effect-1\" href=\"\/ueber-iwell-guard\/?utm_source=iwell-guard.com&amp;utm_medium=info-box&amp;utm_campaign=wesen-tradition\"><div class=\"jet-button__plane jet-button__plane-normal\"><\/div><div class=\"jet-button__plane jet-button__plane-hover\"><\/div><div class=\"jet-button__state jet-button__state-normal\"><span class=\"jet-button__label\">Ve\u010d o iWell Guard<\/span><\/div><div class=\"jet-button__state jet-button__state-hover\"><span class=\"jet-button__label\">Ve\u010d o iWell Guard<\/span><\/div><\/a><\/div><\/div><style>.elementor-element.elementor-element-iwgw-uelgen-ccb .jet-button__instance{width:320px;height:56px;}.elementor-element.elementor-element-iwgw-uelgen-ccb .jet-button__state-normal .jet-button__label{text-align:center;margin:0px 0px 0px 0px;color:#1a1b20;font-family:Montserrat,sans-serif;font-size:13px;font-weight:400;letter-spacing:4px;line-height:1.714em;text-transform:uppercase;}.elementor-element.elementor-element-iwgw-uelgen-ccb .jet-button__state-hover .jet-button__label{text-align:center;margin:0px 0px 0px 0px;color:#FECC76;font-family:Montserrat,sans-serif;font-size:13px;font-weight:400;letter-spacing:4px;line-height:1.714em;text-transform:uppercase;}.elementor-element.elementor-element-iwgw-uelgen-ccb .jet-button__plane-normal{background-color:#FECC76;border-style:solid;border-color:#C99540;border-width:2px 2px 2px 2px;}.elementor-element.elementor-element-iwgw-uelgen-ccb .jet-button__plane-hover{background-color:rgba(0,0,0,0.55);border-style:solid;border-color:#FECC76;border-width:2px 2px 2px 2px;}<\/style>\t\t\t\t<\/div>\n\t\t\t\t<\/div>\n\t\t\t\t<div class=\"elementor-element elementor-element-iwgw-uelgen-ccd elementor-widget elementor-widget-text-editor\" data-id=\"iwgw-uelgen-ccd\" data-element_type=\"widget\" data-e-type=\"widget\" data-widget_type=\"text-editor.default\">\n\t\t\t\t\t\t\t\t\t<div data-nosnippet=\"true\"><p style=\"text-align:center;font-size:13px;opacity:0.7;margin-top:14px\" data-nosnippet=\"true\">Osebne izku\u0161nje se lahko razlikujejo. Ni medicinski pripomo\u010dek. Brez obljube o ozdravitvi.<\/p><\/div>\t\t\t\t\t\t\t\t<\/div>\n\t\t\t\t\t<\/div>\n\t\t\t\t<\/div>\n\t\t\t\t\t<\/div>\n\t\t\t\t<\/div>\n\t\t<div class=\"elementor-element elementor-element-iwgw-uelgen-disc e-flex e-con-boxed e-con e-parent\" data-id=\"iwgw-uelgen-disc\" data-element_type=\"container\" data-e-type=\"container\">\n\t\t\t\t\t<div class=\"e-con-inner\">\n\t\t\t\t<div class=\"elementor-element elementor-element-iwgw-uelgen-discw elementor-widget elementor-widget-html\" data-id=\"iwgw-uelgen-discw\" data-element_type=\"widget\" data-e-type=\"widget\" data-widget_type=\"html.default\">\n\t\t\t\t\t<footer data-nosnippet=\"true\" class=\"iwg-disclaimer-block\"><p data-nosnippet=\"true\">iWell Guard <strong>ni medicinski pripomo\u010dek<\/strong> in ne nadome\u0161\u010da zdravni\u0161ke ali psihoterapevtske obravnave. Religiologske vsebine so kulturnozgodovinska umestitev, ne priporo\u010dilo za duhovno prakso.<\/p><\/footer>\t\t\t\t<\/div>\n\t\t\t\t\t<\/div>\n\t\t\t\t<\/div>\n\t\t\t\t<\/div>\n\t\t","protected":false},"excerpt":{"rendered":"","protected":false},"author":3,"featured_media":2858,"parent":0,"menu_order":0,"comment_status":"closed","ping_status":"closed","template":"elementor_header_footer","meta":{"_yoast_wpseo_focuskw":"\u00dclgen bog svetlobe Altaj","_yoast_wpseo_title":"\u00dclgen \u2013 altajski bog svetlobe, stvarjenje in viri","_yoast_wpseo_metadesc":"\u00dclgen je v ju\u017enosibirskem tengrizmu stvarnik in bog svetlobe zgornjega sveta. Predstavitev z mitom in kultom.","_yoast_wpseo_meta-robots-noindex":"","_yoast_wpseo_canonical":"","_angie_page":false,"gefaehrdungsstufe":"1","wesen_kultur":"sibirisch-tengrismus","wesen_klasse":"goetter","footnotes":""},"categories":[],"class_list":["post-160726","page","type-page","status-publish","has-post-thumbnail","hentry"],"yoast_head":"<!-- This site is optimized with the Yoast SEO Premium plugin v27.7 (Yoast SEO v28.3) - https:\/\/yoast.com\/product\/yoast-seo-premium-wordpress\/ -->\n<title>\u00dclgen \u2013 altajski bog svetlobe, stvarjenje in viri<\/title>\n<meta name=\"description\" content=\"\u00dclgen je v ju\u017enosibirskem tengrizmu stvarnik in bog svetlobe zgornjega sveta. Predstavitev z mitom in kultom.\" \/>\n<meta name=\"robots\" content=\"index, follow, max-snippet:-1, max-image-preview:large, max-video-preview:-1\" \/>\n<link rel=\"canonical\" href=\"https:\/\/iwell-guard.com\/sl\/ulgen-bog-svetlobe-altajcev\/\" \/>\n<meta property=\"og:locale\" content=\"sl_SI\" \/>\n<meta property=\"og:type\" content=\"article\" \/>\n<meta property=\"og:title\" content=\"\u00dclgen \u2013 bog svetlobe Altajcev\" \/>\n<meta property=\"og:description\" content=\"\u00dclgen je v ju\u017enosibirskem tengrizmu stvarnik in bog svetlobe zgornjega sveta. Predstavitev z mitom in kultom.\" \/>\n<meta property=\"og:url\" content=\"https:\/\/iwell-guard.com\/sl\/ulgen-bog-svetlobe-altajcev\/\" \/>\n<meta property=\"og:site_name\" content=\"iWell Guard\" \/>\n<meta property=\"article:modified_time\" content=\"2026-09-05T00:44:33+00:00\" \/>\n<meta property=\"og:image\" content=\"https:\/\/iwell-guard.com\/wp-content\/uploads\/2026\/05\/goetter_sibirisch-tengrismus_uelgen.webp\" \/>\n\t<meta property=\"og:image:width\" content=\"1024\" \/>\n\t<meta property=\"og:image:height\" content=\"1536\" \/>\n\t<meta property=\"og:image:type\" content=\"image\/webp\" \/>\n<meta name=\"twitter:card\" content=\"summary_large_image\" \/>\n<script type=\"application\/ld+json\" class=\"yoast-schema-graph\">{\"@context\":\"https:\\\/\\\/schema.org\",\"@graph\":[{\"@type\":\"WebPage\",\"@id\":\"https:\\\/\\\/iwell-guard.com\\\/sl\\\/ulgen-bog-svetlobe-altajcev\\\/\",\"url\":\"https:\\\/\\\/iwell-guard.com\\\/sl\\\/ulgen-bog-svetlobe-altajcev\\\/\",\"name\":\"\u00dclgen \u2013 altajski bog svetlobe, stvarjenje in viri\",\"isPartOf\":{\"@id\":\"https:\\\/\\\/iwell-guard.com\\\/sl\\\/#website\"},\"primaryImageOfPage\":{\"@id\":\"https:\\\/\\\/iwell-guard.com\\\/sl\\\/ulgen-bog-svetlobe-altajcev\\\/#primaryimage\"},\"image\":{\"@id\":\"https:\\\/\\\/iwell-guard.com\\\/sl\\\/ulgen-bog-svetlobe-altajcev\\\/#primaryimage\"},\"thumbnailUrl\":\"https:\\\/\\\/iwell-guard.com\\\/wp-content\\\/uploads\\\/2026\\\/05\\\/goetter_sibirisch-tengrismus_uelgen.webp\",\"datePublished\":\"2026-09-05T00:24:59+00:00\",\"dateModified\":\"2026-09-05T00:44:33+00:00\",\"description\":\"\u00dclgen je v ju\u017enosibirskem tengrizmu stvarnik in bog svetlobe zgornjega sveta. Predstavitev z mitom in kultom.\",\"breadcrumb\":{\"@id\":\"https:\\\/\\\/iwell-guard.com\\\/sl\\\/ulgen-bog-svetlobe-altajcev\\\/#breadcrumb\"},\"inLanguage\":\"sl-SI\",\"potentialAction\":[{\"@type\":\"ReadAction\",\"target\":[\"https:\\\/\\\/iwell-guard.com\\\/sl\\\/ulgen-bog-svetlobe-altajcev\\\/\"]}]},{\"@type\":\"ImageObject\",\"inLanguage\":\"sl-SI\",\"@id\":\"https:\\\/\\\/iwell-guard.com\\\/sl\\\/ulgen-bog-svetlobe-altajcev\\\/#primaryimage\",\"url\":\"https:\\\/\\\/iwell-guard.com\\\/wp-content\\\/uploads\\\/2026\\\/05\\\/goetter_sibirisch-tengrismus_uelgen.webp\",\"contentUrl\":\"https:\\\/\\\/iwell-guard.com\\\/wp-content\\\/uploads\\\/2026\\\/05\\\/goetter_sibirisch-tengrismus_uelgen.webp\",\"width\":1024,\"height\":1536,\"caption\":\"Bogovi iz sibirsko-tengristi\u010dne tradicije.\"},{\"@type\":\"BreadcrumbList\",\"@id\":\"https:\\\/\\\/iwell-guard.com\\\/sl\\\/ulgen-bog-svetlobe-altajcev\\\/#breadcrumb\",\"itemListElement\":[{\"@type\":\"ListItem\",\"position\":1,\"name\":\"Start\",\"item\":\"https:\\\/\\\/iwell-guard.com\\\/sl\\\/?page_id=160323\"},{\"@type\":\"ListItem\",\"position\":2,\"name\":\"\u00dclgen \u2013 bog svetlobe Altajcev\"}]},{\"@type\":\"WebSite\",\"@id\":\"https:\\\/\\\/iwell-guard.com\\\/sl\\\/#website\",\"url\":\"https:\\\/\\\/iwell-guard.com\\\/sl\\\/\",\"name\":\"iWell Guard\",\"description\":\"Schutz vor dunklen Einfl\u00fcssen\",\"publisher\":{\"@id\":\"https:\\\/\\\/iwell-guard.com\\\/sl\\\/#organization\"},\"potentialAction\":[{\"@type\":\"SearchAction\",\"target\":{\"@type\":\"EntryPoint\",\"urlTemplate\":\"https:\\\/\\\/iwell-guard.com\\\/sl\\\/?s={search_term_string}\"},\"query-input\":{\"@type\":\"PropertyValueSpecification\",\"valueRequired\":true,\"valueName\":\"search_term_string\"}}],\"inLanguage\":\"sl-SI\"},{\"@type\":\"Organization\",\"@id\":\"https:\\\/\\\/iwell-guard.com\\\/sl\\\/#organization\",\"name\":\"Ittermann electronic GmbH\",\"url\":\"https:\\\/\\\/iwell-guard.com\\\/sl\\\/\",\"logo\":{\"@type\":\"ImageObject\",\"inLanguage\":\"sl-SI\",\"@id\":\"https:\\\/\\\/iwell-guard.com\\\/sl\\\/#\\\/schema\\\/logo\\\/image\\\/\",\"url\":\"https:\\\/\\\/iwell-guard.com\\\/wp-content\\\/uploads\\\/2026\\\/05\\\/Ittermann-Logo-1182x237-1.png\",\"contentUrl\":\"https:\\\/\\\/iwell-guard.com\\\/wp-content\\\/uploads\\\/2026\\\/05\\\/Ittermann-Logo-1182x237-1.png\",\"width\":1182,\"height\":237,\"caption\":\"Ittermann electronic GmbH\"},\"image\":{\"@id\":\"https:\\\/\\\/iwell-guard.com\\\/sl\\\/#\\\/schema\\\/logo\\\/image\\\/\"},\"sameAs\":[\"https:\\\/\\\/pantip.com\\\/profile\\\/9367242\",\"https:\\\/\\\/micro.blog\\\/iwellguard\",\"https:\\\/\\\/www.diggerslist.com\\\/iwellguard\\\/about\",\"https:\\\/\\\/skitterphoto.com\\\/photographers\\\/2870314\\\/iwell-guard\",\"https:\\\/\\\/iwellguard.wordpress.com\\\/2026\\\/06\\\/06\\\/iwell-guard\\\/\",\"https:\\\/\\\/hub.docker.com\\\/u\\\/iwellguard\",\"https:\\\/\\\/www.pinterest.com\\\/iwellguard\\\/\",\"https:\\\/\\\/bit.ly\\\/m\\\/iwellguard\",\"https:\\\/\\\/entre-vos-mains.alsace.eu\\\/profiles\\\/iwellguard\\\/activity\",\"https:\\\/\\\/gravatar.com\\\/reallybeded8fd34\",\"https:\\\/\\\/naijamatta.com\\\/iwellguard\",\"https:\\\/\\\/www.goodreads.com\\\/iwellguard\",\"https:\\\/\\\/profile.hatena.ne.jp\\\/iwellguard\\\/\",\"https:\\\/\\\/experiment.com\\\/users\\\/iwellguard\",\"https:\\\/\\\/wakelet.com\\\/@iWellGuard82270\",\"https:\\\/\\\/www.chordie.com\\\/forum\\\/profile.php?id=2555664\",\"https:\\\/\\\/www.instapaper.com\\\/p\\\/17757966\",\"https:\\\/\\\/www.mapleprimes.com\\\/users\\\/iwellguard\",\"https:\\\/\\\/businesslistingplus.com\\\/profile\\\/iwell-guard\\\/\",\"https:\\\/\\\/telegra.ph\\\/iWell-Guard-06-06\",\"https:\\\/\\\/pbase.com\\\/iwellguard\\\/iwellguard\",\"https:\\\/\\\/b.hatena.ne.jp\\\/iwellguard\\\/20260607#bookmark-4788405196491818882\",\"https:\\\/\\\/fliphtml5.com\\\/home\\\/iwellguard\",\"https:\\\/\\\/anyflip.com\\\/homepage\\\/cmiwl#About\",\"https:\\\/\\\/transfur.com\\\/Users\\\/iwellguard\",\"http:\\\/\\\/delphi.larsbo.org\\\/user\\\/iwellguard\",\"https:\\\/\\\/jobs.lajobsportal.org\\\/profiles\\\/8380803-iwell-guard\",\"https:\\\/\\\/md.chaosdorf.de\\\/s\\\/jfbe5SBdJD\",\"https:\\\/\\\/www.lingvolive.com\\\/en-us\\\/profile\\\/9ecaeaca-ce11-4e51-9e71-01d55e2bff36\\\/translations\",\"https:\\\/\\\/www.fitday.com\\\/fitness\\\/forums\\\/members\\\/iwellguard.html\",\"https:\\\/\\\/www.mymeetbook.com\\\/iwellguard\",\"https:\\\/\\\/pxhere.com\\\/en\\\/photographer-me\\\/5040798\",\"https:\\\/\\\/disqus.com\\\/by\\\/iwellguard\\\/about\\\/\",\"https:\\\/\\\/pastelink.net\\\/hjwciqwq\",\"https:\\\/\\\/pubhtml5.com\\\/homepage\\\/scjhn\\\/\",\"https:\\\/\\\/www.bitchute.com\\\/channel\\\/2O2eOKzNqujT\",\"https:\\\/\\\/audiomack.com\\\/iwellguard\"]},{\"@type\":\"Article\",\"@id\":\"https:\\\/\\\/iwell-guard.com\\\/sl\\\/ulgen-bog-svetlobe-altajcev\\\/#article\",\"isPartOf\":{\"@id\":\"https:\\\/\\\/iwell-guard.com\\\/sl\\\/ulgen-bog-svetlobe-altajcev\\\/\"},\"author\":{\"name\":\"Ralf Ittermann\",\"@id\":\"https:\\\/\\\/iwell-guard.com\\\/sl\\\/#\\\/schema\\\/person\\\/ee2a27f1cac3406c7c6fb5820cb7349f\"},\"headline\":\"\u00dclgen \u2013 bog svetlobe Altajcev\",\"datePublished\":\"2026-09-05T00:24:59+00:00\",\"dateModified\":\"2026-09-05T00:44:33+00:00\",\"mainEntityOfPage\":{\"@id\":\"https:\\\/\\\/iwell-guard.com\\\/sl\\\/ulgen-bog-svetlobe-altajcev\\\/\"},\"publisher\":{\"@id\":\"https:\\\/\\\/iwell-guard.com\\\/sl\\\/#organization\"},\"image\":{\"@id\":\"https:\\\/\\\/iwell-guard.com\\\/sl\\\/ulgen-bog-svetlobe-altajcev\\\/#primaryimage\"},\"thumbnailUrl\":\"https:\\\/\\\/iwell-guard.com\\\/wp-content\\\/uploads\\\/2026\\\/05\\\/goetter_sibirisch-tengrismus_uelgen.webp\",\"inLanguage\":\"sl-SI\",\"description\":\"\u00dclgen je v ju\u017enosibirskem tengrizmu stvarnik in bog svetlobe zgornjega sveta. Predstavitev z mitom in kultom.\"}]}<\/script>\n<!-- \/ Yoast SEO Premium plugin. -->","yoast_head_json":{"title":"\u00dclgen \u2013 altajski bog svetlobe, stvarjenje in viri","description":"\u00dclgen je v ju\u017enosibirskem tengrizmu stvarnik in bog svetlobe zgornjega sveta. Predstavitev z mitom in kultom.","robots":{"index":"index","follow":"follow","max-snippet":"max-snippet:-1","max-image-preview":"max-image-preview:large","max-video-preview":"max-video-preview:-1"},"canonical":"https:\/\/iwell-guard.com\/sl\/ulgen-bog-svetlobe-altajcev\/","og_locale":"sl_SI","og_type":"article","og_title":"\u00dclgen \u2013 bog svetlobe Altajcev","og_description":"\u00dclgen je v ju\u017enosibirskem tengrizmu stvarnik in bog svetlobe zgornjega sveta. Predstavitev z mitom in kultom.","og_url":"https:\/\/iwell-guard.com\/sl\/ulgen-bog-svetlobe-altajcev\/","og_site_name":"iWell Guard","article_modified_time":"2026-09-05T00:44:33+00:00","og_image":[{"width":1024,"height":1536,"url":"https:\/\/iwell-guard.com\/wp-content\/uploads\/2026\/05\/goetter_sibirisch-tengrismus_uelgen.webp","type":"image\/webp"}],"twitter_card":"summary_large_image","schema":{"@context":"https:\/\/schema.org","@graph":[{"@type":"Article","@id":"https:\/\/iwell-guard.com\/sl\/ulgen-bog-svetlobe-altajcev\/#article","isPartOf":{"@id":"https:\/\/iwell-guard.com\/sl\/ulgen-bog-svetlobe-altajcev\/"},"author":{"name":"Ralf Ittermann","@id":"https:\/\/iwell-guard.com\/sl\/#\/schema\/person\/ee2a27f1cac3406c7c6fb5820cb7349f"},"headline":"\u00dclgen \u2013 bog svetlobe Altajcev","datePublished":"2026-09-05T00:24:59+00:00","dateModified":"2026-09-05T00:44:33+00:00","mainEntityOfPage":{"@id":"https:\/\/iwell-guard.com\/sl\/ulgen-bog-svetlobe-altajcev\/"},"publisher":{"@id":"https:\/\/iwell-guard.com\/sl\/#organization"},"image":{"@id":"https:\/\/iwell-guard.com\/sl\/ulgen-bog-svetlobe-altajcev\/#primaryimage"},"thumbnailUrl":"https:\/\/iwell-guard.com\/wp-content\/uploads\/2026\/05\/goetter_sibirisch-tengrismus_uelgen.webp","inLanguage":"sl-SI","description":"\u00dclgen je v ju\u017enosibirskem tengrizmu stvarnik in bog svetlobe zgornjega sveta. Predstavitev z mitom in kultom."},{"@type":"WebPage","@id":"https:\/\/iwell-guard.com\/sl\/ulgen-bog-svetlobe-altajcev\/","url":"https:\/\/iwell-guard.com\/sl\/ulgen-bog-svetlobe-altajcev\/","name":"\u00dclgen \u2013 altajski bog svetlobe, stvarjenje in viri","isPartOf":{"@id":"https:\/\/iwell-guard.com\/sl\/#website"},"primaryImageOfPage":{"@id":"https:\/\/iwell-guard.com\/sl\/ulgen-bog-svetlobe-altajcev\/#primaryimage"},"image":{"@id":"https:\/\/iwell-guard.com\/sl\/ulgen-bog-svetlobe-altajcev\/#primaryimage"},"thumbnailUrl":"https:\/\/iwell-guard.com\/wp-content\/uploads\/2026\/05\/goetter_sibirisch-tengrismus_uelgen.webp","datePublished":"2026-09-05T00:24:59+00:00","dateModified":"2026-09-05T00:44:33+00:00","description":"\u00dclgen je v ju\u017enosibirskem tengrizmu stvarnik in bog svetlobe zgornjega sveta. Predstavitev z mitom in kultom.","breadcrumb":{"@id":"https:\/\/iwell-guard.com\/sl\/ulgen-bog-svetlobe-altajcev\/#breadcrumb"},"inLanguage":"sl-SI","potentialAction":[{"@type":"ReadAction","target":["https:\/\/iwell-guard.com\/sl\/ulgen-bog-svetlobe-altajcev\/"]}]},{"@type":"ImageObject","inLanguage":"sl-SI","@id":"https:\/\/iwell-guard.com\/sl\/ulgen-bog-svetlobe-altajcev\/#primaryimage","url":"https:\/\/iwell-guard.com\/wp-content\/uploads\/2026\/05\/goetter_sibirisch-tengrismus_uelgen.webp","contentUrl":"https:\/\/iwell-guard.com\/wp-content\/uploads\/2026\/05\/goetter_sibirisch-tengrismus_uelgen.webp","width":1024,"height":1536,"caption":"Bogovi iz sibirsko-tengristi\u010dne tradicije."},{"@type":"BreadcrumbList","@id":"https:\/\/iwell-guard.com\/sl\/ulgen-bog-svetlobe-altajcev\/#breadcrumb","itemListElement":[{"@type":"ListItem","position":1,"name":"Start","item":"https:\/\/iwell-guard.com\/sl\/?page_id=160323"},{"@type":"ListItem","position":2,"name":"\u00dclgen \u2013 bog svetlobe Altajcev"}]},{"@type":"WebSite","@id":"https:\/\/iwell-guard.com\/sl\/#website","url":"https:\/\/iwell-guard.com\/sl\/","name":"iWell Guard","description":"Schutz vor dunklen Einfl\u00fcssen","publisher":{"@id":"https:\/\/iwell-guard.com\/sl\/#organization"},"potentialAction":[{"@type":"SearchAction","target":{"@type":"EntryPoint","urlTemplate":"https:\/\/iwell-guard.com\/sl\/?s={search_term_string}"},"query-input":{"@type":"PropertyValueSpecification","valueRequired":true,"valueName":"search_term_string"}}],"inLanguage":"sl-SI"},{"@type":"Organization","@id":"https:\/\/iwell-guard.com\/sl\/#organization","name":"Ittermann electronic GmbH","url":"https:\/\/iwell-guard.com\/sl\/","logo":{"@type":"ImageObject","inLanguage":"sl-SI","@id":"https:\/\/iwell-guard.com\/sl\/#\/schema\/logo\/image\/","url":"https:\/\/iwell-guard.com\/wp-content\/uploads\/2026\/05\/Ittermann-Logo-1182x237-1.png","contentUrl":"https:\/\/iwell-guard.com\/wp-content\/uploads\/2026\/05\/Ittermann-Logo-1182x237-1.png","width":1182,"height":237,"caption":"Ittermann electronic GmbH"},"image":{"@id":"https:\/\/iwell-guard.com\/sl\/#\/schema\/logo\/image\/"},"sameAs":["https:\/\/pantip.com\/profile\/9367242","https:\/\/micro.blog\/iwellguard","https:\/\/www.diggerslist.com\/iwellguard\/about","https:\/\/skitterphoto.com\/photographers\/2870314\/iwell-guard","https:\/\/iwellguard.wordpress.com\/2026\/06\/06\/iwell-guard\/","https:\/\/hub.docker.com\/u\/iwellguard","https:\/\/www.pinterest.com\/iwellguard\/","https:\/\/bit.ly\/m\/iwellguard","https:\/\/entre-vos-mains.alsace.eu\/profiles\/iwellguard\/activity","https:\/\/gravatar.com\/reallybeded8fd34","https:\/\/naijamatta.com\/iwellguard","https:\/\/www.goodreads.com\/iwellguard","https:\/\/profile.hatena.ne.jp\/iwellguard\/","https:\/\/experiment.com\/users\/iwellguard","https:\/\/wakelet.com\/@iWellGuard82270","https:\/\/www.chordie.com\/forum\/profile.php?id=2555664","https:\/\/www.instapaper.com\/p\/17757966","https:\/\/www.mapleprimes.com\/users\/iwellguard","https:\/\/businesslistingplus.com\/profile\/iwell-guard\/","https:\/\/telegra.ph\/iWell-Guard-06-06","https:\/\/pbase.com\/iwellguard\/iwellguard","https:\/\/b.hatena.ne.jp\/iwellguard\/20260607#bookmark-4788405196491818882","https:\/\/fliphtml5.com\/home\/iwellguard","https:\/\/anyflip.com\/homepage\/cmiwl#About","https:\/\/transfur.com\/Users\/iwellguard","http:\/\/delphi.larsbo.org\/user\/iwellguard","https:\/\/jobs.lajobsportal.org\/profiles\/8380803-iwell-guard","https:\/\/md.chaosdorf.de\/s\/jfbe5SBdJD","https:\/\/www.lingvolive.com\/en-us\/profile\/9ecaeaca-ce11-4e51-9e71-01d55e2bff36\/translations","https:\/\/www.fitday.com\/fitness\/forums\/members\/iwellguard.html","https:\/\/www.mymeetbook.com\/iwellguard","https:\/\/pxhere.com\/en\/photographer-me\/5040798","https:\/\/disqus.com\/by\/iwellguard\/about\/","https:\/\/pastelink.net\/hjwciqwq","https:\/\/pubhtml5.com\/homepage\/scjhn\/","https:\/\/www.bitchute.com\/channel\/2O2eOKzNqujT","https:\/\/audiomack.com\/iwellguard"]},{"@type":"Person","@id":"https:\/\/iwell-guard.com\/sl\/#\/schema\/person\/ee2a27f1cac3406c7c6fb5820cb7349f","name":"Ralf Ittermann","image":{"@type":"ImageObject","inLanguage":"sl-SI","@id":"https:\/\/secure.gravatar.com\/avatar\/073c0153e350a5005b68eb752b445fea71f6b24a26da9449ad7e155e6b446c9d?s=96&d=mm&r=g","url":"https:\/\/secure.gravatar.com\/avatar\/073c0153e350a5005b68eb752b445fea71f6b24a26da9449ad7e155e6b446c9d?s=96&d=mm&r=g","contentUrl":"https:\/\/secure.gravatar.com\/avatar\/073c0153e350a5005b68eb752b445fea71f6b24a26da9449ad7e155e6b446c9d?s=96&d=mm&r=g","caption":"Ralf Ittermann"},"givenName":"Ralf","familyName":"Ittermann","jobTitle":"Gesch\u00e4ftsf\u00fchrer und redaktioneller Verantwortlicher","url":"https:\/\/iwell-guard.com\/sl\/author\/claude\/","description":"Ralf Ittermann ist Gesch\u00e4ftsf\u00fchrer der Ittermann electronic GmbH und redaktioneller Verantwortlicher des iWell-Guard-Lexikons. Er verbindet langj\u00e4hrige Erfahrung in der Pr\u00e4zisionsfertigung mit medialer Praxis und religionsgeschichtlicher Quellenarbeit.","worksFor":{"@type":"Organization","name":"Ittermann electronic GmbH","url":"https:\/\/ittermann.de\/","address":{"@type":"PostalAddress","streetAddress":"K\u00f6hlergasse 16-18","postalCode":"99842","addressLocality":"Ruhla","addressCountry":"DE"}},"knowsAbout":["Religionsgeschichte","Mythologie","Mediale Praxis","Energetische Diagnostik","Schutzpraxis","Volksglauben","Westliche Esoterik"]},{"@type":"Article","@id":"https:\/\/iwell-guard.com\/sl\/ulgen-bog-svetlobe-altajcev\/#article","isPartOf":{"@id":"https:\/\/iwell-guard.com\/sl\/ulgen-bog-svetlobe-altajcev\/"},"author":{"name":"Ralf Ittermann","@id":"https:\/\/iwell-guard.com\/sl\/#\/schema\/person\/ee2a27f1cac3406c7c6fb5820cb7349f"},"headline":"\u00dclgen \u2013 bog svetlobe Altajcev","datePublished":"2026-09-05T00:24:59+00:00","dateModified":"2026-09-05T00:44:33+00:00","mainEntityOfPage":{"@id":"https:\/\/iwell-guard.com\/sl\/ulgen-bog-svetlobe-altajcev\/"},"publisher":{"@id":"https:\/\/iwell-guard.com\/sl\/#organization"},"image":{"@id":"https:\/\/iwell-guard.com\/sl\/ulgen-bog-svetlobe-altajcev\/#primaryimage"},"thumbnailUrl":"https:\/\/iwell-guard.com\/wp-content\/uploads\/2026\/05\/goetter_sibirisch-tengrismus_uelgen.webp","inLanguage":"sl-SI","description":"\u00dclgen je v ju\u017enosibirskem tengrizmu stvarnik in bog svetlobe zgornjega sveta. Predstavitev z mitom in kultom."}]}},"_links":{"self":[{"href":"https:\/\/iwell-guard.com\/sl\/wp-json\/wp\/v2\/pages\/160726","targetHints":{"allow":["GET"]}}],"collection":[{"href":"https:\/\/iwell-guard.com\/sl\/wp-json\/wp\/v2\/pages"}],"about":[{"href":"https:\/\/iwell-guard.com\/sl\/wp-json\/wp\/v2\/types\/page"}],"author":[{"embeddable":true,"href":"https:\/\/iwell-guard.com\/sl\/wp-json\/wp\/v2\/users\/3"}],"replies":[{"embeddable":true,"href":"https:\/\/iwell-guard.com\/sl\/wp-json\/wp\/v2\/comments?post=160726"}],"version-history":[{"count":0,"href":"https:\/\/iwell-guard.com\/sl\/wp-json\/wp\/v2\/pages\/160726\/revisions"}],"wp:featuredmedia":[{"embeddable":true,"href":"https:\/\/iwell-guard.com\/sl\/wp-json\/wp\/v2\/media\/2858"}],"wp:attachment":[{"href":"https:\/\/iwell-guard.com\/sl\/wp-json\/wp\/v2\/media?parent=160726"}],"wp:term":[{"taxonomy":"category","embeddable":true,"href":"https:\/\/iwell-guard.com\/sl\/wp-json\/wp\/v2\/categories?post=160726"}],"curies":[{"name":"wp","href":"https:\/\/api.w.org\/{rel}","templated":true}]}}