{"id":160722,"date":"2026-09-05T00:24:55","date_gmt":"2026-09-05T00:24:55","guid":{"rendered":"https:\/\/iwell-guard.com\/?page_id=160722"},"modified":"2026-09-05T00:44:28","modified_gmt":"2026-09-05T00:44:28","slug":"reshef-fenicanski-bog-kuge-in-vojne","status":"publish","type":"page","link":"https:\/\/iwell-guard.com\/sl\/reshef-fenicanski-bog-kuge-in-vojne\/","title":{"rendered":"Reshef \u2013 feni\u010danski bog kuge in vojne"},"content":{"rendered":"\t\t<div data-elementor-type=\"wp-page\" data-elementor-id=\"160722\" class=\"elementor elementor-160722 elementor-2633 elementor-bc-flex-widget\" data-elementor-post-type=\"page\">\n\t\t\t\t<div class=\"elementor-element elementor-element-iwgw-reshef-hero e-flex e-con-boxed e-con e-parent\" data-id=\"iwgw-reshef-hero\" data-element_type=\"container\" data-e-type=\"container\" data-settings=\"{&quot;background_background&quot;:&quot;classic&quot;}\">\n\t\t\t\t\t<div class=\"e-con-inner\">\n\t\t<div class=\"elementor-element elementor-element-iwgw-reshef-hl e-flex e-con-boxed e-con e-child\" data-id=\"iwgw-reshef-hl\" data-element_type=\"container\" data-e-type=\"container\">\n\t\t\t\t\t<div class=\"e-con-inner\">\n\t\t<div class=\"elementor-element elementor-element-iwgw-reshef-htxt e-con-full e-flex e-con e-child\" data-id=\"iwgw-reshef-htxt\" data-element_type=\"container\" data-e-type=\"container\">\n\t\t\t\t<div class=\"elementor-element elementor-element-iwgw-reshef-h1 elementor-widget elementor-widget-heading\" data-id=\"iwgw-reshef-h1\" data-element_type=\"widget\" data-e-type=\"widget\" data-widget_type=\"heading.default\">\n\t\t\t\t\t<h1 class=\"elementor-heading-title elementor-size-default\">Reshef, feni\u010dansko-kanaanski bog kuge in vojne<\/h1>\t\t\t\t<\/div>\n\t\t\t\t<div class=\"elementor-element elementor-element-iwgw-reshef-lead elementor-widget elementor-widget-text-editor\" data-id=\"iwgw-reshef-lead\" data-element_type=\"widget\" data-e-type=\"widget\" data-widget_type=\"text-editor.default\">\n\t\t\t\t\t\t\t\t\t<p>Reshef (feni\u010dansko <em>r\u0161p<\/em>, ugaritsko <em>r\u0161p<\/em>) je feni\u010dansko-kanaanski bog kuge, vojne in loka. \u010casten je bil na Bli\u017enjem vzhodu in v faraonskem Egiptu kot ambivalentna mo\u010d: prina\u0161alec bolezni in smrti, obenem pa tudi varuh pred temi zli.<\/p>\t\t\t\t\t\t\t\t<\/div>\n\t\t\t\t<\/div>\n\t\t<div class=\"elementor-element elementor-element-iwgw-reshef-pillc e-con-full e-flex e-con e-child\" data-id=\"iwgw-reshef-pillc\" data-element_type=\"container\" data-e-type=\"container\">\n\t\t\t\t<div class=\"elementor-element elementor-element-iwgw-reshef-pills elementor-widget elementor-widget-html\" data-id=\"iwgw-reshef-pills\" data-element_type=\"widget\" data-e-type=\"widget\" data-widget_type=\"html.default\">\n\t\t\t\t\t<div class=\"iwg-pill-row\"><span class=\"iwg-klasse-badge\" tabindex=\"0\" data-tooltip=\"Bog tradicije Feni\u010danska.\">Bog<\/span><a href=\"https:\/\/iwell-guard.com\/sl\/fenicani-kartagina-baal-tanit-zascita\/\" class=\"iwg-kultur-badge\" tabindex=\"0\" data-tooltip=\"Mitologija tradicije Feni\u010danska.\">Feni\u010danska<\/a><span class=\"iwg-tradition-badge\" tabindex=\"0\" data-tooltip=\"Bog kuge in vojne.\">Bog kuge in vojne<\/span><\/div>\t\t\t\t<\/div>\n\t\t\t\t<\/div>\n\t\t<div class=\"elementor-element elementor-element-iwgw-reshef-tocc e-con-full e-flex e-con e-child\" data-id=\"iwgw-reshef-tocc\" data-element_type=\"container\" data-e-type=\"container\">\n\t\t\t\t<div class=\"elementor-element elementor-element-iwgw-reshef-toc elementor-toc--minimized-on-tablet elementor-widget elementor-widget-table-of-contents\" data-id=\"iwgw-reshef-toc\" data-element_type=\"widget\" data-e-type=\"widget\" data-settings=\"{&quot;headings_by_tags&quot;:[&quot;h2&quot;,&quot;h3&quot;],&quot;minimize_box&quot;:&quot;yes&quot;,&quot;marker_view&quot;:&quot;bullets&quot;,&quot;no_headings_message&quot;:&quot;Na tej strani ni najdenih naslovov.&quot;,&quot;exclude_headings_by_selector&quot;:[],&quot;icon&quot;:{&quot;value&quot;:&quot;fas fa-circle&quot;,&quot;library&quot;:&quot;fa-solid&quot;,&quot;rendered_tag&quot;:&quot;&lt;svg class=\\&quot;e-font-icon-svg e-fas-circle\\&quot; viewBox=\\&quot;0 0 512 512\\&quot; xmlns=\\&quot;http:\\\/\\\/www.w3.org\\\/2000\\\/svg\\&quot;&gt;&lt;path d=\\&quot;M256 8C119 8 8 119 8 256s111 248 248 248 248-111 248-248S393 8 256 8z\\&quot;&gt;&lt;\\\/path&gt;&lt;\\\/svg&gt;&quot;},&quot;minimized_on&quot;:&quot;tablet&quot;,&quot;hierarchical_view&quot;:&quot;yes&quot;,&quot;min_height&quot;:{&quot;unit&quot;:&quot;px&quot;,&quot;size&quot;:&quot;&quot;,&quot;sizes&quot;:[]},&quot;min_height_tablet&quot;:{&quot;unit&quot;:&quot;px&quot;,&quot;size&quot;:&quot;&quot;,&quot;sizes&quot;:[]},&quot;min_height_mobile&quot;:{&quot;unit&quot;:&quot;px&quot;,&quot;size&quot;:&quot;&quot;,&quot;sizes&quot;:[]}}\" data-widget_type=\"table-of-contents.default\">\n\t\t\t\t\t\t\t\t\t<div class=\"elementor-toc__header\">\n\t\t\t\t\t\t<h2 class=\"elementor-toc__header-title\">\n\t\t\t\tKazalo vsebine\t\t\t<\/h2>\n\t\t\t\t\t\t\t\t\t\t<div class=\"elementor-toc__toggle-button elementor-toc__toggle-button--expand\" role=\"button\" tabindex=\"0\" aria-controls=\"elementor-toc__iwgw-reshef-toc\" aria-expanded=\"true\" aria-label=\"Open table of contents\"><svg aria-hidden=\"true\" class=\"e-font-icon-svg e-fas-chevron-down\" viewBox=\"0 0 448 512\" xmlns=\"http:\/\/www.w3.org\/2000\/svg\"><path d=\"M207.029 381.476L12.686 187.132c-9.373-9.373-9.373-24.569 0-33.941l22.667-22.667c9.357-9.357 24.522-9.375 33.901-.04L224 284.505l154.745-154.021c9.379-9.335 24.544-9.317 33.901.04l22.667 22.667c9.373 9.373 9.373 24.569 0 33.941L240.971 381.476c-9.373 9.372-24.569 9.372-33.942 0z\"><\/path><\/svg><\/div>\n\t\t\t\t<div class=\"elementor-toc__toggle-button elementor-toc__toggle-button--collapse\" role=\"button\" tabindex=\"0\" aria-controls=\"elementor-toc__iwgw-reshef-toc\" aria-expanded=\"true\" aria-label=\"Close table of contents\"><svg aria-hidden=\"true\" class=\"e-font-icon-svg e-fas-chevron-up\" viewBox=\"0 0 448 512\" xmlns=\"http:\/\/www.w3.org\/2000\/svg\"><path d=\"M240.971 130.524l194.343 194.343c9.373 9.373 9.373 24.569 0 33.941l-22.667 22.667c-9.357 9.357-24.522 9.375-33.901.04L224 227.495 69.255 381.516c-9.379 9.335-24.544 9.317-33.901-.04l-22.667-22.667c-9.373-9.373-9.373-24.569 0-33.941L207.03 130.525c9.372-9.373 24.568-9.373 33.941-.001z\"><\/path><\/svg><\/div>\n\t\t\t\t\t<\/div>\n\t\t\t\t<div id=\"elementor-toc__iwgw-reshef-toc\" class=\"elementor-toc__body\">\n\t\t\t<div class=\"elementor-toc__spinner-container\">\n\t\t\t\t<svg class=\"elementor-toc__spinner eicon-animation-spin e-font-icon-svg e-eicon-loading\" aria-hidden=\"true\" viewBox=\"0 0 1000 1000\" xmlns=\"http:\/\/www.w3.org\/2000\/svg\"><path d=\"M500 975V858C696 858 858 696 858 500S696 142 500 142 142 304 142 500H25C25 237 238 25 500 25S975 237 975 500 763 975 500 975Z\"><\/path><\/svg>\t\t\t<\/div>\n\t\t<\/div>\n\t\t\t\t\t\t<\/div>\n\t\t\t\t<\/div>\n\t\t\t\t\t<\/div>\n\t\t\t\t<\/div>\n\t\t<div class=\"elementor-element elementor-element-iwgw-reshef-hr e-con-full e-flex e-con e-child\" data-id=\"iwgw-reshef-hr\" data-element_type=\"container\" data-e-type=\"container\">\n\t\t\t\t<div class=\"elementor-element elementor-element-iwgw-reshef-heroimg iwg-hero-image elementor-widget elementor-widget-image\" data-id=\"iwgw-reshef-heroimg\" data-element_type=\"widget\" data-e-type=\"widget\" data-widget_type=\"image.default\">\n\t\t\t\t\t\t\t\t\t\t\t\t\t\t\t<img fetchpriority=\"high\" decoding=\"async\" width=\"683\" height=\"1024\" src=\"https:\/\/iwell-guard.com\/wp-content\/uploads\/2026\/05\/goetter_phoenizisch_reshef-683x1024.webp\" class=\"attachment-large size-large wp-image-162549\" alt=\"Re\u0161ef - bogovi iz feni\u010danske tradicije, zgodovinsko-ilustrativno\" srcset=\"https:\/\/iwell-guard.com\/wp-content\/uploads\/2026\/05\/goetter_phoenizisch_reshef-683x1024.webp 683w, https:\/\/iwell-guard.com\/wp-content\/uploads\/2026\/05\/goetter_phoenizisch_reshef-200x300.webp 200w, https:\/\/iwell-guard.com\/wp-content\/uploads\/2026\/05\/goetter_phoenizisch_reshef-768x1152.webp 768w, https:\/\/iwell-guard.com\/wp-content\/uploads\/2026\/05\/goetter_phoenizisch_reshef.webp 1024w\" sizes=\"(max-width: 683px) 100vw, 683px\" \/>\t\t\t\t\t\t\t\t\t\t\t\t\t\t\t<\/div>\n\t\t\t\t<\/div>\n\t\t\t\t\t<\/div>\n\t\t\t\t<\/div>\n\t\t\t\t<section class=\"elementor-section elementor-top-section elementor-element elementor-element-sec-iwgcomp2-reshef elementor-section-boxed elementor-section-height-default elementor-section-height-default\" data-id=\"sec-iwgcomp2-reshef\" data-element_type=\"section\" data-e-type=\"section\">\n\t\t\t\t\t\t<div class=\"elementor-container elementor-column-gap-default\">\n\t\t\t\t\t<div class=\"elementor-column elementor-col-100 elementor-top-column elementor-element elementor-element-col-iwgcomp2-reshef\" data-id=\"col-iwgcomp2-reshef\" data-element_type=\"column\" data-e-type=\"column\">\n\t\t\t<div class=\"elementor-widget-wrap elementor-element-populated\">\n\t\t\t\t\t\t<div class=\"elementor-element elementor-element-iwgcomp2-reshef elementor-widget elementor-widget-text-editor\" data-id=\"iwgcomp2-reshef\" data-element_type=\"widget\" data-e-type=\"widget\" data-widget_type=\"text-editor.default\">\n\t\t\t\t\t\t\t\t\t<p>Reshef se v besedilih Ugarita in Levante pojavlja kot <strong>feni\u010dansko-kanaanski<\/strong> bog kuge in vojne.<\/p>\t\t\t\t\t\t\t\t<\/div>\n\t\t\t\t\t<\/div>\n\t\t<\/div>\n\t\t\t\t\t<\/div>\n\t\t<\/section>\n\t\t<div class=\"elementor-element elementor-element-iwgw-reshef-s0 e-flex e-con-boxed e-con e-parent\" data-id=\"iwgw-reshef-s0\" data-element_type=\"container\" data-e-type=\"container\">\n\t\t\t\t\t<div class=\"e-con-inner\">\n\t\t\t\t<div class=\"elementor-element elementor-element-iwgw-reshef-s0h elementor-widget elementor-widget-heading\" data-id=\"iwgw-reshef-s0h\" data-element_type=\"widget\" data-e-type=\"widget\" data-widget_type=\"heading.default\">\n\t\t\t\t\t<h2 class=\"elementor-heading-title elementor-size-default\">Umestitev in kratek profil<\/h2>\t\t\t\t<\/div>\n\t\t<div class=\"elementor-element elementor-element-iwgw-reshef-s0c e-con-full e-flex e-con e-child\" data-id=\"iwgw-reshef-s0c\" data-element_type=\"container\" data-e-type=\"container\">\n\t\t\t\t<div class=\"elementor-element elementor-element-iwgw-reshef-s0t elementor-widget elementor-widget-text-editor\" data-id=\"iwgw-reshef-s0t\" data-element_type=\"widget\" data-e-type=\"widget\" data-widget_type=\"text-editor.default\">\n\t\t\t\t\t\t\t\t\t<p>Reshef spada med najstarej\u0161e bogove zapadnosemitske tradicije; izpri\u010dan je od starosirijskega obdobja (konec 3. tiso\u010dletja pr. n. \u0161t.) v Ebli, dejaven pa ostaja vse do helenisti\u010dno-rimskega obdobja.<\/p><p>Sabatino Moscati je v delu <em>Die Ph\u00f6niker<\/em> (1966) pokazal, da je Reshef imel pomembno vlogo v skoraj vsaki feni\u010danski mestni dr\u017eavi; njegov profil boga kuge in vojne ga dela ambivalentnega, hkrati zbujajo\u010dega strah in zaklican na pomo\u010d.<\/p><p>Paolo Xella je v delu <em>I testi rituali di Ugarit<\/em> (1981), Maciej M\u00fcnnich pa v delu <em>The God Resheph<\/em> (2013) iz\u010drpno preu\u010dila besedila o Reshefu. M\u00fcnnichova monografija je najobse\u017enej\u0161a sodobna \u0161tudija o tem bogu in standardna referenca. Znotraj <a href=\"https:\/\/iwell-guard.com\/sl\/fenicani-kartagina-baal-tanit-zascita\/\">feni\u010danske tradicije<\/a> je Reshef prototipski ambivalentni bog bolezni in nasilne smrti.<\/p><p>V zgodovini religij Reshef spada v mednarodno dru\u017eino bogov &#8216;ku\u017ene pu\u0161\u010dice&#8217;, ki se pojavljajo v skoraj vseh predazijskih mitologijah: Erra\/Nergal v Mezopotamiji, ku\u017eni vidiki gr\u0161kega Apolona, hetitski Yarri in ve\u010d drugih. Ti bogovi po\u0161iljajo pu\u0161\u010dice, ki prina\u0161ajo bolezen in smrt, hkrati pa jih je mogo\u010de zaklicati za varstvo pred temi zli. Ta ambivalenca je klju\u010dna lastnost Reshefovega profila.<\/p><p>Posebna zna\u010dilnost Reshefa je povezava s konjem: v ugaritskih besedilih je ob\u010dasno imenovan &#8216;Reshef konjev&#8217;, kar morda ka\u017ee na funkcijo varuha bojnih voz. Ta \u0161irina funkcij, kuga, vojna, konj, lok, dela Reshefa za kompleksnega boga z ve\u010d vidiki.<\/p>\t\t\t\t\t\t\t\t<\/div>\n\t\t\t\t<\/div>\n\t\t\t\t\t<\/div>\n\t\t\t\t<\/div>\n\t\t<div class=\"elementor-element elementor-element-iwgw-reshef-s1 e-flex e-con-boxed e-con e-parent\" data-id=\"iwgw-reshef-s1\" data-element_type=\"container\" data-e-type=\"container\">\n\t\t\t\t\t<div class=\"e-con-inner\">\n\t\t\t\t<div class=\"elementor-element elementor-element-iwgw-reshef-s1h elementor-widget elementor-widget-heading\" data-id=\"iwgw-reshef-s1h\" data-element_type=\"widget\" data-e-type=\"widget\" data-widget_type=\"heading.default\">\n\t\t\t\t\t<h2 class=\"elementor-heading-title elementor-size-default\">Ime in etimologija<\/h2>\t\t\t\t<\/div>\n\t\t<div class=\"elementor-element elementor-element-iwgw-reshef-s1c e-con-full e-flex e-con e-child\" data-id=\"iwgw-reshef-s1c\" data-element_type=\"container\" data-e-type=\"container\">\n\t\t\t\t<div class=\"elementor-element elementor-element-iwgw-reshef-s1t elementor-widget elementor-widget-text-editor\" data-id=\"iwgw-reshef-s1t\" data-element_type=\"widget\" data-e-type=\"widget\" data-widget_type=\"text-editor.default\">\n\t\t\t\t\t\t\t\t\t<p>Ime <em>r\u0161p<\/em> je zapadnosemitsko; etimologija ni dokon\u010dno pojasnjena. Ena verjetna razlaga ga povezuje s korenom <em>r\u0161p<\/em> &#8216;plamen, blisk, iskra&#8217;, kar bi ustrezalo njegovi ikonografiji pu\u0161\u010dice in kuge. V hebrej\u0161\u010dini se <em>re\u0161ef<\/em> pojavlja kot samostalnik za &#8216;pu\u0161\u010dica&#8217; ali &#8216;ognjena bolezen&#8217; (5 Mz 32,24; Job 5,7; Vp 8,6), kar je neposredna semanti\u010dna dedi\u0161\u010dina.<\/p><p>V napisih se pojavlja kot <em>r\u0161p<\/em>, pogosto z vzdevki: Reshef-Hagab (&#8216;Reshef kobilice&#8217;), Reshef-Mlk (&#8216;Reshef kralj&#8217;), Reshef-\u0160uluman (&#8216;Reshef miru&#8217;). Ta raznolikost vzdevkov odra\u017ea njegove \u0161tevilne hipostaze v razli\u010dnih lokalnih kontekstih. V Ebli se pojavlja \u017ee v 24. stoletju pr. n. \u0161t.; v Ugaritu je vidnej\u0161i bog.<\/p><p>V Egiptu se od Novega kraljestva pojavlja kot &#8216;Reshep&#8217;, uvo\u017een v egiptovski <span class=\"iwg-fachbegriff\" data-tooltip=\"Celota bogov neke religije ali kulture.\" tabindex=\"0\">panteon<\/span>. Faraon Amenhotep II. (15. stoletje pr. n. \u0161t.) ga je \u010dastil kot boga vojne in loka; na \u0161tevilnih stelah iz obmo\u010dja Teb se pojavlja kot bradat bojevnik s \u010delado in lokom.<\/p><p>Egiptovsko \u010da\u0161\u010denje Reshefa je izjemen primer prevzema v zgodovini religij, ki ga podrobno obravnavajo \u0161tudije Izaka Corneliusa (<em>The Iconography of the Canaanite Gods Reshef and Ba\u02bfal<\/em>, 1994).<\/p><p>Tudi v aramejskem gradivu 1. tiso\u010dletja pr. n. \u0161t. se Reshef pojavlja v ve\u010d napisih, na primer na <span class=\"iwg-fachbegriff\" data-tooltip=\"Pokon\u010dno stoje\u010da, napisana ali poslikana kamnita ali lesena plo\u0161\u010da.\" tabindex=\"0\">steli<\/span> Bar-Rakiba iz Sam&#8217;ala (8. stoletje pr. n. \u0161t.). Ta aramejska tradicija Reshefa ka\u017ee vztrajnost njegovega \u010da\u0161\u010denja v vzhodnosemitski <span class=\"iwg-fachbegriff\" data-tooltip=\"Prazgodovinska doba po bronasti dobi, zaznamovana z obdelavo \u017eeleza.\" tabindex=\"0\">\u017eelezni dobi<\/span>.<\/p>\t\t\t\t\t\t\t\t<\/div>\n\t\t\t\t<\/div>\n\t\t\t\t\t<\/div>\n\t\t\t\t<\/div>\n\t\t<div class=\"elementor-element elementor-element-iwgw-reshef-s2 e-flex e-con-boxed e-con e-parent\" data-id=\"iwgw-reshef-s2\" data-element_type=\"container\" data-e-type=\"container\">\n\t\t\t\t\t<div class=\"e-con-inner\">\n\t\t\t\t<div class=\"elementor-element elementor-element-iwgw-reshef-s2h elementor-widget elementor-widget-heading\" data-id=\"iwgw-reshef-s2h\" data-element_type=\"widget\" data-e-type=\"widget\" data-widget_type=\"heading.default\">\n\t\t\t\t\t<h2 class=\"elementor-heading-title elementor-size-default\">Opis in ikonografija<\/h2>\t\t\t\t<\/div>\n\t\t<div class=\"elementor-element elementor-element-iwgw-reshef-s2c e-con-full e-flex e-con e-child\" data-id=\"iwgw-reshef-s2c\" data-element_type=\"container\" data-e-type=\"container\">\n\t\t\t\t<div class=\"elementor-element elementor-element-iwgw-reshef-s2t elementor-widget elementor-widget-text-editor\" data-id=\"iwgw-reshef-s2t\" data-element_type=\"widget\" data-e-type=\"widget\" data-widget_type=\"text-editor.default\">\n\t\t\t\t\t\t\t\t\t<p>Reshef se v zapadnosemitski in egiptovski ikonografiji pojavlja kot bradat mo\u0161ki v kratkem predpasniku, s \u010delado ali visoko koni\u010dno kapo, v eni roki z lokom ali bojno sekiro, v drugi s sulico ali \u0161\u010ditom.<\/p><p>Ena zna\u010dilna slikovna tradicija ga prikazuje s pu\u0161\u010dico v dvignjeni roki, pripravljenega za strel; drug slikovni tip ga prikazuje z glavo gazele na \u010delu.<\/p><p>Njegova sveta \u017eival je gazela; na nekaterih upodobitvah jezdi na gazeli ali jo dr\u017ei za rogovje. Gazela je zgodovinsko-religiozno pomenljiva: predstavlja hitrost ku\u017enih pu\u0161\u010dic in mimobe\u017enost bolezni. Tudi konj in bik se ob\u010dasno pojavljata kot njegovi spremljevalki \u017eivali.<\/p><p>V Egiptu je bil Reshef pogosto upodobljen skupaj z Minom (egiptovskim bogom rodovitnosti) in Qadeshet (semitsko boginjo ljubezni, sorodno Astarti) kot trojica; ta &#8216;trojica Reshef-Min-Qadeshet&#8217; se pojavlja na ve\u010d stelah iz Memfisa in Tanisa. Ta egiptovska trojica je samostojen zgodovinski razvoj, ki v mati\u010dni Feniciji ni izpri\u010dan.<\/p><p>Posebna egiptovska slikovna tradicija prikazuje Reshe\u0444a s zna\u010dilno krono &#8216;\u0160sm&#8217; iz obro\u010dev ali koni\u010dastih kap, kar je konvencija, ki ga lo\u010di od egiptovskih bogov in ozna\u010duje njegov semitski izvor.<\/p>\t\t\t\t\t\t\t\t<\/div>\n\t\t\t\t<\/div>\n\t\t\t\t\t<\/div>\n\t\t\t\t<\/div>\n\t\t<div class=\"elementor-element elementor-element-iwgw-reshef-s3 e-flex e-con-boxed e-con e-parent\" data-id=\"iwgw-reshef-s3\" data-element_type=\"container\" data-e-type=\"container\">\n\t\t\t\t\t<div class=\"e-con-inner\">\n\t\t\t\t<div class=\"elementor-element elementor-element-iwgw-reshef-s3h elementor-widget elementor-widget-heading\" data-id=\"iwgw-reshef-s3h\" data-element_type=\"widget\" data-e-type=\"widget\" data-widget_type=\"heading.default\">\n\t\t\t\t\t<h2 class=\"elementor-heading-title elementor-size-default\">Mitolo\u0161ka pripovedovanja<\/h2>\t\t\t\t<\/div>\n\t\t<div class=\"elementor-element elementor-element-iwgw-reshef-s3c e-con-full e-flex e-con e-child\" data-id=\"iwgw-reshef-s3c\" data-element_type=\"container\" data-e-type=\"container\">\n\t\t\t\t<div class=\"elementor-element elementor-element-iwgw-reshef-s3t elementor-widget elementor-widget-text-editor\" data-id=\"iwgw-reshef-s3t\" data-element_type=\"widget\" data-e-type=\"widget\" data-widget_type=\"text-editor.default\">\n\t\t\t\t\t\t\t\t\t<p>O Reshefu se ni ohranilo veliko pravih mitov; gre predvsem za kultno-obredno postavo. V ugaritskih besedilih se ob\u010dasno pojavlja kot bog sla ali bolezni, brez lastnega pripovednega zaporedja. V feni\u010danskih napisih je priklican kot bog kuge in vojne, brez mitolo\u0161ke podlage.<\/p><p>Fragmentarna pripoved povezuje Reshe\u0444a s &#8216;sedmimi pu\u0161\u010dicami&#8217;, ki jih izstreli proti sovra\u017enikom Izraela (tako v hebrejskem gradivu) ali proti sovra\u017enikom Feni\u010danov (v zahodnosemitskih besedilih).<\/p><p>V hebrejski knjigi Habakuk (Hab 3,5) se Reshef pojavi kot spremljevalec Jahveja, ki hodi pred bo\u017eanskim bojevnikom: &#8216;Pred njim gre kuga, Resef pa sledi njegovim korakom.&#8217; Ta dvojna prisotnost je religijsko-zgodovinsko zanimiva in ka\u017ee vztrajnost predstav o Reshefu v hebrejski pesni\u0161ki tradiciji.<\/p><p>V epu o Aqhatu in epu o Keretu je Reshef ob\u010dasno priklican, vendar se ne pojavlja kot dejavna oseba. Maciej M\u00fcnnich je v delu <em>The God Resheph<\/em> (2013) pregledal in komentiral celotno besedilno gradivo; pomanjkanje mitov o Reshefu je ugotovitev, ne pomanjkljivost <span class=\"iwg-fachbegriff\" data-tooltip=\"Prena\u0161anje znanja in pripovedi skozi generacije.\" tabindex=\"0\">izro\u010dila<\/span>.<\/p><p>V Habakukovi teofanijski viziji (Hab 3,3, 6) se Reshef pojavi v vtisljivi postavitvi: pred Jahvejem gredo &#8216;kuga&#8217; (Deber) in &#8216;Reshef&#8217; kot kozmi\u010dni predhodniki.<\/p><p>Ta pozna hebrejska najdba je zgodovinsko izjemno pomembna, ker dokazuje vztrajnost predstav o Reshefu v monoteisti\u010dni <span class=\"iwg-fachbegriff\" data-tooltip=\"Znanstveni nauk o Bogu in veri neke religije.\" tabindex=\"0\">teologiji<\/span>; iz samostojnega boga tu postane &#8216;bo\u017eji sel&#8217; ali poosebitev Jahvejevih kazni.<\/p>\t\t\t\t\t\t\t\t<\/div>\n\t\t\t\t<\/div>\n\t\t\t\t\t<\/div>\n\t\t\t\t<\/div>\n\t\t<div class=\"elementor-element elementor-element-iwgw-reshef-s4 e-flex e-con-boxed e-con e-parent\" data-id=\"iwgw-reshef-s4\" data-element_type=\"container\" data-e-type=\"container\">\n\t\t\t\t\t<div class=\"e-con-inner\">\n\t\t\t\t<div class=\"elementor-element elementor-element-iwgw-reshef-s4h elementor-widget elementor-widget-heading\" data-id=\"iwgw-reshef-s4h\" data-element_type=\"widget\" data-e-type=\"widget\" data-widget_type=\"heading.default\">\n\t\t\t\t\t<h2 class=\"elementor-heading-title elementor-size-default\">Kult in \u010da\u0161\u010denje<\/h2>\t\t\t\t<\/div>\n\t\t<div class=\"elementor-element elementor-element-iwgw-reshef-s4c e-con-full e-flex e-con e-child\" data-id=\"iwgw-reshef-s4c\" data-element_type=\"container\" data-e-type=\"container\">\n\t\t\t\t<div class=\"elementor-element elementor-element-iwgw-reshef-s4t elementor-widget elementor-widget-text-editor\" data-id=\"iwgw-reshef-s4t\" data-element_type=\"widget\" data-e-type=\"widget\" data-widget_type=\"text-editor.default\">\n\t\t\t\t\t\t\t\t\t<p>Glavna kultna mesta Reshefa v Feniciji so bila Biblos, Tir, Sidon, Bejrut, Idalion na Cipru in Sarepta. V faraonskem Egiptu so ga \u010dastili v Memfisu in Tanisu; nekatera besedila omenjajo lastno &#8216;mesto Reshef&#8217; (dana\u0161nji Tell Reshef v Feniciji?), vendar arheolo\u0161ko ni bilo enozna\u010dno potrjeno.<\/p><p>Najpomembnej\u0161i viri so stele in posvetilni napisi; v Kartagini, Motyi in Sulcisu se Reshef redno pojavlja kot prejemnik posvetilnih daril, pogosto skupaj z <a href=\"https:\/\/iwell-guard.com\/sl\/?page_id=160717\">Baal-Hammonom<\/a>, <a href=\"https:\/\/iwell-guard.com\/sl\/?page_id=160716\">Tanit<\/a> ali <a href=\"https:\/\/iwell-guard.com\/sl\/?page_id=160718\">Eshmunom<\/a>. Charles Krahmalkov je v delu <em>A Phoenician-Punic Grammar<\/em> (2001) in Wolfgang R\u00f6llig v zbirki <em>Kanaan\u00e4ische und aram\u00e4ische Inschriften<\/em> zbral najpomembnej\u0161e epigrafske vire.<\/p><p>V faraonskem Egiptu je Reshef spadal med &#8216;azijske bogove&#8217;, ki so bili v Novem kraljestvu dejavno spodbujani.<\/p><p>Faraon Amenhotep II. in njegovi nasledniki so ga \u010dastili kot boga loka in vojne; Reshefove stele se pojavljajo tudi na kraljevskem obmo\u010dju, na primer v tebanskih kraljevih grobnicah. Faraoni so se s Reshefom kot bojevni\u0161ko postavo identificirali in njegovo za\u0161\u010ditno mo\u010d prena\u0161ali na kraljevo osebo.<\/p><p>V faraonskem Egiptu so Reshefa \u010dastile tudi zasebne osebe; znana <span class=\"iwg-fachbegriff\" data-tooltip=\"Pokon\u010dna, popisana ali poslikana kamnita ali lesena plo\u0161\u010da.\" tabindex=\"0\">stela<\/span> iz Tanisa prikazuje zasebnika z imenom &#8216;Pa-Aper-Reshef&#8217;, ki boga prosi za ozdravitev o\u010desne bolezni. Ta zasebna vernost je pomemben pokazatelj ljudske raz\u0161irjenosti kulta v egiptovskem Novem kraljestvu.<\/p>\t\t\t\t\t\t\t\t<\/div>\n\t\t\t\t<\/div>\n\t\t\t\t\t<\/div>\n\t\t\t\t<\/div>\n\t\t<div class=\"elementor-element elementor-element-iwgw-reshef-s5 e-flex e-con-boxed e-con e-parent\" data-id=\"iwgw-reshef-s5\" data-element_type=\"container\" data-e-type=\"container\">\n\t\t\t\t\t<div class=\"e-con-inner\">\n\t\t\t\t<div class=\"elementor-element elementor-element-iwgw-reshef-s5h elementor-widget elementor-widget-heading\" data-id=\"iwgw-reshef-s5h\" data-element_type=\"widget\" data-e-type=\"widget\" data-widget_type=\"heading.default\">\n\t\t\t\t\t<h2 class=\"elementor-heading-title elementor-size-default\">Za\u0161\u010ditna praksa in apotropejsko<\/h2>\t\t\t\t<\/div>\n\t\t<div class=\"elementor-element elementor-element-iwgw-reshef-s5c e-con-full e-flex e-con e-child\" data-id=\"iwgw-reshef-s5c\" data-element_type=\"container\" data-e-type=\"container\">\n\t\t\t\t<div class=\"elementor-element elementor-element-iwgw-reshef-s5t elementor-widget elementor-widget-text-editor\" data-id=\"iwgw-reshef-s5t\" data-element_type=\"widget\" data-e-type=\"widget\" data-widget_type=\"text-editor.default\">\n\t\t\t\t\t\t\t\t\t<p>Reshefova za\u0161\u010ditna vloga je bila dvojna: za\u0161\u010dita pred boleznimi (predvsem epidemijami, vro\u010dico, kugo) in za\u0161\u010dita v vojni. V \u010dasu kuge so ga priklicali za konec epidemije, v \u010dasu vojne pa za zmago nad sovra\u017eniki. Ta dvoumna vloga ga uvr\u0161\u010da med prototipske apotropejske bogove.<\/p><p><span class=\"iwg-fachbegriff\" data-tooltip=\"Odganjajo\u010de zlo: o znakih in predmetih, ki naj bi odganjali \u0161kodljive vplive.\" tabindex=\"0\">Apotropejsko<\/span> so v hi\u0161ah postavljali Reshefove kipce in amulete; v \u0161tevilnih feni\u010danskih najdi\u0161\u010dih so odkrili majhne bronaste figure korakajo\u010dega bojevnika z dvignjeno bojno sekiro. Skarabeji z motivi Reshefovega loka so bili no\u0161eni kot osebni za\u0161\u010ditni amuleti. V Ugaritu so bile raz\u0161irjene &#8216;pu\u0161\u010di\u010dne amulete&#8217; z motivom Reshefovih pu\u0161\u010dic.<\/p><p data-nosnippet=\"true\">V feni\u010danskih osebnih imenih so teofori\u010dna imena z Reshefom pogosta: Bod-Reshef, Reshef-Bar, Reshef-Jaton (&#8216;Reshef je dal&#8217;). Ta pogostost ka\u017ee na intenzivno zasebno vernost. Z znanstvenega vidika je Reshefova dvoumna za\u0161\u010ditna vloga primer starovzhodnega prepri\u010danja, da lahko destruktivna in za\u0161\u010ditna mo\u010d izvirata iz istega vira. iWell Guard obravnava Reshefa kot zgodovinsko-religiologno postavo brez sodobnih obljub o zdravljenju.<\/p><p>Reshefovi lokovi kot amuleti so bili med najbolj raz\u0161irjenimi feni\u010dansko-egiptovskimi za\u0161\u010ditnimi predmeti. Odlagali so jih v grobne pridatke, v bivalne hi\u0161e in v templje. Oblika je bila navadno napet lok ali lok s pu\u0161\u010dico; nekateri so bili popisani z Reshefovim imenom ali s feni\u010danskimi za\u0161\u010ditnimi formulami.<\/p>\t\t\t\t\t\t\t\t<\/div>\n\t\t\t\t<\/div>\n\t\t\t\t\t<\/div>\n\t\t\t\t<\/div>\n\t\t<div class=\"elementor-element elementor-element-iwgw-reshef-s6 e-flex e-con-boxed e-con e-parent\" data-id=\"iwgw-reshef-s6\" data-element_type=\"container\" data-e-type=\"container\">\n\t\t\t\t\t<div class=\"e-con-inner\">\n\t\t\t\t<div class=\"elementor-element elementor-element-iwgw-reshef-s6h elementor-widget elementor-widget-heading\" data-id=\"iwgw-reshef-s6h\" data-element_type=\"widget\" data-e-type=\"widget\" data-widget_type=\"heading.default\">\n\t\t\t\t\t<h2 class=\"elementor-heading-title elementor-size-default\">Vzporednice v drugih kulturah<\/h2>\t\t\t\t<\/div>\n\t\t<div class=\"elementor-element elementor-element-iwgw-reshef-s6c e-con-full e-flex e-con e-child\" data-id=\"iwgw-reshef-s6c\" data-element_type=\"container\" data-e-type=\"container\">\n\t\t\t\t<div class=\"elementor-element elementor-element-iwgw-reshef-s6t elementor-widget elementor-widget-text-editor\" data-id=\"iwgw-reshef-s6t\" data-element_type=\"widget\" data-e-type=\"widget\" data-widget_type=\"text-editor.default\">\n\t\t\t\t\t\t\t\t\t<p>Reshef je zgodovinsko tesno povezan z Nergalom in Erro v Mezopotamiji, obema bogovoma kuge in vojne. Z Erro si deli motiv pu\u0161\u010dice in kuge, kar je <span class=\"iwg-fachbegriff\" data-tooltip=\"Ponavljajo\u010d se vsebinski element v umetnosti ali pripovedi.\" tabindex=\"0\">ponavljajo\u010d se motiv<\/span> v umetnosti in pripovedi; z Nergalom pa podzemno komponento v nekaterih poznej\u0161ih besedilih.<\/p><p>Tudi hetitski Yarri, bog kuge z lokom, mu je funkcionalno tesno soroden; Volkert Haas je v delu <em>Materia Magica et Medica Hethitica<\/em> (2003) obravnaval <a href=\"https:\/\/iwell-guard.com\/sl\/hetitsko-anatolska-tarhunna-zascita\/\">hetitsko<\/a> tradicijo bogov kuge.<\/p><p>Z gr\u0161kim Apolonom si Reshef deli komponento loka in kuge; v Iliadi Apolon izstreli pu\u0161\u010dice kuge na ahajsko vojsko, kar je neposredna vzporednica z Reshefovo ikonografijo. Walter Burkert je v delu <em>Die orientalisierende Epoche<\/em> (1984) opozoril na verjetno posredovanje motiva pu\u0161\u010dice kuge iz zapadnosemitskega prostora v gr\u0161ko Apolonovo tradicijo.<\/p><p>V hebrejskem gradivu je Reshef \u0161e prisoten kot &#8216;re\u0161ef&#8217; za pu\u0161\u010dico in kugo; v Hab 3,5 se pojavlja celo kot bo\u017eji spremljevalec. Ta trajna prisotnost predstav o Reshefu je religijsko-zgodovinsko izjemna. V poznej\u0161i judovski in kr\u0161\u010danski tradiciji je nato reduciran na &#8216;Bo\u017ejo pu\u0161\u010dico&#8217; ali &#8216;nadlogo&#8217;, brez samostojne bo\u017eanskosti.<\/p><p>Tudi na ciprskem Idalionu je bil Reshef pomembno \u010da\u0161\u010den; dvojezi\u010dni <span class=\"iwg-fachbegriff\" data-tooltip=\"Besedilo, vrezano ali vklesano v trden nosilec.\" tabindex=\"0\">napis<\/span> iz Idaliona (5. stoletje pr. n. \u0161t., feni\u010dansko-gr\u0161ki) identificira Reshefa-Mikala z gr\u0161kim Apolonom Amiklajskim. Ta identifikacija je zgodovinsko izjemno pomembna.<\/p>\t\t\t\t\t\t\t\t<\/div>\n\t\t\t\t<\/div>\n\t\t\t\t\t<\/div>\n\t\t\t\t<\/div>\n\t\t<div class=\"elementor-element elementor-element-iwgw-reshef-s7 e-flex e-con-boxed e-con e-parent\" data-id=\"iwgw-reshef-s7\" data-element_type=\"container\" data-e-type=\"container\">\n\t\t\t\t\t<div class=\"e-con-inner\">\n\t\t\t\t<div class=\"elementor-element elementor-element-iwgw-reshef-s7h elementor-widget elementor-widget-heading\" data-id=\"iwgw-reshef-s7h\" data-element_type=\"widget\" data-e-type=\"widget\" data-widget_type=\"heading.default\">\n\t\t\t\t\t<h2 class=\"elementor-heading-title elementor-size-default\">Sodobno sprejemanje in raziskave<\/h2>\t\t\t\t<\/div>\n\t\t<div class=\"elementor-element elementor-element-iwgw-reshef-s7c e-con-full e-flex e-con e-child\" data-id=\"iwgw-reshef-s7c\" data-element_type=\"container\" data-e-type=\"container\">\n\t\t\t\t<div class=\"elementor-element elementor-element-iwgw-reshef-s7t elementor-widget elementor-widget-text-editor\" data-id=\"iwgw-reshef-s7t\" data-element_type=\"widget\" data-e-type=\"widget\" data-widget_type=\"text-editor.default\">\n\t\t\t\t\t\t\t\t\t<p>Raziskave Reshefa so danes na visoki ravni. Monografija Macieja M\u00fcnnicha <em>The God Resheph<\/em> (2013) je standardna referenca; ikonografska \u0161tudija Izaka Corn\u00e9liusa (1994) ponuja egip\u010dansko slikovno zgodovino; Paolo Xella je izdal obredna besedila iz Ugarita. Sabatino Moscati in H\u00e9l\u00e8ne Sader sta prispevala pomembne razprave o feni\u010danskem \u010da\u0161\u010denju Reshefa.<\/p><p>V popularni recepciji je Reshef znan predvsem po svojem egip\u010danskem \u010da\u0161\u010denju in po hebrejsko-svetopisemskih namigih. Duhovna o\u017eivitev v neopaganskem smislu manjka; dvoumni bog kuge in vojne je za sodobne oblike religioznosti preve\u010d tuj in teolo\u0161ko problemati\u010den.<\/p><p>Znanstveno velja Reshef danes za osrednji predmet preu\u010devanja starovzhodne teologije kuge in vojne. Aktualna poudarki raziskav so na razlo\u010devanju lokalnih hipostaz Reshefa, na egip\u010danski triadi Reshef-Min-Kade\u0161et in na vpra\u0161anju poti posredovanja h gr\u0161ki Apolonovi tradiciji. iWell Guard navaja Reshefa kot religijsko-zgodovinski primer brez prakti\u010dnega za\u0161\u010ditnega pomena.<\/p><p>Aktualne raziskave Macieja M\u00fcnnicha in H\u00e9l\u00e8ne Sader postavljajo Reshefa v \u0161ir\u0161i zgodovinski okvir: kot predstavnika starosirsko-zapadnosemitske bo\u017eje dru\u017eine, katere trajanje od 3. tiso\u010dletja pr. n. \u0161t. do <span class=\"iwg-fachbegriff\" data-tooltip=\"Prazgodovinska doba po bronasti dobi, zaznamovana z obdelavo \u017eeleza.\" tabindex=\"0\">\u017eelezne dobe<\/span> predstavlja izjemen religijsko-zgodovinski pojav.<\/p>\t\t\t\t\t\t\t\t<\/div>\n\t\t\t\t<\/div>\n\t\t\t\t\t<\/div>\n\t\t\t\t<\/div>\n\t\t<div class=\"elementor-element elementor-element-iwgw-reshef-s8 e-flex e-con-boxed e-con e-parent\" data-id=\"iwgw-reshef-s8\" data-element_type=\"container\" data-e-type=\"container\">\n\t\t\t\t\t<div class=\"e-con-inner\">\n\t\t\t\t<div class=\"elementor-element elementor-element-iwgw-reshef-s8h elementor-widget elementor-widget-heading\" data-id=\"iwgw-reshef-s8h\" data-element_type=\"widget\" data-e-type=\"widget\" data-widget_type=\"heading.default\">\n\t\t\t\t\t<h2 class=\"elementor-heading-title elementor-size-default\">Literatura in viri<\/h2>\t\t\t\t<\/div>\n\t\t<div class=\"elementor-element elementor-element-iwgw-reshef-s8c e-con-full e-flex e-con e-child\" data-id=\"iwgw-reshef-s8c\" data-element_type=\"container\" data-e-type=\"container\">\n\t\t\t\t<div class=\"elementor-element elementor-element-iwgw-reshef-s8t elementor-widget elementor-widget-text-editor\" data-id=\"iwgw-reshef-s8t\" data-element_type=\"widget\" data-e-type=\"widget\" data-widget_type=\"text-editor.default\">\n\t\t\t\t\t\t\t\t\t<p>Naslednji izbor zdru\u017euje najpomembnej\u0161a standardna dela o raziskavah Reshefa. Vklju\u010duje monografije, ikonografske \u0161tudije, izdaje besedil in zgodovinske sinteze. M\u00fcnnichova monografija je najbolj obse\u017ena sodobna \u0161tudija; Corn\u00e9lius ponuja ikonografsko perspektivo; Xella obredno besedilno osnovo; Moscati kulturnozgodovinski okvir.<\/p>\t\t\t\t\t\t\t\t<\/div>\n\t\t\t\t<\/div>\n\t\t\t\t\t<\/div>\n\t\t\t\t<\/div>\n\t\t<div class=\"elementor-element elementor-element-cp21744d88 e-flex e-con-boxed e-con e-parent\" data-id=\"cp21744d88\" data-element_type=\"container\" data-e-type=\"container\">\n\t\t\t\t\t<div class=\"e-con-inner\">\n\t\t\t\t<div class=\"elementor-element elementor-element-cp2be1cbf0 elementor-widget elementor-widget-heading\" data-id=\"cp2be1cbf0\" data-element_type=\"widget\" data-e-type=\"widget\" data-widget_type=\"heading.default\">\n\t\t\t\t\t<h2 class=\"elementor-heading-title elementor-size-default\">Reshef v egip\u010danskem izro\u010dilu novega kraljestva<\/h2>\t\t\t\t<\/div>\n\t\t<div class=\"elementor-element elementor-element-cp2c20c806 e-flex e-con-boxed e-con e-child\" data-id=\"cp2c20c806\" data-element_type=\"container\" data-e-type=\"container\">\n\t\t\t\t\t<div class=\"e-con-inner\">\n\t\t\t\t<div class=\"elementor-element elementor-element-cp2f07db72 elementor-widget elementor-widget-text-editor\" data-id=\"cp2f07db72\" data-element_type=\"widget\" data-e-type=\"widget\" data-widget_type=\"text-editor.default\">\n\t\t\t\t\t\t\t\t\t<p>Posebnost <em>Reshefa<\/em> je, da se pojavlja v dveh lo\u010denih skupinah virov: v zapadnosemitskih besedilih njegove izvorne regije in, zelo obse\u017eno, na egip\u010danskih spomenikih novega kraljestva.<\/p><p>Najkasneje v \u010dasu 18. dinastije je bil Reshef sprejet v Egiptu, verjetno prek tesne voja\u0161ke in politi\u010dne povezanosti z Levanto. Faraoni ramesidske dobe so se radi upodabljali v bli\u017eini Reshe\u0444a, saj je veljal za bojevitega, mogo\u010dnega boga.<\/p><p>Na egip\u010danskih stelah, ki jih je pogosto darovalo zasebno prebivalstvo, se Reshef pojavlja z ustaljeno ikonografijo: korakajo\u010di bog z dvignjeno roko, ki vihti kij ali sekiro, pogosto s \u0161\u010ditom in sulico, na glavi ima zgornjeegip\u010dansko krono, na \u010delu pa namesto ka\u010de uraeus pogosto glavo gazele.<\/p><p>Ta glava gazele velja za enega najzanesljivej\u0161ih prepoznavnih znakov.<\/p><p>V Egiptu se je njegova funkcija spremenila. Iz boga, ki prina\u0161a kugo in nenadno smrt, je postal hkrati bog, h kateremu so se ljudje obra\u010dali za za\u0161\u010dito in ozdravitev. To se je delno dogajalo v skupini z boginjo Kade\u0161u in bogom Minom. Ta egip\u010danska plast je bogatej\u0161a z viri kot nekatera levantinska izro\u010dila, vendar \u017ee prikazuje Reshefa v tujem okolju.<\/p><p>Kdor i\u0161\u010de &#8220;izvirnega&#8221; Reshefa, mora egip\u010danske vire brati kot prilastitev, ne kot neposreden odraz.<\/p>\t\t\t\t\t\t\t\t<\/div>\n\t\t\t\t\t<\/div>\n\t\t\t\t<\/div>\n\t\t\t\t\t<\/div>\n\t\t\t\t<\/div>\n\t\t<div class=\"elementor-element elementor-element-cp2858e9e2 e-flex e-con-boxed e-con e-parent\" data-id=\"cp2858e9e2\" data-element_type=\"container\" data-e-type=\"container\">\n\t\t\t\t\t<div class=\"e-con-inner\">\n\t\t\t\t<div class=\"elementor-element elementor-element-cp2c2fb1d4 elementor-widget elementor-widget-heading\" data-id=\"cp2c2fb1d4\" data-element_type=\"widget\" data-e-type=\"widget\" data-widget_type=\"heading.default\">\n\t\t\t\t\t<h2 class=\"elementor-heading-title elementor-size-default\">Pu\u0161\u010dica in kuga: Reshef kot gospodar nadloge<\/h2>\t\t\t\t<\/div>\n\t\t<div class=\"elementor-element elementor-element-cp2d0acbb6 e-flex e-con-boxed e-con e-child\" data-id=\"cp2d0acbb6\" data-element_type=\"container\" data-e-type=\"container\">\n\t\t\t\t\t<div class=\"e-con-inner\">\n\t\t\t\t<div class=\"elementor-element elementor-element-cp28af87e0 elementor-widget elementor-widget-text-editor\" data-id=\"cp28af87e0\" data-element_type=\"widget\" data-e-type=\"widget\" data-widget_type=\"text-editor.default\">\n\t\t\t\t\t\t\t\t\t<p>Jedro predstave o Reshefu v zapadnosemitskih virih je povezava loka, pu\u0161\u010dice in kuge. Reshef prina\u0161a bolezen in mno\u017ei\u010dno smrt, ki si jo predstavljajo kot pu\u0161\u010dice, ki jih izstreli na ljudi in \u017eivino.<\/p><p>Ta predstava je razvidna v ve\u010d kulturah: v ugaritskih besedilih se <em>Rashap<\/em> pojavlja v seznamih bogov in obrednih besedilih, v mezopotamskih virih pa je povezan z bogom kuge in podzemlja Nergalom.<\/p><p>\u0160e posebej razsvetljujo\u010da je hebrejska Biblija. Tam <em>reshef<\/em> ni ve\u010d \u010da\u0161\u010deni bog, temve\u010d splo\u0161no poimenovanje oziroma razbo\u017eanjena mo\u010d. V Habakuku 3,5 Bog izhaja, in <em>Reshef<\/em> mu sledi kot spremljevalec, poleg kuge.<\/p><p>Na drugih mestih beseda pomeni &#8220;\u017ear&#8221;, &#8220;iskra&#8221; ali kar utripajo\u010do kugo. Ta svetopisemska poznej\u0161a zgodovina je klasi\u010den primer, kako je sosednji bog pri avtorjih hebrejskih besedil poni\u017ean v zgolj naravno silo ali pesni\u0161ko podobo.<\/p><p>Simbolika pu\u0161\u010dice povezuje Reshefa s \u0161ir\u0161o skupino bo\u017eanstev kuge, na primer z daljinsko streljajo\u010dim Apolonom iz zgodnje gr\u0161ke poezije, ki na za\u010detku Iliade po\u0161lje kugo v tabor Grkov. Ta vzporednica je v raziskavah pogosto omenjena, vendar bi jo bilo treba razumeti kot tipolo\u0161ko podobnost, ne kot neposredno odvisnost. Standardna monografija o Reshefu je delo Williama J. Fulca; pomembne dodatke so prispevala dela Paola Xelle in Macieja M\u00fcnnicha, \u010digar obse\u017ena \u0161tudija kriti\u010dno pregleduje vire.\t\t\t\t\t\t\t\t<\/div>\n\t\t\t\t\t<\/div>\n\t\t\t\t<\/div>\n\t\t\t\t\t<\/div>\n\t\t\t\t<\/div>\n\t\t<div class=\"elementor-element elementor-element-iwgw-reshef-lit e-flex e-con-boxed e-con e-parent\" data-id=\"iwgw-reshef-lit\" data-element_type=\"container\" data-e-type=\"container\">\n\t\t\t\t\t<div class=\"e-con-inner\">\n\t\t\t\t<div class=\"elementor-element elementor-element-iwgw-reshef-lith elementor-widget elementor-widget-heading\" data-id=\"iwgw-reshef-lith\" data-element_type=\"widget\" data-e-type=\"widget\" data-widget_type=\"heading.default\">\n\t\t\t\t\t<h2 class=\"elementor-heading-title elementor-size-default\">Literatura (izbor)<\/h2>\t\t\t\t<\/div>\n\t\t<div class=\"elementor-element elementor-element-iwgw-reshef-litc e-con-full e-flex e-con e-child\" data-id=\"iwgw-reshef-litc\" data-element_type=\"container\" data-e-type=\"container\">\n\t\t\t\t<div class=\"elementor-element elementor-element-iwgw-reshef-litt elementor-widget elementor-widget-text-editor\" data-id=\"iwgw-reshef-litt\" data-element_type=\"widget\" data-e-type=\"widget\" data-widget_type=\"text-editor.default\">\n\t\t\t\t\t\t\t\t\t<div data-nosnippet=\"true\"><ul><li>Maciej M\u00fcnnich: <em>The God Resheph in the Ancient Near East<\/em> (T\u00fcbingen 2013)<\/li><li>Izak Cornelius: <em>The Iconography of the Canaanite Gods Reshef and Ba\u02bfal<\/em> (Fribourg 1994)<\/li><li>Paolo Xella: <em>I testi rituali di Ugarit<\/em> (Rom 1981)<\/li><li>Sabatino Moscati: <em>Die Ph\u00f6niker<\/em> (Stuttgart 1966)<\/li><li>H\u00e9l\u00e8ne Sader: <em>The History and Archaeology of Phoenicia<\/em> (Atlanta 2019)<\/li><li>Wolfgang R\u00f6llig: <em>Kanaan\u00e4ische und aram\u00e4ische Inschriften<\/em> (Wiesbaden, mit Donner)<\/li><\/ul><\/div>\t\t\t\t\t\t\t\t<\/div>\n\t\t\t\t<\/div>\n\t\t\t\t\t<\/div>\n\t\t\t\t<\/div>\n\t\t<div class=\"elementor-element elementor-element-iwgkw-add-reshef e-flex e-con-boxed e-con e-parent\" data-id=\"iwgkw-add-reshef\" data-element_type=\"container\" data-e-type=\"container\">\n\t\t\t\t\t<div class=\"e-con-inner\">\n\t\t\t\t<div class=\"elementor-element elementor-element-iwgkw-add-reshef-t elementor-widget elementor-widget-text-editor\" data-id=\"iwgkw-add-reshef-t\" data-element_type=\"widget\" data-e-type=\"widget\" data-widget_type=\"text-editor.default\">\n\t\t\t\t\t\t\t\t\t<p><em><span class=\"iwg-fachbegriff\" data-tooltip=\"Celota verovanjskih dejanj v \u010da\u0161\u010denje neke bo\u017eanstva ali svetega bitja.\" tabindex=\"0\">Kult<\/span><\/em> Reshefa je izpri\u010dan \u017ee od tretjega tiso\u010dletja pred na\u0161im \u0161tetjem v Ebli, kasneje pa tudi v Ugaritu, Byblosu in na Cipru. Kot bog kuge in vojne so ga upodabljali s pu\u0161\u010dico in \u0161\u010ditom; veljal je za povzro\u010ditelja epidemij, obenem pa tudi za za\u0161\u010ditnika bojevnikov. V Egiptu je bil Reshef v \u010dasu Amenhotepa II. sprejet v uradni <span class=\"iwg-fachbegriff\" data-tooltip=\"Celota bogov neke religije ali kulture.\" tabindex=\"0\">panteon<\/span>.<\/p>\t\t\t\t\t\t\t\t<\/div>\n\t\t\t\t\t<\/div>\n\t\t\t\t<\/div>\n\t\t<div class=\"elementor-element elementor-element-iwgkw2-add-reshef e-flex e-con-boxed e-con e-parent\" data-id=\"iwgkw2-add-reshef\" data-element_type=\"container\" data-e-type=\"container\">\n\t\t\t\t\t<div class=\"e-con-inner\">\n\t\t\t\t<div class=\"elementor-element elementor-element-iwgkw2-add-reshef-t elementor-widget elementor-widget-text-editor\" data-id=\"iwgkw2-add-reshef-t\" data-element_type=\"widget\" data-e-type=\"widget\" data-widget_type=\"text-editor.default\">\n\t\t\t\t\t\t\t\t\t<p>V virih iz Ugarita in Kartagine velja Reshef za <em>kanaanskega<\/em> in <em>feni\u010danskega<\/em> boga kuge in lokostrelstva, katerega <span class=\"iwg-fachbegriff\" data-tooltip=\"Celota verovanjskih dejanj v \u010da\u0161\u010denje neke bo\u017eanstva ali svetega bitja.\" tabindex=\"0\">kult<\/span> se je raz\u0161iril vzdol\u017e levantske obale in preko Cipra vse do Egipta.<\/p>\t\t\t\t\t\t\t\t<\/div>\n\t\t\t\t\t<\/div>\n\t\t\t\t<\/div>\n\t\t<div class=\"elementor-element elementor-element-iwgw-reshef-kwd e-flex e-con-boxed e-con e-parent\" data-id=\"iwgw-reshef-kwd\" data-element_type=\"container\" data-e-type=\"container\">\n\t\t\t\t\t<div class=\"e-con-inner\">\n\t\t<div class=\"elementor-element elementor-element-iwgw-reshef-kwdc e-con-full e-flex e-con e-child\" data-id=\"iwgw-reshef-kwdc\" data-element_type=\"container\" data-e-type=\"container\">\n\t\t\t\t<div class=\"elementor-element elementor-element-iwgw-reshef-kwdt elementor-widget elementor-widget-text-editor\" data-id=\"iwgw-reshef-kwdt\" data-element_type=\"widget\" data-e-type=\"widget\" data-widget_type=\"text-editor.default\">\n\t\t\t\t\t\t\t\t\t<p><em>Sorodni klju\u010dni pojmi: Reshef, Feni\u010dani, bog kuge, bog loka, vojna, gazela, Apolon, Yarri.<\/em><\/p>\t\t\t\t\t\t\t\t<\/div>\n\t\t\t\t<\/div>\n\t\t\t\t\t<\/div>\n\t\t\t\t<\/div>\n\t\t<div class=\"elementor-element elementor-element-iwgw-reshef-cc e-flex e-con-boxed e-con e-parent\" data-id=\"iwgw-reshef-cc\" data-element_type=\"container\" data-e-type=\"container\" id=\"iwg-cc-reshef\">\n\t\t\t\t\t<div class=\"e-con-inner\">\n\t\t<div class=\"elementor-element elementor-element-iwgw-reshef-ccinner e-flex e-con-boxed e-con e-parent\" data-id=\"iwgw-reshef-ccinner\" data-element_type=\"container\" data-e-type=\"container\" data-settings=\"{&quot;background_background&quot;:&quot;classic&quot;}\">\n\t\t\t\t\t<div class=\"e-con-inner\">\n\t\t\t\t<div class=\"elementor-element elementor-element-iwgw-reshef-cch elementor-widget elementor-widget-heading\" data-id=\"iwgw-reshef-cch\" data-element_type=\"widget\" data-e-type=\"widget\" data-widget_type=\"heading.default\">\n\t\t\t\t\t<h2 class=\"elementor-heading-title elementor-size-default\">iWell Guard in tradicije za\u0161\u010dite<\/h2>\t\t\t\t<\/div>\n\t\t\t\t<div class=\"elementor-element elementor-element-iwgw-reshef-cct elementor-widget elementor-widget-text-editor\" data-id=\"iwgw-reshef-cct\" data-element_type=\"widget\" data-e-type=\"widget\" data-widget_type=\"text-editor.default\">\n\t\t\t\t\t\t\t\t\t<div data-nosnippet=\"true\"><p>iWell Guard se navezuje na kulturnozgodovinsko tradicijo nosljivih za\u0161\u010ditnih predmetov, v tradiciji <a href=\"https:\/\/iwell-guard.com\/sl\/fenicani-kartagina-baal-tanit-zascita\/\">Feni\u010danov<\/a> in \u0161tevilnih drugih kultur po svetu. 41 plasti, pravo zlato, platina, srebro, izdelano v Nem\u010diji. 30-dnevna pravica do vra\u010dila.<\/p><\/div>\t\t\t\t\t\t\t\t<\/div>\n\t\t\t\t<div class=\"elementor-element elementor-element-iwgw-reshef-ccb iwg-cc-button iwg-cc-cta-2026-05-13 elementor-widget elementor-widget-jet-button\" data-id=\"iwgw-reshef-ccb\" data-element_type=\"widget\" data-e-type=\"widget\" data-widget_type=\"jet-button.default\">\n\t\t\t\t<div class=\"elementor-widget-container\">\n\t\t\t\t\t<div class=\"elementor-jet-button jet-elements\"><div class=\"jet-button__container\"><a class=\"jet-button__instance jet-button__instance--icon-left hover-effect-1\" href=\"\/ueber-iwell-guard\/?utm_source=iwell-guard.com&amp;utm_medium=info-box&amp;utm_campaign=wesen-tradition\"><div class=\"jet-button__plane jet-button__plane-normal\"><\/div><div class=\"jet-button__plane jet-button__plane-hover\"><\/div><div class=\"jet-button__state jet-button__state-normal\"><span class=\"jet-button__label\">Ve\u010d o iWell Guard<\/span><\/div><div class=\"jet-button__state jet-button__state-hover\"><span class=\"jet-button__label\">Ve\u010d o iWell Guard<\/span><\/div><\/a><\/div><\/div><style>.elementor-element.elementor-element-iwgw-reshef-ccb .jet-button__instance{width:320px;height:56px;}.elementor-element.elementor-element-iwgw-reshef-ccb .jet-button__state-normal .jet-button__label{text-align:center;margin:0px 0px 0px 0px;color:#1a1b20;font-family:Montserrat,sans-serif;font-size:13px;font-weight:400;letter-spacing:4px;line-height:1.714em;text-transform:uppercase;}.elementor-element.elementor-element-iwgw-reshef-ccb .jet-button__state-hover .jet-button__label{text-align:center;margin:0px 0px 0px 0px;color:#FECC76;font-family:Montserrat,sans-serif;font-size:13px;font-weight:400;letter-spacing:4px;line-height:1.714em;text-transform:uppercase;}.elementor-element.elementor-element-iwgw-reshef-ccb .jet-button__plane-normal{background-color:#FECC76;border-style:solid;border-color:#C99540;border-width:2px 2px 2px 2px;}.elementor-element.elementor-element-iwgw-reshef-ccb .jet-button__plane-hover{background-color:rgba(0,0,0,0.55);border-style:solid;border-color:#FECC76;border-width:2px 2px 2px 2px;}<\/style>\t\t\t\t<\/div>\n\t\t\t\t<\/div>\n\t\t\t\t<div class=\"elementor-element elementor-element-iwgw-reshef-ccd elementor-widget elementor-widget-text-editor\" data-id=\"iwgw-reshef-ccd\" data-element_type=\"widget\" data-e-type=\"widget\" data-widget_type=\"text-editor.default\">\n\t\t\t\t\t\t\t\t\t<div data-nosnippet=\"true\"><p style=\"text-align:center;font-size:13px;opacity:0.7;margin-top:14px\" data-nosnippet=\"true\">Osebne izku\u0161nje se lahko razlikujejo. Ni medicinski pripomo\u010dek. Brez obljube o ozdravitvi.<\/p><\/div>\t\t\t\t\t\t\t\t<\/div>\n\t\t\t\t\t<\/div>\n\t\t\t\t<\/div>\n\t\t\t\t\t<\/div>\n\t\t\t\t<\/div>\n\t\t<div class=\"elementor-element elementor-element-iwgw-reshef-disc e-flex e-con-boxed e-con e-parent\" data-id=\"iwgw-reshef-disc\" data-element_type=\"container\" data-e-type=\"container\">\n\t\t\t\t\t<div class=\"e-con-inner\">\n\t\t\t\t<div class=\"elementor-element elementor-element-iwgw-reshef-discw elementor-widget elementor-widget-html\" data-id=\"iwgw-reshef-discw\" data-element_type=\"widget\" data-e-type=\"widget\" data-widget_type=\"html.default\">\n\t\t\t\t\t<footer data-nosnippet=\"true\" class=\"iwg-disclaimer-block\"><p data-nosnippet=\"true\">iWell Guard <strong>ni medicinski pripomo\u010dek<\/strong> in ne nadome\u0161\u010da zdravni\u0161ke ali psihoterapevtske obravnave. Religiologske vsebine so kulturnozgodovinska umestitev, ne priporo\u010dilo za duhovno prakso.<\/p><\/footer>\t\t\t\t<\/div>\n\t\t\t\t\t<\/div>\n\t\t\t\t<\/div>\n\t\t\t\t<\/div>\n\t\t","protected":false},"excerpt":{"rendered":"","protected":false},"author":3,"featured_media":2852,"parent":0,"menu_order":0,"comment_status":"closed","ping_status":"closed","template":"elementor_header_footer","meta":{"_yoast_wpseo_focuskw":"Reshef feni\u010dani bog kuge lokostrelski bog","_yoast_wpseo_title":"Reshef \u2013 feni\u010danski bog kuge, bog vojne, kult","_yoast_wpseo_metadesc":"Reshef je feni\u010dansko-kanaanski bog kuge in vojne, lokostrelski bog in varuh. Religiovedna umestitev z viri.","_yoast_wpseo_meta-robots-noindex":"","_yoast_wpseo_canonical":"","_angie_page":false,"gefaehrdungsstufe":"4","wesen_kultur":"phoenizisch","wesen_klasse":"goetter","footnotes":""},"categories":[],"class_list":["post-160722","page","type-page","status-publish","has-post-thumbnail","hentry"],"yoast_head":"<!-- This site is optimized with the Yoast SEO Premium plugin v27.7 (Yoast SEO v28.3) - https:\/\/yoast.com\/product\/yoast-seo-premium-wordpress\/ -->\n<title>Reshef \u2013 feni\u010danski bog kuge, bog vojne, kult<\/title>\n<meta name=\"description\" content=\"Reshef je feni\u010dansko-kanaanski bog kuge in vojne, lokostrelski bog in varuh. Religiovedna umestitev z viri.\" \/>\n<meta name=\"robots\" content=\"index, follow, max-snippet:-1, max-image-preview:large, max-video-preview:-1\" \/>\n<link rel=\"canonical\" href=\"https:\/\/iwell-guard.com\/sl\/reshef-fenicanski-bog-kuge-in-vojne\/\" \/>\n<meta property=\"og:locale\" content=\"sl_SI\" \/>\n<meta property=\"og:type\" content=\"article\" \/>\n<meta property=\"og:title\" content=\"Reshef \u2013 feni\u010danski bog kuge in vojne\" \/>\n<meta property=\"og:description\" content=\"Reshef je feni\u010dansko-kanaanski bog kuge in vojne, lokostrelski bog in varuh. Religiovedna umestitev z viri.\" \/>\n<meta property=\"og:url\" content=\"https:\/\/iwell-guard.com\/sl\/reshef-fenicanski-bog-kuge-in-vojne\/\" \/>\n<meta property=\"og:site_name\" content=\"iWell Guard\" \/>\n<meta property=\"article:modified_time\" content=\"2026-09-05T00:44:28+00:00\" \/>\n<meta property=\"og:image\" content=\"https:\/\/iwell-guard.com\/wp-content\/uploads\/2026\/05\/goetter_phoenizisch_reshef.webp\" \/>\n\t<meta property=\"og:image:width\" content=\"1024\" \/>\n\t<meta property=\"og:image:height\" content=\"1536\" \/>\n\t<meta property=\"og:image:type\" content=\"image\/webp\" \/>\n<meta name=\"twitter:card\" content=\"summary_large_image\" \/>\n<script type=\"application\/ld+json\" class=\"yoast-schema-graph\">{\"@context\":\"https:\\\/\\\/schema.org\",\"@graph\":[{\"@type\":\"WebPage\",\"@id\":\"https:\\\/\\\/iwell-guard.com\\\/sl\\\/reshef-fenicanski-bog-kuge-in-vojne\\\/\",\"url\":\"https:\\\/\\\/iwell-guard.com\\\/sl\\\/reshef-fenicanski-bog-kuge-in-vojne\\\/\",\"name\":\"Reshef \u2013 feni\u010danski bog kuge, bog vojne, kult\",\"isPartOf\":{\"@id\":\"https:\\\/\\\/iwell-guard.com\\\/sl\\\/#website\"},\"primaryImageOfPage\":{\"@id\":\"https:\\\/\\\/iwell-guard.com\\\/sl\\\/reshef-fenicanski-bog-kuge-in-vojne\\\/#primaryimage\"},\"image\":{\"@id\":\"https:\\\/\\\/iwell-guard.com\\\/sl\\\/reshef-fenicanski-bog-kuge-in-vojne\\\/#primaryimage\"},\"thumbnailUrl\":\"https:\\\/\\\/iwell-guard.com\\\/wp-content\\\/uploads\\\/2026\\\/05\\\/goetter_phoenizisch_reshef.webp\",\"datePublished\":\"2026-09-05T00:24:55+00:00\",\"dateModified\":\"2026-09-05T00:44:28+00:00\",\"description\":\"Reshef je feni\u010dansko-kanaanski bog kuge in vojne, lokostrelski bog in varuh. Religiovedna umestitev z viri.\",\"breadcrumb\":{\"@id\":\"https:\\\/\\\/iwell-guard.com\\\/sl\\\/reshef-fenicanski-bog-kuge-in-vojne\\\/#breadcrumb\"},\"inLanguage\":\"sl-SI\",\"potentialAction\":[{\"@type\":\"ReadAction\",\"target\":[\"https:\\\/\\\/iwell-guard.com\\\/sl\\\/reshef-fenicanski-bog-kuge-in-vojne\\\/\"]}]},{\"@type\":\"ImageObject\",\"inLanguage\":\"sl-SI\",\"@id\":\"https:\\\/\\\/iwell-guard.com\\\/sl\\\/reshef-fenicanski-bog-kuge-in-vojne\\\/#primaryimage\",\"url\":\"https:\\\/\\\/iwell-guard.com\\\/wp-content\\\/uploads\\\/2026\\\/05\\\/goetter_phoenizisch_reshef.webp\",\"contentUrl\":\"https:\\\/\\\/iwell-guard.com\\\/wp-content\\\/uploads\\\/2026\\\/05\\\/goetter_phoenizisch_reshef.webp\",\"width\":1024,\"height\":1536,\"caption\":\"Bogovi iz feni\u010danske tradicije.\"},{\"@type\":\"BreadcrumbList\",\"@id\":\"https:\\\/\\\/iwell-guard.com\\\/sl\\\/reshef-fenicanski-bog-kuge-in-vojne\\\/#breadcrumb\",\"itemListElement\":[{\"@type\":\"ListItem\",\"position\":1,\"name\":\"Start\",\"item\":\"https:\\\/\\\/iwell-guard.com\\\/sl\\\/?page_id=160323\"},{\"@type\":\"ListItem\",\"position\":2,\"name\":\"Reshef \u2013 feni\u010danski bog kuge in vojne\"}]},{\"@type\":\"WebSite\",\"@id\":\"https:\\\/\\\/iwell-guard.com\\\/sl\\\/#website\",\"url\":\"https:\\\/\\\/iwell-guard.com\\\/sl\\\/\",\"name\":\"iWell Guard\",\"description\":\"Schutz vor dunklen Einfl\u00fcssen\",\"publisher\":{\"@id\":\"https:\\\/\\\/iwell-guard.com\\\/sl\\\/#organization\"},\"potentialAction\":[{\"@type\":\"SearchAction\",\"target\":{\"@type\":\"EntryPoint\",\"urlTemplate\":\"https:\\\/\\\/iwell-guard.com\\\/sl\\\/?s={search_term_string}\"},\"query-input\":{\"@type\":\"PropertyValueSpecification\",\"valueRequired\":true,\"valueName\":\"search_term_string\"}}],\"inLanguage\":\"sl-SI\"},{\"@type\":\"Organization\",\"@id\":\"https:\\\/\\\/iwell-guard.com\\\/sl\\\/#organization\",\"name\":\"Ittermann electronic GmbH\",\"url\":\"https:\\\/\\\/iwell-guard.com\\\/sl\\\/\",\"logo\":{\"@type\":\"ImageObject\",\"inLanguage\":\"sl-SI\",\"@id\":\"https:\\\/\\\/iwell-guard.com\\\/sl\\\/#\\\/schema\\\/logo\\\/image\\\/\",\"url\":\"https:\\\/\\\/iwell-guard.com\\\/wp-content\\\/uploads\\\/2026\\\/05\\\/Ittermann-Logo-1182x237-1.png\",\"contentUrl\":\"https:\\\/\\\/iwell-guard.com\\\/wp-content\\\/uploads\\\/2026\\\/05\\\/Ittermann-Logo-1182x237-1.png\",\"width\":1182,\"height\":237,\"caption\":\"Ittermann electronic GmbH\"},\"image\":{\"@id\":\"https:\\\/\\\/iwell-guard.com\\\/sl\\\/#\\\/schema\\\/logo\\\/image\\\/\"},\"sameAs\":[\"https:\\\/\\\/pantip.com\\\/profile\\\/9367242\",\"https:\\\/\\\/micro.blog\\\/iwellguard\",\"https:\\\/\\\/www.diggerslist.com\\\/iwellguard\\\/about\",\"https:\\\/\\\/skitterphoto.com\\\/photographers\\\/2870314\\\/iwell-guard\",\"https:\\\/\\\/iwellguard.wordpress.com\\\/2026\\\/06\\\/06\\\/iwell-guard\\\/\",\"https:\\\/\\\/hub.docker.com\\\/u\\\/iwellguard\",\"https:\\\/\\\/www.pinterest.com\\\/iwellguard\\\/\",\"https:\\\/\\\/bit.ly\\\/m\\\/iwellguard\",\"https:\\\/\\\/entre-vos-mains.alsace.eu\\\/profiles\\\/iwellguard\\\/activity\",\"https:\\\/\\\/gravatar.com\\\/reallybeded8fd34\",\"https:\\\/\\\/naijamatta.com\\\/iwellguard\",\"https:\\\/\\\/www.goodreads.com\\\/iwellguard\",\"https:\\\/\\\/profile.hatena.ne.jp\\\/iwellguard\\\/\",\"https:\\\/\\\/experiment.com\\\/users\\\/iwellguard\",\"https:\\\/\\\/wakelet.com\\\/@iWellGuard82270\",\"https:\\\/\\\/www.chordie.com\\\/forum\\\/profile.php?id=2555664\",\"https:\\\/\\\/www.instapaper.com\\\/p\\\/17757966\",\"https:\\\/\\\/www.mapleprimes.com\\\/users\\\/iwellguard\",\"https:\\\/\\\/businesslistingplus.com\\\/profile\\\/iwell-guard\\\/\",\"https:\\\/\\\/telegra.ph\\\/iWell-Guard-06-06\",\"https:\\\/\\\/pbase.com\\\/iwellguard\\\/iwellguard\",\"https:\\\/\\\/b.hatena.ne.jp\\\/iwellguard\\\/20260607#bookmark-4788405196491818882\",\"https:\\\/\\\/fliphtml5.com\\\/home\\\/iwellguard\",\"https:\\\/\\\/anyflip.com\\\/homepage\\\/cmiwl#About\",\"https:\\\/\\\/transfur.com\\\/Users\\\/iwellguard\",\"http:\\\/\\\/delphi.larsbo.org\\\/user\\\/iwellguard\",\"https:\\\/\\\/jobs.lajobsportal.org\\\/profiles\\\/8380803-iwell-guard\",\"https:\\\/\\\/md.chaosdorf.de\\\/s\\\/jfbe5SBdJD\",\"https:\\\/\\\/www.lingvolive.com\\\/en-us\\\/profile\\\/9ecaeaca-ce11-4e51-9e71-01d55e2bff36\\\/translations\",\"https:\\\/\\\/www.fitday.com\\\/fitness\\\/forums\\\/members\\\/iwellguard.html\",\"https:\\\/\\\/www.mymeetbook.com\\\/iwellguard\",\"https:\\\/\\\/pxhere.com\\\/en\\\/photographer-me\\\/5040798\",\"https:\\\/\\\/disqus.com\\\/by\\\/iwellguard\\\/about\\\/\",\"https:\\\/\\\/pastelink.net\\\/hjwciqwq\",\"https:\\\/\\\/pubhtml5.com\\\/homepage\\\/scjhn\\\/\",\"https:\\\/\\\/www.bitchute.com\\\/channel\\\/2O2eOKzNqujT\",\"https:\\\/\\\/audiomack.com\\\/iwellguard\"]},{\"@type\":\"Article\",\"@id\":\"https:\\\/\\\/iwell-guard.com\\\/sl\\\/reshef-fenicanski-bog-kuge-in-vojne\\\/#article\",\"isPartOf\":{\"@id\":\"https:\\\/\\\/iwell-guard.com\\\/sl\\\/reshef-fenicanski-bog-kuge-in-vojne\\\/\"},\"author\":{\"name\":\"Ralf Ittermann\",\"@id\":\"https:\\\/\\\/iwell-guard.com\\\/sl\\\/#\\\/schema\\\/person\\\/ee2a27f1cac3406c7c6fb5820cb7349f\"},\"headline\":\"Reshef \u2013 feni\u010danski bog kuge in vojne\",\"datePublished\":\"2026-09-05T00:24:55+00:00\",\"dateModified\":\"2026-09-05T00:44:28+00:00\",\"mainEntityOfPage\":{\"@id\":\"https:\\\/\\\/iwell-guard.com\\\/sl\\\/reshef-fenicanski-bog-kuge-in-vojne\\\/\"},\"publisher\":{\"@id\":\"https:\\\/\\\/iwell-guard.com\\\/sl\\\/#organization\"},\"image\":{\"@id\":\"https:\\\/\\\/iwell-guard.com\\\/sl\\\/reshef-fenicanski-bog-kuge-in-vojne\\\/#primaryimage\"},\"thumbnailUrl\":\"https:\\\/\\\/iwell-guard.com\\\/wp-content\\\/uploads\\\/2026\\\/05\\\/goetter_phoenizisch_reshef.webp\",\"inLanguage\":\"sl-SI\",\"description\":\"Reshef je feni\u010dansko-kanaanski bog kuge in vojne, lokostrelski bog in varuh. Religiovedna umestitev z viri.\"}]}<\/script>\n<!-- \/ Yoast SEO Premium plugin. -->","yoast_head_json":{"title":"Reshef \u2013 feni\u010danski bog kuge, bog vojne, kult","description":"Reshef je feni\u010dansko-kanaanski bog kuge in vojne, lokostrelski bog in varuh. Religiovedna umestitev z viri.","robots":{"index":"index","follow":"follow","max-snippet":"max-snippet:-1","max-image-preview":"max-image-preview:large","max-video-preview":"max-video-preview:-1"},"canonical":"https:\/\/iwell-guard.com\/sl\/reshef-fenicanski-bog-kuge-in-vojne\/","og_locale":"sl_SI","og_type":"article","og_title":"Reshef \u2013 feni\u010danski bog kuge in vojne","og_description":"Reshef je feni\u010dansko-kanaanski bog kuge in vojne, lokostrelski bog in varuh. Religiovedna umestitev z viri.","og_url":"https:\/\/iwell-guard.com\/sl\/reshef-fenicanski-bog-kuge-in-vojne\/","og_site_name":"iWell Guard","article_modified_time":"2026-09-05T00:44:28+00:00","og_image":[{"width":1024,"height":1536,"url":"https:\/\/iwell-guard.com\/wp-content\/uploads\/2026\/05\/goetter_phoenizisch_reshef.webp","type":"image\/webp"}],"twitter_card":"summary_large_image","schema":{"@context":"https:\/\/schema.org","@graph":[{"@type":"Article","@id":"https:\/\/iwell-guard.com\/sl\/reshef-fenicanski-bog-kuge-in-vojne\/#article","isPartOf":{"@id":"https:\/\/iwell-guard.com\/sl\/reshef-fenicanski-bog-kuge-in-vojne\/"},"author":{"name":"Ralf Ittermann","@id":"https:\/\/iwell-guard.com\/sl\/#\/schema\/person\/ee2a27f1cac3406c7c6fb5820cb7349f"},"headline":"Reshef \u2013 feni\u010danski bog kuge in vojne","datePublished":"2026-09-05T00:24:55+00:00","dateModified":"2026-09-05T00:44:28+00:00","mainEntityOfPage":{"@id":"https:\/\/iwell-guard.com\/sl\/reshef-fenicanski-bog-kuge-in-vojne\/"},"publisher":{"@id":"https:\/\/iwell-guard.com\/sl\/#organization"},"image":{"@id":"https:\/\/iwell-guard.com\/sl\/reshef-fenicanski-bog-kuge-in-vojne\/#primaryimage"},"thumbnailUrl":"https:\/\/iwell-guard.com\/wp-content\/uploads\/2026\/05\/goetter_phoenizisch_reshef.webp","inLanguage":"sl-SI","description":"Reshef je feni\u010dansko-kanaanski bog kuge in vojne, lokostrelski bog in varuh. Religiovedna umestitev z viri."},{"@type":"WebPage","@id":"https:\/\/iwell-guard.com\/sl\/reshef-fenicanski-bog-kuge-in-vojne\/","url":"https:\/\/iwell-guard.com\/sl\/reshef-fenicanski-bog-kuge-in-vojne\/","name":"Reshef \u2013 feni\u010danski bog kuge, bog vojne, kult","isPartOf":{"@id":"https:\/\/iwell-guard.com\/sl\/#website"},"primaryImageOfPage":{"@id":"https:\/\/iwell-guard.com\/sl\/reshef-fenicanski-bog-kuge-in-vojne\/#primaryimage"},"image":{"@id":"https:\/\/iwell-guard.com\/sl\/reshef-fenicanski-bog-kuge-in-vojne\/#primaryimage"},"thumbnailUrl":"https:\/\/iwell-guard.com\/wp-content\/uploads\/2026\/05\/goetter_phoenizisch_reshef.webp","datePublished":"2026-09-05T00:24:55+00:00","dateModified":"2026-09-05T00:44:28+00:00","description":"Reshef je feni\u010dansko-kanaanski bog kuge in vojne, lokostrelski bog in varuh. Religiovedna umestitev z viri.","breadcrumb":{"@id":"https:\/\/iwell-guard.com\/sl\/reshef-fenicanski-bog-kuge-in-vojne\/#breadcrumb"},"inLanguage":"sl-SI","potentialAction":[{"@type":"ReadAction","target":["https:\/\/iwell-guard.com\/sl\/reshef-fenicanski-bog-kuge-in-vojne\/"]}]},{"@type":"ImageObject","inLanguage":"sl-SI","@id":"https:\/\/iwell-guard.com\/sl\/reshef-fenicanski-bog-kuge-in-vojne\/#primaryimage","url":"https:\/\/iwell-guard.com\/wp-content\/uploads\/2026\/05\/goetter_phoenizisch_reshef.webp","contentUrl":"https:\/\/iwell-guard.com\/wp-content\/uploads\/2026\/05\/goetter_phoenizisch_reshef.webp","width":1024,"height":1536,"caption":"Bogovi iz feni\u010danske tradicije."},{"@type":"BreadcrumbList","@id":"https:\/\/iwell-guard.com\/sl\/reshef-fenicanski-bog-kuge-in-vojne\/#breadcrumb","itemListElement":[{"@type":"ListItem","position":1,"name":"Start","item":"https:\/\/iwell-guard.com\/sl\/?page_id=160323"},{"@type":"ListItem","position":2,"name":"Reshef \u2013 feni\u010danski bog kuge in vojne"}]},{"@type":"WebSite","@id":"https:\/\/iwell-guard.com\/sl\/#website","url":"https:\/\/iwell-guard.com\/sl\/","name":"iWell Guard","description":"Schutz vor dunklen Einfl\u00fcssen","publisher":{"@id":"https:\/\/iwell-guard.com\/sl\/#organization"},"potentialAction":[{"@type":"SearchAction","target":{"@type":"EntryPoint","urlTemplate":"https:\/\/iwell-guard.com\/sl\/?s={search_term_string}"},"query-input":{"@type":"PropertyValueSpecification","valueRequired":true,"valueName":"search_term_string"}}],"inLanguage":"sl-SI"},{"@type":"Organization","@id":"https:\/\/iwell-guard.com\/sl\/#organization","name":"Ittermann electronic GmbH","url":"https:\/\/iwell-guard.com\/sl\/","logo":{"@type":"ImageObject","inLanguage":"sl-SI","@id":"https:\/\/iwell-guard.com\/sl\/#\/schema\/logo\/image\/","url":"https:\/\/iwell-guard.com\/wp-content\/uploads\/2026\/05\/Ittermann-Logo-1182x237-1.png","contentUrl":"https:\/\/iwell-guard.com\/wp-content\/uploads\/2026\/05\/Ittermann-Logo-1182x237-1.png","width":1182,"height":237,"caption":"Ittermann electronic GmbH"},"image":{"@id":"https:\/\/iwell-guard.com\/sl\/#\/schema\/logo\/image\/"},"sameAs":["https:\/\/pantip.com\/profile\/9367242","https:\/\/micro.blog\/iwellguard","https:\/\/www.diggerslist.com\/iwellguard\/about","https:\/\/skitterphoto.com\/photographers\/2870314\/iwell-guard","https:\/\/iwellguard.wordpress.com\/2026\/06\/06\/iwell-guard\/","https:\/\/hub.docker.com\/u\/iwellguard","https:\/\/www.pinterest.com\/iwellguard\/","https:\/\/bit.ly\/m\/iwellguard","https:\/\/entre-vos-mains.alsace.eu\/profiles\/iwellguard\/activity","https:\/\/gravatar.com\/reallybeded8fd34","https:\/\/naijamatta.com\/iwellguard","https:\/\/www.goodreads.com\/iwellguard","https:\/\/profile.hatena.ne.jp\/iwellguard\/","https:\/\/experiment.com\/users\/iwellguard","https:\/\/wakelet.com\/@iWellGuard82270","https:\/\/www.chordie.com\/forum\/profile.php?id=2555664","https:\/\/www.instapaper.com\/p\/17757966","https:\/\/www.mapleprimes.com\/users\/iwellguard","https:\/\/businesslistingplus.com\/profile\/iwell-guard\/","https:\/\/telegra.ph\/iWell-Guard-06-06","https:\/\/pbase.com\/iwellguard\/iwellguard","https:\/\/b.hatena.ne.jp\/iwellguard\/20260607#bookmark-4788405196491818882","https:\/\/fliphtml5.com\/home\/iwellguard","https:\/\/anyflip.com\/homepage\/cmiwl#About","https:\/\/transfur.com\/Users\/iwellguard","http:\/\/delphi.larsbo.org\/user\/iwellguard","https:\/\/jobs.lajobsportal.org\/profiles\/8380803-iwell-guard","https:\/\/md.chaosdorf.de\/s\/jfbe5SBdJD","https:\/\/www.lingvolive.com\/en-us\/profile\/9ecaeaca-ce11-4e51-9e71-01d55e2bff36\/translations","https:\/\/www.fitday.com\/fitness\/forums\/members\/iwellguard.html","https:\/\/www.mymeetbook.com\/iwellguard","https:\/\/pxhere.com\/en\/photographer-me\/5040798","https:\/\/disqus.com\/by\/iwellguard\/about\/","https:\/\/pastelink.net\/hjwciqwq","https:\/\/pubhtml5.com\/homepage\/scjhn\/","https:\/\/www.bitchute.com\/channel\/2O2eOKzNqujT","https:\/\/audiomack.com\/iwellguard"]},{"@type":"Person","@id":"https:\/\/iwell-guard.com\/sl\/#\/schema\/person\/ee2a27f1cac3406c7c6fb5820cb7349f","name":"Ralf Ittermann","image":{"@type":"ImageObject","inLanguage":"sl-SI","@id":"https:\/\/secure.gravatar.com\/avatar\/073c0153e350a5005b68eb752b445fea71f6b24a26da9449ad7e155e6b446c9d?s=96&d=mm&r=g","url":"https:\/\/secure.gravatar.com\/avatar\/073c0153e350a5005b68eb752b445fea71f6b24a26da9449ad7e155e6b446c9d?s=96&d=mm&r=g","contentUrl":"https:\/\/secure.gravatar.com\/avatar\/073c0153e350a5005b68eb752b445fea71f6b24a26da9449ad7e155e6b446c9d?s=96&d=mm&r=g","caption":"Ralf Ittermann"},"givenName":"Ralf","familyName":"Ittermann","jobTitle":"Gesch\u00e4ftsf\u00fchrer und redaktioneller Verantwortlicher","url":"https:\/\/iwell-guard.com\/sl\/author\/claude\/","description":"Ralf Ittermann ist Gesch\u00e4ftsf\u00fchrer der Ittermann electronic GmbH und redaktioneller Verantwortlicher des iWell-Guard-Lexikons. Er verbindet langj\u00e4hrige Erfahrung in der Pr\u00e4zisionsfertigung mit medialer Praxis und religionsgeschichtlicher Quellenarbeit.","worksFor":{"@type":"Organization","name":"Ittermann electronic GmbH","url":"https:\/\/ittermann.de\/","address":{"@type":"PostalAddress","streetAddress":"K\u00f6hlergasse 16-18","postalCode":"99842","addressLocality":"Ruhla","addressCountry":"DE"}},"knowsAbout":["Religionsgeschichte","Mythologie","Mediale Praxis","Energetische Diagnostik","Schutzpraxis","Volksglauben","Westliche Esoterik"]},{"@type":"Article","@id":"https:\/\/iwell-guard.com\/sl\/reshef-fenicanski-bog-kuge-in-vojne\/#article","isPartOf":{"@id":"https:\/\/iwell-guard.com\/sl\/reshef-fenicanski-bog-kuge-in-vojne\/"},"author":{"name":"Ralf Ittermann","@id":"https:\/\/iwell-guard.com\/sl\/#\/schema\/person\/ee2a27f1cac3406c7c6fb5820cb7349f"},"headline":"Reshef \u2013 feni\u010danski bog kuge in vojne","datePublished":"2026-09-05T00:24:55+00:00","dateModified":"2026-09-05T00:44:28+00:00","mainEntityOfPage":{"@id":"https:\/\/iwell-guard.com\/sl\/reshef-fenicanski-bog-kuge-in-vojne\/"},"publisher":{"@id":"https:\/\/iwell-guard.com\/sl\/#organization"},"image":{"@id":"https:\/\/iwell-guard.com\/sl\/reshef-fenicanski-bog-kuge-in-vojne\/#primaryimage"},"thumbnailUrl":"https:\/\/iwell-guard.com\/wp-content\/uploads\/2026\/05\/goetter_phoenizisch_reshef.webp","inLanguage":"sl-SI","description":"Reshef je feni\u010dansko-kanaanski bog kuge in vojne, lokostrelski bog in varuh. Religiovedna umestitev z viri."}]}},"_links":{"self":[{"href":"https:\/\/iwell-guard.com\/sl\/wp-json\/wp\/v2\/pages\/160722","targetHints":{"allow":["GET"]}}],"collection":[{"href":"https:\/\/iwell-guard.com\/sl\/wp-json\/wp\/v2\/pages"}],"about":[{"href":"https:\/\/iwell-guard.com\/sl\/wp-json\/wp\/v2\/types\/page"}],"author":[{"embeddable":true,"href":"https:\/\/iwell-guard.com\/sl\/wp-json\/wp\/v2\/users\/3"}],"replies":[{"embeddable":true,"href":"https:\/\/iwell-guard.com\/sl\/wp-json\/wp\/v2\/comments?post=160722"}],"version-history":[{"count":0,"href":"https:\/\/iwell-guard.com\/sl\/wp-json\/wp\/v2\/pages\/160722\/revisions"}],"wp:featuredmedia":[{"embeddable":true,"href":"https:\/\/iwell-guard.com\/sl\/wp-json\/wp\/v2\/media\/2852"}],"wp:attachment":[{"href":"https:\/\/iwell-guard.com\/sl\/wp-json\/wp\/v2\/media?parent=160722"}],"wp:term":[{"taxonomy":"category","embeddable":true,"href":"https:\/\/iwell-guard.com\/sl\/wp-json\/wp\/v2\/categories?post=160722"}],"curies":[{"name":"wp","href":"https:\/\/api.w.org\/{rel}","templated":true}]}}