{"id":160666,"date":"2026-09-05T00:23:58","date_gmt":"2026-09-05T00:23:58","guid":{"rendered":"https:\/\/iwell-guard.com\/?page_id=160666"},"modified":"2026-09-05T00:42:55","modified_gmt":"2026-09-05T00:42:55","slug":"viracocha-stvarnik-andov","status":"publish","type":"page","link":"https:\/\/iwell-guard.com\/sl\/viracocha-stvarnik-andov\/","title":{"rendered":"Viracocha \u2013 stvarnik bogov Andov"},"content":{"rendered":"\t\t<div data-elementor-type=\"wp-page\" data-elementor-id=\"160666\" class=\"elementor elementor-160666 elementor-2576 elementor-bc-flex-widget\" data-elementor-post-type=\"page\">\n\t\t\t\t<div class=\"elementor-element elementor-element-iwgw-viracocha-hero e-flex e-con-boxed e-con e-parent\" data-id=\"iwgw-viracocha-hero\" data-element_type=\"container\" data-e-type=\"container\" data-settings=\"{&quot;background_background&quot;:&quot;classic&quot;}\">\n\t\t\t\t\t<div class=\"e-con-inner\">\n\t\t<div class=\"elementor-element elementor-element-iwgw-viracocha-hl e-flex e-con-boxed e-con e-child\" data-id=\"iwgw-viracocha-hl\" data-element_type=\"container\" data-e-type=\"container\">\n\t\t\t\t\t<div class=\"e-con-inner\">\n\t\t<div class=\"elementor-element elementor-element-iwgw-viracocha-htxt e-con-full e-flex e-con e-child\" data-id=\"iwgw-viracocha-htxt\" data-element_type=\"container\" data-e-type=\"container\">\n\t\t\t\t<div class=\"elementor-element elementor-element-iwgw-viracocha-h1 elementor-widget elementor-widget-heading\" data-id=\"iwgw-viracocha-h1\" data-element_type=\"widget\" data-e-type=\"widget\" data-widget_type=\"heading.default\">\n\t\t\t\t\t<h1 class=\"elementor-heading-title elementor-size-default\">Viracocha, stvarnik in kozmi\u010dni vzpostavitelj reda andskega sveta<\/h1>\t\t\t\t<\/div>\n\t\t\t\t<div class=\"elementor-element elementor-element-iwgw-viracocha-lead elementor-widget elementor-widget-text-editor\" data-id=\"iwgw-viracocha-lead\" data-element_type=\"widget\" data-e-type=\"widget\" data-widget_type=\"text-editor.default\">\n\t\t\t\t\t\t\t\t\t<p>Viracocha (ke\u010duansko: <em>Wiraqucha<\/em>) je v zgodnjih kronikah \u0161panskega Peruja najvi\u0161ji stvarnik Andov, ki ustvari svet iz jezera Titikaka in oblikuje \u010dlove\u0161tvo iz kamna. V dr\u017eavni <span class=\"iwg-fachbegriff\" data-tooltip=\"Znanstveni nauk o Bogu in veri neke religije.\" tabindex=\"0\">teologiji<\/span> poznega inkovskega cesarstva je stopil v ozadje za <a href=\"https:\/\/iwell-guard.com\/sl\/?page_id=160663\">Intija<\/a>, vendar je ostal pomemben kot kozmolo\u0161ko na\u010delo.<\/p>\t\t\t\t\t\t\t\t<\/div>\n\t\t\t\t<\/div>\n\t\t<div class=\"elementor-element elementor-element-iwgw-viracocha-pillc e-con-full e-flex e-con e-child\" data-id=\"iwgw-viracocha-pillc\" data-element_type=\"container\" data-e-type=\"container\">\n\t\t\t\t<div class=\"elementor-element elementor-element-iwgw-viracocha-pills elementor-widget elementor-widget-html\" data-id=\"iwgw-viracocha-pills\" data-element_type=\"widget\" data-e-type=\"widget\" data-widget_type=\"html.default\">\n\t\t\t\t\t<div class=\"iwg-pill-row\"><span class=\"iwg-klasse-badge\" tabindex=\"0\" data-tooltip=\"Stvarnik tradicije Andi \/ Inki.\">Stvarnik<\/span><a href=\"https:\/\/iwell-guard.com\/sl\/?page_id=160653\" class=\"iwg-kultur-badge\" tabindex=\"0\" data-tooltip=\"Mitologija tradicije Andi \/ Inki.\">Andi \/ Inki<\/a><span class=\"iwg-tradition-badge\" tabindex=\"0\" data-tooltip=\"Stvarnik.\">Stvarnik<\/span><\/div>\t\t\t\t<\/div>\n\t\t\t\t<\/div>\n\t\t<div class=\"elementor-element elementor-element-iwgw-viracocha-tocc e-con-full e-flex e-con e-child\" data-id=\"iwgw-viracocha-tocc\" data-element_type=\"container\" data-e-type=\"container\">\n\t\t\t\t<div class=\"elementor-element elementor-element-iwgw-viracocha-toc elementor-toc--minimized-on-tablet elementor-widget elementor-widget-table-of-contents\" data-id=\"iwgw-viracocha-toc\" data-element_type=\"widget\" data-e-type=\"widget\" data-settings=\"{&quot;headings_by_tags&quot;:[&quot;h2&quot;,&quot;h3&quot;],&quot;minimize_box&quot;:&quot;yes&quot;,&quot;marker_view&quot;:&quot;bullets&quot;,&quot;no_headings_message&quot;:&quot;Na tej strani ni najdenih naslovov.&quot;,&quot;exclude_headings_by_selector&quot;:[],&quot;icon&quot;:{&quot;value&quot;:&quot;fas fa-circle&quot;,&quot;library&quot;:&quot;fa-solid&quot;,&quot;rendered_tag&quot;:&quot;&lt;svg class=\\&quot;e-font-icon-svg e-fas-circle\\&quot; viewBox=\\&quot;0 0 512 512\\&quot; xmlns=\\&quot;http:\\\/\\\/www.w3.org\\\/2000\\\/svg\\&quot;&gt;&lt;path d=\\&quot;M256 8C119 8 8 119 8 256s111 248 248 248 248-111 248-248S393 8 256 8z\\&quot;&gt;&lt;\\\/path&gt;&lt;\\\/svg&gt;&quot;},&quot;minimized_on&quot;:&quot;tablet&quot;,&quot;hierarchical_view&quot;:&quot;yes&quot;,&quot;min_height&quot;:{&quot;unit&quot;:&quot;px&quot;,&quot;size&quot;:&quot;&quot;,&quot;sizes&quot;:[]},&quot;min_height_tablet&quot;:{&quot;unit&quot;:&quot;px&quot;,&quot;size&quot;:&quot;&quot;,&quot;sizes&quot;:[]},&quot;min_height_mobile&quot;:{&quot;unit&quot;:&quot;px&quot;,&quot;size&quot;:&quot;&quot;,&quot;sizes&quot;:[]}}\" data-widget_type=\"table-of-contents.default\">\n\t\t\t\t\t\t\t\t\t<div class=\"elementor-toc__header\">\n\t\t\t\t\t\t<h2 class=\"elementor-toc__header-title\">\n\t\t\t\tKazalo vsebine\t\t\t<\/h2>\n\t\t\t\t\t\t\t\t\t\t<div class=\"elementor-toc__toggle-button elementor-toc__toggle-button--expand\" role=\"button\" tabindex=\"0\" aria-controls=\"elementor-toc__iwgw-viracocha-toc\" aria-expanded=\"true\" aria-label=\"Open table of contents\"><svg aria-hidden=\"true\" class=\"e-font-icon-svg e-fas-chevron-down\" viewBox=\"0 0 448 512\" xmlns=\"http:\/\/www.w3.org\/2000\/svg\"><path d=\"M207.029 381.476L12.686 187.132c-9.373-9.373-9.373-24.569 0-33.941l22.667-22.667c9.357-9.357 24.522-9.375 33.901-.04L224 284.505l154.745-154.021c9.379-9.335 24.544-9.317 33.901.04l22.667 22.667c9.373 9.373 9.373 24.569 0 33.941L240.971 381.476c-9.373 9.372-24.569 9.372-33.942 0z\"><\/path><\/svg><\/div>\n\t\t\t\t<div class=\"elementor-toc__toggle-button elementor-toc__toggle-button--collapse\" role=\"button\" tabindex=\"0\" aria-controls=\"elementor-toc__iwgw-viracocha-toc\" aria-expanded=\"true\" aria-label=\"Close table of contents\"><svg aria-hidden=\"true\" class=\"e-font-icon-svg e-fas-chevron-up\" viewBox=\"0 0 448 512\" xmlns=\"http:\/\/www.w3.org\/2000\/svg\"><path d=\"M240.971 130.524l194.343 194.343c9.373 9.373 9.373 24.569 0 33.941l-22.667 22.667c-9.357 9.357-24.522 9.375-33.901.04L224 227.495 69.255 381.516c-9.379 9.335-24.544 9.317-33.901-.04l-22.667-22.667c-9.373-9.373-9.373-24.569 0-33.941L207.03 130.525c9.372-9.373 24.568-9.373 33.941-.001z\"><\/path><\/svg><\/div>\n\t\t\t\t\t<\/div>\n\t\t\t\t<div id=\"elementor-toc__iwgw-viracocha-toc\" class=\"elementor-toc__body\">\n\t\t\t<div class=\"elementor-toc__spinner-container\">\n\t\t\t\t<svg class=\"elementor-toc__spinner eicon-animation-spin e-font-icon-svg e-eicon-loading\" aria-hidden=\"true\" viewBox=\"0 0 1000 1000\" xmlns=\"http:\/\/www.w3.org\/2000\/svg\"><path d=\"M500 975V858C696 858 858 696 858 500S696 142 500 142 142 304 142 500H25C25 237 238 25 500 25S975 237 975 500 763 975 500 975Z\"><\/path><\/svg>\t\t\t<\/div>\n\t\t<\/div>\n\t\t\t\t\t\t<\/div>\n\t\t\t\t<\/div>\n\t\t\t\t\t<\/div>\n\t\t\t\t<\/div>\n\t\t<div class=\"elementor-element elementor-element-iwgw-viracocha-hr e-con-full e-flex e-con e-child\" data-id=\"iwgw-viracocha-hr\" data-element_type=\"container\" data-e-type=\"container\">\n\t\t\t\t<div class=\"elementor-element elementor-element-iwgw-viracocha-heroimg iwg-hero-image elementor-widget elementor-widget-image\" data-id=\"iwgw-viracocha-heroimg\" data-element_type=\"widget\" data-e-type=\"widget\" data-widget_type=\"image.default\">\n\t\t\t\t\t\t\t\t\t\t\t\t\t\t\t<img fetchpriority=\"high\" decoding=\"async\" width=\"683\" height=\"1024\" src=\"https:\/\/iwell-guard.com\/wp-content\/uploads\/2026\/05\/goetter_anden-inka_viracocha-683x1024.webp\" class=\"attachment-large size-large wp-image-162602\" alt=\"Viracocha - Bogovi iz andsko-inkovske tradicije, zgodovinsko-ilustrativno\" srcset=\"https:\/\/iwell-guard.com\/wp-content\/uploads\/2026\/05\/goetter_anden-inka_viracocha-683x1024.webp 683w, https:\/\/iwell-guard.com\/wp-content\/uploads\/2026\/05\/goetter_anden-inka_viracocha-200x300.webp 200w, https:\/\/iwell-guard.com\/wp-content\/uploads\/2026\/05\/goetter_anden-inka_viracocha-768x1152.webp 768w, https:\/\/iwell-guard.com\/wp-content\/uploads\/2026\/05\/goetter_anden-inka_viracocha.webp 1024w\" sizes=\"(max-width: 683px) 100vw, 683px\" \/>\t\t\t\t\t\t\t\t\t\t\t\t\t\t\t<\/div>\n\t\t\t\t<\/div>\n\t\t\t\t\t<\/div>\n\t\t\t\t<\/div>\n\t\t\t\t<section class=\"elementor-section elementor-top-section elementor-element elementor-element-sec-iwgcomp-viracocha elementor-section-boxed elementor-section-height-default elementor-section-height-default\" data-id=\"sec-iwgcomp-viracocha\" data-element_type=\"section\" data-e-type=\"section\">\n\t\t\t\t\t\t<div class=\"elementor-container elementor-column-gap-default\">\n\t\t\t\t\t<div class=\"elementor-column elementor-col-100 elementor-top-column elementor-element elementor-element-col-iwgcomp-viracocha\" data-id=\"col-iwgcomp-viracocha\" data-element_type=\"column\" data-e-type=\"column\">\n\t\t\t<div class=\"elementor-widget-wrap elementor-element-populated\">\n\t\t\t\t\t\t<div class=\"elementor-element elementor-element-iwgcomp-viracocha elementor-widget elementor-widget-text-editor\" data-id=\"iwgcomp-viracocha\" data-element_type=\"widget\" data-e-type=\"widget\" data-widget_type=\"text-editor.default\">\n\t\t\t\t\t\t\t\t\t<p>Viracocha, <strong>inkovski stvarnik<\/strong>, velja za najstarej\u0161e in najvi\u0161je vrhovno bo\u017eanstvo inkovske <span class=\"iwg-fachbegriff\" data-tooltip=\"Predstava o zgradbi in ureditvi sveta znotraj neke kulture.\" tabindex=\"0\">kozmologije<\/span>.<\/p>\t\t\t\t\t\t\t\t<\/div>\n\t\t\t\t\t<\/div>\n\t\t<\/div>\n\t\t\t\t\t<\/div>\n\t\t<\/section>\n\t\t<div class=\"elementor-element elementor-element-iwgw-viracocha-s0 e-flex e-con-boxed e-con e-parent\" data-id=\"iwgw-viracocha-s0\" data-element_type=\"container\" data-e-type=\"container\">\n\t\t\t\t\t<div class=\"e-con-inner\">\n\t\t\t\t<div class=\"elementor-element elementor-element-iwgw-viracocha-s0h elementor-widget elementor-widget-heading\" data-id=\"iwgw-viracocha-s0h\" data-element_type=\"widget\" data-e-type=\"widget\" data-widget_type=\"heading.default\">\n\t\t\t\t\t<h2 class=\"elementor-heading-title elementor-size-default\">Umestitev v andski panteon<\/h2>\t\t\t\t<\/div>\n\t\t<div class=\"elementor-element elementor-element-iwgw-viracocha-s0c e-con-full e-flex e-con e-child\" data-id=\"iwgw-viracocha-s0c\" data-element_type=\"container\" data-e-type=\"container\">\n\t\t\t\t<div class=\"elementor-element elementor-element-iwgw-viracocha-s0t elementor-widget elementor-widget-text-editor\" data-id=\"iwgw-viracocha-s0t\" data-element_type=\"widget\" data-e-type=\"widget\" data-widget_type=\"text-editor.default\">\n\t\t\t\t\t\t\t\t\t<p>Viracocha je teolo\u0161ko kompleksna figura, ki se v kronikah pojavlja pod \u0161tevilnimi vzdevki: <em>Apu Qun Tiqsi Wiraqucha<\/em>, <em>Pachayachachiq<\/em> (U\u010ditelj sveta), <em>Illa Tiqsi Wiraqucha<\/em> (Wiraqucha svetlobnega temelja). Ta imena vidikov je po namigu Pierra Duviola treba brati kot pristno andsko, filozofsko-spekulativno <span class=\"iwg-fachbegriff\" data-tooltip=\"Znanstveni nauk o Bogu in veri neke religije.\" tabindex=\"0\">teologijo<\/span>, ki je delovala pod povr\u0161jem osebno-bogovske visoke kultne prakse.<\/p><p>Zgodnje kronike (Cieza de Leon, Sarmiento de Gamboa, Cristobal de Molina) predstavljajo Viracocho kot najvi\u0161je bitje pred vsemi drugimi bo\u017eanstvi.<\/p><p>Garcilaso de la Vega, ki pi\u0161e pozneje in se bolj naslanja na poznej\u0161o inkovsko prevlado Intija, opisuje razmerje bolj zapleteno: Inti naj bo vidni vladar, Viracocha pa nevidni stvarnik. Z religiologskega vidika je tu razvidna teolo\u0161ka plastovitost, v kateri obstajata drug ob drugem starej\u0161e verovanje v stvarni\u0161kega boga in mlaj\u0161a imperialna solarna <span class=\"iwg-fachbegriff\" data-tooltip=\"Znanstveni nauk o Bogu in veri neke religije.\" tabindex=\"0\">teologija<\/span>.<\/p><p>Zanimivo je, da so Viracocho na obmo\u010dju Aymara imenovali <em>Tunupa<\/em> ali <em>Tonopa<\/em>, figuro z lastnimi mitolo\u0161kimi pripovedmi, ki jo je religijska etnologinja Therese Bouysse-Cassagne podrobno preu\u010dila v delu <em>Lluvias y cenizas<\/em> (1988).<\/p><p>Pri Aymarih Tunupa ni tako izrazito stvarnik kot inkovski Viracocha, ka\u017ee tudi poteze trikstera in je tesno povezan z vulkanizmom regije.<\/p>\t\t\t\t\t\t\t\t<\/div>\n\t\t\t\t<\/div>\n\t\t\t\t\t<\/div>\n\t\t\t\t<\/div>\n\t\t<div class=\"elementor-element elementor-element-iwgw-viracocha-s1 e-flex e-con-boxed e-con e-parent\" data-id=\"iwgw-viracocha-s1\" data-element_type=\"container\" data-e-type=\"container\">\n\t\t\t\t\t<div class=\"e-con-inner\">\n\t\t\t\t<div class=\"elementor-element elementor-element-iwgw-viracocha-s1h elementor-widget elementor-widget-heading\" data-id=\"iwgw-viracocha-s1h\" data-element_type=\"widget\" data-e-type=\"widget\" data-widget_type=\"heading.default\">\n\t\t\t\t\t<h2 class=\"elementor-heading-title elementor-size-default\">Ime in etimologija<\/h2>\t\t\t\t<\/div>\n\t\t<div class=\"elementor-element elementor-element-iwgw-viracocha-s1c e-con-full e-flex e-con e-child\" data-id=\"iwgw-viracocha-s1c\" data-element_type=\"container\" data-e-type=\"container\">\n\t\t\t\t<div class=\"elementor-element elementor-element-iwgw-viracocha-s1t elementor-widget elementor-widget-text-editor\" data-id=\"iwgw-viracocha-s1t\" data-element_type=\"widget\" data-e-type=\"widget\" data-widget_type=\"text-editor.default\">\n\t\t\t\t\t\t\t\t\t<p>Etimologija imena <em>Wiraqucha<\/em> je \u017ee dolgo predmet spora. Garcilaso de la Vega ga izpeljuje iz besed <em>wira<\/em> (mast, smetana) in <em>qucha<\/em> (jezero) ter prevaja kot <em>mast jezera<\/em> oziroma <em>pena na vodi<\/em>. Ta etimologija se dobro ujema z <span class=\"iwg-fachbegriff\" data-tooltip=\"Izro\u010dena pripoved o bogovih, izvorih in ureditvi sveta.\" tabindex=\"0\">mitom<\/span> o vodnem stvarniku iz Titikake, jezikovno pa ni nujno pravilna.<\/p><p>Alternativna razlaga povezuje prvi zlog z besedo <em>wila<\/em> (aymarsko: kri) in pride do pomena <em>kri jezera<\/em> ali predstave o rde\u010di, vulkanski vodi.<\/p><p>Cesar Itier je v svojih jezikoslovnih delih (2008, 2013) opozoril na mo\u017eno tretjo razlago, po kateri bi <em>wira<\/em> lahko izhajala iz starodavnega korena <em>wir-<\/em> s pomenom <em>bli\u0161\u010d<\/em> ali <em>svetlobni sij<\/em>, tako bi bil Wiraqucha <em>svetlobni sij jezera<\/em>.<\/p><p>V kolonialni rabi se je izraz <em>wiraqucha<\/em> zelo hitro uveljavil kot naslavljanje \u0160pancev, sprva ker so Inki bradate zavojevalce imeli za manifestacije bradatega stvarnika, kasneje kot splo\u0161en spo\u0161tljiv naziv, ki se v nekaterih ke\u010duansko govore\u010dih regijah \u0161e danes uporablja za <em>gospoda<\/em> ali <em>se\u00f1or<\/em>.<\/p>\t\t\t\t\t\t\t\t<\/div>\n\t\t\t\t<\/div>\n\t\t\t\t\t<\/div>\n\t\t\t\t<\/div>\n\t\t<div class=\"elementor-element elementor-element-iwgw-viracocha-s2 e-flex e-con-boxed e-con e-parent\" data-id=\"iwgw-viracocha-s2\" data-element_type=\"container\" data-e-type=\"container\">\n\t\t\t\t\t<div class=\"e-con-inner\">\n\t\t\t\t<div class=\"elementor-element elementor-element-iwgw-viracocha-s2h elementor-widget elementor-widget-heading\" data-id=\"iwgw-viracocha-s2h\" data-element_type=\"widget\" data-e-type=\"widget\" data-widget_type=\"heading.default\">\n\t\t\t\t\t<h2 class=\"elementor-heading-title elementor-size-default\">Opis in ikonografija<\/h2>\t\t\t\t<\/div>\n\t\t<div class=\"elementor-element elementor-element-iwgw-viracocha-s2c e-con-full e-flex e-con e-child\" data-id=\"iwgw-viracocha-s2c\" data-element_type=\"container\" data-e-type=\"container\">\n\t\t\t\t<div class=\"elementor-element elementor-element-iwgw-viracocha-s2t elementor-widget elementor-widget-text-editor\" data-id=\"iwgw-viracocha-s2t\" data-element_type=\"widget\" data-e-type=\"widget\" data-widget_type=\"text-editor.default\">\n\t\t\t\t\t\t\t\t\t<p>Viracocha je v virih nenavadno pogosto opisan kot bradat starec, ki z dolgim pla\u0161\u010dem, palico in son\u010dno krono potuje po Andih.<\/p><p>Ta opis se razlikuje od tipi\u010dne domorodne ikonografije Andov, v kateri so bradati mo\u0161ki prakti\u010dno neznani, in je vodil do zgodnjih ugibanj, da naj bi bil Viracocha zgodovinski odmev nekega predkolumbovskega obiskovalca iz Evrazije. Ta ugibanja je sodobno raziskovanje zavrnilo.<\/p><p>Glavni ikonografski vir je znamenita <em>Son\u010dna vrata iz Tiwanakuja<\/em> (pribl. 600\u20131000 n. \u0161t.), v sredi\u0161\u010du katerih se pojavlja osrednja figura z \u017earkasto krono in simetri\u010dno razprtimi rokami, v katerih dr\u017ei dve palici (pogosto razlagani kot me\u010dalne palice).<\/p><p>Ta tako imenovana figura <em>Staffgod<\/em> je v arheolo\u0161ki literaturi redno ena\u010dena z Viracocho, \u010deprav emsko poimenovanje kulture Tiwanaku za to figuro ni ohranjeno. Karen Wise in John Janusek sta v svojih raziskavah Tiwanakuja ve\u010dkrat opozorila na previdnost pri tej identifikaciji.<\/p><p>Prav tako je raz\u0161irjena povezava Viracoche z inkovsko glavno mestom Cusco in njegovim osrednjim <span class=\"iwg-fachbegriff\" data-tooltip=\"Zgradba, namenjena \u010da\u0161\u010denju enega ali ve\u010d bo\u017eanstev.\" tabindex=\"0\">templjem<\/span>, Coricancho. Inka Pachacuti naj bi po Sarmientu v Coricanchi postavil svojo lastno kip Wiraqucha, popolno zlato podobo, na katero so \u0160panci naleteli \u0161e leta 1532.<\/p>\t\t\t\t\t\t\t\t<\/div>\n\t\t\t\t<\/div>\n\t\t\t\t\t<\/div>\n\t\t\t\t<\/div>\n\t\t<div class=\"elementor-element elementor-element-iwgw-viracocha-s3 e-flex e-con-boxed e-con e-parent\" data-id=\"iwgw-viracocha-s3\" data-element_type=\"container\" data-e-type=\"container\">\n\t\t\t\t\t<div class=\"e-con-inner\">\n\t\t\t\t<div class=\"elementor-element elementor-element-iwgw-viracocha-s3h elementor-widget elementor-widget-heading\" data-id=\"iwgw-viracocha-s3h\" data-element_type=\"widget\" data-e-type=\"widget\" data-widget_type=\"heading.default\">\n\t\t\t\t\t<h2 class=\"elementor-heading-title elementor-size-default\">Mitolo\u0161ka pripovedovanja<\/h2>\t\t\t\t<\/div>\n\t\t<div class=\"elementor-element elementor-element-iwgw-viracocha-s3c e-con-full e-flex e-con e-child\" data-id=\"iwgw-viracocha-s3c\" data-element_type=\"container\" data-e-type=\"container\">\n\t\t\t\t<div class=\"elementor-element elementor-element-iwgw-viracocha-s3t elementor-widget elementor-widget-text-editor\" data-id=\"iwgw-viracocha-s3t\" data-element_type=\"widget\" data-e-type=\"widget\" data-widget_type=\"text-editor.default\">\n\t\t\t\t\t\t\t\t\t<p>Osrednji mit se za\u010dne v obdobju svetovne teme. Viracocha se prika\u017ee na <em>Isla del Sol<\/em> v jezeru Titicaca in najprej ustvari prvo \u010dlove\u0161tvo iz kamna, ki ga zaradi neubogljivosti pokon\u010da v veliki povodnji.<\/p><p>Po pri\u010devanju Cristobala de Moline nato v <em>Tiwanakuju<\/em> iz ila oblikuje drugo \u010dlove\u0161tvo, vsaki ljudski skupini dolo\u010di njen jezik, no\u0161o in domovino ter jih razpo\u0161lje, naj se razselijo po Andih.<\/p><p>Nato se Viracocha sam odpravi po Andih proti severu, ljudi u\u010di poljedelstva, tkalstva in vere, na koncu pa svet zapusti ob pacifi\u0161ki obali, ko odkoraka \u010dez vodo in izgine proti zahodu.<\/p><p>To zaklju\u010dno epizodo so nekateri inkovski teologi razlagali tako, da naj bi se Viracocha nekega dne vrnil z zahoda, kar je bilo mesijansko pri\u010dakovanje, ki so ga v zgodnjih letih \u0161panske osvojitve za kratek \u010das povezali s konkvistadorji, kar dodatno pojasnjuje hitri voja\u0161ki padec Inkovskega cesarstva.<\/p><p>Sin Viracoche se v nekaterih virih pojavlja kot <em>Imaymana Viracocha<\/em> ali kot <em>Tocapo Viracocha<\/em>, ki kot brata ali spremljevalca stvarnika potujeta po Andih in vzpostavljata kozmi\u010dni red.<\/p><p>Ta trojica Wiraquchov je \u0161panske kronikarje spominjala na kr\u0161\u010dansko Trojico, kar je spro\u017eilo razprave o morebitnem predkr\u0161\u010danskem misijonarjenju v Andih, \u010desar pa zgodovinsko ni mogo\u010de dokazati.<\/p><p>Posebej pomemben vir je <span class=\"iwg-fachbegriff\" data-tooltip=\"Izro\u010deno pripovedovanje o bogovih, izvorih in redu sveta.\" tabindex=\"0\">mit<\/span> o <em>vulkanu Cacha<\/em>, ki ga je zapisal Cieza de Leon (1553): po njem je Viracocha pri\u0161el v Cacho, kjer mu prebivalci zaradi njegovega tujega videza niso verjeli in so ga napadli.<\/p><p>Stvarnik je zato spustil ogenj z neba in po\u017egal de\u017eelo, dokler prebivalci Cache niso spoznali svoje krivde in ga prosili za odpu\u0161\u010danje.<\/p><p>Arheolo\u0161ka najdba vulkanske lavne plasti pri Raqchiju\/Cachi je <span class=\"iwg-fachbegriff\" data-tooltip=\"Izro\u010deno pripovedovanje o bogovih, izvorih in redu sveta.\" tabindex=\"0\">mitu<\/span> dala razlo\u017eljivo geolo\u0161ko podlago. Sarmiento de Gamboa poro\u010da, da so Inki na tem mestu pozneje zgradili veliki dvojni tempelj z visokimi stenami iz adobe zidave, katerih ostanki \u0161e danes zaznamujejo dolino.<\/p>\t\t\t\t\t\t\t\t<\/div>\n\t\t\t\t<\/div>\n\t\t\t\t\t<\/div>\n\t\t\t\t<\/div>\n\t\t<div class=\"elementor-element elementor-element-iwgw-viracocha-s4 e-flex e-con-boxed e-con e-parent\" data-id=\"iwgw-viracocha-s4\" data-element_type=\"container\" data-e-type=\"container\">\n\t\t\t\t\t<div class=\"e-con-inner\">\n\t\t\t\t<div class=\"elementor-element elementor-element-iwgw-viracocha-s4h elementor-widget elementor-widget-heading\" data-id=\"iwgw-viracocha-s4h\" data-element_type=\"widget\" data-e-type=\"widget\" data-widget_type=\"heading.default\">\n\t\t\t\t\t<h2 class=\"elementor-heading-title elementor-size-default\">Kult in \u010da\u0161\u010denje<\/h2>\t\t\t\t<\/div>\n\t\t<div class=\"elementor-element elementor-element-iwgw-viracocha-s4c e-con-full e-flex e-con e-child\" data-id=\"iwgw-viracocha-s4c\" data-element_type=\"container\" data-e-type=\"container\">\n\t\t\t\t<div class=\"elementor-element elementor-element-iwgw-viracocha-s4t elementor-widget elementor-widget-text-editor\" data-id=\"iwgw-viracocha-s4t\" data-element_type=\"widget\" data-e-type=\"widget\" data-widget_type=\"text-editor.default\">\n\t\t\t\t\t\t\t\t\t<p>Specifi\u010dni Viracochov <span class=\"iwg-fachbegriff\" data-tooltip=\"Celota verskih \u010da\u0161\u010denj, namenjenih neki bo\u017eanstvu ali sveti podobi.\" tabindex=\"0\">kult<\/span> je bil manj institucionaliziran kot Intijev <span class=\"iwg-fachbegriff\" data-tooltip=\"Celota verskih \u010da\u0161\u010denj, namenjenih neki bo\u017eanstvu ali sveti podobi.\" tabindex=\"0\">kult<\/span>. Glavna kultna mesta so bila v Coricanchi v Cuscu, kjer je obstajala posebna Viracochova kamra, ter v predinkovskih sveti\u0161\u010dih Pacaritambo, Tiwanaku in na otoku Isla del Sol.<\/p><p>Tudi veliki kultni kompleks Pachacamac na peruanski pacifi\u0161ki obali so nekateri kronisti pripisovali Viracochi, \u010deprav so tam bolj \u010dastili prerokovalskega vrhovnega boga <a href=\"https:\/\/iwell-guard.com\/sl\/?page_id=160667\">Pachakamaka<\/a>.<\/p><p>Inka Pachacuti (vladal 1438, 1471) po Sarmientu de Gamboi velja za velikega spodbujevalca Viracochovega kulta. Pachacuti naj bi v viziji sli\u0161al glas Stvarnika in naj bi zatem zgradil <span class=\"iwg-fachbegriff\" data-tooltip=\"Zgradba, namenjena \u010da\u0161\u010denju enega ali ve\u010d bo\u017eanstev.\" tabindex=\"0\">templja<\/span> tako v Cuscu kot v pokrajini Cacha.<\/p><p>Arheolo\u0161ki kompleks <em>Raqchi<\/em> pri San Pedro de Cacha z monumentalnimi zidovi iz opeke se tradicionalno \u0161teje za veliki Viracochov <span class=\"iwg-fachbegriff\" data-tooltip=\"Zgradba, namenjena \u010da\u0161\u010denju enega ali ve\u010d bo\u017eanstev.\" tabindex=\"0\">tempelj<\/span> Pachacutija.<\/p><p>Ritualna daritvena praksa za Viracocho je vklju\u010devala \u017ertvovanje lam (obi\u010dajno je bila to bela lamja kobila, v nasprotju z rjavo kobilo za Intija), se\u017eiganje koruznih in kokinih listov ter darovanje pija\u010de chicha. Za razliko od Intijevega <span class=\"iwg-fachbegriff\" data-tooltip=\"Celota verskih \u010da\u0161\u010denj, namenjenih neki bo\u017eanstvu ali sveti podobi.\" tabindex=\"0\">kulta<\/span> \u010das dneva ni bil dolo\u010den, saj so si Viracocho predstavljali kot bitje nad nebesnimi telesi.<\/p>\t\t\t\t\t\t\t\t<\/div>\n\t\t\t\t<\/div>\n\t\t\t\t\t<\/div>\n\t\t\t\t<\/div>\n\t\t<div class=\"elementor-element elementor-element-iwgw-viracocha-s5 e-flex e-con-boxed e-con e-parent\" data-id=\"iwgw-viracocha-s5\" data-element_type=\"container\" data-e-type=\"container\">\n\t\t\t\t\t<div class=\"e-con-inner\">\n\t\t\t\t<div class=\"elementor-element elementor-element-iwgw-viracocha-s5h elementor-widget elementor-widget-heading\" data-id=\"iwgw-viracocha-s5h\" data-element_type=\"widget\" data-e-type=\"widget\" data-widget_type=\"heading.default\">\n\t\t\t\t\t<h2 class=\"elementor-heading-title elementor-size-default\">Za\u0161\u010ditna praksa in apotropejsko<\/h2>\t\t\t\t<\/div>\n\t\t<div class=\"elementor-element elementor-element-iwgw-viracocha-s5c e-con-full e-flex e-con e-child\" data-id=\"iwgw-viracocha-s5c\" data-element_type=\"container\" data-e-type=\"container\">\n\t\t\t\t<div class=\"elementor-element elementor-element-iwgw-viracocha-s5t elementor-widget elementor-widget-text-editor\" data-id=\"iwgw-viracocha-s5t\" data-element_type=\"widget\" data-e-type=\"widget\" data-widget_type=\"text-editor.default\">\n\t\t\t\t\t\t\t\t\t<p>Posebna za\u0161\u010ditna praksa za Viracocho je v virih le ste\u017eka razvidna. Stvarnik je bil v inkovski <span class=\"iwg-fachbegriff\" data-tooltip=\"Znanstveni nauk o bogu in veri neke religije.\" tabindex=\"0\">teologiji<\/span> preve\u010d oddaljen in preve\u010d splo\u0161en, da bi ga neposredno klicali v posameznih \u017eivljenjskih situacijah. Za\u0161\u010ditno \u010da\u0161\u010denje je bilo bolj namenjeno posredni\u0161kim podobam, Intiju, <a href=\"https:\/\/iwell-guard.com\/sl\/?page_id=160670\">Illapi<\/a> in lokalnim gospodarjem gora <em>Apu<\/em>, medtem ko je Viracocha deloval kot ozadje urejevalno na\u010delo.<\/p><p>Vendar se v aktih <em>extirpacion de idolatrias<\/em> (17. stoletje) ve\u010dkrat omenjajo hi\u0161ni amuleti v obliki majhnih kamnitih figuric, imenovanih <em>conopa<\/em> ali <em>illa<\/em>, ki ka\u017eejo povezave z Viracochovo <span class=\"iwg-fachbegriff\" data-tooltip=\"Znanstveni nauk o bogu in veri neke religije.\" tabindex=\"0\">teologijo<\/span>.<\/p><p>Te kamnite figurice, najpogosteje v obliki majhnih lam, koruze ali \u010dlove\u0161kih podob, so veljale za utele\u0161enje ustvarjalne mo\u010di, ki naj bi se naselila v gospodinjstvu in ga varovala. Hranili so jih v spodnjih plasteh stenske obloge ali pod ognji\u0161\u010dem, ob praznikih pa so jih po\u0161kropili z lamjo mastjo in \u010di\u010do.<\/p><p>Z religiologijskega vidika je pomembno, da ta praksa conopa ni bila zasnovana kot magi\u010dno-prisilna, temve\u010d kot gojenje odnosa z ustvarjalno svetovno substanco, ki je bila \u017eiva v hi\u0161i, na polju in v \u010dredi. Kontekst iWell Guard to prakso opisuje kot zgodovinski pojav, ne kot priporo\u010dilo za u\u010dinkovanje.<\/p><p>V dana\u0161nji ljudsko-religiozni praksi perujskih in bolivijskih visokogorskih skupnosti se kamnite figurice conopa v mnogih primerih \u0161e naprej uporabljajo pod novim imenom <em>illa<\/em>.<\/p><p>Uporabljajo jih predvsem pastirji, ki hranijo majhne kamnite lamice ali izrezljane figurice alpak pod pragom vrat ali v spalnici, da bi zagotovili zdravje \u010dredi. Olivia Harris je v delu <em>Of Bread and Blood<\/em> (2000) dokumentirala trajno prisotnost te prakse v ajmarskih vaseh Bolivije.<\/p>\t\t\t\t\t\t\t\t<\/div>\n\t\t\t\t<\/div>\n\t\t\t\t\t<\/div>\n\t\t\t\t<\/div>\n\t\t<div class=\"elementor-element elementor-element-iwgw-viracocha-s6 e-flex e-con-boxed e-con e-parent\" data-id=\"iwgw-viracocha-s6\" data-element_type=\"container\" data-e-type=\"container\">\n\t\t\t\t\t<div class=\"e-con-inner\">\n\t\t\t\t<div class=\"elementor-element elementor-element-iwgw-viracocha-s6h elementor-widget elementor-widget-heading\" data-id=\"iwgw-viracocha-s6h\" data-element_type=\"widget\" data-e-type=\"widget\" data-widget_type=\"heading.default\">\n\t\t\t\t\t<h2 class=\"elementor-heading-title elementor-size-default\">Vzporednice v drugih kulturah<\/h2>\t\t\t\t<\/div>\n\t\t<div class=\"elementor-element elementor-element-iwgw-viracocha-s6c e-con-full e-flex e-con e-child\" data-id=\"iwgw-viracocha-s6c\" data-element_type=\"container\" data-e-type=\"container\">\n\t\t\t\t<div class=\"elementor-element elementor-element-iwgw-viracocha-s6t elementor-widget elementor-widget-text-editor\" data-id=\"iwgw-viracocha-s6t\" data-element_type=\"widget\" data-e-type=\"widget\" data-widget_type=\"text-editor.default\">\n\t\t\t\t\t\t\t\t\t<p>Strukturno je Viracocho mogo\u010de primerjati z drugimi figurami tipa <em>deus otiosus<\/em> iz zgodovine religij, torej s stvarni\u0161kimi bogovi, ki se po stvarjenju umaknejo v ozadje in prejemajo manj neposrednega <span class=\"iwg-fachbegriff\" data-tooltip=\"Celota verskih \u010da\u0161\u010denj, namenjenih neki bo\u017eanstvu ali sveti podobi.\" tabindex=\"0\">kulta<\/span> kot mlaj\u0161i specializirani bogovi. Mircea Eliade je ta vzorec opisal za afri\u0161ke in sibirske religije; Pierre Duviols in Henrique Urbano sta ga uporabila za Viracocho.<\/p><p>Sorodni so na primer staroafri\u0161ki vrhovni bog <em>Nyame<\/em> ljudstva Akan, polinezijski vrhovni bog <em>Io<\/em> Maorov ali avstralsko-aboriginski <em>Baiame<\/em>. V vseh teh primerih naletimo na stvarnika, ki umaknjen po\u010diva na nebu, medtem ko se vsakdanja verska praksa usmerja k mlaj\u0161im, bli\u017ejim bo\u017eanstvom.<\/p><p>Znotraj Andov je Viracocha tesno povezan z obalnim bogom Pachakamakom; v nekaterih kronikah sta opisana kot o\u010de in sin ali kot brata.<\/p><p>Mary Eyzaguirre je v svojem delu o Pachakamakovem <span class=\"iwg-fachbegriff\" data-tooltip=\"Celota verskih \u010da\u0161\u010denj, namenjenih neki bo\u017eanstvu ali sveti podobi.\" tabindex=\"0\">kultu<\/span> (2003) natan\u010dno raziskala teolo\u0161ko prepletenost obeh vrhovnih bogov. Primerljive stvarni\u0161ke figure najdemo tudi v severnoameri\u0161kem kontekstu, na primer pri <a href=\"https:\/\/iwell-guard.com\/sl\/?page_id=160673\">Wakan Tanki<\/a> Lakotov in pri dedku <a href=\"https:\/\/iwell-guard.com\/sl\/?page_id=160676\">Tunka\u0161ili<\/a>.<\/p><p>Znanstvena strokovna razprava o Viracochi je poleg tega odprla vpra\u0161anje, v kolik\u0161ni meri je andsko stvarni\u0161ko teologijo mogo\u010de uvrstiti med monoteisti\u010dne ali politeisti\u010dne sisteme.<\/p><p>Pierre Duviols je v delu <em>Cultura andina y represion<\/em> (1986) trdil, da inkovska <span class=\"iwg-fachbegriff\" data-tooltip=\"Znanstveni nauk o Bogu in o veri neke religije.\" tabindex=\"0\">teologija<\/span> ne ustreza niti klasi\u010dnemu <span class=\"iwg-fachbegriff\" data-tooltip=\"Vera v enega samega boga.\" tabindex=\"0\">monoteizmu<\/span> niti klasi\u010dnemu <span class=\"iwg-fachbegriff\" data-tooltip=\"Vera v ve\u010d bogov.\" tabindex=\"0\">politeizmu<\/span>, temve\u010d prej nekak\u0161nemu <em>henoteizmu<\/em>, v katerem vrhovni bog ostaja v ozadju, medtem ko se \u010dasti mno\u017eica ni\u017ejih bitij.<\/p><p>To kategorijo je v 19. stoletju uvedel Max Mueller za vedski hinduizem, prenesljiva pa je tudi na andske razmere.<\/p><p>Tudi primerjava s staroperzijskim <em>Ahura Mazdo<\/em>, mezopotamskim <em>Anom<\/em> ali starogr\u0161kim <em>Uranom<\/em> je v znanstveni literaturi pustila sledi. V vseh treh primerih gre za stvarni\u0161ke figure, ki strukturno stopijo v ozadje pred mlaj\u0161imi glavnimi bogovi (Mitro, Mardukom, Zevsom), a v teolo\u0161ko-filozofskem premisleku ostajajo osrednjega pomena.<\/p>\t\t\t\t\t\t\t\t<\/div>\n\t\t\t\t<\/div>\n\t\t\t\t\t<\/div>\n\t\t\t\t<\/div>\n\t\t<div class=\"elementor-element elementor-element-iwgw-viracocha-s7 e-flex e-con-boxed e-con e-parent\" data-id=\"iwgw-viracocha-s7\" data-element_type=\"container\" data-e-type=\"container\">\n\t\t\t\t\t<div class=\"e-con-inner\">\n\t\t\t\t<div class=\"elementor-element elementor-element-iwgw-viracocha-s7h elementor-widget elementor-widget-heading\" data-id=\"iwgw-viracocha-s7h\" data-element_type=\"widget\" data-e-type=\"widget\" data-widget_type=\"heading.default\">\n\t\t\t\t\t<h2 class=\"elementor-heading-title elementor-size-default\">Sodobno sprejemanje in raziskave<\/h2>\t\t\t\t<\/div>\n\t\t<div class=\"elementor-element elementor-element-iwgw-viracocha-s7c e-con-full e-flex e-con e-child\" data-id=\"iwgw-viracocha-s7c\" data-element_type=\"container\" data-e-type=\"container\">\n\t\t\t\t<div class=\"elementor-element elementor-element-iwgw-viracocha-s7t elementor-widget elementor-widget-text-editor\" data-id=\"iwgw-viracocha-s7t\" data-element_type=\"widget\" data-e-type=\"widget\" data-widget_type=\"text-editor.default\">\n\t\t\t\t\t\t\t\t\t<p>Kult Viracoche je z osvojitvijo v veliki meri ugasnil. \u0160panska misija je stvarni\u0161kega boga hitro poistovetila s kr\u0161\u010danskim Bogom, kar je olaj\u0161alo pokristjanjevanje, hkrati pa je samostojno \u010da\u0161\u010denje Viracoche za\u010delo bledeti.<\/p><p>V sodobnih ke\u010devsko govore\u010dih skupnostih visokogorja <em>Wiraqucha<\/em> danes ni ve\u010d samostojen predmet \u010da\u0161\u010denja, temve\u010d oznaka za katoli\u0161ko-kr\u0161\u010danskega Boga (<em>Dios Wiraqucha<\/em>) ali za spo\u0161tovanja vrednega starega mo\u017ea.<\/p><p>V akademskem raziskovanju ima Viracocha kot lik predimperialne stvarni\u0161ke teologije \u0161e naprej velik pomen. Henrique Urbano (<em>Wiraqocha y Ayar<\/em>, 1981), Pierre Duviols, Therese Bouysse-Cassagne in Cesar Itier so v zadnjih desetletjih pokazali, kako so \u0161panski kronisti andska <span class=\"iwg-fachbegriff\" data-tooltip=\"Znanstveni nauk o Bogu in o veri neke religije.\" tabindex=\"0\">teolo\u0161ka<\/span> pojmovanja brali skozi kr\u0161\u010danska o\u010dala in jih deloma preoblikovali.<\/p><p>Zato je metodolo\u0161ko te\u017eko za viri kronik rekonstruirati pristnega predinkovskega in inkovskega Viracocho.<\/p><p>Arheolo\u0161ko je raziskovanje t. i. <em>staffgoda<\/em> (boga s palico) v Tiwanaku, Chav\u00ednu (s slavno Raimondijevo <span class=\"iwg-fachbegriff\" data-tooltip=\"Pokon\u010dno stoje\u010da kamnita ali lesena plo\u0161\u010da z napisom ali podobo.\" tabindex=\"0\">stelo<\/span>) in Wariju prineslo nove namige o morda dale\u010d nazaj segajo\u010di, neprekinjeni tradiciji stvarni\u0161kega boga.<\/p><p>Lok od Chav\u00edna (pribl. 900 pr. n. \u0161t.) prek Tiwanaku\/Wari (pribl. 500, 1000 n. \u0161t.) do Inkov (1438, 1532), \u010de bi se potrdil, bi bil eden od dolgih lokov latinskoameri\u0161ke verske zgodovine.<\/p><p>Pomembno novej\u0161o raziskovalno smer predstavlja arheoastronomska raziskava razmerja med Viracocho in zvezdnim nebom. Gary Urton je v delu <em>At the Crossroads of the Earth and the Sky<\/em> (1981) pokazal, da so Inki <em>Rimsko cesto<\/em> (Mayu) razumeli kot kozmi\u010dno reko, ki jo skozi nebo usmerja Wiraqucha.<\/p><p>Ta kozmolo\u0161ka globinska struktura je med \u0161pansko misijo ostala neopa\u017eena in je postala dostopna \u0161ele z modernim etnoastronomskim raziskovanjem.<\/p>\t\t\t\t\t\t\t\t<\/div>\n\t\t\t\t<\/div>\n\t\t\t\t\t<\/div>\n\t\t\t\t<\/div>\n\t\t<div class=\"elementor-element elementor-element-iwgw-viracocha-s8 e-flex e-con-boxed e-con e-parent\" data-id=\"iwgw-viracocha-s8\" data-element_type=\"container\" data-e-type=\"container\">\n\t\t\t\t\t<div class=\"e-con-inner\">\n\t\t\t\t<div class=\"elementor-element elementor-element-iwgw-viracocha-s8h elementor-widget elementor-widget-heading\" data-id=\"iwgw-viracocha-s8h\" data-element_type=\"widget\" data-e-type=\"widget\" data-widget_type=\"heading.default\">\n\t\t\t\t\t<h2 class=\"elementor-heading-title elementor-size-default\">Literatura in viri<\/h2>\t\t\t\t<\/div>\n\t\t<div class=\"elementor-element elementor-element-iwgw-viracocha-s8c e-con-full e-flex e-con e-child\" data-id=\"iwgw-viracocha-s8c\" data-element_type=\"container\" data-e-type=\"container\">\n\t\t\t\t<div class=\"elementor-element elementor-element-iwgw-viracocha-s8t elementor-widget elementor-widget-text-editor\" data-id=\"iwgw-viracocha-s8t\" data-element_type=\"widget\" data-e-type=\"widget\" data-widget_type=\"text-editor.default\">\n\t\t\t\t\t\t\t\t\t<p>Naslednji izbor navaja osrednja dela andske etnologije in zgodovine religij o vpra\u0161anju Viracoche, s posebnim poudarkom na teolo\u0161ko-filozofski globinski plasti inkovske religije.<\/p>\t\t\t\t\t\t\t\t<\/div>\n\t\t\t\t<\/div>\n\t\t\t\t\t<\/div>\n\t\t\t\t<\/div>\n\t\t<div class=\"elementor-element elementor-element-cp20b19ce8 e-flex e-con-boxed e-con e-parent\" data-id=\"cp20b19ce8\" data-element_type=\"container\" data-e-type=\"container\">\n\t\t\t\t\t<div class=\"e-con-inner\">\n\t\t\t\t<div class=\"elementor-element elementor-element-cp2cd2ff6b elementor-widget elementor-widget-heading\" data-id=\"cp2cd2ff6b\" data-element_type=\"widget\" data-e-type=\"widget\" data-widget_type=\"heading.default\">\n\t\t\t\t\t<h2 class=\"elementor-heading-title elementor-size-default\">Viracocha v kronikah 16. stoletja<\/h2>\t\t\t\t<\/div>\n\t\t<div class=\"elementor-element elementor-element-cp270124ee e-flex e-con-boxed e-con e-child\" data-id=\"cp270124ee\" data-element_type=\"container\" data-e-type=\"container\">\n\t\t\t\t\t<div class=\"e-con-inner\">\n\t\t\t\t<div class=\"elementor-element elementor-element-cp2c92af90 elementor-widget elementor-widget-text-editor\" data-id=\"cp2c92af90\" data-element_type=\"widget\" data-e-type=\"widget\" data-widget_type=\"text-editor.default\">\n\t\t\t\t\t\t\t\t\t<p>Skoraj vse, kar je znano o Viracochi, izhaja iz \u0161panskih in mesti\u0161kih kronik, napisanih po zavojevanju Inkovskega cesarstva.<\/p><p>Med najpomembnej\u0161imi viri so dela Juana de Betanzosa, ki je bil poro\u010den z \u017eensko iz inkovskega plemstva in je pisal okoli leta 1551, Pedra Cieze de Le\u00f3na, Crist\u00f3bala de Moline iz Cusca ter obse\u017eno delo Bernab\u00e9ja Coba iz 17. stoletja.<\/p><p>Ta besedila se v osnovnih potezah ujemajo, vendar se v podrobnostih precej razlikujejo.<\/p><p>V kronikah se Viracocha ka\u017ee kot stvariteljska podoba, ki ob Titika\u0161kem jezeru ustvari svet, sonce, luno in prve ljudi, nato pa potuje po de\u017eeli, dokler nazadnje ne izgine \u010dez morje.<\/p><p>Raziskovalci so \u017ee zgodaj opazili, da je ta pripoved lahko mo\u010dno prilagojena evropskim predstavam. Nekateri kronisti so nagibali k temu, da so Viracocho pribli\u017eali najvi\u0161jemu, skoraj monoteisti\u010dnemu bogu, kar je ustrezalo misijonarskim interesom, saj so tako iskali navezno to\u010dko za kr\u0161\u010danskega stvarni\u0161kega boga.<\/p><p>Sabine MacCormack in drugi so pokazali, da so kronike Viracocho deloma stilizirale v abstraktno najvi\u0161je bitje, ki v predkolonialnem <span class=\"iwg-fachbegriff\" data-tooltip=\"Celota verskih \u010da\u0161\u010denj dolo\u010denega bo\u017eanstva ali svete podobe.\" tabindex=\"0\">kultu<\/span> morda ni bilo v sredi\u0161\u010du. Stvar dodatno zapleta dejstvo, da je bil Viracocha tudi ime zgodovinskega inkovskega vladarja in da \u0161panski opazovalci obeh niso vedno jasno razlo\u010devali.<\/p><p>Resna predstavitev mora zato poudariti, da izro\u010dena podoba Viracoche vsebuje kolonialno konstrukcijo, katere predkolonialno osnovo je mogo\u010de rekonstruirati le negotovo. O regionalni verski praksi Inkov glejte tudi <a href=\"https:\/\/iwell-guard.com\/sl\/?page_id=160663\">Inti<\/a>.<\/p>\t\t\t\t\t\t\t\t<\/div>\n\t\t\t\t\t<\/div>\n\t\t\t\t<\/div>\n\t\t\t\t\t<\/div>\n\t\t\t\t<\/div>\n\t\t<div class=\"elementor-element elementor-element-cp287f08ac e-flex e-con-boxed e-con e-parent\" data-id=\"cp287f08ac\" data-element_type=\"container\" data-e-type=\"container\">\n\t\t\t\t\t<div class=\"e-con-inner\">\n\t\t\t\t<div class=\"elementor-element elementor-element-cp286b8694 elementor-widget elementor-widget-heading\" data-id=\"cp286b8694\" data-element_type=\"widget\" data-e-type=\"widget\" data-widget_type=\"heading.default\">\n\t\t\t\t\t<h2 class=\"elementor-heading-title elementor-size-default\">Spor o Viracochi kot vrhovnem bogu<\/h2>\t\t\t\t<\/div>\n\t\t<div class=\"elementor-element elementor-element-cp2779dfd9 e-flex e-con-boxed e-con e-child\" data-id=\"cp2779dfd9\" data-element_type=\"container\" data-e-type=\"container\">\n\t\t\t\t\t<div class=\"e-con-inner\">\n\t\t\t\t<div class=\"elementor-element elementor-element-cp27b87720 elementor-widget elementor-widget-text-editor\" data-id=\"cp27b87720\" data-element_type=\"widget\" data-e-type=\"widget\" data-widget_type=\"text-editor.default\">\n\t\t\t\t\t\t\t\t\t<p>Ena od dolgotrajnih razprav v andski raziskovalni skupnosti se vrti okoli vpra\u0161anja, ali je bil Viracocha v predkolonialnem Inkovskem cesarstvu vrhovni bog, ki je stal nad drugimi bo\u017eanstvi.<\/p><p>V poznem 19. in zgodnjem 20. stoletju so nekateri raziskovalci zagovarjali stali\u0161\u010de, da so Inki pod povr\u0161ino son\u010dnega kulta \u010dastili abstraktnega stvarni\u0161kega boga, ki je bil blizu kr\u0161\u010danskemu pojmovanju boga. Ta pogled je ustrezal teorijam, ki so v visokih kulturah iskale nagnjenje k <span class=\"iwg-fachbegriff\" data-tooltip=\"Vera v enega samega boga.\" tabindex=\"0\">monoteizmu<\/span>.<\/p><p>Poznej\u0161e raziskave so to razlago precej relativizirale. Kritiki, kot sta Pierre Duviols in R. T. Zuidema, so opozorili, da so viri, ki Viracocho prikazujejo kot vrhovnega boga, skoraj vsi pod misijonarskim vplivom.<\/p><p>V dejansko izpri\u010danem <span class=\"iwg-fachbegriff\" data-tooltip=\"Celota verskih \u010da\u0161\u010denj dolo\u010denega bo\u017eanstva ali svete podobe.\" tabindex=\"0\">kultu<\/span> Inkov je bil son\u010dni bog v sredi\u0161\u010du dr\u017eavnega \u010da\u0161\u010denja, s Coricancho v Cuscu kot najpomembnej\u0161im <span class=\"iwg-fachbegriff\" data-tooltip=\"Sveti kraj, posve\u010den \u010da\u0161\u010denju bo\u017eanstva.\" tabindex=\"0\">sveti\u0161\u010dem<\/span>. Viracocha je sicer imel <span class=\"iwg-fachbegriff\" data-tooltip=\"Stavba, namenjena \u010da\u0161\u010denju enega ali ve\u010d bo\u017eanstev.\" tabindex=\"0\">tempelj<\/span> in <span class=\"iwg-fachbegriff\" data-tooltip=\"Celota verskih \u010da\u0161\u010denj dolo\u010denega bo\u017eanstva ali svete podobe.\" tabindex=\"0\">kult<\/span>, vendar je njegovo domnevno nadrejenost vsem drugim bo\u017eanstvom v virih te\u017eko dokazati.<\/p><p>Dana\u0161nje raziskave se nagibajo k srednji poziciji. Viracocha je bil pomembna stvariteljska in izvorna podoba, katere \u010da\u0161\u010denje je bilo pomembno regionalno in v dolo\u010denih okoli\u0161\u010dinah, ni pa bil sredi\u0161\u010de monoteisti\u010dno zasnovanega sistema.<\/p><p>Predstava o vrhovnem bogu Viracochi danes velja ve\u010dinoma za produkt kolonialne <span class=\"iwg-fachbegriff\" data-tooltip=\"Znanstveni nauk o Bogu in veri neke religije.\" tabindex=\"0\">teologije<\/span>, ki je v andski religiji iskala protipol lastni podobi boga.<\/p><p>Ta primer je v <span class=\"iwg-fachbegriff\" data-tooltip=\"Znanost, ki primerjalno in brez verske pripadnosti raziskuje religije.\" tabindex=\"0\">religiologiji<\/span> pogosto naveden zgled tega, kako lahko misijonarski interesi vplivajo na rekonstrukcijo izumrle religije. Za predstavitev Viracoche to pomeni, da je treba vsako trditev o njegovem rangu v <span class=\"iwg-fachbegriff\" data-tooltip=\"Celota bogov neke religije ali kulture.\" tabindex=\"0\">panteonu<\/span> obravnavati s pridr\u017ekom.<\/p>\t\t\t\t\t\t\t\t<\/div>\n\t\t\t\t\t<\/div>\n\t\t\t\t<\/div>\n\t\t\t\t\t<\/div>\n\t\t\t\t<\/div>\n\t\t<div class=\"elementor-element elementor-element-iwgw-viracocha-lit e-flex e-con-boxed e-con e-parent\" data-id=\"iwgw-viracocha-lit\" data-element_type=\"container\" data-e-type=\"container\">\n\t\t\t\t\t<div class=\"e-con-inner\">\n\t\t\t\t<div class=\"elementor-element elementor-element-iwgw-viracocha-lith elementor-widget elementor-widget-heading\" data-id=\"iwgw-viracocha-lith\" data-element_type=\"widget\" data-e-type=\"widget\" data-widget_type=\"heading.default\">\n\t\t\t\t\t<h2 class=\"elementor-heading-title elementor-size-default\">Literatura (izbor)<\/h2>\t\t\t\t<\/div>\n\t\t<div class=\"elementor-element elementor-element-iwgw-viracocha-litc e-con-full e-flex e-con e-child\" data-id=\"iwgw-viracocha-litc\" data-element_type=\"container\" data-e-type=\"container\">\n\t\t\t\t<div class=\"elementor-element elementor-element-iwgw-viracocha-litt elementor-widget elementor-widget-text-editor\" data-id=\"iwgw-viracocha-litt\" data-element_type=\"widget\" data-e-type=\"widget\" data-widget_type=\"text-editor.default\">\n\t\t\t\t\t\t\t\t\t<ul><li>Henrique Urbano: <em>Wiraqocha y Ayar<\/em> (1981)<\/li><li>Pierre Duviols: <em>La lutte contre les religions autochtones<\/em> (1971)<\/li><li>Therese Bouysse-Cassagne: <em>Lluvias y cenizas<\/em> (1988)<\/li><li>Cesar Itier: <em>Les Incas<\/em> (2008)<\/li><li>Pedro Sarmiento de Gamboa: <em>Historia indica<\/em> (1572)<\/li><li>Cristobal de Molina: <em>Relacion de las fabulas y ritos de los Incas<\/em> (1575)<\/li><li>John Janusek: <em>Ancient Tiwanaku<\/em> (2008)<\/li><\/ul>\t\t\t\t\t\t\t\t<\/div>\n\t\t\t\t<\/div>\n\t\t\t\t\t<\/div>\n\t\t\t\t<\/div>\n\t\t<div class=\"elementor-element elementor-element-iwgkw2-add-viracocha e-flex e-con-boxed e-con e-parent\" data-id=\"iwgkw2-add-viracocha\" data-element_type=\"container\" data-e-type=\"container\">\n\t\t\t\t\t<div class=\"e-con-inner\">\n\t\t\t\t<div class=\"elementor-element elementor-element-iwgkw2-add-viracocha-t elementor-widget elementor-widget-text-editor\" data-id=\"iwgkw2-add-viracocha-t\" data-element_type=\"widget\" data-e-type=\"widget\" data-widget_type=\"text-editor.default\">\n\t\t\t\t\t\t\t\t\t<p>V andskih izro\u010dilih velja Viracocha za <em>kozmi\u010dnega<\/em> <em>vzpostavljavca reda<\/em>, ki je postavil sonce, luno in zvezde ter ustvaril ljudi iz vode Titika\u0161kega jezera; \u0161panska kronista Cieza de Le\u00f3n in Betanzos dokumentirata ta <span class=\"iwg-fachbegriff\" data-tooltip=\"Celota bogov neke religije ali kulture.\" tabindex=\"0\">panteon<\/span>.<\/p>\t\t\t\t\t\t\t\t<\/div>\n\t\t\t\t\t<\/div>\n\t\t\t\t<\/div>\n\t\t<div class=\"elementor-element elementor-element-iwgw-viracocha-kwd e-flex e-con-boxed e-con e-parent\" data-id=\"iwgw-viracocha-kwd\" data-element_type=\"container\" data-e-type=\"container\">\n\t\t\t\t\t<div class=\"e-con-inner\">\n\t\t<div class=\"elementor-element elementor-element-iwgw-viracocha-kwdc e-con-full e-flex e-con e-child\" data-id=\"iwgw-viracocha-kwdc\" data-element_type=\"container\" data-e-type=\"container\">\n\t\t\t\t<div class=\"elementor-element elementor-element-iwgw-viracocha-kwdt elementor-widget elementor-widget-text-editor\" data-id=\"iwgw-viracocha-kwdt\" data-element_type=\"widget\" data-e-type=\"widget\" data-widget_type=\"text-editor.default\">\n\t\t\t\t\t\t\t\t\t<p><em>Sorodni klju\u010dni pojmi: Viracocha Wiraqucha Tunupa Pachayachachiq Tiwanaku Staffgod Pacaritambo Raqchi Cacha.<\/em><\/p>\t\t\t\t\t\t\t\t<\/div>\n\t\t\t\t<\/div>\n\t\t\t\t\t<\/div>\n\t\t\t\t<\/div>\n\t\t<div class=\"elementor-element elementor-element-iwgw-viracocha-cc e-flex e-con-boxed e-con e-parent\" data-id=\"iwgw-viracocha-cc\" data-element_type=\"container\" data-e-type=\"container\" id=\"iwg-cc-viracocha\">\n\t\t\t\t\t<div class=\"e-con-inner\">\n\t\t<div class=\"elementor-element elementor-element-iwgw-viracocha-ccinner e-flex e-con-boxed e-con e-parent\" data-id=\"iwgw-viracocha-ccinner\" data-element_type=\"container\" data-e-type=\"container\" data-settings=\"{&quot;background_background&quot;:&quot;classic&quot;}\">\n\t\t\t\t\t<div class=\"e-con-inner\">\n\t\t\t\t<div class=\"elementor-element elementor-element-iwgw-viracocha-cch elementor-widget elementor-widget-heading\" data-id=\"iwgw-viracocha-cch\" data-element_type=\"widget\" data-e-type=\"widget\" data-widget_type=\"heading.default\">\n\t\t\t\t\t<h2 class=\"elementor-heading-title elementor-size-default\">iWell Guard in tradicije za\u0161\u010dite<\/h2>\t\t\t\t<\/div>\n\t\t\t\t<div class=\"elementor-element elementor-element-iwgw-viracocha-cct elementor-widget elementor-widget-text-editor\" data-id=\"iwgw-viracocha-cct\" data-element_type=\"widget\" data-e-type=\"widget\" data-widget_type=\"text-editor.default\">\n\t\t\t\t\t\t\t\t\t<div data-nosnippet=\"true\"><p>iWell Guard nadaljuje kulturnozgodovinsko tradicijo nosljivih za\u0161\u010ditnih predmetov, v tradiciji <a href=\"https:\/\/iwell-guard.com\/sl\/?page_id=160653\">Andov \/ Inkov<\/a> in \u0161tevilnih drugih kultur po svetu. 41 plasti, pravo zlato, platina, srebro, izdelano v Nem\u010diji. 30-dnevna pravica do vra\u010dila.<\/p><\/div>\t\t\t\t\t\t\t\t<\/div>\n\t\t\t\t<div class=\"elementor-element elementor-element-iwgw-viracocha-ccb iwg-cc-button iwg-cc-cta-2026-05-13 elementor-widget elementor-widget-jet-button\" data-id=\"iwgw-viracocha-ccb\" data-element_type=\"widget\" data-e-type=\"widget\" data-widget_type=\"jet-button.default\">\n\t\t\t\t<div class=\"elementor-widget-container\">\n\t\t\t\t\t<div class=\"elementor-jet-button jet-elements\"><div class=\"jet-button__container\"><a class=\"jet-button__instance jet-button__instance--icon-left hover-effect-1\" href=\"\/ueber-iwell-guard\/?utm_source=iwell-guard.com&amp;utm_medium=info-box&amp;utm_campaign=wesen-tradition\"><div class=\"jet-button__plane jet-button__plane-normal\"><\/div><div class=\"jet-button__plane jet-button__plane-hover\"><\/div><div class=\"jet-button__state jet-button__state-normal\"><span class=\"jet-button__label\">Ve\u010d o iWell Guard<\/span><\/div><div class=\"jet-button__state jet-button__state-hover\"><span class=\"jet-button__label\">Ve\u010d o iWell Guard<\/span><\/div><\/a><\/div><\/div><style>.elementor-element.elementor-element-iwgw-viracocha-ccb .jet-button__instance{width:320px;height:56px;}.elementor-element.elementor-element-iwgw-viracocha-ccb .jet-button__state-normal .jet-button__label{text-align:center;margin:0px 0px 0px 0px;color:#1a1b20;font-family:Montserrat,sans-serif;font-size:13px;font-weight:400;letter-spacing:4px;line-height:1.714em;text-transform:uppercase;}.elementor-element.elementor-element-iwgw-viracocha-ccb .jet-button__state-hover .jet-button__label{text-align:center;margin:0px 0px 0px 0px;color:#FECC76;font-family:Montserrat,sans-serif;font-size:13px;font-weight:400;letter-spacing:4px;line-height:1.714em;text-transform:uppercase;}.elementor-element.elementor-element-iwgw-viracocha-ccb .jet-button__plane-normal{background-color:#FECC76;border-style:solid;border-color:#C99540;border-width:2px 2px 2px 2px;}.elementor-element.elementor-element-iwgw-viracocha-ccb .jet-button__plane-hover{background-color:rgba(0,0,0,0.55);border-style:solid;border-color:#FECC76;border-width:2px 2px 2px 2px;}<\/style>\t\t\t\t<\/div>\n\t\t\t\t<\/div>\n\t\t\t\t<div class=\"elementor-element elementor-element-iwgw-viracocha-ccd elementor-widget elementor-widget-text-editor\" data-id=\"iwgw-viracocha-ccd\" data-element_type=\"widget\" data-e-type=\"widget\" data-widget_type=\"text-editor.default\">\n\t\t\t\t\t\t\t\t\t<div data-nosnippet=\"true\"><p style=\"text-align:center;font-size:13px;opacity:0.7;margin-top:14px\" data-nosnippet=\"true\">Osebne izku\u0161nje se lahko razlikujejo. Ni medicinski pripomo\u010dek. Brez obljube o ozdravitvi.<\/p><\/div>\t\t\t\t\t\t\t\t<\/div>\n\t\t\t\t\t<\/div>\n\t\t\t\t<\/div>\n\t\t\t\t\t<\/div>\n\t\t\t\t<\/div>\n\t\t<div class=\"elementor-element elementor-element-iwgw-viracocha-disc e-flex e-con-boxed e-con e-parent\" data-id=\"iwgw-viracocha-disc\" data-element_type=\"container\" data-e-type=\"container\">\n\t\t\t\t\t<div class=\"e-con-inner\">\n\t\t\t\t<div class=\"elementor-element elementor-element-iwgw-viracocha-discw elementor-widget elementor-widget-html\" data-id=\"iwgw-viracocha-discw\" data-element_type=\"widget\" data-e-type=\"widget\" data-widget_type=\"html.default\">\n\t\t\t\t\t<footer data-nosnippet=\"true\" class=\"iwg-disclaimer-block\"><p data-nosnippet=\"true\">iWell Guard <strong>ni medicinski pripomo\u010dek<\/strong> in ne nadome\u0161\u010da zdravni\u0161ke ali psihoterapevtske obravnave. Religiologske vsebine so kulturnozgodovinska umestitev, ne priporo\u010dilo za duhovno prakso.<\/p><\/footer>\t\t\t\t<\/div>\n\t\t\t\t\t<\/div>\n\t\t\t\t<\/div>\n\t\t\t\t<\/div>\n\t\t","protected":false},"excerpt":{"rendered":"","protected":false},"author":3,"featured_media":2684,"parent":0,"menu_order":0,"comment_status":"closed","ping_status":"closed","template":"elementor_header_footer","meta":{"_yoast_wpseo_focuskw":"Viracocha stvarnik Inki","_yoast_wpseo_title":"Viracocha \u2013 inkovski stvarnik in mit","_yoast_wpseo_metadesc":"Viracocha, stvarnik bogov Andov, v zgodnjih kronikah velja za najvi\u0161je bitje pred Intijem. Religiologska umestitev s kultom.","_yoast_wpseo_meta-robots-noindex":"","_yoast_wpseo_canonical":"","_angie_page":false,"gefaehrdungsstufe":"1","wesen_kultur":"anden-inka","wesen_klasse":"goetter","footnotes":""},"categories":[],"class_list":["post-160666","page","type-page","status-publish","has-post-thumbnail","hentry"],"yoast_head":"<!-- This site is optimized with the Yoast SEO Premium plugin v27.7 (Yoast SEO v28.3) - https:\/\/yoast.com\/product\/yoast-seo-premium-wordpress\/ -->\n<title>Viracocha \u2013 inkovski stvarnik in mit<\/title>\n<meta name=\"description\" content=\"Viracocha, stvarnik bogov Andov, v zgodnjih kronikah velja za najvi\u0161je bitje pred Intijem. Religiologska umestitev s kultom.\" \/>\n<meta name=\"robots\" content=\"index, follow, max-snippet:-1, max-image-preview:large, max-video-preview:-1\" \/>\n<link rel=\"canonical\" href=\"https:\/\/iwell-guard.com\/sl\/viracocha-stvarnik-andov\/\" \/>\n<meta property=\"og:locale\" content=\"sl_SI\" \/>\n<meta property=\"og:type\" content=\"article\" \/>\n<meta property=\"og:title\" content=\"Viracocha \u2013 stvarnik bogov Andov\" \/>\n<meta property=\"og:description\" content=\"Viracocha, stvarnik bogov Andov, v zgodnjih kronikah velja za najvi\u0161je bitje pred Intijem. Religiologska umestitev s kultom.\" \/>\n<meta property=\"og:url\" content=\"https:\/\/iwell-guard.com\/sl\/viracocha-stvarnik-andov\/\" \/>\n<meta property=\"og:site_name\" content=\"iWell Guard\" \/>\n<meta property=\"article:modified_time\" content=\"2026-09-05T00:42:55+00:00\" \/>\n<meta property=\"og:image\" content=\"https:\/\/iwell-guard.com\/wp-content\/uploads\/2026\/05\/goetter_anden-inka_viracocha.webp\" \/>\n\t<meta property=\"og:image:width\" content=\"1024\" \/>\n\t<meta property=\"og:image:height\" content=\"1536\" \/>\n\t<meta property=\"og:image:type\" content=\"image\/webp\" \/>\n<meta name=\"twitter:card\" content=\"summary_large_image\" \/>\n<script type=\"application\/ld+json\" class=\"yoast-schema-graph\">{\"@context\":\"https:\\\/\\\/schema.org\",\"@graph\":[{\"@type\":\"WebPage\",\"@id\":\"https:\\\/\\\/iwell-guard.com\\\/sl\\\/viracocha-stvarnik-andov\\\/\",\"url\":\"https:\\\/\\\/iwell-guard.com\\\/sl\\\/viracocha-stvarnik-andov\\\/\",\"name\":\"Viracocha \u2013 inkovski stvarnik in mit\",\"isPartOf\":{\"@id\":\"https:\\\/\\\/iwell-guard.com\\\/sl\\\/#website\"},\"primaryImageOfPage\":{\"@id\":\"https:\\\/\\\/iwell-guard.com\\\/sl\\\/viracocha-stvarnik-andov\\\/#primaryimage\"},\"image\":{\"@id\":\"https:\\\/\\\/iwell-guard.com\\\/sl\\\/viracocha-stvarnik-andov\\\/#primaryimage\"},\"thumbnailUrl\":\"https:\\\/\\\/iwell-guard.com\\\/wp-content\\\/uploads\\\/2026\\\/05\\\/goetter_anden-inka_viracocha.webp\",\"datePublished\":\"2026-09-05T00:23:58+00:00\",\"dateModified\":\"2026-09-05T00:42:55+00:00\",\"description\":\"Viracocha, stvarnik bogov Andov, v zgodnjih kronikah velja za najvi\u0161je bitje pred Intijem. Religiologska umestitev s kultom.\",\"breadcrumb\":{\"@id\":\"https:\\\/\\\/iwell-guard.com\\\/sl\\\/viracocha-stvarnik-andov\\\/#breadcrumb\"},\"inLanguage\":\"sl-SI\",\"potentialAction\":[{\"@type\":\"ReadAction\",\"target\":[\"https:\\\/\\\/iwell-guard.com\\\/sl\\\/viracocha-stvarnik-andov\\\/\"]}]},{\"@type\":\"ImageObject\",\"inLanguage\":\"sl-SI\",\"@id\":\"https:\\\/\\\/iwell-guard.com\\\/sl\\\/viracocha-stvarnik-andov\\\/#primaryimage\",\"url\":\"https:\\\/\\\/iwell-guard.com\\\/wp-content\\\/uploads\\\/2026\\\/05\\\/goetter_anden-inka_viracocha.webp\",\"contentUrl\":\"https:\\\/\\\/iwell-guard.com\\\/wp-content\\\/uploads\\\/2026\\\/05\\\/goetter_anden-inka_viracocha.webp\",\"width\":1024,\"height\":1536,\"caption\":\"Bogovi iz andsko-inkovske tradicije.\"},{\"@type\":\"BreadcrumbList\",\"@id\":\"https:\\\/\\\/iwell-guard.com\\\/sl\\\/viracocha-stvarnik-andov\\\/#breadcrumb\",\"itemListElement\":[{\"@type\":\"ListItem\",\"position\":1,\"name\":\"Start\",\"item\":\"https:\\\/\\\/iwell-guard.com\\\/sl\\\/?page_id=160323\"},{\"@type\":\"ListItem\",\"position\":2,\"name\":\"Viracocha \u2013 stvarnik bogov Andov\"}]},{\"@type\":\"WebSite\",\"@id\":\"https:\\\/\\\/iwell-guard.com\\\/sl\\\/#website\",\"url\":\"https:\\\/\\\/iwell-guard.com\\\/sl\\\/\",\"name\":\"iWell Guard\",\"description\":\"Schutz vor dunklen Einfl\u00fcssen\",\"publisher\":{\"@id\":\"https:\\\/\\\/iwell-guard.com\\\/sl\\\/#organization\"},\"potentialAction\":[{\"@type\":\"SearchAction\",\"target\":{\"@type\":\"EntryPoint\",\"urlTemplate\":\"https:\\\/\\\/iwell-guard.com\\\/sl\\\/?s={search_term_string}\"},\"query-input\":{\"@type\":\"PropertyValueSpecification\",\"valueRequired\":true,\"valueName\":\"search_term_string\"}}],\"inLanguage\":\"sl-SI\"},{\"@type\":\"Organization\",\"@id\":\"https:\\\/\\\/iwell-guard.com\\\/sl\\\/#organization\",\"name\":\"Ittermann electronic GmbH\",\"url\":\"https:\\\/\\\/iwell-guard.com\\\/sl\\\/\",\"logo\":{\"@type\":\"ImageObject\",\"inLanguage\":\"sl-SI\",\"@id\":\"https:\\\/\\\/iwell-guard.com\\\/sl\\\/#\\\/schema\\\/logo\\\/image\\\/\",\"url\":\"https:\\\/\\\/iwell-guard.com\\\/wp-content\\\/uploads\\\/2026\\\/05\\\/Ittermann-Logo-1182x237-1.png\",\"contentUrl\":\"https:\\\/\\\/iwell-guard.com\\\/wp-content\\\/uploads\\\/2026\\\/05\\\/Ittermann-Logo-1182x237-1.png\",\"width\":1182,\"height\":237,\"caption\":\"Ittermann electronic GmbH\"},\"image\":{\"@id\":\"https:\\\/\\\/iwell-guard.com\\\/sl\\\/#\\\/schema\\\/logo\\\/image\\\/\"},\"sameAs\":[\"https:\\\/\\\/pantip.com\\\/profile\\\/9367242\",\"https:\\\/\\\/micro.blog\\\/iwellguard\",\"https:\\\/\\\/www.diggerslist.com\\\/iwellguard\\\/about\",\"https:\\\/\\\/skitterphoto.com\\\/photographers\\\/2870314\\\/iwell-guard\",\"https:\\\/\\\/iwellguard.wordpress.com\\\/2026\\\/06\\\/06\\\/iwell-guard\\\/\",\"https:\\\/\\\/hub.docker.com\\\/u\\\/iwellguard\",\"https:\\\/\\\/www.pinterest.com\\\/iwellguard\\\/\",\"https:\\\/\\\/bit.ly\\\/m\\\/iwellguard\",\"https:\\\/\\\/entre-vos-mains.alsace.eu\\\/profiles\\\/iwellguard\\\/activity\",\"https:\\\/\\\/gravatar.com\\\/reallybeded8fd34\",\"https:\\\/\\\/naijamatta.com\\\/iwellguard\",\"https:\\\/\\\/www.goodreads.com\\\/iwellguard\",\"https:\\\/\\\/profile.hatena.ne.jp\\\/iwellguard\\\/\",\"https:\\\/\\\/experiment.com\\\/users\\\/iwellguard\",\"https:\\\/\\\/wakelet.com\\\/@iWellGuard82270\",\"https:\\\/\\\/www.chordie.com\\\/forum\\\/profile.php?id=2555664\",\"https:\\\/\\\/www.instapaper.com\\\/p\\\/17757966\",\"https:\\\/\\\/www.mapleprimes.com\\\/users\\\/iwellguard\",\"https:\\\/\\\/businesslistingplus.com\\\/profile\\\/iwell-guard\\\/\",\"https:\\\/\\\/telegra.ph\\\/iWell-Guard-06-06\",\"https:\\\/\\\/pbase.com\\\/iwellguard\\\/iwellguard\",\"https:\\\/\\\/b.hatena.ne.jp\\\/iwellguard\\\/20260607#bookmark-4788405196491818882\",\"https:\\\/\\\/fliphtml5.com\\\/home\\\/iwellguard\",\"https:\\\/\\\/anyflip.com\\\/homepage\\\/cmiwl#About\",\"https:\\\/\\\/transfur.com\\\/Users\\\/iwellguard\",\"http:\\\/\\\/delphi.larsbo.org\\\/user\\\/iwellguard\",\"https:\\\/\\\/jobs.lajobsportal.org\\\/profiles\\\/8380803-iwell-guard\",\"https:\\\/\\\/md.chaosdorf.de\\\/s\\\/jfbe5SBdJD\",\"https:\\\/\\\/www.lingvolive.com\\\/en-us\\\/profile\\\/9ecaeaca-ce11-4e51-9e71-01d55e2bff36\\\/translations\",\"https:\\\/\\\/www.fitday.com\\\/fitness\\\/forums\\\/members\\\/iwellguard.html\",\"https:\\\/\\\/www.mymeetbook.com\\\/iwellguard\",\"https:\\\/\\\/pxhere.com\\\/en\\\/photographer-me\\\/5040798\",\"https:\\\/\\\/disqus.com\\\/by\\\/iwellguard\\\/about\\\/\",\"https:\\\/\\\/pastelink.net\\\/hjwciqwq\",\"https:\\\/\\\/pubhtml5.com\\\/homepage\\\/scjhn\\\/\",\"https:\\\/\\\/www.bitchute.com\\\/channel\\\/2O2eOKzNqujT\",\"https:\\\/\\\/audiomack.com\\\/iwellguard\"]},{\"@type\":\"Article\",\"@id\":\"https:\\\/\\\/iwell-guard.com\\\/sl\\\/viracocha-stvarnik-andov\\\/#article\",\"isPartOf\":{\"@id\":\"https:\\\/\\\/iwell-guard.com\\\/sl\\\/viracocha-stvarnik-andov\\\/\"},\"author\":{\"name\":\"Ralf Ittermann\",\"@id\":\"https:\\\/\\\/iwell-guard.com\\\/sl\\\/#\\\/schema\\\/person\\\/ee2a27f1cac3406c7c6fb5820cb7349f\"},\"headline\":\"Viracocha \u2013 stvarnik bogov Andov\",\"datePublished\":\"2026-09-05T00:23:58+00:00\",\"dateModified\":\"2026-09-05T00:42:55+00:00\",\"mainEntityOfPage\":{\"@id\":\"https:\\\/\\\/iwell-guard.com\\\/sl\\\/viracocha-stvarnik-andov\\\/\"},\"publisher\":{\"@id\":\"https:\\\/\\\/iwell-guard.com\\\/sl\\\/#organization\"},\"image\":{\"@id\":\"https:\\\/\\\/iwell-guard.com\\\/sl\\\/viracocha-stvarnik-andov\\\/#primaryimage\"},\"thumbnailUrl\":\"https:\\\/\\\/iwell-guard.com\\\/wp-content\\\/uploads\\\/2026\\\/05\\\/goetter_anden-inka_viracocha.webp\",\"inLanguage\":\"sl-SI\",\"description\":\"Viracocha, stvarnik bogov Andov, v zgodnjih kronikah velja za najvi\u0161je bitje pred Intijem. Religiologska umestitev s kultom.\"}]}<\/script>\n<!-- \/ Yoast SEO Premium plugin. -->","yoast_head_json":{"title":"Viracocha \u2013 inkovski stvarnik in mit","description":"Viracocha, stvarnik bogov Andov, v zgodnjih kronikah velja za najvi\u0161je bitje pred Intijem. Religiologska umestitev s kultom.","robots":{"index":"index","follow":"follow","max-snippet":"max-snippet:-1","max-image-preview":"max-image-preview:large","max-video-preview":"max-video-preview:-1"},"canonical":"https:\/\/iwell-guard.com\/sl\/viracocha-stvarnik-andov\/","og_locale":"sl_SI","og_type":"article","og_title":"Viracocha \u2013 stvarnik bogov Andov","og_description":"Viracocha, stvarnik bogov Andov, v zgodnjih kronikah velja za najvi\u0161je bitje pred Intijem. Religiologska umestitev s kultom.","og_url":"https:\/\/iwell-guard.com\/sl\/viracocha-stvarnik-andov\/","og_site_name":"iWell Guard","article_modified_time":"2026-09-05T00:42:55+00:00","og_image":[{"width":1024,"height":1536,"url":"https:\/\/iwell-guard.com\/wp-content\/uploads\/2026\/05\/goetter_anden-inka_viracocha.webp","type":"image\/webp"}],"twitter_card":"summary_large_image","schema":{"@context":"https:\/\/schema.org","@graph":[{"@type":"Article","@id":"https:\/\/iwell-guard.com\/sl\/viracocha-stvarnik-andov\/#article","isPartOf":{"@id":"https:\/\/iwell-guard.com\/sl\/viracocha-stvarnik-andov\/"},"author":{"name":"Ralf Ittermann","@id":"https:\/\/iwell-guard.com\/sl\/#\/schema\/person\/ee2a27f1cac3406c7c6fb5820cb7349f"},"headline":"Viracocha \u2013 stvarnik bogov Andov","datePublished":"2026-09-05T00:23:58+00:00","dateModified":"2026-09-05T00:42:55+00:00","mainEntityOfPage":{"@id":"https:\/\/iwell-guard.com\/sl\/viracocha-stvarnik-andov\/"},"publisher":{"@id":"https:\/\/iwell-guard.com\/sl\/#organization"},"image":{"@id":"https:\/\/iwell-guard.com\/sl\/viracocha-stvarnik-andov\/#primaryimage"},"thumbnailUrl":"https:\/\/iwell-guard.com\/wp-content\/uploads\/2026\/05\/goetter_anden-inka_viracocha.webp","inLanguage":"sl-SI","description":"Viracocha, stvarnik bogov Andov, v zgodnjih kronikah velja za najvi\u0161je bitje pred Intijem. Religiologska umestitev s kultom."},{"@type":"WebPage","@id":"https:\/\/iwell-guard.com\/sl\/viracocha-stvarnik-andov\/","url":"https:\/\/iwell-guard.com\/sl\/viracocha-stvarnik-andov\/","name":"Viracocha \u2013 inkovski stvarnik in mit","isPartOf":{"@id":"https:\/\/iwell-guard.com\/sl\/#website"},"primaryImageOfPage":{"@id":"https:\/\/iwell-guard.com\/sl\/viracocha-stvarnik-andov\/#primaryimage"},"image":{"@id":"https:\/\/iwell-guard.com\/sl\/viracocha-stvarnik-andov\/#primaryimage"},"thumbnailUrl":"https:\/\/iwell-guard.com\/wp-content\/uploads\/2026\/05\/goetter_anden-inka_viracocha.webp","datePublished":"2026-09-05T00:23:58+00:00","dateModified":"2026-09-05T00:42:55+00:00","description":"Viracocha, stvarnik bogov Andov, v zgodnjih kronikah velja za najvi\u0161je bitje pred Intijem. Religiologska umestitev s kultom.","breadcrumb":{"@id":"https:\/\/iwell-guard.com\/sl\/viracocha-stvarnik-andov\/#breadcrumb"},"inLanguage":"sl-SI","potentialAction":[{"@type":"ReadAction","target":["https:\/\/iwell-guard.com\/sl\/viracocha-stvarnik-andov\/"]}]},{"@type":"ImageObject","inLanguage":"sl-SI","@id":"https:\/\/iwell-guard.com\/sl\/viracocha-stvarnik-andov\/#primaryimage","url":"https:\/\/iwell-guard.com\/wp-content\/uploads\/2026\/05\/goetter_anden-inka_viracocha.webp","contentUrl":"https:\/\/iwell-guard.com\/wp-content\/uploads\/2026\/05\/goetter_anden-inka_viracocha.webp","width":1024,"height":1536,"caption":"Bogovi iz andsko-inkovske tradicije."},{"@type":"BreadcrumbList","@id":"https:\/\/iwell-guard.com\/sl\/viracocha-stvarnik-andov\/#breadcrumb","itemListElement":[{"@type":"ListItem","position":1,"name":"Start","item":"https:\/\/iwell-guard.com\/sl\/?page_id=160323"},{"@type":"ListItem","position":2,"name":"Viracocha \u2013 stvarnik bogov Andov"}]},{"@type":"WebSite","@id":"https:\/\/iwell-guard.com\/sl\/#website","url":"https:\/\/iwell-guard.com\/sl\/","name":"iWell Guard","description":"Schutz vor dunklen Einfl\u00fcssen","publisher":{"@id":"https:\/\/iwell-guard.com\/sl\/#organization"},"potentialAction":[{"@type":"SearchAction","target":{"@type":"EntryPoint","urlTemplate":"https:\/\/iwell-guard.com\/sl\/?s={search_term_string}"},"query-input":{"@type":"PropertyValueSpecification","valueRequired":true,"valueName":"search_term_string"}}],"inLanguage":"sl-SI"},{"@type":"Organization","@id":"https:\/\/iwell-guard.com\/sl\/#organization","name":"Ittermann electronic GmbH","url":"https:\/\/iwell-guard.com\/sl\/","logo":{"@type":"ImageObject","inLanguage":"sl-SI","@id":"https:\/\/iwell-guard.com\/sl\/#\/schema\/logo\/image\/","url":"https:\/\/iwell-guard.com\/wp-content\/uploads\/2026\/05\/Ittermann-Logo-1182x237-1.png","contentUrl":"https:\/\/iwell-guard.com\/wp-content\/uploads\/2026\/05\/Ittermann-Logo-1182x237-1.png","width":1182,"height":237,"caption":"Ittermann electronic GmbH"},"image":{"@id":"https:\/\/iwell-guard.com\/sl\/#\/schema\/logo\/image\/"},"sameAs":["https:\/\/pantip.com\/profile\/9367242","https:\/\/micro.blog\/iwellguard","https:\/\/www.diggerslist.com\/iwellguard\/about","https:\/\/skitterphoto.com\/photographers\/2870314\/iwell-guard","https:\/\/iwellguard.wordpress.com\/2026\/06\/06\/iwell-guard\/","https:\/\/hub.docker.com\/u\/iwellguard","https:\/\/www.pinterest.com\/iwellguard\/","https:\/\/bit.ly\/m\/iwellguard","https:\/\/entre-vos-mains.alsace.eu\/profiles\/iwellguard\/activity","https:\/\/gravatar.com\/reallybeded8fd34","https:\/\/naijamatta.com\/iwellguard","https:\/\/www.goodreads.com\/iwellguard","https:\/\/profile.hatena.ne.jp\/iwellguard\/","https:\/\/experiment.com\/users\/iwellguard","https:\/\/wakelet.com\/@iWellGuard82270","https:\/\/www.chordie.com\/forum\/profile.php?id=2555664","https:\/\/www.instapaper.com\/p\/17757966","https:\/\/www.mapleprimes.com\/users\/iwellguard","https:\/\/businesslistingplus.com\/profile\/iwell-guard\/","https:\/\/telegra.ph\/iWell-Guard-06-06","https:\/\/pbase.com\/iwellguard\/iwellguard","https:\/\/b.hatena.ne.jp\/iwellguard\/20260607#bookmark-4788405196491818882","https:\/\/fliphtml5.com\/home\/iwellguard","https:\/\/anyflip.com\/homepage\/cmiwl#About","https:\/\/transfur.com\/Users\/iwellguard","http:\/\/delphi.larsbo.org\/user\/iwellguard","https:\/\/jobs.lajobsportal.org\/profiles\/8380803-iwell-guard","https:\/\/md.chaosdorf.de\/s\/jfbe5SBdJD","https:\/\/www.lingvolive.com\/en-us\/profile\/9ecaeaca-ce11-4e51-9e71-01d55e2bff36\/translations","https:\/\/www.fitday.com\/fitness\/forums\/members\/iwellguard.html","https:\/\/www.mymeetbook.com\/iwellguard","https:\/\/pxhere.com\/en\/photographer-me\/5040798","https:\/\/disqus.com\/by\/iwellguard\/about\/","https:\/\/pastelink.net\/hjwciqwq","https:\/\/pubhtml5.com\/homepage\/scjhn\/","https:\/\/www.bitchute.com\/channel\/2O2eOKzNqujT","https:\/\/audiomack.com\/iwellguard"]},{"@type":"Person","@id":"https:\/\/iwell-guard.com\/sl\/#\/schema\/person\/ee2a27f1cac3406c7c6fb5820cb7349f","name":"Ralf Ittermann","image":{"@type":"ImageObject","inLanguage":"sl-SI","@id":"https:\/\/secure.gravatar.com\/avatar\/073c0153e350a5005b68eb752b445fea71f6b24a26da9449ad7e155e6b446c9d?s=96&d=mm&r=g","url":"https:\/\/secure.gravatar.com\/avatar\/073c0153e350a5005b68eb752b445fea71f6b24a26da9449ad7e155e6b446c9d?s=96&d=mm&r=g","contentUrl":"https:\/\/secure.gravatar.com\/avatar\/073c0153e350a5005b68eb752b445fea71f6b24a26da9449ad7e155e6b446c9d?s=96&d=mm&r=g","caption":"Ralf Ittermann"},"givenName":"Ralf","familyName":"Ittermann","jobTitle":"Gesch\u00e4ftsf\u00fchrer und redaktioneller Verantwortlicher","url":"https:\/\/iwell-guard.com\/sl\/author\/claude\/","description":"Ralf Ittermann ist Gesch\u00e4ftsf\u00fchrer der Ittermann electronic GmbH und redaktioneller Verantwortlicher des iWell-Guard-Lexikons. Er verbindet langj\u00e4hrige Erfahrung in der Pr\u00e4zisionsfertigung mit medialer Praxis und religionsgeschichtlicher Quellenarbeit.","worksFor":{"@type":"Organization","name":"Ittermann electronic GmbH","url":"https:\/\/ittermann.de\/","address":{"@type":"PostalAddress","streetAddress":"K\u00f6hlergasse 16-18","postalCode":"99842","addressLocality":"Ruhla","addressCountry":"DE"}},"knowsAbout":["Religionsgeschichte","Mythologie","Mediale Praxis","Energetische Diagnostik","Schutzpraxis","Volksglauben","Westliche Esoterik"]},{"@type":"Article","@id":"https:\/\/iwell-guard.com\/sl\/viracocha-stvarnik-andov\/#article","isPartOf":{"@id":"https:\/\/iwell-guard.com\/sl\/viracocha-stvarnik-andov\/"},"author":{"name":"Ralf Ittermann","@id":"https:\/\/iwell-guard.com\/sl\/#\/schema\/person\/ee2a27f1cac3406c7c6fb5820cb7349f"},"headline":"Viracocha \u2013 stvarnik bogov Andov","datePublished":"2026-09-05T00:23:58+00:00","dateModified":"2026-09-05T00:42:55+00:00","mainEntityOfPage":{"@id":"https:\/\/iwell-guard.com\/sl\/viracocha-stvarnik-andov\/"},"publisher":{"@id":"https:\/\/iwell-guard.com\/sl\/#organization"},"image":{"@id":"https:\/\/iwell-guard.com\/sl\/viracocha-stvarnik-andov\/#primaryimage"},"thumbnailUrl":"https:\/\/iwell-guard.com\/wp-content\/uploads\/2026\/05\/goetter_anden-inka_viracocha.webp","inLanguage":"sl-SI","description":"Viracocha, stvarnik bogov Andov, v zgodnjih kronikah velja za najvi\u0161je bitje pred Intijem. Religiologska umestitev s kultom."}]}},"_links":{"self":[{"href":"https:\/\/iwell-guard.com\/sl\/wp-json\/wp\/v2\/pages\/160666","targetHints":{"allow":["GET"]}}],"collection":[{"href":"https:\/\/iwell-guard.com\/sl\/wp-json\/wp\/v2\/pages"}],"about":[{"href":"https:\/\/iwell-guard.com\/sl\/wp-json\/wp\/v2\/types\/page"}],"author":[{"embeddable":true,"href":"https:\/\/iwell-guard.com\/sl\/wp-json\/wp\/v2\/users\/3"}],"replies":[{"embeddable":true,"href":"https:\/\/iwell-guard.com\/sl\/wp-json\/wp\/v2\/comments?post=160666"}],"version-history":[{"count":0,"href":"https:\/\/iwell-guard.com\/sl\/wp-json\/wp\/v2\/pages\/160666\/revisions"}],"wp:featuredmedia":[{"embeddable":true,"href":"https:\/\/iwell-guard.com\/sl\/wp-json\/wp\/v2\/media\/2684"}],"wp:attachment":[{"href":"https:\/\/iwell-guard.com\/sl\/wp-json\/wp\/v2\/media?parent=160666"}],"wp:term":[{"taxonomy":"category","embeddable":true,"href":"https:\/\/iwell-guard.com\/sl\/wp-json\/wp\/v2\/categories?post=160666"}],"curies":[{"name":"wp","href":"https:\/\/api.w.org\/{rel}","templated":true}]}}