{"id":160665,"date":"2026-09-05T00:23:58","date_gmt":"2026-09-05T00:23:58","guid":{"rendered":"https:\/\/iwell-guard.com\/?page_id=160665"},"modified":"2026-09-05T00:42:55","modified_gmt":"2026-09-05T00:42:55","slug":"mama-killa-lunska-boginja-inkov","status":"publish","type":"page","link":"https:\/\/iwell-guard.com\/sl\/mama-killa-lunska-boginja-inkov\/","title":{"rendered":"Mama Killa \u2013 lunska boginja Inkov"},"content":{"rendered":"\t\t<div data-elementor-type=\"wp-page\" data-elementor-id=\"160665\" class=\"elementor elementor-160665 elementor-2577 elementor-bc-flex-widget\" data-elementor-post-type=\"page\">\n\t\t\t\t<div class=\"elementor-element elementor-element-iwgw-mamakilla-hero e-flex e-con-boxed e-con e-parent\" data-id=\"iwgw-mamakilla-hero\" data-element_type=\"container\" data-e-type=\"container\" data-settings=\"{&quot;background_background&quot;:&quot;classic&quot;}\">\n\t\t\t\t\t<div class=\"e-con-inner\">\n\t\t<div class=\"elementor-element elementor-element-iwgw-mamakilla-hl e-flex e-con-boxed e-con e-child\" data-id=\"iwgw-mamakilla-hl\" data-element_type=\"container\" data-e-type=\"container\">\n\t\t\t\t\t<div class=\"e-con-inner\">\n\t\t<div class=\"elementor-element elementor-element-iwgw-mamakilla-htxt e-con-full e-flex e-con e-child\" data-id=\"iwgw-mamakilla-htxt\" data-element_type=\"container\" data-e-type=\"container\">\n\t\t\t\t<div class=\"elementor-element elementor-element-iwgw-mamakilla-h1 elementor-widget elementor-widget-heading\" data-id=\"iwgw-mamakilla-h1\" data-element_type=\"widget\" data-e-type=\"widget\" data-widget_type=\"heading.default\">\n\t\t\t\t\t<h1 class=\"elementor-heading-title elementor-size-default\">Mama Killa, lunska boginja in sestra-soproga son\u010dnega boga<\/h1>\t\t\t\t<\/div>\n\t\t\t\t<div class=\"elementor-element elementor-element-iwgw-mamakilla-lead elementor-widget elementor-widget-text-editor\" data-id=\"iwgw-mamakilla-lead\" data-element_type=\"widget\" data-e-type=\"widget\" data-widget_type=\"text-editor.default\">\n\t\t\t\t\t\t\t\t\t<p>Mama Killa (ke\u010duansko <em>Mama Killa<\/em>) je lunska boginja Inkov, sestra-soproga son\u010dnega boga <a href=\"https:\/\/iwell-guard.com\/sl\/?page_id=160663\">Intija<\/a> in za\u0161\u010ditnica \u017eensk, koledarskega \u010dasovnega reda in obredne \u010distosti. Njeno sveti\u0161\u010de v Coricanchi v Cuscu je bilo obdano s srebrnimi plo\u0161\u010dami.<\/p>\t\t\t\t\t\t\t\t<\/div>\n\t\t\t\t<\/div>\n\t\t<div class=\"elementor-element elementor-element-iwgw-mamakilla-pillc e-con-full e-flex e-con e-child\" data-id=\"iwgw-mamakilla-pillc\" data-element_type=\"container\" data-e-type=\"container\">\n\t\t\t\t<div class=\"elementor-element elementor-element-iwgw-mamakilla-pills elementor-widget elementor-widget-html\" data-id=\"iwgw-mamakilla-pills\" data-element_type=\"widget\" data-e-type=\"widget\" data-widget_type=\"html.default\">\n\t\t\t\t\t<div class=\"iwg-pill-row\"><span class=\"iwg-klasse-badge\" tabindex=\"0\" data-tooltip=\"Boginja tradicije Andi \/ Inki.\">Boginja<\/span><a href=\"https:\/\/iwell-guard.com\/sl\/?page_id=160653\" class=\"iwg-kultur-badge\" tabindex=\"0\" data-tooltip=\"Mitologija tradicije Andi \/ Inki.\">Andi \/ Inki<\/a><span class=\"iwg-tradition-badge\" tabindex=\"0\" data-tooltip=\"Lunska boginja.\">Lunska boginja<\/span><\/div>\t\t\t\t<\/div>\n\t\t\t\t<\/div>\n\t\t<div class=\"elementor-element elementor-element-iwgw-mamakilla-tocc e-con-full e-flex e-con e-child\" data-id=\"iwgw-mamakilla-tocc\" data-element_type=\"container\" data-e-type=\"container\">\n\t\t\t\t<div class=\"elementor-element elementor-element-iwgw-mamakilla-toc elementor-toc--minimized-on-tablet elementor-widget elementor-widget-table-of-contents\" data-id=\"iwgw-mamakilla-toc\" data-element_type=\"widget\" data-e-type=\"widget\" data-settings=\"{&quot;headings_by_tags&quot;:[&quot;h2&quot;,&quot;h3&quot;],&quot;minimize_box&quot;:&quot;yes&quot;,&quot;marker_view&quot;:&quot;bullets&quot;,&quot;no_headings_message&quot;:&quot;Na tej strani ni najdenih naslovov.&quot;,&quot;exclude_headings_by_selector&quot;:[],&quot;icon&quot;:{&quot;value&quot;:&quot;fas fa-circle&quot;,&quot;library&quot;:&quot;fa-solid&quot;,&quot;rendered_tag&quot;:&quot;&lt;svg class=\\&quot;e-font-icon-svg e-fas-circle\\&quot; viewBox=\\&quot;0 0 512 512\\&quot; xmlns=\\&quot;http:\\\/\\\/www.w3.org\\\/2000\\\/svg\\&quot;&gt;&lt;path d=\\&quot;M256 8C119 8 8 119 8 256s111 248 248 248 248-111 248-248S393 8 256 8z\\&quot;&gt;&lt;\\\/path&gt;&lt;\\\/svg&gt;&quot;},&quot;minimized_on&quot;:&quot;tablet&quot;,&quot;hierarchical_view&quot;:&quot;yes&quot;,&quot;min_height&quot;:{&quot;unit&quot;:&quot;px&quot;,&quot;size&quot;:&quot;&quot;,&quot;sizes&quot;:[]},&quot;min_height_tablet&quot;:{&quot;unit&quot;:&quot;px&quot;,&quot;size&quot;:&quot;&quot;,&quot;sizes&quot;:[]},&quot;min_height_mobile&quot;:{&quot;unit&quot;:&quot;px&quot;,&quot;size&quot;:&quot;&quot;,&quot;sizes&quot;:[]}}\" data-widget_type=\"table-of-contents.default\">\n\t\t\t\t\t\t\t\t\t<div class=\"elementor-toc__header\">\n\t\t\t\t\t\t<h2 class=\"elementor-toc__header-title\">\n\t\t\t\tKazalo vsebine\t\t\t<\/h2>\n\t\t\t\t\t\t\t\t\t\t<div class=\"elementor-toc__toggle-button elementor-toc__toggle-button--expand\" role=\"button\" tabindex=\"0\" aria-controls=\"elementor-toc__iwgw-mamakilla-toc\" aria-expanded=\"true\" aria-label=\"Open table of contents\"><svg aria-hidden=\"true\" class=\"e-font-icon-svg e-fas-chevron-down\" viewBox=\"0 0 448 512\" xmlns=\"http:\/\/www.w3.org\/2000\/svg\"><path d=\"M207.029 381.476L12.686 187.132c-9.373-9.373-9.373-24.569 0-33.941l22.667-22.667c9.357-9.357 24.522-9.375 33.901-.04L224 284.505l154.745-154.021c9.379-9.335 24.544-9.317 33.901.04l22.667 22.667c9.373 9.373 9.373 24.569 0 33.941L240.971 381.476c-9.373 9.372-24.569 9.372-33.942 0z\"><\/path><\/svg><\/div>\n\t\t\t\t<div class=\"elementor-toc__toggle-button elementor-toc__toggle-button--collapse\" role=\"button\" tabindex=\"0\" aria-controls=\"elementor-toc__iwgw-mamakilla-toc\" aria-expanded=\"true\" aria-label=\"Close table of contents\"><svg aria-hidden=\"true\" class=\"e-font-icon-svg e-fas-chevron-up\" viewBox=\"0 0 448 512\" xmlns=\"http:\/\/www.w3.org\/2000\/svg\"><path d=\"M240.971 130.524l194.343 194.343c9.373 9.373 9.373 24.569 0 33.941l-22.667 22.667c-9.357 9.357-24.522 9.375-33.901.04L224 227.495 69.255 381.516c-9.379 9.335-24.544 9.317-33.901-.04l-22.667-22.667c-9.373-9.373-9.373-24.569 0-33.941L207.03 130.525c9.372-9.373 24.568-9.373 33.941-.001z\"><\/path><\/svg><\/div>\n\t\t\t\t\t<\/div>\n\t\t\t\t<div id=\"elementor-toc__iwgw-mamakilla-toc\" class=\"elementor-toc__body\">\n\t\t\t<div class=\"elementor-toc__spinner-container\">\n\t\t\t\t<svg class=\"elementor-toc__spinner eicon-animation-spin e-font-icon-svg e-eicon-loading\" aria-hidden=\"true\" viewBox=\"0 0 1000 1000\" xmlns=\"http:\/\/www.w3.org\/2000\/svg\"><path d=\"M500 975V858C696 858 858 696 858 500S696 142 500 142 142 304 142 500H25C25 237 238 25 500 25S975 237 975 500 763 975 500 975Z\"><\/path><\/svg>\t\t\t<\/div>\n\t\t<\/div>\n\t\t\t\t\t\t<\/div>\n\t\t\t\t<\/div>\n\t\t\t\t\t<\/div>\n\t\t\t\t<\/div>\n\t\t<div class=\"elementor-element elementor-element-iwgw-mamakilla-hr e-con-full e-flex e-con e-child\" data-id=\"iwgw-mamakilla-hr\" data-element_type=\"container\" data-e-type=\"container\">\n\t\t\t\t<div class=\"elementor-element elementor-element-iwgw-mamakilla-heroimg iwg-hero-image elementor-widget elementor-widget-image\" data-id=\"iwgw-mamakilla-heroimg\" data-element_type=\"widget\" data-e-type=\"widget\" data-widget_type=\"image.default\">\n\t\t\t\t\t\t\t\t\t\t\t\t\t\t\t<img fetchpriority=\"high\" decoding=\"async\" width=\"683\" height=\"1024\" src=\"https:\/\/iwell-guard.com\/wp-content\/uploads\/2026\/05\/goetter_anden-inka_mama-killa-683x1024.webp\" class=\"attachment-large size-large wp-image-162606\" alt=\"Mama Killa - bo\u017eanstva iz andsko-inkovske tradicije, zgodovinsko-ilustrativno\" srcset=\"https:\/\/iwell-guard.com\/wp-content\/uploads\/2026\/05\/goetter_anden-inka_mama-killa-683x1024.webp 683w, https:\/\/iwell-guard.com\/wp-content\/uploads\/2026\/05\/goetter_anden-inka_mama-killa-200x300.webp 200w, https:\/\/iwell-guard.com\/wp-content\/uploads\/2026\/05\/goetter_anden-inka_mama-killa-768x1152.webp 768w, https:\/\/iwell-guard.com\/wp-content\/uploads\/2026\/05\/goetter_anden-inka_mama-killa.webp 1024w\" sizes=\"(max-width: 683px) 100vw, 683px\" \/>\t\t\t\t\t\t\t\t\t\t\t\t\t\t\t<\/div>\n\t\t\t\t<\/div>\n\t\t\t\t\t<\/div>\n\t\t\t\t<\/div>\n\t\t\t\t<section class=\"elementor-section elementor-top-section elementor-element elementor-element-sec-iwgcomp-mama-killa elementor-section-boxed elementor-section-height-default elementor-section-height-default\" data-id=\"sec-iwgcomp-mama-killa\" data-element_type=\"section\" data-e-type=\"section\">\n\t\t\t\t\t\t<div class=\"elementor-container elementor-column-gap-default\">\n\t\t\t\t\t<div class=\"elementor-column elementor-col-100 elementor-top-column elementor-element elementor-element-col-iwgcomp-mama-killa\" data-id=\"col-iwgcomp-mama-killa\" data-element_type=\"column\" data-e-type=\"column\">\n\t\t\t<div class=\"elementor-widget-wrap elementor-element-populated\">\n\t\t\t\t\t\t<div class=\"elementor-element elementor-element-iwgcomp-mama-killa elementor-widget elementor-widget-text-editor\" data-id=\"iwgcomp-mama-killa\" data-element_type=\"widget\" data-e-type=\"widget\" data-widget_type=\"text-editor.default\">\n\t\t\t\t\t\t\t\t\t<p>Mama Killa, <strong>inkovska lunska boginja<\/strong>, velja za sestro in soprogo Intija ter vlada no\u010dni sferi.<\/p>\t\t\t\t\t\t\t\t<\/div>\n\t\t\t\t\t<\/div>\n\t\t<\/div>\n\t\t\t\t\t<\/div>\n\t\t<\/section>\n\t\t<div class=\"elementor-element elementor-element-iwgw-mamakilla-s0 e-flex e-con-boxed e-con e-parent\" data-id=\"iwgw-mamakilla-s0\" data-element_type=\"container\" data-e-type=\"container\">\n\t\t\t\t\t<div class=\"e-con-inner\">\n\t\t\t\t<div class=\"elementor-element elementor-element-iwgw-mamakilla-s0h elementor-widget elementor-widget-heading\" data-id=\"iwgw-mamakilla-s0h\" data-element_type=\"widget\" data-e-type=\"widget\" data-widget_type=\"heading.default\">\n\t\t\t\t\t<h2 class=\"elementor-heading-title elementor-size-default\">Umestitev v andski panteon<\/h2>\t\t\t\t<\/div>\n\t\t<div class=\"elementor-element elementor-element-iwgw-mamakilla-s0c e-con-full e-flex e-con e-child\" data-id=\"iwgw-mamakilla-s0c\" data-element_type=\"container\" data-e-type=\"container\">\n\t\t\t\t<div class=\"elementor-element elementor-element-iwgw-mamakilla-s0t elementor-widget elementor-widget-text-editor\" data-id=\"iwgw-mamakilla-s0t\" data-element_type=\"widget\" data-e-type=\"widget\" data-widget_type=\"text-editor.default\">\n\t\t\t\t\t\t\t\t\t<p>Mama Killa spada med najvi\u0161ja \u017eenska bo\u017eanstva inkovskega dr\u017eavnega kulta.<\/p><p>Garcilaso de la Vega jo v svojih <em>Comentarios Reales<\/em> (1609) opisuje kot sestro in soprogo <a href=\"https:\/\/iwell-guard.com\/sl\/?page_id=160663\">Intija<\/a>; njeno lastno sveti\u0161\u010de v Coricanchi v Cuscu je stalo tik ob son\u010dnem templju, vendar je bilo obdano s srebrnimi, ne z zlatimi plo\u0161\u010dami, kar je dosleden ikonografski izraz podrejenega, a hkrati samostojnega polo\u017eaja lunske boginje.<\/p><p>Z religioznoznanstvenega vidika se uvr\u0161\u010da v raz\u0161irjeno shemo lunarno-solarnih sestrskih parov, ki sega od staroegiptovske konstelacije Hator\/Re prek japonskega para Tsukjomi\/Amaterasu do mezopotamskega razmerja I\u0161tar\/\u0160ama\u0161. Znotraj andskega prostora tvori \u017eensko dopolnilo mo\u0161kemu kompleksu solarne teologije in hkrati opredeljuje kultni status visokorangirane <em>Coye<\/em>, glavne soproge Inke.<\/p><p>Catherine Allen opozarja, da je Mama Killa v sodobnih ke\u010duansko govore\u010dih vaseh precej manj navzo\u010da kot <a href=\"https:\/\/iwell-guard.com\/sl\/?page_id=160664\">Pa\u010damama<\/a>; deluje bolj kot \u010dasovno-koledarsko urejevalno na\u010delo, ki dolo\u010da \u010das setve in \u017eetve, manj pa kot osebno klicana za\u0161\u010ditna boginja.<\/p><p>Ta odmaknjenost izhaja iz dr\u017eavno-imperialnega zna\u010daja njenega \u010da\u0161\u010denja v inkovskem obdobju, ki je s propadom politi\u010dne strukture Inkov izgubilo svojo institucionalno oporo.<\/p><p>Inkovska prestolnica Cusco je bila kozmolo\u0161ko razdeljena na <em>hanan<\/em> (zgornji) in <em>hurin<\/em> (spodnji) Cusco, ki sta po Tomu Zuidemi konotirala dopolnjujo\u010da si nasprotja mo\u0161ko\/\u017eensko, solarno\/lunarno.<\/p><p>Mama Killo so posebej \u010dastili v predelih hurin-Cusca, ki je predstavljal spodnjo, bolj vla\u017eno, \u017eensko konotirano polovico mesta. Ta strukturiranost ni bila zgolj formalna shema, temve\u010d je dolo\u010dala poro\u010dna pravila, dol\u017enosti med predeli in koledarske obredne funkcije.<\/p>\t\t\t\t\t\t\t\t<\/div>\n\t\t\t\t<\/div>\n\t\t\t\t\t<\/div>\n\t\t\t\t<\/div>\n\t\t<div class=\"elementor-element elementor-element-iwgw-mamakilla-s1 e-flex e-con-boxed e-con e-parent\" data-id=\"iwgw-mamakilla-s1\" data-element_type=\"container\" data-e-type=\"container\">\n\t\t\t\t\t<div class=\"e-con-inner\">\n\t\t\t\t<div class=\"elementor-element elementor-element-iwgw-mamakilla-s1h elementor-widget elementor-widget-heading\" data-id=\"iwgw-mamakilla-s1h\" data-element_type=\"widget\" data-e-type=\"widget\" data-widget_type=\"heading.default\">\n\t\t\t\t\t<h2 class=\"elementor-heading-title elementor-size-default\">Ime in etimologija<\/h2>\t\t\t\t<\/div>\n\t\t<div class=\"elementor-element elementor-element-iwgw-mamakilla-s1c e-con-full e-flex e-con e-child\" data-id=\"iwgw-mamakilla-s1c\" data-element_type=\"container\" data-e-type=\"container\">\n\t\t\t\t<div class=\"elementor-element elementor-element-iwgw-mamakilla-s1t elementor-widget elementor-widget-text-editor\" data-id=\"iwgw-mamakilla-s1t\" data-element_type=\"widget\" data-e-type=\"widget\" data-widget_type=\"text-editor.default\">\n\t\t\t\t\t\t\t\t\t<p>Ime <em>Mama Killa<\/em> je preprosta ke\u010duanska sestavljenka iz besed <em>mama<\/em> (mati, \u017eenska, visoko postavljena \u017eenska oseba) in <em>killa<\/em> (luna, mesec). Tako kot pri besedi <em>inti<\/em> beseda ozna\u010duje tako fizi\u010dno nebesno telo kot poosebljeno <span class=\"iwg-fachbegriff\" data-tooltip=\"Bitje, ki je v okviru religije \u010da\u0161\u010deno kot bo\u017eansko.\" tabindex=\"0\">bo\u017eanstvo<\/span>, kar je zna\u010dilno andsko zlitje ravni narave in numinoznega.<\/p><p>Diego Gonzalez Holguin v svojem <em>Vocabulario<\/em> (1608) navaja pomen besede <em>killa<\/em> kot <em>luna o mes<\/em>. Ta dvojni pomen luna\/mesec je zna\u010dilen: Mama Killa ni le lunska podoba na nebu, temve\u010d tudi poosebitev koledarskega meseca, po katerem se ravnajo \u017eensko telo, setev in \u017eetev.<\/p><p>V ajmarskem prostoru najdemo ustreznico <em>Phaxsi Mama<\/em>, prav tako lunsko mater. Regionalna razli\u010dica <em>Quilla<\/em> z dvojnim <em>l<\/em> se pojavlja v nekaterih starej\u0161ih \u0161panskih kronikah (Sarmiento, Cobo) in odra\u017ea zgodnji zapis \u0161panskih misijonarjev.<\/p><p>Jezikovnozgodovinsko je zanimivo tesno sorodstvo med besedama <em>killa<\/em> in <em>killay<\/em>, ke\u010duanskim glagolom za <em>\u010dakati<\/em> oziroma <em>\u010dakati na<\/em>. Cesar Itier je v svojih jezikoslovnih delih o inkovski <span class=\"iwg-fachbegriff\" data-tooltip=\"Znanstveni nauk o Bogu in o veri neke religije.\" tabindex=\"0\">teologiji<\/span> zastopal hipotezo, da je <em>killa<\/em> prvotno morda ozna\u010devala fazo \u010dakanja med setvami, v kateri so lunini cikli kmetom strukturirali potrpljenje med setvijo in \u017eetvijo.<\/p><p>Ta hipoteza pojasnjuje nenavadno dvojno funkcijo lunske boginje kot poosebitve \u010dasa \u010dakanja in koledarskega urejevalnega na\u010dela na na\u010din, ki presega povsem astronomsko razlago.<\/p>\t\t\t\t\t\t\t\t<\/div>\n\t\t\t\t<\/div>\n\t\t\t\t\t<\/div>\n\t\t\t\t<\/div>\n\t\t<div class=\"elementor-element elementor-element-iwgw-mamakilla-s2 e-flex e-con-boxed e-con e-parent\" data-id=\"iwgw-mamakilla-s2\" data-element_type=\"container\" data-e-type=\"container\">\n\t\t\t\t\t<div class=\"e-con-inner\">\n\t\t\t\t<div class=\"elementor-element elementor-element-iwgw-mamakilla-s2h elementor-widget elementor-widget-heading\" data-id=\"iwgw-mamakilla-s2h\" data-element_type=\"widget\" data-e-type=\"widget\" data-widget_type=\"heading.default\">\n\t\t\t\t\t<h2 class=\"elementor-heading-title elementor-size-default\">Opis in ikonografija<\/h2>\t\t\t\t<\/div>\n\t\t<div class=\"elementor-element elementor-element-iwgw-mamakilla-s2c e-con-full e-flex e-con e-child\" data-id=\"iwgw-mamakilla-s2c\" data-element_type=\"container\" data-e-type=\"container\">\n\t\t\t\t<div class=\"elementor-element elementor-element-iwgw-mamakilla-s2t elementor-widget elementor-widget-text-editor\" data-id=\"iwgw-mamakilla-s2t\" data-element_type=\"widget\" data-e-type=\"widget\" data-widget_type=\"text-editor.default\">\n\t\t\t\t\t\t\t\t\t<p>Mama Killa je v virih opisana kot srebrno ble\u0161\u010de\u010d disk z antropomorfnim obrazom, \u017eensko nasprotje zlatega Punchaa Intija. Ta srebrni disk je stal v tako imenovanem <em>Killakancha<\/em>, lunini sobi znotraj Coricancha. Polo de Ondegardo in Bernabe Cobo poro\u010data, da je bil lunin disk po \u0161panski osvojitvi pretopljen in torej ni ohranjen.<\/p><p>V kolonialnem slikarstvu \u0161ole Cusque\u00f1a se Mama Killa pogosto pojavlja kot \u017eensko lik s srebrno diademo v obliki luninega diska, pogosto v spremstvu stiliziranega zvezdnega neba. V nekaterih upodobitvah \u0161ole Cusco je prikazana kot <em>sinkreza Device Marije, Pachamame in Mama Kille<\/em>, na primer v angelskih upodobitvah cerkve San Pedro v Andahuaylillasu.<\/p><p>Zanimivo je astronomsko opazovanje luninih peg v inkovski <span class=\"iwg-fachbegriff\" data-tooltip=\"Znanstveni nauk o Bogu in o veri neke religije.\" tabindex=\"0\">teologiji<\/span>: temne lise na luni so razlagali kot lisico, ki se je iz ljubezni stisnila k Mama Killi in se za vedno v\u017egala v njen obraz. To zgodbo o luninih pegah je zapisal Cristobal de Molina, in spada med redke ohranjene inkovske mite z astronomsko-etiolo\u0161kim zna\u010dajem.<\/p><p>Srebrni disk Mama Kille v Killakanchi je bil po Garcilasu pribli\u017eno enake velikosti kot zlata podoba Punchao Intija.<\/p><p>V nasprotju s Punchaom, ki so ga iz osrednjega sveti\u0161\u010da nosili le ob praznikih, je bil lunin disk stalno viden, saj lunina <span class=\"iwg-fachbegriff\" data-tooltip=\"Znanstveni nauk o Bogu in o veri neke religije.\" tabindex=\"0\">teologija<\/span> ni bila v ospredju politi\u010dne samopredstavitve Inke, zato ni bila dele\u017ena tako strogega nadzora prikazovanja.<\/p><p>Ob notranjih stenah Killakanche so stala tudi mumificirana telesa umrlih glavnih \u017een (<em>Mallqui Coya<\/em>), \u017eensko nasprotje galerije prednikov Mallqui v templju Intija.<\/p>\t\t\t\t\t\t\t\t<\/div>\n\t\t\t\t<\/div>\n\t\t\t\t\t<\/div>\n\t\t\t\t<\/div>\n\t\t<div class=\"elementor-element elementor-element-iwgw-mamakilla-s3 e-flex e-con-boxed e-con e-parent\" data-id=\"iwgw-mamakilla-s3\" data-element_type=\"container\" data-e-type=\"container\">\n\t\t\t\t\t<div class=\"e-con-inner\">\n\t\t\t\t<div class=\"elementor-element elementor-element-iwgw-mamakilla-s3h elementor-widget elementor-widget-heading\" data-id=\"iwgw-mamakilla-s3h\" data-element_type=\"widget\" data-e-type=\"widget\" data-widget_type=\"heading.default\">\n\t\t\t\t\t<h2 class=\"elementor-heading-title elementor-size-default\">Mitolo\u0161ka pripovedovanja<\/h2>\t\t\t\t<\/div>\n\t\t<div class=\"elementor-element elementor-element-iwgw-mamakilla-s3c e-con-full e-flex e-con e-child\" data-id=\"iwgw-mamakilla-s3c\" data-element_type=\"container\" data-e-type=\"container\">\n\t\t\t\t<div class=\"elementor-element elementor-element-iwgw-mamakilla-s3t elementor-widget elementor-widget-text-editor\" data-id=\"iwgw-mamakilla-s3t\" data-element_type=\"widget\" data-e-type=\"widget\" data-widget_type=\"text-editor.default\">\n\t\t\t\t\t\t\t\t\t<p>Najpomembnej\u0161i <span class=\"iwg-fachbegriff\" data-tooltip=\"Izro\u010dena pripoved o bogovih, izvorih in ureditvi sveta.\" tabindex=\"0\">mit<\/span> o Mama Killi razlaga lunine mrke. Po Garcilasu de la Vega so Inki verjeli, da med luninim mrkom kozmi\u010dni <em>puma<\/em> ali <em>ka\u010da<\/em> napade lunino boginjo in jo grozi pogoltniti.<\/p><p>Da bi ta napad odbili, so ljudje v no\u010di luninega mrka v Cuscu delali velik hrup: udarjali so po ponvah, spodbujali pse k lajanju, streljali s pu\u0161\u010dicami proti luni in tako posku\u0161ali pregnati napadajo\u010do \u017eival. To prakso prikazuje tudi kronika Felipeja Guamana Pome de Ayale (1615).<\/p><p>Druga pripoved povezuje Mama Killo z etiologijo srebrnih nahajali\u0161\u010d v Andih. Po <span class=\"iwg-fachbegriff\" data-tooltip=\"Prena\u0161anje znanja in pripovedi skozi generacije.\" tabindex=\"0\">izro\u010dilu<\/span> kronista Antonia Vasqueza de Espinose je Mama Killa jokala srebrne solze, ki so v gorskih razpokah otrdele v srebrne \u017eile, mitska razlaga andskega bogastva s srebrom, ki je \u0161pansko kolonizacijo \u0161ele naredila ekonomsko privla\u010dno.<\/p><p>V mitih o \u017eivljenjskih ciklih Inkov je Mama Killa zavetnica \u017eenske zrelosti. Ob prvem menstruacijskem obredju mladega dekleta (<em>quikuchikuy<\/em>) so klicali Mama Killo, enako ob porokah in v poporodnem \u010dasu. Cobo poro\u010da o ustaljenem obrednem besedilu, v katerem so lunino boginjo prosili za za\u0161\u010dito matere in otroka.<\/p><p>Tretja mitolo\u0161ka pripoved povezuje Mama Killo z ustanovitvijo inkovskega imperija. Po poro\u010dilu Sarmienta de Gamboe je Mama Ocllo, ena od mitskih sester Manca Capaca, dobila svoje ime po vidiku <em>Ocllo<\/em> same lunine boginje.<\/p><p>Ustanoviteljica imperija tako ni le h\u010di Intija, temve\u010d obenem manifestacija Mama Kille, teolo\u0161ka konstrukcija, ki je legitimnost inkovske dinastije zavarovala dvakrat in polo\u017eaj Coye utemeljila ne le prek son\u010dne, temve\u010d tudi prek lunine krvne linije.<\/p>\t\t\t\t\t\t\t\t<\/div>\n\t\t\t\t<\/div>\n\t\t\t\t\t<\/div>\n\t\t\t\t<\/div>\n\t\t<div class=\"elementor-element elementor-element-iwgw-mamakilla-s4 e-flex e-con-boxed e-con e-parent\" data-id=\"iwgw-mamakilla-s4\" data-element_type=\"container\" data-e-type=\"container\">\n\t\t\t\t\t<div class=\"e-con-inner\">\n\t\t\t\t<div class=\"elementor-element elementor-element-iwgw-mamakilla-s4h elementor-widget elementor-widget-heading\" data-id=\"iwgw-mamakilla-s4h\" data-element_type=\"widget\" data-e-type=\"widget\" data-widget_type=\"heading.default\">\n\t\t\t\t\t<h2 class=\"elementor-heading-title elementor-size-default\">Kult in \u010da\u0161\u010denje<\/h2>\t\t\t\t<\/div>\n\t\t<div class=\"elementor-element elementor-element-iwgw-mamakilla-s4c e-con-full e-flex e-con e-child\" data-id=\"iwgw-mamakilla-s4c\" data-element_type=\"container\" data-e-type=\"container\">\n\t\t\t\t<div class=\"elementor-element elementor-element-iwgw-mamakilla-s4t elementor-widget elementor-widget-text-editor\" data-id=\"iwgw-mamakilla-s4t\" data-element_type=\"widget\" data-e-type=\"widget\" data-widget_type=\"text-editor.default\">\n\t\t\t\t\t\t\t\t\t<p><span class=\"iwg-fachbegriff\" data-tooltip=\"Celota verskih \u010da\u0161\u010denjskih dejanj za neko bo\u017eanstvo ali sveto bitje.\" tabindex=\"0\">Kult<\/span> Mama Kille je bil institucionaliziran v <span class=\"iwg-fachbegriff\" data-tooltip=\"Stavba, namenjena \u010da\u0161\u010denju enega ali ve\u010d bo\u017eanstev.\" tabindex=\"0\">templju<\/span> Coricancha v Cuscu. Njegovo osebje so sestavljale izklju\u010dno \u017eenske, na \u010delu z glavno duhovnico, ki je bila obi\u010dajno sestra vladajo\u010de <em>Coye<\/em> (glavne \u017eene Inke). Te \u017eenske, <em>Acllacuna<\/em> (glej tudi <a href=\"https:\/\/iwell-guard.com\/sl\/?page_id=160663\">Inti<\/a>), so tkale s srebrom okra\u0161ena lunina obla\u010dila, kuhale \u010di\u010do iz belega koruze in izvajale mese\u010dne lunine obrede.<\/p><p>Vrhunec kultnega leta je bil septembrski praznik <em>Coya Raymi<\/em> (praznik Coye\/lunine boginje), ki je ozna\u010deval za\u010detek sejalnega cikla.<\/p><p>Ob tem prazniku je potekal tudi \u010distilni obred <em>citua<\/em>, med katerim so mo\u0161ki bojevniki inkovske prestolnice s baklami tekali po ulicah, iz mesta izganjali vse znane bolezni in hudobne duhove, med njimi \u0161kodljive <a href=\"https:\/\/iwell-guard.com\/sl\/?page_id=160668\">Supaje<\/a>, ter jih na koncu simboli\u010dno odplaknili v \u0161tiri smeri neba.<\/p><p>Astronomsko opazovanje luninih men je bila naloga specializiranih duhovnikov (<em>kallpa-rikoq<\/em>), ki so na kamnitih observatorijih Cusca (npr. na <em>Saqsaywamanu<\/em>) dolo\u010dali lunin koledar. Brian Bauer je v delu <em>The Sacred Landscape of the Inca<\/em> (1998) rekonstruiral topografijo teh luninih observatorijev.<\/p><p>Mese\u010dno zaporedje praznikov inkovskega dr\u017eavnega leta je bilo redno povezano z Mama Killo: lunin koledar je dolo\u010dal tako \u010das sejanja kot notranja upravna obdobja. Cieza de Le\u00f3n in Polo de Ondegardo opisujeta, da je imela vsaka lunina mena dolo\u010deno funkcijo v vsakdanjem \u017eivljenju imperija: polna luna za praznike in setev, mlaj za \u010distilne obrede in \u017ealovanje.<\/p><p>Ta na luni temelje\u010da \u010dasovna struktura je bila v zapleteni korespondenci s solarno \u010dasovno strukturo velikih son\u010dnih praznikov in je ustvarila dvoplastni koledarski sistem, katerega popolna rekonstrukcija \u0161e danes zaposluje andsko raziskovanje.<\/p>\t\t\t\t\t\t\t\t<\/div>\n\t\t\t\t<\/div>\n\t\t\t\t\t<\/div>\n\t\t\t\t<\/div>\n\t\t<div class=\"elementor-element elementor-element-iwgw-mamakilla-s5 e-flex e-con-boxed e-con e-parent\" data-id=\"iwgw-mamakilla-s5\" data-element_type=\"container\" data-e-type=\"container\">\n\t\t\t\t\t<div class=\"e-con-inner\">\n\t\t\t\t<div class=\"elementor-element elementor-element-iwgw-mamakilla-s5h elementor-widget elementor-widget-heading\" data-id=\"iwgw-mamakilla-s5h\" data-element_type=\"widget\" data-e-type=\"widget\" data-widget_type=\"heading.default\">\n\t\t\t\t\t<h2 class=\"elementor-heading-title elementor-size-default\">Za\u0161\u010ditna praksa in apotropejsko<\/h2>\t\t\t\t<\/div>\n\t\t<div class=\"elementor-element elementor-element-iwgw-mamakilla-s5c e-con-full e-flex e-con e-child\" data-id=\"iwgw-mamakilla-s5c\" data-element_type=\"container\" data-e-type=\"container\">\n\t\t\t\t<div class=\"elementor-element elementor-element-iwgw-mamakilla-s5t elementor-widget elementor-widget-text-editor\" data-id=\"iwgw-mamakilla-s5t\" data-element_type=\"widget\" data-e-type=\"widget\" data-widget_type=\"text-editor.default\">\n\t\t\t\t\t\t\t\t\t<p>Mama Killa je bila v inkovski praksi \u0161e posebej priklicana ob porodih, boleznih \u017eensk in no\u010dnih potovanjih. Cobo poro\u010da o <span class=\"iwg-fachbegriff\" data-tooltip=\"Izro\u010dilo, ki se v skupnosti redno ponavlja.\" tabindex=\"0\">obi\u010daju<\/span>, po katerem so v no\u010d pred dolgim potovanjem pod vzglavnik polo\u017eili srebrn kovanec (v inkovskih \u010dasih srebrn listi\u010d), da bi si zagotovili za\u0161\u010dito mese\u010deve boginje.<\/p><p><span class=\"iwg-fachbegriff\" data-tooltip=\"Ki odganja nesre\u010do: znaki in predmeti, ki naj bi odvra\u010dali \u0161kodljive vplive.\" tabindex=\"0\">Apotropejsko<\/span> za\u0161\u010dito pred no\u010dnimi morami in no\u010dnimi zlobnimi duhovi, zlasti pred no\u010dno dejavnimi <a href=\"https:\/\/iwell-guard.com\/sl\/?page_id=160668\">Supay<\/a>, so predstavljali majhni srebrni amuleti v obliki polmese\u010deve plo\u0161\u010dice (<em>tumi<\/em>) ali stilizirane \u017eenske figure. Te so otrokom pred spanjem polo\u017eili na \u010delo ali jih pripeli na okvir postelje.<\/p><p>V dana\u0161njih quechujsko govore\u010dih vaseh je ta praksa v veliki meri pre\u0161la v katoli\u0161ko \u010de\u0161\u010denje Marije. Marijine medaljon\u010dke, ki jih nosijo \u0161tevilni andski mesticzi, so funkcionalno nadomestili srebrne amulete Mama Kille. Religiozno-etnolo\u0161ke raziskave, zlasti dela Olivie Harris in Marisol de la Cadena, so to funkcionalno kontinuiteto ob so\u010dasnem teolo\u0161kem preobratu podrobno opisale.<\/p><p>Zelo posebna oblika za\u0161\u010ditne prakse je uporaba mese\u010devega srebra ob mese\u010devih mrkih: na dneve napovedanega mrka so matere z majhnimi otroki nosile srebrne trakove \u010dez \u010delo, da bi prepre\u010dile, da bi napadajo\u010da \u017eival skozi oslabljeno Mama Killo dobila dostop do sveta \u017eivih.<\/p><p>To prakso skladno opisujeta Cobo in Albornoz, kar ka\u017ee, kako je bil astronomski pojav kozmolo\u0161ko razlagan in povezan s konkretnimi apotropejskimi dejanji.<\/p>\t\t\t\t\t\t\t\t<\/div>\n\t\t\t\t<\/div>\n\t\t\t\t\t<\/div>\n\t\t\t\t<\/div>\n\t\t<div class=\"elementor-element elementor-element-iwgw-mamakilla-s6 e-flex e-con-boxed e-con e-parent\" data-id=\"iwgw-mamakilla-s6\" data-element_type=\"container\" data-e-type=\"container\">\n\t\t\t\t\t<div class=\"e-con-inner\">\n\t\t\t\t<div class=\"elementor-element elementor-element-iwgw-mamakilla-s6h elementor-widget elementor-widget-heading\" data-id=\"iwgw-mamakilla-s6h\" data-element_type=\"widget\" data-e-type=\"widget\" data-widget_type=\"heading.default\">\n\t\t\t\t\t<h2 class=\"elementor-heading-title elementor-size-default\">Vzporednice v drugih kulturah<\/h2>\t\t\t\t<\/div>\n\t\t<div class=\"elementor-element elementor-element-iwgw-mamakilla-s6c e-con-full e-flex e-con e-child\" data-id=\"iwgw-mamakilla-s6c\" data-element_type=\"container\" data-e-type=\"container\">\n\t\t\t\t<div class=\"elementor-element elementor-element-iwgw-mamakilla-s6t elementor-widget elementor-widget-text-editor\" data-id=\"iwgw-mamakilla-s6t\" data-element_type=\"widget\" data-e-type=\"widget\" data-widget_type=\"text-editor.default\">\n\t\t\t\t\t\t\t\t\t<p>Mama Killa se uvr\u0161\u010da v svetovni vzorec \u017eenskih mese\u010devih bo\u017eanstev. Strukturno primerljive so gr\u0161ka <em>Artemida-Selena<\/em>, rimska <em>Diana-Luna<\/em>, egiptovska <em>Izida<\/em> v svojem lunarnem vidiku, mezopotamsko razmerje <em>Nanna-Sin<\/em> in hindujska podoba <em>\u010candre<\/em> (ki je sicer zasnovana kot mo\u0161ka).<\/p><p>V Ameriki ka\u017ee Mama Killa podobnosti z azte\u010dko mese\u010devo boginjo <em>Coyolxauhqui<\/em>, ki jo v osrednjem azte\u0161kem <span class=\"iwg-fachbegriff\" data-tooltip=\"Izro\u010dena pripoved o bogovih, izvorih in ureditvi svet.\" tabindex=\"0\">mitu<\/span> o rojstvu sonca, Huitzilopochtlija, raztrga njen lastni brat. Dinamika agresije med soncem in luno je v azte\u0161kem mitu ostrej\u0161a kot v inkovskem, kjer je razmerje sestre-soproge zasnovano bolj harmoni\u010dno.<\/p><p>Vredna omembe je tudi primerjava s severnoameri\u0161ko <a href=\"https:\/\/iwell-guard.com\/sl\/?page_id=160682\">Spreminjajo\u010do se \u017eensko<\/a> Navajov, ki prav tako povezuje \u017eivljenjski cikel, \u017eensko zrelost in koledarski \u010das v eni podobi, vendar brez posebne lunarne razse\u017enosti. Eliade je v svojem delu <em>Patterns in Comparative Religion<\/em> (1958) sistemati\u010dno opisal vzorec luna-\u017eenska.<\/p><p>V okviru primerjalne perspektive inkovskega \u010dasa sta pomembni tudi ajmarska varianta <em>Phaxsi Mama<\/em> in severnoandska varianta religije Cara pri Quitu. Slednja je poznala mese\u010devo boginjo <em>Quillo<\/em>, katere <span class=\"iwg-fachbegriff\" data-tooltip=\"Zgradba, namenjena \u010da\u0161\u010denju enega ali ve\u010d bo\u017eanstev.\" tabindex=\"0\">tempelj<\/span> opisuje \u0161panski kronist Padre Velasco; obstajajo torej indici o predinkovski mese\u010devi <span class=\"iwg-fachbegriff\" data-tooltip=\"Znanstveni nauk o Bogu in veri neke religije.\" tabindex=\"0\">teologiji<\/span> na skrajnem severu Tawantinsuyuja.<\/p><p>Frank Salomon je v delu <em>Native Lords of Quito<\/em> (1986) sistemati\u010dno opisal ta severnoandski mese\u010dev kult in ga razmejil od dr\u017eavne inkovske <span class=\"iwg-fachbegriff\" data-tooltip=\"Znanstveni nauk o Bogu in veri neke religije.\" tabindex=\"0\">teologije<\/span>.<\/p>\t\t\t\t\t\t\t\t<\/div>\n\t\t\t\t<\/div>\n\t\t\t\t\t<\/div>\n\t\t\t\t<\/div>\n\t\t<div class=\"elementor-element elementor-element-iwgw-mamakilla-s7 e-flex e-con-boxed e-con e-parent\" data-id=\"iwgw-mamakilla-s7\" data-element_type=\"container\" data-e-type=\"container\">\n\t\t\t\t\t<div class=\"e-con-inner\">\n\t\t\t\t<div class=\"elementor-element elementor-element-iwgw-mamakilla-s7h elementor-widget elementor-widget-heading\" data-id=\"iwgw-mamakilla-s7h\" data-element_type=\"widget\" data-e-type=\"widget\" data-widget_type=\"heading.default\">\n\t\t\t\t\t<h2 class=\"elementor-heading-title elementor-size-default\">Sodobno sprejemanje in raziskave<\/h2>\t\t\t\t<\/div>\n\t\t<div class=\"elementor-element elementor-element-iwgw-mamakilla-s7c e-con-full e-flex e-con e-child\" data-id=\"iwgw-mamakilla-s7c\" data-element_type=\"container\" data-e-type=\"container\">\n\t\t\t\t<div class=\"elementor-element elementor-element-iwgw-mamakilla-s7t elementor-widget elementor-widget-text-editor\" data-id=\"iwgw-mamakilla-s7t\" data-element_type=\"widget\" data-e-type=\"widget\" data-widget_type=\"text-editor.default\">\n\t\t\t\t\t\t\t\t\t<p>V sodobnem andskem prostoru Mama Killa ni ve\u010d samostojen predmet kulta, vendar \u017eivi naprej v <span class=\"iwg-fachbegriff\" data-tooltip=\"Izro\u010dena ljudska kultura z obi\u010daji, pripovedmi in pesmimi.\" tabindex=\"0\">folklori<\/span>, praznikih in v nara\u0161\u010dajo\u010dem doma\u010dinskem kulturnem gibanju. Na obnovljenem prazniku <em>Coya Raymi<\/em> (ponovno o\u017eivljenem od devetdesetih let 20. stoletja v nekaterih vaseh okrog Cusca) jo priklicujejo kot za\u0161\u010ditnico \u017eenskega in sejalnega \u010dasa.<\/p><p>V akademskih raziskavah danes v ospredju ni ve\u010d institucionalna mese\u010deva <span class=\"iwg-fachbegriff\" data-tooltip=\"Znanstveni nauk o Bogu in veri neke religije.\" tabindex=\"0\">teologija<\/span>, temve\u010d arheoastronomsko vpra\u0161anje inkovskega mese\u010devega koledarja.<\/p><p>Tom Zuidema je v delu <em>The Calendar of the Incas<\/em> (2010, posthumno) zagovarjal tezo, da so Inki uporabljali 328-dnevno mese\u010devo leto, ki je ustrezalo 328 huaca-sveti\u0161\u010dem sistema ceque. Ta teza je sporna; Brian Bauer in Gary Urton sta jo delno relativizirala.<\/p><p>Z religiovedno vidika ostaja Mama Killa pomemben primer institucionalnega \u017eensko bo\u017eanstva znotraj mo\u0161ko dominirane visoke kulture. Njen polo\u017eaj ka\u017ee, da inkovsko cesarstvo ni poznalo \u010diste patriarhalne <span class=\"iwg-fachbegriff\" data-tooltip=\"Znanstveni nauk o Bogu in veri neke religije.\" tabindex=\"0\">teologije<\/span>, temve\u010d je razvilo komplementarne spolne strukture, ki so se politi\u010dno izra\u017eale v dvojnem vladarstvu Coya-Inka in teolo\u0161ko v razmerju bratsko-sestrskih zakoncev Inti in Killa.<\/p><p>V sodobnem gibanju Pachakuti Mama v Boliviji in Peruju se Mama Killa pojavlja tudi kot identifikacijska podoba doma\u010dinskih feministk. Avtorice, kot sta Domitila Barrios de Chungara in kasneje Silvia Rivera Cusicanqui, so ponovno odkritje \u017eenske komplementarnosti v andskem religijskem sistemu naredile za predmet sociolo\u0161ke raziskave.<\/p><p>Podoba Mama Kille tu ne slu\u017ei kot zgodovinska obnova predmeta kulta, temve\u010d kot simbolna referen\u010dna to\u010dka lastnega doma\u010dinskega spolnega reda, ki presega evrocentri\u010dno kritiko patriarhata.<\/p>\t\t\t\t\t\t\t\t<\/div>\n\t\t\t\t<\/div>\n\t\t\t\t\t<\/div>\n\t\t\t\t<\/div>\n\t\t<div class=\"elementor-element elementor-element-iwgw-mamakilla-s8 e-flex e-con-boxed e-con e-parent\" data-id=\"iwgw-mamakilla-s8\" data-element_type=\"container\" data-e-type=\"container\">\n\t\t\t\t\t<div class=\"e-con-inner\">\n\t\t\t\t<div class=\"elementor-element elementor-element-iwgw-mamakilla-s8h elementor-widget elementor-widget-heading\" data-id=\"iwgw-mamakilla-s8h\" data-element_type=\"widget\" data-e-type=\"widget\" data-widget_type=\"heading.default\">\n\t\t\t\t\t<h2 class=\"elementor-heading-title elementor-size-default\">Literatura in viri<\/h2>\t\t\t\t<\/div>\n\t\t<div class=\"elementor-element elementor-element-iwgw-mamakilla-s8c e-con-full e-flex e-con e-child\" data-id=\"iwgw-mamakilla-s8c\" data-element_type=\"container\" data-e-type=\"container\">\n\t\t\t\t<div class=\"elementor-element elementor-element-iwgw-mamakilla-s8t elementor-widget elementor-widget-text-editor\" data-id=\"iwgw-mamakilla-s8t\" data-element_type=\"widget\" data-e-type=\"widget\" data-widget_type=\"text-editor.default\">\n\t\t\t\t\t\t\t\t\t<p>Naslednji izbor navaja osrednja dela andske etnologije in zgodovine religij o Mama Killi, s poudarkom na arheoastronomskih in zgodovinsko-\u017eenskih \u0161tudijah.<\/p>\t\t\t\t\t\t\t\t<\/div>\n\t\t\t\t<\/div>\n\t\t\t\t\t<\/div>\n\t\t\t\t<\/div>\n\t\t<div class=\"elementor-element elementor-element-cp2d79402e e-flex e-con-boxed e-con e-parent\" data-id=\"cp2d79402e\" data-element_type=\"container\" data-e-type=\"container\">\n\t\t\t\t\t<div class=\"e-con-inner\">\n\t\t\t\t<div class=\"elementor-element elementor-element-cp236ff127 elementor-widget elementor-widget-heading\" data-id=\"cp236ff127\" data-element_type=\"widget\" data-e-type=\"widget\" data-widget_type=\"heading.default\">\n\t\t\t\t\t<h2 class=\"elementor-heading-title elementor-size-default\">Mama Killa v mese\u010devem koledarju in razlagi mese\u010devih mrkov<\/h2>\t\t\t\t<\/div>\n\t\t<div class=\"elementor-element elementor-element-cp26302e24 e-flex e-con-boxed e-con e-child\" data-id=\"cp26302e24\" data-element_type=\"container\" data-e-type=\"container\">\n\t\t\t\t\t<div class=\"e-con-inner\">\n\t\t\t\t<div class=\"elementor-element elementor-element-cp23bc8ee2 elementor-widget elementor-widget-text-editor\" data-id=\"cp23bc8ee2\" data-element_type=\"widget\" data-e-type=\"widget\" data-widget_type=\"text-editor.default\">\n\t\t\t\t\t\t\t\t\t<p>Mama Killa, boginja Lune pri Inkih, je bila tesno povezana z merjenjem \u010dasa v cesarstvu. Medtem ko je bog Sonca <em>Inti<\/em> dolo\u010dal potek leta ter velike praznike setve in \u017eetve, je Luna urejala kraj\u0161i cikel, po katerem so se ravnali verski prazniki in verjetno tudi deli kmetijskega koledarja.<\/p><p>\u0160panski kronisti, med njimi Bernab\u00e9 Cobo, poro\u010dajo, da so se \u0161tevilni prazniki v koledarju Cuzca izra\u010dunavali po Luni, \u010deprav natan\u010dno delovanje inkovskega koledarja \u0161e danes ostaja predmet razprav.<\/p><p>Posebej zanimivi so zapisi o razlagi lunskih mrkov. Kronisti poro\u010dajo, da so Inki temnenje Lune razumeli kot napad plenilske \u017eivali, najpogosteje omenjena sta puma ali ka\u010da, na Mama Killo.<\/p><p>Da bi boginjo re\u0161ili, so ljudje ustvarjali hrup: tolkli so po posodah, kri\u010dali in pripravili pse do lajanja, da bi plenilsko \u017eival odgnali. Ta praksa ni zna\u010dilna zgolj za Inke, saj je izpri\u010dana v mnogih kulturah, vendar njena potrditev v Andih ka\u017ee, da je Luna veljala za ranljivo bitje, potrebno skrbi.<\/p><p>Kriti\u010dno velja opozoriti, da so kronisti te obrede pogosto opisovali iz druge roke in z namenom, da bi andsko religijo prikazali kot vra\u017eeverje. Kljub temu se razli\u010dna poro\u010dila v temeljnih potezah ujemajo, kar epizodo dela verjetno.<\/p><p>Strah za Mama Killo ob mrku razkriva njeno vlogo garantke zanesljivega poteka \u010dasa, katere za\u010dasno izginotje je veljalo za kozmi\u010dno gro\u017enjo. O son\u010dni strani tega bo\u017eanskega para si preberite prispevek o <a href=\"https:\/\/iwell-guard.com\/sl\/?page_id=160663\">Intiju<\/a>.<\/p>\t\t\t\t\t\t\t\t<\/div>\n\t\t\t\t\t<\/div>\n\t\t\t\t<\/div>\n\t\t\t\t\t<\/div>\n\t\t\t\t<\/div>\n\t\t<div class=\"elementor-element elementor-element-cp260f00e7 e-flex e-con-boxed e-con e-parent\" data-id=\"cp260f00e7\" data-element_type=\"container\" data-e-type=\"container\">\n\t\t\t\t\t<div class=\"e-con-inner\">\n\t\t\t\t<div class=\"elementor-element elementor-element-cp2d717866 elementor-widget elementor-widget-heading\" data-id=\"cp2d717866\" data-element_type=\"widget\" data-e-type=\"widget\" data-widget_type=\"heading.default\">\n\t\t\t\t\t<h2 class=\"elementor-heading-title elementor-size-default\">Lunin tempelj v Coricanchi in ikonografija srebra<\/h2>\t\t\t\t<\/div>\n\t\t<div class=\"elementor-element elementor-element-cp25918dee e-flex e-con-boxed e-con e-child\" data-id=\"cp25918dee\" data-element_type=\"container\" data-e-type=\"container\">\n\t\t\t\t\t<div class=\"e-con-inner\">\n\t\t\t\t<div class=\"elementor-element elementor-element-cp2a3e6774 elementor-widget elementor-widget-text-editor\" data-id=\"cp2a3e6774\" data-element_type=\"widget\" data-e-type=\"widget\" data-widget_type=\"text-editor.default\">\n\t\t\t\t\t\t\t\t\t<p>V Coricanchi, osrednjem <span class=\"iwg-fachbegriff\" data-tooltip=\"Sveto mesto, posve\u010deno \u010da\u0161\u010denju bo\u017eanstva.\" tabindex=\"0\">sveti\u0161\u010du<\/span> Cuzca, je imela Mama Killa po skladnih poro\u010dilih kronistov svoj lastni del. Medtem ko je bil templjski del, posve\u010den <em>Intiju<\/em>, okra\u0161en z zlatom, kovino, povezano s Soncem, viri poro\u010dajo, da je bil del, posve\u010den Luni, oblo\u017een s srebrom.<\/p><p>Garcilaso de la Vega, ki je bil sam sin inkovske matere, opisuje srebrno plo\u0161\u010do ali podobo Mama Kille in poudarja simboliko spola: zlato in Sonce kot mo\u0161ka, srebro in Luna kot \u017eenska.<\/p><p>Ta poro\u010dila je treba brati previdno. Garcilaso je svoje <em>Comentarios Reales<\/em> napisal desetletja po osvojitvi v \u0160paniji, iz spomina in z \u017eeljo, da bi inkovsko preteklost prikazal dostojno.<\/p><p>Coricancho so \u0160panci v veliki meri poru\u0161ili; na njegovih zidovih danes stoji samostan Santo Domingo. Arheolo\u0161ko obloge iz srebra torej ni ve\u010d mogo\u010de preveriti, vendar je ropanje dragih kovin s strani osvajalcev dobro izpri\u010dano, kar poro\u010dilo dela verjetno.<\/p><p>V tem delu, posve\u010denem Luni, so po navedbah kronistov hranili in \u010dastili tudi mumificirana telesa umrlih <em>Coy<\/em>, inkovskih kraljic. Mama Killa tako ni bila le kozmi\u010dna boginja, temve\u010d je bila vklju\u010dena tudi v \u010da\u0161\u010denje prednikov \u017eenske vladarske linije.<\/p><p>Povezava Lune, srebra, \u017eenskosti in kraljevske linije prednikov ka\u017ee, da je Mama Killa v religijskem sistemu Inkov zasedala jasno za\u010drtano podro\u010dje, ki je bilo dopolnilno podro\u010dju boga Sonca, ne pa mu podrejeno v smislu popolne odvisnosti.<\/p>\t\t\t\t\t\t\t\t<\/div>\n\t\t\t\t\t<\/div>\n\t\t\t\t<\/div>\n\t\t\t\t\t<\/div>\n\t\t\t\t<\/div>\n\t\t<div class=\"elementor-element elementor-element-iwgw-mamakilla-lit e-flex e-con-boxed e-con e-parent\" data-id=\"iwgw-mamakilla-lit\" data-element_type=\"container\" data-e-type=\"container\">\n\t\t\t\t\t<div class=\"e-con-inner\">\n\t\t\t\t<div class=\"elementor-element elementor-element-iwgw-mamakilla-lith elementor-widget elementor-widget-heading\" data-id=\"iwgw-mamakilla-lith\" data-element_type=\"widget\" data-e-type=\"widget\" data-widget_type=\"heading.default\">\n\t\t\t\t\t<h2 class=\"elementor-heading-title elementor-size-default\">Literatura (izbor)<\/h2>\t\t\t\t<\/div>\n\t\t<div class=\"elementor-element elementor-element-iwgw-mamakilla-litc e-con-full e-flex e-con e-child\" data-id=\"iwgw-mamakilla-litc\" data-element_type=\"container\" data-e-type=\"container\">\n\t\t\t\t<div class=\"elementor-element elementor-element-iwgw-mamakilla-litt elementor-widget elementor-widget-text-editor\" data-id=\"iwgw-mamakilla-litt\" data-element_type=\"widget\" data-e-type=\"widget\" data-widget_type=\"text-editor.default\">\n\t\t\t\t\t\t\t\t\t<ul><li>Garcilaso de la Vega: <em>Comentarios Reales de los Incas<\/em> (1609)<\/li><li>Bernabe Cobo: <em>Historia del Nuevo Mundo<\/em> (1653)<\/li><li>Tom Zuidema: <em>The Calendar of the Incas<\/em> (2010)<\/li><li>Brian Bauer: <em>The Sacred Landscape of the Inca<\/em> (1998)<\/li><li>Felipe Guaman Poma de Ayala: <em>Nueva Coronica y Buen Gobierno<\/em> (1615)<\/li><li>Catherine Allen: <em>The Hold Life Has<\/em> (2002)<\/li><li>Sabine MacCormack: <em>Religion in the Andes<\/em> (1991)<\/li><\/ul>\t\t\t\t\t\t\t\t<\/div>\n\t\t\t\t<\/div>\n\t\t\t\t\t<\/div>\n\t\t\t\t<\/div>\n\t\t<div class=\"elementor-element elementor-element-iwgw-mamakilla-kwd e-flex e-con-boxed e-con e-parent\" data-id=\"iwgw-mamakilla-kwd\" data-element_type=\"container\" data-e-type=\"container\">\n\t\t\t\t\t<div class=\"e-con-inner\">\n\t\t<div class=\"elementor-element elementor-element-iwgw-mamakilla-kwdc e-con-full e-flex e-con e-child\" data-id=\"iwgw-mamakilla-kwdc\" data-element_type=\"container\" data-e-type=\"container\">\n\t\t\t\t<div class=\"elementor-element elementor-element-iwgw-mamakilla-kwdt elementor-widget elementor-widget-text-editor\" data-id=\"iwgw-mamakilla-kwdt\" data-element_type=\"widget\" data-e-type=\"widget\" data-widget_type=\"text-editor.default\">\n\t\t\t\t\t\t\t\t\t<p><em>Sorodni klju\u010dni pojmi: Mama Killa Quilla Killakancha Coya Raymi Quikuchikuy Citua lunin mrk.<\/em><\/p>\t\t\t\t\t\t\t\t<\/div>\n\t\t\t\t<\/div>\n\t\t\t\t\t<\/div>\n\t\t\t\t<\/div>\n\t\t<div class=\"elementor-element elementor-element-iwgw-mamakilla-cc e-flex e-con-boxed e-con e-parent\" data-id=\"iwgw-mamakilla-cc\" data-element_type=\"container\" data-e-type=\"container\" id=\"iwg-cc-mama-killa\">\n\t\t\t\t\t<div class=\"e-con-inner\">\n\t\t<div class=\"elementor-element elementor-element-iwgw-mamakilla-ccinner e-flex e-con-boxed e-con e-parent\" data-id=\"iwgw-mamakilla-ccinner\" data-element_type=\"container\" data-e-type=\"container\" data-settings=\"{&quot;background_background&quot;:&quot;classic&quot;}\">\n\t\t\t\t\t<div class=\"e-con-inner\">\n\t\t\t\t<div class=\"elementor-element elementor-element-iwgw-mamakilla-cch elementor-widget elementor-widget-heading\" data-id=\"iwgw-mamakilla-cch\" data-element_type=\"widget\" data-e-type=\"widget\" data-widget_type=\"heading.default\">\n\t\t\t\t\t<h2 class=\"elementor-heading-title elementor-size-default\">iWell Guard in tradicije za\u0161\u010dite<\/h2>\t\t\t\t<\/div>\n\t\t\t\t<div class=\"elementor-element elementor-element-iwgw-mamakilla-cct elementor-widget elementor-widget-text-editor\" data-id=\"iwgw-mamakilla-cct\" data-element_type=\"widget\" data-e-type=\"widget\" data-widget_type=\"text-editor.default\">\n\t\t\t\t\t\t\t\t\t<div data-nosnippet=\"true\"><p>iWell Guard nadaljuje kulturnozgodovinsko tradicijo nosljivih za\u0161\u010ditnih predmetov, v tradiciji <a href=\"https:\/\/iwell-guard.com\/sl\/?page_id=160653\">Andov \/ Inkov<\/a> in \u0161tevilnih drugih kultur po svetu. 41 plasti, pravo zlato, platina, srebro, izdelano v Nem\u010diji. 30-dnevna pravica do vra\u010dila.<\/p><\/div>\t\t\t\t\t\t\t\t<\/div>\n\t\t\t\t<div class=\"elementor-element elementor-element-iwgw-mamakilla-ccb iwg-cc-button iwg-cc-cta-2026-05-13 elementor-widget elementor-widget-jet-button\" data-id=\"iwgw-mamakilla-ccb\" data-element_type=\"widget\" data-e-type=\"widget\" data-widget_type=\"jet-button.default\">\n\t\t\t\t<div class=\"elementor-widget-container\">\n\t\t\t\t\t<div class=\"elementor-jet-button jet-elements\"><div class=\"jet-button__container\"><a class=\"jet-button__instance jet-button__instance--icon-left hover-effect-1\" href=\"\/ueber-iwell-guard\/?utm_source=iwell-guard.com&amp;utm_medium=info-box&amp;utm_campaign=wesen-tradition\"><div class=\"jet-button__plane jet-button__plane-normal\"><\/div><div class=\"jet-button__plane jet-button__plane-hover\"><\/div><div class=\"jet-button__state jet-button__state-normal\"><span class=\"jet-button__label\">Ve\u010d o iWell Guard<\/span><\/div><div class=\"jet-button__state jet-button__state-hover\"><span class=\"jet-button__label\">Ve\u010d o iWell Guard<\/span><\/div><\/a><\/div><\/div><style>.elementor-element.elementor-element-iwgw-mamakilla-ccb .jet-button__instance{width:320px;height:56px;}.elementor-element.elementor-element-iwgw-mamakilla-ccb .jet-button__state-normal .jet-button__label{text-align:center;margin:0px 0px 0px 0px;color:#1a1b20;font-family:Montserrat,sans-serif;font-size:13px;font-weight:400;letter-spacing:4px;line-height:1.714em;text-transform:uppercase;}.elementor-element.elementor-element-iwgw-mamakilla-ccb .jet-button__state-hover .jet-button__label{text-align:center;margin:0px 0px 0px 0px;color:#FECC76;font-family:Montserrat,sans-serif;font-size:13px;font-weight:400;letter-spacing:4px;line-height:1.714em;text-transform:uppercase;}.elementor-element.elementor-element-iwgw-mamakilla-ccb .jet-button__plane-normal{background-color:#FECC76;border-style:solid;border-color:#C99540;border-width:2px 2px 2px 2px;}.elementor-element.elementor-element-iwgw-mamakilla-ccb .jet-button__plane-hover{background-color:rgba(0,0,0,0.55);border-style:solid;border-color:#FECC76;border-width:2px 2px 2px 2px;}<\/style>\t\t\t\t<\/div>\n\t\t\t\t<\/div>\n\t\t\t\t<div class=\"elementor-element elementor-element-iwgw-mamakilla-ccd elementor-widget elementor-widget-text-editor\" data-id=\"iwgw-mamakilla-ccd\" data-element_type=\"widget\" data-e-type=\"widget\" data-widget_type=\"text-editor.default\">\n\t\t\t\t\t\t\t\t\t<div data-nosnippet=\"true\"><p style=\"text-align:center;font-size:13px;opacity:0.7;margin-top:14px\" data-nosnippet=\"true\">Osebne izku\u0161nje se lahko razlikujejo. Ni medicinski pripomo\u010dek. Brez obljube o ozdravitvi.<\/p><\/div>\t\t\t\t\t\t\t\t<\/div>\n\t\t\t\t\t<\/div>\n\t\t\t\t<\/div>\n\t\t\t\t\t<\/div>\n\t\t\t\t<\/div>\n\t\t<div class=\"elementor-element elementor-element-iwgw-mamakilla-disc e-flex e-con-boxed e-con e-parent\" data-id=\"iwgw-mamakilla-disc\" data-element_type=\"container\" data-e-type=\"container\">\n\t\t\t\t\t<div class=\"e-con-inner\">\n\t\t\t\t<div class=\"elementor-element elementor-element-iwgw-mamakilla-discw elementor-widget elementor-widget-html\" data-id=\"iwgw-mamakilla-discw\" data-element_type=\"widget\" data-e-type=\"widget\" data-widget_type=\"html.default\">\n\t\t\t\t\t<footer data-nosnippet=\"true\" class=\"iwg-disclaimer-block\"><p data-nosnippet=\"true\">iWell Guard <strong>ni medicinski pripomo\u010dek<\/strong> in ne nadome\u0161\u010da zdravni\u0161ke ali psihoterapevtske obravnave. Religiologske vsebine so kulturnozgodovinska umestitev, ne priporo\u010dilo za duhovno prakso.<\/p><\/footer>\t\t\t\t<\/div>\n\t\t\t\t\t<\/div>\n\t\t\t\t<\/div>\n\t\t\t\t<\/div>\n\t\t","protected":false},"excerpt":{"rendered":"","protected":false},"author":3,"featured_media":2680,"parent":0,"menu_order":0,"comment_status":"closed","ping_status":"closed","template":"elementor_header_footer","meta":{"_yoast_wpseo_focuskw":"Mama Killa lunska boginja Inki","_yoast_wpseo_title":"Mama Killa \u2013 lunska boginja Inkov","_yoast_wpseo_metadesc":"Mama Killa, lunska boginja Inkov, je sestra-soproga Intija in za\u0161\u010ditnica \u017eensk, koledarja in \u010dasa. Religioznoznanstvena uvrstitev.","_yoast_wpseo_meta-robots-noindex":"","_yoast_wpseo_canonical":"","_angie_page":false,"gefaehrdungsstufe":"","wesen_kultur":"","wesen_klasse":"","footnotes":""},"categories":[],"class_list":["post-160665","page","type-page","status-publish","has-post-thumbnail","hentry"],"yoast_head":"<!-- This site is optimized with the Yoast SEO Premium plugin v27.7 (Yoast SEO v28.3) - https:\/\/yoast.com\/product\/yoast-seo-premium-wordpress\/ -->\n<title>Mama Killa \u2013 lunska boginja Inkov<\/title>\n<meta name=\"description\" content=\"Mama Killa, lunska boginja Inkov, je sestra-soproga Intija in za\u0161\u010ditnica \u017eensk, koledarja in \u010dasa. Religioznoznanstvena uvrstitev.\" \/>\n<meta name=\"robots\" content=\"index, follow, max-snippet:-1, max-image-preview:large, max-video-preview:-1\" \/>\n<link rel=\"canonical\" href=\"https:\/\/iwell-guard.com\/sl\/mama-killa-lunska-boginja-inkov\/\" \/>\n<meta property=\"og:locale\" content=\"sl_SI\" \/>\n<meta property=\"og:type\" content=\"article\" \/>\n<meta property=\"og:title\" content=\"Mama Killa \u2013 lunska boginja Inkov\" \/>\n<meta property=\"og:description\" content=\"Mama Killa, lunska boginja Inkov, je sestra-soproga Intija in za\u0161\u010ditnica \u017eensk, koledarja in \u010dasa. Religioznoznanstvena uvrstitev.\" \/>\n<meta property=\"og:url\" content=\"https:\/\/iwell-guard.com\/sl\/mama-killa-lunska-boginja-inkov\/\" \/>\n<meta property=\"og:site_name\" content=\"iWell Guard\" \/>\n<meta property=\"article:modified_time\" content=\"2026-09-05T00:42:55+00:00\" \/>\n<meta property=\"og:image\" content=\"https:\/\/iwell-guard.com\/wp-content\/uploads\/2026\/05\/goetter_anden-inka_mama-killa.webp\" \/>\n\t<meta property=\"og:image:width\" content=\"1024\" \/>\n\t<meta property=\"og:image:height\" content=\"1536\" \/>\n\t<meta property=\"og:image:type\" content=\"image\/webp\" \/>\n<meta name=\"twitter:card\" content=\"summary_large_image\" \/>\n<script type=\"application\/ld+json\" class=\"yoast-schema-graph\">{\"@context\":\"https:\\\/\\\/schema.org\",\"@graph\":[{\"@type\":\"WebPage\",\"@id\":\"https:\\\/\\\/iwell-guard.com\\\/sl\\\/mama-killa-lunska-boginja-inkov\\\/\",\"url\":\"https:\\\/\\\/iwell-guard.com\\\/sl\\\/mama-killa-lunska-boginja-inkov\\\/\",\"name\":\"Mama Killa \u2013 lunska boginja Inkov\",\"isPartOf\":{\"@id\":\"https:\\\/\\\/iwell-guard.com\\\/sl\\\/#website\"},\"primaryImageOfPage\":{\"@id\":\"https:\\\/\\\/iwell-guard.com\\\/sl\\\/mama-killa-lunska-boginja-inkov\\\/#primaryimage\"},\"image\":{\"@id\":\"https:\\\/\\\/iwell-guard.com\\\/sl\\\/mama-killa-lunska-boginja-inkov\\\/#primaryimage\"},\"thumbnailUrl\":\"https:\\\/\\\/iwell-guard.com\\\/wp-content\\\/uploads\\\/2026\\\/05\\\/goetter_anden-inka_mama-killa.webp\",\"datePublished\":\"2026-09-05T00:23:58+00:00\",\"dateModified\":\"2026-09-05T00:42:55+00:00\",\"description\":\"Mama Killa, lunska boginja Inkov, je sestra-soproga Intija in za\u0161\u010ditnica \u017eensk, koledarja in \u010dasa. Religioznoznanstvena uvrstitev.\",\"breadcrumb\":{\"@id\":\"https:\\\/\\\/iwell-guard.com\\\/sl\\\/mama-killa-lunska-boginja-inkov\\\/#breadcrumb\"},\"inLanguage\":\"sl-SI\",\"potentialAction\":[{\"@type\":\"ReadAction\",\"target\":[\"https:\\\/\\\/iwell-guard.com\\\/sl\\\/mama-killa-lunska-boginja-inkov\\\/\"]}]},{\"@type\":\"ImageObject\",\"inLanguage\":\"sl-SI\",\"@id\":\"https:\\\/\\\/iwell-guard.com\\\/sl\\\/mama-killa-lunska-boginja-inkov\\\/#primaryimage\",\"url\":\"https:\\\/\\\/iwell-guard.com\\\/wp-content\\\/uploads\\\/2026\\\/05\\\/goetter_anden-inka_mama-killa.webp\",\"contentUrl\":\"https:\\\/\\\/iwell-guard.com\\\/wp-content\\\/uploads\\\/2026\\\/05\\\/goetter_anden-inka_mama-killa.webp\",\"width\":1024,\"height\":1536,\"caption\":\"Bogovi iz andsko-inkovske tradicije.\"},{\"@type\":\"BreadcrumbList\",\"@id\":\"https:\\\/\\\/iwell-guard.com\\\/sl\\\/mama-killa-lunska-boginja-inkov\\\/#breadcrumb\",\"itemListElement\":[{\"@type\":\"ListItem\",\"position\":1,\"name\":\"Start\",\"item\":\"https:\\\/\\\/iwell-guard.com\\\/sl\\\/?page_id=160323\"},{\"@type\":\"ListItem\",\"position\":2,\"name\":\"Mama Killa \u2013 lunska boginja Inkov\"}]},{\"@type\":\"WebSite\",\"@id\":\"https:\\\/\\\/iwell-guard.com\\\/sl\\\/#website\",\"url\":\"https:\\\/\\\/iwell-guard.com\\\/sl\\\/\",\"name\":\"iWell Guard\",\"description\":\"Schutz vor dunklen Einfl\u00fcssen\",\"publisher\":{\"@id\":\"https:\\\/\\\/iwell-guard.com\\\/sl\\\/#organization\"},\"potentialAction\":[{\"@type\":\"SearchAction\",\"target\":{\"@type\":\"EntryPoint\",\"urlTemplate\":\"https:\\\/\\\/iwell-guard.com\\\/sl\\\/?s={search_term_string}\"},\"query-input\":{\"@type\":\"PropertyValueSpecification\",\"valueRequired\":true,\"valueName\":\"search_term_string\"}}],\"inLanguage\":\"sl-SI\"},{\"@type\":\"Organization\",\"@id\":\"https:\\\/\\\/iwell-guard.com\\\/sl\\\/#organization\",\"name\":\"Ittermann electronic GmbH\",\"url\":\"https:\\\/\\\/iwell-guard.com\\\/sl\\\/\",\"logo\":{\"@type\":\"ImageObject\",\"inLanguage\":\"sl-SI\",\"@id\":\"https:\\\/\\\/iwell-guard.com\\\/sl\\\/#\\\/schema\\\/logo\\\/image\\\/\",\"url\":\"https:\\\/\\\/iwell-guard.com\\\/wp-content\\\/uploads\\\/2026\\\/05\\\/Ittermann-Logo-1182x237-1.png\",\"contentUrl\":\"https:\\\/\\\/iwell-guard.com\\\/wp-content\\\/uploads\\\/2026\\\/05\\\/Ittermann-Logo-1182x237-1.png\",\"width\":1182,\"height\":237,\"caption\":\"Ittermann electronic GmbH\"},\"image\":{\"@id\":\"https:\\\/\\\/iwell-guard.com\\\/sl\\\/#\\\/schema\\\/logo\\\/image\\\/\"},\"sameAs\":[\"https:\\\/\\\/pantip.com\\\/profile\\\/9367242\",\"https:\\\/\\\/micro.blog\\\/iwellguard\",\"https:\\\/\\\/www.diggerslist.com\\\/iwellguard\\\/about\",\"https:\\\/\\\/skitterphoto.com\\\/photographers\\\/2870314\\\/iwell-guard\",\"https:\\\/\\\/iwellguard.wordpress.com\\\/2026\\\/06\\\/06\\\/iwell-guard\\\/\",\"https:\\\/\\\/hub.docker.com\\\/u\\\/iwellguard\",\"https:\\\/\\\/www.pinterest.com\\\/iwellguard\\\/\",\"https:\\\/\\\/bit.ly\\\/m\\\/iwellguard\",\"https:\\\/\\\/entre-vos-mains.alsace.eu\\\/profiles\\\/iwellguard\\\/activity\",\"https:\\\/\\\/gravatar.com\\\/reallybeded8fd34\",\"https:\\\/\\\/naijamatta.com\\\/iwellguard\",\"https:\\\/\\\/www.goodreads.com\\\/iwellguard\",\"https:\\\/\\\/profile.hatena.ne.jp\\\/iwellguard\\\/\",\"https:\\\/\\\/experiment.com\\\/users\\\/iwellguard\",\"https:\\\/\\\/wakelet.com\\\/@iWellGuard82270\",\"https:\\\/\\\/www.chordie.com\\\/forum\\\/profile.php?id=2555664\",\"https:\\\/\\\/www.instapaper.com\\\/p\\\/17757966\",\"https:\\\/\\\/www.mapleprimes.com\\\/users\\\/iwellguard\",\"https:\\\/\\\/businesslistingplus.com\\\/profile\\\/iwell-guard\\\/\",\"https:\\\/\\\/telegra.ph\\\/iWell-Guard-06-06\",\"https:\\\/\\\/pbase.com\\\/iwellguard\\\/iwellguard\",\"https:\\\/\\\/b.hatena.ne.jp\\\/iwellguard\\\/20260607#bookmark-4788405196491818882\",\"https:\\\/\\\/fliphtml5.com\\\/home\\\/iwellguard\",\"https:\\\/\\\/anyflip.com\\\/homepage\\\/cmiwl#About\",\"https:\\\/\\\/transfur.com\\\/Users\\\/iwellguard\",\"http:\\\/\\\/delphi.larsbo.org\\\/user\\\/iwellguard\",\"https:\\\/\\\/jobs.lajobsportal.org\\\/profiles\\\/8380803-iwell-guard\",\"https:\\\/\\\/md.chaosdorf.de\\\/s\\\/jfbe5SBdJD\",\"https:\\\/\\\/www.lingvolive.com\\\/en-us\\\/profile\\\/9ecaeaca-ce11-4e51-9e71-01d55e2bff36\\\/translations\",\"https:\\\/\\\/www.fitday.com\\\/fitness\\\/forums\\\/members\\\/iwellguard.html\",\"https:\\\/\\\/www.mymeetbook.com\\\/iwellguard\",\"https:\\\/\\\/pxhere.com\\\/en\\\/photographer-me\\\/5040798\",\"https:\\\/\\\/disqus.com\\\/by\\\/iwellguard\\\/about\\\/\",\"https:\\\/\\\/pastelink.net\\\/hjwciqwq\",\"https:\\\/\\\/pubhtml5.com\\\/homepage\\\/scjhn\\\/\",\"https:\\\/\\\/www.bitchute.com\\\/channel\\\/2O2eOKzNqujT\",\"https:\\\/\\\/audiomack.com\\\/iwellguard\"]}]}<\/script>\n<!-- \/ Yoast SEO Premium plugin. -->","yoast_head_json":{"title":"Mama Killa \u2013 lunska boginja Inkov","description":"Mama Killa, lunska boginja Inkov, je sestra-soproga Intija in za\u0161\u010ditnica \u017eensk, koledarja in \u010dasa. Religioznoznanstvena uvrstitev.","robots":{"index":"index","follow":"follow","max-snippet":"max-snippet:-1","max-image-preview":"max-image-preview:large","max-video-preview":"max-video-preview:-1"},"canonical":"https:\/\/iwell-guard.com\/sl\/mama-killa-lunska-boginja-inkov\/","og_locale":"sl_SI","og_type":"article","og_title":"Mama Killa \u2013 lunska boginja Inkov","og_description":"Mama Killa, lunska boginja Inkov, je sestra-soproga Intija in za\u0161\u010ditnica \u017eensk, koledarja in \u010dasa. Religioznoznanstvena uvrstitev.","og_url":"https:\/\/iwell-guard.com\/sl\/mama-killa-lunska-boginja-inkov\/","og_site_name":"iWell Guard","article_modified_time":"2026-09-05T00:42:55+00:00","og_image":[{"width":1024,"height":1536,"url":"https:\/\/iwell-guard.com\/wp-content\/uploads\/2026\/05\/goetter_anden-inka_mama-killa.webp","type":"image\/webp"}],"twitter_card":"summary_large_image","schema":{"@context":"https:\/\/schema.org","@graph":[{"@type":"WebPage","@id":"https:\/\/iwell-guard.com\/sl\/mama-killa-lunska-boginja-inkov\/","url":"https:\/\/iwell-guard.com\/sl\/mama-killa-lunska-boginja-inkov\/","name":"Mama Killa \u2013 lunska boginja Inkov","isPartOf":{"@id":"https:\/\/iwell-guard.com\/sl\/#website"},"primaryImageOfPage":{"@id":"https:\/\/iwell-guard.com\/sl\/mama-killa-lunska-boginja-inkov\/#primaryimage"},"image":{"@id":"https:\/\/iwell-guard.com\/sl\/mama-killa-lunska-boginja-inkov\/#primaryimage"},"thumbnailUrl":"https:\/\/iwell-guard.com\/wp-content\/uploads\/2026\/05\/goetter_anden-inka_mama-killa.webp","datePublished":"2026-09-05T00:23:58+00:00","dateModified":"2026-09-05T00:42:55+00:00","description":"Mama Killa, lunska boginja Inkov, je sestra-soproga Intija in za\u0161\u010ditnica \u017eensk, koledarja in \u010dasa. Religioznoznanstvena uvrstitev.","breadcrumb":{"@id":"https:\/\/iwell-guard.com\/sl\/mama-killa-lunska-boginja-inkov\/#breadcrumb"},"inLanguage":"sl-SI","potentialAction":[{"@type":"ReadAction","target":["https:\/\/iwell-guard.com\/sl\/mama-killa-lunska-boginja-inkov\/"]}]},{"@type":"ImageObject","inLanguage":"sl-SI","@id":"https:\/\/iwell-guard.com\/sl\/mama-killa-lunska-boginja-inkov\/#primaryimage","url":"https:\/\/iwell-guard.com\/wp-content\/uploads\/2026\/05\/goetter_anden-inka_mama-killa.webp","contentUrl":"https:\/\/iwell-guard.com\/wp-content\/uploads\/2026\/05\/goetter_anden-inka_mama-killa.webp","width":1024,"height":1536,"caption":"Bogovi iz andsko-inkovske tradicije."},{"@type":"BreadcrumbList","@id":"https:\/\/iwell-guard.com\/sl\/mama-killa-lunska-boginja-inkov\/#breadcrumb","itemListElement":[{"@type":"ListItem","position":1,"name":"Start","item":"https:\/\/iwell-guard.com\/sl\/?page_id=160323"},{"@type":"ListItem","position":2,"name":"Mama Killa \u2013 lunska boginja Inkov"}]},{"@type":"WebSite","@id":"https:\/\/iwell-guard.com\/sl\/#website","url":"https:\/\/iwell-guard.com\/sl\/","name":"iWell Guard","description":"Schutz vor dunklen Einfl\u00fcssen","publisher":{"@id":"https:\/\/iwell-guard.com\/sl\/#organization"},"potentialAction":[{"@type":"SearchAction","target":{"@type":"EntryPoint","urlTemplate":"https:\/\/iwell-guard.com\/sl\/?s={search_term_string}"},"query-input":{"@type":"PropertyValueSpecification","valueRequired":true,"valueName":"search_term_string"}}],"inLanguage":"sl-SI"},{"@type":"Organization","@id":"https:\/\/iwell-guard.com\/sl\/#organization","name":"Ittermann electronic GmbH","url":"https:\/\/iwell-guard.com\/sl\/","logo":{"@type":"ImageObject","inLanguage":"sl-SI","@id":"https:\/\/iwell-guard.com\/sl\/#\/schema\/logo\/image\/","url":"https:\/\/iwell-guard.com\/wp-content\/uploads\/2026\/05\/Ittermann-Logo-1182x237-1.png","contentUrl":"https:\/\/iwell-guard.com\/wp-content\/uploads\/2026\/05\/Ittermann-Logo-1182x237-1.png","width":1182,"height":237,"caption":"Ittermann electronic GmbH"},"image":{"@id":"https:\/\/iwell-guard.com\/sl\/#\/schema\/logo\/image\/"},"sameAs":["https:\/\/pantip.com\/profile\/9367242","https:\/\/micro.blog\/iwellguard","https:\/\/www.diggerslist.com\/iwellguard\/about","https:\/\/skitterphoto.com\/photographers\/2870314\/iwell-guard","https:\/\/iwellguard.wordpress.com\/2026\/06\/06\/iwell-guard\/","https:\/\/hub.docker.com\/u\/iwellguard","https:\/\/www.pinterest.com\/iwellguard\/","https:\/\/bit.ly\/m\/iwellguard","https:\/\/entre-vos-mains.alsace.eu\/profiles\/iwellguard\/activity","https:\/\/gravatar.com\/reallybeded8fd34","https:\/\/naijamatta.com\/iwellguard","https:\/\/www.goodreads.com\/iwellguard","https:\/\/profile.hatena.ne.jp\/iwellguard\/","https:\/\/experiment.com\/users\/iwellguard","https:\/\/wakelet.com\/@iWellGuard82270","https:\/\/www.chordie.com\/forum\/profile.php?id=2555664","https:\/\/www.instapaper.com\/p\/17757966","https:\/\/www.mapleprimes.com\/users\/iwellguard","https:\/\/businesslistingplus.com\/profile\/iwell-guard\/","https:\/\/telegra.ph\/iWell-Guard-06-06","https:\/\/pbase.com\/iwellguard\/iwellguard","https:\/\/b.hatena.ne.jp\/iwellguard\/20260607#bookmark-4788405196491818882","https:\/\/fliphtml5.com\/home\/iwellguard","https:\/\/anyflip.com\/homepage\/cmiwl#About","https:\/\/transfur.com\/Users\/iwellguard","http:\/\/delphi.larsbo.org\/user\/iwellguard","https:\/\/jobs.lajobsportal.org\/profiles\/8380803-iwell-guard","https:\/\/md.chaosdorf.de\/s\/jfbe5SBdJD","https:\/\/www.lingvolive.com\/en-us\/profile\/9ecaeaca-ce11-4e51-9e71-01d55e2bff36\/translations","https:\/\/www.fitday.com\/fitness\/forums\/members\/iwellguard.html","https:\/\/www.mymeetbook.com\/iwellguard","https:\/\/pxhere.com\/en\/photographer-me\/5040798","https:\/\/disqus.com\/by\/iwellguard\/about\/","https:\/\/pastelink.net\/hjwciqwq","https:\/\/pubhtml5.com\/homepage\/scjhn\/","https:\/\/www.bitchute.com\/channel\/2O2eOKzNqujT","https:\/\/audiomack.com\/iwellguard"]}]}},"_links":{"self":[{"href":"https:\/\/iwell-guard.com\/sl\/wp-json\/wp\/v2\/pages\/160665","targetHints":{"allow":["GET"]}}],"collection":[{"href":"https:\/\/iwell-guard.com\/sl\/wp-json\/wp\/v2\/pages"}],"about":[{"href":"https:\/\/iwell-guard.com\/sl\/wp-json\/wp\/v2\/types\/page"}],"author":[{"embeddable":true,"href":"https:\/\/iwell-guard.com\/sl\/wp-json\/wp\/v2\/users\/3"}],"replies":[{"embeddable":true,"href":"https:\/\/iwell-guard.com\/sl\/wp-json\/wp\/v2\/comments?post=160665"}],"version-history":[{"count":0,"href":"https:\/\/iwell-guard.com\/sl\/wp-json\/wp\/v2\/pages\/160665\/revisions"}],"wp:featuredmedia":[{"embeddable":true,"href":"https:\/\/iwell-guard.com\/sl\/wp-json\/wp\/v2\/media\/2680"}],"wp:attachment":[{"href":"https:\/\/iwell-guard.com\/sl\/wp-json\/wp\/v2\/media?parent=160665"}],"wp:term":[{"taxonomy":"category","embeddable":true,"href":"https:\/\/iwell-guard.com\/sl\/wp-json\/wp\/v2\/categories?post=160665"}],"curies":[{"name":"wp","href":"https:\/\/api.w.org\/{rel}","templated":true}]}}