{"id":160663,"date":"2026-09-05T00:23:56","date_gmt":"2026-09-05T00:23:56","guid":{"rendered":"https:\/\/iwell-guard.com\/?page_id=160663"},"modified":"2026-09-05T00:42:50","modified_gmt":"2026-09-05T00:42:50","slug":"inti-bog-sonca-inkov","status":"publish","type":"page","link":"https:\/\/iwell-guard.com\/sl\/inti-bog-sonca-inkov\/","title":{"rendered":"Inti \u2013 bog sonca Inkov"},"content":{"rendered":"\t\t<div data-elementor-type=\"wp-page\" data-elementor-id=\"160663\" class=\"elementor elementor-160663 elementor-2574 elementor-bc-flex-widget\" data-elementor-post-type=\"page\">\n\t\t\t\t<div class=\"elementor-element elementor-element-iwgw-inti-hero e-flex e-con-boxed e-con e-parent\" data-id=\"iwgw-inti-hero\" data-element_type=\"container\" data-e-type=\"container\" data-settings=\"{&quot;background_background&quot;:&quot;classic&quot;}\">\n\t\t\t\t\t<div class=\"e-con-inner\">\n\t\t<div class=\"elementor-element elementor-element-iwgw-inti-hl e-flex e-con-boxed e-con e-child\" data-id=\"iwgw-inti-hl\" data-element_type=\"container\" data-e-type=\"container\">\n\t\t\t\t\t<div class=\"e-con-inner\">\n\t\t<div class=\"elementor-element elementor-element-iwgw-inti-htxt e-con-full e-flex e-con e-child\" data-id=\"iwgw-inti-htxt\" data-element_type=\"container\" data-e-type=\"container\">\n\t\t\t\t<div class=\"elementor-element elementor-element-iwgw-inti-h1 elementor-widget elementor-widget-heading\" data-id=\"iwgw-inti-h1\" data-element_type=\"widget\" data-e-type=\"widget\" data-widget_type=\"heading.default\">\n\t\t\t\t\t<h1 class=\"elementor-heading-title elementor-size-default\">Inti, bog sonca Inkov in prednik vladarske dinastije<\/h1>\t\t\t\t<\/div>\n\t\t\t\t<div class=\"elementor-element elementor-element-iwgw-inti-lead elementor-widget elementor-widget-text-editor\" data-id=\"iwgw-inti-lead\" data-element_type=\"widget\" data-e-type=\"widget\" data-widget_type=\"text-editor.default\">\n\t\t\t\t\t\t\t\t\t<p>Inti, bog sonca Inkov, velja za o\u010deta vladarske dinastije in je osrednja osebnost velikega son\u010dnega praznika Inti Raymi. Njegov <span class=\"iwg-fachbegriff\" data-tooltip=\"Celota religioznih \u010da\u0161\u010denj neke bo\u017eanstva ali svete osebnosti.\" tabindex=\"0\">kult<\/span> je osrednji del andske religijske zgodovine in ga je Inkovsko cesarstvo uradno povzdignilo v dr\u017eavno religijo.<\/p>\t\t\t\t\t\t\t\t<\/div>\n\t\t\t\t<\/div>\n\t\t<div class=\"elementor-element elementor-element-iwgw-inti-pillc e-con-full e-flex e-con e-child\" data-id=\"iwgw-inti-pillc\" data-element_type=\"container\" data-e-type=\"container\">\n\t\t\t\t<div class=\"elementor-element elementor-element-iwgw-inti-pills elementor-widget elementor-widget-html\" data-id=\"iwgw-inti-pills\" data-element_type=\"widget\" data-e-type=\"widget\" data-widget_type=\"html.default\">\n\t\t\t\t\t<div class=\"iwg-pill-row\"><span class=\"iwg-klasse-badge\" tabindex=\"0\" data-tooltip=\"Bog tradicije Andi \/ Inki.\">Bog<\/span><a href=\"https:\/\/iwell-guard.com\/sl\/?page_id=160653\" class=\"iwg-kultur-badge\" tabindex=\"0\" data-tooltip=\"Mitologija tradicije Andi \/ Inki.\">Andi \/ Inki<\/a><span class=\"iwg-tradition-badge\" tabindex=\"0\" data-tooltip=\"Visoko bo\u017eanstvo.\">Visoko bo\u017eanstvo<\/span><\/div>\t\t\t\t<\/div>\n\t\t\t\t<\/div>\n\t\t<div class=\"elementor-element elementor-element-iwgw-inti-tocc e-con-full e-flex e-con e-child\" data-id=\"iwgw-inti-tocc\" data-element_type=\"container\" data-e-type=\"container\">\n\t\t\t\t<div class=\"elementor-element elementor-element-iwgw-inti-toc elementor-toc--minimized-on-tablet elementor-widget elementor-widget-table-of-contents\" data-id=\"iwgw-inti-toc\" data-element_type=\"widget\" data-e-type=\"widget\" data-settings=\"{&quot;headings_by_tags&quot;:[&quot;h2&quot;,&quot;h3&quot;],&quot;minimize_box&quot;:&quot;yes&quot;,&quot;marker_view&quot;:&quot;bullets&quot;,&quot;no_headings_message&quot;:&quot;Na tej strani ni najdenih naslovov.&quot;,&quot;exclude_headings_by_selector&quot;:[],&quot;icon&quot;:{&quot;value&quot;:&quot;fas fa-circle&quot;,&quot;library&quot;:&quot;fa-solid&quot;,&quot;rendered_tag&quot;:&quot;&lt;svg class=\\&quot;e-font-icon-svg e-fas-circle\\&quot; viewBox=\\&quot;0 0 512 512\\&quot; xmlns=\\&quot;http:\\\/\\\/www.w3.org\\\/2000\\\/svg\\&quot;&gt;&lt;path d=\\&quot;M256 8C119 8 8 119 8 256s111 248 248 248 248-111 248-248S393 8 256 8z\\&quot;&gt;&lt;\\\/path&gt;&lt;\\\/svg&gt;&quot;},&quot;minimized_on&quot;:&quot;tablet&quot;,&quot;hierarchical_view&quot;:&quot;yes&quot;,&quot;min_height&quot;:{&quot;unit&quot;:&quot;px&quot;,&quot;size&quot;:&quot;&quot;,&quot;sizes&quot;:[]},&quot;min_height_tablet&quot;:{&quot;unit&quot;:&quot;px&quot;,&quot;size&quot;:&quot;&quot;,&quot;sizes&quot;:[]},&quot;min_height_mobile&quot;:{&quot;unit&quot;:&quot;px&quot;,&quot;size&quot;:&quot;&quot;,&quot;sizes&quot;:[]}}\" data-widget_type=\"table-of-contents.default\">\n\t\t\t\t\t\t\t\t\t<div class=\"elementor-toc__header\">\n\t\t\t\t\t\t<h2 class=\"elementor-toc__header-title\">\n\t\t\t\tKazalo vsebine\t\t\t<\/h2>\n\t\t\t\t\t\t\t\t\t\t<div class=\"elementor-toc__toggle-button elementor-toc__toggle-button--expand\" role=\"button\" tabindex=\"0\" aria-controls=\"elementor-toc__iwgw-inti-toc\" aria-expanded=\"true\" aria-label=\"Open table of contents\"><svg aria-hidden=\"true\" class=\"e-font-icon-svg e-fas-chevron-down\" viewBox=\"0 0 448 512\" xmlns=\"http:\/\/www.w3.org\/2000\/svg\"><path d=\"M207.029 381.476L12.686 187.132c-9.373-9.373-9.373-24.569 0-33.941l22.667-22.667c9.357-9.357 24.522-9.375 33.901-.04L224 284.505l154.745-154.021c9.379-9.335 24.544-9.317 33.901.04l22.667 22.667c9.373 9.373 9.373 24.569 0 33.941L240.971 381.476c-9.373 9.372-24.569 9.372-33.942 0z\"><\/path><\/svg><\/div>\n\t\t\t\t<div class=\"elementor-toc__toggle-button elementor-toc__toggle-button--collapse\" role=\"button\" tabindex=\"0\" aria-controls=\"elementor-toc__iwgw-inti-toc\" aria-expanded=\"true\" aria-label=\"Close table of contents\"><svg aria-hidden=\"true\" class=\"e-font-icon-svg e-fas-chevron-up\" viewBox=\"0 0 448 512\" xmlns=\"http:\/\/www.w3.org\/2000\/svg\"><path d=\"M240.971 130.524l194.343 194.343c9.373 9.373 9.373 24.569 0 33.941l-22.667 22.667c-9.357 9.357-24.522 9.375-33.901.04L224 227.495 69.255 381.516c-9.379 9.335-24.544 9.317-33.901-.04l-22.667-22.667c-9.373-9.373-9.373-24.569 0-33.941L207.03 130.525c9.372-9.373 24.568-9.373 33.941-.001z\"><\/path><\/svg><\/div>\n\t\t\t\t\t<\/div>\n\t\t\t\t<div id=\"elementor-toc__iwgw-inti-toc\" class=\"elementor-toc__body\">\n\t\t\t<div class=\"elementor-toc__spinner-container\">\n\t\t\t\t<svg class=\"elementor-toc__spinner eicon-animation-spin e-font-icon-svg e-eicon-loading\" aria-hidden=\"true\" viewBox=\"0 0 1000 1000\" xmlns=\"http:\/\/www.w3.org\/2000\/svg\"><path d=\"M500 975V858C696 858 858 696 858 500S696 142 500 142 142 304 142 500H25C25 237 238 25 500 25S975 237 975 500 763 975 500 975Z\"><\/path><\/svg>\t\t\t<\/div>\n\t\t<\/div>\n\t\t\t\t\t\t<\/div>\n\t\t\t\t<\/div>\n\t\t\t\t\t<\/div>\n\t\t\t\t<\/div>\n\t\t<div class=\"elementor-element elementor-element-iwgw-inti-hr e-con-full e-flex e-con e-child\" data-id=\"iwgw-inti-hr\" data-element_type=\"container\" data-e-type=\"container\">\n\t\t\t\t<div class=\"elementor-element elementor-element-iwgw-inti-heroimg iwg-hero-image elementor-widget elementor-widget-image\" data-id=\"iwgw-inti-heroimg\" data-element_type=\"widget\" data-e-type=\"widget\" data-widget_type=\"image.default\">\n\t\t\t\t\t\t\t\t\t\t\t\t\t\t\t<img fetchpriority=\"high\" decoding=\"async\" width=\"683\" height=\"1024\" src=\"https:\/\/iwell-guard.com\/wp-content\/uploads\/2026\/05\/goetter_anden-inka_inti-683x1024.webp\" class=\"attachment-large size-large wp-image-162608\" alt=\"Inti \u2013 bogovi iz andske inkovske tradicije, zgodovinsko-ilustrativno\" srcset=\"https:\/\/iwell-guard.com\/wp-content\/uploads\/2026\/05\/goetter_anden-inka_inti-683x1024.webp 683w, https:\/\/iwell-guard.com\/wp-content\/uploads\/2026\/05\/goetter_anden-inka_inti-200x300.webp 200w, https:\/\/iwell-guard.com\/wp-content\/uploads\/2026\/05\/goetter_anden-inka_inti-768x1152.webp 768w, https:\/\/iwell-guard.com\/wp-content\/uploads\/2026\/05\/goetter_anden-inka_inti.webp 1024w\" sizes=\"(max-width: 683px) 100vw, 683px\" \/>\t\t\t\t\t\t\t\t\t\t\t\t\t\t\t<\/div>\n\t\t\t\t<\/div>\n\t\t\t\t\t<\/div>\n\t\t\t\t<\/div>\n\t\t\t\t<section class=\"elementor-section elementor-top-section elementor-element elementor-element-sec-iwgcomp-inti elementor-section-boxed elementor-section-height-default elementor-section-height-default\" data-id=\"sec-iwgcomp-inti\" data-element_type=\"section\" data-e-type=\"section\">\n\t\t\t\t\t\t<div class=\"elementor-container elementor-column-gap-default\">\n\t\t\t\t\t<div class=\"elementor-column elementor-col-100 elementor-top-column elementor-element elementor-element-col-iwgcomp-inti\" data-id=\"col-iwgcomp-inti\" data-element_type=\"column\" data-e-type=\"column\">\n\t\t\t<div class=\"elementor-widget-wrap elementor-element-populated\">\n\t\t\t\t\t\t<div class=\"elementor-element elementor-element-iwgcomp-inti elementor-widget elementor-widget-text-editor\" data-id=\"iwgcomp-inti\" data-element_type=\"widget\" data-e-type=\"widget\" data-widget_type=\"text-editor.default\">\n\t\t\t\t\t\t\t\t\t<p>Inti je <strong>bog sonca Inkov<\/strong> in kot osrednja osebnost stoji v <span class=\"iwg-fachbegriff\" data-tooltip=\"Celota bo\u017eanstev neke religije ali kulture.\" tabindex=\"0\">panteonu<\/span> andske visoke kulture.<\/p>\t\t\t\t\t\t\t\t<\/div>\n\t\t\t\t\t<\/div>\n\t\t<\/div>\n\t\t\t\t\t<\/div>\n\t\t<\/section>\n\t\t<div class=\"elementor-element elementor-element-iwgw-inti-s0 e-flex e-con-boxed e-con e-parent\" data-id=\"iwgw-inti-s0\" data-element_type=\"container\" data-e-type=\"container\">\n\t\t\t\t\t<div class=\"e-con-inner\">\n\t\t\t\t<div class=\"elementor-element elementor-element-iwgw-inti-s0h elementor-widget elementor-widget-heading\" data-id=\"iwgw-inti-s0h\" data-element_type=\"widget\" data-e-type=\"widget\" data-widget_type=\"heading.default\">\n\t\t\t\t\t<h2 class=\"elementor-heading-title elementor-size-default\">Umestitev v andski panteon<\/h2>\t\t\t\t<\/div>\n\t\t<div class=\"elementor-element elementor-element-iwgw-inti-s0c e-con-full e-flex e-con e-child\" data-id=\"iwgw-inti-s0c\" data-element_type=\"container\" data-e-type=\"container\">\n\t\t\t\t<div class=\"elementor-element elementor-element-iwgw-inti-s0t elementor-widget elementor-widget-text-editor\" data-id=\"iwgw-inti-s0t\" data-element_type=\"widget\" data-e-type=\"widget\" data-widget_type=\"text-editor.default\">\n\t\t\t\t\t\t\t\t\t<p>Inti (v ke\u010duan\u0161\u010dini: <em>inti<\/em>, sonce) je v uradnem <span class=\"iwg-fachbegriff\" data-tooltip=\"Celota bo\u017eanstev neke religije ali kulture.\" tabindex=\"0\">panteonu<\/span> Inkovskega cesarstva (Tawantinsuyu, pribl. 1438\u20131533) eno od osrednjih visokih bo\u017eanstev in se v kolonialnih kronikah redno pojavlja ob stvarni\u0161kem bogu <a href=\"https:\/\/iwell-guard.com\/sl\/?page_id=160666\">Viracochi<\/a> in lunini boginji <a href=\"https:\/\/iwell-guard.com\/sl\/?page_id=160665\">Mama Killi<\/a>.<\/p><p>Peruanski kronist Garcilaso de la Vega ga v svojih <em>Comentarios Reales de los Incas<\/em> (1609) opisuje kot vidno obli\u010dje najvi\u0161jega bitja, ki je legitimiralo inkovske vladarje in urejalo cesarstvo tako gospodarsko kot koledarsko.<\/p><p>Religiologijsko Inti spada v skupino dinasti\u010dnih solarnih teologij, kakr\u0161ne so v primerljivi obliki znane iz staroegip\u010danskega <span class=\"iwg-fachbegriff\" data-tooltip=\"Celota religioznih \u010da\u0161\u010denj neke bo\u017eanstva ali svete osebnosti.\" tabindex=\"0\">kulta<\/span> Re, japonskega <span class=\"iwg-fachbegriff\" data-tooltip=\"Celota religioznih \u010da\u0161\u010denj neke bo\u017eanstva ali svete osebnosti.\" tabindex=\"0\">kulta<\/span> Amaterasu ali predazijskih son\u010dnih kultov.<\/p><p>Mircea Eliade v svoji <em>Zgodovini religioznih idej<\/em> opisuje nagnjenje poznih visokih kultur, da son\u010dno bo\u017eanstvo povzdignejo v garanta politi\u010dne ureditve; Inti se vklju\u010duje v ta vzorec. Inkovski vladarji so nosili naziv <em>Intip Churin<\/em> (Sin sonca) in iz njega izpeljevali svoj univerzalni oblastni zahtevek nad andsko visokogorje in svet <a href=\"https:\/\/iwell-guard.com\/sl\/?page_id=160653\">Andov in Inkov<\/a>.<\/p><p>Zanimivo je, da Inti v predinkovskih visokih kulturah Andov (Chav\u00edn, Moche, Tiwanaku, Wari) ni imel primerljivo izpostavljenega polo\u017eaja. \u0160ele dr\u017eavotvorna <span class=\"iwg-fachbegriff\" data-tooltip=\"Znanstveni nauk o Bogu in veri neke religije.\" tabindex=\"0\">teologija<\/span> Inkovskega cesarstva ga je postavila na vrh vidnega panteona.<\/p><p>Catherine Allen v knjigi <em>The Hold Life Has<\/em> (2002) opozarja, da je \u010da\u0161\u010denje matere zemlje <a href=\"https:\/\/iwell-guard.com\/sl\/?page_id=160664\">Pachamame<\/a> in lokalnih gorskih duhov Apu v mnogih skupnostih \u0161e danes prakti\u010dno pomembnej\u0161e od vi\u0161je solarne teologije Intija, kar ka\u017ee, da je Inti prvenstveno deloval kot imperialno <span class=\"iwg-fachbegriff\" data-tooltip=\"Bitje, ki je v neki religiji \u010da\u0161\u010deno kot bo\u017eansko.\" tabindex=\"0\">bo\u017eanstvo<\/span>, medtem ko je bila konkretna vsakdanja andska religioznost bolj dolo\u010dena z materjo zemlje in lokalnimi gorskimi gospodarji.<\/p>\t\t\t\t\t\t\t\t<\/div>\n\t\t\t\t<\/div>\n\t\t\t\t\t<\/div>\n\t\t\t\t<\/div>\n\t\t<div class=\"elementor-element elementor-element-iwgw-inti-s1 e-flex e-con-boxed e-con e-parent\" data-id=\"iwgw-inti-s1\" data-element_type=\"container\" data-e-type=\"container\">\n\t\t\t\t\t<div class=\"e-con-inner\">\n\t\t\t\t<div class=\"elementor-element elementor-element-iwgw-inti-s1h elementor-widget elementor-widget-heading\" data-id=\"iwgw-inti-s1h\" data-element_type=\"widget\" data-e-type=\"widget\" data-widget_type=\"heading.default\">\n\t\t\t\t\t<h2 class=\"elementor-heading-title elementor-size-default\">Ime in etimologija<\/h2>\t\t\t\t<\/div>\n\t\t<div class=\"elementor-element elementor-element-iwgw-inti-s1c e-con-full e-flex e-con e-child\" data-id=\"iwgw-inti-s1c\" data-element_type=\"container\" data-e-type=\"container\">\n\t\t\t\t<div class=\"elementor-element elementor-element-iwgw-inti-s1t elementor-widget elementor-widget-text-editor\" data-id=\"iwgw-inti-s1t\" data-element_type=\"widget\" data-e-type=\"widget\" data-widget_type=\"text-editor.default\">\n\t\t\t\t\t\t\t\t\t<p>Ime <em>Inti<\/em> je od najzgodnej\u0161ih kolonialnih ke\u010duanskih slovarjev (Domingo de Santo Tom\u00e1s 1560, Diego Gonz\u00e1lez Holgu\u00edn 1608) izpri\u010dano kot splo\u0161no poimenovanje za sonce kot nebesno telo, hkrati pa tudi za poosebljeno <span class=\"iwg-fachbegriff\" data-tooltip=\"Bitje, ki je v neki religiji \u010da\u0161\u010deno kot bo\u017eansko.\" tabindex=\"0\">bo\u017eanstvo<\/span>.<\/p><p>Ta dvojnost pomena, fizi\u010dno nebesno telo in bo\u017eanska oseba, je zna\u010dilna za andsko religiozno mi\u0161ljenje, v katerem lo\u010dnica med naravno in numinozno ravnjo ni tako izrazita kot v evropskih teologijah.<\/p><p>Inti se v virih pojavlja pod ve\u010d vidiki imena: <em>Apu Inti<\/em> (gospod sonce), <em>Churi Inti<\/em> (sin-sonce), <em>Wayna Inti<\/em> (mlado sonce) in <em>Inti Illapa<\/em> (grom-sonce) ozna\u010dujejo posamezne pojavne oblike, ki jih kronist Juan de Betanzos v svojem delu <em>Suma y narraci\u00f3n de los Incas<\/em> (1551) opisuje kot tri osebe triadne son\u010dne teologije.<\/p><p>Ta triada je religiologe, kot je Pierre Duviols, opozorila k previdnosti: kr\u0161\u010danski nauk o Trojici, ki so ga uporabljali \u0161panski kronisti, morda tu prekriva pravo, izvorno domorodno ve\u010dli\u010dnost.<\/p><p>Najvi\u0161je ime praznika <em>Inti Raymi<\/em> je ke\u010duanska tvorba iz besed <em>inti<\/em> in <em>raymi<\/em> (praznik, prazni\u010dno zborovanje). Ozna\u010duje praznik zimskega son\u010dnega obrata na ju\u017eni polobli (junij) in je od leta 1944 v Cuscu vsako leto ponovno uprizorjen kot rekonstruirani folklorni praznik, vendar brez zgodovinske prakse \u017ertvovanja \u017eivali.<\/p><p>Ime praznika se je poleg tega uveljavilo kot poimenovanje za lastno andsko \u0161tetje \u010dasa, v katerem se leta \u0161tejejo od miti\u010dnega za\u010detka cesarstva.<\/p>\t\t\t\t\t\t\t\t<\/div>\n\t\t\t\t<\/div>\n\t\t\t\t\t<\/div>\n\t\t\t\t<\/div>\n\t\t<div class=\"elementor-element elementor-element-iwgw-inti-s2 e-flex e-con-boxed e-con e-parent\" data-id=\"iwgw-inti-s2\" data-element_type=\"container\" data-e-type=\"container\">\n\t\t\t\t\t<div class=\"e-con-inner\">\n\t\t\t\t<div class=\"elementor-element elementor-element-iwgw-inti-s2h elementor-widget elementor-widget-heading\" data-id=\"iwgw-inti-s2h\" data-element_type=\"widget\" data-e-type=\"widget\" data-widget_type=\"heading.default\">\n\t\t\t\t\t<h2 class=\"elementor-heading-title elementor-size-default\">Opis in ikonografija<\/h2>\t\t\t\t<\/div>\n\t\t<div class=\"elementor-element elementor-element-iwgw-inti-s2c e-con-full e-flex e-con e-child\" data-id=\"iwgw-inti-s2c\" data-element_type=\"container\" data-e-type=\"container\">\n\t\t\t\t<div class=\"elementor-element elementor-element-iwgw-inti-s2t elementor-widget elementor-widget-text-editor\" data-id=\"iwgw-inti-s2t\" data-element_type=\"widget\" data-e-type=\"widget\" data-widget_type=\"text-editor.default\">\n\t\t\t\t\t\t\t\t\t<p>Ikonografska upodobitev Intija je v predhispanskih virih razvidna le fragmentarno, saj Inkovsko cesarstvo ni imelo pisne slikovne tradicije v o\u017ejem pomenu besede.<\/p><p>Glavni vir predstavlja kolonialna sekundarna izro\u010dila ter slavna zlata plo\u0161\u010da, ki je bila domnevno postavljena v son\u010dnem templju <em>Coricancha<\/em> v Cuscu: okrogla plo\u0161\u010da, obdana z \u017earki, z antropomorfnim obrazom, imenovana <em>Punchao<\/em>. To <span class=\"iwg-fachbegriff\" data-tooltip=\"Slikovna upodobitev bo\u017eanstva, ki se \u010dasti v templju ali sveti\u0161\u010du.\" tabindex=\"0\">kultno podobo<\/span> so \u0160panci zasegli ob zavzetju Vilcabambe leta 1572 in jo odpeljali v \u0160panijo, od takrat pa velja za izgubljeno.<\/p><p>Garcilaso de la Vega opisuje <span class=\"iwg-fachbegriff\" data-tooltip=\"Svet kraj, posve\u010den \u010da\u0161\u010denju bo\u017eanstva.\" tabindex=\"0\">sveti\u0161\u010de<\/span> Coricancha kot notranji prostor, popolnoma obit z zlatimi plo\u0161\u010dami. V sredi\u0161\u010du je stal Punchao, ob njem pa mumificirana telesa umrlih inkovskih vladarjev (<em>mallqui<\/em>), ki so veljala za ve\u010dno \u017eivo utele\u0161enje Intijevega rodovnega drevesa.<\/p><p>\u0160panska kronista Polo de Ondegardo in Crist\u00f3bal de Albornoz to razporeditev potrjujeta v svojih poro\u010dilih o pregledih iz \u0161estdesetih let 16. stoletja. Inkovski dvorjani so na prazni\u010dne dneve nastopali z zlatimi kronami v obliki \u017earkov, ki so formalno posnemale Punchao.<\/p><p>Na ohranjenih inkovskih tekstilijah, kerosih (pivskih posodah) in kolonialnih stenskih poslikavah (na primer v \u0161oli iz Cusca) je Inti ve\u010dinoma upodobljen kot zlat obraz z zob\u010dastimi \u017earki, v\u010dasih z vencem iz koruznih ali kvinojinih klasov.<\/p><p>V zgornjih slikovnih ravneh kolonialnih andskih poslikav (npr. <em>Triumph des Heiligen Michael<\/em>, cu\u0161\u010danska \u0161ola, 17. stoletje) se ikonografija Intija prekriva s kr\u0161\u010danskimi motivi <span class=\"iwg-fachbegriff\" data-tooltip=\"V abrahamskih religijah nebe\u0161ko bitje, ki posreduje Bo\u017eja sporo\u010dila.\" tabindex=\"0\">angelov<\/span> in Sol Iustitiae, sled ikonografskega sinkretizma, ki jo je umetnostna zgodovinarka Teresa Gisbert sistemati\u010dno dokumentirala v delu <em>Iconograf\u00eda y mitos ind\u00edgenas en el arte<\/em> (1980).<\/p>\t\t\t\t\t\t\t\t<\/div>\n\t\t\t\t<\/div>\n\t\t\t\t\t<\/div>\n\t\t\t\t<\/div>\n\t\t<div class=\"elementor-element elementor-element-iwgw-inti-s3 e-flex e-con-boxed e-con e-parent\" data-id=\"iwgw-inti-s3\" data-element_type=\"container\" data-e-type=\"container\">\n\t\t\t\t\t<div class=\"e-con-inner\">\n\t\t\t\t<div class=\"elementor-element elementor-element-iwgw-inti-s3h elementor-widget elementor-widget-heading\" data-id=\"iwgw-inti-s3h\" data-element_type=\"widget\" data-e-type=\"widget\" data-widget_type=\"heading.default\">\n\t\t\t\t\t<h2 class=\"elementor-heading-title elementor-size-default\">Mitolo\u0161ka pripovedovanja<\/h2>\t\t\t\t<\/div>\n\t\t<div class=\"elementor-element elementor-element-iwgw-inti-s3c e-con-full e-flex e-con e-child\" data-id=\"iwgw-inti-s3c\" data-element_type=\"container\" data-e-type=\"container\">\n\t\t\t\t<div class=\"elementor-element elementor-element-iwgw-inti-s3t elementor-widget elementor-widget-text-editor\" data-id=\"iwgw-inti-s3t\" data-element_type=\"widget\" data-e-type=\"widget\" data-widget_type=\"text-editor.default\">\n\t\t\t\t\t\t\t\t\t<p>Najpomembnej\u0161i <span class=\"iwg-fachbegriff\" data-tooltip=\"Izro\u010dilo o bogovih, izvorih in ureditvi sveta.\" tabindex=\"0\">mit<\/span> o Intiju je inkovski izvorni mit o jezeru Titikaka, ohranjen predvsem prek Garcilasa de la Vege in Juana de Betanzosa. Po njem se Inti po obdobju svetovne teme dvigne iz jezera Titikaka in po\u0161lje svoja otroka <em>Manca Capaca<\/em> in <em>Mamo Ocllo<\/em>, da ljudi nau\u010dita poljedelstva, tkalstva in verske ureditve.<\/p><p>Na mestu, kjer se zlata palica Manca zabode v tla, naj bi bilo ustanovljeno mesto Cusco, poznej\u0161a prestolnica Tawantinsuya.<\/p><p>V vzporednem izro\u010dilu, ki ga je zapisal Pedro Sarmiento de Gamboa v delu <em>Historia indica<\/em> (1572), pa se Manco Capac in njegovi sorojenci pojavijo iz jamskega sistema Pacaritambo pri Cuscu. Ti dve izvorni izro\u010dili sta bili \u017ee v inkovski <span class=\"iwg-fachbegriff\" data-tooltip=\"Znanstveni nauk o Bogu in veri neke religije.\" tabindex=\"0\">teologiji<\/span> medsebojno usklajeni, tako da so dogodek pri Titikaki razumeli kot kozmi\u010dno, dogodek pri Pacaritambu pa kot zemeljsko fazo istega poslanstva.<\/p><p>\u0160e ena mitska nit povezuje Intija z bogom stvarnikom <a href=\"https:\/\/iwell-guard.com\/sl\/?page_id=160666\">Viracocho<\/a>. Po Cristobalu de Molini (<em>Relacion de las fabulas y ritos de los Incas<\/em>, 1575) Viracocha pri Titikaki ustvari sonce, luno in zvezde ter jim uka\u017ee, naj zavzamejo svoje tirnice na nebu.<\/p><p>Inti je tu sekundarni proizvod vi\u0161jega stvariteljskega na\u010dela. To kozmogoni\u010dno hierarhijo so nekateri inkovski vladarji, zlasti <em>Pachacuti<\/em> (vladal 1438, 1471), preoblikovali v korist mo\u010dnej\u0161ega polo\u017eaja Intija, kar je dolo\u010dilo poznej\u0161o dr\u017eavno teologijo.<\/p><p>Mitolo\u0161ko je z Intijem povezana tudi njegova sestra-soproga <a href=\"https:\/\/iwell-guard.com\/sl\/?page_id=160665\">Mama Killa<\/a> (luna) ter bog groma <a href=\"https:\/\/iwell-guard.com\/sl\/?page_id=160670\">Illapa<\/a>, ki ga nekateri viri razumejo kot Intijev vidik ali brata. Lunin mrk so inkovski duhovniki razlagali kot napad kozmi\u010dne zveri na Mamo Killo, ki so mu morali zoperstaviti hrup in izstrelke pu\u0161\u010dic.<\/p>\t\t\t\t\t\t\t\t<\/div>\n\t\t\t\t<\/div>\n\t\t\t\t\t<\/div>\n\t\t\t\t<\/div>\n\t\t<div class=\"elementor-element elementor-element-iwgw-inti-s4 e-flex e-con-boxed e-con e-parent\" data-id=\"iwgw-inti-s4\" data-element_type=\"container\" data-e-type=\"container\">\n\t\t\t\t\t<div class=\"e-con-inner\">\n\t\t\t\t<div class=\"elementor-element elementor-element-iwgw-inti-s4h elementor-widget elementor-widget-heading\" data-id=\"iwgw-inti-s4h\" data-element_type=\"widget\" data-e-type=\"widget\" data-widget_type=\"heading.default\">\n\t\t\t\t\t<h2 class=\"elementor-heading-title elementor-size-default\">Kult in \u010da\u0161\u010denje v Tawantinsuyu<\/h2>\t\t\t\t<\/div>\n\t\t<div class=\"elementor-element elementor-element-iwgw-inti-s4c e-con-full e-flex e-con e-child\" data-id=\"iwgw-inti-s4c\" data-element_type=\"container\" data-e-type=\"container\">\n\t\t\t\t<div class=\"elementor-element elementor-element-iwgw-inti-s4t elementor-widget elementor-widget-text-editor\" data-id=\"iwgw-inti-s4t\" data-element_type=\"widget\" data-e-type=\"widget\" data-widget_type=\"text-editor.default\">\n\t\t\t\t\t\t\t\t\t<p>Dr\u017eavni <span class=\"iwg-fachbegriff\" data-tooltip=\"Celota verovanjskih obredov, posve\u010denih neki bo\u017eanstvi ali sveti podobi.\" tabindex=\"0\">kult<\/span> Intija je bil v Inkovskem imperiju obse\u017eno institucionaliziran. V njegovem sredi\u0161\u010du je bil Son\u010dni tempelj <em>Coricancha<\/em> (ke\u010duansko <em>quri kancha<\/em>, zlati okraj) v Cuscu, \u010digar temelji \u0161e danes tvorijo podstavek dominikanskega samostana Santo Domingo.<\/p><p>Tu so mumije inkovskih vladarjev negovali kot \u017eive prednike, jih dnevno hranili in jih ob praznikih v procesijah nosili \u010dez glavni trg <em>Huacaypata<\/em>.<\/p><p><span class=\"iwg-fachbegriff\" data-tooltip=\"Zgradba, namenjena \u010da\u0161\u010denju enega ali ve\u010d bo\u017eanstev.\" tabindex=\"0\">Templju<\/span> je bilo pridru\u017eenih ve\u010d kot 4.000 duhovnikov ter <em>Acllacuna<\/em>, izbrane son\u010dne device.<\/p><p>Slednje so \u017eivele v zaprtih \u017eensko hi\u0161ah (<em>acllahuasi<\/em>), tkale najfinej\u0161e tkanine (<em>cumbi<\/em>) za <span class=\"iwg-fachbegriff\" data-tooltip=\"Celota verovanjskih obredov, posve\u010denih neki bo\u017eanstvi ali sveti podobi.\" tabindex=\"0\">kult<\/span> in kuhale obredno koruzno pivo <em>chicha<\/em>. Skromno ohranjeni ostanki Acllahuasija v Cuscu (danes Santa Catalina) ter inkovski napisi iz Choquequiraa dajejo vpogled v materialno razse\u017enost tega \u017eenskega duhovni\u0161tva.<\/p><p>Vrh kultnega leta je bil <em>Inti Raymi<\/em>, praznik son\u010dnega obrata 21.\/24. junija. Inka je sam na glavnem trgu Cusca daroval lame in gvinejske pujske, na zlati skledi izlival chicho in svojo <span class=\"iwg-fachbegriff\" data-tooltip=\"Jezikovna obrnitev \u010dloveka k bo\u017eanstvu.\" tabindex=\"0\">molitev<\/span> namenjal vzhajajo\u010demu soncu.<\/p><p>Polo de Ondegardo poro\u010da o procesijskih sprevodih po \u010drtah <em>ceque<\/em>, radialno od Coricanche izhajajo\u010dem sistemu <span class=\"iwg-fachbegriff\" data-tooltip=\"Sveto mesto, posve\u010deno \u010da\u0161\u010denju bo\u017eanstva.\" tabindex=\"0\">sveti\u0161\u010d<\/span> iz 41 ravnih linij in 328 tako imenovanih sveti\u0161\u010d huaca, ki ga je Tom Zuidema prvi\u010d sistemati\u010dno rekonstruiral v delu <em>The Ceque System of Cuzco<\/em> (1964).<\/p><p>Poleg glavnega kulta v Cuscu so obstajali regionalni son\u010dni templji, med drugim v Vilcashuamanu, Pachacamacu (v sinkrezi s starej\u0161im prero\u010di\u0161kim bogom <a href=\"https:\/\/iwell-guard.com\/sl\/?page_id=160667\">Pachakamakom<\/a>), na <em>Isla del Sol<\/em> v jezeru Titicaca ter v severnoperujski provinci Cajamarca.<\/p><p>Ta regionalna sveti\u0161\u010da so bila med seboj povezana s cestnim omre\u017ejem <em>Qhapaq Nan<\/em> in so tvorila imperialno komunikacijsko mre\u017eo, v kateri sta se son\u010dna <span class=\"iwg-fachbegriff\" data-tooltip=\"Znanstveni nauk o Bogu in veri neke religije.\" tabindex=\"0\">teologija<\/span> in upravni nadzor nelo\u010dljivo prepletala.<\/p>\t\t\t\t\t\t\t\t<\/div>\n\t\t\t\t<\/div>\n\t\t\t\t\t<\/div>\n\t\t\t\t<\/div>\n\t\t<div class=\"elementor-element elementor-element-iwgw-inti-s5 e-flex e-con-boxed e-con e-parent\" data-id=\"iwgw-inti-s5\" data-element_type=\"container\" data-e-type=\"container\">\n\t\t\t\t\t<div class=\"e-con-inner\">\n\t\t\t\t<div class=\"elementor-element elementor-element-iwgw-inti-s5h elementor-widget elementor-widget-heading\" data-id=\"iwgw-inti-s5h\" data-element_type=\"widget\" data-e-type=\"widget\" data-widget_type=\"heading.default\">\n\t\t\t\t\t<h2 class=\"elementor-heading-title elementor-size-default\">Za\u0161\u010ditna praksa in apotropejsko<\/h2>\t\t\t\t<\/div>\n\t\t<div class=\"elementor-element elementor-element-iwgw-inti-s5c e-con-full e-flex e-con e-child\" data-id=\"iwgw-inti-s5c\" data-element_type=\"container\" data-e-type=\"container\">\n\t\t\t\t<div class=\"elementor-element elementor-element-iwgw-inti-s5t elementor-widget elementor-widget-text-editor\" data-id=\"iwgw-inti-s5t\" data-element_type=\"widget\" data-e-type=\"widget\" data-widget_type=\"text-editor.default\">\n\t\t\t\t\t\t\t\t\t<p>Kjer je Inti kot vrhovno bo\u017eanstvo deloval na imperialni ravni, je obstajala hkrati vsakdanja solarna praksa, ki se v vaseh cuskovskega in bolivijskega visokogorja delno ohranja \u0161e danes. Ni jo mogo\u010de razumeti v smislu sodobnih obljub u\u010dinkovanja, temve\u010d dokumentira dolo\u010deno religiozno prakso zaznavanja.<\/p><p>Catherine Allen (<em>The Hold Life Has<\/em>, 2002) za vas Sonqo opisuje, da starej\u0161e \u017eenske zjutraj odprejo vrata proti vzhodu in si s prvo son\u010dno svetlobo pogladijo glavo, ob spremljajo\u010dem ke\u010duanskem mrmranju, s katerim Intija prosijo za <em>samay<\/em> (\u017eivljenjski dih).<\/p><p>V inkovski praksi so duhovniki uporabljali zlata zrcala, s katerimi so usmerjali son\u010dno svetlobo in pri\u017eigali obredni ogenj na <span class=\"iwg-fachbegriff\" data-tooltip=\"Dvignjeno mesto ali miza za daritve in verske obrede.\" tabindex=\"0\">altarju<\/span> Coricanche. Cobo poro\u010da o ustrezni pripravi z zbru\u0161enimi konkavnimi zrcali.<\/p><p><span class=\"iwg-fachbegriff\" data-tooltip=\"Apotropejsko: o znamenjih in predmetih, ki naj bi odganjali \u0161kodljive vplive.\" tabindex=\"0\">Apotropejsko<\/span> za\u0161\u010dito pred no\u010dnimi nevarnostmi, zlasti pred \u0161kodljivimi duhovi, ki jih <span class=\"iwg-fachbegriff\" data-tooltip=\"Izro\u010dena pripoved o bogovih, izvorih in ureditvi sveta.\" tabindex=\"0\">mit<\/span> imenuje <em>supay<\/em> (glej <a href=\"https:\/\/iwell-guard.com\/sl\/?page_id=160668\">Supay<\/a>), naj bi zagotavljali son\u010dni amuleti iz zlate plo\u010devine, ki so jih nosili na prsih kot <em>chacana<\/em> ali kot okrogle replike Punchaa.<\/p><p>Religiologijsko je pomembno, da teh praks niso razumeli kot magi\u010dno obvladovanje, temve\u010d kot <em>ayni<\/em>, kot medsebojno obveznostno razmerje. Kdor zjutraj pozdravi sonce, se postavi v vzajemno mre\u017eo, ki po andskem prepri\u010danju povezuje ljudi, prednike, gore in nebesna telesa.<\/p><p>Religijski etnolog Frank Salomon je v delu <em>The Cord Keepers<\/e> (2004) pokazal, kako ta vzajemna logika sega vse do sodobnih ke\u010duanskih skupnosti.<\/p>\t\t\t\t\t\t\t\t<\/div>\n\t\t\t\t<\/div>\n\t\t\t\t\t<\/div>\n\t\t\t\t<\/div>\n\t\t<div class=\"elementor-element elementor-element-iwgw-inti-s6 e-flex e-con-boxed e-con e-parent\" data-id=\"iwgw-inti-s6\" data-element_type=\"container\" data-e-type=\"container\">\n\t\t\t\t\t<div class=\"e-con-inner\">\n\t\t\t\t<div class=\"elementor-element elementor-element-iwgw-inti-s6h elementor-widget elementor-widget-heading\" data-id=\"iwgw-inti-s6h\" data-element_type=\"widget\" data-e-type=\"widget\" data-widget_type=\"heading.default\">\n\t\t\t\t\t<h2 class=\"elementor-heading-title elementor-size-default\">Vzporednice v drugih kulturah<\/h2>\t\t\t\t<\/div>\n\t\t<div class=\"elementor-element elementor-element-iwgw-inti-s6c e-con-full e-flex e-con e-child\" data-id=\"iwgw-inti-s6c\" data-element_type=\"container\" data-e-type=\"container\">\n\t\t\t\t<div class=\"elementor-element elementor-element-iwgw-inti-s6t elementor-widget elementor-widget-text-editor\" data-id=\"iwgw-inti-s6t\" data-element_type=\"widget\" data-e-type=\"widget\" data-widget_type=\"text-editor.default\">\n\t\t\t\t\t\t\t\t\t<p>Znanstveno-primerjalno raziskovanje je \u017ee od Eduarda Selerja in Konrada Theodorja Preussa naprej ve\u010dkrat izpostavilo vzporednice med Intijem in drugimi dinasti\u010dnimi son\u010dnimi teologijami. Posebej opazne so strukturne podobnosti s starodavnim egip\u010danskim <span class=\"iwg-fachbegriff\" data-tooltip=\"Celota verskih \u010da\u0161\u010denj neke bo\u017eanske ali svete postave.\" tabindex=\"0\">kultom<\/span> Reja oziroma Atona, z japonskim <span class=\"iwg-fachbegriff\" data-tooltip=\"Celota verskih \u010da\u0161\u010denj neke bo\u017eanske ali svete postave.\" tabindex=\"0\">kultom<\/span> Amaterasu iz dinastije Yamato in z rimsko <span class=\"iwg-fachbegriff\" data-tooltip=\"Znanstveni nauk o Bogu in veri neke religije.\" tabindex=\"0\">teologijo<\/span> <em>Sol Invictus<\/em> iz 3. stoletja.<\/p><p>V vseh teh primerih se sonce pojavlja kot porok vladarske dinastije, kot osrednje koledarsko na\u010delo in kot ikonografsko prevladujo\u010d element dr\u017eavne umetnosti. Francoski religiozni zgodovinar Henri Frankfort je v delu <em>Kingship and the Gods<\/em> (1948) opisal strukturni vzorec bo\u017eanskega kraljestva, v katerem imajo Inti, Re in Amaterasu funkcionalno primerljive vloge.<\/p><p>Vendar je pomembno, da Frankfortov vzorec ne pomeni genealo\u0161ke povezave med son\u010dnimi teologijami, temve\u010d gre za vzporedne razvoje pod podobnimi dru\u017ebenostrukturnimi pogoji agrarno utemeljene visoke kulture.<\/p><p>Znotraj Amerike ka\u017ee Inti jasne vzporednice z acte\u0161kim Huitzilopochtlijem in mezoameri\u0161kim son\u010dnim bogom Tonatiuhom, ne da bi bilo mogo\u010de dokazati neposreden stik teh kultur pred letom 1532. Andski kulturni kompleksi so ostali ve\u010dinoma osamljeni. Na \u0161ir\u0161em ameri\u0161kem prostoru je son\u010dna osrednja postava manj prisotna: pri severnoameri\u0161kih Lakotah predstavlja <a href=\"https:\/\/iwell-guard.com\/sl\/?page_id=160673\">Wakan Tanka<\/a> bolj obse\u017eno, manj specifi\u010dno son\u010dno vrhovno bitje.<\/p>\t\t\t\t\t\t\t\t<\/div>\n\t\t\t\t<\/div>\n\t\t\t\t\t<\/div>\n\t\t\t\t<\/div>\n\t\t<div class=\"elementor-element elementor-element-iwgw-inti-s7 e-flex e-con-boxed e-con e-parent\" data-id=\"iwgw-inti-s7\" data-element_type=\"container\" data-e-type=\"container\">\n\t\t\t\t\t<div class=\"e-con-inner\">\n\t\t\t\t<div class=\"elementor-element elementor-element-iwgw-inti-s7h elementor-widget elementor-widget-heading\" data-id=\"iwgw-inti-s7h\" data-element_type=\"widget\" data-e-type=\"widget\" data-widget_type=\"heading.default\">\n\t\t\t\t\t<h2 class=\"elementor-heading-title elementor-size-default\">Sodobno sprejemanje in raziskave<\/h2>\t\t\t\t<\/div>\n\t\t<div class=\"elementor-element elementor-element-iwgw-inti-s7c e-con-full e-flex e-con e-child\" data-id=\"iwgw-inti-s7c\" data-element_type=\"container\" data-e-type=\"container\">\n\t\t\t\t<div class=\"elementor-element elementor-element-iwgw-inti-s7t elementor-widget elementor-widget-text-editor\" data-id=\"iwgw-inti-s7t\" data-element_type=\"widget\" data-e-type=\"widget\" data-widget_type=\"text-editor.default\">\n\t\t\t\t\t\t\t\t\t<p>Po osvojitvi leta 1532 je bil dr\u017eavni Intijev <span class=\"iwg-fachbegriff\" data-tooltip=\"Celota verskih \u010dastitljivih dejanj, namenjenih bo\u017eanstvu ali sveti podobi.\" tabindex=\"0\">kult<\/span> leta 1572 s strani \u0161panske kolonialne uprave sistemati\u010dno zatrt. \u0160kof Bartolom\u00e9 Lobo Guerrero in njegov vizitator Francisco de \u00c1vila sta v letih 1610 in 1620 izvedla velike kampanje <em>extirpaci\u00f3n de idolatr\u00edas<\/em>, v katerih je bilo uni\u010denih tiso\u010de sveti\u0161\u010d huaca.<\/p><p>Kljub temu se je son\u010dni kult ohranil v ljudsko-verskih oblikah, na primer v gorskih procesijah <em>Qoyllur Rit&#8217;i<\/em> pri Cuscu, kjer je zadnji jutranji led na ledeniku (danes zaradi podnebnih sprememb mo\u010dno umaknjen) razumljen kot manifestacija Intija.<\/p><p>Od leta 1944 v Cuscu vsako leto 24. junija poteka praznik <em>Inti Raymi<\/em> kot rekonstruiran folklorni festival na utrdbi Sacsayhuam\u00e1n.<\/p><p>Uprizoritev sega nazaj k perujskemu pisatelju Faustinu Espinozi Navarru in temelji predvsem na opisih Garcilasa de la Vege. Ima znaten turisti\u010dni zna\u010daj, hkrati pa je tudi opora ponovno odkrite avtohtone identitete (<em>movimiento indigenista<\/em>).<\/p><p>V akademskih raziskavah danes v ospredju ni ve\u010d monolitni Intijev <span class=\"iwg-fachbegriff\" data-tooltip=\"Celota verskih \u010dastitljivih dejanj, namenjenih bo\u017eanstvu ali sveti podobi.\" tabindex=\"0\">kult<\/span>, temve\u010d vpra\u0161anje lokalne religioznosti.<\/p><p>Frank Salomon, Tom Zuidema, Catherine Allen, Sabine MacCormack (<em>Religion in the Andes<\/em>, 1991) in Brian Bauer (<em>The Sacred Landscape of the Inca<\/em>, 1998) so pokazali, kako se je dr\u017eavni son\u010dni kult naslonil na gosto mre\u017eo lokalnih sveti\u0161\u010d huaca in gorskega \u010da\u0161\u010denja apu ter po letu 1532 v sinkreti\u010dni obliki \u0161e naprej u\u010dinkoval.<\/p><p>Aktualne arheoastronomske \u0161tudije kamnitih sveti\u0161\u010d, kot je Machu Picchu (Reinhard 2007, Ziegler 2015), to podobo nenehno izpopolnjujejo.<\/p>\t\t\t\t\t\t\t\t<\/div>\n\t\t\t\t<\/div>\n\t\t\t\t\t<\/div>\n\t\t\t\t<\/div>\n\t\t<div class=\"elementor-element elementor-element-iwgw-inti-s8 e-flex e-con-boxed e-con e-parent\" data-id=\"iwgw-inti-s8\" data-element_type=\"container\" data-e-type=\"container\">\n\t\t\t\t\t<div class=\"e-con-inner\">\n\t\t\t\t<div class=\"elementor-element elementor-element-iwgw-inti-s8h elementor-widget elementor-widget-heading\" data-id=\"iwgw-inti-s8h\" data-element_type=\"widget\" data-e-type=\"widget\" data-widget_type=\"heading.default\">\n\t\t\t\t\t<h2 class=\"elementor-heading-title elementor-size-default\">Literatura in viri<\/h2>\t\t\t\t<\/div>\n\t\t<div class=\"elementor-element elementor-element-iwgw-inti-s8c e-con-full e-flex e-con e-child\" data-id=\"iwgw-inti-s8c\" data-element_type=\"container\" data-e-type=\"container\">\n\t\t\t\t<div class=\"elementor-element elementor-element-iwgw-inti-s8t elementor-widget elementor-widget-text-editor\" data-id=\"iwgw-inti-s8t\" data-element_type=\"widget\" data-e-type=\"widget\" data-widget_type=\"text-editor.default\">\n\t\t\t\t\t\t\t\t\t<p>Naslednji izbor navaja osrednje zgodovinske vire in sodobne znanstvene raziskave o Intijevem <span class=\"iwg-fachbegriff\" data-tooltip=\"Celota verskih \u010dastitljivih dejanj, namenjenih bo\u017eanstvu ali sveti podobi.\" tabindex=\"0\">kultu<\/span> v Inkovskem imperiju. Sega od kolonialnih kronik 16. in 17. stoletja do del sodobne andske etnologije in <span class=\"iwg-fachbegriff\" data-tooltip=\"Znanost, ki preu\u010duje pretekle kulture na podlagi materialnih najdb.\" tabindex=\"0\">arheologije<\/span>.<\/p>\t\t\t\t\t\t\t\t<\/div>\n\t\t\t\t<\/div>\n\t\t\t\t\t<\/div>\n\t\t\t\t<\/div>\n\t\t<div class=\"elementor-element elementor-element-cp2e221a20 e-flex e-con-boxed e-con e-parent\" data-id=\"cp2e221a20\" data-element_type=\"container\" data-e-type=\"container\">\n\t\t\t\t\t<div class=\"e-con-inner\">\n\t\t\t\t<div class=\"elementor-element elementor-element-cp28758ced elementor-widget elementor-widget-heading\" data-id=\"cp28758ced\" data-element_type=\"widget\" data-e-type=\"widget\" data-widget_type=\"heading.default\">\n\t\t\t\t\t<h2 class=\"elementor-heading-title elementor-size-default\">Inti Raymi kot dr\u017eavni praznik Inkovskega imperija<\/h2>\t\t\t\t<\/div>\n\t\t<div class=\"elementor-element elementor-element-cp264cc543 e-flex e-con-boxed e-con e-child\" data-id=\"cp264cc543\" data-element_type=\"container\" data-e-type=\"container\">\n\t\t\t\t\t<div class=\"e-con-inner\">\n\t\t\t\t<div class=\"elementor-element elementor-element-cp2c0825f5 elementor-widget elementor-widget-text-editor\" data-id=\"cp2c0825f5\" data-element_type=\"widget\" data-e-type=\"widget\" data-widget_type=\"text-editor.default\">\n\t\t\t\t\t\t\t\t\t<p>Najpomembnej\u0161i ohranjeni praznik son\u010dnega kulta je bil <em>Inti Raymi<\/em>, ki so ga obhajali ob zimskem son\u010dnem obratu junija v Cuscu.<\/p><p>Znan je predvsem po opisu kronista Crist\u00f3bala de Moline iz Cusca, ki je v 1570-ih letih dokumentiral inkovske praznike, ter po navedbah Garcilasa de la Vege in Bernab\u00e9ja Coba. Praznik je ozna\u010deval za\u010detek novega letnega cikla in povezoval sonce, rodovitnost zemlje ter oblast Inke.<\/p><p>Po kronikah se je plemstvo zbralo na osrednjem trgu Cusca. Darovali so lame, \u017ertvovali koruzo in koruzno pivo ter sonce po\u010dastili v <span class=\"iwg-fachbegriff\" data-tooltip=\"Slovesno dejanje, ki poteka po dolo\u010denih pravilih.\" tabindex=\"0\">obredju<\/span>, v katerem je imel Inka kot sin sonca izpostavljeno vlogo.<\/p><p>Praznik je tako slu\u017eil hkrati verskemu \u010da\u0161\u010denju in potrjevanju politi\u010dnega reda. \u0160panska kolonialna uprava je praznik ob koncu 16. stoletja prepovedala kot malikovanje.<\/p><p>Dana\u0161nji <em>Inti Raymi<\/em>, ki ga od leta 1944 vsako leto uprizarjajo v Cuscu, ni neprekinjeno nadaljevanje, temve\u010d sodobna rekonstrukcija. Sega k pobudi pisatelja in indigenista Faustina Espinoze Navarra in se opira predvsem na besedilo Garcilasa.<\/p><p>Raziskave sodobni praznik uvr\u0161\u010dajo v perujski indigenizmo 20. stoletja, gibanje, ki je inkovsko dedi\u0161\u010dino poudarjalo kot temelj narodne identitete. Gre torej za dobro dokumentiran primer, v katerem je bilo predkolonialno <span class=\"iwg-fachbegriff\" data-tooltip=\"Urejeno zaporedje simboli\u010dnih dejanj z versko ali kulturno pomembnostjo.\" tabindex=\"0\">obredje<\/span> iz kronik na novo ustvarjeno in postalo del sodobne identitete, ne da bi obstajalo neprekinjeno kultno <span class=\"iwg-fachbegriff\" data-tooltip=\"Prena\u0161anje znanja in pripovedi skozi generacije.\" tabindex=\"0\">izro\u010dilo<\/span>.<\/p>\t\t\t\t\t\t\t\t<\/div>\n\t\t\t\t\t<\/div>\n\t\t\t\t<\/div>\n\t\t\t\t\t<\/div>\n\t\t\t\t<\/div>\n\t\t<div class=\"elementor-element elementor-element-cp220ba088 e-flex e-con-boxed e-con e-parent\" data-id=\"cp220ba088\" data-element_type=\"container\" data-e-type=\"container\">\n\t\t\t\t\t<div class=\"e-con-inner\">\n\t\t\t\t<div class=\"elementor-element elementor-element-cp2dc475fc elementor-widget elementor-widget-heading\" data-id=\"cp2dc475fc\" data-element_type=\"widget\" data-e-type=\"widget\" data-widget_type=\"heading.default\">\n\t\t\t\t\t<h2 class=\"elementor-heading-title elementor-size-default\">Coricancha in materialno izro\u010dilo son\u010dnega kulta<\/h2>\t\t\t\t<\/div>\n\t\t<div class=\"elementor-element elementor-element-cp259331e8 e-flex e-con-boxed e-con e-child\" data-id=\"cp259331e8\" data-element_type=\"container\" data-e-type=\"container\">\n\t\t\t\t\t<div class=\"e-con-inner\">\n\t\t\t\t<div class=\"elementor-element elementor-element-cp2dcafdd8 elementor-widget elementor-widget-text-editor\" data-id=\"cp2dcafdd8\" data-element_type=\"widget\" data-e-type=\"widget\" data-widget_type=\"text-editor.default\">\n\t\t\t\t\t\t\t\t\t<p>Osrednje <span class=\"iwg-fachbegriff\" data-tooltip=\"Sveto mesto, posve\u010deno \u010da\u0161\u010denju bo\u017eanstva.\" tabindex=\"0\">sveti\u0161\u010de<\/span> son\u010dnega boga je bil <em>Coricancha<\/em> v Cuscu, \u010digar ime lahko prevedemo kot zlato dvori\u0161\u010de ali zlato obzidje. \u0160panski viri ga opisujejo kot bogato okra\u0161enega z zlatom, s stenami, ki naj bi bile deloma oblo\u017eene z zlatimi plo\u0161\u010dami.<\/p><p>Po osvojitvi so zlato pretopili, \u0160panci pa so na temeljih sveti\u0161\u010da zgradili samostan Santo Domingo. Mogo\u010dno inkovsko kamnito obzidje je ohranjeno do danes in vidno v podobi mesta Cusco.<\/p><p>Za znanstveno vrednotenje je <em>Coricancha<\/em> pomembna, ker predstavlja redek primer, kjer se pisni viri in ostanki stavb dopolnjujejo. Ohranjena arhitektura omogo\u010da sklepanje o razporeditvi prostorov, \u010deprav natan\u010dna funkcija posameznih delov ostaja predmet razprav.<\/p><p>Med drugim se razpravlja o tem, da v <em>Coricanchi<\/em> ni bilo le sonce, temve\u010d ve\u010d bo\u017eanstev, pa tudi balzamirana telesa umrlih vladarjev.<\/p><p>Astronom in antropolog R. T. Zuidema je v vrsti del zastopal tezo, da je iz <em>Coricanche<\/em> izhajal sistem nami\u0161ljenih linij, imenovanih <em>ceque<\/em>, ob katerih so bila v okolici Cusca \u0161tevilna sveti\u0161\u010da. Te linije naj bi imele tako obredno kot koledarsko funkcijo.<\/p><p>Teza je vplivna, vendar ne brez ugovorov, saj temelji predvsem na seznamu sveti\u0161\u010d pri Bernab\u00e9ju Cobu, katerega razlaga je predmet spora. <em>Coricancha<\/em> tako ostaja osrednja, a le delno razjasnjena referen\u010dna to\u010dka za razumevanje son\u010dnega kulta.<\/p>\t\t\t\t\t\t\t\t<\/div>\n\t\t\t\t\t<\/div>\n\t\t\t\t<\/div>\n\t\t\t\t\t<\/div>\n\t\t\t\t<\/div>\n\t\t<div class=\"elementor-element elementor-element-iwgw-inti-lit e-flex e-con-boxed e-con e-parent\" data-id=\"iwgw-inti-lit\" data-element_type=\"container\" data-e-type=\"container\">\n\t\t\t\t\t<div class=\"e-con-inner\">\n\t\t\t\t<div class=\"elementor-element elementor-element-iwgw-inti-lith elementor-widget elementor-widget-heading\" data-id=\"iwgw-inti-lith\" data-element_type=\"widget\" data-e-type=\"widget\" data-widget_type=\"heading.default\">\n\t\t\t\t\t<h2 class=\"elementor-heading-title elementor-size-default\">Literatura (izbor)<\/h2>\t\t\t\t<\/div>\n\t\t<div class=\"elementor-element elementor-element-iwgw-inti-litc e-con-full e-flex e-con e-child\" data-id=\"iwgw-inti-litc\" data-element_type=\"container\" data-e-type=\"container\">\n\t\t\t\t<div class=\"elementor-element elementor-element-iwgw-inti-litt elementor-widget elementor-widget-text-editor\" data-id=\"iwgw-inti-litt\" data-element_type=\"widget\" data-e-type=\"widget\" data-widget_type=\"text-editor.default\">\n\t\t\t\t\t\t\t\t\t<ul><li>Garcilaso de la Vega: <em>Comentarios Reales de los Incas<\/em> (1609)<\/li><li>Bernabe Cobo: <em>Historia del Nuevo Mundo<\/em> (1653)<\/li><li>Catherine Allen: <em>The Hold Life Has<\/em> (2002)<\/li><li>Tom Zuidema: <em>The Ceque System of Cuzco<\/em> (1964)<\/li><li>Sabine MacCormack: <em>Religion in the Andes<\/em> (1991)<\/li><li>Brian Bauer: <em>The Sacred Landscape of the Inca<\/em> (1998)<\/li><li>Teresa Gisbert: <em>Iconografia y mitos indigenas en el arte<\/em> (1980)<\/li><\/ul>\t\t\t\t\t\t\t\t<\/div>\n\t\t\t\t<\/div>\n\t\t\t\t\t<\/div>\n\t\t\t\t<\/div>\n\t\t<div class=\"elementor-element elementor-element-iwgkw2-add-inti e-flex e-con-boxed e-con e-parent\" data-id=\"iwgkw2-add-inti\" data-element_type=\"container\" data-e-type=\"container\">\n\t\t\t\t\t<div class=\"e-con-inner\">\n\t\t\t\t<div class=\"elementor-element elementor-element-iwgkw2-add-inti-t elementor-widget elementor-widget-text-editor\" data-id=\"iwgkw2-add-inti-t\" data-element_type=\"widget\" data-e-type=\"widget\" data-widget_type=\"text-editor.default\">\n\t\t\t\t\t\t\t\t\t<p>Kot <strong>prednik<\/strong> inkovskih vladarjev je Inti legitimiral kraljevsko linijo Cusca in povezal politi\u010dno sredi\u0161\u010de cesarstva s kozmi\u010dno pripovedjo o izvoru.<\/p>\t\t\t\t\t\t\t\t<\/div>\n\t\t\t\t\t<\/div>\n\t\t\t\t<\/div>\n\t\t<div class=\"elementor-element elementor-element-iwgw-inti-kwd e-flex e-con-boxed e-con e-parent\" data-id=\"iwgw-inti-kwd\" data-element_type=\"container\" data-e-type=\"container\">\n\t\t\t\t\t<div class=\"e-con-inner\">\n\t\t<div class=\"elementor-element elementor-element-iwgw-inti-kwdc e-con-full e-flex e-con e-child\" data-id=\"iwgw-inti-kwdc\" data-element_type=\"container\" data-e-type=\"container\">\n\t\t\t\t<div class=\"elementor-element elementor-element-iwgw-inti-kwdt elementor-widget elementor-widget-text-editor\" data-id=\"iwgw-inti-kwdt\" data-element_type=\"widget\" data-e-type=\"widget\" data-widget_type=\"text-editor.default\">\n\t\t\t\t\t\t\t\t\t<p><em>Sorodni klju\u010dni pojmi: Inti Quechua Capac Inti Raymi Cusco Coricancha Pachakuti Punchao Tawantinsuyu.<\/em><\/p>\t\t\t\t\t\t\t\t<\/div>\n\t\t\t\t<\/div>\n\t\t\t\t\t<\/div>\n\t\t\t\t<\/div>\n\t\t<div class=\"elementor-element elementor-element-iwgw-inti-cc e-flex e-con-boxed e-con e-parent\" data-id=\"iwgw-inti-cc\" data-element_type=\"container\" data-e-type=\"container\" id=\"iwg-cc-inti\">\n\t\t\t\t\t<div class=\"e-con-inner\">\n\t\t<div class=\"elementor-element elementor-element-iwgw-inti-ccinner e-flex e-con-boxed e-con e-parent\" data-id=\"iwgw-inti-ccinner\" data-element_type=\"container\" data-e-type=\"container\" data-settings=\"{&quot;background_background&quot;:&quot;classic&quot;}\">\n\t\t\t\t\t<div class=\"e-con-inner\">\n\t\t\t\t<div class=\"elementor-element elementor-element-iwgw-inti-cch elementor-widget elementor-widget-heading\" data-id=\"iwgw-inti-cch\" data-element_type=\"widget\" data-e-type=\"widget\" data-widget_type=\"heading.default\">\n\t\t\t\t\t<h2 class=\"elementor-heading-title elementor-size-default\">iWell Guard in tradicije za\u0161\u010dite<\/h2>\t\t\t\t<\/div>\n\t\t\t\t<div class=\"elementor-element elementor-element-iwgw-inti-cct elementor-widget elementor-widget-text-editor\" data-id=\"iwgw-inti-cct\" data-element_type=\"widget\" data-e-type=\"widget\" data-widget_type=\"text-editor.default\">\n\t\t\t\t\t\t\t\t\t<div data-nosnippet=\"true\"><p>iWell Guard nadaljuje kulturnozgodovinsko tradicijo nosljivih za\u0161\u010ditnih predmetov, v tradiciji <a href=\"https:\/\/iwell-guard.com\/sl\/?page_id=160653\">Andov \/ Inkov<\/a> in \u0161tevilnih drugih kultur po svetu. 41 plasti, pravo zlato, platina, srebro, izdelano v Nem\u010diji. 30-dnevna pravica do vra\u010dila.<\/p><\/div>\t\t\t\t\t\t\t\t<\/div>\n\t\t\t\t<div class=\"elementor-element elementor-element-iwgw-inti-ccb iwg-cc-button iwg-cc-cta-2026-05-13 elementor-widget elementor-widget-jet-button\" data-id=\"iwgw-inti-ccb\" data-element_type=\"widget\" data-e-type=\"widget\" data-widget_type=\"jet-button.default\">\n\t\t\t\t<div class=\"elementor-widget-container\">\n\t\t\t\t\t<div class=\"elementor-jet-button jet-elements\"><div class=\"jet-button__container\"><a class=\"jet-button__instance jet-button__instance--icon-left hover-effect-1\" href=\"\/ueber-iwell-guard\/?utm_source=iwell-guard.com&amp;utm_medium=info-box&amp;utm_campaign=wesen-tradition\"><div class=\"jet-button__plane jet-button__plane-normal\"><\/div><div class=\"jet-button__plane jet-button__plane-hover\"><\/div><div class=\"jet-button__state jet-button__state-normal\"><span class=\"jet-button__label\">Ve\u010d o iWell Guard<\/span><\/div><div class=\"jet-button__state jet-button__state-hover\"><span class=\"jet-button__label\">Ve\u010d o iWell Guard<\/span><\/div><\/a><\/div><\/div><style>.elementor-element.elementor-element-iwgw-inti-ccb .jet-button__instance{width:320px;height:56px;}.elementor-element.elementor-element-iwgw-inti-ccb .jet-button__state-normal .jet-button__label{text-align:center;margin:0px 0px 0px 0px;color:#1a1b20;font-family:Montserrat,sans-serif;font-size:13px;font-weight:400;letter-spacing:4px;line-height:1.714em;text-transform:uppercase;}.elementor-element.elementor-element-iwgw-inti-ccb .jet-button__state-hover .jet-button__label{text-align:center;margin:0px 0px 0px 0px;color:#FECC76;font-family:Montserrat,sans-serif;font-size:13px;font-weight:400;letter-spacing:4px;line-height:1.714em;text-transform:uppercase;}.elementor-element.elementor-element-iwgw-inti-ccb .jet-button__plane-normal{background-color:#FECC76;border-style:solid;border-color:#C99540;border-width:2px 2px 2px 2px;}.elementor-element.elementor-element-iwgw-inti-ccb .jet-button__plane-hover{background-color:rgba(0,0,0,0.55);border-style:solid;border-color:#FECC76;border-width:2px 2px 2px 2px;}<\/style>\t\t\t\t<\/div>\n\t\t\t\t<\/div>\n\t\t\t\t<div class=\"elementor-element elementor-element-iwgw-inti-ccd elementor-widget elementor-widget-text-editor\" data-id=\"iwgw-inti-ccd\" data-element_type=\"widget\" data-e-type=\"widget\" data-widget_type=\"text-editor.default\">\n\t\t\t\t\t\t\t\t\t<div data-nosnippet=\"true\"><p style=\"text-align:center;font-size:13px;opacity:0.7;margin-top:14px\" data-nosnippet=\"true\">Osebne izku\u0161nje se lahko razlikujejo. Ni medicinski pripomo\u010dek. Brez obljube o ozdravitvi.<\/p><\/div>\t\t\t\t\t\t\t\t<\/div>\n\t\t\t\t\t<\/div>\n\t\t\t\t<\/div>\n\t\t\t\t\t<\/div>\n\t\t\t\t<\/div>\n\t\t<div class=\"elementor-element elementor-element-iwgw-inti-disc e-flex e-con-boxed e-con e-parent\" data-id=\"iwgw-inti-disc\" data-element_type=\"container\" data-e-type=\"container\">\n\t\t\t\t\t<div class=\"e-con-inner\">\n\t\t\t\t<div class=\"elementor-element elementor-element-iwgw-inti-discw elementor-widget elementor-widget-html\" data-id=\"iwgw-inti-discw\" data-element_type=\"widget\" data-e-type=\"widget\" data-widget_type=\"html.default\">\n\t\t\t\t\t<footer data-nosnippet=\"true\" class=\"iwg-disclaimer-block\"><p data-nosnippet=\"true\">iWell Guard <strong>ni medicinski pripomo\u010dek<\/strong> in ne nadome\u0161\u010da zdravni\u0161ke ali psihoterapevtske obravnave. Religiologske vsebine so kulturnozgodovinska umestitev, ne priporo\u010dilo za duhovno prakso.<\/p><\/footer>\t\t\t\t<\/div>\n\t\t\t\t\t<\/div>\n\t\t\t\t<\/div>\n\t\t\t\t<\/div>\n\t\t","protected":false},"excerpt":{"rendered":"","protected":false},"author":3,"featured_media":2678,"parent":0,"menu_order":0,"comment_status":"closed","ping_status":"closed","template":"elementor_header_footer","meta":{"_yoast_wpseo_focuskw":"Inti bog sonca Inkov","_yoast_wpseo_title":"Inti \u2013 bog sonca Inkov in pantheon","_yoast_wpseo_metadesc":"Inti, bog sonca Inkov, velja za o\u010deta vladarske dinastije in je osrednja osebnost praznika Inti Raymi, dr\u017eavnega kulta ob Viracochi in Mama Killi.","_yoast_wpseo_meta-robots-noindex":"","_yoast_wpseo_canonical":"","_angie_page":false,"gefaehrdungsstufe":"2","wesen_kultur":"anden-inka","wesen_klasse":"goetter","footnotes":""},"categories":[],"class_list":["post-160663","page","type-page","status-publish","has-post-thumbnail","hentry"],"yoast_head":"<!-- This site is optimized with the Yoast SEO Premium plugin v27.7 (Yoast SEO v28.3) - https:\/\/yoast.com\/product\/yoast-seo-premium-wordpress\/ -->\n<title>Inti \u2013 bog sonca Inkov in pantheon<\/title>\n<meta name=\"description\" content=\"Inti, bog sonca Inkov, velja za o\u010deta vladarske dinastije in je osrednja osebnost praznika Inti Raymi, dr\u017eavnega kulta ob Viracochi in Mama Killi.\" \/>\n<meta name=\"robots\" content=\"index, follow, max-snippet:-1, max-image-preview:large, max-video-preview:-1\" \/>\n<link rel=\"canonical\" href=\"https:\/\/iwell-guard.com\/sl\/inti-bog-sonca-inkov\/\" \/>\n<meta property=\"og:locale\" content=\"sl_SI\" \/>\n<meta property=\"og:type\" content=\"article\" \/>\n<meta property=\"og:title\" content=\"Inti \u2013 bog sonca Inkov\" \/>\n<meta property=\"og:description\" content=\"Inti, bog sonca Inkov, velja za o\u010deta vladarske dinastije in je osrednja osebnost praznika Inti Raymi, dr\u017eavnega kulta ob Viracochi in Mama Killi.\" \/>\n<meta property=\"og:url\" content=\"https:\/\/iwell-guard.com\/sl\/inti-bog-sonca-inkov\/\" \/>\n<meta property=\"og:site_name\" content=\"iWell Guard\" \/>\n<meta property=\"article:modified_time\" content=\"2026-09-05T00:42:50+00:00\" \/>\n<meta property=\"og:image\" content=\"https:\/\/iwell-guard.com\/wp-content\/uploads\/2026\/05\/goetter_anden-inka_inti.webp\" \/>\n\t<meta property=\"og:image:width\" content=\"1024\" \/>\n\t<meta property=\"og:image:height\" content=\"1536\" \/>\n\t<meta property=\"og:image:type\" content=\"image\/webp\" \/>\n<meta name=\"twitter:card\" content=\"summary_large_image\" \/>\n<script type=\"application\/ld+json\" class=\"yoast-schema-graph\">{\"@context\":\"https:\\\/\\\/schema.org\",\"@graph\":[{\"@type\":\"WebPage\",\"@id\":\"https:\\\/\\\/iwell-guard.com\\\/sl\\\/inti-bog-sonca-inkov\\\/\",\"url\":\"https:\\\/\\\/iwell-guard.com\\\/sl\\\/inti-bog-sonca-inkov\\\/\",\"name\":\"Inti \u2013 bog sonca Inkov in pantheon\",\"isPartOf\":{\"@id\":\"https:\\\/\\\/iwell-guard.com\\\/sl\\\/#website\"},\"primaryImageOfPage\":{\"@id\":\"https:\\\/\\\/iwell-guard.com\\\/sl\\\/inti-bog-sonca-inkov\\\/#primaryimage\"},\"image\":{\"@id\":\"https:\\\/\\\/iwell-guard.com\\\/sl\\\/inti-bog-sonca-inkov\\\/#primaryimage\"},\"thumbnailUrl\":\"https:\\\/\\\/iwell-guard.com\\\/wp-content\\\/uploads\\\/2026\\\/05\\\/goetter_anden-inka_inti.webp\",\"datePublished\":\"2026-09-05T00:23:56+00:00\",\"dateModified\":\"2026-09-05T00:42:50+00:00\",\"description\":\"Inti, bog sonca Inkov, velja za o\u010deta vladarske dinastije in je osrednja osebnost praznika Inti Raymi, dr\u017eavnega kulta ob Viracochi in Mama Killi.\",\"breadcrumb\":{\"@id\":\"https:\\\/\\\/iwell-guard.com\\\/sl\\\/inti-bog-sonca-inkov\\\/#breadcrumb\"},\"inLanguage\":\"sl-SI\",\"potentialAction\":[{\"@type\":\"ReadAction\",\"target\":[\"https:\\\/\\\/iwell-guard.com\\\/sl\\\/inti-bog-sonca-inkov\\\/\"]}]},{\"@type\":\"ImageObject\",\"inLanguage\":\"sl-SI\",\"@id\":\"https:\\\/\\\/iwell-guard.com\\\/sl\\\/inti-bog-sonca-inkov\\\/#primaryimage\",\"url\":\"https:\\\/\\\/iwell-guard.com\\\/wp-content\\\/uploads\\\/2026\\\/05\\\/goetter_anden-inka_inti.webp\",\"contentUrl\":\"https:\\\/\\\/iwell-guard.com\\\/wp-content\\\/uploads\\\/2026\\\/05\\\/goetter_anden-inka_inti.webp\",\"width\":1024,\"height\":1536,\"caption\":\"Bogovi iz andsko-inkovske tradicije.\"},{\"@type\":\"BreadcrumbList\",\"@id\":\"https:\\\/\\\/iwell-guard.com\\\/sl\\\/inti-bog-sonca-inkov\\\/#breadcrumb\",\"itemListElement\":[{\"@type\":\"ListItem\",\"position\":1,\"name\":\"Start\",\"item\":\"https:\\\/\\\/iwell-guard.com\\\/sl\\\/?page_id=160323\"},{\"@type\":\"ListItem\",\"position\":2,\"name\":\"Inti \u2013 bog sonca Inkov\"}]},{\"@type\":\"WebSite\",\"@id\":\"https:\\\/\\\/iwell-guard.com\\\/sl\\\/#website\",\"url\":\"https:\\\/\\\/iwell-guard.com\\\/sl\\\/\",\"name\":\"iWell Guard\",\"description\":\"Schutz vor dunklen Einfl\u00fcssen\",\"publisher\":{\"@id\":\"https:\\\/\\\/iwell-guard.com\\\/sl\\\/#organization\"},\"potentialAction\":[{\"@type\":\"SearchAction\",\"target\":{\"@type\":\"EntryPoint\",\"urlTemplate\":\"https:\\\/\\\/iwell-guard.com\\\/sl\\\/?s={search_term_string}\"},\"query-input\":{\"@type\":\"PropertyValueSpecification\",\"valueRequired\":true,\"valueName\":\"search_term_string\"}}],\"inLanguage\":\"sl-SI\"},{\"@type\":\"Organization\",\"@id\":\"https:\\\/\\\/iwell-guard.com\\\/sl\\\/#organization\",\"name\":\"Ittermann electronic GmbH\",\"url\":\"https:\\\/\\\/iwell-guard.com\\\/sl\\\/\",\"logo\":{\"@type\":\"ImageObject\",\"inLanguage\":\"sl-SI\",\"@id\":\"https:\\\/\\\/iwell-guard.com\\\/sl\\\/#\\\/schema\\\/logo\\\/image\\\/\",\"url\":\"https:\\\/\\\/iwell-guard.com\\\/wp-content\\\/uploads\\\/2026\\\/05\\\/Ittermann-Logo-1182x237-1.png\",\"contentUrl\":\"https:\\\/\\\/iwell-guard.com\\\/wp-content\\\/uploads\\\/2026\\\/05\\\/Ittermann-Logo-1182x237-1.png\",\"width\":1182,\"height\":237,\"caption\":\"Ittermann electronic GmbH\"},\"image\":{\"@id\":\"https:\\\/\\\/iwell-guard.com\\\/sl\\\/#\\\/schema\\\/logo\\\/image\\\/\"},\"sameAs\":[\"https:\\\/\\\/pantip.com\\\/profile\\\/9367242\",\"https:\\\/\\\/micro.blog\\\/iwellguard\",\"https:\\\/\\\/www.diggerslist.com\\\/iwellguard\\\/about\",\"https:\\\/\\\/skitterphoto.com\\\/photographers\\\/2870314\\\/iwell-guard\",\"https:\\\/\\\/iwellguard.wordpress.com\\\/2026\\\/06\\\/06\\\/iwell-guard\\\/\",\"https:\\\/\\\/hub.docker.com\\\/u\\\/iwellguard\",\"https:\\\/\\\/www.pinterest.com\\\/iwellguard\\\/\",\"https:\\\/\\\/bit.ly\\\/m\\\/iwellguard\",\"https:\\\/\\\/entre-vos-mains.alsace.eu\\\/profiles\\\/iwellguard\\\/activity\",\"https:\\\/\\\/gravatar.com\\\/reallybeded8fd34\",\"https:\\\/\\\/naijamatta.com\\\/iwellguard\",\"https:\\\/\\\/www.goodreads.com\\\/iwellguard\",\"https:\\\/\\\/profile.hatena.ne.jp\\\/iwellguard\\\/\",\"https:\\\/\\\/experiment.com\\\/users\\\/iwellguard\",\"https:\\\/\\\/wakelet.com\\\/@iWellGuard82270\",\"https:\\\/\\\/www.chordie.com\\\/forum\\\/profile.php?id=2555664\",\"https:\\\/\\\/www.instapaper.com\\\/p\\\/17757966\",\"https:\\\/\\\/www.mapleprimes.com\\\/users\\\/iwellguard\",\"https:\\\/\\\/businesslistingplus.com\\\/profile\\\/iwell-guard\\\/\",\"https:\\\/\\\/telegra.ph\\\/iWell-Guard-06-06\",\"https:\\\/\\\/pbase.com\\\/iwellguard\\\/iwellguard\",\"https:\\\/\\\/b.hatena.ne.jp\\\/iwellguard\\\/20260607#bookmark-4788405196491818882\",\"https:\\\/\\\/fliphtml5.com\\\/home\\\/iwellguard\",\"https:\\\/\\\/anyflip.com\\\/homepage\\\/cmiwl#About\",\"https:\\\/\\\/transfur.com\\\/Users\\\/iwellguard\",\"http:\\\/\\\/delphi.larsbo.org\\\/user\\\/iwellguard\",\"https:\\\/\\\/jobs.lajobsportal.org\\\/profiles\\\/8380803-iwell-guard\",\"https:\\\/\\\/md.chaosdorf.de\\\/s\\\/jfbe5SBdJD\",\"https:\\\/\\\/www.lingvolive.com\\\/en-us\\\/profile\\\/9ecaeaca-ce11-4e51-9e71-01d55e2bff36\\\/translations\",\"https:\\\/\\\/www.fitday.com\\\/fitness\\\/forums\\\/members\\\/iwellguard.html\",\"https:\\\/\\\/www.mymeetbook.com\\\/iwellguard\",\"https:\\\/\\\/pxhere.com\\\/en\\\/photographer-me\\\/5040798\",\"https:\\\/\\\/disqus.com\\\/by\\\/iwellguard\\\/about\\\/\",\"https:\\\/\\\/pastelink.net\\\/hjwciqwq\",\"https:\\\/\\\/pubhtml5.com\\\/homepage\\\/scjhn\\\/\",\"https:\\\/\\\/www.bitchute.com\\\/channel\\\/2O2eOKzNqujT\",\"https:\\\/\\\/audiomack.com\\\/iwellguard\"]},{\"@type\":\"Article\",\"@id\":\"https:\\\/\\\/iwell-guard.com\\\/sl\\\/inti-bog-sonca-inkov\\\/#article\",\"isPartOf\":{\"@id\":\"https:\\\/\\\/iwell-guard.com\\\/sl\\\/inti-bog-sonca-inkov\\\/\"},\"author\":{\"name\":\"Ralf Ittermann\",\"@id\":\"https:\\\/\\\/iwell-guard.com\\\/sl\\\/#\\\/schema\\\/person\\\/ee2a27f1cac3406c7c6fb5820cb7349f\"},\"headline\":\"Inti \u2013 bog sonca Inkov\",\"datePublished\":\"2026-09-05T00:23:56+00:00\",\"dateModified\":\"2026-09-05T00:42:50+00:00\",\"mainEntityOfPage\":{\"@id\":\"https:\\\/\\\/iwell-guard.com\\\/sl\\\/inti-bog-sonca-inkov\\\/\"},\"publisher\":{\"@id\":\"https:\\\/\\\/iwell-guard.com\\\/sl\\\/#organization\"},\"image\":{\"@id\":\"https:\\\/\\\/iwell-guard.com\\\/sl\\\/inti-bog-sonca-inkov\\\/#primaryimage\"},\"thumbnailUrl\":\"https:\\\/\\\/iwell-guard.com\\\/wp-content\\\/uploads\\\/2026\\\/05\\\/goetter_anden-inka_inti.webp\",\"inLanguage\":\"sl-SI\",\"description\":\"Inti, bog sonca Inkov, velja za o\u010deta vladarske dinastije in je osrednja osebnost praznika Inti Raymi, dr\u017eavnega kulta ob Viracochi in Mama Killi.\"}]}<\/script>\n<!-- \/ Yoast SEO Premium plugin. -->","yoast_head_json":{"title":"Inti \u2013 bog sonca Inkov in pantheon","description":"Inti, bog sonca Inkov, velja za o\u010deta vladarske dinastije in je osrednja osebnost praznika Inti Raymi, dr\u017eavnega kulta ob Viracochi in Mama Killi.","robots":{"index":"index","follow":"follow","max-snippet":"max-snippet:-1","max-image-preview":"max-image-preview:large","max-video-preview":"max-video-preview:-1"},"canonical":"https:\/\/iwell-guard.com\/sl\/inti-bog-sonca-inkov\/","og_locale":"sl_SI","og_type":"article","og_title":"Inti \u2013 bog sonca Inkov","og_description":"Inti, bog sonca Inkov, velja za o\u010deta vladarske dinastije in je osrednja osebnost praznika Inti Raymi, dr\u017eavnega kulta ob Viracochi in Mama Killi.","og_url":"https:\/\/iwell-guard.com\/sl\/inti-bog-sonca-inkov\/","og_site_name":"iWell Guard","article_modified_time":"2026-09-05T00:42:50+00:00","og_image":[{"width":1024,"height":1536,"url":"https:\/\/iwell-guard.com\/wp-content\/uploads\/2026\/05\/goetter_anden-inka_inti.webp","type":"image\/webp"}],"twitter_card":"summary_large_image","schema":{"@context":"https:\/\/schema.org","@graph":[{"@type":"Article","@id":"https:\/\/iwell-guard.com\/sl\/inti-bog-sonca-inkov\/#article","isPartOf":{"@id":"https:\/\/iwell-guard.com\/sl\/inti-bog-sonca-inkov\/"},"author":{"name":"Ralf Ittermann","@id":"https:\/\/iwell-guard.com\/sl\/#\/schema\/person\/ee2a27f1cac3406c7c6fb5820cb7349f"},"headline":"Inti \u2013 bog sonca Inkov","datePublished":"2026-09-05T00:23:56+00:00","dateModified":"2026-09-05T00:42:50+00:00","mainEntityOfPage":{"@id":"https:\/\/iwell-guard.com\/sl\/inti-bog-sonca-inkov\/"},"publisher":{"@id":"https:\/\/iwell-guard.com\/sl\/#organization"},"image":{"@id":"https:\/\/iwell-guard.com\/sl\/inti-bog-sonca-inkov\/#primaryimage"},"thumbnailUrl":"https:\/\/iwell-guard.com\/wp-content\/uploads\/2026\/05\/goetter_anden-inka_inti.webp","inLanguage":"sl-SI","description":"Inti, bog sonca Inkov, velja za o\u010deta vladarske dinastije in je osrednja osebnost praznika Inti Raymi, dr\u017eavnega kulta ob Viracochi in Mama Killi."},{"@type":"WebPage","@id":"https:\/\/iwell-guard.com\/sl\/inti-bog-sonca-inkov\/","url":"https:\/\/iwell-guard.com\/sl\/inti-bog-sonca-inkov\/","name":"Inti \u2013 bog sonca Inkov in pantheon","isPartOf":{"@id":"https:\/\/iwell-guard.com\/sl\/#website"},"primaryImageOfPage":{"@id":"https:\/\/iwell-guard.com\/sl\/inti-bog-sonca-inkov\/#primaryimage"},"image":{"@id":"https:\/\/iwell-guard.com\/sl\/inti-bog-sonca-inkov\/#primaryimage"},"thumbnailUrl":"https:\/\/iwell-guard.com\/wp-content\/uploads\/2026\/05\/goetter_anden-inka_inti.webp","datePublished":"2026-09-05T00:23:56+00:00","dateModified":"2026-09-05T00:42:50+00:00","description":"Inti, bog sonca Inkov, velja za o\u010deta vladarske dinastije in je osrednja osebnost praznika Inti Raymi, dr\u017eavnega kulta ob Viracochi in Mama Killi.","breadcrumb":{"@id":"https:\/\/iwell-guard.com\/sl\/inti-bog-sonca-inkov\/#breadcrumb"},"inLanguage":"sl-SI","potentialAction":[{"@type":"ReadAction","target":["https:\/\/iwell-guard.com\/sl\/inti-bog-sonca-inkov\/"]}]},{"@type":"ImageObject","inLanguage":"sl-SI","@id":"https:\/\/iwell-guard.com\/sl\/inti-bog-sonca-inkov\/#primaryimage","url":"https:\/\/iwell-guard.com\/wp-content\/uploads\/2026\/05\/goetter_anden-inka_inti.webp","contentUrl":"https:\/\/iwell-guard.com\/wp-content\/uploads\/2026\/05\/goetter_anden-inka_inti.webp","width":1024,"height":1536,"caption":"Bogovi iz andsko-inkovske tradicije."},{"@type":"BreadcrumbList","@id":"https:\/\/iwell-guard.com\/sl\/inti-bog-sonca-inkov\/#breadcrumb","itemListElement":[{"@type":"ListItem","position":1,"name":"Start","item":"https:\/\/iwell-guard.com\/sl\/?page_id=160323"},{"@type":"ListItem","position":2,"name":"Inti \u2013 bog sonca Inkov"}]},{"@type":"WebSite","@id":"https:\/\/iwell-guard.com\/sl\/#website","url":"https:\/\/iwell-guard.com\/sl\/","name":"iWell Guard","description":"Schutz vor dunklen Einfl\u00fcssen","publisher":{"@id":"https:\/\/iwell-guard.com\/sl\/#organization"},"potentialAction":[{"@type":"SearchAction","target":{"@type":"EntryPoint","urlTemplate":"https:\/\/iwell-guard.com\/sl\/?s={search_term_string}"},"query-input":{"@type":"PropertyValueSpecification","valueRequired":true,"valueName":"search_term_string"}}],"inLanguage":"sl-SI"},{"@type":"Organization","@id":"https:\/\/iwell-guard.com\/sl\/#organization","name":"Ittermann electronic GmbH","url":"https:\/\/iwell-guard.com\/sl\/","logo":{"@type":"ImageObject","inLanguage":"sl-SI","@id":"https:\/\/iwell-guard.com\/sl\/#\/schema\/logo\/image\/","url":"https:\/\/iwell-guard.com\/wp-content\/uploads\/2026\/05\/Ittermann-Logo-1182x237-1.png","contentUrl":"https:\/\/iwell-guard.com\/wp-content\/uploads\/2026\/05\/Ittermann-Logo-1182x237-1.png","width":1182,"height":237,"caption":"Ittermann electronic GmbH"},"image":{"@id":"https:\/\/iwell-guard.com\/sl\/#\/schema\/logo\/image\/"},"sameAs":["https:\/\/pantip.com\/profile\/9367242","https:\/\/micro.blog\/iwellguard","https:\/\/www.diggerslist.com\/iwellguard\/about","https:\/\/skitterphoto.com\/photographers\/2870314\/iwell-guard","https:\/\/iwellguard.wordpress.com\/2026\/06\/06\/iwell-guard\/","https:\/\/hub.docker.com\/u\/iwellguard","https:\/\/www.pinterest.com\/iwellguard\/","https:\/\/bit.ly\/m\/iwellguard","https:\/\/entre-vos-mains.alsace.eu\/profiles\/iwellguard\/activity","https:\/\/gravatar.com\/reallybeded8fd34","https:\/\/naijamatta.com\/iwellguard","https:\/\/www.goodreads.com\/iwellguard","https:\/\/profile.hatena.ne.jp\/iwellguard\/","https:\/\/experiment.com\/users\/iwellguard","https:\/\/wakelet.com\/@iWellGuard82270","https:\/\/www.chordie.com\/forum\/profile.php?id=2555664","https:\/\/www.instapaper.com\/p\/17757966","https:\/\/www.mapleprimes.com\/users\/iwellguard","https:\/\/businesslistingplus.com\/profile\/iwell-guard\/","https:\/\/telegra.ph\/iWell-Guard-06-06","https:\/\/pbase.com\/iwellguard\/iwellguard","https:\/\/b.hatena.ne.jp\/iwellguard\/20260607#bookmark-4788405196491818882","https:\/\/fliphtml5.com\/home\/iwellguard","https:\/\/anyflip.com\/homepage\/cmiwl#About","https:\/\/transfur.com\/Users\/iwellguard","http:\/\/delphi.larsbo.org\/user\/iwellguard","https:\/\/jobs.lajobsportal.org\/profiles\/8380803-iwell-guard","https:\/\/md.chaosdorf.de\/s\/jfbe5SBdJD","https:\/\/www.lingvolive.com\/en-us\/profile\/9ecaeaca-ce11-4e51-9e71-01d55e2bff36\/translations","https:\/\/www.fitday.com\/fitness\/forums\/members\/iwellguard.html","https:\/\/www.mymeetbook.com\/iwellguard","https:\/\/pxhere.com\/en\/photographer-me\/5040798","https:\/\/disqus.com\/by\/iwellguard\/about\/","https:\/\/pastelink.net\/hjwciqwq","https:\/\/pubhtml5.com\/homepage\/scjhn\/","https:\/\/www.bitchute.com\/channel\/2O2eOKzNqujT","https:\/\/audiomack.com\/iwellguard"]},{"@type":"Person","@id":"https:\/\/iwell-guard.com\/sl\/#\/schema\/person\/ee2a27f1cac3406c7c6fb5820cb7349f","name":"Ralf Ittermann","image":{"@type":"ImageObject","inLanguage":"sl-SI","@id":"https:\/\/secure.gravatar.com\/avatar\/073c0153e350a5005b68eb752b445fea71f6b24a26da9449ad7e155e6b446c9d?s=96&d=mm&r=g","url":"https:\/\/secure.gravatar.com\/avatar\/073c0153e350a5005b68eb752b445fea71f6b24a26da9449ad7e155e6b446c9d?s=96&d=mm&r=g","contentUrl":"https:\/\/secure.gravatar.com\/avatar\/073c0153e350a5005b68eb752b445fea71f6b24a26da9449ad7e155e6b446c9d?s=96&d=mm&r=g","caption":"Ralf Ittermann"},"givenName":"Ralf","familyName":"Ittermann","jobTitle":"Gesch\u00e4ftsf\u00fchrer und redaktioneller Verantwortlicher","url":"https:\/\/iwell-guard.com\/sl\/author\/claude\/","description":"Ralf Ittermann ist Gesch\u00e4ftsf\u00fchrer der Ittermann electronic GmbH und redaktioneller Verantwortlicher des iWell-Guard-Lexikons. Er verbindet langj\u00e4hrige Erfahrung in der Pr\u00e4zisionsfertigung mit medialer Praxis und religionsgeschichtlicher Quellenarbeit.","worksFor":{"@type":"Organization","name":"Ittermann electronic GmbH","url":"https:\/\/ittermann.de\/","address":{"@type":"PostalAddress","streetAddress":"K\u00f6hlergasse 16-18","postalCode":"99842","addressLocality":"Ruhla","addressCountry":"DE"}},"knowsAbout":["Religionsgeschichte","Mythologie","Mediale Praxis","Energetische Diagnostik","Schutzpraxis","Volksglauben","Westliche Esoterik"]},{"@type":"Article","@id":"https:\/\/iwell-guard.com\/sl\/inti-bog-sonca-inkov\/#article","isPartOf":{"@id":"https:\/\/iwell-guard.com\/sl\/inti-bog-sonca-inkov\/"},"author":{"name":"Ralf Ittermann","@id":"https:\/\/iwell-guard.com\/sl\/#\/schema\/person\/ee2a27f1cac3406c7c6fb5820cb7349f"},"headline":"Inti \u2013 bog sonca Inkov","datePublished":"2026-09-05T00:23:56+00:00","dateModified":"2026-09-05T00:42:50+00:00","mainEntityOfPage":{"@id":"https:\/\/iwell-guard.com\/sl\/inti-bog-sonca-inkov\/"},"publisher":{"@id":"https:\/\/iwell-guard.com\/sl\/#organization"},"image":{"@id":"https:\/\/iwell-guard.com\/sl\/inti-bog-sonca-inkov\/#primaryimage"},"thumbnailUrl":"https:\/\/iwell-guard.com\/wp-content\/uploads\/2026\/05\/goetter_anden-inka_inti.webp","inLanguage":"sl-SI","description":"Inti, bog sonca Inkov, velja za o\u010deta vladarske dinastije in je osrednja osebnost praznika Inti Raymi, dr\u017eavnega kulta ob Viracochi in Mama Killi."}]}},"_links":{"self":[{"href":"https:\/\/iwell-guard.com\/sl\/wp-json\/wp\/v2\/pages\/160663","targetHints":{"allow":["GET"]}}],"collection":[{"href":"https:\/\/iwell-guard.com\/sl\/wp-json\/wp\/v2\/pages"}],"about":[{"href":"https:\/\/iwell-guard.com\/sl\/wp-json\/wp\/v2\/types\/page"}],"author":[{"embeddable":true,"href":"https:\/\/iwell-guard.com\/sl\/wp-json\/wp\/v2\/users\/3"}],"replies":[{"embeddable":true,"href":"https:\/\/iwell-guard.com\/sl\/wp-json\/wp\/v2\/comments?post=160663"}],"version-history":[{"count":0,"href":"https:\/\/iwell-guard.com\/sl\/wp-json\/wp\/v2\/pages\/160663\/revisions"}],"wp:featuredmedia":[{"embeddable":true,"href":"https:\/\/iwell-guard.com\/sl\/wp-json\/wp\/v2\/media\/2678"}],"wp:attachment":[{"href":"https:\/\/iwell-guard.com\/sl\/wp-json\/wp\/v2\/media?parent=160663"}],"wp:term":[{"taxonomy":"category","embeddable":true,"href":"https:\/\/iwell-guard.com\/sl\/wp-json\/wp\/v2\/categories?post=160663"}],"curies":[{"name":"wp","href":"https:\/\/api.w.org\/{rel}","templated":true}]}}