{"id":160627,"date":"2026-09-05T00:23:23","date_gmt":"2026-09-05T00:23:23","guid":{"rendered":"https:\/\/iwell-guard.com\/?page_id=160627"},"modified":"2026-09-05T00:41:58","modified_gmt":"2026-09-05T00:41:58","slug":"belial","status":"publish","type":"page","link":"https:\/\/iwell-guard.com\/sl\/belial\/","title":{"rendered":"Belial"},"content":{"rendered":"\t\t<div data-elementor-type=\"wp-page\" data-elementor-id=\"160627\" class=\"elementor elementor-160627 elementor-2257 elementor-bc-flex-widget\" data-elementor-post-type=\"page\">\n\t\t\t\t<div class=\"elementor-element elementor-element-10fdade e-flex e-con-boxed e-con e-parent\" data-id=\"10fdade\" data-element_type=\"container\" data-e-type=\"container\" data-settings=\"{&quot;background_background&quot;:&quot;classic&quot;}\">\n\t\t\t\t\t<div class=\"e-con-inner\">\n\t\t<div class=\"elementor-element elementor-element-herohlft0 e-flex e-con-boxed e-con e-child\" data-id=\"herohlft0\" data-element_type=\"container\" data-e-type=\"container\">\n\t\t\t\t\t<div class=\"e-con-inner\">\n\t\t<div class=\"elementor-element elementor-element-c3ceb64 e-con-full e-flex e-con e-child\" data-id=\"c3ceb64\" data-element_type=\"container\" data-e-type=\"container\">\n\t\t\t\t<div class=\"elementor-element elementor-element-96ae5e1 elementor-widget elementor-widget-heading\" data-id=\"96ae5e1\" data-element_type=\"widget\" data-e-type=\"widget\" data-widget_type=\"heading.default\">\n\t\t\t\t\t<h1 class=\"elementor-heading-title elementor-size-default\">Belial, kralj in angel besed<\/h1>\t\t\t\t<\/div>\n\t\t\t\t<div class=\"elementor-element elementor-element-e45238a elementor-widget elementor-widget-text-editor\" data-id=\"e45238a\" data-element_type=\"widget\" data-e-type=\"widget\" data-widget_type=\"text-editor.default\">\n\t\t\t\t\t\t\t\t\t<p><strong>Belial spada<\/strong> med najstarej\u0161e in jezikovno najbogatej\u0161e like judovske in kr\u0161\u010danske demonologije. V nasprotju z Baelom ali Paimonom, katerih linija sega prek feni\u010dansko-orientalskih bogov, ima Belial korenine v hebrejski jezikovni rabi in v zgodnji judovski apokaliptiki.<\/p><p>Iz moralnega abstraktnega pojma se je preko kumranskih spisov razvil poimenovan kozmi\u010dni nasprotnik. V Goetiji nastopa kot osemin\u0161estdeseti <span class=\"iwg-fachbegriff\" data-tooltip=\"Netelesno bitje, ki mu je pripisano delovanje v svetu.\" tabindex=\"0\">duh<\/span> in velja za kralja z oblastjo nad osemdesetimi legijami.<\/p>\t\t\t\t\t\t\t\t<\/div>\n\t\t\t\t<\/div>\n\t\t<div class=\"elementor-element elementor-element-klsbdg01 e-con-full e-flex e-con e-parent\" data-id=\"klsbdg01\" data-element_type=\"container\" data-e-type=\"container\">\n\t\t\t\t<div class=\"elementor-element elementor-element-klshtm01 elementor-widget elementor-widget-html\" data-id=\"klshtm01\" data-element_type=\"widget\" data-e-type=\"widget\" data-widget_type=\"html.default\">\n\t\t\t\t\t<div class=\"iwg-pill-row\"><span class=\"iwg-klasse-badge\" tabindex=\"0\" data-tooltip=\"Demon: nadnaravno, ponavadi \u0161kodljivo bitje med bogovi in ljudmi.\">Demon<\/span><a href=\"https:\/\/iwell-guard.com\/sl\/?page_id=160356\" class=\"iwg-kultur-badge\" tabindex=\"0\" data-tooltip=\"Kr\u0161\u010dansko izro\u010dilo od 1. stoletja n. \u0161t. dalje.\">Kr\u0161\u010danstvo<\/a><\/div>\t\t\t\t<\/div>\n\t\t\t\t<\/div>\n\t\t<div class=\"elementor-element elementor-element-3f74855 e-con-full e-flex e-con e-child\" data-id=\"3f74855\" data-element_type=\"container\" data-e-type=\"container\">\n\t\t\t\t<div class=\"elementor-element elementor-element-1c30362 elementor-toc--minimized-on-tablet elementor-widget elementor-widget-table-of-contents\" data-id=\"1c30362\" data-element_type=\"widget\" data-e-type=\"widget\" data-settings=\"{&quot;exclude_headings_by_selector&quot;:[],&quot;no_headings_message&quot;:&quot;Na tej strani ni najdenih naslovov.&quot;,&quot;headings_by_tags&quot;:[&quot;h2&quot;,&quot;h3&quot;],&quot;marker_view&quot;:&quot;bullets&quot;,&quot;minimize_box&quot;:&quot;yes&quot;,&quot;icon&quot;:{&quot;value&quot;:&quot;fas fa-circle&quot;,&quot;library&quot;:&quot;fa-solid&quot;,&quot;rendered_tag&quot;:&quot;&lt;svg class=\\&quot;e-font-icon-svg e-fas-circle\\&quot; viewBox=\\&quot;0 0 512 512\\&quot; xmlns=\\&quot;http:\\\/\\\/www.w3.org\\\/2000\\\/svg\\&quot;&gt;&lt;path d=\\&quot;M256 8C119 8 8 119 8 256s111 248 248 248 248-111 248-248S393 8 256 8z\\&quot;&gt;&lt;\\\/path&gt;&lt;\\\/svg&gt;&quot;},&quot;minimized_on&quot;:&quot;tablet&quot;,&quot;hierarchical_view&quot;:&quot;yes&quot;,&quot;min_height&quot;:{&quot;unit&quot;:&quot;px&quot;,&quot;size&quot;:&quot;&quot;,&quot;sizes&quot;:[]},&quot;min_height_tablet&quot;:{&quot;unit&quot;:&quot;px&quot;,&quot;size&quot;:&quot;&quot;,&quot;sizes&quot;:[]},&quot;min_height_mobile&quot;:{&quot;unit&quot;:&quot;px&quot;,&quot;size&quot;:&quot;&quot;,&quot;sizes&quot;:[]}}\" data-widget_type=\"table-of-contents.default\">\n\t\t\t\t\t\t\t\t\t<div class=\"elementor-toc__header\">\n\t\t\t\t\t\t<h2 class=\"elementor-toc__header-title\">\n\t\t\t\tKazalo vsebine\t\t\t<\/h2>\n\t\t\t\t\t\t\t\t\t\t<div class=\"elementor-toc__toggle-button elementor-toc__toggle-button--expand\" role=\"button\" tabindex=\"0\" aria-controls=\"elementor-toc__1c30362\" aria-expanded=\"true\" aria-label=\"Open table of contents\"><svg aria-hidden=\"true\" class=\"e-font-icon-svg e-fas-chevron-down\" viewBox=\"0 0 448 512\" xmlns=\"http:\/\/www.w3.org\/2000\/svg\"><path d=\"M207.029 381.476L12.686 187.132c-9.373-9.373-9.373-24.569 0-33.941l22.667-22.667c9.357-9.357 24.522-9.375 33.901-.04L224 284.505l154.745-154.021c9.379-9.335 24.544-9.317 33.901.04l22.667 22.667c9.373 9.373 9.373 24.569 0 33.941L240.971 381.476c-9.373 9.372-24.569 9.372-33.942 0z\"><\/path><\/svg><\/div>\n\t\t\t\t<div class=\"elementor-toc__toggle-button elementor-toc__toggle-button--collapse\" role=\"button\" tabindex=\"0\" aria-controls=\"elementor-toc__1c30362\" aria-expanded=\"true\" aria-label=\"Close table of contents\"><svg aria-hidden=\"true\" class=\"e-font-icon-svg e-fas-chevron-up\" viewBox=\"0 0 448 512\" xmlns=\"http:\/\/www.w3.org\/2000\/svg\"><path d=\"M240.971 130.524l194.343 194.343c9.373 9.373 9.373 24.569 0 33.941l-22.667 22.667c-9.357 9.357-24.522 9.375-33.901.04L224 227.495 69.255 381.516c-9.379 9.335-24.544 9.317-33.901-.04l-22.667-22.667c-9.373-9.373-9.373-24.569 0-33.941L207.03 130.525c9.372-9.373 24.568-9.373 33.941-.001z\"><\/path><\/svg><\/div>\n\t\t\t\t\t<\/div>\n\t\t\t\t<div id=\"elementor-toc__1c30362\" class=\"elementor-toc__body\">\n\t\t\t<div class=\"elementor-toc__spinner-container\">\n\t\t\t\t<svg class=\"elementor-toc__spinner eicon-animation-spin e-font-icon-svg e-eicon-loading\" aria-hidden=\"true\" viewBox=\"0 0 1000 1000\" xmlns=\"http:\/\/www.w3.org\/2000\/svg\"><path d=\"M500 975V858C696 858 858 696 858 500S696 142 500 142 142 304 142 500H25C25 237 238 25 500 25S975 237 975 500 763 975 500 975Z\"><\/path><\/svg>\t\t\t<\/div>\n\t\t<\/div>\n\t\t\t\t\t\t<\/div>\n\t\t\t\t<\/div>\n\t\t\t\t\t<\/div>\n\t\t\t\t<\/div>\n\t\t<div class=\"elementor-element elementor-element-herorght0 e-con-full e-flex e-con e-child\" data-id=\"herorght0\" data-element_type=\"container\" data-e-type=\"container\">\n\t\t\t\t<div class=\"elementor-element elementor-element-heroimg00 iwg-hero-image elementor-widget elementor-widget-image\" data-id=\"heroimg00\" data-element_type=\"widget\" data-e-type=\"widget\" data-widget_type=\"image.default\">\n\t\t\t\t\t\t\t\t\t\t\t\t\t\t\t<img fetchpriority=\"high\" decoding=\"async\" width=\"683\" height=\"1024\" src=\"https:\/\/iwell-guard.com\/wp-content\/uploads\/2026\/05\/daemonen_christentum_belial-683x1024.webp\" class=\"attachment-large size-large wp-image-162620\" alt=\"Belial, demon iz kr\u0161\u010dansko-okultisti\u010dne tradicije goetije\" srcset=\"https:\/\/iwell-guard.com\/wp-content\/uploads\/2026\/05\/daemonen_christentum_belial-683x1024.webp 683w, https:\/\/iwell-guard.com\/wp-content\/uploads\/2026\/05\/daemonen_christentum_belial-200x300.webp 200w, https:\/\/iwell-guard.com\/wp-content\/uploads\/2026\/05\/daemonen_christentum_belial-768x1152.webp 768w, https:\/\/iwell-guard.com\/wp-content\/uploads\/2026\/05\/daemonen_christentum_belial.webp 1024w\" sizes=\"(max-width: 683px) 100vw, 683px\" \/>\t\t\t\t\t\t\t\t\t\t\t\t\t\t\t<\/div>\n\t\t\t\t<\/div>\n\t\t\t\t\t<\/div>\n\t\t\t\t<\/div>\n\t\t<div class=\"elementor-element elementor-element-32917199 e-flex e-con-boxed e-con e-parent\" data-id=\"32917199\" data-element_type=\"container\" data-e-type=\"container\">\n\t\t\t\t\t<div class=\"e-con-inner\">\n\t\t<div class=\"elementor-element elementor-element-26e916cb e-flex e-con-boxed e-con e-child\" data-id=\"26e916cb\" data-element_type=\"container\" data-e-type=\"container\">\n\t\t\t\t\t<div class=\"e-con-inner\">\n\t\t<div class=\"elementor-element elementor-element-253a40d4 e-flex e-con-boxed e-con e-child\" data-id=\"253a40d4\" data-element_type=\"container\" data-e-type=\"container\">\n\t\t\t\t\t<div class=\"e-con-inner\">\n\t\t\t\t<div class=\"elementor-element elementor-element-1200c304 elementor-widget elementor-widget-heading\" data-id=\"1200c304\" data-element_type=\"widget\" data-e-type=\"widget\" data-widget_type=\"heading.default\">\n\t\t\t\t\t<h2 class=\"elementor-heading-title elementor-size-default\">Belial<\/h2>\t\t\t\t<\/div>\n\t\t\t\t<div class=\"elementor-element elementor-element-11758e7f elementor-widget elementor-widget-text-editor\" data-id=\"11758e7f\" data-element_type=\"widget\" data-e-type=\"widget\" data-widget_type=\"text-editor.default\">\n\t\t\t\t\t\t\t\t\t<p><strong>Belial spada<\/strong> med najstarej\u0161e in jezikovno najbogatej\u0161e like judovske in kr\u0161\u010danske demonologije. V nasprotju z Baelom ali Paimonom, katerih linija sega prek feni\u010dansko-orientalskih bogov, ima Belial korenine v hebrejski jezikovni rabi in v zgodnji judovski apokaliptiki.<\/p><p>Iz moralnega abstraktnega pojma se je preko kumranskih spisov razvil poimenovan kozmi\u010dni nasprotnik. V Goetiji nastopa kot osemin\u0161estdeseti <span class=\"iwg-fachbegriff\" data-tooltip=\"Netelesno bitje, ki mu je pripisano delovanje v svetu.\" tabindex=\"0\">duh<\/span> in velja za kralja z oblastjo nad osemdesetimi legijami.<\/p>\t\t\t\t\t\t\t\t<\/div>\n\t\t\t\t\t<\/div>\n\t\t\t\t<\/div>\n\t\t<div class=\"elementor-element elementor-element-159dcf9a e-flex e-con-boxed e-con e-child\" data-id=\"159dcf9a\" data-element_type=\"container\" data-e-type=\"container\">\n\t\t\t\t\t<div class=\"e-con-inner\">\n\t\t\t\t<div class=\"elementor-element elementor-element-48cee66f elementor-widget elementor-widget-heading\" data-id=\"48cee66f\" data-element_type=\"widget\" data-e-type=\"widget\" data-widget_type=\"heading.default\">\n\t\t\t\t\t<h2 class=\"elementor-heading-title elementor-size-default\">Hitri pregled: Belial<\/h2>\t\t\t\t<\/div>\n\t\t\t\t<div class=\"elementor-element elementor-element-3f50d82c elementor-widget elementor-widget-text-editor\" data-id=\"3f50d82c\" data-element_type=\"widget\" data-e-type=\"widget\" data-widget_type=\"text-editor.default\">\n\t\t\t\t\t\t\t\t\t<p><strong>Tip:<\/strong> <span class=\"iwg-fachbegriff\" data-tooltip=\"Duhovno bitje, ki mu je pripisano \u0161kodljivo ali dvoumno delovanje.\" tabindex=\"0\">demon<\/span>, kralj-<span class=\"iwg-fachbegriff\" data-tooltip=\"Netelesno bitje, ki mu je pripisano delovanje v svetu.\" tabindex=\"0\">duh<\/span> v Ars Goetii<br><strong>Izvor:<\/strong> hebrejska Biblija, zgodnja judovska apokaliptika<br><strong>Rang:<\/strong> kralj, 68. <span class=\"iwg-fachbegriff\" data-tooltip=\"Netelesno bitje, ki mu je pripisano delovanje v svetu.\" tabindex=\"0\">duh<\/span> Goetije, poveljuje 80 legijam<br><strong>Viri:<\/strong> kumranski spisi, Testament dvanajstih patriarhov, Lemegeton<br><strong>Sorodno:<\/strong> Lucifer, Samael, Azazel, Mastema<\/p>\t\t\t\t\t\t\t\t<\/div>\n\t\t\t\t\t<\/div>\n\t\t\t\t<\/div>\n\t\t\t\t\t<\/div>\n\t\t\t\t<\/div>\n\t\t\t\t\t<\/div>\n\t\t\t\t<\/div>\n\t\t<div class=\"elementor-element elementor-element-18613602 e-flex e-con-boxed e-con e-parent\" data-id=\"18613602\" data-element_type=\"container\" data-e-type=\"container\">\n\t\t\t\t\t<div class=\"e-con-inner\">\n\t\t\t\t<div class=\"elementor-element elementor-element-262b8a9f elementor-widget elementor-widget-heading\" data-id=\"262b8a9f\" data-element_type=\"widget\" data-e-type=\"widget\" data-widget_type=\"heading.default\">\n\t\t\t\t\t<h2 class=\"elementor-heading-title elementor-size-default\">Uvrstitev<\/h2>\t\t\t\t<\/div>\n\t\t<div class=\"elementor-element elementor-element-46dcb7d e-con-full e-flex e-con e-child\" data-id=\"46dcb7d\" data-element_type=\"container\" data-e-type=\"container\">\n\t\t<div class=\"elementor-element elementor-element-61d3ab3 e-flex e-con-boxed e-con e-child\" data-id=\"61d3ab3\" data-element_type=\"container\" data-e-type=\"container\">\n\t\t\t\t\t<div class=\"e-con-inner\">\n\t\t\t\t<div class=\"elementor-element elementor-element-117c166 elementor-widget elementor-widget-heading\" data-id=\"117c166\" data-element_type=\"widget\" data-e-type=\"widget\" data-widget_type=\"heading.default\">\n\t\t\t\t\t<div class=\"elementor-heading-title elementor-size-default\">Zeitraum der Texte<\/div>\t\t\t\t<\/div>\n\t\t\t\t<div class=\"elementor-element elementor-element-73997a0 elementor-widget elementor-widget-text-editor\" data-id=\"73997a0\" data-element_type=\"widget\" data-e-type=\"widget\" data-widget_type=\"text-editor.default\">\n\t\t\t\t\t\t\t\t\t<p><span class=\"iwg-fachbegriff\" data-tooltip=\"Prena\u0161anje znanja in pripovedi skozi generacije.\" tabindex=\"0\">Izro\u010dilo<\/span> o Belialu obsega ve\u010d kot dva tiso\u010d let. V hebrejski Bibliji se beseda pojavlja kot splo\u0161en pojem, brez osebne podobe.<\/p><p>Posebna demonolo\u0161ka figura postane prepoznavna v kumranskih spisih iz 2. in 1. stoletja pred na\u0161im \u0161tetjem. Literarni razmah sledi v poznem srednjem veku z delom Liber Belial okoli leta 1382, magi\u010dno-okultna izoblikovanost pa v Lemegetonu 17. stoletja.<\/p>\t\t\t\t\t\t\t\t<\/div>\n\t\t\t\t\t<\/div>\n\t\t\t\t<\/div>\n\t\t<div class=\"elementor-element elementor-element-d47b156 e-flex e-con-boxed e-con e-child\" data-id=\"d47b156\" data-element_type=\"container\" data-e-type=\"container\">\n\t\t\t\t\t<div class=\"e-con-inner\">\n\t\t\t\t<div class=\"elementor-element elementor-element-ff38c2b elementor-widget elementor-widget-heading\" data-id=\"ff38c2b\" data-element_type=\"widget\" data-e-type=\"widget\" data-widget_type=\"heading.default\">\n\t\t\t\t\t<div class=\"elementor-heading-title elementor-size-default\">Verbreitungsraum<\/div>\t\t\t\t<\/div>\n\t\t\t\t<div class=\"elementor-element elementor-element-4e49fcc elementor-widget elementor-widget-text-editor\" data-id=\"4e49fcc\" data-element_type=\"widget\" data-e-type=\"widget\" data-widget_type=\"text-editor.default\">\n\t\t\t\t\t\t\t\t\t<p>Izhodi\u0161\u010dni prostor je <span class=\"iwg-fachbegriff\" data-tooltip=\"Obdobje gr\u0161ke in rimske kulture, pribli\u017eno od 800 pr. n. \u0161t. do 600 n. \u0161t.\" tabindex=\"0\">anti\u010dni<\/span> Izrael in zgodnje judovstvo v Palestini, prepoznavno predvsem v besedilih kumranske skupnosti ob Mrtvem morju. Preko Nove zaveze je ime pri\u0161lo v gr\u0161ko govore\u010di kr\u0161\u010danski svet.<\/p><p>V latinski srednji Evropi se je Belial raz\u0161iril skozi zgodnji tisk, v zgodnjem novem veku prek grimoarov vse do dana\u0161nje zahodne <span class=\"iwg-fachbegriff\" data-tooltip=\"Skupni izraz za nauke, ki zahtevajo skrito, le vpeljanim dostopno znanje.\" tabindex=\"0\">ezoterike<\/span>.<\/p>\t\t\t\t\t\t\t\t<\/div>\n\t\t\t\t\t<\/div>\n\t\t\t\t<\/div>\n\t\t\t\t<\/div>\n\t\t<div class=\"elementor-element elementor-element-db03c39 e-con-full e-flex e-con e-child\" data-id=\"db03c39\" data-element_type=\"container\" data-e-type=\"container\">\n\t\t<div class=\"elementor-element elementor-element-229a87b e-flex e-con-boxed e-con e-child\" data-id=\"229a87b\" data-element_type=\"container\" data-e-type=\"container\">\n\t\t\t\t\t<div class=\"e-con-inner\">\n\t\t\t\t<div class=\"elementor-element elementor-element-1f471fc elementor-widget elementor-widget-heading\" data-id=\"1f471fc\" data-element_type=\"widget\" data-e-type=\"widget\" data-widget_type=\"heading.default\">\n\t\t\t\t\t<div class=\"elementor-heading-title elementor-size-default\">Quellenlage<\/div>\t\t\t\t<\/div>\n\t\t\t\t<div class=\"elementor-element elementor-element-36b1201 elementor-widget elementor-widget-text-editor\" data-id=\"36b1201\" data-element_type=\"widget\" data-e-type=\"widget\" data-widget_type=\"text-editor.default\">\n\t\t\t\t\t\t\t\t\t<p>Najpomembnej\u0161a skupina virov so kumranski spisi, zlasti Vojni zvitek (1QM), Skupnostno pravilo (1QS) in Hodajot. K temu se pridru\u017eujeta Testament dvanajstih patriarhov in eno samo novozavezno mesto (2 Kor 6,15).<\/p><p>Za poznej\u0161e izro\u010dilo sta odlo\u010dilna Liber Belial Jacobusa de Theramo in Lemegeton. Akademsko raziskovanje obravnava Beliala predvsem v okviru kumranskih \u0161tudij in izro\u010dila Liber Belial.<\/p>\t\t\t\t\t\t\t\t<\/div>\n\t\t\t\t\t<\/div>\n\t\t\t\t<\/div>\n\t\t\t\t<\/div>\n\t\t\t\t\t<\/div>\n\t\t\t\t<\/div>\n\t\t<div class=\"elementor-element elementor-element-3ae0637c e-flex e-con-boxed e-con e-parent\" data-id=\"3ae0637c\" data-element_type=\"container\" data-e-type=\"container\">\n\t\t\t\t\t<div class=\"e-con-inner\">\n\t\t\t\t<div class=\"elementor-element elementor-element-31d07739 elementor-widget elementor-widget-heading\" data-id=\"31d07739\" data-element_type=\"widget\" data-e-type=\"widget\" data-widget_type=\"heading.default\">\n\t\t\t\t\t<h2 class=\"elementor-heading-title elementor-size-default\">Ime<\/h2>\t\t\t\t<\/div>\n\t\t<div class=\"elementor-element elementor-element-b7642947 e-con-full e-flex e-con e-child\" data-id=\"b7642947\" data-element_type=\"container\" data-e-type=\"container\">\n\t\t\t\t<div class=\"elementor-element elementor-element-a086266 elementor-widget elementor-widget-text-editor\" data-id=\"a086266\" data-element_type=\"widget\" data-e-type=\"widget\" data-widget_type=\"text-editor.default\">\n\t\t\t\t\t\t\t\t\t<p>Ime je jezikovno spodbijano. Najbolj raz\u0161irjena razlaga raz\u010dleni hebrejsko beliyya&#8217;al (\u05d1\u05b0\u05bc\u05dc\u05b4\u05d9\u05b7\u05bc\u05e2\u05b7\u05dc) v nikalnico beli (brez, ne) in drugi element. \u010ce to razumemo kot ya&#8217;al v pomenu koristi, dobimo pomen brez koristi ali ni\u010dvrednost.<\/p><p>Druga razlaga povezuje drugi del s korenom, ki pomeni vzpeti se, in pride do pomena tisti, ki se ne vzpne, kar so razlagali kot ozna\u010dbo podzemlja. Septuaginta beliala pogosto prevaja kot paranomos (nezakonit) ali asebes (brezbo\u017een).<\/p><p>V Novi zavezi se ime pojavlja v obliki Beliar, z r namesto l. Ta glasovna razli\u010dica je dobro izpri\u010dana in se pojavlja tudi v drugih zgodnjejudovskih in zgodnjekr\u0161\u010danskih besedilih.<\/p><p>V hebrejski Bibliji se zveza bene beli&#8217;al, sinovi Beliala, pojavlja kot ozna\u010dba za nasilne, brezpravne mo\u0161ke (Sod 19,22; 1 Sam 10,27), \u0161e brez kakr\u0161ne koli povezave z dolo\u010denim <span class=\"iwg-fachbegriff\" data-tooltip=\"Duhovno bitje, ki mu je pripisano \u0161kodljivo ali dvoumno delovanje.\" tabindex=\"0\">demonom<\/span>.<\/p>\t\t\t\t\t\t\t\t<\/div>\n\t\t\t\t<\/div>\n\t\t\t\t\t<\/div>\n\t\t\t\t<\/div>\n\t\t<div class=\"elementor-element elementor-element-709a44a8 e-flex e-con-boxed e-con e-parent\" data-id=\"709a44a8\" data-element_type=\"container\" data-e-type=\"container\">\n\t\t\t\t\t<div class=\"e-con-inner\">\n\t\t\t\t<div class=\"elementor-element elementor-element-2f585873 elementor-widget elementor-widget-heading\" data-id=\"2f585873\" data-element_type=\"widget\" data-e-type=\"widget\" data-widget_type=\"heading.default\">\n\t\t\t\t\t<h2 class=\"elementor-heading-title elementor-size-default\">Opis<\/h2>\t\t\t\t<\/div>\n\t\t<div class=\"elementor-element elementor-element-70621c12 e-con-full e-flex e-con e-child\" data-id=\"70621c12\" data-element_type=\"container\" data-e-type=\"container\">\n\t\t\t\t<div class=\"elementor-element elementor-element-4296eb49 elementor-widget elementor-widget-text-editor\" data-id=\"4296eb49\" data-element_type=\"widget\" data-e-type=\"widget\" data-widget_type=\"text-editor.default\">\n\t\t\t\t\t\t\t\t\t<p>Belial v zgodnjem judovstvu ni bitje s stalno telesno podobo, temve\u010d osebna mo\u010d, ki velja za vodjo teme.<\/p><p>V Vojnem zvitku stoji na \u010delu sovra\u017ene vojske, Skupnostno pravilo pa opisuje omejeno oblast Beliala, v kateri tema izvaja mo\u010d nad svetom in nad srci ljudi. Hodajot govorijo o vezeh in zankah Beliala, iz katerih Bog re\u0161i tiste, ki molijo.<\/p><p>\u0160ele Goetija mu daje stalno podobo. Tam se Belial pojavlja kot kralj-<span class=\"iwg-fachbegriff\" data-tooltip=\"Netelesno bitje, ki mu je pripisano delovanje v svetu.\" tabindex=\"0\">duh<\/span> posebnega ugleda, besedilo pa navaja, da je bil ustvarjen takoj za Luciferjem. Ikonografija prikazuje dva \u017eare\u010da <span class=\"iwg-fachbegriff\" data-tooltip=\"V abrahamskih religijah nebe\u0161ko sporo\u010devalno bitje Boga.\" tabindex=\"0\">angela<\/span> na ognjenem bojnem vozu, podoba, ki spominja na Ezekielovo vizijo prestolnega voza (Ezk 1) in Beliala povezuje z vi\u0161jimi angelskimi razredi.<\/p><p>V literarni recepciji je Belial pogosto upodobljen kot utele\u0161enje la\u017ei in lepih besed brez vsebine. John Milton ga v Izgubljenem raju naredi za enega najbolj razgledanih govorcev med padlimi <span class=\"iwg-fachbegriff\" data-tooltip=\"V abrahamskih religijah nebe\u0161ko sporo\u010devalno bitje Boga.\" tabindex=\"0\">angeli<\/span> v peklenskem svetu, elegantnega govornika, ki pa v dejanjih ostaja boje\u010d.<\/p><p>Ta podoba ni zgodovinsko izpri\u010dana, vendar navezuje na staro kumransko predstavo o Belialu kot antifurstu resnice.<\/p>\t\t\t\t\t\t\t\t<\/div>\n\t\t\t\t<\/div>\n\t\t\t\t\t<\/div>\n\t\t\t\t<\/div>\n\t\t<div class=\"elementor-element elementor-element-44e71476 e-flex e-con-boxed e-con e-parent\" data-id=\"44e71476\" data-element_type=\"container\" data-e-type=\"container\">\n\t\t\t\t\t<div class=\"e-con-inner\">\n\t\t\t\t<div class=\"elementor-element elementor-element-3c1fc3f0 elementor-widget elementor-widget-heading\" data-id=\"3c1fc3f0\" data-element_type=\"widget\" data-e-type=\"widget\" data-widget_type=\"heading.default\">\n\t\t\t\t\t<h2 class=\"elementor-heading-title elementor-size-default\">Osebna izkaznica: Belial<\/h2>\t\t\t\t<\/div>\n\t\t<div class=\"elementor-element elementor-element-84f33b8e e-con-full e-flex e-con e-child\" data-id=\"84f33b8e\" data-element_type=\"container\" data-e-type=\"container\">\n\t\t\t\t<div class=\"elementor-element elementor-element-hqkdc67p elementor-widget elementor-widget-text-editor\" data-id=\"hqkdc67p\" data-element_type=\"widget\" data-e-type=\"widget\" data-widget_type=\"text-editor.default\">\n\t\t\t\t\t\t\t\t\t<p>Naslednja polja povzemajo izro\u010dilo Goetije o Belialu in njegove religijsko-zgodovinske korenine.<\/p>\t\t\t\t\t\t\t\t<\/div>\n\t\t\t\t<\/div>\n\t\t<div class=\"elementor-element elementor-element-pemmx7c5 e-con-full e-flex e-con e-child\" data-id=\"pemmx7c5\" data-element_type=\"container\" data-e-type=\"container\">\n\t\t<div class=\"elementor-element elementor-element-pemmx7c1 e-con-full e-flex e-con e-child\" data-id=\"pemmx7c1\" data-element_type=\"container\" data-e-type=\"container\">\n\t\t<div class=\"elementor-element elementor-element-qh9oavvu iwg-steckbrief-card e-flex e-con-boxed e-con e-child\" data-id=\"qh9oavvu\" data-element_type=\"container\" data-e-type=\"container\">\n\t\t\t\t\t<div class=\"e-con-inner\">\n\t\t\t\t<div class=\"elementor-element elementor-element-awzx8k2k elementor-widget elementor-widget-heading\" data-id=\"awzx8k2k\" data-element_type=\"widget\" data-e-type=\"widget\" data-widget_type=\"heading.default\">\n\t\t\t\t\t<div class=\"elementor-heading-title elementor-size-default\">Izvor<\/div>\t\t\t\t<\/div>\n\t\t\t\t<div class=\"elementor-element elementor-element-x6rowhv0 elementor-widget elementor-widget-text-editor\" data-id=\"x6rowhv0\" data-element_type=\"widget\" data-e-type=\"widget\" data-widget_type=\"text-editor.default\">\n\t\t\t\t\t\t\t\t\t<p>Belial ima korenine v hebrejski jezikovni rabi, kjer je beliyya&#8217;al sprva bil moralni abstraktni pojem s pomenom pogube ali hudobije. V osebno mo\u010d se je figura razvila \u0161ele v zgodnji judovski apokaliptiki, zlasti v kumranskih spisih. Goetija ga ozna\u010duje kot ustvarjenega takoj za Luciferjem in ga tako uvr\u0161\u010da med padle angele.<\/p>\t\t\t\t\t\t\t\t<\/div>\n\t\t\t\t\t<\/div>\n\t\t\t\t<\/div>\n\t\t<div class=\"elementor-element elementor-element-8e3o4kxs iwg-steckbrief-card e-flex e-con-boxed e-con e-child\" data-id=\"8e3o4kxs\" data-element_type=\"container\" data-e-type=\"container\">\n\t\t\t\t\t<div class=\"e-con-inner\">\n\t\t\t\t<div class=\"elementor-element elementor-element-08rkdgov elementor-widget elementor-widget-heading\" data-id=\"08rkdgov\" data-element_type=\"widget\" data-e-type=\"widget\" data-widget_type=\"heading.default\">\n\t\t\t\t\t<div class=\"elementor-heading-title elementor-size-default\">Rang in funkcija<\/div>\t\t\t\t<\/div>\n\t\t\t\t<div class=\"elementor-element elementor-element-uwjelx8s elementor-widget elementor-widget-text-editor\" data-id=\"uwjelx8s\" data-element_type=\"widget\" data-e-type=\"widget\" data-widget_type=\"text-editor.default\">\n\t\t\t\t\t\t\t\t\t<p>V Goetii je Belial kralj-<span class=\"iwg-fachbegriff\" data-tooltip=\"Netelesno bitje, ki mu je pripisano delovanje v svetu.\" tabindex=\"0\">duh<\/span> z oblastjo nad osemdesetimi legijami in stoji kot osemin\u0161estdeseti <span class=\"iwg-fachbegriff\" data-tooltip=\"Netelesno bitje, ki mu je pripisano delovanje v svetu.\" tabindex=\"0\">duh<\/span> na seznamu. Po Lemegetonu podeljuje \u010dasti, senatorske nazive in izkazovanje naklonjenosti ter na vpra\u0161anja daje resni\u010dne odgovore. V kumranski tradiciji je njegova vloga druga\u010dna: tam kot nasprotnik Kneza lu\u010di vodi Sinove teme.<\/p>\t\t\t\t\t\t\t\t<\/div>\n\t\t\t\t\t<\/div>\n\t\t\t\t<\/div>\n\t\t<div class=\"elementor-element elementor-element-jm2n74ec iwg-steckbrief-card e-flex e-con-boxed e-con e-child\" data-id=\"jm2n74ec\" data-element_type=\"container\" data-e-type=\"container\">\n\t\t\t\t\t<div class=\"e-con-inner\">\n\t\t\t\t<div class=\"elementor-element elementor-element-8vufse4c elementor-widget elementor-widget-heading\" data-id=\"8vufse4c\" data-element_type=\"widget\" data-e-type=\"widget\" data-widget_type=\"heading.default\">\n\t\t\t\t\t<div class=\"elementor-heading-title elementor-size-default\">Videz<\/div>\t\t\t\t<\/div>\n\t\t\t\t<div class=\"elementor-element elementor-element-mwb9u015 elementor-widget elementor-widget-text-editor\" data-id=\"mwb9u015\" data-element_type=\"widget\" data-e-type=\"widget\" data-widget_type=\"text-editor.default\">\n\t\t\t\t\t\t\t\t\t<p>Goetia Beliala ne opisuje v \u017eivalski obliki, temve\u010d kot dva \u017eare\u010da <span class=\"iwg-fachbegriff\" data-tooltip=\"V abrahamskih religijah nebe\u0161ki sel Boga.\" tabindex=\"0\">angela<\/span> na ognjenem bojnem vozu. Ta podoba se navezuje na Ezekielovo videnje prestolnega voza in poudarja njegovo bli\u017eino vi\u0161jim angelskim razredom. V kumranskih besedilih ostaja brez opisa podobe, kot \u010dista figura mo\u010di teme.<\/p>\t\t\t\t\t\t\t\t<\/div>\n\t\t\t\t\t<\/div>\n\t\t\t\t<\/div>\n\t\t\t\t<\/div>\n\t\t<div class=\"elementor-element elementor-element-pemmx7c2 e-con-full e-flex e-con e-child\" data-id=\"pemmx7c2\" data-element_type=\"container\" data-e-type=\"container\">\n\t\t<div class=\"elementor-element elementor-element-37ss2yr6 iwg-steckbrief-card e-flex e-con-boxed e-con e-child\" data-id=\"37ss2yr6\" data-element_type=\"container\" data-e-type=\"container\">\n\t\t\t\t\t<div class=\"e-con-inner\">\n\t\t\t\t<div class=\"elementor-element elementor-element-3v0wp3wx elementor-widget elementor-widget-heading\" data-id=\"3v0wp3wx\" data-element_type=\"widget\" data-e-type=\"widget\" data-widget_type=\"heading.default\">\n\t\t\t\t\t<div class=\"elementor-heading-title elementor-size-default\">Obredni klic<\/div>\t\t\t\t<\/div>\n\t\t\t\t<div class=\"elementor-element elementor-element-w3247g2m elementor-widget elementor-widget-text-editor\" data-id=\"w3247g2m\" data-element_type=\"widget\" data-e-type=\"widget\" data-widget_type=\"text-editor.default\">\n\t\t\t\t\t\t\t\t\t<p>Zna\u010dilna za Goetiin opis je zahteva po \u017ertvenih darovih. Brez ustrezne kretnje, kot pravi besedilo, Belial ne bo dal resni\u010dnega odgovora. Ta pogojenost magi\u010dne prakse je v Lemegetonu pri Belialu posebej izrazito formulirana in ga razlikuje od duhov, ki odgovarjajo brez predpogojev.<\/p>\t\t\t\t\t\t\t\t<\/div>\n\t\t\t\t\t<\/div>\n\t\t\t\t<\/div>\n\t\t<div class=\"elementor-element elementor-element-0qpjal9w iwg-steckbrief-card e-flex e-con-boxed e-con e-child\" data-id=\"0qpjal9w\" data-element_type=\"container\" data-e-type=\"container\">\n\t\t\t\t\t<div class=\"e-con-inner\">\n\t\t\t\t<div class=\"elementor-element elementor-element-6ndoih0o elementor-widget elementor-widget-heading\" data-id=\"6ndoih0o\" data-element_type=\"widget\" data-e-type=\"widget\" data-widget_type=\"heading.default\">\n\t\t\t\t\t<div class=\"elementor-heading-title elementor-size-default\">Pe\u010dat in simboli<\/div>\t\t\t\t<\/div>\n\t\t\t\t<div class=\"elementor-element elementor-element-6684tyh9 elementor-widget elementor-widget-text-editor\" data-id=\"6684tyh9\" data-element_type=\"widget\" data-e-type=\"widget\" data-widget_type=\"text-editor.default\">\n\t\t\t\t\t\t\t\t\t<p>Belialov pe\u010dat v Goetii prikazuje geometrijsko zapleten vzorec \u010drt in krogov. Astrolo\u0161ko je Belial povezan z Vodnarjem, kot element velja zemlja, kot planet pa Saturn. V hermeti\u010dni renesansi je bil uvr\u0161\u010den med \u0161tiri peklenske vladarje podro\u010dja zemlje in povezan s vztrajnostjo snovi.<\/p>\t\t\t\t\t\t\t\t<\/div>\n\t\t\t\t\t<\/div>\n\t\t\t\t<\/div>\n\t\t<div class=\"elementor-element elementor-element-3lfi7x32 iwg-steckbrief-card e-flex e-con-boxed e-con e-child\" data-id=\"3lfi7x32\" data-element_type=\"container\" data-e-type=\"container\">\n\t\t\t\t\t<div class=\"e-con-inner\">\n\t\t\t\t<div class=\"elementor-element elementor-element-0kg99ga1 elementor-widget elementor-widget-heading\" data-id=\"0kg99ga1\" data-element_type=\"widget\" data-e-type=\"widget\" data-widget_type=\"heading.default\">\n\t\t\t\t\t<div class=\"elementor-heading-title elementor-size-default\">Sorodni duhovi<\/div>\t\t\t\t<\/div>\n\t\t\t\t<div class=\"elementor-element elementor-element-n0fum6kp elementor-widget elementor-widget-text-editor\" data-id=\"n0fum6kp\" data-element_type=\"widget\" data-e-type=\"widget\" data-widget_type=\"text-editor.default\">\n\t\t\t\t\t\t\t\t\t<p>V zgodnjem judovstvu je Belial eno od ve\u010d imen za protibo\u017eansko mo\u010d, poleg Satana, Masteme, Asasela in Sammaela. Ta imena ne ozna\u010dujejo vedno ene in iste natan\u010dno za\u010drtane osebe, temve\u010d se glede na besedilo prekrivajo. V Goetii velja Lucifer za njegovega neposrednega predhodnika, s Samaelom pa ga povezuje poznej\u0161a kabalisti\u010dna razlaga.<\/p>\t\t\t\t\t\t\t\t<\/div>\n\t\t\t\t\t<\/div>\n\t\t\t\t<\/div>\n\t\t\t\t<\/div>\n\t\t\t\t<\/div>\n\t\t\t\t\t<\/div>\n\t\t\t\t<\/div>\n\t\t<div class=\"elementor-element elementor-element-7533bc7a e-flex e-con-boxed e-con e-parent\" data-id=\"7533bc7a\" data-element_type=\"container\" data-e-type=\"container\">\n\t\t\t\t\t<div class=\"e-con-inner\">\n\t\t\t\t<div class=\"elementor-element elementor-element-2447d18d elementor-widget elementor-widget-heading\" data-id=\"2447d18d\" data-element_type=\"widget\" data-e-type=\"widget\" data-widget_type=\"heading.default\">\n\t\t\t\t\t<h2 class=\"elementor-heading-title elementor-size-default\">Sprejemanje in zgodovina u\u010dinkovanja<\/h2>\t\t\t\t<\/div>\n\t\t<div class=\"elementor-element elementor-element-d5d0260c e-con-full e-flex e-con e-child\" data-id=\"d5d0260c\" data-element_type=\"container\" data-e-type=\"container\">\n\t\t\t\t<div class=\"elementor-element elementor-element-341be2ac elementor-widget elementor-widget-text-editor\" data-id=\"341be2ac\" data-element_type=\"widget\" data-e-type=\"widget\" data-widget_type=\"text-editor.default\">\n\t\t\t\t\t\t\t\t\t<p>V kr\u0161\u010danstvu se je Belial v veliki meri zlil s figuro hudi\u010da, vendar je ohranil dovolj lastnega profila, da je v dolo\u010denih besedilnih zvrsteh \u017eivel naprej kot samostojno ime. Zgodnjekr\u0161\u010danski spisi, kot je Vnebovzetje Izaijevo, uporabljajo Beliar kot oznako za protibo\u017eansko mo\u010d, v\u010dasih z apokalipti\u010dnimi, antikristovimi potezami.<\/p><p>Opazno poznej\u0161o kariero je Belial naredil v poznem srednjem veku prek dela Liber Belial, latinskega procesnega traktata Jacobusa de Theramo iz poznega 14. stoletja.<\/p><p>V njem Belial v imenu pekla to\u017ei Kristusa, ker je ta ob svojem spustu v podzemlje iztrgal du\u0161e. Mojzes in Salomon nastopata kot zagovornika. Delo je postalo ena od najzgodnej\u0161ih tiskanih nem\u0161kih knjig.<\/p><p>V zgodnjenovove\u0161ki demonologiji so grimoari Beliala uvrstili v hierarhije peklenskih vladarjev. Pseudomonarchia Daemonum Johanna Weyerja in Ars Goetia ga navajata kot mogo\u010dnega kralja z dolo\u010denim \u0161tevilom podrejenih legij duhov.<\/p><p>Heinrich Cornelius Agrippa ga v delu De occulta philosophia (1533) navaja kot pristojnega za la\u017ena malikovanja in hudi\u010deve razprave. Te sistematizacije so u\u010dene konstrukcije zgodnjega novega veka in ne nadaljevanje anti\u010dnega <span class=\"iwg-fachbegriff\" data-tooltip=\"Prena\u0161anje znanja in pripovedi skozi generacije.\" tabindex=\"0\">izro\u010dila<\/span>, vendar so oblikovale sodobno podobo Beliala.<\/p><p><span data-nosnippet>Izdaja Goetie Crowleya in Mathersa (1904) ga je popularizirala v sodobni <span class=\"iwg-fachbegriff\" data-tooltip=\"Skupno poimenovanje za nauke, ki zatrjujejo skrito znanje, dostopno le vpeljanim.\" tabindex=\"0\">ezoteriki<\/span>, izdaja Josepha Petersona (2001) pa ga je naredila filolo\u0161ko dostopnega. Crowley razlaga Beliala kot personificiran upor proti volji, psiholo\u0161ko razlago, ki jo prevzema sodobna kaos-<span class=\"iwg-fachbegriff\" data-tooltip=\"Prakse, ki \u017eelijo s posebnimi dejanji ali formulami vplivati na potek stvari.\" tabindex=\"0\">magija<\/span>.<\/span><\/p><p>Religioznoznanstveno raziskovanje v tem vidi sodobno lastno razlago, ki ima z judovsko-kr\u0161\u010dansko izro\u010dilom o Belialu malo skupnega. Kdor danes sre\u010da Beliala, se ve\u010dinoma sre\u010da s to poznej\u0161o, literarno izoblikovano podobo, ne pa z Belialom iz kumranskih besedil.<\/p>\t\t\t\t\t\t\t\t<\/div>\n\t\t\t\t<\/div>\n\t\t\t\t\t<\/div>\n\t\t\t\t<\/div>\n\t\t<div class=\"elementor-element elementor-element-5a584676 e-flex e-con-boxed e-con e-parent\" data-id=\"5a584676\" data-element_type=\"container\" data-e-type=\"container\">\n\t\t\t\t\t<div class=\"e-con-inner\">\n\t\t\t\t<div class=\"elementor-element elementor-element-6d0757bf elementor-widget elementor-widget-heading\" data-id=\"6d0757bf\" data-element_type=\"widget\" data-e-type=\"widget\" data-widget_type=\"heading.default\">\n\t\t\t\t\t<h2 class=\"elementor-heading-title elementor-size-default\">Belial, vzporednice v drugih kulturah<\/h2>\t\t\t\t<\/div>\n\t\t<div class=\"elementor-element elementor-element-60563f68 e-con-full e-flex e-con e-child\" data-id=\"60563f68\" data-element_type=\"container\" data-e-type=\"container\">\n\t\t\t\t<div class=\"elementor-element elementor-element-5a93fdd6 elementor-widget elementor-widget-text-editor\" data-id=\"5a93fdd6\" data-element_type=\"widget\" data-e-type=\"widget\" data-widget_type=\"text-editor.default\">\n\t\t\t\t\t\t\t\t\t<p>Figura Beliala je del religiozgodovinske mre\u017ee. V perzijskem zoroastrizmu najdemo Aeshmo Daevo, <span class=\"iwg-fachbegriff\" data-tooltip=\"Netelesno bitje, ki mu je pripisano delovanje v svetu.\" tabindex=\"0\">duha<\/span> jeze, ki zakriva resnico, s strukturno podobno vlogo.<\/p><p>Mezopotamska tradicija o Lamashtu poznaka bitja, ki z zapeljivo govorni\u0161ko spretnostjo prelomijo obljubo. V hinduisti\u010dnem okviru Belialovemu motivu ustreza asura Vritra, ki z la\u017enimi obljubami zapira tok \u017eivljenja.<\/p><p>Te vzporednice niso vzro\u010dne verige, ka\u017eejo pa ponavljajo\u010d se religiofenomenolo\u0161ki vzorec: upor proti svetemu kot zapeljiva mo\u010d besede, ne kot surova groza. Tudi znotraj judovske <span class=\"iwg-fachbegriff\" data-tooltip=\"Verska smer, osredoto\u010dena na neposredno izku\u0161njo Boga.\" tabindex=\"0\">mistike<\/span> se figura znova spreminja.<\/p><p>Lurijanska <span class=\"iwg-fachbegriff\" data-tooltip=\"Smer judovske mistike z osrednjimi deli, kot sta Sefer Jecira in Zohar.\" tabindex=\"0\">kabala<\/span> Beliala uvr\u0161\u010da na podro\u010dje Sitre Achre, druge strani, in ga razume kot strukturno silo v kozmi\u010dni drami popravljanja razbitih svetlobnih posod. Hasidska tradicija pa Belialu podobne mo\u010di nazadnje razlaga predvsem kot notranje ovire na duhovni poti.<\/p>\t\t\t\t\t\t\t\t<\/div>\n\t\t\t\t<\/div>\n\t\t\t\t\t<\/div>\n\t\t\t\t<\/div>\n\t\t<div class=\"elementor-element elementor-element-36dd7469 e-flex e-con-boxed e-con e-parent\" data-id=\"36dd7469\" data-element_type=\"container\" data-e-type=\"container\">\n\t\t\t\t\t<div class=\"e-con-inner\">\n\t\t\t\t<div class=\"elementor-element elementor-element-13760ab4 elementor-widget elementor-widget-heading\" data-id=\"13760ab4\" data-element_type=\"widget\" data-e-type=\"widget\" data-widget_type=\"heading.default\">\n\t\t\t\t\t<h2 class=\"elementor-heading-title elementor-size-default\">Nadaljnje povezave<\/h2>\t\t\t\t<\/div>\n\t\t<div class=\"elementor-element elementor-element-28c87796 e-con-full e-flex e-con e-child\" data-id=\"28c87796\" data-element_type=\"container\" data-e-type=\"container\">\n\t\t\t\t<div class=\"elementor-element elementor-element-5d6538df elementor-widget elementor-widget-text-editor\" data-id=\"5d6538df\" data-element_type=\"widget\" data-e-type=\"widget\" data-widget_type=\"text-editor.default\">\n\t\t\t\t\t\t\t\t\t<ul><li><a href=\"https:\/\/iwell-guard.com\/sl\/?page_id=160325\">Demoni<\/a>: pregled demonov<\/li><li><a href=\"https:\/\/iwell-guard.com\/sl\/?page_id=160613\">Goetia<\/a>: tradicija Ars Goetie<\/li><li><a href=\"https:\/\/iwell-guard.com\/sl\/?page_id=160356\">Kr\u0161\u010danstvo<\/a>: kulturna uvrstitev<\/li><li><a href=\"https:\/\/iwell-guard.com\/sl\/?page_id=160362\">Lucifer<\/a>: <span class=\"iwg-fachbegriff\" data-tooltip=\"Netelesno bitje, ki mu je pripisano delovanje v svetu.\" tabindex=\"0\">duh<\/span>, ki je Belialu neposredno predhoden<\/li><li><a href=\"https:\/\/iwell-guard.com\/sl\/?page_id=160502\">Samael<\/a>: sorodna nasprotni\u0161ka figura judovske tradicije<\/li><\/ul>\t\t\t\t\t\t\t\t<\/div>\n\t\t\t\t<\/div>\n\t\t\t\t\t<\/div>\n\t\t\t\t<\/div>\n\t\t<div class=\"elementor-element elementor-element-grl4kl40 e-flex e-con-boxed e-con e-parent\" data-id=\"grl4kl40\" data-element_type=\"container\" data-e-type=\"container\">\n\t\t\t\t\t<div class=\"e-con-inner\">\n\t\t\t\t<div class=\"elementor-element elementor-element-bzsbfrmh elementor-widget elementor-widget-heading\" data-id=\"bzsbfrmh\" data-element_type=\"widget\" data-e-type=\"widget\" data-widget_type=\"heading.default\">\n\t\t\t\t\t<h2 class=\"elementor-heading-title elementor-size-default\">Literatura (izbor)<\/h2>\t\t\t\t<\/div>\n\t\t<div class=\"elementor-element elementor-element-2c13224a e-con-full e-flex e-con e-child\" data-id=\"2c13224a\" data-element_type=\"container\" data-e-type=\"container\">\n\t\t\t\t<div class=\"elementor-element elementor-element-0eymh9ub elementor-widget elementor-widget-text-editor\" data-id=\"0eymh9ub\" data-element_type=\"widget\" data-e-type=\"widget\" data-widget_type=\"text-editor.default\">\n\t\t\t\t\t\t\t\t\t<footer class=\"iwg-literatur\"><ul><li><span data-nosnippet>Joseph H. Peterson (Hg.): The Lesser Key of Solomon, Weiser 2001.<\/span><\/li><li><span data-nosnippet>Florentino Garc\u00eda Mart\u00ednez: The Dead Sea Scrolls Translated, Brill 1996.<\/span><\/li><li><span data-nosnippet>Heinrich Cornelius Agrippa: De occulta philosophia libri tres, K\u00f6ln 1533, Buch III.<\/span><\/li><li><span data-nosnippet>Jeffrey Burton Russell: The Devil. Perceptions of Evil from Antiquity to Primitive Christianity, Cornell UP 1977.<\/span><\/li><li><span data-nosnippet>Stephen Skinner, David Rankine: The Goetia of Dr. Rudd, Llewellyn 2007.<\/span><\/li><\/ul><\/footer>\t\t\t\t\t\t\t\t<\/div>\n\t\t\t\t<\/div>\n\t\t\t\t\t<\/div>\n\t\t\t\t<\/div>\n\t\t<div class=\"elementor-element elementor-element-iwgca-belial-sec e-flex e-con-boxed e-con e-parent\" data-id=\"iwgca-belial-sec\" data-element_type=\"container\" data-e-type=\"container\" id=\"iwg-ca-belial\">\n\t\t\t\t\t<div class=\"e-con-inner\">\n\t\t\t\t<div class=\"elementor-element elementor-element-iwgca-belial-te iwg-ca-textwrap elementor-widget elementor-widget-text-editor\" data-id=\"iwgca-belial-te\" data-element_type=\"widget\" data-e-type=\"widget\" data-widget_type=\"text-editor.default\">\n\t\t\t\t\t\t\t\t\t<div data-nosnippet=\"true\"><p class=\"iwg-ca-bridge\">Tukaj opisana za\u0161\u010ditna praksa je znanstvena umestitev zgodovinskih izro\u010dil. iWell Guard navezuje na to kulturnozgodovinsko linijo nosljivih za\u0161\u010ditnih predmetov in predstavlja njeno sodobno obliko. <a href=\"\/ueber-iwell-guard\/?utm_source=iwell-guard.com&#038;utm_medium=text-link&#038;utm_campaign=schadwesen-tradition\">Ve\u010d o iWell Guard \u2192<\/a><\/p><\/div>\t\t\t\t\t\t\t\t<\/div>\n\t\t\t\t\t<\/div>\n\t\t\t\t<\/div>\n\t\t\t\t<section class=\"elementor-section elementor-top-section elementor-element elementor-element-wv-belial-faq elementor-section-boxed elementor-section-height-default elementor-section-height-default\" data-id=\"wv-belial-faq\" data-element_type=\"section\" data-e-type=\"section\">\n\t\t\t\t\t\t<div class=\"elementor-container elementor-column-gap-default\">\n\t\t\t\t\t<div class=\"elementor-column elementor-col-100 elementor-top-column elementor-element elementor-element-wv-belial-faq-col\" data-id=\"wv-belial-faq-col\" data-element_type=\"column\" data-e-type=\"column\">\n\t\t\t<div class=\"elementor-widget-wrap elementor-element-populated\">\n\t\t\t\t\t\t<div class=\"elementor-element elementor-element-wv-belial-h elementor-widget elementor-widget-heading\" data-id=\"wv-belial-h\" data-element_type=\"widget\" data-e-type=\"widget\" data-widget_type=\"heading.default\">\n\t\t\t\t\t<h2 class=\"elementor-heading-title elementor-size-default\">Pogosta vpra\u0161anja o Belialu<\/h2>\t\t\t\t<\/div>\n\t\t\t\t<div class=\"elementor-element elementor-element-wv-belial-t elementor-widget elementor-widget-text-editor\" data-id=\"wv-belial-t\" data-element_type=\"widget\" data-e-type=\"widget\" data-widget_type=\"text-editor.default\">\n\t\t\t\t\t\t\t\t\t\n<details class=\"iwg-faq-item\">\n  <summary><strong>Kdo je Belial?<\/strong><\/summary>\n  <p>Belial spada med najstarej\u0161e like judovske in kr\u0161\u010danske demonologije. Njegove korenine segajo v hebrejsko rabo jezika in v zgodnjo judovsko apokaliptiko. Iz moralnega abstraktnega pojma se je preko kumranskih spisov razvil poimenovan kozmi\u010dni nasprotnik, ki tam vodi sinove teme. V Goetii se Belial pojavlja kot osemin\u0161estdeseti duh in velja za kralja z ukazovalno oblastjo nad osemdesetimi legijami.<\/p>\n<\/details>\n\n<details class=\"iwg-faq-item\">\n  <summary><strong>Od kod izvira ime Belial?<\/strong><\/summary>\n  <p>Ime je jezikoslovno sporno. Najbolj raz\u0161irjena razlaga razstavi hebrejsko beliyya&#8217;al na nikalnico beli in drugi element. Ta se razume kot koristnost in vodi do pomena brez koristi ali ni\u010dvrednost. Druga razlaga povezuje drugi del besede s korenom za vzpenjanje, kar je bilo razumljeno kot poimenovanje podzemlja. V Novi zavezi se ime pojavlja v obliki Beliar, z r namesto l.<\/p>\n<\/details>\n\n<details class=\"iwg-faq-item\">\n  <summary><strong>Kako je Belial upodobljen v Goetii?<\/strong><\/summary>\n  <p>\u0160ele Goetia daje Belialu trdno podobo. Ne opisuje ga v \u017eivalski podobi, temve\u010d kot dva \u017eare\u010da angela na ognjenem bojnem vozu. Ta podoba spominja na Ezekielovo videnje prestolnega voza in ga povezuje z vi\u0161jimi angelskimi razredi. Besedilo navaja, da je Belial bil ustvarjen takoj po Luciferju. Zna\u010dilna je zahteva po darovanjih, brez katerih po besedilu ne poda resnicoljubnih odgovorov.<\/p>\n<\/details>\n\n<details class=\"iwg-faq-item\">\n  <summary><strong>Kateri viri izpri\u010dujejo Beliala?<\/strong><\/summary>\n  <p>Najpomembnej\u0161a skupina virov so kumranski spisi, in sicer Vojni zvitek, Pravilo skupnosti in Hodayot. K temu se dodajajo Zaveza dvanajstih patriarhov ter edino novozavezno mesto v 2 Kor 6, 15. Za poznej\u0161e izro\u010dilo sta odlo\u010dilna Liber Belial Jacobusa de Theramo iz poznega 14. stoletja in Lemegeton iz 17. stoletja. Akademsko raziskovanje obravnava Beliala predvsem v okviru kumranskih \u0161tudij in izro\u010dila Liber Belial.<\/p>\n<\/details>\n\t\t\t\t\t\t\t\t<\/div>\n\t\t\t\t<div class=\"elementor-element elementor-element-wv-belial-s elementor-widget elementor-widget-html\" data-id=\"wv-belial-s\" data-element_type=\"widget\" data-e-type=\"widget\" data-widget_type=\"html.default\">\n\t\t\t\t\t<script type=\"application\/ld+json\">{\"@context\": \"https:\/\/schema.org\", \"@type\": \"FAQPage\", \"mainEntity\": [{\"@type\": \"Question\", \"name\": \"Kdo je Belial?\", \"acceptedAnswer\": {\"@type\": \"Answer\", \"text\": \"Belial spada med najstarej\u0161e like judovske in kr\u0161\u010danske demonologije, njegove korenine pa segajo v hebrejsko rabo jezika in v zgodnjo judovsko apokaliptiko. Iz moralnega abstraktnega pojma se je preko kumranskih spisov razvil poimenovan kozmi\u010dni nasprotnik, ki tam vodi sinove teme. V Goetii se Belial pojavlja kot osemin\u0161estdeseti duh in velja za kralja z ukazovalno oblastjo nad osemdesetimi legijami.\"}}, {\"@type\": \"Question\", \"name\": \"Od kod izvira ime Belial?\", \"acceptedAnswer\": {\"@type\": \"Answer\", \"text\": \"Ime je jezikoslovno sporno. Najbolj raz\u0161irjena razlaga razstavi hebrejsko beliyya'al na nikalnico beli in drugi element, ki se razume kot koristnost in vodi do pomena brez koristi ali ni\u010dvrednost. Druga razlaga povezuje drugi del besede s korenom za vzpenjanje, kar je bilo razumljeno kot poimenovanje podzemlja. V Novi zavezi se ime pojavlja v obliki Beliar, z r namesto l.\"}}, {\"@type\": \"Question\", \"name\": \"Kako je Belial upodobljen v Goetii?\", \"acceptedAnswer\": {\"@type\": \"Answer\", \"text\": \"\u0160ele Goetia daje Belialu trdno podobo. Ne opisuje ga v \u017eivalski podobi, temve\u010d kot dva \u017eare\u010da angela na ognjenem bojnem vozu, podobo, ki spominja na Ezekielovo videnje prestolnega voza in ga povezuje z vi\u0161jimi angelskimi razredi. Besedilo navaja, da je Belial bil ustvarjen takoj po Luciferju. Zna\u010dilna je zahteva po darovanjih, brez katerih po besedilu ne poda resnicoljubnih odgovorov.\"}}, {\"@type\": \"Question\", \"name\": \"Kateri viri izpri\u010dujejo Beliala?\", \"acceptedAnswer\": {\"@type\": \"Answer\", \"text\": \"Najpomembnej\u0161a skupina virov so kumranski spisi, in sicer Vojni zvitek, Pravilo skupnosti in Hodayot. K temu se dodajajo Zaveza dvanajstih patriarhov ter edino novozavezno mesto v 2 Kor 6, 15. Za poznej\u0161e izro\u010dilo sta odlo\u010dilna Liber Belial Jacobusa de Theramo iz poznega 14. stoletja in Lemegeton iz 17. stoletja. Akademsko raziskovanje obravnava Beliala predvsem v okviru kumranskih \u0161tudij in izro\u010dila Liber Belial.\"}}]}<\/script>\t\t\t\t<\/div>\n\t\t\t\t\t<\/div>\n\t\t<\/div>\n\t\t\t\t\t<\/div>\n\t\t<\/section>\n\t\t\t\t<\/div>\n\t\t","protected":false},"excerpt":{"rendered":"","protected":false},"author":3,"featured_media":2428,"parent":0,"menu_order":0,"comment_status":"closed","ping_status":"closed","template":"elementor_header_footer","meta":{"_yoast_wpseo_focuskw":"Belial","_yoast_wpseo_title":"Belial: 68. duh Goetije in nasprotnik | iWell Guard","_yoast_wpseo_metadesc":"Belial v hebrejski Bibliji, v Kumranu in v Goetiji. Etimologija, kraljevski rang, pe\u010dat in religijsko-zgodovinska uvrstitev.","_yoast_wpseo_meta-robots-noindex":"","_yoast_wpseo_canonical":"","_angie_page":false,"gefaehrdungsstufe":"4","wesen_kultur":"christentum","wesen_klasse":"daemonen","footnotes":""},"categories":[],"class_list":["post-160627","page","type-page","status-publish","has-post-thumbnail","hentry"],"yoast_head":"<!-- This site is optimized with the Yoast SEO Premium plugin v27.7 (Yoast SEO v28.3) - https:\/\/yoast.com\/product\/yoast-seo-premium-wordpress\/ -->\n<title>Belial: 68. duh Goetije in nasprotnik | iWell Guard<\/title>\n<meta name=\"description\" content=\"Belial v hebrejski Bibliji, v Kumranu in v Goetiji. Etimologija, kraljevski rang, pe\u010dat in religijsko-zgodovinska uvrstitev.\" \/>\n<meta name=\"robots\" content=\"index, follow, max-snippet:-1, max-image-preview:large, max-video-preview:-1\" \/>\n<link rel=\"canonical\" href=\"https:\/\/iwell-guard.com\/sl\/belial\/\" \/>\n<meta property=\"og:locale\" content=\"sl_SI\" \/>\n<meta property=\"og:type\" content=\"article\" \/>\n<meta property=\"og:title\" content=\"Belial\" \/>\n<meta property=\"og:description\" content=\"Belial v hebrejski Bibliji, v Kumranu in v Goetiji. Etimologija, kraljevski rang, pe\u010dat in religijsko-zgodovinska uvrstitev.\" \/>\n<meta property=\"og:url\" content=\"https:\/\/iwell-guard.com\/sl\/belial\/\" \/>\n<meta property=\"og:site_name\" content=\"iWell Guard\" \/>\n<meta property=\"article:modified_time\" content=\"2026-09-05T00:41:58+00:00\" \/>\n<meta property=\"og:image\" content=\"https:\/\/iwell-guard.com\/wp-content\/uploads\/2026\/05\/daemonen_christentum_belial.webp\" \/>\n\t<meta property=\"og:image:width\" content=\"1024\" \/>\n\t<meta property=\"og:image:height\" content=\"1536\" \/>\n\t<meta property=\"og:image:type\" content=\"image\/webp\" \/>\n<meta name=\"twitter:card\" content=\"summary_large_image\" \/>\n<script type=\"application\/ld+json\" class=\"yoast-schema-graph\">{\"@context\":\"https:\\\/\\\/schema.org\",\"@graph\":[{\"@type\":\"WebPage\",\"@id\":\"https:\\\/\\\/iwell-guard.com\\\/sl\\\/belial\\\/\",\"url\":\"https:\\\/\\\/iwell-guard.com\\\/sl\\\/belial\\\/\",\"name\":\"Belial: 68. duh Goetije in nasprotnik | iWell Guard\",\"isPartOf\":{\"@id\":\"https:\\\/\\\/iwell-guard.com\\\/sl\\\/#website\"},\"primaryImageOfPage\":{\"@id\":\"https:\\\/\\\/iwell-guard.com\\\/sl\\\/belial\\\/#primaryimage\"},\"image\":{\"@id\":\"https:\\\/\\\/iwell-guard.com\\\/sl\\\/belial\\\/#primaryimage\"},\"thumbnailUrl\":\"https:\\\/\\\/iwell-guard.com\\\/wp-content\\\/uploads\\\/2026\\\/05\\\/daemonen_christentum_belial.webp\",\"datePublished\":\"2026-09-05T00:23:23+00:00\",\"dateModified\":\"2026-09-05T00:41:58+00:00\",\"description\":\"Belial v hebrejski Bibliji, v Kumranu in v Goetiji. Etimologija, kraljevski rang, pe\u010dat in religijsko-zgodovinska uvrstitev.\",\"breadcrumb\":{\"@id\":\"https:\\\/\\\/iwell-guard.com\\\/sl\\\/belial\\\/#breadcrumb\"},\"inLanguage\":\"sl-SI\",\"potentialAction\":[{\"@type\":\"ReadAction\",\"target\":[\"https:\\\/\\\/iwell-guard.com\\\/sl\\\/belial\\\/\"]}]},{\"@type\":\"ImageObject\",\"inLanguage\":\"sl-SI\",\"@id\":\"https:\\\/\\\/iwell-guard.com\\\/sl\\\/belial\\\/#primaryimage\",\"url\":\"https:\\\/\\\/iwell-guard.com\\\/wp-content\\\/uploads\\\/2026\\\/05\\\/daemonen_christentum_belial.webp\",\"contentUrl\":\"https:\\\/\\\/iwell-guard.com\\\/wp-content\\\/uploads\\\/2026\\\/05\\\/daemonen_christentum_belial.webp\",\"width\":1024,\"height\":1536,\"caption\":\"Belial, demon iz kr\u0161\u010dansko-okultisti\u010dne tradicije goetije\"},{\"@type\":\"BreadcrumbList\",\"@id\":\"https:\\\/\\\/iwell-guard.com\\\/sl\\\/belial\\\/#breadcrumb\",\"itemListElement\":[{\"@type\":\"ListItem\",\"position\":1,\"name\":\"Start\",\"item\":\"https:\\\/\\\/iwell-guard.com\\\/sl\\\/?page_id=160323\"},{\"@type\":\"ListItem\",\"position\":2,\"name\":\"Belial\"}]},{\"@type\":\"WebSite\",\"@id\":\"https:\\\/\\\/iwell-guard.com\\\/sl\\\/#website\",\"url\":\"https:\\\/\\\/iwell-guard.com\\\/sl\\\/\",\"name\":\"iWell Guard\",\"description\":\"Schutz vor dunklen Einfl\u00fcssen\",\"publisher\":{\"@id\":\"https:\\\/\\\/iwell-guard.com\\\/sl\\\/#organization\"},\"potentialAction\":[{\"@type\":\"SearchAction\",\"target\":{\"@type\":\"EntryPoint\",\"urlTemplate\":\"https:\\\/\\\/iwell-guard.com\\\/sl\\\/?s={search_term_string}\"},\"query-input\":{\"@type\":\"PropertyValueSpecification\",\"valueRequired\":true,\"valueName\":\"search_term_string\"}}],\"inLanguage\":\"sl-SI\"},{\"@type\":\"Organization\",\"@id\":\"https:\\\/\\\/iwell-guard.com\\\/sl\\\/#organization\",\"name\":\"Ittermann electronic GmbH\",\"url\":\"https:\\\/\\\/iwell-guard.com\\\/sl\\\/\",\"logo\":{\"@type\":\"ImageObject\",\"inLanguage\":\"sl-SI\",\"@id\":\"https:\\\/\\\/iwell-guard.com\\\/sl\\\/#\\\/schema\\\/logo\\\/image\\\/\",\"url\":\"https:\\\/\\\/iwell-guard.com\\\/wp-content\\\/uploads\\\/2026\\\/05\\\/Ittermann-Logo-1182x237-1.png\",\"contentUrl\":\"https:\\\/\\\/iwell-guard.com\\\/wp-content\\\/uploads\\\/2026\\\/05\\\/Ittermann-Logo-1182x237-1.png\",\"width\":1182,\"height\":237,\"caption\":\"Ittermann electronic GmbH\"},\"image\":{\"@id\":\"https:\\\/\\\/iwell-guard.com\\\/sl\\\/#\\\/schema\\\/logo\\\/image\\\/\"},\"sameAs\":[\"https:\\\/\\\/pantip.com\\\/profile\\\/9367242\",\"https:\\\/\\\/micro.blog\\\/iwellguard\",\"https:\\\/\\\/www.diggerslist.com\\\/iwellguard\\\/about\",\"https:\\\/\\\/skitterphoto.com\\\/photographers\\\/2870314\\\/iwell-guard\",\"https:\\\/\\\/iwellguard.wordpress.com\\\/2026\\\/06\\\/06\\\/iwell-guard\\\/\",\"https:\\\/\\\/hub.docker.com\\\/u\\\/iwellguard\",\"https:\\\/\\\/www.pinterest.com\\\/iwellguard\\\/\",\"https:\\\/\\\/bit.ly\\\/m\\\/iwellguard\",\"https:\\\/\\\/entre-vos-mains.alsace.eu\\\/profiles\\\/iwellguard\\\/activity\",\"https:\\\/\\\/gravatar.com\\\/reallybeded8fd34\",\"https:\\\/\\\/naijamatta.com\\\/iwellguard\",\"https:\\\/\\\/www.goodreads.com\\\/iwellguard\",\"https:\\\/\\\/profile.hatena.ne.jp\\\/iwellguard\\\/\",\"https:\\\/\\\/experiment.com\\\/users\\\/iwellguard\",\"https:\\\/\\\/wakelet.com\\\/@iWellGuard82270\",\"https:\\\/\\\/www.chordie.com\\\/forum\\\/profile.php?id=2555664\",\"https:\\\/\\\/www.instapaper.com\\\/p\\\/17757966\",\"https:\\\/\\\/www.mapleprimes.com\\\/users\\\/iwellguard\",\"https:\\\/\\\/businesslistingplus.com\\\/profile\\\/iwell-guard\\\/\",\"https:\\\/\\\/telegra.ph\\\/iWell-Guard-06-06\",\"https:\\\/\\\/pbase.com\\\/iwellguard\\\/iwellguard\",\"https:\\\/\\\/b.hatena.ne.jp\\\/iwellguard\\\/20260607#bookmark-4788405196491818882\",\"https:\\\/\\\/fliphtml5.com\\\/home\\\/iwellguard\",\"https:\\\/\\\/anyflip.com\\\/homepage\\\/cmiwl#About\",\"https:\\\/\\\/transfur.com\\\/Users\\\/iwellguard\",\"http:\\\/\\\/delphi.larsbo.org\\\/user\\\/iwellguard\",\"https:\\\/\\\/jobs.lajobsportal.org\\\/profiles\\\/8380803-iwell-guard\",\"https:\\\/\\\/md.chaosdorf.de\\\/s\\\/jfbe5SBdJD\",\"https:\\\/\\\/www.lingvolive.com\\\/en-us\\\/profile\\\/9ecaeaca-ce11-4e51-9e71-01d55e2bff36\\\/translations\",\"https:\\\/\\\/www.fitday.com\\\/fitness\\\/forums\\\/members\\\/iwellguard.html\",\"https:\\\/\\\/www.mymeetbook.com\\\/iwellguard\",\"https:\\\/\\\/pxhere.com\\\/en\\\/photographer-me\\\/5040798\",\"https:\\\/\\\/disqus.com\\\/by\\\/iwellguard\\\/about\\\/\",\"https:\\\/\\\/pastelink.net\\\/hjwciqwq\",\"https:\\\/\\\/pubhtml5.com\\\/homepage\\\/scjhn\\\/\",\"https:\\\/\\\/www.bitchute.com\\\/channel\\\/2O2eOKzNqujT\",\"https:\\\/\\\/audiomack.com\\\/iwellguard\"]},{\"@type\":\"Article\",\"@id\":\"https:\\\/\\\/iwell-guard.com\\\/sl\\\/belial\\\/#article\",\"isPartOf\":{\"@id\":\"https:\\\/\\\/iwell-guard.com\\\/sl\\\/belial\\\/\"},\"author\":{\"name\":\"Ralf Ittermann\",\"@id\":\"https:\\\/\\\/iwell-guard.com\\\/sl\\\/#\\\/schema\\\/person\\\/ee2a27f1cac3406c7c6fb5820cb7349f\"},\"headline\":\"Belial\",\"datePublished\":\"2026-09-05T00:23:23+00:00\",\"dateModified\":\"2026-09-05T00:41:58+00:00\",\"mainEntityOfPage\":{\"@id\":\"https:\\\/\\\/iwell-guard.com\\\/sl\\\/belial\\\/\"},\"publisher\":{\"@id\":\"https:\\\/\\\/iwell-guard.com\\\/sl\\\/#organization\"},\"image\":{\"@id\":\"https:\\\/\\\/iwell-guard.com\\\/sl\\\/belial\\\/#primaryimage\"},\"thumbnailUrl\":\"https:\\\/\\\/iwell-guard.com\\\/wp-content\\\/uploads\\\/2026\\\/05\\\/daemonen_christentum_belial.webp\",\"inLanguage\":\"sl-SI\",\"description\":\"Belial v hebrejski Bibliji, v Kumranu in v Goetiji. Etimologija, kraljevski rang, pe\u010dat in religijsko-zgodovinska uvrstitev.\"}]}<\/script>\n<!-- \/ Yoast SEO Premium plugin. -->","yoast_head_json":{"title":"Belial: 68. duh Goetije in nasprotnik | iWell Guard","description":"Belial v hebrejski Bibliji, v Kumranu in v Goetiji. Etimologija, kraljevski rang, pe\u010dat in religijsko-zgodovinska uvrstitev.","robots":{"index":"index","follow":"follow","max-snippet":"max-snippet:-1","max-image-preview":"max-image-preview:large","max-video-preview":"max-video-preview:-1"},"canonical":"https:\/\/iwell-guard.com\/sl\/belial\/","og_locale":"sl_SI","og_type":"article","og_title":"Belial","og_description":"Belial v hebrejski Bibliji, v Kumranu in v Goetiji. Etimologija, kraljevski rang, pe\u010dat in religijsko-zgodovinska uvrstitev.","og_url":"https:\/\/iwell-guard.com\/sl\/belial\/","og_site_name":"iWell Guard","article_modified_time":"2026-09-05T00:41:58+00:00","og_image":[{"width":1024,"height":1536,"url":"https:\/\/iwell-guard.com\/wp-content\/uploads\/2026\/05\/daemonen_christentum_belial.webp","type":"image\/webp"}],"twitter_card":"summary_large_image","schema":{"@context":"https:\/\/schema.org","@graph":[{"@type":"Article","@id":"https:\/\/iwell-guard.com\/sl\/belial\/#article","isPartOf":{"@id":"https:\/\/iwell-guard.com\/sl\/belial\/"},"author":{"name":"Ralf Ittermann","@id":"https:\/\/iwell-guard.com\/sl\/#\/schema\/person\/ee2a27f1cac3406c7c6fb5820cb7349f"},"headline":"Belial","datePublished":"2026-09-05T00:23:23+00:00","dateModified":"2026-09-05T00:41:58+00:00","mainEntityOfPage":{"@id":"https:\/\/iwell-guard.com\/sl\/belial\/"},"publisher":{"@id":"https:\/\/iwell-guard.com\/sl\/#organization"},"image":{"@id":"https:\/\/iwell-guard.com\/sl\/belial\/#primaryimage"},"thumbnailUrl":"https:\/\/iwell-guard.com\/wp-content\/uploads\/2026\/05\/daemonen_christentum_belial.webp","inLanguage":"sl-SI","description":"Belial v hebrejski Bibliji, v Kumranu in v Goetiji. Etimologija, kraljevski rang, pe\u010dat in religijsko-zgodovinska uvrstitev."},{"@type":"WebPage","@id":"https:\/\/iwell-guard.com\/sl\/belial\/","url":"https:\/\/iwell-guard.com\/sl\/belial\/","name":"Belial: 68. duh Goetije in nasprotnik | iWell Guard","isPartOf":{"@id":"https:\/\/iwell-guard.com\/sl\/#website"},"primaryImageOfPage":{"@id":"https:\/\/iwell-guard.com\/sl\/belial\/#primaryimage"},"image":{"@id":"https:\/\/iwell-guard.com\/sl\/belial\/#primaryimage"},"thumbnailUrl":"https:\/\/iwell-guard.com\/wp-content\/uploads\/2026\/05\/daemonen_christentum_belial.webp","datePublished":"2026-09-05T00:23:23+00:00","dateModified":"2026-09-05T00:41:58+00:00","description":"Belial v hebrejski Bibliji, v Kumranu in v Goetiji. Etimologija, kraljevski rang, pe\u010dat in religijsko-zgodovinska uvrstitev.","breadcrumb":{"@id":"https:\/\/iwell-guard.com\/sl\/belial\/#breadcrumb"},"inLanguage":"sl-SI","potentialAction":[{"@type":"ReadAction","target":["https:\/\/iwell-guard.com\/sl\/belial\/"]}]},{"@type":"ImageObject","inLanguage":"sl-SI","@id":"https:\/\/iwell-guard.com\/sl\/belial\/#primaryimage","url":"https:\/\/iwell-guard.com\/wp-content\/uploads\/2026\/05\/daemonen_christentum_belial.webp","contentUrl":"https:\/\/iwell-guard.com\/wp-content\/uploads\/2026\/05\/daemonen_christentum_belial.webp","width":1024,"height":1536,"caption":"Belial, demon iz kr\u0161\u010dansko-okultisti\u010dne tradicije goetije"},{"@type":"BreadcrumbList","@id":"https:\/\/iwell-guard.com\/sl\/belial\/#breadcrumb","itemListElement":[{"@type":"ListItem","position":1,"name":"Start","item":"https:\/\/iwell-guard.com\/sl\/?page_id=160323"},{"@type":"ListItem","position":2,"name":"Belial"}]},{"@type":"WebSite","@id":"https:\/\/iwell-guard.com\/sl\/#website","url":"https:\/\/iwell-guard.com\/sl\/","name":"iWell Guard","description":"Schutz vor dunklen Einfl\u00fcssen","publisher":{"@id":"https:\/\/iwell-guard.com\/sl\/#organization"},"potentialAction":[{"@type":"SearchAction","target":{"@type":"EntryPoint","urlTemplate":"https:\/\/iwell-guard.com\/sl\/?s={search_term_string}"},"query-input":{"@type":"PropertyValueSpecification","valueRequired":true,"valueName":"search_term_string"}}],"inLanguage":"sl-SI"},{"@type":"Organization","@id":"https:\/\/iwell-guard.com\/sl\/#organization","name":"Ittermann electronic GmbH","url":"https:\/\/iwell-guard.com\/sl\/","logo":{"@type":"ImageObject","inLanguage":"sl-SI","@id":"https:\/\/iwell-guard.com\/sl\/#\/schema\/logo\/image\/","url":"https:\/\/iwell-guard.com\/wp-content\/uploads\/2026\/05\/Ittermann-Logo-1182x237-1.png","contentUrl":"https:\/\/iwell-guard.com\/wp-content\/uploads\/2026\/05\/Ittermann-Logo-1182x237-1.png","width":1182,"height":237,"caption":"Ittermann electronic GmbH"},"image":{"@id":"https:\/\/iwell-guard.com\/sl\/#\/schema\/logo\/image\/"},"sameAs":["https:\/\/pantip.com\/profile\/9367242","https:\/\/micro.blog\/iwellguard","https:\/\/www.diggerslist.com\/iwellguard\/about","https:\/\/skitterphoto.com\/photographers\/2870314\/iwell-guard","https:\/\/iwellguard.wordpress.com\/2026\/06\/06\/iwell-guard\/","https:\/\/hub.docker.com\/u\/iwellguard","https:\/\/www.pinterest.com\/iwellguard\/","https:\/\/bit.ly\/m\/iwellguard","https:\/\/entre-vos-mains.alsace.eu\/profiles\/iwellguard\/activity","https:\/\/gravatar.com\/reallybeded8fd34","https:\/\/naijamatta.com\/iwellguard","https:\/\/www.goodreads.com\/iwellguard","https:\/\/profile.hatena.ne.jp\/iwellguard\/","https:\/\/experiment.com\/users\/iwellguard","https:\/\/wakelet.com\/@iWellGuard82270","https:\/\/www.chordie.com\/forum\/profile.php?id=2555664","https:\/\/www.instapaper.com\/p\/17757966","https:\/\/www.mapleprimes.com\/users\/iwellguard","https:\/\/businesslistingplus.com\/profile\/iwell-guard\/","https:\/\/telegra.ph\/iWell-Guard-06-06","https:\/\/pbase.com\/iwellguard\/iwellguard","https:\/\/b.hatena.ne.jp\/iwellguard\/20260607#bookmark-4788405196491818882","https:\/\/fliphtml5.com\/home\/iwellguard","https:\/\/anyflip.com\/homepage\/cmiwl#About","https:\/\/transfur.com\/Users\/iwellguard","http:\/\/delphi.larsbo.org\/user\/iwellguard","https:\/\/jobs.lajobsportal.org\/profiles\/8380803-iwell-guard","https:\/\/md.chaosdorf.de\/s\/jfbe5SBdJD","https:\/\/www.lingvolive.com\/en-us\/profile\/9ecaeaca-ce11-4e51-9e71-01d55e2bff36\/translations","https:\/\/www.fitday.com\/fitness\/forums\/members\/iwellguard.html","https:\/\/www.mymeetbook.com\/iwellguard","https:\/\/pxhere.com\/en\/photographer-me\/5040798","https:\/\/disqus.com\/by\/iwellguard\/about\/","https:\/\/pastelink.net\/hjwciqwq","https:\/\/pubhtml5.com\/homepage\/scjhn\/","https:\/\/www.bitchute.com\/channel\/2O2eOKzNqujT","https:\/\/audiomack.com\/iwellguard"]},{"@type":"Person","@id":"https:\/\/iwell-guard.com\/sl\/#\/schema\/person\/ee2a27f1cac3406c7c6fb5820cb7349f","name":"Ralf Ittermann","image":{"@type":"ImageObject","inLanguage":"sl-SI","@id":"https:\/\/secure.gravatar.com\/avatar\/073c0153e350a5005b68eb752b445fea71f6b24a26da9449ad7e155e6b446c9d?s=96&d=mm&r=g","url":"https:\/\/secure.gravatar.com\/avatar\/073c0153e350a5005b68eb752b445fea71f6b24a26da9449ad7e155e6b446c9d?s=96&d=mm&r=g","contentUrl":"https:\/\/secure.gravatar.com\/avatar\/073c0153e350a5005b68eb752b445fea71f6b24a26da9449ad7e155e6b446c9d?s=96&d=mm&r=g","caption":"Ralf Ittermann"},"givenName":"Ralf","familyName":"Ittermann","jobTitle":"Gesch\u00e4ftsf\u00fchrer und redaktioneller Verantwortlicher","url":"https:\/\/iwell-guard.com\/sl\/author\/claude\/","description":"Ralf Ittermann ist Gesch\u00e4ftsf\u00fchrer der Ittermann electronic GmbH und redaktioneller Verantwortlicher des iWell-Guard-Lexikons. Er verbindet langj\u00e4hrige Erfahrung in der Pr\u00e4zisionsfertigung mit medialer Praxis und religionsgeschichtlicher Quellenarbeit.","worksFor":{"@type":"Organization","name":"Ittermann electronic GmbH","url":"https:\/\/ittermann.de\/","address":{"@type":"PostalAddress","streetAddress":"K\u00f6hlergasse 16-18","postalCode":"99842","addressLocality":"Ruhla","addressCountry":"DE"}},"knowsAbout":["Religionsgeschichte","Mythologie","Mediale Praxis","Energetische Diagnostik","Schutzpraxis","Volksglauben","Westliche Esoterik"]},{"@type":"Article","@id":"https:\/\/iwell-guard.com\/sl\/belial\/#article","isPartOf":{"@id":"https:\/\/iwell-guard.com\/sl\/belial\/"},"author":{"name":"Ralf Ittermann","@id":"https:\/\/iwell-guard.com\/sl\/#\/schema\/person\/ee2a27f1cac3406c7c6fb5820cb7349f"},"headline":"Belial","datePublished":"2026-09-05T00:23:23+00:00","dateModified":"2026-09-05T00:41:58+00:00","mainEntityOfPage":{"@id":"https:\/\/iwell-guard.com\/sl\/belial\/"},"publisher":{"@id":"https:\/\/iwell-guard.com\/sl\/#organization"},"image":{"@id":"https:\/\/iwell-guard.com\/sl\/belial\/#primaryimage"},"thumbnailUrl":"https:\/\/iwell-guard.com\/wp-content\/uploads\/2026\/05\/daemonen_christentum_belial.webp","inLanguage":"sl-SI","description":"Belial v hebrejski Bibliji, v Kumranu in v Goetiji. Etimologija, kraljevski rang, pe\u010dat in religijsko-zgodovinska uvrstitev."}]}},"_links":{"self":[{"href":"https:\/\/iwell-guard.com\/sl\/wp-json\/wp\/v2\/pages\/160627","targetHints":{"allow":["GET"]}}],"collection":[{"href":"https:\/\/iwell-guard.com\/sl\/wp-json\/wp\/v2\/pages"}],"about":[{"href":"https:\/\/iwell-guard.com\/sl\/wp-json\/wp\/v2\/types\/page"}],"author":[{"embeddable":true,"href":"https:\/\/iwell-guard.com\/sl\/wp-json\/wp\/v2\/users\/3"}],"replies":[{"embeddable":true,"href":"https:\/\/iwell-guard.com\/sl\/wp-json\/wp\/v2\/comments?post=160627"}],"version-history":[{"count":0,"href":"https:\/\/iwell-guard.com\/sl\/wp-json\/wp\/v2\/pages\/160627\/revisions"}],"wp:featuredmedia":[{"embeddable":true,"href":"https:\/\/iwell-guard.com\/sl\/wp-json\/wp\/v2\/media\/2428"}],"wp:attachment":[{"href":"https:\/\/iwell-guard.com\/sl\/wp-json\/wp\/v2\/media?parent=160627"}],"wp:term":[{"taxonomy":"category","embeddable":true,"href":"https:\/\/iwell-guard.com\/sl\/wp-json\/wp\/v2\/categories?post=160627"}],"curies":[{"name":"wp","href":"https:\/\/api.w.org\/{rel}","templated":true}]}}