{"id":160625,"date":"2026-09-05T00:23:22","date_gmt":"2026-09-05T00:23:22","guid":{"rendered":"https:\/\/iwell-guard.com\/?page_id=160625"},"modified":"2026-09-05T00:41:58","modified_gmt":"2026-09-05T00:41:58","slug":"bael","status":"publish","type":"page","link":"https:\/\/iwell-guard.com\/sl\/bael\/","title":{"rendered":"Bael"},"content":{"rendered":"\t\t<div data-elementor-type=\"wp-page\" data-elementor-id=\"160625\" class=\"elementor elementor-160625 elementor-2256 elementor-bc-flex-widget\" data-elementor-post-type=\"page\">\n\t\t\t\t<div class=\"elementor-element elementor-element-10fdade e-flex e-con-boxed e-con e-parent\" data-id=\"10fdade\" data-element_type=\"container\" data-e-type=\"container\" data-settings=\"{&quot;background_background&quot;:&quot;classic&quot;}\">\n\t\t\t\t\t<div class=\"e-con-inner\">\n\t\t<div class=\"elementor-element elementor-element-herohlft0 e-flex e-con-boxed e-con e-child\" data-id=\"herohlft0\" data-element_type=\"container\" data-e-type=\"container\">\n\t\t\t\t\t<div class=\"e-con-inner\">\n\t\t<div class=\"elementor-element elementor-element-c3ceb64 e-con-full e-flex e-con e-child\" data-id=\"c3ceb64\" data-element_type=\"container\" data-e-type=\"container\">\n\t\t\t\t<div class=\"elementor-element elementor-element-96ae5e1 elementor-widget elementor-widget-heading\" data-id=\"96ae5e1\" data-element_type=\"widget\" data-e-type=\"widget\" data-widget_type=\"heading.default\">\n\t\t\t\t\t<h1 class=\"elementor-heading-title elementor-size-default\">Bael, prvi kralj Goetie<\/h1>\t\t\t\t<\/div>\n\t\t\t\t<div class=\"elementor-element elementor-element-e45238a elementor-widget elementor-widget-text-editor\" data-id=\"e45238a\" data-element_type=\"widget\" data-e-type=\"widget\" data-widget_type=\"text-editor.default\">\n\t\t\t\t\t\t\t\t\t<p><strong>Bael je prvi<\/strong> od dvainsedemdesetih duhov Ars Goetie, knjige iz Lemegetona, ki jo lahko zgodovinsko zasledimo v 17. stoletju in ki jo je v 19. stoletju na novo prevedel S. L. MacGregor Mathers.<\/p><p>V demonski hierarhiji Bael kot kralj stoji na vrhu seznama in poveljuje \u0161estin\u0161estdesetim legijam. Njegovo ime napotuje na semitskega boga Baala, nekdanjega vrhovnega boga sirsko-kanaanskega prostora, ki ga je kr\u0161\u010danska demonologija premestila na seznam padlih duhov. Bael kot prvi kralj sodi med bitja, ki jih izro\u010dilo zdru\u017euje v skupino 72 duhov Goetie.<\/p>\t\t\t\t\t\t\t\t<\/div>\n\t\t\t\t<\/div>\n\t\t<div class=\"elementor-element elementor-element-klsbdg01 e-con-full e-flex e-con e-parent\" data-id=\"klsbdg01\" data-element_type=\"container\" data-e-type=\"container\">\n\t\t\t\t<div class=\"elementor-element elementor-element-klshtm01 elementor-widget elementor-widget-html\" data-id=\"klshtm01\" data-element_type=\"widget\" data-e-type=\"widget\" data-widget_type=\"html.default\">\n\t\t\t\t\t<div class=\"iwg-pill-row\"><span class=\"iwg-klasse-badge\" tabindex=\"0\" data-tooltip=\"Demon: nadnaravno, ponavadi \u0161kodljivo bitje med bogovi in ljudmi.\">Demon<\/span><a href=\"https:\/\/iwell-guard.com\/sl\/?page_id=160356\" class=\"iwg-kultur-badge\" tabindex=\"0\" data-tooltip=\"Kr\u0161\u010dansko izro\u010dilo od 1. stoletja n. \u0161t. dalje.\">Kr\u0161\u010danstvo<\/a><\/div>\t\t\t\t<\/div>\n\t\t\t\t<\/div>\n\t\t<div class=\"elementor-element elementor-element-3f74855 e-con-full e-flex e-con e-child\" data-id=\"3f74855\" data-element_type=\"container\" data-e-type=\"container\">\n\t\t\t\t<div class=\"elementor-element elementor-element-1c30362 elementor-toc--minimized-on-tablet elementor-widget elementor-widget-table-of-contents\" data-id=\"1c30362\" data-element_type=\"widget\" data-e-type=\"widget\" data-settings=\"{&quot;exclude_headings_by_selector&quot;:[],&quot;no_headings_message&quot;:&quot;Na tej strani ni najdenih naslovov.&quot;,&quot;headings_by_tags&quot;:[&quot;h2&quot;,&quot;h3&quot;],&quot;marker_view&quot;:&quot;bullets&quot;,&quot;minimize_box&quot;:&quot;yes&quot;,&quot;icon&quot;:{&quot;value&quot;:&quot;fas fa-circle&quot;,&quot;library&quot;:&quot;fa-solid&quot;,&quot;rendered_tag&quot;:&quot;&lt;svg class=\\&quot;e-font-icon-svg e-fas-circle\\&quot; viewBox=\\&quot;0 0 512 512\\&quot; xmlns=\\&quot;http:\\\/\\\/www.w3.org\\\/2000\\\/svg\\&quot;&gt;&lt;path d=\\&quot;M256 8C119 8 8 119 8 256s111 248 248 248 248-111 248-248S393 8 256 8z\\&quot;&gt;&lt;\\\/path&gt;&lt;\\\/svg&gt;&quot;},&quot;minimized_on&quot;:&quot;tablet&quot;,&quot;hierarchical_view&quot;:&quot;yes&quot;,&quot;min_height&quot;:{&quot;unit&quot;:&quot;px&quot;,&quot;size&quot;:&quot;&quot;,&quot;sizes&quot;:[]},&quot;min_height_tablet&quot;:{&quot;unit&quot;:&quot;px&quot;,&quot;size&quot;:&quot;&quot;,&quot;sizes&quot;:[]},&quot;min_height_mobile&quot;:{&quot;unit&quot;:&quot;px&quot;,&quot;size&quot;:&quot;&quot;,&quot;sizes&quot;:[]}}\" data-widget_type=\"table-of-contents.default\">\n\t\t\t\t\t\t\t\t\t<div class=\"elementor-toc__header\">\n\t\t\t\t\t\t<h2 class=\"elementor-toc__header-title\">\n\t\t\t\tKazalo vsebine\t\t\t<\/h2>\n\t\t\t\t\t\t\t\t\t\t<div class=\"elementor-toc__toggle-button elementor-toc__toggle-button--expand\" role=\"button\" tabindex=\"0\" aria-controls=\"elementor-toc__1c30362\" aria-expanded=\"true\" aria-label=\"Open table of contents\"><svg aria-hidden=\"true\" class=\"e-font-icon-svg e-fas-chevron-down\" viewBox=\"0 0 448 512\" xmlns=\"http:\/\/www.w3.org\/2000\/svg\"><path d=\"M207.029 381.476L12.686 187.132c-9.373-9.373-9.373-24.569 0-33.941l22.667-22.667c9.357-9.357 24.522-9.375 33.901-.04L224 284.505l154.745-154.021c9.379-9.335 24.544-9.317 33.901.04l22.667 22.667c9.373 9.373 9.373 24.569 0 33.941L240.971 381.476c-9.373 9.372-24.569 9.372-33.942 0z\"><\/path><\/svg><\/div>\n\t\t\t\t<div class=\"elementor-toc__toggle-button elementor-toc__toggle-button--collapse\" role=\"button\" tabindex=\"0\" aria-controls=\"elementor-toc__1c30362\" aria-expanded=\"true\" aria-label=\"Close table of contents\"><svg aria-hidden=\"true\" class=\"e-font-icon-svg e-fas-chevron-up\" viewBox=\"0 0 448 512\" xmlns=\"http:\/\/www.w3.org\/2000\/svg\"><path d=\"M240.971 130.524l194.343 194.343c9.373 9.373 9.373 24.569 0 33.941l-22.667 22.667c-9.357 9.357-24.522 9.375-33.901.04L224 227.495 69.255 381.516c-9.379 9.335-24.544 9.317-33.901-.04l-22.667-22.667c-9.373-9.373-9.373-24.569 0-33.941L207.03 130.525c9.372-9.373 24.568-9.373 33.941-.001z\"><\/path><\/svg><\/div>\n\t\t\t\t\t<\/div>\n\t\t\t\t<div id=\"elementor-toc__1c30362\" class=\"elementor-toc__body\">\n\t\t\t<div class=\"elementor-toc__spinner-container\">\n\t\t\t\t<svg class=\"elementor-toc__spinner eicon-animation-spin e-font-icon-svg e-eicon-loading\" aria-hidden=\"true\" viewBox=\"0 0 1000 1000\" xmlns=\"http:\/\/www.w3.org\/2000\/svg\"><path d=\"M500 975V858C696 858 858 696 858 500S696 142 500 142 142 304 142 500H25C25 237 238 25 500 25S975 237 975 500 763 975 500 975Z\"><\/path><\/svg>\t\t\t<\/div>\n\t\t<\/div>\n\t\t\t\t\t\t<\/div>\n\t\t\t\t<\/div>\n\t\t\t\t\t<\/div>\n\t\t\t\t<\/div>\n\t\t<div class=\"elementor-element elementor-element-herorght0 e-con-full e-flex e-con e-child\" data-id=\"herorght0\" data-element_type=\"container\" data-e-type=\"container\">\n\t\t\t\t<div class=\"elementor-element elementor-element-heroimg00 iwg-hero-image elementor-widget elementor-widget-image\" data-id=\"heroimg00\" data-element_type=\"widget\" data-e-type=\"widget\" data-widget_type=\"image.default\">\n\t\t\t\t\t\t\t\t\t\t\t\t\t\t\t<img fetchpriority=\"high\" decoding=\"async\" width=\"683\" height=\"1024\" src=\"https:\/\/iwell-guard.com\/wp-content\/uploads\/2026\/05\/daemonen_christentum_bael-683x1024.webp\" class=\"attachment-large size-large wp-image-162621\" alt=\"Bael, demon iz kr\u0161\u010dansko-okultisti\u010dne tradicije Goetia\" srcset=\"https:\/\/iwell-guard.com\/wp-content\/uploads\/2026\/05\/daemonen_christentum_bael-683x1024.webp 683w, https:\/\/iwell-guard.com\/wp-content\/uploads\/2026\/05\/daemonen_christentum_bael-200x300.webp 200w, https:\/\/iwell-guard.com\/wp-content\/uploads\/2026\/05\/daemonen_christentum_bael-768x1152.webp 768w, https:\/\/iwell-guard.com\/wp-content\/uploads\/2026\/05\/daemonen_christentum_bael.webp 1024w\" sizes=\"(max-width: 683px) 100vw, 683px\" \/>\t\t\t\t\t\t\t\t\t\t\t\t\t\t\t<\/div>\n\t\t\t\t<\/div>\n\t\t\t\t\t<\/div>\n\t\t\t\t<\/div>\n\t\t<div class=\"elementor-element elementor-element-32917199 e-flex e-con-boxed e-con e-parent\" data-id=\"32917199\" data-element_type=\"container\" data-e-type=\"container\">\n\t\t\t\t\t<div class=\"e-con-inner\">\n\t\t<div class=\"elementor-element elementor-element-26e916cb e-flex e-con-boxed e-con e-child\" data-id=\"26e916cb\" data-element_type=\"container\" data-e-type=\"container\">\n\t\t\t\t\t<div class=\"e-con-inner\">\n\t\t<div class=\"elementor-element elementor-element-253a40d4 e-flex e-con-boxed e-con e-child\" data-id=\"253a40d4\" data-element_type=\"container\" data-e-type=\"container\">\n\t\t\t\t\t<div class=\"e-con-inner\">\n\t\t\t\t<div class=\"elementor-element elementor-element-1200c304 elementor-widget elementor-widget-heading\" data-id=\"1200c304\" data-element_type=\"widget\" data-e-type=\"widget\" data-widget_type=\"heading.default\">\n\t\t\t\t\t<h2 class=\"elementor-heading-title elementor-size-default\">Bael<\/h2>\t\t\t\t<\/div>\n\t\t\t\t<div class=\"elementor-element elementor-element-11758e7f elementor-widget elementor-widget-text-editor\" data-id=\"11758e7f\" data-element_type=\"widget\" data-e-type=\"widget\" data-widget_type=\"text-editor.default\">\n\t\t\t\t\t\t\t\t\t<p><strong>Bael je prvi<\/strong> od dvainsedemdesetih duhov Ars Goetie, knjige iz Lemegetona, ki jo lahko zgodovinsko zasledimo v 17. stoletju in ki jo je v 19. stoletju na novo prevedel S. L. MacGregor Mathers.<\/p><p>V demonski hierarhiji Bael kot kralj stoji na vrhu seznama in poveljuje \u0161estin\u0161estdesetim legijam. Njegovo ime napotuje na semitskega boga Baala, nekdanjega vrhovnega boga sirsko-kanaanskega prostora, ki ga je kr\u0161\u010danska demonologija premestila na seznam padlih duhov.<\/p>\t\t\t\t\t\t\t\t<\/div>\n\t\t\t\t\t<\/div>\n\t\t\t\t<\/div>\n\t\t<div class=\"elementor-element elementor-element-159dcf9a e-flex e-con-boxed e-con e-child\" data-id=\"159dcf9a\" data-element_type=\"container\" data-e-type=\"container\">\n\t\t\t\t\t<div class=\"e-con-inner\">\n\t\t\t\t<div class=\"elementor-element elementor-element-48cee66f elementor-widget elementor-widget-heading\" data-id=\"48cee66f\" data-element_type=\"widget\" data-e-type=\"widget\" data-widget_type=\"heading.default\">\n\t\t\t\t\t<h2 class=\"elementor-heading-title elementor-size-default\">Hitri pregled: Bael<\/h2>\t\t\t\t<\/div>\n\t\t\t\t<div class=\"elementor-element elementor-element-3f50d82c elementor-widget elementor-widget-text-editor\" data-id=\"3f50d82c\" data-element_type=\"widget\" data-e-type=\"widget\" data-widget_type=\"text-editor.default\">\n\t\t\t\t\t\t\t\t\t<p><span data-nosnippet><strong>Tip:<\/strong> <span class=\"iwg-fachbegriff\" data-tooltip=\"Duhovno bitje, ki se mu pripisuje \u0161kodljiv ali dvoumen u\u010dinek.\" tabindex=\"0\">demon<\/span>, kralj Ars Goetie<br><strong>Izvor:<\/strong> zapadnosemitski prostor, izpeljano iz imena boga Baala<br><strong>Rang:<\/strong> prvi od 72 duhov, kralj nad 66 legijami<br><strong>Viri:<\/strong> Pseudomonarchia Daemonum (1577), Ars Goetia, Dictionnaire infernal<br><strong>Sorodni:<\/strong> Belzebub, Paimon, Belial, Asmodaj<\/span><\/p>\t\t\t\t\t\t\t\t<\/div>\n\t\t\t\t\t<\/div>\n\t\t\t\t<\/div>\n\t\t\t\t\t<\/div>\n\t\t\t\t<\/div>\n\t\t\t\t\t<\/div>\n\t\t\t\t<\/div>\n\t\t<div class=\"elementor-element elementor-element-18613602 e-flex e-con-boxed e-con e-parent\" data-id=\"18613602\" data-element_type=\"container\" data-e-type=\"container\">\n\t\t\t\t\t<div class=\"e-con-inner\">\n\t\t\t\t<div class=\"elementor-element elementor-element-262b8a9f elementor-widget elementor-widget-heading\" data-id=\"262b8a9f\" data-element_type=\"widget\" data-e-type=\"widget\" data-widget_type=\"heading.default\">\n\t\t\t\t\t<h2 class=\"elementor-heading-title elementor-size-default\">Uvrstitev<\/h2>\t\t\t\t<\/div>\n\t\t<div class=\"elementor-element elementor-element-46dcb7d e-con-full e-flex e-con e-child\" data-id=\"46dcb7d\" data-element_type=\"container\" data-e-type=\"container\">\n\t\t<div class=\"elementor-element elementor-element-61d3ab3 e-flex e-con-boxed e-con e-child\" data-id=\"61d3ab3\" data-element_type=\"container\" data-e-type=\"container\">\n\t\t\t\t\t<div class=\"e-con-inner\">\n\t\t\t\t<div class=\"elementor-element elementor-element-117c166 elementor-widget elementor-widget-heading\" data-id=\"117c166\" data-element_type=\"widget\" data-e-type=\"widget\" data-widget_type=\"heading.default\">\n\t\t\t\t\t<div class=\"elementor-heading-title elementor-size-default\">Zeitraum der Texte<\/div>\t\t\t\t<\/div>\n\t\t\t\t<div class=\"elementor-element elementor-element-73997a0 elementor-widget elementor-widget-text-editor\" data-id=\"73997a0\" data-element_type=\"widget\" data-e-type=\"widget\" data-widget_type=\"text-editor.default\">\n\t\t\t\t\t\t\t\t\t<p>Odlo\u010dilni viri izvirajo iz zgodnjega novega veka. Pseudomonarchia Daemonum je iz\u0161la leta 1577 kot priloga delu De praestigiis daemonum Johanna Weyerja. Rokopisno <span class=\"iwg-fachbegriff\" data-tooltip=\"Prena\u0161anje znanja in pripovedi skozi generacije.\" tabindex=\"0\">izro\u010dilo<\/span> Lemegetona postane zgodovinsko oprijemljivo \u0161ele v 17. stoletju, \u010deprav njegovi viri segajo delno \u0161e dlje v preteklost.<\/p><p>Dictionnaire infernal Collina de Plancyja je iz\u0161el leta 1818, vplivna ilustrirana izdaja pa je sledila leta 1863. Verskozgodovinsko ozadje imena sega vse do drugega tiso\u010dletja pred na\u0161im \u0161tetjem.<\/p>\t\t\t\t\t\t\t\t<\/div>\n\t\t\t\t\t<\/div>\n\t\t\t\t<\/div>\n\t\t<div class=\"elementor-element elementor-element-d47b156 e-flex e-con-boxed e-con e-child\" data-id=\"d47b156\" data-element_type=\"container\" data-e-type=\"container\">\n\t\t\t\t\t<div class=\"e-con-inner\">\n\t\t\t\t<div class=\"elementor-element elementor-element-ff38c2b elementor-widget elementor-widget-heading\" data-id=\"ff38c2b\" data-element_type=\"widget\" data-e-type=\"widget\" data-widget_type=\"heading.default\">\n\t\t\t\t\t<div class=\"elementor-heading-title elementor-size-default\">Verbreitungsraum<\/div>\t\t\t\t<\/div>\n\t\t\t\t<div class=\"elementor-element elementor-element-4e49fcc elementor-widget elementor-widget-text-editor\" data-id=\"4e49fcc\" data-element_type=\"widget\" data-e-type=\"widget\" data-widget_type=\"text-editor.default\">\n\t\t\t\t\t\t\t\t\t<p><span data-nosnippet>Ime Bael napotuje na zapadnosemitski prostor, torej Sirijo, Fenicijo in staro Izraelsko kraljestvo, kjer je bilo ime boga Baala raz\u0161irjeno. Demonolo\u0161ka figura Baela pa je nasprotno izdelek zapadnoevropske tradicije grimoarjev, ohranjena predvsem v Franciji, Angliji in nem\u0161ko govore\u010dem prostoru. Prek angle\u0161ke izdaje Goetie iz leta 1904 je figura dosegla mednarodno publiko.<\/span><\/p>\t\t\t\t\t\t\t\t<\/div>\n\t\t\t\t\t<\/div>\n\t\t\t\t<\/div>\n\t\t\t\t<\/div>\n\t\t<div class=\"elementor-element elementor-element-db03c39 e-con-full e-flex e-con e-child\" data-id=\"db03c39\" data-element_type=\"container\" data-e-type=\"container\">\n\t\t<div class=\"elementor-element elementor-element-229a87b e-flex e-con-boxed e-con e-child\" data-id=\"229a87b\" data-element_type=\"container\" data-e-type=\"container\">\n\t\t\t\t\t<div class=\"e-con-inner\">\n\t\t\t\t<div class=\"elementor-element elementor-element-1f471fc elementor-widget elementor-widget-heading\" data-id=\"1f471fc\" data-element_type=\"widget\" data-e-type=\"widget\" data-widget_type=\"heading.default\">\n\t\t\t\t\t<div class=\"elementor-heading-title elementor-size-default\">Quellenlage<\/div>\t\t\t\t<\/div>\n\t\t\t\t<div class=\"elementor-element elementor-element-36b1201 elementor-widget elementor-widget-text-editor\" data-id=\"36b1201\" data-element_type=\"widget\" data-e-type=\"widget\" data-widget_type=\"text-editor.default\">\n\t\t\t\t\t\t\t\t\t<p>Osrednja besedila so Pseudomonarchia Daemonum Johanna Weyerja, Ars Goetia kot prva knjiga Lemegetona in Dictionnaire infernal. Weyer je prevzel starej\u0161i seznam in ga na novo uredil.<\/p><p>Ali seznam Goetie izhaja iz enotnega zgodovinskega jedra ali je bil sestavljen iz ve\u010d virov, je v raziskovanju \u0161e odprto vpra\u0161anje. Joseph Peterson, urednik komentirane izdaje, se nagiba k tezi o kompilaciji in se sklicuje na starej\u0161e arabske in judovske sezname duhov.<\/p>\t\t\t\t\t\t\t\t<\/div>\n\t\t\t\t\t<\/div>\n\t\t\t\t<\/div>\n\t\t\t\t<\/div>\n\t\t\t\t\t<\/div>\n\t\t\t\t<\/div>\n\t\t<div class=\"elementor-element elementor-element-3ae0637c e-flex e-con-boxed e-con e-parent\" data-id=\"3ae0637c\" data-element_type=\"container\" data-e-type=\"container\">\n\t\t\t\t\t<div class=\"e-con-inner\">\n\t\t\t\t<div class=\"elementor-element elementor-element-31d07739 elementor-widget elementor-widget-heading\" data-id=\"31d07739\" data-element_type=\"widget\" data-e-type=\"widget\" data-widget_type=\"heading.default\">\n\t\t\t\t\t<h2 class=\"elementor-heading-title elementor-size-default\">Ime<\/h2>\t\t\t\t<\/div>\n\t\t<div class=\"elementor-element elementor-element-b7642947 e-con-full e-flex e-con e-child\" data-id=\"b7642947\" data-element_type=\"container\" data-e-type=\"container\">\n\t\t\t\t<div class=\"elementor-element elementor-element-a086266 elementor-widget elementor-widget-text-editor\" data-id=\"a086266\" data-element_type=\"widget\" data-e-type=\"widget\" data-widget_type=\"text-editor.default\">\n\t\t\t\t\t\t\t\t\t<p>Ime Bael je ena od \u0161tevilnih pisnih variant semitske besede ba\u02bfal, ki preprosto pomeni gospodar ali lastnik. V zapadnosemitskem prostoru Ba\u02bfal ni bilo lastno ime, temve\u010d naziv, ki je pripadal razli\u010dnim lokalnim bo\u017eanstvom.<\/p><p>Najbolj znan je ugaritski bog vremena Ba\u02bfal, \u010digar mite ohranjajo glinene tablice iz Ras \u0160amre. Poleg njega so obstajali Ba\u02bfal Tira, Ba\u02bfal-Hamon Kartagine in \u0161tevilna lokalna bo\u017eanstva, ki so vsako veljalo za gospodarja svojega kultnega kraja.<\/p><p>V tradiciji grimoarjev se figura pojavlja kot Bael, v popularni kulturi tudi kot Baal ali Bhaal. Tesno sorodna vmesna oblika je Belzebub, \u010digar ime se kot ba\u02bfal z\u0259b\u00fbb, gospodar muh, pojavi v drugi knjigi kraljev. Te pisne variante zakrivajo dejstvo, da se za njimi skriva ve\u010d lo\u010denih izro\u010dilnih linij: <span class=\"iwg-fachbegriff\" data-tooltip=\"Obdobje gr\u0161ke in rimske kulture, pribli\u017eno od 800 pr. n. \u0161t. do 600 n. \u0161t.\" tabindex=\"0\">anti\u010dni<\/span> bog vremena, biblijska polemika in zgodnjenovove\u0161ki knez pekla.<\/p>\t\t\t\t\t\t\t\t<\/div>\n\t\t\t\t<\/div>\n\t\t\t\t\t<\/div>\n\t\t\t\t<\/div>\n\t\t<div class=\"elementor-element elementor-element-709a44a8 e-flex e-con-boxed e-con e-parent\" data-id=\"709a44a8\" data-element_type=\"container\" data-e-type=\"container\">\n\t\t\t\t\t<div class=\"e-con-inner\">\n\t\t\t\t<div class=\"elementor-element elementor-element-2f585873 elementor-widget elementor-widget-heading\" data-id=\"2f585873\" data-element_type=\"widget\" data-e-type=\"widget\" data-widget_type=\"heading.default\">\n\t\t\t\t\t<h2 class=\"elementor-heading-title elementor-size-default\">Opis<\/h2>\t\t\t\t<\/div>\n\t\t<div class=\"elementor-element elementor-element-70621c12 e-con-full e-flex e-con e-child\" data-id=\"70621c12\" data-element_type=\"container\" data-e-type=\"container\">\n\t\t\t\t<div class=\"elementor-element elementor-element-4296eb49 elementor-widget elementor-widget-text-editor\" data-id=\"4296eb49\" data-element_type=\"widget\" data-e-type=\"widget\" data-widget_type=\"text-editor.default\">\n\t\t\t\t\t\t\t\t\t<p>Ikonografsko izro\u010dilo Baela je izstopajo\u010de. Po Ars Goetii se pojavlja s tremi glavami, v eni varianti z glavo krasta\u010de, \u010dlove\u0161ko glavo in ma\u010djo glavo, nesen na pajkovih nogah. Poleg tega obstajajo upodobitve z dvema \u017eivalskima glavama namesto treh. Besedilo Lemegetona govori o hripavem, robatem glasu.<\/p><p><span data-nosnippet>Sposobnost, ki mu jo pripisujejo besedila, je nevidnost, ki naj bi jo lahko podelil izzivalcu, poleg tega \u0161e zvitost. Hibridna oblika \u010dlovek-\u017eival ni nenavadna v zapadnoevropskem gradivu grimoarjev, vendar je kombinacija \u010dlovek-ma\u010dka-krasta\u010da omejena na Baela. Ikonografsko jo je uveljavil Collin de Plancy v ilustrirani izdaji Dictionnaire infernal iz leta 1863.<\/span><\/p><p>Ta ilustracija do danes dolo\u010da priljubljeno predstavo o Baelu. Starej\u0161i viri, kot je Munich Handbook of Necromancy iz 15. stoletja, ne ponujajo podob in prena\u0161ajo opis samo z besedami. Ikonografija glave krasta\u010de nima ni\u010d skupnega z zgodovinskim bogom vremena Baalom, temve\u010d je samostojen izdelek poznosrednjeve\u0161ke in zgodnjenovove\u0161ke domi\u0161ljije.<\/p>\t\t\t\t\t\t\t\t<\/div>\n\t\t\t\t<\/div>\n\t\t\t\t\t<\/div>\n\t\t\t\t<\/div>\n\t\t<div class=\"elementor-element elementor-element-44e71476 e-flex e-con-boxed e-con e-parent\" data-id=\"44e71476\" data-element_type=\"container\" data-e-type=\"container\">\n\t\t\t\t\t<div class=\"e-con-inner\">\n\t\t\t\t<div class=\"elementor-element elementor-element-3c1fc3f0 elementor-widget elementor-widget-heading\" data-id=\"3c1fc3f0\" data-element_type=\"widget\" data-e-type=\"widget\" data-widget_type=\"heading.default\">\n\t\t\t\t\t<h2 class=\"elementor-heading-title elementor-size-default\">Osebna izkaznica: Bael<\/h2>\t\t\t\t<\/div>\n\t\t<div class=\"elementor-element elementor-element-84f33b8e e-con-full e-flex e-con e-child\" data-id=\"84f33b8e\" data-element_type=\"container\" data-e-type=\"container\">\n\t\t\t\t<div class=\"elementor-element elementor-element-hqkdc67p elementor-widget elementor-widget-text-editor\" data-id=\"hqkdc67p\" data-element_type=\"widget\" data-e-type=\"widget\" data-widget_type=\"text-editor.default\">\n\t\t\t\t\t\t\t\t\t<p>Naslednja polja povzemajo najpomembnej\u0161e podatke virov o Baelu.<\/p>\t\t\t\t\t\t\t\t<\/div>\n\t\t\t\t<\/div>\n\t\t<div class=\"elementor-element elementor-element-pemmx7c5 e-con-full e-flex e-con e-child\" data-id=\"pemmx7c5\" data-element_type=\"container\" data-e-type=\"container\">\n\t\t<div class=\"elementor-element elementor-element-pemmx7c1 e-con-full e-flex e-con e-child\" data-id=\"pemmx7c1\" data-element_type=\"container\" data-e-type=\"container\">\n\t\t<div class=\"elementor-element elementor-element-qh9oavvu iwg-steckbrief-card e-flex e-con-boxed e-con e-child\" data-id=\"qh9oavvu\" data-element_type=\"container\" data-e-type=\"container\">\n\t\t\t\t\t<div class=\"e-con-inner\">\n\t\t\t\t<div class=\"elementor-element elementor-element-awzx8k2k elementor-widget elementor-widget-heading\" data-id=\"awzx8k2k\" data-element_type=\"widget\" data-e-type=\"widget\" data-widget_type=\"heading.default\">\n\t\t\t\t\t<div class=\"elementor-heading-title elementor-size-default\">Izvor<\/div>\t\t\t\t<\/div>\n\t\t\t\t<div class=\"elementor-element elementor-element-x6rowhv0 elementor-widget elementor-widget-text-editor\" data-id=\"x6rowhv0\" data-element_type=\"widget\" data-e-type=\"widget\" data-widget_type=\"text-editor.default\">\n\t\t\t\t\t\t\t\t\t<p>Ime izhaja iz semitskega Baala, enega najpomembnej\u0161ih imen bogov sirsko-kanaanskega prostora. Baal pomeni gospodar in je ozna\u010deval tako Hadada, boga nevihte in vremena, kot tudi lokalna za\u0161\u010ditna bo\u017eanstva. Kr\u0161\u010danska demonologija je tega nekdanjega vrhovnega boga premestila na seznam padlih duhov. O funkciji nevihte ali rodovitnosti v Lemegetonu ni ve\u010d nikakr\u0161ne sledi.<\/p>\t\t\t\t\t\t\t\t<\/div>\n\t\t\t\t\t<\/div>\n\t\t\t\t<\/div>\n\t\t<div class=\"elementor-element elementor-element-8e3o4kxs iwg-steckbrief-card e-flex e-con-boxed e-con e-child\" data-id=\"8e3o4kxs\" data-element_type=\"container\" data-e-type=\"container\">\n\t\t\t\t\t<div class=\"e-con-inner\">\n\t\t\t\t<div class=\"elementor-element elementor-element-08rkdgov elementor-widget elementor-widget-heading\" data-id=\"08rkdgov\" data-element_type=\"widget\" data-e-type=\"widget\" data-widget_type=\"heading.default\">\n\t\t\t\t\t<div class=\"elementor-heading-title elementor-size-default\">Rang in funkcija<\/div>\t\t\t\t<\/div>\n\t\t\t\t<div class=\"elementor-element elementor-element-uwjelx8s elementor-widget elementor-widget-text-editor\" data-id=\"uwjelx8s\" data-element_type=\"widget\" data-e-type=\"widget\" data-widget_type=\"text-editor.default\">\n\t\t\t\t\t\t\t\t\t<p>Bael je kralj in stoji na prvem mestu na seznamu Goetie. Podrejenih mu je \u0161estin\u0161estdeset legij. Po Pseudomonarchia Daemonum vlada nad vzhodnim delom pekla. Kralj v hierarhiji Goetie stoji nad vojvodami, markizi, grofi, predsedniki in vitezi, ki sledijo v nadaljevanju seznama.<\/p>\t\t\t\t\t\t\t\t<\/div>\n\t\t\t\t\t<\/div>\n\t\t\t\t<\/div>\n\t\t<div class=\"elementor-element elementor-element-jm2n74ec iwg-steckbrief-card e-flex e-con-boxed e-con e-child\" data-id=\"jm2n74ec\" data-element_type=\"container\" data-e-type=\"container\">\n\t\t\t\t\t<div class=\"e-con-inner\">\n\t\t\t\t<div class=\"elementor-element elementor-element-8vufse4c elementor-widget elementor-widget-heading\" data-id=\"8vufse4c\" data-element_type=\"widget\" data-e-type=\"widget\" data-widget_type=\"heading.default\">\n\t\t\t\t\t<div class=\"elementor-heading-title elementor-size-default\">Videz<\/div>\t\t\t\t<\/div>\n\t\t\t\t<div class=\"elementor-element elementor-element-mwb9u015 elementor-widget elementor-widget-text-editor\" data-id=\"mwb9u015\" data-element_type=\"widget\" data-e-type=\"widget\" data-widget_type=\"text-editor.default\">\n\t\t\t\t\t\t\t\t\t<p><span data-nosnippet>Po Ars Goetia se Bael prikazuje s tremi glavami, glavo krasta\u010de, \u010dlove\u0161ko glavo in ma\u010djo glavo, ki jih nosijo pajkove noge. Njegov glas naj bi bil hripav in raskav. Obstajajo tudi upodobitve z dvema namesto tremi glavami. Danes uveljavljena podoba izhaja iz Dictionnaire infernal iz leta 1863.<\/span><\/p>\t\t\t\t\t\t\t\t<\/div>\n\t\t\t\t\t<\/div>\n\t\t\t\t<\/div>\n\t\t\t\t<\/div>\n\t\t<div class=\"elementor-element elementor-element-pemmx7c2 e-con-full e-flex e-con e-child\" data-id=\"pemmx7c2\" data-element_type=\"container\" data-e-type=\"container\">\n\t\t<div class=\"elementor-element elementor-element-37ss2yr6 iwg-steckbrief-card e-flex e-con-boxed e-con e-child\" data-id=\"37ss2yr6\" data-element_type=\"container\" data-e-type=\"container\">\n\t\t\t\t\t<div class=\"e-con-inner\">\n\t\t\t\t<div class=\"elementor-element elementor-element-3v0wp3wx elementor-widget elementor-widget-heading\" data-id=\"3v0wp3wx\" data-element_type=\"widget\" data-e-type=\"widget\" data-widget_type=\"heading.default\">\n\t\t\t\t\t<div class=\"elementor-heading-title elementor-size-default\">Obredni klic<\/div>\t\t\t\t<\/div>\n\t\t\t\t<div class=\"elementor-element elementor-element-w3247g2m elementor-widget elementor-widget-text-editor\" data-id=\"w3247g2m\" data-element_type=\"widget\" data-e-type=\"widget\" data-widget_type=\"text-editor.default\">\n\t\t\t\t\t\t\t\t\t<p>V obrednem okviru Goetie se Baela kli\u010de ob upo\u0161tevanju astrolo\u0161kih ustreznosti, obi\u010dajno v povezavi s Soncem in elementom ognja. <span class=\"iwg-fachbegriff\" data-tooltip=\"Prosilni ali rotilni nagovor bo\u017eanstva ali sile.\" tabindex=\"0\">Klic<\/span> sledi navodilom salomonskih besedil. iWell Guard sledi religiologskemu opisu in se izogiba navodilom za <span class=\"iwg-fachbegriff\" data-tooltip=\"Jezikovni obred, ki naj bi silo priklical ali zavezal.\" tabindex=\"0\">rotenje<\/span>.<\/p>\t\t\t\t\t\t\t\t<\/div>\n\t\t\t\t\t<\/div>\n\t\t\t\t<\/div>\n\t\t<div class=\"elementor-element elementor-element-0qpjal9w iwg-steckbrief-card e-flex e-con-boxed e-con e-child\" data-id=\"0qpjal9w\" data-element_type=\"container\" data-e-type=\"container\">\n\t\t\t\t\t<div class=\"e-con-inner\">\n\t\t\t\t<div class=\"elementor-element elementor-element-6ndoih0o elementor-widget elementor-widget-heading\" data-id=\"6ndoih0o\" data-element_type=\"widget\" data-e-type=\"widget\" data-widget_type=\"heading.default\">\n\t\t\t\t\t<div class=\"elementor-heading-title elementor-size-default\">Pe\u010dat in simboli<\/div>\t\t\t\t<\/div>\n\t\t\t\t<div class=\"elementor-element elementor-element-6684tyh9 elementor-widget elementor-widget-text-editor\" data-id=\"6684tyh9\" data-element_type=\"widget\" data-e-type=\"widget\" data-widget_type=\"text-editor.default\">\n\t\t\t\t\t\t\t\t\t<p><span data-nosnippet>Bael je v Lemegetonu opremljen s pe\u010datom, geometrijsko risbo iz \u010drt in krogov, ki se ponavlja v sodobnih izdajah grimoarov. Pe\u010dat slu\u017ei kot opora <span class=\"iwg-fachbegriff\" data-tooltip=\"Prosilni ali rotilni nagovor bo\u017eanstva ali sile.\" tabindex=\"0\">klica<\/span> in se v ceremonialni <span class=\"iwg-fachbegriff\" data-tooltip=\"Prakse, ki z posebnimi dejanji ali formulami \u017eelijo posegati v potek stvari.\" tabindex=\"0\">magiji<\/span> tradicionalno izrisuje na pergament ali kovino. Izdaja Aleistera Crowleyja iz leta 1904 je pe\u010dat prenesla v sodobno-okultno branje.<\/span><\/p>\t\t\t\t\t\t\t\t<\/div>\n\t\t\t\t\t<\/div>\n\t\t\t\t<\/div>\n\t\t<div class=\"elementor-element elementor-element-3lfi7x32 iwg-steckbrief-card e-flex e-con-boxed e-con e-child\" data-id=\"3lfi7x32\" data-element_type=\"container\" data-e-type=\"container\">\n\t\t\t\t\t<div class=\"e-con-inner\">\n\t\t\t\t<div class=\"elementor-element elementor-element-0kg99ga1 elementor-widget elementor-widget-heading\" data-id=\"0kg99ga1\" data-element_type=\"widget\" data-e-type=\"widget\" data-widget_type=\"heading.default\">\n\t\t\t\t\t<div class=\"elementor-heading-title elementor-size-default\">Sorodni duhovi<\/div>\t\t\t\t<\/div>\n\t\t\t\t<div class=\"elementor-element elementor-element-n0fum6kp elementor-widget elementor-widget-text-editor\" data-id=\"n0fum6kp\" data-element_type=\"widget\" data-e-type=\"widget\" data-widget_type=\"text-editor.default\">\n\t\t\t\t\t\t\t\t\t<p>V okviru Lemegetona Bael odpira vrsto kraljev, med katerimi so Paimon kot deveti <span class=\"iwg-fachbegriff\" data-tooltip=\"Netelesno bitje, ki mu je pripisano delovanje v svetu.\" tabindex=\"0\">duh<\/span>, Asmodai kot dvaintrideseti <span class=\"iwg-fachbegriff\" data-tooltip=\"Netelesno bitje, ki mu je pripisano delovanje v svetu.\" tabindex=\"0\">duh<\/span> in Belial kot osemain\u0161estdeseti <span class=\"iwg-fachbegriff\" data-tooltip=\"Netelesno bitje, ki mu je pripisano delovanje v svetu.\" tabindex=\"0\">duh<\/span>. Tesno sorodna je tudi Beelzebub, ki tako kot Bael izhaja iz imena boga Baala. Razlike med kralji so v izvirnem besedilu majhne.<\/p>\t\t\t\t\t\t\t\t<\/div>\n\t\t\t\t\t<\/div>\n\t\t\t\t<\/div>\n\t\t\t\t<\/div>\n\t\t\t\t<\/div>\n\t\t\t\t\t<\/div>\n\t\t\t\t<\/div>\n\t\t<div class=\"elementor-element elementor-element-7533bc7a e-flex e-con-boxed e-con e-parent\" data-id=\"7533bc7a\" data-element_type=\"container\" data-e-type=\"container\">\n\t\t\t\t\t<div class=\"e-con-inner\">\n\t\t\t\t<div class=\"elementor-element elementor-element-2447d18d elementor-widget elementor-widget-heading\" data-id=\"2447d18d\" data-element_type=\"widget\" data-e-type=\"widget\" data-widget_type=\"heading.default\">\n\t\t\t\t\t<h2 class=\"elementor-heading-title elementor-size-default\">Sprejemanje in zgodovina u\u010dinkovanja<\/h2>\t\t\t\t<\/div>\n\t\t<div class=\"elementor-element elementor-element-d5d0260c e-con-full e-flex e-con e-child\" data-id=\"d5d0260c\" data-element_type=\"container\" data-e-type=\"container\">\n\t\t\t\t<div class=\"elementor-element elementor-element-341be2ac elementor-widget elementor-widget-text-editor\" data-id=\"341be2ac\" data-element_type=\"widget\" data-e-type=\"widget\" data-widget_type=\"text-editor.default\">\n\t\t\t\t\t\t\t\t\t<p>Za pravilno umestitev je pomembno, da Johann Weyer ni nameraval napisati priro\u010dnika za rotenje. Bil je zdravnik in u\u010denec Heinricha Cornelija Agripe iz Nettesheima, ki je zasledoval razsvetljenski cilj: \u017eelel je pokazati, kako nesmiselne in protislovne so predstave \u010darovnikov, da bi odvzel podlago preganjanju \u010darovnic.<\/p><p>Da so njegov katalog kasneje brali kot prakti\u010dno navodilo, je bilo v nasprotju z njegovim namenom. Owen Davies je ta preobrat od polemike v uporabni\u0161ko navodilo ozna\u010dil kot zna\u010dilen za zgodovino u\u010dinkovanja tak\u0161nih besedil.<\/p><p><span data-nosnippet>Z ponovnim odkritjem grimoarov v okultnih tokovih 19. stoletja se je Bael vrnil v ljudsko predstavo. Klju\u010dno vlogo je imel Samuel Liddell MacGregor Mathers, ki je leta 1904 izdal angle\u0161ko izdajo Lemegetona z naslovom The Goetia, pri kateri je sodeloval tudi Aleister Crowley.<\/span><\/p><p>Ta izdaja je katalog 72 duhov naredila dostopnega \u0161ir\u0161i javnosti in postala podlaga skoraj vsem poznej\u0161im sklicevanjem. Crowley je duhove razlagal kot vidike lastne zavesti, kar je psihologizirajo\u010de branje, ki se bistveno razlikuje od starej\u0161e ceremonialne tradicije.<\/p><p>V fantazijski literaturi, igrah vlog in ra\u010dunalni\u0161kih igrah se ime pojavlja v ne\u0161tetih pisnih razli\u010dicah, pogosto kot Baal ali Bhaal.<\/p><p>Pri tem se redno zabri\u0161eta dve lo\u010deni izro\u010dilni linji: <span class=\"iwg-fachbegriff\" data-tooltip=\"Obdobje gr\u0161ke in rimske kulture, pribli\u017eno od 800 pr. n. \u0161t. do 600 n. \u0161t.\" tabindex=\"0\">anti\u010dni<\/span> bog nevihte in grimoarski <span class=\"iwg-fachbegriff\" data-tooltip=\"Duhovno bitje, ki mu je pripisano \u0161kodljivo ali dvoumno delovanje.\" tabindex=\"0\">demon<\/span>. To zlivanje ni napaka izro\u010dila, temve\u010d tipi\u010den postopek popularnokulturnega prila\u0161\u010danja, pri katerem se zvene\u010de ime lo\u010di od svojih zgodovinskih pomenov. \u017de John Milton v Paradise Lost uvede Baala kot padlega <span class=\"iwg-fachbegriff\" data-tooltip=\"V abrahamskih religijah nebe\u0161ko sporo\u010devalsko bitje Boga.\" tabindex=\"0\">angela<\/span>, vendar brez vidika treh glav.<\/p>\t\t\t\t\t\t\t\t<\/div>\n\t\t\t\t<\/div>\n\t\t\t\t\t<\/div>\n\t\t\t\t<\/div>\n\t\t<div class=\"elementor-element elementor-element-5a584676 e-flex e-con-boxed e-con e-parent\" data-id=\"5a584676\" data-element_type=\"container\" data-e-type=\"container\">\n\t\t\t\t\t<div class=\"e-con-inner\">\n\t\t\t\t<div class=\"elementor-element elementor-element-6d0757bf elementor-widget elementor-widget-heading\" data-id=\"6d0757bf\" data-element_type=\"widget\" data-e-type=\"widget\" data-widget_type=\"heading.default\">\n\t\t\t\t\t<h2 class=\"elementor-heading-title elementor-size-default\">Bael, vzporednice v drugih kulturah<\/h2>\t\t\t\t<\/div>\n\t\t<div class=\"elementor-element elementor-element-60563f68 e-con-full e-flex e-con e-child\" data-id=\"60563f68\" data-element_type=\"container\" data-e-type=\"container\">\n\t\t\t\t<div class=\"elementor-element elementor-element-5a93fdd6 elementor-widget elementor-widget-text-editor\" data-id=\"5a93fdd6\" data-element_type=\"widget\" data-e-type=\"widget\" data-widget_type=\"text-editor.default\">\n\t\t\t\t\t\t\t\t\t<p>V primerjalni <span class=\"iwg-fachbegriff\" data-tooltip=\"Znanost, ki primerjalno in brez verske vezanosti raziskuje religije.\" tabindex=\"0\">religiologiji<\/span> se Baela primerja z nevihtnimi in kraljevskimi bo\u017eanstvi sorodnih kultur, na primer mezopotamskim Adadom, hetitskim Tarhunom ali ugaritskim Baal-Hadadom. Te primerjave niso usmerjene v zgodovinsko izvirno povezanost, temve\u010d v tipolo\u0161ko sorodnost. Religiozno-zgodovinska linija je tu bolj razvidna kot pri drugih duhovih Goetie, saj samo ime vzpostavlja povezavo z zahodnosemitskim <span class=\"iwg-fachbegriff\" data-tooltip=\"Celota bogov neke religije ali kulture.\" tabindex=\"0\">panteonom<\/span>.<\/p><p>Bael iz Goetie je primer preobrazbe vrednotenja anti\u010dnih bogov s strani kr\u0161\u010danstva, procesa, ki ga <span class=\"iwg-fachbegriff\" data-tooltip=\"Znanost, ki primerjalno in brez verske vezanosti raziskuje religije.\" tabindex=\"0\">religiologija<\/span> imenuje interpretatio diabolica. Cerkveni o\u010de Avgu\u0161tin je formuliral na\u010delo, da so bogovi poganov demoni.<\/p><p>Na tej poti je nekdanji vrhovni bog pre\u0161el v kr\u0161\u010dansko demonologijo. Kdor \u017eeli Baela preu\u010devati, naj zato lo\u010di plasti: kanaanskega boga nevihte, biblijsko polemiko in zgodnjenovove\u0161kega peklenskega vladarja.<\/p>\t\t\t\t\t\t\t\t<\/div>\n\t\t\t\t<\/div>\n\t\t\t\t\t<\/div>\n\t\t\t\t<\/div>\n\t\t<div class=\"elementor-element elementor-element-36dd7469 e-flex e-con-boxed e-con e-parent\" data-id=\"36dd7469\" data-element_type=\"container\" data-e-type=\"container\">\n\t\t\t\t\t<div class=\"e-con-inner\">\n\t\t\t\t<div class=\"elementor-element elementor-element-13760ab4 elementor-widget elementor-widget-heading\" data-id=\"13760ab4\" data-element_type=\"widget\" data-e-type=\"widget\" data-widget_type=\"heading.default\">\n\t\t\t\t\t<h2 class=\"elementor-heading-title elementor-size-default\">Nadaljnje povezave<\/h2>\t\t\t\t<\/div>\n\t\t<div class=\"elementor-element elementor-element-28c87796 e-con-full e-flex e-con e-child\" data-id=\"28c87796\" data-element_type=\"container\" data-e-type=\"container\">\n\t\t\t\t<div class=\"elementor-element elementor-element-5d6538df elementor-widget elementor-widget-text-editor\" data-id=\"5d6538df\" data-element_type=\"widget\" data-e-type=\"widget\" data-widget_type=\"text-editor.default\">\n\t\t\t\t\t\t\t\t\t<ul><li><a href=\"https:\/\/iwell-guard.com\/sl\/?page_id=160325\">Demoni<\/a>: pregled demonov<\/li><li><a href=\"https:\/\/iwell-guard.com\/sl\/?page_id=160613\">Goetia<\/a>: tradicija Ars Goetia<\/li><li><a href=\"https:\/\/iwell-guard.com\/sl\/?page_id=160356\">Kr\u0161\u010danstvo<\/a>: kulturna umestitev<\/li><li><a href=\"https:\/\/iwell-guard.com\/sl\/?page_id=160352\">Asmodai<\/a>: drugi kralj Goetie<\/li><li><a href=\"https:\/\/iwell-guard.com\/sl\/?page_id=160362\">Lucifer<\/a>: osrednja figura kr\u0161\u010danske demonologije<\/li><\/ul>\t\t\t\t\t\t\t\t<\/div>\n\t\t\t\t<\/div>\n\t\t\t\t\t<\/div>\n\t\t\t\t<\/div>\n\t\t<div class=\"elementor-element elementor-element-grl4kl40 e-flex e-con-boxed e-con e-parent\" data-id=\"grl4kl40\" data-element_type=\"container\" data-e-type=\"container\">\n\t\t\t\t\t<div class=\"e-con-inner\">\n\t\t\t\t<div class=\"elementor-element elementor-element-bzsbfrmh elementor-widget elementor-widget-heading\" data-id=\"bzsbfrmh\" data-element_type=\"widget\" data-e-type=\"widget\" data-widget_type=\"heading.default\">\n\t\t\t\t\t<h2 class=\"elementor-heading-title elementor-size-default\">Literatura (izbor)<\/h2>\t\t\t\t<\/div>\n\t\t<div class=\"elementor-element elementor-element-2c13224a e-con-full e-flex e-con e-child\" data-id=\"2c13224a\" data-element_type=\"container\" data-e-type=\"container\">\n\t\t\t\t<div class=\"elementor-element elementor-element-0eymh9ub elementor-widget elementor-widget-text-editor\" data-id=\"0eymh9ub\" data-element_type=\"widget\" data-e-type=\"widget\" data-widget_type=\"text-editor.default\">\n\t\t\t\t\t\t\t\t\t<footer class=\"iwg-literatur\"><ul><li><span data-nosnippet>Joseph H. Peterson (ur.): The Lesser Key of Solomon, Weiser 2001.<\/span><\/li><li><span data-nosnippet>Mark S. Smith: The Early History of God. Yahweh and the Other Deities in Ancient Israel, Eerdmans 2002.<\/span><\/li><li><span data-nosnippet>Wolfgang Behringer: Hexen. Glaube, Verfolgung, Vermarktung, M\u00fcnchen 2005.<\/span><\/li><li><span data-nosnippet>Henk Vreekamp: The Land of Baal, Eerdmans 2014.<\/span><\/li><\/ul><\/footer>\t\t\t\t\t\t\t\t<\/div>\n\t\t\t\t<\/div>\n\t\t\t\t\t<\/div>\n\t\t\t\t<\/div>\n\t\t<div class=\"elementor-element elementor-element-iwgca-bael-sec e-flex e-con-boxed e-con e-parent\" data-id=\"iwgca-bael-sec\" data-element_type=\"container\" data-e-type=\"container\" id=\"iwg-ca-bael\">\n\t\t\t\t\t<div class=\"e-con-inner\">\n\t\t\t\t<div class=\"elementor-element elementor-element-iwgca-bael-te iwg-ca-textwrap elementor-widget elementor-widget-text-editor\" data-id=\"iwgca-bael-te\" data-element_type=\"widget\" data-e-type=\"widget\" data-widget_type=\"text-editor.default\">\n\t\t\t\t\t\t\t\t\t<div data-nosnippet=\"true\"><p class=\"iwg-ca-bridge\">Tukaj opisana za\u0161\u010ditna praksa je znanstvena umestitev zgodovinskih izro\u010dil. iWell Guard navezuje na to kulturnozgodovinsko linijo nosljivih za\u0161\u010ditnih predmetov in predstavlja njeno sodobno obliko. <a href=\"\/ueber-iwell-guard\/?utm_source=iwell-guard.com&#038;utm_medium=text-link&#038;utm_campaign=schadwesen-tradition\">Ve\u010d o iWell Guard \u2192<\/a><\/p><\/div>\t\t\t\t\t\t\t\t<\/div>\n\t\t\t\t\t<\/div>\n\t\t\t\t<\/div>\n\t\t\t\t<section class=\"elementor-section elementor-top-section elementor-element elementor-element-wv-bael-faq elementor-section-boxed elementor-section-height-default elementor-section-height-default\" data-id=\"wv-bael-faq\" data-element_type=\"section\" data-e-type=\"section\">\n\t\t\t\t\t\t<div class=\"elementor-container elementor-column-gap-default\">\n\t\t\t\t\t<div class=\"elementor-column elementor-col-100 elementor-top-column elementor-element elementor-element-wv-bael-faq-col\" data-id=\"wv-bael-faq-col\" data-element_type=\"column\" data-e-type=\"column\">\n\t\t\t<div class=\"elementor-widget-wrap elementor-element-populated\">\n\t\t\t\t\t\t<div class=\"elementor-element elementor-element-wv-bael-h elementor-widget elementor-widget-heading\" data-id=\"wv-bael-h\" data-element_type=\"widget\" data-e-type=\"widget\" data-widget_type=\"heading.default\">\n\t\t\t\t\t<h2 class=\"elementor-heading-title elementor-size-default\">Pogosta vpra\u0161anja o Baelu<\/h2>\t\t\t\t<\/div>\n\t\t\t\t<div class=\"elementor-element elementor-element-wv-bael-t elementor-widget elementor-widget-text-editor\" data-id=\"wv-bael-t\" data-element_type=\"widget\" data-e-type=\"widget\" data-widget_type=\"text-editor.default\">\n\t\t\t\t\t\t\t\t\t\n<details class=\"iwg-faq-item\">\n  <summary><strong>Kdo je Bael?<\/strong><\/summary>\n  <p>Bael je prvi izmed dvainsedemdesetih duhov Ars Goetie, prve knjige Lemegetona. V demonski hierarhiji stoji kot kralj na vrhu seznama in ukazuje \u0161estin\u0161estdesetim legijam. Njegovo ime napotuje na semitskega boga Baala, nekdanjega vrhovnega boga sirsko-kanaanskega prostora. Tega je kr\u0161\u010danska demonologija prestavila v register padlih duhov.<\/p>\n<\/details>\n\n<details class=\"iwg-faq-item\">\n  <summary><strong>Od kod izvira ime Bael?<\/strong><\/summary>\n  <p>Ime Bael je zapisna varianta zapadnosemitske besede ba\u02bfal, ki preprosto pomeni gospod ali lastnik. V zapadnosemitskem prostoru Ba\u02bfal ni bilo lastno ime, temve\u010d naziv, ki je pripadal razli\u010dnim lokalnim bo\u017eanstvom, na primer ugaritskemu bogu vremena ali Ba\u02bfalu iz Tira. Za zapisnimi variantami se skriva ve\u010d lo\u010denih izro\u010dilnih linij. Med njimi so anti\u010dni bog vremena, biblijska polemika in novove\u0161ki vladar podzemlja.<\/p>\n<\/details>\n\n<details class=\"iwg-faq-item\">\n  <summary><strong>Kako je Bael opisan v virih?<\/strong><\/summary>\n  <p>Po Ars Goetii se Bael prikazuje s tremi glavami, v eni razli\u010dici z glavo krasta\u010de, \u010dlove\u0161ko glavo in ma\u010djo glavo, no\u0161en na pajkovih nogah. Poleg tega obstajajo upodobitve z dvema \u017eivalskima glavama namesto treh. Besedilo Lemegetona omenja hripav, grob glas. Besedila mu pripisujejo zmo\u017enost, da klicatelju podeli nevidnost. Danes uveljavljeno ikonografijo je oblikoval Collin de Plancy v ilustrirani izdaji Dictionnaire infernal iz leta 1863.<\/p>\n<\/details>\n\n<details class=\"iwg-faq-item\">\n  <summary><strong>Kateri viri izro\u010dajo Baela?<\/strong><\/summary>\n  <p>Osrednja besedila so Pseudomonarchia Daemonum Johanna Weyerja iz leta 1577, Ars Goetia kot prva knjiga Lemegetona in Dictionnaire infernal Collina de Plancyja. Weyer je prevzel starej\u0161i seznam in ga na novo uredil, vendar je s svojim delom sledil razsvetljenskemu cilju, ne priro\u010dniku za klicanje duhov. Prek angle\u0161ke izdaje Goetie iz leta 1904, pri kateri sta sodelovala Samuel Liddell MacGregor Mathers in Aleister Crowley, je lik dosegel mednarodno publiko.<\/p>\n<\/details>\n\t\t\t\t\t\t\t\t<\/div>\n\t\t\t\t<div class=\"elementor-element elementor-element-wv-bael-s elementor-widget elementor-widget-html\" data-id=\"wv-bael-s\" data-element_type=\"widget\" data-e-type=\"widget\" data-widget_type=\"html.default\">\n\t\t\t\t\t<script type=\"application\/ld+json\">{\"@context\": \"https:\/\/schema.org\", \"@type\": \"FAQPage\", \"mainEntity\": [{\"@type\": \"Question\", \"name\": \"Kdo je Bael?\", \"acceptedAnswer\": {\"@type\": \"Answer\", \"text\": \"Bael je prvi izmed dvainsedemdesetih duhov Ars Goetie, prve knjige Lemegetona. V demonski hierarhiji stoji kot kralj na vrhu seznama in ukazuje \u0161estin\u0161estdesetim legijam. Njegovo ime napotuje na semitskega boga Baala, nekdanjega vrhovnega boga sirsko-kanaanskega prostora, ki ga je kr\u0161\u010danska demonologija prestavila v register padlih duhov.\"}}, {\"@type\": \"Question\", \"name\": \"Od kod izvira ime Bael?\", \"acceptedAnswer\": {\"@type\": \"Answer\", \"text\": \"Ime Bael je zapisna varianta zapadnosemitske besede ba\u02bfal, ki preprosto pomeni gospod ali lastnik. V zapadnosemitskem prostoru Ba\u02bfal ni bilo lastno ime, temve\u010d naziv, ki je pripadal razli\u010dnim lokalnim bo\u017eanstvom, na primer ugaritskemu bogu vremena ali Ba\u02bfalu iz Tira. Za zapisnimi variantami se skriva ve\u010d lo\u010denih izro\u010dilnih linij: anti\u010dni bog vremena, biblijska polemika in novove\u0161ki vladar podzemlja.\"}}, {\"@type\": \"Question\", \"name\": \"Kako je Bael opisan v virih?\", \"acceptedAnswer\": {\"@type\": \"Answer\", \"text\": \"Po Ars Goetii se Bael prikazuje s tremi glavami, v eni razli\u010dici z glavo krasta\u010de, \u010dlove\u0161ko glavo in ma\u010djo glavo, no\u0161en na pajkovih nogah. Poleg tega obstajajo upodobitve z dvema \u017eivalskima glavama namesto treh, besedilo Lemegetona pa omenja hripav, grob glas. Besedila mu pripisujejo zmo\u017enost, da klicatelju podeli nevidnost. Danes uveljavljeno ikonografijo je oblikoval Collin de Plancy v ilustrirani izdaji Dictionnaire infernal iz leta 1863.\"}}, {\"@type\": \"Question\", \"name\": \"Kateri viri izro\u010dajo Baela?\", \"acceptedAnswer\": {\"@type\": \"Answer\", \"text\": \"Osrednja besedila so Pseudomonarchia Daemonum Johanna Weyerja iz leta 1577, Ars Goetia kot prva knjiga Lemegetona in Dictionnaire infernal Collina de Plancyja. Weyer je prevzel starej\u0161i seznam in ga na novo uredil, vendar je s svojim delom sledil razsvetljenskemu cilju, ne priro\u010dniku za klicanje duhov. Prek angle\u0161ke izdaje Goetie iz leta 1904, pri kateri sta sodelovala Samuel Liddell MacGregor Mathers in Aleister Crowley, je lik dosegel mednarodno publiko.\"}}]}<\/script>\t\t\t\t<\/div>\n\t\t\t\t\t<\/div>\n\t\t<\/div>\n\t\t\t\t\t<\/div>\n\t\t<\/section>\n\t\t\t\t<\/div>\n\t\t","protected":false},"excerpt":{"rendered":"","protected":false},"author":3,"featured_media":2427,"parent":0,"menu_order":0,"comment_status":"closed","ping_status":"closed","template":"elementor_header_footer","meta":{"_yoast_wpseo_focuskw":"Bael","_yoast_wpseo_title":"Bael, prvi kralj 72 duhov Goetie | iWell Guard","_yoast_wpseo_metadesc":"Bael v Goetii: feni\u010dansko ozadje, ikonografija treh glav, tradicija Lemegetona in zgodovina sprejemanja.","_yoast_wpseo_meta-robots-noindex":"","_yoast_wpseo_canonical":"","_angie_page":false,"gefaehrdungsstufe":"4","wesen_kultur":"christentum","wesen_klasse":"daemonen","footnotes":""},"categories":[],"class_list":["post-160625","page","type-page","status-publish","has-post-thumbnail","hentry"],"yoast_head":"<!-- This site is optimized with the Yoast SEO Premium plugin v27.7 (Yoast SEO v28.3) - https:\/\/yoast.com\/product\/yoast-seo-premium-wordpress\/ -->\n<title>Bael, prvi kralj 72 duhov Goetie | iWell Guard<\/title>\n<meta name=\"description\" content=\"Bael v Goetii: feni\u010dansko ozadje, ikonografija treh glav, tradicija Lemegetona in zgodovina sprejemanja.\" \/>\n<meta name=\"robots\" content=\"index, follow, max-snippet:-1, max-image-preview:large, max-video-preview:-1\" \/>\n<link rel=\"canonical\" href=\"https:\/\/iwell-guard.com\/sl\/bael\/\" \/>\n<meta property=\"og:locale\" content=\"sl_SI\" \/>\n<meta property=\"og:type\" content=\"article\" \/>\n<meta property=\"og:title\" content=\"Bael\" \/>\n<meta property=\"og:description\" content=\"Bael v Goetii: feni\u010dansko ozadje, ikonografija treh glav, tradicija Lemegetona in zgodovina sprejemanja.\" \/>\n<meta property=\"og:url\" content=\"https:\/\/iwell-guard.com\/sl\/bael\/\" \/>\n<meta property=\"og:site_name\" content=\"iWell Guard\" \/>\n<meta property=\"article:modified_time\" content=\"2026-09-05T00:41:58+00:00\" \/>\n<meta property=\"og:image\" content=\"https:\/\/iwell-guard.com\/wp-content\/uploads\/2026\/05\/daemonen_christentum_bael.webp\" \/>\n\t<meta property=\"og:image:width\" content=\"1024\" \/>\n\t<meta property=\"og:image:height\" content=\"1536\" \/>\n\t<meta property=\"og:image:type\" content=\"image\/webp\" \/>\n<meta name=\"twitter:card\" content=\"summary_large_image\" \/>\n<script type=\"application\/ld+json\" class=\"yoast-schema-graph\">{\"@context\":\"https:\\\/\\\/schema.org\",\"@graph\":[{\"@type\":\"WebPage\",\"@id\":\"https:\\\/\\\/iwell-guard.com\\\/sl\\\/bael\\\/\",\"url\":\"https:\\\/\\\/iwell-guard.com\\\/sl\\\/bael\\\/\",\"name\":\"Bael, prvi kralj 72 duhov Goetie | iWell Guard\",\"isPartOf\":{\"@id\":\"https:\\\/\\\/iwell-guard.com\\\/sl\\\/#website\"},\"primaryImageOfPage\":{\"@id\":\"https:\\\/\\\/iwell-guard.com\\\/sl\\\/bael\\\/#primaryimage\"},\"image\":{\"@id\":\"https:\\\/\\\/iwell-guard.com\\\/sl\\\/bael\\\/#primaryimage\"},\"thumbnailUrl\":\"https:\\\/\\\/iwell-guard.com\\\/wp-content\\\/uploads\\\/2026\\\/05\\\/daemonen_christentum_bael.webp\",\"datePublished\":\"2026-09-05T00:23:22+00:00\",\"dateModified\":\"2026-09-05T00:41:58+00:00\",\"description\":\"Bael v Goetii: feni\u010dansko ozadje, ikonografija treh glav, tradicija Lemegetona in zgodovina sprejemanja.\",\"breadcrumb\":{\"@id\":\"https:\\\/\\\/iwell-guard.com\\\/sl\\\/bael\\\/#breadcrumb\"},\"inLanguage\":\"sl-SI\",\"potentialAction\":[{\"@type\":\"ReadAction\",\"target\":[\"https:\\\/\\\/iwell-guard.com\\\/sl\\\/bael\\\/\"]}]},{\"@type\":\"ImageObject\",\"inLanguage\":\"sl-SI\",\"@id\":\"https:\\\/\\\/iwell-guard.com\\\/sl\\\/bael\\\/#primaryimage\",\"url\":\"https:\\\/\\\/iwell-guard.com\\\/wp-content\\\/uploads\\\/2026\\\/05\\\/daemonen_christentum_bael.webp\",\"contentUrl\":\"https:\\\/\\\/iwell-guard.com\\\/wp-content\\\/uploads\\\/2026\\\/05\\\/daemonen_christentum_bael.webp\",\"width\":1024,\"height\":1536,\"caption\":\"Bael, demon iz kr\u0161\u010dansko-okultisti\u010dne tradicije Goetia\"},{\"@type\":\"BreadcrumbList\",\"@id\":\"https:\\\/\\\/iwell-guard.com\\\/sl\\\/bael\\\/#breadcrumb\",\"itemListElement\":[{\"@type\":\"ListItem\",\"position\":1,\"name\":\"Start\",\"item\":\"https:\\\/\\\/iwell-guard.com\\\/sl\\\/?page_id=160323\"},{\"@type\":\"ListItem\",\"position\":2,\"name\":\"Bael\"}]},{\"@type\":\"WebSite\",\"@id\":\"https:\\\/\\\/iwell-guard.com\\\/sl\\\/#website\",\"url\":\"https:\\\/\\\/iwell-guard.com\\\/sl\\\/\",\"name\":\"iWell Guard\",\"description\":\"Schutz vor dunklen Einfl\u00fcssen\",\"publisher\":{\"@id\":\"https:\\\/\\\/iwell-guard.com\\\/sl\\\/#organization\"},\"potentialAction\":[{\"@type\":\"SearchAction\",\"target\":{\"@type\":\"EntryPoint\",\"urlTemplate\":\"https:\\\/\\\/iwell-guard.com\\\/sl\\\/?s={search_term_string}\"},\"query-input\":{\"@type\":\"PropertyValueSpecification\",\"valueRequired\":true,\"valueName\":\"search_term_string\"}}],\"inLanguage\":\"sl-SI\"},{\"@type\":\"Organization\",\"@id\":\"https:\\\/\\\/iwell-guard.com\\\/sl\\\/#organization\",\"name\":\"Ittermann electronic GmbH\",\"url\":\"https:\\\/\\\/iwell-guard.com\\\/sl\\\/\",\"logo\":{\"@type\":\"ImageObject\",\"inLanguage\":\"sl-SI\",\"@id\":\"https:\\\/\\\/iwell-guard.com\\\/sl\\\/#\\\/schema\\\/logo\\\/image\\\/\",\"url\":\"https:\\\/\\\/iwell-guard.com\\\/wp-content\\\/uploads\\\/2026\\\/05\\\/Ittermann-Logo-1182x237-1.png\",\"contentUrl\":\"https:\\\/\\\/iwell-guard.com\\\/wp-content\\\/uploads\\\/2026\\\/05\\\/Ittermann-Logo-1182x237-1.png\",\"width\":1182,\"height\":237,\"caption\":\"Ittermann electronic GmbH\"},\"image\":{\"@id\":\"https:\\\/\\\/iwell-guard.com\\\/sl\\\/#\\\/schema\\\/logo\\\/image\\\/\"},\"sameAs\":[\"https:\\\/\\\/pantip.com\\\/profile\\\/9367242\",\"https:\\\/\\\/micro.blog\\\/iwellguard\",\"https:\\\/\\\/www.diggerslist.com\\\/iwellguard\\\/about\",\"https:\\\/\\\/skitterphoto.com\\\/photographers\\\/2870314\\\/iwell-guard\",\"https:\\\/\\\/iwellguard.wordpress.com\\\/2026\\\/06\\\/06\\\/iwell-guard\\\/\",\"https:\\\/\\\/hub.docker.com\\\/u\\\/iwellguard\",\"https:\\\/\\\/www.pinterest.com\\\/iwellguard\\\/\",\"https:\\\/\\\/bit.ly\\\/m\\\/iwellguard\",\"https:\\\/\\\/entre-vos-mains.alsace.eu\\\/profiles\\\/iwellguard\\\/activity\",\"https:\\\/\\\/gravatar.com\\\/reallybeded8fd34\",\"https:\\\/\\\/naijamatta.com\\\/iwellguard\",\"https:\\\/\\\/www.goodreads.com\\\/iwellguard\",\"https:\\\/\\\/profile.hatena.ne.jp\\\/iwellguard\\\/\",\"https:\\\/\\\/experiment.com\\\/users\\\/iwellguard\",\"https:\\\/\\\/wakelet.com\\\/@iWellGuard82270\",\"https:\\\/\\\/www.chordie.com\\\/forum\\\/profile.php?id=2555664\",\"https:\\\/\\\/www.instapaper.com\\\/p\\\/17757966\",\"https:\\\/\\\/www.mapleprimes.com\\\/users\\\/iwellguard\",\"https:\\\/\\\/businesslistingplus.com\\\/profile\\\/iwell-guard\\\/\",\"https:\\\/\\\/telegra.ph\\\/iWell-Guard-06-06\",\"https:\\\/\\\/pbase.com\\\/iwellguard\\\/iwellguard\",\"https:\\\/\\\/b.hatena.ne.jp\\\/iwellguard\\\/20260607#bookmark-4788405196491818882\",\"https:\\\/\\\/fliphtml5.com\\\/home\\\/iwellguard\",\"https:\\\/\\\/anyflip.com\\\/homepage\\\/cmiwl#About\",\"https:\\\/\\\/transfur.com\\\/Users\\\/iwellguard\",\"http:\\\/\\\/delphi.larsbo.org\\\/user\\\/iwellguard\",\"https:\\\/\\\/jobs.lajobsportal.org\\\/profiles\\\/8380803-iwell-guard\",\"https:\\\/\\\/md.chaosdorf.de\\\/s\\\/jfbe5SBdJD\",\"https:\\\/\\\/www.lingvolive.com\\\/en-us\\\/profile\\\/9ecaeaca-ce11-4e51-9e71-01d55e2bff36\\\/translations\",\"https:\\\/\\\/www.fitday.com\\\/fitness\\\/forums\\\/members\\\/iwellguard.html\",\"https:\\\/\\\/www.mymeetbook.com\\\/iwellguard\",\"https:\\\/\\\/pxhere.com\\\/en\\\/photographer-me\\\/5040798\",\"https:\\\/\\\/disqus.com\\\/by\\\/iwellguard\\\/about\\\/\",\"https:\\\/\\\/pastelink.net\\\/hjwciqwq\",\"https:\\\/\\\/pubhtml5.com\\\/homepage\\\/scjhn\\\/\",\"https:\\\/\\\/www.bitchute.com\\\/channel\\\/2O2eOKzNqujT\",\"https:\\\/\\\/audiomack.com\\\/iwellguard\"]},{\"@type\":\"Article\",\"@id\":\"https:\\\/\\\/iwell-guard.com\\\/sl\\\/bael\\\/#article\",\"isPartOf\":{\"@id\":\"https:\\\/\\\/iwell-guard.com\\\/sl\\\/bael\\\/\"},\"author\":{\"name\":\"Ralf Ittermann\",\"@id\":\"https:\\\/\\\/iwell-guard.com\\\/sl\\\/#\\\/schema\\\/person\\\/ee2a27f1cac3406c7c6fb5820cb7349f\"},\"headline\":\"Bael\",\"datePublished\":\"2026-09-05T00:23:22+00:00\",\"dateModified\":\"2026-09-05T00:41:58+00:00\",\"mainEntityOfPage\":{\"@id\":\"https:\\\/\\\/iwell-guard.com\\\/sl\\\/bael\\\/\"},\"publisher\":{\"@id\":\"https:\\\/\\\/iwell-guard.com\\\/sl\\\/#organization\"},\"image\":{\"@id\":\"https:\\\/\\\/iwell-guard.com\\\/sl\\\/bael\\\/#primaryimage\"},\"thumbnailUrl\":\"https:\\\/\\\/iwell-guard.com\\\/wp-content\\\/uploads\\\/2026\\\/05\\\/daemonen_christentum_bael.webp\",\"inLanguage\":\"sl-SI\",\"description\":\"Bael v Goetii: feni\u010dansko ozadje, ikonografija treh glav, tradicija Lemegetona in zgodovina sprejemanja.\"}]}<\/script>\n<!-- \/ Yoast SEO Premium plugin. -->","yoast_head_json":{"title":"Bael, prvi kralj 72 duhov Goetie | iWell Guard","description":"Bael v Goetii: feni\u010dansko ozadje, ikonografija treh glav, tradicija Lemegetona in zgodovina sprejemanja.","robots":{"index":"index","follow":"follow","max-snippet":"max-snippet:-1","max-image-preview":"max-image-preview:large","max-video-preview":"max-video-preview:-1"},"canonical":"https:\/\/iwell-guard.com\/sl\/bael\/","og_locale":"sl_SI","og_type":"article","og_title":"Bael","og_description":"Bael v Goetii: feni\u010dansko ozadje, ikonografija treh glav, tradicija Lemegetona in zgodovina sprejemanja.","og_url":"https:\/\/iwell-guard.com\/sl\/bael\/","og_site_name":"iWell Guard","article_modified_time":"2026-09-05T00:41:58+00:00","og_image":[{"width":1024,"height":1536,"url":"https:\/\/iwell-guard.com\/wp-content\/uploads\/2026\/05\/daemonen_christentum_bael.webp","type":"image\/webp"}],"twitter_card":"summary_large_image","schema":{"@context":"https:\/\/schema.org","@graph":[{"@type":"Article","@id":"https:\/\/iwell-guard.com\/sl\/bael\/#article","isPartOf":{"@id":"https:\/\/iwell-guard.com\/sl\/bael\/"},"author":{"name":"Ralf Ittermann","@id":"https:\/\/iwell-guard.com\/sl\/#\/schema\/person\/ee2a27f1cac3406c7c6fb5820cb7349f"},"headline":"Bael","datePublished":"2026-09-05T00:23:22+00:00","dateModified":"2026-09-05T00:41:58+00:00","mainEntityOfPage":{"@id":"https:\/\/iwell-guard.com\/sl\/bael\/"},"publisher":{"@id":"https:\/\/iwell-guard.com\/sl\/#organization"},"image":{"@id":"https:\/\/iwell-guard.com\/sl\/bael\/#primaryimage"},"thumbnailUrl":"https:\/\/iwell-guard.com\/wp-content\/uploads\/2026\/05\/daemonen_christentum_bael.webp","inLanguage":"sl-SI","description":"Bael v Goetii: feni\u010dansko ozadje, ikonografija treh glav, tradicija Lemegetona in zgodovina sprejemanja."},{"@type":"WebPage","@id":"https:\/\/iwell-guard.com\/sl\/bael\/","url":"https:\/\/iwell-guard.com\/sl\/bael\/","name":"Bael, prvi kralj 72 duhov Goetie | iWell Guard","isPartOf":{"@id":"https:\/\/iwell-guard.com\/sl\/#website"},"primaryImageOfPage":{"@id":"https:\/\/iwell-guard.com\/sl\/bael\/#primaryimage"},"image":{"@id":"https:\/\/iwell-guard.com\/sl\/bael\/#primaryimage"},"thumbnailUrl":"https:\/\/iwell-guard.com\/wp-content\/uploads\/2026\/05\/daemonen_christentum_bael.webp","datePublished":"2026-09-05T00:23:22+00:00","dateModified":"2026-09-05T00:41:58+00:00","description":"Bael v Goetii: feni\u010dansko ozadje, ikonografija treh glav, tradicija Lemegetona in zgodovina sprejemanja.","breadcrumb":{"@id":"https:\/\/iwell-guard.com\/sl\/bael\/#breadcrumb"},"inLanguage":"sl-SI","potentialAction":[{"@type":"ReadAction","target":["https:\/\/iwell-guard.com\/sl\/bael\/"]}]},{"@type":"ImageObject","inLanguage":"sl-SI","@id":"https:\/\/iwell-guard.com\/sl\/bael\/#primaryimage","url":"https:\/\/iwell-guard.com\/wp-content\/uploads\/2026\/05\/daemonen_christentum_bael.webp","contentUrl":"https:\/\/iwell-guard.com\/wp-content\/uploads\/2026\/05\/daemonen_christentum_bael.webp","width":1024,"height":1536,"caption":"Bael, demon iz kr\u0161\u010dansko-okultisti\u010dne tradicije Goetia"},{"@type":"BreadcrumbList","@id":"https:\/\/iwell-guard.com\/sl\/bael\/#breadcrumb","itemListElement":[{"@type":"ListItem","position":1,"name":"Start","item":"https:\/\/iwell-guard.com\/sl\/?page_id=160323"},{"@type":"ListItem","position":2,"name":"Bael"}]},{"@type":"WebSite","@id":"https:\/\/iwell-guard.com\/sl\/#website","url":"https:\/\/iwell-guard.com\/sl\/","name":"iWell Guard","description":"Schutz vor dunklen Einfl\u00fcssen","publisher":{"@id":"https:\/\/iwell-guard.com\/sl\/#organization"},"potentialAction":[{"@type":"SearchAction","target":{"@type":"EntryPoint","urlTemplate":"https:\/\/iwell-guard.com\/sl\/?s={search_term_string}"},"query-input":{"@type":"PropertyValueSpecification","valueRequired":true,"valueName":"search_term_string"}}],"inLanguage":"sl-SI"},{"@type":"Organization","@id":"https:\/\/iwell-guard.com\/sl\/#organization","name":"Ittermann electronic GmbH","url":"https:\/\/iwell-guard.com\/sl\/","logo":{"@type":"ImageObject","inLanguage":"sl-SI","@id":"https:\/\/iwell-guard.com\/sl\/#\/schema\/logo\/image\/","url":"https:\/\/iwell-guard.com\/wp-content\/uploads\/2026\/05\/Ittermann-Logo-1182x237-1.png","contentUrl":"https:\/\/iwell-guard.com\/wp-content\/uploads\/2026\/05\/Ittermann-Logo-1182x237-1.png","width":1182,"height":237,"caption":"Ittermann electronic GmbH"},"image":{"@id":"https:\/\/iwell-guard.com\/sl\/#\/schema\/logo\/image\/"},"sameAs":["https:\/\/pantip.com\/profile\/9367242","https:\/\/micro.blog\/iwellguard","https:\/\/www.diggerslist.com\/iwellguard\/about","https:\/\/skitterphoto.com\/photographers\/2870314\/iwell-guard","https:\/\/iwellguard.wordpress.com\/2026\/06\/06\/iwell-guard\/","https:\/\/hub.docker.com\/u\/iwellguard","https:\/\/www.pinterest.com\/iwellguard\/","https:\/\/bit.ly\/m\/iwellguard","https:\/\/entre-vos-mains.alsace.eu\/profiles\/iwellguard\/activity","https:\/\/gravatar.com\/reallybeded8fd34","https:\/\/naijamatta.com\/iwellguard","https:\/\/www.goodreads.com\/iwellguard","https:\/\/profile.hatena.ne.jp\/iwellguard\/","https:\/\/experiment.com\/users\/iwellguard","https:\/\/wakelet.com\/@iWellGuard82270","https:\/\/www.chordie.com\/forum\/profile.php?id=2555664","https:\/\/www.instapaper.com\/p\/17757966","https:\/\/www.mapleprimes.com\/users\/iwellguard","https:\/\/businesslistingplus.com\/profile\/iwell-guard\/","https:\/\/telegra.ph\/iWell-Guard-06-06","https:\/\/pbase.com\/iwellguard\/iwellguard","https:\/\/b.hatena.ne.jp\/iwellguard\/20260607#bookmark-4788405196491818882","https:\/\/fliphtml5.com\/home\/iwellguard","https:\/\/anyflip.com\/homepage\/cmiwl#About","https:\/\/transfur.com\/Users\/iwellguard","http:\/\/delphi.larsbo.org\/user\/iwellguard","https:\/\/jobs.lajobsportal.org\/profiles\/8380803-iwell-guard","https:\/\/md.chaosdorf.de\/s\/jfbe5SBdJD","https:\/\/www.lingvolive.com\/en-us\/profile\/9ecaeaca-ce11-4e51-9e71-01d55e2bff36\/translations","https:\/\/www.fitday.com\/fitness\/forums\/members\/iwellguard.html","https:\/\/www.mymeetbook.com\/iwellguard","https:\/\/pxhere.com\/en\/photographer-me\/5040798","https:\/\/disqus.com\/by\/iwellguard\/about\/","https:\/\/pastelink.net\/hjwciqwq","https:\/\/pubhtml5.com\/homepage\/scjhn\/","https:\/\/www.bitchute.com\/channel\/2O2eOKzNqujT","https:\/\/audiomack.com\/iwellguard"]},{"@type":"Person","@id":"https:\/\/iwell-guard.com\/sl\/#\/schema\/person\/ee2a27f1cac3406c7c6fb5820cb7349f","name":"Ralf Ittermann","image":{"@type":"ImageObject","inLanguage":"sl-SI","@id":"https:\/\/secure.gravatar.com\/avatar\/073c0153e350a5005b68eb752b445fea71f6b24a26da9449ad7e155e6b446c9d?s=96&d=mm&r=g","url":"https:\/\/secure.gravatar.com\/avatar\/073c0153e350a5005b68eb752b445fea71f6b24a26da9449ad7e155e6b446c9d?s=96&d=mm&r=g","contentUrl":"https:\/\/secure.gravatar.com\/avatar\/073c0153e350a5005b68eb752b445fea71f6b24a26da9449ad7e155e6b446c9d?s=96&d=mm&r=g","caption":"Ralf Ittermann"},"givenName":"Ralf","familyName":"Ittermann","jobTitle":"Gesch\u00e4ftsf\u00fchrer und redaktioneller Verantwortlicher","url":"https:\/\/iwell-guard.com\/sl\/author\/claude\/","description":"Ralf Ittermann ist Gesch\u00e4ftsf\u00fchrer der Ittermann electronic GmbH und redaktioneller Verantwortlicher des iWell-Guard-Lexikons. Er verbindet langj\u00e4hrige Erfahrung in der Pr\u00e4zisionsfertigung mit medialer Praxis und religionsgeschichtlicher Quellenarbeit.","worksFor":{"@type":"Organization","name":"Ittermann electronic GmbH","url":"https:\/\/ittermann.de\/","address":{"@type":"PostalAddress","streetAddress":"K\u00f6hlergasse 16-18","postalCode":"99842","addressLocality":"Ruhla","addressCountry":"DE"}},"knowsAbout":["Religionsgeschichte","Mythologie","Mediale Praxis","Energetische Diagnostik","Schutzpraxis","Volksglauben","Westliche Esoterik"]},{"@type":"Article","@id":"https:\/\/iwell-guard.com\/sl\/bael\/#article","isPartOf":{"@id":"https:\/\/iwell-guard.com\/sl\/bael\/"},"author":{"name":"Ralf Ittermann","@id":"https:\/\/iwell-guard.com\/sl\/#\/schema\/person\/ee2a27f1cac3406c7c6fb5820cb7349f"},"headline":"Bael","datePublished":"2026-09-05T00:23:22+00:00","dateModified":"2026-09-05T00:41:58+00:00","mainEntityOfPage":{"@id":"https:\/\/iwell-guard.com\/sl\/bael\/"},"publisher":{"@id":"https:\/\/iwell-guard.com\/sl\/#organization"},"image":{"@id":"https:\/\/iwell-guard.com\/sl\/bael\/#primaryimage"},"thumbnailUrl":"https:\/\/iwell-guard.com\/wp-content\/uploads\/2026\/05\/daemonen_christentum_bael.webp","inLanguage":"sl-SI","description":"Bael v Goetii: feni\u010dansko ozadje, ikonografija treh glav, tradicija Lemegetona in zgodovina sprejemanja."}]}},"_links":{"self":[{"href":"https:\/\/iwell-guard.com\/sl\/wp-json\/wp\/v2\/pages\/160625","targetHints":{"allow":["GET"]}}],"collection":[{"href":"https:\/\/iwell-guard.com\/sl\/wp-json\/wp\/v2\/pages"}],"about":[{"href":"https:\/\/iwell-guard.com\/sl\/wp-json\/wp\/v2\/types\/page"}],"author":[{"embeddable":true,"href":"https:\/\/iwell-guard.com\/sl\/wp-json\/wp\/v2\/users\/3"}],"replies":[{"embeddable":true,"href":"https:\/\/iwell-guard.com\/sl\/wp-json\/wp\/v2\/comments?post=160625"}],"version-history":[{"count":0,"href":"https:\/\/iwell-guard.com\/sl\/wp-json\/wp\/v2\/pages\/160625\/revisions"}],"wp:featuredmedia":[{"embeddable":true,"href":"https:\/\/iwell-guard.com\/sl\/wp-json\/wp\/v2\/media\/2427"}],"wp:attachment":[{"href":"https:\/\/iwell-guard.com\/sl\/wp-json\/wp\/v2\/media?parent=160625"}],"wp:term":[{"taxonomy":"category","embeddable":true,"href":"https:\/\/iwell-guard.com\/sl\/wp-json\/wp\/v2\/categories?post=160625"}],"curies":[{"name":"wp","href":"https:\/\/api.w.org\/{rel}","templated":true}]}}