{"id":160609,"date":"2026-09-05T00:23:04","date_gmt":"2026-09-05T00:23:04","guid":{"rendered":"https:\/\/iwell-guard.com\/?page_id=160609"},"modified":"2026-09-05T00:41:31","modified_gmt":"2026-09-05T00:41:31","slug":"genius","status":"publish","type":"page","link":"https:\/\/iwell-guard.com\/sl\/genius\/","title":{"rendered":"Genius"},"content":{"rendered":"\t\t<div data-elementor-type=\"wp-page\" data-elementor-id=\"160609\" class=\"elementor elementor-160609 elementor-2194 elementor-bc-flex-widget\" data-elementor-post-type=\"page\">\n\t\t\t\t<div class=\"elementor-element elementor-element-10fdade e-flex e-con-boxed e-con e-parent\" data-id=\"10fdade\" data-element_type=\"container\" data-e-type=\"container\" data-settings=\"{&quot;background_background&quot;:&quot;classic&quot;}\">\n\t\t\t\t\t<div class=\"e-con-inner\">\n\t\t<div class=\"elementor-element elementor-element-herohlft0 e-flex e-con-boxed e-con e-child\" data-id=\"herohlft0\" data-element_type=\"container\" data-e-type=\"container\">\n\t\t\t\t\t<div class=\"e-con-inner\">\n\t\t<div class=\"elementor-element elementor-element-c3ceb64 e-con-full e-flex e-con e-child\" data-id=\"c3ceb64\" data-element_type=\"container\" data-e-type=\"container\">\n\t\t\t\t<div class=\"elementor-element elementor-element-96ae5e1 elementor-widget elementor-widget-heading\" data-id=\"96ae5e1\" data-element_type=\"widget\" data-e-type=\"widget\" data-widget_type=\"heading.default\">\n\t\t\t\t\t<h1 class=\"elementor-heading-title elementor-size-default\">Genius, rimski duh rimskega izro\u010dila<\/h1>\t\t\t\t<\/div>\n\t\t\t\t<div class=\"elementor-element elementor-element-e45238a elementor-widget elementor-widget-text-editor\" data-id=\"e45238a\" data-element_type=\"widget\" data-e-type=\"widget\" data-widget_type=\"text-editor.default\">\n\t\t\t\t\t\t\t\t\t<p>Genius je varuh duha posameznika, dru\u017eine ali kraja v rimskem izro\u010dilu. Ime pomeni dobesedno \u201estvarnik\u201d in se nana\u0161a na mo\u010d, ki poraja in ohranja \u017eivljenje. Z religiologijskega vidika je Genius primer <span class=\"iwg-fachbegriff\" data-tooltip=\"Predstava, po kateri imajo du\u0161o tudi \u017eivali, rastline in stvari.\" tabindex=\"0\">animizma<\/span> znotraj <span class=\"iwg-fachbegriff\" data-tooltip=\"Vera v ve\u010d bogov.\" tabindex=\"0\">politeizma<\/span>, saj niso vsa bitja bogovi, imajo pa vsa svojega varovalnega <span class=\"iwg-fachbegriff\" data-tooltip=\"Brezteleseno bitje, ki naj bi delovalo v svetu.\" tabindex=\"0\">duha<\/span>. Kot rimski varuh duh Genius spremlja posameznika od rojstva do smrti.<\/p>\t\t\t\t\t\t\t\t<\/div>\n\t\t\t\t<\/div>\n\t\t<div class=\"elementor-element elementor-element-klsbdg01 e-con-full e-flex e-con e-parent\" data-id=\"klsbdg01\" data-element_type=\"container\" data-e-type=\"container\">\n\t\t\t\t<div class=\"elementor-element elementor-element-klshtm01 elementor-widget elementor-widget-html\" data-id=\"klshtm01\" data-element_type=\"widget\" data-e-type=\"widget\" data-widget_type=\"html.default\">\n\t\t\t\t\t<div class=\"iwg-pill-row\"><span class=\"iwg-klasse-badge\" tabindex=\"0\" data-tooltip=\"Duh: brezteleso ali pol-telesno bitje, umrli, naravna bitja, hi\u0161ni duhovi ali varuhi mej. Deluje v vsakdanjem \u017eivljenju, pogosto vezan na kraje ali dru\u017eine.\">Duh<\/span><a href=\"https:\/\/iwell-guard.com\/sl\/?page_id=160339\" class=\"iwg-kultur-badge\" tabindex=\"0\" data-tooltip=\"Rimska religija od kraljevine do pozne antike, sinkretisti\u010dna z gr\u0161kimi in etru\u0161\u010danskimi plastmi.\">Rim<\/a><a href=\"https:\/\/iwell-guard.com\/sl\/?page_id=160452\" class=\"iwg-tradition-badge\" tabindex=\"0\" data-tooltip=\"Varovalna bo\u017eanstva, varuhi doma, mesta, rojstev, potovanj ali \u017eivljenjskih obdobij.\">Varovalno bo\u017eanstvo<\/a><\/div>\t\t\t\t<\/div>\n\t\t\t\t<\/div>\n\t\t<div class=\"elementor-element elementor-element-3f74855 e-con-full e-flex e-con e-child\" data-id=\"3f74855\" data-element_type=\"container\" data-e-type=\"container\">\n\t\t\t\t<div class=\"elementor-element elementor-element-1c30362 elementor-toc--minimized-on-tablet elementor-widget elementor-widget-table-of-contents\" data-id=\"1c30362\" data-element_type=\"widget\" data-e-type=\"widget\" data-settings=\"{&quot;exclude_headings_by_selector&quot;:[],&quot;no_headings_message&quot;:&quot;Na tej strani ni najdenih naslovov.&quot;,&quot;headings_by_tags&quot;:[&quot;h2&quot;,&quot;h3&quot;],&quot;marker_view&quot;:&quot;bullets&quot;,&quot;minimize_box&quot;:&quot;yes&quot;,&quot;icon&quot;:{&quot;value&quot;:&quot;fas fa-circle&quot;,&quot;library&quot;:&quot;fa-solid&quot;,&quot;rendered_tag&quot;:&quot;&lt;svg class=\\&quot;e-font-icon-svg e-fas-circle\\&quot; viewBox=\\&quot;0 0 512 512\\&quot; xmlns=\\&quot;http:\\\/\\\/www.w3.org\\\/2000\\\/svg\\&quot;&gt;&lt;path d=\\&quot;M256 8C119 8 8 119 8 256s111 248 248 248 248-111 248-248S393 8 256 8z\\&quot;&gt;&lt;\\\/path&gt;&lt;\\\/svg&gt;&quot;},&quot;minimized_on&quot;:&quot;tablet&quot;,&quot;hierarchical_view&quot;:&quot;yes&quot;,&quot;min_height&quot;:{&quot;unit&quot;:&quot;px&quot;,&quot;size&quot;:&quot;&quot;,&quot;sizes&quot;:[]},&quot;min_height_tablet&quot;:{&quot;unit&quot;:&quot;px&quot;,&quot;size&quot;:&quot;&quot;,&quot;sizes&quot;:[]},&quot;min_height_mobile&quot;:{&quot;unit&quot;:&quot;px&quot;,&quot;size&quot;:&quot;&quot;,&quot;sizes&quot;:[]}}\" data-widget_type=\"table-of-contents.default\">\n\t\t\t\t\t\t\t\t\t<div class=\"elementor-toc__header\">\n\t\t\t\t\t\t<h2 class=\"elementor-toc__header-title\">\n\t\t\t\tKazalo vsebine\t\t\t<\/h2>\n\t\t\t\t\t\t\t\t\t\t<div class=\"elementor-toc__toggle-button elementor-toc__toggle-button--expand\" role=\"button\" tabindex=\"0\" aria-controls=\"elementor-toc__1c30362\" aria-expanded=\"true\" aria-label=\"Open table of contents\"><svg aria-hidden=\"true\" class=\"e-font-icon-svg e-fas-chevron-down\" viewBox=\"0 0 448 512\" xmlns=\"http:\/\/www.w3.org\/2000\/svg\"><path d=\"M207.029 381.476L12.686 187.132c-9.373-9.373-9.373-24.569 0-33.941l22.667-22.667c9.357-9.357 24.522-9.375 33.901-.04L224 284.505l154.745-154.021c9.379-9.335 24.544-9.317 33.901.04l22.667 22.667c9.373 9.373 9.373 24.569 0 33.941L240.971 381.476c-9.373 9.372-24.569 9.372-33.942 0z\"><\/path><\/svg><\/div>\n\t\t\t\t<div class=\"elementor-toc__toggle-button elementor-toc__toggle-button--collapse\" role=\"button\" tabindex=\"0\" aria-controls=\"elementor-toc__1c30362\" aria-expanded=\"true\" aria-label=\"Close table of contents\"><svg aria-hidden=\"true\" class=\"e-font-icon-svg e-fas-chevron-up\" viewBox=\"0 0 448 512\" xmlns=\"http:\/\/www.w3.org\/2000\/svg\"><path d=\"M240.971 130.524l194.343 194.343c9.373 9.373 9.373 24.569 0 33.941l-22.667 22.667c-9.357 9.357-24.522 9.375-33.901.04L224 227.495 69.255 381.516c-9.379 9.335-24.544 9.317-33.901-.04l-22.667-22.667c-9.373-9.373-9.373-24.569 0-33.941L207.03 130.525c9.372-9.373 24.568-9.373 33.941-.001z\"><\/path><\/svg><\/div>\n\t\t\t\t\t<\/div>\n\t\t\t\t<div id=\"elementor-toc__1c30362\" class=\"elementor-toc__body\">\n\t\t\t<div class=\"elementor-toc__spinner-container\">\n\t\t\t\t<svg class=\"elementor-toc__spinner eicon-animation-spin e-font-icon-svg e-eicon-loading\" aria-hidden=\"true\" viewBox=\"0 0 1000 1000\" xmlns=\"http:\/\/www.w3.org\/2000\/svg\"><path d=\"M500 975V858C696 858 858 696 858 500S696 142 500 142 142 304 142 500H25C25 237 238 25 500 25S975 237 975 500 763 975 500 975Z\"><\/path><\/svg>\t\t\t<\/div>\n\t\t<\/div>\n\t\t\t\t\t\t<\/div>\n\t\t\t\t<\/div>\n\t\t\t\t\t<\/div>\n\t\t\t\t<\/div>\n\t\t<div class=\"elementor-element elementor-element-herorght0 e-con-full e-flex e-con e-child\" data-id=\"herorght0\" data-element_type=\"container\" data-e-type=\"container\">\n\t\t\t\t<div class=\"elementor-element elementor-element-heroimg00 iwg-hero-image elementor-widget elementor-widget-image\" data-id=\"heroimg00\" data-element_type=\"widget\" data-e-type=\"widget\" data-widget_type=\"image.default\">\n\t\t\t\t\t\t\t\t\t\t\t\t\t\t\t<img fetchpriority=\"high\" decoding=\"async\" width=\"683\" height=\"1024\" src=\"https:\/\/iwell-guard.com\/wp-content\/uploads\/2026\/04\/goetter_rom_genius-683x1024.webp\" class=\"attachment-large size-large wp-image-162685\" alt=\"Genius - bogovi iz rimske tradicije, zgodovinsko-ilustrativno\" srcset=\"https:\/\/iwell-guard.com\/wp-content\/uploads\/2026\/04\/goetter_rom_genius-683x1024.webp 683w, https:\/\/iwell-guard.com\/wp-content\/uploads\/2026\/04\/goetter_rom_genius-200x300.webp 200w, https:\/\/iwell-guard.com\/wp-content\/uploads\/2026\/04\/goetter_rom_genius-768x1152.webp 768w, https:\/\/iwell-guard.com\/wp-content\/uploads\/2026\/04\/goetter_rom_genius.webp 1024w\" sizes=\"(max-width: 683px) 100vw, 683px\" \/>\t\t\t\t\t\t\t\t\t\t\t\t\t\t\t<\/div>\n\t\t\t\t<\/div>\n\t\t\t\t\t<\/div>\n\t\t\t\t<\/div>\n\t\t<div class=\"elementor-element elementor-element-32917199 e-flex e-con-boxed e-con e-parent\" data-id=\"32917199\" data-element_type=\"container\" data-e-type=\"container\">\n\t\t\t\t\t<div class=\"e-con-inner\">\n\t\t<div class=\"elementor-element elementor-element-26e916cb e-flex e-con-boxed e-con e-child\" data-id=\"26e916cb\" data-element_type=\"container\" data-e-type=\"container\">\n\t\t\t\t\t<div class=\"e-con-inner\">\n\t\t<div class=\"elementor-element elementor-element-253a40d4 e-flex e-con-boxed e-con e-child\" data-id=\"253a40d4\" data-element_type=\"container\" data-e-type=\"container\">\n\t\t\t\t\t<div class=\"e-con-inner\">\n\t\t\t\t<div class=\"elementor-element elementor-element-1200c304 elementor-widget elementor-widget-heading\" data-id=\"1200c304\" data-element_type=\"widget\" data-e-type=\"widget\" data-widget_type=\"heading.default\">\n\t\t\t\t\t<h2 class=\"elementor-heading-title elementor-size-default\">Genius Rimski<\/h2>\t\t\t\t<\/div>\n\t\t\t\t<div class=\"elementor-element elementor-element-11758e7f elementor-widget elementor-widget-text-editor\" data-id=\"11758e7f\" data-element_type=\"widget\" data-e-type=\"widget\" data-widget_type=\"text-editor.default\">\n\t\t\t\t\t\t\t\t\t<p>Genius je osebni ali skupinski varovalni duh, ki ne deluje samostojno kot bogovi, temve\u010d u\u010dinkuje prek varstva in obnove. Vsak \u010dlovek ima svojega Genija (lat. tutelaris), vsaka dru\u017eina svojega hi\u0161nega Genija, vsako mesto svojega mestnega Genija.<\/p><p>Osrednji vidiki so telesno po\u010dutje, plodnost, obilje in kontinuiteta. Cesarjev Genius je bil \u010da\u0161\u010den v okviru dr\u017eavnega kulta, kar je bilo znamenje cesarske apoteoze.<\/p>\t\t\t\t\t\t\t\t<\/div>\n\t\t\t\t\t<\/div>\n\t\t\t\t<\/div>\n\t\t<div class=\"elementor-element elementor-element-159dcf9a e-flex e-con-boxed e-con e-child\" data-id=\"159dcf9a\" data-element_type=\"container\" data-e-type=\"container\">\n\t\t\t\t\t<div class=\"e-con-inner\">\n\t\t\t\t<div class=\"elementor-element elementor-element-48cee66f elementor-widget elementor-widget-heading\" data-id=\"48cee66f\" data-element_type=\"widget\" data-e-type=\"widget\" data-widget_type=\"heading.default\">\n\t\t\t\t\t<h2 class=\"elementor-heading-title elementor-size-default\">Na kratko: Genius Rimski<\/h2>\t\t\t\t<\/div>\n\t\t\t\t<div class=\"elementor-element elementor-element-3f50d82c elementor-widget elementor-widget-text-editor\" data-id=\"3f50d82c\" data-element_type=\"widget\" data-e-type=\"widget\" data-widget_type=\"text-editor.default\">\n\t\t\t\t\t\t\t\t\t<p>Viri: Cicero De Natura Deorum, Seneka, Marcial, Plinij Naturalis Historia, Valerij Maksim, latinski napisi in doma\u010di altarji (reliefi lararija). Sekundarno: Georg Wissowa, Rudolf Simek (za germanske vzporednice), Hubert Cancik, Karl Latte. Vera v Genija je bila raz\u0161irjena v vseh dru\u017ebenih slojih in je obse\u017eno dokumentirana v arheolo\u0161kih najdbah iz Pompejev, Herkulaneja in Galije.<\/p>\t\t\t\t\t\t\t\t<\/div>\n\t\t\t\t\t<\/div>\n\t\t\t\t<\/div>\n\t\t\t\t\t<\/div>\n\t\t\t\t<\/div>\n\t\t\t\t\t<\/div>\n\t\t\t\t<\/div>\n\t\t<div class=\"elementor-element elementor-element-18613602 e-flex e-con-boxed e-con e-parent\" data-id=\"18613602\" data-element_type=\"container\" data-e-type=\"container\">\n\t\t\t\t\t<div class=\"e-con-inner\">\n\t\t\t\t<div class=\"elementor-element elementor-element-262b8a9f elementor-widget elementor-widget-heading\" data-id=\"262b8a9f\" data-element_type=\"widget\" data-e-type=\"widget\" data-widget_type=\"heading.default\">\n\t\t\t\t\t<h2 class=\"elementor-heading-title elementor-size-default\">Kontekst<\/h2>\t\t\t\t<\/div>\n\t\t<div class=\"elementor-element elementor-element-46dcb7d e-con-full e-flex e-con e-child\" data-id=\"46dcb7d\" data-element_type=\"container\" data-e-type=\"container\">\n\t\t<div class=\"elementor-element elementor-element-61d3ab3 e-flex e-con-boxed e-con e-child\" data-id=\"61d3ab3\" data-element_type=\"container\" data-e-type=\"container\">\n\t\t\t\t\t<div class=\"e-con-inner\">\n\t\t\t\t<div class=\"elementor-element elementor-element-117c166 elementor-widget elementor-widget-heading\" data-id=\"117c166\" data-element_type=\"widget\" data-e-type=\"widget\" data-widget_type=\"heading.default\">\n\t\t\t\t\t<h3 class=\"elementor-heading-title elementor-size-default\">Zeitraum der Texte<\/h3>\t\t\t\t<\/div>\n\t\t\t\t<div class=\"elementor-element elementor-element-73997a0 elementor-widget elementor-widget-text-editor\" data-id=\"73997a0\" data-element_type=\"widget\" data-e-type=\"widget\" data-widget_type=\"text-editor.default\">\n\t\t\t\t\t\t\t\t\t<p><span class=\"iwg-fachbegriff\" data-tooltip=\"Prena\u0161anje znanja in pripovedi skozi generacije.\" tabindex=\"0\">Izro\u010dilo<\/span> o Geniju sega globoko v zgodovino Rima, z dokumentacijo od 1. stoletja naprej in domnevno \u0161e starej\u0161imi ustnimi izro\u010dili. Pisni viri so fragmentarni, vendar dosledni, ka\u017eejo stabilno podobo tega bitja skozi dalj\u0161a \u010dasovna obdobja.<\/p><p>Kulturna kontinuiteta je bila izjemna: izro\u010dila in prakse so se prena\u0161ale skozi generacije, pogosto ustno, pogosto v obliki vsakdanjih obredov. Rimljani so to figuro ali koncept globoko vklju\u010dili v svoje duhovne sisteme, tako da se je ohranil vse do dana\u0161njih \u010dasov.<\/p>\t\t\t\t\t\t\t\t<\/div>\n\t\t\t\t\t<\/div>\n\t\t\t\t<\/div>\n\t\t<div class=\"elementor-element elementor-element-d47b156 e-flex e-con-boxed e-con e-child\" data-id=\"d47b156\" data-element_type=\"container\" data-e-type=\"container\">\n\t\t\t\t\t<div class=\"e-con-inner\">\n\t\t\t\t<div class=\"elementor-element elementor-element-ff38c2b elementor-widget elementor-widget-heading\" data-id=\"ff38c2b\" data-element_type=\"widget\" data-e-type=\"widget\" data-widget_type=\"heading.default\">\n\t\t\t\t\t<h3 class=\"elementor-heading-title elementor-size-default\">Verbreitungsraum<\/h3>\t\t\t\t<\/div>\n\t\t\t\t<div class=\"elementor-element elementor-element-4e49fcc elementor-widget elementor-widget-text-editor\" data-id=\"4e49fcc\" data-element_type=\"widget\" data-e-type=\"widget\" data-widget_type=\"text-editor.default\">\n\t\t\t\t\t\t\t\t\t<p>Genius je bil raz\u0161irjen po vsem rimskem svetu, ne omejen na dolo\u010deno regijo, temve\u010d splo\u0161en. Naj je bilo v mestnih sredi\u0161\u010dih ali pode\u017eelskih vaseh, \u010da\u0161\u010denje ali razumevanje tega bitja je bilo dosledno. To ka\u017ee na njegovo osrednjo vlogo v kulturnem in duhovnem \u017eivljenju Rimljanov. Geografska enotnost te prakse je izjemna in ka\u017ee na globoke kulturne korenine.<\/p>\t\t\t\t\t\t\t\t<\/div>\n\t\t\t\t\t<\/div>\n\t\t\t\t<\/div>\n\t\t\t\t<\/div>\n\t\t<div class=\"elementor-element elementor-element-db03c39 e-con-full e-flex e-con e-child\" data-id=\"db03c39\" data-element_type=\"container\" data-e-type=\"container\">\n\t\t<div class=\"elementor-element elementor-element-229a87b e-flex e-con-boxed e-con e-child\" data-id=\"229a87b\" data-element_type=\"container\" data-e-type=\"container\">\n\t\t\t\t\t<div class=\"e-con-inner\">\n\t\t\t\t<div class=\"elementor-element elementor-element-1f471fc elementor-widget elementor-widget-heading\" data-id=\"1f471fc\" data-element_type=\"widget\" data-e-type=\"widget\" data-widget_type=\"heading.default\">\n\t\t\t\t\t<h3 class=\"elementor-heading-title elementor-size-default\">Quellenlage<\/h3>\t\t\t\t<\/div>\n\t\t\t\t<div class=\"elementor-element elementor-element-36b1201 elementor-widget elementor-widget-text-editor\" data-id=\"36b1201\" data-element_type=\"widget\" data-e-type=\"widget\" data-widget_type=\"text-editor.default\">\n\t\t\t\t\t\t\t\t\t<p>Primarni viri so <span class=\"iwg-fachbegriff\" data-tooltip=\"Obdobje gr\u0161ke in rimske kulture, pribli\u017eno od 800 pr. n. \u0161t. do 600 n. \u0161t.\" tabindex=\"0\">anti\u010dna<\/span> besedila, literarna dela in religiozni kanoni Rima. Sekundarni so etnografski zapisi, ljudska izro\u010dila in arheolo\u0161ke najdbe. Ustna izro\u010dila, ki so \u0161e danes \u017eiva, ponujajo dodatne poglede. Celotna slika virov omogo\u010da koherentno razumevanje Genija in njegovega pomena.<\/p>\t\t\t\t\t\t\t\t<\/div>\n\t\t\t\t\t<\/div>\n\t\t\t\t<\/div>\n\t\t\t\t<\/div>\n\t\t\t\t\t<\/div>\n\t\t\t\t<\/div>\n\t\t<div class=\"elementor-element elementor-element-3ae0637c e-flex e-con-boxed e-con e-parent\" data-id=\"3ae0637c\" data-element_type=\"container\" data-e-type=\"container\">\n\t\t\t\t\t<div class=\"e-con-inner\">\n\t\t\t\t<div class=\"elementor-element elementor-element-31d07739 elementor-widget elementor-widget-heading\" data-id=\"31d07739\" data-element_type=\"widget\" data-e-type=\"widget\" data-widget_type=\"heading.default\">\n\t\t\t\t\t<h2 class=\"elementor-heading-title elementor-size-default\">Poimenovanje in zapisi<\/h2>\t\t\t\t<\/div>\n\t\t<div class=\"elementor-element elementor-element-b7642947 e-con-full e-flex e-con e-child\" data-id=\"b7642947\" data-element_type=\"container\" data-e-type=\"container\">\n\t\t\t\t<div class=\"elementor-element elementor-element-a086266 elementor-widget elementor-widget-text-editor\" data-id=\"a086266\" data-element_type=\"widget\" data-e-type=\"widget\" data-widget_type=\"text-editor.default\">\n\t\t\t\t\t\t\t\t\t<p>Genius je v razli\u010dnih izro\u010dilih upodobljen z dolo\u010denimi ikonografskimi elementi, ki ostajajo skozi \u010das in prostor relativno dosledni. Ti elementi niso naklju\u010dni, temve\u010d nosijo simbolni pomen.<\/p><p>Izra\u017eajo funkcije, mo\u010di in pristojnosti. Barve, predmeti, telesni atributi, vse ima svoj pomen. Vizualni sistem je kodiran in ga lahko posve\u010deni bere kot besedilo.<\/p>\t\t\t\t\t\t\t\t<\/div>\n\t\t\t\t<\/div>\n\t\t\t\t\t<\/div>\n\t\t\t\t<\/div>\n\t\t<div class=\"elementor-element elementor-element-709a44a8 e-flex e-con-boxed e-con e-parent\" data-id=\"709a44a8\" data-element_type=\"container\" data-e-type=\"container\">\n\t\t\t\t\t<div class=\"e-con-inner\">\n\t\t\t\t<div class=\"elementor-element elementor-element-2f585873 elementor-widget elementor-widget-heading\" data-id=\"2f585873\" data-element_type=\"widget\" data-e-type=\"widget\" data-widget_type=\"heading.default\">\n\t\t\t\t\t<h2 class=\"elementor-heading-title elementor-size-default\">Zna\u010dilnosti<\/h2>\t\t\t\t<\/div>\n\t\t<div class=\"elementor-element elementor-element-70621c12 e-con-full e-flex e-con e-child\" data-id=\"70621c12\" data-element_type=\"container\" data-e-type=\"container\">\n\t\t\t\t<div class=\"elementor-element elementor-element-4296eb49 elementor-widget elementor-widget-text-editor\" data-id=\"4296eb49\" data-element_type=\"widget\" data-e-type=\"widget\" data-widget_type=\"text-editor.default\">\n\t\t\t\t\t\t\t\t\t<p>Vloga Genija v religioznem in dru\u017ebenem \u017eivljenju Rimljanov je bila osrednja. Ljudje so se v dolo\u010denih \u017eivljenjskih situacijah obra\u010dali na to bitje z dolo\u010denimi molitvami ali obredi.<\/p><p>Praksa ni bila naklju\u010dna, temve\u010d strukturirana in izro\u010dena. Generacije ljudi so te oblike \u010da\u0161\u010denja gojile, jih prena\u0161ale in prilagajale. Kontinuiteta ka\u017ee, da je bila praksa u\u010dinkovita, ali pa se je vsaj za tak\u0161no \u0161tela.<\/p>\t\t\t\t\t\t\t\t<\/div>\n\t\t\t\t<\/div>\n\t\t\t\t\t<\/div>\n\t\t\t\t<\/div>\n\t\t<div class=\"elementor-element elementor-element-44e71476 e-flex e-con-boxed e-con e-parent\" data-id=\"44e71476\" data-element_type=\"container\" data-e-type=\"container\">\n\t\t\t\t\t<div class=\"e-con-inner\">\n\t\t\t\t<div class=\"elementor-element elementor-element-3c1fc3f0 elementor-widget elementor-widget-heading\" data-id=\"3c1fc3f0\" data-element_type=\"widget\" data-e-type=\"widget\" data-widget_type=\"heading.default\">\n\t\t\t\t\t<h2 class=\"elementor-heading-title elementor-size-default\">Kartica: Genius Rimski<\/h2>\t\t\t\t<\/div>\n\t\t<div class=\"elementor-element elementor-element-84f33b8e e-con-full e-flex e-con e-child\" data-id=\"84f33b8e\" data-element_type=\"container\" data-e-type=\"container\">\n\t\t\t\t<div class=\"elementor-element elementor-element-hqkdc67p elementor-widget elementor-widget-text-editor\" data-id=\"hqkdc67p\" data-element_type=\"widget\" data-e-type=\"widget\" data-widget_type=\"text-editor.default\">\n\t\t\t\t\t\t\t\t\t<p>Kartica razgrne Genija skozi \u0161est vidikov: njegov idejnozgodovinski in kulturni izvor, \u017eivo prakso njegovega \u010da\u0161\u010denja v zasebnih in dr\u017eavnih okoljih, njegovo zna\u010dilno upodobitev na doma\u010dih altarjih in v umetnosti, pomen <span class=\"iwg-fachbegriff\" data-tooltip=\"Prose\u010dno ali rotilno nagovarjanje bo\u017eanstva ali mo\u010di.\" tabindex=\"0\">klicanja<\/span> in varovalnih praks, primerljive figure varovalnih duhov v drugih kulturah ter zaklju\u010dno celostno interpretacijo njegove vloge v kozmosu.<\/p>\t\t\t\t\t\t\t\t<\/div>\n\t\t\t\t<\/div>\n\t\t<div class=\"elementor-element elementor-element-pemmx7c5 e-con-full e-flex e-con e-child\" data-id=\"pemmx7c5\" data-element_type=\"container\" data-e-type=\"container\">\n\t\t<div class=\"elementor-element elementor-element-pemmx7c1 e-con-full e-flex e-con e-child\" data-id=\"pemmx7c1\" data-element_type=\"container\" data-e-type=\"container\">\n\t\t<div class=\"elementor-element elementor-element-qh9oavvu iwg-steckbrief-card e-flex e-con-boxed e-con e-child\" data-id=\"qh9oavvu\" data-element_type=\"container\" data-e-type=\"container\">\n\t\t\t\t\t<div class=\"e-con-inner\">\n\t\t\t\t<div class=\"elementor-element elementor-element-awzx8k2k elementor-widget elementor-widget-heading\" data-id=\"awzx8k2k\" data-element_type=\"widget\" data-e-type=\"widget\" data-widget_type=\"heading.default\">\n\t\t\t\t\t<h3 class=\"elementor-heading-title elementor-size-default\">Izro\u010dilo<\/h3>\t\t\t\t<\/div>\n\t\t\t\t<div class=\"elementor-element elementor-element-x6rowhv0 elementor-widget elementor-widget-text-editor\" data-id=\"x6rowhv0\" data-element_type=\"widget\" data-e-type=\"widget\" data-widget_type=\"text-editor.default\">\n\t\t\t\t\t\t\t\t\t<p>Genius je izvirno rimska stvaritev brez neposrednih gr\u0161kih ali etru\u0161\u010danskih predhodnikov. Njegove korenine segajo v italske demone rodovitnosti in v indoevropske koncepte osebnih varovalnih duhov. Najzgodnej\u0161i dokazi izvirajo iz 3. stoletja pr. n. \u0161t., a se okrepijo pod Avgustom.<\/p><p><span class=\"iwg-fachbegriff\" data-tooltip=\"Celota verskih \u010da\u0161\u010devalnih dejanj za bo\u017eanstvo ali sveto osebo.\" tabindex=\"0\">Kult<\/span> Genija je bil \u0161e posebej zasidran v Laciju in se je raz\u0161iril z ekspanzijo Rima. Svoj vrh je dosegel pod cesarji, ko je bil Genius Caesaris (cesarski varovalni duh) uradno \u010da\u0161\u010den.<\/p>\t\t\t\t\t\t\t\t<\/div>\n\t\t\t\t\t<\/div>\n\t\t\t\t<\/div>\n\t\t<div class=\"elementor-element elementor-element-8e3o4kxs iwg-steckbrief-card e-flex e-con-boxed e-con e-child\" data-id=\"8e3o4kxs\" data-element_type=\"container\" data-e-type=\"container\">\n\t\t\t\t\t<div class=\"e-con-inner\">\n\t\t\t\t<div class=\"elementor-element elementor-element-08rkdgov elementor-widget elementor-widget-heading\" data-id=\"08rkdgov\" data-element_type=\"widget\" data-e-type=\"widget\" data-widget_type=\"heading.default\">\n\t\t\t\t\t<h3 class=\"elementor-heading-title elementor-size-default\">Ciljna skupina Genija Rimskega<\/h3>\t\t\t\t<\/div>\n\t\t\t\t<div class=\"elementor-element elementor-element-uwjelx8s elementor-widget elementor-widget-text-editor\" data-id=\"uwjelx8s\" data-element_type=\"widget\" data-e-type=\"widget\" data-widget_type=\"text-editor.default\">\n\t\t\t\t\t\t\t\t\t<p>Genija so klicali vsak dr\u017eavljan, vsaka dru\u017eina in dr\u017eava. V zasebnih hi\u0161ah so vsakodnevno molili k Geniju in Larom (hi\u0161nim duhovom) v lararju (hi\u0161nem sveti\u0161\u010du). Rojstni dan \u010dloveka je bil praznik njegovega lastnega Genija.<\/p><p>Kmetje so molili k Geniju agri (poljskemu Geniju), obrtniki h Geniju svojega ceha, vojaki h Geniju legije. Cesar je javno daroval Geniju Caesaris, praksa, ki je zaznamovala poznej\u0161i cesarski kult.<\/p>\t\t\t\t\t\t\t\t<\/div>\n\t\t\t\t\t<\/div>\n\t\t\t\t<\/div>\n\t\t<div class=\"elementor-element elementor-element-jm2n74ec iwg-steckbrief-card e-flex e-con-boxed e-con e-child\" data-id=\"jm2n74ec\" data-element_type=\"container\" data-e-type=\"container\">\n\t\t\t\t\t<div class=\"e-con-inner\">\n\t\t\t\t<div class=\"elementor-element elementor-element-8vufse4c elementor-widget elementor-widget-heading\" data-id=\"8vufse4c\" data-element_type=\"widget\" data-e-type=\"widget\" data-widget_type=\"heading.default\">\n\t\t\t\t\t<h3 class=\"elementor-heading-title elementor-size-default\">Podoba<\/h3>\t\t\t\t<\/div>\n\t\t\t\t<div class=\"elementor-element elementor-element-mwb9u015 elementor-widget elementor-widget-text-editor\" data-id=\"mwb9u015\" data-element_type=\"widget\" data-e-type=\"widget\" data-widget_type=\"text-editor.default\">\n\t\t\t\t\t\t\t\t\t<p>Genij je bil upodobljen kot mladeni\u010d ali mo\u0161ki s skledico (patella) za <span class=\"iwg-fachbegriff\" data-tooltip=\"Dar bo\u017eanstvu za izra\u017eanje zahvale, pro\u0161nje ali \u010da\u0161\u010denja.\" tabindex=\"0\">daritev<\/span>, pogosto ob larih ali na doma\u010dih altarjih. Na kovancih v\u010dasih nosi modij (mero za \u017eito), <span class=\"iwg-fachbegriff\" data-tooltip=\"Znak, ki predstavlja neko zamisel ali pomen.\" tabindex=\"0\">simbol<\/span> blagoslova.<\/p><p>Na reliefih doma\u010dih altarjev sedi med doma\u010dimi bogovi. Ikonografija je bolj abstraktna in spremenljiva kot pri bogovih. Pogosto je bil upodobljen kot bitje ka\u010dje oblike, pri \u010demer je ka\u010da simbolizirala regenerativno, podzemsko mo\u010d.<\/p>\t\t\t\t\t\t\t\t<\/div>\n\t\t\t\t\t<\/div>\n\t\t\t\t<\/div>\n\t\t\t\t<\/div>\n\t\t<div class=\"elementor-element elementor-element-pemmx7c2 e-con-full e-flex e-con e-child\" data-id=\"pemmx7c2\" data-element_type=\"container\" data-e-type=\"container\">\n\t\t<div class=\"elementor-element elementor-element-37ss2yr6 iwg-steckbrief-card e-flex e-con-boxed e-con e-child\" data-id=\"37ss2yr6\" data-element_type=\"container\" data-e-type=\"container\">\n\t\t\t\t\t<div class=\"e-con-inner\">\n\t\t\t\t<div class=\"elementor-element elementor-element-3v0wp3wx elementor-widget elementor-widget-heading\" data-id=\"3v0wp3wx\" data-element_type=\"widget\" data-e-type=\"widget\" data-widget_type=\"heading.default\">\n\t\t\t\t\t<h3 class=\"elementor-heading-title elementor-size-default\">Funkcija<\/h3>\t\t\t\t<\/div>\n\t\t\t\t<div class=\"elementor-element elementor-element-w3247g2m elementor-widget elementor-widget-text-editor\" data-id=\"w3247g2m\" data-element_type=\"widget\" data-e-type=\"widget\" data-widget_type=\"text-editor.default\">\n\t\t\t\t\t\t\t\t\t<p><strong>Podro\u010dje delovanja:<\/strong> <em>Genij<\/em> je v rimskem religijskem razumevanju ustvarjalno-vitalni \u017eivljenjski duh mo\u0161kega, njegov bo\u017eanski dvojnik, ki se z njim rodi in z njim umre na dan njegove smrti. Vsak pater familias je imel svojega <em>genija<\/em>, vsaka \u017eena pa svojo <em>Iuno<\/em> (\u017eensko vzporednico).<\/p><p>Poleg osebne razse\u017enosti se je pojem razvil v kolektivno za\u0161\u010ditno silo krajev (<em>Genius loci<\/em>), korporacij (<em>Genius collegii<\/em>), senata (<em>Genius Senatus<\/em>) in od Avgusta naprej cesarja (<em>Genius Augusti<\/em>).<\/p><p>Plinij starej\u0161i (<em>Naturalis Historia<\/em> II, 16) in Servij (komentar k Vergiliju, <em>Aen.<\/em> V, 95) pri\u010data o doma\u010di razse\u017enosti. Ovid (<em>Tristia<\/em> III, 13) opisuje rojstni dan (<em>dies natalis<\/em>) kot osrednji praznik genija, s vinom, kadilom in medenimi kola\u010dki pri lararijumu.<\/p>\t\t\t\t\t\t\t\t<\/div>\n\t\t\t\t\t<\/div>\n\t\t\t\t<\/div>\n\t\t<div class=\"elementor-element elementor-element-0qpjal9w iwg-steckbrief-card e-flex e-con-boxed e-con e-child\" data-id=\"0qpjal9w\" data-element_type=\"container\" data-e-type=\"container\">\n\t\t\t\t\t<div class=\"e-con-inner\">\n\t\t\t\t<div class=\"elementor-element elementor-element-6ndoih0o elementor-widget elementor-widget-heading\" data-id=\"6ndoih0o\" data-element_type=\"widget\" data-e-type=\"widget\" data-widget_type=\"heading.default\">\n\t\t\t\t\t<h3 class=\"elementor-heading-title elementor-size-default\">Za\u0161\u010ditna sredstva<\/h3>\t\t\t\t<\/div>\n\t\t\t\t<div class=\"elementor-element elementor-element-6684tyh9 elementor-widget elementor-widget-text-editor\" data-id=\"6684tyh9\" data-element_type=\"widget\" data-e-type=\"widget\" data-widget_type=\"text-editor.default\">\n\t\t\t\t\t\t\t\t\t<p>Genij je bil dele\u017een spo\u0161tljivega <span class=\"iwg-fachbegriff\" data-tooltip=\"Pro\u0161nja ali zaklinjajo\u010d nagovor bo\u017eanstva ali sile.\" tabindex=\"0\">klicanja<\/span> in <span class=\"iwg-fachbegriff\" data-tooltip=\"Dar bo\u017eanstvu za izra\u017eanje zahvale, pro\u0161nje ali \u010da\u0161\u010denja.\" tabindex=\"0\">daritev<\/span>, ne zaradi za\u0161\u010dite pred \u0161kodo, temve\u010d za zagotovitev blaginje in kontinuitete. <span class=\"iwg-fachbegriff\" data-tooltip=\"Dar bo\u017eanstvu za izra\u017eanje zahvale, pro\u0161nje ali \u010da\u0161\u010denja.\" tabindex=\"0\">Darovali<\/span> so vino, med, prve sadove letine in v\u010dasih majhne krvne daritve.<\/p><p>Na rojstni dan so darovali kola\u010dke. \u017dene so darovale na obletnico poroke. Prisega na lastnega genija je veljala za absolutno zavezujo\u010do. \u017daljenje cesarjevega genija je bilo veleizdajni\u0161ko dejanje.<\/p>\t\t\t\t\t\t\t\t<\/div>\n\t\t\t\t\t<\/div>\n\t\t\t\t<\/div>\n\t\t<div class=\"elementor-element elementor-element-3lfi7x32 iwg-steckbrief-card e-flex e-con-boxed e-con e-child\" data-id=\"3lfi7x32\" data-element_type=\"container\" data-e-type=\"container\">\n\t\t\t\t\t<div class=\"e-con-inner\">\n\t\t\t\t<div class=\"elementor-element elementor-element-0kg99ga1 elementor-widget elementor-widget-heading\" data-id=\"0kg99ga1\" data-element_type=\"widget\" data-e-type=\"widget\" data-widget_type=\"heading.default\">\n\t\t\t\t\t<h3 class=\"elementor-heading-title elementor-size-default\">Vzporednice<\/h3>\t\t\t\t<\/div>\n\t\t\t\t<div class=\"elementor-element elementor-element-n0fum6kp elementor-widget elementor-widget-text-editor\" data-id=\"n0fum6kp\" data-element_type=\"widget\" data-e-type=\"widget\" data-widget_type=\"text-editor.default\">\n\t\t\t\t\t\t\t\t\t<p>V germanskem svetu ustreza pojmu osebnega za\u0161\u010ditnega duha hamramr ali fylgja (nordijsko). Egiptovski ka je podoben, kot \u017eivljenjska sila vsakega \u010dloveka. V gr\u0161kem svetu obstaja daimon (daimonion) kot osebni za\u0161\u010ditni duh, vendar manj institucionaliziran kot rimski genij. Judovski koncept angela varuha ka\u017ee strukturne vzporednice, vendar je teolo\u0161ko druga\u010de zasidran.<\/p>\t\t\t\t\t\t\t\t<\/div>\n\t\t\t\t\t<\/div>\n\t\t\t\t<\/div>\n\t\t\t\t<\/div>\n\t\t\t\t<\/div>\n\t\t\t\t\t<\/div>\n\t\t\t\t<\/div>\n\t\t<div class=\"elementor-element elementor-element-5a584676 e-flex e-con-boxed e-con e-parent\" data-id=\"5a584676\" data-element_type=\"container\" data-e-type=\"container\">\n\t\t\t\t\t<div class=\"e-con-inner\">\n\t\t\t\t<div class=\"elementor-element elementor-element-6d0757bf elementor-widget elementor-widget-heading\" data-id=\"6d0757bf\" data-element_type=\"widget\" data-e-type=\"widget\" data-widget_type=\"heading.default\">\n\t\t\t\t\t<h2 class=\"elementor-heading-title elementor-size-default\">Genij, rimski \u2013 vzporednice v drugih kulturah<\/h2>\t\t\t\t<\/div>\n\t\t<div class=\"elementor-element elementor-element-60563f68 e-con-full e-flex e-con e-child\" data-id=\"60563f68\" data-element_type=\"container\" data-e-type=\"container\">\n\t\t\t\t<div class=\"elementor-element elementor-element-5a93fdd6 elementor-widget elementor-widget-text-editor\" data-id=\"5a93fdd6\" data-element_type=\"widget\" data-e-type=\"widget\" data-widget_type=\"text-editor.default\">\n\t\t\t\t\t\t\t\t\t<p>V drugih kulturah najdemo podobne arhetipe, pogosto s podobnimi funkcijami in atributi, vendar lokalizirane in prilagojene posamezni kulturi. Univerzalnost teh vzorcev pri\u010da o globokih arhetipskih strukturah v \u010dlove\u0161ki psihi in duhovnosti. Razli\u010dne manifestacije skupne osnovne teme.<\/p>\n<p><p><strong>Judovska tradicija:<\/strong> <span class=\"iwg-fachbegriff\" data-tooltip=\"Angel, ki mu je pripisano varovanje posameznega \u010dloveka.\" tabindex=\"0\">Angel varuh<\/span> v poznej\u0161i judovski angelologiji (zlasti v <span class=\"iwg-fachbegriff\" tabindex=\"0\" data-tooltip=\"Verska besedila zunaj svetopisemskega kanona; v judovski in kr\u0161\u010danski tradiciji uvr\u0161\u010dena med kanoni\u010dna in nekanoni\u010dna.\">apokrifih<\/span> in <span class=\"iwg-fachbegriff\" tabindex=\"0\" data-tooltip=\"Judovska mistika s glavnimi deli Sefer Jecira, Zohar in luriansko \u0161olo.\">kabali<\/span>) ni neposredno izpeljan iz genija, vendar ka\u017ee podobno funkcijo: osebno varstvo in posredovanje. V Tanahu so nakazila za\u0161\u010ditnih duhov, vendar ne sistemati\u010dne teologije, kakr\u0161no predstavlja genij.<\/p><p><strong>Gr\u0161ko-rimski svet:<\/strong> Gr\u0161ki daimonion (osebni <span class=\"iwg-fachbegriff\" data-tooltip=\"Duhovno bitje, ki mu je pripisano \u0161kodljivo ali dvoumno delovanje.\" tabindex=\"0\">demon<\/span> po Platonu in Sokratu) je podoben geniju, vendar je bolj filozofsko kot kultno zasidran. Sinteza pri poznej\u0161ih neoplatonikih je oba pojma zdru\u017eila v kozmi\u010dno urejevalno na\u010delo.<\/p><p><strong>Mezopotamija:<\/strong> Za\u0161\u010ditni duh (koncept ilu) v Mezopotamiji je funkcijsko podoben geniju, vendar manj vezan na posamezne osebe kot na de\u017eele in obrtni\u0161ke ceha. Ni neposredne vzporednice v <span class=\"iwg-fachbegriff\" data-tooltip=\"Celota verskih \u010da\u0161\u010denj bo\u017eanstva ali svete osebnosti.\" tabindex=\"0\">kultu<\/span> in rangih.<\/p><p><strong>Indija\/Azija:<\/strong> V hinduizmu ali budizmu ni neposredne vzporednice. Koncept osebnega usodnega duha (povezava z <span class=\"iwg-fachbegriff\" tabindex=\"0\" data-tooltip=\"V hinduizmu dol\u017enost in kozmi\u010dni red; v budizmu Buddhov nauk.\">dharmo<\/span>\/<span class=\"iwg-fachbegriff\" tabindex=\"0\" data-tooltip=\"V hinduizmu, budizmu in jainizmu zakon posledic dejanj: vsako dejanje u\u010dinkuje na poznej\u0161e obstoje.\">karmo<\/span>) je tematsko oddaljen, brez neposrednega <span class=\"iwg-fachbegriff\" data-tooltip=\"Celota verskih \u010da\u0161\u010denj bo\u017eanstva ali svete osebnosti.\" tabindex=\"0\">kulta<\/span>, kakr\u0161en obstaja pri geniju.<\/p>\t\t\t\t\t\t\t\t<\/div>\n\t\t\t\t<\/div>\n\t\t\t\t\t<\/div>\n\t\t\t\t<\/div>\n\t\t<div class=\"elementor-element elementor-element-cp4f16ba0 e-flex e-con-boxed e-con e-parent\" data-id=\"cp4f16ba0\" data-element_type=\"container\" data-e-type=\"container\">\n\t\t\t\t\t<div class=\"e-con-inner\">\n\t\t\t\t<div class=\"elementor-element elementor-element-cpd95ba75 elementor-widget elementor-widget-heading\" data-id=\"cpd95ba75\" data-element_type=\"widget\" data-e-type=\"widget\" data-widget_type=\"heading.default\">\n\t\t\t\t\t<h2 class=\"elementor-heading-title elementor-size-default\">Genij in Iuno: za\u0161\u010ditni duh mo\u0161kega in \u017eenske<\/h2>\t\t\t\t<\/div>\n\t\t<div class=\"elementor-element elementor-element-cp2c52a1a e-con-full e-flex e-con e-child\" data-id=\"cp2c52a1a\" data-element_type=\"container\" data-e-type=\"container\">\n\t\t\t\t<div class=\"elementor-element elementor-element-cpd79e1b5 elementor-widget elementor-widget-text-editor\" data-id=\"cpd79e1b5\" data-element_type=\"widget\" data-e-type=\"widget\" data-widget_type=\"text-editor.default\">\n\t\t\t\t\t\t\t\t\t<p>Rimska predstava o geniju je bila prvotno vezana na spol. <em>Genius<\/em> je bil rodovitni, \u017eivljenje spremljajo\u010di <span class=\"iwg-fachbegriff\" data-tooltip=\"Netelesno bitje, ki mu pripisujejo delovanje v svetu.\" tabindex=\"0\">duh<\/span> mo\u0161kega; njegov \u017eenski nasprotni pol je bila <em>Iuno<\/em>, ki jo je imela vsaka \u017eenska. Kot je imel vsak mo\u0161ki svojega genija, je imela vsaka \u017eenska svojo Iuno, in oba sta spremljala \u010dloveka od rojstva do smrti.<\/p><p>Ime <em>Genius<\/em> je jezikovno povezano z glagolom <em>gignere<\/em>, roditi, ustvariti. Ta etimologija ka\u017ee na jedro predstave: Genius je mo\u010d, ki utele\u0161uje \u017eivljenje in zlasti plodnost mo\u0161kega.<\/p><p>Bil je tesno povezan s poro\u010dno posteljo, ki se je zato imenovala <em>lectus genialis<\/em>. Razposajeno, veselo praznovanje so imenovali <em>indulgere genio<\/em>, torej vdati se lastnemu geniju, kar se v nem\u0161\u010dini \u0161e vedno sli\u0161i v besedi genie\u00dfen (u\u017eivati).<\/p><p>Tesna povezava s posamezno osebo se ka\u017ee tudi v najpomembnej\u0161em prazniku: rojstni dan, <em>dies natalis<\/em>, je bil hkrati praznik osebnega genija.<\/p><p>Na ta dan so lastnemu geniju darovali nekrvave <span class=\"iwg-fachbegriff\" data-tooltip=\"Dar bo\u017eanstvu, s katerim se izra\u017ea zahvala, pro\u0161nja ali \u010da\u0161\u010denje.\" tabindex=\"0\">daritve<\/span>, predvsem vino, kadilo in cvetje, ter se okrasili. Genius je bil tako verska referen\u010dna to\u010dka za identiteto in blaginjo posameznika.<\/p><p>Znanost razpravlja o tem, ali je bil genius sprva zami\u0161ljen bolj kot zunanji varuh ali kot del osebe same. Viri ka\u017eejo oba pogleda drug ob drugem. V vsakem primeru genius ne stoji onkraj \u010dloveka, temve\u010d je najtesneje povezan z njegovo \u017eivljenjsko mo\u010djo.<\/p>\t\t\t\t\t\t\t\t<\/div>\n\t\t\t\t<\/div>\n\t\t\t\t\t<\/div>\n\t\t\t\t<\/div>\n\t\t<div class=\"elementor-element elementor-element-cpcb60698 e-flex e-con-boxed e-con e-parent\" data-id=\"cpcb60698\" data-element_type=\"container\" data-e-type=\"container\">\n\t\t\t\t\t<div class=\"e-con-inner\">\n\t\t\t\t<div class=\"elementor-element elementor-element-cp747ad47 elementor-widget elementor-widget-heading\" data-id=\"cp747ad47\" data-element_type=\"widget\" data-e-type=\"widget\" data-widget_type=\"heading.default\">\n\t\t\t\t\t<h2 class=\"elementor-heading-title elementor-size-default\">Genij krajev in skupnosti<\/h2>\t\t\t\t<\/div>\n\t\t<div class=\"elementor-element elementor-element-cp7b04ee0 e-con-full e-flex e-con e-child\" data-id=\"cp7b04ee0\" data-element_type=\"container\" data-e-type=\"container\">\n\t\t\t\t<div class=\"elementor-element elementor-element-cp0d0a7b1 elementor-widget elementor-widget-text-editor\" data-id=\"cp0d0a7b1\" data-element_type=\"widget\" data-e-type=\"widget\" data-widget_type=\"text-editor.default\">\n\t\t\t\t\t\t\t\t\t<p>Poleg osebnega za\u0161\u010ditnega duha se je razvila tudi predstava, da imajo tudi kraji, skupine in ustanove svojega lastnega genija. Ta raz\u0161iritev je religioznozgodovinsko posebej zanimiva, ker ka\u017ee, kako prilagodljivo je rimsko mi\u0161ljenje ravnalo s tem konceptom.<\/p><p>Znan je <em>Genius loci<\/em>, <span class=\"iwg-fachbegriff\" data-tooltip=\"Netelesno bitje, ki mu pripisujejo delovanje v svetu.\" tabindex=\"0\">duh<\/span> nekega kraja. Hi\u0161a, <span class=\"iwg-fachbegriff\" data-tooltip=\"Sveti gozdi\u010dek, ki je slu\u017eil kot kraj \u010da\u0161\u010denja.\" tabindex=\"0\">sveti gozdi\u010d<\/span>, vir ali mesto so lahko imeli genija, ki je bedel nad blaginjo kraja.<\/p><p>V hi\u0161nih sveti\u0161\u010dih, <em>Lararia<\/em>, se genij hi\u0161nega gospodarja pogosto pojavlja skupaj z lari in penati; na pompejanskih stenskih slikah je pogosto upodobljen kot darujo\u010da, v togo zavita postava, v\u010dasih ob njem stojita dva lara in ka\u010da, ki utele\u0161a genija kraja.<\/p><p>Tudi skupnosti so imele svojega genija. Obstajal je <em>Genius populi Romani<\/em>, genij rimskega ljudstva, <em>Genius<\/em> voja\u0161kih enot, kot so legije in kohorte, poklicnih zdru\u017eenj, trgov in celo gledali\u0161\u010d.<\/p><p>Vojaki so postavljali posvetilne napise geniju svoje enote; tak\u0161ni napisi so razsejani po vsem imperiju in sodijo med najpomembnej\u0161a pri\u010devanja o raz\u0161irjenosti tega \u010da\u0161\u010denja.<\/p><p>To razmno\u017eevanje pojma genij ga je naredilo za enega izmed najbolj raz\u0161irjenih religioznih konceptov rimskega vsakdanjika. Omogo\u010dal je, da se skoraj vsaki socialni ali prostorski enoti pripi\u0161e lastna za\u0161\u010ditna mo\u010d, brez potrebe po izumljanju nove poimenovane <span class=\"iwg-fachbegriff\" data-tooltip=\"Bitje, ki ga v neki religiji \u010dastijo kot bo\u017eansko.\" tabindex=\"0\">bo\u017eanstva<\/span>.<\/p>\t\t\t\t\t\t\t\t<\/div>\n\t\t\t\t<\/div>\n\t\t\t\t\t<\/div>\n\t\t\t\t<\/div>\n\t\t<div class=\"elementor-element elementor-element-cpcd7f3af e-flex e-con-boxed e-con e-parent\" data-id=\"cpcd7f3af\" data-element_type=\"container\" data-e-type=\"container\">\n\t\t\t\t\t<div class=\"e-con-inner\">\n\t\t\t\t<div class=\"elementor-element elementor-element-cp83701b3 elementor-widget elementor-widget-heading\" data-id=\"cp83701b3\" data-element_type=\"widget\" data-e-type=\"widget\" data-widget_type=\"heading.default\">\n\t\t\t\t\t<h2 class=\"elementor-heading-title elementor-size-default\">Genij cesarja in politi\u010dna religija<\/h2>\t\t\t\t<\/div>\n\t\t<div class=\"elementor-element elementor-element-cpdabaae1 e-con-full e-flex e-con e-child\" data-id=\"cpdabaae1\" data-element_type=\"container\" data-e-type=\"container\">\n\t\t\t\t<div class=\"elementor-element elementor-element-cp08bd109 elementor-widget elementor-widget-text-editor\" data-id=\"cp08bd109\" data-element_type=\"widget\" data-e-type=\"widget\" data-widget_type=\"text-editor.default\">\n\t\t\t\t\t\t\t\t\t<p>Posebej pomemben razvoj je bila povezava kulta genija s cesarstvom. \u017dive\u010di cesar po uradnem rimskem razumevanju ni smel biti brez zadr\u017ekov \u010da\u0161\u010den kot bog; to bi bilo razumljeno kot prevzetnost in je formalno ostajalo pridr\u017eano umrlim vladarjem, ki jih je senat povzdignil med bogove. Genij cesarja je tu ponujal izhod.<\/p><p>Ni bilo mogo\u010de \u010dastiti cesarja samega, temve\u010d njegovega genija, torej njegovo osebno varovalno in \u017eivljenjsko mo\u010d. To razlikovanje je omogo\u010dilo vladarski kult, ki je formalno ohranjal versko tradicijo.<\/p><p>Avgust je to obliko spodbujal: ob prenovi mestnih rimskih kultov okoli 7 pr. n. \u0161t. so genija Avgusta pridru\u017eili larom cestnih kri\u017ei\u0161\u010d, <em>Lares Compitales<\/em>, tako da so na vsakem cestnem kri\u017ei\u0161\u010du so\u010dasno \u010dastili genija princepsa.<\/p><p>Prisega pri geniju cesarja je postala ena najzavezujo\u010dih formul javnega \u017eivljenja. Njena kr\u0161itev ali odklonitev je imela politi\u010dni pomen. V preganjanju kristjanov je vpra\u0161anje, ali je bil kdo pripravljen darovati geniju cesarja, imelo konkretno vlogo, saj se je zavrnitev razumela kot nelojalnost.<\/p><p>Kult genija tako ka\u017ee, kako je prvotno zasebna vera, vezana na posameznega mo\u0161kega, lahko postala orodje za integracijo cesarstva. Znanstvene raziskave, na primer dela Duncana Fishwicka o vladarskem kultu, so ta razvoj podrobno prikazale in poudarile, da se je <span class=\"iwg-fachbegriff\" data-tooltip=\"Celota verskih \u010da\u0161\u010denj bo\u017eanstva ali svete osebnosti.\" tabindex=\"0\">kult<\/span> genija raz\u0161iril prav zaradi svoje prilagodljivosti.<\/p>\t\t\t\t\t\t\t\t<\/div>\n\t\t\t\t<\/div>\n\t\t\t\t\t<\/div>\n\t\t\t\t<\/div>\n\t\t<div class=\"elementor-element elementor-element-cped3481e e-flex e-con-boxed e-con e-parent\" data-id=\"cped3481e\" data-element_type=\"container\" data-e-type=\"container\">\n\t\t\t\t\t<div class=\"e-con-inner\">\n\t\t\t\t<div class=\"elementor-element elementor-element-cpe35807e elementor-widget elementor-widget-heading\" data-id=\"cpe35807e\" data-element_type=\"widget\" data-e-type=\"widget\" data-widget_type=\"heading.default\">\n\t\t\t\t\t<h2 class=\"elementor-heading-title elementor-size-default\">Genij v umetnosti, napisih in nadaljnjem izro\u010dilu<\/h2>\t\t\t\t<\/div>\n\t\t<div class=\"elementor-element elementor-element-cp0c2ebf8 e-con-full e-flex e-con e-child\" data-id=\"cp0c2ebf8\" data-element_type=\"container\" data-e-type=\"container\">\n\t\t\t\t<div class=\"elementor-element elementor-element-cp2611286 elementor-widget elementor-widget-text-editor\" data-id=\"cp2611286\" data-element_type=\"widget\" data-e-type=\"widget\" data-widget_type=\"text-editor.default\">\n\t\t\t\t\t\t\t\t\t<p>Materialno <span class=\"iwg-fachbegriff\" data-tooltip=\"Prena\u0161anje znanja in pripovedi skozi generacije.\" tabindex=\"0\">izro\u010dilo<\/span> o geniju je obse\u017eno. Na reliefih, kovancih, stenskih poslikavah in kipcih se genij obi\u010dajno prikazuje kot mo\u017e v togi, pogosto z zakrito glavo v gesti darovanja, v roki pa nosi rogljati kelih izobilja ali darovalno skledico.<\/p><p>Genij skupnosti je bil lahko upodobljen tudi kot mladeni\u010d z zidnim vencem na glavi, podobno kot mestna boginja. Ka\u010da, ki se v lararijih pojavlja poleg ali pod podobo genija, velja za utele\u0161enje varovalnega duha hi\u0161e in je ohranjena na \u0161tevilnih pompejskih stenskih slikah.<\/p><p>Posvetilnih napisov geniju je na tiso\u010de. Segajo od <em>Genius<\/em> posamezne osebe prek genija dru\u0161tev, delavnic in voja\u0161kih enot do <em>Genius loci<\/em> celih provincialnih mest.<\/p><p>Ti napisi so klju\u010den vir, ker ka\u017eejo, kako samoumevno je bil genij zasidran v vsakdanjem \u017eivljenju vseh dru\u017ebenih plasti, vklju\u010dno s su\u017enji in osvobojenci, ki so \u010dastili svoje lastne genije dru\u0161tev.<\/p><p>Nadaljnje \u017eivljenje pojma je znatno. V latinski <span class=\"iwg-fachbegriff\" data-tooltip=\"Prehodna doba med antiko in srednjim vekom, pribli\u017eno od 3. do 7. stoletja.\" tabindex=\"0\">pozni antiki<\/span> in v srednjem veku se je genij delno povezal s kr\u0161\u010dansko predstavo o <span class=\"iwg-fachbegriff\" data-tooltip=\"Angel, ki naj bi varoval posameznega \u010dloveka.\" tabindex=\"0\">angelu varuhu<\/span>, delno pa je ostal kot u\u010den izraz.<\/p><p>V italijanski renesansi in v zgodnjem novem veku se je pomen spremenil: iz varovalnega duha je nastala prirojena duhovna nadarjenost, nazadnje pa se je izoblikoval sodobni pojem genija kot ustvarjalno izjemnega \u010dloveka.<\/p><p>Ta pomenski premik je zgled, kako se religiozni koncept <span class=\"iwg-fachbegriff\" data-tooltip=\"Obdobje gr\u0161ke in rimske kulture, pribli\u017eno od 800 pr. n. \u0161t. do 600 n. \u0161t.\" tabindex=\"0\">antike<\/span> ohranja v evropski zgodovini misli, \u010deprav ne ohranja svojega kultnega izvora.<\/p>\t\t\t\t\t\t\t\t<\/div>\n\t\t\t\t<\/div>\n\t\t\t\t\t<\/div>\n\t\t\t\t<\/div>\n\t\t<div class=\"elementor-element elementor-element-36dd7469 e-flex e-con-boxed e-con e-parent\" data-id=\"36dd7469\" data-element_type=\"container\" data-e-type=\"container\">\n\t\t\t\t\t<div class=\"e-con-inner\">\n\t\t\t\t<div class=\"elementor-element elementor-element-13760ab4 elementor-widget elementor-widget-heading\" data-id=\"13760ab4\" data-element_type=\"widget\" data-e-type=\"widget\" data-widget_type=\"heading.default\">\n\t\t\t\t\t<h2 class=\"elementor-heading-title elementor-size-default\">Nadaljnje povezave<\/h2>\t\t\t\t<\/div>\n\t\t<div class=\"elementor-element elementor-element-28c87796 e-con-full e-flex e-con e-child\" data-id=\"28c87796\" data-element_type=\"container\" data-e-type=\"container\">\n\t\t\t\t<div class=\"elementor-element elementor-element-5d6538df elementor-widget elementor-widget-text-editor\" data-id=\"5d6538df\" data-element_type=\"widget\" data-e-type=\"widget\" data-widget_type=\"text-editor.default\">\n\t\t\t\t\t\t\t\t\t<ul><li><a href=\"https:\/\/iwell-guard.com\/sl\/?page_id=160580\">Iuno, \u017eensko nasprotje za \u017eenske<\/a><\/li><li><a href=\"https:\/\/iwell-guard.com\/sl\/?page_id=160339\">Rimska religija, splo\u0161ni kontekst<\/a><\/li><\/ul>\t\t\t\t\t\t\t\t<\/div>\n\t\t\t\t<\/div>\n\t\t\t\t\t<\/div>\n\t\t\t\t<\/div>\n\t\t<div class=\"elementor-element elementor-element-grl4kl40 e-flex e-con-boxed e-con e-parent\" data-id=\"grl4kl40\" data-element_type=\"container\" data-e-type=\"container\">\n\t\t\t\t\t<div class=\"e-con-inner\">\n\t\t\t\t<div class=\"elementor-element elementor-element-bzsbfrmh elementor-widget elementor-widget-heading\" data-id=\"bzsbfrmh\" data-element_type=\"widget\" data-e-type=\"widget\" data-widget_type=\"heading.default\">\n\t\t\t\t\t<h2 class=\"elementor-heading-title elementor-size-default\">Raziskovalna literatura<\/h2>\t\t\t\t<\/div>\n\t\t<div class=\"elementor-element elementor-element-2c13224a e-con-full e-flex e-con e-child\" data-id=\"2c13224a\" data-element_type=\"container\" data-e-type=\"container\">\n\t\t\t\t<div class=\"elementor-element elementor-element-0eymh9ub elementor-widget elementor-widget-text-editor\" data-id=\"0eymh9ub\" data-element_type=\"widget\" data-e-type=\"widget\" data-widget_type=\"text-editor.default\">\n\t\t\t\t\t\t\t\t\t<footer class=\"iwg-literatur\" data-nosnippet=\"true\"><ul><li><span data-nosnippet>Beard, Mary \/ North, John \/ Price, Simon: <em>Religions of Rome<\/em>. 2 Bde. Cambridge UP, Cambridge 1998.<\/span><\/li><li><span data-nosnippet>Scheid, John: <em>An Introduction to Roman Religion<\/em>. Edinburgh UP, Edinburgh 2003.<\/span><\/li><li><span data-nosnippet>Dum\u00e9zil, Georges: <em>La religion romaine archa\u00efque<\/em>. Payot, Paris 1974.<\/span><\/li><li><span data-nosnippet>Latte, Kurt: <em>R\u00f6mische Religionsgeschichte<\/em>. C.H. Beck, M\u00fcnchen 1960.<\/span><\/li><li><span data-nosnippet>Wissowa, Georg: <em>Religion und Kultus der R\u00f6mer<\/em>. Beck, M\u00fcnchen 1912.<\/span><\/li><li><span data-nosnippet>Orr, David G.: <em>Roman Domestic Religion: The Evidence of the Household Shrines<\/em>. ANRW II.16.2 (1978), 1557-1591.<\/span><\/li><\/ul><\/footer>\t\t\t\t\t\t\t\t<\/div>\n\t\t\t\t<\/div>\n\t\t\t\t\t<\/div>\n\t\t\t\t<\/div>\n\t\t<div class=\"elementor-element elementor-element-iwgkw2-add-geniusroemisch e-flex e-con-boxed e-con e-parent\" data-id=\"iwgkw2-add-geniusroemisch\" data-element_type=\"container\" data-e-type=\"container\">\n\t\t\t\t\t<div class=\"e-con-inner\">\n\t\t\t\t<div class=\"elementor-element elementor-element-iwgkw2-add-geniusroemisch-t elementor-widget elementor-widget-text-editor\" data-id=\"iwgkw2-add-geniusroemisch-t\" data-element_type=\"widget\" data-e-type=\"widget\" data-widget_type=\"text-editor.default\">\n\t\t\t\t\t\t\t\t\t<p>Genij v <em>rimskem<\/em> razumevanju ozna\u010duje osebnega varovalnega duha mo\u0161kega, ki nastane z njegovim rojstvom in je bil v doma\u010dem kultu \u010da\u0161\u010den z darovi ob rojstnem dnevu in pri altarjih Larov.<\/p>\t\t\t\t\t\t\t\t<\/div>\n\t\t\t\t\t<\/div>\n\t\t\t\t<\/div>\n\t\t\t\t<\/div>\n\t\t","protected":false},"excerpt":{"rendered":"","protected":false},"author":3,"featured_media":1761,"parent":0,"menu_order":0,"comment_status":"closed","ping_status":"closed","template":"elementor_header_footer","meta":{"_yoast_wpseo_focuskw":"Genius","_yoast_wpseo_title":"Genius \u2013 rimski varuh posameznika","_yoast_wpseo_metadesc":"Izro\u010dilo o Geniju sega globoko v zgodovino Rima, z dokumentacijo od 1. stoletja naprej.","_yoast_wpseo_meta-robots-noindex":"","_yoast_wpseo_canonical":"","_angie_page":false,"gefaehrdungsstufe":"","wesen_kultur":"rom","wesen_klasse":"lichtwesen","footnotes":""},"categories":[],"class_list":["post-160609","page","type-page","status-publish","has-post-thumbnail","hentry"],"yoast_head":"<!-- This site is optimized with the Yoast SEO Premium plugin v27.7 (Yoast SEO v28.3) - https:\/\/yoast.com\/product\/yoast-seo-premium-wordpress\/ -->\n<title>Genius \u2013 rimski varuh posameznika<\/title>\n<meta name=\"description\" content=\"Izro\u010dilo o Geniju sega globoko v zgodovino Rima, z dokumentacijo od 1. stoletja naprej.\" \/>\n<meta name=\"robots\" content=\"index, follow, max-snippet:-1, max-image-preview:large, max-video-preview:-1\" \/>\n<link rel=\"canonical\" href=\"https:\/\/iwell-guard.com\/sl\/genius\/\" \/>\n<meta property=\"og:locale\" content=\"sl_SI\" \/>\n<meta property=\"og:type\" content=\"article\" \/>\n<meta property=\"og:title\" content=\"Genius\" \/>\n<meta property=\"og:description\" content=\"Izro\u010dilo o Geniju sega globoko v zgodovino Rima, z dokumentacijo od 1. stoletja naprej.\" \/>\n<meta property=\"og:url\" content=\"https:\/\/iwell-guard.com\/sl\/genius\/\" \/>\n<meta property=\"og:site_name\" content=\"iWell Guard\" \/>\n<meta property=\"article:modified_time\" content=\"2026-09-05T00:41:31+00:00\" \/>\n<meta property=\"og:image\" content=\"https:\/\/iwell-guard.com\/wp-content\/uploads\/2026\/04\/goetter_rom_genius.webp\" \/>\n\t<meta property=\"og:image:width\" content=\"1024\" \/>\n\t<meta property=\"og:image:height\" content=\"1536\" \/>\n\t<meta property=\"og:image:type\" content=\"image\/webp\" \/>\n<meta name=\"twitter:card\" content=\"summary_large_image\" \/>\n<script type=\"application\/ld+json\" class=\"yoast-schema-graph\">{\"@context\":\"https:\\\/\\\/schema.org\",\"@graph\":[{\"@type\":\"WebPage\",\"@id\":\"https:\\\/\\\/iwell-guard.com\\\/sl\\\/genius\\\/\",\"url\":\"https:\\\/\\\/iwell-guard.com\\\/sl\\\/genius\\\/\",\"name\":\"Genius \u2013 rimski varuh posameznika\",\"isPartOf\":{\"@id\":\"https:\\\/\\\/iwell-guard.com\\\/sl\\\/#website\"},\"primaryImageOfPage\":{\"@id\":\"https:\\\/\\\/iwell-guard.com\\\/sl\\\/genius\\\/#primaryimage\"},\"image\":{\"@id\":\"https:\\\/\\\/iwell-guard.com\\\/sl\\\/genius\\\/#primaryimage\"},\"thumbnailUrl\":\"https:\\\/\\\/iwell-guard.com\\\/wp-content\\\/uploads\\\/2026\\\/04\\\/goetter_rom_genius.webp\",\"datePublished\":\"2026-09-05T00:23:04+00:00\",\"dateModified\":\"2026-09-05T00:41:31+00:00\",\"description\":\"Izro\u010dilo o Geniju sega globoko v zgodovino Rima, z dokumentacijo od 1. stoletja naprej.\",\"breadcrumb\":{\"@id\":\"https:\\\/\\\/iwell-guard.com\\\/sl\\\/genius\\\/#breadcrumb\"},\"inLanguage\":\"sl-SI\",\"potentialAction\":[{\"@type\":\"ReadAction\",\"target\":[\"https:\\\/\\\/iwell-guard.com\\\/sl\\\/genius\\\/\"]}]},{\"@type\":\"ImageObject\",\"inLanguage\":\"sl-SI\",\"@id\":\"https:\\\/\\\/iwell-guard.com\\\/sl\\\/genius\\\/#primaryimage\",\"url\":\"https:\\\/\\\/iwell-guard.com\\\/wp-content\\\/uploads\\\/2026\\\/04\\\/goetter_rom_genius.webp\",\"contentUrl\":\"https:\\\/\\\/iwell-guard.com\\\/wp-content\\\/uploads\\\/2026\\\/04\\\/goetter_rom_genius.webp\",\"width\":1024,\"height\":1536,\"caption\":\"Bogovi iz rimske tradicije.\"},{\"@type\":\"BreadcrumbList\",\"@id\":\"https:\\\/\\\/iwell-guard.com\\\/sl\\\/genius\\\/#breadcrumb\",\"itemListElement\":[{\"@type\":\"ListItem\",\"position\":1,\"name\":\"Start\",\"item\":\"https:\\\/\\\/iwell-guard.com\\\/sl\\\/?page_id=160323\"},{\"@type\":\"ListItem\",\"position\":2,\"name\":\"Genius\"}]},{\"@type\":\"WebSite\",\"@id\":\"https:\\\/\\\/iwell-guard.com\\\/sl\\\/#website\",\"url\":\"https:\\\/\\\/iwell-guard.com\\\/sl\\\/\",\"name\":\"iWell Guard\",\"description\":\"Schutz vor dunklen Einfl\u00fcssen\",\"publisher\":{\"@id\":\"https:\\\/\\\/iwell-guard.com\\\/sl\\\/#organization\"},\"potentialAction\":[{\"@type\":\"SearchAction\",\"target\":{\"@type\":\"EntryPoint\",\"urlTemplate\":\"https:\\\/\\\/iwell-guard.com\\\/sl\\\/?s={search_term_string}\"},\"query-input\":{\"@type\":\"PropertyValueSpecification\",\"valueRequired\":true,\"valueName\":\"search_term_string\"}}],\"inLanguage\":\"sl-SI\"},{\"@type\":\"Organization\",\"@id\":\"https:\\\/\\\/iwell-guard.com\\\/sl\\\/#organization\",\"name\":\"Ittermann electronic GmbH\",\"url\":\"https:\\\/\\\/iwell-guard.com\\\/sl\\\/\",\"logo\":{\"@type\":\"ImageObject\",\"inLanguage\":\"sl-SI\",\"@id\":\"https:\\\/\\\/iwell-guard.com\\\/sl\\\/#\\\/schema\\\/logo\\\/image\\\/\",\"url\":\"https:\\\/\\\/iwell-guard.com\\\/wp-content\\\/uploads\\\/2026\\\/05\\\/Ittermann-Logo-1182x237-1.png\",\"contentUrl\":\"https:\\\/\\\/iwell-guard.com\\\/wp-content\\\/uploads\\\/2026\\\/05\\\/Ittermann-Logo-1182x237-1.png\",\"width\":1182,\"height\":237,\"caption\":\"Ittermann electronic GmbH\"},\"image\":{\"@id\":\"https:\\\/\\\/iwell-guard.com\\\/sl\\\/#\\\/schema\\\/logo\\\/image\\\/\"},\"sameAs\":[\"https:\\\/\\\/pantip.com\\\/profile\\\/9367242\",\"https:\\\/\\\/micro.blog\\\/iwellguard\",\"https:\\\/\\\/www.diggerslist.com\\\/iwellguard\\\/about\",\"https:\\\/\\\/skitterphoto.com\\\/photographers\\\/2870314\\\/iwell-guard\",\"https:\\\/\\\/iwellguard.wordpress.com\\\/2026\\\/06\\\/06\\\/iwell-guard\\\/\",\"https:\\\/\\\/hub.docker.com\\\/u\\\/iwellguard\",\"https:\\\/\\\/www.pinterest.com\\\/iwellguard\\\/\",\"https:\\\/\\\/bit.ly\\\/m\\\/iwellguard\",\"https:\\\/\\\/entre-vos-mains.alsace.eu\\\/profiles\\\/iwellguard\\\/activity\",\"https:\\\/\\\/gravatar.com\\\/reallybeded8fd34\",\"https:\\\/\\\/naijamatta.com\\\/iwellguard\",\"https:\\\/\\\/www.goodreads.com\\\/iwellguard\",\"https:\\\/\\\/profile.hatena.ne.jp\\\/iwellguard\\\/\",\"https:\\\/\\\/experiment.com\\\/users\\\/iwellguard\",\"https:\\\/\\\/wakelet.com\\\/@iWellGuard82270\",\"https:\\\/\\\/www.chordie.com\\\/forum\\\/profile.php?id=2555664\",\"https:\\\/\\\/www.instapaper.com\\\/p\\\/17757966\",\"https:\\\/\\\/www.mapleprimes.com\\\/users\\\/iwellguard\",\"https:\\\/\\\/businesslistingplus.com\\\/profile\\\/iwell-guard\\\/\",\"https:\\\/\\\/telegra.ph\\\/iWell-Guard-06-06\",\"https:\\\/\\\/pbase.com\\\/iwellguard\\\/iwellguard\",\"https:\\\/\\\/b.hatena.ne.jp\\\/iwellguard\\\/20260607#bookmark-4788405196491818882\",\"https:\\\/\\\/fliphtml5.com\\\/home\\\/iwellguard\",\"https:\\\/\\\/anyflip.com\\\/homepage\\\/cmiwl#About\",\"https:\\\/\\\/transfur.com\\\/Users\\\/iwellguard\",\"http:\\\/\\\/delphi.larsbo.org\\\/user\\\/iwellguard\",\"https:\\\/\\\/jobs.lajobsportal.org\\\/profiles\\\/8380803-iwell-guard\",\"https:\\\/\\\/md.chaosdorf.de\\\/s\\\/jfbe5SBdJD\",\"https:\\\/\\\/www.lingvolive.com\\\/en-us\\\/profile\\\/9ecaeaca-ce11-4e51-9e71-01d55e2bff36\\\/translations\",\"https:\\\/\\\/www.fitday.com\\\/fitness\\\/forums\\\/members\\\/iwellguard.html\",\"https:\\\/\\\/www.mymeetbook.com\\\/iwellguard\",\"https:\\\/\\\/pxhere.com\\\/en\\\/photographer-me\\\/5040798\",\"https:\\\/\\\/disqus.com\\\/by\\\/iwellguard\\\/about\\\/\",\"https:\\\/\\\/pastelink.net\\\/hjwciqwq\",\"https:\\\/\\\/pubhtml5.com\\\/homepage\\\/scjhn\\\/\",\"https:\\\/\\\/www.bitchute.com\\\/channel\\\/2O2eOKzNqujT\",\"https:\\\/\\\/audiomack.com\\\/iwellguard\"]},{\"@type\":\"Article\",\"@id\":\"https:\\\/\\\/iwell-guard.com\\\/sl\\\/genius\\\/#article\",\"isPartOf\":{\"@id\":\"https:\\\/\\\/iwell-guard.com\\\/sl\\\/genius\\\/\"},\"author\":{\"name\":\"Ralf Ittermann\",\"@id\":\"https:\\\/\\\/iwell-guard.com\\\/sl\\\/#\\\/schema\\\/person\\\/ee2a27f1cac3406c7c6fb5820cb7349f\"},\"headline\":\"Genius\",\"datePublished\":\"2026-09-05T00:23:04+00:00\",\"dateModified\":\"2026-09-05T00:41:31+00:00\",\"mainEntityOfPage\":{\"@id\":\"https:\\\/\\\/iwell-guard.com\\\/sl\\\/genius\\\/\"},\"publisher\":{\"@id\":\"https:\\\/\\\/iwell-guard.com\\\/sl\\\/#organization\"},\"image\":{\"@id\":\"https:\\\/\\\/iwell-guard.com\\\/sl\\\/genius\\\/#primaryimage\"},\"thumbnailUrl\":\"https:\\\/\\\/iwell-guard.com\\\/wp-content\\\/uploads\\\/2026\\\/04\\\/goetter_rom_genius.webp\",\"inLanguage\":\"sl-SI\",\"description\":\"Izro\u010dilo o Geniju sega globoko v zgodovino Rima, z dokumentacijo od 1. stoletja naprej.\"}]}<\/script>\n<!-- \/ Yoast SEO Premium plugin. -->","yoast_head_json":{"title":"Genius \u2013 rimski varuh posameznika","description":"Izro\u010dilo o Geniju sega globoko v zgodovino Rima, z dokumentacijo od 1. stoletja naprej.","robots":{"index":"index","follow":"follow","max-snippet":"max-snippet:-1","max-image-preview":"max-image-preview:large","max-video-preview":"max-video-preview:-1"},"canonical":"https:\/\/iwell-guard.com\/sl\/genius\/","og_locale":"sl_SI","og_type":"article","og_title":"Genius","og_description":"Izro\u010dilo o Geniju sega globoko v zgodovino Rima, z dokumentacijo od 1. stoletja naprej.","og_url":"https:\/\/iwell-guard.com\/sl\/genius\/","og_site_name":"iWell Guard","article_modified_time":"2026-09-05T00:41:31+00:00","og_image":[{"width":1024,"height":1536,"url":"https:\/\/iwell-guard.com\/wp-content\/uploads\/2026\/04\/goetter_rom_genius.webp","type":"image\/webp"}],"twitter_card":"summary_large_image","schema":{"@context":"https:\/\/schema.org","@graph":[{"@type":"Article","@id":"https:\/\/iwell-guard.com\/sl\/genius\/#article","isPartOf":{"@id":"https:\/\/iwell-guard.com\/sl\/genius\/"},"author":{"name":"Ralf Ittermann","@id":"https:\/\/iwell-guard.com\/sl\/#\/schema\/person\/ee2a27f1cac3406c7c6fb5820cb7349f"},"headline":"Genius","datePublished":"2026-09-05T00:23:04+00:00","dateModified":"2026-09-05T00:41:31+00:00","mainEntityOfPage":{"@id":"https:\/\/iwell-guard.com\/sl\/genius\/"},"publisher":{"@id":"https:\/\/iwell-guard.com\/sl\/#organization"},"image":{"@id":"https:\/\/iwell-guard.com\/sl\/genius\/#primaryimage"},"thumbnailUrl":"https:\/\/iwell-guard.com\/wp-content\/uploads\/2026\/04\/goetter_rom_genius.webp","inLanguage":"sl-SI","description":"Izro\u010dilo o Geniju sega globoko v zgodovino Rima, z dokumentacijo od 1. stoletja naprej."},{"@type":"WebPage","@id":"https:\/\/iwell-guard.com\/sl\/genius\/","url":"https:\/\/iwell-guard.com\/sl\/genius\/","name":"Genius \u2013 rimski varuh posameznika","isPartOf":{"@id":"https:\/\/iwell-guard.com\/sl\/#website"},"primaryImageOfPage":{"@id":"https:\/\/iwell-guard.com\/sl\/genius\/#primaryimage"},"image":{"@id":"https:\/\/iwell-guard.com\/sl\/genius\/#primaryimage"},"thumbnailUrl":"https:\/\/iwell-guard.com\/wp-content\/uploads\/2026\/04\/goetter_rom_genius.webp","datePublished":"2026-09-05T00:23:04+00:00","dateModified":"2026-09-05T00:41:31+00:00","description":"Izro\u010dilo o Geniju sega globoko v zgodovino Rima, z dokumentacijo od 1. stoletja naprej.","breadcrumb":{"@id":"https:\/\/iwell-guard.com\/sl\/genius\/#breadcrumb"},"inLanguage":"sl-SI","potentialAction":[{"@type":"ReadAction","target":["https:\/\/iwell-guard.com\/sl\/genius\/"]}]},{"@type":"ImageObject","inLanguage":"sl-SI","@id":"https:\/\/iwell-guard.com\/sl\/genius\/#primaryimage","url":"https:\/\/iwell-guard.com\/wp-content\/uploads\/2026\/04\/goetter_rom_genius.webp","contentUrl":"https:\/\/iwell-guard.com\/wp-content\/uploads\/2026\/04\/goetter_rom_genius.webp","width":1024,"height":1536,"caption":"Bogovi iz rimske tradicije."},{"@type":"BreadcrumbList","@id":"https:\/\/iwell-guard.com\/sl\/genius\/#breadcrumb","itemListElement":[{"@type":"ListItem","position":1,"name":"Start","item":"https:\/\/iwell-guard.com\/sl\/?page_id=160323"},{"@type":"ListItem","position":2,"name":"Genius"}]},{"@type":"WebSite","@id":"https:\/\/iwell-guard.com\/sl\/#website","url":"https:\/\/iwell-guard.com\/sl\/","name":"iWell Guard","description":"Schutz vor dunklen Einfl\u00fcssen","publisher":{"@id":"https:\/\/iwell-guard.com\/sl\/#organization"},"potentialAction":[{"@type":"SearchAction","target":{"@type":"EntryPoint","urlTemplate":"https:\/\/iwell-guard.com\/sl\/?s={search_term_string}"},"query-input":{"@type":"PropertyValueSpecification","valueRequired":true,"valueName":"search_term_string"}}],"inLanguage":"sl-SI"},{"@type":"Organization","@id":"https:\/\/iwell-guard.com\/sl\/#organization","name":"Ittermann electronic GmbH","url":"https:\/\/iwell-guard.com\/sl\/","logo":{"@type":"ImageObject","inLanguage":"sl-SI","@id":"https:\/\/iwell-guard.com\/sl\/#\/schema\/logo\/image\/","url":"https:\/\/iwell-guard.com\/wp-content\/uploads\/2026\/05\/Ittermann-Logo-1182x237-1.png","contentUrl":"https:\/\/iwell-guard.com\/wp-content\/uploads\/2026\/05\/Ittermann-Logo-1182x237-1.png","width":1182,"height":237,"caption":"Ittermann electronic GmbH"},"image":{"@id":"https:\/\/iwell-guard.com\/sl\/#\/schema\/logo\/image\/"},"sameAs":["https:\/\/pantip.com\/profile\/9367242","https:\/\/micro.blog\/iwellguard","https:\/\/www.diggerslist.com\/iwellguard\/about","https:\/\/skitterphoto.com\/photographers\/2870314\/iwell-guard","https:\/\/iwellguard.wordpress.com\/2026\/06\/06\/iwell-guard\/","https:\/\/hub.docker.com\/u\/iwellguard","https:\/\/www.pinterest.com\/iwellguard\/","https:\/\/bit.ly\/m\/iwellguard","https:\/\/entre-vos-mains.alsace.eu\/profiles\/iwellguard\/activity","https:\/\/gravatar.com\/reallybeded8fd34","https:\/\/naijamatta.com\/iwellguard","https:\/\/www.goodreads.com\/iwellguard","https:\/\/profile.hatena.ne.jp\/iwellguard\/","https:\/\/experiment.com\/users\/iwellguard","https:\/\/wakelet.com\/@iWellGuard82270","https:\/\/www.chordie.com\/forum\/profile.php?id=2555664","https:\/\/www.instapaper.com\/p\/17757966","https:\/\/www.mapleprimes.com\/users\/iwellguard","https:\/\/businesslistingplus.com\/profile\/iwell-guard\/","https:\/\/telegra.ph\/iWell-Guard-06-06","https:\/\/pbase.com\/iwellguard\/iwellguard","https:\/\/b.hatena.ne.jp\/iwellguard\/20260607#bookmark-4788405196491818882","https:\/\/fliphtml5.com\/home\/iwellguard","https:\/\/anyflip.com\/homepage\/cmiwl#About","https:\/\/transfur.com\/Users\/iwellguard","http:\/\/delphi.larsbo.org\/user\/iwellguard","https:\/\/jobs.lajobsportal.org\/profiles\/8380803-iwell-guard","https:\/\/md.chaosdorf.de\/s\/jfbe5SBdJD","https:\/\/www.lingvolive.com\/en-us\/profile\/9ecaeaca-ce11-4e51-9e71-01d55e2bff36\/translations","https:\/\/www.fitday.com\/fitness\/forums\/members\/iwellguard.html","https:\/\/www.mymeetbook.com\/iwellguard","https:\/\/pxhere.com\/en\/photographer-me\/5040798","https:\/\/disqus.com\/by\/iwellguard\/about\/","https:\/\/pastelink.net\/hjwciqwq","https:\/\/pubhtml5.com\/homepage\/scjhn\/","https:\/\/www.bitchute.com\/channel\/2O2eOKzNqujT","https:\/\/audiomack.com\/iwellguard"]},{"@type":"Person","@id":"https:\/\/iwell-guard.com\/sl\/#\/schema\/person\/ee2a27f1cac3406c7c6fb5820cb7349f","name":"Ralf Ittermann","image":{"@type":"ImageObject","inLanguage":"sl-SI","@id":"https:\/\/secure.gravatar.com\/avatar\/073c0153e350a5005b68eb752b445fea71f6b24a26da9449ad7e155e6b446c9d?s=96&d=mm&r=g","url":"https:\/\/secure.gravatar.com\/avatar\/073c0153e350a5005b68eb752b445fea71f6b24a26da9449ad7e155e6b446c9d?s=96&d=mm&r=g","contentUrl":"https:\/\/secure.gravatar.com\/avatar\/073c0153e350a5005b68eb752b445fea71f6b24a26da9449ad7e155e6b446c9d?s=96&d=mm&r=g","caption":"Ralf Ittermann"},"givenName":"Ralf","familyName":"Ittermann","jobTitle":"Gesch\u00e4ftsf\u00fchrer und redaktioneller Verantwortlicher","url":"https:\/\/iwell-guard.com\/sl\/author\/claude\/","description":"Ralf Ittermann ist Gesch\u00e4ftsf\u00fchrer der Ittermann electronic GmbH und redaktioneller Verantwortlicher des iWell-Guard-Lexikons. Er verbindet langj\u00e4hrige Erfahrung in der Pr\u00e4zisionsfertigung mit medialer Praxis und religionsgeschichtlicher Quellenarbeit.","worksFor":{"@type":"Organization","name":"Ittermann electronic GmbH","url":"https:\/\/ittermann.de\/","address":{"@type":"PostalAddress","streetAddress":"K\u00f6hlergasse 16-18","postalCode":"99842","addressLocality":"Ruhla","addressCountry":"DE"}},"knowsAbout":["Religionsgeschichte","Mythologie","Mediale Praxis","Energetische Diagnostik","Schutzpraxis","Volksglauben","Westliche Esoterik"]},{"@type":"Article","@id":"https:\/\/iwell-guard.com\/sl\/genius\/#article","isPartOf":{"@id":"https:\/\/iwell-guard.com\/sl\/genius\/"},"author":{"name":"Ralf Ittermann","@id":"https:\/\/iwell-guard.com\/sl\/#\/schema\/person\/ee2a27f1cac3406c7c6fb5820cb7349f"},"headline":"Genius","datePublished":"2026-09-05T00:23:04+00:00","dateModified":"2026-09-05T00:41:31+00:00","mainEntityOfPage":{"@id":"https:\/\/iwell-guard.com\/sl\/genius\/"},"publisher":{"@id":"https:\/\/iwell-guard.com\/sl\/#organization"},"image":{"@id":"https:\/\/iwell-guard.com\/sl\/genius\/#primaryimage"},"thumbnailUrl":"https:\/\/iwell-guard.com\/wp-content\/uploads\/2026\/04\/goetter_rom_genius.webp","inLanguage":"sl-SI","description":"Izro\u010dilo o Geniju sega globoko v zgodovino Rima, z dokumentacijo od 1. stoletja naprej."}]}},"_links":{"self":[{"href":"https:\/\/iwell-guard.com\/sl\/wp-json\/wp\/v2\/pages\/160609","targetHints":{"allow":["GET"]}}],"collection":[{"href":"https:\/\/iwell-guard.com\/sl\/wp-json\/wp\/v2\/pages"}],"about":[{"href":"https:\/\/iwell-guard.com\/sl\/wp-json\/wp\/v2\/types\/page"}],"author":[{"embeddable":true,"href":"https:\/\/iwell-guard.com\/sl\/wp-json\/wp\/v2\/users\/3"}],"replies":[{"embeddable":true,"href":"https:\/\/iwell-guard.com\/sl\/wp-json\/wp\/v2\/comments?post=160609"}],"version-history":[{"count":0,"href":"https:\/\/iwell-guard.com\/sl\/wp-json\/wp\/v2\/pages\/160609\/revisions"}],"wp:featuredmedia":[{"embeddable":true,"href":"https:\/\/iwell-guard.com\/sl\/wp-json\/wp\/v2\/media\/1761"}],"wp:attachment":[{"href":"https:\/\/iwell-guard.com\/sl\/wp-json\/wp\/v2\/media?parent=160609"}],"wp:term":[{"taxonomy":"category","embeddable":true,"href":"https:\/\/iwell-guard.com\/sl\/wp-json\/wp\/v2\/categories?post=160609"}],"curies":[{"name":"wp","href":"https:\/\/api.w.org\/{rel}","templated":true}]}}