{"id":160578,"date":"2026-09-05T00:22:39","date_gmt":"2026-09-05T00:22:39","guid":{"rendered":"https:\/\/iwell-guard.com\/?page_id=160578"},"modified":"2026-09-05T00:40:45","modified_gmt":"2026-09-05T00:40:45","slug":"manannan-mac-lir","status":"publish","type":"page","link":"https:\/\/iwell-guard.com\/sl\/manannan-mac-lir\/","title":{"rendered":"Manannan mac Lir"},"content":{"rendered":"\t\t<div data-elementor-type=\"wp-page\" data-elementor-id=\"160578\" class=\"elementor elementor-160578 elementor-2127 elementor-bc-flex-widget\" data-elementor-post-type=\"page\">\n\t\t\t\t<div class=\"elementor-element elementor-element-10fdade e-flex e-con-boxed e-con e-parent\" data-id=\"10fdade\" data-element_type=\"container\" data-e-type=\"container\" data-settings=\"{&quot;background_background&quot;:&quot;classic&quot;}\">\n\t\t\t\t\t<div class=\"e-con-inner\">\n\t\t<div class=\"elementor-element elementor-element-herohlft0 e-flex e-con-boxed e-con e-child\" data-id=\"herohlft0\" data-element_type=\"container\" data-e-type=\"container\">\n\t\t\t\t\t<div class=\"e-con-inner\">\n\t\t<div class=\"elementor-element elementor-element-c3ceb64 e-con-full e-flex e-con e-child\" data-id=\"c3ceb64\" data-element_type=\"container\" data-e-type=\"container\">\n\t\t\t\t<div class=\"elementor-element elementor-element-96ae5e1 elementor-widget elementor-widget-heading\" data-id=\"96ae5e1\" data-element_type=\"widget\" data-e-type=\"widget\" data-widget_type=\"heading.default\">\n\t\t\t\t\t<h1 class=\"elementor-heading-title elementor-size-default\">Manannan Mac Lir, bog keltske tradicije<\/h1>\t\t\t\t<\/div>\n\t\t\t\t<div class=\"elementor-element elementor-element-e45238a elementor-widget elementor-widget-text-editor\" data-id=\"e45238a\" data-element_type=\"widget\" data-e-type=\"widget\" data-widget_type=\"text-editor.default\">\n\t\t\t\t\t\t\t\t\t<p>Manannan mac Lir je bog keltske tradicije, gospodar morja in Onostranstva (T\u00edr na n\u00d3g), zavetnik prehodov in duhovnih razse\u017enosti. Z religioznozgodovinskega vidika predstavlja indoevropski tip mejnega in vodnega bo\u017eanstva ter je osrednji lik za insularno-keltski koncept \u00bbonstranskih\u00ab svetov.<\/p>\t\t\t\t\t\t\t\t<\/div>\n\t\t\t\t<\/div>\n\t\t<div class=\"elementor-element elementor-element-klsbdg01 e-con-full e-flex e-con e-parent\" data-id=\"klsbdg01\" data-element_type=\"container\" data-e-type=\"container\">\n\t\t\t\t<div class=\"elementor-element elementor-element-klshtm01 elementor-widget elementor-widget-html\" data-id=\"klshtm01\" data-element_type=\"widget\" data-e-type=\"widget\" data-widget_type=\"html.default\">\n\t\t\t\t\t<div class=\"iwg-pill-row\"><span class=\"iwg-klasse-badge\" tabindex=\"0\" data-tooltip=\"Bog \/ boginja: Poosebljena najvi\u0161ja mo\u010d v panteonu neke kulture, z jasnimi pristojnostmi, denimo nad naravnimi silami, usodo, vojno ali rodovitnostjo. \u010ca\u0161\u010dena skozi kulte, daritve in templjanske institucije.\">Bog<\/span><a href=\"https:\/\/iwell-guard.com\/sl\/?page_id=160359\" class=\"iwg-kultur-badge\" tabindex=\"0\" data-tooltip=\"Keltska religija zahodne Evrope in britanskih otokov, mitolo\u0161ko izpri\u010dana prek irsko-vali\u017eanskih besedil.\">Keltsko<\/a><\/div>\t\t\t\t<\/div>\n\t\t\t\t<\/div>\n\t\t<div class=\"elementor-element elementor-element-3f74855 e-con-full e-flex e-con e-child\" data-id=\"3f74855\" data-element_type=\"container\" data-e-type=\"container\">\n\t\t\t\t<div class=\"elementor-element elementor-element-1c30362 elementor-toc--minimized-on-tablet elementor-widget elementor-widget-table-of-contents\" data-id=\"1c30362\" data-element_type=\"widget\" data-e-type=\"widget\" data-settings=\"{&quot;exclude_headings_by_selector&quot;:[],&quot;no_headings_message&quot;:&quot;Na tej strani ni najdenih naslovov.&quot;,&quot;headings_by_tags&quot;:[&quot;h2&quot;,&quot;h3&quot;],&quot;marker_view&quot;:&quot;bullets&quot;,&quot;minimize_box&quot;:&quot;yes&quot;,&quot;icon&quot;:{&quot;value&quot;:&quot;fas fa-circle&quot;,&quot;library&quot;:&quot;fa-solid&quot;,&quot;rendered_tag&quot;:&quot;&lt;svg class=\\&quot;e-font-icon-svg e-fas-circle\\&quot; viewBox=\\&quot;0 0 512 512\\&quot; xmlns=\\&quot;http:\\\/\\\/www.w3.org\\\/2000\\\/svg\\&quot;&gt;&lt;path d=\\&quot;M256 8C119 8 8 119 8 256s111 248 248 248 248-111 248-248S393 8 256 8z\\&quot;&gt;&lt;\\\/path&gt;&lt;\\\/svg&gt;&quot;},&quot;minimized_on&quot;:&quot;tablet&quot;,&quot;hierarchical_view&quot;:&quot;yes&quot;,&quot;min_height&quot;:{&quot;unit&quot;:&quot;px&quot;,&quot;size&quot;:&quot;&quot;,&quot;sizes&quot;:[]},&quot;min_height_tablet&quot;:{&quot;unit&quot;:&quot;px&quot;,&quot;size&quot;:&quot;&quot;,&quot;sizes&quot;:[]},&quot;min_height_mobile&quot;:{&quot;unit&quot;:&quot;px&quot;,&quot;size&quot;:&quot;&quot;,&quot;sizes&quot;:[]}}\" data-widget_type=\"table-of-contents.default\">\n\t\t\t\t\t\t\t\t\t<div class=\"elementor-toc__header\">\n\t\t\t\t\t\t<h2 class=\"elementor-toc__header-title\">\n\t\t\t\tKazalo vsebine\t\t\t<\/h2>\n\t\t\t\t\t\t\t\t\t\t<div class=\"elementor-toc__toggle-button elementor-toc__toggle-button--expand\" role=\"button\" tabindex=\"0\" aria-controls=\"elementor-toc__1c30362\" aria-expanded=\"true\" aria-label=\"Open table of contents\"><svg aria-hidden=\"true\" class=\"e-font-icon-svg e-fas-chevron-down\" viewBox=\"0 0 448 512\" xmlns=\"http:\/\/www.w3.org\/2000\/svg\"><path d=\"M207.029 381.476L12.686 187.132c-9.373-9.373-9.373-24.569 0-33.941l22.667-22.667c9.357-9.357 24.522-9.375 33.901-.04L224 284.505l154.745-154.021c9.379-9.335 24.544-9.317 33.901.04l22.667 22.667c9.373 9.373 9.373 24.569 0 33.941L240.971 381.476c-9.373 9.372-24.569 9.372-33.942 0z\"><\/path><\/svg><\/div>\n\t\t\t\t<div class=\"elementor-toc__toggle-button elementor-toc__toggle-button--collapse\" role=\"button\" tabindex=\"0\" aria-controls=\"elementor-toc__1c30362\" aria-expanded=\"true\" aria-label=\"Close table of contents\"><svg aria-hidden=\"true\" class=\"e-font-icon-svg e-fas-chevron-up\" viewBox=\"0 0 448 512\" xmlns=\"http:\/\/www.w3.org\/2000\/svg\"><path d=\"M240.971 130.524l194.343 194.343c9.373 9.373 9.373 24.569 0 33.941l-22.667 22.667c-9.357 9.357-24.522 9.375-33.901.04L224 227.495 69.255 381.516c-9.379 9.335-24.544 9.317-33.901-.04l-22.667-22.667c-9.373-9.373-9.373-24.569 0-33.941L207.03 130.525c9.372-9.373 24.568-9.373 33.941-.001z\"><\/path><\/svg><\/div>\n\t\t\t\t\t<\/div>\n\t\t\t\t<div id=\"elementor-toc__1c30362\" class=\"elementor-toc__body\">\n\t\t\t<div class=\"elementor-toc__spinner-container\">\n\t\t\t\t<svg class=\"elementor-toc__spinner eicon-animation-spin e-font-icon-svg e-eicon-loading\" aria-hidden=\"true\" viewBox=\"0 0 1000 1000\" xmlns=\"http:\/\/www.w3.org\/2000\/svg\"><path d=\"M500 975V858C696 858 858 696 858 500S696 142 500 142 142 304 142 500H25C25 237 238 25 500 25S975 237 975 500 763 975 500 975Z\"><\/path><\/svg>\t\t\t<\/div>\n\t\t<\/div>\n\t\t\t\t\t\t<\/div>\n\t\t\t\t<\/div>\n\t\t\t\t\t<\/div>\n\t\t\t\t<\/div>\n\t\t<div class=\"elementor-element elementor-element-herorght0 e-con-full e-flex e-con e-child\" data-id=\"herorght0\" data-element_type=\"container\" data-e-type=\"container\">\n\t\t\t\t<div class=\"elementor-element elementor-element-heroimg00 iwg-hero-image elementor-widget elementor-widget-image\" data-id=\"heroimg00\" data-element_type=\"widget\" data-e-type=\"widget\" data-widget_type=\"image.default\">\n\t\t\t\t\t\t\t\t\t\t\t\t\t\t\t<img fetchpriority=\"high\" decoding=\"async\" width=\"683\" height=\"1024\" src=\"https:\/\/iwell-guard.com\/wp-content\/uploads\/2026\/04\/goetter_keltisch_manannan-mac-lir-683x1024.webp\" class=\"attachment-large size-large wp-image-162828\" alt=\"Manannan Mac Lir - bogovi iz keltske tradicije, zgodovinsko-ilustrativno\" srcset=\"https:\/\/iwell-guard.com\/wp-content\/uploads\/2026\/04\/goetter_keltisch_manannan-mac-lir-683x1024.webp 683w, https:\/\/iwell-guard.com\/wp-content\/uploads\/2026\/04\/goetter_keltisch_manannan-mac-lir-200x300.webp 200w, https:\/\/iwell-guard.com\/wp-content\/uploads\/2026\/04\/goetter_keltisch_manannan-mac-lir-768x1152.webp 768w, https:\/\/iwell-guard.com\/wp-content\/uploads\/2026\/04\/goetter_keltisch_manannan-mac-lir.webp 1024w\" sizes=\"(max-width: 683px) 100vw, 683px\" \/>\t\t\t\t\t\t\t\t\t\t\t\t\t\t\t<\/div>\n\t\t\t\t<\/div>\n\t\t\t\t\t<\/div>\n\t\t\t\t<\/div>\n\t\t<div class=\"elementor-element elementor-element-32917199 e-flex e-con-boxed e-con e-parent\" data-id=\"32917199\" data-element_type=\"container\" data-e-type=\"container\">\n\t\t\t\t\t<div class=\"e-con-inner\">\n\t\t<div class=\"elementor-element elementor-element-26e916cb e-flex e-con-boxed e-con e-child\" data-id=\"26e916cb\" data-element_type=\"container\" data-e-type=\"container\">\n\t\t\t\t\t<div class=\"e-con-inner\">\n\t\t<div class=\"elementor-element elementor-element-253a40d4 e-flex e-con-boxed e-con e-child\" data-id=\"253a40d4\" data-element_type=\"container\" data-e-type=\"container\">\n\t\t\t\t\t<div class=\"e-con-inner\">\n\t\t\t\t<div class=\"elementor-element elementor-element-1200c304 elementor-widget elementor-widget-heading\" data-id=\"1200c304\" data-element_type=\"widget\" data-e-type=\"widget\" data-widget_type=\"heading.default\">\n\t\t\t\t\t<h3 class=\"elementor-heading-title elementor-size-default\">Manannan Mac Lir<\/h3>\t\t\t\t<\/div>\n\t\t\t\t<div class=\"elementor-element elementor-element-11758e7f elementor-widget elementor-widget-text-editor\" data-id=\"11758e7f\" data-element_type=\"widget\" data-e-type=\"widget\" data-widget_type=\"text-editor.default\">\n\t\t\t\t\t\t\t\t\t<p>Manannan je upodobljen kot nadnaravni morski kralj in mornar, ki potuje med \u010dlove\u0161kim svetom in Onostranstvom (T\u00edr na n\u00d3g, Mag Mell). Ima konja, ki naredi nevidnega (Enbarr), in samovoze\u010di \u010doln (Scuabtuinne).<\/p><p>V irskih pripovedih se pojavlja kot vodnik du\u0161 in za\u0161\u010ditnik potnikov. Legende pripovedujejo, da odganja demone in demonska bitja krot\u00ed. V nekaterih besedilih je u\u010ditelj ali skrbnik junakov, kot je C\u00fa Chulainn.<\/p>\t\t\t\t\t\t\t\t<\/div>\n\t\t\t\t\t<\/div>\n\t\t\t\t<\/div>\n\t\t<div class=\"elementor-element elementor-element-159dcf9a e-flex e-con-boxed e-con e-child\" data-id=\"159dcf9a\" data-element_type=\"container\" data-e-type=\"container\">\n\t\t\t\t\t<div class=\"e-con-inner\">\n\t\t\t\t<div class=\"elementor-element elementor-element-48cee66f elementor-widget elementor-widget-heading\" data-id=\"48cee66f\" data-element_type=\"widget\" data-e-type=\"widget\" data-widget_type=\"heading.default\">\n\t\t\t\t\t<h2 class=\"elementor-heading-title elementor-size-default\">Na kratko: Manannan Mac Lir<\/h2>\t\t\t\t<\/div>\n\t\t\t\t<div class=\"elementor-element elementor-element-3f50d82c elementor-widget elementor-widget-text-editor\" data-id=\"3f50d82c\" data-element_type=\"widget\" data-e-type=\"widget\" data-widget_type=\"text-editor.default\">\n\t\t\t\t\t\t\t\t\t<p>Viri izhajajo iz Immram Brain maic Febail (\u00bbBran mac Febailova morska plovba\u00ab), Imram Curaig Ma\u00e9l D\u00fain (\u00bbMorska plovba M\u00e1el D\u00faina\u00ab) in drugih pripovedi o pustolov\u0161\u010dinah, zapisanih od 8. do 9. stoletja naprej.<\/p><p>Manannan je omenjen v genealo\u0161kih besedilih in v Ulaidski sagi. Njegova vloga psihopompa in varuha meje je zna\u010dilna za insularno-keltsko <span class=\"iwg-fachbegriff\" data-tooltip=\"Predstava o zgradbi in ureditvi sveta znotraj neke kulture.\" tabindex=\"0\">kozmologijo<\/span>. Sodobni viri: folkloristi\u010dno <span class=\"iwg-fachbegriff\" data-tooltip=\"Prena\u0161anje znanja in pripovedi skozi generacije.\" tabindex=\"0\">izro\u010dilo<\/span> na Irskem in \u0160kotskem (Hebridi, Otok Man).<\/p>\t\t\t\t\t\t\t\t<\/div>\n\t\t\t\t\t<\/div>\n\t\t\t\t<\/div>\n\t\t\t\t\t<\/div>\n\t\t\t\t<\/div>\n\t\t\t\t\t<\/div>\n\t\t\t\t<\/div>\n\t\t<div class=\"elementor-element elementor-element-18613602 e-flex e-con-boxed e-con e-parent\" data-id=\"18613602\" data-element_type=\"container\" data-e-type=\"container\">\n\t\t\t\t\t<div class=\"e-con-inner\">\n\t\t\t\t<div class=\"elementor-element elementor-element-262b8a9f elementor-widget elementor-widget-heading\" data-id=\"262b8a9f\" data-element_type=\"widget\" data-e-type=\"widget\" data-widget_type=\"heading.default\">\n\t\t\t\t\t<h2 class=\"elementor-heading-title elementor-size-default\">Kontekst<\/h2>\t\t\t\t<\/div>\n\t\t<div class=\"elementor-element elementor-element-46dcb7d e-con-full e-flex e-con e-child\" data-id=\"46dcb7d\" data-element_type=\"container\" data-e-type=\"container\">\n\t\t<div class=\"elementor-element elementor-element-61d3ab3 e-flex e-con-boxed e-con e-child\" data-id=\"61d3ab3\" data-element_type=\"container\" data-e-type=\"container\">\n\t\t\t\t\t<div class=\"e-con-inner\">\n\t\t\t\t<div class=\"elementor-element elementor-element-117c166 elementor-widget elementor-widget-heading\" data-id=\"117c166\" data-element_type=\"widget\" data-e-type=\"widget\" data-widget_type=\"heading.default\">\n\t\t\t\t\t<h3 class=\"elementor-heading-title elementor-size-default\">Zeitraum der Texte<\/h3>\t\t\t\t<\/div>\n\t\t\t\t<div class=\"elementor-element elementor-element-73997a0 elementor-widget elementor-widget-text-editor\" data-id=\"73997a0\" data-element_type=\"widget\" data-e-type=\"widget\" data-widget_type=\"text-editor.default\">\n\t\t\t\t\t\t\t\t\t<p>Manann\u00e1n mac Lir je izpri\u010dan od zgodnjesrednjeve\u0161kih irskih besedil do novodobnega ljudskega izro\u010dila Otoka Man, po katerem naj bi bilo tudi poimenovano. \u0160e v 19. stoletju so prebivalci otoka na predve\u010der poletnega solsticija na vrhovih hribov pu\u0161\u010dali \u0161opke lo\u010dja kot darilo Manannanu; iz starega morskega boga je tako nastala legendarna ustanovitvena figura otoka, v kateri pa so ostale prvotne poteze \u0161e vedno vidne.<\/p><h3>Mitolo\u0161ka umestitev<\/h3><p>Manannan mac Lir je bog in nadnaravno bitje irske in vali\u017eanske keltske <span class=\"iwg-fachbegriff\" data-tooltip=\"Celota izro\u010denih pripovedi o bogovih neke kulture.\" tabindex=\"0\">mitologije<\/span>. Je gospodar morja, <span class=\"iwg-fachbegriff\" data-tooltip=\"Prakse, ki s posebnimi dejanji ali formulami sku\u0161ajo vplivati na potek stvari.\" tabindex=\"0\">magije<\/span> in Onostranstva. Manannan je potnik med svetovi in za\u0161\u010ditnik. Njegova vloga je osrednja za keltsko razumevanje.<\/p>\t\t\t\t\t\t\t\t<\/div>\n\t\t\t\t\t<\/div>\n\t\t\t\t<\/div>\n\t\t<div class=\"elementor-element elementor-element-d47b156 e-flex e-con-boxed e-con e-child\" data-id=\"d47b156\" data-element_type=\"container\" data-e-type=\"container\">\n\t\t\t\t\t<div class=\"e-con-inner\">\n\t\t\t\t<div class=\"elementor-element elementor-element-ff38c2b elementor-widget elementor-widget-heading\" data-id=\"ff38c2b\" data-element_type=\"widget\" data-e-type=\"widget\" data-widget_type=\"heading.default\">\n\t\t\t\t\t<h3 class=\"elementor-heading-title elementor-size-default\">Verbreitungsraum<\/h3>\t\t\t\t<\/div>\n\t\t\t\t<div class=\"elementor-element elementor-element-4e49fcc elementor-widget elementor-widget-text-editor\" data-id=\"4e49fcc\" data-element_type=\"widget\" data-e-type=\"widget\" data-widget_type=\"text-editor.default\">\n\t\t\t\t\t\t\t\t\t<p>Manannan mac Lir ni bil omejen na dolo\u010deno regijo ali lokacijo, temve\u010d je bil splo\u0161no znan in \u010da\u0161\u010den ali spo\u0161tljivo strah zbujajo\u010d po vsem keltskem svetu. Naj je \u0161lo za velika mestna sredi\u0161\u010da ali za obrobne pode\u017eelske regije, za dru\u017ebeno elito ali preprosto ljudstvo, duhovni in kulturni pomen tega bitja je bil povsod enako priznan in splo\u0161en.<\/p><p>Raz\u0161irjenost Manann\u00e1na mac Lir sledi morskim potem Irskega morja: bil je znan na Irskem, na Otoku Man in na \u0160kotskem, otok Man pa nosi njegovo ime. Ta razpr\u0161enost po ve\u010d galsko govore\u010dih obalnih regijah izhaja iz tesnih pomorskih in trgovskih povezav med njimi; osnovna podoba boga je pri tem v vseh regijah ostala enaka, gospodar morja in prehoda.<\/p>\t\t\t\t\t\t\t\t<\/div>\n\t\t\t\t\t<\/div>\n\t\t\t\t<\/div>\n\t\t\t\t<\/div>\n\t\t<div class=\"elementor-element elementor-element-db03c39 e-con-full e-flex e-con e-child\" data-id=\"db03c39\" data-element_type=\"container\" data-e-type=\"container\">\n\t\t<div class=\"elementor-element elementor-element-229a87b e-flex e-con-boxed e-con e-child\" data-id=\"229a87b\" data-element_type=\"container\" data-e-type=\"container\">\n\t\t\t\t\t<div class=\"e-con-inner\">\n\t\t\t\t<div class=\"elementor-element elementor-element-1f471fc elementor-widget elementor-widget-heading\" data-id=\"1f471fc\" data-element_type=\"widget\" data-e-type=\"widget\" data-widget_type=\"heading.default\">\n\t\t\t\t\t<h3 class=\"elementor-heading-title elementor-size-default\">Quellenlage<\/h3>\t\t\t\t<\/div>\n\t\t\t\t<div class=\"elementor-element elementor-element-36b1201 elementor-widget elementor-widget-text-editor\" data-id=\"36b1201\" data-element_type=\"widget\" data-e-type=\"widget\" data-widget_type=\"text-editor.default\">\n\t\t\t\t\t\t\t\t\t<p>Primarni viri: Immram Brain maic Febail (pribl. 8. stol.), Imram Curaig Ma\u00e9l D\u00fain (pribl. 9. stol.), Togail Bruidne D\u00e1 Derga (\u00bbUni\u010denje hi\u0161e Da Derga\u00ab), pozneje tudi Mabinogion (vali\u017eansko, 11.\u201313. stol., z Manawydanom).<\/p><p>\u010casovni okvir: ustno izro\u010dilo je starej\u0161e (morda iz \u017eelezne dobe), pisna fiksacija pa je srednjeve\u0161ka. Raziskovalci: Mac Cana (Celtic Mythology), Jenny Rowland (Early Welsh Saga Poetry), W. Y. Evans-Wentz (The Fairy Faith in Celtic Countries) dokumentirajo izro\u010dilo o Manannanu.<\/p>\t\t\t\t\t\t\t\t<\/div>\n\t\t\t\t\t<\/div>\n\t\t\t\t<\/div>\n\t\t\t\t<\/div>\n\t\t\t\t\t<\/div>\n\t\t\t\t<\/div>\n\t\t<div class=\"elementor-element elementor-element-3ae0637c e-flex e-con-boxed e-con e-parent\" data-id=\"3ae0637c\" data-element_type=\"container\" data-e-type=\"container\">\n\t\t\t\t\t<div class=\"e-con-inner\">\n\t\t\t\t<div class=\"elementor-element elementor-element-31d07739 elementor-widget elementor-widget-heading\" data-id=\"31d07739\" data-element_type=\"widget\" data-e-type=\"widget\" data-widget_type=\"heading.default\">\n\t\t\t\t\t<h2 class=\"elementor-heading-title elementor-size-default\">Ime<\/h2>\t\t\t\t<\/div>\n\t\t<div class=\"elementor-element elementor-element-b7642947 e-con-full e-flex e-con e-child\" data-id=\"b7642947\" data-element_type=\"container\" data-e-type=\"container\">\n\t\t\t\t<div class=\"elementor-element elementor-element-a086266 elementor-widget elementor-widget-text-editor\" data-id=\"a086266\" data-element_type=\"widget\" data-e-type=\"widget\" data-widget_type=\"text-editor.default\">\n\t\t\t\t\t\t\t\t\t<p>Manannan mac Lir je v razli\u010dnih virih in umetni\u0161kih izro\u010dilih upodobljen z dolo\u010denimi ponavljajo\u010dimi se ikonografskimi elementi, ki ostajajo razmeroma stalni skozi desetletja in v razli\u010dnih geografskih prostorih. Ti elementi niso zgolj dekorativni ali naklju\u010dno izbrani, temve\u010d so globoko simbolno kodirani in nosijo velik pomen.<\/p><p>Atributi Manann\u00e1na mac Lir tvorijo berljiv sistem znakov: pla\u0161\u010d meglic pomeni njegovo mo\u010d, da skriva stvari in zakriva meje, samovoze\u010di \u010doln Wellengl\u00e4tter (Zglajevalec valov) njegovo oblast nad morjem, konj Aonbharr, ki te\u010de po vodi, ukinjanje meje med zemljo in morjem, jabol\u010dni otok Emain Ablach pa njegovo povezanost z Onostranstvom. Kdor pozna irsko pripovedno izro\u010dilo, iz teh predmetov takoj razbere pristojnost in rang boga; nobeden od atributov ni izbran naklju\u010dno, vsi so trdno izpri\u010dani v srednjeve\u0161kih besedilih.<\/p>\t\t\t\t\t\t\t\t<\/div>\n\t\t\t\t<\/div>\n\t\t\t\t\t<\/div>\n\t\t\t\t<\/div>\n\t\t<div class=\"elementor-element elementor-element-709a44a8 e-flex e-con-boxed e-con e-parent\" data-id=\"709a44a8\" data-element_type=\"container\" data-e-type=\"container\">\n\t\t\t\t\t<div class=\"e-con-inner\">\n\t\t\t\t<div class=\"elementor-element elementor-element-2f585873 elementor-widget elementor-widget-heading\" data-id=\"2f585873\" data-element_type=\"widget\" data-e-type=\"widget\" data-widget_type=\"heading.default\">\n\t\t\t\t\t<h2 class=\"elementor-heading-title elementor-size-default\">Zna\u010dilnosti<\/h2>\t\t\t\t<\/div>\n\t\t<div class=\"elementor-element elementor-element-70621c12 e-con-full e-flex e-con e-child\" data-id=\"70621c12\" data-element_type=\"container\" data-e-type=\"container\">\n\t\t\t\t<div class=\"elementor-element elementor-element-4296eb49 elementor-widget elementor-widget-text-editor\" data-id=\"4296eb49\" data-element_type=\"widget\" data-e-type=\"widget\" data-widget_type=\"text-editor.default\">\n\t\t\t\t\t\t\t\t\t<p>Manann\u00e1n mac Lir je bil osrednja figura verske prakse, vsakdanjih obredov in vsakdanjega razumevanja pri Keltih. Ljudje so se v kriti\u010dnih ali posebnih \u017eivljenjskih razmerah oziroma ob dolo\u010denih obrednih letnih \u010dasih obra\u010dali na to entiteto s strukturiranimi, pogosto zapletenimi obredi, molitvami ali daritvami.<\/p><p>Ravnanje z Manann\u00e1nom mac Lirjem je sledilo trdnim izro\u010dilnim linijam: na Irskem so u\u010deni pesniki, kasneje pa kr\u0161\u010danski pisci v samostanih, ohranjali zgodbe o morskem bogu v urejeni obliki. Na Man otoku so se poleg tega ohranili ljudski obi\u010daji, na primer darovanje bi\u010devja ob poletnem solsticiju, ki so se izvajali po ustaljenih pravilih in ne po lastni presoji.<\/p><p>Dejstvo, da so Manann\u00e1na mac Lirja stoletja klicali in o njem pripovedovali, je povezano z njegovimi jasno dolo\u010denimi nalogami: mornarji so od njega pri\u010dakovali za\u0161\u010dito pred nevihtami in varen prehod, torej odvra\u010danje groze\u010de nesre\u010de na morju. V zgodbah nastopa tudi kot vodnik v Drugi svet, ki junake spremlja \u010dez mejo med svetovi, na Man otoku pa so mu darovali, da bi si zagotovili dobro vreme in dober ulov rib.<\/p><h3>Videz in simbolika<\/h3><p>Manann\u00e1n je upodobljen kot \u010dudovit, skrivnosten mo\u017e v spremenljivi obleki. Na svojem konju Enbarru jezdi po morju. Megla je njegov pla\u0161\u010d, ki podarja nevidnost. Njegov \u010darobni pla\u0161\u010d in me\u010d sta legendarna predmeta. <span class=\"iwg-fachbegriff\" data-tooltip=\"Prakse, ki s posebnimi dejanji ali formulami \u017eelijo posegati v potek dogodkov.\" tabindex=\"0\">Magija<\/span> preveva njegovo prisotnost.<\/p>\t\t\t\t\t\t\t\t<\/div>\n\t\t\t\t<\/div>\n\t\t\t\t\t<\/div>\n\t\t\t\t<\/div>\n\t\t<div class=\"elementor-element elementor-element-44e71476 e-flex e-con-boxed e-con e-parent\" data-id=\"44e71476\" data-element_type=\"container\" data-e-type=\"container\">\n\t\t\t\t\t<div class=\"e-con-inner\">\n\t\t\t\t<div class=\"elementor-element elementor-element-3c1fc3f0 elementor-widget elementor-widget-heading\" data-id=\"3c1fc3f0\" data-element_type=\"widget\" data-e-type=\"widget\" data-widget_type=\"heading.default\">\n\t\t\t\t\t<h2 class=\"elementor-heading-title elementor-size-default\">Osebna izkaznica: Manann\u00e1n mac Lir<\/h2>\t\t\t\t<\/div>\n\t\t<div class=\"elementor-element elementor-element-84f33b8e e-con-full e-flex e-con e-child\" data-id=\"84f33b8e\" data-element_type=\"container\" data-e-type=\"container\">\n\t\t\t\t<div class=\"elementor-element elementor-element-hqkdc67p elementor-widget elementor-widget-text-editor\" data-id=\"hqkdc67p\" data-element_type=\"widget\" data-e-type=\"widget\" data-widget_type=\"text-editor.default\">\n\t\t\t\t\t\t\t\t\t<p>Osebna izkaznica osvetljuje Manann\u00e1na v \u0161estih vidikih: njegov polo\u017eaj kot gospodarja Drugega sveta in morske narave, njegovo vlogo psihopompa in spremljevalca na poti, njegove zna\u010dilne atribute in \u010dude\u017ene predmete, njegove kozmi\u010dne in varovalne mo\u010di ter duhovne oblike klicanja in kulturne vzporednice. Tako nastane profil tega skrivnostnega boga na meji med svetovi.<\/p>\t\t\t\t\t\t\t\t<\/div>\n\t\t\t\t<\/div>\n\t\t<div class=\"elementor-element elementor-element-pemmx7c5 e-con-full e-flex e-con e-child\" data-id=\"pemmx7c5\" data-element_type=\"container\" data-e-type=\"container\">\n\t\t<div class=\"elementor-element elementor-element-pemmx7c1 e-con-full e-flex e-con e-child\" data-id=\"pemmx7c1\" data-element_type=\"container\" data-e-type=\"container\">\n\t\t<div class=\"elementor-element elementor-element-qh9oavvu iwg-steckbrief-card e-flex e-con-boxed e-con e-child\" data-id=\"qh9oavvu\" data-element_type=\"container\" data-e-type=\"container\">\n\t\t\t\t\t<div class=\"e-con-inner\">\n\t\t\t\t<div class=\"elementor-element elementor-element-awzx8k2k elementor-widget elementor-widget-heading\" data-id=\"awzx8k2k\" data-element_type=\"widget\" data-e-type=\"widget\" data-widget_type=\"heading.default\">\n\t\t\t\t\t<div class=\"elementor-heading-title elementor-size-default\">Izro\u010dilo<\/div>\t\t\t\t<\/div>\n\t\t\t\t<div class=\"elementor-element elementor-element-x6rowhv0 elementor-widget elementor-widget-text-editor\" data-id=\"x6rowhv0\" data-element_type=\"widget\" data-e-type=\"widget\" data-widget_type=\"text-editor.default\">\n\t\t\t\t\t\t\t\t\t<p>Manann\u00e1n izvira iz Drugega sveta ali je samostojno nadnaravno bitje brez jasne genealo\u0161ke umestitve v Tuatha D\u00e9 Danann. Njegovo ime povezuje \u00bbMana\u00ab (morda \u00bbluna\u00ab ali \u00bbmo\u010d\u00ab) z \u00bbmac Lir\u00ab (\u00bbsin morja\u00ab, Lir je morski bog).<\/p><p>Geografsko je povezan z Irsko in svetom otokov, s sledovi na Man otoku (Mona Innis, poimenovanem po njem). Literarne pri\u010de o njem segajo v 8. stoletje.<\/p>\t\t\t\t\t\t\t\t<\/div>\n\t\t\t\t\t<\/div>\n\t\t\t\t<\/div>\n\t\t<div class=\"elementor-element elementor-element-8e3o4kxs iwg-steckbrief-card e-flex e-con-boxed e-con e-child\" data-id=\"8e3o4kxs\" data-element_type=\"container\" data-e-type=\"container\">\n\t\t\t\t\t<div class=\"e-con-inner\">\n\t\t\t\t<div class=\"elementor-element elementor-element-08rkdgov elementor-widget elementor-widget-heading\" data-id=\"08rkdgov\" data-element_type=\"widget\" data-e-type=\"widget\" data-widget_type=\"heading.default\">\n\t\t\t\t\t<div class=\"elementor-heading-title elementor-size-default\">Naslovniki<\/div>\t\t\t\t<\/div>\n\t\t\t\t<div class=\"elementor-element elementor-element-uwjelx8s elementor-widget elementor-widget-text-editor\" data-id=\"uwjelx8s\" data-element_type=\"widget\" data-e-type=\"widget\" data-widget_type=\"text-editor.default\">\n\t\t\t\t\t\t\t\t\t<p>Manann\u00e1na so klicali mornarji, potniki, junaki in duhovni iskalci, da bi jim zagotovil za\u0161\u010dito na morju, vodstvo v Drugi svet in obrambo pred demonskimi silami. Bil je za\u0161\u010ditnik potnikov med svetovi. V magi\u010dnih okoli\u0161\u010dinah so ga prosili za skrivnost in prikrivanje. Njegovo \u010da\u0161\u010denje ni kultno organizirano, temve\u010d folklorno in \u0161amansko.<\/p>\t\t\t\t\t\t\t\t<\/div>\n\t\t\t\t\t<\/div>\n\t\t\t\t<\/div>\n\t\t<div class=\"elementor-element elementor-element-jm2n74ec iwg-steckbrief-card e-flex e-con-boxed e-con e-child\" data-id=\"jm2n74ec\" data-element_type=\"container\" data-e-type=\"container\">\n\t\t\t\t\t<div class=\"e-con-inner\">\n\t\t\t\t<div class=\"elementor-element elementor-element-8vufse4c elementor-widget elementor-widget-heading\" data-id=\"8vufse4c\" data-element_type=\"widget\" data-e-type=\"widget\" data-widget_type=\"heading.default\">\n\t\t\t\t\t<div class=\"elementor-heading-title elementor-size-default\">Podoba<\/div>\t\t\t\t<\/div>\n\t\t\t\t<div class=\"elementor-element elementor-element-mwb9u015 elementor-widget elementor-widget-text-editor\" data-id=\"mwb9u015\" data-element_type=\"widget\" data-e-type=\"widget\" data-widget_type=\"text-editor.default\">\n\t\t\t\t\t\t\t\t\t<p>Manann\u00e1n je upodobljen kot vzvi\u0161en, nadnaraven mo\u017e, pogosto z kraljevimi znamenji in v najfinej\u0161i obleki. V\u010dasih nosi zeleno ali svetle\u010do se bojno opravo. Njegov konj Enbarr je opisan kot bel in nadnaravno hiter. Njegova ladja se giblje sama in je nevidna. V nekaterih besedilih ima nadnaravne o\u010di ali pronicljiv pogled, ki razodeva resnico.<\/p>\t\t\t\t\t\t\t\t<\/div>\n\t\t\t\t\t<\/div>\n\t\t\t\t<\/div>\n\t\t\t\t<\/div>\n\t\t<div class=\"elementor-element elementor-element-pemmx7c2 e-con-full e-flex e-con e-child\" data-id=\"pemmx7c2\" data-element_type=\"container\" data-e-type=\"container\">\n\t\t<div class=\"elementor-element elementor-element-37ss2yr6 iwg-steckbrief-card e-flex e-con-boxed e-con e-child\" data-id=\"37ss2yr6\" data-element_type=\"container\" data-e-type=\"container\">\n\t\t\t\t\t<div class=\"e-con-inner\">\n\t\t\t\t<div class=\"elementor-element elementor-element-3v0wp3wx elementor-widget elementor-widget-heading\" data-id=\"3v0wp3wx\" data-element_type=\"widget\" data-e-type=\"widget\" data-widget_type=\"heading.default\">\n\t\t\t\t\t<div class=\"elementor-heading-title elementor-size-default\">Delovanje<\/div>\t\t\t\t<\/div>\n\t\t\t\t<div class=\"elementor-element elementor-element-w3247g2m elementor-widget elementor-widget-text-editor\" data-id=\"w3247g2m\" data-element_type=\"widget\" data-e-type=\"widget\" data-widget_type=\"text-editor.default\">\n\t\t\t\t\t\t\t\t\t<strong>Podro\u010dje delovanja:<\/strong> Manann\u00e1n mac Lir je v irskem izro\u010dilu bog morja, megle in prehoda med svetovi. Njegova mo\u010d se razteza \u010dez vse vodne povr\u0161ine, od razburkanega morja do skritih jezer in \u010darobnih otokov. Utele\u0161uje mejo med tostranstvom in onstranstvom (T\u00edr na n\u00d3g). Njegovo delovanje se ka\u017ee v spremembah vremena, varnosti pomorstva in odpiranju dostopov do nadnaravnih svetov. V Sanas Cormaic je opisan kot vrhovni gospodar Drugega sveta, ki spremlja potujo\u010de du\u0161e in posreduje misti\u010dno znanje.\n\t\t\t\t\t\t\t\t<\/div>\n\t\t\t\t\t<\/div>\n\t\t\t\t<\/div>\n\t\t<div class=\"elementor-element elementor-element-0qpjal9w iwg-steckbrief-card e-flex e-con-boxed e-con e-child\" data-id=\"0qpjal9w\" data-element_type=\"container\" data-e-type=\"container\">\n\t\t\t\t\t<div class=\"e-con-inner\">\n\t\t\t\t<div class=\"elementor-element elementor-element-6ndoih0o elementor-widget elementor-widget-heading\" data-id=\"6ndoih0o\" data-element_type=\"widget\" data-e-type=\"widget\" data-widget_type=\"heading.default\">\n\t\t\t\t\t<div class=\"elementor-heading-title elementor-size-default\">Za\u0161\u010dita<\/div>\t\t\t\t<\/div>\n\t\t\t\t<div class=\"elementor-element elementor-element-6684tyh9 elementor-widget elementor-widget-text-editor\" data-id=\"6684tyh9\" data-element_type=\"widget\" data-e-type=\"widget\" data-widget_type=\"text-editor.default\">\n\t\t\t\t\t\t\t\t\t<p>Manann\u00e1n ni nevaren v zlem pomenu, je pa mogo\u010den in nekoliko nepredvidljiv. \u0160\u010diti pred demonskimi bitji, vendar ga njegovo znanje o Drugem svetu naredi nadzoru te\u017eko dostopnega.<\/p><p>Pri klicanju je potrebno spo\u0161tovanje in previdnost. Sodobna duhovna praksa ga vidi kot pomo\u010dnika pri mejnih prehodih in notranjih potovanjih. Nekatera izro\u010dila u\u010dijo za\u0161\u010ditne mantre ali pomirjevalne obrede, da bi si zagotovili njegovo podporo na varen na\u010din.<\/p>\t\t\t\t\t\t\t\t<\/div>\n\t\t\t\t\t<\/div>\n\t\t\t\t<\/div>\n\t\t<div class=\"elementor-element elementor-element-3lfi7x32 iwg-steckbrief-card e-flex e-con-boxed e-con e-child\" data-id=\"3lfi7x32\" data-element_type=\"container\" data-e-type=\"container\">\n\t\t\t\t\t<div class=\"e-con-inner\">\n\t\t\t\t<div class=\"elementor-element elementor-element-0kg99ga1 elementor-widget elementor-widget-heading\" data-id=\"0kg99ga1\" data-element_type=\"widget\" data-e-type=\"widget\" data-widget_type=\"heading.default\">\n\t\t\t\t\t<div class=\"elementor-heading-title elementor-size-default\">Vzporednice<\/div>\t\t\t\t<\/div>\n\t\t\t\t<div class=\"elementor-element elementor-element-n0fum6kp elementor-widget elementor-widget-text-editor\" data-id=\"n0fum6kp\" data-element_type=\"widget\" data-e-type=\"widget\" data-widget_type=\"text-editor.default\">\n\t\t\t\t\t\t\t\t\t<p>Primerljivi so Haron (gr\u0161ko) kot brodnik mrtvih, Pozejdon kot morski bog in gospodar prehodov, germanski Forseti kot bog meja in sprave, ter rimski Neptun kot morski bog. V azijskih izro\u010dilih: Jama kot bog smrti in vodnik na poti, Buda Amitaba kot re\u0161itelj in vodnik v onstranstvo.<\/p>\t\t\t\t\t\t\t\t<\/div>\n\t\t\t\t\t<\/div>\n\t\t\t\t<\/div>\n\t\t\t\t<\/div>\n\t\t\t\t<\/div>\n\t\t\t\t\t<\/div>\n\t\t\t\t<\/div>\n\t\t<div class=\"elementor-element elementor-element-5a584676 e-flex e-con-boxed e-con e-parent\" data-id=\"5a584676\" data-element_type=\"container\" data-e-type=\"container\">\n\t\t\t\t\t<div class=\"e-con-inner\">\n\t\t\t\t<div class=\"elementor-element elementor-element-6d0757bf elementor-widget elementor-widget-heading\" data-id=\"6d0757bf\" data-element_type=\"widget\" data-e-type=\"widget\" data-widget_type=\"heading.default\">\n\t\t\t\t\t<h2 class=\"elementor-heading-title elementor-size-default\">Manann\u00e1n mac Lir, vzporednice v drugih kulturah<\/h2>\t\t\t\t<\/div>\n\t\t<div class=\"elementor-element elementor-element-60563f68 e-con-full e-flex e-con e-child\" data-id=\"60563f68\" data-element_type=\"container\" data-e-type=\"container\">\n\t\t\t\t<div class=\"elementor-element elementor-element-5a93fdd6 elementor-widget elementor-widget-text-editor\" data-id=\"5a93fdd6\" data-element_type=\"widget\" data-e-type=\"widget\" data-widget_type=\"text-editor.default\">\n\t\t\t\t\t\t\t\t\t<h3>Obredi in \u010da\u0161\u010denje<\/h3><p>V obalnih naselbinah Irske so Manannanu mac Liru darovali daritve ob vodi, nakit, pija\u010do ali hrano pred dalj\u0161imi pomorskimi potovanji. Druidi so ga priklicevali z morskim petjem (geis) ob posebnih luninih menah. V <span class=\"iwg-fachbegriff\" data-tooltip=\"Celota verskih \u010da\u0161\u010denj dolo\u010denega bo\u017eanstva ali svete osebnosti.\" tabindex=\"0\">kultu<\/span> Tuatha D\u00e9 Danann je bila njegova <span class=\"iwg-fachbegriff\" data-tooltip=\"Pro\u0161nja ali zaklinjajo\u010d nagovor bo\u017eanstva ali sile.\" tabindex=\"0\">invokacija<\/span> <span class=\"iwg-fachbegriff\" data-tooltip=\"Kar sodi k ustaljenemu verskemu obrednemu poteku.\" tabindex=\"0\">obredno<\/span> pridr\u017eana posve\u010denim varuhom magi\u010dnega znanja.<\/p><h3>Zaklinjanja in invokacije<\/h3><p>Zgodovinski pisni viri (izro\u010dilo \u00d3sraighe) prena\u0161ajo formule za <span class=\"iwg-fachbegriff\" data-tooltip=\"Pro\u0161nja ali zaklinjajo\u010d nagovor bo\u017eanstva ali sile.\" tabindex=\"0\">invokacijo<\/span> Manannana v megli: \u00bbManannan, gospodar pene\u010dih valov, odpri nevidne poti.\u00ab V literaturi se pojavlja kot svetovalec in duh spremljevalec, ki ga prikli\u010dejo pogumni junaki. Znana <span class=\"iwg-fachbegriff\" data-tooltip=\"Pro\u0161nja ali zaklinjajo\u010d nagovor bo\u017eanstva ali sile.\" tabindex=\"0\">invokacija<\/span> pri pomorskih potovanjih se je glasila: \u00bbManannan mac Lir, nau\u010di me varnih poti.\u00ab<\/p><h3>Amuleti in za\u0161\u010ditni simboli<\/h3><p>Simboli valov, polmeseca in spirale so bili vklesani v za\u0161\u010ditne amulete. Mornarji so nosili \u00bbManannanov obro\u010d\u00ab, vozlast <span class=\"iwg-fachbegriff\" data-tooltip=\"Znak, ki predstavlja neko predstavo ali pomen.\" tabindex=\"0\">simbol<\/span> iz bakra, za varnost na morju. V sodobni ezoteri\u010dni praksi veljajo talaso-kristali (akvamarin, modri topaz) za povezane z Manannanom.<\/p>\n<p><p><strong>Judovsko izro\u010dilo:<\/strong> Neposredne ustreznice ni. Oddaljeno bi lahko \u0161tel Elija, ki niha med nebom in zemljo ter opravlja nadnaravna potovanja.<\/p><p><strong>Gr\u0161ko-rimski svet:<\/strong> Haron kot brodnik med \u017eivljenjem in smrtjo. Hermes\/Merkur kot psihopomp in mejno bo\u017eanstvo, vodnik du\u0161. Pozejdon kot morski bog in gospodar prehodov, Had kot kralj onostranstva. Funkcije se pomembno prekrivajo.<\/p><p><strong>Mezopotamija:<\/strong> Anu kot nebe\u0161ki bog in varuh meja, Ere\u0161kigal kot kraljica podzemlja, Nergal kot vladar hotoni\u010dnih podro\u010dij. Tudi Enki s svojo povezavo s skritimi vodami in modrostjo.<\/p><p><strong>Indija\/Azija:<\/strong> Jama kot bog smrti in prehodov, podoben Haronu. V budizmu: Mahakala kot za\u0161\u010ditni bog in vladar podzemlja. Tudi tibetanski jidami kot meditacijski pripomo\u010dki za mejne izku\u0161nje funkcionalno ustrezajo Manannanu.<\/p>\t\t\t\t\t\t\t\t<\/div>\n\t\t\t\t<\/div>\n\t\t\t\t\t<\/div>\n\t\t\t\t<\/div>\n\t\t<div class=\"elementor-element elementor-element-cp3033f03 e-flex e-con-boxed e-con e-parent\" data-id=\"cp3033f03\" data-element_type=\"container\" data-e-type=\"container\">\n\t\t\t\t\t<div class=\"e-con-inner\">\n\t\t\t\t<div class=\"elementor-element elementor-element-cpd855ff9 elementor-widget elementor-widget-heading\" data-id=\"cpd855ff9\" data-element_type=\"widget\" data-e-type=\"widget\" data-widget_type=\"heading.default\">\n\t\t\t\t\t<h2 class=\"elementor-heading-title elementor-size-default\">Irski in vali\u017eanski viri in njihova plastovitost<\/h2>\t\t\t\t<\/div>\n\t\t<div class=\"elementor-element elementor-element-cpb3465a7 e-con-full e-flex e-con e-child\" data-id=\"cpb3465a7\" data-element_type=\"container\" data-e-type=\"container\">\n\t\t\t\t<div class=\"elementor-element elementor-element-cp34f70bc elementor-widget elementor-widget-text-editor\" data-id=\"cp34f70bc\" data-element_type=\"widget\" data-e-type=\"widget\" data-widget_type=\"text-editor.default\">\n\t\t\t\t\t\t\t\t\t<p>Manannan mac Lir, \u010digar ime pomeni sin morja ali s morjem povezani, je v srednjeve\u0161kih rokopisih Irske obse\u017eno pri\u010dan, vendar so viri neenakomerni in pogosto zapisani \u0161ele stoletja po kr\u0161\u010danizaciji.<\/p><p>Menihi, ki so te besedila zapisali, so stare bogove umestili v novo, kr\u0161\u010dansko okvirjeno zgodovinsko podobo, na primer kot nekdanje prebivalce Irske ali kot smrtne kralje davnine.<\/p><p>Manannan se pojavlja v ve\u010d pripovednih ciklih. V t. i. mitolo\u0161kem ciklu spada med <em>Tuatha De Danann<\/em>, bo\u017eje ljudstvo, ki je Irsko naseljevalo pred \u010dlove\u0161kimi Gojdeli.<\/p><p>V <em>Lebor Gabala Erenn<\/em>, knjigi zasedb, je uvr\u0161\u010den v genealogije tega ljudstva. V pripovedih, kot je <em>Immram Brain<\/em>, pomorsko potovanje Brana, in v besedilih o junaku Cu Chulainnu se pojavlja kot gospodar onstranskega svet\u00e1 otokov.<\/p><p>Vali\u017eansko <span class=\"iwg-fachbegriff\" data-tooltip=\"Prena\u0161anje znanja in pripovedi skozi generacije.\" tabindex=\"0\">izro\u010dilo<\/span> pozna sorodno figuro pod imenom Manawydan, sin Llyra, ki se pojavlja v drugi in tretji veji <em>Mabinogija<\/em>. Manawydan je tam manj morski bog, bolj pameten, potrpe\u017eljiv mo\u017e, ki z obrtno spretnostjo in prekanjenostjo odvra\u010da nesre\u010do.<\/p><p>Odnos med obema figurama je v raziskovanju sporen; deljeno imata ime o\u010deta in nekatere poteze, a se v zna\u010daju in funkciji precej razlikujeta.<\/p><p>Tak\u0161no stanje virov zahteva previdnost. Enotne, izvorne podobe boga ni mogo\u010de rekonstruirati. Kar rokopisi ohranjajo, so \u017ee literarno oblikovane, kr\u0161\u010dansko filtrirane in regionalno razli\u010dne razli\u010dice postave, katere predpisna oblika ostaja ve\u010dinoma v temi.<\/p>\t\t\t\t\t\t\t\t<\/div>\n\t\t\t\t<\/div>\n\t\t\t\t\t<\/div>\n\t\t\t\t<\/div>\n\t\t<div class=\"elementor-element elementor-element-cp79ddb12 e-flex e-con-boxed e-con e-parent\" data-id=\"cp79ddb12\" data-element_type=\"container\" data-e-type=\"container\">\n\t\t\t\t\t<div class=\"e-con-inner\">\n\t\t\t\t<div class=\"elementor-element elementor-element-cpf5e0c2f elementor-widget elementor-widget-heading\" data-id=\"cpf5e0c2f\" data-element_type=\"widget\" data-e-type=\"widget\" data-widget_type=\"heading.default\">\n\t\t\t\t\t<h2 class=\"elementor-heading-title elementor-size-default\">Gospodar onstranskih otokov in njegova posestva<\/h2>\t\t\t\t<\/div>\n\t\t<div class=\"elementor-element elementor-element-cp6d9e349 e-con-full e-flex e-con e-child\" data-id=\"cp6d9e349\" data-element_type=\"container\" data-e-type=\"container\">\n\t\t\t\t<div class=\"elementor-element elementor-element-cp41bd734 elementor-widget elementor-widget-text-editor\" data-id=\"cp41bd734\" data-element_type=\"widget\" data-e-type=\"widget\" data-widget_type=\"text-editor.default\">\n\t\t\t\t\t\t\t\t\t<p>Manannan je v irskem <span class=\"iwg-fachbegriff\" data-tooltip=\"Prena\u0161anje znanja in pripovedi skozi generacije.\" tabindex=\"0\">izro\u010dilu<\/span> gospodar onstranstva, ki si ga predstavljajo kot oto\u0161ko kraljestvo onkraj morja ali pod valovi. Njegovo najzna\u010dilnej\u0161e bivali\u0161\u010de se imenuje <em>Emain Ablach<\/em>, otok jabolk, kraj dale\u010d od starosti, bolezni in pomanjkanja.<\/p><p>V pomorskem potovanju Brana se Manannan prika\u017ee na vodi in mu opi\u0161e resni\u010dno podobo morja, ki je za boga cveto\u010da ravnina, po kateri se pelje v svojem vozu, medtem ko Bran vidi le valove.<\/p><p>K Manannanu spada vrsta poimensko izro\u010denih posestev, ki se v besedilih vedno znova omenjajo. Njegov \u010doln pluje brez jader in vesel, samo po volji svojega krmarja.<\/p><p>Njegov konj, v nekaterih virih imenovan Aonbharr, lahko te\u010de po zemlji in vodi enako lahkotno. Njegov pla\u0161\u010d, kadar ga stresa med dvema osebama, povzro\u010di, da se ti pozabita. Njegov me\u010d ima svoje lastno ime, nekatera besedila pa omenjajo tudi bojno opravo, ki naredi nedotakljivega.<\/p><p>Ponavljajo\u010d se <span class=\"iwg-fachbegriff\" data-tooltip=\"Ponavljajo\u010d se vsebinski element v umetnosti ali pripovedi.\" tabindex=\"0\">motiv<\/span> so Manannanovi pra\u0161i\u010di, ki jih je mogo\u010de zaklati in pojesti, a naslednji dan spet o\u017eivijo, tako da njegovo spremstvo nikoli ne trpi pomanjkanja. Ta hrana nesmrtnosti povezuje boga s predstavo onstranske gostije, ki nikoli ne kon\u010da.<\/p><p>Ta posestva so ve\u010d kot pripovedna opremljenost. Orisujejo mo\u010d boga nad mejami med svetovi, nad morjem in zemljo, nad spominom in pozabo, nad smrtjo in vrnitvijo. Manannan je mejni popotnik v pravem pomenu besede, njegovi predmeti pa orodja, s katerimi je te meje mogo\u010de prestopiti.<\/p>\t\t\t\t\t\t\t\t<\/div>\n\t\t\t\t<\/div>\n\t\t\t\t\t<\/div>\n\t\t\t\t<\/div>\n\t\t<div class=\"elementor-element elementor-element-cpb04ffd2 e-flex e-con-boxed e-con e-parent\" data-id=\"cpb04ffd2\" data-element_type=\"container\" data-e-type=\"container\">\n\t\t\t\t\t<div class=\"e-con-inner\">\n\t\t\t\t<div class=\"elementor-element elementor-element-cpd9ce4c0 elementor-widget elementor-widget-heading\" data-id=\"cpd9ce4c0\" data-element_type=\"widget\" data-e-type=\"widget\" data-widget_type=\"heading.default\">\n\t\t\t\t\t<h2 class=\"elementor-heading-title elementor-size-default\">Manannan, Lugh in rejni\u0161ko o\u010detovstvo v bo\u017ejem ljudstvu<\/h2>\t\t\t\t<\/div>\n\t\t<div class=\"elementor-element elementor-element-cpc5279ee e-con-full e-flex e-con e-child\" data-id=\"cpc5279ee\" data-element_type=\"container\" data-e-type=\"container\">\n\t\t\t\t<div class=\"elementor-element elementor-element-cpecea760 elementor-widget elementor-widget-text-editor\" data-id=\"cpecea760\" data-element_type=\"widget\" data-e-type=\"widget\" data-widget_type=\"text-editor.default\">\n\t\t\t\t\t\t\t\t\t<p>V irskem <span class=\"iwg-fachbegriff\" data-tooltip=\"Prena\u0161anje znanja in pripovedi skozi generacije.\" tabindex=\"0\">izro\u010dilu<\/span> je Manannan tesno vpet v mre\u017eo odnosov <em>Tuatha De Danann<\/em>, zlasti prek institucije rejni\u0161kega o\u010detovstva. V srednjeve\u0161ki Irski je bila izro\u010ditev otroka rejni\u0161kemu o\u010detu pomembna dru\u017ebena praksa, ki je sklepala zavezni\u0161tva. Pripovedi ta vzorec prena\u0161ajo na bogove.<\/p><p>Najbolj znana je Manannanova vloga rejni\u0161kega o\u010deta boga svetlobe Lugha. Po <span class=\"iwg-fachbegriff\" data-tooltip=\"Prena\u0161anje znanja in pripovedi skozi generacije.\" tabindex=\"0\">izro\u010dilu<\/span> je Lugh odrasel pri Manannanu v njegovem onostranskem kraljestvu, morski bog pa ga je opremil z nekaterimi svojimi darovi, preden se je Lugh pridru\u017eil <em>Tuatha De Danann<\/em>. S tem stoji Manannan na za\u010detku juna\u0161ke poti ene izmed osrednjih postav irskega panteona.<\/p><p>Tudi po porazu <em>Tuatha De Danann<\/em> proti \u010dlove\u0161kim osvajalcem Manannan ohrani urejevalno vlogo.<\/p><p>Izro\u010dilo, znano kot <em>Altram Tige Da Medar<\/em>, vzgoja v hi\u0161i dveh mle\u010dnih posod, mu pripisuje, da je po umiku bo\u017ejega ljudstva v <em>sid<\/em>, gomile in onostranska bivali\u0161\u010da, ta razdelil med posamezna bo\u017eanstva in tako uredil onostranstvo.<\/p><p>V tej vlogi deluje Manannan skoraj kot organizator prehoda iz obdobja bogov v obdobje ljudi.<\/p><p>Njegova sorodstvena mre\u017ea je v virih neenotna. Z njim je povezanih ve\u010d \u017eensk, med drugim Fand, ki nastopa v pripovedi o C\u00fa Chulainnovi bolezenski postelji. Pripisujejo mu tudi razli\u010dne otroke.<\/p><p>Ta nejasnost je zna\u010dilna za irsko izro\u010dilo o bogovih, kjer se rodovniki razlikujejo glede na besedilo in pokrajino. Ostaja pa dejstvo, da Manannan ni osamljen morski bog, temve\u010d postava, ki bo\u017eje ljudstvo povezuje z rejni\u0161kimi vezmi in z ureditvijo onostranstva.<\/p>\t\t\t\t\t\t\t\t<\/div>\n\t\t\t\t<\/div>\n\t\t\t\t\t<\/div>\n\t\t\t\t<\/div>\n\t\t<div class=\"elementor-element elementor-element-cpa5d3d19 e-flex e-con-boxed e-con e-parent\" data-id=\"cpa5d3d19\" data-element_type=\"container\" data-e-type=\"container\">\n\t\t\t\t\t<div class=\"e-con-inner\">\n\t\t\t\t<div class=\"elementor-element elementor-element-cpcf56e79 elementor-widget elementor-widget-heading\" data-id=\"cpcf56e79\" data-element_type=\"widget\" data-e-type=\"widget\" data-widget_type=\"heading.default\">\n\t\t\t\t\t<h2 class=\"elementor-heading-title elementor-size-default\">Otok Man in nadaljevanje v ljudskem verovanju<\/h2>\t\t\t\t<\/div>\n\t\t<div class=\"elementor-element elementor-element-cp2ced30c e-con-full e-flex e-con e-child\" data-id=\"cp2ced30c\" data-element_type=\"container\" data-e-type=\"container\">\n\t\t\t\t<div class=\"elementor-element elementor-element-cp06133ed elementor-widget elementor-widget-text-editor\" data-id=\"cp06133ed\" data-element_type=\"widget\" data-e-type=\"widget\" data-widget_type=\"text-editor.default\">\n\t\t\t\t\t\t\t\t\t<p>Otok Man v Irskem morju po raz\u0161irjenem in \u017ee v srednjem veku izpri\u010danem prepri\u010danju nosi svoje ime v povezavi z Manannanom. Srednjeve\u0161ka irska besedila ga omenjajo kot prvega vladarja ali zavetni\u0161kega duha otoka in mu pripisujejo, da ga je ovil v meglo, da bi ga skril pred sovra\u017eniki.<\/p><p>Ali je ime otoka dejansko izpeljano iz imena boga ali je bila povezava vzpostavljena kasneje, jezikoslovno ni dokon\u010dno razjasnjeno, vendar je tesna povezava stara in kulturno mo\u010dno u\u010dinkovita.<\/p><p>Na otoku Man se je spomin na Manannana ohranil vse do novega veka.<\/p><p>Etnografski zapisi osemnajstega in devetnajstega stoletja pri\u010dajo o <span class=\"iwg-fachbegriff\" data-tooltip=\"Izro\u010dena, v skupnosti redno ponavljajo\u010da se dejavnost.\" tabindex=\"0\">obi\u010daju<\/span>, po katerem so bitju, poimenovanemu <em>Manannan beg mac y Leirr<\/em>, ob poletnem solsticiju ali na predve\u010der dolo\u010denih praznikov darovali \u0161op lo\u010dja ali zelenega trstja, pogosto na vzpetini. Ta <span class=\"iwg-fachbegriff\" data-tooltip=\"Izro\u010dena, v skupnosti redno ponavljajo\u010da se dejavnost.\" tabindex=\"0\">obi\u010daj<\/span> je staro postavo povezoval z ritmom kmetijskega in ribi\u0161kega \u017eivljenja.<\/p><p>V Irski samo je ime \u017eivelo naprej v krajevnih imenih, pregovorih in pripovedih, pogosto mo\u010dno spremenjeno in lo\u010deno od u\u010denega <span class=\"iwg-fachbegriff\" data-tooltip=\"Prena\u0161anje znanja in pripovedi skozi generacije.\" tabindex=\"0\">izro\u010dila<\/span>. Ponovno odkritje srednjeve\u0161kih rokopisov s strani keltske filologije devetnajstega in dvajsetega stoletja je boga vrnilo tudi v literarno zavest.<\/p><p>V sodobnem kulturnem \u017eivljenju je Manannan navzo\u010d na otoku Man, na primer v javni umetnosti in pri gojitvi lokalne identitete.<\/p><p>Ta trajnost ka\u017ee, da lik ni le predmet raziskovanja rokopisov, temve\u010d ima skozi kulturo otoka nepretrgano, \u010deprav spremenjeno linijo vse do sedanjosti. Manannan tako sodi med redke keltske bo\u017eje figure, katerih ime nikoli ni bilo povsem izgubljeno.<\/p>\t\t\t\t\t\t\t\t<\/div>\n\t\t\t\t<\/div>\n\t\t\t\t\t<\/div>\n\t\t\t\t<\/div>\n\t\t<div class=\"elementor-element elementor-element-36dd7469 e-flex e-con-boxed e-con e-parent\" data-id=\"36dd7469\" data-element_type=\"container\" data-e-type=\"container\">\n\t\t\t\t\t<div class=\"e-con-inner\">\n\t\t\t\t<div class=\"elementor-element elementor-element-13760ab4 elementor-widget elementor-widget-heading\" data-id=\"13760ab4\" data-element_type=\"widget\" data-e-type=\"widget\" data-widget_type=\"heading.default\">\n\t\t\t\t\t<h2 class=\"elementor-heading-title elementor-size-default\">Nadaljnje povezave<\/h2>\t\t\t\t<\/div>\n\t\t<div class=\"elementor-element elementor-element-28c87796 e-con-full e-flex e-con e-child\" data-id=\"28c87796\" data-element_type=\"container\" data-e-type=\"container\">\n\t\t\t\t<div class=\"elementor-element elementor-element-5d6538df elementor-widget elementor-widget-text-editor\" data-id=\"5d6538df\" data-element_type=\"widget\" data-e-type=\"widget\" data-widget_type=\"text-editor.default\">\n\t\t\t\t\t\t\t\t\t<ul><li><a href=\"https:\/\/iwell-guard.com\/sl\/?page_id=160576\">Lugh, bog svetlobe in bojevnik<\/a><\/li><li><a href=\"https:\/\/iwell-guard.com\/sl\/?page_id=160506\">Dagda, o\u010de bogov in vseved<\/a><\/li><\/ul>\n\t\t\t\t\t\t\t\t<\/div>\n\t\t\t\t<\/div>\n\t\t\t\t\t<\/div>\n\t\t\t\t<\/div>\n\t\t<div class=\"elementor-element elementor-element-grl4kl40 e-flex e-con-boxed e-con e-parent\" data-id=\"grl4kl40\" data-element_type=\"container\" data-e-type=\"container\">\n\t\t\t\t\t<div class=\"e-con-inner\">\n\t\t\t\t<div class=\"elementor-element elementor-element-bzsbfrmh elementor-widget elementor-widget-heading\" data-id=\"bzsbfrmh\" data-element_type=\"widget\" data-e-type=\"widget\" data-widget_type=\"heading.default\">\n\t\t\t\t\t<h2 class=\"elementor-heading-title elementor-size-default\">Literatura (izbor)<\/h2>\t\t\t\t<\/div>\n\t\t<div class=\"elementor-element elementor-element-2c13224a e-con-full e-flex e-con e-child\" data-id=\"2c13224a\" data-element_type=\"container\" data-e-type=\"container\">\n\t\t\t\t<div class=\"elementor-element elementor-element-0eymh9ub elementor-widget elementor-widget-text-editor\" data-id=\"0eymh9ub\" data-element_type=\"widget\" data-e-type=\"widget\" data-widget_type=\"text-editor.default\">\n\t\t\t\t\t\t\t\t\t<footer class=\"iwg-literatur\" data-nosnippet=\"true\"><ul><li><span data-nosnippet>\u00d3 h\u00d3g\u00e1in, D.: <em>The Sacred Isle: Belief and Religion in Pre-Christian Ireland<\/em>. Cork University Press, 1999.<\/span><\/li><li><span data-nosnippet>MacKillop, J.: <em>Dictionary of Celtic Mythology<\/em>. Oxford University Press, 2004.<\/span><\/li><\/ul>\n<\/footer>\n<p class=\"iwg-bib-more\"><span data-nosnippet>Nadaljnja standardna dela v <a href=\"https:\/\/iwell-guard.com\/sl\/?page_id=160475\">seznamu literature<\/a>.<\/span><\/p>\t\t\t\t\t\t\t\t<\/div>\n\t\t\t\t<\/div>\n\t\t\t\t\t<\/div>\n\t\t\t\t<\/div>\n\t\t\t\t<\/div>\n\t\t","protected":false},"excerpt":{"rendered":"","protected":false},"author":3,"featured_media":1617,"parent":0,"menu_order":0,"comment_status":"closed","ping_status":"closed","template":"elementor_header_footer","meta":{"_yoast_wpseo_focuskw":"Manannan mac Lir","_yoast_wpseo_title":"Manannan mac Lir - gospodar morja in Onostranstva","_yoast_wpseo_metadesc":"Manann\u00e1n mac Lir, keltski bog morja in gospodar Onostranstva: pla\u0161\u010d meglic, T\u00edr na n\u00d3g in \u0161ega z Otoka Man. Mit in stanje virov.","_yoast_wpseo_meta-robots-noindex":"","_yoast_wpseo_canonical":"","_angie_page":false,"gefaehrdungsstufe":"2","wesen_kultur":"keltisch","wesen_klasse":"goetter","footnotes":""},"categories":[],"class_list":["post-160578","page","type-page","status-publish","has-post-thumbnail","hentry"],"yoast_head":"<!-- This site is optimized with the Yoast SEO Premium plugin v27.7 (Yoast SEO v28.3) - https:\/\/yoast.com\/product\/yoast-seo-premium-wordpress\/ -->\n<title>Manannan mac Lir - gospodar morja in Onostranstva<\/title>\n<meta name=\"description\" content=\"Manann\u00e1n mac Lir, keltski bog morja in gospodar Onostranstva: pla\u0161\u010d meglic, T\u00edr na n\u00d3g in \u0161ega z Otoka Man. Mit in stanje virov.\" \/>\n<meta name=\"robots\" content=\"index, follow, max-snippet:-1, max-image-preview:large, max-video-preview:-1\" \/>\n<link rel=\"canonical\" href=\"https:\/\/iwell-guard.com\/sl\/manannan-mac-lir\/\" \/>\n<meta property=\"og:locale\" content=\"sl_SI\" \/>\n<meta property=\"og:type\" content=\"article\" \/>\n<meta property=\"og:title\" content=\"Manannan mac Lir\" \/>\n<meta property=\"og:description\" content=\"Manann\u00e1n mac Lir, keltski bog morja in gospodar Onostranstva: pla\u0161\u010d meglic, T\u00edr na n\u00d3g in \u0161ega z Otoka Man. Mit in stanje virov.\" \/>\n<meta property=\"og:url\" content=\"https:\/\/iwell-guard.com\/sl\/manannan-mac-lir\/\" \/>\n<meta property=\"og:site_name\" content=\"iWell Guard\" \/>\n<meta property=\"article:modified_time\" content=\"2026-09-05T00:40:45+00:00\" \/>\n<meta property=\"og:image\" content=\"https:\/\/iwell-guard.com\/wp-content\/uploads\/2026\/04\/goetter_keltisch_manannan-mac-lir.webp\" \/>\n\t<meta property=\"og:image:width\" content=\"1024\" \/>\n\t<meta property=\"og:image:height\" content=\"1536\" \/>\n\t<meta property=\"og:image:type\" content=\"image\/webp\" \/>\n<meta name=\"twitter:card\" content=\"summary_large_image\" \/>\n<script type=\"application\/ld+json\" class=\"yoast-schema-graph\">{\"@context\":\"https:\\\/\\\/schema.org\",\"@graph\":[{\"@type\":\"WebPage\",\"@id\":\"https:\\\/\\\/iwell-guard.com\\\/sl\\\/manannan-mac-lir\\\/\",\"url\":\"https:\\\/\\\/iwell-guard.com\\\/sl\\\/manannan-mac-lir\\\/\",\"name\":\"Manannan mac Lir - gospodar morja in Onostranstva\",\"isPartOf\":{\"@id\":\"https:\\\/\\\/iwell-guard.com\\\/sl\\\/#website\"},\"primaryImageOfPage\":{\"@id\":\"https:\\\/\\\/iwell-guard.com\\\/sl\\\/manannan-mac-lir\\\/#primaryimage\"},\"image\":{\"@id\":\"https:\\\/\\\/iwell-guard.com\\\/sl\\\/manannan-mac-lir\\\/#primaryimage\"},\"thumbnailUrl\":\"https:\\\/\\\/iwell-guard.com\\\/wp-content\\\/uploads\\\/2026\\\/04\\\/goetter_keltisch_manannan-mac-lir.webp\",\"datePublished\":\"2026-09-05T00:22:39+00:00\",\"dateModified\":\"2026-09-05T00:40:45+00:00\",\"description\":\"Manann\u00e1n mac Lir, keltski bog morja in gospodar Onostranstva: pla\u0161\u010d meglic, T\u00edr na n\u00d3g in \u0161ega z Otoka Man. Mit in stanje virov.\",\"breadcrumb\":{\"@id\":\"https:\\\/\\\/iwell-guard.com\\\/sl\\\/manannan-mac-lir\\\/#breadcrumb\"},\"inLanguage\":\"sl-SI\",\"potentialAction\":[{\"@type\":\"ReadAction\",\"target\":[\"https:\\\/\\\/iwell-guard.com\\\/sl\\\/manannan-mac-lir\\\/\"]}]},{\"@type\":\"ImageObject\",\"inLanguage\":\"sl-SI\",\"@id\":\"https:\\\/\\\/iwell-guard.com\\\/sl\\\/manannan-mac-lir\\\/#primaryimage\",\"url\":\"https:\\\/\\\/iwell-guard.com\\\/wp-content\\\/uploads\\\/2026\\\/04\\\/goetter_keltisch_manannan-mac-lir.webp\",\"contentUrl\":\"https:\\\/\\\/iwell-guard.com\\\/wp-content\\\/uploads\\\/2026\\\/04\\\/goetter_keltisch_manannan-mac-lir.webp\",\"width\":1024,\"height\":1536,\"caption\":\"Bo\u017eanstva iz keltske tradicije.\"},{\"@type\":\"BreadcrumbList\",\"@id\":\"https:\\\/\\\/iwell-guard.com\\\/sl\\\/manannan-mac-lir\\\/#breadcrumb\",\"itemListElement\":[{\"@type\":\"ListItem\",\"position\":1,\"name\":\"Start\",\"item\":\"https:\\\/\\\/iwell-guard.com\\\/sl\\\/?page_id=160323\"},{\"@type\":\"ListItem\",\"position\":2,\"name\":\"Manannan mac Lir\"}]},{\"@type\":\"WebSite\",\"@id\":\"https:\\\/\\\/iwell-guard.com\\\/sl\\\/#website\",\"url\":\"https:\\\/\\\/iwell-guard.com\\\/sl\\\/\",\"name\":\"iWell Guard\",\"description\":\"Schutz vor dunklen Einfl\u00fcssen\",\"publisher\":{\"@id\":\"https:\\\/\\\/iwell-guard.com\\\/sl\\\/#organization\"},\"potentialAction\":[{\"@type\":\"SearchAction\",\"target\":{\"@type\":\"EntryPoint\",\"urlTemplate\":\"https:\\\/\\\/iwell-guard.com\\\/sl\\\/?s={search_term_string}\"},\"query-input\":{\"@type\":\"PropertyValueSpecification\",\"valueRequired\":true,\"valueName\":\"search_term_string\"}}],\"inLanguage\":\"sl-SI\"},{\"@type\":\"Organization\",\"@id\":\"https:\\\/\\\/iwell-guard.com\\\/sl\\\/#organization\",\"name\":\"Ittermann electronic GmbH\",\"url\":\"https:\\\/\\\/iwell-guard.com\\\/sl\\\/\",\"logo\":{\"@type\":\"ImageObject\",\"inLanguage\":\"sl-SI\",\"@id\":\"https:\\\/\\\/iwell-guard.com\\\/sl\\\/#\\\/schema\\\/logo\\\/image\\\/\",\"url\":\"https:\\\/\\\/iwell-guard.com\\\/wp-content\\\/uploads\\\/2026\\\/05\\\/Ittermann-Logo-1182x237-1.png\",\"contentUrl\":\"https:\\\/\\\/iwell-guard.com\\\/wp-content\\\/uploads\\\/2026\\\/05\\\/Ittermann-Logo-1182x237-1.png\",\"width\":1182,\"height\":237,\"caption\":\"Ittermann electronic GmbH\"},\"image\":{\"@id\":\"https:\\\/\\\/iwell-guard.com\\\/sl\\\/#\\\/schema\\\/logo\\\/image\\\/\"},\"sameAs\":[\"https:\\\/\\\/pantip.com\\\/profile\\\/9367242\",\"https:\\\/\\\/micro.blog\\\/iwellguard\",\"https:\\\/\\\/www.diggerslist.com\\\/iwellguard\\\/about\",\"https:\\\/\\\/skitterphoto.com\\\/photographers\\\/2870314\\\/iwell-guard\",\"https:\\\/\\\/iwellguard.wordpress.com\\\/2026\\\/06\\\/06\\\/iwell-guard\\\/\",\"https:\\\/\\\/hub.docker.com\\\/u\\\/iwellguard\",\"https:\\\/\\\/www.pinterest.com\\\/iwellguard\\\/\",\"https:\\\/\\\/bit.ly\\\/m\\\/iwellguard\",\"https:\\\/\\\/entre-vos-mains.alsace.eu\\\/profiles\\\/iwellguard\\\/activity\",\"https:\\\/\\\/gravatar.com\\\/reallybeded8fd34\",\"https:\\\/\\\/naijamatta.com\\\/iwellguard\",\"https:\\\/\\\/www.goodreads.com\\\/iwellguard\",\"https:\\\/\\\/profile.hatena.ne.jp\\\/iwellguard\\\/\",\"https:\\\/\\\/experiment.com\\\/users\\\/iwellguard\",\"https:\\\/\\\/wakelet.com\\\/@iWellGuard82270\",\"https:\\\/\\\/www.chordie.com\\\/forum\\\/profile.php?id=2555664\",\"https:\\\/\\\/www.instapaper.com\\\/p\\\/17757966\",\"https:\\\/\\\/www.mapleprimes.com\\\/users\\\/iwellguard\",\"https:\\\/\\\/businesslistingplus.com\\\/profile\\\/iwell-guard\\\/\",\"https:\\\/\\\/telegra.ph\\\/iWell-Guard-06-06\",\"https:\\\/\\\/pbase.com\\\/iwellguard\\\/iwellguard\",\"https:\\\/\\\/b.hatena.ne.jp\\\/iwellguard\\\/20260607#bookmark-4788405196491818882\",\"https:\\\/\\\/fliphtml5.com\\\/home\\\/iwellguard\",\"https:\\\/\\\/anyflip.com\\\/homepage\\\/cmiwl#About\",\"https:\\\/\\\/transfur.com\\\/Users\\\/iwellguard\",\"http:\\\/\\\/delphi.larsbo.org\\\/user\\\/iwellguard\",\"https:\\\/\\\/jobs.lajobsportal.org\\\/profiles\\\/8380803-iwell-guard\",\"https:\\\/\\\/md.chaosdorf.de\\\/s\\\/jfbe5SBdJD\",\"https:\\\/\\\/www.lingvolive.com\\\/en-us\\\/profile\\\/9ecaeaca-ce11-4e51-9e71-01d55e2bff36\\\/translations\",\"https:\\\/\\\/www.fitday.com\\\/fitness\\\/forums\\\/members\\\/iwellguard.html\",\"https:\\\/\\\/www.mymeetbook.com\\\/iwellguard\",\"https:\\\/\\\/pxhere.com\\\/en\\\/photographer-me\\\/5040798\",\"https:\\\/\\\/disqus.com\\\/by\\\/iwellguard\\\/about\\\/\",\"https:\\\/\\\/pastelink.net\\\/hjwciqwq\",\"https:\\\/\\\/pubhtml5.com\\\/homepage\\\/scjhn\\\/\",\"https:\\\/\\\/www.bitchute.com\\\/channel\\\/2O2eOKzNqujT\",\"https:\\\/\\\/audiomack.com\\\/iwellguard\"]},{\"@type\":\"Article\",\"@id\":\"https:\\\/\\\/iwell-guard.com\\\/sl\\\/manannan-mac-lir\\\/#article\",\"isPartOf\":{\"@id\":\"https:\\\/\\\/iwell-guard.com\\\/sl\\\/manannan-mac-lir\\\/\"},\"author\":{\"name\":\"Ralf Ittermann\",\"@id\":\"https:\\\/\\\/iwell-guard.com\\\/sl\\\/#\\\/schema\\\/person\\\/ee2a27f1cac3406c7c6fb5820cb7349f\"},\"headline\":\"Manannan mac Lir\",\"datePublished\":\"2026-09-05T00:22:39+00:00\",\"dateModified\":\"2026-09-05T00:40:45+00:00\",\"mainEntityOfPage\":{\"@id\":\"https:\\\/\\\/iwell-guard.com\\\/sl\\\/manannan-mac-lir\\\/\"},\"publisher\":{\"@id\":\"https:\\\/\\\/iwell-guard.com\\\/sl\\\/#organization\"},\"image\":{\"@id\":\"https:\\\/\\\/iwell-guard.com\\\/sl\\\/manannan-mac-lir\\\/#primaryimage\"},\"thumbnailUrl\":\"https:\\\/\\\/iwell-guard.com\\\/wp-content\\\/uploads\\\/2026\\\/04\\\/goetter_keltisch_manannan-mac-lir.webp\",\"inLanguage\":\"sl-SI\",\"description\":\"Manann\u00e1n mac Lir, keltski bog morja in gospodar Onostranstva: pla\u0161\u010d meglic, T\u00edr na n\u00d3g in \u0161ega z Otoka Man. Mit in stanje virov.\"}]}<\/script>\n<!-- \/ Yoast SEO Premium plugin. -->","yoast_head_json":{"title":"Manannan mac Lir - gospodar morja in Onostranstva","description":"Manann\u00e1n mac Lir, keltski bog morja in gospodar Onostranstva: pla\u0161\u010d meglic, T\u00edr na n\u00d3g in \u0161ega z Otoka Man. Mit in stanje virov.","robots":{"index":"index","follow":"follow","max-snippet":"max-snippet:-1","max-image-preview":"max-image-preview:large","max-video-preview":"max-video-preview:-1"},"canonical":"https:\/\/iwell-guard.com\/sl\/manannan-mac-lir\/","og_locale":"sl_SI","og_type":"article","og_title":"Manannan mac Lir","og_description":"Manann\u00e1n mac Lir, keltski bog morja in gospodar Onostranstva: pla\u0161\u010d meglic, T\u00edr na n\u00d3g in \u0161ega z Otoka Man. Mit in stanje virov.","og_url":"https:\/\/iwell-guard.com\/sl\/manannan-mac-lir\/","og_site_name":"iWell Guard","article_modified_time":"2026-09-05T00:40:45+00:00","og_image":[{"width":1024,"height":1536,"url":"https:\/\/iwell-guard.com\/wp-content\/uploads\/2026\/04\/goetter_keltisch_manannan-mac-lir.webp","type":"image\/webp"}],"twitter_card":"summary_large_image","schema":{"@context":"https:\/\/schema.org","@graph":[{"@type":"Article","@id":"https:\/\/iwell-guard.com\/sl\/manannan-mac-lir\/#article","isPartOf":{"@id":"https:\/\/iwell-guard.com\/sl\/manannan-mac-lir\/"},"author":{"name":"Ralf Ittermann","@id":"https:\/\/iwell-guard.com\/sl\/#\/schema\/person\/ee2a27f1cac3406c7c6fb5820cb7349f"},"headline":"Manannan mac Lir","datePublished":"2026-09-05T00:22:39+00:00","dateModified":"2026-09-05T00:40:45+00:00","mainEntityOfPage":{"@id":"https:\/\/iwell-guard.com\/sl\/manannan-mac-lir\/"},"publisher":{"@id":"https:\/\/iwell-guard.com\/sl\/#organization"},"image":{"@id":"https:\/\/iwell-guard.com\/sl\/manannan-mac-lir\/#primaryimage"},"thumbnailUrl":"https:\/\/iwell-guard.com\/wp-content\/uploads\/2026\/04\/goetter_keltisch_manannan-mac-lir.webp","inLanguage":"sl-SI","description":"Manann\u00e1n mac Lir, keltski bog morja in gospodar Onostranstva: pla\u0161\u010d meglic, T\u00edr na n\u00d3g in \u0161ega z Otoka Man. Mit in stanje virov."},{"@type":"WebPage","@id":"https:\/\/iwell-guard.com\/sl\/manannan-mac-lir\/","url":"https:\/\/iwell-guard.com\/sl\/manannan-mac-lir\/","name":"Manannan mac Lir - gospodar morja in Onostranstva","isPartOf":{"@id":"https:\/\/iwell-guard.com\/sl\/#website"},"primaryImageOfPage":{"@id":"https:\/\/iwell-guard.com\/sl\/manannan-mac-lir\/#primaryimage"},"image":{"@id":"https:\/\/iwell-guard.com\/sl\/manannan-mac-lir\/#primaryimage"},"thumbnailUrl":"https:\/\/iwell-guard.com\/wp-content\/uploads\/2026\/04\/goetter_keltisch_manannan-mac-lir.webp","datePublished":"2026-09-05T00:22:39+00:00","dateModified":"2026-09-05T00:40:45+00:00","description":"Manann\u00e1n mac Lir, keltski bog morja in gospodar Onostranstva: pla\u0161\u010d meglic, T\u00edr na n\u00d3g in \u0161ega z Otoka Man. Mit in stanje virov.","breadcrumb":{"@id":"https:\/\/iwell-guard.com\/sl\/manannan-mac-lir\/#breadcrumb"},"inLanguage":"sl-SI","potentialAction":[{"@type":"ReadAction","target":["https:\/\/iwell-guard.com\/sl\/manannan-mac-lir\/"]}]},{"@type":"ImageObject","inLanguage":"sl-SI","@id":"https:\/\/iwell-guard.com\/sl\/manannan-mac-lir\/#primaryimage","url":"https:\/\/iwell-guard.com\/wp-content\/uploads\/2026\/04\/goetter_keltisch_manannan-mac-lir.webp","contentUrl":"https:\/\/iwell-guard.com\/wp-content\/uploads\/2026\/04\/goetter_keltisch_manannan-mac-lir.webp","width":1024,"height":1536,"caption":"Bo\u017eanstva iz keltske tradicije."},{"@type":"BreadcrumbList","@id":"https:\/\/iwell-guard.com\/sl\/manannan-mac-lir\/#breadcrumb","itemListElement":[{"@type":"ListItem","position":1,"name":"Start","item":"https:\/\/iwell-guard.com\/sl\/?page_id=160323"},{"@type":"ListItem","position":2,"name":"Manannan mac Lir"}]},{"@type":"WebSite","@id":"https:\/\/iwell-guard.com\/sl\/#website","url":"https:\/\/iwell-guard.com\/sl\/","name":"iWell Guard","description":"Schutz vor dunklen Einfl\u00fcssen","publisher":{"@id":"https:\/\/iwell-guard.com\/sl\/#organization"},"potentialAction":[{"@type":"SearchAction","target":{"@type":"EntryPoint","urlTemplate":"https:\/\/iwell-guard.com\/sl\/?s={search_term_string}"},"query-input":{"@type":"PropertyValueSpecification","valueRequired":true,"valueName":"search_term_string"}}],"inLanguage":"sl-SI"},{"@type":"Organization","@id":"https:\/\/iwell-guard.com\/sl\/#organization","name":"Ittermann electronic GmbH","url":"https:\/\/iwell-guard.com\/sl\/","logo":{"@type":"ImageObject","inLanguage":"sl-SI","@id":"https:\/\/iwell-guard.com\/sl\/#\/schema\/logo\/image\/","url":"https:\/\/iwell-guard.com\/wp-content\/uploads\/2026\/05\/Ittermann-Logo-1182x237-1.png","contentUrl":"https:\/\/iwell-guard.com\/wp-content\/uploads\/2026\/05\/Ittermann-Logo-1182x237-1.png","width":1182,"height":237,"caption":"Ittermann electronic GmbH"},"image":{"@id":"https:\/\/iwell-guard.com\/sl\/#\/schema\/logo\/image\/"},"sameAs":["https:\/\/pantip.com\/profile\/9367242","https:\/\/micro.blog\/iwellguard","https:\/\/www.diggerslist.com\/iwellguard\/about","https:\/\/skitterphoto.com\/photographers\/2870314\/iwell-guard","https:\/\/iwellguard.wordpress.com\/2026\/06\/06\/iwell-guard\/","https:\/\/hub.docker.com\/u\/iwellguard","https:\/\/www.pinterest.com\/iwellguard\/","https:\/\/bit.ly\/m\/iwellguard","https:\/\/entre-vos-mains.alsace.eu\/profiles\/iwellguard\/activity","https:\/\/gravatar.com\/reallybeded8fd34","https:\/\/naijamatta.com\/iwellguard","https:\/\/www.goodreads.com\/iwellguard","https:\/\/profile.hatena.ne.jp\/iwellguard\/","https:\/\/experiment.com\/users\/iwellguard","https:\/\/wakelet.com\/@iWellGuard82270","https:\/\/www.chordie.com\/forum\/profile.php?id=2555664","https:\/\/www.instapaper.com\/p\/17757966","https:\/\/www.mapleprimes.com\/users\/iwellguard","https:\/\/businesslistingplus.com\/profile\/iwell-guard\/","https:\/\/telegra.ph\/iWell-Guard-06-06","https:\/\/pbase.com\/iwellguard\/iwellguard","https:\/\/b.hatena.ne.jp\/iwellguard\/20260607#bookmark-4788405196491818882","https:\/\/fliphtml5.com\/home\/iwellguard","https:\/\/anyflip.com\/homepage\/cmiwl#About","https:\/\/transfur.com\/Users\/iwellguard","http:\/\/delphi.larsbo.org\/user\/iwellguard","https:\/\/jobs.lajobsportal.org\/profiles\/8380803-iwell-guard","https:\/\/md.chaosdorf.de\/s\/jfbe5SBdJD","https:\/\/www.lingvolive.com\/en-us\/profile\/9ecaeaca-ce11-4e51-9e71-01d55e2bff36\/translations","https:\/\/www.fitday.com\/fitness\/forums\/members\/iwellguard.html","https:\/\/www.mymeetbook.com\/iwellguard","https:\/\/pxhere.com\/en\/photographer-me\/5040798","https:\/\/disqus.com\/by\/iwellguard\/about\/","https:\/\/pastelink.net\/hjwciqwq","https:\/\/pubhtml5.com\/homepage\/scjhn\/","https:\/\/www.bitchute.com\/channel\/2O2eOKzNqujT","https:\/\/audiomack.com\/iwellguard"]},{"@type":"Person","@id":"https:\/\/iwell-guard.com\/sl\/#\/schema\/person\/ee2a27f1cac3406c7c6fb5820cb7349f","name":"Ralf Ittermann","image":{"@type":"ImageObject","inLanguage":"sl-SI","@id":"https:\/\/secure.gravatar.com\/avatar\/073c0153e350a5005b68eb752b445fea71f6b24a26da9449ad7e155e6b446c9d?s=96&d=mm&r=g","url":"https:\/\/secure.gravatar.com\/avatar\/073c0153e350a5005b68eb752b445fea71f6b24a26da9449ad7e155e6b446c9d?s=96&d=mm&r=g","contentUrl":"https:\/\/secure.gravatar.com\/avatar\/073c0153e350a5005b68eb752b445fea71f6b24a26da9449ad7e155e6b446c9d?s=96&d=mm&r=g","caption":"Ralf Ittermann"},"givenName":"Ralf","familyName":"Ittermann","jobTitle":"Gesch\u00e4ftsf\u00fchrer und redaktioneller Verantwortlicher","url":"https:\/\/iwell-guard.com\/sl\/author\/claude\/","description":"Ralf Ittermann ist Gesch\u00e4ftsf\u00fchrer der Ittermann electronic GmbH und redaktioneller Verantwortlicher des iWell-Guard-Lexikons. Er verbindet langj\u00e4hrige Erfahrung in der Pr\u00e4zisionsfertigung mit medialer Praxis und religionsgeschichtlicher Quellenarbeit.","worksFor":{"@type":"Organization","name":"Ittermann electronic GmbH","url":"https:\/\/ittermann.de\/","address":{"@type":"PostalAddress","streetAddress":"K\u00f6hlergasse 16-18","postalCode":"99842","addressLocality":"Ruhla","addressCountry":"DE"}},"knowsAbout":["Religionsgeschichte","Mythologie","Mediale Praxis","Energetische Diagnostik","Schutzpraxis","Volksglauben","Westliche Esoterik"]},{"@type":"Article","@id":"https:\/\/iwell-guard.com\/sl\/manannan-mac-lir\/#article","isPartOf":{"@id":"https:\/\/iwell-guard.com\/sl\/manannan-mac-lir\/"},"author":{"name":"Ralf Ittermann","@id":"https:\/\/iwell-guard.com\/sl\/#\/schema\/person\/ee2a27f1cac3406c7c6fb5820cb7349f"},"headline":"Manannan mac Lir","datePublished":"2026-09-05T00:22:39+00:00","dateModified":"2026-09-05T00:40:45+00:00","mainEntityOfPage":{"@id":"https:\/\/iwell-guard.com\/sl\/manannan-mac-lir\/"},"publisher":{"@id":"https:\/\/iwell-guard.com\/sl\/#organization"},"image":{"@id":"https:\/\/iwell-guard.com\/sl\/manannan-mac-lir\/#primaryimage"},"thumbnailUrl":"https:\/\/iwell-guard.com\/wp-content\/uploads\/2026\/04\/goetter_keltisch_manannan-mac-lir.webp","inLanguage":"sl-SI","description":"Manann\u00e1n mac Lir, keltski bog morja in gospodar Onostranstva: pla\u0161\u010d meglic, T\u00edr na n\u00d3g in \u0161ega z Otoka Man. Mit in stanje virov."}]}},"_links":{"self":[{"href":"https:\/\/iwell-guard.com\/sl\/wp-json\/wp\/v2\/pages\/160578","targetHints":{"allow":["GET"]}}],"collection":[{"href":"https:\/\/iwell-guard.com\/sl\/wp-json\/wp\/v2\/pages"}],"about":[{"href":"https:\/\/iwell-guard.com\/sl\/wp-json\/wp\/v2\/types\/page"}],"author":[{"embeddable":true,"href":"https:\/\/iwell-guard.com\/sl\/wp-json\/wp\/v2\/users\/3"}],"replies":[{"embeddable":true,"href":"https:\/\/iwell-guard.com\/sl\/wp-json\/wp\/v2\/comments?post=160578"}],"version-history":[{"count":0,"href":"https:\/\/iwell-guard.com\/sl\/wp-json\/wp\/v2\/pages\/160578\/revisions"}],"wp:featuredmedia":[{"embeddable":true,"href":"https:\/\/iwell-guard.com\/sl\/wp-json\/wp\/v2\/media\/1617"}],"wp:attachment":[{"href":"https:\/\/iwell-guard.com\/sl\/wp-json\/wp\/v2\/media?parent=160578"}],"wp:term":[{"taxonomy":"category","embeddable":true,"href":"https:\/\/iwell-guard.com\/sl\/wp-json\/wp\/v2\/categories?post=160578"}],"curies":[{"name":"wp","href":"https:\/\/api.w.org\/{rel}","templated":true}]}}