{"id":160563,"date":"2026-09-05T00:22:29","date_gmt":"2026-09-05T00:22:29","guid":{"rendered":"https:\/\/iwell-guard.com\/?page_id=160563"},"modified":"2026-09-05T00:40:24","modified_gmt":"2026-09-05T00:40:24","slug":"marena","status":"publish","type":"page","link":"https:\/\/iwell-guard.com\/sl\/marena\/","title":{"rendered":"Marena"},"content":{"rendered":"\t\t<div data-elementor-type=\"wp-page\" data-elementor-id=\"160563\" class=\"elementor elementor-160563 elementor-2099 elementor-bc-flex-widget\" data-elementor-post-type=\"page\">\n\t\t\t\t<div class=\"elementor-element elementor-element-10fdade e-flex e-con-boxed e-con e-parent\" data-id=\"10fdade\" data-element_type=\"container\" data-e-type=\"container\" data-settings=\"{&quot;background_background&quot;:&quot;classic&quot;}\">\n\t\t\t\t\t<div class=\"e-con-inner\">\n\t\t<div class=\"elementor-element elementor-element-herohlft0 e-flex e-con-boxed e-con e-child\" data-id=\"herohlft0\" data-element_type=\"container\" data-e-type=\"container\">\n\t\t\t\t\t<div class=\"e-con-inner\">\n\t\t<div class=\"elementor-element elementor-element-c3ceb64 e-con-full e-flex e-con e-child\" data-id=\"c3ceb64\" data-element_type=\"container\" data-e-type=\"container\">\n\t\t\t\t<div class=\"elementor-element elementor-element-96ae5e1 elementor-widget elementor-widget-heading\" data-id=\"96ae5e1\" data-element_type=\"widget\" data-e-type=\"widget\" data-widget_type=\"heading.default\">\n\t\t\t\t\t<h1 class=\"elementor-heading-title elementor-size-default\">Marena, boginja slovanskega izro\u010dila<\/h1>\t\t\t\t<\/div>\n\t\t\t\t<div class=\"elementor-element elementor-element-e45238a elementor-widget elementor-widget-text-editor\" data-id=\"e45238a\" data-element_type=\"widget\" data-e-type=\"widget\" data-widget_type=\"text-editor.default\">\n\t\t\t\t\t\t\t\t\t<p>Marena (\u041c\u043e\u0440\u0435\u043d\u0430, tudi Morana ali Marzanna) je slovanska boginja zime, smrti in ponovnega rojstva. Utele\u0161uje temni letni \u010das in smrt kot del naravnega kroga ter je \u010da\u0161\u010dena v obredih, ki povezujejo \u017eivljenje in umiranje.\t\t\t\t\t\t\t\t<\/div>\n\t\t\t\t<\/div>\n\t\t<div class=\"elementor-element elementor-element-klsbdg01 e-con-full e-flex e-con e-parent\" data-id=\"klsbdg01\" data-element_type=\"container\" data-e-type=\"container\">\n\t\t\t\t<div class=\"elementor-element elementor-element-klshtm01 elementor-widget elementor-widget-html\" data-id=\"klshtm01\" data-element_type=\"widget\" data-e-type=\"widget\" data-widget_type=\"html.default\">\n\t\t\t\t\t<div class=\"iwg-pill-row\"><span class=\"iwg-klasse-badge\" tabindex=\"0\" data-tooltip=\"Bog \/ boginja: Poosebljena najvi\u0161ja mo\u010d v panteonu neke kulture, s jasnimi pristojnostmi, naravnimi silami, usodo, vojno, rodovitnostjo. \u010ca\u0161\u010dena preko kultov, daritev in templjanskih ustanov.\">Boginja<\/span><a href=\"https:\/\/iwell-guard.com\/sl\/?page_id=160360\" class=\"iwg-kultur-badge\" tabindex=\"0\" data-tooltip=\"Slovanska mitologija in ljudska religija, od 10. stoletja naprej prekrita s kr\u0161\u010danstvom.\">Slovansko<\/a><a href=\"https:\/\/iwell-guard.com\/sl\/?page_id=160453\" class=\"iwg-tradition-badge\" tabindex=\"0\" data-tooltip=\"Bo\u017eanstva podzemlja in smrti, vladarji onostranstva, sodniki mrtvih, spremljevalci du\u0161.\">Bo\u017eanstvo smrti<\/a><\/div>\t\t\t\t<\/div>\n\t\t\t\t<\/div>\n\t\t<div class=\"elementor-element elementor-element-3f74855 e-con-full e-flex e-con e-child\" data-id=\"3f74855\" data-element_type=\"container\" data-e-type=\"container\">\n\t\t\t\t<div class=\"elementor-element elementor-element-1c30362 elementor-toc--minimized-on-tablet elementor-widget elementor-widget-table-of-contents\" data-id=\"1c30362\" data-element_type=\"widget\" data-e-type=\"widget\" data-settings=\"{&quot;exclude_headings_by_selector&quot;:[],&quot;no_headings_message&quot;:&quot;Na tej strani ni najdenih naslovov.&quot;,&quot;headings_by_tags&quot;:[&quot;h2&quot;,&quot;h3&quot;],&quot;marker_view&quot;:&quot;bullets&quot;,&quot;minimize_box&quot;:&quot;yes&quot;,&quot;icon&quot;:{&quot;value&quot;:&quot;fas fa-circle&quot;,&quot;library&quot;:&quot;fa-solid&quot;,&quot;rendered_tag&quot;:&quot;&lt;svg class=\\&quot;e-font-icon-svg e-fas-circle\\&quot; viewBox=\\&quot;0 0 512 512\\&quot; xmlns=\\&quot;http:\\\/\\\/www.w3.org\\\/2000\\\/svg\\&quot;&gt;&lt;path d=\\&quot;M256 8C119 8 8 119 8 256s111 248 248 248 248-111 248-248S393 8 256 8z\\&quot;&gt;&lt;\\\/path&gt;&lt;\\\/svg&gt;&quot;},&quot;minimized_on&quot;:&quot;tablet&quot;,&quot;hierarchical_view&quot;:&quot;yes&quot;,&quot;min_height&quot;:{&quot;unit&quot;:&quot;px&quot;,&quot;size&quot;:&quot;&quot;,&quot;sizes&quot;:[]},&quot;min_height_tablet&quot;:{&quot;unit&quot;:&quot;px&quot;,&quot;size&quot;:&quot;&quot;,&quot;sizes&quot;:[]},&quot;min_height_mobile&quot;:{&quot;unit&quot;:&quot;px&quot;,&quot;size&quot;:&quot;&quot;,&quot;sizes&quot;:[]}}\" data-widget_type=\"table-of-contents.default\">\n\t\t\t\t\t\t\t\t\t<div class=\"elementor-toc__header\">\n\t\t\t\t\t\t<h2 class=\"elementor-toc__header-title\">\n\t\t\t\tKazalo vsebine\t\t\t<\/h2>\n\t\t\t\t\t\t\t\t\t\t<div class=\"elementor-toc__toggle-button elementor-toc__toggle-button--expand\" role=\"button\" tabindex=\"0\" aria-controls=\"elementor-toc__1c30362\" aria-expanded=\"true\" aria-label=\"Open table of contents\"><svg aria-hidden=\"true\" class=\"e-font-icon-svg e-fas-chevron-down\" viewBox=\"0 0 448 512\" xmlns=\"http:\/\/www.w3.org\/2000\/svg\"><path d=\"M207.029 381.476L12.686 187.132c-9.373-9.373-9.373-24.569 0-33.941l22.667-22.667c9.357-9.357 24.522-9.375 33.901-.04L224 284.505l154.745-154.021c9.379-9.335 24.544-9.317 33.901.04l22.667 22.667c9.373 9.373 9.373 24.569 0 33.941L240.971 381.476c-9.373 9.372-24.569 9.372-33.942 0z\"><\/path><\/svg><\/div>\n\t\t\t\t<div class=\"elementor-toc__toggle-button elementor-toc__toggle-button--collapse\" role=\"button\" tabindex=\"0\" aria-controls=\"elementor-toc__1c30362\" aria-expanded=\"true\" aria-label=\"Close table of contents\"><svg aria-hidden=\"true\" class=\"e-font-icon-svg e-fas-chevron-up\" viewBox=\"0 0 448 512\" xmlns=\"http:\/\/www.w3.org\/2000\/svg\"><path d=\"M240.971 130.524l194.343 194.343c9.373 9.373 9.373 24.569 0 33.941l-22.667 22.667c-9.357 9.357-24.522 9.375-33.901.04L224 227.495 69.255 381.516c-9.379 9.335-24.544 9.317-33.901-.04l-22.667-22.667c-9.373-9.373-9.373-24.569 0-33.941L207.03 130.525c9.372-9.373 24.568-9.373 33.941-.001z\"><\/path><\/svg><\/div>\n\t\t\t\t\t<\/div>\n\t\t\t\t<div id=\"elementor-toc__1c30362\" class=\"elementor-toc__body\">\n\t\t\t<div class=\"elementor-toc__spinner-container\">\n\t\t\t\t<svg class=\"elementor-toc__spinner eicon-animation-spin e-font-icon-svg e-eicon-loading\" aria-hidden=\"true\" viewBox=\"0 0 1000 1000\" xmlns=\"http:\/\/www.w3.org\/2000\/svg\"><path d=\"M500 975V858C696 858 858 696 858 500S696 142 500 142 142 304 142 500H25C25 237 238 25 500 25S975 237 975 500 763 975 500 975Z\"><\/path><\/svg>\t\t\t<\/div>\n\t\t<\/div>\n\t\t\t\t\t\t<\/div>\n\t\t\t\t<\/div>\n\t\t\t\t\t<\/div>\n\t\t\t\t<\/div>\n\t\t<div class=\"elementor-element elementor-element-herorght0 e-con-full e-flex e-con e-child\" data-id=\"herorght0\" data-element_type=\"container\" data-e-type=\"container\">\n\t\t\t\t<div class=\"elementor-element elementor-element-heroimg00 iwg-hero-image elementor-widget elementor-widget-image\" data-id=\"heroimg00\" data-element_type=\"widget\" data-e-type=\"widget\" data-widget_type=\"image.default\">\n\t\t\t\t\t\t\t\t\t\t\t\t\t\t\t<img fetchpriority=\"high\" decoding=\"async\" width=\"683\" height=\"1024\" src=\"https:\/\/iwell-guard.com\/wp-content\/uploads\/2026\/04\/goetter_slawisch_marena-683x1024.webp\" class=\"attachment-large size-large wp-image-162796\" alt=\"Marena \u2013 bogovi iz slovanske tradicije, zgodovinsko-ilustrativno\" srcset=\"https:\/\/iwell-guard.com\/wp-content\/uploads\/2026\/04\/goetter_slawisch_marena-683x1024.webp 683w, https:\/\/iwell-guard.com\/wp-content\/uploads\/2026\/04\/goetter_slawisch_marena-200x300.webp 200w, https:\/\/iwell-guard.com\/wp-content\/uploads\/2026\/04\/goetter_slawisch_marena-768x1152.webp 768w, https:\/\/iwell-guard.com\/wp-content\/uploads\/2026\/04\/goetter_slawisch_marena.webp 1024w\" sizes=\"(max-width: 683px) 100vw, 683px\" \/>\t\t\t\t\t\t\t\t\t\t\t\t\t\t\t<\/div>\n\t\t\t\t<\/div>\n\t\t\t\t\t<\/div>\n\t\t\t\t<\/div>\n\t\t<div class=\"elementor-element elementor-element-32917199 e-flex e-con-boxed e-con e-parent\" data-id=\"32917199\" data-element_type=\"container\" data-e-type=\"container\">\n\t\t\t\t\t<div class=\"e-con-inner\">\n\t\t<div class=\"elementor-element elementor-element-26e916cb e-flex e-con-boxed e-con e-child\" data-id=\"26e916cb\" data-element_type=\"container\" data-e-type=\"container\">\n\t\t\t\t\t<div class=\"e-con-inner\">\n\t\t<div class=\"elementor-element elementor-element-253a40d4 e-flex e-con-boxed e-con e-child\" data-id=\"253a40d4\" data-element_type=\"container\" data-e-type=\"container\">\n\t\t\t\t\t<div class=\"e-con-inner\">\n\t\t\t\t<div class=\"elementor-element elementor-element-1200c304 elementor-widget elementor-widget-heading\" data-id=\"1200c304\" data-element_type=\"widget\" data-e-type=\"widget\" data-widget_type=\"heading.default\">\n\t\t\t\t\t<h2 class=\"elementor-heading-title elementor-size-default\">Marena<\/h2>\t\t\t\t<\/div>\n\t\t\t\t<div class=\"elementor-element elementor-element-11758e7f elementor-widget elementor-widget-text-editor\" data-id=\"11758e7f\" data-element_type=\"widget\" data-e-type=\"widget\" data-widget_type=\"text-editor.default\">\n\t\t\t\t\t\t\t\t\t<p>Marena je upodobljena kot temna, lepa \u017eena, pogosto s simboli zime (sneg, led, ogoljena drevesa) in smrti (kosti, \u010dereplja, ogenj). V nasprotju z zlobnimi demoni je Marena kozmi\u010dna boginja, ki utele\u0161uje nujne, a hkrati zaskrbljujo\u010de sile.<\/p><p>Vlada zimskim mesecem in je \u010da\u0161\u010dena kot vzrok snega, zmrzali in uni\u010denja pridelka. Njen protipol je Vesna (boginja pomladi). Marena je dvoumna: uni\u010dujo\u010da, a tudi obnovitvena, zima ubija, da se pomlad lahko znova prebudi.<\/p>\t\t\t\t\t\t\t\t<\/div>\n\t\t\t\t\t<\/div>\n\t\t\t\t<\/div>\n\t\t<div class=\"elementor-element elementor-element-159dcf9a e-flex e-con-boxed e-con e-child\" data-id=\"159dcf9a\" data-element_type=\"container\" data-e-type=\"container\">\n\t\t\t\t\t<div class=\"e-con-inner\">\n\t\t\t\t<div class=\"elementor-element elementor-element-48cee66f elementor-widget elementor-widget-heading\" data-id=\"48cee66f\" data-element_type=\"widget\" data-e-type=\"widget\" data-widget_type=\"heading.default\">\n\t\t\t\t\t<h2 class=\"elementor-heading-title elementor-size-default\">Hitri pregled: Marena<\/h2>\t\t\t\t<\/div>\n\t\t\t\t<div class=\"elementor-element elementor-element-3f50d82c elementor-widget elementor-widget-text-editor\" data-id=\"3f50d82c\" data-element_type=\"widget\" data-e-type=\"widget\" data-widget_type=\"text-editor.default\">\n\t\t\t\t\t\t\t\t\t<p>Marena je dokumentirana v etnografskih zbirkah slovanske ljudske religije (Afanasjev, Ribnikov, S\u00e9chan), vendar manj v zgodnjih pisnih virih. Primarna besedila so <span class=\"iwg-fachbegriff\" data-tooltip=\"Izro\u010dena ljudska kultura z \u0161egami, pripovedmi in pesmimi.\" tabindex=\"0\">folklorni<\/span> zapisi iz 19. in 20. stoletja ter etnografske \u0161tudije.<\/p><p>Raz\u0161irjenost je panslovanska: Rusija, Belorusija, Ukrajina, Poljska, Srbija. Religiologi kot Nora Chadwick in Mathieu-Colas dokumentirajo kulte Marene v sezonskih obredih. Figura se v modernem neopaganstvu ponovno oblikuje.<\/p>\t\t\t\t\t\t\t\t<\/div>\n\t\t\t\t\t<\/div>\n\t\t\t\t<\/div>\n\t\t\t\t\t<\/div>\n\t\t\t\t<\/div>\n\t\t\t\t\t<\/div>\n\t\t\t\t<\/div>\n\t\t<div class=\"elementor-element elementor-element-18613602 e-flex e-con-boxed e-con e-parent\" data-id=\"18613602\" data-element_type=\"container\" data-e-type=\"container\">\n\t\t\t\t\t<div class=\"e-con-inner\">\n\t\t\t\t<div class=\"elementor-element elementor-element-262b8a9f elementor-widget elementor-widget-heading\" data-id=\"262b8a9f\" data-element_type=\"widget\" data-e-type=\"widget\" data-widget_type=\"heading.default\">\n\t\t\t\t\t<h2 class=\"elementor-heading-title elementor-size-default\">Zgodovinska umestitev<\/h2>\t\t\t\t<\/div>\n\t\t<div class=\"elementor-element elementor-element-46dcb7d e-con-full e-flex e-con e-child\" data-id=\"46dcb7d\" data-element_type=\"container\" data-e-type=\"container\">\n\t\t<div class=\"elementor-element elementor-element-61d3ab3 e-flex e-con-boxed e-con e-child\" data-id=\"61d3ab3\" data-element_type=\"container\" data-e-type=\"container\">\n\t\t\t\t\t<div class=\"e-con-inner\">\n\t\t\t\t<div class=\"elementor-element elementor-element-117c166 elementor-widget elementor-widget-heading\" data-id=\"117c166\" data-element_type=\"widget\" data-e-type=\"widget\" data-widget_type=\"heading.default\">\n\t\t\t\t\t<h3 class=\"elementor-heading-title elementor-size-default\">Zeitraum der Texte<\/h3>\t\t\t\t<\/div>\n\t\t\t\t<div class=\"elementor-element elementor-element-73997a0 elementor-widget elementor-widget-text-editor\" data-id=\"73997a0\" data-element_type=\"widget\" data-e-type=\"widget\" data-widget_type=\"text-editor.default\">\n\t\t\t\t\t\t\t\t\t<p>\u0160ega Marzanne je \u017eiva vse do danes, zlasti na Poljskem, v \u010ce\u0161ki republiki, na Slova\u0161kem in v delih drugih slovanskih de\u017eel. Danes na mnogih krajih \u0161olski razredi in dru\u0161tva okoli 21. marca, ob za\u010detku pomladi, izvajajo obhod ter se\u017eigajo ali potapljajo pun\u010dko.<\/p><p>Ob tem se je oblika spremenila: iz resnega sezonskega obreda je skozi \u010das nastala ljudska, deloma turisti\u010dno obarvana \u0161ega. Bistvo, slovo od zime z odstranitvijo figure Marzanne, pa je ohranjeno in \u0161e naprej vidno v regionalni prazni\u010dni kulturi.<\/p><h3>Mitolo\u0161ka umestitev<\/h3><p>Marena je boginja zimskega mraza in umiranja v slovanski <span class=\"iwg-fachbegriff\" data-tooltip=\"Celota izro\u010denih pripovedi o bogovih neke kulture.\" tabindex=\"0\">mitologiji<\/span>. Utele\u0161uje temno polovico leta in mejna obmo\u010dja med \u017eivljenjem in smrtjo. Ni zlobna boginja, temve\u010d nujna sila v krogotoku.<\/p>\t\t\t\t\t\t\t\t<\/div>\n\t\t\t\t\t<\/div>\n\t\t\t\t<\/div>\n\t\t<div class=\"elementor-element elementor-element-d47b156 e-flex e-con-boxed e-con e-child\" data-id=\"d47b156\" data-element_type=\"container\" data-e-type=\"container\">\n\t\t\t\t\t<div class=\"e-con-inner\">\n\t\t\t\t<div class=\"elementor-element elementor-element-ff38c2b elementor-widget elementor-widget-heading\" data-id=\"ff38c2b\" data-element_type=\"widget\" data-e-type=\"widget\" data-widget_type=\"heading.default\">\n\t\t\t\t\t<h3 class=\"elementor-heading-title elementor-size-default\">Verbreitungsraum<\/h3>\t\t\t\t<\/div>\n\t\t\t\t<div class=\"elementor-element elementor-element-4e49fcc elementor-widget elementor-widget-text-editor\" data-id=\"4e49fcc\" data-element_type=\"widget\" data-e-type=\"widget\" data-widget_type=\"text-editor.default\">\n\t\t\t\t\t\t\t\t\t<p>Marena ni bila omejena na dolo\u010dene pokrajine, temve\u010d je bila splo\u0161no znana in \u010da\u0161\u010dena po vsem slovanskem svetu. Ne glede na to, ali je \u0161lo za mestna sredi\u0161\u010da ali pode\u017eelska obmo\u010dja, elito ali preproste ljudi, je bil njen duhovni pomen povsod prepoznan in spo\u0161tovan.<\/p><p>\u010ca\u0161\u010denje oziroma izganjanje Marene je bilo raz\u0161irjeno po vseh slovansko poseljenih obmo\u010djih, pri \u010demer se ime po pokrajinah razlikuje: Marzanna na Poljskem, Morana v \u010ce\u0161ki republiki in na Slova\u0161kem, Mara ali Morena v drugih obmo\u010djih.<\/p><p>Ta jezikovna raznolikost ka\u017ee na skupno starej\u0161o osnovo. Skozi sosedstvo, preseljevanje in izmenjavo med slovanskimi skupnostmi se je pomladni obred raz\u0161iril na velika obmo\u010dja, pri \u010demer je njegov potek, no\u0161enje in uni\u010devanje pun\u010dke, ostal med regijami primerljiv.<\/p>\t\t\t\t\t\t\t\t<\/div>\n\t\t\t\t\t<\/div>\n\t\t\t\t<\/div>\n\t\t\t\t<\/div>\n\t\t<div class=\"elementor-element elementor-element-db03c39 e-con-full e-flex e-con e-child\" data-id=\"db03c39\" data-element_type=\"container\" data-e-type=\"container\">\n\t\t<div class=\"elementor-element elementor-element-229a87b e-flex e-con-boxed e-con e-child\" data-id=\"229a87b\" data-element_type=\"container\" data-e-type=\"container\">\n\t\t\t\t\t<div class=\"e-con-inner\">\n\t\t\t\t<div class=\"elementor-element elementor-element-1f471fc elementor-widget elementor-widget-heading\" data-id=\"1f471fc\" data-element_type=\"widget\" data-e-type=\"widget\" data-widget_type=\"heading.default\">\n\t\t\t\t\t<h3 class=\"elementor-heading-title elementor-size-default\">Quellenlage<\/h3>\t\t\t\t<\/div>\n\t\t\t\t<div class=\"elementor-element elementor-element-36b1201 elementor-widget elementor-widget-text-editor\" data-id=\"36b1201\" data-element_type=\"widget\" data-e-type=\"widget\" data-widget_type=\"text-editor.default\">\n\t\t\t\t\t\t\t\t\t<p>Marena je dokumentirana v primarnih <span class=\"iwg-fachbegriff\" data-tooltip=\"Izro\u010dena ljudska kultura z \u0161egami, pripovedmi in pesmimi.\" tabindex=\"0\">folklornih<\/span> virih, zlasti v slovanskih pravljicah in ljudskih pesmih (Sbornik russkich narodnych pesen, zbirke ruskih ljudskih pesmi). Neposredni literarni primarni viri so pozni in nesistemati\u010dni.<\/p><p>Sekundarna literatura: Nora Chadwick (The Slavic Peoples), Mathieu-Colas (Dictionnaire de <span class=\"iwg-fachbegriff\" data-tooltip=\"Celota izro\u010denih pripovedi o bogovih neke kulture.\" tabindex=\"0\">mitologiji<\/span> Slave), Linda J. Ivanits (Russian Folk Belief), Vladimir Toporov in Vja\u010deslav Ivanov (Toporov-Ivanova \u0161ola rekonstrukcije indoevropske <span class=\"iwg-fachbegriff\" data-tooltip=\"Celota izro\u010denih pripovedi o bogovih neke kulture.\" tabindex=\"0\">mitologije<\/span>). Koncept Marene je rekonstruiran iz ljudskih \u0161eg in rastlinskih obredov, ne iz kanoni\u010dnih besedil, kot je to primer pri kitajskih bogovih.<\/p>\t\t\t\t\t\t\t\t<\/div>\n\t\t\t\t\t<\/div>\n\t\t\t\t<\/div>\n\t\t\t\t<\/div>\n\t\t\t\t\t<\/div>\n\t\t\t\t<\/div>\n\t\t<div class=\"elementor-element elementor-element-3ae0637c e-flex e-con-boxed e-con e-parent\" data-id=\"3ae0637c\" data-element_type=\"container\" data-e-type=\"container\">\n\t\t\t\t\t<div class=\"e-con-inner\">\n\t\t\t\t<div class=\"elementor-element elementor-element-31d07739 elementor-widget elementor-widget-heading\" data-id=\"31d07739\" data-element_type=\"widget\" data-e-type=\"widget\" data-widget_type=\"heading.default\">\n\t\t\t\t\t<h2 class=\"elementor-heading-title elementor-size-default\">Poimenovanje in zapisi<\/h2>\t\t\t\t<\/div>\n\t\t<div class=\"elementor-element elementor-element-b7642947 e-con-full e-flex e-con e-child\" data-id=\"b7642947\" data-element_type=\"container\" data-e-type=\"container\">\n\t\t\t\t<div class=\"elementor-element elementor-element-a086266 elementor-widget elementor-widget-text-editor\" data-id=\"a086266\" data-element_type=\"widget\" data-e-type=\"widget\" data-widget_type=\"text-editor.default\">\n\t\t\t\t\t\t\t\t\t<p>Marena je upodobljena z dolo\u010denimi ikonografskimi elementi, ki so simbolno zakodirani in nosijo globok pomen. Ti elementi na osrednji na\u010din izra\u017eajo funkcije, vire mo\u010di, pristojnosti in kozmi\u010dno vlogo tega bitja. Vizualni sistem uvedenim in kulturno izobra\u017eenim omogo\u010da razumevanje globokega pomena.<\/p><p>Marena, imenovana tudi Morana ali Marzanna, postane otipljiva predvsem preko obreda njene pun\u010dke. Ta je spletena iz slame, oble\u010dena v ostanke blaga in trakove ter opremljena z belimi rutami ali svetlo obleko, ki simbolno ponazarjajo smrt in zimo. V nekaterih pokrajinah nosi figura venec ali ogrlice iz jaj\u010dnih lupin.<\/p><p>Druga\u010de kot pri stalni upodobitvi bo\u017eanstva je tu v sredi\u0161\u010du vsako leto na novo izdelana pun\u010dka, katere videz se lokalno razlikuje, vendar se v osnovnih potezah ponavlja. Povezava slame, svetlega blaga in zimskih znamenj ka\u017ee na njeno vlogo utele\u0161enja umrlega hladnega letnega \u010dasa.<\/p>\t\t\t\t\t\t\t\t<\/div>\n\t\t\t\t<\/div>\n\t\t\t\t\t<\/div>\n\t\t\t\t<\/div>\n\t\t<div class=\"elementor-element elementor-element-709a44a8 e-flex e-con-boxed e-con e-parent\" data-id=\"709a44a8\" data-element_type=\"container\" data-e-type=\"container\">\n\t\t\t\t\t<div class=\"e-con-inner\">\n\t\t\t\t<div class=\"elementor-element elementor-element-2f585873 elementor-widget elementor-widget-heading\" data-id=\"2f585873\" data-element_type=\"widget\" data-e-type=\"widget\" data-widget_type=\"heading.default\">\n\t\t\t\t\t<h2 class=\"elementor-heading-title elementor-size-default\">Zna\u010dilnosti<\/h2>\t\t\t\t<\/div>\n\t\t<div class=\"elementor-element elementor-element-70621c12 e-con-full e-flex e-con e-child\" data-id=\"70621c12\" data-element_type=\"container\" data-e-type=\"container\">\n\t\t\t\t<div class=\"elementor-element elementor-element-4296eb49 elementor-widget elementor-widget-text-editor\" data-id=\"4296eb49\" data-element_type=\"widget\" data-e-type=\"widget\" data-widget_type=\"text-editor.default\">\n\t\t\t\t\t\t\t\t\t<p>Marena je bila osrednja v religiozni praksi in vsakdanjem razumevanju Slovanov. Ljudje so se v kriti\u010dnih situacijah ali ob dolo\u010denih obredih letnega \u010dasa obra\u010dali na to entiteto s strukturiranimi obredi, molitvami ali daritvami. Praksa je bila natan\u010dno izro\u010dena in jo je pogosto vodil duhovnik ali specialist.<\/p><p>\u0160ege, povezane z Mareno, so imele jasno sezonsko funkcijo. Ob koncu zime, tradicionalno okoli spomladanskega enakono\u010dja, so lutko Marzanne nosili po vasi v sprevodu, jo nato za\u017egali ali vrgli v teko\u010do vodo, v\u010dasih tudi oboje zaporedoma.<\/p><p>S tem naj bi se simboli\u010dno pregnala zima in pospe\u0161il prihod pomladi ter rodovitnosti. \u0160ega se je dolgo prena\u0161ala po slovanskih de\u017eelah, ker je ozna\u010devala prehod v obdobje rasti in se je obhajala skupnostno.<\/p><h3>Pojava in simbolika<\/h3><p>Marena se prikazuje kot suha, stara \u017eena, oble\u010dena v belo ali v mrtva\u0161ki prt. Povezujejo jo z mrazom in snegom. V nekaterih upodobitvah nosi kosovo. Bela in siva sta njeni barvi.<\/p>\t\t\t\t\t\t\t\t<\/div>\n\t\t\t\t<\/div>\n\t\t\t\t\t<\/div>\n\t\t\t\t<\/div>\n\t\t<div class=\"elementor-element elementor-element-44e71476 e-flex e-con-boxed e-con e-parent\" data-id=\"44e71476\" data-element_type=\"container\" data-e-type=\"container\">\n\t\t\t\t\t<div class=\"e-con-inner\">\n\t\t\t\t<div class=\"elementor-element elementor-element-3c1fc3f0 elementor-widget elementor-widget-heading\" data-id=\"3c1fc3f0\" data-element_type=\"widget\" data-e-type=\"widget\" data-widget_type=\"heading.default\">\n\t\t\t\t\t<h2 class=\"elementor-heading-title elementor-size-default\">Predstavitev: Marena<\/h2>\t\t\t\t<\/div>\n\t\t<div class=\"elementor-element elementor-element-84f33b8e e-con-full e-flex e-con e-child\" data-id=\"84f33b8e\" data-element_type=\"container\" data-e-type=\"container\">\n\t\t\t\t<div class=\"elementor-element elementor-element-hqkdc67p elementor-widget elementor-widget-text-editor\" data-id=\"hqkdc67p\" data-element_type=\"widget\" data-e-type=\"widget\" data-widget_type=\"text-editor.default\">\n\t\t\t\t\t\t\t\t\t<p>Predstavitev obravnava Mareno v \u0161estih vidikih: njen kozmolo\u0161ki izvor kot boginje zime in smrti, skupine njenega obrednega \u010da\u0161\u010denja (kmetje, sezonsko), njeno ikonografijo in mra\u010dno pojavo, njeno vlogo pri pogrebnih obredih in potrjevanju kroga, ter vzporednice v sorodnih kulturah. Te razse\u017enosti ka\u017eejo njeno osrednjo vlogo v slovanskem sistemu letnega kroga.<\/p>\t\t\t\t\t\t\t\t<\/div>\n\t\t\t\t<\/div>\n\t\t<div class=\"elementor-element elementor-element-pemmx7c5 e-con-full e-flex e-con e-child\" data-id=\"pemmx7c5\" data-element_type=\"container\" data-e-type=\"container\">\n\t\t<div class=\"elementor-element elementor-element-pemmx7c1 e-con-full e-flex e-con e-child\" data-id=\"pemmx7c1\" data-element_type=\"container\" data-e-type=\"container\">\n\t\t<div class=\"elementor-element elementor-element-qh9oavvu iwg-steckbrief-card e-flex e-con-boxed e-con e-child\" data-id=\"qh9oavvu\" data-element_type=\"container\" data-e-type=\"container\">\n\t\t\t\t\t<div class=\"e-con-inner\">\n\t\t\t\t<div class=\"elementor-element elementor-element-awzx8k2k elementor-widget elementor-widget-heading\" data-id=\"awzx8k2k\" data-element_type=\"widget\" data-e-type=\"widget\" data-widget_type=\"heading.default\">\n\t\t\t\t\t<div class=\"elementor-heading-title elementor-size-default\">Izvor Marene<\/div>\t\t\t\t<\/div>\n\t\t\t\t<div class=\"elementor-element elementor-element-x6rowhv0 elementor-widget elementor-widget-text-editor\" data-id=\"x6rowhv0\" data-element_type=\"widget\" data-e-type=\"widget\" data-widget_type=\"text-editor.default\">\n\t\t\t\t\t\t\t\t\t<p>Marena je geografsko in kozmolo\u0161ko povezana z zimo in severom. Njen kulturni izvor je protoslovanski, verjetno prazgodovinski, saj se zimske boginje pojavljajo v \u0161tevilnih indoevropskih kulturah. Pisni viri so pozni in pogosto pokristjanjeno popa\u010deni.<\/p><p>Z religijskozgodovinskega vidika se Marena razume kot specializacija splo\u0161ne boginje smrti in ponovnega rojstva, katere funkcija se je utrdila s sezonskimi kmetijskimi cikli. Njeno ime naj bi izhajalo iz slovansko-indoevropskega korena *mer (umreti).<\/p>\t\t\t\t\t\t\t\t<\/div>\n\t\t\t\t\t<\/div>\n\t\t\t\t<\/div>\n\t\t<div class=\"elementor-element elementor-element-8e3o4kxs iwg-steckbrief-card e-flex e-con-boxed e-con e-child\" data-id=\"8e3o4kxs\" data-element_type=\"container\" data-e-type=\"container\">\n\t\t\t\t\t<div class=\"e-con-inner\">\n\t\t\t\t<div class=\"elementor-element elementor-element-08rkdgov elementor-widget elementor-widget-heading\" data-id=\"08rkdgov\" data-element_type=\"widget\" data-e-type=\"widget\" data-widget_type=\"heading.default\">\n\t\t\t\t\t<div class=\"elementor-heading-title elementor-size-default\">Nana\u0161a se na<\/div>\t\t\t\t<\/div>\n\t\t\t\t<div class=\"elementor-element elementor-element-uwjelx8s elementor-widget elementor-widget-text-editor\" data-id=\"uwjelx8s\" data-element_type=\"widget\" data-e-type=\"widget\" data-widget_type=\"text-editor.default\">\n\t\t\t\t\t\t\t\t\t<p>Mareno so prvenstveno \u010dastili kmetje in pastirji v zimskih ritualih, \u0161e posebej v prehodnih obdobjih (prvi sneg, zimski solsticij, konec zime). Praznovanja in rituali, kot je Maslenica (praznik masla, <span class=\"iwg-fachbegriff\" data-tooltip=\"Urejeno zaporedje simboli\u010dnih dejanj z verskim ali kulturnim pomenom.\" tabindex=\"0\">ritual<\/span> slovesa od zime), so bili prilo\u017enosti, posve\u010dene Mareni.<\/p><p>\u017denske so imele posebno vlogo v obredih, povezanih z Mareno: pri\u017eiganje kresov ali izdelovanje Marenih figur (lutk), ki so jih nato se\u017egali ali vrgli v reke (izganjanje Marene). \u010ca\u0161\u010denje je bilo sezonsko-cikli\u010dno, ne celoletno kot pri Domovoju.<\/p>\t\t\t\t\t\t\t\t<\/div>\n\t\t\t\t\t<\/div>\n\t\t\t\t<\/div>\n\t\t<div class=\"elementor-element elementor-element-jm2n74ec iwg-steckbrief-card e-flex e-con-boxed e-con e-child\" data-id=\"jm2n74ec\" data-element_type=\"container\" data-e-type=\"container\">\n\t\t\t\t\t<div class=\"e-con-inner\">\n\t\t\t\t<div class=\"elementor-element elementor-element-8vufse4c elementor-widget elementor-widget-heading\" data-id=\"8vufse4c\" data-element_type=\"widget\" data-e-type=\"widget\" data-widget_type=\"heading.default\">\n\t\t\t\t\t<div class=\"elementor-heading-title elementor-size-default\">Videz<\/div>\t\t\t\t<\/div>\n\t\t\t\t<div class=\"elementor-element elementor-element-mwb9u015 elementor-widget elementor-widget-text-editor\" data-id=\"mwb9u015\" data-element_type=\"widget\" data-e-type=\"widget\" data-widget_type=\"text-editor.default\">\n\t\t\t\t\t\t\t\t\t<p>Marena je upodobljena kot lepa, a mra\u010dna \u017eenska, pogosto v temnih obla\u010dilih z belimi ali osivelimi lasmi. Njeni atributi so sneg, led, kosti, srp (\u017eanjica, podobno kot Parke) ali <span class=\"iwg-fachbegriff\" data-tooltip=\"Znak, ki nadome\u0161\u010da neko predstavo ali pomen.\" tabindex=\"0\">simbol<\/span> ognja. V\u010dasih je prikazana s krili, kar nakazuje njeno hitrost in neizogibnost.<\/p><p>V ljudski umetnosti je upodobljena kot hkrati zastra\u0161ujo\u010da in privla\u010dna. Prevladujo\u010de barve so bela (sneg), \u010drna (tema) in rde\u010da (\u017eivljenje in ogenj). Ikonografija je grozljiva, a ne pretirano zlobna, temve\u010d bolj melanholi\u010dno-<span class=\"iwg-fachbegriff\" data-tooltip=\"Pripadajo\u010d bo\u017eanskemu in s tem izvzet iz vsakdanje rabe.\" tabindex=\"0\">svet<\/span>.<\/p>\t\t\t\t\t\t\t\t<\/div>\n\t\t\t\t\t<\/div>\n\t\t\t\t<\/div>\n\t\t\t\t<\/div>\n\t\t<div class=\"elementor-element elementor-element-pemmx7c2 e-con-full e-flex e-con e-child\" data-id=\"pemmx7c2\" data-element_type=\"container\" data-e-type=\"container\">\n\t\t<div class=\"elementor-element elementor-element-37ss2yr6 iwg-steckbrief-card e-flex e-con-boxed e-con e-child\" data-id=\"37ss2yr6\" data-element_type=\"container\" data-e-type=\"container\">\n\t\t\t\t\t<div class=\"e-con-inner\">\n\t\t\t\t<div class=\"elementor-element elementor-element-3v0wp3wx elementor-widget elementor-widget-heading\" data-id=\"3v0wp3wx\" data-element_type=\"widget\" data-e-type=\"widget\" data-widget_type=\"heading.default\">\n\t\t\t\t\t<div class=\"elementor-heading-title elementor-size-default\">Delovanje<\/div>\t\t\t\t<\/div>\n\t\t\t\t<div class=\"elementor-element elementor-element-w3247g2m elementor-widget elementor-widget-text-editor\" data-id=\"w3247g2m\" data-element_type=\"widget\" data-e-type=\"widget\" data-widget_type=\"text-editor.default\">\n\t\t\t\t\t\t\t\t\t<p><strong>Podro\u010dje delovanja:<\/strong> Marena (tudi Morena, Mara) simbolizira zimo, smrt in mejo med \u017eivljenjem in onostranstvom. Je boginja razpadanja in ponovnega rojstva; vsako leto za\u017egejo njeno lutko (obred se\u017eiga), da bi pregnali zimo in priklicali pomlad.<\/p><p>Jezdi na belih konjih po snegu in ledu. Ni zlobna, temve\u010d nujna, sila, ki vse postara in znova o\u017eivi.<\/p>\t\t\t\t\t\t\t\t<\/div>\n\t\t\t\t\t<\/div>\n\t\t\t\t<\/div>\n\t\t<div class=\"elementor-element elementor-element-0qpjal9w iwg-steckbrief-card e-flex e-con-boxed e-con e-child\" data-id=\"0qpjal9w\" data-element_type=\"container\" data-e-type=\"container\">\n\t\t\t\t\t<div class=\"e-con-inner\">\n\t\t\t\t<div class=\"elementor-element elementor-element-6ndoih0o elementor-widget elementor-widget-heading\" data-id=\"6ndoih0o\" data-element_type=\"widget\" data-e-type=\"widget\" data-widget_type=\"heading.default\">\n\t\t\t\t\t<div class=\"elementor-heading-title elementor-size-default\">Obramba pred Mareno<\/div>\t\t\t\t<\/div>\n\t\t\t\t<div class=\"elementor-element elementor-element-6684tyh9 elementor-widget elementor-widget-text-editor\" data-id=\"6684tyh9\" data-element_type=\"widget\" data-e-type=\"widget\" data-widget_type=\"text-editor.default\">\n\t\t\t\t\t\t\t\t\t<p>Marena je kozmi\u010dna boginja, ne dobra ne zla, temve\u010d nujna. \u010ca\u0161\u010denje poteka skozi sezonske rituale v znak priznavanja njene mo\u010di in pro\u0161nje za mila zimo ali hiter prihod pomladi.<\/p><p><span class=\"iwg-fachbegriff\" data-tooltip=\"Urejeno zaporedje simboli\u010dnih dejanj z verskim ali kulturnim pomenom.\" tabindex=\"0\">Ritual<\/span> z Mareno lutko (praznovanje pusta) je bil me\u0161anica \u010da\u0161\u010denja in simboli\u010dnega izganjanja: lutko (Mareno) so se\u017egali ali vrgli v vodo, da bi kon\u010dali zimo in priklicali pomlad. Za\u0161\u010ditni obredi so vklju\u010devali simbole ognja in molitve. \u010ca\u0161\u010denje je bilo kozmi\u010dno-cikli\u010dno in je Mareno priznavalo kot nujno silo v letnem krogu, ne kot sovra\u017eno entiteto, ki bi jo bilo treba premagati.<\/p>\t\t\t\t\t\t\t\t<\/div>\n\t\t\t\t\t<\/div>\n\t\t\t\t<\/div>\n\t\t<div class=\"elementor-element elementor-element-3lfi7x32 iwg-steckbrief-card e-flex e-con-boxed e-con e-child\" data-id=\"3lfi7x32\" data-element_type=\"container\" data-e-type=\"container\">\n\t\t\t\t\t<div class=\"e-con-inner\">\n\t\t\t\t<div class=\"elementor-element elementor-element-0kg99ga1 elementor-widget elementor-widget-heading\" data-id=\"0kg99ga1\" data-element_type=\"widget\" data-e-type=\"widget\" data-widget_type=\"heading.default\">\n\t\t\t\t\t<div class=\"elementor-heading-title elementor-size-default\">Sorodna bitja<\/div>\t\t\t\t<\/div>\n\t\t\t\t<div class=\"elementor-element elementor-element-n0fum6kp elementor-widget elementor-widget-text-editor\" data-id=\"n0fum6kp\" data-element_type=\"widget\" data-e-type=\"widget\" data-widget_type=\"text-editor.default\">\n\t\t\t\t\t\t\t\t\t<p>Primerljivi so drugi bogovi zime in smrti: Had ali Perzefona v gr\u0161ko-rimski tradiciji (bogova smrti), nordijska Hel (boginja podzemlja), Hekata v gr\u0161ki <span class=\"iwg-fachbegriff\" data-tooltip=\"Celota izro\u010denih pripovedi o bogovih neke kulture.\" tabindex=\"0\">mitologiji<\/span> (boginja pragov in smrti) ter Kali v hinduizmu (boginja uni\u010denja in ponovnega rojstva). Vsem je skupna dvoumna narava med uni\u010denjem in obnovo ter cikli\u010dni vidik.<\/p>\t\t\t\t\t\t\t\t<\/div>\n\t\t\t\t\t<\/div>\n\t\t\t\t<\/div>\n\t\t\t\t<\/div>\n\t\t\t\t<\/div>\n\t\t\t\t\t<\/div>\n\t\t\t\t<\/div>\n\t\t<div class=\"elementor-element elementor-element-5a584676 e-flex e-con-boxed e-con e-parent\" data-id=\"5a584676\" data-element_type=\"container\" data-e-type=\"container\">\n\t\t\t\t\t<div class=\"e-con-inner\">\n\t\t\t\t<div class=\"elementor-element elementor-element-6d0757bf elementor-widget elementor-widget-heading\" data-id=\"6d0757bf\" data-element_type=\"widget\" data-e-type=\"widget\" data-widget_type=\"heading.default\">\n\t\t\t\t\t<h2 class=\"elementor-heading-title elementor-size-default\">Marena, vzporednice v drugih kulturah<\/h2>\t\t\t\t<\/div>\n\t\t<div class=\"elementor-element elementor-element-60563f68 e-con-full e-flex e-con e-child\" data-id=\"60563f68\" data-element_type=\"container\" data-e-type=\"container\">\n\t\t\t\t<div class=\"elementor-element elementor-element-5a93fdd6 elementor-widget elementor-widget-text-editor\" data-id=\"5a93fdd6\" data-element_type=\"widget\" data-e-type=\"widget\" data-widget_type=\"text-editor.default\">\n\t\t\t\t\t\t\t\t\t<p>Marena se uvr\u0161\u010da v vrsto sezonskih boginj smrti in obnove ter je po zgradbi vzporedna helenisti\u010dni Perzefoni in egip\u010danski \u017ealujo\u010di Izidi. Njen zimsko-spomladanski cikel se v slovanskem <span class=\"iwg-fachbegriff\" data-tooltip=\"Celota izro\u010denih \u0161eg in navad neke skupnosti.\" tabindex=\"0\">izro\u010dilu<\/span> konkretno <span class=\"iwg-fachbegriff\" data-tooltip=\"Kar sodi k dolo\u010denemu, ustaljenemu poteku religioznega dejanja.\" tabindex=\"0\">obredno<\/span> izvaja s se\u017eigom ali utopitvijo slamnate lutke, praksa, ki v tej obliki nima neposredne vzporednice na Sredozemlju.<\/p>\n<p><strong>Judovsko izro\u010dilo:<\/strong> V judovstvu ni neposredne boginje zime ali smrti, kot je Marena. Bog JHVH nadzoruje letne \u010dase in smrt, vendar ni antropomorfiziran kot \u017eensko bo\u017eanstvo. Kabala pa poznaje Bino kot \u201emater\u201d in kozmi\u010dno nasprotnico (Gevura\/strogost kot destruktivna stran), kar ponuja oddaljeno pojmovno vzporednico.<\/p><p><strong>Gr\u0161ko-rimski svet:<\/strong> Perzefona kot kraljica podzemlja in <span class=\"iwg-fachbegriff\" data-tooltip=\"Znak, ki predstavlja neko zamisel ali pomen.\" tabindex=\"0\">simbol<\/span> zime (pol leta pod zemljo) je podobna Mareni. Tudi Hekata je boginja teme in prehodov. Razlika je v tem, da sta Perzefona in Hekata bolj mitolo\u0161ki lika v ustaljenih vlogah kot pa kozmi\u010dni boginji cikla, kakr\u0161na je Marena. Hekata je \u010darovnica in varuhinja, ne boginja letnih \u010dasov.<\/p><p><strong>Mezopotamija:<\/strong> Boginja Ere\u0161kigal vlada podzemlju (Kur), podobno kot Marena vlada zimi. Vendar Ere\u0161kigal ni sezonska, je stati\u010dna v svoji podzemni domeni. Ni cikla letnih \u010dasov, kot ga ima Marena.<\/p><p><strong>Indija\/Azija:<\/strong> Kali ali Durga v hinduizmu poosebljata destruktivno-regenerativno \u017eensko naravo, podobno kot Marena. V taoizmu obstaja jin (temen, hladen) kot princip, ki ustreza zimi, vendar ne kot osebno bo\u017eanstvo. V japonskem <span class=\"iwg-fachbegriff\" data-tooltip=\"Religiozni sistem, v katerem posamezniki ob\u010dujejo z duhovnim svetom.\" tabindex=\"0\">\u0161amanizmu<\/span> obstajajo podzemna bo\u017eanstva, kot je Izanami, povezana s smrtjo. Vsem tem izro\u010dilom je skupna \u017eenska podoba smrti in cikel obnove.<\/p>\t\t\t\t\t\t\t\t<\/div>\n\t\t\t\t<\/div>\n\t\t\t\t\t<\/div>\n\t\t\t\t<\/div>\n\t\t<div class=\"elementor-element elementor-element-cpd5d54a1 e-flex e-con-boxed e-con e-parent\" data-id=\"cpd5d54a1\" data-element_type=\"container\" data-e-type=\"container\">\n\t\t\t\t\t<div class=\"e-con-inner\">\n\t\t\t\t<div class=\"elementor-element elementor-element-cpe274c99 elementor-widget elementor-widget-heading\" data-id=\"cpe274c99\" data-element_type=\"widget\" data-e-type=\"widget\" data-widget_type=\"heading.default\">\n\t\t\t\t\t<h2 class=\"elementor-heading-title elementor-size-default\">Problem virov o slovanskem svetu bogov<\/h2>\t\t\t\t<\/div>\n\t\t<div class=\"elementor-element elementor-element-cp7d012d9 e-con-full e-flex e-con e-child\" data-id=\"cp7d012d9\" data-element_type=\"container\" data-e-type=\"container\">\n\t\t\t\t<div class=\"elementor-element elementor-element-cp0032283 elementor-widget elementor-widget-text-editor\" data-id=\"cp0032283\" data-element_type=\"widget\" data-e-type=\"widget\" data-widget_type=\"text-editor.default\">\n\t\t\t\t\t\t\t\t\t<p>Kdor se pribli\u017ea Mareni, imenovani tudi Morana, Mara ali Marzanna, se mora najprej soo\u010diti z zahtevnim vpra\u0161anjem virov o slovanski religiji.<\/p><p>Pogansko Slovani niso zapustili lastnih religijskih besedil, kristjanizacija je potekala skozi ve\u010d stoletij, in kar vemo o njihovih bogovih, izhaja predvsem iz treh vrst virov: iz poro\u010dil kr\u0161\u010danskih kronistov, iz poznej\u0161ih cerkvenih prepovedi poganskih \u0161eg in iz ljudskega <span class=\"iwg-fachbegriff\" data-tooltip=\"Prena\u0161anje znanja in pripovedi skozi generacije.\" tabindex=\"0\">izro\u010dila<\/span> novej\u0161ega \u010dasa.<\/p><p>Za Mareno so srednjeve\u0161ka pri\u010devanja redka. V nasprotju z na primer vzhodnoslovanskim Perunom se komaj kdaj pojavlja v zgodnjih kronikah kot \u010da\u0161\u010deno <span class=\"iwg-fachbegriff\" data-tooltip=\"Bitje, ki je znotraj neke religije \u010da\u0161\u010deno kot bo\u017eansko.\" tabindex=\"0\">bo\u017eanstvo<\/span>.<\/p><p>Kar je znanega o njej, temelji predvsem na poznih virih iz zapadnoslovanskega prostora, zlasti iz Poljske, \u010ce\u0161ke in Slova\u0161ke, ter na \u0161egah za\u010detka pomladi, ki so se ohranile vse do novej\u0161ega \u010dasa.<\/p><p>Pomemben, pogosto navajan vir je poljski kronist Jan Dlugosz iz petnajstega stoletja, ki je v svoji zgodovini Poljske posku\u0161al starodavne slovanske bogove ena\u010diti z rimskimi bo\u017eanstvi. Take u\u010dene konstrukcije je treba obravnavati previdno, saj slovansko gradivo razlagajo skozi <span class=\"iwg-fachbegriff\" data-tooltip=\"Obdobje gr\u0161ke in rimske kulture, pribli\u017eno od 800 pr. Kr. do 600 po Kr.\" tabindex=\"0\">anti\u010dno<\/span> prizmo.<\/p><p>Religiologi\u010dna posledica je jasna. Zanesljive, enotne podobe boginje Marene iz poganskega \u010dasa ni mogo\u010de izrisati. Zanesljivo je predvsem obredna podoba spomladanske \u0161ege, slamnata lutka z imenom Marzanna ali Morena, ki jo nesejo skozi vas in nato uni\u010dijo.<\/p><p>Ali in v kak\u0161ni obliki stoji za tem resni\u010dno \u010da\u0161\u010deno <span class=\"iwg-fachbegriff\" data-tooltip=\"Bitje, ki je znotraj neke religije \u010da\u0161\u010deno kot bo\u017eansko.\" tabindex=\"0\">bo\u017eanstvo<\/span> poganskih Slovanov, je v znanosti sporno. Ta negotovost sodi k po\u0161teni predstavitvi te podobe.<\/p>\t\t\t\t\t\t\t\t<\/div>\n\t\t\t\t<\/div>\n\t\t\t\t\t<\/div>\n\t\t\t\t<\/div>\n\t\t<div class=\"elementor-element elementor-element-cpd610a66 e-flex e-con-boxed e-con e-parent\" data-id=\"cpd610a66\" data-element_type=\"container\" data-e-type=\"container\">\n\t\t\t\t\t<div class=\"e-con-inner\">\n\t\t\t\t<div class=\"elementor-element elementor-element-cp75c7cd5 elementor-widget elementor-widget-heading\" data-id=\"cp75c7cd5\" data-element_type=\"widget\" data-e-type=\"widget\" data-widget_type=\"heading.default\">\n\t\t\t\t\t<h2 class=\"elementor-heading-title elementor-size-default\">No\u0161enje Marzanne kot spomladanski obred<\/h2>\t\t\t\t<\/div>\n\t\t<div class=\"elementor-element elementor-element-cp5897b73 e-con-full e-flex e-con e-child\" data-id=\"cp5897b73\" data-element_type=\"container\" data-e-type=\"container\">\n\t\t\t\t<div class=\"elementor-element elementor-element-cpb48ef19 elementor-widget elementor-widget-text-editor\" data-id=\"cpb48ef19\" data-element_type=\"widget\" data-e-type=\"widget\" data-widget_type=\"text-editor.default\">\n\t\t\t\t\t\t\t\t\t<p>Marena je najbolj zanesljivo izpri\u010dana v raz\u0161irjenem zahodnoslovanskem <span class=\"iwg-fachbegriff\" data-tooltip=\"Izro\u010dena, v skupnosti redno ponavljana dejanja.\" tabindex=\"0\">obi\u010daju<\/span> za\u010detka pomladi, ki se na Poljskem, v \u010ce\u0161ki, na Slova\u0161kem in v sosednjih pokrajinah ohranja vse do danes.<\/p><p>V sredi\u0161\u010du stoji lutka iz slame, pogosto oble\u010dena v \u017eensko obleko, imenovana Marzanna, Morena ali s podobnimi imeni. Predstavlja zimo, smrt in otrplost hladnega letnega \u010dasa.<\/p><p>Ta <span class=\"iwg-fachbegriff\" data-tooltip=\"Izro\u010dena, v skupnosti redno ponavljana dejanja.\" tabindex=\"0\">obi\u010daj<\/span> se tradicionalno izvaja okoli astronomskega za\u010detka pomladi ali na \u010detrto postno nedeljo. Skupnost, pogosto otroci in mladina, nosi lutko v sprevodu skozi vas in nato ven iz nje, pri tem pa obi\u010dajno poje.<\/p><p>Na koncu Marzanno uni\u010dijo, za\u017egejo, vr\u017eejo v teko\u010do vodo ali oboje zapored. Na mnogih krajih velja za nevarno, da bi se tono\u010de lutke dotaknili ali se ozrli za njo, medtem ko se vra\u010dajo.<\/p><p>Odna\u0161anju Marzanne pogosto stoji nasproti drugo, nasprotno dejanje, priklic pomladi ali poletja, ki ga simbolizira zelena vejica, okra\u0161eno drevesce ali druga lutka. Ta <span class=\"iwg-fachbegriff\" data-tooltip=\"Izro\u010dena, v skupnosti redno ponavljana dejanja.\" tabindex=\"0\">obi\u010daj<\/span> je torej dvodelni <span class=\"iwg-fachbegriff\" data-tooltip=\"Urejeno zaporedje simboli\u010dnih dejanj z religioznim ali kulturnim pomenom.\" tabindex=\"0\">obred<\/span>, s katerim izgnajo smrt in mrzlo zimo ter prikli\u010dejo \u017eivljenje in topli letni \u010das.<\/p><p>V folkloristiki se ta <span class=\"iwg-fachbegriff\" data-tooltip=\"Izro\u010dena, v skupnosti redno ponavljana dejanja.\" tabindex=\"0\">obi\u010daj<\/span> razlaga kot obred prehoda in o\u010di\u0161\u010denja, ki spremlja menjavo letnih \u010dasov in ji <span class=\"iwg-fachbegriff\" data-tooltip=\"Pripadajo\u010d dolo\u010denemu religioznemu obrednemu poteku.\" tabindex=\"0\">obredno<\/span> pomaga. Srednjeve\u0161ka cerkev je nasprotovala odna\u0161anju tak\u0161nih lutk, kar ka\u017ee, da je bil ta <span class=\"iwg-fachbegriff\" data-tooltip=\"Izro\u010dena, v skupnosti redno ponavljana dejanja.\" tabindex=\"0\">obi\u010daj<\/span> dojet kot <span class=\"iwg-fachbegriff\" data-tooltip=\"S kr\u0161\u010danskega vidika: pripadajo\u010d predkr\u0161\u010danski ali nekr\u0161\u010danski religiji.\" tabindex=\"0\">pogansk<\/span>, in prav to cerkveno nasprotovanje je eden najpomembnej\u0161ih virov za oceno njegove starosti.<\/p><p>Ali je lutka prvotno upodabljala boginjo ali je od za\u010detka predstavljala zgolj utele\u0161enje zime, samo iz tega <span class=\"iwg-fachbegriff\" data-tooltip=\"Izro\u010dena, v skupnosti redno ponavljana dejanja.\" tabindex=\"0\">obi\u010daja<\/span> ni mogo\u010de zanesljivo ugotoviti.<\/p>\t\t\t\t\t\t\t\t<\/div>\n\t\t\t\t<\/div>\n\t\t\t\t\t<\/div>\n\t\t\t\t<\/div>\n\t\t<div class=\"elementor-element elementor-element-cp212838e e-flex e-con-boxed e-con e-parent\" data-id=\"cp212838e\" data-element_type=\"container\" data-e-type=\"container\">\n\t\t\t\t\t<div class=\"e-con-inner\">\n\t\t\t\t<div class=\"elementor-element elementor-element-cp6060732 elementor-widget elementor-widget-heading\" data-id=\"cp6060732\" data-element_type=\"widget\" data-e-type=\"widget\" data-widget_type=\"heading.default\">\n\t\t\t\t\t<h2 class=\"elementor-heading-title elementor-size-default\">Marena kot boginja smrti in zimskega \u010dasa<\/h2>\t\t\t\t<\/div>\n\t\t<div class=\"elementor-element elementor-element-cp0bac407 e-con-full e-flex e-con e-child\" data-id=\"cp0bac407\" data-element_type=\"container\" data-e-type=\"container\">\n\t\t\t\t<div class=\"elementor-element elementor-element-cpc986f3f elementor-widget elementor-widget-text-editor\" data-id=\"cpc986f3f\" data-element_type=\"widget\" data-e-type=\"widget\" data-widget_type=\"text-editor.default\">\n\t\t\t\t\t\t\t\t\t<p>Iz pomladnega obi\u010daja in iz jezikovnih namigov je raziskovanje izpeljalo podobo slovanske boginje smrti, zime in otrplosti, pri \u010demer je treba vedno poudariti hipoteti\u010den zna\u010daj te rekonstrukcije.<\/p><p>\u017de samo ime ponuja oporno to\u010dko, saj spada v besedno dru\u017eino okoli indoevropskega korena s pomenom umreti, h kateremu sodijo tudi latinska beseda <em>mors<\/em>, smrt, ter besede za mor in mrtve v razli\u010dnih jezikih. Razpravlja se tudi o povezavi z no\u010dnim bitjem, ki tla\u010di, torej slovansko <em>maro<\/em> in germansko moro (Mahr).<\/p><p>Iz tega izhaja razlaga Marene kot utele\u0161enja \u017eivljenju sovra\u017enih mo\u010di, mraza, teme, zastoja rastlinstva in smrti. V tem branju je zimski protipol mo\u010di pomladi in rodovitnosti.<\/p><p>Nekateri raziskovalci, predvsem v poljski in \u010de\u0161ki tradiciji, so jo razlagali kot ambivalentno boginjo, ki ne prina\u0161a le groze, temve\u010d sodi tudi v nujni krog naravnega kroga, saj brez zime ni pomladi, brez smrti ni prenove.<\/p><p>Poznej\u0161i, zlasti poljudnoznanstveni in novopoganski prikazi so Marena razvili v izdelano boginjo smrti s trdno biografijo, sorodstvom in vlogo. Te podobe so zanimive, vendar virsko niso podprte, saj pogosto v figuro vna\u0161ajo ve\u010d iz sodobnega miselnega sveta kot iz srednjeve\u0161kega <span class=\"iwg-fachbegriff\" data-tooltip=\"Predajanje znanja in pripovedi skozi generacije.\" tabindex=\"0\">izro\u010dila<\/span>.<\/p><p>Resna znanstvena pozicija ostaja previdna. Obstajajo dobri razlogi za domnevo, da za tem <span class=\"iwg-fachbegriff\" data-tooltip=\"Izro\u010dena, v skupnosti redno ponavljana dejanja.\" tabindex=\"0\">obi\u010dajem<\/span> in imenom stoji predstava o osebni, zimsko-smrtni mo\u010di.<\/p><p>Vendar pa iz ohranjenih virov ni mogo\u010de zanesljivo dokazati, da je obstajala v <span class=\"iwg-fachbegriff\" data-tooltip=\"Celota religioznih \u010da\u0161\u010denjskih dejanj za bo\u017eanstvo ali svetega lika.\" tabindex=\"0\">kultu<\/span> \u010da\u0161\u010dena boginja Marena z izdelanim <span class=\"iwg-fachbegriff\" data-tooltip=\"Izro\u010dena pripoved o bogovih, izvorih in ureditvi svet.\" tabindex=\"0\">mitom<\/span>. Marena je torej zgleden primer meja na\u0161ega znanja o slovanski religiji.<\/p>\t\t\t\t\t\t\t\t<\/div>\n\t\t\t\t<\/div>\n\t\t\t\t\t<\/div>\n\t\t\t\t<\/div>\n\t\t<div class=\"elementor-element elementor-element-36dd7469 e-flex e-con-boxed e-con e-parent\" data-id=\"36dd7469\" data-element_type=\"container\" data-e-type=\"container\">\n\t\t\t\t\t<div class=\"e-con-inner\">\n\t\t\t\t<div class=\"elementor-element elementor-element-13760ab4 elementor-widget elementor-widget-heading\" data-id=\"13760ab4\" data-element_type=\"widget\" data-e-type=\"widget\" data-widget_type=\"heading.default\">\n\t\t\t\t\t<h2 class=\"elementor-heading-title elementor-size-default\">Nadaljnje povezave<\/h2>\t\t\t\t<\/div>\n\t\t<div class=\"elementor-element elementor-element-28c87796 e-con-full e-flex e-con e-child\" data-id=\"28c87796\" data-element_type=\"container\" data-e-type=\"container\">\n\t\t\t\t<div class=\"elementor-element elementor-element-5d6538df elementor-widget elementor-widget-text-editor\" data-id=\"5d6538df\" data-element_type=\"widget\" data-e-type=\"widget\" data-widget_type=\"text-editor.default\">\n\t\t\t\t\t\t\t\t\t<ul><li><a href=\"https:\/\/iwell-guard.com\/sl\/?page_id=160360\">Slovanske kulture<\/a><\/li><li><a href=\"https:\/\/iwell-guard.com\/sl\/?page_id=160508\">Perun, bog groma in ponovnega za\u010detka<\/a><\/li><li><a href=\"https:\/\/iwell-guard.com\/sl\/?page_id=160464\">Hel, germanska boginja podzemlja<\/a><\/li><li><a href=\"https:\/\/iwell-guard.com\/sl\/?page_id=160460\">Had, gr\u0161ki bog podzemlja<\/a><\/li><\/ul>\t\t\t\t\t\t\t\t<\/div>\n\t\t\t\t<\/div>\n\t\t\t\t\t<\/div>\n\t\t\t\t<\/div>\n\t\t<div class=\"elementor-element elementor-element-grl4kl40 e-flex e-con-boxed e-con e-parent\" data-id=\"grl4kl40\" data-element_type=\"container\" data-e-type=\"container\">\n\t\t\t\t\t<div class=\"e-con-inner\">\n\t\t\t\t<div class=\"elementor-element elementor-element-bzsbfrmh elementor-widget elementor-widget-heading\" data-id=\"bzsbfrmh\" data-element_type=\"widget\" data-e-type=\"widget\" data-widget_type=\"heading.default\">\n\t\t\t\t\t<h2 class=\"elementor-heading-title elementor-size-default\">Raziskovalna literatura<\/h2>\t\t\t\t<\/div>\n\t\t<div class=\"elementor-element elementor-element-2c13224a e-con-full e-flex e-con e-child\" data-id=\"2c13224a\" data-element_type=\"container\" data-e-type=\"container\">\n\t\t\t\t<div class=\"elementor-element elementor-element-0eymh9ub elementor-widget elementor-widget-text-editor\" data-id=\"0eymh9ub\" data-element_type=\"widget\" data-e-type=\"widget\" data-widget_type=\"text-editor.default\">\n\t\t\t\t\t\t\t\t\t<footer class=\"iwg-literatur\" data-nosnippet=\"true\"><ul><li><span data-nosnippet>Ivanits, Linda: <em>Russian Folk Belief<\/em>. M.E. Sharpe, 1989.<\/span><\/li><li><span data-nosnippet>Hubbs, Joanna: <em>Mother Russia. The Feminine Myth in Russian Culture<\/em>. Indiana University Press, 1988.<\/span><\/li><li><span data-nosnippet>Gimbutas, Marija: <em>The Goddesses and Gods of Old Europe<\/em>. Thames and Hudson, 1982.<\/span><\/li><li><span data-nosnippet>Roux, Valentina: <em>Ancient Slavic Religion<\/em>. Routledge, 1999.<\/span><\/li><\/ul><\/footer>\t\t\t\t\t\t\t\t<\/div>\n\t\t\t\t<\/div>\n\t\t\t\t\t<\/div>\n\t\t\t\t<\/div>\n\t\t\t\t<\/div>\n\t\t","protected":false},"excerpt":{"rendered":"","protected":false},"author":3,"featured_media":1649,"parent":0,"menu_order":0,"comment_status":"closed","ping_status":"closed","template":"elementor_header_footer","meta":{"_yoast_wpseo_focuskw":"Marena","_yoast_wpseo_title":"Marena - Utele\u0161uje temni letni \u010das in smrt","_yoast_wpseo_metadesc":"Marena, slovanska boginja zime in smrti. Ritual taljenja ob prihodu pomladi, njeno se\u017eiganje kot del \u0161ege maslenice in sorodstvo z Morano.","_yoast_wpseo_meta-robots-noindex":"","_yoast_wpseo_canonical":"","_angie_page":false,"gefaehrdungsstufe":"3","wesen_kultur":"slawisch","wesen_klasse":"goetter","footnotes":""},"categories":[],"class_list":["post-160563","page","type-page","status-publish","has-post-thumbnail","hentry"],"yoast_head":"<!-- This site is optimized with the Yoast SEO Premium plugin v27.7 (Yoast SEO v28.3) - https:\/\/yoast.com\/product\/yoast-seo-premium-wordpress\/ -->\n<title>Marena - Utele\u0161uje temni letni \u010das in smrt<\/title>\n<meta name=\"description\" content=\"Marena, slovanska boginja zime in smrti. Ritual taljenja ob prihodu pomladi, njeno se\u017eiganje kot del \u0161ege maslenice in sorodstvo z Morano.\" \/>\n<meta name=\"robots\" content=\"index, follow, max-snippet:-1, max-image-preview:large, max-video-preview:-1\" \/>\n<link rel=\"canonical\" href=\"https:\/\/iwell-guard.com\/sl\/marena\/\" \/>\n<meta property=\"og:locale\" content=\"sl_SI\" \/>\n<meta property=\"og:type\" content=\"article\" \/>\n<meta property=\"og:title\" content=\"Marena\" \/>\n<meta property=\"og:description\" content=\"Marena, slovanska boginja zime in smrti. Ritual taljenja ob prihodu pomladi, njeno se\u017eiganje kot del \u0161ege maslenice in sorodstvo z Morano.\" \/>\n<meta property=\"og:url\" content=\"https:\/\/iwell-guard.com\/sl\/marena\/\" \/>\n<meta property=\"og:site_name\" content=\"iWell Guard\" \/>\n<meta property=\"article:modified_time\" content=\"2026-09-05T00:40:24+00:00\" \/>\n<meta property=\"og:image\" content=\"https:\/\/iwell-guard.com\/wp-content\/uploads\/2026\/04\/goetter_slawisch_marena.webp\" \/>\n\t<meta property=\"og:image:width\" content=\"1024\" \/>\n\t<meta property=\"og:image:height\" content=\"1536\" \/>\n\t<meta property=\"og:image:type\" content=\"image\/webp\" \/>\n<meta name=\"twitter:card\" content=\"summary_large_image\" \/>\n<script type=\"application\/ld+json\" class=\"yoast-schema-graph\">{\"@context\":\"https:\\\/\\\/schema.org\",\"@graph\":[{\"@type\":\"WebPage\",\"@id\":\"https:\\\/\\\/iwell-guard.com\\\/sl\\\/marena\\\/\",\"url\":\"https:\\\/\\\/iwell-guard.com\\\/sl\\\/marena\\\/\",\"name\":\"Marena - Utele\u0161uje temni letni \u010das in smrt\",\"isPartOf\":{\"@id\":\"https:\\\/\\\/iwell-guard.com\\\/sl\\\/#website\"},\"primaryImageOfPage\":{\"@id\":\"https:\\\/\\\/iwell-guard.com\\\/sl\\\/marena\\\/#primaryimage\"},\"image\":{\"@id\":\"https:\\\/\\\/iwell-guard.com\\\/sl\\\/marena\\\/#primaryimage\"},\"thumbnailUrl\":\"https:\\\/\\\/iwell-guard.com\\\/wp-content\\\/uploads\\\/2026\\\/04\\\/goetter_slawisch_marena.webp\",\"datePublished\":\"2026-09-05T00:22:29+00:00\",\"dateModified\":\"2026-09-05T00:40:24+00:00\",\"description\":\"Marena, slovanska boginja zime in smrti. Ritual taljenja ob prihodu pomladi, njeno se\u017eiganje kot del \u0161ege maslenice in sorodstvo z Morano.\",\"breadcrumb\":{\"@id\":\"https:\\\/\\\/iwell-guard.com\\\/sl\\\/marena\\\/#breadcrumb\"},\"inLanguage\":\"sl-SI\",\"potentialAction\":[{\"@type\":\"ReadAction\",\"target\":[\"https:\\\/\\\/iwell-guard.com\\\/sl\\\/marena\\\/\"]}]},{\"@type\":\"ImageObject\",\"inLanguage\":\"sl-SI\",\"@id\":\"https:\\\/\\\/iwell-guard.com\\\/sl\\\/marena\\\/#primaryimage\",\"url\":\"https:\\\/\\\/iwell-guard.com\\\/wp-content\\\/uploads\\\/2026\\\/04\\\/goetter_slawisch_marena.webp\",\"contentUrl\":\"https:\\\/\\\/iwell-guard.com\\\/wp-content\\\/uploads\\\/2026\\\/04\\\/goetter_slawisch_marena.webp\",\"width\":1024,\"height\":1536,\"caption\":\"Bogovi iz slovanske tradicije.\"},{\"@type\":\"BreadcrumbList\",\"@id\":\"https:\\\/\\\/iwell-guard.com\\\/sl\\\/marena\\\/#breadcrumb\",\"itemListElement\":[{\"@type\":\"ListItem\",\"position\":1,\"name\":\"Start\",\"item\":\"https:\\\/\\\/iwell-guard.com\\\/sl\\\/?page_id=160323\"},{\"@type\":\"ListItem\",\"position\":2,\"name\":\"Marena\"}]},{\"@type\":\"WebSite\",\"@id\":\"https:\\\/\\\/iwell-guard.com\\\/sl\\\/#website\",\"url\":\"https:\\\/\\\/iwell-guard.com\\\/sl\\\/\",\"name\":\"iWell Guard\",\"description\":\"Schutz vor dunklen Einfl\u00fcssen\",\"publisher\":{\"@id\":\"https:\\\/\\\/iwell-guard.com\\\/sl\\\/#organization\"},\"potentialAction\":[{\"@type\":\"SearchAction\",\"target\":{\"@type\":\"EntryPoint\",\"urlTemplate\":\"https:\\\/\\\/iwell-guard.com\\\/sl\\\/?s={search_term_string}\"},\"query-input\":{\"@type\":\"PropertyValueSpecification\",\"valueRequired\":true,\"valueName\":\"search_term_string\"}}],\"inLanguage\":\"sl-SI\"},{\"@type\":\"Organization\",\"@id\":\"https:\\\/\\\/iwell-guard.com\\\/sl\\\/#organization\",\"name\":\"Ittermann electronic GmbH\",\"url\":\"https:\\\/\\\/iwell-guard.com\\\/sl\\\/\",\"logo\":{\"@type\":\"ImageObject\",\"inLanguage\":\"sl-SI\",\"@id\":\"https:\\\/\\\/iwell-guard.com\\\/sl\\\/#\\\/schema\\\/logo\\\/image\\\/\",\"url\":\"https:\\\/\\\/iwell-guard.com\\\/wp-content\\\/uploads\\\/2026\\\/05\\\/Ittermann-Logo-1182x237-1.png\",\"contentUrl\":\"https:\\\/\\\/iwell-guard.com\\\/wp-content\\\/uploads\\\/2026\\\/05\\\/Ittermann-Logo-1182x237-1.png\",\"width\":1182,\"height\":237,\"caption\":\"Ittermann electronic GmbH\"},\"image\":{\"@id\":\"https:\\\/\\\/iwell-guard.com\\\/sl\\\/#\\\/schema\\\/logo\\\/image\\\/\"},\"sameAs\":[\"https:\\\/\\\/pantip.com\\\/profile\\\/9367242\",\"https:\\\/\\\/micro.blog\\\/iwellguard\",\"https:\\\/\\\/www.diggerslist.com\\\/iwellguard\\\/about\",\"https:\\\/\\\/skitterphoto.com\\\/photographers\\\/2870314\\\/iwell-guard\",\"https:\\\/\\\/iwellguard.wordpress.com\\\/2026\\\/06\\\/06\\\/iwell-guard\\\/\",\"https:\\\/\\\/hub.docker.com\\\/u\\\/iwellguard\",\"https:\\\/\\\/www.pinterest.com\\\/iwellguard\\\/\",\"https:\\\/\\\/bit.ly\\\/m\\\/iwellguard\",\"https:\\\/\\\/entre-vos-mains.alsace.eu\\\/profiles\\\/iwellguard\\\/activity\",\"https:\\\/\\\/gravatar.com\\\/reallybeded8fd34\",\"https:\\\/\\\/naijamatta.com\\\/iwellguard\",\"https:\\\/\\\/www.goodreads.com\\\/iwellguard\",\"https:\\\/\\\/profile.hatena.ne.jp\\\/iwellguard\\\/\",\"https:\\\/\\\/experiment.com\\\/users\\\/iwellguard\",\"https:\\\/\\\/wakelet.com\\\/@iWellGuard82270\",\"https:\\\/\\\/www.chordie.com\\\/forum\\\/profile.php?id=2555664\",\"https:\\\/\\\/www.instapaper.com\\\/p\\\/17757966\",\"https:\\\/\\\/www.mapleprimes.com\\\/users\\\/iwellguard\",\"https:\\\/\\\/businesslistingplus.com\\\/profile\\\/iwell-guard\\\/\",\"https:\\\/\\\/telegra.ph\\\/iWell-Guard-06-06\",\"https:\\\/\\\/pbase.com\\\/iwellguard\\\/iwellguard\",\"https:\\\/\\\/b.hatena.ne.jp\\\/iwellguard\\\/20260607#bookmark-4788405196491818882\",\"https:\\\/\\\/fliphtml5.com\\\/home\\\/iwellguard\",\"https:\\\/\\\/anyflip.com\\\/homepage\\\/cmiwl#About\",\"https:\\\/\\\/transfur.com\\\/Users\\\/iwellguard\",\"http:\\\/\\\/delphi.larsbo.org\\\/user\\\/iwellguard\",\"https:\\\/\\\/jobs.lajobsportal.org\\\/profiles\\\/8380803-iwell-guard\",\"https:\\\/\\\/md.chaosdorf.de\\\/s\\\/jfbe5SBdJD\",\"https:\\\/\\\/www.lingvolive.com\\\/en-us\\\/profile\\\/9ecaeaca-ce11-4e51-9e71-01d55e2bff36\\\/translations\",\"https:\\\/\\\/www.fitday.com\\\/fitness\\\/forums\\\/members\\\/iwellguard.html\",\"https:\\\/\\\/www.mymeetbook.com\\\/iwellguard\",\"https:\\\/\\\/pxhere.com\\\/en\\\/photographer-me\\\/5040798\",\"https:\\\/\\\/disqus.com\\\/by\\\/iwellguard\\\/about\\\/\",\"https:\\\/\\\/pastelink.net\\\/hjwciqwq\",\"https:\\\/\\\/pubhtml5.com\\\/homepage\\\/scjhn\\\/\",\"https:\\\/\\\/www.bitchute.com\\\/channel\\\/2O2eOKzNqujT\",\"https:\\\/\\\/audiomack.com\\\/iwellguard\"]},{\"@type\":\"Article\",\"@id\":\"https:\\\/\\\/iwell-guard.com\\\/sl\\\/marena\\\/#article\",\"isPartOf\":{\"@id\":\"https:\\\/\\\/iwell-guard.com\\\/sl\\\/marena\\\/\"},\"author\":{\"name\":\"Ralf Ittermann\",\"@id\":\"https:\\\/\\\/iwell-guard.com\\\/sl\\\/#\\\/schema\\\/person\\\/ee2a27f1cac3406c7c6fb5820cb7349f\"},\"headline\":\"Marena\",\"datePublished\":\"2026-09-05T00:22:29+00:00\",\"dateModified\":\"2026-09-05T00:40:24+00:00\",\"mainEntityOfPage\":{\"@id\":\"https:\\\/\\\/iwell-guard.com\\\/sl\\\/marena\\\/\"},\"publisher\":{\"@id\":\"https:\\\/\\\/iwell-guard.com\\\/sl\\\/#organization\"},\"image\":{\"@id\":\"https:\\\/\\\/iwell-guard.com\\\/sl\\\/marena\\\/#primaryimage\"},\"thumbnailUrl\":\"https:\\\/\\\/iwell-guard.com\\\/wp-content\\\/uploads\\\/2026\\\/04\\\/goetter_slawisch_marena.webp\",\"inLanguage\":\"sl-SI\",\"description\":\"Marena, slovanska boginja zime in smrti. Ritual taljenja ob prihodu pomladi, njeno se\u017eiganje kot del \u0161ege maslenice in sorodstvo z Morano.\"}]}<\/script>\n<!-- \/ Yoast SEO Premium plugin. -->","yoast_head_json":{"title":"Marena - Utele\u0161uje temni letni \u010das in smrt","description":"Marena, slovanska boginja zime in smrti. Ritual taljenja ob prihodu pomladi, njeno se\u017eiganje kot del \u0161ege maslenice in sorodstvo z Morano.","robots":{"index":"index","follow":"follow","max-snippet":"max-snippet:-1","max-image-preview":"max-image-preview:large","max-video-preview":"max-video-preview:-1"},"canonical":"https:\/\/iwell-guard.com\/sl\/marena\/","og_locale":"sl_SI","og_type":"article","og_title":"Marena","og_description":"Marena, slovanska boginja zime in smrti. Ritual taljenja ob prihodu pomladi, njeno se\u017eiganje kot del \u0161ege maslenice in sorodstvo z Morano.","og_url":"https:\/\/iwell-guard.com\/sl\/marena\/","og_site_name":"iWell Guard","article_modified_time":"2026-09-05T00:40:24+00:00","og_image":[{"width":1024,"height":1536,"url":"https:\/\/iwell-guard.com\/wp-content\/uploads\/2026\/04\/goetter_slawisch_marena.webp","type":"image\/webp"}],"twitter_card":"summary_large_image","schema":{"@context":"https:\/\/schema.org","@graph":[{"@type":"Article","@id":"https:\/\/iwell-guard.com\/sl\/marena\/#article","isPartOf":{"@id":"https:\/\/iwell-guard.com\/sl\/marena\/"},"author":{"name":"Ralf Ittermann","@id":"https:\/\/iwell-guard.com\/sl\/#\/schema\/person\/ee2a27f1cac3406c7c6fb5820cb7349f"},"headline":"Marena","datePublished":"2026-09-05T00:22:29+00:00","dateModified":"2026-09-05T00:40:24+00:00","mainEntityOfPage":{"@id":"https:\/\/iwell-guard.com\/sl\/marena\/"},"publisher":{"@id":"https:\/\/iwell-guard.com\/sl\/#organization"},"image":{"@id":"https:\/\/iwell-guard.com\/sl\/marena\/#primaryimage"},"thumbnailUrl":"https:\/\/iwell-guard.com\/wp-content\/uploads\/2026\/04\/goetter_slawisch_marena.webp","inLanguage":"sl-SI","description":"Marena, slovanska boginja zime in smrti. Ritual taljenja ob prihodu pomladi, njeno se\u017eiganje kot del \u0161ege maslenice in sorodstvo z Morano."},{"@type":"WebPage","@id":"https:\/\/iwell-guard.com\/sl\/marena\/","url":"https:\/\/iwell-guard.com\/sl\/marena\/","name":"Marena - Utele\u0161uje temni letni \u010das in smrt","isPartOf":{"@id":"https:\/\/iwell-guard.com\/sl\/#website"},"primaryImageOfPage":{"@id":"https:\/\/iwell-guard.com\/sl\/marena\/#primaryimage"},"image":{"@id":"https:\/\/iwell-guard.com\/sl\/marena\/#primaryimage"},"thumbnailUrl":"https:\/\/iwell-guard.com\/wp-content\/uploads\/2026\/04\/goetter_slawisch_marena.webp","datePublished":"2026-09-05T00:22:29+00:00","dateModified":"2026-09-05T00:40:24+00:00","description":"Marena, slovanska boginja zime in smrti. Ritual taljenja ob prihodu pomladi, njeno se\u017eiganje kot del \u0161ege maslenice in sorodstvo z Morano.","breadcrumb":{"@id":"https:\/\/iwell-guard.com\/sl\/marena\/#breadcrumb"},"inLanguage":"sl-SI","potentialAction":[{"@type":"ReadAction","target":["https:\/\/iwell-guard.com\/sl\/marena\/"]}]},{"@type":"ImageObject","inLanguage":"sl-SI","@id":"https:\/\/iwell-guard.com\/sl\/marena\/#primaryimage","url":"https:\/\/iwell-guard.com\/wp-content\/uploads\/2026\/04\/goetter_slawisch_marena.webp","contentUrl":"https:\/\/iwell-guard.com\/wp-content\/uploads\/2026\/04\/goetter_slawisch_marena.webp","width":1024,"height":1536,"caption":"Bogovi iz slovanske tradicije."},{"@type":"BreadcrumbList","@id":"https:\/\/iwell-guard.com\/sl\/marena\/#breadcrumb","itemListElement":[{"@type":"ListItem","position":1,"name":"Start","item":"https:\/\/iwell-guard.com\/sl\/?page_id=160323"},{"@type":"ListItem","position":2,"name":"Marena"}]},{"@type":"WebSite","@id":"https:\/\/iwell-guard.com\/sl\/#website","url":"https:\/\/iwell-guard.com\/sl\/","name":"iWell Guard","description":"Schutz vor dunklen Einfl\u00fcssen","publisher":{"@id":"https:\/\/iwell-guard.com\/sl\/#organization"},"potentialAction":[{"@type":"SearchAction","target":{"@type":"EntryPoint","urlTemplate":"https:\/\/iwell-guard.com\/sl\/?s={search_term_string}"},"query-input":{"@type":"PropertyValueSpecification","valueRequired":true,"valueName":"search_term_string"}}],"inLanguage":"sl-SI"},{"@type":"Organization","@id":"https:\/\/iwell-guard.com\/sl\/#organization","name":"Ittermann electronic GmbH","url":"https:\/\/iwell-guard.com\/sl\/","logo":{"@type":"ImageObject","inLanguage":"sl-SI","@id":"https:\/\/iwell-guard.com\/sl\/#\/schema\/logo\/image\/","url":"https:\/\/iwell-guard.com\/wp-content\/uploads\/2026\/05\/Ittermann-Logo-1182x237-1.png","contentUrl":"https:\/\/iwell-guard.com\/wp-content\/uploads\/2026\/05\/Ittermann-Logo-1182x237-1.png","width":1182,"height":237,"caption":"Ittermann electronic GmbH"},"image":{"@id":"https:\/\/iwell-guard.com\/sl\/#\/schema\/logo\/image\/"},"sameAs":["https:\/\/pantip.com\/profile\/9367242","https:\/\/micro.blog\/iwellguard","https:\/\/www.diggerslist.com\/iwellguard\/about","https:\/\/skitterphoto.com\/photographers\/2870314\/iwell-guard","https:\/\/iwellguard.wordpress.com\/2026\/06\/06\/iwell-guard\/","https:\/\/hub.docker.com\/u\/iwellguard","https:\/\/www.pinterest.com\/iwellguard\/","https:\/\/bit.ly\/m\/iwellguard","https:\/\/entre-vos-mains.alsace.eu\/profiles\/iwellguard\/activity","https:\/\/gravatar.com\/reallybeded8fd34","https:\/\/naijamatta.com\/iwellguard","https:\/\/www.goodreads.com\/iwellguard","https:\/\/profile.hatena.ne.jp\/iwellguard\/","https:\/\/experiment.com\/users\/iwellguard","https:\/\/wakelet.com\/@iWellGuard82270","https:\/\/www.chordie.com\/forum\/profile.php?id=2555664","https:\/\/www.instapaper.com\/p\/17757966","https:\/\/www.mapleprimes.com\/users\/iwellguard","https:\/\/businesslistingplus.com\/profile\/iwell-guard\/","https:\/\/telegra.ph\/iWell-Guard-06-06","https:\/\/pbase.com\/iwellguard\/iwellguard","https:\/\/b.hatena.ne.jp\/iwellguard\/20260607#bookmark-4788405196491818882","https:\/\/fliphtml5.com\/home\/iwellguard","https:\/\/anyflip.com\/homepage\/cmiwl#About","https:\/\/transfur.com\/Users\/iwellguard","http:\/\/delphi.larsbo.org\/user\/iwellguard","https:\/\/jobs.lajobsportal.org\/profiles\/8380803-iwell-guard","https:\/\/md.chaosdorf.de\/s\/jfbe5SBdJD","https:\/\/www.lingvolive.com\/en-us\/profile\/9ecaeaca-ce11-4e51-9e71-01d55e2bff36\/translations","https:\/\/www.fitday.com\/fitness\/forums\/members\/iwellguard.html","https:\/\/www.mymeetbook.com\/iwellguard","https:\/\/pxhere.com\/en\/photographer-me\/5040798","https:\/\/disqus.com\/by\/iwellguard\/about\/","https:\/\/pastelink.net\/hjwciqwq","https:\/\/pubhtml5.com\/homepage\/scjhn\/","https:\/\/www.bitchute.com\/channel\/2O2eOKzNqujT","https:\/\/audiomack.com\/iwellguard"]},{"@type":"Person","@id":"https:\/\/iwell-guard.com\/sl\/#\/schema\/person\/ee2a27f1cac3406c7c6fb5820cb7349f","name":"Ralf Ittermann","image":{"@type":"ImageObject","inLanguage":"sl-SI","@id":"https:\/\/secure.gravatar.com\/avatar\/073c0153e350a5005b68eb752b445fea71f6b24a26da9449ad7e155e6b446c9d?s=96&d=mm&r=g","url":"https:\/\/secure.gravatar.com\/avatar\/073c0153e350a5005b68eb752b445fea71f6b24a26da9449ad7e155e6b446c9d?s=96&d=mm&r=g","contentUrl":"https:\/\/secure.gravatar.com\/avatar\/073c0153e350a5005b68eb752b445fea71f6b24a26da9449ad7e155e6b446c9d?s=96&d=mm&r=g","caption":"Ralf Ittermann"},"givenName":"Ralf","familyName":"Ittermann","jobTitle":"Gesch\u00e4ftsf\u00fchrer und redaktioneller Verantwortlicher","url":"https:\/\/iwell-guard.com\/sl\/author\/claude\/","description":"Ralf Ittermann ist Gesch\u00e4ftsf\u00fchrer der Ittermann electronic GmbH und redaktioneller Verantwortlicher des iWell-Guard-Lexikons. Er verbindet langj\u00e4hrige Erfahrung in der Pr\u00e4zisionsfertigung mit medialer Praxis und religionsgeschichtlicher Quellenarbeit.","worksFor":{"@type":"Organization","name":"Ittermann electronic GmbH","url":"https:\/\/ittermann.de\/","address":{"@type":"PostalAddress","streetAddress":"K\u00f6hlergasse 16-18","postalCode":"99842","addressLocality":"Ruhla","addressCountry":"DE"}},"knowsAbout":["Religionsgeschichte","Mythologie","Mediale Praxis","Energetische Diagnostik","Schutzpraxis","Volksglauben","Westliche Esoterik"]},{"@type":"Article","@id":"https:\/\/iwell-guard.com\/sl\/marena\/#article","isPartOf":{"@id":"https:\/\/iwell-guard.com\/sl\/marena\/"},"author":{"name":"Ralf Ittermann","@id":"https:\/\/iwell-guard.com\/sl\/#\/schema\/person\/ee2a27f1cac3406c7c6fb5820cb7349f"},"headline":"Marena","datePublished":"2026-09-05T00:22:29+00:00","dateModified":"2026-09-05T00:40:24+00:00","mainEntityOfPage":{"@id":"https:\/\/iwell-guard.com\/sl\/marena\/"},"publisher":{"@id":"https:\/\/iwell-guard.com\/sl\/#organization"},"image":{"@id":"https:\/\/iwell-guard.com\/sl\/marena\/#primaryimage"},"thumbnailUrl":"https:\/\/iwell-guard.com\/wp-content\/uploads\/2026\/04\/goetter_slawisch_marena.webp","inLanguage":"sl-SI","description":"Marena, slovanska boginja zime in smrti. Ritual taljenja ob prihodu pomladi, njeno se\u017eiganje kot del \u0161ege maslenice in sorodstvo z Morano."}]}},"_links":{"self":[{"href":"https:\/\/iwell-guard.com\/sl\/wp-json\/wp\/v2\/pages\/160563","targetHints":{"allow":["GET"]}}],"collection":[{"href":"https:\/\/iwell-guard.com\/sl\/wp-json\/wp\/v2\/pages"}],"about":[{"href":"https:\/\/iwell-guard.com\/sl\/wp-json\/wp\/v2\/types\/page"}],"author":[{"embeddable":true,"href":"https:\/\/iwell-guard.com\/sl\/wp-json\/wp\/v2\/users\/3"}],"replies":[{"embeddable":true,"href":"https:\/\/iwell-guard.com\/sl\/wp-json\/wp\/v2\/comments?post=160563"}],"version-history":[{"count":0,"href":"https:\/\/iwell-guard.com\/sl\/wp-json\/wp\/v2\/pages\/160563\/revisions"}],"wp:featuredmedia":[{"embeddable":true,"href":"https:\/\/iwell-guard.com\/sl\/wp-json\/wp\/v2\/media\/1649"}],"wp:attachment":[{"href":"https:\/\/iwell-guard.com\/sl\/wp-json\/wp\/v2\/media?parent=160563"}],"wp:term":[{"taxonomy":"category","embeddable":true,"href":"https:\/\/iwell-guard.com\/sl\/wp-json\/wp\/v2\/categories?post=160563"}],"curies":[{"name":"wp","href":"https:\/\/api.w.org\/{rel}","templated":true}]}}