{"id":160558,"date":"2026-09-05T00:22:27","date_gmt":"2026-09-05T00:22:27","guid":{"rendered":"https:\/\/iwell-guard.com\/?page_id=160558"},"modified":"2026-09-05T00:40:15","modified_gmt":"2026-09-05T00:40:15","slug":"freyja","status":"publish","type":"page","link":"https:\/\/iwell-guard.com\/sl\/freyja\/","title":{"rendered":"Freyja"},"content":{"rendered":"\t\t<div data-elementor-type=\"wp-page\" data-elementor-id=\"160558\" class=\"elementor elementor-160558 elementor-2094 elementor-bc-flex-widget\" data-elementor-post-type=\"page\">\n\t\t\t\t<div class=\"elementor-element elementor-element-10fdade e-flex e-con-boxed e-con e-parent\" data-id=\"10fdade\" data-element_type=\"container\" data-e-type=\"container\" data-settings=\"{&quot;background_background&quot;:&quot;classic&quot;}\">\n\t\t\t\t\t<div class=\"e-con-inner\">\n\t\t<div class=\"elementor-element elementor-element-herohlft0 e-flex e-con-boxed e-con e-child\" data-id=\"herohlft0\" data-element_type=\"container\" data-e-type=\"container\">\n\t\t\t\t\t<div class=\"e-con-inner\">\n\t\t<div class=\"elementor-element elementor-element-c3ceb64 e-con-full e-flex e-con e-child\" data-id=\"c3ceb64\" data-element_type=\"container\" data-e-type=\"container\">\n\t\t\t\t<div class=\"elementor-element elementor-element-96ae5e1 elementor-widget elementor-widget-heading\" data-id=\"96ae5e1\" data-element_type=\"widget\" data-e-type=\"widget\" data-widget_type=\"heading.default\">\n\t\t\t\t\t<h1 class=\"elementor-heading-title elementor-size-default\">Freyja, boginja germanske tradicije<\/h1>\t\t\t\t<\/div>\n\t\t\t\t<div class=\"elementor-element elementor-element-e45238a elementor-widget elementor-widget-text-editor\" data-id=\"e45238a\" data-element_type=\"widget\" data-e-type=\"widget\" data-widget_type=\"text-editor.default\">\n\t\t\t\t\t\t\t\t\t<p>Freyja je ena osrednjih boginj germanske <span class=\"iwg-fachbegriff\" data-tooltip=\"Celota izro\u010denih pripovedi o bogovih neke kulture.\" tabindex=\"0\">mitologije<\/span>, ki vlada ljubezni, rodovitnosti, vojni in blaginji. Pripada rodu Vanov in v nordijskih virih, kot je Prozna Edda, predstavlja \u010dutnost, \u017eensko mo\u010d in magi\u010dno znanje.<\/p>\t\t\t\t\t\t\t\t<\/div>\n\t\t\t\t<\/div>\n\t\t<div class=\"elementor-element elementor-element-klsbdg01 e-con-full e-flex e-con e-parent\" data-id=\"klsbdg01\" data-element_type=\"container\" data-e-type=\"container\">\n\t\t\t\t<div class=\"elementor-element elementor-element-klshtm01 elementor-widget elementor-widget-html\" data-id=\"klshtm01\" data-element_type=\"widget\" data-e-type=\"widget\" data-widget_type=\"html.default\">\n\t\t\t\t\t<div class=\"iwg-pill-row\"><span class=\"iwg-klasse-badge\" tabindex=\"0\" data-tooltip=\"Bog \/ boginja: Osebna najvi\u0161ja mo\u010d v panteonu neke kulture, z jasnimi pristojnostmi za naravne sile, usodo, vojno, rodovitnost. \u010ca\u0161\u010dena s kulti, daritvami in templjanskimi ustanovami.\">Boginja<\/span><a href=\"https:\/\/iwell-guard.com\/sl\/?page_id=160357\" class=\"iwg-kultur-badge\" tabindex=\"0\" data-tooltip=\"Predkr\u0161\u010danski svet bogov in duhov severne in srednje Evrope.\">Germansko<\/a><\/div>\t\t\t\t<\/div>\n\t\t\t\t<\/div>\n\t\t<div class=\"elementor-element elementor-element-3f74855 e-con-full e-flex e-con e-child\" data-id=\"3f74855\" data-element_type=\"container\" data-e-type=\"container\">\n\t\t\t\t<div class=\"elementor-element elementor-element-1c30362 elementor-toc--minimized-on-tablet elementor-widget elementor-widget-table-of-contents\" data-id=\"1c30362\" data-element_type=\"widget\" data-e-type=\"widget\" data-settings=\"{&quot;exclude_headings_by_selector&quot;:[],&quot;no_headings_message&quot;:&quot;Na tej strani ni najdenih naslovov.&quot;,&quot;headings_by_tags&quot;:[&quot;h2&quot;,&quot;h3&quot;],&quot;marker_view&quot;:&quot;bullets&quot;,&quot;minimize_box&quot;:&quot;yes&quot;,&quot;icon&quot;:{&quot;value&quot;:&quot;fas fa-circle&quot;,&quot;library&quot;:&quot;fa-solid&quot;,&quot;rendered_tag&quot;:&quot;&lt;svg class=\\&quot;e-font-icon-svg e-fas-circle\\&quot; viewBox=\\&quot;0 0 512 512\\&quot; xmlns=\\&quot;http:\\\/\\\/www.w3.org\\\/2000\\\/svg\\&quot;&gt;&lt;path d=\\&quot;M256 8C119 8 8 119 8 256s111 248 248 248 248-111 248-248S393 8 256 8z\\&quot;&gt;&lt;\\\/path&gt;&lt;\\\/svg&gt;&quot;},&quot;minimized_on&quot;:&quot;tablet&quot;,&quot;hierarchical_view&quot;:&quot;yes&quot;,&quot;min_height&quot;:{&quot;unit&quot;:&quot;px&quot;,&quot;size&quot;:&quot;&quot;,&quot;sizes&quot;:[]},&quot;min_height_tablet&quot;:{&quot;unit&quot;:&quot;px&quot;,&quot;size&quot;:&quot;&quot;,&quot;sizes&quot;:[]},&quot;min_height_mobile&quot;:{&quot;unit&quot;:&quot;px&quot;,&quot;size&quot;:&quot;&quot;,&quot;sizes&quot;:[]}}\" data-widget_type=\"table-of-contents.default\">\n\t\t\t\t\t\t\t\t\t<div class=\"elementor-toc__header\">\n\t\t\t\t\t\t<h2 class=\"elementor-toc__header-title\">\n\t\t\t\tKazalo vsebine\t\t\t<\/h2>\n\t\t\t\t\t\t\t\t\t\t<div class=\"elementor-toc__toggle-button elementor-toc__toggle-button--expand\" role=\"button\" tabindex=\"0\" aria-controls=\"elementor-toc__1c30362\" aria-expanded=\"true\" aria-label=\"Open table of contents\"><svg aria-hidden=\"true\" class=\"e-font-icon-svg e-fas-chevron-down\" viewBox=\"0 0 448 512\" xmlns=\"http:\/\/www.w3.org\/2000\/svg\"><path d=\"M207.029 381.476L12.686 187.132c-9.373-9.373-9.373-24.569 0-33.941l22.667-22.667c9.357-9.357 24.522-9.375 33.901-.04L224 284.505l154.745-154.021c9.379-9.335 24.544-9.317 33.901.04l22.667 22.667c9.373 9.373 9.373 24.569 0 33.941L240.971 381.476c-9.373 9.372-24.569 9.372-33.942 0z\"><\/path><\/svg><\/div>\n\t\t\t\t<div class=\"elementor-toc__toggle-button elementor-toc__toggle-button--collapse\" role=\"button\" tabindex=\"0\" aria-controls=\"elementor-toc__1c30362\" aria-expanded=\"true\" aria-label=\"Close table of contents\"><svg aria-hidden=\"true\" class=\"e-font-icon-svg e-fas-chevron-up\" viewBox=\"0 0 448 512\" xmlns=\"http:\/\/www.w3.org\/2000\/svg\"><path d=\"M240.971 130.524l194.343 194.343c9.373 9.373 9.373 24.569 0 33.941l-22.667 22.667c-9.357 9.357-24.522 9.375-33.901.04L224 227.495 69.255 381.516c-9.379 9.335-24.544 9.317-33.901-.04l-22.667-22.667c-9.373-9.373-9.373-24.569 0-33.941L207.03 130.525c9.372-9.373 24.568-9.373 33.941-.001z\"><\/path><\/svg><\/div>\n\t\t\t\t\t<\/div>\n\t\t\t\t<div id=\"elementor-toc__1c30362\" class=\"elementor-toc__body\">\n\t\t\t<div class=\"elementor-toc__spinner-container\">\n\t\t\t\t<svg class=\"elementor-toc__spinner eicon-animation-spin e-font-icon-svg e-eicon-loading\" aria-hidden=\"true\" viewBox=\"0 0 1000 1000\" xmlns=\"http:\/\/www.w3.org\/2000\/svg\"><path d=\"M500 975V858C696 858 858 696 858 500S696 142 500 142 142 304 142 500H25C25 237 238 25 500 25S975 237 975 500 763 975 500 975Z\"><\/path><\/svg>\t\t\t<\/div>\n\t\t<\/div>\n\t\t\t\t\t\t<\/div>\n\t\t\t\t<\/div>\n\t\t\t\t\t<\/div>\n\t\t\t\t<\/div>\n\t\t<div class=\"elementor-element elementor-element-herorght0 e-con-full e-flex e-con e-child\" data-id=\"herorght0\" data-element_type=\"container\" data-e-type=\"container\">\n\t\t\t\t<div class=\"elementor-element elementor-element-heroimg00 iwg-hero-image elementor-widget elementor-widget-image\" data-id=\"heroimg00\" data-element_type=\"widget\" data-e-type=\"widget\" data-widget_type=\"image.default\">\n\t\t\t\t\t\t\t\t\t\t\t\t\t\t\t<img fetchpriority=\"high\" decoding=\"async\" width=\"683\" height=\"1024\" src=\"https:\/\/iwell-guard.com\/wp-content\/uploads\/2026\/04\/goetter_germanisch_freyja-683x1024.webp\" class=\"attachment-large size-large wp-image-162873\" alt=\"Freyja - bogovi germanske tradicije, zgodovinsko-ilustrativno\" srcset=\"https:\/\/iwell-guard.com\/wp-content\/uploads\/2026\/04\/goetter_germanisch_freyja-683x1024.webp 683w, https:\/\/iwell-guard.com\/wp-content\/uploads\/2026\/04\/goetter_germanisch_freyja-200x300.webp 200w, https:\/\/iwell-guard.com\/wp-content\/uploads\/2026\/04\/goetter_germanisch_freyja-768x1152.webp 768w, https:\/\/iwell-guard.com\/wp-content\/uploads\/2026\/04\/goetter_germanisch_freyja.webp 1024w\" sizes=\"(max-width: 683px) 100vw, 683px\" \/>\t\t\t\t\t\t\t\t\t\t\t\t\t\t\t<\/div>\n\t\t\t\t<\/div>\n\t\t\t\t\t<\/div>\n\t\t\t\t<\/div>\n\t\t<div class=\"elementor-element elementor-element-32917199 e-flex e-con-boxed e-con e-parent\" data-id=\"32917199\" data-element_type=\"container\" data-e-type=\"container\">\n\t\t\t\t\t<div class=\"e-con-inner\">\n\t\t<div class=\"elementor-element elementor-element-26e916cb e-flex e-con-boxed e-con e-child\" data-id=\"26e916cb\" data-element_type=\"container\" data-e-type=\"container\">\n\t\t\t\t\t<div class=\"e-con-inner\">\n\t\t<div class=\"elementor-element elementor-element-253a40d4 e-flex e-con-boxed e-con e-child\" data-id=\"253a40d4\" data-element_type=\"container\" data-e-type=\"container\">\n\t\t\t\t\t<div class=\"e-con-inner\">\n\t\t\t\t<div class=\"elementor-element elementor-element-1200c304 elementor-widget elementor-widget-heading\" data-id=\"1200c304\" data-element_type=\"widget\" data-e-type=\"widget\" data-widget_type=\"heading.default\">\n\t\t\t\t\t<div class=\"elementor-heading-title elementor-size-default\">Freyja<\/div>\t\t\t\t<\/div>\n\t\t\t\t<div class=\"elementor-element elementor-element-11758e7f elementor-widget elementor-widget-text-editor\" data-id=\"11758e7f\" data-element_type=\"widget\" data-e-type=\"widget\" data-widget_type=\"text-editor.default\">\n\t\t\t\t\t\t\t\t\t<p>Freyja je upodobljena z zlatom, ma\u010dkami, sokoli in ogrlico Brisingamen. Skupaj z Odinom izbira polovico padlih v boju in jih vodi v svojo dvorano Folkvangr. \u010ca\u0161\u010dena je v kultih rodovitnosti, pri porokinih zaobljubah in \u017eensk delih ro\u010dnih spretnosti.<\/p>\t\t\t\t\t\t\t\t<\/div>\n\t\t\t\t\t<\/div>\n\t\t\t\t<\/div>\n\t\t<div class=\"elementor-element elementor-element-159dcf9a e-flex e-con-boxed e-con e-child\" data-id=\"159dcf9a\" data-element_type=\"container\" data-e-type=\"container\">\n\t\t\t\t\t<div class=\"e-con-inner\">\n\t\t\t\t<div class=\"elementor-element elementor-element-48cee66f elementor-widget elementor-widget-heading\" data-id=\"48cee66f\" data-element_type=\"widget\" data-e-type=\"widget\" data-widget_type=\"heading.default\">\n\t\t\t\t\t<h3 class=\"elementor-heading-title elementor-size-default\">Na kratko: Freyja<\/h3>\t\t\t\t<\/div>\n\t\t\t\t<div class=\"elementor-element elementor-element-3f50d82c elementor-widget elementor-widget-text-editor\" data-id=\"3f50d82c\" data-element_type=\"widget\" data-e-type=\"widget\" data-widget_type=\"text-editor.default\">\n\t\t\t\t\t\t\t\t\t<p><strong>Tip:<\/strong> Germanska glavna boginja, Vanka, boginja ljubezni, vojne in <span class=\"iwg-fachbegriff\" data-tooltip=\"Prakse, ki s posebnimi dejanji ali formulami sku\u0161ajo pose\u010di v potek dogodkov.\" tabindex=\"0\">magije<\/span><br><span class=\"iwg-fachbegriff\" data-tooltip=\"Skupnost vseh bo\u017eanstev neke religije ali kulture.\" tabindex=\"0\">Panteon<\/span>: Germansko \/ nordijsko (rod Vanov)<br>Funkcija: ljubezen, lepota, spolnost, vojna, sei\u00f0r-magija, polovica padlih bojevnikov<br>Glavni atributi: ogrlica Br\u00edsingamen, pla\u0161\u010d iz sokoljega perja, voz z ma\u010dkami, solze iz zlata<br>Glavna kultna mesta: lastni <span class=\"iwg-fachbegriff\" data-tooltip=\"Stavba, namenjena \u010da\u0161\u010denju enega ali ve\u010d bo\u017eanstev.\" tabindex=\"0\">templji<\/span> niso dokumentirani; ljudski kult na Skandinavskem in v severni Nem\u010diji<br>Sorojenci: Freyr (brat, glavni Van)<\/p>\t\t\t\t\t\t\t\t<\/div>\n\t\t\t\t\t<\/div>\n\t\t\t\t<\/div>\n\t\t\t\t\t<\/div>\n\t\t\t\t<\/div>\n\t\t\t\t\t<\/div>\n\t\t\t\t<\/div>\n\t\t<div class=\"elementor-element elementor-element-18613602 e-flex e-con-boxed e-con e-parent\" data-id=\"18613602\" data-element_type=\"container\" data-e-type=\"container\">\n\t\t\t\t\t<div class=\"e-con-inner\">\n\t\t\t\t<div class=\"elementor-element elementor-element-262b8a9f elementor-widget elementor-widget-heading\" data-id=\"262b8a9f\" data-element_type=\"widget\" data-e-type=\"widget\" data-widget_type=\"heading.default\">\n\t\t\t\t\t<h2 class=\"elementor-heading-title elementor-size-default\">Zgodovinska umestitev<\/h2>\t\t\t\t<\/div>\n\t\t<div class=\"elementor-element elementor-element-46dcb7d e-con-full e-flex e-con e-child\" data-id=\"46dcb7d\" data-element_type=\"container\" data-e-type=\"container\">\n\t\t<div class=\"elementor-element elementor-element-61d3ab3 e-flex e-con-boxed e-con e-child\" data-id=\"61d3ab3\" data-element_type=\"container\" data-e-type=\"container\">\n\t\t\t\t\t<div class=\"e-con-inner\">\n\t\t\t\t<div class=\"elementor-element elementor-element-117c166 elementor-widget elementor-widget-heading\" data-id=\"117c166\" data-element_type=\"widget\" data-e-type=\"widget\" data-widget_type=\"heading.default\">\n\t\t\t\t\t<div class=\"elementor-heading-title elementor-size-default\">Zeitraum der Texte<\/div>\t\t\t\t<\/div>\n\t\t\t\t<div class=\"elementor-element elementor-element-73997a0 elementor-widget elementor-widget-text-editor\" data-id=\"73997a0\" data-element_type=\"widget\" data-e-type=\"widget\" data-widget_type=\"text-editor.default\">\n\t\t\t\t\t\t\t\t\t<p>Freyja je osrednja postava \u017ee v najzgodnej\u0161ih skandinavskih virih. Glavna vira: <span class=\"iwg-fachbegriff\" tabindex=\"0\" data-tooltip=\"Islandski u\u010denjak (1179\u20131241); avtor Prozne Edde in Heimskringle.\">Snorri Sturluson<\/span>, <em>Snorra-Edda<\/em> (1220), in <em>Pesni\u0161ka Edda<\/em> (13. stoletje, vsebuje starej\u0161e pesmi). Je najpomembnej\u0161a med boginjami <em>Vanov<\/em> (starej\u0161ega, predasovskega rodu bogov), sprejeta v Asgard kot talka skupaj z o\u010detom Njordom in bratom Freyrjem po vojni med Asi in Vani.<\/p><p>Glavno obdobje cvetenja njenega kulta: predkr\u0161\u010danska Skandinavija (viking obdobje, 8.\u201311. stoletje). Pokristjanjenje Skandinavije (10.\u201312. stoletje) je <span class=\"iwg-fachbegriff\" data-tooltip=\"Celota religioznih \u010da\u0161\u010denjskih dejanj za neko bo\u017eanstvo ali sveto bitje.\" tabindex=\"0\">kult<\/span> prekinilo, vendar so se ljudski obi\u010daji (praznovanja \u017eensk ob petkih, \u010da\u0161\u010denje ma\u010dk v nekaterih regijah) ohranili. V 19.\/20. stoletju je pri\u0161lo do romanti\u010dnega o\u017eivljanja; v sodobni tradiciji <em>Asatru<\/em> je ponovno osrednja.<\/p>\n<p>Tacit v svoji <em>Germaniji<\/em> (98 n. \u0161t.) omenja boginjo Nerthus, ki so jo \u010dastila ve\u010d germanskih ljudstev in katere ime je jezikovno povezano z Njordom. Raziskovalci Nerthus obravnavajo kot bitje, pripadajo\u010de Vanom, in torej kot mo\u017eno zgodnjo paralelo ali predhodnico Freyjine tradicije, \u010deprav neposredna ena\u010ditev ni mogo\u010da.<\/p>\t\t\t\t\t\t\t\t<\/div>\n\t\t\t\t\t<\/div>\n\t\t\t\t<\/div>\n\t\t<div class=\"elementor-element elementor-element-d47b156 e-flex e-con-boxed e-con e-child\" data-id=\"d47b156\" data-element_type=\"container\" data-e-type=\"container\">\n\t\t\t\t\t<div class=\"e-con-inner\">\n\t\t\t\t<div class=\"elementor-element elementor-element-ff38c2b elementor-widget elementor-widget-heading\" data-id=\"ff38c2b\" data-element_type=\"widget\" data-e-type=\"widget\" data-widget_type=\"heading.default\">\n\t\t\t\t\t<div class=\"elementor-heading-title elementor-size-default\">Verbreitungsraum<\/div>\t\t\t\t<\/div>\n\t\t\t\t<div class=\"elementor-element elementor-element-4e49fcc elementor-widget elementor-widget-text-editor\" data-id=\"4e49fcc\" data-element_type=\"widget\" data-e-type=\"widget\" data-widget_type=\"text-editor.default\">\n\t\t\t\t\t\t\t\t\t<p>Neposredni Freyjini <span class=\"iwg-fachbegriff\" data-tooltip=\"Zgradba, namenjena \u010da\u0161\u010denju enega ali ve\u010d bo\u017eanstev.\" tabindex=\"0\">templji<\/span> niso zanesljivo dokumentirani; nekatera skandinavska krajevna imena (npr. Frejskult-Steden na \u0160vedskem) ka\u017eejo na stara kultna mesta. Adam Bremenski v 11. stoletju omenja <em><span class=\"iwg-fachbegriff\" data-tooltip=\"Zgradba, namenjena \u010da\u0161\u010denju enega ali ve\u010d bo\u017eanstev.\" tabindex=\"0\">tempelj<\/span> v Uppsali<\/em> s kipi Odina, Thora in Freyrja (Freyja ni izrecno omenjena, vendar je implicitno navzo\u010da v vanskem kontekstu).<\/p><p><span data-nosnippet>V sodobnem <em>Asatru<\/em> (dejavnem na Skandinaviji, v ZDA, Veliki Britaniji in Nem\u010diji) jo ponovno \u010dastijo; na Islandiji je Asatru od leta 1973 dr\u017eavno priznana religija, kjer je v nekaterih smereh Freyja glavna boginja.<\/span><\/p>\n<p>Raziskave krajevnih imen so na \u0160vedskem, Norve\u0161kem in Danskem zabele\u017eile vrsto imen Fr\u00f6- in Freys-, ki ka\u017eejo na kultna mesta ali kultna obmo\u010dja. To raziskovalno podro\u010dje velja za pomembno dopolnilo literarnemu izro\u010dilu, saj ponuja podatke o geografski raz\u0161irjenosti in lokalni zasidranosti kulta, ki jih iz eddskih besedil samih ni mogo\u010de pridobiti.<\/p>\t\t\t\t\t\t\t\t<\/div>\n\t\t\t\t\t<\/div>\n\t\t\t\t<\/div>\n\t\t\t\t<\/div>\n\t\t<div class=\"elementor-element elementor-element-db03c39 e-con-full e-flex e-con e-child\" data-id=\"db03c39\" data-element_type=\"container\" data-e-type=\"container\">\n\t\t<div class=\"elementor-element elementor-element-229a87b e-flex e-con-boxed e-con e-child\" data-id=\"229a87b\" data-element_type=\"container\" data-e-type=\"container\">\n\t\t\t\t\t<div class=\"e-con-inner\">\n\t\t\t\t<div class=\"elementor-element elementor-element-1f471fc elementor-widget elementor-widget-heading\" data-id=\"1f471fc\" data-element_type=\"widget\" data-e-type=\"widget\" data-widget_type=\"heading.default\">\n\t\t\t\t\t<div class=\"elementor-heading-title elementor-size-default\">Quellenlage<\/div>\t\t\t\t<\/div>\n\t\t\t\t<div class=\"elementor-element elementor-element-36b1201 elementor-widget elementor-widget-text-editor\" data-id=\"36b1201\" data-element_type=\"widget\" data-e-type=\"widget\" data-widget_type=\"text-editor.default\">\n\t\t\t\t\t\t\t\t\t<p>Osrednji viri: <span class=\"iwg-fachbegriff\" tabindex=\"0\" data-tooltip=\"Islandski u\u010denjak (1179\u20131241); avtor Prozne Edde in Heimskringle.\">Snorri Sturluson<\/span>, <em>Snorra-Edda<\/em> (Gylfaginning, Skaldskaparmal); <em>Pesni\u0161ka Edda<\/em> (Hyndluljod, z osrednjim mitom o Freyji in Ottarju; Thrymskvida, o Freyjinem Brisingamenu). Sekundarna literatura: Simek, <em>Lexikon der germanischen <span class=\"iwg-fachbegriff\" data-tooltip=\"Celota izro\u010denih pripovedi o bogovih neke kulture.\" tabindex=\"0\">Mythologie<\/span><\/em>; de Vries, <em>Altgermanische Religionsgeschichte<\/em>; N\u00e4sstr\u00f6m, <em>Freyja. The Great Goddess of the North<\/em> (temeljno delo); Lindow, <em>Norse Mythology<\/em>; Davidson, <em>Roles of the Northern Goddess<\/em>.<\/p>\n<p>Med arheolo\u0161kimi pri\u010devanji so zlati brakteati iz obdobja preseljevanja ljudstev, na katerih so upodobljene \u017eenske postave z ogrlicami; v raziskavah jih v\u010dasih razlagajo kot upodobitve Freyje, \u010deprav zanesljiva identifikacija ostaja te\u017eavna. Poleg tega raziskave krajevnih imen na Skandinaviji dokumentirajo \u0161tevilna imena Fr\u00f6- in Freys-, ki veljajo za dokaz raz\u0161irjenega predkr\u0161\u010danskega kulta.<\/p>\t\t\t\t\t\t\t\t<\/div>\n\t\t\t\t\t<\/div>\n\t\t\t\t<\/div>\n\t\t\t\t<\/div>\n\t\t\t\t\t<\/div>\n\t\t\t\t<\/div>\n\t\t<div class=\"elementor-element elementor-element-3ae0637c e-flex e-con-boxed e-con e-parent\" data-id=\"3ae0637c\" data-element_type=\"container\" data-e-type=\"container\">\n\t\t\t\t\t<div class=\"e-con-inner\">\n\t\t\t\t<div class=\"elementor-element elementor-element-31d07739 elementor-widget elementor-widget-heading\" data-id=\"31d07739\" data-element_type=\"widget\" data-e-type=\"widget\" data-widget_type=\"heading.default\">\n\t\t\t\t\t<h2 class=\"elementor-heading-title elementor-size-default\">Ime in razli\u010dice<\/h2>\t\t\t\t<\/div>\n\t\t<div class=\"elementor-element elementor-element-b7642947 e-con-full e-flex e-con e-child\" data-id=\"b7642947\" data-element_type=\"container\" data-e-type=\"container\">\n\t\t\t\t<div class=\"elementor-element elementor-element-a086266 elementor-widget elementor-widget-text-editor\" data-id=\"a086266\" data-element_type=\"widget\" data-e-type=\"widget\" data-widget_type=\"text-editor.default\">\n\t\t\t\t\t\t\t\t\t<p>Freyja je v razli\u010dnih virih in umetni\u0161kih tradicijah upodobljena z dolo\u010denimi ponavljajo\u010dimi se ikonografskimi elementi, ki ostajajo razmeroma stalni skozi desetletja in razli\u010dna geografska obmo\u010dja. Ti elementi niso zgolj okrasni ali naklju\u010dno izbrani, temve\u010d globoko simbolno zakodirani in nosijo veliko pomena.<\/p><p>Freyjini znaki so v Eddi jasno navedeni in vsak nosi svoj pomen: ogrlica Br\u00edsingamen ka\u017ee na njeno povezanost z lepoto, ljubeznijo in rodovitnostjo, sokolja obleka ji omogo\u010da spreminjanje oblike in let med svetovi, voz, ki ga vle\u010dejo ma\u010dke, pa je njen trajni potovalni atribut.<\/p><p>Dejstvo, da ji poleg Odina pripada polovica padlih, ki jih odpelje v F\u00f3lkvangr, prav tako ka\u017ee na njeno pristojnost nad smrtjo. Kdor je poznal nordijsko pesni\u0161tvo, je iz teh zna\u010dilnosti lahko takoj razbral rang in podro\u010dja mo\u010di boginje; tako so izro\u010dene skozi vso zgodovino.<\/p>\t\t\t\t\t\t\t\t<\/div>\n\t\t\t\t<\/div>\n\t\t\t\t\t<\/div>\n\t\t\t\t<\/div>\n\t\t<div class=\"elementor-element elementor-element-709a44a8 e-flex e-con-boxed e-con e-parent\" data-id=\"709a44a8\" data-element_type=\"container\" data-e-type=\"container\">\n\t\t\t\t\t<div class=\"e-con-inner\">\n\t\t\t\t<div class=\"elementor-element elementor-element-2f585873 elementor-widget elementor-widget-heading\" data-id=\"2f585873\" data-element_type=\"widget\" data-e-type=\"widget\" data-widget_type=\"heading.default\">\n\t\t\t\t\t<h2 class=\"elementor-heading-title elementor-size-default\">Zna\u010dilnosti<\/h2>\t\t\t\t<\/div>\n\t\t<div class=\"elementor-element elementor-element-70621c12 e-con-full e-flex e-con e-child\" data-id=\"70621c12\" data-element_type=\"container\" data-e-type=\"container\">\n\t\t\t\t<div class=\"elementor-element elementor-element-4296eb49 elementor-widget elementor-widget-text-editor\" data-id=\"4296eb49\" data-element_type=\"widget\" data-e-type=\"widget\" data-widget_type=\"text-editor.default\">\n\t\t\t\t\t\t\t\t\t<p>Freyja je bila osrednja v verski praksi, vsakdanjih obredih in vsakodnevnem razumevanju germanskega prostora. Ljudje so se na to bitje obra\u010dali v kriti\u010dnih ali posebnih \u017eivljenjskih trenutkih ali ob dolo\u010denih obrednih letnih \u010dasih, s strukturiranimi, pogosto zapletenimi obredi, molitvami ali daritvami.<\/p><p>\u010carovnija sei\u00f0r, povezana s Freyjo, je bila urejena ve\u0161\u010dina s svojimi strokovnjaki: izvajala jo je v\u00f6lva, potujo\u010da vede\u017eevalka s palico in stalnim obrednim potekom, po Eddi pa je Freyja sama to prakso vpeljala med Ase. Kdor je izvajal sei\u00f0r, je sledil nau\u010denim potekom, petju in pravilom vlog, ne prosti improvizaciji.<\/p><p>Klicanje Freyje je imelo glede na \u017eivljenjsko situacijo razli\u010dne namene: obra\u010dali so se nanjo v ljubezenskih zadevah in pri \u017eelji po otrocih, njej pripisana \u010darovnija sei\u00f0r je slu\u017eila raziskovanju in obra\u010danju usode, kot gospodarica F\u00f3lkvangra pa je sprejemala polovico padlih, torej je stala tudi na prehodu iz \u017eivljenja v smrt.<\/p><p>Da po njej poimenovana krajevna imena obstajajo po vsej Skandinaviji, pri\u010da o tem, da je njen kult veljal za u\u010dinkovitega in se je gojil dolgo \u010dasa.<\/p><h3>Podoba in simbolika<\/h3><p>Freyja je upodobljena z zlato ogrlico Brisingamen. Vozi se v vozu, ki ga vle\u010dejo ma\u010dke. Njen sokolji pla\u0161\u010d ji omogo\u010da neviden let. Vrtnica, pomlad in bojevnica ponazarjajo njeno mnogotero naravo. Morje spada v njeno podro\u010dje.<\/p>\t\t\t\t\t\t\t\t<\/div>\n\t\t\t\t<\/div>\n\t\t\t\t\t<\/div>\n\t\t\t\t<\/div>\n\t\t<div class=\"elementor-element elementor-element-44e71476 e-flex e-con-boxed e-con e-parent\" data-id=\"44e71476\" data-element_type=\"container\" data-e-type=\"container\">\n\t\t\t\t\t<div class=\"e-con-inner\">\n\t\t\t\t<div class=\"elementor-element elementor-element-3c1fc3f0 elementor-widget elementor-widget-heading\" data-id=\"3c1fc3f0\" data-element_type=\"widget\" data-e-type=\"widget\" data-widget_type=\"heading.default\">\n\t\t\t\t\t<div class=\"elementor-heading-title elementor-size-default\">Kratek pregled: Freyja<\/div>\t\t\t\t<\/div>\n\t\t<div class=\"elementor-element elementor-element-84f33b8e e-con-full e-flex e-con e-child\" data-id=\"84f33b8e\" data-element_type=\"container\" data-e-type=\"container\">\n\t\t\t\t<div class=\"elementor-element elementor-element-hqkdc67p elementor-widget elementor-widget-text-editor\" data-id=\"hqkdc67p\" data-element_type=\"widget\" data-e-type=\"widget\" data-widget_type=\"text-editor.default\">\n\t\t\t\t\t\t\t\t\t<p>Najpomembnej\u0161i vidiki Freyje na kratko. Naslednja polja povzemajo izvor, funkcijo, podobo, \u010da\u0161\u010denje, simbole in kulturne vzporednice.<\/p>\t\t\t\t\t\t\t\t<\/div>\n\t\t\t\t<\/div>\n\t\t<div class=\"elementor-element elementor-element-pemmx7c5 e-con-full e-flex e-con e-child\" data-id=\"pemmx7c5\" data-element_type=\"container\" data-e-type=\"container\">\n\t\t<div class=\"elementor-element elementor-element-pemmx7c1 e-con-full e-flex e-con e-child\" data-id=\"pemmx7c1\" data-element_type=\"container\" data-e-type=\"container\">\n\t\t<div class=\"elementor-element elementor-element-qh9oavvu iwg-steckbrief-card e-flex e-con-boxed e-con e-child\" data-id=\"qh9oavvu\" data-element_type=\"container\" data-e-type=\"container\">\n\t\t\t\t\t<div class=\"e-con-inner\">\n\t\t\t\t<div class=\"elementor-element elementor-element-awzx8k2k elementor-widget elementor-widget-heading\" data-id=\"awzx8k2k\" data-element_type=\"widget\" data-e-type=\"widget\" data-widget_type=\"heading.default\">\n\t\t\t\t\t<h3 class=\"elementor-heading-title elementor-size-default\">Izro\u010dilo<\/h3>\t\t\t\t<\/div>\n\t\t\t\t<div class=\"elementor-element elementor-element-x6rowhv0 elementor-widget elementor-widget-text-editor\" data-id=\"x6rowhv0\" data-element_type=\"widget\" data-e-type=\"widget\" data-widget_type=\"text-editor.default\">\n\t\t\t\t\t\t\t\t\t<p>Freyja je h\u010di <em>Njorda<\/em> (boga morja) in (sestra Nerthus). Sestra <em>Freyrja<\/em>, s katerim tvori par vanskih bratov in sester.<\/p><p>Soproga <em>Oda\/Odurja<\/em> (v nekaterih virih ena\u010denega z Odinom), njen mo\u017e izginja na neskon\u010dnih potovanjih, Freyja pa ga i\u0161\u010de jokajo\u010d, njene solze se spremenijo v zlato. Mati h\u010derk <em>Hnoss<\/em> (&#8220;nakit&#8221;) in Gersemi (&#8220;dragocenost&#8221;). V <em>Hyndlulj\u00f3du<\/em> razmerje s smrtnikom Ottarjem.<\/p>\t\t\t\t\t\t\t\t<\/div>\n\t\t\t\t\t<\/div>\n\t\t\t\t<\/div>\n\t\t<div class=\"elementor-element elementor-element-8e3o4kxs iwg-steckbrief-card e-flex e-con-boxed e-con e-child\" data-id=\"8e3o4kxs\" data-element_type=\"container\" data-e-type=\"container\">\n\t\t\t\t\t<div class=\"e-con-inner\">\n\t\t\t\t<div class=\"elementor-element elementor-element-08rkdgov elementor-widget elementor-widget-heading\" data-id=\"08rkdgov\" data-element_type=\"widget\" data-e-type=\"widget\" data-widget_type=\"heading.default\">\n\t\t\t\t\t<h3 class=\"elementor-heading-title elementor-size-default\">Predmet delovanja<\/h3>\t\t\t\t<\/div>\n\t\t\t\t<div class=\"elementor-element elementor-element-uwjelx8s elementor-widget elementor-widget-text-editor\" data-id=\"uwjelx8s\" data-element_type=\"widget\" data-e-type=\"widget\" data-widget_type=\"text-editor.default\">\n\t\t\t\t\t\t\t\t\t<p>Boginja ljubezni, lepote, spolnosti in rodovitnosti. Dvojna vloga tudi kot <em>boginja vojne<\/em>: po Snorriju izbere polovico padlih bojevnikov za svoje spremstvo v <em>F\u00f3lkvangru<\/em> (drugo polovico prejme Odin v Valhali), kar je izjemna hierarhija, ki postavlja Freyjo ob Odinovo raven.<\/p><p>Za\u0161\u010ditnica <em><span class=\"iwg-fachbegriff\" data-tooltip=\"Prakse, ki z posebnimi dejanji ali formulami sku\u0161ajo pose\u010di v potek stvari.\" tabindex=\"0\">magije<\/span> sei\u00f0r<\/em> (\u0161amanisti\u010dno-prero\u0161ka globoka <span class=\"iwg-fachbegriff\" data-tooltip=\"Prakse, ki z posebnimi dejanji ali formulami sku\u0161ajo pose\u010di v potek stvari.\" tabindex=\"0\">magija<\/span>, ki jo je nau\u010dila Aserje). V osebnem <span class=\"iwg-fachbegriff\" data-tooltip=\"Celota verskih \u010da\u0161\u010denjskih dejanj za bo\u017eanstvo ali sveto bitje.\" tabindex=\"0\">kultu<\/span> <span class=\"iwg-fachbegriff\" data-tooltip=\"Pro\u0161nje ali rotitve, naslovljene na bo\u017eanstvo ali silo.\" tabindex=\"0\">klicana<\/span> v ljubezenskih zadevah, pri potrebi po rodovitnosti, pri vojni in praksi sei\u00f0r. V sodobni asatru osrednja boginja iniciacije \u017eensk.<\/p>\t\t\t\t\t\t\t\t<\/div>\n\t\t\t\t\t<\/div>\n\t\t\t\t<\/div>\n\t\t<div class=\"elementor-element elementor-element-jm2n74ec iwg-steckbrief-card e-flex e-con-boxed e-con e-child\" data-id=\"jm2n74ec\" data-element_type=\"container\" data-e-type=\"container\">\n\t\t\t\t\t<div class=\"e-con-inner\">\n\t\t\t\t<div class=\"elementor-element elementor-element-8vufse4c elementor-widget elementor-widget-heading\" data-id=\"8vufse4c\" data-element_type=\"widget\" data-e-type=\"widget\" data-widget_type=\"heading.default\">\n\t\t\t\t\t<h3 class=\"elementor-heading-title elementor-size-default\">Podoba<\/h3>\t\t\t\t<\/div>\n\t\t\t\t<div class=\"elementor-element elementor-element-mwb9u015 elementor-widget elementor-widget-text-editor\" data-id=\"mwb9u015\" data-element_type=\"widget\" data-e-type=\"widget\" data-widget_type=\"text-editor.default\">\n\t\t\t\t\t\t\t\t\t<p>Lepa mlada \u017eenska, pogosto upodobljena mladostno-eroti\u010dno, precej druga\u010de kot materinska Frigg. Zlati lasje, ve\u010dplastna dvorna obleka, pogosto z bojno opremo pod njo (dvojna funkcija). <em>Ogrlica Brisingamen<\/em> kot glavni atribut, izdelana zlata ogrlica, ki jo je pridobila od \u0161tirih \u0161kratov (s spolnim odnosom z vsakim izmed njih), ena izmed najbolj znanih zgodb germanske <span class=\"iwg-fachbegriff\" data-tooltip=\"Celota izro\u010denih pripovedi o bogovih neke kulture.\" tabindex=\"0\">mitologije<\/span>. <em>Sokolji pla\u0161\u010d iz perja<\/em> (sokolji fja\u00f0rhamr), ki ga posoja tudi Lokiju.<\/p><p>Vozi se v vozu, ki ga vle\u010deta <em>dve veliki ma\u010dki<\/em> (najbolj znan in neponovljiv <span class=\"iwg-fachbegriff\" data-tooltip=\"Znak, ki predstavlja neko idejo ali pomen.\" tabindex=\"0\">simbol<\/span> Freyje). Pogosto tudi z me\u010dem ali \u010delado v obliki merjasca.<\/p>\t\t\t\t\t\t\t\t<\/div>\n\t\t\t\t\t<\/div>\n\t\t\t\t<\/div>\n\t\t\t\t<\/div>\n\t\t<div class=\"elementor-element elementor-element-pemmx7c2 e-con-full e-flex e-con e-child\" data-id=\"pemmx7c2\" data-element_type=\"container\" data-e-type=\"container\">\n\t\t<div class=\"elementor-element elementor-element-37ss2yr6 iwg-steckbrief-card e-flex e-con-boxed e-con e-child\" data-id=\"37ss2yr6\" data-element_type=\"container\" data-e-type=\"container\">\n\t\t\t\t\t<div class=\"e-con-inner\">\n\t\t\t\t<div class=\"elementor-element elementor-element-3v0wp3wx elementor-widget elementor-widget-heading\" data-id=\"3v0wp3wx\" data-element_type=\"widget\" data-e-type=\"widget\" data-widget_type=\"heading.default\">\n\t\t\t\t\t<h3 class=\"elementor-heading-title elementor-size-default\">Freyjino delovanje<\/h3>\t\t\t\t<\/div>\n\t\t\t\t<div class=\"elementor-element elementor-element-w3247g2m elementor-widget elementor-widget-text-editor\" data-id=\"w3247g2m\" data-element_type=\"widget\" data-e-type=\"widget\" data-widget_type=\"text-editor.default\">\n\t\t\t\t\t\t\t\t\t<p><strong>Podro\u010dje delovanja:<\/strong> V staro-germanskem ljudskem kultu so Freyjo klicali v ljubezenskih zadevah in pri pro\u0161njah za rodovitnost. <em>Izvajalke sei\u00f0ra<\/em> (pozneje <em>v\u00f6lve<\/em>, prero\u0161ke \u017eenske) so veljale za njene privr\u017eence. V skandinavskem ljudskem izro\u010dilu so ma\u010dke veljale za njene svete \u017eivali, od tod tabu, da bi se ma\u010dko po\u0161kodovalo.<\/p><p>V sodobni tradiciji <em>asatru<\/em> je glavna boginja \u017eensk pri obredih bl\u00f3t (\u0161e posebej v vejah vanatru, ki se osredoto\u010dajo na Vane). Sveti dan v tednu: petek (v nekaterih izro\u010dilih deljen s Frigg; nekateri raziskovalci menijo, da sta Frigg in Freyja prvotno bili ena in ista boginja).<\/p>\t\t\t\t\t\t\t\t<\/div>\n\t\t\t\t\t<\/div>\n\t\t\t\t<\/div>\n\t\t<div class=\"elementor-element elementor-element-0qpjal9w iwg-steckbrief-card e-flex e-con-boxed e-con e-child\" data-id=\"0qpjal9w\" data-element_type=\"container\" data-e-type=\"container\">\n\t\t\t\t\t<div class=\"e-con-inner\">\n\t\t\t\t<div class=\"elementor-element elementor-element-6ndoih0o elementor-widget elementor-widget-heading\" data-id=\"6ndoih0o\" data-element_type=\"widget\" data-e-type=\"widget\" data-widget_type=\"heading.default\">\n\t\t\t\t\t<h3 class=\"elementor-heading-title elementor-size-default\">Oblike obrambe<\/h3>\t\t\t\t<\/div>\n\t\t\t\t<div class=\"elementor-element elementor-element-6684tyh9 elementor-widget elementor-widget-text-editor\" data-id=\"6684tyh9\" data-element_type=\"widget\" data-e-type=\"widget\" data-widget_type=\"text-editor.default\">\n\t\t\t\t\t\t\t\t\t<p>Ogrlica Brisingamen (glavni atribut, izdelana zlata ogrlica), sokolji pla\u0161\u010d iz perja, voz z ma\u010dkama (dve veliki ma\u010dki), me\u010d, \u010delada v obliki merjasca, solze iz zlata (<span class=\"iwg-fachbegriff\" data-tooltip=\"Znak, ki predstavlja neko idejo ali pomen.\" tabindex=\"0\">simbol<\/span> njenega iskanja Oda). Svete \u017eivali: ma\u010dka (posebej severna gozdna ma\u010dka), merjasec (jezdi tudi na zlato\u0161\u010detinastem <em>Hildisvinu<\/em>), sokol. Svete rastline: jagoda, bezeg, marjetica (po ljudskem verovanju &#8220;Freyjine rastline&#8221;), kukavi\u010dja lu\u010dca. Sveti dan v tednu: petek.<\/p>\t\t\t\t\t\t\t\t<\/div>\n\t\t\t\t\t<\/div>\n\t\t\t\t<\/div>\n\t\t<div class=\"elementor-element elementor-element-3lfi7x32 iwg-steckbrief-card e-flex e-con-boxed e-con e-child\" data-id=\"3lfi7x32\" data-element_type=\"container\" data-e-type=\"container\">\n\t\t\t\t\t<div class=\"e-con-inner\">\n\t\t\t\t<div class=\"elementor-element elementor-element-0kg99ga1 elementor-widget elementor-widget-heading\" data-id=\"0kg99ga1\" data-element_type=\"widget\" data-e-type=\"widget\" data-widget_type=\"heading.default\">\n\t\t\t\t\t<h3 class=\"elementor-heading-title elementor-size-default\">Vzporednice<\/h3>\t\t\t\t<\/div>\n\t\t\t\t<div class=\"elementor-element elementor-element-n0fum6kp elementor-widget elementor-widget-text-editor\" data-id=\"n0fum6kp\" data-element_type=\"widget\" data-e-type=\"widget\" data-widget_type=\"text-editor.default\">\n\t\t\t\t\t\t\t\t\t<p><em>Frigg<\/em> (germanska, tesno sorodna ali morda prvotno istovetna boginja), <em>Afrodita<\/em> (Gr\u010dija, boginja ljubezni), <em>Venera<\/em> (Rim), <em>Inana\/I\u0161tar<\/em> (Mezopotamija, ljubezen in vojna v eni podobi, izjemno podobna Freji), <em>Astarta<\/em> (Fenicija), <em>Hator<\/em> (Egipt), <em>Lak\u0161mi<\/em> (hinduizem), <em>Erzulie Freda<\/em> (vodu). Funkcijsko: vse dvojne boginje ljubezni in vojne delijo Frejine poteze. V germanskem <span class=\"iwg-fachbegriff\" data-tooltip=\"Celota bogov neke religije ali kulture.\" tabindex=\"0\">panteonu<\/span> je za Odinom najpomembnej\u0161e <span class=\"iwg-fachbegriff\" data-tooltip=\"Bitje, ki je znotraj neke religije \u010da\u0161\u010deno kot bo\u017eansko.\" tabindex=\"0\">bo\u017eanstvo<\/span> nasploh.<\/p>\n<p>V anglosa\u0161kem izro\u010dilu neposredna ustreznica Freje ni ohranjena, vendar je ime dneva petek (staroangle\u0161ko <em>fr\u012bged\u00e6g<\/em>) povezano z boginjo po imenu Frige. Raziskovalci razpravljajo, ali gre pri Frige, Frigg in Freji za skupno starej\u0161o boginjo ali pa so bile te tri postave vedno lo\u010dene. Britt-Mari N\u00e4sstr\u00f6m je zagovarjala tezo o prvotni istovetnosti vseh treh postav, vendar velja ta teza za sporn\u043e in jo drugi raziskovalci zavra\u010dajo.<\/p>\t\t\t\t\t\t\t\t<\/div>\n\t\t\t\t\t<\/div>\n\t\t\t\t<\/div>\n\t\t\t\t<\/div>\n\t\t\t\t<\/div>\n\t\t\t\t\t<\/div>\n\t\t\t\t<\/div>\n\t\t<div class=\"elementor-element elementor-element-5a584676 e-flex e-con-boxed e-con e-parent\" data-id=\"5a584676\" data-element_type=\"container\" data-e-type=\"container\">\n\t\t\t\t\t<div class=\"e-con-inner\">\n\t\t\t\t<div class=\"elementor-element elementor-element-6d0757bf elementor-widget elementor-widget-heading\" data-id=\"6d0757bf\" data-element_type=\"widget\" data-e-type=\"widget\" data-widget_type=\"heading.default\">\n\t\t\t\t\t<h2 class=\"elementor-heading-title elementor-size-default\">Freja, vzporednice v drugih kulturah<\/h2>\t\t\t\t<\/div>\n\t\t<div class=\"elementor-element elementor-element-60563f68 e-con-full e-flex e-con e-child\" data-id=\"60563f68\" data-element_type=\"container\" data-e-type=\"container\">\n\t\t\t\t<div class=\"elementor-element elementor-element-5a93fdd6 elementor-widget elementor-widget-text-editor\" data-id=\"5a93fdd6\" data-element_type=\"widget\" data-e-type=\"widget\" data-widget_type=\"text-editor.default\">\n\t\t\t\t\t\t\t\t\t<p>Freja si deli zna\u010dilnosti z Inano, Afrodito in izro\u010dilom Devi-\u0160akti, torej z ve\u010dfunkcionalnostjo ljubezni, vojne in <span class=\"iwg-fachbegriff\" data-tooltip=\"Prakse, ki s posebnimi dejanji ali formulami sku\u0161ajo vplivati na potek dogodkov.\" tabindex=\"0\">magije<\/span>, kar je v germansko-nordijskem <span class=\"iwg-fachbegriff\" data-tooltip=\"Celota bogov neke religije ali kulture.\" tabindex=\"0\">panteonu<\/span> edinstveno strnjeno. V nasprotju s \u010distimi boginjami ljubezni drugih kultur Freja vodi lastno vojsko in ima z Sei\u00f0rom lastno magi\u010dno izro\u010dilo.<\/p>\n<p><strong>Judovsko izro\u010dilo:<\/strong> Lilit in druge demonske ali magi\u010dne \u017eenske podobe si s Frejo delijo poteze spolne avtonomije, \u010darodejske spretnosti in neodvisnosti od patriarhalnega <span class=\"iwg-fachbegriff\" data-tooltip=\"Celota bogov neke religije ali kulture.\" tabindex=\"0\">panteona<\/span>; kulturnozgodovinsko so si nasprotujo\u010de, strukturno pa podobne v subverziji.<\/p><p><strong>Gr\u0161ko-rimski svet:<\/strong> Afrodita in Venera ustrezata Freji v ljubezni in \u010dutnosti, medtem ko Atena ustreza njeni voja\u0161ki plati. Nobena gr\u0161ka boginja ne zdru\u017euje obeh razse\u017enosti tako kot Freja.<\/p><p><strong>Slovansko izro\u010dilo:<\/strong> Freja in slovanske boginje ljubezni, kot sta Moko\u0161 ali Sre\u010da(Stentatsia), ka\u017eejo vzporednice v rodovitnosti, gospodinjstvu in \u017eenski <span class=\"iwg-fachbegriff\" data-tooltip=\"Prakse, ki s posebnimi dejanji ali formulami sku\u0161ajo vplivati na potek dogodkov.\" tabindex=\"0\">magiji<\/span>. Obe izro\u010dili ohranjata indoevropsko dvojnost boginje (gospodinja in bojevnica).<\/p><p><strong>Hinduizem:<\/strong> Lak\u0161mi in Durga podobno utele\u0161ata blaginjo\/\u010dutnost in bojno mo\u010d, pri \u010demer se Durga kot \u0160akti tudi ujema s Frejino bojno vlogo.<\/p>\n<p>V primerjalni indoevropski religiologiji je Georges Dum\u00e9zil Frejo razlagal kot primer tretje od treh temeljnih indoevropskih funkcij, funkcije rodovitnosti, materialnega bogastva in razmno\u017eevanja. Vani kot celota v tem interpretativnem okviru veljajo za bogove te tretje funkcije, medtem ko Asi ve\u010dinoma utele\u0161ajo prvo (suverenost) in drugo (bojevni\u0161tvo) funkcijo.<\/p>\t\t\t\t\t\t\t\t<\/div>\n\t\t\t\t<\/div>\n\t\t\t\t\t<\/div>\n\t\t\t\t<\/div>\n\t\t<div class=\"elementor-element elementor-element-cp34382c3 e-flex e-con-boxed e-con e-parent\" data-id=\"cp34382c3\" data-element_type=\"container\" data-e-type=\"container\">\n\t\t\t\t\t<div class=\"e-con-inner\">\n\t\t\t\t<div class=\"elementor-element elementor-element-cpc1c652b elementor-widget elementor-widget-heading\" data-id=\"cpc1c652b\" data-element_type=\"widget\" data-e-type=\"widget\" data-widget_type=\"heading.default\">\n\t\t\t\t\t<h2 class=\"elementor-heading-title elementor-size-default\">Viri: Snorri, Pesni\u0161ka Edda in problem poznega izro\u010dila<\/h2>\t\t\t\t<\/div>\n\t\t<div class=\"elementor-element elementor-element-cp2297e66 e-con-full e-flex e-con e-child\" data-id=\"cp2297e66\" data-element_type=\"container\" data-e-type=\"container\">\n\t\t\t\t<div class=\"elementor-element elementor-element-cp05b5ca9 elementor-widget elementor-widget-text-editor\" data-id=\"cp05b5ca9\" data-element_type=\"widget\" data-e-type=\"widget\" data-widget_type=\"text-editor.default\">\n\t\t\t\t\t\t\t\t\t<p>Kar vemo o Freji, izvira skoraj izklju\u010dno iz besedil, zapisanih v kr\u0161\u010danski Islandiji 13. stoletja, torej stoletja po pokristjanjenju Skandinavije. Najpomembnej\u0161i viri so <em>Pesni\u0161ka Edda<\/em>, zbirka mitolo\u0161kih in heroi\u010dnih pesmi, in <em>Prozna Edda<\/em> Snorrija Sturlusona, priro\u010dnik pesni\u0161ke umetnosti, ki sistemati\u010dno predstavlja mitolo\u0161ko snov.<\/p><p>Snorri Frejo uvr\u0161\u010da med <em>Vane<\/em>, tisti bo\u017eji rod, ki se razlikuje od <em>Asov<\/em> in je po mitski vojni med obema skupinama povezan z njimi.<\/p><p>Imenuje jo najodli\u010dnej\u0161o med boginjami in ji pripisuje bivali\u0161\u010de F\u00f3lkvangr, kjer stoji dvorana Sessr\u00famnir. Pogosto navajana kitica pravi, da Freja prejme polovico padlih na boji\u0161\u010du, medtem ko druga polovica pride k Odinu v Valhalo.<\/p><p>Tak\u0161na viroslovna podoba zahteva metodolo\u0161ko previdnost. Snorri je bil izobra\u017een kristjan, ki je hotel staro znanje urediti in ohraniti za poezijo, vendar ga je hkrati gledal skozi lastni \u010das. Kjer se <em>Pesni\u0161ka Edda<\/em> in Snorri medsebojno podpirata, je <span class=\"iwg-fachbegriff\" data-tooltip=\"Prena\u0161anje znanja in pripovedi skozi generacije.\" tabindex=\"0\">izro\u010dilo<\/span> razmeroma trdno.<\/p><p>Kjer stoji Snorri sam, ostaja odprto, ali povzema starej\u0161e znanje ali ga sistematizirajo\u010de dopolnjuje. Raziskave zadnjih desetletij, na primer delo Britt-Mari N\u00e4sstr\u00f6m, posve\u010deno posebej Freji, so zato poudarile, da je treba vsako trditev o boginji vezati nazaj na njen vir.<\/p>\n<p>V nekaterih virih se Sessr\u00famnir pojavlja tudi kot ime ladje, kar je vodilo do razmi\u0161ljanj o povezavi med Frejo, ladjo in kultom mrtvih. Hilda Ellis Davidson je v delu <em>Gods and Myths of Northern Europe<\/em> (1964) trdila, da je bila Frejina povezava s smrtjo in usodo starej\u0161a in obse\u017enej\u0161a, kot jo prikazuje poznej\u0161e literarno izro\u010dilo, in da delitev padlih z Odinom izhaja iz zlitja vanskih in a\u0161kih predstav.<\/p>\t\t\t\t\t\t\t\t<\/div>\n\t\t\t\t<\/div>\n\t\t\t\t\t<\/div>\n\t\t\t\t<\/div>\n\t\t<div class=\"elementor-element elementor-element-cp7374b57 e-flex e-con-boxed e-con e-parent\" data-id=\"cp7374b57\" data-element_type=\"container\" data-e-type=\"container\">\n\t\t\t\t\t<div class=\"e-con-inner\">\n\t\t\t\t<div class=\"elementor-element elementor-element-cp4d63e8b elementor-widget elementor-widget-heading\" data-id=\"cp4d63e8b\" data-element_type=\"widget\" data-e-type=\"widget\" data-widget_type=\"heading.default\">\n\t\t\t\t\t<h2 class=\"elementor-heading-title elementor-size-default\">Br\u00edsingamen in spor za ma\u010dke<\/h2>\t\t\t\t<\/div>\n\t\t<div class=\"elementor-element elementor-element-cp60a613c e-con-full e-flex e-con e-child\" data-id=\"cp60a613c\" data-element_type=\"container\" data-e-type=\"container\">\n\t\t\t\t<div class=\"elementor-element elementor-element-cp5b7a91b elementor-widget elementor-widget-text-editor\" data-id=\"cp5b7a91b\" data-element_type=\"widget\" data-e-type=\"widget\" data-widget_type=\"text-editor.default\">\n\t\t\t\t\t\t\t\t\t<p>Med stalne atribute Freyje spada ogrlica ali nakit za vrat <em>Br\u00edsingamen<\/em>. Snorri jo omenja, prav tako anglosaksonski epos <em>Beowulf<\/em> pozna sorodni dragulj, imenovan <em>Brosinga mene<\/em>, kar ka\u017ee, da je bila ta predstava znana tudi zunaj Skandinavije.<\/p><p>Podrobna pripoved o pridobitvi Br\u00edsingamna pa je ohranjena le v enem poznem viru, v <em>S\u00f6rla \u00fe\u00e1ttr<\/em>, pripovedi iz 14. stoletja, katere vrednost za predkr\u0161\u010dansko religijo je sporna.<\/p><p>V pesnitvi <em>\u00derymskvi\u00f0a<\/em> iz <em>Pesni\u0161ke Edde<\/em> ima Br\u00edsingamen vlogo, ko se mora Thor preoble\u010di v Freyjo, da bi si povrnil ukradeno kladivo, in pri tem tudi nadene boginjin nakit za vrat. Epizoda je zasnovana komi\u010dno, hkrati pa razkriva, kako tesno je bil Br\u00edsingamen povezan z Freyjino identiteto.<\/p><p>Drugi znani atribut je njena vprega ma\u010dk, ki vle\u010de njen voz. Tudi ta podatek v bistvu izvira iz Snorrijeve pripovedi. Raziskovalci so razpravljali, katere \u017eivali so bile prvotno mi\u0161ljene, saj staronordijska beseda ni v vseh primerih povsem nedvoumna, zato so predlagane bile tudi ve\u010dje ma\u010dke roparice ali druge \u017eivali.<\/p><p>Take razprave nazorno ka\u017eejo, da tudi navidezno trdna &#8220;dejstva&#8221; o Freyji pogosto temeljijo na razlagi posameznih besed. Poleg tega ima po Snorriju pla\u0161\u010d iz sokoljega perja, s katerim je mogo\u010de leteti, ter merjasca Hildisv\u00edni.<\/p>\n<p>V <em>\u00derymskvi\u00f0a<\/em> iz <em>Pesni\u0161ke Edde<\/em> velikan \u00derymr zahteva Freyjo kot ceno za nevesto, v zameno pa naj vrne Thorjevo kladivo. Freyja to razjarjeno zavrne, zato je Thor sam poslan k \u00derymrju, preoble\u010den v \u017eensko obla\u010dilo in z Br\u00edsingamnom kot nevesta. Epizoda dokazuje, kako tesno je bil Br\u00edsingamen povezan z Freyjino identiteto in dostojanstvom, hkrati pa ka\u017ee, da boginja ni veljala za blago, o katerem se je mogo\u010de pogajati, temve\u010d za samostojno silo znotraj bo\u017ejega reda.<\/p>\t\t\t\t\t\t\t\t<\/div>\n\t\t\t\t<\/div>\n\t\t\t\t\t<\/div>\n\t\t\t\t<\/div>\n\t\t<div class=\"elementor-element elementor-element-cp2f361da e-flex e-con-boxed e-con e-parent\" data-id=\"cp2f361da\" data-element_type=\"container\" data-e-type=\"container\">\n\t\t\t\t\t<div class=\"e-con-inner\">\n\t\t\t\t<div class=\"elementor-element elementor-element-cp93ea821 elementor-widget elementor-widget-heading\" data-id=\"cp93ea821\" data-element_type=\"widget\" data-e-type=\"widget\" data-widget_type=\"heading.default\">\n\t\t\t\t\t<h2 class=\"elementor-heading-title elementor-size-default\">Freyja in sei\u00f0r: magija na meji med vlogami spolov<\/h2>\t\t\t\t<\/div>\n\t\t<div class=\"elementor-element elementor-element-cp786ef96 e-con-full e-flex e-con e-child\" data-id=\"cp786ef96\" data-element_type=\"container\" data-e-type=\"container\">\n\t\t\t\t<div class=\"elementor-element elementor-element-cp169d5c6 elementor-widget elementor-widget-text-editor\" data-id=\"cp169d5c6\" data-element_type=\"widget\" data-e-type=\"widget\" data-widget_type=\"text-editor.default\">\n\t\t\t\t\t\t\t\t\t<p>Religijsko-zgodovinsko izjemno pomenljivo <span class=\"iwg-fachbegriff\" data-tooltip=\"Prena\u0161anje znanja in pripovedi skozi generacije.\" tabindex=\"0\">izro\u010dilo<\/span> povezuje Freyjo s <em>sei\u00f0r<\/em>, obliko ritualne magije. Snorri v <em>Ynglinga sagi<\/em> poro\u010da, da je Freyja obvladala to ve\u0161\u010dino in jo nau\u010dila Aze, zlasti Odina. Po virih je <em>sei\u00f0r<\/em> med drugim slu\u017eil <span class=\"iwg-fachbegriff\" data-tooltip=\"Razlaganje znamenj z namenom spoznati skrito ali prihodnje.\" tabindex=\"0\">vede\u017eevanju<\/span>, vplivanju na sre\u010do in usodo ter \u0161kodljivi <span class=\"iwg-fachbegriff\" data-tooltip=\"Prakse, ki s posebnimi dejanji ali formulami sku\u0161ajo pose\u010di v potek dogodkov.\" tabindex=\"0\">magiji<\/span>.<\/p><p>Zanimivo je, da se <em>sei\u00f0r<\/em> v virih pojavlja obremenjen z vpra\u0161anjem spola. Ve\u010d besedil namiguje, da je izvajanje <em>sei\u00f0r<\/em> pri mo\u0161kih veljalo za nemo\u0161ko, za <em>ergi<\/em>.<\/p><p>Ko Odin izvaja <em>sei\u00f0r<\/em>, mu to v <em>Lokasenni<\/em> Loki o\u010dita kot sramoto. Da ve\u0161\u010dina izvira od boginje in da so jo predvsem izvajale \u017eenske, se ujema s to podobo.<\/p><p>Freyja tako stoji na sti\u010di\u0161\u010du. Povezuje podro\u010dja ljubezni in plodnosti, ki ji jih ve\u010dinoma pripisujejo, z mo\u010djo nad skritim znanjem in usodo. Ta povezava ni protislovje, temve\u010d ustreza vzorcu, ki se pojavlja tudi pri drugih vanskih bo\u017eanstvih: plodnost in oblast nad usodo sta povezani, ker obe zadevata nastajanje in minevanje.<\/p><p>Raziskovalci razpravljajo, ali za Freyjo stoji starej\u0161a, \u0161ir\u0161e raz\u0161irjena boginja usode in vegetacije, katere podoba je v ohranjeni <span class=\"iwg-fachbegriff\" data-tooltip=\"Celota izro\u010denih pripovedi o bo\u017eanstvih neke kulture.\" tabindex=\"0\">mitologiji<\/span> vidna le \u0161e deloma. Viri ne omogo\u010dajo zanesljivega odgovora, vendar povezava med <em>sei\u00f0r<\/em>, vojno, ljubeznijo in smrtjo dela Freyjo eno najbolj kompleksnih postav nordijskega panteona.<\/p>\n<p><em>Eir\u00edks saga rau\u00f0a<\/em> ponuja eno najbolj slikovitih upodobitev prakse sei\u00f0r v islandski sagovni literaturi: vede\u017eevalka sedi povzdignjeno na odru, s petjem jo spravijo v trans, nato pa daje prero\u0161ka sporo\u010dila. Ta opis prikazuje obredni okvir, v katerem se je izvajal sei\u00f0r, in dokazuje tesno povezavo med transom, petjem in vede\u017eevanjem. Neil Price je v svojih delih o sei\u00f0r in nordijski voja\u0161ki ideologiji to prakso izpostavil kot osrednji, dolgo podcenjeni del starodavne nordijske religije, pri \u010demer je poudaril tudi Freyjino vlogo prvotne u\u010diteljice te ve\u0161\u010dine.<\/p>\t\t\t\t\t\t\t\t<\/div>\n\t\t\t\t<\/div>\n\t\t\t\t\t<\/div>\n\t\t\t\t<\/div>\n\t\t<div class=\"elementor-element elementor-element-36dd7469 e-flex e-con-boxed e-con e-parent\" data-id=\"36dd7469\" data-element_type=\"container\" data-e-type=\"container\">\n\t\t\t\t\t<div class=\"e-con-inner\">\n\t\t\t\t<div class=\"elementor-element elementor-element-13760ab4 elementor-widget elementor-widget-heading\" data-id=\"13760ab4\" data-element_type=\"widget\" data-e-type=\"widget\" data-widget_type=\"heading.default\">\n\t\t\t\t\t<h2 class=\"elementor-heading-title elementor-size-default\">Nadaljnje povezave<\/h2>\t\t\t\t<\/div>\n\t\t<div class=\"elementor-element elementor-element-28c87796 e-con-full e-flex e-con e-child\" data-id=\"28c87796\" data-element_type=\"container\" data-e-type=\"container\">\n\t\t\t\t<div class=\"elementor-element elementor-element-5d6538df elementor-widget elementor-widget-text-editor\" data-id=\"5d6538df\" data-element_type=\"widget\" data-e-type=\"widget\" data-widget_type=\"text-editor.default\">\n\t\t\t\t\t\t\t\t\t<ul><li><a href=\"https:\/\/iwell-guard.com\/sl\/?page_id=160458\">Odin, z njo si deli padle bojevnike<\/a><\/li><li><a href=\"https:\/\/iwell-guard.com\/sl\/?page_id=160562\">Frigg, sorodna germanska boginja<\/a><\/li><li><a href=\"https:\/\/iwell-guard.com\/sl\/?page_id=160623\">Afrodita, gr\u0161ka vzporednica ljubezni<\/a><\/li><li><a href=\"https:\/\/iwell-guard.com\/sl\/?page_id=160357\">Germanska tradicija, pregled panteona<\/a><\/li><li><a href=\"https:\/\/iwell-guard.com\/sl\/?page_id=160423\">Bogovi, pregled razredov<\/a><\/li><\/ul>\t\t\t\t\t\t\t\t<\/div>\n\t\t\t\t<\/div>\n\t\t\t\t\t<\/div>\n\t\t\t\t<\/div>\n\t\t<div class=\"elementor-element elementor-element-grl4kl40 e-flex e-con-boxed e-con e-parent\" data-id=\"grl4kl40\" data-element_type=\"container\" data-e-type=\"container\">\n\t\t\t\t\t<div class=\"e-con-inner\">\n\t\t\t\t<div class=\"elementor-element elementor-element-bzsbfrmh elementor-widget elementor-widget-heading\" data-id=\"bzsbfrmh\" data-element_type=\"widget\" data-e-type=\"widget\" data-widget_type=\"heading.default\">\n\t\t\t\t\t<h2 class=\"elementor-heading-title elementor-size-default\">Raziskovalna literatura<\/h2>\t\t\t\t<\/div>\n\t\t<div class=\"elementor-element elementor-element-2c13224a e-con-full e-flex e-con e-child\" data-id=\"2c13224a\" data-element_type=\"container\" data-e-type=\"container\">\n\t\t\t\t<div class=\"elementor-element elementor-element-0eymh9ub elementor-widget elementor-widget-text-editor\" data-id=\"0eymh9ub\" data-element_type=\"widget\" data-e-type=\"widget\" data-widget_type=\"text-editor.default\">\n\t\t\t\t\t\t\t\t\t<footer class=\"iwg-literatur\" data-nosnippet=\"true\"><ul><li><span data-nosnippet>N\u00e4sstr\u00f6m, Britt-Mari: <em>Freyja. The Great Goddess of the North<\/em>. Lund 1995 (temeljno delo).<\/span><\/li><li><span data-nosnippet>Simek, Rudolf: <em>Lexikon der germanischen <span class=\"iwg-fachbegriff\" data-tooltip=\"Celota izro\u010denih pripovedi o bogovih neke kulture.\" tabindex=\"0\">Mythologie<\/span><\/em>. Stuttgart 2006.<\/span><\/li><li><span data-nosnippet>de Vries, Jan: <em>Altgermanische Religionsgeschichte<\/em>. Berlin 1956\/57.<\/span><\/li><li><span data-nosnippet>Lindow, John: <em>Norse Mythology. A Guide to the Gods, Heroes, Rituals, and Beliefs<\/em>. Oxford 2001.<\/span><\/li><li><span data-nosnippet>Davidson, Hilda Ellis: <em>Roles of the Northern Goddess<\/em>. London 1998.<\/span><\/li><li>Snorri Sturluson: <em>Snorra-Edda<\/em> (\u0161tevilni prevodi).<\/li><li>Walde, Christine (izd.): <em>Der Neue Pauly<\/em> (geslo \u201eFreyja\u201c).<\/li><li><span data-nosnippet>Davidson, Hilda Ellis: <em>Gods and Myths of Northern Europe<\/em>. London 1964.<\/span><\/li><li><span data-nosnippet>Brink, Stefan; Hultg\u00e5rd, Anders: Prispevki k izro\u010dilu o Freyji v: <em>Old Norse Religion in Long-Term Perspectives<\/em>. Lund 2006.<\/span><\/li><li><span data-nosnippet>\u00c1sd\u00edsard\u00f3ttir, Ingunn: <em>Frigg og Freyja<\/em>. Reykjav\u00edk 2007.<\/span><\/li><\/ul><\/footer>\t\t\t\t\t\t\t\t<\/div>\n\t\t\t\t<\/div>\n\t\t\t\t\t<\/div>\n\t\t\t\t<\/div>\n\t\t\t\t<section class=\"elementor-section elementor-top-section elementor-element elementor-element-wv-freyja-faq elementor-section-boxed elementor-section-height-default elementor-section-height-default\" data-id=\"wv-freyja-faq\" data-element_type=\"section\" data-e-type=\"section\">\n\t\t\t\t\t\t<div class=\"elementor-container elementor-column-gap-default\">\n\t\t\t\t\t<div class=\"elementor-column elementor-col-100 elementor-top-column elementor-element elementor-element-wv-freyja-faq-col\" data-id=\"wv-freyja-faq-col\" data-element_type=\"column\" data-e-type=\"column\">\n\t\t\t<div class=\"elementor-widget-wrap elementor-element-populated\">\n\t\t\t\t\t\t<div class=\"elementor-element elementor-element-wv-freyja-h elementor-widget elementor-widget-heading\" data-id=\"wv-freyja-h\" data-element_type=\"widget\" data-e-type=\"widget\" data-widget_type=\"heading.default\">\n\t\t\t\t\t<h2 class=\"elementor-heading-title elementor-size-default\">Pogosta vpra\u0161anja o Freyji<\/h2>\t\t\t\t<\/div>\n\t\t\t\t<div class=\"elementor-element elementor-element-wv-freyja-t elementor-widget elementor-widget-text-editor\" data-id=\"wv-freyja-t\" data-element_type=\"widget\" data-e-type=\"widget\" data-widget_type=\"text-editor.default\">\n\t\t\t\t\t\t\t\t\t\n<details class=\"iwg-faq-item\">\n  <summary><strong>Kdo je Freya?<\/strong><\/summary>\n  <p>Freya (stara nordij\u0161\u010dina Freyja, &#8220;Gospodarica&#8221;) je najpomembnej\u0161a \u017eenska <span class=\"iwg-fachbegriff\" data-tooltip=\"Bitje, ki je znotraj neke religije \u010da\u0161\u010deno kot bo\u017eansko.\" tabindex=\"0\">bo\u017eanstvo<\/span> nordijske <span class=\"iwg-fachbegriff\" data-tooltip=\"Celota izro\u010denih pripovedi o bogovih neke kulture.\" tabindex=\"0\">mitologije<\/span>. Pripada rodu Vanov in velja za za\u0161\u010ditnico ljubezni, rodovitnosti, poznavanja usode in sei\u00f0r-<span class=\"iwg-fachbegriff\" data-tooltip=\"Prakse, ki skozi posebna dejanja ali formule posku\u0161ajo posegati v potek stvari.\" tabindex=\"0\">magije<\/span>. V njej se povezujejo eroti\u010dni, magi\u010dni in bojevni\u0161ki vidiki, kar jo dela za eno najbolj kompleksnih podob germanskega <span class=\"iwg-fachbegriff\" data-tooltip=\"Prena\u0161anje znanja in pripovedi skozi generacije.\" tabindex=\"0\">izro\u010dila<\/span>.<\/p>\n<\/details>\n\n<details class=\"iwg-faq-item\">\n  <summary><strong>Kak\u0161no vlogo ima Freya med Vani?<\/strong><\/summary>\n  <p>Freya izhaja iz rodu Vanov, starej\u0161e dru\u017eine bogov, ki je bila po vojni med Vani in Azi sprejeta v krog Azov. Je h\u010di Nj\u00f6r\u00f0a in sestra Freyra ter velja za najvi\u0161jo boginjo Vanov. Snorri jo v Gylfaginningu opisuje kot poleg Friggo najpomembnej\u0161o \u017eensko <span class=\"iwg-fachbegriff\" data-tooltip=\"Bitje, ki je znotraj neke religije \u010da\u0161\u010deno kot bo\u017eansko.\" tabindex=\"0\">bo\u017eanstvo<\/span> nordijskega panteona.<\/p>\n<\/details>\n\n<details class=\"iwg-faq-item\">\n  <summary><strong>Kak\u0161no zvezo ima Freya s padlimi v boju?<\/strong><\/summary>\n  <p>Po Gr\u00edmnism\u00e1lu in Snorrijevem Gylfaginningu Freya v svoji dvorani Folkvang sprejme eno polovico tistih, ki so padli v boju. Druga polovica pripade Odinu v Valhalo. Hilda Ellis Davidson je trdila, da je bila Freyina povezava s smrtjo in usodo starej\u0161a in obse\u017enej\u0161a, kot to ka\u017ee poznej\u0161e literarno izro\u010dilo. S tem zdru\u017euje pristojnosti, ki se sicer zdijo porazdeljene med ve\u010d bo\u017eanstev.<\/p>\n<\/details>\n\n<details class=\"iwg-faq-item\">\n  <summary><strong>Kak\u0161no je stanje virov o Freyi?<\/strong><\/summary>\n  <p>Osrednja pisna pri\u010devanja izvirajo iz 13. stoletja, med njimi Snorra Edda, Pesni\u0161ka Edda in pozno izro\u010dena S\u00f6rla \u00fe\u00e1ttr. Besedila predkr\u0161\u010danske religije ne odsevajo neposredno, temve\u010d skozi kr\u0161\u010dansko zaznamovan zapis. Arheolo\u0161ko <span class=\"iwg-fachbegriff\" data-tooltip=\"Prena\u0161anje znanja in pripovedi skozi generacije.\" tabindex=\"0\">izro\u010dilo<\/span> je redkej\u0161e kot pri Odinu ali Thoru, zato ostajajo \u0161tevilne trditve o Freyi predmet raziskovalne razprave.<\/p>\n<\/details>\n\t\t\t\t\t\t\t\t<\/div>\n\t\t\t\t<div class=\"elementor-element elementor-element-wv-freyja-s elementor-widget elementor-widget-html\" data-id=\"wv-freyja-s\" data-element_type=\"widget\" data-e-type=\"widget\" data-widget_type=\"html.default\">\n\t\t\t\t\t<script type=\"application\/ld+json\">{\"@context\": \"https:\/\/schema.org\", \"@type\": \"FAQPage\", \"mainEntity\": [{\"@type\": \"Question\", \"name\": \"Kdo je Freya?\", \"acceptedAnswer\": {\"@type\": \"Answer\", \"text\": \"Freya (stara nordij\u0161\u010dina Freyja, \\\"Gospodarica\\\") je najpomembnej\u0161a \u017eenska boginja nordijske mitologije. Pripada rodu Vanov in velja za za\u0161\u010ditnico ljubezni, rodovitnosti, poznavanja usode in sei\u00f0r-magije. V njej se povezujejo eroti\u010dni, magi\u010dni in bojevni\u0161ki vidiki, kar jo dela za eno najbolj kompleksnih podob germanskega izro\u010dila.\"}}, {\"@type\": \"Question\", \"name\": \"Kak\u0161no vlogo ima Freya med Vani?\", \"acceptedAnswer\": {\"@type\": \"Answer\", \"text\": \"Freya izhaja iz rodu Vanov, starej\u0161e dru\u017eine bogov, ki je bila po vojni med Vani in Azi sprejeta v krog Azov. Je h\u010di Nj\u00f6r\u00f0a in sestra Freyra ter velja za najvi\u0161jo boginjo Vanov. Snorri jo v Gylfaginningu opisuje kot poleg Friggo najpomembnej\u0161o \u017eensko bo\u017eanstvo nordijskega panteona.\"}}, {\"@type\": \"Question\", \"name\": \"Kak\u0161no zvezo ima Freya s padlimi v boju?\", \"acceptedAnswer\": {\"@type\": \"Answer\", \"text\": \"Po Gr\u00edmnism\u00e1lu in Snorrijevem Gylfaginningu Freya v svoji dvorani Folkvang sprejme eno polovico tistih, ki so padli v boju, medtem ko druga polovica pripade Odinu v Valhalo. Hilda Ellis Davidson je trdila, da je bila Freyina povezava s smrtjo in usodo starej\u0161a in obse\u017enej\u0161a, kot to ka\u017ee poznej\u0161e literarno izro\u010dilo. S tem zdru\u017euje pristojnosti, ki se sicer zdijo porazdeljene med ve\u010d bo\u017eanstev.\"}}, {\"@type\": \"Question\", \"name\": \"Kak\u0161no je stanje virov o Freyi?\", \"acceptedAnswer\": {\"@type\": \"Answer\", \"text\": \"Osrednja pisna pri\u010devanja izvirajo iz 13. stoletja, med njimi Snorra Edda, Pesni\u0161ka Edda in pozno izro\u010dena S\u00f6rla \u00fe\u00e1ttr. Besedila predkr\u0161\u010danske religije ne odsevajo neposredno, temve\u010d skozi kr\u0161\u010dansko zaznamovan zapis. Arheolo\u0161ko izro\u010dilo je redkej\u0161e kot pri Odinu ali Thoru, zato ostajajo \u0161tevilne trditve o Freyi predmet raziskovalne razprave.\"}}]}<\/script>\t\t\t\t<\/div>\n\t\t\t\t\t<\/div>\n\t\t<\/div>\n\t\t\t\t\t<\/div>\n\t\t<\/section>\n\t\t\t\t<\/div>\n\t\t","protected":false},"excerpt":{"rendered":"","protected":false},"author":3,"featured_media":1571,"parent":0,"menu_order":0,"comment_status":"closed","ping_status":"closed","template":"elementor_header_footer","meta":{"_yoast_wpseo_focuskw":"Freyja","_yoast_wpseo_title":"Freyja - boginja ljubezni in rodovitnosti","_yoast_wpseo_metadesc":"Freyja, izpri\u010dana skozi stoletja v virih, kot je Prozna Edda: Vanka ljubezni, rodovitnosti, vojne in \u0161amanske magije seid, gospodarica Folkvangra.","_yoast_wpseo_meta-robots-noindex":"","_yoast_wpseo_canonical":"","_angie_page":false,"gefaehrdungsstufe":"2","wesen_kultur":"germanisch","wesen_klasse":"goetter","footnotes":""},"categories":[],"class_list":["post-160558","page","type-page","status-publish","has-post-thumbnail","hentry"],"yoast_head":"<!-- This site is optimized with the Yoast SEO Premium plugin v27.7 (Yoast SEO v28.3) - https:\/\/yoast.com\/product\/yoast-seo-premium-wordpress\/ -->\n<title>Freyja - boginja ljubezni in rodovitnosti<\/title>\n<meta name=\"description\" content=\"Freyja, izpri\u010dana skozi stoletja v virih, kot je Prozna Edda: Vanka ljubezni, rodovitnosti, vojne in \u0161amanske magije seid, gospodarica Folkvangra.\" \/>\n<meta name=\"robots\" content=\"index, follow, max-snippet:-1, max-image-preview:large, max-video-preview:-1\" \/>\n<link rel=\"canonical\" href=\"https:\/\/iwell-guard.com\/sl\/freyja\/\" \/>\n<meta property=\"og:locale\" content=\"sl_SI\" \/>\n<meta property=\"og:type\" content=\"article\" \/>\n<meta property=\"og:title\" content=\"Freyja\" \/>\n<meta property=\"og:description\" content=\"Freyja, izpri\u010dana skozi stoletja v virih, kot je Prozna Edda: Vanka ljubezni, rodovitnosti, vojne in \u0161amanske magije seid, gospodarica Folkvangra.\" \/>\n<meta property=\"og:url\" content=\"https:\/\/iwell-guard.com\/sl\/freyja\/\" \/>\n<meta property=\"og:site_name\" content=\"iWell Guard\" \/>\n<meta property=\"article:modified_time\" content=\"2026-09-05T00:40:15+00:00\" \/>\n<meta property=\"og:image\" content=\"https:\/\/iwell-guard.com\/wp-content\/uploads\/2026\/04\/goetter_germanisch_freyja.webp\" \/>\n\t<meta property=\"og:image:width\" content=\"1024\" \/>\n\t<meta property=\"og:image:height\" content=\"1536\" \/>\n\t<meta property=\"og:image:type\" content=\"image\/webp\" \/>\n<meta name=\"twitter:card\" content=\"summary_large_image\" \/>\n<script type=\"application\/ld+json\" class=\"yoast-schema-graph\">{\"@context\":\"https:\\\/\\\/schema.org\",\"@graph\":[{\"@type\":\"WebPage\",\"@id\":\"https:\\\/\\\/iwell-guard.com\\\/sl\\\/freyja\\\/\",\"url\":\"https:\\\/\\\/iwell-guard.com\\\/sl\\\/freyja\\\/\",\"name\":\"Freyja - boginja ljubezni in rodovitnosti\",\"isPartOf\":{\"@id\":\"https:\\\/\\\/iwell-guard.com\\\/sl\\\/#website\"},\"primaryImageOfPage\":{\"@id\":\"https:\\\/\\\/iwell-guard.com\\\/sl\\\/freyja\\\/#primaryimage\"},\"image\":{\"@id\":\"https:\\\/\\\/iwell-guard.com\\\/sl\\\/freyja\\\/#primaryimage\"},\"thumbnailUrl\":\"https:\\\/\\\/iwell-guard.com\\\/wp-content\\\/uploads\\\/2026\\\/04\\\/goetter_germanisch_freyja.webp\",\"datePublished\":\"2026-09-05T00:22:27+00:00\",\"dateModified\":\"2026-09-05T00:40:15+00:00\",\"description\":\"Freyja, izpri\u010dana skozi stoletja v virih, kot je Prozna Edda: Vanka ljubezni, rodovitnosti, vojne in \u0161amanske magije seid, gospodarica Folkvangra.\",\"breadcrumb\":{\"@id\":\"https:\\\/\\\/iwell-guard.com\\\/sl\\\/freyja\\\/#breadcrumb\"},\"inLanguage\":\"sl-SI\",\"potentialAction\":[{\"@type\":\"ReadAction\",\"target\":[\"https:\\\/\\\/iwell-guard.com\\\/sl\\\/freyja\\\/\"]}]},{\"@type\":\"ImageObject\",\"inLanguage\":\"sl-SI\",\"@id\":\"https:\\\/\\\/iwell-guard.com\\\/sl\\\/freyja\\\/#primaryimage\",\"url\":\"https:\\\/\\\/iwell-guard.com\\\/wp-content\\\/uploads\\\/2026\\\/04\\\/goetter_germanisch_freyja.webp\",\"contentUrl\":\"https:\\\/\\\/iwell-guard.com\\\/wp-content\\\/uploads\\\/2026\\\/04\\\/goetter_germanisch_freyja.webp\",\"width\":1024,\"height\":1536,\"caption\":\"Bogovi iz germanske tradicije.\"},{\"@type\":\"BreadcrumbList\",\"@id\":\"https:\\\/\\\/iwell-guard.com\\\/sl\\\/freyja\\\/#breadcrumb\",\"itemListElement\":[{\"@type\":\"ListItem\",\"position\":1,\"name\":\"Start\",\"item\":\"https:\\\/\\\/iwell-guard.com\\\/sl\\\/?page_id=160323\"},{\"@type\":\"ListItem\",\"position\":2,\"name\":\"Freyja\"}]},{\"@type\":\"WebSite\",\"@id\":\"https:\\\/\\\/iwell-guard.com\\\/sl\\\/#website\",\"url\":\"https:\\\/\\\/iwell-guard.com\\\/sl\\\/\",\"name\":\"iWell Guard\",\"description\":\"Schutz vor dunklen Einfl\u00fcssen\",\"publisher\":{\"@id\":\"https:\\\/\\\/iwell-guard.com\\\/sl\\\/#organization\"},\"potentialAction\":[{\"@type\":\"SearchAction\",\"target\":{\"@type\":\"EntryPoint\",\"urlTemplate\":\"https:\\\/\\\/iwell-guard.com\\\/sl\\\/?s={search_term_string}\"},\"query-input\":{\"@type\":\"PropertyValueSpecification\",\"valueRequired\":true,\"valueName\":\"search_term_string\"}}],\"inLanguage\":\"sl-SI\"},{\"@type\":\"Organization\",\"@id\":\"https:\\\/\\\/iwell-guard.com\\\/sl\\\/#organization\",\"name\":\"Ittermann electronic GmbH\",\"url\":\"https:\\\/\\\/iwell-guard.com\\\/sl\\\/\",\"logo\":{\"@type\":\"ImageObject\",\"inLanguage\":\"sl-SI\",\"@id\":\"https:\\\/\\\/iwell-guard.com\\\/sl\\\/#\\\/schema\\\/logo\\\/image\\\/\",\"url\":\"https:\\\/\\\/iwell-guard.com\\\/wp-content\\\/uploads\\\/2026\\\/05\\\/Ittermann-Logo-1182x237-1.png\",\"contentUrl\":\"https:\\\/\\\/iwell-guard.com\\\/wp-content\\\/uploads\\\/2026\\\/05\\\/Ittermann-Logo-1182x237-1.png\",\"width\":1182,\"height\":237,\"caption\":\"Ittermann electronic GmbH\"},\"image\":{\"@id\":\"https:\\\/\\\/iwell-guard.com\\\/sl\\\/#\\\/schema\\\/logo\\\/image\\\/\"},\"sameAs\":[\"https:\\\/\\\/pantip.com\\\/profile\\\/9367242\",\"https:\\\/\\\/micro.blog\\\/iwellguard\",\"https:\\\/\\\/www.diggerslist.com\\\/iwellguard\\\/about\",\"https:\\\/\\\/skitterphoto.com\\\/photographers\\\/2870314\\\/iwell-guard\",\"https:\\\/\\\/iwellguard.wordpress.com\\\/2026\\\/06\\\/06\\\/iwell-guard\\\/\",\"https:\\\/\\\/hub.docker.com\\\/u\\\/iwellguard\",\"https:\\\/\\\/www.pinterest.com\\\/iwellguard\\\/\",\"https:\\\/\\\/bit.ly\\\/m\\\/iwellguard\",\"https:\\\/\\\/entre-vos-mains.alsace.eu\\\/profiles\\\/iwellguard\\\/activity\",\"https:\\\/\\\/gravatar.com\\\/reallybeded8fd34\",\"https:\\\/\\\/naijamatta.com\\\/iwellguard\",\"https:\\\/\\\/www.goodreads.com\\\/iwellguard\",\"https:\\\/\\\/profile.hatena.ne.jp\\\/iwellguard\\\/\",\"https:\\\/\\\/experiment.com\\\/users\\\/iwellguard\",\"https:\\\/\\\/wakelet.com\\\/@iWellGuard82270\",\"https:\\\/\\\/www.chordie.com\\\/forum\\\/profile.php?id=2555664\",\"https:\\\/\\\/www.instapaper.com\\\/p\\\/17757966\",\"https:\\\/\\\/www.mapleprimes.com\\\/users\\\/iwellguard\",\"https:\\\/\\\/businesslistingplus.com\\\/profile\\\/iwell-guard\\\/\",\"https:\\\/\\\/telegra.ph\\\/iWell-Guard-06-06\",\"https:\\\/\\\/pbase.com\\\/iwellguard\\\/iwellguard\",\"https:\\\/\\\/b.hatena.ne.jp\\\/iwellguard\\\/20260607#bookmark-4788405196491818882\",\"https:\\\/\\\/fliphtml5.com\\\/home\\\/iwellguard\",\"https:\\\/\\\/anyflip.com\\\/homepage\\\/cmiwl#About\",\"https:\\\/\\\/transfur.com\\\/Users\\\/iwellguard\",\"http:\\\/\\\/delphi.larsbo.org\\\/user\\\/iwellguard\",\"https:\\\/\\\/jobs.lajobsportal.org\\\/profiles\\\/8380803-iwell-guard\",\"https:\\\/\\\/md.chaosdorf.de\\\/s\\\/jfbe5SBdJD\",\"https:\\\/\\\/www.lingvolive.com\\\/en-us\\\/profile\\\/9ecaeaca-ce11-4e51-9e71-01d55e2bff36\\\/translations\",\"https:\\\/\\\/www.fitday.com\\\/fitness\\\/forums\\\/members\\\/iwellguard.html\",\"https:\\\/\\\/www.mymeetbook.com\\\/iwellguard\",\"https:\\\/\\\/pxhere.com\\\/en\\\/photographer-me\\\/5040798\",\"https:\\\/\\\/disqus.com\\\/by\\\/iwellguard\\\/about\\\/\",\"https:\\\/\\\/pastelink.net\\\/hjwciqwq\",\"https:\\\/\\\/pubhtml5.com\\\/homepage\\\/scjhn\\\/\",\"https:\\\/\\\/www.bitchute.com\\\/channel\\\/2O2eOKzNqujT\",\"https:\\\/\\\/audiomack.com\\\/iwellguard\"]},{\"@type\":\"Article\",\"@id\":\"https:\\\/\\\/iwell-guard.com\\\/sl\\\/freyja\\\/#article\",\"isPartOf\":{\"@id\":\"https:\\\/\\\/iwell-guard.com\\\/sl\\\/freyja\\\/\"},\"author\":{\"name\":\"Ralf Ittermann\",\"@id\":\"https:\\\/\\\/iwell-guard.com\\\/sl\\\/#\\\/schema\\\/person\\\/ee2a27f1cac3406c7c6fb5820cb7349f\"},\"headline\":\"Freyja\",\"datePublished\":\"2026-09-05T00:22:27+00:00\",\"dateModified\":\"2026-09-05T00:40:15+00:00\",\"mainEntityOfPage\":{\"@id\":\"https:\\\/\\\/iwell-guard.com\\\/sl\\\/freyja\\\/\"},\"publisher\":{\"@id\":\"https:\\\/\\\/iwell-guard.com\\\/sl\\\/#organization\"},\"image\":{\"@id\":\"https:\\\/\\\/iwell-guard.com\\\/sl\\\/freyja\\\/#primaryimage\"},\"thumbnailUrl\":\"https:\\\/\\\/iwell-guard.com\\\/wp-content\\\/uploads\\\/2026\\\/04\\\/goetter_germanisch_freyja.webp\",\"inLanguage\":\"sl-SI\",\"description\":\"Freyja, izpri\u010dana skozi stoletja v virih, kot je Prozna Edda: Vanka ljubezni, rodovitnosti, vojne in \u0161amanske magije seid, gospodarica Folkvangra.\"}]}<\/script>\n<!-- \/ Yoast SEO Premium plugin. -->","yoast_head_json":{"title":"Freyja - boginja ljubezni in rodovitnosti","description":"Freyja, izpri\u010dana skozi stoletja v virih, kot je Prozna Edda: Vanka ljubezni, rodovitnosti, vojne in \u0161amanske magije seid, gospodarica Folkvangra.","robots":{"index":"index","follow":"follow","max-snippet":"max-snippet:-1","max-image-preview":"max-image-preview:large","max-video-preview":"max-video-preview:-1"},"canonical":"https:\/\/iwell-guard.com\/sl\/freyja\/","og_locale":"sl_SI","og_type":"article","og_title":"Freyja","og_description":"Freyja, izpri\u010dana skozi stoletja v virih, kot je Prozna Edda: Vanka ljubezni, rodovitnosti, vojne in \u0161amanske magije seid, gospodarica Folkvangra.","og_url":"https:\/\/iwell-guard.com\/sl\/freyja\/","og_site_name":"iWell Guard","article_modified_time":"2026-09-05T00:40:15+00:00","og_image":[{"width":1024,"height":1536,"url":"https:\/\/iwell-guard.com\/wp-content\/uploads\/2026\/04\/goetter_germanisch_freyja.webp","type":"image\/webp"}],"twitter_card":"summary_large_image","schema":{"@context":"https:\/\/schema.org","@graph":[{"@type":"Article","@id":"https:\/\/iwell-guard.com\/sl\/freyja\/#article","isPartOf":{"@id":"https:\/\/iwell-guard.com\/sl\/freyja\/"},"author":{"name":"Ralf Ittermann","@id":"https:\/\/iwell-guard.com\/sl\/#\/schema\/person\/ee2a27f1cac3406c7c6fb5820cb7349f"},"headline":"Freyja","datePublished":"2026-09-05T00:22:27+00:00","dateModified":"2026-09-05T00:40:15+00:00","mainEntityOfPage":{"@id":"https:\/\/iwell-guard.com\/sl\/freyja\/"},"publisher":{"@id":"https:\/\/iwell-guard.com\/sl\/#organization"},"image":{"@id":"https:\/\/iwell-guard.com\/sl\/freyja\/#primaryimage"},"thumbnailUrl":"https:\/\/iwell-guard.com\/wp-content\/uploads\/2026\/04\/goetter_germanisch_freyja.webp","inLanguage":"sl-SI","description":"Freyja, izpri\u010dana skozi stoletja v virih, kot je Prozna Edda: Vanka ljubezni, rodovitnosti, vojne in \u0161amanske magije seid, gospodarica Folkvangra."},{"@type":"WebPage","@id":"https:\/\/iwell-guard.com\/sl\/freyja\/","url":"https:\/\/iwell-guard.com\/sl\/freyja\/","name":"Freyja - boginja ljubezni in rodovitnosti","isPartOf":{"@id":"https:\/\/iwell-guard.com\/sl\/#website"},"primaryImageOfPage":{"@id":"https:\/\/iwell-guard.com\/sl\/freyja\/#primaryimage"},"image":{"@id":"https:\/\/iwell-guard.com\/sl\/freyja\/#primaryimage"},"thumbnailUrl":"https:\/\/iwell-guard.com\/wp-content\/uploads\/2026\/04\/goetter_germanisch_freyja.webp","datePublished":"2026-09-05T00:22:27+00:00","dateModified":"2026-09-05T00:40:15+00:00","description":"Freyja, izpri\u010dana skozi stoletja v virih, kot je Prozna Edda: Vanka ljubezni, rodovitnosti, vojne in \u0161amanske magije seid, gospodarica Folkvangra.","breadcrumb":{"@id":"https:\/\/iwell-guard.com\/sl\/freyja\/#breadcrumb"},"inLanguage":"sl-SI","potentialAction":[{"@type":"ReadAction","target":["https:\/\/iwell-guard.com\/sl\/freyja\/"]}]},{"@type":"ImageObject","inLanguage":"sl-SI","@id":"https:\/\/iwell-guard.com\/sl\/freyja\/#primaryimage","url":"https:\/\/iwell-guard.com\/wp-content\/uploads\/2026\/04\/goetter_germanisch_freyja.webp","contentUrl":"https:\/\/iwell-guard.com\/wp-content\/uploads\/2026\/04\/goetter_germanisch_freyja.webp","width":1024,"height":1536,"caption":"Bogovi iz germanske tradicije."},{"@type":"BreadcrumbList","@id":"https:\/\/iwell-guard.com\/sl\/freyja\/#breadcrumb","itemListElement":[{"@type":"ListItem","position":1,"name":"Start","item":"https:\/\/iwell-guard.com\/sl\/?page_id=160323"},{"@type":"ListItem","position":2,"name":"Freyja"}]},{"@type":"WebSite","@id":"https:\/\/iwell-guard.com\/sl\/#website","url":"https:\/\/iwell-guard.com\/sl\/","name":"iWell Guard","description":"Schutz vor dunklen Einfl\u00fcssen","publisher":{"@id":"https:\/\/iwell-guard.com\/sl\/#organization"},"potentialAction":[{"@type":"SearchAction","target":{"@type":"EntryPoint","urlTemplate":"https:\/\/iwell-guard.com\/sl\/?s={search_term_string}"},"query-input":{"@type":"PropertyValueSpecification","valueRequired":true,"valueName":"search_term_string"}}],"inLanguage":"sl-SI"},{"@type":"Organization","@id":"https:\/\/iwell-guard.com\/sl\/#organization","name":"Ittermann electronic GmbH","url":"https:\/\/iwell-guard.com\/sl\/","logo":{"@type":"ImageObject","inLanguage":"sl-SI","@id":"https:\/\/iwell-guard.com\/sl\/#\/schema\/logo\/image\/","url":"https:\/\/iwell-guard.com\/wp-content\/uploads\/2026\/05\/Ittermann-Logo-1182x237-1.png","contentUrl":"https:\/\/iwell-guard.com\/wp-content\/uploads\/2026\/05\/Ittermann-Logo-1182x237-1.png","width":1182,"height":237,"caption":"Ittermann electronic GmbH"},"image":{"@id":"https:\/\/iwell-guard.com\/sl\/#\/schema\/logo\/image\/"},"sameAs":["https:\/\/pantip.com\/profile\/9367242","https:\/\/micro.blog\/iwellguard","https:\/\/www.diggerslist.com\/iwellguard\/about","https:\/\/skitterphoto.com\/photographers\/2870314\/iwell-guard","https:\/\/iwellguard.wordpress.com\/2026\/06\/06\/iwell-guard\/","https:\/\/hub.docker.com\/u\/iwellguard","https:\/\/www.pinterest.com\/iwellguard\/","https:\/\/bit.ly\/m\/iwellguard","https:\/\/entre-vos-mains.alsace.eu\/profiles\/iwellguard\/activity","https:\/\/gravatar.com\/reallybeded8fd34","https:\/\/naijamatta.com\/iwellguard","https:\/\/www.goodreads.com\/iwellguard","https:\/\/profile.hatena.ne.jp\/iwellguard\/","https:\/\/experiment.com\/users\/iwellguard","https:\/\/wakelet.com\/@iWellGuard82270","https:\/\/www.chordie.com\/forum\/profile.php?id=2555664","https:\/\/www.instapaper.com\/p\/17757966","https:\/\/www.mapleprimes.com\/users\/iwellguard","https:\/\/businesslistingplus.com\/profile\/iwell-guard\/","https:\/\/telegra.ph\/iWell-Guard-06-06","https:\/\/pbase.com\/iwellguard\/iwellguard","https:\/\/b.hatena.ne.jp\/iwellguard\/20260607#bookmark-4788405196491818882","https:\/\/fliphtml5.com\/home\/iwellguard","https:\/\/anyflip.com\/homepage\/cmiwl#About","https:\/\/transfur.com\/Users\/iwellguard","http:\/\/delphi.larsbo.org\/user\/iwellguard","https:\/\/jobs.lajobsportal.org\/profiles\/8380803-iwell-guard","https:\/\/md.chaosdorf.de\/s\/jfbe5SBdJD","https:\/\/www.lingvolive.com\/en-us\/profile\/9ecaeaca-ce11-4e51-9e71-01d55e2bff36\/translations","https:\/\/www.fitday.com\/fitness\/forums\/members\/iwellguard.html","https:\/\/www.mymeetbook.com\/iwellguard","https:\/\/pxhere.com\/en\/photographer-me\/5040798","https:\/\/disqus.com\/by\/iwellguard\/about\/","https:\/\/pastelink.net\/hjwciqwq","https:\/\/pubhtml5.com\/homepage\/scjhn\/","https:\/\/www.bitchute.com\/channel\/2O2eOKzNqujT","https:\/\/audiomack.com\/iwellguard"]},{"@type":"Person","@id":"https:\/\/iwell-guard.com\/sl\/#\/schema\/person\/ee2a27f1cac3406c7c6fb5820cb7349f","name":"Ralf Ittermann","image":{"@type":"ImageObject","inLanguage":"sl-SI","@id":"https:\/\/secure.gravatar.com\/avatar\/073c0153e350a5005b68eb752b445fea71f6b24a26da9449ad7e155e6b446c9d?s=96&d=mm&r=g","url":"https:\/\/secure.gravatar.com\/avatar\/073c0153e350a5005b68eb752b445fea71f6b24a26da9449ad7e155e6b446c9d?s=96&d=mm&r=g","contentUrl":"https:\/\/secure.gravatar.com\/avatar\/073c0153e350a5005b68eb752b445fea71f6b24a26da9449ad7e155e6b446c9d?s=96&d=mm&r=g","caption":"Ralf Ittermann"},"givenName":"Ralf","familyName":"Ittermann","jobTitle":"Gesch\u00e4ftsf\u00fchrer und redaktioneller Verantwortlicher","url":"https:\/\/iwell-guard.com\/sl\/author\/claude\/","description":"Ralf Ittermann ist Gesch\u00e4ftsf\u00fchrer der Ittermann electronic GmbH und redaktioneller Verantwortlicher des iWell-Guard-Lexikons. Er verbindet langj\u00e4hrige Erfahrung in der Pr\u00e4zisionsfertigung mit medialer Praxis und religionsgeschichtlicher Quellenarbeit.","worksFor":{"@type":"Organization","name":"Ittermann electronic GmbH","url":"https:\/\/ittermann.de\/","address":{"@type":"PostalAddress","streetAddress":"K\u00f6hlergasse 16-18","postalCode":"99842","addressLocality":"Ruhla","addressCountry":"DE"}},"knowsAbout":["Religionsgeschichte","Mythologie","Mediale Praxis","Energetische Diagnostik","Schutzpraxis","Volksglauben","Westliche Esoterik"]},{"@type":"Article","@id":"https:\/\/iwell-guard.com\/sl\/freyja\/#article","isPartOf":{"@id":"https:\/\/iwell-guard.com\/sl\/freyja\/"},"author":{"name":"Ralf Ittermann","@id":"https:\/\/iwell-guard.com\/sl\/#\/schema\/person\/ee2a27f1cac3406c7c6fb5820cb7349f"},"headline":"Freyja","datePublished":"2026-09-05T00:22:27+00:00","dateModified":"2026-09-05T00:40:15+00:00","mainEntityOfPage":{"@id":"https:\/\/iwell-guard.com\/sl\/freyja\/"},"publisher":{"@id":"https:\/\/iwell-guard.com\/sl\/#organization"},"image":{"@id":"https:\/\/iwell-guard.com\/sl\/freyja\/#primaryimage"},"thumbnailUrl":"https:\/\/iwell-guard.com\/wp-content\/uploads\/2026\/04\/goetter_germanisch_freyja.webp","inLanguage":"sl-SI","description":"Freyja, izpri\u010dana skozi stoletja v virih, kot je Prozna Edda: Vanka ljubezni, rodovitnosti, vojne in \u0161amanske magije seid, gospodarica Folkvangra."}]}},"_links":{"self":[{"href":"https:\/\/iwell-guard.com\/sl\/wp-json\/wp\/v2\/pages\/160558","targetHints":{"allow":["GET"]}}],"collection":[{"href":"https:\/\/iwell-guard.com\/sl\/wp-json\/wp\/v2\/pages"}],"about":[{"href":"https:\/\/iwell-guard.com\/sl\/wp-json\/wp\/v2\/types\/page"}],"author":[{"embeddable":true,"href":"https:\/\/iwell-guard.com\/sl\/wp-json\/wp\/v2\/users\/3"}],"replies":[{"embeddable":true,"href":"https:\/\/iwell-guard.com\/sl\/wp-json\/wp\/v2\/comments?post=160558"}],"version-history":[{"count":0,"href":"https:\/\/iwell-guard.com\/sl\/wp-json\/wp\/v2\/pages\/160558\/revisions"}],"wp:featuredmedia":[{"embeddable":true,"href":"https:\/\/iwell-guard.com\/sl\/wp-json\/wp\/v2\/media\/1571"}],"wp:attachment":[{"href":"https:\/\/iwell-guard.com\/sl\/wp-json\/wp\/v2\/media?parent=160558"}],"wp:term":[{"taxonomy":"category","embeddable":true,"href":"https:\/\/iwell-guard.com\/sl\/wp-json\/wp\/v2\/categories?post=160558"}],"curies":[{"name":"wp","href":"https:\/\/api.w.org\/{rel}","templated":true}]}}