{"id":160378,"date":"2026-09-05T00:20:31","date_gmt":"2026-09-05T00:20:31","guid":{"rendered":"https:\/\/iwell-guard.com\/?page_id=160378"},"modified":"2026-09-05T00:35:47","modified_gmt":"2026-09-05T00:35:47","slug":"cailleach","status":"publish","type":"page","link":"https:\/\/iwell-guard.com\/sl\/cailleach\/","title":{"rendered":"Cailleach"},"content":{"rendered":"\t\t<div data-elementor-type=\"wp-page\" data-elementor-id=\"160378\" class=\"elementor elementor-160378 elementor-1035\" data-elementor-post-type=\"page\">\n\t\t\t\t<div class=\"elementor-element elementor-element-10fdade e-flex e-con-boxed e-con e-parent\" data-id=\"10fdade\" data-element_type=\"container\" data-e-type=\"container\" data-settings=\"{&quot;background_background&quot;:&quot;classic&quot;}\">\n\t\t\t\t\t<div class=\"e-con-inner\">\n\t\t<div class=\"elementor-element elementor-element-herohlft0 e-flex e-con-boxed e-con e-child\" data-id=\"herohlft0\" data-element_type=\"container\" data-e-type=\"container\">\n\t\t\t\t\t<div class=\"e-con-inner\">\n\t\t<div class=\"elementor-element elementor-element-c3ceb64 e-con-full e-flex e-con e-child\" data-id=\"c3ceb64\" data-element_type=\"container\" data-e-type=\"container\">\n\t\t\t\t<div class=\"elementor-element elementor-element-96ae5e1 elementor-widget elementor-widget-heading\" data-id=\"96ae5e1\" data-element_type=\"widget\" data-e-type=\"widget\" data-widget_type=\"heading.default\">\n\t\t\t\t\t<h1 class=\"elementor-heading-title elementor-size-default\">Cailleach, boginja keltskega izro\u010dila<\/h1>\t\t\t\t<\/div>\n\t\t\t\t<div class=\"elementor-element elementor-element-e45238a elementor-widget elementor-widget-text-editor\" data-id=\"e45238a\" data-element_type=\"widget\" data-e-type=\"widget\" data-widget_type=\"text-editor.default\">\n\t\t\t\t\t\t\t\t\t<p>Cailleach je boginja keltskega izro\u010dila.<\/p><p><strong>Stara, boginja zime in oblikovalka skal keltskega sveta.<\/strong><\/p>\t\t\t\t\t\t\t\t<\/div>\n\t\t\t\t<\/div>\n\t\t<div class=\"elementor-element elementor-element-klsbdg01 e-con-full e-flex e-con e-parent\" data-id=\"klsbdg01\" data-element_type=\"container\" data-e-type=\"container\">\n\t\t\t\t<div class=\"elementor-element elementor-element-klshtm01 elementor-widget elementor-widget-html\" data-id=\"klshtm01\" data-element_type=\"widget\" data-e-type=\"widget\" data-widget_type=\"html.default\">\n\t\t\t\t\t<div class=\"iwg-pill-row\"><span class=\"iwg-klasse-badge\" tabindex=\"0\" data-tooltip=\"Bog \/ boginja: Poosebljena najvi\u0161ja mo\u010d v panteonu kulture, z jasnimi pristojnostmi, naravne sile, usoda, vojna, rodovitnost. \u010ca\u0161\u010dena skozi kulte, daritve in tempeljske institucije.\">Boginja<\/span><a href=\"https:\/\/iwell-guard.com\/sl\/?page_id=160359\" class=\"iwg-kultur-badge\" tabindex=\"0\" data-tooltip=\"Keltska religija zahodne Evrope in Britanskih ostrvov, izpri\u010dana skozi irsko-vali\u017eanska besedila.\">Keltsko<\/a><a href=\"https:\/\/iwell-guard.com\/sl\/?page_id=160452\" class=\"iwg-tradition-badge\" tabindex=\"0\" data-tooltip=\"Za\u0161\u010ditna bo\u017eanstva, varuhi hi\u0161e, mesta, rojstev, potovanj ali \u017eivljenjskih obdobij.\">Za\u0161\u010ditno bo\u017eanstvo<\/a><\/div>\t\t\t\t<\/div>\n\t\t\t\t<\/div>\n\t\t<div class=\"elementor-element elementor-element-3f74855 e-con-full e-flex e-con e-child\" data-id=\"3f74855\" data-element_type=\"container\" data-e-type=\"container\">\n\t\t\t\t<div class=\"elementor-element elementor-element-1c30362 elementor-toc--minimized-on-tablet elementor-widget elementor-widget-table-of-contents\" data-id=\"1c30362\" data-element_type=\"widget\" data-e-type=\"widget\" data-settings=\"{&quot;exclude_headings_by_selector&quot;:[],&quot;no_headings_message&quot;:&quot;Na tej strani ni najdenih naslovov.&quot;,&quot;headings_by_tags&quot;:[&quot;h2&quot;,&quot;h3&quot;],&quot;marker_view&quot;:&quot;bullets&quot;,&quot;icon&quot;:{&quot;value&quot;:&quot;fas fa-circle&quot;,&quot;library&quot;:&quot;fa-solid&quot;,&quot;rendered_tag&quot;:&quot;&lt;svg class=\\&quot;e-font-icon-svg e-fas-circle\\&quot; viewBox=\\&quot;0 0 512 512\\&quot; xmlns=\\&quot;http:\\\/\\\/www.w3.org\\\/2000\\\/svg\\&quot;&gt;&lt;path d=\\&quot;M256 8C119 8 8 119 8 256s111 248 248 248 248-111 248-248S393 8 256 8z\\&quot;&gt;&lt;\\\/path&gt;&lt;\\\/svg&gt;&quot;},&quot;minimize_box&quot;:&quot;yes&quot;,&quot;minimized_on&quot;:&quot;tablet&quot;,&quot;hierarchical_view&quot;:&quot;yes&quot;,&quot;min_height&quot;:{&quot;unit&quot;:&quot;px&quot;,&quot;size&quot;:&quot;&quot;,&quot;sizes&quot;:[]},&quot;min_height_tablet&quot;:{&quot;unit&quot;:&quot;px&quot;,&quot;size&quot;:&quot;&quot;,&quot;sizes&quot;:[]},&quot;min_height_mobile&quot;:{&quot;unit&quot;:&quot;px&quot;,&quot;size&quot;:&quot;&quot;,&quot;sizes&quot;:[]}}\" data-widget_type=\"table-of-contents.default\">\n\t\t\t\t\t\t\t\t\t<div class=\"elementor-toc__header\">\n\t\t\t\t\t\t<h2 class=\"elementor-toc__header-title\">\n\t\t\t\tKazalo vsebine\t\t\t<\/h2>\n\t\t\t\t\t\t\t\t\t\t<div class=\"elementor-toc__toggle-button elementor-toc__toggle-button--expand\" role=\"button\" tabindex=\"0\" aria-controls=\"elementor-toc__1c30362\" aria-expanded=\"true\" aria-label=\"Open table of contents\"><svg aria-hidden=\"true\" class=\"e-font-icon-svg e-fas-chevron-down\" viewBox=\"0 0 448 512\" xmlns=\"http:\/\/www.w3.org\/2000\/svg\"><path d=\"M207.029 381.476L12.686 187.132c-9.373-9.373-9.373-24.569 0-33.941l22.667-22.667c9.357-9.357 24.522-9.375 33.901-.04L224 284.505l154.745-154.021c9.379-9.335 24.544-9.317 33.901.04l22.667 22.667c9.373 9.373 9.373 24.569 0 33.941L240.971 381.476c-9.373 9.372-24.569 9.372-33.942 0z\"><\/path><\/svg><\/div>\n\t\t\t\t<div class=\"elementor-toc__toggle-button elementor-toc__toggle-button--collapse\" role=\"button\" tabindex=\"0\" aria-controls=\"elementor-toc__1c30362\" aria-expanded=\"true\" aria-label=\"Close table of contents\"><svg aria-hidden=\"true\" class=\"e-font-icon-svg e-fas-chevron-up\" viewBox=\"0 0 448 512\" xmlns=\"http:\/\/www.w3.org\/2000\/svg\"><path d=\"M240.971 130.524l194.343 194.343c9.373 9.373 9.373 24.569 0 33.941l-22.667 22.667c-9.357 9.357-24.522 9.375-33.901.04L224 227.495 69.255 381.516c-9.379 9.335-24.544 9.317-33.901-.04l-22.667-22.667c-9.373-9.373-9.373-24.569 0-33.941L207.03 130.525c9.372-9.373 24.568-9.373 33.941-.001z\"><\/path><\/svg><\/div>\n\t\t\t\t\t<\/div>\n\t\t\t\t<div id=\"elementor-toc__1c30362\" class=\"elementor-toc__body\">\n\t\t\t<div class=\"elementor-toc__spinner-container\">\n\t\t\t\t<svg class=\"elementor-toc__spinner eicon-animation-spin e-font-icon-svg e-eicon-loading\" aria-hidden=\"true\" viewBox=\"0 0 1000 1000\" xmlns=\"http:\/\/www.w3.org\/2000\/svg\"><path d=\"M500 975V858C696 858 858 696 858 500S696 142 500 142 142 304 142 500H25C25 237 238 25 500 25S975 237 975 500 763 975 500 975Z\"><\/path><\/svg>\t\t\t<\/div>\n\t\t<\/div>\n\t\t\t\t\t\t<\/div>\n\t\t\t\t<\/div>\n\t\t\t\t\t<\/div>\n\t\t\t\t<\/div>\n\t\t<div class=\"elementor-element elementor-element-herorght0 e-con-full e-flex e-con e-child\" data-id=\"herorght0\" data-element_type=\"container\" data-e-type=\"container\">\n\t\t\t\t<div class=\"elementor-element elementor-element-heroimg00 iwg-hero-image elementor-widget elementor-widget-image\" data-id=\"heroimg00\" data-element_type=\"widget\" data-e-type=\"widget\" data-widget_type=\"image.default\">\n\t\t\t\t\t\t\t\t\t\t\t\t\t\t\t<img fetchpriority=\"high\" decoding=\"async\" width=\"683\" height=\"1024\" src=\"https:\/\/iwell-guard.com\/wp-content\/uploads\/2026\/04\/goetter_keltisch_cailleach-683x1024.webp\" class=\"attachment-large size-large wp-image-162831\" alt=\"Cailleach - bogovi iz keltske tradicije, zgodovinsko-ilustrativno\" srcset=\"https:\/\/iwell-guard.com\/wp-content\/uploads\/2026\/04\/goetter_keltisch_cailleach-683x1024.webp 683w, https:\/\/iwell-guard.com\/wp-content\/uploads\/2026\/04\/goetter_keltisch_cailleach-200x300.webp 200w, https:\/\/iwell-guard.com\/wp-content\/uploads\/2026\/04\/goetter_keltisch_cailleach-768x1152.webp 768w, https:\/\/iwell-guard.com\/wp-content\/uploads\/2026\/04\/goetter_keltisch_cailleach.webp 1024w\" sizes=\"(max-width: 683px) 100vw, 683px\" \/>\t\t\t\t\t\t\t\t\t\t\t\t\t\t\t<\/div>\n\t\t\t\t<\/div>\n\t\t\t\t\t<\/div>\n\t\t\t\t<\/div>\n\t\t<div class=\"elementor-element elementor-element-32917199 e-flex e-con-boxed e-con e-parent\" data-id=\"32917199\" data-element_type=\"container\" data-e-type=\"container\">\n\t\t\t\t\t<div class=\"e-con-inner\">\n\t\t<div class=\"elementor-element elementor-element-26e916cb e-flex e-con-boxed e-con e-child\" data-id=\"26e916cb\" data-element_type=\"container\" data-e-type=\"container\">\n\t\t\t\t\t<div class=\"e-con-inner\">\n\t\t<div class=\"elementor-element elementor-element-253a40d4 e-flex e-con-boxed e-con e-child\" data-id=\"253a40d4\" data-element_type=\"container\" data-e-type=\"container\">\n\t\t\t\t\t<div class=\"e-con-inner\">\n\t\t\t\t<div class=\"elementor-element elementor-element-1200c304 elementor-widget elementor-widget-heading\" data-id=\"1200c304\" data-element_type=\"widget\" data-e-type=\"widget\" data-widget_type=\"heading.default\">\n\t\t\t\t\t<h2 class=\"elementor-heading-title elementor-size-default\">Cailleach<\/h2>\t\t\t\t<\/div>\n\t\t\t\t<div class=\"elementor-element elementor-element-11758e7f elementor-widget elementor-widget-text-editor\" data-id=\"11758e7f\" data-element_type=\"widget\" data-e-type=\"widget\" data-widget_type=\"text-editor.default\">\n\t\t\t\t\t\t\t\t\t<p>Cailleach je ena najstarej\u0161ih podob keltskega <span class=\"iwg-fachbegriff\" data-tooltip=\"Prenos znanja in pripovedi skozi generacije.\" tabindex=\"0\">izro\u010dila<\/span>. Njeno ime (\u201etista, ki nosi tan\u010dico&#8221;, \u201ezakrinkana Stara&#8221;) ozna\u010duje ambivalentno \u017eensko pra-mo\u010d, boginjo zime, oblikovalko gora in skal, pramater pokrajine, v poznej\u0161em izro\u010dilu pa tudi groze\u010do \u010darovni\u0161ko podobo. Stoji na meji med boginjo in demonko, med kozmi\u010dno ustvarjalko in temno zimsko silo.<\/p><p>V irskem in \u0161kotsko-galskem izro\u010dilu je Cailleach povezana z dolo\u010denimi gorami, otoki in prehodi letnih \u010dasov. Vlada od Samhaina do Beltana; spomladi se spremeni v kamen ali postane mlada. Njena bogata geografija, stotine krajevnih imen, skalnih formacij, vrhov, jo dela za najverjetneje najmo\u010dnej\u0161o v pokrajini zakoreninjeno podobo keltske <span class=\"iwg-fachbegriff\" data-tooltip=\"Celota izro\u010denih pripovedi o bogovih neke kulture.\" tabindex=\"0\">mitologije<\/span>.<\/p>\t\t\t\t\t\t\t\t<\/div>\n\t\t\t\t\t<\/div>\n\t\t\t\t<\/div>\n\t\t<div class=\"elementor-element elementor-element-159dcf9a e-flex e-con-boxed e-con e-child\" data-id=\"159dcf9a\" data-element_type=\"container\" data-e-type=\"container\">\n\t\t\t\t\t<div class=\"e-con-inner\">\n\t\t\t\t<div class=\"elementor-element elementor-element-48cee66f elementor-widget elementor-widget-heading\" data-id=\"48cee66f\" data-element_type=\"widget\" data-e-type=\"widget\" data-widget_type=\"heading.default\">\n\t\t\t\t\t<h2 class=\"elementor-heading-title elementor-size-default\">Hiter pregled: Cailleach<\/h2>\t\t\t\t<\/div>\n\t\t\t\t<div class=\"elementor-element elementor-element-3f50d82c elementor-widget elementor-widget-text-editor\" data-id=\"3f50d82c\" data-element_type=\"widget\" data-e-type=\"widget\" data-widget_type=\"text-editor.default\">\n\t\t\t\t\t\t\t\t\t<p><strong>Tip:<\/strong> Ambivalentna pramater, boginja zime, oblikovalka pokrajine<br>Izvor: Predkr\u0161\u010dansko keltsko izro\u010dilo<br>Besedila: Dindsenchas, legende o krajevnih imenih, ljudsko izro\u010dilo<br>Obdobje: arhai\u010dno do danes<br>Raz\u0161irjenost: Irska, \u0160kotska, Isle of Man<\/p>\t\t\t\t\t\t\t\t<\/div>\n\t\t\t\t\t<\/div>\n\t\t\t\t<\/div>\n\t\t\t\t\t<\/div>\n\t\t\t\t<\/div>\n\t\t\t\t\t<\/div>\n\t\t\t\t<\/div>\n\t\t<div class=\"elementor-element elementor-element-18613602 e-flex e-con-boxed e-con e-parent\" data-id=\"18613602\" data-element_type=\"container\" data-e-type=\"container\">\n\t\t\t\t\t<div class=\"e-con-inner\">\n\t\t\t\t<div class=\"elementor-element elementor-element-262b8a9f elementor-widget elementor-widget-heading\" data-id=\"262b8a9f\" data-element_type=\"widget\" data-e-type=\"widget\" data-widget_type=\"heading.default\">\n\t\t\t\t\t<h2 class=\"elementor-heading-title elementor-size-default\">Kontekst<\/h2>\t\t\t\t<\/div>\n\t\t<div class=\"elementor-element elementor-element-46dcb7d e-con-full e-flex e-con e-child\" data-id=\"46dcb7d\" data-element_type=\"container\" data-e-type=\"container\">\n\t\t<div class=\"elementor-element elementor-element-61d3ab3 e-flex e-con-boxed e-con e-child\" data-id=\"61d3ab3\" data-element_type=\"container\" data-e-type=\"container\">\n\t\t\t\t\t<div class=\"e-con-inner\">\n\t\t\t\t<div class=\"elementor-element elementor-element-117c166 elementor-widget elementor-widget-heading\" data-id=\"117c166\" data-element_type=\"widget\" data-e-type=\"widget\" data-widget_type=\"heading.default\">\n\t\t\t\t\t<div class=\"elementor-heading-title elementor-size-default\">Zeitraum der Texte<\/div>\t\t\t\t<\/div>\n\t\t\t\t<div class=\"elementor-element elementor-element-73997a0 elementor-widget elementor-widget-text-editor\" data-id=\"73997a0\" data-element_type=\"widget\" data-e-type=\"widget\" data-widget_type=\"text-editor.default\">\n\t\t\t\t\t\t\t\t\t<p>Arheolo\u0161ko ume\u0161\u010dena v predkr\u0161\u010dansko keltsko izro\u010dilo. Zgodnji literarni viri v irskem Dindsenchas (razlage krajevnih imen, 10.\u201311. stoletje). Bogato <span class=\"iwg-fachbegriff\" data-tooltip=\"Prenos znanja in pripovedi skozi generacije.\" tabindex=\"0\">izro\u010dilo<\/span> v \u0161kotsko-galski <span class=\"iwg-fachbegriff\" data-tooltip=\"Veda, ki raziskuje vsakdanjo kulturo, \u0161ege in izro\u010dene predstave.\" tabindex=\"0\">folkloristiki<\/span> 19. in 20. stoletja (Campbell, Carmichael, McNeill). Moderno o\u017eivljanje v neopaganstvu.<\/p>\t\t\t\t\t\t\t\t<\/div>\n\t\t\t\t\t<\/div>\n\t\t\t\t<\/div>\n\t\t<div class=\"elementor-element elementor-element-d47b156 e-flex e-con-boxed e-con e-child\" data-id=\"d47b156\" data-element_type=\"container\" data-e-type=\"container\">\n\t\t\t\t\t<div class=\"e-con-inner\">\n\t\t\t\t<div class=\"elementor-element elementor-element-ff38c2b elementor-widget elementor-widget-heading\" data-id=\"ff38c2b\" data-element_type=\"widget\" data-e-type=\"widget\" data-widget_type=\"heading.default\">\n\t\t\t\t\t<div class=\"elementor-heading-title elementor-size-default\">Verbreitungsraum<\/div>\t\t\t\t<\/div>\n\t\t\t\t<div class=\"elementor-element elementor-element-4e49fcc elementor-widget elementor-widget-text-editor\" data-id=\"4e49fcc\" data-element_type=\"widget\" data-e-type=\"widget\" data-widget_type=\"text-editor.default\">\n\t\t\t\t\t\t\t\t\t<p>Irska (Cailleach Bh\u00e9ara, Cailleach Beara), \u0160kotska (Cailleach Bheur, Cailleach nan Cruachan), Isle of Man (Caillagh ny Groamagh). Stotine krajev nosijo njeno ime, vrhovi, skale, otoki. Posebej gosto ob atlantski obali zahodne \u0160kotske in zahodne Irske.<\/p>\t\t\t\t\t\t\t\t<\/div>\n\t\t\t\t\t<\/div>\n\t\t\t\t<\/div>\n\t\t\t\t<\/div>\n\t\t<div class=\"elementor-element elementor-element-db03c39 e-con-full e-flex e-con e-child\" data-id=\"db03c39\" data-element_type=\"container\" data-e-type=\"container\">\n\t\t<div class=\"elementor-element elementor-element-229a87b e-flex e-con-boxed e-con e-child\" data-id=\"229a87b\" data-element_type=\"container\" data-e-type=\"container\">\n\t\t\t\t\t<div class=\"e-con-inner\">\n\t\t\t\t<div class=\"elementor-element elementor-element-1f471fc elementor-widget elementor-widget-heading\" data-id=\"1f471fc\" data-element_type=\"widget\" data-e-type=\"widget\" data-widget_type=\"heading.default\">\n\t\t\t\t\t<div class=\"elementor-heading-title elementor-size-default\">Quellenlage<\/div>\t\t\t\t<\/div>\n\t\t\t\t<div class=\"elementor-element elementor-element-36b1201 elementor-widget elementor-widget-text-editor\" data-id=\"36b1201\" data-element_type=\"widget\" data-e-type=\"widget\" data-widget_type=\"text-editor.default\">\n\t\t\t\t\t\t\t\t\t<p><span data-nosnippet>Dindsenchas, knjiga krajevnih imen, Campbellove zbirke z zahodnega vi\u0161avja, F. Marian McNeill: <em>The Silver Bough<\/em> (1957, 68), moderna <span class=\"iwg-fachbegriff\" data-tooltip=\"Veda, ki primerjalno raziskuje kulture in dru\u017ebe.\" tabindex=\"0\">etnologija<\/span> galskih obalnih regij.<\/span><\/p>\t\t\t\t\t\t\t\t<\/div>\n\t\t\t\t\t<\/div>\n\t\t\t\t<\/div>\n\t\t\t\t<\/div>\n\t\t\t\t\t<\/div>\n\t\t\t\t<\/div>\n\t\t<div class=\"elementor-element elementor-element-3ae0637c e-flex e-con-boxed e-con e-parent\" data-id=\"3ae0637c\" data-element_type=\"container\" data-e-type=\"container\">\n\t\t\t\t\t<div class=\"e-con-inner\">\n\t\t\t\t<div class=\"elementor-element elementor-element-31d07739 elementor-widget elementor-widget-heading\" data-id=\"31d07739\" data-element_type=\"widget\" data-e-type=\"widget\" data-widget_type=\"heading.default\">\n\t\t\t\t\t<h2 class=\"elementor-heading-title elementor-size-default\">Ime in razli\u010dice<\/h2>\t\t\t\t<\/div>\n\t\t<div class=\"elementor-element elementor-element-b7642947 e-con-full e-flex e-con e-child\" data-id=\"b7642947\" data-element_type=\"container\" data-e-type=\"container\">\n\t\t\t\t<div class=\"elementor-element elementor-element-a086266 elementor-widget elementor-widget-text-editor\" data-id=\"a086266\" data-element_type=\"widget\" data-e-type=\"widget\" data-widget_type=\"text-editor.default\">\n\t\t\t\t\t\t\t\t\t<p><strong>Irsko:<\/strong> <em>cailleach<\/em>, dobesedno \u201etista, ki nosi tan\u010dico&#8221; (iz lat. <em>pallium<\/em>, tan\u010dica), raz\u0161irjeno v \u201estara \u017eena, redovnica, \u010darovnica&#8221;.<br>\u0160kotsko-galsko: <em>cailleach<\/em>; specifi\u010dno <em>Cailleach Bheur<\/em>, \u201eostra Stara&#8221;.<br>Vzdevki: Cailleach Bh\u00e9ara (regija Kerry), Cailleach nan Cruachan (Visoka \u0160kotska), Caillagh ny Groamagh (Isle of Man).<br>Sorodne boginje: Morr\u00edgan (boginja vojne), Danu (pramater Tuatha D\u00e9 Danann).<\/p><p>Ime ima tri pomenske plasti: fizi\u010dno staro \u017eensko, versko zakrinkano redovnico (pod kr\u0161\u010danskim vplivom), miti\u010dno pramater\/zimsko vladarico. Vse tri plasti ostajajo v ljudskem izro\u010dilu hkrati \u017eive\u010de.<\/p>\t\t\t\t\t\t\t\t<\/div>\n\t\t\t\t<\/div>\n\t\t\t\t\t<\/div>\n\t\t\t\t<\/div>\n\t\t<div class=\"elementor-element elementor-element-709a44a8 e-flex e-con-boxed e-con e-parent\" data-id=\"709a44a8\" data-element_type=\"container\" data-e-type=\"container\">\n\t\t\t\t\t<div class=\"e-con-inner\">\n\t\t\t\t<div class=\"elementor-element elementor-element-2f585873 elementor-widget elementor-widget-heading\" data-id=\"2f585873\" data-element_type=\"widget\" data-e-type=\"widget\" data-widget_type=\"heading.default\">\n\t\t\t\t\t<h2 class=\"elementor-heading-title elementor-size-default\">Opis<\/h2>\t\t\t\t<\/div>\n\t\t<div class=\"elementor-element elementor-element-70621c12 e-con-full e-flex e-con e-child\" data-id=\"70621c12\" data-element_type=\"container\" data-e-type=\"container\">\n\t\t\t\t<div class=\"elementor-element elementor-element-4296eb49 elementor-widget elementor-widget-text-editor\" data-id=\"4296eb49\" data-element_type=\"widget\" data-e-type=\"widget\" data-widget_type=\"text-editor.default\">\n\t\t\t\t\t\t\t\t\t<p><strong>Videz<\/strong><\/p><p>Stara \u017eena, velika, v\u010dasih z modro ko\u017eo, rjavimi zobmi, samo enim o\u010desom. Upognjena, s palico. Ob preobrazbi: mlada \u017eena, lepa kraljica, ali skala. V zimskem izro\u010dilu: spremlja jo bel jelen ali krava.<\/p><p><strong>Vedenje<\/strong><\/p><p>Oblikuje pokrajino, me\u010de kamne, ki postanejo gore, nosi zemljo v svojem predpasniku, ki postane otoki. Vlada zimi: udari s palico po tleh in zamrzne zemljo. Ob Beltanu (1. maja) se spremeni v kamen ali postane mlada.<\/p><p><strong>Podro\u010dje delovanja<\/strong><\/p><p>Divja narava, gore, skale, otoki, morje. Vreme, zlasti zima in nevihte. Prehodi starosti in menjave. V nekaterih izro\u010dilih tudi varuhinja divjih \u017eivali (jelenov, volkov).<\/p><p><strong>Mitolo\u0161ka umestitev<\/strong><\/p><p>Ni klasi\u010dna boginja v rimskem pomenu, temve\u010d predkr\u0161\u010danska pra-mo\u010d. Po kr\u0161\u010danizaciji preoblikovana v \u010darovnico ali svetnico (povezave s Sheela-na-Gig), a ni izgubila svoje miti\u010dne razse\u017enosti. V modernem neopaganstvu ponovno \u010da\u0161\u010dena.<\/p><p><strong>Videz in simbolika<\/strong><\/p><p>Cailleach je upodobljena kot velikanska, prastara \u017eena z razoranim obrazom. V\u010dasih ima samo eno oko. Nosi modro ali zeleno haljo in palico. Njeni koraki so oblikovali gore in dolin\u0435. Kamen in zima sta njena simbola.<\/p>\t\t\t\t\t\t\t\t<\/div>\n\t\t\t\t<\/div>\n\t\t\t\t\t<\/div>\n\t\t\t\t<\/div>\n\t\t<div class=\"elementor-element elementor-element-44e71476 e-flex e-con-boxed e-con e-parent\" data-id=\"44e71476\" data-element_type=\"container\" data-e-type=\"container\">\n\t\t\t\t\t<div class=\"e-con-inner\">\n\t\t\t\t<div class=\"elementor-element elementor-element-3c1fc3f0 elementor-widget elementor-widget-heading\" data-id=\"3c1fc3f0\" data-element_type=\"widget\" data-e-type=\"widget\" data-widget_type=\"heading.default\">\n\t\t\t\t\t<h2 class=\"elementor-heading-title elementor-size-default\">Kartica: Cailleach<\/h2>\t\t\t\t<\/div>\n\t\t<div class=\"elementor-element elementor-element-84f33b8e e-con-full e-flex e-con e-child\" data-id=\"84f33b8e\" data-element_type=\"container\" data-e-type=\"container\">\n\t\t\t\t<div class=\"elementor-element elementor-element-hqkdc67p elementor-widget elementor-widget-text-editor\" data-id=\"hqkdc67p\" data-element_type=\"widget\" data-e-type=\"widget\" data-widget_type=\"text-editor.default\">\n\t\t\t\t\t\t\t\t\t<p>Najpomembnej\u0161i vidiki Cailleach na kratko.<\/p>\t\t\t\t\t\t\t\t<\/div>\n\t\t\t\t<\/div>\n\t\t<div class=\"elementor-element elementor-element-pemmx7c5 e-con-full e-flex e-con e-child\" data-id=\"pemmx7c5\" data-element_type=\"container\" data-e-type=\"container\">\n\t\t<div class=\"elementor-element elementor-element-pemmx7c1 e-con-full e-flex e-con e-child\" data-id=\"pemmx7c1\" data-element_type=\"container\" data-e-type=\"container\">\n\t\t<div class=\"elementor-element elementor-element-qh9oavvu iwg-steckbrief-card e-flex e-con-boxed e-con e-child\" data-id=\"qh9oavvu\" data-element_type=\"container\" data-e-type=\"container\">\n\t\t\t\t\t<div class=\"e-con-inner\">\n\t\t\t\t<div class=\"elementor-element elementor-element-awzx8k2k elementor-widget elementor-widget-heading\" data-id=\"awzx8k2k\" data-element_type=\"widget\" data-e-type=\"widget\" data-widget_type=\"heading.default\">\n\t\t\t\t\t<div class=\"elementor-heading-title elementor-size-default\">Izvor<\/div>\t\t\t\t<\/div>\n\t\t\t\t<div class=\"elementor-element elementor-element-x6rowhv0 elementor-widget elementor-widget-text-editor\" data-id=\"x6rowhv0\" data-element_type=\"widget\" data-e-type=\"widget\" data-widget_type=\"text-editor.default\">\n\t\t\t\t\t\t\t\t\t<p>Predkr\u0161\u010danska pra-mo\u010d; mogo\u010da prapraka keltskih boginj. Oblikovalka pokrajine, boginja zime, varuhinja divje narave.<\/p>\t\t\t\t\t\t\t\t<\/div>\n\t\t\t\t\t<\/div>\n\t\t\t\t<\/div>\n\t\t<div class=\"elementor-element elementor-element-8e3o4kxs iwg-steckbrief-card e-flex e-con-boxed e-con e-child\" data-id=\"8e3o4kxs\" data-element_type=\"container\" data-e-type=\"container\">\n\t\t\t\t\t<div class=\"e-con-inner\">\n\t\t\t\t<div class=\"elementor-element elementor-element-08rkdgov elementor-widget elementor-widget-heading\" data-id=\"08rkdgov\" data-element_type=\"widget\" data-e-type=\"widget\" data-widget_type=\"heading.default\">\n\t\t\t\t\t<div class=\"elementor-heading-title elementor-size-default\">Nana\u0161a se na<\/div>\t\t\t\t<\/div>\n\t\t\t\t<div class=\"elementor-element elementor-element-uwjelx8s elementor-widget elementor-widget-text-editor\" data-id=\"uwjelx8s\" data-element_type=\"widget\" data-e-type=\"widget\" data-widget_type=\"text-editor.default\">\n\t\t\t\t\t\t\t\t\t<p>Celotna skupnost v letnem krogu, zlasti pastirji in pode\u017eelski prebivalci, ki so odvisni od vremena in zime.<\/p>\t\t\t\t\t\t\t\t<\/div>\n\t\t\t\t\t<\/div>\n\t\t\t\t<\/div>\n\t\t<div class=\"elementor-element elementor-element-jm2n74ec iwg-steckbrief-card e-flex e-con-boxed e-con e-child\" data-id=\"jm2n74ec\" data-element_type=\"container\" data-e-type=\"container\">\n\t\t\t\t\t<div class=\"e-con-inner\">\n\t\t\t\t<div class=\"elementor-element elementor-element-8vufse4c elementor-widget elementor-widget-heading\" data-id=\"8vufse4c\" data-element_type=\"widget\" data-e-type=\"widget\" data-widget_type=\"heading.default\">\n\t\t\t\t\t<div class=\"elementor-heading-title elementor-size-default\">Videz<\/div>\t\t\t\t<\/div>\n\t\t\t\t<div class=\"elementor-element elementor-element-mwb9u015 elementor-widget elementor-widget-text-editor\" data-id=\"mwb9u015\" data-element_type=\"widget\" data-e-type=\"widget\" data-widget_type=\"text-editor.default\">\n\t\t\t\t\t\t\t\t\t<p>Stara \u017eena s palico, v\u010dasih modroko\u017ea, rjavozoba, enooka. Zmo\u017ena preobrazbe: mlada kraljica, lepotica, skala. S jelenom ali kravo kot spremljevalcem.<\/p>\t\t\t\t\t\t\t\t<\/div>\n\t\t\t\t\t<\/div>\n\t\t\t\t<\/div>\n\t\t\t\t<\/div>\n\t\t<div class=\"elementor-element elementor-element-pemmx7c2 e-con-full e-flex e-con e-child\" data-id=\"pemmx7c2\" data-element_type=\"container\" data-e-type=\"container\">\n\t\t<div class=\"elementor-element elementor-element-37ss2yr6 iwg-steckbrief-card e-flex e-con-boxed e-con e-child\" data-id=\"37ss2yr6\" data-element_type=\"container\" data-e-type=\"container\">\n\t\t\t\t\t<div class=\"e-con-inner\">\n\t\t\t\t<div class=\"elementor-element elementor-element-3v0wp3wx elementor-widget elementor-widget-heading\" data-id=\"3v0wp3wx\" data-element_type=\"widget\" data-e-type=\"widget\" data-widget_type=\"heading.default\">\n\t\t\t\t\t<div class=\"elementor-heading-title elementor-size-default\">Funkcija<\/div>\t\t\t\t<\/div>\n\t\t\t\t<div class=\"elementor-element elementor-element-w3247g2m elementor-widget elementor-widget-text-editor\" data-id=\"w3247g2m\" data-element_type=\"widget\" data-e-type=\"widget\" data-widget_type=\"text-editor.default\">\n\t\t\t\t\t\t\t\t\t<p>Oblikuje pokrajino, prina\u0161a zimo, zamrzne zemljo. Ambivalentna: hkrati uni\u010devalna in svet-ohranjujo\u010da. Ob pomladi se spremeni v kamen ali postane mlada.<\/p>\t\t\t\t\t\t\t\t<\/div>\n\t\t\t\t\t<\/div>\n\t\t\t\t<\/div>\n\t\t<div class=\"elementor-element elementor-element-0qpjal9w iwg-steckbrief-card e-flex e-con-boxed e-con e-child\" data-id=\"0qpjal9w\" data-element_type=\"container\" data-e-type=\"container\">\n\t\t\t\t\t<div class=\"e-con-inner\">\n\t\t\t\t<div class=\"elementor-element elementor-element-6ndoih0o elementor-widget elementor-widget-heading\" data-id=\"6ndoih0o\" data-element_type=\"widget\" data-e-type=\"widget\" data-widget_type=\"heading.default\">\n\t\t\t\t\t<div class=\"elementor-heading-title elementor-size-default\">Obramba pred Cailleach<\/div>\t\t\t\t<\/div>\n\t\t\t\t<div class=\"elementor-element elementor-element-6684tyh9 elementor-widget elementor-widget-text-editor\" data-id=\"6684tyh9\" data-element_type=\"widget\" data-e-type=\"widget\" data-widget_type=\"text-editor.default\">\n\t\t\t\t\t\t\t\t\t<p>Ni prave obrambe, temve\u010d spo\u0161tovanje in obredno priznanje. Dolo\u010dene rastline (jerebika, \u017euka) in kraji (Cailleachovi kamni) se obdarujejo z darovi.<\/p>\t\t\t\t\t\t\t\t<\/div>\n\t\t\t\t\t<\/div>\n\t\t\t\t<\/div>\n\t\t<div class=\"elementor-element elementor-element-3lfi7x32 iwg-steckbrief-card e-flex e-con-boxed e-con e-child\" data-id=\"3lfi7x32\" data-element_type=\"container\" data-e-type=\"container\">\n\t\t\t\t\t<div class=\"e-con-inner\">\n\t\t\t\t<div class=\"elementor-element elementor-element-0kg99ga1 elementor-widget elementor-widget-heading\" data-id=\"0kg99ga1\" data-element_type=\"widget\" data-e-type=\"widget\" data-widget_type=\"heading.default\">\n\t\t\t\t\t<div class=\"elementor-heading-title elementor-size-default\">Vzporednice<\/div>\t\t\t\t<\/div>\n\t\t\t\t<div class=\"elementor-element elementor-element-n0fum6kp elementor-widget elementor-widget-text-editor\" data-id=\"n0fum6kp\" data-element_type=\"widget\" data-e-type=\"widget\" data-widget_type=\"text-editor.default\">\n\t\t\t\t\t\t\t\t\t<p>Funkcionalno je sorodna z irsko M\u00f3rr\u00edgan in B\u00e9find kot starajo\u010dima se oblikovalkama usode; z <a href=\"https:\/\/iwell-guard.com\/sl\/?page_id=160381\">Babo Jago<\/a> (slovansko) kot gozdno in iniciacijsko \u010darovnico; z germansko Frau Holle\/Holdo; ter s severnoameri\u0161ko Babico Pajko (Hopi\/Cherokee). Na keltsko-\u0161kotskem obmo\u010dju se Cailleach zliva z lokalnimi gorskimi duhinjami; Hekata kot ustreznica gr\u0161ke tradicije deli profil no\u010dne, na prehode vezane mo\u010di.<\/p>\t\t\t\t\t\t\t\t<\/div>\n\t\t\t\t\t<\/div>\n\t\t\t\t<\/div>\n\t\t\t\t<\/div>\n\t\t\t\t<\/div>\n\t\t\t\t\t<\/div>\n\t\t\t\t<\/div>\n\t\t<div class=\"elementor-element elementor-element-7533bc7a e-flex e-con-boxed e-con e-parent\" data-id=\"7533bc7a\" data-element_type=\"container\" data-e-type=\"container\">\n\t\t\t\t\t<div class=\"e-con-inner\">\n\t\t\t\t<div class=\"elementor-element elementor-element-2447d18d elementor-widget elementor-widget-heading\" data-id=\"2447d18d\" data-element_type=\"widget\" data-e-type=\"widget\" data-widget_type=\"heading.default\">\n\t\t\t\t\t<h2 class=\"elementor-heading-title elementor-size-default\">Kult in ljudski obi\u010daji<\/h2>\t\t\t\t<\/div>\n\t\t<div class=\"elementor-element elementor-element-d5d0260c e-con-full e-flex e-con e-child\" data-id=\"d5d0260c\" data-element_type=\"container\" data-e-type=\"container\">\n\t\t\t\t<div class=\"elementor-element elementor-element-341be2ac elementor-widget elementor-widget-text-editor\" data-id=\"341be2ac\" data-element_type=\"widget\" data-e-type=\"widget\" data-widget_type=\"text-editor.default\">\n\t\t\t\t\t\t\t\t\t<p><strong>Letni obredi<\/strong><\/p><p>Samhain (31. 10.\/1. 11.) kot za\u010detek njene oblasti, Beltane (1. 5.) kot njen konec. V nekaterih pokrajinah so ob Imbolcu (1. 2., Brigidin dan) uprizarjali njeno sre\u010danje z mlado Brigido: starka nabira drva za dolgo ali kratko zimo, odvisno od vremena.<\/p><p><strong>Kraji vezani kulti<\/strong><\/p><p>Na Irskem in \u0160kotskem obstaja ve\u010d sto krajev, poimenovanih po Cailleach. Cailleachovi kamni, vrhovi in jame so spo\u0161tovani \u0161e danes. Nekateri kmetje na poljih pu\u0161\u010dajo pas \u017eita, imenovan \u00bbCailleachov dele\u017e\u00ab.<\/p><p><strong>Razlaga vremena<\/strong><\/p><p>\u0160kotski februar prina\u0161a njene zadnje nevihte; \u00bbCailleachova nevihta\u00ab ima svoje zna\u010dilne vremenske znake. Vreme dvanajstih dni po bo\u017ei\u010du, imenovanih \u00bbCailleachovi dnevi\u00ab, velja za napoved vremena za prihajajo\u010dih dvanajst mesecev.<\/p>\t\t\t\t\t\t\t\t<\/div>\n\t\t\t\t<\/div>\n\t\t\t\t\t<\/div>\n\t\t\t\t<\/div>\n\t\t<div class=\"elementor-element elementor-element-5a584676 e-flex e-con-boxed e-con e-parent\" data-id=\"5a584676\" data-element_type=\"container\" data-e-type=\"container\">\n\t\t\t\t\t<div class=\"e-con-inner\">\n\t\t\t\t<div class=\"elementor-element elementor-element-6d0757bf elementor-widget elementor-widget-heading\" data-id=\"6d0757bf\" data-element_type=\"widget\" data-e-type=\"widget\" data-widget_type=\"heading.default\">\n\t\t\t\t\t<h2 class=\"elementor-heading-title elementor-size-default\">Vzporednice in sodobnost<\/h2>\t\t\t\t<\/div>\n\t\t<div class=\"elementor-element elementor-element-60563f68 e-con-full e-flex e-con e-child\" data-id=\"60563f68\" data-element_type=\"container\" data-e-type=\"container\">\n\t\t\t\t<div class=\"elementor-element elementor-element-5a93fdd6 elementor-widget elementor-widget-text-editor\" data-id=\"5a93fdd6\" data-element_type=\"widget\" data-e-type=\"widget\" data-widget_type=\"text-editor.default\">\n\t\t\t\t\t\t\t\t\t<p><strong>Evropske vzporednice:<\/strong> Perchta in Hulda v germanski tradiciji sta funkcionalno blizu: stare \u017eenske, povezane z zimo, dvoumno nevarne. Baba Jaga na slovanskem obmo\u010dju deli podobne poteze: stara \u017eena, lasten svet, vmesni polo\u017eaj med za\u0161\u010ditnico in gro\u017enjo.<\/p><p><strong>Neopaganska recepcija:<\/strong> V sodobni wicci in keltskem neopaganstvu je Cailleach \u010da\u0161\u010dena kot vidik Starke znotraj \u00bbTrojne boginje\u00ab (Devica-Mati-Starka). Ta razlaga je sodobno-sinkreti\u010dna, ne zgodovinsko-keltska, vendar ima svojo upravi\u010denost.<\/p><p><strong>Literatura in kultura:<\/strong> Sodobna irska literatura (Nuala N\u00ed Dhomhnaill) obravnava Cailleach kot <span class=\"iwg-fachbegriff\" data-tooltip=\"Znak, ki nadomestno stoji za neko predstavo ali pomen.\" tabindex=\"0\">simbol<\/span> \u017eenske dvoumnosti. \u0160kotsko kulturno gibanje se nanjo sklicuje kot na identitetotvorno figuro.<\/p>\t\t\t\t\t\t\t\t<\/div>\n\t\t\t\t<\/div>\n\t\t\t\t\t<\/div>\n\t\t\t\t<\/div>\n\t\t<div class=\"elementor-element elementor-element-cp39ff509 e-flex e-con-boxed e-con e-parent\" data-id=\"cp39ff509\" data-element_type=\"container\" data-e-type=\"container\">\n\t\t\t\t\t<div class=\"e-con-inner\">\n\t\t\t\t<div class=\"elementor-element elementor-element-cp9063709 elementor-widget elementor-widget-heading\" data-id=\"cp9063709\" data-element_type=\"widget\" data-e-type=\"widget\" data-widget_type=\"heading.default\">\n\t\t\t\t\t<h2 class=\"elementor-heading-title elementor-size-default\">Cailleach kot oblikovalka pokrajine<\/h2>\t\t\t\t<\/div>\n\t\t<div class=\"elementor-element elementor-element-cpa62624f e-con-full e-flex e-con e-child\" data-id=\"cpa62624f\" data-element_type=\"container\" data-e-type=\"container\">\n\t\t\t\t<div class=\"elementor-element elementor-element-cpc3026f6 elementor-widget elementor-widget-text-editor\" data-id=\"cpc3026f6\" data-element_type=\"widget\" data-e-type=\"widget\" data-widget_type=\"text-editor.default\">\n\t\t\t\t\t\t\t\t\t<p>V galskem <span class=\"iwg-fachbegriff\" data-tooltip=\"Prena\u0161anje znanja in pripovedi skozi generacije.\" tabindex=\"0\">izro\u010dilu<\/span> \u0160kotske in Irske Cailleach ni le lik v pripovedih, temve\u010d tudi razlagalna mo\u010d za samo pokrajino. \u0160tevilne gore, hribi, skalne formacije in otoki so v lokalnih legendah razumljeni kot njeno delo.<\/p><p>Pravijo, da je iz svojega predpasnika stresala kamne in tako oblikovala gorske verige, ali pa da je s kladivom oblikovala dolino. Take etiolo\u0161ke pripovedi so razpredene po \u0161kotskih vi\u0161avjih, Hebridih in delih Irske.<\/p><p>Posebej dobro dokumentiran primer je vrtinec Corryvreckan med otokoma Jura in Scarba.<\/p><p>Raz\u0161irjena <span class=\"iwg-fachbegriff\" data-tooltip=\"Izro\u010dena pripoved, ki ima pogosto zgodovinsko jedro in \u010dude\u017ene poteze.\" tabindex=\"0\">legenda<\/span> razlaga bu\u010danje vode s tem, da Cailleach tam jeseni pere svoj pled, in ko je oprana, je bela, prvi sneg pa prekrije de\u017eelo. Ta pripoved povezuje Cailleach z letnim prehodom v zimo.<\/p><p>Folkloristika, na primer v delih Donalda Mackenzieja v zgodnjem 20. stoletju in bolj kriti\u010dno v novej\u0161ih \u0161tudijah, je Cailleach zato razumela kot poosebitev divje, pred\u010dlove\u0161ke narave. Starej\u0161a je od ljudi, deloma tudi starej\u0161a od imenovanih bogov, in pooseblj\u00e1 gorovje, nevihto in mrzli letni \u010das.<\/p><p>Pomembna je metodolo\u0161ka previdnost: veliko od tega, kar se danes ka\u017ee kot povezana Cailleachova <span class=\"iwg-fachbegriff\" data-tooltip=\"Celota izro\u010denih pripovedi o bogovih neke kulture.\" tabindex=\"0\">mitologija<\/span>, so v sistem povezali \u0161ele zbiralci 19. in 20. stoletja.<\/p>\t\t\t\t\t\t\t\t<\/div>\n\t\t\t\t<\/div>\n\t\t\t\t\t<\/div>\n\t\t\t\t<\/div>\n\t\t<div class=\"elementor-element elementor-element-cp4708569 e-flex e-con-boxed e-con e-parent\" data-id=\"cp4708569\" data-element_type=\"container\" data-e-type=\"container\">\n\t\t\t\t\t<div class=\"e-con-inner\">\n\t\t\t\t<div class=\"elementor-element elementor-element-cp2629f04 elementor-widget elementor-widget-heading\" data-id=\"cp2629f04\" data-element_type=\"widget\" data-e-type=\"widget\" data-widget_type=\"heading.default\">\n\t\t\t\t\t<h2 class=\"elementor-heading-title elementor-size-default\">Cailleach in Brigid: spor za leto<\/h2>\t\t\t\t<\/div>\n\t\t<div class=\"elementor-element elementor-element-cp2e76df6 e-con-full e-flex e-con e-child\" data-id=\"cp2e76df6\" data-element_type=\"container\" data-e-type=\"container\">\n\t\t\t\t<div class=\"elementor-element elementor-element-cpcdcc72e elementor-widget elementor-widget-text-editor\" data-id=\"cpcdcc72e\" data-element_type=\"widget\" data-e-type=\"widget\" data-widget_type=\"text-editor.default\">\n\t\t\t\t\t\t\t\t\t<p>Raz\u0161irjena predstava na \u0160kotskem in Irskem postavlja Cailleach nasproti pomladni podobi, ki jo pogosto imenujejo Brigid.<\/p><p>Po tem pripovednem izro\u010dilu Cailleach vlada zimskim mesecem, od <em>Samhaina<\/em> v za\u010detku novembra do <em>Bealtaineja<\/em> v za\u010detku maja. S za\u010detkom pomladi njena oblast preneha, v nekaterih razli\u010dicah pa se Cailleach spremeni v kamen ali odide k vrelcu mladosti, iz katerega ponovno stopi pomlajena.<\/p><p>Pogosto navajana podrobnost se nana\u0161a na praznik <em>L\u00e0 Fh\u00e8ill Br\u00ecghde<\/em>, Brigidin dan v za\u010detku februarja. \u010ce je ta dan son\u010den in svetel, pravijo, da je Cailleach zunaj in nabira drva za dolg in trd preostanek zime, zato lepo vreme na ta dan velja za slabo znamenje.<\/p><p>\u010ce je dan nasprotno tema\u010den, naj bi Cailleach zamudila spanec, njena zaloga drv ostane majhna, in zima se kmalu kon\u010da. To vremensko pravilo je strukturno sorodno srednjeevropskemu prazniku sve\u010dnice in navadi z gomarico.<\/p><p>Religioznoznanstvena razlaga je pri tem previdnej\u0161a od popularnih prikazov. Ali sta Cailleach in Brigid v predkr\u0161\u010danskem \u010dasu resni\u010dno veljali za dva vidika ene same boginje ali za tekmujo\u010di si podobi, iz virov ni mogo\u010de zanesljivo ugotoviti.<\/p><p>Ta primerjava je ve\u010dinoma rekonstruirana iz novej\u0161ega <span class=\"iwg-fachbegriff\" data-tooltip=\"Izro\u010dena ljudska kultura z obi\u010daji, pripovedmi in pesmimi.\" tabindex=\"0\">folklora<\/span>. Zagotovo je le, da je Cailleach v \u017eivem pripovednem izro\u010dilu trdno povezana z zimskim polletjem.<\/p>\t\t\t\t\t\t\t\t<\/div>\n\t\t\t\t<\/div>\n\t\t\t\t\t<\/div>\n\t\t\t\t<\/div>\n\t\t<div class=\"elementor-element elementor-element-cpdb538b3 e-flex e-con-boxed e-con e-parent\" data-id=\"cpdb538b3\" data-element_type=\"container\" data-e-type=\"container\">\n\t\t\t\t\t<div class=\"e-con-inner\">\n\t\t\t\t<div class=\"elementor-element elementor-element-cpca8ff2a elementor-widget elementor-widget-heading\" data-id=\"cpca8ff2a\" data-element_type=\"widget\" data-e-type=\"widget\" data-widget_type=\"heading.default\">\n\t\t\t\t\t<h2 class=\"elementor-heading-title elementor-size-default\">Zadnji snop in \u017eetveni obi\u010daj<\/h2>\t\t\t\t<\/div>\n\t\t<div class=\"elementor-element elementor-element-cp62132ee e-con-full e-flex e-con e-child\" data-id=\"cp62132ee\" data-element_type=\"container\" data-e-type=\"container\">\n\t\t\t\t<div class=\"elementor-element elementor-element-cpd835c69 elementor-widget elementor-widget-text-editor\" data-id=\"cpd835c69\" data-element_type=\"widget\" data-e-type=\"widget\" data-widget_type=\"text-editor.default\">\n\t\t\t\t\t\t\t\t\t<p>Poleg pokrajinskih mitov je bila Cailleach v \u0161kotskih Highlandih in na Hebridih vse do 19. in delno 20. stoletja del konkretnega \u017eetvenega obi\u010daja. Zadnji snop, ki so ga po\u017eeli na polju, se je v mnogih krajih prav tako imenoval <em>Cailleach<\/em>, Stara.<\/p><p>Kdor je s ko\u0161njo kon\u010dal zadnji, mu je pripadla Cailleach, kar je marsikje veljalo za sramoto, saj je moral neproduktivnega jedca gostiti \u010dez zimo.<\/p><p>Za izogibanje Cailleach so obstajale razli\u010dne strategije. Kosci so svoje srpe vrgli v zadnji \u0161op stebel ali ga hitro povezali, da bi ga prevalili na po\u010dasnej\u0161ega soseda.<\/p><p>Zadnji snop so pogosto spretno spleteli v podobo, ga hranili v hi\u0161i in ga naslednjo pomlad dali med prve vzniknjene setve ali \u017eivini. S tem naj bi se mo\u010d, ki naj biva v \u017eitu, ohranila \u010dez zimo in prenesla v nov cikel.<\/p><p>James George Frazer je ta <span class=\"iwg-fachbegriff\" data-tooltip=\"Izro\u010deno, v skupnosti redno ponavljano dejanje.\" tabindex=\"0\">obi\u010daj<\/span> v delu <em>The Golden Bough<\/em> navedel kot primer \u017eitnega demona, mo\u010di, ki naj biva v \u017eitu in naj bi jo ujeli z zadnjim snopom.<\/p><p>Novej\u0161e raziskave so do Frazerjeve velike sheme skepti\u010dne, poudarjajo pa, da je \u017eetveni obi\u010daj, povezan s Cailleach, sam po sebi dobro dokumentiran. Ka\u017ee Cailleach v povsem druga\u010dni vlogi kot mogo\u010dno oblikovalko gora: kot vsakdanjo, pol stra\u0161ljivo, pol zasmehovano podobo kme\u010dkega delovnega sveta.<\/p>\t\t\t\t\t\t\t\t<\/div>\n\t\t\t\t<\/div>\n\t\t\t\t\t<\/div>\n\t\t\t\t<\/div>\n\t\t<div class=\"elementor-element elementor-element-cp7788a48 e-flex e-con-boxed e-con e-parent\" data-id=\"cp7788a48\" data-element_type=\"container\" data-e-type=\"container\">\n\t\t\t\t\t<div class=\"e-con-inner\">\n\t\t\t\t<div class=\"elementor-element elementor-element-cpbf6b671 elementor-widget elementor-widget-heading\" data-id=\"cpbf6b671\" data-element_type=\"widget\" data-e-type=\"widget\" data-widget_type=\"heading.default\">\n\t\t\t\t\t<h2 class=\"elementor-heading-title elementor-size-default\">Etimologija in problem virov<\/h2>\t\t\t\t<\/div>\n\t\t<div class=\"elementor-element elementor-element-cp36c0b44 e-con-full e-flex e-con e-child\" data-id=\"cp36c0b44\" data-element_type=\"container\" data-e-type=\"container\">\n\t\t\t\t<div class=\"elementor-element elementor-element-cpe9589af elementor-widget elementor-widget-text-editor\" data-id=\"cpe9589af\" data-element_type=\"widget\" data-e-type=\"widget\" data-widget_type=\"text-editor.default\">\n\t\t\t\t\t\t\t\t\t<p>Ime <em>Cailleach<\/em> v \u0161kotski gal\u0161\u010dini in ir\u0161\u010dini dobesedno pomeni Zakrita ali Stara, stara \u017eena. Beseda izhaja iz <em>caille<\/em>, kar pomeni tan\u010dica, kar je izposojeno iz latinske besede <em>pallium<\/em>.<\/p><p>Jezikovnozgodovinsko je izraz torej relativno mlad in nosi pomen, ki je sprva ozna\u010deval zakrito nuno ali starko na splo\u0161no. Iz tega izhaja pomembna metodolo\u0161ka posledica: samo ime ne dokazuje predkr\u0161\u010danske boginje, temve\u010d gre za splo\u0161no poimenovanje, ki so ga uporabljali za razli\u010dne podobe.<\/p><p>Srednjeve\u0161ka irska pesnitev o <em>Cailleach Bh\u00e9arra<\/em>, Starki iz Beare, je ena najstarej\u0161ih literarnih sledi. Gre za to\u017ebo starke o minuli mladosti in lepoti, ki jo datirajo v osmo ali deveto stoletje.<\/p><p>Ali je govore\u010da podoba v pesnitvi mitolo\u0161ka figura ali literarna poosebitev starosti, je v keltologiji predmet spora. Nekateri raziskovalci v njej videvajo preostanek boginje suverenosti, drugi pesnitev berejo predvsem kot kr\u0161\u010dansko premi\u0161ljevanje o minljivosti.<\/p><p>Ta viri pojasnijo, zakaj je sodobna Cailleach tako raznolika. Ne obstaja en sam kanonski <span class=\"iwg-fachbegriff\" data-tooltip=\"Izro\u010dena pripoved o bogovih, izvorih in ureditvi sveta.\" tabindex=\"0\">mit<\/span>. Namesto tega so besedo skozi stoletja uporabljali za lokalne gorske duhove, vremenske mo\u010di, \u017eetvene in naravne poosebitve, \u0161ele folkloristi 19. in 20. stoletja pa so te niti zdru\u017eili v eno podobo.<\/p><p>Kdor se znanstveno posve\u010da Cailleach, mora zato razlo\u010devati med srednjeve\u0161kimi besedili, regionalno pripovedno izro\u010dilo in sodobno sintezo.<\/p>\t\t\t\t\t\t\t\t<\/div>\n\t\t\t\t<\/div>\n\t\t\t\t\t<\/div>\n\t\t\t\t<\/div>\n\t\t<div class=\"elementor-element elementor-element-36dd7469 e-flex e-con-boxed e-con e-parent\" data-id=\"36dd7469\" data-element_type=\"container\" data-e-type=\"container\">\n\t\t\t\t\t<div class=\"e-con-inner\">\n\t\t\t\t<div class=\"elementor-element elementor-element-13760ab4 elementor-widget elementor-widget-heading\" data-id=\"13760ab4\" data-element_type=\"widget\" data-e-type=\"widget\" data-widget_type=\"heading.default\">\n\t\t\t\t\t<h2 class=\"elementor-heading-title elementor-size-default\">Nadaljnje povezave<\/h2>\t\t\t\t<\/div>\n\t\t<div class=\"elementor-element elementor-element-28c87796 e-con-full e-flex e-con e-child\" data-id=\"28c87796\" data-element_type=\"container\" data-e-type=\"container\">\n\t\t\t\t<div class=\"elementor-element elementor-element-5d6538df elementor-widget elementor-widget-text-editor\" data-id=\"5d6538df\" data-element_type=\"widget\" data-e-type=\"widget\" data-widget_type=\"text-editor.default\">\n\t\t\t\t\t\t\t\t\t<p>Priporo\u010dene notranje povezave:<\/p><ul><li><a href=\"https:\/\/iwell-guard.com\/sl\/?page_id=160359\">Keltsko<\/a><\/li><li><a href=\"https:\/\/iwell-guard.com\/sl\/?page_id=160376\">Banshee<\/a>, <a href=\"https:\/\/iwell-guard.com\/sl\/?page_id=160377\">Sluagh<\/a>, P\u00faca, <a href=\"https:\/\/iwell-guard.com\/sl\/?page_id=160380\">Dullahan<\/a><\/li><li>Morr\u00edgan, <a href=\"https:\/\/iwell-guard.com\/sl\/?page_id=160572\">Brigid<\/a> (keltske boginje)<\/li><li><a href=\"https:\/\/iwell-guard.com\/sl\/?page_id=160381\">Baba Jaga<\/a> (slovanska paralela, podrobna stran sledi)<\/li><li>Perchta\/Hulda (germanske paralele)<\/li><\/ul>\t\t\t\t\t\t\t\t<\/div>\n\t\t\t\t<\/div>\n\t\t\t\t\t<\/div>\n\t\t\t\t<\/div>\n\t\t<div class=\"elementor-element elementor-element-grl4kl40 e-flex e-con-boxed e-con e-parent\" data-id=\"grl4kl40\" data-element_type=\"container\" data-e-type=\"container\">\n\t\t\t\t\t<div class=\"e-con-inner\">\n\t\t\t\t<div class=\"elementor-element elementor-element-bzsbfrmh elementor-widget elementor-widget-heading\" data-id=\"bzsbfrmh\" data-element_type=\"widget\" data-e-type=\"widget\" data-widget_type=\"heading.default\">\n\t\t\t\t\t<h2 class=\"elementor-heading-title elementor-size-default\">Literatura (izbor)<\/h2>\t\t\t\t<\/div>\n\t\t<div class=\"elementor-element elementor-element-2c13224a e-con-full e-flex e-con e-child\" data-id=\"2c13224a\" data-element_type=\"container\" data-e-type=\"container\">\n\t\t\t\t<div class=\"elementor-element elementor-element-0eymh9ub elementor-widget elementor-widget-text-editor\" data-id=\"0eymh9ub\" data-element_type=\"widget\" data-e-type=\"widget\" data-widget_type=\"text-editor.default\">\n\t\t\t\t\t\t\t\t\t<footer class=\"iwg-literatur\" data-nosnippet=\"true\"><p>Izbor osrednjih del o Cailleach:<\/p><ul><li><span data-nosnippet>McNeill, F. Marian: <em>The Silver Bough<\/em>. 4 zv. Glasgow 1957, 68.<\/span><\/li><li><span data-nosnippet>\u00d3 h\u00d3g\u00e1in, D\u00e1ith\u00ed: <em>Myth, Legend and Romance<\/em>. New York 1991.<\/span><\/li><li><span data-nosnippet>Hull, Eleanor: \u201eLegends and Traditions of the Cailleach Bheara.&#8221; V: <em><span class=\"iwg-fachbegriff\" data-tooltip=\"Izro\u010dena ljudska kultura z obi\u010daji, pripovedmi in pesmimi.\" tabindex=\"0\">Folklore<\/span><\/em> 38 (1927).<\/span><\/li><li><span data-nosnippet>Monaghan, Patricia: <em>The Encyclopedia of Celtic Mythology and <span class=\"iwg-fachbegriff\" data-tooltip=\"Izro\u010dena ljudska kultura z obi\u010daji, pripovedmi in pesmimi.\" tabindex=\"0\">Folklore<\/span><\/em>. New York 2004.<\/span><\/li><\/ul><\/footer>\n<p class=\"iwg-bib-more\"><span data-nosnippet>Nadaljnja standardna dela v <a href=\"https:\/\/iwell-guard.com\/sl\/?page_id=160475\">seznamu literature<\/a>.<\/span><\/p>\t\t\t\t\t\t\t\t<\/div>\n\t\t\t\t<\/div>\n\t\t\t\t\t<\/div>\n\t\t\t\t<\/div>\n\t\t<div class=\"elementor-element elementor-element-iwgkw-add-cailleach e-flex e-con-boxed e-con e-parent\" data-id=\"iwgkw-add-cailleach\" data-element_type=\"container\" data-e-type=\"container\">\n\t\t\t\t\t<div class=\"e-con-inner\">\n\t\t\t\t<div class=\"elementor-element elementor-element-iwgkw-add-cailleach-t elementor-widget elementor-widget-text-editor\" data-id=\"iwgkw-add-cailleach-t\" data-element_type=\"widget\" data-e-type=\"widget\" data-widget_type=\"text-editor.default\">\n\t\t\t\t\t\t\t\t\t<p>V primerjavi z mo\u0161kimi bogovi keltskega panteona se Cailleach ka\u017ee kot samostojna visoka boginja, ki utele\u0161a zimo, nevihte in gorovje.<\/p><p>Kjer tipi\u010den keltski bog predstavlja pleme, vojno ali obrt, ona utele\u0161a starej\u0161o, s pokrajino povezano plast: gore, skalne oblike in menjavo letnih \u010dasov na \u0160kotskem, Irskem in Otoku Man povezujejo z njeno podobo.<\/p>\t\t\t\t\t\t\t\t<\/div>\n\t\t\t\t\t<\/div>\n\t\t\t\t<\/div>\n\t\t\t\t<\/div>\n\t\t","protected":false},"excerpt":{"rendered":"","protected":false},"author":3,"featured_media":1614,"parent":0,"menu_order":0,"comment_status":"closed","ping_status":"closed","template":"elementor_header_footer","meta":{"_yoast_wpseo_focuskw":"Cailleach","_yoast_wpseo_title":"Cailleach - Stara, boginja zime in oblikovalka skal","_yoast_wpseo_metadesc":"Cailleach, Stara, je boginja zime in oblikovalka skal keltskega sveta. \u0160kotska, Irska, Isle of Man: mit pokrajine in datum Imbolca.","_yoast_wpseo_meta-robots-noindex":"","_yoast_wpseo_canonical":"","_angie_page":false,"gefaehrdungsstufe":"3","wesen_kultur":"keltisch","wesen_klasse":"goetter","footnotes":""},"categories":[],"class_list":["post-160378","page","type-page","status-publish","has-post-thumbnail","hentry"],"yoast_head":"<!-- This site is optimized with the Yoast SEO Premium plugin v27.7 (Yoast SEO v28.3) - https:\/\/yoast.com\/product\/yoast-seo-premium-wordpress\/ -->\n<title>Cailleach - Stara, boginja zime in oblikovalka skal<\/title>\n<meta name=\"description\" content=\"Cailleach, Stara, je boginja zime in oblikovalka skal keltskega sveta. \u0160kotska, Irska, Isle of Man: mit pokrajine in datum Imbolca.\" \/>\n<meta name=\"robots\" content=\"index, follow, max-snippet:-1, max-image-preview:large, max-video-preview:-1\" \/>\n<link rel=\"canonical\" href=\"https:\/\/iwell-guard.com\/sl\/cailleach\/\" \/>\n<meta property=\"og:locale\" content=\"sl_SI\" \/>\n<meta property=\"og:type\" content=\"article\" \/>\n<meta property=\"og:title\" content=\"Cailleach\" \/>\n<meta property=\"og:description\" content=\"Cailleach, Stara, je boginja zime in oblikovalka skal keltskega sveta. \u0160kotska, Irska, Isle of Man: mit pokrajine in datum Imbolca.\" \/>\n<meta property=\"og:url\" content=\"https:\/\/iwell-guard.com\/sl\/cailleach\/\" \/>\n<meta property=\"og:site_name\" content=\"iWell Guard\" \/>\n<meta property=\"article:modified_time\" content=\"2026-09-05T00:35:47+00:00\" \/>\n<meta property=\"og:image\" content=\"https:\/\/iwell-guard.com\/wp-content\/uploads\/2026\/04\/goetter_keltisch_cailleach.webp\" \/>\n\t<meta property=\"og:image:width\" content=\"1024\" \/>\n\t<meta property=\"og:image:height\" content=\"1536\" \/>\n\t<meta property=\"og:image:type\" content=\"image\/webp\" \/>\n<meta name=\"twitter:card\" content=\"summary_large_image\" \/>\n<script type=\"application\/ld+json\" class=\"yoast-schema-graph\">{\"@context\":\"https:\\\/\\\/schema.org\",\"@graph\":[{\"@type\":\"WebPage\",\"@id\":\"https:\\\/\\\/iwell-guard.com\\\/sl\\\/cailleach\\\/\",\"url\":\"https:\\\/\\\/iwell-guard.com\\\/sl\\\/cailleach\\\/\",\"name\":\"Cailleach - Stara, boginja zime in oblikovalka skal\",\"isPartOf\":{\"@id\":\"https:\\\/\\\/iwell-guard.com\\\/sl\\\/#website\"},\"primaryImageOfPage\":{\"@id\":\"https:\\\/\\\/iwell-guard.com\\\/sl\\\/cailleach\\\/#primaryimage\"},\"image\":{\"@id\":\"https:\\\/\\\/iwell-guard.com\\\/sl\\\/cailleach\\\/#primaryimage\"},\"thumbnailUrl\":\"https:\\\/\\\/iwell-guard.com\\\/wp-content\\\/uploads\\\/2026\\\/04\\\/goetter_keltisch_cailleach.webp\",\"datePublished\":\"2026-09-05T00:20:31+00:00\",\"dateModified\":\"2026-09-05T00:35:47+00:00\",\"description\":\"Cailleach, Stara, je boginja zime in oblikovalka skal keltskega sveta. \u0160kotska, Irska, Isle of Man: mit pokrajine in datum Imbolca.\",\"breadcrumb\":{\"@id\":\"https:\\\/\\\/iwell-guard.com\\\/sl\\\/cailleach\\\/#breadcrumb\"},\"inLanguage\":\"sl-SI\",\"potentialAction\":[{\"@type\":\"ReadAction\",\"target\":[\"https:\\\/\\\/iwell-guard.com\\\/sl\\\/cailleach\\\/\"]}]},{\"@type\":\"ImageObject\",\"inLanguage\":\"sl-SI\",\"@id\":\"https:\\\/\\\/iwell-guard.com\\\/sl\\\/cailleach\\\/#primaryimage\",\"url\":\"https:\\\/\\\/iwell-guard.com\\\/wp-content\\\/uploads\\\/2026\\\/04\\\/goetter_keltisch_cailleach.webp\",\"contentUrl\":\"https:\\\/\\\/iwell-guard.com\\\/wp-content\\\/uploads\\\/2026\\\/04\\\/goetter_keltisch_cailleach.webp\",\"width\":1024,\"height\":1536,\"caption\":\"Bo\u017eanstva iz keltske tradicije.\"},{\"@type\":\"BreadcrumbList\",\"@id\":\"https:\\\/\\\/iwell-guard.com\\\/sl\\\/cailleach\\\/#breadcrumb\",\"itemListElement\":[{\"@type\":\"ListItem\",\"position\":1,\"name\":\"Start\",\"item\":\"https:\\\/\\\/iwell-guard.com\\\/sl\\\/?page_id=160323\"},{\"@type\":\"ListItem\",\"position\":2,\"name\":\"Cailleach\"}]},{\"@type\":\"WebSite\",\"@id\":\"https:\\\/\\\/iwell-guard.com\\\/sl\\\/#website\",\"url\":\"https:\\\/\\\/iwell-guard.com\\\/sl\\\/\",\"name\":\"iWell Guard\",\"description\":\"Schutz vor dunklen Einfl\u00fcssen\",\"publisher\":{\"@id\":\"https:\\\/\\\/iwell-guard.com\\\/sl\\\/#organization\"},\"potentialAction\":[{\"@type\":\"SearchAction\",\"target\":{\"@type\":\"EntryPoint\",\"urlTemplate\":\"https:\\\/\\\/iwell-guard.com\\\/sl\\\/?s={search_term_string}\"},\"query-input\":{\"@type\":\"PropertyValueSpecification\",\"valueRequired\":true,\"valueName\":\"search_term_string\"}}],\"inLanguage\":\"sl-SI\"},{\"@type\":\"Organization\",\"@id\":\"https:\\\/\\\/iwell-guard.com\\\/sl\\\/#organization\",\"name\":\"Ittermann electronic GmbH\",\"url\":\"https:\\\/\\\/iwell-guard.com\\\/sl\\\/\",\"logo\":{\"@type\":\"ImageObject\",\"inLanguage\":\"sl-SI\",\"@id\":\"https:\\\/\\\/iwell-guard.com\\\/sl\\\/#\\\/schema\\\/logo\\\/image\\\/\",\"url\":\"https:\\\/\\\/iwell-guard.com\\\/wp-content\\\/uploads\\\/2026\\\/05\\\/Ittermann-Logo-1182x237-1.png\",\"contentUrl\":\"https:\\\/\\\/iwell-guard.com\\\/wp-content\\\/uploads\\\/2026\\\/05\\\/Ittermann-Logo-1182x237-1.png\",\"width\":1182,\"height\":237,\"caption\":\"Ittermann electronic GmbH\"},\"image\":{\"@id\":\"https:\\\/\\\/iwell-guard.com\\\/sl\\\/#\\\/schema\\\/logo\\\/image\\\/\"},\"sameAs\":[\"https:\\\/\\\/pantip.com\\\/profile\\\/9367242\",\"https:\\\/\\\/micro.blog\\\/iwellguard\",\"https:\\\/\\\/www.diggerslist.com\\\/iwellguard\\\/about\",\"https:\\\/\\\/skitterphoto.com\\\/photographers\\\/2870314\\\/iwell-guard\",\"https:\\\/\\\/iwellguard.wordpress.com\\\/2026\\\/06\\\/06\\\/iwell-guard\\\/\",\"https:\\\/\\\/hub.docker.com\\\/u\\\/iwellguard\",\"https:\\\/\\\/www.pinterest.com\\\/iwellguard\\\/\",\"https:\\\/\\\/bit.ly\\\/m\\\/iwellguard\",\"https:\\\/\\\/entre-vos-mains.alsace.eu\\\/profiles\\\/iwellguard\\\/activity\",\"https:\\\/\\\/gravatar.com\\\/reallybeded8fd34\",\"https:\\\/\\\/naijamatta.com\\\/iwellguard\",\"https:\\\/\\\/www.goodreads.com\\\/iwellguard\",\"https:\\\/\\\/profile.hatena.ne.jp\\\/iwellguard\\\/\",\"https:\\\/\\\/experiment.com\\\/users\\\/iwellguard\",\"https:\\\/\\\/wakelet.com\\\/@iWellGuard82270\",\"https:\\\/\\\/www.chordie.com\\\/forum\\\/profile.php?id=2555664\",\"https:\\\/\\\/www.instapaper.com\\\/p\\\/17757966\",\"https:\\\/\\\/www.mapleprimes.com\\\/users\\\/iwellguard\",\"https:\\\/\\\/businesslistingplus.com\\\/profile\\\/iwell-guard\\\/\",\"https:\\\/\\\/telegra.ph\\\/iWell-Guard-06-06\",\"https:\\\/\\\/pbase.com\\\/iwellguard\\\/iwellguard\",\"https:\\\/\\\/b.hatena.ne.jp\\\/iwellguard\\\/20260607#bookmark-4788405196491818882\",\"https:\\\/\\\/fliphtml5.com\\\/home\\\/iwellguard\",\"https:\\\/\\\/anyflip.com\\\/homepage\\\/cmiwl#About\",\"https:\\\/\\\/transfur.com\\\/Users\\\/iwellguard\",\"http:\\\/\\\/delphi.larsbo.org\\\/user\\\/iwellguard\",\"https:\\\/\\\/jobs.lajobsportal.org\\\/profiles\\\/8380803-iwell-guard\",\"https:\\\/\\\/md.chaosdorf.de\\\/s\\\/jfbe5SBdJD\",\"https:\\\/\\\/www.lingvolive.com\\\/en-us\\\/profile\\\/9ecaeaca-ce11-4e51-9e71-01d55e2bff36\\\/translations\",\"https:\\\/\\\/www.fitday.com\\\/fitness\\\/forums\\\/members\\\/iwellguard.html\",\"https:\\\/\\\/www.mymeetbook.com\\\/iwellguard\",\"https:\\\/\\\/pxhere.com\\\/en\\\/photographer-me\\\/5040798\",\"https:\\\/\\\/disqus.com\\\/by\\\/iwellguard\\\/about\\\/\",\"https:\\\/\\\/pastelink.net\\\/hjwciqwq\",\"https:\\\/\\\/pubhtml5.com\\\/homepage\\\/scjhn\\\/\",\"https:\\\/\\\/www.bitchute.com\\\/channel\\\/2O2eOKzNqujT\",\"https:\\\/\\\/audiomack.com\\\/iwellguard\"]},{\"@type\":\"Article\",\"@id\":\"https:\\\/\\\/iwell-guard.com\\\/sl\\\/cailleach\\\/#article\",\"isPartOf\":{\"@id\":\"https:\\\/\\\/iwell-guard.com\\\/sl\\\/cailleach\\\/\"},\"author\":{\"name\":\"Ralf Ittermann\",\"@id\":\"https:\\\/\\\/iwell-guard.com\\\/sl\\\/#\\\/schema\\\/person\\\/ee2a27f1cac3406c7c6fb5820cb7349f\"},\"headline\":\"Cailleach\",\"datePublished\":\"2026-09-05T00:20:31+00:00\",\"dateModified\":\"2026-09-05T00:35:47+00:00\",\"mainEntityOfPage\":{\"@id\":\"https:\\\/\\\/iwell-guard.com\\\/sl\\\/cailleach\\\/\"},\"publisher\":{\"@id\":\"https:\\\/\\\/iwell-guard.com\\\/sl\\\/#organization\"},\"image\":{\"@id\":\"https:\\\/\\\/iwell-guard.com\\\/sl\\\/cailleach\\\/#primaryimage\"},\"thumbnailUrl\":\"https:\\\/\\\/iwell-guard.com\\\/wp-content\\\/uploads\\\/2026\\\/04\\\/goetter_keltisch_cailleach.webp\",\"inLanguage\":\"sl-SI\",\"description\":\"Cailleach, Stara, je boginja zime in oblikovalka skal keltskega sveta. \u0160kotska, Irska, Isle of Man: mit pokrajine in datum Imbolca.\"}]}<\/script>\n<!-- \/ Yoast SEO Premium plugin. -->","yoast_head_json":{"title":"Cailleach - Stara, boginja zime in oblikovalka skal","description":"Cailleach, Stara, je boginja zime in oblikovalka skal keltskega sveta. \u0160kotska, Irska, Isle of Man: mit pokrajine in datum Imbolca.","robots":{"index":"index","follow":"follow","max-snippet":"max-snippet:-1","max-image-preview":"max-image-preview:large","max-video-preview":"max-video-preview:-1"},"canonical":"https:\/\/iwell-guard.com\/sl\/cailleach\/","og_locale":"sl_SI","og_type":"article","og_title":"Cailleach","og_description":"Cailleach, Stara, je boginja zime in oblikovalka skal keltskega sveta. \u0160kotska, Irska, Isle of Man: mit pokrajine in datum Imbolca.","og_url":"https:\/\/iwell-guard.com\/sl\/cailleach\/","og_site_name":"iWell Guard","article_modified_time":"2026-09-05T00:35:47+00:00","og_image":[{"width":1024,"height":1536,"url":"https:\/\/iwell-guard.com\/wp-content\/uploads\/2026\/04\/goetter_keltisch_cailleach.webp","type":"image\/webp"}],"twitter_card":"summary_large_image","schema":{"@context":"https:\/\/schema.org","@graph":[{"@type":"Article","@id":"https:\/\/iwell-guard.com\/sl\/cailleach\/#article","isPartOf":{"@id":"https:\/\/iwell-guard.com\/sl\/cailleach\/"},"author":{"name":"Ralf Ittermann","@id":"https:\/\/iwell-guard.com\/sl\/#\/schema\/person\/ee2a27f1cac3406c7c6fb5820cb7349f"},"headline":"Cailleach","datePublished":"2026-09-05T00:20:31+00:00","dateModified":"2026-09-05T00:35:47+00:00","mainEntityOfPage":{"@id":"https:\/\/iwell-guard.com\/sl\/cailleach\/"},"publisher":{"@id":"https:\/\/iwell-guard.com\/sl\/#organization"},"image":{"@id":"https:\/\/iwell-guard.com\/sl\/cailleach\/#primaryimage"},"thumbnailUrl":"https:\/\/iwell-guard.com\/wp-content\/uploads\/2026\/04\/goetter_keltisch_cailleach.webp","inLanguage":"sl-SI","description":"Cailleach, Stara, je boginja zime in oblikovalka skal keltskega sveta. \u0160kotska, Irska, Isle of Man: mit pokrajine in datum Imbolca."},{"@type":"WebPage","@id":"https:\/\/iwell-guard.com\/sl\/cailleach\/","url":"https:\/\/iwell-guard.com\/sl\/cailleach\/","name":"Cailleach - Stara, boginja zime in oblikovalka skal","isPartOf":{"@id":"https:\/\/iwell-guard.com\/sl\/#website"},"primaryImageOfPage":{"@id":"https:\/\/iwell-guard.com\/sl\/cailleach\/#primaryimage"},"image":{"@id":"https:\/\/iwell-guard.com\/sl\/cailleach\/#primaryimage"},"thumbnailUrl":"https:\/\/iwell-guard.com\/wp-content\/uploads\/2026\/04\/goetter_keltisch_cailleach.webp","datePublished":"2026-09-05T00:20:31+00:00","dateModified":"2026-09-05T00:35:47+00:00","description":"Cailleach, Stara, je boginja zime in oblikovalka skal keltskega sveta. \u0160kotska, Irska, Isle of Man: mit pokrajine in datum Imbolca.","breadcrumb":{"@id":"https:\/\/iwell-guard.com\/sl\/cailleach\/#breadcrumb"},"inLanguage":"sl-SI","potentialAction":[{"@type":"ReadAction","target":["https:\/\/iwell-guard.com\/sl\/cailleach\/"]}]},{"@type":"ImageObject","inLanguage":"sl-SI","@id":"https:\/\/iwell-guard.com\/sl\/cailleach\/#primaryimage","url":"https:\/\/iwell-guard.com\/wp-content\/uploads\/2026\/04\/goetter_keltisch_cailleach.webp","contentUrl":"https:\/\/iwell-guard.com\/wp-content\/uploads\/2026\/04\/goetter_keltisch_cailleach.webp","width":1024,"height":1536,"caption":"Bo\u017eanstva iz keltske tradicije."},{"@type":"BreadcrumbList","@id":"https:\/\/iwell-guard.com\/sl\/cailleach\/#breadcrumb","itemListElement":[{"@type":"ListItem","position":1,"name":"Start","item":"https:\/\/iwell-guard.com\/sl\/?page_id=160323"},{"@type":"ListItem","position":2,"name":"Cailleach"}]},{"@type":"WebSite","@id":"https:\/\/iwell-guard.com\/sl\/#website","url":"https:\/\/iwell-guard.com\/sl\/","name":"iWell Guard","description":"Schutz vor dunklen Einfl\u00fcssen","publisher":{"@id":"https:\/\/iwell-guard.com\/sl\/#organization"},"potentialAction":[{"@type":"SearchAction","target":{"@type":"EntryPoint","urlTemplate":"https:\/\/iwell-guard.com\/sl\/?s={search_term_string}"},"query-input":{"@type":"PropertyValueSpecification","valueRequired":true,"valueName":"search_term_string"}}],"inLanguage":"sl-SI"},{"@type":"Organization","@id":"https:\/\/iwell-guard.com\/sl\/#organization","name":"Ittermann electronic GmbH","url":"https:\/\/iwell-guard.com\/sl\/","logo":{"@type":"ImageObject","inLanguage":"sl-SI","@id":"https:\/\/iwell-guard.com\/sl\/#\/schema\/logo\/image\/","url":"https:\/\/iwell-guard.com\/wp-content\/uploads\/2026\/05\/Ittermann-Logo-1182x237-1.png","contentUrl":"https:\/\/iwell-guard.com\/wp-content\/uploads\/2026\/05\/Ittermann-Logo-1182x237-1.png","width":1182,"height":237,"caption":"Ittermann electronic GmbH"},"image":{"@id":"https:\/\/iwell-guard.com\/sl\/#\/schema\/logo\/image\/"},"sameAs":["https:\/\/pantip.com\/profile\/9367242","https:\/\/micro.blog\/iwellguard","https:\/\/www.diggerslist.com\/iwellguard\/about","https:\/\/skitterphoto.com\/photographers\/2870314\/iwell-guard","https:\/\/iwellguard.wordpress.com\/2026\/06\/06\/iwell-guard\/","https:\/\/hub.docker.com\/u\/iwellguard","https:\/\/www.pinterest.com\/iwellguard\/","https:\/\/bit.ly\/m\/iwellguard","https:\/\/entre-vos-mains.alsace.eu\/profiles\/iwellguard\/activity","https:\/\/gravatar.com\/reallybeded8fd34","https:\/\/naijamatta.com\/iwellguard","https:\/\/www.goodreads.com\/iwellguard","https:\/\/profile.hatena.ne.jp\/iwellguard\/","https:\/\/experiment.com\/users\/iwellguard","https:\/\/wakelet.com\/@iWellGuard82270","https:\/\/www.chordie.com\/forum\/profile.php?id=2555664","https:\/\/www.instapaper.com\/p\/17757966","https:\/\/www.mapleprimes.com\/users\/iwellguard","https:\/\/businesslistingplus.com\/profile\/iwell-guard\/","https:\/\/telegra.ph\/iWell-Guard-06-06","https:\/\/pbase.com\/iwellguard\/iwellguard","https:\/\/b.hatena.ne.jp\/iwellguard\/20260607#bookmark-4788405196491818882","https:\/\/fliphtml5.com\/home\/iwellguard","https:\/\/anyflip.com\/homepage\/cmiwl#About","https:\/\/transfur.com\/Users\/iwellguard","http:\/\/delphi.larsbo.org\/user\/iwellguard","https:\/\/jobs.lajobsportal.org\/profiles\/8380803-iwell-guard","https:\/\/md.chaosdorf.de\/s\/jfbe5SBdJD","https:\/\/www.lingvolive.com\/en-us\/profile\/9ecaeaca-ce11-4e51-9e71-01d55e2bff36\/translations","https:\/\/www.fitday.com\/fitness\/forums\/members\/iwellguard.html","https:\/\/www.mymeetbook.com\/iwellguard","https:\/\/pxhere.com\/en\/photographer-me\/5040798","https:\/\/disqus.com\/by\/iwellguard\/about\/","https:\/\/pastelink.net\/hjwciqwq","https:\/\/pubhtml5.com\/homepage\/scjhn\/","https:\/\/www.bitchute.com\/channel\/2O2eOKzNqujT","https:\/\/audiomack.com\/iwellguard"]},{"@type":"Person","@id":"https:\/\/iwell-guard.com\/sl\/#\/schema\/person\/ee2a27f1cac3406c7c6fb5820cb7349f","name":"Ralf Ittermann","image":{"@type":"ImageObject","inLanguage":"sl-SI","@id":"https:\/\/secure.gravatar.com\/avatar\/073c0153e350a5005b68eb752b445fea71f6b24a26da9449ad7e155e6b446c9d?s=96&d=mm&r=g","url":"https:\/\/secure.gravatar.com\/avatar\/073c0153e350a5005b68eb752b445fea71f6b24a26da9449ad7e155e6b446c9d?s=96&d=mm&r=g","contentUrl":"https:\/\/secure.gravatar.com\/avatar\/073c0153e350a5005b68eb752b445fea71f6b24a26da9449ad7e155e6b446c9d?s=96&d=mm&r=g","caption":"Ralf Ittermann"},"givenName":"Ralf","familyName":"Ittermann","jobTitle":"Gesch\u00e4ftsf\u00fchrer und redaktioneller Verantwortlicher","url":"https:\/\/iwell-guard.com\/sl\/author\/claude\/","description":"Ralf Ittermann ist Gesch\u00e4ftsf\u00fchrer der Ittermann electronic GmbH und redaktioneller Verantwortlicher des iWell-Guard-Lexikons. Er verbindet langj\u00e4hrige Erfahrung in der Pr\u00e4zisionsfertigung mit medialer Praxis und religionsgeschichtlicher Quellenarbeit.","worksFor":{"@type":"Organization","name":"Ittermann electronic GmbH","url":"https:\/\/ittermann.de\/","address":{"@type":"PostalAddress","streetAddress":"K\u00f6hlergasse 16-18","postalCode":"99842","addressLocality":"Ruhla","addressCountry":"DE"}},"knowsAbout":["Religionsgeschichte","Mythologie","Mediale Praxis","Energetische Diagnostik","Schutzpraxis","Volksglauben","Westliche Esoterik"]},{"@type":"Article","@id":"https:\/\/iwell-guard.com\/sl\/cailleach\/#article","isPartOf":{"@id":"https:\/\/iwell-guard.com\/sl\/cailleach\/"},"author":{"name":"Ralf Ittermann","@id":"https:\/\/iwell-guard.com\/sl\/#\/schema\/person\/ee2a27f1cac3406c7c6fb5820cb7349f"},"headline":"Cailleach","datePublished":"2026-09-05T00:20:31+00:00","dateModified":"2026-09-05T00:35:47+00:00","mainEntityOfPage":{"@id":"https:\/\/iwell-guard.com\/sl\/cailleach\/"},"publisher":{"@id":"https:\/\/iwell-guard.com\/sl\/#organization"},"image":{"@id":"https:\/\/iwell-guard.com\/sl\/cailleach\/#primaryimage"},"thumbnailUrl":"https:\/\/iwell-guard.com\/wp-content\/uploads\/2026\/04\/goetter_keltisch_cailleach.webp","inLanguage":"sl-SI","description":"Cailleach, Stara, je boginja zime in oblikovalka skal keltskega sveta. \u0160kotska, Irska, Isle of Man: mit pokrajine in datum Imbolca."}]}},"_links":{"self":[{"href":"https:\/\/iwell-guard.com\/sl\/wp-json\/wp\/v2\/pages\/160378","targetHints":{"allow":["GET"]}}],"collection":[{"href":"https:\/\/iwell-guard.com\/sl\/wp-json\/wp\/v2\/pages"}],"about":[{"href":"https:\/\/iwell-guard.com\/sl\/wp-json\/wp\/v2\/types\/page"}],"author":[{"embeddable":true,"href":"https:\/\/iwell-guard.com\/sl\/wp-json\/wp\/v2\/users\/3"}],"replies":[{"embeddable":true,"href":"https:\/\/iwell-guard.com\/sl\/wp-json\/wp\/v2\/comments?post=160378"}],"version-history":[{"count":0,"href":"https:\/\/iwell-guard.com\/sl\/wp-json\/wp\/v2\/pages\/160378\/revisions"}],"wp:featuredmedia":[{"embeddable":true,"href":"https:\/\/iwell-guard.com\/sl\/wp-json\/wp\/v2\/media\/1614"}],"wp:attachment":[{"href":"https:\/\/iwell-guard.com\/sl\/wp-json\/wp\/v2\/media?parent=160378"}],"wp:term":[{"taxonomy":"category","embeddable":true,"href":"https:\/\/iwell-guard.com\/sl\/wp-json\/wp\/v2\/categories?post=160378"}],"curies":[{"name":"wp","href":"https:\/\/api.w.org\/{rel}","templated":true}]}}