{"id":160377,"date":"2026-09-05T00:20:31","date_gmt":"2026-09-05T00:20:31","guid":{"rendered":"https:\/\/iwell-guard.com\/?page_id=160377"},"modified":"2026-09-05T00:35:46","modified_gmt":"2026-09-05T00:35:46","slug":"sluagh","status":"publish","type":"page","link":"https:\/\/iwell-guard.com\/sl\/sluagh\/","title":{"rendered":"Sluagh"},"content":{"rendered":"\t\t<div data-elementor-type=\"wp-page\" data-elementor-id=\"160377\" class=\"elementor elementor-160377 elementor-1034\" data-elementor-post-type=\"page\">\n\t\t\t\t<div class=\"elementor-element elementor-element-10fdade e-flex e-con-boxed e-con e-parent\" data-id=\"10fdade\" data-element_type=\"container\" data-e-type=\"container\" data-settings=\"{&quot;background_background&quot;:&quot;classic&quot;}\">\n\t\t\t\t\t<div class=\"e-con-inner\">\n\t\t<div class=\"elementor-element elementor-element-herohlft0 e-flex e-con-boxed e-con e-child\" data-id=\"herohlft0\" data-element_type=\"container\" data-e-type=\"container\">\n\t\t\t\t\t<div class=\"e-con-inner\">\n\t\t<div class=\"elementor-element elementor-element-c3ceb64 e-con-full e-flex e-con e-child\" data-id=\"c3ceb64\" data-element_type=\"container\" data-e-type=\"container\">\n\t\t\t\t<div class=\"elementor-element elementor-element-96ae5e1 elementor-widget elementor-widget-heading\" data-id=\"96ae5e1\" data-element_type=\"widget\" data-e-type=\"widget\" data-widget_type=\"heading.default\">\n\t\t\t\t\t<h1 class=\"elementor-heading-title elementor-size-default\">Sluagh, duh keltske tradicije<\/h1>\t\t\t\t<\/div>\n\t\t\t\t<div class=\"elementor-element elementor-element-e45238a elementor-widget elementor-widget-text-editor\" data-id=\"e45238a\" data-element_type=\"widget\" data-e-type=\"widget\" data-widget_type=\"text-editor.default\">\n\t\t\t\t\t\t\t\t\t<p><strong>Nesveta vojska mrtvih, lete\u010de du\u0161e brez doma.<\/strong><\/p>\t\t\t\t\t\t\t\t<\/div>\n\t\t\t\t<\/div>\n\t\t<div class=\"elementor-element elementor-element-klsbdg01 e-con-full e-flex e-con e-parent\" data-id=\"klsbdg01\" data-element_type=\"container\" data-e-type=\"container\">\n\t\t\t\t<div class=\"elementor-element elementor-element-klshtm01 elementor-widget elementor-widget-html\" data-id=\"klshtm01\" data-element_type=\"widget\" data-e-type=\"widget\" data-widget_type=\"html.default\">\n\t\t\t\t\t<div class=\"iwg-pill-row\"><span class=\"iwg-klasse-badge\" tabindex=\"0\" data-tooltip=\"Duh: Netelesna ali pol\u0442\u0435\u043b\u0435\u0441\u043d\u0430 bitnost, umrli, naravna bitja, hi\u0161ni duhovi ali varuhi mej. Deluje v vsakdanjem \u017eivljenju, pogosto povezan s kraji ali dru\u017einami.\">Duh<\/span><a href=\"https:\/\/iwell-guard.com\/sl\/?page_id=160359\" class=\"iwg-kultur-badge\" tabindex=\"0\" data-tooltip=\"Keltska religija zahodne Evrope in Britanskih ostrvov, mitolo\u0161ko izpri\u010dana skozi irsko-vali\u017eanske besedila.\">Keltsko<\/a><\/div>\t\t\t\t<\/div>\n\t\t\t\t<\/div>\n\t\t<div class=\"elementor-element elementor-element-3f74855 e-con-full e-flex e-con e-child\" data-id=\"3f74855\" data-element_type=\"container\" data-e-type=\"container\">\n\t\t\t\t<div class=\"elementor-element elementor-element-1c30362 elementor-toc--minimized-on-tablet elementor-widget elementor-widget-table-of-contents\" data-id=\"1c30362\" data-element_type=\"widget\" data-e-type=\"widget\" data-settings=\"{&quot;exclude_headings_by_selector&quot;:[],&quot;no_headings_message&quot;:&quot;Na tej strani ni najdenih naslovov.&quot;,&quot;headings_by_tags&quot;:[&quot;h2&quot;,&quot;h3&quot;],&quot;marker_view&quot;:&quot;bullets&quot;,&quot;icon&quot;:{&quot;value&quot;:&quot;fas fa-circle&quot;,&quot;library&quot;:&quot;fa-solid&quot;,&quot;rendered_tag&quot;:&quot;&lt;svg class=\\&quot;e-font-icon-svg e-fas-circle\\&quot; viewBox=\\&quot;0 0 512 512\\&quot; xmlns=\\&quot;http:\\\/\\\/www.w3.org\\\/2000\\\/svg\\&quot;&gt;&lt;path d=\\&quot;M256 8C119 8 8 119 8 256s111 248 248 248 248-111 248-248S393 8 256 8z\\&quot;&gt;&lt;\\\/path&gt;&lt;\\\/svg&gt;&quot;},&quot;minimize_box&quot;:&quot;yes&quot;,&quot;minimized_on&quot;:&quot;tablet&quot;,&quot;hierarchical_view&quot;:&quot;yes&quot;,&quot;min_height&quot;:{&quot;unit&quot;:&quot;px&quot;,&quot;size&quot;:&quot;&quot;,&quot;sizes&quot;:[]},&quot;min_height_tablet&quot;:{&quot;unit&quot;:&quot;px&quot;,&quot;size&quot;:&quot;&quot;,&quot;sizes&quot;:[]},&quot;min_height_mobile&quot;:{&quot;unit&quot;:&quot;px&quot;,&quot;size&quot;:&quot;&quot;,&quot;sizes&quot;:[]}}\" data-widget_type=\"table-of-contents.default\">\n\t\t\t\t\t\t\t\t\t<div class=\"elementor-toc__header\">\n\t\t\t\t\t\t<h2 class=\"elementor-toc__header-title\">\n\t\t\t\tKazalo vsebine\t\t\t<\/h2>\n\t\t\t\t\t\t\t\t\t\t<div class=\"elementor-toc__toggle-button elementor-toc__toggle-button--expand\" role=\"button\" tabindex=\"0\" aria-controls=\"elementor-toc__1c30362\" aria-expanded=\"true\" aria-label=\"Open table of contents\"><svg aria-hidden=\"true\" class=\"e-font-icon-svg e-fas-chevron-down\" viewBox=\"0 0 448 512\" xmlns=\"http:\/\/www.w3.org\/2000\/svg\"><path d=\"M207.029 381.476L12.686 187.132c-9.373-9.373-9.373-24.569 0-33.941l22.667-22.667c9.357-9.357 24.522-9.375 33.901-.04L224 284.505l154.745-154.021c9.379-9.335 24.544-9.317 33.901.04l22.667 22.667c9.373 9.373 9.373 24.569 0 33.941L240.971 381.476c-9.373 9.372-24.569 9.372-33.942 0z\"><\/path><\/svg><\/div>\n\t\t\t\t<div class=\"elementor-toc__toggle-button elementor-toc__toggle-button--collapse\" role=\"button\" tabindex=\"0\" aria-controls=\"elementor-toc__1c30362\" aria-expanded=\"true\" aria-label=\"Close table of contents\"><svg aria-hidden=\"true\" class=\"e-font-icon-svg e-fas-chevron-up\" viewBox=\"0 0 448 512\" xmlns=\"http:\/\/www.w3.org\/2000\/svg\"><path d=\"M240.971 130.524l194.343 194.343c9.373 9.373 9.373 24.569 0 33.941l-22.667 22.667c-9.357 9.357-24.522 9.375-33.901.04L224 227.495 69.255 381.516c-9.379 9.335-24.544 9.317-33.901-.04l-22.667-22.667c-9.373-9.373-9.373-24.569 0-33.941L207.03 130.525c9.372-9.373 24.568-9.373 33.941-.001z\"><\/path><\/svg><\/div>\n\t\t\t\t\t<\/div>\n\t\t\t\t<div id=\"elementor-toc__1c30362\" class=\"elementor-toc__body\">\n\t\t\t<div class=\"elementor-toc__spinner-container\">\n\t\t\t\t<svg class=\"elementor-toc__spinner eicon-animation-spin e-font-icon-svg e-eicon-loading\" aria-hidden=\"true\" viewBox=\"0 0 1000 1000\" xmlns=\"http:\/\/www.w3.org\/2000\/svg\"><path d=\"M500 975V858C696 858 858 696 858 500S696 142 500 142 142 304 142 500H25C25 237 238 25 500 25S975 237 975 500 763 975 500 975Z\"><\/path><\/svg>\t\t\t<\/div>\n\t\t<\/div>\n\t\t\t\t\t\t<\/div>\n\t\t\t\t<\/div>\n\t\t\t\t\t<\/div>\n\t\t\t\t<\/div>\n\t\t<div class=\"elementor-element elementor-element-herorght0 e-con-full e-flex e-con e-child\" data-id=\"herorght0\" data-element_type=\"container\" data-e-type=\"container\">\n\t\t\t\t<div class=\"elementor-element elementor-element-heroimg00 iwg-hero-image elementor-widget elementor-widget-image\" data-id=\"heroimg00\" data-element_type=\"widget\" data-e-type=\"widget\" data-widget_type=\"image.default\">\n\t\t\t\t\t\t\t\t\t\t\t\t\t\t\t<img fetchpriority=\"high\" decoding=\"async\" width=\"683\" height=\"1024\" src=\"https:\/\/iwell-guard.com\/wp-content\/uploads\/2026\/04\/geister_keltisch_sluagh-683x1024.webp\" class=\"attachment-large size-large wp-image-162743\" alt=\"Sluagh - duhovi iz keltske tradicije, zgodovinsko-ilustrativno\" srcset=\"https:\/\/iwell-guard.com\/wp-content\/uploads\/2026\/04\/geister_keltisch_sluagh-683x1024.webp 683w, https:\/\/iwell-guard.com\/wp-content\/uploads\/2026\/04\/geister_keltisch_sluagh-200x300.webp 200w, https:\/\/iwell-guard.com\/wp-content\/uploads\/2026\/04\/geister_keltisch_sluagh-768x1152.webp 768w, https:\/\/iwell-guard.com\/wp-content\/uploads\/2026\/04\/geister_keltisch_sluagh.webp 1024w\" sizes=\"(max-width: 683px) 100vw, 683px\" \/>\t\t\t\t\t\t\t\t\t\t\t\t\t\t\t<\/div>\n\t\t\t\t<\/div>\n\t\t\t\t\t<\/div>\n\t\t\t\t<\/div>\n\t\t<div class=\"elementor-element elementor-element-32917199 e-flex e-con-boxed e-con e-parent\" data-id=\"32917199\" data-element_type=\"container\" data-e-type=\"container\">\n\t\t\t\t\t<div class=\"e-con-inner\">\n\t\t<div class=\"elementor-element elementor-element-26e916cb e-flex e-con-boxed e-con e-child\" data-id=\"26e916cb\" data-element_type=\"container\" data-e-type=\"container\">\n\t\t\t\t\t<div class=\"e-con-inner\">\n\t\t<div class=\"elementor-element elementor-element-253a40d4 e-flex e-con-boxed e-con e-child\" data-id=\"253a40d4\" data-element_type=\"container\" data-e-type=\"container\">\n\t\t\t\t\t<div class=\"e-con-inner\">\n\t\t\t\t<div class=\"elementor-element elementor-element-1200c304 elementor-widget elementor-widget-heading\" data-id=\"1200c304\" data-element_type=\"widget\" data-e-type=\"widget\" data-widget_type=\"heading.default\">\n\t\t\t\t\t<div class=\"elementor-heading-title elementor-size-default\">Sluagh<\/div>\t\t\t\t<\/div>\n\t\t\t\t<div class=\"elementor-element elementor-element-11758e7f elementor-widget elementor-widget-text-editor\" data-id=\"11758e7f\" data-element_type=\"widget\" data-e-type=\"widget\" data-widget_type=\"text-editor.default\">\n\t\t\t\t\t\t\t\t\t<p>Sluagh je <span class=\"iwg-fachbegriff\" data-tooltip=\"Netelesno bitje, ki naj bi delovalo v svetu.\" tabindex=\"0\">duh<\/span> keltske tradicije.<\/p><p>Sluagh, v gal\u0161\u010dini \u201evojska&#8221;, je zbir nemirnih du\u0161 v keltskem (predvsem \u0161kotsko-galskem in irskem) <span class=\"iwg-fachbegriff\" data-tooltip=\"Izro\u010dena ljudska kultura z obi\u010daji, pripovedmi in pesmimi.\" tabindex=\"0\">izro\u010dilu<\/span>. Tvorijo lete\u010di roj na no\u010dnem nebu, se pomikajo mimo z velikim hrupom in lahko umirajo\u010de odnesejo iz njihovih postelj.<\/p><p>Predvsem naj bi vdirali skozi zapadno okno; v mnogih obalnih regijah zapadne \u0160kotske je zato vse do 20. stoletja zapadna stran hi\u0161e umirajo\u010dega ostajala zaklenjena in zakrita.<\/p><p>Kot skupinska podoba neodre\u0161enih mrtvih Sluagh skupaj z <a href=\"https:\/\/iwell-guard.com\/sl\/?page_id=160376\">Banshee<\/a> in <a href=\"https:\/\/iwell-guard.com\/sl\/?page_id=160380\">Dullahanom<\/a> predstavljajo keltski odnos do smrti: ne posamezni nasprotnik, temve\u010d skupnost neodre\u0161enih. Podoba ima vzporednice z germansko \u201eDivjo lovko&#8221;, z gr\u0161kimi <a href=\"https:\/\/iwell-guard.com\/sl\/?page_id=160343\">Kerami<\/a> in z mezopotamskimi <a href=\"https:\/\/iwell-guard.com\/sl\/?page_id=160330\">Gallu<\/a>. V sodobni fantazijski recepciji ostaja \u017eiva.<\/p><div><p><strong>\u0160kotsko-irsko izro\u010dilo vojsk mrtvih<\/strong><\/p><p><em>Sluagh<\/em> (irsko \u201emno\u017eica&#8221; ali \u201evojska&#8221;) se v \u0161kotskih in irskih izro\u010dilih pojavlja kot mno\u017eica mrtvih, ki se pono\u010di premika \u010dez pokrajino. V \u0161kotski gal\u0161\u010dini se to bitje pogosto imenuje <em>sluagh s\u00eddhe<\/em> (vojska vilinskih gri\u010dev) ali <em>sluagh gaoithe<\/em> (vojska vetra).<\/p><p>To namiguje na dvoumnost: Sluagh bi lahko sestavljale padle vile ali nemirne \u010dlove\u0161ke du\u0161e; viri tega ne pojasnjujejo enozna\u010dno.<\/p><p>John Gregorson Campbell, \u0161kotski folklorist 19. stoletja, je v svojih zbirkah dokumentiral Sluagh kot no\u010dni prikaz, ob katerem je bilo treba okna dr\u017eati zaprta, da vojska ne bi vdrla v hi\u0161o. Te previdnostne ukrepe so regionalno standardizirali, kar ka\u017ee, da verovanje ni bilo le posamezna domi\u0161ljija, temve\u010d skupinsko zasidrano prepri\u010danje.<\/p><\/div>\t\t\t\t\t\t\t\t<\/div>\n\t\t\t\t\t<\/div>\n\t\t\t\t<\/div>\n\t\t<div class=\"elementor-element elementor-element-159dcf9a e-flex e-con-boxed e-con e-child\" data-id=\"159dcf9a\" data-element_type=\"container\" data-e-type=\"container\">\n\t\t\t\t\t<div class=\"e-con-inner\">\n\t\t\t\t<div class=\"elementor-element elementor-element-48cee66f elementor-widget elementor-widget-heading\" data-id=\"48cee66f\" data-element_type=\"widget\" data-e-type=\"widget\" data-widget_type=\"heading.default\">\n\t\t\t\t\t<h2 class=\"elementor-heading-title elementor-size-default\">Na kratko: Sluagh<\/h2>\t\t\t\t<\/div>\n\t\t\t\t<div class=\"elementor-element elementor-element-3f50d82c elementor-widget elementor-widget-text-editor\" data-id=\"3f50d82c\" data-element_type=\"widget\" data-e-type=\"widget\" data-widget_type=\"text-editor.default\">\n\t\t\t\t\t\t\t\t\t<p><strong>Tip:<\/strong> Zbir nemirnih du\u0161, lete\u010da vojska mrtvih<br>Izvor: neodre\u0161eni, gre\u0161ni, zanemarjeni mrtvi<br>Besedila: \u0161kotsko in irsko ljudsko izro\u010dilo, Evans-Wentz<br>Obdobje: od srednjega veka do danes<br>Za\u0161\u010dita: zaklenjeno zapadno okno, kri\u017ei, sol, \u017eelezo<\/p>\t\t\t\t\t\t\t\t<\/div>\n\t\t\t\t\t<\/div>\n\t\t\t\t<\/div>\n\t\t\t\t\t<\/div>\n\t\t\t\t<\/div>\n\t\t\t\t\t<\/div>\n\t\t\t\t<\/div>\n\t\t<div class=\"elementor-element elementor-element-18613602 e-flex e-con-boxed e-con e-parent\" data-id=\"18613602\" data-element_type=\"container\" data-e-type=\"container\">\n\t\t\t\t\t<div class=\"e-con-inner\">\n\t\t\t\t<div class=\"elementor-element elementor-element-262b8a9f elementor-widget elementor-widget-heading\" data-id=\"262b8a9f\" data-element_type=\"widget\" data-e-type=\"widget\" data-widget_type=\"heading.default\">\n\t\t\t\t\t<h2 class=\"elementor-heading-title elementor-size-default\">Zgodovinska umestitev<\/h2>\t\t\t\t<\/div>\n\t\t<div class=\"elementor-element elementor-element-46dcb7d e-con-full e-flex e-con e-child\" data-id=\"46dcb7d\" data-element_type=\"container\" data-e-type=\"container\">\n\t\t<div class=\"elementor-element elementor-element-61d3ab3 e-flex e-con-boxed e-con e-child\" data-id=\"61d3ab3\" data-element_type=\"container\" data-e-type=\"container\">\n\t\t\t\t\t<div class=\"e-con-inner\">\n\t\t\t\t<div class=\"elementor-element elementor-element-117c166 elementor-widget elementor-widget-heading\" data-id=\"117c166\" data-element_type=\"widget\" data-e-type=\"widget\" data-widget_type=\"heading.default\">\n\t\t\t\t\t<div class=\"elementor-heading-title elementor-size-default\">Zeitraum der Texte<\/div>\t\t\t\t<\/div>\n\t\t\t\t<div class=\"elementor-element elementor-element-73997a0 elementor-widget elementor-widget-text-editor\" data-id=\"73997a0\" data-element_type=\"widget\" data-e-type=\"widget\" data-widget_type=\"text-editor.default\">\n\t\t\t\t\t\t\t\t\t<p><span data-nosnippet>Srednjeve\u0161ki galski viri, gosta prisotnost v \u0161kotski in irski ljudski literaturi, obse\u017eno dokumentirano v Evans-Wentzovem delu <em>Fairy-Faith in Celtic Countries<\/em> (1911) ter v zbirkah Lady Gregory in J. F. Campbella.<\/span><\/p>\t\t\t\t\t\t\t\t<\/div>\n\t\t\t\t\t<\/div>\n\t\t\t\t<\/div>\n\t\t<div class=\"elementor-element elementor-element-d47b156 e-flex e-con-boxed e-con e-child\" data-id=\"d47b156\" data-element_type=\"container\" data-e-type=\"container\">\n\t\t\t\t\t<div class=\"e-con-inner\">\n\t\t\t\t<div class=\"elementor-element elementor-element-ff38c2b elementor-widget elementor-widget-heading\" data-id=\"ff38c2b\" data-element_type=\"widget\" data-e-type=\"widget\" data-widget_type=\"heading.default\">\n\t\t\t\t\t<div class=\"elementor-heading-title elementor-size-default\">Verbreitungsraum<\/div>\t\t\t\t<\/div>\n\t\t\t\t<div class=\"elementor-element elementor-element-4e49fcc elementor-widget elementor-widget-text-editor\" data-id=\"4e49fcc\" data-element_type=\"widget\" data-e-type=\"widget\" data-widget_type=\"text-editor.default\">\n\t\t\t\t\t\t\t\t\t<p>Predvsem galska \u0160kotska (Hebridi, Highlands) in Irska. Podobni motivi v bretonskem izro\u010dilu (<em>anaon<\/em>, mrtvi). Germanska \u201eDivja lovka&#8221; je strukturno sorodna.<\/p>\t\t\t\t\t\t\t\t<\/div>\n\t\t\t\t\t<\/div>\n\t\t\t\t<\/div>\n\t\t\t\t<\/div>\n\t\t<div class=\"elementor-element elementor-element-db03c39 e-con-full e-flex e-con e-child\" data-id=\"db03c39\" data-element_type=\"container\" data-e-type=\"container\">\n\t\t<div class=\"elementor-element elementor-element-229a87b e-flex e-con-boxed e-con e-child\" data-id=\"229a87b\" data-element_type=\"container\" data-e-type=\"container\">\n\t\t\t\t\t<div class=\"e-con-inner\">\n\t\t\t\t<div class=\"elementor-element elementor-element-1f471fc elementor-widget elementor-widget-heading\" data-id=\"1f471fc\" data-element_type=\"widget\" data-e-type=\"widget\" data-widget_type=\"heading.default\">\n\t\t\t\t\t<div class=\"elementor-heading-title elementor-size-default\">Quellenlage<\/div>\t\t\t\t<\/div>\n\t\t\t\t<div class=\"elementor-element elementor-element-36b1201 elementor-widget elementor-widget-text-editor\" data-id=\"36b1201\" data-element_type=\"widget\" data-e-type=\"widget\" data-widget_type=\"text-editor.default\">\n\t\t\t\t\t\t\t\t\t<p><span data-nosnippet>J. F. Campbellova <em>Popular Tales of the West Highlands<\/em> (1860, 62), Evans-Wentz, Alexander Carmichaelova <em>Carmina Gadelica<\/em> (1900), arhivi <span class=\"iwg-fachbegriff\" data-tooltip=\"Znanost, ki raziskuje vsakdanjo kulturo, obi\u010daje in izro\u010dena prepri\u010danja.\" tabindex=\"0\">folkloristike<\/span> Hebridov, sodobna etnografska dela o \u0161kotskem zahodu.<\/span><\/p>\t\t\t\t\t\t\t\t<\/div>\n\t\t\t\t\t<\/div>\n\t\t\t\t<\/div>\n\t\t\t\t<\/div>\n\t\t\t\t\t<\/div>\n\t\t\t\t<\/div>\n\t\t<div class=\"elementor-element elementor-element-3ae0637c e-flex e-con-boxed e-con e-parent\" data-id=\"3ae0637c\" data-element_type=\"container\" data-e-type=\"container\">\n\t\t\t\t\t<div class=\"e-con-inner\">\n\t\t\t\t<div class=\"elementor-element elementor-element-31d07739 elementor-widget elementor-widget-heading\" data-id=\"31d07739\" data-element_type=\"widget\" data-e-type=\"widget\" data-widget_type=\"heading.default\">\n\t\t\t\t\t<h2 class=\"elementor-heading-title elementor-size-default\">Poimenovanje in zapisi<\/h2>\t\t\t\t<\/div>\n\t\t<div class=\"elementor-element elementor-element-b7642947 e-con-full e-flex e-con e-child\" data-id=\"b7642947\" data-element_type=\"container\" data-e-type=\"container\">\n\t\t\t\t<div class=\"elementor-element elementor-element-a086266 elementor-widget elementor-widget-text-editor\" data-id=\"a086266\" data-element_type=\"widget\" data-e-type=\"widget\" data-widget_type=\"text-editor.default\">\n\t\t\t\t\t\t\t\t\t<p><strong>\u0160kotska gal\u0161\u010dina:<\/strong> <em>sluagh<\/em>; <em>sluagh na marbh<\/em>, \u201evojska mrtvih&#8221;; <em>sluagh s\u00ecth<\/em>, \u201evojska gri\u010dev&#8221;.<br>Irsko: <em>slua<\/em>, <em>sluagh<\/em>, kot samostojen izraz malo raz\u0161irjeno; bolj kot skupno poimenovanje za nemirne mrtve.<br>Sorodno: bretonsko <em>anaon<\/em>; germanska Divja lovka; severnofrancosko <em>Mesnie Hellequin<\/em>.<\/p><p>Galska beseda <em>sluagh<\/em> prvotno pomeni preprosto \u201evojska&#8221;, vsaka mno\u017eica ljudi. V ljudskem izro\u010dilu se pomen zo\u017ei na vojsko mrtvih.<\/p>\t\t\t\t\t\t\t\t<\/div>\n\t\t\t\t<\/div>\n\t\t\t\t\t<\/div>\n\t\t\t\t<\/div>\n\t\t<div class=\"elementor-element elementor-element-709a44a8 e-flex e-con-boxed e-con e-parent\" data-id=\"709a44a8\" data-element_type=\"container\" data-e-type=\"container\">\n\t\t\t\t\t<div class=\"e-con-inner\">\n\t\t\t\t<div class=\"elementor-element elementor-element-2f585873 elementor-widget elementor-widget-heading\" data-id=\"2f585873\" data-element_type=\"widget\" data-e-type=\"widget\" data-widget_type=\"heading.default\">\n\t\t\t\t\t<h2 class=\"elementor-heading-title elementor-size-default\">Opis<\/h2>\t\t\t\t<\/div>\n\t\t<div class=\"elementor-element elementor-element-70621c12 e-con-full e-flex e-con e-child\" data-id=\"70621c12\" data-element_type=\"container\" data-e-type=\"container\">\n\t\t\t\t<div class=\"elementor-element elementor-element-4296eb49 elementor-widget elementor-widget-text-editor\" data-id=\"4296eb49\" data-element_type=\"widget\" data-e-type=\"widget\" data-widget_type=\"text-editor.default\">\n\t\t\t\t\t\t\t\t\t<p><strong>Videz<\/strong><\/p><p>Jata temnih ptic na ve\u010dernem nebu, z nenavadno glasnim udarjanjem kril. Ali roj \u010drnih senc, ki potujejo kot oblaki. Posamezni sluagh so v\u010dasih individualizirani (z obrazi, to\u017ee\u010dimi glasovi), a ve\u010dinoma so do\u017eiveti kot skupina.<\/p><p><strong>Vedenje<\/strong><\/p><p>Potujejo skozi no\u010d, zlasti proti zahodu. Lahko umirajo\u010de iztrgajo iz njihovih postelj in jih vklju\u010dijo v svoj sprevod, du\u0161a pa potem postane del vojske. V\u010dasih se spustijo na hi\u0161e; to\u017ee\u010d zvok skozi dimnik velja za znamenje, da jim bo nekdo iz hi\u0161e sledil.<\/p><p><strong>Podro\u010dje delovanja<\/strong><\/p><p>Zrak nad hi\u0161ami, zlasti zve\u010der in pono\u010di. Sobe umirajo\u010dih, \u0161e posebej \u010de je zahodno okno odprto. Pokopali\u0161\u010da in njihova okolica v dolo\u010denih mejnih no\u010deh.<\/p><p><strong>Mitolo\u0161ka umestitev<\/strong><\/p><p>Del sveta Aes S\u00eddhe, a na tema\u010dnem robu, sluagh niso prebivalci gri\u010dev, temve\u010d tisti, ki gri\u010da niso na\u0161li. V kr\u0161\u010danski razlagi so to du\u0161e, ki ne morejo dose\u010di ne nebes ne pekla.<\/p><div><p><strong>James Macpherson in recepcija Ossiana<\/strong><\/p><p><span data-nosnippet>James <span class=\"iwg-fachbegriff\" tabindex=\"0\" data-tooltip=\"James Macpherson (1736\u20131796); \u0161kotski pesnik; avtor Ossianovih fragmentov (od 1760).\">Macpherson<\/span> je leta 1760 objavil <em>Fragments of Ancient Poetry<\/em>, ki naj bi izvirali od galskega pesnika Ossiana. Macpherson je ta dela predstavil kot verodostojna srednjeve\u0161ka besedila, kar se je kasneje izkazalo za ponaredek.<\/span><\/p><p>Kljub temu so imela ta besedila ogromen kulturni vpliv. V Ossianovih pesmih se pojavi koncept sluagh, okrepljen z Macphersonovo romanti\u010dno razlago kot tragi\u010dne vojske mrtvih, razlago, ki prej ni bila tako osrednja.<\/p><p>Macphersonova Ossianova fikcija je trajno vplivala na kulturno dojemanje \u0161kotskih in irskih izro\u010dil. Sluagh je bil skozi to literarno posredovanje romantiziran in prenesen k \u0161ir\u0161emu evropskemu ob\u010dinstvu. Zgodovinarji \u0161e vedno razpravljajo, koliko sodobne predstave o sluagh izhaja iz pristnega izro\u010dila in koliko iz Macphersonove fikcije.<\/p><\/div>\t\t\t\t\t\t\t\t<\/div>\n\t\t\t\t<\/div>\n\t\t\t\t\t<\/div>\n\t\t\t\t<\/div>\n\t\t<div class=\"elementor-element elementor-element-44e71476 e-flex e-con-boxed e-con e-parent\" data-id=\"44e71476\" data-element_type=\"container\" data-e-type=\"container\">\n\t\t\t\t\t<div class=\"e-con-inner\">\n\t\t\t\t<div class=\"elementor-element elementor-element-3c1fc3f0 elementor-widget elementor-widget-heading\" data-id=\"3c1fc3f0\" data-element_type=\"widget\" data-e-type=\"widget\" data-widget_type=\"heading.default\">\n\t\t\t\t\t<h2 class=\"elementor-heading-title elementor-size-default\">Osebna izkaznica: Sluagh<\/h2>\t\t\t\t<\/div>\n\t\t<div class=\"elementor-element elementor-element-84f33b8e e-con-full e-flex e-con e-child\" data-id=\"84f33b8e\" data-element_type=\"container\" data-e-type=\"container\">\n\t\t\t\t<div class=\"elementor-element elementor-element-hqkdc67p elementor-widget elementor-widget-text-editor\" data-id=\"hqkdc67p\" data-element_type=\"widget\" data-e-type=\"widget\" data-widget_type=\"text-editor.default\">\n\t\t\t\t\t\t\t\t\t<p>Najpomembnej\u0161i vidiki Sluagh na kratko.<\/p>\t\t\t\t\t\t\t\t<\/div>\n\t\t\t\t<\/div>\n\t\t<div class=\"elementor-element elementor-element-pemmx7c5 e-con-full e-flex e-con e-child\" data-id=\"pemmx7c5\" data-element_type=\"container\" data-e-type=\"container\">\n\t\t<div class=\"elementor-element elementor-element-pemmx7c1 e-con-full e-flex e-con e-child\" data-id=\"pemmx7c1\" data-element_type=\"container\" data-e-type=\"container\">\n\t\t<div class=\"elementor-element elementor-element-qh9oavvu iwg-steckbrief-card e-flex e-con-boxed e-con e-child\" data-id=\"qh9oavvu\" data-element_type=\"container\" data-e-type=\"container\">\n\t\t\t\t\t<div class=\"e-con-inner\">\n\t\t\t\t<div class=\"elementor-element elementor-element-awzx8k2k elementor-widget elementor-widget-heading\" data-id=\"awzx8k2k\" data-element_type=\"widget\" data-e-type=\"widget\" data-widget_type=\"heading.default\">\n\t\t\t\t\t<div class=\"elementor-heading-title elementor-size-default\">Izro\u010dilo<\/div>\t\t\t\t<\/div>\n\t\t\t\t<div class=\"elementor-element elementor-element-x6rowhv0 elementor-widget elementor-widget-text-editor\" data-id=\"x6rowhv0\" data-element_type=\"widget\" data-e-type=\"widget\" data-widget_type=\"text-editor.default\">\n\t\t\t\t\t\t\t\t\t<p>Skupina neodre\u0161enih du\u0161, gre\u0161nih, pozabljenih, zapu\u0161\u010denih mrtvih. Ne gre za posamezne like, temve\u010d za roj.<\/p>\t\t\t\t\t\t\t\t<\/div>\n\t\t\t\t\t<\/div>\n\t\t\t\t<\/div>\n\t\t<div class=\"elementor-element elementor-element-8e3o4kxs iwg-steckbrief-card e-flex e-con-boxed e-con e-child\" data-id=\"8e3o4kxs\" data-element_type=\"container\" data-e-type=\"container\">\n\t\t\t\t\t<div class=\"e-con-inner\">\n\t\t\t\t<div class=\"elementor-element elementor-element-08rkdgov elementor-widget elementor-widget-heading\" data-id=\"08rkdgov\" data-element_type=\"widget\" data-e-type=\"widget\" data-widget_type=\"heading.default\">\n\t\t\t\t\t<div class=\"elementor-heading-title elementor-size-default\">Ciljna skupina Sluagh<\/div>\t\t\t\t<\/div>\n\t\t\t\t<div class=\"elementor-element elementor-element-uwjelx8s elementor-widget elementor-widget-text-editor\" data-id=\"uwjelx8s\" data-element_type=\"widget\" data-e-type=\"widget\" data-widget_type=\"text-editor.default\">\n\t\t\t\t\t\t\t\t\t<p>Umirajo\u010di v svojih postljah, zlasti ob odprtem zapadnem oknu. V \u0161ir\u0161i razlagi: ljudje v mejnih situacijah med \u017eivljenjem in smrtjo.<\/p>\t\t\t\t\t\t\t\t<\/div>\n\t\t\t\t\t<\/div>\n\t\t\t\t<\/div>\n\t\t<div class=\"elementor-element elementor-element-jm2n74ec iwg-steckbrief-card e-flex e-con-boxed e-con e-child\" data-id=\"jm2n74ec\" data-element_type=\"container\" data-e-type=\"container\">\n\t\t\t\t\t<div class=\"e-con-inner\">\n\t\t\t\t<div class=\"elementor-element elementor-element-8vufse4c elementor-widget elementor-widget-heading\" data-id=\"8vufse4c\" data-element_type=\"widget\" data-e-type=\"widget\" data-widget_type=\"heading.default\">\n\t\t\t\t\t<div class=\"elementor-heading-title elementor-size-default\">Oblika<\/div>\t\t\t\t<\/div>\n\t\t\t\t<div class=\"elementor-element elementor-element-mwb9u015 elementor-widget elementor-widget-text-editor\" data-id=\"mwb9u015\" data-element_type=\"widget\" data-e-type=\"widget\" data-widget_type=\"text-editor.default\">\n\t\t\t\t\t\t\t\t\t<p>Roj temnih ptic ali senc, glasno udarjanje kril. Posamezni obrazi so ob\u010dasno vidni, sicer pa se ka\u017eejo kot skupina.<\/p>\t\t\t\t\t\t\t\t<\/div>\n\t\t\t\t\t<\/div>\n\t\t\t\t<\/div>\n\t\t\t\t<\/div>\n\t\t<div class=\"elementor-element elementor-element-pemmx7c2 e-con-full e-flex e-con e-child\" data-id=\"pemmx7c2\" data-element_type=\"container\" data-e-type=\"container\">\n\t\t<div class=\"elementor-element elementor-element-37ss2yr6 iwg-steckbrief-card e-flex e-con-boxed e-con e-child\" data-id=\"37ss2yr6\" data-element_type=\"container\" data-e-type=\"container\">\n\t\t\t\t\t<div class=\"e-con-inner\">\n\t\t\t\t<div class=\"elementor-element elementor-element-3v0wp3wx elementor-widget elementor-widget-heading\" data-id=\"3v0wp3wx\" data-element_type=\"widget\" data-e-type=\"widget\" data-widget_type=\"heading.default\">\n\t\t\t\t\t<div class=\"elementor-heading-title elementor-size-default\">Podro\u010dje delovanja<\/div>\t\t\t\t<\/div>\n\t\t\t\t<div class=\"elementor-element elementor-element-w3247g2m elementor-widget elementor-widget-text-editor\" data-id=\"w3247g2m\" data-element_type=\"widget\" data-e-type=\"widget\" data-widget_type=\"text-editor.default\">\n\t\t\t\t\t\t\t\t\t<p>Izruva umirajo\u010de, du\u0161e odnese v podzemlje. Sam sprevod prina\u0161a nesre\u010do hi\u0161am, ob katerih gre mimo.<\/p>\t\t\t\t\t\t\t\t<\/div>\n\t\t\t\t\t<\/div>\n\t\t\t\t<\/div>\n\t\t<div class=\"elementor-element elementor-element-0qpjal9w iwg-steckbrief-card e-flex e-con-boxed e-con e-child\" data-id=\"0qpjal9w\" data-element_type=\"container\" data-e-type=\"container\">\n\t\t\t\t\t<div class=\"e-con-inner\">\n\t\t\t\t<div class=\"elementor-element elementor-element-6ndoih0o elementor-widget elementor-widget-heading\" data-id=\"6ndoih0o\" data-element_type=\"widget\" data-e-type=\"widget\" data-widget_type=\"heading.default\">\n\t\t\t\t\t<div class=\"elementor-heading-title elementor-size-default\">Za\u0161\u010dita<\/div>\t\t\t\t<\/div>\n\t\t\t\t<div class=\"elementor-element elementor-element-6684tyh9 elementor-widget elementor-widget-text-editor\" data-id=\"6684tyh9\" data-element_type=\"widget\" data-e-type=\"widget\" data-widget_type=\"text-editor.default\">\n\t\t\t\t\t\t\t\t\t<p>Zapadno okno naj bo zaklenjeno in zagrnjeno v primeru smrti; kri\u017ei in podobe svetnikov v sobi umirajo\u010dega; sol na pragovih; \u017eelezo na okenskih okvirjih. Ob prehodu Sluagh: zate\u010di se v hi\u0161o, ne iti na polja.<\/p>\t\t\t\t\t\t\t\t<\/div>\n\t\t\t\t\t<\/div>\n\t\t\t\t<\/div>\n\t\t<div class=\"elementor-element elementor-element-3lfi7x32 iwg-steckbrief-card e-flex e-con-boxed e-con e-child\" data-id=\"3lfi7x32\" data-element_type=\"container\" data-e-type=\"container\">\n\t\t\t\t\t<div class=\"e-con-inner\">\n\t\t\t\t<div class=\"elementor-element elementor-element-0kg99ga1 elementor-widget elementor-widget-heading\" data-id=\"0kg99ga1\" data-element_type=\"widget\" data-e-type=\"widget\" data-widget_type=\"heading.default\">\n\t\t\t\t\t<div class=\"elementor-heading-title elementor-size-default\">Vzporednice Sluagh<\/div>\t\t\t\t<\/div>\n\t\t\t\t<div class=\"elementor-element elementor-element-n0fum6kp elementor-widget elementor-widget-text-editor\" data-id=\"n0fum6kp\" data-element_type=\"widget\" data-e-type=\"widget\" data-widget_type=\"text-editor.default\">\n\t\t\t\t\t\t\t\t\t<p>Divji lov (germanski), <a href=\"https:\/\/iwell-guard.com\/sl\/?page_id=160343\">Keres<\/a>, Mesnie Hellequin (francoski), <a href=\"https:\/\/iwell-guard.com\/sl\/?page_id=160330\">Gallu<\/a>, bretonski anaon.<\/p>\t\t\t\t\t\t\t\t<\/div>\n\t\t\t\t\t<\/div>\n\t\t\t\t<\/div>\n\t\t\t\t<\/div>\n\t\t\t\t<\/div>\n\t\t\t\t\t<\/div>\n\t\t\t\t<\/div>\n\t\t<div class=\"elementor-element elementor-element-7533bc7a e-flex e-con-boxed e-con e-parent\" data-id=\"7533bc7a\" data-element_type=\"container\" data-e-type=\"container\">\n\t\t\t\t\t<div class=\"e-con-inner\">\n\t\t\t\t<div class=\"elementor-element elementor-element-2447d18d elementor-widget elementor-widget-heading\" data-id=\"2447d18d\" data-element_type=\"widget\" data-e-type=\"widget\" data-widget_type=\"heading.default\">\n\t\t\t\t\t<h2 class=\"elementor-heading-title elementor-size-default\">Za\u0161\u010ditna praksa<\/h2>\t\t\t\t<\/div>\n\t\t<div class=\"elementor-element elementor-element-d5d0260c e-con-full e-flex e-con e-child\" data-id=\"d5d0260c\" data-element_type=\"container\" data-e-type=\"container\">\n\t\t\t\t<div class=\"elementor-element elementor-element-341be2ac elementor-widget elementor-widget-text-editor\" data-id=\"341be2ac\" data-element_type=\"widget\" data-e-type=\"widget\" data-widget_type=\"text-editor.default\">\n\t\t\t\t\t\t\t\t\t<p><strong>Praksa ob smrtni postelji<\/strong><\/p><p>V zahodno\u0161kotskem ljudskem verovanju so ob umirajo\u010dih zaklenili zapadno okno in ga zagrnili s krpo. Nekatere dru\u017eine so pustile odprto okno na severni strani, da bi du\u0161a lahko od\u0161la skozi severno okno, nikoli pa proti zapadu, kjer \u010dakajo Sluagh.<\/p><p><strong>Za\u0161\u010dita bivali\u0161\u010da<\/strong><\/p><p>Sledovi soli pred zapadnimi okni in ob vhodih v hi\u0161o. \u017delezni \u017eeblji na okenskih okvirjih. Gore\u010de sve\u010de, ki ne smejo ugasniti. Molitve iz Carmina Gadelica (zbirke Alexandra Carmichaela) vsebujejo posebna besedila za za\u0161\u010dito pred Sluagh.<\/p><p><strong>Vedenje ob prikazovanju<\/strong><\/p><p>Kadar Sluagh potujejo: ljudje se zate\u010dejo v hi\u0161e. Nikoli ne gredo na polja, ne gledajo v nebo. V nekaterih izro\u010dilih ljudje padejo na tla in si zakrijejo obraz in u\u0161esa, dokler sprevod ne mine.<\/p>\t\t\t\t\t\t\t\t<\/div>\n\t\t\t\t<\/div>\n\t\t\t\t\t<\/div>\n\t\t\t\t<\/div>\n\t\t<div class=\"elementor-element elementor-element-5a584676 e-flex e-con-boxed e-con e-parent\" data-id=\"5a584676\" data-element_type=\"container\" data-e-type=\"container\">\n\t\t\t\t\t<div class=\"e-con-inner\">\n\t\t\t\t<div class=\"elementor-element elementor-element-6d0757bf elementor-widget elementor-widget-heading\" data-id=\"6d0757bf\" data-element_type=\"widget\" data-e-type=\"widget\" data-widget_type=\"heading.default\">\n\t\t\t\t\t<h2 class=\"elementor-heading-title elementor-size-default\">Vzporednice in pomen<\/h2>\t\t\t\t<\/div>\n\t\t<div class=\"elementor-element elementor-element-60563f68 e-con-full e-flex e-con e-child\" data-id=\"60563f68\" data-element_type=\"container\" data-e-type=\"container\">\n\t\t\t\t<div class=\"elementor-element elementor-element-5a93fdd6 elementor-widget elementor-widget-text-editor\" data-id=\"5a93fdd6\" data-element_type=\"widget\" data-e-type=\"widget\" data-widget_type=\"text-editor.default\">\n\t\t\t\t\t\t\t\t\t<p><strong>Evropske vzporednice:<\/strong> Germanski \u201eDivji lov&#8221;, Odin ali mitski lovec s spremstvom mrtvih, je strukturno najbli\u017eja vzporednica. Mesnie Hellequin v Franciji, Divja vojska v delih Nem\u010dije, bretonski anaon, vsi delijo <span class=\"iwg-fachbegriff\" data-tooltip=\"Ponavljajo\u010d se vsebinski element v umetnosti ali pripovedovanju.\" tabindex=\"0\">motiv<\/span> lete\u010dega kolektiva mrtvih.<\/p><p><strong><span class=\"iwg-fachbegriff\" data-tooltip=\"Obdobje gr\u0161ke in rimske kulture, pribli\u017eno od 800 pr. n. \u0161t. do 600 n. \u0161t.\" tabindex=\"0\">Antika<\/span> vzporednice<\/strong><\/p><p><a href=\"https:\/\/iwell-guard.com\/sl\/?page_id=160343\">Keres<\/a> nad boji\u0161\u010dem in <a href=\"https:\/\/iwell-guard.com\/sl\/?page_id=160330\">Gallu<\/a> kot izvajalci podzemne oblasti ka\u017eejo strukturno podobne kolektivne podobe smrti.<\/p><p><strong>Kulturni kontekst:<\/strong> Predstava o Sluagh odra\u017ea keltsko napetost med smrtjo in Onstranstvom: ne vse je sprejeto, nekaj ostaja tesnobno vmes. <span class=\"iwg-fachbegriff\" data-tooltip=\"Ponavljajo\u010d se vsebinski element v umetnosti ali pripovedovanju.\" tabindex=\"0\">Motiv<\/span> je v kolonialnih razmerah in med Veliko lakoto dobil dodatno plast aktualizacije, kot podoba zgodovinskih travm.<\/p><div><p><strong>Kozmolo\u0161ka funkcija in meja med \u017eivljenjem in smrtjo<\/strong><\/p><p>Sluagh v keltskih predstavah zaznamuje mejo med svetom \u017eivih in Onstranstvom. Niso obsojeni v kr\u0161\u010danskem pomenu, temve\u010d prehodni, bitja, ki se gibljejo med svetovi.<\/p><p>Ta kozmolo\u0161ka umestitev razlikuje Sluagh od demonskih bitij, ki obstajajo zase. Sluagh je bolj manifestacija kolektivne nemirnosti, prehoda, ki ni zaklju\u010den.<\/p><p>Sodobna religiologska literatura obravnava Sluagh kot kulturno eksternalizacijo \u017ealosti in izgube, obliko, v kateri dru\u017ebe obvladujejo svoje mrtve in jim pripovedno namenijo prostor. Ta psiholo\u0161ka ali dru\u017ebena razlaga ne nadome\u0161\u010da, temve\u010d dopolnjuje nadnaravno razlago.<\/p><\/div>\t\t\t\t\t\t\t\t<\/div>\n\t\t\t\t<\/div>\n\t\t\t\t\t<\/div>\n\t\t\t\t<\/div>\n\t\t<div class=\"elementor-element elementor-element-cp11d2237 e-flex e-con-boxed e-con e-parent\" data-id=\"cp11d2237\" data-element_type=\"container\" data-e-type=\"container\">\n\t\t\t\t\t<div class=\"e-con-inner\">\n\t\t\t\t<div class=\"elementor-element elementor-element-cpe310340 elementor-widget elementor-widget-heading\" data-id=\"cpe310340\" data-element_type=\"widget\" data-e-type=\"widget\" data-widget_type=\"heading.default\">\n\t\t\t\t\t<h2 class=\"elementor-heading-title elementor-size-default\">Vojska mrtvih iz galskega izro\u010dila<\/h2>\t\t\t\t<\/div>\n\t\t<div class=\"elementor-element elementor-element-cp3533826 e-con-full e-flex e-con e-child\" data-id=\"cp3533826\" data-element_type=\"container\" data-e-type=\"container\">\n\t\t\t\t<div class=\"elementor-element elementor-element-cpffc10cc elementor-widget elementor-widget-text-editor\" data-id=\"cpffc10cc\" data-element_type=\"widget\" data-e-type=\"widget\" data-widget_type=\"text-editor.default\">\n\t\t\t\t\t\t\t\t\t<p><em>Sluagh<\/em> (galsko za vojsko, \u010deto, mno\u017eico), v <span class=\"iwg-fachbegriff\" data-tooltip=\"Izro\u010dena ljudska kultura z obi\u010daji, pripovedmi in pesmimi.\" tabindex=\"0\">folklori<\/span> pogosto imenovan <em>sluagh sidhe<\/em>, vojska Onostranstva, sodi med najbolj srhljive prikazni \u0161kotsko- in irsko-galskega <span class=\"iwg-fachbegriff\" data-tooltip=\"Prena\u0161anje znanja in pripovedi skozi generacije.\" tabindex=\"0\">izro\u010dila<\/span>. Za razliko od posameznega <span class=\"iwg-fachbegriff\" data-tooltip=\"Netelesno bitje, ki naj bi delovalo v svetu.\" tabindex=\"0\">duha<\/span> je <em>sluagh<\/em> kolektivno bitje: lete\u010da \u010deta duhov, ki potuje skozi no\u010dni zrak.<\/p><p>Po raz\u0161irjenem prepri\u010danju gre za duhove nemirnih mrtvih, pogosto zlasti za du\u0161e gre\u0161nikov, nekr\u0161\u010denih ali ljudi, ki jim ni odprto ne nebo, ne zemlja, ne urejeno onostranstvo.<\/p><p>Pomembna pri\u010devanja o <em>sluagh<\/em> izhajajo iz velikih zbirk \u0161kotske <span class=\"iwg-fachbegriff\" data-tooltip=\"Izro\u010dena ljudska kultura z obi\u010daji, pripovedmi in pesmimi.\" tabindex=\"0\">folklore<\/span>, predvsem iz <em>Carmina Gadelica<\/em> Alexandra Carmichaela, ki je konec 19. stoletja na \u0161kotskih otokih in v Viso\u010dju zapisoval molitve, blagoslove in ljudsko-religiozno izro\u010dilo.<\/p><p>Tam se <em>sluagh<\/em> pojavlja kot \u010deta, ki se bori v zraku, katere sledi naj bi bilo mogo\u010de zjutraj videti kot krvne made\u017ee na skalah, in ki prihaja z zahoda.<\/p><p>Religiologna umestitev poudarja me\u0161anje plasti. V <em>sluagh<\/em> se povezujejo predkr\u0161\u010danske predstave o potujo\u010di vojski duhov s kr\u0161\u010dansko skrbjo za usodo du\u0161e po smrti, zlasti du\u0161, ki ne dose\u017eejo miru.<\/p><p>Vojska mrtvih je tako manj jasno omejena mitolo\u0161ka figura kot vozli\u0161\u010de, v katerem se zgo\u0161\u010dajo <span class=\"iwg-fachbegriff\" data-tooltip=\"Verska prepri\u010danja in obi\u010daji, raz\u0161irjeni v vsakdanjem \u017eivljenju.\" tabindex=\"0\">ljudsko verovanje<\/span>, kr\u0161\u010danska predstava o onostranstvu in izku\u0161nja neurja ter no\u010dnih zvokov.<\/p>\t\t\t\t\t\t\t\t<\/div>\n\t\t\t\t<\/div>\n\t\t\t\t\t<\/div>\n\t\t\t\t<\/div>\n\t\t<div class=\"elementor-element elementor-element-cp02db394 e-flex e-con-boxed e-con e-parent\" data-id=\"cp02db394\" data-element_type=\"container\" data-e-type=\"container\">\n\t\t\t\t\t<div class=\"e-con-inner\">\n\t\t\t\t<div class=\"elementor-element elementor-element-cpfddb6fa elementor-widget elementor-widget-heading\" data-id=\"cpfddb6fa\" data-element_type=\"widget\" data-e-type=\"widget\" data-widget_type=\"heading.default\">\n\t\t\t\t\t<h2 class=\"elementor-heading-title elementor-size-default\">Smer, okna in za\u0161\u010dita pred sluagh<\/h2>\t\t\t\t<\/div>\n\t\t<div class=\"elementor-element elementor-element-cp060deeb e-con-full e-flex e-con e-child\" data-id=\"cp060deeb\" data-element_type=\"container\" data-e-type=\"container\">\n\t\t\t\t<div class=\"elementor-element elementor-element-cp8b7ac6d elementor-widget elementor-widget-text-editor\" data-id=\"cp8b7ac6d\" data-element_type=\"widget\" data-e-type=\"widget\" data-widget_type=\"text-editor.default\">\n\t\t\t\t\t\t\t\t\t<p>V \u017eivetem ljudskem verovanju je bil <em>sluagh<\/em> povezan s konkretnimi pravili previdnosti. Raz\u0161irjena predstava se je nana\u0161ala na smer neba: zahod je veljal za nevarno stran, od koder je prihajala vojska mrtvih, zahod je bil hkrati smer son\u010dnega zahoda in je bil v galskem izro\u010dilu povezan z de\u017eelo mrtvih.<\/p><p>Iz tega je izhajala praksa, da so v bli\u017eini umirajo\u010dih ali pono\u010di zahodno obrnjena okna dr\u017eali zaprta, da <em>sluagh<\/em> ne bi mogel vdreti in zajeti du\u0161e umirajo\u010dega.<\/p><p>Kajti za <em>sluagh<\/em> so trdili, da ljudi vle\u010deta s seboj. Kdor se je pono\u010di zadr\u017eeval na prostem, predvsem oslabeli, umirajo\u010di ali neprevidni ljudje, je tvegal, da ga je \u010deta zajela in odnesla.<\/p><p>V nekaterih pripovedih <em>sluagh<\/em> ujetega celo prisili, da sodeluje pri njegovih zlo\u010dinih, na primer da izstreli pu\u0161\u010dico na \u017eivino ali na druge ljudi. Vojska torej ni le gro\u017enja od zunaj, temve\u010d lahko \u010dloveka potegne v svoje lastno uni\u010devalno po\u010detje.<\/p><p>Za\u0161\u010dita pred <em>sluagh<\/em> je tako le\u017eala predvsem v izogibanju in za\u0161\u010diti: pono\u010di ostati v hi\u0161i, zavarovati okna in vrata v nevarni smeri, umirajo\u010dih ne pu\u0161\u010dati samih in neza\u0161\u010ditenih. Carmichael je izro\u010dil tudi blagoslove in za\u0161\u010ditne molitve, ki spadajo v ta okvir.<\/p><p>Znanstveno gledano <em>sluagh<\/em> deluje kot razlaga za nenadne smrti, za no\u010dne strahove in za izginotja ljudi, hkrati pa kot opomin, naj se meje med dnevom in no\u010djo, znotraj in zunaj, \u017eivljenjem in smrtjo ne prestopa lahkomiselno.<\/p>\t\t\t\t\t\t\t\t<\/div>\n\t\t\t\t<\/div>\n\t\t\t\t\t<\/div>\n\t\t\t\t<\/div>\n\t\t<div class=\"elementor-element elementor-element-36dd7469 e-flex e-con-boxed e-con e-parent\" data-id=\"36dd7469\" data-element_type=\"container\" data-e-type=\"container\">\n\t\t\t\t\t<div class=\"e-con-inner\">\n\t\t\t\t<div class=\"elementor-element elementor-element-13760ab4 elementor-widget elementor-widget-heading\" data-id=\"13760ab4\" data-element_type=\"widget\" data-e-type=\"widget\" data-widget_type=\"heading.default\">\n\t\t\t\t\t<div class=\"elementor-heading-title elementor-size-default\">Nadaljnje povezave<\/div>\t\t\t\t<\/div>\n\t\t<div class=\"elementor-element elementor-element-28c87796 e-con-full e-flex e-con e-child\" data-id=\"28c87796\" data-element_type=\"container\" data-e-type=\"container\">\n\t\t\t\t<div class=\"elementor-element elementor-element-5d6538df elementor-widget elementor-widget-text-editor\" data-id=\"5d6538df\" data-element_type=\"widget\" data-e-type=\"widget\" data-widget_type=\"text-editor.default\">\n\t\t\t\t\t\t\t\t\t<p>Priporo\u010dene notranje povezave:<\/p><ul><li><a href=\"https:\/\/iwell-guard.com\/sl\/?page_id=160359\">Keltsko<\/a><\/li><li><a href=\"https:\/\/iwell-guard.com\/sl\/?page_id=160376\">Banshee<\/a>, <a href=\"https:\/\/iwell-guard.com\/sl\/?page_id=160378\">Cailleach<\/a>, P\u00faca, <a href=\"https:\/\/iwell-guard.com\/sl\/?page_id=160380\">Dullahan<\/a><\/li><li><a href=\"https:\/\/iwell-guard.com\/sl\/?page_id=160343\">Keres<\/a>, <a href=\"https:\/\/iwell-guard.com\/sl\/?page_id=160330\">Gallu<\/a> (vzporednice)<\/li><li>Divja lovska dru\u017eba (germansko)<\/li><li>Carmina Gadelica<\/li><\/ul>\t\t\t\t\t\t\t\t<\/div>\n\t\t\t\t<\/div>\n\t\t\t\t\t<\/div>\n\t\t\t\t<\/div>\n\t\t<div class=\"elementor-element elementor-element-grl4kl40 e-flex e-con-boxed e-con e-parent\" data-id=\"grl4kl40\" data-element_type=\"container\" data-e-type=\"container\">\n\t\t\t\t\t<div class=\"e-con-inner\">\n\t\t\t\t<div class=\"elementor-element elementor-element-bzsbfrmh elementor-widget elementor-widget-heading\" data-id=\"bzsbfrmh\" data-element_type=\"widget\" data-e-type=\"widget\" data-widget_type=\"heading.default\">\n\t\t\t\t\t<h2 class=\"elementor-heading-title elementor-size-default\">Literatura (izbor)<\/h2>\t\t\t\t<\/div>\n\t\t<div class=\"elementor-element elementor-element-2c13224a e-con-full e-flex e-con e-child\" data-id=\"2c13224a\" data-element_type=\"container\" data-e-type=\"container\">\n\t\t\t\t<div class=\"elementor-element elementor-element-0eymh9ub elementor-widget elementor-widget-text-editor\" data-id=\"0eymh9ub\" data-element_type=\"widget\" data-e-type=\"widget\" data-widget_type=\"text-editor.default\">\n\t\t\t\t\t\t\t\t\t<footer class=\"iwg-literatur\"><p>Izbor osrednjih del o Sluagh:<\/p><ul><li><span data-nosnippet>Carmichael, Alexander: <em>Carmina Gadelica<\/em>. 6 zv. Edinburgh 1900, 71.<\/span><\/li><li><span data-nosnippet>Evans-Wentz, W. Y.: <em>The Fairy-Faith in Celtic Countries<\/em>. Oxford 1911.<\/span><\/li><li><span data-nosnippet>Campbell, J. F.: <em>Popular Tales of the West Highlands<\/em>. Edinburgh 1860, 62.<\/span><\/li><li><span data-nosnippet>MacInnes, John: <em>D\u00f9thchas nan G\u00e0idheal<\/em>. Edinburgh 2006.<\/span><\/li><li><span data-nosnippet>Black, Ronald: <em>The Gaelic Otherworld<\/em>. Edinburgh 2005.<\/span><\/li><\/ul><div data-nosnippet=\"true\" class=\"iwg-litliste\"><\/div><\/footer>\n<p class=\"iwg-bib-more\"><span data-nosnippet>Ve\u010d standardnih del najdete v <a href=\"https:\/\/iwell-guard.com\/sl\/?page_id=160475\">seznamu literature<\/a>.<\/span><\/p>\t\t\t\t\t\t\t\t<\/div>\n\t\t\t\t<\/div>\n\t\t\t\t\t<\/div>\n\t\t\t\t<\/div>\n\t\t<div class=\"elementor-element elementor-element-iwgca-sluagh-sec e-flex e-con-boxed e-con e-parent\" data-id=\"iwgca-sluagh-sec\" data-element_type=\"container\" data-e-type=\"container\" id=\"iwg-ca-sluagh\">\n\t\t\t\t\t<div class=\"e-con-inner\">\n\t\t\t\t<div class=\"elementor-element elementor-element-iwgca-sluagh-te iwg-ca-textwrap elementor-widget elementor-widget-text-editor\" data-id=\"iwgca-sluagh-te\" data-element_type=\"widget\" data-e-type=\"widget\" data-widget_type=\"text-editor.default\">\n\t\t\t\t\t\t\t\t\t<div data-nosnippet=\"true\"><p class=\"iwg-ca-bridge\">Tukaj opisana za\u0161\u010ditna praksa je znanstvena umestitev zgodovinskih izro\u010dil. iWell Guard navezuje na to kulturnozgodovinsko linijo nosljivih za\u0161\u010ditnih predmetov in predstavlja njeno sodobno obliko. <a href=\"\/ueber-iwell-guard\/?utm_source=iwell-guard.com&#038;utm_medium=text-link&#038;utm_campaign=schadwesen-tradition\">Ve\u010d o iWell Guard \u2192<\/a><\/p><\/div>\t\t\t\t\t\t\t\t<\/div>\n\t\t\t\t\t<\/div>\n\t\t\t\t<\/div>\n\t\t\t\t<\/div>\n\t\t","protected":false},"excerpt":{"rendered":"","protected":false},"author":3,"featured_media":1703,"parent":0,"menu_order":0,"comment_status":"closed","ping_status":"closed","template":"elementor_header_footer","meta":{"_yoast_wpseo_focuskw":"Sluagh","_yoast_wpseo_title":"Sluagh - Nesveta vojska mrtvih, lete\u010de du\u0161e brez doma","_yoast_wpseo_metadesc":"Sluagh, v gal\u0161\u010dini \u201evojska\", je zbir nemirnih du\u0161 v keltskem (predvsem \u0161kotsko-galskem in irskem) izro\u010dilu.","_yoast_wpseo_meta-robots-noindex":"","_yoast_wpseo_canonical":"","_angie_page":false,"gefaehrdungsstufe":"4","wesen_kultur":"keltisch","wesen_klasse":"geister","footnotes":""},"categories":[],"class_list":["post-160377","page","type-page","status-publish","has-post-thumbnail","hentry"],"yoast_head":"<!-- This site is optimized with the Yoast SEO Premium plugin v27.7 (Yoast SEO v28.3) - https:\/\/yoast.com\/product\/yoast-seo-premium-wordpress\/ -->\n<title>Sluagh - Nesveta vojska mrtvih, lete\u010de du\u0161e brez doma<\/title>\n<meta name=\"description\" content=\"Sluagh, v gal\u0161\u010dini \u201evojska&quot;, je zbir nemirnih du\u0161 v keltskem (predvsem \u0161kotsko-galskem in irskem) izro\u010dilu.\" \/>\n<meta name=\"robots\" content=\"index, follow, max-snippet:-1, max-image-preview:large, max-video-preview:-1\" \/>\n<link rel=\"canonical\" href=\"https:\/\/iwell-guard.com\/sl\/sluagh\/\" \/>\n<meta property=\"og:locale\" content=\"sl_SI\" \/>\n<meta property=\"og:type\" content=\"article\" \/>\n<meta property=\"og:title\" content=\"Sluagh\" \/>\n<meta property=\"og:description\" content=\"Sluagh, v gal\u0161\u010dini \u201evojska&quot;, je zbir nemirnih du\u0161 v keltskem (predvsem \u0161kotsko-galskem in irskem) izro\u010dilu.\" \/>\n<meta property=\"og:url\" content=\"https:\/\/iwell-guard.com\/sl\/sluagh\/\" \/>\n<meta property=\"og:site_name\" content=\"iWell Guard\" \/>\n<meta property=\"article:modified_time\" content=\"2026-09-05T00:35:46+00:00\" \/>\n<meta property=\"og:image\" content=\"https:\/\/iwell-guard.com\/wp-content\/uploads\/2026\/04\/geister_keltisch_sluagh.webp\" \/>\n\t<meta property=\"og:image:width\" content=\"1024\" \/>\n\t<meta property=\"og:image:height\" content=\"1536\" \/>\n\t<meta property=\"og:image:type\" content=\"image\/webp\" \/>\n<meta name=\"twitter:card\" content=\"summary_large_image\" \/>\n<script type=\"application\/ld+json\" class=\"yoast-schema-graph\">{\"@context\":\"https:\\\/\\\/schema.org\",\"@graph\":[{\"@type\":\"WebPage\",\"@id\":\"https:\\\/\\\/iwell-guard.com\\\/sl\\\/sluagh\\\/\",\"url\":\"https:\\\/\\\/iwell-guard.com\\\/sl\\\/sluagh\\\/\",\"name\":\"Sluagh - Nesveta vojska mrtvih, lete\u010de du\u0161e brez doma\",\"isPartOf\":{\"@id\":\"https:\\\/\\\/iwell-guard.com\\\/sl\\\/#website\"},\"primaryImageOfPage\":{\"@id\":\"https:\\\/\\\/iwell-guard.com\\\/sl\\\/sluagh\\\/#primaryimage\"},\"image\":{\"@id\":\"https:\\\/\\\/iwell-guard.com\\\/sl\\\/sluagh\\\/#primaryimage\"},\"thumbnailUrl\":\"https:\\\/\\\/iwell-guard.com\\\/wp-content\\\/uploads\\\/2026\\\/04\\\/geister_keltisch_sluagh.webp\",\"datePublished\":\"2026-09-05T00:20:31+00:00\",\"dateModified\":\"2026-09-05T00:35:46+00:00\",\"description\":\"Sluagh, v gal\u0161\u010dini \u201evojska\\\", je zbir nemirnih du\u0161 v keltskem (predvsem \u0161kotsko-galskem in irskem) izro\u010dilu.\",\"breadcrumb\":{\"@id\":\"https:\\\/\\\/iwell-guard.com\\\/sl\\\/sluagh\\\/#breadcrumb\"},\"inLanguage\":\"sl-SI\",\"potentialAction\":[{\"@type\":\"ReadAction\",\"target\":[\"https:\\\/\\\/iwell-guard.com\\\/sl\\\/sluagh\\\/\"]}]},{\"@type\":\"ImageObject\",\"inLanguage\":\"sl-SI\",\"@id\":\"https:\\\/\\\/iwell-guard.com\\\/sl\\\/sluagh\\\/#primaryimage\",\"url\":\"https:\\\/\\\/iwell-guard.com\\\/wp-content\\\/uploads\\\/2026\\\/04\\\/geister_keltisch_sluagh.webp\",\"contentUrl\":\"https:\\\/\\\/iwell-guard.com\\\/wp-content\\\/uploads\\\/2026\\\/04\\\/geister_keltisch_sluagh.webp\",\"width\":1024,\"height\":1536,\"caption\":\"Duhovi iz keltskega izro\u010dila.\"},{\"@type\":\"BreadcrumbList\",\"@id\":\"https:\\\/\\\/iwell-guard.com\\\/sl\\\/sluagh\\\/#breadcrumb\",\"itemListElement\":[{\"@type\":\"ListItem\",\"position\":1,\"name\":\"Start\",\"item\":\"https:\\\/\\\/iwell-guard.com\\\/sl\\\/?page_id=160323\"},{\"@type\":\"ListItem\",\"position\":2,\"name\":\"Sluagh\"}]},{\"@type\":\"WebSite\",\"@id\":\"https:\\\/\\\/iwell-guard.com\\\/sl\\\/#website\",\"url\":\"https:\\\/\\\/iwell-guard.com\\\/sl\\\/\",\"name\":\"iWell Guard\",\"description\":\"Schutz vor dunklen Einfl\u00fcssen\",\"publisher\":{\"@id\":\"https:\\\/\\\/iwell-guard.com\\\/sl\\\/#organization\"},\"potentialAction\":[{\"@type\":\"SearchAction\",\"target\":{\"@type\":\"EntryPoint\",\"urlTemplate\":\"https:\\\/\\\/iwell-guard.com\\\/sl\\\/?s={search_term_string}\"},\"query-input\":{\"@type\":\"PropertyValueSpecification\",\"valueRequired\":true,\"valueName\":\"search_term_string\"}}],\"inLanguage\":\"sl-SI\"},{\"@type\":\"Organization\",\"@id\":\"https:\\\/\\\/iwell-guard.com\\\/sl\\\/#organization\",\"name\":\"Ittermann electronic GmbH\",\"url\":\"https:\\\/\\\/iwell-guard.com\\\/sl\\\/\",\"logo\":{\"@type\":\"ImageObject\",\"inLanguage\":\"sl-SI\",\"@id\":\"https:\\\/\\\/iwell-guard.com\\\/sl\\\/#\\\/schema\\\/logo\\\/image\\\/\",\"url\":\"https:\\\/\\\/iwell-guard.com\\\/wp-content\\\/uploads\\\/2026\\\/05\\\/Ittermann-Logo-1182x237-1.png\",\"contentUrl\":\"https:\\\/\\\/iwell-guard.com\\\/wp-content\\\/uploads\\\/2026\\\/05\\\/Ittermann-Logo-1182x237-1.png\",\"width\":1182,\"height\":237,\"caption\":\"Ittermann electronic GmbH\"},\"image\":{\"@id\":\"https:\\\/\\\/iwell-guard.com\\\/sl\\\/#\\\/schema\\\/logo\\\/image\\\/\"},\"sameAs\":[\"https:\\\/\\\/pantip.com\\\/profile\\\/9367242\",\"https:\\\/\\\/micro.blog\\\/iwellguard\",\"https:\\\/\\\/www.diggerslist.com\\\/iwellguard\\\/about\",\"https:\\\/\\\/skitterphoto.com\\\/photographers\\\/2870314\\\/iwell-guard\",\"https:\\\/\\\/iwellguard.wordpress.com\\\/2026\\\/06\\\/06\\\/iwell-guard\\\/\",\"https:\\\/\\\/hub.docker.com\\\/u\\\/iwellguard\",\"https:\\\/\\\/www.pinterest.com\\\/iwellguard\\\/\",\"https:\\\/\\\/bit.ly\\\/m\\\/iwellguard\",\"https:\\\/\\\/entre-vos-mains.alsace.eu\\\/profiles\\\/iwellguard\\\/activity\",\"https:\\\/\\\/gravatar.com\\\/reallybeded8fd34\",\"https:\\\/\\\/naijamatta.com\\\/iwellguard\",\"https:\\\/\\\/www.goodreads.com\\\/iwellguard\",\"https:\\\/\\\/profile.hatena.ne.jp\\\/iwellguard\\\/\",\"https:\\\/\\\/experiment.com\\\/users\\\/iwellguard\",\"https:\\\/\\\/wakelet.com\\\/@iWellGuard82270\",\"https:\\\/\\\/www.chordie.com\\\/forum\\\/profile.php?id=2555664\",\"https:\\\/\\\/www.instapaper.com\\\/p\\\/17757966\",\"https:\\\/\\\/www.mapleprimes.com\\\/users\\\/iwellguard\",\"https:\\\/\\\/businesslistingplus.com\\\/profile\\\/iwell-guard\\\/\",\"https:\\\/\\\/telegra.ph\\\/iWell-Guard-06-06\",\"https:\\\/\\\/pbase.com\\\/iwellguard\\\/iwellguard\",\"https:\\\/\\\/b.hatena.ne.jp\\\/iwellguard\\\/20260607#bookmark-4788405196491818882\",\"https:\\\/\\\/fliphtml5.com\\\/home\\\/iwellguard\",\"https:\\\/\\\/anyflip.com\\\/homepage\\\/cmiwl#About\",\"https:\\\/\\\/transfur.com\\\/Users\\\/iwellguard\",\"http:\\\/\\\/delphi.larsbo.org\\\/user\\\/iwellguard\",\"https:\\\/\\\/jobs.lajobsportal.org\\\/profiles\\\/8380803-iwell-guard\",\"https:\\\/\\\/md.chaosdorf.de\\\/s\\\/jfbe5SBdJD\",\"https:\\\/\\\/www.lingvolive.com\\\/en-us\\\/profile\\\/9ecaeaca-ce11-4e51-9e71-01d55e2bff36\\\/translations\",\"https:\\\/\\\/www.fitday.com\\\/fitness\\\/forums\\\/members\\\/iwellguard.html\",\"https:\\\/\\\/www.mymeetbook.com\\\/iwellguard\",\"https:\\\/\\\/pxhere.com\\\/en\\\/photographer-me\\\/5040798\",\"https:\\\/\\\/disqus.com\\\/by\\\/iwellguard\\\/about\\\/\",\"https:\\\/\\\/pastelink.net\\\/hjwciqwq\",\"https:\\\/\\\/pubhtml5.com\\\/homepage\\\/scjhn\\\/\",\"https:\\\/\\\/www.bitchute.com\\\/channel\\\/2O2eOKzNqujT\",\"https:\\\/\\\/audiomack.com\\\/iwellguard\"]},{\"@type\":\"Article\",\"@id\":\"https:\\\/\\\/iwell-guard.com\\\/sl\\\/sluagh\\\/#article\",\"isPartOf\":{\"@id\":\"https:\\\/\\\/iwell-guard.com\\\/sl\\\/sluagh\\\/\"},\"author\":{\"name\":\"Ralf Ittermann\",\"@id\":\"https:\\\/\\\/iwell-guard.com\\\/sl\\\/#\\\/schema\\\/person\\\/ee2a27f1cac3406c7c6fb5820cb7349f\"},\"headline\":\"Sluagh\",\"datePublished\":\"2026-09-05T00:20:31+00:00\",\"dateModified\":\"2026-09-05T00:35:46+00:00\",\"mainEntityOfPage\":{\"@id\":\"https:\\\/\\\/iwell-guard.com\\\/sl\\\/sluagh\\\/\"},\"publisher\":{\"@id\":\"https:\\\/\\\/iwell-guard.com\\\/sl\\\/#organization\"},\"image\":{\"@id\":\"https:\\\/\\\/iwell-guard.com\\\/sl\\\/sluagh\\\/#primaryimage\"},\"thumbnailUrl\":\"https:\\\/\\\/iwell-guard.com\\\/wp-content\\\/uploads\\\/2026\\\/04\\\/geister_keltisch_sluagh.webp\",\"inLanguage\":\"sl-SI\",\"description\":\"Sluagh, v gal\u0161\u010dini \u201evojska\\\", je zbir nemirnih du\u0161 v keltskem (predvsem \u0161kotsko-galskem in irskem) izro\u010dilu.\"}]}<\/script>\n<!-- \/ Yoast SEO Premium plugin. -->","yoast_head_json":{"title":"Sluagh - Nesveta vojska mrtvih, lete\u010de du\u0161e brez doma","description":"Sluagh, v gal\u0161\u010dini \u201evojska\", je zbir nemirnih du\u0161 v keltskem (predvsem \u0161kotsko-galskem in irskem) izro\u010dilu.","robots":{"index":"index","follow":"follow","max-snippet":"max-snippet:-1","max-image-preview":"max-image-preview:large","max-video-preview":"max-video-preview:-1"},"canonical":"https:\/\/iwell-guard.com\/sl\/sluagh\/","og_locale":"sl_SI","og_type":"article","og_title":"Sluagh","og_description":"Sluagh, v gal\u0161\u010dini \u201evojska\", je zbir nemirnih du\u0161 v keltskem (predvsem \u0161kotsko-galskem in irskem) izro\u010dilu.","og_url":"https:\/\/iwell-guard.com\/sl\/sluagh\/","og_site_name":"iWell Guard","article_modified_time":"2026-09-05T00:35:46+00:00","og_image":[{"width":1024,"height":1536,"url":"https:\/\/iwell-guard.com\/wp-content\/uploads\/2026\/04\/geister_keltisch_sluagh.webp","type":"image\/webp"}],"twitter_card":"summary_large_image","schema":{"@context":"https:\/\/schema.org","@graph":[{"@type":"Article","@id":"https:\/\/iwell-guard.com\/sl\/sluagh\/#article","isPartOf":{"@id":"https:\/\/iwell-guard.com\/sl\/sluagh\/"},"author":{"name":"Ralf Ittermann","@id":"https:\/\/iwell-guard.com\/sl\/#\/schema\/person\/ee2a27f1cac3406c7c6fb5820cb7349f"},"headline":"Sluagh","datePublished":"2026-09-05T00:20:31+00:00","dateModified":"2026-09-05T00:35:46+00:00","mainEntityOfPage":{"@id":"https:\/\/iwell-guard.com\/sl\/sluagh\/"},"publisher":{"@id":"https:\/\/iwell-guard.com\/sl\/#organization"},"image":{"@id":"https:\/\/iwell-guard.com\/sl\/sluagh\/#primaryimage"},"thumbnailUrl":"https:\/\/iwell-guard.com\/wp-content\/uploads\/2026\/04\/geister_keltisch_sluagh.webp","inLanguage":"sl-SI","description":"Sluagh, v gal\u0161\u010dini \u201evojska\", je zbir nemirnih du\u0161 v keltskem (predvsem \u0161kotsko-galskem in irskem) izro\u010dilu."},{"@type":"WebPage","@id":"https:\/\/iwell-guard.com\/sl\/sluagh\/","url":"https:\/\/iwell-guard.com\/sl\/sluagh\/","name":"Sluagh - Nesveta vojska mrtvih, lete\u010de du\u0161e brez doma","isPartOf":{"@id":"https:\/\/iwell-guard.com\/sl\/#website"},"primaryImageOfPage":{"@id":"https:\/\/iwell-guard.com\/sl\/sluagh\/#primaryimage"},"image":{"@id":"https:\/\/iwell-guard.com\/sl\/sluagh\/#primaryimage"},"thumbnailUrl":"https:\/\/iwell-guard.com\/wp-content\/uploads\/2026\/04\/geister_keltisch_sluagh.webp","datePublished":"2026-09-05T00:20:31+00:00","dateModified":"2026-09-05T00:35:46+00:00","description":"Sluagh, v gal\u0161\u010dini \u201evojska\", je zbir nemirnih du\u0161 v keltskem (predvsem \u0161kotsko-galskem in irskem) izro\u010dilu.","breadcrumb":{"@id":"https:\/\/iwell-guard.com\/sl\/sluagh\/#breadcrumb"},"inLanguage":"sl-SI","potentialAction":[{"@type":"ReadAction","target":["https:\/\/iwell-guard.com\/sl\/sluagh\/"]}]},{"@type":"ImageObject","inLanguage":"sl-SI","@id":"https:\/\/iwell-guard.com\/sl\/sluagh\/#primaryimage","url":"https:\/\/iwell-guard.com\/wp-content\/uploads\/2026\/04\/geister_keltisch_sluagh.webp","contentUrl":"https:\/\/iwell-guard.com\/wp-content\/uploads\/2026\/04\/geister_keltisch_sluagh.webp","width":1024,"height":1536,"caption":"Duhovi iz keltskega izro\u010dila."},{"@type":"BreadcrumbList","@id":"https:\/\/iwell-guard.com\/sl\/sluagh\/#breadcrumb","itemListElement":[{"@type":"ListItem","position":1,"name":"Start","item":"https:\/\/iwell-guard.com\/sl\/?page_id=160323"},{"@type":"ListItem","position":2,"name":"Sluagh"}]},{"@type":"WebSite","@id":"https:\/\/iwell-guard.com\/sl\/#website","url":"https:\/\/iwell-guard.com\/sl\/","name":"iWell Guard","description":"Schutz vor dunklen Einfl\u00fcssen","publisher":{"@id":"https:\/\/iwell-guard.com\/sl\/#organization"},"potentialAction":[{"@type":"SearchAction","target":{"@type":"EntryPoint","urlTemplate":"https:\/\/iwell-guard.com\/sl\/?s={search_term_string}"},"query-input":{"@type":"PropertyValueSpecification","valueRequired":true,"valueName":"search_term_string"}}],"inLanguage":"sl-SI"},{"@type":"Organization","@id":"https:\/\/iwell-guard.com\/sl\/#organization","name":"Ittermann electronic GmbH","url":"https:\/\/iwell-guard.com\/sl\/","logo":{"@type":"ImageObject","inLanguage":"sl-SI","@id":"https:\/\/iwell-guard.com\/sl\/#\/schema\/logo\/image\/","url":"https:\/\/iwell-guard.com\/wp-content\/uploads\/2026\/05\/Ittermann-Logo-1182x237-1.png","contentUrl":"https:\/\/iwell-guard.com\/wp-content\/uploads\/2026\/05\/Ittermann-Logo-1182x237-1.png","width":1182,"height":237,"caption":"Ittermann electronic GmbH"},"image":{"@id":"https:\/\/iwell-guard.com\/sl\/#\/schema\/logo\/image\/"},"sameAs":["https:\/\/pantip.com\/profile\/9367242","https:\/\/micro.blog\/iwellguard","https:\/\/www.diggerslist.com\/iwellguard\/about","https:\/\/skitterphoto.com\/photographers\/2870314\/iwell-guard","https:\/\/iwellguard.wordpress.com\/2026\/06\/06\/iwell-guard\/","https:\/\/hub.docker.com\/u\/iwellguard","https:\/\/www.pinterest.com\/iwellguard\/","https:\/\/bit.ly\/m\/iwellguard","https:\/\/entre-vos-mains.alsace.eu\/profiles\/iwellguard\/activity","https:\/\/gravatar.com\/reallybeded8fd34","https:\/\/naijamatta.com\/iwellguard","https:\/\/www.goodreads.com\/iwellguard","https:\/\/profile.hatena.ne.jp\/iwellguard\/","https:\/\/experiment.com\/users\/iwellguard","https:\/\/wakelet.com\/@iWellGuard82270","https:\/\/www.chordie.com\/forum\/profile.php?id=2555664","https:\/\/www.instapaper.com\/p\/17757966","https:\/\/www.mapleprimes.com\/users\/iwellguard","https:\/\/businesslistingplus.com\/profile\/iwell-guard\/","https:\/\/telegra.ph\/iWell-Guard-06-06","https:\/\/pbase.com\/iwellguard\/iwellguard","https:\/\/b.hatena.ne.jp\/iwellguard\/20260607#bookmark-4788405196491818882","https:\/\/fliphtml5.com\/home\/iwellguard","https:\/\/anyflip.com\/homepage\/cmiwl#About","https:\/\/transfur.com\/Users\/iwellguard","http:\/\/delphi.larsbo.org\/user\/iwellguard","https:\/\/jobs.lajobsportal.org\/profiles\/8380803-iwell-guard","https:\/\/md.chaosdorf.de\/s\/jfbe5SBdJD","https:\/\/www.lingvolive.com\/en-us\/profile\/9ecaeaca-ce11-4e51-9e71-01d55e2bff36\/translations","https:\/\/www.fitday.com\/fitness\/forums\/members\/iwellguard.html","https:\/\/www.mymeetbook.com\/iwellguard","https:\/\/pxhere.com\/en\/photographer-me\/5040798","https:\/\/disqus.com\/by\/iwellguard\/about\/","https:\/\/pastelink.net\/hjwciqwq","https:\/\/pubhtml5.com\/homepage\/scjhn\/","https:\/\/www.bitchute.com\/channel\/2O2eOKzNqujT","https:\/\/audiomack.com\/iwellguard"]},{"@type":"Person","@id":"https:\/\/iwell-guard.com\/sl\/#\/schema\/person\/ee2a27f1cac3406c7c6fb5820cb7349f","name":"Ralf Ittermann","image":{"@type":"ImageObject","inLanguage":"sl-SI","@id":"https:\/\/secure.gravatar.com\/avatar\/073c0153e350a5005b68eb752b445fea71f6b24a26da9449ad7e155e6b446c9d?s=96&d=mm&r=g","url":"https:\/\/secure.gravatar.com\/avatar\/073c0153e350a5005b68eb752b445fea71f6b24a26da9449ad7e155e6b446c9d?s=96&d=mm&r=g","contentUrl":"https:\/\/secure.gravatar.com\/avatar\/073c0153e350a5005b68eb752b445fea71f6b24a26da9449ad7e155e6b446c9d?s=96&d=mm&r=g","caption":"Ralf Ittermann"},"givenName":"Ralf","familyName":"Ittermann","jobTitle":"Gesch\u00e4ftsf\u00fchrer und redaktioneller Verantwortlicher","url":"https:\/\/iwell-guard.com\/sl\/author\/claude\/","description":"Ralf Ittermann ist Gesch\u00e4ftsf\u00fchrer der Ittermann electronic GmbH und redaktioneller Verantwortlicher des iWell-Guard-Lexikons. Er verbindet langj\u00e4hrige Erfahrung in der Pr\u00e4zisionsfertigung mit medialer Praxis und religionsgeschichtlicher Quellenarbeit.","worksFor":{"@type":"Organization","name":"Ittermann electronic GmbH","url":"https:\/\/ittermann.de\/","address":{"@type":"PostalAddress","streetAddress":"K\u00f6hlergasse 16-18","postalCode":"99842","addressLocality":"Ruhla","addressCountry":"DE"}},"knowsAbout":["Religionsgeschichte","Mythologie","Mediale Praxis","Energetische Diagnostik","Schutzpraxis","Volksglauben","Westliche Esoterik"]},{"@type":"Article","@id":"https:\/\/iwell-guard.com\/sl\/sluagh\/#article","isPartOf":{"@id":"https:\/\/iwell-guard.com\/sl\/sluagh\/"},"author":{"name":"Ralf Ittermann","@id":"https:\/\/iwell-guard.com\/sl\/#\/schema\/person\/ee2a27f1cac3406c7c6fb5820cb7349f"},"headline":"Sluagh","datePublished":"2026-09-05T00:20:31+00:00","dateModified":"2026-09-05T00:35:46+00:00","mainEntityOfPage":{"@id":"https:\/\/iwell-guard.com\/sl\/sluagh\/"},"publisher":{"@id":"https:\/\/iwell-guard.com\/sl\/#organization"},"image":{"@id":"https:\/\/iwell-guard.com\/sl\/sluagh\/#primaryimage"},"thumbnailUrl":"https:\/\/iwell-guard.com\/wp-content\/uploads\/2026\/04\/geister_keltisch_sluagh.webp","inLanguage":"sl-SI","description":"Sluagh, v gal\u0161\u010dini \u201evojska\", je zbir nemirnih du\u0161 v keltskem (predvsem \u0161kotsko-galskem in irskem) izro\u010dilu."}]}},"_links":{"self":[{"href":"https:\/\/iwell-guard.com\/sl\/wp-json\/wp\/v2\/pages\/160377","targetHints":{"allow":["GET"]}}],"collection":[{"href":"https:\/\/iwell-guard.com\/sl\/wp-json\/wp\/v2\/pages"}],"about":[{"href":"https:\/\/iwell-guard.com\/sl\/wp-json\/wp\/v2\/types\/page"}],"author":[{"embeddable":true,"href":"https:\/\/iwell-guard.com\/sl\/wp-json\/wp\/v2\/users\/3"}],"replies":[{"embeddable":true,"href":"https:\/\/iwell-guard.com\/sl\/wp-json\/wp\/v2\/comments?post=160377"}],"version-history":[{"count":0,"href":"https:\/\/iwell-guard.com\/sl\/wp-json\/wp\/v2\/pages\/160377\/revisions"}],"wp:featuredmedia":[{"embeddable":true,"href":"https:\/\/iwell-guard.com\/sl\/wp-json\/wp\/v2\/media\/1703"}],"wp:attachment":[{"href":"https:\/\/iwell-guard.com\/sl\/wp-json\/wp\/v2\/media?parent=160377"}],"wp:term":[{"taxonomy":"category","embeddable":true,"href":"https:\/\/iwell-guard.com\/sl\/wp-json\/wp\/v2\/categories?post=160377"}],"curies":[{"name":"wp","href":"https:\/\/api.w.org\/{rel}","templated":true}]}}