{"id":160365,"date":"2026-09-05T00:20:24","date_gmt":"2026-09-05T00:20:24","guid":{"rendered":"https:\/\/iwell-guard.com\/?page_id=160365"},"modified":"2026-09-05T00:35:29","modified_gmt":"2026-09-05T00:35:29","slug":"legija-obsedenost-kolektivni-demoni","status":"publish","type":"page","link":"https:\/\/iwell-guard.com\/sl\/legija-obsedenost-kolektivni-demoni\/","title":{"rendered":"Legija \u2013 obsedenost in kolektivni demoni"},"content":{"rendered":"\t\t<div data-elementor-type=\"wp-page\" data-elementor-id=\"160365\" class=\"elementor elementor-160365 elementor-1022\" data-elementor-post-type=\"page\">\n\t\t\t\t<div class=\"elementor-element elementor-element-10fdade e-flex e-con-boxed e-con e-parent\" data-id=\"10fdade\" data-element_type=\"container\" data-e-type=\"container\" data-settings=\"{&quot;background_background&quot;:&quot;classic&quot;}\">\n\t\t\t\t\t<div class=\"e-con-inner\">\n\t\t<div class=\"elementor-element elementor-element-herohlft0 e-flex e-con-boxed e-con e-child\" data-id=\"herohlft0\" data-element_type=\"container\" data-e-type=\"container\">\n\t\t\t\t\t<div class=\"e-con-inner\">\n\t\t<div class=\"elementor-element elementor-element-c3ceb64 e-con-full e-flex e-con e-child\" data-id=\"c3ceb64\" data-element_type=\"container\" data-e-type=\"container\">\n\t\t\t\t<div class=\"elementor-element elementor-element-96ae5e1 elementor-widget elementor-widget-heading\" data-id=\"96ae5e1\" data-element_type=\"widget\" data-e-type=\"widget\" data-widget_type=\"heading.default\">\n\t\t\t\t\t<h1 class=\"elementor-heading-title elementor-size-default\">Legija, demon kr\u0161\u010danske tradicije<\/h1>\t\t\t\t<\/div>\n\t\t\t\t<div class=\"elementor-element elementor-element-e45238a elementor-widget elementor-widget-text-editor\" data-id=\"e45238a\" data-element_type=\"widget\" data-e-type=\"widget\" data-widget_type=\"text-editor.default\">\n\t\t\t\t\t\t\t\t\t<p>Legija je <span class=\"iwg-fachbegriff\" data-tooltip=\"Duhovno bitje, ki mu pripisujejo \u0161kodljiv ali dvoumen u\u010dinek.\" tabindex=\"0\">demon<\/span> kr\u0161\u010danske tradicije.<\/p><p><strong>\u201eKajti mnogo nas je&#8221;, kolektivna obsedenost v Gerazi.<\/strong><\/p>\t\t\t\t\t\t\t\t<\/div>\n\t\t\t\t<\/div>\n\t\t<div class=\"elementor-element elementor-element-klsbdg01 e-con-full e-flex e-con e-parent\" data-id=\"klsbdg01\" data-element_type=\"container\" data-e-type=\"container\">\n\t\t\t\t<div class=\"elementor-element elementor-element-klshtm01 elementor-widget elementor-widget-html\" data-id=\"klshtm01\" data-element_type=\"widget\" data-e-type=\"widget\" data-widget_type=\"html.default\">\n\t\t\t\t\t<div class=\"iwg-pill-row\"><span class=\"iwg-klasse-badge\" tabindex=\"0\" data-tooltip=\"Demon: Nadnaravno bitje z ponavadi \u0161kodljivim ali dvoumnim u\u010dinkom. Stoji med bogovi in ljudmi, povzro\u010da bolezen, sku\u0161njavo ali nesre\u010do, odganjajo pa ga s zaklinjanjem, apotropajskimi predmeti in obredi.\">Demon<\/span><a href=\"https:\/\/iwell-guard.com\/sl\/?page_id=160356\" class=\"iwg-kultur-badge\" tabindex=\"0\" data-tooltip=\"Kr\u0161\u010danska tradicija z njenimi angeli, demoni in misti\u010dnimi bitji.\">Kr\u0161\u010danstvo<\/a><\/div>\t\t\t\t<\/div>\n\t\t\t\t<\/div>\n\t\t<div class=\"elementor-element elementor-element-3f74855 e-con-full e-flex e-con e-child\" data-id=\"3f74855\" data-element_type=\"container\" data-e-type=\"container\">\n\t\t\t\t<div class=\"elementor-element elementor-element-1c30362 elementor-toc--minimized-on-tablet elementor-widget elementor-widget-table-of-contents\" data-id=\"1c30362\" data-element_type=\"widget\" data-e-type=\"widget\" data-settings=\"{&quot;exclude_headings_by_selector&quot;:[],&quot;no_headings_message&quot;:&quot;Na tej strani ni najdenih naslovov.&quot;,&quot;headings_by_tags&quot;:[&quot;h2&quot;,&quot;h3&quot;],&quot;marker_view&quot;:&quot;bullets&quot;,&quot;icon&quot;:{&quot;value&quot;:&quot;fas fa-circle&quot;,&quot;library&quot;:&quot;fa-solid&quot;,&quot;rendered_tag&quot;:&quot;&lt;svg class=\\&quot;e-font-icon-svg e-fas-circle\\&quot; viewBox=\\&quot;0 0 512 512\\&quot; xmlns=\\&quot;http:\\\/\\\/www.w3.org\\\/2000\\\/svg\\&quot;&gt;&lt;path d=\\&quot;M256 8C119 8 8 119 8 256s111 248 248 248 248-111 248-248S393 8 256 8z\\&quot;&gt;&lt;\\\/path&gt;&lt;\\\/svg&gt;&quot;},&quot;minimize_box&quot;:&quot;yes&quot;,&quot;minimized_on&quot;:&quot;tablet&quot;,&quot;hierarchical_view&quot;:&quot;yes&quot;,&quot;min_height&quot;:{&quot;unit&quot;:&quot;px&quot;,&quot;size&quot;:&quot;&quot;,&quot;sizes&quot;:[]},&quot;min_height_tablet&quot;:{&quot;unit&quot;:&quot;px&quot;,&quot;size&quot;:&quot;&quot;,&quot;sizes&quot;:[]},&quot;min_height_mobile&quot;:{&quot;unit&quot;:&quot;px&quot;,&quot;size&quot;:&quot;&quot;,&quot;sizes&quot;:[]}}\" data-widget_type=\"table-of-contents.default\">\n\t\t\t\t\t\t\t\t\t<div class=\"elementor-toc__header\">\n\t\t\t\t\t\t<h2 class=\"elementor-toc__header-title\">\n\t\t\t\tKazalo vsebine\t\t\t<\/h2>\n\t\t\t\t\t\t\t\t\t\t<div class=\"elementor-toc__toggle-button elementor-toc__toggle-button--expand\" role=\"button\" tabindex=\"0\" aria-controls=\"elementor-toc__1c30362\" aria-expanded=\"true\" aria-label=\"Open table of contents\"><svg aria-hidden=\"true\" class=\"e-font-icon-svg e-fas-chevron-down\" viewBox=\"0 0 448 512\" xmlns=\"http:\/\/www.w3.org\/2000\/svg\"><path d=\"M207.029 381.476L12.686 187.132c-9.373-9.373-9.373-24.569 0-33.941l22.667-22.667c9.357-9.357 24.522-9.375 33.901-.04L224 284.505l154.745-154.021c9.379-9.335 24.544-9.317 33.901.04l22.667 22.667c9.373 9.373 9.373 24.569 0 33.941L240.971 381.476c-9.373 9.372-24.569 9.372-33.942 0z\"><\/path><\/svg><\/div>\n\t\t\t\t<div class=\"elementor-toc__toggle-button elementor-toc__toggle-button--collapse\" role=\"button\" tabindex=\"0\" aria-controls=\"elementor-toc__1c30362\" aria-expanded=\"true\" aria-label=\"Close table of contents\"><svg aria-hidden=\"true\" class=\"e-font-icon-svg e-fas-chevron-up\" viewBox=\"0 0 448 512\" xmlns=\"http:\/\/www.w3.org\/2000\/svg\"><path d=\"M240.971 130.524l194.343 194.343c9.373 9.373 9.373 24.569 0 33.941l-22.667 22.667c-9.357 9.357-24.522 9.375-33.901.04L224 227.495 69.255 381.516c-9.379 9.335-24.544 9.317-33.901-.04l-22.667-22.667c-9.373-9.373-9.373-24.569 0-33.941L207.03 130.525c9.372-9.373 24.568-9.373 33.941-.001z\"><\/path><\/svg><\/div>\n\t\t\t\t\t<\/div>\n\t\t\t\t<div id=\"elementor-toc__1c30362\" class=\"elementor-toc__body\">\n\t\t\t<div class=\"elementor-toc__spinner-container\">\n\t\t\t\t<svg class=\"elementor-toc__spinner eicon-animation-spin e-font-icon-svg e-eicon-loading\" aria-hidden=\"true\" viewBox=\"0 0 1000 1000\" xmlns=\"http:\/\/www.w3.org\/2000\/svg\"><path d=\"M500 975V858C696 858 858 696 858 500S696 142 500 142 142 304 142 500H25C25 237 238 25 500 25S975 237 975 500 763 975 500 975Z\"><\/path><\/svg>\t\t\t<\/div>\n\t\t<\/div>\n\t\t\t\t\t\t<\/div>\n\t\t\t\t<\/div>\n\t\t\t\t\t<\/div>\n\t\t\t\t<\/div>\n\t\t<div class=\"elementor-element elementor-element-herorght0 e-con-full e-flex e-con e-child\" data-id=\"herorght0\" data-element_type=\"container\" data-e-type=\"container\">\n\t\t\t\t<div class=\"elementor-element elementor-element-heroimg00 iwg-hero-image elementor-widget elementor-widget-image\" data-id=\"heroimg00\" data-element_type=\"widget\" data-e-type=\"widget\" data-widget_type=\"image.default\">\n\t\t\t\t\t\t\t\t\t\t\t\t\t\t\t<img fetchpriority=\"high\" decoding=\"async\" width=\"683\" height=\"1024\" src=\"https:\/\/iwell-guard.com\/wp-content\/uploads\/2026\/04\/daemonen_christentum_legion-683x1024.webp\" class=\"attachment-large size-large wp-image-162882\" alt=\"Legija - demoni iz kr\u0161\u010danskega izro\u010dila, zgodovinsko-ilustrativno\" srcset=\"https:\/\/iwell-guard.com\/wp-content\/uploads\/2026\/04\/daemonen_christentum_legion-683x1024.webp 683w, https:\/\/iwell-guard.com\/wp-content\/uploads\/2026\/04\/daemonen_christentum_legion-200x300.webp 200w, https:\/\/iwell-guard.com\/wp-content\/uploads\/2026\/04\/daemonen_christentum_legion-768x1152.webp 768w, https:\/\/iwell-guard.com\/wp-content\/uploads\/2026\/04\/daemonen_christentum_legion.webp 1024w\" sizes=\"(max-width: 683px) 100vw, 683px\" \/>\t\t\t\t\t\t\t\t\t\t\t\t\t\t\t<\/div>\n\t\t\t\t<\/div>\n\t\t\t\t\t<\/div>\n\t\t\t\t<\/div>\n\t\t<div class=\"elementor-element elementor-element-32917199 e-flex e-con-boxed e-con e-parent\" data-id=\"32917199\" data-element_type=\"container\" data-e-type=\"container\">\n\t\t\t\t\t<div class=\"e-con-inner\">\n\t\t<div class=\"elementor-element elementor-element-26e916cb e-flex e-con-boxed e-con e-child\" data-id=\"26e916cb\" data-element_type=\"container\" data-e-type=\"container\">\n\t\t\t\t\t<div class=\"e-con-inner\">\n\t\t<div class=\"elementor-element elementor-element-253a40d4 e-flex e-con-boxed e-con e-child\" data-id=\"253a40d4\" data-element_type=\"container\" data-e-type=\"container\">\n\t\t\t\t\t<div class=\"e-con-inner\">\n\t\t\t\t<div class=\"elementor-element elementor-element-1200c304 elementor-widget elementor-widget-heading\" data-id=\"1200c304\" data-element_type=\"widget\" data-e-type=\"widget\" data-widget_type=\"heading.default\">\n\t\t\t\t\t<div class=\"elementor-heading-title elementor-size-default\">Legija<\/div>\t\t\t\t<\/div>\n\t\t\t\t<div class=\"elementor-element elementor-element-11758e7f elementor-widget elementor-widget-text-editor\" data-id=\"11758e7f\" data-element_type=\"widget\" data-e-type=\"widget\" data-widget_type=\"text-editor.default\">\n\t\t\t\t\t\t\t\t\t<p>Legija je ime skupine demonov, ki so v novozavezni pripovedi o gerazenskem obsedencu (Mr 5,1\u201320; Lk 8,26\u201339; Mt 8,28\u201334) povzeti pod skupnim imenom.<\/p><p>Na Jezusov ukaz preidejo v \u010dredo pra\u0161i\u010dev, ki se nato takoj vr\u017ee v morje. Ta prizor je postal paradigma kr\u0161\u010danskega izganjanja demonov in je oblikoval podobo kolektivne obsedenosti.<\/p><p>Ime \u201elegija&#8221; se nana\u0161a na rimsko voja\u0161ko enoto, ki je \u0161tela do 6.000 vojakov. S tem je dolo\u010dena skupinska in mno\u017ei\u010dna razse\u017enost pojava. V poznej\u0161i teolo\u0161ki in psiholo\u0161ki razlagi legija slu\u017ei kot modelni primer: obsedenost kot mnogoterno prekrivanje, notranja razdrobljenost, razpad osebnosti. Moderna psihologija disociativnih motenj to pripoved v\u010dasih vzame kot vodilni motiv.<\/p><div><p><strong>Sinopti\u010dno izro\u010dilo in politi\u010dna konotacija<\/strong><\/p><p>Pripoved o legiji se pojavlja v treh sinopti\u010dnih evangelijih (Marko 5,1\u201320; Matej 8,28\u201334; Luka 8,26\u201339) in opisuje ozdravitev obsedenca v pokrajini Gerazenov (ali Gadarenov) na vzhodnem bregu Genezare\u0161kega jezera.<\/p><p>Osrednji prizor je dialog med Jezusom in obsedencem: Jezus vpra\u0161a po imenu, odgovor je <em>Legija, kajti mnogo nas je<\/em>. Izraz <em>legija<\/em> (gr\u0161ko <em>legi\u014dn<\/em>, latinsko <em>legio<\/em>) je v 1. stoletju ozna\u010deval rimsko voja\u0161ko enoto s pribli\u017eno 5.000 do 6.000 vojaki.<\/p><p><span data-nosnippet>Izbira ravno tega izraza za demonsko samopoimenovanje je v raziskovanju (Paul W. Hollenbach, <em>Jesus, Demoniacs, and Public Authorities<\/em>, 1981) spodbudila politi\u010dno branje: pripoved naj bi vsebovala protirimski podton, v katerem se simbolno izganja rimska okupacijska oblast.<\/span><\/p><p>Temu branju sledita Ched Myers (<em>Binding the Strong Man<\/em>, 1988) in John Dominic Crossan v poznej\u0161em raziskovanju Jezusa.<\/p><\/div>\t\t\t\t\t\t\t\t<\/div>\n\t\t\t\t\t<\/div>\n\t\t\t\t<\/div>\n\t\t<div class=\"elementor-element elementor-element-159dcf9a e-flex e-con-boxed e-con e-child\" data-id=\"159dcf9a\" data-element_type=\"container\" data-e-type=\"container\">\n\t\t\t\t\t<div class=\"e-con-inner\">\n\t\t\t\t<div class=\"elementor-element elementor-element-48cee66f elementor-widget elementor-widget-heading\" data-id=\"48cee66f\" data-element_type=\"widget\" data-e-type=\"widget\" data-widget_type=\"heading.default\">\n\t\t\t\t\t<h2 class=\"elementor-heading-title elementor-size-default\">Na kratko: Legija<\/h2>\t\t\t\t<\/div>\n\t\t\t\t<div class=\"elementor-element elementor-element-3f50d82c elementor-widget elementor-widget-text-editor\" data-id=\"3f50d82c\" data-element_type=\"widget\" data-e-type=\"widget\" data-widget_type=\"text-editor.default\">\n\t\t\t\t\t\t\t\t\t<p><strong>Tip:<\/strong> kolektivni <span class=\"iwg-fachbegriff\" data-tooltip=\"Duhovno bitje, ki mu pripisujejo \u0161kodljiv ali dvoumen u\u010dinek.\" tabindex=\"0\">demon<\/span> (skupina pod enim imenom)<br>Izvor: obsedenec iz Geraze<br>Besedila: Mr 5, Mt 8, Lk 8, patristi\u010dne razlage<br>\u010casovni okvir: od 1. stol. do danes<br><span class=\"iwg-fachbegriff\" data-tooltip=\"Ponavljajo\u010d se vsebinski element v umetnosti ali pripovedi.\" tabindex=\"0\">Motiv<\/span>: paradigma mnogotere obsedenosti in kr\u0161\u010danskega izganjanja demonov<\/p>\t\t\t\t\t\t\t\t<\/div>\n\t\t\t\t\t<\/div>\n\t\t\t\t<\/div>\n\t\t\t\t\t<\/div>\n\t\t\t\t<\/div>\n\t\t\t\t\t<\/div>\n\t\t\t\t<\/div>\n\t\t<div class=\"elementor-element elementor-element-18613602 e-flex e-con-boxed e-con e-parent\" data-id=\"18613602\" data-element_type=\"container\" data-e-type=\"container\">\n\t\t\t\t\t<div class=\"e-con-inner\">\n\t\t\t\t<div class=\"elementor-element elementor-element-262b8a9f elementor-widget elementor-widget-heading\" data-id=\"262b8a9f\" data-element_type=\"widget\" data-e-type=\"widget\" data-widget_type=\"heading.default\">\n\t\t\t\t\t<h2 class=\"elementor-heading-title elementor-size-default\">Kontekst<\/h2>\t\t\t\t<\/div>\n\t\t<div class=\"elementor-element elementor-element-46dcb7d e-con-full e-flex e-con e-child\" data-id=\"46dcb7d\" data-element_type=\"container\" data-e-type=\"container\">\n\t\t<div class=\"elementor-element elementor-element-61d3ab3 e-flex e-con-boxed e-con e-child\" data-id=\"61d3ab3\" data-element_type=\"container\" data-e-type=\"container\">\n\t\t\t\t\t<div class=\"e-con-inner\">\n\t\t\t\t<div class=\"elementor-element elementor-element-117c166 elementor-widget elementor-widget-heading\" data-id=\"117c166\" data-element_type=\"widget\" data-e-type=\"widget\" data-widget_type=\"heading.default\">\n\t\t\t\t\t<div class=\"elementor-heading-title elementor-size-default\">Zeitraum der Texte<\/div>\t\t\t\t<\/div>\n\t\t\t\t<div class=\"elementor-element elementor-element-73997a0 elementor-widget elementor-widget-text-editor\" data-id=\"73997a0\" data-element_type=\"widget\" data-e-type=\"widget\" data-widget_type=\"text-editor.default\">\n\t\t\t\t\t\t\t\t\t<p>Sinopti\u010dni evangeliji (Mr, Mt, Lk) poro\u010dajo o prizoru; Mr 5 velja za najstarej\u0161o razli\u010dico. Patristi\u010dne razlage (Origen, <span class=\"iwg-fachbegriff\" tabindex=\"0\" data-tooltip=\"Avgu\u0161tin iz Hipona (354\u2013430); kr\u0161\u010danski cerkveni o\u010de, glavni deli Izpovedi in O bo\u017eji dr\u017eavi.\">Avgu\u0161tin<\/span>) razvijejo razlago naprej. Moderna <span class=\"iwg-fachbegriff\" tabindex=\"0\" data-tooltip=\"Znanstvena razlaga religijskih besedil s filolo\u0161kimi, zgodovinskimi in teolo\u0161kimi metodami.\">eksegeza<\/span> in psihologija se redno sklicujeta na legijo kot modelni primer.<\/p>\t\t\t\t\t\t\t\t<\/div>\n\t\t\t\t\t<\/div>\n\t\t\t\t<\/div>\n\t\t<div class=\"elementor-element elementor-element-d47b156 e-flex e-con-boxed e-con e-child\" data-id=\"d47b156\" data-element_type=\"container\" data-e-type=\"container\">\n\t\t\t\t\t<div class=\"e-con-inner\">\n\t\t\t\t<div class=\"elementor-element elementor-element-ff38c2b elementor-widget elementor-widget-heading\" data-id=\"ff38c2b\" data-element_type=\"widget\" data-e-type=\"widget\" data-widget_type=\"heading.default\">\n\t\t\t\t\t<div class=\"elementor-heading-title elementor-size-default\">Verbreitungsraum<\/div>\t\t\t\t<\/div>\n\t\t\t\t<div class=\"elementor-element elementor-element-4e49fcc elementor-widget elementor-widget-text-editor\" data-id=\"4e49fcc\" data-element_type=\"widget\" data-e-type=\"widget\" data-widget_type=\"text-editor.default\">\n\t\t\t\t\t\t\t\t\t<p>Geraza na vzhodnem bregu Genezare\u0161kega jezera (danes Jordanija) je pripovedno prizori\u0161\u010de. V kr\u0161\u010danskem misijonarstvu in <span class=\"iwg-fachbegriff\" data-tooltip=\"V vsakdanjem \u017eivljenju \u017eiveta religioznost, pogosto ob uradnem nauku.\" tabindex=\"0\">ljudski verski praksi<\/span> je po vsem svetu prisotna kot zgled.<\/p>\t\t\t\t\t\t\t\t<\/div>\n\t\t\t\t\t<\/div>\n\t\t\t\t<\/div>\n\t\t\t\t<\/div>\n\t\t<div class=\"elementor-element elementor-element-db03c39 e-con-full e-flex e-con e-child\" data-id=\"db03c39\" data-element_type=\"container\" data-e-type=\"container\">\n\t\t<div class=\"elementor-element elementor-element-229a87b e-flex e-con-boxed e-con e-child\" data-id=\"229a87b\" data-element_type=\"container\" data-e-type=\"container\">\n\t\t\t\t\t<div class=\"e-con-inner\">\n\t\t\t\t<div class=\"elementor-element elementor-element-1f471fc elementor-widget elementor-widget-heading\" data-id=\"1f471fc\" data-element_type=\"widget\" data-e-type=\"widget\" data-widget_type=\"heading.default\">\n\t\t\t\t\t<div class=\"elementor-heading-title elementor-size-default\">Quellenlage<\/div>\t\t\t\t<\/div>\n\t\t\t\t<div class=\"elementor-element elementor-element-36b1201 elementor-widget elementor-widget-text-editor\" data-id=\"36b1201\" data-element_type=\"widget\" data-e-type=\"widget\" data-widget_type=\"text-editor.default\">\n\t\t\t\t\t\t\t\t\t<p>Sinopti\u010dni evangeliji, patristi\u010dne pridige, srednjeve\u0161ki zgledi (eksempli), ikonografski prikazi, moderna eksegeza, psihoanaliti\u010dno-psiholo\u0161ke razlage (Jung idr.).<\/p>\t\t\t\t\t\t\t\t<\/div>\n\t\t\t\t\t<\/div>\n\t\t\t\t<\/div>\n\t\t\t\t<\/div>\n\t\t\t\t\t<\/div>\n\t\t\t\t<\/div>\n\t\t<div class=\"elementor-element elementor-element-3ae0637c e-flex e-con-boxed e-con e-parent\" data-id=\"3ae0637c\" data-element_type=\"container\" data-e-type=\"container\">\n\t\t\t\t\t<div class=\"e-con-inner\">\n\t\t\t\t<div class=\"elementor-element elementor-element-31d07739 elementor-widget elementor-widget-heading\" data-id=\"31d07739\" data-element_type=\"widget\" data-e-type=\"widget\" data-widget_type=\"heading.default\">\n\t\t\t\t\t<h2 class=\"elementor-heading-title elementor-size-default\">Ime in razlaga<\/h2>\t\t\t\t<\/div>\n\t\t<div class=\"elementor-element elementor-element-b7642947 e-con-full e-flex e-con e-child\" data-id=\"b7642947\" data-element_type=\"container\" data-e-type=\"container\">\n\t\t\t\t<div class=\"elementor-element elementor-element-a086266 elementor-widget elementor-widget-text-editor\" data-id=\"a086266\" data-element_type=\"widget\" data-e-type=\"widget\" data-widget_type=\"text-editor.default\">\n\t\t\t\t\t\t\t\t\t<p><strong>Gr\u0161ko:<\/strong> <em>Legi\u014dn<\/em>, iz lat. <em>legio<\/em>.<br>Kontekst: obsedenec ni bil posamezen demon, temve\u010d kolektiv, \u201ekajti mnogo nas je&#8221; (Mr 5,9). Ime je torej funkcijsko ime, ne lastno ime posameznega demona.<\/p><p>\u0160tevilo \u201elegija&#8221; hkrati napeljuje na rimsko okupacijsko oblast. Vidik politi\u010dne razlage, legija kot <span class=\"iwg-fachbegriff\" data-tooltip=\"Znak, ki nadomestno predstavlja neko predstavo ali pomen.\" tabindex=\"0\">simbol<\/span> rimske oblasti, ki \u201ezaseda&#8221; de\u017eelo, poudarja moderna postkolonialna eksegeza.<\/p>\t\t\t\t\t\t\t\t<\/div>\n\t\t\t\t<\/div>\n\t\t\t\t\t<\/div>\n\t\t\t\t<\/div>\n\t\t<div class=\"elementor-element elementor-element-709a44a8 e-flex e-con-boxed e-con e-parent\" data-id=\"709a44a8\" data-element_type=\"container\" data-e-type=\"container\">\n\t\t\t\t\t<div class=\"e-con-inner\">\n\t\t\t\t<div class=\"elementor-element elementor-element-2f585873 elementor-widget elementor-widget-heading\" data-id=\"2f585873\" data-element_type=\"widget\" data-e-type=\"widget\" data-widget_type=\"heading.default\">\n\t\t\t\t\t<h2 class=\"elementor-heading-title elementor-size-default\">Zna\u010dilnosti<\/h2>\t\t\t\t<\/div>\n\t\t<div class=\"elementor-element elementor-element-70621c12 e-con-full e-flex e-con e-child\" data-id=\"70621c12\" data-element_type=\"container\" data-e-type=\"container\">\n\t\t\t\t<div class=\"elementor-element elementor-element-4296eb49 elementor-widget elementor-widget-text-editor\" data-id=\"4296eb49\" data-element_type=\"widget\" data-e-type=\"widget\" data-widget_type=\"text-editor.default\">\n\t\t\t\t\t\t\t\t\t<p><strong>Videz<\/strong><\/p><p>Ne obstaja lastna ikonografska tradicija. Vedno je upodobljen isti prizor: Jezus na obali, obsedenec med grobovi, \u010dreda svinj, ki se podi v morje.<\/p><p><strong>Vedenje<\/strong><\/p><p>Obsedenec \u017eivi v skalnih grobovih, ni ga ve\u010d mogo\u010de zvezati, dan in no\u010d kri\u010di ter se rani s kamni. Po izgonu je zdrav, oble\u010den in pri jasni pameti.<\/p><p><strong>Podro\u010dje delovanja<\/strong><\/p><p>Posamezen \u010dlovek, ki postane nosilec kolektivne obsedenosti. Simbolizira uni\u010denje dru\u017ebene vpetosti (\u017eivljenje med grobovi), telesno samopo\u0161kodovanje in izolacijo.<\/p><p><strong>Pripovedna funkcija<\/strong><\/p><p>Prvi jasno izoblikovan <span class=\"iwg-fachbegriff\" data-tooltip=\"Obredni izgon duha ali demona, ki velja za \u0161kodljivega.\" tabindex=\"0\">eksorcizem<\/span> Jezusa v Markovem evangeliju in s tem temelj kr\u0161\u010danske tradicije eksorcizma. \u010creda svinj poudarja resni\u010dnost demonov (delujejo naprej tudi po izgonu) in njihovo uni\u010dljivost.<\/p><div><p><strong>Patristi\u010dna in srednjeve\u0161ka obravnava<\/strong><\/p><p>Origen v svojem komentarju k Markovemu evangeliju razlaga zgodbo o Legiji alegori\u010dno: mnogi demoni ustrezajo mnogim grehom, ki iz enega samega \u010dloveka naredijo mno\u0161tvo, ozdravitev pa pomeni ponovno zdru\u017eitev osebe v Kristusu. Ta alegori\u010dna razlaga ostaja standard v patristi\u010dni tradiciji.<\/p><p><span data-nosnippet>V srednjeve\u0161ki <span class=\"iwg-fachbegriff\" tabindex=\"0\" data-tooltip=\"Verske predstave zunaj uradne teologije, pogosto s sinkretisti\u010dnimi elementi.\">ljudski teologiji<\/span> postane Legija prototip mnogovrstne obsedenosti, pri kateri ve\u010d demonov obsede enega samega \u010dloveka. Aparat <span class=\"iwg-fachbegriff\" data-tooltip=\"Obredni izgon duha ali demona, ki velja za \u0161kodljivega.\" tabindex=\"0\">eksorcizma<\/span> v <em>Rituale Romanum<\/em> (1614) za tak\u0161ne primere predvideva posebno prakso izpra\u0161evanja, pri kateri je treba ugotoviti \u0161tevilo, imena in okoli\u0161\u010dine vstopa demonov.<\/span><\/p><\/div>\t\t\t\t\t\t\t\t<\/div>\n\t\t\t\t<\/div>\n\t\t\t\t\t<\/div>\n\t\t\t\t<\/div>\n\t\t<div class=\"elementor-element elementor-element-44e71476 e-flex e-con-boxed e-con e-parent\" data-id=\"44e71476\" data-element_type=\"container\" data-e-type=\"container\">\n\t\t\t\t\t<div class=\"e-con-inner\">\n\t\t\t\t<div class=\"elementor-element elementor-element-3c1fc3f0 elementor-widget elementor-widget-heading\" data-id=\"3c1fc3f0\" data-element_type=\"widget\" data-e-type=\"widget\" data-widget_type=\"heading.default\">\n\t\t\t\t\t<h2 class=\"elementor-heading-title elementor-size-default\">Osebna izkaznica: Legija<\/h2>\t\t\t\t<\/div>\n\t\t<div class=\"elementor-element elementor-element-84f33b8e e-con-full e-flex e-con e-child\" data-id=\"84f33b8e\" data-element_type=\"container\" data-e-type=\"container\">\n\t\t\t\t<div class=\"elementor-element elementor-element-hqkdc67p elementor-widget elementor-widget-text-editor\" data-id=\"hqkdc67p\" data-element_type=\"widget\" data-e-type=\"widget\" data-widget_type=\"text-editor.default\">\n\t\t\t\t\t\t\t\t\t<p>Najpomembnej\u0161i vidiki Legije na kratko.<\/p>\t\t\t\t\t\t\t\t<\/div>\n\t\t\t\t<\/div>\n\t\t<div class=\"elementor-element elementor-element-pemmx7c5 e-con-full e-flex e-con e-child\" data-id=\"pemmx7c5\" data-element_type=\"container\" data-e-type=\"container\">\n\t\t<div class=\"elementor-element elementor-element-pemmx7c1 e-con-full e-flex e-con e-child\" data-id=\"pemmx7c1\" data-element_type=\"container\" data-e-type=\"container\">\n\t\t<div class=\"elementor-element elementor-element-qh9oavvu iwg-steckbrief-card e-flex e-con-boxed e-con e-child\" data-id=\"qh9oavvu\" data-element_type=\"container\" data-e-type=\"container\">\n\t\t\t\t\t<div class=\"e-con-inner\">\n\t\t\t\t<div class=\"elementor-element elementor-element-awzx8k2k elementor-widget elementor-widget-heading\" data-id=\"awzx8k2k\" data-element_type=\"widget\" data-e-type=\"widget\" data-widget_type=\"heading.default\">\n\t\t\t\t\t<div class=\"elementor-heading-title elementor-size-default\">Izro\u010dilo<\/div>\t\t\t\t<\/div>\n\t\t\t\t<div class=\"elementor-element elementor-element-x6rowhv0 elementor-widget elementor-widget-text-editor\" data-id=\"x6rowhv0\" data-element_type=\"widget\" data-e-type=\"widget\" data-widget_type=\"text-editor.default\">\n\t\t\t\t\t\t\t\t\t<p>Ni posamezen demon, temve\u010d skupina (&#8220;kajti nas je veliko&#8221;). Ime &#8220;Legija&#8221; izhaja iz rimske vojske, ki je \u0161tela do 6.000 vojakov.<\/p>\t\t\t\t\t\t\t\t<\/div>\n\t\t\t\t\t<\/div>\n\t\t\t\t<\/div>\n\t\t<div class=\"elementor-element elementor-element-8e3o4kxs iwg-steckbrief-card e-flex e-con-boxed e-con e-child\" data-id=\"8e3o4kxs\" data-element_type=\"container\" data-e-type=\"container\">\n\t\t\t\t\t<div class=\"e-con-inner\">\n\t\t\t\t<div class=\"elementor-element elementor-element-08rkdgov elementor-widget elementor-widget-heading\" data-id=\"08rkdgov\" data-element_type=\"widget\" data-e-type=\"widget\" data-widget_type=\"heading.default\">\n\t\t\t\t\t<div class=\"elementor-heading-title elementor-size-default\">Ciljna skupina Legije<\/div>\t\t\t\t<\/div>\n\t\t\t\t<div class=\"elementor-element elementor-element-uwjelx8s elementor-widget elementor-widget-text-editor\" data-id=\"uwjelx8s\" data-element_type=\"widget\" data-e-type=\"widget\" data-widget_type=\"text-editor.default\">\n\t\t\t\t\t\t\t\t\t<p>Posamezni ljudje, ki postanejo nosilci mnogoterne obsedenosti. V poznej\u0161i psiholo\u0161ki razlagi: disociativna stanja in razcep osebnosti.<\/p>\t\t\t\t\t\t\t\t<\/div>\n\t\t\t\t\t<\/div>\n\t\t\t\t<\/div>\n\t\t<div class=\"elementor-element elementor-element-jm2n74ec iwg-steckbrief-card e-flex e-con-boxed e-con e-child\" data-id=\"jm2n74ec\" data-element_type=\"container\" data-e-type=\"container\">\n\t\t\t\t\t<div class=\"e-con-inner\">\n\t\t\t\t<div class=\"elementor-element elementor-element-8vufse4c elementor-widget elementor-widget-heading\" data-id=\"8vufse4c\" data-element_type=\"widget\" data-e-type=\"widget\" data-widget_type=\"heading.default\">\n\t\t\t\t\t<div class=\"elementor-heading-title elementor-size-default\">Oblika<\/div>\t\t\t\t<\/div>\n\t\t\t\t<div class=\"elementor-element elementor-element-mwb9u015 elementor-widget elementor-widget-text-editor\" data-id=\"mwb9u015\" data-element_type=\"widget\" data-e-type=\"widget\" data-widget_type=\"text-editor.default\">\n\t\t\t\t\t\t\t\t\t<p>Ni lastne <span class=\"iwg-fachbegriff\" data-tooltip=\"Veda o vsebini podob in njihovem pomenu.\" tabindex=\"0\">ikonografije<\/span>; vedno je upodobljen isti prizor: Jezus, obsedenec, \u010dreda pra\u0161i\u010dev, ki se zaganja v morje.<\/p>\t\t\t\t\t\t\t\t<\/div>\n\t\t\t\t\t<\/div>\n\t\t\t\t<\/div>\n\t\t\t\t<\/div>\n\t\t<div class=\"elementor-element elementor-element-pemmx7c2 e-con-full e-flex e-con e-child\" data-id=\"pemmx7c2\" data-element_type=\"container\" data-e-type=\"container\">\n\t\t<div class=\"elementor-element elementor-element-37ss2yr6 iwg-steckbrief-card e-flex e-con-boxed e-con e-child\" data-id=\"37ss2yr6\" data-element_type=\"container\" data-e-type=\"container\">\n\t\t\t\t\t<div class=\"e-con-inner\">\n\t\t\t\t<div class=\"elementor-element elementor-element-3v0wp3wx elementor-widget elementor-widget-heading\" data-id=\"3v0wp3wx\" data-element_type=\"widget\" data-e-type=\"widget\" data-widget_type=\"heading.default\">\n\t\t\t\t\t<div class=\"elementor-heading-title elementor-size-default\">Funkcija<\/div>\t\t\t\t<\/div>\n\t\t\t\t<div class=\"elementor-element elementor-element-w3247g2m elementor-widget elementor-widget-text-editor\" data-id=\"w3247g2m\" data-element_type=\"widget\" data-e-type=\"widget\" data-widget_type=\"text-editor.default\">\n\t\t\t\t\t\t\t\t\t<p>Povzro\u010da radikalno socialno in telesno izolacijo: \u017eivljenje med grobovi, samopo\u0161kodovanje, nezmo\u017enost govora ali spanja.<\/p>\t\t\t\t\t\t\t\t<\/div>\n\t\t\t\t\t<\/div>\n\t\t\t\t<\/div>\n\t\t<div class=\"elementor-element elementor-element-0qpjal9w iwg-steckbrief-card e-flex e-con-boxed e-con e-child\" data-id=\"0qpjal9w\" data-element_type=\"container\" data-e-type=\"container\">\n\t\t\t\t\t<div class=\"e-con-inner\">\n\t\t\t\t<div class=\"elementor-element elementor-element-6ndoih0o elementor-widget elementor-widget-heading\" data-id=\"6ndoih0o\" data-element_type=\"widget\" data-e-type=\"widget\" data-widget_type=\"heading.default\">\n\t\t\t\t\t<div class=\"elementor-heading-title elementor-size-default\">Za\u0161\u010ditna sredstva<\/div>\t\t\t\t<\/div>\n\t\t\t\t<div class=\"elementor-element elementor-element-6684tyh9 elementor-widget elementor-widget-text-editor\" data-id=\"6684tyh9\" data-element_type=\"widget\" data-e-type=\"widget\" data-widget_type=\"text-editor.default\">\n\t\t\t\t\t\t\t\t\t<p>Neposreden eksorcisti\u010dni ukaz Jezusa. V cerkveni tradiciji zgleden primer eksorcisti\u010dnega obreda: klic, vpra\u0161anje po imenu, ukaz za izgon.<\/p>\t\t\t\t\t\t\t\t<\/div>\n\t\t\t\t\t<\/div>\n\t\t\t\t<\/div>\n\t\t<div class=\"elementor-element elementor-element-3lfi7x32 iwg-steckbrief-card e-flex e-con-boxed e-con e-child\" data-id=\"3lfi7x32\" data-element_type=\"container\" data-e-type=\"container\">\n\t\t\t\t\t<div class=\"e-con-inner\">\n\t\t\t\t<div class=\"elementor-element elementor-element-0kg99ga1 elementor-widget elementor-widget-heading\" data-id=\"0kg99ga1\" data-element_type=\"widget\" data-e-type=\"widget\" data-widget_type=\"heading.default\">\n\t\t\t\t\t<div class=\"elementor-heading-title elementor-size-default\">Vzporednice<\/div>\t\t\t\t<\/div>\n\t\t\t\t<div class=\"elementor-element elementor-element-n0fum6kp elementor-widget elementor-widget-text-editor\" data-id=\"n0fum6kp\" data-element_type=\"widget\" data-e-type=\"widget\" data-widget_type=\"text-editor.default\">\n\t\t\t\t\t\t\t\t\t<p><a href=\"https:\/\/iwell-guard.com\/sl\/?page_id=160354\">Dibuk<\/a> (judovska obsedenost), obsedenost z d\u017eini (islamska), budisti\u010dne predstave o obsedenosti, sodobne disociativne motnje.<\/p>\t\t\t\t\t\t\t\t<\/div>\n\t\t\t\t\t<\/div>\n\t\t\t\t<\/div>\n\t\t\t\t<\/div>\n\t\t\t\t<\/div>\n\t\t\t\t\t<\/div>\n\t\t\t\t<\/div>\n\t\t<div class=\"elementor-element elementor-element-7533bc7a e-flex e-con-boxed e-con e-parent\" data-id=\"7533bc7a\" data-element_type=\"container\" data-e-type=\"container\">\n\t\t\t\t\t<div class=\"e-con-inner\">\n\t\t\t\t<div class=\"elementor-element elementor-element-2447d18d elementor-widget elementor-widget-heading\" data-id=\"2447d18d\" data-element_type=\"widget\" data-e-type=\"widget\" data-widget_type=\"heading.default\">\n\t\t\t\t\t<h2 class=\"elementor-heading-title elementor-size-default\">Recepcija<\/h2>\t\t\t\t<\/div>\n\t\t<div class=\"elementor-element elementor-element-d5d0260c e-con-full e-flex e-con e-child\" data-id=\"d5d0260c\" data-element_type=\"container\" data-e-type=\"container\">\n\t\t\t\t<div class=\"elementor-element elementor-element-341be2ac elementor-widget elementor-widget-text-editor\" data-id=\"341be2ac\" data-element_type=\"widget\" data-e-type=\"widget\" data-widget_type=\"text-editor.default\">\n\t\t\t\t\t\t\t\t\t<p><strong>Patristika in srednji vek<\/strong><\/p><p>Origen razlaga Legijo alegori\u010dno kot mno\u017eico razvad; Avgu\u0161tin vidi v tem prizoru dokaz resni\u010dne Kristusove oblasti nad demoni. Srednjeve\u0161ki exempla uporabljajo ta prizor kot zgleden primer duhovne osvoboditve.<\/p><p><strong>Sodobnost<\/strong><\/p><p>Psihoanaliza in globinska psihologija razlagata Legijo kot podobo notranje razdrobljenosti. Postkolonialna eksegeza vidi v \u0161tevilu rimsko okupacijsko oblast. Filmski naslov <em>Legion<\/em> (1998) je le eden od \u0161tevilnih popkulturnih odmevov.<\/p><p><strong>Praksa eksorcizma<\/strong><\/p><p>Vpra\u0161anje &#8220;Kako ti je ime?&#8221; (Mr 5,9) se \u0161e danes uporablja v Rituale Romanum kot osrednji element. Zahteva po imenu velja za klasi\u010dno orodje za spoznavanje in izganjanje demonov.<\/p>\t\t\t\t\t\t\t\t<\/div>\n\t\t\t\t<\/div>\n\t\t\t\t\t<\/div>\n\t\t\t\t<\/div>\n\t\t<div class=\"elementor-element elementor-element-5a584676 e-flex e-con-boxed e-con e-parent\" data-id=\"5a584676\" data-element_type=\"container\" data-e-type=\"container\">\n\t\t\t\t\t<div class=\"e-con-inner\">\n\t\t\t\t<div class=\"elementor-element elementor-element-6d0757bf elementor-widget elementor-widget-heading\" data-id=\"6d0757bf\" data-element_type=\"widget\" data-e-type=\"widget\" data-widget_type=\"heading.default\">\n\t\t\t\t\t<h2 class=\"elementor-heading-title elementor-size-default\">Vzporednice<\/h2>\t\t\t\t<\/div>\n\t\t<div class=\"elementor-element elementor-element-60563f68 e-con-full e-flex e-con e-child\" data-id=\"60563f68\" data-element_type=\"container\" data-e-type=\"container\">\n\t\t\t\t<div class=\"elementor-element elementor-element-5a93fdd6 elementor-widget elementor-widget-text-editor\" data-id=\"5a93fdd6\" data-element_type=\"widget\" data-e-type=\"widget\" data-widget_type=\"text-editor.default\">\n\t\t\t\t\t\t\t\t\t<p><strong>Judovska tradicija<\/strong><\/p><p><a href=\"https:\/\/iwell-guard.com\/sl\/?page_id=160354\">Dibuk<\/a> kot duh obsedenosti je najbli\u017eja strukturna vzporednica. Obe tradiciji poznata vpra\u0161anje po imenu kot osrednje orodje <span class=\"iwg-fachbegriff\" data-tooltip=\"Ritualno izganjanje duha ali demona, ki velja za \u0161kodljivega.\" tabindex=\"0\">eksorcizma<\/span>.<\/p><p><strong>Islamska tradicija:<\/strong> obsedenost z d\u017eini, z ruko kot obredom izgona. Funkcionalno vzporedno, teolo\u0161ko samostojno.<\/p><p><strong>Sekularne razlage:<\/strong> disociativna motnja identitete (&#8220;multipla osebnost&#8221;) sodobne psihiatrije je sekularna naslednica. Osnovna ideja notranje mnogoterosti ostaja ohranjena.<\/p><div><p><strong>Primerjalna <span class=\"iwg-fachbegriff\" data-tooltip=\"Veda, ki primerjalno in brez verske zavezanosti raziskuje religije.\" tabindex=\"0\">religiologija<\/span><\/strong><\/p><p><span data-nosnippet>Strukturno sorodni sta judovska tradicija dibuka (kabalisti\u010dno izoblikovana od 16. stoletja dalje, s temeljnim delom <span class=\"iwg-fachbegriff\" tabindex=\"0\" data-tooltip=\"Izraelski zgodovinar religij (1897\u20131982); utemeljitelj sodobnega raziskovanja kabale.\">Gershoma Scholema<\/span>, <em>\u00dcber einige Grundbegriffe des Judentums<\/em>, 1970) in islamska tradicija obsedenosti z d\u017eini. Obe poznata pojav mnogoterne obsedenosti, ne da bi uporabljali poseben izraz Legija.<\/span><\/p><p>Haitijska vudu tradicija poznaznana pojav &#8220;mont\u00e9&#8221;, zajezdenja s strani ve\u010d lwajev drug za drugim. Afrobrazilska tradicija candombl\u00e9 pozna analogno posest s strani razli\u010dnih orix\u00e1. V religijsko-zgodovinski celoti je pojav mnogoterne obsedenosti dokumentiran prakti\u010dno v vseh razvitih kulturah, vsaki\u010d z lastno terminologijo in lastno ritualno obravnavo. Kr\u0161\u010dansko-evangeljska pripoved o Legiji je le posamezen primer v \u0161irokem religijsko-fenomenolo\u0161kem spektru.<\/p><\/div>\t\t\t\t\t\t\t\t<\/div>\n\t\t\t\t<\/div>\n\t\t\t\t\t<\/div>\n\t\t\t\t<\/div>\n\t\t<div class=\"elementor-element elementor-element-cp66b8cee e-flex e-con-boxed e-con e-parent\" data-id=\"cp66b8cee\" data-element_type=\"container\" data-e-type=\"container\">\n\t\t\t\t\t<div class=\"e-con-inner\">\n\t\t\t\t<div class=\"elementor-element elementor-element-cp7f10273 elementor-widget elementor-widget-heading\" data-id=\"cp7f10273\" data-element_type=\"widget\" data-e-type=\"widget\" data-widget_type=\"heading.default\">\n\t\t\t\t\t<h2 class=\"elementor-heading-title elementor-size-default\">Obsedenec iz Gerase podrobneje<\/h2>\t\t\t\t<\/div>\n\t\t<div class=\"elementor-element elementor-element-cp15be3db e-con-full e-flex e-con e-child\" data-id=\"cp15be3db\" data-element_type=\"container\" data-e-type=\"container\">\n\t\t\t\t<div class=\"elementor-element elementor-element-cpf697bcc elementor-widget elementor-widget-text-editor\" data-id=\"cpf697bcc\" data-element_type=\"widget\" data-e-type=\"widget\" data-widget_type=\"text-editor.default\">\n\t\t\t\t\t\t\t\t\t<p>Edino novozavezno mesto, na katerem se pojavi ime Legija, je pripoved o obsedenem mo\u0161kem na ozemlju Gerazenov.<\/p><p>Najdemo jo pri <em>Marku<\/em> 5,1 do 20, v kraj\u0161i obliki pri <em>Luku<\/em> 8,26 do 39 in mo\u010dno skraj\u0161ano pri <em>Mateju<\/em> 8,28 do 34, kjer nastopata dva obsedenca. Marko podaja najbolj iz\u010drpno razli\u010dico, ki jo ve\u010dina eksegetov \u0161teje za najstarej\u0161o.<\/p><p>Marko opisuje mo\u0161kega kot nekoga, ki \u017eivi med grobnicami, ki ga nobena veriga ne more zadr\u017eati in ki se dan in no\u010d tepe s kamni. Ko ga Jezus vpra\u0161a po imenu, ne\u010disti <span class=\"iwg-fachbegriff\" data-tooltip=\"Brezteleso bitje, ki naj bi delovalo v svetu.\" tabindex=\"0\">duh<\/span> odgovori: Legija je moje ime, kajti mnogo nas je.<\/p><p><span class=\"iwg-fachbegriff\" data-tooltip=\"Brezteleso bitje, ki naj bi delovalo v svetu.\" tabindex=\"0\">Duh<\/span> prosi, naj ga ne iz\u017eenejo iz pokrajine, temve\u010d mu dovolijo vstopiti v \u010dredo pra\u0161i\u010dev. Jezus to dovoli, pribli\u017eno dva tiso\u010d pra\u0161i\u010dev se vr\u017ee po pobo\u010dju v morje in se utopi. Ozdravljeni mo\u0161ki potem sedi oble\u010den in pri zdravi pameti pred Jezusovimi nogami.<\/p><p>Opazna je natan\u010dna izbira besed. <em>Legija<\/em> ni hebrejski ali aramejski izraz, temve\u010d latinska izposojenka za najve\u010djo enoto rimske vojske, ki je \u0161tela ve\u010d tiso\u010d mo\u017e. \u0160tevilo pra\u0161i\u010dev pribli\u017eno ustreza mo\u0161tveni jakosti legije.<\/p><p>Mnogi razlagalci, med njimi tudi tisti v tradiciji Gerda Thei\u00dfena, to besedi\u0161\u010de berejo kot zavestno namigovanje na rimsko okupacijsko oblast. Pripoved tako poleg ravni ozdravitve dobi tudi politi\u010dno razse\u017enost, ne da bi jo besedilo izrecno izpostavilo.<\/p>\t\t\t\t\t\t\t\t<\/div>\n\t\t\t\t<\/div>\n\t\t\t\t\t<\/div>\n\t\t\t\t<\/div>\n\t\t<div class=\"elementor-element elementor-element-cp3467d26 e-flex e-con-boxed e-con e-parent\" data-id=\"cp3467d26\" data-element_type=\"container\" data-e-type=\"container\">\n\t\t\t\t\t<div class=\"e-con-inner\">\n\t\t\t\t<div class=\"elementor-element elementor-element-cp9237c3c elementor-widget elementor-widget-heading\" data-id=\"cp9237c3c\" data-element_type=\"widget\" data-e-type=\"widget\" data-widget_type=\"heading.default\">\n\t\t\t\t\t<h2 class=\"elementor-heading-title elementor-size-default\">Legija kot mno\u017eina: teologija in zgodovina razlage<\/h2>\t\t\t\t<\/div>\n\t\t<div class=\"elementor-element elementor-element-cpd98ca11 e-con-full e-flex e-con e-child\" data-id=\"cpd98ca11\" data-element_type=\"container\" data-e-type=\"container\">\n\t\t\t\t<div class=\"elementor-element elementor-element-cp9269ef5 elementor-widget elementor-widget-text-editor\" data-id=\"cp9269ef5\" data-element_type=\"widget\" data-e-type=\"widget\" data-widget_type=\"text-editor.default\">\n\t\t\t\t\t\t\t\t\t<p>Legija v strogem pomenu ni lastno ime posameznega demona, temve\u010d samopoimenovanje mno\u017eine. To je razlagalce zaposlovalo od samega za\u010detka.<\/p><p>Cerkveni o\u010detje, med njimi Origen in pozneje Avgu\u0161tin, so mno\u017eico duhov razlagali kot izraz notranje razklanosti \u010dloveka, ki ga zaradi greha ne obvladuje ena, temve\u010d ne\u0161tete sile.<\/p><p>Ozdravitev tako postane podoba obnovitve enotne, od Boga urejene osebe, kar v besedilu podpira podrobnost o zdravi pameti.<\/p><p><span data-nosnippet>V srednjeve\u0161ki in zgodnjenovove\u0161ki demonologiji so Legijo ob\u010dasno razumeli kot konkretnega peklenskega princa, vendar gre za poznej\u0161o razlago, ki nasprotuje dobesednemu pomenu svetopisemskega mesta. Veliki demonski katalogi zgodnjega novega veka, na primer <em>Pseudomonarchia daemonum<\/em> Johanna Weyerja iz leta 1577, Legije ne navajajo kot posameznega <span class=\"iwg-fachbegriff\" data-tooltip=\"Brezteleso bitje, ki naj bi delovalo v svetu.\" tabindex=\"0\">duha<\/span>, saj samo ime ozna\u010duje mno\u017eino.<\/span><\/p><p>Zgodovinsko-kriti\u010dna eksegeza 20. stoletja je poudarek premaknila. Manj spra\u0161uje po identiteti demona, bolj po funkciji pripovedi v zgodnji kr\u0161\u010danski skupnosti.<\/p><p>Razpravlja se o geografski te\u017eavi, da je Geraza precej oddaljena od jezera, o vlogi pra\u0161i\u010dev kot za Jude ne\u010distih \u017eivali in o vpra\u0161anju, ali je v epizodi kodirano protirimsko upanje na osvoboditev.<\/p><p>Te razprave niso zaklju\u010dene. Treba je poudariti, da Legija v samem Svetem pismu ni samostojno bitje z biografijo, temve\u010d \u0161ifra za premo\u010dno, podvojeno oblast.<\/p>\t\t\t\t\t\t\t\t<\/div>\n\t\t\t\t<\/div>\n\t\t\t\t\t<\/div>\n\t\t\t\t<\/div>\n\t\t<div class=\"elementor-element elementor-element-cp2b460b3 e-flex e-con-boxed e-con e-parent\" data-id=\"cp2b460b3\" data-element_type=\"container\" data-e-type=\"container\">\n\t\t\t\t\t<div class=\"e-con-inner\">\n\t\t\t\t<div class=\"elementor-element elementor-element-cpd1dd0d6 elementor-widget elementor-widget-heading\" data-id=\"cpd1dd0d6\" data-element_type=\"widget\" data-e-type=\"widget\" data-widget_type=\"heading.default\">\n\t\t\t\t\t<h2 class=\"elementor-heading-title elementor-size-default\">Pra\u0161i\u010di, grobnice in ne\u010dista de\u017eela<\/h2>\t\t\t\t<\/div>\n\t\t<div class=\"elementor-element elementor-element-cp95352cb e-con-full e-flex e-con e-child\" data-id=\"cp95352cb\" data-element_type=\"container\" data-e-type=\"container\">\n\t\t\t\t<div class=\"elementor-element elementor-element-cp08853ad elementor-widget elementor-widget-text-editor\" data-id=\"cp08853ad\" data-element_type=\"widget\" data-e-type=\"widget\" data-widget_type=\"text-editor.default\">\n\t\t\t\t\t\t\t\t\t<p>Pripoved o Legiji je gosto prepletena z motivi obredne ne\u010distosti, in to ni naklju\u010dje. Obsedenec \u017eivi med grobnicami, torej na kraju, ki po judovskem razumevanju \u010distosti prena\u0161a ne\u010distost.<\/p><p>Nahaja se na vzhodni strani jezera, v prete\u017eno nejudovsko naseljenem obmo\u010dju, imenovanem Dekapolis. In duhovi vstopijo v \u010dredo pra\u0161i\u010dev, ki so za Jude veljali za ne\u010diste in jih v judovskem okolju sploh ne bi redili.<\/p><p>Ta kopi\u010denje anti\u010dnemu bralcu sporo\u010da, da se prizor dogaja na kraju skrajne ne\u010distosti, zunaj urejenega, \u010distega sveta. Eksegeza v tem vidi zavestno pripovedno sredstvo.<\/p><p>Jezus tu prestopi ve\u010d meja: geografsko mejo jezera, etni\u010dno mejo do poganske de\u017eele, obredno mejo do ne\u010distega. Raziskovalci Markovega evangelija zato ozdravitvi dajejo dodaten pomen, postane znamenje, da oblast Bo\u017ejega kraljestva sega tudi \u010dez meje Izraela.<\/p><p>Opazen je zaklju\u010dek. Medtem ko Jezus v mnogih Markovih pripovedih naro\u010da molk, ozdravljenega Gerazena izrecno pozove, naj v svojem mestu razglasi, kaj se je zgodilo. Nekdanji obsedenec Legije tako postane prvi oznanjevalec na poganskem ozemlju.<\/p><p>Tudi vedenje prebivalcev, ki Jezusa iz strahu prosijo, naj odide, sodi k pripovedni zasnovi. Epizoda ni le poro\u010dilo o eksorcizmu, temve\u010d teolo\u0161ko dodelan prizor o \u010distosti, meji in dosegu Bo\u017eje oblasti.<\/p>\t\t\t\t\t\t\t\t<\/div>\n\t\t\t\t<\/div>\n\t\t\t\t\t<\/div>\n\t\t\t\t<\/div>\n\t\t<div class=\"elementor-element elementor-element-36dd7469 e-flex e-con-boxed e-con e-parent\" data-id=\"36dd7469\" data-element_type=\"container\" data-e-type=\"container\">\n\t\t\t\t\t<div class=\"e-con-inner\">\n\t\t\t\t<div class=\"elementor-element elementor-element-13760ab4 elementor-widget elementor-widget-heading\" data-id=\"13760ab4\" data-element_type=\"widget\" data-e-type=\"widget\" data-widget_type=\"heading.default\">\n\t\t\t\t\t<div class=\"elementor-heading-title elementor-size-default\">Nadaljnje povezave<\/div>\t\t\t\t<\/div>\n\t\t<div class=\"elementor-element elementor-element-28c87796 e-con-full e-flex e-con e-child\" data-id=\"28c87796\" data-element_type=\"container\" data-e-type=\"container\">\n\t\t\t\t<div class=\"elementor-element elementor-element-5d6538df elementor-widget elementor-widget-text-editor\" data-id=\"5d6538df\" data-element_type=\"widget\" data-e-type=\"widget\" data-widget_type=\"text-editor.default\">\n\t\t\t\t\t\t\t\t\t<p>Priporo\u010dene notranje povezave:<\/p><ul><li><a href=\"https:\/\/iwell-guard.com\/sl\/?page_id=160356\">Kr\u0161\u010danstvo<\/a><\/li><li><a href=\"https:\/\/iwell-guard.com\/sl\/?page_id=160361\">Satan<\/a>, <a href=\"https:\/\/iwell-guard.com\/sl\/?page_id=160362\">Lucifer<\/a>, <a href=\"https:\/\/iwell-guard.com\/sl\/?page_id=160363\">Belzebub<\/a>, <a href=\"https:\/\/iwell-guard.com\/sl\/?page_id=160364\">Leviatan<\/a><\/li><li><a href=\"https:\/\/iwell-guard.com\/sl\/?page_id=160354\">Dibuk<\/a> (vzporednica obsedenosti)<\/li><li><span class=\"iwg-fachbegriff\" data-tooltip=\"Obredna izgonitev duha ali demona, ki naj bi povzro\u010dal \u0161kodo.\" tabindex=\"0\">Eksorcizem<\/span> in Rituale Romanum<\/li><li>Dissociativne motnje (psiholo\u0161ka razlaga)<\/li><\/ul>\t\t\t\t\t\t\t\t<\/div>\n\t\t\t\t<\/div>\n\t\t\t\t\t<\/div>\n\t\t\t\t<\/div>\n\t\t<div class=\"elementor-element elementor-element-grl4kl40 e-flex e-con-boxed e-con e-parent\" data-id=\"grl4kl40\" data-element_type=\"container\" data-e-type=\"container\">\n\t\t\t\t\t<div class=\"e-con-inner\">\n\t\t\t\t<div class=\"elementor-element elementor-element-bzsbfrmh elementor-widget elementor-widget-heading\" data-id=\"bzsbfrmh\" data-element_type=\"widget\" data-e-type=\"widget\" data-widget_type=\"heading.default\">\n\t\t\t\t\t<h2 class=\"elementor-heading-title elementor-size-default\">Raziskovalna literatura<\/h2>\t\t\t\t<\/div>\n\t\t<div class=\"elementor-element elementor-element-2c13224a e-con-full e-flex e-con e-child\" data-id=\"2c13224a\" data-element_type=\"container\" data-e-type=\"container\">\n\t\t\t\t<div class=\"elementor-element elementor-element-0eymh9ub elementor-widget elementor-widget-text-editor\" data-id=\"0eymh9ub\" data-element_type=\"widget\" data-e-type=\"widget\" data-widget_type=\"text-editor.default\">\n\t\t\t\t\t\t\t\t\t<footer class=\"iwg-literatur\"><p>Izbor osrednjih del o Legiji in novozavezni predstavi o obsedenosti:<\/p><ul><li><span data-nosnippet>Pesch, Rudolf: <em>Der Besessene von Gerasa<\/em>. Stuttgart 1972.<\/span><\/li><li><span data-nosnippet>Twelftree, Graham H.: <em>In the Name of Jesus. Exorcism among Early Christians<\/em>. Grand Rapids 2007.<\/span><\/li><li><span data-nosnippet>Ferguson, Everett: <em>Demonology of the Early Christian World<\/em>. Lewiston 1984.<\/span><\/li><li><span data-nosnippet>Horsley, Richard A.: <em>Jesus and Empire<\/em>. Minneapolis 2003 (postkolonialna razlaga).<\/span><\/li><li><span data-nosnippet>Sorensen, Eric: <em>Possession and Exorcism in the New Testament and Early Christianity<\/em>. T\u00fcbingen 2002.<\/span><\/li><\/ul><div data-nosnippet=\"true\" class=\"iwg-litliste\"><p><strong>Standardna literatura (kr\u0161\u010danstvo):<\/strong><\/p><ul><li><span data-nosnippet><strong>Markschies, Christoph<\/strong>: <em>Das <span class=\"iwg-fachbegriff\" data-tooltip=\"Obdobje gr\u0161ke in rimske kulture, pribli\u017eno od 800 pr. n. \u0161t. do 600 n. \u0161t.\" tabindex=\"0\">antike<\/span> Christentum. <span class=\"iwg-fachbegriff\" data-tooltip=\"\u017diveta religiozna dr\u017ea in praksa posameznika.\" tabindex=\"0\">Fr\u00f6mmigkeit<\/span>, Lebensformen, Institutionen. Beck, M\u00fcnchen 2006.<\/em><\/span><\/li><\/ul><\/div><\/footer>\n<p class=\"iwg-bib-more\"><span data-nosnippet>Dodatna standardna dela v <a href=\"https:\/\/iwell-guard.com\/sl\/?page_id=160475\">seznamu literature<\/a>.<\/span><\/p>\t\t\t\t\t\t\t\t<\/div>\n\t\t\t\t<\/div>\n\t\t\t\t\t<\/div>\n\t\t\t\t<\/div>\n\t\t<div class=\"elementor-element elementor-element-iwgca-legion-sec e-flex e-con-boxed e-con e-parent\" data-id=\"iwgca-legion-sec\" data-element_type=\"container\" data-e-type=\"container\" id=\"iwg-ca-legion\">\n\t\t\t\t\t<div class=\"e-con-inner\">\n\t\t\t\t<div class=\"elementor-element elementor-element-iwgca-legion-te iwg-ca-textwrap elementor-widget elementor-widget-text-editor\" data-id=\"iwgca-legion-te\" data-element_type=\"widget\" data-e-type=\"widget\" data-widget_type=\"text-editor.default\">\n\t\t\t\t\t\t\t\t\t<div data-nosnippet=\"true\"><p class=\"iwg-ca-bridge\">Tukaj opisana za\u0161\u010ditna praksa je religiologska umestitev zgodovinskih izro\u010dil. iWell Guard navezuje na to kulturnozgodovinsko linijo nosljivih za\u0161\u010ditnih predmetov in predstavlja njeno sodobno obliko. <a href=\"\/ueber-iwell-guard\/?utm_source=iwell-guard.com&#038;utm_medium=text-link&#038;utm_campaign=schadwesen-tradition\">Ve\u010d o iWell Guard \u2192<\/a><\/p><\/div>\t\t\t\t\t\t\t\t<\/div>\n\t\t\t\t\t<\/div>\n\t\t\t\t<\/div>\n\t\t<div class=\"elementor-element elementor-element-61be43b e-con-boxed e-flex e-con e-parent\" data-id=\"61be43b\" data-element_type=\"container\" data-e-type=\"container\">\n\t\t\t\t\t<div class=\"e-con-inner\">\n\t\t\t\t<div class=\"elementor-element elementor-element-7f86082 elementor-widget elementor-widget-text-editor\" data-id=\"7f86082\" data-element_type=\"widget\" data-e-type=\"widget\" data-widget_type=\"text-editor.default\">\n\t\t\t\t\t\t\t\t\t\n<h2>Pogosta vpra\u0161anja o Legiji<\/h2>\n<div class=\"iwg-faq-q\"><h3>Kdo ali kaj je Legija v Novi zavezi?<\/h3><p>Legija je v Markovem evangeliju (5,9) ime demona ali skupine demonov, ki obsedajo mo\u0161kega v Gerasi. Na Jezusovo vpra\u0161anje po imenu <span class=\"iwg-fachbegriff\" data-tooltip=\"Duhovno bitje, ki mu pripisujejo \u0161kodljivo ali dvoumno delovanje.\" tabindex=\"0\">demon<\/span> odgovori: Legija, kajti mnogo nas je.<\/p><p>Rimska legija je \u0161tela okoli 6000 vojakov, zato ime poudarja kolektivno naravo obsedenosti. Jezus iz\u017eene demone in jih poslje v \u010dredo pra\u0161i\u010dev, ki se vr\u017ee v jezero.<\/p><\/div>\n<div class=\"iwg-faq-q\"><h3>Kako se Legijo razlaga v sodobni demonologiji in popularni kulturi?<\/h3><p>V sodobni <span class=\"iwg-fachbegriff\" data-tooltip=\"Znanstveno nauk o Bogu in veri neke religije.\" tabindex=\"0\">teologiji<\/span> se Legijo pogosto bere kot podobo za psihi\u010dno razcepljenost, odvisnost ali kolektivno obsedenost, ne nujno dobesedno.<\/p><p>V popularni kulturi (grozljivke, heavy metal glasba) je Legija priljubljeno ime za mogo\u010dne zbirne demone, saj biblijski odlomek ponuja jedrnato kolektivno antagonisti\u010dno figuro. Teolo\u0161ko je pomembno, da zgodba o gerasenskem obsedencu prvenstveno prikazuje mo\u010d Jezusa, ne mo\u010di demona.<\/p><\/div>\n<script type=\"application\/ld+json\">{\"@context\":\"https:\/\/schema.org\",\"@type\":\"FAQPage\",\"mainEntity\":[{\"@type\":\"Question\",\"name\":\"Kdo ali kaj je Legija v Novi zavezi?\",\"acceptedAnswer\":{\"@type\":\"Answer\",\"text\":\"Legija je v Markovem evangeliju (5,9) ime demona ali skupine demonov, ki obsedajo mo\u0161kega v Gerasi. Na Jezusovo vpra\u0161anje po imenu demon odgovori: Legija, kajti mnogo nas je.Rimska legija je \u0161tela okoli 6000 vojakov, zato ime poudarja kolektivno naravo obsedenosti. Jezus iz\u017eene demone in jih poslje v \u010dredo pra\u0161i\u010dev, ki se vr\u017ee v jezero.\"}},{\"@type\":\"Question\",\"name\":\"Kako se Legijo razlaga v sodobni demonologiji in popularni kulturi?\",\"acceptedAnswer\":{\"@type\":\"Answer\",\"text\":\"V sodobni teologiji se Legijo pogosto bere kot podobo za psihi\u010dno razcepljenost, odvisnost ali kolektivno obsedenost, ne nujno dobesedno.V popularni kulturi (grozljivke, heavy metal glasba) je Legija priljubljeno ime za mogo\u010dne zbirne demone, saj biblijski odlomek ponuja jedrnato kolektivno antagonisti\u010dno figuro. Teolo\u0161ko je pomembno, da zgodba o gerasenskem obsedencu prvenstveno prikazuje mo\u010d Jezusa, ne mo\u010di demona.\"}}]}<\/script>\t\t\t\t\t\t\t\t<\/div>\n\t\t\t\t\t<\/div>\n\t\t\t\t<\/div>\n\t\t\t\t<\/div>\n\t\t","protected":false},"excerpt":{"rendered":"","protected":false},"author":3,"featured_media":1562,"parent":0,"menu_order":0,"comment_status":"closed","ping_status":"closed","template":"elementor_header_footer","meta":{"_yoast_wpseo_focuskw":"Legija gerazenski obsedenec","_yoast_wpseo_title":"Legija \u2013 obsedenost in kolektivni demoni","_yoast_wpseo_metadesc":"Legija ozna\u010duje kolektivno skupino demonov iz pripovedi o gerazenskem obsedencu (Mr 5,1\u201320). Mno\u017eica v enem \u010dloveku.","_yoast_wpseo_meta-robots-noindex":"","_yoast_wpseo_canonical":"","_angie_page":false,"gefaehrdungsstufe":"5","wesen_kultur":"christentum","wesen_klasse":"daemonen","footnotes":""},"categories":[],"class_list":["post-160365","page","type-page","status-publish","has-post-thumbnail","hentry"],"yoast_head":"<!-- This site is optimized with the Yoast SEO Premium plugin v27.7 (Yoast SEO v28.3) - https:\/\/yoast.com\/product\/yoast-seo-premium-wordpress\/ -->\n<title>Legija \u2013 obsedenost in kolektivni demoni<\/title>\n<meta name=\"description\" content=\"Legija ozna\u010duje kolektivno skupino demonov iz pripovedi o gerazenskem obsedencu (Mr 5,1\u201320). Mno\u017eica v enem \u010dloveku.\" \/>\n<meta name=\"robots\" content=\"index, follow, max-snippet:-1, max-image-preview:large, max-video-preview:-1\" \/>\n<link rel=\"canonical\" href=\"https:\/\/iwell-guard.com\/sl\/legija-obsedenost-kolektivni-demoni\/\" \/>\n<meta property=\"og:locale\" content=\"sl_SI\" \/>\n<meta property=\"og:type\" content=\"article\" \/>\n<meta property=\"og:title\" content=\"Legija \u2013 obsedenost in kolektivni demoni\" \/>\n<meta property=\"og:description\" content=\"Legija ozna\u010duje kolektivno skupino demonov iz pripovedi o gerazenskem obsedencu (Mr 5,1\u201320). Mno\u017eica v enem \u010dloveku.\" \/>\n<meta property=\"og:url\" content=\"https:\/\/iwell-guard.com\/sl\/legija-obsedenost-kolektivni-demoni\/\" \/>\n<meta property=\"og:site_name\" content=\"iWell Guard\" \/>\n<meta property=\"article:modified_time\" content=\"2026-09-05T00:35:29+00:00\" \/>\n<meta property=\"og:image\" content=\"https:\/\/iwell-guard.com\/wp-content\/uploads\/2026\/04\/daemonen_christentum_legion.webp\" \/>\n\t<meta property=\"og:image:width\" content=\"1024\" \/>\n\t<meta property=\"og:image:height\" content=\"1536\" \/>\n\t<meta property=\"og:image:type\" content=\"image\/webp\" \/>\n<meta name=\"twitter:card\" content=\"summary_large_image\" \/>\n<script type=\"application\/ld+json\" class=\"yoast-schema-graph\">{\"@context\":\"https:\\\/\\\/schema.org\",\"@graph\":[{\"@type\":\"WebPage\",\"@id\":\"https:\\\/\\\/iwell-guard.com\\\/sl\\\/legija-obsedenost-kolektivni-demoni\\\/\",\"url\":\"https:\\\/\\\/iwell-guard.com\\\/sl\\\/legija-obsedenost-kolektivni-demoni\\\/\",\"name\":\"Legija \u2013 obsedenost in kolektivni demoni\",\"isPartOf\":{\"@id\":\"https:\\\/\\\/iwell-guard.com\\\/sl\\\/#website\"},\"primaryImageOfPage\":{\"@id\":\"https:\\\/\\\/iwell-guard.com\\\/sl\\\/legija-obsedenost-kolektivni-demoni\\\/#primaryimage\"},\"image\":{\"@id\":\"https:\\\/\\\/iwell-guard.com\\\/sl\\\/legija-obsedenost-kolektivni-demoni\\\/#primaryimage\"},\"thumbnailUrl\":\"https:\\\/\\\/iwell-guard.com\\\/wp-content\\\/uploads\\\/2026\\\/04\\\/daemonen_christentum_legion.webp\",\"datePublished\":\"2026-09-05T00:20:24+00:00\",\"dateModified\":\"2026-09-05T00:35:29+00:00\",\"description\":\"Legija ozna\u010duje kolektivno skupino demonov iz pripovedi o gerazenskem obsedencu (Mr 5,1\u201320). Mno\u017eica v enem \u010dloveku.\",\"breadcrumb\":{\"@id\":\"https:\\\/\\\/iwell-guard.com\\\/sl\\\/legija-obsedenost-kolektivni-demoni\\\/#breadcrumb\"},\"inLanguage\":\"sl-SI\",\"potentialAction\":[{\"@type\":\"ReadAction\",\"target\":[\"https:\\\/\\\/iwell-guard.com\\\/sl\\\/legija-obsedenost-kolektivni-demoni\\\/\"]}]},{\"@type\":\"ImageObject\",\"inLanguage\":\"sl-SI\",\"@id\":\"https:\\\/\\\/iwell-guard.com\\\/sl\\\/legija-obsedenost-kolektivni-demoni\\\/#primaryimage\",\"url\":\"https:\\\/\\\/iwell-guard.com\\\/wp-content\\\/uploads\\\/2026\\\/04\\\/daemonen_christentum_legion.webp\",\"contentUrl\":\"https:\\\/\\\/iwell-guard.com\\\/wp-content\\\/uploads\\\/2026\\\/04\\\/daemonen_christentum_legion.webp\",\"width\":1024,\"height\":1536,\"caption\":\"Demoni iz tradicije kr\u0161\u010danstva.\"},{\"@type\":\"BreadcrumbList\",\"@id\":\"https:\\\/\\\/iwell-guard.com\\\/sl\\\/legija-obsedenost-kolektivni-demoni\\\/#breadcrumb\",\"itemListElement\":[{\"@type\":\"ListItem\",\"position\":1,\"name\":\"Start\",\"item\":\"https:\\\/\\\/iwell-guard.com\\\/sl\\\/?page_id=160323\"},{\"@type\":\"ListItem\",\"position\":2,\"name\":\"Legija \u2013 obsedenost in kolektivni demoni\"}]},{\"@type\":\"WebSite\",\"@id\":\"https:\\\/\\\/iwell-guard.com\\\/sl\\\/#website\",\"url\":\"https:\\\/\\\/iwell-guard.com\\\/sl\\\/\",\"name\":\"iWell Guard\",\"description\":\"Schutz vor dunklen Einfl\u00fcssen\",\"publisher\":{\"@id\":\"https:\\\/\\\/iwell-guard.com\\\/sl\\\/#organization\"},\"potentialAction\":[{\"@type\":\"SearchAction\",\"target\":{\"@type\":\"EntryPoint\",\"urlTemplate\":\"https:\\\/\\\/iwell-guard.com\\\/sl\\\/?s={search_term_string}\"},\"query-input\":{\"@type\":\"PropertyValueSpecification\",\"valueRequired\":true,\"valueName\":\"search_term_string\"}}],\"inLanguage\":\"sl-SI\"},{\"@type\":\"Organization\",\"@id\":\"https:\\\/\\\/iwell-guard.com\\\/sl\\\/#organization\",\"name\":\"Ittermann electronic GmbH\",\"url\":\"https:\\\/\\\/iwell-guard.com\\\/sl\\\/\",\"logo\":{\"@type\":\"ImageObject\",\"inLanguage\":\"sl-SI\",\"@id\":\"https:\\\/\\\/iwell-guard.com\\\/sl\\\/#\\\/schema\\\/logo\\\/image\\\/\",\"url\":\"https:\\\/\\\/iwell-guard.com\\\/wp-content\\\/uploads\\\/2026\\\/05\\\/Ittermann-Logo-1182x237-1.png\",\"contentUrl\":\"https:\\\/\\\/iwell-guard.com\\\/wp-content\\\/uploads\\\/2026\\\/05\\\/Ittermann-Logo-1182x237-1.png\",\"width\":1182,\"height\":237,\"caption\":\"Ittermann electronic GmbH\"},\"image\":{\"@id\":\"https:\\\/\\\/iwell-guard.com\\\/sl\\\/#\\\/schema\\\/logo\\\/image\\\/\"},\"sameAs\":[\"https:\\\/\\\/pantip.com\\\/profile\\\/9367242\",\"https:\\\/\\\/micro.blog\\\/iwellguard\",\"https:\\\/\\\/www.diggerslist.com\\\/iwellguard\\\/about\",\"https:\\\/\\\/skitterphoto.com\\\/photographers\\\/2870314\\\/iwell-guard\",\"https:\\\/\\\/iwellguard.wordpress.com\\\/2026\\\/06\\\/06\\\/iwell-guard\\\/\",\"https:\\\/\\\/hub.docker.com\\\/u\\\/iwellguard\",\"https:\\\/\\\/www.pinterest.com\\\/iwellguard\\\/\",\"https:\\\/\\\/bit.ly\\\/m\\\/iwellguard\",\"https:\\\/\\\/entre-vos-mains.alsace.eu\\\/profiles\\\/iwellguard\\\/activity\",\"https:\\\/\\\/gravatar.com\\\/reallybeded8fd34\",\"https:\\\/\\\/naijamatta.com\\\/iwellguard\",\"https:\\\/\\\/www.goodreads.com\\\/iwellguard\",\"https:\\\/\\\/profile.hatena.ne.jp\\\/iwellguard\\\/\",\"https:\\\/\\\/experiment.com\\\/users\\\/iwellguard\",\"https:\\\/\\\/wakelet.com\\\/@iWellGuard82270\",\"https:\\\/\\\/www.chordie.com\\\/forum\\\/profile.php?id=2555664\",\"https:\\\/\\\/www.instapaper.com\\\/p\\\/17757966\",\"https:\\\/\\\/www.mapleprimes.com\\\/users\\\/iwellguard\",\"https:\\\/\\\/businesslistingplus.com\\\/profile\\\/iwell-guard\\\/\",\"https:\\\/\\\/telegra.ph\\\/iWell-Guard-06-06\",\"https:\\\/\\\/pbase.com\\\/iwellguard\\\/iwellguard\",\"https:\\\/\\\/b.hatena.ne.jp\\\/iwellguard\\\/20260607#bookmark-4788405196491818882\",\"https:\\\/\\\/fliphtml5.com\\\/home\\\/iwellguard\",\"https:\\\/\\\/anyflip.com\\\/homepage\\\/cmiwl#About\",\"https:\\\/\\\/transfur.com\\\/Users\\\/iwellguard\",\"http:\\\/\\\/delphi.larsbo.org\\\/user\\\/iwellguard\",\"https:\\\/\\\/jobs.lajobsportal.org\\\/profiles\\\/8380803-iwell-guard\",\"https:\\\/\\\/md.chaosdorf.de\\\/s\\\/jfbe5SBdJD\",\"https:\\\/\\\/www.lingvolive.com\\\/en-us\\\/profile\\\/9ecaeaca-ce11-4e51-9e71-01d55e2bff36\\\/translations\",\"https:\\\/\\\/www.fitday.com\\\/fitness\\\/forums\\\/members\\\/iwellguard.html\",\"https:\\\/\\\/www.mymeetbook.com\\\/iwellguard\",\"https:\\\/\\\/pxhere.com\\\/en\\\/photographer-me\\\/5040798\",\"https:\\\/\\\/disqus.com\\\/by\\\/iwellguard\\\/about\\\/\",\"https:\\\/\\\/pastelink.net\\\/hjwciqwq\",\"https:\\\/\\\/pubhtml5.com\\\/homepage\\\/scjhn\\\/\",\"https:\\\/\\\/www.bitchute.com\\\/channel\\\/2O2eOKzNqujT\",\"https:\\\/\\\/audiomack.com\\\/iwellguard\"]},{\"@type\":\"Article\",\"@id\":\"https:\\\/\\\/iwell-guard.com\\\/sl\\\/legija-obsedenost-kolektivni-demoni\\\/#article\",\"isPartOf\":{\"@id\":\"https:\\\/\\\/iwell-guard.com\\\/sl\\\/legija-obsedenost-kolektivni-demoni\\\/\"},\"author\":{\"name\":\"Ralf Ittermann\",\"@id\":\"https:\\\/\\\/iwell-guard.com\\\/sl\\\/#\\\/schema\\\/person\\\/ee2a27f1cac3406c7c6fb5820cb7349f\"},\"headline\":\"Legija \u2013 obsedenost in kolektivni demoni\",\"datePublished\":\"2026-09-05T00:20:24+00:00\",\"dateModified\":\"2026-09-05T00:35:29+00:00\",\"mainEntityOfPage\":{\"@id\":\"https:\\\/\\\/iwell-guard.com\\\/sl\\\/legija-obsedenost-kolektivni-demoni\\\/\"},\"publisher\":{\"@id\":\"https:\\\/\\\/iwell-guard.com\\\/sl\\\/#organization\"},\"image\":{\"@id\":\"https:\\\/\\\/iwell-guard.com\\\/sl\\\/legija-obsedenost-kolektivni-demoni\\\/#primaryimage\"},\"thumbnailUrl\":\"https:\\\/\\\/iwell-guard.com\\\/wp-content\\\/uploads\\\/2026\\\/04\\\/daemonen_christentum_legion.webp\",\"inLanguage\":\"sl-SI\",\"description\":\"Legija ozna\u010duje kolektivno skupino demonov iz pripovedi o gerazenskem obsedencu (Mr 5,1\u201320). Mno\u017eica v enem \u010dloveku.\"}]}<\/script>\n<!-- \/ Yoast SEO Premium plugin. -->","yoast_head_json":{"title":"Legija \u2013 obsedenost in kolektivni demoni","description":"Legija ozna\u010duje kolektivno skupino demonov iz pripovedi o gerazenskem obsedencu (Mr 5,1\u201320). Mno\u017eica v enem \u010dloveku.","robots":{"index":"index","follow":"follow","max-snippet":"max-snippet:-1","max-image-preview":"max-image-preview:large","max-video-preview":"max-video-preview:-1"},"canonical":"https:\/\/iwell-guard.com\/sl\/legija-obsedenost-kolektivni-demoni\/","og_locale":"sl_SI","og_type":"article","og_title":"Legija \u2013 obsedenost in kolektivni demoni","og_description":"Legija ozna\u010duje kolektivno skupino demonov iz pripovedi o gerazenskem obsedencu (Mr 5,1\u201320). Mno\u017eica v enem \u010dloveku.","og_url":"https:\/\/iwell-guard.com\/sl\/legija-obsedenost-kolektivni-demoni\/","og_site_name":"iWell Guard","article_modified_time":"2026-09-05T00:35:29+00:00","og_image":[{"width":1024,"height":1536,"url":"https:\/\/iwell-guard.com\/wp-content\/uploads\/2026\/04\/daemonen_christentum_legion.webp","type":"image\/webp"}],"twitter_card":"summary_large_image","schema":{"@context":"https:\/\/schema.org","@graph":[{"@type":"Article","@id":"https:\/\/iwell-guard.com\/sl\/legija-obsedenost-kolektivni-demoni\/#article","isPartOf":{"@id":"https:\/\/iwell-guard.com\/sl\/legija-obsedenost-kolektivni-demoni\/"},"author":{"name":"Ralf Ittermann","@id":"https:\/\/iwell-guard.com\/sl\/#\/schema\/person\/ee2a27f1cac3406c7c6fb5820cb7349f"},"headline":"Legija \u2013 obsedenost in kolektivni demoni","datePublished":"2026-09-05T00:20:24+00:00","dateModified":"2026-09-05T00:35:29+00:00","mainEntityOfPage":{"@id":"https:\/\/iwell-guard.com\/sl\/legija-obsedenost-kolektivni-demoni\/"},"publisher":{"@id":"https:\/\/iwell-guard.com\/sl\/#organization"},"image":{"@id":"https:\/\/iwell-guard.com\/sl\/legija-obsedenost-kolektivni-demoni\/#primaryimage"},"thumbnailUrl":"https:\/\/iwell-guard.com\/wp-content\/uploads\/2026\/04\/daemonen_christentum_legion.webp","inLanguage":"sl-SI","description":"Legija ozna\u010duje kolektivno skupino demonov iz pripovedi o gerazenskem obsedencu (Mr 5,1\u201320). Mno\u017eica v enem \u010dloveku."},{"@type":"WebPage","@id":"https:\/\/iwell-guard.com\/sl\/legija-obsedenost-kolektivni-demoni\/","url":"https:\/\/iwell-guard.com\/sl\/legija-obsedenost-kolektivni-demoni\/","name":"Legija \u2013 obsedenost in kolektivni demoni","isPartOf":{"@id":"https:\/\/iwell-guard.com\/sl\/#website"},"primaryImageOfPage":{"@id":"https:\/\/iwell-guard.com\/sl\/legija-obsedenost-kolektivni-demoni\/#primaryimage"},"image":{"@id":"https:\/\/iwell-guard.com\/sl\/legija-obsedenost-kolektivni-demoni\/#primaryimage"},"thumbnailUrl":"https:\/\/iwell-guard.com\/wp-content\/uploads\/2026\/04\/daemonen_christentum_legion.webp","datePublished":"2026-09-05T00:20:24+00:00","dateModified":"2026-09-05T00:35:29+00:00","description":"Legija ozna\u010duje kolektivno skupino demonov iz pripovedi o gerazenskem obsedencu (Mr 5,1\u201320). Mno\u017eica v enem \u010dloveku.","breadcrumb":{"@id":"https:\/\/iwell-guard.com\/sl\/legija-obsedenost-kolektivni-demoni\/#breadcrumb"},"inLanguage":"sl-SI","potentialAction":[{"@type":"ReadAction","target":["https:\/\/iwell-guard.com\/sl\/legija-obsedenost-kolektivni-demoni\/"]}]},{"@type":"ImageObject","inLanguage":"sl-SI","@id":"https:\/\/iwell-guard.com\/sl\/legija-obsedenost-kolektivni-demoni\/#primaryimage","url":"https:\/\/iwell-guard.com\/wp-content\/uploads\/2026\/04\/daemonen_christentum_legion.webp","contentUrl":"https:\/\/iwell-guard.com\/wp-content\/uploads\/2026\/04\/daemonen_christentum_legion.webp","width":1024,"height":1536,"caption":"Demoni iz tradicije kr\u0161\u010danstva."},{"@type":"BreadcrumbList","@id":"https:\/\/iwell-guard.com\/sl\/legija-obsedenost-kolektivni-demoni\/#breadcrumb","itemListElement":[{"@type":"ListItem","position":1,"name":"Start","item":"https:\/\/iwell-guard.com\/sl\/?page_id=160323"},{"@type":"ListItem","position":2,"name":"Legija \u2013 obsedenost in kolektivni demoni"}]},{"@type":"WebSite","@id":"https:\/\/iwell-guard.com\/sl\/#website","url":"https:\/\/iwell-guard.com\/sl\/","name":"iWell Guard","description":"Schutz vor dunklen Einfl\u00fcssen","publisher":{"@id":"https:\/\/iwell-guard.com\/sl\/#organization"},"potentialAction":[{"@type":"SearchAction","target":{"@type":"EntryPoint","urlTemplate":"https:\/\/iwell-guard.com\/sl\/?s={search_term_string}"},"query-input":{"@type":"PropertyValueSpecification","valueRequired":true,"valueName":"search_term_string"}}],"inLanguage":"sl-SI"},{"@type":"Organization","@id":"https:\/\/iwell-guard.com\/sl\/#organization","name":"Ittermann electronic GmbH","url":"https:\/\/iwell-guard.com\/sl\/","logo":{"@type":"ImageObject","inLanguage":"sl-SI","@id":"https:\/\/iwell-guard.com\/sl\/#\/schema\/logo\/image\/","url":"https:\/\/iwell-guard.com\/wp-content\/uploads\/2026\/05\/Ittermann-Logo-1182x237-1.png","contentUrl":"https:\/\/iwell-guard.com\/wp-content\/uploads\/2026\/05\/Ittermann-Logo-1182x237-1.png","width":1182,"height":237,"caption":"Ittermann electronic GmbH"},"image":{"@id":"https:\/\/iwell-guard.com\/sl\/#\/schema\/logo\/image\/"},"sameAs":["https:\/\/pantip.com\/profile\/9367242","https:\/\/micro.blog\/iwellguard","https:\/\/www.diggerslist.com\/iwellguard\/about","https:\/\/skitterphoto.com\/photographers\/2870314\/iwell-guard","https:\/\/iwellguard.wordpress.com\/2026\/06\/06\/iwell-guard\/","https:\/\/hub.docker.com\/u\/iwellguard","https:\/\/www.pinterest.com\/iwellguard\/","https:\/\/bit.ly\/m\/iwellguard","https:\/\/entre-vos-mains.alsace.eu\/profiles\/iwellguard\/activity","https:\/\/gravatar.com\/reallybeded8fd34","https:\/\/naijamatta.com\/iwellguard","https:\/\/www.goodreads.com\/iwellguard","https:\/\/profile.hatena.ne.jp\/iwellguard\/","https:\/\/experiment.com\/users\/iwellguard","https:\/\/wakelet.com\/@iWellGuard82270","https:\/\/www.chordie.com\/forum\/profile.php?id=2555664","https:\/\/www.instapaper.com\/p\/17757966","https:\/\/www.mapleprimes.com\/users\/iwellguard","https:\/\/businesslistingplus.com\/profile\/iwell-guard\/","https:\/\/telegra.ph\/iWell-Guard-06-06","https:\/\/pbase.com\/iwellguard\/iwellguard","https:\/\/b.hatena.ne.jp\/iwellguard\/20260607#bookmark-4788405196491818882","https:\/\/fliphtml5.com\/home\/iwellguard","https:\/\/anyflip.com\/homepage\/cmiwl#About","https:\/\/transfur.com\/Users\/iwellguard","http:\/\/delphi.larsbo.org\/user\/iwellguard","https:\/\/jobs.lajobsportal.org\/profiles\/8380803-iwell-guard","https:\/\/md.chaosdorf.de\/s\/jfbe5SBdJD","https:\/\/www.lingvolive.com\/en-us\/profile\/9ecaeaca-ce11-4e51-9e71-01d55e2bff36\/translations","https:\/\/www.fitday.com\/fitness\/forums\/members\/iwellguard.html","https:\/\/www.mymeetbook.com\/iwellguard","https:\/\/pxhere.com\/en\/photographer-me\/5040798","https:\/\/disqus.com\/by\/iwellguard\/about\/","https:\/\/pastelink.net\/hjwciqwq","https:\/\/pubhtml5.com\/homepage\/scjhn\/","https:\/\/www.bitchute.com\/channel\/2O2eOKzNqujT","https:\/\/audiomack.com\/iwellguard"]},{"@type":"Person","@id":"https:\/\/iwell-guard.com\/sl\/#\/schema\/person\/ee2a27f1cac3406c7c6fb5820cb7349f","name":"Ralf Ittermann","image":{"@type":"ImageObject","inLanguage":"sl-SI","@id":"https:\/\/secure.gravatar.com\/avatar\/073c0153e350a5005b68eb752b445fea71f6b24a26da9449ad7e155e6b446c9d?s=96&d=mm&r=g","url":"https:\/\/secure.gravatar.com\/avatar\/073c0153e350a5005b68eb752b445fea71f6b24a26da9449ad7e155e6b446c9d?s=96&d=mm&r=g","contentUrl":"https:\/\/secure.gravatar.com\/avatar\/073c0153e350a5005b68eb752b445fea71f6b24a26da9449ad7e155e6b446c9d?s=96&d=mm&r=g","caption":"Ralf Ittermann"},"givenName":"Ralf","familyName":"Ittermann","jobTitle":"Gesch\u00e4ftsf\u00fchrer und redaktioneller Verantwortlicher","url":"https:\/\/iwell-guard.com\/sl\/author\/claude\/","description":"Ralf Ittermann ist Gesch\u00e4ftsf\u00fchrer der Ittermann electronic GmbH und redaktioneller Verantwortlicher des iWell-Guard-Lexikons. Er verbindet langj\u00e4hrige Erfahrung in der Pr\u00e4zisionsfertigung mit medialer Praxis und religionsgeschichtlicher Quellenarbeit.","worksFor":{"@type":"Organization","name":"Ittermann electronic GmbH","url":"https:\/\/ittermann.de\/","address":{"@type":"PostalAddress","streetAddress":"K\u00f6hlergasse 16-18","postalCode":"99842","addressLocality":"Ruhla","addressCountry":"DE"}},"knowsAbout":["Religionsgeschichte","Mythologie","Mediale Praxis","Energetische Diagnostik","Schutzpraxis","Volksglauben","Westliche Esoterik"]},{"@type":"Article","@id":"https:\/\/iwell-guard.com\/sl\/legija-obsedenost-kolektivni-demoni\/#article","isPartOf":{"@id":"https:\/\/iwell-guard.com\/sl\/legija-obsedenost-kolektivni-demoni\/"},"author":{"name":"Ralf Ittermann","@id":"https:\/\/iwell-guard.com\/sl\/#\/schema\/person\/ee2a27f1cac3406c7c6fb5820cb7349f"},"headline":"Legija \u2013 obsedenost in kolektivni demoni","datePublished":"2026-09-05T00:20:24+00:00","dateModified":"2026-09-05T00:35:29+00:00","mainEntityOfPage":{"@id":"https:\/\/iwell-guard.com\/sl\/legija-obsedenost-kolektivni-demoni\/"},"publisher":{"@id":"https:\/\/iwell-guard.com\/sl\/#organization"},"image":{"@id":"https:\/\/iwell-guard.com\/sl\/legija-obsedenost-kolektivni-demoni\/#primaryimage"},"thumbnailUrl":"https:\/\/iwell-guard.com\/wp-content\/uploads\/2026\/04\/daemonen_christentum_legion.webp","inLanguage":"sl-SI","description":"Legija ozna\u010duje kolektivno skupino demonov iz pripovedi o gerazenskem obsedencu (Mr 5,1\u201320). Mno\u017eica v enem \u010dloveku."}]}},"_links":{"self":[{"href":"https:\/\/iwell-guard.com\/sl\/wp-json\/wp\/v2\/pages\/160365","targetHints":{"allow":["GET"]}}],"collection":[{"href":"https:\/\/iwell-guard.com\/sl\/wp-json\/wp\/v2\/pages"}],"about":[{"href":"https:\/\/iwell-guard.com\/sl\/wp-json\/wp\/v2\/types\/page"}],"author":[{"embeddable":true,"href":"https:\/\/iwell-guard.com\/sl\/wp-json\/wp\/v2\/users\/3"}],"replies":[{"embeddable":true,"href":"https:\/\/iwell-guard.com\/sl\/wp-json\/wp\/v2\/comments?post=160365"}],"version-history":[{"count":0,"href":"https:\/\/iwell-guard.com\/sl\/wp-json\/wp\/v2\/pages\/160365\/revisions"}],"wp:featuredmedia":[{"embeddable":true,"href":"https:\/\/iwell-guard.com\/sl\/wp-json\/wp\/v2\/media\/1562"}],"wp:attachment":[{"href":"https:\/\/iwell-guard.com\/sl\/wp-json\/wp\/v2\/media?parent=160365"}],"wp:term":[{"taxonomy":"category","embeddable":true,"href":"https:\/\/iwell-guard.com\/sl\/wp-json\/wp\/v2\/categories?post=160365"}],"curies":[{"name":"wp","href":"https:\/\/api.w.org\/{rel}","templated":true}]}}