{"id":160357,"date":"2026-09-05T00:20:18","date_gmt":"2026-09-05T00:20:18","guid":{"rendered":"https:\/\/iwell-guard.com\/?page_id=160357"},"modified":"2026-09-05T00:35:17","modified_gmt":"2026-09-05T00:35:17","slug":"germanska","status":"publish","type":"page","link":"https:\/\/iwell-guard.com\/sl\/germanska\/","title":{"rendered":"Germansko"},"content":{"rendered":"\t\t<div data-elementor-type=\"wp-page\" data-elementor-id=\"160357\" class=\"elementor elementor-160357 elementor-1015\" data-elementor-post-type=\"page\">\n\t\t\t\t<div class=\"elementor-element elementor-element-k-hero-rebuilt-german iwg-kultur-hero e-flex e-con-boxed e-con e-parent\" data-id=\"k-hero-rebuilt-german\" data-element_type=\"container\" data-e-type=\"container\">\n\t\t\t\t\t<div class=\"e-con-inner\">\n\t\t<div class=\"elementor-element elementor-element-khleft-german iwg-kultur-hero-left e-flex e-con-boxed e-con e-child\" data-id=\"khleft-german\" data-element_type=\"container\" data-e-type=\"container\">\n\t\t\t\t\t<div class=\"e-con-inner\">\n\t\t\t\t<div class=\"elementor-element elementor-element-k-h1-germanisch elementor-widget elementor-widget-heading\" data-id=\"k-h1-germanisch\" data-element_type=\"widget\" data-e-type=\"widget\" data-widget_type=\"heading.default\">\n\t\t\t\t\t<h1 class=\"elementor-heading-title elementor-size-default\">Nordijski bogovi, Azi, Vani in germanska mitologija<\/h1>\t\t\t\t<\/div>\n\t\t<div class=\"elementor-element elementor-element-aj11-hero-lead-german e-con-full e-flex e-con e-child\" data-id=\"aj11-hero-lead-german\" data-element_type=\"container\" data-e-type=\"container\">\n\t\t\t\t<div class=\"elementor-element elementor-element-k-lead-germanisch elementor-widget elementor-widget-text-editor\" data-id=\"k-lead-germanisch\" data-element_type=\"widget\" data-e-type=\"widget\" data-widget_type=\"text-editor.default\">\n\t\t\t\t\t\t\t\t\t<p><strong>Bitja iz germanskega izro\u010dila<\/strong> na iWell Guard. Predkristjanski svet bogov in duhov severne in srednje Evrope. Glavni viri: Snorrova Edda, Pesni\u0161ka Edda, skaldsko pesni\u0161tvo, arheolo\u0161ke najdbe.<\/p>\t\t\t\t\t\t\t\t<\/div>\n\t\t\t\t<\/div>\n\t\t<div class=\"elementor-element elementor-element-aj11-hero-toc-german e-con-full e-flex e-con e-child\" data-id=\"aj11-hero-toc-german\" data-element_type=\"container\" data-e-type=\"container\">\n\t\t\t\t<div class=\"elementor-element elementor-element-k-toc-germanisch elementor-widget elementor-widget-text-editor\" data-id=\"k-toc-germanisch\" data-element_type=\"widget\" data-e-type=\"widget\" data-widget_type=\"text-editor.default\">\n\t\t\t\t\t\t\t\t\t<p><strong>Vsebina te strani:<\/strong><\/p><ul><li><a href=\"#k-germanisch-h1\">Uvrstitev<\/a><\/li><li><a href=\"#x-germanisch-h100\">Zgodovina in panteon<\/a><\/li><li><a href=\"#x-germanisch-h101\">Bitja v vsakdanjem \u017eivljenju<\/a><\/li><li><a href=\"#x-germanisch-h102\">Sodobni pomen<\/a><\/li><li><a href=\"#k-germanisch-h2\">Bogovi (6)<\/a><\/li><li><a href=\"#k-germanisch-h3\">Duhovi (6)<\/a><\/li><li><a href=\"#72d1854\">Poglobitev<\/a><\/li><\/ul>\t\t\t\t\t\t\t\t<\/div>\n\t\t\t\t<\/div>\n\t\t\t\t\t<\/div>\n\t\t\t\t<\/div>\n\t\t<div class=\"elementor-element elementor-element-khrght-german iwg-kultur-hero-right e-flex e-con-boxed e-con e-child\" data-id=\"khrght-german\" data-element_type=\"container\" data-e-type=\"container\">\n\t\t\t\t\t<div class=\"e-con-inner\">\n\t\t\t\t<div class=\"elementor-element elementor-element-k-img-germanisch iwg-hero-image elementor-widget elementor-widget-image\" data-id=\"k-img-germanisch\" data-element_type=\"widget\" data-e-type=\"widget\" data-widget_type=\"image.default\">\n\t\t\t\t\t\t\t\t\t\t\t\t\t\t\t<img fetchpriority=\"high\" decoding=\"async\" width=\"683\" height=\"1024\" src=\"https:\/\/iwell-guard.com\/wp-content\/uploads\/2026\/04\/goetter_germanisch_odin-683x1024.webp\" class=\"attachment-large size-large wp-image-162723\" alt=\"Odin \u2013 bogovi iz germanske tradicije, zgodovinsko-ilustrativno\" srcset=\"https:\/\/iwell-guard.com\/wp-content\/uploads\/2026\/04\/goetter_germanisch_odin-683x1024.webp 683w, https:\/\/iwell-guard.com\/wp-content\/uploads\/2026\/04\/goetter_germanisch_odin-200x300.webp 200w, https:\/\/iwell-guard.com\/wp-content\/uploads\/2026\/04\/goetter_germanisch_odin-768x1152.webp 768w, https:\/\/iwell-guard.com\/wp-content\/uploads\/2026\/04\/goetter_germanisch_odin.webp 1024w\" sizes=\"(max-width: 683px) 100vw, 683px\" \/>\t\t\t\t\t\t\t\t\t\t\t\t\t\t\t<\/div>\n\t\t\t\t\t<\/div>\n\t\t\t\t<\/div>\n\t\t\t\t\t<\/div>\n\t\t\t\t<\/div>\n\t\t\t\t<section class=\"elementor-section elementor-top-section elementor-element elementor-element-sec-iwgcomp2-germanisch elementor-section-boxed elementor-section-height-default elementor-section-height-default\" data-id=\"sec-iwgcomp2-germanisch\" data-element_type=\"section\" data-e-type=\"section\">\n\t\t\t\t\t\t<div class=\"elementor-container elementor-column-gap-default\">\n\t\t\t\t\t<div class=\"elementor-column elementor-col-100 elementor-top-column elementor-element elementor-element-col-iwgcomp2-germanisch\" data-id=\"col-iwgcomp2-germanisch\" data-element_type=\"column\" data-e-type=\"column\">\n\t\t\t<div class=\"elementor-widget-wrap elementor-element-populated\">\n\t\t\t\t\t\t<div class=\"elementor-element elementor-element-iwgcomp2-germanisch elementor-widget elementor-widget-text-editor\" data-id=\"iwgcomp2-germanisch\" data-element_type=\"widget\" data-e-type=\"widget\" data-widget_type=\"text-editor.default\">\n\t\t\t\t\t\t\t\t\t<p>Ta stran dokumentira <strong>germansko<\/strong> religijo od <span class=\"iwg-fachbegriff\" data-tooltip=\"Prazgodovinska doba po bronasti dobi, za katero je zna\u010dilna obdelava \u017eeleza.\" tabindex=\"0\">\u017eelezne dobe<\/span>&#8211;<span class=\"iwg-fachbegriff\" data-tooltip=\"Celota bogov neke religije ali kulture.\" tabindex=\"0\">panteona<\/span> do dobe Edde.<\/p>\t\t\t\t\t\t\t\t<\/div>\n\t\t\t\t\t<\/div>\n\t\t<\/div>\n\t\t\t\t\t<\/div>\n\t\t<\/section>\n\t\t<div class=\"elementor-element elementor-element-clstrsec-aj12-germanis e-con-boxed e-flex e-con e-parent\" data-id=\"clstrsec-aj12-germanis\" data-element_type=\"container\" data-e-type=\"container\">\n\t\t\t\t\t<div class=\"e-con-inner\">\n\t\t\t\t<div class=\"elementor-element elementor-element-clstrh2-aj12-german elementor-widget elementor-widget-heading\" data-id=\"clstrh2-aj12-german\" data-element_type=\"widget\" data-e-type=\"widget\" data-widget_type=\"heading.default\">\n\t\t\t\t\t<h2 class=\"elementor-heading-title elementor-size-default\">Edda, bogovi in nordijski miti<\/h2>\t\t\t\t<\/div>\n\t\t<div class=\"elementor-element elementor-element-aj12-cluster-text-germanis e-con-full e-flex e-con e-child\" data-id=\"aj12-cluster-text-germanis\" data-element_type=\"container\" data-e-type=\"container\">\n\t\t\t\t<div class=\"elementor-element elementor-element-aj12-cluster-text-german-t elementor-widget elementor-widget-text-editor\" data-id=\"aj12-cluster-text-german-t\" data-element_type=\"widget\" data-e-type=\"widget\" data-widget_type=\"text-editor.default\">\n\t\t\t\t\t\t\t\t\t<p>Germanska religija je z virsko-kriti\u010dnega vidika zahtevna tradicija. Kar vemo, izvira skoraj v celoti iz kr\u0161\u010dansko-islandskega poznega izro\u010dila: Pesni\u0161ka Edda in Snorrijeva Edda sta bili sestavljeni v 13. stoletju, dolgo potem, ko je severnja\u0161ko poganstvo prenehalo biti \u017eiva religija.<\/p><p>Predkr\u0161\u010danski napisi, rune in krajevna imena dopolnjujejo sliko, vendar je ne nadome\u0161\u010dajo.<\/p>\n<p>V sredi\u0161\u010du stojita dva bo\u017eja rodova: bojeviti Asi okoli Odina, Torja, Tyra in Frigg, ter s plodnostjo povezani Vani okoli Freyja, Freyje in Nj\u00f6rda.<\/p><p>Mitolo\u0161ko je sistem dinami\u010den: kon\u010da se v Ragnar\u00f6ku, propadu bogov, s \u010dimer pridobi eshatolo\u0161ko globino, kakr\u0161ne drugi politeisti\u010dni sistemi ne poznajo.<\/p>\n<p><strong>Ljudska religija<\/strong> se je vrtela okoli varuhov duhov: hi\u0161nih duhov (hausv\u00e4ttr), zemeljskih duhov (landv\u00e4ttir), fylgij (osebnih usodnih duhov) in dis (\u017eenskih prednikovskih duhov). Ta plast je religijsko-zgodovinsko pogosto globlja in starej\u0161a od asovske <span class=\"iwg-fachbegriff\" data-tooltip=\"Celota izro\u010denih pripovedi o bogovih neke kulture.\" tabindex=\"0\">mitologije<\/span> in je v skandinavskih ljudskih \u0161egah \u017eivela vse do 19. stoletja.<\/p>\t\t\t\t\t\t\t\t<\/div>\n\t\t\t\t<\/div>\n\t\t\t\t\t<\/div>\n\t\t\t\t<\/div>\n\t\t<div class=\"elementor-element elementor-element-k-germanisch-s1 e-con-boxed e-flex e-con e-parent\" data-id=\"k-germanisch-s1\" data-element_type=\"container\" data-e-type=\"container\">\n\t\t\t\t\t<div class=\"e-con-inner\">\n\t\t\t\t<div class=\"elementor-element elementor-element-k-germanisch-h1 elementor-widget elementor-widget-heading\" data-id=\"k-germanisch-h1\" data-element_type=\"widget\" data-e-type=\"widget\" data-widget_type=\"heading.default\">\n\t\t\t\t\t<h2 class=\"elementor-heading-title elementor-size-default\">Uvrstitev<\/h2>\t\t\t\t<\/div>\n\t\t<div class=\"elementor-element elementor-element-aj11-inner-0003 e-con-full e-flex e-con e-child\" data-id=\"aj11-inner-0003\" data-element_type=\"container\" data-e-type=\"container\">\n\t\t\t\t<div class=\"elementor-element elementor-element-k-germanisch-t1 elementor-widget elementor-widget-text-editor\" data-id=\"k-germanisch-t1\" data-element_type=\"widget\" data-e-type=\"widget\" data-widget_type=\"text-editor.default\">\n\t\t\t\t\t\t\t\t\t<p><strong>\u010casovni okvir:<\/strong> <span class=\"iwg-fachbegriff\" data-tooltip=\"Prazgodovinska doba, v kateri je bila bronica najpomembnej\u0161a kovina za orodja.\" tabindex=\"0\">bronasta doba<\/span> (1500 pr. n. \u0161t.) do pokristjanjenja (10.\u201312. stol.). Besedila: Snorrova Edda (1220), Pesni\u0161ka Edda.<\/p><p>Raz\u0161irjenost: Skandinavija, celinska Germanija, Britansko oto\u010dje. Ekspanzija v \u010dasu Vikingov vse do Rusije in Severne Amerike.<\/p><p>Viri: Snorrova Edda, Pesni\u0161ka Edda, skaldsko pesni\u0161tvo, Saxo Grammaticus, Tacitova Germania, runski napisi.<\/p><p><span class=\"iwg-fachbegriff\" data-tooltip=\"Celota bogov neke religije ali kulture.\" tabindex=\"0\">Panteon<\/span> in razredi bitij: Azi (Odin, Tor, Frigg), Vani (Freyr, Freyja), velikani, \u0161krati, albi, norne.<\/p>\t\t\t\t\t\t\t\t<\/div>\n\t\t\t\t<\/div>\n\t\t\t\t\t<\/div>\n\t\t\t\t<\/div>\n\t\t<div class=\"elementor-element elementor-element-x-germanisch-s100 e-con-boxed e-flex e-con e-parent\" data-id=\"x-germanisch-s100\" data-element_type=\"container\" data-e-type=\"container\">\n\t\t\t\t\t<div class=\"e-con-inner\">\n\t\t\t\t<div class=\"elementor-element elementor-element-x-germanisch-h100 elementor-widget elementor-widget-heading\" data-id=\"x-germanisch-h100\" data-element_type=\"widget\" data-e-type=\"widget\" data-widget_type=\"heading.default\">\n\t\t\t\t\t<h2 class=\"elementor-heading-title elementor-size-default\">Zgodovina in panteon<\/h2>\t\t\t\t<\/div>\n\t\t<div class=\"elementor-element elementor-element-aj11-inner-0004 e-con-full e-flex e-con e-child\" data-id=\"aj11-inner-0004\" data-element_type=\"container\" data-e-type=\"container\">\n\t\t\t\t<div class=\"elementor-element elementor-element-x-germanisch-t100 elementor-widget elementor-widget-text-editor\" data-id=\"x-germanisch-t100\" data-element_type=\"widget\" data-e-type=\"widget\" data-widget_type=\"text-editor.default\">\n\t\t\t\t\t\t\t\t\t<p>Germanska religija pred pokristjanjenjem je znana le prek arheolo\u0161kih pri\u010devanj, poznih pisnih izro\u010dil (Ede) in <span class=\"iwg-fachbegriff\" data-tooltip=\"Doba gr\u0161ke in rimske kulture, pribli\u017eno od 800 pr. n. \u0161t. do 600 n. \u0161t.\" tabindex=\"0\">anti\u010dnih<\/span> virov (Tacit). Rekonstruirani <span class=\"iwg-fachbegriff\" data-tooltip=\"Celota bogov neke religije ali kulture.\" tabindex=\"0\">panteon<\/span> se deli na dve kozmi\u010dni dinastiji: Aze (bogove reda in vojne, ki jih vodita Odin in Tor) in Vane (bogove plodnosti in <span class=\"iwg-fachbegriff\" data-tooltip=\"Prakse, ki z posebnimi dejanji ali formulami sku\u0161ajo pose\u010di v potek dogodkov.\" tabindex=\"0\">magije<\/span>). Mitolo\u0161ko je to zabele\u017eeno kot nekdanja vojna med dinastijama.<\/p><p>Kozmi\u010dno kon\u010dno stanje Ragnar\u00f6k opisuje cikli\u010dno uni\u010denje in ponovno rojstvo sveta. Pomembne osebe so Odin (modrost, vojna, <span class=\"iwg-fachbegriff\" data-tooltip=\"Prakse, ki z posebnimi dejanji ali formulami sku\u0161ajo pose\u010di v potek dogodkov.\" tabindex=\"0\">magija<\/span>), Tor (grom, red), Freyja (ljubezen, vojna, <span class=\"iwg-fachbegriff\" data-tooltip=\"Prakse, ki z posebnimi dejanji ali formulami sku\u0161ajo pose\u010di v potek dogodkov.\" tabindex=\"0\">magija<\/span>) in Loki (kaos, prestopanje meja).<\/p><p>Pisni viri izvirajo od avtorjev kr\u0161\u010danske dobe in so zato ideolo\u0161ko obarvani; izvirni obredi so izgubljeni.<\/p>\t\t\t\t\t\t\t\t<\/div>\n\t\t\t\t<\/div>\n\t\t\t\t\t<\/div>\n\t\t\t\t<\/div>\n\t\t<div class=\"elementor-element elementor-element-x-germanisch-s101 e-con-boxed e-flex e-con e-parent\" data-id=\"x-germanisch-s101\" data-element_type=\"container\" data-e-type=\"container\">\n\t\t\t\t\t<div class=\"e-con-inner\">\n\t\t\t\t<div class=\"elementor-element elementor-element-x-germanisch-h101 elementor-widget elementor-widget-heading\" data-id=\"x-germanisch-h101\" data-element_type=\"widget\" data-e-type=\"widget\" data-widget_type=\"heading.default\">\n\t\t\t\t\t<h2 class=\"elementor-heading-title elementor-size-default\">Bitja v vsakdanjem \u017eivljenju<\/h2>\t\t\t\t<\/div>\n\t\t<div class=\"elementor-element elementor-element-aj11-inner-0005 e-con-full e-flex e-con e-child\" data-id=\"aj11-inner-0005\" data-element_type=\"container\" data-e-type=\"container\">\n\t\t\t\t<div class=\"elementor-element elementor-element-x-germanisch-t101 elementor-widget elementor-widget-text-editor\" data-id=\"x-germanisch-t101\" data-element_type=\"widget\" data-e-type=\"widget\" data-widget_type=\"text-editor.default\">\n\t\t\t\t\t\t\t\t\t<p>Rekonstruirane prakse obsegajo daritvene obrede (bl\u00f3t), runsko vede\u017eevanje in obredna dejanja za \u017eetev in vojno. Sveti gozdovi in studenci so bili kultna sredi\u0161\u010da, skaldi in duhovniki so upravljali mitolo\u0161ko znanje, za\u0161\u010ditni obredi in runska pisava pa so slu\u017eili duhovni obrambi.<\/p><p>Pokristjanjenje od 8. do 12. stoletja je te prakse izpodrinilo, vendar so pre\u017eivele v ljudskih izro\u010dilih (valpurgina no\u010d, majske slavnosti) in v regionalnem verovanju v duhove. Duhovna bitja, kot so alfi (elfi) in disir (varu\u0161ki duhovi), so ostala prisotna v ljudskem izro\u010dilu, prerokinje (v\u00f6lve) pa so bile specializirane strokovnjakinje za stik z duhovi.<\/p>\t\t\t\t\t\t\t\t<\/div>\n\t\t\t\t<\/div>\n\t\t\t\t\t<\/div>\n\t\t\t\t<\/div>\n\t\t<div class=\"elementor-element elementor-element-x-germanisch-s102 e-con-boxed e-flex e-con e-parent\" data-id=\"x-germanisch-s102\" data-element_type=\"container\" data-e-type=\"container\">\n\t\t\t\t\t<div class=\"e-con-inner\">\n\t\t\t\t<div class=\"elementor-element elementor-element-x-germanisch-h102 elementor-widget elementor-widget-heading\" data-id=\"x-germanisch-h102\" data-element_type=\"widget\" data-e-type=\"widget\" data-widget_type=\"heading.default\">\n\t\t\t\t\t<h2 class=\"elementor-heading-title elementor-size-default\">Sodoben pomen<\/h2>\t\t\t\t<\/div>\n\t\t<div class=\"elementor-element elementor-element-aj11-inner-0006 e-con-full e-flex e-con e-child\" data-id=\"aj11-inner-0006\" data-element_type=\"container\" data-e-type=\"container\">\n\t\t\t\t<div class=\"elementor-element elementor-element-x-germanisch-t102 elementor-widget elementor-widget-text-editor\" data-id=\"x-germanisch-t102\" data-element_type=\"widget\" data-e-type=\"widget\" data-widget_type=\"text-editor.default\">\n\t\t\t\t\t\t\t\t\t<p>Germanska religija ne obstaja ve\u010d kot \u017eivo izro\u010dilo. Njena arheolo\u0161ka in literarna rekonstrukcija je akademsko strogo utemeljena, vendar ostaja ugibalna. Sodobno gibanje Asatru posku\u0161a od 20. stoletja naprej z o\u017eivitvijo, vendar je ideolo\u0161ko heterogeno in so ga si prilastile skrajno desne skupine.<\/p><p>Popularna kultura (Tolkien, Marvelov Tor, videoigre) je nordijsko <span class=\"iwg-fachbegriff\" data-tooltip=\"Celota izro\u010denih zgodb o bogovih neke kulture.\" tabindex=\"0\">mitologijo<\/span> estetizirala in jo naredila dostopno mno\u017ei\u010dni kulturi. Miti danes slu\u017eijo kot metafore za psiholo\u0161ke in eksistencialne teme, ne kot \u017eiv verski sistem.<\/p>\t\t\t\t\t\t\t\t<\/div>\n\t\t\t\t<\/div>\n\t\t\t\t\t<\/div>\n\t\t\t\t<\/div>\n\t\t<div class=\"elementor-element elementor-element-k-germanisch-s2 e-con-boxed e-flex e-con e-parent\" data-id=\"k-germanisch-s2\" data-element_type=\"container\" data-e-type=\"container\">\n\t\t\t\t\t<div class=\"e-con-inner\">\n\t\t\t\t<div class=\"elementor-element elementor-element-k-germanisch-h2 elementor-widget elementor-widget-heading\" data-id=\"k-germanisch-h2\" data-element_type=\"widget\" data-e-type=\"widget\" data-widget_type=\"heading.default\">\n\t\t\t\t\t<h2 class=\"elementor-heading-title elementor-size-default\">Bogovi (12)<\/h2>\t\t\t\t<\/div>\n\t\t<div class=\"elementor-element elementor-element-aj11-inner-0007 e-con-full e-flex e-con e-child\" data-id=\"aj11-inner-0007\" data-element_type=\"container\" data-e-type=\"container\">\n\t\t\t\t<div class=\"elementor-element elementor-element-k-germanisch-t2 elementor-widget elementor-widget-text-editor\" data-id=\"k-germanisch-t2\" data-element_type=\"widget\" data-e-type=\"widget\" data-widget_type=\"text-editor.default\">\n\t\t\t\t\t\t\t\t\t<div class=\"iwg-wesen-grid\"><a class=\"iwg-wesen-card\" href=\"https:\/\/iwell-guard.com\/sl\/freyja\/\" aria-label=\"Freyja\"><div class=\"iwg-wesen-card-imgwrap\"><img decoding=\"async\" src=\"https:\/\/iwell-guard.com\/wp-content\/uploads\/2026\/04\/goetter_germanisch_freyja-200x300.webp\" alt=\"Freyja\" loading=\"lazy\"><\/div><div class=\"iwg-wesen-card-body\"><div class=\"iwg-wesen-card-name\">Freyja<\/div><div class=\"iwg-wesen-card-arrow\">\u2192 K bitju<\/div><\/div><\/a><a class=\"iwg-wesen-card\" href=\"https:\/\/iwell-guard.com\/sl\/frigg\/\" aria-label=\"Frigg\"><div class=\"iwg-wesen-card-imgwrap\"><img decoding=\"async\" src=\"https:\/\/iwell-guard.com\/wp-content\/uploads\/2026\/04\/goetter_germanisch_frigg-200x300.webp\" alt=\"Frigg\" loading=\"lazy\"><\/div><div class=\"iwg-wesen-card-body\"><div class=\"iwg-wesen-card-name\">Frigg<\/div><div class=\"iwg-wesen-card-arrow\">\u2192 K bitju<\/div><\/div><\/a><a class=\"iwg-wesen-card\" href=\"https:\/\/iwell-guard.com\/sl\/hel\/\" aria-label=\"Hel\"><div class=\"iwg-wesen-card-imgwrap\"><img decoding=\"async\" src=\"https:\/\/iwell-guard.com\/wp-content\/uploads\/2026\/04\/goetter_germanisch_hel-200x300.webp\" alt=\"Hel\" loading=\"lazy\"><\/div><div class=\"iwg-wesen-card-body\"><div class=\"iwg-wesen-card-name\">Hel<\/div><div class=\"iwg-wesen-card-arrow\">\u2192 K bitju<\/div><\/div><\/a><a class=\"iwg-wesen-card\" href=\"https:\/\/iwell-guard.com\/sl\/loki\/\" aria-label=\"Loki\"><div class=\"iwg-wesen-card-imgwrap\"><img decoding=\"async\" src=\"https:\/\/iwell-guard.com\/wp-content\/uploads\/2026\/04\/goetter_germanisch_loki-200x300.webp\" alt=\"Loki\" loading=\"lazy\"><\/div><div class=\"iwg-wesen-card-body\"><div class=\"iwg-wesen-card-name\">Loki<\/div><div class=\"iwg-wesen-card-arrow\">\u2192 K bitju<\/div><\/div><\/a><a class=\"iwg-wesen-card\" href=\"https:\/\/iwell-guard.com\/sl\/odin\/\" aria-label=\"Odin\"><div class=\"iwg-wesen-card-imgwrap\"><img decoding=\"async\" src=\"https:\/\/iwell-guard.com\/wp-content\/uploads\/2026\/04\/goetter_germanisch_odin-200x300.webp\" alt=\"Odin\" loading=\"lazy\"><\/div><div class=\"iwg-wesen-card-body\"><div class=\"iwg-wesen-card-name\">Odin<\/div><div class=\"iwg-wesen-card-arrow\">\u2192 K bitju<\/div><\/div><\/a><a class=\"iwg-wesen-card\" href=\"https:\/\/iwell-guard.com\/sl\/thor\/\" aria-label=\"Thor\"><div class=\"iwg-wesen-card-imgwrap\"><img decoding=\"async\" src=\"https:\/\/iwell-guard.com\/wp-content\/uploads\/2026\/04\/goetter_germanisch_thor-200x300.webp\" alt=\"Thor\" loading=\"lazy\"><\/div><div class=\"iwg-wesen-card-body\"><div class=\"iwg-wesen-card-name\">Thor<\/div><div class=\"iwg-wesen-card-arrow\">\u2192 K bitju<\/div><\/div><\/a><a class=\"iwg-wesen-card\" href=\"https:\/\/iwell-guard.com\/sl\/tyr\/\" aria-label=\"Tyr\"><div class=\"iwg-wesen-card-imgwrap\"><img decoding=\"async\" src=\"https:\/\/iwell-guard.com\/wp-content\/uploads\/2026\/05\/goetter_germanisch_tyr-1-200x300.webp\" alt=\"Tyr\" loading=\"lazy\"><\/div><div class=\"iwg-wesen-card-body\"><div class=\"iwg-wesen-card-name\">Tyr<\/div><div class=\"iwg-wesen-card-arrow\">\u2192 K bitju<\/div><\/div><\/a><a class=\"iwg-wesen-card\" href=\"https:\/\/iwell-guard.com\/sl\/heimdall\/\" aria-label=\"Heimdall\"><div class=\"iwg-wesen-card-imgwrap\"><img decoding=\"async\" src=\"https:\/\/iwell-guard.com\/wp-content\/uploads\/2026\/05\/goetter_germanisch_heimdall-200x300.webp\" alt=\"Heimdall\" loading=\"lazy\"><\/div><div class=\"iwg-wesen-card-body\"><div class=\"iwg-wesen-card-name\">Heimdall<\/div><div class=\"iwg-wesen-card-arrow\">\u2192 K bitju<\/div><\/div><\/a><a class=\"iwg-wesen-card\" href=\"https:\/\/iwell-guard.com\/sl\/baldur\/\" aria-label=\"Baldur\"><div class=\"iwg-wesen-card-imgwrap\"><img decoding=\"async\" src=\"https:\/\/iwell-guard.com\/wp-content\/uploads\/2026\/05\/goetter_germanisch_baldur-200x300.webp\" alt=\"Baldur\" loading=\"lazy\"><\/div><div class=\"iwg-wesen-card-body\"><div class=\"iwg-wesen-card-name\">Baldur<\/div><div class=\"iwg-wesen-card-arrow\">\u2192 K bitju<\/div><\/div><\/a><a class=\"iwg-wesen-card\" href=\"https:\/\/iwell-guard.com\/sl\/idun\/\" aria-label=\"Idun\"><div class=\"iwg-wesen-card-imgwrap\"><img decoding=\"async\" src=\"https:\/\/iwell-guard.com\/wp-content\/uploads\/2026\/05\/goetter_germanisch_idun-200x300.webp\" alt=\"Idun\" loading=\"lazy\"><\/div><div class=\"iwg-wesen-card-body\"><div class=\"iwg-wesen-card-name\">Idun<\/div><div class=\"iwg-wesen-card-arrow\">\u2192 K bitju<\/div><\/div><\/a><a class=\"iwg-wesen-card\" href=\"https:\/\/iwell-guard.com\/sl\/njord\/\" aria-label=\"Njord\"><div class=\"iwg-wesen-card-imgwrap\"><img decoding=\"async\" src=\"https:\/\/iwell-guard.com\/wp-content\/uploads\/2026\/05\/goetter_germanisch_njord-200x300.webp\" alt=\"Njord\" loading=\"lazy\"><\/div><div class=\"iwg-wesen-card-body\"><div class=\"iwg-wesen-card-name\">Njord<\/div><div class=\"iwg-wesen-card-arrow\">\u2192 K bitju<\/div><\/div><\/a><a class=\"iwg-wesen-card\" href=\"https:\/\/iwell-guard.com\/sl\/freyr\/\" aria-label=\"Freyr\"><div class=\"iwg-wesen-card-imgwrap\"><img decoding=\"async\" src=\"https:\/\/iwell-guard.com\/wp-content\/uploads\/2026\/05\/goetter_germanisch_freyr-200x300.webp\" alt=\"Freyr\" loading=\"lazy\"><\/div><div class=\"iwg-wesen-card-body\"><div class=\"iwg-wesen-card-name\">Freyr<\/div><div class=\"iwg-wesen-card-arrow\">\u2192 K bitju<\/div><\/div><\/a><\/div>\t\t\t\t\t\t\t\t<\/div>\n\t\t\t\t<\/div>\n\t\t\t\t\t<\/div>\n\t\t\t\t<\/div>\n\t\t<div class=\"elementor-element elementor-element-k-germanisch-s3 e-con-boxed e-flex e-con e-parent\" data-id=\"k-germanisch-s3\" data-element_type=\"container\" data-e-type=\"container\">\n\t\t\t\t\t<div class=\"e-con-inner\">\n\t\t\t\t<div class=\"elementor-element elementor-element-k-germanisch-h3 elementor-widget elementor-widget-heading\" data-id=\"k-germanisch-h3\" data-element_type=\"widget\" data-e-type=\"widget\" data-widget_type=\"heading.default\">\n\t\t\t\t\t<h2 class=\"elementor-heading-title elementor-size-default\">Duhovi (6)<\/h2>\t\t\t\t<\/div>\n\t\t<div class=\"elementor-element elementor-element-aj11-inner-0008 e-con-full e-flex e-con e-child\" data-id=\"aj11-inner-0008\" data-element_type=\"container\" data-e-type=\"container\">\n\t\t\t\t<div class=\"elementor-element elementor-element-k-germanisch-t3 elementor-widget elementor-widget-text-editor\" data-id=\"k-germanisch-t3\" data-element_type=\"widget\" data-e-type=\"widget\" data-widget_type=\"text-editor.default\">\n\t\t\t\t\t\t\t\t\t<div class=\"iwg-wesen-grid\"><a class=\"iwg-wesen-card\" href=\"https:\/\/iwell-guard.com\/sl\/alp\/\" aria-label=\"Alp\"><div class=\"iwg-wesen-card-imgwrap\"><img decoding=\"async\" src=\"https:\/\/iwell-guard.com\/wp-content\/uploads\/2026\/04\/geister_germanisch_alp-200x300.webp\" alt=\"Alp\" loading=\"lazy\"><\/div><div class=\"iwg-wesen-card-body\"><div class=\"iwg-wesen-card-name\">Alp<\/div><div class=\"iwg-wesen-card-arrow\">\u2192 K bitju<\/div><\/div><\/a><a class=\"iwg-wesen-card\" href=\"https:\/\/iwell-guard.com\/sl\/draugr\/\" aria-label=\"Draugr\"><div class=\"iwg-wesen-card-imgwrap\"><img decoding=\"async\" src=\"https:\/\/iwell-guard.com\/wp-content\/uploads\/2026\/04\/geister_germanisch_draugr-200x300.webp\" alt=\"Draugr\" loading=\"lazy\"><\/div><div class=\"iwg-wesen-card-body\"><div class=\"iwg-wesen-card-name\">Draugr<\/div><div class=\"iwg-wesen-card-arrow\">\u2192 K bitju<\/div><\/div><\/a><a class=\"iwg-wesen-card\" href=\"https:\/\/iwell-guard.com\/sl\/mahr\/\" aria-label=\"Mahr\"><div class=\"iwg-wesen-card-imgwrap\"><img decoding=\"async\" src=\"https:\/\/iwell-guard.com\/wp-content\/uploads\/2026\/04\/geister_germanisch_mahr-200x300.webp\" alt=\"Mahr\" loading=\"lazy\"><\/div><div class=\"iwg-wesen-card-body\"><div class=\"iwg-wesen-card-name\">Mahr<\/div><div class=\"iwg-wesen-card-arrow\">\u2192 K bitju<\/div><\/div><\/a><a class=\"iwg-wesen-card\" href=\"https:\/\/iwell-guard.com\/sl\/nix\/\" aria-label=\"Nix\"><div class=\"iwg-wesen-card-imgwrap\"><img decoding=\"async\" src=\"https:\/\/iwell-guard.com\/wp-content\/uploads\/2026\/04\/geister_germanisch_nix-200x300.webp\" alt=\"Nix\" loading=\"lazy\"><\/div><div class=\"iwg-wesen-card-body\"><div class=\"iwg-wesen-card-name\">Nix<\/div><div class=\"iwg-wesen-card-arrow\">\u2192 K bitju<\/div><\/div><\/a><a class=\"iwg-wesen-card\" href=\"https:\/\/iwell-guard.com\/sl\/trol\/\" aria-label=\"Trol\"><div class=\"iwg-wesen-card-imgwrap\"><img decoding=\"async\" src=\"https:\/\/iwell-guard.com\/wp-content\/uploads\/2026\/04\/geister_germanisch_troll-200x300.webp\" alt=\"Trol\" loading=\"lazy\"><\/div><div class=\"iwg-wesen-card-body\"><div class=\"iwg-wesen-card-name\">Trol<\/div><div class=\"iwg-wesen-card-arrow\">\u2192 K bitju<\/div><\/div><\/a><a class=\"iwg-wesen-card\" href=\"https:\/\/iwell-guard.com\/sl\/ragnarok-propad-svetov-nordijska-mitologija\/\" aria-label=\"Ragnar\u00f6k \u2013 propad svetov v nordijski mitologiji\"><div class=\"iwg-wesen-card-imgwrap\"><img decoding=\"async\" src=\"https:\/\/iwell-guard.com\/wp-content\/uploads\/2026\/05\/phaenomene_germanisch_ragnaroek-200x300.webp\" alt=\"Ragnar\u00f6k \u2013 propad svetov v nordijski mitologiji\" loading=\"lazy\"><\/div><div class=\"iwg-wesen-card-body\"><div class=\"iwg-wesen-card-name\">Ragnar\u00f6k \u2013 propad svetov v nordijski mitologiji<\/div><div class=\"iwg-wesen-card-arrow\">\u2192 K bitju<\/div><\/div><\/a><\/div>\t\t\t\t\t\t\t\t<\/div>\n\t\t\t\t<\/div>\n\t\t\t\t\t<\/div>\n\t\t\t\t<\/div>\n\t\t<div class=\"elementor-element elementor-element-x-germanisch-s-faq e-con-boxed e-flex e-con e-parent\" data-id=\"x-germanisch-s-faq\" data-element_type=\"container\" data-e-type=\"container\">\n\t\t\t\t\t<div class=\"e-con-inner\">\n\t\t\t\t<div class=\"elementor-element elementor-element-x-germanisch-h-faq elementor-widget elementor-widget-heading\" data-id=\"x-germanisch-h-faq\" data-element_type=\"widget\" data-e-type=\"widget\" data-widget_type=\"heading.default\">\n\t\t\t\t\t<h2 class=\"elementor-heading-title elementor-size-default\">Pogosta vpra\u0161anja o nordijskih bogovih<\/h2>\t\t\t\t<\/div>\n\t\t<div class=\"elementor-element elementor-element-aj11-inner-0006 e-con-full e-flex e-con e-child\" data-id=\"aj11-inner-0006\" data-element_type=\"container\" data-e-type=\"container\">\n\t\t\t\t<div class=\"elementor-element elementor-element-x-germanisch-t-faq elementor-widget elementor-widget-text-editor\" data-id=\"x-germanisch-t-faq\" data-element_type=\"widget\" data-e-type=\"widget\" data-widget_type=\"text-editor.default\">\n\t\t\t\t\t\t\t\t\t<h3>Koliko nordijskih bogov obstaja?<\/h3>\n<p>Nordijski <span class=\"iwg-fachbegriff\" data-tooltip=\"Celota bogov neke religije ali kulture.\" tabindex=\"0\">panteon<\/span> obsega dva rodova bogov: Aze (Aesir) s pribli\u017eno 13 glavnimi bogovi (Odin, Thor, Tyr, Heimdall, Baldur, Bragi, Forseti, Hodur, Vidar, Vali, Ull idr.) in Vane (Vanir) s Nj\u00f6rdom, Freyrjem in Freyjo kot osrednjimi liki.<\/p><p>Poleg tega so tu \u0161e azinje (Frigg, Idun, Sif, Skadi, Saga) ter ne\u0161teta naravna bitja, velikani, \u0161krati, elfi in valkire. Skupno Edda po imenu navaja pribli\u017eno 50 do 60 bogov in boginj.<\/p>\n<h3>Kdo je vrhovni nordijski bog?<\/h3>\n<p>Odin (tudi Wodan ali Woden) je glavni bog panteona Azov, bog modrosti, poezije, <span class=\"iwg-fachbegriff\" data-tooltip=\"Prakse, ki sku\u0161ajo s posebnimi dejanji ali formulami vplivati na potek stvari.\" tabindex=\"0\">magije<\/span>, vojne in mrtvih. Za po\u017eirek iz Mimirjevega vodnjaka je dal svoje oko in devet dni visel na svetovnem drevesu Yggdrasil, da bi si pridobil rune.<\/p><p>Thor je njegov sin in v ljudskem verovanju, zlasti med kmeti in pomor\u0161\u010daki, priljubljenej\u0161i, vendar kozmi\u010dni primat pripada Odinu.<\/p>\n<h3>Kaj razlikuje Aze in Vane?<\/h3>\n<p>Azi in Vani so dva rodova bogov. Azi (Odin, Thor, Tyr, Heimdall, Baldur) predstavljajo vojno, pravo, kraljevanje in usodo; Vani (Nj\u00f6rd, Freyr, Freyja) pa rodovitnost, mir in bogastvo.<\/p><p>Po vojni med Azi in Vani sta rodova izmenjala talce, Nj\u00f6rd, Freyr in Freyja so tako pri\u0161li k Azom. Z religiologijskega vidika velja ta lo\u010ditev za spomin na zlitje dveh predgermanskih verskih plasti.<\/p>\n<h3>Kaj je Ragnar\u00f6k in kdaj se zgodi?<\/h3>\n<p>Ragnar\u00f6k je somrak bogov, konec sedanjega svetovnega reda. Napovedujejo ga tri zime brez poletja (Fimbulzima), bratomorna vojna in razpad moralnega reda.<\/p><p>Ob Ragnar\u00f6ku se Loki osvobodi svojih vezi, volk Fenrir pogoltne Odina, Thor umori Midgardsko ka\u010do in umre od njenega strupa, Freyr pade v boju s Surtom, Heimdall pa zapiha v rog Gjallarhorn. Po katastrofi se dvigne nov, o\u010di\u0161\u010den svet, ob Baldurjevi vrnitvi.<\/p>\n<h3>Kaj je Yggdrasil?<\/h3>\n<p>Yggdrasil je svetovno drevo, vedno zeleni jesen, ki nosi vesolje. Tri korenine segajo v Asgard (k bogovom), v J\u00f6tunheim (h velikanom) in v Niflheim (v podzemlje Hel); ob njih so trije vodnjaki: Urd (usoda), Mimir (modrost) in Hvergelmir (izvir).<\/p><p>Deblo povezuje devet svetov. Veverica Ratat\u00f6skr teka med orlom v vrhu drevesa in zmajem Nidh\u00f6ggom pri koreninah ter prena\u0161a \u017ealjivke med njima.<\/p>\n<h3>Kateri dan v tednu je <span class=\"iwg-fachbegriff\" data-tooltip=\"Z religioznim dejanjem posve\u010deno svetemu in tako dvignjeno iz vsakdanjega.\" tabindex=\"0\">posve\u010den<\/span> kateremu nordijskemu bogu?<\/h3>\n<p>Germanska poimenovanja dni v tednu odra\u017eajo <span class=\"iwg-fachbegriff\" data-tooltip=\"Celota bogov neke religije ali kulture.\" tabindex=\"0\">panteon<\/span>: torek (angle\u0161ko Tuesday) pripada Tyru (Tiwaz, Tiu), sreda (Wednesday) Odinu\/Wodanu, kar je v angle\u0161\u010dini neposredno razvidno kot \u00bbWoden&#8217;s day\u00ab.<\/p><p>\u010cetrtek (Thursday) je Thorov dan; nem\u0161ko ime ka\u017ee na Donarja, starej\u0161o obliko Thora. Petek (Friday) pripada Freyji ali Frigg, o \u010demer razpravlja znanost. Ta imena dni so na germanskem obmo\u010dju nadomestila rimski planetarni teden.<\/p>\n<script type=\"application\/ld+json\">{\"@context\": \"https:\/\/schema.org\", \"@type\": \"FAQPage\", \"mainEntity\": [{\"@type\": \"Question\", \"name\": \"Koliko nordijskih bogov obstaja?\", \"acceptedAnswer\": {\"@type\": \"Answer\", \"text\": \"Nordijski panteon obsega dva rodova bogov: Aze (Aesir) s pribli\u017eno 13 glavnimi bogovi (Odin, Thor, Tyr, Heimdall, Baldur, Bragi, Forseti, Hodur, Vidar, Vali, Ull idr.) in Vane (Vanir) s Nj\u00f6rdom, Freyrjem in Freyjo kot osrednjimi liki. Poleg tega so tu \u0161e azinje (Frigg, Idun, Sif, Skadi, Saga) ter ne\u0161teta naravna bitja, velikani, \u0161krati, elfi in valkire. Skupno Edda po imenu navaja pribli\u017eno 50 do 60 bogov in boginj.\"}}, {\"@type\": \"Question\", \"name\": \"Kdo je vrhovni nordijski bog?\", \"acceptedAnswer\": {\"@type\": \"Answer\", \"text\": \"Odin (tudi Wodan ali Woden) je glavni bog panteona Azov, bog modrosti, poezije, magije, vojne in mrtvih. Za po\u017eirek iz Mimirjevega vodnjaka je dal svoje oko in devet dni visel na svetovnem drevesu Yggdrasil, da bi si pridobil rune. Thor je njegov sin in v ljudskem verovanju, zlasti med kmeti in pomor\u0161\u010daki, priljubljenej\u0161i, vendar kozmi\u010dni primat pripada Odinu.\"}}, {\"@type\": \"Question\", \"name\": \"Kaj razlikuje Aze in Vane?\", \"acceptedAnswer\": {\"@type\": \"Answer\", \"text\": \"Azi in Vani so dva rodova bogov. Azi (Odin, Thor, Tyr, Heimdall, Baldur) predstavljajo vojno, pravo, kraljevanje in usodo; Vani (Nj\u00f6rd, Freyr, Freyja) pa rodovitnost, mir in bogastvo. Po vojni med Azi in Vani sta rodova izmenjala talce, Nj\u00f6rd, Freyr in Freyja so tako pri\u0161li k Azom. Znanstveno velja ta lo\u010ditev za spomin na zlitje dveh predgermanskih verskih plasti.\"}}, {\"@type\": \"Question\", \"name\": \"Kaj je Ragnar\u00f6k in kdaj se zgodi?\", \"acceptedAnswer\": {\"@type\": \"Answer\", \"text\": \"Ragnar\u00f6k je somrak bogov, konec sedanjega svetovnega reda. Napovedujejo ga tri zime brez poletja (Fimbulzima), bratomorna vojna in razpad moralnega reda. Ob Ragnar\u00f6ku se Loki osvobodi svojih vezi, volk Fenrir pogoltne Odina, Thor umori Midgardsko ka\u010do in umre od njenega strupa, Freyr pade v boju s Surtom, Heimdall pa zapiha v rog Gjallarhorn. Po katastrofi se dvigne nov, o\u010di\u0161\u010den svet, ob Baldurjevi vrnitvi.\"}}, {\"@type\": \"Question\", \"name\": \"Kaj je Yggdrasil?\", \"acceptedAnswer\": {\"@type\": \"Answer\", \"text\": \"Yggdrasil je svetovno drevo, vedno zeleni jesen, ki nosi vesolje. Tri korenine segajo v Asgard (k bogovom), v J\u00f6tunheim (h velikanom) in v Niflheim (v podzemlje Hel); ob njih so trije vodnjaki: Urd (usoda), Mimir (modrost) in Hvergelmir (izvir). Deblo povezuje devet svetov. Veverica Ratat\u00f6skr teka med orlom v vrhu drevesa in zmajem Nidh\u00f6ggom pri koreninah ter prena\u0161a \u017ealjivke med njima.\"}}, {\"@type\": \"Question\", \"name\": \"Kateri dan v tednu je posve\u010den kateremu nordijskemu bogu?\", \"acceptedAnswer\": {\"@type\": \"Answer\", \"text\": \"Germanska poimenovanja dni v tednu odra\u017eajo panteon: torek (angle\u0161ko Tuesday) pripada Tyru (Tiwaz, Tiu), sreda (Wednesday) Odinu\/Wodanu, kar je v angle\u0161\u010dini neposredno razvidno kot \u201eWoden's day\\\". \u010cetrtek (Thursday) je Thorov dan; nem\u0161ko ime ka\u017ee na Donarja, starej\u0161o obliko Thora. Petek (Friday) pripada Freyji ali Frigg, o \u010demer razpravlja znanost. Ta imena dni so na germanskem obmo\u010dju nadomestila rimski planetarni teden.\"}}]}<\/script>\t\t\t\t\t\t\t\t<\/div>\n\t\t\t\t<\/div>\n\t\t\t\t\t<\/div>\n\t\t\t\t<\/div>\n\t\t<div class=\"elementor-element elementor-element-9f85551 e-con-boxed e-flex e-con e-parent\" data-id=\"9f85551\" data-element_type=\"container\" data-e-type=\"container\">\n\t\t\t\t\t<div class=\"e-con-inner\">\n\t\t\t\t<div class=\"elementor-element elementor-element-72d1854 elementor-widget elementor-widget-heading\" data-id=\"72d1854\" data-element_type=\"widget\" data-e-type=\"widget\" data-widget_type=\"heading.default\">\n\t\t\t\t\t<h2 class=\"elementor-heading-title elementor-size-default\">Poglobitev<\/h2>\t\t\t\t<\/div>\n\t\t\t\t<div class=\"elementor-element elementor-element-1421b68 elementor-widget elementor-widget-heading\" data-id=\"1421b68\" data-element_type=\"widget\" data-e-type=\"widget\" data-widget_type=\"heading.default\">\n\t\t\t\t\t<h3 class=\"elementor-heading-title elementor-size-default\">Problematika virov<\/h3>\t\t\t\t<\/div>\n\t\t<div class=\"elementor-element elementor-element-aj11-inner-0009 e-con-full e-flex e-con e-child\" data-id=\"aj11-inner-0009\" data-element_type=\"container\" data-e-type=\"container\">\n\t\t\t\t<div class=\"elementor-element elementor-element-1faa1dd elementor-widget elementor-widget-text-editor\" data-id=\"1faa1dd\" data-element_type=\"widget\" data-e-type=\"widget\" data-widget_type=\"text-editor.default\">\n\t\t\t\t\t\t\t\t\t<p>Germanska religija je precej slab\u0161e izpri\u010dana kot gr\u0161ka ali mezopotamska. Najpomembnej\u0161i viri, Snorrijeva Prozna Edda in anonimna Pesni\u0161ka Edda, so bili zapisani v 13. stoletju na Islandiji, torej stoletja po kr\u0161\u010danizaciji.<\/p><p>Poleg tega imamo Tacitovo Germanijo, islandske sage in arheolo\u0161ke najdbe. Kontinentalna germanska tradicija je znana skoraj izklju\u010dno iz druge roke.<\/p>\t\t\t\t\t\t\t\t<\/div>\n\t\t\t\t<\/div>\n\t\t\t\t<div class=\"elementor-element elementor-element-4f78a30 elementor-widget elementor-widget-heading\" data-id=\"4f78a30\" data-element_type=\"widget\" data-e-type=\"widget\" data-widget_type=\"heading.default\">\n\t\t\t\t\t<h3 class=\"elementor-heading-title elementor-size-default\">Asi, Vani in velikani<\/h3>\t\t\t\t<\/div>\n\t\t<div class=\"elementor-element elementor-element-bw-90dac6c-19472f9 e-flex e-con-boxed e-con e-parent\" data-id=\"bw-90dac6c-19472f9\" data-element_type=\"container\" data-e-type=\"container\" data-settings=\"{&quot;background_background&quot;:&quot;classic&quot;}\">\n\t\t\t\t\t<div class=\"e-con-inner\">\n\t\t\t\t<div class=\"elementor-element elementor-element-90dac6c elementor-widget elementor-widget-text-editor\" data-id=\"90dac6c\" data-element_type=\"widget\" data-e-type=\"widget\" data-widget_type=\"text-editor.default\">\n\t\t\t\t\t\t\t\t\t<p>Germanski <span class=\"iwg-fachbegriff\" data-tooltip=\"Celota bogov neke religije ali kulture.\" tabindex=\"0\">panteon<\/span> pozna dva rodova bogov: Ase (Odin, Tor, Tir, Frigg, Loki) in starej\u0161e, s plodnostjo povezane Vane (Nj\u00f6rd, Frej, Freja).<\/p><p>Med njima je potekala vojna, ki se je kon\u010dala z izmenjavo talcev, mitologem, ki odra\u017ea zgodovinsko zlitje dveh kultnih plasti. Poleg njih stojijo velikani (J\u00f6tunn) kot kozmi\u010dne prvobitne sile.<\/p>\t\t\t\t\t\t\t\t<\/div>\n\t\t\t\t\t<\/div>\n\t\t\t\t<\/div>\n\t\t\t\t<div class=\"elementor-element elementor-element-7034308 elementor-widget elementor-widget-heading\" data-id=\"7034308\" data-element_type=\"widget\" data-e-type=\"widget\" data-widget_type=\"heading.default\">\n\t\t\t\t\t<h3 class=\"elementor-heading-title elementor-size-default\">Ragnar\u00f6k in cikli\u010dni \u010das<\/h3>\t\t\t\t<\/div>\n\t\t<div class=\"elementor-element elementor-element-bw-4c66308-86a31f7 e-flex e-con-boxed e-con e-parent\" data-id=\"bw-4c66308-86a31f7\" data-element_type=\"container\" data-e-type=\"container\" data-settings=\"{&quot;background_background&quot;:&quot;classic&quot;}\">\n\t\t\t\t\t<div class=\"e-con-inner\">\n\t\t\t\t<div class=\"elementor-element elementor-element-4c66308 elementor-widget elementor-widget-text-editor\" data-id=\"4c66308\" data-element_type=\"widget\" data-e-type=\"widget\" data-widget_type=\"text-editor.default\">\n\t\t\t\t\t\t\t\t\t<p>Druga\u010de kot ve\u010dina anti\u010dnih mitologij pozna germanska tradicija jasno dolo\u010deno konec: Ragnar\u00f6k, usodo bogov. V\u00f6lusp\u00e1 podrobno opisuje kon\u010dni boj, Tor umre v spopadu z Midgardsko ka\u010do, Odin pa v \u010deljustih volka Fenrirja.<\/p><p>Toda po tem se iz morja dvigne nova zemlja, in nekateri bogovi se vrnejo.<\/p>\t\t\t\t\t\t\t\t<\/div>\n\t\t\t\t\t<\/div>\n\t\t\t\t<\/div>\n\t\t\t\t<div class=\"elementor-element elementor-element-5a0ae0b elementor-widget elementor-widget-heading\" data-id=\"5a0ae0b\" data-element_type=\"widget\" data-e-type=\"widget\" data-widget_type=\"heading.default\">\n\t\t\t\t\t<h3 class=\"elementor-heading-title elementor-size-default\">Magi\u010dna praksa in rune<\/h3>\t\t\t\t<\/div>\n\t\t<div class=\"elementor-element elementor-element-bw-874aa76-27ff3bf e-flex e-con-boxed e-con e-parent\" data-id=\"bw-874aa76-27ff3bf\" data-element_type=\"container\" data-e-type=\"container\" data-settings=\"{&quot;background_background&quot;:&quot;classic&quot;}\">\n\t\t\t\t\t<div class=\"e-con-inner\">\n\t\t\t\t<div class=\"elementor-element elementor-element-874aa76 elementor-widget elementor-widget-text-editor\" data-id=\"874aa76\" data-element_type=\"widget\" data-e-type=\"widget\" data-widget_type=\"text-editor.default\">\n\t\t\t\t\t\t\t\t\t<p>Rune, starej\u0161i <span class=\"iwg-fachbegriff\" data-tooltip=\"Po prvih znakih poimenovano zaporedje germanske abecede run.\" tabindex=\"0\">futhark<\/span>, mlaj\u0161i in anglosa\u0161ki, so bile ve\u010d kot le pisni sistem. Napisi na oro\u017eju, amuletih in nagrobnikih pri\u010dajo o njihovi obredni uporabi, Odinova samo\u017ertev na drevesu sveta Yggdrasil pa velja za mitolo\u0161ko utemeljitev magije run.<\/p><p>Poleg tega viri poznajo galdr (peto \u010darovnijo) in sei\u00f0r, \u0161amansko prakso transa.<\/p><h3>Stanje raziskav<\/h3><p>Germansko religijo je metodolo\u0161ko zahtevno raziskovati, saj je velik del virov, Snorrijeva Edda in Gylfaginning, bil zapisan \u0161ele v 13. stoletju na \u017ee pokristjanjeni Islandiji.<\/p><p>Standardna dela so Hilda Ellis Davidson (<em>Gods and Myths of Northern Europe<\/em>, 1964), Rudolf Simek (<em>Lexikon der germanischen <span class=\"iwg-fachbegriff\" data-tooltip=\"Celota izro\u010denih pripovedi o bogovih neke kulture.\" tabindex=\"0\">Mythologie<\/span><\/em>, 1995) in Anders Hultg\u00e5rd z ve\u010d prispevki k indoevropski zgodovini religije.<\/p>\t\t\t\t\t\t\t\t<\/div>\n\t\t\t\t\t<\/div>\n\t\t\t\t<\/div>\n\t\t\t\t\t<\/div>\n\t\t\t\t<\/div>\n\t\t<div class=\"elementor-element elementor-element-iwgcc-germanis-sec e-flex e-con-boxed e-con e-parent\" data-id=\"iwgcc-germanis-sec\" data-element_type=\"container\" data-e-type=\"container\" id=\"iwg-cc-germanisch\">\n\t\t\t\t\t<div class=\"e-con-inner\">\n\t\t<div class=\"elementor-element elementor-element-iwgcc-germanis-inner e-flex e-con-boxed e-con e-parent\" data-id=\"iwgcc-germanis-inner\" data-element_type=\"container\" data-e-type=\"container\" data-settings=\"{&quot;background_background&quot;:&quot;classic&quot;}\">\n\t\t\t\t\t<div class=\"e-con-inner\">\n\t\t\t\t<div class=\"elementor-element elementor-element-iwgcc-germanis-h elementor-widget elementor-widget-heading\" data-id=\"iwgcc-germanis-h\" data-element_type=\"widget\" data-e-type=\"widget\" data-widget_type=\"heading.default\">\n\t\t\t\t\t<h2 class=\"elementor-heading-title elementor-size-default\">Za\u0161\u010ditni predmeti v tej kulturni tradiciji<\/h2>\t\t\t\t<\/div>\n\t\t\t\t<div class=\"elementor-element elementor-element-iwgcc-germanis-t elementor-widget elementor-widget-text-editor\" data-id=\"iwgcc-germanis-t\" data-element_type=\"widget\" data-e-type=\"widget\" data-widget_type=\"text-editor.default\">\n\t\t\t\t\t\t\t\t\t<div data-nosnippet=\"true\"><p>V germansko-nordijski tradiciji so bili obeski Torjevega kladiva (Mj\u00f6lnir) in runski kamni najbolj raz\u0161irjeni prenosni za\u0161\u010ditni znaki.<\/p><div data-nosnippet=\"true\"><p>iWell Guard se ume\u0161\u010da v to kulturnozgodovinsko linijo prenosnih za\u0161\u010ditnih predmetov, v sodobni materialni arhitekturi, izdelan v Nem\u010diji. 41 plasti, pravo zlato, platina, srebro. 30-dnevna pravica do vra\u010dila.<\/p><\/div><\/div>\t\t\t\t\t\t\t\t<\/div>\n\t\t\t\t<div class=\"elementor-element elementor-element-iwgcc-germanis-b iwg-cc-button iwg-cc-cta-2026-05-13 elementor-widget elementor-widget-jet-button\" data-id=\"iwgcc-germanis-b\" data-element_type=\"widget\" data-e-type=\"widget\" data-widget_type=\"jet-button.default\">\n\t\t\t\t<div class=\"elementor-widget-container\">\n\t\t\t\t\t<div class=\"elementor-jet-button jet-elements\"><div class=\"jet-button__container\"><a class=\"jet-button__instance jet-button__instance--icon-left hover-effect-1\" href=\"\/ueber-iwell-guard\/?utm_source=iwell-guard.com&amp;utm_medium=info-box&amp;utm_campaign=kultur-tradition\"><div class=\"jet-button__plane jet-button__plane-normal\"><\/div><div class=\"jet-button__plane jet-button__plane-hover\"><\/div><div class=\"jet-button__state jet-button__state-normal\"><span class=\"jet-button__label\">Ve\u010d o iWell Guard<\/span><\/div><div class=\"jet-button__state jet-button__state-hover\"><span class=\"jet-button__label\">Ve\u010d o iWell Guard<\/span><\/div><\/a><\/div><\/div><style>.elementor-element.elementor-element-iwgcc-germanis-b .jet-button__instance{width:320px;height:56px;}.elementor-element.elementor-element-iwgcc-germanis-b .jet-button__state-normal .jet-button__label{text-align:center;margin:0px 0px 0px 0px;color:#1a1b20;font-family:Montserrat,sans-serif;font-size:13px;font-weight:400;letter-spacing:4px;line-height:1.714em;text-transform:uppercase;}.elementor-element.elementor-element-iwgcc-germanis-b .jet-button__state-hover .jet-button__label{text-align:center;margin:0px 0px 0px 0px;color:#FECC76;font-family:Montserrat,sans-serif;font-size:13px;font-weight:400;letter-spacing:4px;line-height:1.714em;text-transform:uppercase;}.elementor-element.elementor-element-iwgcc-germanis-b .jet-button__plane-normal{background-color:#FECC76;border-style:solid;border-color:#C99540;border-width:2px 2px 2px 2px;}.elementor-element.elementor-element-iwgcc-germanis-b .jet-button__plane-hover{background-color:rgba(0,0,0,0.55);border-style:solid;border-color:#FECC76;border-width:2px 2px 2px 2px;}<\/style>\t\t\t\t<\/div>\n\t\t\t\t<\/div>\n\t\t\t\t<div class=\"elementor-element elementor-element-iwgcc-germanis-d elementor-widget elementor-widget-text-editor\" data-id=\"iwgcc-germanis-d\" data-element_type=\"widget\" data-e-type=\"widget\" data-widget_type=\"text-editor.default\">\n\t\t\t\t\t\t\t\t\t<div data-nosnippet=\"true\"><p style=\"text-align:center;font-size:13px;opacity:0.7;margin-top:14px\" data-nosnippet=\"true\">Osebne izku\u0161nje se lahko razlikujejo. Ni medicinski pripomo\u010dek. Brez obljube o ozdravitvi.<\/p><\/div>\t\t\t\t\t\t\t\t<\/div>\n\t\t\t\t\t<\/div>\n\t\t\t\t<\/div>\n\t\t\t\t\t<\/div>\n\t\t\t\t<\/div>\n\t\t<div class=\"elementor-element elementor-element-iwgssrev-germanisch e-flex e-con-boxed e-con e-parent\" data-id=\"iwgssrev-germanisch\" data-element_type=\"container\" data-e-type=\"container\">\n\t\t\t\t\t<div class=\"e-con-inner\">\n\t\t\t\t<div class=\"elementor-element elementor-element-iwgssrev-germanisch-h elementor-widget elementor-widget-heading\" data-id=\"iwgssrev-germanisch-h\" data-element_type=\"widget\" data-e-type=\"widget\" data-widget_type=\"heading.default\">\n\t\t\t\t\t<h2 class=\"elementor-heading-title elementor-size-default\">Za\u0161\u010ditni simboli germanskega sveta<\/h2>\t\t\t\t<\/div>\n\t\t\t\t<div class=\"elementor-element elementor-element-iwgssrev-germanisch-t elementor-widget elementor-widget-text-editor\" data-id=\"iwgssrev-germanisch-t\" data-element_type=\"widget\" data-e-type=\"widget\" data-widget_type=\"text-editor.default\">\n\t\t\t\t\t\t\t\t\t<p>Leksikon za\u0161\u010ditnih simbolov obravnava ve\u010d znakov in predmetov iz germanskega sveta na lastnih straneh: <a href=\"https:\/\/iwell-guard.com\/sl\/?page_id=160915\">brakteat<\/a>, <a href=\"https:\/\/iwell-guard.com\/sl\/?page_id=160914\">za\u0161\u010ditne rune<\/a>, <a href=\"https:\/\/iwell-guard.com\/sl\/?page_id=160869\">Torjevo kladivo<\/a>, <a href=\"https:\/\/iwell-guard.com\/sl\/?page_id=160916\">trolov kri\u017e<\/a>, <a href=\"https:\/\/iwell-guard.com\/sl\/?page_id=160882\">valknut<\/a>, <a href=\"https:\/\/iwell-guard.com\/sl\/?page_id=160883\">vegv\u00edsir<\/a> in <a href=\"https:\/\/iwell-guard.com\/sl\/?page_id=160913\">\u00e6gishj\u00e1lmur<\/a>. Kulturno primerjalni pregled ponuja stran o <a href=\"https:\/\/iwell-guard.com\/sl\/?page_id=160647\">za\u0161\u010ditnih simbolih<\/a>.<\/p>\t\t\t\t\t\t\t\t<\/div>\n\t\t\t\t\t<\/div>\n\t\t\t\t<\/div>\n\t\t\t\t<\/div>\n\t\t","protected":false},"excerpt":{"rendered":"","protected":false},"author":3,"featured_media":1723,"parent":0,"menu_order":0,"comment_status":"closed","ping_status":"closed","template":"elementor_header_footer","meta":{"_yoast_wpseo_focuskw":"nordijski bogovi","_yoast_wpseo_title":"Nordijski bogovi \u2013 Azi, Vani, Edda | iWell Guard","_yoast_wpseo_metadesc":"Nordijski bogovi in germanska mitologija: Odin, Tor, Freyja, Loki, Hel. Izro\u010dilo Edde, Yggdrasil, Ragnar\u00f6k. Panteon Azov in Vanov.","_yoast_wpseo_meta-robots-noindex":"","_yoast_wpseo_canonical":"","_angie_page":false,"gefaehrdungsstufe":"","wesen_kultur":"","wesen_klasse":"","footnotes":""},"categories":[],"class_list":["post-160357","page","type-page","status-publish","has-post-thumbnail","hentry"],"yoast_head":"<!-- This site is optimized with the Yoast SEO Premium plugin v27.7 (Yoast SEO v28.3) - https:\/\/yoast.com\/product\/yoast-seo-premium-wordpress\/ -->\n<title>Nordijski bogovi \u2013 Azi, Vani, Edda | iWell Guard<\/title>\n<meta name=\"description\" content=\"Nordijski bogovi in germanska mitologija: Odin, Tor, Freyja, Loki, Hel. Izro\u010dilo Edde, Yggdrasil, Ragnar\u00f6k. Panteon Azov in Vanov.\" \/>\n<meta name=\"robots\" content=\"index, follow, max-snippet:-1, max-image-preview:large, max-video-preview:-1\" \/>\n<link rel=\"canonical\" href=\"https:\/\/iwell-guard.com\/sl\/germanska\/\" \/>\n<meta property=\"og:locale\" content=\"sl_SI\" \/>\n<meta property=\"og:type\" content=\"article\" \/>\n<meta property=\"og:title\" content=\"Germansko\" \/>\n<meta property=\"og:description\" content=\"Nordijski bogovi in germanska mitologija: Odin, Tor, Freyja, Loki, Hel. Izro\u010dilo Edde, Yggdrasil, Ragnar\u00f6k. Panteon Azov in Vanov.\" \/>\n<meta property=\"og:url\" content=\"https:\/\/iwell-guard.com\/sl\/germanska\/\" \/>\n<meta property=\"og:site_name\" content=\"iWell Guard\" \/>\n<meta property=\"article:modified_time\" content=\"2026-09-05T00:35:17+00:00\" \/>\n<meta property=\"og:image\" content=\"https:\/\/iwell-guard.com\/wp-content\/uploads\/2026\/04\/goetter_germanisch_odin.webp\" \/>\n\t<meta property=\"og:image:width\" content=\"1024\" \/>\n\t<meta property=\"og:image:height\" content=\"1536\" \/>\n\t<meta property=\"og:image:type\" content=\"image\/webp\" \/>\n<meta name=\"twitter:card\" content=\"summary_large_image\" \/>\n<script type=\"application\/ld+json\" class=\"yoast-schema-graph\">{\"@context\":\"https:\\\/\\\/schema.org\",\"@graph\":[{\"@type\":\"WebPage\",\"@id\":\"https:\\\/\\\/iwell-guard.com\\\/sl\\\/germanska\\\/\",\"url\":\"https:\\\/\\\/iwell-guard.com\\\/sl\\\/germanska\\\/\",\"name\":\"Nordijski bogovi \u2013 Azi, Vani, Edda | iWell Guard\",\"isPartOf\":{\"@id\":\"https:\\\/\\\/iwell-guard.com\\\/sl\\\/#website\"},\"primaryImageOfPage\":{\"@id\":\"https:\\\/\\\/iwell-guard.com\\\/sl\\\/germanska\\\/#primaryimage\"},\"image\":{\"@id\":\"https:\\\/\\\/iwell-guard.com\\\/sl\\\/germanska\\\/#primaryimage\"},\"thumbnailUrl\":\"https:\\\/\\\/iwell-guard.com\\\/wp-content\\\/uploads\\\/2026\\\/04\\\/goetter_germanisch_odin.webp\",\"datePublished\":\"2026-09-05T00:20:18+00:00\",\"dateModified\":\"2026-09-05T00:35:17+00:00\",\"description\":\"Nordijski bogovi in germanska mitologija: Odin, Tor, Freyja, Loki, Hel. Izro\u010dilo Edde, Yggdrasil, Ragnar\u00f6k. Panteon Azov in Vanov.\",\"breadcrumb\":{\"@id\":\"https:\\\/\\\/iwell-guard.com\\\/sl\\\/germanska\\\/#breadcrumb\"},\"inLanguage\":\"sl-SI\",\"potentialAction\":[{\"@type\":\"ReadAction\",\"target\":[\"https:\\\/\\\/iwell-guard.com\\\/sl\\\/germanska\\\/\"]}]},{\"@type\":\"ImageObject\",\"inLanguage\":\"sl-SI\",\"@id\":\"https:\\\/\\\/iwell-guard.com\\\/sl\\\/germanska\\\/#primaryimage\",\"url\":\"https:\\\/\\\/iwell-guard.com\\\/wp-content\\\/uploads\\\/2026\\\/04\\\/goetter_germanisch_odin.webp\",\"contentUrl\":\"https:\\\/\\\/iwell-guard.com\\\/wp-content\\\/uploads\\\/2026\\\/04\\\/goetter_germanisch_odin.webp\",\"width\":1024,\"height\":1536,\"caption\":\"Bogovi iz germanske tradicije.\"},{\"@type\":\"BreadcrumbList\",\"@id\":\"https:\\\/\\\/iwell-guard.com\\\/sl\\\/germanska\\\/#breadcrumb\",\"itemListElement\":[{\"@type\":\"ListItem\",\"position\":1,\"name\":\"Start\",\"item\":\"https:\\\/\\\/iwell-guard.com\\\/sl\\\/?page_id=160323\"},{\"@type\":\"ListItem\",\"position\":2,\"name\":\"Germansko\"}]},{\"@type\":\"WebSite\",\"@id\":\"https:\\\/\\\/iwell-guard.com\\\/sl\\\/#website\",\"url\":\"https:\\\/\\\/iwell-guard.com\\\/sl\\\/\",\"name\":\"iWell Guard\",\"description\":\"Schutz vor dunklen Einfl\u00fcssen\",\"publisher\":{\"@id\":\"https:\\\/\\\/iwell-guard.com\\\/sl\\\/#organization\"},\"potentialAction\":[{\"@type\":\"SearchAction\",\"target\":{\"@type\":\"EntryPoint\",\"urlTemplate\":\"https:\\\/\\\/iwell-guard.com\\\/sl\\\/?s={search_term_string}\"},\"query-input\":{\"@type\":\"PropertyValueSpecification\",\"valueRequired\":true,\"valueName\":\"search_term_string\"}}],\"inLanguage\":\"sl-SI\"},{\"@type\":\"Organization\",\"@id\":\"https:\\\/\\\/iwell-guard.com\\\/sl\\\/#organization\",\"name\":\"Ittermann electronic GmbH\",\"url\":\"https:\\\/\\\/iwell-guard.com\\\/sl\\\/\",\"logo\":{\"@type\":\"ImageObject\",\"inLanguage\":\"sl-SI\",\"@id\":\"https:\\\/\\\/iwell-guard.com\\\/sl\\\/#\\\/schema\\\/logo\\\/image\\\/\",\"url\":\"https:\\\/\\\/iwell-guard.com\\\/wp-content\\\/uploads\\\/2026\\\/05\\\/Ittermann-Logo-1182x237-1.png\",\"contentUrl\":\"https:\\\/\\\/iwell-guard.com\\\/wp-content\\\/uploads\\\/2026\\\/05\\\/Ittermann-Logo-1182x237-1.png\",\"width\":1182,\"height\":237,\"caption\":\"Ittermann electronic GmbH\"},\"image\":{\"@id\":\"https:\\\/\\\/iwell-guard.com\\\/sl\\\/#\\\/schema\\\/logo\\\/image\\\/\"},\"sameAs\":[\"https:\\\/\\\/pantip.com\\\/profile\\\/9367242\",\"https:\\\/\\\/micro.blog\\\/iwellguard\",\"https:\\\/\\\/www.diggerslist.com\\\/iwellguard\\\/about\",\"https:\\\/\\\/skitterphoto.com\\\/photographers\\\/2870314\\\/iwell-guard\",\"https:\\\/\\\/iwellguard.wordpress.com\\\/2026\\\/06\\\/06\\\/iwell-guard\\\/\",\"https:\\\/\\\/hub.docker.com\\\/u\\\/iwellguard\",\"https:\\\/\\\/www.pinterest.com\\\/iwellguard\\\/\",\"https:\\\/\\\/bit.ly\\\/m\\\/iwellguard\",\"https:\\\/\\\/entre-vos-mains.alsace.eu\\\/profiles\\\/iwellguard\\\/activity\",\"https:\\\/\\\/gravatar.com\\\/reallybeded8fd34\",\"https:\\\/\\\/naijamatta.com\\\/iwellguard\",\"https:\\\/\\\/www.goodreads.com\\\/iwellguard\",\"https:\\\/\\\/profile.hatena.ne.jp\\\/iwellguard\\\/\",\"https:\\\/\\\/experiment.com\\\/users\\\/iwellguard\",\"https:\\\/\\\/wakelet.com\\\/@iWellGuard82270\",\"https:\\\/\\\/www.chordie.com\\\/forum\\\/profile.php?id=2555664\",\"https:\\\/\\\/www.instapaper.com\\\/p\\\/17757966\",\"https:\\\/\\\/www.mapleprimes.com\\\/users\\\/iwellguard\",\"https:\\\/\\\/businesslistingplus.com\\\/profile\\\/iwell-guard\\\/\",\"https:\\\/\\\/telegra.ph\\\/iWell-Guard-06-06\",\"https:\\\/\\\/pbase.com\\\/iwellguard\\\/iwellguard\",\"https:\\\/\\\/b.hatena.ne.jp\\\/iwellguard\\\/20260607#bookmark-4788405196491818882\",\"https:\\\/\\\/fliphtml5.com\\\/home\\\/iwellguard\",\"https:\\\/\\\/anyflip.com\\\/homepage\\\/cmiwl#About\",\"https:\\\/\\\/transfur.com\\\/Users\\\/iwellguard\",\"http:\\\/\\\/delphi.larsbo.org\\\/user\\\/iwellguard\",\"https:\\\/\\\/jobs.lajobsportal.org\\\/profiles\\\/8380803-iwell-guard\",\"https:\\\/\\\/md.chaosdorf.de\\\/s\\\/jfbe5SBdJD\",\"https:\\\/\\\/www.lingvolive.com\\\/en-us\\\/profile\\\/9ecaeaca-ce11-4e51-9e71-01d55e2bff36\\\/translations\",\"https:\\\/\\\/www.fitday.com\\\/fitness\\\/forums\\\/members\\\/iwellguard.html\",\"https:\\\/\\\/www.mymeetbook.com\\\/iwellguard\",\"https:\\\/\\\/pxhere.com\\\/en\\\/photographer-me\\\/5040798\",\"https:\\\/\\\/disqus.com\\\/by\\\/iwellguard\\\/about\\\/\",\"https:\\\/\\\/pastelink.net\\\/hjwciqwq\",\"https:\\\/\\\/pubhtml5.com\\\/homepage\\\/scjhn\\\/\",\"https:\\\/\\\/www.bitchute.com\\\/channel\\\/2O2eOKzNqujT\",\"https:\\\/\\\/audiomack.com\\\/iwellguard\"]}]}<\/script>\n<!-- \/ Yoast SEO Premium plugin. -->","yoast_head_json":{"title":"Nordijski bogovi \u2013 Azi, Vani, Edda | iWell Guard","description":"Nordijski bogovi in germanska mitologija: Odin, Tor, Freyja, Loki, Hel. Izro\u010dilo Edde, Yggdrasil, Ragnar\u00f6k. Panteon Azov in Vanov.","robots":{"index":"index","follow":"follow","max-snippet":"max-snippet:-1","max-image-preview":"max-image-preview:large","max-video-preview":"max-video-preview:-1"},"canonical":"https:\/\/iwell-guard.com\/sl\/germanska\/","og_locale":"sl_SI","og_type":"article","og_title":"Germansko","og_description":"Nordijski bogovi in germanska mitologija: Odin, Tor, Freyja, Loki, Hel. Izro\u010dilo Edde, Yggdrasil, Ragnar\u00f6k. Panteon Azov in Vanov.","og_url":"https:\/\/iwell-guard.com\/sl\/germanska\/","og_site_name":"iWell Guard","article_modified_time":"2026-09-05T00:35:17+00:00","og_image":[{"width":1024,"height":1536,"url":"https:\/\/iwell-guard.com\/wp-content\/uploads\/2026\/04\/goetter_germanisch_odin.webp","type":"image\/webp"}],"twitter_card":"summary_large_image","schema":{"@context":"https:\/\/schema.org","@graph":[{"@type":"WebPage","@id":"https:\/\/iwell-guard.com\/sl\/germanska\/","url":"https:\/\/iwell-guard.com\/sl\/germanska\/","name":"Nordijski bogovi \u2013 Azi, Vani, Edda | iWell Guard","isPartOf":{"@id":"https:\/\/iwell-guard.com\/sl\/#website"},"primaryImageOfPage":{"@id":"https:\/\/iwell-guard.com\/sl\/germanska\/#primaryimage"},"image":{"@id":"https:\/\/iwell-guard.com\/sl\/germanska\/#primaryimage"},"thumbnailUrl":"https:\/\/iwell-guard.com\/wp-content\/uploads\/2026\/04\/goetter_germanisch_odin.webp","datePublished":"2026-09-05T00:20:18+00:00","dateModified":"2026-09-05T00:35:17+00:00","description":"Nordijski bogovi in germanska mitologija: Odin, Tor, Freyja, Loki, Hel. Izro\u010dilo Edde, Yggdrasil, Ragnar\u00f6k. Panteon Azov in Vanov.","breadcrumb":{"@id":"https:\/\/iwell-guard.com\/sl\/germanska\/#breadcrumb"},"inLanguage":"sl-SI","potentialAction":[{"@type":"ReadAction","target":["https:\/\/iwell-guard.com\/sl\/germanska\/"]}]},{"@type":"ImageObject","inLanguage":"sl-SI","@id":"https:\/\/iwell-guard.com\/sl\/germanska\/#primaryimage","url":"https:\/\/iwell-guard.com\/wp-content\/uploads\/2026\/04\/goetter_germanisch_odin.webp","contentUrl":"https:\/\/iwell-guard.com\/wp-content\/uploads\/2026\/04\/goetter_germanisch_odin.webp","width":1024,"height":1536,"caption":"Bogovi iz germanske tradicije."},{"@type":"BreadcrumbList","@id":"https:\/\/iwell-guard.com\/sl\/germanska\/#breadcrumb","itemListElement":[{"@type":"ListItem","position":1,"name":"Start","item":"https:\/\/iwell-guard.com\/sl\/?page_id=160323"},{"@type":"ListItem","position":2,"name":"Germansko"}]},{"@type":"WebSite","@id":"https:\/\/iwell-guard.com\/sl\/#website","url":"https:\/\/iwell-guard.com\/sl\/","name":"iWell Guard","description":"Schutz vor dunklen Einfl\u00fcssen","publisher":{"@id":"https:\/\/iwell-guard.com\/sl\/#organization"},"potentialAction":[{"@type":"SearchAction","target":{"@type":"EntryPoint","urlTemplate":"https:\/\/iwell-guard.com\/sl\/?s={search_term_string}"},"query-input":{"@type":"PropertyValueSpecification","valueRequired":true,"valueName":"search_term_string"}}],"inLanguage":"sl-SI"},{"@type":"Organization","@id":"https:\/\/iwell-guard.com\/sl\/#organization","name":"Ittermann electronic GmbH","url":"https:\/\/iwell-guard.com\/sl\/","logo":{"@type":"ImageObject","inLanguage":"sl-SI","@id":"https:\/\/iwell-guard.com\/sl\/#\/schema\/logo\/image\/","url":"https:\/\/iwell-guard.com\/wp-content\/uploads\/2026\/05\/Ittermann-Logo-1182x237-1.png","contentUrl":"https:\/\/iwell-guard.com\/wp-content\/uploads\/2026\/05\/Ittermann-Logo-1182x237-1.png","width":1182,"height":237,"caption":"Ittermann electronic GmbH"},"image":{"@id":"https:\/\/iwell-guard.com\/sl\/#\/schema\/logo\/image\/"},"sameAs":["https:\/\/pantip.com\/profile\/9367242","https:\/\/micro.blog\/iwellguard","https:\/\/www.diggerslist.com\/iwellguard\/about","https:\/\/skitterphoto.com\/photographers\/2870314\/iwell-guard","https:\/\/iwellguard.wordpress.com\/2026\/06\/06\/iwell-guard\/","https:\/\/hub.docker.com\/u\/iwellguard","https:\/\/www.pinterest.com\/iwellguard\/","https:\/\/bit.ly\/m\/iwellguard","https:\/\/entre-vos-mains.alsace.eu\/profiles\/iwellguard\/activity","https:\/\/gravatar.com\/reallybeded8fd34","https:\/\/naijamatta.com\/iwellguard","https:\/\/www.goodreads.com\/iwellguard","https:\/\/profile.hatena.ne.jp\/iwellguard\/","https:\/\/experiment.com\/users\/iwellguard","https:\/\/wakelet.com\/@iWellGuard82270","https:\/\/www.chordie.com\/forum\/profile.php?id=2555664","https:\/\/www.instapaper.com\/p\/17757966","https:\/\/www.mapleprimes.com\/users\/iwellguard","https:\/\/businesslistingplus.com\/profile\/iwell-guard\/","https:\/\/telegra.ph\/iWell-Guard-06-06","https:\/\/pbase.com\/iwellguard\/iwellguard","https:\/\/b.hatena.ne.jp\/iwellguard\/20260607#bookmark-4788405196491818882","https:\/\/fliphtml5.com\/home\/iwellguard","https:\/\/anyflip.com\/homepage\/cmiwl#About","https:\/\/transfur.com\/Users\/iwellguard","http:\/\/delphi.larsbo.org\/user\/iwellguard","https:\/\/jobs.lajobsportal.org\/profiles\/8380803-iwell-guard","https:\/\/md.chaosdorf.de\/s\/jfbe5SBdJD","https:\/\/www.lingvolive.com\/en-us\/profile\/9ecaeaca-ce11-4e51-9e71-01d55e2bff36\/translations","https:\/\/www.fitday.com\/fitness\/forums\/members\/iwellguard.html","https:\/\/www.mymeetbook.com\/iwellguard","https:\/\/pxhere.com\/en\/photographer-me\/5040798","https:\/\/disqus.com\/by\/iwellguard\/about\/","https:\/\/pastelink.net\/hjwciqwq","https:\/\/pubhtml5.com\/homepage\/scjhn\/","https:\/\/www.bitchute.com\/channel\/2O2eOKzNqujT","https:\/\/audiomack.com\/iwellguard"]}]}},"_links":{"self":[{"href":"https:\/\/iwell-guard.com\/sl\/wp-json\/wp\/v2\/pages\/160357","targetHints":{"allow":["GET"]}}],"collection":[{"href":"https:\/\/iwell-guard.com\/sl\/wp-json\/wp\/v2\/pages"}],"about":[{"href":"https:\/\/iwell-guard.com\/sl\/wp-json\/wp\/v2\/types\/page"}],"author":[{"embeddable":true,"href":"https:\/\/iwell-guard.com\/sl\/wp-json\/wp\/v2\/users\/3"}],"replies":[{"embeddable":true,"href":"https:\/\/iwell-guard.com\/sl\/wp-json\/wp\/v2\/comments?post=160357"}],"version-history":[{"count":0,"href":"https:\/\/iwell-guard.com\/sl\/wp-json\/wp\/v2\/pages\/160357\/revisions"}],"wp:featuredmedia":[{"embeddable":true,"href":"https:\/\/iwell-guard.com\/sl\/wp-json\/wp\/v2\/media\/1723"}],"wp:attachment":[{"href":"https:\/\/iwell-guard.com\/sl\/wp-json\/wp\/v2\/media?parent=160357"}],"wp:term":[{"taxonomy":"category","embeddable":true,"href":"https:\/\/iwell-guard.com\/sl\/wp-json\/wp\/v2\/categories?post=160357"}],"curies":[{"name":"wp","href":"https:\/\/api.w.org\/{rel}","templated":true}]}}