{"id":158862,"date":"2026-09-04T22:36:09","date_gmt":"2026-09-04T22:36:09","guid":{"rendered":"https:\/\/iwell-guard.com\/?page_id=158862"},"modified":"2026-09-04T23:13:44","modified_gmt":"2026-09-04T23:13:44","slug":"rauhnachte","status":"publish","type":"page","link":"https:\/\/iwell-guard.com\/sk\/rauhnachte\/","title":{"rendered":"Rauhn\u00e4chte"},"content":{"rendered":"\t\t<div data-elementor-type=\"wp-page\" data-elementor-id=\"158862\" class=\"elementor elementor-158862 elementor-107038\" data-elementor-post-type=\"page\">\n\t\t\t\t<div class=\"elementor-element elementor-element-iwgs-raeuchern-hero e-flex e-con-boxed e-con e-parent\" data-id=\"iwgs-raeuchern-hero\" data-element_type=\"container\" data-e-type=\"container\">\n\t\t\t\t\t<div class=\"e-con-inner\">\n\t\t<div class=\"elementor-element elementor-element-iw-raeuchern-hero-left e-con-full e-flex e-con e-child\" data-id=\"iw-raeuchern-hero-left\" data-element_type=\"container\" data-e-type=\"container\">\n\t\t\t\t<div class=\"elementor-element elementor-element-iwgs-raeuchern-h1 elementor-widget elementor-widget-heading\" data-id=\"iwgs-raeuchern-h1\" data-element_type=\"widget\" data-e-type=\"widget\" data-widget_type=\"heading.default\">\n\t\t\t\t\t<h1 class=\"elementor-heading-title elementor-size-default\">Rauhn\u00e4chte: dvan\u00e1s\u0165 noc\u00ed medzi rokmi<\/h1>\t\t\t\t<\/div>\n\t\t<div class=\"elementor-element elementor-element-iw-raeuchern-hero-bw e-con-full e-flex e-con e-child\" data-id=\"iw-raeuchern-hero-bw\" data-element_type=\"container\" data-e-type=\"container\">\n\t\t\t\t<div class=\"elementor-element elementor-element-iwgs-raeuchern-pills elementor-widget elementor-widget-html\" data-id=\"iwgs-raeuchern-pills\" data-element_type=\"widget\" data-e-type=\"widget\" data-widget_type=\"html.default\">\n\t\t\t\t\t<div class=\"iwg-pill-row\"><span class=\"iwg-klasse-badge\" tabindex=\"0\" data-tooltip=\"\u010casov\u00fd \u00fasek s vlastn\u00fdm zvykov\u00fdm pr\u00e1vom.\">Zvykoslovie<\/span><a href=\"https:\/\/iwell-guard.com\/sk\/germanske\/\" class=\"iwg-kultur-badge\" tabindex=\"0\" data-tooltip=\"K preh\u013eadu germ\u00e1nskej trad\u00edcie.\">Germ\u00e1nska oblas\u0165<\/a><\/div>\t\t\t\t<\/div>\n\t\t\t\t<div class=\"elementor-element elementor-element-iwgs-raeuchern-lead elementor-widget elementor-widget-text-editor\" data-id=\"iwgs-raeuchern-lead\" data-element_type=\"widget\" data-e-type=\"widget\" data-widget_type=\"text-editor.default\">\n\t\t\t\t\t\t\t\t\t<p>Medzi Vianocami a sviatkom Troch kr\u00e1\u013eov le\u017e\u00ed \u010dasov\u00fd \u00fasek, ktor\u00fd mal v nemecky hovoriacej oblasti svoje vlastn\u00e9 pravidl\u00e1. Naz\u00fdval sa Zw\u00f6lften, Rauhn\u00e4chte alebo aj Raun\u00e4chte. V t\u00fdchto nociach sa hranica medzi vidite\u013en\u00fdm a nevidite\u013en\u00fdm svetom pova\u017eovala za priepustn\u00fa.<\/p><p>Pre lexik\u00f3n s\u00fa tieto noci najhustej\u0161\u00edm ochrann\u00fdm obdob\u00edm roka. Takmer v\u0161etko, \u010do trad\u00edcia pozn\u00e1 v oblasti obrany, sa tu objavuje s\u00fastredene: dym, hluk, sv\u00e4ten\u00e1 voda, znamenia na prahoch a cel\u00fd rad z\u00e1kazov. Z\u00e1rove\u0148 sa v nich zhroma\u017e\u010fuj\u00fa postavy, ktor\u00e9 maj\u00fa inde v lexik\u00f3ne vlastn\u00e9 str\u00e1nky.<\/p>\t\t\t\t\t\t\t\t<\/div>\n\t\t\t\t<\/div>\n\t\t\t\t<\/div>\n\t\t<div class=\"elementor-element elementor-element-iw-raeuchern-hero-img e-con-full e-flex e-con e-child\" data-id=\"iw-raeuchern-hero-img\" data-element_type=\"container\" data-e-type=\"container\">\n\t\t\t\t<div class=\"elementor-element elementor-element-iwgs-raeuchern-himg iwg-hero-image elementor-widget elementor-widget-image\" data-id=\"iwgs-raeuchern-himg\" data-element_type=\"widget\" data-e-type=\"widget\" data-widget_type=\"image.default\">\n\t\t\t\t\t\t\t\t\t\t\t\t\t\t\t<img fetchpriority=\"high\" decoding=\"async\" width=\"683\" height=\"1024\" src=\"https:\/\/iwell-guard.com\/wp-content\/uploads\/2026\/05\/schutzsymbol_universell_raeuchern-683x1024.png\" class=\"attachment-large size-large wp-image-159432\" alt=\"Vykurovanie a \u010distenie \u2013 st\u00fapaj\u00faci dym ako symbol o\u010disty\" srcset=\"https:\/\/iwell-guard.com\/wp-content\/uploads\/2026\/05\/schutzsymbol_universell_raeuchern-683x1024.png 683w, https:\/\/iwell-guard.com\/wp-content\/uploads\/2026\/05\/schutzsymbol_universell_raeuchern-200x300.png 200w, https:\/\/iwell-guard.com\/wp-content\/uploads\/2026\/05\/schutzsymbol_universell_raeuchern-768x1152.png 768w, https:\/\/iwell-guard.com\/wp-content\/uploads\/2026\/05\/schutzsymbol_universell_raeuchern.png 1024w\" sizes=\"(max-width: 683px) 100vw, 683px\" \/>\t\t\t\t\t\t\t\t\t\t\t\t\t\t\t<\/div>\n\t\t\t\t<\/div>\n\t\t\t\t\t<\/div>\n\t\t\t\t<\/div>\n\t\t<div class=\"elementor-element elementor-element-iwgs-raeuchern-s0 e-flex e-con-boxed e-con e-parent\" data-id=\"iwgs-raeuchern-s0\" data-element_type=\"container\" data-e-type=\"container\">\n\t\t\t\t\t<div class=\"e-con-inner\">\n\t\t\t\t<div class=\"elementor-element elementor-element-iwgs-raeuchern-s0h elementor-widget elementor-widget-heading\" data-id=\"iwgs-raeuchern-s0h\" data-element_type=\"widget\" data-e-type=\"widget\" data-widget_type=\"heading.default\">\n\t\t\t\t\t<h2 class=\"elementor-heading-title elementor-size-default\">\u010co s\u00fa Rauhn\u00e4chte?<\/h2>\t\t\t\t<\/div>\n\t\t<div class=\"elementor-element elementor-element-iw-raeuchern-s0-bw e-con-full e-flex e-con e-child\" data-id=\"iw-raeuchern-s0-bw\" data-element_type=\"container\" data-e-type=\"container\">\n\t\t\t\t<div class=\"elementor-element elementor-element-iwgs-raeuchern-s0t elementor-widget elementor-widget-text-editor\" data-id=\"iwgs-raeuchern-s0t\" data-element_type=\"widget\" data-e-type=\"widget\" data-widget_type=\"text-editor.default\">\n\t\t\t\t\t\t\t\t\t<p>Rauhn\u00e4chte je dvan\u00e1s\u0165 noc\u00ed medzi Vianocami a sviatkom Zjavenia P\u00e1na 6. janu\u00e1ra. Star\u0161ie ozna\u010denie znie Zw\u00f6lften alebo Zw\u00f6lfn\u00e4chte. Region\u00e1lne sa vyskytuj\u00fa aj n\u00e1zvy ako Innern\u00e4chte, Untern\u00e4chte alebo Gl\u00f6ckeln\u00e4chte.<\/p><p>\u013dudov\u00e1 viera pripisovala tomuto \u010dasu v\u00fdnimo\u010dn\u00fd stav. Poriadok star\u00e9ho roka sa uzavrel, nov\u00fd e\u0161te neza\u010dal, a v tomto medziprostore sa pod\u013ea trad\u00edcie pohybovali putuj\u00faci duchovia a b\u00e1jne postavy. Z toho sa vysvet\u013euje hustota ochrann\u00fdch zvykov, ktor\u00e9 s\u00fa pre tieto noci zdokumentovan\u00e9.<\/p><p>D\u00f4le\u017eit\u00e9 pre pochopenie: Rauhn\u00e4chte nie je bytos\u0165 ani jednotliv\u00fd zvyk, ale \u010dasov\u00e9 obdobie, na ktor\u00e9 sa via\u017ee mnoho zvykov. To, \u010do sa v nich robilo a \u010doho sa vystr\u00edhalo, sa zna\u010dne l\u00ed\u0161ilo od \u00fadolia k \u00fadoliu.<\/p>\t\t\t\t\t\t\t\t<\/div>\n\t\t\t\t<\/div>\n\t\t\t\t\t<\/div>\n\t\t\t\t<\/div>\n\t\t<div class=\"elementor-element elementor-element-82e1f70 e-flex e-con-boxed e-con e-parent\" data-id=\"82e1f70\" data-element_type=\"container\" data-e-type=\"container\">\n\t\t\t\t\t<div class=\"e-con-inner\">\n\t\t\t\t<div class=\"elementor-element elementor-element- elementor-widget elementor-widget-heading\" data-id=\"\" data-element_type=\"widget\" data-e-type=\"widget\" data-widget_type=\"heading.default\">\n\t\t\t\t\t<h2 class=\"elementor-heading-title elementor-size-default\">Pr\u00edbuzn\u00e9 bytosti a t\u00e9my<\/h2>\t\t\t\t<\/div>\n\t\t<div class=\"elementor-element elementor-element- e-con-full e-flex e-con e-child\" data-id=\"\" data-element_type=\"container\" data-e-type=\"container\">\n\t\t\t\t<div class=\"elementor-element elementor-element- elementor-widget elementor-widget-text-editor\" data-id=\"\" data-element_type=\"widget\" data-e-type=\"widget\" data-widget_type=\"text-editor.default\">\n\t\t\t\t\t\t\t\t\t<p>Postavy a praktiky t\u00fdchto noc\u00ed s\u00fa v lexik\u00f3ne pop\u00edsan\u00e9 samostatne: <a href=\"https:\/\/iwell-guard.com\/sk\/?page_id=158816\">Frau Perchta a Perchten<\/a> ako sk\u00fa\u0161ate\u013eka Dvan\u00e1stor\u00e1, <a href=\"https:\/\/iwell-guard.com\/sk\/?page_id=158818\">Frau Holle<\/a> ako jej stredonemeck\u00fd protiklad, <a href=\"https:\/\/iwell-guard.com\/sk\/odin\/\">Odin<\/a> v s\u00favislosti s Divok\u00fdm lovom a <a href=\"https:\/\/iwell-guard.com\/sk\/?page_id=158815\">Krampus<\/a> ako stra\u0161ideln\u00e1 postava adventu. Preh\u013ead trad\u00edcie pon\u00faka str\u00e1nka o <a href=\"https:\/\/iwell-guard.com\/sk\/germanske\/\">germ\u00e1nskej trad\u00edcii<\/a>, zachovan\u00e9 ochrann\u00e9 formy tohto obdobia s\u00fa pop\u00edsan\u00e9 v \u010dl\u00e1nkoch <a href=\"https:\/\/iwell-guard.com\/sk\/vykurovanie-a-ocista\/\">Vykurovanie dymom (R\u00e4uchern)<\/a> a <a href=\"https:\/\/iwell-guard.com\/sk\/vonava-zivica\/\">Tymian (Weihrauch)<\/a>.<\/p>\t\t\t\t\t\t\t\t<\/div>\n\t\t\t\t<\/div>\n\t\t\t\t\t<\/div>\n\t\t\t\t<\/div>\n\t\t<div class=\"elementor-element elementor-element-188289f e-flex e-con-boxed e-con e-parent\" data-id=\"188289f\" data-element_type=\"container\" data-e-type=\"container\">\n\t\t\t\t\t<div class=\"e-con-inner\">\n\t\t\t\t<div class=\"elementor-element elementor-element- elementor-widget elementor-widget-heading\" data-id=\"\" data-element_type=\"widget\" data-e-type=\"widget\" data-widget_type=\"heading.default\">\n\t\t\t\t\t<h2 class=\"elementor-heading-title elementor-size-default\">Pr\u00edbuzn\u00e9 bytosti a t\u00e9my<\/h2>\t\t\t\t<\/div>\n\t\t<div class=\"elementor-element elementor-element- e-con-full e-flex e-con e-child\" data-id=\"\" data-element_type=\"container\" data-e-type=\"container\">\n\t\t\t\t<div class=\"elementor-element elementor-element- elementor-widget elementor-widget-text-editor\" data-id=\"\" data-element_type=\"widget\" data-e-type=\"widget\" data-widget_type=\"text-editor.default\">\n\t\t\t\t\t\t\t\t\t<p>Postavy a praktiky t\u00fdchto noc\u00ed s\u00fa v lexik\u00f3ne pop\u00edsan\u00e9 samostatne: <a href=\"https:\/\/iwell-guard.com\/sk\/?page_id=158816\">Frau Perchta a Perchten<\/a> ako sk\u00fa\u0161ate\u013eka Dvan\u00e1stor\u00e1, <a href=\"https:\/\/iwell-guard.com\/sk\/?page_id=158818\">Frau Holle<\/a> ako jej stredonemeck\u00fd protiklad, <a href=\"https:\/\/iwell-guard.com\/sk\/odin\/\">Odin<\/a> v s\u00favislosti s Divok\u00fdm lovom a <a href=\"https:\/\/iwell-guard.com\/sk\/?page_id=158815\">Krampus<\/a> ako stra\u0161ideln\u00e1 postava adventu. Preh\u013ead trad\u00edcie pon\u00faka str\u00e1nka o <a href=\"https:\/\/iwell-guard.com\/sk\/germanske\/\">germ\u00e1nskej trad\u00edcii<\/a>, zachovan\u00e9 ochrann\u00e9 formy tohto obdobia s\u00fa pop\u00edsan\u00e9 v \u010dl\u00e1nkoch <a href=\"https:\/\/iwell-guard.com\/sk\/vykurovanie-a-ocista\/\">Vykurovanie dymom (R\u00e4uchern)<\/a> a <a href=\"https:\/\/iwell-guard.com\/sk\/vonava-zivica\/\">Tymian (Weihrauch)<\/a>.<\/p>\t\t\t\t\t\t\t\t<\/div>\n\t\t\t\t<\/div>\n\t\t\t\t\t<\/div>\n\t\t\t\t<\/div>\n\t\t<div class=\"elementor-element elementor-element-2256a9e e-flex e-con-boxed e-con e-parent\" data-id=\"2256a9e\" data-element_type=\"container\" data-e-type=\"container\">\n\t\t\t\t\t<div class=\"e-con-inner\">\n\t\t\t\t<div class=\"elementor-element elementor-element- elementor-widget elementor-widget-heading\" data-id=\"\" data-element_type=\"widget\" data-e-type=\"widget\" data-widget_type=\"heading.default\">\n\t\t\t\t\t<h2 class=\"elementor-heading-title elementor-size-default\">Pr\u00edbuzn\u00e9 bytosti a t\u00e9my<\/h2>\t\t\t\t<\/div>\n\t\t<div class=\"elementor-element elementor-element- e-con-full e-flex e-con e-child\" data-id=\"\" data-element_type=\"container\" data-e-type=\"container\">\n\t\t\t\t<div class=\"elementor-element elementor-element- elementor-widget elementor-widget-text-editor\" data-id=\"\" data-element_type=\"widget\" data-e-type=\"widget\" data-widget_type=\"text-editor.default\">\n\t\t\t\t\t\t\t\t\t<p>Postavy a praktiky t\u00fdchto noc\u00ed s\u00fa v lexik\u00f3ne pop\u00edsan\u00e9 samostatne: <a href=\"https:\/\/iwell-guard.com\/sk\/?page_id=158816\">Frau Perchta a Perchten<\/a> ako sk\u00fa\u0161ate\u013eka Dvan\u00e1stor\u00e1, <a href=\"https:\/\/iwell-guard.com\/sk\/?page_id=158818\">Frau Holle<\/a> ako jej stredonemeck\u00fd protiklad, <a href=\"https:\/\/iwell-guard.com\/sk\/odin\/\">Odin<\/a> v s\u00favislosti s Divok\u00fdm lovom a <a href=\"https:\/\/iwell-guard.com\/sk\/?page_id=158815\">Krampus<\/a> ako stra\u0161ideln\u00e1 postava adventu. Preh\u013ead trad\u00edcie pon\u00faka str\u00e1nka o <a href=\"https:\/\/iwell-guard.com\/sk\/germanske\/\">germ\u00e1nskej trad\u00edcii<\/a>, zachovan\u00e9 ochrann\u00e9 formy tohto obdobia s\u00fa pop\u00edsan\u00e9 v \u010dl\u00e1nkoch <a href=\"https:\/\/iwell-guard.com\/sk\/vykurovanie-a-ocista\/\">Vykurovanie dymom (R\u00e4uchern)<\/a> a <a href=\"https:\/\/iwell-guard.com\/sk\/vonava-zivica\/\">Tymian (Weihrauch)<\/a>.<\/p>\t\t\t\t\t\t\t\t<\/div>\n\t\t\t\t<\/div>\n\t\t\t\t\t<\/div>\n\t\t\t\t<\/div>\n\t\t<div class=\"elementor-element elementor-element-0678d93 e-flex e-con-boxed e-con e-parent\" data-id=\"0678d93\" data-element_type=\"container\" data-e-type=\"container\">\n\t\t\t\t\t<div class=\"e-con-inner\">\n\t\t\t\t<div class=\"elementor-element elementor-element- elementor-widget elementor-widget-heading\" data-id=\"\" data-element_type=\"widget\" data-e-type=\"widget\" data-widget_type=\"heading.default\">\n\t\t\t\t\t<h2 class=\"elementor-heading-title elementor-size-default\">Pr\u00edbuzn\u00e9 bytosti a t\u00e9my<\/h2>\t\t\t\t<\/div>\n\t\t<div class=\"elementor-element elementor-element- e-con-full e-flex e-con e-child\" data-id=\"\" data-element_type=\"container\" data-e-type=\"container\">\n\t\t\t\t<div class=\"elementor-element elementor-element- elementor-widget elementor-widget-text-editor\" data-id=\"\" data-element_type=\"widget\" data-e-type=\"widget\" data-widget_type=\"text-editor.default\">\n\t\t\t\t\t\t\t\t\t<p>Postavy a praktiky t\u00fdchto noc\u00ed s\u00fa v lexik\u00f3ne pop\u00edsan\u00e9 samostatne: <a href=\"https:\/\/iwell-guard.com\/sk\/?page_id=158816\">Frau Perchta a Perchten<\/a> ako sk\u00fa\u0161ate\u013eka Dvan\u00e1stor\u00e1, <a href=\"https:\/\/iwell-guard.com\/sk\/?page_id=158818\">Frau Holle<\/a> ako jej stredonemeck\u00fd protiklad, <a href=\"https:\/\/iwell-guard.com\/sk\/odin\/\">Odin<\/a> v s\u00favislosti s Divok\u00fdm lovom a <a href=\"https:\/\/iwell-guard.com\/sk\/?page_id=158815\">Krampus<\/a> ako stra\u0161ideln\u00e1 postava adventu. Preh\u013ead trad\u00edcie pon\u00faka str\u00e1nka o <a href=\"https:\/\/iwell-guard.com\/sk\/germanske\/\">germ\u00e1nskej trad\u00edcii<\/a>, zachovan\u00e9 ochrann\u00e9 formy tohto obdobia s\u00fa pop\u00edsan\u00e9 v \u010dl\u00e1nkoch <a href=\"https:\/\/iwell-guard.com\/sk\/vykurovanie-a-ocista\/\">Vykurovanie dymom (R\u00e4uchern)<\/a> a <a href=\"https:\/\/iwell-guard.com\/sk\/vonava-zivica\/\">Tymian (Weihrauch)<\/a>.<\/p>\t\t\t\t\t\t\t\t<\/div>\n\t\t\t\t<\/div>\n\t\t\t\t\t<\/div>\n\t\t\t\t<\/div>\n\t\t<div class=\"elementor-element elementor-element-df2669e e-flex e-con-boxed e-con e-parent\" data-id=\"df2669e\" data-element_type=\"container\" data-e-type=\"container\">\n\t\t\t\t\t<div class=\"e-con-inner\">\n\t\t\t\t<div class=\"elementor-element elementor-element- elementor-widget elementor-widget-heading\" data-id=\"\" data-element_type=\"widget\" data-e-type=\"widget\" data-widget_type=\"heading.default\">\n\t\t\t\t\t<h2 class=\"elementor-heading-title elementor-size-default\">Pr\u00edbuzn\u00e9 bytosti a t\u00e9my<\/h2>\t\t\t\t<\/div>\n\t\t<div class=\"elementor-element elementor-element- e-con-full e-flex e-con e-child\" data-id=\"\" data-element_type=\"container\" data-e-type=\"container\">\n\t\t\t\t<div class=\"elementor-element elementor-element- elementor-widget elementor-widget-text-editor\" data-id=\"\" data-element_type=\"widget\" data-e-type=\"widget\" data-widget_type=\"text-editor.default\">\n\t\t\t\t\t\t\t\t\t<p>Postavy a praktiky t\u00fdchto noc\u00ed s\u00fa v lexik\u00f3ne pop\u00edsan\u00e9 samostatne: <a href=\"https:\/\/iwell-guard.com\/sk\/?page_id=158816\">Frau Perchta a Perchten<\/a> ako sk\u00fa\u0161ate\u013eka Dvan\u00e1stor\u00e1, <a href=\"https:\/\/iwell-guard.com\/sk\/?page_id=158818\">Frau Holle<\/a> ako jej stredonemeck\u00fd protiklad, <a href=\"https:\/\/iwell-guard.com\/sk\/odin\/\">Odin<\/a> v s\u00favislosti s Divok\u00fdm lovom a <a href=\"https:\/\/iwell-guard.com\/sk\/?page_id=158815\">Krampus<\/a> ako stra\u0161ideln\u00e1 postava adventu. Preh\u013ead trad\u00edcie pon\u00faka str\u00e1nka o <a href=\"https:\/\/iwell-guard.com\/sk\/germanske\/\">germ\u00e1nskej trad\u00edcii<\/a>, zachovan\u00e9 ochrann\u00e9 formy tohto obdobia s\u00fa pop\u00edsan\u00e9 v \u010dl\u00e1nkoch <a href=\"https:\/\/iwell-guard.com\/sk\/vykurovanie-a-ocista\/\">Vykurovanie dymom (R\u00e4uchern)<\/a> a <a href=\"https:\/\/iwell-guard.com\/sk\/vonava-zivica\/\">Tymian (Weihrauch)<\/a>.<\/p>\t\t\t\t\t\t\t\t<\/div>\n\t\t\t\t<\/div>\n\t\t\t\t\t<\/div>\n\t\t\t\t<\/div>\n\t\t<div class=\"elementor-element elementor-element-79fba3f e-flex e-con-boxed e-con e-parent\" data-id=\"79fba3f\" data-element_type=\"container\" data-e-type=\"container\">\n\t\t\t\t\t<div class=\"e-con-inner\">\n\t\t\t\t<div class=\"elementor-element elementor-element- elementor-widget elementor-widget-heading\" data-id=\"\" data-element_type=\"widget\" data-e-type=\"widget\" data-widget_type=\"heading.default\">\n\t\t\t\t\t<h2 class=\"elementor-heading-title elementor-size-default\">Pr\u00edbuzn\u00e9 bytosti a t\u00e9my<\/h2>\t\t\t\t<\/div>\n\t\t<div class=\"elementor-element elementor-element- e-con-full e-flex e-con e-child\" data-id=\"\" data-element_type=\"container\" data-e-type=\"container\">\n\t\t\t\t<div class=\"elementor-element elementor-element- elementor-widget elementor-widget-text-editor\" data-id=\"\" data-element_type=\"widget\" data-e-type=\"widget\" data-widget_type=\"text-editor.default\">\n\t\t\t\t\t\t\t\t\t<p>Postavy a praktiky t\u00fdchto noc\u00ed s\u00fa v lexik\u00f3ne pop\u00edsan\u00e9 samostatne: <a href=\"https:\/\/iwell-guard.com\/sk\/?page_id=158816\">Frau Perchta a Perchten<\/a> ako sk\u00fa\u0161ate\u013eka Dvan\u00e1stor\u00e1, <a href=\"https:\/\/iwell-guard.com\/sk\/?page_id=158818\">Frau Holle<\/a> ako jej stredonemeck\u00fd protiklad, <a href=\"https:\/\/iwell-guard.com\/sk\/odin\/\">Odin<\/a> v s\u00favislosti s Divok\u00fdm lovom a <a href=\"https:\/\/iwell-guard.com\/sk\/?page_id=158815\">Krampus<\/a> ako stra\u0161ideln\u00e1 postava adventu. Preh\u013ead trad\u00edcie pon\u00faka str\u00e1nka o <a href=\"https:\/\/iwell-guard.com\/sk\/germanske\/\">germ\u00e1nskej trad\u00edcii<\/a>, zachovan\u00e9 ochrann\u00e9 formy tohto obdobia s\u00fa pop\u00edsan\u00e9 v \u010dl\u00e1nkoch <a href=\"https:\/\/iwell-guard.com\/sk\/vykurovanie-a-ocista\/\">Vykurovanie dymom (R\u00e4uchern)<\/a> a <a href=\"https:\/\/iwell-guard.com\/sk\/vonava-zivica\/\">Tymian (Weihrauch)<\/a>.<\/p>\t\t\t\t\t\t\t\t<\/div>\n\t\t\t\t<\/div>\n\t\t\t\t\t<\/div>\n\t\t\t\t<\/div>\n\t\t<div class=\"elementor-element elementor-element-92ffc6f e-flex e-con-boxed e-con e-parent\" data-id=\"92ffc6f\" data-element_type=\"container\" data-e-type=\"container\">\n\t\t\t\t\t<div class=\"e-con-inner\">\n\t\t\t\t<div class=\"elementor-element elementor-element- elementor-widget elementor-widget-heading\" data-id=\"\" data-element_type=\"widget\" data-e-type=\"widget\" data-widget_type=\"heading.default\">\n\t\t\t\t\t<h2 class=\"elementor-heading-title elementor-size-default\">Pr\u00edbuzn\u00e9 bytosti a t\u00e9my<\/h2>\t\t\t\t<\/div>\n\t\t<div class=\"elementor-element elementor-element- e-con-full e-flex e-con e-child\" data-id=\"\" data-element_type=\"container\" data-e-type=\"container\">\n\t\t\t\t<div class=\"elementor-element elementor-element- elementor-widget elementor-widget-text-editor\" data-id=\"\" data-element_type=\"widget\" data-e-type=\"widget\" data-widget_type=\"text-editor.default\">\n\t\t\t\t\t\t\t\t\t<p>Postavy a praktiky t\u00fdchto noc\u00ed s\u00fa v lexik\u00f3ne pop\u00edsan\u00e9 samostatne: <a href=\"https:\/\/iwell-guard.com\/sk\/?page_id=158816\">Frau Perchta a Perchten<\/a> ako sk\u00fa\u0161ate\u013eka Dvan\u00e1stor\u00e1, <a href=\"https:\/\/iwell-guard.com\/sk\/?page_id=158818\">Frau Holle<\/a> ako jej stredonemeck\u00fd protiklad, <a href=\"https:\/\/iwell-guard.com\/sk\/odin\/\">Odin<\/a> v s\u00favislosti s Divok\u00fdm lovom a <a href=\"https:\/\/iwell-guard.com\/sk\/?page_id=158815\">Krampus<\/a> ako stra\u0161ideln\u00e1 postava adventu. Preh\u013ead trad\u00edcie pon\u00faka str\u00e1nka o <a href=\"https:\/\/iwell-guard.com\/sk\/germanske\/\">germ\u00e1nskej trad\u00edcii<\/a>, zachovan\u00e9 ochrann\u00e9 formy tohto obdobia s\u00fa pop\u00edsan\u00e9 v \u010dl\u00e1nkoch <a href=\"https:\/\/iwell-guard.com\/sk\/vykurovanie-a-ocista\/\">Vykurovanie dymom (R\u00e4uchern)<\/a> a <a href=\"https:\/\/iwell-guard.com\/sk\/vonava-zivica\/\">Tymian (Weihrauch)<\/a>.<\/p>\t\t\t\t\t\t\t\t<\/div>\n\t\t\t\t<\/div>\n\t\t\t\t\t<\/div>\n\t\t\t\t<\/div>\n\t\t<div class=\"elementor-element elementor-element-19277ab e-flex e-con-boxed e-con e-parent\" data-id=\"19277ab\" data-element_type=\"container\" data-e-type=\"container\">\n\t\t\t\t\t<div class=\"e-con-inner\">\n\t\t\t\t<div class=\"elementor-element elementor-element- elementor-widget elementor-widget-heading\" data-id=\"\" data-element_type=\"widget\" data-e-type=\"widget\" data-widget_type=\"heading.default\">\n\t\t\t\t\t<h2 class=\"elementor-heading-title elementor-size-default\">Pr\u00edbuzn\u00e9 bytosti a t\u00e9my<\/h2>\t\t\t\t<\/div>\n\t\t<div class=\"elementor-element elementor-element- e-con-full e-flex e-con e-child\" data-id=\"\" data-element_type=\"container\" data-e-type=\"container\">\n\t\t\t\t<div class=\"elementor-element elementor-element- elementor-widget elementor-widget-text-editor\" data-id=\"\" data-element_type=\"widget\" data-e-type=\"widget\" data-widget_type=\"text-editor.default\">\n\t\t\t\t\t\t\t\t\t<p>Postavy a praktiky t\u00fdchto noc\u00ed s\u00fa v lexik\u00f3ne pop\u00edsan\u00e9 samostatne: <a href=\"https:\/\/iwell-guard.com\/sk\/?page_id=158816\">Frau Perchta a Perchten<\/a> ako sk\u00fa\u0161ate\u013eka Dvan\u00e1stor\u00e1, <a href=\"https:\/\/iwell-guard.com\/sk\/?page_id=158818\">Frau Holle<\/a> ako jej stredonemeck\u00fd protiklad, <a href=\"https:\/\/iwell-guard.com\/sk\/odin\/\">Odin<\/a> v s\u00favislosti s Divok\u00fdm lovom a <a href=\"https:\/\/iwell-guard.com\/sk\/?page_id=158815\">Krampus<\/a> ako stra\u0161ideln\u00e1 postava adventu. Preh\u013ead trad\u00edcie pon\u00faka str\u00e1nka o <a href=\"https:\/\/iwell-guard.com\/sk\/germanske\/\">germ\u00e1nskej trad\u00edcii<\/a>, zachovan\u00e9 ochrann\u00e9 formy tohto obdobia s\u00fa pop\u00edsan\u00e9 v \u010dl\u00e1nkoch <a href=\"https:\/\/iwell-guard.com\/sk\/vykurovanie-a-ocista\/\">Vykurovanie dymom (R\u00e4uchern)<\/a> a <a href=\"https:\/\/iwell-guard.com\/sk\/vonava-zivica\/\">Tymian (Weihrauch)<\/a>.<\/p>\t\t\t\t\t\t\t\t<\/div>\n\t\t\t\t<\/div>\n\t\t\t\t\t<\/div>\n\t\t\t\t<\/div>\n\t\t<div class=\"elementor-element elementor-element-0493a62 e-flex e-con-boxed e-con e-parent\" data-id=\"0493a62\" data-element_type=\"container\" data-e-type=\"container\">\n\t\t\t\t\t<div class=\"e-con-inner\">\n\t\t\t\t<div class=\"elementor-element elementor-element- elementor-widget elementor-widget-heading\" data-id=\"\" data-element_type=\"widget\" data-e-type=\"widget\" data-widget_type=\"heading.default\">\n\t\t\t\t\t<h2 class=\"elementor-heading-title elementor-size-default\">Pr\u00edbuzn\u00e9 bytosti a t\u00e9my<\/h2>\t\t\t\t<\/div>\n\t\t<div class=\"elementor-element elementor-element- e-con-full e-flex e-con e-child\" data-id=\"\" data-element_type=\"container\" data-e-type=\"container\">\n\t\t\t\t<div class=\"elementor-element elementor-element- elementor-widget elementor-widget-text-editor\" data-id=\"\" data-element_type=\"widget\" data-e-type=\"widget\" data-widget_type=\"text-editor.default\">\n\t\t\t\t\t\t\t\t\t<p>Postavy a praktiky t\u00fdchto noc\u00ed s\u00fa v lexik\u00f3ne pop\u00edsan\u00e9 samostatne: <a href=\"https:\/\/iwell-guard.com\/sk\/?page_id=158816\">Frau Perchta a Perchten<\/a> ako sk\u00fa\u0161ate\u013eka Dvan\u00e1stor\u00e1, <a href=\"https:\/\/iwell-guard.com\/sk\/?page_id=158818\">Frau Holle<\/a> ako jej stredonemeck\u00fd protiklad, <a href=\"https:\/\/iwell-guard.com\/sk\/odin\/\">Odin<\/a> v s\u00favislosti s Divok\u00fdm lovom a <a href=\"https:\/\/iwell-guard.com\/sk\/?page_id=158815\">Krampus<\/a> ako stra\u0161ideln\u00e1 postava adventu. Preh\u013ead trad\u00edcie pon\u00faka str\u00e1nka o <a href=\"https:\/\/iwell-guard.com\/sk\/germanske\/\">germ\u00e1nskej trad\u00edcii<\/a>, zachovan\u00e9 ochrann\u00e9 formy tohto obdobia s\u00fa pop\u00edsan\u00e9 v \u010dl\u00e1nkoch <a href=\"https:\/\/iwell-guard.com\/sk\/vykurovanie-a-ocista\/\">Vykurovanie dymom (R\u00e4uchern)<\/a> a <a href=\"https:\/\/iwell-guard.com\/sk\/vonava-zivica\/\">Tymian (Weihrauch)<\/a>.<\/p>\t\t\t\t\t\t\t\t<\/div>\n\t\t\t\t<\/div>\n\t\t\t\t\t<\/div>\n\t\t\t\t<\/div>\n\t\t<div class=\"elementor-element elementor-element-87a8df2 e-flex e-con-boxed e-con e-parent\" data-id=\"87a8df2\" data-element_type=\"container\" data-e-type=\"container\">\n\t\t\t\t\t<div class=\"e-con-inner\">\n\t\t\t\t<div class=\"elementor-element elementor-element- elementor-widget elementor-widget-heading\" data-id=\"\" data-element_type=\"widget\" data-e-type=\"widget\" data-widget_type=\"heading.default\">\n\t\t\t\t\t<h2 class=\"elementor-heading-title elementor-size-default\">Pr\u00edbuzn\u00e9 bytosti a t\u00e9my<\/h2>\t\t\t\t<\/div>\n\t\t<div class=\"elementor-element elementor-element- e-con-full e-flex e-con e-child\" data-id=\"\" data-element_type=\"container\" data-e-type=\"container\">\n\t\t\t\t<div class=\"elementor-element elementor-element- elementor-widget elementor-widget-text-editor\" data-id=\"\" data-element_type=\"widget\" data-e-type=\"widget\" data-widget_type=\"text-editor.default\">\n\t\t\t\t\t\t\t\t\t<p>Postavy a praktiky t\u00fdchto noc\u00ed s\u00fa v lexik\u00f3ne pop\u00edsan\u00e9 samostatne: <a href=\"https:\/\/iwell-guard.com\/sk\/?page_id=158816\">Frau Perchta a Perchten<\/a> ako sk\u00fa\u0161ate\u013eka Dvan\u00e1stor\u00e1, <a href=\"https:\/\/iwell-guard.com\/sk\/?page_id=158818\">Frau Holle<\/a> ako jej stredonemeck\u00fd protiklad, <a href=\"https:\/\/iwell-guard.com\/sk\/odin\/\">Odin<\/a> v s\u00favislosti s Divok\u00fdm lovom a <a href=\"https:\/\/iwell-guard.com\/sk\/?page_id=158815\">Krampus<\/a> ako stra\u0161ideln\u00e1 postava adventu. Preh\u013ead trad\u00edcie pon\u00faka str\u00e1nka o <a href=\"https:\/\/iwell-guard.com\/sk\/germanske\/\">germ\u00e1nskej trad\u00edcii<\/a>, zachovan\u00e9 ochrann\u00e9 formy tohto obdobia s\u00fa pop\u00edsan\u00e9 v \u010dl\u00e1nkoch <a href=\"https:\/\/iwell-guard.com\/sk\/vykurovanie-a-ocista\/\">Vykurovanie dymom (R\u00e4uchern)<\/a> a <a href=\"https:\/\/iwell-guard.com\/sk\/vonava-zivica\/\">Tymian (Weihrauch)<\/a>.<\/p>\t\t\t\t\t\t\t\t<\/div>\n\t\t\t\t<\/div>\n\t\t\t\t\t<\/div>\n\t\t\t\t<\/div>\n\t\t<div class=\"elementor-element elementor-element-9000290 e-flex e-con-boxed e-con e-parent\" data-id=\"9000290\" data-element_type=\"container\" data-e-type=\"container\">\n\t\t\t\t\t<div class=\"e-con-inner\">\n\t\t\t\t<div class=\"elementor-element elementor-element- elementor-widget elementor-widget-heading\" data-id=\"\" data-element_type=\"widget\" data-e-type=\"widget\" data-widget_type=\"heading.default\">\n\t\t\t\t\t<h2 class=\"elementor-heading-title elementor-size-default\">Pr\u00edbuzn\u00e9 bytosti a t\u00e9my<\/h2>\t\t\t\t<\/div>\n\t\t<div class=\"elementor-element elementor-element- e-con-full e-flex e-con e-child\" data-id=\"\" data-element_type=\"container\" data-e-type=\"container\">\n\t\t\t\t<div class=\"elementor-element elementor-element- elementor-widget elementor-widget-text-editor\" data-id=\"\" data-element_type=\"widget\" data-e-type=\"widget\" data-widget_type=\"text-editor.default\">\n\t\t\t\t\t\t\t\t\t<p>Postavy a praktiky t\u00fdchto noc\u00ed s\u00fa v lexik\u00f3ne pop\u00edsan\u00e9 samostatne: <a href=\"https:\/\/iwell-guard.com\/sk\/?page_id=158816\">Frau Perchta a Perchten<\/a> ako sk\u00fa\u0161ate\u013eka Dvan\u00e1stor\u00e1, <a href=\"https:\/\/iwell-guard.com\/sk\/?page_id=158818\">Frau Holle<\/a> ako jej stredonemeck\u00fd protiklad, <a href=\"https:\/\/iwell-guard.com\/sk\/odin\/\">Odin<\/a> v s\u00favislosti s Divok\u00fdm lovom a <a href=\"https:\/\/iwell-guard.com\/sk\/?page_id=158815\">Krampus<\/a> ako stra\u0161ideln\u00e1 postava adventu. Preh\u013ead trad\u00edcie pon\u00faka str\u00e1nka o <a href=\"https:\/\/iwell-guard.com\/sk\/germanske\/\">germ\u00e1nskej trad\u00edcii<\/a>, zachovan\u00e9 ochrann\u00e9 formy tohto obdobia s\u00fa pop\u00edsan\u00e9 v \u010dl\u00e1nkoch <a href=\"https:\/\/iwell-guard.com\/sk\/vykurovanie-a-ocista\/\">Vykurovanie dymom (R\u00e4uchern)<\/a> a <a href=\"https:\/\/iwell-guard.com\/sk\/vonava-zivica\/\">Tymian (Weihrauch)<\/a>.<\/p>\t\t\t\t\t\t\t\t<\/div>\n\t\t\t\t<\/div>\n\t\t\t\t\t<\/div>\n\t\t\t\t<\/div>\n\t\t<div class=\"elementor-element elementor-element-918fb03 e-flex e-con-boxed e-con e-parent\" data-id=\"918fb03\" data-element_type=\"container\" data-e-type=\"container\">\n\t\t\t\t\t<div class=\"e-con-inner\">\n\t\t\t\t<div class=\"elementor-element elementor-element- elementor-widget elementor-widget-heading\" data-id=\"\" data-element_type=\"widget\" data-e-type=\"widget\" data-widget_type=\"heading.default\">\n\t\t\t\t\t<h2 class=\"elementor-heading-title elementor-size-default\">Pr\u00edbuzn\u00e9 bytosti a t\u00e9my<\/h2>\t\t\t\t<\/div>\n\t\t<div class=\"elementor-element elementor-element- e-con-full e-flex e-con e-child\" data-id=\"\" data-element_type=\"container\" data-e-type=\"container\">\n\t\t\t\t<div class=\"elementor-element elementor-element- elementor-widget elementor-widget-text-editor\" data-id=\"\" data-element_type=\"widget\" data-e-type=\"widget\" data-widget_type=\"text-editor.default\">\n\t\t\t\t\t\t\t\t\t<p>Postavy a praktiky t\u00fdchto noc\u00ed s\u00fa v lexik\u00f3ne pop\u00edsan\u00e9 samostatne: <a href=\"https:\/\/iwell-guard.com\/sk\/?page_id=158816\">Frau Perchta a Perchten<\/a> ako sk\u00fa\u0161ate\u013eka Dvan\u00e1stor\u00e1, <a href=\"https:\/\/iwell-guard.com\/sk\/?page_id=158818\">Frau Holle<\/a> ako jej stredonemeck\u00fd protiklad, <a href=\"https:\/\/iwell-guard.com\/sk\/odin\/\">Odin<\/a> v s\u00favislosti s Divok\u00fdm lovom a <a href=\"https:\/\/iwell-guard.com\/sk\/?page_id=158815\">Krampus<\/a> ako stra\u0161ideln\u00e1 postava adventu. Preh\u013ead trad\u00edcie pon\u00faka str\u00e1nka o <a href=\"https:\/\/iwell-guard.com\/sk\/germanske\/\">germ\u00e1nskej trad\u00edcii<\/a>, zachovan\u00e9 ochrann\u00e9 formy tohto obdobia s\u00fa pop\u00edsan\u00e9 v \u010dl\u00e1nkoch <a href=\"https:\/\/iwell-guard.com\/sk\/vykurovanie-a-ocista\/\">Vykurovanie dymom (R\u00e4uchern)<\/a> a <a href=\"https:\/\/iwell-guard.com\/sk\/vonava-zivica\/\">Tymian (Weihrauch)<\/a>.<\/p>\t\t\t\t\t\t\t\t<\/div>\n\t\t\t\t<div class=\"elementor-element elementor-element-8ab5043 elementor-widget elementor-widget-html\" data-id=\"8ab5043\" data-element_type=\"widget\" data-e-type=\"widget\" data-widget_type=\"html.default\">\n\t\t\t\t\t<script type=\"application\/ld+json\">{\"@context\": \"https:\/\/schema.org\", \"@type\": \"FAQPage\", \"mainEntity\": [{\"@type\": \"Question\", \"name\": \"\u010co sa nesmie robi\u0165 po\u010das Rauhn\u00e4chte?\", \"acceptedAnswer\": {\"@type\": \"Answer\", \"text\": \"Trad\u00edcia uv\u00e1dza predov\u0161etk\u00fdm tri z\u00e1kazy. Bielize\u0148 sa nemala pra\u0165 a nemala sa ve\u0161a\u0165 na noc, preto\u017ee sa v nej pod\u013ea povesti zachyt\u00ed Divok\u00fd lov. Za\u010dat\u00e9 pr\u00e1ce by mali by\u0165 dokon\u010den\u00e9 a kolovr\u00e1tky odpratan\u00e9. Vypo\u017ei\u010dan\u00e9 predmety sa vracali sp\u00e4\u0165 a v tomto \u010dase sa z domu ni\u010d ned\u00e1valo. Ide o zvykov\u00e9 pravidl\u00e1 minul\u00fdch \u010dias, ktor\u00e9 dnes \u017eij\u00fa najm\u00e4 ako rozpr\u00e1va\u010dsk\u00e1 trad\u00edcia.\"}}, {\"@type\": \"Question\", \"name\": \"\u010co presne sa rob\u00ed po\u010das Rauhn\u00e4chte?\", \"acceptedAnswer\": {\"@type\": \"Answer\", \"text\": \"Zachovali sa \u0161tyri oblasti \u010dinnost\u00ed: vykurovanie dymom domu a stajne s tymianom a bylinkami, po\u017eehnanie na prahu posv\u00e4tenou vodou a kriedov\u00fd n\u00e1pis Traja kr\u00e1li, v\u00fdklad po\u010dasia a snov ako predzves\u0165 pre dvan\u00e1s\u0165 mesiacov a maskov\u00e9 obch\u00f4dzky v Alp\u00e1ch. V s\u00fa\u010dasnej praxi k tomu prib\u00fada sp\u00e4tn\u00fd poh\u013ead s pozn\u00e1mkov\u00fdm blokom a ritu\u00e1l trin\u00e1stich prian\u00ed, ktor\u00fd sa pova\u017euje za mlad\u0161\u00ed zvyk.\"}}, {\"@type\": \"Question\", \"name\": \"\u010co s\u00fa to 12 Rauhn\u00e4chte?\", \"acceptedAnswer\": {\"@type\": \"Answer\", \"text\": \"Dvan\u00e1s\u0165 Rauhn\u00e4chte s\u00fa noci medzi Vianocami a sviatkom Troch kr\u00e1\u013eov, pod\u013ea najroz\u0161\u00edrenej\u0161ieho po\u010d\u00edtania od 25. decembra do 6. janu\u00e1ra. Star\u0161ie po\u010d\u00edtania za\u010d\u00ednaj\u00fa Tom\u00e1\u0161ovskou nocou 21. decembra alebo \u0160tedrou nocou. Ka\u017ed\u00e1 z dvan\u00e1stich noc\u00ed sa v trad\u00edcii pova\u017euje za predzves\u0165 jedn\u00e9ho mesiaca nadch\u00e1dzaj\u00faceho roka.\"}}, {\"@type\": \"Question\", \"name\": \"Ktor\u00e9 s\u00fa 4 najd\u00f4le\u017eitej\u0161ie Rauhn\u00e4chte?\", \"acceptedAnswer\": {\"@type\": \"Answer\", \"text\": \"Vo v\u00e4\u010d\u0161ine opisov sa zd\u00f4raz\u0148uj\u00fa Tom\u00e1\u0161ovsk\u00e1 noc z 20. na 21. decembra ako najdlh\u0161ia noc star\u00e9ho kalend\u00e1ra, \u0160tedr\u00e1 noc z 24. na 25. decembra, noc na Nov\u00fd rok ako klasick\u00e1 ve\u0161teck\u00e1 noc a Perchtina noc z 5. na 6. janu\u00e1ra ako z\u00e1ver radu.\"}}]}<\/script>\t\t\t\t<\/div>\n\t\t\t\t<\/div>\n\t\t\t\t\t<\/div>\n\t\t\t\t<\/div>\n\t\t<div class=\"elementor-element elementor-element-7b4a206 e-flex e-con-boxed e-con e-parent\" data-id=\"7b4a206\" data-element_type=\"container\" data-e-type=\"container\">\n\t\t\t\t\t<div class=\"e-con-inner\">\n\t\t\t\t<div class=\"elementor-element elementor-element- elementor-widget elementor-widget-heading\" data-id=\"\" data-element_type=\"widget\" data-e-type=\"widget\" data-widget_type=\"heading.default\">\n\t\t\t\t\t<h2 class=\"elementor-heading-title elementor-size-default\">Pr\u00edbuzn\u00e9 bytosti a t\u00e9my<\/h2>\t\t\t\t<\/div>\n\t\t<div class=\"elementor-element elementor-element- e-con-full e-flex e-con e-child\" data-id=\"\" data-element_type=\"container\" data-e-type=\"container\">\n\t\t\t\t<div class=\"elementor-element elementor-element- elementor-widget elementor-widget-text-editor\" data-id=\"\" data-element_type=\"widget\" data-e-type=\"widget\" data-widget_type=\"text-editor.default\">\n\t\t\t\t\t\t\t\t\t<p>Postavy a praktiky t\u00fdchto noc\u00ed s\u00fa v lexik\u00f3ne pop\u00edsan\u00e9 samostatne: <a href=\"https:\/\/iwell-guard.com\/sk\/?page_id=158816\">Frau Perchta a Perchten<\/a> ako sk\u00fa\u0161ate\u013eka Dvan\u00e1stor\u00e1, <a href=\"https:\/\/iwell-guard.com\/sk\/?page_id=158818\">Frau Holle<\/a> ako jej stredonemeck\u00fd protiklad, <a href=\"https:\/\/iwell-guard.com\/sk\/odin\/\">Odin<\/a> v s\u00favislosti s Divok\u00fdm lovom a <a href=\"https:\/\/iwell-guard.com\/sk\/?page_id=158815\">Krampus<\/a> ako stra\u0161ideln\u00e1 postava adventu. Preh\u013ead trad\u00edcie pon\u00faka str\u00e1nka o <a href=\"https:\/\/iwell-guard.com\/sk\/germanske\/\">germ\u00e1nskej trad\u00edcii<\/a>, zachovan\u00e9 ochrann\u00e9 formy tohto obdobia s\u00fa pop\u00edsan\u00e9 v \u010dl\u00e1nkoch <a href=\"https:\/\/iwell-guard.com\/sk\/vykurovanie-a-ocista\/\">Vykurovanie dymom (R\u00e4uchern)<\/a> a <a href=\"https:\/\/iwell-guard.com\/sk\/vonava-zivica\/\">Tymian (Weihrauch)<\/a>.<\/p>\t\t\t\t\t\t\t\t<\/div>\n\t\t\t\t<\/div>\n\t\t\t\t\t<\/div>\n\t\t\t\t<\/div>\n\t\t<div class=\"elementor-element elementor-element-iwgs-raeuchern-lit e-flex e-con-boxed e-con e-parent\" data-id=\"iwgs-raeuchern-lit\" data-element_type=\"container\" data-e-type=\"container\">\n\t\t\t\t\t<div class=\"e-con-inner\">\n\t\t\t\t<div class=\"elementor-element elementor-element-iwgs-raeuchern-lith elementor-widget elementor-widget-heading\" data-id=\"iwgs-raeuchern-lith\" data-element_type=\"widget\" data-e-type=\"widget\" data-widget_type=\"heading.default\">\n\t\t\t\t\t<h2 class=\"elementor-heading-title elementor-size-default\">Literat\u00fara (v\u00fdber)<\/h2>\t\t\t\t<\/div>\n\t\t<div class=\"elementor-element elementor-element-iw-raeuchern-lit-bw e-con-full e-flex e-con e-child\" data-id=\"iw-raeuchern-lit-bw\" data-element_type=\"container\" data-e-type=\"container\">\n\t\t\t\t<div class=\"elementor-element elementor-element-iwgs-raeuchern-litt elementor-widget elementor-widget-html\" data-id=\"iwgs-raeuchern-litt\" data-element_type=\"widget\" data-e-type=\"widget\" data-widget_type=\"html.default\">\n\t\t\t\t\t<footer data-nosnippet=\"true\"><ul><li>Handw\u00f6rterbuch des deutschen Aberglaubens. Hrsg. von Hanns B\u00e4chtold-St\u00e4ubli. Bd. 9, Artikel \u201eZw\u00f6lften\". Berlin: de Gruyter, 1938-1941.<\/li><li>Dietz-R\u00fcdiger Moser: Br\u00e4uche und Feste im christlichen Jahreslauf. Brauchformen der Gegenwart in kulturgeschichtlichen Zusammenh\u00e4ngen. Graz: Styria, 1993.<\/li><li>Manfred Becker-Huberti: Feiern, Feste, Jahreszeiten. Lebendige Br\u00e4uche im ganzen Jahr. Freiburg: Herder, 2001.<\/li><li>Marianne Rumpf: Perchten. Popul\u00e4re Glaubensgestalten zwischen Mythos und Katechese. W\u00fcrzburg: K\u00f6nigshausen und Neumann, 1991.<\/li><\/ul><\/footer>\t\t\t\t<\/div>\n\t\t\t\t<\/div>\n\t\t\t\t\t<\/div>\n\t\t\t\t<\/div>\n\t\t<div class=\"elementor-element elementor-element-iwgs-raeuchern-kwd e-flex e-con-boxed e-con e-parent\" data-id=\"iwgs-raeuchern-kwd\" data-element_type=\"container\" data-e-type=\"container\">\n\t\t\t\t\t<div class=\"e-con-inner\">\n\t\t<div class=\"elementor-element elementor-element-iw-raeuchern-kwd-bw e-con-full e-flex e-con e-child\" data-id=\"iw-raeuchern-kwd-bw\" data-element_type=\"container\" data-e-type=\"container\">\n\t\t\t\t<div class=\"elementor-element elementor-element-iwgs-raeuchern-kwdt elementor-widget elementor-widget-text-editor\" data-id=\"iwgs-raeuchern-kwdt\" data-element_type=\"widget\" data-e-type=\"widget\" data-widget_type=\"text-editor.default\">\n\t\t\t\t\t\t\t\t\t<p><em>S\u00favisiace k\u013e\u00fa\u010dov\u00e9 pojmy: rauhnaechte raunaechte zwoelften raeuchern losnaechte perchtennacht.<\/em><\/p>\t\t\t\t\t\t\t\t<\/div>\n\t\t\t\t<\/div>\n\t\t\t\t\t<\/div>\n\t\t\t\t<\/div>\n\t\t<div class=\"elementor-element elementor-element-iwgs-raeuchern-cc e-flex e-con-boxed e-con e-parent\" data-id=\"iwgs-raeuchern-cc\" data-element_type=\"container\" data-e-type=\"container\" id=\"iwg-cc-raeuchern\">\n\t\t\t\t\t<div class=\"e-con-inner\">\n\t\t<div class=\"elementor-element elementor-element-iwgs-raeuchern-ccinner e-flex e-con-boxed e-con e-child\" data-id=\"iwgs-raeuchern-ccinner\" data-element_type=\"container\" data-e-type=\"container\" data-settings=\"{&quot;background_background&quot;:&quot;classic&quot;}\">\n\t\t\t\t\t<div class=\"e-con-inner\">\n\t\t\t\t<div class=\"elementor-element elementor-element-iwgs-raeuchern-cch elementor-widget elementor-widget-heading\" data-id=\"iwgs-raeuchern-cch\" data-element_type=\"widget\" data-e-type=\"widget\" data-widget_type=\"heading.default\">\n\t\t\t\t\t<h2 class=\"elementor-heading-title elementor-size-default\">iWell Guard a ochrann\u00e9 trad\u00edcie<\/h2>\t\t\t\t<\/div>\n\t\t\t\t<div class=\"elementor-element elementor-element-iwgs-raeuchern-cct elementor-widget elementor-widget-text-editor\" data-id=\"iwgs-raeuchern-cct\" data-element_type=\"widget\" data-e-type=\"widget\" data-widget_type=\"text-editor.default\">\n\t\t\t\t\t\t\t\t\t<p>Rozmanitos\u0165 prakt\u00edk vykurovania dymom ukazuje, \u017ee \u013eudia na r\u00f4znych kontinentoch dospeli k podobn\u00fdm z\u00e1verom: priestor alebo osobu je mo\u017en\u00e9 cielen\u00fdmi \u00fakonmi uvies\u0165 do stavu, ktor\u00fd s\u0165a\u017euje alebo znemo\u017e\u0148uje vonkaj\u0161ie p\u00f4sobenie.<\/p><p><a href=\"https:\/\/iwell-guard.com\/sk\/ochranny-privesok-iwell-guard-kupit\/\">iWell Guard<\/a> nadv\u00e4zuje na tieto trad\u00edcie a zhus\u0165uje ich do nosen\u00e9ho ochrann\u00e9ho znaku. \u010co kult\u00fary dosahovali vykurovan\u00edm dymom pre priestor, m\u00e1 pr\u00edvesok dosahova\u0165 pre osobu: trval\u00fa, nosen\u00fa pripomienku v\u00f4le k ochrane, \u010derpaj\u00facu z trad\u00edci\u00ed presahuj\u00facich jednotliv\u00e9 kult\u00fary.<\/p>\t\t\t\t\t\t\t\t<\/div>\n\t\t\t\t<div class=\"elementor-element elementor-element-iwgs-raeuchern-ccb iwg-cc-button iwg-cc-cta-2026-05-13 elementor-widget elementor-widget-jet-button\" data-id=\"iwgs-raeuchern-ccb\" data-element_type=\"widget\" data-e-type=\"widget\" data-widget_type=\"jet-button.default\">\n\t\t\t\t<div class=\"elementor-widget-container\">\n\t\t\t\t\t<div class=\"elementor-jet-button jet-elements\"><div class=\"jet-button__container\"><a class=\"jet-button__instance jet-button__instance--icon-left hover-effect-1\" href=\"\/schutzanhaenger-iwell-guard-kaufen\/?utm_source=iwell-guard.com&amp;utm_medium=info-box&amp;utm_campaign=schutzsymbole\"><div class=\"jet-button__plane jet-button__plane-normal\"><\/div><div class=\"jet-button__plane jet-button__plane-hover\"><\/div><div class=\"jet-button__state jet-button__state-normal\"><span class=\"jet-button__label\">Viac o iWell Guard<\/span><\/div><div class=\"jet-button__state jet-button__state-hover\"><span class=\"jet-button__label\">Viac o iWell Guard<\/span><\/div><\/a><\/div><\/div><style>.elementor-element.elementor-element-iwgs-raeuchern-ccb .jet-button__instance{width:320px;height:56px;}.elementor-element.elementor-element-iwgs-raeuchern-ccb .jet-button__state-normal .jet-button__label{text-align:center;margin:0px 0px 0px 0px;color:#1a1b20;font-family:Montserrat,sans-serif;font-size:13px;font-weight:400;letter-spacing:4px;line-height:1.714em;text-transform:uppercase;}.elementor-element.elementor-element-iwgs-raeuchern-ccb .jet-button__state-hover .jet-button__label{text-align:center;margin:0px 0px 0px 0px;color:#FECC76;font-family:Montserrat,sans-serif;font-size:13px;font-weight:400;letter-spacing:4px;line-height:1.714em;text-transform:uppercase;}.elementor-element.elementor-element-iwgs-raeuchern-ccb .jet-button__plane-normal{background-color:#FECC76;border-style:solid;border-color:#C99540;border-width:2px 2px 2px 2px;}.elementor-element.elementor-element-iwgs-raeuchern-ccb .jet-button__plane-hover{background-color:rgba(0,0,0,0.55);border-style:solid;border-color:#FECC76;border-width:2px 2px 2px 2px;}<\/style>\t\t\t\t<\/div>\n\t\t\t\t<\/div>\n\t\t\t\t<div class=\"elementor-element elementor-element-iwgs-raeuchern-ccd elementor-widget elementor-widget-text-editor\" data-id=\"iwgs-raeuchern-ccd\" data-element_type=\"widget\" data-e-type=\"widget\" data-widget_type=\"text-editor.default\">\n\t\t\t\t\t\t\t\t\t<p style=\"text-align:center;font-size:13px;opacity:0.7;margin-top:14px\" data-nosnippet=\"true\">Osobn\u00e9 sk\u00fasenosti sa m\u00f4\u017eu l\u00ed\u0161i\u0165. Nejde o zdravotn\u00edcku pom\u00f4cku. Nejde o pr\u00eds\u013eub lie\u010denia.<\/p>\t\t\t\t\t\t\t\t<\/div>\n\t\t\t\t\t<\/div>\n\t\t\t\t<\/div>\n\t\t\t\t\t<\/div>\n\t\t\t\t<\/div>\n\t\t<div class=\"elementor-element elementor-element-iwgs-raeuchern-disc e-flex e-con-boxed e-con e-parent\" data-id=\"iwgs-raeuchern-disc\" data-element_type=\"container\" data-e-type=\"container\">\n\t\t\t\t\t<div class=\"e-con-inner\">\n\t\t<div class=\"elementor-element elementor-element-iw-raeuchern-disc-bw e-con-full e-flex e-con e-child\" data-id=\"iw-raeuchern-disc-bw\" data-element_type=\"container\" data-e-type=\"container\">\n\t\t\t\t<div class=\"elementor-element elementor-element-iwgs-raeuchern-discw elementor-widget elementor-widget-html\" data-id=\"iwgs-raeuchern-discw\" data-element_type=\"widget\" data-e-type=\"widget\" data-widget_type=\"html.default\">\n\t\t\t\t\t<footer data-nosnippet=\"true\" class=\"iwg-disclaimer-block\"><p data-nosnippet=\"true\">iWell Guard <strong>nie je zdravotn\u00edcka pom\u00f4cka<\/strong> a nenahr\u00e1dza lek\u00e1rske ani psychoterapeutick\u00e9 lie\u010denie. Tu uveden\u00fd obsah predstavuje religionistick\u00e9 a kult\u00farno-historick\u00e9 zaradenie, nie pr\u00eds\u013eub duchovn\u00e9ho \u00fa\u010dinku.<\/p><\/footer>\t\t\t\t<\/div>\n\t\t\t\t<\/div>\n\t\t\t\t\t<\/div>\n\t\t\t\t<\/div>\n\t\t\t\t<\/div>\n\t\t","protected":false},"excerpt":{"rendered":"","protected":false},"author":1,"featured_media":4143,"parent":0,"menu_order":0,"comment_status":"closed","ping_status":"closed","template":"elementor_header_footer","meta":{"_yoast_wpseo_focuskw":"rauhn\u00e4chte","_yoast_wpseo_title":"Rauhn\u00e4chte: v\u00fdznam, ritu\u00e1ly a term\u00edny","_yoast_wpseo_metadesc":"\u010co s\u00fa Rauhn\u00e4chte? V\u00fdznam dvan\u00e1stich noc\u00ed medzi rokmi, zvyky a z\u00e1kazy, vykurovanie dymom a or\u00e1kul\u00e1, od Frau Perchty a\u017e po Div\u00fd lov.","_yoast_wpseo_meta-robots-noindex":"","_yoast_wpseo_canonical":"","_angie_page":false,"gefaehrdungsstufe":"","wesen_kultur":"","wesen_klasse":"","footnotes":""},"categories":[],"class_list":["post-158862","page","type-page","status-publish","has-post-thumbnail","hentry"],"yoast_head":"<!-- This site is optimized with the Yoast SEO Premium plugin v27.7 (Yoast SEO v28.3) - https:\/\/yoast.com\/product\/yoast-seo-premium-wordpress\/ -->\n<title>Rauhn\u00e4chte: v\u00fdznam, ritu\u00e1ly a term\u00edny<\/title>\n<meta name=\"description\" content=\"\u010co s\u00fa Rauhn\u00e4chte? V\u00fdznam dvan\u00e1stich noc\u00ed medzi rokmi, zvyky a z\u00e1kazy, vykurovanie dymom a or\u00e1kul\u00e1, od Frau Perchty a\u017e po Div\u00fd lov.\" \/>\n<meta name=\"robots\" content=\"index, follow, max-snippet:-1, max-image-preview:large, max-video-preview:-1\" \/>\n<link rel=\"canonical\" href=\"https:\/\/iwell-guard.com\/sk\/rauhnachte\/\" \/>\n<meta property=\"og:locale\" content=\"sk_SK\" \/>\n<meta property=\"og:type\" content=\"article\" \/>\n<meta property=\"og:title\" content=\"Rauhn\u00e4chte\" \/>\n<meta property=\"og:description\" content=\"\u010co s\u00fa Rauhn\u00e4chte? V\u00fdznam dvan\u00e1stich noc\u00ed medzi rokmi, zvyky a z\u00e1kazy, vykurovanie dymom a or\u00e1kul\u00e1, od Frau Perchty a\u017e po Div\u00fd lov.\" \/>\n<meta property=\"og:url\" content=\"https:\/\/iwell-guard.com\/sk\/rauhnachte\/\" \/>\n<meta property=\"og:site_name\" content=\"iWell Guard\" \/>\n<meta property=\"article:modified_time\" content=\"2026-09-04T23:13:44+00:00\" \/>\n<meta property=\"og:image\" content=\"https:\/\/iwell-guard.com\/wp-content\/uploads\/2026\/05\/schutzsymbol_universell_raeuchern-683x1024.png\" \/>\n\t<meta property=\"og:image:width\" content=\"683\" \/>\n\t<meta property=\"og:image:height\" content=\"1024\" \/>\n\t<meta property=\"og:image:type\" content=\"image\/png\" \/>\n<meta name=\"twitter:card\" content=\"summary_large_image\" \/>\n<script type=\"application\/ld+json\" class=\"yoast-schema-graph\">{\"@context\":\"https:\\\/\\\/schema.org\",\"@graph\":[{\"@type\":\"WebPage\",\"@id\":\"https:\\\/\\\/iwell-guard.com\\\/sk\\\/rauhnachte\\\/\",\"url\":\"https:\\\/\\\/iwell-guard.com\\\/sk\\\/rauhnachte\\\/\",\"name\":\"Rauhn\u00e4chte: v\u00fdznam, ritu\u00e1ly a term\u00edny\",\"isPartOf\":{\"@id\":\"https:\\\/\\\/iwell-guard.com\\\/sk\\\/#website\"},\"primaryImageOfPage\":{\"@id\":\"https:\\\/\\\/iwell-guard.com\\\/sk\\\/rauhnachte\\\/#primaryimage\"},\"image\":{\"@id\":\"https:\\\/\\\/iwell-guard.com\\\/sk\\\/rauhnachte\\\/#primaryimage\"},\"thumbnailUrl\":\"https:\\\/\\\/iwell-guard.com\\\/wp-content\\\/uploads\\\/2026\\\/05\\\/schutzsymbol_universell_raeuchern.png\",\"datePublished\":\"2026-09-04T22:36:09+00:00\",\"dateModified\":\"2026-09-04T23:13:44+00:00\",\"description\":\"\u010co s\u00fa Rauhn\u00e4chte? V\u00fdznam dvan\u00e1stich noc\u00ed medzi rokmi, zvyky a z\u00e1kazy, vykurovanie dymom a or\u00e1kul\u00e1, od Frau Perchty a\u017e po Div\u00fd lov.\",\"breadcrumb\":{\"@id\":\"https:\\\/\\\/iwell-guard.com\\\/sk\\\/rauhnachte\\\/#breadcrumb\"},\"inLanguage\":\"sk-SK\",\"potentialAction\":[{\"@type\":\"ReadAction\",\"target\":[\"https:\\\/\\\/iwell-guard.com\\\/sk\\\/rauhnachte\\\/\"]}]},{\"@type\":\"ImageObject\",\"inLanguage\":\"sk-SK\",\"@id\":\"https:\\\/\\\/iwell-guard.com\\\/sk\\\/rauhnachte\\\/#primaryimage\",\"url\":\"https:\\\/\\\/iwell-guard.com\\\/wp-content\\\/uploads\\\/2026\\\/05\\\/schutzsymbol_universell_raeuchern.png\",\"contentUrl\":\"https:\\\/\\\/iwell-guard.com\\\/wp-content\\\/uploads\\\/2026\\\/05\\\/schutzsymbol_universell_raeuchern.png\",\"width\":1024,\"height\":1536,\"caption\":\"Vykurovanie a \u010distenie \u2013 st\u00fapaj\u00faci dym ako symbol o\u010disty\"},{\"@type\":\"BreadcrumbList\",\"@id\":\"https:\\\/\\\/iwell-guard.com\\\/sk\\\/rauhnachte\\\/#breadcrumb\",\"itemListElement\":[{\"@type\":\"ListItem\",\"position\":1,\"name\":\"Start\",\"item\":\"https:\\\/\\\/iwell-guard.com\\\/sk\\\/?page_id=157572\"},{\"@type\":\"ListItem\",\"position\":2,\"name\":\"Rauhn\u00e4chte\"}]},{\"@type\":\"WebSite\",\"@id\":\"https:\\\/\\\/iwell-guard.com\\\/sk\\\/#website\",\"url\":\"https:\\\/\\\/iwell-guard.com\\\/sk\\\/\",\"name\":\"iWell Guard\",\"description\":\"Schutz vor dunklen Einfl\u00fcssen\",\"publisher\":{\"@id\":\"https:\\\/\\\/iwell-guard.com\\\/sk\\\/#organization\"},\"potentialAction\":[{\"@type\":\"SearchAction\",\"target\":{\"@type\":\"EntryPoint\",\"urlTemplate\":\"https:\\\/\\\/iwell-guard.com\\\/sk\\\/?s={search_term_string}\"},\"query-input\":{\"@type\":\"PropertyValueSpecification\",\"valueRequired\":true,\"valueName\":\"search_term_string\"}}],\"inLanguage\":\"sk-SK\"},{\"@type\":\"Organization\",\"@id\":\"https:\\\/\\\/iwell-guard.com\\\/sk\\\/#organization\",\"name\":\"Ittermann electronic GmbH\",\"url\":\"https:\\\/\\\/iwell-guard.com\\\/sk\\\/\",\"logo\":{\"@type\":\"ImageObject\",\"inLanguage\":\"sk-SK\",\"@id\":\"https:\\\/\\\/iwell-guard.com\\\/sk\\\/#\\\/schema\\\/logo\\\/image\\\/\",\"url\":\"https:\\\/\\\/iwell-guard.com\\\/wp-content\\\/uploads\\\/2026\\\/05\\\/Ittermann-Logo-1182x237-1.png\",\"contentUrl\":\"https:\\\/\\\/iwell-guard.com\\\/wp-content\\\/uploads\\\/2026\\\/05\\\/Ittermann-Logo-1182x237-1.png\",\"width\":1182,\"height\":237,\"caption\":\"Ittermann electronic GmbH\"},\"image\":{\"@id\":\"https:\\\/\\\/iwell-guard.com\\\/sk\\\/#\\\/schema\\\/logo\\\/image\\\/\"},\"sameAs\":[\"https:\\\/\\\/pantip.com\\\/profile\\\/9367242\",\"https:\\\/\\\/micro.blog\\\/iwellguard\",\"https:\\\/\\\/www.diggerslist.com\\\/iwellguard\\\/about\",\"https:\\\/\\\/skitterphoto.com\\\/photographers\\\/2870314\\\/iwell-guard\",\"https:\\\/\\\/iwellguard.wordpress.com\\\/2026\\\/06\\\/06\\\/iwell-guard\\\/\",\"https:\\\/\\\/hub.docker.com\\\/u\\\/iwellguard\",\"https:\\\/\\\/www.pinterest.com\\\/iwellguard\\\/\",\"https:\\\/\\\/bit.ly\\\/m\\\/iwellguard\",\"https:\\\/\\\/entre-vos-mains.alsace.eu\\\/profiles\\\/iwellguard\\\/activity\",\"https:\\\/\\\/gravatar.com\\\/reallybeded8fd34\",\"https:\\\/\\\/naijamatta.com\\\/iwellguard\",\"https:\\\/\\\/www.goodreads.com\\\/iwellguard\",\"https:\\\/\\\/profile.hatena.ne.jp\\\/iwellguard\\\/\",\"https:\\\/\\\/experiment.com\\\/users\\\/iwellguard\",\"https:\\\/\\\/wakelet.com\\\/@iWellGuard82270\",\"https:\\\/\\\/www.chordie.com\\\/forum\\\/profile.php?id=2555664\",\"https:\\\/\\\/www.instapaper.com\\\/p\\\/17757966\",\"https:\\\/\\\/www.mapleprimes.com\\\/users\\\/iwellguard\",\"https:\\\/\\\/businesslistingplus.com\\\/profile\\\/iwell-guard\\\/\",\"https:\\\/\\\/telegra.ph\\\/iWell-Guard-06-06\",\"https:\\\/\\\/pbase.com\\\/iwellguard\\\/iwellguard\",\"https:\\\/\\\/b.hatena.ne.jp\\\/iwellguard\\\/20260607#bookmark-4788405196491818882\",\"https:\\\/\\\/fliphtml5.com\\\/home\\\/iwellguard\",\"https:\\\/\\\/anyflip.com\\\/homepage\\\/cmiwl#About\",\"https:\\\/\\\/transfur.com\\\/Users\\\/iwellguard\",\"http:\\\/\\\/delphi.larsbo.org\\\/user\\\/iwellguard\",\"https:\\\/\\\/jobs.lajobsportal.org\\\/profiles\\\/8380803-iwell-guard\",\"https:\\\/\\\/md.chaosdorf.de\\\/s\\\/jfbe5SBdJD\",\"https:\\\/\\\/www.lingvolive.com\\\/en-us\\\/profile\\\/9ecaeaca-ce11-4e51-9e71-01d55e2bff36\\\/translations\",\"https:\\\/\\\/www.fitday.com\\\/fitness\\\/forums\\\/members\\\/iwellguard.html\",\"https:\\\/\\\/www.mymeetbook.com\\\/iwellguard\",\"https:\\\/\\\/pxhere.com\\\/en\\\/photographer-me\\\/5040798\",\"https:\\\/\\\/disqus.com\\\/by\\\/iwellguard\\\/about\\\/\",\"https:\\\/\\\/pastelink.net\\\/hjwciqwq\",\"https:\\\/\\\/pubhtml5.com\\\/homepage\\\/scjhn\\\/\",\"https:\\\/\\\/www.bitchute.com\\\/channel\\\/2O2eOKzNqujT\",\"https:\\\/\\\/audiomack.com\\\/iwellguard\"]}]}<\/script>\n<!-- \/ Yoast SEO Premium plugin. -->","yoast_head_json":{"title":"Rauhn\u00e4chte: v\u00fdznam, ritu\u00e1ly a term\u00edny","description":"\u010co s\u00fa Rauhn\u00e4chte? V\u00fdznam dvan\u00e1stich noc\u00ed medzi rokmi, zvyky a z\u00e1kazy, vykurovanie dymom a or\u00e1kul\u00e1, od Frau Perchty a\u017e po Div\u00fd lov.","robots":{"index":"index","follow":"follow","max-snippet":"max-snippet:-1","max-image-preview":"max-image-preview:large","max-video-preview":"max-video-preview:-1"},"canonical":"https:\/\/iwell-guard.com\/sk\/rauhnachte\/","og_locale":"sk_SK","og_type":"article","og_title":"Rauhn\u00e4chte","og_description":"\u010co s\u00fa Rauhn\u00e4chte? V\u00fdznam dvan\u00e1stich noc\u00ed medzi rokmi, zvyky a z\u00e1kazy, vykurovanie dymom a or\u00e1kul\u00e1, od Frau Perchty a\u017e po Div\u00fd lov.","og_url":"https:\/\/iwell-guard.com\/sk\/rauhnachte\/","og_site_name":"iWell Guard","article_modified_time":"2026-09-04T23:13:44+00:00","og_image":[{"width":683,"height":1024,"url":"https:\/\/iwell-guard.com\/wp-content\/uploads\/2026\/05\/schutzsymbol_universell_raeuchern-683x1024.png","type":"image\/png"}],"twitter_card":"summary_large_image","schema":{"@context":"https:\/\/schema.org","@graph":[{"@type":"WebPage","@id":"https:\/\/iwell-guard.com\/sk\/rauhnachte\/","url":"https:\/\/iwell-guard.com\/sk\/rauhnachte\/","name":"Rauhn\u00e4chte: v\u00fdznam, ritu\u00e1ly a term\u00edny","isPartOf":{"@id":"https:\/\/iwell-guard.com\/sk\/#website"},"primaryImageOfPage":{"@id":"https:\/\/iwell-guard.com\/sk\/rauhnachte\/#primaryimage"},"image":{"@id":"https:\/\/iwell-guard.com\/sk\/rauhnachte\/#primaryimage"},"thumbnailUrl":"https:\/\/iwell-guard.com\/wp-content\/uploads\/2026\/05\/schutzsymbol_universell_raeuchern.png","datePublished":"2026-09-04T22:36:09+00:00","dateModified":"2026-09-04T23:13:44+00:00","description":"\u010co s\u00fa Rauhn\u00e4chte? V\u00fdznam dvan\u00e1stich noc\u00ed medzi rokmi, zvyky a z\u00e1kazy, vykurovanie dymom a or\u00e1kul\u00e1, od Frau Perchty a\u017e po Div\u00fd lov.","breadcrumb":{"@id":"https:\/\/iwell-guard.com\/sk\/rauhnachte\/#breadcrumb"},"inLanguage":"sk-SK","potentialAction":[{"@type":"ReadAction","target":["https:\/\/iwell-guard.com\/sk\/rauhnachte\/"]}]},{"@type":"ImageObject","inLanguage":"sk-SK","@id":"https:\/\/iwell-guard.com\/sk\/rauhnachte\/#primaryimage","url":"https:\/\/iwell-guard.com\/wp-content\/uploads\/2026\/05\/schutzsymbol_universell_raeuchern.png","contentUrl":"https:\/\/iwell-guard.com\/wp-content\/uploads\/2026\/05\/schutzsymbol_universell_raeuchern.png","width":1024,"height":1536,"caption":"Vykurovanie a \u010distenie \u2013 st\u00fapaj\u00faci dym ako symbol o\u010disty"},{"@type":"BreadcrumbList","@id":"https:\/\/iwell-guard.com\/sk\/rauhnachte\/#breadcrumb","itemListElement":[{"@type":"ListItem","position":1,"name":"Start","item":"https:\/\/iwell-guard.com\/sk\/?page_id=157572"},{"@type":"ListItem","position":2,"name":"Rauhn\u00e4chte"}]},{"@type":"WebSite","@id":"https:\/\/iwell-guard.com\/sk\/#website","url":"https:\/\/iwell-guard.com\/sk\/","name":"iWell Guard","description":"Schutz vor dunklen Einfl\u00fcssen","publisher":{"@id":"https:\/\/iwell-guard.com\/sk\/#organization"},"potentialAction":[{"@type":"SearchAction","target":{"@type":"EntryPoint","urlTemplate":"https:\/\/iwell-guard.com\/sk\/?s={search_term_string}"},"query-input":{"@type":"PropertyValueSpecification","valueRequired":true,"valueName":"search_term_string"}}],"inLanguage":"sk-SK"},{"@type":"Organization","@id":"https:\/\/iwell-guard.com\/sk\/#organization","name":"Ittermann electronic GmbH","url":"https:\/\/iwell-guard.com\/sk\/","logo":{"@type":"ImageObject","inLanguage":"sk-SK","@id":"https:\/\/iwell-guard.com\/sk\/#\/schema\/logo\/image\/","url":"https:\/\/iwell-guard.com\/wp-content\/uploads\/2026\/05\/Ittermann-Logo-1182x237-1.png","contentUrl":"https:\/\/iwell-guard.com\/wp-content\/uploads\/2026\/05\/Ittermann-Logo-1182x237-1.png","width":1182,"height":237,"caption":"Ittermann electronic GmbH"},"image":{"@id":"https:\/\/iwell-guard.com\/sk\/#\/schema\/logo\/image\/"},"sameAs":["https:\/\/pantip.com\/profile\/9367242","https:\/\/micro.blog\/iwellguard","https:\/\/www.diggerslist.com\/iwellguard\/about","https:\/\/skitterphoto.com\/photographers\/2870314\/iwell-guard","https:\/\/iwellguard.wordpress.com\/2026\/06\/06\/iwell-guard\/","https:\/\/hub.docker.com\/u\/iwellguard","https:\/\/www.pinterest.com\/iwellguard\/","https:\/\/bit.ly\/m\/iwellguard","https:\/\/entre-vos-mains.alsace.eu\/profiles\/iwellguard\/activity","https:\/\/gravatar.com\/reallybeded8fd34","https:\/\/naijamatta.com\/iwellguard","https:\/\/www.goodreads.com\/iwellguard","https:\/\/profile.hatena.ne.jp\/iwellguard\/","https:\/\/experiment.com\/users\/iwellguard","https:\/\/wakelet.com\/@iWellGuard82270","https:\/\/www.chordie.com\/forum\/profile.php?id=2555664","https:\/\/www.instapaper.com\/p\/17757966","https:\/\/www.mapleprimes.com\/users\/iwellguard","https:\/\/businesslistingplus.com\/profile\/iwell-guard\/","https:\/\/telegra.ph\/iWell-Guard-06-06","https:\/\/pbase.com\/iwellguard\/iwellguard","https:\/\/b.hatena.ne.jp\/iwellguard\/20260607#bookmark-4788405196491818882","https:\/\/fliphtml5.com\/home\/iwellguard","https:\/\/anyflip.com\/homepage\/cmiwl#About","https:\/\/transfur.com\/Users\/iwellguard","http:\/\/delphi.larsbo.org\/user\/iwellguard","https:\/\/jobs.lajobsportal.org\/profiles\/8380803-iwell-guard","https:\/\/md.chaosdorf.de\/s\/jfbe5SBdJD","https:\/\/www.lingvolive.com\/en-us\/profile\/9ecaeaca-ce11-4e51-9e71-01d55e2bff36\/translations","https:\/\/www.fitday.com\/fitness\/forums\/members\/iwellguard.html","https:\/\/www.mymeetbook.com\/iwellguard","https:\/\/pxhere.com\/en\/photographer-me\/5040798","https:\/\/disqus.com\/by\/iwellguard\/about\/","https:\/\/pastelink.net\/hjwciqwq","https:\/\/pubhtml5.com\/homepage\/scjhn\/","https:\/\/www.bitchute.com\/channel\/2O2eOKzNqujT","https:\/\/audiomack.com\/iwellguard"]}]}},"_links":{"self":[{"href":"https:\/\/iwell-guard.com\/sk\/wp-json\/wp\/v2\/pages\/158862","targetHints":{"allow":["GET"]}}],"collection":[{"href":"https:\/\/iwell-guard.com\/sk\/wp-json\/wp\/v2\/pages"}],"about":[{"href":"https:\/\/iwell-guard.com\/sk\/wp-json\/wp\/v2\/types\/page"}],"author":[{"embeddable":true,"href":"https:\/\/iwell-guard.com\/sk\/wp-json\/wp\/v2\/users\/1"}],"replies":[{"embeddable":true,"href":"https:\/\/iwell-guard.com\/sk\/wp-json\/wp\/v2\/comments?post=158862"}],"version-history":[{"count":0,"href":"https:\/\/iwell-guard.com\/sk\/wp-json\/wp\/v2\/pages\/158862\/revisions"}],"wp:featuredmedia":[{"embeddable":true,"href":"https:\/\/iwell-guard.com\/sk\/wp-json\/wp\/v2\/media\/4143"}],"wp:attachment":[{"href":"https:\/\/iwell-guard.com\/sk\/wp-json\/wp\/v2\/media?parent=158862"}],"wp:term":[{"taxonomy":"category","embeddable":true,"href":"https:\/\/iwell-guard.com\/sk\/wp-json\/wp\/v2\/categories?post=158862"}],"curies":[{"name":"wp","href":"https:\/\/api.w.org\/{rel}","templated":true}]}}