{"id":158853,"date":"2026-09-04T22:36:03","date_gmt":"2026-09-04T22:36:03","guid":{"rendered":"https:\/\/iwell-guard.com\/?page_id=158853"},"modified":"2026-09-04T23:13:30","modified_gmt":"2026-09-04T23:13:30","slug":"alpske-povesti","status":"publish","type":"page","link":"https:\/\/iwell-guard.com\/sk\/alpske-povesti\/","title":{"rendered":"Alpsk\u00e9 povesti"},"content":{"rendered":"\t\t<div data-elementor-type=\"wp-page\" data-elementor-id=\"158853\" class=\"elementor elementor-158853 elementor-20578 elementor-bc-flex-widget\" data-elementor-post-type=\"page\">\n\t\t\t\t<div class=\"elementor-element elementor-element-iwgcn-sami-hero iwg-kultur-hero e-flex e-con-boxed e-con e-parent\" data-id=\"iwgcn-sami-hero\" data-element_type=\"container\" data-e-type=\"container\">\n\t\t\t\t\t<div class=\"e-con-inner\">\n\t\t<div class=\"elementor-element elementor-element-iwgcn-sami-hl iwg-kultur-hero-left e-flex e-con-boxed e-con e-child\" data-id=\"iwgcn-sami-hl\" data-element_type=\"container\" data-e-type=\"container\">\n\t\t\t\t\t<div class=\"e-con-inner\">\n\t\t\t\t<div class=\"elementor-element elementor-element-iwgcn-sami-h1 elementor-widget elementor-widget-heading\" data-id=\"iwgcn-sami-h1\" data-element_type=\"widget\" data-e-type=\"widget\" data-widget_type=\"heading.default\">\n\t\t\t\t\t<h1 class=\"elementor-heading-title elementor-size-default\">Perchta, Krampus a rozpr\u00e1vkov\u00fd svet \u00c1lp<\/h1>\t\t\t\t<\/div>\n\t\t<div class=\"elementor-element elementor-element-iwgcn-sami-leadc e-con-full e-flex e-con e-child\" data-id=\"iwgcn-sami-leadc\" data-element_type=\"container\" data-e-type=\"container\">\n\t\t\t\t<div class=\"elementor-element elementor-element-iwgcn-sami-lead elementor-widget elementor-widget-text-editor\" data-id=\"iwgcn-sami-lead\" data-element_type=\"widget\" data-e-type=\"widget\" data-widget_type=\"text-editor.default\">\n\t\t\t\t\t\t\t\t\t<p>Poves\u0165ov\u00fd svet alpsk\u00e9ho priestoru, od Bavorska cez Rak\u00fasko a \u0160vaj\u010diarsko a\u017e po Ju\u017en\u00e9 Tirolsko, sp\u00e1ja zimn\u00fd okruh zvykov Rauhn\u00e4chte s Perchtou a Krampusom, horsk\u00fdmi duchmi ako Kasermandl, no\u010dn\u00fdmi stra\u0161idlami ako Drud a Toggeli, ako aj horsk\u00fdmi poves\u0165ami o Tatzelwurmovi. Tieto podania s\u00fa \u00fazko sp\u00e4t\u00e9 s ro\u013en\u00edckym pastierskym a horsk\u00fdm hospod\u00e1rstvom, katolick\u00fdm cirkevn\u00fdm rokom a miestnymi zvykmi, ako s\u00fa Perchtenl\u00e4ufe.<\/p>\n<p class=\"iwg-kwfix\">Alpsk\u00e9 povesti zah\u0155\u0148aj\u00fa mno\u017estvo region\u00e1lne odli\u0161n\u00fdch bytost\u00ed, od lesnej \u017eeny a\u017e po horsk\u00e9ho \u0161kriatka, ktor\u00e9 s\u00fa dodnes \u017eiv\u00e9 v zvykoch, rozpr\u00e1van\u00ed a cestovnom ruchu alpsk\u00fdch regi\u00f3nov.<\/p>\t\t\t\t\t\t\t\t<\/div>\n\t\t\t\t<\/div>\n\t\t\t\t\t<\/div>\n\t\t\t\t<\/div>\n\t\t<div class=\"elementor-element elementor-element-iwgcn-sami-hr iwg-kultur-hero-right e-flex e-con-boxed e-con e-child\" data-id=\"iwgcn-sami-hr\" data-element_type=\"container\" data-e-type=\"container\">\n\t\t\t\t\t<div class=\"e-con-inner\">\n\t\t\t\t<div class=\"elementor-element elementor-element-iwgcn-sami-himg iwg-hero-image elementor-widget elementor-widget-image\" data-id=\"iwgcn-sami-himg\" data-element_type=\"widget\" data-e-type=\"widget\" data-widget_type=\"image.default\">\n\t\t\t\t\t\t\t\t\t\t\t\t\t\t\t<img fetchpriority=\"high\" decoding=\"async\" width=\"683\" height=\"1024\" src=\"https:\/\/iwell-guard.com\/wp-content\/uploads\/2026\/05\/goetter_sami_beaivi-683x1024.webp\" class=\"attachment-large size-large wp-image-159761\" alt=\"Beaivi \u2013 bohovia zo s\u00e1mskej trad\u00edcie, historicko-ilustra\u010dn\u00e9 zobrazenie\" srcset=\"https:\/\/iwell-guard.com\/wp-content\/uploads\/2026\/05\/goetter_sami_beaivi-683x1024.webp 683w, https:\/\/iwell-guard.com\/wp-content\/uploads\/2026\/05\/goetter_sami_beaivi-200x300.webp 200w, https:\/\/iwell-guard.com\/wp-content\/uploads\/2026\/05\/goetter_sami_beaivi-768x1152.webp 768w, https:\/\/iwell-guard.com\/wp-content\/uploads\/2026\/05\/goetter_sami_beaivi.webp 1024w\" sizes=\"(max-width: 683px) 100vw, 683px\" \/>\t\t\t\t\t\t\t\t\t\t\t\t\t\t\t<\/div>\n\t\t\t\t\t<\/div>\n\t\t\t\t<\/div>\n\t\t\t\t\t<\/div>\n\t\t\t\t<\/div>\n\t\t\t\t<section class=\"elementor-section elementor-top-section elementor-element elementor-element-sec-iwgcomp-sami elementor-section-boxed elementor-section-height-default elementor-section-height-default\" data-id=\"sec-iwgcomp-sami\" data-element_type=\"section\" data-e-type=\"section\">\n\t\t\t\t\t\t<div class=\"elementor-container elementor-column-gap-default\">\n\t\t\t\t\t<div class=\"elementor-column elementor-col-100 elementor-top-column elementor-element elementor-element-col-iwgcomp-sami\" data-id=\"col-iwgcomp-sami\" data-element_type=\"column\" data-e-type=\"column\">\n\t\t\t<div class=\"elementor-widget-wrap elementor-element-populated\">\n\t\t\t\t\t\t<div class=\"elementor-element elementor-element-iwgcomp-sami elementor-widget elementor-widget-text-editor\" data-id=\"iwgcomp-sami\" data-element_type=\"widget\" data-e-type=\"widget\" data-widget_type=\"text-editor.default\">\n\t\t\t\t\t\t\t\t\t<p>Alpsk\u00e1 <strong><span class=\"iwg-fachbegriff\" data-tooltip=\"Dvan\u00e1s\u0165 noc\u00ed medzi Vianocami a Trikr\u00e1\u013eom, ktor\u00fdm sa v \u013eudovej viere pripisuj\u00fa osobitn\u00e9 sily.\" tabindex=\"0\">trad\u00edcia Rauhn\u00e4chte<\/span><\/strong> tvor\u00ed r\u00e1mec pre ve\u013ek\u00fa \u010das\u0165 zimn\u00fdch poves\u0165ov\u00fdch post\u00e1v alpskej oblasti.<\/p>\n<p class=\"iwg-kwfix\">Alpsk\u00e9 povesti sa delia na postavy Rauhn\u00e4chte, ako <a href=\"https:\/\/iwell-guard.com\/sk\/?page_id=158816\">Perchta<\/a> a <a href=\"https:\/\/iwell-guard.com\/sk\/?page_id=158815\">Krampus<\/a>, horsk\u00fdch duchov, ako <a href=\"https:\/\/iwell-guard.com\/sk\/?page_id=158827\">Kasermandl<\/a> a <a href=\"https:\/\/iwell-guard.com\/sk\/?page_id=158828\">Venedigermandl<\/a>, no\u010dn\u00e9 bytosti, ako <a href=\"https:\/\/iwell-guard.com\/sk\/?page_id=158819\">Drud<\/a> a <a href=\"https:\/\/iwell-guard.com\/sk\/?page_id=158822\">Toggeli<\/a>, a horsk\u00e9 povesti o <a href=\"https:\/\/iwell-guard.com\/sk\/tatzelwurm\/\">Tatzelwurmovi<\/a>. Dodnes sa vypr\u00e1vaj\u00fa v Bavorsku, Rak\u00fasku, \u0160vaj\u010diarsku a Ju\u017enom Tirolsku.<\/p>\t\t\t\t\t\t\t\t<\/div>\n\t\t\t\t\t<\/div>\n\t\t<\/div>\n\t\t\t\t\t<\/div>\n\t\t<\/section>\n\t\t<div class=\"elementor-element elementor-element-iwgcn-sami-s0 e-flex e-con-boxed e-con e-parent\" data-id=\"iwgcn-sami-s0\" data-element_type=\"container\" data-e-type=\"container\">\n\t\t\t\t\t<div class=\"e-con-inner\">\n\t\t\t\t<div class=\"elementor-element elementor-element-iwgcn-sami-s0h elementor-widget elementor-widget-heading\" data-id=\"iwgcn-sami-s0h\" data-element_type=\"widget\" data-e-type=\"widget\" data-widget_type=\"heading.default\">\n\t\t\t\t\t<h2 class=\"elementor-heading-title elementor-size-default\">Bavorsko, Rak\u00fasko, \u0160vaj\u010diarsko, Ju\u017en\u00e9 Tirolsko: n\u00e1bo\u017eensk\u00e1 krajina \u00c1lp<\/h2>\t\t\t\t<\/div>\n\t\t<div class=\"elementor-element elementor-element-iwgcn-sami-s0-c e-con-full e-flex e-con e-child\" data-id=\"iwgcn-sami-s0-c\" data-element_type=\"container\" data-e-type=\"container\">\n\t\t\t\t<div class=\"elementor-element elementor-element-iwgcn-sami-s0t elementor-widget elementor-widget-text-editor\" data-id=\"iwgcn-sami-s0t\" data-element_type=\"widget\" data-e-type=\"widget\" data-widget_type=\"text-editor.default\">\n\t\t\t\t\t\t\t\t\t<p>Alpsk\u00e1 oblas\u0165 je preva\u017ene r\u00edmskokatol\u00edcka, s reformovan\u00fdmi v\u00e4\u010d\u0161inami v niektor\u00fdch \u010dastiach \u0160vaj\u010diarska. Rozpr\u00e1vkov\u00fd svet sa vyv\u00edjal po st\u00e1ro\u010dia v nap\u00e4t\u00ed medzi cirkevnou n\u00e1bo\u017enos\u0165ou a star\u0161\u00edmi, predkres\u0165ansk\u00fdmi predstavami o pr\u00edrodn\u00fdch a horsk\u00fdch bytostiach, ktor\u00e9 mali praktick\u00fd v\u00fdznam v ro\u013en\u00edckom pastierskom a horskom hospod\u00e1rstve.<\/p>\n<p>Od Bavorska cez Tirolsko, Vorarlberg a \u0160vaj\u010diarsko a\u017e po Ju\u017en\u00e9 Tirolsko sa men\u00e1 a podoby poves\u0165ov\u00fdch post\u00e1v v\u00fdrazne l\u00ed\u0161ia; Kasermandl v Tirolsku nemus\u00ed by\u0165 toto\u017en\u00fd s podobnou postavou v Bernskom Oberlande. T\u00e1to rozmanitos\u0165 odr\u00e1\u017ea mal\u00e9 rozmery alpsk\u00fdch \u00fadol\u00ed, v ktor\u00fdch sa rozpr\u00e1va\u010dsk\u00e9 trad\u00edcie mohli po st\u00e1ro\u010dia vyv\u00edja\u0165 relat\u00edvne izolovane.<\/p>\n<p class=\"iwg-kwfix\">Z\u00e1kladn\u00e9 l\u00ednie tejto trad\u00edcie: ro\u010dn\u00fd kalend\u00e1r s Rauhn\u00e4chte ako prechodn\u00fdm \u010dasom, horsk\u00ed duchovia ako str\u00e1\u017ecovia pastv\u00edn a dobytka, no\u010dn\u00e9 bytosti ako vysvetlenie no\u010dn\u00fdch mor a horsk\u00e9 povesti ako v\u00fdklad nevysvetlite\u013en\u00fdch pr\u00edrodn\u00fdch javov vo vysokohorskom prostred\u00ed.<\/p>\t\t\t\t\t\t\t\t<\/div>\n\t\t\t\t<\/div>\n\t\t\t\t\t<\/div>\n\t\t\t\t<\/div>\n\t\t<div class=\"elementor-element elementor-element-iwgcn-sami-s1 e-flex e-con-boxed e-con e-parent\" data-id=\"iwgcn-sami-s1\" data-element_type=\"container\" data-e-type=\"container\">\n\t\t\t\t\t<div class=\"e-con-inner\">\n\t\t\t\t<div class=\"elementor-element elementor-element-iwgcn-sami-s1h elementor-widget elementor-widget-heading\" data-id=\"iwgcn-sami-s1h\" data-element_type=\"widget\" data-e-type=\"widget\" data-widget_type=\"heading.default\">\n\t\t\t\t\t<h2 class=\"elementor-heading-title elementor-size-default\">Perchta a Rauhn\u00e4chte<\/h2>\t\t\t\t<\/div>\n\t\t<div class=\"elementor-element elementor-element-iwgcn-sami-s1-c e-con-full e-flex e-con e-child\" data-id=\"iwgcn-sami-s1-c\" data-element_type=\"container\" data-e-type=\"container\">\n\t\t\t\t<div class=\"elementor-element elementor-element-iwgcn-sami-s1t elementor-widget elementor-widget-text-editor\" data-id=\"iwgcn-sami-s1t\" data-element_type=\"widget\" data-e-type=\"widget\" data-widget_type=\"text-editor.default\">\n\t\t\t\t\t\t\t\t\t<p><a href=\"https:\/\/iwell-guard.com\/sk\/?page_id=158816\">Perchta<\/a>, tie\u017e Frau Percht alebo Berchta, je jednou z centr\u00e1lnych post\u00e1v zimn\u00fdch alpsk\u00fdch zvykov, uctievan\u00e1 i ob\u00e1van\u00e1 z\u00e1rove\u0148 ako vl\u00e1dky\u0148a zveri, domu a \u010de\u013eade. Pod\u013ea trad\u00edcie po\u010das Rauhn\u00e4chte medzi Vianocami a Trikr\u00e1\u013eom prech\u00e1dza so svoj\u00edm sprievodom dedinami a dvormi, preveruje usilovnos\u0165 a poriadok a trest\u00e1 nedbanlivos\u0165.<\/p>\n<p>Na prieskumoch Perchtenov dodnes vystupuj\u00fa Schiachperchten, teda \u0161kared\u00e9 postavy s maskami s grimasami a ko\u017eu\u0161inami, a Sch\u00f6nperchten v n\u00e1dhern\u00fdch kost\u00fdmoch. Tento zvyk sa mimoriadne \u017eivo udr\u017eiava v Salzburgu, Tirolsku a okolit\u00fdch regi\u00f3noch a m\u00e1 vyh\u00e1\u0148a\u0165 zl\u00fdch duchov hlukom.<\/p>\t\t\t\t\t\t\t\t<\/div>\n\t\t\t\t<\/div>\n\t\t\t\t\t<\/div>\n\t\t\t\t<\/div>\n\t\t<div class=\"elementor-element elementor-element-iwgcn-sami-s2 e-flex e-con-boxed e-con e-parent\" data-id=\"iwgcn-sami-s2\" data-element_type=\"container\" data-e-type=\"container\">\n\t\t\t\t\t<div class=\"e-con-inner\">\n\t\t\t\t<div class=\"elementor-element elementor-element-iwgcn-sami-s2h elementor-widget elementor-widget-heading\" data-id=\"iwgcn-sami-s2h\" data-element_type=\"widget\" data-e-type=\"widget\" data-widget_type=\"heading.default\">\n\t\t\t\t\t<h2 class=\"elementor-heading-title elementor-size-default\">Krampus: sprievodca Mikul\u00e1\u0161a<\/h2>\t\t\t\t<\/div>\n\t\t<div class=\"elementor-element elementor-element-iwgcn-sami-s2-c e-con-full e-flex e-con e-child\" data-id=\"iwgcn-sami-s2-c\" data-element_type=\"container\" data-e-type=\"container\">\n\t\t\t\t<div class=\"elementor-element elementor-element-iwgcn-sami-s2t elementor-widget elementor-widget-text-editor\" data-id=\"iwgcn-sami-s2t\" data-element_type=\"widget\" data-e-type=\"widget\" data-widget_type=\"text-editor.default\">\n\t\t\t\t\t\t\t\t\t<p><a href=\"https:\/\/iwell-guard.com\/sk\/?page_id=158815\">Krampus<\/a> vystupuje v alpskej oblasti ve\u010der pred sviatkom sv\u00e4t\u00e9ho Mikul\u00e1\u0161a, 5. decembra, ako temn\u00fd protip\u00f3l sv\u00e4t\u00e9ho Mikul\u00e1\u0161a, s rohmi, ko\u017eu\u0161inou, retazou a pr\u00fatom, aby stra\u0161il neposlu\u0161n\u00e9 deti. Presn\u00fd p\u00f4vod tejto postavy nie je z religionistick\u00e9ho h\u013eadiska definit\u00edvne objasnen\u00fd; predpoklad\u00e1 sa spolup\u00f4sobenie predkres\u0165ansk\u00fdch predst\u00e1v o zimn\u00fdch d\u00e9monoch s cirkevn\u00fdm mikul\u00e1\u0161skym zvykom.<\/p>\n<p>Krampusove prieskumy, pod\u013ea regi\u00f3nu tie\u017e naz\u00fdvan\u00e9 Krampuslauf alebo Perchtenlauf a niekedy sa prekr\u00fdvaj\u00face, patria dnes k najzn\u00e1mej\u0161\u00edm zimn\u00fdm zvykom Rak\u00faska, Bavorska a Ju\u017en\u00e9ho Tirolska a \u010doraz viac p\u00fataj\u00fa aj turistick\u00fd z\u00e1ujem.<\/p>\t\t\t\t\t\t\t\t<\/div>\n\t\t\t\t<\/div>\n\t\t\t\t\t<\/div>\n\t\t\t\t<\/div>\n\t\t<div class=\"elementor-element elementor-element-iwgcn-sami-s3 e-flex e-con-boxed e-con e-parent\" data-id=\"iwgcn-sami-s3\" data-element_type=\"container\" data-e-type=\"container\">\n\t\t\t\t\t<div class=\"e-con-inner\">\n\t\t\t\t<div class=\"elementor-element elementor-element-iwgcn-sami-s3h elementor-widget elementor-widget-heading\" data-id=\"iwgcn-sami-s3h\" data-element_type=\"widget\" data-e-type=\"widget\" data-widget_type=\"heading.default\">\n\t\t\t\t\t<h2 class=\"elementor-heading-title elementor-size-default\">Horsk\u00ed duchovia: Kasermandl, Venedigermandl a Barbegazi<\/h2>\t\t\t\t<\/div>\n\t\t<div class=\"elementor-element elementor-element-iwgcn-sami-s3-c e-con-full e-flex e-con e-child\" data-id=\"iwgcn-sami-s3-c\" data-element_type=\"container\" data-e-type=\"container\">\n\t\t\t\t<div class=\"elementor-element elementor-element-iwgcn-sami-s3t elementor-widget elementor-widget-text-editor\" data-id=\"iwgcn-sami-s3t\" data-element_type=\"widget\" data-e-type=\"widget\" data-widget_type=\"text-editor.default\">\n\t\t\t\t\t\t\t\t\t<p><a href=\"https:\/\/iwell-guard.com\/sk\/?page_id=158827\">Kasermandl<\/a> je pova\u017eovan\u00fd za mal\u00e9ho, v\u00e4\u010d\u0161inou dobromyse\u013en\u00e9ho ducha, ktor\u00fd \u017eije v od\u013eahl\u00fdch pastierskych chat\u00e1ch (Kasern), v noci str\u00e1\u017ei dobytok a chatu a pom\u00e1ha pastierovi pri pr\u00e1ci, pokia\u013e mu prejavuje re\u0161pekt a zanech\u00e1 mu trochu mlieka alebo jedla; nev\u010fak alebo v\u00fdsmech je pod\u013ea trad\u00edcie odplaten\u00fd \u017eart\u00edkmi alebo ne\u0161\u0165ast\u00edm.<\/p>\n<p><a href=\"https:\/\/iwell-guard.com\/sk\/?page_id=158828\">Venedigermandl<\/a> je drobn\u00e1 postava z tirolsk\u00fdch a salzbursk\u00fdch horsk\u00fdch povest\u00ed, sp\u00e1jan\u00e1 s tzv. Venedigerovcami, cudz\u00edmi h\u013eada\u010dmi pokladov z juhu; m\u00e1 disponova\u0165 vedomos\u0165ami o skryt\u00fdch lo\u017eisk\u00e1ch rudy a zlata a pr\u00edle\u017eitostne d\u00e1va\u0165 pastierom alebo ban\u00edkom n\u00e1znaky. <a href=\"https:\/\/iwell-guard.com\/sk\/?page_id=158826\">Barbegazi<\/a> je snehov\u00e1 duchovn\u00e1 postava franc\u00fazsko-\u0161vaj\u010diarskych \u00c1lp, s neprimerane ve\u013ek\u00fdmi, ly\u017eiam podobn\u00fdmi nohami a zamrznutou bradou, ktor\u00e1 varuje pred lav\u00ednami a v lete mizne v horsk\u00fdch trhlin\u00e1ch.<\/p>\t\t\t\t\t\t\t\t<\/div>\n\t\t\t\t<\/div>\n\t\t\t\t\t<\/div>\n\t\t\t\t<\/div>\n\t\t<div class=\"elementor-element elementor-element-x-sami-s-faq e-flex e-con-boxed e-con e-parent\" data-id=\"x-sami-s-faq\" data-element_type=\"container\" data-e-type=\"container\">\n\t\t\t\t\t<div class=\"e-con-inner\">\n\t\t\t\t<div class=\"elementor-element elementor-element-x-sami-h-faq elementor-widget elementor-widget-heading\" data-id=\"x-sami-h-faq\" data-element_type=\"widget\" data-e-type=\"widget\" data-widget_type=\"heading.default\">\n\t\t\t\t\t<h2 class=\"elementor-heading-title elementor-size-default\">\u010casto kladen\u00e9 ot\u00e1zky o alpsk\u00fdch povestiach<\/h2>\t\t\t\t<\/div>\n\t\t<div class=\"elementor-element elementor-element-iwgcn-sami-s3-c e-con-full e-flex e-con e-child\" data-id=\"iwgcn-sami-s3-c\" data-element_type=\"container\" data-e-type=\"container\">\n\t\t\t\t<div class=\"elementor-element elementor-element-x-sami-t-faq elementor-widget elementor-widget-text-editor\" data-id=\"x-sami-t-faq\" data-element_type=\"widget\" data-e-type=\"widget\" data-widget_type=\"text-editor.default\">\n\t\t\t\t\t\t\t\t\t<h3>\u010co s\u00fa Rauhn\u00e4chte?<\/h3>\n<p>Rauhn\u00e4chte s\u00fa dvan\u00e1s\u0165 noc\u00ed medzi Vianocami a Zjaven\u00edm P\u00e1na, ktor\u00e9 sa v alpskej oblasti pova\u017euj\u00fa za prahov\u00e9 obdobie medzi rokmi, po\u010das ktor\u00e9ho by mala obch\u00e1dza\u0165 Perchta a \u010fal\u0161ie duchovn\u00e9 bytosti. K zvykom patr\u00ed zakuruvanie a r\u00f4zne ve\u0161tby.<\/p>\n<h3>Ak\u00fd je rozdiel medzi Perchtou a Krampusom?<\/h3>\n<p>Perchta je postava z Rauhn\u00e4chte, ktor\u00e1 preveruje usilovnos\u0165 a poriadok a so svoj\u00edm sprievodom prech\u00e1dza dvormi, zatia\u013e \u010do Krampus vystupuje ako temn\u00fd sprievodca sv\u00e4t\u00e9ho Mikul\u00e1\u0161a 5. decembra a stra\u0161\u00ed neposlu\u0161n\u00e9 deti. Oba zvyky sa v niektor\u00fdch regi\u00f3noch kombinuj\u00fa alebo si ich zamie\u0148aj\u00fa.<\/p>\n<h3>\u010co je Kasermandl?<\/h3>\n<p>Kasermandl je horsk\u00fd duch, ktor\u00fd s\u00eddli v od\u013eahl\u00fdch horsk\u00fdch chat\u00e1ch, v noci str\u00e1\u017ei dobytok a chatu a pom\u00e1ha pastierovi, pokia\u013e mu tento zachov\u00e1va re\u0161pekt a zanech\u00e1va mu mal\u00fd dar, napr\u00edklad mlieko.<\/p>\n<h3>Je Tatzelwurm skuto\u010dn\u00fd?<\/h3>\n<p>Zoologick\u00fd d\u00f4kaz o existencii Tatzelwurma ch\u00fdba. Pova\u017euje sa za mot\u00edv horsk\u00fdch povest\u00ed alpskej oblasti, ku ktor\u00e9mu sa via\u017ee mno\u017estvo spr\u00e1v o spozorovaniach, niektor\u00e9 a\u017e z 20. storo\u010dia, bez toho, aby z toho bolo mo\u017en\u00e9 odvodi\u0165 dolo\u017een\u00e9 zviera.<\/p>\n<script type=\"application\/ld+json\">{\"@context\": \"https:\/\/schema.org\", \"@type\": \"FAQPage\", \"mainEntity\": [{\"@type\": \"Question\", \"name\": \"\u010co s\u00fa Rauhn\u00e4chte?\", \"acceptedAnswer\": {\"@type\": \"Answer\", \"text\": \"Rauhn\u00e4chte s\u00fa dvan\u00e1s\u0165 noc\u00ed medzi Vianocami a Zjaven\u00edm P\u00e1na, ktor\u00e9 sa v alpskej oblasti pova\u017euj\u00fa za prahov\u00e9 obdobie medzi rokmi, po\u010das ktor\u00e9ho by mala obch\u00e1dza\u0165 Perchta a \u010fal\u0161ie duchovn\u00e9 bytosti. K zvykom patr\u00ed zakuruvanie a r\u00f4zne ve\u0161tby.\"}}, {\"@type\": \"Question\", \"name\": \"Ak\u00fd je rozdiel medzi Perchtou a Krampusom?\", \"acceptedAnswer\": {\"@type\": \"Answer\", \"text\": \"Perchta je postava z Rauhn\u00e4chte, ktor\u00e1 preveruje usilovnos\u0165 a poriadok a so svoj\u00edm sprievodom prech\u00e1dza dvormi, zatia\u013e \u010do Krampus vystupuje ako temn\u00fd sprievodca sv\u00e4t\u00e9ho Mikul\u00e1\u0161a 5. decembra a stra\u0161\u00ed neposlu\u0161n\u00e9 deti. Oba zvyky sa v niektor\u00fdch regi\u00f3noch kombinuj\u00fa alebo si ich zamie\u0148aj\u00fa.\"}}, {\"@type\": \"Question\", \"name\": \"\u010co je Kasermandl?\", \"acceptedAnswer\": {\"@type\": \"Answer\", \"text\": \"Kasermandl je horsk\u00fd duch, ktor\u00fd s\u00eddli v od\u013eahl\u00fdch horsk\u00fdch chat\u00e1ch, v noci str\u00e1\u017ei dobytok a chatu a pom\u00e1ha pastierovi, pokia\u013e mu tento zachov\u00e1va re\u0161pekt a zanech\u00e1va mu mal\u00fd dar, napr\u00edklad mlieko.\"}}, {\"@type\": \"Question\", \"name\": \"Je Tatzelwurm skuto\u010dn\u00fd?\", \"acceptedAnswer\": {\"@type\": \"Answer\", \"text\": \"Zoologick\u00fd d\u00f4kaz o existencii Tatzelwurma ch\u00fdba. Pova\u017euje sa za mot\u00edv horsk\u00fdch povest\u00ed alpskej oblasti, ku ktor\u00e9mu sa via\u017ee mno\u017estvo spr\u00e1v o spozorovaniach, niektor\u00e9 a\u017e z 20. storo\u010dia, bez toho, aby z toho bolo mo\u017en\u00e9 odvodi\u0165 dolo\u017een\u00e9 zviera.\"}}]}<\/script>\t\t\t\t\t\t\t\t<\/div>\n\t\t\t\t<\/div>\n\t\t\t\t\t<\/div>\n\t\t\t\t<\/div>\n\t\t<div class=\"elementor-element elementor-element-iwgcn-sami-s4 e-flex e-con-boxed e-con e-parent\" data-id=\"iwgcn-sami-s4\" data-element_type=\"container\" data-e-type=\"container\">\n\t\t\t\t\t<div class=\"e-con-inner\">\n\t\t\t\t<div class=\"elementor-element elementor-element-iwgcn-sami-s4h elementor-widget elementor-widget-heading\" data-id=\"iwgcn-sami-s4h\" data-element_type=\"widget\" data-e-type=\"widget\" data-widget_type=\"heading.default\">\n\t\t\t\t\t<h2 class=\"elementor-heading-title elementor-size-default\">Postavy no\u010dnej mory: Drud, Toggeli a Alpdruck<\/h2>\t\t\t\t<\/div>\n\t\t<div class=\"elementor-element elementor-element-iwgcn-sami-s4-c e-con-full e-flex e-con e-child\" data-id=\"iwgcn-sami-s4-c\" data-element_type=\"container\" data-e-type=\"container\">\n\t\t\t\t<div class=\"elementor-element elementor-element-iwgcn-sami-s4t elementor-widget elementor-widget-text-editor\" data-id=\"iwgcn-sami-s4t\" data-element_type=\"widget\" data-e-type=\"widget\" data-widget_type=\"text-editor.default\">\n\t\t\t\t\t\t\t\t\t<p><a href=\"https:\/\/iwell-guard.com\/sk\/?page_id=158819\">Drud<\/a>, tie\u017e Trud, je bavorsko-rak\u00faska predstava no\u010dn\u00e9ho tr\u00fdznite\u013ea, ktor\u00fd tla\u010d\u00ed spiacim na hru\u010f a sp\u00f4sobuje no\u010dn\u00e9 mory, tzv. Alpdruck. Za ochrann\u00fd znak sa pova\u017eoval Drudov kr\u00ed\u017e, p\u00e4\u0165c\u00edpa hviezda, umiest\u0148ovan\u00e1 nad dvere a postele.<\/p>\n<p>V \u0160vaj\u010diarsku je zodpovedaj\u00faca postava zn\u00e1ma ako <a href=\"https:\/\/iwell-guard.com\/sk\/?page_id=158822\">Toggeli<\/a>, no\u010dn\u00e1 bytos\u0165, ktor\u00e1 sa v podobe ma\u010dky alebo in\u00e9ho zviera\u0165a dost\u00e1va do sp\u00e1lne a sp\u00f4sobuje podobne no\u010dn\u00e9 mory a pocit paral\u00fdzy. Obe predstavy patria k roz\u0161\u00edren\u00e9mu eur\u00f3pskemu vysvet\u013eovaciemu vzoru Alpdrucku, ktor\u00fd \u013eudovo interpretoval fyziologick\u00e9 javy sp\u00e1nku, ako je sp\u00e1nkov\u00e1 paral\u00fdza.<\/p>\t\t\t\t\t\t\t\t<\/div>\n\t\t\t\t<\/div>\n\t\t\t\t\t<\/div>\n\t\t\t\t<\/div>\n\t\t<div class=\"elementor-element elementor-element-iwgcn-sami-s5 e-flex e-con-boxed e-con e-parent\" data-id=\"iwgcn-sami-s5\" data-element_type=\"container\" data-e-type=\"container\">\n\t\t\t\t\t<div class=\"e-con-inner\">\n\t\t\t\t<div class=\"elementor-element elementor-element-iwgcn-sami-s5h elementor-widget elementor-widget-heading\" data-id=\"iwgcn-sami-s5h\" data-element_type=\"widget\" data-e-type=\"widget\" data-widget_type=\"heading.default\">\n\t\t\t\t\t<h2 class=\"elementor-heading-title elementor-size-default\">Horsk\u00e9 povesti: Tatzelwurm, Habergeiss a Nachtkrapp<\/h2>\t\t\t\t<\/div>\n\t\t<div class=\"elementor-element elementor-element-iwgcn-sami-s5-c e-con-full e-flex e-con e-child\" data-id=\"iwgcn-sami-s5-c\" data-element_type=\"container\" data-e-type=\"container\">\n\t\t\t\t<div class=\"elementor-element elementor-element-iwgcn-sami-s5t elementor-widget elementor-widget-text-editor\" data-id=\"iwgcn-sami-s5t\" data-element_type=\"widget\" data-e-type=\"widget\" data-widget_type=\"text-editor.default\">\n\t\t\t\t\t\t\t\t\t<p><a href=\"https:\/\/iwell-guard.com\/sk\/tatzelwurm\/\">Tatzelwurm<\/a> je jedna z najzn\u00e1mej\u0161\u00edch horsk\u00fdch povest\u00ed alpskej oblasti, bytos\u0165 s hlavou podobnou ma\u010dke a telom pripom\u00ednaj\u00facim \u010derva alebo ja\u0161tera, s kr\u00e1tkymi predn\u00fdmi nohami, ktorej sa pripisuje mno\u017estvo spr\u00e1v o spozorovaniach zo \u0160vaj\u010diarska, Bavorska a Rak\u00faska, niektor\u00e9 a\u017e z 20. storo\u010dia. Z pr\u00edrodovedn\u00e9ho h\u013eadiska sa Tatzelwurm pova\u017euje za nevyjasnen\u00fd mot\u00edv povesti bez dolo\u017een\u00e9ho zoologick\u00e9ho pozadia, kryptozool\u00f3govia ho pr\u00edle\u017eitostne sp\u00e1jaj\u00fa s neodhalen\u00fdmi plazmi.<\/p>\n<p><a href=\"https:\/\/iwell-guard.com\/sk\/?page_id=158817\">Habergeiss<\/a>, duchovit\u00e1 bytos\u0165 podobn\u00e1 koze, vystupuje najm\u00e4 v zvykoslov\u00ed Perchtenu ako hlu\u010dn\u00e1 stra\u0161ideln\u00e1 postava. <a href=\"https:\/\/iwell-guard.com\/sk\/?page_id=158825\">Nachtkrapp<\/a>, obrovsk\u00fd vranovit\u00fd vt\u00e1k, a <a href=\"https:\/\/iwell-guard.com\/sk\/?page_id=158821\">Butz<\/a>, tie\u017e Butzemann, z alemansko-\u0161v\u00e1bskej oblasti platili u det\u00ed za no\u010dn\u00e9 stra\u0161ideln\u00e9 postavy, ktor\u00e9 stra\u0161ili t\u00fdch, \u010do ne\u0161li v\u010das spa\u0165 \u2013 rozpr\u00e1va\u010dsk\u00e9 postavy s v\u00fdchovnou funkciou, ak\u00e9 s\u00fa v podobnej forme zn\u00e1me v mnoh\u00fdch \u010dastiach Strednej Eur\u00f3py.<\/p>\t\t\t\t\t\t\t\t<\/div>\n\t\t\t\t<\/div>\n\t\t\t\t\t<\/div>\n\t\t\t\t<\/div>\n\t\t<div class=\"elementor-element elementor-element-iwgcn-sami-s6 e-flex e-con-boxed e-con e-parent\" data-id=\"iwgcn-sami-s6\" data-element_type=\"container\" data-e-type=\"container\">\n\t\t\t\t\t<div class=\"e-con-inner\">\n\t\t\t\t<div class=\"elementor-element elementor-element-iwgcn-sami-s6h elementor-widget elementor-widget-heading\" data-id=\"iwgcn-sami-s6h\" data-element_type=\"widget\" data-e-type=\"widget\" data-widget_type=\"heading.default\">\n\t\t\t\t\t<h2 class=\"elementor-heading-title elementor-size-default\">Zvyky Rauhn\u00e4chte: zakuruvanie, Drudov kr\u00ed\u017e a ochrann\u00e9 zvyky<\/h2>\t\t\t\t<\/div>\n\t\t<div class=\"elementor-element elementor-element-iwgcn-sami-s6-c e-con-full e-flex e-con e-child\" data-id=\"iwgcn-sami-s6-c\" data-element_type=\"container\" data-e-type=\"container\">\n\t\t\t\t<div class=\"elementor-element elementor-element-iwgcn-sami-s6t elementor-widget elementor-widget-text-editor\" data-id=\"iwgcn-sami-s6t\" data-element_type=\"widget\" data-e-type=\"widget\" data-widget_type=\"text-editor.default\">\n\t\t\t\t\t\t\t\t\t<p>K zimn\u00e9mu ochrann\u00e9mu zvykosloviu alpskej oblasti patr\u00ed zakuruvanie domu, stajne a horskej chaty tymianom a posv\u00e4ten\u00fdmi bylinami po\u010das Rauhn\u00e4chte, aby sa od nadch\u00e1dzaj\u00faceho roka odohnali zl\u00ed duchovia a choroby. Drudov kr\u00ed\u017e, p\u00e4\u0165c\u00edpa hviezda, sa umiest\u0148oval nad dvere, stajne a postele, aby zabr\u00e1nil Drudovi a Toggelimu sp\u00f4sobova\u0165 no\u010dn\u00fd Alpdruck.<\/p>\n<p>Na Nanebovzatie Panny M\u00e1rie 15. augusta sa v katol\u00edckych oblastiach alpskej oblasti via\u017eu bylinn\u00e9 zv\u00e4zky zo siedmich, deviatich \u010di viacer\u00fdch druhov rastl\u00edn, ktor\u00e9 sa posv\u00e4cuj\u00fa v kostole, n\u00e1sledne sa uchov\u00e1vaj\u00fa v dome a pri b\u00farkach alebo chorobe sa z nich \u010diasto\u010dne zakuruje. \u0164a\u017ek\u00e9 zvonce a rolky sprievodov Perchtenu a Krampusa sl\u00fa\u017eia rovnak\u00e9mu z\u00e1kladn\u00e9mu mot\u00edvu: hlukom odohna\u0165 zimn\u00fdch d\u00e9monov a zl\u00fdch duchov.<\/p>\t\t\t\t\t\t\t\t<\/div>\n\t\t\t\t<\/div>\n\t\t\t\t\t<\/div>\n\t\t\t\t<\/div>\n\t\t<div class=\"elementor-element elementor-element-cp2d9a92a3 e-flex e-con-boxed e-con e-parent\" data-id=\"cp2d9a92a3\" data-element_type=\"container\" data-e-type=\"container\">\n\t\t\t\t\t<div class=\"e-con-inner\">\n\t\t\t\t<div class=\"elementor-element elementor-element-cp2515827f elementor-widget elementor-widget-heading\" data-id=\"cp2515827f\" data-element_type=\"widget\" data-e-type=\"widget\" data-widget_type=\"heading.default\">\n\t\t\t\t\t<h2 class=\"elementor-heading-title elementor-size-default\">Region\u00e1lna rozmanitos\u0165: od Bavorska po Ju\u017en\u00fd Tirolsko<\/h2>\t\t\t\t<\/div>\n\t\t<div class=\"elementor-element elementor-element-cp25cbddf2 e-flex e-con-boxed e-con e-child\" data-id=\"cp25cbddf2\" data-element_type=\"container\" data-e-type=\"container\">\n\t\t\t\t\t<div class=\"e-con-inner\">\n\t\t\t\t<div class=\"elementor-element elementor-element-cp240cdc6c elementor-widget elementor-widget-text-editor\" data-id=\"cp240cdc6c\" data-element_type=\"widget\" data-e-type=\"widget\" data-widget_type=\"text-editor.default\">\n\t\t\t\t\t\t\t\t\t<p>Alpsk\u00e9 povesti nie s\u00fa jednotn\u00fd korpus, ale s\u00faborn\u00e9 ozna\u010denie pre rozpr\u00e1va\u010dsk\u00e9 trad\u00edcie priestoru, ktor\u00fd sa rozprestiera cez Bavorsko, Rak\u00fasko, \u0160vaj\u010diarsko, Lichten\u0161tajnsko a Ju\u017en\u00fd Tirolsko, s vlastn\u00fdmi n\u00e1re\u010diami, krajinami a historick\u00fdm v\u00fdvojom.<\/p>\n<p>Bytosti ako <a href=\"https:\/\/iwell-guard.com\/sk\/norgel\/\">N\u00f6rgel<\/a> (N\u00f6rggele) a <a href=\"https:\/\/iwell-guard.com\/sk\/faenggen\/\">F\u00e4nggen<\/a> s\u00fa dolo\u017een\u00e9 najm\u00e4 v Ju\u017enom Tirolsku a \u010dasti Tirolska a s\u00fa bl\u00edzko pr\u00edbuzn\u00e9 so <a href=\"https:\/\/iwell-guard.com\/sk\/salige-frau\/\">Salige Frau<\/a> (Blahoslaven\u00e1 \u017eena), plachou, ale ochotnou horskou \u017eenou, ktor\u00e1 pod\u013ea trad\u00edcie u\u010dila pastierov tk\u00e1\u010dstvu a po\u013enohospod\u00e1rstvu. <a href=\"https:\/\/iwell-guard.com\/sk\/dellermannle\/\">Dellerm\u00e4nnle<\/a> poch\u00e1dza z vorarlberskej trad\u00edcie, <a href=\"https:\/\/iwell-guard.com\/sk\/?page_id=158823\">Isarnixe<\/a> je viazan\u00e1 na bavorsk\u00fa ri\u0435ku Izar a <a href=\"https:\/\/iwell-guard.com\/sk\/?page_id=158824\">Wolpertinger<\/a>, b\u00e1jna bytos\u0165 zlo\u017een\u00e1 z \u010dast\u00ed r\u00f4znych zvierat, sa pova\u017euje v\u00fdslovne za bavorsk\u00fa poves\u0165ov\u00fa postavu s humorn\u00fdm, po\u013eovn\u00edcky \u017eartovn\u00fdm charakterom.<\/p>\n<p>Niektor\u00e9 mot\u00edvy t\u00fdchto zimn\u00fdch sprievodov zamaskovan\u00fdch post\u00e1v vykazuj\u00fa vzdialen\u00e9 paralely s <a href=\"https:\/\/iwell-guard.com\/sk\/germanske\/\">germ\u00e1nskou mytol\u00f3giou<\/a>, napr\u00edklad v predstav\u00e1ch o div\u00fdch no\u010dn\u00fdch sprievodoch, hoci sa z toho ned\u00e1 odvodi\u0165 s\u00favisl\u00e1, dok\u00e1zan\u00e1 kontinuita.<\/p>\n<p>Toto lok\u00e1lne roz\u010dlenenie s\u0165a\u017euje v\u0161eobecn\u00e9 v\u00fdroky o alpskej povesti; presnej\u0161ie je hovori\u0165 o sieti lok\u00e1lnych a region\u00e1lnych trad\u00edci\u00ed, ktor\u00e9 sp\u00e1jaj\u00fa spolo\u010dn\u00e9 z\u00e1kladn\u00e9 vzory, horsk\u00fdch duchov na pasienkoch, bytosti no\u010dnej mory, horsk\u00e9 mon\u0161tr\u00e1, ka\u017ed\u00e1 s vlastn\u00fdm menom a vlastnou podobou.<\/p>\t\t\t\t\t\t\t\t<\/div>\n\t\t\t\t\t<\/div>\n\t\t\t\t<\/div>\n\t\t\t\t\t<\/div>\n\t\t\t\t<\/div>\n\t\t<div class=\"elementor-element elementor-element-cp2b1a3dae e-flex e-con-boxed e-con e-parent\" data-id=\"cp2b1a3dae\" data-element_type=\"container\" data-e-type=\"container\">\n\t\t\t\t\t<div class=\"e-con-inner\">\n\t\t\t\t<div class=\"elementor-element elementor-element-cp282c06ff elementor-widget elementor-widget-heading\" data-id=\"cp282c06ff\" data-element_type=\"widget\" data-e-type=\"widget\" data-widget_type=\"heading.default\">\n\t\t\t\t\t<h2 class=\"elementor-heading-title elementor-size-default\">Kalend\u00e1r Rauhn\u00e4chte<\/h2>\t\t\t\t<\/div>\n\t\t<div class=\"elementor-element elementor-element-cp228b4522 e-flex e-con-boxed e-con e-child\" data-id=\"cp228b4522\" data-element_type=\"container\" data-e-type=\"container\">\n\t\t\t\t\t<div class=\"e-con-inner\">\n\t\t\t\t<div class=\"elementor-element elementor-element-cp261454c5 elementor-widget elementor-widget-text-editor\" data-id=\"cp261454c5\" data-element_type=\"widget\" data-e-type=\"widget\" data-widget_type=\"text-editor.default\">\n\t\t\t\t\t\t\t\t\t<p>Dvan\u00e1s\u0165 noc\u00ed Rauhn\u00e4chte medzi Vianocami (24.\/25. decembra) a Troch kr\u00e1\u013eov (6. janu\u00e1ra) sa v alpskom priestore tradi\u010dne pova\u017euje za prahov\u00e9 obdobie medzi rokmi, v ktorom je hranica medzi svetom \u017eiv\u00fdch a duchov op\u00edsan\u00e1 ako priepustn\u00e1. V tomto \u010dase maj\u00fa pod\u013ea trad\u00edcie putova\u0165 Perchta a jej sprievod, ale aj in\u00e9 duchovn\u00e9 a demonick\u00e9 postavy.<\/p>\n<p>K zvykom Rauhn\u00e4chte patr\u00ed zadymovanie domu a stajne bylinkami a tymianom, aby sa zahnali zl\u00ed duchovia a pri\u0161l\u00e9mu roku sa dostalo po\u017eehnania, ako aj r\u00f4zne ve\u0161teck\u00e9 a po\u010dasov\u00e9 or\u00e1kul\u00e1. Perchtenl\u00e4ufe (sprievody Perchty) \u010dasto ozna\u010duj\u00fa prechod z Rauhn\u00e4chte do be\u017en\u00e9ho \u010dasu hlu\u010dn\u00fdmi sprievodmi, ktor\u00e9 maj\u00fa symbolicky zahna\u0165 zimn\u00fdch d\u00e9monov.<\/p>\n<p>Zvyk Krampusa na predve\u010der sviatku sv\u00e4t\u00e9ho Nikul\u00e1\u0161a \u010dasovo predch\u00e1dza samotn\u00fdm Rauhn\u00e4chte, ale vo verejnom povedom\u00ed sa \u010dasto vn\u00edma spolu s nimi ako s\u00fa\u010das\u0165 \u0161ir\u0161ieho zimn\u00e9ho komplexu <span class=\"iwg-fachbegriff\" data-tooltip=\"Dni alebo noci, ktor\u00fdm sa v \u013eudovej viere pripisuj\u00fa osobitn\u00e9, \u010dasto nebezpe\u010dn\u00e9 sily.\" tabindex=\"0\">prahov\u00e9ho obdobia<\/span>.<\/p>\t\t\t\t\t\t\t\t<\/div>\n\t\t\t\t\t<\/div>\n\t\t\t\t<\/div>\n\t\t\t\t\t<\/div>\n\t\t\t\t<\/div>\n\t\t<div class=\"elementor-element elementor-element-cp295547c2 e-flex e-con-boxed e-con e-parent\" data-id=\"cp295547c2\" data-element_type=\"container\" data-e-type=\"container\">\n\t\t\t\t\t<div class=\"e-con-inner\">\n\t\t\t\t<div class=\"elementor-element elementor-element-cp28944fb0 elementor-widget elementor-widget-heading\" data-id=\"cp28944fb0\" data-element_type=\"widget\" data-e-type=\"widget\" data-widget_type=\"heading.default\">\n\t\t\t\t\t<h2 class=\"elementor-heading-title elementor-size-default\">Pramene: zbierky povest\u00ed z 19. a 20. storo\u010dia<\/h2>\t\t\t\t<\/div>\n\t\t<div class=\"elementor-element elementor-element-cp23d59da4 e-flex e-con-boxed e-con e-child\" data-id=\"cp23d59da4\" data-element_type=\"container\" data-e-type=\"container\">\n\t\t\t\t\t<div class=\"e-con-inner\">\n\t\t\t\t<div class=\"elementor-element elementor-element-cp2ce157b6 elementor-widget elementor-widget-text-editor\" data-id=\"cp2ce157b6\" data-element_type=\"widget\" data-e-type=\"widget\" data-widget_type=\"text-editor.default\">\n\t\t\t\t\t\t\t\t\t<p>Ve\u013ek\u00e1 \u010das\u0165 dnes zn\u00e1mych alpsk\u00fdch povest\u00ed bola zaznamenan\u00e1 v 19. a za\u010diatkom 20. storo\u010dia region\u00e1lnymi zberate\u013emi povest\u00ed v prostred\u00ed romantickej etnografie pod\u013ea vzoru bratov Grimmovcov. Pre Tirolsko treba spomen\u00fa\u0165 napr\u00edklad zbierky Ignaza Vinzenza Zingerleho, pre in\u00e9 regi\u00f3ny vznikli podobn\u00e9 diela lok\u00e1lnych vlastivedn\u00fdch b\u00e1date\u013eov.<\/p>\n<p>Tieto ran\u00e9 zbierky s\u00fa d\u00f4le\u017eit\u00fdmi, no nie bezprobl\u00e9mov\u00fdmi prame\u0148mi: \u010dasto boli dodato\u010dne liter\u00e1rne upraven\u00e9, region\u00e1lne zjednoten\u00e9 a vyhladen\u00e9 pod\u013ea vtedaj\u0161\u00edch estetick\u00fdch predst\u00e1v, tak\u017ee \u00fastne varianty a ich p\u00f4vodn\u00fa rozpr\u00e1va\u010dsk\u00fa situ\u00e1ciu je mo\u017en\u00e9 rekon\u0161truova\u0165 len obmedzene.<\/p>\n<p>Modern\u00fd etnografick\u00fd a religionistick\u00fd v\u00fdskum zara\u010fuje tieto poves\u0165ov\u00e9 postavy do \u0161ir\u0161\u00edch s\u00favislost\u00ed, napr\u00edklad do eur\u00f3pskeho komplexu predst\u00e1v o no\u010dnej more (Drud a Toggeli), do vysvet\u013eovania nevysvetlen\u00fdch pr\u00edrodn\u00fdch javov (Tatzelwurm) alebo do post\u00e1v stra\u0161iacich deti s v\u00fdchovnou funkciou (Nachtkrapp a Habergeiss). Digit\u00e1lne arch\u00edvy povest\u00ed v posledn\u00fdch desa\u0165ro\u010diach u\u013eah\u010dili pr\u00edstup k tomuto rozpt\u00fdlen\u00e9mu materi\u00e1lu.<\/p>\t\t\t\t\t\t\t\t<\/div>\n\t\t\t\t\t<\/div>\n\t\t\t\t<\/div>\n\t\t\t\t\t<\/div>\n\t\t\t\t<\/div>\n\t\t<div class=\"elementor-element elementor-element-cp2c009332 e-flex e-con-boxed e-con e-parent\" data-id=\"cp2c009332\" data-element_type=\"container\" data-e-type=\"container\">\n\t\t\t\t\t<div class=\"e-con-inner\">\n\t\t\t\t<div class=\"elementor-element elementor-element-cp225c94da elementor-widget elementor-widget-heading\" data-id=\"cp225c94da\" data-element_type=\"widget\" data-e-type=\"widget\" data-widget_type=\"heading.default\">\n\t\t\t\t\t<h2 class=\"elementor-heading-title elementor-size-default\">Od po\u013enej stodoly k javisku Perchtenlauf: zvyky v premene<\/h2>\t\t\t\t<\/div>\n\t\t<div class=\"elementor-element elementor-element-cp2c7191ab e-flex e-con-boxed e-con e-child\" data-id=\"cp2c7191ab\" data-element_type=\"container\" data-e-type=\"container\">\n\t\t\t\t\t<div class=\"e-con-inner\">\n\t\t\t\t<div class=\"elementor-element elementor-element-cp23f4061d elementor-widget elementor-widget-text-editor\" data-id=\"cp23f4061d\" data-element_type=\"widget\" data-e-type=\"widget\" data-widget_type=\"text-editor.default\">\n\t\t\t\t\t\t\t\t\t<p>Mnoh\u00e9 alpsk\u00e9 povesti s\u00fa \u00fazko spojen\u00e9 s konkr\u00e9tnymi ro\u013en\u00edckymi pracovn\u00fdmi s\u00favislos\u0165ami: horsk\u00ed duchovia ako Kasermandl alebo Barbegazi vznikli v kontexte pasienkov\u00e9ho a sala\u0161n\u00edckeho hospod\u00e1rstva, postavy no\u010dnej mory ako Drud a Toggeli vysvet\u013eovali no\u010dn\u00e9 stavy \u00fazkosti a horsk\u00e9 povesti ako Tatzelwurm interpretovali nevysvetlite\u013en\u00e9 pozorovania vo vysokohorskom prostred\u00ed.<\/p>\n<p>V 20. a 21. storo\u010d\u00ed sa \u010das\u0165 tohto zvykoslovia, najm\u00e4 sprievody Perchtenlauf a Krampuslauf, odp\u00fatala od p\u00f4vodn\u00e9ho ro\u013en\u00edckeho zakotvenia a stala sa verejne inscenovan\u00fdm, turisticky komer\u010dne vy\u017e\u00edvan\u00fdm podujat\u00edm, s prepracovane vyrez\u00e1van\u00fdmi maskami, organizovan\u00fdmi spolkami a niekedy aj nadregion\u00e1lnym publikom.<\/p>\n<p>Postavy ako <a href=\"https:\/\/iwell-guard.com\/sk\/?page_id=158820\">Sennentuntschi<\/a>, poves\u0165 o b\u00e1bike z pasienku zhotovenej zo slamy a l\u00e1tky, ktor\u00e1 o\u017eije a pomst\u00ed sa svojim tvorcom, z\u00e1rove\u0148 ukazuj\u00fa, \u017ee svet alpsk\u00fdch povest\u00ed zah\u0155\u0148a aj temn\u00e9, mor\u00e1lne nabit\u00e9 pr\u00edbehy o osamelosti, izol\u00e1cii a prekro\u010den\u00ed hran\u00edc na sala\u0161i, ktor\u00e9 sa v\u00fdrazne odli\u0161uj\u00fa od sk\u00f4r ochrann\u00fdch horsk\u00fdch duchov.<\/p>\n<p>Z religionistick\u00e9ho h\u013eadiska sa t\u00e1to premena d\u00e1 op\u00edsa\u0165 ako prechod od \u017eivotne zakotvenej <span class=\"iwg-fachbegriff\" data-tooltip=\"Odovzd\u00e1vanie vedomost\u00ed a pr\u00edbehov cez gener\u00e1cie.\" tabindex=\"0\">trad\u00edcie<\/span> k vedome opatrovan\u00e9mu kult\u00farnemu dedi\u010dstvu, pri\u010dom star\u0161ie ochrann\u00e9 a vysvet\u013eovacie funkcie povest\u00ed pritom \u00faplne nezmizli.<\/p>\t\t\t\t\t\t\t\t<\/div>\n\t\t\t\t\t<\/div>\n\t\t\t\t<\/div>\n\t\t\t\t\t<\/div>\n\t\t\t\t<\/div>\n\t\t<div class=\"elementor-element elementor-element-iwgha-sami-sec e-flex e-con-boxed e-con e-parent\" data-id=\"iwgha-sami-sec\" data-element_type=\"container\" data-e-type=\"container\">\n\t\t\t\t\t<div class=\"e-con-inner\">\n\t\t\t\t<div class=\"elementor-element elementor-element-iwgha-sami-h elementor-widget elementor-widget-heading\" data-id=\"iwgha-sami-h\" data-element_type=\"widget\" data-e-type=\"widget\" data-widget_type=\"heading.default\">\n\t\t\t\t\t<h2 class=\"elementor-heading-title elementor-size-default\">Bytosti tejto trad\u00edcie (18)<\/h2>\t\t\t\t<\/div>\n\t\t<div class=\"elementor-element elementor-element-iwgha-sami-gc e-flex e-con-boxed e-con e-parent\" data-id=\"iwgha-sami-gc\" data-element_type=\"container\" data-e-type=\"container\">\n\t\t\t\t\t<div class=\"e-con-inner\">\n\t\t\t\t<div class=\"elementor-element elementor-element-iwgha-sami-grid elementor-widget elementor-widget-text-editor\" data-id=\"iwgha-sami-grid\" data-element_type=\"widget\" data-e-type=\"widget\" data-widget_type=\"text-editor.default\">\n\t\t\t\t\t\t\t\t\t<div class=\"iwg-wesen-grid\"><a class=\"iwg-wesen-card\" href=\"https:\/\/iwell-guard.com\/sk\/venedigermandl\/\" aria-label=\"Venedigermandl\"><div class=\"iwg-wesen-card-imgwrap\"><img decoding=\"async\" src=\"https:\/\/iwell-guard.com\/wp-content\/uploads\/2026\/07\/geister_alpin_venedigermandl-200x300.webp\" alt=\"Venedigermandl\" loading=\"lazy\"><\/div><div class=\"iwg-wesen-card-body\"><div class=\"iwg-wesen-card-name\">Venedigermandl<\/div><div class=\"iwg-wesen-card-arrow\">\u2192 K bytosti<\/div><\/div><\/a><a class=\"iwg-wesen-card\" href=\"https:\/\/iwell-guard.com\/sk\/kasermandl\/\" aria-label=\"Kasermandl\"><div class=\"iwg-wesen-card-imgwrap\"><img decoding=\"async\" src=\"https:\/\/iwell-guard.com\/wp-content\/uploads\/2026\/07\/geister_alpin_kasermandl-200x300.webp\" alt=\"Kasermandl\" loading=\"lazy\"><\/div><div class=\"iwg-wesen-card-body\"><div class=\"iwg-wesen-card-name\">Kasermandl<\/div><div class=\"iwg-wesen-card-arrow\">\u2192 K bytosti<\/div><\/div><\/a><a class=\"iwg-wesen-card\" href=\"https:\/\/iwell-guard.com\/sk\/barbegazi\/\" aria-label=\"Barbegazi\"><div class=\"iwg-wesen-card-imgwrap\"><img decoding=\"async\" src=\"https:\/\/iwell-guard.com\/wp-content\/uploads\/2026\/07\/geister_alpin_barbegazi-200x300.webp\" alt=\"Barbegazi\" loading=\"lazy\"><\/div><div class=\"iwg-wesen-card-body\"><div class=\"iwg-wesen-card-name\">Barbegazi<\/div><div class=\"iwg-wesen-card-arrow\">\u2192 K bytosti<\/div><\/div><\/a><a class=\"iwg-wesen-card\" href=\"https:\/\/iwell-guard.com\/sk\/nachtkrapp\/\" aria-label=\"Nachtkrapp\"><div class=\"iwg-wesen-card-imgwrap\"><img decoding=\"async\" src=\"https:\/\/iwell-guard.com\/wp-content\/uploads\/2026\/07\/geister_alpin_nachtkrapp-200x300.webp\" alt=\"Nachtkrapp\" loading=\"lazy\"><\/div><div class=\"iwg-wesen-card-body\"><div class=\"iwg-wesen-card-name\">Nachtkrapp<\/div><div class=\"iwg-wesen-card-arrow\">\u2192 K bytosti<\/div><\/div><\/a><a class=\"iwg-wesen-card\" href=\"https:\/\/iwell-guard.com\/sk\/wolpertinger\/\" aria-label=\"Wolpertinger\"><div class=\"iwg-wesen-card-imgwrap\"><img decoding=\"async\" src=\"https:\/\/iwell-guard.com\/wp-content\/uploads\/2026\/07\/geister_alpin_wolpertinger-200x300.webp\" alt=\"Wolpertinger\" loading=\"lazy\"><\/div><div class=\"iwg-wesen-card-body\"><div class=\"iwg-wesen-card-name\">Wolpertinger<\/div><div class=\"iwg-wesen-card-arrow\">\u2192 K bytosti<\/div><\/div><\/a><a class=\"iwg-wesen-card\" href=\"https:\/\/iwell-guard.com\/sk\/isarnixe\/\" aria-label=\"Isarnixe\"><div class=\"iwg-wesen-card-imgwrap\"><img decoding=\"async\" src=\"https:\/\/iwell-guard.com\/wp-content\/uploads\/2026\/07\/geister_alpin_isarnixe-200x300.webp\" alt=\"Isarnixe\" loading=\"lazy\"><\/div><div class=\"iwg-wesen-card-body\"><div class=\"iwg-wesen-card-name\">Isarnixe<\/div><div class=\"iwg-wesen-card-arrow\">\u2192 K bytosti<\/div><\/div><\/a><a class=\"iwg-wesen-card\" href=\"https:\/\/iwell-guard.com\/sk\/butz\/\" aria-label=\"Butz\"><div class=\"iwg-wesen-card-imgwrap\"><img decoding=\"async\" src=\"https:\/\/iwell-guard.com\/wp-content\/uploads\/2026\/07\/geister_alpin_butz-200x300.webp\" alt=\"Butz\" loading=\"lazy\"><\/div><div class=\"iwg-wesen-card-body\"><div class=\"iwg-wesen-card-name\">Butz<\/div><div class=\"iwg-wesen-card-arrow\">\u2192 K bytosti<\/div><\/div><\/a><a class=\"iwg-wesen-card\" href=\"https:\/\/iwell-guard.com\/sk\/toggeli\/\" aria-label=\"Toggeli\"><div class=\"iwg-wesen-card-imgwrap\"><img decoding=\"async\" src=\"https:\/\/iwell-guard.com\/wp-content\/uploads\/2026\/07\/daemonen_alpin_toggeli-200x300.webp\" alt=\"Toggeli\" loading=\"lazy\"><\/div><div class=\"iwg-wesen-card-body\"><div class=\"iwg-wesen-card-name\">Toggeli<\/div><div class=\"iwg-wesen-card-arrow\">\u2192 K bytosti<\/div><\/div><\/a><a class=\"iwg-wesen-card\" href=\"https:\/\/iwell-guard.com\/sk\/sennentuntschi\/\" aria-label=\"Sennentuntschi\"><div class=\"iwg-wesen-card-imgwrap\"><img decoding=\"async\" src=\"https:\/\/iwell-guard.com\/wp-content\/uploads\/2026\/07\/daemonen_alpin_sennentuntschi-200x300.webp\" alt=\"Sennentuntschi\" loading=\"lazy\"><\/div><div class=\"iwg-wesen-card-body\"><div class=\"iwg-wesen-card-name\">Sennentuntschi<\/div><div class=\"iwg-wesen-card-arrow\">\u2192 K bytosti<\/div><\/div><\/a><a class=\"iwg-wesen-card\" href=\"https:\/\/iwell-guard.com\/sk\/drud\/\" aria-label=\"Drud\"><div class=\"iwg-wesen-card-imgwrap\"><img decoding=\"async\" src=\"https:\/\/iwell-guard.com\/wp-content\/uploads\/2026\/07\/daemonen_alpin_drud-200x300.webp\" alt=\"Drud\" loading=\"lazy\"><\/div><div class=\"iwg-wesen-card-body\"><div class=\"iwg-wesen-card-name\">Drud<\/div><div class=\"iwg-wesen-card-arrow\">\u2192 K bytosti<\/div><\/div><\/a><a class=\"iwg-wesen-card\" href=\"https:\/\/iwell-guard.com\/sk\/habergeiss\/\" aria-label=\"Habergei\u00df\"><div class=\"iwg-wesen-card-imgwrap\"><img decoding=\"async\" src=\"https:\/\/iwell-guard.com\/wp-content\/uploads\/2026\/07\/daemonen_alpin_habergeiss-200x300.webp\" alt=\"Habergei\u00df\" loading=\"lazy\"><\/div><div class=\"iwg-wesen-card-body\"><div class=\"iwg-wesen-card-name\">Habergei\u00df<\/div><div class=\"iwg-wesen-card-arrow\">\u2192 K bytosti<\/div><\/div><\/a><a class=\"iwg-wesen-card\" href=\"https:\/\/iwell-guard.com\/sk\/frau-perchta\/\" aria-label=\"Frau Perchta\"><div class=\"iwg-wesen-card-imgwrap\"><img decoding=\"async\" src=\"https:\/\/iwell-guard.com\/wp-content\/uploads\/2026\/07\/geister_alpin_perchta-200x300.webp\" alt=\"Frau Perchta\" loading=\"lazy\"><\/div><div class=\"iwg-wesen-card-body\"><div class=\"iwg-wesen-card-name\">Frau Perchta<\/div><div class=\"iwg-wesen-card-arrow\">\u2192 K bytosti<\/div><\/div><\/a><a class=\"iwg-wesen-card\" href=\"https:\/\/iwell-guard.com\/sk\/krampus\/\" aria-label=\"Krampus\"><div class=\"iwg-wesen-card-imgwrap\"><img decoding=\"async\" src=\"https:\/\/iwell-guard.com\/wp-content\/uploads\/2026\/07\/daemonen_alpin_krampus-200x300.webp\" alt=\"Krampus\" loading=\"lazy\"><\/div><div class=\"iwg-wesen-card-body\"><div class=\"iwg-wesen-card-name\">Krampus<\/div><div class=\"iwg-wesen-card-arrow\">\u2192 K bytosti<\/div><\/div><\/a><a class=\"iwg-wesen-card\" href=\"https:\/\/iwell-guard.com\/sk\/tatzelwurm\/\" aria-label=\"Tatzelwurm\"><div class=\"iwg-wesen-card-imgwrap\"><img decoding=\"async\" src=\"https:\/\/iwell-guard.com\/wp-content\/uploads\/2026\/07\/daemonen_alpin_tatzelwurm-200x300.webp\" alt=\"Tatzelwurm\" loading=\"lazy\"><\/div><div class=\"iwg-wesen-card-body\"><div class=\"iwg-wesen-card-name\">Tatzelwurm<\/div><div class=\"iwg-wesen-card-arrow\">\u2192 K bytosti<\/div><\/div><\/a><a class=\"iwg-wesen-card\" href=\"https:\/\/iwell-guard.com\/sk\/salige-frau\/\" aria-label=\"Salige Frau\"><div class=\"iwg-wesen-card-imgwrap\"><img decoding=\"async\" src=\"https:\/\/iwell-guard.com\/wp-content\/uploads\/2026\/07\/geister_alpin_salige-frau-200x300.webp\" alt=\"Salige Frau\" loading=\"lazy\"><\/div><div class=\"iwg-wesen-card-body\"><div class=\"iwg-wesen-card-name\">Salige Frau<\/div><div class=\"iwg-wesen-card-arrow\">\u2192 K bytosti<\/div><\/div><\/a><a class=\"iwg-wesen-card\" href=\"https:\/\/iwell-guard.com\/sk\/norgel\/\" aria-label=\"N\u00f6rgel\"><div class=\"iwg-wesen-card-imgwrap\"><img decoding=\"async\" src=\"https:\/\/iwell-guard.com\/wp-content\/uploads\/2026\/07\/geister_alpin_noergel-200x300.webp\" alt=\"N\u00f6rgel\" loading=\"lazy\"><\/div><div class=\"iwg-wesen-card-body\"><div class=\"iwg-wesen-card-name\">N\u00f6rgel<\/div><div class=\"iwg-wesen-card-arrow\">\u2192 K bytosti<\/div><\/div><\/a><a class=\"iwg-wesen-card\" href=\"https:\/\/iwell-guard.com\/sk\/faenggen\/\" aria-label=\"F\u00e4nggen\"><div class=\"iwg-wesen-card-imgwrap\"><img decoding=\"async\" src=\"https:\/\/iwell-guard.com\/wp-content\/uploads\/2026\/07\/geister_alpin_faenggen-200x300.webp\" alt=\"F\u00e4nggen\" loading=\"lazy\"><\/div><div class=\"iwg-wesen-card-body\"><div class=\"iwg-wesen-card-name\">F\u00e4nggen<\/div><div class=\"iwg-wesen-card-arrow\">\u2192 K bytosti<\/div><\/div><\/a><a class=\"iwg-wesen-card\" href=\"https:\/\/iwell-guard.com\/sk\/dellermannle\/\" aria-label=\"Dellerm\u00e4nnle\"><div class=\"iwg-wesen-card-imgwrap\"><img decoding=\"async\" src=\"https:\/\/iwell-guard.com\/wp-content\/uploads\/2026\/07\/geister_alpin_dellermaennle-200x300.webp\" alt=\"Dellerm\u00e4nnle\" loading=\"lazy\"><\/div><div class=\"iwg-wesen-card-body\"><div class=\"iwg-wesen-card-name\">Dellerm\u00e4nnle<\/div><div class=\"iwg-wesen-card-arrow\">\u2192 K bytosti<\/div><\/div><\/a><\/div>\t\t\t\t\t\t\t\t<\/div>\n\t\t\t\t\t<\/div>\n\t\t\t\t<\/div>\n\t\t\t\t\t<\/div>\n\t\t\t\t<\/div>\n\t\t<div class=\"elementor-element elementor-element-iwgkw2-add-sami e-flex e-con-boxed e-con e-parent\" data-id=\"iwgkw2-add-sami\" data-element_type=\"container\" data-e-type=\"container\">\n\t\t\t\t\t<div class=\"e-con-inner\">\n\t\t\t\t<div class=\"elementor-element elementor-element-iwgkw2-add-sami-t elementor-widget elementor-widget-text-editor\" data-id=\"iwgkw2-add-sami-t\" data-element_type=\"widget\" data-e-type=\"widget\" data-widget_type=\"text-editor.default\">\n\t\t\t\t\t\t\t\t\t<p>Zvyk <em>perchtenlauf brauchtum<\/em> a \u010fal\u0161\u00ed <em>almgeister alpen<\/em> okolo Kasermandla, Venedigermandla a Barbegaziho sp\u00e1jaj\u00fa zadymovanie po\u010das Rauhn\u00e4chte, Drudov kr\u00ed\u017e a posv\u00e4ten\u00e9 bylinkov\u00e9 kytice do samostatnej ochrannej praxe, ktor\u00e1 mala chr\u00e1ni\u0165 dom, dvor a sala\u0161 pred zimn\u00fdmi d\u00e9monmi a bytos\u0165ami no\u010dnej mory.<\/p>\t\t\t\t\t\t\t\t<\/div>\n\t\t\t\t\t<\/div>\n\t\t\t\t<\/div>\n\t\t<div class=\"elementor-element elementor-element-iwgcn-sami-kwd e-flex e-con-boxed e-con e-parent\" data-id=\"iwgcn-sami-kwd\" data-element_type=\"container\" data-e-type=\"container\">\n\t\t\t\t\t<div class=\"e-con-inner\">\n\t\t<div class=\"elementor-element elementor-element-iwgcn-sami-kwd-c e-con-full e-flex e-con e-child\" data-id=\"iwgcn-sami-kwd-c\" data-element_type=\"container\" data-e-type=\"container\">\n\t\t\t\t<div class=\"elementor-element elementor-element-iwgcn-sami-kwdt elementor-widget elementor-widget-text-editor\" data-id=\"iwgcn-sami-kwdt\" data-element_type=\"widget\" data-e-type=\"widget\" data-widget_type=\"text-editor.default\">\n\t\t\t\t\t\t\t\t\t<p><em>S\u00favisiace k\u013e\u00fa\u010dov\u00e9 pojmy: Perchta Krampus Rauhn\u00e4chte Kasermandl Drud Toggeli Tatzelwurm Habergeiss Salige Frau Alpsk\u00fd priestor Ju\u017en\u00e9 Tirolsko Tirolsko.<\/em><\/p>\t\t\t\t\t\t\t\t<\/div>\n\t\t\t\t<\/div>\n\t\t\t\t\t<\/div>\n\t\t\t\t<\/div>\n\t\t<div class=\"elementor-element elementor-element-iwgcn-sami-cc e-flex e-con-boxed e-con e-parent\" data-id=\"iwgcn-sami-cc\" data-element_type=\"container\" data-e-type=\"container\" id=\"iwg-cc-sami\">\n\t\t\t\t\t<div class=\"e-con-inner\">\n\t\t<div class=\"elementor-element elementor-element-iwgcn-sami-ccinner e-flex e-con-boxed e-con e-parent\" data-id=\"iwgcn-sami-ccinner\" data-element_type=\"container\" data-e-type=\"container\" data-settings=\"{&quot;background_background&quot;:&quot;classic&quot;}\">\n\t\t\t\t\t<div class=\"e-con-inner\">\n\t\t\t\t<div class=\"elementor-element elementor-element-iwgcn-sami-cch elementor-widget elementor-widget-heading\" data-id=\"iwgcn-sami-cch\" data-element_type=\"widget\" data-e-type=\"widget\" data-widget_type=\"heading.default\">\n\t\t\t\t\t<h2 class=\"elementor-heading-title elementor-size-default\">Ochrann\u00e9 predmety v tejto kult\u00farnej trad\u00edcii<\/h2>\t\t\t\t<\/div>\n\t\t\t\t<div class=\"elementor-element elementor-element-iwgcn-sami-cct elementor-widget elementor-widget-text-editor\" data-id=\"iwgcn-sami-cct\" data-element_type=\"widget\" data-e-type=\"widget\" data-widget_type=\"text-editor.default\">\n\t\t\t\t\t\t\t\t\t<p>Alpsk\u00e1 trad\u00edcia pozn\u00e1 <a href=\"https:\/\/iwell-guard.com\/sk\/drudenfuss-pentagram\/\">Drudov kr\u00ed\u017e<\/a> nad dverami a l\u00f4\u017ekami, posv\u00e4ten\u00e9 <a href=\"https:\/\/iwell-guard.com\/sk\/?page_id=158829\">bylinkov\u00e9 kytice<\/a> na sviatok Nanebovzatia Panny M\u00e1rie, <a href=\"https:\/\/iwell-guard.com\/sk\/vykurovanie-a-ocista\/\">zadymovanie po\u010das Rauhn\u00e4chte<\/a> domu a stajne <a href=\"https:\/\/iwell-guard.com\/sk\/vonava-zivica\/\">tymianom<\/a>, ako aj \u0165a\u017ek\u00e9 <a href=\"https:\/\/iwell-guard.com\/sk\/zvony-a-rolnicky-ako-hlucna-ochrana\/\">zvony<\/a> sprievodov Perchten a Krampus, ktor\u00fdch hluk m\u00e1 zahna\u0165 zimn\u00fdch d\u00e9monov. Kult\u00farne prierezov\u00fd preh\u013ead pon\u00faka <a href=\"https:\/\/iwell-guard.com\/sk\/schutz-kompas\/\">Kompas ochrany<\/a>.<\/p>\n<div data-nosnippet=\"true\"><p>iWell Guard sa zara\u010fuje do tejto kult\u00farno-historickej l\u00ednie prenosn\u00fdch ochrann\u00fdch predmetov, v s\u00fa\u010dasnej materi\u00e1lovej architekt\u00fare, vyroben\u00fd v Nemecku. 41 vrstiev, skuto\u010dn\u00e9 zlato, platina, striebro. 30-d\u0148ov\u00e1 lehota na vr\u00e1tenie tovaru.<\/p><\/div>\t\t\t\t\t\t\t\t<\/div>\n\t\t\t\t<div class=\"elementor-element elementor-element-iwgcn-sami-ccb iwg-cc-button iwg-cc-cta-2026-05-13 elementor-widget elementor-widget-jet-button\" data-id=\"iwgcn-sami-ccb\" data-element_type=\"widget\" data-e-type=\"widget\" data-widget_type=\"jet-button.default\">\n\t\t\t\t<div class=\"elementor-widget-container\">\n\t\t\t\t\t<div class=\"elementor-jet-button jet-elements\"><div class=\"jet-button__container\"><a class=\"jet-button__instance jet-button__instance--icon-left hover-effect-1\" href=\"\/ueber-iwell-guard\/?utm_source=iwell-guard.com&amp;utm_medium=info-box&amp;utm_campaign=kultur-tradition\"><div class=\"jet-button__plane jet-button__plane-normal\"><\/div><div class=\"jet-button__plane jet-button__plane-hover\"><\/div><div class=\"jet-button__state jet-button__state-normal\"><span class=\"jet-button__label\">Viac o iWell Guard<\/span><\/div><div class=\"jet-button__state jet-button__state-hover\"><span class=\"jet-button__label\">Viac o iWell Guard<\/span><\/div><\/a><\/div><\/div><style>.elementor-element.elementor-element-iwgcn-sami-ccb .jet-button__instance{width:320px;height:56px;}.elementor-element.elementor-element-iwgcn-sami-ccb .jet-button__state-normal .jet-button__label{text-align:center;margin:0px 0px 0px 0px;color:#1a1b20;font-family:Montserrat,sans-serif;font-size:13px;font-weight:400;letter-spacing:4px;line-height:1.714em;text-transform:uppercase;}.elementor-element.elementor-element-iwgcn-sami-ccb .jet-button__state-hover .jet-button__label{text-align:center;margin:0px 0px 0px 0px;color:#FECC76;font-family:Montserrat,sans-serif;font-size:13px;font-weight:400;letter-spacing:4px;line-height:1.714em;text-transform:uppercase;}.elementor-element.elementor-element-iwgcn-sami-ccb .jet-button__plane-normal{background-color:#FECC76;border-style:solid;border-color:#C99540;border-width:2px 2px 2px 2px;}.elementor-element.elementor-element-iwgcn-sami-ccb .jet-button__plane-hover{background-color:rgba(0,0,0,0.55);border-style:solid;border-color:#FECC76;border-width:2px 2px 2px 2px;}<\/style>\t\t\t\t<\/div>\n\t\t\t\t<\/div>\n\t\t\t\t<div class=\"elementor-element elementor-element-iwgcn-sami-ccd elementor-widget elementor-widget-text-editor\" data-id=\"iwgcn-sami-ccd\" data-element_type=\"widget\" data-e-type=\"widget\" data-widget_type=\"text-editor.default\">\n\t\t\t\t\t\t\t\t\t<div data-nosnippet=\"true\"><p style=\"text-align:center;font-size:13px;opacity:0.7;margin-top:14px\" data-nosnippet=\"true\">Osobn\u00e9 sk\u00fasenosti sa m\u00f4\u017eu l\u00ed\u0161i\u0165. Nie je to zdravotn\u00edcka pom\u00f4cka. \u017diadny pr\u00eds\u013eub lie\u010denia.<\/p><\/div>\t\t\t\t\t\t\t\t<\/div>\n\t\t\t\t\t<\/div>\n\t\t\t\t<\/div>\n\t\t\t\t\t<\/div>\n\t\t\t\t<\/div>\n\t\t<div class=\"elementor-element elementor-element-iwgcn-sami-disc e-flex e-con-boxed e-con e-parent\" data-id=\"iwgcn-sami-disc\" data-element_type=\"container\" data-e-type=\"container\">\n\t\t\t\t\t<div class=\"e-con-inner\">\n\t\t\t\t<div class=\"elementor-element elementor-element-iwgcn-sami-discw elementor-widget elementor-widget-html\" data-id=\"iwgcn-sami-discw\" data-element_type=\"widget\" data-e-type=\"widget\" data-widget_type=\"html.default\">\n\t\t\t\t\t<footer data-nosnippet=\"true\" class=\"iwg-disclaimer-block\"><p data-nosnippet=\"true\">iWell Guard <strong>nie je zdravotn\u00edcka pom\u00f4cka<\/strong> a nenahr\u00e1dza lek\u00e1rske ani psychoterapeutick\u00e9 o\u0161etrenie. Religionistick\u00fd obsah predstavuje kult\u00farno-historick\u00e9 zaradenie, nie odpor\u00fa\u010danie duchovnej praxe.<\/p><\/footer>\t\t\t\t<\/div>\n\t\t\t\t\t<\/div>\n\t\t\t\t<\/div>\n\t\t\t\t<\/div>\n\t\t","protected":false},"excerpt":{"rendered":"","protected":false},"author":3,"featured_media":20516,"parent":0,"menu_order":0,"comment_status":"closed","ping_status":"closed","template":"elementor_header_footer","meta":{"_yoast_wpseo_focuskw":"alpske-povesti","_yoast_wpseo_title":"Alpsk\u00e9 povesti: Perchta, Krampus a Tatzelwurm","_yoast_wpseo_metadesc":"Perchta, Krampus, Kasermandl a Tatzelwurm: rozpr\u00e1vkov\u00fd svet \u00c1lp vysvetlen\u00fd z poh\u013eadu religionistiky, s rauhn\u00e4chtskymi zvykmi z Bavorska a Ju\u017en\u00e9ho Tirolska.","_yoast_wpseo_meta-robots-noindex":"","_yoast_wpseo_canonical":"","_angie_page":false,"gefaehrdungsstufe":"","wesen_kultur":"","wesen_klasse":"","footnotes":""},"categories":[],"class_list":["post-158853","page","type-page","status-publish","has-post-thumbnail","hentry"],"yoast_head":"<!-- This site is optimized with the Yoast SEO Premium plugin v27.7 (Yoast SEO v28.3) - https:\/\/yoast.com\/product\/yoast-seo-premium-wordpress\/ -->\n<title>Alpsk\u00e9 povesti: Perchta, Krampus a Tatzelwurm<\/title>\n<meta name=\"description\" content=\"Perchta, Krampus, Kasermandl a Tatzelwurm: rozpr\u00e1vkov\u00fd svet \u00c1lp vysvetlen\u00fd z poh\u013eadu religionistiky, s rauhn\u00e4chtskymi zvykmi z Bavorska a Ju\u017en\u00e9ho Tirolska.\" \/>\n<meta name=\"robots\" content=\"index, follow, max-snippet:-1, max-image-preview:large, max-video-preview:-1\" \/>\n<link rel=\"canonical\" href=\"https:\/\/iwell-guard.com\/sk\/alpske-povesti\/\" \/>\n<meta property=\"og:locale\" content=\"sk_SK\" \/>\n<meta property=\"og:type\" content=\"article\" \/>\n<meta property=\"og:title\" content=\"Alpsk\u00e9 povesti\" \/>\n<meta property=\"og:description\" content=\"Perchta, Krampus, Kasermandl a Tatzelwurm: rozpr\u00e1vkov\u00fd svet \u00c1lp vysvetlen\u00fd z poh\u013eadu religionistiky, s rauhn\u00e4chtskymi zvykmi z Bavorska a Ju\u017en\u00e9ho Tirolska.\" \/>\n<meta property=\"og:url\" content=\"https:\/\/iwell-guard.com\/sk\/alpske-povesti\/\" \/>\n<meta property=\"og:site_name\" content=\"iWell Guard\" \/>\n<meta property=\"article:modified_time\" content=\"2026-09-04T23:13:30+00:00\" \/>\n<meta property=\"og:image\" content=\"https:\/\/iwell-guard.com\/wp-content\/uploads\/2026\/07\/daemonen_alpin_krampus.webp\" \/>\n\t<meta property=\"og:image:width\" content=\"1024\" \/>\n\t<meta property=\"og:image:height\" content=\"1536\" \/>\n\t<meta property=\"og:image:type\" content=\"image\/webp\" \/>\n<meta name=\"twitter:card\" content=\"summary_large_image\" \/>\n<script type=\"application\/ld+json\" class=\"yoast-schema-graph\">{\"@context\":\"https:\\\/\\\/schema.org\",\"@graph\":[{\"@type\":\"WebPage\",\"@id\":\"https:\\\/\\\/iwell-guard.com\\\/sk\\\/alpske-povesti\\\/\",\"url\":\"https:\\\/\\\/iwell-guard.com\\\/sk\\\/alpske-povesti\\\/\",\"name\":\"Alpsk\u00e9 povesti: Perchta, Krampus a Tatzelwurm\",\"isPartOf\":{\"@id\":\"https:\\\/\\\/iwell-guard.com\\\/sk\\\/#website\"},\"primaryImageOfPage\":{\"@id\":\"https:\\\/\\\/iwell-guard.com\\\/sk\\\/alpske-povesti\\\/#primaryimage\"},\"image\":{\"@id\":\"https:\\\/\\\/iwell-guard.com\\\/sk\\\/alpske-povesti\\\/#primaryimage\"},\"thumbnailUrl\":\"https:\\\/\\\/iwell-guard.com\\\/wp-content\\\/uploads\\\/2026\\\/07\\\/daemonen_alpin_krampus.webp\",\"datePublished\":\"2026-09-04T22:36:03+00:00\",\"dateModified\":\"2026-09-04T23:13:30+00:00\",\"description\":\"Perchta, Krampus, Kasermandl a Tatzelwurm: rozpr\u00e1vkov\u00fd svet \u00c1lp vysvetlen\u00fd z poh\u013eadu religionistiky, s rauhn\u00e4chtskymi zvykmi z Bavorska a Ju\u017en\u00e9ho Tirolska.\",\"breadcrumb\":{\"@id\":\"https:\\\/\\\/iwell-guard.com\\\/sk\\\/alpske-povesti\\\/#breadcrumb\"},\"inLanguage\":\"sk-SK\",\"potentialAction\":[{\"@type\":\"ReadAction\",\"target\":[\"https:\\\/\\\/iwell-guard.com\\\/sk\\\/alpske-povesti\\\/\"]}]},{\"@type\":\"ImageObject\",\"inLanguage\":\"sk-SK\",\"@id\":\"https:\\\/\\\/iwell-guard.com\\\/sk\\\/alpske-povesti\\\/#primaryimage\",\"url\":\"https:\\\/\\\/iwell-guard.com\\\/wp-content\\\/uploads\\\/2026\\\/07\\\/daemonen_alpin_krampus.webp\",\"contentUrl\":\"https:\\\/\\\/iwell-guard.com\\\/wp-content\\\/uploads\\\/2026\\\/07\\\/daemonen_alpin_krampus.webp\",\"width\":1024,\"height\":1536,\"caption\":\"Krampus - d\u00e9moni z alpskej trad\u00edcie, historicko-ilustra\u010dn\u00e9 zobrazenie\"},{\"@type\":\"BreadcrumbList\",\"@id\":\"https:\\\/\\\/iwell-guard.com\\\/sk\\\/alpske-povesti\\\/#breadcrumb\",\"itemListElement\":[{\"@type\":\"ListItem\",\"position\":1,\"name\":\"Start\",\"item\":\"https:\\\/\\\/iwell-guard.com\\\/sk\\\/?page_id=157572\"},{\"@type\":\"ListItem\",\"position\":2,\"name\":\"Alpsk\u00e9 povesti\"}]},{\"@type\":\"WebSite\",\"@id\":\"https:\\\/\\\/iwell-guard.com\\\/sk\\\/#website\",\"url\":\"https:\\\/\\\/iwell-guard.com\\\/sk\\\/\",\"name\":\"iWell Guard\",\"description\":\"Schutz vor dunklen Einfl\u00fcssen\",\"publisher\":{\"@id\":\"https:\\\/\\\/iwell-guard.com\\\/sk\\\/#organization\"},\"potentialAction\":[{\"@type\":\"SearchAction\",\"target\":{\"@type\":\"EntryPoint\",\"urlTemplate\":\"https:\\\/\\\/iwell-guard.com\\\/sk\\\/?s={search_term_string}\"},\"query-input\":{\"@type\":\"PropertyValueSpecification\",\"valueRequired\":true,\"valueName\":\"search_term_string\"}}],\"inLanguage\":\"sk-SK\"},{\"@type\":\"Organization\",\"@id\":\"https:\\\/\\\/iwell-guard.com\\\/sk\\\/#organization\",\"name\":\"Ittermann electronic GmbH\",\"url\":\"https:\\\/\\\/iwell-guard.com\\\/sk\\\/\",\"logo\":{\"@type\":\"ImageObject\",\"inLanguage\":\"sk-SK\",\"@id\":\"https:\\\/\\\/iwell-guard.com\\\/sk\\\/#\\\/schema\\\/logo\\\/image\\\/\",\"url\":\"https:\\\/\\\/iwell-guard.com\\\/wp-content\\\/uploads\\\/2026\\\/05\\\/Ittermann-Logo-1182x237-1.png\",\"contentUrl\":\"https:\\\/\\\/iwell-guard.com\\\/wp-content\\\/uploads\\\/2026\\\/05\\\/Ittermann-Logo-1182x237-1.png\",\"width\":1182,\"height\":237,\"caption\":\"Ittermann electronic GmbH\"},\"image\":{\"@id\":\"https:\\\/\\\/iwell-guard.com\\\/sk\\\/#\\\/schema\\\/logo\\\/image\\\/\"},\"sameAs\":[\"https:\\\/\\\/pantip.com\\\/profile\\\/9367242\",\"https:\\\/\\\/micro.blog\\\/iwellguard\",\"https:\\\/\\\/www.diggerslist.com\\\/iwellguard\\\/about\",\"https:\\\/\\\/skitterphoto.com\\\/photographers\\\/2870314\\\/iwell-guard\",\"https:\\\/\\\/iwellguard.wordpress.com\\\/2026\\\/06\\\/06\\\/iwell-guard\\\/\",\"https:\\\/\\\/hub.docker.com\\\/u\\\/iwellguard\",\"https:\\\/\\\/www.pinterest.com\\\/iwellguard\\\/\",\"https:\\\/\\\/bit.ly\\\/m\\\/iwellguard\",\"https:\\\/\\\/entre-vos-mains.alsace.eu\\\/profiles\\\/iwellguard\\\/activity\",\"https:\\\/\\\/gravatar.com\\\/reallybeded8fd34\",\"https:\\\/\\\/naijamatta.com\\\/iwellguard\",\"https:\\\/\\\/www.goodreads.com\\\/iwellguard\",\"https:\\\/\\\/profile.hatena.ne.jp\\\/iwellguard\\\/\",\"https:\\\/\\\/experiment.com\\\/users\\\/iwellguard\",\"https:\\\/\\\/wakelet.com\\\/@iWellGuard82270\",\"https:\\\/\\\/www.chordie.com\\\/forum\\\/profile.php?id=2555664\",\"https:\\\/\\\/www.instapaper.com\\\/p\\\/17757966\",\"https:\\\/\\\/www.mapleprimes.com\\\/users\\\/iwellguard\",\"https:\\\/\\\/businesslistingplus.com\\\/profile\\\/iwell-guard\\\/\",\"https:\\\/\\\/telegra.ph\\\/iWell-Guard-06-06\",\"https:\\\/\\\/pbase.com\\\/iwellguard\\\/iwellguard\",\"https:\\\/\\\/b.hatena.ne.jp\\\/iwellguard\\\/20260607#bookmark-4788405196491818882\",\"https:\\\/\\\/fliphtml5.com\\\/home\\\/iwellguard\",\"https:\\\/\\\/anyflip.com\\\/homepage\\\/cmiwl#About\",\"https:\\\/\\\/transfur.com\\\/Users\\\/iwellguard\",\"http:\\\/\\\/delphi.larsbo.org\\\/user\\\/iwellguard\",\"https:\\\/\\\/jobs.lajobsportal.org\\\/profiles\\\/8380803-iwell-guard\",\"https:\\\/\\\/md.chaosdorf.de\\\/s\\\/jfbe5SBdJD\",\"https:\\\/\\\/www.lingvolive.com\\\/en-us\\\/profile\\\/9ecaeaca-ce11-4e51-9e71-01d55e2bff36\\\/translations\",\"https:\\\/\\\/www.fitday.com\\\/fitness\\\/forums\\\/members\\\/iwellguard.html\",\"https:\\\/\\\/www.mymeetbook.com\\\/iwellguard\",\"https:\\\/\\\/pxhere.com\\\/en\\\/photographer-me\\\/5040798\",\"https:\\\/\\\/disqus.com\\\/by\\\/iwellguard\\\/about\\\/\",\"https:\\\/\\\/pastelink.net\\\/hjwciqwq\",\"https:\\\/\\\/pubhtml5.com\\\/homepage\\\/scjhn\\\/\",\"https:\\\/\\\/www.bitchute.com\\\/channel\\\/2O2eOKzNqujT\",\"https:\\\/\\\/audiomack.com\\\/iwellguard\"]}]}<\/script>\n<!-- \/ Yoast SEO Premium plugin. -->","yoast_head_json":{"title":"Alpsk\u00e9 povesti: Perchta, Krampus a Tatzelwurm","description":"Perchta, Krampus, Kasermandl a Tatzelwurm: rozpr\u00e1vkov\u00fd svet \u00c1lp vysvetlen\u00fd z poh\u013eadu religionistiky, s rauhn\u00e4chtskymi zvykmi z Bavorska a Ju\u017en\u00e9ho Tirolska.","robots":{"index":"index","follow":"follow","max-snippet":"max-snippet:-1","max-image-preview":"max-image-preview:large","max-video-preview":"max-video-preview:-1"},"canonical":"https:\/\/iwell-guard.com\/sk\/alpske-povesti\/","og_locale":"sk_SK","og_type":"article","og_title":"Alpsk\u00e9 povesti","og_description":"Perchta, Krampus, Kasermandl a Tatzelwurm: rozpr\u00e1vkov\u00fd svet \u00c1lp vysvetlen\u00fd z poh\u013eadu religionistiky, s rauhn\u00e4chtskymi zvykmi z Bavorska a Ju\u017en\u00e9ho Tirolska.","og_url":"https:\/\/iwell-guard.com\/sk\/alpske-povesti\/","og_site_name":"iWell Guard","article_modified_time":"2026-09-04T23:13:30+00:00","og_image":[{"width":1024,"height":1536,"url":"https:\/\/iwell-guard.com\/wp-content\/uploads\/2026\/07\/daemonen_alpin_krampus.webp","type":"image\/webp"}],"twitter_card":"summary_large_image","schema":{"@context":"https:\/\/schema.org","@graph":[{"@type":"WebPage","@id":"https:\/\/iwell-guard.com\/sk\/alpske-povesti\/","url":"https:\/\/iwell-guard.com\/sk\/alpske-povesti\/","name":"Alpsk\u00e9 povesti: Perchta, Krampus a Tatzelwurm","isPartOf":{"@id":"https:\/\/iwell-guard.com\/sk\/#website"},"primaryImageOfPage":{"@id":"https:\/\/iwell-guard.com\/sk\/alpske-povesti\/#primaryimage"},"image":{"@id":"https:\/\/iwell-guard.com\/sk\/alpske-povesti\/#primaryimage"},"thumbnailUrl":"https:\/\/iwell-guard.com\/wp-content\/uploads\/2026\/07\/daemonen_alpin_krampus.webp","datePublished":"2026-09-04T22:36:03+00:00","dateModified":"2026-09-04T23:13:30+00:00","description":"Perchta, Krampus, Kasermandl a Tatzelwurm: rozpr\u00e1vkov\u00fd svet \u00c1lp vysvetlen\u00fd z poh\u013eadu religionistiky, s rauhn\u00e4chtskymi zvykmi z Bavorska a Ju\u017en\u00e9ho Tirolska.","breadcrumb":{"@id":"https:\/\/iwell-guard.com\/sk\/alpske-povesti\/#breadcrumb"},"inLanguage":"sk-SK","potentialAction":[{"@type":"ReadAction","target":["https:\/\/iwell-guard.com\/sk\/alpske-povesti\/"]}]},{"@type":"ImageObject","inLanguage":"sk-SK","@id":"https:\/\/iwell-guard.com\/sk\/alpske-povesti\/#primaryimage","url":"https:\/\/iwell-guard.com\/wp-content\/uploads\/2026\/07\/daemonen_alpin_krampus.webp","contentUrl":"https:\/\/iwell-guard.com\/wp-content\/uploads\/2026\/07\/daemonen_alpin_krampus.webp","width":1024,"height":1536,"caption":"Krampus - d\u00e9moni z alpskej trad\u00edcie, historicko-ilustra\u010dn\u00e9 zobrazenie"},{"@type":"BreadcrumbList","@id":"https:\/\/iwell-guard.com\/sk\/alpske-povesti\/#breadcrumb","itemListElement":[{"@type":"ListItem","position":1,"name":"Start","item":"https:\/\/iwell-guard.com\/sk\/?page_id=157572"},{"@type":"ListItem","position":2,"name":"Alpsk\u00e9 povesti"}]},{"@type":"WebSite","@id":"https:\/\/iwell-guard.com\/sk\/#website","url":"https:\/\/iwell-guard.com\/sk\/","name":"iWell Guard","description":"Schutz vor dunklen Einfl\u00fcssen","publisher":{"@id":"https:\/\/iwell-guard.com\/sk\/#organization"},"potentialAction":[{"@type":"SearchAction","target":{"@type":"EntryPoint","urlTemplate":"https:\/\/iwell-guard.com\/sk\/?s={search_term_string}"},"query-input":{"@type":"PropertyValueSpecification","valueRequired":true,"valueName":"search_term_string"}}],"inLanguage":"sk-SK"},{"@type":"Organization","@id":"https:\/\/iwell-guard.com\/sk\/#organization","name":"Ittermann electronic GmbH","url":"https:\/\/iwell-guard.com\/sk\/","logo":{"@type":"ImageObject","inLanguage":"sk-SK","@id":"https:\/\/iwell-guard.com\/sk\/#\/schema\/logo\/image\/","url":"https:\/\/iwell-guard.com\/wp-content\/uploads\/2026\/05\/Ittermann-Logo-1182x237-1.png","contentUrl":"https:\/\/iwell-guard.com\/wp-content\/uploads\/2026\/05\/Ittermann-Logo-1182x237-1.png","width":1182,"height":237,"caption":"Ittermann electronic GmbH"},"image":{"@id":"https:\/\/iwell-guard.com\/sk\/#\/schema\/logo\/image\/"},"sameAs":["https:\/\/pantip.com\/profile\/9367242","https:\/\/micro.blog\/iwellguard","https:\/\/www.diggerslist.com\/iwellguard\/about","https:\/\/skitterphoto.com\/photographers\/2870314\/iwell-guard","https:\/\/iwellguard.wordpress.com\/2026\/06\/06\/iwell-guard\/","https:\/\/hub.docker.com\/u\/iwellguard","https:\/\/www.pinterest.com\/iwellguard\/","https:\/\/bit.ly\/m\/iwellguard","https:\/\/entre-vos-mains.alsace.eu\/profiles\/iwellguard\/activity","https:\/\/gravatar.com\/reallybeded8fd34","https:\/\/naijamatta.com\/iwellguard","https:\/\/www.goodreads.com\/iwellguard","https:\/\/profile.hatena.ne.jp\/iwellguard\/","https:\/\/experiment.com\/users\/iwellguard","https:\/\/wakelet.com\/@iWellGuard82270","https:\/\/www.chordie.com\/forum\/profile.php?id=2555664","https:\/\/www.instapaper.com\/p\/17757966","https:\/\/www.mapleprimes.com\/users\/iwellguard","https:\/\/businesslistingplus.com\/profile\/iwell-guard\/","https:\/\/telegra.ph\/iWell-Guard-06-06","https:\/\/pbase.com\/iwellguard\/iwellguard","https:\/\/b.hatena.ne.jp\/iwellguard\/20260607#bookmark-4788405196491818882","https:\/\/fliphtml5.com\/home\/iwellguard","https:\/\/anyflip.com\/homepage\/cmiwl#About","https:\/\/transfur.com\/Users\/iwellguard","http:\/\/delphi.larsbo.org\/user\/iwellguard","https:\/\/jobs.lajobsportal.org\/profiles\/8380803-iwell-guard","https:\/\/md.chaosdorf.de\/s\/jfbe5SBdJD","https:\/\/www.lingvolive.com\/en-us\/profile\/9ecaeaca-ce11-4e51-9e71-01d55e2bff36\/translations","https:\/\/www.fitday.com\/fitness\/forums\/members\/iwellguard.html","https:\/\/www.mymeetbook.com\/iwellguard","https:\/\/pxhere.com\/en\/photographer-me\/5040798","https:\/\/disqus.com\/by\/iwellguard\/about\/","https:\/\/pastelink.net\/hjwciqwq","https:\/\/pubhtml5.com\/homepage\/scjhn\/","https:\/\/www.bitchute.com\/channel\/2O2eOKzNqujT","https:\/\/audiomack.com\/iwellguard"]}]}},"_links":{"self":[{"href":"https:\/\/iwell-guard.com\/sk\/wp-json\/wp\/v2\/pages\/158853","targetHints":{"allow":["GET"]}}],"collection":[{"href":"https:\/\/iwell-guard.com\/sk\/wp-json\/wp\/v2\/pages"}],"about":[{"href":"https:\/\/iwell-guard.com\/sk\/wp-json\/wp\/v2\/types\/page"}],"author":[{"embeddable":true,"href":"https:\/\/iwell-guard.com\/sk\/wp-json\/wp\/v2\/users\/3"}],"replies":[{"embeddable":true,"href":"https:\/\/iwell-guard.com\/sk\/wp-json\/wp\/v2\/comments?post=158853"}],"version-history":[{"count":0,"href":"https:\/\/iwell-guard.com\/sk\/wp-json\/wp\/v2\/pages\/158853\/revisions"}],"wp:featuredmedia":[{"embeddable":true,"href":"https:\/\/iwell-guard.com\/sk\/wp-json\/wp\/v2\/media\/20516"}],"wp:attachment":[{"href":"https:\/\/iwell-guard.com\/sk\/wp-json\/wp\/v2\/media?parent=158853"}],"wp:term":[{"taxonomy":"category","embeddable":true,"href":"https:\/\/iwell-guard.com\/sk\/wp-json\/wp\/v2\/categories?post=158853"}],"curies":[{"name":"wp","href":"https:\/\/api.w.org\/{rel}","templated":true}]}}