{"id":158851,"date":"2026-09-04T22:36:02","date_gmt":"2026-09-04T22:36:02","guid":{"rendered":"https:\/\/iwell-guard.com\/?page_id=158851"},"modified":"2026-09-04T23:13:29","modified_gmt":"2026-09-04T23:13:29","slug":"rumunska-mytologia","status":"publish","type":"page","link":"https:\/\/iwell-guard.com\/sk\/rumunska-mytologia\/","title":{"rendered":"Rumunsk\u00e1 mytol\u00f3gia"},"content":{"rendered":"\t\t<div data-elementor-type=\"wp-page\" data-elementor-id=\"158851\" class=\"elementor elementor-158851 elementor-20574 elementor-bc-flex-widget\" data-elementor-post-type=\"page\">\n\t\t\t\t<div class=\"elementor-element elementor-element-iwgcn-sami-hero iwg-kultur-hero e-flex e-con-boxed e-con e-parent\" data-id=\"iwgcn-sami-hero\" data-element_type=\"container\" data-e-type=\"container\">\n\t\t\t\t\t<div class=\"e-con-inner\">\n\t\t<div class=\"elementor-element elementor-element-iwgcn-sami-hl iwg-kultur-hero-left e-flex e-con-boxed e-con e-child\" data-id=\"iwgcn-sami-hl\" data-element_type=\"container\" data-e-type=\"container\">\n\t\t\t\t\t<div class=\"e-con-inner\">\n\t\t\t\t<div class=\"elementor-element elementor-element-iwgcn-sami-h1 elementor-widget elementor-widget-heading\" data-id=\"iwgcn-sami-h1\" data-element_type=\"widget\" data-e-type=\"widget\" data-widget_type=\"heading.default\">\n\t\t\t\t\t<h1 class=\"elementor-heading-title elementor-size-default\">Strigoi, Iele a duchovn\u00fd svet rumunsk\u00fdch Karp\u00e1t<\/h1>\t\t\t\t<\/div>\n\t\t<div class=\"elementor-element elementor-element-iwgcn-sami-leadc e-con-full e-flex e-con e-child\" data-id=\"iwgcn-sami-leadc\" data-element_type=\"container\" data-e-type=\"container\">\n\t\t\t\t<div class=\"elementor-element elementor-element-iwgcn-sami-lead elementor-widget elementor-widget-text-editor\" data-id=\"iwgcn-sami-lead\" data-element_type=\"widget\" data-e-type=\"widget\" data-widget_type=\"text-editor.default\">\n\t\t\t\t\t\t\t\t\t<p>Rumunsk\u00e1 \u013eudov\u00e1 trad\u00edcia sp\u00e1ja v\u00fdrazn\u00fa vieru v mrtvych okolo bytost\u00ed Strigoi a Moroi s pr\u00edrodn\u00fdmi bytos\u0165ami, ako s\u00fa tancuj\u00face Iele, lesn\u00e1 matka Muma P\u0103durii a viera vo vlkolakov spojen\u00e1 s Pricolici. Tieto predstavy vznikli v ro\u013en\u00edckej spolo\u010dnosti, ktor\u00e1 si ved\u013ea rumunskej ortodoxnej cirkvi po st\u00e1ro\u010dia udr\u017eiavala vlastn\u00e9 zvyky na ochranu proti nemrtvym a duchom, predov\u0161etk\u00fdm v Sedmohradsku, Moldavsku a Vala\u0161sku.<\/p>\n<p class=\"iwg-kwfix\">Rumunsk\u00e1 mytol\u00f3gia sa v\u00fdrazne l\u00ed\u0161i od liter\u00e1rneho m\u00fdtu o Drakulovi, ktor\u00fd vych\u00e1dza z rom\u00e1nu Brama Stokera z roku 1897 a je so skuto\u010dnou rumunskou \u013eudovou trad\u00edciou spojen\u00fd len vo\u013ene. Tento \u010dl\u00e1nok uv\u00e1dza do duchovn\u00e9ho sveta rumunsk\u00fdch Karp\u00e1t, ktor\u00fd sa v\u00fdrazne odli\u0161uje od liter\u00e1rneho m\u00fdtu o Drakulovi.<\/p>\t\t\t\t\t\t\t\t<\/div>\n\t\t\t\t<\/div>\n\t\t\t\t\t<\/div>\n\t\t\t\t<\/div>\n\t\t<div class=\"elementor-element elementor-element-iwgcn-sami-hr iwg-kultur-hero-right e-flex e-con-boxed e-con e-child\" data-id=\"iwgcn-sami-hr\" data-element_type=\"container\" data-e-type=\"container\">\n\t\t\t\t\t<div class=\"e-con-inner\">\n\t\t\t\t<div class=\"elementor-element elementor-element-iwgcn-sami-himg iwg-hero-image elementor-widget elementor-widget-image\" data-id=\"iwgcn-sami-himg\" data-element_type=\"widget\" data-e-type=\"widget\" data-widget_type=\"image.default\">\n\t\t\t\t\t\t\t\t\t\t\t\t\t\t\t<img fetchpriority=\"high\" decoding=\"async\" width=\"683\" height=\"1024\" src=\"https:\/\/iwell-guard.com\/wp-content\/uploads\/2026\/05\/goetter_sami_beaivi-683x1024.webp\" class=\"attachment-large size-large wp-image-159761\" alt=\"Beaivi \u2013 bohovia zo s\u00e1mskej trad\u00edcie, historicko-ilustra\u010dn\u00e9 zobrazenie\" srcset=\"https:\/\/iwell-guard.com\/wp-content\/uploads\/2026\/05\/goetter_sami_beaivi-683x1024.webp 683w, https:\/\/iwell-guard.com\/wp-content\/uploads\/2026\/05\/goetter_sami_beaivi-200x300.webp 200w, https:\/\/iwell-guard.com\/wp-content\/uploads\/2026\/05\/goetter_sami_beaivi-768x1152.webp 768w, https:\/\/iwell-guard.com\/wp-content\/uploads\/2026\/05\/goetter_sami_beaivi.webp 1024w\" sizes=\"(max-width: 683px) 100vw, 683px\" \/>\t\t\t\t\t\t\t\t\t\t\t\t\t\t\t<\/div>\n\t\t\t\t\t<\/div>\n\t\t\t\t<\/div>\n\t\t\t\t\t<\/div>\n\t\t\t\t<\/div>\n\t\t\t\t<section class=\"elementor-section elementor-top-section elementor-element elementor-element-sec-iwgcomp-sami elementor-section-boxed elementor-section-height-default elementor-section-height-default\" data-id=\"sec-iwgcomp-sami\" data-element_type=\"section\" data-e-type=\"section\">\n\t\t\t\t\t\t<div class=\"elementor-container elementor-column-gap-default\">\n\t\t\t\t\t<div class=\"elementor-column elementor-col-100 elementor-top-column elementor-element elementor-element-col-iwgcomp-sami\" data-id=\"col-iwgcomp-sami\" data-element_type=\"column\" data-e-type=\"column\">\n\t\t\t<div class=\"elementor-widget-wrap elementor-element-populated\">\n\t\t\t\t\t\t<div class=\"elementor-element elementor-element-iwgcomp-sami elementor-widget elementor-widget-text-editor\" data-id=\"iwgcomp-sami\" data-element_type=\"widget\" data-e-type=\"widget\" data-widget_type=\"text-editor.default\">\n\t\t\t\t\t\t\t\t\t<p>Rumunsk\u00e1 <strong><span class=\"iwg-fachbegriff\" data-tooltip=\"Predstava, \u017ee zosnul\u00ed sa za ur\u010dit\u00fdch podmienok vracaj\u00fa do sveta \u017eiv\u00fdch ako nemrtv\u00ed.\" tabindex=\"0\">viera v n\u00e1vrat zosnul\u00fdch<\/span><\/strong> okolo bytost\u00ed <a href=\"https:\/\/iwell-guard.com\/sk\/?page_id=158624\">Strigoi<\/a> a <a href=\"https:\/\/iwell-guard.com\/sk\/?page_id=158625\">Moroi<\/a> tvor\u00ed z\u00e1klad \u013eudovej trad\u00edcie v karpatsk\u00fdch dedin\u00e1ch.<\/p>\n<p class=\"iwg-kwfix\">Rumunsk\u00e1 mytol\u00f3gia sa del\u00ed na vieru v predkov a zosnul\u00fdch, vzdu\u0161n\u00e9 \u017eeny <a href=\"https:\/\/iwell-guard.com\/sk\/?page_id=158605\">Iele<\/a>, lesn\u00fa bytos\u0165 <a href=\"https:\/\/iwell-guard.com\/sk\/?page_id=158606\">Muma P\u0103durii<\/a> a vieru vo vlkolakov spojen\u00fa s <a href=\"https:\/\/iwell-guard.com\/sk\/?page_id=158626\">Pricolici<\/a>. Tieto trad\u00edcie sa dodnes rozpr\u00e1vaj\u00fa predov\u0161etk\u00fdm vo vidieckych oblastiach Sedmohradska a Moldavska.<\/p>\t\t\t\t\t\t\t\t<\/div>\n\t\t\t\t\t<\/div>\n\t\t<\/div>\n\t\t\t\t\t<\/div>\n\t\t<\/section>\n\t\t<div class=\"elementor-element elementor-element-iwgcn-sami-s0 e-flex e-con-boxed e-con e-parent\" data-id=\"iwgcn-sami-s0\" data-element_type=\"container\" data-e-type=\"container\">\n\t\t\t\t\t<div class=\"e-con-inner\">\n\t\t\t\t<div class=\"elementor-element elementor-element-iwgcn-sami-s0h elementor-widget elementor-widget-heading\" data-id=\"iwgcn-sami-s0h\" data-element_type=\"widget\" data-e-type=\"widget\" data-widget_type=\"heading.default\">\n\t\t\t\t\t<h2 class=\"elementor-heading-title elementor-size-default\">Sedmohradsko, Moldavsko, Vala\u0161sko: n\u00e1bo\u017eensk\u00e1 krajina Rumunska<\/h2>\t\t\t\t<\/div>\n\t\t<div class=\"elementor-element elementor-element-iwgcn-sami-s0-c e-con-full e-flex e-con e-child\" data-id=\"iwgcn-sami-s0-c\" data-element_type=\"container\" data-e-type=\"container\">\n\t\t\t\t<div class=\"elementor-element elementor-element-iwgcn-sami-s0t elementor-widget elementor-widget-text-editor\" data-id=\"iwgcn-sami-s0t\" data-element_type=\"widget\" data-e-type=\"widget\" data-widget_type=\"text-editor.default\">\n\t\t\t\t\t\t\t\t\t<p>Rumunsko je preva\u017ene rumunsko-ortodoxn\u00e9, s katol\u00edckymi a reformovan\u00fdmi men\u0161inami najm\u00e4 v Sedmohradsku, kde po st\u00e1ro\u010dia spolu \u017eili rumunsk\u00e9, ma\u010farsk\u00e9 a nemecky hovoriace, sedmohradsko-sask\u00e9 obyvate\u013esk\u00e9 skupiny. \u013dudov\u00e1 viera okolo Strigoi, Iele a pr\u00edbuzn\u00fdch bytost\u00ed sa vyv\u00edjala paralelne s cirkevnou zbo\u017enos\u0165ou, \u010dasto tesne prepleten\u00e1 s kres\u0165ansk\u00fdmi sviatkami a kalend\u00e1rmi sv\u00e4t\u00fdch.<\/p>\n<p>Najm\u00e4 v od\u013eahl\u00fdch oblastiach ako Maramure\u0161, karpatsk\u00fdch \u00fadoliach Moldavska a \u010dasti Vala\u0161ska zostali archaick\u00e9 pohrebn\u00e9 a ochrann\u00e9 zvyky \u017eiv\u00e9 a\u017e do 20. storo\u010dia. Etnografi tieto trad\u00edcie zaznamen\u00e1vali od konca 19. storo\u010dia, ke\u010f sa rumunsk\u00e1 folkloristika etablovala ako samostatn\u00e1 discipl\u00edna.<\/p>\n<p class=\"iwg-kwfix\">Z\u00e1kladn\u00e9 l\u00ednie tejto trad\u00edcie: kult predkov a zosnul\u00fdch okolo Strigoi a Moroi, kalend\u00e1r nebezpe\u010dn\u00fdch noc\u00ed, po\u010das ktor\u00fdch sa zjavuj\u00fa Iele a duchovia, a ochrann\u00e9 zvyky, ktor\u00e9 sa dodnes odovzd\u00e1vaj\u00fa vo vidieckych oblastiach Rumunska.<\/p>\t\t\t\t\t\t\t\t<\/div>\n\t\t\t\t<\/div>\n\t\t\t\t\t<\/div>\n\t\t\t\t<\/div>\n\t\t<div class=\"elementor-element elementor-element-iwgcn-sami-s1 e-flex e-con-boxed e-con e-parent\" data-id=\"iwgcn-sami-s1\" data-element_type=\"container\" data-e-type=\"container\">\n\t\t\t\t\t<div class=\"e-con-inner\">\n\t\t\t\t<div class=\"elementor-element elementor-element-iwgcn-sami-s1h elementor-widget elementor-widget-heading\" data-id=\"iwgcn-sami-s1h\" data-element_type=\"widget\" data-e-type=\"widget\" data-widget_type=\"heading.default\">\n\t\t\t\t\t<h2 class=\"elementor-heading-title elementor-size-default\">Strigoi a Moroi: dve formy rumunsk\u00e9ho n\u00e1vratu zosnul\u00fdch<\/h2>\t\t\t\t<\/div>\n\t\t<div class=\"elementor-element elementor-element-iwgcn-sami-s1-c e-con-full e-flex e-con e-child\" data-id=\"iwgcn-sami-s1-c\" data-element_type=\"container\" data-e-type=\"container\">\n\t\t\t\t<div class=\"elementor-element elementor-element-iwgcn-sami-s1t elementor-widget elementor-widget-text-editor\" data-id=\"iwgcn-sami-s1t\" data-element_type=\"widget\" data-e-type=\"widget\" data-widget_type=\"text-editor.default\">\n\t\t\t\t\t\t\t\t\t<p><a href=\"https:\/\/iwell-guard.com\/sk\/?page_id=158624\">Strigoi<\/a> je pod\u013ea rumunskej \u013eudovej viery zosnul\u00fd, ktor\u00fd sa vracia z hrobu, aby \u017eiv\u00fdm odoberal silu alebo krv. Trad\u00edcia rozli\u0161uje medzi strigoi vii, \u017eiv\u00fdmi \u013eu\u010fmi s touto predispoz\u00edciou, napr\u00edklad ako siedme die\u0165a rovnak\u00e9ho pohlavia v rodine alebo neman\u017eelsky naroden\u00e9 deti, a strigoi mor\u021bi, zosnul\u00fdmi, ktor\u00ed sa vracaj\u00fa po smrti, \u010dasto preto\u017ee pohrebn\u00e9 obrady neboli vykonan\u00e9 spr\u00e1vne.<\/p>\n<p><a href=\"https:\/\/iwell-guard.com\/sk\/?page_id=158625\">Moroi<\/a> je v mnoh\u00fdch oblastiach vn\u00edman\u00fd ako miernej\u0161ia, menej agres\u00edvna forma n\u00e1vratu zosnul\u00fdch, v in\u00fdch trad\u00edci\u00e1ch sa tento pojem pou\u017e\u00edva takmer zamenite\u013ene so Strigoi; jednotn\u00e1, celorumunsk\u00e1 systematika v \u00fastnej trad\u00edcii neexistuje. Slovn\u00e9 pole sa odvodzuje z latinsk\u00e9ho striga\/strix, p\u00f4vodne sp\u00e1jan\u00e9ho s no\u010dn\u00fdmi sovami a bytos\u0165ami \u010darodejn\u00edc, pr\u00edbuzn\u00e9 s talianskym strega a predstavami o \u010darodejnici.<\/p>\n<p>Na ochranu sl\u00fa\u017eil cesnak na dver\u00e1ch a okn\u00e1ch, \u017eelezn\u00e9 nechty v rakve, kol\u00edk z dubov\u00e9ho alebo tisov\u00e9ho dreva prebodnut\u00fd srdcom a v pretrv\u00e1vaj\u00facich pr\u00edpadoch s\u0165atie a op\u00e4tovn\u00e9 pochovanie tv\u00e1rou nadol.<\/p>\t\t\t\t\t\t\t\t<\/div>\n\t\t\t\t<\/div>\n\t\t\t\t\t<\/div>\n\t\t\t\t<\/div>\n\t\t<div class=\"elementor-element elementor-element-iwgcn-sami-s2 e-flex e-con-boxed e-con e-parent\" data-id=\"iwgcn-sami-s2\" data-element_type=\"container\" data-e-type=\"container\">\n\t\t\t\t\t<div class=\"e-con-inner\">\n\t\t\t\t<div class=\"elementor-element elementor-element-iwgcn-sami-s2h elementor-widget elementor-widget-heading\" data-id=\"iwgcn-sami-s2h\" data-element_type=\"widget\" data-e-type=\"widget\" data-widget_type=\"heading.default\">\n\t\t\t\t\t<h2 class=\"elementor-heading-title elementor-size-default\">Iele: tancuj\u00face vzdu\u0161n\u00e9 \u017eeny<\/h2>\t\t\t\t<\/div>\n\t\t<div class=\"elementor-element elementor-element-iwgcn-sami-s2-c e-con-full e-flex e-con e-child\" data-id=\"iwgcn-sami-s2-c\" data-element_type=\"container\" data-e-type=\"container\">\n\t\t\t\t<div class=\"elementor-element elementor-element-iwgcn-sami-s2t elementor-widget elementor-widget-text-editor\" data-id=\"iwgcn-sami-s2t\" data-element_type=\"widget\" data-e-type=\"widget\" data-widget_type=\"text-editor.default\">\n\t\t\t\t\t\t\t\t\t<p><a href=\"https:\/\/iwell-guard.com\/sk\/?page_id=158605\">Iele<\/a> s\u00fa pova\u017eovan\u00e9 za kr\u00e1sne, ale nebezpe\u010dn\u00e9 vzdu\u0161n\u00e9 \u017eeny, ktor\u00e9 v noci tancuj\u00fa na osamel\u00fdch miestach. Ich sviatok tradi\u010dne spad\u00e1 na S\u00e2nziene, rumunsk\u00fd slnovratn\u00fd sviatok okolo 24. j\u00fana, ktor\u00fd sp\u00e1ja predkres\u0165ansk\u00e9 slnovratn\u00e9 zvyky so sviatkom sv\u00e4t\u00e9ho J\u00e1na. V t\u00fato noc je nebo pova\u017eovan\u00e9 za obzvl\u00e1\u0161\u0165 priechodn\u00e9 pre magiu.<\/p>\n<p>Kto sleduje tanec Iele, pod\u013ea trad\u00edcie riskuje ochrnutie, stratu re\u010di, stratu sluchu alebo \u0161ialenstvo; mu\u017ei boli pova\u017eovan\u00ed za obzvl\u00e1\u0161\u0165 ohrozen\u00fdch. Ochranu poskytovali oh\u0148ov\u00e9 ritu\u00e1ly, ako preskakovanie slnovratn\u00fdch oh\u0148ov, a vyh\u00fdbanie sa ur\u010dit\u00fdm lesn\u00fdm l\u00fakam a kr\u00ed\u017eov\u00fdm cest\u00e1m po\u010das noc\u00ed S\u00e2nziene.<\/p>\t\t\t\t\t\t\t\t<\/div>\n\t\t\t\t<\/div>\n\t\t\t\t\t<\/div>\n\t\t\t\t<\/div>\n\t\t<div class=\"elementor-element elementor-element-iwgcn-sami-s3 e-flex e-con-boxed e-con e-parent\" data-id=\"iwgcn-sami-s3\" data-element_type=\"container\" data-e-type=\"container\">\n\t\t\t\t\t<div class=\"e-con-inner\">\n\t\t\t\t<div class=\"elementor-element elementor-element-iwgcn-sami-s3h elementor-widget elementor-widget-heading\" data-id=\"iwgcn-sami-s3h\" data-element_type=\"widget\" data-e-type=\"widget\" data-widget_type=\"heading.default\">\n\t\t\t\t\t<h2 class=\"elementor-heading-title elementor-size-default\">Muma P\u0103durii, lesn\u00e1 matka<\/h2>\t\t\t\t<\/div>\n\t\t<div class=\"elementor-element elementor-element-iwgcn-sami-s3-c e-con-full e-flex e-con e-child\" data-id=\"iwgcn-sami-s3-c\" data-element_type=\"container\" data-e-type=\"container\">\n\t\t\t\t<div class=\"elementor-element elementor-element-iwgcn-sami-s3t elementor-widget elementor-widget-text-editor\" data-id=\"iwgcn-sami-s3t\" data-element_type=\"widget\" data-e-type=\"widget\" data-widget_type=\"text-editor.default\">\n\t\t\t\t\t\t\t\t\t<p><a href=\"https:\/\/iwell-guard.com\/sk\/?page_id=158606\">Muma P\u0103durii<\/a>, doslova lesn\u00e1 matka, je star\u00e1, \u0161kared\u00e1 \u017eensk\u00e1 postava, ktor\u00e1 \u017eije hlboko v lese, v chatr\u010di alebo dutom strome. Pova\u017euje sa za ambivalentn\u00fa: na jednej strane chr\u00e1ni zvierat\u00e1 a rastliny a lie\u010di chor\u00e9 \u010dasti lesa, na druhej strane odh\u00e1\u0148a votrelcov t\u00fdm, \u017ee ich priv\u00e1dza do \u0161ialenstva, a pre deti je stra\u0161idelnou postavou, ktor\u00e1 neposlu\u0161n\u00e9 deti l\u00e1ka do lesa.<\/p>\n<p>V pr\u00edbehoch podobn\u00fdch vzoru Jankovi a Marienky die\u0165a lesn\u00fa matku oklame a str\u010d\u00ed ju do jej vlastnej pece. Muma P\u0103durii sa vo v\u00fdskume porovn\u00e1va s in\u00fdmi eur\u00f3pskymi postavami lesnej matky a stra\u0161idiel pre deti, ako je Baba Jaga, bez toho, aby s nimi bola toto\u017en\u00e1.<\/p>\t\t\t\t\t\t\t\t<\/div>\n\t\t\t\t<\/div>\n\t\t\t\t\t<\/div>\n\t\t\t\t<\/div>\n\t\t<div class=\"elementor-element elementor-element-x-sami-s-faq e-flex e-con-boxed e-con e-parent\" data-id=\"x-sami-s-faq\" data-element_type=\"container\" data-e-type=\"container\">\n\t\t\t\t\t<div class=\"e-con-inner\">\n\t\t\t\t<div class=\"elementor-element elementor-element-x-sami-h-faq elementor-widget elementor-widget-heading\" data-id=\"x-sami-h-faq\" data-element_type=\"widget\" data-e-type=\"widget\" data-widget_type=\"heading.default\">\n\t\t\t\t\t<h2 class=\"elementor-heading-title elementor-size-default\">\u010casto kladen\u00e9 ot\u00e1zky o rumunskej mytol\u00f3gii<\/h2>\t\t\t\t<\/div>\n\t\t<div class=\"elementor-element elementor-element-iwgcn-sami-s3-c e-con-full e-flex e-con e-child\" data-id=\"iwgcn-sami-s3-c\" data-element_type=\"container\" data-e-type=\"container\">\n\t\t\t\t<div class=\"elementor-element elementor-element-x-sami-t-faq elementor-widget elementor-widget-text-editor\" data-id=\"x-sami-t-faq\" data-element_type=\"widget\" data-e-type=\"widget\" data-widget_type=\"text-editor.default\">\n\t\t\t\t\t\t\t\t\t<h3>Ak\u00fd je rozdiel medzi strigoiom a moroiom?<\/h3>\n<p>V rumunskej \u013eudovej viere plat\u00ed strigoi za zosnul\u00e9ho, ktor\u00fd sa vracia z hrobu, zatia\u013e \u010do moroi je v mnoh\u00fdch regi\u00f3noch popisovan\u00fd ako miernej\u0161ia, menej agres\u00edvna forma n\u00e1vratu m\u0155tvych. Jednotn\u00e9, celorumunsk\u00e9 rozl\u00ed\u0161enie v\u0161ak v \u00fastnej trad\u00edcii neexistuje.<\/p>\n<h3>Kto je Muma P\u0103durii?<\/h3>\n<p>Muma P\u0103durii, Lesn\u00e1 matka, je ambivalentn\u00e1 postava rumunsk\u00e9ho folkl\u00f3ru: chr\u00e1ni les a zvierat\u00e1, ale z\u00e1rove\u0148 plat\u00ed pre deti za stra\u0161ideln\u00fa bytos\u0165, ktor\u00e1 neposlu\u0161n\u00e9 deti l\u00e1ka do lesa.<\/p>\n<h3>Je Dracula s\u00fa\u010das\u0165ou rumunskej \u013eudovej trad\u00edcie?<\/h3>\n<p>Nie. Dracula je liter\u00e1rna postava, ktor\u00fa vytvoril Bram Stoker v roku 1897 a ktor\u00e1 si iba prevzala meno historick\u00e9ho Vlada III. \u013dudov\u00e1 viera v strigoiov v Rumunsku je ove\u013ea star\u0161ia a v podstatn\u00fdch rysoch sa l\u00ed\u0161i od z\u00e1padn\u00e9ho kli\u0161\u00e9 up\u00edra.<\/p>\n<h3>Kto s\u00fa Iele?<\/h3>\n<p>Iele s\u00fa tancuj\u00face vzdu\u0161n\u00e9 \u017eeny rumunskej mytol\u00f3gie, ktor\u00fdch zjavenie sa tradi\u010dne sp\u00e1ja s letn\u00fdm sviatkom S\u00e2nziene. Kto sleduje ich no\u010dn\u00fd tanec, pod\u013ea trad\u00edcie riskuje ochrnutie alebo \u0161ialenstvo.<\/p>\n<script type=\"application\/ld+json\">{\"@context\": \"https:\/\/schema.org\", \"@type\": \"FAQPage\", \"mainEntity\": [{\"@type\": \"Question\", \"name\": \"Ak\u00fd je rozdiel medzi strigoiom a moroiom?\", \"acceptedAnswer\": {\"@type\": \"Answer\", \"text\": \"V rumunskej \u013eudovej viere plat\u00ed strigoi za zosnul\u00e9ho, ktor\u00fd sa vracia z hrobu, zatia\u013e \u010do moroi je v mnoh\u00fdch regi\u00f3noch popisovan\u00fd ako miernej\u0161ia, menej agres\u00edvna forma n\u00e1vratu m\u0155tvych. Jednotn\u00e9, celorumunsk\u00e9 rozl\u00ed\u0161enie v\u0161ak v \u00fastnej trad\u00edcii neexistuje.\"}}, {\"@type\": \"Question\", \"name\": \"Kto je Muma P\u0103durii?\", \"acceptedAnswer\": {\"@type\": \"Answer\", \"text\": \"Muma P\u0103durii, Lesn\u00e1 matka, je ambivalentn\u00e1 postava rumunsk\u00e9ho folkl\u00f3ru: chr\u00e1ni les a zvierat\u00e1, ale z\u00e1rove\u0148 plat\u00ed pre deti za stra\u0161ideln\u00fa bytos\u0165, ktor\u00e1 neposlu\u0161n\u00e9 deti l\u00e1ka do lesa.\"}}, {\"@type\": \"Question\", \"name\": \"Je Dracula s\u00fa\u010das\u0165ou rumunskej \u013eudovej trad\u00edcie?\", \"acceptedAnswer\": {\"@type\": \"Answer\", \"text\": \"Nie. Dracula je liter\u00e1rna postava, ktor\u00fa vytvoril Bram Stoker v roku 1897 a ktor\u00e1 si iba prevzala meno historick\u00e9ho Vlada III. \u013dudov\u00e1 viera v strigoiov v Rumunsku je ove\u013ea star\u0161ia a v podstatn\u00fdch rysoch sa l\u00ed\u0161i od z\u00e1padn\u00e9ho kli\u0161\u00e9 up\u00edra.\"}}, {\"@type\": \"Question\", \"name\": \"Kto s\u00fa Iele?\", \"acceptedAnswer\": {\"@type\": \"Answer\", \"text\": \"Iele s\u00fa tancuj\u00face vzdu\u0161n\u00e9 \u017eeny rumunskej mytol\u00f3gie, ktor\u00fdch zjavenie sa tradi\u010dne sp\u00e1ja s letn\u00fdm sviatkom S\u00e2nziene. Kto sleduje ich no\u010dn\u00fd tanec, pod\u013ea trad\u00edcie riskuje ochrnutie alebo \u0161ialenstvo.\"}}]}<\/script>\t\t\t\t\t\t\t\t<\/div>\n\t\t\t\t<\/div>\n\t\t\t\t\t<\/div>\n\t\t\t\t<\/div>\n\t\t<div class=\"elementor-element elementor-element-iwgcn-sami-s4 e-flex e-con-boxed e-con e-parent\" data-id=\"iwgcn-sami-s4\" data-element_type=\"container\" data-e-type=\"container\">\n\t\t\t\t\t<div class=\"e-con-inner\">\n\t\t\t\t<div class=\"elementor-element elementor-element-iwgcn-sami-s4h elementor-widget elementor-widget-heading\" data-id=\"iwgcn-sami-s4h\" data-element_type=\"widget\" data-e-type=\"widget\" data-widget_type=\"heading.default\">\n\t\t\t\t\t<h2 class=\"elementor-heading-title elementor-size-default\">Pricolici a V\u00e2rcolac: rumunsk\u00e1 viera vo vlkolakov<\/h2>\t\t\t\t<\/div>\n\t\t<div class=\"elementor-element elementor-element-iwgcn-sami-s4-c e-con-full e-flex e-con e-child\" data-id=\"iwgcn-sami-s4-c\" data-element_type=\"container\" data-e-type=\"container\">\n\t\t\t\t<div class=\"elementor-element elementor-element-iwgcn-sami-s4t elementor-widget elementor-widget-text-editor\" data-id=\"iwgcn-sami-s4t\" data-element_type=\"widget\" data-e-type=\"widget\" data-widget_type=\"text-editor.default\">\n\t\t\t\t\t\t\t\t\t<p><a href=\"https:\/\/iwell-guard.com\/sk\/?page_id=158626\">Pricolici<\/a> plat\u00ed za vlkolaka medzi nemrtv\u00fdmi: \u010dloveka, \u010dasto n\u00e1siln\u00edka, ktor\u00fd sa po\u010das \u017eivota alebo po smrti premen\u00ed na vlka alebo psa. Na rozdiel od strigoia si pricolici v\u017edy zachov\u00e1va vl\u010die rysy; pr\u00edbuzn\u00fd, ale nie toto\u017en\u00fd je v\u00e2rcolac, ktor\u00e9mu sa v niektor\u00fdch regi\u00f3noch pripisuj\u00fa aj kobold\u00ed rysy alebo schopnos\u0165 pohlti\u0165 slnko a mesiac a sp\u00f4sobi\u0165 tak zatmenie.<\/p>\n<p>Na rumunskom vidieku sa nezvy\u010dajne ve\u013ek\u00e9 alebo agres\u00edvne vlky dodnes pr\u00edle\u017eitostne \u013eudovo sp\u00e1jaj\u00fa s pricolicim. Ochrann\u00e9 zvyky sa podobaj\u00fa t\u00fdm proti strigoiovi: cesnak, \u017eelezo a starostliv\u00e9 pohrebn\u00e9 obrady.<\/p>\t\t\t\t\t\t\t\t<\/div>\n\t\t\t\t<\/div>\n\t\t\t\t\t<\/div>\n\t\t\t\t<\/div>\n\t\t<div class=\"elementor-element elementor-element-iwgcn-sami-s5 e-flex e-con-boxed e-con e-parent\" data-id=\"iwgcn-sami-s5\" data-element_type=\"container\" data-e-type=\"container\">\n\t\t\t\t\t<div class=\"e-con-inner\">\n\t\t\t\t<div class=\"elementor-element elementor-element-iwgcn-sami-s5h elementor-widget elementor-widget-heading\" data-id=\"iwgcn-sami-s5h\" data-element_type=\"widget\" data-e-type=\"widget\" data-widget_type=\"heading.default\">\n\t\t\t\t\t<h2 class=\"elementor-heading-title elementor-size-default\">Sf\u00e2ntul Andrei: kalend\u00e1r ochrann\u00fdch zvykov<\/h2>\t\t\t\t<\/div>\n\t\t<div class=\"elementor-element elementor-element-iwgcn-sami-s5-c e-con-full e-flex e-con e-child\" data-id=\"iwgcn-sami-s5-c\" data-element_type=\"container\" data-e-type=\"container\">\n\t\t\t\t<div class=\"elementor-element elementor-element-iwgcn-sami-s5t elementor-widget elementor-widget-text-editor\" data-id=\"iwgcn-sami-s5t\" data-element_type=\"widget\" data-e-type=\"widget\" data-widget_type=\"text-editor.default\">\n\t\t\t\t\t\t\t\t\t<p>Noc sv\u00e4t\u00e9ho Andreja (Sf\u00e2ntul Andrei) z 29. na 30. novembra plat\u00ed v mnoh\u00fdch rumunsk\u00fdch regi\u00f3noch za noc, v ktorej s\u00fa strigoi a vlci obzvl\u00e1\u0161\u0165 akt\u00edvni. Farm\u00e1ri preto zavesovali cesnak na dvere a okenn\u00e9 r\u00e1my, zna\u010dili dom\u00e1ce zvierat\u00e1 cesnakov\u00fdmi znameniami a pokia\u013e mo\u017eno sa vyh\u00fdbali osamel\u00fdm cest\u00e1m.<\/p>\n<p>\u010eal\u0161ie ochrann\u00e9 opatrenia sa t\u00fdkali samotn\u00e9ho pochov\u00e1vania: \u017eelezn\u00e9 klince do rakvy, prebodnutie hrobu trnitou vetvi\u010dkou alebo za\u0165a\u017eenie m\u0155tveho tela mali zabr\u00e1ni\u0165 tomu, aby sa zosnul\u00fd stal strigoiom. Rumunsk\u00e1 ortodoxn\u00e1 cirkev tieto zvyky tolerovala r\u00f4zne, ofici\u00e1lne ich zamietala, vo vidieckej praxi sa v\u0161ak udr\u017eali po gener\u00e1cie.<\/p>\t\t\t\t\t\t\t\t<\/div>\n\t\t\t\t<\/div>\n\t\t\t\t\t<\/div>\n\t\t\t\t<\/div>\n\t\t<div class=\"elementor-element elementor-element-iwgcn-sami-s6 e-flex e-con-boxed e-con e-parent\" data-id=\"iwgcn-sami-s6\" data-element_type=\"container\" data-e-type=\"container\">\n\t\t\t\t\t<div class=\"e-con-inner\">\n\t\t\t\t<div class=\"elementor-element elementor-element-iwgcn-sami-s6h elementor-widget elementor-widget-heading\" data-id=\"iwgcn-sami-s6h\" data-element_type=\"widget\" data-e-type=\"widget\" data-widget_type=\"heading.default\">\n\t\t\t\t\t<h2 class=\"elementor-heading-title elementor-size-default\">Od \u013eudovej viery k liter\u00e1rnemu m\u00fdtu o Draculovi<\/h2>\t\t\t\t<\/div>\n\t\t<div class=\"elementor-element elementor-element-iwgcn-sami-s6-c e-con-full e-flex e-con e-child\" data-id=\"iwgcn-sami-s6-c\" data-element_type=\"container\" data-e-type=\"container\">\n\t\t\t\t<div class=\"elementor-element elementor-element-iwgcn-sami-s6t elementor-widget elementor-widget-text-editor\" data-id=\"iwgcn-sami-s6t\" data-element_type=\"widget\" data-e-type=\"widget\" data-widget_type=\"text-editor.default\">\n\t\t\t\t\t\t\t\t\t<p>Historick\u00fd Vlad III. (Vlad \u021aepe\u0219, Napichova\u010d), vala\u0161sk\u00fd vojvoda 15. storo\u010dia, nem\u00e1 s vierou v strigoiov p\u00f4vodne ni\u010d spolo\u010dn\u00e9. Jeho prez\u00fdvka Dracul odkazuje na pr\u00edslu\u0161nos\u0165 jeho otca k Draconov\u00e9mu r\u00e1du, nie na diabla \u010di up\u00edra. Bram Stoker si v roku 1897 prevzal iba meno pre svoj rom\u00e1n <em>Dracula<\/em>, opieraj\u00fac sa najm\u00e4 o cestopisy ako <em>The Land Beyond the Forest<\/em> Emily Gerardovej z roku 1888, nie o cestu do Rumunska \u010di systematick\u00fa znalos\u0165 rumunskej \u013eudovej trad\u00edcie.<\/p>\n<p>Liter\u00e1rna postava up\u00edra sa v podstatn\u00fdch rysoch odli\u0161uje od \u013eudov\u00e9ho strigoia: strach z kr\u00ed\u017ea, pl\u00e1\u0161\u0165 a aristokratick\u00e9 vystupovanie s\u00fa v\u00fdmyslami z\u00e1padnej popul\u00e1rnej kult\u00fary 19. a 20. storo\u010dia. Strigoi z \u00fastnej trad\u00edcie je naproti tomu v\u00e4\u010d\u0161inou dedinsk\u00fd obyvate\u013e, ktor\u00e9ho n\u00e1vrat sa vysvet\u013euje konkr\u00e9tnymi chybami pri pohrebe alebo \u017eivotn\u00fdmi okolnos\u0165ami. Z religionistick\u00e9ho h\u013eadiska je oddelenie \u013eudovej viery v m\u0155tvych od liter\u00e1rneho m\u00fdtu o Draculovi nevyhnutn\u00e9 na primeran\u00e9 zaradenie oboch trad\u00edci\u00ed.<\/p>\t\t\t\t\t\t\t\t<\/div>\n\t\t\t\t<\/div>\n\t\t\t\t\t<\/div>\n\t\t\t\t<\/div>\n\t\t<div class=\"elementor-element elementor-element-cp2d9a92a3 e-flex e-con-boxed e-con e-parent\" data-id=\"cp2d9a92a3\" data-element_type=\"container\" data-e-type=\"container\">\n\t\t\t\t\t<div class=\"e-con-inner\">\n\t\t\t\t<div class=\"elementor-element elementor-element-cp2515827f elementor-widget elementor-widget-heading\" data-id=\"cp2515827f\" data-element_type=\"widget\" data-e-type=\"widget\" data-widget_type=\"heading.default\">\n\t\t\t\t\t<h2 class=\"elementor-heading-title elementor-size-default\">Region\u00e1lna rozmanitos\u0165: Transylv\u00e1nia, Moldavsko a Vala\u0161sko<\/h2>\t\t\t\t<\/div>\n\t\t<div class=\"elementor-element elementor-element-cp25cbddf2 e-flex e-con-boxed e-con e-child\" data-id=\"cp25cbddf2\" data-element_type=\"container\" data-e-type=\"container\">\n\t\t\t\t\t<div class=\"e-con-inner\">\n\t\t\t\t<div class=\"elementor-element elementor-element-cp240cdc6c elementor-widget elementor-widget-text-editor\" data-id=\"cp240cdc6c\" data-element_type=\"widget\" data-e-type=\"widget\" data-widget_type=\"text-editor.default\">\n\t\t\t\t\t\t\t\t\t<p>Rumunsko nie je n\u00e1bo\u017eensk\u00fd a folkl\u00f3rne jednotn\u00fd celok. Transylv\u00e1nia (Ardeal), Moldavsko a Vala\u0161sko pre\u0161li vlastn\u00fdm historick\u00fdm v\u00fdvojom s odli\u0161n\u00fdmi susedstvami, formami vl\u00e1dy a zmie\u0161an\u00edm obyvate\u013estva. T\u00e1to rozmanitos\u0165 sa odr\u00e1\u017ea aj v \u013eudovej viere.<\/p>\n<p>V Transylv\u00e1nii \u017eili Rumuni po st\u00e1ro\u010dia ved\u013ea ma\u010farsky hovoriacich Sikulov a transylv\u00e1nsko-sask\u00fdch osadn\u00edkov nemeck\u00e9ho p\u00f4vodu. Vz\u00e1jomn\u00e9 ovplyv\u0148ovanie medzi t\u00fdmito skupinami formovalo miestne mot\u00edvy povier bez toho, aby vznikla jednotn\u00e1 rozpr\u00e1va\u010dsk\u00e1 trad\u00edcia. V Moldavsku a Vala\u0161sku sa naopak vyvinuli vlastn\u00e9 podoby viery v strigoiov a Iele, ktor\u00e9 sa mohli l\u00ed\u0161i\u0165 od \u00fadolia k \u00fadoliu.<\/p>\n<p>Najm\u00e4 v od\u013eahl\u00fdch horsk\u00fdch oblastiach ako Maramure\u0161 alebo Apuse\u0148sk\u00e9 pohorie zostali star\u0161ie pohrebn\u00e9 a ochrann\u00e9 zvyky \u017eiv\u00e9 dlh\u0161ie ako v mestsk\u00fdch centr\u00e1ch. Cestovatelia a etnografi 19. storo\u010dia opisovali tieto kraje opakovane ako \u00fato\u010disk\u00e1 archaick\u00fdch predst\u00e1v, \u010do je hodnotenie, ktor\u00e9 je z dne\u0161n\u00e9ho religionistick\u00e9ho h\u013eadiska potrebn\u00e9 \u010d\u00edta\u0165 s opatrnos\u0165ou, preto\u017ee predpoklad\u00e1 moderniza\u010dn\u00fd sp\u00e1d, ktor\u00fd nie je v\u017edy dok\u00e1zan\u00fd.<\/p>\n<p>V\u0161eobecn\u00e9 v\u00fdroky o rumunskej mytol\u00f3gii preto zastieraj\u00fa region\u00e1lne rozdiely, ktor\u00e9 zost\u00e1vaj\u00fa d\u00f4le\u017eit\u00e9 pre presnej\u0161ie pochopenie.<\/p>\t\t\t\t\t\t\t\t<\/div>\n\t\t\t\t\t<\/div>\n\t\t\t\t<\/div>\n\t\t\t\t\t<\/div>\n\t\t\t\t<\/div>\n\t\t<div class=\"elementor-element elementor-element-cp2b1a3dae e-flex e-con-boxed e-con e-parent\" data-id=\"cp2b1a3dae\" data-element_type=\"container\" data-e-type=\"container\">\n\t\t\t\t\t<div class=\"e-con-inner\">\n\t\t\t\t<div class=\"elementor-element elementor-element-cp282c06ff elementor-widget elementor-widget-heading\" data-id=\"cp282c06ff\" data-element_type=\"widget\" data-e-type=\"widget\" data-widget_type=\"heading.default\">\n\t\t\t\t\t<h2 class=\"elementor-heading-title elementor-size-default\">Kalend\u00e1r duchov: Sf\u00e2ntul Andrei a Rusalii<\/h2>\t\t\t\t<\/div>\n\t\t<div class=\"elementor-element elementor-element-cp228b4522 e-flex e-con-boxed e-con e-child\" data-id=\"cp228b4522\" data-element_type=\"container\" data-e-type=\"container\">\n\t\t\t\t\t<div class=\"e-con-inner\">\n\t\t\t\t<div class=\"elementor-element elementor-element-cp261454c5 elementor-widget elementor-widget-text-editor\" data-id=\"cp261454c5\" data-element_type=\"widget\" data-e-type=\"widget\" data-widget_type=\"text-editor.default\">\n\t\t\t\t\t\t\t\t\t<p>Rumunsk\u00e1 \u013eudov\u00e1 viera zara\u010fuje nebezpe\u010dn\u00e9 \u010dasy duchov do cirkevn\u00e9ho ro\u010dn\u00e9ho kalend\u00e1ra. Noc sv\u00e4t\u00e9ho Andreja z 29. na 30. novembra sa v mnoh\u00fdch regi\u00f3noch pova\u017euje za noc, v ktorej s\u00fa Strigoi a vlci obzvl\u00e1\u0161\u0165 akt\u00edvni; ro\u013en\u00edci preto ve\u0161ali cesnak na dvere a okenn\u00e9 r\u00e1my a zna\u010dili dom\u00e1ce zvierat\u00e1 znakmi z cesnaku.<\/p>\n<p>T\u00fd\u017ede\u0148 okolo Rusalii, ortodoxn\u00fdch Tur\u00edc, sa tradi\u010dne sp\u00e1ja s <a href=\"https:\/\/iwell-guard.com\/sk\/?page_id=158605\">Iele<\/a>; v tomto obdob\u00ed sa m\u00e1 vyh\u00fdba\u0165 ur\u010dit\u00fdm pr\u00e1cam, napr\u00edklad praniu bielizne vonku, aby sa vzdu\u0161n\u00e9 \u017eeny nerozhnevali. Aj noc S\u00e2nziene na konci j\u00fana, rumunsk\u00fd sviatok letn\u00e9ho slnovratu, patr\u00ed medzi za magick\u00e9 pova\u017eovan\u00e9 <span class=\"iwg-fachbegriff\" data-tooltip=\"Dni alebo noci, ktor\u00fdm sa v \u013eudovej viere pripisuj\u00fa osobitn\u00e9, \u010dasto nebezpe\u010dn\u00e9 sily.\" tabindex=\"0\">prahov\u00e9 \u010dasy<\/span> roka.<\/p>\n<p>Tento kalend\u00e1r nebezpe\u010dn\u00fdch noc\u00ed sp\u00e1ja predkres\u0165ansk\u00e9 predstavy o prechodoch medzi ro\u010dn\u00fdmi obdobiami s liturgick\u00fdm cyklom ortodoxnej cirkvi, vzorom, ktor\u00fd sa v podobnej forme vyskytuje aj v in\u00fdch \u010dastiach juhov\u00fdchodnej a strednej Eur\u00f3py.<\/p>\t\t\t\t\t\t\t\t<\/div>\n\t\t\t\t\t<\/div>\n\t\t\t\t<\/div>\n\t\t\t\t\t<\/div>\n\t\t\t\t<\/div>\n\t\t<div class=\"elementor-element elementor-element-cp295547c2 e-flex e-con-boxed e-con e-parent\" data-id=\"cp295547c2\" data-element_type=\"container\" data-e-type=\"container\">\n\t\t\t\t\t<div class=\"e-con-inner\">\n\t\t\t\t<div class=\"elementor-element elementor-element-cp28944fb0 elementor-widget elementor-widget-heading\" data-id=\"cp28944fb0\" data-element_type=\"widget\" data-e-type=\"widget\" data-widget_type=\"heading.default\">\n\t\t\t\t\t<h2 class=\"elementor-heading-title elementor-size-default\">Zdroje: Etnografick\u00e9 zbierky a ter\u00e9nny v\u00fdskum<\/h2>\t\t\t\t<\/div>\n\t\t<div class=\"elementor-element elementor-element-cp23d59da4 e-flex e-con-boxed e-con e-child\" data-id=\"cp23d59da4\" data-element_type=\"container\" data-e-type=\"container\">\n\t\t\t\t\t<div class=\"e-con-inner\">\n\t\t\t\t<div class=\"elementor-element elementor-element-cp2ce157b6 elementor-widget elementor-widget-text-editor\" data-id=\"cp2ce157b6\" data-element_type=\"widget\" data-e-type=\"widget\" data-widget_type=\"text-editor.default\">\n\t\t\t\t\t\t\t\t\t<p>P\u00edsomn\u00e1 trad\u00edcia o rumunskom \u013eudovom n\u00e1bo\u017eenstve poch\u00e1dza v\u00e4\u010d\u0161inou z etnografick\u00fdch zbierok konca 19. a za\u010diatku 20. storo\u010dia. Rumunsk\u00ed folkloristi ako Simion Florea Marian, Tudor Pamfile a Elena Niculi\u021b\u0103-Voronca zaznamen\u00e1vali pr\u00edbehy, obrady a zvyky v dedin\u00e1ch, \u010dasto v priamej spolupr\u00e1ci s miestnymi rozpr\u00e1va\u010dmi.<\/p>\n<p>Mimo Rumunska hojne prij\u00edman\u00fdm zdrojom je \u0161t\u00fadia <em>The Vampire in Roumania<\/em> britskej etnografky Agnes Murgociovej, ktor\u00e1 v roku 1926 na z\u00e1klade vlastn\u00fdch ter\u00e9nnych z\u00e1piskov a rumunsk\u00fdch predch\u00e1dzaj\u00facich pr\u00e1c predstavila vieru v Strigoi anglicky hovoriacemu odborn\u00e9mu publiku. U\u017e v nej systematicky rozli\u0161ovala medzi podmienkami, za ktor\u00fdch sa niekto mohol sta\u0165 Strigoi po\u010das \u017eivota alebo po smrti.<\/p>\n<p>Modern\u00e1 rumunsk\u00e1 etnol\u00f3gia, napr\u00edklad pr\u00e1ce Iona Ghinoiua a Iona Talo\u0219a, zara\u010fuje tieto star\u0161ie zbierky do \u0161ir\u0161ieho r\u00e1mca juhov\u00fdchodoeur\u00f3pskeho ro\u013en\u00edckeho kalend\u00e1ra a kultu mrtvych. Ako pri mnoh\u00fdch \u00fastnych <span class=\"iwg-fachbegriff\" data-tooltip=\"Odovzd\u00e1vanie vedomost\u00ed a pr\u00edbehov cez gener\u00e1cie.\" tabindex=\"0\">trad\u00edci\u00e1ch<\/span> zost\u00e1va stav zdrojov medzerovit\u00fd, region\u00e1lne nejednotn\u00fd a silno ovplyvnen\u00fd perspekt\u00edvou jednotliv\u00fdch zberate\u013eov.<\/p>\t\t\t\t\t\t\t\t<\/div>\n\t\t\t\t\t<\/div>\n\t\t\t\t<\/div>\n\t\t\t\t\t<\/div>\n\t\t\t\t<\/div>\n\t\t<div class=\"elementor-element elementor-element-cp2c009332 e-flex e-con-boxed e-con e-parent\" data-id=\"cp2c009332\" data-element_type=\"container\" data-e-type=\"container\">\n\t\t\t\t\t<div class=\"e-con-inner\">\n\t\t\t\t<div class=\"elementor-element elementor-element-cp225c94da elementor-widget elementor-widget-heading\" data-id=\"cp225c94da\" data-element_type=\"widget\" data-e-type=\"widget\" data-widget_type=\"heading.default\">\n\t\t\t\t\t<h2 class=\"elementor-heading-title elementor-size-default\">Dracula, Vlad \u021aepe\u0219 a rozdelenie m\u00fdtov<\/h2>\t\t\t\t<\/div>\n\t\t<div class=\"elementor-element elementor-element-cp2c7191ab e-flex e-con-boxed e-con e-child\" data-id=\"cp2c7191ab\" data-element_type=\"container\" data-e-type=\"container\">\n\t\t\t\t\t<div class=\"e-con-inner\">\n\t\t\t\t<div class=\"elementor-element elementor-element-cp23f4061d elementor-widget elementor-widget-text-editor\" data-id=\"cp23f4061d\" data-element_type=\"widget\" data-e-type=\"widget\" data-widget_type=\"text-editor.default\">\n\t\t\t\t\t\t\t\t\t<p>M\u00e1lokter\u00e1 postava ovplyvnila medzin\u00e1rodn\u00fd obraz Rumunska tak, ako Dracula, hoci rom\u00e1nov\u00e1 postava je so skuto\u010dnou \u013eudovou trad\u00edciou spojen\u00e1 len vo\u013ene. Bram Stoker nap\u00edsal svoj rom\u00e1n v roku 1897 v Lond\u00fdne, bez toho, aby s\u00e1m nav\u0161t\u00edvil Rumunsko. Ako zdroje mu sl\u00fa\u017eili predov\u0161etk\u00fdm cestopisy, napr\u00edklad od Emily Gerardovej, a star\u0161ia z\u00e1padn\u00e1 vamp\u00edrska literat\u00fara 18. a 19. storo\u010dia.<\/p>\n<p>Meno Dracula sa odvodzuje od historick\u00e9ho vala\u0161sk\u00e9ho vojvodu Vlada III., zvan\u00e9ho Vlad \u021aepe\u0219, Kolopichate\u013e, pod\u013ea jeho povestnej met\u00f3dy popravy. Jeho pr\u00edmenie Dracul sa vz\u0165ahovalo na \u010dlenstvo jeho otca v R\u00e1de draka (latinsky draco), rytierskom r\u00e1de na obranu proti Osmanom, nie na spojenie s up\u00edrmi alebo diablom.<\/p>\n<p>Rumunsk\u00fd <a href=\"https:\/\/iwell-guard.com\/sk\/?page_id=158624\">Strigoi<\/a> z \u00fastnej trad\u00edcie sa v podstatn\u00fdch bodoch l\u00ed\u0161i od z\u00e1padn\u00e9ho up\u00edra popkult\u00fary: nenos\u00ed pl\u00e1\u0161\u0165, p\u00f4vodne sa nemus\u00ed vyh\u00fdba\u0165 kr\u00ed\u017eu ani kostolu, a jeho n\u00e1vrat sa v\u00e4\u010d\u0161inou vysvet\u013euje konkr\u00e9tnymi poru\u0161eniami pohrebn\u00fdch zvykov, nie nadprirodzenou kliatbou aristokratick\u00e9ho p\u00f4vodu.<\/p>\n<p>Z n\u00e1bo\u017eenskovedn\u00e9ho h\u013eadiska sa preto pova\u017euje za d\u00f4le\u017eit\u00e9 rozli\u0161ova\u0165 liter\u00e1rny m\u00fdtus o Draculovi ako samostatn\u00fd jav z\u00e1padnej <span class=\"iwg-fachbegriff\" data-tooltip=\"Odovzd\u00e1vanie vedomost\u00ed a pr\u00edbehov cez gener\u00e1cie.\" tabindex=\"0\">trad\u00edcie<\/span> od skuto\u010dn\u00e9ho rumunsk\u00e9ho \u013eudov\u00e9ho n\u00e1bo\u017eenstva okolo Strigoi a Moroi. Obe trad\u00edcie maj\u00fa vlastn\u00e9 zdroje, vlastn\u00e9 funkcie a vlastn\u00fa hist\u00f3riu vzniku.<\/p>\t\t\t\t\t\t\t\t<\/div>\n\t\t\t\t\t<\/div>\n\t\t\t\t<\/div>\n\t\t\t\t\t<\/div>\n\t\t\t\t<\/div>\n\t\t<div class=\"elementor-element elementor-element-iwgha-sami-sec e-flex e-con-boxed e-con e-parent\" data-id=\"iwgha-sami-sec\" data-element_type=\"container\" data-e-type=\"container\">\n\t\t\t\t\t<div class=\"e-con-inner\">\n\t\t\t\t<div class=\"elementor-element elementor-element-iwgha-sami-h elementor-widget elementor-widget-heading\" data-id=\"iwgha-sami-h\" data-element_type=\"widget\" data-e-type=\"widget\" data-widget_type=\"heading.default\">\n\t\t\t\t\t<h2 class=\"elementor-heading-title elementor-size-default\">Bytosti tejto trad\u00edcie (5)<\/h2>\t\t\t\t<\/div>\n\t\t<div class=\"elementor-element elementor-element-iwgha-sami-gc e-flex e-con-boxed e-con e-parent\" data-id=\"iwgha-sami-gc\" data-element_type=\"container\" data-e-type=\"container\">\n\t\t\t\t\t<div class=\"e-con-inner\">\n\t\t\t\t<div class=\"elementor-element elementor-element-iwgha-sami-grid elementor-widget elementor-widget-text-editor\" data-id=\"iwgha-sami-grid\" data-element_type=\"widget\" data-e-type=\"widget\" data-widget_type=\"text-editor.default\">\n\t\t\t\t\t\t\t\t\t<div class=\"iwg-wesen-grid\"><a class=\"iwg-wesen-card\" href=\"https:\/\/iwell-guard.com\/sk\/muma-padurii\/\" aria-label=\"Muma P\u0103durii\"><div class=\"iwg-wesen-card-imgwrap\"><img decoding=\"async\" src=\"https:\/\/iwell-guard.com\/wp-content\/uploads\/2026\/07\/geister_rumaenisch_muma-padurii-200x300.webp\" alt=\"Muma P\u0103durii\" loading=\"lazy\"><\/div><div class=\"iwg-wesen-card-body\"><div class=\"iwg-wesen-card-name\">Muma P\u0103durii<\/div><div class=\"iwg-wesen-card-arrow\">\u2192 K bytosti<\/div><\/div><\/a><a class=\"iwg-wesen-card\" href=\"https:\/\/iwell-guard.com\/sk\/iele\/\" aria-label=\"Iele\"><div class=\"iwg-wesen-card-imgwrap\"><img decoding=\"async\" src=\"https:\/\/iwell-guard.com\/wp-content\/uploads\/2026\/07\/geister_rumaenisch_iele-200x300.webp\" alt=\"Iele\" loading=\"lazy\"><\/div><div class=\"iwg-wesen-card-body\"><div class=\"iwg-wesen-card-name\">Iele<\/div><div class=\"iwg-wesen-card-arrow\">\u2192 K bytosti<\/div><\/div><\/a><a class=\"iwg-wesen-card\" href=\"https:\/\/iwell-guard.com\/sk\/strigoi\/\" aria-label=\"Strigoi\"><div class=\"iwg-wesen-card-imgwrap\"><img decoding=\"async\" src=\"https:\/\/iwell-guard.com\/wp-content\/uploads\/2026\/07\/daemonen_rumaenisch_strigoi-200x300.webp\" alt=\"Strigoi\" loading=\"lazy\"><\/div><div class=\"iwg-wesen-card-body\"><div class=\"iwg-wesen-card-name\">Strigoi<\/div><div class=\"iwg-wesen-card-arrow\">\u2192 K bytosti<\/div><\/div><\/a><a class=\"iwg-wesen-card\" href=\"https:\/\/iwell-guard.com\/sk\/pricolici\/\" aria-label=\"Pricolici\"><div class=\"iwg-wesen-card-imgwrap\"><img decoding=\"async\" src=\"https:\/\/iwell-guard.com\/wp-content\/uploads\/2026\/07\/daemonen_rumaenisch_pricolici-200x300.webp\" alt=\"Pricolici\" loading=\"lazy\"><\/div><div class=\"iwg-wesen-card-body\"><div class=\"iwg-wesen-card-name\">Pricolici<\/div><div class=\"iwg-wesen-card-arrow\">\u2192 K bytosti<\/div><\/div><\/a><a class=\"iwg-wesen-card\" href=\"https:\/\/iwell-guard.com\/sk\/moroi\/\" aria-label=\"Moroi\"><div class=\"iwg-wesen-card-imgwrap\"><img decoding=\"async\" src=\"https:\/\/iwell-guard.com\/wp-content\/uploads\/2026\/07\/daemonen_rumaenisch_moroi-200x300.webp\" alt=\"Moroi\" loading=\"lazy\"><\/div><div class=\"iwg-wesen-card-body\"><div class=\"iwg-wesen-card-name\">Moroi<\/div><div class=\"iwg-wesen-card-arrow\">\u2192 K bytosti<\/div><\/div><\/a><\/div>\t\t\t\t\t\t\t\t<\/div>\n\t\t\t\t\t<\/div>\n\t\t\t\t<\/div>\n\t\t\t\t\t<\/div>\n\t\t\t\t<\/div>\n\t\t<div class=\"elementor-element elementor-element-iwgkw2-add-sami e-flex e-con-boxed e-con e-parent\" data-id=\"iwgkw2-add-sami\" data-element_type=\"container\" data-e-type=\"container\">\n\t\t\t\t\t<div class=\"e-con-inner\">\n\t\t\t\t<div class=\"elementor-element elementor-element-iwgkw2-add-sami-t elementor-widget elementor-widget-text-editor\" data-id=\"iwgkw2-add-sami-t\" data-element_type=\"widget\" data-e-type=\"widget\" data-widget_type=\"text-editor.default\">\n\t\t\t\t\t\t\t\t\t<p><em>Viera v Strigoi<\/em> a \u0161ir\u0161ia <em>rumunsk\u00e1 \u013eudov\u00e1 viera<\/em> okolo Iele, Muma P\u0103durii a Pricolici sp\u00e1jaj\u00fa kult predkov, pohrebn\u00e9 zvyky a ochrann\u00e9 ritu\u00e1ly do samostatnej ochrannej praxe, ktor\u00e1 mala chr\u00e1ni\u0165 rodiny a dediny pred nemrtvymi a pr\u00edrodn\u00fdmi duchmi.<\/p>\t\t\t\t\t\t\t\t<\/div>\n\t\t\t\t\t<\/div>\n\t\t\t\t<\/div>\n\t\t<div class=\"elementor-element elementor-element-iwgcn-sami-kwd e-flex e-con-boxed e-con e-parent\" data-id=\"iwgcn-sami-kwd\" data-element_type=\"container\" data-e-type=\"container\">\n\t\t\t\t\t<div class=\"e-con-inner\">\n\t\t<div class=\"elementor-element elementor-element-iwgcn-sami-kwd-c e-con-full e-flex e-con e-child\" data-id=\"iwgcn-sami-kwd-c\" data-element_type=\"container\" data-e-type=\"container\">\n\t\t\t\t<div class=\"elementor-element elementor-element-iwgcn-sami-kwdt elementor-widget elementor-widget-text-editor\" data-id=\"iwgcn-sami-kwdt\" data-element_type=\"widget\" data-e-type=\"widget\" data-widget_type=\"text-editor.default\">\n\t\t\t\t\t\t\t\t\t<p><em>S\u00favisiace k\u013e\u00fa\u010dov\u00e9 pojmy: Strigoi Moroi Iele Pricolici Muma Padurii S\u00e2nziene V\u00e2rcolac Transylv\u00e1nia Karpaty Vala\u0161sko.<\/em><\/p>\t\t\t\t\t\t\t\t<\/div>\n\t\t\t\t<\/div>\n\t\t\t\t\t<\/div>\n\t\t\t\t<\/div>\n\t\t<div class=\"elementor-element elementor-element-iwgcn-sami-cc e-flex e-con-boxed e-con e-parent\" data-id=\"iwgcn-sami-cc\" data-element_type=\"container\" data-e-type=\"container\" id=\"iwg-cc-sami\">\n\t\t\t\t\t<div class=\"e-con-inner\">\n\t\t<div class=\"elementor-element elementor-element-iwgcn-sami-ccinner e-flex e-con-boxed e-con e-parent\" data-id=\"iwgcn-sami-ccinner\" data-element_type=\"container\" data-e-type=\"container\" data-settings=\"{&quot;background_background&quot;:&quot;classic&quot;}\">\n\t\t\t\t\t<div class=\"e-con-inner\">\n\t\t\t\t<div class=\"elementor-element elementor-element-iwgcn-sami-cch elementor-widget elementor-widget-heading\" data-id=\"iwgcn-sami-cch\" data-element_type=\"widget\" data-e-type=\"widget\" data-widget_type=\"heading.default\">\n\t\t\t\t\t<h2 class=\"elementor-heading-title elementor-size-default\">Ochrann\u00e9 predmety v tejto kult\u00farnej trad\u00edcii<\/h2>\t\t\t\t<\/div>\n\t\t\t\t<div class=\"elementor-element elementor-element-iwgcn-sami-cct elementor-widget elementor-widget-text-editor\" data-id=\"iwgcn-sami-cct\" data-element_type=\"widget\" data-e-type=\"widget\" data-widget_type=\"text-editor.default\">\n\t\t\t\t\t\t\t\t\t<p>Rumunsk\u00e1 trad\u00edcia pozn\u00e1 <a href=\"https:\/\/iwell-guard.com\/sk\/cesnak-ako-ochrana\/\">cesnak<\/a> na dver\u00e1ch a okenn\u00fdch r\u00e1moch, <a href=\"https:\/\/iwell-guard.com\/sk\/zelezo-a-chladne-zelezo\/\">\u017eelezn\u00e9<\/a> nechty a no\u017ee v rakve, posv\u00e4ten\u00e9 trnkov\u00e9 a hlohov\u00e9 vetvi\u010dky, ako aj vyzv\u00e1\u0148anie <a href=\"https:\/\/iwell-guard.com\/sk\/zvony-a-rolnicky-ako-hlucna-ochrana\/\">kostoln\u00fdch zvonov<\/a> na ochranu pred Strigoi a zl\u00fdmi duchmi; prenosn\u00e9 osobn\u00e9 amulety s\u00fa v \u013eudovej trad\u00edcii dolo\u017een\u00e9 zriedkavej\u0161ie ako ochrana domu a hrobu. Kult\u00farne prierezov\u00fd preh\u013ead pon\u00faka <a href=\"https:\/\/iwell-guard.com\/sk\/schutz-kompas\/\">Kompas ochrany<\/a>.<\/p>\n<div data-nosnippet=\"true\"><p>iWell Guard sa zara\u010fuje do tejto kult\u00farno-historickej l\u00ednie prenosn\u00fdch ochrann\u00fdch predmetov, v s\u00fa\u010dasnej materi\u00e1lovej architekt\u00fare, vyroben\u00fd v Nemecku. 41 vrstiev, skuto\u010dn\u00e9 zlato, platina, striebro. 30-d\u0148ov\u00e1 lehota na vr\u00e1tenie tovaru.<\/p><\/div>\t\t\t\t\t\t\t\t<\/div>\n\t\t\t\t<div class=\"elementor-element elementor-element-iwgcn-sami-ccb iwg-cc-button iwg-cc-cta-2026-05-13 elementor-widget elementor-widget-jet-button\" data-id=\"iwgcn-sami-ccb\" data-element_type=\"widget\" data-e-type=\"widget\" data-widget_type=\"jet-button.default\">\n\t\t\t\t<div class=\"elementor-widget-container\">\n\t\t\t\t\t<div class=\"elementor-jet-button jet-elements\"><div class=\"jet-button__container\"><a class=\"jet-button__instance jet-button__instance--icon-left hover-effect-1\" href=\"\/ueber-iwell-guard\/?utm_source=iwell-guard.com&amp;utm_medium=info-box&amp;utm_campaign=kultur-tradition\"><div class=\"jet-button__plane jet-button__plane-normal\"><\/div><div class=\"jet-button__plane jet-button__plane-hover\"><\/div><div class=\"jet-button__state jet-button__state-normal\"><span class=\"jet-button__label\">Viac o iWell Guard<\/span><\/div><div class=\"jet-button__state jet-button__state-hover\"><span class=\"jet-button__label\">Viac o iWell Guard<\/span><\/div><\/a><\/div><\/div><style>.elementor-element.elementor-element-iwgcn-sami-ccb .jet-button__instance{width:320px;height:56px;}.elementor-element.elementor-element-iwgcn-sami-ccb .jet-button__state-normal .jet-button__label{text-align:center;margin:0px 0px 0px 0px;color:#1a1b20;font-family:Montserrat,sans-serif;font-size:13px;font-weight:400;letter-spacing:4px;line-height:1.714em;text-transform:uppercase;}.elementor-element.elementor-element-iwgcn-sami-ccb .jet-button__state-hover .jet-button__label{text-align:center;margin:0px 0px 0px 0px;color:#FECC76;font-family:Montserrat,sans-serif;font-size:13px;font-weight:400;letter-spacing:4px;line-height:1.714em;text-transform:uppercase;}.elementor-element.elementor-element-iwgcn-sami-ccb .jet-button__plane-normal{background-color:#FECC76;border-style:solid;border-color:#C99540;border-width:2px 2px 2px 2px;}.elementor-element.elementor-element-iwgcn-sami-ccb .jet-button__plane-hover{background-color:rgba(0,0,0,0.55);border-style:solid;border-color:#FECC76;border-width:2px 2px 2px 2px;}<\/style>\t\t\t\t<\/div>\n\t\t\t\t<\/div>\n\t\t\t\t<div class=\"elementor-element elementor-element-iwgcn-sami-ccd elementor-widget elementor-widget-text-editor\" data-id=\"iwgcn-sami-ccd\" data-element_type=\"widget\" data-e-type=\"widget\" data-widget_type=\"text-editor.default\">\n\t\t\t\t\t\t\t\t\t<div data-nosnippet=\"true\"><p style=\"text-align:center;font-size:13px;opacity:0.7;margin-top:14px\" data-nosnippet=\"true\">Osobn\u00e9 sk\u00fasenosti sa m\u00f4\u017eu l\u00ed\u0161i\u0165. Nie je to zdravotn\u00edcka pom\u00f4cka. \u017diadny pr\u00eds\u013eub lie\u010denia.<\/p><\/div>\t\t\t\t\t\t\t\t<\/div>\n\t\t\t\t\t<\/div>\n\t\t\t\t<\/div>\n\t\t\t\t\t<\/div>\n\t\t\t\t<\/div>\n\t\t<div class=\"elementor-element elementor-element-iwgcn-sami-disc e-flex e-con-boxed e-con e-parent\" data-id=\"iwgcn-sami-disc\" data-element_type=\"container\" data-e-type=\"container\">\n\t\t\t\t\t<div class=\"e-con-inner\">\n\t\t\t\t<div class=\"elementor-element elementor-element-iwgcn-sami-discw elementor-widget elementor-widget-html\" data-id=\"iwgcn-sami-discw\" data-element_type=\"widget\" data-e-type=\"widget\" data-widget_type=\"html.default\">\n\t\t\t\t\t<footer data-nosnippet=\"true\" class=\"iwg-disclaimer-block\"><p data-nosnippet=\"true\">iWell Guard <strong>nie je zdravotn\u00edcka pom\u00f4cka<\/strong> a nenahr\u00e1dza lek\u00e1rske ani psychoterapeutick\u00e9 o\u0161etrenie. Religionistick\u00fd obsah predstavuje kult\u00farno-historick\u00e9 zaradenie, nie odpor\u00fa\u010danie duchovnej praxe.<\/p><\/footer>\t\t\t\t<\/div>\n\t\t\t\t\t<\/div>\n\t\t\t\t<\/div>\n\t\t\t\t<\/div>\n\t\t","protected":false},"excerpt":{"rendered":"","protected":false},"author":3,"featured_media":20175,"parent":0,"menu_order":0,"comment_status":"closed","ping_status":"closed","template":"elementor_header_footer","meta":{"_yoast_wpseo_focuskw":"rumunsk\u00e1 mytol\u00f3gia","_yoast_wpseo_title":"Rumunsk\u00e1 mytol\u00f3gia: Strigoi, Iele a Moroi","_yoast_wpseo_metadesc":"Strigoi, Moroi, Iele a Pricolici: rumunsk\u00e1 \u013eudov\u00e1 trad\u00edcia vysvetlen\u00e1 religionistick\u00fdm poh\u013eadom, s vymedzen\u00edm vo\u010di liter\u00e1rnemu m\u00fdtu o Drakulovi.","_yoast_wpseo_meta-robots-noindex":"","_yoast_wpseo_canonical":"","_angie_page":false,"gefaehrdungsstufe":"","wesen_kultur":"","wesen_klasse":"","footnotes":""},"categories":[],"class_list":["post-158851","page","type-page","status-publish","has-post-thumbnail","hentry"],"yoast_head":"<!-- This site is optimized with the Yoast SEO Premium plugin v27.7 (Yoast SEO v28.3) - https:\/\/yoast.com\/product\/yoast-seo-premium-wordpress\/ -->\n<title>Rumunsk\u00e1 mytol\u00f3gia: Strigoi, Iele a Moroi<\/title>\n<meta name=\"description\" content=\"Strigoi, Moroi, Iele a Pricolici: rumunsk\u00e1 \u013eudov\u00e1 trad\u00edcia vysvetlen\u00e1 religionistick\u00fdm poh\u013eadom, s vymedzen\u00edm vo\u010di liter\u00e1rnemu m\u00fdtu o Drakulovi.\" \/>\n<meta name=\"robots\" content=\"index, follow, max-snippet:-1, max-image-preview:large, max-video-preview:-1\" \/>\n<link rel=\"canonical\" href=\"https:\/\/iwell-guard.com\/sk\/rumunska-mytologia\/\" \/>\n<meta property=\"og:locale\" content=\"sk_SK\" \/>\n<meta property=\"og:type\" content=\"article\" \/>\n<meta property=\"og:title\" content=\"Rumunsk\u00e1 mytol\u00f3gia\" \/>\n<meta property=\"og:description\" content=\"Strigoi, Moroi, Iele a Pricolici: rumunsk\u00e1 \u013eudov\u00e1 trad\u00edcia vysvetlen\u00e1 religionistick\u00fdm poh\u013eadom, s vymedzen\u00edm vo\u010di liter\u00e1rnemu m\u00fdtu o Drakulovi.\" \/>\n<meta property=\"og:url\" content=\"https:\/\/iwell-guard.com\/sk\/rumunska-mytologia\/\" \/>\n<meta property=\"og:site_name\" content=\"iWell Guard\" \/>\n<meta property=\"article:modified_time\" content=\"2026-09-04T23:13:29+00:00\" \/>\n<meta property=\"og:image\" content=\"https:\/\/iwell-guard.com\/wp-content\/uploads\/2026\/07\/daemonen_rumaenisch_strigoi.webp\" \/>\n\t<meta property=\"og:image:width\" content=\"1024\" \/>\n\t<meta property=\"og:image:height\" content=\"1536\" \/>\n\t<meta property=\"og:image:type\" content=\"image\/webp\" \/>\n<meta name=\"twitter:card\" content=\"summary_large_image\" \/>\n<script type=\"application\/ld+json\" class=\"yoast-schema-graph\">{\"@context\":\"https:\\\/\\\/schema.org\",\"@graph\":[{\"@type\":\"WebPage\",\"@id\":\"https:\\\/\\\/iwell-guard.com\\\/sk\\\/rumunska-mytologia\\\/\",\"url\":\"https:\\\/\\\/iwell-guard.com\\\/sk\\\/rumunska-mytologia\\\/\",\"name\":\"Rumunsk\u00e1 mytol\u00f3gia: Strigoi, Iele a Moroi\",\"isPartOf\":{\"@id\":\"https:\\\/\\\/iwell-guard.com\\\/sk\\\/#website\"},\"primaryImageOfPage\":{\"@id\":\"https:\\\/\\\/iwell-guard.com\\\/sk\\\/rumunska-mytologia\\\/#primaryimage\"},\"image\":{\"@id\":\"https:\\\/\\\/iwell-guard.com\\\/sk\\\/rumunska-mytologia\\\/#primaryimage\"},\"thumbnailUrl\":\"https:\\\/\\\/iwell-guard.com\\\/wp-content\\\/uploads\\\/2026\\\/07\\\/daemonen_rumaenisch_strigoi.webp\",\"datePublished\":\"2026-09-04T22:36:02+00:00\",\"dateModified\":\"2026-09-04T23:13:29+00:00\",\"description\":\"Strigoi, Moroi, Iele a Pricolici: rumunsk\u00e1 \u013eudov\u00e1 trad\u00edcia vysvetlen\u00e1 religionistick\u00fdm poh\u013eadom, s vymedzen\u00edm vo\u010di liter\u00e1rnemu m\u00fdtu o Drakulovi.\",\"breadcrumb\":{\"@id\":\"https:\\\/\\\/iwell-guard.com\\\/sk\\\/rumunska-mytologia\\\/#breadcrumb\"},\"inLanguage\":\"sk-SK\",\"potentialAction\":[{\"@type\":\"ReadAction\",\"target\":[\"https:\\\/\\\/iwell-guard.com\\\/sk\\\/rumunska-mytologia\\\/\"]}]},{\"@type\":\"ImageObject\",\"inLanguage\":\"sk-SK\",\"@id\":\"https:\\\/\\\/iwell-guard.com\\\/sk\\\/rumunska-mytologia\\\/#primaryimage\",\"url\":\"https:\\\/\\\/iwell-guard.com\\\/wp-content\\\/uploads\\\/2026\\\/07\\\/daemonen_rumaenisch_strigoi.webp\",\"contentUrl\":\"https:\\\/\\\/iwell-guard.com\\\/wp-content\\\/uploads\\\/2026\\\/07\\\/daemonen_rumaenisch_strigoi.webp\",\"width\":1024,\"height\":1536,\"caption\":\"Strigoi, d\u00e9mon rumunskej trad\u00edcie\"},{\"@type\":\"BreadcrumbList\",\"@id\":\"https:\\\/\\\/iwell-guard.com\\\/sk\\\/rumunska-mytologia\\\/#breadcrumb\",\"itemListElement\":[{\"@type\":\"ListItem\",\"position\":1,\"name\":\"Start\",\"item\":\"https:\\\/\\\/iwell-guard.com\\\/sk\\\/?page_id=157572\"},{\"@type\":\"ListItem\",\"position\":2,\"name\":\"Rumunsk\u00e1 mytol\u00f3gia\"}]},{\"@type\":\"WebSite\",\"@id\":\"https:\\\/\\\/iwell-guard.com\\\/sk\\\/#website\",\"url\":\"https:\\\/\\\/iwell-guard.com\\\/sk\\\/\",\"name\":\"iWell Guard\",\"description\":\"Schutz vor dunklen Einfl\u00fcssen\",\"publisher\":{\"@id\":\"https:\\\/\\\/iwell-guard.com\\\/sk\\\/#organization\"},\"potentialAction\":[{\"@type\":\"SearchAction\",\"target\":{\"@type\":\"EntryPoint\",\"urlTemplate\":\"https:\\\/\\\/iwell-guard.com\\\/sk\\\/?s={search_term_string}\"},\"query-input\":{\"@type\":\"PropertyValueSpecification\",\"valueRequired\":true,\"valueName\":\"search_term_string\"}}],\"inLanguage\":\"sk-SK\"},{\"@type\":\"Organization\",\"@id\":\"https:\\\/\\\/iwell-guard.com\\\/sk\\\/#organization\",\"name\":\"Ittermann electronic GmbH\",\"url\":\"https:\\\/\\\/iwell-guard.com\\\/sk\\\/\",\"logo\":{\"@type\":\"ImageObject\",\"inLanguage\":\"sk-SK\",\"@id\":\"https:\\\/\\\/iwell-guard.com\\\/sk\\\/#\\\/schema\\\/logo\\\/image\\\/\",\"url\":\"https:\\\/\\\/iwell-guard.com\\\/wp-content\\\/uploads\\\/2026\\\/05\\\/Ittermann-Logo-1182x237-1.png\",\"contentUrl\":\"https:\\\/\\\/iwell-guard.com\\\/wp-content\\\/uploads\\\/2026\\\/05\\\/Ittermann-Logo-1182x237-1.png\",\"width\":1182,\"height\":237,\"caption\":\"Ittermann electronic GmbH\"},\"image\":{\"@id\":\"https:\\\/\\\/iwell-guard.com\\\/sk\\\/#\\\/schema\\\/logo\\\/image\\\/\"},\"sameAs\":[\"https:\\\/\\\/pantip.com\\\/profile\\\/9367242\",\"https:\\\/\\\/micro.blog\\\/iwellguard\",\"https:\\\/\\\/www.diggerslist.com\\\/iwellguard\\\/about\",\"https:\\\/\\\/skitterphoto.com\\\/photographers\\\/2870314\\\/iwell-guard\",\"https:\\\/\\\/iwellguard.wordpress.com\\\/2026\\\/06\\\/06\\\/iwell-guard\\\/\",\"https:\\\/\\\/hub.docker.com\\\/u\\\/iwellguard\",\"https:\\\/\\\/www.pinterest.com\\\/iwellguard\\\/\",\"https:\\\/\\\/bit.ly\\\/m\\\/iwellguard\",\"https:\\\/\\\/entre-vos-mains.alsace.eu\\\/profiles\\\/iwellguard\\\/activity\",\"https:\\\/\\\/gravatar.com\\\/reallybeded8fd34\",\"https:\\\/\\\/naijamatta.com\\\/iwellguard\",\"https:\\\/\\\/www.goodreads.com\\\/iwellguard\",\"https:\\\/\\\/profile.hatena.ne.jp\\\/iwellguard\\\/\",\"https:\\\/\\\/experiment.com\\\/users\\\/iwellguard\",\"https:\\\/\\\/wakelet.com\\\/@iWellGuard82270\",\"https:\\\/\\\/www.chordie.com\\\/forum\\\/profile.php?id=2555664\",\"https:\\\/\\\/www.instapaper.com\\\/p\\\/17757966\",\"https:\\\/\\\/www.mapleprimes.com\\\/users\\\/iwellguard\",\"https:\\\/\\\/businesslistingplus.com\\\/profile\\\/iwell-guard\\\/\",\"https:\\\/\\\/telegra.ph\\\/iWell-Guard-06-06\",\"https:\\\/\\\/pbase.com\\\/iwellguard\\\/iwellguard\",\"https:\\\/\\\/b.hatena.ne.jp\\\/iwellguard\\\/20260607#bookmark-4788405196491818882\",\"https:\\\/\\\/fliphtml5.com\\\/home\\\/iwellguard\",\"https:\\\/\\\/anyflip.com\\\/homepage\\\/cmiwl#About\",\"https:\\\/\\\/transfur.com\\\/Users\\\/iwellguard\",\"http:\\\/\\\/delphi.larsbo.org\\\/user\\\/iwellguard\",\"https:\\\/\\\/jobs.lajobsportal.org\\\/profiles\\\/8380803-iwell-guard\",\"https:\\\/\\\/md.chaosdorf.de\\\/s\\\/jfbe5SBdJD\",\"https:\\\/\\\/www.lingvolive.com\\\/en-us\\\/profile\\\/9ecaeaca-ce11-4e51-9e71-01d55e2bff36\\\/translations\",\"https:\\\/\\\/www.fitday.com\\\/fitness\\\/forums\\\/members\\\/iwellguard.html\",\"https:\\\/\\\/www.mymeetbook.com\\\/iwellguard\",\"https:\\\/\\\/pxhere.com\\\/en\\\/photographer-me\\\/5040798\",\"https:\\\/\\\/disqus.com\\\/by\\\/iwellguard\\\/about\\\/\",\"https:\\\/\\\/pastelink.net\\\/hjwciqwq\",\"https:\\\/\\\/pubhtml5.com\\\/homepage\\\/scjhn\\\/\",\"https:\\\/\\\/www.bitchute.com\\\/channel\\\/2O2eOKzNqujT\",\"https:\\\/\\\/audiomack.com\\\/iwellguard\"]}]}<\/script>\n<!-- \/ Yoast SEO Premium plugin. -->","yoast_head_json":{"title":"Rumunsk\u00e1 mytol\u00f3gia: Strigoi, Iele a Moroi","description":"Strigoi, Moroi, Iele a Pricolici: rumunsk\u00e1 \u013eudov\u00e1 trad\u00edcia vysvetlen\u00e1 religionistick\u00fdm poh\u013eadom, s vymedzen\u00edm vo\u010di liter\u00e1rnemu m\u00fdtu o Drakulovi.","robots":{"index":"index","follow":"follow","max-snippet":"max-snippet:-1","max-image-preview":"max-image-preview:large","max-video-preview":"max-video-preview:-1"},"canonical":"https:\/\/iwell-guard.com\/sk\/rumunska-mytologia\/","og_locale":"sk_SK","og_type":"article","og_title":"Rumunsk\u00e1 mytol\u00f3gia","og_description":"Strigoi, Moroi, Iele a Pricolici: rumunsk\u00e1 \u013eudov\u00e1 trad\u00edcia vysvetlen\u00e1 religionistick\u00fdm poh\u013eadom, s vymedzen\u00edm vo\u010di liter\u00e1rnemu m\u00fdtu o Drakulovi.","og_url":"https:\/\/iwell-guard.com\/sk\/rumunska-mytologia\/","og_site_name":"iWell Guard","article_modified_time":"2026-09-04T23:13:29+00:00","og_image":[{"width":1024,"height":1536,"url":"https:\/\/iwell-guard.com\/wp-content\/uploads\/2026\/07\/daemonen_rumaenisch_strigoi.webp","type":"image\/webp"}],"twitter_card":"summary_large_image","schema":{"@context":"https:\/\/schema.org","@graph":[{"@type":"WebPage","@id":"https:\/\/iwell-guard.com\/sk\/rumunska-mytologia\/","url":"https:\/\/iwell-guard.com\/sk\/rumunska-mytologia\/","name":"Rumunsk\u00e1 mytol\u00f3gia: Strigoi, Iele a Moroi","isPartOf":{"@id":"https:\/\/iwell-guard.com\/sk\/#website"},"primaryImageOfPage":{"@id":"https:\/\/iwell-guard.com\/sk\/rumunska-mytologia\/#primaryimage"},"image":{"@id":"https:\/\/iwell-guard.com\/sk\/rumunska-mytologia\/#primaryimage"},"thumbnailUrl":"https:\/\/iwell-guard.com\/wp-content\/uploads\/2026\/07\/daemonen_rumaenisch_strigoi.webp","datePublished":"2026-09-04T22:36:02+00:00","dateModified":"2026-09-04T23:13:29+00:00","description":"Strigoi, Moroi, Iele a Pricolici: rumunsk\u00e1 \u013eudov\u00e1 trad\u00edcia vysvetlen\u00e1 religionistick\u00fdm poh\u013eadom, s vymedzen\u00edm vo\u010di liter\u00e1rnemu m\u00fdtu o Drakulovi.","breadcrumb":{"@id":"https:\/\/iwell-guard.com\/sk\/rumunska-mytologia\/#breadcrumb"},"inLanguage":"sk-SK","potentialAction":[{"@type":"ReadAction","target":["https:\/\/iwell-guard.com\/sk\/rumunska-mytologia\/"]}]},{"@type":"ImageObject","inLanguage":"sk-SK","@id":"https:\/\/iwell-guard.com\/sk\/rumunska-mytologia\/#primaryimage","url":"https:\/\/iwell-guard.com\/wp-content\/uploads\/2026\/07\/daemonen_rumaenisch_strigoi.webp","contentUrl":"https:\/\/iwell-guard.com\/wp-content\/uploads\/2026\/07\/daemonen_rumaenisch_strigoi.webp","width":1024,"height":1536,"caption":"Strigoi, d\u00e9mon rumunskej trad\u00edcie"},{"@type":"BreadcrumbList","@id":"https:\/\/iwell-guard.com\/sk\/rumunska-mytologia\/#breadcrumb","itemListElement":[{"@type":"ListItem","position":1,"name":"Start","item":"https:\/\/iwell-guard.com\/sk\/?page_id=157572"},{"@type":"ListItem","position":2,"name":"Rumunsk\u00e1 mytol\u00f3gia"}]},{"@type":"WebSite","@id":"https:\/\/iwell-guard.com\/sk\/#website","url":"https:\/\/iwell-guard.com\/sk\/","name":"iWell Guard","description":"Schutz vor dunklen Einfl\u00fcssen","publisher":{"@id":"https:\/\/iwell-guard.com\/sk\/#organization"},"potentialAction":[{"@type":"SearchAction","target":{"@type":"EntryPoint","urlTemplate":"https:\/\/iwell-guard.com\/sk\/?s={search_term_string}"},"query-input":{"@type":"PropertyValueSpecification","valueRequired":true,"valueName":"search_term_string"}}],"inLanguage":"sk-SK"},{"@type":"Organization","@id":"https:\/\/iwell-guard.com\/sk\/#organization","name":"Ittermann electronic GmbH","url":"https:\/\/iwell-guard.com\/sk\/","logo":{"@type":"ImageObject","inLanguage":"sk-SK","@id":"https:\/\/iwell-guard.com\/sk\/#\/schema\/logo\/image\/","url":"https:\/\/iwell-guard.com\/wp-content\/uploads\/2026\/05\/Ittermann-Logo-1182x237-1.png","contentUrl":"https:\/\/iwell-guard.com\/wp-content\/uploads\/2026\/05\/Ittermann-Logo-1182x237-1.png","width":1182,"height":237,"caption":"Ittermann electronic GmbH"},"image":{"@id":"https:\/\/iwell-guard.com\/sk\/#\/schema\/logo\/image\/"},"sameAs":["https:\/\/pantip.com\/profile\/9367242","https:\/\/micro.blog\/iwellguard","https:\/\/www.diggerslist.com\/iwellguard\/about","https:\/\/skitterphoto.com\/photographers\/2870314\/iwell-guard","https:\/\/iwellguard.wordpress.com\/2026\/06\/06\/iwell-guard\/","https:\/\/hub.docker.com\/u\/iwellguard","https:\/\/www.pinterest.com\/iwellguard\/","https:\/\/bit.ly\/m\/iwellguard","https:\/\/entre-vos-mains.alsace.eu\/profiles\/iwellguard\/activity","https:\/\/gravatar.com\/reallybeded8fd34","https:\/\/naijamatta.com\/iwellguard","https:\/\/www.goodreads.com\/iwellguard","https:\/\/profile.hatena.ne.jp\/iwellguard\/","https:\/\/experiment.com\/users\/iwellguard","https:\/\/wakelet.com\/@iWellGuard82270","https:\/\/www.chordie.com\/forum\/profile.php?id=2555664","https:\/\/www.instapaper.com\/p\/17757966","https:\/\/www.mapleprimes.com\/users\/iwellguard","https:\/\/businesslistingplus.com\/profile\/iwell-guard\/","https:\/\/telegra.ph\/iWell-Guard-06-06","https:\/\/pbase.com\/iwellguard\/iwellguard","https:\/\/b.hatena.ne.jp\/iwellguard\/20260607#bookmark-4788405196491818882","https:\/\/fliphtml5.com\/home\/iwellguard","https:\/\/anyflip.com\/homepage\/cmiwl#About","https:\/\/transfur.com\/Users\/iwellguard","http:\/\/delphi.larsbo.org\/user\/iwellguard","https:\/\/jobs.lajobsportal.org\/profiles\/8380803-iwell-guard","https:\/\/md.chaosdorf.de\/s\/jfbe5SBdJD","https:\/\/www.lingvolive.com\/en-us\/profile\/9ecaeaca-ce11-4e51-9e71-01d55e2bff36\/translations","https:\/\/www.fitday.com\/fitness\/forums\/members\/iwellguard.html","https:\/\/www.mymeetbook.com\/iwellguard","https:\/\/pxhere.com\/en\/photographer-me\/5040798","https:\/\/disqus.com\/by\/iwellguard\/about\/","https:\/\/pastelink.net\/hjwciqwq","https:\/\/pubhtml5.com\/homepage\/scjhn\/","https:\/\/www.bitchute.com\/channel\/2O2eOKzNqujT","https:\/\/audiomack.com\/iwellguard"]}]}},"_links":{"self":[{"href":"https:\/\/iwell-guard.com\/sk\/wp-json\/wp\/v2\/pages\/158851","targetHints":{"allow":["GET"]}}],"collection":[{"href":"https:\/\/iwell-guard.com\/sk\/wp-json\/wp\/v2\/pages"}],"about":[{"href":"https:\/\/iwell-guard.com\/sk\/wp-json\/wp\/v2\/types\/page"}],"author":[{"embeddable":true,"href":"https:\/\/iwell-guard.com\/sk\/wp-json\/wp\/v2\/users\/3"}],"replies":[{"embeddable":true,"href":"https:\/\/iwell-guard.com\/sk\/wp-json\/wp\/v2\/comments?post=158851"}],"version-history":[{"count":0,"href":"https:\/\/iwell-guard.com\/sk\/wp-json\/wp\/v2\/pages\/158851\/revisions"}],"wp:featuredmedia":[{"embeddable":true,"href":"https:\/\/iwell-guard.com\/sk\/wp-json\/wp\/v2\/media\/20175"}],"wp:attachment":[{"href":"https:\/\/iwell-guard.com\/sk\/wp-json\/wp\/v2\/media?parent=158851"}],"wp:term":[{"taxonomy":"category","embeddable":true,"href":"https:\/\/iwell-guard.com\/sk\/wp-json\/wp\/v2\/categories?post=158851"}],"curies":[{"name":"wp","href":"https:\/\/api.w.org\/{rel}","templated":true}]}}