{"id":158848,"date":"2026-09-04T22:36:00","date_gmt":"2026-09-04T22:36:00","guid":{"rendered":"https:\/\/iwell-guard.com\/?page_id=158848"},"modified":"2026-09-04T23:13:25","modified_gmt":"2026-09-04T23:13:25","slug":"baltska-mytologia","status":"publish","type":"page","link":"https:\/\/iwell-guard.com\/sk\/baltska-mytologia\/","title":{"rendered":"Baltsk\u00e1 mytol\u00f3gia"},"content":{"rendered":"\t\t<div data-elementor-type=\"wp-page\" data-elementor-id=\"158848\" class=\"elementor elementor-158848 elementor-20568 elementor-bc-flex-widget\" data-elementor-post-type=\"page\">\n\t\t\t\t<div class=\"elementor-element elementor-element-iwgcn-sami-hero iwg-kultur-hero e-flex e-con-boxed e-con e-parent\" data-id=\"iwgcn-sami-hero\" data-element_type=\"container\" data-e-type=\"container\">\n\t\t\t\t\t<div class=\"e-con-inner\">\n\t\t<div class=\"elementor-element elementor-element-iwgcn-sami-hl iwg-kultur-hero-left e-flex e-con-boxed e-con e-child\" data-id=\"iwgcn-sami-hl\" data-element_type=\"container\" data-e-type=\"container\">\n\t\t\t\t\t<div class=\"e-con-inner\">\n\t\t\t\t<div class=\"elementor-element elementor-element-iwgcn-sami-h1 elementor-widget elementor-widget-heading\" data-id=\"iwgcn-sami-h1\" data-element_type=\"widget\" data-e-type=\"widget\" data-widget_type=\"heading.default\">\n\t\t\t\t\t<h1 class=\"elementor-heading-title elementor-size-default\">Baltsk\u00ed bohovia, Perk\u016bnas a mytol\u00f3gia Litvy a Loty\u0161ska<\/h1>\t\t\t\t<\/div>\n\t\t<div class=\"elementor-element elementor-element-iwgcn-sami-leadc e-con-full e-flex e-con e-child\" data-id=\"iwgcn-sami-leadc\" data-element_type=\"container\" data-e-type=\"container\">\n\t\t\t\t<div class=\"elementor-element elementor-element-iwgcn-sami-lead elementor-widget elementor-widget-text-editor\" data-id=\"iwgcn-sami-lead\" data-element_type=\"widget\" data-e-type=\"widget\" data-widget_type=\"text-editor.default\">\n\t\t\t\t\t\t\t\t\t<p>Balti, Litovci a Loty\u0161i, \u017eij\u00faci na \u00fazem\u00ed dne\u0161nej Litvy a Loty\u0161ska, si v\u010faka kristianiz\u00e1cii dokon\u010denej a\u017e v roku 1387, a na \u00fazem\u00ed \u017demaitije dokonca a\u017e v roku 1413, zachovali najdlh\u0161ie predkres\u0165ansk\u00fa n\u00e1bo\u017eensk\u00fa trad\u00edciu v Eur\u00f3pe. \u013dudov\u00e9 piesne zn\u00e1me ako dainy, kult dom\u00e1ceho oh\u0148a okolo bohyne Gabija a uctievanie dom\u00e1ceho hada \u017daltys tvoria samostatn\u00fa, nezvy\u010dajne archaick\u00fa indoeur\u00f3psku vrstvu n\u00e1bo\u017eenstva.<\/p>\n<p class=\"iwg-kwfix\">Baltsk\u00fd svet bohov je \u00fazko spojen\u00fd s domom, ohniskom a silami krajiny.<\/p>\t\t\t\t\t\t\t\t<\/div>\n\t\t\t\t<\/div>\n\t\t\t\t\t<\/div>\n\t\t\t\t<\/div>\n\t\t<div class=\"elementor-element elementor-element-iwgcn-sami-hr iwg-kultur-hero-right e-flex e-con-boxed e-con e-child\" data-id=\"iwgcn-sami-hr\" data-element_type=\"container\" data-e-type=\"container\">\n\t\t\t\t\t<div class=\"e-con-inner\">\n\t\t\t\t<div class=\"elementor-element elementor-element-iwgcn-sami-himg iwg-hero-image elementor-widget elementor-widget-image\" data-id=\"iwgcn-sami-himg\" data-element_type=\"widget\" data-e-type=\"widget\" data-widget_type=\"image.default\">\n\t\t\t\t\t\t\t\t\t\t\t\t\t\t\t<img fetchpriority=\"high\" decoding=\"async\" width=\"683\" height=\"1024\" src=\"https:\/\/iwell-guard.com\/wp-content\/uploads\/2026\/05\/goetter_sami_beaivi-683x1024.webp\" class=\"attachment-large size-large wp-image-159761\" alt=\"Beaivi \u2013 bohovia zo s\u00e1mskej trad\u00edcie, historicko-ilustra\u010dn\u00e9 zobrazenie\" srcset=\"https:\/\/iwell-guard.com\/wp-content\/uploads\/2026\/05\/goetter_sami_beaivi-683x1024.webp 683w, https:\/\/iwell-guard.com\/wp-content\/uploads\/2026\/05\/goetter_sami_beaivi-200x300.webp 200w, https:\/\/iwell-guard.com\/wp-content\/uploads\/2026\/05\/goetter_sami_beaivi-768x1152.webp 768w, https:\/\/iwell-guard.com\/wp-content\/uploads\/2026\/05\/goetter_sami_beaivi.webp 1024w\" sizes=\"(max-width: 683px) 100vw, 683px\" \/>\t\t\t\t\t\t\t\t\t\t\t\t\t\t\t<\/div>\n\t\t\t\t\t<\/div>\n\t\t\t\t<\/div>\n\t\t\t\t\t<\/div>\n\t\t\t\t<\/div>\n\t\t\t\t<section class=\"elementor-section elementor-top-section elementor-element elementor-element-sec-iwgcomp-sami elementor-section-boxed elementor-section-height-default elementor-section-height-default\" data-id=\"sec-iwgcomp-sami\" data-element_type=\"section\" data-e-type=\"section\">\n\t\t\t\t\t\t<div class=\"elementor-container elementor-column-gap-default\">\n\t\t\t\t\t<div class=\"elementor-column elementor-col-100 elementor-top-column elementor-element elementor-element-col-iwgcomp-sami\" data-id=\"col-iwgcomp-sami\" data-element_type=\"column\" data-e-type=\"column\">\n\t\t\t<div class=\"elementor-widget-wrap elementor-element-populated\">\n\t\t\t\t\t\t<div class=\"elementor-element elementor-element-iwgcomp-sami elementor-widget elementor-widget-text-editor\" data-id=\"iwgcomp-sami\" data-element_type=\"widget\" data-e-type=\"widget\" data-widget_type=\"text-editor.default\">\n\t\t\t\t\t\t\t\t\t<p>Baltsk\u00e1 <strong><span class=\"iwg-fachbegriff\" data-tooltip=\"Kr\u00e1tke, \u00fastne tradovan\u00e9 \u013eudov\u00e9 piesne Litvy a Loty\u0161ska, najd\u00f4le\u017eitej\u0161\u00ed zdroj predkres\u0165ansk\u00fdch predst\u00e1v.\" tabindex=\"0\">daina<\/span>-trad\u00edcia<\/strong> tvor\u00ed z\u00e1klad rekon\u0161trukcie predkres\u0165ansk\u00e9ho n\u00e1bo\u017eenstva v Baltickom regi\u00f3ne.<\/p>\n<p class=\"iwg-kwfix\">Baltsk\u00ed bohovia sa delia na nebesk\u00e9 a poveternostn\u00e9 mocnosti okolo boha hromu Perk\u016bnasa, dom\u00e1cich duchov ako Kaukas a Aitvaras, a mnoh\u00e9 bohyne-matky, ktor\u00e9 vl\u00e1dnu lesu, oh\u0148u a vode. E\u0161te dnes sa tieto mot\u00edvy udr\u017eiavaj\u00fa v Litve a Loty\u0161sku.<\/p>\t\t\t\t\t\t\t\t<\/div>\n\t\t\t\t\t<\/div>\n\t\t<\/div>\n\t\t\t\t\t<\/div>\n\t\t<\/section>\n\t\t<div class=\"elementor-element elementor-element-iwgcn-sami-s0 e-flex e-con-boxed e-con e-parent\" data-id=\"iwgcn-sami-s0\" data-element_type=\"container\" data-e-type=\"container\">\n\t\t\t\t\t<div class=\"e-con-inner\">\n\t\t\t\t<div class=\"elementor-element elementor-element-iwgcn-sami-s0h elementor-widget elementor-widget-heading\" data-id=\"iwgcn-sami-s0h\" data-element_type=\"widget\" data-e-type=\"widget\" data-widget_type=\"heading.default\">\n\t\t\t\t\t<h2 class=\"elementor-heading-title elementor-size-default\">Balti, jazyk a os\u00eddlenie<\/h2>\t\t\t\t<\/div>\n\t\t<div class=\"elementor-element elementor-element-iwgcn-sami-s0-c e-con-full e-flex e-con e-child\" data-id=\"iwgcn-sami-s0-c\" data-element_type=\"container\" data-e-type=\"container\">\n\t\t\t\t<div class=\"elementor-element elementor-element-iwgcn-sami-s0t elementor-widget elementor-widget-text-editor\" data-id=\"iwgcn-sami-s0t\" data-element_type=\"widget\" data-e-type=\"widget\" data-widget_type=\"text-editor.default\">\n\t\t\t\t\t\t\t\t\t<p>Baltsk\u00e1 jazykov\u00e1 skupina, samostatn\u00e1 vetva indoeur\u00f3pskych jazykov, zah\u0155\u0148a \u017eiv\u00e9 jazyky litov\u010dinu a loty\u0161\u010dinu, ako aj v 17. storo\u010d\u00ed zaniknut\u00fd z\u00e1padobaltsk\u00fd jazyk Prusov. Z jazykovedn\u00e9ho h\u013eadiska sa baltsk\u00e9 jazyky pova\u017euj\u00fa za mimoriadne archaick\u00e9, a preto s\u00fa d\u00f4le\u017eit\u00e9 pre rekon\u0161trukciu indoeur\u00f3pskych pom\u011brov.<\/p><p>Os\u00eddlenie zah\u0155\u0148a dne\u0161n\u00e9 \u0161t\u00e1ty Litvu a Loty\u0161sko pri Baltskom mori. Kristianiz\u00e1cia Litvy sa uskuto\u010dnila ofici\u00e1lne a\u017e v roku 1387 za ve\u013ekovojvodu Jogailu, oblas\u0165 \u017demaitija (Doln\u00e1 Litva) nasledovala v roku 1413 ako jedna z posledn\u00fdch pohansk\u00fdch oblast\u00ed Eur\u00f3py; spr\u00e1vy o predkres\u0165ansk\u00fdch praktik\u00e1ch sa ojedinele zachovali a\u017e do 18. storo\u010dia.<\/p>\n<p class=\"iwg-kwfix\">Nebo a ohnisko usporad\u00favaj\u00fa svet bohov Baltov, nahore boh hromu Perk\u016bnas, v dome bohy\u0148a oh\u0148a Gabija, v krajine mnoh\u00e9 bohyne-matky. Dainov\u00e1 trad\u00edcia Litvy a Loty\u0161ska udr\u017eiava toto poznanie \u017eiv\u00e9 a\u017e dodnes.<\/p>\t\t\t\t\t\t\t\t<\/div>\n\t\t\t\t<\/div>\n\t\t\t\t\t<\/div>\n\t\t\t\t<\/div>\n\t\t<div class=\"elementor-element elementor-element-iwgcn-sami-s1 e-flex e-con-boxed e-con e-parent\" data-id=\"iwgcn-sami-s1\" data-element_type=\"container\" data-e-type=\"container\">\n\t\t\t\t\t<div class=\"e-con-inner\">\n\t\t\t\t<div class=\"elementor-element elementor-element-iwgcn-sami-s1h elementor-widget elementor-widget-heading\" data-id=\"iwgcn-sami-s1h\" data-element_type=\"widget\" data-e-type=\"widget\" data-widget_type=\"heading.default\">\n\t\t\t\t\t<h2 class=\"elementor-heading-title elementor-size-default\">Pante\u00f3n: Dievas, Perk\u016bnas, Laima, Saul\u0117<\/h2>\t\t\t\t<\/div>\n\t\t<div class=\"elementor-element elementor-element-iwgcn-sami-s1-c e-con-full e-flex e-con e-child\" data-id=\"iwgcn-sami-s1-c\" data-element_type=\"container\" data-e-type=\"container\">\n\t\t\t\t<div class=\"elementor-element elementor-element-iwgcn-sami-s1t elementor-widget elementor-widget-text-editor\" data-id=\"iwgcn-sami-s1t\" data-element_type=\"widget\" data-e-type=\"widget\" data-widget_type=\"text-editor.default\">\n\t\t\t\t\t\t\t\t\t<p>Dievas, litovsky, alebo Dievs, loty\u0161sky, ozna\u010duje nebesk\u00e9ho boha, vzdialen\u00fa, usporiadaj\u00facu postavu. Perk\u016bnas, litovsky, a P\u0113rkons, loty\u0161sky, je boh hromu, zodpovedn\u00fd za b\u00farky, plodnos\u0165 a spravodlivos\u0165. Laima je bohy\u0148a osudu a \u0161\u0165astia, ktor\u00e1 dohliada na narodenie a \u017eivotn\u00fa cestu, Saul\u0117, litovsky, alebo Saule, loty\u0161sky, je \u017eensk\u00e9 slne\u010dn\u00e9 bo\u017estvo. V Loty\u0161sku sa navy\u0161e objavuje M\u0101ra ako bohy\u0148a zeme a matka, popri Dievs a Laime.<\/p><p>Velinas, litovsky, alebo Velns, loty\u0161sky, je podsvetn\u00e1 a mrtv\u00e1 postava, ktor\u00e1 sa po kristianiz\u00e1cii postupne zl\u00fa\u010dila s kres\u0165ansk\u00fdm diablom. Okrem t\u00fdchto ve\u013ek\u00fdch post\u00e1v trad\u00edcia pozn\u00e1 vlastn\u00e9 bo\u017estv\u00e1 pre jednotliv\u00e9 oblasti, napr\u00edklad boha vetra <a href=\"https:\/\/iwell-guard.com\/sk\/vejopatis\/\">V\u0117jopatis<\/a> alebo loty\u0161sk\u00e9ho dom\u00e1ceho ducha <a href=\"https:\/\/iwell-guard.com\/sk\/majas-gars\/\">M\u0101jas gars<\/a>, ktor\u00fd dohliada na dom a dvor. Loty\u0161sk\u00e1 trad\u00edcia navy\u0161e pozn\u00e1 rozsiahly syst\u00e9m pribli\u017ene sedemdesiat \u201ematiek&#8220; (m\u0101tes), zosobnen\u00fdch vl\u00e1dk\u00fd\u0148 jednotliv\u00fdch oblast\u00ed pr\u00edrody, ako lesa, mora, vetra alebo oh\u0148a.<\/p>\t\t\t\t\t\t\t\t<\/div>\n\t\t\t\t<\/div>\n\t\t\t\t\t<\/div>\n\t\t\t\t<\/div>\n\t\t<div class=\"elementor-element elementor-element-iwgcn-sami-s2 e-flex e-con-boxed e-con e-parent\" data-id=\"iwgcn-sami-s2\" data-element_type=\"container\" data-e-type=\"container\">\n\t\t\t\t\t<div class=\"e-con-inner\">\n\t\t\t\t<div class=\"elementor-element elementor-element-iwgcn-sami-s2h elementor-widget elementor-widget-heading\" data-id=\"iwgcn-sami-s2h\" data-element_type=\"widget\" data-e-type=\"widget\" data-widget_type=\"heading.default\">\n\t\t\t\t\t<h2 class=\"elementor-heading-title elementor-size-default\">Dainy ako religionistick\u00fd prame\u0148<\/h2>\t\t\t\t<\/div>\n\t\t<div class=\"elementor-element elementor-element-iwgcn-sami-s2-c e-con-full e-flex e-con e-child\" data-id=\"iwgcn-sami-s2-c\" data-element_type=\"container\" data-e-type=\"container\">\n\t\t\t\t<div class=\"elementor-element elementor-element-iwgcn-sami-s2t elementor-widget elementor-widget-text-editor\" data-id=\"iwgcn-sami-s2t\" data-element_type=\"widget\" data-e-type=\"widget\" data-widget_type=\"text-editor.default\">\n\t\t\t\t\t\t\t\t\t<p>Dainy s\u00fa kr\u00e1tke, v\u00e4\u010d\u0161inou \u0161tvorriadkov\u00e9 litovsk\u00e9 a loty\u0161sk\u00e9 \u013eudov\u00e9 piesne, ktor\u00e9 sa \u00fastne odovzd\u00e1vali z gener\u00e1cie na gener\u00e1ciu a pova\u017euj\u00fa sa za takmer nekres\u0165ansky ovplyvnen\u00e9 okno do predkres\u0165ansk\u00fdch predst\u00e1v. Loty\u0161sk\u00fd pr\u00e1vnik a folklorista Kri\u0161j\u0101nis Barons zozbieral medzi rokmi 1894 a 1915 takmer 218 000 dain v \u0161iestich zv\u00e4zkoch, celkov\u00fd loty\u0161sk\u00fd korpus v\u0161etk\u00fdch zberate\u013eov obsahuje odhadom viac ako mili\u00f3n textov.<\/p><p>Okolo roku 1880 pod\u013ea Baronsovho n\u00e1vrhu vyroben\u00e1 skri\u0148a dain s viac ako 350 000 l\u00edstkami patr\u00ed od roku 2001 do zoznamu UNESCO Svetov\u00e9 dokument\u00e1rne dedi\u010dstvo a dnes sa uchov\u00e1va v Loty\u0161skej n\u00e1rodnej kni\u017enici. Aj v Litve tvoria zozbieran\u00e9 \u013eudov\u00e9 piesne, poh\u00e1dky a miestne n\u00e1zvy d\u00f4le\u017eit\u00fd prame\u0148 pre religionistick\u00fa rekon\u0161trukciu.<\/p>\t\t\t\t\t\t\t\t<\/div>\n\t\t\t\t<\/div>\n\t\t\t\t\t<\/div>\n\t\t\t\t<\/div>\n\t\t<div class=\"elementor-element elementor-element-iwgcn-sami-s3 e-flex e-con-boxed e-con e-parent\" data-id=\"iwgcn-sami-s3\" data-element_type=\"container\" data-e-type=\"container\">\n\t\t\t\t\t<div class=\"e-con-inner\">\n\t\t\t\t<div class=\"elementor-element elementor-element-iwgcn-sami-s3h elementor-widget elementor-widget-heading\" data-id=\"iwgcn-sami-s3h\" data-element_type=\"widget\" data-e-type=\"widget\" data-widget_type=\"heading.default\">\n\t\t\t\t\t<h2 class=\"elementor-heading-title elementor-size-default\">Kult oh\u0148a okolo Gabije<\/h2>\t\t\t\t<\/div>\n\t\t<div class=\"elementor-element elementor-element-iwgcn-sami-s3-c e-con-full e-flex e-con e-child\" data-id=\"iwgcn-sami-s3-c\" data-element_type=\"container\" data-e-type=\"container\">\n\t\t\t\t<div class=\"elementor-element elementor-element-iwgcn-sami-s3t elementor-widget elementor-widget-text-editor\" data-id=\"iwgcn-sami-s3t\" data-element_type=\"widget\" data-e-type=\"widget\" data-widget_type=\"text-editor.default\">\n\t\t\t\t\t\t\t\t\t<p><a href=\"https:\/\/iwell-guard.com\/sk\/gabija\/\">Gabija<\/a> je litovsk\u00e1 bohy\u0148a dom\u00e1ceho oh\u0148a, str\u00e1\u017eky\u0148a domu a rodiny, ktor\u00e1 bola zobrazovan\u00e1 v zoomorfnej podobe ako ma\u010dka, bocian alebo koh\u00fat, alebo ako \u017eena oble\u010den\u00e1 v \u010dervenom. Jej kult vy\u017eadoval \u00factiv\u00e9 zaobch\u00e1dzanie s oh\u0148om, nesmelo sa do\u0148 p\u013euva\u0165 ani ho \u0161liapa\u0165, \u017eerav\u00e9 uhl\u00edky sa v noci starostlivo prikr\u00fdvali, nie hasili, a chlieb a so\u013e sa pova\u017eovali za vhodn\u00e9 <span class=\"iwg-fachbegriff\" data-tooltip=\"Dar bo\u017estvu na vyjadrenie v\u010faky, prosby alebo \u00facty.\" tabindex=\"0\">obete<\/span>.<\/p><p>Hlavn\u00fdm prame\u0148om pre tento kult je spis De diis Samagitarum po\u013esk\u00e9ho u\u010denca Jana \u0141asick\u00e9ho z roku 1615. V Loty\u0161sku sa objavuje pr\u00edbuzn\u00e1 postava Uguns m\u0101te, matka oh\u0148a, v r\u00e1mci loty\u0161sk\u00e9ho syst\u00e9mu matiek.<\/p>\t\t\t\t\t\t\t\t<\/div>\n\t\t\t\t<\/div>\n\t\t\t\t\t<\/div>\n\t\t\t\t<\/div>\n\t\t<div class=\"elementor-element elementor-element-x-sami-s-faq e-flex e-con-boxed e-con e-parent\" data-id=\"x-sami-s-faq\" data-element_type=\"container\" data-e-type=\"container\">\n\t\t\t\t\t<div class=\"e-con-inner\">\n\t\t\t\t<div class=\"elementor-element elementor-element-x-sami-h-faq elementor-widget elementor-widget-heading\" data-id=\"x-sami-h-faq\" data-element_type=\"widget\" data-e-type=\"widget\" data-widget_type=\"heading.default\">\n\t\t\t\t\t<h2 class=\"elementor-heading-title elementor-size-default\">\u010casto kladen\u00e9 ot\u00e1zky o baltskej mytol\u00f3gii<\/h2>\t\t\t\t<\/div>\n\t\t<div class=\"elementor-element elementor-element-iwgcn-sami-s3-c e-con-full e-flex e-con e-child\" data-id=\"iwgcn-sami-s3-c\" data-element_type=\"container\" data-e-type=\"container\">\n\t\t\t\t<div class=\"elementor-element elementor-element-x-sami-t-faq elementor-widget elementor-widget-text-editor\" data-id=\"x-sami-t-faq\" data-element_type=\"widget\" data-e-type=\"widget\" data-widget_type=\"text-editor.default\">\n\t\t\t\t\t\t\t\t\t<h3>Kto s\u00fa Balti?<\/h3>\n<p>Medzi Baltov patria Litov\u010dania a Loty\u0161i, ako aj v 17. storo\u010d\u00ed vyhynut\u00ed Prusi. Hovoria jazykmi samostatnej, obzvl\u00e1\u0161\u0165 archaickej vetvy indoeur\u00f3pskej jazykovej rodiny a os\u00edd\u013euj\u00fa \u00fazemie dne\u0161n\u00e9ho Litovska a Loty\u0161ska pri Baltskom mori.<\/p>\n<h3>Pre\u010do bolo Litovsko \u0445\u0440\u0438\u0441\u0442ianizovan\u00e9 tak neskoro?<\/h3>\n<p>Litovsko prijalo kres\u0165anstvo ofici\u00e1lne v roku 1387, oblas\u0165 \u017demaitija (N\u00ed\u017einn\u00e9 Litovsko) nasledovala a\u017e v roku 1413. Litovsko sa tak pova\u017euje za najdlh\u0161ie predkres\u0165ansk\u00e9 \u00fazemie Eur\u00f3py, \u010do umo\u017enila jeho politick\u00e1 sila ako ve\u013ekoknie\u017eatstva a jeho okrajov\u00e1 poloha.<\/p>\n<h3>\u010co s\u00fa dainy?<\/h3>\n<p>Dainy s\u00fa kr\u00e1tke litovsk\u00e9 a loty\u0161sk\u00e9 \u013eudov\u00e9 piesne, ktor\u00e9 sa \u0161\u00edrili \u00fastnym podan\u00edm a patria k najd\u00f4le\u017eitej\u0161\u00edm prame\u0148om predkres\u0165ansk\u00e9ho n\u00e1bo\u017eenstva. Kri\u0161j\u0101nis Barons s\u00e1m zozbieral v Loty\u0161sku takmer 218 000 t\u00fdchto piesn\u00ed, ulo\u017een\u00fdch v Skrini dain Loty\u0161skej n\u00e1rodnej kni\u017enice.<\/p>\n<h3>\u010co je dom\u00e1ci had \u017daltys?<\/h3>\n<p>\u017daltys, litovsky, resp. Zalktis, loty\u0161sky, je u\u017eovka obojkov\u00e1, ktor\u00e1 sa pova\u017eovala za sv\u00e4t\u00e9ho dom\u00e1ceho tvora, k\u0155men\u00e9ho mliekom, ktor\u00e9ho nebolo dovolen\u00e9 zabi\u0165. Pova\u017eovala sa za ochranky\u0148u domu a dobytka a niekedy sa sp\u00e1jala s loty\u0161skou mlie\u010dnou matkou Piena m\u0101te.<\/p>\n<script type=\"application\/ld+json\">{\"@context\": \"https:\/\/schema.org\", \"@type\": \"FAQPage\", \"mainEntity\": [{\"@type\": \"Question\", \"name\": \"Kto s\u00fa Balti?\", \"acceptedAnswer\": {\"@type\": \"Answer\", \"text\": \"Medzi Baltov patria Litov\u010dania a Loty\u0161i, ako aj v 17. storo\u010d\u00ed vyhynut\u00ed Prusi. Hovoria jazykmi samostatnej, obzvl\u00e1\u0161\u0165 archaickej vetvy indoeur\u00f3pskej jazykovej rodiny a os\u00edd\u013euj\u00fa \u00fazemie dne\u0161n\u00e9ho Litovska a Loty\u0161ska pri Baltskom mori.\"}}, {\"@type\": \"Question\", \"name\": \"Pre\u010do bolo Litovsko \u0445\u0440\u0438\u0441\u0442ianizovan\u00e9 tak neskoro?\", \"acceptedAnswer\": {\"@type\": \"Answer\", \"text\": \"Litovsko prijalo kres\u0165anstvo ofici\u00e1lne v roku 1387, oblas\u0165 \u017demaitija (N\u00ed\u017einn\u00e9 Litovsko) nasledovala a\u017e v roku 1413. Litovsko sa tak pova\u017euje za najdlh\u0161ie predkres\u0165ansk\u00e9 \u00fazemie Eur\u00f3py, \u010do umo\u017enila jeho politick\u00e1 sila ako ve\u013ekoknie\u017eatstva a jeho okrajov\u00e1 poloha.\"}}, {\"@type\": \"Question\", \"name\": \"\u010co s\u00fa dainy?\", \"acceptedAnswer\": {\"@type\": \"Answer\", \"text\": \"Dainy s\u00fa kr\u00e1tke litovsk\u00e9 a loty\u0161sk\u00e9 \u013eudov\u00e9 piesne, ktor\u00e9 sa \u0161\u00edrili \u00fastnym podan\u00edm a patria k najd\u00f4le\u017eitej\u0161\u00edm prame\u0148om predkres\u0165ansk\u00e9ho n\u00e1bo\u017eenstva. Kri\u0161j\u0101nis Barons s\u00e1m zozbieral v Loty\u0161sku takmer 218 000 t\u00fdchto piesn\u00ed, ulo\u017een\u00fdch v Skrini dain Loty\u0161skej n\u00e1rodnej kni\u017enice.\"}}, {\"@type\": \"Question\", \"name\": \"\u010co je dom\u00e1ci had \u017daltys?\", \"acceptedAnswer\": {\"@type\": \"Answer\", \"text\": \"\u017daltys, litovsky, resp. Zalktis, loty\u0161sky, je u\u017eovka obojkov\u00e1, ktor\u00e1 sa pova\u017eovala za sv\u00e4t\u00e9ho dom\u00e1ceho tvora, k\u0155men\u00e9ho mliekom, ktor\u00e9ho nebolo dovolen\u00e9 zabi\u0165. Pova\u017eovala sa za ochranky\u0148u domu a dobytka a niekedy sa sp\u00e1jala s loty\u0161skou mlie\u010dnou matkou Piena m\u0101te.\"}}]}<\/script>\t\t\t\t\t\t\t\t<\/div>\n\t\t\t\t<\/div>\n\t\t\t\t\t<\/div>\n\t\t\t\t<\/div>\n\t\t<div class=\"elementor-element elementor-element-iwgcn-sami-s4 e-flex e-con-boxed e-con e-parent\" data-id=\"iwgcn-sami-s4\" data-element_type=\"container\" data-e-type=\"container\">\n\t\t\t\t\t<div class=\"e-con-inner\">\n\t\t\t\t<div class=\"elementor-element elementor-element-iwgcn-sami-s4h elementor-widget elementor-widget-heading\" data-id=\"iwgcn-sami-s4h\" data-element_type=\"widget\" data-e-type=\"widget\" data-widget_type=\"heading.default\">\n\t\t\t\t\t<h2 class=\"elementor-heading-title elementor-size-default\">Dom\u00e1ci had \u017daltys a jeho uctievanie<\/h2>\t\t\t\t<\/div>\n\t\t<div class=\"elementor-element elementor-element-iwgcn-sami-s4-c e-con-full e-flex e-con e-child\" data-id=\"iwgcn-sami-s4-c\" data-element_type=\"container\" data-e-type=\"container\">\n\t\t\t\t<div class=\"elementor-element elementor-element-iwgcn-sami-s4t elementor-widget elementor-widget-text-editor\" data-id=\"iwgcn-sami-s4t\" data-element_type=\"widget\" data-e-type=\"widget\" data-widget_type=\"text-editor.default\">\n\t\t\t\t\t\t\t\t\t<p><a href=\"https:\/\/iwell-guard.com\/sk\/zaltys\/\">\u017daltys<\/a>, litovsky, resp. Zalktis, loty\u0161sky, ozna\u010duje u\u017eovku obojkov\u00fa, ktor\u00e1 sa v baltskej trad\u00edcii pova\u017eovala za sv\u00e4t\u00e9ho, \u0161\u0165astie prin\u00e1\u0161aj\u00faceho dom\u00e1ceho tvora. Pravidelne sa k\u0155mila mliekom, jej pr\u00edtomnos\u0165 v dome alebo stajni znamenala ochranu pre obyvate\u013eov a dobytok; roz\u0161\u00edren\u00e9 pr\u00edslovie hovor\u00ed, \u017ee pri poh\u013eade na m\u0155tvu \u017daltys pla\u010de slnko.<\/p><p>Z\u00e1kaz zab\u00edjania u\u017eovky obojkovej je etnograficky dolo\u017een\u00fd a\u017e do novoveku, okrem in\u00fdch ho pop\u00edsali religionisti Jonas Balys a Haralds Biezais, ako aj Marija Gimbutas. Ojedinele bola uctievanie \u017daltys zaznamenan\u00e9 aj u Prusov.<\/p>\t\t\t\t\t\t\t\t<\/div>\n\t\t\t\t<\/div>\n\t\t\t\t\t<\/div>\n\t\t\t\t<\/div>\n\t\t<div class=\"elementor-element elementor-element-iwgcn-sami-s5 e-flex e-con-boxed e-con e-parent\" data-id=\"iwgcn-sami-s5\" data-element_type=\"container\" data-e-type=\"container\">\n\t\t\t\t\t<div class=\"e-con-inner\">\n\t\t\t\t<div class=\"elementor-element elementor-element-iwgcn-sami-s5h elementor-widget elementor-widget-heading\" data-id=\"iwgcn-sami-s5h\" data-element_type=\"widget\" data-e-type=\"widget\" data-widget_type=\"heading.default\">\n\t\t\t\t\t<h2 class=\"elementor-heading-title elementor-size-default\">Lesn\u00e9 matky: Me\u017ea m\u0101te a Medeina<\/h2>\t\t\t\t<\/div>\n\t\t<div class=\"elementor-element elementor-element-iwgcn-sami-s5-c e-con-full e-flex e-con e-child\" data-id=\"iwgcn-sami-s5-c\" data-element_type=\"container\" data-e-type=\"container\">\n\t\t\t\t<div class=\"elementor-element elementor-element-iwgcn-sami-s5t elementor-widget elementor-widget-text-editor\" data-id=\"iwgcn-sami-s5t\" data-element_type=\"widget\" data-e-type=\"widget\" data-widget_type=\"text-editor.default\">\n\t\t\t\t\t\t\t\t\t<p><a href=\"https:\/\/iwell-guard.com\/sk\/meza-mate\/\">Me\u017ea m\u0101te<\/a>, loty\u0161sk\u00e1 lesn\u00e1 matka, patr\u00ed k rozsiahlemu syst\u00e9mu loty\u0161sk\u00fdch matiek-bo\u017estiev (m\u0101tes) a chr\u00e1ni po\u013eovn\u00edkov, lesn\u00fdch robotn\u00edkov a pastierov; ako jej partner sa ob\u010das uv\u00e1dza Me\u017eat\u0113vs, lesn\u00fd otec. V Litovsku pln\u00ed podobn\u00fa funkciu vl\u00e1dkyne lesa a zveri <a href=\"https:\/\/iwell-guard.com\/sk\/medeina\/\">Medeina<\/a>, ktorej sprievodn\u00fdm zviera\u0165om je zajac.<\/p><p>U\u017e Hypatiovsk\u00e1 kronika z roku 1252 a nesk\u00f4r po\u013esk\u00fd kronik\u00e1r Jan D\u0142ugosz v 15. storo\u010d\u00ed prirovn\u00e1vali Medeinu k r\u00edmskej bohyni lovu Diane. B\u00e1date\u013e v oblasti litvanistiky Algirdas Julien Greimas ju interpretoval ako panensk\u00fa, loveck\u00fa postavu, ktor\u00e1 bola niekedy zobrazovan\u00e1 aj ako vl\u010dica.<\/p>\t\t\t\t\t\t\t\t<\/div>\n\t\t\t\t<\/div>\n\t\t\t\t\t<\/div>\n\t\t\t\t<\/div>\n\t\t<div class=\"elementor-element elementor-element-iwgcn-sami-s6 e-flex e-con-boxed e-con e-parent\" data-id=\"iwgcn-sami-s6\" data-element_type=\"container\" data-e-type=\"container\">\n\t\t\t\t\t<div class=\"e-con-inner\">\n\t\t\t\t<div class=\"elementor-element elementor-element-iwgcn-sami-s6h elementor-widget elementor-widget-heading\" data-id=\"iwgcn-sami-s6h\" data-element_type=\"widget\" data-e-type=\"widget\" data-widget_type=\"heading.default\">\n\t\t\t\t\t<h2 class=\"elementor-heading-title elementor-size-default\">N\u00e1siln\u00e1 christianiz\u00e1cia a s\u00fa\u010dasn\u00e1 znovun\u00e1vratnos\u0165<\/h2>\t\t\t\t<\/div>\n\t\t<div class=\"elementor-element elementor-element-iwgcn-sami-s6-c e-con-full e-flex e-con e-child\" data-id=\"iwgcn-sami-s6-c\" data-element_type=\"container\" data-e-type=\"container\">\n\t\t\t\t<div class=\"elementor-element elementor-element-iwgcn-sami-s6t elementor-widget elementor-widget-text-editor\" data-id=\"iwgcn-sami-s6t\" data-element_type=\"widget\" data-e-type=\"widget\" data-widget_type=\"text-editor.default\">\n\t\t\t\t\t\t\t\t\t<p>Christianiz\u00e1cia Baltov bola obzvl\u00e1\u0161\u0165 dlh\u00fdm a \u010diasto\u010dne n\u00e1siln\u00fdm procesom. R\u00e1dov\u00e9 \u0161t\u00e1ty R\u00e1du nemeck\u00fdch rytierov a R\u00e1du bratov me\u010dov\u00fdch \u0161\u00edrili od 13. storo\u010dia vieru pod vojensk\u00fdm n\u00e1tlakom, zatia\u013e \u010do Litovsko ako samostatn\u00e9 ve\u013ekoknie\u017eatstvo prijalo krst a\u017e v roku 1387 z politick\u00e9ho kalkulu. Spr\u00e1vy o zak\u00e1zan\u00fdch obet\u00e1ch ohe\u0148, stromom a hadom sa dochovali a\u017e do 18. storo\u010dia.<\/p><p>Od konca 20. storo\u010dia, obzvl\u00e1\u0161\u0165 po nez\u00e1vislosti Litovska a Loty\u0161ska v rokoch 1990 a 1991, prebieha kult\u00farne znovun\u00e1vratnos\u0165, vidite\u013en\u00e1 v novopohanskom hnut\u00ed Romuva v Litovsku a hnut\u00ed Dievtur\u012bba v Loty\u0161sku, ako aj v pestovan\u00ed dain, festivalov \u013eudov\u00fdch piesn\u00ed a zvykov okolo dom\u00e1cich duchov ako <a href=\"https:\/\/iwell-guard.com\/sk\/kaukas\/\">Kaukas<\/a> a <a href=\"https:\/\/iwell-guard.com\/sk\/aitvaras\/\">Aitvaras<\/a>. Z\u00e1kladn\u00e9 religionistick\u00e9 diela poch\u00e1dzaj\u00fa od Mariji Gimbutas, Algirdasa Juliena Greimasa, Haraldsa Biezaisa a Norbertasa V\u0117liusa.<\/p>\t\t\t\t\t\t\t\t<\/div>\n\t\t\t\t<\/div>\n\t\t\t\t\t<\/div>\n\t\t\t\t<\/div>\n\t\t<div class=\"elementor-element elementor-element-cp2d9a92a3 e-flex e-con-boxed e-con e-parent\" data-id=\"cp2d9a92a3\" data-element_type=\"container\" data-e-type=\"container\">\n\t\t\t\t\t<div class=\"e-con-inner\">\n\t\t\t\t<div class=\"elementor-element elementor-element-cp2515827f elementor-widget elementor-widget-heading\" data-id=\"cp2515827f\" data-element_type=\"widget\" data-e-type=\"widget\" data-widget_type=\"heading.default\">\n\t\t\t\t\t<h2 class=\"elementor-heading-title elementor-size-default\">Dva jazyky, jeden kult\u00farny priestor a jeho vn\u00fatorn\u00e9 rozdiely<\/h2>\t\t\t\t<\/div>\n\t\t<div class=\"elementor-element elementor-element-cp25cbddf2 e-flex e-con-boxed e-con e-child\" data-id=\"cp25cbddf2\" data-element_type=\"container\" data-e-type=\"container\">\n\t\t\t\t\t<div class=\"e-con-inner\">\n\t\t\t\t<div class=\"elementor-element elementor-element-cp240cdc6c elementor-widget elementor-widget-text-editor\" data-id=\"cp240cdc6c\" data-element_type=\"widget\" data-e-type=\"widget\" data-widget_type=\"text-editor.default\">\n\t\t\t\t\t\t\t\t\t<p>Do baltsk\u00e9ho kult\u00farneho priestoru patria Litov\u010dania a Loty\u0161i, ako aj v 17. storo\u010d\u00ed vyhynut\u00ed Prusi, ktor\u00fdch jazyk sa zachoval len fragment\u00e1rne. Litov\u010dina a loty\u0161tina s\u00fa s\u00edce \u00fazko pr\u00edbuzn\u00e9, ale u\u017e dlho samostatn\u00e9 jazyky, a aj n\u00e1bo\u017eensk\u00e9 predstavy oboch n\u00e1rodov sa v detailoch v\u00fdrazne l\u00ed\u0161ia.<\/p><p>Zvl\u00e1\u0161\u0165 v\u00fdrazn\u00fd je rozdiel v loty\u0161skom syst\u00e9me matiek, ktor\u00fd je s odhadovan\u00fdmi sedemdesiatimi personifikovan\u00fdmi pr\u00edrodn\u00fdmi matkami (m\u0101tes) v\u00fdrazne diferencovanej\u0161\u00ed ne\u017e litovsk\u00e1 trad\u00edcia, v ktorej naopak vystupuj\u00fa jednotliv\u00e9, presne vymedzen\u00e9 postavy ako Medeina alebo Gabija.<\/p><p>Aj region\u00e1lne sa zvyky l\u00ed\u0161ili pod\u013ea krajiny, pobre\u017enej alebo vn\u00fatornej polohy a hospod\u00e1rskeho zamerania, napr\u00edklad po\u013enohospod\u00e1rstva, rybolovu alebo lesn\u00e9ho hospod\u00e1rstva. V\u0161eobecn\u00e9 vyjadrenia o \u201ebaltskom n\u00e1bo\u017eenstve&#8220; zakr\u00fdvaj\u00fa t\u00fato vn\u00fatorn\u00fa rozmanitos\u0165 medzi oboma n\u00e1rodmi i v r\u00e1mci nich.<\/p><p>Obom trad\u00edci\u00e1m je spolo\u010dn\u00e9 centr\u00e1lne postavenie boha hromu, litovsky Perk\u016bnas, loty\u0161sky P\u0113rkons, v\u00fdznam ohniska, uctievanie dom\u00e1ceho hada \u017daltys a dainy ako najd\u00f4le\u017eitej\u0161\u00ed \u00fastny prame\u0148. Aj tieto spolo\u010dn\u00e9 prvky s\u00fa v\u0161ak region\u00e1lne odli\u0161ne dosved\u010den\u00e9.<\/p>\t\t\t\t\t\t\t\t<\/div>\n\t\t\t\t\t<\/div>\n\t\t\t\t<\/div>\n\t\t\t\t\t<\/div>\n\t\t\t\t<\/div>\n\t\t<div class=\"elementor-element elementor-element-cp2b1a3dae e-flex e-con-boxed e-con e-parent\" data-id=\"cp2b1a3dae\" data-element_type=\"container\" data-e-type=\"container\">\n\t\t\t\t\t<div class=\"e-con-inner\">\n\t\t\t\t<div class=\"elementor-element elementor-element-cp282c06ff elementor-widget elementor-widget-heading\" data-id=\"cp282c06ff\" data-element_type=\"widget\" data-e-type=\"widget\" data-widget_type=\"heading.default\">\n\t\t\t\t\t<h2 class=\"elementor-heading-title elementor-size-default\">Dainy, matky-bo\u017estva a sily baltsk\u00e9ho sveton\u00e1zoru<\/h2>\t\t\t\t<\/div>\n\t\t<div class=\"elementor-element elementor-element-cp228b4522 e-flex e-con-boxed e-con e-child\" data-id=\"cp228b4522\" data-element_type=\"container\" data-e-type=\"container\">\n\t\t\t\t\t<div class=\"e-con-inner\">\n\t\t\t\t<div class=\"elementor-element elementor-element-cp261454c5 elementor-widget elementor-widget-text-editor\" data-id=\"cp261454c5\" data-element_type=\"widget\" data-e-type=\"widget\" data-widget_type=\"text-editor.default\">\n\t\t\t\t\t\t\t\t\t<p>Najzn\u00e1mej\u0161\u00edm n\u00e1bo\u017eensk\u00fdm dedi\u010dstvom Baltov s\u00fa dainy, kr\u00e1tke, v\u00e4\u010d\u0161inou \u0161tvorriadkov\u00e9 \u013eudov\u00e9 piesne, ktor\u00e9 v zhustenej, formulovitej re\u010di zachov\u00e1vaj\u00fa n\u00e1bo\u017eensk\u00e9 predstavy. Opisuj\u00fa ka\u017edodenn\u00fd \u017eivot domu, po\u013ea a rodiny, ale aj ve\u013ek\u00e9 postavy pante\u00f3nu, a pova\u017euj\u00fa sa za pom\u011brne m\u00e1lo ovplyvnen\u00e9 kres\u0165anstvom.<\/p><p>Loty\u0161sk\u00fd folklorista Kri\u0161j\u0101nis Barons zozbieral medzi rokmi 1894 a 1915 takmer 218 000 dain a usporiadal ich do \u0161iestich zv\u00e4zkov. Jeho syst\u00e9m je dodnes z\u00e1kladom loty\u0161sk\u00e9ho v\u00fdskumu \u013eudov\u00fdch piesn\u00ed. Cel\u00fd loty\u0161sk\u00fd korpus, vr\u00e1tane neskor\u0161\u00edch zbierok, sa odhaduje na viac ne\u017e mili\u00f3n textov, v Litve sa zachovali porovnate\u013ene rozsiahle zbierky.<\/p><p>Baltsk\u00fd sveton\u00e1zor pozn\u00e1 vzdialen\u00e9ho boha nebies, Dievasa, respekt\u00edve Dievsa, centr\u00e1lneho boha hromu, Perk\u016bnasa, respekt\u00edve P\u0113rkonsa, a bo\u017estva osudu, slnka a zeme, ako Laima, Saul\u0117 a v Loty\u0161sku M\u0101ra. Ved\u013ea nich existuje v Loty\u0161sku rozsiahly syst\u00e9m pribli\u017ene siedmich desiatok matiek-bo\u017estiev, ktor\u00e9 vl\u00e1dnu jednotliv\u00fdm oblastiam krajiny a \u017eivota, od matky lesa <a href=\"https:\/\/iwell-guard.com\/sk\/meza-mate\/\">Me\u017ea m\u0101te<\/a> cez matku oh\u0148a Uguns m\u0101te a\u017e po matku mora J\u016bras m\u0101te.<\/p><p>Dom a dvor maj\u00fa vlastn\u00e9 ochrann\u00e9 mocnosti, bohy\u0148u oh\u0148a <a href=\"https:\/\/iwell-guard.com\/sk\/gabija\/\">Gabiju<\/a>, dom\u00e1ceho hada <a href=\"https:\/\/iwell-guard.com\/sk\/zaltys\/\">Zaltysa<\/a> a ambivalentn\u00fdch dom\u00e1cich duchov, ako <a href=\"https:\/\/iwell-guard.com\/sk\/kaukas\/\">Kaukasa<\/a> a ohniv\u00e9ho <a href=\"https:\/\/iwell-guard.com\/sk\/aitvaras\/\">Aitvarasa<\/a>, ktor\u00ed prin\u00e1\u0161aj\u00fa bohatstvo, ale pri zanedban\u00ed aj ne\u0161\u0165astie. Za jednotliv\u00e9 oblasti pr\u00edrody stoja \u010fal\u0161ie postavy, ako litovsk\u00fd boh vetra <a href=\"https:\/\/iwell-guard.com\/sk\/vejopatis\/\">V\u0117jopatis<\/a>, loty\u0161sk\u00fd dom\u00e1ci duch <a href=\"https:\/\/iwell-guard.com\/sk\/majas-gars\/\">M\u0101jas gars<\/a> a v ran\u00fdch novovek\u00fdch prame\u0148och spom\u00ednan\u00e9 bo\u017estvo <a href=\"https:\/\/iwell-guard.com\/sk\/jagaubis\/\">Jagaubis<\/a>.<\/p><p>O presnej systematike tohto pante\u00f3nu neexistuje vo v\u00fdskume \u00fapln\u00e1 zhoda, preto\u017ee ran\u00e9 p\u00edsomn\u00e9 prame\u0148e poch\u00e1dzaj\u00fa z pera kres\u0165ansk\u00fdch kronik\u00e1rov a mision\u00e1rov a neskor\u0161ie zbieranie \u013eudov\u00fdch piesn\u00ed sa za\u010dalo a\u017e v 19. storo\u010d\u00ed. Marija Gimbutasov\u00e1, Algirdas Julien Greimas a Haralds Biezais predlo\u017eili rozdielne, niekedy protichodn\u00e9 v\u00fdklady tohto materi\u00e1lu.<\/p>\t\t\t\t\t\t\t\t<\/div>\n\t\t\t\t\t<\/div>\n\t\t\t\t<\/div>\n\t\t\t\t\t<\/div>\n\t\t\t\t<\/div>\n\t\t<div class=\"elementor-element elementor-element-cp295547c2 e-flex e-con-boxed e-con e-parent\" data-id=\"cp295547c2\" data-element_type=\"container\" data-e-type=\"container\">\n\t\t\t\t\t<div class=\"e-con-inner\">\n\t\t\t\t<div class=\"elementor-element elementor-element-cp28944fb0 elementor-widget elementor-widget-heading\" data-id=\"cp28944fb0\" data-element_type=\"widget\" data-e-type=\"widget\" data-widget_type=\"heading.default\">\n\t\t\t\t\t<h2 class=\"elementor-heading-title elementor-size-default\">Pramene: kroniky, misijn\u00e9 spr\u00e1vy a zbierky \u013eudov\u00fdch piesn\u00ed<\/h2>\t\t\t\t<\/div>\n\t\t<div class=\"elementor-element elementor-element-cp23d59da4 e-flex e-con-boxed e-con e-child\" data-id=\"cp23d59da4\" data-element_type=\"container\" data-e-type=\"container\">\n\t\t\t\t\t<div class=\"e-con-inner\">\n\t\t\t\t<div class=\"elementor-element elementor-element-cp2ce157b6 elementor-widget elementor-widget-text-editor\" data-id=\"cp2ce157b6\" data-element_type=\"widget\" data-e-type=\"widget\" data-widget_type=\"text-editor.default\">\n\t\t\t\t\t\t\t\t\t<p>Najstar\u0161ia p\u00edsomn\u00e1 <span class=\"iwg-fachbegriff\" data-tooltip=\"Odovzd\u00e1vanie vedomost\u00ed a rozpr\u00e1van\u00ed cez gener\u00e1cie.\" tabindex=\"0\">trad\u00edcia<\/span> o baltskom n\u00e1bo\u017eenstve poch\u00e1dza zvonka, predov\u0161etk\u00fdm od kres\u0165ansk\u00fdch kronik\u00e1rov a mision\u00e1rov v s\u00favislosti s kr\u00ed\u017eov\u00fdmi v\u00fdpravami R\u00e1du nemeck\u00fdch rytierov a R\u00e1du bratov me\u010da v Pobalt\u00ed. K najstar\u0161\u00edm prame\u0148om patr\u00ed Kronika Henricha Loty\u0161sk\u00e9ho z rokov 1225 a\u017e 1227, ako aj Liv\u00f3nska r\u00fdmovan\u00e1 kronika.<\/p><p>V 14. storo\u010d\u00ed referoval r\u00e1dov\u00fd kronik\u00e1r Peter z Dusburgu (1326) o praktik\u00e1ch Prusov, v 16. storo\u010d\u00ed nasledovali sporn\u00e9 z\u00e1pisky Simona Grunaua (1519 a\u017e 1529). Za jeden z najd\u00f4le\u017eitej\u0161\u00edch ran\u00fdch novovek\u00fdch prame\u0148ov sa pova\u017euje spis De diis Samagitarum po\u013esk\u00e9ho u\u010denca Jana \u0141asick\u00e9ho, vytla\u010den\u00fd roku 1615, ktor\u00fd uv\u00e1dza mnoho bo\u017estiev a ritu\u00e1lov Litvy a \u017demaitije, vr\u00e1tane zmienok o bo\u017estve menom <a href=\"https:\/\/iwell-guard.com\/sk\/jagaubis\/\">Jagaubis<\/a>, ktor\u00e9ho presn\u00e1 p\u00f4sobnos\u0165 sa v prame\u0148och neuv\u00e1dza jednotne.<\/p><p>Tieto ran\u00e9 texty s\u00fa obsahovo bohat\u00e9, ale hlboko stran\u00edcke, preto\u017ee ich cie\u013eom bolo preva\u017ene ospravedlni\u0165 misiu alebo bojova\u0165 proti zvykom pova\u017eovan\u00fdm za <span class=\"iwg-fachbegriff\" data-tooltip=\"Z kres\u0165ansk\u00e9ho h\u013eadiska: pr\u00edslu\u0161n\u00fd k predkres\u0165ansk\u00e9mu alebo nekres\u0165ansk\u00e9mu n\u00e1bo\u017eenstvu.\" tabindex=\"0\">pohansk\u00e9<\/span>, nie neutr\u00e1lne ich pop\u00edsa\u0165.<\/p><p>Druh\u00fa, mlad\u0161iu skupinu prame\u0148ov tvoria dainy, poh\u00e1dky a n\u00e1zvy miest zozbieran\u00e9 v 19. a na za\u010diatku 20. storo\u010dia. Loty\u0161sk\u00fd pr\u00e1vnik Kri\u0161j\u0101nis Barons a nesk\u00f4r b\u00e1datelia ako Jonas Balys v Litve tak vytvorili rozsiahly, preva\u017ene \u00fastne pod\u00e1van\u00fd korpus, ktor\u00fd je ove\u013ea menej ovplyvnen\u00fd kres\u0165ansk\u00fdm v\u00fdkladov\u00fdm z\u00e1merom ne\u017e star\u0161ie kroniky.<\/p><p>V 20. storo\u010d\u00ed pribudli systematick\u00e9 vedeck\u00e9 spracovania, napr\u00edklad od Marije Gimbutasovej, ktor\u00e1 spojila archeologick\u00e9 a jazykov\u00e9 n\u00e1lezy, od Algirdasa Juliena Greimasa, ktor\u00fd m\u00fdty analyzoval \u0161trukturalisticky, a od Haraldsa Biezaisa, ktor\u00fd v \u0161v\u00e9dskom exile vyhodnocoval predov\u0161etk\u00fdm loty\u0161sk\u00fd materi\u00e1l a kriticky presk\u00famal t\u00e9zy o matriarch\u00e1te. Norbertas V\u0117lius polo\u017eil viaczv\u00e4zkovou zbierkou prame\u0148ov d\u00f4le\u017eit\u00fd z\u00e1klad pre \u010fal\u0161\u00ed v\u00fdskum.<\/p><p>B\u00e1datelia celkovo zd\u00f4raz\u0148uj\u00fa, \u017ee situ\u00e1cia s prame\u0148mi k baltsk\u00e9mu n\u00e1bo\u017eenstvu je nejednotn\u00e1 a rozpt\u00fdlen\u00e1 cez st\u00e1ro\u010dia, preto sa ka\u017ed\u00e9 s\u00fahrnn\u00e9 spracovanie mus\u00ed zaob\u00eds\u0165 s v\u00fdrazn\u00fdmi nejasnos\u0165ami a region\u00e1lnymi medzerami.<\/p>\t\t\t\t\t\t\t\t<\/div>\n\t\t\t\t\t<\/div>\n\t\t\t\t<\/div>\n\t\t\t\t\t<\/div>\n\t\t\t\t<\/div>\n\t\t<div class=\"elementor-element elementor-element-cp2c009332 e-flex e-con-boxed e-con e-parent\" data-id=\"cp2c009332\" data-element_type=\"container\" data-e-type=\"container\">\n\t\t\t\t\t<div class=\"e-con-inner\">\n\t\t\t\t<div class=\"elementor-element elementor-element-cp225c94da elementor-widget elementor-widget-heading\" data-id=\"cp225c94da\" data-element_type=\"widget\" data-e-type=\"widget\" data-widget_type=\"heading.default\">\n\t\t\t\t\t<h2 class=\"elementor-heading-title elementor-size-default\">N\u00e1siln\u00e1 misia, \u00fatlak a s\u00fa\u010dasn\u00e9 znovuosvojenie<\/h2>\t\t\t\t<\/div>\n\t\t<div class=\"elementor-element elementor-element-cp2c7191ab e-flex e-con-boxed e-con e-child\" data-id=\"cp2c7191ab\" data-element_type=\"container\" data-e-type=\"container\">\n\t\t\t\t\t<div class=\"e-con-inner\">\n\t\t\t\t<div class=\"elementor-element elementor-element-cp23f4061d elementor-widget elementor-widget-text-editor\" data-id=\"cp23f4061d\" data-element_type=\"widget\" data-e-type=\"widget\" data-widget_type=\"text-editor.default\">\n\t\t\t\t\t\t\t\t\t<p>Christianiz\u00e1cia Baltov bola dlh\u00fd a \u010diasto\u010dne n\u00e1siln\u00fd proces. R\u00e1d nemeck\u00fdch rytierov a R\u00e1d bratov me\u010da od 13. storo\u010dia mision\u00e1r\u010dili medzi Prusmi a obyvate\u013emi \u00fazemia dne\u0161n\u00e9ho Loty\u0161ska a Est\u00f3nska pod vojensk\u00fdm n\u00e1tlakom, s v\u00fdrazn\u00fdmi stratami na \u017eivotoch a stratou vlastnej kult\u00fary, jazyk Prusov zanikol v 17. storo\u010d\u00ed.<\/p><p>Litva ako samostatn\u00e9 ve\u013ekoknie\u017eatstvo prijala v roku 1387 pod ve\u013ekoknie\u017ea\u0165om Jogailom kres\u0165anstvo z politick\u00e9ho kalkulu, aby upevnila spojenie s Po\u013eskom a od\u0148ala kr\u00ed\u017eov\u00fdm v\u00fdprav\u00e1m R\u00e1du nemeck\u00fdch rytierov ich z\u00e1mienku. \u00dazemie \u017demaitija (N\u00ed\u017einn\u00e1 Litva) nasledovalo a\u017e v roku 1413, po v\u00ed\u0165azstve nad r\u00e1dom pri Grunwalde v roku 1410. Spr\u00e1vy o pokra\u010duj\u00facich obet\u00e1ch oh\u0148u, stromom, hadom a in\u00fdm sv\u00e4t\u00fdm objektom sa ojedinele objavuj\u00fa a\u017e do 18. storo\u010dia.<\/p><p>V 19. a 20. storo\u010d\u00ed sa n\u00e1bo\u017eensk\u00fd tlak spojil s jazykov\u00fdm a kult\u00farnym, pod c\u00e1rskou a nesk\u00f4r sovietskou vl\u00e1dou boli litovsk\u00fd a loty\u0161sk\u00fd jazyk a kult\u00fara do\u010dasne v\u00fdrazne obmedzovan\u00e9.<\/p><p>Od konca 20. storo\u010dia, najm\u00e4 po znovunadobudnut\u00ed nez\u00e1vislosti Litvy a Loty\u0161ska v rokoch 1990 a 1991, je pozorovate\u013en\u00fd nov\u00fd z\u00e1ujem o predkres\u0165ansk\u00e9 <span class=\"iwg-fachbegriff\" data-tooltip=\"Odovzd\u00e1vanie poznatkov a rozpr\u00e1van\u00ed z gener\u00e1cie na gener\u00e1ciu.\" tabindex=\"0\">trad\u00edcie<\/span>. Prejavuje sa v novopohanskom hnut\u00ed Romuva v Litve, ktor\u00e9 v roku 2015 tam pre\u0161lo form\u00e1lnym procesom uznania, a v hnut\u00ed Dievtur\u012bba v Loty\u0161sku, ktor\u00e9 vzniklo u\u017e v medzivojnovom obdob\u00ed.<\/p><p>Tento z\u00e1ujem sa prejavuje aj v udr\u017eiavan\u00ed dain, na festivaloch \u013eudov\u00fdch piesn\u00ed, ktor\u00e9 s\u00fa zap\u00edsan\u00e9 v Reprezentat\u00edvnom zozname nehmotn\u00e9ho kult\u00farneho dedi\u010dstva UNESCO, a v rast\u00facom akademickom i umeleckom z\u00e1ujme o predkres\u0165ansk\u00e9 mot\u00edvy.<\/p><p>O \u0161irokom obnoven\u00ed star\u00e9ho n\u00e1bo\u017eenstva ako \u017eivej v\u00e4\u010d\u0161inovej praxe sa v\u0161ak hovori\u0165 ned\u00e1. V\u00e4\u010d\u0161ina Litov\u010danov a Loty\u0161ov je konfesion\u00e1lne kres\u0165ansk\u00e1 a z\u00e1ujem o predkres\u0165ansk\u00fa minulos\u0165 je predov\u0161etk\u00fdm prejavom kult\u00farnej sebareflexie a historick\u00e9ho vyrovn\u00e1vania sa s minulos\u0165ou.<\/p>\t\t\t\t\t\t\t\t<\/div>\n\t\t\t\t\t<\/div>\n\t\t\t\t<\/div>\n\t\t\t\t\t<\/div>\n\t\t\t\t<\/div>\n\t\t<div class=\"elementor-element elementor-element-iwgha-sami-sec e-flex e-con-boxed e-con e-parent\" data-id=\"iwgha-sami-sec\" data-element_type=\"container\" data-e-type=\"container\">\n\t\t\t\t\t<div class=\"e-con-inner\">\n\t\t\t\t<div class=\"elementor-element elementor-element-iwgha-sami-h elementor-widget elementor-widget-heading\" data-id=\"iwgha-sami-h\" data-element_type=\"widget\" data-e-type=\"widget\" data-widget_type=\"heading.default\">\n\t\t\t\t\t<h2 class=\"elementor-heading-title elementor-size-default\">Bytosti tejto trad\u00edcie (9)<\/h2>\t\t\t\t<\/div>\n\t\t<div class=\"elementor-element elementor-element-iwgha-sami-gc e-flex e-con-boxed e-con e-parent\" data-id=\"iwgha-sami-gc\" data-element_type=\"container\" data-e-type=\"container\">\n\t\t\t\t\t<div class=\"e-con-inner\">\n\t\t\t\t<div class=\"elementor-element elementor-element-iwgha-sami-grid elementor-widget elementor-widget-text-editor\" data-id=\"iwgha-sami-grid\" data-element_type=\"widget\" data-e-type=\"widget\" data-widget_type=\"text-editor.default\">\n\t\t\t\t\t\t\t\t\t<div class=\"iwg-wesen-grid\"><a class=\"iwg-wesen-card\" href=\"https:\/\/iwell-guard.com\/sk\/meza-mate\/\" aria-label=\"Me\u017ea m\u0101te\"><div class=\"iwg-wesen-card-imgwrap\"><img decoding=\"async\" src=\"https:\/\/iwell-guard.com\/wp-content\/uploads\/2026\/07\/goetter_baltikum_meza-mate-200x300.webp\" alt=\"Me\u017ea m\u0101te\" loading=\"lazy\"><\/div><div class=\"iwg-wesen-card-body\"><div class=\"iwg-wesen-card-name\">Me\u017ea m\u0101te<\/div><div class=\"iwg-wesen-card-arrow\">\u2192 K bytosti<\/div><\/div><\/a><a class=\"iwg-wesen-card\" href=\"https:\/\/iwell-guard.com\/sk\/medeina\/\" aria-label=\"Medeina\"><div class=\"iwg-wesen-card-imgwrap\"><img decoding=\"async\" src=\"https:\/\/iwell-guard.com\/wp-content\/uploads\/2026\/07\/goetter_baltikum_medeina-200x300.webp\" alt=\"Medeina\" loading=\"lazy\"><\/div><div class=\"iwg-wesen-card-body\"><div class=\"iwg-wesen-card-name\">Medeina<\/div><div class=\"iwg-wesen-card-arrow\">\u2192 K bytosti<\/div><\/div><\/a><a class=\"iwg-wesen-card\" href=\"https:\/\/iwell-guard.com\/sk\/jagaubis\/\" aria-label=\"Jagaubis\"><div class=\"iwg-wesen-card-imgwrap\"><img decoding=\"async\" src=\"https:\/\/iwell-guard.com\/wp-content\/uploads\/2026\/07\/geister_baltisch_jagaubis-200x300.webp\" alt=\"Jagaubis\" loading=\"lazy\"><\/div><div class=\"iwg-wesen-card-body\"><div class=\"iwg-wesen-card-name\">Jagaubis<\/div><div class=\"iwg-wesen-card-arrow\">\u2192 K bytosti<\/div><\/div><\/a><a class=\"iwg-wesen-card\" href=\"https:\/\/iwell-guard.com\/sk\/gabija\/\" aria-label=\"Gabija\"><div class=\"iwg-wesen-card-imgwrap\"><img decoding=\"async\" src=\"https:\/\/iwell-guard.com\/wp-content\/uploads\/2026\/07\/goetter_baltisch_gabija-200x300.webp\" alt=\"Gabija\" loading=\"lazy\"><\/div><div class=\"iwg-wesen-card-body\"><div class=\"iwg-wesen-card-name\">Gabija<\/div><div class=\"iwg-wesen-card-arrow\">\u2192 K bytosti<\/div><\/div><\/a><a class=\"iwg-wesen-card\" href=\"https:\/\/iwell-guard.com\/sk\/vejopatis\/\" aria-label=\"Vejopatis\"><div class=\"iwg-wesen-card-imgwrap\"><img decoding=\"async\" src=\"https:\/\/iwell-guard.com\/wp-content\/uploads\/2026\/07\/goetter_baltisch_vejopatis-200x300.webp\" alt=\"Vejopatis\" loading=\"lazy\"><\/div><div class=\"iwg-wesen-card-body\"><div class=\"iwg-wesen-card-name\">Vejopatis<\/div><div class=\"iwg-wesen-card-arrow\">\u2192 K bytosti<\/div><\/div><\/a><a class=\"iwg-wesen-card\" href=\"https:\/\/iwell-guard.com\/sk\/zaltys\/\" aria-label=\"\u017daltys\"><div class=\"iwg-wesen-card-imgwrap\"><img decoding=\"async\" src=\"https:\/\/iwell-guard.com\/wp-content\/uploads\/2026\/07\/geister_baltisch_zaltys-200x300.webp\" alt=\"\u017daltys\" loading=\"lazy\"><\/div><div class=\"iwg-wesen-card-body\"><div class=\"iwg-wesen-card-name\">\u017daltys<\/div><div class=\"iwg-wesen-card-arrow\">\u2192 K bytosti<\/div><\/div><\/a><a class=\"iwg-wesen-card\" href=\"https:\/\/iwell-guard.com\/sk\/majas-gars\/\" aria-label=\"M\u0101jas gars\"><div class=\"iwg-wesen-card-imgwrap\"><img decoding=\"async\" src=\"https:\/\/iwell-guard.com\/wp-content\/uploads\/2026\/07\/geister_baltisch_majas-gars-200x300.webp\" alt=\"M\u0101jas gars\" loading=\"lazy\"><\/div><div class=\"iwg-wesen-card-body\"><div class=\"iwg-wesen-card-name\">M\u0101jas gars<\/div><div class=\"iwg-wesen-card-arrow\">\u2192 K bytosti<\/div><\/div><\/a><a class=\"iwg-wesen-card\" href=\"https:\/\/iwell-guard.com\/sk\/kaukas\/\" aria-label=\"Kaukas\"><div class=\"iwg-wesen-card-imgwrap\"><img decoding=\"async\" src=\"https:\/\/iwell-guard.com\/wp-content\/uploads\/2026\/07\/geister_baltisch_kaukas-200x300.webp\" alt=\"Kaukas\" loading=\"lazy\"><\/div><div class=\"iwg-wesen-card-body\"><div class=\"iwg-wesen-card-name\">Kaukas<\/div><div class=\"iwg-wesen-card-arrow\">\u2192 K bytosti<\/div><\/div><\/a><a class=\"iwg-wesen-card\" href=\"https:\/\/iwell-guard.com\/sk\/aitvaras\/\" aria-label=\"Aitvaras\"><div class=\"iwg-wesen-card-imgwrap\"><img decoding=\"async\" src=\"https:\/\/iwell-guard.com\/wp-content\/uploads\/2026\/07\/geister_baltisch_aitvaras-200x300.webp\" alt=\"Aitvaras\" loading=\"lazy\"><\/div><div class=\"iwg-wesen-card-body\"><div class=\"iwg-wesen-card-name\">Aitvaras<\/div><div class=\"iwg-wesen-card-arrow\">\u2192 K bytosti<\/div><\/div><\/a><\/div>\t\t\t\t\t\t\t\t<\/div>\n\t\t\t\t\t<\/div>\n\t\t\t\t<\/div>\n\t\t\t\t\t<\/div>\n\t\t\t\t<\/div>\n\t\t<div class=\"elementor-element elementor-element-iwgkw2-add-sami e-flex e-con-boxed e-con e-parent\" data-id=\"iwgkw2-add-sami\" data-element_type=\"container\" data-e-type=\"container\">\n\t\t\t\t\t<div class=\"e-con-inner\">\n\t\t\t\t<div class=\"elementor-element elementor-element-iwgkw2-add-sami-t elementor-widget elementor-widget-text-editor\" data-id=\"iwgkw2-add-sami-t\" data-element_type=\"widget\" data-e-type=\"widget\" data-widget_type=\"text-editor.default\">\n\t\t\t\t\t\t\t\t\t<p>Litovsko-loty\u0161sk\u00fd <em>kult oh\u0148a Gabija<\/em> sp\u00e1ja ohnisko, obetn\u00e9 dary a pr\u00edkazy \u010distoty do samostatnej ochrannej praxe pre dom a rodinu, zatia\u013e \u010do <em>dom\u00e1ci had \u017daltys<\/em> bol \u017eiv\u00fdm ochrann\u00fdm zviera\u0165om pre blahobyt a bezpe\u010dnos\u0165 dvora a dobytka.<\/p>\t\t\t\t\t\t\t\t<\/div>\n\t\t\t\t\t<\/div>\n\t\t\t\t<\/div>\n\t\t<div class=\"elementor-element elementor-element-iwgcn-sami-kwd e-flex e-con-boxed e-con e-parent\" data-id=\"iwgcn-sami-kwd\" data-element_type=\"container\" data-e-type=\"container\">\n\t\t\t\t\t<div class=\"e-con-inner\">\n\t\t<div class=\"elementor-element elementor-element-iwgcn-sami-kwd-c e-con-full e-flex e-con e-child\" data-id=\"iwgcn-sami-kwd-c\" data-element_type=\"container\" data-e-type=\"container\">\n\t\t\t\t<div class=\"elementor-element elementor-element-iwgcn-sami-kwdt elementor-widget elementor-widget-text-editor\" data-id=\"iwgcn-sami-kwdt\" data-element_type=\"widget\" data-e-type=\"widget\" data-widget_type=\"text-editor.default\">\n\t\t\t\t\t\t\t\t\t<p><em>S\u00favisiace k\u013e\u00fa\u010dov\u00e9 pojmy: Perk\u016bnas P\u0113rkons Dievas Dievs Laima Saul\u0117 Gabija \u017daltys dainy Litva Loty\u0161sko.<\/em><\/p>\t\t\t\t\t\t\t\t<\/div>\n\t\t\t\t<\/div>\n\t\t\t\t\t<\/div>\n\t\t\t\t<\/div>\n\t\t<div class=\"elementor-element elementor-element-iwgcn-sami-cc e-flex e-con-boxed e-con e-parent\" data-id=\"iwgcn-sami-cc\" data-element_type=\"container\" data-e-type=\"container\" id=\"iwg-cc-sami\">\n\t\t\t\t\t<div class=\"e-con-inner\">\n\t\t<div class=\"elementor-element elementor-element-iwgcn-sami-ccinner e-flex e-con-boxed e-con e-parent\" data-id=\"iwgcn-sami-ccinner\" data-element_type=\"container\" data-e-type=\"container\" data-settings=\"{&quot;background_background&quot;:&quot;classic&quot;}\">\n\t\t\t\t\t<div class=\"e-con-inner\">\n\t\t\t\t<div class=\"elementor-element elementor-element-iwgcn-sami-cch elementor-widget elementor-widget-heading\" data-id=\"iwgcn-sami-cch\" data-element_type=\"widget\" data-e-type=\"widget\" data-widget_type=\"heading.default\">\n\t\t\t\t\t<h2 class=\"elementor-heading-title elementor-size-default\">Ochrann\u00e9 predmety v tejto kult\u00farnej trad\u00edcii<\/h2>\t\t\t\t<\/div>\n\t\t\t\t<div class=\"elementor-element elementor-element-iwgcn-sami-cct elementor-widget elementor-widget-text-editor\" data-id=\"iwgcn-sami-cct\" data-element_type=\"widget\" data-e-type=\"widget\" data-widget_type=\"text-editor.default\">\n\t\t\t\t\t\t\t\t\t<p>Baltsk\u00e1 trad\u00edcia pozn\u00e1 starostlivo udr\u017eiavan\u00e9 ohnisko Gabije, mliekom k\u0155men\u00e9ho dom\u00e1ceho hada \u017daltys ako \u017eiv\u00e9 ochrann\u00e9 zviera a ambivalentn\u00fdch dom\u00e1cich duchov ako Kaukas a ohniv\u00fd Aitvaras, ktor\u00ed prin\u00e1\u0161aj\u00fa blahobyt, ale pri zanedban\u00ed aj ne\u0161\u0165astie; nosen\u00e9 amulety s\u00fa v prame\u0148och dosved\u010den\u00e9 menej \u010dasto ne\u017e tieto k domu a dvoru viazan\u00e9 ochrann\u00e9 formy, porovnate\u013en\u00e9 pr\u00edpadne s <a href=\"https:\/\/iwell-guard.com\/sk\/zelezo-a-chladne-zelezo\/\">\u017eelezom<\/a> alebo <a href=\"https:\/\/iwell-guard.com\/sk\/ochranne-vrecusko-breverl\/\">ochrann\u00fdm vreckom<\/a> in\u00fdch kult\u00far. Preh\u013ead ochrann\u00fdch predmetov r\u00f4znych trad\u00edci\u00ed pon\u00faka <a href=\"https:\/\/iwell-guard.com\/sk\/schutz-kompas\/\">Kompas ochrany<\/a>.<\/p><div data-nosnippet=\"true\"><p>iWell Guard sa za\u010dle\u0148uje do tejto kult\u00farno-historickej l\u00ednie nosen\u00fdch ochrann\u00fdch predmetov, v s\u00fa\u010dasnej materi\u00e1lovej architekt\u00fare, vyroben\u00fd v Nemecku. 41 vrstiev, skuto\u010dn\u00e9 zlato, platina, striebro. 30-d\u0148ov\u00e1 lehota na vr\u00e1tenie.<\/p><\/div>\t\t\t\t\t\t\t\t<\/div>\n\t\t\t\t<div class=\"elementor-element elementor-element-iwgcn-sami-ccb iwg-cc-button iwg-cc-cta-2026-05-13 elementor-widget elementor-widget-jet-button\" data-id=\"iwgcn-sami-ccb\" data-element_type=\"widget\" data-e-type=\"widget\" data-widget_type=\"jet-button.default\">\n\t\t\t\t<div class=\"elementor-widget-container\">\n\t\t\t\t\t<div class=\"elementor-jet-button jet-elements\"><div class=\"jet-button__container\"><a class=\"jet-button__instance jet-button__instance--icon-left hover-effect-1\" href=\"\/ueber-iwell-guard\/?utm_source=iwell-guard.com&amp;utm_medium=info-box&amp;utm_campaign=kultur-tradition\"><div class=\"jet-button__plane jet-button__plane-normal\"><\/div><div class=\"jet-button__plane jet-button__plane-hover\"><\/div><div class=\"jet-button__state jet-button__state-normal\"><span class=\"jet-button__label\">Viac o iWell Guard<\/span><\/div><div class=\"jet-button__state jet-button__state-hover\"><span class=\"jet-button__label\">Viac o iWell Guard<\/span><\/div><\/a><\/div><\/div><style>.elementor-element.elementor-element-iwgcn-sami-ccb .jet-button__instance{width:320px;height:56px;}.elementor-element.elementor-element-iwgcn-sami-ccb .jet-button__state-normal .jet-button__label{text-align:center;margin:0px 0px 0px 0px;color:#1a1b20;font-family:Montserrat,sans-serif;font-size:13px;font-weight:400;letter-spacing:4px;line-height:1.714em;text-transform:uppercase;}.elementor-element.elementor-element-iwgcn-sami-ccb .jet-button__state-hover .jet-button__label{text-align:center;margin:0px 0px 0px 0px;color:#FECC76;font-family:Montserrat,sans-serif;font-size:13px;font-weight:400;letter-spacing:4px;line-height:1.714em;text-transform:uppercase;}.elementor-element.elementor-element-iwgcn-sami-ccb .jet-button__plane-normal{background-color:#FECC76;border-style:solid;border-color:#C99540;border-width:2px 2px 2px 2px;}.elementor-element.elementor-element-iwgcn-sami-ccb .jet-button__plane-hover{background-color:rgba(0,0,0,0.55);border-style:solid;border-color:#FECC76;border-width:2px 2px 2px 2px;}<\/style>\t\t\t\t<\/div>\n\t\t\t\t<\/div>\n\t\t\t\t<div class=\"elementor-element elementor-element-iwgcn-sami-ccd elementor-widget elementor-widget-text-editor\" data-id=\"iwgcn-sami-ccd\" data-element_type=\"widget\" data-e-type=\"widget\" data-widget_type=\"text-editor.default\">\n\t\t\t\t\t\t\t\t\t<div data-nosnippet=\"true\"><p style=\"text-align:center;font-size:13px;opacity:0.7;margin-top:14px\" data-nosnippet=\"true\">Osobn\u00e9 sk\u00fasenosti sa m\u00f4\u017eu l\u00ed\u0161i\u0165. Nie je to zdravotn\u00edcka pom\u00f4cka. \u017diadny pr\u00eds\u013eub lie\u010denia.<\/p><\/div>\t\t\t\t\t\t\t\t<\/div>\n\t\t\t\t\t<\/div>\n\t\t\t\t<\/div>\n\t\t\t\t\t<\/div>\n\t\t\t\t<\/div>\n\t\t<div class=\"elementor-element elementor-element-iwgcn-sami-disc e-flex e-con-boxed e-con e-parent\" data-id=\"iwgcn-sami-disc\" data-element_type=\"container\" data-e-type=\"container\">\n\t\t\t\t\t<div class=\"e-con-inner\">\n\t\t\t\t<div class=\"elementor-element elementor-element-iwgcn-sami-discw elementor-widget elementor-widget-html\" data-id=\"iwgcn-sami-discw\" data-element_type=\"widget\" data-e-type=\"widget\" data-widget_type=\"html.default\">\n\t\t\t\t\t<footer data-nosnippet=\"true\" class=\"iwg-disclaimer-block\"><p data-nosnippet=\"true\">iWell Guard <strong>nie je zdravotn\u00edcka pom\u00f4cka<\/strong> a nenahr\u00e1dza lek\u00e1rske ani psychoterapeutick\u00e9 o\u0161etrenie. Religionistick\u00fd obsah predstavuje kult\u00farno-historick\u00e9 zaradenie, nie odpor\u00fa\u010danie duchovnej praxe.<\/p><\/footer>\t\t\t\t<\/div>\n\t\t\t\t\t<\/div>\n\t\t\t\t<\/div>\n\t\t\t\t<\/div>\n\t\t","protected":false},"excerpt":{"rendered":"","protected":false},"author":3,"featured_media":20404,"parent":0,"menu_order":0,"comment_status":"closed","ping_status":"closed","template":"elementor_header_footer","meta":{"_yoast_wpseo_focuskw":"baltsk\u00e1 mytol\u00f3gia","_yoast_wpseo_title":"Baltsk\u00e1 mytol\u00f3gia: bohovia Litvy a Loty\u0161ska","_yoast_wpseo_metadesc":"Perk\u016bnas, Gabija a dom\u00e1ci had \u017daltys: baltsk\u00e1 mytol\u00f3gia Litvy a Loty\u0161ska vysvetlen\u00e1 z religionistick\u00e9ho h\u013eadiska.","_yoast_wpseo_meta-robots-noindex":"","_yoast_wpseo_canonical":"","_angie_page":false,"gefaehrdungsstufe":"","wesen_kultur":"","wesen_klasse":"","footnotes":""},"categories":[],"class_list":["post-158848","page","type-page","status-publish","has-post-thumbnail","hentry"],"yoast_head":"<!-- This site is optimized with the Yoast SEO Premium plugin v27.7 (Yoast SEO v28.3) - https:\/\/yoast.com\/product\/yoast-seo-premium-wordpress\/ -->\n<title>Baltsk\u00e1 mytol\u00f3gia: bohovia Litvy a Loty\u0161ska<\/title>\n<meta name=\"description\" content=\"Perk\u016bnas, Gabija a dom\u00e1ci had \u017daltys: baltsk\u00e1 mytol\u00f3gia Litvy a Loty\u0161ska vysvetlen\u00e1 z religionistick\u00e9ho h\u013eadiska.\" \/>\n<meta name=\"robots\" content=\"index, follow, max-snippet:-1, max-image-preview:large, max-video-preview:-1\" \/>\n<link rel=\"canonical\" href=\"https:\/\/iwell-guard.com\/sk\/baltska-mytologia\/\" \/>\n<meta property=\"og:locale\" content=\"sk_SK\" \/>\n<meta property=\"og:type\" content=\"article\" \/>\n<meta property=\"og:title\" content=\"Baltsk\u00e1 mytol\u00f3gia\" \/>\n<meta property=\"og:description\" content=\"Perk\u016bnas, Gabija a dom\u00e1ci had \u017daltys: baltsk\u00e1 mytol\u00f3gia Litvy a Loty\u0161ska vysvetlen\u00e1 z religionistick\u00e9ho h\u013eadiska.\" \/>\n<meta property=\"og:url\" content=\"https:\/\/iwell-guard.com\/sk\/baltska-mytologia\/\" \/>\n<meta property=\"og:site_name\" content=\"iWell Guard\" \/>\n<meta property=\"article:modified_time\" content=\"2026-09-04T23:13:25+00:00\" \/>\n<meta property=\"og:image\" content=\"https:\/\/iwell-guard.com\/wp-content\/uploads\/2026\/07\/goetter_baltikum_medeina.webp\" \/>\n\t<meta property=\"og:image:width\" content=\"1024\" \/>\n\t<meta property=\"og:image:height\" content=\"1536\" \/>\n\t<meta property=\"og:image:type\" content=\"image\/webp\" \/>\n<meta name=\"twitter:card\" content=\"summary_large_image\" \/>\n<script type=\"application\/ld+json\" class=\"yoast-schema-graph\">{\"@context\":\"https:\\\/\\\/schema.org\",\"@graph\":[{\"@type\":\"WebPage\",\"@id\":\"https:\\\/\\\/iwell-guard.com\\\/sk\\\/baltska-mytologia\\\/\",\"url\":\"https:\\\/\\\/iwell-guard.com\\\/sk\\\/baltska-mytologia\\\/\",\"name\":\"Baltsk\u00e1 mytol\u00f3gia: bohovia Litvy a Loty\u0161ska\",\"isPartOf\":{\"@id\":\"https:\\\/\\\/iwell-guard.com\\\/sk\\\/#website\"},\"primaryImageOfPage\":{\"@id\":\"https:\\\/\\\/iwell-guard.com\\\/sk\\\/baltska-mytologia\\\/#primaryimage\"},\"image\":{\"@id\":\"https:\\\/\\\/iwell-guard.com\\\/sk\\\/baltska-mytologia\\\/#primaryimage\"},\"thumbnailUrl\":\"https:\\\/\\\/iwell-guard.com\\\/wp-content\\\/uploads\\\/2026\\\/07\\\/goetter_baltikum_medeina.webp\",\"datePublished\":\"2026-09-04T22:36:00+00:00\",\"dateModified\":\"2026-09-04T23:13:25+00:00\",\"description\":\"Perk\u016bnas, Gabija a dom\u00e1ci had \u017daltys: baltsk\u00e1 mytol\u00f3gia Litvy a Loty\u0161ska vysvetlen\u00e1 z religionistick\u00e9ho h\u013eadiska.\",\"breadcrumb\":{\"@id\":\"https:\\\/\\\/iwell-guard.com\\\/sk\\\/baltska-mytologia\\\/#breadcrumb\"},\"inLanguage\":\"sk-SK\",\"potentialAction\":[{\"@type\":\"ReadAction\",\"target\":[\"https:\\\/\\\/iwell-guard.com\\\/sk\\\/baltska-mytologia\\\/\"]}]},{\"@type\":\"ImageObject\",\"inLanguage\":\"sk-SK\",\"@id\":\"https:\\\/\\\/iwell-guard.com\\\/sk\\\/baltska-mytologia\\\/#primaryimage\",\"url\":\"https:\\\/\\\/iwell-guard.com\\\/wp-content\\\/uploads\\\/2026\\\/07\\\/goetter_baltikum_medeina.webp\",\"contentUrl\":\"https:\\\/\\\/iwell-guard.com\\\/wp-content\\\/uploads\\\/2026\\\/07\\\/goetter_baltikum_medeina.webp\",\"width\":1024,\"height\":1536,\"caption\":\"Medeina, bohy\u0148a baltskej trad\u00edcie\"},{\"@type\":\"BreadcrumbList\",\"@id\":\"https:\\\/\\\/iwell-guard.com\\\/sk\\\/baltska-mytologia\\\/#breadcrumb\",\"itemListElement\":[{\"@type\":\"ListItem\",\"position\":1,\"name\":\"Start\",\"item\":\"https:\\\/\\\/iwell-guard.com\\\/sk\\\/?page_id=157572\"},{\"@type\":\"ListItem\",\"position\":2,\"name\":\"Baltsk\u00e1 mytol\u00f3gia\"}]},{\"@type\":\"WebSite\",\"@id\":\"https:\\\/\\\/iwell-guard.com\\\/sk\\\/#website\",\"url\":\"https:\\\/\\\/iwell-guard.com\\\/sk\\\/\",\"name\":\"iWell Guard\",\"description\":\"Schutz vor dunklen Einfl\u00fcssen\",\"publisher\":{\"@id\":\"https:\\\/\\\/iwell-guard.com\\\/sk\\\/#organization\"},\"potentialAction\":[{\"@type\":\"SearchAction\",\"target\":{\"@type\":\"EntryPoint\",\"urlTemplate\":\"https:\\\/\\\/iwell-guard.com\\\/sk\\\/?s={search_term_string}\"},\"query-input\":{\"@type\":\"PropertyValueSpecification\",\"valueRequired\":true,\"valueName\":\"search_term_string\"}}],\"inLanguage\":\"sk-SK\"},{\"@type\":\"Organization\",\"@id\":\"https:\\\/\\\/iwell-guard.com\\\/sk\\\/#organization\",\"name\":\"Ittermann electronic GmbH\",\"url\":\"https:\\\/\\\/iwell-guard.com\\\/sk\\\/\",\"logo\":{\"@type\":\"ImageObject\",\"inLanguage\":\"sk-SK\",\"@id\":\"https:\\\/\\\/iwell-guard.com\\\/sk\\\/#\\\/schema\\\/logo\\\/image\\\/\",\"url\":\"https:\\\/\\\/iwell-guard.com\\\/wp-content\\\/uploads\\\/2026\\\/05\\\/Ittermann-Logo-1182x237-1.png\",\"contentUrl\":\"https:\\\/\\\/iwell-guard.com\\\/wp-content\\\/uploads\\\/2026\\\/05\\\/Ittermann-Logo-1182x237-1.png\",\"width\":1182,\"height\":237,\"caption\":\"Ittermann electronic GmbH\"},\"image\":{\"@id\":\"https:\\\/\\\/iwell-guard.com\\\/sk\\\/#\\\/schema\\\/logo\\\/image\\\/\"},\"sameAs\":[\"https:\\\/\\\/pantip.com\\\/profile\\\/9367242\",\"https:\\\/\\\/micro.blog\\\/iwellguard\",\"https:\\\/\\\/www.diggerslist.com\\\/iwellguard\\\/about\",\"https:\\\/\\\/skitterphoto.com\\\/photographers\\\/2870314\\\/iwell-guard\",\"https:\\\/\\\/iwellguard.wordpress.com\\\/2026\\\/06\\\/06\\\/iwell-guard\\\/\",\"https:\\\/\\\/hub.docker.com\\\/u\\\/iwellguard\",\"https:\\\/\\\/www.pinterest.com\\\/iwellguard\\\/\",\"https:\\\/\\\/bit.ly\\\/m\\\/iwellguard\",\"https:\\\/\\\/entre-vos-mains.alsace.eu\\\/profiles\\\/iwellguard\\\/activity\",\"https:\\\/\\\/gravatar.com\\\/reallybeded8fd34\",\"https:\\\/\\\/naijamatta.com\\\/iwellguard\",\"https:\\\/\\\/www.goodreads.com\\\/iwellguard\",\"https:\\\/\\\/profile.hatena.ne.jp\\\/iwellguard\\\/\",\"https:\\\/\\\/experiment.com\\\/users\\\/iwellguard\",\"https:\\\/\\\/wakelet.com\\\/@iWellGuard82270\",\"https:\\\/\\\/www.chordie.com\\\/forum\\\/profile.php?id=2555664\",\"https:\\\/\\\/www.instapaper.com\\\/p\\\/17757966\",\"https:\\\/\\\/www.mapleprimes.com\\\/users\\\/iwellguard\",\"https:\\\/\\\/businesslistingplus.com\\\/profile\\\/iwell-guard\\\/\",\"https:\\\/\\\/telegra.ph\\\/iWell-Guard-06-06\",\"https:\\\/\\\/pbase.com\\\/iwellguard\\\/iwellguard\",\"https:\\\/\\\/b.hatena.ne.jp\\\/iwellguard\\\/20260607#bookmark-4788405196491818882\",\"https:\\\/\\\/fliphtml5.com\\\/home\\\/iwellguard\",\"https:\\\/\\\/anyflip.com\\\/homepage\\\/cmiwl#About\",\"https:\\\/\\\/transfur.com\\\/Users\\\/iwellguard\",\"http:\\\/\\\/delphi.larsbo.org\\\/user\\\/iwellguard\",\"https:\\\/\\\/jobs.lajobsportal.org\\\/profiles\\\/8380803-iwell-guard\",\"https:\\\/\\\/md.chaosdorf.de\\\/s\\\/jfbe5SBdJD\",\"https:\\\/\\\/www.lingvolive.com\\\/en-us\\\/profile\\\/9ecaeaca-ce11-4e51-9e71-01d55e2bff36\\\/translations\",\"https:\\\/\\\/www.fitday.com\\\/fitness\\\/forums\\\/members\\\/iwellguard.html\",\"https:\\\/\\\/www.mymeetbook.com\\\/iwellguard\",\"https:\\\/\\\/pxhere.com\\\/en\\\/photographer-me\\\/5040798\",\"https:\\\/\\\/disqus.com\\\/by\\\/iwellguard\\\/about\\\/\",\"https:\\\/\\\/pastelink.net\\\/hjwciqwq\",\"https:\\\/\\\/pubhtml5.com\\\/homepage\\\/scjhn\\\/\",\"https:\\\/\\\/www.bitchute.com\\\/channel\\\/2O2eOKzNqujT\",\"https:\\\/\\\/audiomack.com\\\/iwellguard\"]}]}<\/script>\n<!-- \/ Yoast SEO Premium plugin. -->","yoast_head_json":{"title":"Baltsk\u00e1 mytol\u00f3gia: bohovia Litvy a Loty\u0161ska","description":"Perk\u016bnas, Gabija a dom\u00e1ci had \u017daltys: baltsk\u00e1 mytol\u00f3gia Litvy a Loty\u0161ska vysvetlen\u00e1 z religionistick\u00e9ho h\u013eadiska.","robots":{"index":"index","follow":"follow","max-snippet":"max-snippet:-1","max-image-preview":"max-image-preview:large","max-video-preview":"max-video-preview:-1"},"canonical":"https:\/\/iwell-guard.com\/sk\/baltska-mytologia\/","og_locale":"sk_SK","og_type":"article","og_title":"Baltsk\u00e1 mytol\u00f3gia","og_description":"Perk\u016bnas, Gabija a dom\u00e1ci had \u017daltys: baltsk\u00e1 mytol\u00f3gia Litvy a Loty\u0161ska vysvetlen\u00e1 z religionistick\u00e9ho h\u013eadiska.","og_url":"https:\/\/iwell-guard.com\/sk\/baltska-mytologia\/","og_site_name":"iWell Guard","article_modified_time":"2026-09-04T23:13:25+00:00","og_image":[{"width":1024,"height":1536,"url":"https:\/\/iwell-guard.com\/wp-content\/uploads\/2026\/07\/goetter_baltikum_medeina.webp","type":"image\/webp"}],"twitter_card":"summary_large_image","schema":{"@context":"https:\/\/schema.org","@graph":[{"@type":"WebPage","@id":"https:\/\/iwell-guard.com\/sk\/baltska-mytologia\/","url":"https:\/\/iwell-guard.com\/sk\/baltska-mytologia\/","name":"Baltsk\u00e1 mytol\u00f3gia: bohovia Litvy a Loty\u0161ska","isPartOf":{"@id":"https:\/\/iwell-guard.com\/sk\/#website"},"primaryImageOfPage":{"@id":"https:\/\/iwell-guard.com\/sk\/baltska-mytologia\/#primaryimage"},"image":{"@id":"https:\/\/iwell-guard.com\/sk\/baltska-mytologia\/#primaryimage"},"thumbnailUrl":"https:\/\/iwell-guard.com\/wp-content\/uploads\/2026\/07\/goetter_baltikum_medeina.webp","datePublished":"2026-09-04T22:36:00+00:00","dateModified":"2026-09-04T23:13:25+00:00","description":"Perk\u016bnas, Gabija a dom\u00e1ci had \u017daltys: baltsk\u00e1 mytol\u00f3gia Litvy a Loty\u0161ska vysvetlen\u00e1 z religionistick\u00e9ho h\u013eadiska.","breadcrumb":{"@id":"https:\/\/iwell-guard.com\/sk\/baltska-mytologia\/#breadcrumb"},"inLanguage":"sk-SK","potentialAction":[{"@type":"ReadAction","target":["https:\/\/iwell-guard.com\/sk\/baltska-mytologia\/"]}]},{"@type":"ImageObject","inLanguage":"sk-SK","@id":"https:\/\/iwell-guard.com\/sk\/baltska-mytologia\/#primaryimage","url":"https:\/\/iwell-guard.com\/wp-content\/uploads\/2026\/07\/goetter_baltikum_medeina.webp","contentUrl":"https:\/\/iwell-guard.com\/wp-content\/uploads\/2026\/07\/goetter_baltikum_medeina.webp","width":1024,"height":1536,"caption":"Medeina, bohy\u0148a baltskej trad\u00edcie"},{"@type":"BreadcrumbList","@id":"https:\/\/iwell-guard.com\/sk\/baltska-mytologia\/#breadcrumb","itemListElement":[{"@type":"ListItem","position":1,"name":"Start","item":"https:\/\/iwell-guard.com\/sk\/?page_id=157572"},{"@type":"ListItem","position":2,"name":"Baltsk\u00e1 mytol\u00f3gia"}]},{"@type":"WebSite","@id":"https:\/\/iwell-guard.com\/sk\/#website","url":"https:\/\/iwell-guard.com\/sk\/","name":"iWell Guard","description":"Schutz vor dunklen Einfl\u00fcssen","publisher":{"@id":"https:\/\/iwell-guard.com\/sk\/#organization"},"potentialAction":[{"@type":"SearchAction","target":{"@type":"EntryPoint","urlTemplate":"https:\/\/iwell-guard.com\/sk\/?s={search_term_string}"},"query-input":{"@type":"PropertyValueSpecification","valueRequired":true,"valueName":"search_term_string"}}],"inLanguage":"sk-SK"},{"@type":"Organization","@id":"https:\/\/iwell-guard.com\/sk\/#organization","name":"Ittermann electronic GmbH","url":"https:\/\/iwell-guard.com\/sk\/","logo":{"@type":"ImageObject","inLanguage":"sk-SK","@id":"https:\/\/iwell-guard.com\/sk\/#\/schema\/logo\/image\/","url":"https:\/\/iwell-guard.com\/wp-content\/uploads\/2026\/05\/Ittermann-Logo-1182x237-1.png","contentUrl":"https:\/\/iwell-guard.com\/wp-content\/uploads\/2026\/05\/Ittermann-Logo-1182x237-1.png","width":1182,"height":237,"caption":"Ittermann electronic GmbH"},"image":{"@id":"https:\/\/iwell-guard.com\/sk\/#\/schema\/logo\/image\/"},"sameAs":["https:\/\/pantip.com\/profile\/9367242","https:\/\/micro.blog\/iwellguard","https:\/\/www.diggerslist.com\/iwellguard\/about","https:\/\/skitterphoto.com\/photographers\/2870314\/iwell-guard","https:\/\/iwellguard.wordpress.com\/2026\/06\/06\/iwell-guard\/","https:\/\/hub.docker.com\/u\/iwellguard","https:\/\/www.pinterest.com\/iwellguard\/","https:\/\/bit.ly\/m\/iwellguard","https:\/\/entre-vos-mains.alsace.eu\/profiles\/iwellguard\/activity","https:\/\/gravatar.com\/reallybeded8fd34","https:\/\/naijamatta.com\/iwellguard","https:\/\/www.goodreads.com\/iwellguard","https:\/\/profile.hatena.ne.jp\/iwellguard\/","https:\/\/experiment.com\/users\/iwellguard","https:\/\/wakelet.com\/@iWellGuard82270","https:\/\/www.chordie.com\/forum\/profile.php?id=2555664","https:\/\/www.instapaper.com\/p\/17757966","https:\/\/www.mapleprimes.com\/users\/iwellguard","https:\/\/businesslistingplus.com\/profile\/iwell-guard\/","https:\/\/telegra.ph\/iWell-Guard-06-06","https:\/\/pbase.com\/iwellguard\/iwellguard","https:\/\/b.hatena.ne.jp\/iwellguard\/20260607#bookmark-4788405196491818882","https:\/\/fliphtml5.com\/home\/iwellguard","https:\/\/anyflip.com\/homepage\/cmiwl#About","https:\/\/transfur.com\/Users\/iwellguard","http:\/\/delphi.larsbo.org\/user\/iwellguard","https:\/\/jobs.lajobsportal.org\/profiles\/8380803-iwell-guard","https:\/\/md.chaosdorf.de\/s\/jfbe5SBdJD","https:\/\/www.lingvolive.com\/en-us\/profile\/9ecaeaca-ce11-4e51-9e71-01d55e2bff36\/translations","https:\/\/www.fitday.com\/fitness\/forums\/members\/iwellguard.html","https:\/\/www.mymeetbook.com\/iwellguard","https:\/\/pxhere.com\/en\/photographer-me\/5040798","https:\/\/disqus.com\/by\/iwellguard\/about\/","https:\/\/pastelink.net\/hjwciqwq","https:\/\/pubhtml5.com\/homepage\/scjhn\/","https:\/\/www.bitchute.com\/channel\/2O2eOKzNqujT","https:\/\/audiomack.com\/iwellguard"]}]}},"_links":{"self":[{"href":"https:\/\/iwell-guard.com\/sk\/wp-json\/wp\/v2\/pages\/158848","targetHints":{"allow":["GET"]}}],"collection":[{"href":"https:\/\/iwell-guard.com\/sk\/wp-json\/wp\/v2\/pages"}],"about":[{"href":"https:\/\/iwell-guard.com\/sk\/wp-json\/wp\/v2\/types\/page"}],"author":[{"embeddable":true,"href":"https:\/\/iwell-guard.com\/sk\/wp-json\/wp\/v2\/users\/3"}],"replies":[{"embeddable":true,"href":"https:\/\/iwell-guard.com\/sk\/wp-json\/wp\/v2\/comments?post=158848"}],"version-history":[{"count":0,"href":"https:\/\/iwell-guard.com\/sk\/wp-json\/wp\/v2\/pages\/158848\/revisions"}],"wp:featuredmedia":[{"embeddable":true,"href":"https:\/\/iwell-guard.com\/sk\/wp-json\/wp\/v2\/media\/20404"}],"wp:attachment":[{"href":"https:\/\/iwell-guard.com\/sk\/wp-json\/wp\/v2\/media?parent=158848"}],"wp:term":[{"taxonomy":"category","embeddable":true,"href":"https:\/\/iwell-guard.com\/sk\/wp-json\/wp\/v2\/categories?post=158848"}],"curies":[{"name":"wp","href":"https:\/\/api.w.org\/{rel}","templated":true}]}}