{"id":158840,"date":"2026-09-04T22:35:55","date_gmt":"2026-09-04T22:35:55","guid":{"rendered":"https:\/\/iwell-guard.com\/?page_id=158840"},"modified":"2026-09-04T23:13:11","modified_gmt":"2026-09-04T23:13:11","slug":"modlitby-ako-ochrana","status":"publish","type":"page","link":"https:\/\/iwell-guard.com\/sk\/modlitby-ako-ochrana\/","title":{"rendered":"Modlitby ako ochrana"},"content":{"rendered":"\t\t<div data-elementor-type=\"wp-page\" data-elementor-id=\"158840\" class=\"elementor elementor-158840 elementor-20513 elementor-bc-flex-widget\" data-elementor-post-type=\"page\">\n\t\t\t\t<div class=\"elementor-element elementor-element-iwgs-wacholder-hero e-flex e-con-boxed e-con e-parent\" data-id=\"iwgs-wacholder-hero\" data-element_type=\"container\" data-e-type=\"container\">\n\t\t\t\t\t<div class=\"e-con-inner\">\n\t\t<div class=\"elementor-element elementor-element-iw-wacholder-hero-left e-con-full e-flex e-con e-child\" data-id=\"iw-wacholder-hero-left\" data-element_type=\"container\" data-e-type=\"container\">\n\t\t\t\t<div class=\"elementor-element elementor-element-iwgs-wacholder-h1 elementor-widget elementor-widget-heading\" data-id=\"iwgs-wacholder-h1\" data-element_type=\"widget\" data-e-type=\"widget\" data-widget_type=\"heading.default\">\n\t\t\t\t\t<h1 class=\"elementor-heading-title elementor-size-default\">Modlitby ako ochrana \u2013 slov\u00e1 po\u017eehnania v \u013eudovej viere<\/h1>\t\t\t\t<\/div>\n\t\t<div class=\"elementor-element elementor-element-iw-wacholder-hero-bw e-con-full e-flex e-con e-child\" data-id=\"iw-wacholder-hero-bw\" data-element_type=\"container\" data-e-type=\"container\">\n\t\t\t\t<div class=\"elementor-element elementor-element-iwgs-wacholder-pills elementor-widget elementor-widget-html\" data-id=\"iwgs-wacholder-pills\" data-element_type=\"widget\" data-e-type=\"widget\" data-widget_type=\"html.default\">\n\t\t\t\t\t<div class=\"iwg-pill-row\"><span class=\"iwg-klasse-badge\" tabindex=\"0\" data-tooltip=\"Druh ochrann\u00e9ho prostriedku.\">Ochrann\u00e1 prax<\/span><a href=\"https:\/\/iwell-guard.com\/sk\/schutz-kompas\/\" class=\"iwg-kultur-badge\" tabindex=\"0\" data-tooltip=\"K Kompasu ochrany.\">Kompas ochrany<\/a><\/div>\t\t\t\t<\/div>\n\t\t\t\t<div class=\"elementor-element elementor-element-iwgs-wacholder-lead elementor-widget elementor-widget-text-editor\" data-id=\"iwgs-wacholder-lead\" data-element_type=\"widget\" data-e-type=\"widget\" data-widget_type=\"text-editor.default\">\n\t\t\t\t\t\t\t\t\t<p>Popri bylin\u00e1ch, amuletoch a znakoch patr\u00ed vysloven\u00e9 slovo k jedn\u00e9mu z d\u00e1vno roz\u0161\u00edren\u00fdch ochrann\u00fdch prostriedkov. Ochrann\u00e9 modlitby s\u00fa adresovan\u00e9 vy\u0161\u0161ej moci, v\u00e4\u010d\u0161inou Bohu, anjelom alebo sv\u00e4t\u00fdm, s prosbou o ochranu pred chorobou, nebezpe\u010denstvom na cest\u00e1ch, no\u010dn\u00fdm ohrozen\u00edm alebo zl\u00fdmi silami.<\/p><p>Od formalizovan\u00fdch cirkevn\u00fdch modlitieb ako \u017dalm 91 a\u017e po \u013eudov\u00e9 dom\u00e1ce po\u017eehnania, ktor\u00e9 sa p\u00edsali na tr\u00e1my, sad\u00ed sa \u0161k\u00e1la tejto praxe. V\u00fdrazne sa odli\u0161uje od <a href=\"https:\/\/iwell-guard.com\/sk\/bannspruch-a-bannritual\/\">zakl\u00ednacej formuly<\/a>, ktor\u00e1 zlo akt\u00edvne zapoved\u00e1 a zah\u00e1\u0148a, a od <a href=\"https:\/\/iwell-guard.com\/sk\/zahovaranie\/\">zariekania<\/a>, individu\u00e1lnej lie\u010divej formuly znalej osoby proti konkr\u00e9tnemu utrpeniu.<\/p>\n<p class=\"iwg-kwfix\">Modlitby sa v \u013eudovej viere a vo svetov\u00fdch n\u00e1bo\u017eenstv\u00e1ch pova\u017euj\u00fa za ochranu prostredn\u00edctvom vysloven\u00e9ho slova. Slov\u00e1 po\u017eehnania sa v \u013eudovej viere pova\u017euj\u00fa za vysloven\u00fa ochranu, ktor\u00e1 odh\u00e1\u0148a ne\u0161\u0165astie a vyprosuje pomoc.<\/p>\t\t\t\t\t\t\t\t<\/div>\n\t\t\t\t<\/div>\n\t\t\t\t<\/div>\n\t\t<div class=\"elementor-element elementor-element-iw-wacholder-hero-img e-con-full e-flex e-con e-child\" data-id=\"iw-wacholder-hero-img\" data-element_type=\"container\" data-e-type=\"container\">\n\t\t\t\t<div class=\"elementor-element elementor-element-iwgs-wacholder-himg iwg-hero-image elementor-widget elementor-widget-image\" data-id=\"iwgs-wacholder-himg\" data-element_type=\"widget\" data-e-type=\"widget\" data-widget_type=\"image.default\">\n\t\t\t\t\t\t\t\t\t\t\t\t\t\t\t<img fetchpriority=\"high\" decoding=\"async\" width=\"683\" height=\"1024\" src=\"https:\/\/iwell-guard.com\/wp-content\/uploads\/2026\/05\/schutzsymbol_germanisch_wacholder-683x1024.png\" class=\"attachment-large size-large wp-image-159438\" alt=\"Verbena \u2013 ochrann\u00e1 a ritu\u00e1lna rastlina, historicko-ilustra\u010dn\u00e9 zobrazenie\" srcset=\"https:\/\/iwell-guard.com\/wp-content\/uploads\/2026\/05\/schutzsymbol_germanisch_wacholder-683x1024.png 683w, https:\/\/iwell-guard.com\/wp-content\/uploads\/2026\/05\/schutzsymbol_germanisch_wacholder-200x300.png 200w, https:\/\/iwell-guard.com\/wp-content\/uploads\/2026\/05\/schutzsymbol_germanisch_wacholder-768x1152.png 768w, https:\/\/iwell-guard.com\/wp-content\/uploads\/2026\/05\/schutzsymbol_germanisch_wacholder.png 1024w\" sizes=\"(max-width: 683px) 100vw, 683px\" \/>\t\t\t\t\t\t\t\t\t\t\t\t\t\t\t<\/div>\n\t\t\t\t<\/div>\n\t\t\t\t\t<\/div>\n\t\t\t\t<\/div>\n\t\t<div class=\"elementor-element elementor-element-iwgs-wacholder-s0 e-flex e-con-boxed e-con e-parent\" data-id=\"iwgs-wacholder-s0\" data-element_type=\"container\" data-e-type=\"container\">\n\t\t\t\t\t<div class=\"e-con-inner\">\n\t\t\t\t<div class=\"elementor-element elementor-element-iwgs-wacholder-s0h elementor-widget elementor-widget-heading\" data-id=\"iwgs-wacholder-s0h\" data-element_type=\"widget\" data-e-type=\"widget\" data-widget_type=\"heading.default\">\n\t\t\t\t\t<h2 class=\"elementor-heading-title elementor-size-default\">R\u00fdchly preh\u013ead<\/h2>\t\t\t\t<\/div>\n\t\t<div class=\"elementor-element elementor-element-iw-wacholder-s0-bw e-con-full e-flex e-con e-child\" data-id=\"iw-wacholder-s0-bw\" data-element_type=\"container\" data-e-type=\"container\">\n\t\t\t\t<div class=\"elementor-element elementor-element-iwgs-wacholder-s0t elementor-widget elementor-widget-text-editor\" data-id=\"iwgs-wacholder-s0t\" data-element_type=\"widget\" data-e-type=\"widget\" data-widget_type=\"text-editor.default\">\n\t\t\t\t\t\t\t\t\t<p>Ochrann\u00e1 modlitba je slovo adresovan\u00e9 vy\u0161\u0161ej moci, \u010dasto formalizovan\u00e9, s cie\u013eom odvr\u00e1ti\u0165 ne\u0161\u0165astie, chorobu alebo nebezpe\u010denstvo. \u0160k\u00e1la sa rozprestiera od cirkevne uzn\u00e1van\u00fdch textov ako Ot\u010den\u00e1\u0161 alebo \u017dalm 91 a\u017e po \u013eudov\u00e9 po\u017eehnania s n\u00e1bo\u017eensk\u00fdm n\u00e1dychom.<\/p><p>Pevn\u00fdmi formami s\u00fa ve\u010dern\u00e9 po\u017eehnanie pred sp\u00e1nkom, cestovn\u00e9 po\u017eehnanie pred vyrazen\u00edm na cestu a dom\u00e1ce po\u017eehnanie, ktor\u00e9 m\u00e1 trvalo chr\u00e1ni\u0165 dom a jeho obyvate\u013eov.<\/p>\t\t\t\t\t\t\t\t<\/div>\n\t\t\t\t<\/div>\n\t\t\t\t\t<\/div>\n\t\t\t\t<\/div>\n\t\t<div class=\"elementor-element elementor-element-iwgs-wacholder-s1 e-flex e-con-boxed e-con e-parent\" data-id=\"iwgs-wacholder-s1\" data-element_type=\"container\" data-e-type=\"container\">\n\t\t\t\t\t<div class=\"e-con-inner\">\n\t\t\t\t<div class=\"elementor-element elementor-element-iwgs-wacholder-s1h elementor-widget elementor-widget-heading\" data-id=\"iwgs-wacholder-s1h\" data-element_type=\"widget\" data-e-type=\"widget\" data-widget_type=\"heading.default\">\n\t\t\t\t\t<h2 class=\"elementor-heading-title elementor-size-default\">P\u00f4vod a trad\u00edcia<\/h2>\t\t\t\t<\/div>\n\t\t<div class=\"elementor-element elementor-element-iw-wacholder-s1-bw e-con-full e-flex e-con e-child\" data-id=\"iw-wacholder-s1-bw\" data-element_type=\"container\" data-e-type=\"container\">\n\t\t\t\t<div class=\"elementor-element elementor-element-iwgs-wacholder-s1t elementor-widget elementor-widget-text-editor\" data-id=\"iwgs-wacholder-s1t\" data-element_type=\"widget\" data-e-type=\"widget\" data-widget_type=\"text-editor.default\">\n\t\t\t\t\t\t\t\t\t<p>\u017dalm 91 so svoj\u00edm zn\u00e1mym za\u010diatkom &#8222;Kto sed\u00ed v \u00fakryte Najvy\u0161\u0161ieho&#8220; sa od stredoveku pova\u017euje za \u00fastredn\u00fd biblick\u00fd ochrann\u00fd text a osobitne \u010dasto sa modlil v \u010dasoch morov a vojnov\u00e9ho ohrozenia, niekedy sa ozna\u010doval ako tzv. morov\u00fd \u017ealm. V niektor\u00fdch regi\u00f3noch sa jednotliv\u00e9 ver\u0161e p\u00edsali na mal\u00e9 l\u00edstky a za\u0161\u00edvali do odevu, \u010do je prax, ktor\u00e1 ukazuje prechod od vyslovenej modlitby k nosen\u00e9mu <a href=\"https:\/\/iwell-guard.com\/sk\/amulet\/\">amuletu<\/a>.<\/p><p>Ve\u010dern\u00e9 a cestovn\u00e9 po\u017eehnanie patrili po st\u00e1ro\u010dia k pevn\u00e9mu denn\u00e9mu poriadku veriacich rod\u00edn: pred zaspan\u00edm sa prosilo o ochranu po\u010das bezbrann\u00fdch no\u010dn\u00fdch hod\u00edn, pred vyrazen\u00edm na cestu o bezpe\u010dn\u00fd sprievod. Stredovek\u00e9 cirkevn\u00e9 benedikcion\u00e1ly zhroma\u017e\u010fovali mnoh\u00e9 tak\u00e9to formalizovan\u00e9 po\u017eehnania pre dom, pole, dobytok a cestuj\u00facich.<\/p><p>Popri tom pretrv\u00e1valo \u013eudov\u00e9 dom\u00e1ce po\u017eehnanie, ktor\u00e9 sa \u010dasto zapisovalo ako v\u00fdrok na dvern\u00fd prah alebo stropn\u00fd tr\u00e1m, \u010dasto v spojen\u00ed s <a href=\"https:\/\/iwell-guard.com\/sk\/?page_id=158842\">ochrann\u00fdmi znakmi<\/a> ako kr\u00ed\u017eom. Pr\u00edru\u010dn\u00fd slovn\u00edk nemeckej povery dokumentuje toto \u00fazke prepojenie vysloven\u00e9ho po\u017eehnania a vidite\u013en\u00e9ho znaku.<\/p>\t\t\t\t\t\t\t\t<\/div>\n\t\t\t\t<\/div>\n\t\t\t\t\t<\/div>\n\t\t\t\t<\/div>\n\t\t<div class=\"elementor-element elementor-element-iwgs-wacholder-s2 e-flex e-con-boxed e-con e-parent\" data-id=\"iwgs-wacholder-s2\" data-element_type=\"container\" data-e-type=\"container\">\n\t\t\t\t\t<div class=\"e-con-inner\">\n\t\t\t\t<div class=\"elementor-element elementor-element-iwgs-wacholder-s2h elementor-widget elementor-widget-heading\" data-id=\"iwgs-wacholder-s2h\" data-element_type=\"widget\" data-e-type=\"widget\" data-widget_type=\"heading.default\">\n\t\t\t\t\t<h2 class=\"elementor-heading-title elementor-size-default\">Princ\u00edp \u00fa\u010dinku pod\u013ea trad\u00edcie<\/h2>\t\t\t\t<\/div>\n\t\t<div class=\"elementor-element elementor-element-iw-wacholder-s2-bw e-con-full e-flex e-con e-child\" data-id=\"iw-wacholder-s2-bw\" data-element_type=\"container\" data-e-type=\"container\">\n\t\t\t\t<div class=\"elementor-element elementor-element-iwgs-wacholder-s2t elementor-widget elementor-widget-text-editor\" data-id=\"iwgs-wacholder-s2t\" data-element_type=\"widget\" data-e-type=\"widget\" data-widget_type=\"text-editor.default\">\n\t\t\t\t\t\t\t\t\t<p>Ochrannej modlitbe sa pripisuje sila, ktor\u00e1 spo\u010d\u00edva v samotnom vyslovenom alebo nap\u00edsanom slove, zosilnen\u00e1 opakovan\u00edm a pevnou formalizovanos\u0165ou. Na rozdiel od <a href=\"https:\/\/iwell-guard.com\/sk\/bannspruch-a-bannritual\/\">zakl\u00ednacej formuly<\/a>, ktor\u00e1 konkr\u00e9tnemu zlu prikazuje ust\u00fapi\u0165, modlitba pros\u00ed vy\u0161\u0161iu moc o pomoc, sama ni\u010d neprikazuje.<\/p><p>Toto rozl\u00ed\u0161enie z\u00e1rove\u0148 vyzna\u010duje hranicu vo\u010di <a href=\"https:\/\/iwell-guard.com\/sk\/zahovaranie\/\">zariekaniu<\/a>: zatia\u013e \u010do zariekanie je individu\u00e1lna, v\u00e4\u010d\u0161inou \u00fastne odovzd\u00e1van\u00e1 formula znalej osoby proti konkr\u00e9tnemu utrpeniu, ochrann\u00e1 modlitba je zvy\u010dajne nadregion\u00e1lne zn\u00e1ma, formalizovan\u00e1 a platn\u00e1 pre mnoh\u00e9 pr\u00edle\u017eitosti.<\/p>\t\t\t\t\t\t\t\t<\/div>\n\t\t\t\t<\/div>\n\t\t\t\t\t<\/div>\n\t\t\t\t<\/div>\n\t\t<div class=\"elementor-element elementor-element-iwgs-wacholder-s3 e-flex e-con-boxed e-con e-parent\" data-id=\"iwgs-wacholder-s3\" data-element_type=\"container\" data-e-type=\"container\">\n\t\t\t\t\t<div class=\"e-con-inner\">\n\t\t\t\t<div class=\"elementor-element elementor-element-iwgs-wacholder-s3h elementor-widget elementor-widget-heading\" data-id=\"iwgs-wacholder-s3h\" data-element_type=\"widget\" data-e-type=\"widget\" data-widget_type=\"heading.default\">\n\t\t\t\t\t<h2 class=\"elementor-heading-title elementor-size-default\">Roz\u0161\u00edrenie medzi kult\u00farami<\/h2>\t\t\t\t<\/div>\n\t\t<div class=\"elementor-element elementor-element-iw-wacholder-s3-bw e-con-full e-flex e-con e-child\" data-id=\"iw-wacholder-s3-bw\" data-element_type=\"container\" data-e-type=\"container\">\n\t\t\t\t<div class=\"elementor-element elementor-element-iwgs-wacholder-s3t elementor-widget elementor-widget-text-editor\" data-id=\"iwgs-wacholder-s3t\" data-element_type=\"widget\" data-e-type=\"widget\" data-widget_type=\"text-editor.default\">\n\t\t\t\t\t\t\t\t\t<p>Ochrann\u00e9 modlitby sa nach\u00e1dzaj\u00fa vo v\u0161etk\u00fdch ve\u013ek\u00fdch svetov\u00fdch n\u00e1bo\u017eenstv\u00e1ch. V judaizme mezuza na prahu dver\u00ed, v ktorej je ulo\u017een\u00fd textov\u00fd \u00fasek z T\u00f3ry, vyjadruje my\u0161lienku pr\u00edbuzn\u00fa kres\u0165ansk\u00e9mu po\u017eehnaniu dver\u00ed. V islame sa za ochranu na cest\u00e1ch a v nebezpe\u010denstve pova\u017euj\u00fa prosebn\u00e9 modlitby, tzv. du\u00e1, ako aj ur\u010dit\u00e9 kor\u00e1nske ver\u0161e.<\/p><p>V kres\u0165anstve sa katol\u00edcka, ortodoxn\u00e1 a evangelick\u00e1 trad\u00edcia l\u00ed\u0161ia v d\u00f4raze na formalizovan\u00e9 modlitby, ale v\u0161etky sa dr\u017eia z\u00e1kladn\u00fdch foriem ako ve\u010dern\u00e9 a cestovn\u00e9 po\u017eehnanie. Toto roz\u0161\u00edrenie cez kult\u00fary a konfesie ukazuje ochrann\u00fa modlitbu ako celo\u013eudsk\u00fd jav.<\/p>\t\t\t\t\t\t\t\t<\/div>\n\t\t\t\t<\/div>\n\t\t\t\t\t<\/div>\n\t\t\t\t<\/div>\n\t\t<div class=\"elementor-element elementor-element-iwgs-wacholder-s4 e-flex e-con-boxed e-con e-parent\" data-id=\"iwgs-wacholder-s4\" data-element_type=\"container\" data-e-type=\"container\">\n\t\t\t\t\t<div class=\"e-con-inner\">\n\t\t\t\t<div class=\"elementor-element elementor-element-iwgs-wacholder-s4h elementor-widget elementor-widget-heading\" data-id=\"iwgs-wacholder-s4h\" data-element_type=\"widget\" data-e-type=\"widget\" data-widget_type=\"heading.default\">\n\t\t\t\t\t<h2 class=\"elementor-heading-title elementor-size-default\">Proti \u010domu sa pou\u017e\u00edva<\/h2>\t\t\t\t<\/div>\n\t\t<div class=\"elementor-element elementor-element-iw-wacholder-s4-bw e-con-full e-flex e-con e-child\" data-id=\"iw-wacholder-s4-bw\" data-element_type=\"container\" data-e-type=\"container\">\n\t\t\t\t<div class=\"elementor-element elementor-element-iwgs-wacholder-s4t elementor-widget elementor-widget-text-editor\" data-id=\"iwgs-wacholder-s4t\" data-element_type=\"widget\" data-e-type=\"widget\" data-widget_type=\"text-editor.default\">\n\t\t\t\t\t\t\t\t\t<p>Ochrann\u00e9 modlitby sa obracaj\u00fa proti \u0161irok\u00e9mu spektru ohrozen\u00ed: chorobe a moru, nebezpe\u010denstv\u00e1m na cest\u00e1ch, no\u010dn\u00e9mu ohrozeniu zl\u00fdmi duchmi, ako aj v\u0161eobecn\u00e9mu ne\u0161\u0165astiu pre dom a rodinu.<\/p><p><a href=\"https:\/\/iwell-guard.com\/sk\/schutz-kompas\/\">Kompas ochrany<\/a> \u010dasto zara\u010fuje modlitby ako doplnok k in\u00fdm ochrann\u00fdm prostriedkom, napr\u00edklad spolu so <a href=\"https:\/\/iwell-guard.com\/sk\/svatena-voda\/\">sv\u00e4tenou vodou<\/a>, <a href=\"https:\/\/iwell-guard.com\/sk\/ochranna-svieca\/\">ochrannou svie\u010dkou<\/a> alebo s vysloven\u00edm pri <a href=\"https:\/\/iwell-guard.com\/sk\/vzyvanie-strazneho-anjela\/\">vz\u00fdvan\u00ed ochrann\u00e9ho anjela<\/a>.<\/p>\t\t\t\t\t\t\t\t<\/div>\n\t\t\t\t<\/div>\n\t\t\t\t\t<\/div>\n\t\t\t\t<\/div>\n\t\t<div class=\"elementor-element elementor-element-iwgs-wacholder-s5 e-flex e-con-boxed e-con e-parent\" data-id=\"iwgs-wacholder-s5\" data-element_type=\"container\" data-e-type=\"container\">\n\t\t\t\t\t<div class=\"e-con-inner\">\n\t\t\t\t<div class=\"elementor-element elementor-element-iwgs-wacholder-s5h elementor-widget elementor-widget-heading\" data-id=\"iwgs-wacholder-s5h\" data-element_type=\"widget\" data-e-type=\"widget\" data-widget_type=\"heading.default\">\n\t\t\t\t\t<h2 class=\"elementor-heading-title elementor-size-default\">Pou\u017eitie a limity<\/h2>\t\t\t\t<\/div>\n\t\t<div class=\"elementor-element elementor-element-iw-wacholder-s5-bw e-con-full e-flex e-con e-child\" data-id=\"iw-wacholder-s5-bw\" data-element_type=\"container\" data-e-type=\"container\">\n\t\t\t\t<div class=\"elementor-element elementor-element-iwgs-wacholder-s5t elementor-widget elementor-widget-text-editor\" data-id=\"iwgs-wacholder-s5t\" data-element_type=\"widget\" data-e-type=\"widget\" data-widget_type=\"text-editor.default\">\n\t\t\t\t\t\t\t\t\t<p>Dolo\u017een\u00e9 je pravideln\u00e9, \u010dasto denn\u00e9 opakovanie pevn\u00fdch form\u00fal, v\u00e4\u010d\u0161inou nau\u010den\u00fdch naspam\u00e4\u0165 a vysloven\u00fdch v spojen\u00ed s <a href=\"https:\/\/iwell-guard.com\/sk\/kriz-ako-ochranny-znak\/\">znakom kr\u00ed\u017ea<\/a> alebo in\u00fdmi sprievodn\u00fdmi \u00fakonmi. Ve\u010dern\u00e9 po\u017eehnanie sa tradi\u010dne hovor\u00ed pred zaspan\u00edm, cestovn\u00e9 po\u017eehnanie pred vyrazen\u00edm na cestu.<\/p><p>D\u00f4le\u017eit\u00e1 hranica spo\u010d\u00edva v jasnom odl\u00ed\u0161en\u00ed od pr\u00edbuzn\u00fdch prakt\u00edk: kto h\u013ead\u00e1 konkr\u00e9tnu, akt\u00edvne zapovedaj\u00facu formulu proti pomenovan\u00e9mu zlu, n\u00e1jde ju sk\u00f4r pri <a href=\"https:\/\/iwell-guard.com\/sk\/bannspruch-a-bannritual\/\">zakl\u00ednacej formuli<\/a>; kto h\u013ead\u00e1 individu\u00e1lne odovzd\u00e1van\u00fa lie\u010div\u00fa formulu proti ur\u010ditej chorobe, pri <a href=\"https:\/\/iwell-guard.com\/sk\/zahovaranie\/\">zariekan\u00ed<\/a>. Ochrann\u00e1 modlitba navy\u0161e nenahr\u00e1dza lek\u00e1rske ani psychoterapeutick\u00e9 lie\u010denie.<\/p>\t\t\t\t\t\t\t\t<\/div>\n\t\t\t\t<\/div>\n\t\t\t\t\t<\/div>\n\t\t\t\t<\/div>\n\t\t<div class=\"elementor-element elementor-element-iwgs-wacholder-lit e-flex e-con-boxed e-con e-parent\" data-id=\"iwgs-wacholder-lit\" data-element_type=\"container\" data-e-type=\"container\">\n\t\t\t\t\t<div class=\"e-con-inner\">\n\t\t\t\t<div class=\"elementor-element elementor-element-iwgs-wacholder-lith elementor-widget elementor-widget-heading\" data-id=\"iwgs-wacholder-lith\" data-element_type=\"widget\" data-e-type=\"widget\" data-widget_type=\"heading.default\">\n\t\t\t\t\t<h2 class=\"elementor-heading-title elementor-size-default\">Literat\u00fara (v\u00fdber)<\/h2>\t\t\t\t<\/div>\n\t\t<div class=\"elementor-element elementor-element-iw-wacholder-lit-bw e-con-full e-flex e-con e-child\" data-id=\"iw-wacholder-lit-bw\" data-element_type=\"container\" data-e-type=\"container\">\n\t\t\t\t<div class=\"elementor-element elementor-element-iwgs-wacholder-litt elementor-widget elementor-widget-html\" data-id=\"iwgs-wacholder-litt\" data-element_type=\"widget\" data-e-type=\"widget\" data-widget_type=\"html.default\">\n\t\t\t\t\t<footer data-nosnippet=\"true\"><ul><li>Handw\u00f6rterbuch des deutschen Aberglaubens. Hrsg. von Hanns B\u00e4chtold-St\u00e4ubli. Berlin: de Gruyter, 1927-1942.<\/li><li>Adolph Franz: Die kirchlichen Benediktionen im Mittelalter. Freiburg: Herder, 1909.<\/li><li>Adolf Spamer: Romanusb\u00fcchlein. Berlin: Akademie-Verlag, 1958.<\/li><li>Will-Erich Peuckert: Deutscher Volksglaube des Sp\u00e4tmittelalters. Stuttgart: Kohlhammer, 1942.<\/li><li>Richard Beitl \/ Klaus Beitl: W\u00f6rterbuch der deutschen Volkskunde. Stuttgart: Kr\u00f6ner, 1974.<\/li><\/ul><\/footer>\t\t\t\t<\/div>\n\t\t\t\t<\/div>\n\t\t\t\t\t<\/div>\n\t\t\t\t<\/div>\n\t\t<div class=\"elementor-element elementor-element-iwgs-wacholder-kwd e-flex e-con-boxed e-con e-parent\" data-id=\"iwgs-wacholder-kwd\" data-element_type=\"container\" data-e-type=\"container\">\n\t\t\t\t\t<div class=\"e-con-inner\">\n\t\t<div class=\"elementor-element elementor-element-iw-wacholder-kwd-bw e-con-full e-flex e-con e-child\" data-id=\"iw-wacholder-kwd-bw\" data-element_type=\"container\" data-e-type=\"container\">\n\t\t\t\t<div class=\"elementor-element elementor-element-iwgs-wacholder-kwdt elementor-widget elementor-widget-text-editor\" data-id=\"iwgs-wacholder-kwdt\" data-element_type=\"widget\" data-e-type=\"widget\" data-widget_type=\"text-editor.default\">\n\t\t\t\t\t\t\t\t\t<p><em>Pr\u00edbuzn\u00e9 k\u013e\u00fa\u010dov\u00e9 pojmy: ochrann\u00e9 modlitby, po\u017eehnanie, ochrana domu, \u017ealm, cestovn\u00e9 po\u017eehnanie.<\/em><\/p>\t\t\t\t\t\t\t\t<\/div>\n\t\t\t\t<\/div>\n\t\t\t\t\t<\/div>\n\t\t\t\t<\/div>\n\t\t<div class=\"elementor-element elementor-element-iwgs-wacholder-cc e-flex e-con-boxed e-con e-parent\" data-id=\"iwgs-wacholder-cc\" data-element_type=\"container\" data-e-type=\"container\" id=\"iwg-cc-wacholder\">\n\t\t\t\t\t<div class=\"e-con-inner\">\n\t\t<div class=\"elementor-element elementor-element-iwgs-wacholder-ccinner e-flex e-con-boxed e-con e-parent\" data-id=\"iwgs-wacholder-ccinner\" data-element_type=\"container\" data-e-type=\"container\" data-settings=\"{&quot;background_background&quot;:&quot;classic&quot;}\">\n\t\t\t\t\t<div class=\"e-con-inner\">\n\t\t\t\t<div class=\"elementor-element elementor-element-iwgs-wacholder-cch elementor-widget elementor-widget-heading\" data-id=\"iwgs-wacholder-cch\" data-element_type=\"widget\" data-e-type=\"widget\" data-widget_type=\"heading.default\">\n\t\t\t\t\t<h2 class=\"elementor-heading-title elementor-size-default\">iWell Guard a ochrann\u00e9 trad\u00edcie<\/h2>\t\t\t\t<\/div>\n\t\t\t\t<div class=\"elementor-element elementor-element-iwgs-wacholder-cct elementor-widget elementor-widget-text-editor\" data-id=\"iwgs-wacholder-cct\" data-element_type=\"widget\" data-e-type=\"widget\" data-widget_type=\"text-editor.default\">\n\t\t\t\t\t\t\t\t\t<p>Ochrann\u00e1 modlitba ukazuje v \u010distej forme, o \u010do ide takmer pri v\u0161etk\u00fdch ochrann\u00fdch trad\u00edci\u00e1ch: o t\u00fa\u017ebu vyt\u00fd\u010di\u0165 hranicu medzi vlastnou zranite\u013enos\u0165ou a svetom poci\u0165ovan\u00fdm ako ohrozuj\u00faci, tu v\u00fdlu\u010dne prostredn\u00edctvom slova. T\u00fato my\u0161lienku vedome stanovenej, osobnej hranice pren\u00e1\u0161a <a href=\"https:\/\/iwell-guard.com\/sk\/ochranny-privesok-iwell-guard-kupit\/\">iWell Guard<\/a> do predmetu.<\/p><p>Tam, kde sa kedysi cestovn\u00e9 po\u017eehnanie hovorilo pred vyrazen\u00edm na cestu, stoj\u00ed pr\u00edvesok za ochranu, ktor\u00e1 sa zaob\u00edde bez slov a napriek tomu nadv\u00e4zuje na t\u00fa ist\u00fa star\u00fa prax, vedome sa pred odchodom vyrovna\u0165 s vlastnou potrebou ochrany.<\/p>\t\t\t\t\t\t\t\t<\/div>\n\t\t\t\t<div class=\"elementor-element elementor-element-iwgs-wacholder-ccb iwg-cc-button iwg-cc-cta-2026-05-13 elementor-widget elementor-widget-jet-button\" data-id=\"iwgs-wacholder-ccb\" data-element_type=\"widget\" data-e-type=\"widget\" data-widget_type=\"jet-button.default\">\n\t\t\t\t<div class=\"elementor-widget-container\">\n\t\t\t\t\t<div class=\"elementor-jet-button jet-elements\"><div class=\"jet-button__container\"><a class=\"jet-button__instance jet-button__instance--icon-left hover-effect-1\" href=\"\/schutzanhaenger-iwell-guard-kaufen\/?utm_source=iwell-guard.com&amp;utm_medium=info-box&amp;utm_campaign=schutzsymbole\"><div class=\"jet-button__plane jet-button__plane-normal\"><\/div><div class=\"jet-button__plane jet-button__plane-hover\"><\/div><div class=\"jet-button__state jet-button__state-normal\"><span class=\"jet-button__label\">Viac o iWell Guard<\/span><\/div><div class=\"jet-button__state jet-button__state-hover\"><span class=\"jet-button__label\">Viac o iWell Guard<\/span><\/div><\/a><\/div><\/div><style>.elementor-element.elementor-element-iwgs-wacholder-ccb .jet-button__instance{width:320px;height:56px;}.elementor-element.elementor-element-iwgs-wacholder-ccb .jet-button__state-normal .jet-button__label{text-align:center;margin:0px 0px 0px 0px;color:#1a1b20;font-family:Montserrat,sans-serif;font-size:13px;font-weight:400;letter-spacing:4px;line-height:1.714em;text-transform:uppercase;}.elementor-element.elementor-element-iwgs-wacholder-ccb .jet-button__state-hover .jet-button__label{text-align:center;margin:0px 0px 0px 0px;color:#FECC76;font-family:Montserrat,sans-serif;font-size:13px;font-weight:400;letter-spacing:4px;line-height:1.714em;text-transform:uppercase;}.elementor-element.elementor-element-iwgs-wacholder-ccb .jet-button__plane-normal{background-color:#FECC76;border-style:solid;border-color:#C99540;border-width:2px 2px 2px 2px;}.elementor-element.elementor-element-iwgs-wacholder-ccb .jet-button__plane-hover{background-color:rgba(0,0,0,0.55);border-style:solid;border-color:#FECC76;border-width:2px 2px 2px 2px;}<\/style>\t\t\t\t<\/div>\n\t\t\t\t<\/div>\n\t\t\t\t<div class=\"elementor-element elementor-element-iwgs-wacholder-ccd elementor-widget elementor-widget-text-editor\" data-id=\"iwgs-wacholder-ccd\" data-element_type=\"widget\" data-e-type=\"widget\" data-widget_type=\"text-editor.default\">\n\t\t\t\t\t\t\t\t\t<p style=\"text-align:center;font-size:13px;opacity:0.7;margin-top:14px\" data-nosnippet=\"true\">Osobn\u00e9 sk\u00fasenosti sa m\u00f4\u017eu l\u00ed\u0161i\u0165. Nejde o zdravotn\u00edcku pom\u00f4cku. Nejde o pr\u00eds\u013eub lie\u010denia.<\/p>\t\t\t\t\t\t\t\t<\/div>\n\t\t\t\t\t<\/div>\n\t\t\t\t<\/div>\n\t\t\t\t\t<\/div>\n\t\t\t\t<\/div>\n\t\t<div class=\"elementor-element elementor-element-iwgs-wacholder-disc e-flex e-con-boxed e-con e-parent\" data-id=\"iwgs-wacholder-disc\" data-element_type=\"container\" data-e-type=\"container\">\n\t\t\t\t\t<div class=\"e-con-inner\">\n\t\t<div class=\"elementor-element elementor-element-iw-wacholder-disc-bw e-con-full e-flex e-con e-child\" data-id=\"iw-wacholder-disc-bw\" data-element_type=\"container\" data-e-type=\"container\">\n\t\t\t\t<div class=\"elementor-element elementor-element-iwgs-wacholder-discw elementor-widget elementor-widget-html\" data-id=\"iwgs-wacholder-discw\" data-element_type=\"widget\" data-e-type=\"widget\" data-widget_type=\"html.default\">\n\t\t\t\t\t<footer data-nosnippet=\"true\" class=\"iwg-disclaimer-block\"><p data-nosnippet=\"true\">iWell Guard <strong>nie je zdravotn\u00edcka pom\u00f4cka<\/strong> a nenahr\u00e1dza lek\u00e1rske ani psychoterapeutick\u00e9 lie\u010denie. Tu uveden\u00fd obsah predstavuje religionistick\u00e9 a kult\u00farno-historick\u00e9 zaradenie, nie pr\u00eds\u013eub duchovn\u00e9ho \u00fa\u010dinku.<\/p><\/footer>\t\t\t\t<\/div>\n\t\t\t\t<\/div>\n\t\t\t\t\t<\/div>\n\t\t\t\t<\/div>\n\t\t\t\t<\/div>\n\t\t","protected":false},"excerpt":{"rendered":"","protected":false},"author":3,"featured_media":20552,"parent":0,"menu_order":0,"comment_status":"closed","ping_status":"closed","template":"elementor_header_footer","meta":{"_yoast_wpseo_focuskw":"modlitby ako ochrana","_yoast_wpseo_title":"Modlitby ako ochrana: slov\u00e1 po\u017eehnania v \u013eudovej viere","_yoast_wpseo_metadesc":"Ochrann\u00e9 modlitby ako \u017dalm 91, ve\u010dern\u00e9 a cestovn\u00e9 po\u017eehnanie v \u013eudovej viere. P\u00f4vod, princ\u00edp \u00fa\u010dinku a odl\u00ed\u0161enie od zakl\u00ednacej formuly a zariekania v preh\u013eade.","_yoast_wpseo_meta-robots-noindex":"","_yoast_wpseo_canonical":"","_angie_page":false,"gefaehrdungsstufe":"","wesen_kultur":"","wesen_klasse":"","footnotes":""},"categories":[],"class_list":["post-158840","page","type-page","status-publish","has-post-thumbnail","hentry"],"yoast_head":"<!-- This site is optimized with the Yoast SEO Premium plugin v27.7 (Yoast SEO v28.3) - https:\/\/yoast.com\/product\/yoast-seo-premium-wordpress\/ -->\n<title>Modlitby ako ochrana: slov\u00e1 po\u017eehnania v \u013eudovej viere<\/title>\n<meta name=\"description\" content=\"Ochrann\u00e9 modlitby ako \u017dalm 91, ve\u010dern\u00e9 a cestovn\u00e9 po\u017eehnanie v \u013eudovej viere. P\u00f4vod, princ\u00edp \u00fa\u010dinku a odl\u00ed\u0161enie od zakl\u00ednacej formuly a zariekania v preh\u013eade.\" \/>\n<meta name=\"robots\" content=\"index, follow, max-snippet:-1, max-image-preview:large, max-video-preview:-1\" \/>\n<link rel=\"canonical\" href=\"https:\/\/iwell-guard.com\/sk\/modlitby-ako-ochrana\/\" \/>\n<meta property=\"og:locale\" content=\"sk_SK\" \/>\n<meta property=\"og:type\" content=\"article\" \/>\n<meta property=\"og:title\" content=\"Modlitby ako ochrana\" \/>\n<meta property=\"og:description\" content=\"Ochrann\u00e9 modlitby ako \u017dalm 91, ve\u010dern\u00e9 a cestovn\u00e9 po\u017eehnanie v \u013eudovej viere. P\u00f4vod, princ\u00edp \u00fa\u010dinku a odl\u00ed\u0161enie od zakl\u00ednacej formuly a zariekania v preh\u013eade.\" \/>\n<meta property=\"og:url\" content=\"https:\/\/iwell-guard.com\/sk\/modlitby-ako-ochrana\/\" \/>\n<meta property=\"og:site_name\" content=\"iWell Guard\" \/>\n<meta property=\"article:modified_time\" content=\"2026-09-04T23:13:11+00:00\" \/>\n<meta property=\"og:image\" content=\"https:\/\/iwell-guard.com\/wp-content\/uploads\/2026\/07\/schutzsymbol_universell_gebete.webp\" \/>\n\t<meta property=\"og:image:width\" content=\"1024\" \/>\n\t<meta property=\"og:image:height\" content=\"1536\" \/>\n\t<meta property=\"og:image:type\" content=\"image\/webp\" \/>\n<meta name=\"twitter:card\" content=\"summary_large_image\" \/>\n<script type=\"application\/ld+json\" class=\"yoast-schema-graph\">{\"@context\":\"https:\\\/\\\/schema.org\",\"@graph\":[{\"@type\":\"WebPage\",\"@id\":\"https:\\\/\\\/iwell-guard.com\\\/sk\\\/modlitby-ako-ochrana\\\/\",\"url\":\"https:\\\/\\\/iwell-guard.com\\\/sk\\\/modlitby-ako-ochrana\\\/\",\"name\":\"Modlitby ako ochrana: slov\u00e1 po\u017eehnania v \u013eudovej viere\",\"isPartOf\":{\"@id\":\"https:\\\/\\\/iwell-guard.com\\\/sk\\\/#website\"},\"primaryImageOfPage\":{\"@id\":\"https:\\\/\\\/iwell-guard.com\\\/sk\\\/modlitby-ako-ochrana\\\/#primaryimage\"},\"image\":{\"@id\":\"https:\\\/\\\/iwell-guard.com\\\/sk\\\/modlitby-ako-ochrana\\\/#primaryimage\"},\"thumbnailUrl\":\"https:\\\/\\\/iwell-guard.com\\\/wp-content\\\/uploads\\\/2026\\\/07\\\/schutzsymbol_universell_gebete.webp\",\"datePublished\":\"2026-09-04T22:35:55+00:00\",\"dateModified\":\"2026-09-04T23:13:11+00:00\",\"description\":\"Ochrann\u00e9 modlitby ako \u017dalm 91, ve\u010dern\u00e9 a cestovn\u00e9 po\u017eehnanie v \u013eudovej viere. P\u00f4vod, princ\u00edp \u00fa\u010dinku a odl\u00ed\u0161enie od zakl\u00ednacej formuly a zariekania v preh\u013eade.\",\"breadcrumb\":{\"@id\":\"https:\\\/\\\/iwell-guard.com\\\/sk\\\/modlitby-ako-ochrana\\\/#breadcrumb\"},\"inLanguage\":\"sk-SK\",\"potentialAction\":[{\"@type\":\"ReadAction\",\"target\":[\"https:\\\/\\\/iwell-guard.com\\\/sk\\\/modlitby-ako-ochrana\\\/\"]}]},{\"@type\":\"ImageObject\",\"inLanguage\":\"sk-SK\",\"@id\":\"https:\\\/\\\/iwell-guard.com\\\/sk\\\/modlitby-ako-ochrana\\\/#primaryimage\",\"url\":\"https:\\\/\\\/iwell-guard.com\\\/wp-content\\\/uploads\\\/2026\\\/07\\\/schutzsymbol_universell_gebete.webp\",\"contentUrl\":\"https:\\\/\\\/iwell-guard.com\\\/wp-content\\\/uploads\\\/2026\\\/07\\\/schutzsymbol_universell_gebete.webp\",\"width\":1024,\"height\":1536,\"caption\":\"Star\u00e1 modlitebn\u00e1 kni\u017eka s dreven\u00fdm ru\u017eencom na tmavom kamennom pozad\u00ed\"},{\"@type\":\"BreadcrumbList\",\"@id\":\"https:\\\/\\\/iwell-guard.com\\\/sk\\\/modlitby-ako-ochrana\\\/#breadcrumb\",\"itemListElement\":[{\"@type\":\"ListItem\",\"position\":1,\"name\":\"Start\",\"item\":\"https:\\\/\\\/iwell-guard.com\\\/sk\\\/?page_id=157572\"},{\"@type\":\"ListItem\",\"position\":2,\"name\":\"Modlitby ako ochrana\"}]},{\"@type\":\"WebSite\",\"@id\":\"https:\\\/\\\/iwell-guard.com\\\/sk\\\/#website\",\"url\":\"https:\\\/\\\/iwell-guard.com\\\/sk\\\/\",\"name\":\"iWell Guard\",\"description\":\"Schutz vor dunklen Einfl\u00fcssen\",\"publisher\":{\"@id\":\"https:\\\/\\\/iwell-guard.com\\\/sk\\\/#organization\"},\"potentialAction\":[{\"@type\":\"SearchAction\",\"target\":{\"@type\":\"EntryPoint\",\"urlTemplate\":\"https:\\\/\\\/iwell-guard.com\\\/sk\\\/?s={search_term_string}\"},\"query-input\":{\"@type\":\"PropertyValueSpecification\",\"valueRequired\":true,\"valueName\":\"search_term_string\"}}],\"inLanguage\":\"sk-SK\"},{\"@type\":\"Organization\",\"@id\":\"https:\\\/\\\/iwell-guard.com\\\/sk\\\/#organization\",\"name\":\"Ittermann electronic GmbH\",\"url\":\"https:\\\/\\\/iwell-guard.com\\\/sk\\\/\",\"logo\":{\"@type\":\"ImageObject\",\"inLanguage\":\"sk-SK\",\"@id\":\"https:\\\/\\\/iwell-guard.com\\\/sk\\\/#\\\/schema\\\/logo\\\/image\\\/\",\"url\":\"https:\\\/\\\/iwell-guard.com\\\/wp-content\\\/uploads\\\/2026\\\/05\\\/Ittermann-Logo-1182x237-1.png\",\"contentUrl\":\"https:\\\/\\\/iwell-guard.com\\\/wp-content\\\/uploads\\\/2026\\\/05\\\/Ittermann-Logo-1182x237-1.png\",\"width\":1182,\"height\":237,\"caption\":\"Ittermann electronic GmbH\"},\"image\":{\"@id\":\"https:\\\/\\\/iwell-guard.com\\\/sk\\\/#\\\/schema\\\/logo\\\/image\\\/\"},\"sameAs\":[\"https:\\\/\\\/pantip.com\\\/profile\\\/9367242\",\"https:\\\/\\\/micro.blog\\\/iwellguard\",\"https:\\\/\\\/www.diggerslist.com\\\/iwellguard\\\/about\",\"https:\\\/\\\/skitterphoto.com\\\/photographers\\\/2870314\\\/iwell-guard\",\"https:\\\/\\\/iwellguard.wordpress.com\\\/2026\\\/06\\\/06\\\/iwell-guard\\\/\",\"https:\\\/\\\/hub.docker.com\\\/u\\\/iwellguard\",\"https:\\\/\\\/www.pinterest.com\\\/iwellguard\\\/\",\"https:\\\/\\\/bit.ly\\\/m\\\/iwellguard\",\"https:\\\/\\\/entre-vos-mains.alsace.eu\\\/profiles\\\/iwellguard\\\/activity\",\"https:\\\/\\\/gravatar.com\\\/reallybeded8fd34\",\"https:\\\/\\\/naijamatta.com\\\/iwellguard\",\"https:\\\/\\\/www.goodreads.com\\\/iwellguard\",\"https:\\\/\\\/profile.hatena.ne.jp\\\/iwellguard\\\/\",\"https:\\\/\\\/experiment.com\\\/users\\\/iwellguard\",\"https:\\\/\\\/wakelet.com\\\/@iWellGuard82270\",\"https:\\\/\\\/www.chordie.com\\\/forum\\\/profile.php?id=2555664\",\"https:\\\/\\\/www.instapaper.com\\\/p\\\/17757966\",\"https:\\\/\\\/www.mapleprimes.com\\\/users\\\/iwellguard\",\"https:\\\/\\\/businesslistingplus.com\\\/profile\\\/iwell-guard\\\/\",\"https:\\\/\\\/telegra.ph\\\/iWell-Guard-06-06\",\"https:\\\/\\\/pbase.com\\\/iwellguard\\\/iwellguard\",\"https:\\\/\\\/b.hatena.ne.jp\\\/iwellguard\\\/20260607#bookmark-4788405196491818882\",\"https:\\\/\\\/fliphtml5.com\\\/home\\\/iwellguard\",\"https:\\\/\\\/anyflip.com\\\/homepage\\\/cmiwl#About\",\"https:\\\/\\\/transfur.com\\\/Users\\\/iwellguard\",\"http:\\\/\\\/delphi.larsbo.org\\\/user\\\/iwellguard\",\"https:\\\/\\\/jobs.lajobsportal.org\\\/profiles\\\/8380803-iwell-guard\",\"https:\\\/\\\/md.chaosdorf.de\\\/s\\\/jfbe5SBdJD\",\"https:\\\/\\\/www.lingvolive.com\\\/en-us\\\/profile\\\/9ecaeaca-ce11-4e51-9e71-01d55e2bff36\\\/translations\",\"https:\\\/\\\/www.fitday.com\\\/fitness\\\/forums\\\/members\\\/iwellguard.html\",\"https:\\\/\\\/www.mymeetbook.com\\\/iwellguard\",\"https:\\\/\\\/pxhere.com\\\/en\\\/photographer-me\\\/5040798\",\"https:\\\/\\\/disqus.com\\\/by\\\/iwellguard\\\/about\\\/\",\"https:\\\/\\\/pastelink.net\\\/hjwciqwq\",\"https:\\\/\\\/pubhtml5.com\\\/homepage\\\/scjhn\\\/\",\"https:\\\/\\\/www.bitchute.com\\\/channel\\\/2O2eOKzNqujT\",\"https:\\\/\\\/audiomack.com\\\/iwellguard\"]}]}<\/script>\n<!-- \/ Yoast SEO Premium plugin. -->","yoast_head_json":{"title":"Modlitby ako ochrana: slov\u00e1 po\u017eehnania v \u013eudovej viere","description":"Ochrann\u00e9 modlitby ako \u017dalm 91, ve\u010dern\u00e9 a cestovn\u00e9 po\u017eehnanie v \u013eudovej viere. P\u00f4vod, princ\u00edp \u00fa\u010dinku a odl\u00ed\u0161enie od zakl\u00ednacej formuly a zariekania v preh\u013eade.","robots":{"index":"index","follow":"follow","max-snippet":"max-snippet:-1","max-image-preview":"max-image-preview:large","max-video-preview":"max-video-preview:-1"},"canonical":"https:\/\/iwell-guard.com\/sk\/modlitby-ako-ochrana\/","og_locale":"sk_SK","og_type":"article","og_title":"Modlitby ako ochrana","og_description":"Ochrann\u00e9 modlitby ako \u017dalm 91, ve\u010dern\u00e9 a cestovn\u00e9 po\u017eehnanie v \u013eudovej viere. P\u00f4vod, princ\u00edp \u00fa\u010dinku a odl\u00ed\u0161enie od zakl\u00ednacej formuly a zariekania v preh\u013eade.","og_url":"https:\/\/iwell-guard.com\/sk\/modlitby-ako-ochrana\/","og_site_name":"iWell Guard","article_modified_time":"2026-09-04T23:13:11+00:00","og_image":[{"width":1024,"height":1536,"url":"https:\/\/iwell-guard.com\/wp-content\/uploads\/2026\/07\/schutzsymbol_universell_gebete.webp","type":"image\/webp"}],"twitter_card":"summary_large_image","schema":{"@context":"https:\/\/schema.org","@graph":[{"@type":"WebPage","@id":"https:\/\/iwell-guard.com\/sk\/modlitby-ako-ochrana\/","url":"https:\/\/iwell-guard.com\/sk\/modlitby-ako-ochrana\/","name":"Modlitby ako ochrana: slov\u00e1 po\u017eehnania v \u013eudovej viere","isPartOf":{"@id":"https:\/\/iwell-guard.com\/sk\/#website"},"primaryImageOfPage":{"@id":"https:\/\/iwell-guard.com\/sk\/modlitby-ako-ochrana\/#primaryimage"},"image":{"@id":"https:\/\/iwell-guard.com\/sk\/modlitby-ako-ochrana\/#primaryimage"},"thumbnailUrl":"https:\/\/iwell-guard.com\/wp-content\/uploads\/2026\/07\/schutzsymbol_universell_gebete.webp","datePublished":"2026-09-04T22:35:55+00:00","dateModified":"2026-09-04T23:13:11+00:00","description":"Ochrann\u00e9 modlitby ako \u017dalm 91, ve\u010dern\u00e9 a cestovn\u00e9 po\u017eehnanie v \u013eudovej viere. P\u00f4vod, princ\u00edp \u00fa\u010dinku a odl\u00ed\u0161enie od zakl\u00ednacej formuly a zariekania v preh\u013eade.","breadcrumb":{"@id":"https:\/\/iwell-guard.com\/sk\/modlitby-ako-ochrana\/#breadcrumb"},"inLanguage":"sk-SK","potentialAction":[{"@type":"ReadAction","target":["https:\/\/iwell-guard.com\/sk\/modlitby-ako-ochrana\/"]}]},{"@type":"ImageObject","inLanguage":"sk-SK","@id":"https:\/\/iwell-guard.com\/sk\/modlitby-ako-ochrana\/#primaryimage","url":"https:\/\/iwell-guard.com\/wp-content\/uploads\/2026\/07\/schutzsymbol_universell_gebete.webp","contentUrl":"https:\/\/iwell-guard.com\/wp-content\/uploads\/2026\/07\/schutzsymbol_universell_gebete.webp","width":1024,"height":1536,"caption":"Star\u00e1 modlitebn\u00e1 kni\u017eka s dreven\u00fdm ru\u017eencom na tmavom kamennom pozad\u00ed"},{"@type":"BreadcrumbList","@id":"https:\/\/iwell-guard.com\/sk\/modlitby-ako-ochrana\/#breadcrumb","itemListElement":[{"@type":"ListItem","position":1,"name":"Start","item":"https:\/\/iwell-guard.com\/sk\/?page_id=157572"},{"@type":"ListItem","position":2,"name":"Modlitby ako ochrana"}]},{"@type":"WebSite","@id":"https:\/\/iwell-guard.com\/sk\/#website","url":"https:\/\/iwell-guard.com\/sk\/","name":"iWell Guard","description":"Schutz vor dunklen Einfl\u00fcssen","publisher":{"@id":"https:\/\/iwell-guard.com\/sk\/#organization"},"potentialAction":[{"@type":"SearchAction","target":{"@type":"EntryPoint","urlTemplate":"https:\/\/iwell-guard.com\/sk\/?s={search_term_string}"},"query-input":{"@type":"PropertyValueSpecification","valueRequired":true,"valueName":"search_term_string"}}],"inLanguage":"sk-SK"},{"@type":"Organization","@id":"https:\/\/iwell-guard.com\/sk\/#organization","name":"Ittermann electronic GmbH","url":"https:\/\/iwell-guard.com\/sk\/","logo":{"@type":"ImageObject","inLanguage":"sk-SK","@id":"https:\/\/iwell-guard.com\/sk\/#\/schema\/logo\/image\/","url":"https:\/\/iwell-guard.com\/wp-content\/uploads\/2026\/05\/Ittermann-Logo-1182x237-1.png","contentUrl":"https:\/\/iwell-guard.com\/wp-content\/uploads\/2026\/05\/Ittermann-Logo-1182x237-1.png","width":1182,"height":237,"caption":"Ittermann electronic GmbH"},"image":{"@id":"https:\/\/iwell-guard.com\/sk\/#\/schema\/logo\/image\/"},"sameAs":["https:\/\/pantip.com\/profile\/9367242","https:\/\/micro.blog\/iwellguard","https:\/\/www.diggerslist.com\/iwellguard\/about","https:\/\/skitterphoto.com\/photographers\/2870314\/iwell-guard","https:\/\/iwellguard.wordpress.com\/2026\/06\/06\/iwell-guard\/","https:\/\/hub.docker.com\/u\/iwellguard","https:\/\/www.pinterest.com\/iwellguard\/","https:\/\/bit.ly\/m\/iwellguard","https:\/\/entre-vos-mains.alsace.eu\/profiles\/iwellguard\/activity","https:\/\/gravatar.com\/reallybeded8fd34","https:\/\/naijamatta.com\/iwellguard","https:\/\/www.goodreads.com\/iwellguard","https:\/\/profile.hatena.ne.jp\/iwellguard\/","https:\/\/experiment.com\/users\/iwellguard","https:\/\/wakelet.com\/@iWellGuard82270","https:\/\/www.chordie.com\/forum\/profile.php?id=2555664","https:\/\/www.instapaper.com\/p\/17757966","https:\/\/www.mapleprimes.com\/users\/iwellguard","https:\/\/businesslistingplus.com\/profile\/iwell-guard\/","https:\/\/telegra.ph\/iWell-Guard-06-06","https:\/\/pbase.com\/iwellguard\/iwellguard","https:\/\/b.hatena.ne.jp\/iwellguard\/20260607#bookmark-4788405196491818882","https:\/\/fliphtml5.com\/home\/iwellguard","https:\/\/anyflip.com\/homepage\/cmiwl#About","https:\/\/transfur.com\/Users\/iwellguard","http:\/\/delphi.larsbo.org\/user\/iwellguard","https:\/\/jobs.lajobsportal.org\/profiles\/8380803-iwell-guard","https:\/\/md.chaosdorf.de\/s\/jfbe5SBdJD","https:\/\/www.lingvolive.com\/en-us\/profile\/9ecaeaca-ce11-4e51-9e71-01d55e2bff36\/translations","https:\/\/www.fitday.com\/fitness\/forums\/members\/iwellguard.html","https:\/\/www.mymeetbook.com\/iwellguard","https:\/\/pxhere.com\/en\/photographer-me\/5040798","https:\/\/disqus.com\/by\/iwellguard\/about\/","https:\/\/pastelink.net\/hjwciqwq","https:\/\/pubhtml5.com\/homepage\/scjhn\/","https:\/\/www.bitchute.com\/channel\/2O2eOKzNqujT","https:\/\/audiomack.com\/iwellguard"]}]}},"_links":{"self":[{"href":"https:\/\/iwell-guard.com\/sk\/wp-json\/wp\/v2\/pages\/158840","targetHints":{"allow":["GET"]}}],"collection":[{"href":"https:\/\/iwell-guard.com\/sk\/wp-json\/wp\/v2\/pages"}],"about":[{"href":"https:\/\/iwell-guard.com\/sk\/wp-json\/wp\/v2\/types\/page"}],"author":[{"embeddable":true,"href":"https:\/\/iwell-guard.com\/sk\/wp-json\/wp\/v2\/users\/3"}],"replies":[{"embeddable":true,"href":"https:\/\/iwell-guard.com\/sk\/wp-json\/wp\/v2\/comments?post=158840"}],"version-history":[{"count":0,"href":"https:\/\/iwell-guard.com\/sk\/wp-json\/wp\/v2\/pages\/158840\/revisions"}],"wp:featuredmedia":[{"embeddable":true,"href":"https:\/\/iwell-guard.com\/sk\/wp-json\/wp\/v2\/media\/20552"}],"wp:attachment":[{"href":"https:\/\/iwell-guard.com\/sk\/wp-json\/wp\/v2\/media?parent=158840"}],"wp:term":[{"taxonomy":"category","embeddable":true,"href":"https:\/\/iwell-guard.com\/sk\/wp-json\/wp\/v2\/categories?post=158840"}],"curies":[{"name":"wp","href":"https:\/\/api.w.org\/{rel}","templated":true}]}}