{"id":158829,"date":"2026-09-04T22:35:49","date_gmt":"2026-09-04T22:35:49","guid":{"rendered":"https:\/\/iwell-guard.com\/?page_id=158829"},"modified":"2026-09-04T23:12:52","modified_gmt":"2026-09-04T23:12:52","slug":"ochranne-byliny","status":"publish","type":"page","link":"https:\/\/iwell-guard.com\/sk\/ochranne-byliny\/","title":{"rendered":"Ochrann\u00e9 byliny"},"content":{"rendered":"\t\t<div data-elementor-type=\"wp-page\" data-elementor-id=\"158829\" class=\"elementor elementor-158829 elementor-20502 elementor-bc-flex-widget\" data-elementor-post-type=\"page\">\n\t\t\t\t<div class=\"elementor-element elementor-element-iwgs-wacholder-hero e-flex e-con-boxed e-con e-parent\" data-id=\"iwgs-wacholder-hero\" data-element_type=\"container\" data-e-type=\"container\">\n\t\t\t\t\t<div class=\"e-con-inner\">\n\t\t<div class=\"elementor-element elementor-element-iw-wacholder-hero-left e-con-full e-flex e-con e-child\" data-id=\"iw-wacholder-hero-left\" data-element_type=\"container\" data-e-type=\"container\">\n\t\t\t\t<div class=\"elementor-element elementor-element-iwgs-wacholder-h1 elementor-widget elementor-widget-heading\" data-id=\"iwgs-wacholder-h1\" data-element_type=\"widget\" data-e-type=\"widget\" data-widget_type=\"heading.default\">\n\t\t\t\t\t<h1 class=\"elementor-heading-title elementor-size-default\">Ochrann\u00e9 byliny \u2013 byliny ako ochrann\u00fd prostriedok v \u013eudovej viere<\/h1>\t\t\t\t<\/div>\n\t\t<div class=\"elementor-element elementor-element-iw-wacholder-hero-bw e-con-full e-flex e-con e-child\" data-id=\"iw-wacholder-hero-bw\" data-element_type=\"container\" data-e-type=\"container\">\n\t\t\t\t<div class=\"elementor-element elementor-element-iwgs-wacholder-pills elementor-widget elementor-widget-html\" data-id=\"iwgs-wacholder-pills\" data-element_type=\"widget\" data-e-type=\"widget\" data-widget_type=\"html.default\">\n\t\t\t\t\t<div class=\"iwg-pill-row\"><span class=\"iwg-klasse-badge\" tabindex=\"0\" data-tooltip=\"Druh ochrann\u00e9ho prostriedku.\">Bylin\u00e1rstvo<\/span><a href=\"https:\/\/iwell-guard.com\/sk\/schutz-kompas\/\" class=\"iwg-kultur-badge\" tabindex=\"0\" data-tooltip=\"K Schutz-Kompass.\">Schutz-Kompass<\/a><\/div>\t\t\t\t<\/div>\n\t\t\t\t<div class=\"elementor-element elementor-element-iwgs-wacholder-lead elementor-widget elementor-widget-text-editor\" data-id=\"iwgs-wacholder-lead\" data-element_type=\"widget\" data-e-type=\"widget\" data-widget_type=\"text-editor.default\">\n\t\t\t\t\t\t\t\t\t<p>M\u00e1lokter\u00e1 oblas\u0165 \u013eudovej viery je tak bohat\u00e1 na tradovan\u00e9 praktiky ako zaobch\u00e1dzanie s ochrann\u00fdmi bylinami. Od <a href=\"https:\/\/iwell-guard.com\/sk\/palina\/\">palina<\/a> pri okraji cesty a\u017e po <a href=\"https:\/\/iwell-guard.com\/sk\/alraun-ochranny-koren\/\">alraunu<\/a> v truhlici, od <a href=\"https:\/\/iwell-guard.com\/sk\/cesnak-ako-ochrana\/\">str\u00fa\u010dika cesnaku<\/a> nad prahom dver\u00ed a\u017e po <a href=\"https:\/\/iwell-guard.com\/sk\/jalovec\/\">vetvi\u010dku borievky<\/a> v kadidelnici, siaha \u0161k\u00e1la rastl\u00edn, ktor\u00fdm sedliaci, p\u00f4rodn\u00e9 babice a bylink\u00e1rky pripisovali odvracaj\u00facu silu.<\/p><p>Star\u00e9 pr\u00edslovie z nemecky hovoriacich kraj\u00edn zh\u0155\u0148a t\u00fato vieru do v\u00fdsti\u017enej formuly: &#8222;Baldrian, Dost und Dill, kann die Hex&#8216; nicht, wie sie will&#8220; (Valeri\u00e1na, pamajor\u00e1n a k\u00f4por, \u010darodejnica proti nim ni\u010d nezm\u00f4\u017ee). Podobn\u00e9 riekanky sl\u00fa\u017eili na \u00fastne odovzd\u00e1vanie vedomost\u00ed z gener\u00e1cie na gener\u00e1ciu a ukazuj\u00fa, ako pevne boli byliny zakotven\u00e9 v ka\u017edodennej obrane pred zlom.<\/p>\n<p class=\"iwg-kwfix\">Ochrann\u00e9 byliny s\u00fa rastliny, ktor\u00fdm \u013eudov\u00e1 viera pripisuje odvracaj\u00facu silu proti \u010darom a zl\u00fdm sil\u00e1m. Ako ochrann\u00fd prostriedok proti \u0161kodlivej m\u00e1gii sprev\u00e1dzaj\u00fa tieto byliny ka\u017edodenn\u00fd \u017eivot u\u017e po gener\u00e1cie a dodnes formuj\u00fa \u013eudov\u00fa vieru.<\/p>\t\t\t\t\t\t\t\t<\/div>\n\t\t\t\t<\/div>\n\t\t\t\t<\/div>\n\t\t<div class=\"elementor-element elementor-element-iw-wacholder-hero-img e-con-full e-flex e-con e-child\" data-id=\"iw-wacholder-hero-img\" data-element_type=\"container\" data-e-type=\"container\">\n\t\t\t\t<div class=\"elementor-element elementor-element-iwgs-wacholder-himg iwg-hero-image elementor-widget elementor-widget-image\" data-id=\"iwgs-wacholder-himg\" data-element_type=\"widget\" data-e-type=\"widget\" data-widget_type=\"image.default\">\n\t\t\t\t\t\t\t\t\t\t\t\t\t\t\t<img fetchpriority=\"high\" decoding=\"async\" width=\"683\" height=\"1024\" src=\"https:\/\/iwell-guard.com\/wp-content\/uploads\/2026\/05\/schutzsymbol_germanisch_wacholder-683x1024.png\" class=\"attachment-large size-large wp-image-159438\" alt=\"Verbena \u2013 ochrann\u00e1 a ritu\u00e1lna rastlina, historicko-ilustra\u010dn\u00e9 zobrazenie\" srcset=\"https:\/\/iwell-guard.com\/wp-content\/uploads\/2026\/05\/schutzsymbol_germanisch_wacholder-683x1024.png 683w, https:\/\/iwell-guard.com\/wp-content\/uploads\/2026\/05\/schutzsymbol_germanisch_wacholder-200x300.png 200w, https:\/\/iwell-guard.com\/wp-content\/uploads\/2026\/05\/schutzsymbol_germanisch_wacholder-768x1152.png 768w, https:\/\/iwell-guard.com\/wp-content\/uploads\/2026\/05\/schutzsymbol_germanisch_wacholder.png 1024w\" sizes=\"(max-width: 683px) 100vw, 683px\" \/>\t\t\t\t\t\t\t\t\t\t\t\t\t\t\t<\/div>\n\t\t\t\t<\/div>\n\t\t\t\t\t<\/div>\n\t\t\t\t<\/div>\n\t\t<div class=\"elementor-element elementor-element-iwgs-wacholder-s0 e-flex e-con-boxed e-con e-parent\" data-id=\"iwgs-wacholder-s0\" data-element_type=\"container\" data-e-type=\"container\">\n\t\t\t\t\t<div class=\"e-con-inner\">\n\t\t\t\t<div class=\"elementor-element elementor-element-iwgs-wacholder-s0h elementor-widget elementor-widget-heading\" data-id=\"iwgs-wacholder-s0h\" data-element_type=\"widget\" data-e-type=\"widget\" data-widget_type=\"heading.default\">\n\t\t\t\t\t<h2 class=\"elementor-heading-title elementor-size-default\">R\u00fdchly preh\u013ead<\/h2>\t\t\t\t<\/div>\n\t\t<div class=\"elementor-element elementor-element-iw-wacholder-s0-bw e-con-full e-flex e-con e-child\" data-id=\"iw-wacholder-s0-bw\" data-element_type=\"container\" data-e-type=\"container\">\n\t\t\t\t<div class=\"elementor-element elementor-element-iwgs-wacholder-s0t elementor-widget elementor-widget-text-editor\" data-id=\"iwgs-wacholder-s0t\" data-element_type=\"widget\" data-e-type=\"widget\" data-widget_type=\"text-editor.default\">\n\t\t\t\t\t\t\t\t\t<p>Pod ochrann\u00fdmi bylinami rozumie folkloristick\u00fd v\u00fdskum rastliny, ktor\u00fdm sa v povestiach, zvykoch a povere pripisoval odvracaj\u00faci \u00fa\u010dinok proti \u010darodejn\u00edctvu, zl\u00e9mu poh\u013eadu, duchom choroby a in\u00fdm \u0161kodliv\u00fdm vplyvom. \u0160k\u00e1la sa rozprestiera od be\u017en\u00fdch kuchynsk\u00fdch a z\u00e1hradn\u00fdch byl\u00edn a\u017e po vz\u00e1cne korene, ako je alraun.<\/p><p>T\u00e1to str\u00e1nka zhrnuje tradovan\u00e9 poznatky o v\u00fdbere ochrann\u00fdch byl\u00edn z nemecky hovoriacich kraj\u00edn a odkazuje na samostatn\u00e9 podrobn\u00e9 str\u00e1nky o jednotliv\u00fdch rastlin\u00e1ch.<\/p>\t\t\t\t\t\t\t\t<\/div>\n\t\t\t\t<\/div>\n\t\t\t\t\t<\/div>\n\t\t\t\t<\/div>\n\t\t<div class=\"elementor-element elementor-element-iwgs-wacholder-s1 e-flex e-con-boxed e-con e-parent\" data-id=\"iwgs-wacholder-s1\" data-element_type=\"container\" data-e-type=\"container\">\n\t\t\t\t\t<div class=\"e-con-inner\">\n\t\t\t\t<div class=\"elementor-element elementor-element-iwgs-wacholder-s1h elementor-widget elementor-widget-heading\" data-id=\"iwgs-wacholder-s1h\" data-element_type=\"widget\" data-e-type=\"widget\" data-widget_type=\"heading.default\">\n\t\t\t\t\t<h2 class=\"elementor-heading-title elementor-size-default\">P\u00f4vod a trad\u00edcia<\/h2>\t\t\t\t<\/div>\n\t\t<div class=\"elementor-element elementor-element-iw-wacholder-s1-bw e-con-full e-flex e-con e-child\" data-id=\"iw-wacholder-s1-bw\" data-element_type=\"container\" data-e-type=\"container\">\n\t\t\t\t<div class=\"elementor-element elementor-element-iwgs-wacholder-s1t elementor-widget elementor-widget-text-editor\" data-id=\"iwgs-wacholder-s1t\" data-element_type=\"widget\" data-e-type=\"widget\" data-widget_type=\"text-editor.default\">\n\t\t\t\t\t\t\t\t\t<p>Predstava, \u017ee ur\u010dit\u00e9 rastliny chr\u00e1nia pred ne\u0161\u0165ast\u00edm, siaha do predkres\u0165ansk\u00fdch \u010dias a v stredoveku bola \u010diasto\u010dne zaraden\u00e1 do cirkevn\u00e9ho r\u00e1mca: pri sv\u00e4ten\u00ed byl\u00edn na sviatok Nanebovzatia Panny M\u00e1rie sa posv\u00e4covali zv\u00e4zky byl\u00edn, do ktor\u00fdch sa okrem klasov obilia viazali aj ochrann\u00e9 byliny ako <a href=\"https:\/\/iwell-guard.com\/sk\/?page_id=158831\">divozel<\/a> a <a href=\"https:\/\/iwell-guard.com\/sk\/lubovnik-bodkovany\/\">\u013eubovn\u00edk<\/a>.<\/p><p>S\u00fa\u010dasne pretrv\u00e1valo aj sedliacke sk\u00fasenostn\u00e9 vedomie, ktor\u00e9 sa odovzd\u00e1valo nez\u00e1visle od cirkevnej n\u00e1uky: pomocou pr\u00edslovn\u00fdch riekaniek, praktick\u00e9ho ukazovania v rodine a prostredn\u00edctvom bylink\u00e1rok a p\u00f4rodn\u00fdch bab\u00edc, ktor\u00e9 platili za nosite\u013eky tohto poznania.<\/p><p>Ru\u010dn\u00fd slovn\u00edk nemeckej povery (Handw\u00f6rterbuch des deutschen Aberglaubens) uv\u00e1dza pre takmer ka\u017ed\u00fa dom\u00e1cu bylinu ist\u00fa formu ochrannej trad\u00edcie, \u010do sved\u010d\u00ed o hustom, po gener\u00e1cie rast\u00facom syst\u00e9me v\u00fdkladu.<\/p>\t\t\t\t\t\t\t\t<\/div>\n\t\t\t\t<\/div>\n\t\t\t\t\t<\/div>\n\t\t\t\t<\/div>\n\t\t<div class=\"elementor-element elementor-element-iwgs-wacholder-s2 e-flex e-con-boxed e-con e-parent\" data-id=\"iwgs-wacholder-s2\" data-element_type=\"container\" data-e-type=\"container\">\n\t\t\t\t\t<div class=\"e-con-inner\">\n\t\t\t\t<div class=\"elementor-element elementor-element-iwgs-wacholder-s2h elementor-widget elementor-widget-heading\" data-id=\"iwgs-wacholder-s2h\" data-element_type=\"widget\" data-e-type=\"widget\" data-widget_type=\"heading.default\">\n\t\t\t\t\t<h2 class=\"elementor-heading-title elementor-size-default\">Princ\u00edp \u00fa\u010dinku pod\u013ea trad\u00edcie<\/h2>\t\t\t\t<\/div>\n\t\t<div class=\"elementor-element elementor-element-iw-wacholder-s2-bw e-con-full e-flex e-con e-child\" data-id=\"iw-wacholder-s2-bw\" data-element_type=\"container\" data-e-type=\"container\">\n\t\t\t\t<div class=\"elementor-element elementor-element-iwgs-wacholder-s2t elementor-widget elementor-widget-text-editor\" data-id=\"iwgs-wacholder-s2t\" data-element_type=\"widget\" data-e-type=\"widget\" data-widget_type=\"text-editor.default\">\n\t\t\t\t\t\t\t\t\t<p>\u013dudov\u00e1 viera pozn\u00e1 pri pou\u017e\u00edvan\u00ed ochrann\u00fdch byl\u00edn opakuj\u00face sa formy pou\u017eitia, ktor\u00e9 sa u mnoh\u00fdch rastl\u00edn a v r\u00f4znych oblastiach podobaj\u00fa. Nosen\u00e9 na tele, v\u00e4\u010d\u0161inou v malom <a href=\"https:\/\/iwell-guard.com\/sk\/ochranne-vrecusko-breverl\/\">ochrannom vrec\u00fa\u0161ku<\/a> alebo me\u0161ci, mali byliny nosite\u013ea sprev\u00e1dza\u0165 priamo a chr\u00e1ni\u0165 ho pred \u0161kodlivou m\u00e1giou.<\/p><p>Umiestnen\u00e9 pri vchode do domu a nad dverami \u010di staj\u0148ou, \u010dasto vo forme zv\u00e4zku alebo venca, ozna\u010dovali <a href=\"https:\/\/iwell-guard.com\/sk\/ochrana-prahu-dvere-okna-vchod\/\">prah<\/a> ako hranicu, ktor\u00fa \u0161kodliv\u00e9 sily nemali prekro\u010di\u0165. Vlo\u017een\u00e9 pod vank\u00fa\u0161 alebo pod poste\u013e chr\u00e1nili byliny bezbrann\u00fd okamih sp\u00e1nku. Napokon sp\u00e1len\u00e9 ako <a href=\"https:\/\/iwell-guard.com\/sk\/vykurovanie-a-ocista\/\">kadidlo<\/a> \u0161\u00edrili dym, ktor\u00e9mu sa pripisovala \u010distiaca a odvracaj\u00faca sila.<\/p><p>Tieto formy, vrec\u00fa\u0161ko, prah, poste\u013e a dym, sa ako opakuj\u00faci sa vzor prel\u00ednaj\u00fa trad\u00edciou takmer v\u0161etk\u00fdch tu predstaven\u00fdch byl\u00edn.<\/p>\t\t\t\t\t\t\t\t<\/div>\n\t\t\t\t<\/div>\n\t\t\t\t\t<\/div>\n\t\t\t\t<\/div>\n\t\t<div class=\"elementor-element elementor-element-iwgs-wacholder-s3 e-flex e-con-boxed e-con e-parent\" data-id=\"iwgs-wacholder-s3\" data-element_type=\"container\" data-e-type=\"container\">\n\t\t\t\t\t<div class=\"e-con-inner\">\n\t\t\t\t<div class=\"elementor-element elementor-element-iwgs-wacholder-s3h elementor-widget elementor-widget-heading\" data-id=\"iwgs-wacholder-s3h\" data-element_type=\"widget\" data-e-type=\"widget\" data-widget_type=\"heading.default\">\n\t\t\t\t\t<h2 class=\"elementor-heading-title elementor-size-default\">Roz\u0161\u00edrenie medzi kult\u00farami<\/h2>\t\t\t\t<\/div>\n\t\t<div class=\"elementor-element elementor-element-iw-wacholder-s3-bw e-con-full e-flex e-con e-child\" data-id=\"iw-wacholder-s3-bw\" data-element_type=\"container\" data-e-type=\"container\">\n\t\t\t\t<div class=\"elementor-element elementor-element-iwgs-wacholder-s3t elementor-widget elementor-widget-text-editor\" data-id=\"iwgs-wacholder-s3t\" data-element_type=\"widget\" data-e-type=\"widget\" data-widget_type=\"text-editor.default\">\n\t\t\t\t\t\t\t\t\t<p>Viera v ochrann\u00e9 byliny sa neobmedzuje len na nemecky hovoriace krajiny. V keltskej oblasti platili rastliny ako <a href=\"https:\/\/iwell-guard.com\/sk\/?page_id=158830\">verbena<\/a> za sv\u00e4t\u00e9 a zbierali sa pod\u013ea pevn\u00fdch ritu\u00e1lov. V slovanskej \u013eudovej viere sa dom a staj\u0148a chr\u00e1nili podobn\u00fdmi zv\u00e4zkami ako v alpsk\u00fdch oblastiach, hoci s in\u00fdmi druhmi rastl\u00edn.<\/p><p>Podobn\u00e9 predstavy poznaj\u00fa aj mimoeur\u00f3pske kult\u00fary: v Indii sa napr\u00edklad pr\u00edbuzn\u00e9 druhy <a href=\"https:\/\/iwell-guard.com\/sk\/?page_id=158831\">divoze\u013ea<\/a> pou\u017e\u00edvali proti zl\u00fdm duchom a m\u00e1gii. Tieto paralely sved\u010dia o roz\u0161\u00edrenej potrebe pou\u017e\u00edva\u0165 konkr\u00e9tne rastliny ako sprostredkovate\u013eov medzi vlastnou zranite\u013enos\u0165ou a nevidite\u013en\u00fdm svetom, ktor\u00fd bol poci\u0165ovan\u00fd ako hroziv\u00fd.<\/p>\t\t\t\t\t\t\t\t<\/div>\n\t\t\t\t<\/div>\n\t\t\t\t\t<\/div>\n\t\t\t\t<\/div>\n\t\t<div class=\"elementor-element elementor-element-iwgs-wacholder-s4 e-flex e-con-boxed e-con e-parent\" data-id=\"iwgs-wacholder-s4\" data-element_type=\"container\" data-e-type=\"container\">\n\t\t\t\t\t<div class=\"e-con-inner\">\n\t\t\t\t<div class=\"elementor-element elementor-element-iwgs-wacholder-s4h elementor-widget elementor-widget-heading\" data-id=\"iwgs-wacholder-s4h\" data-element_type=\"widget\" data-e-type=\"widget\" data-widget_type=\"heading.default\">\n\t\t\t\t\t<h2 class=\"elementor-heading-title elementor-size-default\">Proti \u010domu sa pou\u017e\u00edva<\/h2>\t\t\t\t<\/div>\n\t\t<div class=\"elementor-element elementor-element-iw-wacholder-s4-bw e-con-full e-flex e-con e-child\" data-id=\"iw-wacholder-s4-bw\" data-element_type=\"container\" data-e-type=\"container\">\n\t\t\t\t<div class=\"elementor-element elementor-element-iwgs-wacholder-s4t elementor-widget elementor-widget-text-editor\" data-id=\"iwgs-wacholder-s4t\" data-element_type=\"widget\" data-e-type=\"widget\" data-widget_type=\"text-editor.default\">\n\t\t\t\t\t\t\t\t\t<p>Trad\u00edcia nasadzuje ochrann\u00e9 byliny proti \u0161irok\u00e9mu spektru hrozieb. Patr\u00ed medzi ne zl\u00fd poh\u013ead, teda poh\u013ead zo z\u00e1visti, ktor\u00fd mal \u0161kodi\u0165 \u013eu\u010fom, zvierat\u00e1m a \u00farode, ako aj \u010darodejn\u00edctvo a zauriekanie v \u00fazkom zmysle. Duchovia choroby, ktor\u00fdm sa pripisovali hor\u00fa\u010dky, epid\u00e9mie a nevysvetlite\u013en\u00e9 utrpenie, patria k obrazu hrozieb rovnako ako nebezpe\u010denstv\u00e1 po\u010dasia, napr\u00edklad \u00fader blesku, proti ktor\u00e9mu mali by\u0165 zvl\u00e1\u0161\u0165 \u00fa\u010dinn\u00e9 jednotliv\u00e9 byliny ako divozel.<\/p><p>K cie\u013eom tejto ochrannej praxe patria aj ohov\u00e1ranie a spory v dom\u00e1cnosti, pred ktor\u00fdmi mala chr\u00e1ni\u0165 napr\u00edklad angelika. <a href=\"https:\/\/iwell-guard.com\/sk\/schutz-kompas\/\">Schutz-Kompass<\/a> zara\u010fuje jednotliv\u00e9 byliny k hrozb\u00e1m, pre ktor\u00e9 s\u00fa v prame\u0148och zdokumentovan\u00e9.<\/p>\t\t\t\t\t\t\t\t<\/div>\n\t\t\t\t<\/div>\n\t\t\t\t\t<\/div>\n\t\t\t\t<\/div>\n\t\t<div class=\"elementor-element elementor-element-iwgs-wacholder-s5 e-flex e-con-boxed e-con e-parent\" data-id=\"iwgs-wacholder-s5\" data-element_type=\"container\" data-e-type=\"container\">\n\t\t\t\t\t<div class=\"e-con-inner\">\n\t\t\t\t<div class=\"elementor-element elementor-element-iwgs-wacholder-s5h elementor-widget elementor-widget-heading\" data-id=\"iwgs-wacholder-s5h\" data-element_type=\"widget\" data-e-type=\"widget\" data-widget_type=\"heading.default\">\n\t\t\t\t\t<h2 class=\"elementor-heading-title elementor-size-default\">Pou\u017eitie a limity<\/h2>\t\t\t\t<\/div>\n\t\t<div class=\"elementor-element elementor-element-iw-wacholder-s5-bw e-con-full e-flex e-con e-child\" data-id=\"iw-wacholder-s5-bw\" data-element_type=\"container\" data-e-type=\"container\">\n\t\t\t\t<div class=\"elementor-element elementor-element-iwgs-wacholder-s5t elementor-widget elementor-widget-text-editor\" data-id=\"iwgs-wacholder-s5t\" data-element_type=\"widget\" data-e-type=\"widget\" data-widget_type=\"text-editor.default\">\n\t\t\t\t\t\t\t\t\t<p>Nasleduj\u00face str\u00e1nky predstavuj\u00fa jednotliv\u00e9 ochrann\u00e9 byliny podrobne, s ich tradovanou hist\u00f3riou, formami pou\u017eitia a hranicami, ktor\u00e9 si sama \u013eudov\u00e1 viera stanovila:<\/p><ul><li><a href=\"https:\/\/iwell-guard.com\/sk\/palina\/\">Palina<\/a><\/li><li><a href=\"https:\/\/iwell-guard.com\/sk\/salvia-dymenie\/\">\u0160alvia<\/a><\/li><li><a href=\"https:\/\/iwell-guard.com\/sk\/jalovec\/\">Borievka<\/a><\/li><li><a href=\"https:\/\/iwell-guard.com\/sk\/jarabina-ochranny-strom-ludovej-magie\/\">Jarabina<\/a><\/li><li><a href=\"https:\/\/iwell-guard.com\/sk\/lubovnik-bodkovany\/\">\u013dubovn\u00edk<\/a><\/li><li><a href=\"https:\/\/iwell-guard.com\/sk\/cesnak-ako-ochrana\/\">Cesnak<\/a><\/li><li><a href=\"https:\/\/iwell-guard.com\/sk\/alraun-ochranny-koren\/\">Alraun<\/a><\/li><li><a href=\"https:\/\/iwell-guard.com\/sk\/?page_id=158830\">Verbena<\/a><\/li><li><a href=\"https:\/\/iwell-guard.com\/sk\/?page_id=158831\">Divozel<\/a><\/li><li><a href=\"https:\/\/iwell-guard.com\/sk\/?page_id=158832\">Rebr\u00ed\u010dek<\/a><\/li><li><a href=\"https:\/\/iwell-guard.com\/sk\/?page_id=158833\">Palina prav\u00e1 (paliynok)<\/a><\/li><li><a href=\"https:\/\/iwell-guard.com\/sk\/?page_id=158834\">Angelika<\/a><\/li><\/ul><p>Jedna hranica v\u0161etk\u00fdch ochrann\u00fdch byl\u00edn spo\u010d\u00edva v samotnej trad\u00edcii: \u017eiadna bylina nebola pova\u017eovan\u00e1 za dostato\u010dn\u00fa samu o sebe. V\u017edy sa kombinovala s modlitbami, za\u0159\u00edkac\u00edmi formulami, <a href=\"https:\/\/iwell-guard.com\/sk\/sol-ako-ochrana\/\">so\u013eou<\/a> a \u010fal\u0161\u00edmi ochrann\u00fdmi prostriedkami, ako to ukazuje aj <a href=\"https:\/\/iwell-guard.com\/sk\/schutz-kompas\/\">Schutz-Kompass<\/a> vo svojich tradovan\u00fdch kombin\u00e1ci\u00e1ch.<\/p>\t\t\t\t\t\t\t\t<\/div>\n\t\t\t\t<\/div>\n\t\t\t\t\t<\/div>\n\t\t\t\t<\/div>\n\t\t<div class=\"elementor-element elementor-element-iwgs-wacholder-lit e-flex e-con-boxed e-con e-parent\" data-id=\"iwgs-wacholder-lit\" data-element_type=\"container\" data-e-type=\"container\">\n\t\t\t\t\t<div class=\"e-con-inner\">\n\t\t\t\t<div class=\"elementor-element elementor-element-iwgs-wacholder-lith elementor-widget elementor-widget-heading\" data-id=\"iwgs-wacholder-lith\" data-element_type=\"widget\" data-e-type=\"widget\" data-widget_type=\"heading.default\">\n\t\t\t\t\t<h2 class=\"elementor-heading-title elementor-size-default\">Literat\u00fara (v\u00fdber)<\/h2>\t\t\t\t<\/div>\n\t\t<div class=\"elementor-element elementor-element-iw-wacholder-lit-bw e-con-full e-flex e-con e-child\" data-id=\"iw-wacholder-lit-bw\" data-element_type=\"container\" data-e-type=\"container\">\n\t\t\t\t<div class=\"elementor-element elementor-element-iwgs-wacholder-litt elementor-widget elementor-widget-html\" data-id=\"iwgs-wacholder-litt\" data-element_type=\"widget\" data-e-type=\"widget\" data-widget_type=\"html.default\">\n\t\t\t\t\t<footer data-nosnippet=\"true\"><ul><li>Handw\u00f6rterbuch des deutschen Aberglaubens. Hrsg. von Hanns B\u00e4chtold-St\u00e4ubli. Berlin: de Gruyter, 1927-1942.<\/li><li>Heinrich Marzell (unter Mitwirkung von Wilhelm Wissmann): W\u00f6rterbuch der deutschen Pflanzennamen. Leipzig\/Stuttgart: Hirzel, 1943-1979.<\/li><li>Will-Erich Peuckert: Deutscher Volksglaube des Sp\u00e4tmittelalters. Stuttgart: Kohlhammer, 1942.<\/li><li>Siegfried Seligmann: Der b\u00f6se Blick und Verwandtes. Berlin: Barsdorf, 1910.<\/li><li>Lutz R\u00f6hrich: Lexikon der sprichw\u00f6rtlichen Redensarten. Freiburg: Herder, 1991.<\/li><\/ul><\/footer>\t\t\t\t<\/div>\n\t\t\t\t<\/div>\n\t\t\t\t\t<\/div>\n\t\t\t\t<\/div>\n\t\t<div class=\"elementor-element elementor-element-iwgs-wacholder-kwd e-flex e-con-boxed e-con e-parent\" data-id=\"iwgs-wacholder-kwd\" data-element_type=\"container\" data-e-type=\"container\">\n\t\t\t\t\t<div class=\"e-con-inner\">\n\t\t<div class=\"elementor-element elementor-element-iw-wacholder-kwd-bw e-con-full e-flex e-con e-child\" data-id=\"iw-wacholder-kwd-bw\" data-element_type=\"container\" data-e-type=\"container\">\n\t\t\t\t<div class=\"elementor-element elementor-element-iwgs-wacholder-kwdt elementor-widget elementor-widget-text-editor\" data-id=\"iwgs-wacholder-kwdt\" data-element_type=\"widget\" data-e-type=\"widget\" data-widget_type=\"text-editor.default\">\n\t\t\t\t\t\t\t\t\t<p><em>S\u00favisiace k\u013e\u00fa\u010dov\u00e9 pojmy: schutzkraeuter volksglaube kraeutermagie schwellenschutz.<\/em><\/p>\t\t\t\t\t\t\t\t<\/div>\n\t\t\t\t<\/div>\n\t\t\t\t\t<\/div>\n\t\t\t\t<\/div>\n\t\t<div class=\"elementor-element elementor-element-iwgs-wacholder-cc e-flex e-con-boxed e-con e-parent\" data-id=\"iwgs-wacholder-cc\" data-element_type=\"container\" data-e-type=\"container\" id=\"iwg-cc-wacholder\">\n\t\t\t\t\t<div class=\"e-con-inner\">\n\t\t<div class=\"elementor-element elementor-element-iwgs-wacholder-ccinner e-flex e-con-boxed e-con e-parent\" data-id=\"iwgs-wacholder-ccinner\" data-element_type=\"container\" data-e-type=\"container\" data-settings=\"{&quot;background_background&quot;:&quot;classic&quot;}\">\n\t\t\t\t\t<div class=\"e-con-inner\">\n\t\t\t\t<div class=\"elementor-element elementor-element-iwgs-wacholder-cch elementor-widget elementor-widget-heading\" data-id=\"iwgs-wacholder-cch\" data-element_type=\"widget\" data-e-type=\"widget\" data-widget_type=\"heading.default\">\n\t\t\t\t\t<h2 class=\"elementor-heading-title elementor-size-default\">iWell Guard a ochrann\u00e9 trad\u00edcie<\/h2>\t\t\t\t<\/div>\n\t\t\t\t<div class=\"elementor-element elementor-element-iwgs-wacholder-cct elementor-widget elementor-widget-text-editor\" data-id=\"iwgs-wacholder-cct\" data-element_type=\"widget\" data-e-type=\"widget\" data-widget_type=\"text-editor.default\">\n\t\t\t\t\t\t\t\t\t<p>Rozmanitos\u0165 ochrann\u00fdch byl\u00edn odr\u00e1\u017ea opakuj\u00facu sa \u013eudsk\u00fa potrebu: ma\u0165 pri sebe hmatate\u013en\u00e9 predmety, ktor\u00e9 vyty\u010duj\u00fa nevidite\u013en\u00fa hranicu medzi vlastn\u00fdm, chr\u00e1nen\u00fdm priestorom a okol\u00edm, ktor\u00e9 je vn\u00edman\u00e9 ako ohrozuj\u00face. Na tomto princ\u00edpe je zalo\u017een\u00fd aj <a href=\"https:\/\/iwell-guard.com\/sk\/ochranny-privesok-iwell-guard-kupit\/\">iWell Guard<\/a>.<\/p><p>To, \u010do sa predch\u00e1dzaj\u00face gener\u00e1cie sna\u017eili dosiahnu\u0165 pomocou bylinkov\u00fdch vrec\u00fa\u0161ok, zv\u00e4zkov na dver\u00e1ch \u010di vykurovania bylinami, pren\u00e1\u0161a tento pr\u00edvesok do formy, ktor\u00e1 sa d\u00e1 trvalo nosi\u0165 na tele. Symbolick\u00e1 logika vyty\u010dovania hranice zost\u00e1va rovnak\u00e1, zmenila sa len jej vonkaj\u0161ia forma.<\/p>\t\t\t\t\t\t\t\t<\/div>\n\t\t\t\t<div class=\"elementor-element elementor-element-iwgs-wacholder-ccb iwg-cc-button iwg-cc-cta-2026-05-13 elementor-widget elementor-widget-jet-button\" data-id=\"iwgs-wacholder-ccb\" data-element_type=\"widget\" data-e-type=\"widget\" data-widget_type=\"jet-button.default\">\n\t\t\t\t<div class=\"elementor-widget-container\">\n\t\t\t\t\t<div class=\"elementor-jet-button jet-elements\"><div class=\"jet-button__container\"><a class=\"jet-button__instance jet-button__instance--icon-left hover-effect-1\" href=\"\/schutzanhaenger-iwell-guard-kaufen\/?utm_source=iwell-guard.com&amp;utm_medium=info-box&amp;utm_campaign=schutzsymbole\"><div class=\"jet-button__plane jet-button__plane-normal\"><\/div><div class=\"jet-button__plane jet-button__plane-hover\"><\/div><div class=\"jet-button__state jet-button__state-normal\"><span class=\"jet-button__label\">Viac o iWell Guard<\/span><\/div><div class=\"jet-button__state jet-button__state-hover\"><span class=\"jet-button__label\">Viac o iWell Guard<\/span><\/div><\/a><\/div><\/div><style>.elementor-element.elementor-element-iwgs-wacholder-ccb .jet-button__instance{width:320px;height:56px;}.elementor-element.elementor-element-iwgs-wacholder-ccb .jet-button__state-normal .jet-button__label{text-align:center;margin:0px 0px 0px 0px;color:#1a1b20;font-family:Montserrat,sans-serif;font-size:13px;font-weight:400;letter-spacing:4px;line-height:1.714em;text-transform:uppercase;}.elementor-element.elementor-element-iwgs-wacholder-ccb .jet-button__state-hover .jet-button__label{text-align:center;margin:0px 0px 0px 0px;color:#FECC76;font-family:Montserrat,sans-serif;font-size:13px;font-weight:400;letter-spacing:4px;line-height:1.714em;text-transform:uppercase;}.elementor-element.elementor-element-iwgs-wacholder-ccb .jet-button__plane-normal{background-color:#FECC76;border-style:solid;border-color:#C99540;border-width:2px 2px 2px 2px;}.elementor-element.elementor-element-iwgs-wacholder-ccb .jet-button__plane-hover{background-color:rgba(0,0,0,0.55);border-style:solid;border-color:#FECC76;border-width:2px 2px 2px 2px;}<\/style>\t\t\t\t<\/div>\n\t\t\t\t<\/div>\n\t\t\t\t<div class=\"elementor-element elementor-element-iwgs-wacholder-ccd elementor-widget elementor-widget-text-editor\" data-id=\"iwgs-wacholder-ccd\" data-element_type=\"widget\" data-e-type=\"widget\" data-widget_type=\"text-editor.default\">\n\t\t\t\t\t\t\t\t\t<p style=\"text-align:center;font-size:13px;opacity:0.7;margin-top:14px\" data-nosnippet=\"true\">Osobn\u00e9 sk\u00fasenosti sa m\u00f4\u017eu l\u00ed\u0161i\u0165. Nejde o zdravotn\u00edcku pom\u00f4cku. Nejde o pr\u00eds\u013eub lie\u010denia.<\/p>\t\t\t\t\t\t\t\t<\/div>\n\t\t\t\t\t<\/div>\n\t\t\t\t<\/div>\n\t\t\t\t\t<\/div>\n\t\t\t\t<\/div>\n\t\t<div class=\"elementor-element elementor-element-iwgs-wacholder-disc e-flex e-con-boxed e-con e-parent\" data-id=\"iwgs-wacholder-disc\" data-element_type=\"container\" data-e-type=\"container\">\n\t\t\t\t\t<div class=\"e-con-inner\">\n\t\t<div class=\"elementor-element elementor-element-iw-wacholder-disc-bw e-con-full e-flex e-con e-child\" data-id=\"iw-wacholder-disc-bw\" data-element_type=\"container\" data-e-type=\"container\">\n\t\t\t\t<div class=\"elementor-element elementor-element-iwgs-wacholder-discw elementor-widget elementor-widget-html\" data-id=\"iwgs-wacholder-discw\" data-element_type=\"widget\" data-e-type=\"widget\" data-widget_type=\"html.default\">\n\t\t\t\t\t<footer data-nosnippet=\"true\" class=\"iwg-disclaimer-block\"><p data-nosnippet=\"true\">iWell Guard <strong>nie je zdravotn\u00edcka pom\u00f4cka<\/strong> a nenahr\u00e1dza lek\u00e1rske ani psychoterapeutick\u00e9 lie\u010denie. Tu uveden\u00fd obsah predstavuje religionistick\u00e9 a kult\u00farno-historick\u00e9 zaradenie, nie pr\u00eds\u013eub duchovn\u00e9ho \u00fa\u010dinku.<\/p><\/footer>\t\t\t\t<\/div>\n\t\t\t\t<\/div>\n\t\t\t\t\t<\/div>\n\t\t\t\t<\/div>\n\t\t\t\t<\/div>\n\t\t","protected":false},"excerpt":{"rendered":"","protected":false},"author":3,"featured_media":20530,"parent":0,"menu_order":0,"comment_status":"closed","ping_status":"closed","template":"elementor_header_footer","meta":{"_yoast_wpseo_focuskw":"ochrann\u00e9 byliny","_yoast_wpseo_title":"Ochrann\u00e9 byliny: byliny ako ochrann\u00fd prostriedok v \u013eudovej viere","_yoast_wpseo_metadesc":"Ochrann\u00e9 byliny v \u013eudovej viere: formy pou\u017eitia, trad\u00edcia a preh\u013ead v\u0161etk\u00fdch str\u00e1nok o ochrann\u00fdch bylin\u00e1ch od palina po angeliku.","_yoast_wpseo_meta-robots-noindex":"","_yoast_wpseo_canonical":"","_angie_page":false,"gefaehrdungsstufe":"","wesen_kultur":"","wesen_klasse":"","footnotes":""},"categories":[],"class_list":["post-158829","page","type-page","status-publish","has-post-thumbnail","hentry"],"yoast_head":"<!-- This site is optimized with the Yoast SEO Premium plugin v27.7 (Yoast SEO v28.3) - https:\/\/yoast.com\/product\/yoast-seo-premium-wordpress\/ -->\n<title>Ochrann\u00e9 byliny: byliny ako ochrann\u00fd prostriedok v \u013eudovej viere<\/title>\n<meta name=\"description\" content=\"Ochrann\u00e9 byliny v \u013eudovej viere: formy pou\u017eitia, trad\u00edcia a preh\u013ead v\u0161etk\u00fdch str\u00e1nok o ochrann\u00fdch bylin\u00e1ch od palina po angeliku.\" \/>\n<meta name=\"robots\" content=\"index, follow, max-snippet:-1, max-image-preview:large, max-video-preview:-1\" \/>\n<link rel=\"canonical\" href=\"https:\/\/iwell-guard.com\/sk\/ochranne-byliny\/\" \/>\n<meta property=\"og:locale\" content=\"sk_SK\" \/>\n<meta property=\"og:type\" content=\"article\" \/>\n<meta property=\"og:title\" content=\"Ochrann\u00e9 byliny\" \/>\n<meta property=\"og:description\" content=\"Ochrann\u00e9 byliny v \u013eudovej viere: formy pou\u017eitia, trad\u00edcia a preh\u013ead v\u0161etk\u00fdch str\u00e1nok o ochrann\u00fdch bylin\u00e1ch od palina po angeliku.\" \/>\n<meta property=\"og:url\" content=\"https:\/\/iwell-guard.com\/sk\/ochranne-byliny\/\" \/>\n<meta property=\"og:site_name\" content=\"iWell Guard\" \/>\n<meta property=\"article:modified_time\" content=\"2026-09-04T23:12:52+00:00\" \/>\n<meta property=\"og:image\" content=\"https:\/\/iwell-guard.com\/wp-content\/uploads\/2026\/07\/schutzsymbol_universell_schutzkraeuter.webp\" \/>\n\t<meta property=\"og:image:width\" content=\"1024\" \/>\n\t<meta property=\"og:image:height\" content=\"1536\" \/>\n\t<meta property=\"og:image:type\" content=\"image\/webp\" \/>\n<meta name=\"twitter:card\" content=\"summary_large_image\" \/>\n<script type=\"application\/ld+json\" class=\"yoast-schema-graph\">{\"@context\":\"https:\\\/\\\/schema.org\",\"@graph\":[{\"@type\":\"WebPage\",\"@id\":\"https:\\\/\\\/iwell-guard.com\\\/sk\\\/ochranne-byliny\\\/\",\"url\":\"https:\\\/\\\/iwell-guard.com\\\/sk\\\/ochranne-byliny\\\/\",\"name\":\"Ochrann\u00e9 byliny: byliny ako ochrann\u00fd prostriedok v \u013eudovej viere\",\"isPartOf\":{\"@id\":\"https:\\\/\\\/iwell-guard.com\\\/sk\\\/#website\"},\"primaryImageOfPage\":{\"@id\":\"https:\\\/\\\/iwell-guard.com\\\/sk\\\/ochranne-byliny\\\/#primaryimage\"},\"image\":{\"@id\":\"https:\\\/\\\/iwell-guard.com\\\/sk\\\/ochranne-byliny\\\/#primaryimage\"},\"thumbnailUrl\":\"https:\\\/\\\/iwell-guard.com\\\/wp-content\\\/uploads\\\/2026\\\/07\\\/schutzsymbol_universell_schutzkraeuter.webp\",\"datePublished\":\"2026-09-04T22:35:49+00:00\",\"dateModified\":\"2026-09-04T23:12:52+00:00\",\"description\":\"Ochrann\u00e9 byliny v \u013eudovej viere: formy pou\u017eitia, trad\u00edcia a preh\u013ead v\u0161etk\u00fdch str\u00e1nok o ochrann\u00fdch bylin\u00e1ch od palina po angeliku.\",\"breadcrumb\":{\"@id\":\"https:\\\/\\\/iwell-guard.com\\\/sk\\\/ochranne-byliny\\\/#breadcrumb\"},\"inLanguage\":\"sk-SK\",\"potentialAction\":[{\"@type\":\"ReadAction\",\"target\":[\"https:\\\/\\\/iwell-guard.com\\\/sk\\\/ochranne-byliny\\\/\"]}]},{\"@type\":\"ImageObject\",\"inLanguage\":\"sk-SK\",\"@id\":\"https:\\\/\\\/iwell-guard.com\\\/sk\\\/ochranne-byliny\\\/#primaryimage\",\"url\":\"https:\\\/\\\/iwell-guard.com\\\/wp-content\\\/uploads\\\/2026\\\/07\\\/schutzsymbol_universell_schutzkraeuter.webp\",\"contentUrl\":\"https:\\\/\\\/iwell-guard.com\\\/wp-content\\\/uploads\\\/2026\\\/07\\\/schutzsymbol_universell_schutzkraeuter.webp\",\"width\":1024,\"height\":1536,\"caption\":\"Zv\u00e4zok ochrann\u00fdch byl\u00edn s \u013eanov\u00fdm vrec\u00fa\u0161kom na tmavom kamennom podklade\"},{\"@type\":\"BreadcrumbList\",\"@id\":\"https:\\\/\\\/iwell-guard.com\\\/sk\\\/ochranne-byliny\\\/#breadcrumb\",\"itemListElement\":[{\"@type\":\"ListItem\",\"position\":1,\"name\":\"Start\",\"item\":\"https:\\\/\\\/iwell-guard.com\\\/sk\\\/?page_id=157572\"},{\"@type\":\"ListItem\",\"position\":2,\"name\":\"Ochrann\u00e9 byliny\"}]},{\"@type\":\"WebSite\",\"@id\":\"https:\\\/\\\/iwell-guard.com\\\/sk\\\/#website\",\"url\":\"https:\\\/\\\/iwell-guard.com\\\/sk\\\/\",\"name\":\"iWell Guard\",\"description\":\"Schutz vor dunklen Einfl\u00fcssen\",\"publisher\":{\"@id\":\"https:\\\/\\\/iwell-guard.com\\\/sk\\\/#organization\"},\"potentialAction\":[{\"@type\":\"SearchAction\",\"target\":{\"@type\":\"EntryPoint\",\"urlTemplate\":\"https:\\\/\\\/iwell-guard.com\\\/sk\\\/?s={search_term_string}\"},\"query-input\":{\"@type\":\"PropertyValueSpecification\",\"valueRequired\":true,\"valueName\":\"search_term_string\"}}],\"inLanguage\":\"sk-SK\"},{\"@type\":\"Organization\",\"@id\":\"https:\\\/\\\/iwell-guard.com\\\/sk\\\/#organization\",\"name\":\"Ittermann electronic GmbH\",\"url\":\"https:\\\/\\\/iwell-guard.com\\\/sk\\\/\",\"logo\":{\"@type\":\"ImageObject\",\"inLanguage\":\"sk-SK\",\"@id\":\"https:\\\/\\\/iwell-guard.com\\\/sk\\\/#\\\/schema\\\/logo\\\/image\\\/\",\"url\":\"https:\\\/\\\/iwell-guard.com\\\/wp-content\\\/uploads\\\/2026\\\/05\\\/Ittermann-Logo-1182x237-1.png\",\"contentUrl\":\"https:\\\/\\\/iwell-guard.com\\\/wp-content\\\/uploads\\\/2026\\\/05\\\/Ittermann-Logo-1182x237-1.png\",\"width\":1182,\"height\":237,\"caption\":\"Ittermann electronic GmbH\"},\"image\":{\"@id\":\"https:\\\/\\\/iwell-guard.com\\\/sk\\\/#\\\/schema\\\/logo\\\/image\\\/\"},\"sameAs\":[\"https:\\\/\\\/pantip.com\\\/profile\\\/9367242\",\"https:\\\/\\\/micro.blog\\\/iwellguard\",\"https:\\\/\\\/www.diggerslist.com\\\/iwellguard\\\/about\",\"https:\\\/\\\/skitterphoto.com\\\/photographers\\\/2870314\\\/iwell-guard\",\"https:\\\/\\\/iwellguard.wordpress.com\\\/2026\\\/06\\\/06\\\/iwell-guard\\\/\",\"https:\\\/\\\/hub.docker.com\\\/u\\\/iwellguard\",\"https:\\\/\\\/www.pinterest.com\\\/iwellguard\\\/\",\"https:\\\/\\\/bit.ly\\\/m\\\/iwellguard\",\"https:\\\/\\\/entre-vos-mains.alsace.eu\\\/profiles\\\/iwellguard\\\/activity\",\"https:\\\/\\\/gravatar.com\\\/reallybeded8fd34\",\"https:\\\/\\\/naijamatta.com\\\/iwellguard\",\"https:\\\/\\\/www.goodreads.com\\\/iwellguard\",\"https:\\\/\\\/profile.hatena.ne.jp\\\/iwellguard\\\/\",\"https:\\\/\\\/experiment.com\\\/users\\\/iwellguard\",\"https:\\\/\\\/wakelet.com\\\/@iWellGuard82270\",\"https:\\\/\\\/www.chordie.com\\\/forum\\\/profile.php?id=2555664\",\"https:\\\/\\\/www.instapaper.com\\\/p\\\/17757966\",\"https:\\\/\\\/www.mapleprimes.com\\\/users\\\/iwellguard\",\"https:\\\/\\\/businesslistingplus.com\\\/profile\\\/iwell-guard\\\/\",\"https:\\\/\\\/telegra.ph\\\/iWell-Guard-06-06\",\"https:\\\/\\\/pbase.com\\\/iwellguard\\\/iwellguard\",\"https:\\\/\\\/b.hatena.ne.jp\\\/iwellguard\\\/20260607#bookmark-4788405196491818882\",\"https:\\\/\\\/fliphtml5.com\\\/home\\\/iwellguard\",\"https:\\\/\\\/anyflip.com\\\/homepage\\\/cmiwl#About\",\"https:\\\/\\\/transfur.com\\\/Users\\\/iwellguard\",\"http:\\\/\\\/delphi.larsbo.org\\\/user\\\/iwellguard\",\"https:\\\/\\\/jobs.lajobsportal.org\\\/profiles\\\/8380803-iwell-guard\",\"https:\\\/\\\/md.chaosdorf.de\\\/s\\\/jfbe5SBdJD\",\"https:\\\/\\\/www.lingvolive.com\\\/en-us\\\/profile\\\/9ecaeaca-ce11-4e51-9e71-01d55e2bff36\\\/translations\",\"https:\\\/\\\/www.fitday.com\\\/fitness\\\/forums\\\/members\\\/iwellguard.html\",\"https:\\\/\\\/www.mymeetbook.com\\\/iwellguard\",\"https:\\\/\\\/pxhere.com\\\/en\\\/photographer-me\\\/5040798\",\"https:\\\/\\\/disqus.com\\\/by\\\/iwellguard\\\/about\\\/\",\"https:\\\/\\\/pastelink.net\\\/hjwciqwq\",\"https:\\\/\\\/pubhtml5.com\\\/homepage\\\/scjhn\\\/\",\"https:\\\/\\\/www.bitchute.com\\\/channel\\\/2O2eOKzNqujT\",\"https:\\\/\\\/audiomack.com\\\/iwellguard\"]}]}<\/script>\n<!-- \/ Yoast SEO Premium plugin. -->","yoast_head_json":{"title":"Ochrann\u00e9 byliny: byliny ako ochrann\u00fd prostriedok v \u013eudovej viere","description":"Ochrann\u00e9 byliny v \u013eudovej viere: formy pou\u017eitia, trad\u00edcia a preh\u013ead v\u0161etk\u00fdch str\u00e1nok o ochrann\u00fdch bylin\u00e1ch od palina po angeliku.","robots":{"index":"index","follow":"follow","max-snippet":"max-snippet:-1","max-image-preview":"max-image-preview:large","max-video-preview":"max-video-preview:-1"},"canonical":"https:\/\/iwell-guard.com\/sk\/ochranne-byliny\/","og_locale":"sk_SK","og_type":"article","og_title":"Ochrann\u00e9 byliny","og_description":"Ochrann\u00e9 byliny v \u013eudovej viere: formy pou\u017eitia, trad\u00edcia a preh\u013ead v\u0161etk\u00fdch str\u00e1nok o ochrann\u00fdch bylin\u00e1ch od palina po angeliku.","og_url":"https:\/\/iwell-guard.com\/sk\/ochranne-byliny\/","og_site_name":"iWell Guard","article_modified_time":"2026-09-04T23:12:52+00:00","og_image":[{"width":1024,"height":1536,"url":"https:\/\/iwell-guard.com\/wp-content\/uploads\/2026\/07\/schutzsymbol_universell_schutzkraeuter.webp","type":"image\/webp"}],"twitter_card":"summary_large_image","schema":{"@context":"https:\/\/schema.org","@graph":[{"@type":"WebPage","@id":"https:\/\/iwell-guard.com\/sk\/ochranne-byliny\/","url":"https:\/\/iwell-guard.com\/sk\/ochranne-byliny\/","name":"Ochrann\u00e9 byliny: byliny ako ochrann\u00fd prostriedok v \u013eudovej viere","isPartOf":{"@id":"https:\/\/iwell-guard.com\/sk\/#website"},"primaryImageOfPage":{"@id":"https:\/\/iwell-guard.com\/sk\/ochranne-byliny\/#primaryimage"},"image":{"@id":"https:\/\/iwell-guard.com\/sk\/ochranne-byliny\/#primaryimage"},"thumbnailUrl":"https:\/\/iwell-guard.com\/wp-content\/uploads\/2026\/07\/schutzsymbol_universell_schutzkraeuter.webp","datePublished":"2026-09-04T22:35:49+00:00","dateModified":"2026-09-04T23:12:52+00:00","description":"Ochrann\u00e9 byliny v \u013eudovej viere: formy pou\u017eitia, trad\u00edcia a preh\u013ead v\u0161etk\u00fdch str\u00e1nok o ochrann\u00fdch bylin\u00e1ch od palina po angeliku.","breadcrumb":{"@id":"https:\/\/iwell-guard.com\/sk\/ochranne-byliny\/#breadcrumb"},"inLanguage":"sk-SK","potentialAction":[{"@type":"ReadAction","target":["https:\/\/iwell-guard.com\/sk\/ochranne-byliny\/"]}]},{"@type":"ImageObject","inLanguage":"sk-SK","@id":"https:\/\/iwell-guard.com\/sk\/ochranne-byliny\/#primaryimage","url":"https:\/\/iwell-guard.com\/wp-content\/uploads\/2026\/07\/schutzsymbol_universell_schutzkraeuter.webp","contentUrl":"https:\/\/iwell-guard.com\/wp-content\/uploads\/2026\/07\/schutzsymbol_universell_schutzkraeuter.webp","width":1024,"height":1536,"caption":"Zv\u00e4zok ochrann\u00fdch byl\u00edn s \u013eanov\u00fdm vrec\u00fa\u0161kom na tmavom kamennom podklade"},{"@type":"BreadcrumbList","@id":"https:\/\/iwell-guard.com\/sk\/ochranne-byliny\/#breadcrumb","itemListElement":[{"@type":"ListItem","position":1,"name":"Start","item":"https:\/\/iwell-guard.com\/sk\/?page_id=157572"},{"@type":"ListItem","position":2,"name":"Ochrann\u00e9 byliny"}]},{"@type":"WebSite","@id":"https:\/\/iwell-guard.com\/sk\/#website","url":"https:\/\/iwell-guard.com\/sk\/","name":"iWell Guard","description":"Schutz vor dunklen Einfl\u00fcssen","publisher":{"@id":"https:\/\/iwell-guard.com\/sk\/#organization"},"potentialAction":[{"@type":"SearchAction","target":{"@type":"EntryPoint","urlTemplate":"https:\/\/iwell-guard.com\/sk\/?s={search_term_string}"},"query-input":{"@type":"PropertyValueSpecification","valueRequired":true,"valueName":"search_term_string"}}],"inLanguage":"sk-SK"},{"@type":"Organization","@id":"https:\/\/iwell-guard.com\/sk\/#organization","name":"Ittermann electronic GmbH","url":"https:\/\/iwell-guard.com\/sk\/","logo":{"@type":"ImageObject","inLanguage":"sk-SK","@id":"https:\/\/iwell-guard.com\/sk\/#\/schema\/logo\/image\/","url":"https:\/\/iwell-guard.com\/wp-content\/uploads\/2026\/05\/Ittermann-Logo-1182x237-1.png","contentUrl":"https:\/\/iwell-guard.com\/wp-content\/uploads\/2026\/05\/Ittermann-Logo-1182x237-1.png","width":1182,"height":237,"caption":"Ittermann electronic GmbH"},"image":{"@id":"https:\/\/iwell-guard.com\/sk\/#\/schema\/logo\/image\/"},"sameAs":["https:\/\/pantip.com\/profile\/9367242","https:\/\/micro.blog\/iwellguard","https:\/\/www.diggerslist.com\/iwellguard\/about","https:\/\/skitterphoto.com\/photographers\/2870314\/iwell-guard","https:\/\/iwellguard.wordpress.com\/2026\/06\/06\/iwell-guard\/","https:\/\/hub.docker.com\/u\/iwellguard","https:\/\/www.pinterest.com\/iwellguard\/","https:\/\/bit.ly\/m\/iwellguard","https:\/\/entre-vos-mains.alsace.eu\/profiles\/iwellguard\/activity","https:\/\/gravatar.com\/reallybeded8fd34","https:\/\/naijamatta.com\/iwellguard","https:\/\/www.goodreads.com\/iwellguard","https:\/\/profile.hatena.ne.jp\/iwellguard\/","https:\/\/experiment.com\/users\/iwellguard","https:\/\/wakelet.com\/@iWellGuard82270","https:\/\/www.chordie.com\/forum\/profile.php?id=2555664","https:\/\/www.instapaper.com\/p\/17757966","https:\/\/www.mapleprimes.com\/users\/iwellguard","https:\/\/businesslistingplus.com\/profile\/iwell-guard\/","https:\/\/telegra.ph\/iWell-Guard-06-06","https:\/\/pbase.com\/iwellguard\/iwellguard","https:\/\/b.hatena.ne.jp\/iwellguard\/20260607#bookmark-4788405196491818882","https:\/\/fliphtml5.com\/home\/iwellguard","https:\/\/anyflip.com\/homepage\/cmiwl#About","https:\/\/transfur.com\/Users\/iwellguard","http:\/\/delphi.larsbo.org\/user\/iwellguard","https:\/\/jobs.lajobsportal.org\/profiles\/8380803-iwell-guard","https:\/\/md.chaosdorf.de\/s\/jfbe5SBdJD","https:\/\/www.lingvolive.com\/en-us\/profile\/9ecaeaca-ce11-4e51-9e71-01d55e2bff36\/translations","https:\/\/www.fitday.com\/fitness\/forums\/members\/iwellguard.html","https:\/\/www.mymeetbook.com\/iwellguard","https:\/\/pxhere.com\/en\/photographer-me\/5040798","https:\/\/disqus.com\/by\/iwellguard\/about\/","https:\/\/pastelink.net\/hjwciqwq","https:\/\/pubhtml5.com\/homepage\/scjhn\/","https:\/\/www.bitchute.com\/channel\/2O2eOKzNqujT","https:\/\/audiomack.com\/iwellguard"]}]}},"_links":{"self":[{"href":"https:\/\/iwell-guard.com\/sk\/wp-json\/wp\/v2\/pages\/158829","targetHints":{"allow":["GET"]}}],"collection":[{"href":"https:\/\/iwell-guard.com\/sk\/wp-json\/wp\/v2\/pages"}],"about":[{"href":"https:\/\/iwell-guard.com\/sk\/wp-json\/wp\/v2\/types\/page"}],"author":[{"embeddable":true,"href":"https:\/\/iwell-guard.com\/sk\/wp-json\/wp\/v2\/users\/3"}],"replies":[{"embeddable":true,"href":"https:\/\/iwell-guard.com\/sk\/wp-json\/wp\/v2\/comments?post=158829"}],"version-history":[{"count":0,"href":"https:\/\/iwell-guard.com\/sk\/wp-json\/wp\/v2\/pages\/158829\/revisions"}],"wp:featuredmedia":[{"embeddable":true,"href":"https:\/\/iwell-guard.com\/sk\/wp-json\/wp\/v2\/media\/20530"}],"wp:attachment":[{"href":"https:\/\/iwell-guard.com\/sk\/wp-json\/wp\/v2\/media?parent=158829"}],"wp:term":[{"taxonomy":"category","embeddable":true,"href":"https:\/\/iwell-guard.com\/sk\/wp-json\/wp\/v2\/categories?post=158829"}],"curies":[{"name":"wp","href":"https:\/\/api.w.org\/{rel}","templated":true}]}}