{"id":158828,"date":"2026-09-04T22:35:47","date_gmt":"2026-09-04T22:35:47","guid":{"rendered":"https:\/\/iwell-guard.com\/?page_id=158828"},"modified":"2026-09-04T23:12:52","modified_gmt":"2026-09-04T23:12:52","slug":"venedigermandl","status":"publish","type":"page","link":"https:\/\/iwell-guard.com\/sk\/venedigermandl\/","title":{"rendered":"Venedigermandl"},"content":{"rendered":"\t\t<div data-elementor-type=\"wp-page\" data-elementor-id=\"158828\" class=\"elementor elementor-158828 elementor-20500\" data-elementor-post-type=\"page\">\n\t\t\t\t<div class=\"elementor-element elementor-element-10fdade e-flex e-con-boxed e-con e-parent\" data-id=\"10fdade\" data-element_type=\"container\" data-e-type=\"container\" data-settings=\"{&quot;background_background&quot;:&quot;classic&quot;}\">\n\t\t\t\t\t<div class=\"e-con-inner\">\n\t\t<div class=\"elementor-element elementor-element-herohlft0 e-flex e-con-boxed e-con e-child\" data-id=\"herohlft0\" data-element_type=\"container\" data-e-type=\"container\">\n\t\t\t\t\t<div class=\"e-con-inner\">\n\t\t<div class=\"elementor-element elementor-element-c3ceb64 e-con-full e-flex e-con e-child\" data-id=\"c3ceb64\" data-element_type=\"container\" data-e-type=\"container\">\n\t\t\t\t<div class=\"elementor-element elementor-element-96ae5e1 elementor-widget elementor-widget-heading\" data-id=\"96ae5e1\" data-element_type=\"widget\" data-e-type=\"widget\" data-widget_type=\"heading.default\">\n\t\t\t\t\t<h1 class=\"elementor-heading-title elementor-size-default\">Venedigermandl, h\u013eada\u010d rudy z cudziny<\/h1>\t\t\t\t<\/div>\n\t\t\t\t<div class=\"elementor-element elementor-element-e45238a elementor-widget elementor-widget-text-editor\" data-id=\"e45238a\" data-element_type=\"widget\" data-e-type=\"widget\" data-widget_type=\"text-editor.default\">\n\t\t\t\t\t\t\t\t\t<p>Venedigermandl je <span class=\"iwg-fachbegriff\" data-tooltip=\"Beztelesn\u00e1 bytos\u0165, ktorej sa pripisuje p\u00f4sobenie vo svete.\" tabindex=\"0\">duch<\/span> alpskej trad\u00edcie.<\/p><p><strong>Tajomn\u00fd trpasl\u00edk h\u013eadaj\u00faci rudu v alpsk\u00fdch potokoch.<\/strong> T\u00e1to postava patr\u00ed k najzn\u00e1mej\u0161\u00edm mot\u00edvom h\u013eada\u010dov rudy v alpsk\u00fdch povestiach.<\/p>\t\t\t\t\t\t\t\t<\/div>\n\t\t\t\t<\/div>\n\t\t<div class=\"elementor-element elementor-element-klsbdg01 e-con-full e-flex e-con e-parent\" data-id=\"klsbdg01\" data-element_type=\"container\" data-e-type=\"container\">\n\t\t\t\t<div class=\"elementor-element elementor-element-klshtm01 elementor-widget elementor-widget-html\" data-id=\"klshtm01\" data-element_type=\"widget\" data-e-type=\"widget\" data-widget_type=\"html.default\">\n\t\t\t\t\t<div class=\"iwg-pill-row\"><span class=\"iwg-klasse-badge\" tabindex=\"0\" data-tooltip=\"Duch: Beztelesn\u00e1 alebo poloteliesna bytos\u0165, zosnul\u00ed, pr\u00edrodn\u00e9 bytosti, dom\u00e1ci duchovia alebo str\u00e1\u017ecovia prahu. P\u00f4sob\u00ed v ka\u017edodennom \u017eivote, \u010dasto viazan\u00fd na miesta alebo rodiny.\">Duch<\/span><a href=\"https:\/\/iwell-guard.com\/sk\/?page_id=158853\" class=\"iwg-kultur-badge\" tabindex=\"0\" data-tooltip=\"Svet povest\u00ed alpsk\u00e9ho priestoru: Bavorsko, Rak\u00fasko, \u0160vaj\u010diarsko a Ju\u017en\u00fd Tirolsko, od horsk\u00fdch duchov a\u017e po postavy Rauhn\u00e4chte.\">Alpsk\u00fd priestor<\/a><\/div>\t\t\t\t<\/div>\n\t\t\t\t<\/div>\n\t\t<div class=\"elementor-element elementor-element-3f74855 e-con-full e-flex e-con e-child\" data-id=\"3f74855\" data-element_type=\"container\" data-e-type=\"container\">\n\t\t\t\t<div class=\"elementor-element elementor-element-1c30362 elementor-toc--minimized-on-tablet elementor-widget elementor-widget-table-of-contents\" data-id=\"1c30362\" data-element_type=\"widget\" data-e-type=\"widget\" data-settings=\"{&quot;exclude_headings_by_selector&quot;:[],&quot;no_headings_message&quot;:&quot;Na tejto str\\u00e1nke sa nena\\u0161li \\u017eiadne nadpisy.&quot;,&quot;headings_by_tags&quot;:[&quot;h2&quot;,&quot;h3&quot;],&quot;marker_view&quot;:&quot;bullets&quot;,&quot;icon&quot;:{&quot;value&quot;:&quot;fas fa-circle&quot;,&quot;library&quot;:&quot;fa-solid&quot;,&quot;rendered_tag&quot;:&quot;&lt;svg class=\\&quot;e-font-icon-svg e-fas-circle\\&quot; viewBox=\\&quot;0 0 512 512\\&quot; xmlns=\\&quot;http:\\\/\\\/www.w3.org\\\/2000\\\/svg\\&quot;&gt;&lt;path d=\\&quot;M256 8C119 8 8 119 8 256s111 248 248 248 248-111 248-248S393 8 256 8z\\&quot;&gt;&lt;\\\/path&gt;&lt;\\\/svg&gt;&quot;},&quot;minimize_box&quot;:&quot;yes&quot;,&quot;minimized_on&quot;:&quot;tablet&quot;,&quot;hierarchical_view&quot;:&quot;yes&quot;,&quot;min_height&quot;:{&quot;unit&quot;:&quot;px&quot;,&quot;size&quot;:&quot;&quot;,&quot;sizes&quot;:[]},&quot;min_height_tablet&quot;:{&quot;unit&quot;:&quot;px&quot;,&quot;size&quot;:&quot;&quot;,&quot;sizes&quot;:[]},&quot;min_height_mobile&quot;:{&quot;unit&quot;:&quot;px&quot;,&quot;size&quot;:&quot;&quot;,&quot;sizes&quot;:[]}}\" data-widget_type=\"table-of-contents.default\">\n\t\t\t\t\t\t\t\t\t<div class=\"elementor-toc__header\">\n\t\t\t\t\t\t<h2 class=\"elementor-toc__header-title\">\n\t\t\t\tObsah\t\t\t<\/h2>\n\t\t\t\t\t\t\t\t\t\t<div class=\"elementor-toc__toggle-button elementor-toc__toggle-button--expand\" role=\"button\" tabindex=\"0\" aria-controls=\"elementor-toc__1c30362\" aria-expanded=\"true\" aria-label=\"Open table of contents\"><svg aria-hidden=\"true\" class=\"e-font-icon-svg e-fas-chevron-down\" viewBox=\"0 0 448 512\" xmlns=\"http:\/\/www.w3.org\/2000\/svg\"><path d=\"M207.029 381.476L12.686 187.132c-9.373-9.373-9.373-24.569 0-33.941l22.667-22.667c9.357-9.357 24.522-9.375 33.901-.04L224 284.505l154.745-154.021c9.379-9.335 24.544-9.317 33.901.04l22.667 22.667c9.373 9.373 9.373 24.569 0 33.941L240.971 381.476c-9.373 9.372-24.569 9.372-33.942 0z\"><\/path><\/svg><\/div>\n\t\t\t\t<div class=\"elementor-toc__toggle-button elementor-toc__toggle-button--collapse\" role=\"button\" tabindex=\"0\" aria-controls=\"elementor-toc__1c30362\" aria-expanded=\"true\" aria-label=\"Close table of contents\"><svg aria-hidden=\"true\" class=\"e-font-icon-svg e-fas-chevron-up\" viewBox=\"0 0 448 512\" xmlns=\"http:\/\/www.w3.org\/2000\/svg\"><path d=\"M240.971 130.524l194.343 194.343c9.373 9.373 9.373 24.569 0 33.941l-22.667 22.667c-9.357 9.357-24.522 9.375-33.901.04L224 227.495 69.255 381.516c-9.379 9.335-24.544 9.317-33.901-.04l-22.667-22.667c-9.373-9.373-9.373-24.569 0-33.941L207.03 130.525c9.372-9.373 24.568-9.373 33.941-.001z\"><\/path><\/svg><\/div>\n\t\t\t\t\t<\/div>\n\t\t\t\t<div id=\"elementor-toc__1c30362\" class=\"elementor-toc__body\">\n\t\t\t<div class=\"elementor-toc__spinner-container\">\n\t\t\t\t<svg class=\"elementor-toc__spinner eicon-animation-spin e-font-icon-svg e-eicon-loading\" aria-hidden=\"true\" viewBox=\"0 0 1000 1000\" xmlns=\"http:\/\/www.w3.org\/2000\/svg\"><path d=\"M500 975V858C696 858 858 696 858 500S696 142 500 142 142 304 142 500H25C25 237 238 25 500 25S975 237 975 500 763 975 500 975Z\"><\/path><\/svg>\t\t\t<\/div>\n\t\t<\/div>\n\t\t\t\t\t\t<\/div>\n\t\t\t\t<\/div>\n\t\t\t\t\t<\/div>\n\t\t\t\t<\/div>\n\t\t<div class=\"elementor-element elementor-element-herorght0 e-con-full e-flex e-con e-child\" data-id=\"herorght0\" data-element_type=\"container\" data-e-type=\"container\">\n\t\t\t\t<div class=\"elementor-element elementor-element-heroimg00 iwg-hero-image elementor-widget elementor-widget-image\" data-id=\"heroimg00\" data-element_type=\"widget\" data-e-type=\"widget\" data-widget_type=\"image.default\">\n\t\t\t\t\t\t\t\t\t\t\t\t\t\t\t<img fetchpriority=\"high\" decoding=\"async\" width=\"683\" height=\"1024\" src=\"https:\/\/iwell-guard.com\/wp-content\/uploads\/2026\/07\/geister_alpin_venedigermandl-683x1024.webp\" class=\"attachment-large size-large wp-image-158877\" alt=\"Venedigermandl \u2013 duchovia z alpskej trad\u00edcie, historicko-ilustra\u010dn\u00e9 zobrazenie\" srcset=\"https:\/\/iwell-guard.com\/wp-content\/uploads\/2026\/07\/geister_alpin_venedigermandl-683x1024.webp 683w, https:\/\/iwell-guard.com\/wp-content\/uploads\/2026\/07\/geister_alpin_venedigermandl-200x300.webp 200w, https:\/\/iwell-guard.com\/wp-content\/uploads\/2026\/07\/geister_alpin_venedigermandl-768x1152.webp 768w, https:\/\/iwell-guard.com\/wp-content\/uploads\/2026\/07\/geister_alpin_venedigermandl.webp 1024w\" sizes=\"(max-width: 683px) 100vw, 683px\" \/>\t\t\t\t\t\t\t\t\t\t\t\t\t\t\t<\/div>\n\t\t\t\t<\/div>\n\t\t\t\t\t<\/div>\n\t\t\t\t<\/div>\n\t\t<div class=\"elementor-element elementor-element-32917199 e-flex e-con-boxed e-con e-parent\" data-id=\"32917199\" data-element_type=\"container\" data-e-type=\"container\">\n\t\t\t\t\t<div class=\"e-con-inner\">\n\t\t<div class=\"elementor-element elementor-element-26e916cb e-flex e-con-boxed e-con e-child\" data-id=\"26e916cb\" data-element_type=\"container\" data-e-type=\"container\">\n\t\t\t\t\t<div class=\"e-con-inner\">\n\t\t<div class=\"elementor-element elementor-element-253a40d4 e-flex e-con-boxed e-con e-child\" data-id=\"253a40d4\" data-element_type=\"container\" data-e-type=\"container\">\n\t\t\t\t\t<div class=\"e-con-inner\">\n\t\t\t\t<div class=\"elementor-element elementor-element-1200c304 elementor-widget elementor-widget-heading\" data-id=\"1200c304\" data-element_type=\"widget\" data-e-type=\"widget\" data-widget_type=\"heading.default\">\n\t\t\t\t\t<div class=\"elementor-heading-title elementor-size-default\">Venedigermandl<\/div>\t\t\t\t<\/div>\n\t\t\t\t<div class=\"elementor-element elementor-element-11758e7f elementor-widget elementor-widget-text-editor\" data-id=\"11758e7f\" data-element_type=\"widget\" data-e-type=\"widget\" data-widget_type=\"text-editor.default\">\n\t\t\t\t\t\t\t\t\t<p>Venedigermandl je legend\u00e1rne zosobnenie Venedigerov alebo Walenov, cudz\u00edch h\u013eada\u010dov miner\u00e1lov, ktor\u00ed od neskor\u00e9ho stredoveku a\u017e do za\u010diatku 19. storo\u010dia putovali Alpami a nemeck\u00fdmi pohoriami strednej v\u00fd\u0161ky. Z re\u00e1lnych, cudzojazy\u010dn\u00fdch h\u013eada\u010dov rudy sa v \u00fastnom podan\u00ed stal mal\u00fd, tajomn\u00fd mu\u017e\u00ed\u010dek s magick\u00fdmi schopnos\u0165ami.<\/p><p>Povesti sa kr\u00fatia okolo pr\u00fatikov na h\u013eadanie vody, tajn\u00fdch n\u00e1lezisk\u00e1ch a tenkej hranici medzi odmenou a kliatbou pre miestne obyvate\u013estvo. Postava je roz\u0161\u00edren\u00e1 najm\u00e4 vo v\u00fdchodn\u00fdch Alp\u00e1ch, ale aj v Kru\u0161n\u00fdch hor\u00e1ch, v Schwarzwalde a vo Fichtelgebirge.<\/p>\t\t\t\t\t\t\t\t<\/div>\n\t\t\t\t\t<\/div>\n\t\t\t\t<\/div>\n\t\t<div class=\"elementor-element elementor-element-159dcf9a e-flex e-con-boxed e-con e-child\" data-id=\"159dcf9a\" data-element_type=\"container\" data-e-type=\"container\">\n\t\t\t\t\t<div class=\"e-con-inner\">\n\t\t\t\t<div class=\"elementor-element elementor-element-48cee66f elementor-widget elementor-widget-heading\" data-id=\"48cee66f\" data-element_type=\"widget\" data-e-type=\"widget\" data-widget_type=\"heading.default\">\n\t\t\t\t\t<div class=\"elementor-heading-title elementor-size-default\">V skratke: Venedigermandl<\/div>\t\t\t\t<\/div>\n\t\t\t\t<div class=\"elementor-element elementor-element-3f50d82c elementor-widget elementor-widget-text-editor\" data-id=\"3f50d82c\" data-element_type=\"widget\" data-e-type=\"widget\" data-widget_type=\"text-editor.default\">\n\t\t\t\t\t\t\t\t\t<p><strong>Typ:<\/strong> legend\u00e1rny trpasl\u00edk, h\u013eada\u010d zlata a rudy<br>P\u00f4vod: v\u00fdchodn\u00e9 Alpy (Tirolsko, Salzbursk\u00fd Pinzgau, Virgent\u00e1l, Korut\u00e1nsko) a Kru\u0161n\u00e9 hory, Schwarzwald a Fichtelgebirge<br>Texty: Zingerle, Sagen aus Tirol; Lienert, Schweizer Sagen (1915); Panzer, Bayerische Sagen und Br\u00e4uche<br>\u010casov\u00e9 zaradenie: historick\u00e9 jadro od neskor\u00e9ho stredoveku, prv\u00e9 zmienky z roku 1365; formovanie povest\u00ed najm\u00e4 v 17. a\u017e 19. storo\u010d\u00ed<br>Zjav: mal\u00e1, tmavovlas\u00e1, cudzo oble\u010den\u00e1 mu\u017esk\u00e1 postava, vo svojej domovine si ju predstavovali ako vzne\u0161en\u00e9ho p\u00e1na<\/p>\t\t\t\t\t\t\t\t<\/div>\n\t\t\t\t\t<\/div>\n\t\t\t\t<\/div>\n\t\t\t\t\t<\/div>\n\t\t\t\t<\/div>\n\t\t\t\t\t<\/div>\n\t\t\t\t<\/div>\n\t\t<div class=\"elementor-element elementor-element-18613602 e-flex e-con-boxed e-con e-parent\" data-id=\"18613602\" data-element_type=\"container\" data-e-type=\"container\">\n\t\t\t\t\t<div class=\"e-con-inner\">\n\t\t\t\t<div class=\"elementor-element elementor-element-262b8a9f elementor-widget elementor-widget-heading\" data-id=\"262b8a9f\" data-element_type=\"widget\" data-e-type=\"widget\" data-widget_type=\"heading.default\">\n\t\t\t\t\t<h2 class=\"elementor-heading-title elementor-size-default\">Historick\u00e9 zaradenie<\/h2>\t\t\t\t<\/div>\n\t\t<div class=\"elementor-element elementor-element-46dcb7d e-con-full e-flex e-con e-child\" data-id=\"46dcb7d\" data-element_type=\"container\" data-e-type=\"container\">\n\t\t<div class=\"elementor-element elementor-element-61d3ab3 e-flex e-con-boxed e-con e-child\" data-id=\"61d3ab3\" data-element_type=\"container\" data-e-type=\"container\">\n\t\t\t\t\t<div class=\"e-con-inner\">\n\t\t\t\t<div class=\"elementor-element elementor-element-117c166 elementor-widget elementor-widget-heading\" data-id=\"117c166\" data-element_type=\"widget\" data-e-type=\"widget\" data-widget_type=\"heading.default\">\n\t\t\t\t\t<h3 class=\"elementor-heading-title elementor-size-default\">Zeitraum der Texte<\/h3>\t\t\t\t<\/div>\n\t\t\t\t<div class=\"elementor-element elementor-element-73997a0 elementor-widget elementor-widget-text-editor\" data-id=\"73997a0\" data-element_type=\"widget\" data-e-type=\"widget\" data-widget_type=\"text-editor.default\">\n\t\t\t\t\t\t\t\t\t<p>Historick\u00e9 jadro siaha a\u017e do neskor\u00e9ho stredoveku, prv\u00e9 zmienky o ben\u00e1tskych prospektoroch sa datuj\u00fa do roku 1365; samotn\u00e9 formovanie povest\u00ed sa za\u010dalo najm\u00e4 v 17. a\u017e 19. storo\u010d\u00ed.<\/p>\t\t\t\t\t\t\t\t<\/div>\n\t\t\t\t\t<\/div>\n\t\t\t\t<\/div>\n\t\t<div class=\"elementor-element elementor-element-d47b156 e-flex e-con-boxed e-con e-child\" data-id=\"d47b156\" data-element_type=\"container\" data-e-type=\"container\">\n\t\t\t\t\t<div class=\"e-con-inner\">\n\t\t\t\t<div class=\"elementor-element elementor-element-ff38c2b elementor-widget elementor-widget-heading\" data-id=\"ff38c2b\" data-element_type=\"widget\" data-e-type=\"widget\" data-widget_type=\"heading.default\">\n\t\t\t\t\t<h3 class=\"elementor-heading-title elementor-size-default\">Verbreitungsraum<\/h3>\t\t\t\t<\/div>\n\t\t\t\t<div class=\"elementor-element elementor-element-4e49fcc elementor-widget elementor-widget-text-editor\" data-id=\"4e49fcc\" data-element_type=\"widget\" data-e-type=\"widget\" data-widget_type=\"text-editor.default\">\n\t\t\t\t\t\t\t\t\t<p>V\u00fdchodn\u00e9 Alpy, najm\u00e4 Tirolsko, Salzbursk\u00fd Pinzgau, Virgent\u00e1l a Korut\u00e1nsko, ako aj Kru\u0161n\u00e9 hory, Schwarzwald a Fichtelgebirge.<\/p>\t\t\t\t\t\t\t\t<\/div>\n\t\t\t\t\t<\/div>\n\t\t\t\t<\/div>\n\t\t\t\t<\/div>\n\t\t<div class=\"elementor-element elementor-element-db03c39 e-con-full e-flex e-con e-child\" data-id=\"db03c39\" data-element_type=\"container\" data-e-type=\"container\">\n\t\t<div class=\"elementor-element elementor-element-229a87b e-flex e-con-boxed e-con e-child\" data-id=\"229a87b\" data-element_type=\"container\" data-e-type=\"container\">\n\t\t\t\t\t<div class=\"e-con-inner\">\n\t\t\t\t<div class=\"elementor-element elementor-element-1f471fc elementor-widget elementor-widget-heading\" data-id=\"1f471fc\" data-element_type=\"widget\" data-e-type=\"widget\" data-widget_type=\"heading.default\">\n\t\t\t\t\t<h3 class=\"elementor-heading-title elementor-size-default\">Quellenlage<\/h3>\t\t\t\t<\/div>\n\t\t\t\t<div class=\"elementor-element elementor-element-36b1201 elementor-widget elementor-widget-text-editor\" data-id=\"36b1201\" data-element_type=\"widget\" data-e-type=\"widget\" data-widget_type=\"text-editor.default\">\n\t\t\t\t\t\t\t\t\t<p>Dvojn\u00e1sobne dolo\u017een\u00e9: skuto\u010dn\u00e1 hospod\u00e1rska hist\u00f3ria h\u013eada\u010dov miner\u00e1lov je zdokumentovan\u00e1, k tomu pristupuj\u00fa po\u010detn\u00e9 region\u00e1lne texty povest\u00ed z 19. storo\u010dia.<\/p>\t\t\t\t\t\t\t\t<\/div>\n\t\t\t\t\t<\/div>\n\t\t\t\t<\/div>\n\t\t\t\t<\/div>\n\t\t\t\t\t<\/div>\n\t\t\t\t<\/div>\n\t\t<div class=\"elementor-element elementor-element-3ae0637c e-flex e-con-boxed e-con e-parent\" data-id=\"3ae0637c\" data-element_type=\"container\" data-e-type=\"container\">\n\t\t\t\t\t<div class=\"e-con-inner\">\n\t\t\t\t<div class=\"elementor-element elementor-element-31d07739 elementor-widget elementor-widget-heading\" data-id=\"31d07739\" data-element_type=\"widget\" data-e-type=\"widget\" data-widget_type=\"heading.default\">\n\t\t\t\t\t<h2 class=\"elementor-heading-title elementor-size-default\">Meno a varianty<\/h2>\t\t\t\t<\/div>\n\t\t<div class=\"elementor-element elementor-element-b7642947 e-con-full e-flex e-con e-child\" data-id=\"b7642947\" data-element_type=\"container\" data-e-type=\"container\">\n\t\t\t\t<div class=\"elementor-element elementor-element-a086266 elementor-widget elementor-widget-text-editor\" data-id=\"a086266\" data-element_type=\"widget\" data-e-type=\"widget\" data-widget_type=\"text-editor.default\">\n\t\t\t\t\t\t\t\t\t<p><strong>Nem\u010dina:<\/strong> Meno Walen sa odvodzuje od slova Welsche, teda cudzinci, v\u00fdraz Venediger odkazuje na Ben\u00e1tky ako v tej dobe svetozn\u00e1me centrum zlatn\u00edctva a skl\u00e1rstva. Oba v\u00fdrazy ozna\u010duj\u00fa t\u00fa ist\u00fa skupinu cudzojazy\u010dn\u00fdch h\u013eada\u010dov miner\u00e1lov, bez oh\u013eadu na to, z ak\u00e9ho regi\u00f3nu skuto\u010dne poch\u00e1dzali.<\/p>\t\t\t\t\t\t\t\t<\/div>\n\t\t\t\t<\/div>\n\t\t\t\t\t<\/div>\n\t\t\t\t<\/div>\n\t\t<div class=\"elementor-element elementor-element-709a44a8 e-flex e-con-boxed e-con e-parent\" data-id=\"709a44a8\" data-element_type=\"container\" data-e-type=\"container\">\n\t\t\t\t\t<div class=\"e-con-inner\">\n\t\t\t\t<div class=\"elementor-element elementor-element-2f585873 elementor-widget elementor-widget-heading\" data-id=\"2f585873\" data-element_type=\"widget\" data-e-type=\"widget\" data-widget_type=\"heading.default\">\n\t\t\t\t\t<h2 class=\"elementor-heading-title elementor-size-default\">Zjav a p\u00f4sobenie<\/h2>\t\t\t\t<\/div>\n\t\t<div class=\"elementor-element elementor-element-70621c12 e-con-full e-flex e-con e-child\" data-id=\"70621c12\" data-element_type=\"container\" data-e-type=\"container\">\n\t\t\t\t<div class=\"elementor-element elementor-element-4296eb49 elementor-widget elementor-widget-text-editor\" data-id=\"4296eb49\" data-element_type=\"widget\" data-e-type=\"widget\" data-widget_type=\"text-editor.default\">\n\t\t\t\t\t\t\t\t\t<p><strong>Zjav<\/strong><\/p><p>Venedigermandl sa objavuje ako mal\u00e1, tmavovlas\u00e1, cudzo p\u00f4sobiaca mu\u017esk\u00e1 postava, ktorej odev ho odha\u013euje ako pris\u0165ahovalca. Vo svojej vlastnej domovine sa pod\u013ea niektor\u00fdch povest\u00ed ten ist\u00fd mu\u017e\u00ed\u010dek ukazuje ako vzne\u0161en\u00fd p\u00e1n, ktor\u00fd \u017eije v mramorovom pal\u00e1ci. Niektor\u00e9 verzie mu vkladaj\u00fa do ruky pr\u00fatik na h\u013eadanie vody, ktor\u00fdm vyh\u013ead\u00e1va skryt\u00e9 \u017eily.<\/p><p><strong>P\u00f4sobenie<\/strong><\/p><p>Pod\u013ea povesti sa Venedigermandl vracia ka\u017ed\u00e9 leto do t\u00fdch ist\u00fdch alpsk\u00fdch \u00fadol\u00ed, aby zbieral zlato, rudu alebo trblietav\u00e9 kamene z potokov a skaln\u00fdch \u0161trb\u00edn. Vo\u010di ochotn\u00fdm pastierom sa prejavuje ako \u0161tedr\u00fd a s\u013eubuje odmenu, napr\u00edklad vrece striebra. Ak sa v\u0161ak dan\u00fd s\u013eub poru\u0161\u00ed alebo sa zanedb\u00e1 hos\u0165ovanie, pr\u00edbeh sa obr\u00e1ti: prame\u0148e vysychaj\u00fa, n\u00e1lezisk\u00e1 mizn\u00fa a na nev\u010fa\u010dn\u00edkov pad\u00e1 kliatba.<\/p>\t\t\t\t\t\t\t\t<\/div>\n\t\t\t\t<\/div>\n\t\t\t\t\t<\/div>\n\t\t\t\t<\/div>\n\t\t<div class=\"elementor-element elementor-element-44e71476 e-flex e-con-boxed e-con e-parent\" data-id=\"44e71476\" data-element_type=\"container\" data-e-type=\"container\">\n\t\t\t\t\t<div class=\"e-con-inner\">\n\t\t\t\t<div class=\"elementor-element elementor-element-3c1fc3f0 elementor-widget elementor-widget-heading\" data-id=\"3c1fc3f0\" data-element_type=\"widget\" data-e-type=\"widget\" data-widget_type=\"heading.default\">\n\t\t\t\t\t<h2 class=\"elementor-heading-title elementor-size-default\">Profil: Venedigermandl<\/h2>\t\t\t\t<\/div>\n\t\t<div class=\"elementor-element elementor-element-84f33b8e e-con-full e-flex e-con e-child\" data-id=\"84f33b8e\" data-element_type=\"container\" data-e-type=\"container\">\n\t\t\t\t<div class=\"elementor-element elementor-element-hqkdc67p elementor-widget elementor-widget-text-editor\" data-id=\"hqkdc67p\" data-element_type=\"widget\" data-e-type=\"widget\" data-widget_type=\"text-editor.default\">\n\t\t\t\t\t\t\t\t\t<p>Najd\u00f4le\u017eitej\u0161ie aspekty mu\u017e\u00ed\u010dka h\u013eadaj\u00faceho rudu na jeden poh\u013ead.<\/p>\t\t\t\t\t\t\t\t<\/div>\n\t\t\t\t<\/div>\n\t\t<div class=\"elementor-element elementor-element-pemmx7c5 e-con-full e-flex e-con e-child\" data-id=\"pemmx7c5\" data-element_type=\"container\" data-e-type=\"container\">\n\t\t<div class=\"elementor-element elementor-element-pemmx7c1 e-con-full e-flex e-con e-child\" data-id=\"pemmx7c1\" data-element_type=\"container\" data-e-type=\"container\">\n\t\t<div class=\"elementor-element elementor-element-qh9oavvu iwg-steckbrief-card e-flex e-con-boxed e-con e-child\" data-id=\"qh9oavvu\" data-element_type=\"container\" data-e-type=\"container\">\n\t\t\t\t\t<div class=\"e-con-inner\">\n\t\t\t\t<div class=\"elementor-element elementor-element-awzx8k2k elementor-widget elementor-widget-heading\" data-id=\"awzx8k2k\" data-element_type=\"widget\" data-e-type=\"widget\" data-widget_type=\"heading.default\">\n\t\t\t\t\t<div class=\"elementor-heading-title elementor-size-default\">Kult\u00farny kontext<\/div>\t\t\t\t<\/div>\n\t\t\t\t<div class=\"elementor-element elementor-element-x6rowhv0 elementor-widget elementor-widget-text-editor\" data-id=\"x6rowhv0\" data-element_type=\"widget\" data-e-type=\"widget\" data-widget_type=\"text-editor.default\">\n\t\t\t\t\t\t\t\t\t<p>Mytologiz\u00e1cia skuto\u010dnej skupiny povolania: cudzojazy\u010dn\u00fdch h\u013eada\u010dov miner\u00e1lov, ktor\u00ed od 14. do za\u010diatku 19. storo\u010dia putovali Alpami.<\/p>\t\t\t\t\t\t\t\t<\/div>\n\t\t\t\t\t<\/div>\n\t\t\t\t<\/div>\n\t\t<div class=\"elementor-element elementor-element-8e3o4kxs iwg-steckbrief-card e-flex e-con-boxed e-con e-child\" data-id=\"8e3o4kxs\" data-element_type=\"container\" data-e-type=\"container\">\n\t\t\t\t\t<div class=\"e-con-inner\">\n\t\t\t\t<div class=\"elementor-element elementor-element-08rkdgov elementor-widget elementor-widget-heading\" data-id=\"08rkdgov\" data-element_type=\"widget\" data-e-type=\"widget\" data-widget_type=\"heading.default\">\n\t\t\t\t\t<div class=\"elementor-heading-title elementor-size-default\">Zodpovedn\u00fd za<\/div>\t\t\t\t<\/div>\n\t\t\t\t<div class=\"elementor-element elementor-element-uwjelx8s elementor-widget elementor-widget-text-editor\" data-id=\"uwjelx8s\" data-element_type=\"widget\" data-e-type=\"widget\" data-widget_type=\"text-editor.default\">\n\t\t\t\t\t\t\t\t\t<p>Skryt\u00e9 n\u00e1lezisk\u00e1 rudy, zlata a drah\u00fdch kame\u0148ov pri potokoch a v skaln\u00fdch \u0161trbin\u00e1ch, ktor\u00e9 vyh\u013ead\u00e1va pr\u00fatikom na h\u013eadanie vody a znalos\u0165ou ter\u00e9nu.<\/p>\t\t\t\t\t\t\t\t<\/div>\n\t\t\t\t\t<\/div>\n\t\t\t\t<\/div>\n\t\t<div class=\"elementor-element elementor-element-jm2n74ec iwg-steckbrief-card e-flex e-con-boxed e-con e-child\" data-id=\"jm2n74ec\" data-element_type=\"container\" data-e-type=\"container\">\n\t\t\t\t\t<div class=\"e-con-inner\">\n\t\t\t\t<div class=\"elementor-element elementor-element-8vufse4c elementor-widget elementor-widget-heading\" data-id=\"8vufse4c\" data-element_type=\"widget\" data-e-type=\"widget\" data-widget_type=\"heading.default\">\n\t\t\t\t\t<div class=\"elementor-heading-title elementor-size-default\">Zobrazenie<\/div>\t\t\t\t<\/div>\n\t\t\t\t<div class=\"elementor-element elementor-element-mwb9u015 elementor-widget elementor-widget-text-editor\" data-id=\"mwb9u015\" data-element_type=\"widget\" data-e-type=\"widget\" data-widget_type=\"text-editor.default\">\n\t\t\t\t\t\t\t\t\t<p>Mal\u00e1, tmavovlas\u00e1, cudzo oble\u010den\u00e1 mu\u017esk\u00e1 postava, vo svojej domovine si ju v\u0161ak predstavovali ako vzne\u0161en\u00e9ho p\u00e1na v mramorovom pal\u00e1ci.<\/p>\t\t\t\t\t\t\t\t<\/div>\n\t\t\t\t\t<\/div>\n\t\t\t\t<\/div>\n\t\t\t\t<\/div>\n\t\t<div class=\"elementor-element elementor-element-pemmx7c2 e-con-full e-flex e-con e-child\" data-id=\"pemmx7c2\" data-element_type=\"container\" data-e-type=\"container\">\n\t\t<div class=\"elementor-element elementor-element-37ss2yr6 iwg-steckbrief-card e-flex e-con-boxed e-con e-child\" data-id=\"37ss2yr6\" data-element_type=\"container\" data-e-type=\"container\">\n\t\t\t\t\t<div class=\"e-con-inner\">\n\t\t\t\t<div class=\"elementor-element elementor-element-3v0wp3wx elementor-widget elementor-widget-heading\" data-id=\"3v0wp3wx\" data-element_type=\"widget\" data-e-type=\"widget\" data-widget_type=\"heading.default\">\n\t\t\t\t\t<div class=\"elementor-heading-title elementor-size-default\">Funkcia<\/div>\t\t\t\t<\/div>\n\t\t\t\t<div class=\"elementor-element elementor-element-w3247g2m elementor-widget elementor-widget-text-editor\" data-id=\"w3247g2m\" data-element_type=\"widget\" data-e-type=\"widget\" data-widget_type=\"text-editor.default\">\n\t\t\t\t\t\t\t\t\t<p>Odmena za \u010destnos\u0165 a hos\u0165ovanie zlatom alebo striebrom, potrestanie poru\u0161enia s\u013eubu kliatbou a vysychaj\u00facimi prame\u0148mi.<\/p>\t\t\t\t\t\t\t\t<\/div>\n\t\t\t\t\t<\/div>\n\t\t\t\t<\/div>\n\t\t<div class=\"elementor-element elementor-element-0qpjal9w iwg-steckbrief-card e-flex e-con-boxed e-con e-child\" data-id=\"0qpjal9w\" data-element_type=\"container\" data-e-type=\"container\">\n\t\t\t\t\t<div class=\"e-con-inner\">\n\t\t\t\t<div class=\"elementor-element elementor-element-6ndoih0o elementor-widget elementor-widget-heading\" data-id=\"6ndoih0o\" data-element_type=\"widget\" data-e-type=\"widget\" data-widget_type=\"heading.default\">\n\t\t\t\t\t<div class=\"elementor-heading-title elementor-size-default\">Pr\u00edstup<\/div>\t\t\t\t<\/div>\n\t\t\t\t<div class=\"elementor-element elementor-element-6684tyh9 elementor-widget elementor-widget-text-editor\" data-id=\"6684tyh9\" data-element_type=\"widget\" data-e-type=\"widget\" data-widget_type=\"text-editor.default\">\n\t\t\t\t\t\t\t\t\t<p>Dodr\u017eiava\u0165 dan\u00e9 s\u013euby, neporu\u0161ova\u0165 n\u00e1lezisk\u00e1 a n\u00e1stroje Venedigerov, prejavova\u0165 cudzincom hos\u0165ovanie.<\/p>\t\t\t\t\t\t\t\t<\/div>\n\t\t\t\t\t<\/div>\n\t\t\t\t<\/div>\n\t\t<div class=\"elementor-element elementor-element-3lfi7x32 iwg-steckbrief-card e-flex e-con-boxed e-con e-child\" data-id=\"3lfi7x32\" data-element_type=\"container\" data-e-type=\"container\">\n\t\t\t\t\t<div class=\"e-con-inner\">\n\t\t\t\t<div class=\"elementor-element elementor-element-0kg99ga1 elementor-widget elementor-widget-heading\" data-id=\"0kg99ga1\" data-element_type=\"widget\" data-e-type=\"widget\" data-widget_type=\"heading.default\">\n\t\t\t\t\t<div class=\"elementor-heading-title elementor-size-default\">Vymedzenie<\/div>\t\t\t\t<\/div>\n\t\t\t\t<div class=\"elementor-element elementor-element-n0fum6kp elementor-widget elementor-widget-text-editor\" data-id=\"n0fum6kp\" data-element_type=\"widget\" data-e-type=\"widget\" data-widget_type=\"text-editor.default\">\n\t\t\t\t\t\t\t\t\t<p>Jasne odl\u00ed\u0161i\u0165 od Kasermandla: Venedigermandl je putuj\u00faci h\u013eada\u010d rudy, nie duch pok\u00e1nia viazan\u00fd na chalupu.<\/p>\t\t\t\t\t\t\t\t<\/div>\n\t\t\t\t\t<\/div>\n\t\t\t\t<\/div>\n\t\t\t\t<\/div>\n\t\t\t\t<\/div>\n\t\t\t\t\t<\/div>\n\t\t\t\t<\/div>\n\t\t<div class=\"elementor-element elementor-element-7533bc7a e-flex e-con-boxed e-con e-parent\" data-id=\"7533bc7a\" data-element_type=\"container\" data-e-type=\"container\">\n\t\t\t\t\t<div class=\"e-con-inner\">\n\t\t\t\t<div class=\"elementor-element elementor-element-2447d18d elementor-widget elementor-widget-heading\" data-id=\"2447d18d\" data-element_type=\"widget\" data-e-type=\"widget\" data-widget_type=\"heading.default\">\n\t\t\t\t\t<h2 class=\"elementor-heading-title elementor-size-default\">Od skuto\u010dnej skupiny povolania k postave povesti<\/h2>\t\t\t\t<\/div>\n\t\t<div class=\"elementor-element elementor-element-d5d0260c e-con-full e-flex e-con e-child\" data-id=\"d5d0260c\" data-element_type=\"container\" data-e-type=\"container\">\n\t\t\t\t<div class=\"elementor-element elementor-element-341be2ac elementor-widget elementor-widget-text-editor\" data-id=\"341be2ac\" data-element_type=\"widget\" data-e-type=\"widget\" data-widget_type=\"text-editor.default\">\n\t\t\t\t\t\t\t\t\t<p>Za Venedigermandlom stoj\u00ed skuto\u010dn\u00e1 skupina povolania: takzvan\u00ed Walenovia alebo Venedigerovia, h\u013eada\u010di miner\u00e1lov z Talianska, Franc\u00fazska a pr\u00edle\u017eitostne zo \u0160panielska, ktor\u00fdch \u010dinnos\u0165 je v nemecky hovoriacich ban\u00edckych oblastiach prv\u00fdkr\u00e1t zmienen\u00e1 u\u017e v roku 1365 a je dolo\u017een\u00e1 a\u017e do za\u010diatku 19. storo\u010dia. H\u013eadali sa najm\u00e4 kobaltov\u00e9 rudy pre modr\u00e9 zafferov\u00e9 sklo, mang\u00e1nom bohat\u00fd oxid mang\u00e1nu na odfarbovanie ben\u00e1tskeho zrkadlov\u00e9ho skl\u00e1, ako aj drah\u00e9 kamene a \u017eiaruvzdorn\u00e9 hliny na kel\u00edmky, s\u00fastredene v Kru\u0161n\u00fdch hor\u00e1ch okolo Schneebergu, v Schwarzwalde a vo Fichtelgebirge, s v\u00fdbe\u017ekami a\u017e do v\u00fdchodn\u00fdch Alp.<\/p><p>Cudz\u00ed jazyk a utajovan\u00fd sp\u00f4sob pr\u00e1ce t\u00fdchto prospektorov p\u00f4sobili na miestne obyvate\u013estvo tajomne; v 17. a 18. storo\u010d\u00ed sa spomienka na nich zhustila do povest\u00ed o mal\u00fdch, magicky zdatn\u00fdch mu\u017e\u00ed\u010dkoch, ktor\u00ed nosili pr\u00fatiky na h\u013eadanie vody, vedeli sa sta\u0165 nevidite\u013en\u00fdmi a lieta\u0165. Tento m\u00fdtus posilnili fal\u0161ovan\u00e9 Walenove knihy s alchymistick\u00fdmi znakmi a \u00fadajn\u00fdmi n\u00e1leziskami. V Tirolsku zozbieral Ignaz Vinzenz Zingerle mno\u017estvo povest\u00ed o Venedigermandlovi, napr\u00edklad z Virgent\u00e1lu a Brixent\u00e1lu, vo \u0160vaj\u010diarsku zachytil Meinrad Lienert v roku 1915 glarnsk\u00fa verziu.<\/p>\t\t\t\t\t\t\t\t<\/div>\n\t\t\t\t<\/div>\n\t\t\t\t\t<\/div>\n\t\t\t\t<\/div>\n\t\t<div class=\"elementor-element elementor-element-5a584676 e-flex e-con-boxed e-con e-parent\" data-id=\"5a584676\" data-element_type=\"container\" data-e-type=\"container\">\n\t\t\t\t\t<div class=\"e-con-inner\">\n\t\t\t\t<div class=\"elementor-element elementor-element-6d0757bf elementor-widget elementor-widget-heading\" data-id=\"6d0757bf\" data-element_type=\"widget\" data-e-type=\"widget\" data-widget_type=\"heading.default\">\n\t\t\t\t\t<h2 class=\"elementor-heading-title elementor-size-default\">Pretrv\u00e1vanie v n\u00e1zvoch chot\u00e1rov a na port\u00e1loch povest\u00ed<\/h2>\t\t\t\t<\/div>\n\t\t<div class=\"elementor-element elementor-element-60563f68 e-con-full e-flex e-con e-child\" data-id=\"60563f68\" data-element_type=\"container\" data-e-type=\"container\">\n\t\t\t\t<div class=\"elementor-element elementor-element-5a93fdd6 elementor-widget elementor-widget-text-editor\" data-id=\"5a93fdd6\" data-element_type=\"widget\" data-e-type=\"widget\" data-widget_type=\"text-editor.default\">\n\t\t\t\t\t\t\t\t\t<p>V krajine sa zachovalo mno\u017estvo chot\u00e1rnych n\u00e1zvov ako Venedigerloch alebo Venedigerstein, ktor\u00e9 a\u017e dodnes odkazuj\u00fa na d\u00e1vnu \u010dinnos\u0165 h\u013eada\u010dov rudy. Region\u00e1lne turistick\u00e9 a port\u00e1ly venovan\u00e9 povestiam udr\u017eiavaj\u00fa tieto rozpr\u00e1vania \u017eiv\u00e9, a liter\u00e1rna verzia Meinrada Lienerta z roku 1915 trvalo ovplyvnila \u0161vaj\u010diarske ch\u00e1panie tejto postavy.<\/p><p>Z religionistick\u00e9ho h\u013eadiska je Venedigermandl pr\u00edkladom mytologiz\u00e1cie skuto\u010dnej skupiny povolania: cudzojazy\u010dn\u00fdch h\u013eada\u010dov miner\u00e1lov pribl\u00ed\u017eili v\u010faka ich tajn\u00e9mu sp\u00f4sobu pr\u00e1ce a pr\u00edstupu k skryt\u00e9mu bohatstvu k star\u0161\u00edm predstav\u00e1m o horsk\u00fdch duchoch a ban\u00edckych mu\u017e\u00ed\u010dkoch a vybavili ich ich magick\u00fdmi vlastnos\u0165ami. D\u00f4le\u017eit\u00e9 pre spr\u00e1vne zaradenie: meno odkazuje symbolicky na Ben\u00e1tky ako najzn\u00e1mej\u0161ie centrum skl\u00e1rstva a \u0161perk\u00e1rstva, nie na to, \u017ee by v\u0161etci prospektori skuto\u010dne poch\u00e1dzali z Ben\u00e1tok. Pr\u00edbehy o odmene a kliatbe z\u00e1rove\u0148 vyjedn\u00e1vaj\u00fa mor\u00e1lnu ekon\u00f3miu hos\u0165ovania a dodr\u017ean\u00e9ho slova vo\u010di cudzincom.<\/p>\t\t\t\t\t\t\t\t<\/div>\n\t\t\t\t<\/div>\n\t\t\t\t\t<\/div>\n\t\t\t\t<\/div>\n\t\t<div class=\"elementor-element elementor-element-cp9a031aa e-flex e-con-boxed e-con e-parent\" data-id=\"cp9a031aa\" data-element_type=\"container\" data-e-type=\"container\">\n\t\t\t\t\t<div class=\"e-con-inner\">\n\t\t\t\t<div class=\"elementor-element elementor-element-cp9193514 elementor-widget elementor-widget-heading\" data-id=\"cp9193514\" data-element_type=\"widget\" data-e-type=\"widget\" data-widget_type=\"heading.default\">\n\t\t\t\t\t<h2 class=\"elementor-heading-title elementor-size-default\">Dodr\u017ean\u00e9 slovo ako najlep\u0161ia ochrana<\/h2>\t\t\t\t<\/div>\n\t\t<div class=\"elementor-element elementor-element-cp02ca0ee e-con-full e-flex e-con e-child\" data-id=\"cp02ca0ee\" data-element_type=\"container\" data-e-type=\"container\">\n\t\t\t\t<div class=\"elementor-element elementor-element-cp444e0f1 elementor-widget elementor-widget-text-editor\" data-id=\"cp444e0f1\" data-element_type=\"widget\" data-e-type=\"widget\" data-widget_type=\"text-editor.default\">\n\t\t\t\t\t\t\t\t\t<p>\u00dastredn\u00fdm mot\u00edvom v podan\u00ed je dan\u00e9 slovo: kto Venedigermandlovi dal s\u013eub, urobil dobre, ak ho dodr\u017eal, preto\u017ee poru\u0161enie s\u013eubu pod\u013ea povesti prin\u00e1\u0161alo kliatby a vysychaj\u00face prameone. Rovnako sa tradovala rada nedot\u00fdka\u0165 sa a neni\u010di\u0165 n\u00e1lezov\u00e9 miesta a n\u00e1stroje Venedigerov a k cudzincom, ktor\u00ed sa priznali, \u017ee s\u00fa h\u013eada\u010di rudy, spr\u00e1va\u0165 sa s hos\u0165innos\u0165ou, nie s podozrievavos\u0165ou. \u010eal\u0161ie ochrann\u00e9 zakl\u00ednadl\u00e1 priamo proti samotn\u00e9mu Venedigermandlovi nie s\u00fa dolo\u017een\u00e9, preto\u017ee vo v\u00e4\u010d\u0161ine verzi\u00ed nejde o nepriate\u013esk\u00fa, ale o vz\u00e1jomne prospe\u0161n\u00fa bytos\u0165.<\/p>\t\t\t\t\t\t\t\t<\/div>\n\t\t\t\t<\/div>\n\t\t\t\t\t<\/div>\n\t\t\t\t<\/div>\n\t\t<div class=\"elementor-element elementor-element-cp11de5b2 e-flex e-con-boxed e-con e-parent\" data-id=\"cp11de5b2\" data-element_type=\"container\" data-e-type=\"container\">\n\t\t\t\t\t<div class=\"e-con-inner\">\n\t\t\t\t<div class=\"elementor-element elementor-element-cp8d35271 elementor-widget elementor-widget-heading\" data-id=\"cp8d35271\" data-element_type=\"widget\" data-e-type=\"widget\" data-widget_type=\"heading.default\">\n\t\t\t\t\t<h2 class=\"elementor-heading-title elementor-size-default\">Horsk\u00e9 bytosti so znalos\u0165ou rudy v porovnan\u00ed<\/h2>\t\t\t\t<\/div>\n\t\t<div class=\"elementor-element elementor-element-cp02f26b8 e-con-full e-flex e-con e-child\" data-id=\"cp02f26b8\" data-element_type=\"container\" data-e-type=\"container\">\n\t\t\t\t<div class=\"elementor-element elementor-element-cp58c4390 elementor-widget elementor-widget-text-editor\" data-id=\"cp58c4390\" data-element_type=\"widget\" data-e-type=\"widget\" data-widget_type=\"text-editor.default\">\n\t\t\t\t\t\t\t\t\t<p>Ako horsk\u00e1 bytos\u0165, ktor\u00e1 pozn\u00e1 skryt\u00e9 nerasty a stret\u00e1va sa s \u013eu\u010fmi na miestach \u0165a\u017eby rudy, je Venedigermandl bl\u00edzky cornwallsk\u00e9mu <a href=\"https:\/\/iwell-guard.com\/sk\/knocker\/\">Knockerovi<\/a>, ktor\u00fd tie\u017e \u017eije pod zemou, str\u00e1\u017ei rudn\u00e9 \u017eily a podobne vz\u00e1jomne reaguje na re\u0161pekt aj na jeho nedostatok. \u010eal\u0161iu paralelu pon\u00fakaj\u00fa skandin\u00e1vski <a href=\"https:\/\/iwell-guard.com\/sk\/troll\/\">trollovia<\/a>, ktor\u00ed v niektor\u00fdch povestiach tie\u017e str\u00e1\u017eia hory a ich pokladyi a trestaj\u00fa \u013eud\u00ed za lakomstvo alebo poru\u0161enie s\u013eubu. Od <a href=\"https:\/\/iwell-guard.com\/sk\/?page_id=158827\">Kasermandla<\/a>, druhej alpskej postavy typu mandl, sa Venedigermandl z\u00e1sadne odli\u0161uje: nie je to kaj\u00faci dom\u00e1ci duch, ale putuj\u00faci, cudz\u00ed h\u013eada\u010d, ktor\u00e9ho p\u00f4sobenie je zviazan\u00e9 s re\u00e1lnymi dejinami \u0165a\u017eby.<\/p>\t\t\t\t\t\t\t\t<\/div>\n\t\t\t\t<\/div>\n\t\t\t\t\t<\/div>\n\t\t\t\t<\/div>\n\t\t<div class=\"elementor-element elementor-element-cp406577c e-flex e-con-boxed e-con e-parent\" data-id=\"cp406577c\" data-element_type=\"container\" data-e-type=\"container\">\n\t\t\t\t\t<div class=\"e-con-inner\">\n\t\t\t\t<div class=\"elementor-element elementor-element-cpdd9c543 elementor-widget elementor-widget-heading\" data-id=\"cpdd9c543\" data-element_type=\"widget\" data-e-type=\"widget\" data-widget_type=\"heading.default\">\n\t\t\t\t\t<h2 class=\"elementor-heading-title elementor-size-default\">\u010casto kladen\u00e9 ot\u00e1zky o Venedigermandlovi<\/h2>\t\t\t\t<\/div>\n\t\t<div class=\"elementor-element elementor-element-cp9e731bb e-con-full e-flex e-con e-child\" data-id=\"cp9e731bb\" data-element_type=\"container\" data-e-type=\"container\">\n\t\t\t\t<div class=\"elementor-element elementor-element-cpa7c898c elementor-widget elementor-widget-text-editor\" data-id=\"cpa7c898c\" data-element_type=\"widget\" data-e-type=\"widget\" data-widget_type=\"text-editor.default\">\n\t\t\t\t\t\t\t\t\t<p><strong>Kto boli Venedigeri v skuto\u010dnosti?<\/strong><\/p><p>Boli to re\u00e1lni h\u013eada\u010di nerastov, preva\u017ene z Talianska a Franc\u00fazska, ktor\u00ed od 14. do za\u010diatku 19. storo\u010dia p\u00e1trali v Alp\u00e1ch a v nemeck\u00fdch stredohoriach po kobaltovej rude, oxide mang\u00e1nu a drahokamoch pre v\u00fdrobu skla a \u0161perkov.<\/p><p><strong>Pre\u010do sa volaj\u00fa Venedigermandl, ke\u010f nie v\u0161etci pri\u0161li z Ben\u00e1tok?<\/strong><\/p><p>Ben\u00e1tky boli v tej dobe najzn\u00e1mej\u0161\u00edm centrom eur\u00f3pskeho zlatn\u00edctva a skl\u00e1rstva a symbolicky zastupovali p\u00f4vod cudz\u00edch, \u010dasto romanof\u00f3nnych prospektorov, bez oh\u013eadu na to, z ak\u00e9ho regi\u00f3nu skuto\u010dne poch\u00e1dzali.<\/p><p><strong>\u010co sa stane, ke\u010f niekto poru\u0161\u00ed s\u013eub dan\u00fd Venedigermandlovi?<\/strong><\/p><p>Povesti hovoria o tvrd\u00fdch n\u00e1sledkoch: prameone vysychaj\u00fa, n\u00e1lezov\u00e9 miesta mizn\u00fa a nev\u010fa\u010dn\u00edkov postihne kliatba. Dodr\u017ean\u00e9 s\u013euby s\u00fa naopak odmenen\u00e9 zlatom alebo striebrom.<\/p>\t\t\t\t\t\t\t\t<\/div>\n\t\t\t\t<\/div>\n\t\t\t\t\t<\/div>\n\t\t\t\t<\/div>\n\t\t<div class=\"elementor-element elementor-element-36dd7469 e-flex e-con-boxed e-con e-parent\" data-id=\"36dd7469\" data-element_type=\"container\" data-e-type=\"container\">\n\t\t\t\t\t<div class=\"e-con-inner\">\n\t\t\t\t<div class=\"elementor-element elementor-element-13760ab4 elementor-widget elementor-widget-heading\" data-id=\"13760ab4\" data-element_type=\"widget\" data-e-type=\"widget\" data-widget_type=\"heading.default\">\n\t\t\t\t\t<h2 class=\"elementor-heading-title elementor-size-default\">S\u00favisiace odkazy<\/h2>\t\t\t\t<\/div>\n\t\t<div class=\"elementor-element elementor-element-28c87796 e-con-full e-flex e-con e-child\" data-id=\"28c87796\" data-element_type=\"container\" data-e-type=\"container\">\n\t\t\t\t<div class=\"elementor-element elementor-element-5d6538df elementor-widget elementor-widget-text-editor\" data-id=\"5d6538df\" data-element_type=\"widget\" data-e-type=\"widget\" data-widget_type=\"text-editor.default\">\n\t\t\t\t\t\t\t\t\t<p>Odpor\u00fa\u010dan\u00e9 intern\u00e9 odkazy:<\/p><ul><li><a href=\"https:\/\/iwell-guard.com\/sk\/?page_id=158853\">Alpsk\u00fd priestor<\/a> \u2013 v\u0161etky bytosti alpskej poves\u0165ovej trad\u00edcie<\/li><li><a href=\"https:\/\/iwell-guard.com\/sk\/?page_id=158827\">Kasermandl<\/a> \u2013 druh\u00e1 alpsk\u00e1 postava typu mandl na porovnanie<\/li><li><a href=\"https:\/\/iwell-guard.com\/sk\/rubezahl\/\">R\u00fcbezahl<\/a>, <a href=\"https:\/\/iwell-guard.com\/sk\/tatzelwurm\/\">Tatzelwurm<\/a> \u2013 \u010fal\u0161ie horsk\u00e9 a str\u00e1\u017ene bytosti \u00c1lp<\/li><li><a href=\"https:\/\/iwell-guard.com\/sk\/amulet\/\">Amulet<\/a>, <a href=\"https:\/\/iwell-guard.com\/sk\/ochranne-vrecusko-breverl\/\">Ochrann\u00e9 vrec\u00fa\u0161ko<\/a>, <a href=\"https:\/\/iwell-guard.com\/sk\/zelezo-a-chladne-zelezo\/\">\u017delezo<\/a>, <a href=\"https:\/\/iwell-guard.com\/sk\/sol-ako-ochrana\/\">So\u013e<\/a> \u2013 tradi\u010dn\u00e9 ochrann\u00e9 prostriedky<\/li><li><a href=\"https:\/\/iwell-guard.com\/sk\/schutz-kompas\/\">Kompas ochrany<\/a> \u2013 preh\u013ead ochrann\u00fdch prostriedkov<\/li><\/ul>\t\t\t\t\t\t\t\t<\/div>\n\t\t\t\t<\/div>\n\t\t\t\t\t<\/div>\n\t\t\t\t<\/div>\n\t\t<div class=\"elementor-element elementor-element-grl4kl40 e-flex e-con-boxed e-con e-parent\" data-id=\"grl4kl40\" data-element_type=\"container\" data-e-type=\"container\">\n\t\t\t\t\t<div class=\"e-con-inner\">\n\t\t\t\t<div class=\"elementor-element elementor-element-bzsbfrmh elementor-widget elementor-widget-heading\" data-id=\"bzsbfrmh\" data-element_type=\"widget\" data-e-type=\"widget\" data-widget_type=\"heading.default\">\n\t\t\t\t\t<h2 class=\"elementor-heading-title elementor-size-default\">Literat\u00fara (v\u00fdber)<\/h2>\t\t\t\t<\/div>\n\t\t<div class=\"elementor-element elementor-element-2c13224a e-con-full e-flex e-con e-child\" data-id=\"2c13224a\" data-element_type=\"container\" data-e-type=\"container\">\n\t\t\t\t<div class=\"elementor-element elementor-element-0eymh9ub elementor-widget elementor-widget-text-editor\" data-id=\"0eymh9ub\" data-element_type=\"widget\" data-e-type=\"widget\" data-widget_type=\"text-editor.default\">\n\t\t\t\t\t\t\t\t\t<footer class=\"iwg-literatur\" data-nosnippet=\"true\"><p>V\u00fdber z\u00e1sadn\u00fdch prame\u0148ov a \u0161t\u00fadi\u00ed:<\/p><ul><li><span data-nosnippet>Zingerle, Ignaz Vinzenz: <em>Sagen aus Tirol<\/em>. 2. vydanie, Innsbruck 1891.<\/span><\/li><li><span data-nosnippet>Vernaleken, Theodor: <em>Alpensagen<\/em>. Viede\u0148 1858.<\/span><\/li><li><span data-nosnippet>Lienert, Meinrad: <em>Schweizer Sagen und Heldengeschichten<\/em>. Stuttgart 1915.<\/span><\/li><li><span data-nosnippet>Panzer, Friedrich: <em>Bayerische Sagen und Br\u00e4uche<\/em>. 2 zv\u00e4zky, Mn\u00edchov 1848-1855.<\/span><\/li><\/ul><\/footer>\n<p class=\"iwg-bib-more\"><span data-nosnippet>\u010eal\u0161ie z\u00e1kladn\u00e9 diela v <a href=\"https:\/\/iwell-guard.com\/sk\/literatura\/\">Zozname literat\u00fary<\/a>.<\/span><\/p>\t\t\t\t\t\t\t\t<\/div>\n\t\t\t\t<\/div>\n\t\t\t\t\t<\/div>\n\t\t\t\t<\/div>\n\t\t<div class=\"elementor-element elementor-element-iwgkw2-add-hulijing e-flex e-con-boxed e-con e-parent\" data-id=\"iwgkw2-add-hulijing\" data-element_type=\"container\" data-e-type=\"container\">\n\t\t\t\t\t<div class=\"e-con-inner\">\n\t\t\t\t<div class=\"elementor-element elementor-element-iwgkw2-add-hulijing-t elementor-widget elementor-widget-text-editor\" data-id=\"iwgkw2-add-hulijing-t\" data-element_type=\"widget\" data-e-type=\"widget\" data-widget_type=\"text-editor.default\">\n\t\t\t\t\t\t\t\t\t<p>\u010ci u\u017e sa rozpr\u00e1va poves\u0165 o Venedigermandlovi, alebo pr\u00edbeh o re\u00e1lnych \u201eVenedigersk\u00fdch h\u013eada\u010doch pokladov v Alp\u00e1ch\u201c: na po\u010diatku stoj\u00ed t\u00e1 ist\u00e1 skupina cudz\u00edch h\u013eada\u010dov nerastov, o ktorej sa rozpr\u00e1va rovnako o \u010destnosti a hos\u0165innosti, ako aj o kliatbe a poru\u0161en\u00ed s\u013eubu.<\/p>\t\t\t\t\t\t\t\t<\/div>\n\t\t\t\t\t<\/div>\n\t\t\t\t<\/div>\n\t\t\t\t<\/div>\n\t\t","protected":false},"excerpt":{"rendered":"","protected":false},"author":3,"featured_media":20529,"parent":0,"menu_order":0,"comment_status":"closed","ping_status":"closed","template":"elementor_header_footer","meta":{"_yoast_wpseo_focuskw":"venedigermandl","_yoast_wpseo_title":"Venedigermandl \u2013 trpasl\u00edk h\u013eada\u010d rudy z alpsk\u00fdch povest\u00ed","_yoast_wpseo_metadesc":"Venedigermandl: legend\u00e1rny h\u013eada\u010d zlata a rudy v Alp\u00e1ch, ktor\u00fd vznikol z re\u00e1lnych ben\u00e1tskych vyh\u013ead\u00e1va\u010dov miner\u00e1lov. P\u00f4vod a mot\u00edvy.","_yoast_wpseo_meta-robots-noindex":"","_yoast_wpseo_canonical":"","_angie_page":false,"gefaehrdungsstufe":"2","wesen_kultur":"alpin","wesen_klasse":"geister","footnotes":""},"categories":[],"class_list":["post-158828","page","type-page","status-publish","has-post-thumbnail","hentry"],"yoast_head":"<!-- This site is optimized with the Yoast SEO Premium plugin v27.7 (Yoast SEO v28.3) - https:\/\/yoast.com\/product\/yoast-seo-premium-wordpress\/ -->\n<title>Venedigermandl \u2013 trpasl\u00edk h\u013eada\u010d rudy z alpsk\u00fdch povest\u00ed<\/title>\n<meta name=\"description\" content=\"Venedigermandl: legend\u00e1rny h\u013eada\u010d zlata a rudy v Alp\u00e1ch, ktor\u00fd vznikol z re\u00e1lnych ben\u00e1tskych vyh\u013ead\u00e1va\u010dov miner\u00e1lov. P\u00f4vod a mot\u00edvy.\" \/>\n<meta name=\"robots\" content=\"index, follow, max-snippet:-1, max-image-preview:large, max-video-preview:-1\" \/>\n<link rel=\"canonical\" href=\"https:\/\/iwell-guard.com\/sk\/venedigermandl\/\" \/>\n<meta property=\"og:locale\" content=\"sk_SK\" \/>\n<meta property=\"og:type\" content=\"article\" \/>\n<meta property=\"og:title\" content=\"Venedigermandl\" \/>\n<meta property=\"og:description\" content=\"Venedigermandl: legend\u00e1rny h\u013eada\u010d zlata a rudy v Alp\u00e1ch, ktor\u00fd vznikol z re\u00e1lnych ben\u00e1tskych vyh\u013ead\u00e1va\u010dov miner\u00e1lov. P\u00f4vod a mot\u00edvy.\" \/>\n<meta property=\"og:url\" content=\"https:\/\/iwell-guard.com\/sk\/venedigermandl\/\" \/>\n<meta property=\"og:site_name\" content=\"iWell Guard\" \/>\n<meta property=\"article:modified_time\" content=\"2026-09-04T23:12:52+00:00\" \/>\n<meta property=\"og:image\" content=\"https:\/\/iwell-guard.com\/wp-content\/uploads\/2026\/07\/geister_alpin_venedigermandl.webp\" \/>\n\t<meta property=\"og:image:width\" content=\"1024\" \/>\n\t<meta property=\"og:image:height\" content=\"1536\" \/>\n\t<meta property=\"og:image:type\" content=\"image\/webp\" \/>\n<meta name=\"twitter:card\" content=\"summary_large_image\" \/>\n<script type=\"application\/ld+json\" class=\"yoast-schema-graph\">{\"@context\":\"https:\\\/\\\/schema.org\",\"@graph\":[{\"@type\":\"Article\",\"@id\":\"https:\\\/\\\/iwell-guard.com\\\/sk\\\/venedigermandl\\\/#article\",\"isPartOf\":{\"@id\":\"https:\\\/\\\/iwell-guard.com\\\/sk\\\/venedigermandl\\\/\"},\"author\":{\"name\":\"Ralf Ittermann\",\"@id\":\"https:\\\/\\\/iwell-guard.com\\\/sk\\\/#\\\/schema\\\/person\\\/ee2a27f1cac3406c7c6fb5820cb7349f\"},\"headline\":\"Venedigermandl\",\"datePublished\":\"2026-09-04T22:35:47+00:00\",\"dateModified\":\"2026-09-04T23:12:52+00:00\",\"mainEntityOfPage\":{\"@id\":\"https:\\\/\\\/iwell-guard.com\\\/sk\\\/venedigermandl\\\/\"},\"publisher\":{\"@id\":\"https:\\\/\\\/iwell-guard.com\\\/sk\\\/#organization\"},\"image\":{\"@id\":\"https:\\\/\\\/iwell-guard.com\\\/sk\\\/venedigermandl\\\/#primaryimage\"},\"thumbnailUrl\":\"https:\\\/\\\/iwell-guard.com\\\/wp-content\\\/uploads\\\/2026\\\/07\\\/geister_alpin_venedigermandl.webp\",\"inLanguage\":\"sk-SK\",\"description\":\"Venedigermandl: legend\u00e1rny h\u013eada\u010d zlata a rudy v Alp\u00e1ch, ktor\u00fd vznikol z re\u00e1lnych ben\u00e1tskych vyh\u013ead\u00e1va\u010dov miner\u00e1lov. P\u00f4vod a mot\u00edvy.\"},{\"@type\":\"WebPage\",\"@id\":\"https:\\\/\\\/iwell-guard.com\\\/sk\\\/venedigermandl\\\/\",\"url\":\"https:\\\/\\\/iwell-guard.com\\\/sk\\\/venedigermandl\\\/\",\"name\":\"Venedigermandl \u2013 trpasl\u00edk h\u013eada\u010d rudy z alpsk\u00fdch povest\u00ed\",\"isPartOf\":{\"@id\":\"https:\\\/\\\/iwell-guard.com\\\/sk\\\/#website\"},\"primaryImageOfPage\":{\"@id\":\"https:\\\/\\\/iwell-guard.com\\\/sk\\\/venedigermandl\\\/#primaryimage\"},\"image\":{\"@id\":\"https:\\\/\\\/iwell-guard.com\\\/sk\\\/venedigermandl\\\/#primaryimage\"},\"thumbnailUrl\":\"https:\\\/\\\/iwell-guard.com\\\/wp-content\\\/uploads\\\/2026\\\/07\\\/geister_alpin_venedigermandl.webp\",\"datePublished\":\"2026-09-04T22:35:47+00:00\",\"dateModified\":\"2026-09-04T23:12:52+00:00\",\"description\":\"Venedigermandl: legend\u00e1rny h\u013eada\u010d zlata a rudy v Alp\u00e1ch, ktor\u00fd vznikol z re\u00e1lnych ben\u00e1tskych vyh\u013ead\u00e1va\u010dov miner\u00e1lov. P\u00f4vod a mot\u00edvy.\",\"breadcrumb\":{\"@id\":\"https:\\\/\\\/iwell-guard.com\\\/sk\\\/venedigermandl\\\/#breadcrumb\"},\"inLanguage\":\"sk-SK\",\"potentialAction\":[{\"@type\":\"ReadAction\",\"target\":[\"https:\\\/\\\/iwell-guard.com\\\/sk\\\/venedigermandl\\\/\"]}]},{\"@type\":\"ImageObject\",\"inLanguage\":\"sk-SK\",\"@id\":\"https:\\\/\\\/iwell-guard.com\\\/sk\\\/venedigermandl\\\/#primaryimage\",\"url\":\"https:\\\/\\\/iwell-guard.com\\\/wp-content\\\/uploads\\\/2026\\\/07\\\/geister_alpin_venedigermandl.webp\",\"contentUrl\":\"https:\\\/\\\/iwell-guard.com\\\/wp-content\\\/uploads\\\/2026\\\/07\\\/geister_alpin_venedigermandl.webp\",\"width\":1024,\"height\":1536,\"caption\":\"Venedigermandl \u2013 duchovia z alpskej trad\u00edcie, historicko-ilustra\u010dn\u00e9 zobrazenie\"},{\"@type\":\"BreadcrumbList\",\"@id\":\"https:\\\/\\\/iwell-guard.com\\\/sk\\\/venedigermandl\\\/#breadcrumb\",\"itemListElement\":[{\"@type\":\"ListItem\",\"position\":1,\"name\":\"Start\",\"item\":\"https:\\\/\\\/iwell-guard.com\\\/sk\\\/?page_id=157572\"},{\"@type\":\"ListItem\",\"position\":2,\"name\":\"Venedigermandl\"}]},{\"@type\":\"WebSite\",\"@id\":\"https:\\\/\\\/iwell-guard.com\\\/sk\\\/#website\",\"url\":\"https:\\\/\\\/iwell-guard.com\\\/sk\\\/\",\"name\":\"iWell Guard\",\"description\":\"Schutz vor dunklen Einfl\u00fcssen\",\"publisher\":{\"@id\":\"https:\\\/\\\/iwell-guard.com\\\/sk\\\/#organization\"},\"potentialAction\":[{\"@type\":\"SearchAction\",\"target\":{\"@type\":\"EntryPoint\",\"urlTemplate\":\"https:\\\/\\\/iwell-guard.com\\\/sk\\\/?s={search_term_string}\"},\"query-input\":{\"@type\":\"PropertyValueSpecification\",\"valueRequired\":true,\"valueName\":\"search_term_string\"}}],\"inLanguage\":\"sk-SK\"},{\"@type\":\"Organization\",\"@id\":\"https:\\\/\\\/iwell-guard.com\\\/sk\\\/#organization\",\"name\":\"Ittermann electronic GmbH\",\"url\":\"https:\\\/\\\/iwell-guard.com\\\/sk\\\/\",\"logo\":{\"@type\":\"ImageObject\",\"inLanguage\":\"sk-SK\",\"@id\":\"https:\\\/\\\/iwell-guard.com\\\/sk\\\/#\\\/schema\\\/logo\\\/image\\\/\",\"url\":\"https:\\\/\\\/iwell-guard.com\\\/wp-content\\\/uploads\\\/2026\\\/05\\\/Ittermann-Logo-1182x237-1.png\",\"contentUrl\":\"https:\\\/\\\/iwell-guard.com\\\/wp-content\\\/uploads\\\/2026\\\/05\\\/Ittermann-Logo-1182x237-1.png\",\"width\":1182,\"height\":237,\"caption\":\"Ittermann electronic GmbH\"},\"image\":{\"@id\":\"https:\\\/\\\/iwell-guard.com\\\/sk\\\/#\\\/schema\\\/logo\\\/image\\\/\"},\"sameAs\":[\"https:\\\/\\\/pantip.com\\\/profile\\\/9367242\",\"https:\\\/\\\/micro.blog\\\/iwellguard\",\"https:\\\/\\\/www.diggerslist.com\\\/iwellguard\\\/about\",\"https:\\\/\\\/skitterphoto.com\\\/photographers\\\/2870314\\\/iwell-guard\",\"https:\\\/\\\/iwellguard.wordpress.com\\\/2026\\\/06\\\/06\\\/iwell-guard\\\/\",\"https:\\\/\\\/hub.docker.com\\\/u\\\/iwellguard\",\"https:\\\/\\\/www.pinterest.com\\\/iwellguard\\\/\",\"https:\\\/\\\/bit.ly\\\/m\\\/iwellguard\",\"https:\\\/\\\/entre-vos-mains.alsace.eu\\\/profiles\\\/iwellguard\\\/activity\",\"https:\\\/\\\/gravatar.com\\\/reallybeded8fd34\",\"https:\\\/\\\/naijamatta.com\\\/iwellguard\",\"https:\\\/\\\/www.goodreads.com\\\/iwellguard\",\"https:\\\/\\\/profile.hatena.ne.jp\\\/iwellguard\\\/\",\"https:\\\/\\\/experiment.com\\\/users\\\/iwellguard\",\"https:\\\/\\\/wakelet.com\\\/@iWellGuard82270\",\"https:\\\/\\\/www.chordie.com\\\/forum\\\/profile.php?id=2555664\",\"https:\\\/\\\/www.instapaper.com\\\/p\\\/17757966\",\"https:\\\/\\\/www.mapleprimes.com\\\/users\\\/iwellguard\",\"https:\\\/\\\/businesslistingplus.com\\\/profile\\\/iwell-guard\\\/\",\"https:\\\/\\\/telegra.ph\\\/iWell-Guard-06-06\",\"https:\\\/\\\/pbase.com\\\/iwellguard\\\/iwellguard\",\"https:\\\/\\\/b.hatena.ne.jp\\\/iwellguard\\\/20260607#bookmark-4788405196491818882\",\"https:\\\/\\\/fliphtml5.com\\\/home\\\/iwellguard\",\"https:\\\/\\\/anyflip.com\\\/homepage\\\/cmiwl#About\",\"https:\\\/\\\/transfur.com\\\/Users\\\/iwellguard\",\"http:\\\/\\\/delphi.larsbo.org\\\/user\\\/iwellguard\",\"https:\\\/\\\/jobs.lajobsportal.org\\\/profiles\\\/8380803-iwell-guard\",\"https:\\\/\\\/md.chaosdorf.de\\\/s\\\/jfbe5SBdJD\",\"https:\\\/\\\/www.lingvolive.com\\\/en-us\\\/profile\\\/9ecaeaca-ce11-4e51-9e71-01d55e2bff36\\\/translations\",\"https:\\\/\\\/www.fitday.com\\\/fitness\\\/forums\\\/members\\\/iwellguard.html\",\"https:\\\/\\\/www.mymeetbook.com\\\/iwellguard\",\"https:\\\/\\\/pxhere.com\\\/en\\\/photographer-me\\\/5040798\",\"https:\\\/\\\/disqus.com\\\/by\\\/iwellguard\\\/about\\\/\",\"https:\\\/\\\/pastelink.net\\\/hjwciqwq\",\"https:\\\/\\\/pubhtml5.com\\\/homepage\\\/scjhn\\\/\",\"https:\\\/\\\/www.bitchute.com\\\/channel\\\/2O2eOKzNqujT\",\"https:\\\/\\\/audiomack.com\\\/iwellguard\"]},{\"@type\":\"Person\",\"@id\":\"https:\\\/\\\/iwell-guard.com\\\/sk\\\/#\\\/schema\\\/person\\\/ee2a27f1cac3406c7c6fb5820cb7349f\",\"name\":\"Ralf Ittermann\",\"image\":{\"@type\":\"ImageObject\",\"inLanguage\":\"sk-SK\",\"@id\":\"https:\\\/\\\/secure.gravatar.com\\\/avatar\\\/073c0153e350a5005b68eb752b445fea71f6b24a26da9449ad7e155e6b446c9d?s=96&d=mm&r=g\",\"url\":\"https:\\\/\\\/secure.gravatar.com\\\/avatar\\\/073c0153e350a5005b68eb752b445fea71f6b24a26da9449ad7e155e6b446c9d?s=96&d=mm&r=g\",\"contentUrl\":\"https:\\\/\\\/secure.gravatar.com\\\/avatar\\\/073c0153e350a5005b68eb752b445fea71f6b24a26da9449ad7e155e6b446c9d?s=96&d=mm&r=g\",\"caption\":\"Ralf Ittermann\"},\"givenName\":\"Ralf\",\"familyName\":\"Ittermann\",\"jobTitle\":\"Gesch\u00e4ftsf\u00fchrer und redaktioneller Verantwortlicher\",\"url\":\"https:\\\/\\\/iwell-guard.com\\\/sk\\\/author\\\/claude\\\/\",\"description\":\"Ralf Ittermann ist Gesch\u00e4ftsf\u00fchrer der Ittermann electronic GmbH und redaktioneller Verantwortlicher des iWell-Guard-Lexikons. Er verbindet langj\u00e4hrige Erfahrung in der Pr\u00e4zisionsfertigung mit medialer Praxis und religionsgeschichtlicher Quellenarbeit.\",\"worksFor\":{\"@type\":\"Organization\",\"name\":\"Ittermann electronic GmbH\",\"url\":\"https:\\\/\\\/ittermann.de\\\/\",\"address\":{\"@type\":\"PostalAddress\",\"streetAddress\":\"K\u00f6hlergasse 16-18\",\"postalCode\":\"99842\",\"addressLocality\":\"Ruhla\",\"addressCountry\":\"DE\"}},\"knowsAbout\":[\"Religionsgeschichte\",\"Mythologie\",\"Mediale Praxis\",\"Energetische Diagnostik\",\"Schutzpraxis\",\"Volksglauben\",\"Westliche Esoterik\"]},{\"@type\":\"Article\",\"@id\":\"https:\\\/\\\/iwell-guard.com\\\/sk\\\/venedigermandl\\\/#article\",\"isPartOf\":{\"@id\":\"https:\\\/\\\/iwell-guard.com\\\/sk\\\/venedigermandl\\\/\"},\"author\":{\"name\":\"Ralf Ittermann\",\"@id\":\"https:\\\/\\\/iwell-guard.com\\\/sk\\\/#\\\/schema\\\/person\\\/ee2a27f1cac3406c7c6fb5820cb7349f\"},\"headline\":\"Venedigermandl\",\"datePublished\":\"2026-09-04T22:35:47+00:00\",\"dateModified\":\"2026-09-04T23:12:52+00:00\",\"mainEntityOfPage\":{\"@id\":\"https:\\\/\\\/iwell-guard.com\\\/sk\\\/venedigermandl\\\/\"},\"publisher\":{\"@id\":\"https:\\\/\\\/iwell-guard.com\\\/sk\\\/#organization\"},\"image\":{\"@id\":\"https:\\\/\\\/iwell-guard.com\\\/sk\\\/venedigermandl\\\/#primaryimage\"},\"thumbnailUrl\":\"https:\\\/\\\/iwell-guard.com\\\/wp-content\\\/uploads\\\/2026\\\/07\\\/geister_alpin_venedigermandl.webp\",\"inLanguage\":\"sk-SK\",\"description\":\"Venedigermandl: legend\u00e1rny h\u013eada\u010d zlata a rudy v Alp\u00e1ch, ktor\u00fd vznikol z re\u00e1lnych ben\u00e1tskych vyh\u013ead\u00e1va\u010dov miner\u00e1lov. P\u00f4vod a mot\u00edvy.\"}]}<\/script>\n<!-- \/ Yoast SEO Premium plugin. -->","yoast_head_json":{"title":"Venedigermandl \u2013 trpasl\u00edk h\u013eada\u010d rudy z alpsk\u00fdch povest\u00ed","description":"Venedigermandl: legend\u00e1rny h\u013eada\u010d zlata a rudy v Alp\u00e1ch, ktor\u00fd vznikol z re\u00e1lnych ben\u00e1tskych vyh\u013ead\u00e1va\u010dov miner\u00e1lov. P\u00f4vod a mot\u00edvy.","robots":{"index":"index","follow":"follow","max-snippet":"max-snippet:-1","max-image-preview":"max-image-preview:large","max-video-preview":"max-video-preview:-1"},"canonical":"https:\/\/iwell-guard.com\/sk\/venedigermandl\/","og_locale":"sk_SK","og_type":"article","og_title":"Venedigermandl","og_description":"Venedigermandl: legend\u00e1rny h\u013eada\u010d zlata a rudy v Alp\u00e1ch, ktor\u00fd vznikol z re\u00e1lnych ben\u00e1tskych vyh\u013ead\u00e1va\u010dov miner\u00e1lov. P\u00f4vod a mot\u00edvy.","og_url":"https:\/\/iwell-guard.com\/sk\/venedigermandl\/","og_site_name":"iWell Guard","article_modified_time":"2026-09-04T23:12:52+00:00","og_image":[{"width":1024,"height":1536,"url":"https:\/\/iwell-guard.com\/wp-content\/uploads\/2026\/07\/geister_alpin_venedigermandl.webp","type":"image\/webp"}],"twitter_card":"summary_large_image","schema":{"@context":"https:\/\/schema.org","@graph":[{"@type":"Article","@id":"https:\/\/iwell-guard.com\/sk\/venedigermandl\/#article","isPartOf":{"@id":"https:\/\/iwell-guard.com\/sk\/venedigermandl\/"},"author":{"name":"Ralf Ittermann","@id":"https:\/\/iwell-guard.com\/sk\/#\/schema\/person\/ee2a27f1cac3406c7c6fb5820cb7349f"},"headline":"Venedigermandl","datePublished":"2026-09-04T22:35:47+00:00","dateModified":"2026-09-04T23:12:52+00:00","mainEntityOfPage":{"@id":"https:\/\/iwell-guard.com\/sk\/venedigermandl\/"},"publisher":{"@id":"https:\/\/iwell-guard.com\/sk\/#organization"},"image":{"@id":"https:\/\/iwell-guard.com\/sk\/venedigermandl\/#primaryimage"},"thumbnailUrl":"https:\/\/iwell-guard.com\/wp-content\/uploads\/2026\/07\/geister_alpin_venedigermandl.webp","inLanguage":"sk-SK","description":"Venedigermandl: legend\u00e1rny h\u013eada\u010d zlata a rudy v Alp\u00e1ch, ktor\u00fd vznikol z re\u00e1lnych ben\u00e1tskych vyh\u013ead\u00e1va\u010dov miner\u00e1lov. P\u00f4vod a mot\u00edvy."},{"@type":"WebPage","@id":"https:\/\/iwell-guard.com\/sk\/venedigermandl\/","url":"https:\/\/iwell-guard.com\/sk\/venedigermandl\/","name":"Venedigermandl \u2013 trpasl\u00edk h\u013eada\u010d rudy z alpsk\u00fdch povest\u00ed","isPartOf":{"@id":"https:\/\/iwell-guard.com\/sk\/#website"},"primaryImageOfPage":{"@id":"https:\/\/iwell-guard.com\/sk\/venedigermandl\/#primaryimage"},"image":{"@id":"https:\/\/iwell-guard.com\/sk\/venedigermandl\/#primaryimage"},"thumbnailUrl":"https:\/\/iwell-guard.com\/wp-content\/uploads\/2026\/07\/geister_alpin_venedigermandl.webp","datePublished":"2026-09-04T22:35:47+00:00","dateModified":"2026-09-04T23:12:52+00:00","description":"Venedigermandl: legend\u00e1rny h\u013eada\u010d zlata a rudy v Alp\u00e1ch, ktor\u00fd vznikol z re\u00e1lnych ben\u00e1tskych vyh\u013ead\u00e1va\u010dov miner\u00e1lov. P\u00f4vod a mot\u00edvy.","breadcrumb":{"@id":"https:\/\/iwell-guard.com\/sk\/venedigermandl\/#breadcrumb"},"inLanguage":"sk-SK","potentialAction":[{"@type":"ReadAction","target":["https:\/\/iwell-guard.com\/sk\/venedigermandl\/"]}]},{"@type":"ImageObject","inLanguage":"sk-SK","@id":"https:\/\/iwell-guard.com\/sk\/venedigermandl\/#primaryimage","url":"https:\/\/iwell-guard.com\/wp-content\/uploads\/2026\/07\/geister_alpin_venedigermandl.webp","contentUrl":"https:\/\/iwell-guard.com\/wp-content\/uploads\/2026\/07\/geister_alpin_venedigermandl.webp","width":1024,"height":1536,"caption":"Venedigermandl \u2013 duchovia z alpskej trad\u00edcie, historicko-ilustra\u010dn\u00e9 zobrazenie"},{"@type":"BreadcrumbList","@id":"https:\/\/iwell-guard.com\/sk\/venedigermandl\/#breadcrumb","itemListElement":[{"@type":"ListItem","position":1,"name":"Start","item":"https:\/\/iwell-guard.com\/sk\/?page_id=157572"},{"@type":"ListItem","position":2,"name":"Venedigermandl"}]},{"@type":"WebSite","@id":"https:\/\/iwell-guard.com\/sk\/#website","url":"https:\/\/iwell-guard.com\/sk\/","name":"iWell Guard","description":"Schutz vor dunklen Einfl\u00fcssen","publisher":{"@id":"https:\/\/iwell-guard.com\/sk\/#organization"},"potentialAction":[{"@type":"SearchAction","target":{"@type":"EntryPoint","urlTemplate":"https:\/\/iwell-guard.com\/sk\/?s={search_term_string}"},"query-input":{"@type":"PropertyValueSpecification","valueRequired":true,"valueName":"search_term_string"}}],"inLanguage":"sk-SK"},{"@type":"Organization","@id":"https:\/\/iwell-guard.com\/sk\/#organization","name":"Ittermann electronic GmbH","url":"https:\/\/iwell-guard.com\/sk\/","logo":{"@type":"ImageObject","inLanguage":"sk-SK","@id":"https:\/\/iwell-guard.com\/sk\/#\/schema\/logo\/image\/","url":"https:\/\/iwell-guard.com\/wp-content\/uploads\/2026\/05\/Ittermann-Logo-1182x237-1.png","contentUrl":"https:\/\/iwell-guard.com\/wp-content\/uploads\/2026\/05\/Ittermann-Logo-1182x237-1.png","width":1182,"height":237,"caption":"Ittermann electronic GmbH"},"image":{"@id":"https:\/\/iwell-guard.com\/sk\/#\/schema\/logo\/image\/"},"sameAs":["https:\/\/pantip.com\/profile\/9367242","https:\/\/micro.blog\/iwellguard","https:\/\/www.diggerslist.com\/iwellguard\/about","https:\/\/skitterphoto.com\/photographers\/2870314\/iwell-guard","https:\/\/iwellguard.wordpress.com\/2026\/06\/06\/iwell-guard\/","https:\/\/hub.docker.com\/u\/iwellguard","https:\/\/www.pinterest.com\/iwellguard\/","https:\/\/bit.ly\/m\/iwellguard","https:\/\/entre-vos-mains.alsace.eu\/profiles\/iwellguard\/activity","https:\/\/gravatar.com\/reallybeded8fd34","https:\/\/naijamatta.com\/iwellguard","https:\/\/www.goodreads.com\/iwellguard","https:\/\/profile.hatena.ne.jp\/iwellguard\/","https:\/\/experiment.com\/users\/iwellguard","https:\/\/wakelet.com\/@iWellGuard82270","https:\/\/www.chordie.com\/forum\/profile.php?id=2555664","https:\/\/www.instapaper.com\/p\/17757966","https:\/\/www.mapleprimes.com\/users\/iwellguard","https:\/\/businesslistingplus.com\/profile\/iwell-guard\/","https:\/\/telegra.ph\/iWell-Guard-06-06","https:\/\/pbase.com\/iwellguard\/iwellguard","https:\/\/b.hatena.ne.jp\/iwellguard\/20260607#bookmark-4788405196491818882","https:\/\/fliphtml5.com\/home\/iwellguard","https:\/\/anyflip.com\/homepage\/cmiwl#About","https:\/\/transfur.com\/Users\/iwellguard","http:\/\/delphi.larsbo.org\/user\/iwellguard","https:\/\/jobs.lajobsportal.org\/profiles\/8380803-iwell-guard","https:\/\/md.chaosdorf.de\/s\/jfbe5SBdJD","https:\/\/www.lingvolive.com\/en-us\/profile\/9ecaeaca-ce11-4e51-9e71-01d55e2bff36\/translations","https:\/\/www.fitday.com\/fitness\/forums\/members\/iwellguard.html","https:\/\/www.mymeetbook.com\/iwellguard","https:\/\/pxhere.com\/en\/photographer-me\/5040798","https:\/\/disqus.com\/by\/iwellguard\/about\/","https:\/\/pastelink.net\/hjwciqwq","https:\/\/pubhtml5.com\/homepage\/scjhn\/","https:\/\/www.bitchute.com\/channel\/2O2eOKzNqujT","https:\/\/audiomack.com\/iwellguard"]},{"@type":"Person","@id":"https:\/\/iwell-guard.com\/sk\/#\/schema\/person\/ee2a27f1cac3406c7c6fb5820cb7349f","name":"Ralf Ittermann","image":{"@type":"ImageObject","inLanguage":"sk-SK","@id":"https:\/\/secure.gravatar.com\/avatar\/073c0153e350a5005b68eb752b445fea71f6b24a26da9449ad7e155e6b446c9d?s=96&d=mm&r=g","url":"https:\/\/secure.gravatar.com\/avatar\/073c0153e350a5005b68eb752b445fea71f6b24a26da9449ad7e155e6b446c9d?s=96&d=mm&r=g","contentUrl":"https:\/\/secure.gravatar.com\/avatar\/073c0153e350a5005b68eb752b445fea71f6b24a26da9449ad7e155e6b446c9d?s=96&d=mm&r=g","caption":"Ralf Ittermann"},"givenName":"Ralf","familyName":"Ittermann","jobTitle":"Gesch\u00e4ftsf\u00fchrer und redaktioneller Verantwortlicher","url":"https:\/\/iwell-guard.com\/sk\/author\/claude\/","description":"Ralf Ittermann ist Gesch\u00e4ftsf\u00fchrer der Ittermann electronic GmbH und redaktioneller Verantwortlicher des iWell-Guard-Lexikons. Er verbindet langj\u00e4hrige Erfahrung in der Pr\u00e4zisionsfertigung mit medialer Praxis und religionsgeschichtlicher Quellenarbeit.","worksFor":{"@type":"Organization","name":"Ittermann electronic GmbH","url":"https:\/\/ittermann.de\/","address":{"@type":"PostalAddress","streetAddress":"K\u00f6hlergasse 16-18","postalCode":"99842","addressLocality":"Ruhla","addressCountry":"DE"}},"knowsAbout":["Religionsgeschichte","Mythologie","Mediale Praxis","Energetische Diagnostik","Schutzpraxis","Volksglauben","Westliche Esoterik"]},{"@type":"Article","@id":"https:\/\/iwell-guard.com\/sk\/venedigermandl\/#article","isPartOf":{"@id":"https:\/\/iwell-guard.com\/sk\/venedigermandl\/"},"author":{"name":"Ralf Ittermann","@id":"https:\/\/iwell-guard.com\/sk\/#\/schema\/person\/ee2a27f1cac3406c7c6fb5820cb7349f"},"headline":"Venedigermandl","datePublished":"2026-09-04T22:35:47+00:00","dateModified":"2026-09-04T23:12:52+00:00","mainEntityOfPage":{"@id":"https:\/\/iwell-guard.com\/sk\/venedigermandl\/"},"publisher":{"@id":"https:\/\/iwell-guard.com\/sk\/#organization"},"image":{"@id":"https:\/\/iwell-guard.com\/sk\/venedigermandl\/#primaryimage"},"thumbnailUrl":"https:\/\/iwell-guard.com\/wp-content\/uploads\/2026\/07\/geister_alpin_venedigermandl.webp","inLanguage":"sk-SK","description":"Venedigermandl: legend\u00e1rny h\u013eada\u010d zlata a rudy v Alp\u00e1ch, ktor\u00fd vznikol z re\u00e1lnych ben\u00e1tskych vyh\u013ead\u00e1va\u010dov miner\u00e1lov. P\u00f4vod a mot\u00edvy."}]}},"_links":{"self":[{"href":"https:\/\/iwell-guard.com\/sk\/wp-json\/wp\/v2\/pages\/158828","targetHints":{"allow":["GET"]}}],"collection":[{"href":"https:\/\/iwell-guard.com\/sk\/wp-json\/wp\/v2\/pages"}],"about":[{"href":"https:\/\/iwell-guard.com\/sk\/wp-json\/wp\/v2\/types\/page"}],"author":[{"embeddable":true,"href":"https:\/\/iwell-guard.com\/sk\/wp-json\/wp\/v2\/users\/3"}],"replies":[{"embeddable":true,"href":"https:\/\/iwell-guard.com\/sk\/wp-json\/wp\/v2\/comments?post=158828"}],"version-history":[{"count":0,"href":"https:\/\/iwell-guard.com\/sk\/wp-json\/wp\/v2\/pages\/158828\/revisions"}],"wp:featuredmedia":[{"embeddable":true,"href":"https:\/\/iwell-guard.com\/sk\/wp-json\/wp\/v2\/media\/20529"}],"wp:attachment":[{"href":"https:\/\/iwell-guard.com\/sk\/wp-json\/wp\/v2\/media?parent=158828"}],"wp:term":[{"taxonomy":"category","embeddable":true,"href":"https:\/\/iwell-guard.com\/sk\/wp-json\/wp\/v2\/categories?post=158828"}],"curies":[{"name":"wp","href":"https:\/\/api.w.org\/{rel}","templated":true}]}}