{"id":158816,"date":"2026-09-04T22:35:40","date_gmt":"2026-09-04T22:35:40","guid":{"rendered":"https:\/\/iwell-guard.com\/?page_id=158816"},"modified":"2026-09-04T23:12:33","modified_gmt":"2026-09-04T23:12:33","slug":"frau-perchta","status":"publish","type":"page","link":"https:\/\/iwell-guard.com\/sk\/frau-perchta\/","title":{"rendered":"Frau Perchta"},"content":{"rendered":"\t\t<div data-elementor-type=\"wp-page\" data-elementor-id=\"158816\" class=\"elementor elementor-158816 elementor-20476\" data-elementor-post-type=\"page\">\n\t\t\t\t<div class=\"elementor-element elementor-element-10fdade e-flex e-con-boxed e-con e-parent\" data-id=\"10fdade\" data-element_type=\"container\" data-e-type=\"container\" data-settings=\"{&quot;background_background&quot;:&quot;classic&quot;}\">\n\t\t\t\t\t<div class=\"e-con-inner\">\n\t\t<div class=\"elementor-element elementor-element-herohlft0 e-flex e-con-boxed e-con e-child\" data-id=\"herohlft0\" data-element_type=\"container\" data-e-type=\"container\">\n\t\t\t\t\t<div class=\"e-con-inner\">\n\t\t<div class=\"elementor-element elementor-element-c3ceb64 e-con-full e-flex e-con e-child\" data-id=\"c3ceb64\" data-element_type=\"container\" data-e-type=\"container\">\n\t\t\t\t<div class=\"elementor-element elementor-element-96ae5e1 elementor-widget elementor-widget-heading\" data-id=\"96ae5e1\" data-element_type=\"widget\" data-e-type=\"widget\" data-widget_type=\"heading.default\">\n\t\t\t\t\t<h1 class=\"elementor-heading-title elementor-size-default\">Frau Perchta, sk\u00fa\u0161ate\u013eka pracovitosti a poriadku<\/h1>\t\t\t\t<\/div>\n\t\t\t\t<div class=\"elementor-element elementor-element-e45238a elementor-widget elementor-widget-text-editor\" data-id=\"e45238a\" data-element_type=\"widget\" data-e-type=\"widget\" data-widget_type=\"text-editor.default\">\n\t\t\t\t\t\t\t\t\t<p>Frau Perchta je <span class=\"iwg-fachbegriff\" data-tooltip=\"Beztelesn\u00e1 bytos\u0165, ktorej sa pripisuje p\u00f4sobenie vo svete.\" tabindex=\"0\">duch<\/span> alpskej trad\u00edcie.<\/p><p><strong>Ochranky\u0148a pracovitosti a poriadku po\u010das dvan\u00e1stich Rauhn\u00e4chte.<\/strong><\/p>\t\t\t\t\t\t\t\t<\/div>\n\t\t\t\t<\/div>\n\t\t<div class=\"elementor-element elementor-element-klsbdg01 e-con-full e-flex e-con e-child\" data-id=\"klsbdg01\" data-element_type=\"container\" data-e-type=\"container\">\n\t\t\t\t<div class=\"elementor-element elementor-element-klshtm01 elementor-widget elementor-widget-html\" data-id=\"klshtm01\" data-element_type=\"widget\" data-e-type=\"widget\" data-widget_type=\"html.default\">\n\t\t\t\t\t<div class=\"iwg-pill-row\"><span class=\"iwg-klasse-badge\" tabindex=\"0\" data-tooltip=\"Duch: netelesn\u00e1 alebo poloteliesna bytos\u0165, zosnul\u00ed, pr\u00edrodn\u00e9 bytosti, dom\u00e1ci duchovia alebo str\u00e1\u017ecovia prahu. P\u00f4sob\u00ed v ka\u017edodennom \u017eivote, \u010dasto spojen\u00fd s miestami alebo rodinami.\">Duch<\/span><a href=\"https:\/\/iwell-guard.com\/sk\/?page_id=158853\" class=\"iwg-kultur-badge\" tabindex=\"0\" data-tooltip=\"Poves\u0165ov\u00e1 oblas\u0165 Alpsk\u00e9ho priestoru: Bavorsko, Rak\u00fasko, \u0160vaj\u010diarsko a Ju\u017en\u00fd Tirolsko, od horsk\u00fdch duchov a\u017e po postavy Rauhn\u00e4chte.\">Alpsk\u00fd priestor<\/a><\/div>\t\t\t\t<\/div>\n\t\t\t\t<\/div>\n\t\t<div class=\"elementor-element elementor-element-3f74855 e-con-full e-flex e-con e-child\" data-id=\"3f74855\" data-element_type=\"container\" data-e-type=\"container\">\n\t\t\t\t<div class=\"elementor-element elementor-element-1c30362 elementor-toc--minimized-on-tablet elementor-widget elementor-widget-table-of-contents\" data-id=\"1c30362\" data-element_type=\"widget\" data-e-type=\"widget\" data-settings=\"{&quot;exclude_headings_by_selector&quot;:[],&quot;no_headings_message&quot;:&quot;Na tejto str\\u00e1nke sa nena\\u0161li \\u017eiadne nadpisy.&quot;,&quot;headings_by_tags&quot;:[&quot;h2&quot;,&quot;h3&quot;],&quot;marker_view&quot;:&quot;bullets&quot;,&quot;icon&quot;:{&quot;value&quot;:&quot;fas fa-circle&quot;,&quot;library&quot;:&quot;fa-solid&quot;,&quot;rendered_tag&quot;:&quot;&lt;svg class=\\&quot;e-font-icon-svg e-fas-circle\\&quot; viewBox=\\&quot;0 0 512 512\\&quot; xmlns=\\&quot;http:\\\/\\\/www.w3.org\\\/2000\\\/svg\\&quot;&gt;&lt;path d=\\&quot;M256 8C119 8 8 119 8 256s111 248 248 248 248-111 248-248S393 8 256 8z\\&quot;&gt;&lt;\\\/path&gt;&lt;\\\/svg&gt;&quot;},&quot;minimize_box&quot;:&quot;yes&quot;,&quot;minimized_on&quot;:&quot;tablet&quot;,&quot;hierarchical_view&quot;:&quot;yes&quot;,&quot;min_height&quot;:{&quot;unit&quot;:&quot;px&quot;,&quot;size&quot;:&quot;&quot;,&quot;sizes&quot;:[]},&quot;min_height_tablet&quot;:{&quot;unit&quot;:&quot;px&quot;,&quot;size&quot;:&quot;&quot;,&quot;sizes&quot;:[]},&quot;min_height_mobile&quot;:{&quot;unit&quot;:&quot;px&quot;,&quot;size&quot;:&quot;&quot;,&quot;sizes&quot;:[]}}\" data-widget_type=\"table-of-contents.default\">\n\t\t\t\t\t\t\t\t\t<div class=\"elementor-toc__header\">\n\t\t\t\t\t\t<h2 class=\"elementor-toc__header-title\">\n\t\t\t\tObsah\t\t\t<\/h2>\n\t\t\t\t\t\t\t\t\t\t<div class=\"elementor-toc__toggle-button elementor-toc__toggle-button--expand\" role=\"button\" tabindex=\"0\" aria-controls=\"elementor-toc__1c30362\" aria-expanded=\"true\" aria-label=\"Open table of contents\"><svg aria-hidden=\"true\" class=\"e-font-icon-svg e-fas-chevron-down\" viewBox=\"0 0 448 512\" xmlns=\"http:\/\/www.w3.org\/2000\/svg\"><path d=\"M207.029 381.476L12.686 187.132c-9.373-9.373-9.373-24.569 0-33.941l22.667-22.667c9.357-9.357 24.522-9.375 33.901-.04L224 284.505l154.745-154.021c9.379-9.335 24.544-9.317 33.901.04l22.667 22.667c9.373 9.373 9.373 24.569 0 33.941L240.971 381.476c-9.373 9.372-24.569 9.372-33.942 0z\"><\/path><\/svg><\/div>\n\t\t\t\t<div class=\"elementor-toc__toggle-button elementor-toc__toggle-button--collapse\" role=\"button\" tabindex=\"0\" aria-controls=\"elementor-toc__1c30362\" aria-expanded=\"true\" aria-label=\"Close table of contents\"><svg aria-hidden=\"true\" class=\"e-font-icon-svg e-fas-chevron-up\" viewBox=\"0 0 448 512\" xmlns=\"http:\/\/www.w3.org\/2000\/svg\"><path d=\"M240.971 130.524l194.343 194.343c9.373 9.373 9.373 24.569 0 33.941l-22.667 22.667c-9.357 9.357-24.522 9.375-33.901.04L224 227.495 69.255 381.516c-9.379 9.335-24.544 9.317-33.901-.04l-22.667-22.667c-9.373-9.373-9.373-24.569 0-33.941L207.03 130.525c9.372-9.373 24.568-9.373 33.941-.001z\"><\/path><\/svg><\/div>\n\t\t\t\t\t<\/div>\n\t\t\t\t<div id=\"elementor-toc__1c30362\" class=\"elementor-toc__body\">\n\t\t\t<div class=\"elementor-toc__spinner-container\">\n\t\t\t\t<svg class=\"elementor-toc__spinner eicon-animation-spin e-font-icon-svg e-eicon-loading\" aria-hidden=\"true\" viewBox=\"0 0 1000 1000\" xmlns=\"http:\/\/www.w3.org\/2000\/svg\"><path d=\"M500 975V858C696 858 858 696 858 500S696 142 500 142 142 304 142 500H25C25 237 238 25 500 25S975 237 975 500 763 975 500 975Z\"><\/path><\/svg>\t\t\t<\/div>\n\t\t<\/div>\n\t\t\t\t\t\t<\/div>\n\t\t\t\t<\/div>\n\t\t\t\t\t<\/div>\n\t\t\t\t<\/div>\n\t\t<div class=\"elementor-element elementor-element-herorght0 e-con-full e-flex e-con e-child\" data-id=\"herorght0\" data-element_type=\"container\" data-e-type=\"container\">\n\t\t\t\t<div class=\"elementor-element elementor-element-heroimg00 iwg-hero-image elementor-widget elementor-widget-image\" data-id=\"heroimg00\" data-element_type=\"widget\" data-e-type=\"widget\" data-widget_type=\"image.default\">\n\t\t\t\t\t\t\t\t\t\t\t\t\t\t\t<img fetchpriority=\"high\" decoding=\"async\" width=\"682\" height=\"1024\" src=\"https:\/\/iwell-guard.com\/wp-content\/uploads\/2026\/07\/geister_alpin_perchta-682x1024.webp\" class=\"attachment-large size-large wp-image-158889\" alt=\"Frau Perchta \u2013 duchovia z alpskej trad\u00edcie, historicko-ilustra\u010dn\u00e9 zobrazenie\" srcset=\"https:\/\/iwell-guard.com\/wp-content\/uploads\/2026\/07\/geister_alpin_perchta-682x1024.webp 682w, https:\/\/iwell-guard.com\/wp-content\/uploads\/2026\/07\/geister_alpin_perchta-200x300.webp 200w, https:\/\/iwell-guard.com\/wp-content\/uploads\/2026\/07\/geister_alpin_perchta-768x1154.webp 768w, https:\/\/iwell-guard.com\/wp-content\/uploads\/2026\/07\/geister_alpin_perchta.webp 1023w\" sizes=\"(max-width: 682px) 100vw, 682px\" \/>\t\t\t\t\t\t\t\t\t\t\t\t\t\t\t<\/div>\n\t\t\t\t<\/div>\n\t\t\t\t\t<\/div>\n\t\t\t\t<\/div>\n\t\t<div class=\"elementor-element elementor-element-32917199 e-flex e-con-boxed e-con e-parent\" data-id=\"32917199\" data-element_type=\"container\" data-e-type=\"container\">\n\t\t\t\t\t<div class=\"e-con-inner\">\n\t\t<div class=\"elementor-element elementor-element-26e916cb e-flex e-con-boxed e-con e-child\" data-id=\"26e916cb\" data-element_type=\"container\" data-e-type=\"container\">\n\t\t\t\t\t<div class=\"e-con-inner\">\n\t\t<div class=\"elementor-element elementor-element-253a40d4 e-flex e-con-boxed e-con e-child\" data-id=\"253a40d4\" data-element_type=\"container\" data-e-type=\"container\">\n\t\t\t\t\t<div class=\"e-con-inner\">\n\t\t\t\t<div class=\"elementor-element elementor-element-1200c304 elementor-widget elementor-widget-heading\" data-id=\"1200c304\" data-element_type=\"widget\" data-e-type=\"widget\" data-widget_type=\"heading.default\">\n\t\t\t\t\t<div class=\"elementor-heading-title elementor-size-default\">Frau Perchta<\/div>\t\t\t\t<\/div>\n\t\t\t\t<div class=\"elementor-element elementor-element-11758e7f elementor-widget elementor-widget-text-editor\" data-id=\"11758e7f\" data-element_type=\"widget\" data-e-type=\"widget\" data-widget_type=\"text-editor.default\">\n\t\t\t\t\t\t\t\t\t<p>Frau Perchta je v Alp\u00e1ch a v Bavorsku pova\u017eovan\u00e1 za ochranky\u0148u poriadku a pracovitosti: kto po\u010das roka pracoval a priadol, b\u00fdva odmenen\u00fd, kto bol nedbanliv\u00fd, mus\u00ed \u010deli\u0165 jej pokarhaniu. Liter\u00e1rne je zachyten\u00e1 prv\u00fdkr\u00e1t v 15. storo\u010d\u00ed u Thomasa Ebendorfera von Haselbach.<\/p><p>Po\u010das Rauhn\u00e4chte prech\u00e1dza domami a uli\u010dkami, raz ako kr\u00e1sna \u017eena v svetlom r\u00fachu, inokedy ako vychudnut\u00e1 postava s husacou nohou. Dodnes \u017eiv\u00fd Perchtenlauf premie\u0148a t\u00fato dvojak\u00fa podobu na vidite\u013en\u00fd zimn\u00fd ritu\u00e1l.<\/p>\t\t\t\t\t\t\t\t<\/div>\n\t\t\t\t\t<\/div>\n\t\t\t\t<\/div>\n\t\t<div class=\"elementor-element elementor-element-159dcf9a e-flex e-con-boxed e-con e-child\" data-id=\"159dcf9a\" data-element_type=\"container\" data-e-type=\"container\">\n\t\t\t\t\t<div class=\"e-con-inner\">\n\t\t\t\t<div class=\"elementor-element elementor-element-48cee66f elementor-widget elementor-widget-heading\" data-id=\"48cee66f\" data-element_type=\"widget\" data-e-type=\"widget\" data-widget_type=\"heading.default\">\n\t\t\t\t\t<div class=\"elementor-heading-title elementor-size-default\">Preh\u013ead: Frau Perchta<\/div>\t\t\t\t<\/div>\n\t\t\t\t<div class=\"elementor-element elementor-element-3f50d82c elementor-widget elementor-widget-text-editor\" data-id=\"3f50d82c\" data-element_type=\"widget\" data-e-type=\"widget\" data-widget_type=\"text-editor.default\">\n\t\t\t\t\t\t\t\t\t<p><strong>Typ:<\/strong> sez\u00f3nny duch a sk\u00fa\u0161ate\u013eka pracovitosti a poriadku<br>P\u00f4vod: alpsk\u00e1 v\u00fdchodn\u00e1 oblas\u0165, liter\u00e1rne od 15. storo\u010dia (Thomas Ebendorfer, 1439)<br>Texty: stredovek\u00e9 k\u00e1zne o pok\u00e1n\u00ed, Handw\u00f6rterbuch des deutschen Aberglaubens, zbierky povest\u00ed z 19. storo\u010dia<br>\u010casov\u00e9 zaradenie: dvan\u00e1s\u0165 Rauhn\u00e4chte medzi Vianocami a Troch kr\u00e1\u013eov<br>Zjav: kr\u00e1sna, bielo oble\u010den\u00e1 \u017eena alebo vychudnut\u00e1, dlhonos\u00e1 starena s husacou nohou<\/p>\t\t\t\t\t\t\t\t<\/div>\n\t\t\t\t\t<\/div>\n\t\t\t\t<\/div>\n\t\t\t\t\t<\/div>\n\t\t\t\t<\/div>\n\t\t\t\t\t<\/div>\n\t\t\t\t<\/div>\n\t\t<div class=\"elementor-element elementor-element-18613602 e-flex e-con-boxed e-con e-parent\" data-id=\"18613602\" data-element_type=\"container\" data-e-type=\"container\">\n\t\t\t\t\t<div class=\"e-con-inner\">\n\t\t\t\t<div class=\"elementor-element elementor-element-262b8a9f elementor-widget elementor-widget-heading\" data-id=\"262b8a9f\" data-element_type=\"widget\" data-e-type=\"widget\" data-widget_type=\"heading.default\">\n\t\t\t\t\t<h2 class=\"elementor-heading-title elementor-size-default\">Kontext prame\u0148ov<\/h2>\t\t\t\t<\/div>\n\t\t<div class=\"elementor-element elementor-element-46dcb7d e-con-full e-flex e-con e-child\" data-id=\"46dcb7d\" data-element_type=\"container\" data-e-type=\"container\">\n\t\t<div class=\"elementor-element elementor-element-61d3ab3 e-flex e-con-boxed e-con e-child\" data-id=\"61d3ab3\" data-element_type=\"container\" data-e-type=\"container\">\n\t\t\t\t\t<div class=\"e-con-inner\">\n\t\t\t\t<div class=\"elementor-element elementor-element-117c166 elementor-widget elementor-widget-heading\" data-id=\"117c166\" data-element_type=\"widget\" data-e-type=\"widget\" data-widget_type=\"heading.default\">\n\t\t\t\t\t<h3 class=\"elementor-heading-title elementor-size-default\">Zeitraum der Texte<\/h3>\t\t\t\t<\/div>\n\t\t\t\t<div class=\"elementor-element elementor-element-73997a0 elementor-widget elementor-widget-text-editor\" data-id=\"73997a0\" data-element_type=\"widget\" data-e-type=\"widget\" data-widget_type=\"text-editor.default\">\n\t\t\t\t\t\t\t\t\t<p>Liter\u00e1rne dolo\u017een\u00e1 od 15. storo\u010dia, s Thomasom Ebendorferom v roku 1439 ako ran\u00fdm d\u00f4kazom; \u013eudovedecky bohato zdokumentovan\u00e1 v 19. a na za\u010diatku 20. storo\u010dia.<\/p>\t\t\t\t\t\t\t\t<\/div>\n\t\t\t\t\t<\/div>\n\t\t\t\t<\/div>\n\t\t<div class=\"elementor-element elementor-element-d47b156 e-flex e-con-boxed e-con e-child\" data-id=\"d47b156\" data-element_type=\"container\" data-e-type=\"container\">\n\t\t\t\t\t<div class=\"e-con-inner\">\n\t\t\t\t<div class=\"elementor-element elementor-element-ff38c2b elementor-widget elementor-widget-heading\" data-id=\"ff38c2b\" data-element_type=\"widget\" data-e-type=\"widget\" data-widget_type=\"heading.default\">\n\t\t\t\t\t<h3 class=\"elementor-heading-title elementor-size-default\">Verbreitungsraum<\/h3>\t\t\t\t<\/div>\n\t\t\t\t<div class=\"elementor-element elementor-element-4e49fcc elementor-widget elementor-widget-text-editor\" data-id=\"4e49fcc\" data-element_type=\"widget\" data-e-type=\"widget\" data-widget_type=\"text-editor.default\">\n\t\t\t\t\t\t\t\t\t<p>Bavorsko, Rak\u00fasko, Ju\u017en\u00e9 Tirolsko a alpsk\u00e1 v\u00fdchodn\u00e1 oblas\u0165, so severn\u00fdmi paraleln\u00fdmi postavami a\u017e po strednom Nemecku.<\/p>\t\t\t\t\t\t\t\t<\/div>\n\t\t\t\t\t<\/div>\n\t\t\t\t<\/div>\n\t\t\t\t<\/div>\n\t\t<div class=\"elementor-element elementor-element-db03c39 e-con-full e-flex e-con e-child\" data-id=\"db03c39\" data-element_type=\"container\" data-e-type=\"container\">\n\t\t<div class=\"elementor-element elementor-element-229a87b e-flex e-con-boxed e-con e-child\" data-id=\"229a87b\" data-element_type=\"container\" data-e-type=\"container\">\n\t\t\t\t\t<div class=\"e-con-inner\">\n\t\t\t\t<div class=\"elementor-element elementor-element-1f471fc elementor-widget elementor-widget-heading\" data-id=\"1f471fc\" data-element_type=\"widget\" data-e-type=\"widget\" data-widget_type=\"heading.default\">\n\t\t\t\t\t<h3 class=\"elementor-heading-title elementor-size-default\">Quellenlage<\/h3>\t\t\t\t<\/div>\n\t\t\t\t<div class=\"elementor-element elementor-element-36b1201 elementor-widget elementor-widget-text-editor\" data-id=\"36b1201\" data-element_type=\"widget\" data-e-type=\"widget\" data-widget_type=\"text-editor.default\">\n\t\t\t\t\t\t\t\t\t<p>Z\u00e1klad prame\u0148ov tvoria stredovek\u00e9 k\u00e1zne o pok\u00e1n\u00ed, Handw\u00f6rterbuch des deutschen Aberglaubens a zbierky povest\u00ed z 19. storo\u010dia.<\/p>\t\t\t\t\t\t\t\t<\/div>\n\t\t\t\t\t<\/div>\n\t\t\t\t<\/div>\n\t\t\t\t<\/div>\n\t\t\t\t\t<\/div>\n\t\t\t\t<\/div>\n\t\t<div class=\"elementor-element elementor-element-3ae0637c e-flex e-con-boxed e-con e-parent\" data-id=\"3ae0637c\" data-element_type=\"container\" data-e-type=\"container\">\n\t\t\t\t\t<div class=\"e-con-inner\">\n\t\t\t\t<div class=\"elementor-element elementor-element-31d07739 elementor-widget elementor-widget-heading\" data-id=\"31d07739\" data-element_type=\"widget\" data-e-type=\"widget\" data-widget_type=\"heading.default\">\n\t\t\t\t\t<h2 class=\"elementor-heading-title elementor-size-default\">Meno a varianty<\/h2>\t\t\t\t<\/div>\n\t\t<div class=\"elementor-element elementor-element-b7642947 e-con-full e-flex e-con e-child\" data-id=\"b7642947\" data-element_type=\"container\" data-e-type=\"container\">\n\t\t\t\t<div class=\"elementor-element elementor-element-a086266 elementor-widget elementor-widget-text-editor\" data-id=\"a086266\" data-element_type=\"widget\" data-e-type=\"widget\" data-widget_type=\"text-editor.default\">\n\t\t\t\t\t\t\t\t\t<p><strong>Starohornonem\u010dina:<\/strong> Meno sa obvykle odvodzuje od beraht, \u017eiariaca, zriedkavej\u0161ie od pergan, skryt\u00e1; v\u00fdskum t\u00fato ot\u00e1zku doteraz jednozna\u010dne nevyrie\u0161il. Meno s\u00favis\u00ed aj s Berchtentagom, sviatkom Zjavenia P\u00e1na 6. janu\u00e1ra.<\/p>\t\t\t\t\t\t\t\t<\/div>\n\t\t\t\t<\/div>\n\t\t\t\t\t<\/div>\n\t\t\t\t<\/div>\n\t\t<div class=\"elementor-element elementor-element-709a44a8 e-flex e-con-boxed e-con e-parent\" data-id=\"709a44a8\" data-element_type=\"container\" data-e-type=\"container\">\n\t\t\t\t\t<div class=\"e-con-inner\">\n\t\t\t\t<div class=\"elementor-element elementor-element-2f585873 elementor-widget elementor-widget-heading\" data-id=\"2f585873\" data-element_type=\"widget\" data-e-type=\"widget\" data-widget_type=\"heading.default\">\n\t\t\t\t\t<h2 class=\"elementor-heading-title elementor-size-default\">Podoba a p\u00f4sobenie<\/h2>\t\t\t\t<\/div>\n\t\t<div class=\"elementor-element elementor-element-70621c12 e-con-full e-flex e-con e-child\" data-id=\"70621c12\" data-element_type=\"container\" data-e-type=\"container\">\n\t\t\t\t<div class=\"elementor-element elementor-element-4296eb49 elementor-widget elementor-widget-text-editor\" data-id=\"4296eb49\" data-element_type=\"widget\" data-e-type=\"widget\" data-widget_type=\"text-editor.default\">\n\t\t\t\t\t\t\t\t\t<p><strong>Zjav<\/strong><\/p><p>Perchta sa zjavuje v dvoch protikladn\u00fdch podob\u00e1ch: ako kr\u00e1sna \u017eena v svetlom, \u010dasto bielom r\u00fachu, sp\u00e1janom so svetlom, \u010distotou a plodnos\u0165ou, alebo ako vychudnut\u00e1 postava s dlh\u00fdm nosom, rozstrapaten\u00fdmi vlasmi a menotvornou husacou alebo labutinou nohou.<\/p><p><strong>P\u00f4sobenie<\/strong><\/p><p>Obe podoby preveruj\u00fa, \u010di bol kolovrat upratran\u00fd, dom upratan\u00fd a pr\u00e1ca za rok riadne dokon\u010den\u00e1. V Perchtenlaufe v\u00fdchodn\u00fdch \u00c1lp sa t\u00e1to dvojak\u00e1 podoba odr\u00e1\u017ea dodnes v kr\u00e1snych a stra\u0161ideln\u00fdch perchtenov\u00fdch mask\u00e1ch.<\/p>\t\t\t\t\t\t\t\t<\/div>\n\t\t\t\t<\/div>\n\t\t\t\t\t<\/div>\n\t\t\t\t<\/div>\n\t\t<div class=\"elementor-element elementor-element-44e71476 e-flex e-con-boxed e-con e-parent\" data-id=\"44e71476\" data-element_type=\"container\" data-e-type=\"container\">\n\t\t\t\t\t<div class=\"e-con-inner\">\n\t\t\t\t<div class=\"elementor-element elementor-element-3c1fc3f0 elementor-widget elementor-widget-heading\" data-id=\"3c1fc3f0\" data-element_type=\"widget\" data-e-type=\"widget\" data-widget_type=\"heading.default\">\n\t\t\t\t\t<h2 class=\"elementor-heading-title elementor-size-default\">Profil: Frau Perchta<\/h2>\t\t\t\t<\/div>\n\t\t<div class=\"elementor-element elementor-element-84f33b8e e-con-full e-flex e-con e-child\" data-id=\"84f33b8e\" data-element_type=\"container\" data-e-type=\"container\">\n\t\t\t\t<div class=\"elementor-element elementor-element-hqkdc67p elementor-widget elementor-widget-text-editor\" data-id=\"hqkdc67p\" data-element_type=\"widget\" data-e-type=\"widget\" data-widget_type=\"text-editor.default\">\n\t\t\t\t\t\t\t\t\t<p>Najd\u00f4le\u017eitej\u0161ie aspekty ochrankyne Rauhn\u00e4chte na jeden poh\u013ead.<\/p>\t\t\t\t\t\t\t\t<\/div>\n\t\t\t\t<\/div>\n\t\t<div class=\"elementor-element elementor-element-pemmx7c5 e-con-full e-flex e-con e-child\" data-id=\"pemmx7c5\" data-element_type=\"container\" data-e-type=\"container\">\n\t\t<div class=\"elementor-element elementor-element-pemmx7c1 e-con-full e-flex e-con e-child\" data-id=\"pemmx7c1\" data-element_type=\"container\" data-e-type=\"container\">\n\t\t<div class=\"elementor-element elementor-element-qh9oavvu iwg-steckbrief-card e-flex e-con-boxed e-con e-child\" data-id=\"qh9oavvu\" data-element_type=\"container\" data-e-type=\"container\">\n\t\t\t\t\t<div class=\"e-con-inner\">\n\t\t\t\t<div class=\"elementor-element elementor-element-awzx8k2k elementor-widget elementor-widget-heading\" data-id=\"awzx8k2k\" data-element_type=\"widget\" data-e-type=\"widget\" data-widget_type=\"heading.default\">\n\t\t\t\t\t<div class=\"elementor-heading-title elementor-size-default\">Kult\u00farny kontext<\/div>\t\t\t\t<\/div>\n\t\t\t\t<div class=\"elementor-element elementor-element-x6rowhv0 elementor-widget elementor-widget-text-editor\" data-id=\"x6rowhv0\" data-element_type=\"widget\" data-e-type=\"widget\" data-widget_type=\"text-editor.default\">\n\t\t\t\t\t\t\t\t\t<p>Sez\u00f3nny duch alpskej v\u00fdchodnej oblasti, cirkevne dolo\u017een\u00fd od 15. storo\u010dia a Jacobom Grimmom zaraden\u00fd ako ju\u017en\u00e1 pr\u00edbuzn\u00e1 Frau Holle.<\/p>\t\t\t\t\t\t\t\t<\/div>\n\t\t\t\t\t<\/div>\n\t\t\t\t<\/div>\n\t\t<div class=\"elementor-element elementor-element-8e3o4kxs iwg-steckbrief-card e-flex e-con-boxed e-con e-child\" data-id=\"8e3o4kxs\" data-element_type=\"container\" data-e-type=\"container\">\n\t\t\t\t\t<div class=\"e-con-inner\">\n\t\t\t\t<div class=\"elementor-element elementor-element-08rkdgov elementor-widget elementor-widget-heading\" data-id=\"08rkdgov\" data-element_type=\"widget\" data-e-type=\"widget\" data-widget_type=\"heading.default\">\n\t\t\t\t\t<div class=\"elementor-heading-title elementor-size-default\">Zodpovedn\u00fd za<\/div>\t\t\t\t<\/div>\n\t\t\t\t<div class=\"elementor-element elementor-element-uwjelx8s elementor-widget elementor-widget-text-editor\" data-id=\"uwjelx8s\" data-element_type=\"widget\" data-e-type=\"widget\" data-widget_type=\"text-editor.default\">\n\t\t\t\t\t\t\t\t\t<p>Priadky, slu\u017eobn\u00edctvo a deti: Perchta kontroluje pracovitos\u0165 a poriadok v dom\u00e1cnosti a dohliada na prechod zo star\u00e9ho do nov\u00e9ho roka.<\/p>\t\t\t\t\t\t\t\t<\/div>\n\t\t\t\t\t<\/div>\n\t\t\t\t<\/div>\n\t\t<div class=\"elementor-element elementor-element-jm2n74ec iwg-steckbrief-card e-flex e-con-boxed e-con e-child\" data-id=\"jm2n74ec\" data-element_type=\"container\" data-e-type=\"container\">\n\t\t\t\t\t<div class=\"e-con-inner\">\n\t\t\t\t<div class=\"elementor-element elementor-element-8vufse4c elementor-widget elementor-widget-heading\" data-id=\"8vufse4c\" data-element_type=\"widget\" data-e-type=\"widget\" data-widget_type=\"heading.default\">\n\t\t\t\t\t<div class=\"elementor-heading-title elementor-size-default\">Zobrazenie<\/div>\t\t\t\t<\/div>\n\t\t\t\t<div class=\"elementor-element elementor-element-mwb9u015 elementor-widget elementor-widget-text-editor\" data-id=\"mwb9u015\" data-element_type=\"widget\" data-e-type=\"widget\" data-widget_type=\"text-editor.default\">\n\t\t\t\t\t\t\t\t\t<p>Kr\u00e1sna, bielo oble\u010den\u00e1 \u017eena alebo vychudnut\u00e1, dlhonos\u00e1 starena s husacou nohou; v Perchtenlaufe zobrazovan\u00e1 ako kr\u00e1sna a stra\u0161ideln\u00e1 maska.<\/p>\t\t\t\t\t\t\t\t<\/div>\n\t\t\t\t\t<\/div>\n\t\t\t\t<\/div>\n\t\t\t\t<\/div>\n\t\t<div class=\"elementor-element elementor-element-pemmx7c2 e-con-full e-flex e-con e-child\" data-id=\"pemmx7c2\" data-element_type=\"container\" data-e-type=\"container\">\n\t\t<div class=\"elementor-element elementor-element-37ss2yr6 iwg-steckbrief-card e-flex e-con-boxed e-con e-child\" data-id=\"37ss2yr6\" data-element_type=\"container\" data-e-type=\"container\">\n\t\t\t\t\t<div class=\"e-con-inner\">\n\t\t\t\t<div class=\"elementor-element elementor-element-3v0wp3wx elementor-widget elementor-widget-heading\" data-id=\"3v0wp3wx\" data-element_type=\"widget\" data-e-type=\"widget\" data-widget_type=\"heading.default\">\n\t\t\t\t\t<div class=\"elementor-heading-title elementor-size-default\">Oblas\u0165 p\u00f4sobenia<\/div>\t\t\t\t<\/div>\n\t\t\t\t<div class=\"elementor-element elementor-element-w3247g2m elementor-widget elementor-widget-text-editor\" data-id=\"w3247g2m\" data-element_type=\"widget\" data-e-type=\"widget\" data-widget_type=\"text-editor.default\">\n\t\t\t\t\t\t\t\t\t<p>Odmena za pracovitos\u0165 v podobe po\u017eehnania a dobrej \u00farody, pokarhanie a v star\u0161\u00edch rozpr\u00e1vaniach aj tvrd\u0161ie tresty za nedbanlivos\u0165.<\/p>\t\t\t\t\t\t\t\t<\/div>\n\t\t\t\t\t<\/div>\n\t\t\t\t<\/div>\n\t\t<div class=\"elementor-element elementor-element-0qpjal9w iwg-steckbrief-card e-flex e-con-boxed e-con e-child\" data-id=\"0qpjal9w\" data-element_type=\"container\" data-e-type=\"container\">\n\t\t\t\t\t<div class=\"e-con-inner\">\n\t\t\t\t<div class=\"elementor-element elementor-element-6ndoih0o elementor-widget elementor-widget-heading\" data-id=\"6ndoih0o\" data-element_type=\"widget\" data-e-type=\"widget\" data-widget_type=\"heading.default\">\n\t\t\t\t\t<div class=\"elementor-heading-title elementor-size-default\">Pr\u00edstup<\/div>\t\t\t\t<\/div>\n\t\t\t\t<div class=\"elementor-element elementor-element-6684tyh9 elementor-widget elementor-widget-text-editor\" data-id=\"6684tyh9\" data-element_type=\"widget\" data-e-type=\"widget\" data-widget_type=\"text-editor.default\">\n\t\t\t\t\t\t\t\t\t<p>Upratan\u00e9 kolovraty a upratan\u00fd domov pred kritickou nocou, ku tomu vykurovanie dymom, zakl\u00ednacie formulky a modlitby na prahu.<\/p>\t\t\t\t\t\t\t\t<\/div>\n\t\t\t\t\t<\/div>\n\t\t\t\t<\/div>\n\t\t<div class=\"elementor-element elementor-element-3lfi7x32 iwg-steckbrief-card e-flex e-con-boxed e-con e-child\" data-id=\"3lfi7x32\" data-element_type=\"container\" data-e-type=\"container\">\n\t\t\t\t\t<div class=\"e-con-inner\">\n\t\t\t\t<div class=\"elementor-element elementor-element-0kg99ga1 elementor-widget elementor-widget-heading\" data-id=\"0kg99ga1\" data-element_type=\"widget\" data-e-type=\"widget\" data-widget_type=\"heading.default\">\n\t\t\t\t\t<div class=\"elementor-heading-title elementor-size-default\">Pr\u00edbuzn\u00e9<\/div>\t\t\t\t<\/div>\n\t\t\t\t<div class=\"elementor-element elementor-element-n0fum6kp elementor-widget elementor-widget-text-editor\" data-id=\"n0fum6kp\" data-element_type=\"widget\" data-e-type=\"widget\" data-widget_type=\"text-editor.default\">\n\t\t\t\t\t\t\t\t\t<p>V\u00fdchodoslovansk\u00e1 <a href=\"https:\/\/iwell-guard.com\/sk\/kikimora\/\">Kikimora<\/a> ako pr\u00edbuzn\u00fd trestaj\u00faci dom\u00e1ci duch, ku tomu no\u010dn\u00e9 \u017eensk\u00e9 sprievody okolo <a href=\"https:\/\/iwell-guard.com\/sk\/diana\/\">Diany<\/a> z Canon Episcopi.<\/p>\t\t\t\t\t\t\t\t<\/div>\n\t\t\t\t\t<\/div>\n\t\t\t\t<\/div>\n\t\t\t\t<\/div>\n\t\t\t\t<\/div>\n\t\t\t\t\t<\/div>\n\t\t\t\t<\/div>\n\t\t<div class=\"elementor-element elementor-element-7533bc7a e-flex e-con-boxed e-con e-parent\" data-id=\"7533bc7a\" data-element_type=\"container\" data-e-type=\"container\">\n\t\t\t\t\t<div class=\"e-con-inner\">\n\t\t\t\t<div class=\"elementor-element elementor-element-2447d18d elementor-widget elementor-widget-heading\" data-id=\"2447d18d\" data-element_type=\"widget\" data-e-type=\"widget\" data-widget_type=\"heading.default\">\n\t\t\t\t\t<h2 class=\"elementor-heading-title elementor-size-default\">Od k\u00e1zne o pok\u00e1n\u00ed k Berchtentagu<\/h2>\t\t\t\t<\/div>\n\t\t<div class=\"elementor-element elementor-element-d5d0260c e-con-full e-flex e-con e-child\" data-id=\"d5d0260c\" data-element_type=\"container\" data-e-type=\"container\">\n\t\t\t\t<div class=\"elementor-element elementor-element-341be2ac elementor-widget elementor-widget-text-editor\" data-id=\"341be2ac\" data-element_type=\"widget\" data-e-type=\"widget\" data-widget_type=\"text-editor.default\">\n\t\t\t\t\t\t\t\t\t<p>Meno Perchta sa obvykle odvodzuje od starohornonemeck\u00e9ho beraht, \u017eiariaca, zriedkavej\u0161ie od pergan, skryt\u00e1. Najstar\u0161ie liter\u00e1rne stopy sa nach\u00e1dzaj\u00fa v 15. storo\u010d\u00ed u Thomasa Ebendorfera von Haselbach, ktor\u00fd vo svojej zbierke k\u00e1zn\u00ed De decem praeceptis odsudzuje kult Perchty ako povery, a v Thesaurus pauperum z roku 1468. Meno s\u00favis\u00ed s Berchtentagom, sviatkom Zjavenia P\u00e1na 6. janu\u00e1ra, ktor\u00e9mu bola tejto postave venovan\u00e1 mimoriadna pozornos\u0165.<\/p><p>Jacob Grimm zaradil Perchtu vo svojej Deutsche Mythologie ako ju\u017en\u00fa pr\u00edbuzn\u00fa severonemeckej Frau Holle, s ktorou zdie\u013ea \u00falohu dozorkyne priadok a ochrankyne zvierat; \u010di ide o spolo\u010dn\u00fa star\u0161iu postavu, alebo o paralelne vzniknut\u00e9, region\u00e1lne oddelen\u00e9 trad\u00edcie, je predmetom vedeckej diskusie. Star\u0161ie vrstvy povest\u00ed poznaj\u00fa drastick\u00fd trestn\u00fd mot\u00edv, pri ktorom Perchta rozre\u017ee brucho a napln\u00ed ho slamou alebo sekaninou; v dnes rozpr\u00e1vanej a \u017eitej trad\u00edcii \u00c1lp v\u0161ak jasne preva\u017euje jej \u00faloha ako miernej, hoci pr\u00edsnej sk\u00fa\u0161ate\u013eky.<\/p>\t\t\t\t\t\t\t\t<\/div>\n\t\t\t\t<\/div>\n\t\t\t\t\t<\/div>\n\t\t\t\t<\/div>\n\t\t<div class=\"elementor-element elementor-element-cf9ff8f e-flex e-con-boxed e-con e-parent\" data-id=\"cf9ff8f\" data-element_type=\"container\" data-e-type=\"container\">\n\t\t\t\t\t<div class=\"e-con-inner\">\n\t\t\t\t<div class=\"elementor-element elementor-element- elementor-widget elementor-widget-heading\" data-id=\"\" data-element_type=\"widget\" data-e-type=\"widget\" data-widget_type=\"heading.default\">\n\t\t\t\t\t<h2 class=\"elementor-heading-title elementor-size-default\">Strach, ktor\u00fd m\u00e1 chr\u00e1ni\u0165<\/h2>\t\t\t\t<\/div>\n\t\t<div class=\"elementor-element elementor-element- e-con-full e-flex e-con e-child\" data-id=\"\" data-element_type=\"container\" data-e-type=\"container\">\n\t\t\t\t<div class=\"elementor-element elementor-element- elementor-widget elementor-widget-text-editor\" data-id=\"\" data-element_type=\"widget\" data-e-type=\"widget\" data-widget_type=\"text-editor.default\">\n\t\t\t\t\t\t\t\t\t<p>Perch\u00e1ty ukazuj\u00fa vzor, ktor\u00fd sa opakuje v mnoh\u00fdch kult\u00farach: desiv\u00e1 postava je z\u00e1rove\u0148 ochrannou. Hluk zvoncov, d\u00e9monick\u00e1 maska, no\u010dn\u00fd sprievod nie s\u00fa namieren\u00e9 proti \u013eu\u010fom, ale proti tomu, \u010do by im mohlo u\u0161kodi\u0165. Kto m\u00e1 hr\u00f4zostra\u0161n\u00fa postavu na svojej strane, vkro\u010d\u00ed do nov\u00e9ho roka posilnen\u00fd.<\/p><p>Preto stoja perch\u00e1ty v lexik\u00f3ne ved\u013ea post\u00e1v ako <a href=\"https:\/\/iwell-guard.com\/sk\/?page_id=158815\">Krampus<\/a>, no\u010dn\u00fdch duchov tlaku ako <a href=\"https:\/\/iwell-guard.com\/sk\/alp\/\">Alp<\/a> alebo str\u00e1\u017enych post\u00e1v in\u00fdch kult\u00far: hr\u00f4za sa tu obracia na ochranu.<\/p>\t\t\t\t\t\t\t\t<\/div>\n\t\t\t\t<\/div>\n\t\t\t\t\t<\/div>\n\t\t\t\t<\/div>\n\t\t<div class=\"elementor-element elementor-element-5a584676 e-flex e-con-boxed e-con e-parent\" data-id=\"5a584676\" data-element_type=\"container\" data-e-type=\"container\">\n\t\t\t\t\t<div class=\"e-con-inner\">\n\t\t\t\t<div class=\"elementor-element elementor-element-6d0757bf elementor-widget elementor-widget-heading\" data-id=\"6d0757bf\" data-element_type=\"widget\" data-e-type=\"widget\" data-widget_type=\"heading.default\">\n\t\t\t\t\t<h2 class=\"elementor-heading-title elementor-size-default\">Perchtenlauf a modern\u00e1 reinterpret\u00e1cia<\/h2>\t\t\t\t<\/div>\n\t\t<div class=\"elementor-element elementor-element-60563f68 e-con-full e-flex e-con e-child\" data-id=\"60563f68\" data-element_type=\"container\" data-e-type=\"container\">\n\t\t\t\t<div class=\"elementor-element elementor-element-5a93fdd6 elementor-widget elementor-widget-text-editor\" data-id=\"5a93fdd6\" data-element_type=\"widget\" data-e-type=\"widget\" data-widget_type=\"text-editor.default\">\n\t\t\t\t\t\t\t\t\t<p>Perchta zostala \u017eiv\u00e1 v alpskej oblasti najm\u00e4 prostredn\u00edctvom Perchtenlaufu (sprievodu per\u00e1cht), ktor\u00fd sa dodnes kon\u00e1va na Silvestra a okolo 6. janu\u00e1ra v Salzburgu, Tirolsku a okolit\u00fdch regi\u00f3noch. V s\u00fa\u010dasnej \u013eudovej a ezoterickej literat\u00fare sa \u010dasto premie\u0148a na bohy\u0148u Rauhn\u00e4chte a ro\u010dn\u00fdch obdob\u00ed, \u010do je v\u00fdklad, ktor\u00fd sa odchy\u013euje od star\u0161ej, pr\u00edsnej\u0161ej \u013eudovej povesti.<\/p><p>Perchta patr\u00ed medzi takzvan\u00e9 d\u00e9monky ro\u010dn\u00fdch obdob\u00ed, ktor\u00fdch vyst\u00fapenie je viazan\u00e9 na prechod medzi rokmi a ktor\u00e9 z\u00e1rove\u0148 steles\u0148uj\u00fa kontrolu a plodnos\u0165. Dvojit\u00e1 podoba kr\u00e1sneho a odpudiv\u00e9ho zjavu sa d\u00e1 \u010d\u00edta\u0165 ako personifik\u00e1cia odmeny a trestu, zasaden\u00e1 do ekonomiky dom\u00e1cich pr\u00e1c, v ktorej boli pradenie a poriadok \u00fastredn\u00fdmi hodnotami. Cirkevn\u00e9 ods\u00fadenie kultu Perchty od 15. storo\u010dia dokazuje, \u017ee t\u00e1to postava bola dlho vn\u00edman\u00e1 ako pozostatok predkres\u0165ansk\u00fdch predst\u00e1v, aj ke\u010f nepreru\u0161en\u00fa kultov\u00fa kontinuitu z neskor\u00fdch prame\u0148ov nemo\u017eno dok\u00e1za\u0165.<\/p>\t\t\t\t\t\t\t\t<\/div>\n\t\t\t\t<\/div>\n\t\t\t\t\t<\/div>\n\t\t\t\t<\/div>\n\t\t<div class=\"elementor-element elementor-element-337f328 e-flex e-con-boxed e-con e-parent\" data-id=\"337f328\" data-element_type=\"container\" data-e-type=\"container\">\n\t\t\t\t\t<div class=\"e-con-inner\">\n\t\t\t\t<div class=\"elementor-element elementor-element- elementor-widget elementor-widget-heading\" data-id=\"\" data-element_type=\"widget\" data-e-type=\"widget\" data-widget_type=\"heading.default\">\n\t\t\t\t\t<h2 class=\"elementor-heading-title elementor-size-default\">Strach, ktor\u00fd m\u00e1 chr\u00e1ni\u0165<\/h2>\t\t\t\t<\/div>\n\t\t<div class=\"elementor-element elementor-element- e-con-full e-flex e-con e-child\" data-id=\"\" data-element_type=\"container\" data-e-type=\"container\">\n\t\t\t\t<div class=\"elementor-element elementor-element- elementor-widget elementor-widget-text-editor\" data-id=\"\" data-element_type=\"widget\" data-e-type=\"widget\" data-widget_type=\"text-editor.default\">\n\t\t\t\t\t\t\t\t\t<p>Perch\u00e1ty ukazuj\u00fa vzor, ktor\u00fd sa opakuje v mnoh\u00fdch kult\u00farach: desiv\u00e1 postava je z\u00e1rove\u0148 ochrannou. Hluk zvoncov, d\u00e9monick\u00e1 maska, no\u010dn\u00fd sprievod nie s\u00fa namieren\u00e9 proti \u013eu\u010fom, ale proti tomu, \u010do by im mohlo u\u0161kodi\u0165. Kto m\u00e1 hr\u00f4zostra\u0161n\u00fa postavu na svojej strane, vkro\u010d\u00ed do nov\u00e9ho roka posilnen\u00fd.<\/p><p>Preto stoja perch\u00e1ty v lexik\u00f3ne ved\u013ea post\u00e1v ako <a href=\"https:\/\/iwell-guard.com\/sk\/?page_id=158815\">Krampus<\/a>, no\u010dn\u00fdch duchov tlaku ako <a href=\"https:\/\/iwell-guard.com\/sk\/alp\/\">Alp<\/a> alebo str\u00e1\u017enych post\u00e1v in\u00fdch kult\u00far: hr\u00f4za sa tu obracia na ochranu.<\/p>\t\t\t\t\t\t\t\t<\/div>\n\t\t\t\t<\/div>\n\t\t\t\t\t<\/div>\n\t\t\t\t<\/div>\n\t\t<div class=\"elementor-element elementor-element-e89e661 e-flex e-con-boxed e-con e-parent\" data-id=\"e89e661\" data-element_type=\"container\" data-e-type=\"container\">\n\t\t\t\t\t<div class=\"e-con-inner\">\n\t\t\t\t<div class=\"elementor-element elementor-element- elementor-widget elementor-widget-heading\" data-id=\"\" data-element_type=\"widget\" data-e-type=\"widget\" data-widget_type=\"heading.default\">\n\t\t\t\t\t<h2 class=\"elementor-heading-title elementor-size-default\">Strach, ktor\u00fd m\u00e1 chr\u00e1ni\u0165<\/h2>\t\t\t\t<\/div>\n\t\t<div class=\"elementor-element elementor-element- e-con-full e-flex e-con e-child\" data-id=\"\" data-element_type=\"container\" data-e-type=\"container\">\n\t\t\t\t<div class=\"elementor-element elementor-element- elementor-widget elementor-widget-text-editor\" data-id=\"\" data-element_type=\"widget\" data-e-type=\"widget\" data-widget_type=\"text-editor.default\">\n\t\t\t\t\t\t\t\t\t<p>Perch\u00e1ty ukazuj\u00fa vzor, ktor\u00fd sa opakuje v mnoh\u00fdch kult\u00farach: desiv\u00e1 postava je z\u00e1rove\u0148 ochrannou. Hluk zvoncov, d\u00e9monick\u00e1 maska, no\u010dn\u00fd sprievod nie s\u00fa namieren\u00e9 proti \u013eu\u010fom, ale proti tomu, \u010do by im mohlo u\u0161kodi\u0165. Kto m\u00e1 hr\u00f4zostra\u0161n\u00fa postavu na svojej strane, vkro\u010d\u00ed do nov\u00e9ho roka posilnen\u00fd.<\/p><p>Preto stoja perch\u00e1ty v lexik\u00f3ne ved\u013ea post\u00e1v ako <a href=\"https:\/\/iwell-guard.com\/sk\/?page_id=158815\">Krampus<\/a>, no\u010dn\u00fdch duchov tlaku ako <a href=\"https:\/\/iwell-guard.com\/sk\/alp\/\">Alp<\/a> alebo str\u00e1\u017enych post\u00e1v in\u00fdch kult\u00far: hr\u00f4za sa tu obracia na ochranu.<\/p>\t\t\t\t\t\t\t\t<\/div>\n\t\t\t\t<\/div>\n\t\t\t\t\t<\/div>\n\t\t\t\t<\/div>\n\t\t<div class=\"elementor-element elementor-element-de94d99 e-flex e-con-boxed e-con e-parent\" data-id=\"de94d99\" data-element_type=\"container\" data-e-type=\"container\">\n\t\t\t\t\t<div class=\"e-con-inner\">\n\t\t\t\t<div class=\"elementor-element elementor-element- elementor-widget elementor-widget-heading\" data-id=\"\" data-element_type=\"widget\" data-e-type=\"widget\" data-widget_type=\"heading.default\">\n\t\t\t\t\t<h2 class=\"elementor-heading-title elementor-size-default\">Strach, ktor\u00fd m\u00e1 chr\u00e1ni\u0165<\/h2>\t\t\t\t<\/div>\n\t\t<div class=\"elementor-element elementor-element- e-con-full e-flex e-con e-child\" data-id=\"\" data-element_type=\"container\" data-e-type=\"container\">\n\t\t\t\t<div class=\"elementor-element elementor-element- elementor-widget elementor-widget-text-editor\" data-id=\"\" data-element_type=\"widget\" data-e-type=\"widget\" data-widget_type=\"text-editor.default\">\n\t\t\t\t\t\t\t\t\t<p>Perch\u00e1ty ukazuj\u00fa vzor, ktor\u00fd sa opakuje v mnoh\u00fdch kult\u00farach: desiv\u00e1 postava je z\u00e1rove\u0148 ochrannou. Hluk zvoncov, d\u00e9monick\u00e1 maska, no\u010dn\u00fd sprievod nie s\u00fa namieren\u00e9 proti \u013eu\u010fom, ale proti tomu, \u010do by im mohlo u\u0161kodi\u0165. Kto m\u00e1 hr\u00f4zostra\u0161n\u00fa postavu na svojej strane, vkro\u010d\u00ed do nov\u00e9ho roka posilnen\u00fd.<\/p><p>Preto stoja perch\u00e1ty v lexik\u00f3ne ved\u013ea post\u00e1v ako <a href=\"https:\/\/iwell-guard.com\/sk\/?page_id=158815\">Krampus<\/a>, no\u010dn\u00fdch duchov tlaku ako <a href=\"https:\/\/iwell-guard.com\/sk\/alp\/\">Alp<\/a> alebo str\u00e1\u017enych post\u00e1v in\u00fdch kult\u00far: hr\u00f4za sa tu obracia na ochranu.<\/p>\t\t\t\t\t\t\t\t<\/div>\n\t\t\t\t<\/div>\n\t\t\t\t\t<\/div>\n\t\t\t\t<\/div>\n\t\t<div class=\"elementor-element elementor-element-16c1f9d e-flex e-con-boxed e-con e-parent\" data-id=\"16c1f9d\" data-element_type=\"container\" data-e-type=\"container\">\n\t\t\t\t\t<div class=\"e-con-inner\">\n\t\t\t\t<div class=\"elementor-element elementor-element- elementor-widget elementor-widget-heading\" data-id=\"\" data-element_type=\"widget\" data-e-type=\"widget\" data-widget_type=\"heading.default\">\n\t\t\t\t\t<h2 class=\"elementor-heading-title elementor-size-default\">Strach, ktor\u00fd m\u00e1 chr\u00e1ni\u0165<\/h2>\t\t\t\t<\/div>\n\t\t<div class=\"elementor-element elementor-element- e-con-full e-flex e-con e-child\" data-id=\"\" data-element_type=\"container\" data-e-type=\"container\">\n\t\t\t\t<div class=\"elementor-element elementor-element- elementor-widget elementor-widget-text-editor\" data-id=\"\" data-element_type=\"widget\" data-e-type=\"widget\" data-widget_type=\"text-editor.default\">\n\t\t\t\t\t\t\t\t\t<p>Perch\u00e1ty ukazuj\u00fa vzor, ktor\u00fd sa opakuje v mnoh\u00fdch kult\u00farach: desiv\u00e1 postava je z\u00e1rove\u0148 ochrannou. Hluk zvoncov, d\u00e9monick\u00e1 maska, no\u010dn\u00fd sprievod nie s\u00fa namieren\u00e9 proti \u013eu\u010fom, ale proti tomu, \u010do by im mohlo u\u0161kodi\u0165. Kto m\u00e1 hr\u00f4zostra\u0161n\u00fa postavu na svojej strane, vkro\u010d\u00ed do nov\u00e9ho roka posilnen\u00fd.<\/p><p>Preto stoja perch\u00e1ty v lexik\u00f3ne ved\u013ea post\u00e1v ako <a href=\"https:\/\/iwell-guard.com\/sk\/?page_id=158815\">Krampus<\/a>, no\u010dn\u00fdch duchov tlaku ako <a href=\"https:\/\/iwell-guard.com\/sk\/alp\/\">Alp<\/a> alebo str\u00e1\u017enych post\u00e1v in\u00fdch kult\u00far: hr\u00f4za sa tu obracia na ochranu.<\/p>\t\t\t\t\t\t\t\t<\/div>\n\t\t\t\t<\/div>\n\t\t\t\t\t<\/div>\n\t\t\t\t<\/div>\n\t\t<div class=\"elementor-element elementor-element-61aefbe e-flex e-con-boxed e-con e-parent\" data-id=\"61aefbe\" data-element_type=\"container\" data-e-type=\"container\">\n\t\t\t\t\t<div class=\"e-con-inner\">\n\t\t\t\t<div class=\"elementor-element elementor-element- elementor-widget elementor-widget-heading\" data-id=\"\" data-element_type=\"widget\" data-e-type=\"widget\" data-widget_type=\"heading.default\">\n\t\t\t\t\t<h2 class=\"elementor-heading-title elementor-size-default\">Strach, ktor\u00fd m\u00e1 chr\u00e1ni\u0165<\/h2>\t\t\t\t<\/div>\n\t\t<div class=\"elementor-element elementor-element- e-con-full e-flex e-con e-child\" data-id=\"\" data-element_type=\"container\" data-e-type=\"container\">\n\t\t\t\t<div class=\"elementor-element elementor-element- elementor-widget elementor-widget-text-editor\" data-id=\"\" data-element_type=\"widget\" data-e-type=\"widget\" data-widget_type=\"text-editor.default\">\n\t\t\t\t\t\t\t\t\t<p>Perch\u00e1ty ukazuj\u00fa vzor, ktor\u00fd sa opakuje v mnoh\u00fdch kult\u00farach: desiv\u00e1 postava je z\u00e1rove\u0148 ochrannou. Hluk zvoncov, d\u00e9monick\u00e1 maska, no\u010dn\u00fd sprievod nie s\u00fa namieren\u00e9 proti \u013eu\u010fom, ale proti tomu, \u010do by im mohlo u\u0161kodi\u0165. Kto m\u00e1 hr\u00f4zostra\u0161n\u00fa postavu na svojej strane, vkro\u010d\u00ed do nov\u00e9ho roka posilnen\u00fd.<\/p><p>Preto stoja perch\u00e1ty v lexik\u00f3ne ved\u013ea post\u00e1v ako <a href=\"https:\/\/iwell-guard.com\/sk\/?page_id=158815\">Krampus<\/a>, no\u010dn\u00fdch duchov tlaku ako <a href=\"https:\/\/iwell-guard.com\/sk\/alp\/\">Alp<\/a> alebo str\u00e1\u017enych post\u00e1v in\u00fdch kult\u00far: hr\u00f4za sa tu obracia na ochranu.<\/p>\t\t\t\t\t\t\t\t<\/div>\n\t\t\t\t<\/div>\n\t\t\t\t\t<\/div>\n\t\t\t\t<\/div>\n\t\t<div class=\"elementor-element elementor-element-7ec5e0e e-flex e-con-boxed e-con e-parent\" data-id=\"7ec5e0e\" data-element_type=\"container\" data-e-type=\"container\">\n\t\t\t\t\t<div class=\"e-con-inner\">\n\t\t\t\t<div class=\"elementor-element elementor-element- elementor-widget elementor-widget-heading\" data-id=\"\" data-element_type=\"widget\" data-e-type=\"widget\" data-widget_type=\"heading.default\">\n\t\t\t\t\t<h2 class=\"elementor-heading-title elementor-size-default\">Strach, ktor\u00fd m\u00e1 chr\u00e1ni\u0165<\/h2>\t\t\t\t<\/div>\n\t\t<div class=\"elementor-element elementor-element- e-con-full e-flex e-con e-child\" data-id=\"\" data-element_type=\"container\" data-e-type=\"container\">\n\t\t\t\t<div class=\"elementor-element elementor-element- elementor-widget elementor-widget-text-editor\" data-id=\"\" data-element_type=\"widget\" data-e-type=\"widget\" data-widget_type=\"text-editor.default\">\n\t\t\t\t\t\t\t\t\t<p>Perch\u00e1ty ukazuj\u00fa vzor, ktor\u00fd sa opakuje v mnoh\u00fdch kult\u00farach: desiv\u00e1 postava je z\u00e1rove\u0148 ochrannou. Hluk zvoncov, d\u00e9monick\u00e1 maska, no\u010dn\u00fd sprievod nie s\u00fa namieren\u00e9 proti \u013eu\u010fom, ale proti tomu, \u010do by im mohlo u\u0161kodi\u0165. Kto m\u00e1 hr\u00f4zostra\u0161n\u00fa postavu na svojej strane, vkro\u010d\u00ed do nov\u00e9ho roka posilnen\u00fd.<\/p><p>Preto stoja perch\u00e1ty v lexik\u00f3ne ved\u013ea post\u00e1v ako <a href=\"https:\/\/iwell-guard.com\/sk\/?page_id=158815\">Krampus<\/a>, no\u010dn\u00fdch duchov tlaku ako <a href=\"https:\/\/iwell-guard.com\/sk\/alp\/\">Alp<\/a> alebo str\u00e1\u017enych post\u00e1v in\u00fdch kult\u00far: hr\u00f4za sa tu obracia na ochranu.<\/p>\t\t\t\t\t\t\t\t<\/div>\n\t\t\t\t<\/div>\n\t\t\t\t\t<\/div>\n\t\t\t\t<\/div>\n\t\t<div class=\"elementor-element elementor-element-cp9a031aa e-flex e-con-boxed e-con e-parent\" data-id=\"cp9a031aa\" data-element_type=\"container\" data-e-type=\"container\">\n\t\t\t\t\t<div class=\"e-con-inner\">\n\t\t\t\t<div class=\"elementor-element elementor-element-cp9193514 elementor-widget elementor-widget-heading\" data-id=\"cp9193514\" data-element_type=\"widget\" data-e-type=\"widget\" data-widget_type=\"heading.default\">\n\t\t\t\t\t<h2 class=\"elementor-heading-title elementor-size-default\">Usilovnos\u0165, poriadok a ochrana prahu<\/h2>\t\t\t\t<\/div>\n\t\t<div class=\"elementor-element elementor-element-cp02ca0ee e-con-full e-flex e-con e-child\" data-id=\"cp02ca0ee\" data-element_type=\"container\" data-e-type=\"container\">\n\t\t\t\t<div class=\"elementor-element elementor-element-cp444e0f1 elementor-widget elementor-widget-text-editor\" data-id=\"cp444e0f1\" data-element_type=\"widget\" data-e-type=\"widget\" data-widget_type=\"text-editor.default\">\n\t\t\t\t\t\t\t\t\t<p>Kto sa b\u00e1l Perchtinej sk\u00fa\u0161ky, mohol sa pod\u013ea trad\u00edcie ochr\u00e1ni\u0165 predov\u0161etk\u00fdm usilovnos\u0165ou a poriadkom: upratan\u00fd kolovr\u00e1tok, upratan\u00e9 izby a stajne pred kritickou nocou platili za naj\u00fa\u010dinnej\u0161iu prevenciu. Okrem toho sa v Rauhn\u00e4chte praktikovalo vykurovanie priestorov tymianom, aby sa vzduch o\u010distil od bl\u00fadiacich duchov, a taktie\u017e ochrann\u00e9 zvolania a modlitby, ktor\u00e9 sa hovorili pri prahu. K odovzd\u00e1van\u00fdm ochrann\u00fdm prostriedkom proti hrozivej\u0161ej podobe Perchty patrilo aj besprechen, ritu\u00e1lne predn\u00e1\u0161anie pevn\u00fdch formuliek sk\u00fasen\u00fdmi osobami.<\/p>\t\t\t\t\t\t\t\t<\/div>\n\t\t\t\t<\/div>\n\t\t\t\t\t<\/div>\n\t\t\t\t<\/div>\n\t\t<div class=\"elementor-element elementor-element-258586c e-flex e-con-boxed e-con e-parent\" data-id=\"258586c\" data-element_type=\"container\" data-e-type=\"container\">\n\t\t\t\t\t<div class=\"e-con-inner\">\n\t\t\t\t<div class=\"elementor-element elementor-element- elementor-widget elementor-widget-heading\" data-id=\"\" data-element_type=\"widget\" data-e-type=\"widget\" data-widget_type=\"heading.default\">\n\t\t\t\t\t<h2 class=\"elementor-heading-title elementor-size-default\">Strach, ktor\u00fd m\u00e1 chr\u00e1ni\u0165<\/h2>\t\t\t\t<\/div>\n\t\t<div class=\"elementor-element elementor-element- e-con-full e-flex e-con e-child\" data-id=\"\" data-element_type=\"container\" data-e-type=\"container\">\n\t\t\t\t<div class=\"elementor-element elementor-element- elementor-widget elementor-widget-text-editor\" data-id=\"\" data-element_type=\"widget\" data-e-type=\"widget\" data-widget_type=\"text-editor.default\">\n\t\t\t\t\t\t\t\t\t<p>Perch\u00e1ty ukazuj\u00fa vzor, ktor\u00fd sa opakuje v mnoh\u00fdch kult\u00farach: desiv\u00e1 postava je z\u00e1rove\u0148 ochrannou. Hluk zvoncov, d\u00e9monick\u00e1 maska, no\u010dn\u00fd sprievod nie s\u00fa namieren\u00e9 proti \u013eu\u010fom, ale proti tomu, \u010do by im mohlo u\u0161kodi\u0165. Kto m\u00e1 hr\u00f4zostra\u0161n\u00fa postavu na svojej strane, vkro\u010d\u00ed do nov\u00e9ho roka posilnen\u00fd.<\/p><p>Preto stoja perch\u00e1ty v lexik\u00f3ne ved\u013ea post\u00e1v ako <a href=\"https:\/\/iwell-guard.com\/sk\/?page_id=158815\">Krampus<\/a>, no\u010dn\u00fdch duchov tlaku ako <a href=\"https:\/\/iwell-guard.com\/sk\/alp\/\">Alp<\/a> alebo str\u00e1\u017enych post\u00e1v in\u00fdch kult\u00far: hr\u00f4za sa tu obracia na ochranu.<\/p>\t\t\t\t\t\t\t\t<\/div>\n\t\t\t\t<\/div>\n\t\t\t\t\t<\/div>\n\t\t\t\t<\/div>\n\t\t<div class=\"elementor-element elementor-element-cp11de5b2 e-flex e-con-boxed e-con e-parent\" data-id=\"cp11de5b2\" data-element_type=\"container\" data-e-type=\"container\">\n\t\t\t\t\t<div class=\"e-con-inner\">\n\t\t\t\t<div class=\"elementor-element elementor-element-cp8d35271 elementor-widget elementor-widget-heading\" data-id=\"cp8d35271\" data-element_type=\"widget\" data-e-type=\"widget\" data-widget_type=\"heading.default\">\n\t\t\t\t\t<h2 class=\"elementor-heading-title elementor-size-default\">Trestaj\u00faci dom\u00e1ci duchovia a no\u010dn\u00e9 sprievody \u017eien<\/h2>\t\t\t\t<\/div>\n\t\t<div class=\"elementor-element elementor-element-cp02f26b8 e-con-full e-flex e-con e-child\" data-id=\"cp02f26b8\" data-element_type=\"container\" data-e-type=\"container\">\n\t\t\t\t<div class=\"elementor-element elementor-element-cp58c4390 elementor-widget elementor-widget-text-editor\" data-id=\"cp58c4390\" data-element_type=\"widget\" data-e-type=\"widget\" data-widget_type=\"text-editor.default\">\n\t\t\t\t\t\t\t\t\t<p>Vo v\u00fdchodoslovanskej trad\u00edcii m\u00e1 podobn\u00fa \u00falohu dom\u00e1ceho duchaduch dom\u00e1ceho krbu <a href=\"https:\/\/iwell-guard.com\/sk\/kikimora\/\">Kikimora<\/a>, ktor\u00e1 trest\u00e1 nedbanlivos\u0165 pri praden\u00ed a pri starostlivosti o dom\u00e1cnos\u0165, hoci s v\u00fdrazne desivej\u0161\u00edm podfarben\u00edm ne\u017e alpsk\u00e1 Perchta. Star\u0161ia, cirkevne dokumentovan\u00e1 paralela sa nach\u00e1dza v Canon Episcopi z 10. storo\u010dia, ktor\u00fd hovor\u00ed o \u017een\u00e1ch veriacich, \u017ee sa v noci vozia s r\u00edmskou bohy\u0148ou <a href=\"https:\/\/iwell-guard.com\/sk\/diana\/\">Dianou<\/a>; t\u00e1to predstava no\u010dn\u00e9ho \u017eensk\u00e9ho sprievodu sa vo v\u00fdskume \u010dasto sp\u00e1ja s neskor\u0161\u00edmi poves\u0165ami o Perchte a Holde. V r\u00e1mci alpsk\u00e9ho priestoru sa za \u010fal\u0161iu pr\u00edbuzn\u00fa ochrann\u00fa a pr\u00edrodn\u00fa postavu pova\u017euje <a href=\"https:\/\/iwell-guard.com\/sk\/salige-frau\/\">Salige Frau<\/a> (blahoslaven\u00e1 \u017eena).<\/p>\t\t\t\t\t\t\t\t<\/div>\n\t\t\t\t<\/div>\n\t\t\t\t\t<\/div>\n\t\t\t\t<\/div>\n\t\t<div class=\"elementor-element elementor-element-cp406577c e-flex e-con-boxed e-con e-parent\" data-id=\"cp406577c\" data-element_type=\"container\" data-e-type=\"container\">\n\t\t\t\t\t<div class=\"e-con-inner\">\n\t\t\t\t<div class=\"elementor-element elementor-element-cpdd9c543 elementor-widget elementor-widget-heading\" data-id=\"cpdd9c543\" data-element_type=\"widget\" data-e-type=\"widget\" data-widget_type=\"heading.default\">\n\t\t\t\t\t<h2 class=\"elementor-heading-title elementor-size-default\">\u010casto kladen\u00e9 ot\u00e1zky o Frau Perchte<\/h2>\t\t\t\t<\/div>\n\t\t<div class=\"elementor-element elementor-element-cp9e731bb e-con-full e-flex e-con e-child\" data-id=\"cp9e731bb\" data-element_type=\"container\" data-e-type=\"container\">\n\t\t\t\t<div class=\"elementor-element elementor-element-cpa7c898c elementor-widget elementor-widget-text-editor\" data-id=\"cpa7c898c\" data-element_type=\"widget\" data-e-type=\"widget\" data-widget_type=\"text-editor.default\">\n\t\t\t\t\t\t\t\t\t<p><strong>Je Frau Perchta to ist\u00e9 ako Frau Holle?<\/strong><\/p><p>Obe postavy zdie\u013eaj\u00fa d\u00f4le\u017eit\u00e9 funkcie, ako doh\u013ead nad pradiarskou pr\u00e1cou a v\u00e4zbu na Rauhn\u00e4chte. Jacob Grimm ozna\u010dil Perchtu za ju\u017en\u00fa pr\u00edbuzn\u00fa Holle, av\u0161ak ot\u00e1zka, \u010di za t\u00fdm stoj\u00ed spolo\u010dn\u00e1 p\u00f4vodn\u00e1 postava alebo dve samostatn\u00e9 region\u00e1lne trad\u00edcie, nie je vo v\u00fdskume jednozna\u010dne zodpovedan\u00e1.<\/p><p><strong>Pre\u010do m\u00e1 Perchta dve tak odli\u0161n\u00e9 podoby?<\/strong><\/p><p>Kr\u00e1sna a chud\u00e1 podoba stoja za dvoma str\u00e1nkami jej funkcie: odmena za usilovnos\u0165 a napomenutie za nedbanlivos\u0165. T\u00e1to dvojtv\u00e1rnos\u0165 \u017eije dodnes v Perchtenlaufe, v podobe kr\u00e1snych a \u0161kared\u00fdch masiek.<\/p><p><strong>Kedy presne sa Perchta objavuje?<\/strong><\/p><p>\u0164a\u017eisko jej p\u00f4sobenia le\u017e\u00ed v dvan\u00e1stich nociach Rauhn\u00e4chte medzi Vianocami a Troch kr\u00e1\u013eov, s osobitn\u00fdm d\u00f4razom na noc pred 6. janu\u00e1rom, star\u00fdm Berchtentagom. V tomto obdob\u00ed mala pod\u013ea povesti odpo\u010d\u00edva\u0165 pradiarska pr\u00e1ca a dom a dvor mali by\u0165 v poriadku.<\/p><p><strong>\u010co znamenaj\u00fa Perchten?<\/strong><\/p><p>Perchten s\u00fa maskovan\u00e9 postavy Rauhn\u00e4chte v alpskom priestore. Steles\u0148uj\u00fa dvojit\u00fd charakter prelomu roka: Schiachperchten hlukom a strachom vyh\u00e1\u0148aj\u00fa ne\u0161\u0165astie star\u00e9ho roka, Sch\u00f6nperchten prin\u00e1\u0161aj\u00fa \u0161\u0165astie a po\u017eehnanie pre nov\u00fd rok. Meno sa odvodzuje od Giperchtennachtu, \u017eiarivej noci pred sviatkom Troch kr\u00e1\u013eov.<\/p><p><strong>Ak\u00fd je rozdiel medzi Perchten a Krampusom?<\/strong><\/p><p>Krampus je trestaj\u00faci sprievodca sv\u00e4t\u00e9ho Mikul\u00e1\u0161a a vystupuje 5. a 6. decembra. Perchten vystupuj\u00fa samostatne a patria do Rauhn\u00e4chte okolo 6. janu\u00e1ra. Dnes sa oba zvyky v komer\u010dn\u00fdch priebehoch \u010dasto mie\u0161aj\u00fa, tradi\u010dne s\u00fa v\u0161ak term\u00edn a \u00faloha jasne oddelen\u00e9.<\/p><p><strong>Odkia\u013e poch\u00e1dza zvyk Perchten?<\/strong><\/p><p>Zvyk poch\u00e1dza z alpsk\u00e9ho priestoru, najm\u00e4 z Rak\u00faska, Star\u00e9ho Bavorska a Ju\u017en\u00e9ho Tirolska. Postava Perchty je dolo\u017een\u00e1 od neskor\u00e9ho stredoveku, samotn\u00e9 meno u\u017e z 11. storo\u010dia. Ot\u00e1zka, \u010di za t\u00fdm stoja predkres\u0165ansk\u00e9 obch\u00f4dzkov\u00e9 zvyky, je vo v\u00fdskume sporn\u00e1. Pongausk\u00fd Perchtenlauf je dolo\u017een\u00fd u\u017e od \u010dias pred rokom 1850.<\/p><p><strong>Ako sa Perchten e\u0161te naz\u00fdvaj\u00fa?<\/strong><\/p><p>Pod\u013ea svojho vzh\u013eadu sa rozli\u0161uj\u00fa Sch\u00f6nperchten a Schiachperchten. Region\u00e1lne n\u00e1zvy tejto postavy s\u00fa okrem in\u00e9ho Bechtra, B\u00e4rigl, Rauweib a Pudelfrau. Pr\u00edbuzn\u00fdmi osobitn\u00fdmi formami s\u00fa Gl\u00f6ckler v Salzkammergute, Tresterer v Pinzgau a Schnabelperchten v Raurise.<\/p>\t\t\t\t\t\t\t\t<\/div>\n\t\t\t\t<div class=\"elementor-element elementor-element-78e8854 elementor-widget elementor-widget-html\" data-id=\"78e8854\" data-element_type=\"widget\" data-e-type=\"widget\" data-widget_type=\"html.default\">\n\t\t\t\t\t<script type=\"application\/ld+json\">{\"@context\": \"https:\/\/schema.org\", \"@type\": \"FAQPage\", \"mainEntity\": [{\"@type\": \"Question\", \"name\": \"Je Frau Perchta to ist\u00e9 ako Frau Holle?\", \"acceptedAnswer\": {\"@type\": \"Answer\", \"text\": \"Obe postavy zdie\u013eaj\u00fa d\u00f4le\u017eit\u00e9 funkcie, ako doh\u013ead nad pradiarskou pr\u00e1cou a v\u00e4zbu na Rauhn\u00e4chte. Jacob Grimm ozna\u010dil Perchtu za ju\u017en\u00fa pr\u00edbuzn\u00fa Holle, av\u0161ak ot\u00e1zka, \u010di za t\u00fdm stoj\u00ed spolo\u010dn\u00e1 p\u00f4vodn\u00e1 postava alebo dve samostatn\u00e9 region\u00e1lne trad\u00edcie, nie je vo v\u00fdskume jednozna\u010dne zodpovedan\u00e1.\"}}, {\"@type\": \"Question\", \"name\": \"Pre\u010do m\u00e1 Perchta dve tak odli\u0161n\u00e9 podoby?\", \"acceptedAnswer\": {\"@type\": \"Answer\", \"text\": \"Kr\u00e1sna a chud\u00e1 podoba stoja za dvoma str\u00e1nkami jej funkcie: odmena za usilovnos\u0165 a napomenutie za nedbanlivos\u0165. T\u00e1to dvojtv\u00e1rnos\u0165 \u017eije dodnes v Perchtenlaufe, v podobe kr\u00e1snych a \u0161kared\u00fdch masiek.\"}}, {\"@type\": \"Question\", \"name\": \"Kedy presne sa Perchta objavuje?\", \"acceptedAnswer\": {\"@type\": \"Answer\", \"text\": \"\u0164a\u017eisko jej p\u00f4sobenia le\u017e\u00ed v dvan\u00e1stich nociach Rauhn\u00e4chte medzi Vianocami a Troch kr\u00e1\u013eov, s osobitn\u00fdm d\u00f4razom na noc pred 6. janu\u00e1rom, star\u00fdm Berchtentagom. V tomto obdob\u00ed mala pod\u013ea povesti odpo\u010d\u00edva\u0165 pradiarska pr\u00e1ca a dom a dvor mali by\u0165 v poriadku.\"}}, {\"@type\": \"Question\", \"name\": \"\u010co znamenaj\u00fa Perchten?\", \"acceptedAnswer\": {\"@type\": \"Answer\", \"text\": \"Perchten s\u00fa maskovan\u00e9 postavy Rauhn\u00e4chte v alpskom priestore. Steles\u0148uj\u00fa dvojit\u00fd charakter prelomu roka: Schiachperchten hlukom a strachom vyh\u00e1\u0148aj\u00fa ne\u0161\u0165astie star\u00e9ho roka, Sch\u00f6nperchten prin\u00e1\u0161aj\u00fa \u0161\u0165astie a po\u017eehnanie pre nov\u00fd rok. Meno sa odvodzuje od Giperchtennachtu, \u017eiarivej noci pred sviatkom Troch kr\u00e1\u013eov.\"}}, {\"@type\": \"Question\", \"name\": \"Ak\u00fd je rozdiel medzi Perchten a Krampusom?\", \"acceptedAnswer\": {\"@type\": \"Answer\", \"text\": \"Krampus je trestaj\u00faci sprievodca sv\u00e4t\u00e9ho Mikul\u00e1\u0161a a vystupuje 5. a 6. decembra. Perchten vystupuj\u00fa samostatne a patria do Rauhn\u00e4chte okolo 6. janu\u00e1ra. Dnes sa oba zvyky v komer\u010dn\u00fdch priebehoch \u010dasto mie\u0161aj\u00fa, tradi\u010dne s\u00fa v\u0161ak term\u00edn a \u00faloha jasne oddelen\u00e9.\"}}, {\"@type\": \"Question\", \"name\": \"Odkia\u013e poch\u00e1dza zvyk Perchten?\", \"acceptedAnswer\": {\"@type\": \"Answer\", \"text\": \"Zvyk poch\u00e1dza z alpsk\u00e9ho priestoru, najm\u00e4 z Rak\u00faska, Star\u00e9ho Bavorska a Ju\u017en\u00e9ho Tirolska. Postava Perchty je dolo\u017een\u00e1 od neskor\u00e9ho stredoveku, samotn\u00e9 meno u\u017e z 11. storo\u010dia. Ot\u00e1zka, \u010di za t\u00fdm stoja predkres\u0165ansk\u00e9 obch\u00f4dzkov\u00e9 zvyky, je vo v\u00fdskume sporn\u00e1. Pongausk\u00fd Perchtenlauf je dolo\u017een\u00fd u\u017e od \u010dias pred rokom 1850.\"}}, {\"@type\": \"Question\", \"name\": \"Ako sa Perchten e\u0161te naz\u00fdvaj\u00fa?\", \"acceptedAnswer\": {\"@type\": \"Answer\", \"text\": \"Pod\u013ea svojho vzh\u013eadu sa rozli\u0161uj\u00fa Sch\u00f6nperchten a Schiachperchten. Region\u00e1lne n\u00e1zvy tejto postavy s\u00fa okrem in\u00e9ho Bechtra, B\u00e4rigl, Rauweib a Pudelfrau. Pr\u00edbuzn\u00fdmi osobitn\u00fdmi formami s\u00fa Gl\u00f6ckler v Salzkammergute, Tresterer v Pinzgau a Schnabelperchten v Raurise.\"}}]}<\/script>\t\t\t\t<\/div>\n\t\t\t\t<\/div>\n\t\t\t\t\t<\/div>\n\t\t\t\t<\/div>\n\t\t<div class=\"elementor-element elementor-element-36dd7469 e-flex e-con-boxed e-con e-parent\" data-id=\"36dd7469\" data-element_type=\"container\" data-e-type=\"container\">\n\t\t\t\t\t<div class=\"e-con-inner\">\n\t\t\t\t<div class=\"elementor-element elementor-element-13760ab4 elementor-widget elementor-widget-heading\" data-id=\"13760ab4\" data-element_type=\"widget\" data-e-type=\"widget\" data-widget_type=\"heading.default\">\n\t\t\t\t\t<h2 class=\"elementor-heading-title elementor-size-default\">S\u00favisiace odkazy<\/h2>\t\t\t\t<\/div>\n\t\t<div class=\"elementor-element elementor-element-28c87796 e-con-full e-flex e-con e-child\" data-id=\"28c87796\" data-element_type=\"container\" data-e-type=\"container\">\n\t\t\t\t<div class=\"elementor-element elementor-element-5d6538df elementor-widget elementor-widget-text-editor\" data-id=\"5d6538df\" data-element_type=\"widget\" data-e-type=\"widget\" data-widget_type=\"text-editor.default\">\n\t\t\t\t\t\t\t\t\t<p>Odpor\u00fa\u010dan\u00e9 intern\u00e9 odkazy:<\/p><ul><li><a href=\"https:\/\/iwell-guard.com\/sk\/?page_id=158853\">Alpsk\u00fd priestor<\/a> \u2013 v\u0161etky bytosti alpsk\u00e9ho povestn\u00e9ho sveta<\/li><li><a href=\"https:\/\/iwell-guard.com\/sk\/?page_id=158818\">Frau Holle<\/a>, <a href=\"https:\/\/iwell-guard.com\/sk\/?page_id=158817\">Habergei\u00df<\/a> \u2013 pr\u00edbuzn\u00e9 postavy Rauhn\u00e4chte<\/li><li><a href=\"https:\/\/iwell-guard.com\/sk\/vonava-zivica\/\">Tymian<\/a>, <a href=\"https:\/\/iwell-guard.com\/sk\/bannspruch-a-bannritual\/\">Zakl\u00ednacia formula<\/a>, <a href=\"https:\/\/iwell-guard.com\/sk\/zahovaranie\/\">Zariekanie<\/a>, <a href=\"https:\/\/iwell-guard.com\/sk\/?page_id=158840\">Modlitby<\/a>, <a href=\"https:\/\/iwell-guard.com\/sk\/?page_id=158842\">Ochrann\u00e9 znaky<\/a> \u2013 tradi\u010dn\u00e9 formy ochrany<\/li><li><a href=\"https:\/\/iwell-guard.com\/sk\/?page_id=158815\">Krampus<\/a> \u2013 rohat\u00e1 sprievodn\u00e1 postava sv\u00e4t\u00e9ho Mikul\u00e1\u0161a<\/li><li><a href=\"https:\/\/iwell-guard.com\/sk\/schutz-kompas\/\">Kompas ochrany<\/a> \u2013 preh\u013ead ochrann\u00fdch prostriedkov<\/li><\/ul>\t\t\t\t\t\t\t\t<\/div>\n\t\t\t\t<\/div>\n\t\t\t\t\t<\/div>\n\t\t\t\t<\/div>\n\t\t<div class=\"elementor-element elementor-element-grl4kl40 e-flex e-con-boxed e-con e-parent\" data-id=\"grl4kl40\" data-element_type=\"container\" data-e-type=\"container\">\n\t\t\t\t\t<div class=\"e-con-inner\">\n\t\t\t\t<div class=\"elementor-element elementor-element-bzsbfrmh elementor-widget elementor-widget-heading\" data-id=\"bzsbfrmh\" data-element_type=\"widget\" data-e-type=\"widget\" data-widget_type=\"heading.default\">\n\t\t\t\t\t<h2 class=\"elementor-heading-title elementor-size-default\">Literat\u00fara (v\u00fdber)<\/h2>\t\t\t\t<\/div>\n\t\t<div class=\"elementor-element elementor-element-2c13224a e-con-full e-flex e-con e-child\" data-id=\"2c13224a\" data-element_type=\"container\" data-e-type=\"container\">\n\t\t\t\t<div class=\"elementor-element elementor-element-0eymh9ub elementor-widget elementor-widget-text-editor\" data-id=\"0eymh9ub\" data-element_type=\"widget\" data-e-type=\"widget\" data-widget_type=\"text-editor.default\">\n\t\t\t\t\t\t\t\t\t<footer class=\"iwg-literatur\" data-nosnippet=\"true\"><p>V\u00fdber z\u00e1sadn\u00fdch prame\u0148ov a \u0161t\u00fadi\u00ed:<\/p><ul><li><span data-nosnippet>Waschnitius, Viktor: <em>Perht, Holda und verwandte Gestalten. Ein Beitrag zur deutschen Religionsgeschichte<\/em>. Wien 1913.<\/span><\/li><li><span data-nosnippet>Rumpf, Marianne: <em>Perchten. Popul\u00e4re Glaubensgestalten zwischen Mythos und Katechese<\/em>. W\u00fcrzburg 1991.<\/span><\/li><li><span data-nosnippet>B\u00e4chtold-St\u00e4ubli, Hanns (Hg.): <em>Handw\u00f6rterbuch des deutschen Aberglaubens<\/em>, Bd. 6 (Artikel Perchta). Berlin\/Leipzig 1934\/35.<\/span><\/li><li><span data-nosnippet>Smith, John B.: <em>Perchta the Belly-Slitter and Her Kin: A View of Some Traditional Threatening Figures, Threats and Punishments<\/em>. In: Folklore, Bd. 115, 2004.<\/span><\/li><li><span data-nosnippet>Grimm, Jacob: <em>Deutsche Mythologie<\/em>. G\u00f6ttingen 1835.<\/span><\/li><li><span data-nosnippet>Zingerle, Ignaz Vinzenz: <em>Sitten, Br\u00e4uche und Meinungen des Tiroler Volkes<\/em>. 2. Auflage, Innsbruck 1871.<\/span><\/li><\/ul><\/footer>\n<p class=\"iwg-bib-more\"><span data-nosnippet>\u010eal\u0161ie z\u00e1kladn\u00e9 diela v <a href=\"https:\/\/iwell-guard.com\/sk\/literatura\/\">zozname literat\u00fary<\/a>.<\/span><\/p>\t\t\t\t\t\t\t\t<\/div>\n\t\t\t\t<\/div>\n\t\t\t\t\t<\/div>\n\t\t\t\t<\/div>\n\t\t<div class=\"elementor-element elementor-element-iwgkw2-add-hulijing e-flex e-con-boxed e-con e-parent\" data-id=\"iwgkw2-add-hulijing\" data-element_type=\"container\" data-e-type=\"container\">\n\t\t\t\t\t<div class=\"e-con-inner\">\n\t\t\t\t<div class=\"elementor-element elementor-element-iwgkw2-add-hulijing-t elementor-widget elementor-widget-text-editor\" data-id=\"iwgkw2-add-hulijing-t\" data-element_type=\"widget\" data-e-type=\"widget\" data-widget_type=\"text-editor.default\">\n\t\t\t\t\t\t\t\t\t<p>Zn\u00e1ma aj ako Percht, poves\u0165ov\u00e1 postava z \u00c1lp, je pevne spojen\u00e1 s Rauhn\u00e4chte Perchty, dvan\u00e1stimi nocami medzi Vianocami a Trojkr\u00e1\u013eov\u00fdm sviatkom, po\u010das ktor\u00fdch sa odme\u0148uje usilovnos\u0165 a trest\u00e1 nedbanlivos\u0165.<\/p>\t\t\t\t\t\t\t\t<\/div>\n\t\t\t\t\t<\/div>\n\t\t\t\t<\/div>\n\t\t\t\t<\/div>\n\t\t","protected":false},"excerpt":{"rendered":"","protected":false},"author":3,"featured_media":20517,"parent":0,"menu_order":0,"comment_status":"closed","ping_status":"closed","template":"elementor_header_footer","meta":{"_yoast_wpseo_focuskw":"perchten","_yoast_wpseo_title":"Perchten a Frau Perchta: Rauhn\u00e4chte a Perchtenlauf","_yoast_wpseo_metadesc":"\u010co s\u00fa Perchten? P\u00f4vod a v\u00fdznam rauhn\u00e4chtov\u00fdch post\u00e1v, Sch\u00f6nperchten a Schiachperchten, Perchtenlauf a rozdiel oproti Krampusovi.","_yoast_wpseo_meta-robots-noindex":"","_yoast_wpseo_canonical":"","_angie_page":false,"gefaehrdungsstufe":"1","wesen_kultur":"alpin","wesen_klasse":"geister","footnotes":""},"categories":[],"class_list":["post-158816","page","type-page","status-publish","has-post-thumbnail","hentry"],"yoast_head":"<!-- This site is optimized with the Yoast SEO Premium plugin v27.7 (Yoast SEO v28.3) - https:\/\/yoast.com\/product\/yoast-seo-premium-wordpress\/ -->\n<title>Perchten a Frau Perchta: Rauhn\u00e4chte a Perchtenlauf<\/title>\n<meta name=\"description\" content=\"\u010co s\u00fa Perchten? P\u00f4vod a v\u00fdznam rauhn\u00e4chtov\u00fdch post\u00e1v, Sch\u00f6nperchten a Schiachperchten, Perchtenlauf a rozdiel oproti Krampusovi.\" \/>\n<meta name=\"robots\" content=\"index, follow, max-snippet:-1, max-image-preview:large, max-video-preview:-1\" \/>\n<link rel=\"canonical\" href=\"https:\/\/iwell-guard.com\/sk\/frau-perchta\/\" \/>\n<meta property=\"og:locale\" content=\"sk_SK\" \/>\n<meta property=\"og:type\" content=\"article\" \/>\n<meta property=\"og:title\" content=\"Frau Perchta\" \/>\n<meta property=\"og:description\" content=\"\u010co s\u00fa Perchten? P\u00f4vod a v\u00fdznam rauhn\u00e4chtov\u00fdch post\u00e1v, Sch\u00f6nperchten a Schiachperchten, Perchtenlauf a rozdiel oproti Krampusovi.\" \/>\n<meta property=\"og:url\" content=\"https:\/\/iwell-guard.com\/sk\/frau-perchta\/\" \/>\n<meta property=\"og:site_name\" content=\"iWell Guard\" \/>\n<meta property=\"article:modified_time\" content=\"2026-09-04T23:12:33+00:00\" \/>\n<meta property=\"og:image\" content=\"https:\/\/iwell-guard.com\/wp-content\/uploads\/2026\/07\/geister_alpin_perchta.webp\" \/>\n\t<meta property=\"og:image:width\" content=\"1023\" \/>\n\t<meta property=\"og:image:height\" content=\"1537\" \/>\n\t<meta property=\"og:image:type\" content=\"image\/webp\" \/>\n<meta name=\"twitter:card\" content=\"summary_large_image\" \/>\n<script type=\"application\/ld+json\" class=\"yoast-schema-graph\">{\"@context\":\"https:\\\/\\\/schema.org\",\"@graph\":[{\"@type\":\"Article\",\"@id\":\"https:\\\/\\\/iwell-guard.com\\\/sk\\\/frau-perchta\\\/#article\",\"isPartOf\":{\"@id\":\"https:\\\/\\\/iwell-guard.com\\\/sk\\\/frau-perchta\\\/\"},\"author\":{\"name\":\"Ralf Ittermann\",\"@id\":\"https:\\\/\\\/iwell-guard.com\\\/sk\\\/#\\\/schema\\\/person\\\/ee2a27f1cac3406c7c6fb5820cb7349f\"},\"headline\":\"Frau Perchta\",\"datePublished\":\"2026-09-04T22:35:40+00:00\",\"dateModified\":\"2026-09-04T23:12:33+00:00\",\"mainEntityOfPage\":{\"@id\":\"https:\\\/\\\/iwell-guard.com\\\/sk\\\/frau-perchta\\\/\"},\"publisher\":{\"@id\":\"https:\\\/\\\/iwell-guard.com\\\/sk\\\/#organization\"},\"image\":{\"@id\":\"https:\\\/\\\/iwell-guard.com\\\/sk\\\/frau-perchta\\\/#primaryimage\"},\"thumbnailUrl\":\"https:\\\/\\\/iwell-guard.com\\\/wp-content\\\/uploads\\\/2026\\\/07\\\/geister_alpin_perchta.webp\",\"inLanguage\":\"sk-SK\",\"description\":\"\u010co s\u00fa Perchten? P\u00f4vod a v\u00fdznam rauhn\u00e4chtov\u00fdch post\u00e1v, Sch\u00f6nperchten a Schiachperchten, Perchtenlauf a rozdiel oproti Krampusovi.\"},{\"@type\":\"WebPage\",\"@id\":\"https:\\\/\\\/iwell-guard.com\\\/sk\\\/frau-perchta\\\/\",\"url\":\"https:\\\/\\\/iwell-guard.com\\\/sk\\\/frau-perchta\\\/\",\"name\":\"Perchten a Frau Perchta: Rauhn\u00e4chte a Perchtenlauf\",\"isPartOf\":{\"@id\":\"https:\\\/\\\/iwell-guard.com\\\/sk\\\/#website\"},\"primaryImageOfPage\":{\"@id\":\"https:\\\/\\\/iwell-guard.com\\\/sk\\\/frau-perchta\\\/#primaryimage\"},\"image\":{\"@id\":\"https:\\\/\\\/iwell-guard.com\\\/sk\\\/frau-perchta\\\/#primaryimage\"},\"thumbnailUrl\":\"https:\\\/\\\/iwell-guard.com\\\/wp-content\\\/uploads\\\/2026\\\/07\\\/geister_alpin_perchta.webp\",\"datePublished\":\"2026-09-04T22:35:40+00:00\",\"dateModified\":\"2026-09-04T23:12:33+00:00\",\"description\":\"\u010co s\u00fa Perchten? P\u00f4vod a v\u00fdznam rauhn\u00e4chtov\u00fdch post\u00e1v, Sch\u00f6nperchten a Schiachperchten, Perchtenlauf a rozdiel oproti Krampusovi.\",\"breadcrumb\":{\"@id\":\"https:\\\/\\\/iwell-guard.com\\\/sk\\\/frau-perchta\\\/#breadcrumb\"},\"inLanguage\":\"sk-SK\",\"potentialAction\":[{\"@type\":\"ReadAction\",\"target\":[\"https:\\\/\\\/iwell-guard.com\\\/sk\\\/frau-perchta\\\/\"]}]},{\"@type\":\"ImageObject\",\"inLanguage\":\"sk-SK\",\"@id\":\"https:\\\/\\\/iwell-guard.com\\\/sk\\\/frau-perchta\\\/#primaryimage\",\"url\":\"https:\\\/\\\/iwell-guard.com\\\/wp-content\\\/uploads\\\/2026\\\/07\\\/geister_alpin_perchta.webp\",\"contentUrl\":\"https:\\\/\\\/iwell-guard.com\\\/wp-content\\\/uploads\\\/2026\\\/07\\\/geister_alpin_perchta.webp\",\"width\":1023,\"height\":1537,\"caption\":\"Frau Perchta \u2013 duchovia z alpskej trad\u00edcie, historicko-ilustra\u010dn\u00e9 zobrazenie\"},{\"@type\":\"BreadcrumbList\",\"@id\":\"https:\\\/\\\/iwell-guard.com\\\/sk\\\/frau-perchta\\\/#breadcrumb\",\"itemListElement\":[{\"@type\":\"ListItem\",\"position\":1,\"name\":\"Start\",\"item\":\"https:\\\/\\\/iwell-guard.com\\\/sk\\\/?page_id=157572\"},{\"@type\":\"ListItem\",\"position\":2,\"name\":\"Frau Perchta\"}]},{\"@type\":\"WebSite\",\"@id\":\"https:\\\/\\\/iwell-guard.com\\\/sk\\\/#website\",\"url\":\"https:\\\/\\\/iwell-guard.com\\\/sk\\\/\",\"name\":\"iWell Guard\",\"description\":\"Schutz vor dunklen Einfl\u00fcssen\",\"publisher\":{\"@id\":\"https:\\\/\\\/iwell-guard.com\\\/sk\\\/#organization\"},\"potentialAction\":[{\"@type\":\"SearchAction\",\"target\":{\"@type\":\"EntryPoint\",\"urlTemplate\":\"https:\\\/\\\/iwell-guard.com\\\/sk\\\/?s={search_term_string}\"},\"query-input\":{\"@type\":\"PropertyValueSpecification\",\"valueRequired\":true,\"valueName\":\"search_term_string\"}}],\"inLanguage\":\"sk-SK\"},{\"@type\":\"Organization\",\"@id\":\"https:\\\/\\\/iwell-guard.com\\\/sk\\\/#organization\",\"name\":\"Ittermann electronic GmbH\",\"url\":\"https:\\\/\\\/iwell-guard.com\\\/sk\\\/\",\"logo\":{\"@type\":\"ImageObject\",\"inLanguage\":\"sk-SK\",\"@id\":\"https:\\\/\\\/iwell-guard.com\\\/sk\\\/#\\\/schema\\\/logo\\\/image\\\/\",\"url\":\"https:\\\/\\\/iwell-guard.com\\\/wp-content\\\/uploads\\\/2026\\\/05\\\/Ittermann-Logo-1182x237-1.png\",\"contentUrl\":\"https:\\\/\\\/iwell-guard.com\\\/wp-content\\\/uploads\\\/2026\\\/05\\\/Ittermann-Logo-1182x237-1.png\",\"width\":1182,\"height\":237,\"caption\":\"Ittermann electronic GmbH\"},\"image\":{\"@id\":\"https:\\\/\\\/iwell-guard.com\\\/sk\\\/#\\\/schema\\\/logo\\\/image\\\/\"},\"sameAs\":[\"https:\\\/\\\/pantip.com\\\/profile\\\/9367242\",\"https:\\\/\\\/micro.blog\\\/iwellguard\",\"https:\\\/\\\/www.diggerslist.com\\\/iwellguard\\\/about\",\"https:\\\/\\\/skitterphoto.com\\\/photographers\\\/2870314\\\/iwell-guard\",\"https:\\\/\\\/iwellguard.wordpress.com\\\/2026\\\/06\\\/06\\\/iwell-guard\\\/\",\"https:\\\/\\\/hub.docker.com\\\/u\\\/iwellguard\",\"https:\\\/\\\/www.pinterest.com\\\/iwellguard\\\/\",\"https:\\\/\\\/bit.ly\\\/m\\\/iwellguard\",\"https:\\\/\\\/entre-vos-mains.alsace.eu\\\/profiles\\\/iwellguard\\\/activity\",\"https:\\\/\\\/gravatar.com\\\/reallybeded8fd34\",\"https:\\\/\\\/naijamatta.com\\\/iwellguard\",\"https:\\\/\\\/www.goodreads.com\\\/iwellguard\",\"https:\\\/\\\/profile.hatena.ne.jp\\\/iwellguard\\\/\",\"https:\\\/\\\/experiment.com\\\/users\\\/iwellguard\",\"https:\\\/\\\/wakelet.com\\\/@iWellGuard82270\",\"https:\\\/\\\/www.chordie.com\\\/forum\\\/profile.php?id=2555664\",\"https:\\\/\\\/www.instapaper.com\\\/p\\\/17757966\",\"https:\\\/\\\/www.mapleprimes.com\\\/users\\\/iwellguard\",\"https:\\\/\\\/businesslistingplus.com\\\/profile\\\/iwell-guard\\\/\",\"https:\\\/\\\/telegra.ph\\\/iWell-Guard-06-06\",\"https:\\\/\\\/pbase.com\\\/iwellguard\\\/iwellguard\",\"https:\\\/\\\/b.hatena.ne.jp\\\/iwellguard\\\/20260607#bookmark-4788405196491818882\",\"https:\\\/\\\/fliphtml5.com\\\/home\\\/iwellguard\",\"https:\\\/\\\/anyflip.com\\\/homepage\\\/cmiwl#About\",\"https:\\\/\\\/transfur.com\\\/Users\\\/iwellguard\",\"http:\\\/\\\/delphi.larsbo.org\\\/user\\\/iwellguard\",\"https:\\\/\\\/jobs.lajobsportal.org\\\/profiles\\\/8380803-iwell-guard\",\"https:\\\/\\\/md.chaosdorf.de\\\/s\\\/jfbe5SBdJD\",\"https:\\\/\\\/www.lingvolive.com\\\/en-us\\\/profile\\\/9ecaeaca-ce11-4e51-9e71-01d55e2bff36\\\/translations\",\"https:\\\/\\\/www.fitday.com\\\/fitness\\\/forums\\\/members\\\/iwellguard.html\",\"https:\\\/\\\/www.mymeetbook.com\\\/iwellguard\",\"https:\\\/\\\/pxhere.com\\\/en\\\/photographer-me\\\/5040798\",\"https:\\\/\\\/disqus.com\\\/by\\\/iwellguard\\\/about\\\/\",\"https:\\\/\\\/pastelink.net\\\/hjwciqwq\",\"https:\\\/\\\/pubhtml5.com\\\/homepage\\\/scjhn\\\/\",\"https:\\\/\\\/www.bitchute.com\\\/channel\\\/2O2eOKzNqujT\",\"https:\\\/\\\/audiomack.com\\\/iwellguard\"]},{\"@type\":\"Person\",\"@id\":\"https:\\\/\\\/iwell-guard.com\\\/sk\\\/#\\\/schema\\\/person\\\/ee2a27f1cac3406c7c6fb5820cb7349f\",\"name\":\"Ralf Ittermann\",\"image\":{\"@type\":\"ImageObject\",\"inLanguage\":\"sk-SK\",\"@id\":\"https:\\\/\\\/secure.gravatar.com\\\/avatar\\\/073c0153e350a5005b68eb752b445fea71f6b24a26da9449ad7e155e6b446c9d?s=96&d=mm&r=g\",\"url\":\"https:\\\/\\\/secure.gravatar.com\\\/avatar\\\/073c0153e350a5005b68eb752b445fea71f6b24a26da9449ad7e155e6b446c9d?s=96&d=mm&r=g\",\"contentUrl\":\"https:\\\/\\\/secure.gravatar.com\\\/avatar\\\/073c0153e350a5005b68eb752b445fea71f6b24a26da9449ad7e155e6b446c9d?s=96&d=mm&r=g\",\"caption\":\"Ralf Ittermann\"},\"givenName\":\"Ralf\",\"familyName\":\"Ittermann\",\"jobTitle\":\"Gesch\u00e4ftsf\u00fchrer und redaktioneller Verantwortlicher\",\"url\":\"https:\\\/\\\/iwell-guard.com\\\/sk\\\/author\\\/claude\\\/\",\"description\":\"Ralf Ittermann ist Gesch\u00e4ftsf\u00fchrer der Ittermann electronic GmbH und redaktioneller Verantwortlicher des iWell-Guard-Lexikons. Er verbindet langj\u00e4hrige Erfahrung in der Pr\u00e4zisionsfertigung mit medialer Praxis und religionsgeschichtlicher Quellenarbeit.\",\"worksFor\":{\"@type\":\"Organization\",\"name\":\"Ittermann electronic GmbH\",\"url\":\"https:\\\/\\\/ittermann.de\\\/\",\"address\":{\"@type\":\"PostalAddress\",\"streetAddress\":\"K\u00f6hlergasse 16-18\",\"postalCode\":\"99842\",\"addressLocality\":\"Ruhla\",\"addressCountry\":\"DE\"}},\"knowsAbout\":[\"Religionsgeschichte\",\"Mythologie\",\"Mediale Praxis\",\"Energetische Diagnostik\",\"Schutzpraxis\",\"Volksglauben\",\"Westliche Esoterik\"]},{\"@type\":\"Article\",\"@id\":\"https:\\\/\\\/iwell-guard.com\\\/sk\\\/frau-perchta\\\/#article\",\"isPartOf\":{\"@id\":\"https:\\\/\\\/iwell-guard.com\\\/sk\\\/frau-perchta\\\/\"},\"author\":{\"name\":\"Ralf Ittermann\",\"@id\":\"https:\\\/\\\/iwell-guard.com\\\/sk\\\/#\\\/schema\\\/person\\\/ee2a27f1cac3406c7c6fb5820cb7349f\"},\"headline\":\"Frau Perchta\",\"datePublished\":\"2026-09-04T22:35:40+00:00\",\"dateModified\":\"2026-09-04T23:12:33+00:00\",\"mainEntityOfPage\":{\"@id\":\"https:\\\/\\\/iwell-guard.com\\\/sk\\\/frau-perchta\\\/\"},\"publisher\":{\"@id\":\"https:\\\/\\\/iwell-guard.com\\\/sk\\\/#organization\"},\"image\":{\"@id\":\"https:\\\/\\\/iwell-guard.com\\\/sk\\\/frau-perchta\\\/#primaryimage\"},\"thumbnailUrl\":\"https:\\\/\\\/iwell-guard.com\\\/wp-content\\\/uploads\\\/2026\\\/07\\\/geister_alpin_perchta.webp\",\"inLanguage\":\"sk-SK\",\"description\":\"\u010co s\u00fa Perchten? P\u00f4vod a v\u00fdznam rauhn\u00e4chtov\u00fdch post\u00e1v, Sch\u00f6nperchten a Schiachperchten, Perchtenlauf a rozdiel oproti Krampusovi.\"}]}<\/script>\n<!-- \/ Yoast SEO Premium plugin. -->","yoast_head_json":{"title":"Perchten a Frau Perchta: Rauhn\u00e4chte a Perchtenlauf","description":"\u010co s\u00fa Perchten? P\u00f4vod a v\u00fdznam rauhn\u00e4chtov\u00fdch post\u00e1v, Sch\u00f6nperchten a Schiachperchten, Perchtenlauf a rozdiel oproti Krampusovi.","robots":{"index":"index","follow":"follow","max-snippet":"max-snippet:-1","max-image-preview":"max-image-preview:large","max-video-preview":"max-video-preview:-1"},"canonical":"https:\/\/iwell-guard.com\/sk\/frau-perchta\/","og_locale":"sk_SK","og_type":"article","og_title":"Frau Perchta","og_description":"\u010co s\u00fa Perchten? P\u00f4vod a v\u00fdznam rauhn\u00e4chtov\u00fdch post\u00e1v, Sch\u00f6nperchten a Schiachperchten, Perchtenlauf a rozdiel oproti Krampusovi.","og_url":"https:\/\/iwell-guard.com\/sk\/frau-perchta\/","og_site_name":"iWell Guard","article_modified_time":"2026-09-04T23:12:33+00:00","og_image":[{"width":1023,"height":1537,"url":"https:\/\/iwell-guard.com\/wp-content\/uploads\/2026\/07\/geister_alpin_perchta.webp","type":"image\/webp"}],"twitter_card":"summary_large_image","schema":{"@context":"https:\/\/schema.org","@graph":[{"@type":"Article","@id":"https:\/\/iwell-guard.com\/sk\/frau-perchta\/#article","isPartOf":{"@id":"https:\/\/iwell-guard.com\/sk\/frau-perchta\/"},"author":{"name":"Ralf Ittermann","@id":"https:\/\/iwell-guard.com\/sk\/#\/schema\/person\/ee2a27f1cac3406c7c6fb5820cb7349f"},"headline":"Frau Perchta","datePublished":"2026-09-04T22:35:40+00:00","dateModified":"2026-09-04T23:12:33+00:00","mainEntityOfPage":{"@id":"https:\/\/iwell-guard.com\/sk\/frau-perchta\/"},"publisher":{"@id":"https:\/\/iwell-guard.com\/sk\/#organization"},"image":{"@id":"https:\/\/iwell-guard.com\/sk\/frau-perchta\/#primaryimage"},"thumbnailUrl":"https:\/\/iwell-guard.com\/wp-content\/uploads\/2026\/07\/geister_alpin_perchta.webp","inLanguage":"sk-SK","description":"\u010co s\u00fa Perchten? P\u00f4vod a v\u00fdznam rauhn\u00e4chtov\u00fdch post\u00e1v, Sch\u00f6nperchten a Schiachperchten, Perchtenlauf a rozdiel oproti Krampusovi."},{"@type":"WebPage","@id":"https:\/\/iwell-guard.com\/sk\/frau-perchta\/","url":"https:\/\/iwell-guard.com\/sk\/frau-perchta\/","name":"Perchten a Frau Perchta: Rauhn\u00e4chte a Perchtenlauf","isPartOf":{"@id":"https:\/\/iwell-guard.com\/sk\/#website"},"primaryImageOfPage":{"@id":"https:\/\/iwell-guard.com\/sk\/frau-perchta\/#primaryimage"},"image":{"@id":"https:\/\/iwell-guard.com\/sk\/frau-perchta\/#primaryimage"},"thumbnailUrl":"https:\/\/iwell-guard.com\/wp-content\/uploads\/2026\/07\/geister_alpin_perchta.webp","datePublished":"2026-09-04T22:35:40+00:00","dateModified":"2026-09-04T23:12:33+00:00","description":"\u010co s\u00fa Perchten? P\u00f4vod a v\u00fdznam rauhn\u00e4chtov\u00fdch post\u00e1v, Sch\u00f6nperchten a Schiachperchten, Perchtenlauf a rozdiel oproti Krampusovi.","breadcrumb":{"@id":"https:\/\/iwell-guard.com\/sk\/frau-perchta\/#breadcrumb"},"inLanguage":"sk-SK","potentialAction":[{"@type":"ReadAction","target":["https:\/\/iwell-guard.com\/sk\/frau-perchta\/"]}]},{"@type":"ImageObject","inLanguage":"sk-SK","@id":"https:\/\/iwell-guard.com\/sk\/frau-perchta\/#primaryimage","url":"https:\/\/iwell-guard.com\/wp-content\/uploads\/2026\/07\/geister_alpin_perchta.webp","contentUrl":"https:\/\/iwell-guard.com\/wp-content\/uploads\/2026\/07\/geister_alpin_perchta.webp","width":1023,"height":1537,"caption":"Frau Perchta \u2013 duchovia z alpskej trad\u00edcie, historicko-ilustra\u010dn\u00e9 zobrazenie"},{"@type":"BreadcrumbList","@id":"https:\/\/iwell-guard.com\/sk\/frau-perchta\/#breadcrumb","itemListElement":[{"@type":"ListItem","position":1,"name":"Start","item":"https:\/\/iwell-guard.com\/sk\/?page_id=157572"},{"@type":"ListItem","position":2,"name":"Frau Perchta"}]},{"@type":"WebSite","@id":"https:\/\/iwell-guard.com\/sk\/#website","url":"https:\/\/iwell-guard.com\/sk\/","name":"iWell Guard","description":"Schutz vor dunklen Einfl\u00fcssen","publisher":{"@id":"https:\/\/iwell-guard.com\/sk\/#organization"},"potentialAction":[{"@type":"SearchAction","target":{"@type":"EntryPoint","urlTemplate":"https:\/\/iwell-guard.com\/sk\/?s={search_term_string}"},"query-input":{"@type":"PropertyValueSpecification","valueRequired":true,"valueName":"search_term_string"}}],"inLanguage":"sk-SK"},{"@type":"Organization","@id":"https:\/\/iwell-guard.com\/sk\/#organization","name":"Ittermann electronic GmbH","url":"https:\/\/iwell-guard.com\/sk\/","logo":{"@type":"ImageObject","inLanguage":"sk-SK","@id":"https:\/\/iwell-guard.com\/sk\/#\/schema\/logo\/image\/","url":"https:\/\/iwell-guard.com\/wp-content\/uploads\/2026\/05\/Ittermann-Logo-1182x237-1.png","contentUrl":"https:\/\/iwell-guard.com\/wp-content\/uploads\/2026\/05\/Ittermann-Logo-1182x237-1.png","width":1182,"height":237,"caption":"Ittermann electronic GmbH"},"image":{"@id":"https:\/\/iwell-guard.com\/sk\/#\/schema\/logo\/image\/"},"sameAs":["https:\/\/pantip.com\/profile\/9367242","https:\/\/micro.blog\/iwellguard","https:\/\/www.diggerslist.com\/iwellguard\/about","https:\/\/skitterphoto.com\/photographers\/2870314\/iwell-guard","https:\/\/iwellguard.wordpress.com\/2026\/06\/06\/iwell-guard\/","https:\/\/hub.docker.com\/u\/iwellguard","https:\/\/www.pinterest.com\/iwellguard\/","https:\/\/bit.ly\/m\/iwellguard","https:\/\/entre-vos-mains.alsace.eu\/profiles\/iwellguard\/activity","https:\/\/gravatar.com\/reallybeded8fd34","https:\/\/naijamatta.com\/iwellguard","https:\/\/www.goodreads.com\/iwellguard","https:\/\/profile.hatena.ne.jp\/iwellguard\/","https:\/\/experiment.com\/users\/iwellguard","https:\/\/wakelet.com\/@iWellGuard82270","https:\/\/www.chordie.com\/forum\/profile.php?id=2555664","https:\/\/www.instapaper.com\/p\/17757966","https:\/\/www.mapleprimes.com\/users\/iwellguard","https:\/\/businesslistingplus.com\/profile\/iwell-guard\/","https:\/\/telegra.ph\/iWell-Guard-06-06","https:\/\/pbase.com\/iwellguard\/iwellguard","https:\/\/b.hatena.ne.jp\/iwellguard\/20260607#bookmark-4788405196491818882","https:\/\/fliphtml5.com\/home\/iwellguard","https:\/\/anyflip.com\/homepage\/cmiwl#About","https:\/\/transfur.com\/Users\/iwellguard","http:\/\/delphi.larsbo.org\/user\/iwellguard","https:\/\/jobs.lajobsportal.org\/profiles\/8380803-iwell-guard","https:\/\/md.chaosdorf.de\/s\/jfbe5SBdJD","https:\/\/www.lingvolive.com\/en-us\/profile\/9ecaeaca-ce11-4e51-9e71-01d55e2bff36\/translations","https:\/\/www.fitday.com\/fitness\/forums\/members\/iwellguard.html","https:\/\/www.mymeetbook.com\/iwellguard","https:\/\/pxhere.com\/en\/photographer-me\/5040798","https:\/\/disqus.com\/by\/iwellguard\/about\/","https:\/\/pastelink.net\/hjwciqwq","https:\/\/pubhtml5.com\/homepage\/scjhn\/","https:\/\/www.bitchute.com\/channel\/2O2eOKzNqujT","https:\/\/audiomack.com\/iwellguard"]},{"@type":"Person","@id":"https:\/\/iwell-guard.com\/sk\/#\/schema\/person\/ee2a27f1cac3406c7c6fb5820cb7349f","name":"Ralf Ittermann","image":{"@type":"ImageObject","inLanguage":"sk-SK","@id":"https:\/\/secure.gravatar.com\/avatar\/073c0153e350a5005b68eb752b445fea71f6b24a26da9449ad7e155e6b446c9d?s=96&d=mm&r=g","url":"https:\/\/secure.gravatar.com\/avatar\/073c0153e350a5005b68eb752b445fea71f6b24a26da9449ad7e155e6b446c9d?s=96&d=mm&r=g","contentUrl":"https:\/\/secure.gravatar.com\/avatar\/073c0153e350a5005b68eb752b445fea71f6b24a26da9449ad7e155e6b446c9d?s=96&d=mm&r=g","caption":"Ralf Ittermann"},"givenName":"Ralf","familyName":"Ittermann","jobTitle":"Gesch\u00e4ftsf\u00fchrer und redaktioneller Verantwortlicher","url":"https:\/\/iwell-guard.com\/sk\/author\/claude\/","description":"Ralf Ittermann ist Gesch\u00e4ftsf\u00fchrer der Ittermann electronic GmbH und redaktioneller Verantwortlicher des iWell-Guard-Lexikons. Er verbindet langj\u00e4hrige Erfahrung in der Pr\u00e4zisionsfertigung mit medialer Praxis und religionsgeschichtlicher Quellenarbeit.","worksFor":{"@type":"Organization","name":"Ittermann electronic GmbH","url":"https:\/\/ittermann.de\/","address":{"@type":"PostalAddress","streetAddress":"K\u00f6hlergasse 16-18","postalCode":"99842","addressLocality":"Ruhla","addressCountry":"DE"}},"knowsAbout":["Religionsgeschichte","Mythologie","Mediale Praxis","Energetische Diagnostik","Schutzpraxis","Volksglauben","Westliche Esoterik"]},{"@type":"Article","@id":"https:\/\/iwell-guard.com\/sk\/frau-perchta\/#article","isPartOf":{"@id":"https:\/\/iwell-guard.com\/sk\/frau-perchta\/"},"author":{"name":"Ralf Ittermann","@id":"https:\/\/iwell-guard.com\/sk\/#\/schema\/person\/ee2a27f1cac3406c7c6fb5820cb7349f"},"headline":"Frau Perchta","datePublished":"2026-09-04T22:35:40+00:00","dateModified":"2026-09-04T23:12:33+00:00","mainEntityOfPage":{"@id":"https:\/\/iwell-guard.com\/sk\/frau-perchta\/"},"publisher":{"@id":"https:\/\/iwell-guard.com\/sk\/#organization"},"image":{"@id":"https:\/\/iwell-guard.com\/sk\/frau-perchta\/#primaryimage"},"thumbnailUrl":"https:\/\/iwell-guard.com\/wp-content\/uploads\/2026\/07\/geister_alpin_perchta.webp","inLanguage":"sk-SK","description":"\u010co s\u00fa Perchten? P\u00f4vod a v\u00fdznam rauhn\u00e4chtov\u00fdch post\u00e1v, Sch\u00f6nperchten a Schiachperchten, Perchtenlauf a rozdiel oproti Krampusovi."}]}},"_links":{"self":[{"href":"https:\/\/iwell-guard.com\/sk\/wp-json\/wp\/v2\/pages\/158816","targetHints":{"allow":["GET"]}}],"collection":[{"href":"https:\/\/iwell-guard.com\/sk\/wp-json\/wp\/v2\/pages"}],"about":[{"href":"https:\/\/iwell-guard.com\/sk\/wp-json\/wp\/v2\/types\/page"}],"author":[{"embeddable":true,"href":"https:\/\/iwell-guard.com\/sk\/wp-json\/wp\/v2\/users\/3"}],"replies":[{"embeddable":true,"href":"https:\/\/iwell-guard.com\/sk\/wp-json\/wp\/v2\/comments?post=158816"}],"version-history":[{"count":0,"href":"https:\/\/iwell-guard.com\/sk\/wp-json\/wp\/v2\/pages\/158816\/revisions"}],"wp:featuredmedia":[{"embeddable":true,"href":"https:\/\/iwell-guard.com\/sk\/wp-json\/wp\/v2\/media\/20517"}],"wp:attachment":[{"href":"https:\/\/iwell-guard.com\/sk\/wp-json\/wp\/v2\/media?parent=158816"}],"wp:term":[{"taxonomy":"category","embeddable":true,"href":"https:\/\/iwell-guard.com\/sk\/wp-json\/wp\/v2\/categories?post=158816"}],"curies":[{"name":"wp","href":"https:\/\/api.w.org\/{rel}","templated":true}]}}