{"id":158815,"date":"2026-09-04T22:35:40","date_gmt":"2026-09-04T22:35:40","guid":{"rendered":"https:\/\/iwell-guard.com\/?page_id=158815"},"modified":"2026-09-04T23:12:33","modified_gmt":"2026-09-04T23:12:33","slug":"krampus","status":"publish","type":"page","link":"https:\/\/iwell-guard.com\/sk\/krampus\/","title":{"rendered":"Krampus"},"content":{"rendered":"\t\t<div data-elementor-type=\"wp-page\" data-elementor-id=\"158815\" class=\"elementor elementor-158815 elementor-20474\" data-elementor-post-type=\"page\">\n\t\t\t\t<div class=\"elementor-element elementor-element-10fdade e-flex e-con-boxed e-con e-parent\" data-id=\"10fdade\" data-element_type=\"container\" data-e-type=\"container\" data-settings=\"{&quot;background_background&quot;:&quot;classic&quot;}\">\n\t\t\t\t\t<div class=\"e-con-inner\">\n\t\t<div class=\"elementor-element elementor-element-herohlft0 e-flex e-con-boxed e-con e-child\" data-id=\"herohlft0\" data-element_type=\"container\" data-e-type=\"container\">\n\t\t\t\t\t<div class=\"e-con-inner\">\n\t\t<div class=\"elementor-element elementor-element-c3ceb64 e-con-full e-flex e-con e-child\" data-id=\"c3ceb64\" data-element_type=\"container\" data-e-type=\"container\">\n\t\t\t\t<div class=\"elementor-element elementor-element-96ae5e1 elementor-widget elementor-widget-heading\" data-id=\"96ae5e1\" data-element_type=\"widget\" data-e-type=\"widget\" data-widget_type=\"heading.default\">\n\t\t\t\t\t<h1 class=\"elementor-heading-title elementor-size-default\">Krampus, rohat\u00fd sprievodca Mikul\u00e1\u0161a<\/h1>\t\t\t\t<\/div>\n\t\t\t\t<div class=\"elementor-element elementor-element-e45238a elementor-widget elementor-widget-text-editor\" data-id=\"e45238a\" data-element_type=\"widget\" data-e-type=\"widget\" data-widget_type=\"text-editor.default\">\n\t\t\t\t\t\t\t\t\t<p>Krampus je <span class=\"iwg-fachbegriff\" data-tooltip=\"Duchovn\u00e1 bytos\u0165, ktorej sa pripisuje \u0161kodliv\u00e9 alebo protire\u010div\u00e9 p\u00f4sobenie.\" tabindex=\"0\">d\u00e9mon<\/span> alpskej trad\u00edcie.<\/p><p><strong>Rohat\u00fd zimn\u00fd d\u00e9mon s pr\u00fatom, retazou a k\u00f4\u0161om na chrbte.<\/strong><\/p>\t\t\t\t\t\t\t\t<\/div>\n\t\t\t\t<\/div>\n\t\t<div class=\"elementor-element elementor-element-klsbdg01 e-con-full e-flex e-con e-child\" data-id=\"klsbdg01\" data-element_type=\"container\" data-e-type=\"container\">\n\t\t\t\t<div class=\"elementor-element elementor-element-klshtm01 elementor-widget elementor-widget-html\" data-id=\"klshtm01\" data-element_type=\"widget\" data-e-type=\"widget\" data-widget_type=\"html.default\">\n\t\t\t\t\t<div class=\"iwg-pill-row\"><span class=\"iwg-klasse-badge\" tabindex=\"0\" data-tooltip=\"D\u00e9mon \/ d\u00e9monka: Nadprirodzen\u00e1 bytos\u0165 s v\u00e4\u010d\u0161inou \u0161kodliv\u00fdm alebo ambivalentn\u00fdm p\u00f4soben\u00edm. Stoj\u00ed medzi bohmi a \u013eu\u010fmi, sp\u00f4sobuje choroby, poku\u0161enie alebo ne\u0161\u0165astie a odh\u00e1\u0148a sa zakl\u00ednan\u00edm, apotropaikami a ritu\u00e1lmi.\">D\u00e9mon<\/span><a href=\"https:\/\/iwell-guard.com\/sk\/?page_id=158853\" class=\"iwg-kultur-badge\" tabindex=\"0\" data-tooltip=\"B\u00e1joslovie alpsk\u00e9ho priestoru: Bavorsko, Rak\u00fasko, \u0160vaj\u010diarsko a Ju\u017en\u00fd Tirolsko, od horsk\u00fdch duchov a\u017e po bytosti Rauhn\u00e4chte.\">Alpsk\u00fd priestor<\/a><\/div>\t\t\t\t<\/div>\n\t\t\t\t<\/div>\n\t\t<div class=\"elementor-element elementor-element-3f74855 e-con-full e-flex e-con e-child\" data-id=\"3f74855\" data-element_type=\"container\" data-e-type=\"container\">\n\t\t\t\t<div class=\"elementor-element elementor-element-1c30362 elementor-toc--minimized-on-tablet elementor-widget elementor-widget-table-of-contents\" data-id=\"1c30362\" data-element_type=\"widget\" data-e-type=\"widget\" data-settings=\"{&quot;exclude_headings_by_selector&quot;:[],&quot;no_headings_message&quot;:&quot;Na tejto str\\u00e1nke sa nena\\u0161li \\u017eiadne nadpisy.&quot;,&quot;headings_by_tags&quot;:[&quot;h2&quot;,&quot;h3&quot;],&quot;marker_view&quot;:&quot;bullets&quot;,&quot;icon&quot;:{&quot;value&quot;:&quot;fas fa-circle&quot;,&quot;library&quot;:&quot;fa-solid&quot;,&quot;rendered_tag&quot;:&quot;&lt;svg class=\\&quot;e-font-icon-svg e-fas-circle\\&quot; viewBox=\\&quot;0 0 512 512\\&quot; xmlns=\\&quot;http:\\\/\\\/www.w3.org\\\/2000\\\/svg\\&quot;&gt;&lt;path d=\\&quot;M256 8C119 8 8 119 8 256s111 248 248 248 248-111 248-248S393 8 256 8z\\&quot;&gt;&lt;\\\/path&gt;&lt;\\\/svg&gt;&quot;},&quot;minimize_box&quot;:&quot;yes&quot;,&quot;minimized_on&quot;:&quot;tablet&quot;,&quot;hierarchical_view&quot;:&quot;yes&quot;,&quot;min_height&quot;:{&quot;unit&quot;:&quot;px&quot;,&quot;size&quot;:&quot;&quot;,&quot;sizes&quot;:[]},&quot;min_height_tablet&quot;:{&quot;unit&quot;:&quot;px&quot;,&quot;size&quot;:&quot;&quot;,&quot;sizes&quot;:[]},&quot;min_height_mobile&quot;:{&quot;unit&quot;:&quot;px&quot;,&quot;size&quot;:&quot;&quot;,&quot;sizes&quot;:[]}}\" data-widget_type=\"table-of-contents.default\">\n\t\t\t\t\t\t\t\t\t<div class=\"elementor-toc__header\">\n\t\t\t\t\t\t<h2 class=\"elementor-toc__header-title\">\n\t\t\t\tObsah\t\t\t<\/h2>\n\t\t\t\t\t\t\t\t\t\t<div class=\"elementor-toc__toggle-button elementor-toc__toggle-button--expand\" role=\"button\" tabindex=\"0\" aria-controls=\"elementor-toc__1c30362\" aria-expanded=\"true\" aria-label=\"Open table of contents\"><svg aria-hidden=\"true\" class=\"e-font-icon-svg e-fas-chevron-down\" viewBox=\"0 0 448 512\" xmlns=\"http:\/\/www.w3.org\/2000\/svg\"><path d=\"M207.029 381.476L12.686 187.132c-9.373-9.373-9.373-24.569 0-33.941l22.667-22.667c9.357-9.357 24.522-9.375 33.901-.04L224 284.505l154.745-154.021c9.379-9.335 24.544-9.317 33.901.04l22.667 22.667c9.373 9.373 9.373 24.569 0 33.941L240.971 381.476c-9.373 9.372-24.569 9.372-33.942 0z\"><\/path><\/svg><\/div>\n\t\t\t\t<div class=\"elementor-toc__toggle-button elementor-toc__toggle-button--collapse\" role=\"button\" tabindex=\"0\" aria-controls=\"elementor-toc__1c30362\" aria-expanded=\"true\" aria-label=\"Close table of contents\"><svg aria-hidden=\"true\" class=\"e-font-icon-svg e-fas-chevron-up\" viewBox=\"0 0 448 512\" xmlns=\"http:\/\/www.w3.org\/2000\/svg\"><path d=\"M240.971 130.524l194.343 194.343c9.373 9.373 9.373 24.569 0 33.941l-22.667 22.667c-9.357 9.357-24.522 9.375-33.901.04L224 227.495 69.255 381.516c-9.379 9.335-24.544 9.317-33.901-.04l-22.667-22.667c-9.373-9.373-9.373-24.569 0-33.941L207.03 130.525c9.372-9.373 24.568-9.373 33.941-.001z\"><\/path><\/svg><\/div>\n\t\t\t\t\t<\/div>\n\t\t\t\t<div id=\"elementor-toc__1c30362\" class=\"elementor-toc__body\">\n\t\t\t<div class=\"elementor-toc__spinner-container\">\n\t\t\t\t<svg class=\"elementor-toc__spinner eicon-animation-spin e-font-icon-svg e-eicon-loading\" aria-hidden=\"true\" viewBox=\"0 0 1000 1000\" xmlns=\"http:\/\/www.w3.org\/2000\/svg\"><path d=\"M500 975V858C696 858 858 696 858 500S696 142 500 142 142 304 142 500H25C25 237 238 25 500 25S975 237 975 500 763 975 500 975Z\"><\/path><\/svg>\t\t\t<\/div>\n\t\t<\/div>\n\t\t\t\t\t\t<\/div>\n\t\t\t\t<\/div>\n\t\t\t\t\t<\/div>\n\t\t\t\t<\/div>\n\t\t<div class=\"elementor-element elementor-element-herorght0 e-con-full e-flex e-con e-child\" data-id=\"herorght0\" data-element_type=\"container\" data-e-type=\"container\">\n\t\t\t\t<div class=\"elementor-element elementor-element-heroimg00 iwg-hero-image elementor-widget elementor-widget-image\" data-id=\"heroimg00\" data-element_type=\"widget\" data-e-type=\"widget\" data-widget_type=\"image.default\">\n\t\t\t\t\t\t\t\t\t\t\t\t\t\t\t<img fetchpriority=\"high\" decoding=\"async\" width=\"683\" height=\"1024\" src=\"https:\/\/iwell-guard.com\/wp-content\/uploads\/2026\/07\/daemonen_alpin_krampus-683x1024.webp\" class=\"attachment-large size-large wp-image-158890\" alt=\"Krampus - d\u00e9moni z alpskej trad\u00edcie, historicko-ilustra\u010dn\u00e9 zobrazenie\" srcset=\"https:\/\/iwell-guard.com\/wp-content\/uploads\/2026\/07\/daemonen_alpin_krampus-683x1024.webp 683w, https:\/\/iwell-guard.com\/wp-content\/uploads\/2026\/07\/daemonen_alpin_krampus-200x300.webp 200w, https:\/\/iwell-guard.com\/wp-content\/uploads\/2026\/07\/daemonen_alpin_krampus-768x1152.webp 768w, https:\/\/iwell-guard.com\/wp-content\/uploads\/2026\/07\/daemonen_alpin_krampus.webp 1024w\" sizes=\"(max-width: 683px) 100vw, 683px\" \/>\t\t\t\t\t\t\t\t\t\t\t\t\t\t\t<\/div>\n\t\t\t\t<\/div>\n\t\t\t\t\t<\/div>\n\t\t\t\t<\/div>\n\t\t<div class=\"elementor-element elementor-element-32917199 e-flex e-con-boxed e-con e-parent\" data-id=\"32917199\" data-element_type=\"container\" data-e-type=\"container\">\n\t\t\t\t\t<div class=\"e-con-inner\">\n\t\t<div class=\"elementor-element elementor-element-26e916cb e-flex e-con-boxed e-con e-child\" data-id=\"26e916cb\" data-element_type=\"container\" data-e-type=\"container\">\n\t\t\t\t\t<div class=\"e-con-inner\">\n\t\t<div class=\"elementor-element elementor-element-253a40d4 e-flex e-con-boxed e-con e-child\" data-id=\"253a40d4\" data-element_type=\"container\" data-e-type=\"container\">\n\t\t\t\t\t<div class=\"e-con-inner\">\n\t\t\t\t<div class=\"elementor-element elementor-element-1200c304 elementor-widget elementor-widget-heading\" data-id=\"1200c304\" data-element_type=\"widget\" data-e-type=\"widget\" data-widget_type=\"heading.default\">\n\t\t\t\t\t<div class=\"elementor-heading-title elementor-size-default\">Krampus<\/div>\t\t\t\t<\/div>\n\t\t\t\t<div class=\"elementor-element elementor-element-11758e7f elementor-widget elementor-widget-text-editor\" data-id=\"11758e7f\" data-element_type=\"widget\" data-e-type=\"widget\" data-widget_type=\"text-editor.default\">\n\t\t\t\t\t\t\t\t\t<p>Krampus je temn\u00e1 sprievodn\u00e1 postava sv\u00e4t\u00e9ho Mikul\u00e1\u0161a vo v\u00fdchodoalpskom priestore: rohat\u00fd, zarasten\u00fd a vybaven\u00fd re\u0165azou a pr\u00fatom, zatia\u013e \u010do Mikul\u00e1\u0161 odme\u0148uje dar\u010dekmi t\u00fdch, ktor\u00ed boli po\u010das roka dobr\u00ed. Obrazovo je t\u00e1to postava zdokumentovan\u00e1 u\u017e od roku 1582 v Die\u00dfene nad Ammersee, ako samostatn\u00e1 postava na poh\u013eadniciach a\u017e od polovice 19. storo\u010dia.<\/p><p>V krampusov\u00fdch sprievodoch od Salzburgu po Korut\u00e1nsko vystupuje a\u017e do s\u00fa\u010dasnosti ako hlu\u010dn\u00e1, desiv\u00e1 demonick\u00e1 postava zimn\u00e9ho obdobia, s vyrez\u00e1vanou drevenou maskou, rin\u010diacou re\u0165azou a pr\u00fatom z brezov\u00e9ho pr\u00fatia. Noc z 5. decembra, predch\u00e1dzaj\u00faca mikul\u00e1\u0161skemu d\u0148u, zost\u00e1va jeho pevn\u00fdm term\u00ednom vyst\u00fapenia.<\/p>\t\t\t\t\t\t\t\t<\/div>\n\t\t\t\t\t<\/div>\n\t\t\t\t<\/div>\n\t\t<div class=\"elementor-element elementor-element-159dcf9a e-flex e-con-boxed e-con e-child\" data-id=\"159dcf9a\" data-element_type=\"container\" data-e-type=\"container\">\n\t\t\t\t\t<div class=\"e-con-inner\">\n\t\t\t\t<div class=\"elementor-element elementor-element-48cee66f elementor-widget elementor-widget-heading\" data-id=\"48cee66f\" data-element_type=\"widget\" data-e-type=\"widget\" data-widget_type=\"heading.default\">\n\t\t\t\t\t<div class=\"elementor-heading-title elementor-size-default\">Na jeden poh\u013ead: Krampus<\/div>\t\t\t\t<\/div>\n\t\t\t\t<div class=\"elementor-element elementor-element-3f50d82c elementor-widget elementor-widget-text-editor\" data-id=\"3f50d82c\" data-element_type=\"widget\" data-e-type=\"widget\" data-widget_type=\"text-editor.default\">\n\t\t\t\t\t\t\t\t\t<p><strong>Typ:<\/strong> zimn\u00fd d\u00e9mon a sprievodn\u00e1 postava Mikul\u00e1\u0161a<br>P\u00f4vod: v\u00fdchodoalpsk\u00fd priestor, obrazovo zdokumentovan\u00fd od roku 1582 v Die\u00dfene nad Ammersee<br>Texty: cirkevn\u00e9 z\u00e1kazov\u00e9 akty od 17. storo\u010dia, krampusov\u00e9 poh\u013eadnice od pribli\u017ene roku 1850<br>\u010casov\u00e9 obdobie: ako postava na poh\u013eadniciach od polovice 19. storo\u010dia, zvyk \u017eiv\u00fd a\u017e do s\u00fa\u010dasnosti<br>Vzh\u013ead: rohat\u00e1, zarasten\u00e1 postava s drevenou maskou, re\u0165azou, pr\u00fatom a k\u00f4\u0161om na chrbte<\/p>\t\t\t\t\t\t\t\t<\/div>\n\t\t\t\t\t<\/div>\n\t\t\t\t<\/div>\n\t\t\t\t\t<\/div>\n\t\t\t\t<\/div>\n\t\t\t\t\t<\/div>\n\t\t\t\t<\/div>\n\t\t<div class=\"elementor-element elementor-element-18613602 e-flex e-con-boxed e-con e-parent\" data-id=\"18613602\" data-element_type=\"container\" data-e-type=\"container\">\n\t\t\t\t\t<div class=\"e-con-inner\">\n\t\t\t\t<div class=\"elementor-element elementor-element-262b8a9f elementor-widget elementor-widget-heading\" data-id=\"262b8a9f\" data-element_type=\"widget\" data-e-type=\"widget\" data-widget_type=\"heading.default\">\n\t\t\t\t\t<h2 class=\"elementor-heading-title elementor-size-default\">Historick\u00e9 pozadie<\/h2>\t\t\t\t<\/div>\n\t\t<div class=\"elementor-element elementor-element-46dcb7d e-con-full e-flex e-con e-child\" data-id=\"46dcb7d\" data-element_type=\"container\" data-e-type=\"container\">\n\t\t<div class=\"elementor-element elementor-element-61d3ab3 e-flex e-con-boxed e-con e-child\" data-id=\"61d3ab3\" data-element_type=\"container\" data-e-type=\"container\">\n\t\t\t\t\t<div class=\"e-con-inner\">\n\t\t\t\t<div class=\"elementor-element elementor-element-117c166 elementor-widget elementor-widget-heading\" data-id=\"117c166\" data-element_type=\"widget\" data-e-type=\"widget\" data-widget_type=\"heading.default\">\n\t\t\t\t\t<h3 class=\"elementor-heading-title elementor-size-default\">Zeitraum der Texte<\/h3>\t\t\t\t<\/div>\n\t\t\t\t<div class=\"elementor-element elementor-element-73997a0 elementor-widget elementor-widget-text-editor\" data-id=\"73997a0\" data-element_type=\"widget\" data-e-type=\"widget\" data-widget_type=\"text-editor.default\">\n\t\t\t\t\t\t\t\t\t<p>Obrazovo zdokumentovan\u00fd od roku 1582 v Die\u00dfene nad Ammersee, ako samostatn\u00e1 postava na poh\u013eadniciach a\u017e od polovice 19. storo\u010dia. Cirkevn\u00e9 z\u00e1kazov\u00e9 akty siahaj\u00fa a\u017e do 17. storo\u010dia.<\/p>\t\t\t\t\t\t\t\t<\/div>\n\t\t\t\t\t<\/div>\n\t\t\t\t<\/div>\n\t\t<div class=\"elementor-element elementor-element-d47b156 e-flex e-con-boxed e-con e-child\" data-id=\"d47b156\" data-element_type=\"container\" data-e-type=\"container\">\n\t\t\t\t\t<div class=\"e-con-inner\">\n\t\t\t\t<div class=\"elementor-element elementor-element-ff38c2b elementor-widget elementor-widget-heading\" data-id=\"ff38c2b\" data-element_type=\"widget\" data-e-type=\"widget\" data-widget_type=\"heading.default\">\n\t\t\t\t\t<h3 class=\"elementor-heading-title elementor-size-default\">Verbreitungsraum<\/h3>\t\t\t\t<\/div>\n\t\t\t\t<div class=\"elementor-element elementor-element-4e49fcc elementor-widget elementor-widget-text-editor\" data-id=\"4e49fcc\" data-element_type=\"widget\" data-e-type=\"widget\" data-widget_type=\"text-editor.default\">\n\t\t\t\t\t\t\t\t\t<p>Salzburg, Tirolsko, Korut\u00e1nsko, \u0160tajersko, Bavorsko a Ju\u017en\u00e9 Tirolsko: Krampus je roz\u0161\u00edren\u00fd v celom v\u00fdchodoalpskom priestore a jeho bavorsk\u00fdch susedn\u00fdch regi\u00f3noch.<\/p>\t\t\t\t\t\t\t\t<\/div>\n\t\t\t\t\t<\/div>\n\t\t\t\t<\/div>\n\t\t\t\t<\/div>\n\t\t<div class=\"elementor-element elementor-element-db03c39 e-con-full e-flex e-con e-child\" data-id=\"db03c39\" data-element_type=\"container\" data-e-type=\"container\">\n\t\t<div class=\"elementor-element elementor-element-229a87b e-flex e-con-boxed e-con e-child\" data-id=\"229a87b\" data-element_type=\"container\" data-e-type=\"container\">\n\t\t\t\t\t<div class=\"e-con-inner\">\n\t\t\t\t<div class=\"elementor-element elementor-element-1f471fc elementor-widget elementor-widget-heading\" data-id=\"1f471fc\" data-element_type=\"widget\" data-e-type=\"widget\" data-widget_type=\"heading.default\">\n\t\t\t\t\t<h3 class=\"elementor-heading-title elementor-size-default\">Quellenlage<\/h3>\t\t\t\t<\/div>\n\t\t\t\t<div class=\"elementor-element elementor-element-36b1201 elementor-widget elementor-widget-text-editor\" data-id=\"36b1201\" data-element_type=\"widget\" data-e-type=\"widget\" data-widget_type=\"text-editor.default\">\n\t\t\t\t\t\t\t\t\t<p>Dobre zdokumentovan\u00fd cirkevn\u00fdmi z\u00e1kazov\u00fdmi aktmi od 17. storo\u010dia, krampusov\u00fdmi poh\u013eadnicami od pribli\u017ene roku 1850 a etnografick\u00fdmi popismi krampusov\u00fdch a perchtenov\u00fdch sprievodov.<\/p>\t\t\t\t\t\t\t\t<\/div>\n\t\t\t\t\t<\/div>\n\t\t\t\t<\/div>\n\t\t\t\t<\/div>\n\t\t\t\t\t<\/div>\n\t\t\t\t<\/div>\n\t\t<div class=\"elementor-element elementor-element-3ae0637c e-flex e-con-boxed e-con e-parent\" data-id=\"3ae0637c\" data-element_type=\"container\" data-e-type=\"container\">\n\t\t\t\t\t<div class=\"e-con-inner\">\n\t\t\t\t<div class=\"elementor-element elementor-element-31d07739 elementor-widget elementor-widget-heading\" data-id=\"31d07739\" data-element_type=\"widget\" data-e-type=\"widget\" data-widget_type=\"heading.default\">\n\t\t\t\t\t<h2 class=\"elementor-heading-title elementor-size-default\">Meno a varianty<\/h2>\t\t\t\t<\/div>\n\t\t<div class=\"elementor-element elementor-element-b7642947 e-con-full e-flex e-con e-child\" data-id=\"b7642947\" data-element_type=\"container\" data-e-type=\"container\">\n\t\t\t\t<div class=\"elementor-element elementor-element-a086266 elementor-widget elementor-widget-text-editor\" data-id=\"a086266\" data-element_type=\"widget\" data-e-type=\"widget\" data-widget_type=\"text-editor.default\">\n\t\t\t\t\t\t\t\t\t<p><strong>Bavorsko-rak\u00fasky p\u00f4vod:<\/strong> Meno sa zvy\u010dajne odvodzuje od slova Krampen, v\u00fdrazu pre vyschnut\u00e9 alebo paz\u00farovit\u00e9, pr\u00edbuzn\u00e9ho so strednodolnonemeck\u00fdm krampe, h\u00e1k. Presn\u00fd p\u00f4vod sa pova\u017euje za nie \u00faplne overen\u00fd.<\/p>\t\t\t\t\t\t\t\t<\/div>\n\t\t\t\t<\/div>\n\t\t\t\t\t<\/div>\n\t\t\t\t<\/div>\n\t\t<div class=\"elementor-element elementor-element-709a44a8 e-flex e-con-boxed e-con e-parent\" data-id=\"709a44a8\" data-element_type=\"container\" data-e-type=\"container\">\n\t\t\t\t\t<div class=\"e-con-inner\">\n\t\t\t\t<div class=\"elementor-element elementor-element-2f585873 elementor-widget elementor-widget-heading\" data-id=\"2f585873\" data-element_type=\"widget\" data-e-type=\"widget\" data-widget_type=\"heading.default\">\n\t\t\t\t\t<h2 class=\"elementor-heading-title elementor-size-default\">Vzh\u013ead a symbolika<\/h2>\t\t\t\t<\/div>\n\t\t<div class=\"elementor-element elementor-element-70621c12 e-con-full e-flex e-con e-child\" data-id=\"70621c12\" data-element_type=\"container\" data-e-type=\"container\">\n\t\t\t\t<div class=\"elementor-element elementor-element-4296eb49 elementor-widget elementor-widget-text-editor\" data-id=\"4296eb49\" data-element_type=\"widget\" data-e-type=\"widget\" data-widget_type=\"text-editor.default\">\n\t\t\t\t\t\t\t\t\t<p><strong>Vzh\u013ead<\/strong><\/p><p>Rohat\u00fd, s dlh\u00fdm jazykom a pokryt\u00fd ko\u017eu\u0161inou, maska tradi\u010dne vyrez\u00e1van\u00e1 z limbov\u00e9ho alebo lipov\u00e9ho dreva; ka\u017ed\u00e1 passa m\u00e1 svoj vlastn\u00fd \u0161t\u00fdl masiek. Charakteristick\u00e9 s\u00fa rin\u010diaca re\u0165az, pr\u00fat z brezov\u00e9ho pr\u00fatia a k\u00f4\u0161 na chrbte.<\/p><p><strong>P\u00f4sobenie<\/strong><\/p><p>Kombin\u00e1cia hluku, ko\u017eu\u0161iny a re\u0165aze z neho rob\u00ed z\u00e1rove\u0148 skroten\u00fa aj skrotuj\u00facu bytos\u0165: zimn\u00fd d\u00e9mon v slu\u017eb\u00e1ch Mikul\u00e1\u0161a, ktor\u00fd si vidite\u013ene zachov\u00e1va svoju p\u00f4vodn\u00fa hrozivos\u0165. Na niektor\u00fdch miestach e\u0161te zosil\u0148uje hluk jeho vyst\u00fapenia zvoniv\u00fd postroj.<\/p>\t\t\t\t\t\t\t\t<\/div>\n\t\t\t\t<\/div>\n\t\t\t\t\t<\/div>\n\t\t\t\t<\/div>\n\t\t<div class=\"elementor-element elementor-element-44e71476 e-flex e-con-boxed e-con e-parent\" data-id=\"44e71476\" data-element_type=\"container\" data-e-type=\"container\">\n\t\t\t\t\t<div class=\"e-con-inner\">\n\t\t\t\t<div class=\"elementor-element elementor-element-3c1fc3f0 elementor-widget elementor-widget-heading\" data-id=\"3c1fc3f0\" data-element_type=\"widget\" data-e-type=\"widget\" data-widget_type=\"heading.default\">\n\t\t\t\t\t<h2 class=\"elementor-heading-title elementor-size-default\">Charakteristika: Krampus<\/h2>\t\t\t\t<\/div>\n\t\t<div class=\"elementor-element elementor-element-84f33b8e e-con-full e-flex e-con e-child\" data-id=\"84f33b8e\" data-element_type=\"container\" data-e-type=\"container\">\n\t\t\t\t<div class=\"elementor-element elementor-element-hqkdc67p elementor-widget elementor-widget-text-editor\" data-id=\"hqkdc67p\" data-element_type=\"widget\" data-e-type=\"widget\" data-widget_type=\"text-editor.default\">\n\t\t\t\t\t\t\t\t\t<p>Najd\u00f4le\u017eitej\u0161ie aspekty postavy s pr\u00fatom na jeden poh\u013ead.<\/p>\t\t\t\t\t\t\t\t<\/div>\n\t\t\t\t<\/div>\n\t\t<div class=\"elementor-element elementor-element-pemmx7c5 e-con-full e-flex e-con e-child\" data-id=\"pemmx7c5\" data-element_type=\"container\" data-e-type=\"container\">\n\t\t<div class=\"elementor-element elementor-element-pemmx7c1 e-con-full e-flex e-con e-child\" data-id=\"pemmx7c1\" data-element_type=\"container\" data-e-type=\"container\">\n\t\t<div class=\"elementor-element elementor-element-qh9oavvu iwg-steckbrief-card e-flex e-con-boxed e-con e-child\" data-id=\"qh9oavvu\" data-element_type=\"container\" data-e-type=\"container\">\n\t\t\t\t\t<div class=\"e-con-inner\">\n\t\t\t\t<div class=\"elementor-element elementor-element-awzx8k2k elementor-widget elementor-widget-heading\" data-id=\"awzx8k2k\" data-element_type=\"widget\" data-e-type=\"widget\" data-widget_type=\"heading.default\">\n\t\t\t\t\t<div class=\"elementor-heading-title elementor-size-default\">Trad\u00edcia<\/div>\t\t\t\t<\/div>\n\t\t\t\t<div class=\"elementor-element elementor-element-x6rowhv0 elementor-widget elementor-widget-text-editor\" data-id=\"x6rowhv0\" data-element_type=\"widget\" data-e-type=\"widget\" data-widget_type=\"text-editor.default\">\n\t\t\t\t\t\t\t\t\t<p>Zimn\u00e1 sprievodn\u00e1 postava Mikul\u00e1\u0161a vo v\u00fdchodoalpskom priestore, od protireform\u00e1cie ust\u00e1len\u00e1 ako pevn\u00fd protip\u00f3l odmeny a trestu.<\/p>\t\t\t\t\t\t\t\t<\/div>\n\t\t\t\t\t<\/div>\n\t\t\t\t<\/div>\n\t\t<div class=\"elementor-element elementor-element-8e3o4kxs iwg-steckbrief-card e-flex e-con-boxed e-con e-child\" data-id=\"8e3o4kxs\" data-element_type=\"container\" data-e-type=\"container\">\n\t\t\t\t\t<div class=\"e-con-inner\">\n\t\t\t\t<div class=\"elementor-element elementor-element-08rkdgov elementor-widget elementor-widget-heading\" data-id=\"08rkdgov\" data-element_type=\"widget\" data-e-type=\"widget\" data-widget_type=\"heading.default\">\n\t\t\t\t\t<div class=\"elementor-heading-title elementor-size-default\">Vz\u0165ahuje sa na<\/div>\t\t\t\t<\/div>\n\t\t\t\t<div class=\"elementor-element elementor-element-uwjelx8s elementor-widget elementor-widget-text-editor\" data-id=\"uwjelx8s\" data-element_type=\"widget\" data-e-type=\"widget\" data-widget_type=\"text-editor.default\">\n\t\t\t\t\t\t\t\t\t<p>Neposlu\u0161n\u00e9 deti ako deklarovan\u00e1 cie\u013eov\u00e1 skupina hrozby, popri tom pri sprievode aj cel\u00e9 zhroma\u017eden\u00e9 publikum krampusov\u00fdch priechodov.<\/p>\t\t\t\t\t\t\t\t<\/div>\n\t\t\t\t\t<\/div>\n\t\t\t\t<\/div>\n\t\t<div class=\"elementor-element elementor-element-jm2n74ec iwg-steckbrief-card e-flex e-con-boxed e-con e-child\" data-id=\"jm2n74ec\" data-element_type=\"container\" data-e-type=\"container\">\n\t\t\t\t\t<div class=\"e-con-inner\">\n\t\t\t\t<div class=\"elementor-element elementor-element-8vufse4c elementor-widget elementor-widget-heading\" data-id=\"8vufse4c\" data-element_type=\"widget\" data-e-type=\"widget\" data-widget_type=\"heading.default\">\n\t\t\t\t\t<div class=\"elementor-heading-title elementor-size-default\">Zobrazenie<\/div>\t\t\t\t<\/div>\n\t\t\t\t<div class=\"elementor-element elementor-element-mwb9u015 elementor-widget elementor-widget-text-editor\" data-id=\"mwb9u015\" data-element_type=\"widget\" data-e-type=\"widget\" data-widget_type=\"text-editor.default\">\n\t\t\t\t\t\t\t\t\t<p>Vyrez\u00e1van\u00e1 dreven\u00e1 maska, ko\u017eu\u0161ina, re\u0165az, pr\u00fat z brezov\u00e9ho pr\u00fatia a k\u00f4\u0161 na chrbte; tvar rohov a d\u013a\u017eka jazyka sa l\u00ed\u0161ia od passy k passe.<\/p>\t\t\t\t\t\t\t\t<\/div>\n\t\t\t\t\t<\/div>\n\t\t\t\t<\/div>\n\t\t\t\t<\/div>\n\t\t<div class=\"elementor-element elementor-element-pemmx7c2 e-con-full e-flex e-con e-child\" data-id=\"pemmx7c2\" data-element_type=\"container\" data-e-type=\"container\">\n\t\t<div class=\"elementor-element elementor-element-37ss2yr6 iwg-steckbrief-card e-flex e-con-boxed e-con e-child\" data-id=\"37ss2yr6\" data-element_type=\"container\" data-e-type=\"container\">\n\t\t\t\t\t<div class=\"e-con-inner\">\n\t\t\t\t<div class=\"elementor-element elementor-element-3v0wp3wx elementor-widget elementor-widget-heading\" data-id=\"3v0wp3wx\" data-element_type=\"widget\" data-e-type=\"widget\" data-widget_type=\"heading.default\">\n\t\t\t\t\t<div class=\"elementor-heading-title elementor-size-default\">Funkcia<\/div>\t\t\t\t<\/div>\n\t\t\t\t<div class=\"elementor-element elementor-element-w3247g2m elementor-widget elementor-widget-text-editor\" data-id=\"w3247g2m\" data-element_type=\"widget\" data-e-type=\"widget\" data-widget_type=\"text-editor.default\">\n\t\t\t\t\t\t\t\t\t<p>Trestaj\u00faca kontrastn\u00e1 postava k odme\u0148uj\u00facemu Mikul\u00e1\u0161ovi, so star\u0161ou \u00falohou putuj\u00faceho zimn\u00e9ho ducha, ktor\u00e9ho sa ob\u00e1vali po\u010das Rauhn\u00e4chte.<\/p>\t\t\t\t\t\t\t\t<\/div>\n\t\t\t\t\t<\/div>\n\t\t\t\t<\/div>\n\t\t<div class=\"elementor-element elementor-element-0qpjal9w iwg-steckbrief-card e-flex e-con-boxed e-con e-child\" data-id=\"0qpjal9w\" data-element_type=\"container\" data-e-type=\"container\">\n\t\t\t\t\t<div class=\"e-con-inner\">\n\t\t\t\t<div class=\"elementor-element elementor-element-6ndoih0o elementor-widget elementor-widget-heading\" data-id=\"6ndoih0o\" data-element_type=\"widget\" data-e-type=\"widget\" data-widget_type=\"heading.default\">\n\t\t\t\t\t<div class=\"elementor-heading-title elementor-size-default\">Formy ochrany<\/div>\t\t\t\t<\/div>\n\t\t\t\t<div class=\"elementor-element elementor-element-6684tyh9 elementor-widget elementor-widget-text-editor\" data-id=\"6684tyh9\" data-element_type=\"widget\" data-e-type=\"widget\" data-widget_type=\"text-editor.default\">\n\t\t\t\t\t\t\t\t\t<p>Vykurovanie tymianom, hluk zvonov a re\u0165az\u00ed, cirkevn\u00e9 po\u017eehnanie kl\u00e1tu a sv\u00e4ten\u00e1 voda okolo mikul\u00e1\u0161skeho d\u0148a.<\/p>\t\t\t\t\t\t\t\t<\/div>\n\t\t\t\t\t<\/div>\n\t\t\t\t<\/div>\n\t\t<div class=\"elementor-element elementor-element-3lfi7x32 iwg-steckbrief-card e-flex e-con-boxed e-con e-child\" data-id=\"3lfi7x32\" data-element_type=\"container\" data-e-type=\"container\">\n\t\t\t\t\t<div class=\"e-con-inner\">\n\t\t\t\t<div class=\"elementor-element elementor-element-0kg99ga1 elementor-widget elementor-widget-heading\" data-id=\"0kg99ga1\" data-element_type=\"widget\" data-e-type=\"widget\" data-widget_type=\"heading.default\">\n\t\t\t\t\t<div class=\"elementor-heading-title elementor-size-default\">Porovnate\u013en\u00e9 bytosti<\/div>\t\t\t\t<\/div>\n\t\t\t\t<div class=\"elementor-element elementor-element-n0fum6kp elementor-widget elementor-widget-text-editor\" data-id=\"n0fum6kp\" data-element_type=\"widget\" data-e-type=\"widget\" data-widget_type=\"text-editor.default\">\n\t\t\t\t\t\t\t\t\t<p>Japonsk\u00fd <a href=\"https:\/\/iwell-guard.com\/sk\/oni\/\">Oni<\/a> ako vzdialen\u00fd porovn\u00e1vac\u00ed pr\u00edklad ritu\u00e1lneho vyh\u00e1\u0148ania d\u00e9monov, k tomu region\u00e1lni pr\u00edbuzn\u00ed ako Klaubauf a Buttnmandl.<\/p>\t\t\t\t\t\t\t\t<\/div>\n\t\t\t\t\t<\/div>\n\t\t\t\t<\/div>\n\t\t\t\t<\/div>\n\t\t\t\t<\/div>\n\t\t\t\t\t<\/div>\n\t\t\t\t<\/div>\n\t\t<div class=\"elementor-element elementor-element-15d411e e-flex e-con-boxed e-con e-parent\" data-id=\"15d411e\" data-element_type=\"container\" data-e-type=\"container\">\n\t\t\t\t\t<div class=\"e-con-inner\">\n\t\t\t\t<div class=\"elementor-element elementor-element- elementor-widget elementor-widget-heading\" data-id=\"\" data-element_type=\"widget\" data-e-type=\"widget\" data-widget_type=\"heading.default\">\n\t\t\t\t\t<h2 class=\"elementor-heading-title elementor-size-default\">V\u00fdklad: hr\u00f4za s funkciou<\/h2>\t\t\t\t<\/div>\n\t\t<div class=\"elementor-element elementor-element- e-con-full e-flex e-con e-child\" data-id=\"\" data-element_type=\"container\" data-e-type=\"container\">\n\t\t\t\t<div class=\"elementor-element elementor-element- elementor-widget elementor-widget-text-editor\" data-id=\"\" data-element_type=\"widget\" data-e-type=\"widget\" data-widget_type=\"text-editor.default\">\n\t\t\t\t\t\t\t\t\t<p>Religionistika ch\u00e1pe Krampusa ako usporiadan\u00fa hr\u00f4zostra\u0161n\u00fa postavu. Zvyk predv\u00e1dza strach kontrolovan\u00fdm sp\u00f4sobom, via\u017ee ho na pravidl\u00e1 a na konci ho rozp\u00fa\u0161\u0165a. Die\u0165a za\u017e\u00edva hrozbu, ale aj to, \u017ee pominie a \u017ee posledn\u00e9 slovo m\u00e1 sv\u00e4t\u00fd.<\/p><p>K tomu sa prid\u00e1va apotropaick\u00fd v\u00fdklad, teda ch\u00e1panie hluku a masky ako prostriedku proti ne\u0161\u0165astiu. Zvon\u010deky, krik a stra\u0161ideln\u00e1 tv\u00e1r maj\u00fa pod\u013ea tohto v\u00fdkladu udr\u017eiava\u0165 temnotu zimn\u00e9ho \u010dasu mimo. Tento v\u00fdklad je roz\u0161\u00edren\u00fd, ako historick\u00e9 vysvetlenie zvyku v\u0161ak zost\u00e1va hypot\u00e9zou.<\/p><p>Zauj\u00edmav\u00e1 je dvojit\u00e1 \u00faloha postavy: Krampus steles\u0148uje hroziv\u00e9 a z\u00e1rove\u0148 ho zah\u00e1\u0148a. Kto nos\u00ed masku, rob\u00ed hr\u00f4zu ovl\u00e1date\u013enou. Presne t\u00e1to logika sp\u00e1ja alpsk\u00fd zvyk s ochrann\u00fdmi praktikami mnoh\u00fdch kult\u00far, ktor\u00e9 d\u00e1vaj\u00fa ne\u0161\u0165astiu tv\u00e1r, aby ho mohli ovl\u00e1da\u0165.<\/p>\t\t\t\t\t\t\t\t<\/div>\n\t\t\t\t<\/div>\n\t\t\t\t\t<\/div>\n\t\t\t\t<\/div>\n\t\t<div class=\"elementor-element elementor-element-48c3e6f e-flex e-con-boxed e-con e-parent\" data-id=\"48c3e6f\" data-element_type=\"container\" data-e-type=\"container\">\n\t\t\t\t\t<div class=\"e-con-inner\">\n\t\t\t\t<div class=\"elementor-element elementor-element- elementor-widget elementor-widget-heading\" data-id=\"\" data-element_type=\"widget\" data-e-type=\"widget\" data-widget_type=\"heading.default\">\n\t\t\t\t\t<h2 class=\"elementor-heading-title elementor-size-default\">V\u00fdklad: hr\u00f4za s funkciou<\/h2>\t\t\t\t<\/div>\n\t\t<div class=\"elementor-element elementor-element- e-con-full e-flex e-con e-child\" data-id=\"\" data-element_type=\"container\" data-e-type=\"container\">\n\t\t\t\t<div class=\"elementor-element elementor-element- elementor-widget elementor-widget-text-editor\" data-id=\"\" data-element_type=\"widget\" data-e-type=\"widget\" data-widget_type=\"text-editor.default\">\n\t\t\t\t\t\t\t\t\t<p>Religionistika ch\u00e1pe Krampusa ako usporiadan\u00fa hr\u00f4zostra\u0161n\u00fa postavu. Zvyk predv\u00e1dza strach kontrolovan\u00fdm sp\u00f4sobom, via\u017ee ho na pravidl\u00e1 a na konci ho rozp\u00fa\u0161\u0165a. Die\u0165a za\u017e\u00edva hrozbu, ale aj to, \u017ee pominie a \u017ee posledn\u00e9 slovo m\u00e1 sv\u00e4t\u00fd.<\/p><p>K tomu sa prid\u00e1va apotropaick\u00fd v\u00fdklad, teda ch\u00e1panie hluku a masky ako prostriedku proti ne\u0161\u0165astiu. Zvon\u010deky, krik a stra\u0161ideln\u00e1 tv\u00e1r maj\u00fa pod\u013ea tohto v\u00fdkladu udr\u017eiava\u0165 temnotu zimn\u00e9ho \u010dasu mimo. Tento v\u00fdklad je roz\u0161\u00edren\u00fd, ako historick\u00e9 vysvetlenie zvyku v\u0161ak zost\u00e1va hypot\u00e9zou.<\/p><p>Zauj\u00edmav\u00e1 je dvojit\u00e1 \u00faloha postavy: Krampus steles\u0148uje hroziv\u00e9 a z\u00e1rove\u0148 ho zah\u00e1\u0148a. Kto nos\u00ed masku, rob\u00ed hr\u00f4zu ovl\u00e1date\u013enou. Presne t\u00e1to logika sp\u00e1ja alpsk\u00fd zvyk s ochrann\u00fdmi praktikami mnoh\u00fdch kult\u00far, ktor\u00e9 d\u00e1vaj\u00fa ne\u0161\u0165astiu tv\u00e1r, aby ho mohli ovl\u00e1da\u0165.<\/p>\t\t\t\t\t\t\t\t<\/div>\n\t\t\t\t<\/div>\n\t\t\t\t\t<\/div>\n\t\t\t\t<\/div>\n\t\t<div class=\"elementor-element elementor-element-44e12e3 e-flex e-con-boxed e-con e-parent\" data-id=\"44e12e3\" data-element_type=\"container\" data-e-type=\"container\">\n\t\t\t\t\t<div class=\"e-con-inner\">\n\t\t\t\t<div class=\"elementor-element elementor-element- elementor-widget elementor-widget-heading\" data-id=\"\" data-element_type=\"widget\" data-e-type=\"widget\" data-widget_type=\"heading.default\">\n\t\t\t\t\t<h2 class=\"elementor-heading-title elementor-size-default\">V\u00fdklad: hr\u00f4za s funkciou<\/h2>\t\t\t\t<\/div>\n\t\t<div class=\"elementor-element elementor-element- e-con-full e-flex e-con e-child\" data-id=\"\" data-element_type=\"container\" data-e-type=\"container\">\n\t\t\t\t<div class=\"elementor-element elementor-element- elementor-widget elementor-widget-text-editor\" data-id=\"\" data-element_type=\"widget\" data-e-type=\"widget\" data-widget_type=\"text-editor.default\">\n\t\t\t\t\t\t\t\t\t<p>Religionistika ch\u00e1pe Krampusa ako usporiadan\u00fa hr\u00f4zostra\u0161n\u00fa postavu. Zvyk predv\u00e1dza strach kontrolovan\u00fdm sp\u00f4sobom, via\u017ee ho na pravidl\u00e1 a na konci ho rozp\u00fa\u0161\u0165a. Die\u0165a za\u017e\u00edva hrozbu, ale aj to, \u017ee pominie a \u017ee posledn\u00e9 slovo m\u00e1 sv\u00e4t\u00fd.<\/p><p>K tomu sa prid\u00e1va apotropaick\u00fd v\u00fdklad, teda ch\u00e1panie hluku a masky ako prostriedku proti ne\u0161\u0165astiu. Zvon\u010deky, krik a stra\u0161ideln\u00e1 tv\u00e1r maj\u00fa pod\u013ea tohto v\u00fdkladu udr\u017eiava\u0165 temnotu zimn\u00e9ho \u010dasu mimo. Tento v\u00fdklad je roz\u0161\u00edren\u00fd, ako historick\u00e9 vysvetlenie zvyku v\u0161ak zost\u00e1va hypot\u00e9zou.<\/p><p>Zauj\u00edmav\u00e1 je dvojit\u00e1 \u00faloha postavy: Krampus steles\u0148uje hroziv\u00e9 a z\u00e1rove\u0148 ho zah\u00e1\u0148a. Kto nos\u00ed masku, rob\u00ed hr\u00f4zu ovl\u00e1date\u013enou. Presne t\u00e1to logika sp\u00e1ja alpsk\u00fd zvyk s ochrann\u00fdmi praktikami mnoh\u00fdch kult\u00far, ktor\u00e9 d\u00e1vaj\u00fa ne\u0161\u0165astiu tv\u00e1r, aby ho mohli ovl\u00e1da\u0165.<\/p>\t\t\t\t\t\t\t\t<\/div>\n\t\t\t\t<\/div>\n\t\t\t\t\t<\/div>\n\t\t\t\t<\/div>\n\t\t<div class=\"elementor-element elementor-element-963f3bd e-flex e-con-boxed e-con e-parent\" data-id=\"963f3bd\" data-element_type=\"container\" data-e-type=\"container\">\n\t\t\t\t\t<div class=\"e-con-inner\">\n\t\t\t\t<div class=\"elementor-element elementor-element- elementor-widget elementor-widget-heading\" data-id=\"\" data-element_type=\"widget\" data-e-type=\"widget\" data-widget_type=\"heading.default\">\n\t\t\t\t\t<h2 class=\"elementor-heading-title elementor-size-default\">V\u00fdklad: hr\u00f4za s funkciou<\/h2>\t\t\t\t<\/div>\n\t\t<div class=\"elementor-element elementor-element- e-con-full e-flex e-con e-child\" data-id=\"\" data-element_type=\"container\" data-e-type=\"container\">\n\t\t\t\t<div class=\"elementor-element elementor-element- elementor-widget elementor-widget-text-editor\" data-id=\"\" data-element_type=\"widget\" data-e-type=\"widget\" data-widget_type=\"text-editor.default\">\n\t\t\t\t\t\t\t\t\t<p>Religionistika ch\u00e1pe Krampusa ako usporiadan\u00fa hr\u00f4zostra\u0161n\u00fa postavu. Zvyk predv\u00e1dza strach kontrolovan\u00fdm sp\u00f4sobom, via\u017ee ho na pravidl\u00e1 a na konci ho rozp\u00fa\u0161\u0165a. Die\u0165a za\u017e\u00edva hrozbu, ale aj to, \u017ee pominie a \u017ee posledn\u00e9 slovo m\u00e1 sv\u00e4t\u00fd.<\/p><p>K tomu sa prid\u00e1va apotropaick\u00fd v\u00fdklad, teda ch\u00e1panie hluku a masky ako prostriedku proti ne\u0161\u0165astiu. Zvon\u010deky, krik a stra\u0161ideln\u00e1 tv\u00e1r maj\u00fa pod\u013ea tohto v\u00fdkladu udr\u017eiava\u0165 temnotu zimn\u00e9ho \u010dasu mimo. Tento v\u00fdklad je roz\u0161\u00edren\u00fd, ako historick\u00e9 vysvetlenie zvyku v\u0161ak zost\u00e1va hypot\u00e9zou.<\/p><p>Zauj\u00edmav\u00e1 je dvojit\u00e1 \u00faloha postavy: Krampus steles\u0148uje hroziv\u00e9 a z\u00e1rove\u0148 ho zah\u00e1\u0148a. Kto nos\u00ed masku, rob\u00ed hr\u00f4zu ovl\u00e1date\u013enou. Presne t\u00e1to logika sp\u00e1ja alpsk\u00fd zvyk s ochrann\u00fdmi praktikami mnoh\u00fdch kult\u00far, ktor\u00e9 d\u00e1vaj\u00fa ne\u0161\u0165astiu tv\u00e1r, aby ho mohli ovl\u00e1da\u0165.<\/p>\t\t\t\t\t\t\t\t<\/div>\n\t\t\t\t<\/div>\n\t\t\t\t\t<\/div>\n\t\t\t\t<\/div>\n\t\t<div class=\"elementor-element elementor-element-28db130 e-flex e-con-boxed e-con e-parent\" data-id=\"28db130\" data-element_type=\"container\" data-e-type=\"container\">\n\t\t\t\t\t<div class=\"e-con-inner\">\n\t\t\t\t<div class=\"elementor-element elementor-element- elementor-widget elementor-widget-heading\" data-id=\"\" data-element_type=\"widget\" data-e-type=\"widget\" data-widget_type=\"heading.default\">\n\t\t\t\t\t<h2 class=\"elementor-heading-title elementor-size-default\">V\u00fdklad: hr\u00f4za s funkciou<\/h2>\t\t\t\t<\/div>\n\t\t<div class=\"elementor-element elementor-element- e-con-full e-flex e-con e-child\" data-id=\"\" data-element_type=\"container\" data-e-type=\"container\">\n\t\t\t\t<div class=\"elementor-element elementor-element- elementor-widget elementor-widget-text-editor\" data-id=\"\" data-element_type=\"widget\" data-e-type=\"widget\" data-widget_type=\"text-editor.default\">\n\t\t\t\t\t\t\t\t\t<p>Religionistika ch\u00e1pe Krampusa ako usporiadan\u00fa hr\u00f4zostra\u0161n\u00fa postavu. Zvyk predv\u00e1dza strach kontrolovan\u00fdm sp\u00f4sobom, via\u017ee ho na pravidl\u00e1 a na konci ho rozp\u00fa\u0161\u0165a. Die\u0165a za\u017e\u00edva hrozbu, ale aj to, \u017ee pominie a \u017ee posledn\u00e9 slovo m\u00e1 sv\u00e4t\u00fd.<\/p><p>K tomu sa prid\u00e1va apotropaick\u00fd v\u00fdklad, teda ch\u00e1panie hluku a masky ako prostriedku proti ne\u0161\u0165astiu. Zvon\u010deky, krik a stra\u0161ideln\u00e1 tv\u00e1r maj\u00fa pod\u013ea tohto v\u00fdkladu udr\u017eiava\u0165 temnotu zimn\u00e9ho \u010dasu mimo. Tento v\u00fdklad je roz\u0161\u00edren\u00fd, ako historick\u00e9 vysvetlenie zvyku v\u0161ak zost\u00e1va hypot\u00e9zou.<\/p><p>Zauj\u00edmav\u00e1 je dvojit\u00e1 \u00faloha postavy: Krampus steles\u0148uje hroziv\u00e9 a z\u00e1rove\u0148 ho zah\u00e1\u0148a. Kto nos\u00ed masku, rob\u00ed hr\u00f4zu ovl\u00e1date\u013enou. Presne t\u00e1to logika sp\u00e1ja alpsk\u00fd zvyk s ochrann\u00fdmi praktikami mnoh\u00fdch kult\u00far, ktor\u00e9 d\u00e1vaj\u00fa ne\u0161\u0165astiu tv\u00e1r, aby ho mohli ovl\u00e1da\u0165.<\/p>\t\t\t\t\t\t\t\t<\/div>\n\t\t\t\t<\/div>\n\t\t\t\t\t<\/div>\n\t\t\t\t<\/div>\n\t\t<div class=\"elementor-element elementor-element-a49137d e-flex e-con-boxed e-con e-parent\" data-id=\"a49137d\" data-element_type=\"container\" data-e-type=\"container\">\n\t\t\t\t\t<div class=\"e-con-inner\">\n\t\t\t\t<div class=\"elementor-element elementor-element- elementor-widget elementor-widget-heading\" data-id=\"\" data-element_type=\"widget\" data-e-type=\"widget\" data-widget_type=\"heading.default\">\n\t\t\t\t\t<h2 class=\"elementor-heading-title elementor-size-default\">V\u00fdklad: hr\u00f4za s funkciou<\/h2>\t\t\t\t<\/div>\n\t\t<div class=\"elementor-element elementor-element- e-con-full e-flex e-con e-child\" data-id=\"\" data-element_type=\"container\" data-e-type=\"container\">\n\t\t\t\t<div class=\"elementor-element elementor-element- elementor-widget elementor-widget-text-editor\" data-id=\"\" data-element_type=\"widget\" data-e-type=\"widget\" data-widget_type=\"text-editor.default\">\n\t\t\t\t\t\t\t\t\t<p>Religionistika ch\u00e1pe Krampusa ako usporiadan\u00fa hr\u00f4zostra\u0161n\u00fa postavu. Zvyk predv\u00e1dza strach kontrolovan\u00fdm sp\u00f4sobom, via\u017ee ho na pravidl\u00e1 a na konci ho rozp\u00fa\u0161\u0165a. Die\u0165a za\u017e\u00edva hrozbu, ale aj to, \u017ee pominie a \u017ee posledn\u00e9 slovo m\u00e1 sv\u00e4t\u00fd.<\/p><p>K tomu sa prid\u00e1va apotropaick\u00fd v\u00fdklad, teda ch\u00e1panie hluku a masky ako prostriedku proti ne\u0161\u0165astiu. Zvon\u010deky, krik a stra\u0161ideln\u00e1 tv\u00e1r maj\u00fa pod\u013ea tohto v\u00fdkladu udr\u017eiava\u0165 temnotu zimn\u00e9ho \u010dasu mimo. Tento v\u00fdklad je roz\u0161\u00edren\u00fd, ako historick\u00e9 vysvetlenie zvyku v\u0161ak zost\u00e1va hypot\u00e9zou.<\/p><p>Zauj\u00edmav\u00e1 je dvojit\u00e1 \u00faloha postavy: Krampus steles\u0148uje hroziv\u00e9 a z\u00e1rove\u0148 ho zah\u00e1\u0148a. Kto nos\u00ed masku, rob\u00ed hr\u00f4zu ovl\u00e1date\u013enou. Presne t\u00e1to logika sp\u00e1ja alpsk\u00fd zvyk s ochrann\u00fdmi praktikami mnoh\u00fdch kult\u00far, ktor\u00e9 d\u00e1vaj\u00fa ne\u0161\u0165astiu tv\u00e1r, aby ho mohli ovl\u00e1da\u0165.<\/p>\t\t\t\t\t\t\t\t<\/div>\n\t\t\t\t<\/div>\n\t\t\t\t\t<\/div>\n\t\t\t\t<\/div>\n\t\t<div class=\"elementor-element elementor-element-7533bc7a e-flex e-con-boxed e-con e-parent\" data-id=\"7533bc7a\" data-element_type=\"container\" data-e-type=\"container\">\n\t\t\t\t\t<div class=\"e-con-inner\">\n\t\t\t\t<div class=\"elementor-element elementor-element-2447d18d elementor-widget elementor-widget-heading\" data-id=\"2447d18d\" data-element_type=\"widget\" data-e-type=\"widget\" data-widget_type=\"heading.default\">\n\t\t\t\t\t<h2 class=\"elementor-heading-title elementor-size-default\">Od perchtenovho lovu ku krampusovej poh\u013eadnici<\/h2>\t\t\t\t<\/div>\n\t\t<div class=\"elementor-element elementor-element-d5d0260c e-con-full e-flex e-con e-child\" data-id=\"d5d0260c\" data-element_type=\"container\" data-e-type=\"container\">\n\t\t\t\t<div class=\"elementor-element elementor-element-341be2ac elementor-widget elementor-widget-text-editor\" data-id=\"341be2ac\" data-element_type=\"widget\" data-e-type=\"widget\" data-widget_type=\"text-editor.default\">\n\t\t\t\t\t\t\t\t\t<p>Najstar\u0161ia zn\u00e1ma zmienka o sprievode tohto druhu poch\u00e1dza z roku 1582 z Die\u00dfenu nad Ammersk\u00fdm jazerom, kde boli \u00fa\u010dastn\u00edci perchtenovho lovu odme\u0148ovan\u00ed za vyh\u00e1\u0148anie zl\u00fdch zimn\u00fdch duchov. Spojenie Mikul\u00e1\u0161a a Krampusa ako protikladnej dvojice odmeny a trestu sa upevnilo v obdob\u00ed protireform\u00e1cie, ke\u010f chcela katol\u00edcka cirkev posilni\u0165 kult sv\u00e4t\u00e9ho Mikul\u00e1\u0161a. V 17. a 18. storo\u010d\u00ed boli perchtenove a krampusove sprievody v Bavorsku, Salzburgu a Tirolsku opakovane zakazovan\u00e9 ako v\u00fdtr\u017enosti odporuj\u00face pol\u00edcii a n\u00e1bo\u017eenstvu, preto\u017ee vy\u00fas\u0165ovali do pijat\u00edk.<\/p><p>Od polovice 19. storo\u010dia vznikali takzvan\u00e9 krampusove poh\u013eadnice, ktor\u00fdmi si \u013eudia \u017eartom priali navz\u00e1jom v\u00fdprask od Krampusa. Region\u00e1lne sa vyskytuj\u00fa pr\u00edbuzn\u00e9 postavy pod in\u00fdmi menami, napr\u00edklad Klaubauf alebo Buttnmandl; v 20. a 21. storo\u010d\u00ed sa Krampus roz\u0161\u00edril za hranice alpskej oblasti a bol prevzat\u00fd aj medzin\u00e1rodne.<\/p>\t\t\t\t\t\t\t\t<\/div>\n\t\t\t\t<\/div>\n\t\t\t\t\t<\/div>\n\t\t\t\t<\/div>\n\t\t<div class=\"elementor-element elementor-element-5a584676 e-flex e-con-boxed e-con e-parent\" data-id=\"5a584676\" data-element_type=\"container\" data-e-type=\"container\">\n\t\t\t\t\t<div class=\"e-con-inner\">\n\t\t\t\t<div class=\"elementor-element elementor-element-6d0757bf elementor-widget elementor-widget-heading\" data-id=\"6d0757bf\" data-element_type=\"widget\" data-e-type=\"widget\" data-widget_type=\"heading.default\">\n\t\t\t\t\t<h2 class=\"elementor-heading-title elementor-size-default\">Od mot\u00edvu na poh\u013eadnici k s\u00fa\u010dasn\u00e9mu zimn\u00e9mu zvyku<\/h2>\t\t\t\t<\/div>\n\t\t<div class=\"elementor-element elementor-element-60563f68 e-con-full e-flex e-con e-child\" data-id=\"60563f68\" data-element_type=\"container\" data-e-type=\"container\">\n\t\t\t\t<div class=\"elementor-element elementor-element-5a93fdd6 elementor-widget elementor-widget-text-editor\" data-id=\"5a93fdd6\" data-element_type=\"widget\" data-e-type=\"widget\" data-widget_type=\"text-editor.default\">\n\t\t\t\t\t\t\t\t\t<p>Krampusove poh\u013eadnice z konca 19. storo\u010dia priniesli Krampusa u\u017e skoro do s\u00fakromnej kore\u0161pondencie. V 21. storo\u010d\u00ed nar\u00e1stli krampusove sprievody na turisticky ve\u013emi sledovan\u00fd zimn\u00fd zvyk, s n\u00e1ro\u010dn\u00fdmi, niekedy aj nieko\u013eko kilogramov \u0165a\u017ek\u00fdmi kost\u00fdmami a umelecky vyrez\u00e1van\u00fdmi maskami. Medzin\u00e1rodne sa t\u00e1to postava stala zn\u00e1mou okrem in\u00e9ho prostredn\u00edctvom americk\u00e9ho filmu Krampus (2015), ktor\u00fd ju silne skres\u013euje ako \u010dist\u00e9ho hororov\u00e9ho d\u00e9mona; v samom Rak\u00fasku zost\u00e1va Krampus predov\u0161etk\u00fdm miestne zakorenen\u00fdm spolkov\u00fdm zvykom.<\/p><p>Krampus steles\u0148uje princ\u00edp kontrastnej postavy: a\u017e v protiklade k odme\u0148uj\u00facemu Mikul\u00e1\u0161ovi rozv\u00edja hroziv\u00e1 postava svoj pln\u00fd v\u00fdchovn\u00fd \u00fa\u010dinok. Z religionistick\u00e9ho h\u013eadiska sa tento zvyk d\u00e1 \u010d\u00edta\u0165 ako zimn\u00fd vyh\u00e1\u0148ac\u00ed ritu\u00e1l, ktor\u00fd spojil star\u0161ie, predkristi\u00e1nske predstavy o putuj\u00facich zimn\u00fdch duchoch s legendou o biskupovi z Myry. Novovek\u00e9 z\u00e1kazy z\u00e1rove\u0148 dokazuj\u00fa, \u017ee \u00farady sa v sprievode ob\u00e1vali pr\u00edle\u017eitosti na v\u00fdstrednosti a prekra\u010dovanie hran\u00edc, \u010do p\u00f4sob\u00ed \u010falej aj v dne\u0161nom ved\u013ea seba stojacom strachu a \u013eudovej sl\u00e1vnosti.<\/p>\t\t\t\t\t\t\t\t<\/div>\n\t\t\t\t<\/div>\n\t\t\t\t\t<\/div>\n\t\t\t\t<\/div>\n\t\t<div class=\"elementor-element elementor-element-9f6cae2 e-flex e-con-boxed e-con e-parent\" data-id=\"9f6cae2\" data-element_type=\"container\" data-e-type=\"container\">\n\t\t\t\t\t<div class=\"e-con-inner\">\n\t\t\t\t<div class=\"elementor-element elementor-element- elementor-widget elementor-widget-heading\" data-id=\"\" data-element_type=\"widget\" data-e-type=\"widget\" data-widget_type=\"heading.default\">\n\t\t\t\t\t<h2 class=\"elementor-heading-title elementor-size-default\">V\u00fdklad: hr\u00f4za s funkciou<\/h2>\t\t\t\t<\/div>\n\t\t<div class=\"elementor-element elementor-element- e-con-full e-flex e-con e-child\" data-id=\"\" data-element_type=\"container\" data-e-type=\"container\">\n\t\t\t\t<div class=\"elementor-element elementor-element- elementor-widget elementor-widget-text-editor\" data-id=\"\" data-element_type=\"widget\" data-e-type=\"widget\" data-widget_type=\"text-editor.default\">\n\t\t\t\t\t\t\t\t\t<p>Religionistika ch\u00e1pe Krampusa ako usporiadan\u00fa hr\u00f4zostra\u0161n\u00fa postavu. Zvyk predv\u00e1dza strach kontrolovan\u00fdm sp\u00f4sobom, via\u017ee ho na pravidl\u00e1 a na konci ho rozp\u00fa\u0161\u0165a. Die\u0165a za\u017e\u00edva hrozbu, ale aj to, \u017ee pominie a \u017ee posledn\u00e9 slovo m\u00e1 sv\u00e4t\u00fd.<\/p><p>K tomu sa prid\u00e1va apotropaick\u00fd v\u00fdklad, teda ch\u00e1panie hluku a masky ako prostriedku proti ne\u0161\u0165astiu. Zvon\u010deky, krik a stra\u0161ideln\u00e1 tv\u00e1r maj\u00fa pod\u013ea tohto v\u00fdkladu udr\u017eiava\u0165 temnotu zimn\u00e9ho \u010dasu mimo. Tento v\u00fdklad je roz\u0161\u00edren\u00fd, ako historick\u00e9 vysvetlenie zvyku v\u0161ak zost\u00e1va hypot\u00e9zou.<\/p><p>Zauj\u00edmav\u00e1 je dvojit\u00e1 \u00faloha postavy: Krampus steles\u0148uje hroziv\u00e9 a z\u00e1rove\u0148 ho zah\u00e1\u0148a. Kto nos\u00ed masku, rob\u00ed hr\u00f4zu ovl\u00e1date\u013enou. Presne t\u00e1to logika sp\u00e1ja alpsk\u00fd zvyk s ochrann\u00fdmi praktikami mnoh\u00fdch kult\u00far, ktor\u00e9 d\u00e1vaj\u00fa ne\u0161\u0165astiu tv\u00e1r, aby ho mohli ovl\u00e1da\u0165.<\/p>\t\t\t\t\t\t\t\t<\/div>\n\t\t\t\t<\/div>\n\t\t\t\t\t<\/div>\n\t\t\t\t<\/div>\n\t\t<div class=\"elementor-element elementor-element-cp9a031aa e-flex e-con-boxed e-con e-parent\" data-id=\"cp9a031aa\" data-element_type=\"container\" data-e-type=\"container\">\n\t\t\t\t\t<div class=\"e-con-inner\">\n\t\t\t\t<div class=\"elementor-element elementor-element-cp9193514 elementor-widget elementor-widget-heading\" data-id=\"cp9193514\" data-element_type=\"widget\" data-e-type=\"widget\" data-widget_type=\"heading.default\">\n\t\t\t\t\t<h2 class=\"elementor-heading-title elementor-size-default\">Ochrana po\u010das Rauhn\u00e4chte a Blochsegen<\/h2>\t\t\t\t<\/div>\n\t\t<div class=\"elementor-element elementor-element-cp02ca0ee e-con-full e-flex e-con e-child\" data-id=\"cp02ca0ee\" data-element_type=\"container\" data-e-type=\"container\">\n\t\t\t\t<div class=\"elementor-element elementor-element-cp444e0f1 elementor-widget elementor-widget-text-editor\" data-id=\"cp444e0f1\" data-element_type=\"widget\" data-e-type=\"widget\" data-widget_type=\"text-editor.default\">\n\t\t\t\t\t\t\t\t\t<p>Krampus je v trad\u00edcii ch\u00e1pan\u00fd menej ako protivn\u00edk, ktor\u00e9ho treba odvr\u00e1ti\u0165, a viac ako prizvan\u00e1, hoci ob\u00e1van\u00e1 s\u00fa\u010das\u0165 Rauhn\u00e4chte (dvan\u00e1stich noc\u00ed medzi Vianocami a Trojkr\u00e1\u013eov\u00fdm). Ochrana sa t\u00fdkala predov\u0161etk\u00fdm cel\u00e9ho domu: izby a stajne sa vykurovali dymom z tymianu, aby sa udr\u017eali mimo putuj\u00faci zimn\u00ed duchovia, a zvonenie i pr\u00e1skanie bi\u010dom sl\u00fa\u017eilo na v\u0161eobecn\u00e9 zah\u00e1\u0148anie ne\u0161\u0165astia. Cirkevn\u00fd Blochsegen a posv\u00e4tenie sv\u00e4tenou vodou okolo mikul\u00e1\u0161skeho d\u0148a tento ochrann\u00fd ritu\u00e1l doplnili. De\u0165om sa odpor\u00fa\u010dalo predov\u0161etk\u00fdm slu\u0161n\u00e9 spr\u00e1vanie po\u010das cel\u00e9ho roka, preto\u017ee pod\u013ea povesti pr\u00fat postihol presne toho, kto sa po\u010das roka spr\u00e1val zle.<\/p>\t\t\t\t\t\t\t\t<\/div>\n\t\t\t\t<\/div>\n\t\t\t\t\t<\/div>\n\t\t\t\t<\/div>\n\t\t<div class=\"elementor-element elementor-element-f4af3fd e-flex e-con-boxed e-con e-parent\" data-id=\"f4af3fd\" data-element_type=\"container\" data-e-type=\"container\">\n\t\t\t\t\t<div class=\"e-con-inner\">\n\t\t\t\t<div class=\"elementor-element elementor-element- elementor-widget elementor-widget-heading\" data-id=\"\" data-element_type=\"widget\" data-e-type=\"widget\" data-widget_type=\"heading.default\">\n\t\t\t\t\t<h2 class=\"elementor-heading-title elementor-size-default\">V\u00fdklad: hr\u00f4za s funkciou<\/h2>\t\t\t\t<\/div>\n\t\t<div class=\"elementor-element elementor-element- e-con-full e-flex e-con e-child\" data-id=\"\" data-element_type=\"container\" data-e-type=\"container\">\n\t\t\t\t<div class=\"elementor-element elementor-element- elementor-widget elementor-widget-text-editor\" data-id=\"\" data-element_type=\"widget\" data-e-type=\"widget\" data-widget_type=\"text-editor.default\">\n\t\t\t\t\t\t\t\t\t<p>Religionistika ch\u00e1pe Krampusa ako usporiadan\u00fa hr\u00f4zostra\u0161n\u00fa postavu. Zvyk predv\u00e1dza strach kontrolovan\u00fdm sp\u00f4sobom, via\u017ee ho na pravidl\u00e1 a na konci ho rozp\u00fa\u0161\u0165a. Die\u0165a za\u017e\u00edva hrozbu, ale aj to, \u017ee pominie a \u017ee posledn\u00e9 slovo m\u00e1 sv\u00e4t\u00fd.<\/p><p>K tomu sa prid\u00e1va apotropaick\u00fd v\u00fdklad, teda ch\u00e1panie hluku a masky ako prostriedku proti ne\u0161\u0165astiu. Zvon\u010deky, krik a stra\u0161ideln\u00e1 tv\u00e1r maj\u00fa pod\u013ea tohto v\u00fdkladu udr\u017eiava\u0165 temnotu zimn\u00e9ho \u010dasu mimo. Tento v\u00fdklad je roz\u0161\u00edren\u00fd, ako historick\u00e9 vysvetlenie zvyku v\u0161ak zost\u00e1va hypot\u00e9zou.<\/p><p>Zauj\u00edmav\u00e1 je dvojit\u00e1 \u00faloha postavy: Krampus steles\u0148uje hroziv\u00e9 a z\u00e1rove\u0148 ho zah\u00e1\u0148a. Kto nos\u00ed masku, rob\u00ed hr\u00f4zu ovl\u00e1date\u013enou. Presne t\u00e1to logika sp\u00e1ja alpsk\u00fd zvyk s ochrann\u00fdmi praktikami mnoh\u00fdch kult\u00far, ktor\u00e9 d\u00e1vaj\u00fa ne\u0161\u0165astiu tv\u00e1r, aby ho mohli ovl\u00e1da\u0165.<\/p>\t\t\t\t\t\t\t\t<\/div>\n\t\t\t\t<\/div>\n\t\t\t\t\t<\/div>\n\t\t\t\t<\/div>\n\t\t<div class=\"elementor-element elementor-element-cp11de5b2 e-flex e-con-boxed e-con e-parent\" data-id=\"cp11de5b2\" data-element_type=\"container\" data-e-type=\"container\">\n\t\t\t\t\t<div class=\"e-con-inner\">\n\t\t\t\t<div class=\"elementor-element elementor-element-cp8d35271 elementor-widget elementor-widget-heading\" data-id=\"cp8d35271\" data-element_type=\"widget\" data-e-type=\"widget\" data-widget_type=\"heading.default\">\n\t\t\t\t\t<h2 class=\"elementor-heading-title elementor-size-default\">Vyh\u00e1\u0148anie d\u00e9monov v medzikult\u00farnom porovnan\u00ed<\/h2>\t\t\t\t<\/div>\n\t\t<div class=\"elementor-element elementor-element-cp02f26b8 e-con-full e-flex e-con e-child\" data-id=\"cp02f26b8\" data-element_type=\"container\" data-e-type=\"container\">\n\t\t\t\t<div class=\"elementor-element elementor-element-cp58c4390 elementor-widget elementor-widget-text-editor\" data-id=\"cp58c4390\" data-element_type=\"widget\" data-e-type=\"widget\" data-widget_type=\"text-editor.default\">\n\t\t\t\t\t\t\t\t\t<p>Priama obdoba Krampusa mimo alpsk\u00e9ho priestoru nie je dolo\u017een\u00e1, av\u0161ak podobn\u00fd z\u00e1kladn\u00fd vzor ritu\u00e1lneho vyhnania d\u00e9monov existuje aj inde. Na japonskom sviatku Setsubun sa na za\u010diatku jari h\u00e1d\u017eu pra\u017een\u00e9 s\u00f3jov\u00e9 b\u00f4by, aby sa zahnali rohat\u00ed <a href=\"https:\/\/iwell-guard.com\/sk\/oni\/\">Oni<\/a>, ktor\u00ed s\u00fa tie\u017e strach vzbudzuj\u00facimi postavami, ktor\u00fdch ka\u017edoro\u010dn\u00fd v\u00fdskyt m\u00e1 obnovi\u0165 poriadok. Na rozdiel od Krampusa vystupuje Oni ako \u010dist\u00fd protivn\u00edk, nie ako skroten\u00fd sprievodca dobromyse\u013enej postavy. V r\u00e1mci alpsk\u00e9ho priestoru s\u00fa mu bl\u00edzki pr\u00edbuzn\u00ed strachu a pr\u00edrody, <a href=\"https:\/\/iwell-guard.com\/sk\/divy-muz\/\">Div\u00fd mu\u017e<\/a> a <a href=\"https:\/\/iwell-guard.com\/sk\/rubezahl\/\">R\u00fcbezahl<\/a>.<\/p>\t\t\t\t\t\t\t\t<\/div>\n\t\t\t\t<\/div>\n\t\t\t\t\t<\/div>\n\t\t\t\t<\/div>\n\t\t<div class=\"elementor-element elementor-element-cp406577c e-flex e-con-boxed e-con e-parent\" data-id=\"cp406577c\" data-element_type=\"container\" data-e-type=\"container\">\n\t\t\t\t\t<div class=\"e-con-inner\">\n\t\t\t\t<div class=\"elementor-element elementor-element-cpdd9c543 elementor-widget elementor-widget-heading\" data-id=\"cpdd9c543\" data-element_type=\"widget\" data-e-type=\"widget\" data-widget_type=\"heading.default\">\n\t\t\t\t\t<h2 class=\"elementor-heading-title elementor-size-default\">\u010casto kladen\u00e9 ot\u00e1zky o Krampusovi<\/h2>\t\t\t\t<\/div>\n\t\t<div class=\"elementor-element elementor-element-cp9e731bb e-con-full e-flex e-con e-child\" data-id=\"cp9e731bb\" data-element_type=\"container\" data-e-type=\"container\">\n\t\t\t\t<div class=\"elementor-element elementor-element-cpa7c898c elementor-widget elementor-widget-text-editor\" data-id=\"cpa7c898c\" data-element_type=\"widget\" data-e-type=\"widget\" data-widget_type=\"text-editor.default\">\n\t\t\t\t\t\t\t\t\t<p><strong>Je Krampus \u010dert alebo pr\u00edrodn\u00fd duch?<\/strong><\/p><p>B\u00e1datelia sa v tejto ot\u00e1zke nezhoduj\u00fa. Re\u0165az, s ktorou vystupuje, odkazuje na star\u0161iu predstavu skrotenej, p\u00f4vodne div\u0161ej zimnej bytosti, zatia\u013e \u010do rohy a cirkevn\u00e9 zaradenie ho od protireform\u00e1cie viac pribl\u00ed\u017eili k \u010dertovi. V samotnom zvyku v\u0161ak nie je \u010dertom v cirkevnom zmysle: kon\u00e1 na pr\u00edkaz sv\u00e4t\u00e9ho Mikul\u00e1\u0161a a zost\u00e1va mu podriaden\u00fd.<\/p><p><strong>Pre\u010do vystupuje Krampus spolo\u010dne so sv\u00e4t\u00fdm Mikul\u00e1\u0161om?<\/strong><\/p><p>Toto spojenie vzniklo predov\u0161etk\u00fdm s cie\u013eom pon\u00faknu\u0165 de\u0165om jasn\u00fa dvojicu odmeny a trestu. Historicky je v\u0161ak Krampus dolo\u017een\u00fd sk\u00f4r ne\u017e t\u00e1to pevn\u00e1 dvojica a p\u00f4vodne sa vyskytoval aj nez\u00e1visle od mikul\u00e1\u0161skych zvykov.<\/p><p><strong>Skuto\u010dne sa pri krampusovom priebehu bije?<\/strong><\/p><p>\u00c1no, bitie pr\u00fatom je s\u00fa\u010das\u0165ou \u017eiv\u00e9ho zvyku a mnoh\u00ed div\u00e1ci ho vyh\u013ead\u00e1vaj\u00fa vedome. \u00da\u010dastn\u00edci sa pri tom v\u00e4\u010d\u0161inou riadia pravidlami spr\u00e1vania svojej skupiny (pasu), tak\u017ee ide o obojstranne dohodnut\u00fd, hoci drsn\u00fd ritu\u00e1l.<\/p><p><strong>\u010co Krampus rob\u00ed?<\/strong><\/p><p>Krampus sprev\u00e1dza sv\u00e4t\u00e9ho Mikul\u00e1\u0161a 5. a 6. decembra. Neposlu\u0161n\u00fdm de\u0165om vyhr\u00e1\u017ea pr\u00fatom a re\u0165azou, zatia\u013e \u010do Mikul\u00e1\u0161 odme\u0148uje tie poslu\u0161n\u00e9. Na krampusov\u00fdch priebehoch prech\u00e1dzaj\u00fa ulicami maskovan\u00e9 postavy v ko\u017euchoch a s vyrez\u00e1van\u00fdmi dreven\u00fdmi maskami. Pri n\u00e1v\u0161teve domu zost\u00e1va len pri hrozbe, pri sprievode je na mnoh\u00fdch miestach s\u00fa\u010das\u0165ou zvyku aj \u00fader pr\u00fatom.<\/p><p><strong>Kedy Krampus prich\u00e1dza?<\/strong><\/p><p>Krampusova noc je 5. decembra, predve\u010der sviatku sv\u00e4t\u00e9ho Mikul\u00e1\u0161a. Na mnoh\u00fdch miestach sprev\u00e1dza Krampus Mikul\u00e1\u0161a aj 6. decembra pri n\u00e1v\u0161teve domu. Krampusove priebehy sa v\u00e4\u010d\u0161inou konaj\u00fa medzi koncom novembra a 6. decembrom.<\/p><p><strong>Ako sa Krampus vol\u00e1 v Nemecku?<\/strong><\/p><p>V Bavorsku je t\u00e1to postava tie\u017e zn\u00e1ma ako Krampus, v oblasti Berchtesgadenu sa okrem toho vyskytuj\u00fa Buttnmandln. V strednom a severnom Nemecku prevzal \u00falohu Mikul\u00e1\u0161ovho sprievodcu Knecht Ruprecht, ako samostatn\u00e1 a miernej\u0161ia postava.<\/p>\t\t\t\t\t\t\t\t<\/div>\n\t\t\t\t<div class=\"elementor-element elementor-element-9850ef7 elementor-widget elementor-widget-html\" data-id=\"9850ef7\" data-element_type=\"widget\" data-e-type=\"widget\" data-widget_type=\"html.default\">\n\t\t\t\t\t<script type=\"application\/ld+json\">{\"@context\": \"https:\/\/schema.org\", \"@type\": \"FAQPage\", \"mainEntity\": [{\"@type\": \"Question\", \"name\": \"Je Krampus \u010dert alebo pr\u00edrodn\u00fd duch?\", \"acceptedAnswer\": {\"@type\": \"Answer\", \"text\": \"B\u00e1datelia sa v tejto ot\u00e1zke nezhoduj\u00fa. Re\u0165az, s ktorou vystupuje, odkazuje na star\u0161iu predstavu skrotenej, p\u00f4vodne div\u0161ej zimnej bytosti, zatia\u013e \u010do rohy a cirkevn\u00e9 zaradenie ho od protireform\u00e1cie viac pribl\u00ed\u017eili k \u010dertovi. V samotnom zvyku v\u0161ak nie je \u010dertom v cirkevnom zmysle: kon\u00e1 na pr\u00edkaz sv\u00e4t\u00e9ho Mikul\u00e1\u0161a a zost\u00e1va mu podriaden\u00fd.\"}}, {\"@type\": \"Question\", \"name\": \"Pre\u010do vystupuje Krampus spolo\u010dne so sv\u00e4t\u00fdm Mikul\u00e1\u0161om?\", \"acceptedAnswer\": {\"@type\": \"Answer\", \"text\": \"Toto spojenie vzniklo predov\u0161etk\u00fdm s cie\u013eom pon\u00faknu\u0165 de\u0165om jasn\u00fa dvojicu odmeny a trestu. Historicky je v\u0161ak Krampus dolo\u017een\u00fd sk\u00f4r ne\u017e t\u00e1to pevn\u00e1 dvojica a p\u00f4vodne sa vyskytoval aj nez\u00e1visle od mikul\u00e1\u0161skych zvykov.\"}}, {\"@type\": \"Question\", \"name\": \"Skuto\u010dne sa pri krampusovom priebehu bije?\", \"acceptedAnswer\": {\"@type\": \"Answer\", \"text\": \"\u00c1no, bitie pr\u00fatom je s\u00fa\u010das\u0165ou \u017eiv\u00e9ho zvyku a mnoh\u00ed div\u00e1ci ho vyh\u013ead\u00e1vaj\u00fa vedome. \u00da\u010dastn\u00edci sa pri tom v\u00e4\u010d\u0161inou riadia pravidlami spr\u00e1vania svojej skupiny (pasu), tak\u017ee ide o obojstranne dohodnut\u00fd, hoci drsn\u00fd ritu\u00e1l.\"}}, {\"@type\": \"Question\", \"name\": \"\u010co Krampus rob\u00ed?\", \"acceptedAnswer\": {\"@type\": \"Answer\", \"text\": \"Krampus sprev\u00e1dza sv\u00e4t\u00e9ho Mikul\u00e1\u0161a 5. a 6. decembra. Neposlu\u0161n\u00fdm de\u0165om vyhr\u00e1\u017ea pr\u00fatom a re\u0165azou, zatia\u013e \u010do Mikul\u00e1\u0161 odme\u0148uje tie poslu\u0161n\u00e9. Na krampusov\u00fdch priebehoch prech\u00e1dzaj\u00fa ulicami maskovan\u00e9 postavy v ko\u017euchoch a s vyrez\u00e1van\u00fdmi dreven\u00fdmi maskami. Pri n\u00e1v\u0161teve domu zost\u00e1va len pri hrozbe, pri sprievode je na mnoh\u00fdch miestach s\u00fa\u010das\u0165ou zvyku aj \u00fader pr\u00fatom.\"}}, {\"@type\": \"Question\", \"name\": \"Kedy Krampus prich\u00e1dza?\", \"acceptedAnswer\": {\"@type\": \"Answer\", \"text\": \"Krampusova noc je 5. decembra, predve\u010der sviatku sv\u00e4t\u00e9ho Mikul\u00e1\u0161a. Na mnoh\u00fdch miestach sprev\u00e1dza Krampus Mikul\u00e1\u0161a aj 6. decembra pri n\u00e1v\u0161teve domu. Krampusove priebehy sa v\u00e4\u010d\u0161inou konaj\u00fa medzi koncom novembra a 6. decembrom.\"}}, {\"@type\": \"Question\", \"name\": \"Ako sa Krampus vol\u00e1 v Nemecku?\", \"acceptedAnswer\": {\"@type\": \"Answer\", \"text\": \"V Bavorsku je t\u00e1to postava tie\u017e zn\u00e1ma ako Krampus, v oblasti Berchtesgadenu sa okrem toho vyskytuj\u00fa Buttnmandln. V strednom a severnom Nemecku prevzal \u00falohu Mikul\u00e1\u0161ovho sprievodcu Knecht Ruprecht, ako samostatn\u00e1 a miernej\u0161ia postava.\"}}]}<\/script>\t\t\t\t<\/div>\n\t\t\t\t<\/div>\n\t\t\t\t\t<\/div>\n\t\t\t\t<\/div>\n\t\t<div class=\"elementor-element elementor-element-36dd7469 e-flex e-con-boxed e-con e-parent\" data-id=\"36dd7469\" data-element_type=\"container\" data-e-type=\"container\">\n\t\t\t\t\t<div class=\"e-con-inner\">\n\t\t\t\t<div class=\"elementor-element elementor-element-13760ab4 elementor-widget elementor-widget-heading\" data-id=\"13760ab4\" data-element_type=\"widget\" data-e-type=\"widget\" data-widget_type=\"heading.default\">\n\t\t\t\t\t<h2 class=\"elementor-heading-title elementor-size-default\">S\u00favisiace odkazy<\/h2>\t\t\t\t<\/div>\n\t\t<div class=\"elementor-element elementor-element-28c87796 e-con-full e-flex e-con e-child\" data-id=\"28c87796\" data-element_type=\"container\" data-e-type=\"container\">\n\t\t\t\t<div class=\"elementor-element elementor-element-5d6538df elementor-widget elementor-widget-text-editor\" data-id=\"5d6538df\" data-element_type=\"widget\" data-e-type=\"widget\" data-widget_type=\"text-editor.default\">\n\t\t\t\t\t\t\t\t\t<p>Odpor\u00fa\u010dan\u00e9 intern\u00e9 odkazy:<\/p><ul><li><a href=\"https:\/\/iwell-guard.com\/sk\/?page_id=158853\">Alpsk\u00fd priestor<\/a> \u2013 v\u0161etky bytosti alpsk\u00e9ho poves\u0165ov\u00e9ho sveta<\/li><li><a href=\"https:\/\/iwell-guard.com\/sk\/?page_id=158816\">Frau Perchta<\/a>, <a href=\"https:\/\/iwell-guard.com\/sk\/?page_id=158817\">Habergei\u00df<\/a>, <a href=\"https:\/\/iwell-guard.com\/sk\/?page_id=158825\">Nachtkrapp<\/a> \u2013 \u010fal\u0161ie postavy Rauhn\u00e4chte<\/li><li><a href=\"https:\/\/iwell-guard.com\/sk\/vykurovanie-a-ocista\/\">Vykurovanie dymom<\/a>, <a href=\"https:\/\/iwell-guard.com\/sk\/zvony-a-rolnicky-ako-hlucna-ochrana\/\">Zvony<\/a>, <a href=\"https:\/\/iwell-guard.com\/sk\/svatena-voda\/\">Sv\u00e4ten\u00e1 voda<\/a>, <a href=\"https:\/\/iwell-guard.com\/sk\/ochrana-domu-a-prahovy-ritual\/\">Ochrana domu<\/a>, <a href=\"https:\/\/iwell-guard.com\/sk\/ochranne-ohne-a-svetlo-na-prahu\/\">Ochrann\u00fd ohe\u0148<\/a> \u2013 tradi\u010dn\u00e9 formy ochrany<\/li><li><a href=\"https:\/\/iwell-guard.com\/sk\/schutz-kompas\/\">Kompas ochrany<\/a> \u2013 preh\u013ead ochrann\u00fdch prostriedkov<\/li><\/ul><p>Kto chce sledova\u0165 logiku skrotenej hr\u00f4zy \u010falej, n\u00e1jde v lexik\u00f3ne susedov Krampusa: <a href=\"https:\/\/iwell-guard.com\/sk\/alp\/\">Alp<\/a> ako no\u010dn\u00e9ho d\u00e9mona nemeckej \u013eudovej viery, <a href=\"https:\/\/iwell-guard.com\/sk\/tatzelwurm\/\">Tatzelwurm<\/a> ako stra\u0161ideln\u00fa bytos\u0165 alpsk\u00e9ho priestoru a <a href=\"https:\/\/iwell-guard.com\/sk\/klabautermann\/\">Klabautermann<\/a> ako varuj\u00faceho ducha n\u00e1morn\u00edkov. Preh\u013ead tejto trad\u00edcie pon\u00faka str\u00e1nka o <a href=\"https:\/\/iwell-guard.com\/sk\/germanske\/\">germ\u00e1nskej trad\u00edcii<\/a>.<\/p>\t\t\t\t\t\t\t\t<\/div>\n\t\t\t\t<\/div>\n\t\t\t\t\t<\/div>\n\t\t\t\t<\/div>\n\t\t<div class=\"elementor-element elementor-element-grl4kl40 e-flex e-con-boxed e-con e-parent\" data-id=\"grl4kl40\" data-element_type=\"container\" data-e-type=\"container\">\n\t\t\t\t\t<div class=\"e-con-inner\">\n\t\t\t\t<div class=\"elementor-element elementor-element-bzsbfrmh elementor-widget elementor-widget-heading\" data-id=\"bzsbfrmh\" data-element_type=\"widget\" data-e-type=\"widget\" data-widget_type=\"heading.default\">\n\t\t\t\t\t<h2 class=\"elementor-heading-title elementor-size-default\">Literat\u00fara (v\u00fdber)<\/h2>\t\t\t\t<\/div>\n\t\t<div class=\"elementor-element elementor-element-2c13224a e-con-full e-flex e-con e-child\" data-id=\"2c13224a\" data-element_type=\"container\" data-e-type=\"container\">\n\t\t\t\t<div class=\"elementor-element elementor-element-0eymh9ub elementor-widget elementor-widget-text-editor\" data-id=\"0eymh9ub\" data-element_type=\"widget\" data-e-type=\"widget\" data-widget_type=\"text-editor.default\">\n\t\t\t\t\t\t\t\t\t<footer class=\"iwg-literatur\" data-nosnippet=\"true\"><p>V\u00fdber z\u00e1sadn\u00fdch prame\u0148ov a \u0161t\u00fadi\u00ed:<\/p><ul><li><span data-nosnippet>B\u00e4chtold-St\u00e4ubli, Hanns (Hg.): <em>Handw\u00f6rterbuch des deutschen Aberglaubens<\/em>. 10 Bde. Berlin\/Leipzig 1927\u20131942 (Neudruck Berlin\/New York 1987).<\/span><\/li><li><span data-nosnippet>Waschnitius, Viktor: <em>Perht, Holda und verwandte Gestalten. Ein Beitrag zur deutschen Religionsgeschichte<\/em>. Wien 1913.<\/span><\/li><li><span data-nosnippet>Zingerle, Ignaz Vinzenz: <em>Sitten, Br\u00e4uche und Meinungen des Tiroler Volkes<\/em>. 2. Auflage, Innsbruck 1871.<\/span><\/li><li><span data-nosnippet>Bruce, Maurice: <em>The Krampus in Styria<\/em>. In: Folklore, Bd. 69, 1958.<\/span><\/li><li><span data-nosnippet>Ridenour, Al: <em>The Krampus and the Old, Dark Christmas: Roots and Rebirth of the Folkloric Devil<\/em>. Port Townsend 2016.<\/span><\/li><\/ul><\/footer>\n<p class=\"iwg-bib-more\"><span data-nosnippet>\u010eal\u0161ie z\u00e1kladn\u00e9 diela v <a href=\"https:\/\/iwell-guard.com\/sk\/literatura\/\">zozname literat\u00fary<\/a>.<\/span><\/p>\t\t\t\t\t\t\t\t<\/div>\n\t\t\t\t<\/div>\n\t\t\t\t\t<\/div>\n\t\t\t\t<\/div>\n\t\t<div class=\"elementor-element elementor-element-iwgkw2-add-hulijing e-flex e-con-boxed e-con e-parent\" data-id=\"iwgkw2-add-hulijing\" data-element_type=\"container\" data-e-type=\"container\">\n\t\t\t\t\t<div class=\"e-con-inner\">\n\t\t\t\t<div class=\"elementor-element elementor-element-iwgkw2-add-hulijing-t elementor-widget elementor-widget-text-editor\" data-id=\"iwgkw2-add-hulijing-t\" data-element_type=\"widget\" data-e-type=\"widget\" data-widget_type=\"text-editor.default\">\n\t\t\t\t\t\t\t\t\t<p>Postava zn\u00e1ma ako Krampus, alpsk\u00e1 bytos\u0165 s pr\u00fatom, zost\u00e1va \u00fazko spojen\u00e1 s nocou z 5. decembra, a v dne\u0161nom zvyku krampusov\u00fdch priebehov \u017eije jej zimn\u00e1 hra strachu a \u013eudovej sl\u00e1vnosti aj dnes.<\/p>\t\t\t\t\t\t\t\t<\/div>\n\t\t\t\t\t<\/div>\n\t\t\t\t<\/div>\n\t\t\t\t<\/div>\n\t\t","protected":false},"excerpt":{"rendered":"","protected":false},"author":3,"featured_media":20516,"parent":0,"menu_order":0,"comment_status":"closed","ping_status":"closed","template":"elementor_header_footer","meta":{"_yoast_wpseo_focuskw":"krampus","_yoast_wpseo_title":"Krampus: p\u00f4vod, v\u00fdznam a zvykoslovie","_yoast_wpseo_metadesc":"Kto je Krampus? P\u00f4vod mena, krampusov\u00e1 noc 5. decembra, rozdiel oproti Percht\u00e1m a Knechtovi Ruprechtovi a ve\u013ek\u00e9 krampusov\u00e9 sprievody.","_yoast_wpseo_meta-robots-noindex":"","_yoast_wpseo_canonical":"","_angie_page":false,"gefaehrdungsstufe":"3","wesen_kultur":"alpin","wesen_klasse":"daemonen","footnotes":""},"categories":[],"class_list":["post-158815","page","type-page","status-publish","has-post-thumbnail","hentry"],"yoast_head":"<!-- This site is optimized with the Yoast SEO Premium plugin v27.7 (Yoast SEO v28.3) - https:\/\/yoast.com\/product\/yoast-seo-premium-wordpress\/ -->\n<title>Krampus: p\u00f4vod, v\u00fdznam a zvykoslovie<\/title>\n<meta name=\"description\" content=\"Kto je Krampus? P\u00f4vod mena, krampusov\u00e1 noc 5. decembra, rozdiel oproti Percht\u00e1m a Knechtovi Ruprechtovi a ve\u013ek\u00e9 krampusov\u00e9 sprievody.\" \/>\n<meta name=\"robots\" content=\"index, follow, max-snippet:-1, max-image-preview:large, max-video-preview:-1\" \/>\n<link rel=\"canonical\" href=\"https:\/\/iwell-guard.com\/sk\/krampus\/\" \/>\n<meta property=\"og:locale\" content=\"sk_SK\" \/>\n<meta property=\"og:type\" content=\"article\" \/>\n<meta property=\"og:title\" content=\"Krampus\" \/>\n<meta property=\"og:description\" content=\"Kto je Krampus? P\u00f4vod mena, krampusov\u00e1 noc 5. decembra, rozdiel oproti Percht\u00e1m a Knechtovi Ruprechtovi a ve\u013ek\u00e9 krampusov\u00e9 sprievody.\" \/>\n<meta property=\"og:url\" content=\"https:\/\/iwell-guard.com\/sk\/krampus\/\" \/>\n<meta property=\"og:site_name\" content=\"iWell Guard\" \/>\n<meta property=\"article:modified_time\" content=\"2026-09-04T23:12:33+00:00\" \/>\n<meta property=\"og:image\" content=\"https:\/\/iwell-guard.com\/wp-content\/uploads\/2026\/07\/daemonen_alpin_krampus.webp\" \/>\n\t<meta property=\"og:image:width\" content=\"1024\" \/>\n\t<meta property=\"og:image:height\" content=\"1536\" \/>\n\t<meta property=\"og:image:type\" content=\"image\/webp\" \/>\n<meta name=\"twitter:card\" content=\"summary_large_image\" \/>\n<script type=\"application\/ld+json\" class=\"yoast-schema-graph\">{\"@context\":\"https:\\\/\\\/schema.org\",\"@graph\":[{\"@type\":\"Article\",\"@id\":\"https:\\\/\\\/iwell-guard.com\\\/sk\\\/krampus\\\/#article\",\"isPartOf\":{\"@id\":\"https:\\\/\\\/iwell-guard.com\\\/sk\\\/krampus\\\/\"},\"author\":{\"name\":\"Ralf Ittermann\",\"@id\":\"https:\\\/\\\/iwell-guard.com\\\/sk\\\/#\\\/schema\\\/person\\\/ee2a27f1cac3406c7c6fb5820cb7349f\"},\"headline\":\"Krampus\",\"datePublished\":\"2026-09-04T22:35:40+00:00\",\"dateModified\":\"2026-09-04T23:12:33+00:00\",\"mainEntityOfPage\":{\"@id\":\"https:\\\/\\\/iwell-guard.com\\\/sk\\\/krampus\\\/\"},\"publisher\":{\"@id\":\"https:\\\/\\\/iwell-guard.com\\\/sk\\\/#organization\"},\"image\":{\"@id\":\"https:\\\/\\\/iwell-guard.com\\\/sk\\\/krampus\\\/#primaryimage\"},\"thumbnailUrl\":\"https:\\\/\\\/iwell-guard.com\\\/wp-content\\\/uploads\\\/2026\\\/07\\\/daemonen_alpin_krampus.webp\",\"inLanguage\":\"sk-SK\",\"description\":\"Kto je Krampus? P\u00f4vod mena, krampusov\u00e1 noc 5. decembra, rozdiel oproti Percht\u00e1m a Knechtovi Ruprechtovi a ve\u013ek\u00e9 krampusov\u00e9 sprievody.\"},{\"@type\":\"WebPage\",\"@id\":\"https:\\\/\\\/iwell-guard.com\\\/sk\\\/krampus\\\/\",\"url\":\"https:\\\/\\\/iwell-guard.com\\\/sk\\\/krampus\\\/\",\"name\":\"Krampus: p\u00f4vod, v\u00fdznam a zvykoslovie\",\"isPartOf\":{\"@id\":\"https:\\\/\\\/iwell-guard.com\\\/sk\\\/#website\"},\"primaryImageOfPage\":{\"@id\":\"https:\\\/\\\/iwell-guard.com\\\/sk\\\/krampus\\\/#primaryimage\"},\"image\":{\"@id\":\"https:\\\/\\\/iwell-guard.com\\\/sk\\\/krampus\\\/#primaryimage\"},\"thumbnailUrl\":\"https:\\\/\\\/iwell-guard.com\\\/wp-content\\\/uploads\\\/2026\\\/07\\\/daemonen_alpin_krampus.webp\",\"datePublished\":\"2026-09-04T22:35:40+00:00\",\"dateModified\":\"2026-09-04T23:12:33+00:00\",\"description\":\"Kto je Krampus? P\u00f4vod mena, krampusov\u00e1 noc 5. decembra, rozdiel oproti Percht\u00e1m a Knechtovi Ruprechtovi a ve\u013ek\u00e9 krampusov\u00e9 sprievody.\",\"breadcrumb\":{\"@id\":\"https:\\\/\\\/iwell-guard.com\\\/sk\\\/krampus\\\/#breadcrumb\"},\"inLanguage\":\"sk-SK\",\"potentialAction\":[{\"@type\":\"ReadAction\",\"target\":[\"https:\\\/\\\/iwell-guard.com\\\/sk\\\/krampus\\\/\"]}]},{\"@type\":\"ImageObject\",\"inLanguage\":\"sk-SK\",\"@id\":\"https:\\\/\\\/iwell-guard.com\\\/sk\\\/krampus\\\/#primaryimage\",\"url\":\"https:\\\/\\\/iwell-guard.com\\\/wp-content\\\/uploads\\\/2026\\\/07\\\/daemonen_alpin_krampus.webp\",\"contentUrl\":\"https:\\\/\\\/iwell-guard.com\\\/wp-content\\\/uploads\\\/2026\\\/07\\\/daemonen_alpin_krampus.webp\",\"width\":1024,\"height\":1536,\"caption\":\"Krampus - d\u00e9moni z alpskej trad\u00edcie, historicko-ilustra\u010dn\u00e9 zobrazenie\"},{\"@type\":\"BreadcrumbList\",\"@id\":\"https:\\\/\\\/iwell-guard.com\\\/sk\\\/krampus\\\/#breadcrumb\",\"itemListElement\":[{\"@type\":\"ListItem\",\"position\":1,\"name\":\"Start\",\"item\":\"https:\\\/\\\/iwell-guard.com\\\/sk\\\/?page_id=157572\"},{\"@type\":\"ListItem\",\"position\":2,\"name\":\"Krampus\"}]},{\"@type\":\"WebSite\",\"@id\":\"https:\\\/\\\/iwell-guard.com\\\/sk\\\/#website\",\"url\":\"https:\\\/\\\/iwell-guard.com\\\/sk\\\/\",\"name\":\"iWell Guard\",\"description\":\"Schutz vor dunklen Einfl\u00fcssen\",\"publisher\":{\"@id\":\"https:\\\/\\\/iwell-guard.com\\\/sk\\\/#organization\"},\"potentialAction\":[{\"@type\":\"SearchAction\",\"target\":{\"@type\":\"EntryPoint\",\"urlTemplate\":\"https:\\\/\\\/iwell-guard.com\\\/sk\\\/?s={search_term_string}\"},\"query-input\":{\"@type\":\"PropertyValueSpecification\",\"valueRequired\":true,\"valueName\":\"search_term_string\"}}],\"inLanguage\":\"sk-SK\"},{\"@type\":\"Organization\",\"@id\":\"https:\\\/\\\/iwell-guard.com\\\/sk\\\/#organization\",\"name\":\"Ittermann electronic GmbH\",\"url\":\"https:\\\/\\\/iwell-guard.com\\\/sk\\\/\",\"logo\":{\"@type\":\"ImageObject\",\"inLanguage\":\"sk-SK\",\"@id\":\"https:\\\/\\\/iwell-guard.com\\\/sk\\\/#\\\/schema\\\/logo\\\/image\\\/\",\"url\":\"https:\\\/\\\/iwell-guard.com\\\/wp-content\\\/uploads\\\/2026\\\/05\\\/Ittermann-Logo-1182x237-1.png\",\"contentUrl\":\"https:\\\/\\\/iwell-guard.com\\\/wp-content\\\/uploads\\\/2026\\\/05\\\/Ittermann-Logo-1182x237-1.png\",\"width\":1182,\"height\":237,\"caption\":\"Ittermann electronic GmbH\"},\"image\":{\"@id\":\"https:\\\/\\\/iwell-guard.com\\\/sk\\\/#\\\/schema\\\/logo\\\/image\\\/\"},\"sameAs\":[\"https:\\\/\\\/pantip.com\\\/profile\\\/9367242\",\"https:\\\/\\\/micro.blog\\\/iwellguard\",\"https:\\\/\\\/www.diggerslist.com\\\/iwellguard\\\/about\",\"https:\\\/\\\/skitterphoto.com\\\/photographers\\\/2870314\\\/iwell-guard\",\"https:\\\/\\\/iwellguard.wordpress.com\\\/2026\\\/06\\\/06\\\/iwell-guard\\\/\",\"https:\\\/\\\/hub.docker.com\\\/u\\\/iwellguard\",\"https:\\\/\\\/www.pinterest.com\\\/iwellguard\\\/\",\"https:\\\/\\\/bit.ly\\\/m\\\/iwellguard\",\"https:\\\/\\\/entre-vos-mains.alsace.eu\\\/profiles\\\/iwellguard\\\/activity\",\"https:\\\/\\\/gravatar.com\\\/reallybeded8fd34\",\"https:\\\/\\\/naijamatta.com\\\/iwellguard\",\"https:\\\/\\\/www.goodreads.com\\\/iwellguard\",\"https:\\\/\\\/profile.hatena.ne.jp\\\/iwellguard\\\/\",\"https:\\\/\\\/experiment.com\\\/users\\\/iwellguard\",\"https:\\\/\\\/wakelet.com\\\/@iWellGuard82270\",\"https:\\\/\\\/www.chordie.com\\\/forum\\\/profile.php?id=2555664\",\"https:\\\/\\\/www.instapaper.com\\\/p\\\/17757966\",\"https:\\\/\\\/www.mapleprimes.com\\\/users\\\/iwellguard\",\"https:\\\/\\\/businesslistingplus.com\\\/profile\\\/iwell-guard\\\/\",\"https:\\\/\\\/telegra.ph\\\/iWell-Guard-06-06\",\"https:\\\/\\\/pbase.com\\\/iwellguard\\\/iwellguard\",\"https:\\\/\\\/b.hatena.ne.jp\\\/iwellguard\\\/20260607#bookmark-4788405196491818882\",\"https:\\\/\\\/fliphtml5.com\\\/home\\\/iwellguard\",\"https:\\\/\\\/anyflip.com\\\/homepage\\\/cmiwl#About\",\"https:\\\/\\\/transfur.com\\\/Users\\\/iwellguard\",\"http:\\\/\\\/delphi.larsbo.org\\\/user\\\/iwellguard\",\"https:\\\/\\\/jobs.lajobsportal.org\\\/profiles\\\/8380803-iwell-guard\",\"https:\\\/\\\/md.chaosdorf.de\\\/s\\\/jfbe5SBdJD\",\"https:\\\/\\\/www.lingvolive.com\\\/en-us\\\/profile\\\/9ecaeaca-ce11-4e51-9e71-01d55e2bff36\\\/translations\",\"https:\\\/\\\/www.fitday.com\\\/fitness\\\/forums\\\/members\\\/iwellguard.html\",\"https:\\\/\\\/www.mymeetbook.com\\\/iwellguard\",\"https:\\\/\\\/pxhere.com\\\/en\\\/photographer-me\\\/5040798\",\"https:\\\/\\\/disqus.com\\\/by\\\/iwellguard\\\/about\\\/\",\"https:\\\/\\\/pastelink.net\\\/hjwciqwq\",\"https:\\\/\\\/pubhtml5.com\\\/homepage\\\/scjhn\\\/\",\"https:\\\/\\\/www.bitchute.com\\\/channel\\\/2O2eOKzNqujT\",\"https:\\\/\\\/audiomack.com\\\/iwellguard\"]},{\"@type\":\"Person\",\"@id\":\"https:\\\/\\\/iwell-guard.com\\\/sk\\\/#\\\/schema\\\/person\\\/ee2a27f1cac3406c7c6fb5820cb7349f\",\"name\":\"Ralf Ittermann\",\"image\":{\"@type\":\"ImageObject\",\"inLanguage\":\"sk-SK\",\"@id\":\"https:\\\/\\\/secure.gravatar.com\\\/avatar\\\/073c0153e350a5005b68eb752b445fea71f6b24a26da9449ad7e155e6b446c9d?s=96&d=mm&r=g\",\"url\":\"https:\\\/\\\/secure.gravatar.com\\\/avatar\\\/073c0153e350a5005b68eb752b445fea71f6b24a26da9449ad7e155e6b446c9d?s=96&d=mm&r=g\",\"contentUrl\":\"https:\\\/\\\/secure.gravatar.com\\\/avatar\\\/073c0153e350a5005b68eb752b445fea71f6b24a26da9449ad7e155e6b446c9d?s=96&d=mm&r=g\",\"caption\":\"Ralf Ittermann\"},\"givenName\":\"Ralf\",\"familyName\":\"Ittermann\",\"jobTitle\":\"Gesch\u00e4ftsf\u00fchrer und redaktioneller Verantwortlicher\",\"url\":\"https:\\\/\\\/iwell-guard.com\\\/sk\\\/author\\\/claude\\\/\",\"description\":\"Ralf Ittermann ist Gesch\u00e4ftsf\u00fchrer der Ittermann electronic GmbH und redaktioneller Verantwortlicher des iWell-Guard-Lexikons. Er verbindet langj\u00e4hrige Erfahrung in der Pr\u00e4zisionsfertigung mit medialer Praxis und religionsgeschichtlicher Quellenarbeit.\",\"worksFor\":{\"@type\":\"Organization\",\"name\":\"Ittermann electronic GmbH\",\"url\":\"https:\\\/\\\/ittermann.de\\\/\",\"address\":{\"@type\":\"PostalAddress\",\"streetAddress\":\"K\u00f6hlergasse 16-18\",\"postalCode\":\"99842\",\"addressLocality\":\"Ruhla\",\"addressCountry\":\"DE\"}},\"knowsAbout\":[\"Religionsgeschichte\",\"Mythologie\",\"Mediale Praxis\",\"Energetische Diagnostik\",\"Schutzpraxis\",\"Volksglauben\",\"Westliche Esoterik\"]},{\"@type\":\"Article\",\"@id\":\"https:\\\/\\\/iwell-guard.com\\\/sk\\\/krampus\\\/#article\",\"isPartOf\":{\"@id\":\"https:\\\/\\\/iwell-guard.com\\\/sk\\\/krampus\\\/\"},\"author\":{\"name\":\"Ralf Ittermann\",\"@id\":\"https:\\\/\\\/iwell-guard.com\\\/sk\\\/#\\\/schema\\\/person\\\/ee2a27f1cac3406c7c6fb5820cb7349f\"},\"headline\":\"Krampus\",\"datePublished\":\"2026-09-04T22:35:40+00:00\",\"dateModified\":\"2026-09-04T23:12:33+00:00\",\"mainEntityOfPage\":{\"@id\":\"https:\\\/\\\/iwell-guard.com\\\/sk\\\/krampus\\\/\"},\"publisher\":{\"@id\":\"https:\\\/\\\/iwell-guard.com\\\/sk\\\/#organization\"},\"image\":{\"@id\":\"https:\\\/\\\/iwell-guard.com\\\/sk\\\/krampus\\\/#primaryimage\"},\"thumbnailUrl\":\"https:\\\/\\\/iwell-guard.com\\\/wp-content\\\/uploads\\\/2026\\\/07\\\/daemonen_alpin_krampus.webp\",\"inLanguage\":\"sk-SK\",\"description\":\"Kto je Krampus? P\u00f4vod mena, krampusov\u00e1 noc 5. decembra, rozdiel oproti Percht\u00e1m a Knechtovi Ruprechtovi a ve\u013ek\u00e9 krampusov\u00e9 sprievody.\"}]}<\/script>\n<!-- \/ Yoast SEO Premium plugin. -->","yoast_head_json":{"title":"Krampus: p\u00f4vod, v\u00fdznam a zvykoslovie","description":"Kto je Krampus? P\u00f4vod mena, krampusov\u00e1 noc 5. decembra, rozdiel oproti Percht\u00e1m a Knechtovi Ruprechtovi a ve\u013ek\u00e9 krampusov\u00e9 sprievody.","robots":{"index":"index","follow":"follow","max-snippet":"max-snippet:-1","max-image-preview":"max-image-preview:large","max-video-preview":"max-video-preview:-1"},"canonical":"https:\/\/iwell-guard.com\/sk\/krampus\/","og_locale":"sk_SK","og_type":"article","og_title":"Krampus","og_description":"Kto je Krampus? P\u00f4vod mena, krampusov\u00e1 noc 5. decembra, rozdiel oproti Percht\u00e1m a Knechtovi Ruprechtovi a ve\u013ek\u00e9 krampusov\u00e9 sprievody.","og_url":"https:\/\/iwell-guard.com\/sk\/krampus\/","og_site_name":"iWell Guard","article_modified_time":"2026-09-04T23:12:33+00:00","og_image":[{"width":1024,"height":1536,"url":"https:\/\/iwell-guard.com\/wp-content\/uploads\/2026\/07\/daemonen_alpin_krampus.webp","type":"image\/webp"}],"twitter_card":"summary_large_image","schema":{"@context":"https:\/\/schema.org","@graph":[{"@type":"Article","@id":"https:\/\/iwell-guard.com\/sk\/krampus\/#article","isPartOf":{"@id":"https:\/\/iwell-guard.com\/sk\/krampus\/"},"author":{"name":"Ralf Ittermann","@id":"https:\/\/iwell-guard.com\/sk\/#\/schema\/person\/ee2a27f1cac3406c7c6fb5820cb7349f"},"headline":"Krampus","datePublished":"2026-09-04T22:35:40+00:00","dateModified":"2026-09-04T23:12:33+00:00","mainEntityOfPage":{"@id":"https:\/\/iwell-guard.com\/sk\/krampus\/"},"publisher":{"@id":"https:\/\/iwell-guard.com\/sk\/#organization"},"image":{"@id":"https:\/\/iwell-guard.com\/sk\/krampus\/#primaryimage"},"thumbnailUrl":"https:\/\/iwell-guard.com\/wp-content\/uploads\/2026\/07\/daemonen_alpin_krampus.webp","inLanguage":"sk-SK","description":"Kto je Krampus? P\u00f4vod mena, krampusov\u00e1 noc 5. decembra, rozdiel oproti Percht\u00e1m a Knechtovi Ruprechtovi a ve\u013ek\u00e9 krampusov\u00e9 sprievody."},{"@type":"WebPage","@id":"https:\/\/iwell-guard.com\/sk\/krampus\/","url":"https:\/\/iwell-guard.com\/sk\/krampus\/","name":"Krampus: p\u00f4vod, v\u00fdznam a zvykoslovie","isPartOf":{"@id":"https:\/\/iwell-guard.com\/sk\/#website"},"primaryImageOfPage":{"@id":"https:\/\/iwell-guard.com\/sk\/krampus\/#primaryimage"},"image":{"@id":"https:\/\/iwell-guard.com\/sk\/krampus\/#primaryimage"},"thumbnailUrl":"https:\/\/iwell-guard.com\/wp-content\/uploads\/2026\/07\/daemonen_alpin_krampus.webp","datePublished":"2026-09-04T22:35:40+00:00","dateModified":"2026-09-04T23:12:33+00:00","description":"Kto je Krampus? P\u00f4vod mena, krampusov\u00e1 noc 5. decembra, rozdiel oproti Percht\u00e1m a Knechtovi Ruprechtovi a ve\u013ek\u00e9 krampusov\u00e9 sprievody.","breadcrumb":{"@id":"https:\/\/iwell-guard.com\/sk\/krampus\/#breadcrumb"},"inLanguage":"sk-SK","potentialAction":[{"@type":"ReadAction","target":["https:\/\/iwell-guard.com\/sk\/krampus\/"]}]},{"@type":"ImageObject","inLanguage":"sk-SK","@id":"https:\/\/iwell-guard.com\/sk\/krampus\/#primaryimage","url":"https:\/\/iwell-guard.com\/wp-content\/uploads\/2026\/07\/daemonen_alpin_krampus.webp","contentUrl":"https:\/\/iwell-guard.com\/wp-content\/uploads\/2026\/07\/daemonen_alpin_krampus.webp","width":1024,"height":1536,"caption":"Krampus - d\u00e9moni z alpskej trad\u00edcie, historicko-ilustra\u010dn\u00e9 zobrazenie"},{"@type":"BreadcrumbList","@id":"https:\/\/iwell-guard.com\/sk\/krampus\/#breadcrumb","itemListElement":[{"@type":"ListItem","position":1,"name":"Start","item":"https:\/\/iwell-guard.com\/sk\/?page_id=157572"},{"@type":"ListItem","position":2,"name":"Krampus"}]},{"@type":"WebSite","@id":"https:\/\/iwell-guard.com\/sk\/#website","url":"https:\/\/iwell-guard.com\/sk\/","name":"iWell Guard","description":"Schutz vor dunklen Einfl\u00fcssen","publisher":{"@id":"https:\/\/iwell-guard.com\/sk\/#organization"},"potentialAction":[{"@type":"SearchAction","target":{"@type":"EntryPoint","urlTemplate":"https:\/\/iwell-guard.com\/sk\/?s={search_term_string}"},"query-input":{"@type":"PropertyValueSpecification","valueRequired":true,"valueName":"search_term_string"}}],"inLanguage":"sk-SK"},{"@type":"Organization","@id":"https:\/\/iwell-guard.com\/sk\/#organization","name":"Ittermann electronic GmbH","url":"https:\/\/iwell-guard.com\/sk\/","logo":{"@type":"ImageObject","inLanguage":"sk-SK","@id":"https:\/\/iwell-guard.com\/sk\/#\/schema\/logo\/image\/","url":"https:\/\/iwell-guard.com\/wp-content\/uploads\/2026\/05\/Ittermann-Logo-1182x237-1.png","contentUrl":"https:\/\/iwell-guard.com\/wp-content\/uploads\/2026\/05\/Ittermann-Logo-1182x237-1.png","width":1182,"height":237,"caption":"Ittermann electronic GmbH"},"image":{"@id":"https:\/\/iwell-guard.com\/sk\/#\/schema\/logo\/image\/"},"sameAs":["https:\/\/pantip.com\/profile\/9367242","https:\/\/micro.blog\/iwellguard","https:\/\/www.diggerslist.com\/iwellguard\/about","https:\/\/skitterphoto.com\/photographers\/2870314\/iwell-guard","https:\/\/iwellguard.wordpress.com\/2026\/06\/06\/iwell-guard\/","https:\/\/hub.docker.com\/u\/iwellguard","https:\/\/www.pinterest.com\/iwellguard\/","https:\/\/bit.ly\/m\/iwellguard","https:\/\/entre-vos-mains.alsace.eu\/profiles\/iwellguard\/activity","https:\/\/gravatar.com\/reallybeded8fd34","https:\/\/naijamatta.com\/iwellguard","https:\/\/www.goodreads.com\/iwellguard","https:\/\/profile.hatena.ne.jp\/iwellguard\/","https:\/\/experiment.com\/users\/iwellguard","https:\/\/wakelet.com\/@iWellGuard82270","https:\/\/www.chordie.com\/forum\/profile.php?id=2555664","https:\/\/www.instapaper.com\/p\/17757966","https:\/\/www.mapleprimes.com\/users\/iwellguard","https:\/\/businesslistingplus.com\/profile\/iwell-guard\/","https:\/\/telegra.ph\/iWell-Guard-06-06","https:\/\/pbase.com\/iwellguard\/iwellguard","https:\/\/b.hatena.ne.jp\/iwellguard\/20260607#bookmark-4788405196491818882","https:\/\/fliphtml5.com\/home\/iwellguard","https:\/\/anyflip.com\/homepage\/cmiwl#About","https:\/\/transfur.com\/Users\/iwellguard","http:\/\/delphi.larsbo.org\/user\/iwellguard","https:\/\/jobs.lajobsportal.org\/profiles\/8380803-iwell-guard","https:\/\/md.chaosdorf.de\/s\/jfbe5SBdJD","https:\/\/www.lingvolive.com\/en-us\/profile\/9ecaeaca-ce11-4e51-9e71-01d55e2bff36\/translations","https:\/\/www.fitday.com\/fitness\/forums\/members\/iwellguard.html","https:\/\/www.mymeetbook.com\/iwellguard","https:\/\/pxhere.com\/en\/photographer-me\/5040798","https:\/\/disqus.com\/by\/iwellguard\/about\/","https:\/\/pastelink.net\/hjwciqwq","https:\/\/pubhtml5.com\/homepage\/scjhn\/","https:\/\/www.bitchute.com\/channel\/2O2eOKzNqujT","https:\/\/audiomack.com\/iwellguard"]},{"@type":"Person","@id":"https:\/\/iwell-guard.com\/sk\/#\/schema\/person\/ee2a27f1cac3406c7c6fb5820cb7349f","name":"Ralf Ittermann","image":{"@type":"ImageObject","inLanguage":"sk-SK","@id":"https:\/\/secure.gravatar.com\/avatar\/073c0153e350a5005b68eb752b445fea71f6b24a26da9449ad7e155e6b446c9d?s=96&d=mm&r=g","url":"https:\/\/secure.gravatar.com\/avatar\/073c0153e350a5005b68eb752b445fea71f6b24a26da9449ad7e155e6b446c9d?s=96&d=mm&r=g","contentUrl":"https:\/\/secure.gravatar.com\/avatar\/073c0153e350a5005b68eb752b445fea71f6b24a26da9449ad7e155e6b446c9d?s=96&d=mm&r=g","caption":"Ralf Ittermann"},"givenName":"Ralf","familyName":"Ittermann","jobTitle":"Gesch\u00e4ftsf\u00fchrer und redaktioneller Verantwortlicher","url":"https:\/\/iwell-guard.com\/sk\/author\/claude\/","description":"Ralf Ittermann ist Gesch\u00e4ftsf\u00fchrer der Ittermann electronic GmbH und redaktioneller Verantwortlicher des iWell-Guard-Lexikons. Er verbindet langj\u00e4hrige Erfahrung in der Pr\u00e4zisionsfertigung mit medialer Praxis und religionsgeschichtlicher Quellenarbeit.","worksFor":{"@type":"Organization","name":"Ittermann electronic GmbH","url":"https:\/\/ittermann.de\/","address":{"@type":"PostalAddress","streetAddress":"K\u00f6hlergasse 16-18","postalCode":"99842","addressLocality":"Ruhla","addressCountry":"DE"}},"knowsAbout":["Religionsgeschichte","Mythologie","Mediale Praxis","Energetische Diagnostik","Schutzpraxis","Volksglauben","Westliche Esoterik"]},{"@type":"Article","@id":"https:\/\/iwell-guard.com\/sk\/krampus\/#article","isPartOf":{"@id":"https:\/\/iwell-guard.com\/sk\/krampus\/"},"author":{"name":"Ralf Ittermann","@id":"https:\/\/iwell-guard.com\/sk\/#\/schema\/person\/ee2a27f1cac3406c7c6fb5820cb7349f"},"headline":"Krampus","datePublished":"2026-09-04T22:35:40+00:00","dateModified":"2026-09-04T23:12:33+00:00","mainEntityOfPage":{"@id":"https:\/\/iwell-guard.com\/sk\/krampus\/"},"publisher":{"@id":"https:\/\/iwell-guard.com\/sk\/#organization"},"image":{"@id":"https:\/\/iwell-guard.com\/sk\/krampus\/#primaryimage"},"thumbnailUrl":"https:\/\/iwell-guard.com\/wp-content\/uploads\/2026\/07\/daemonen_alpin_krampus.webp","inLanguage":"sk-SK","description":"Kto je Krampus? P\u00f4vod mena, krampusov\u00e1 noc 5. decembra, rozdiel oproti Percht\u00e1m a Knechtovi Ruprechtovi a ve\u013ek\u00e9 krampusov\u00e9 sprievody."}]}},"_links":{"self":[{"href":"https:\/\/iwell-guard.com\/sk\/wp-json\/wp\/v2\/pages\/158815","targetHints":{"allow":["GET"]}}],"collection":[{"href":"https:\/\/iwell-guard.com\/sk\/wp-json\/wp\/v2\/pages"}],"about":[{"href":"https:\/\/iwell-guard.com\/sk\/wp-json\/wp\/v2\/types\/page"}],"author":[{"embeddable":true,"href":"https:\/\/iwell-guard.com\/sk\/wp-json\/wp\/v2\/users\/3"}],"replies":[{"embeddable":true,"href":"https:\/\/iwell-guard.com\/sk\/wp-json\/wp\/v2\/comments?post=158815"}],"version-history":[{"count":0,"href":"https:\/\/iwell-guard.com\/sk\/wp-json\/wp\/v2\/pages\/158815\/revisions"}],"wp:featuredmedia":[{"embeddable":true,"href":"https:\/\/iwell-guard.com\/sk\/wp-json\/wp\/v2\/media\/20516"}],"wp:attachment":[{"href":"https:\/\/iwell-guard.com\/sk\/wp-json\/wp\/v2\/media?parent=158815"}],"wp:term":[{"taxonomy":"category","embeddable":true,"href":"https:\/\/iwell-guard.com\/sk\/wp-json\/wp\/v2\/categories?post=158815"}],"curies":[{"name":"wp","href":"https:\/\/api.w.org\/{rel}","templated":true}]}}