{"id":158653,"date":"2026-09-04T22:29:01","date_gmt":"2026-09-04T22:29:01","guid":{"rendered":"https:\/\/iwell-guard.com\/?page_id=158653"},"modified":"2026-09-04T23:08:08","modified_gmt":"2026-09-04T23:08:08","slug":"caoineag","status":"publish","type":"page","link":"https:\/\/iwell-guard.com\/sk\/caoineag\/","title":{"rendered":"Caoineag"},"content":{"rendered":"\t\t<div data-elementor-type=\"wp-page\" data-elementor-id=\"158653\" class=\"elementor elementor-158653 elementor-19573\" data-elementor-post-type=\"page\">\n\t\t\t\t<div class=\"elementor-element elementor-element-10fdade e-flex e-con-boxed e-con e-parent\" data-id=\"10fdade\" data-element_type=\"container\" data-e-type=\"container\" data-settings=\"{&quot;background_background&quot;:&quot;classic&quot;}\">\n\t\t\t\t\t<div class=\"e-con-inner\">\n\t\t<div class=\"elementor-element elementor-element-herohlft0 e-flex e-con-boxed e-con e-child\" data-id=\"herohlft0\" data-element_type=\"container\" data-e-type=\"container\">\n\t\t\t\t\t<div class=\"e-con-inner\">\n\t\t<div class=\"elementor-element elementor-element-c3ceb64 e-con-full e-flex e-con e-child\" data-id=\"c3ceb64\" data-element_type=\"container\" data-e-type=\"container\">\n\t\t\t\t<div class=\"elementor-element elementor-element-96ae5e1 elementor-widget elementor-widget-heading\" data-id=\"96ae5e1\" data-element_type=\"widget\" data-e-type=\"widget\" data-widget_type=\"heading.default\">\n\t\t\t\t\t<h1 class=\"elementor-heading-title elementor-size-default\">Caoineag, nevidite\u013en\u00e1 varovate\u013eka pred Glencoe<\/h1>\t\t\t\t<\/div>\n\t\t\t\t<div class=\"elementor-element elementor-element-e45238a elementor-widget elementor-widget-text-editor\" data-id=\"e45238a\" data-element_type=\"widget\" data-e-type=\"widget\" data-widget_type=\"text-editor.default\">\n\t\t\t\t\t\t\t\t\t<p>Caoineag je <span class=\"iwg-fachbegriff\" data-tooltip=\"Beztelesn\u00e1 bytos\u0165, ktorej sa pripisuje p\u00f4sobenie vo svete.\" tabindex=\"0\">duch<\/span> \u0161k\u00f3tskej trad\u00edcie.<\/p><p><strong>Jej no\u010dn\u00fd \u017ealospev oznamuje smr\u0165 \u010dlena klanu.<\/strong> Profil ju predstavuje ako nevidite\u013en\u00fa varovate\u013eku pred Glencoe. Ako pla\u010d\u00faca predzvestovate\u013eka smrti zost\u00e1va Caoineag centr\u00e1lnou postavou \u0161k\u00f3tskej trad\u00edcie.<\/p>\t\t\t\t\t\t\t\t<\/div>\n\t\t\t\t<\/div>\n\t\t<div class=\"elementor-element elementor-element-klsbdg01 e-con-full e-flex e-con e-parent\" data-id=\"klsbdg01\" data-element_type=\"container\" data-e-type=\"container\">\n\t\t\t\t<div class=\"elementor-element elementor-element-klshtm01 elementor-widget elementor-widget-html\" data-id=\"klshtm01\" data-element_type=\"widget\" data-e-type=\"widget\" data-widget_type=\"html.default\">\n\t\t\t\t\t<div class=\"iwg-pill-row\"><span class=\"iwg-klasse-badge\" tabindex=\"0\" data-tooltip=\"Duch: Nehmotn\u00e1 alebo polovi\u010dne hmotn\u00e1 bytos\u0165, zosnul\u00ed, pr\u00edrodn\u00e9 bytosti, dom\u00e1ci duchovia alebo str\u00e1\u017ecovia prahu. P\u00f4sob\u00ed v ka\u017edodennom \u017eivote, \u010dasto viazan\u00ed na miesta alebo rodiny.\">Duch<\/span><a href=\"https:\/\/iwell-guard.com\/sk\/keltska\/\" class=\"iwg-kultur-badge\" tabindex=\"0\" data-tooltip=\"Keltsk\u00e9 n\u00e1bo\u017eenstvo z\u00e1padnej Eur\u00f3py a Britsk\u00fdch ostrovov, mytologicky dochovan\u00e9 prostredn\u00edctvom \u00edrsko-walesk\u00fdch textov.\">Keltsk\u00e9<\/a><\/div>\t\t\t\t<\/div>\n\t\t\t\t<\/div>\n\t\t<div class=\"elementor-element elementor-element-3f74855 e-con-full e-flex e-con e-child\" data-id=\"3f74855\" data-element_type=\"container\" data-e-type=\"container\">\n\t\t\t\t<div class=\"elementor-element elementor-element-1c30362 elementor-toc--minimized-on-tablet elementor-widget elementor-widget-table-of-contents\" data-id=\"1c30362\" data-element_type=\"widget\" data-e-type=\"widget\" data-settings=\"{&quot;exclude_headings_by_selector&quot;:[],&quot;no_headings_message&quot;:&quot;Na tejto str\\u00e1nke sa nena\\u0161li \\u017eiadne nadpisy.&quot;,&quot;headings_by_tags&quot;:[&quot;h2&quot;,&quot;h3&quot;],&quot;marker_view&quot;:&quot;bullets&quot;,&quot;icon&quot;:{&quot;value&quot;:&quot;fas fa-circle&quot;,&quot;library&quot;:&quot;fa-solid&quot;,&quot;rendered_tag&quot;:&quot;&lt;svg class=\\&quot;e-font-icon-svg e-fas-circle\\&quot; viewBox=\\&quot;0 0 512 512\\&quot; xmlns=\\&quot;http:\\\/\\\/www.w3.org\\\/2000\\\/svg\\&quot;&gt;&lt;path d=\\&quot;M256 8C119 8 8 119 8 256s111 248 248 248 248-111 248-248S393 8 256 8z\\&quot;&gt;&lt;\\\/path&gt;&lt;\\\/svg&gt;&quot;},&quot;minimize_box&quot;:&quot;yes&quot;,&quot;minimized_on&quot;:&quot;tablet&quot;,&quot;hierarchical_view&quot;:&quot;yes&quot;,&quot;min_height&quot;:{&quot;unit&quot;:&quot;px&quot;,&quot;size&quot;:&quot;&quot;,&quot;sizes&quot;:[]},&quot;min_height_tablet&quot;:{&quot;unit&quot;:&quot;px&quot;,&quot;size&quot;:&quot;&quot;,&quot;sizes&quot;:[]},&quot;min_height_mobile&quot;:{&quot;unit&quot;:&quot;px&quot;,&quot;size&quot;:&quot;&quot;,&quot;sizes&quot;:[]}}\" data-widget_type=\"table-of-contents.default\">\n\t\t\t\t\t\t\t\t\t<div class=\"elementor-toc__header\">\n\t\t\t\t\t\t<h2 class=\"elementor-toc__header-title\">\n\t\t\t\tObsah\t\t\t<\/h2>\n\t\t\t\t\t\t\t\t\t\t<div class=\"elementor-toc__toggle-button elementor-toc__toggle-button--expand\" role=\"button\" tabindex=\"0\" aria-controls=\"elementor-toc__1c30362\" aria-expanded=\"true\" aria-label=\"Open table of contents\"><svg aria-hidden=\"true\" class=\"e-font-icon-svg e-fas-chevron-down\" viewBox=\"0 0 448 512\" xmlns=\"http:\/\/www.w3.org\/2000\/svg\"><path d=\"M207.029 381.476L12.686 187.132c-9.373-9.373-9.373-24.569 0-33.941l22.667-22.667c9.357-9.357 24.522-9.375 33.901-.04L224 284.505l154.745-154.021c9.379-9.335 24.544-9.317 33.901.04l22.667 22.667c9.373 9.373 9.373 24.569 0 33.941L240.971 381.476c-9.373 9.372-24.569 9.372-33.942 0z\"><\/path><\/svg><\/div>\n\t\t\t\t<div class=\"elementor-toc__toggle-button elementor-toc__toggle-button--collapse\" role=\"button\" tabindex=\"0\" aria-controls=\"elementor-toc__1c30362\" aria-expanded=\"true\" aria-label=\"Close table of contents\"><svg aria-hidden=\"true\" class=\"e-font-icon-svg e-fas-chevron-up\" viewBox=\"0 0 448 512\" xmlns=\"http:\/\/www.w3.org\/2000\/svg\"><path d=\"M240.971 130.524l194.343 194.343c9.373 9.373 9.373 24.569 0 33.941l-22.667 22.667c-9.357 9.357-24.522 9.375-33.901.04L224 227.495 69.255 381.516c-9.379 9.335-24.544 9.317-33.901-.04l-22.667-22.667c-9.373-9.373-9.373-24.569 0-33.941L207.03 130.525c9.372-9.373 24.568-9.373 33.941-.001z\"><\/path><\/svg><\/div>\n\t\t\t\t\t<\/div>\n\t\t\t\t<div id=\"elementor-toc__1c30362\" class=\"elementor-toc__body\">\n\t\t\t<div class=\"elementor-toc__spinner-container\">\n\t\t\t\t<svg class=\"elementor-toc__spinner eicon-animation-spin e-font-icon-svg e-eicon-loading\" aria-hidden=\"true\" viewBox=\"0 0 1000 1000\" xmlns=\"http:\/\/www.w3.org\/2000\/svg\"><path d=\"M500 975V858C696 858 858 696 858 500S696 142 500 142 142 304 142 500H25C25 237 238 25 500 25S975 237 975 500 763 975 500 975Z\"><\/path><\/svg>\t\t\t<\/div>\n\t\t<\/div>\n\t\t\t\t\t\t<\/div>\n\t\t\t\t<\/div>\n\t\t\t\t\t<\/div>\n\t\t\t\t<\/div>\n\t\t<div class=\"elementor-element elementor-element-herorght0 e-con-full e-flex e-con e-child\" data-id=\"herorght0\" data-element_type=\"container\" data-e-type=\"container\">\n\t\t\t\t<div class=\"elementor-element elementor-element-heroimg00 iwg-hero-image elementor-widget elementor-widget-image\" data-id=\"heroimg00\" data-element_type=\"widget\" data-e-type=\"widget\" data-widget_type=\"image.default\">\n\t\t\t\t\t\t\t\t\t\t\t\t\t\t\t<img fetchpriority=\"high\" decoding=\"async\" width=\"683\" height=\"1024\" src=\"https:\/\/iwell-guard.com\/wp-content\/uploads\/2026\/07\/geister_keltisch_caoineag-683x1024.webp\" class=\"attachment-large size-large wp-image-159130\" alt=\"Caoineag, duch z keltskej trad\u00edcie\" srcset=\"https:\/\/iwell-guard.com\/wp-content\/uploads\/2026\/07\/geister_keltisch_caoineag-683x1024.webp 683w, https:\/\/iwell-guard.com\/wp-content\/uploads\/2026\/07\/geister_keltisch_caoineag-200x300.webp 200w, https:\/\/iwell-guard.com\/wp-content\/uploads\/2026\/07\/geister_keltisch_caoineag-768x1152.webp 768w, https:\/\/iwell-guard.com\/wp-content\/uploads\/2026\/07\/geister_keltisch_caoineag.webp 1024w\" sizes=\"(max-width: 683px) 100vw, 683px\" \/>\t\t\t\t\t\t\t\t\t\t\t\t\t\t\t<\/div>\n\t\t\t\t<\/div>\n\t\t\t\t\t<\/div>\n\t\t\t\t<\/div>\n\t\t<div class=\"elementor-element elementor-element-32917199 e-flex e-con-boxed e-con e-parent\" data-id=\"32917199\" data-element_type=\"container\" data-e-type=\"container\">\n\t\t\t\t\t<div class=\"e-con-inner\">\n\t\t<div class=\"elementor-element elementor-element-26e916cb e-flex e-con-boxed e-con e-child\" data-id=\"26e916cb\" data-element_type=\"container\" data-e-type=\"container\">\n\t\t\t\t\t<div class=\"e-con-inner\">\n\t\t<div class=\"elementor-element elementor-element-253a40d4 e-flex e-con-boxed e-con e-child\" data-id=\"253a40d4\" data-element_type=\"container\" data-e-type=\"container\">\n\t\t\t\t\t<div class=\"e-con-inner\">\n\t\t\t\t<div class=\"elementor-element elementor-element-1200c304 elementor-widget elementor-widget-heading\" data-id=\"1200c304\" data-element_type=\"widget\" data-e-type=\"widget\" data-widget_type=\"heading.default\">\n\t\t\t\t\t<div class=\"elementor-heading-title elementor-size-default\">Caoineag<\/div>\t\t\t\t<\/div>\n\t\t\t\t<div class=\"elementor-element elementor-element-11758e7f elementor-widget elementor-widget-text-editor\" data-id=\"11758e7f\" data-element_type=\"widget\" data-e-type=\"widget\" data-widget_type=\"text-editor.default\">\n\t\t\t\t\t\t\t\t\t<p>Caoineag, Pla\u010d\u00faca, je \u017ealostiaci duch \u0161k\u00f3tskych Highlands. V\u00e4\u010d\u0161inou nevidite\u013en\u00e1, svoj\u00edm no\u010dn\u00fdm \u017ealospevom oznamuje smr\u0165 \u010dlenov klanu, najm\u00e4 t\u00fdch, ktor\u00ed padli v boji. Pod\u013ea trad\u00edcie m\u00e1 ka\u017ed\u00fd klan svoju vlastn\u00fa Caoineag, ktor\u00e1 predpoved\u00e1 smr\u0165 vlastn\u00fdch \u013eud\u00ed a oplak\u00e1va padl\u00fdch.<\/p><p>Pred masakrom v Glencoe v roku 1692 mala Caoineag klanu MacDonald \u017ealosti\u0165 noc za nocou; kto jej pla\u010d bral v\u00e1\u017ene a opustil \u00fadolie, unikol osudu t\u00fdch, ktor\u00ed zostali. Alexander Carmichael zaznamenal v diele Carmina Gadelica fragmenty jej \u017ealospevov.<\/p>\t\t\t\t\t\t\t\t<\/div>\n\t\t\t\t\t<\/div>\n\t\t\t\t<\/div>\n\t\t<div class=\"elementor-element elementor-element-159dcf9a e-flex e-con-boxed e-con e-child\" data-id=\"159dcf9a\" data-element_type=\"container\" data-e-type=\"container\">\n\t\t\t\t\t<div class=\"e-con-inner\">\n\t\t\t\t<div class=\"elementor-element elementor-element-48cee66f elementor-widget elementor-widget-heading\" data-id=\"48cee66f\" data-element_type=\"widget\" data-e-type=\"widget\" data-widget_type=\"heading.default\">\n\t\t\t\t\t<div class=\"elementor-heading-title elementor-size-default\">Na prv\u00fd poh\u013ead: Caoineag<\/div>\t\t\t\t<\/div>\n\t\t\t\t<div class=\"elementor-element elementor-element-3f50d82c elementor-widget elementor-widget-text-editor\" data-id=\"3f50d82c\" data-element_type=\"widget\" data-e-type=\"widget\" data-widget_type=\"text-editor.default\">\n\t\t\t\t\t\t\t\t\t<p><strong>Typ:<\/strong> znamenie smrti, pla\u010d\u00faci typ duchov z rodiny banshee, viazan\u00fd na klan<br>P\u00f4vod: \u00fastna trad\u00edcia \u0161k\u00f3tskych Highlands<br>Texty: Carmina Gadelica Alexandra Carmichaela<br>\u010casov\u00e9 zaradenie: trad\u00edcia Highlands, zap\u00edsan\u00e1 okolo roku 1900<br>Podoba: v\u00e4\u010d\u0161inou nevidite\u013en\u00e1, po\u010dute\u013en\u00e1 len ako \u017ealospev pri vodop\u00e1de, potoku alebo ties\u0148ave<\/p>\t\t\t\t\t\t\t\t<\/div>\n\t\t\t\t\t<\/div>\n\t\t\t\t<\/div>\n\t\t\t\t\t<\/div>\n\t\t\t\t<\/div>\n\t\t\t\t\t<\/div>\n\t\t\t\t<\/div>\n\t\t<div class=\"elementor-element elementor-element-18613602 e-flex e-con-boxed e-con e-parent\" data-id=\"18613602\" data-element_type=\"container\" data-e-type=\"container\">\n\t\t\t\t\t<div class=\"e-con-inner\">\n\t\t\t\t<div class=\"elementor-element elementor-element-262b8a9f elementor-widget elementor-widget-heading\" data-id=\"262b8a9f\" data-element_type=\"widget\" data-e-type=\"widget\" data-widget_type=\"heading.default\">\n\t\t\t\t\t<h2 class=\"elementor-heading-title elementor-size-default\">Kontext podania<\/h2>\t\t\t\t<\/div>\n\t\t<div class=\"elementor-element elementor-element-46dcb7d e-con-full e-flex e-con e-child\" data-id=\"46dcb7d\" data-element_type=\"container\" data-e-type=\"container\">\n\t\t<div class=\"elementor-element elementor-element-61d3ab3 e-flex e-con-boxed e-con e-child\" data-id=\"61d3ab3\" data-element_type=\"container\" data-e-type=\"container\">\n\t\t\t\t\t<div class=\"e-con-inner\">\n\t\t\t\t<div class=\"elementor-element elementor-element-117c166 elementor-widget elementor-widget-heading\" data-id=\"117c166\" data-element_type=\"widget\" data-e-type=\"widget\" data-widget_type=\"heading.default\">\n\t\t\t\t\t<h3 class=\"elementor-heading-title elementor-size-default\">Zeitraum der Texte<\/h3>\t\t\t\t<\/div>\n\t\t\t\t<div class=\"elementor-element elementor-element-73997a0 elementor-widget elementor-widget-text-editor\" data-id=\"73997a0\" data-element_type=\"widget\" data-e-type=\"widget\" data-widget_type=\"text-editor.default\">\n\t\t\t\t\t\t\t\t\t<p>Caoineag patr\u00ed k \u00fastnej trad\u00edcii \u0161k\u00f3tskych Highlands a je zdokumentovan\u00e1 najm\u00e4 v zbierke Carmina Gadelica Alexandra Carmichaela.<\/p>\t\t\t\t\t\t\t\t<\/div>\n\t\t\t\t\t<\/div>\n\t\t\t\t<\/div>\n\t\t<div class=\"elementor-element elementor-element-d47b156 e-flex e-con-boxed e-con e-child\" data-id=\"d47b156\" data-element_type=\"container\" data-e-type=\"container\">\n\t\t\t\t\t<div class=\"e-con-inner\">\n\t\t\t\t<div class=\"elementor-element elementor-element-ff38c2b elementor-widget elementor-widget-heading\" data-id=\"ff38c2b\" data-element_type=\"widget\" data-e-type=\"widget\" data-widget_type=\"heading.default\">\n\t\t\t\t\t<h3 class=\"elementor-heading-title elementor-size-default\">Verbreitungsraum<\/h3>\t\t\t\t<\/div>\n\t\t\t\t<div class=\"elementor-element elementor-element-4e49fcc elementor-widget elementor-widget-text-editor\" data-id=\"4e49fcc\" data-element_type=\"widget\" data-e-type=\"widget\" data-widget_type=\"text-editor.default\">\n\t\t\t\t\t\t\t\t\t<p>\u0160k\u00f3tske Highlands s\u00fa jej hlavnou oblas\u0165ou; variant caointeach je zvl\u00e1\u0161\u0165 dosved\u010den\u00fd na ostrove Islay.<\/p>\t\t\t\t\t\t\t\t<\/div>\n\t\t\t\t\t<\/div>\n\t\t\t\t<\/div>\n\t\t\t\t<\/div>\n\t\t<div class=\"elementor-element elementor-element-db03c39 e-con-full e-flex e-con e-child\" data-id=\"db03c39\" data-element_type=\"container\" data-e-type=\"container\">\n\t\t<div class=\"elementor-element elementor-element-229a87b e-flex e-con-boxed e-con e-child\" data-id=\"229a87b\" data-element_type=\"container\" data-e-type=\"container\">\n\t\t\t\t\t<div class=\"e-con-inner\">\n\t\t\t\t<div class=\"elementor-element elementor-element-1f471fc elementor-widget elementor-widget-heading\" data-id=\"1f471fc\" data-element_type=\"widget\" data-e-type=\"widget\" data-widget_type=\"heading.default\">\n\t\t\t\t\t<h3 class=\"elementor-heading-title elementor-size-default\">Quellenlage<\/h3>\t\t\t\t<\/div>\n\t\t\t\t<div class=\"elementor-element elementor-element-36b1201 elementor-widget elementor-widget-text-editor\" data-id=\"36b1201\" data-element_type=\"widget\" data-e-type=\"widget\" data-widget_type=\"text-editor.default\">\n\t\t\t\t\t\t\t\t\t<p>Dobr\u00e1: predov\u0161etk\u00fdm Carmina Gadelica Alexandra Carmichaela, doplnen\u00e1 zbierkami Jamesa MacKillopa, Katharine Briggsovej a Donalda A. Mackenzieho.<\/p>\t\t\t\t\t\t\t\t<\/div>\n\t\t\t\t\t<\/div>\n\t\t\t\t<\/div>\n\t\t\t\t<\/div>\n\t\t\t\t\t<\/div>\n\t\t\t\t<\/div>\n\t\t<div class=\"elementor-element elementor-element-3ae0637c e-flex e-con-boxed e-con e-parent\" data-id=\"3ae0637c\" data-element_type=\"container\" data-e-type=\"container\">\n\t\t\t\t\t<div class=\"e-con-inner\">\n\t\t\t\t<div class=\"elementor-element elementor-element-31d07739 elementor-widget elementor-widget-heading\" data-id=\"31d07739\" data-element_type=\"widget\" data-e-type=\"widget\" data-widget_type=\"heading.default\">\n\t\t\t\t\t<h2 class=\"elementor-heading-title elementor-size-default\">Meno a varianty<\/h2>\t\t\t\t<\/div>\n\t\t<div class=\"elementor-element elementor-element-b7642947 e-con-full e-flex e-con e-child\" data-id=\"b7642947\" data-element_type=\"container\" data-e-type=\"container\">\n\t\t\t\t<div class=\"elementor-element elementor-element-a086266 elementor-widget elementor-widget-text-editor\" data-id=\"a086266\" data-element_type=\"widget\" data-e-type=\"widget\" data-widget_type=\"text-editor.default\">\n\t\t\t\t\t\t\t\t\t<p><strong>Jazyk:<\/strong> gael\u010dina od slova <em>caoin<\/em>, \u010do znamen\u00e1 plaka\u0165 alebo narieka\u0165, pr\u00edbuzn\u00e9 s gaelsk\u00fdm sm\u00fato\u010dn\u00fdm n\u00e1rekom: Caoineag znamen\u00e1 Pla\u010d\u00faca. \u010eal\u0161ie formy s\u00fa <em>caointeag<\/em> a <em>caoineachag<\/em>; ostrovn\u00fd variant z Islay, <em>caointeach<\/em>, sa pova\u017euje za samostatn\u00e9ho v\u00edly \u010di vodn\u00e9ho ducha.<\/p>\t\t\t\t\t\t\t\t<\/div>\n\t\t\t\t<\/div>\n\t\t\t\t\t<\/div>\n\t\t\t\t<\/div>\n\t\t<div class=\"elementor-element elementor-element-709a44a8 e-flex e-con-boxed e-con e-parent\" data-id=\"709a44a8\" data-element_type=\"container\" data-e-type=\"container\">\n\t\t\t\t\t<div class=\"e-con-inner\">\n\t\t\t\t<div class=\"elementor-element elementor-element-2f585873 elementor-widget elementor-widget-heading\" data-id=\"2f585873\" data-element_type=\"widget\" data-e-type=\"widget\" data-widget_type=\"heading.default\">\n\t\t\t\t\t<h2 class=\"elementor-heading-title elementor-size-default\">Zjav<\/h2>\t\t\t\t<\/div>\n\t\t<div class=\"elementor-element elementor-element-70621c12 e-con-full e-flex e-con e-child\" data-id=\"70621c12\" data-element_type=\"container\" data-e-type=\"container\">\n\t\t\t\t<div class=\"elementor-element elementor-element-4296eb49 elementor-widget elementor-widget-text-editor\" data-id=\"4296eb49\" data-element_type=\"widget\" data-e-type=\"widget\" data-widget_type=\"text-editor.default\">\n\t\t\t\t\t\t\t\t\t<p><strong>Podoba<\/strong><\/p><p>Caoineag zost\u00e1va v\u00e4\u010d\u0161inou nevidite\u013en\u00e1; po\u010du\u0165 len jej pla\u010d pri vodop\u00e1de, potoku, jazere, v ties\u0148ave alebo na horskom svahu. Variant caointeach z Islay sa naopak pri smrti sp\u00f4sobenej chorobou zjavuje vidite\u013ene, so zelen\u00fdm pl\u00e1\u0161\u0165om pri dver\u00e1ch. Nevidite\u013enos\u0165 zosil\u0148uje charakter znamenia; jej \u017ealospev odr\u00e1\u017ea skuto\u010dn\u00fd gaelsk\u00fd \u017eia\u013e nad m\u0155tvymi a zhus\u0165uje kolekt\u00edvny sm\u00fatok cel\u00e9ho klanu.<\/p><p><strong>P\u00f4sobenie<\/strong><\/p><p>Caoineag je varovn\u00fdm znamen\u00edm smrti a ne\u0161\u0165astia, najm\u00e4 v \u010dase vojny, a znepokojuje rodi\u010dov, ktor\u00fdch synovia s\u00fa na bojovom poli. Variant caointeach udiera pri vyru\u0161en\u00ed svojou mokrou plachtou po noh\u00e1ch \u010dloveka, ktor\u00fd potom str\u00e1ca ich pou\u017e\u00edvanie, podobne ako Bean-nighe z ostrova Skye.<\/p>\t\t\t\t\t\t\t\t<\/div>\n\t\t\t\t<\/div>\n\t\t\t\t\t<\/div>\n\t\t\t\t<\/div>\n\t\t<div class=\"elementor-element elementor-element-44e71476 e-flex e-con-boxed e-con e-parent\" data-id=\"44e71476\" data-element_type=\"container\" data-e-type=\"container\">\n\t\t\t\t\t<div class=\"e-con-inner\">\n\t\t\t\t<div class=\"elementor-element elementor-element-3c1fc3f0 elementor-widget elementor-widget-heading\" data-id=\"3c1fc3f0\" data-element_type=\"widget\" data-e-type=\"widget\" data-widget_type=\"heading.default\">\n\t\t\t\t\t<h2 class=\"elementor-heading-title elementor-size-default\">Profil: Caoineag<\/h2>\t\t\t\t<\/div>\n\t\t<div class=\"elementor-element elementor-element-84f33b8e e-con-full e-flex e-con e-child\" data-id=\"84f33b8e\" data-element_type=\"container\" data-e-type=\"container\">\n\t\t\t\t<div class=\"elementor-element elementor-element-hqkdc67p elementor-widget elementor-widget-text-editor\" data-id=\"hqkdc67p\" data-element_type=\"widget\" data-e-type=\"widget\" data-widget_type=\"text-editor.default\">\n\t\t\t\t\t\t\t\t\t<p>Najd\u00f4le\u017eitej\u0161ie aspekty pla\u010d\u00facej predzvestovate\u013eky smrti na prv\u00fd poh\u013ead.<\/p>\t\t\t\t\t\t\t\t<\/div>\n\t\t\t\t<\/div>\n\t\t<div class=\"elementor-element elementor-element-pemmx7c5 e-con-full e-flex e-con e-child\" data-id=\"pemmx7c5\" data-element_type=\"container\" data-e-type=\"container\">\n\t\t<div class=\"elementor-element elementor-element-pemmx7c1 e-con-full e-flex e-con e-child\" data-id=\"pemmx7c1\" data-element_type=\"container\" data-e-type=\"container\">\n\t\t<div class=\"elementor-element elementor-element-qh9oavvu iwg-steckbrief-card e-flex e-con-boxed e-con e-child\" data-id=\"qh9oavvu\" data-element_type=\"container\" data-e-type=\"container\">\n\t\t\t\t\t<div class=\"e-con-inner\">\n\t\t\t\t<div class=\"elementor-element elementor-element-awzx8k2k elementor-widget elementor-widget-heading\" data-id=\"awzx8k2k\" data-element_type=\"widget\" data-e-type=\"widget\" data-widget_type=\"heading.default\">\n\t\t\t\t\t<div class=\"elementor-heading-title elementor-size-default\">Kult\u00farny kontext<\/div>\t\t\t\t<\/div>\n\t\t\t\t<div class=\"elementor-element elementor-element-x6rowhv0 elementor-widget elementor-widget-text-editor\" data-id=\"x6rowhv0\" data-element_type=\"widget\" data-e-type=\"widget\" data-widget_type=\"text-editor.default\">\n\t\t\t\t\t\t\t\t\t<p>Pla\u010d\u00faci typ duchov z rodiny banshee v gaelsko-\u0161k\u00f3tskej trad\u00edcii Highlands, viazan\u00fd na jeden konkr\u00e9tny klan.<\/p>\t\t\t\t\t\t\t\t<\/div>\n\t\t\t\t\t<\/div>\n\t\t\t\t<\/div>\n\t\t<div class=\"elementor-element elementor-element-8e3o4kxs iwg-steckbrief-card e-flex e-con-boxed e-con e-child\" data-id=\"8e3o4kxs\" data-element_type=\"container\" data-e-type=\"container\">\n\t\t\t\t\t<div class=\"e-con-inner\">\n\t\t\t\t<div class=\"elementor-element elementor-element-08rkdgov elementor-widget elementor-widget-heading\" data-id=\"08rkdgov\" data-element_type=\"widget\" data-e-type=\"widget\" data-widget_type=\"heading.default\">\n\t\t\t\t\t<div class=\"elementor-heading-title elementor-size-default\">Vz\u0165ahuje sa na<\/div>\t\t\t\t<\/div>\n\t\t\t\t<div class=\"elementor-element elementor-element-uwjelx8s elementor-widget elementor-widget-text-editor\" data-id=\"uwjelx8s\" data-element_type=\"widget\" data-e-type=\"widget\" data-widget_type=\"text-editor.default\">\n\t\t\t\t\t\t\t\t\t<p>Cel\u00fd klan, ktor\u00e9ho bl\u00ed\u017eiacu sa smr\u0165 v boji alebo v d\u00f4sledku ne\u0161\u0165astia oznamuje svoj\u00edm \u017ealospevom.<\/p>\t\t\t\t\t\t\t\t<\/div>\n\t\t\t\t\t<\/div>\n\t\t\t\t<\/div>\n\t\t<div class=\"elementor-element elementor-element-jm2n74ec iwg-steckbrief-card e-flex e-con-boxed e-con e-child\" data-id=\"jm2n74ec\" data-element_type=\"container\" data-e-type=\"container\">\n\t\t\t\t\t<div class=\"e-con-inner\">\n\t\t\t\t<div class=\"elementor-element elementor-element-8vufse4c elementor-widget elementor-widget-heading\" data-id=\"8vufse4c\" data-element_type=\"widget\" data-e-type=\"widget\" data-widget_type=\"heading.default\">\n\t\t\t\t\t<div class=\"elementor-heading-title elementor-size-default\">Zobrazenie<\/div>\t\t\t\t<\/div>\n\t\t\t\t<div class=\"elementor-element elementor-element-mwb9u015 elementor-widget elementor-widget-text-editor\" data-id=\"mwb9u015\" data-element_type=\"widget\" data-e-type=\"widget\" data-widget_type=\"text-editor.default\">\n\t\t\t\t\t\t\t\t\t<p>V\u00e4\u010d\u0161inou nevidite\u013en\u00e1, po\u010dute\u013en\u00e1 len ako pla\u010d; variant z Islay sa zjavuje vidite\u013ene so zelen\u00fdm pl\u00e1\u0161\u0165om.<\/p>\t\t\t\t\t\t\t\t<\/div>\n\t\t\t\t\t<\/div>\n\t\t\t\t<\/div>\n\t\t\t\t<\/div>\n\t\t<div class=\"elementor-element elementor-element-pemmx7c2 e-con-full e-flex e-con e-child\" data-id=\"pemmx7c2\" data-element_type=\"container\" data-e-type=\"container\">\n\t\t<div class=\"elementor-element elementor-element-37ss2yr6 iwg-steckbrief-card e-flex e-con-boxed e-con e-child\" data-id=\"37ss2yr6\" data-element_type=\"container\" data-e-type=\"container\">\n\t\t\t\t\t<div class=\"e-con-inner\">\n\t\t\t\t<div class=\"elementor-element elementor-element-3v0wp3wx elementor-widget elementor-widget-heading\" data-id=\"3v0wp3wx\" data-element_type=\"widget\" data-e-type=\"widget\" data-widget_type=\"heading.default\">\n\t\t\t\t\t<div class=\"elementor-heading-title elementor-size-default\">Oblas\u0165 p\u00f4sobenia<\/div>\t\t\t\t<\/div>\n\t\t\t\t<div class=\"elementor-element elementor-element-w3247g2m elementor-widget elementor-widget-text-editor\" data-id=\"w3247g2m\" data-element_type=\"widget\" data-e-type=\"widget\" data-widget_type=\"text-editor.default\">\n\t\t\t\t\t\t\t\t\t<p>No\u010dn\u00e9 varovn\u00e9 znamenie smrti a ne\u0161\u0165astia, najm\u00e4 v \u010dase vojny; ned\u00e1 sa oklama\u0165 ani vyspytova\u0165.<\/p>\t\t\t\t\t\t\t\t<\/div>\n\t\t\t\t\t<\/div>\n\t\t\t\t<\/div>\n\t\t<div class=\"elementor-element elementor-element-0qpjal9w iwg-steckbrief-card e-flex e-con-boxed e-con e-child\" data-id=\"0qpjal9w\" data-element_type=\"container\" data-e-type=\"container\">\n\t\t\t\t\t<div class=\"e-con-inner\">\n\t\t\t\t<div class=\"elementor-element elementor-element-6ndoih0o elementor-widget elementor-widget-heading\" data-id=\"6ndoih0o\" data-element_type=\"widget\" data-e-type=\"widget\" data-widget_type=\"heading.default\">\n\t\t\t\t\t<div class=\"elementor-heading-title elementor-size-default\">Pr\u00edstup<\/div>\t\t\t\t<\/div>\n\t\t\t\t<div class=\"elementor-element elementor-element-6684tyh9 elementor-widget elementor-widget-text-editor\" data-id=\"6684tyh9\" data-element_type=\"widget\" data-e-type=\"widget\" data-widget_type=\"text-editor.default\">\n\t\t\t\t\t\t\t\t\t<p>Nasledova\u0165 varovanie a opusti\u0165 ohrozen\u00e9 miesto, ako sa to stalo pri masakre v Glencoe.<\/p>\t\t\t\t\t\t\t\t<\/div>\n\t\t\t\t\t<\/div>\n\t\t\t\t<\/div>\n\t\t<div class=\"elementor-element elementor-element-3lfi7x32 iwg-steckbrief-card e-flex e-con-boxed e-con e-child\" data-id=\"3lfi7x32\" data-element_type=\"container\" data-e-type=\"container\">\n\t\t\t\t\t<div class=\"e-con-inner\">\n\t\t\t\t<div class=\"elementor-element elementor-element-0kg99ga1 elementor-widget elementor-widget-heading\" data-id=\"0kg99ga1\" data-element_type=\"widget\" data-e-type=\"widget\" data-widget_type=\"heading.default\">\n\t\t\t\t\t<div class=\"elementor-heading-title elementor-size-default\">Pr\u00edbuzn\u00e9<\/div>\t\t\t\t<\/div>\n\t\t\t\t<div class=\"elementor-element elementor-element-n0fum6kp elementor-widget elementor-widget-text-editor\" data-id=\"n0fum6kp\" data-element_type=\"widget\" data-e-type=\"widget\" data-widget_type=\"text-editor.default\">\n\t\t\t\t\t\t\t\t\t<p><a href=\"https:\/\/iwell-guard.com\/sk\/?page_id=158640\">Bean Nighe<\/a> a walesk\u00e1 <a href=\"https:\/\/iwell-guard.com\/sk\/?page_id=158660\">Cyhyraeth<\/a>, s ktor\u00fdmi zdie\u013ea typ pla\u010d\u00faceho znamenia smrti.<\/p>\t\t\t\t\t\t\t\t<\/div>\n\t\t\t\t\t<\/div>\n\t\t\t\t<\/div>\n\t\t\t\t<\/div>\n\t\t\t\t<\/div>\n\t\t\t\t\t<\/div>\n\t\t\t\t<\/div>\n\t\t<div class=\"elementor-element elementor-element-7533bc7a e-flex e-con-boxed e-con e-parent\" data-id=\"7533bc7a\" data-element_type=\"container\" data-e-type=\"container\">\n\t\t\t\t\t<div class=\"e-con-inner\">\n\t\t\t\t<div class=\"elementor-element elementor-element-2447d18d elementor-widget elementor-widget-heading\" data-id=\"2447d18d\" data-element_type=\"widget\" data-e-type=\"widget\" data-widget_type=\"heading.default\">\n\t\t\t\t\t<h2 class=\"elementor-heading-title elementor-size-default\">Pla\u010d\u00faca a masaker v Glencoe<\/h2>\t\t\t\t<\/div>\n\t\t<div class=\"elementor-element elementor-element-d5d0260c e-con-full e-flex e-con e-child\" data-id=\"d5d0260c\" data-element_type=\"container\" data-e-type=\"container\">\n\t\t\t\t<div class=\"elementor-element elementor-element-341be2ac elementor-widget elementor-widget-text-editor\" data-id=\"341be2ac\" data-element_type=\"widget\" data-e-type=\"widget\" data-widget_type=\"text-editor.default\">\n\t\t\t\t\t\t\t\t\t<p>Meno Caoineag je gaelsk\u00e9 a odvodzuje sa od <em>caoin<\/em>, plaka\u0165 alebo \u017ealosti\u0165, pr\u00edbuzn\u00e9 s gaelsk\u00fdm \u017eia\u013eom nad m\u0155tvymi: znamen\u00e1 jednoducho Pla\u010d\u00faca. \u010eal\u0161ie tvary s\u00fa <em>caointeag<\/em> a <em>caoineachag<\/em>; na ostrove Islay sa variant <em>caointeach<\/em> popisuje ako samostatn\u00fd v\u00edla \u010di vodn\u00fd duch. Pod\u013ea trad\u00edcie m\u00e1 ka\u017ed\u00fd klan svoju vlastn\u00fa Caoineag, ktor\u00e1 predpoved\u00e1 smr\u0165 \u010dlenov klanu a oplak\u00e1va padl\u00fdch.<\/p><p>Najzn\u00e1mej\u0161ie je jej vyst\u00fapenie pred masakrom v Glencoe v roku 1692: Caoineag klanu MacDonald mala tam \u017ealosti\u0165 noc za nocou, predt\u00fdm ne\u017e bola zraden\u00e1 pohostinnos\u0165 klanu a mnoh\u00ed MacDonaldovia zomreli v sp\u00e1nku. Kto jej \u017ealospev bral v\u00e1\u017ene a v\u010das opustil \u00fadolie, pod\u013ea trad\u00edcie unikol osudu t\u00fdch, ktor\u00ed zostali. Alexander Carmichael zaznamenal v diele Carmina Gadelica fragmenty jej \u017ealospevov.<\/p>\t\t\t\t\t\t\t\t<\/div>\n\t\t\t\t<\/div>\n\t\t\t\t\t<\/div>\n\t\t\t\t<\/div>\n\t\t<div class=\"elementor-element elementor-element-5a584676 e-flex e-con-boxed e-con e-parent\" data-id=\"5a584676\" data-element_type=\"container\" data-e-type=\"container\">\n\t\t\t\t\t<div class=\"e-con-inner\">\n\t\t\t\t<div class=\"elementor-element elementor-element-6d0757bf elementor-widget elementor-widget-heading\" data-id=\"6d0757bf\" data-element_type=\"widget\" data-e-type=\"widget\" data-widget_type=\"heading.default\">\n\t\t\t\t\t<h2 class=\"elementor-heading-title elementor-size-default\">Pripomienka Glencoe<\/h2>\t\t\t\t<\/div>\n\t\t<div class=\"elementor-element elementor-element-60563f68 e-con-full e-flex e-con e-child\" data-id=\"60563f68\" data-element_type=\"container\" data-e-type=\"container\">\n\t\t\t\t<div class=\"elementor-element elementor-element-5a93fdd6 elementor-widget elementor-widget-text-editor\" data-id=\"5a93fdd6\" data-element_type=\"widget\" data-e-type=\"widget\" data-widget_type=\"text-editor.default\">\n\t\t\t\t\t\t\t\t\t<p>Caoineag je pr\u00edtomn\u00e1 v \u0161k\u00f3tskej kult\u00fare pam\u00e4ti predov\u0161etk\u00fdm prostredn\u00edctvom masakru v Glencoe a pravidelne sa uv\u00e1dza v zbierkach \u0161k\u00f3tskeho folkl\u00f3ru a stra\u0161ideln\u00fdch pr\u00edbehov z Highlands. Je menej adaptovan\u00e1 v popul\u00e1rnej kult\u00fare ne\u017e Bean-nighe alebo Ankou.<\/p><p>Z religionistick\u00e9ho h\u013eadiska je Caoineag kolekt\u00edvnym znamen\u00edm smrti viazan\u00fdm na klan bez funkcie psychopompa: sama nezab\u00edja a ani neprev\u00e1dza du\u0161e, len oznamuje. Je stelesnen\u00edm gaelskej trad\u00edcie \u017eia\u013eu nad m\u0155tvymi v nadprirodzenej podobe a patr\u00ed do keltsko-\u0161k\u00f3tskeho okruhu banshee.<\/p>\t\t\t\t\t\t\t\t<\/div>\n\t\t\t\t<\/div>\n\t\t\t\t\t<\/div>\n\t\t\t\t<\/div>\n\t\t<div class=\"elementor-element elementor-element-cp9a031aa e-flex e-con-boxed e-con e-parent\" data-id=\"cp9a031aa\" data-element_type=\"container\" data-e-type=\"container\">\n\t\t\t\t\t<div class=\"e-con-inner\">\n\t\t\t\t<div class=\"elementor-element elementor-element-cp9193514 elementor-widget elementor-widget-heading\" data-id=\"cp9193514\" data-element_type=\"widget\" data-e-type=\"widget\" data-widget_type=\"heading.default\">\n\t\t\t\t\t<h2 class=\"elementor-heading-title elementor-size-default\">Nasledova\u0165 varovanie: zaobch\u00e1dzanie s Caoineag<\/h2>\t\t\t\t<\/div>\n\t\t<div class=\"elementor-element elementor-element-cp02ca0ee e-con-full e-flex e-con e-child\" data-id=\"cp02ca0ee\" data-element_type=\"container\" data-e-type=\"container\">\n\t\t\t\t<div class=\"elementor-element elementor-element-cp444e0f1 elementor-widget elementor-widget-text-editor\" data-id=\"cp444e0f1\" data-element_type=\"widget\" data-e-type=\"widget\" data-widget_type=\"text-editor.default\">\n\t\t\t\t\t\t\t\t\t<p>Na rozdiel od Bean-nighe sa Caoineag ned\u00e1 oslovi\u0165, vyspytova\u0165 ani prin\u00fati\u0165 k splneniu \u017eelan\u00ed; pod\u013ea trad\u00edcie ju nie je mo\u017en\u00e9 oklama\u0165. Jedinou dosved\u010denou ochranou je nasledova\u0165 jej varovanie a opusti\u0165 ohrozen\u00e9 miesto, ako sa to stalo pri masakre v Glencoe. V jednom podan\u00ed je variant caointeach z Islay vyhnan\u00fd po tom, \u010do ho \u013eudia po\u013eutovali a darovali mu kus oble\u010denia. Pri \u010fal\u0161om zaobch\u00e1dzan\u00ed s pla\u010d\u00facou predzvestovate\u013ekou smrti sa \u013eudovo pou\u017e\u00edvala <a href=\"https:\/\/iwell-guard.com\/sk\/svatena-voda\/\">sv\u00e4ten\u00e1 voda<\/a>, <a href=\"https:\/\/iwell-guard.com\/sk\/ochranna-svieca\/\">ochrann\u00e1 svieca<\/a> pri sm\u00fato\u010dnej str\u00e1\u017ei a chladn\u00e9 <a href=\"https:\/\/iwell-guard.com\/sk\/zelezo-a-chladne-zelezo\/\">\u017eelezo<\/a>, ktor\u00e9 sa v keltskom folkl\u00f3re pova\u017euje za ochranu proti bytostiam z Onoho svet.<\/p>\t\t\t\t\t\t\t\t<\/div>\n\t\t\t\t<\/div>\n\t\t\t\t\t<\/div>\n\t\t\t\t<\/div>\n\t\t<div class=\"elementor-element elementor-element-cp11de5b2 e-flex e-con-boxed e-con e-parent\" data-id=\"cp11de5b2\" data-element_type=\"container\" data-e-type=\"container\">\n\t\t\t\t\t<div class=\"e-con-inner\">\n\t\t\t\t<div class=\"elementor-element elementor-element-cp8d35271 elementor-widget elementor-widget-heading\" data-id=\"cp8d35271\" data-element_type=\"widget\" data-e-type=\"widget\" data-widget_type=\"heading.default\">\n\t\t\t\t\t<h2 class=\"elementor-heading-title elementor-size-default\">Od Bean-nighe k walesk\u00fdm znameniam smrti<\/h2>\t\t\t\t<\/div>\n\t\t<div class=\"elementor-element elementor-element-cp02f26b8 e-con-full e-flex e-con e-child\" data-id=\"cp02f26b8\" data-element_type=\"container\" data-e-type=\"container\">\n\t\t\t\t<div class=\"elementor-element elementor-element-cp58c4390 elementor-widget elementor-widget-text-editor\" data-id=\"cp58c4390\" data-element_type=\"widget\" data-e-type=\"widget\" data-widget_type=\"text-editor.default\">\n\t\t\t\t\t\t\t\t\t<p>Caoineag je bl\u00edzko pr\u00edbuzn\u00e1 s <a href=\"https:\/\/iwell-guard.com\/sk\/?page_id=158640\">Bean Nighe<\/a> a \u00edrskou banshee; pova\u017euje sa za ich nevidite\u013ene \u017ealostiaci typ. Vo Walese jej zodpovedaj\u00fa <a href=\"https:\/\/iwell-guard.com\/sk\/?page_id=158660\">Cyhyraeth<\/a> a <a href=\"https:\/\/iwell-guard.com\/sk\/?page_id=158669\">Gwrach y Rhibyn<\/a>, walesk\u00e9 \u017ealostiace znamenia smrti. Mytologicky pr\u00edbuzn\u00e1 je aj keltsk\u00e1 Cailleach.<\/p>\t\t\t\t\t\t\t\t<\/div>\n\t\t\t\t<\/div>\n\t\t\t\t\t<\/div>\n\t\t\t\t<\/div>\n\t\t<div class=\"elementor-element elementor-element-cp406577c e-flex e-con-boxed e-con e-parent\" data-id=\"cp406577c\" data-element_type=\"container\" data-e-type=\"container\">\n\t\t\t\t\t<div class=\"e-con-inner\">\n\t\t\t\t<div class=\"elementor-element elementor-element-cpdd9c543 elementor-widget elementor-widget-heading\" data-id=\"cpdd9c543\" data-element_type=\"widget\" data-e-type=\"widget\" data-widget_type=\"heading.default\">\n\t\t\t\t\t<h2 class=\"elementor-heading-title elementor-size-default\">\u010casto kladen\u00e9 ot\u00e1zky o Caoineag<\/h2>\t\t\t\t<\/div>\n\t\t<div class=\"elementor-element elementor-element-cp9e731bb e-con-full e-flex e-con e-child\" data-id=\"cp9e731bb\" data-element_type=\"container\" data-e-type=\"container\">\n\t\t\t\t<div class=\"elementor-element elementor-element-cpa7c898c elementor-widget elementor-widget-text-editor\" data-id=\"cpa7c898c\" data-element_type=\"widget\" data-e-type=\"widget\" data-widget_type=\"text-editor.default\">\n\t\t\t\t\t\t\t\t\t<p><strong>\u010c\u00edm sa Caoineag odli\u0161uje od Bean-nighe?<\/strong><\/p><p>Caoineag je v\u00e4\u010d\u0161inou nevidite\u013en\u00e1, len po\u010dute\u013en\u00e1, viazan\u00e1 na cel\u00fd klan a nemo\u017eno ju oklama\u0165. Bean-nighe je naproti tomu vidite\u013en\u00e1, pere rub\u00e1\u0161e a mo\u017eno ju prin\u00fati\u0165 splni\u0165 \u017eelania.<\/p><p><strong>Ak\u00fd m\u00e1 vz\u0165ah k Glencoe?<\/strong><\/p><p>Pod\u013ea trad\u00edcie Caoineag klanu MacDonald nariekala cel\u00e9 noci pred masakrou v roku 1692; kto potom opustil \u00fadolie, pre\u017eil.<\/p><p><strong>Mo\u017eno sa jej varovaniu vyhn\u00fa\u0165?<\/strong><\/p><p>Len nepriamo t\u00fdm, \u017ee ju \u010dlovek nasleduje a opust\u00ed ohrozen\u00e9 miesto. Caoineag nemo\u017eno prin\u00fati\u0165 ani vypo\u010d\u00fava\u0165.<\/p>\t\t\t\t\t\t\t\t<\/div>\n\t\t\t\t<\/div>\n\t\t\t\t\t<\/div>\n\t\t\t\t<\/div>\n\t\t<div class=\"elementor-element elementor-element-36dd7469 e-flex e-con-boxed e-con e-parent\" data-id=\"36dd7469\" data-element_type=\"container\" data-e-type=\"container\">\n\t\t\t\t\t<div class=\"e-con-inner\">\n\t\t\t\t<div class=\"elementor-element elementor-element-13760ab4 elementor-widget elementor-widget-heading\" data-id=\"13760ab4\" data-element_type=\"widget\" data-e-type=\"widget\" data-widget_type=\"heading.default\">\n\t\t\t\t\t<h2 class=\"elementor-heading-title elementor-size-default\">S\u00favisiace odkazy<\/h2>\t\t\t\t<\/div>\n\t\t<div class=\"elementor-element elementor-element-28c87796 e-con-full e-flex e-con e-child\" data-id=\"28c87796\" data-element_type=\"container\" data-e-type=\"container\">\n\t\t\t\t<div class=\"elementor-element elementor-element-5d6538df elementor-widget elementor-widget-text-editor\" data-id=\"5d6538df\" data-element_type=\"widget\" data-e-type=\"widget\" data-widget_type=\"text-editor.default\">\n\t\t\t\t\t\t\t\t\t<p>Odpor\u00fa\u010dan\u00e9 intern\u00e9 odkazy:<\/p><ul><li><a href=\"https:\/\/iwell-guard.com\/sk\/keltska\/\">Keltsk\u00e1 trad\u00edcia<\/a> \u2013 keltsk\u00fd svet bohov a duchov Britsk\u00fdch ostrovov<\/li><li><a href=\"https:\/\/iwell-guard.com\/sk\/?page_id=158640\">Bean Nighe<\/a> \u2013 \u0161k\u00f3tska pr\u00e1\u010dka pri brode<\/li><li><a href=\"https:\/\/iwell-guard.com\/sk\/?page_id=158660\">Cyhyraeth<\/a>, <a href=\"https:\/\/iwell-guard.com\/sk\/?page_id=158669\">Gwrach y Rhibyn<\/a> \u2013 walesk\u00e9 znamenia smrti<\/li><li><a href=\"https:\/\/iwell-guard.com\/sk\/svatena-voda\/\">Sv\u00e4ten\u00e1 voda<\/a>, <a href=\"https:\/\/iwell-guard.com\/sk\/ochranna-svieca\/\">Ochrann\u00e1 svieca<\/a>, <a href=\"https:\/\/iwell-guard.com\/sk\/zelezo-a-chladne-zelezo\/\">\u017delezo<\/a> \u2013 tradi\u010dn\u00e9 ochrann\u00e9 prostriedky<\/li><\/ul>\t\t\t\t\t\t\t\t<\/div>\n\t\t\t\t<\/div>\n\t\t\t\t\t<\/div>\n\t\t\t\t<\/div>\n\t\t<div class=\"elementor-element elementor-element-grl4kl40 e-flex e-con-boxed e-con e-parent\" data-id=\"grl4kl40\" data-element_type=\"container\" data-e-type=\"container\">\n\t\t\t\t\t<div class=\"e-con-inner\">\n\t\t\t\t<div class=\"elementor-element elementor-element-bzsbfrmh elementor-widget elementor-widget-heading\" data-id=\"bzsbfrmh\" data-element_type=\"widget\" data-e-type=\"widget\" data-widget_type=\"heading.default\">\n\t\t\t\t\t<h2 class=\"elementor-heading-title elementor-size-default\">Literat\u00fara (v\u00fdber)<\/h2>\t\t\t\t<\/div>\n\t\t<div class=\"elementor-element elementor-element-2c13224a e-con-full e-flex e-con e-child\" data-id=\"2c13224a\" data-element_type=\"container\" data-e-type=\"container\">\n\t\t\t\t<div class=\"elementor-element elementor-element-0eymh9ub elementor-widget elementor-widget-text-editor\" data-id=\"0eymh9ub\" data-element_type=\"widget\" data-e-type=\"widget\" data-widget_type=\"text-editor.default\">\n\t\t\t\t\t\t\t\t\t<footer class=\"iwg-literatur\" data-nosnippet=\"true\"><p>V\u00fdber k\u013e\u00fa\u010dov\u00fdch zdrojov a \u0161t\u00fadi\u00ed:<\/p><ul><li><span data-nosnippet>Carmichael, Alexander: <em>Carmina Gadelica<\/em>. Band 2. Edinburgh 1900.<\/span><\/li><li><span data-nosnippet>MacKillop, James: <em>Dictionary of Celtic Mythology<\/em>. Oxford 1998.<\/span><\/li><li><span data-nosnippet>Briggs, Katharine: <em>A Dictionary of Fairies<\/em>. London 1976.<\/span><\/li><li><span data-nosnippet>Mackenzie, Donald A.: <em>Scottish Folklore and Folk Life<\/em>. London 1935.<\/span><\/li><\/ul><\/footer>\n<p class=\"iwg-bib-more\"><span data-nosnippet>\u010eal\u0161ie z\u00e1kladn\u00e9 diela n\u00e1jdete v <a href=\"https:\/\/iwell-guard.com\/sk\/literatura\/\">zozname literat\u00fary<\/a>.<\/span><\/p>\t\t\t\t\t\t\t\t<\/div>\n\t\t\t\t<\/div>\n\t\t\t\t\t<\/div>\n\t\t\t\t<\/div>\n\t\t<div class=\"elementor-element elementor-element-iwgkw2-add-hulijing e-flex e-con-boxed e-con e-parent\" data-id=\"iwgkw2-add-hulijing\" data-element_type=\"container\" data-e-type=\"container\">\n\t\t\t\t\t<div class=\"e-con-inner\">\n\t\t\t\t<div class=\"elementor-element elementor-element-iwgkw2-add-hulijing-t elementor-widget elementor-widget-text-editor\" data-id=\"iwgkw2-add-hulijing-t\" data-element_type=\"widget\" data-e-type=\"widget\" data-widget_type=\"text-editor.default\">\n\t\t\t\t\t\t\t\t\t<p>Ako \u0161k\u00f3tska nariekaj\u00faca duchovn\u00e1 bytos\u0165 zost\u00e1va Caoineag predov\u0161etk\u00fdm pla\u010d\u00facou str\u00e1\u017eky\u0148ou highlandsk\u00fdch klanov: nie je bytos\u0165ou, ktor\u00fa by bolo mo\u017en\u00e9 vypo\u010d\u00fava\u0165 alebo oklama\u0165, ale hlasom, ktor\u00fd ohlasuje smr\u0165 a ktor\u00fd nasleduje len ten, kto v\u010das opust\u00ed \u00fadolie.<\/p>\t\t\t\t\t\t\t\t<\/div>\n\t\t\t\t\t<\/div>\n\t\t\t\t<\/div>\n\t\t\t\t<\/div>\n\t\t","protected":false},"excerpt":{"rendered":"","protected":false},"author":3,"featured_media":20203,"parent":0,"menu_order":0,"comment_status":"closed","ping_status":"closed","template":"elementor_header_footer","meta":{"_yoast_wpseo_focuskw":"caoineag","_yoast_wpseo_title":"Caoineag \u2013 pla\u010d\u00faca predzvestovate\u013eka smrti","_yoast_wpseo_metadesc":"Caoineag, pla\u010d\u00faci \u017ealostiaci duch \u0161k\u00f3tskych Highlands. P\u00f4vod, \u017ealospev pred Glencoe, viazanos\u0165 na klan a \u00faloha znamenia smrti.","_yoast_wpseo_meta-robots-noindex":"","_yoast_wpseo_canonical":"","_angie_page":false,"gefaehrdungsstufe":"2","wesen_kultur":"keltisch","wesen_klasse":"geister","footnotes":""},"categories":[],"class_list":["post-158653","page","type-page","status-publish","has-post-thumbnail","hentry"],"yoast_head":"<!-- This site is optimized with the Yoast SEO Premium plugin v27.7 (Yoast SEO v28.3) - https:\/\/yoast.com\/product\/yoast-seo-premium-wordpress\/ -->\n<title>Caoineag \u2013 pla\u010d\u00faca predzvestovate\u013eka smrti<\/title>\n<meta name=\"description\" content=\"Caoineag, pla\u010d\u00faci \u017ealostiaci duch \u0161k\u00f3tskych Highlands. P\u00f4vod, \u017ealospev pred Glencoe, viazanos\u0165 na klan a \u00faloha znamenia smrti.\" \/>\n<meta name=\"robots\" content=\"index, follow, max-snippet:-1, max-image-preview:large, max-video-preview:-1\" \/>\n<link rel=\"canonical\" href=\"https:\/\/iwell-guard.com\/sk\/caoineag\/\" \/>\n<meta property=\"og:locale\" content=\"sk_SK\" \/>\n<meta property=\"og:type\" content=\"article\" \/>\n<meta property=\"og:title\" content=\"Caoineag\" \/>\n<meta property=\"og:description\" content=\"Caoineag, pla\u010d\u00faci \u017ealostiaci duch \u0161k\u00f3tskych Highlands. P\u00f4vod, \u017ealospev pred Glencoe, viazanos\u0165 na klan a \u00faloha znamenia smrti.\" \/>\n<meta property=\"og:url\" content=\"https:\/\/iwell-guard.com\/sk\/caoineag\/\" \/>\n<meta property=\"og:site_name\" content=\"iWell Guard\" \/>\n<meta property=\"article:modified_time\" content=\"2026-09-04T23:08:08+00:00\" \/>\n<meta property=\"og:image\" content=\"https:\/\/iwell-guard.com\/wp-content\/uploads\/2026\/07\/geister_keltisch_caoineag.webp\" \/>\n\t<meta property=\"og:image:width\" content=\"1024\" \/>\n\t<meta property=\"og:image:height\" content=\"1536\" \/>\n\t<meta property=\"og:image:type\" content=\"image\/webp\" \/>\n<meta name=\"twitter:card\" content=\"summary_large_image\" \/>\n<script type=\"application\/ld+json\" class=\"yoast-schema-graph\">{\"@context\":\"https:\\\/\\\/schema.org\",\"@graph\":[{\"@type\":\"WebPage\",\"@id\":\"https:\\\/\\\/iwell-guard.com\\\/sk\\\/caoineag\\\/\",\"url\":\"https:\\\/\\\/iwell-guard.com\\\/sk\\\/caoineag\\\/\",\"name\":\"Caoineag \u2013 pla\u010d\u00faca predzvestovate\u013eka smrti\",\"isPartOf\":{\"@id\":\"https:\\\/\\\/iwell-guard.com\\\/sk\\\/#website\"},\"primaryImageOfPage\":{\"@id\":\"https:\\\/\\\/iwell-guard.com\\\/sk\\\/caoineag\\\/#primaryimage\"},\"image\":{\"@id\":\"https:\\\/\\\/iwell-guard.com\\\/sk\\\/caoineag\\\/#primaryimage\"},\"thumbnailUrl\":\"https:\\\/\\\/iwell-guard.com\\\/wp-content\\\/uploads\\\/2026\\\/07\\\/geister_keltisch_caoineag.webp\",\"datePublished\":\"2026-09-04T22:29:01+00:00\",\"dateModified\":\"2026-09-04T23:08:08+00:00\",\"description\":\"Caoineag, pla\u010d\u00faci \u017ealostiaci duch \u0161k\u00f3tskych Highlands. P\u00f4vod, \u017ealospev pred Glencoe, viazanos\u0165 na klan a \u00faloha znamenia smrti.\",\"breadcrumb\":{\"@id\":\"https:\\\/\\\/iwell-guard.com\\\/sk\\\/caoineag\\\/#breadcrumb\"},\"inLanguage\":\"sk-SK\",\"potentialAction\":[{\"@type\":\"ReadAction\",\"target\":[\"https:\\\/\\\/iwell-guard.com\\\/sk\\\/caoineag\\\/\"]}]},{\"@type\":\"ImageObject\",\"inLanguage\":\"sk-SK\",\"@id\":\"https:\\\/\\\/iwell-guard.com\\\/sk\\\/caoineag\\\/#primaryimage\",\"url\":\"https:\\\/\\\/iwell-guard.com\\\/wp-content\\\/uploads\\\/2026\\\/07\\\/geister_keltisch_caoineag.webp\",\"contentUrl\":\"https:\\\/\\\/iwell-guard.com\\\/wp-content\\\/uploads\\\/2026\\\/07\\\/geister_keltisch_caoineag.webp\",\"width\":1024,\"height\":1536,\"caption\":\"Caoineag, duch z keltskej trad\u00edcie\"},{\"@type\":\"BreadcrumbList\",\"@id\":\"https:\\\/\\\/iwell-guard.com\\\/sk\\\/caoineag\\\/#breadcrumb\",\"itemListElement\":[{\"@type\":\"ListItem\",\"position\":1,\"name\":\"Start\",\"item\":\"https:\\\/\\\/iwell-guard.com\\\/sk\\\/?page_id=157572\"},{\"@type\":\"ListItem\",\"position\":2,\"name\":\"Caoineag\"}]},{\"@type\":\"WebSite\",\"@id\":\"https:\\\/\\\/iwell-guard.com\\\/sk\\\/#website\",\"url\":\"https:\\\/\\\/iwell-guard.com\\\/sk\\\/\",\"name\":\"iWell Guard\",\"description\":\"Schutz vor dunklen Einfl\u00fcssen\",\"publisher\":{\"@id\":\"https:\\\/\\\/iwell-guard.com\\\/sk\\\/#organization\"},\"potentialAction\":[{\"@type\":\"SearchAction\",\"target\":{\"@type\":\"EntryPoint\",\"urlTemplate\":\"https:\\\/\\\/iwell-guard.com\\\/sk\\\/?s={search_term_string}\"},\"query-input\":{\"@type\":\"PropertyValueSpecification\",\"valueRequired\":true,\"valueName\":\"search_term_string\"}}],\"inLanguage\":\"sk-SK\"},{\"@type\":\"Organization\",\"@id\":\"https:\\\/\\\/iwell-guard.com\\\/sk\\\/#organization\",\"name\":\"Ittermann electronic GmbH\",\"url\":\"https:\\\/\\\/iwell-guard.com\\\/sk\\\/\",\"logo\":{\"@type\":\"ImageObject\",\"inLanguage\":\"sk-SK\",\"@id\":\"https:\\\/\\\/iwell-guard.com\\\/sk\\\/#\\\/schema\\\/logo\\\/image\\\/\",\"url\":\"https:\\\/\\\/iwell-guard.com\\\/wp-content\\\/uploads\\\/2026\\\/05\\\/Ittermann-Logo-1182x237-1.png\",\"contentUrl\":\"https:\\\/\\\/iwell-guard.com\\\/wp-content\\\/uploads\\\/2026\\\/05\\\/Ittermann-Logo-1182x237-1.png\",\"width\":1182,\"height\":237,\"caption\":\"Ittermann electronic GmbH\"},\"image\":{\"@id\":\"https:\\\/\\\/iwell-guard.com\\\/sk\\\/#\\\/schema\\\/logo\\\/image\\\/\"},\"sameAs\":[\"https:\\\/\\\/pantip.com\\\/profile\\\/9367242\",\"https:\\\/\\\/micro.blog\\\/iwellguard\",\"https:\\\/\\\/www.diggerslist.com\\\/iwellguard\\\/about\",\"https:\\\/\\\/skitterphoto.com\\\/photographers\\\/2870314\\\/iwell-guard\",\"https:\\\/\\\/iwellguard.wordpress.com\\\/2026\\\/06\\\/06\\\/iwell-guard\\\/\",\"https:\\\/\\\/hub.docker.com\\\/u\\\/iwellguard\",\"https:\\\/\\\/www.pinterest.com\\\/iwellguard\\\/\",\"https:\\\/\\\/bit.ly\\\/m\\\/iwellguard\",\"https:\\\/\\\/entre-vos-mains.alsace.eu\\\/profiles\\\/iwellguard\\\/activity\",\"https:\\\/\\\/gravatar.com\\\/reallybeded8fd34\",\"https:\\\/\\\/naijamatta.com\\\/iwellguard\",\"https:\\\/\\\/www.goodreads.com\\\/iwellguard\",\"https:\\\/\\\/profile.hatena.ne.jp\\\/iwellguard\\\/\",\"https:\\\/\\\/experiment.com\\\/users\\\/iwellguard\",\"https:\\\/\\\/wakelet.com\\\/@iWellGuard82270\",\"https:\\\/\\\/www.chordie.com\\\/forum\\\/profile.php?id=2555664\",\"https:\\\/\\\/www.instapaper.com\\\/p\\\/17757966\",\"https:\\\/\\\/www.mapleprimes.com\\\/users\\\/iwellguard\",\"https:\\\/\\\/businesslistingplus.com\\\/profile\\\/iwell-guard\\\/\",\"https:\\\/\\\/telegra.ph\\\/iWell-Guard-06-06\",\"https:\\\/\\\/pbase.com\\\/iwellguard\\\/iwellguard\",\"https:\\\/\\\/b.hatena.ne.jp\\\/iwellguard\\\/20260607#bookmark-4788405196491818882\",\"https:\\\/\\\/fliphtml5.com\\\/home\\\/iwellguard\",\"https:\\\/\\\/anyflip.com\\\/homepage\\\/cmiwl#About\",\"https:\\\/\\\/transfur.com\\\/Users\\\/iwellguard\",\"http:\\\/\\\/delphi.larsbo.org\\\/user\\\/iwellguard\",\"https:\\\/\\\/jobs.lajobsportal.org\\\/profiles\\\/8380803-iwell-guard\",\"https:\\\/\\\/md.chaosdorf.de\\\/s\\\/jfbe5SBdJD\",\"https:\\\/\\\/www.lingvolive.com\\\/en-us\\\/profile\\\/9ecaeaca-ce11-4e51-9e71-01d55e2bff36\\\/translations\",\"https:\\\/\\\/www.fitday.com\\\/fitness\\\/forums\\\/members\\\/iwellguard.html\",\"https:\\\/\\\/www.mymeetbook.com\\\/iwellguard\",\"https:\\\/\\\/pxhere.com\\\/en\\\/photographer-me\\\/5040798\",\"https:\\\/\\\/disqus.com\\\/by\\\/iwellguard\\\/about\\\/\",\"https:\\\/\\\/pastelink.net\\\/hjwciqwq\",\"https:\\\/\\\/pubhtml5.com\\\/homepage\\\/scjhn\\\/\",\"https:\\\/\\\/www.bitchute.com\\\/channel\\\/2O2eOKzNqujT\",\"https:\\\/\\\/audiomack.com\\\/iwellguard\"]},{\"@type\":\"Article\",\"@id\":\"https:\\\/\\\/iwell-guard.com\\\/sk\\\/caoineag\\\/#article\",\"isPartOf\":{\"@id\":\"https:\\\/\\\/iwell-guard.com\\\/sk\\\/caoineag\\\/\"},\"author\":{\"name\":\"Ralf Ittermann\",\"@id\":\"https:\\\/\\\/iwell-guard.com\\\/sk\\\/#\\\/schema\\\/person\\\/ee2a27f1cac3406c7c6fb5820cb7349f\"},\"headline\":\"Caoineag\",\"datePublished\":\"2026-09-04T22:29:01+00:00\",\"dateModified\":\"2026-09-04T23:08:08+00:00\",\"mainEntityOfPage\":{\"@id\":\"https:\\\/\\\/iwell-guard.com\\\/sk\\\/caoineag\\\/\"},\"publisher\":{\"@id\":\"https:\\\/\\\/iwell-guard.com\\\/sk\\\/#organization\"},\"image\":{\"@id\":\"https:\\\/\\\/iwell-guard.com\\\/sk\\\/caoineag\\\/#primaryimage\"},\"thumbnailUrl\":\"https:\\\/\\\/iwell-guard.com\\\/wp-content\\\/uploads\\\/2026\\\/07\\\/geister_keltisch_caoineag.webp\",\"inLanguage\":\"sk-SK\",\"description\":\"Caoineag, pla\u010d\u00faci \u017ealostiaci duch \u0161k\u00f3tskych Highlands. P\u00f4vod, \u017ealospev pred Glencoe, viazanos\u0165 na klan a \u00faloha znamenia smrti.\"}]}<\/script>\n<!-- \/ Yoast SEO Premium plugin. -->","yoast_head_json":{"title":"Caoineag \u2013 pla\u010d\u00faca predzvestovate\u013eka smrti","description":"Caoineag, pla\u010d\u00faci \u017ealostiaci duch \u0161k\u00f3tskych Highlands. P\u00f4vod, \u017ealospev pred Glencoe, viazanos\u0165 na klan a \u00faloha znamenia smrti.","robots":{"index":"index","follow":"follow","max-snippet":"max-snippet:-1","max-image-preview":"max-image-preview:large","max-video-preview":"max-video-preview:-1"},"canonical":"https:\/\/iwell-guard.com\/sk\/caoineag\/","og_locale":"sk_SK","og_type":"article","og_title":"Caoineag","og_description":"Caoineag, pla\u010d\u00faci \u017ealostiaci duch \u0161k\u00f3tskych Highlands. P\u00f4vod, \u017ealospev pred Glencoe, viazanos\u0165 na klan a \u00faloha znamenia smrti.","og_url":"https:\/\/iwell-guard.com\/sk\/caoineag\/","og_site_name":"iWell Guard","article_modified_time":"2026-09-04T23:08:08+00:00","og_image":[{"width":1024,"height":1536,"url":"https:\/\/iwell-guard.com\/wp-content\/uploads\/2026\/07\/geister_keltisch_caoineag.webp","type":"image\/webp"}],"twitter_card":"summary_large_image","schema":{"@context":"https:\/\/schema.org","@graph":[{"@type":"Article","@id":"https:\/\/iwell-guard.com\/sk\/caoineag\/#article","isPartOf":{"@id":"https:\/\/iwell-guard.com\/sk\/caoineag\/"},"author":{"name":"Ralf Ittermann","@id":"https:\/\/iwell-guard.com\/sk\/#\/schema\/person\/ee2a27f1cac3406c7c6fb5820cb7349f"},"headline":"Caoineag","datePublished":"2026-09-04T22:29:01+00:00","dateModified":"2026-09-04T23:08:08+00:00","mainEntityOfPage":{"@id":"https:\/\/iwell-guard.com\/sk\/caoineag\/"},"publisher":{"@id":"https:\/\/iwell-guard.com\/sk\/#organization"},"image":{"@id":"https:\/\/iwell-guard.com\/sk\/caoineag\/#primaryimage"},"thumbnailUrl":"https:\/\/iwell-guard.com\/wp-content\/uploads\/2026\/07\/geister_keltisch_caoineag.webp","inLanguage":"sk-SK","description":"Caoineag, pla\u010d\u00faci \u017ealostiaci duch \u0161k\u00f3tskych Highlands. P\u00f4vod, \u017ealospev pred Glencoe, viazanos\u0165 na klan a \u00faloha znamenia smrti."},{"@type":"WebPage","@id":"https:\/\/iwell-guard.com\/sk\/caoineag\/","url":"https:\/\/iwell-guard.com\/sk\/caoineag\/","name":"Caoineag \u2013 pla\u010d\u00faca predzvestovate\u013eka smrti","isPartOf":{"@id":"https:\/\/iwell-guard.com\/sk\/#website"},"primaryImageOfPage":{"@id":"https:\/\/iwell-guard.com\/sk\/caoineag\/#primaryimage"},"image":{"@id":"https:\/\/iwell-guard.com\/sk\/caoineag\/#primaryimage"},"thumbnailUrl":"https:\/\/iwell-guard.com\/wp-content\/uploads\/2026\/07\/geister_keltisch_caoineag.webp","datePublished":"2026-09-04T22:29:01+00:00","dateModified":"2026-09-04T23:08:08+00:00","description":"Caoineag, pla\u010d\u00faci \u017ealostiaci duch \u0161k\u00f3tskych Highlands. P\u00f4vod, \u017ealospev pred Glencoe, viazanos\u0165 na klan a \u00faloha znamenia smrti.","breadcrumb":{"@id":"https:\/\/iwell-guard.com\/sk\/caoineag\/#breadcrumb"},"inLanguage":"sk-SK","potentialAction":[{"@type":"ReadAction","target":["https:\/\/iwell-guard.com\/sk\/caoineag\/"]}]},{"@type":"ImageObject","inLanguage":"sk-SK","@id":"https:\/\/iwell-guard.com\/sk\/caoineag\/#primaryimage","url":"https:\/\/iwell-guard.com\/wp-content\/uploads\/2026\/07\/geister_keltisch_caoineag.webp","contentUrl":"https:\/\/iwell-guard.com\/wp-content\/uploads\/2026\/07\/geister_keltisch_caoineag.webp","width":1024,"height":1536,"caption":"Caoineag, duch z keltskej trad\u00edcie"},{"@type":"BreadcrumbList","@id":"https:\/\/iwell-guard.com\/sk\/caoineag\/#breadcrumb","itemListElement":[{"@type":"ListItem","position":1,"name":"Start","item":"https:\/\/iwell-guard.com\/sk\/?page_id=157572"},{"@type":"ListItem","position":2,"name":"Caoineag"}]},{"@type":"WebSite","@id":"https:\/\/iwell-guard.com\/sk\/#website","url":"https:\/\/iwell-guard.com\/sk\/","name":"iWell Guard","description":"Schutz vor dunklen Einfl\u00fcssen","publisher":{"@id":"https:\/\/iwell-guard.com\/sk\/#organization"},"potentialAction":[{"@type":"SearchAction","target":{"@type":"EntryPoint","urlTemplate":"https:\/\/iwell-guard.com\/sk\/?s={search_term_string}"},"query-input":{"@type":"PropertyValueSpecification","valueRequired":true,"valueName":"search_term_string"}}],"inLanguage":"sk-SK"},{"@type":"Organization","@id":"https:\/\/iwell-guard.com\/sk\/#organization","name":"Ittermann electronic GmbH","url":"https:\/\/iwell-guard.com\/sk\/","logo":{"@type":"ImageObject","inLanguage":"sk-SK","@id":"https:\/\/iwell-guard.com\/sk\/#\/schema\/logo\/image\/","url":"https:\/\/iwell-guard.com\/wp-content\/uploads\/2026\/05\/Ittermann-Logo-1182x237-1.png","contentUrl":"https:\/\/iwell-guard.com\/wp-content\/uploads\/2026\/05\/Ittermann-Logo-1182x237-1.png","width":1182,"height":237,"caption":"Ittermann electronic GmbH"},"image":{"@id":"https:\/\/iwell-guard.com\/sk\/#\/schema\/logo\/image\/"},"sameAs":["https:\/\/pantip.com\/profile\/9367242","https:\/\/micro.blog\/iwellguard","https:\/\/www.diggerslist.com\/iwellguard\/about","https:\/\/skitterphoto.com\/photographers\/2870314\/iwell-guard","https:\/\/iwellguard.wordpress.com\/2026\/06\/06\/iwell-guard\/","https:\/\/hub.docker.com\/u\/iwellguard","https:\/\/www.pinterest.com\/iwellguard\/","https:\/\/bit.ly\/m\/iwellguard","https:\/\/entre-vos-mains.alsace.eu\/profiles\/iwellguard\/activity","https:\/\/gravatar.com\/reallybeded8fd34","https:\/\/naijamatta.com\/iwellguard","https:\/\/www.goodreads.com\/iwellguard","https:\/\/profile.hatena.ne.jp\/iwellguard\/","https:\/\/experiment.com\/users\/iwellguard","https:\/\/wakelet.com\/@iWellGuard82270","https:\/\/www.chordie.com\/forum\/profile.php?id=2555664","https:\/\/www.instapaper.com\/p\/17757966","https:\/\/www.mapleprimes.com\/users\/iwellguard","https:\/\/businesslistingplus.com\/profile\/iwell-guard\/","https:\/\/telegra.ph\/iWell-Guard-06-06","https:\/\/pbase.com\/iwellguard\/iwellguard","https:\/\/b.hatena.ne.jp\/iwellguard\/20260607#bookmark-4788405196491818882","https:\/\/fliphtml5.com\/home\/iwellguard","https:\/\/anyflip.com\/homepage\/cmiwl#About","https:\/\/transfur.com\/Users\/iwellguard","http:\/\/delphi.larsbo.org\/user\/iwellguard","https:\/\/jobs.lajobsportal.org\/profiles\/8380803-iwell-guard","https:\/\/md.chaosdorf.de\/s\/jfbe5SBdJD","https:\/\/www.lingvolive.com\/en-us\/profile\/9ecaeaca-ce11-4e51-9e71-01d55e2bff36\/translations","https:\/\/www.fitday.com\/fitness\/forums\/members\/iwellguard.html","https:\/\/www.mymeetbook.com\/iwellguard","https:\/\/pxhere.com\/en\/photographer-me\/5040798","https:\/\/disqus.com\/by\/iwellguard\/about\/","https:\/\/pastelink.net\/hjwciqwq","https:\/\/pubhtml5.com\/homepage\/scjhn\/","https:\/\/www.bitchute.com\/channel\/2O2eOKzNqujT","https:\/\/audiomack.com\/iwellguard"]},{"@type":"Person","@id":"https:\/\/iwell-guard.com\/sk\/#\/schema\/person\/ee2a27f1cac3406c7c6fb5820cb7349f","name":"Ralf Ittermann","image":{"@type":"ImageObject","inLanguage":"sk-SK","@id":"https:\/\/secure.gravatar.com\/avatar\/073c0153e350a5005b68eb752b445fea71f6b24a26da9449ad7e155e6b446c9d?s=96&d=mm&r=g","url":"https:\/\/secure.gravatar.com\/avatar\/073c0153e350a5005b68eb752b445fea71f6b24a26da9449ad7e155e6b446c9d?s=96&d=mm&r=g","contentUrl":"https:\/\/secure.gravatar.com\/avatar\/073c0153e350a5005b68eb752b445fea71f6b24a26da9449ad7e155e6b446c9d?s=96&d=mm&r=g","caption":"Ralf Ittermann"},"givenName":"Ralf","familyName":"Ittermann","jobTitle":"Gesch\u00e4ftsf\u00fchrer und redaktioneller Verantwortlicher","url":"https:\/\/iwell-guard.com\/sk\/author\/claude\/","description":"Ralf Ittermann ist Gesch\u00e4ftsf\u00fchrer der Ittermann electronic GmbH und redaktioneller Verantwortlicher des iWell-Guard-Lexikons. Er verbindet langj\u00e4hrige Erfahrung in der Pr\u00e4zisionsfertigung mit medialer Praxis und religionsgeschichtlicher Quellenarbeit.","worksFor":{"@type":"Organization","name":"Ittermann electronic GmbH","url":"https:\/\/ittermann.de\/","address":{"@type":"PostalAddress","streetAddress":"K\u00f6hlergasse 16-18","postalCode":"99842","addressLocality":"Ruhla","addressCountry":"DE"}},"knowsAbout":["Religionsgeschichte","Mythologie","Mediale Praxis","Energetische Diagnostik","Schutzpraxis","Volksglauben","Westliche Esoterik"]},{"@type":"Article","@id":"https:\/\/iwell-guard.com\/sk\/caoineag\/#article","isPartOf":{"@id":"https:\/\/iwell-guard.com\/sk\/caoineag\/"},"author":{"name":"Ralf Ittermann","@id":"https:\/\/iwell-guard.com\/sk\/#\/schema\/person\/ee2a27f1cac3406c7c6fb5820cb7349f"},"headline":"Caoineag","datePublished":"2026-09-04T22:29:01+00:00","dateModified":"2026-09-04T23:08:08+00:00","mainEntityOfPage":{"@id":"https:\/\/iwell-guard.com\/sk\/caoineag\/"},"publisher":{"@id":"https:\/\/iwell-guard.com\/sk\/#organization"},"image":{"@id":"https:\/\/iwell-guard.com\/sk\/caoineag\/#primaryimage"},"thumbnailUrl":"https:\/\/iwell-guard.com\/wp-content\/uploads\/2026\/07\/geister_keltisch_caoineag.webp","inLanguage":"sk-SK","description":"Caoineag, pla\u010d\u00faci \u017ealostiaci duch \u0161k\u00f3tskych Highlands. P\u00f4vod, \u017ealospev pred Glencoe, viazanos\u0165 na klan a \u00faloha znamenia smrti."}]}},"_links":{"self":[{"href":"https:\/\/iwell-guard.com\/sk\/wp-json\/wp\/v2\/pages\/158653","targetHints":{"allow":["GET"]}}],"collection":[{"href":"https:\/\/iwell-guard.com\/sk\/wp-json\/wp\/v2\/pages"}],"about":[{"href":"https:\/\/iwell-guard.com\/sk\/wp-json\/wp\/v2\/types\/page"}],"author":[{"embeddable":true,"href":"https:\/\/iwell-guard.com\/sk\/wp-json\/wp\/v2\/users\/3"}],"replies":[{"embeddable":true,"href":"https:\/\/iwell-guard.com\/sk\/wp-json\/wp\/v2\/comments?post=158653"}],"version-history":[{"count":0,"href":"https:\/\/iwell-guard.com\/sk\/wp-json\/wp\/v2\/pages\/158653\/revisions"}],"wp:featuredmedia":[{"embeddable":true,"href":"https:\/\/iwell-guard.com\/sk\/wp-json\/wp\/v2\/media\/20203"}],"wp:attachment":[{"href":"https:\/\/iwell-guard.com\/sk\/wp-json\/wp\/v2\/media?parent=158653"}],"wp:term":[{"taxonomy":"category","embeddable":true,"href":"https:\/\/iwell-guard.com\/sk\/wp-json\/wp\/v2\/categories?post=158653"}],"curies":[{"name":"wp","href":"https:\/\/api.w.org\/{rel}","templated":true}]}}