{"id":158272,"date":"2026-09-04T22:24:56","date_gmt":"2026-09-04T22:24:56","guid":{"rendered":"https:\/\/iwell-guard.com\/?page_id=158272"},"modified":"2026-09-04T23:14:06","modified_gmt":"2026-09-04T23:14:06","slug":"ochranna-svieca","status":"publish","type":"page","link":"https:\/\/iwell-guard.com\/sk\/ochranna-svieca\/","title":{"rendered":"Ochrann\u00e1 svie\u010dka"},"content":{"rendered":"\t\t<div data-elementor-type=\"wp-page\" data-elementor-id=\"158272\" class=\"elementor elementor-158272 elementor-3789 elementor-bc-flex-widget\" data-elementor-post-type=\"page\">\n\t\t\t\t<div class=\"elementor-element elementor-element-iwgs-schutzkerze-hero e-flex e-con-boxed e-con e-parent\" data-id=\"iwgs-schutzkerze-hero\" data-element_type=\"container\" data-e-type=\"container\">\n\t\t\t\t\t<div class=\"e-con-inner\">\n\t\t<div class=\"elementor-element elementor-element-iw-schutzkerze-hero-left e-con-full e-flex e-con e-child\" data-id=\"iw-schutzkerze-hero-left\" data-element_type=\"container\" data-e-type=\"container\">\n\t\t\t\t<div class=\"elementor-element elementor-element-iwgs-schutzkerze-h1 elementor-widget elementor-widget-heading\" data-id=\"iwgs-schutzkerze-h1\" data-element_type=\"widget\" data-e-type=\"widget\" data-widget_type=\"heading.default\">\n\t\t\t\t\t<h1 class=\"elementor-heading-title elementor-size-default\">Ochrann\u00e1 svie\u010dka \u2014 svetlo proti temn\u00fdm vplyvom<\/h1>\t\t\t\t<\/div>\n\t\t<div class=\"elementor-element elementor-element-iw-schutzkerze-hero-bw e-con-full e-flex e-con e-child\" data-id=\"iw-schutzkerze-hero-bw\" data-element_type=\"container\" data-e-type=\"container\">\n\t\t\t\t<div class=\"elementor-element elementor-element-iwgs-schutzkerze-pills elementor-widget elementor-widget-html\" data-id=\"iwgs-schutzkerze-pills\" data-element_type=\"widget\" data-e-type=\"widget\" data-widget_type=\"html.default\">\n\t\t\t\t\t<div class=\"iwg-pill-row\"><span class=\"iwg-klasse-badge\" tabindex=\"0\" data-tooltip=\"Druh ochrann\u00e9ho prostriedku.\">Zvuk a svetlo<\/span><a href=\"https:\/\/iwell-guard.com\/sk\/zvuk-a-svetlo-na-odvratenie\/\" class=\"iwg-kultur-badge\" tabindex=\"0\" data-tooltip=\"K preh\u013eadu.\">Zvuk a svetlo<\/a><\/div>\t\t\t\t<\/div>\n\t\t\t\t<div class=\"elementor-element elementor-element-iwgs-schutzkerze-lead elementor-widget elementor-widget-text-editor\" data-id=\"iwgs-schutzkerze-lead\" data-element_type=\"widget\" data-e-type=\"widget\" data-widget_type=\"text-editor.default\">\n\t\t\t\t\t\t\t\t\t<p>Svie\u010dky horia takmer vo v\u0161etk\u00fdch kult\u00farach na <span class=\"iwg-fachbegriff\" data-tooltip=\"Patriaci k pevne stanoven\u00e9mu n\u00e1bo\u017eensk\u00e9mu \u00fakonu.\" tabindex=\"0\">ritu\u00e1lne<\/span> v\u00fdznamn\u00fdch miestach: na olt\u00e1roch, na hroboch, v chor\u00fdch izb\u00e1ch, pred prahmi a v priestoroch, ktor\u00e9 sa maj\u00fa vy\u010disti\u0165. Toto roz\u0161\u00edrenie nie je n\u00e1hoda.<\/p><p>Svie\u010dka v sebe sp\u00e1ja viacero vlastnost\u00ed, ktor\u00e9 <span class=\"iwg-fachbegriff\" data-tooltip=\"Odovzd\u00e1vanie vedomost\u00ed a pr\u00edbehov cez gener\u00e1cie.\" tabindex=\"0\">trad\u00edcia<\/span> prep\u00e1ja s ochrann\u00fdm \u00fa\u010dinkom: vytv\u00e1ra svetlo v tme, hor\u00ed kontrolovane po\u010das vymedzen\u00e9ho \u010dasu a mo\u017eno ju opatri\u0165 z\u00e1merom, <span class=\"iwg-fachbegriff\" data-tooltip=\"Vyslovenie priazne a ochrany, \u010dasto v pevnej jazykovej forme.\" tabindex=\"0\">po\u017eehnan\u00edm<\/span> alebo symbolmi. T\u00fdm je z\u00e1rove\u0148 zdrojom svetla aj ritu\u00e1lnym n\u00e1strojom.<\/p>\n<p>Ako s\u00fa\u010das\u0165 kateg\u00f3rie ochrann\u00fdch prostriedkov <a href=\"https:\/\/iwell-guard.com\/sk\/zvuk-a-svetlo-na-odvratenie\/\">Zvuk a svetlo<\/a> stoj\u00ed ochrann\u00e1 svie\u010dka medzi otvoren\u00fdm oh\u0148om star\u00fdch prahov\u00fdch zvykov a be\u017en\u00fdm ka\u017edodenn\u00fdm osvetlen\u00edm. Je men\u0161ia a lep\u0161ie kontrolovate\u013en\u00e1 ako <a href=\"https:\/\/iwell-guard.com\/sk\/ochranne-ohne-a-svetlo-na-prahu\/\">ochrann\u00fd ohe\u0148<\/a>, ale z\u00e1mernej\u0161ia a nabitej\u0161ia v\u00fdznamom ne\u017e oby\u010dajn\u00fd zdroj svetla. <span class=\"iwg-fachbegriff\" data-tooltip=\"Odovzd\u00e1vanie vedomost\u00ed a pr\u00edbehov cez gener\u00e1cie.\" tabindex=\"0\">Trad\u00edcia<\/span> popisuje svie\u010dku predov\u0161etk\u00fdm ako n\u00e1stroj individu\u00e1lnej a dom\u00e1cej ochrany.<\/p>\n<p class=\"iwg-kwfix\">Ochrann\u00e1 svie\u010dka stavia svetlo proti temn\u00fdm vplyvom a rob\u00ed ochrann\u00fd priestor vidite\u013en\u00fdm.<\/p>\t\t\t\t\t\t\t\t<\/div>\n\t\t\t\t<\/div>\n\t\t\t\t<\/div>\n\t\t<div class=\"elementor-element elementor-element-iw-schutzkerze-hero-img e-con-full e-flex e-con e-child\" data-id=\"iw-schutzkerze-hero-img\" data-element_type=\"container\" data-e-type=\"container\">\n\t\t\t\t<div class=\"elementor-element elementor-element-iwgs-schutzkerze-himg iwg-hero-image elementor-widget elementor-widget-image\" data-id=\"iwgs-schutzkerze-himg\" data-element_type=\"widget\" data-e-type=\"widget\" data-widget_type=\"image.default\">\n\t\t\t\t\t\t\t\t\t\t\t\t\t\t\t<img fetchpriority=\"high\" decoding=\"async\" width=\"683\" height=\"1024\" src=\"https:\/\/iwell-guard.com\/wp-content\/uploads\/2026\/05\/schutzsymbol_universell_schutzkerze-683x1024.png\" class=\"attachment-large size-large wp-image-159441\" alt=\"Ochrann\u00e1 svieca \u2013 svetlo proti temn\u00fdm vplyvom, historicko-ilustra\u010dn\u00e9\" srcset=\"https:\/\/iwell-guard.com\/wp-content\/uploads\/2026\/05\/schutzsymbol_universell_schutzkerze-683x1024.png 683w, https:\/\/iwell-guard.com\/wp-content\/uploads\/2026\/05\/schutzsymbol_universell_schutzkerze-200x300.png 200w, https:\/\/iwell-guard.com\/wp-content\/uploads\/2026\/05\/schutzsymbol_universell_schutzkerze-768x1152.png 768w, https:\/\/iwell-guard.com\/wp-content\/uploads\/2026\/05\/schutzsymbol_universell_schutzkerze.png 1024w\" sizes=\"(max-width: 683px) 100vw, 683px\" \/>\t\t\t\t\t\t\t\t\t\t\t\t\t\t\t<\/div>\n\t\t\t\t<\/div>\n\t\t\t\t\t<\/div>\n\t\t\t\t<\/div>\n\t\t<div class=\"elementor-element elementor-element-iwgs-schutzkerze-s0 e-flex e-con-boxed e-con e-parent\" data-id=\"iwgs-schutzkerze-s0\" data-element_type=\"container\" data-e-type=\"container\">\n\t\t\t\t\t<div class=\"e-con-inner\">\n\t\t\t\t<div class=\"elementor-element elementor-element-iwgs-schutzkerze-s0h elementor-widget elementor-widget-heading\" data-id=\"iwgs-schutzkerze-s0h\" data-element_type=\"widget\" data-e-type=\"widget\" data-widget_type=\"heading.default\">\n\t\t\t\t\t<h2 class=\"elementor-heading-title elementor-size-default\">R\u00fdchly preh\u013ead<\/h2>\t\t\t\t<\/div>\n\t\t<div class=\"elementor-element elementor-element-iw-schutzkerze-s0-bw e-con-full e-flex e-con e-child\" data-id=\"iw-schutzkerze-s0-bw\" data-element_type=\"container\" data-e-type=\"container\">\n\t\t\t\t<div class=\"elementor-element elementor-element-iwgs-schutzkerze-s0t elementor-widget elementor-widget-text-editor\" data-id=\"iwgs-schutzkerze-s0t\" data-element_type=\"widget\" data-e-type=\"widget\" data-widget_type=\"text-editor.default\">\n\t\t\t\t\t\t\t\t\t<p>Pod\u013ea <span class=\"iwg-fachbegriff\" data-tooltip=\"Odovzd\u00e1vanie vedomost\u00ed a pr\u00edbehov cez gener\u00e1cie.\" tabindex=\"0\">trad\u00edcie<\/span> sa svie\u010dka pova\u017euje za ochranu, ktor\u00e1 vn\u00e1\u0161a svetlo do tmy, ktor\u00fa preferuj\u00fa \u0161kodliv\u00e9 bytosti. Zasv\u00e4cuje sa, sp\u00e1ja s modlitbami alebo opatruje symbolmi, aby sa jej \u00fa\u010dinok posilnil.<\/p><p>Osobitn\u00fd v\u00fdznam maj\u00fa posv\u00e4ten\u00e9 svie\u010dky v kres\u0165anskej trad\u00edcii, obdobn\u00e9 praktiky sa v\u0161ak nach\u00e1dzaj\u00fa aj v \u017eidovsk\u00fdch, afroamerick\u00fdch, synkretick\u00fdch a \u013eudovomagick\u00fdch kontextoch po celom svete. Ochrann\u00fd \u00fa\u010dinok sa prejavuje po\u010das horenia, nie iba postaven\u00edm svie\u010dky. Ak plame\u0148 zhasne nepl\u00e1novane, mnoh\u00e9 trad\u00edcie to pova\u017euj\u00fa za varovanie alebo koniec ochrany.<\/p>\t\t\t\t\t\t\t\t<\/div>\n\t\t\t\t<\/div>\n\t\t\t\t\t<\/div>\n\t\t\t\t<\/div>\n\t\t<div class=\"elementor-element elementor-element-iwgs-schutzkerze-s1 e-flex e-con-boxed e-con e-parent\" data-id=\"iwgs-schutzkerze-s1\" data-element_type=\"container\" data-e-type=\"container\">\n\t\t\t\t\t<div class=\"e-con-inner\">\n\t\t\t\t<div class=\"elementor-element elementor-element-iwgs-schutzkerze-s1h elementor-widget elementor-widget-heading\" data-id=\"iwgs-schutzkerze-s1h\" data-element_type=\"widget\" data-e-type=\"widget\" data-widget_type=\"heading.default\">\n\t\t\t\t\t<h2 class=\"elementor-heading-title elementor-size-default\">P\u00f4vod a trad\u00edcia<\/h2>\t\t\t\t<\/div>\n\t\t<div class=\"elementor-element elementor-element-iw-schutzkerze-s1-bw e-con-full e-flex e-con e-child\" data-id=\"iw-schutzkerze-s1-bw\" data-element_type=\"container\" data-e-type=\"container\">\n\t\t\t\t<div class=\"elementor-element elementor-element-iwgs-schutzkerze-s1t elementor-widget elementor-widget-text-editor\" data-id=\"iwgs-schutzkerze-s1t\" data-element_type=\"widget\" data-e-type=\"widget\" data-widget_type=\"text-editor.default\">\n\t\t\t\t\t\t\t\t\t<p>V kres\u0165anskej Eur\u00f3pe sa ochrann\u00e1 svie\u010dka vyvinula zo spojenia kostoln\u00e9ho ritu\u00e1lu a \u013eudovej viery. <span class=\"iwg-fachbegriff\" data-tooltip=\"Ritu\u00e1lny akt, ktor\u00fdm sa predmet, miesto alebo \u010dlovek odovzd\u00e1va do n\u00e1bo\u017eenskej sf\u00e9ry.\" tabindex=\"0\">Zasv\u00e4tenie<\/span> svie\u010dok na sviatok Hromn\u00edc, 2. febru\u00e1ra, vytvorilo osobitne \u017eiadan\u00fd ochrann\u00fd predmet: posv\u00e4ten\u00fa hromni\u010dn\u00fa svie\u010dku.<\/p><p>V \u013eudovej viere mnoh\u00fdch nemecky hovoriacich oblast\u00ed sa zapa\u013eovala pozna\u010den\u00e1 alebo pri b\u00farkach, aby odohnala blesky a zl\u00fdch duchov. Umieraj\u00facim ju vkladali do ruky, aby svetlo doprev\u00e1dzalo prechod a zl\u00e9 bytosti udr\u017ealo mimo l\u00f4\u017eka smrti.<\/p>\n<p>V a\u0161ken\u00e1zskej \u017eidovskej trad\u00edcii hor\u00ed na konci \u0161abatu havdalov\u00e1 svie\u010dka ako viacplamenn\u00e1 fak\u013ea, ktor\u00e1 ozna\u010duje rozdiel medzi sv\u00e4t\u00fdm \u010dasom a be\u017en\u00fdm d\u0148om.<\/p><p>S\u00fa\u010dasne sa svie\u010dky pou\u017e\u00edvali na hroboch a pri v\u00fdro\u010dn\u00fdch obradoch na uctenie du\u0161\u00ed zosnul\u00fdch a zabezpe\u010denie ich pokoja. <span class=\"iwg-fachbegriff\" data-tooltip=\"Odovzd\u00e1vanie vedomost\u00ed a pr\u00edbehov cez gener\u00e1cie.\" tabindex=\"0\">Trad\u00edcia<\/span> tu rozli\u0161uje medzi svie\u010dkami, ktor\u00e9 horia na ochranu \u017eiv\u00fdch, a t\u00fdmi, ktor\u00e9 s\u00fa venovan\u00e9 mrtvym.<\/p>\n<p>V afrobraz\u00edlskom n\u00e1bo\u017eenstve Candombl\u00e9 a v in\u00fdch afroamerick\u00fdch trad\u00edci\u00e1ch sa zapa\u013euj\u00fa svie\u010dky ur\u010dit\u00fdch farieb pre konkr\u00e9tne Orix\u00e1, teda bo\u017estv\u00e1. Biele svie\u010dky sa sp\u00e1jaj\u00fa s ochranou a o\u010distou, zatia\u013e \u010do in\u00e9 farby sa vyberaj\u00fa cielene proti konkr\u00e9tnym vplyvom. T\u00e1to praktika sp\u00e1ja africk\u00e9 korene s katol\u00edckymi zobrazeniami sv\u00e4t\u00fdch a tvor\u00ed samostatn\u00fa ochrann\u00fa trad\u00edciu.<\/p>\n<p>V Mexiku a Strednej Amerike hraj\u00fa svie\u010dky \u00fastredn\u00fa \u00falohu pri D\u00eda de los Muertos a v praktik\u00e1ch curanderismo. Pod\u013ea \u013eudov\u00e9ho v\u00fdkladu svie\u010dka otv\u00e1ra kan\u00e1l medzi svetmi a udr\u017eiava \u0161kodliv\u00e9 vplyvy mimo priestoru, pokia\u013e hor\u00ed.<\/p>\t\t\t\t\t\t\t\t<\/div>\n\t\t\t\t<\/div>\n\t\t\t\t\t<\/div>\n\t\t\t\t<\/div>\n\t\t<div class=\"elementor-element elementor-element-iwgs-schutzkerze-s2 e-flex e-con-boxed e-con e-parent\" data-id=\"iwgs-schutzkerze-s2\" data-element_type=\"container\" data-e-type=\"container\">\n\t\t\t\t\t<div class=\"e-con-inner\">\n\t\t\t\t<div class=\"elementor-element elementor-element-iwgs-schutzkerze-s2h elementor-widget elementor-widget-heading\" data-id=\"iwgs-schutzkerze-s2h\" data-element_type=\"widget\" data-e-type=\"widget\" data-widget_type=\"heading.default\">\n\t\t\t\t\t<h2 class=\"elementor-heading-title elementor-size-default\">Princ\u00edp \u00fa\u010dinku pod\u013ea trad\u00edcie<\/h2>\t\t\t\t<\/div>\n\t\t<div class=\"elementor-element elementor-element-iw-schutzkerze-s2-bw e-con-full e-flex e-con e-child\" data-id=\"iw-schutzkerze-s2-bw\" data-element_type=\"container\" data-e-type=\"container\">\n\t\t\t\t<div class=\"elementor-element elementor-element-iwgs-schutzkerze-s2t elementor-widget elementor-widget-text-editor\" data-id=\"iwgs-schutzkerze-s2t\" data-element_type=\"widget\" data-e-type=\"widget\" data-widget_type=\"text-editor.default\">\n\t\t\t\t\t\t\t\t\t<p><span class=\"iwg-fachbegriff\" data-tooltip=\"Odovzd\u00e1vanie vedomost\u00ed a pr\u00edbehov cez gener\u00e1cie.\" tabindex=\"0\">Trad\u00edcia<\/span> popisuje ochrann\u00fd \u00fa\u010dinok svie\u010dky na viacer\u00fdch \u00farovniach. Najjednoduch\u0161ia je fyzick\u00e1: svetlo zah\u00e1\u0148a tmu, v ktorej p\u00f4sobia \u0161kodliv\u00e9 bytosti. T\u00e1to my\u0161lienka sa objavuje od gr\u00e9ckej <span class=\"iwg-fachbegriff\" data-tooltip=\"Epocha gr\u00e9ckej a r\u00edmskej kult\u00fary, pribli\u017ene 800 pred Kr. a\u017e 600 po Kr.\" tabindex=\"0\">antiky<\/span> a\u017e po s\u00fa\u010dasn\u00fa \u013eudov\u00fa m\u00e1giu.<\/p>\n<p>Okrem toho <span class=\"iwg-fachbegriff\" data-tooltip=\"Odovzd\u00e1vanie vedomost\u00ed a pr\u00edbehov cez gener\u00e1cie.\" tabindex=\"0\">trad\u00edcia<\/span> sp\u00e1ja plame\u0148 svie\u010dky so sakr\u00e1lnym teplom a bo\u017eskou pr\u00edtomnos\u0165ou. Posv\u00e4ten\u00e1 svie\u010dka pod\u013ea tejto predstavy nesie v sebe <span class=\"iwg-fachbegriff\" data-tooltip=\"Vyslovenie priazne a ochrany, \u010dasto v pevnej jazykovej forme.\" tabindex=\"0\">po\u017eehnanie<\/span>, ktor\u00e9 sa uvo\u013e\u0148uje pri horen\u00ed.<\/p><p>Plame\u0148 nie je len svetlom, ale aj m\u00e9diom, ktor\u00e9 pren\u00e1\u0161a modlitby a z\u00e1mery do inej roviny skuto\u010dnosti. V \u0161amansk\u00fdch a \u013eudovomagick\u00fdch kontextoch plat\u00ed pozorovanie plame\u0148a za sp\u00f4sob, ako prij\u00edma\u0165 inform\u00e1cie alebo s\u00fastredi\u0165 z\u00e1mery.<\/p>\n<p>Tretie vysvetlenie m\u00e1 symbolick\u00fa povahu: svie\u010dka predstavuje \u017eivotn\u00fa silu, bdelos\u0165 a kontinuitu. Z\u00e1mern\u00e9 zap\u00e1lenie svie\u010dky ako ochrann\u00fd \u00fakon je vyjadren\u00edm toho, \u017ee si \u010dlovek zaber\u00e1 vlastn\u00fd priestor a neprep\u00fa\u0161\u0165a ho tme. Tento symbolick\u00fd obsah pod\u013ea \u013eudov\u00e9ho presved\u010denia posil\u0148uje \u00fa\u010dinok, preto\u017ee z\u00e1mer konaj\u00faceho sa pova\u017euje za s\u00fa\u010das\u0165 ochrany.<\/p>\t\t\t\t\t\t\t\t<\/div>\n\t\t\t\t<\/div>\n\t\t\t\t\t<\/div>\n\t\t\t\t<\/div>\n\t\t<div class=\"elementor-element elementor-element-iwgs-schutzkerze-s3 e-flex e-con-boxed e-con e-parent\" data-id=\"iwgs-schutzkerze-s3\" data-element_type=\"container\" data-e-type=\"container\">\n\t\t\t\t\t<div class=\"e-con-inner\">\n\t\t\t\t<div class=\"elementor-element elementor-element-iwgs-schutzkerze-s3h elementor-widget elementor-widget-heading\" data-id=\"iwgs-schutzkerze-s3h\" data-element_type=\"widget\" data-e-type=\"widget\" data-widget_type=\"heading.default\">\n\t\t\t\t\t<h2 class=\"elementor-heading-title elementor-size-default\">Roz\u0161\u00edrenie medzi kult\u00farami<\/h2>\t\t\t\t<\/div>\n\t\t<div class=\"elementor-element elementor-element-iw-schutzkerze-s3-bw e-con-full e-flex e-con e-child\" data-id=\"iw-schutzkerze-s3-bw\" data-element_type=\"container\" data-e-type=\"container\">\n\t\t\t\t<div class=\"elementor-element elementor-element-iwgs-schutzkerze-s3t elementor-widget elementor-widget-text-editor\" data-id=\"iwgs-schutzkerze-s3t\" data-element_type=\"widget\" data-e-type=\"widget\" data-widget_type=\"text-editor.default\">\n\t\t\t\t\t\t\t\t\t<p>Stredn\u00e1 Eur\u00f3pa: hromni\u010dn\u00e9 sviece, krstn\u00e9 sviece, ve\u013ekono\u010dn\u00e9 sviece. Krstn\u00e1 svieca pod\u013ea \u013eudovej viery sprev\u00e1dza die\u0165a cel\u00fdm \u017eivotom a zapa\u013euje sa v ohrozuj\u00facich situ\u00e1ci\u00e1ch. V niektor\u00fdch regi\u00f3noch krstn\u00e1 svieca horela znovu aj pri smrti \u010dloveka.<\/p>\n<p>\u0160kandin\u00e1via: sviatok sv\u00e4tej Lucie a adventn\u00e9 zvyky sp\u00e1jaj\u00fa svetlo s ochranou v najtemnej\u0161om obdob\u00ed roka. V severskej \u013eudovej trad\u00edcii sa v zime cie\u013eavedome stavali sviece do okien, aby zahnali zl\u00fdch str\u00e1\u017ecov zimy.<\/p>\n<p>V\u00fdchodoeur\u00f3pske trad\u00edcie: v slovanskom a gr\u00e9ckokatol\u00edcko-ortodoxnom \u013eudovom n\u00e1bo\u017eenstve zohr\u00e1vaj\u00fa posv\u00e4ten\u00e9 sviece k\u013e\u00fa\u010dov\u00fa \u00falohu pri lie\u010den\u00ed, exorcizmoch a pohreboch. Svieca vyzna\u010duje hranicu medzi ritu\u00e1lnym priestorom a vonkaj\u0161\u00edm svetom.<\/p>\n<p>Afroamerick\u00e9 synkretizmy: candombl\u00e9, santer\u00eda, vodou a pr\u00edbuzn\u00e9 trad\u00edcie pou\u017e\u00edvaj\u00fa sviece ako hlavn\u00fd prostriedok komunik\u00e1cie s ochrann\u00fdmi duchmi a bo\u017estvami. Prax je vysoko diferencovan\u00e1: farba, d\u013a\u017eka, \u010das zap\u00e1lenia a doprovodn\u00e9 formuly s\u00fa presne k\u00f3dovan\u00e9.<\/p>\n<p>Juhov\u00fdchodn\u00e1 a v\u00fdchodn\u00e1 \u00c1zia: v budhistick\u00fdch chr\u00e1moch juhov\u00fdchodnej \u00c1zie a v taoistick\u00fdch kultov\u00fdch miestach \u010c\u00edny horia sviece a olejov\u00e9 lampy ako znak spojenia s bohmi a predkami. V \u013eudovej viere s\u00fa pova\u017eovan\u00e9 za ochranu proti duchom, ktor\u00ed s\u00fa akt\u00edvni v noci alebo v osobitn\u00fdch d\u0148och.<\/p>\t\t\t\t\t\t\t\t<\/div>\n\t\t\t\t<\/div>\n\t\t\t\t\t<\/div>\n\t\t\t\t<\/div>\n\t\t<div class=\"elementor-element elementor-element-iwgs-schutzkerze-s4 e-flex e-con-boxed e-con e-parent\" data-id=\"iwgs-schutzkerze-s4\" data-element_type=\"container\" data-e-type=\"container\">\n\t\t\t\t\t<div class=\"e-con-inner\">\n\t\t\t\t<div class=\"elementor-element elementor-element-iwgs-schutzkerze-s4h elementor-widget elementor-widget-heading\" data-id=\"iwgs-schutzkerze-s4h\" data-element_type=\"widget\" data-e-type=\"widget\" data-widget_type=\"heading.default\">\n\t\t\t\t\t<h2 class=\"elementor-heading-title elementor-size-default\">Proti \u010domu sa pou\u017e\u00edva<\/h2>\t\t\t\t<\/div>\n\t\t<div class=\"elementor-element elementor-element-iw-schutzkerze-s4-bw e-con-full e-flex e-con e-child\" data-id=\"iw-schutzkerze-s4-bw\" data-element_type=\"container\" data-e-type=\"container\">\n\t\t\t\t<div class=\"elementor-element elementor-element-iwgs-schutzkerze-s4t elementor-widget elementor-widget-text-editor\" data-id=\"iwgs-schutzkerze-s4t\" data-element_type=\"widget\" data-e-type=\"widget\" data-widget_type=\"text-editor.default\">\n\t\t\t\t\t\t\t\t\t<p>Pod\u013ea <span class=\"iwg-fachbegriff\" data-tooltip=\"Odovzd\u00e1vanie vedomost\u00ed a rozpr\u00e1van\u00ed z gener\u00e1cie na gener\u00e1ciu.\" tabindex=\"0\">\u00fastnej trad\u00edcie<\/span> je ochrann\u00e1 svieca zvl\u00e1\u0161\u0165 \u00fa\u010dinn\u00e1 proti ur\u010dit\u00fdm kateg\u00f3ri\u00e1m \u0161kodliv\u00e9ho vplyvu:<\/p>\n<p>Duchovia zosnul\u00fdch, ktor\u00ed lipn\u00fa na miestach alebo osob\u00e1ch. Svieca pri l\u00f4\u017eku chor\u00e9ho alebo umieraj\u00faceho bola v mnoh\u00fdch eur\u00f3pskych regi\u00f3noch pova\u017eovan\u00e1 za ochranu proti tomu, aby \u0161kodliv\u00e9 du\u0161e alebo d\u00e9moni napadli slabn\u00faceho \u010dloveka.<\/p>\n<p>No\u010dn\u00e9 bytosti, teda entity, ktor\u00e9 na svoje p\u00f4sobenie potrebuj\u00fa tmu. V eur\u00f3pskej \u013eudovej trad\u00edcii k nim patria alpy, mary a podobn\u00e9 bytosti, o ktor\u00fdch sa hovor\u00ed, \u017ee sa boja svetla.<\/p>\n<p><span class=\"iwg-fachbegriff\" data-tooltip=\"Roz\u0161\u00edren\u00e1 predstava, \u017ee z\u00e1vistliv\u00fd poh\u013ead inej osoby m\u00f4\u017ee sp\u00f4sobi\u0165 \u0161kodu.\" tabindex=\"0\">Zl\u00e9 oko<\/span> a p\u00f4sobenie z\u00e1visti. V stredomorsk\u00fdch, bl\u00edzkov\u00fdchodn\u00fdch a latinskoamerick\u00fdch trad\u00edci\u00e1ch sa svieca pou\u017e\u00edva ako ochrana proti zl\u00e9mu oku, \u010dasto v kombin\u00e1cii s in\u00fdmi ochrann\u00fdmi prostriedkami.<\/p>\n<p>V\u0161eobecn\u00e9 \u0161kodliv\u00e9 \u010dary. V \u013eudovomagickej praxi sa svieca zapa\u013euje, aby sa priestor zbavil ulipnutej zlej energie, sk\u00f4r ne\u017e sa pou\u017eij\u00fa in\u00e9 ochrann\u00e9 prostriedky.<\/p>\n<p>Pre konkr\u00e9tne prepojenia s bytos\u0165ami z lexik\u00f3nu odkazuje <a href=\"https:\/\/iwell-guard.com\/sk\/schutz-kompas\/\">Kompas ochrany<\/a> na pr\u00edslu\u0161n\u00e9 s\u00favislosti.<\/p>\t\t\t\t\t\t\t\t<\/div>\n\t\t\t\t<\/div>\n\t\t\t\t\t<\/div>\n\t\t\t\t<\/div>\n\t\t<div class=\"elementor-element elementor-element-iwgs-schutzkerze-s5 e-flex e-con-boxed e-con e-parent\" data-id=\"iwgs-schutzkerze-s5\" data-element_type=\"container\" data-e-type=\"container\">\n\t\t\t\t\t<div class=\"e-con-inner\">\n\t\t\t\t<div class=\"elementor-element elementor-element-iwgs-schutzkerze-s5h elementor-widget elementor-widget-heading\" data-id=\"iwgs-schutzkerze-s5h\" data-element_type=\"widget\" data-e-type=\"widget\" data-widget_type=\"heading.default\">\n\t\t\t\t\t<h2 class=\"elementor-heading-title elementor-size-default\">Pou\u017eitie a limity<\/h2>\t\t\t\t<\/div>\n\t\t<div class=\"elementor-element elementor-element-iw-schutzkerze-s5-bw e-con-full e-flex e-con e-child\" data-id=\"iw-schutzkerze-s5-bw\" data-element_type=\"container\" data-e-type=\"container\">\n\t\t\t\t<div class=\"elementor-element elementor-element-iwgs-schutzkerze-s5t elementor-widget elementor-widget-text-editor\" data-id=\"iwgs-schutzkerze-s5t\" data-element_type=\"widget\" data-e-type=\"widget\" data-widget_type=\"text-editor.default\">\n\t\t\t\t\t\t\t\t\t<p><span class=\"iwg-fachbegriff\" data-tooltip=\"Odovzd\u00e1vanie vedomost\u00ed a rozpr\u00e1van\u00ed z gener\u00e1cie na gener\u00e1ciu.\" tabindex=\"0\">\u00dastna trad\u00edcia<\/span> odpor\u00fa\u010da vedom\u00e9 pou\u017e\u00edvanie svieca v ur\u010dit\u00fdch \u010dasoch a na ur\u010dit\u00fdch miestach: pri vstupe do domu, pri l\u00f4\u017eku, na <span class=\"iwg-fachbegriff\" data-tooltip=\"Vyv\u00fd\u0161en\u00e9 miesto alebo st\u00f4l na obete a n\u00e1bo\u017eensk\u00e9 \u00fakony.\" tabindex=\"0\">olt\u00e1ri<\/span>, na prahu.<\/p><p>Pod\u013ea v\u00e4\u010d\u0161iny trad\u00edci\u00ed by mala svieca, ktor\u00e1 bola zap\u00e1len\u00e1 na ochrann\u00e9 \u00fa\u010dely, dohorie\u0165 cel\u00e1. Sf\u00faknu\u0165 ju sa na mnoh\u00fdch miestach pova\u017euje za ne\u00factiv\u00e9 vo\u010di zap\u00e1lenej ochrane; spr\u00e1vne je necha\u0165 ju uhasn\u00fa\u0165 alebo zahasi\u0165 ju stla\u010den\u00edm.<\/p>\n<p>Hranice spo\u010d\u00edvaj\u00fa v \u010dasovom obmedzen\u00ed dan\u00e9ho horen\u00edm. Svieca, ktor\u00e1 vyhasla, u\u017e nechr\u00e1ni.<\/p><p>Viacer\u00e9 trad\u00edcie popisuj\u00fa n\u00e1hle uhasnutie bez prievanu ako znamenie, \u017ee ochrann\u00e1 sila bola nie\u010d\u00edm vy\u010derpan\u00e1 alebo \u017ee hrozba bola obzvl\u00e1\u0161\u0165 siln\u00e1. \u010ci sa to vyklad\u00e1 ako \u00faspech, alebo ako varovanie, z\u00e1vis\u00ed od konkr\u00e9tneho kontextu.<\/p>\n<p>Nie v\u0161etky \u0161kodliv\u00e9 vplyvy sa pova\u017euj\u00fa za citliv\u00e9 na svetlo. Bytosti sp\u00e1jan\u00e9 s oh\u0148om alebo intenz\u00edvnym svetlom sa svetlom sviece nedaj\u00fa odohna\u0165. A \u00fa\u010dinok posv\u00e4ten\u00fdch sviec je v <span class=\"iwg-fachbegriff\" data-tooltip=\"Odovzd\u00e1vanie vedomost\u00ed a rozpr\u00e1van\u00ed z gener\u00e1cie na gener\u00e1ciu.\" tabindex=\"0\">\u00fastnej trad\u00edcii<\/span> hodnoten\u00fd vy\u0161\u0161ie ne\u017e \u00fa\u010dinok t\u00fdch neposv\u00e4ten\u00fdch: <span class=\"iwg-fachbegriff\" data-tooltip=\"Udelenie po\u017eehnania a ochrany, \u010dasto v pevnej jazykovej forme.\" tabindex=\"0\">po\u017eehnanie<\/span> sa pova\u017euje za zosil\u0148uj\u00facu pr\u00edsadu.<\/p>\t\t\t\t\t\t\t\t<\/div>\n\t\t\t\t<\/div>\n\t\t\t\t\t<\/div>\n\t\t\t\t<\/div>\n\t\t<div class=\"elementor-element elementor-element-iwgs-schutzkerze-lit e-flex e-con-boxed e-con e-parent\" data-id=\"iwgs-schutzkerze-lit\" data-element_type=\"container\" data-e-type=\"container\">\n\t\t\t\t\t<div class=\"e-con-inner\">\n\t\t\t\t<div class=\"elementor-element elementor-element-iwgs-schutzkerze-lith elementor-widget elementor-widget-heading\" data-id=\"iwgs-schutzkerze-lith\" data-element_type=\"widget\" data-e-type=\"widget\" data-widget_type=\"heading.default\">\n\t\t\t\t\t<h2 class=\"elementor-heading-title elementor-size-default\">Literat\u00fara (v\u00fdber)<\/h2>\t\t\t\t<\/div>\n\t\t<div class=\"elementor-element elementor-element-iw-schutzkerze-lit-bw e-con-full e-flex e-con e-child\" data-id=\"iw-schutzkerze-lit-bw\" data-element_type=\"container\" data-e-type=\"container\">\n\t\t\t\t<div class=\"elementor-element elementor-element-iwgs-schutzkerze-litt elementor-widget elementor-widget-html\" data-id=\"iwgs-schutzkerze-litt\" data-element_type=\"widget\" data-e-type=\"widget\" data-widget_type=\"html.default\">\n\t\t\t\t\t<footer data-nosnippet=\"true\"><ul><li>Handw\u00f6rterbuch des deutschen Aberglaubens, vyd. Hanns B\u00e4chtold-St\u00e4ubli, \u010dl\u00e1nky \u201eKerze\u201c a \u201eLicht\u201c, Berl\u00edn\/Lipsko 1931\/32.<\/li><li>Lurker, Manfred: W\u00f6rterbuch der Symbolik. Stuttgart 1988.<\/li><li>P\u00f3cs, \u00c9va: Between the Living and the Dead. Budape\u0161\u0165 1999.<\/li><li>Bastide, Roger: The African Religions of Brazil. Baltimore 1978.<\/li><li>Trachtenberg, Joshua: Jewish Magic and Superstition. New York 1939.<\/li><\/ul><\/footer>\t\t\t\t<\/div>\n\t\t\t\t<\/div>\n\t\t\t\t\t<\/div>\n\t\t\t\t<\/div>\n\t\t<div class=\"elementor-element elementor-element-iwgs-schutzkerze-kwd e-flex e-con-boxed e-con e-parent\" data-id=\"iwgs-schutzkerze-kwd\" data-element_type=\"container\" data-e-type=\"container\">\n\t\t\t\t\t<div class=\"e-con-inner\">\n\t\t<div class=\"elementor-element elementor-element-iw-schutzkerze-kwd-bw e-con-full e-flex e-con e-child\" data-id=\"iw-schutzkerze-kwd-bw\" data-element_type=\"container\" data-e-type=\"container\">\n\t\t\t\t<div class=\"elementor-element elementor-element-iwgs-schutzkerze-kwdt elementor-widget elementor-widget-text-editor\" data-id=\"iwgs-schutzkerze-kwdt\" data-element_type=\"widget\" data-e-type=\"widget\" data-widget_type=\"text-editor.default\">\n\t\t\t\t\t\t\t\t\t<p><em>S\u00favisiace k\u013e\u00fa\u010dov\u00e9 pojmy: ochrann\u00e1 svieca svieca ochrana sveteln\u00fd ritu\u00e1l posv\u00e4ten\u00e1.<\/em><\/p>\t\t\t\t\t\t\t\t<\/div>\n\t\t\t\t<\/div>\n\t\t\t\t\t<\/div>\n\t\t\t\t<\/div>\n\t\t<div class=\"elementor-element elementor-element-iwgs-schutzkerze-cc e-flex e-con-boxed e-con e-parent\" data-id=\"iwgs-schutzkerze-cc\" data-element_type=\"container\" data-e-type=\"container\" id=\"iwg-cc-schutzkerze\">\n\t\t\t\t\t<div class=\"e-con-inner\">\n\t\t<div class=\"elementor-element elementor-element-iwgs-schutzkerze-ccinner e-flex e-con-boxed e-con e-parent\" data-id=\"iwgs-schutzkerze-ccinner\" data-element_type=\"container\" data-e-type=\"container\" data-settings=\"{&quot;background_background&quot;:&quot;classic&quot;}\">\n\t\t\t\t\t<div class=\"e-con-inner\">\n\t\t\t\t<div class=\"elementor-element elementor-element-iwgs-schutzkerze-cch elementor-widget elementor-widget-heading\" data-id=\"iwgs-schutzkerze-cch\" data-element_type=\"widget\" data-e-type=\"widget\" data-widget_type=\"heading.default\">\n\t\t\t\t\t<h2 class=\"elementor-heading-title elementor-size-default\">iWell Guard a ochrann\u00e9 trad\u00edcie<\/h2>\t\t\t\t<\/div>\n\t\t\t\t<div class=\"elementor-element elementor-element-iwgs-schutzkerze-cct elementor-widget elementor-widget-text-editor\" data-id=\"iwgs-schutzkerze-cct\" data-element_type=\"widget\" data-e-type=\"widget\" data-widget_type=\"text-editor.default\">\n\t\t\t\t\t\t\t\t\t<p>Svieca ako ochrann\u00fd prostriedok steles\u0148uje princ\u00edp, ktor\u00fd kult\u00fary objavili nez\u00e1visle od seba: vedome zap\u00e1len\u00e9 svetlo ako znak vzdoru vo\u010di nezn\u00e1memu.<\/p><p>Od hromni\u010dnej svieca v alpskej oblasti a\u017e po ritu\u00e1lnu sviecu v afroamerick\u00fdch trad\u00edci\u00e1ch si zap\u00e1lenie vy\u017eaduje z\u00e1mer a s\u00fastredenie. <a href=\"https:\/\/iwell-guard.com\/sk\/ochranny-privesok-iwell-guard-kupit\/\">iWell Guard<\/a> nesie t\u00fato synt\u00e9zu rozli\u010dn\u00fdch ochrann\u00fdch trad\u00edci\u00ed ako predmet nosen\u00fd na tele a sprev\u00e1dza svojho nosite\u013ea aj vtedy, ke\u010f nehor\u00ed \u017eiadny plame\u0148.<\/p>\t\t\t\t\t\t\t\t<\/div>\n\t\t\t\t<div class=\"elementor-element elementor-element-iwgs-schutzkerze-ccb iwg-cc-button iwg-cc-cta-2026-05-13 elementor-widget elementor-widget-jet-button\" data-id=\"iwgs-schutzkerze-ccb\" data-element_type=\"widget\" data-e-type=\"widget\" data-widget_type=\"jet-button.default\">\n\t\t\t\t<div class=\"elementor-widget-container\">\n\t\t\t\t\t<div class=\"elementor-jet-button jet-elements\"><div class=\"jet-button__container\"><a class=\"jet-button__instance jet-button__instance--icon-left hover-effect-1\" href=\"\/schutzanhaenger-iwell-guard-kaufen\/?utm_source=iwell-guard.com&amp;utm_medium=info-box&amp;utm_campaign=schutzsymbole\"><div class=\"jet-button__plane jet-button__plane-normal\"><\/div><div class=\"jet-button__plane jet-button__plane-hover\"><\/div><div class=\"jet-button__state jet-button__state-normal\"><span class=\"jet-button__label\">Viac o iWell Guard<\/span><\/div><div class=\"jet-button__state jet-button__state-hover\"><span class=\"jet-button__label\">Viac o iWell Guard<\/span><\/div><\/a><\/div><\/div><style>.elementor-element.elementor-element-iwgs-schutzkerze-ccb .jet-button__instance{width:320px;height:56px;}.elementor-element.elementor-element-iwgs-schutzkerze-ccb .jet-button__state-normal .jet-button__label{text-align:center;margin:0px 0px 0px 0px;color:#1a1b20;font-family:Montserrat,sans-serif;font-size:13px;font-weight:400;letter-spacing:4px;line-height:1.714em;text-transform:uppercase;}.elementor-element.elementor-element-iwgs-schutzkerze-ccb .jet-button__state-hover .jet-button__label{text-align:center;margin:0px 0px 0px 0px;color:#FECC76;font-family:Montserrat,sans-serif;font-size:13px;font-weight:400;letter-spacing:4px;line-height:1.714em;text-transform:uppercase;}.elementor-element.elementor-element-iwgs-schutzkerze-ccb .jet-button__plane-normal{background-color:#FECC76;border-style:solid;border-color:#C99540;border-width:2px 2px 2px 2px;}.elementor-element.elementor-element-iwgs-schutzkerze-ccb .jet-button__plane-hover{background-color:rgba(0,0,0,0.55);border-style:solid;border-color:#FECC76;border-width:2px 2px 2px 2px;}<\/style>\t\t\t\t<\/div>\n\t\t\t\t<\/div>\n\t\t\t\t<div class=\"elementor-element elementor-element-iwgs-schutzkerze-ccd elementor-widget elementor-widget-text-editor\" data-id=\"iwgs-schutzkerze-ccd\" data-element_type=\"widget\" data-e-type=\"widget\" data-widget_type=\"text-editor.default\">\n\t\t\t\t\t\t\t\t\t<p style=\"text-align:center;font-size:13px;opacity:0.7;margin-top:14px\" data-nosnippet=\"true\">Osobn\u00e9 sk\u00fasenosti sa m\u00f4\u017eu l\u00ed\u0161i\u0165. Nejde o zdravotn\u00edcku pom\u00f4cku. Nejde o pr\u00eds\u013eub lie\u010denia.<\/p>\t\t\t\t\t\t\t\t<\/div>\n\t\t\t\t\t<\/div>\n\t\t\t\t<\/div>\n\t\t\t\t\t<\/div>\n\t\t\t\t<\/div>\n\t\t<div class=\"elementor-element elementor-element-iwgs-schutzkerze-disc e-flex e-con-boxed e-con e-parent\" data-id=\"iwgs-schutzkerze-disc\" data-element_type=\"container\" data-e-type=\"container\">\n\t\t\t\t\t<div class=\"e-con-inner\">\n\t\t<div class=\"elementor-element elementor-element-iw-schutzkerze-disc-bw e-con-full e-flex e-con e-child\" data-id=\"iw-schutzkerze-disc-bw\" data-element_type=\"container\" data-e-type=\"container\">\n\t\t\t\t<div class=\"elementor-element elementor-element-iwgs-schutzkerze-discw elementor-widget elementor-widget-html\" data-id=\"iwgs-schutzkerze-discw\" data-element_type=\"widget\" data-e-type=\"widget\" data-widget_type=\"html.default\">\n\t\t\t\t\t<footer data-nosnippet=\"true\" class=\"iwg-disclaimer-block\"><p data-nosnippet=\"true\">iWell Guard <strong>nie je zdravotn\u00edcka pom\u00f4cka<\/strong> a nenahr\u00e1dza lek\u00e1rske ani psychoterapeutick\u00e9 lie\u010denie. Tu uveden\u00fd obsah predstavuje religionistick\u00e9 a kult\u00farno-historick\u00e9 zaradenie, nie pr\u00eds\u013eub duchovn\u00e9ho \u00fa\u010dinku.<\/p><\/footer>\t\t\t\t<\/div>\n\t\t\t\t<\/div>\n\t\t\t\t\t<\/div>\n\t\t\t\t<\/div>\n\t\t\t\t<\/div>\n\t\t","protected":false},"excerpt":{"rendered":"","protected":false},"author":3,"featured_media":4128,"parent":0,"menu_order":0,"comment_status":"closed","ping_status":"closed","template":"elementor_header_footer","meta":{"_yoast_wpseo_focuskw":"ochranna svieca","_yoast_wpseo_title":"Ochrann\u00e1 svie\u010dka \u2013 svetlo ako ochrana","_yoast_wpseo_metadesc":"Ochrann\u00e1 svie\u010dka v trad\u00edcii: p\u00f4vod, princ\u00edp \u00fa\u010dinku a medzikult\u00farne pou\u017eitie svie\u010dky ako ritu\u00e1lneho ochrann\u00e9ho prostriedku.","_yoast_wpseo_meta-robots-noindex":"","_yoast_wpseo_canonical":"","_angie_page":false,"gefaehrdungsstufe":"","wesen_kultur":"","wesen_klasse":"","footnotes":""},"categories":[],"class_list":["post-158272","page","type-page","status-publish","has-post-thumbnail","hentry"],"yoast_head":"<!-- This site is optimized with the Yoast SEO Premium plugin v27.7 (Yoast SEO v28.3) - https:\/\/yoast.com\/product\/yoast-seo-premium-wordpress\/ -->\n<title>Ochrann\u00e1 svie\u010dka \u2013 svetlo ako ochrana<\/title>\n<meta name=\"description\" content=\"Ochrann\u00e1 svie\u010dka v trad\u00edcii: p\u00f4vod, princ\u00edp \u00fa\u010dinku a medzikult\u00farne pou\u017eitie svie\u010dky ako ritu\u00e1lneho ochrann\u00e9ho prostriedku.\" \/>\n<meta name=\"robots\" content=\"index, follow, max-snippet:-1, max-image-preview:large, max-video-preview:-1\" \/>\n<link rel=\"canonical\" href=\"https:\/\/iwell-guard.com\/sk\/ochranna-svieca\/\" \/>\n<meta property=\"og:locale\" content=\"sk_SK\" \/>\n<meta property=\"og:type\" content=\"article\" \/>\n<meta property=\"og:title\" content=\"Ochrann\u00e1 svie\u010dka\" \/>\n<meta property=\"og:description\" content=\"Ochrann\u00e1 svie\u010dka v trad\u00edcii: p\u00f4vod, princ\u00edp \u00fa\u010dinku a medzikult\u00farne pou\u017eitie svie\u010dky ako ritu\u00e1lneho ochrann\u00e9ho prostriedku.\" \/>\n<meta property=\"og:url\" content=\"https:\/\/iwell-guard.com\/sk\/ochranna-svieca\/\" \/>\n<meta property=\"og:site_name\" content=\"iWell Guard\" \/>\n<meta property=\"article:modified_time\" content=\"2026-09-04T23:14:06+00:00\" \/>\n<meta property=\"og:image\" content=\"https:\/\/iwell-guard.com\/wp-content\/uploads\/2026\/05\/schutzsymbol_universell_schutzkerze.png\" \/>\n\t<meta property=\"og:image:width\" content=\"1024\" \/>\n\t<meta property=\"og:image:height\" content=\"1536\" \/>\n\t<meta property=\"og:image:type\" content=\"image\/png\" \/>\n<meta name=\"twitter:card\" content=\"summary_large_image\" \/>\n<script type=\"application\/ld+json\" class=\"yoast-schema-graph\">{\"@context\":\"https:\\\/\\\/schema.org\",\"@graph\":[{\"@type\":\"WebPage\",\"@id\":\"https:\\\/\\\/iwell-guard.com\\\/sk\\\/ochranna-svieca\\\/\",\"url\":\"https:\\\/\\\/iwell-guard.com\\\/sk\\\/ochranna-svieca\\\/\",\"name\":\"Ochrann\u00e1 svie\u010dka \u2013 svetlo ako ochrana\",\"isPartOf\":{\"@id\":\"https:\\\/\\\/iwell-guard.com\\\/sk\\\/#website\"},\"primaryImageOfPage\":{\"@id\":\"https:\\\/\\\/iwell-guard.com\\\/sk\\\/ochranna-svieca\\\/#primaryimage\"},\"image\":{\"@id\":\"https:\\\/\\\/iwell-guard.com\\\/sk\\\/ochranna-svieca\\\/#primaryimage\"},\"thumbnailUrl\":\"https:\\\/\\\/iwell-guard.com\\\/wp-content\\\/uploads\\\/2026\\\/05\\\/schutzsymbol_universell_schutzkerze.png\",\"datePublished\":\"2026-09-04T22:24:56+00:00\",\"dateModified\":\"2026-09-04T23:14:06+00:00\",\"description\":\"Ochrann\u00e1 svie\u010dka v trad\u00edcii: p\u00f4vod, princ\u00edp \u00fa\u010dinku a medzikult\u00farne pou\u017eitie svie\u010dky ako ritu\u00e1lneho ochrann\u00e9ho prostriedku.\",\"breadcrumb\":{\"@id\":\"https:\\\/\\\/iwell-guard.com\\\/sk\\\/ochranna-svieca\\\/#breadcrumb\"},\"inLanguage\":\"sk-SK\",\"potentialAction\":[{\"@type\":\"ReadAction\",\"target\":[\"https:\\\/\\\/iwell-guard.com\\\/sk\\\/ochranna-svieca\\\/\"]}]},{\"@type\":\"ImageObject\",\"inLanguage\":\"sk-SK\",\"@id\":\"https:\\\/\\\/iwell-guard.com\\\/sk\\\/ochranna-svieca\\\/#primaryimage\",\"url\":\"https:\\\/\\\/iwell-guard.com\\\/wp-content\\\/uploads\\\/2026\\\/05\\\/schutzsymbol_universell_schutzkerze.png\",\"contentUrl\":\"https:\\\/\\\/iwell-guard.com\\\/wp-content\\\/uploads\\\/2026\\\/05\\\/schutzsymbol_universell_schutzkerze.png\",\"width\":1024,\"height\":1536,\"caption\":\"Ochrann\u00e1 svieca \u2013 svetlo proti temn\u00fdm vplyvom, historicko-ilustra\u010dn\u00e9\"},{\"@type\":\"BreadcrumbList\",\"@id\":\"https:\\\/\\\/iwell-guard.com\\\/sk\\\/ochranna-svieca\\\/#breadcrumb\",\"itemListElement\":[{\"@type\":\"ListItem\",\"position\":1,\"name\":\"Start\",\"item\":\"https:\\\/\\\/iwell-guard.com\\\/sk\\\/?page_id=157572\"},{\"@type\":\"ListItem\",\"position\":2,\"name\":\"Ochrann\u00e1 svie\u010dka\"}]},{\"@type\":\"WebSite\",\"@id\":\"https:\\\/\\\/iwell-guard.com\\\/sk\\\/#website\",\"url\":\"https:\\\/\\\/iwell-guard.com\\\/sk\\\/\",\"name\":\"iWell Guard\",\"description\":\"Schutz vor dunklen Einfl\u00fcssen\",\"publisher\":{\"@id\":\"https:\\\/\\\/iwell-guard.com\\\/sk\\\/#organization\"},\"potentialAction\":[{\"@type\":\"SearchAction\",\"target\":{\"@type\":\"EntryPoint\",\"urlTemplate\":\"https:\\\/\\\/iwell-guard.com\\\/sk\\\/?s={search_term_string}\"},\"query-input\":{\"@type\":\"PropertyValueSpecification\",\"valueRequired\":true,\"valueName\":\"search_term_string\"}}],\"inLanguage\":\"sk-SK\"},{\"@type\":\"Organization\",\"@id\":\"https:\\\/\\\/iwell-guard.com\\\/sk\\\/#organization\",\"name\":\"Ittermann electronic GmbH\",\"url\":\"https:\\\/\\\/iwell-guard.com\\\/sk\\\/\",\"logo\":{\"@type\":\"ImageObject\",\"inLanguage\":\"sk-SK\",\"@id\":\"https:\\\/\\\/iwell-guard.com\\\/sk\\\/#\\\/schema\\\/logo\\\/image\\\/\",\"url\":\"https:\\\/\\\/iwell-guard.com\\\/wp-content\\\/uploads\\\/2026\\\/05\\\/Ittermann-Logo-1182x237-1.png\",\"contentUrl\":\"https:\\\/\\\/iwell-guard.com\\\/wp-content\\\/uploads\\\/2026\\\/05\\\/Ittermann-Logo-1182x237-1.png\",\"width\":1182,\"height\":237,\"caption\":\"Ittermann electronic GmbH\"},\"image\":{\"@id\":\"https:\\\/\\\/iwell-guard.com\\\/sk\\\/#\\\/schema\\\/logo\\\/image\\\/\"},\"sameAs\":[\"https:\\\/\\\/pantip.com\\\/profile\\\/9367242\",\"https:\\\/\\\/micro.blog\\\/iwellguard\",\"https:\\\/\\\/www.diggerslist.com\\\/iwellguard\\\/about\",\"https:\\\/\\\/skitterphoto.com\\\/photographers\\\/2870314\\\/iwell-guard\",\"https:\\\/\\\/iwellguard.wordpress.com\\\/2026\\\/06\\\/06\\\/iwell-guard\\\/\",\"https:\\\/\\\/hub.docker.com\\\/u\\\/iwellguard\",\"https:\\\/\\\/www.pinterest.com\\\/iwellguard\\\/\",\"https:\\\/\\\/bit.ly\\\/m\\\/iwellguard\",\"https:\\\/\\\/entre-vos-mains.alsace.eu\\\/profiles\\\/iwellguard\\\/activity\",\"https:\\\/\\\/gravatar.com\\\/reallybeded8fd34\",\"https:\\\/\\\/naijamatta.com\\\/iwellguard\",\"https:\\\/\\\/www.goodreads.com\\\/iwellguard\",\"https:\\\/\\\/profile.hatena.ne.jp\\\/iwellguard\\\/\",\"https:\\\/\\\/experiment.com\\\/users\\\/iwellguard\",\"https:\\\/\\\/wakelet.com\\\/@iWellGuard82270\",\"https:\\\/\\\/www.chordie.com\\\/forum\\\/profile.php?id=2555664\",\"https:\\\/\\\/www.instapaper.com\\\/p\\\/17757966\",\"https:\\\/\\\/www.mapleprimes.com\\\/users\\\/iwellguard\",\"https:\\\/\\\/businesslistingplus.com\\\/profile\\\/iwell-guard\\\/\",\"https:\\\/\\\/telegra.ph\\\/iWell-Guard-06-06\",\"https:\\\/\\\/pbase.com\\\/iwellguard\\\/iwellguard\",\"https:\\\/\\\/b.hatena.ne.jp\\\/iwellguard\\\/20260607#bookmark-4788405196491818882\",\"https:\\\/\\\/fliphtml5.com\\\/home\\\/iwellguard\",\"https:\\\/\\\/anyflip.com\\\/homepage\\\/cmiwl#About\",\"https:\\\/\\\/transfur.com\\\/Users\\\/iwellguard\",\"http:\\\/\\\/delphi.larsbo.org\\\/user\\\/iwellguard\",\"https:\\\/\\\/jobs.lajobsportal.org\\\/profiles\\\/8380803-iwell-guard\",\"https:\\\/\\\/md.chaosdorf.de\\\/s\\\/jfbe5SBdJD\",\"https:\\\/\\\/www.lingvolive.com\\\/en-us\\\/profile\\\/9ecaeaca-ce11-4e51-9e71-01d55e2bff36\\\/translations\",\"https:\\\/\\\/www.fitday.com\\\/fitness\\\/forums\\\/members\\\/iwellguard.html\",\"https:\\\/\\\/www.mymeetbook.com\\\/iwellguard\",\"https:\\\/\\\/pxhere.com\\\/en\\\/photographer-me\\\/5040798\",\"https:\\\/\\\/disqus.com\\\/by\\\/iwellguard\\\/about\\\/\",\"https:\\\/\\\/pastelink.net\\\/hjwciqwq\",\"https:\\\/\\\/pubhtml5.com\\\/homepage\\\/scjhn\\\/\",\"https:\\\/\\\/www.bitchute.com\\\/channel\\\/2O2eOKzNqujT\",\"https:\\\/\\\/audiomack.com\\\/iwellguard\"]}]}<\/script>\n<!-- \/ Yoast SEO Premium plugin. -->","yoast_head_json":{"title":"Ochrann\u00e1 svie\u010dka \u2013 svetlo ako ochrana","description":"Ochrann\u00e1 svie\u010dka v trad\u00edcii: p\u00f4vod, princ\u00edp \u00fa\u010dinku a medzikult\u00farne pou\u017eitie svie\u010dky ako ritu\u00e1lneho ochrann\u00e9ho prostriedku.","robots":{"index":"index","follow":"follow","max-snippet":"max-snippet:-1","max-image-preview":"max-image-preview:large","max-video-preview":"max-video-preview:-1"},"canonical":"https:\/\/iwell-guard.com\/sk\/ochranna-svieca\/","og_locale":"sk_SK","og_type":"article","og_title":"Ochrann\u00e1 svie\u010dka","og_description":"Ochrann\u00e1 svie\u010dka v trad\u00edcii: p\u00f4vod, princ\u00edp \u00fa\u010dinku a medzikult\u00farne pou\u017eitie svie\u010dky ako ritu\u00e1lneho ochrann\u00e9ho prostriedku.","og_url":"https:\/\/iwell-guard.com\/sk\/ochranna-svieca\/","og_site_name":"iWell Guard","article_modified_time":"2026-09-04T23:14:06+00:00","og_image":[{"width":1024,"height":1536,"url":"https:\/\/iwell-guard.com\/wp-content\/uploads\/2026\/05\/schutzsymbol_universell_schutzkerze.png","type":"image\/png"}],"twitter_card":"summary_large_image","schema":{"@context":"https:\/\/schema.org","@graph":[{"@type":"WebPage","@id":"https:\/\/iwell-guard.com\/sk\/ochranna-svieca\/","url":"https:\/\/iwell-guard.com\/sk\/ochranna-svieca\/","name":"Ochrann\u00e1 svie\u010dka \u2013 svetlo ako ochrana","isPartOf":{"@id":"https:\/\/iwell-guard.com\/sk\/#website"},"primaryImageOfPage":{"@id":"https:\/\/iwell-guard.com\/sk\/ochranna-svieca\/#primaryimage"},"image":{"@id":"https:\/\/iwell-guard.com\/sk\/ochranna-svieca\/#primaryimage"},"thumbnailUrl":"https:\/\/iwell-guard.com\/wp-content\/uploads\/2026\/05\/schutzsymbol_universell_schutzkerze.png","datePublished":"2026-09-04T22:24:56+00:00","dateModified":"2026-09-04T23:14:06+00:00","description":"Ochrann\u00e1 svie\u010dka v trad\u00edcii: p\u00f4vod, princ\u00edp \u00fa\u010dinku a medzikult\u00farne pou\u017eitie svie\u010dky ako ritu\u00e1lneho ochrann\u00e9ho prostriedku.","breadcrumb":{"@id":"https:\/\/iwell-guard.com\/sk\/ochranna-svieca\/#breadcrumb"},"inLanguage":"sk-SK","potentialAction":[{"@type":"ReadAction","target":["https:\/\/iwell-guard.com\/sk\/ochranna-svieca\/"]}]},{"@type":"ImageObject","inLanguage":"sk-SK","@id":"https:\/\/iwell-guard.com\/sk\/ochranna-svieca\/#primaryimage","url":"https:\/\/iwell-guard.com\/wp-content\/uploads\/2026\/05\/schutzsymbol_universell_schutzkerze.png","contentUrl":"https:\/\/iwell-guard.com\/wp-content\/uploads\/2026\/05\/schutzsymbol_universell_schutzkerze.png","width":1024,"height":1536,"caption":"Ochrann\u00e1 svieca \u2013 svetlo proti temn\u00fdm vplyvom, historicko-ilustra\u010dn\u00e9"},{"@type":"BreadcrumbList","@id":"https:\/\/iwell-guard.com\/sk\/ochranna-svieca\/#breadcrumb","itemListElement":[{"@type":"ListItem","position":1,"name":"Start","item":"https:\/\/iwell-guard.com\/sk\/?page_id=157572"},{"@type":"ListItem","position":2,"name":"Ochrann\u00e1 svie\u010dka"}]},{"@type":"WebSite","@id":"https:\/\/iwell-guard.com\/sk\/#website","url":"https:\/\/iwell-guard.com\/sk\/","name":"iWell Guard","description":"Schutz vor dunklen Einfl\u00fcssen","publisher":{"@id":"https:\/\/iwell-guard.com\/sk\/#organization"},"potentialAction":[{"@type":"SearchAction","target":{"@type":"EntryPoint","urlTemplate":"https:\/\/iwell-guard.com\/sk\/?s={search_term_string}"},"query-input":{"@type":"PropertyValueSpecification","valueRequired":true,"valueName":"search_term_string"}}],"inLanguage":"sk-SK"},{"@type":"Organization","@id":"https:\/\/iwell-guard.com\/sk\/#organization","name":"Ittermann electronic GmbH","url":"https:\/\/iwell-guard.com\/sk\/","logo":{"@type":"ImageObject","inLanguage":"sk-SK","@id":"https:\/\/iwell-guard.com\/sk\/#\/schema\/logo\/image\/","url":"https:\/\/iwell-guard.com\/wp-content\/uploads\/2026\/05\/Ittermann-Logo-1182x237-1.png","contentUrl":"https:\/\/iwell-guard.com\/wp-content\/uploads\/2026\/05\/Ittermann-Logo-1182x237-1.png","width":1182,"height":237,"caption":"Ittermann electronic GmbH"},"image":{"@id":"https:\/\/iwell-guard.com\/sk\/#\/schema\/logo\/image\/"},"sameAs":["https:\/\/pantip.com\/profile\/9367242","https:\/\/micro.blog\/iwellguard","https:\/\/www.diggerslist.com\/iwellguard\/about","https:\/\/skitterphoto.com\/photographers\/2870314\/iwell-guard","https:\/\/iwellguard.wordpress.com\/2026\/06\/06\/iwell-guard\/","https:\/\/hub.docker.com\/u\/iwellguard","https:\/\/www.pinterest.com\/iwellguard\/","https:\/\/bit.ly\/m\/iwellguard","https:\/\/entre-vos-mains.alsace.eu\/profiles\/iwellguard\/activity","https:\/\/gravatar.com\/reallybeded8fd34","https:\/\/naijamatta.com\/iwellguard","https:\/\/www.goodreads.com\/iwellguard","https:\/\/profile.hatena.ne.jp\/iwellguard\/","https:\/\/experiment.com\/users\/iwellguard","https:\/\/wakelet.com\/@iWellGuard82270","https:\/\/www.chordie.com\/forum\/profile.php?id=2555664","https:\/\/www.instapaper.com\/p\/17757966","https:\/\/www.mapleprimes.com\/users\/iwellguard","https:\/\/businesslistingplus.com\/profile\/iwell-guard\/","https:\/\/telegra.ph\/iWell-Guard-06-06","https:\/\/pbase.com\/iwellguard\/iwellguard","https:\/\/b.hatena.ne.jp\/iwellguard\/20260607#bookmark-4788405196491818882","https:\/\/fliphtml5.com\/home\/iwellguard","https:\/\/anyflip.com\/homepage\/cmiwl#About","https:\/\/transfur.com\/Users\/iwellguard","http:\/\/delphi.larsbo.org\/user\/iwellguard","https:\/\/jobs.lajobsportal.org\/profiles\/8380803-iwell-guard","https:\/\/md.chaosdorf.de\/s\/jfbe5SBdJD","https:\/\/www.lingvolive.com\/en-us\/profile\/9ecaeaca-ce11-4e51-9e71-01d55e2bff36\/translations","https:\/\/www.fitday.com\/fitness\/forums\/members\/iwellguard.html","https:\/\/www.mymeetbook.com\/iwellguard","https:\/\/pxhere.com\/en\/photographer-me\/5040798","https:\/\/disqus.com\/by\/iwellguard\/about\/","https:\/\/pastelink.net\/hjwciqwq","https:\/\/pubhtml5.com\/homepage\/scjhn\/","https:\/\/www.bitchute.com\/channel\/2O2eOKzNqujT","https:\/\/audiomack.com\/iwellguard"]}]}},"_links":{"self":[{"href":"https:\/\/iwell-guard.com\/sk\/wp-json\/wp\/v2\/pages\/158272","targetHints":{"allow":["GET"]}}],"collection":[{"href":"https:\/\/iwell-guard.com\/sk\/wp-json\/wp\/v2\/pages"}],"about":[{"href":"https:\/\/iwell-guard.com\/sk\/wp-json\/wp\/v2\/types\/page"}],"author":[{"embeddable":true,"href":"https:\/\/iwell-guard.com\/sk\/wp-json\/wp\/v2\/users\/3"}],"replies":[{"embeddable":true,"href":"https:\/\/iwell-guard.com\/sk\/wp-json\/wp\/v2\/comments?post=158272"}],"version-history":[{"count":0,"href":"https:\/\/iwell-guard.com\/sk\/wp-json\/wp\/v2\/pages\/158272\/revisions"}],"wp:featuredmedia":[{"embeddable":true,"href":"https:\/\/iwell-guard.com\/sk\/wp-json\/wp\/v2\/media\/4128"}],"wp:attachment":[{"href":"https:\/\/iwell-guard.com\/sk\/wp-json\/wp\/v2\/media?parent=158272"}],"wp:term":[{"taxonomy":"category","embeddable":true,"href":"https:\/\/iwell-guard.com\/sk\/wp-json\/wp\/v2\/categories?post=158272"}],"curies":[{"name":"wp","href":"https:\/\/api.w.org\/{rel}","templated":true}]}}